{"id":136894,"date":"2026-09-03T00:10:58","date_gmt":"2026-09-03T00:10:58","guid":{"rendered":"https:\/\/iwell-guard.com\/?page_id=136894"},"modified":"2026-09-03T01:15:00","modified_gmt":"2026-09-03T01:15:00","slug":"baiame-sky-father-sydostaustralien","status":"publish","type":"page","link":"https:\/\/iwell-guard.com\/sv\/baiame-sky-father-sydostaustralien\/","title":{"rendered":"Baiame \u2013 Sky Father hos aboriginerna i syd\u00f6stra Australien"},"content":{"rendered":"\t\t<div data-elementor-type=\"wp-page\" data-elementor-id=\"136894\" class=\"elementor elementor-136894 elementor-2646 elementor-bc-flex-widget\" data-elementor-post-type=\"page\">\n\t\t\t\t<div class=\"elementor-element elementor-element-iwgw-baiame-hero e-flex e-con-boxed e-con e-parent\" data-id=\"iwgw-baiame-hero\" data-element_type=\"container\" data-e-type=\"container\" data-settings=\"{&quot;background_background&quot;:&quot;classic&quot;}\">\n\t\t\t\t\t<div class=\"e-con-inner\">\n\t\t<div class=\"elementor-element elementor-element-iwgw-baiame-hl e-flex e-con-boxed e-con e-child\" data-id=\"iwgw-baiame-hl\" data-element_type=\"container\" data-e-type=\"container\">\n\t\t\t\t\t<div class=\"e-con-inner\">\n\t\t<div class=\"elementor-element elementor-element-iwgw-baiame-htxt e-con-full e-flex e-con e-child\" data-id=\"iwgw-baiame-htxt\" data-element_type=\"container\" data-e-type=\"container\">\n\t\t\t\t<div class=\"elementor-element elementor-element-iwgw-baiame-h1 elementor-widget elementor-widget-heading\" data-id=\"iwgw-baiame-h1\" data-element_type=\"widget\" data-e-type=\"widget\" data-widget_type=\"heading.default\">\n\t\t\t\t\t<h1 class=\"elementor-heading-title elementor-size-default\">Baiame, det h\u00f6gsta v\u00e4sendet hos Wiradjuri och Kamilaroi i syd\u00f6stra Australien<\/h1>\t\t\t\t<\/div>\n\t\t\t\t<div class=\"elementor-element elementor-element-iwgw-baiame-lead elementor-widget elementor-widget-text-editor\" data-id=\"iwgw-baiame-lead\" data-element_type=\"widget\" data-e-type=\"widget\" data-widget_type=\"text-editor.default\">\n\t\t\t\t\t\t\t\t\t<p>Baiame \u00e4r h\u00f6gguden hos flera aboriginska folkgrupper i syd\u00f6stra Australien, bland annat Wiradjuri, Kamilaroi, Euahlayi och Bandjalang. Religionsvetenskapligt tillh\u00f6r han kategorin \u201dSky Fathers\u201d eller \u201dAll-Father\u201d-gestalter, som \u00e4r v\u00e4l belagda i syd\u00f6stra Australien.<\/p>\t\t\t\t\t\t\t\t<\/div>\n\t\t\t\t<\/div>\n\t\t<div class=\"elementor-element elementor-element-iwgw-baiame-pillc e-con-full e-flex e-con e-child\" data-id=\"iwgw-baiame-pillc\" data-element_type=\"container\" data-e-type=\"container\">\n\t\t\t\t<div class=\"elementor-element elementor-element-iwgw-baiame-pills elementor-widget elementor-widget-html\" data-id=\"iwgw-baiame-pills\" data-element_type=\"widget\" data-e-type=\"widget\" data-widget_type=\"html.default\">\n\t\t\t\t\t<div class=\"iwg-pill-row\"><span class=\"iwg-klasse-badge\" tabindex=\"0\" data-tooltip=\"Skapare i traditionen Aboriginal.\">Skapare<\/span><a href=\"https:\/\/iwell-guard.com\/sv\/aboriginal-australien-dreamtime-tjukurpa-skyddsobjekt\/\" class=\"iwg-kultur-badge\" tabindex=\"0\" data-tooltip=\"Mytologi i traditionen Aboriginal.\">Aboriginal<\/a><span class=\"iwg-tradition-badge\" tabindex=\"0\" data-tooltip=\"H\u00f6gguden.\">H\u00f6gguden<\/span><\/div>\t\t\t\t<\/div>\n\t\t\t\t<\/div>\n\t\t<div class=\"elementor-element elementor-element-iwgw-baiame-tocc e-con-full e-flex e-con e-child\" data-id=\"iwgw-baiame-tocc\" data-element_type=\"container\" data-e-type=\"container\">\n\t\t\t\t<div class=\"elementor-element elementor-element-iwgw-baiame-toc elementor-toc--minimized-on-tablet elementor-widget elementor-widget-table-of-contents\" data-id=\"iwgw-baiame-toc\" data-element_type=\"widget\" data-e-type=\"widget\" data-settings=\"{&quot;headings_by_tags&quot;:[&quot;h2&quot;,&quot;h3&quot;],&quot;minimize_box&quot;:&quot;yes&quot;,&quot;marker_view&quot;:&quot;bullets&quot;,&quot;no_headings_message&quot;:&quot;Inga rubriker hittades p\\u00e5 den h\\u00e4r sidan.&quot;,&quot;exclude_headings_by_selector&quot;:[],&quot;icon&quot;:{&quot;value&quot;:&quot;fas fa-circle&quot;,&quot;library&quot;:&quot;fa-solid&quot;,&quot;rendered_tag&quot;:&quot;&lt;svg class=\\&quot;e-font-icon-svg e-fas-circle\\&quot; viewBox=\\&quot;0 0 512 512\\&quot; xmlns=\\&quot;http:\\\/\\\/www.w3.org\\\/2000\\\/svg\\&quot;&gt;&lt;path d=\\&quot;M256 8C119 8 8 119 8 256s111 248 248 248 248-111 248-248S393 8 256 8z\\&quot;&gt;&lt;\\\/path&gt;&lt;\\\/svg&gt;&quot;},&quot;minimized_on&quot;:&quot;tablet&quot;,&quot;hierarchical_view&quot;:&quot;yes&quot;,&quot;min_height&quot;:{&quot;unit&quot;:&quot;px&quot;,&quot;size&quot;:&quot;&quot;,&quot;sizes&quot;:[]},&quot;min_height_tablet&quot;:{&quot;unit&quot;:&quot;px&quot;,&quot;size&quot;:&quot;&quot;,&quot;sizes&quot;:[]},&quot;min_height_mobile&quot;:{&quot;unit&quot;:&quot;px&quot;,&quot;size&quot;:&quot;&quot;,&quot;sizes&quot;:[]}}\" data-widget_type=\"table-of-contents.default\">\n\t\t\t\t\t\t\t\t\t<div class=\"elementor-toc__header\">\n\t\t\t\t\t\t<h2 class=\"elementor-toc__header-title\">\n\t\t\t\tInneh\u00e5llsf\u00f6rteckning\t\t\t<\/h2>\n\t\t\t\t\t\t\t\t\t\t<div class=\"elementor-toc__toggle-button elementor-toc__toggle-button--expand\" role=\"button\" tabindex=\"0\" aria-controls=\"elementor-toc__iwgw-baiame-toc\" aria-expanded=\"true\" aria-label=\"Inhaltsverzeichnis \u00f6ffnen\"><svg aria-hidden=\"true\" class=\"e-font-icon-svg e-fas-chevron-down\" viewBox=\"0 0 448 512\" xmlns=\"http:\/\/www.w3.org\/2000\/svg\"><path d=\"M207.029 381.476L12.686 187.132c-9.373-9.373-9.373-24.569 0-33.941l22.667-22.667c9.357-9.357 24.522-9.375 33.901-.04L224 284.505l154.745-154.021c9.379-9.335 24.544-9.317 33.901.04l22.667 22.667c9.373 9.373 9.373 24.569 0 33.941L240.971 381.476c-9.373 9.372-24.569 9.372-33.942 0z\"><\/path><\/svg><\/div>\n\t\t\t\t<div class=\"elementor-toc__toggle-button elementor-toc__toggle-button--collapse\" role=\"button\" tabindex=\"0\" aria-controls=\"elementor-toc__iwgw-baiame-toc\" aria-expanded=\"true\" aria-label=\"Inhaltsverzeichnis schlie\u00dfen\"><svg aria-hidden=\"true\" class=\"e-font-icon-svg e-fas-chevron-up\" viewBox=\"0 0 448 512\" xmlns=\"http:\/\/www.w3.org\/2000\/svg\"><path d=\"M240.971 130.524l194.343 194.343c9.373 9.373 9.373 24.569 0 33.941l-22.667 22.667c-9.357 9.357-24.522 9.375-33.901.04L224 227.495 69.255 381.516c-9.379 9.335-24.544 9.317-33.901-.04l-22.667-22.667c-9.373-9.373-9.373-24.569 0-33.941L207.03 130.525c9.372-9.373 24.568-9.373 33.941-.001z\"><\/path><\/svg><\/div>\n\t\t\t\t\t<\/div>\n\t\t\t\t<div id=\"elementor-toc__iwgw-baiame-toc\" class=\"elementor-toc__body\">\n\t\t\t<div class=\"elementor-toc__spinner-container\">\n\t\t\t\t<svg class=\"elementor-toc__spinner eicon-animation-spin e-font-icon-svg e-eicon-loading\" aria-hidden=\"true\" viewBox=\"0 0 1000 1000\" xmlns=\"http:\/\/www.w3.org\/2000\/svg\"><path d=\"M500 975V858C696 858 858 696 858 500S696 142 500 142 142 304 142 500H25C25 237 238 25 500 25S975 237 975 500 763 975 500 975Z\"><\/path><\/svg>\t\t\t<\/div>\n\t\t<\/div>\n\t\t\t\t\t\t<\/div>\n\t\t\t\t<\/div>\n\t\t\t\t\t<\/div>\n\t\t\t\t<\/div>\n\t\t<div class=\"elementor-element elementor-element-iwgw-baiame-hr e-con-full e-flex e-con e-child\" data-id=\"iwgw-baiame-hr\" data-element_type=\"container\" data-e-type=\"container\">\n\t\t\t\t<div class=\"elementor-element elementor-element-iwgw-baiame-heroimg iwg-hero-image elementor-widget elementor-widget-image\" data-id=\"iwgw-baiame-heroimg\" data-element_type=\"widget\" data-e-type=\"widget\" data-widget_type=\"image.default\">\n\t\t\t\t\t\t\t\t\t\t\t\t\t\t\t<img fetchpriority=\"high\" decoding=\"async\" width=\"683\" height=\"1024\" src=\"https:\/\/iwell-guard.com\/wp-content\/uploads\/2026\/05\/goetter_aboriginal_baiame-683x1024.webp\" class=\"attachment-large size-large wp-image-2868\" alt=\"Baiame - G\u00f6tter aus der Aboriginal-Tradition, historisch-illustrativ\" srcset=\"https:\/\/iwell-guard.com\/wp-content\/uploads\/2026\/05\/goetter_aboriginal_baiame-683x1024.webp 683w, https:\/\/iwell-guard.com\/wp-content\/uploads\/2026\/05\/goetter_aboriginal_baiame-200x300.webp 200w, https:\/\/iwell-guard.com\/wp-content\/uploads\/2026\/05\/goetter_aboriginal_baiame-768x1152.webp 768w, https:\/\/iwell-guard.com\/wp-content\/uploads\/2026\/05\/goetter_aboriginal_baiame.webp 1024w\" sizes=\"(max-width: 683px) 100vw, 683px\" \/>\t\t\t\t\t\t\t\t\t\t\t\t\t\t\t<\/div>\n\t\t\t\t<\/div>\n\t\t\t\t\t<\/div>\n\t\t\t\t<\/div>\n\t\t<div class=\"elementor-element elementor-element-iwgw-baiame-s0 e-flex e-con-boxed e-con e-parent\" data-id=\"iwgw-baiame-s0\" data-element_type=\"container\" data-e-type=\"container\">\n\t\t\t\t\t<div class=\"e-con-inner\">\n\t\t\t\t<div class=\"elementor-element elementor-element-iwgw-baiame-s0h elementor-widget elementor-widget-heading\" data-id=\"iwgw-baiame-s0h\" data-element_type=\"widget\" data-e-type=\"widget\" data-widget_type=\"heading.default\">\n\t\t\t\t\t<h2 class=\"elementor-heading-title elementor-size-default\">Kontextualisering och kortprofil<\/h2>\t\t\t\t<\/div>\n\t\t<div class=\"elementor-element elementor-element-iwgw-baiame-s0c e-con-full e-flex e-con e-child\" data-id=\"iwgw-baiame-s0c\" data-element_type=\"container\" data-e-type=\"container\">\n\t\t\t\t<div class=\"elementor-element elementor-element-iwgw-baiame-s0t elementor-widget elementor-widget-text-editor\" data-id=\"iwgw-baiame-s0t\" data-element_type=\"widget\" data-e-type=\"widget\" data-widget_type=\"text-editor.default\">\n\t\t\t\t\t\t\t\t\t<p>Baiame (\u00e4ven <em>Biame<\/em>, <em>Baayami<\/em>, <em>Byamee<\/em>) \u00e4r den h\u00f6gst rankade religi\u00f6sa gestalten hos flera aboriginska spr\u00e5kgrupper i syd\u00f6stra Australien, bland annat Wiradjuri, Kamilaroi, Euahlayi (Yuwaalaraay) och Bandjalang. Han tillh\u00f6r den religionsfenomenologiskt dokumenterade kategorin \u201dSky Father\u201d eller \u201dAll-Father\u201d, en beteckning som Alfred Howitt systematiskt inf\u00f6rde i det antropologiska vokabul\u00e4ret 1884.<\/p><p>Inom <a href=\"https:\/\/iwell-guard.com\/sv\/aboriginal-australien-dreamtime-tjukurpa-skyddsobjekt\/\">aboriginernas tradition<\/a> markerar Baiame en s\u00e4rskild niv\u00e5: han \u00e4r ingen f\u00f6rfader som blivit m\u00e4nniska (som m\u00e5nga Dreaming-v\u00e4sen), utan en sj\u00e4lvst\u00e4ndig skapande kraft som i myten s\u00e4tter v\u00e4rldens begynnelse och ger stammens lag.<\/p><p>Wilhelm Schmidt anv\u00e4nde honom i sitt tolvbandsverk <em>Der Ursprung der Gottesidee<\/em> (bd. 3, 1931) som ett paradexempel p\u00e5 en \u201durmonoteism\u201d, vilket forskningen senare kritiskt har omv\u00e4rderat.<\/p><p>Tony Swain varnade i <em>A Place for Strangers<\/em> (Cambridge 1993) f\u00f6r att man inte ska missf\u00f6rst\u00e5 Baiame som en \u201daustralisk kristen Gud\u201d, utan l\u00e4sa honom inom den specifika syd\u00f6staustraliska religionstraditionen. Han \u00e4r ett h\u00f6gt v\u00e4sen, men ingen <span class=\"iwg-fachbegriff\" data-tooltip=\"Tron p\u00e5 en enda gud.\" tabindex=\"0\">monoteism<\/span>-gud.<\/p>\t\t\t\t\t\t\t\t<\/div>\n\t\t\t\t<\/div>\n\t\t\t\t\t<\/div>\n\t\t\t\t<\/div>\n\t\t<div class=\"elementor-element elementor-element-iwgw-baiame-s1 e-flex e-con-boxed e-con e-parent\" data-id=\"iwgw-baiame-s1\" data-element_type=\"container\" data-e-type=\"container\">\n\t\t\t\t\t<div class=\"e-con-inner\">\n\t\t\t\t<div class=\"elementor-element elementor-element-iwgw-baiame-s1h elementor-widget elementor-widget-heading\" data-id=\"iwgw-baiame-s1h\" data-element_type=\"widget\" data-e-type=\"widget\" data-widget_type=\"heading.default\">\n\t\t\t\t\t<h2 class=\"elementor-heading-title elementor-size-default\">Namn och etymologi<\/h2>\t\t\t\t<\/div>\n\t\t<div class=\"elementor-element elementor-element-iwgw-baiame-s1c e-con-full e-flex e-con e-child\" data-id=\"iwgw-baiame-s1c\" data-element_type=\"container\" data-e-type=\"container\">\n\t\t\t\t<div class=\"elementor-element elementor-element-iwgw-baiame-s1t elementor-widget elementor-widget-text-editor\" data-id=\"iwgw-baiame-s1t\" data-element_type=\"widget\" data-e-type=\"widget\" data-widget_type=\"text-editor.default\">\n\t\t\t\t\t\t\t\t\t<p>Etymologin f\u00f6r namnet <em>Baiame<\/em> \u00e4r omtvistad. En traditionell h\u00e4rledning kopplar det till Wiradjuri-ordet <em>biyay<\/em>, \u201dstor\u201d, med personsuffixet <em>-mi<\/em>. En alternativ h\u00e4rledning ger betydelsen \u201dskaparen\u201d. B\u00e5da etymologierna \u00e4r spr\u00e5khistoriskt h\u00e5llbara.<\/p><p>K. Langloh Parker, som i slutet av 1800-talet levde bland Euahlayi och dokumenterade deras religion i <em>Euahlayi Tribe<\/em> (1905), anv\u00e4nde stavningen <em>Byamee<\/em>. Denna stavning har levt kvar i m\u00e5nga texter, men har i dag f\u00e5tt ge vika f\u00f6r den fonetiskt mer exakta formen <em>Baiame<\/em>.<\/p><p>I de olika spr\u00e5kgrupperna varierar namnet n\u00e5got: Wiradjuri <em>Baiame<\/em>, Kamilaroi <em>Baiamai<\/em>, Euahlayi <em>Byamee<\/em>, Bandjalang <em>Bundjalung-Baiame<\/em>. Denna spr\u00e5kliga m\u00e5ngfald visar att Baiame inte \u00e4r en enhetlig gestalt utan en familj av besl\u00e4ktade h\u00f6v\u00e4sen.<\/p>\t\t\t\t\t\t\t\t<\/div>\n\t\t\t\t<\/div>\n\t\t\t\t\t<\/div>\n\t\t\t\t<\/div>\n\t\t<div class=\"elementor-element elementor-element-iwgw-baiame-s2 e-flex e-con-boxed e-con e-parent\" data-id=\"iwgw-baiame-s2\" data-element_type=\"container\" data-e-type=\"container\">\n\t\t\t\t\t<div class=\"e-con-inner\">\n\t\t\t\t<div class=\"elementor-element elementor-element-iwgw-baiame-s2h elementor-widget elementor-widget-heading\" data-id=\"iwgw-baiame-s2h\" data-element_type=\"widget\" data-e-type=\"widget\" data-widget_type=\"heading.default\">\n\t\t\t\t\t<h2 class=\"elementor-heading-title elementor-size-default\">Beskrivning och ikonografi<\/h2>\t\t\t\t<\/div>\n\t\t<div class=\"elementor-element elementor-element-iwgw-baiame-s2c e-con-full e-flex e-con e-child\" data-id=\"iwgw-baiame-s2c\" data-element_type=\"container\" data-e-type=\"container\">\n\t\t\t\t<div class=\"elementor-element elementor-element-iwgw-baiame-s2t elementor-widget elementor-widget-text-editor\" data-id=\"iwgw-baiame-s2t\" data-element_type=\"widget\" data-e-type=\"widget\" data-widget_type=\"text-editor.default\">\n\t\t\t\t\t\t\t\t\t<p>Baiame beskrivs som en stor man med vitt sk\u00e4gg och en mantel av fj\u00e4drar. I vissa traditioner har han utstr\u00e4ckta armar som t\u00e4cker hela landet, i andra rider han i ett himmelskt l\u00e4ger bland stj\u00e4rnorna och betraktar m\u00e4nniskorna.<\/p><p>En s\u00e4rskilt k\u00e4nd h\u00e4llm\u00e5lningsplats \u00e4r Baiame-grottan vid Milbrodale (Wiradjuri-country, New South Wales), d\u00e4r en cirka fem meter bred Baiame-bild med utstr\u00e4ckta armar \u00e4r bevarad. Platsen har varit under aboriginskt skydd sedan 1980 och f\u00f6rvaltas av de traditionella \u00e4garna.<\/p><p>I samtida aboriginsk konst tas Baiame upp i m\u00e5nga Wiradjuri-verk. Konstn\u00e4ren John Patrick (Wiradjuri) och andra har skapat moderna Baiame-avbildningar i akryl och p\u00e5 papper som bygger vidare p\u00e5 den traditionella ikonografin.<\/p>\t\t\t\t\t\t\t\t<\/div>\n\t\t\t\t<\/div>\n\t\t\t\t\t<\/div>\n\t\t\t\t<\/div>\n\t\t<div class=\"elementor-element elementor-element-iwgw-baiame-s3 e-flex e-con-boxed e-con e-parent\" data-id=\"iwgw-baiame-s3\" data-element_type=\"container\" data-e-type=\"container\">\n\t\t\t\t\t<div class=\"e-con-inner\">\n\t\t\t\t<div class=\"elementor-element elementor-element-iwgw-baiame-s3h elementor-widget elementor-widget-heading\" data-id=\"iwgw-baiame-s3h\" data-element_type=\"widget\" data-e-type=\"widget\" data-widget_type=\"heading.default\">\n\t\t\t\t\t<h2 class=\"elementor-heading-title elementor-size-default\">Mytologiska ber\u00e4ttelser<\/h2>\t\t\t\t<\/div>\n\t\t<div class=\"elementor-element elementor-element-iwgw-baiame-s3c e-con-full e-flex e-con e-child\" data-id=\"iwgw-baiame-s3c\" data-element_type=\"container\" data-e-type=\"container\">\n\t\t\t\t<div class=\"elementor-element elementor-element-iwgw-baiame-s3t elementor-widget elementor-widget-text-editor\" data-id=\"iwgw-baiame-s3t\" data-element_type=\"widget\" data-e-type=\"widget\" data-widget_type=\"text-editor.default\">\n\t\t\t\t\t\t\t\t\t<p>Den centrala Baiame-ber\u00e4ttelsen beskriver skapelsen av Wiradjuris v\u00e4rld: under Dreaming-tiden steg Baiame ner fr\u00e5n himlen, formade landskapet, djuren och m\u00e4nniskorna, gav m\u00e4nniskorna stammens lag och steg d\u00e4refter upp till himlen igen, d\u00e4r han sedan dess syns som en stj\u00e4rna eller stj\u00e4rngrupp.<\/p><p>En andra ber\u00e4ttelse beskriver inr\u00e4ttandet av <em>bora<\/em>-initiationsriterna: Baiame visade de f\u00f6rsta m\u00e4nnen bora-platsen, en stor cirkelformad jordring som \u00e4r f\u00f6rbunden med en mindre cirkel via en g\u00e5ngstig. Denna bora-plats \u00e4r \u00e4n i dag sk\u00e5deplats f\u00f6r manlig initiation.<\/p><p>A. W. Howitt lade i <em>The Native Tribes of South-East Australia<\/em> (1904) fram en omfattande samling Baiame-ber\u00e4ttelser fr\u00e5n flera spr\u00e5kgrupper. Denna samling f\u00f6rblir en central prim\u00e4rk\u00e4lla, \u00e4ven om dess utomst\u00e5ende perspektiv i dag betraktas kritiskt.<\/p>\t\t\t\t\t\t\t\t<\/div>\n\t\t\t\t<\/div>\n\t\t\t\t\t<\/div>\n\t\t\t\t<\/div>\n\t\t<div class=\"elementor-element elementor-element-iwgw-baiame-s4 e-flex e-con-boxed e-con e-parent\" data-id=\"iwgw-baiame-s4\" data-element_type=\"container\" data-e-type=\"container\">\n\t\t\t\t\t<div class=\"e-con-inner\">\n\t\t\t\t<div class=\"elementor-element elementor-element-iwgw-baiame-s4h elementor-widget elementor-widget-heading\" data-id=\"iwgw-baiame-s4h\" data-element_type=\"widget\" data-e-type=\"widget\" data-widget_type=\"heading.default\">\n\t\t\t\t\t<h2 class=\"elementor-heading-title elementor-size-default\">Kult och v\u00f6rdnad<\/h2>\t\t\t\t<\/div>\n\t\t<div class=\"elementor-element elementor-element-iwgw-baiame-s4c e-con-full e-flex e-con e-child\" data-id=\"iwgw-baiame-s4c\" data-element_type=\"container\" data-e-type=\"container\">\n\t\t\t\t<div class=\"elementor-element elementor-element-iwgw-baiame-s4t elementor-widget elementor-widget-text-editor\" data-id=\"iwgw-baiame-s4t\" data-element_type=\"widget\" data-e-type=\"widget\" data-widget_type=\"text-editor.default\">\n\t\t\t\t\t\t\t\t\t<p>Den centrala <span class=\"iwg-fachbegriff\" data-tooltip=\"Summan av religi\u00f6sa v\u00f6rdnadshandlingar f\u00f6r en gudomlighet eller helig gestalt.\" tabindex=\"0\">kulten<\/span> kring Baiame var <em>bora<\/em>&#8211;<span class=\"iwg-fachbegriff\" data-tooltip=\"Rituell \u00f6verg\u00e5ng genom vilken n\u00e5gon tas upp i en ny status eller gemenskap.\" tabindex=\"0\">initiationen<\/span>: ett flera veckor l\u00e5ngt <span class=\"iwg-fachbegriff\" data-tooltip=\"En reglerad f\u00f6ljd av symboliska handlingar med religi\u00f6s eller kulturell betydelse.\" tabindex=\"0\">ritual<\/span> d\u00e4r unga m\u00e4n invigdes i stammens religi\u00f6sa hemligheter. Bora-platsen best\u00e5r av tv\u00e5 jordringar f\u00f6rbundna med en g\u00e5ngstig; den st\u00f6rre \u00e4r offentlig, den mindre betr\u00e4ds bara av de invigda och \u00e4ldste.<\/p><p>Under <span class=\"iwg-fachbegriff\" data-tooltip=\"Rituell \u00f6verg\u00e5ng genom vilken n\u00e5gon tas upp i en ny status eller gemenskap.\" tabindex=\"0\">initiationen<\/span> l\u00e4r sig de unga m\u00e4nnen Baiame-s\u00e5nger, ser Baiame-surrbr\u00e4dor (utsmyckade tr\u00e4br\u00e4dor som sv\u00e4ngs genom luften i ett rep och alstrar ett d\u00e5nande ljud) och invigs i den kosmologiska ordningen. Howitt har beskrivit detta <span class=\"iwg-fachbegriff\" data-tooltip=\"En reglerad f\u00f6ljd av symboliska handlingar med religi\u00f6s eller kulturell betydelse.\" tabindex=\"0\">ritual<\/span> i detalj.<\/p><p>Med den europeiska koloniseringen av syd\u00f6stra Australien (1800-talet) avbr\u00f6ts bora-praktiken till stor del. Sedan 1980-talet upplever vissa stamsamfund en f\u00f6rsiktig \u00e5terupplivning; bora-platserna (till exempel vid Brewarrina i NSW) uppskattas p\u00e5 nytt b\u00e5de arkeologiskt och religi\u00f6st.<\/p>\t\t\t\t\t\t\t\t<\/div>\n\t\t\t\t<\/div>\n\t\t\t\t\t<\/div>\n\t\t\t\t<\/div>\n\t\t<div class=\"elementor-element elementor-element-iwgw-baiame-s5 e-flex e-con-boxed e-con e-parent\" data-id=\"iwgw-baiame-s5\" data-element_type=\"container\" data-e-type=\"container\">\n\t\t\t\t\t<div class=\"e-con-inner\">\n\t\t\t\t<div class=\"elementor-element elementor-element-iwgw-baiame-s5h elementor-widget elementor-widget-heading\" data-id=\"iwgw-baiame-s5h\" data-element_type=\"widget\" data-e-type=\"widget\" data-widget_type=\"heading.default\">\n\t\t\t\t\t<h2 class=\"elementor-heading-title elementor-size-default\">Skyddspraxis och apotrop\u00e4iskt<\/h2>\t\t\t\t<\/div>\n\t\t<div class=\"elementor-element elementor-element-iwgw-baiame-s5c e-con-full e-flex e-con e-child\" data-id=\"iwgw-baiame-s5c\" data-element_type=\"container\" data-e-type=\"container\">\n\t\t\t\t<div class=\"elementor-element elementor-element-iwgw-baiame-s5t elementor-widget elementor-widget-text-editor\" data-id=\"iwgw-baiame-s5t\" data-element_type=\"widget\" data-e-type=\"widget\" data-widget_type=\"text-editor.default\">\n\t\t\t\t\t\t\t\t\t<p>Religionsvetenskapligt beskrivet: apotrop\u00e4iska praktiker inom Baiame-komplexet syftar mindre p\u00e5 att avv\u00e4rja skada \u00e4n p\u00e5 att uppr\u00e4tth\u00e5lla den stamordning som Baiame har gett. F\u00f6rbjudet var: brott mot \u00e4ktenskapsreglerna (sl\u00e4ktskapstabun), avsl\u00f6jande av m\u00e4nnens hemligheter, vanhelgande av bora-platserna, d\u00f6dande av totemistiskt besl\u00e4ktade djur utan rituell kontext.<\/p><p>Brott mot dessa regler ans\u00e5gs, inom traditionen, utl\u00f6sa sjukdom och socialt olycka. Ur ett etnografiskt utifr\u00e5nperspektiv utg\u00f6r dessa regler grundstommen i de syd\u00f6staustraliska aboriginska samh\u00e4llena: de reglerar sl\u00e4ktskap, land, djurrelationer och religi\u00f6sa plikter.<\/p><p>Att svinga bullroareren (<em>turndun<\/em>) ans\u00e5gs vara direkt f\u00f6rbundet med Baiame; dess ljud var Baiames r\u00f6st. Kvinnor och oinvigda m\u00e4n fick inte h\u00f6ra den; tabut var strikt och f\u00f6ljdes med stor omsorg.<\/p>\t\t\t\t\t\t\t\t<\/div>\n\t\t\t\t<\/div>\n\t\t\t\t\t<\/div>\n\t\t\t\t<\/div>\n\t\t<div class=\"elementor-element elementor-element-iwgw-baiame-s6 e-flex e-con-boxed e-con e-parent\" data-id=\"iwgw-baiame-s6\" data-element_type=\"container\" data-e-type=\"container\">\n\t\t\t\t\t<div class=\"e-con-inner\">\n\t\t\t\t<div class=\"elementor-element elementor-element-iwgw-baiame-s6h elementor-widget elementor-widget-heading\" data-id=\"iwgw-baiame-s6h\" data-element_type=\"widget\" data-e-type=\"widget\" data-widget_type=\"heading.default\">\n\t\t\t\t\t<h2 class=\"elementor-heading-title elementor-size-default\">Paralleller i andra kulturer<\/h2>\t\t\t\t<\/div>\n\t\t<div class=\"elementor-element elementor-element-iwgw-baiame-s6c e-con-full e-flex e-con e-child\" data-id=\"iwgw-baiame-s6c\" data-element_type=\"container\" data-e-type=\"container\">\n\t\t\t\t<div class=\"elementor-element elementor-element-iwgw-baiame-s6t elementor-widget elementor-widget-text-editor\" data-id=\"iwgw-baiame-s6t\" data-element_type=\"widget\" data-e-type=\"widget\" data-widget_type=\"text-editor.default\">\n\t\t\t\t\t\t\t\t\t<p>Strukturellt j\u00e4mf\u00f6rbara med Baiame \u00e4r: <a href=\"https:\/\/iwell-guard.com\/sv\/bunjil-ornskapare-kulin\/\">Bunjil<\/a> hos kulin-stammarna i Victoria, Daramulun hos vissa grupper i NSW, Nurelli i Murray-omr\u00e5det, Mungan-Ngana hos kurnai. Alla dessa gestalter tillh\u00f6r \u201eAll-Father\u201c-typen, som Howitt beskrev systematiskt 1884.<\/p><p>Utanf\u00f6r den australiska kontexten finns typologiska paralleller: <a href=\"https:\/\/iwell-guard.com\/sv\/tengri-himmelsgud-tengristerna\/\">Tengri<\/a> hos turkarna (en fj\u00e4rran himmelsgud), den vediska Dyaus Pitar, den grekiske Zeus Pater, den nordiska Tyr. Wilhelm Schmidt tolkade dessa paralleller i sitt tolvbandsverk som bel\u00e4gg f\u00f6r en \u201eurmonoteism\u201c, vilket forskningen senare kritiskt reviderade.<\/p><p>Religionsfenomenologiskt h\u00f6r Baiame till klassen <em>deus otiosus<\/em>: en h\u00f6gtst\u00e5ende gudomlig varelse som efter skapelsen drar sig undan fr\u00e5n den direkta dyrkan. Denna position delar han med Tengri, den kinesiske Tian och m\u00e5nga andra h\u00f6gre gudomar v\u00e4rlden \u00f6ver.<\/p>\t\t\t\t\t\t\t\t<\/div>\n\t\t\t\t<\/div>\n\t\t\t\t\t<\/div>\n\t\t\t\t<\/div>\n\t\t<div class=\"elementor-element elementor-element-iwgw-baiame-s7 e-flex e-con-boxed e-con e-parent\" data-id=\"iwgw-baiame-s7\" data-element_type=\"container\" data-e-type=\"container\">\n\t\t\t\t\t<div class=\"e-con-inner\">\n\t\t\t\t<div class=\"elementor-element elementor-element-iwgw-baiame-s7h elementor-widget elementor-widget-heading\" data-id=\"iwgw-baiame-s7h\" data-element_type=\"widget\" data-e-type=\"widget\" data-widget_type=\"heading.default\">\n\t\t\t\t\t<h2 class=\"elementor-heading-title elementor-size-default\">Nutida mottagande och forskning<\/h2>\t\t\t\t<\/div>\n\t\t<div class=\"elementor-element elementor-element-iwgw-baiame-s7c e-con-full e-flex e-con e-child\" data-id=\"iwgw-baiame-s7c\" data-element_type=\"container\" data-e-type=\"container\">\n\t\t\t\t<div class=\"elementor-element elementor-element-iwgw-baiame-s7t elementor-widget elementor-widget-text-editor\" data-id=\"iwgw-baiame-s7t\" data-element_type=\"widget\" data-e-type=\"widget\" data-widget_type=\"text-editor.default\">\n\t\t\t\t\t\t\t\t\t<p>De viktigaste tidiga verken \u00e4r Alfred Howitts <em>The Native Tribes of South-East Australia<\/em> (1904) och K. Langloh Parkers <em>Euahlayi Tribe<\/em> (1905). B\u00e5da verken har metodiska brister ur dagens perspektiv, men \u00e4r omistliga prim\u00e4rk\u00e4llor.<\/p><p>Wilhelm Schmidts <em>Der Ursprung der Gottesidee<\/em> (bd. 3, 1931) anv\u00e4nder Baiame som bel\u00e4gg f\u00f6r en \u201eurmonoteism\u201c; denna tes avf\u00e4rdas idag i stort sett, men \u00e4r religionshistoriskt viktig. Mircea Eliade integrerade Baiame i sin religionsfenomenologi i <em>Australian Religions<\/em> (1973).<\/p><p>Tony Swains <em>A Place for Strangers<\/em> (1993) erbjuder den viktigaste samtida reflektionen och varnar f\u00f6r pan-aboriginska och monoteistiska f\u00f6rvr\u00e4ngningar. Bill Edwards&#8217; <em>An Introduction to Aboriginal Societies<\/em> (1998) \u00e4r en omfattande introduktion.<\/p>\t\t\t\t\t\t\t\t<\/div>\n\t\t\t\t<\/div>\n\t\t\t\t\t<\/div>\n\t\t\t\t<\/div>\n\t\t<div class=\"elementor-element elementor-element-iwgw-baiame-s8 e-flex e-con-boxed e-con e-parent\" data-id=\"iwgw-baiame-s8\" data-element_type=\"container\" data-e-type=\"container\">\n\t\t\t\t\t<div class=\"e-con-inner\">\n\t\t\t\t<div class=\"elementor-element elementor-element-iwgw-baiame-s8h elementor-widget elementor-widget-heading\" data-id=\"iwgw-baiame-s8h\" data-element_type=\"widget\" data-e-type=\"widget\" data-widget_type=\"heading.default\">\n\t\t\t\t\t<h2 class=\"elementor-heading-title elementor-size-default\">Forskningsdebatter och \u00f6ppna fr\u00e5gor<\/h2>\t\t\t\t<\/div>\n\t\t<div class=\"elementor-element elementor-element-iwgw-baiame-s8c e-con-full e-flex e-con e-child\" data-id=\"iwgw-baiame-s8c\" data-element_type=\"container\" data-e-type=\"container\">\n\t\t\t\t<div class=\"elementor-element elementor-element-iwgw-baiame-s8t elementor-widget elementor-widget-text-editor\" data-id=\"iwgw-baiame-s8t\" data-element_type=\"widget\" data-e-type=\"widget\" data-widget_type=\"text-editor.default\">\n\t\t\t\t\t\t\t\t\t<p>Flera forskningsdebatter kretsar kring Baiame. F\u00f6rst: \u00e4r han en f\u00f6rkolonial gestalt eller en gestalt som delvis formats av tidig kristen mission? Tony Swain har h\u00e4r h\u00e4vdat tesen att Baiame delvis \u00e4r en \u201epost-contact\u201c-gestalt, som fick sin nuvarande form i m\u00f6tet med kristna begrepp. Denna tes \u00e4r omtvistad.<\/p><p>F\u00f6r det andra: hur f\u00f6rh\u00e5ller han sig till andra All-Father-gestalter som <a href=\"https:\/\/iwell-guard.com\/sv\/bunjil-ornskapare-kulin\/\">Bunjil<\/a> eller Daramulun? Howitt s\u00e5g dem som regionala varianter av en gemensam tradition; nyare forskning tenderar att l\u00e4sa dem som sj\u00e4lvst\u00e4ndiga gestalter.<\/p><p>F\u00f6r det tredje: vilken roll spelar Baiame i dagens aboriginska identitetspolitik? I NSW och Queensland \u00e4r han en identifikationsmark\u00f6r; i Victoria \u00f6verlappar denna funktion med Bunjil. Hos dagens wiradjuri \u00e4r Baiame-traditionen del av en bred kulturell ren\u00e4ssans.<\/p>\t\t\t\t\t\t\t\t<\/div>\n\t\t\t\t<\/div>\n\t\t\t\t\t<\/div>\n\t\t\t\t<\/div>\n\t\t<div class=\"elementor-element elementor-element-iwgw-baiame-s9 e-flex e-con-boxed e-con e-parent\" data-id=\"iwgw-baiame-s9\" data-element_type=\"container\" data-e-type=\"container\">\n\t\t\t\t\t<div class=\"e-con-inner\">\n\t\t\t\t<div class=\"elementor-element elementor-element-iwgw-baiame-s9h elementor-widget elementor-widget-heading\" data-id=\"iwgw-baiame-s9h\" data-element_type=\"widget\" data-e-type=\"widget\" data-widget_type=\"heading.default\">\n\t\t\t\t\t<h2 class=\"elementor-heading-title elementor-size-default\">Baiame och bora-initiationen<\/h2>\t\t\t\t<\/div>\n\t\t<div class=\"elementor-element elementor-element-iwgw-baiame-s9c e-con-full e-flex e-con e-child\" data-id=\"iwgw-baiame-s9c\" data-element_type=\"container\" data-e-type=\"container\">\n\t\t\t\t<div class=\"elementor-element elementor-element-iwgw-baiame-s9t elementor-widget elementor-widget-text-editor\" data-id=\"iwgw-baiame-s9t\" data-element_type=\"widget\" data-e-type=\"widget\" data-widget_type=\"text-editor.default\">\n\t\t\t\t\t\t\t\t\t<p>En f\u00f6rdjupning f\u00f6rtj\u00e4nar bora-<span class=\"iwg-fachbegriff\" data-tooltip=\"Rituell \u00f6verg\u00e5ng genom vilken n\u00e5gon upptas i en ny status eller gemenskap.\" tabindex=\"0\">initiationen<\/span>, den rituella k\u00e4rnan i Baiame-kulten. Bora-platserna best\u00e5r av tv\u00e5 jordringar f\u00f6rbundna med en g\u00e5ngv\u00e4g, med diametrar som varierar fr\u00e5n cirka 5 till 30 meter. N\u00e5gra finns fortfarande arkeologiskt bevarade; det mest k\u00e4nda exemplet \u00e4r bora-platsen vid Brewarrina (NSW), som r\u00e4knas till National Heritage.<\/p><p>Under <span class=\"iwg-fachbegriff\" data-tooltip=\"Rituell \u00f6verg\u00e5ng genom vilken n\u00e5gon upptas i en ny status eller gemenskap.\" tabindex=\"0\">initiationen<\/span>, som p\u00e5gick i flera veckor, l\u00e4rde sig de unga m\u00e4nnen Baiame-s\u00e5nger, fick se Baiame-bullroarer, genomgick sm\u00e4rttester (tanduttagning, rituella \u00e4rr) och inf\u00f6rdes i den kosmologiska ordningen. Alfred Howitt dokumenterade detta initiationsf\u00f6rlopp ing\u00e5ende.<\/p><p>Religionsantropologiskt \u00e4r bora-<span class=\"iwg-fachbegriff\" data-tooltip=\"Rituell \u00f6verg\u00e5ng genom vilken n\u00e5gon upptas i en ny status eller gemenskap.\" tabindex=\"0\">initiationen<\/span> ett klassiskt exempel p\u00e5 \u201erite de passage\u201c i van Genneps mening: separation, tr\u00f6skel, integration. Tr\u00f6skelfasen, d\u00e5 de initierade symboliskt \u201ed\u00f6r\u201c och \u00e5terf\u00f6das som \u201enya m\u00e4nniskor\u201c, \u00e4r s\u00e4rskilt framtr\u00e4dande.<\/p>\t\t\t\t\t\t\t\t<\/div>\n\t\t\t\t<\/div>\n\t\t\t\t\t<\/div>\n\t\t\t\t<\/div>\n\t\t<div class=\"elementor-element elementor-element-iwgw-baiame-s10 e-flex e-con-boxed e-con e-parent\" data-id=\"iwgw-baiame-s10\" data-element_type=\"container\" data-e-type=\"container\">\n\t\t\t\t\t<div class=\"e-con-inner\">\n\t\t\t\t<div class=\"elementor-element elementor-element-iwgw-baiame-s10h elementor-widget elementor-widget-heading\" data-id=\"iwgw-baiame-s10h\" data-element_type=\"widget\" data-e-type=\"widget\" data-widget_type=\"heading.default\">\n\t\t\t\t\t<h2 class=\"elementor-heading-title elementor-size-default\">Baiame och Wilhelm Schmidts urmonoteism-tes<\/h2>\t\t\t\t<\/div>\n\t\t<div class=\"elementor-element elementor-element-iwgw-baiame-s10c e-con-full e-flex e-con e-child\" data-id=\"iwgw-baiame-s10c\" data-element_type=\"container\" data-e-type=\"container\">\n\t\t\t\t<div class=\"elementor-element elementor-element-iwgw-baiame-s10t elementor-widget elementor-widget-text-editor\" data-id=\"iwgw-baiame-s10t\" data-element_type=\"widget\" data-e-type=\"widget\" data-widget_type=\"text-editor.default\">\n\t\t\t\t\t\t\t\t\t<p>En s\u00e4rskild historisk f\u00f6rdjupning f\u00f6rtj\u00e4nar Baiames roll i Wilhelm Schmidts <em>urmonoteism<\/em>-tes. Schmidt argumenterade i sitt tolvbandsverk <em>Der Ursprung der Gottesidee<\/em> (1912, 1955) att alla religioner h\u00e4rstammar fr\u00e5n en ursprunglig <span class=\"iwg-fachbegriff\" data-tooltip=\"Tron p\u00e5 en enda gud.\" tabindex=\"0\">monoteism<\/span>. Baiame, den svartfotade nordamerikanske Apistotoki och n\u00e5gra andra \u201eSky Fathers\u201c var hans viktigaste exempel.<\/p><p>Tesen avf\u00e4rdas idag i stort sett; dess svaghet l\u00e5g i en evolutionistisk och delvis apologetisk grundh\u00e5llning. Men den fick religionshistoriska f\u00f6ljder och pr\u00e4glade diskussionen om h\u00f6gre gudomar under flera decennier. Raffaele Pettazzoni reviderade den kritiskt i <em>L&#8217;essere supremo nelle religioni primitive<\/em> (1957).<\/p><p>F\u00f6r den samtida Baiame-forskningen \u00e4r Schmidts tes ett varnande exempel ur det f\u00f6rflutna: den visar hur en inhemsk gestalt kan \u00f6verlagras av en extern teori och tolkas i en fr\u00e4mmande betydelseram.<\/p>\t\t\t\t\t\t\t\t<\/div>\n\t\t\t\t<\/div>\n\t\t\t\t\t<\/div>\n\t\t\t\t<\/div>\n\t\t<div class=\"elementor-element elementor-element-iwgw-baiame-s11 e-flex e-con-boxed e-con e-parent\" data-id=\"iwgw-baiame-s11\" data-element_type=\"container\" data-e-type=\"container\">\n\t\t\t\t\t<div class=\"e-con-inner\">\n\t\t\t\t<div class=\"elementor-element elementor-element-iwgw-baiame-s11h elementor-widget elementor-widget-heading\" data-id=\"iwgw-baiame-s11h\" data-element_type=\"widget\" data-e-type=\"widget\" data-widget_type=\"heading.default\">\n\t\t\t\t\t<h2 class=\"elementor-heading-title elementor-size-default\">Metodisk reflektion och k\u00e4llor<\/h2>\t\t\t\t<\/div>\n\t\t<div class=\"elementor-element elementor-element-iwgw-baiame-s11c e-con-full e-flex e-con e-child\" data-id=\"iwgw-baiame-s11c\" data-element_type=\"container\" data-e-type=\"container\">\n\t\t\t\t<div class=\"elementor-element elementor-element-iwgw-baiame-s11t elementor-widget elementor-widget-text-editor\" data-id=\"iwgw-baiame-s11t\" data-element_type=\"widget\" data-e-type=\"widget\" data-widget_type=\"text-editor.default\">\n\t\t\t\t\t\t\t\t\t<p>Baiame-forskningen st\u00e4lls inf\u00f6r flera metodologiska problem. F\u00f6r det f\u00f6rsta: de viktigaste prim\u00e4rk\u00e4llorna h\u00e4rr\u00f6r fr\u00e5n slutet av 1800-talet och b\u00f6rjan av 1900-talet och pr\u00e4glas av koloniala och delvis mission\u00e4ra utifr\u00e5nperspektiv. Tony Swain har kritiskt granskat dessa f\u00f6rskjutningar.<\/p><p>F\u00f6r det andra: mycket av kunskapen om Baiame var \u201drestricted\u201d, en manlig hemlighet som inte var offentligt tillg\u00e4nglig. Det vi i dag vet om Baiame \u00e4r d\u00e4rf\u00f6r med n\u00f6dv\u00e4ndighet endast ett utsnitt av den traditionella djupdimensionen.<\/p><p>F\u00f6r det tredje: den samtida sj\u00e4lvrepresentationen hos wiradjuri, kamilaroi och euahlayi utg\u00f6r en egen k\u00e4llniv\u00e5. Inhemska forskare, aktivister och konstn\u00e4rer bidrar i dag med egna perspektiv som b\u00f6r f\u00f6ras i dialog med det akademiska utifr\u00e5nperspektivet.<\/p><p>Den som vill studera Baiame-komplexet i hela sin bredd hittar p\u00e5 \u00f6versiktssidan <a href=\"https:\/\/iwell-guard.com\/sv\/aboriginal-australien-dreamtime-tjukurpa-skyddsobjekt\/\">Aboriginsk tradition<\/a> de viktigaste h\u00e4nvisningarna till besl\u00e4ktade gestalter som <a href=\"https:\/\/iwell-guard.com\/sv\/bunjil-ornskapare-kulin\/\">Bunjil<\/a>, <a href=\"https:\/\/iwell-guard.com\/sv\/yhi-solgudinna-karraur\/\">Yhi<\/a> och <a href=\"https:\/\/iwell-guard.com\/sv\/rainbow-serpent-regnbagsormen-aboriginsk-religion\/\">Rainbow Serpent<\/a>.<\/p>\t\t\t\t\t\t\t\t<\/div>\n\t\t\t\t<\/div>\n\t\t\t\t\t<\/div>\n\t\t\t\t<\/div>\n\t\t<div class=\"elementor-element elementor-element-iwgw-baiame-s12 e-flex e-con-boxed e-con e-parent\" data-id=\"iwgw-baiame-s12\" data-element_type=\"container\" data-e-type=\"container\">\n\t\t\t\t\t<div class=\"e-con-inner\">\n\t\t\t\t<div class=\"elementor-element elementor-element-iwgw-baiame-s12h elementor-widget elementor-widget-heading\" data-id=\"iwgw-baiame-s12h\" data-element_type=\"widget\" data-e-type=\"widget\" data-widget_type=\"heading.default\">\n\t\t\t\t\t<h2 class=\"elementor-heading-title elementor-size-default\">Baiame och begreppet Sky Father-religion<\/h2>\t\t\t\t<\/div>\n\t\t<div class=\"elementor-element elementor-element-iwgw-baiame-s12c e-con-full e-flex e-con e-child\" data-id=\"iwgw-baiame-s12c\" data-element_type=\"container\" data-e-type=\"container\">\n\t\t\t\t<div class=\"elementor-element elementor-element-iwgw-baiame-s12t elementor-widget elementor-widget-text-editor\" data-id=\"iwgw-baiame-s12t\" data-element_type=\"widget\" data-e-type=\"widget\" data-widget_type=\"text-editor.default\">\n\t\t\t\t\t\t\t\t\t<p>Begreppet \u201dSky Father-religion\u201d beskrevs systematiskt av Alfred Howitt 1884 och till\u00e4mpades p\u00e5 en rad syd\u00f6staustraliska h\u00f6ggudar (Baiame, <a href=\"https:\/\/iwell-guard.com\/sv\/bunjil-ornskapare-kulin\/\">Bunjil<\/a>, Daramulun, Mungan-Ngana). Religionsfenomenologiskt markerar det en egen religionsform: en \u201dAll-Father\u201d som skapade v\u00e4rlden, gav lagarna och sedan drog sig tillbaka till himlen.<\/p><p>Wilhelm Schmidt anv\u00e4nde begreppet i sitt tolvbandsverk <em>Der Ursprung der Gottesidee<\/em> (1912, 1955) som bel\u00e4gg f\u00f6r en \u201durmonoteism\u201d. Denna tes \u00e4r i dag i stort sett f\u00f6rkastad; Sky Father-religionerna \u00e4r sj\u00e4lvst\u00e4ndiga inhemska konstruktioner, inte rester av en universell urtro.<\/p><p>Tony Swain har i <em>A Place for Strangers<\/em> (1993) beskrivit den specifikt syd\u00f6staustraliska tillkomsten av denna Sky Father-f\u00f6rest\u00e4llning. Den ska inte ses i en evolution\u00e4rt-religi\u00f6s hierarki, utan som en kulturspecifik utformning av ett religi\u00f6st grundproblem.<\/p>\t\t\t\t\t\t\t\t<\/div>\n\t\t\t\t<\/div>\n\t\t\t\t\t<\/div>\n\t\t\t\t<\/div>\n\t\t<div class=\"elementor-element elementor-element-iwgw-baiame-s13 e-flex e-con-boxed e-con e-parent\" data-id=\"iwgw-baiame-s13\" data-element_type=\"container\" data-e-type=\"container\">\n\t\t\t\t\t<div class=\"e-con-inner\">\n\t\t\t\t<div class=\"elementor-element elementor-element-iwgw-baiame-s13h elementor-widget elementor-widget-heading\" data-id=\"iwgw-baiame-s13h\" data-element_type=\"widget\" data-e-type=\"widget\" data-widget_type=\"heading.default\">\n\t\t\t\t\t<h2 class=\"elementor-heading-title elementor-size-default\">Baiame i den samtida wiradjuri-ren\u00e4ssansen<\/h2>\t\t\t\t<\/div>\n\t\t<div class=\"elementor-element elementor-element-iwgw-baiame-s13c e-con-full e-flex e-con e-child\" data-id=\"iwgw-baiame-s13c\" data-element_type=\"container\" data-e-type=\"container\">\n\t\t\t\t<div class=\"elementor-element elementor-element-iwgw-baiame-s13t elementor-widget elementor-widget-text-editor\" data-id=\"iwgw-baiame-s13t\" data-element_type=\"widget\" data-e-type=\"widget\" data-widget_type=\"text-editor.default\">\n\t\t\t\t\t\t\t\t\t<p>Wiradjuri-spr\u00e5kgemenskapen har sedan 1980-talet genomg\u00e5tt en kulturell ren\u00e4ssans. Spr\u00e5kundervisning i skolor, kulturell festkultur och politisk mobilisering har gjort Baiame till en central identifikationsfigur.<\/p><p>Wiradjuri Language Recovery Programme (sedan 1991) och Wiradjuri Studies vid flera australiska universitet har f\u00f6rt in Baiame i ett modernt pedagogiskt sammanhang. Vid officiella \u201dWelcome to Country\u201d-ceremonier \u00e5kallas Baiame regelbundet.<\/p><p>Religionssociologiskt \u00e4r denna ren\u00e4ssans ett exempel p\u00e5 den samtida aboriginska identitetspolitiken. Religi\u00f6sa traditioner blir grund f\u00f6r modern kulturell representation och politisk argumentation. Stan Grant och andra wiradjuri-r\u00f6ster har f\u00f6rt in Baiame i detta sammanhang.<\/p>\t\t\t\t\t\t\t\t<\/div>\n\t\t\t\t<\/div>\n\t\t\t\t\t<\/div>\n\t\t\t\t<\/div>\n\t\t<div class=\"elementor-element elementor-element-iwgw-baiame-s14 e-flex e-con-boxed e-con e-parent\" data-id=\"iwgw-baiame-s14\" data-element_type=\"container\" data-e-type=\"container\">\n\t\t\t\t\t<div class=\"e-con-inner\">\n\t\t\t\t<div class=\"elementor-element elementor-element-iwgw-baiame-s14h elementor-widget elementor-widget-heading\" data-id=\"iwgw-baiame-s14h\" data-element_type=\"widget\" data-e-type=\"widget\" data-widget_type=\"heading.default\">\n\t\t\t\t\t<h2 class=\"elementor-heading-title elementor-size-default\">Baiame och den kosmologiska astronomin<\/h2>\t\t\t\t<\/div>\n\t\t<div class=\"elementor-element elementor-element-iwgw-baiame-s14c e-con-full e-flex e-con e-child\" data-id=\"iwgw-baiame-s14c\" data-element_type=\"container\" data-e-type=\"container\">\n\t\t\t\t<div class=\"elementor-element elementor-element-iwgw-baiame-s14t elementor-widget elementor-widget-text-editor\" data-id=\"iwgw-baiame-s14t\" data-element_type=\"widget\" data-e-type=\"widget\" data-widget_type=\"text-editor.default\">\n\t\t\t\t\t\t\t\t\t<p>Baiames kosmologiska f\u00f6rankring i den aboriginska astronomin f\u00f6rtj\u00e4nar en f\u00f6rdjupad studie. I wiradjuri- och kamilaroitraditionerna identifieras Baiame med vissa stj\u00e4rnbilder; den exakta stj\u00e4rnbilden varierar regionalt men placeras ofta i Vintergatan.<\/p><p>Den aboriginska astronomin har sedan slutet av 1900-talet varit ett eget forskningsf\u00e4lt d\u00e4r inhemsk och akademisk kunskap kombineras. Forskare som Ray Norris (CSIRO), Duane Hamacher och John Goldsmith har visat att den aboriginska traditionen uppr\u00e4tth\u00e5ller en ovanligt detaljerad observations- och minnespraktik.<\/p><p>I denna astronomi \u00e4r Baiame inte bara ett religi\u00f6st v\u00e4sen utan en kosmologisk orientering. Han \u201dser\u201d fr\u00e5n sin himmelsplats ner p\u00e5 m\u00e4nniskorna och \u201dr\u00f6r sig\u201d med \u00e5rets g\u00e5ng. Denna astronomiska f\u00f6rankring ger Baiame-traditionen en dimension som ofta f\u00f6rbisetts i den \u00e4ldre etnografiska litteraturen.<\/p>\t\t\t\t\t\t\t\t<\/div>\n\t\t\t\t<\/div>\n\t\t\t\t\t<\/div>\n\t\t\t\t<\/div>\n\t\t<div class=\"elementor-element elementor-element-iwgw-baiame-s15 e-flex e-con-boxed e-con e-parent\" data-id=\"iwgw-baiame-s15\" data-element_type=\"container\" data-e-type=\"container\">\n\t\t\t\t\t<div class=\"e-con-inner\">\n\t\t\t\t<div class=\"elementor-element elementor-element-iwgw-baiame-s15h elementor-widget elementor-widget-heading\" data-id=\"iwgw-baiame-s15h\" data-element_type=\"widget\" data-e-type=\"widget\" data-widget_type=\"heading.default\">\n\t\t\t\t\t<h2 class=\"elementor-heading-title elementor-size-default\">Baiame och j\u00e4mf\u00f6rande h\u00f6ggudsforskning<\/h2>\t\t\t\t<\/div>\n\t\t<div class=\"elementor-element elementor-element-iwgw-baiame-s15c e-con-full e-flex e-con e-child\" data-id=\"iwgw-baiame-s15c\" data-element_type=\"container\" data-e-type=\"container\">\n\t\t\t\t<div class=\"elementor-element elementor-element-iwgw-baiame-s15t elementor-widget elementor-widget-text-editor\" data-id=\"iwgw-baiame-s15t\" data-element_type=\"widget\" data-e-type=\"widget\" data-widget_type=\"text-editor.default\">\n\t\t\t\t\t\t\t\t\t<p>Baiames position inom den internationella h\u00f6ggudsforskningen f\u00f6rtj\u00e4nar en j\u00e4mf\u00f6rande f\u00f6rdjupning. Religionsfenomenologiskt tillh\u00f6r han klassen <em>deus otiosus<\/em>, den \u201doverksamme guden\u201d som efter skapelsen drar sig tillbaka fr\u00e5n direkt dyrkan. Denna klass beskrevs systematiskt av Mircea Eliade i <em>Patterns in Comparative Religion<\/em> (1949).<\/p><p>Strukturellt j\u00e4mf\u00f6rbara med Baiame \u00e4r, f\u00f6rutom de australiska All-Fathers, \u00e4ven: <a href=\"https:\/\/iwell-guard.com\/sv\/tengri-himmelsgud-tengristerna\/\">Tengri<\/a> inom den sibiriska tengrismen, Olorun hos yoruba, Nyame hos ashanti, den vediska Dyaus Pitar, den kinesiska Tian. Alla dessa h\u00f6ggudomar har en liknande struktur: skapande, sedan tillbakadragande.<\/p><p>Tony Swain har i <em>A Place for Strangers<\/em> (1993) beskrivit den specifikt australiska utformningen av denna typ. Baiame \u00e4r inte bara en \u201dSky Father som andra\u201d; han \u00e4r en specifikt syd\u00f6staustralisk konstruktion med egna lokala betydelseskikt.<\/p>\t\t\t\t\t\t\t\t<\/div>\n\t\t\t\t<\/div>\n\t\t\t\t\t<\/div>\n\t\t\t\t<\/div>\n\t\t<div class=\"elementor-element elementor-element-cp24ad2f92 e-flex e-con-boxed e-con e-parent\" data-id=\"cp24ad2f92\" data-element_type=\"container\" data-e-type=\"container\">\n\t\t\t\t\t<div class=\"e-con-inner\">\n\t\t\t\t<div class=\"elementor-element elementor-element-cp2f0c8651 elementor-widget elementor-widget-heading\" data-id=\"cp2f0c8651\" data-element_type=\"widget\" data-e-type=\"widget\" data-widget_type=\"heading.default\">\n\t\t\t\t\t<h2 class=\"elementor-heading-title elementor-size-default\">Regional spridning i syd\u00f6stra Australien<\/h2>\t\t\t\t<\/div>\n\t\t<div class=\"elementor-element elementor-element-cp2676faf1 e-flex e-con-boxed e-con e-child\" data-id=\"cp2676faf1\" data-element_type=\"container\" data-e-type=\"container\">\n\t\t\t\t\t<div class=\"e-con-inner\">\n\t\t\t\t<div class=\"elementor-element elementor-element-cp23d14973 elementor-widget elementor-widget-text-editor\" data-id=\"cp23d14973\" data-element_type=\"widget\" data-e-type=\"widget\" data-widget_type=\"text-editor.default\">\n\t\t\t\t\t\t\t\t\t<p>Baiame tillh\u00f6r spr\u00e5kgrupperna i syd\u00f6stra Australien, framf\u00f6r allt kamilaroi, wiradjuri, euahlayi och wonnarua samt ytterligare grannfolk i dagens New South Wales.<\/p><p>Namnet f\u00f6rekommer i k\u00e4llorna i m\u00e5nga olika stavningar, bland annat Baiame, Biame, Byamee och Baayami, vilket speglar de tidiga uppteckningarnas sv\u00e5righeter med de australiska spr\u00e5ken. En \u00f6verf\u00f6ring av Baiame-traditionen till aboriginska kulturer i norra eller v\u00e4stra Australien \u00e4r sakligt felaktig; Baiame \u00e4r en syd\u00f6stlig gestalt.<\/p><p>De viktigaste tidiga k\u00e4llorna \u00e4r uppteckningarna av etnografen Alfred William Howitt, som i sitt verk om de inhemska stammarna i syd\u00f6stra Australien i slutet av 1800-talet beskrev initiationsriter och f\u00f6rest\u00e4llningar, samt b\u00f6ckerna av Katie Langloh Parker, som levde i euahlayi-regionen.<\/p><p>B\u00e5da arbetade dock i en tid d\u00e5 samh\u00e4llena i regionen redan var djupt skakade av kolonisation, sjukdom och mission.<\/p><p>Ett s\u00e4rskilt problem med Baiame-<span class=\"iwg-fachbegriff\" data-tooltip=\"\u00d6verf\u00f6ringen av kunskap och ber\u00e4ttelser genom generationerna.\" tabindex=\"0\">\u00f6verleveringen<\/span> \u00e4r fr\u00e5gan om i vilken utstr\u00e4ckning bilden i k\u00e4llorna av ett h\u00f6gsta, himmelskt skaparv\u00e4sen pr\u00e4glades av kristet inflytande.<\/p><p>Redan Andrew Lang anv\u00e4nde Baiame i den historiska debatten om den s\u00e5 kallade h\u00f6gguden, och senare forskare som Tony Swain har h\u00e4vdat att den starka betoningen av en enskild himmelsk skapare delvis kan vara en reaktion p\u00e5 den koloniala kontakten.<\/p><p>Det g\u00e5r knappast att med s\u00e4kerhet skilja en f\u00f6rkolonial k\u00e4rna fr\u00e5n en efterkolonial omformning. Varje uttalande om Baiame m\u00e5ste b\u00e4ra med sig denna k\u00e4llkritik.<\/p>\t\t\t\t\t\t\t\t<\/div>\n\t\t\t\t\t<\/div>\n\t\t\t\t<\/div>\n\t\t\t\t\t<\/div>\n\t\t\t\t<\/div>\n\t\t<div class=\"elementor-element elementor-element-cp2c6d710e e-flex e-con-boxed e-con e-parent\" data-id=\"cp2c6d710e\" data-element_type=\"container\" data-e-type=\"container\">\n\t\t\t\t\t<div class=\"e-con-inner\">\n\t\t\t\t<div class=\"elementor-element elementor-element-cp2d893f3d elementor-widget elementor-widget-heading\" data-id=\"cp2d893f3d\" data-element_type=\"widget\" data-e-type=\"widget\" data-widget_type=\"heading.default\">\n\t\t\t\t\t<h2 class=\"elementor-heading-title elementor-size-default\">Baiame i Bora-initiationsriterna<\/h2>\t\t\t\t<\/div>\n\t\t<div class=\"elementor-element elementor-element-cp256832b6 e-flex e-con-boxed e-con e-child\" data-id=\"cp256832b6\" data-element_type=\"container\" data-e-type=\"container\">\n\t\t\t\t\t<div class=\"e-con-inner\">\n\t\t\t\t<div class=\"elementor-element elementor-element-cp2b926104 elementor-widget elementor-widget-text-editor\" data-id=\"cp2b926104\" data-element_type=\"widget\" data-e-type=\"widget\" data-widget_type=\"text-editor.default\">\n\t\t\t\t\t\t\t\t\t<p>N\u00e4ra f\u00f6rbundna med Baiame \u00e4r de manliga initiationsceremonierna som i regionen \u00e4r k\u00e4nda under namnet <em>Bora<\/em>. Vid dessa riter, som p\u00e5gick i flera dagar, ibland flera veckor, inf\u00f6rdes unga m\u00e4n i vuxenlivet och i religi\u00f6s kunskap.<\/p><p>Howitt beskrev f\u00f6r flera grupper att Baiame ans\u00e5gs vara den som hade inf\u00f6rt riterna och vars lagar f\u00f6rdes vidare genom dem.<\/p><p>Sk\u00e5deplats f\u00f6r ceremonierna var Bora-platserna, ofta tv\u00e5 cirkelrunda jordvallar f\u00f6rbundna med en stig, ibland med utskurna tr\u00e4d, s\u00e5 kallade dendroglyfer, och jordfigurer i kanten. Enligt uppteckningarna f\u00f6rest\u00e4llde n\u00e5gra s\u00e5dana markfigurer gestalter som f\u00f6rknippades med Baiame.<\/p><p>Den exakta funktionen hos de enskilda elementen \u00e4r endast delvis dokumenterad, eftersom riterna inneh\u00f6ll hemlig kunskap som var otillg\u00e4nglig f\u00f6r utomst\u00e5ende och s\u00e4rskilt f\u00f6r icke-invigda personer. De tidiga uppteckningarna inneh\u00f6ll d\u00e4rf\u00f6r ofta bara delvis information.<\/p><p>Ur vetenskaplig synvinkel \u00e4r kopplingen mellan Baiame och Bora upplysande, eftersom den visar att gestalten inte fr\u00e4mst var n\u00e4rvarande genom ber\u00e4ttade myter, utan genom rituell praxis och genom \u00f6verf\u00f6ringen av lag och beteenderegler.<\/p><p>Baiame framst\u00e5r som garant f\u00f6r en social och moralisk ordning som f\u00f6rs vidare till n\u00e4sta generation genom <span class=\"iwg-fachbegriff\" data-tooltip=\"Rituell \u00f6verg\u00e5ng genom vilken n\u00e5gon tas upp i en ny status eller gemenskap.\" tabindex=\"0\">initiationen<\/span>. M\u00e5nga Bora-platser kan idag bel\u00e4ggas arkeologiskt men \u00e4r starkt skadade av jordbruk; deras skydd sker numera i samarbete med de traditionella \u00e4garna, som fortfarande betraktar platserna som betydelsefulla.<\/p>\t\t\t\t\t\t\t\t<\/div>\n\t\t\t\t\t<\/div>\n\t\t\t\t<\/div>\n\t\t\t\t\t<\/div>\n\t\t\t\t<\/div>\n\t\t<div class=\"elementor-element elementor-element-iwgw-baiame-lit e-flex e-con-boxed e-con e-parent\" data-id=\"iwgw-baiame-lit\" data-element_type=\"container\" data-e-type=\"container\">\n\t\t\t\t\t<div class=\"e-con-inner\">\n\t\t\t\t<div class=\"elementor-element elementor-element-iwgw-baiame-lith elementor-widget elementor-widget-heading\" data-id=\"iwgw-baiame-lith\" data-element_type=\"widget\" data-e-type=\"widget\" data-widget_type=\"heading.default\">\n\t\t\t\t\t<h2 class=\"elementor-heading-title elementor-size-default\">Litteratur (urval)<\/h2>\t\t\t\t<\/div>\n\t\t<div class=\"elementor-element elementor-element-iwgw-baiame-litc e-con-full e-flex e-con e-child\" data-id=\"iwgw-baiame-litc\" data-element_type=\"container\" data-e-type=\"container\">\n\t\t\t\t<div class=\"elementor-element elementor-element-iwgw-baiame-litt elementor-widget elementor-widget-text-editor\" data-id=\"iwgw-baiame-litt\" data-element_type=\"widget\" data-e-type=\"widget\" data-widget_type=\"text-editor.default\">\n\t\t\t\t\t\t\t\t\t<ul><li>A. W. Howitt: <em>The Native Tribes of South-East Australia<\/em> (1904)<\/li><li>K. Langloh Parker: <em>Euahlayi Tribe<\/em> (1905)<\/li><li>Tony Swain: <em>A Place for Strangers<\/em> (Cambridge 1993)<\/li><li>Mircea Eliade: <em>Australian Religions<\/em> (1973)<\/li><li>W. E. H. Stanner: <em>On Aboriginal Religion<\/em> (1966)<\/li><li>Wilhelm Schmidt: <em>Der Ursprung der Gottesidee<\/em>, Bd. 3 (1931)<\/li><li>Bill Edwards: <em>An Introduction to Aboriginal Societies<\/em> (1998)<\/li><\/ul>\t\t\t\t\t\t\t\t<\/div>\n\t\t\t\t<\/div>\n\t\t\t\t\t<\/div>\n\t\t\t\t<\/div>\n\t\t<div class=\"elementor-element elementor-element-iwgkw2-add-baiame e-flex e-con-boxed e-con e-parent\" data-id=\"iwgkw2-add-baiame\" data-element_type=\"container\" data-e-type=\"container\">\n\t\t\t\t\t<div class=\"e-con-inner\">\n\t\t\t\t<div class=\"elementor-element elementor-element-iwgkw2-add-baiame-t elementor-widget elementor-widget-text-editor\" data-id=\"iwgkw2-add-baiame-t\" data-element_type=\"widget\" data-e-type=\"widget\" data-widget_type=\"text-editor.default\">\n\t\t\t\t\t\t\t\t\t<p>Baiame anses bland Wiradjuri och Kamilaroi vara den h\u00f6gsta v\u00e4senden p\u00e5 himlen; <span class=\"iwg-fachbegriff\" data-tooltip=\"En \u00f6verl\u00e4mnad ber\u00e4ttelse om gudar, ursprung och v\u00e4rldens ordning.\" tabindex=\"0\">myten<\/span> skildrar honom som skapare av landskapet, upphovsman till initiationsriterna och ursprung till Bora-kretsens lagar.<\/p>\t\t\t\t\t\t\t\t<\/div>\n\t\t\t\t\t<\/div>\n\t\t\t\t<\/div>\n\t\t<div class=\"elementor-element elementor-element-iwgw-baiame-kwd e-flex e-con-boxed e-con e-parent\" data-id=\"iwgw-baiame-kwd\" data-element_type=\"container\" data-e-type=\"container\">\n\t\t\t\t\t<div class=\"e-con-inner\">\n\t\t<div class=\"elementor-element elementor-element-iwgw-baiame-kwdc e-con-full e-flex e-con e-child\" data-id=\"iwgw-baiame-kwdc\" data-element_type=\"container\" data-e-type=\"container\">\n\t\t\t\t<div class=\"elementor-element elementor-element-iwgw-baiame-kwdt elementor-widget elementor-widget-text-editor\" data-id=\"iwgw-baiame-kwdt\" data-element_type=\"widget\" data-e-type=\"widget\" data-widget_type=\"text-editor.default\">\n\t\t\t\t\t\t\t\t\t<p><em>Relaterade nyckelbegrepp: Baiame Wiradjuri Kamilaroi All-Father Bora Bunjil.<\/em><\/p>\t\t\t\t\t\t\t\t<\/div>\n\t\t\t\t<\/div>\n\t\t\t\t\t<\/div>\n\t\t\t\t<\/div>\n\t\t<div class=\"elementor-element elementor-element-iwgw-baiame-cc e-flex e-con-boxed e-con e-parent\" data-id=\"iwgw-baiame-cc\" data-element_type=\"container\" data-e-type=\"container\" id=\"iwg-cc-baiame\">\n\t\t\t\t\t<div class=\"e-con-inner\">\n\t\t<div class=\"elementor-element elementor-element-iwgw-baiame-ccinner e-flex e-con-boxed e-con e-parent\" data-id=\"iwgw-baiame-ccinner\" data-element_type=\"container\" data-e-type=\"container\" data-settings=\"{&quot;background_background&quot;:&quot;classic&quot;}\">\n\t\t\t\t\t<div class=\"e-con-inner\">\n\t\t\t\t<div class=\"elementor-element elementor-element-iwgw-baiame-cch elementor-widget elementor-widget-heading\" data-id=\"iwgw-baiame-cch\" data-element_type=\"widget\" data-e-type=\"widget\" data-widget_type=\"heading.default\">\n\t\t\t\t\t<h2 class=\"elementor-heading-title elementor-size-default\">iWell Guard och skyddstraditioner<\/h2>\t\t\t\t<\/div>\n\t\t\t\t<div class=\"elementor-element elementor-element-iwgw-baiame-cct elementor-widget elementor-widget-text-editor\" data-id=\"iwgw-baiame-cct\" data-element_type=\"widget\" data-e-type=\"widget\" data-widget_type=\"text-editor.default\">\n\t\t\t\t\t\t\t\t\t<div data-nosnippet=\"true\"><p>iWell Guard ansluter till den kulturhistoriska traditionen av b\u00e4rbara skyddsobjekt, i traditionen fr\u00e5n <a href=\"https:\/\/iwell-guard.com\/sv\/aboriginal-australien-dreamtime-tjukurpa-skyddsobjekt\/\">aboriginer<\/a> och m\u00e5nga andra kulturer v\u00e4rlden \u00f6ver. 41 lager, \u00e4kta guld, platina, silver, tillverkad i Tyskland. 30 dagars returr\u00e4tt.<\/p><\/div>\t\t\t\t\t\t\t\t<\/div>\n\t\t\t\t<div class=\"elementor-element elementor-element-iwgw-baiame-ccb iwg-cc-button iwg-cc-cta-2026-05-13 elementor-widget elementor-widget-jet-button\" data-id=\"iwgw-baiame-ccb\" data-element_type=\"widget\" data-e-type=\"widget\" data-widget_type=\"jet-button.default\">\n\t\t\t\t<div class=\"elementor-widget-container\">\n\t\t\t\t\t<div class=\"elementor-jet-button jet-elements\"><div class=\"jet-button__container\"><a class=\"jet-button__instance jet-button__instance--icon-left hover-effect-1\" href=\"\/ueber-iwell-guard\/?utm_source=iwell-guard.com&amp;utm_medium=info-box&amp;utm_campaign=wesen-tradition\"><div class=\"jet-button__plane jet-button__plane-normal\"><\/div><div class=\"jet-button__plane jet-button__plane-hover\"><\/div><div class=\"jet-button__state jet-button__state-normal\"><span class=\"jet-button__label\">Mer om iWell Guard<\/span><\/div><div class=\"jet-button__state jet-button__state-hover\"><span class=\"jet-button__label\">Mer om iWell Guard<\/span><\/div><\/a><\/div><\/div><style>.elementor-element.elementor-element-iwgw-baiame-ccb .jet-button__instance{width:320px;height:56px;}.elementor-element.elementor-element-iwgw-baiame-ccb .jet-button__state-normal .jet-button__label{text-align:center;margin:0px 0px 0px 0px;color:#1a1b20;font-family:Montserrat,sans-serif;font-size:13px;font-weight:400;letter-spacing:4px;line-height:1.714em;text-transform:uppercase;}.elementor-element.elementor-element-iwgw-baiame-ccb .jet-button__state-hover .jet-button__label{text-align:center;margin:0px 0px 0px 0px;color:#FECC76;font-family:Montserrat,sans-serif;font-size:13px;font-weight:400;letter-spacing:4px;line-height:1.714em;text-transform:uppercase;}.elementor-element.elementor-element-iwgw-baiame-ccb .jet-button__plane-normal{background-color:#FECC76;border-style:solid;border-color:#C99540;border-width:2px 2px 2px 2px;}.elementor-element.elementor-element-iwgw-baiame-ccb .jet-button__plane-hover{background-color:rgba(0,0,0,0.55);border-style:solid;border-color:#FECC76;border-width:2px 2px 2px 2px;}<\/style>\t\t\t\t<\/div>\n\t\t\t\t<\/div>\n\t\t\t\t<div class=\"elementor-element elementor-element-iwgw-baiame-ccd elementor-widget elementor-widget-text-editor\" data-id=\"iwgw-baiame-ccd\" data-element_type=\"widget\" data-e-type=\"widget\" data-widget_type=\"text-editor.default\">\n\t\t\t\t\t\t\t\t\t<div data-nosnippet=\"true\"><p style=\"text-align:center;font-size:13px;opacity:0.7;margin-top:14px\" data-nosnippet=\"true\">Personliga erfarenheter kan variera. Ingen medicinteknisk produkt. Inget l\u00f6fte om l\u00e4kning.<\/p><\/div>\t\t\t\t\t\t\t\t<\/div>\n\t\t\t\t\t<\/div>\n\t\t\t\t<\/div>\n\t\t\t\t\t<\/div>\n\t\t\t\t<\/div>\n\t\t<div class=\"elementor-element elementor-element-iwgw-baiame-disc e-flex e-con-boxed e-con e-parent\" data-id=\"iwgw-baiame-disc\" data-element_type=\"container\" data-e-type=\"container\">\n\t\t\t\t\t<div class=\"e-con-inner\">\n\t\t\t\t<div class=\"elementor-element elementor-element-iwgw-baiame-discw elementor-widget elementor-widget-html\" data-id=\"iwgw-baiame-discw\" data-element_type=\"widget\" data-e-type=\"widget\" data-widget_type=\"html.default\">\n\t\t\t\t\t<footer data-nosnippet=\"true\" class=\"iwg-disclaimer-block\"><p data-nosnippet=\"true\">iWell Guard \u00e4r <strong>ingen medicinteknisk produkt<\/strong> och ers\u00e4tter inte l\u00e4karv\u00e5rd eller psykoterapeutisk behandling. De religionsvetenskapliga inneh\u00e5llen \u00e4r kulturhistorisk inordning, ingen andlig praxisrekommendation.<\/p><\/footer>\t\t\t\t<\/div>\n\t\t\t\t\t<\/div>\n\t\t\t\t<\/div>\n\t\t\t\t<\/div>\n\t\t","protected":false},"excerpt":{"rendered":"","protected":false},"author":3,"featured_media":2868,"parent":0,"menu_order":0,"comment_status":"closed","ping_status":"closed","template":"elementor_header_footer","meta":{"_yoast_wpseo_focuskw":"Baiame, aboriginsk Sky Father","_yoast_wpseo_title":"Baiame \u2013 Aboriginal Sky Father, mytologi och k\u00e4llor","_yoast_wpseo_metadesc":"Baiame \u00e4r h\u00f6gguden i de aboriginska religionerna i syd\u00f6stra Australien. Religionsvetenskaplig genomg\u00e5ng med mytologi och k\u00e4llor.","_yoast_wpseo_meta-robots-noindex":"","_yoast_wpseo_canonical":"","_angie_page":false,"gefaehrdungsstufe":"1","wesen_kultur":"aboriginal","wesen_klasse":"goetter","footnotes":""},"categories":[],"class_list":["post-136894","page","type-page","status-publish","has-post-thumbnail","hentry"],"yoast_head":"<!-- This site is optimized with the Yoast SEO Premium plugin v27.7 (Yoast SEO v28.3) - https:\/\/yoast.com\/product\/yoast-seo-premium-wordpress\/ -->\n<title>Baiame \u2013 Aboriginal Sky Father, mytologi och k\u00e4llor<\/title>\n<meta name=\"description\" content=\"Baiame \u00e4r h\u00f6gguden i de aboriginska religionerna i syd\u00f6stra Australien. Religionsvetenskaplig genomg\u00e5ng med mytologi och k\u00e4llor.\" \/>\n<meta name=\"robots\" content=\"index, follow, max-snippet:-1, max-image-preview:large, max-video-preview:-1\" \/>\n<link rel=\"canonical\" href=\"https:\/\/iwell-guard.com\/sv\/baiame-sky-father-sydostaustralien\/\" \/>\n<meta property=\"og:locale\" content=\"sv_SE\" \/>\n<meta property=\"og:type\" content=\"article\" \/>\n<meta property=\"og:title\" content=\"Baiame \u2013 Sky Father hos aboriginerna i syd\u00f6stra Australien\" \/>\n<meta property=\"og:description\" content=\"Baiame \u00e4r h\u00f6gguden i de aboriginska religionerna i syd\u00f6stra Australien. Religionsvetenskaplig genomg\u00e5ng med mytologi och k\u00e4llor.\" \/>\n<meta property=\"og:url\" content=\"https:\/\/iwell-guard.com\/sv\/baiame-sky-father-sydostaustralien\/\" \/>\n<meta property=\"og:site_name\" content=\"iWell Guard\" \/>\n<meta property=\"article:modified_time\" content=\"2026-09-03T01:15:00+00:00\" \/>\n<meta property=\"og:image\" content=\"https:\/\/iwell-guard.com\/wp-content\/uploads\/2026\/05\/goetter_aboriginal_baiame.webp\" \/>\n\t<meta property=\"og:image:width\" content=\"1024\" \/>\n\t<meta property=\"og:image:height\" content=\"1536\" \/>\n\t<meta property=\"og:image:type\" content=\"image\/webp\" \/>\n<meta name=\"twitter:card\" content=\"summary_large_image\" \/>\n<script type=\"application\/ld+json\" class=\"yoast-schema-graph\">{\"@context\":\"https:\\\/\\\/schema.org\",\"@graph\":[{\"@type\":\"WebPage\",\"@id\":\"https:\\\/\\\/iwell-guard.com\\\/sv\\\/baiame-sky-father-sydostaustralien\\\/\",\"url\":\"https:\\\/\\\/iwell-guard.com\\\/sv\\\/baiame-sky-father-sydostaustralien\\\/\",\"name\":\"Baiame \u2013 Aboriginal Sky Father, mytologi och k\u00e4llor\",\"isPartOf\":{\"@id\":\"https:\\\/\\\/iwell-guard.com\\\/sv\\\/#website\"},\"primaryImageOfPage\":{\"@id\":\"https:\\\/\\\/iwell-guard.com\\\/sv\\\/baiame-sky-father-sydostaustralien\\\/#primaryimage\"},\"image\":{\"@id\":\"https:\\\/\\\/iwell-guard.com\\\/sv\\\/baiame-sky-father-sydostaustralien\\\/#primaryimage\"},\"thumbnailUrl\":\"https:\\\/\\\/iwell-guard.com\\\/wp-content\\\/uploads\\\/2026\\\/05\\\/goetter_aboriginal_baiame.webp\",\"datePublished\":\"2026-09-03T00:10:58+00:00\",\"dateModified\":\"2026-09-03T01:15:00+00:00\",\"description\":\"Baiame \u00e4r h\u00f6gguden i de aboriginska religionerna i syd\u00f6stra Australien. Religionsvetenskaplig genomg\u00e5ng med mytologi och k\u00e4llor.\",\"breadcrumb\":{\"@id\":\"https:\\\/\\\/iwell-guard.com\\\/sv\\\/baiame-sky-father-sydostaustralien\\\/#breadcrumb\"},\"inLanguage\":\"sv-SE\",\"potentialAction\":[{\"@type\":\"ReadAction\",\"target\":[\"https:\\\/\\\/iwell-guard.com\\\/sv\\\/baiame-sky-father-sydostaustralien\\\/\"]}]},{\"@type\":\"ImageObject\",\"inLanguage\":\"sv-SE\",\"@id\":\"https:\\\/\\\/iwell-guard.com\\\/sv\\\/baiame-sky-father-sydostaustralien\\\/#primaryimage\",\"url\":\"https:\\\/\\\/iwell-guard.com\\\/wp-content\\\/uploads\\\/2026\\\/05\\\/goetter_aboriginal_baiame.webp\",\"contentUrl\":\"https:\\\/\\\/iwell-guard.com\\\/wp-content\\\/uploads\\\/2026\\\/05\\\/goetter_aboriginal_baiame.webp\",\"width\":1024,\"height\":1536,\"caption\":\"Gudar fr\u00e5n den aboriginska traditionen.\"},{\"@type\":\"BreadcrumbList\",\"@id\":\"https:\\\/\\\/iwell-guard.com\\\/sv\\\/baiame-sky-father-sydostaustralien\\\/#breadcrumb\",\"itemListElement\":[{\"@type\":\"ListItem\",\"position\":1,\"name\":\"Start\",\"item\":\"https:\\\/\\\/iwell-guard.com\\\/sv\\\/?page_id=136483\"},{\"@type\":\"ListItem\",\"position\":2,\"name\":\"Baiame \u2013 Sky Father hos aboriginerna i syd\u00f6stra Australien\"}]},{\"@type\":\"WebSite\",\"@id\":\"https:\\\/\\\/iwell-guard.com\\\/sv\\\/#website\",\"url\":\"https:\\\/\\\/iwell-guard.com\\\/sv\\\/\",\"name\":\"iWell Guard\",\"description\":\"Schutz vor dunklen Einfl\u00fcssen\",\"publisher\":{\"@id\":\"https:\\\/\\\/iwell-guard.com\\\/sv\\\/#organization\"},\"potentialAction\":[{\"@type\":\"SearchAction\",\"target\":{\"@type\":\"EntryPoint\",\"urlTemplate\":\"https:\\\/\\\/iwell-guard.com\\\/sv\\\/?s={search_term_string}\"},\"query-input\":{\"@type\":\"PropertyValueSpecification\",\"valueRequired\":true,\"valueName\":\"search_term_string\"}}],\"inLanguage\":\"sv-SE\"},{\"@type\":\"Organization\",\"@id\":\"https:\\\/\\\/iwell-guard.com\\\/sv\\\/#organization\",\"name\":\"Ittermann electronic GmbH\",\"url\":\"https:\\\/\\\/iwell-guard.com\\\/sv\\\/\",\"logo\":{\"@type\":\"ImageObject\",\"inLanguage\":\"sv-SE\",\"@id\":\"https:\\\/\\\/iwell-guard.com\\\/sv\\\/#\\\/schema\\\/logo\\\/image\\\/\",\"url\":\"https:\\\/\\\/iwell-guard.com\\\/wp-content\\\/uploads\\\/2026\\\/05\\\/Ittermann-Logo-1182x237-1.png\",\"contentUrl\":\"https:\\\/\\\/iwell-guard.com\\\/wp-content\\\/uploads\\\/2026\\\/05\\\/Ittermann-Logo-1182x237-1.png\",\"width\":1182,\"height\":237,\"caption\":\"Ittermann electronic GmbH\"},\"image\":{\"@id\":\"https:\\\/\\\/iwell-guard.com\\\/sv\\\/#\\\/schema\\\/logo\\\/image\\\/\"},\"sameAs\":[\"https:\\\/\\\/pantip.com\\\/profile\\\/9367242\",\"https:\\\/\\\/micro.blog\\\/iwellguard\",\"https:\\\/\\\/www.diggerslist.com\\\/iwellguard\\\/about\",\"https:\\\/\\\/skitterphoto.com\\\/photographers\\\/2870314\\\/iwell-guard\",\"https:\\\/\\\/iwellguard.wordpress.com\\\/2026\\\/06\\\/06\\\/iwell-guard\\\/\",\"https:\\\/\\\/hub.docker.com\\\/u\\\/iwellguard\",\"https:\\\/\\\/www.pinterest.com\\\/iwellguard\\\/\",\"https:\\\/\\\/bit.ly\\\/m\\\/iwellguard\",\"https:\\\/\\\/entre-vos-mains.alsace.eu\\\/profiles\\\/iwellguard\\\/activity\",\"https:\\\/\\\/gravatar.com\\\/reallybeded8fd34\",\"https:\\\/\\\/naijamatta.com\\\/iwellguard\",\"https:\\\/\\\/www.goodreads.com\\\/iwellguard\",\"https:\\\/\\\/profile.hatena.ne.jp\\\/iwellguard\\\/\",\"https:\\\/\\\/experiment.com\\\/users\\\/iwellguard\",\"https:\\\/\\\/wakelet.com\\\/@iWellGuard82270\",\"https:\\\/\\\/www.chordie.com\\\/forum\\\/profile.php?id=2555664\",\"https:\\\/\\\/www.instapaper.com\\\/p\\\/17757966\",\"https:\\\/\\\/www.mapleprimes.com\\\/users\\\/iwellguard\",\"https:\\\/\\\/businesslistingplus.com\\\/profile\\\/iwell-guard\\\/\",\"https:\\\/\\\/telegra.ph\\\/iWell-Guard-06-06\",\"https:\\\/\\\/pbase.com\\\/iwellguard\\\/iwellguard\",\"https:\\\/\\\/b.hatena.ne.jp\\\/iwellguard\\\/20260607#bookmark-4788405196491818882\",\"https:\\\/\\\/fliphtml5.com\\\/home\\\/iwellguard\",\"https:\\\/\\\/anyflip.com\\\/homepage\\\/cmiwl#About\",\"https:\\\/\\\/transfur.com\\\/Users\\\/iwellguard\",\"http:\\\/\\\/delphi.larsbo.org\\\/user\\\/iwellguard\",\"https:\\\/\\\/jobs.lajobsportal.org\\\/profiles\\\/8380803-iwell-guard\",\"https:\\\/\\\/md.chaosdorf.de\\\/s\\\/jfbe5SBdJD\",\"https:\\\/\\\/www.lingvolive.com\\\/en-us\\\/profile\\\/9ecaeaca-ce11-4e51-9e71-01d55e2bff36\\\/translations\",\"https:\\\/\\\/www.fitday.com\\\/fitness\\\/forums\\\/members\\\/iwellguard.html\",\"https:\\\/\\\/www.mymeetbook.com\\\/iwellguard\",\"https:\\\/\\\/pxhere.com\\\/en\\\/photographer-me\\\/5040798\",\"https:\\\/\\\/disqus.com\\\/by\\\/iwellguard\\\/about\\\/\",\"https:\\\/\\\/pastelink.net\\\/hjwciqwq\",\"https:\\\/\\\/pubhtml5.com\\\/homepage\\\/scjhn\\\/\",\"https:\\\/\\\/www.bitchute.com\\\/channel\\\/2O2eOKzNqujT\",\"https:\\\/\\\/audiomack.com\\\/iwellguard\"]},{\"@type\":\"Article\",\"@id\":\"https:\\\/\\\/iwell-guard.com\\\/sv\\\/baiame-sky-father-sydostaustralien\\\/#article\",\"isPartOf\":{\"@id\":\"https:\\\/\\\/iwell-guard.com\\\/sv\\\/baiame-sky-father-sydostaustralien\\\/\"},\"author\":{\"name\":\"Ralf Ittermann\",\"@id\":\"https:\\\/\\\/iwell-guard.com\\\/sv\\\/#\\\/schema\\\/person\\\/ee2a27f1cac3406c7c6fb5820cb7349f\"},\"headline\":\"Baiame \u2013 Sky Father hos aboriginerna i syd\u00f6stra Australien\",\"datePublished\":\"2026-09-03T00:10:58+00:00\",\"dateModified\":\"2026-09-03T01:15:00+00:00\",\"mainEntityOfPage\":{\"@id\":\"https:\\\/\\\/iwell-guard.com\\\/sv\\\/baiame-sky-father-sydostaustralien\\\/\"},\"publisher\":{\"@id\":\"https:\\\/\\\/iwell-guard.com\\\/sv\\\/#organization\"},\"image\":{\"@id\":\"https:\\\/\\\/iwell-guard.com\\\/sv\\\/baiame-sky-father-sydostaustralien\\\/#primaryimage\"},\"thumbnailUrl\":\"https:\\\/\\\/iwell-guard.com\\\/wp-content\\\/uploads\\\/2026\\\/05\\\/goetter_aboriginal_baiame.webp\",\"inLanguage\":\"sv-SE\",\"description\":\"Baiame \u00e4r h\u00f6gguden i de aboriginska religionerna i syd\u00f6stra Australien. Religionsvetenskaplig genomg\u00e5ng med mytologi och k\u00e4llor.\"}]}<\/script>\n<!-- \/ Yoast SEO Premium plugin. -->","yoast_head_json":{"title":"Baiame \u2013 Aboriginal Sky Father, mytologi och k\u00e4llor","description":"Baiame \u00e4r h\u00f6gguden i de aboriginska religionerna i syd\u00f6stra Australien. Religionsvetenskaplig genomg\u00e5ng med mytologi och k\u00e4llor.","robots":{"index":"index","follow":"follow","max-snippet":"max-snippet:-1","max-image-preview":"max-image-preview:large","max-video-preview":"max-video-preview:-1"},"canonical":"https:\/\/iwell-guard.com\/sv\/baiame-sky-father-sydostaustralien\/","og_locale":"sv_SE","og_type":"article","og_title":"Baiame \u2013 Sky Father hos aboriginerna i syd\u00f6stra Australien","og_description":"Baiame \u00e4r h\u00f6gguden i de aboriginska religionerna i syd\u00f6stra Australien. Religionsvetenskaplig genomg\u00e5ng med mytologi och k\u00e4llor.","og_url":"https:\/\/iwell-guard.com\/sv\/baiame-sky-father-sydostaustralien\/","og_site_name":"iWell Guard","article_modified_time":"2026-09-03T01:15:00+00:00","og_image":[{"width":1024,"height":1536,"url":"https:\/\/iwell-guard.com\/wp-content\/uploads\/2026\/05\/goetter_aboriginal_baiame.webp","type":"image\/webp"}],"twitter_card":"summary_large_image","schema":{"@context":"https:\/\/schema.org","@graph":[{"@type":"Article","@id":"https:\/\/iwell-guard.com\/sv\/baiame-sky-father-sydostaustralien\/#article","isPartOf":{"@id":"https:\/\/iwell-guard.com\/sv\/baiame-sky-father-sydostaustralien\/"},"author":{"name":"Ralf Ittermann","@id":"https:\/\/iwell-guard.com\/sv\/#\/schema\/person\/ee2a27f1cac3406c7c6fb5820cb7349f"},"headline":"Baiame \u2013 Sky Father hos aboriginerna i syd\u00f6stra Australien","datePublished":"2026-09-03T00:10:58+00:00","dateModified":"2026-09-03T01:15:00+00:00","mainEntityOfPage":{"@id":"https:\/\/iwell-guard.com\/sv\/baiame-sky-father-sydostaustralien\/"},"publisher":{"@id":"https:\/\/iwell-guard.com\/sv\/#organization"},"image":{"@id":"https:\/\/iwell-guard.com\/sv\/baiame-sky-father-sydostaustralien\/#primaryimage"},"thumbnailUrl":"https:\/\/iwell-guard.com\/wp-content\/uploads\/2026\/05\/goetter_aboriginal_baiame.webp","inLanguage":"sv-SE","description":"Baiame \u00e4r h\u00f6gguden i de aboriginska religionerna i syd\u00f6stra Australien. Religionsvetenskaplig genomg\u00e5ng med mytologi och k\u00e4llor."},{"@type":"WebPage","@id":"https:\/\/iwell-guard.com\/sv\/baiame-sky-father-sydostaustralien\/","url":"https:\/\/iwell-guard.com\/sv\/baiame-sky-father-sydostaustralien\/","name":"Baiame \u2013 Aboriginal Sky Father, mytologi och k\u00e4llor","isPartOf":{"@id":"https:\/\/iwell-guard.com\/sv\/#website"},"primaryImageOfPage":{"@id":"https:\/\/iwell-guard.com\/sv\/baiame-sky-father-sydostaustralien\/#primaryimage"},"image":{"@id":"https:\/\/iwell-guard.com\/sv\/baiame-sky-father-sydostaustralien\/#primaryimage"},"thumbnailUrl":"https:\/\/iwell-guard.com\/wp-content\/uploads\/2026\/05\/goetter_aboriginal_baiame.webp","datePublished":"2026-09-03T00:10:58+00:00","dateModified":"2026-09-03T01:15:00+00:00","description":"Baiame \u00e4r h\u00f6gguden i de aboriginska religionerna i syd\u00f6stra Australien. Religionsvetenskaplig genomg\u00e5ng med mytologi och k\u00e4llor.","breadcrumb":{"@id":"https:\/\/iwell-guard.com\/sv\/baiame-sky-father-sydostaustralien\/#breadcrumb"},"inLanguage":"sv-SE","potentialAction":[{"@type":"ReadAction","target":["https:\/\/iwell-guard.com\/sv\/baiame-sky-father-sydostaustralien\/"]}]},{"@type":"ImageObject","inLanguage":"sv-SE","@id":"https:\/\/iwell-guard.com\/sv\/baiame-sky-father-sydostaustralien\/#primaryimage","url":"https:\/\/iwell-guard.com\/wp-content\/uploads\/2026\/05\/goetter_aboriginal_baiame.webp","contentUrl":"https:\/\/iwell-guard.com\/wp-content\/uploads\/2026\/05\/goetter_aboriginal_baiame.webp","width":1024,"height":1536,"caption":"Gudar fr\u00e5n den aboriginska traditionen."},{"@type":"BreadcrumbList","@id":"https:\/\/iwell-guard.com\/sv\/baiame-sky-father-sydostaustralien\/#breadcrumb","itemListElement":[{"@type":"ListItem","position":1,"name":"Start","item":"https:\/\/iwell-guard.com\/sv\/?page_id=136483"},{"@type":"ListItem","position":2,"name":"Baiame \u2013 Sky Father hos aboriginerna i syd\u00f6stra Australien"}]},{"@type":"WebSite","@id":"https:\/\/iwell-guard.com\/sv\/#website","url":"https:\/\/iwell-guard.com\/sv\/","name":"iWell Guard","description":"Schutz vor dunklen Einfl\u00fcssen","publisher":{"@id":"https:\/\/iwell-guard.com\/sv\/#organization"},"potentialAction":[{"@type":"SearchAction","target":{"@type":"EntryPoint","urlTemplate":"https:\/\/iwell-guard.com\/sv\/?s={search_term_string}"},"query-input":{"@type":"PropertyValueSpecification","valueRequired":true,"valueName":"search_term_string"}}],"inLanguage":"sv-SE"},{"@type":"Organization","@id":"https:\/\/iwell-guard.com\/sv\/#organization","name":"Ittermann electronic GmbH","url":"https:\/\/iwell-guard.com\/sv\/","logo":{"@type":"ImageObject","inLanguage":"sv-SE","@id":"https:\/\/iwell-guard.com\/sv\/#\/schema\/logo\/image\/","url":"https:\/\/iwell-guard.com\/wp-content\/uploads\/2026\/05\/Ittermann-Logo-1182x237-1.png","contentUrl":"https:\/\/iwell-guard.com\/wp-content\/uploads\/2026\/05\/Ittermann-Logo-1182x237-1.png","width":1182,"height":237,"caption":"Ittermann electronic GmbH"},"image":{"@id":"https:\/\/iwell-guard.com\/sv\/#\/schema\/logo\/image\/"},"sameAs":["https:\/\/pantip.com\/profile\/9367242","https:\/\/micro.blog\/iwellguard","https:\/\/www.diggerslist.com\/iwellguard\/about","https:\/\/skitterphoto.com\/photographers\/2870314\/iwell-guard","https:\/\/iwellguard.wordpress.com\/2026\/06\/06\/iwell-guard\/","https:\/\/hub.docker.com\/u\/iwellguard","https:\/\/www.pinterest.com\/iwellguard\/","https:\/\/bit.ly\/m\/iwellguard","https:\/\/entre-vos-mains.alsace.eu\/profiles\/iwellguard\/activity","https:\/\/gravatar.com\/reallybeded8fd34","https:\/\/naijamatta.com\/iwellguard","https:\/\/www.goodreads.com\/iwellguard","https:\/\/profile.hatena.ne.jp\/iwellguard\/","https:\/\/experiment.com\/users\/iwellguard","https:\/\/wakelet.com\/@iWellGuard82270","https:\/\/www.chordie.com\/forum\/profile.php?id=2555664","https:\/\/www.instapaper.com\/p\/17757966","https:\/\/www.mapleprimes.com\/users\/iwellguard","https:\/\/businesslistingplus.com\/profile\/iwell-guard\/","https:\/\/telegra.ph\/iWell-Guard-06-06","https:\/\/pbase.com\/iwellguard\/iwellguard","https:\/\/b.hatena.ne.jp\/iwellguard\/20260607#bookmark-4788405196491818882","https:\/\/fliphtml5.com\/home\/iwellguard","https:\/\/anyflip.com\/homepage\/cmiwl#About","https:\/\/transfur.com\/Users\/iwellguard","http:\/\/delphi.larsbo.org\/user\/iwellguard","https:\/\/jobs.lajobsportal.org\/profiles\/8380803-iwell-guard","https:\/\/md.chaosdorf.de\/s\/jfbe5SBdJD","https:\/\/www.lingvolive.com\/en-us\/profile\/9ecaeaca-ce11-4e51-9e71-01d55e2bff36\/translations","https:\/\/www.fitday.com\/fitness\/forums\/members\/iwellguard.html","https:\/\/www.mymeetbook.com\/iwellguard","https:\/\/pxhere.com\/en\/photographer-me\/5040798","https:\/\/disqus.com\/by\/iwellguard\/about\/","https:\/\/pastelink.net\/hjwciqwq","https:\/\/pubhtml5.com\/homepage\/scjhn\/","https:\/\/www.bitchute.com\/channel\/2O2eOKzNqujT","https:\/\/audiomack.com\/iwellguard"]},{"@type":"Person","@id":"https:\/\/iwell-guard.com\/sv\/#\/schema\/person\/ee2a27f1cac3406c7c6fb5820cb7349f","name":"Ralf Ittermann","image":{"@type":"ImageObject","inLanguage":"sv-SE","@id":"https:\/\/secure.gravatar.com\/avatar\/073c0153e350a5005b68eb752b445fea71f6b24a26da9449ad7e155e6b446c9d?s=96&d=mm&r=g","url":"https:\/\/secure.gravatar.com\/avatar\/073c0153e350a5005b68eb752b445fea71f6b24a26da9449ad7e155e6b446c9d?s=96&d=mm&r=g","contentUrl":"https:\/\/secure.gravatar.com\/avatar\/073c0153e350a5005b68eb752b445fea71f6b24a26da9449ad7e155e6b446c9d?s=96&d=mm&r=g","caption":"Ralf Ittermann"},"givenName":"Ralf","familyName":"Ittermann","jobTitle":"Gesch\u00e4ftsf\u00fchrer und redaktioneller Verantwortlicher","url":"https:\/\/iwell-guard.com\/sv\/author\/claude\/","description":"Ralf Ittermann ist Gesch\u00e4ftsf\u00fchrer der Ittermann electronic GmbH und redaktioneller Verantwortlicher des iWell-Guard-Lexikons. Er verbindet langj\u00e4hrige Erfahrung in der Pr\u00e4zisionsfertigung mit medialer Praxis und religionsgeschichtlicher Quellenarbeit.","worksFor":{"@type":"Organization","name":"Ittermann electronic GmbH","url":"https:\/\/ittermann.de\/","address":{"@type":"PostalAddress","streetAddress":"K\u00f6hlergasse 16-18","postalCode":"99842","addressLocality":"Ruhla","addressCountry":"DE"}},"knowsAbout":["Religionsgeschichte","Mythologie","Mediale Praxis","Energetische Diagnostik","Schutzpraxis","Volksglauben","Westliche Esoterik"]},{"@type":"Article","@id":"https:\/\/iwell-guard.com\/sv\/baiame-sky-father-sydostaustralien\/#article","isPartOf":{"@id":"https:\/\/iwell-guard.com\/sv\/baiame-sky-father-sydostaustralien\/"},"author":{"name":"Ralf Ittermann","@id":"https:\/\/iwell-guard.com\/sv\/#\/schema\/person\/ee2a27f1cac3406c7c6fb5820cb7349f"},"headline":"Baiame \u2013 Sky Father hos aboriginerna i syd\u00f6stra Australien","datePublished":"2026-09-03T00:10:58+00:00","dateModified":"2026-09-03T01:15:00+00:00","mainEntityOfPage":{"@id":"https:\/\/iwell-guard.com\/sv\/baiame-sky-father-sydostaustralien\/"},"publisher":{"@id":"https:\/\/iwell-guard.com\/sv\/#organization"},"image":{"@id":"https:\/\/iwell-guard.com\/sv\/baiame-sky-father-sydostaustralien\/#primaryimage"},"thumbnailUrl":"https:\/\/iwell-guard.com\/wp-content\/uploads\/2026\/05\/goetter_aboriginal_baiame.webp","inLanguage":"sv-SE","description":"Baiame \u00e4r h\u00f6gguden i de aboriginska religionerna i syd\u00f6stra Australien. Religionsvetenskaplig genomg\u00e5ng med mytologi och k\u00e4llor."}]}},"_links":{"self":[{"href":"https:\/\/iwell-guard.com\/sv\/wp-json\/wp\/v2\/pages\/136894","targetHints":{"allow":["GET"]}}],"collection":[{"href":"https:\/\/iwell-guard.com\/sv\/wp-json\/wp\/v2\/pages"}],"about":[{"href":"https:\/\/iwell-guard.com\/sv\/wp-json\/wp\/v2\/types\/page"}],"author":[{"embeddable":true,"href":"https:\/\/iwell-guard.com\/sv\/wp-json\/wp\/v2\/users\/3"}],"replies":[{"embeddable":true,"href":"https:\/\/iwell-guard.com\/sv\/wp-json\/wp\/v2\/comments?post=136894"}],"version-history":[{"count":0,"href":"https:\/\/iwell-guard.com\/sv\/wp-json\/wp\/v2\/pages\/136894\/revisions"}],"wp:featuredmedia":[{"embeddable":true,"href":"https:\/\/iwell-guard.com\/sv\/wp-json\/wp\/v2\/media\/2868"}],"wp:attachment":[{"href":"https:\/\/iwell-guard.com\/sv\/wp-json\/wp\/v2\/media?parent=136894"}],"wp:term":[{"taxonomy":"category","embeddable":true,"href":"https:\/\/iwell-guard.com\/sv\/wp-json\/wp\/v2\/categories?post=136894"}],"curies":[{"name":"wp","href":"https:\/\/api.w.org\/{rel}","templated":true}]}}