{"id":136891,"date":"2026-09-03T00:10:57","date_gmt":"2026-09-03T00:10:57","guid":{"rendered":"https:\/\/iwell-guard.com\/?page_id=136891"},"modified":"2026-09-03T01:14:56","modified_gmt":"2026-09-03T01:14:56","slug":"asbuiga-burjatisk-hastskyddsande","status":"publish","type":"page","link":"https:\/\/iwell-guard.com\/sv\/asbuiga-burjatisk-hastskyddsande\/","title":{"rendered":"Asbuiga \u2013 Burjatisk h\u00e4stskyddsande"},"content":{"rendered":"\t\t<div data-elementor-type=\"wp-page\" data-elementor-id=\"136891\" class=\"elementor elementor-136891 elementor-2643 elementor-bc-flex-widget\" data-elementor-post-type=\"page\">\n\t\t\t\t<div class=\"elementor-element elementor-element-iwgw-asbuiga-hero e-flex e-con-boxed e-con e-parent\" data-id=\"iwgw-asbuiga-hero\" data-element_type=\"container\" data-e-type=\"container\" data-settings=\"{&quot;background_background&quot;:&quot;classic&quot;}\">\n\t\t\t\t\t<div class=\"e-con-inner\">\n\t\t<div class=\"elementor-element elementor-element-iwgw-asbuiga-hl e-flex e-con-boxed e-con e-child\" data-id=\"iwgw-asbuiga-hl\" data-element_type=\"container\" data-e-type=\"container\">\n\t\t\t\t\t<div class=\"e-con-inner\">\n\t\t<div class=\"elementor-element elementor-element-iwgw-asbuiga-htxt e-con-full e-flex e-con e-child\" data-id=\"iwgw-asbuiga-htxt\" data-element_type=\"container\" data-e-type=\"container\">\n\t\t\t\t<div class=\"elementor-element elementor-element-iwgw-asbuiga-h1 elementor-widget elementor-widget-heading\" data-id=\"iwgw-asbuiga-h1\" data-element_type=\"widget\" data-e-type=\"widget\" data-widget_type=\"heading.default\">\n\t\t\t\t\t<h1 class=\"elementor-heading-title elementor-size-default\">Asbuiga, burjatisk-mongolisk h\u00e4stskyddsande och hj\u00e4lpande ande \u00e5t schamanerna<\/h1>\t\t\t\t<\/div>\n\t\t\t\t<div class=\"elementor-element elementor-element-iwgw-asbuiga-lead elementor-widget elementor-widget-text-editor\" data-id=\"iwgw-asbuiga-lead\" data-element_type=\"widget\" data-e-type=\"widget\" data-widget_type=\"text-editor.default\">\n\t\t\t\t\t\t\t\t\t<p>Asbuiga \u00e4r en burjatisk-mongolisk h\u00e4stskyddsande som inom burjaternas schamankomplex upptr\u00e4der som hj\u00e4lpande ande \u00e5t de \u00f6vre, \u201dvita\u201d schamanerna (<em>tsagaan b\u00f6\u00f6<\/em>) och som ansvarar f\u00f6r ordningen i h\u00e4sthjordarna.<\/p>\t\t\t\t\t\t\t\t<\/div>\n\t\t\t\t<\/div>\n\t\t<div class=\"elementor-element elementor-element-iwgw-asbuiga-pillc e-con-full e-flex e-con e-child\" data-id=\"iwgw-asbuiga-pillc\" data-element_type=\"container\" data-e-type=\"container\">\n\t\t\t\t<div class=\"elementor-element elementor-element-iwgw-asbuiga-pills elementor-widget elementor-widget-html\" data-id=\"iwgw-asbuiga-pills\" data-element_type=\"widget\" data-e-type=\"widget\" data-widget_type=\"html.default\">\n\t\t\t\t\t<div class=\"iwg-pill-row\"><span class=\"iwg-klasse-badge\" tabindex=\"0\" data-tooltip=\"Schamansk hj\u00e4lpande ande inom traditionen Sibirien \/ tengrism.\">Schamansk hj\u00e4lpande ande<\/span><a href=\"https:\/\/iwell-guard.com\/sv\/sibirisk-schamanism-och-tengrism-stapp-och-tajga\/\" class=\"iwg-kultur-badge\" tabindex=\"0\" data-tooltip=\"Mytologi inom traditionen Sibirien \/ tengrism.\">Sibirien \/ tengrism<\/a><span class=\"iwg-tradition-badge\" tabindex=\"0\" data-tooltip=\"Hj\u00e4lpande ande.\">Hj\u00e4lpande ande<\/span><\/div>\t\t\t\t<\/div>\n\t\t\t\t<\/div>\n\t\t<div class=\"elementor-element elementor-element-iwgw-asbuiga-tocc e-con-full e-flex e-con e-child\" data-id=\"iwgw-asbuiga-tocc\" data-element_type=\"container\" data-e-type=\"container\">\n\t\t\t\t<div class=\"elementor-element elementor-element-iwgw-asbuiga-toc elementor-toc--minimized-on-tablet elementor-widget elementor-widget-table-of-contents\" data-id=\"iwgw-asbuiga-toc\" data-element_type=\"widget\" data-e-type=\"widget\" data-settings=\"{&quot;headings_by_tags&quot;:[&quot;h2&quot;,&quot;h3&quot;],&quot;minimize_box&quot;:&quot;yes&quot;,&quot;marker_view&quot;:&quot;bullets&quot;,&quot;no_headings_message&quot;:&quot;Inga rubriker hittades p\\u00e5 den h\\u00e4r sidan.&quot;,&quot;exclude_headings_by_selector&quot;:[],&quot;icon&quot;:{&quot;value&quot;:&quot;fas fa-circle&quot;,&quot;library&quot;:&quot;fa-solid&quot;,&quot;rendered_tag&quot;:&quot;&lt;svg class=\\&quot;e-font-icon-svg e-fas-circle\\&quot; viewBox=\\&quot;0 0 512 512\\&quot; xmlns=\\&quot;http:\\\/\\\/www.w3.org\\\/2000\\\/svg\\&quot;&gt;&lt;path d=\\&quot;M256 8C119 8 8 119 8 256s111 248 248 248 248-111 248-248S393 8 256 8z\\&quot;&gt;&lt;\\\/path&gt;&lt;\\\/svg&gt;&quot;},&quot;minimized_on&quot;:&quot;tablet&quot;,&quot;hierarchical_view&quot;:&quot;yes&quot;,&quot;min_height&quot;:{&quot;unit&quot;:&quot;px&quot;,&quot;size&quot;:&quot;&quot;,&quot;sizes&quot;:[]},&quot;min_height_tablet&quot;:{&quot;unit&quot;:&quot;px&quot;,&quot;size&quot;:&quot;&quot;,&quot;sizes&quot;:[]},&quot;min_height_mobile&quot;:{&quot;unit&quot;:&quot;px&quot;,&quot;size&quot;:&quot;&quot;,&quot;sizes&quot;:[]}}\" data-widget_type=\"table-of-contents.default\">\n\t\t\t\t\t\t\t\t\t<div class=\"elementor-toc__header\">\n\t\t\t\t\t\t<h2 class=\"elementor-toc__header-title\">\n\t\t\t\tInneh\u00e5llsf\u00f6rteckning\t\t\t<\/h2>\n\t\t\t\t\t\t\t\t\t\t<div class=\"elementor-toc__toggle-button elementor-toc__toggle-button--expand\" role=\"button\" tabindex=\"0\" aria-controls=\"elementor-toc__iwgw-asbuiga-toc\" aria-expanded=\"true\" aria-label=\"\u00d6ppna inneh\u00e5llsf\u00f6rteckning\"><svg aria-hidden=\"true\" class=\"e-font-icon-svg e-fas-chevron-down\" viewBox=\"0 0 448 512\" xmlns=\"http:\/\/www.w3.org\/2000\/svg\"><path d=\"M207.029 381.476L12.686 187.132c-9.373-9.373-9.373-24.569 0-33.941l22.667-22.667c9.357-9.357 24.522-9.375 33.901-.04L224 284.505l154.745-154.021c9.379-9.335 24.544-9.317 33.901.04l22.667 22.667c9.373 9.373 9.373 24.569 0 33.941L240.971 381.476c-9.373 9.372-24.569 9.372-33.942 0z\"><\/path><\/svg><\/div>\n\t\t\t\t<div class=\"elementor-toc__toggle-button elementor-toc__toggle-button--collapse\" role=\"button\" tabindex=\"0\" aria-controls=\"elementor-toc__iwgw-asbuiga-toc\" aria-expanded=\"true\" aria-label=\"St\u00e4ng inneh\u00e5llsf\u00f6rteckning\"><svg aria-hidden=\"true\" class=\"e-font-icon-svg e-fas-chevron-up\" viewBox=\"0 0 448 512\" xmlns=\"http:\/\/www.w3.org\/2000\/svg\"><path d=\"M240.971 130.524l194.343 194.343c9.373 9.373 9.373 24.569 0 33.941l-22.667 22.667c-9.357 9.357-24.522 9.375-33.901.04L224 227.495 69.255 381.516c-9.379 9.335-24.544 9.317-33.901-.04l-22.667-22.667c-9.373-9.373-9.373-24.569 0-33.941L207.03 130.525c9.372-9.373 24.568-9.373 33.941-.001z\"><\/path><\/svg><\/div>\n\t\t\t\t\t<\/div>\n\t\t\t\t<div id=\"elementor-toc__iwgw-asbuiga-toc\" class=\"elementor-toc__body\">\n\t\t\t<div class=\"elementor-toc__spinner-container\">\n\t\t\t\t<svg class=\"elementor-toc__spinner eicon-animation-spin e-font-icon-svg e-eicon-loading\" aria-hidden=\"true\" viewBox=\"0 0 1000 1000\" xmlns=\"http:\/\/www.w3.org\/2000\/svg\"><path d=\"M500 975V858C696 858 858 696 858 500S696 142 500 142 142 304 142 500H25C25 237 238 25 500 25S975 237 975 500 763 975 500 975Z\"><\/path><\/svg>\t\t\t<\/div>\n\t\t<\/div>\n\t\t\t\t\t\t<\/div>\n\t\t\t\t<\/div>\n\t\t\t\t\t<\/div>\n\t\t\t\t<\/div>\n\t\t<div class=\"elementor-element elementor-element-iwgw-asbuiga-hr e-con-full e-flex e-con e-child\" data-id=\"iwgw-asbuiga-hr\" data-element_type=\"container\" data-e-type=\"container\">\n\t\t\t\t<div class=\"elementor-element elementor-element-iwgw-asbuiga-heroimg iwg-hero-image elementor-widget elementor-widget-image\" data-id=\"iwgw-asbuiga-heroimg\" data-element_type=\"widget\" data-e-type=\"widget\" data-widget_type=\"image.default\">\n\t\t\t\t\t\t\t\t\t\t\t\t\t\t\t<img fetchpriority=\"high\" decoding=\"async\" width=\"683\" height=\"1024\" src=\"https:\/\/iwell-guard.com\/wp-content\/uploads\/2026\/05\/geister_sibirisch-tengrismus_asbuiga-683x1024.webp\" class=\"attachment-large size-large wp-image-136083\" alt=\"Asbuiga - andar fr\u00e5n den sibirisk-tengristiska traditionen, historiskt-illustrativt\" srcset=\"https:\/\/iwell-guard.com\/wp-content\/uploads\/2026\/05\/geister_sibirisch-tengrismus_asbuiga-683x1024.webp 683w, https:\/\/iwell-guard.com\/wp-content\/uploads\/2026\/05\/geister_sibirisch-tengrismus_asbuiga-200x300.webp 200w, https:\/\/iwell-guard.com\/wp-content\/uploads\/2026\/05\/geister_sibirisch-tengrismus_asbuiga-768x1152.webp 768w, https:\/\/iwell-guard.com\/wp-content\/uploads\/2026\/05\/geister_sibirisch-tengrismus_asbuiga.webp 1024w\" sizes=\"(max-width: 683px) 100vw, 683px\" \/>\t\t\t\t\t\t\t\t\t\t\t\t\t\t\t<\/div>\n\t\t\t\t<\/div>\n\t\t\t\t\t<\/div>\n\t\t\t\t<\/div>\n\t\t<div class=\"elementor-element elementor-element-iwgw-asbuiga-s0 e-flex e-con-boxed e-con e-parent\" data-id=\"iwgw-asbuiga-s0\" data-element_type=\"container\" data-e-type=\"container\">\n\t\t\t\t\t<div class=\"e-con-inner\">\n\t\t\t\t<div class=\"elementor-element elementor-element-iwgw-asbuiga-s0h elementor-widget elementor-widget-heading\" data-id=\"iwgw-asbuiga-s0h\" data-element_type=\"widget\" data-e-type=\"widget\" data-widget_type=\"heading.default\">\n\t\t\t\t\t<h2 class=\"elementor-heading-title elementor-size-default\">Kontextualisering och kortprofil<\/h2>\t\t\t\t<\/div>\n\t\t<div class=\"elementor-element elementor-element-iwgw-asbuiga-s0c e-con-full e-flex e-con e-child\" data-id=\"iwgw-asbuiga-s0c\" data-element_type=\"container\" data-e-type=\"container\">\n\t\t\t\t<div class=\"elementor-element elementor-element-iwgw-asbuiga-s0t elementor-widget elementor-widget-text-editor\" data-id=\"iwgw-asbuiga-s0t\" data-element_type=\"widget\" data-e-type=\"widget\" data-widget_type=\"text-editor.default\">\n\t\t\t\t\t\t\t\t\t<p>Asbuiga \u00e4r en relativt lite k\u00e4nd men f\u00f6r det burjatiska specialskiktet karakteristisk hj\u00e4lpande ande. Till skillnad fr\u00e5n sachas stora h\u00e4stgudar (<a href=\"https:\/\/iwell-guard.com\/sv\/yhych-khan-jakutisk-hastherre\/\">Yhych-Khan<\/a>) \u00e4r han ingen h\u00f6gguddomlighet, utan en tj\u00e4nande, riktad <span class=\"iwg-fachbegriff\" data-tooltip=\"En kroppsl\u00f6s varelse som tillskrivs verkan i v\u00e4rlden.\" tabindex=\"0\">ande<\/span> inom det burjatiska schamanhuset (<em>b\u00f6\u00f6-tngri<\/em>-systemet).<\/p><p>Inom den <a href=\"https:\/\/iwell-guard.com\/sv\/sibirisk-schamanism-och-tengrism-stapp-och-tajga\/\">sibirisk-tengristiska traditionen<\/a> illustrerar han hur den h\u00f6gguddomliga h\u00e4stfunktionen i yngre, mer specialiserade skikt f\u00f6rdelas p\u00e5 enskilda hj\u00e4lpandar. Burjaterna k\u00e4nner till ett helt <span class=\"iwg-fachbegriff\" data-tooltip=\"Samtliga gudar inom en religion eller kultur.\" tabindex=\"0\">pantheon<\/span> av s\u00e5dana specialandar, vilket i forskningen har beskrivits som en \u201dburjatisk gudaskara\u201d (Mih\u00e1ly Hopp\u00e1l).<\/p><p>Burjaterna lever vid Bajkalsj\u00f6n och i Transbajkaliens st\u00e4pper. Deras religion \u00e4r en s\u00e4rskilt rik blandning av gamla mongolisk-tengristiska skikt, buddhistiska influenser (gelugskolan sedan 1600-talet) och sibirisk-schamanistiska komponenter. Asbuiga h\u00f6r till det schamanistiska skiktet, som delvis f\u00f6rsvarades mot buddhismen.<\/p>\t\t\t\t\t\t\t\t<\/div>\n\t\t\t\t<\/div>\n\t\t\t\t\t<\/div>\n\t\t\t\t<\/div>\n\t\t<div class=\"elementor-element elementor-element-iwgw-asbuiga-s1 e-flex e-con-boxed e-con e-parent\" data-id=\"iwgw-asbuiga-s1\" data-element_type=\"container\" data-e-type=\"container\">\n\t\t\t\t\t<div class=\"e-con-inner\">\n\t\t\t\t<div class=\"elementor-element elementor-element-iwgw-asbuiga-s1h elementor-widget elementor-widget-heading\" data-id=\"iwgw-asbuiga-s1h\" data-element_type=\"widget\" data-e-type=\"widget\" data-widget_type=\"heading.default\">\n\t\t\t\t\t<h2 class=\"elementor-heading-title elementor-size-default\">Namn och etymologi<\/h2>\t\t\t\t<\/div>\n\t\t<div class=\"elementor-element elementor-element-iwgw-asbuiga-s1c e-con-full e-flex e-con e-child\" data-id=\"iwgw-asbuiga-s1c\" data-element_type=\"container\" data-e-type=\"container\">\n\t\t\t\t<div class=\"elementor-element elementor-element-iwgw-asbuiga-s1t elementor-widget elementor-widget-text-editor\" data-id=\"iwgw-asbuiga-s1t\" data-element_type=\"widget\" data-e-type=\"widget\" data-widget_type=\"text-editor.default\">\n\t\t\t\t\t\t\t\t\t<p>Namnet <em>Asbuiga<\/em> \u00e4r etablerat som egennamn i den burjatiska traditionen, men en tydlig etymologisk h\u00e4rledning saknas. N\u00e5gra forskare f\u00f6resl\u00e5r en koppling till <em>asuu \/ asha<\/em> (\u201dskydd\u201d) och <em>buyaga<\/em> (en h\u00e4strelaterad ordrot), vilket skulle tyda namnet som \u201dh\u00e4stv\u00e4ktare\u201d. Hypotesen \u00e4r rimlig men inte slutgiltigt klarlagd.<\/p><p>En alternativ h\u00e4rledning kopplar namnet till det burjatiska <em>ashanaa<\/em>, en rituell h\u00e4stritt runt festplatsen som f\u00f6rknippas med Asbuiga. I denna tolkning skulle namnet vara <span class=\"iwg-fachbegriff\" data-tooltip=\"En reglerad f\u00f6ljd av symboliska handlingar med religi\u00f6s eller kulturell betydelse.\" tabindex=\"0\">ritual<\/span>funktionellt snarare \u00e4n prim\u00e4rt anatomiskt eller egenskapsbetonat.<\/p><p>Hangalov, den viktigaste burjatiska etnografen under det tidiga 1900-talet, dokumenterade ordet i sitt Sobranie sochinenij (Ulan-Ude 1958, 60) utan att slutgiltigt fastst\u00e4lla etymologin. Denna \u00f6ppenhet kring etymologin \u00e4r religionsvetenskapligt inte ovanlig f\u00f6r specialandar.<\/p>\t\t\t\t\t\t\t\t<\/div>\n\t\t\t\t<\/div>\n\t\t\t\t\t<\/div>\n\t\t\t\t<\/div>\n\t\t<div class=\"elementor-element elementor-element-iwgw-asbuiga-s2 e-flex e-con-boxed e-con e-parent\" data-id=\"iwgw-asbuiga-s2\" data-element_type=\"container\" data-e-type=\"container\">\n\t\t\t\t\t<div class=\"e-con-inner\">\n\t\t\t\t<div class=\"elementor-element elementor-element-iwgw-asbuiga-s2h elementor-widget elementor-widget-heading\" data-id=\"iwgw-asbuiga-s2h\" data-element_type=\"widget\" data-e-type=\"widget\" data-widget_type=\"heading.default\">\n\t\t\t\t\t<h2 class=\"elementor-heading-title elementor-size-default\">Beskrivning och ikonografi<\/h2>\t\t\t\t<\/div>\n\t\t<div class=\"elementor-element elementor-element-iwgw-asbuiga-s2c e-con-full e-flex e-con e-child\" data-id=\"iwgw-asbuiga-s2c\" data-element_type=\"container\" data-e-type=\"container\">\n\t\t\t\t<div class=\"elementor-element elementor-element-iwgw-asbuiga-s2t elementor-widget elementor-widget-text-editor\" data-id=\"iwgw-asbuiga-s2t\" data-element_type=\"widget\" data-e-type=\"widget\" data-widget_type=\"text-editor.default\">\n\t\t\t\t\t\t\t\t\t<p>Asbuiga avbildas som en ridande man p\u00e5 en r\u00f6dbrun (fux) h\u00e4st, med ett l\u00e5ngt svep av h\u00e4sth\u00e5rtofsar vid sadeln. P\u00e5 de burjatiska schamanspeglarna (<em>toli<\/em>) f\u00f6rekommer han som en mindre pr\u00e4glad ryttarfigur i den nedre raden av hj\u00e4lpandar. I vissa stamhus var en snidad Asbuiga-stav en del av de schamanska insignierna.<\/p><p>Burjaternas <em>toli<\/em>-speglar \u00e4r ett ovanligt religionsmateriellt f\u00f6rem\u00e5l: cirkelrunda skivor av brons eller j\u00e4rn med inpr\u00e4glade hj\u00e4lpandebilder, som <span class=\"iwg-fachbegriff\" data-tooltip=\"Religi\u00f6s specialist som tillskrivs f\u00f6rmedlingen mellan m\u00e4nniskor och andev\u00e4rlden.\" tabindex=\"0\">schamanen<\/span> b\u00e4r p\u00e5 br\u00f6stet eller ryggen. Asbuiga h\u00f6r till de vanligare f\u00f6rekommande figurerna i denna mikroikonografi.<\/p><p>I samlingarna vid Republiken Burjatiens museum (Ulan-Ude) finns flera Asbuiga-stavar och toli-speglar med Asbuiga-motiv bevarade. Caroline Humphrey har behandlat denna materiella kultur utf\u00f6rligt i <em>Shamans and Elders<\/em> (1996).<\/p>\t\t\t\t\t\t\t\t<\/div>\n\t\t\t\t<\/div>\n\t\t\t\t\t<\/div>\n\t\t\t\t<\/div>\n\t\t<div class=\"elementor-element elementor-element-iwgw-asbuiga-s3 e-flex e-con-boxed e-con e-parent\" data-id=\"iwgw-asbuiga-s3\" data-element_type=\"container\" data-e-type=\"container\">\n\t\t\t\t\t<div class=\"e-con-inner\">\n\t\t\t\t<div class=\"elementor-element elementor-element-iwgw-asbuiga-s3h elementor-widget elementor-widget-heading\" data-id=\"iwgw-asbuiga-s3h\" data-element_type=\"widget\" data-e-type=\"widget\" data-widget_type=\"heading.default\">\n\t\t\t\t\t<h2 class=\"elementor-heading-title elementor-size-default\">Mytologiska ber\u00e4ttelser<\/h2>\t\t\t\t<\/div>\n\t\t<div class=\"elementor-element elementor-element-iwgw-asbuiga-s3c e-con-full e-flex e-con e-child\" data-id=\"iwgw-asbuiga-s3c\" data-element_type=\"container\" data-e-type=\"container\">\n\t\t\t\t<div class=\"elementor-element elementor-element-iwgw-asbuiga-s3t elementor-widget elementor-widget-text-editor\" data-id=\"iwgw-asbuiga-s3t\" data-element_type=\"widget\" data-e-type=\"widget\" data-widget_type=\"text-editor.default\">\n\t\t\t\t\t\t\t\t\t<p>De burjatiska schamangenealogierna (Hangalov, 1958) ber\u00e4ttar att Asbuiga s\u00e4ndes av en av de 33 v\u00e4stliga tengrierna till en stam i Cis-Bajkalomr\u00e5det f\u00f6r att bygga upp hjordarna p\u00e5 nytt efter en h\u00e4stpest.<\/p><p>Sedan den g\u00e5ngen upptr\u00e4der han vid schamanernas initiationer som \u201dh\u00e4stl\u00e4rm\u00e4stare\u201d och ger den nya schamanen f\u00f6rm\u00e5gan att h\u00f6ra \u201dmed h\u00e4st\u00f6ra\u201d, det vill s\u00e4ga att f\u00f6rst\u00e5 hjordens r\u00f6ster.<\/p><p>En andra ber\u00e4ttelse skildrar hur Asbuiga tillsammans med andra hj\u00e4lpandar \u201dbotar\u201d en sjuk hingst som tillh\u00f6r en stamh\u00f6vding, inom traditionen genom att l\u00e4gga p\u00e5 en spegelskiva och rida runt hjorden tre g\u00e5nger. Denna ber\u00e4ttelse \u00e4r religionsantropologiskt en modellber\u00e4ttelse f\u00f6r den schamanska helandepraktiken.<\/p><p>En tredje ber\u00e4ttelse beskriver Asbuigas kamp med en l\u00e4gre <em>khargi<\/em>-skadeande som vill g\u00f6ra stona ofruktsamma. Asbuiga vinner genom en list: han rider bakl\u00e4nges genom f\u00e5llan och skadeanden g\u00e5r vilse. Detta trickster-<span class=\"iwg-fachbegriff\" data-tooltip=\"Ett \u00e5terkommande inneh\u00e5llselement i konst eller ber\u00e4ttelse.\" tabindex=\"0\">motiv<\/span> p\u00e5minner om m\u00e5nga andra ber\u00e4ttelser om specialandar i Sibirien.<\/p>\t\t\t\t\t\t\t\t<\/div>\n\t\t\t\t<\/div>\n\t\t\t\t\t<\/div>\n\t\t\t\t<\/div>\n\t\t<div class=\"elementor-element elementor-element-iwgw-asbuiga-s4 e-flex e-con-boxed e-con e-parent\" data-id=\"iwgw-asbuiga-s4\" data-element_type=\"container\" data-e-type=\"container\">\n\t\t\t\t\t<div class=\"e-con-inner\">\n\t\t\t\t<div class=\"elementor-element elementor-element-iwgw-asbuiga-s4h elementor-widget elementor-widget-heading\" data-id=\"iwgw-asbuiga-s4h\" data-element_type=\"widget\" data-e-type=\"widget\" data-widget_type=\"heading.default\">\n\t\t\t\t\t<h2 class=\"elementor-heading-title elementor-size-default\">Kult och v\u00f6rdnad<\/h2>\t\t\t\t<\/div>\n\t\t<div class=\"elementor-element elementor-element-iwgw-asbuiga-s4c e-con-full e-flex e-con e-child\" data-id=\"iwgw-asbuiga-s4c\" data-element_type=\"container\" data-e-type=\"container\">\n\t\t\t\t<div class=\"elementor-element elementor-element-iwgw-asbuiga-s4t elementor-widget elementor-widget-text-editor\" data-id=\"iwgw-asbuiga-s4t\" data-element_type=\"widget\" data-e-type=\"widget\" data-widget_type=\"text-editor.default\">\n\t\t\t\t\t\t\t\t\t<p>Asbuiga har ingen offentlig <span class=\"iwg-fachbegriff\" data-tooltip=\"Helheten av de religi\u00f6sa v\u00f6rdnadshandlingar som \u00e4gnas en gudom eller helig gestalt.\" tabindex=\"0\">kult<\/span>; v\u00f6rdnaden av honom h\u00f6r till den slutna sf\u00e4ren av schamaninitiation och den \u00e5rliga h\u00e4sthelgningen.<\/p><p>Vid sistn\u00e4mnda utses en frisk h\u00e4st till \u201eAsbuiga-h\u00e4st\u201c: den f\u00e5r inte l\u00e4ngre t\u00e4mjas, ridas eller slaktas och lever fritt i hjorden. I <a href=\"https:\/\/iwell-guard.com\/sv\/khormusta-hogste-himmelsgud\/\">Khormusta<\/a>-centrerade schamansessioner \u00e5kallas Asbuiga bland hj\u00e4lpandarna n\u00e4r det g\u00e4ller h\u00e4stfr\u00e5gor.<\/p><p>Caroline Humphrey har i <em>Shamans and Elders<\/em> (1996) beskrivit en s\u00e5dan session i detalj: <span class=\"iwg-fachbegriff\" data-tooltip=\"Religi\u00f6s specialist som tillskrivs f\u00f6rm\u00e5gan att f\u00f6rmedla mellan m\u00e4nniskor och andev\u00e4rlden.\" tabindex=\"0\">Schamanen<\/span> \u00e5kallar i tur och ordning Tengri, Khormusta, sedan stammens f\u00f6rf\u00e4der och slutligen de specialiserade hj\u00e4lpandarna som Asbuiga. Denna rangordning av \u00e5kallelserna \u00e4r en central liturgisk form inom det burjatiska <span class=\"iwg-fachbegriff\" data-tooltip=\"Religi\u00f6st system d\u00e4r specialister umg\u00e5s med andev\u00e4rlden.\" tabindex=\"0\">schamanismen<\/span>.<\/p><p>Under sovjettiden undertrycktes Asbuiga-<span class=\"iwg-fachbegriff\" data-tooltip=\"Helheten av de religi\u00f6sa v\u00f6rdnadshandlingar som \u00e4gnas en gudom eller helig gestalt.\" tabindex=\"0\">kulten<\/span> n\u00e4stan helt; de f\u00e5 bevarade ut\u00f6varna arbetade i hemlighet. Sedan 1991 upplever den en f\u00f6rsiktig ren\u00e4ssans i stamomr\u00e5dena vid Bajkalsj\u00f6ns \u00f6stra strand.<\/p>\t\t\t\t\t\t\t\t<\/div>\n\t\t\t\t<\/div>\n\t\t\t\t\t<\/div>\n\t\t\t\t<\/div>\n\t\t<div class=\"elementor-element elementor-element-iwgw-asbuiga-s5 e-flex e-con-boxed e-con e-parent\" data-id=\"iwgw-asbuiga-s5\" data-element_type=\"container\" data-e-type=\"container\">\n\t\t\t\t\t<div class=\"e-con-inner\">\n\t\t\t\t<div class=\"elementor-element elementor-element-iwgw-asbuiga-s5h elementor-widget elementor-widget-heading\" data-id=\"iwgw-asbuiga-s5h\" data-element_type=\"widget\" data-e-type=\"widget\" data-widget_type=\"heading.default\">\n\t\t\t\t\t<h2 class=\"elementor-heading-title elementor-size-default\">Skyddspraxis och apotrop\u00e4iskt<\/h2>\t\t\t\t<\/div>\n\t\t<div class=\"elementor-element elementor-element-iwgw-asbuiga-s5c e-con-full e-flex e-con e-child\" data-id=\"iwgw-asbuiga-s5c\" data-element_type=\"container\" data-e-type=\"container\">\n\t\t\t\t<div class=\"elementor-element elementor-element-iwgw-asbuiga-s5t elementor-widget elementor-widget-text-editor\" data-id=\"iwgw-asbuiga-s5t\" data-element_type=\"widget\" data-e-type=\"widget\" data-widget_type=\"text-editor.default\">\n\t\t\t\t\t\t\t\t\t<p>Religionsvetenskapligt beskrivet: apotrop\u00e4iska praktiker inom Asbuiga-komplexet syftar till att skydda h\u00e4sthjorden. Vanliga inslag \u00e4r att h\u00e4nga upp vita h\u00e4sth\u00e5rstofsar p\u00e5 stop\u00e5leln, att r\u00f6ka stallstolparna med enb\u00e4r och att undvika vissa tabuord i n\u00e4rheten av hjorden (ordet \u201evarg\u201c ers\u00e4tts till exempel med <em>kheer<\/em>, \u201ef\u00e4lt\u201c).<\/p><p>Offerg\u00e5vor till en <em>obo<\/em>-stenh\u00f6g med anknytning till Asbuiga f\u00f6rnyas i vissa stamomr\u00e5den p\u00e5 den f\u00f6rsta v\u00e5rdagen.<\/p><p>En s\u00e4rskild praktik \u00e4r <em>shig<\/em>&#8211;<span class=\"iwg-fachbegriff\" data-tooltip=\"En reglerad f\u00f6ljd av symboliska handlingar med religi\u00f6s eller kulturell betydelse.\" tabindex=\"0\">ritualen<\/span>: p\u00e5 dagar d\u00e5 ett nytt f\u00f6l f\u00f6ds offrar familjen en bit br\u00f6d och lite stomj\u00f6lk till Asbuiga och uttalar en kort <span class=\"iwg-fachbegriff\" data-tooltip=\"Det bedjande eller besv\u00e4rjande tilltalet av en gudom eller makt.\" tabindex=\"0\">\u00e5kallelse<\/span>. Denna <span class=\"iwg-fachbegriff\" data-tooltip=\"En reglerad f\u00f6ljd av symboliska handlingar med religi\u00f6s eller kulturell betydelse.\" tabindex=\"0\">ritual<\/span> lever fortfarande i flera burjatiska byar.<\/p><p>Inom traditionen tolkas brott mot denna praktik som orsak till h\u00e4stsjukdomar; ur det etnografiska utifr\u00e5nperspektivet \u00e4r det snarare regler som strukturerar vardagen och ger en kulturell form \u00e5t h\u00e4stuppf\u00f6dningens ekonomiska k\u00e4nslighet. De tv\u00e5 perspektiven utesluter inte varandra utan st\u00e5r sida vid sida.<\/p>\t\t\t\t\t\t\t\t<\/div>\n\t\t\t\t<\/div>\n\t\t\t\t\t<\/div>\n\t\t\t\t<\/div>\n\t\t<div class=\"elementor-element elementor-element-iwgw-asbuiga-s6 e-flex e-con-boxed e-con e-parent\" data-id=\"iwgw-asbuiga-s6\" data-element_type=\"container\" data-e-type=\"container\">\n\t\t\t\t\t<div class=\"e-con-inner\">\n\t\t\t\t<div class=\"elementor-element elementor-element-iwgw-asbuiga-s6h elementor-widget elementor-widget-heading\" data-id=\"iwgw-asbuiga-s6h\" data-element_type=\"widget\" data-e-type=\"widget\" data-widget_type=\"heading.default\">\n\t\t\t\t\t<h2 class=\"elementor-heading-title elementor-size-default\">Paralleller i andra kulturer<\/h2>\t\t\t\t<\/div>\n\t\t<div class=\"elementor-element elementor-element-iwgw-asbuiga-s6c e-con-full e-flex e-con e-child\" data-id=\"iwgw-asbuiga-s6c\" data-element_type=\"container\" data-e-type=\"container\">\n\t\t\t\t<div class=\"elementor-element elementor-element-iwgw-asbuiga-s6t elementor-widget elementor-widget-text-editor\" data-id=\"iwgw-asbuiga-s6t\" data-element_type=\"widget\" data-e-type=\"widget\" data-widget_type=\"text-editor.default\">\n\t\t\t\t\t\t\t\t\t<p>Parallellt med de keltiska h\u00e4standarna (Epona som h\u00f6gsta gudinna, j\u00e4mte mindre h\u00e4stdaimoner), de slaviska Domovoj-specialiseringarna f\u00f6r boskapen och de finska <em>haltija<\/em>. Religionsfenomenologiskt visar Asbuiga att den schamanska hj\u00e4lpandev\u00e4rlden \u00e4r funktionellt uppdelad och starkt knuten till samh\u00e4llets ekonomiska k\u00e4rna.<\/p><p>I Sibirien sj\u00e4lvt \u00e4r den n\u00e4rmaste parallellen den jakutiska <em>kuralay<\/em>, en skyddsande f\u00f6r ston, underordnad <a href=\"https:\/\/iwell-guard.com\/sv\/yhych-khan-jakutisk-hastherre\/\">Yhych-Khan<\/a>. Hierarkin h\u00f6gsta gudom \u00f6ver specialgud \u00f6ver hj\u00e4lpande \u00e5terkommer allts\u00e5 i flera sibiriska panteon.<\/p><p>En intressant j\u00e4mf\u00f6relse \u00e4r ocks\u00e5 det mongoliska <em>khaidam<\/em>-komplexet, d\u00e4r enskilda hj\u00e4lpandar tilldelas enskilda djur. Den strukturella likheten \u00e4r stor; det exakta historiska sambandet \u00e4r f\u00f6rem\u00e5l f\u00f6r forskning.<\/p>\t\t\t\t\t\t\t\t<\/div>\n\t\t\t\t<\/div>\n\t\t\t\t\t<\/div>\n\t\t\t\t<\/div>\n\t\t<div class=\"elementor-element elementor-element-iwgw-asbuiga-s7 e-flex e-con-boxed e-con e-parent\" data-id=\"iwgw-asbuiga-s7\" data-element_type=\"container\" data-e-type=\"container\">\n\t\t\t\t\t<div class=\"e-con-inner\">\n\t\t\t\t<div class=\"elementor-element elementor-element-iwgw-asbuiga-s7h elementor-widget elementor-widget-heading\" data-id=\"iwgw-asbuiga-s7h\" data-element_type=\"widget\" data-e-type=\"widget\" data-widget_type=\"heading.default\">\n\t\t\t\t\t<h2 class=\"elementor-heading-title elementor-size-default\">Nutida mottagande och forskning<\/h2>\t\t\t\t<\/div>\n\t\t<div class=\"elementor-element elementor-element-iwgw-asbuiga-s7c e-con-full e-flex e-con e-child\" data-id=\"iwgw-asbuiga-s7c\" data-element_type=\"container\" data-e-type=\"container\">\n\t\t\t\t<div class=\"elementor-element elementor-element-iwgw-asbuiga-s7t elementor-widget elementor-widget-text-editor\" data-id=\"iwgw-asbuiga-s7t\" data-element_type=\"widget\" data-e-type=\"widget\" data-widget_type=\"text-editor.default\">\n\t\t\t\t\t\t\t\t\t<p>Asbuiga \u00e4r inte s\u00e4rskilt framtr\u00e4dande i den popul\u00e4ra burjatiska <span class=\"iwg-fachbegriff\" data-tooltip=\"Den ned\u00e4rvda folkkulturen med sedv\u00e4njor, ber\u00e4ttelser och s\u00e5nger.\" tabindex=\"0\">folkloren<\/span>, men \u00e4r desto b\u00e4ttre belagd i den akademiska specialistlitteraturen: Matvei N. Hangalov: <em>Sobranie sochinenij<\/em> (Ulan-Ude 1958, 1960); Mih\u00e1ly Hopp\u00e1l: <em>Shamans and Traditions<\/em> (Budapest 2007); Roberte Hamayon (1990); Caroline Humphrey (<em>Shamans and Elders<\/em>, 1996).<\/p><p>En egen monografi om burjatiska hj\u00e4lpandar finns i V. P. Diakonova: <em>Tuvinskie i burjatskie shamany<\/em> (2001).<\/p><p>I den nyare burjatiska schamansammanslutningen \u201eTengeri\u201c (grundad 1993 i Ulan-Ude) tas Asbuiga upp i renings- och initiationsritualer. Sammanslutningen dokumenterar sin praktik online, vilket utg\u00f6r ett ovanligt \u00f6ppet k\u00e4llmaterial f\u00f6r den etnologiska forskningen.<\/p><p>Forskningsl\u00e4get kring Asbuiga \u00e4r sammantaget tunnare \u00e4n f\u00f6r de stora h\u00f6gsta gudomarna; det g\u00f6r honom paradoxalt nog till ett tacksamt forskningsobjekt f\u00f6r unga religionsvetare som vill arbeta i de mindre bearbetade skikten av den sibiriska religionen.<\/p>\t\t\t\t\t\t\t\t<\/div>\n\t\t\t\t<\/div>\n\t\t\t\t\t<\/div>\n\t\t\t\t<\/div>\n\t\t<div class=\"elementor-element elementor-element-iwgw-asbuiga-s8 e-flex e-con-boxed e-con e-parent\" data-id=\"iwgw-asbuiga-s8\" data-element_type=\"container\" data-e-type=\"container\">\n\t\t\t\t\t<div class=\"e-con-inner\">\n\t\t\t\t<div class=\"elementor-element elementor-element-iwgw-asbuiga-s8h elementor-widget elementor-widget-heading\" data-id=\"iwgw-asbuiga-s8h\" data-element_type=\"widget\" data-e-type=\"widget\" data-widget_type=\"heading.default\">\n\t\t\t\t\t<h2 class=\"elementor-heading-title elementor-size-default\">Forskningsdebatter och \u00f6ppna fr\u00e5gor<\/h2>\t\t\t\t<\/div>\n\t\t<div class=\"elementor-element elementor-element-iwgw-asbuiga-s8c e-con-full e-flex e-con e-child\" data-id=\"iwgw-asbuiga-s8c\" data-element_type=\"container\" data-e-type=\"container\">\n\t\t\t\t<div class=\"elementor-element elementor-element-iwgw-asbuiga-s8t elementor-widget elementor-widget-text-editor\" data-id=\"iwgw-asbuiga-s8t\" data-element_type=\"widget\" data-e-type=\"widget\" data-widget_type=\"text-editor.default\">\n\t\t\t\t\t\t\t\t\t<p>Tv\u00e5 forskningsfr\u00e5gor \u00e4r aktuella. F\u00f6rst: hur f\u00f6rh\u00e5ller sig Asbuiga till andra burjatiska h\u00e4sthj\u00e4lpandar (till exempel <em>Khormonostoi<\/em>, <em>Kheterik-Bookhoi<\/em>)? Hangalov har sammanst\u00e4llt en hel lista \u00f6ver s\u00e5dana specialandar, vars exakta hierarki och funktionsf\u00f6rdelning fortfarande \u00e4r oklar.<\/p><p>F\u00f6r det andra: vilken roll spelar Asbuiga-komplexet i den samtida sp\u00e4nningen mellan burjatisk buddhism och burjatisk <span class=\"iwg-fachbegriff\" data-tooltip=\"Religi\u00f6st system d\u00e4r specialister umg\u00e5s med andev\u00e4rlden.\" tabindex=\"0\">schamanism<\/span>? B\u00e5da riktningarna g\u00f6r anspr\u00e5k p\u00e5 vissa praktiker; h\u00e4stuppf\u00f6dningen \u00e4r ett omr\u00e5de d\u00e4r schamanistiska praktiker \u00f6verlevt s\u00e4rskilt segt.<\/p><p>Slutligen: hur f\u00f6r\u00e4ndras Asbuiga-praktiken av den ekonomiska omvandlingen i Burjatien (turism, gruvdrift, utvandring till st\u00e4derna)? H\u00e4r f\u00f6renas <span class=\"iwg-fachbegriff\" data-tooltip=\"Vetenskapen som j\u00e4mf\u00f6rande och utan trosbundenhet unders\u00f6ker religioner.\" tabindex=\"0\">religionsvetenskap<\/span> med socialgeografi. Caroline Humphrey har i sina senare arbeten just behandlat detta sk\u00e4rningsf\u00e4lt.<\/p>\t\t\t\t\t\t\t\t<\/div>\n\t\t\t\t<\/div>\n\t\t\t\t\t<\/div>\n\t\t\t\t<\/div>\n\t\t<div class=\"elementor-element elementor-element-iwgw-asbuiga-s9 e-flex e-con-boxed e-con e-parent\" data-id=\"iwgw-asbuiga-s9\" data-element_type=\"container\" data-e-type=\"container\">\n\t\t\t\t\t<div class=\"e-con-inner\">\n\t\t\t\t<div class=\"elementor-element elementor-element-iwgw-asbuiga-s9h elementor-widget elementor-widget-heading\" data-id=\"iwgw-asbuiga-s9h\" data-element_type=\"widget\" data-e-type=\"widget\" data-widget_type=\"heading.default\">\n\t\t\t\t\t<h2 class=\"elementor-heading-title elementor-size-default\">Asbuiga i den samtida schamansammanslutningen Tengeri<\/h2>\t\t\t\t<\/div>\n\t\t<div class=\"elementor-element elementor-element-iwgw-asbuiga-s9c e-con-full e-flex e-con e-child\" data-id=\"iwgw-asbuiga-s9c\" data-element_type=\"container\" data-e-type=\"container\">\n\t\t\t\t<div class=\"elementor-element elementor-element-iwgw-asbuiga-s9t elementor-widget elementor-widget-text-editor\" data-id=\"iwgw-asbuiga-s9t\" data-element_type=\"widget\" data-e-type=\"widget\" data-widget_type=\"text-editor.default\">\n\t\t\t\t\t\t\t\t\t<p>Den burjatiska shamanf\u00f6reningen \u201dTengeri\u201d grundades 1993 i Ulan-Ude och \u00e4r idag en av de viktigaste institutionella b\u00e4rarna av den burjatiska <span class=\"iwg-fachbegriff\" data-tooltip=\"Ett religi\u00f6st system d\u00e4r specialister har kontakt med andev\u00e4rlden.\" tabindex=\"0\">shamanismen<\/span>. Den organiserar initiationer, koordinerar offentliga ritualer och f\u00f6r ett omfattande arkiv. Asbuiga h\u00f6r till den fasta repertoaren i dess \u00e5kallelsehierarkier.<\/p><p>Religionssociologiskt \u00e4r \u201dTengeri\u201d intressant eftersom den \u00f6verf\u00f6r shamansk praxis till en modern f\u00f6reningsstruktur, med medlemskort, stadgar och en styrelse. Denna institutionalisering \u00e4r religionshistoriskt ett novum och st\u00e4ller forskningen inf\u00f6r nya metodiska uppgifter.<\/p><p>Caroline Humphrey och hennes elever har f\u00f6ljt \u201dTengeri\u201d etnografiskt och publicerat flera viktiga uppsatser. F\u00f6reningen sj\u00e4lv dokumenterar sin praxis online och m\u00f6jligg\u00f6r d\u00e4rmed ett s\u00e4llsynt direkt k\u00e4llarbete.<\/p>\t\t\t\t\t\t\t\t<\/div>\n\t\t\t\t<\/div>\n\t\t\t\t\t<\/div>\n\t\t\t\t<\/div>\n\t\t<div class=\"elementor-element elementor-element-iwgw-asbuiga-s10 e-flex e-con-boxed e-con e-parent\" data-id=\"iwgw-asbuiga-s10\" data-element_type=\"container\" data-e-type=\"container\">\n\t\t\t\t\t<div class=\"e-con-inner\">\n\t\t\t\t<div class=\"elementor-element elementor-element-iwgw-asbuiga-s10h elementor-widget elementor-widget-heading\" data-id=\"iwgw-asbuiga-s10h\" data-element_type=\"widget\" data-e-type=\"widget\" data-widget_type=\"heading.default\">\n\t\t\t\t\t<h2 class=\"elementor-heading-title elementor-size-default\">K\u00e4llor och koppling till kulturhubben<\/h2>\t\t\t\t<\/div>\n\t\t<div class=\"elementor-element elementor-element-iwgw-asbuiga-s10c e-con-full e-flex e-con e-child\" data-id=\"iwgw-asbuiga-s10c\" data-element_type=\"container\" data-e-type=\"container\">\n\t\t\t\t<div class=\"elementor-element elementor-element-iwgw-asbuiga-s10t elementor-widget elementor-widget-text-editor\" data-id=\"iwgw-asbuiga-s10t\" data-element_type=\"widget\" data-e-type=\"widget\" data-widget_type=\"text-editor.default\">\n\t\t\t\t\t\t\t\t\t<p>Den som vill studera Asbuiga-komplexet i sin helhet finner p\u00e5 \u00f6versiktssidan <a href=\"https:\/\/iwell-guard.com\/sv\/sibirisk-schamanism-och-tengrism-stapp-och-tajga\/\">Sibirisk-tengristisk tradition<\/a> de viktigaste korsreferenserna till besl\u00e4ktade gestalter som <a href=\"https:\/\/iwell-guard.com\/sv\/khormusta-hogste-himmelsgud\/\">Khormusta<\/a> (mongolisk h\u00f6ggudom) och <a href=\"https:\/\/iwell-guard.com\/sv\/yhych-khan-jakutisk-hastherre\/\">Yhych-Khan<\/a> (jakutisk h\u00f6ggud f\u00f6r h\u00e4star).<\/p><p>Matvei N. Hangalovs <em>Sobranie sochinenij<\/em> (Ulan-Ude 1958, 60) \u00e4r den viktigaste prim\u00e4rk\u00e4llan. Caroline Humphreys <em>Shamans and Elders<\/em> (1996) och <em>Inside and Outside the Mongol Tent<\/em> (2002) \u00e4r de viktigaste samtida etnografiska verken.<\/p><p>Mih\u00e1ly Hopp\u00e1ls <em>Shamans and Traditions<\/em> (Budapest 2007) erbjuder ett brett j\u00e4mf\u00f6rande perspektiv och placerar Asbuiga i det st\u00f6rre f\u00e4ltet av eurasiska hj\u00e4lpandetraditioner. V. P. Diakonovas <em>Tuvinskie i burjatskie shamany<\/em> (2001) kompletterar med rysk forskningsdjup.<\/p>\t\t\t\t\t\t\t\t<\/div>\n\t\t\t\t<\/div>\n\t\t\t\t\t<\/div>\n\t\t\t\t<\/div>\n\t\t<div class=\"elementor-element elementor-element-iwgw-asbuiga-s11 e-flex e-con-boxed e-con e-parent\" data-id=\"iwgw-asbuiga-s11\" data-element_type=\"container\" data-e-type=\"container\">\n\t\t\t\t\t<div class=\"e-con-inner\">\n\t\t\t\t<div class=\"elementor-element elementor-element-iwgw-asbuiga-s11h elementor-widget elementor-widget-heading\" data-id=\"iwgw-asbuiga-s11h\" data-element_type=\"widget\" data-e-type=\"widget\" data-widget_type=\"heading.default\">\n\t\t\t\t\t<h2 class=\"elementor-heading-title elementor-size-default\">Asbuiga i det burjatiska pantheonet<\/h2>\t\t\t\t<\/div>\n\t\t<div class=\"elementor-element elementor-element-iwgw-asbuiga-s11c e-con-full e-flex e-con e-child\" data-id=\"iwgw-asbuiga-s11c\" data-element_type=\"container\" data-e-type=\"container\">\n\t\t\t\t<div class=\"elementor-element elementor-element-iwgw-asbuiga-s11t elementor-widget elementor-widget-text-editor\" data-id=\"iwgw-asbuiga-s11t\" data-element_type=\"widget\" data-e-type=\"widget\" data-widget_type=\"text-editor.default\">\n\t\t\t\t\t\t\t\t\t<p>Asbuiga \u00e4r inordnad i ett hierarkiskt ordnat burjatiskt <span class=\"iwg-fachbegriff\" data-tooltip=\"Samtliga gudar inom en religion eller kultur.\" tabindex=\"0\">pantheon<\/span>, som beskrivs i detalj i Hangalovs Sobranie sochinenij (1958, 60). H\u00f6gst upp st\u00e5r de 99 Tengri (med <a href=\"https:\/\/iwell-guard.com\/sv\/khormusta-hogste-himmelsgud\/\">Khormusta<\/a> som ledare f\u00f6r de 33 v\u00e4stra vita), d\u00e4runder stamgudarna <em>Khaty<\/em>, sedan de platsbundna <em>Ezhin<\/em>-andarna och slutligen de specialiserade hj\u00e4lpandarna som Asbuiga.<\/p><p>Denna fyrstegshierarki \u00e4r religionssystematiskt s\u00e4rskilt v\u00e4l utvecklad; den g\u00f6r den burjatiska <span class=\"iwg-fachbegriff\" data-tooltip=\"Ett religi\u00f6st system d\u00e4r specialister har kontakt med andev\u00e4rlden.\" tabindex=\"0\">shamanismen<\/span> till ett av de mest t\u00e4tt dokumenterade exemplen p\u00e5 ett \u201dkomplext strukturerat\u201d animistiskt system.<\/p><p>Asbuigas roll i denna hierarki \u00e4r den av en \u201dfunktionell specialist\u201d: han \u00e4r inte den h\u00f6gste, men han \u00e4r den ansvariga adressaten inom sitt specialomr\u00e5de. Denna specialisering f\u00f6ljer den ekonomiska logiken i den burjatiska h\u00e4staveln.<\/p>\t\t\t\t\t\t\t\t<\/div>\n\t\t\t\t<\/div>\n\t\t\t\t\t<\/div>\n\t\t\t\t<\/div>\n\t\t<div class=\"elementor-element elementor-element-iwgw-asbuiga-s12 e-flex e-con-boxed e-con e-parent\" data-id=\"iwgw-asbuiga-s12\" data-element_type=\"container\" data-e-type=\"container\">\n\t\t\t\t\t<div class=\"e-con-inner\">\n\t\t\t\t<div class=\"elementor-element elementor-element-iwgw-asbuiga-s12h elementor-widget elementor-widget-heading\" data-id=\"iwgw-asbuiga-s12h\" data-element_type=\"widget\" data-e-type=\"widget\" data-widget_type=\"heading.default\">\n\t\t\t\t\t<h2 class=\"elementor-heading-title elementor-size-default\">Metodisk reflektion<\/h2>\t\t\t\t<\/div>\n\t\t<div class=\"elementor-element elementor-element-iwgw-asbuiga-s12c e-con-full e-flex e-con e-child\" data-id=\"iwgw-asbuiga-s12c\" data-element_type=\"container\" data-e-type=\"container\">\n\t\t\t\t<div class=\"elementor-element elementor-element-iwgw-asbuiga-s12t elementor-widget elementor-widget-text-editor\" data-id=\"iwgw-asbuiga-s12t\" data-element_type=\"widget\" data-e-type=\"widget\" data-widget_type=\"text-editor.default\">\n\t\t\t\t\t\t\t\t\t<p>Vid Asbuiga-forskningen uppst\u00e5r flera metodiska problem. F\u00f6r det f\u00f6rsta: prim\u00e4rk\u00e4llorna \u00e4r tunna; Hangalov \u00e4r den viktigaste, d\u00e4rtill n\u00e5gra sovjetiska anteckningar. En systematisk utvidgning av k\u00e4llunderlaget \u00e5terst\u00e5r fortfarande.<\/p><p>F\u00f6r det andra: den samtida shamanska praxisen i Burjatien (f\u00f6reningen \u201dTengeri\u201d) utg\u00f6r en egen k\u00e4llniv\u00e5 som m\u00e5ste behandlas noggrant religionsetnologiskt; den \u00e4r inte helt enkelt en forts\u00e4ttning p\u00e5 den historiska praxisen, utan en modern omformulering.<\/p><p>F\u00f6r det tredje: sp\u00e4nningen mellan det buddhistiska och det shamanistiska skiktet i Burjatien ber\u00f6r \u00e4ven Asbuiga; i vilket skikt han historiskt har sina r\u00f6tter \u00e4r inte klarlagt i alla avseenden. Caroline Humphrey har beskrivit dessa sp\u00e4nningar i detalj.<\/p>\t\t\t\t\t\t\t\t<\/div>\n\t\t\t\t<\/div>\n\t\t\t\t\t<\/div>\n\t\t\t\t<\/div>\n\t\t<div class=\"elementor-element elementor-element-iwgw-asbuiga-s13 e-flex e-con-boxed e-con e-parent\" data-id=\"iwgw-asbuiga-s13\" data-element_type=\"container\" data-e-type=\"container\">\n\t\t\t\t\t<div class=\"e-con-inner\">\n\t\t\t\t<div class=\"elementor-element elementor-element-iwgw-asbuiga-s13h elementor-widget elementor-widget-heading\" data-id=\"iwgw-asbuiga-s13h\" data-element_type=\"widget\" data-e-type=\"widget\" data-widget_type=\"heading.default\">\n\t\t\t\t\t<h2 class=\"elementor-heading-title elementor-size-default\">Asbuiga och den burjatiska buddhismen<\/h2>\t\t\t\t<\/div>\n\t\t<div class=\"elementor-element elementor-element-iwgw-asbuiga-s13c e-con-full e-flex e-con e-child\" data-id=\"iwgw-asbuiga-s13c\" data-element_type=\"container\" data-e-type=\"container\">\n\t\t\t\t<div class=\"elementor-element elementor-element-iwgw-asbuiga-s13t elementor-widget elementor-widget-text-editor\" data-id=\"iwgw-asbuiga-s13t\" data-element_type=\"widget\" data-e-type=\"widget\" data-widget_type=\"text-editor.default\">\n\t\t\t\t\t\t\t\t\t<p>F\u00f6rh\u00e5llandet mellan Asbuiga och den burjatiska buddhismen (gelug-skolan, sedan 1600-talet officiell religion f\u00f6r burjaterna) f\u00f6rtj\u00e4nar en f\u00f6rdjupad betraktelse. I de rurala stamomr\u00e5dena vid Cis-Baikal har Asbuiga delvis \u00f6verlevt som \u201dbuddhistisk hj\u00e4lpande\u201d, medan han i de shamanska kretsarna vid Trans-Baikal har \u00f6verlevt som \u201dicke-buddhistisk specialande\u201d.<\/p><p>Denna dubbla f\u00f6rankring \u00e4r historiskt intressant: den visar att \u201dbuddhism\u201d och \u201d<span class=\"iwg-fachbegriff\" data-tooltip=\"Ett religi\u00f6st system d\u00e4r specialister har kontakt med andev\u00e4rlden.\" tabindex=\"0\">shamanism<\/span>\u201d i Burjatien inte \u00e4r strikt \u00e5tskilda v\u00e4rldar, utan uppr\u00e4tth\u00e5ller fluida v\u00e4xelverkningar. Caroline Humphrey har analyserat denna fluiditet i detalj i <em>Shamans and Elders<\/em> (1996).<\/p><p>Den samtida shamanf\u00f6reningen \u201dTengeri\u201d positionerar sig mot att bli inkorporerad av buddhismen och g\u00f6r anspr\u00e5k p\u00e5 Asbuiga som en \u201drent shamansk\u201d gestalt. Religionssociologiskt \u00e4r denna positionering en identitetsmark\u00f6r som g\u00e5r l\u00e4ngre \u00e4n det historiska k\u00e4ll\u00e4get.<\/p>\t\t\t\t\t\t\t\t<\/div>\n\t\t\t\t<\/div>\n\t\t\t\t\t<\/div>\n\t\t\t\t<\/div>\n\t\t<div class=\"elementor-element elementor-element-iwgw-asbuiga-s14 e-flex e-con-boxed e-con e-parent\" data-id=\"iwgw-asbuiga-s14\" data-element_type=\"container\" data-e-type=\"container\">\n\t\t\t\t\t<div class=\"e-con-inner\">\n\t\t\t\t<div class=\"elementor-element elementor-element-iwgw-asbuiga-s14h elementor-widget elementor-widget-heading\" data-id=\"iwgw-asbuiga-s14h\" data-element_type=\"widget\" data-e-type=\"widget\" data-widget_type=\"heading.default\">\n\t\t\t\t\t<h2 class=\"elementor-heading-title elementor-size-default\">Asbuiga och omstruktureringen av det burjatiska shamanst\u00e5ndet<\/h2>\t\t\t\t<\/div>\n\t\t<div class=\"elementor-element elementor-element-iwgw-asbuiga-s14c e-con-full e-flex e-con e-child\" data-id=\"iwgw-asbuiga-s14c\" data-element_type=\"container\" data-e-type=\"container\">\n\t\t\t\t<div class=\"elementor-element elementor-element-iwgw-asbuiga-s14t elementor-widget elementor-widget-text-editor\" data-id=\"iwgw-asbuiga-s14t\" data-element_type=\"widget\" data-e-type=\"widget\" data-widget_type=\"text-editor.default\">\n\t\t\t\t\t\t\t\t\t<p>Omstruktureringen av det burjatiska shamanst\u00e5ndet efter 1990 f\u00f6rtj\u00e4nar en samtidshistorisk f\u00f6rdjupning. Den sovjetiska repressionen hade skadat shamantraditionen kraftigt; de f\u00e5 bevarade ut\u00f6varna arbetade i hemlighet. Med den politiska liberaliseringen och \u00e5terupplivandet av buddhismen uppstod \u00e4ven en \u00f6ppet praktiserad <span class=\"iwg-fachbegriff\" data-tooltip=\"Ett religi\u00f6st system d\u00e4r specialister har kontakt med andev\u00e4rlden.\" tabindex=\"0\">shamanism<\/span>, som organiserade sig i flera konkurrerande f\u00f6reningar.<\/p><p>De viktigaste f\u00f6reningarna \u00e4r \u201dTengeri\u201d (grundad 1993 i Ulan-Ude) och \u201dBoo Murgel\u201d (n\u00e5got senare). B\u00e5da g\u00f6r anspr\u00e5k p\u00e5 Asbuiga som en del av sin repertoar, dock med olika rituella utformningar. Caroline Humphrey har beskrivit denna institutionella m\u00e5ngfald i detalj.<\/p><p>Religionssociologiskt \u00e4r denna pluralisering ett intressant fall: konstitueringen av ett \u201dshamanst\u00e5nd\u201d som en modern f\u00f6reningsstruktur \u00e4r ett novum som f\u00f6r\u00e4ndrar praxisens traditionella karakt\u00e4r. H\u00e4r \u00f6ppnas ett tacksamt forskningsf\u00e4lt f\u00f6r unga forskare i sk\u00e4rningspunkten mellan religionsetnologi och organisationssociologi.<\/p>\t\t\t\t\t\t\t\t<\/div>\n\t\t\t\t<\/div>\n\t\t\t\t\t<\/div>\n\t\t\t\t<\/div>\n\t\t<div class=\"elementor-element elementor-element-iwgw-asbuiga-s15 e-flex e-con-boxed e-con e-parent\" data-id=\"iwgw-asbuiga-s15\" data-element_type=\"container\" data-e-type=\"container\">\n\t\t\t\t\t<div class=\"e-con-inner\">\n\t\t\t\t<div class=\"elementor-element elementor-element-iwgw-asbuiga-s15h elementor-widget elementor-widget-heading\" data-id=\"iwgw-asbuiga-s15h\" data-element_type=\"widget\" data-e-type=\"widget\" data-widget_type=\"heading.default\">\n\t\t\t\t\t<h2 class=\"elementor-heading-title elementor-size-default\">Asbuiga i den internationella shamanforskningen<\/h2>\t\t\t\t<\/div>\n\t\t<div class=\"elementor-element elementor-element-iwgw-asbuiga-s15c e-con-full e-flex e-con e-child\" data-id=\"iwgw-asbuiga-s15c\" data-element_type=\"container\" data-e-type=\"container\">\n\t\t\t\t<div class=\"elementor-element elementor-element-iwgw-asbuiga-s15t elementor-widget elementor-widget-text-editor\" data-id=\"iwgw-asbuiga-s15t\" data-element_type=\"widget\" data-e-type=\"widget\" data-widget_type=\"text-editor.default\">\n\t\t\t\t\t\t\t\t\t<p>Asbuiga har under de senaste tv\u00e5 decennierna inf\u00f6rlivats i den internationella shamanforskningen. Mih\u00e1ly Hopp\u00e1ls <em>Shamans and Traditions<\/em> (Budapest 2007) placerar honom i det st\u00f6rre f\u00e4ltet av eurasiska hj\u00e4lpandetraditioner. Andrei Znamenskis <em>Shamanism and Western Imagination<\/em> (2007) diskuterar honom som ett exempel p\u00e5 specialiseringen av shamanska \u00e5kallanden.<\/p><p>En s\u00e4rskild roll spelar den ungerska shamanforskningen, som sedan Vilmos Di\u00f3szegi (1923, 1972) har utvecklat en egen skola f\u00f6r eurasisk j\u00e4mf\u00f6rande forskning. Di\u00f3szegis eftertr\u00e4dare Hopp\u00e1l och P\u00e1l <span class=\"iwg-fachbegriff\" data-tooltip=\"Inom de abrahamitiska religionerna en himmelsk budb\u00e4rare fr\u00e5n Gud.\" tabindex=\"0\">Engel<\/span> har inf\u00f6rlivat Asbuiga i denna j\u00e4mf\u00f6rande tradition.<\/p><p>F\u00f6r den samtida <span class=\"iwg-fachbegriff\" data-tooltip=\"Vetenskapen som studerar religioner j\u00e4mf\u00f6rande och utan trosbundenhet.\" tabindex=\"0\">religionsvetenskapen<\/span> \u00e4r Asbuiga d\u00e4rmed inte l\u00e4ngre en perifer burjatisk specialgestalt, utan en del av ett etablerat forskningsf\u00e4lt. Denna inf\u00f6rlivande \u00e4r religionshistoriskt anm\u00e4rkningsv\u00e4rd och g\u00f6r honom till ett intressant studieobjekt f\u00f6r unga forskare.<\/p>\t\t\t\t\t\t\t\t<\/div>\n\t\t\t\t<\/div>\n\t\t\t\t\t<\/div>\n\t\t\t\t<\/div>\n\t\t<div class=\"elementor-element elementor-element-cp2d1253e9 e-flex e-con-boxed e-con e-parent\" data-id=\"cp2d1253e9\" data-element_type=\"container\" data-e-type=\"container\">\n\t\t\t\t\t<div class=\"e-con-inner\">\n\t\t\t\t<div class=\"elementor-element elementor-element-cp25e827d2 elementor-widget elementor-widget-heading\" data-id=\"cp25e827d2\" data-element_type=\"widget\" data-e-type=\"widget\" data-widget_type=\"heading.default\">\n\t\t\t\t\t<h2 class=\"elementor-heading-title elementor-size-default\">Smeden i den jakutiska v\u00e4rldsbilden och hantverkets sociala st\u00e4llning<\/h2>\t\t\t\t<\/div>\n\t\t<div class=\"elementor-element elementor-element-cp23c021d3 e-flex e-con-boxed e-con e-child\" data-id=\"cp23c021d3\" data-element_type=\"container\" data-e-type=\"container\">\n\t\t\t\t\t<div class=\"e-con-inner\">\n\t\t\t\t<div class=\"elementor-element elementor-element-cp291830cb elementor-widget elementor-widget-text-editor\" data-id=\"cp291830cb\" data-element_type=\"widget\" data-e-type=\"widget\" data-widget_type=\"text-editor.default\">\n\t\t\t\t\t\t\t\t\t<p>V\u00f6rdnaden f\u00f6r en smidesgudom, s\u00e5dan den vittnas om f\u00f6r <em>Asbuiga<\/em> i den jakutisk-sibiriska <span class=\"iwg-fachbegriff\" data-tooltip=\"\u00d6verf\u00f6ringen av kunskap och ber\u00e4ttelser genom generationer.\" tabindex=\"0\">traditionen<\/span>, kan bara f\u00f6rst\u00e5s om man tar h\u00e4nsyn till smedens s\u00e4rskilda st\u00e4llning i Nordasiens samh\u00e4llen.<\/p><p>Hos jakuterna, som sj\u00e4lva kallar sig <em>Sacha<\/em>, betraktades smideskonsten inte som ett vanligt hantverk, utan som en farlig och v\u00f6rdnadsv\u00e4rd verksamhet som f\u00f6rde en i kontakt med \u00f6vernaturliga krafter. Ett vanligt ordspr\u00e5k, som forskare som Wassili Sieroszewski antecknade i slutet av 1800-talet, j\u00e4mst\u00e4ller smed och <span class=\"iwg-fachbegriff\" data-tooltip=\"Religi\u00f6s specialist som tillskrivs f\u00f6rmedlingen mellan m\u00e4nniskor och andev\u00e4rlden.\" tabindex=\"0\">shaman<\/span> och h\u00e4rleder b\u00e5da ur samma bo.<\/p><p>Denna likst\u00e4llning hade praktiska orsaker. Smeden hade tillg\u00e5ng till elden, till metallen i verktygen och framf\u00f6r allt till de j\u00e4rninslag i shamandr\u00e4kten som var <span class=\"iwg-fachbegriff\" data-tooltip=\"Tillh\u00f6rande ett fastst\u00e4llt religi\u00f6st handlingsf\u00f6rlopp.\" tabindex=\"0\">rituellt<\/span> laddade och utan vilka en <span class=\"iwg-fachbegriff\" data-tooltip=\"Religi\u00f6s specialist som tillskrivs f\u00f6rmedlingen mellan m\u00e4nniskor och andev\u00e4rlden.\" tabindex=\"0\">shaman<\/span> inte kunde ge sig ut p\u00e5 sina resor.<\/p><p>Smeden stod d\u00e4rmed vid sj\u00e4lva utg\u00e5ngspunkten f\u00f6r den religi\u00f6sa apparaturen. Ber\u00e4ttelser vittnar om att endast en smed fr\u00e5n en l\u00e5ng anf\u00e4derslinje av smeder fick tillverka de tunga delarna av dr\u00e4kten, eftersom andarna annars skulle ta skada.<\/p><p>I detta sammanhang h\u00f6r Asbuiga hemma som himmelsk eller underjordisk upphovsman till smideskonsten. Den jakutiska <span class=\"iwg-fachbegriff\" data-tooltip=\"F\u00f6rest\u00e4llningen om v\u00e4rldens uppbyggnad och ordning inom en kultur.\" tabindex=\"0\">kosmologin<\/span> tenderar att placera smideskraften i den nedre v\u00e4rlden, eldens och de farliga andarnas sf\u00e4r, medan de ljusa skapargudomarna h\u00f6r till den \u00f6vre v\u00e4rlden.<\/p><p>D\u00e4rmed \u00e4r smidesgudomen ambivalent. Han \u00e4r givare av en oumb\u00e4rlig kunskap och samtidigt f\u00f6rbunden med en sf\u00e4r som man behandlar med f\u00f6rsiktighet.<\/p><p>K\u00e4llkritiskt b\u00f6r man beakta att den jakutiska religionen dokumenterades f\u00f6rst sent och till \u00f6verv\u00e4gande del av ryska etnografer och politiskt f\u00f6rvisade personer som levde i Sibirien under 1800-talet. Deras anteckningar \u00e4r v\u00e4rdefulla, men b\u00e4r pr\u00e4gel av ett utifr\u00e5nperspektiv och av en redan kristet p\u00e5verkad generation av uppgiftsl\u00e4mnare.<\/p><p>F\u00f6rbindelsen mellan smed, eld och rituell makt \u00e4r dock brett och oberoende belagd och h\u00f6r till de b\u00e4st s\u00e4krade dragen i den nordasiatiska religionshistorien. Asbuiga \u00e4r i detta sammanhang inget isolerat mytologiskt detalj, utan det religi\u00f6sa uttrycket f\u00f6r ett verkligt socialt f\u00f6rh\u00e5llande.<\/p>\t\t\t\t\t\t\t\t<\/div>\n\t\t\t\t\t<\/div>\n\t\t\t\t<\/div>\n\t\t\t\t\t<\/div>\n\t\t\t\t<\/div>\n\t\t<div class=\"elementor-element elementor-element-iwgw-asbuiga-lit e-flex e-con-boxed e-con e-parent\" data-id=\"iwgw-asbuiga-lit\" data-element_type=\"container\" data-e-type=\"container\">\n\t\t\t\t\t<div class=\"e-con-inner\">\n\t\t\t\t<div class=\"elementor-element elementor-element-iwgw-asbuiga-lith elementor-widget elementor-widget-heading\" data-id=\"iwgw-asbuiga-lith\" data-element_type=\"widget\" data-e-type=\"widget\" data-widget_type=\"heading.default\">\n\t\t\t\t\t<h2 class=\"elementor-heading-title elementor-size-default\">Litteratur (urval)<\/h2>\t\t\t\t<\/div>\n\t\t<div class=\"elementor-element elementor-element-iwgw-asbuiga-litc e-con-full e-flex e-con e-child\" data-id=\"iwgw-asbuiga-litc\" data-element_type=\"container\" data-e-type=\"container\">\n\t\t\t\t<div class=\"elementor-element elementor-element-iwgw-asbuiga-litt elementor-widget elementor-widget-text-editor\" data-id=\"iwgw-asbuiga-litt\" data-element_type=\"widget\" data-e-type=\"widget\" data-widget_type=\"text-editor.default\">\n\t\t\t\t\t\t\t\t\t<ul><li>M. N. Hangalov: <em>Sobranie sochinenij<\/em> (Ulan-Ude 1958, 1960)<\/li><li>Caroline Humphrey: <em>Shamans and Elders<\/em> (1996)<\/li><li>Mih\u00e1ly Hopp\u00e1l: <em>Shamans and Traditions<\/em> (2007)<\/li><li>V. P. Diakonova: <em>Tuvinskie i burjatskie shamany<\/em> (2001)<\/li><li>Roberte Hamayon: <em>La chasse \u00e0 l&#8217;\u00e2me<\/em> (1990)<\/li><li>Andrei Znamenski: <em>Shamanism and Western Imagination<\/em> (2007)<\/li><li>Vladimir Basilov: <em>Shamanism in Siberia<\/em> (1984)<\/li><\/ul>\t\t\t\t\t\t\t\t<\/div>\n\t\t\t\t<\/div>\n\t\t\t\t\t<\/div>\n\t\t\t\t<\/div>\n\t\t<div class=\"elementor-element elementor-element-iwgkw2-add-asbuiga e-flex e-con-boxed e-con e-parent\" data-id=\"iwgkw2-add-asbuiga\" data-element_type=\"container\" data-e-type=\"container\">\n\t\t\t\t\t<div class=\"e-con-inner\">\n\t\t\t\t<div class=\"elementor-element elementor-element-iwgkw2-add-asbuiga-t elementor-widget elementor-widget-text-editor\" data-id=\"iwgkw2-add-asbuiga-t\" data-element_type=\"widget\" data-e-type=\"widget\" data-widget_type=\"text-editor.default\">\n\t\t\t\t\t\t\t\t\t<p>I den burjatisk-mongoliska <span class=\"iwg-fachbegriff\" data-tooltip=\"En traderad ber\u00e4ttelse om gudar, ursprung och v\u00e4rldens ordning.\" tabindex=\"0\">myten<\/span> framtr\u00e4der Asbuiga som en h\u00e4stande och shamansk hj\u00e4lpande; k\u00e4llorna fr\u00e5n Bajkal- och Sachalinregionen beskriver honom som en f\u00f6ljeslagare p\u00e5 andef\u00e4rder och v\u00e4ktare av hjordarna.<\/p>\t\t\t\t\t\t\t\t<\/div>\n\t\t\t\t\t<\/div>\n\t\t\t\t<\/div>\n\t\t<div class=\"elementor-element elementor-element-iwgw-asbuiga-kwd e-flex e-con-boxed e-con e-parent\" data-id=\"iwgw-asbuiga-kwd\" data-element_type=\"container\" data-e-type=\"container\">\n\t\t\t\t\t<div class=\"e-con-inner\">\n\t\t<div class=\"elementor-element elementor-element-iwgw-asbuiga-kwdc e-con-full e-flex e-con e-child\" data-id=\"iwgw-asbuiga-kwdc\" data-element_type=\"container\" data-e-type=\"container\">\n\t\t\t\t<div class=\"elementor-element elementor-element-iwgw-asbuiga-kwdt elementor-widget elementor-widget-text-editor\" data-id=\"iwgw-asbuiga-kwdt\" data-element_type=\"widget\" data-e-type=\"widget\" data-widget_type=\"text-editor.default\">\n\t\t\t\t\t\t\t\t\t<p><em>Relaterade nyckelbegrepp: Asbuiga Burjater Shamaner Hj\u00e4lpande H\u00e4star Hangalov toli.<\/em><\/p>\t\t\t\t\t\t\t\t<\/div>\n\t\t\t\t<\/div>\n\t\t\t\t\t<\/div>\n\t\t\t\t<\/div>\n\t\t<div class=\"elementor-element elementor-element-iwgw-asbuiga-cc e-flex e-con-boxed e-con e-parent\" data-id=\"iwgw-asbuiga-cc\" data-element_type=\"container\" data-e-type=\"container\" id=\"iwg-cc-asbuiga\">\n\t\t\t\t\t<div class=\"e-con-inner\">\n\t\t<div class=\"elementor-element elementor-element-iwgw-asbuiga-ccinner e-flex e-con-boxed e-con e-parent\" data-id=\"iwgw-asbuiga-ccinner\" data-element_type=\"container\" data-e-type=\"container\" data-settings=\"{&quot;background_background&quot;:&quot;classic&quot;}\">\n\t\t\t\t\t<div class=\"e-con-inner\">\n\t\t\t\t<div class=\"elementor-element elementor-element-iwgw-asbuiga-cch elementor-widget elementor-widget-heading\" data-id=\"iwgw-asbuiga-cch\" data-element_type=\"widget\" data-e-type=\"widget\" data-widget_type=\"heading.default\">\n\t\t\t\t\t<h2 class=\"elementor-heading-title elementor-size-default\">iWell Guard och skyddstraditioner<\/h2>\t\t\t\t<\/div>\n\t\t\t\t<div class=\"elementor-element elementor-element-iwgw-asbuiga-cct elementor-widget elementor-widget-text-editor\" data-id=\"iwgw-asbuiga-cct\" data-element_type=\"widget\" data-e-type=\"widget\" data-widget_type=\"text-editor.default\">\n\t\t\t\t\t\t\t\t\t<div data-nosnippet=\"true\"><p>iWell Guard ansluter till den kulturhistoriska traditionen av b\u00e4rbara skyddsobjekt, i traditionen fr\u00e5n <a href=\"https:\/\/iwell-guard.com\/sv\/sibirisk-schamanism-och-tengrism-stapp-och-tajga\/\">Sibirien \/ tengrismen<\/a> och m\u00e5nga andra kulturer v\u00e4rlden \u00f6ver. 41 niv\u00e5er, \u00e4kta guld, platina, silver, tillverkad i Tyskland. 30 dagars returr\u00e4tt.<\/p><\/div>\t\t\t\t\t\t\t\t<\/div>\n\t\t\t\t<div class=\"elementor-element elementor-element-iwgw-asbuiga-ccb iwg-cc-button iwg-cc-cta-2026-05-13 elementor-widget elementor-widget-jet-button\" data-id=\"iwgw-asbuiga-ccb\" data-element_type=\"widget\" data-e-type=\"widget\" data-widget_type=\"jet-button.default\">\n\t\t\t\t<div class=\"elementor-widget-container\">\n\t\t\t\t\t<div class=\"elementor-jet-button jet-elements\"><div class=\"jet-button__container\"><a class=\"jet-button__instance jet-button__instance--icon-left hover-effect-1\" href=\"\/ueber-iwell-guard\/?utm_source=iwell-guard.com&amp;utm_medium=info-box&amp;utm_campaign=wesen-tradition\"><div class=\"jet-button__plane jet-button__plane-normal\"><\/div><div class=\"jet-button__plane jet-button__plane-hover\"><\/div><div class=\"jet-button__state jet-button__state-normal\"><span class=\"jet-button__label\">Mer om iWell Guard<\/span><\/div><div class=\"jet-button__state jet-button__state-hover\"><span class=\"jet-button__label\">Mer om iWell Guard<\/span><\/div><\/a><\/div><\/div><style>.elementor-element.elementor-element-iwgw-asbuiga-ccb .jet-button__instance{width:320px;height:56px;}.elementor-element.elementor-element-iwgw-asbuiga-ccb .jet-button__state-normal .jet-button__label{text-align:center;margin:0px 0px 0px 0px;color:#1a1b20;font-family:Montserrat,sans-serif;font-size:13px;font-weight:400;letter-spacing:4px;line-height:1.714em;text-transform:uppercase;}.elementor-element.elementor-element-iwgw-asbuiga-ccb .jet-button__state-hover .jet-button__label{text-align:center;margin:0px 0px 0px 0px;color:#FECC76;font-family:Montserrat,sans-serif;font-size:13px;font-weight:400;letter-spacing:4px;line-height:1.714em;text-transform:uppercase;}.elementor-element.elementor-element-iwgw-asbuiga-ccb .jet-button__plane-normal{background-color:#FECC76;border-style:solid;border-color:#C99540;border-width:2px 2px 2px 2px;}.elementor-element.elementor-element-iwgw-asbuiga-ccb .jet-button__plane-hover{background-color:rgba(0,0,0,0.55);border-style:solid;border-color:#FECC76;border-width:2px 2px 2px 2px;}<\/style>\t\t\t\t<\/div>\n\t\t\t\t<\/div>\n\t\t\t\t<div class=\"elementor-element elementor-element-iwgw-asbuiga-ccd elementor-widget elementor-widget-text-editor\" data-id=\"iwgw-asbuiga-ccd\" data-element_type=\"widget\" data-e-type=\"widget\" data-widget_type=\"text-editor.default\">\n\t\t\t\t\t\t\t\t\t<div data-nosnippet=\"true\"><p style=\"text-align:center;font-size:13px;opacity:0.7;margin-top:14px\" data-nosnippet=\"true\">Personliga erfarenheter kan variera. Ingen medicinteknisk produkt. Inget l\u00f6fte om l\u00e4kning.<\/p><\/div>\t\t\t\t\t\t\t\t<\/div>\n\t\t\t\t\t<\/div>\n\t\t\t\t<\/div>\n\t\t\t\t\t<\/div>\n\t\t\t\t<\/div>\n\t\t<div class=\"elementor-element elementor-element-iwgw-asbuiga-disc e-flex e-con-boxed e-con e-parent\" data-id=\"iwgw-asbuiga-disc\" data-element_type=\"container\" data-e-type=\"container\">\n\t\t\t\t\t<div class=\"e-con-inner\">\n\t\t\t\t<div class=\"elementor-element elementor-element-iwgw-asbuiga-discw elementor-widget elementor-widget-html\" data-id=\"iwgw-asbuiga-discw\" data-element_type=\"widget\" data-e-type=\"widget\" data-widget_type=\"html.default\">\n\t\t\t\t\t<footer data-nosnippet=\"true\" class=\"iwg-disclaimer-block\"><p data-nosnippet=\"true\">iWell Guard \u00e4r <strong>ingen medicinteknisk produkt<\/strong> och ers\u00e4tter inte l\u00e4karv\u00e5rd eller psykoterapeutisk behandling. De religionsvetenskapliga inneh\u00e5llen \u00e4r kulturhistorisk inordning, ingen andlig praxisrekommendation.<\/p><\/footer>\t\t\t\t<\/div>\n\t\t\t\t\t<\/div>\n\t\t\t\t<\/div>\n\t\t\t\t<\/div>\n\t\t","protected":false},"excerpt":{"rendered":"","protected":false},"author":3,"featured_media":2860,"parent":0,"menu_order":0,"comment_status":"closed","ping_status":"closed","template":"elementor_header_footer","meta":{"_yoast_wpseo_focuskw":"Asbuiga burjatisk h\u00e4stande","_yoast_wpseo_title":"Asbuiga \u2013 Burjatisk h\u00e4stande, myt och k\u00e4llor","_yoast_wpseo_metadesc":"Asbuiga \u00e4r h\u00e4stskyddsanden i burjatisk schamanism och hj\u00e4lpande ande \u00e5t erfarna schamaner. Inordning med k\u00e4llor.","_yoast_wpseo_meta-robots-noindex":"","_yoast_wpseo_canonical":"","_angie_page":false,"gefaehrdungsstufe":"","wesen_kultur":"sami","wesen_klasse":"lichtwesen","footnotes":""},"categories":[],"class_list":["post-136891","page","type-page","status-publish","has-post-thumbnail","hentry"],"yoast_head":"<!-- This site is optimized with the Yoast SEO Premium plugin v27.7 (Yoast SEO v28.3) - https:\/\/yoast.com\/product\/yoast-seo-premium-wordpress\/ -->\n<title>Asbuiga \u2013 Burjatisk h\u00e4stande, myt och k\u00e4llor<\/title>\n<meta name=\"description\" content=\"Asbuiga \u00e4r h\u00e4stskyddsanden i burjatisk schamanism och hj\u00e4lpande ande \u00e5t erfarna schamaner. Inordning med k\u00e4llor.\" \/>\n<meta name=\"robots\" content=\"index, follow, max-snippet:-1, max-image-preview:large, max-video-preview:-1\" \/>\n<link rel=\"canonical\" href=\"https:\/\/iwell-guard.com\/sv\/asbuiga-burjatisk-hastskyddsande\/\" \/>\n<meta property=\"og:locale\" content=\"sv_SE\" \/>\n<meta property=\"og:type\" content=\"article\" \/>\n<meta property=\"og:title\" content=\"Asbuiga \u2013 Burjatisk h\u00e4stskyddsande\" \/>\n<meta property=\"og:description\" content=\"Asbuiga \u00e4r h\u00e4stskyddsanden i burjatisk schamanism och hj\u00e4lpande ande \u00e5t erfarna schamaner. Inordning med k\u00e4llor.\" \/>\n<meta property=\"og:url\" content=\"https:\/\/iwell-guard.com\/sv\/asbuiga-burjatisk-hastskyddsande\/\" \/>\n<meta property=\"og:site_name\" content=\"iWell Guard\" \/>\n<meta property=\"article:modified_time\" content=\"2026-09-03T01:14:56+00:00\" \/>\n<meta property=\"og:image\" content=\"https:\/\/iwell-guard.com\/wp-content\/uploads\/2026\/05\/geister_sibirisch-tengrismus_asbuiga.webp\" \/>\n\t<meta property=\"og:image:width\" content=\"1024\" \/>\n\t<meta property=\"og:image:height\" content=\"1536\" \/>\n\t<meta property=\"og:image:type\" content=\"image\/webp\" \/>\n<meta name=\"twitter:card\" content=\"summary_large_image\" \/>\n<script type=\"application\/ld+json\" class=\"yoast-schema-graph\">{\"@context\":\"https:\\\/\\\/schema.org\",\"@graph\":[{\"@type\":\"WebPage\",\"@id\":\"https:\\\/\\\/iwell-guard.com\\\/sv\\\/asbuiga-burjatisk-hastskyddsande\\\/\",\"url\":\"https:\\\/\\\/iwell-guard.com\\\/sv\\\/asbuiga-burjatisk-hastskyddsande\\\/\",\"name\":\"Asbuiga \u2013 Burjatisk h\u00e4stande, myt och k\u00e4llor\",\"isPartOf\":{\"@id\":\"https:\\\/\\\/iwell-guard.com\\\/sv\\\/#website\"},\"primaryImageOfPage\":{\"@id\":\"https:\\\/\\\/iwell-guard.com\\\/sv\\\/asbuiga-burjatisk-hastskyddsande\\\/#primaryimage\"},\"image\":{\"@id\":\"https:\\\/\\\/iwell-guard.com\\\/sv\\\/asbuiga-burjatisk-hastskyddsande\\\/#primaryimage\"},\"thumbnailUrl\":\"https:\\\/\\\/iwell-guard.com\\\/wp-content\\\/uploads\\\/2026\\\/05\\\/geister_sibirisch-tengrismus_asbuiga.webp\",\"datePublished\":\"2026-09-03T00:10:57+00:00\",\"dateModified\":\"2026-09-03T01:14:56+00:00\",\"description\":\"Asbuiga \u00e4r h\u00e4stskyddsanden i burjatisk schamanism och hj\u00e4lpande ande \u00e5t erfarna schamaner. Inordning med k\u00e4llor.\",\"breadcrumb\":{\"@id\":\"https:\\\/\\\/iwell-guard.com\\\/sv\\\/asbuiga-burjatisk-hastskyddsande\\\/#breadcrumb\"},\"inLanguage\":\"sv-SE\",\"potentialAction\":[{\"@type\":\"ReadAction\",\"target\":[\"https:\\\/\\\/iwell-guard.com\\\/sv\\\/asbuiga-burjatisk-hastskyddsande\\\/\"]}]},{\"@type\":\"ImageObject\",\"inLanguage\":\"sv-SE\",\"@id\":\"https:\\\/\\\/iwell-guard.com\\\/sv\\\/asbuiga-burjatisk-hastskyddsande\\\/#primaryimage\",\"url\":\"https:\\\/\\\/iwell-guard.com\\\/wp-content\\\/uploads\\\/2026\\\/05\\\/geister_sibirisch-tengrismus_asbuiga.webp\",\"contentUrl\":\"https:\\\/\\\/iwell-guard.com\\\/wp-content\\\/uploads\\\/2026\\\/05\\\/geister_sibirisch-tengrismus_asbuiga.webp\",\"width\":1024,\"height\":1536,\"caption\":\"Andar fr\u00e5n den sibirisk-tengristiska traditionen.\"},{\"@type\":\"BreadcrumbList\",\"@id\":\"https:\\\/\\\/iwell-guard.com\\\/sv\\\/asbuiga-burjatisk-hastskyddsande\\\/#breadcrumb\",\"itemListElement\":[{\"@type\":\"ListItem\",\"position\":1,\"name\":\"Start\",\"item\":\"https:\\\/\\\/iwell-guard.com\\\/sv\\\/?page_id=136483\"},{\"@type\":\"ListItem\",\"position\":2,\"name\":\"Asbuiga \u2013 Burjatisk h\u00e4stskyddsande\"}]},{\"@type\":\"WebSite\",\"@id\":\"https:\\\/\\\/iwell-guard.com\\\/sv\\\/#website\",\"url\":\"https:\\\/\\\/iwell-guard.com\\\/sv\\\/\",\"name\":\"iWell Guard\",\"description\":\"Schutz vor dunklen Einfl\u00fcssen\",\"publisher\":{\"@id\":\"https:\\\/\\\/iwell-guard.com\\\/sv\\\/#organization\"},\"potentialAction\":[{\"@type\":\"SearchAction\",\"target\":{\"@type\":\"EntryPoint\",\"urlTemplate\":\"https:\\\/\\\/iwell-guard.com\\\/sv\\\/?s={search_term_string}\"},\"query-input\":{\"@type\":\"PropertyValueSpecification\",\"valueRequired\":true,\"valueName\":\"search_term_string\"}}],\"inLanguage\":\"sv-SE\"},{\"@type\":\"Organization\",\"@id\":\"https:\\\/\\\/iwell-guard.com\\\/sv\\\/#organization\",\"name\":\"Ittermann electronic GmbH\",\"url\":\"https:\\\/\\\/iwell-guard.com\\\/sv\\\/\",\"logo\":{\"@type\":\"ImageObject\",\"inLanguage\":\"sv-SE\",\"@id\":\"https:\\\/\\\/iwell-guard.com\\\/sv\\\/#\\\/schema\\\/logo\\\/image\\\/\",\"url\":\"https:\\\/\\\/iwell-guard.com\\\/wp-content\\\/uploads\\\/2026\\\/05\\\/Ittermann-Logo-1182x237-1.png\",\"contentUrl\":\"https:\\\/\\\/iwell-guard.com\\\/wp-content\\\/uploads\\\/2026\\\/05\\\/Ittermann-Logo-1182x237-1.png\",\"width\":1182,\"height\":237,\"caption\":\"Ittermann electronic GmbH\"},\"image\":{\"@id\":\"https:\\\/\\\/iwell-guard.com\\\/sv\\\/#\\\/schema\\\/logo\\\/image\\\/\"},\"sameAs\":[\"https:\\\/\\\/pantip.com\\\/profile\\\/9367242\",\"https:\\\/\\\/micro.blog\\\/iwellguard\",\"https:\\\/\\\/www.diggerslist.com\\\/iwellguard\\\/about\",\"https:\\\/\\\/skitterphoto.com\\\/photographers\\\/2870314\\\/iwell-guard\",\"https:\\\/\\\/iwellguard.wordpress.com\\\/2026\\\/06\\\/06\\\/iwell-guard\\\/\",\"https:\\\/\\\/hub.docker.com\\\/u\\\/iwellguard\",\"https:\\\/\\\/www.pinterest.com\\\/iwellguard\\\/\",\"https:\\\/\\\/bit.ly\\\/m\\\/iwellguard\",\"https:\\\/\\\/entre-vos-mains.alsace.eu\\\/profiles\\\/iwellguard\\\/activity\",\"https:\\\/\\\/gravatar.com\\\/reallybeded8fd34\",\"https:\\\/\\\/naijamatta.com\\\/iwellguard\",\"https:\\\/\\\/www.goodreads.com\\\/iwellguard\",\"https:\\\/\\\/profile.hatena.ne.jp\\\/iwellguard\\\/\",\"https:\\\/\\\/experiment.com\\\/users\\\/iwellguard\",\"https:\\\/\\\/wakelet.com\\\/@iWellGuard82270\",\"https:\\\/\\\/www.chordie.com\\\/forum\\\/profile.php?id=2555664\",\"https:\\\/\\\/www.instapaper.com\\\/p\\\/17757966\",\"https:\\\/\\\/www.mapleprimes.com\\\/users\\\/iwellguard\",\"https:\\\/\\\/businesslistingplus.com\\\/profile\\\/iwell-guard\\\/\",\"https:\\\/\\\/telegra.ph\\\/iWell-Guard-06-06\",\"https:\\\/\\\/pbase.com\\\/iwellguard\\\/iwellguard\",\"https:\\\/\\\/b.hatena.ne.jp\\\/iwellguard\\\/20260607#bookmark-4788405196491818882\",\"https:\\\/\\\/fliphtml5.com\\\/home\\\/iwellguard\",\"https:\\\/\\\/anyflip.com\\\/homepage\\\/cmiwl#About\",\"https:\\\/\\\/transfur.com\\\/Users\\\/iwellguard\",\"http:\\\/\\\/delphi.larsbo.org\\\/user\\\/iwellguard\",\"https:\\\/\\\/jobs.lajobsportal.org\\\/profiles\\\/8380803-iwell-guard\",\"https:\\\/\\\/md.chaosdorf.de\\\/s\\\/jfbe5SBdJD\",\"https:\\\/\\\/www.lingvolive.com\\\/en-us\\\/profile\\\/9ecaeaca-ce11-4e51-9e71-01d55e2bff36\\\/translations\",\"https:\\\/\\\/www.fitday.com\\\/fitness\\\/forums\\\/members\\\/iwellguard.html\",\"https:\\\/\\\/www.mymeetbook.com\\\/iwellguard\",\"https:\\\/\\\/pxhere.com\\\/en\\\/photographer-me\\\/5040798\",\"https:\\\/\\\/disqus.com\\\/by\\\/iwellguard\\\/about\\\/\",\"https:\\\/\\\/pastelink.net\\\/hjwciqwq\",\"https:\\\/\\\/pubhtml5.com\\\/homepage\\\/scjhn\\\/\",\"https:\\\/\\\/www.bitchute.com\\\/channel\\\/2O2eOKzNqujT\",\"https:\\\/\\\/audiomack.com\\\/iwellguard\"]},{\"@type\":\"Article\",\"@id\":\"https:\\\/\\\/iwell-guard.com\\\/sv\\\/asbuiga-burjatisk-hastskyddsande\\\/#article\",\"isPartOf\":{\"@id\":\"https:\\\/\\\/iwell-guard.com\\\/sv\\\/asbuiga-burjatisk-hastskyddsande\\\/\"},\"author\":{\"name\":\"Ralf Ittermann\",\"@id\":\"https:\\\/\\\/iwell-guard.com\\\/sv\\\/#\\\/schema\\\/person\\\/ee2a27f1cac3406c7c6fb5820cb7349f\"},\"headline\":\"Asbuiga \u2013 Burjatisk h\u00e4stskyddsande\",\"datePublished\":\"2026-09-03T00:10:57+00:00\",\"dateModified\":\"2026-09-03T01:14:56+00:00\",\"mainEntityOfPage\":{\"@id\":\"https:\\\/\\\/iwell-guard.com\\\/sv\\\/asbuiga-burjatisk-hastskyddsande\\\/\"},\"publisher\":{\"@id\":\"https:\\\/\\\/iwell-guard.com\\\/sv\\\/#organization\"},\"image\":{\"@id\":\"https:\\\/\\\/iwell-guard.com\\\/sv\\\/asbuiga-burjatisk-hastskyddsande\\\/#primaryimage\"},\"thumbnailUrl\":\"https:\\\/\\\/iwell-guard.com\\\/wp-content\\\/uploads\\\/2026\\\/05\\\/geister_sibirisch-tengrismus_asbuiga.webp\",\"inLanguage\":\"sv-SE\",\"description\":\"Asbuiga \u00e4r h\u00e4stskyddsanden i burjatisk schamanism och hj\u00e4lpande ande \u00e5t erfarna schamaner. Inordning med k\u00e4llor.\"}]}<\/script>\n<!-- \/ Yoast SEO Premium plugin. -->","yoast_head_json":{"title":"Asbuiga \u2013 Burjatisk h\u00e4stande, myt och k\u00e4llor","description":"Asbuiga \u00e4r h\u00e4stskyddsanden i burjatisk schamanism och hj\u00e4lpande ande \u00e5t erfarna schamaner. Inordning med k\u00e4llor.","robots":{"index":"index","follow":"follow","max-snippet":"max-snippet:-1","max-image-preview":"max-image-preview:large","max-video-preview":"max-video-preview:-1"},"canonical":"https:\/\/iwell-guard.com\/sv\/asbuiga-burjatisk-hastskyddsande\/","og_locale":"sv_SE","og_type":"article","og_title":"Asbuiga \u2013 Burjatisk h\u00e4stskyddsande","og_description":"Asbuiga \u00e4r h\u00e4stskyddsanden i burjatisk schamanism och hj\u00e4lpande ande \u00e5t erfarna schamaner. Inordning med k\u00e4llor.","og_url":"https:\/\/iwell-guard.com\/sv\/asbuiga-burjatisk-hastskyddsande\/","og_site_name":"iWell Guard","article_modified_time":"2026-09-03T01:14:56+00:00","og_image":[{"width":1024,"height":1536,"url":"https:\/\/iwell-guard.com\/wp-content\/uploads\/2026\/05\/geister_sibirisch-tengrismus_asbuiga.webp","type":"image\/webp"}],"twitter_card":"summary_large_image","schema":{"@context":"https:\/\/schema.org","@graph":[{"@type":"Article","@id":"https:\/\/iwell-guard.com\/sv\/asbuiga-burjatisk-hastskyddsande\/#article","isPartOf":{"@id":"https:\/\/iwell-guard.com\/sv\/asbuiga-burjatisk-hastskyddsande\/"},"author":{"name":"Ralf Ittermann","@id":"https:\/\/iwell-guard.com\/sv\/#\/schema\/person\/ee2a27f1cac3406c7c6fb5820cb7349f"},"headline":"Asbuiga \u2013 Burjatisk h\u00e4stskyddsande","datePublished":"2026-09-03T00:10:57+00:00","dateModified":"2026-09-03T01:14:56+00:00","mainEntityOfPage":{"@id":"https:\/\/iwell-guard.com\/sv\/asbuiga-burjatisk-hastskyddsande\/"},"publisher":{"@id":"https:\/\/iwell-guard.com\/sv\/#organization"},"image":{"@id":"https:\/\/iwell-guard.com\/sv\/asbuiga-burjatisk-hastskyddsande\/#primaryimage"},"thumbnailUrl":"https:\/\/iwell-guard.com\/wp-content\/uploads\/2026\/05\/geister_sibirisch-tengrismus_asbuiga.webp","inLanguage":"sv-SE","description":"Asbuiga \u00e4r h\u00e4stskyddsanden i burjatisk schamanism och hj\u00e4lpande ande \u00e5t erfarna schamaner. Inordning med k\u00e4llor."},{"@type":"WebPage","@id":"https:\/\/iwell-guard.com\/sv\/asbuiga-burjatisk-hastskyddsande\/","url":"https:\/\/iwell-guard.com\/sv\/asbuiga-burjatisk-hastskyddsande\/","name":"Asbuiga \u2013 Burjatisk h\u00e4stande, myt och k\u00e4llor","isPartOf":{"@id":"https:\/\/iwell-guard.com\/sv\/#website"},"primaryImageOfPage":{"@id":"https:\/\/iwell-guard.com\/sv\/asbuiga-burjatisk-hastskyddsande\/#primaryimage"},"image":{"@id":"https:\/\/iwell-guard.com\/sv\/asbuiga-burjatisk-hastskyddsande\/#primaryimage"},"thumbnailUrl":"https:\/\/iwell-guard.com\/wp-content\/uploads\/2026\/05\/geister_sibirisch-tengrismus_asbuiga.webp","datePublished":"2026-09-03T00:10:57+00:00","dateModified":"2026-09-03T01:14:56+00:00","description":"Asbuiga \u00e4r h\u00e4stskyddsanden i burjatisk schamanism och hj\u00e4lpande ande \u00e5t erfarna schamaner. Inordning med k\u00e4llor.","breadcrumb":{"@id":"https:\/\/iwell-guard.com\/sv\/asbuiga-burjatisk-hastskyddsande\/#breadcrumb"},"inLanguage":"sv-SE","potentialAction":[{"@type":"ReadAction","target":["https:\/\/iwell-guard.com\/sv\/asbuiga-burjatisk-hastskyddsande\/"]}]},{"@type":"ImageObject","inLanguage":"sv-SE","@id":"https:\/\/iwell-guard.com\/sv\/asbuiga-burjatisk-hastskyddsande\/#primaryimage","url":"https:\/\/iwell-guard.com\/wp-content\/uploads\/2026\/05\/geister_sibirisch-tengrismus_asbuiga.webp","contentUrl":"https:\/\/iwell-guard.com\/wp-content\/uploads\/2026\/05\/geister_sibirisch-tengrismus_asbuiga.webp","width":1024,"height":1536,"caption":"Andar fr\u00e5n den sibirisk-tengristiska traditionen."},{"@type":"BreadcrumbList","@id":"https:\/\/iwell-guard.com\/sv\/asbuiga-burjatisk-hastskyddsande\/#breadcrumb","itemListElement":[{"@type":"ListItem","position":1,"name":"Start","item":"https:\/\/iwell-guard.com\/sv\/?page_id=136483"},{"@type":"ListItem","position":2,"name":"Asbuiga \u2013 Burjatisk h\u00e4stskyddsande"}]},{"@type":"WebSite","@id":"https:\/\/iwell-guard.com\/sv\/#website","url":"https:\/\/iwell-guard.com\/sv\/","name":"iWell Guard","description":"Schutz vor dunklen Einfl\u00fcssen","publisher":{"@id":"https:\/\/iwell-guard.com\/sv\/#organization"},"potentialAction":[{"@type":"SearchAction","target":{"@type":"EntryPoint","urlTemplate":"https:\/\/iwell-guard.com\/sv\/?s={search_term_string}"},"query-input":{"@type":"PropertyValueSpecification","valueRequired":true,"valueName":"search_term_string"}}],"inLanguage":"sv-SE"},{"@type":"Organization","@id":"https:\/\/iwell-guard.com\/sv\/#organization","name":"Ittermann electronic GmbH","url":"https:\/\/iwell-guard.com\/sv\/","logo":{"@type":"ImageObject","inLanguage":"sv-SE","@id":"https:\/\/iwell-guard.com\/sv\/#\/schema\/logo\/image\/","url":"https:\/\/iwell-guard.com\/wp-content\/uploads\/2026\/05\/Ittermann-Logo-1182x237-1.png","contentUrl":"https:\/\/iwell-guard.com\/wp-content\/uploads\/2026\/05\/Ittermann-Logo-1182x237-1.png","width":1182,"height":237,"caption":"Ittermann electronic GmbH"},"image":{"@id":"https:\/\/iwell-guard.com\/sv\/#\/schema\/logo\/image\/"},"sameAs":["https:\/\/pantip.com\/profile\/9367242","https:\/\/micro.blog\/iwellguard","https:\/\/www.diggerslist.com\/iwellguard\/about","https:\/\/skitterphoto.com\/photographers\/2870314\/iwell-guard","https:\/\/iwellguard.wordpress.com\/2026\/06\/06\/iwell-guard\/","https:\/\/hub.docker.com\/u\/iwellguard","https:\/\/www.pinterest.com\/iwellguard\/","https:\/\/bit.ly\/m\/iwellguard","https:\/\/entre-vos-mains.alsace.eu\/profiles\/iwellguard\/activity","https:\/\/gravatar.com\/reallybeded8fd34","https:\/\/naijamatta.com\/iwellguard","https:\/\/www.goodreads.com\/iwellguard","https:\/\/profile.hatena.ne.jp\/iwellguard\/","https:\/\/experiment.com\/users\/iwellguard","https:\/\/wakelet.com\/@iWellGuard82270","https:\/\/www.chordie.com\/forum\/profile.php?id=2555664","https:\/\/www.instapaper.com\/p\/17757966","https:\/\/www.mapleprimes.com\/users\/iwellguard","https:\/\/businesslistingplus.com\/profile\/iwell-guard\/","https:\/\/telegra.ph\/iWell-Guard-06-06","https:\/\/pbase.com\/iwellguard\/iwellguard","https:\/\/b.hatena.ne.jp\/iwellguard\/20260607#bookmark-4788405196491818882","https:\/\/fliphtml5.com\/home\/iwellguard","https:\/\/anyflip.com\/homepage\/cmiwl#About","https:\/\/transfur.com\/Users\/iwellguard","http:\/\/delphi.larsbo.org\/user\/iwellguard","https:\/\/jobs.lajobsportal.org\/profiles\/8380803-iwell-guard","https:\/\/md.chaosdorf.de\/s\/jfbe5SBdJD","https:\/\/www.lingvolive.com\/en-us\/profile\/9ecaeaca-ce11-4e51-9e71-01d55e2bff36\/translations","https:\/\/www.fitday.com\/fitness\/forums\/members\/iwellguard.html","https:\/\/www.mymeetbook.com\/iwellguard","https:\/\/pxhere.com\/en\/photographer-me\/5040798","https:\/\/disqus.com\/by\/iwellguard\/about\/","https:\/\/pastelink.net\/hjwciqwq","https:\/\/pubhtml5.com\/homepage\/scjhn\/","https:\/\/www.bitchute.com\/channel\/2O2eOKzNqujT","https:\/\/audiomack.com\/iwellguard"]},{"@type":"Person","@id":"https:\/\/iwell-guard.com\/sv\/#\/schema\/person\/ee2a27f1cac3406c7c6fb5820cb7349f","name":"Ralf Ittermann","image":{"@type":"ImageObject","inLanguage":"sv-SE","@id":"https:\/\/secure.gravatar.com\/avatar\/073c0153e350a5005b68eb752b445fea71f6b24a26da9449ad7e155e6b446c9d?s=96&d=mm&r=g","url":"https:\/\/secure.gravatar.com\/avatar\/073c0153e350a5005b68eb752b445fea71f6b24a26da9449ad7e155e6b446c9d?s=96&d=mm&r=g","contentUrl":"https:\/\/secure.gravatar.com\/avatar\/073c0153e350a5005b68eb752b445fea71f6b24a26da9449ad7e155e6b446c9d?s=96&d=mm&r=g","caption":"Ralf Ittermann"},"givenName":"Ralf","familyName":"Ittermann","jobTitle":"Gesch\u00e4ftsf\u00fchrer und redaktioneller Verantwortlicher","url":"https:\/\/iwell-guard.com\/sv\/author\/claude\/","description":"Ralf Ittermann ist Gesch\u00e4ftsf\u00fchrer der Ittermann electronic GmbH und redaktioneller Verantwortlicher des iWell-Guard-Lexikons. Er verbindet langj\u00e4hrige Erfahrung in der Pr\u00e4zisionsfertigung mit medialer Praxis und religionsgeschichtlicher Quellenarbeit.","worksFor":{"@type":"Organization","name":"Ittermann electronic GmbH","url":"https:\/\/ittermann.de\/","address":{"@type":"PostalAddress","streetAddress":"K\u00f6hlergasse 16-18","postalCode":"99842","addressLocality":"Ruhla","addressCountry":"DE"}},"knowsAbout":["Religionsgeschichte","Mythologie","Mediale Praxis","Energetische Diagnostik","Schutzpraxis","Volksglauben","Westliche Esoterik"]},{"@type":"Article","@id":"https:\/\/iwell-guard.com\/sv\/asbuiga-burjatisk-hastskyddsande\/#article","isPartOf":{"@id":"https:\/\/iwell-guard.com\/sv\/asbuiga-burjatisk-hastskyddsande\/"},"author":{"name":"Ralf Ittermann","@id":"https:\/\/iwell-guard.com\/sv\/#\/schema\/person\/ee2a27f1cac3406c7c6fb5820cb7349f"},"headline":"Asbuiga \u2013 Burjatisk h\u00e4stskyddsande","datePublished":"2026-09-03T00:10:57+00:00","dateModified":"2026-09-03T01:14:56+00:00","mainEntityOfPage":{"@id":"https:\/\/iwell-guard.com\/sv\/asbuiga-burjatisk-hastskyddsande\/"},"publisher":{"@id":"https:\/\/iwell-guard.com\/sv\/#organization"},"image":{"@id":"https:\/\/iwell-guard.com\/sv\/asbuiga-burjatisk-hastskyddsande\/#primaryimage"},"thumbnailUrl":"https:\/\/iwell-guard.com\/wp-content\/uploads\/2026\/05\/geister_sibirisch-tengrismus_asbuiga.webp","inLanguage":"sv-SE","description":"Asbuiga \u00e4r h\u00e4stskyddsanden i burjatisk schamanism och hj\u00e4lpande ande \u00e5t erfarna schamaner. Inordning med k\u00e4llor."}]}},"_links":{"self":[{"href":"https:\/\/iwell-guard.com\/sv\/wp-json\/wp\/v2\/pages\/136891","targetHints":{"allow":["GET"]}}],"collection":[{"href":"https:\/\/iwell-guard.com\/sv\/wp-json\/wp\/v2\/pages"}],"about":[{"href":"https:\/\/iwell-guard.com\/sv\/wp-json\/wp\/v2\/types\/page"}],"author":[{"embeddable":true,"href":"https:\/\/iwell-guard.com\/sv\/wp-json\/wp\/v2\/users\/3"}],"replies":[{"embeddable":true,"href":"https:\/\/iwell-guard.com\/sv\/wp-json\/wp\/v2\/comments?post=136891"}],"version-history":[{"count":0,"href":"https:\/\/iwell-guard.com\/sv\/wp-json\/wp\/v2\/pages\/136891\/revisions"}],"wp:featuredmedia":[{"embeddable":true,"href":"https:\/\/iwell-guard.com\/sv\/wp-json\/wp\/v2\/media\/2860"}],"wp:attachment":[{"href":"https:\/\/iwell-guard.com\/sv\/wp-json\/wp\/v2\/media?parent=136891"}],"wp:term":[{"taxonomy":"category","embeddable":true,"href":"https:\/\/iwell-guard.com\/sv\/wp-json\/wp\/v2\/categories?post=136891"}],"curies":[{"name":"wp","href":"https:\/\/api.w.org\/{rel}","templated":true}]}}