{"id":136890,"date":"2026-09-03T00:10:55","date_gmt":"2026-09-03T00:10:55","guid":{"rendered":"https:\/\/iwell-guard.com\/?page_id=136890"},"modified":"2026-09-03T01:14:56","modified_gmt":"2026-09-03T01:14:56","slug":"buga-evenkernas-hogsta-gud","status":"publish","type":"page","link":"https:\/\/iwell-guard.com\/sv\/buga-evenkernas-hogsta-gud\/","title":{"rendered":"Buga \u2013 evenkernas (tungusernas) h\u00f6gsta gud"},"content":{"rendered":"\t\t<div data-elementor-type=\"wp-page\" data-elementor-id=\"136890\" class=\"elementor elementor-136890 elementor-2642 elementor-bc-flex-widget\" data-elementor-post-type=\"page\">\n\t\t\t\t<div class=\"elementor-element elementor-element-iwgw-bugatungus-hero e-flex e-con-boxed e-con e-parent\" data-id=\"iwgw-bugatungus-hero\" data-element_type=\"container\" data-e-type=\"container\" data-settings=\"{&quot;background_background&quot;:&quot;classic&quot;}\">\n\t\t\t\t\t<div class=\"e-con-inner\">\n\t\t<div class=\"elementor-element elementor-element-iwgw-bugatungus-hl e-flex e-con-boxed e-con e-child\" data-id=\"iwgw-bugatungus-hl\" data-element_type=\"container\" data-e-type=\"container\">\n\t\t\t\t\t<div class=\"e-con-inner\">\n\t\t<div class=\"elementor-element elementor-element-iwgw-bugatungus-htxt e-con-full e-flex e-con e-child\" data-id=\"iwgw-bugatungus-htxt\" data-element_type=\"container\" data-e-type=\"container\">\n\t\t\t\t<div class=\"elementor-element elementor-element-iwgw-bugatungus-h1 elementor-widget elementor-widget-heading\" data-id=\"iwgw-bugatungus-h1\" data-element_type=\"widget\" data-e-type=\"widget\" data-widget_type=\"heading.default\">\n\t\t\t\t\t<h1 class=\"elementor-heading-title elementor-size-default\">Buga, h\u00f6gsta gud och universums herre hos evenk-tunguserna<\/h1>\t\t\t\t<\/div>\n\t\t\t\t<div class=\"elementor-element elementor-element-iwgw-bugatungus-lead elementor-widget elementor-widget-text-editor\" data-id=\"iwgw-bugatungus-lead\" data-element_type=\"widget\" data-e-type=\"widget\" data-widget_type=\"text-editor.default\">\n\t\t\t\t\t\t\t\t\t<p>Buga \u00e4r i evenkernas och andra tungusiska folks religi\u00f6sa system samtidigt h\u00f6gsta gud, himmel, universum och v\u00e4rld. Han \u00e4r den kosmiska helheten d\u00e4r schamanresor, jaktordning och livscykel har sin plats. I evenkernas och andra tungusiska folks myt f\u00f6renar Buga himmel, universum och v\u00e4rld i en enda gestalt.<\/p>\t\t\t\t\t\t\t\t<\/div>\n\t\t\t\t<\/div>\n\t\t<div class=\"elementor-element elementor-element-iwgw-bugatungus-pillc e-con-full e-flex e-con e-child\" data-id=\"iwgw-bugatungus-pillc\" data-element_type=\"container\" data-e-type=\"container\">\n\t\t\t\t<div class=\"elementor-element elementor-element-iwgw-bugatungus-pills elementor-widget elementor-widget-html\" data-id=\"iwgw-bugatungus-pills\" data-element_type=\"widget\" data-e-type=\"widget\" data-widget_type=\"html.default\">\n\t\t\t\t\t<div class=\"iwg-pill-row\"><span class=\"iwg-klasse-badge\" tabindex=\"0\" data-tooltip=\"Skapare inom traditionen Sibirien \/ Tengrismen.\">Skapare<\/span><a href=\"https:\/\/iwell-guard.com\/sv\/sibirisk-schamanism-och-tengrism-stapp-och-tajga\/\" class=\"iwg-kultur-badge\" tabindex=\"0\" data-tooltip=\"Mytologi inom traditionen Sibirien \/ Tengrismen.\">Sibirien \/ Tengrismen<\/a><span class=\"iwg-tradition-badge\" tabindex=\"0\" data-tooltip=\"H\u00f6ggudom.\">H\u00f6ggudom<\/span><\/div>\t\t\t\t<\/div>\n\t\t\t\t<\/div>\n\t\t<div class=\"elementor-element elementor-element-iwgw-bugatungus-tocc e-con-full e-flex e-con e-child\" data-id=\"iwgw-bugatungus-tocc\" data-element_type=\"container\" data-e-type=\"container\">\n\t\t\t\t<div class=\"elementor-element elementor-element-iwgw-bugatungus-toc elementor-toc--minimized-on-tablet elementor-widget elementor-widget-table-of-contents\" data-id=\"iwgw-bugatungus-toc\" data-element_type=\"widget\" data-e-type=\"widget\" data-settings=\"{&quot;headings_by_tags&quot;:[&quot;h2&quot;,&quot;h3&quot;],&quot;minimize_box&quot;:&quot;yes&quot;,&quot;marker_view&quot;:&quot;bullets&quot;,&quot;no_headings_message&quot;:&quot;Inga rubriker hittades p\\u00e5 den h\\u00e4r sidan.&quot;,&quot;exclude_headings_by_selector&quot;:[],&quot;icon&quot;:{&quot;value&quot;:&quot;fas fa-circle&quot;,&quot;library&quot;:&quot;fa-solid&quot;,&quot;rendered_tag&quot;:&quot;&lt;svg class=\\&quot;e-font-icon-svg e-fas-circle\\&quot; viewBox=\\&quot;0 0 512 512\\&quot; xmlns=\\&quot;http:\\\/\\\/www.w3.org\\\/2000\\\/svg\\&quot;&gt;&lt;path d=\\&quot;M256 8C119 8 8 119 8 256s111 248 248 248 248-111 248-248S393 8 256 8z\\&quot;&gt;&lt;\\\/path&gt;&lt;\\\/svg&gt;&quot;},&quot;minimized_on&quot;:&quot;tablet&quot;,&quot;hierarchical_view&quot;:&quot;yes&quot;,&quot;min_height&quot;:{&quot;unit&quot;:&quot;px&quot;,&quot;size&quot;:&quot;&quot;,&quot;sizes&quot;:[]},&quot;min_height_tablet&quot;:{&quot;unit&quot;:&quot;px&quot;,&quot;size&quot;:&quot;&quot;,&quot;sizes&quot;:[]},&quot;min_height_mobile&quot;:{&quot;unit&quot;:&quot;px&quot;,&quot;size&quot;:&quot;&quot;,&quot;sizes&quot;:[]}}\" data-widget_type=\"table-of-contents.default\">\n\t\t\t\t\t\t\t\t\t<div class=\"elementor-toc__header\">\n\t\t\t\t\t\t<h2 class=\"elementor-toc__header-title\">\n\t\t\t\tInneh\u00e5llsf\u00f6rteckning\t\t\t<\/h2>\n\t\t\t\t\t\t\t\t\t\t<div class=\"elementor-toc__toggle-button elementor-toc__toggle-button--expand\" role=\"button\" tabindex=\"0\" aria-controls=\"elementor-toc__iwgw-bugatungus-toc\" aria-expanded=\"true\" aria-label=\"Inhaltsverzeichnis \u00f6ffnen\"><svg aria-hidden=\"true\" class=\"e-font-icon-svg e-fas-chevron-down\" viewBox=\"0 0 448 512\" xmlns=\"http:\/\/www.w3.org\/2000\/svg\"><path d=\"M207.029 381.476L12.686 187.132c-9.373-9.373-9.373-24.569 0-33.941l22.667-22.667c9.357-9.357 24.522-9.375 33.901-.04L224 284.505l154.745-154.021c9.379-9.335 24.544-9.317 33.901.04l22.667 22.667c9.373 9.373 9.373 24.569 0 33.941L240.971 381.476c-9.373 9.372-24.569 9.372-33.942 0z\"><\/path><\/svg><\/div>\n\t\t\t\t<div class=\"elementor-toc__toggle-button elementor-toc__toggle-button--collapse\" role=\"button\" tabindex=\"0\" aria-controls=\"elementor-toc__iwgw-bugatungus-toc\" aria-expanded=\"true\" aria-label=\"Inhaltsverzeichnis schlie\u00dfen\"><svg aria-hidden=\"true\" class=\"e-font-icon-svg e-fas-chevron-up\" viewBox=\"0 0 448 512\" xmlns=\"http:\/\/www.w3.org\/2000\/svg\"><path d=\"M240.971 130.524l194.343 194.343c9.373 9.373 9.373 24.569 0 33.941l-22.667 22.667c-9.357 9.357-24.522 9.375-33.901.04L224 227.495 69.255 381.516c-9.379 9.335-24.544 9.317-33.901-.04l-22.667-22.667c-9.373-9.373-9.373-24.569 0-33.941L207.03 130.525c9.372-9.373 24.568-9.373 33.941-.001z\"><\/path><\/svg><\/div>\n\t\t\t\t\t<\/div>\n\t\t\t\t<div id=\"elementor-toc__iwgw-bugatungus-toc\" class=\"elementor-toc__body\">\n\t\t\t<div class=\"elementor-toc__spinner-container\">\n\t\t\t\t<svg class=\"elementor-toc__spinner eicon-animation-spin e-font-icon-svg e-eicon-loading\" aria-hidden=\"true\" viewBox=\"0 0 1000 1000\" xmlns=\"http:\/\/www.w3.org\/2000\/svg\"><path d=\"M500 975V858C696 858 858 696 858 500S696 142 500 142 142 304 142 500H25C25 237 238 25 500 25S975 237 975 500 763 975 500 975Z\"><\/path><\/svg>\t\t\t<\/div>\n\t\t<\/div>\n\t\t\t\t\t\t<\/div>\n\t\t\t\t<\/div>\n\t\t\t\t\t<\/div>\n\t\t\t\t<\/div>\n\t\t<div class=\"elementor-element elementor-element-iwgw-bugatungus-hr e-con-full e-flex e-con e-child\" data-id=\"iwgw-bugatungus-hr\" data-element_type=\"container\" data-e-type=\"container\">\n\t\t\t\t<div class=\"elementor-element elementor-element-iwgw-bugatungus-heroimg iwg-hero-image elementor-widget elementor-widget-image\" data-id=\"iwgw-bugatungus-heroimg\" data-element_type=\"widget\" data-e-type=\"widget\" data-widget_type=\"image.default\">\n\t\t\t\t\t\t\t\t\t\t\t\t\t\t\t<img fetchpriority=\"high\" decoding=\"async\" width=\"683\" height=\"1024\" src=\"https:\/\/iwell-guard.com\/wp-content\/uploads\/2026\/05\/goetter_sibirisch-tengrismus_buga-tungus-683x1024.webp\" class=\"attachment-large size-large wp-image-2862\" alt=\"Buga Tungus - G\u00f6tter aus der Sibirisch-tengrismus-Tradition, historisch-illustrativ\" srcset=\"https:\/\/iwell-guard.com\/wp-content\/uploads\/2026\/05\/goetter_sibirisch-tengrismus_buga-tungus-683x1024.webp 683w, https:\/\/iwell-guard.com\/wp-content\/uploads\/2026\/05\/goetter_sibirisch-tengrismus_buga-tungus-200x300.webp 200w, https:\/\/iwell-guard.com\/wp-content\/uploads\/2026\/05\/goetter_sibirisch-tengrismus_buga-tungus-768x1152.webp 768w, https:\/\/iwell-guard.com\/wp-content\/uploads\/2026\/05\/goetter_sibirisch-tengrismus_buga-tungus.webp 1024w\" sizes=\"(max-width: 683px) 100vw, 683px\" \/>\t\t\t\t\t\t\t\t\t\t\t\t\t\t\t<\/div>\n\t\t\t\t<\/div>\n\t\t\t\t\t<\/div>\n\t\t\t\t<\/div>\n\t\t\t\t<section class=\"elementor-section elementor-top-section elementor-element elementor-element-sec-iwgcomp-buga-tungus elementor-section-boxed elementor-section-height-default elementor-section-height-default\" data-id=\"sec-iwgcomp-buga-tungus\" data-element_type=\"section\" data-e-type=\"section\">\n\t\t\t\t\t\t<div class=\"elementor-container elementor-column-gap-default\">\n\t\t\t\t\t<div class=\"elementor-column elementor-col-100 elementor-top-column elementor-element elementor-element-col-iwgcomp-buga-tungus\" data-id=\"col-iwgcomp-buga-tungus\" data-element_type=\"column\" data-e-type=\"column\">\n\t\t\t<div class=\"elementor-widget-wrap elementor-element-populated\">\n\t\t\t\t\t\t<div class=\"elementor-element elementor-element-iwgcomp-buga-tungus elementor-widget elementor-widget-text-editor\" data-id=\"iwgcomp-buga-tungus\" data-element_type=\"widget\" data-e-type=\"widget\" data-widget_type=\"text-editor.default\">\n\t\t\t\t\t\t\t\t\t<p>Buga betraktas inom <span class=\"iwg-fachbegriff\" data-tooltip=\"Ett religi\u00f6st system d\u00e4r specialister f\u00f6rmedlar kontakt med andev\u00e4rlden.\" tabindex=\"0\">schamanismen<\/span> hos de <strong>tungusisk-evenkiska<\/strong> folken som h\u00f6gsta gud f\u00f6r den \u00f6vre v\u00e4rlden och grundare av den kosmiska ordningen. Buga-<strong><span class=\"iwg-fachbegriff\" data-tooltip=\"En \u00f6verl\u00e4mnad ber\u00e4ttelse om gudar, ursprung och v\u00e4rldens ordning.\" tabindex=\"0\">myten<\/span><\/strong> och k\u00e4llorna \u00e4r s\u00e4rskilt v\u00e4l dokumenterade i de evenkiska s\u00e5ngerna.<\/p>\t\t\t\t\t\t\t\t<\/div>\n\t\t\t\t\t<\/div>\n\t\t<\/div>\n\t\t\t\t\t<\/div>\n\t\t<\/section>\n\t\t<div class=\"elementor-element elementor-element-iwgw-bugatungus-s0 e-flex e-con-boxed e-con e-parent\" data-id=\"iwgw-bugatungus-s0\" data-element_type=\"container\" data-e-type=\"container\">\n\t\t\t\t\t<div class=\"e-con-inner\">\n\t\t\t\t<div class=\"elementor-element elementor-element-iwgw-bugatungus-s0h elementor-widget elementor-widget-heading\" data-id=\"iwgw-bugatungus-s0h\" data-element_type=\"widget\" data-e-type=\"widget\" data-widget_type=\"heading.default\">\n\t\t\t\t\t<h2 class=\"elementor-heading-title elementor-size-default\">Kontextualisering och kortprofil<\/h2>\t\t\t\t<\/div>\n\t\t<div class=\"elementor-element elementor-element-iwgw-bugatungus-s0c e-con-full e-flex e-con e-child\" data-id=\"iwgw-bugatungus-s0c\" data-element_type=\"container\" data-e-type=\"container\">\n\t\t\t\t<div class=\"elementor-element elementor-element-iwgw-bugatungus-s0t elementor-widget elementor-widget-text-editor\" data-id=\"iwgw-bugatungus-s0t\" data-element_type=\"widget\" data-e-type=\"widget\" data-widget_type=\"text-editor.default\">\n\t\t\t\t\t\t\t\t\t<p>Evenkerna (tidigare kallade tunguser) lever i \u00f6stra Sibirien mellan Jenisej och Stilla havet.<\/p><p>I deras religion \u00e4r Buga (i vissa dialekter <em>Boga<\/em>, <em>Buya<\/em>, <em>Buwa<\/em>) en term som samtidigt betyder \u201dhimmel\u201d, \u201dv\u00e4rld\u201d, \u201duniversum\u201d och \u201dh\u00f6gsta gud\u201d, en anm\u00e4rkningsv\u00e4rd spr\u00e5klig f\u00f6rt\u00e4tning som den iranistiske religionshistorikern Sergei Shirokogoroff analyserar utf\u00f6rligt i sitt klassiska verk <em>Psychomental Complex of the Tungus<\/em> (1935).<\/p><p>Inom den <a href=\"https:\/\/iwell-guard.com\/sv\/sibirisk-schamanism-och-tengrism-stapp-och-tajga\/\">sibirisk-tengristiska traditionen<\/a> utg\u00f6r Buga ett mycket gammalt, troligen altaisk-paleosibiriskt skikt; vissa forskare (Anisimov) betraktar det som den ursprungligaste formen av alla. Evenkerna talar ett tungusisk-manchuriskt spr\u00e5k och st\u00e5r d\u00e4rmed spr\u00e5kligt vid sidan av den turkisk-mongoliska Tengri-v\u00e4rlden, ett intressant gr\u00e4nsfall.<\/p><p>Buga \u00e4r religionsvetenskapligt s\u00e4rskilt v\u00e4rdefull, eftersom Sergei Shirokogoroff p\u00e5 1910-talet genomf\u00f6rde en ovanligt detaljerad f\u00e4ltforskning bland evenkerna vid Amur; hans verk \u00e4r en milstolpe inom schamanismforskningen och utg\u00f6r ett av de b\u00e4sta materialkorpusarna f\u00f6r religionen hos ett urfolk i Sibirien \u00f6ver huvud taget.<\/p>\t\t\t\t\t\t\t\t<\/div>\n\t\t\t\t<\/div>\n\t\t\t\t\t<\/div>\n\t\t\t\t<\/div>\n\t\t<div class=\"elementor-element elementor-element-iwgw-bugatungus-s1 e-flex e-con-boxed e-con e-parent\" data-id=\"iwgw-bugatungus-s1\" data-element_type=\"container\" data-e-type=\"container\">\n\t\t\t\t\t<div class=\"e-con-inner\">\n\t\t\t\t<div class=\"elementor-element elementor-element-iwgw-bugatungus-s1h elementor-widget elementor-widget-heading\" data-id=\"iwgw-bugatungus-s1h\" data-element_type=\"widget\" data-e-type=\"widget\" data-widget_type=\"heading.default\">\n\t\t\t\t\t<h2 class=\"elementor-heading-title elementor-size-default\">Namn och etymologi<\/h2>\t\t\t\t<\/div>\n\t\t<div class=\"elementor-element elementor-element-iwgw-bugatungus-s1c e-con-full e-flex e-con e-child\" data-id=\"iwgw-bugatungus-s1c\" data-element_type=\"container\" data-e-type=\"container\">\n\t\t\t\t<div class=\"elementor-element elementor-element-iwgw-bugatungus-s1t elementor-widget elementor-widget-text-editor\" data-id=\"iwgw-bugatungus-s1t\" data-element_type=\"widget\" data-e-type=\"widget\" data-widget_type=\"text-editor.default\">\n\t\t\t\t\t\t\t\t\t<p>Ordet <em>buga<\/em> \u00e4r tungusiskt och kan inte klarg\u00f6ras entydigt etymologiskt. Besl\u00e4ktade former finns i manchuriskan (<em>bo\u03b3o<\/em>, \u201dv\u00e4rld\u201d) och i vissa dialekter av evenska.<\/p><p>Den religionshistoriskt avg\u00f6rande observationen \u00e4r identiteten mellan ord och sak: Buga \u00e4r inte en varelse som lever i himlen, utan Buga <em>\u00e4r<\/em> himlen och samtidigt v\u00e4rlden.<\/p><p>Denna semantiska f\u00f6rt\u00e4tning \u00e4r religionsfenomenologiskt s\u00e4rskilt intressant, eftersom den utg\u00f6r ett stadium f\u00f6re \u00e5tskillnaden mellan det numin\u00f6sa och det konkreta, en f\u00f6rform av det som senare konceptualiseras som \u201dh\u00f6gsta gud\u201d. Shirokogoroff utvecklade h\u00e4r en hel teori om \u201dpsykomental sammansm\u00e4ltning\u201d.<\/p><p>I den manchuriska traditionen, som spr\u00e5kligt \u00e4r besl\u00e4ktad med evenkiskan, f\u00f6rekommer <em>bo\u03b3o<\/em> senare som en specialiserad beteckning f\u00f6r \u201dv\u00e4rld\u201d, utan att bevara den h\u00f6gguds-konnotationen. Denna specialisering f\u00f6ljer manchuernas buddhisering under Qing-dynastin.<\/p>\t\t\t\t\t\t\t\t<\/div>\n\t\t\t\t<\/div>\n\t\t\t\t\t<\/div>\n\t\t\t\t<\/div>\n\t\t<div class=\"elementor-element elementor-element-iwgw-bugatungus-s2 e-flex e-con-boxed e-con e-parent\" data-id=\"iwgw-bugatungus-s2\" data-element_type=\"container\" data-e-type=\"container\">\n\t\t\t\t\t<div class=\"e-con-inner\">\n\t\t\t\t<div class=\"elementor-element elementor-element-iwgw-bugatungus-s2h elementor-widget elementor-widget-heading\" data-id=\"iwgw-bugatungus-s2h\" data-element_type=\"widget\" data-e-type=\"widget\" data-widget_type=\"heading.default\">\n\t\t\t\t\t<h2 class=\"elementor-heading-title elementor-size-default\">Beskrivning och ikonografi<\/h2>\t\t\t\t<\/div>\n\t\t<div class=\"elementor-element elementor-element-iwgw-bugatungus-s2c e-con-full e-flex e-con e-child\" data-id=\"iwgw-bugatungus-s2c\" data-element_type=\"container\" data-e-type=\"container\">\n\t\t\t\t<div class=\"elementor-element elementor-element-iwgw-bugatungus-s2t elementor-widget elementor-widget-text-editor\" data-id=\"iwgw-bugatungus-s2t\" data-element_type=\"widget\" data-e-type=\"widget\" data-widget_type=\"text-editor.default\">\n\t\t\t\t\t\t\t\t\t<p>Liksom <a href=\"https:\/\/iwell-guard.com\/sv\/tengri-himmelsgud-tengristerna\/\">Tengri<\/a> saknar Buga en egen bildform. Evenkernas schamantrummor visar dock de tre v\u00e4rldsniv\u00e5erna (\u00f6vre, mellersta, nedre) och ett v\u00e4rldstr\u00e4d som v\u00e4xer genom dem; p\u00e5 den \u00f6vre niv\u00e5n representeras Buga ibland av en symbolisk sol med str\u00e5lkrans.<\/p><p>De evenkiska schamandr\u00e4kterna i samlingarna p\u00e5 Ryska etnografiska museet (S:t Petersburg) och Antropologimuseet (MAE) uppvisar mycket avancerade j\u00e4rnh\u00e4ngen, vars religi\u00f6sa betydelse Shirokogoroff dokumenterat i sitt standardverk. Buga sj\u00e4lv avbildas inte direkt p\u00e5 dr\u00e4kterna, men representeras genom det \u00f6versta solskiv-<span class=\"iwg-fachbegriff\" data-tooltip=\"Ett \u00e5terkommande inneh\u00e5llselement i konst eller ber\u00e4ttelse.\" tabindex=\"0\">motivet<\/span>.<\/p><p>Evenkernas f\u00f6rest\u00e4llning om v\u00e4rldstr\u00e4det \u00e4r typologiskt j\u00e4mf\u00f6rbar med den vediska <em>a\u015bvattha<\/em>-f\u00f6rest\u00e4llningen och det nordgermanska Yggdrasil, vilket Eliade har tolkat som ett tecken p\u00e5 en universell \u201dAxis Mundi\u201d-upplevelse.<\/p>\t\t\t\t\t\t\t\t<\/div>\n\t\t\t\t<\/div>\n\t\t\t\t\t<\/div>\n\t\t\t\t<\/div>\n\t\t<div class=\"elementor-element elementor-element-iwgw-bugatungus-s3 e-flex e-con-boxed e-con e-parent\" data-id=\"iwgw-bugatungus-s3\" data-element_type=\"container\" data-e-type=\"container\">\n\t\t\t\t\t<div class=\"e-con-inner\">\n\t\t\t\t<div class=\"elementor-element elementor-element-iwgw-bugatungus-s3h elementor-widget elementor-widget-heading\" data-id=\"iwgw-bugatungus-s3h\" data-element_type=\"widget\" data-e-type=\"widget\" data-widget_type=\"heading.default\">\n\t\t\t\t\t<h2 class=\"elementor-heading-title elementor-size-default\">Mytologiska ber\u00e4ttelser<\/h2>\t\t\t\t<\/div>\n\t\t<div class=\"elementor-element elementor-element-iwgw-bugatungus-s3c e-con-full e-flex e-con e-child\" data-id=\"iwgw-bugatungus-s3c\" data-element_type=\"container\" data-e-type=\"container\">\n\t\t\t\t<div class=\"elementor-element elementor-element-iwgw-bugatungus-s3t elementor-widget elementor-widget-text-editor\" data-id=\"iwgw-bugatungus-s3t\" data-element_type=\"widget\" data-e-type=\"widget\" data-widget_type=\"text-editor.default\">\n\t\t\t\t\t\t\t\t\t<p>Anisimov (1958) har dokumenterat en evenkisk skapelseber\u00e4ttelse d\u00e4r Buga ber en and h\u00e4mta lera fr\u00e5n urhavet f\u00f6r att skapa jorden av den, ett klassiskt sibiriskt dyk-<span class=\"iwg-fachbegriff\" data-tooltip=\"Ett \u00e5terkommande inneh\u00e5llselement i konst eller ber\u00e4ttelse.\" tabindex=\"0\">motiv<\/span> som vi \u00e4ven \u00e5terfinner hos <a href=\"https:\/\/iwell-guard.com\/sv\/ulgen-ljusgud-altai\/\">\u00dclgen<\/a>.<\/p><p>I evenkiska varianter f\u00f6rekommer ofta en skadegudom (<em>Khargi<\/em>) som konkurrent eller bror, en gestalt som motsvarar <a href=\"https:\/\/iwell-guard.com\/sv\/erlik-khan-underjordens-harskare\/\">Erlik Khans<\/a> funktion.<\/p><p>En andra ber\u00e4ttelse skildrar hur Buga s\u00e4nder de f\u00f6rsta schamanerna: han \u201dklyver\u201d en m\u00e4nniska och l\u00e4gger i en av h\u00e4lfterna f\u00f6rm\u00e5gan att se in i den andra v\u00e4rlden. Denna klyvningsber\u00e4ttelse \u00e4r religionsantropologiskt en nyckel-<span class=\"iwg-fachbegriff\" data-tooltip=\"En \u00f6verl\u00e4mnad ber\u00e4ttelse om gudar, ursprung och v\u00e4rldens ordning.\" tabindex=\"0\">myt<\/span> f\u00f6r de evenkiska schamanernas initiationspraxis.<\/p><p>En tredje ber\u00e4ttelse beskriver hur Buga reser upp v\u00e4rldstr\u00e4det: en j\u00e4ttelik l\u00e4rkstam vars r\u00f6tter n\u00e5r ner i Khargi-andarnas underjord och vars krona b\u00e4r solhjulet. L\u00e4ngs detta tr\u00e4d rider <span class=\"iwg-fachbegriff\" data-tooltip=\"Religi\u00f6s specialist som tillskrivs f\u00f6rmedlingen mellan m\u00e4nniskor och andev\u00e4rlden.\" tabindex=\"0\">schamanen<\/span> upp till den \u00f6vre v\u00e4rlden, ofta med hj\u00e4lp av en h\u00e4st-trumma-symbol.<\/p>\t\t\t\t\t\t\t\t<\/div>\n\t\t\t\t<\/div>\n\t\t\t\t\t<\/div>\n\t\t\t\t<\/div>\n\t\t<div class=\"elementor-element elementor-element-iwgw-bugatungus-s4 e-flex e-con-boxed e-con e-parent\" data-id=\"iwgw-bugatungus-s4\" data-element_type=\"container\" data-e-type=\"container\">\n\t\t\t\t\t<div class=\"e-con-inner\">\n\t\t\t\t<div class=\"elementor-element elementor-element-iwgw-bugatungus-s4h elementor-widget elementor-widget-heading\" data-id=\"iwgw-bugatungus-s4h\" data-element_type=\"widget\" data-e-type=\"widget\" data-widget_type=\"heading.default\">\n\t\t\t\t\t<h2 class=\"elementor-heading-title elementor-size-default\">Kult och v\u00f6rdnad<\/h2>\t\t\t\t<\/div>\n\t\t<div class=\"elementor-element elementor-element-iwgw-bugatungus-s4c e-con-full e-flex e-con e-child\" data-id=\"iwgw-bugatungus-s4c\" data-element_type=\"container\" data-e-type=\"container\">\n\t\t\t\t<div class=\"elementor-element elementor-element-iwgw-bugatungus-s4t elementor-widget elementor-widget-text-editor\" data-id=\"iwgw-bugatungus-s4t\" data-element_type=\"widget\" data-e-type=\"widget\" data-widget_type=\"text-editor.default\">\n\t\t\t\t\t\t\t\t\t<p>Evenkerna har ingen tempelkult, utan en genomg\u00e5ende \u00e5kallelsepraktik: f\u00f6re jakten, f\u00f6re en l\u00e5ng resa, vid l\u00e4gerelden n\u00e4mns Buga; d\u00e5 l\u00e4ggs lite tobak eller fett i elden. Schamaner h\u00e5ller i sina s\u00e5nger f\u00f6rbindelsen mellan Buga och de tre v\u00e4rldsniv\u00e5erna, vilket Eliade har beskrivit som ett modellfall f\u00f6r den klassiska <span class=\"iwg-fachbegriff\" data-tooltip=\"Religi\u00f6st system d\u00e4r specialister umg\u00e5s med andev\u00e4rlden.\" tabindex=\"0\">shamanismen<\/span>.<\/p><p>Den evenkiska schamankunskapen f\u00f6rdes traditionellt vidare muntligt, ofta i en linje fr\u00e5n mor till dotter eller far till son. Den sovjetiska repressionen p\u00e5 1930-talet br\u00f6t kraftigt dessa linjer; G. M. Vasilevich kunde i <em>Ewenki<\/em> (1969) fortfarande dokumentera n\u00e5gra av de sista ut\u00f6varna.<\/p><p>I dagens praktik upplever Buga-komplexet en ren\u00e4ssans i den evenkiska autonoma regionen och i vissa bos\u00e4ttningar i Sacha-republiken. Unga ut\u00f6vare tar hj\u00e4lp av Shirokogoroffs anteckningar, ett anm\u00e4rkningsv\u00e4rt fall d\u00e4r v\u00e4sterl\u00e4ndsk akademisk etnografi blir k\u00e4lla till en inhemsk religions\u00e5terupplivning.<\/p>\t\t\t\t\t\t\t\t<\/div>\n\t\t\t\t<\/div>\n\t\t\t\t\t<\/div>\n\t\t\t\t<\/div>\n\t\t<div class=\"elementor-element elementor-element-iwgw-bugatungus-s5 e-flex e-con-boxed e-con e-parent\" data-id=\"iwgw-bugatungus-s5\" data-element_type=\"container\" data-e-type=\"container\">\n\t\t\t\t\t<div class=\"e-con-inner\">\n\t\t\t\t<div class=\"elementor-element elementor-element-iwgw-bugatungus-s5h elementor-widget elementor-widget-heading\" data-id=\"iwgw-bugatungus-s5h\" data-element_type=\"widget\" data-e-type=\"widget\" data-widget_type=\"heading.default\">\n\t\t\t\t\t<h2 class=\"elementor-heading-title elementor-size-default\">Skyddspraxis och apotrop\u00e4iskt<\/h2>\t\t\t\t<\/div>\n\t\t<div class=\"elementor-element elementor-element-iwgw-bugatungus-s5c e-con-full e-flex e-con e-child\" data-id=\"iwgw-bugatungus-s5c\" data-element_type=\"container\" data-e-type=\"container\">\n\t\t\t\t<div class=\"elementor-element elementor-element-iwgw-bugatungus-s5t elementor-widget elementor-widget-text-editor\" data-id=\"iwgw-bugatungus-s5t\" data-element_type=\"widget\" data-e-type=\"widget\" data-widget_type=\"text-editor.default\">\n\t\t\t\t\t\t\t\t\t<p>Vetenskapligt beskrivet: Apotrop\u00e4iska praktiker r\u00f6rde framf\u00f6r allt de skadliga andarna <em>khargi<\/em> (ofta kallade skador av \u201eBuga-tungus\u201c, eftersom de uppfattas som Bugas skuggsida): att br\u00e4nna vissa \u00f6rter vid l\u00e4gerelden, att b\u00e4ra sm\u00e5 benh\u00e4ngen, att s\u00e4tta upp skurna \u201ev\u00e4ktarfigurer\u201c (<em>seven<\/em>) vid v\u00e4gkorsningar.<\/p><p>Figurerna <em>seven<\/em> \u00e4r ett av de mest karakteristiska elementen i den evenkiska materiella kulturen. Det \u00e4r oftast sm\u00e5 skurna tr\u00e4figurer med inlagda \u00f6gon, som f\u00e4sts vid st\u00f6dp\u00e5lar, tr\u00e4d eller tr\u00f6sklar. De ans\u00e5gs vara \u201eboplats\u201c f\u00f6r mindre hj\u00e4lpandar som handlade p\u00e5 schamanens uppdrag.<\/p><p>En s\u00e4rskild praktik \u00e4r <em>chura<\/em>&#8211;<span class=\"iwg-fachbegriff\" data-tooltip=\"En reglerad f\u00f6ljd av symboliska handlingar med religi\u00f6s eller kulturell betydelse.\" tabindex=\"0\">ritualen<\/span>: Innan man betr\u00e4der en ok\u00e4nd plats kastar man en handfull tobak eller ett litet mynt i sn\u00f6n eller p\u00e5 marken, med <span class=\"iwg-fachbegriff\" data-tooltip=\"Det bedjande eller besv\u00e4rjande tilltalet till en gudom eller makt.\" tabindex=\"0\">\u00e5kallelsen<\/span> \u201eBuga, g\u00f6r mig liten\u201c. Denna form av h\u00f6vlighet gentemot universum \u00e4r ett klassiskt animistiskt m\u00f6nster.<\/p>\t\t\t\t\t\t\t\t<\/div>\n\t\t\t\t<\/div>\n\t\t\t\t\t<\/div>\n\t\t\t\t<\/div>\n\t\t<div class=\"elementor-element elementor-element-iwgw-bugatungus-s6 e-flex e-con-boxed e-con e-parent\" data-id=\"iwgw-bugatungus-s6\" data-element_type=\"container\" data-e-type=\"container\">\n\t\t\t\t\t<div class=\"e-con-inner\">\n\t\t\t\t<div class=\"elementor-element elementor-element-iwgw-bugatungus-s6h elementor-widget elementor-widget-heading\" data-id=\"iwgw-bugatungus-s6h\" data-element_type=\"widget\" data-e-type=\"widget\" data-widget_type=\"heading.default\">\n\t\t\t\t\t<h2 class=\"elementor-heading-title elementor-size-default\">Paralleller i andra kulturer<\/h2>\t\t\t\t<\/div>\n\t\t<div class=\"elementor-element elementor-element-iwgw-bugatungus-s6c e-con-full e-flex e-con e-child\" data-id=\"iwgw-bugatungus-s6c\" data-element_type=\"container\" data-e-type=\"container\">\n\t\t\t\t<div class=\"elementor-element elementor-element-iwgw-bugatungus-s6t elementor-widget elementor-widget-text-editor\" data-id=\"iwgw-bugatungus-s6t\" data-element_type=\"widget\" data-e-type=\"widget\" data-widget_type=\"text-editor.default\">\n\t\t\t\t\t\t\t\t\t<p>Buga-f\u00f6rest\u00e4llningen \u00e4r besl\u00e4ktad med det gammalsibiriska <em>Num<\/em> hos samojederna och typologiskt j\u00e4mf\u00f6rbar med det kinesiska <em>Tian<\/em>, i b\u00e5da fallen sm\u00e4lter himmel och h\u00f6gsta gudom samman till ett begrepp. Funktionella paralleller finns till de polynesiska begreppen <em>mana<\/em>\/<em>atua<\/em>, utan att n\u00e5gon genetisk koppling f\u00f6religger.<\/p><p>Det evenkiska s\u00e4rdraget \u00e4r sammansm\u00e4ltningen av \u201euniversum\u201c och \u201eh\u00f6gsta gudom\u201c i ett enda ord, vilket g\u00e5r \u00e4nnu l\u00e4ngre \u00e4n det polysemiska tengri-vokabulariet. Religionsfenomenologiskt \u00e4r Buga d\u00e4rmed ett extremt fall av sammansm\u00e4ltning mellan det numin\u00f6sa och det konkreta.<\/p><p>I den sydsibiriska j\u00e4mf\u00f6relsen \u00e4r Buga mest j\u00e4mf\u00f6rbar med <a href=\"https:\/\/iwell-guard.com\/sv\/tengri-himmelsgud-tengristerna\/\">Tengri<\/a>, mindre med <a href=\"https:\/\/iwell-guard.com\/sv\/ulgen-ljusgud-altai\/\">\u00dclgen<\/a>, som redan har antagit en mer personlig gestalt. Denna skillnad m\u00f6jligg\u00f6r en skiktkronologisk hypotes: Buga representerar m\u00f6jligen ett \u00e4ldre skikt.<\/p>\t\t\t\t\t\t\t\t<\/div>\n\t\t\t\t<\/div>\n\t\t\t\t\t<\/div>\n\t\t\t\t<\/div>\n\t\t<div class=\"elementor-element elementor-element-iwgw-bugatungus-s7 e-flex e-con-boxed e-con e-parent\" data-id=\"iwgw-bugatungus-s7\" data-element_type=\"container\" data-e-type=\"container\">\n\t\t\t\t\t<div class=\"e-con-inner\">\n\t\t\t\t<div class=\"elementor-element elementor-element-iwgw-bugatungus-s7h elementor-widget elementor-widget-heading\" data-id=\"iwgw-bugatungus-s7h\" data-element_type=\"widget\" data-e-type=\"widget\" data-widget_type=\"heading.default\">\n\t\t\t\t\t<h2 class=\"elementor-heading-title elementor-size-default\">Nutida mottagande och forskning<\/h2>\t\t\t\t<\/div>\n\t\t<div class=\"elementor-element elementor-element-iwgw-bugatungus-s7c e-con-full e-flex e-con e-child\" data-id=\"iwgw-bugatungus-s7c\" data-element_type=\"container\" data-e-type=\"container\">\n\t\t\t\t<div class=\"elementor-element elementor-element-iwgw-bugatungus-s7t elementor-widget elementor-widget-text-editor\" data-id=\"iwgw-bugatungus-s7t\" data-element_type=\"widget\" data-e-type=\"widget\" data-widget_type=\"text-editor.default\">\n\t\t\t\t\t\t\t\t\t<p>Klassiska verk: Sergei Shirokogoroff: <em>Psychomental Complex of the Tungus<\/em> (1935); A. F. Anisimov: <em>Religia ewenkov<\/em> (1958); Mircea Eliade gjorde tungus-schamanen till prototypen f\u00f6r sin modell av \u201eklassisk <span class=\"iwg-fachbegriff\" data-tooltip=\"Religi\u00f6st system d\u00e4r specialister umg\u00e5s med andev\u00e4rlden.\" tabindex=\"0\">shamanism<\/span>\u201c. Roberte Hamayon och Andrei Znamenski har senare kritiskt reviderat modellen och f\u00f6rordat ett st\u00f6rre h\u00e4nsynstagande till de lokala evenkiska kategorierna.<\/p><p>G. M. Vasilevich, en sovjetisk forskare, lade i <em>Ewenki<\/em> (Leningrad 1969) fram den mest omfattande sovjetiska monografin om evenkisk religion. Trots sin ideologiska f\u00e4rgning f\u00f6rblir den ett oumb\u00e4rligt materialkorpus.<\/p>\t\t\t\t\t\t\t\t<\/div>\n\t\t\t\t<\/div>\n\t\t\t\t\t<\/div>\n\t\t\t\t<\/div>\n\t\t<div class=\"elementor-element elementor-element-iwgw-bugatungus-s8 e-flex e-con-boxed e-con e-parent\" data-id=\"iwgw-bugatungus-s8\" data-element_type=\"container\" data-e-type=\"container\">\n\t\t\t\t\t<div class=\"e-con-inner\">\n\t\t\t\t<div class=\"elementor-element elementor-element-iwgw-bugatungus-s8h elementor-widget elementor-widget-heading\" data-id=\"iwgw-bugatungus-s8h\" data-element_type=\"widget\" data-e-type=\"widget\" data-widget_type=\"heading.default\">\n\t\t\t\t\t<h2 class=\"elementor-heading-title elementor-size-default\">Forskningsdebatter och \u00f6ppna fr\u00e5gor<\/h2>\t\t\t\t<\/div>\n\t\t<div class=\"elementor-element elementor-element-iwgw-bugatungus-s8c e-con-full e-flex e-con e-child\" data-id=\"iwgw-bugatungus-s8c\" data-element_type=\"container\" data-e-type=\"container\">\n\t\t\t\t<div class=\"elementor-element elementor-element-iwgw-bugatungus-s8t elementor-widget elementor-widget-text-editor\" data-id=\"iwgw-bugatungus-s8t\" data-element_type=\"widget\" data-e-type=\"widget\" data-widget_type=\"text-editor.default\">\n\t\t\t\t\t\t\t\t\t<p>Tre forskningsfr\u00e5gor pr\u00e4glar Buga-diskussionen. F\u00f6rst: Utg\u00f6r Buga ett f\u00f6rtengristiskt skikt, d\u00e4r \u201euniversum\u201c och \u201eh\u00f6gsta gudom\u201c \u00e4nnu inte var \u00e5tskilda? Anisimov och Shirokogoroff f\u00f6rordar denna tolkning; senare forskare (Hamayon) f\u00f6redrar en mer modellrelativ syn.<\/p><p>F\u00f6r det andra: Hur f\u00f6rh\u00e5ller sig den evenkiska praktiken till den dene-jenisejiska spr\u00e5kfamiljehypotesen, som postulerar vissa sl\u00e4ktskapsf\u00f6rh\u00e5llanden mellan evenker och nordamerikanska athabasker? Om denna hypotes \u00e4r korrekt borde Buga-religionen uppvisa cirkumpol\u00e4ra f\u00f6rgreningar.<\/p><p>F\u00f6r det tredje: Vilken framtid har dagens Buga-ren\u00e4ssans i evenkiregionen, med tanke p\u00e5 det massiva trycket fr\u00e5n gruvdrift och oljeutvinning? \u00c4ven h\u00e4r f\u00f6renas religionshistoria med ekologisk och politisk aktualitet.<\/p>\t\t\t\t\t\t\t\t<\/div>\n\t\t\t\t<\/div>\n\t\t\t\t\t<\/div>\n\t\t\t\t<\/div>\n\t\t<div class=\"elementor-element elementor-element-iwgw-bugatungus-s9 e-flex e-con-boxed e-con e-parent\" data-id=\"iwgw-bugatungus-s9\" data-element_type=\"container\" data-e-type=\"container\">\n\t\t\t\t\t<div class=\"e-con-inner\">\n\t\t\t\t<div class=\"elementor-element elementor-element-iwgw-bugatungus-s9h elementor-widget elementor-widget-heading\" data-id=\"iwgw-bugatungus-s9h\" data-element_type=\"widget\" data-e-type=\"widget\" data-widget_type=\"heading.default\">\n\t\t\t\t\t<h2 class=\"elementor-heading-title elementor-size-default\">Buga och Shirokogoroffs pionj\u00e4rroll<\/h2>\t\t\t\t<\/div>\n\t\t<div class=\"elementor-element elementor-element-iwgw-bugatungus-s9c e-con-full e-flex e-con e-child\" data-id=\"iwgw-bugatungus-s9c\" data-element_type=\"container\" data-e-type=\"container\">\n\t\t\t\t<div class=\"elementor-element elementor-element-iwgw-bugatungus-s9t elementor-widget elementor-widget-text-editor\" data-id=\"iwgw-bugatungus-s9t\" data-element_type=\"widget\" data-e-type=\"widget\" data-widget_type=\"text-editor.default\">\n\t\t\t\t\t\t\t\t\t<p>Sergei Shirokogoroffs roll i Buga-forskningen f\u00f6rtj\u00e4nar en s\u00e4rskild f\u00f6rdjupning. Shirokogoroff (1887, 1939) var en rysk etnograf som gick i exil efter oktoberrevolutionen och undervisade i Kina fr\u00e5n 1922.<\/p><p>Hans huvudverk <em>Psychomental Complex of the Tungus<\/em> (Shanghai 1935) \u00e4r en av de f\u00f6rsta b\u00f6cker som systematiskt rekonstruerar ett icke-v\u00e4sterl\u00e4ndskt religi\u00f6st system utifr\u00e5n ut\u00f6varnas inre perspektiv.<\/p><p>Shirokogoroff pr\u00e4glade termen \u201e<span class=\"iwg-fachbegriff\" data-tooltip=\"Religi\u00f6st system d\u00e4r specialister umg\u00e5s med andev\u00e4rlden.\" tabindex=\"0\">shamanism<\/span>\u201c som vetenskaplig term, baserad p\u00e5 det tungusiska <em>\u0161aman<\/em>. Denna begreppsbildning fick stora vetenskapliga konsekvenser: den gjorde en lokal tungusisk term till en universell kategori. Andrei Znamenski har i <em>Shamanism and Western Imagination<\/em> (2007) kritiskt sp\u00e5rat denna universalisering.<\/p><p>Dagens Buga-forskning st\u00e5r i ett ambivalent f\u00f6rh\u00e5llande till Shirokogoroff: \u00e5 ena sidan \u00e4r hans material oumb\u00e4rligt, \u00e5 andra sidan g\u00f6mmer sig i hans begrepp \u201epsykomental sammansm\u00e4ltning\u201c ett essentialistiskt antagande som samtida religionsetnologi kritiskt ifr\u00e5gas\u00e4tter.<\/p>\t\t\t\t\t\t\t\t<\/div>\n\t\t\t\t<\/div>\n\t\t\t\t\t<\/div>\n\t\t\t\t<\/div>\n\t\t<div class=\"elementor-element elementor-element-iwgw-bugatungus-s10 e-flex e-con-boxed e-con e-parent\" data-id=\"iwgw-bugatungus-s10\" data-element_type=\"container\" data-e-type=\"container\">\n\t\t\t\t\t<div class=\"e-con-inner\">\n\t\t\t\t<div class=\"elementor-element elementor-element-iwgw-bugatungus-s10h elementor-widget elementor-widget-heading\" data-id=\"iwgw-bugatungus-s10h\" data-element_type=\"widget\" data-e-type=\"widget\" data-widget_type=\"heading.default\">\n\t\t\t\t\t<h2 class=\"elementor-heading-title elementor-size-default\">K\u00e4llor och koppling till kulturhubben<\/h2>\t\t\t\t<\/div>\n\t\t<div class=\"elementor-element elementor-element-iwgw-bugatungus-s10c e-con-full e-flex e-con e-child\" data-id=\"iwgw-bugatungus-s10c\" data-element_type=\"container\" data-e-type=\"container\">\n\t\t\t\t<div class=\"elementor-element elementor-element-iwgw-bugatungus-s10t elementor-widget elementor-widget-text-editor\" data-id=\"iwgw-bugatungus-s10t\" data-element_type=\"widget\" data-e-type=\"widget\" data-widget_type=\"text-editor.default\">\n\t\t\t\t\t\t\t\t\t<p>Den som vill studera Buga-komplexet i sin bredd hittar p\u00e5 \u00f6versiktssidan <a href=\"https:\/\/iwell-guard.com\/sv\/sibirisk-schamanism-och-tengrism-stapp-och-tajga\/\">Sibirisk-tengristisk tradition<\/a> de viktigaste h\u00e4nvisningarna till besl\u00e4ktade gestalter som <a href=\"https:\/\/iwell-guard.com\/sv\/tengri-himmelsgud-tengristerna\/\">Tengri<\/a> (turkisk parallell) och de jakutiska <em>aiyy<\/em>-ljusv\u00e4sendena.<\/p><p>Sergei Shirokogoroffs <em>Psychomental Complex of the Tungus<\/em> (1935) \u00e4r den viktigaste prim\u00e4rk\u00e4llan. A. F. Anisimovs <em>Religia ewenkov<\/em> (Moskva 1958) \u00e4r den viktigaste sovjetiska syntesen. G. M. Vasilevichs <em>Ewenki<\/em> (Leningrad 1969) kompletterar bilden med omfattande material.<\/p><p>F\u00f6r den cirkumpol\u00e4ra inramningen kan h\u00e4nvisas till Roberte Hamayons <em>La chasse \u00e0 l&#8217;\u00e2me<\/em> (1990) och Andrei Znamenskis <em>Shamanism and Western Imagination<\/em> (Oxford 2007). Dessa b\u00e5da verk \u00e4r de viktigaste korrigeringarna av den klassiska Eliade-modellen.<\/p>\t\t\t\t\t\t\t\t<\/div>\n\t\t\t\t<\/div>\n\t\t\t\t\t<\/div>\n\t\t\t\t<\/div>\n\t\t<div class=\"elementor-element elementor-element-iwgw-bugatungus-s11 e-flex e-con-boxed e-con e-parent\" data-id=\"iwgw-bugatungus-s11\" data-element_type=\"container\" data-e-type=\"container\">\n\t\t\t\t\t<div class=\"e-con-inner\">\n\t\t\t\t<div class=\"elementor-element elementor-element-iwgw-bugatungus-s11h elementor-widget elementor-widget-heading\" data-id=\"iwgw-bugatungus-s11h\" data-element_type=\"widget\" data-e-type=\"widget\" data-widget_type=\"heading.default\">\n\t\t\t\t\t<h2 class=\"elementor-heading-title elementor-size-default\">Buga och schamaninitieringen<\/h2>\t\t\t\t<\/div>\n\t\t<div class=\"elementor-element elementor-element-iwgw-bugatungus-s11c e-con-full e-flex e-con e-child\" data-id=\"iwgw-bugatungus-s11c\" data-element_type=\"container\" data-e-type=\"container\">\n\t\t\t\t<div class=\"elementor-element elementor-element-iwgw-bugatungus-s11t elementor-widget elementor-widget-text-editor\" data-id=\"iwgw-bugatungus-s11t\" data-element_type=\"widget\" data-e-type=\"widget\" data-widget_type=\"text-editor.default\">\n\t\t\t\t\t\t\t\t\t<p>Bugas roll i den evenkiska schamanens <span class=\"iwg-fachbegriff\" data-tooltip=\"Rituell \u00f6verg\u00e5ng genom vilken n\u00e5gon upptas i en ny status eller gemenskap.\" tabindex=\"0\">initiering<\/span> f\u00f6rtj\u00e4nar en s\u00e4rskild studie. Shirokogoroff har i <em>Psychomental Complex of the Tungus<\/em> (1935) beskrivit flera initieringar i detalj: Den blivande <span class=\"iwg-fachbegriff\" data-tooltip=\"Religi\u00f6s specialist som tillskrivs f\u00f6rmedlingen mellan m\u00e4nniskor och andev\u00e4rlden.\" tabindex=\"0\">schamanen<\/span> f\u00f6rs genom en fas av allvarlig &#8221;schamansjukdom&#8221;, som tolkas som en <span class=\"iwg-fachbegriff\" data-tooltip=\"Rituell \u00f6verg\u00e5ng genom vilken n\u00e5gon upptas i en ny status eller gemenskap.\" tabindex=\"0\">initiering<\/span>, en klassisk modell som Eliade generaliserade som &#8221;initieringsd\u00f6d och uppst\u00e5ndelse&#8221;.<\/p><p>Buga st\u00e5r i denna <span class=\"iwg-fachbegriff\" data-tooltip=\"Rituell \u00f6verg\u00e5ng genom vilken n\u00e5gon upptas i en ny status eller gemenskap.\" tabindex=\"0\">initiering<\/span> som den \u00f6verordnade uppdragsgivaren: han s\u00e4nder initieringssjukdomen, han &#8221;klyver&#8221; den invigde, han l\u00e4r honom resan genom de tre v\u00e4rldsniv\u00e5erna. Denna funktion \u00e4r religionsantropologiskt sett den modell som den cirkumpol\u00e4ra initieringsforskningen har byggts p\u00e5.<\/p><p>Roberte Hamayon har kritiskt reviderat denna modell i <em>La chasse \u00e0 l&#8217;\u00e2me<\/em> (1990): Hon l\u00e4ser den evenkiska <span class=\"iwg-fachbegriff\" data-tooltip=\"Rituell \u00f6verg\u00e5ng genom vilken n\u00e5gon upptas i en ny status eller gemenskap.\" tabindex=\"0\">initieringen<\/span> mindre som en &#8221;mystisk upplevelse&#8221; \u00e4n som en socioekonomisk f\u00f6rhandlingspraktik. B\u00e5da tolkningarna har sin giltighet och kompletterar varandra.<\/p>\t\t\t\t\t\t\t\t<\/div>\n\t\t\t\t<\/div>\n\t\t\t\t\t<\/div>\n\t\t\t\t<\/div>\n\t\t<div class=\"elementor-element elementor-element-iwgw-bugatungus-s12 e-flex e-con-boxed e-con e-parent\" data-id=\"iwgw-bugatungus-s12\" data-element_type=\"container\" data-e-type=\"container\">\n\t\t\t\t\t<div class=\"e-con-inner\">\n\t\t\t\t<div class=\"elementor-element elementor-element-iwgw-bugatungus-s12h elementor-widget elementor-widget-heading\" data-id=\"iwgw-bugatungus-s12h\" data-element_type=\"widget\" data-e-type=\"widget\" data-widget_type=\"heading.default\">\n\t\t\t\t\t<h2 class=\"elementor-heading-title elementor-size-default\">Metodisk reflektion<\/h2>\t\t\t\t<\/div>\n\t\t<div class=\"elementor-element elementor-element-iwgw-bugatungus-s12c e-con-full e-flex e-con e-child\" data-id=\"iwgw-bugatungus-s12c\" data-element_type=\"container\" data-e-type=\"container\">\n\t\t\t\t<div class=\"elementor-element elementor-element-iwgw-bugatungus-s12t elementor-widget elementor-widget-text-editor\" data-id=\"iwgw-bugatungus-s12t\" data-element_type=\"widget\" data-e-type=\"widget\" data-widget_type=\"text-editor.default\">\n\t\t\t\t\t\t\t\t\t<p>Buga-forskningen m\u00f6ter flera metodologiska problem. F\u00f6rst: Shirokogoroffs pionj\u00e4rarbete \u00e4r metodologiskt imponerande, men pr\u00e4glat av hans exilstatus och teoretiska f\u00f6rutfattade meningar. Andrei Znamenski har kritiskt kartlagt dessa f\u00f6rutfattade meningar.<\/p><p>F\u00f6r det andra: Den sovjetiska repressionen p\u00e5 1930-talet skadade den evenkiska schamantraditionen sv\u00e5rt; vad vi observerar idag \u00e4r en rekonstruktion baserad p\u00e5 etnografiska texter. Denna rekonstruktion b\u00f6r unders\u00f6kas religionssociologiskt som ett eget fenomen.<\/p><p>F\u00f6r det tredje: Det evenkiska spr\u00e5ket \u00e4r idag hotat; med det f\u00f6rsvinner ocks\u00e5 den direkta tillg\u00e5ngen till Buga-vokabul\u00e4r och -f\u00f6rest\u00e4llningar. Spr\u00e5k- och religionsbevarande politik blir h\u00e4r systerproblem.<\/p>\t\t\t\t\t\t\t\t<\/div>\n\t\t\t\t<\/div>\n\t\t\t\t\t<\/div>\n\t\t\t\t<\/div>\n\t\t<div class=\"elementor-element elementor-element-iwgw-bugatungus-s13 e-flex e-con-boxed e-con e-parent\" data-id=\"iwgw-bugatungus-s13\" data-element_type=\"container\" data-e-type=\"container\">\n\t\t\t\t\t<div class=\"e-con-inner\">\n\t\t\t\t<div class=\"elementor-element elementor-element-iwgw-bugatungus-s13h elementor-widget elementor-widget-heading\" data-id=\"iwgw-bugatungus-s13h\" data-element_type=\"widget\" data-e-type=\"widget\" data-widget_type=\"heading.default\">\n\t\t\t\t\t<h2 class=\"elementor-heading-title elementor-size-default\">Buga och evenkernas spr\u00e5kbevarande<\/h2>\t\t\t\t<\/div>\n\t\t<div class=\"elementor-element elementor-element-iwgw-bugatungus-s13c e-con-full e-flex e-con e-child\" data-id=\"iwgw-bugatungus-s13c\" data-element_type=\"container\" data-e-type=\"container\">\n\t\t\t\t<div class=\"elementor-element elementor-element-iwgw-bugatungus-s13t elementor-widget elementor-widget-text-editor\" data-id=\"iwgw-bugatungus-s13t\" data-element_type=\"widget\" data-e-type=\"widget\" data-widget_type=\"text-editor.default\">\n\t\t\t\t\t\t\t\t\t<p>Det evenkiska spr\u00e5ket \u00e4r enligt UNESCO:s klassificering &#8221;hotat&#8221;; det har idag bara n\u00e5gra tusen aktiva talare, huvudsakligen i Ryska federationen och i Nordkina. Med spr\u00e5ket f\u00f6rsvinner ocks\u00e5 den direkta tillg\u00e5ngen till Buga-vokabul\u00e4r och till de fina distinktionerna i den evenkiska religionen.<\/p><p>Flera initiativ f\u00f6rs\u00f6ker hindra denna f\u00f6rlust. Ryska vetenskapsakademin (Institutet f\u00f6r spr\u00e5kforskning) och Ulan-Ude-universitetet driver dokumentationsprogram; i Folkrepubliken Kina finns ett liknande f\u00f6rs\u00f6k f\u00f6r den manchu-tungusiska spr\u00e5kfamiljen.<\/p><p>Detta \u00e4r vetenskapligt relevant eftersom religion och spr\u00e5k \u00e4r t\u00e4tt sammanfl\u00e4tade. F\u00f6rlusten av det evenkiska ordet <em>buga<\/em> skulle ocks\u00e5 inneb\u00e4ra f\u00f6rlusten av ett specifikt religionsbegrepp. Spr\u00e5k- och religionsbevarande blir h\u00e4r systerprojekt.<\/p>\t\t\t\t\t\t\t\t<\/div>\n\t\t\t\t<\/div>\n\t\t\t\t\t<\/div>\n\t\t\t\t<\/div>\n\t\t<div class=\"elementor-element elementor-element-iwgw-bugatungus-s14 e-flex e-con-boxed e-con e-parent\" data-id=\"iwgw-bugatungus-s14\" data-element_type=\"container\" data-e-type=\"container\">\n\t\t\t\t\t<div class=\"e-con-inner\">\n\t\t\t\t<div class=\"elementor-element elementor-element-iwgw-bugatungus-s14h elementor-widget elementor-widget-heading\" data-id=\"iwgw-bugatungus-s14h\" data-element_type=\"widget\" data-e-type=\"widget\" data-widget_type=\"heading.default\">\n\t\t\t\t\t<h2 class=\"elementor-heading-title elementor-size-default\">Buga och den cirkumpol\u00e4ra h\u00f6gguds-traditionen<\/h2>\t\t\t\t<\/div>\n\t\t<div class=\"elementor-element elementor-element-iwgw-bugatungus-s14c e-con-full e-flex e-con e-child\" data-id=\"iwgw-bugatungus-s14c\" data-element_type=\"container\" data-e-type=\"container\">\n\t\t\t\t<div class=\"elementor-element elementor-element-iwgw-bugatungus-s14t elementor-widget elementor-widget-text-editor\" data-id=\"iwgw-bugatungus-s14t\" data-element_type=\"widget\" data-e-type=\"widget\" data-widget_type=\"text-editor.default\">\n\t\t\t\t\t\t\t\t\t<p>Ett cirkumpol\u00e4rt j\u00e4mf\u00f6relseperspektiv visar Buga som en l\u00e4nk i en bred familj av &#8221;universum-h\u00f6ggudomar&#8221;, som str\u00e4cker sig fr\u00e5n Skandinavien (samiska Radien) via Sibirien (samojediska Num, evenkiska Buga) \u00e4nda till Nordamerika (algonkin Manitou, inuit Sila). I alla dessa fall sm\u00e4lter himmel, universum och h\u00f6gguddom samman till ett begrepp.<\/p><p>Denna cirkumpol\u00e4ra f\u00f6rgrening \u00e4r f\u00f6rem\u00e5l f\u00f6r intensiv forskning. Juha Pentik\u00e4inen har i <em>Shamanism and Culture<\/em> (1998) gett en systematisk \u00f6versikt; Mih\u00e1ly Hopp\u00e1l har i <em>Shamans and Traditions<\/em> (2007) utvidgat den ungerska och sibiriska j\u00e4mf\u00f6relsen.<\/p><p>Huruvida det r\u00f6r sig om ett genetiskt sl\u00e4ktskap (paleosibiriska substrat som spreds i alla riktningar) eller om en typologisk konvergens (samma funktioner under samma ekologiska f\u00f6rh\u00e5llanden) f\u00f6rblir omtvistat. Buga \u00e4r ett av de rikast dokumenterade exemplen.<\/p>\t\t\t\t\t\t\t\t<\/div>\n\t\t\t\t<\/div>\n\t\t\t\t\t<\/div>\n\t\t\t\t<\/div>\n\t\t<div class=\"elementor-element elementor-element-iwgw-bugatungus-s15 e-flex e-con-boxed e-con e-parent\" data-id=\"iwgw-bugatungus-s15\" data-element_type=\"container\" data-e-type=\"container\">\n\t\t\t\t\t<div class=\"e-con-inner\">\n\t\t\t\t<div class=\"elementor-element elementor-element-iwgw-bugatungus-s15h elementor-widget elementor-widget-heading\" data-id=\"iwgw-bugatungus-s15h\" data-element_type=\"widget\" data-e-type=\"widget\" data-widget_type=\"heading.default\">\n\t\t\t\t\t<h2 class=\"elementor-heading-title elementor-size-default\">Buga och den evenkiska tundraekonomin<\/h2>\t\t\t\t<\/div>\n\t\t<div class=\"elementor-element elementor-element-iwgw-bugatungus-s15c e-con-full e-flex e-con e-child\" data-id=\"iwgw-bugatungus-s15c\" data-element_type=\"container\" data-e-type=\"container\">\n\t\t\t\t<div class=\"elementor-element elementor-element-iwgw-bugatungus-s15t elementor-widget elementor-widget-text-editor\" data-id=\"iwgw-bugatungus-s15t\" data-element_type=\"widget\" data-e-type=\"widget\" data-widget_type=\"text-editor.default\">\n\t\t\t\t\t\t\t\t\t<p>Den evenkiska religionen \u00e4r t\u00e4tt sammanfl\u00e4tad med rentundraekonomin. Buga \u00e4r h\u00e4r samtidigt h\u00f6gguden och &#8221;\u00e4garen&#8221; av rensdjuren; utan hans till\u00e5telse f\u00e5r inget rensdjur jagas. Den rituella <span class=\"iwg-fachbegriff\" data-tooltip=\"Det bedjande eller \u00e5kallande tilltalet till en gudomlighet eller makt.\" tabindex=\"0\">\u00e5kallandet<\/span> av Buga f\u00f6re jakten \u00e4r d\u00e4rf\u00f6r inte bara <span class=\"iwg-fachbegriff\" data-tooltip=\"En m\u00e4nniskas levda religi\u00f6sa h\u00e5llning och praktik.\" tabindex=\"0\">gudsfruktan<\/span>, utan ekonomisk praktik.<\/p><p>A. F. Anisimov har i <em>Religia ewenkov<\/em> (1958) beskrivit denna sammanfl\u00e4tning i detalj. Den st\u00e5r i en bredare religionsantropologisk tradition som inte f\u00f6rst\u00e5r religion och ekonomi som separata sf\u00e4rer, utan som en integrerad livsprocess.<\/p><p>I dagens Ryska federation \u00e4r den evenkiska tundraekonomin starkt hotad av gruvdrift, oljeutvinning och klimatf\u00f6r\u00e4ndringar. Med den \u00e4r ocks\u00e5 Buga-komplexet hotat, ett religionsekologiskt forskningsf\u00e4lt av h\u00f6gsta rang.<\/p>\t\t\t\t\t\t\t\t<\/div>\n\t\t\t\t<\/div>\n\t\t\t\t\t<\/div>\n\t\t\t\t<\/div>\n\t\t<div class=\"elementor-element elementor-element-cp2fe9c4aa e-flex e-con-boxed e-con e-parent\" data-id=\"cp2fe9c4aa\" data-element_type=\"container\" data-e-type=\"container\">\n\t\t\t\t\t<div class=\"e-con-inner\">\n\t\t\t\t<div class=\"elementor-element elementor-element-cp2067a37d elementor-widget elementor-widget-heading\" data-id=\"cp2067a37d\" data-element_type=\"widget\" data-e-type=\"widget\" data-widget_type=\"heading.default\">\n\t\t\t\t\t<h2 class=\"elementor-heading-title elementor-size-default\">Buga mellan himmel, v\u00e4rld och h\u00f6gsta v\u00e4sen<\/h2>\t\t\t\t<\/div>\n\t\t<div class=\"elementor-element elementor-element-cp2dfd4645 e-flex e-con-boxed e-con e-child\" data-id=\"cp2dfd4645\" data-element_type=\"container\" data-e-type=\"container\">\n\t\t\t\t\t<div class=\"e-con-inner\">\n\t\t\t\t<div class=\"elementor-element elementor-element-cp2ebe964b elementor-widget elementor-widget-text-editor\" data-id=\"cp2ebe964b\" data-element_type=\"widget\" data-e-type=\"widget\" data-widget_type=\"text-editor.default\">\n\t\t\t\t\t\t\t\t\t<p>Begreppet <em>Buga<\/em> tillh\u00f6r de tungusiska spr\u00e5ken, framf\u00f6r allt evenkiskan, och kan inte entydigt fastst\u00e4llas till en enda betydelse. Etnografiska uppteckningar \u00e5terger ordet dels som himmel, dels som v\u00e4rld eller trakt, dels som beteckning f\u00f6r ett h\u00f6gsta v\u00e4sen knutet till himlen.<\/p><p>Denna betydelsebredd \u00e4r inget \u00f6vers\u00e4ttningsfel, utan pekar p\u00e5 en f\u00f6rest\u00e4llning d\u00e4r den levande v\u00e4rlden, dess rum och den h\u00f6gsta verkande makten i den inte t\u00e4nktes strikt \u00e5tskilda.<\/p><p>K\u00e4llorna till <em>Buga<\/em> \u00e4r sparsamma och h\u00e4rstammar till stor del fr\u00e5n 1800- och 1900-talet. Ryska forskare och tj\u00e4nstem\u00e4n, senare sovjetiska etnografer som Sergej Sjirokogorov, som skrev grundl\u00e4ggande arbeten om de tungusiska folken och om <span class=\"iwg-fachbegriff\" data-tooltip=\"Religi\u00f6st system d\u00e4r specialister f\u00f6rmedlar kontakt med andev\u00e4rlden.\" tabindex=\"0\">schamanism<\/span>, dokumenterade fragment av de religi\u00f6sa f\u00f6rest\u00e4llningarna.<\/p><p>Sjirokogorov betonade dock sj\u00e4lv att m\u00e5nga av dessa f\u00f6rest\u00e4llningar redan hade omformats genom kontakt med den ryska <span class=\"iwg-fachbegriff\" data-tooltip=\"Den l\u00e4ra som erk\u00e4nns som r\u00e4ttrogen.\" tabindex=\"0\">ortodoxin<\/span> och med angr\u00e4nsande religioner. En ren, ost\u00f6rd tungusisk <span class=\"iwg-fachbegriff\" data-tooltip=\"Den vetenskapliga l\u00e4ran om Gud och om en religions tro.\" tabindex=\"0\">teologi<\/span> g\u00e5r inte att utvinna ur k\u00e4llorna.<\/p><p>Till detta kommer att evenkerna levde utspridda \u00f6ver ett enormt omr\u00e5de fr\u00e5n Mellansibirien till Stilla havet och var organiserade i sm\u00e5, r\u00f6rliga grupper. De lokala varianterna av f\u00f6rest\u00e4llningarna var d\u00e4rf\u00f6r stora, och det fanns ingen institution som fastst\u00e4llde en enhetlig l\u00e4ra.<\/p><p>Vad som avs\u00e5gs med <em>Buga<\/em> kunde variera fr\u00e5n grupp till grupp. Seri\u00f6sa framst\u00e4llningar beskriver d\u00e4rf\u00f6r <em>Buga<\/em> som ett sv\u00e5rf\u00e5ngat begrepp, som beroende p\u00e5 sammanhang antingen kan syfta p\u00e5 det besj\u00e4lade v\u00e4rldsrummet eller ett h\u00f6gsta v\u00e4sen, utan att de tv\u00e5 aspekterna g\u00e5r att skilja tydligt \u00e5t.<\/p>\t\t\t\t\t\t\t\t<\/div>\n\t\t\t\t\t<\/div>\n\t\t\t\t<\/div>\n\t\t\t\t\t<\/div>\n\t\t\t\t<\/div>\n\t\t<div class=\"elementor-element elementor-element-iwgw-bugatungus-lit e-flex e-con-boxed e-con e-parent\" data-id=\"iwgw-bugatungus-lit\" data-element_type=\"container\" data-e-type=\"container\">\n\t\t\t\t\t<div class=\"e-con-inner\">\n\t\t\t\t<div class=\"elementor-element elementor-element-iwgw-bugatungus-lith elementor-widget elementor-widget-heading\" data-id=\"iwgw-bugatungus-lith\" data-element_type=\"widget\" data-e-type=\"widget\" data-widget_type=\"heading.default\">\n\t\t\t\t\t<h2 class=\"elementor-heading-title elementor-size-default\">Litteratur (urval)<\/h2>\t\t\t\t<\/div>\n\t\t<div class=\"elementor-element elementor-element-iwgw-bugatungus-litc e-con-full e-flex e-con e-child\" data-id=\"iwgw-bugatungus-litc\" data-element_type=\"container\" data-e-type=\"container\">\n\t\t\t\t<div class=\"elementor-element elementor-element-iwgw-bugatungus-litt elementor-widget elementor-widget-text-editor\" data-id=\"iwgw-bugatungus-litt\" data-element_type=\"widget\" data-e-type=\"widget\" data-widget_type=\"text-editor.default\">\n\t\t\t\t\t\t\t\t\t<ul><li>Sergei Shirokogoroff: <em>Psychomental Complex of the Tungus<\/em> (1935)<\/li><li>A. F. Anisimov: <em>Religia ewenkov<\/em> (1958)<\/li><li>Mircea Eliade: <em>Le chamanisme<\/em> (1951)<\/li><li>Roberte Hamayon: <em>La chasse \u00e0 l&#8217;\u00e2me<\/em> (1990)<\/li><li>Andrei Znamenski: <em>Shamanism and Western Imagination<\/em> (2007)<\/li><li>Vladimir Basilov: <em>Shamanism in Siberia<\/em> (1984)<\/li><li>G. M. Vasilevich: <em>Ewenki<\/em> (1969)<\/li><\/ul>\t\t\t\t\t\t\t\t<\/div>\n\t\t\t\t<\/div>\n\t\t\t\t\t<\/div>\n\t\t\t\t<\/div>\n\t\t<div class=\"elementor-element elementor-element-iwgkw2-add-bugatungus e-flex e-con-boxed e-con e-parent\" data-id=\"iwgkw2-add-bugatungus\" data-element_type=\"container\" data-e-type=\"container\">\n\t\t\t\t\t<div class=\"e-con-inner\">\n\t\t\t\t<div class=\"elementor-element elementor-element-iwgkw2-add-bugatungus-t elementor-widget elementor-widget-text-editor\" data-id=\"iwgkw2-add-bugatungus-t\" data-element_type=\"widget\" data-e-type=\"widget\" data-widget_type=\"text-editor.default\">\n\t\t\t\t\t\t\t\t\t<p>Hos evenk-tungusfolken anses Buga vara den h\u00f6gsta universumsherren, som omfattar himmel, jord och underjord och som i schamans\u00e5nger \u00e5kallas som en osynlig, allest\u00e4des n\u00e4rvarande bakgrund till allt levande.<\/p>\t\t\t\t\t\t\t\t<\/div>\n\t\t\t\t\t<\/div>\n\t\t\t\t<\/div>\n\t\t<div class=\"elementor-element elementor-element-iwgw-bugatungus-kwd e-flex e-con-boxed e-con e-parent\" data-id=\"iwgw-bugatungus-kwd\" data-element_type=\"container\" data-e-type=\"container\">\n\t\t\t\t\t<div class=\"e-con-inner\">\n\t\t<div class=\"elementor-element elementor-element-iwgw-bugatungus-kwdc e-con-full e-flex e-con e-child\" data-id=\"iwgw-bugatungus-kwdc\" data-element_type=\"container\" data-e-type=\"container\">\n\t\t\t\t<div class=\"elementor-element elementor-element-iwgw-bugatungus-kwdt elementor-widget elementor-widget-text-editor\" data-id=\"iwgw-bugatungus-kwdt\" data-element_type=\"widget\" data-e-type=\"widget\" data-widget_type=\"text-editor.default\">\n\t\t\t\t\t\t\t\t\t<p><em>Relaterade nyckelbegrepp: Buga Evenker Tunguser Shirokogoroff Khargi seven V\u00e4rldstr\u00e4det.<\/em><\/p>\t\t\t\t\t\t\t\t<\/div>\n\t\t\t\t<\/div>\n\t\t\t\t\t<\/div>\n\t\t\t\t<\/div>\n\t\t<div class=\"elementor-element elementor-element-iwgw-bugatungus-cc e-flex e-con-boxed e-con e-parent\" data-id=\"iwgw-bugatungus-cc\" data-element_type=\"container\" data-e-type=\"container\" id=\"iwg-cc-buga-tungus\">\n\t\t\t\t\t<div class=\"e-con-inner\">\n\t\t<div class=\"elementor-element elementor-element-iwgw-bugatungus-ccinner e-flex e-con-boxed e-con e-parent\" data-id=\"iwgw-bugatungus-ccinner\" data-element_type=\"container\" data-e-type=\"container\" data-settings=\"{&quot;background_background&quot;:&quot;classic&quot;}\">\n\t\t\t\t\t<div class=\"e-con-inner\">\n\t\t\t\t<div class=\"elementor-element elementor-element-iwgw-bugatungus-cch elementor-widget elementor-widget-heading\" data-id=\"iwgw-bugatungus-cch\" data-element_type=\"widget\" data-e-type=\"widget\" data-widget_type=\"heading.default\">\n\t\t\t\t\t<h2 class=\"elementor-heading-title elementor-size-default\">iWell Guard och skyddstraditioner<\/h2>\t\t\t\t<\/div>\n\t\t\t\t<div class=\"elementor-element elementor-element-iwgw-bugatungus-cct elementor-widget elementor-widget-text-editor\" data-id=\"iwgw-bugatungus-cct\" data-element_type=\"widget\" data-e-type=\"widget\" data-widget_type=\"text-editor.default\">\n\t\t\t\t\t\t\t\t\t<div data-nosnippet=\"true\"><p>iWell Guard ansluter till den kulturhistoriska traditionen av b\u00e4rbara skyddsobjekt, i traditionen fr\u00e5n <a href=\"https:\/\/iwell-guard.com\/sv\/sibirisk-schamanism-och-tengrism-stapp-och-tajga\/\">Sibirien \/ tengrismen<\/a> och m\u00e5nga andra kulturer v\u00e4rlden \u00f6ver. 41 niv\u00e5er, \u00e4kta guld, platina, silver, tillverkad i Tyskland. 30 dagars returr\u00e4tt.<\/p><\/div>\t\t\t\t\t\t\t\t<\/div>\n\t\t\t\t<div class=\"elementor-element elementor-element-iwgw-bugatungus-ccb iwg-cc-button iwg-cc-cta-2026-05-13 elementor-widget elementor-widget-jet-button\" data-id=\"iwgw-bugatungus-ccb\" data-element_type=\"widget\" data-e-type=\"widget\" data-widget_type=\"jet-button.default\">\n\t\t\t\t<div class=\"elementor-widget-container\">\n\t\t\t\t\t<div class=\"elementor-jet-button jet-elements\"><div class=\"jet-button__container\"><a class=\"jet-button__instance jet-button__instance--icon-left hover-effect-1\" href=\"\/ueber-iwell-guard\/?utm_source=iwell-guard.com&amp;utm_medium=info-box&amp;utm_campaign=wesen-tradition\"><div class=\"jet-button__plane jet-button__plane-normal\"><\/div><div class=\"jet-button__plane jet-button__plane-hover\"><\/div><div class=\"jet-button__state jet-button__state-normal\"><span class=\"jet-button__label\">Mer om iWell Guard<\/span><\/div><div class=\"jet-button__state jet-button__state-hover\"><span class=\"jet-button__label\">Mer om iWell Guard<\/span><\/div><\/a><\/div><\/div><style>.elementor-element.elementor-element-iwgw-bugatungus-ccb .jet-button__instance{width:320px;height:56px;}.elementor-element.elementor-element-iwgw-bugatungus-ccb .jet-button__state-normal .jet-button__label{text-align:center;margin:0px 0px 0px 0px;color:#1a1b20;font-family:Montserrat,sans-serif;font-size:13px;font-weight:400;letter-spacing:4px;line-height:1.714em;text-transform:uppercase;}.elementor-element.elementor-element-iwgw-bugatungus-ccb .jet-button__state-hover .jet-button__label{text-align:center;margin:0px 0px 0px 0px;color:#FECC76;font-family:Montserrat,sans-serif;font-size:13px;font-weight:400;letter-spacing:4px;line-height:1.714em;text-transform:uppercase;}.elementor-element.elementor-element-iwgw-bugatungus-ccb .jet-button__plane-normal{background-color:#FECC76;border-style:solid;border-color:#C99540;border-width:2px 2px 2px 2px;}.elementor-element.elementor-element-iwgw-bugatungus-ccb .jet-button__plane-hover{background-color:rgba(0,0,0,0.55);border-style:solid;border-color:#FECC76;border-width:2px 2px 2px 2px;}<\/style>\t\t\t\t<\/div>\n\t\t\t\t<\/div>\n\t\t\t\t<div class=\"elementor-element elementor-element-iwgw-bugatungus-ccd elementor-widget elementor-widget-text-editor\" data-id=\"iwgw-bugatungus-ccd\" data-element_type=\"widget\" data-e-type=\"widget\" data-widget_type=\"text-editor.default\">\n\t\t\t\t\t\t\t\t\t<div data-nosnippet=\"true\"><p style=\"text-align:center;font-size:13px;opacity:0.7;margin-top:14px\" data-nosnippet=\"true\">Personliga erfarenheter kan variera. Ingen medicinteknisk produkt. Inget l\u00f6fte om l\u00e4kning.<\/p><\/div>\t\t\t\t\t\t\t\t<\/div>\n\t\t\t\t\t<\/div>\n\t\t\t\t<\/div>\n\t\t\t\t\t<\/div>\n\t\t\t\t<\/div>\n\t\t<div class=\"elementor-element elementor-element-iwgw-bugatungus-disc e-flex e-con-boxed e-con e-parent\" data-id=\"iwgw-bugatungus-disc\" data-element_type=\"container\" data-e-type=\"container\">\n\t\t\t\t\t<div class=\"e-con-inner\">\n\t\t\t\t<div class=\"elementor-element elementor-element-iwgw-bugatungus-discw elementor-widget elementor-widget-html\" data-id=\"iwgw-bugatungus-discw\" data-element_type=\"widget\" data-e-type=\"widget\" data-widget_type=\"html.default\">\n\t\t\t\t\t<footer data-nosnippet=\"true\" class=\"iwg-disclaimer-block\"><p data-nosnippet=\"true\">iWell Guard \u00e4r <strong>ingen medicinteknisk produkt<\/strong> och ers\u00e4tter inte l\u00e4karv\u00e5rd eller psykoterapeutisk behandling. De religionsvetenskapliga inneh\u00e5llen \u00e4r kulturhistorisk inordning, ingen andlig praxisrekommendation.<\/p><\/footer>\t\t\t\t<\/div>\n\t\t\t\t\t<\/div>\n\t\t\t\t<\/div>\n\t\t\t\t<\/div>\n\t\t","protected":false},"excerpt":{"rendered":"","protected":false},"author":3,"featured_media":2862,"parent":0,"menu_order":0,"comment_status":"closed","ping_status":"closed","template":"elementor_header_footer","meta":{"_yoast_wpseo_focuskw":"Buga h\u00f6gsta gud evenker tunguser","_yoast_wpseo_title":"Buga \u2013 tungusisk-evenkisk h\u00f6gsta gud, myt och k\u00e4llor","_yoast_wpseo_metadesc":"Buga \u00e4r evenkernas (tungusernas) h\u00f6gsta gud, identifierad med himlen och universum. En kulturhistorisk genomg\u00e5ng med myt och k\u00e4llor.","_yoast_wpseo_meta-robots-noindex":"","_yoast_wpseo_canonical":"","_angie_page":false,"gefaehrdungsstufe":"1","wesen_kultur":"sibirisch-tengrismus","wesen_klasse":"goetter","footnotes":""},"categories":[],"class_list":["post-136890","page","type-page","status-publish","has-post-thumbnail","hentry"],"yoast_head":"<!-- This site is optimized with the Yoast SEO Premium plugin v27.7 (Yoast SEO v28.3) - https:\/\/yoast.com\/product\/yoast-seo-premium-wordpress\/ -->\n<title>Buga \u2013 tungusisk-evenkisk h\u00f6gsta gud, myt och k\u00e4llor<\/title>\n<meta name=\"description\" content=\"Buga \u00e4r evenkernas (tungusernas) h\u00f6gsta gud, identifierad med himlen och universum. En kulturhistorisk genomg\u00e5ng med myt och k\u00e4llor.\" \/>\n<meta name=\"robots\" content=\"index, follow, max-snippet:-1, max-image-preview:large, max-video-preview:-1\" \/>\n<link rel=\"canonical\" href=\"https:\/\/iwell-guard.com\/sv\/buga-evenkernas-hogsta-gud\/\" \/>\n<meta property=\"og:locale\" content=\"sv_SE\" \/>\n<meta property=\"og:type\" content=\"article\" \/>\n<meta property=\"og:title\" content=\"Buga \u2013 evenkernas (tungusernas) h\u00f6gsta gud\" \/>\n<meta property=\"og:description\" content=\"Buga \u00e4r evenkernas (tungusernas) h\u00f6gsta gud, identifierad med himlen och universum. En kulturhistorisk genomg\u00e5ng med myt och k\u00e4llor.\" \/>\n<meta property=\"og:url\" content=\"https:\/\/iwell-guard.com\/sv\/buga-evenkernas-hogsta-gud\/\" \/>\n<meta property=\"og:site_name\" content=\"iWell Guard\" \/>\n<meta property=\"article:modified_time\" content=\"2026-09-03T01:14:56+00:00\" \/>\n<meta property=\"og:image\" content=\"https:\/\/iwell-guard.com\/wp-content\/uploads\/2026\/05\/goetter_sibirisch-tengrismus_buga-tungus.webp\" \/>\n\t<meta property=\"og:image:width\" content=\"1024\" \/>\n\t<meta property=\"og:image:height\" content=\"1536\" \/>\n\t<meta property=\"og:image:type\" content=\"image\/webp\" \/>\n<meta name=\"twitter:card\" content=\"summary_large_image\" \/>\n<script type=\"application\/ld+json\" class=\"yoast-schema-graph\">{\"@context\":\"https:\\\/\\\/schema.org\",\"@graph\":[{\"@type\":\"WebPage\",\"@id\":\"https:\\\/\\\/iwell-guard.com\\\/sv\\\/buga-evenkernas-hogsta-gud\\\/\",\"url\":\"https:\\\/\\\/iwell-guard.com\\\/sv\\\/buga-evenkernas-hogsta-gud\\\/\",\"name\":\"Buga \u2013 tungusisk-evenkisk h\u00f6gsta gud, myt och k\u00e4llor\",\"isPartOf\":{\"@id\":\"https:\\\/\\\/iwell-guard.com\\\/sv\\\/#website\"},\"primaryImageOfPage\":{\"@id\":\"https:\\\/\\\/iwell-guard.com\\\/sv\\\/buga-evenkernas-hogsta-gud\\\/#primaryimage\"},\"image\":{\"@id\":\"https:\\\/\\\/iwell-guard.com\\\/sv\\\/buga-evenkernas-hogsta-gud\\\/#primaryimage\"},\"thumbnailUrl\":\"https:\\\/\\\/iwell-guard.com\\\/wp-content\\\/uploads\\\/2026\\\/05\\\/goetter_sibirisch-tengrismus_buga-tungus.webp\",\"datePublished\":\"2026-09-03T00:10:55+00:00\",\"dateModified\":\"2026-09-03T01:14:56+00:00\",\"description\":\"Buga \u00e4r evenkernas (tungusernas) h\u00f6gsta gud, identifierad med himlen och universum. En kulturhistorisk genomg\u00e5ng med myt och k\u00e4llor.\",\"breadcrumb\":{\"@id\":\"https:\\\/\\\/iwell-guard.com\\\/sv\\\/buga-evenkernas-hogsta-gud\\\/#breadcrumb\"},\"inLanguage\":\"sv-SE\",\"potentialAction\":[{\"@type\":\"ReadAction\",\"target\":[\"https:\\\/\\\/iwell-guard.com\\\/sv\\\/buga-evenkernas-hogsta-gud\\\/\"]}]},{\"@type\":\"ImageObject\",\"inLanguage\":\"sv-SE\",\"@id\":\"https:\\\/\\\/iwell-guard.com\\\/sv\\\/buga-evenkernas-hogsta-gud\\\/#primaryimage\",\"url\":\"https:\\\/\\\/iwell-guard.com\\\/wp-content\\\/uploads\\\/2026\\\/05\\\/goetter_sibirisch-tengrismus_buga-tungus.webp\",\"contentUrl\":\"https:\\\/\\\/iwell-guard.com\\\/wp-content\\\/uploads\\\/2026\\\/05\\\/goetter_sibirisch-tengrismus_buga-tungus.webp\",\"width\":1024,\"height\":1536,\"caption\":\"Gudar fr\u00e5n den sibirisk-tengrianska traditionen.\"},{\"@type\":\"BreadcrumbList\",\"@id\":\"https:\\\/\\\/iwell-guard.com\\\/sv\\\/buga-evenkernas-hogsta-gud\\\/#breadcrumb\",\"itemListElement\":[{\"@type\":\"ListItem\",\"position\":1,\"name\":\"Start\",\"item\":\"https:\\\/\\\/iwell-guard.com\\\/sv\\\/?page_id=136483\"},{\"@type\":\"ListItem\",\"position\":2,\"name\":\"Buga \u2013 evenkernas (tungusernas) h\u00f6gsta gud\"}]},{\"@type\":\"WebSite\",\"@id\":\"https:\\\/\\\/iwell-guard.com\\\/sv\\\/#website\",\"url\":\"https:\\\/\\\/iwell-guard.com\\\/sv\\\/\",\"name\":\"iWell Guard\",\"description\":\"Schutz vor dunklen Einfl\u00fcssen\",\"publisher\":{\"@id\":\"https:\\\/\\\/iwell-guard.com\\\/sv\\\/#organization\"},\"potentialAction\":[{\"@type\":\"SearchAction\",\"target\":{\"@type\":\"EntryPoint\",\"urlTemplate\":\"https:\\\/\\\/iwell-guard.com\\\/sv\\\/?s={search_term_string}\"},\"query-input\":{\"@type\":\"PropertyValueSpecification\",\"valueRequired\":true,\"valueName\":\"search_term_string\"}}],\"inLanguage\":\"sv-SE\"},{\"@type\":\"Organization\",\"@id\":\"https:\\\/\\\/iwell-guard.com\\\/sv\\\/#organization\",\"name\":\"Ittermann electronic GmbH\",\"url\":\"https:\\\/\\\/iwell-guard.com\\\/sv\\\/\",\"logo\":{\"@type\":\"ImageObject\",\"inLanguage\":\"sv-SE\",\"@id\":\"https:\\\/\\\/iwell-guard.com\\\/sv\\\/#\\\/schema\\\/logo\\\/image\\\/\",\"url\":\"https:\\\/\\\/iwell-guard.com\\\/wp-content\\\/uploads\\\/2026\\\/05\\\/Ittermann-Logo-1182x237-1.png\",\"contentUrl\":\"https:\\\/\\\/iwell-guard.com\\\/wp-content\\\/uploads\\\/2026\\\/05\\\/Ittermann-Logo-1182x237-1.png\",\"width\":1182,\"height\":237,\"caption\":\"Ittermann electronic GmbH\"},\"image\":{\"@id\":\"https:\\\/\\\/iwell-guard.com\\\/sv\\\/#\\\/schema\\\/logo\\\/image\\\/\"},\"sameAs\":[\"https:\\\/\\\/pantip.com\\\/profile\\\/9367242\",\"https:\\\/\\\/micro.blog\\\/iwellguard\",\"https:\\\/\\\/www.diggerslist.com\\\/iwellguard\\\/about\",\"https:\\\/\\\/skitterphoto.com\\\/photographers\\\/2870314\\\/iwell-guard\",\"https:\\\/\\\/iwellguard.wordpress.com\\\/2026\\\/06\\\/06\\\/iwell-guard\\\/\",\"https:\\\/\\\/hub.docker.com\\\/u\\\/iwellguard\",\"https:\\\/\\\/www.pinterest.com\\\/iwellguard\\\/\",\"https:\\\/\\\/bit.ly\\\/m\\\/iwellguard\",\"https:\\\/\\\/entre-vos-mains.alsace.eu\\\/profiles\\\/iwellguard\\\/activity\",\"https:\\\/\\\/gravatar.com\\\/reallybeded8fd34\",\"https:\\\/\\\/naijamatta.com\\\/iwellguard\",\"https:\\\/\\\/www.goodreads.com\\\/iwellguard\",\"https:\\\/\\\/profile.hatena.ne.jp\\\/iwellguard\\\/\",\"https:\\\/\\\/experiment.com\\\/users\\\/iwellguard\",\"https:\\\/\\\/wakelet.com\\\/@iWellGuard82270\",\"https:\\\/\\\/www.chordie.com\\\/forum\\\/profile.php?id=2555664\",\"https:\\\/\\\/www.instapaper.com\\\/p\\\/17757966\",\"https:\\\/\\\/www.mapleprimes.com\\\/users\\\/iwellguard\",\"https:\\\/\\\/businesslistingplus.com\\\/profile\\\/iwell-guard\\\/\",\"https:\\\/\\\/telegra.ph\\\/iWell-Guard-06-06\",\"https:\\\/\\\/pbase.com\\\/iwellguard\\\/iwellguard\",\"https:\\\/\\\/b.hatena.ne.jp\\\/iwellguard\\\/20260607#bookmark-4788405196491818882\",\"https:\\\/\\\/fliphtml5.com\\\/home\\\/iwellguard\",\"https:\\\/\\\/anyflip.com\\\/homepage\\\/cmiwl#About\",\"https:\\\/\\\/transfur.com\\\/Users\\\/iwellguard\",\"http:\\\/\\\/delphi.larsbo.org\\\/user\\\/iwellguard\",\"https:\\\/\\\/jobs.lajobsportal.org\\\/profiles\\\/8380803-iwell-guard\",\"https:\\\/\\\/md.chaosdorf.de\\\/s\\\/jfbe5SBdJD\",\"https:\\\/\\\/www.lingvolive.com\\\/en-us\\\/profile\\\/9ecaeaca-ce11-4e51-9e71-01d55e2bff36\\\/translations\",\"https:\\\/\\\/www.fitday.com\\\/fitness\\\/forums\\\/members\\\/iwellguard.html\",\"https:\\\/\\\/www.mymeetbook.com\\\/iwellguard\",\"https:\\\/\\\/pxhere.com\\\/en\\\/photographer-me\\\/5040798\",\"https:\\\/\\\/disqus.com\\\/by\\\/iwellguard\\\/about\\\/\",\"https:\\\/\\\/pastelink.net\\\/hjwciqwq\",\"https:\\\/\\\/pubhtml5.com\\\/homepage\\\/scjhn\\\/\",\"https:\\\/\\\/www.bitchute.com\\\/channel\\\/2O2eOKzNqujT\",\"https:\\\/\\\/audiomack.com\\\/iwellguard\"]},{\"@type\":\"Article\",\"@id\":\"https:\\\/\\\/iwell-guard.com\\\/sv\\\/buga-evenkernas-hogsta-gud\\\/#article\",\"isPartOf\":{\"@id\":\"https:\\\/\\\/iwell-guard.com\\\/sv\\\/buga-evenkernas-hogsta-gud\\\/\"},\"author\":{\"name\":\"Ralf Ittermann\",\"@id\":\"https:\\\/\\\/iwell-guard.com\\\/sv\\\/#\\\/schema\\\/person\\\/ee2a27f1cac3406c7c6fb5820cb7349f\"},\"headline\":\"Buga \u2013 evenkernas (tungusernas) h\u00f6gsta gud\",\"datePublished\":\"2026-09-03T00:10:55+00:00\",\"dateModified\":\"2026-09-03T01:14:56+00:00\",\"mainEntityOfPage\":{\"@id\":\"https:\\\/\\\/iwell-guard.com\\\/sv\\\/buga-evenkernas-hogsta-gud\\\/\"},\"publisher\":{\"@id\":\"https:\\\/\\\/iwell-guard.com\\\/sv\\\/#organization\"},\"image\":{\"@id\":\"https:\\\/\\\/iwell-guard.com\\\/sv\\\/buga-evenkernas-hogsta-gud\\\/#primaryimage\"},\"thumbnailUrl\":\"https:\\\/\\\/iwell-guard.com\\\/wp-content\\\/uploads\\\/2026\\\/05\\\/goetter_sibirisch-tengrismus_buga-tungus.webp\",\"inLanguage\":\"sv-SE\",\"description\":\"Buga \u00e4r evenkernas (tungusernas) h\u00f6gsta gud, identifierad med himlen och universum. En kulturhistorisk genomg\u00e5ng med myt och k\u00e4llor.\"}]}<\/script>\n<!-- \/ Yoast SEO Premium plugin. -->","yoast_head_json":{"title":"Buga \u2013 tungusisk-evenkisk h\u00f6gsta gud, myt och k\u00e4llor","description":"Buga \u00e4r evenkernas (tungusernas) h\u00f6gsta gud, identifierad med himlen och universum. En kulturhistorisk genomg\u00e5ng med myt och k\u00e4llor.","robots":{"index":"index","follow":"follow","max-snippet":"max-snippet:-1","max-image-preview":"max-image-preview:large","max-video-preview":"max-video-preview:-1"},"canonical":"https:\/\/iwell-guard.com\/sv\/buga-evenkernas-hogsta-gud\/","og_locale":"sv_SE","og_type":"article","og_title":"Buga \u2013 evenkernas (tungusernas) h\u00f6gsta gud","og_description":"Buga \u00e4r evenkernas (tungusernas) h\u00f6gsta gud, identifierad med himlen och universum. En kulturhistorisk genomg\u00e5ng med myt och k\u00e4llor.","og_url":"https:\/\/iwell-guard.com\/sv\/buga-evenkernas-hogsta-gud\/","og_site_name":"iWell Guard","article_modified_time":"2026-09-03T01:14:56+00:00","og_image":[{"width":1024,"height":1536,"url":"https:\/\/iwell-guard.com\/wp-content\/uploads\/2026\/05\/goetter_sibirisch-tengrismus_buga-tungus.webp","type":"image\/webp"}],"twitter_card":"summary_large_image","schema":{"@context":"https:\/\/schema.org","@graph":[{"@type":"Article","@id":"https:\/\/iwell-guard.com\/sv\/buga-evenkernas-hogsta-gud\/#article","isPartOf":{"@id":"https:\/\/iwell-guard.com\/sv\/buga-evenkernas-hogsta-gud\/"},"author":{"name":"Ralf Ittermann","@id":"https:\/\/iwell-guard.com\/sv\/#\/schema\/person\/ee2a27f1cac3406c7c6fb5820cb7349f"},"headline":"Buga \u2013 evenkernas (tungusernas) h\u00f6gsta gud","datePublished":"2026-09-03T00:10:55+00:00","dateModified":"2026-09-03T01:14:56+00:00","mainEntityOfPage":{"@id":"https:\/\/iwell-guard.com\/sv\/buga-evenkernas-hogsta-gud\/"},"publisher":{"@id":"https:\/\/iwell-guard.com\/sv\/#organization"},"image":{"@id":"https:\/\/iwell-guard.com\/sv\/buga-evenkernas-hogsta-gud\/#primaryimage"},"thumbnailUrl":"https:\/\/iwell-guard.com\/wp-content\/uploads\/2026\/05\/goetter_sibirisch-tengrismus_buga-tungus.webp","inLanguage":"sv-SE","description":"Buga \u00e4r evenkernas (tungusernas) h\u00f6gsta gud, identifierad med himlen och universum. En kulturhistorisk genomg\u00e5ng med myt och k\u00e4llor."},{"@type":"WebPage","@id":"https:\/\/iwell-guard.com\/sv\/buga-evenkernas-hogsta-gud\/","url":"https:\/\/iwell-guard.com\/sv\/buga-evenkernas-hogsta-gud\/","name":"Buga \u2013 tungusisk-evenkisk h\u00f6gsta gud, myt och k\u00e4llor","isPartOf":{"@id":"https:\/\/iwell-guard.com\/sv\/#website"},"primaryImageOfPage":{"@id":"https:\/\/iwell-guard.com\/sv\/buga-evenkernas-hogsta-gud\/#primaryimage"},"image":{"@id":"https:\/\/iwell-guard.com\/sv\/buga-evenkernas-hogsta-gud\/#primaryimage"},"thumbnailUrl":"https:\/\/iwell-guard.com\/wp-content\/uploads\/2026\/05\/goetter_sibirisch-tengrismus_buga-tungus.webp","datePublished":"2026-09-03T00:10:55+00:00","dateModified":"2026-09-03T01:14:56+00:00","description":"Buga \u00e4r evenkernas (tungusernas) h\u00f6gsta gud, identifierad med himlen och universum. En kulturhistorisk genomg\u00e5ng med myt och k\u00e4llor.","breadcrumb":{"@id":"https:\/\/iwell-guard.com\/sv\/buga-evenkernas-hogsta-gud\/#breadcrumb"},"inLanguage":"sv-SE","potentialAction":[{"@type":"ReadAction","target":["https:\/\/iwell-guard.com\/sv\/buga-evenkernas-hogsta-gud\/"]}]},{"@type":"ImageObject","inLanguage":"sv-SE","@id":"https:\/\/iwell-guard.com\/sv\/buga-evenkernas-hogsta-gud\/#primaryimage","url":"https:\/\/iwell-guard.com\/wp-content\/uploads\/2026\/05\/goetter_sibirisch-tengrismus_buga-tungus.webp","contentUrl":"https:\/\/iwell-guard.com\/wp-content\/uploads\/2026\/05\/goetter_sibirisch-tengrismus_buga-tungus.webp","width":1024,"height":1536,"caption":"Gudar fr\u00e5n den sibirisk-tengrianska traditionen."},{"@type":"BreadcrumbList","@id":"https:\/\/iwell-guard.com\/sv\/buga-evenkernas-hogsta-gud\/#breadcrumb","itemListElement":[{"@type":"ListItem","position":1,"name":"Start","item":"https:\/\/iwell-guard.com\/sv\/?page_id=136483"},{"@type":"ListItem","position":2,"name":"Buga \u2013 evenkernas (tungusernas) h\u00f6gsta gud"}]},{"@type":"WebSite","@id":"https:\/\/iwell-guard.com\/sv\/#website","url":"https:\/\/iwell-guard.com\/sv\/","name":"iWell Guard","description":"Schutz vor dunklen Einfl\u00fcssen","publisher":{"@id":"https:\/\/iwell-guard.com\/sv\/#organization"},"potentialAction":[{"@type":"SearchAction","target":{"@type":"EntryPoint","urlTemplate":"https:\/\/iwell-guard.com\/sv\/?s={search_term_string}"},"query-input":{"@type":"PropertyValueSpecification","valueRequired":true,"valueName":"search_term_string"}}],"inLanguage":"sv-SE"},{"@type":"Organization","@id":"https:\/\/iwell-guard.com\/sv\/#organization","name":"Ittermann electronic GmbH","url":"https:\/\/iwell-guard.com\/sv\/","logo":{"@type":"ImageObject","inLanguage":"sv-SE","@id":"https:\/\/iwell-guard.com\/sv\/#\/schema\/logo\/image\/","url":"https:\/\/iwell-guard.com\/wp-content\/uploads\/2026\/05\/Ittermann-Logo-1182x237-1.png","contentUrl":"https:\/\/iwell-guard.com\/wp-content\/uploads\/2026\/05\/Ittermann-Logo-1182x237-1.png","width":1182,"height":237,"caption":"Ittermann electronic GmbH"},"image":{"@id":"https:\/\/iwell-guard.com\/sv\/#\/schema\/logo\/image\/"},"sameAs":["https:\/\/pantip.com\/profile\/9367242","https:\/\/micro.blog\/iwellguard","https:\/\/www.diggerslist.com\/iwellguard\/about","https:\/\/skitterphoto.com\/photographers\/2870314\/iwell-guard","https:\/\/iwellguard.wordpress.com\/2026\/06\/06\/iwell-guard\/","https:\/\/hub.docker.com\/u\/iwellguard","https:\/\/www.pinterest.com\/iwellguard\/","https:\/\/bit.ly\/m\/iwellguard","https:\/\/entre-vos-mains.alsace.eu\/profiles\/iwellguard\/activity","https:\/\/gravatar.com\/reallybeded8fd34","https:\/\/naijamatta.com\/iwellguard","https:\/\/www.goodreads.com\/iwellguard","https:\/\/profile.hatena.ne.jp\/iwellguard\/","https:\/\/experiment.com\/users\/iwellguard","https:\/\/wakelet.com\/@iWellGuard82270","https:\/\/www.chordie.com\/forum\/profile.php?id=2555664","https:\/\/www.instapaper.com\/p\/17757966","https:\/\/www.mapleprimes.com\/users\/iwellguard","https:\/\/businesslistingplus.com\/profile\/iwell-guard\/","https:\/\/telegra.ph\/iWell-Guard-06-06","https:\/\/pbase.com\/iwellguard\/iwellguard","https:\/\/b.hatena.ne.jp\/iwellguard\/20260607#bookmark-4788405196491818882","https:\/\/fliphtml5.com\/home\/iwellguard","https:\/\/anyflip.com\/homepage\/cmiwl#About","https:\/\/transfur.com\/Users\/iwellguard","http:\/\/delphi.larsbo.org\/user\/iwellguard","https:\/\/jobs.lajobsportal.org\/profiles\/8380803-iwell-guard","https:\/\/md.chaosdorf.de\/s\/jfbe5SBdJD","https:\/\/www.lingvolive.com\/en-us\/profile\/9ecaeaca-ce11-4e51-9e71-01d55e2bff36\/translations","https:\/\/www.fitday.com\/fitness\/forums\/members\/iwellguard.html","https:\/\/www.mymeetbook.com\/iwellguard","https:\/\/pxhere.com\/en\/photographer-me\/5040798","https:\/\/disqus.com\/by\/iwellguard\/about\/","https:\/\/pastelink.net\/hjwciqwq","https:\/\/pubhtml5.com\/homepage\/scjhn\/","https:\/\/www.bitchute.com\/channel\/2O2eOKzNqujT","https:\/\/audiomack.com\/iwellguard"]},{"@type":"Person","@id":"https:\/\/iwell-guard.com\/sv\/#\/schema\/person\/ee2a27f1cac3406c7c6fb5820cb7349f","name":"Ralf Ittermann","image":{"@type":"ImageObject","inLanguage":"sv-SE","@id":"https:\/\/secure.gravatar.com\/avatar\/073c0153e350a5005b68eb752b445fea71f6b24a26da9449ad7e155e6b446c9d?s=96&d=mm&r=g","url":"https:\/\/secure.gravatar.com\/avatar\/073c0153e350a5005b68eb752b445fea71f6b24a26da9449ad7e155e6b446c9d?s=96&d=mm&r=g","contentUrl":"https:\/\/secure.gravatar.com\/avatar\/073c0153e350a5005b68eb752b445fea71f6b24a26da9449ad7e155e6b446c9d?s=96&d=mm&r=g","caption":"Ralf Ittermann"},"givenName":"Ralf","familyName":"Ittermann","jobTitle":"Gesch\u00e4ftsf\u00fchrer und redaktioneller Verantwortlicher","url":"https:\/\/iwell-guard.com\/sv\/author\/claude\/","description":"Ralf Ittermann ist Gesch\u00e4ftsf\u00fchrer der Ittermann electronic GmbH und redaktioneller Verantwortlicher des iWell-Guard-Lexikons. Er verbindet langj\u00e4hrige Erfahrung in der Pr\u00e4zisionsfertigung mit medialer Praxis und religionsgeschichtlicher Quellenarbeit.","worksFor":{"@type":"Organization","name":"Ittermann electronic GmbH","url":"https:\/\/ittermann.de\/","address":{"@type":"PostalAddress","streetAddress":"K\u00f6hlergasse 16-18","postalCode":"99842","addressLocality":"Ruhla","addressCountry":"DE"}},"knowsAbout":["Religionsgeschichte","Mythologie","Mediale Praxis","Energetische Diagnostik","Schutzpraxis","Volksglauben","Westliche Esoterik"]},{"@type":"Article","@id":"https:\/\/iwell-guard.com\/sv\/buga-evenkernas-hogsta-gud\/#article","isPartOf":{"@id":"https:\/\/iwell-guard.com\/sv\/buga-evenkernas-hogsta-gud\/"},"author":{"name":"Ralf Ittermann","@id":"https:\/\/iwell-guard.com\/sv\/#\/schema\/person\/ee2a27f1cac3406c7c6fb5820cb7349f"},"headline":"Buga \u2013 evenkernas (tungusernas) h\u00f6gsta gud","datePublished":"2026-09-03T00:10:55+00:00","dateModified":"2026-09-03T01:14:56+00:00","mainEntityOfPage":{"@id":"https:\/\/iwell-guard.com\/sv\/buga-evenkernas-hogsta-gud\/"},"publisher":{"@id":"https:\/\/iwell-guard.com\/sv\/#organization"},"image":{"@id":"https:\/\/iwell-guard.com\/sv\/buga-evenkernas-hogsta-gud\/#primaryimage"},"thumbnailUrl":"https:\/\/iwell-guard.com\/wp-content\/uploads\/2026\/05\/goetter_sibirisch-tengrismus_buga-tungus.webp","inLanguage":"sv-SE","description":"Buga \u00e4r evenkernas (tungusernas) h\u00f6gsta gud, identifierad med himlen och universum. En kulturhistorisk genomg\u00e5ng med myt och k\u00e4llor."}]}},"_links":{"self":[{"href":"https:\/\/iwell-guard.com\/sv\/wp-json\/wp\/v2\/pages\/136890","targetHints":{"allow":["GET"]}}],"collection":[{"href":"https:\/\/iwell-guard.com\/sv\/wp-json\/wp\/v2\/pages"}],"about":[{"href":"https:\/\/iwell-guard.com\/sv\/wp-json\/wp\/v2\/types\/page"}],"author":[{"embeddable":true,"href":"https:\/\/iwell-guard.com\/sv\/wp-json\/wp\/v2\/users\/3"}],"replies":[{"embeddable":true,"href":"https:\/\/iwell-guard.com\/sv\/wp-json\/wp\/v2\/comments?post=136890"}],"version-history":[{"count":0,"href":"https:\/\/iwell-guard.com\/sv\/wp-json\/wp\/v2\/pages\/136890\/revisions"}],"wp:featuredmedia":[{"embeddable":true,"href":"https:\/\/iwell-guard.com\/sv\/wp-json\/wp\/v2\/media\/2862"}],"wp:attachment":[{"href":"https:\/\/iwell-guard.com\/sv\/wp-json\/wp\/v2\/media?parent=136890"}],"wp:term":[{"taxonomy":"category","embeddable":true,"href":"https:\/\/iwell-guard.com\/sv\/wp-json\/wp\/v2\/categories?post=136890"}],"curies":[{"name":"wp","href":"https:\/\/api.w.org\/{rel}","templated":true}]}}