{"id":136889,"date":"2026-09-03T00:10:55","date_gmt":"2026-09-03T00:10:55","guid":{"rendered":"https:\/\/iwell-guard.com\/?page_id=136889"},"modified":"2026-09-03T01:14:54","modified_gmt":"2026-09-03T01:14:54","slug":"yhych-khan-jakutisk-hastherre","status":"publish","type":"page","link":"https:\/\/iwell-guard.com\/sv\/yhych-khan-jakutisk-hastherre\/","title":{"rendered":"Yhych-Khan \u2013 Jakutisk h\u00e4stherre"},"content":{"rendered":"\t\t<div data-elementor-type=\"wp-page\" data-elementor-id=\"136889\" class=\"elementor elementor-136889 elementor-2641 elementor-bc-flex-widget\" data-elementor-post-type=\"page\">\n\t\t\t\t<div class=\"elementor-element elementor-element-iwgw-yhychkhan-hero e-flex e-con-boxed e-con e-parent\" data-id=\"iwgw-yhychkhan-hero\" data-element_type=\"container\" data-e-type=\"container\" data-settings=\"{&quot;background_background&quot;:&quot;classic&quot;}\">\n\t\t\t\t\t<div class=\"e-con-inner\">\n\t\t<div class=\"elementor-element elementor-element-iwgw-yhychkhan-hl e-flex e-con-boxed e-con e-child\" data-id=\"iwgw-yhychkhan-hl\" data-element_type=\"container\" data-e-type=\"container\">\n\t\t\t\t\t<div class=\"e-con-inner\">\n\t\t<div class=\"elementor-element elementor-element-iwgw-yhychkhan-htxt e-con-full e-flex e-con e-child\" data-id=\"iwgw-yhychkhan-htxt\" data-element_type=\"container\" data-e-type=\"container\">\n\t\t\t\t<div class=\"elementor-element elementor-element-iwgw-yhychkhan-h1 elementor-widget elementor-widget-heading\" data-id=\"iwgw-yhychkhan-h1\" data-element_type=\"widget\" data-e-type=\"widget\" data-widget_type=\"heading.default\">\n\t\t\t\t\t<h1 class=\"elementor-heading-title elementor-size-default\">Yhych-Khan, jakutisk skyddsherre f\u00f6r h\u00e4starna och v\u00e4ktare av Ysyakh<\/h1>\t\t\t\t<\/div>\n\t\t\t\t<div class=\"elementor-element elementor-element-iwgw-yhychkhan-lead elementor-widget elementor-widget-text-editor\" data-id=\"iwgw-yhychkhan-lead\" data-element_type=\"widget\" data-e-type=\"widget\" data-widget_type=\"text-editor.default\">\n\t\t\t\t\t\t\t\t\t<p>Yhych-Khan \u00e4r skyddsherren f\u00f6r h\u00e4starna och deras hjordar i den jakutiska religionen. Han st\u00e5r i centrum f\u00f6r den stora sommarfesten Ysyakh, som firas varje \u00e5r efter sommarsolst\u00e5ndet.<\/p>\t\t\t\t\t\t\t\t<\/div>\n\t\t\t\t<\/div>\n\t\t<div class=\"elementor-element elementor-element-iwgw-yhychkhan-pillc e-con-full e-flex e-con e-child\" data-id=\"iwgw-yhychkhan-pillc\" data-element_type=\"container\" data-e-type=\"container\">\n\t\t\t\t<div class=\"elementor-element elementor-element-iwgw-yhychkhan-pills elementor-widget elementor-widget-html\" data-id=\"iwgw-yhychkhan-pills\" data-element_type=\"widget\" data-e-type=\"widget\" data-widget_type=\"html.default\">\n\t\t\t\t\t<div class=\"iwg-pill-row\"><span class=\"iwg-klasse-badge\" tabindex=\"0\" data-tooltip=\"Gud inom traditionen Sibirien \/ Tengrismus.\">Gud<\/span><a href=\"https:\/\/iwell-guard.com\/sv\/sibirisk-schamanism-och-tengrism-stapp-och-tajga\/\" class=\"iwg-kultur-badge\" tabindex=\"0\" data-tooltip=\"Mytologi inom traditionen Sibirien \/ Tengrismus.\">Sibirien \/ Tengrismus<\/a><span class=\"iwg-tradition-badge\" tabindex=\"0\" data-tooltip=\"Skyddsgud f\u00f6r h\u00e4starna.\">Skyddsgud f\u00f6r h\u00e4starna<\/span><\/div>\t\t\t\t<\/div>\n\t\t\t\t<\/div>\n\t\t<div class=\"elementor-element elementor-element-iwgw-yhychkhan-tocc e-con-full e-flex e-con e-child\" data-id=\"iwgw-yhychkhan-tocc\" data-element_type=\"container\" data-e-type=\"container\">\n\t\t\t\t<div class=\"elementor-element elementor-element-iwgw-yhychkhan-toc elementor-toc--minimized-on-tablet elementor-widget elementor-widget-table-of-contents\" data-id=\"iwgw-yhychkhan-toc\" data-element_type=\"widget\" data-e-type=\"widget\" data-settings=\"{&quot;headings_by_tags&quot;:[&quot;h2&quot;,&quot;h3&quot;],&quot;minimize_box&quot;:&quot;yes&quot;,&quot;marker_view&quot;:&quot;bullets&quot;,&quot;no_headings_message&quot;:&quot;Inga rubriker hittades p\\u00e5 den h\\u00e4r sidan.&quot;,&quot;exclude_headings_by_selector&quot;:[],&quot;icon&quot;:{&quot;value&quot;:&quot;fas fa-circle&quot;,&quot;library&quot;:&quot;fa-solid&quot;,&quot;rendered_tag&quot;:&quot;&lt;svg class=\\&quot;e-font-icon-svg e-fas-circle\\&quot; viewBox=\\&quot;0 0 512 512\\&quot; xmlns=\\&quot;http:\\\/\\\/www.w3.org\\\/2000\\\/svg\\&quot;&gt;&lt;path d=\\&quot;M256 8C119 8 8 119 8 256s111 248 248 248 248-111 248-248S393 8 256 8z\\&quot;&gt;&lt;\\\/path&gt;&lt;\\\/svg&gt;&quot;},&quot;minimized_on&quot;:&quot;tablet&quot;,&quot;hierarchical_view&quot;:&quot;yes&quot;,&quot;min_height&quot;:{&quot;unit&quot;:&quot;px&quot;,&quot;size&quot;:&quot;&quot;,&quot;sizes&quot;:[]},&quot;min_height_tablet&quot;:{&quot;unit&quot;:&quot;px&quot;,&quot;size&quot;:&quot;&quot;,&quot;sizes&quot;:[]},&quot;min_height_mobile&quot;:{&quot;unit&quot;:&quot;px&quot;,&quot;size&quot;:&quot;&quot;,&quot;sizes&quot;:[]}}\" data-widget_type=\"table-of-contents.default\">\n\t\t\t\t\t\t\t\t\t<div class=\"elementor-toc__header\">\n\t\t\t\t\t\t<h2 class=\"elementor-toc__header-title\">\n\t\t\t\tInneh\u00e5llsf\u00f6rteckning\t\t\t<\/h2>\n\t\t\t\t\t\t\t\t\t\t<div class=\"elementor-toc__toggle-button elementor-toc__toggle-button--expand\" role=\"button\" tabindex=\"0\" aria-controls=\"elementor-toc__iwgw-yhychkhan-toc\" aria-expanded=\"true\" aria-label=\"Inhaltsverzeichnis \u00f6ffnen\"><svg aria-hidden=\"true\" class=\"e-font-icon-svg e-fas-chevron-down\" viewBox=\"0 0 448 512\" xmlns=\"http:\/\/www.w3.org\/2000\/svg\"><path d=\"M207.029 381.476L12.686 187.132c-9.373-9.373-9.373-24.569 0-33.941l22.667-22.667c9.357-9.357 24.522-9.375 33.901-.04L224 284.505l154.745-154.021c9.379-9.335 24.544-9.317 33.901.04l22.667 22.667c9.373 9.373 9.373 24.569 0 33.941L240.971 381.476c-9.373 9.372-24.569 9.372-33.942 0z\"><\/path><\/svg><\/div>\n\t\t\t\t<div class=\"elementor-toc__toggle-button elementor-toc__toggle-button--collapse\" role=\"button\" tabindex=\"0\" aria-controls=\"elementor-toc__iwgw-yhychkhan-toc\" aria-expanded=\"true\" aria-label=\"Inhaltsverzeichnis schlie\u00dfen\"><svg aria-hidden=\"true\" class=\"e-font-icon-svg e-fas-chevron-up\" viewBox=\"0 0 448 512\" xmlns=\"http:\/\/www.w3.org\/2000\/svg\"><path d=\"M240.971 130.524l194.343 194.343c9.373 9.373 9.373 24.569 0 33.941l-22.667 22.667c-9.357 9.357-24.522 9.375-33.901.04L224 227.495 69.255 381.516c-9.379 9.335-24.544 9.317-33.901-.04l-22.667-22.667c-9.373-9.373-9.373-24.569 0-33.941L207.03 130.525c9.372-9.373 24.568-9.373 33.941-.001z\"><\/path><\/svg><\/div>\n\t\t\t\t\t<\/div>\n\t\t\t\t<div id=\"elementor-toc__iwgw-yhychkhan-toc\" class=\"elementor-toc__body\">\n\t\t\t<div class=\"elementor-toc__spinner-container\">\n\t\t\t\t<svg class=\"elementor-toc__spinner eicon-animation-spin e-font-icon-svg e-eicon-loading\" aria-hidden=\"true\" viewBox=\"0 0 1000 1000\" xmlns=\"http:\/\/www.w3.org\/2000\/svg\"><path d=\"M500 975V858C696 858 858 696 858 500S696 142 500 142 142 304 142 500H25C25 237 238 25 500 25S975 237 975 500 763 975 500 975Z\"><\/path><\/svg>\t\t\t<\/div>\n\t\t<\/div>\n\t\t\t\t\t\t<\/div>\n\t\t\t\t<\/div>\n\t\t\t\t\t<\/div>\n\t\t\t\t<\/div>\n\t\t<div class=\"elementor-element elementor-element-iwgw-yhychkhan-hr e-con-full e-flex e-con e-child\" data-id=\"iwgw-yhychkhan-hr\" data-element_type=\"container\" data-e-type=\"container\">\n\t\t\t\t<div class=\"elementor-element elementor-element-iwgw-yhychkhan-heroimg iwg-hero-image elementor-widget elementor-widget-image\" data-id=\"iwgw-yhychkhan-heroimg\" data-element_type=\"widget\" data-e-type=\"widget\" data-widget_type=\"image.default\">\n\t\t\t\t\t\t\t\t\t\t\t\t\t\t\t<img fetchpriority=\"high\" decoding=\"async\" width=\"683\" height=\"1024\" src=\"https:\/\/iwell-guard.com\/wp-content\/uploads\/2026\/05\/goetter_sibirisch-tengrismus_yhych-khan-683x1024.webp\" class=\"attachment-large size-large wp-image-2864\" alt=\"Yhych Khan - G\u00f6tter aus der Sibirisch-tengrismus-Tradition, historisch-illustrativ\" srcset=\"https:\/\/iwell-guard.com\/wp-content\/uploads\/2026\/05\/goetter_sibirisch-tengrismus_yhych-khan-683x1024.webp 683w, https:\/\/iwell-guard.com\/wp-content\/uploads\/2026\/05\/goetter_sibirisch-tengrismus_yhych-khan-200x300.webp 200w, https:\/\/iwell-guard.com\/wp-content\/uploads\/2026\/05\/goetter_sibirisch-tengrismus_yhych-khan-768x1152.webp 768w, https:\/\/iwell-guard.com\/wp-content\/uploads\/2026\/05\/goetter_sibirisch-tengrismus_yhych-khan.webp 1024w\" sizes=\"(max-width: 683px) 100vw, 683px\" \/>\t\t\t\t\t\t\t\t\t\t\t\t\t\t\t<\/div>\n\t\t\t\t<\/div>\n\t\t\t\t\t<\/div>\n\t\t\t\t<\/div>\n\t\t<div class=\"elementor-element elementor-element-iwgw-yhychkhan-s0 e-flex e-con-boxed e-con e-parent\" data-id=\"iwgw-yhychkhan-s0\" data-element_type=\"container\" data-e-type=\"container\">\n\t\t\t\t\t<div class=\"e-con-inner\">\n\t\t\t\t<div class=\"elementor-element elementor-element-iwgw-yhychkhan-s0h elementor-widget elementor-widget-heading\" data-id=\"iwgw-yhychkhan-s0h\" data-element_type=\"widget\" data-e-type=\"widget\" data-widget_type=\"heading.default\">\n\t\t\t\t\t<h2 class=\"elementor-heading-title elementor-size-default\">Kontextualisering och kortprofil<\/h2>\t\t\t\t<\/div>\n\t\t<div class=\"elementor-element elementor-element-iwgw-yhychkhan-s0c e-con-full e-flex e-con e-child\" data-id=\"iwgw-yhychkhan-s0c\" data-element_type=\"container\" data-e-type=\"container\">\n\t\t\t\t<div class=\"elementor-element elementor-element-iwgw-yhychkhan-s0t elementor-widget elementor-widget-text-editor\" data-id=\"iwgw-yhychkhan-s0t\" data-element_type=\"widget\" data-e-type=\"widget\" data-widget_type=\"text-editor.default\">\n\t\t\t\t\t\t\t\t\t<p>Den jakutiska religionen strukturerar sin gudav\u00e4rld i tre skikt: \u00f6vre himlen (<em>aiyy<\/em>), mellersta jorden (andar av skog, vatten, h\u00e4st, n\u00f6tboskap) och den undre v\u00e4rlden (<em>abasy<\/em>).<\/p><p>Yhych-Khan h\u00f6r till det f\u00f6rsta skiktet och \u00e4r specialiserad p\u00e5 h\u00e4sten, det centrala djuret f\u00f6r den jakutiska ekonomin och identiteten. Andra h\u00f6ga gestalter i det f\u00f6rsta skiktet \u00e4r <a href=\"https:\/\/iwell-guard.com\/sv\/ajisit-jakutisk-fodelsegudinna\/\">Ajisit<\/a>, <em>\u00dcr\u00fcn Aar Tojon<\/em> och n\u00f6tboskapens givare <em>Ynakhsyt<\/em>.<\/p><p>Inom den <a href=\"https:\/\/iwell-guard.com\/sv\/sibirisk-schamanism-och-tengrism-stapp-och-tajga\/\">sibirisk-tengristiska traditionen<\/a> \u00e4r Yhych-Khan ett l\u00e4rorikt exempel p\u00e5 hur den kosmiska h\u00f6gguds-funktionen delas upp i djurbundna specialiseringar. Denna specialisering f\u00f6ljer den ekonomiska logiken i den jakutiska h\u00e4staveln under extremt kalla subarktiska f\u00f6rh\u00e5llanden.<\/p><p>Den jakutiska sacha-h\u00e4strasen (<em>tabuun<\/em>) \u00e4r en anm\u00e4rkningsv\u00e4rd anpassning till kylan, den \u00f6verlever temperaturer under minus 60 grader, och \u00e4r religi\u00f6st s\u00e5v\u00e4l som ekonomiskt ryggraden i traditionen. Yhych-Khan \u00e4r den religi\u00f6sa spegelbilden av denna ekonomiska centralst\u00e4llning.<\/p>\t\t\t\t\t\t\t\t<\/div>\n\t\t\t\t<\/div>\n\t\t\t\t\t<\/div>\n\t\t\t\t<\/div>\n\t\t<div class=\"elementor-element elementor-element-iwgw-yhychkhan-s1 e-flex e-con-boxed e-con e-parent\" data-id=\"iwgw-yhychkhan-s1\" data-element_type=\"container\" data-e-type=\"container\">\n\t\t\t\t\t<div class=\"e-con-inner\">\n\t\t\t\t<div class=\"elementor-element elementor-element-iwgw-yhychkhan-s1h elementor-widget elementor-widget-heading\" data-id=\"iwgw-yhychkhan-s1h\" data-element_type=\"widget\" data-e-type=\"widget\" data-widget_type=\"heading.default\">\n\t\t\t\t\t<h2 class=\"elementor-heading-title elementor-size-default\">Namn och etymologi<\/h2>\t\t\t\t<\/div>\n\t\t<div class=\"elementor-element elementor-element-iwgw-yhychkhan-s1c e-con-full e-flex e-con e-child\" data-id=\"iwgw-yhychkhan-s1c\" data-element_type=\"container\" data-e-type=\"container\">\n\t\t\t\t<div class=\"elementor-element elementor-element-iwgw-yhychkhan-s1t elementor-widget elementor-widget-text-editor\" data-id=\"iwgw-yhychkhan-s1t\" data-element_type=\"widget\" data-e-type=\"widget\" data-widget_type=\"text-editor.default\">\n\t\t\t\t\t\t\t\t\t<p>Namnet h\u00e4rstammar fr\u00e5n <em>yhyaq<\/em> (\u201dstomj\u00f6lk, kumys\u201d). Yhych-Khan \u00e4r allts\u00e5 ordagrant \u201dkumys-herren\u201d. Etymologin f\u00f6rankrar honom direkt i det jakutiska festkomplexet Ysyakh, vars centrala handling \u00e4r att dricka och offra <em>kumys<\/em>.<\/p><p>I \u00e4ldre etnografiska texter f\u00f6rekommer \u00e4ven varianten <em>Yhyaqtaaq<\/em>, \u201dhan med kumys-festr\u00e4tten\u201d, vilket knyter namnet till Ysyakh-festen. Denna namnform \u00e4r spr\u00e5khistoriskt intressant, eftersom den visar den oskiljaktiga kopplingen mellan <span class=\"iwg-fachbegriff\" data-tooltip=\"En varelse som dyrkas som gudomlig inom en religion.\" tabindex=\"0\">gudom<\/span> och festform.<\/p><p>Det jakutiska spr\u00e5ket h\u00f6r till den turkiska spr\u00e5kfamiljen, och namnet passar v\u00e4l in i det pan-turkiska religi\u00f6sa vokabul\u00e4ren. J\u00e4mf\u00f6rbar \u00e4r bildningen med andra djurrelaterade h\u00f6gguds-namn, till exempel det altaiska <em>Tabyt-Khan<\/em> (h\u00e4stherren) eller kazakiska specialgudomar.<\/p>\t\t\t\t\t\t\t\t<\/div>\n\t\t\t\t<\/div>\n\t\t\t\t\t<\/div>\n\t\t\t\t<\/div>\n\t\t<div class=\"elementor-element elementor-element-iwgw-yhychkhan-s2 e-flex e-con-boxed e-con e-parent\" data-id=\"iwgw-yhychkhan-s2\" data-element_type=\"container\" data-e-type=\"container\">\n\t\t\t\t\t<div class=\"e-con-inner\">\n\t\t\t\t<div class=\"elementor-element elementor-element-iwgw-yhychkhan-s2h elementor-widget elementor-widget-heading\" data-id=\"iwgw-yhychkhan-s2h\" data-element_type=\"widget\" data-e-type=\"widget\" data-widget_type=\"heading.default\">\n\t\t\t\t\t<h2 class=\"elementor-heading-title elementor-size-default\">Beskrivning och ikonografi<\/h2>\t\t\t\t<\/div>\n\t\t<div class=\"elementor-element elementor-element-iwgw-yhychkhan-s2c e-con-full e-flex e-con e-child\" data-id=\"iwgw-yhychkhan-s2c\" data-element_type=\"container\" data-e-type=\"container\">\n\t\t\t\t<div class=\"elementor-element elementor-element-iwgw-yhychkhan-s2t elementor-widget elementor-widget-text-editor\" data-id=\"iwgw-yhychkhan-s2t\" data-element_type=\"widget\" data-e-type=\"widget\" data-widget_type=\"text-editor.default\">\n\t\t\t\t\t\t\t\t\t<p>Yhych-Khan beskrivs som en mogen man med ett l\u00e5ngt ljusgr\u00e5tt sk\u00e4gg p\u00e5 en mj\u00f6lkvit hingst, med en stor slev av bj\u00f6rktr\u00e4 i handen. Hans mantel \u00e4r broderad med h\u00e4stsymboler; p\u00e5 Ysyakhs rituella p\u00e5lar (<em>serge<\/em>) framst\u00e4lls han stiliserat som ryttare med h\u00f6jd sk\u00e5l.<\/p><p><em>Serge<\/em>-p\u00e5larna \u00e4r ett av de viktigaste religionsantropologiska materialen i den jakutiska kulturen. De reses framf\u00f6r varje jurta och p\u00e5 festplatsen och kan i sina utsk\u00e4rningar inneh\u00e5lla mycket komplexa kosmologiska h\u00e4nvisningar. Yhych-Khan placeras h\u00e4r ofta p\u00e5 tredje plats efter de \u00f6vre gudarna och Ajisit.<\/p><p>I samlingarna p\u00e5 Sacharepublikens nationalmuseum i Jakutsk visas flera historiska <em>serge<\/em>-p\u00e5lar; de visar traditionens ikonografiska stabilitet under omkring 200 \u00e5r.<\/p>\t\t\t\t\t\t\t\t<\/div>\n\t\t\t\t<\/div>\n\t\t\t\t\t<\/div>\n\t\t\t\t<\/div>\n\t\t<div class=\"elementor-element elementor-element-iwgw-yhychkhan-s3 e-flex e-con-boxed e-con e-parent\" data-id=\"iwgw-yhychkhan-s3\" data-element_type=\"container\" data-e-type=\"container\">\n\t\t\t\t\t<div class=\"e-con-inner\">\n\t\t\t\t<div class=\"elementor-element elementor-element-iwgw-yhychkhan-s3h elementor-widget elementor-widget-heading\" data-id=\"iwgw-yhychkhan-s3h\" data-element_type=\"widget\" data-e-type=\"widget\" data-widget_type=\"heading.default\">\n\t\t\t\t\t<h2 class=\"elementor-heading-title elementor-size-default\">Mytologiska ber\u00e4ttelser<\/h2>\t\t\t\t<\/div>\n\t\t<div class=\"elementor-element elementor-element-iwgw-yhychkhan-s3c e-con-full e-flex e-con e-child\" data-id=\"iwgw-yhychkhan-s3c\" data-element_type=\"container\" data-e-type=\"container\">\n\t\t\t\t<div class=\"elementor-element elementor-element-iwgw-yhychkhan-s3t elementor-widget elementor-widget-text-editor\" data-id=\"iwgw-yhychkhan-s3t\" data-element_type=\"widget\" data-e-type=\"widget\" data-widget_type=\"text-editor.default\">\n\t\t\t\t\t\t\t\t\t<p>I Olonkho-korpusen framtr\u00e4der Yhych-Khan som budb\u00e4raren som <em>\u00dcr\u00fcn Aar Tojon<\/em> i skapelseber\u00e4ttelsen s\u00e4nder ut med uppdraget att f\u00f6ra h\u00e4star till de f\u00f6rsta m\u00e4nniskorna. Utan h\u00e4star, enligt ber\u00e4ttelsen, skulle livet i den jakutiska tundran vara om\u00f6jligt; Yhych-Khan fyller denna lucka.<\/p><p>En andra ber\u00e4ttelse skildrar hur han efter en sv\u00e5r hungersn\u00f6d g\u00f6r stona s\u00e5 mj\u00f6lkrika att m\u00e4nniskorna f\u00f6r f\u00f6rsta g\u00e5ngen kan tillverka kumys, varp\u00e5 Ysyakh inr\u00e4ttas som en \u00e5rlig tacks\u00e4gelsefest.<\/p><p>En tredje ber\u00e4ttelse handlar om Yhych-Khans konflikt med en l\u00e4gre <em>abasy<\/em>-ondska som vill f\u00f6rbanna h\u00e4sthjordarna; Yhych-Khan driver den bort med en mj\u00f6lkfylld slev som f\u00f6rvandlas till en spjutspets. S\u00e5dana kosmiska konfliktber\u00e4ttelser \u00e4r typiska f\u00f6r den jakutiska Olonkho-traditionen.<\/p>\t\t\t\t\t\t\t\t<\/div>\n\t\t\t\t<\/div>\n\t\t\t\t\t<\/div>\n\t\t\t\t<\/div>\n\t\t<div class=\"elementor-element elementor-element-iwgw-yhychkhan-s4 e-flex e-con-boxed e-con e-parent\" data-id=\"iwgw-yhychkhan-s4\" data-element_type=\"container\" data-e-type=\"container\">\n\t\t\t\t\t<div class=\"e-con-inner\">\n\t\t\t\t<div class=\"elementor-element elementor-element-iwgw-yhychkhan-s4h elementor-widget elementor-widget-heading\" data-id=\"iwgw-yhychkhan-s4h\" data-element_type=\"widget\" data-e-type=\"widget\" data-widget_type=\"heading.default\">\n\t\t\t\t\t<h2 class=\"elementor-heading-title elementor-size-default\">Kult och v\u00f6rdnad<\/h2>\t\t\t\t<\/div>\n\t\t<div class=\"elementor-element elementor-element-iwgw-yhychkhan-s4c e-con-full e-flex e-con e-child\" data-id=\"iwgw-yhychkhan-s4c\" data-element_type=\"container\" data-e-type=\"container\">\n\t\t\t\t<div class=\"elementor-element elementor-element-iwgw-yhychkhan-s4t elementor-widget elementor-widget-text-editor\" data-id=\"iwgw-yhychkhan-s4t\" data-element_type=\"widget\" data-e-type=\"widget\" data-widget_type=\"text-editor.default\">\n\t\t\t\t\t\t\t\t\t<p>Den centrala <span class=\"iwg-fachbegriff\" data-tooltip=\"Summan av de religi\u00f6sa v\u00f6rdnadshandlingar f\u00f6r en gudom eller helig gestalt.\" tabindex=\"0\">kulten<\/span> kring Yhych-Khan \u00e4r Ysyakh-festen: tre dagar i juni, med h\u00e4stoffer (idag symboliskt genom att befria en vit h\u00e4st), kumys-offer i alla fyra v\u00e4derstreck, rituella danser (<em>osuokhai<\/em>) och t\u00e4vlingar. <em>Algyschyts<\/em> (den rituella talarens) slev riktas inledningsvis mot Yhych-Khan.<\/p><p>Ysyakh-festen har haft statligt erk\u00e4nnande i Sacharepubliken sedan 1991; den firas officiellt som \u201dfolkfest\u201d och lockar tusentals deltagare till den stora festplatsen <em>\u00dcrgel<\/em> n\u00e4ra Jakutsk. Den centrala <span class=\"iwg-fachbegriff\" data-tooltip=\"Den bedjande eller besv\u00e4rjande tilltalet till en gudom eller makt.\" tabindex=\"0\">\u00e5kallan<\/span> av Yhych-Khan f\u00f6rblir den religi\u00f6sa k\u00e4rnan.<\/p><p>Under Sovjettiden f\u00f6rtrycktes festen, och fr\u00e5n 1956 till\u00e4ts den \u00e5ter i starkt sekulariserad form; efter 1991 har den \u00e5terf\u00e5tt sitt religi\u00f6sa djup. Dessa tre stadier \u00e4r v\u00e4l dokumenterade religionshistoriskt, till exempel hos Marjorie Balzer (1999).<\/p>\t\t\t\t\t\t\t\t<\/div>\n\t\t\t\t<\/div>\n\t\t\t\t\t<\/div>\n\t\t\t\t<\/div>\n\t\t<div class=\"elementor-element elementor-element-iwgw-yhychkhan-s5 e-flex e-con-boxed e-con e-parent\" data-id=\"iwgw-yhychkhan-s5\" data-element_type=\"container\" data-e-type=\"container\">\n\t\t\t\t\t<div class=\"e-con-inner\">\n\t\t\t\t<div class=\"elementor-element elementor-element-iwgw-yhychkhan-s5h elementor-widget elementor-widget-heading\" data-id=\"iwgw-yhychkhan-s5h\" data-element_type=\"widget\" data-e-type=\"widget\" data-widget_type=\"heading.default\">\n\t\t\t\t\t<h2 class=\"elementor-heading-title elementor-size-default\">Skyddspraxis och apotrop\u00e4iskt<\/h2>\t\t\t\t<\/div>\n\t\t<div class=\"elementor-element elementor-element-iwgw-yhychkhan-s5c e-con-full e-flex e-con e-child\" data-id=\"iwgw-yhychkhan-s5c\" data-element_type=\"container\" data-e-type=\"container\">\n\t\t\t\t<div class=\"elementor-element elementor-element-iwgw-yhychkhan-s5t elementor-widget elementor-widget-text-editor\" data-id=\"iwgw-yhychkhan-s5t\" data-element_type=\"widget\" data-e-type=\"widget\" data-widget_type=\"text-editor.default\">\n\t\t\t\t\t\t\t\t\t<p>Religionsvetenskapligt beskrivet: apotrop\u00e4iska bruk kring Yhych-Khan syftar p\u00e5 h\u00e4sthjordens renhet. J\u00e4rn f\u00e5r inte ligga vid stopackarnas p\u00e5le; kvinnor med barns\u00e4ngsorenhet f\u00e5r inte mj\u00f6lka stona; att binda vita h\u00e4sth\u00e5rstofsar vid <em>serge<\/em>-p\u00e5len tolkas som en b\u00f6n om Yhych-Khans beskydd.<\/p><p>En s\u00e4rskild skyddspraktik \u00e4r <em>Algys<\/em>: en ritual <span class=\"iwg-fachbegriff\" data-tooltip=\"Uttalande av lycka och skydd, ofta i fast spr\u00e5klig form.\" tabindex=\"0\">v\u00e4lsignelse<\/span>, som algyschyten uttalar inf\u00f6r varje h\u00e4stras. Texten till denna algys \u00e4r bevarad i flera Olonkho-samlingar och praktiseras idag \u00e5ter regelbundet.<\/p><p>Ur traditionens inifr\u00e5nperspektiv f\u00f6rbinds brott mot dessa renhetsregler med konkreta f\u00f6ljder, sjukdom i hjorden, f\u00f6rlossningskomplikationer hos ston. I det etnografiska utifr\u00e5nperspektivet \u00e4r det vardagsstrukturerande regler som ger den ekonomiska s\u00e5rbarheten i h\u00e4staveln en kulturell form.<\/p>\t\t\t\t\t\t\t\t<\/div>\n\t\t\t\t<\/div>\n\t\t\t\t\t<\/div>\n\t\t\t\t<\/div>\n\t\t<div class=\"elementor-element elementor-element-iwgw-yhychkhan-s6 e-flex e-con-boxed e-con e-parent\" data-id=\"iwgw-yhychkhan-s6\" data-element_type=\"container\" data-e-type=\"container\">\n\t\t\t\t\t<div class=\"e-con-inner\">\n\t\t\t\t<div class=\"elementor-element elementor-element-iwgw-yhychkhan-s6h elementor-widget elementor-widget-heading\" data-id=\"iwgw-yhychkhan-s6h\" data-element_type=\"widget\" data-e-type=\"widget\" data-widget_type=\"heading.default\">\n\t\t\t\t\t<h2 class=\"elementor-heading-title elementor-size-default\">Paralleller i andra kulturer<\/h2>\t\t\t\t<\/div>\n\t\t<div class=\"elementor-element elementor-element-iwgw-yhychkhan-s6c e-con-full e-flex e-con e-child\" data-id=\"iwgw-yhychkhan-s6c\" data-element_type=\"container\" data-e-type=\"container\">\n\t\t\t\t<div class=\"elementor-element elementor-element-iwgw-yhychkhan-s6t elementor-widget elementor-widget-text-editor\" data-id=\"iwgw-yhychkhan-s6t\" data-element_type=\"widget\" data-e-type=\"widget\" data-widget_type=\"text-editor.default\">\n\t\t\t\t\t\t\t\t\t<p>Paralleller finns i den vediska f\u00f6rest\u00e4llningen om h\u00e4stgudarna A\u015bvin, i Poseidons grekiska Hippios-epitet, i den keltiska Epona, i den forngamla preussiska Pergrubrius och, i Sibirien, i de mongoliska h\u00e4stskyddsandarna (<em>guriin tngri<\/em>) samt den burjatiska <a href=\"https:\/\/iwell-guard.com\/sv\/asbuiga-burjatisk-hastskyddsande\/\">Asbuiga<\/a>.<\/p><p>Religionsfenomenologiskt intressant \u00e4r den n\u00e4ra kopplingen mellan h\u00f6gguds-aspekten och en djurfunktion. J\u00e4mf\u00f6rbar skulle m\u00f6jligen den forniranska Verethragna vara, segergudinnan som ofta identifieras med en stridsh\u00e4st. Men Yhych-Khan \u00e4r religionssystematiskt mer kompakt och tydligare att fatta som djur-<span class=\"iwg-fachbegriff\" data-tooltip=\"En varelse som dyrkas som gudomlig inom en religion.\" tabindex=\"0\">gudom<\/span>.<\/p><p>Den jakutiska po\u00e4ngen: medan h\u00e4stgudar i de flesta andra kulturer snarare \u00e4r medelrankade gudar, tillh\u00f6r Yhych-Khan den h\u00f6gsta skiktet, en spegling av h\u00e4stens \u00f6verl\u00e4gsna st\u00e4llning i den jakutiska ekonomin.<\/p>\t\t\t\t\t\t\t\t<\/div>\n\t\t\t\t<\/div>\n\t\t\t\t\t<\/div>\n\t\t\t\t<\/div>\n\t\t<div class=\"elementor-element elementor-element-iwgw-yhychkhan-s7 e-flex e-con-boxed e-con e-parent\" data-id=\"iwgw-yhychkhan-s7\" data-element_type=\"container\" data-e-type=\"container\">\n\t\t\t\t\t<div class=\"e-con-inner\">\n\t\t\t\t<div class=\"elementor-element elementor-element-iwgw-yhychkhan-s7h elementor-widget elementor-widget-heading\" data-id=\"iwgw-yhychkhan-s7h\" data-element_type=\"widget\" data-e-type=\"widget\" data-widget_type=\"heading.default\">\n\t\t\t\t\t<h2 class=\"elementor-heading-title elementor-size-default\">Nutida mottagande och forskning<\/h2>\t\t\t\t<\/div>\n\t\t<div class=\"elementor-element elementor-element-iwgw-yhychkhan-s7c e-con-full e-flex e-con e-child\" data-id=\"iwgw-yhychkhan-s7c\" data-element_type=\"container\" data-e-type=\"container\">\n\t\t\t\t<div class=\"elementor-element elementor-element-iwgw-yhychkhan-s7t elementor-widget elementor-widget-text-editor\" data-id=\"iwgw-yhychkhan-s7t\" data-element_type=\"widget\" data-e-type=\"widget\" data-widget_type=\"text-editor.default\">\n\t\t\t\t\t\t\t\t\t<p>Ysyakh-festen har sedan 1991 \u00e5ter varit en officiell helgdag i Sacha-republiken. Yhych-Khan \u00e4r d\u00e4r en kulturell identifikationsfigur. Vetenskapliga referenser: Sereshevskij (1896), Ksenofontov (1928\/1992), Roberte Hamayon (1990), Marjorie Balzer (<em>The Tenacity of Ethnicity<\/em>, 1999), N. A. Alekseev (<em>Traditionnaja religia jakutov<\/em>, 1980).<\/p><p>Marjorie Balzers studier \u00e4r h\u00e4r s\u00e4rskilt v\u00e4rdefulla, eftersom de dokumenterar \u00e5teruppr\u00e4ttandet av Yhych-Khan-kulten efter 1991 som en antropologisk process. Hon visar hur en etnisk sj\u00e4lvbekr\u00e4ftelse hos Sacha-folket drevs fram\u00e5t genom \u00e5terupplivandet av denna fest.<\/p><p>En s\u00e4rskild roll i den samtida forskningen spelar de jakutiska forskarna sj\u00e4lva, till exempel Andrej P. Reshetnikova eller Sacha-republikens vetenskapsakademi. Dessa interna r\u00f6ster f\u00f6r\u00e4ndrar forskningslandskapet, som l\u00e4nge dominerats av ett ryskt och v\u00e4sterl\u00e4ndskt utifr\u00e5nperspektiv.<\/p>\t\t\t\t\t\t\t\t<\/div>\n\t\t\t\t<\/div>\n\t\t\t\t\t<\/div>\n\t\t\t\t<\/div>\n\t\t<div class=\"elementor-element elementor-element-iwgw-yhychkhan-s8 e-flex e-con-boxed e-con e-parent\" data-id=\"iwgw-yhychkhan-s8\" data-element_type=\"container\" data-e-type=\"container\">\n\t\t\t\t\t<div class=\"e-con-inner\">\n\t\t\t\t<div class=\"elementor-element elementor-element-iwgw-yhychkhan-s8h elementor-widget elementor-widget-heading\" data-id=\"iwgw-yhychkhan-s8h\" data-element_type=\"widget\" data-e-type=\"widget\" data-widget_type=\"heading.default\">\n\t\t\t\t\t<h2 class=\"elementor-heading-title elementor-size-default\">Forskningsdebatter och \u00f6ppna fr\u00e5gor<\/h2>\t\t\t\t<\/div>\n\t\t<div class=\"elementor-element elementor-element-iwgw-yhychkhan-s8c e-con-full e-flex e-con e-child\" data-id=\"iwgw-yhychkhan-s8c\" data-element_type=\"container\" data-e-type=\"container\">\n\t\t\t\t<div class=\"elementor-element elementor-element-iwgw-yhychkhan-s8t elementor-widget elementor-widget-text-editor\" data-id=\"iwgw-yhychkhan-s8t\" data-element_type=\"widget\" data-e-type=\"widget\" data-widget_type=\"text-editor.default\">\n\t\t\t\t\t\t\t\t\t<p>Tv\u00e5 forskningsdebatter \u00e4r aktuella. F\u00f6rst: hur kontinuerlig \u00e4r Yhych-Khan-<span class=\"iwg-fachbegriff\" data-tooltip=\"Summan av de religi\u00f6sa v\u00f6rdnadshandlingarna f\u00f6r en gudom eller helig gestalt.\" tabindex=\"0\">kulten<\/span> fr\u00e5n f\u00f6rrysk tid (f\u00f6re 1632) till idag? De arkeologiska fynden fr\u00e5n de \u00e4ldsta Sacha-bos\u00e4ttningarna (Tujmaada-dalen) visar h\u00e4stbegravningar, vars religi\u00f6sa tolkning f\u00f6rblir oklar.<\/p><p>F\u00f6r det andra: vilken roll spelar Yhych-Khan i den neo-tengristiska r\u00f6relsen p\u00e5 2000-talet? H\u00e4r finns en tvist mellan forskare som ser Yhych-Khan presenterad som en \u201eautentisk tradition\u201c, och de som ser den moderna festkulturen som en ny uppfinning (\u201einvented tradition\u201c i Eric Hobsbawms mening).<\/p><p>Slutligen, och detta \u00e4r en fr\u00e5ga med aktuell angel\u00e4genhet, hur f\u00f6rh\u00e5ller sig Yhych-Khan-<span class=\"iwg-fachbegriff\" data-tooltip=\"Summan av de religi\u00f6sa v\u00f6rdnadshandlingarna f\u00f6r en gudom eller helig gestalt.\" tabindex=\"0\">kulten<\/span> till klimatf\u00f6r\u00e4ndringen, som hotar den subarktiska regionen och d\u00e4rmed Sacha-folkets h\u00e4stavel? Tidiga studier (till exempel av Susan Crate) har h\u00e4r \u00f6ppnat en religionsekologisk diskussion.<\/p>\t\t\t\t\t\t\t\t<\/div>\n\t\t\t\t<\/div>\n\t\t\t\t\t<\/div>\n\t\t\t\t<\/div>\n\t\t<div class=\"elementor-element elementor-element-iwgw-yhychkhan-s9 e-flex e-con-boxed e-con e-parent\" data-id=\"iwgw-yhychkhan-s9\" data-element_type=\"container\" data-e-type=\"container\">\n\t\t\t\t\t<div class=\"e-con-inner\">\n\t\t\t\t<div class=\"elementor-element elementor-element-iwgw-yhychkhan-s9h elementor-widget elementor-widget-heading\" data-id=\"iwgw-yhychkhan-s9h\" data-element_type=\"widget\" data-e-type=\"widget\" data-widget_type=\"heading.default\">\n\t\t\t\t\t<h2 class=\"elementor-heading-title elementor-size-default\">Yhych-Khan i Sacha-ekonomins kontext<\/h2>\t\t\t\t<\/div>\n\t\t<div class=\"elementor-element elementor-element-iwgw-yhychkhan-s9c e-con-full e-flex e-con e-child\" data-id=\"iwgw-yhychkhan-s9c\" data-element_type=\"container\" data-e-type=\"container\">\n\t\t\t\t<div class=\"elementor-element elementor-element-iwgw-yhychkhan-s9t elementor-widget elementor-widget-text-editor\" data-id=\"iwgw-yhychkhan-s9t\" data-element_type=\"widget\" data-e-type=\"widget\" data-widget_type=\"text-editor.default\">\n\t\t\t\t\t\t\t\t\t<p>Yhych-Khans religi\u00f6sa centralst\u00e4llning korrelerar med h\u00e4stens ekonomiska centralst\u00e4llning i den jakutiska traditionen. Sacha-h\u00e4strasen, som klarar kyla ner till under minus 60 grader, m\u00f6jliggjorde \u00f6verhuvudtaget bos\u00e4ttningen av den subarktiska tundran. Ur religionsantropologiskt perspektiv \u00e4r den religi\u00f6sa h\u00f6gaktningen av h\u00e4sten d\u00e4rf\u00f6r ingen slump, utan en kulturell spegling av ekonomisk n\u00f6dv\u00e4ndighet.<\/p><p>Under 1900-talet f\u00f6r\u00e4ndrade den sovjetiska kollektiviseringen den traditionella h\u00e4staveln kraftigt; m\u00e5nga familjer f\u00f6rlorade sina stohjordar, vilket i praktiken lade ner Yhych-Khan-<span class=\"iwg-fachbegriff\" data-tooltip=\"Summan av de religi\u00f6sa v\u00f6rdnadshandlingarna f\u00f6r en gudom eller helig gestalt.\" tabindex=\"0\">kulten<\/span>. Efter 1991 skedde en \u00e5terprivatisering, och med den en \u00e5terupplivning av den religi\u00f6sa praktiken. Denna ekonomisk-religi\u00f6sa koppling har beskrivits i detalj av Marjorie Balzer.<\/p><p>En aktuell utmaning \u00e4r klimatf\u00f6r\u00e4ndringen: permafrosten sm\u00e4lter, vilket hotar Sacha-folkets h\u00e4stavel. Susan Crate har i sitt etnografiska verk <em>Cows, Kin, and Globalization<\/em> (2006) dokumenterat de religi\u00f6sa reaktionerna p\u00e5 denna ekologiska kris; Yhych-Khan blir h\u00e4r en referensfigur i en inhemsk klimatdebatt.<\/p>\t\t\t\t\t\t\t\t<\/div>\n\t\t\t\t<\/div>\n\t\t\t\t\t<\/div>\n\t\t\t\t<\/div>\n\t\t<div class=\"elementor-element elementor-element-iwgw-yhychkhan-s10 e-flex e-con-boxed e-con e-parent\" data-id=\"iwgw-yhychkhan-s10\" data-element_type=\"container\" data-e-type=\"container\">\n\t\t\t\t\t<div class=\"e-con-inner\">\n\t\t\t\t<div class=\"elementor-element elementor-element-iwgw-yhychkhan-s10h elementor-widget elementor-widget-heading\" data-id=\"iwgw-yhychkhan-s10h\" data-element_type=\"widget\" data-e-type=\"widget\" data-widget_type=\"heading.default\">\n\t\t\t\t\t<h2 class=\"elementor-heading-title elementor-size-default\">K\u00e4llor och koppling till kulturhubben<\/h2>\t\t\t\t<\/div>\n\t\t<div class=\"elementor-element elementor-element-iwgw-yhychkhan-s10c e-con-full e-flex e-con e-child\" data-id=\"iwgw-yhychkhan-s10c\" data-element_type=\"container\" data-e-type=\"container\">\n\t\t\t\t<div class=\"elementor-element elementor-element-iwgw-yhychkhan-s10t elementor-widget elementor-widget-text-editor\" data-id=\"iwgw-yhychkhan-s10t\" data-element_type=\"widget\" data-e-type=\"widget\" data-widget_type=\"text-editor.default\">\n\t\t\t\t\t\t\t\t\t<p>Den som vill studera Yhych-Khan-komplexet i sin bredd hittar p\u00e5 \u00f6versiktssidan <a href=\"https:\/\/iwell-guard.com\/sv\/sibirisk-schamanism-och-tengrism-stapp-och-tajga\/\">Sibirisk-tengristisk tradition<\/a> de viktigaste korsh\u00e4nvisningarna till besl\u00e4ktade figurer som <a href=\"https:\/\/iwell-guard.com\/sv\/ajisit-jakutisk-fodelsegudinna\/\">Ajisit<\/a> (modersgivare) och <a href=\"https:\/\/iwell-guard.com\/sv\/asbuiga-burjatisk-hastskyddsande\/\">Asbuiga<\/a> (burjatisk h\u00e4sthj\u00e4lpande ande).<\/p><p>W. Sereshevskijs <em>Yakuty<\/em> (1896) f\u00f6rblir den viktigaste etnografiska prim\u00e4rk\u00e4llan. N. A. Alekseevs <em>Traditionnaja religia jakutov<\/em> (Novosibirsk 1980) och G. V. Ksenofontovs <em>Schamanizm. Izbrannye trudy<\/em> (nyutg\u00e5va 1992) \u00e4r de viktigaste ryssk-sovjetiska sammanst\u00e4llningarna.<\/p><p>Marjorie Balzers <em>The Tenacity of Ethnicity<\/em> (Princeton 1999) \u00e4r det viktigaste samtida verket och erbjuder en rik etnografisk dokumentation av Ysyakh-festen efter 1991.<\/p>\t\t\t\t\t\t\t\t<\/div>\n\t\t\t\t<\/div>\n\t\t\t\t\t<\/div>\n\t\t\t\t<\/div>\n\t\t<div class=\"elementor-element elementor-element-iwgw-yhychkhan-s11 e-flex e-con-boxed e-con e-parent\" data-id=\"iwgw-yhychkhan-s11\" data-element_type=\"container\" data-e-type=\"container\">\n\t\t\t\t\t<div class=\"e-con-inner\">\n\t\t\t\t<div class=\"elementor-element elementor-element-iwgw-yhychkhan-s11h elementor-widget elementor-widget-heading\" data-id=\"iwgw-yhychkhan-s11h\" data-element_type=\"widget\" data-e-type=\"widget\" data-widget_type=\"heading.default\">\n\t\t\t\t\t<h2 class=\"elementor-heading-title elementor-size-default\">Yhych-Khan i den jakutiska aiyy-kosmos<\/h2>\t\t\t\t<\/div>\n\t\t<div class=\"elementor-element elementor-element-iwgw-yhychkhan-s11c e-con-full e-flex e-con e-child\" data-id=\"iwgw-yhychkhan-s11c\" data-element_type=\"container\" data-e-type=\"container\">\n\t\t\t\t<div class=\"elementor-element elementor-element-iwgw-yhychkhan-s11t elementor-widget elementor-widget-text-editor\" data-id=\"iwgw-yhychkhan-s11t\" data-element_type=\"widget\" data-e-type=\"widget\" data-widget_type=\"text-editor.default\">\n\t\t\t\t\t\t\t\t\t<p>Yhych-Khan ing\u00e5r i det jakutiska <em>aiyy<\/em>-systemet, en systematisk uppdelning av \u201e\u00f6vre ljusv\u00e4sen\u201d som \u00e4r hierarkiskt organiserade. \u00dcr\u00fcn Aar Tojon \u00e4r h\u00f6gguden; under honom rangordnas <a href=\"https:\/\/iwell-guard.com\/sv\/ajisit-jakutisk-fodelsegudinna\/\">Ajisit<\/a> (Modern), Yhych-Khan (H\u00e4sten), Ynakhsyt (N\u00f6tkreaturet), Bayanai (Skog och jakt) samt ytterligare specialv\u00e4sen.<\/p><p>Denna systematiska uppdelning \u00e4r religionshistoriskt intressant, eftersom den visar hur en h\u00f6gguds funktion differentieras ytterligare i ett ekonomiskt differentierat samh\u00e4lle: f\u00f6r varje central ekonomisk livsgrund finns en egen himmelsk adress.<\/p><p>N. A. Alekseev har i <em>Traditionnaja religia jakutov<\/em> (1980) presenterat en fullst\u00e4ndig karta \u00f6ver detta <em>aiyy<\/em>-system, som fortfarande utg\u00f6r den viktigaste systematiska \u00f6versikten. I denna karta befinner sig Yhych-Khan p\u00e5 den andra hierarkiniv\u00e5n, j\u00e4mst\u00e4lld med Ajisit och Bayanai.<\/p>\t\t\t\t\t\t\t\t<\/div>\n\t\t\t\t<\/div>\n\t\t\t\t\t<\/div>\n\t\t\t\t<\/div>\n\t\t<div class=\"elementor-element elementor-element-iwgw-yhychkhan-s12 e-flex e-con-boxed e-con e-parent\" data-id=\"iwgw-yhychkhan-s12\" data-element_type=\"container\" data-e-type=\"container\">\n\t\t\t\t\t<div class=\"e-con-inner\">\n\t\t\t\t<div class=\"elementor-element elementor-element-iwgw-yhychkhan-s12h elementor-widget elementor-widget-heading\" data-id=\"iwgw-yhychkhan-s12h\" data-element_type=\"widget\" data-e-type=\"widget\" data-widget_type=\"heading.default\">\n\t\t\t\t\t<h2 class=\"elementor-heading-title elementor-size-default\">Metodisk reflektion<\/h2>\t\t\t\t<\/div>\n\t\t<div class=\"elementor-element elementor-element-iwgw-yhychkhan-s12c e-con-full e-flex e-con e-child\" data-id=\"iwgw-yhychkhan-s12c\" data-element_type=\"container\" data-e-type=\"container\">\n\t\t\t\t<div class=\"elementor-element elementor-element-iwgw-yhychkhan-s12t elementor-widget elementor-widget-text-editor\" data-id=\"iwgw-yhychkhan-s12t\" data-element_type=\"widget\" data-e-type=\"widget\" data-widget_type=\"text-editor.default\">\n\t\t\t\t\t\t\t\t\t<p>Yhych-Khan-forskningen st\u00e4lls inf\u00f6r flera metodologiska problem. F\u00f6rst: de \u00e4ldsta k\u00e4llorna (Sereshevskij 1896) h\u00e4rstammar fr\u00e5n en period av politisk f\u00f6rvisning; deras etnografiska djup \u00e4r stort, men pr\u00e4glas ocks\u00e5 av f\u00f6rvisningssituationen.<\/p><p>Sedan: den sovjetiska folkloriseringen av Ysyakh-festen har delvis dolt Yhych-Khans religi\u00f6sa dimension; den postsovjetiska \u00e5teruppr\u00e4ttelsen \u00e4r en resakralisering med egna sp\u00e4nningar.<\/p><p>Slutligen: den samtida klimatkrisen st\u00e4ller Yhych-Khan-komplexet inf\u00f6r existentiella utmaningar. Vad inneb\u00e4r det f\u00f6r religionen om sachiernas h\u00e4stavel blir ekologiskt om\u00f6jlig? Susan Crate har konceptualiserat denna fr\u00e5ga som \u201eklimatantropologi\u201d.<\/p>\t\t\t\t\t\t\t\t<\/div>\n\t\t\t\t<\/div>\n\t\t\t\t\t<\/div>\n\t\t\t\t<\/div>\n\t\t<div class=\"elementor-element elementor-element-iwgw-yhychkhan-s13 e-flex e-con-boxed e-con e-parent\" data-id=\"iwgw-yhychkhan-s13\" data-element_type=\"container\" data-e-type=\"container\">\n\t\t\t\t\t<div class=\"e-con-inner\">\n\t\t\t\t<div class=\"elementor-element elementor-element-iwgw-yhychkhan-s13h elementor-widget elementor-widget-heading\" data-id=\"iwgw-yhychkhan-s13h\" data-element_type=\"widget\" data-e-type=\"widget\" data-widget_type=\"heading.default\">\n\t\t\t\t\t<h2 class=\"elementor-heading-title elementor-size-default\">Yhych-Khan och UNESCO:s Olonkho-arv<\/h2>\t\t\t\t<\/div>\n\t\t<div class=\"elementor-element elementor-element-iwgw-yhychkhan-s13c e-con-full e-flex e-con e-child\" data-id=\"iwgw-yhychkhan-s13c\" data-element_type=\"container\" data-e-type=\"container\">\n\t\t\t\t<div class=\"elementor-element elementor-element-iwgw-yhychkhan-s13t elementor-widget elementor-widget-text-editor\" data-id=\"iwgw-yhychkhan-s13t\" data-element_type=\"widget\" data-e-type=\"widget\" data-widget_type=\"text-editor.default\">\n\t\t\t\t\t\t\t\t\t<p>Det jakutiska Olonkho-epos erk\u00e4ndes 2005 av UNESCO som \u201em\u00e4sterverk av m\u00e4nsklighetens muntliga och immateriella arv\u201d. Yhych-Khan f\u00f6rekommer i praktiskt taget alla Olonkho-epos, som skapare av h\u00e4sthjordarna, som skyddspatron f\u00f6r hj\u00e4ltarna och som himmelsk uppdragsgivare i stammens \u00f6de.<\/p><p>Detta UNESCO-erk\u00e4nnande har st\u00e4rkt Olonkho institutionellt; flera Olonkho-teatrar, ett statligt Olonkho-institut i Jakutsk och kulturella festivaler h\u00e5ller traditionen levande. Yhych-Khan \u00e4r h\u00e4r en central gestalt, b\u00e5de religi\u00f6st och litter\u00e4rt.<\/p><p>Vetenskapligt sett \u00e4r denna institutionalisering utmanande: den f\u00f6rvandlar en tidigare levande religi\u00f6s tradition till ett kulturarvsobjekt, vilket f\u00f6r\u00e4ndrar praktiken. En reflexiv religionsetnologi tar denna f\u00f6r\u00e4ndring p\u00e5 allvar.<\/p>\t\t\t\t\t\t\t\t<\/div>\n\t\t\t\t<\/div>\n\t\t\t\t\t<\/div>\n\t\t\t\t<\/div>\n\t\t<div class=\"elementor-element elementor-element-iwgw-yhychkhan-s14 e-flex e-con-boxed e-con e-parent\" data-id=\"iwgw-yhychkhan-s14\" data-element_type=\"container\" data-e-type=\"container\">\n\t\t\t\t\t<div class=\"e-con-inner\">\n\t\t\t\t<div class=\"elementor-element elementor-element-iwgw-yhychkhan-s14h elementor-widget elementor-widget-heading\" data-id=\"iwgw-yhychkhan-s14h\" data-element_type=\"widget\" data-e-type=\"widget\" data-widget_type=\"heading.default\">\n\t\t\t\t\t<h2 class=\"elementor-heading-title elementor-size-default\">Yhych-Khan och klimatkrisen<\/h2>\t\t\t\t<\/div>\n\t\t<div class=\"elementor-element elementor-element-iwgw-yhychkhan-s14c e-con-full e-flex e-con e-child\" data-id=\"iwgw-yhychkhan-s14c\" data-element_type=\"container\" data-e-type=\"container\">\n\t\t\t\t<div class=\"elementor-element elementor-element-iwgw-yhychkhan-s14t elementor-widget elementor-widget-text-editor\" data-id=\"iwgw-yhychkhan-s14t\" data-element_type=\"widget\" data-e-type=\"widget\" data-widget_type=\"text-editor.default\">\n\t\t\t\t\t\t\t\t\t<p>Ett s\u00e4rskilt aktuellt forskningsperspektiv f\u00f6rbinder Yhych-Khan med klimatkrisen i den subarktiska regionen. Permafrosten tinar, sto\u00e4gorna torkar ut, och m\u00e5nga traditionella h\u00e4stavelsomr\u00e5den blir obeboeliga. Susan Crate har i <em>Cows, Kin, and Globalization<\/em> (2006) visat hur sachierna reagerar religi\u00f6st p\u00e5 denna kris.<\/p><p>Yhych-Khan-<span class=\"iwg-fachbegriff\" data-tooltip=\"Summan av de religi\u00f6sa v\u00f6rdnadshandlingarna f\u00f6r en gudom eller helig gestalt.\" tabindex=\"0\">kulten<\/span> blir h\u00e4r en referensfigur f\u00f6r en inhemsk klimatkritik: n\u00e4r h\u00e4sten f\u00f6rsvinner, f\u00f6rsvinner religionen. Denna existentiella koppling g\u00f6r Yhych-Khan till en nyckelfigur i en vetenskapligt relevant klimatdebatt.<\/p><p>P\u00e5 de \u00e5rliga Ysyakh-festerna sedan 2010 \u00e4r ekologiska budskap ofta en del av \u00e5kallelserna; Yhych-Khan tilltalas som \u201ebevarare\u201d, till vilken man anf\u00f6rtror oron f\u00f6r klimatframtiden. Religionssociologiskt \u00e4r denna nya adressering en anm\u00e4rkningsv\u00e4rd utveckling.<\/p>\t\t\t\t\t\t\t\t<\/div>\n\t\t\t\t<\/div>\n\t\t\t\t\t<\/div>\n\t\t\t\t<\/div>\n\t\t<div class=\"elementor-element elementor-element-iwgw-yhychkhan-s15 e-flex e-con-boxed e-con e-parent\" data-id=\"iwgw-yhychkhan-s15\" data-element_type=\"container\" data-e-type=\"container\">\n\t\t\t\t\t<div class=\"e-con-inner\">\n\t\t\t\t<div class=\"elementor-element elementor-element-iwgw-yhychkhan-s15h elementor-widget elementor-widget-heading\" data-id=\"iwgw-yhychkhan-s15h\" data-element_type=\"widget\" data-e-type=\"widget\" data-widget_type=\"heading.default\">\n\t\t\t\t\t<h2 class=\"elementor-heading-title elementor-size-default\">Yhych-Khan och Ysyakh-festen i UNESCO-sammanhang<\/h2>\t\t\t\t<\/div>\n\t\t<div class=\"elementor-element elementor-element-iwgw-yhychkhan-s15c e-con-full e-flex e-con e-child\" data-id=\"iwgw-yhychkhan-s15c\" data-element_type=\"container\" data-e-type=\"container\">\n\t\t\t\t<div class=\"elementor-element elementor-element-iwgw-yhychkhan-s15t elementor-widget elementor-widget-text-editor\" data-id=\"iwgw-yhychkhan-s15t\" data-element_type=\"widget\" data-e-type=\"widget\" data-widget_type=\"text-editor.default\">\n\t\t\t\t\t\t\t\t\t<p>Ysyakh-festen, med Yhych-Khan i centrum, har sedan 2018 st\u00e5tt p\u00e5 UNESCO:s f\u00f6rslagslista f\u00f6r immateriellt v\u00e4rldsarv. Denna nomineringsdokumentation inneh\u00e5ller en detaljerad beskrivning av Yhych-Khan-\u00e5kallelserna, h\u00e4stritualerna och de kosmologiska sambanden.<\/p><p>UNESCO-dokumentationen utg\u00f6r en viktig ny k\u00e4llniv\u00e5 f\u00f6r den vetenskapliga Yhych-Khan-forskningen. Den inneh\u00e5ller intervjuer med samtida algyschyt-talare, inspelningar av festsekvenser och ikonografiskt material.<\/p><p>Religionssociologiskt \u00e4r detta UNESCO-upptagande ambivalent: det s\u00e4krar festen institutionellt men f\u00f6rvandlar den samtidigt till ett \u201ev\u00e4rldsarvsobjekt\u201d, vilket f\u00f6r\u00e4ndrar den religi\u00f6sa praktiken i sig.<\/p>\t\t\t\t\t\t\t\t<\/div>\n\t\t\t\t<\/div>\n\t\t\t\t\t<\/div>\n\t\t\t\t<\/div>\n\t\t<div class=\"elementor-element elementor-element-iwgw-yhychkhan-s16 e-flex e-con-boxed e-con e-parent\" data-id=\"iwgw-yhychkhan-s16\" data-element_type=\"container\" data-e-type=\"container\">\n\t\t\t\t\t<div class=\"e-con-inner\">\n\t\t\t\t<div class=\"elementor-element elementor-element-iwgw-yhychkhan-s16h elementor-widget elementor-widget-heading\" data-id=\"iwgw-yhychkhan-s16h\" data-element_type=\"widget\" data-e-type=\"widget\" data-widget_type=\"heading.default\">\n\t\t\t\t\t<h2 class=\"elementor-heading-title elementor-size-default\">Yhych-Khan och retengriseringen i Sacha-republiken<\/h2>\t\t\t\t<\/div>\n\t\t<div class=\"elementor-element elementor-element-iwgw-yhychkhan-s16c e-con-full e-flex e-con e-child\" data-id=\"iwgw-yhychkhan-s16c\" data-element_type=\"container\" data-e-type=\"container\">\n\t\t\t\t<div class=\"elementor-element elementor-element-iwgw-yhychkhan-s16t elementor-widget elementor-widget-text-editor\" data-id=\"iwgw-yhychkhan-s16t\" data-element_type=\"widget\" data-e-type=\"widget\" data-widget_type=\"text-editor.default\">\n\t\t\t\t\t\t\t\t\t<p>Retengriseringen i Sacha-republiken sedan 1991 har \u00e5teraktiverat Yhych-Khan som central identifikationsfigur. Vid de stora Ysyakh-festerna upptr\u00e4der samtida algyschyt-talare med \u00e5kallelser som h\u00e4mtas direkt ur Olonkho-eposen och ur Sereshevskijs anteckningar. Denna \u00e5teruppr\u00e4ttelse \u00e4r religionssociologiskt ett intressant fall av en tradition som f\u00f6rmedlas och konsolideras genom vetenskapliga texter.<\/p><p>Marjorie Mandelstam Balzer har i <em>The Tenacity of Ethnicity<\/em> (1999) visat att Yhych-Khan-\u00e5kallelserna idag fyller en dubbel funktion: religi\u00f6s praktik och etnisk sj\u00e4lvbekr\u00e4ftelse. Denna dubbelfunktion \u00e4r typisk f\u00f6r m\u00e5nga postsovjetiska inhemska religioner.<\/p><p>Vetenskapligt sett \u00e4r denna \u00e5teruppr\u00e4ttelse ett tacksamt forskningsobjekt. Den visar hur en religi\u00f6s tradition organiseras om efter l\u00e5ng repression, med vilka medel kontinuitet skapas och vilka brott som accepteras i processen.<\/p>\t\t\t\t\t\t\t\t<\/div>\n\t\t\t\t<\/div>\n\t\t\t\t\t<\/div>\n\t\t\t\t<\/div>\n\t\t<div class=\"elementor-element elementor-element-cp226f4b85 e-flex e-con-boxed e-con e-parent\" data-id=\"cp226f4b85\" data-element_type=\"container\" data-e-type=\"container\">\n\t\t\t\t\t<div class=\"e-con-inner\">\n\t\t\t\t<div class=\"elementor-element elementor-element-cp2686cb0d elementor-widget elementor-widget-heading\" data-id=\"cp2686cb0d\" data-element_type=\"widget\" data-e-type=\"widget\" data-widget_type=\"heading.default\">\n\t\t\t\t\t<h2 class=\"elementor-heading-title elementor-size-default\">Tjur och frost: bilden av den kosmiska k\u00f6ldbringaren<\/h2>\t\t\t\t<\/div>\n\t\t<div class=\"elementor-element elementor-element-cp2cb64fe5 e-flex e-con-boxed e-con e-child\" data-id=\"cp2cb64fe5\" data-element_type=\"container\" data-e-type=\"container\">\n\t\t\t\t\t<div class=\"e-con-inner\">\n\t\t\t\t<div class=\"elementor-element elementor-element-cp2c79de06 elementor-widget elementor-widget-text-editor\" data-id=\"cp2c79de06\" data-element_type=\"widget\" data-e-type=\"widget\" data-widget_type=\"text-editor.default\">\n\t\t\t\t\t\t\t\t\t<p>Bland andarna i den jakutisk-sibiriska <span class=\"iwg-fachbegriff\" data-tooltip=\"\u00d6verf\u00f6ringen av kunskap och ber\u00e4ttelser genom generationer.\" tabindex=\"0\">\u00f6verl\u00e4mnad tradition<\/span> intar Frostherren, som i v\u00e4sterl\u00e4ndska framst\u00e4llningar b\u00e4r namn som <em>Yhych-Khan<\/em> eller besl\u00e4ktade former, en egendomlig st\u00e4llning. Han h\u00f6r inte till de h\u00f6ga skapargudomarna i den \u00f6vre v\u00e4rlden, utan f\u00f6rkroppsligar en naturkraft som \u00e4r livshotande f\u00f6r livet i norr.<\/p><p>Den jakutiska vinterkylan n\u00e5r i trakten kring Verchojansk och Oimjakon v\u00e4rden som h\u00f6r till de l\u00e4gsta i bebodda omr\u00e5den p\u00e5 jorden. En religi\u00f6s gestalt som personifierar denna frost \u00e4r d\u00e4rf\u00f6r ingen poetisk lek, utan uttryck f\u00f6r ett st\u00e4ndigt hot.<\/p><p>Ett \u00e5terkommande bildmotiv i traditionerna om Frostherren \u00e4r vinterns tjur. Denna f\u00f6rest\u00e4llning, som \u00e5terfinns i flera sibiriska uppteckningar, t\u00e4nker sig vintern som ett v\u00e4ldigt tjurdjur som stiger upp ur norra havet sent p\u00e5 h\u00f6sten och som under varje fortskridande m\u00e5nad f\u00f6rst v\u00e4xer, men sedan under v\u00e5ren f\u00f6rlorar en kroppsdel efter en annan.<\/p><p>F\u00f6rst faller ett horn, sedan det andra, till sist huvudet, tills djuret helt f\u00f6rsvinner n\u00e4r isen bryter upp. I denna bild \u00e4r frosten inget tillst\u00e5nd, utan en varelse med en livsbana, och k\u00f6ldens str\u00e4nghet \u00e4r knuten till kroppsdelarna hos detta djur.<\/p><p>Huruvida Frostherren och vintertjuren fr\u00e5n b\u00f6rjan var identiska i den ursprungliga <span class=\"iwg-fachbegriff\" data-tooltip=\"\u00d6verf\u00f6ringen av kunskap och ber\u00e4ttelser genom generationer.\" tabindex=\"0\">\u00f6verl\u00e4mnade traditionen<\/span>, eller om de var tv\u00e5 skilda f\u00f6rest\u00e4llningar som f\u00f6rst sent sm\u00e4lte samman, g\u00e5r inte att avg\u00f6ra med s\u00e4kerhet utifr\u00e5n k\u00e4llorna.<\/p><p>Uppteckningarna fr\u00e5n 1800-talet och det tidiga 1900-talet \u00e4r h\u00e4r inte enhetliga, och vissa etnografer har snarare uppfattat tjuren som en v\u00e4derkalender \u00e4n som en <span class=\"iwg-fachbegriff\" data-tooltip=\"En varelse som dyrkas som gudomlig inom en religion.\" tabindex=\"0\">gudom<\/span>. S\u00e4kert \u00e4r att b\u00e5da f\u00f6rest\u00e4llningarna tj\u00e4nar samma behov, n\u00e4mligen att oms\u00e4tta den ober\u00e4kneliga och d\u00f6dliga kylan i en gripbar, observerbar gestalt.<\/p><p>Anm\u00e4rkningsv\u00e4rt \u00e4r att Frostherren, till skillnad fr\u00e5n vissa sjukdomsandar, inte var f\u00f6rem\u00e5l f\u00f6r n\u00e5gon utpr\u00e4glad b\u00f6nekult. Vintern kunde man inte f\u00f6rhandla med, bara uth\u00e4rda.<\/p><p>Den rituella uppm\u00e4rksamheten riktades d\u00e4rf\u00f6r mindre mot att blidka honom \u00e4n mot \u00f6verg\u00e5ngen, det vill s\u00e4ga mot v\u00e5rfesterna d\u00e4r tjurherrav\u00e4ldets slut h\u00e4lsades. H\u00e4ri visar sig ett grunddrag i den nordasiatiska religiositeten, som inte konsekvent behandlar naturmakterna som f\u00f6rhandlingsbara parter, utan delvis som fakta man m\u00e5ste finna sig i.<\/p>\t\t\t\t\t\t\t\t<\/div>\n\t\t\t\t\t<\/div>\n\t\t\t\t<\/div>\n\t\t\t\t\t<\/div>\n\t\t\t\t<\/div>\n\t\t<div class=\"elementor-element elementor-element-iwgw-yhychkhan-lit e-flex e-con-boxed e-con e-parent\" data-id=\"iwgw-yhychkhan-lit\" data-element_type=\"container\" data-e-type=\"container\">\n\t\t\t\t\t<div class=\"e-con-inner\">\n\t\t\t\t<div class=\"elementor-element elementor-element-iwgw-yhychkhan-lith elementor-widget elementor-widget-heading\" data-id=\"iwgw-yhychkhan-lith\" data-element_type=\"widget\" data-e-type=\"widget\" data-widget_type=\"heading.default\">\n\t\t\t\t\t<h2 class=\"elementor-heading-title elementor-size-default\">Litteratur (urval)<\/h2>\t\t\t\t<\/div>\n\t\t<div class=\"elementor-element elementor-element-iwgw-yhychkhan-litc e-con-full e-flex e-con e-child\" data-id=\"iwgw-yhychkhan-litc\" data-element_type=\"container\" data-e-type=\"container\">\n\t\t\t\t<div class=\"elementor-element elementor-element-iwgw-yhychkhan-litt elementor-widget elementor-widget-text-editor\" data-id=\"iwgw-yhychkhan-litt\" data-element_type=\"widget\" data-e-type=\"widget\" data-widget_type=\"text-editor.default\">\n\t\t\t\t\t\t\t\t\t<ul><li>W. Sereshevskij: <em>Yakuty<\/em> (1896)<\/li><li>G. V. Ksenofontov: <em>Schamanizm. Izbrannye trudy<\/em> (1928 \/ 1992)<\/li><li>N. A. Alekseev: <em>Traditionnaja religia jakutov<\/em> (1980)<\/li><li>Roberte Hamayon: <em>La chasse \u00e0 l&#8217;\u00e2me<\/em> (1990)<\/li><li>Marjorie Balzer: <em>The Tenacity of Ethnicity<\/em> (1999)<\/li><li>Andrei Znamenski: <em>Shamanism and Western Imagination<\/em> (2007)<\/li><li>Vladimir Basilov: <em>Shamanism in Siberia<\/em> (1984)<\/li><\/ul>\t\t\t\t\t\t\t\t<\/div>\n\t\t\t\t<\/div>\n\t\t\t\t\t<\/div>\n\t\t\t\t<\/div>\n\t\t<div class=\"elementor-element elementor-element-iwgkw-add-yhychkhan e-flex e-con-boxed e-con e-parent\" data-id=\"iwgkw-add-yhychkhan\" data-element_type=\"container\" data-e-type=\"container\">\n\t\t\t\t\t<div class=\"e-con-inner\">\n\t\t\t\t<div class=\"elementor-element elementor-element-iwgkw-add-yhychkhan-t elementor-widget elementor-widget-text-editor\" data-id=\"iwgkw-add-yhychkhan-t\" data-element_type=\"widget\" data-e-type=\"widget\" data-widget_type=\"text-editor.default\">\n\t\t\t\t\t\t\t\t\t<p>Yhych-Khan \u00e4r i den jakutiska <span class=\"iwg-fachbegriff\" data-tooltip=\"\u00d6verf\u00f6ringen av kunskap och ber\u00e4ttelser genom generationer.\" tabindex=\"0\">\u00f6verl\u00e4mnade traditionen<\/span> h\u00e4starnas skyddsherre och samtidigt <strong>v\u00e4ktare<\/strong> av Ysyakh, sachas sommarliga ny\u00e5rsfest.<\/p><p>I uppteckningar av jakutiska etnografer framtr\u00e4der han som f\u00f6rmedlare mellan de ljusa Aiyy-makterna och boskaps\u00e4garna: han vaktar ston och f\u00f6l, s\u00e4krar hjordens fruktsamhet och tar under Ysyakh emot de rituella kumysoffren. Som v\u00e4ktare av denna fest f\u00f6renar han djurh\u00e5llning, kalenderordning och gudakult till ett eget funktionsomr\u00e5de inom den jakutiska pantheonen.<\/p>\t\t\t\t\t\t\t\t<\/div>\n\t\t\t\t\t<\/div>\n\t\t\t\t<\/div>\n\t\t<div class=\"elementor-element elementor-element-iwgkw2-add-yhychkhan e-flex e-con-boxed e-con e-parent\" data-id=\"iwgkw2-add-yhychkhan\" data-element_type=\"container\" data-e-type=\"container\">\n\t\t\t\t\t<div class=\"e-con-inner\">\n\t\t\t\t<div class=\"elementor-element elementor-element-iwgkw2-add-yhychkhan-t elementor-widget elementor-widget-text-editor\" data-id=\"iwgkw2-add-yhychkhan-t\" data-element_type=\"widget\" data-e-type=\"widget\" data-widget_type=\"text-editor.default\">\n\t\t\t\t\t\t\t\t\t<p>Bland Sibiriens jakuter r\u00e4knas Yhych-Khan som <em>h\u00e4stherre<\/em>, vars <span class=\"iwg-fachbegriff\" data-tooltip=\"Till\u00f6nskan av lycka och skydd, ofta i fast spr\u00e5klig form.\" tabindex=\"0\">v\u00e4lsignelse<\/span> man bad om under den sommarliga Ysyakh-festen med kumysoffer och b\u00f6ner; Vasilij Serosjevskijs etnografiska uppteckningar dokumenterar <span class=\"iwg-fachbegriff\" data-tooltip=\"Helheten av religi\u00f6sa v\u00f6rdnadshandlingar f\u00f6r en gudom eller helig gestalt.\" tabindex=\"0\">kulten<\/span> i slutet av artonhundratalet.<\/p>\t\t\t\t\t\t\t\t<\/div>\n\t\t\t\t\t<\/div>\n\t\t\t\t<\/div>\n\t\t<div class=\"elementor-element elementor-element-iwgw-yhychkhan-kwd e-flex e-con-boxed e-con e-parent\" data-id=\"iwgw-yhychkhan-kwd\" data-element_type=\"container\" data-e-type=\"container\">\n\t\t\t\t\t<div class=\"e-con-inner\">\n\t\t<div class=\"elementor-element elementor-element-iwgw-yhychkhan-kwdc e-con-full e-flex e-con e-child\" data-id=\"iwgw-yhychkhan-kwdc\" data-element_type=\"container\" data-e-type=\"container\">\n\t\t\t\t<div class=\"elementor-element elementor-element-iwgw-yhychkhan-kwdt elementor-widget elementor-widget-text-editor\" data-id=\"iwgw-yhychkhan-kwdt\" data-element_type=\"widget\" data-e-type=\"widget\" data-widget_type=\"text-editor.default\">\n\t\t\t\t\t\t\t\t\t<p><em>Relaterade nyckelbegrepp: Yhych-Khan Ysyakh Kumys Sacha Olonkho h\u00e4stgivare serge.<\/em><\/p>\t\t\t\t\t\t\t\t<\/div>\n\t\t\t\t<\/div>\n\t\t\t\t\t<\/div>\n\t\t\t\t<\/div>\n\t\t<div class=\"elementor-element elementor-element-iwgw-yhychkhan-cc e-flex e-con-boxed e-con e-parent\" data-id=\"iwgw-yhychkhan-cc\" data-element_type=\"container\" data-e-type=\"container\" id=\"iwg-cc-yhych-khan\">\n\t\t\t\t\t<div class=\"e-con-inner\">\n\t\t<div class=\"elementor-element elementor-element-iwgw-yhychkhan-ccinner e-flex e-con-boxed e-con e-parent\" data-id=\"iwgw-yhychkhan-ccinner\" data-element_type=\"container\" data-e-type=\"container\" data-settings=\"{&quot;background_background&quot;:&quot;classic&quot;}\">\n\t\t\t\t\t<div class=\"e-con-inner\">\n\t\t\t\t<div class=\"elementor-element elementor-element-iwgw-yhychkhan-cch elementor-widget elementor-widget-heading\" data-id=\"iwgw-yhychkhan-cch\" data-element_type=\"widget\" data-e-type=\"widget\" data-widget_type=\"heading.default\">\n\t\t\t\t\t<h2 class=\"elementor-heading-title elementor-size-default\">iWell Guard och skyddstraditioner<\/h2>\t\t\t\t<\/div>\n\t\t\t\t<div class=\"elementor-element elementor-element-iwgw-yhychkhan-cct elementor-widget elementor-widget-text-editor\" data-id=\"iwgw-yhychkhan-cct\" data-element_type=\"widget\" data-e-type=\"widget\" data-widget_type=\"text-editor.default\">\n\t\t\t\t\t\t\t\t\t<div data-nosnippet=\"true\"><p>iWell Guard ansluter till den kulturhistoriska traditionen av b\u00e4rbara skyddsobjekt, i traditionen fr\u00e5n <a href=\"https:\/\/iwell-guard.com\/sv\/sibirisk-schamanism-och-tengrism-stapp-och-tajga\/\">Sibirien \/ tengrismen<\/a> och m\u00e5nga andra kulturer v\u00e4rlden \u00f6ver. 41 niv\u00e5er, \u00e4kta guld, platina, silver, tillverkad i Tyskland. 30 dagars returr\u00e4tt.<\/p><\/div>\t\t\t\t\t\t\t\t<\/div>\n\t\t\t\t<div class=\"elementor-element elementor-element-iwgw-yhychkhan-ccb iwg-cc-button iwg-cc-cta-2026-05-13 elementor-widget elementor-widget-jet-button\" data-id=\"iwgw-yhychkhan-ccb\" data-element_type=\"widget\" data-e-type=\"widget\" data-widget_type=\"jet-button.default\">\n\t\t\t\t<div class=\"elementor-widget-container\">\n\t\t\t\t\t<div class=\"elementor-jet-button jet-elements\"><div class=\"jet-button__container\"><a class=\"jet-button__instance jet-button__instance--icon-left hover-effect-1\" href=\"\/ueber-iwell-guard\/?utm_source=iwell-guard.com&amp;utm_medium=info-box&amp;utm_campaign=wesen-tradition\"><div class=\"jet-button__plane jet-button__plane-normal\"><\/div><div class=\"jet-button__plane jet-button__plane-hover\"><\/div><div class=\"jet-button__state jet-button__state-normal\"><span class=\"jet-button__label\">Mer om iWell Guard<\/span><\/div><div class=\"jet-button__state jet-button__state-hover\"><span class=\"jet-button__label\">Mer om iWell Guard<\/span><\/div><\/a><\/div><\/div><style>.elementor-element.elementor-element-iwgw-yhychkhan-ccb .jet-button__instance{width:320px;height:56px;}.elementor-element.elementor-element-iwgw-yhychkhan-ccb .jet-button__state-normal .jet-button__label{text-align:center;margin:0px 0px 0px 0px;color:#1a1b20;font-family:Montserrat,sans-serif;font-size:13px;font-weight:400;letter-spacing:4px;line-height:1.714em;text-transform:uppercase;}.elementor-element.elementor-element-iwgw-yhychkhan-ccb .jet-button__state-hover .jet-button__label{text-align:center;margin:0px 0px 0px 0px;color:#FECC76;font-family:Montserrat,sans-serif;font-size:13px;font-weight:400;letter-spacing:4px;line-height:1.714em;text-transform:uppercase;}.elementor-element.elementor-element-iwgw-yhychkhan-ccb .jet-button__plane-normal{background-color:#FECC76;border-style:solid;border-color:#C99540;border-width:2px 2px 2px 2px;}.elementor-element.elementor-element-iwgw-yhychkhan-ccb .jet-button__plane-hover{background-color:rgba(0,0,0,0.55);border-style:solid;border-color:#FECC76;border-width:2px 2px 2px 2px;}<\/style>\t\t\t\t<\/div>\n\t\t\t\t<\/div>\n\t\t\t\t<div class=\"elementor-element elementor-element-iwgw-yhychkhan-ccd elementor-widget elementor-widget-text-editor\" data-id=\"iwgw-yhychkhan-ccd\" data-element_type=\"widget\" data-e-type=\"widget\" data-widget_type=\"text-editor.default\">\n\t\t\t\t\t\t\t\t\t<div data-nosnippet=\"true\"><p style=\"text-align:center;font-size:13px;opacity:0.7;margin-top:14px\" data-nosnippet=\"true\">Personliga erfarenheter kan variera. Ingen medicinteknisk produkt. Inget l\u00f6fte om l\u00e4kning.<\/p><\/div>\t\t\t\t\t\t\t\t<\/div>\n\t\t\t\t\t<\/div>\n\t\t\t\t<\/div>\n\t\t\t\t\t<\/div>\n\t\t\t\t<\/div>\n\t\t<div class=\"elementor-element elementor-element-iwgw-yhychkhan-disc e-flex e-con-boxed e-con e-parent\" data-id=\"iwgw-yhychkhan-disc\" data-element_type=\"container\" data-e-type=\"container\">\n\t\t\t\t\t<div class=\"e-con-inner\">\n\t\t\t\t<div class=\"elementor-element elementor-element-iwgw-yhychkhan-discw elementor-widget elementor-widget-html\" data-id=\"iwgw-yhychkhan-discw\" data-element_type=\"widget\" data-e-type=\"widget\" data-widget_type=\"html.default\">\n\t\t\t\t\t<footer data-nosnippet=\"true\" class=\"iwg-disclaimer-block\"><p data-nosnippet=\"true\">iWell Guard \u00e4r <strong>ingen medicinteknisk produkt<\/strong> och ers\u00e4tter inte l\u00e4karv\u00e5rd eller psykoterapeutisk behandling. De religionsvetenskapliga inneh\u00e5llen \u00e4r kulturhistorisk inordning, ingen andlig praxisrekommendation.<\/p><\/footer>\t\t\t\t<\/div>\n\t\t\t\t\t<\/div>\n\t\t\t\t<\/div>\n\t\t\t\t<\/div>\n\t\t","protected":false},"excerpt":{"rendered":"","protected":false},"author":3,"featured_media":2864,"parent":0,"menu_order":0,"comment_status":"closed","ping_status":"closed","template":"elementor_header_footer","meta":{"_yoast_wpseo_focuskw":"Yhych Khan jakutisk religion","_yoast_wpseo_title":"Yhych-Khan \u2013 Jakutisk h\u00e4stherre, kult och k\u00e4llor","_yoast_wpseo_metadesc":"Yhych-Khan \u00e4r den jakutiska skyddsherren f\u00f6r h\u00e4starna och st\u00e5r i centrum f\u00f6r Ysyakh-festen. Genomg\u00e5ng med myt och kult.","_yoast_wpseo_meta-robots-noindex":"","_yoast_wpseo_canonical":"","_angie_page":false,"gefaehrdungsstufe":"1","wesen_kultur":"sibirisch-tengrismus","wesen_klasse":"goetter","footnotes":""},"categories":[],"class_list":["post-136889","page","type-page","status-publish","has-post-thumbnail","hentry"],"yoast_head":"<!-- This site is optimized with the Yoast SEO Premium plugin v27.7 (Yoast SEO v28.3) - https:\/\/yoast.com\/product\/yoast-seo-premium-wordpress\/ -->\n<title>Yhych-Khan \u2013 Jakutisk h\u00e4stherre, kult och k\u00e4llor<\/title>\n<meta name=\"description\" content=\"Yhych-Khan \u00e4r den jakutiska skyddsherren f\u00f6r h\u00e4starna och st\u00e5r i centrum f\u00f6r Ysyakh-festen. Genomg\u00e5ng med myt och kult.\" \/>\n<meta name=\"robots\" content=\"index, follow, max-snippet:-1, max-image-preview:large, max-video-preview:-1\" \/>\n<link rel=\"canonical\" href=\"https:\/\/iwell-guard.com\/sv\/yhych-khan-jakutisk-hastherre\/\" \/>\n<meta property=\"og:locale\" content=\"sv_SE\" \/>\n<meta property=\"og:type\" content=\"article\" \/>\n<meta property=\"og:title\" content=\"Yhych-Khan \u2013 Jakutisk h\u00e4stherre\" \/>\n<meta property=\"og:description\" content=\"Yhych-Khan \u00e4r den jakutiska skyddsherren f\u00f6r h\u00e4starna och st\u00e5r i centrum f\u00f6r Ysyakh-festen. Genomg\u00e5ng med myt och kult.\" \/>\n<meta property=\"og:url\" content=\"https:\/\/iwell-guard.com\/sv\/yhych-khan-jakutisk-hastherre\/\" \/>\n<meta property=\"og:site_name\" content=\"iWell Guard\" \/>\n<meta property=\"article:modified_time\" content=\"2026-09-03T01:14:54+00:00\" \/>\n<meta property=\"og:image\" content=\"https:\/\/iwell-guard.com\/wp-content\/uploads\/2026\/05\/goetter_sibirisch-tengrismus_yhych-khan.webp\" \/>\n\t<meta property=\"og:image:width\" content=\"1024\" \/>\n\t<meta property=\"og:image:height\" content=\"1536\" \/>\n\t<meta property=\"og:image:type\" content=\"image\/webp\" \/>\n<meta name=\"twitter:card\" content=\"summary_large_image\" \/>\n<script type=\"application\/ld+json\" class=\"yoast-schema-graph\">{\"@context\":\"https:\\\/\\\/schema.org\",\"@graph\":[{\"@type\":\"WebPage\",\"@id\":\"https:\\\/\\\/iwell-guard.com\\\/sv\\\/yhych-khan-jakutisk-hastherre\\\/\",\"url\":\"https:\\\/\\\/iwell-guard.com\\\/sv\\\/yhych-khan-jakutisk-hastherre\\\/\",\"name\":\"Yhych-Khan \u2013 Jakutisk h\u00e4stherre, kult och k\u00e4llor\",\"isPartOf\":{\"@id\":\"https:\\\/\\\/iwell-guard.com\\\/sv\\\/#website\"},\"primaryImageOfPage\":{\"@id\":\"https:\\\/\\\/iwell-guard.com\\\/sv\\\/yhych-khan-jakutisk-hastherre\\\/#primaryimage\"},\"image\":{\"@id\":\"https:\\\/\\\/iwell-guard.com\\\/sv\\\/yhych-khan-jakutisk-hastherre\\\/#primaryimage\"},\"thumbnailUrl\":\"https:\\\/\\\/iwell-guard.com\\\/wp-content\\\/uploads\\\/2026\\\/05\\\/goetter_sibirisch-tengrismus_yhych-khan.webp\",\"datePublished\":\"2026-09-03T00:10:55+00:00\",\"dateModified\":\"2026-09-03T01:14:54+00:00\",\"description\":\"Yhych-Khan \u00e4r den jakutiska skyddsherren f\u00f6r h\u00e4starna och st\u00e5r i centrum f\u00f6r Ysyakh-festen. Genomg\u00e5ng med myt och kult.\",\"breadcrumb\":{\"@id\":\"https:\\\/\\\/iwell-guard.com\\\/sv\\\/yhych-khan-jakutisk-hastherre\\\/#breadcrumb\"},\"inLanguage\":\"sv-SE\",\"potentialAction\":[{\"@type\":\"ReadAction\",\"target\":[\"https:\\\/\\\/iwell-guard.com\\\/sv\\\/yhych-khan-jakutisk-hastherre\\\/\"]}]},{\"@type\":\"ImageObject\",\"inLanguage\":\"sv-SE\",\"@id\":\"https:\\\/\\\/iwell-guard.com\\\/sv\\\/yhych-khan-jakutisk-hastherre\\\/#primaryimage\",\"url\":\"https:\\\/\\\/iwell-guard.com\\\/wp-content\\\/uploads\\\/2026\\\/05\\\/goetter_sibirisch-tengrismus_yhych-khan.webp\",\"contentUrl\":\"https:\\\/\\\/iwell-guard.com\\\/wp-content\\\/uploads\\\/2026\\\/05\\\/goetter_sibirisch-tengrismus_yhych-khan.webp\",\"width\":1024,\"height\":1536,\"caption\":\"Gudar fr\u00e5n den sibirisk-tengrianska traditionen.\"},{\"@type\":\"BreadcrumbList\",\"@id\":\"https:\\\/\\\/iwell-guard.com\\\/sv\\\/yhych-khan-jakutisk-hastherre\\\/#breadcrumb\",\"itemListElement\":[{\"@type\":\"ListItem\",\"position\":1,\"name\":\"Start\",\"item\":\"https:\\\/\\\/iwell-guard.com\\\/sv\\\/?page_id=136483\"},{\"@type\":\"ListItem\",\"position\":2,\"name\":\"Yhych-Khan \u2013 Jakutisk h\u00e4stherre\"}]},{\"@type\":\"WebSite\",\"@id\":\"https:\\\/\\\/iwell-guard.com\\\/sv\\\/#website\",\"url\":\"https:\\\/\\\/iwell-guard.com\\\/sv\\\/\",\"name\":\"iWell Guard\",\"description\":\"Schutz vor dunklen Einfl\u00fcssen\",\"publisher\":{\"@id\":\"https:\\\/\\\/iwell-guard.com\\\/sv\\\/#organization\"},\"potentialAction\":[{\"@type\":\"SearchAction\",\"target\":{\"@type\":\"EntryPoint\",\"urlTemplate\":\"https:\\\/\\\/iwell-guard.com\\\/sv\\\/?s={search_term_string}\"},\"query-input\":{\"@type\":\"PropertyValueSpecification\",\"valueRequired\":true,\"valueName\":\"search_term_string\"}}],\"inLanguage\":\"sv-SE\"},{\"@type\":\"Organization\",\"@id\":\"https:\\\/\\\/iwell-guard.com\\\/sv\\\/#organization\",\"name\":\"Ittermann electronic GmbH\",\"url\":\"https:\\\/\\\/iwell-guard.com\\\/sv\\\/\",\"logo\":{\"@type\":\"ImageObject\",\"inLanguage\":\"sv-SE\",\"@id\":\"https:\\\/\\\/iwell-guard.com\\\/sv\\\/#\\\/schema\\\/logo\\\/image\\\/\",\"url\":\"https:\\\/\\\/iwell-guard.com\\\/wp-content\\\/uploads\\\/2026\\\/05\\\/Ittermann-Logo-1182x237-1.png\",\"contentUrl\":\"https:\\\/\\\/iwell-guard.com\\\/wp-content\\\/uploads\\\/2026\\\/05\\\/Ittermann-Logo-1182x237-1.png\",\"width\":1182,\"height\":237,\"caption\":\"Ittermann electronic GmbH\"},\"image\":{\"@id\":\"https:\\\/\\\/iwell-guard.com\\\/sv\\\/#\\\/schema\\\/logo\\\/image\\\/\"},\"sameAs\":[\"https:\\\/\\\/pantip.com\\\/profile\\\/9367242\",\"https:\\\/\\\/micro.blog\\\/iwellguard\",\"https:\\\/\\\/www.diggerslist.com\\\/iwellguard\\\/about\",\"https:\\\/\\\/skitterphoto.com\\\/photographers\\\/2870314\\\/iwell-guard\",\"https:\\\/\\\/iwellguard.wordpress.com\\\/2026\\\/06\\\/06\\\/iwell-guard\\\/\",\"https:\\\/\\\/hub.docker.com\\\/u\\\/iwellguard\",\"https:\\\/\\\/www.pinterest.com\\\/iwellguard\\\/\",\"https:\\\/\\\/bit.ly\\\/m\\\/iwellguard\",\"https:\\\/\\\/entre-vos-mains.alsace.eu\\\/profiles\\\/iwellguard\\\/activity\",\"https:\\\/\\\/gravatar.com\\\/reallybeded8fd34\",\"https:\\\/\\\/naijamatta.com\\\/iwellguard\",\"https:\\\/\\\/www.goodreads.com\\\/iwellguard\",\"https:\\\/\\\/profile.hatena.ne.jp\\\/iwellguard\\\/\",\"https:\\\/\\\/experiment.com\\\/users\\\/iwellguard\",\"https:\\\/\\\/wakelet.com\\\/@iWellGuard82270\",\"https:\\\/\\\/www.chordie.com\\\/forum\\\/profile.php?id=2555664\",\"https:\\\/\\\/www.instapaper.com\\\/p\\\/17757966\",\"https:\\\/\\\/www.mapleprimes.com\\\/users\\\/iwellguard\",\"https:\\\/\\\/businesslistingplus.com\\\/profile\\\/iwell-guard\\\/\",\"https:\\\/\\\/telegra.ph\\\/iWell-Guard-06-06\",\"https:\\\/\\\/pbase.com\\\/iwellguard\\\/iwellguard\",\"https:\\\/\\\/b.hatena.ne.jp\\\/iwellguard\\\/20260607#bookmark-4788405196491818882\",\"https:\\\/\\\/fliphtml5.com\\\/home\\\/iwellguard\",\"https:\\\/\\\/anyflip.com\\\/homepage\\\/cmiwl#About\",\"https:\\\/\\\/transfur.com\\\/Users\\\/iwellguard\",\"http:\\\/\\\/delphi.larsbo.org\\\/user\\\/iwellguard\",\"https:\\\/\\\/jobs.lajobsportal.org\\\/profiles\\\/8380803-iwell-guard\",\"https:\\\/\\\/md.chaosdorf.de\\\/s\\\/jfbe5SBdJD\",\"https:\\\/\\\/www.lingvolive.com\\\/en-us\\\/profile\\\/9ecaeaca-ce11-4e51-9e71-01d55e2bff36\\\/translations\",\"https:\\\/\\\/www.fitday.com\\\/fitness\\\/forums\\\/members\\\/iwellguard.html\",\"https:\\\/\\\/www.mymeetbook.com\\\/iwellguard\",\"https:\\\/\\\/pxhere.com\\\/en\\\/photographer-me\\\/5040798\",\"https:\\\/\\\/disqus.com\\\/by\\\/iwellguard\\\/about\\\/\",\"https:\\\/\\\/pastelink.net\\\/hjwciqwq\",\"https:\\\/\\\/pubhtml5.com\\\/homepage\\\/scjhn\\\/\",\"https:\\\/\\\/www.bitchute.com\\\/channel\\\/2O2eOKzNqujT\",\"https:\\\/\\\/audiomack.com\\\/iwellguard\"]},{\"@type\":\"Article\",\"@id\":\"https:\\\/\\\/iwell-guard.com\\\/sv\\\/yhych-khan-jakutisk-hastherre\\\/#article\",\"isPartOf\":{\"@id\":\"https:\\\/\\\/iwell-guard.com\\\/sv\\\/yhych-khan-jakutisk-hastherre\\\/\"},\"author\":{\"name\":\"Ralf Ittermann\",\"@id\":\"https:\\\/\\\/iwell-guard.com\\\/sv\\\/#\\\/schema\\\/person\\\/ee2a27f1cac3406c7c6fb5820cb7349f\"},\"headline\":\"Yhych-Khan \u2013 Jakutisk h\u00e4stherre\",\"datePublished\":\"2026-09-03T00:10:55+00:00\",\"dateModified\":\"2026-09-03T01:14:54+00:00\",\"mainEntityOfPage\":{\"@id\":\"https:\\\/\\\/iwell-guard.com\\\/sv\\\/yhych-khan-jakutisk-hastherre\\\/\"},\"publisher\":{\"@id\":\"https:\\\/\\\/iwell-guard.com\\\/sv\\\/#organization\"},\"image\":{\"@id\":\"https:\\\/\\\/iwell-guard.com\\\/sv\\\/yhych-khan-jakutisk-hastherre\\\/#primaryimage\"},\"thumbnailUrl\":\"https:\\\/\\\/iwell-guard.com\\\/wp-content\\\/uploads\\\/2026\\\/05\\\/goetter_sibirisch-tengrismus_yhych-khan.webp\",\"inLanguage\":\"sv-SE\",\"description\":\"Yhych-Khan \u00e4r den jakutiska skyddsherren f\u00f6r h\u00e4starna och st\u00e5r i centrum f\u00f6r Ysyakh-festen. Genomg\u00e5ng med myt och kult.\"}]}<\/script>\n<!-- \/ Yoast SEO Premium plugin. -->","yoast_head_json":{"title":"Yhych-Khan \u2013 Jakutisk h\u00e4stherre, kult och k\u00e4llor","description":"Yhych-Khan \u00e4r den jakutiska skyddsherren f\u00f6r h\u00e4starna och st\u00e5r i centrum f\u00f6r Ysyakh-festen. Genomg\u00e5ng med myt och kult.","robots":{"index":"index","follow":"follow","max-snippet":"max-snippet:-1","max-image-preview":"max-image-preview:large","max-video-preview":"max-video-preview:-1"},"canonical":"https:\/\/iwell-guard.com\/sv\/yhych-khan-jakutisk-hastherre\/","og_locale":"sv_SE","og_type":"article","og_title":"Yhych-Khan \u2013 Jakutisk h\u00e4stherre","og_description":"Yhych-Khan \u00e4r den jakutiska skyddsherren f\u00f6r h\u00e4starna och st\u00e5r i centrum f\u00f6r Ysyakh-festen. Genomg\u00e5ng med myt och kult.","og_url":"https:\/\/iwell-guard.com\/sv\/yhych-khan-jakutisk-hastherre\/","og_site_name":"iWell Guard","article_modified_time":"2026-09-03T01:14:54+00:00","og_image":[{"width":1024,"height":1536,"url":"https:\/\/iwell-guard.com\/wp-content\/uploads\/2026\/05\/goetter_sibirisch-tengrismus_yhych-khan.webp","type":"image\/webp"}],"twitter_card":"summary_large_image","schema":{"@context":"https:\/\/schema.org","@graph":[{"@type":"Article","@id":"https:\/\/iwell-guard.com\/sv\/yhych-khan-jakutisk-hastherre\/#article","isPartOf":{"@id":"https:\/\/iwell-guard.com\/sv\/yhych-khan-jakutisk-hastherre\/"},"author":{"name":"Ralf Ittermann","@id":"https:\/\/iwell-guard.com\/sv\/#\/schema\/person\/ee2a27f1cac3406c7c6fb5820cb7349f"},"headline":"Yhych-Khan \u2013 Jakutisk h\u00e4stherre","datePublished":"2026-09-03T00:10:55+00:00","dateModified":"2026-09-03T01:14:54+00:00","mainEntityOfPage":{"@id":"https:\/\/iwell-guard.com\/sv\/yhych-khan-jakutisk-hastherre\/"},"publisher":{"@id":"https:\/\/iwell-guard.com\/sv\/#organization"},"image":{"@id":"https:\/\/iwell-guard.com\/sv\/yhych-khan-jakutisk-hastherre\/#primaryimage"},"thumbnailUrl":"https:\/\/iwell-guard.com\/wp-content\/uploads\/2026\/05\/goetter_sibirisch-tengrismus_yhych-khan.webp","inLanguage":"sv-SE","description":"Yhych-Khan \u00e4r den jakutiska skyddsherren f\u00f6r h\u00e4starna och st\u00e5r i centrum f\u00f6r Ysyakh-festen. Genomg\u00e5ng med myt och kult."},{"@type":"WebPage","@id":"https:\/\/iwell-guard.com\/sv\/yhych-khan-jakutisk-hastherre\/","url":"https:\/\/iwell-guard.com\/sv\/yhych-khan-jakutisk-hastherre\/","name":"Yhych-Khan \u2013 Jakutisk h\u00e4stherre, kult och k\u00e4llor","isPartOf":{"@id":"https:\/\/iwell-guard.com\/sv\/#website"},"primaryImageOfPage":{"@id":"https:\/\/iwell-guard.com\/sv\/yhych-khan-jakutisk-hastherre\/#primaryimage"},"image":{"@id":"https:\/\/iwell-guard.com\/sv\/yhych-khan-jakutisk-hastherre\/#primaryimage"},"thumbnailUrl":"https:\/\/iwell-guard.com\/wp-content\/uploads\/2026\/05\/goetter_sibirisch-tengrismus_yhych-khan.webp","datePublished":"2026-09-03T00:10:55+00:00","dateModified":"2026-09-03T01:14:54+00:00","description":"Yhych-Khan \u00e4r den jakutiska skyddsherren f\u00f6r h\u00e4starna och st\u00e5r i centrum f\u00f6r Ysyakh-festen. Genomg\u00e5ng med myt och kult.","breadcrumb":{"@id":"https:\/\/iwell-guard.com\/sv\/yhych-khan-jakutisk-hastherre\/#breadcrumb"},"inLanguage":"sv-SE","potentialAction":[{"@type":"ReadAction","target":["https:\/\/iwell-guard.com\/sv\/yhych-khan-jakutisk-hastherre\/"]}]},{"@type":"ImageObject","inLanguage":"sv-SE","@id":"https:\/\/iwell-guard.com\/sv\/yhych-khan-jakutisk-hastherre\/#primaryimage","url":"https:\/\/iwell-guard.com\/wp-content\/uploads\/2026\/05\/goetter_sibirisch-tengrismus_yhych-khan.webp","contentUrl":"https:\/\/iwell-guard.com\/wp-content\/uploads\/2026\/05\/goetter_sibirisch-tengrismus_yhych-khan.webp","width":1024,"height":1536,"caption":"Gudar fr\u00e5n den sibirisk-tengrianska traditionen."},{"@type":"BreadcrumbList","@id":"https:\/\/iwell-guard.com\/sv\/yhych-khan-jakutisk-hastherre\/#breadcrumb","itemListElement":[{"@type":"ListItem","position":1,"name":"Start","item":"https:\/\/iwell-guard.com\/sv\/?page_id=136483"},{"@type":"ListItem","position":2,"name":"Yhych-Khan \u2013 Jakutisk h\u00e4stherre"}]},{"@type":"WebSite","@id":"https:\/\/iwell-guard.com\/sv\/#website","url":"https:\/\/iwell-guard.com\/sv\/","name":"iWell Guard","description":"Schutz vor dunklen Einfl\u00fcssen","publisher":{"@id":"https:\/\/iwell-guard.com\/sv\/#organization"},"potentialAction":[{"@type":"SearchAction","target":{"@type":"EntryPoint","urlTemplate":"https:\/\/iwell-guard.com\/sv\/?s={search_term_string}"},"query-input":{"@type":"PropertyValueSpecification","valueRequired":true,"valueName":"search_term_string"}}],"inLanguage":"sv-SE"},{"@type":"Organization","@id":"https:\/\/iwell-guard.com\/sv\/#organization","name":"Ittermann electronic GmbH","url":"https:\/\/iwell-guard.com\/sv\/","logo":{"@type":"ImageObject","inLanguage":"sv-SE","@id":"https:\/\/iwell-guard.com\/sv\/#\/schema\/logo\/image\/","url":"https:\/\/iwell-guard.com\/wp-content\/uploads\/2026\/05\/Ittermann-Logo-1182x237-1.png","contentUrl":"https:\/\/iwell-guard.com\/wp-content\/uploads\/2026\/05\/Ittermann-Logo-1182x237-1.png","width":1182,"height":237,"caption":"Ittermann electronic GmbH"},"image":{"@id":"https:\/\/iwell-guard.com\/sv\/#\/schema\/logo\/image\/"},"sameAs":["https:\/\/pantip.com\/profile\/9367242","https:\/\/micro.blog\/iwellguard","https:\/\/www.diggerslist.com\/iwellguard\/about","https:\/\/skitterphoto.com\/photographers\/2870314\/iwell-guard","https:\/\/iwellguard.wordpress.com\/2026\/06\/06\/iwell-guard\/","https:\/\/hub.docker.com\/u\/iwellguard","https:\/\/www.pinterest.com\/iwellguard\/","https:\/\/bit.ly\/m\/iwellguard","https:\/\/entre-vos-mains.alsace.eu\/profiles\/iwellguard\/activity","https:\/\/gravatar.com\/reallybeded8fd34","https:\/\/naijamatta.com\/iwellguard","https:\/\/www.goodreads.com\/iwellguard","https:\/\/profile.hatena.ne.jp\/iwellguard\/","https:\/\/experiment.com\/users\/iwellguard","https:\/\/wakelet.com\/@iWellGuard82270","https:\/\/www.chordie.com\/forum\/profile.php?id=2555664","https:\/\/www.instapaper.com\/p\/17757966","https:\/\/www.mapleprimes.com\/users\/iwellguard","https:\/\/businesslistingplus.com\/profile\/iwell-guard\/","https:\/\/telegra.ph\/iWell-Guard-06-06","https:\/\/pbase.com\/iwellguard\/iwellguard","https:\/\/b.hatena.ne.jp\/iwellguard\/20260607#bookmark-4788405196491818882","https:\/\/fliphtml5.com\/home\/iwellguard","https:\/\/anyflip.com\/homepage\/cmiwl#About","https:\/\/transfur.com\/Users\/iwellguard","http:\/\/delphi.larsbo.org\/user\/iwellguard","https:\/\/jobs.lajobsportal.org\/profiles\/8380803-iwell-guard","https:\/\/md.chaosdorf.de\/s\/jfbe5SBdJD","https:\/\/www.lingvolive.com\/en-us\/profile\/9ecaeaca-ce11-4e51-9e71-01d55e2bff36\/translations","https:\/\/www.fitday.com\/fitness\/forums\/members\/iwellguard.html","https:\/\/www.mymeetbook.com\/iwellguard","https:\/\/pxhere.com\/en\/photographer-me\/5040798","https:\/\/disqus.com\/by\/iwellguard\/about\/","https:\/\/pastelink.net\/hjwciqwq","https:\/\/pubhtml5.com\/homepage\/scjhn\/","https:\/\/www.bitchute.com\/channel\/2O2eOKzNqujT","https:\/\/audiomack.com\/iwellguard"]},{"@type":"Person","@id":"https:\/\/iwell-guard.com\/sv\/#\/schema\/person\/ee2a27f1cac3406c7c6fb5820cb7349f","name":"Ralf Ittermann","image":{"@type":"ImageObject","inLanguage":"sv-SE","@id":"https:\/\/secure.gravatar.com\/avatar\/073c0153e350a5005b68eb752b445fea71f6b24a26da9449ad7e155e6b446c9d?s=96&d=mm&r=g","url":"https:\/\/secure.gravatar.com\/avatar\/073c0153e350a5005b68eb752b445fea71f6b24a26da9449ad7e155e6b446c9d?s=96&d=mm&r=g","contentUrl":"https:\/\/secure.gravatar.com\/avatar\/073c0153e350a5005b68eb752b445fea71f6b24a26da9449ad7e155e6b446c9d?s=96&d=mm&r=g","caption":"Ralf Ittermann"},"givenName":"Ralf","familyName":"Ittermann","jobTitle":"Gesch\u00e4ftsf\u00fchrer und redaktioneller Verantwortlicher","url":"https:\/\/iwell-guard.com\/sv\/author\/claude\/","description":"Ralf Ittermann ist Gesch\u00e4ftsf\u00fchrer der Ittermann electronic GmbH und redaktioneller Verantwortlicher des iWell-Guard-Lexikons. Er verbindet langj\u00e4hrige Erfahrung in der Pr\u00e4zisionsfertigung mit medialer Praxis und religionsgeschichtlicher Quellenarbeit.","worksFor":{"@type":"Organization","name":"Ittermann electronic GmbH","url":"https:\/\/ittermann.de\/","address":{"@type":"PostalAddress","streetAddress":"K\u00f6hlergasse 16-18","postalCode":"99842","addressLocality":"Ruhla","addressCountry":"DE"}},"knowsAbout":["Religionsgeschichte","Mythologie","Mediale Praxis","Energetische Diagnostik","Schutzpraxis","Volksglauben","Westliche Esoterik"]},{"@type":"Article","@id":"https:\/\/iwell-guard.com\/sv\/yhych-khan-jakutisk-hastherre\/#article","isPartOf":{"@id":"https:\/\/iwell-guard.com\/sv\/yhych-khan-jakutisk-hastherre\/"},"author":{"name":"Ralf Ittermann","@id":"https:\/\/iwell-guard.com\/sv\/#\/schema\/person\/ee2a27f1cac3406c7c6fb5820cb7349f"},"headline":"Yhych-Khan \u2013 Jakutisk h\u00e4stherre","datePublished":"2026-09-03T00:10:55+00:00","dateModified":"2026-09-03T01:14:54+00:00","mainEntityOfPage":{"@id":"https:\/\/iwell-guard.com\/sv\/yhych-khan-jakutisk-hastherre\/"},"publisher":{"@id":"https:\/\/iwell-guard.com\/sv\/#organization"},"image":{"@id":"https:\/\/iwell-guard.com\/sv\/yhych-khan-jakutisk-hastherre\/#primaryimage"},"thumbnailUrl":"https:\/\/iwell-guard.com\/wp-content\/uploads\/2026\/05\/goetter_sibirisch-tengrismus_yhych-khan.webp","inLanguage":"sv-SE","description":"Yhych-Khan \u00e4r den jakutiska skyddsherren f\u00f6r h\u00e4starna och st\u00e5r i centrum f\u00f6r Ysyakh-festen. Genomg\u00e5ng med myt och kult."}]}},"_links":{"self":[{"href":"https:\/\/iwell-guard.com\/sv\/wp-json\/wp\/v2\/pages\/136889","targetHints":{"allow":["GET"]}}],"collection":[{"href":"https:\/\/iwell-guard.com\/sv\/wp-json\/wp\/v2\/pages"}],"about":[{"href":"https:\/\/iwell-guard.com\/sv\/wp-json\/wp\/v2\/types\/page"}],"author":[{"embeddable":true,"href":"https:\/\/iwell-guard.com\/sv\/wp-json\/wp\/v2\/users\/3"}],"replies":[{"embeddable":true,"href":"https:\/\/iwell-guard.com\/sv\/wp-json\/wp\/v2\/comments?post=136889"}],"version-history":[{"count":0,"href":"https:\/\/iwell-guard.com\/sv\/wp-json\/wp\/v2\/pages\/136889\/revisions"}],"wp:featuredmedia":[{"embeddable":true,"href":"https:\/\/iwell-guard.com\/sv\/wp-json\/wp\/v2\/media\/2864"}],"wp:attachment":[{"href":"https:\/\/iwell-guard.com\/sv\/wp-json\/wp\/v2\/media?parent=136889"}],"wp:term":[{"taxonomy":"category","embeddable":true,"href":"https:\/\/iwell-guard.com\/sv\/wp-json\/wp\/v2\/categories?post=136889"}],"curies":[{"name":"wp","href":"https:\/\/api.w.org\/{rel}","templated":true}]}}