{"id":136881,"date":"2026-09-03T00:10:51","date_gmt":"2026-09-03T00:10:51","guid":{"rendered":"https:\/\/iwell-guard.com\/?page_id=136881"},"modified":"2026-09-03T01:14:42","modified_gmt":"2026-09-03T01:14:42","slug":"reshef-fenicisk-pest-och-krigsgud","status":"publish","type":"page","link":"https:\/\/iwell-guard.com\/sv\/reshef-fenicisk-pest-och-krigsgud\/","title":{"rendered":"Reshef \u2013 Fenicisk pest- och krigsgud"},"content":{"rendered":"\t\t<div data-elementor-type=\"wp-page\" data-elementor-id=\"136881\" class=\"elementor elementor-136881 elementor-2633 elementor-bc-flex-widget\" data-elementor-post-type=\"page\">\n\t\t\t\t<div class=\"elementor-element elementor-element-iwgw-reshef-hero e-flex e-con-boxed e-con e-parent\" data-id=\"iwgw-reshef-hero\" data-element_type=\"container\" data-e-type=\"container\" data-settings=\"{&quot;background_background&quot;:&quot;classic&quot;}\">\n\t\t\t\t\t<div class=\"e-con-inner\">\n\t\t<div class=\"elementor-element elementor-element-iwgw-reshef-hl e-flex e-con-boxed e-con e-child\" data-id=\"iwgw-reshef-hl\" data-element_type=\"container\" data-e-type=\"container\">\n\t\t\t\t\t<div class=\"e-con-inner\">\n\t\t<div class=\"elementor-element elementor-element-iwgw-reshef-htxt e-con-full e-flex e-con e-child\" data-id=\"iwgw-reshef-htxt\" data-element_type=\"container\" data-e-type=\"container\">\n\t\t\t\t<div class=\"elementor-element elementor-element-iwgw-reshef-h1 elementor-widget elementor-widget-heading\" data-id=\"iwgw-reshef-h1\" data-element_type=\"widget\" data-e-type=\"widget\" data-widget_type=\"heading.default\">\n\t\t\t\t\t<h1 class=\"elementor-heading-title elementor-size-default\">Reshef, Fenicisk-kanaaneisk pest- och krigsgud<\/h1>\t\t\t\t<\/div>\n\t\t\t\t<div class=\"elementor-element elementor-element-iwgw-reshef-lead elementor-widget elementor-widget-text-editor\" data-id=\"iwgw-reshef-lead\" data-element_type=\"widget\" data-e-type=\"widget\" data-widget_type=\"text-editor.default\">\n\t\t\t\t\t\t\t\t\t<p>Reshef (feniciskt <em>r\u0161p<\/em>, ugaritiskt <em>r\u0161p<\/em>) \u00e4r den fenicisk-kanaaneiska guden f\u00f6r pest, krig och b\u00e5gen. Han tillbads i Fr\u00e4mre Orienten och i det faraoniska Egypten som en ambivalent kraft: bringare av sjukdom och d\u00f6d, samtidigt skyddsgud mot dessa olyckor.<\/p>\t\t\t\t\t\t\t\t<\/div>\n\t\t\t\t<\/div>\n\t\t<div class=\"elementor-element elementor-element-iwgw-reshef-pillc e-con-full e-flex e-con e-child\" data-id=\"iwgw-reshef-pillc\" data-element_type=\"container\" data-e-type=\"container\">\n\t\t\t\t<div class=\"elementor-element elementor-element-iwgw-reshef-pills elementor-widget elementor-widget-html\" data-id=\"iwgw-reshef-pills\" data-element_type=\"widget\" data-e-type=\"widget\" data-widget_type=\"html.default\">\n\t\t\t\t\t<div class=\"iwg-pill-row\"><span class=\"iwg-klasse-badge\" tabindex=\"0\" data-tooltip=\"Gud i den feniciska traditionen.\">Gud<\/span><a href=\"https:\/\/iwell-guard.com\/sv\/fenicier-och-karthago-baal-tanit-skyddstradition\/\" class=\"iwg-kultur-badge\" tabindex=\"0\" data-tooltip=\"Mytologi i den feniciska traditionen.\">Fenicisk<\/a><span class=\"iwg-tradition-badge\" tabindex=\"0\" data-tooltip=\"Pest- och krigsgud.\">Pest- och krigsgud<\/span><\/div>\t\t\t\t<\/div>\n\t\t\t\t<\/div>\n\t\t<div class=\"elementor-element elementor-element-iwgw-reshef-tocc e-con-full e-flex e-con e-child\" data-id=\"iwgw-reshef-tocc\" data-element_type=\"container\" data-e-type=\"container\">\n\t\t\t\t<div class=\"elementor-element elementor-element-iwgw-reshef-toc elementor-toc--minimized-on-tablet elementor-widget elementor-widget-table-of-contents\" data-id=\"iwgw-reshef-toc\" data-element_type=\"widget\" data-e-type=\"widget\" data-settings=\"{&quot;headings_by_tags&quot;:[&quot;h2&quot;,&quot;h3&quot;],&quot;minimize_box&quot;:&quot;yes&quot;,&quot;marker_view&quot;:&quot;bullets&quot;,&quot;no_headings_message&quot;:&quot;Inga rubriker hittades p\\u00e5 den h\\u00e4r sidan.&quot;,&quot;exclude_headings_by_selector&quot;:[],&quot;icon&quot;:{&quot;value&quot;:&quot;fas fa-circle&quot;,&quot;library&quot;:&quot;fa-solid&quot;,&quot;rendered_tag&quot;:&quot;&lt;svg class=\\&quot;e-font-icon-svg e-fas-circle\\&quot; viewBox=\\&quot;0 0 512 512\\&quot; xmlns=\\&quot;http:\\\/\\\/www.w3.org\\\/2000\\\/svg\\&quot;&gt;&lt;path d=\\&quot;M256 8C119 8 8 119 8 256s111 248 248 248 248-111 248-248S393 8 256 8z\\&quot;&gt;&lt;\\\/path&gt;&lt;\\\/svg&gt;&quot;},&quot;minimized_on&quot;:&quot;tablet&quot;,&quot;hierarchical_view&quot;:&quot;yes&quot;,&quot;min_height&quot;:{&quot;unit&quot;:&quot;px&quot;,&quot;size&quot;:&quot;&quot;,&quot;sizes&quot;:[]},&quot;min_height_tablet&quot;:{&quot;unit&quot;:&quot;px&quot;,&quot;size&quot;:&quot;&quot;,&quot;sizes&quot;:[]},&quot;min_height_mobile&quot;:{&quot;unit&quot;:&quot;px&quot;,&quot;size&quot;:&quot;&quot;,&quot;sizes&quot;:[]}}\" data-widget_type=\"table-of-contents.default\">\n\t\t\t\t\t\t\t\t\t<div class=\"elementor-toc__header\">\n\t\t\t\t\t\t<h2 class=\"elementor-toc__header-title\">\n\t\t\t\tInneh\u00e5llsf\u00f6rteckning\t\t\t<\/h2>\n\t\t\t\t\t\t\t\t\t\t<div class=\"elementor-toc__toggle-button elementor-toc__toggle-button--expand\" role=\"button\" tabindex=\"0\" aria-controls=\"elementor-toc__iwgw-reshef-toc\" aria-expanded=\"true\" aria-label=\"Inhaltsverzeichnis \u00f6ffnen\"><svg aria-hidden=\"true\" class=\"e-font-icon-svg e-fas-chevron-down\" viewBox=\"0 0 448 512\" xmlns=\"http:\/\/www.w3.org\/2000\/svg\"><path d=\"M207.029 381.476L12.686 187.132c-9.373-9.373-9.373-24.569 0-33.941l22.667-22.667c9.357-9.357 24.522-9.375 33.901-.04L224 284.505l154.745-154.021c9.379-9.335 24.544-9.317 33.901.04l22.667 22.667c9.373 9.373 9.373 24.569 0 33.941L240.971 381.476c-9.373 9.372-24.569 9.372-33.942 0z\"><\/path><\/svg><\/div>\n\t\t\t\t<div class=\"elementor-toc__toggle-button elementor-toc__toggle-button--collapse\" role=\"button\" tabindex=\"0\" aria-controls=\"elementor-toc__iwgw-reshef-toc\" aria-expanded=\"true\" aria-label=\"Inhaltsverzeichnis schlie\u00dfen\"><svg aria-hidden=\"true\" class=\"e-font-icon-svg e-fas-chevron-up\" viewBox=\"0 0 448 512\" xmlns=\"http:\/\/www.w3.org\/2000\/svg\"><path d=\"M240.971 130.524l194.343 194.343c9.373 9.373 9.373 24.569 0 33.941l-22.667 22.667c-9.357 9.357-24.522 9.375-33.901.04L224 227.495 69.255 381.516c-9.379 9.335-24.544 9.317-33.901-.04l-22.667-22.667c-9.373-9.373-9.373-24.569 0-33.941L207.03 130.525c9.372-9.373 24.568-9.373 33.941-.001z\"><\/path><\/svg><\/div>\n\t\t\t\t\t<\/div>\n\t\t\t\t<div id=\"elementor-toc__iwgw-reshef-toc\" class=\"elementor-toc__body\">\n\t\t\t<div class=\"elementor-toc__spinner-container\">\n\t\t\t\t<svg class=\"elementor-toc__spinner eicon-animation-spin e-font-icon-svg e-eicon-loading\" aria-hidden=\"true\" viewBox=\"0 0 1000 1000\" xmlns=\"http:\/\/www.w3.org\/2000\/svg\"><path d=\"M500 975V858C696 858 858 696 858 500S696 142 500 142 142 304 142 500H25C25 237 238 25 500 25S975 237 975 500 763 975 500 975Z\"><\/path><\/svg>\t\t\t<\/div>\n\t\t<\/div>\n\t\t\t\t\t\t<\/div>\n\t\t\t\t<\/div>\n\t\t\t\t\t<\/div>\n\t\t\t\t<\/div>\n\t\t<div class=\"elementor-element elementor-element-iwgw-reshef-hr e-con-full e-flex e-con e-child\" data-id=\"iwgw-reshef-hr\" data-element_type=\"container\" data-e-type=\"container\">\n\t\t\t\t<div class=\"elementor-element elementor-element-iwgw-reshef-heroimg iwg-hero-image elementor-widget elementor-widget-image\" data-id=\"iwgw-reshef-heroimg\" data-element_type=\"widget\" data-e-type=\"widget\" data-widget_type=\"image.default\">\n\t\t\t\t\t\t\t\t\t\t\t\t\t\t\t<img fetchpriority=\"high\" decoding=\"async\" width=\"683\" height=\"1024\" src=\"https:\/\/iwell-guard.com\/wp-content\/uploads\/2026\/05\/goetter_phoenizisch_reshef-683x1024.webp\" class=\"attachment-large size-large wp-image-2852\" alt=\"Reshef - G\u00f6tter aus der Phoenizisch-Tradition, historisch-illustrativ\" srcset=\"https:\/\/iwell-guard.com\/wp-content\/uploads\/2026\/05\/goetter_phoenizisch_reshef-683x1024.webp 683w, https:\/\/iwell-guard.com\/wp-content\/uploads\/2026\/05\/goetter_phoenizisch_reshef-200x300.webp 200w, https:\/\/iwell-guard.com\/wp-content\/uploads\/2026\/05\/goetter_phoenizisch_reshef-768x1152.webp 768w, https:\/\/iwell-guard.com\/wp-content\/uploads\/2026\/05\/goetter_phoenizisch_reshef.webp 1024w\" sizes=\"(max-width: 683px) 100vw, 683px\" \/>\t\t\t\t\t\t\t\t\t\t\t\t\t\t\t<\/div>\n\t\t\t\t<\/div>\n\t\t\t\t\t<\/div>\n\t\t\t\t<\/div>\n\t\t\t\t<section class=\"elementor-section elementor-top-section elementor-element elementor-element-sec-iwgcomp2-reshef elementor-section-boxed elementor-section-height-default elementor-section-height-default\" data-id=\"sec-iwgcomp2-reshef\" data-element_type=\"section\" data-e-type=\"section\">\n\t\t\t\t\t\t<div class=\"elementor-container elementor-column-gap-default\">\n\t\t\t\t\t<div class=\"elementor-column elementor-col-100 elementor-top-column elementor-element elementor-element-col-iwgcomp2-reshef\" data-id=\"col-iwgcomp2-reshef\" data-element_type=\"column\" data-e-type=\"column\">\n\t\t\t<div class=\"elementor-widget-wrap elementor-element-populated\">\n\t\t\t\t\t\t<div class=\"elementor-element elementor-element-iwgcomp2-reshef elementor-widget elementor-widget-text-editor\" data-id=\"iwgcomp2-reshef\" data-element_type=\"widget\" data-e-type=\"widget\" data-widget_type=\"text-editor.default\">\n\t\t\t\t\t\t\t\t\t<p>Reshef framtr\u00e4der som <strong>fenicisk-kanaaneisk<\/strong> pest- och krigsgud i texterna fr\u00e5n Ugarit och Levanten.<\/p>\t\t\t\t\t\t\t\t<\/div>\n\t\t\t\t\t<\/div>\n\t\t<\/div>\n\t\t\t\t\t<\/div>\n\t\t<\/section>\n\t\t<div class=\"elementor-element elementor-element-iwgw-reshef-s0 e-flex e-con-boxed e-con e-parent\" data-id=\"iwgw-reshef-s0\" data-element_type=\"container\" data-e-type=\"container\">\n\t\t\t\t\t<div class=\"e-con-inner\">\n\t\t\t\t<div class=\"elementor-element elementor-element-iwgw-reshef-s0h elementor-widget elementor-widget-heading\" data-id=\"iwgw-reshef-s0h\" data-element_type=\"widget\" data-e-type=\"widget\" data-widget_type=\"heading.default\">\n\t\t\t\t\t<h2 class=\"elementor-heading-title elementor-size-default\">Kontextualisering och kortprofil<\/h2>\t\t\t\t<\/div>\n\t\t<div class=\"elementor-element elementor-element-iwgw-reshef-s0c e-con-full e-flex e-con e-child\" data-id=\"iwgw-reshef-s0c\" data-element_type=\"container\" data-e-type=\"container\">\n\t\t\t\t<div class=\"elementor-element elementor-element-iwgw-reshef-s0t elementor-widget elementor-widget-text-editor\" data-id=\"iwgw-reshef-s0t\" data-element_type=\"widget\" data-e-type=\"widget\" data-widget_type=\"text-editor.default\">\n\t\t\t\t\t\t\t\t\t<p>Reshef h\u00f6r till de \u00e4ldsta gudarna i den v\u00e4stsemitiska traditionen; han \u00e4r belagd sedan den gammalsyriska tiden (slutet av 3:e \u00e5rtusendet f.Kr.) i Ebla och f\u00f6rblir aktiv fram till den hellenistisk-romerska perioden.<\/p><p>Sabatino Moscati har i <em>Die Ph\u00f6niker<\/em> (1966) visat att Reshef spelar en viktig roll i n\u00e4stan varje fenicisk stadsstat; hans profil som pestgud och krigsgud g\u00f6r honom ambivalent, fruktad och samtidigt \u00e5kallad om hj\u00e4lp.<\/p><p>Paolo Xella har i <em>I testi rituali di Ugarit<\/em> (1981) och Maciej M\u00fcnnich i <em>The God Resheph<\/em> (2013) unders\u00f6kt Reshef-texterna grundligt. M\u00fcnnichs monografi \u00e4r den mest utf\u00f6rliga moderna studien om denna gud och en standardreferens. Inom den <a href=\"https:\/\/iwell-guard.com\/sv\/fenicier-och-karthago-baal-tanit-skyddstradition\/\">feniciska traditionen<\/a> \u00e4r Reshef den prototypiska ambivalenta guden f\u00f6r sjukdom och v\u00e5ldsam d\u00f6d.<\/p><p>Religionshistoriskt tillh\u00f6r Reshef den internationella familjen av &#8217;pestpil&#8217;-gudar, som f\u00f6rekommer i n\u00e4stan alla mytologier i Fr\u00e4mre Asien: Erra\/Nergal i Mesopotamien, pestgudsaspekter av den grekiske Apollon, den hettitiske Yarri och flera andra. Dessa gudar s\u00e4nder pilar som ger sjukdom och d\u00f6d, men kan \u00e4ven \u00e5kallas om skydd mot dessa olyckor. Denna ambivalens \u00e4r nyckelegenskapen i Reshefs profil.<\/p><p>En anm\u00e4rkningsv\u00e4rd egenhet hos Reshef \u00e4r kopplingen till h\u00e4sten: i ugaritiska texter ben\u00e4mns han ibland &#8217;Reshef av h\u00e4starna&#8217;, vilket m\u00f6jligen syftar p\u00e5 en funktion som skyddsgud f\u00f6r stridsvagnstrupperna. Denna bredd av funktioner, pest, krig, h\u00e4st, b\u00e5ge, g\u00f6r Reshef till en komplex gud med flera aspekter.<\/p>\t\t\t\t\t\t\t\t<\/div>\n\t\t\t\t<\/div>\n\t\t\t\t\t<\/div>\n\t\t\t\t<\/div>\n\t\t<div class=\"elementor-element elementor-element-iwgw-reshef-s1 e-flex e-con-boxed e-con e-parent\" data-id=\"iwgw-reshef-s1\" data-element_type=\"container\" data-e-type=\"container\">\n\t\t\t\t\t<div class=\"e-con-inner\">\n\t\t\t\t<div class=\"elementor-element elementor-element-iwgw-reshef-s1h elementor-widget elementor-widget-heading\" data-id=\"iwgw-reshef-s1h\" data-element_type=\"widget\" data-e-type=\"widget\" data-widget_type=\"heading.default\">\n\t\t\t\t\t<h2 class=\"elementor-heading-title elementor-size-default\">Namn och etymologi<\/h2>\t\t\t\t<\/div>\n\t\t<div class=\"elementor-element elementor-element-iwgw-reshef-s1c e-con-full e-flex e-con e-child\" data-id=\"iwgw-reshef-s1c\" data-element_type=\"container\" data-e-type=\"container\">\n\t\t\t\t<div class=\"elementor-element elementor-element-iwgw-reshef-s1t elementor-widget elementor-widget-text-editor\" data-id=\"iwgw-reshef-s1t\" data-element_type=\"widget\" data-e-type=\"widget\" data-widget_type=\"text-editor.default\">\n\t\t\t\t\t\t\t\t\t<p>Namnet <em>r\u0161p<\/em> \u00e4r v\u00e4stsemitiskt; etymologin \u00e4r inte slutgiltigt klarlagd. En trolig tolkning kopplar det till roten <em>r\u0161p<\/em> &#8217;flamma, blixt, gnista&#8217;, vilket skulle st\u00e4mma med hans pil- och pestikonografi. P\u00e5 hebreiska f\u00f6rekommer <em>re\u0161ef<\/em> som substantiv f\u00f6r &#8217;pil&#8217; eller &#8217;brinnande sjukdom&#8217; (5 Mos 32:24; Job 5:7; H\u00f6ga V. 8:6), ett direkt semantiskt arv.<\/p><p>I inskriptioner f\u00f6rekommer han som <em>r\u0161p<\/em>, ofta med tillnamn: Reshef-Hagab (&#8217;Reshef av gr\u00e4shoppan&#8217;), Reshef-Mlk (&#8217;Reshef kungen&#8217;), Reshef-\u0160uluman (&#8217;Reshef av friden&#8217;). Denna m\u00e5ngfald av tillnamn speglar hans flera hypostaser i olika lokala sammanhang. I Ebla f\u00f6rekommer han redan under 2400-talet f.Kr.; i Ugarit \u00e4r han en framtr\u00e4dande gud.<\/p><p>I Egypten f\u00f6rekommer han sedan Nya riket som &#8217;Reshep&#8217;, importerad till den egyptiska <span class=\"iwg-fachbegriff\" data-tooltip=\"Helheten av gudar i en religion eller kultur.\" tabindex=\"0\">pantheonen<\/span>. Farao Amenhotep II (1400-talet f.Kr.) tillbad honom som krigs- och b\u00e5gguden; p\u00e5 flera stelar fr\u00e5n Thebentrakten framtr\u00e4der han som en sk\u00e4ggig krigare med hj\u00e4lm och b\u00e5ge.<\/p><p>Den egyptiska Reshef-kulten \u00e4r en anm\u00e4rkningsv\u00e4rd religionshistorisk importbedrift och behandlas utf\u00f6rligt i Izak Cornelius studier (<em>The Iconography of the Canaanite Gods Reshef and Ba\u02bfal<\/em>, 1994).<\/p><p>\u00c4ven i det arameiska materialet fr\u00e5n 1:a \u00e5rtusendet f.Kr. f\u00f6rekommer Reshef i flera inskriptioner, till exempel p\u00e5 <span class=\"iwg-fachbegriff\" data-tooltip=\"En uppr\u00e4ttst\u00e5ende, inskriven eller avbildad sten- eller tr\u00e4platta.\" tabindex=\"0\">stelen<\/span> av Bar-Rakib fr\u00e5n Sam&#8217;al (700-talet f.Kr.). Denna arameiska Reshef-tradition visar hur best\u00e4ndig hans dyrkan var under den \u00f6stsemitiska <span class=\"iwg-fachbegriff\" data-tooltip=\"F\u00f6rhistorisk epok efter brons\u00e5ldern, pr\u00e4glad av j\u00e4rnbearbetning.\" tabindex=\"0\">j\u00e4rn\u00e5ldern<\/span>.<\/p>\t\t\t\t\t\t\t\t<\/div>\n\t\t\t\t<\/div>\n\t\t\t\t\t<\/div>\n\t\t\t\t<\/div>\n\t\t<div class=\"elementor-element elementor-element-iwgw-reshef-s2 e-flex e-con-boxed e-con e-parent\" data-id=\"iwgw-reshef-s2\" data-element_type=\"container\" data-e-type=\"container\">\n\t\t\t\t\t<div class=\"e-con-inner\">\n\t\t\t\t<div class=\"elementor-element elementor-element-iwgw-reshef-s2h elementor-widget elementor-widget-heading\" data-id=\"iwgw-reshef-s2h\" data-element_type=\"widget\" data-e-type=\"widget\" data-widget_type=\"heading.default\">\n\t\t\t\t\t<h2 class=\"elementor-heading-title elementor-size-default\">Beskrivning och ikonografi<\/h2>\t\t\t\t<\/div>\n\t\t<div class=\"elementor-element elementor-element-iwgw-reshef-s2c e-con-full e-flex e-con e-child\" data-id=\"iwgw-reshef-s2c\" data-element_type=\"container\" data-e-type=\"container\">\n\t\t\t\t<div class=\"elementor-element elementor-element-iwgw-reshef-s2t elementor-widget elementor-widget-text-editor\" data-id=\"iwgw-reshef-s2t\" data-element_type=\"widget\" data-e-type=\"widget\" data-widget_type=\"text-editor.default\">\n\t\t\t\t\t\t\t\t\t<p>Reshef framtr\u00e4der i den v\u00e4stsemitiska och egyptiska ikonografin som en sk\u00e4ggig man i kort sk\u00f6rt, med en hj\u00e4lm eller en h\u00f6g spetsig huvudbonad, med en b\u00e5ge eller en stridsyxa i den ena handen och ett spjut eller en sk\u00f6ld i den andra.<\/p><p>En karakteristisk bildtradition visar honom med en pil i h\u00f6jd hand, redo att skjuta; en annan bildtyp visar honom med ett gasellhuvud p\u00e5 pannan.<\/p><p>Hans heliga djur \u00e4r gasellen; i vissa avbildningar rider han p\u00e5 en gasell eller h\u00e5ller en gasell i hornen. Gasellen \u00e4r religionshistoriskt talande: den representerar pestpilarnas snabbhet och sjukdomens flyktighet. \u00c4ven h\u00e4st och tjur f\u00f6rekommer ibland som hans f\u00f6ljedjur.<\/p><p>I Egypten avbildades Reshef ofta tillsammans med Min (den egyptiska fruktbarhetsguden) och Qadeshet (den semitiska k\u00e4rleksgudinnan, besl\u00e4ktad med Astarte) som en triad; denna &#8217;Reshef-Min-Qadeshet&#8217;-triad f\u00f6rekommer p\u00e5 flera stelar fr\u00e5n Memfis och Tanis. Denna egyptiska triad \u00e4r en sj\u00e4lvst\u00e4ndig historisk utveckling som inte \u00e4r belagd p\u00e5 samma s\u00e4tt i moderlandet Fenicien.<\/p><p>En s\u00e4rskild egyptisk bildtradition visar Reshef med den karakteristiska &#8217;\u0161sm&#8217;-kronan av ringar eller spetsiga huvudbonader, en konvention som skiljer honom fr\u00e5n de egyptiska gudarna och markerar hans semitiska ursprung.<\/p>\t\t\t\t\t\t\t\t<\/div>\n\t\t\t\t<\/div>\n\t\t\t\t\t<\/div>\n\t\t\t\t<\/div>\n\t\t<div class=\"elementor-element elementor-element-iwgw-reshef-s3 e-flex e-con-boxed e-con e-parent\" data-id=\"iwgw-reshef-s3\" data-element_type=\"container\" data-e-type=\"container\">\n\t\t\t\t\t<div class=\"e-con-inner\">\n\t\t\t\t<div class=\"elementor-element elementor-element-iwgw-reshef-s3h elementor-widget elementor-widget-heading\" data-id=\"iwgw-reshef-s3h\" data-element_type=\"widget\" data-e-type=\"widget\" data-widget_type=\"heading.default\">\n\t\t\t\t\t<h2 class=\"elementor-heading-title elementor-size-default\">Mytologiska ber\u00e4ttelser<\/h2>\t\t\t\t<\/div>\n\t\t<div class=\"elementor-element elementor-element-iwgw-reshef-s3c e-con-full e-flex e-con e-child\" data-id=\"iwgw-reshef-s3c\" data-element_type=\"container\" data-e-type=\"container\">\n\t\t\t\t<div class=\"elementor-element elementor-element-iwgw-reshef-s3t elementor-widget elementor-widget-text-editor\" data-id=\"iwgw-reshef-s3t\" data-element_type=\"widget\" data-e-type=\"widget\" data-widget_type=\"text-editor.default\">\n\t\t\t\t\t\t\t\t\t<p>Egentliga myter om Reshef \u00e4r knappt bevarade; han \u00e4r i f\u00f6rsta hand en kultisk-rituell gestalt. I ugaritiska texter framtr\u00e4der han ibland som bud- eller sjukdomsgud, utan egen ber\u00e4ttande sekvens. I feniciska inskriptioner \u00e5kallas han som pest- och krigsgud, utan mytologisk f\u00f6rankring.<\/p><p>En fragmentarisk ber\u00e4ttelse f\u00f6rbinder Reshef med de &#8217;sju pilarna&#8217;, som han s\u00e4nder mot Israels fiender (s\u00e5 i det hebreiska materialet) eller mot fenicierns fiender (i v\u00e4stsemitiska texter).<\/p><p>I den hebreiska Habackuks bok (Hab 3,5) framtr\u00e4der Reshef som Jahves f\u00f6ljeslagare, som g\u00e5r framf\u00f6r den gudomliga krigaren: &#8217;Framf\u00f6r honom g\u00e5r pesten, och Resef f\u00f6ljer i hans sp\u00e5r.&#8217; Denna dubbla framtr\u00e4dande \u00e4r religionshistoriskt upplysande och visar hur Reshef-f\u00f6rest\u00e4llningarna levde vidare i den hebreiska poetiska traditionen.<\/p><p>I Aqhat-epos och i Keret-epos \u00e5kallas Reshef ibland, utan att han upptr\u00e4der som handlande figur. Maciej M\u00fcnnich har i <em>The God Resheph<\/em> (2013) g\u00e5tt igenom och kommenterat hela textmaterialet; Reshefs bristf\u00e4lliga mytologi \u00e4r ett faktum, inte en brist i <span class=\"iwg-fachbegriff\" data-tooltip=\"Vidaref\u00f6randet av kunskap och ber\u00e4ttelser genom generationer.\" tabindex=\"0\">\u00f6verl\u00e4mningen<\/span>.<\/p><p>I Habackuks teofani-vision (Hab 3,3, 6) framtr\u00e4der Reshef i en gripande konstellation: framf\u00f6r Jahve g\u00e5r &#8217;pest&#8217; (Deber) och &#8217;Reshef&#8217; som kosmiska f\u00f6rtrupper.<\/p><p>Detta sena hebreiska bel\u00e4gg \u00e4r historiskt h\u00f6gst upplysande, eftersom det dokumenterar hur Reshef-f\u00f6rest\u00e4llningarna levde vidare i den monoteistiska <span class=\"iwg-fachbegriff\" data-tooltip=\"Den vetenskapliga l\u00e4ran om Gud och om en religions tro.\" tabindex=\"0\">teologin<\/span>; av den sj\u00e4lvst\u00e4ndige guden blir h\u00e4r ett &#8217;gudomligt s\u00e4ndebud&#8217; eller en personifikation av Jahves bestraffningsmedel.<\/p>\t\t\t\t\t\t\t\t<\/div>\n\t\t\t\t<\/div>\n\t\t\t\t\t<\/div>\n\t\t\t\t<\/div>\n\t\t<div class=\"elementor-element elementor-element-iwgw-reshef-s4 e-flex e-con-boxed e-con e-parent\" data-id=\"iwgw-reshef-s4\" data-element_type=\"container\" data-e-type=\"container\">\n\t\t\t\t\t<div class=\"e-con-inner\">\n\t\t\t\t<div class=\"elementor-element elementor-element-iwgw-reshef-s4h elementor-widget elementor-widget-heading\" data-id=\"iwgw-reshef-s4h\" data-element_type=\"widget\" data-e-type=\"widget\" data-widget_type=\"heading.default\">\n\t\t\t\t\t<h2 class=\"elementor-heading-title elementor-size-default\">Kult och v\u00f6rdnad<\/h2>\t\t\t\t<\/div>\n\t\t<div class=\"elementor-element elementor-element-iwgw-reshef-s4c e-con-full e-flex e-con e-child\" data-id=\"iwgw-reshef-s4c\" data-element_type=\"container\" data-e-type=\"container\">\n\t\t\t\t<div class=\"elementor-element elementor-element-iwgw-reshef-s4t elementor-widget elementor-widget-text-editor\" data-id=\"iwgw-reshef-s4t\" data-element_type=\"widget\" data-e-type=\"widget\" data-widget_type=\"text-editor.default\">\n\t\t\t\t\t\t\t\t\t<p>Reshefs viktigaste kultplatser i Fenicien var Byblos, Tyros, Sidon, Beirut, Idalion p\u00e5 Cypern och Sarepta. I det faraoniska Egypten dyrkades han i Memfis och Tanis; en egen &#8217;Reshef-stad&#8217; (dagens Tell Reshef i Fenicien?) omn\u00e4mns i vissa texter, men \u00e4r arkeologiskt inte entydigt identifierad.<\/p><p>Den viktigaste k\u00e4llbasen \u00e4r stelar och votivinskriptioner; i Karthago, Motya och Sulcis framtr\u00e4der Reshef regelbundet som mottagare av votivg\u00e5vor, ofta tillsammans med <a href=\"https:\/\/iwell-guard.com\/sv\/baal-hammon-kartagisk-hogsta-gud\/\">Baal-Hammon<\/a>, <a href=\"https:\/\/iwell-guard.com\/sv\/tanit-karthagos-hogsta-gudinna\/\">Tanit<\/a> eller <a href=\"https:\/\/iwell-guard.com\/sv\/eshmun-helandets-gud-i-sidon\/\">Eshmun<\/a>. Charles Krahmalkov har i <em>A Phoenician-Punic Grammar<\/em> (2001) och Wolfgang R\u00f6llig i <em>Kanaan\u00e4ischen und aram\u00e4ischen Inschriften<\/em> samlat de viktigaste epigrafiska bel\u00e4ggen.<\/p><p>I det faraoniska Egypten h\u00f6rde Reshef till kategorin &#8217;asiatiska gudar&#8217;, som aktivt fr\u00e4mjades under Nya riket.<\/p><p>Farao Amenhotep II och hans eftertr\u00e4dare v\u00f6rdade honom som b\u00e5g- och krigsgud; Reshef-stelar f\u00f6rekommer \u00e4ven i den kungliga sf\u00e4ren, till exempel i de tebanska kungagravarna. Faraonerna identifierade sig med Reshef som krigargestalt och drog hans skyddskraft till sin kungliga person.<\/p><p>I det faraoniska Egypten dyrkades Reshef \u00e4ven av privatpersoner; en ber\u00f6md <span class=\"iwg-fachbegriff\" data-tooltip=\"En uppr\u00e4ttst\u00e5ende, inskriven eller bebildad sten- eller tr\u00e4platta.\" tabindex=\"0\">stele<\/span> fr\u00e5n Tanis visar en privatperson vid namn &#8217;Pa-Aper-Reshef&#8217;, som riktar en b\u00f6n om l\u00e4kning fr\u00e5n en \u00f6gonsjukdom till guden. Denna folkliga fromhet \u00e4r ett viktigt tecken p\u00e5 kultens spridning bland vanligt folk i det egyptiska Nya riket.<\/p>\t\t\t\t\t\t\t\t<\/div>\n\t\t\t\t<\/div>\n\t\t\t\t\t<\/div>\n\t\t\t\t<\/div>\n\t\t<div class=\"elementor-element elementor-element-iwgw-reshef-s5 e-flex e-con-boxed e-con e-parent\" data-id=\"iwgw-reshef-s5\" data-element_type=\"container\" data-e-type=\"container\">\n\t\t\t\t\t<div class=\"e-con-inner\">\n\t\t\t\t<div class=\"elementor-element elementor-element-iwgw-reshef-s5h elementor-widget elementor-widget-heading\" data-id=\"iwgw-reshef-s5h\" data-element_type=\"widget\" data-e-type=\"widget\" data-widget_type=\"heading.default\">\n\t\t\t\t\t<h2 class=\"elementor-heading-title elementor-size-default\">Skyddspraxis och apotrop\u00e4iskt<\/h2>\t\t\t\t<\/div>\n\t\t<div class=\"elementor-element elementor-element-iwgw-reshef-s5c e-con-full e-flex e-con e-child\" data-id=\"iwgw-reshef-s5c\" data-element_type=\"container\" data-e-type=\"container\">\n\t\t\t\t<div class=\"elementor-element elementor-element-iwgw-reshef-s5t elementor-widget elementor-widget-text-editor\" data-id=\"iwgw-reshef-s5t\" data-element_type=\"widget\" data-e-type=\"widget\" data-widget_type=\"text-editor.default\">\n\t\t\t\t\t\t\t\t\t<p>Reshefs skyddsfunktion var dubbelriktad: skydd mot sjukdomar (framf\u00f6r allt farsoter, feber, pest) och skydd i krig. I tider av pest \u00e5kallades han f\u00f6r att stoppa farsoten; i krigstider f\u00f6r seger \u00f6ver fienderna. Denna ambivalenta funktion g\u00f6r honom till den prototypiska apotrop\u00e4iska guden.<\/p><p><span class=\"iwg-fachbegriff\" data-tooltip=\"Ont avv\u00e4rjande: om tecken och f\u00f6rem\u00e5l som ska h\u00e5lla skadliga influenser borta.\" tabindex=\"0\">Apotrop\u00e4iska<\/span> Reshef-statyetter och amuletter st\u00e4lldes upp i hus; sm\u00e5 bronsfigurer av en framskridande krigare med h\u00f6jd stridsyxa har hittats p\u00e5 m\u00e5nga feniciska platser. Skarab\u00e9er med Reshef-b\u00e5gmotiv bars som personliga skyddsamuletter. I Ugarit var Reshef-pilar spridda som &#8217;pilamuletter&#8217;.<\/p><p data-nosnippet=\"true\">I feniciska personnamn \u00e4r Reshef-teofora namn vanliga: Bod-Reshef, Reshef-Bar, Reshef-Jaton (&#8217;Reshef har givit&#8217;). Denna frekvens visar den intensiva folkliga fromheten. Ur ett vetenskapligt perspektiv \u00e4r Reshefs ambivalenta skyddsfunktion ett exempel p\u00e5 den forntida orientaliska uppfattningen att den f\u00f6rst\u00f6rande och den skyddande kraften kan f\u00f6renas i en och samma hand. iWell Guard listar Reshef som en historisk-religionshistorisk figur utan aktuella h\u00e4lsol\u00f6ften.<\/p><p>Reshefs b\u00e5gamuletter var bland de mest spridda feniciska-egyptiska skyddsobjekten. De deponerades i gravg\u00e5vor, i bost\u00e4der och i tempel. Formen \u00e4r oftast en sp\u00e4nd b\u00e5ge eller en b\u00e5ge med pil; n\u00e5gra \u00e4r m\u00e4rkta med Reshefs namn eller med feniciska skyddsformler.<\/p>\t\t\t\t\t\t\t\t<\/div>\n\t\t\t\t<\/div>\n\t\t\t\t\t<\/div>\n\t\t\t\t<\/div>\n\t\t<div class=\"elementor-element elementor-element-iwgw-reshef-s6 e-flex e-con-boxed e-con e-parent\" data-id=\"iwgw-reshef-s6\" data-element_type=\"container\" data-e-type=\"container\">\n\t\t\t\t\t<div class=\"e-con-inner\">\n\t\t\t\t<div class=\"elementor-element elementor-element-iwgw-reshef-s6h elementor-widget elementor-widget-heading\" data-id=\"iwgw-reshef-s6h\" data-element_type=\"widget\" data-e-type=\"widget\" data-widget_type=\"heading.default\">\n\t\t\t\t\t<h2 class=\"elementor-heading-title elementor-size-default\">Paralleller i andra kulturer<\/h2>\t\t\t\t<\/div>\n\t\t<div class=\"elementor-element elementor-element-iwgw-reshef-s6c e-con-full e-flex e-con e-child\" data-id=\"iwgw-reshef-s6c\" data-element_type=\"container\" data-e-type=\"container\">\n\t\t\t\t<div class=\"elementor-element elementor-element-iwgw-reshef-s6t elementor-widget elementor-widget-text-editor\" data-id=\"iwgw-reshef-s6t\" data-element_type=\"widget\" data-e-type=\"widget\" data-widget_type=\"text-editor.default\">\n\t\t\t\t\t\t\t\t\t<p>Reshef \u00e4r historiskt n\u00e4ra besl\u00e4ktad med Nergal och Erra i Mesopotamien, b\u00e5da gudar f\u00f6r pest och krig. Med Erra delar han pil-pest-<span class=\"iwg-fachbegriff\" data-tooltip=\"Ett \u00e5terkommande inneh\u00e5llsm\u00e4ssigt element i konst eller ber\u00e4ttelse.\" tabindex=\"0\">motivet<\/span>; med Nergal underjordskomponenten i vissa senare texter.<\/p><p>\u00c4ven den hettitiska Yarri, en b\u00e5gpestgud, \u00e4r funktionellt n\u00e4ra besl\u00e4ktad med honom; Volkert Haas har i <em>Materia Magica et Medica Hethitica<\/em> (2003) behandlat den <a href=\"https:\/\/iwell-guard.com\/sv\/hettitiskt-anatoliskt-tarhunna-tusen-gudar-skyddspraxis\/\">hettitiska<\/a> pestgudstraditionen.<\/p><p>Med den grekiske Apollon delar Reshef b\u00e5g- och pestkomponenten; i Iliaden skjuter Apollon pestpilar mot den akaiska h\u00e4ren, en direkt parallell till Reshef-ikonografin. Walter Burkert har i <em>Die orientalisierende Epoche<\/em> (1984) pekat p\u00e5 den troliga f\u00f6rmedlingen av pestpilsmotivet fr\u00e5n det v\u00e4stsemitiska omr\u00e5det till den grekiska Apollontraditionen.<\/p><p>I det hebreiska materialet \u00e4r Reshef fortfarande n\u00e4rvarande som &#8217;re\u0161ef&#8217; f\u00f6r pil och pest; i Hab 3,5 framtr\u00e4der han till och med som gudomlig f\u00f6ljeslagare. Denna best\u00e4ndiga n\u00e4rvaro av Reshef-f\u00f6rest\u00e4llningar \u00e4r religionshistoriskt anm\u00e4rkningsv\u00e4rd. I den senare judiska och kristna traditionen reduceras han sedan till &#8217;Guds pil&#8217; eller &#8217;pl\u00e5ga&#8217;, utan egen gudomlighet.<\/p><p>\u00c4ven p\u00e5 det cypriotiska Idalion dyrkades Reshef framtr\u00e4dande; en bilingual <span class=\"iwg-fachbegriff\" data-tooltip=\"En text inristad eller huggen i ett fast underlag.\" tabindex=\"0\">inskription<\/span> fr\u00e5n Idalion (5. \u00e5rhundradet f.Kr., fenicisk-grekisk) identifierar Reshef-Mikal med den grekiske Apollon Amyklaios. Denna identifiering \u00e4r historiskt h\u00f6gst upplysande.<\/p>\t\t\t\t\t\t\t\t<\/div>\n\t\t\t\t<\/div>\n\t\t\t\t\t<\/div>\n\t\t\t\t<\/div>\n\t\t<div class=\"elementor-element elementor-element-iwgw-reshef-s7 e-flex e-con-boxed e-con e-parent\" data-id=\"iwgw-reshef-s7\" data-element_type=\"container\" data-e-type=\"container\">\n\t\t\t\t\t<div class=\"e-con-inner\">\n\t\t\t\t<div class=\"elementor-element elementor-element-iwgw-reshef-s7h elementor-widget elementor-widget-heading\" data-id=\"iwgw-reshef-s7h\" data-element_type=\"widget\" data-e-type=\"widget\" data-widget_type=\"heading.default\">\n\t\t\t\t\t<h2 class=\"elementor-heading-title elementor-size-default\">Nutida mottagande och forskning<\/h2>\t\t\t\t<\/div>\n\t\t<div class=\"elementor-element elementor-element-iwgw-reshef-s7c e-con-full e-flex e-con e-child\" data-id=\"iwgw-reshef-s7c\" data-element_type=\"container\" data-e-type=\"container\">\n\t\t\t\t<div class=\"elementor-element elementor-element-iwgw-reshef-s7t elementor-widget elementor-widget-text-editor\" data-id=\"iwgw-reshef-s7t\" data-element_type=\"widget\" data-e-type=\"widget\" data-widget_type=\"text-editor.default\">\n\t\t\t\t\t\t\t\t\t<p>Reshef-forskningen befinner sig idag p\u00e5 h\u00f6g niv\u00e5. Maciej M\u00fcnnichs monografi <em>The God Resheph<\/em> (2013) \u00e4r standardreferens; Izak Cornelius ikonografiska studie (1994) erbjuder den egyptiska bildhistorien; Paolo Xella har utgivit de rituella texterna fr\u00e5n Ugarit. Sabatino Moscati och H\u00e9l\u00e8ne Sader har l\u00e4mnat viktiga bidrag till den feniciska Reshef-dyrkan.<\/p><p>I den popul\u00e4ra receptionen \u00e4r Reshef fr\u00e4mst k\u00e4nd genom sin egyptiska dyrkan och genom de hebreisk-bibliska anspelningarna. En andlig \u00e5terupplivning i nyhednisk mening saknas; den ambivalenta pest- och krigsguden \u00e4r f\u00f6r fr\u00e4mmande och teologiskt problematisk f\u00f6r moderna former av fromhet.<\/p><p>Vetenskapligt g\u00e4ller Reshef idag som ett centralt studieobjekt f\u00f6r den forntida orientaliska pest- och krigsteologin. Aktuella forskningsfokus ligger p\u00e5 differentieringen av lokala Reshef-hypostaser, p\u00e5 den egyptiska Reshef-Min-Qadeshet-triaden och p\u00e5 fr\u00e5gan om f\u00f6rmedlingsv\u00e4garna till den grekiska Apollontraditionen. iWell Guard registrerar Reshef som ett religionshistoriskt exempel utan praktisk skyddsrelevans.<\/p><p>Aktuell forskning av Maciej M\u00fcnnich och H\u00e9l\u00e8ne Sader s\u00e4tter Reshef i ett vidgat historiskt sammanhang: som representant f\u00f6r en gammalsyrisk-v\u00e4stsemitisk gudafamilj, vars best\u00e4ndighet fr\u00e5n 3. \u00e5rtusendet f.Kr. fram till <span class=\"iwg-fachbegriff\" data-tooltip=\"F\u00f6rhistorisk epok efter brons\u00e5ldern, pr\u00e4glad av j\u00e4rnbearbetning.\" tabindex=\"0\">j\u00e4rn\u00e5ldern<\/span> utg\u00f6r ett anm\u00e4rkningsv\u00e4rt religionshistoriskt fenomen.<\/p>\t\t\t\t\t\t\t\t<\/div>\n\t\t\t\t<\/div>\n\t\t\t\t\t<\/div>\n\t\t\t\t<\/div>\n\t\t<div class=\"elementor-element elementor-element-iwgw-reshef-s8 e-flex e-con-boxed e-con e-parent\" data-id=\"iwgw-reshef-s8\" data-element_type=\"container\" data-e-type=\"container\">\n\t\t\t\t\t<div class=\"e-con-inner\">\n\t\t\t\t<div class=\"elementor-element elementor-element-iwgw-reshef-s8h elementor-widget elementor-widget-heading\" data-id=\"iwgw-reshef-s8h\" data-element_type=\"widget\" data-e-type=\"widget\" data-widget_type=\"heading.default\">\n\t\t\t\t\t<h2 class=\"elementor-heading-title elementor-size-default\">Litteratur och k\u00e4llor<\/h2>\t\t\t\t<\/div>\n\t\t<div class=\"elementor-element elementor-element-iwgw-reshef-s8c e-con-full e-flex e-con e-child\" data-id=\"iwgw-reshef-s8c\" data-element_type=\"container\" data-e-type=\"container\">\n\t\t\t\t<div class=\"elementor-element elementor-element-iwgw-reshef-s8t elementor-widget elementor-widget-text-editor\" data-id=\"iwgw-reshef-s8t\" data-element_type=\"widget\" data-e-type=\"widget\" data-widget_type=\"text-editor.default\">\n\t\t\t\t\t\t\t\t\t<p>F\u00f6ljande urval samlar de viktigaste standardverken inom Reshef-forskningen. Det omfattar monografier, ikonografiska studier, textutg\u00e5vor och historiska synteser. M\u00fcnnichs monografi \u00e4r den mest utf\u00f6rliga moderna studien; Cornelius erbjuder det ikonografiska perspektivet; Xella den ritualistiska textbasen; Moscati den kulturhistoriska ramen.<\/p>\t\t\t\t\t\t\t\t<\/div>\n\t\t\t\t<\/div>\n\t\t\t\t\t<\/div>\n\t\t\t\t<\/div>\n\t\t<div class=\"elementor-element elementor-element-cp21744d88 e-flex e-con-boxed e-con e-parent\" data-id=\"cp21744d88\" data-element_type=\"container\" data-e-type=\"container\">\n\t\t\t\t\t<div class=\"e-con-inner\">\n\t\t\t\t<div class=\"elementor-element elementor-element-cp2be1cbf0 elementor-widget elementor-widget-heading\" data-id=\"cp2be1cbf0\" data-element_type=\"widget\" data-e-type=\"widget\" data-widget_type=\"heading.default\">\n\t\t\t\t\t<h2 class=\"elementor-heading-title elementor-size-default\">Reschef i den egyptiska traditionen under Nya riket<\/h2>\t\t\t\t<\/div>\n\t\t<div class=\"elementor-element elementor-element-cp2c20c806 e-flex e-con-boxed e-con e-child\" data-id=\"cp2c20c806\" data-element_type=\"container\" data-e-type=\"container\">\n\t\t\t\t\t<div class=\"e-con-inner\">\n\t\t\t\t<div class=\"elementor-element elementor-element-cp2f07db72 elementor-widget elementor-widget-text-editor\" data-id=\"cp2f07db72\" data-element_type=\"widget\" data-e-type=\"widget\" data-widget_type=\"text-editor.default\">\n\t\t\t\t\t\t\t\t\t<p>Ett k\u00e4nnetecken f\u00f6r <em>Reschef<\/em> \u00e4r att han f\u00f6rekommer i tv\u00e5 separata k\u00e4llkroppar: i de v\u00e4stsemitiska texterna fr\u00e5n sitt ursprungsomr\u00e5de och, mycket utf\u00f6rligt, i egyptiska monument fr\u00e5n Nya riket.<\/p><p>Senast under den 18:e dynastin togs Reschef upp i Egypten, troligen genom den n\u00e4ra milit\u00e4ra och politiska sammanfl\u00e4tningen med Levanten. Faraoner under ramessidtiden l\u00e4t g\u00e4rna avbilda sig i n\u00e4rheten av Reschef, eftersom han ans\u00e5gs vara en krigisk, kraftfull gud.<\/p><p>P\u00e5 egyptiska stelar, ofta stiftade av privatpersoner, framtr\u00e4der Reschef med en fast ikonografi: en skridande gud med upplyft arm som svingar en klubba eller yxa, ofta med en sk\u00f6ld och ett spjut, p\u00e5 huvudet den \u00f6vre egyptiska kronan, d\u00e4r det vid pannan i st\u00e4llet f\u00f6r uraeus-ormen ofta sitter ett gasellhuvud.<\/p><p>Detta gasellhuvud anses vara ett av de mest tillf\u00f6rlitliga k\u00e4nnetecknen.<\/p><p>I Egypten f\u00f6r\u00e4ndrades hans funktion. Fr\u00e5n guden som f\u00f6r med sig sjukdom och pl\u00f6tslig d\u00f6d blev han ocks\u00e5 en gud som man v\u00e4nde sig till f\u00f6r skydd och l\u00e4kning. Detta skedde delvis i en grupp tillsammans med gudinnan Qadeschu och guden Min. Detta egyptiska skikt \u00e4r k\u00e4llrikare \u00e4n en del levantinsk \u00f6verlevering, men det visar redan Reschef i en fr\u00e4mmande milj\u00f6.<\/p><p>Den som s\u00f6ker den &#8221;ursprungliga&#8221; Reschef m\u00e5ste l\u00e4sa de egyptiska bel\u00e4gen som en till\u00e4gnelse, inte som en of\u00f6rvanskad spegel.<\/p>\t\t\t\t\t\t\t\t<\/div>\n\t\t\t\t\t<\/div>\n\t\t\t\t<\/div>\n\t\t\t\t\t<\/div>\n\t\t\t\t<\/div>\n\t\t<div class=\"elementor-element elementor-element-cp2858e9e2 e-flex e-con-boxed e-con e-parent\" data-id=\"cp2858e9e2\" data-element_type=\"container\" data-e-type=\"container\">\n\t\t\t\t\t<div class=\"e-con-inner\">\n\t\t\t\t<div class=\"elementor-element elementor-element-cp2c2fb1d4 elementor-widget elementor-widget-heading\" data-id=\"cp2c2fb1d4\" data-element_type=\"widget\" data-e-type=\"widget\" data-widget_type=\"heading.default\">\n\t\t\t\t\t<h2 class=\"elementor-heading-title elementor-size-default\">Pil och pest: Reschef som herre \u00f6ver farsoten<\/h2>\t\t\t\t<\/div>\n\t\t<div class=\"elementor-element elementor-element-cp2d0acbb6 e-flex e-con-boxed e-con e-child\" data-id=\"cp2d0acbb6\" data-element_type=\"container\" data-e-type=\"container\">\n\t\t\t\t\t<div class=\"e-con-inner\">\n\t\t\t\t<div class=\"elementor-element elementor-element-cp28af87e0 elementor-widget elementor-widget-text-editor\" data-id=\"cp28af87e0\" data-element_type=\"widget\" data-e-type=\"widget\" data-widget_type=\"text-editor.default\">\n\t\t\t\t\t\t\t\t\t<p>K\u00e4rnan i f\u00f6rest\u00e4llningen om Reshef i de v\u00e4stsemitiska k\u00e4llorna \u00e4r kopplingen mellan pilb\u00e5ge, pil och farsot. Reshef f\u00f6r med sig sjukdom och massd\u00f6d, t\u00e4nkt som pilar han skjuter mot m\u00e4nniskor och boskap.<\/p><p>Denna f\u00f6rest\u00e4llning g\u00e5r att bel\u00e4gga i flera kulturer: I ugaritiska texter f\u00f6rekommer <em>Rashap<\/em> i gudalistor och rituella texter, medan han i mesopotamiska k\u00e4llor f\u00f6rbinds med pest- och underjordsguden Nergal.<\/p><p>S\u00e4rskilt belysande \u00e4r den hebreiska bibeln. D\u00e4r \u00e4r <em>reshef<\/em> inte l\u00e4ngre en dyrkad gud, utan ett artord respektive en avgudad kraft. I Habackuk 3:5 drar Gud ut i strid, och <em>Reshef<\/em> f\u00f6ljer honom liksom en f\u00f6ljeslagare, tillsammans med pesten.<\/p><p>P\u00e5 andra st\u00e4llen betyder ordet &#8221;gl\u00f6d&#8221;, &#8221;gnista&#8221; eller just den ryckande pestsjukdomen. Denna bibliska efterhistoria \u00e4r ett klassiskt exempel p\u00e5 hur en grannreligions gud av f\u00f6rfattarna till de hebreiska texterna nedgraderas till en ren naturkraft eller en poetisk bild.<\/p><p>Pilsymboliken f\u00f6rbinder Reshef med en vidstr\u00e4ckt grupp av farsotsgudomar, till exempel den fj\u00e4rrskjutande Apollon i den tidiga grekiska diktningen, som i inledningen av Iliaden s\u00e4nder pesten till grekernas l\u00e4ger. Denna parallell n\u00e4mns ofta i forskningen, men b\u00f6r f\u00f6rst\u00e5s som en typologisk likhet, inte som ett direkt beroende. Standardmonografin om Reshef \u00e4r skriven av William J. Fulco; viktiga till\u00e4gg har levererats av arbeten av Paolo Xella och Maciej M\u00fcnnich, vars omfattande studie kritiskt g\u00e5r igenom bel\u00e4gget.\t\t\t\t\t\t\t\t<\/div>\n\t\t\t\t\t<\/div>\n\t\t\t\t<\/div>\n\t\t\t\t\t<\/div>\n\t\t\t\t<\/div>\n\t\t<div class=\"elementor-element elementor-element-iwgw-reshef-lit e-flex e-con-boxed e-con e-parent\" data-id=\"iwgw-reshef-lit\" data-element_type=\"container\" data-e-type=\"container\">\n\t\t\t\t\t<div class=\"e-con-inner\">\n\t\t\t\t<div class=\"elementor-element elementor-element-iwgw-reshef-lith elementor-widget elementor-widget-heading\" data-id=\"iwgw-reshef-lith\" data-element_type=\"widget\" data-e-type=\"widget\" data-widget_type=\"heading.default\">\n\t\t\t\t\t<h2 class=\"elementor-heading-title elementor-size-default\">Litteratur (urval)<\/h2>\t\t\t\t<\/div>\n\t\t<div class=\"elementor-element elementor-element-iwgw-reshef-litc e-con-full e-flex e-con e-child\" data-id=\"iwgw-reshef-litc\" data-element_type=\"container\" data-e-type=\"container\">\n\t\t\t\t<div class=\"elementor-element elementor-element-iwgw-reshef-litt elementor-widget elementor-widget-text-editor\" data-id=\"iwgw-reshef-litt\" data-element_type=\"widget\" data-e-type=\"widget\" data-widget_type=\"text-editor.default\">\n\t\t\t\t\t\t\t\t\t<div data-nosnippet=\"true\"><ul><li>Maciej M\u00fcnnich: <em>The God Resheph in the Ancient Near East<\/em> (T\u00fcbingen 2013)<\/li><li>Izak Cornelius: <em>The Iconography of the Canaanite Gods Reshef and Ba\u02bfal<\/em> (Fribourg 1994)<\/li><li>Paolo Xella: <em>I testi rituali di Ugarit<\/em> (Rom 1981)<\/li><li>Sabatino Moscati: <em>Die Ph\u00f6niker<\/em> (Stuttgart 1966)<\/li><li>H\u00e9l\u00e8ne Sader: <em>The History and Archaeology of Phoenicia<\/em> (Atlanta 2019)<\/li><li>Wolfgang R\u00f6llig: <em>Kanaan\u00e4ische und aram\u00e4ische Inschriften<\/em> (Wiesbaden, med Donner)<\/li><\/ul><\/div>\t\t\t\t\t\t\t\t<\/div>\n\t\t\t\t<\/div>\n\t\t\t\t\t<\/div>\n\t\t\t\t<\/div>\n\t\t<div class=\"elementor-element elementor-element-iwgkw-add-reshef e-flex e-con-boxed e-con e-parent\" data-id=\"iwgkw-add-reshef\" data-element_type=\"container\" data-e-type=\"container\">\n\t\t\t\t\t<div class=\"e-con-inner\">\n\t\t\t\t<div class=\"elementor-element elementor-element-iwgkw-add-reshef-t elementor-widget elementor-widget-text-editor\" data-id=\"iwgkw-add-reshef-t\" data-element_type=\"widget\" data-e-type=\"widget\" data-widget_type=\"text-editor.default\">\n\t\t\t\t\t\t\t\t\t<p>Kulten kring <em><span class=\"iwg-fachbegriff\" data-tooltip=\"Summan av religi\u00f6sa v\u00f6rdnadshandlingar f\u00f6r en gudom eller helig gestalt.\" tabindex=\"0\">Reshef<\/span><\/em> \u00e4r belagd sedan det tredje f\u00f6rkristna \u00e5rtusendet i Ebla och senare i Ugarit, Byblos och p\u00e5 Cypern. Som pest- och krigsgud avbildades han med pilb\u00e5ge och sk\u00f6ld, ans\u00e5gs sprida sjukdomar men g\u00e4llde ocks\u00e5 som skyddsherre f\u00f6r krigare. I Egypten togs Reshef upp i den officiella <span class=\"iwg-fachbegriff\" data-tooltip=\"Summan av gudarna inom en religion eller kultur.\" tabindex=\"0\">panteon<\/span> under Amenhotep II.<\/p>\t\t\t\t\t\t\t\t<\/div>\n\t\t\t\t\t<\/div>\n\t\t\t\t<\/div>\n\t\t<div class=\"elementor-element elementor-element-iwgkw2-add-reshef e-flex e-con-boxed e-con e-parent\" data-id=\"iwgkw2-add-reshef\" data-element_type=\"container\" data-e-type=\"container\">\n\t\t\t\t\t<div class=\"e-con-inner\">\n\t\t\t\t<div class=\"elementor-element elementor-element-iwgkw2-add-reshef-t elementor-widget elementor-widget-text-editor\" data-id=\"iwgkw2-add-reshef-t\" data-element_type=\"widget\" data-e-type=\"widget\" data-widget_type=\"text-editor.default\">\n\t\t\t\t\t\t\t\t\t<p>I k\u00e4llorna fr\u00e5n Ugarit och Kartago betraktas Reshef som en <em>kanaaneisk<\/em> och <em>fenicisk<\/em> gud f\u00f6r pest och pilb\u00e5ge, vars <span class=\"iwg-fachbegriff\" data-tooltip=\"Summan av religi\u00f6sa v\u00f6rdnadshandlingar f\u00f6r en gudom eller helig gestalt.\" tabindex=\"0\">kult<\/span> spred sig l\u00e4ngs Levantens kust och via Cypern \u00e4nda till Egypten.<\/p>\t\t\t\t\t\t\t\t<\/div>\n\t\t\t\t\t<\/div>\n\t\t\t\t<\/div>\n\t\t<div class=\"elementor-element elementor-element-iwgw-reshef-kwd e-flex e-con-boxed e-con e-parent\" data-id=\"iwgw-reshef-kwd\" data-element_type=\"container\" data-e-type=\"container\">\n\t\t\t\t\t<div class=\"e-con-inner\">\n\t\t<div class=\"elementor-element elementor-element-iwgw-reshef-kwdc e-con-full e-flex e-con e-child\" data-id=\"iwgw-reshef-kwdc\" data-element_type=\"container\" data-e-type=\"container\">\n\t\t\t\t<div class=\"elementor-element elementor-element-iwgw-reshef-kwdt elementor-widget elementor-widget-text-editor\" data-id=\"iwgw-reshef-kwdt\" data-element_type=\"widget\" data-e-type=\"widget\" data-widget_type=\"text-editor.default\">\n\t\t\t\t\t\t\t\t\t<p><em>Relaterade nyckelbegrepp: Reshef fenicier pestgud b\u00e5ggud krig gasell Apollon Yarri.<\/em><\/p>\t\t\t\t\t\t\t\t<\/div>\n\t\t\t\t<\/div>\n\t\t\t\t\t<\/div>\n\t\t\t\t<\/div>\n\t\t<div class=\"elementor-element elementor-element-iwgw-reshef-cc e-flex e-con-boxed e-con e-parent\" data-id=\"iwgw-reshef-cc\" data-element_type=\"container\" data-e-type=\"container\" id=\"iwg-cc-reshef\">\n\t\t\t\t\t<div class=\"e-con-inner\">\n\t\t<div class=\"elementor-element elementor-element-iwgw-reshef-ccinner e-flex e-con-boxed e-con e-parent\" data-id=\"iwgw-reshef-ccinner\" data-element_type=\"container\" data-e-type=\"container\" data-settings=\"{&quot;background_background&quot;:&quot;classic&quot;}\">\n\t\t\t\t\t<div class=\"e-con-inner\">\n\t\t\t\t<div class=\"elementor-element elementor-element-iwgw-reshef-cch elementor-widget elementor-widget-heading\" data-id=\"iwgw-reshef-cch\" data-element_type=\"widget\" data-e-type=\"widget\" data-widget_type=\"heading.default\">\n\t\t\t\t\t<h2 class=\"elementor-heading-title elementor-size-default\">iWell Guard och skyddstraditioner<\/h2>\t\t\t\t<\/div>\n\t\t\t\t<div class=\"elementor-element elementor-element-iwgw-reshef-cct elementor-widget elementor-widget-text-editor\" data-id=\"iwgw-reshef-cct\" data-element_type=\"widget\" data-e-type=\"widget\" data-widget_type=\"text-editor.default\">\n\t\t\t\t\t\t\t\t\t<div data-nosnippet=\"true\"><p>iWell Guard ansluter till den kulturhistoriska traditionen av b\u00e4rbara skyddsobjekt, i traditionen av <a href=\"https:\/\/iwell-guard.com\/sv\/fenicier-och-karthago-baal-tanit-skyddstradition\/\">Feniciskt<\/a> och m\u00e5nga andra kulturer v\u00e4rlden \u00f6ver. 41 niv\u00e5er, \u00e4kta guld, platina, silver, tillverkad i Tyskland. 30 dagars \u00e5ngerr\u00e4tt.<\/p><\/div>\t\t\t\t\t\t\t\t<\/div>\n\t\t\t\t<div class=\"elementor-element elementor-element-iwgw-reshef-ccb iwg-cc-button iwg-cc-cta-2026-05-13 elementor-widget elementor-widget-jet-button\" data-id=\"iwgw-reshef-ccb\" data-element_type=\"widget\" data-e-type=\"widget\" data-widget_type=\"jet-button.default\">\n\t\t\t\t<div class=\"elementor-widget-container\">\n\t\t\t\t\t<div class=\"elementor-jet-button jet-elements\"><div class=\"jet-button__container\"><a class=\"jet-button__instance jet-button__instance--icon-left hover-effect-1\" href=\"\/ueber-iwell-guard\/?utm_source=iwell-guard.com&amp;utm_medium=info-box&amp;utm_campaign=wesen-tradition\"><div class=\"jet-button__plane jet-button__plane-normal\"><\/div><div class=\"jet-button__plane jet-button__plane-hover\"><\/div><div class=\"jet-button__state jet-button__state-normal\"><span class=\"jet-button__label\">Mer om iWell Guard<\/span><\/div><div class=\"jet-button__state jet-button__state-hover\"><span class=\"jet-button__label\">Mer om iWell Guard<\/span><\/div><\/a><\/div><\/div><style>.elementor-element.elementor-element-iwgw-reshef-ccb .jet-button__instance{width:320px;height:56px;}.elementor-element.elementor-element-iwgw-reshef-ccb .jet-button__state-normal .jet-button__label{text-align:center;margin:0px 0px 0px 0px;color:#1a1b20;font-family:Montserrat,sans-serif;font-size:13px;font-weight:400;letter-spacing:4px;line-height:1.714em;text-transform:uppercase;}.elementor-element.elementor-element-iwgw-reshef-ccb .jet-button__state-hover .jet-button__label{text-align:center;margin:0px 0px 0px 0px;color:#FECC76;font-family:Montserrat,sans-serif;font-size:13px;font-weight:400;letter-spacing:4px;line-height:1.714em;text-transform:uppercase;}.elementor-element.elementor-element-iwgw-reshef-ccb .jet-button__plane-normal{background-color:#FECC76;border-style:solid;border-color:#C99540;border-width:2px 2px 2px 2px;}.elementor-element.elementor-element-iwgw-reshef-ccb .jet-button__plane-hover{background-color:rgba(0,0,0,0.55);border-style:solid;border-color:#FECC76;border-width:2px 2px 2px 2px;}<\/style>\t\t\t\t<\/div>\n\t\t\t\t<\/div>\n\t\t\t\t<div class=\"elementor-element elementor-element-iwgw-reshef-ccd elementor-widget elementor-widget-text-editor\" data-id=\"iwgw-reshef-ccd\" data-element_type=\"widget\" data-e-type=\"widget\" data-widget_type=\"text-editor.default\">\n\t\t\t\t\t\t\t\t\t<div data-nosnippet=\"true\"><p style=\"text-align:center;font-size:13px;opacity:0.7;margin-top:14px\" data-nosnippet=\"true\">Personliga erfarenheter kan variera. Ingen medicinteknisk produkt. Inget l\u00f6fte om l\u00e4kning.<\/p><\/div>\t\t\t\t\t\t\t\t<\/div>\n\t\t\t\t\t<\/div>\n\t\t\t\t<\/div>\n\t\t\t\t\t<\/div>\n\t\t\t\t<\/div>\n\t\t<div class=\"elementor-element elementor-element-iwgw-reshef-disc e-flex e-con-boxed e-con e-parent\" data-id=\"iwgw-reshef-disc\" data-element_type=\"container\" data-e-type=\"container\">\n\t\t\t\t\t<div class=\"e-con-inner\">\n\t\t\t\t<div class=\"elementor-element elementor-element-iwgw-reshef-discw elementor-widget elementor-widget-html\" data-id=\"iwgw-reshef-discw\" data-element_type=\"widget\" data-e-type=\"widget\" data-widget_type=\"html.default\">\n\t\t\t\t\t<footer data-nosnippet=\"true\" class=\"iwg-disclaimer-block\"><p data-nosnippet=\"true\">iWell Guard \u00e4r <strong>ingen medicinteknisk produkt<\/strong> och ers\u00e4tter inte l\u00e4karv\u00e5rd eller psykoterapeutisk behandling. De religionsvetenskapliga inneh\u00e5llen \u00e4r kulturhistorisk inordning, ingen andlig praxisrekommendation.<\/p><\/footer>\t\t\t\t<\/div>\n\t\t\t\t\t<\/div>\n\t\t\t\t<\/div>\n\t\t\t\t<\/div>\n\t\t","protected":false},"excerpt":{"rendered":"","protected":false},"author":3,"featured_media":2852,"parent":0,"menu_order":0,"comment_status":"closed","ping_status":"closed","template":"elementor_header_footer","meta":{"_yoast_wpseo_focuskw":"Reshef fenicier pestgud b\u00e5gguden","_yoast_wpseo_title":"Reshef \u2013 Fenicisk pestgud, krigsgud, kult","_yoast_wpseo_metadesc":"Reshef \u00e4r den fenicisk-kanaaneiska pest- och krigsguden, b\u00e5gguden och skyddsguden. Religionsvetenskaplig inordning med k\u00e4llor.","_yoast_wpseo_meta-robots-noindex":"","_yoast_wpseo_canonical":"","_angie_page":false,"gefaehrdungsstufe":"4","wesen_kultur":"phoenizisch","wesen_klasse":"goetter","footnotes":""},"categories":[],"class_list":["post-136881","page","type-page","status-publish","has-post-thumbnail","hentry"],"yoast_head":"<!-- This site is optimized with the Yoast SEO Premium plugin v27.7 (Yoast SEO v28.3) - https:\/\/yoast.com\/product\/yoast-seo-premium-wordpress\/ -->\n<title>Reshef \u2013 Fenicisk pestgud, krigsgud, kult<\/title>\n<meta name=\"description\" content=\"Reshef \u00e4r den fenicisk-kanaaneiska pest- och krigsguden, b\u00e5gguden och skyddsguden. Religionsvetenskaplig inordning med k\u00e4llor.\" \/>\n<meta name=\"robots\" content=\"index, follow, max-snippet:-1, max-image-preview:large, max-video-preview:-1\" \/>\n<link rel=\"canonical\" href=\"https:\/\/iwell-guard.com\/sv\/reshef-fenicisk-pest-och-krigsgud\/\" \/>\n<meta property=\"og:locale\" content=\"sv_SE\" \/>\n<meta property=\"og:type\" content=\"article\" \/>\n<meta property=\"og:title\" content=\"Reshef \u2013 Fenicisk pest- och krigsgud\" \/>\n<meta property=\"og:description\" content=\"Reshef \u00e4r den fenicisk-kanaaneiska pest- och krigsguden, b\u00e5gguden och skyddsguden. Religionsvetenskaplig inordning med k\u00e4llor.\" \/>\n<meta property=\"og:url\" content=\"https:\/\/iwell-guard.com\/sv\/reshef-fenicisk-pest-och-krigsgud\/\" \/>\n<meta property=\"og:site_name\" content=\"iWell Guard\" \/>\n<meta property=\"article:modified_time\" content=\"2026-09-03T01:14:42+00:00\" \/>\n<meta property=\"og:image\" content=\"https:\/\/iwell-guard.com\/wp-content\/uploads\/2026\/05\/goetter_phoenizisch_reshef.webp\" \/>\n\t<meta property=\"og:image:width\" content=\"1024\" \/>\n\t<meta property=\"og:image:height\" content=\"1536\" \/>\n\t<meta property=\"og:image:type\" content=\"image\/webp\" \/>\n<meta name=\"twitter:card\" content=\"summary_large_image\" \/>\n<script type=\"application\/ld+json\" class=\"yoast-schema-graph\">{\"@context\":\"https:\\\/\\\/schema.org\",\"@graph\":[{\"@type\":\"WebPage\",\"@id\":\"https:\\\/\\\/iwell-guard.com\\\/sv\\\/reshef-fenicisk-pest-och-krigsgud\\\/\",\"url\":\"https:\\\/\\\/iwell-guard.com\\\/sv\\\/reshef-fenicisk-pest-och-krigsgud\\\/\",\"name\":\"Reshef \u2013 Fenicisk pestgud, krigsgud, kult\",\"isPartOf\":{\"@id\":\"https:\\\/\\\/iwell-guard.com\\\/sv\\\/#website\"},\"primaryImageOfPage\":{\"@id\":\"https:\\\/\\\/iwell-guard.com\\\/sv\\\/reshef-fenicisk-pest-och-krigsgud\\\/#primaryimage\"},\"image\":{\"@id\":\"https:\\\/\\\/iwell-guard.com\\\/sv\\\/reshef-fenicisk-pest-och-krigsgud\\\/#primaryimage\"},\"thumbnailUrl\":\"https:\\\/\\\/iwell-guard.com\\\/wp-content\\\/uploads\\\/2026\\\/05\\\/goetter_phoenizisch_reshef.webp\",\"datePublished\":\"2026-09-03T00:10:51+00:00\",\"dateModified\":\"2026-09-03T01:14:42+00:00\",\"description\":\"Reshef \u00e4r den fenicisk-kanaaneiska pest- och krigsguden, b\u00e5gguden och skyddsguden. Religionsvetenskaplig inordning med k\u00e4llor.\",\"breadcrumb\":{\"@id\":\"https:\\\/\\\/iwell-guard.com\\\/sv\\\/reshef-fenicisk-pest-och-krigsgud\\\/#breadcrumb\"},\"inLanguage\":\"sv-SE\",\"potentialAction\":[{\"@type\":\"ReadAction\",\"target\":[\"https:\\\/\\\/iwell-guard.com\\\/sv\\\/reshef-fenicisk-pest-och-krigsgud\\\/\"]}]},{\"@type\":\"ImageObject\",\"inLanguage\":\"sv-SE\",\"@id\":\"https:\\\/\\\/iwell-guard.com\\\/sv\\\/reshef-fenicisk-pest-och-krigsgud\\\/#primaryimage\",\"url\":\"https:\\\/\\\/iwell-guard.com\\\/wp-content\\\/uploads\\\/2026\\\/05\\\/goetter_phoenizisch_reshef.webp\",\"contentUrl\":\"https:\\\/\\\/iwell-guard.com\\\/wp-content\\\/uploads\\\/2026\\\/05\\\/goetter_phoenizisch_reshef.webp\",\"width\":1024,\"height\":1536,\"caption\":\"Gudar fr\u00e5n den feniciska traditionen.\"},{\"@type\":\"BreadcrumbList\",\"@id\":\"https:\\\/\\\/iwell-guard.com\\\/sv\\\/reshef-fenicisk-pest-och-krigsgud\\\/#breadcrumb\",\"itemListElement\":[{\"@type\":\"ListItem\",\"position\":1,\"name\":\"Start\",\"item\":\"https:\\\/\\\/iwell-guard.com\\\/sv\\\/?page_id=136483\"},{\"@type\":\"ListItem\",\"position\":2,\"name\":\"Reshef \u2013 Fenicisk pest- och krigsgud\"}]},{\"@type\":\"WebSite\",\"@id\":\"https:\\\/\\\/iwell-guard.com\\\/sv\\\/#website\",\"url\":\"https:\\\/\\\/iwell-guard.com\\\/sv\\\/\",\"name\":\"iWell Guard\",\"description\":\"Schutz vor dunklen Einfl\u00fcssen\",\"publisher\":{\"@id\":\"https:\\\/\\\/iwell-guard.com\\\/sv\\\/#organization\"},\"potentialAction\":[{\"@type\":\"SearchAction\",\"target\":{\"@type\":\"EntryPoint\",\"urlTemplate\":\"https:\\\/\\\/iwell-guard.com\\\/sv\\\/?s={search_term_string}\"},\"query-input\":{\"@type\":\"PropertyValueSpecification\",\"valueRequired\":true,\"valueName\":\"search_term_string\"}}],\"inLanguage\":\"sv-SE\"},{\"@type\":\"Organization\",\"@id\":\"https:\\\/\\\/iwell-guard.com\\\/sv\\\/#organization\",\"name\":\"Ittermann electronic GmbH\",\"url\":\"https:\\\/\\\/iwell-guard.com\\\/sv\\\/\",\"logo\":{\"@type\":\"ImageObject\",\"inLanguage\":\"sv-SE\",\"@id\":\"https:\\\/\\\/iwell-guard.com\\\/sv\\\/#\\\/schema\\\/logo\\\/image\\\/\",\"url\":\"https:\\\/\\\/iwell-guard.com\\\/wp-content\\\/uploads\\\/2026\\\/05\\\/Ittermann-Logo-1182x237-1.png\",\"contentUrl\":\"https:\\\/\\\/iwell-guard.com\\\/wp-content\\\/uploads\\\/2026\\\/05\\\/Ittermann-Logo-1182x237-1.png\",\"width\":1182,\"height\":237,\"caption\":\"Ittermann electronic GmbH\"},\"image\":{\"@id\":\"https:\\\/\\\/iwell-guard.com\\\/sv\\\/#\\\/schema\\\/logo\\\/image\\\/\"},\"sameAs\":[\"https:\\\/\\\/pantip.com\\\/profile\\\/9367242\",\"https:\\\/\\\/micro.blog\\\/iwellguard\",\"https:\\\/\\\/www.diggerslist.com\\\/iwellguard\\\/about\",\"https:\\\/\\\/skitterphoto.com\\\/photographers\\\/2870314\\\/iwell-guard\",\"https:\\\/\\\/iwellguard.wordpress.com\\\/2026\\\/06\\\/06\\\/iwell-guard\\\/\",\"https:\\\/\\\/hub.docker.com\\\/u\\\/iwellguard\",\"https:\\\/\\\/www.pinterest.com\\\/iwellguard\\\/\",\"https:\\\/\\\/bit.ly\\\/m\\\/iwellguard\",\"https:\\\/\\\/entre-vos-mains.alsace.eu\\\/profiles\\\/iwellguard\\\/activity\",\"https:\\\/\\\/gravatar.com\\\/reallybeded8fd34\",\"https:\\\/\\\/naijamatta.com\\\/iwellguard\",\"https:\\\/\\\/www.goodreads.com\\\/iwellguard\",\"https:\\\/\\\/profile.hatena.ne.jp\\\/iwellguard\\\/\",\"https:\\\/\\\/experiment.com\\\/users\\\/iwellguard\",\"https:\\\/\\\/wakelet.com\\\/@iWellGuard82270\",\"https:\\\/\\\/www.chordie.com\\\/forum\\\/profile.php?id=2555664\",\"https:\\\/\\\/www.instapaper.com\\\/p\\\/17757966\",\"https:\\\/\\\/www.mapleprimes.com\\\/users\\\/iwellguard\",\"https:\\\/\\\/businesslistingplus.com\\\/profile\\\/iwell-guard\\\/\",\"https:\\\/\\\/telegra.ph\\\/iWell-Guard-06-06\",\"https:\\\/\\\/pbase.com\\\/iwellguard\\\/iwellguard\",\"https:\\\/\\\/b.hatena.ne.jp\\\/iwellguard\\\/20260607#bookmark-4788405196491818882\",\"https:\\\/\\\/fliphtml5.com\\\/home\\\/iwellguard\",\"https:\\\/\\\/anyflip.com\\\/homepage\\\/cmiwl#About\",\"https:\\\/\\\/transfur.com\\\/Users\\\/iwellguard\",\"http:\\\/\\\/delphi.larsbo.org\\\/user\\\/iwellguard\",\"https:\\\/\\\/jobs.lajobsportal.org\\\/profiles\\\/8380803-iwell-guard\",\"https:\\\/\\\/md.chaosdorf.de\\\/s\\\/jfbe5SBdJD\",\"https:\\\/\\\/www.lingvolive.com\\\/en-us\\\/profile\\\/9ecaeaca-ce11-4e51-9e71-01d55e2bff36\\\/translations\",\"https:\\\/\\\/www.fitday.com\\\/fitness\\\/forums\\\/members\\\/iwellguard.html\",\"https:\\\/\\\/www.mymeetbook.com\\\/iwellguard\",\"https:\\\/\\\/pxhere.com\\\/en\\\/photographer-me\\\/5040798\",\"https:\\\/\\\/disqus.com\\\/by\\\/iwellguard\\\/about\\\/\",\"https:\\\/\\\/pastelink.net\\\/hjwciqwq\",\"https:\\\/\\\/pubhtml5.com\\\/homepage\\\/scjhn\\\/\",\"https:\\\/\\\/www.bitchute.com\\\/channel\\\/2O2eOKzNqujT\",\"https:\\\/\\\/audiomack.com\\\/iwellguard\"]},{\"@type\":\"Article\",\"@id\":\"https:\\\/\\\/iwell-guard.com\\\/sv\\\/reshef-fenicisk-pest-och-krigsgud\\\/#article\",\"isPartOf\":{\"@id\":\"https:\\\/\\\/iwell-guard.com\\\/sv\\\/reshef-fenicisk-pest-och-krigsgud\\\/\"},\"author\":{\"name\":\"Ralf Ittermann\",\"@id\":\"https:\\\/\\\/iwell-guard.com\\\/sv\\\/#\\\/schema\\\/person\\\/ee2a27f1cac3406c7c6fb5820cb7349f\"},\"headline\":\"Reshef \u2013 Fenicisk pest- och krigsgud\",\"datePublished\":\"2026-09-03T00:10:51+00:00\",\"dateModified\":\"2026-09-03T01:14:42+00:00\",\"mainEntityOfPage\":{\"@id\":\"https:\\\/\\\/iwell-guard.com\\\/sv\\\/reshef-fenicisk-pest-och-krigsgud\\\/\"},\"publisher\":{\"@id\":\"https:\\\/\\\/iwell-guard.com\\\/sv\\\/#organization\"},\"image\":{\"@id\":\"https:\\\/\\\/iwell-guard.com\\\/sv\\\/reshef-fenicisk-pest-och-krigsgud\\\/#primaryimage\"},\"thumbnailUrl\":\"https:\\\/\\\/iwell-guard.com\\\/wp-content\\\/uploads\\\/2026\\\/05\\\/goetter_phoenizisch_reshef.webp\",\"inLanguage\":\"sv-SE\",\"description\":\"Reshef \u00e4r den fenicisk-kanaaneiska pest- och krigsguden, b\u00e5gguden och skyddsguden. Religionsvetenskaplig inordning med k\u00e4llor.\"}]}<\/script>\n<!-- \/ Yoast SEO Premium plugin. -->","yoast_head_json":{"title":"Reshef \u2013 Fenicisk pestgud, krigsgud, kult","description":"Reshef \u00e4r den fenicisk-kanaaneiska pest- och krigsguden, b\u00e5gguden och skyddsguden. Religionsvetenskaplig inordning med k\u00e4llor.","robots":{"index":"index","follow":"follow","max-snippet":"max-snippet:-1","max-image-preview":"max-image-preview:large","max-video-preview":"max-video-preview:-1"},"canonical":"https:\/\/iwell-guard.com\/sv\/reshef-fenicisk-pest-och-krigsgud\/","og_locale":"sv_SE","og_type":"article","og_title":"Reshef \u2013 Fenicisk pest- och krigsgud","og_description":"Reshef \u00e4r den fenicisk-kanaaneiska pest- och krigsguden, b\u00e5gguden och skyddsguden. Religionsvetenskaplig inordning med k\u00e4llor.","og_url":"https:\/\/iwell-guard.com\/sv\/reshef-fenicisk-pest-och-krigsgud\/","og_site_name":"iWell Guard","article_modified_time":"2026-09-03T01:14:42+00:00","og_image":[{"width":1024,"height":1536,"url":"https:\/\/iwell-guard.com\/wp-content\/uploads\/2026\/05\/goetter_phoenizisch_reshef.webp","type":"image\/webp"}],"twitter_card":"summary_large_image","schema":{"@context":"https:\/\/schema.org","@graph":[{"@type":"Article","@id":"https:\/\/iwell-guard.com\/sv\/reshef-fenicisk-pest-och-krigsgud\/#article","isPartOf":{"@id":"https:\/\/iwell-guard.com\/sv\/reshef-fenicisk-pest-och-krigsgud\/"},"author":{"name":"Ralf Ittermann","@id":"https:\/\/iwell-guard.com\/sv\/#\/schema\/person\/ee2a27f1cac3406c7c6fb5820cb7349f"},"headline":"Reshef \u2013 Fenicisk pest- och krigsgud","datePublished":"2026-09-03T00:10:51+00:00","dateModified":"2026-09-03T01:14:42+00:00","mainEntityOfPage":{"@id":"https:\/\/iwell-guard.com\/sv\/reshef-fenicisk-pest-och-krigsgud\/"},"publisher":{"@id":"https:\/\/iwell-guard.com\/sv\/#organization"},"image":{"@id":"https:\/\/iwell-guard.com\/sv\/reshef-fenicisk-pest-och-krigsgud\/#primaryimage"},"thumbnailUrl":"https:\/\/iwell-guard.com\/wp-content\/uploads\/2026\/05\/goetter_phoenizisch_reshef.webp","inLanguage":"sv-SE","description":"Reshef \u00e4r den fenicisk-kanaaneiska pest- och krigsguden, b\u00e5gguden och skyddsguden. Religionsvetenskaplig inordning med k\u00e4llor."},{"@type":"WebPage","@id":"https:\/\/iwell-guard.com\/sv\/reshef-fenicisk-pest-och-krigsgud\/","url":"https:\/\/iwell-guard.com\/sv\/reshef-fenicisk-pest-och-krigsgud\/","name":"Reshef \u2013 Fenicisk pestgud, krigsgud, kult","isPartOf":{"@id":"https:\/\/iwell-guard.com\/sv\/#website"},"primaryImageOfPage":{"@id":"https:\/\/iwell-guard.com\/sv\/reshef-fenicisk-pest-och-krigsgud\/#primaryimage"},"image":{"@id":"https:\/\/iwell-guard.com\/sv\/reshef-fenicisk-pest-och-krigsgud\/#primaryimage"},"thumbnailUrl":"https:\/\/iwell-guard.com\/wp-content\/uploads\/2026\/05\/goetter_phoenizisch_reshef.webp","datePublished":"2026-09-03T00:10:51+00:00","dateModified":"2026-09-03T01:14:42+00:00","description":"Reshef \u00e4r den fenicisk-kanaaneiska pest- och krigsguden, b\u00e5gguden och skyddsguden. Religionsvetenskaplig inordning med k\u00e4llor.","breadcrumb":{"@id":"https:\/\/iwell-guard.com\/sv\/reshef-fenicisk-pest-och-krigsgud\/#breadcrumb"},"inLanguage":"sv-SE","potentialAction":[{"@type":"ReadAction","target":["https:\/\/iwell-guard.com\/sv\/reshef-fenicisk-pest-och-krigsgud\/"]}]},{"@type":"ImageObject","inLanguage":"sv-SE","@id":"https:\/\/iwell-guard.com\/sv\/reshef-fenicisk-pest-och-krigsgud\/#primaryimage","url":"https:\/\/iwell-guard.com\/wp-content\/uploads\/2026\/05\/goetter_phoenizisch_reshef.webp","contentUrl":"https:\/\/iwell-guard.com\/wp-content\/uploads\/2026\/05\/goetter_phoenizisch_reshef.webp","width":1024,"height":1536,"caption":"Gudar fr\u00e5n den feniciska traditionen."},{"@type":"BreadcrumbList","@id":"https:\/\/iwell-guard.com\/sv\/reshef-fenicisk-pest-och-krigsgud\/#breadcrumb","itemListElement":[{"@type":"ListItem","position":1,"name":"Start","item":"https:\/\/iwell-guard.com\/sv\/?page_id=136483"},{"@type":"ListItem","position":2,"name":"Reshef \u2013 Fenicisk pest- och krigsgud"}]},{"@type":"WebSite","@id":"https:\/\/iwell-guard.com\/sv\/#website","url":"https:\/\/iwell-guard.com\/sv\/","name":"iWell Guard","description":"Schutz vor dunklen Einfl\u00fcssen","publisher":{"@id":"https:\/\/iwell-guard.com\/sv\/#organization"},"potentialAction":[{"@type":"SearchAction","target":{"@type":"EntryPoint","urlTemplate":"https:\/\/iwell-guard.com\/sv\/?s={search_term_string}"},"query-input":{"@type":"PropertyValueSpecification","valueRequired":true,"valueName":"search_term_string"}}],"inLanguage":"sv-SE"},{"@type":"Organization","@id":"https:\/\/iwell-guard.com\/sv\/#organization","name":"Ittermann electronic GmbH","url":"https:\/\/iwell-guard.com\/sv\/","logo":{"@type":"ImageObject","inLanguage":"sv-SE","@id":"https:\/\/iwell-guard.com\/sv\/#\/schema\/logo\/image\/","url":"https:\/\/iwell-guard.com\/wp-content\/uploads\/2026\/05\/Ittermann-Logo-1182x237-1.png","contentUrl":"https:\/\/iwell-guard.com\/wp-content\/uploads\/2026\/05\/Ittermann-Logo-1182x237-1.png","width":1182,"height":237,"caption":"Ittermann electronic GmbH"},"image":{"@id":"https:\/\/iwell-guard.com\/sv\/#\/schema\/logo\/image\/"},"sameAs":["https:\/\/pantip.com\/profile\/9367242","https:\/\/micro.blog\/iwellguard","https:\/\/www.diggerslist.com\/iwellguard\/about","https:\/\/skitterphoto.com\/photographers\/2870314\/iwell-guard","https:\/\/iwellguard.wordpress.com\/2026\/06\/06\/iwell-guard\/","https:\/\/hub.docker.com\/u\/iwellguard","https:\/\/www.pinterest.com\/iwellguard\/","https:\/\/bit.ly\/m\/iwellguard","https:\/\/entre-vos-mains.alsace.eu\/profiles\/iwellguard\/activity","https:\/\/gravatar.com\/reallybeded8fd34","https:\/\/naijamatta.com\/iwellguard","https:\/\/www.goodreads.com\/iwellguard","https:\/\/profile.hatena.ne.jp\/iwellguard\/","https:\/\/experiment.com\/users\/iwellguard","https:\/\/wakelet.com\/@iWellGuard82270","https:\/\/www.chordie.com\/forum\/profile.php?id=2555664","https:\/\/www.instapaper.com\/p\/17757966","https:\/\/www.mapleprimes.com\/users\/iwellguard","https:\/\/businesslistingplus.com\/profile\/iwell-guard\/","https:\/\/telegra.ph\/iWell-Guard-06-06","https:\/\/pbase.com\/iwellguard\/iwellguard","https:\/\/b.hatena.ne.jp\/iwellguard\/20260607#bookmark-4788405196491818882","https:\/\/fliphtml5.com\/home\/iwellguard","https:\/\/anyflip.com\/homepage\/cmiwl#About","https:\/\/transfur.com\/Users\/iwellguard","http:\/\/delphi.larsbo.org\/user\/iwellguard","https:\/\/jobs.lajobsportal.org\/profiles\/8380803-iwell-guard","https:\/\/md.chaosdorf.de\/s\/jfbe5SBdJD","https:\/\/www.lingvolive.com\/en-us\/profile\/9ecaeaca-ce11-4e51-9e71-01d55e2bff36\/translations","https:\/\/www.fitday.com\/fitness\/forums\/members\/iwellguard.html","https:\/\/www.mymeetbook.com\/iwellguard","https:\/\/pxhere.com\/en\/photographer-me\/5040798","https:\/\/disqus.com\/by\/iwellguard\/about\/","https:\/\/pastelink.net\/hjwciqwq","https:\/\/pubhtml5.com\/homepage\/scjhn\/","https:\/\/www.bitchute.com\/channel\/2O2eOKzNqujT","https:\/\/audiomack.com\/iwellguard"]},{"@type":"Person","@id":"https:\/\/iwell-guard.com\/sv\/#\/schema\/person\/ee2a27f1cac3406c7c6fb5820cb7349f","name":"Ralf Ittermann","image":{"@type":"ImageObject","inLanguage":"sv-SE","@id":"https:\/\/secure.gravatar.com\/avatar\/073c0153e350a5005b68eb752b445fea71f6b24a26da9449ad7e155e6b446c9d?s=96&d=mm&r=g","url":"https:\/\/secure.gravatar.com\/avatar\/073c0153e350a5005b68eb752b445fea71f6b24a26da9449ad7e155e6b446c9d?s=96&d=mm&r=g","contentUrl":"https:\/\/secure.gravatar.com\/avatar\/073c0153e350a5005b68eb752b445fea71f6b24a26da9449ad7e155e6b446c9d?s=96&d=mm&r=g","caption":"Ralf Ittermann"},"givenName":"Ralf","familyName":"Ittermann","jobTitle":"Gesch\u00e4ftsf\u00fchrer und redaktioneller Verantwortlicher","url":"https:\/\/iwell-guard.com\/sv\/author\/claude\/","description":"Ralf Ittermann ist Gesch\u00e4ftsf\u00fchrer der Ittermann electronic GmbH und redaktioneller Verantwortlicher des iWell-Guard-Lexikons. Er verbindet langj\u00e4hrige Erfahrung in der Pr\u00e4zisionsfertigung mit medialer Praxis und religionsgeschichtlicher Quellenarbeit.","worksFor":{"@type":"Organization","name":"Ittermann electronic GmbH","url":"https:\/\/ittermann.de\/","address":{"@type":"PostalAddress","streetAddress":"K\u00f6hlergasse 16-18","postalCode":"99842","addressLocality":"Ruhla","addressCountry":"DE"}},"knowsAbout":["Religionsgeschichte","Mythologie","Mediale Praxis","Energetische Diagnostik","Schutzpraxis","Volksglauben","Westliche Esoterik"]},{"@type":"Article","@id":"https:\/\/iwell-guard.com\/sv\/reshef-fenicisk-pest-och-krigsgud\/#article","isPartOf":{"@id":"https:\/\/iwell-guard.com\/sv\/reshef-fenicisk-pest-och-krigsgud\/"},"author":{"name":"Ralf Ittermann","@id":"https:\/\/iwell-guard.com\/sv\/#\/schema\/person\/ee2a27f1cac3406c7c6fb5820cb7349f"},"headline":"Reshef \u2013 Fenicisk pest- och krigsgud","datePublished":"2026-09-03T00:10:51+00:00","dateModified":"2026-09-03T01:14:42+00:00","mainEntityOfPage":{"@id":"https:\/\/iwell-guard.com\/sv\/reshef-fenicisk-pest-och-krigsgud\/"},"publisher":{"@id":"https:\/\/iwell-guard.com\/sv\/#organization"},"image":{"@id":"https:\/\/iwell-guard.com\/sv\/reshef-fenicisk-pest-och-krigsgud\/#primaryimage"},"thumbnailUrl":"https:\/\/iwell-guard.com\/wp-content\/uploads\/2026\/05\/goetter_phoenizisch_reshef.webp","inLanguage":"sv-SE","description":"Reshef \u00e4r den fenicisk-kanaaneiska pest- och krigsguden, b\u00e5gguden och skyddsguden. Religionsvetenskaplig inordning med k\u00e4llor."}]}},"_links":{"self":[{"href":"https:\/\/iwell-guard.com\/sv\/wp-json\/wp\/v2\/pages\/136881","targetHints":{"allow":["GET"]}}],"collection":[{"href":"https:\/\/iwell-guard.com\/sv\/wp-json\/wp\/v2\/pages"}],"about":[{"href":"https:\/\/iwell-guard.com\/sv\/wp-json\/wp\/v2\/types\/page"}],"author":[{"embeddable":true,"href":"https:\/\/iwell-guard.com\/sv\/wp-json\/wp\/v2\/users\/3"}],"replies":[{"embeddable":true,"href":"https:\/\/iwell-guard.com\/sv\/wp-json\/wp\/v2\/comments?post=136881"}],"version-history":[{"count":0,"href":"https:\/\/iwell-guard.com\/sv\/wp-json\/wp\/v2\/pages\/136881\/revisions"}],"wp:featuredmedia":[{"embeddable":true,"href":"https:\/\/iwell-guard.com\/sv\/wp-json\/wp\/v2\/media\/2852"}],"wp:attachment":[{"href":"https:\/\/iwell-guard.com\/sv\/wp-json\/wp\/v2\/media?parent=136881"}],"wp:term":[{"taxonomy":"category","embeddable":true,"href":"https:\/\/iwell-guard.com\/sv\/wp-json\/wp\/v2\/categories?post=136881"}],"curies":[{"name":"wp","href":"https:\/\/api.w.org\/{rel}","templated":true}]}}