{"id":136879,"date":"2026-09-03T00:10:51","date_gmt":"2026-09-03T00:10:51","guid":{"rendered":"https:\/\/iwell-guard.com\/?page_id=136879"},"modified":"2026-09-03T01:14:38","modified_gmt":"2026-09-03T01:14:38","slug":"mot-fenicisk-dodsgud","status":"publish","type":"page","link":"https:\/\/iwell-guard.com\/sv\/mot-fenicisk-dodsgud\/","title":{"rendered":"Mot \u2013 Fenicisk d\u00f6dsgud"},"content":{"rendered":"\t\t<div data-elementor-type=\"wp-page\" data-elementor-id=\"136879\" class=\"elementor elementor-136879 elementor-2631 elementor-bc-flex-widget\" data-elementor-post-type=\"page\">\n\t\t\t\t<div class=\"elementor-element elementor-element-iwgw-motphoenix-hero e-flex e-con-boxed e-con e-parent\" data-id=\"iwgw-motphoenix-hero\" data-element_type=\"container\" data-e-type=\"container\" data-settings=\"{&quot;background_background&quot;:&quot;classic&quot;}\">\n\t\t\t\t\t<div class=\"e-con-inner\">\n\t\t<div class=\"elementor-element elementor-element-iwgw-motphoenix-hl e-flex e-con-boxed e-con e-child\" data-id=\"iwgw-motphoenix-hl\" data-element_type=\"container\" data-e-type=\"container\">\n\t\t\t\t\t<div class=\"e-con-inner\">\n\t\t<div class=\"elementor-element elementor-element-iwgw-motphoenix-htxt e-con-full e-flex e-con e-child\" data-id=\"iwgw-motphoenix-htxt\" data-element_type=\"container\" data-e-type=\"container\">\n\t\t\t\t<div class=\"elementor-element elementor-element-iwgw-motphoenix-h1 elementor-widget elementor-widget-heading\" data-id=\"iwgw-motphoenix-h1\" data-element_type=\"widget\" data-e-type=\"widget\" data-widget_type=\"heading.default\">\n\t\t\t\t\t<h1 class=\"elementor-heading-title elementor-size-default\">Mot, Fenicisk-ugaritisk d\u00f6dsgud och underjordens herre<\/h1>\t\t\t\t<\/div>\n\t\t\t\t<div class=\"elementor-element elementor-element-iwgw-motphoenix-lead elementor-widget elementor-widget-text-editor\" data-id=\"iwgw-motphoenix-lead\" data-element_type=\"widget\" data-e-type=\"widget\" data-widget_type=\"text-editor.default\">\n\t\t\t\t\t\t\t\t\t<p>Mot (ugaritiskt och feniciskt <em>mt<\/em>, ordagrant &#8217;d\u00f6d&#8217;) \u00e4r d\u00f6dsguden och underjordens h\u00e4rskare i den ugaritisk-feniciska religionen. I Baal-cykeln uppslukar han <a href=\"https:\/\/iwell-guard.com\/sv\/baal-hadad-fenicisk-vadergud\/\">Baal<\/a> och blir d\u00e4refter tillintetgjord av <a href=\"https:\/\/iwell-guard.com\/sv\/anat-fenicisk-krigsgudinna\/\">Anat<\/a>, varigenom Baal \u00e5teruppst\u00e5r.<\/p>\t\t\t\t\t\t\t\t<\/div>\n\t\t\t\t<\/div>\n\t\t<div class=\"elementor-element elementor-element-iwgw-motphoenix-pillc e-con-full e-flex e-con e-child\" data-id=\"iwgw-motphoenix-pillc\" data-element_type=\"container\" data-e-type=\"container\">\n\t\t\t\t<div class=\"elementor-element elementor-element-iwgw-motphoenix-pills elementor-widget elementor-widget-html\" data-id=\"iwgw-motphoenix-pills\" data-element_type=\"widget\" data-e-type=\"widget\" data-widget_type=\"html.default\">\n\t\t\t\t\t<div class=\"iwg-pill-row\"><span class=\"iwg-klasse-badge\" tabindex=\"0\" data-tooltip=\"Gud inom den feniciska traditionen.\">Gud<\/span><a href=\"https:\/\/iwell-guard.com\/sv\/fenicier-och-karthago-baal-tanit-skyddstradition\/\" class=\"iwg-kultur-badge\" tabindex=\"0\" data-tooltip=\"Mytologi inom den feniciska traditionen.\">Fenicisk<\/a><span class=\"iwg-tradition-badge\" tabindex=\"0\" data-tooltip=\"D\u00f6dsgud.\">D\u00f6dsgud<\/span><\/div>\t\t\t\t<\/div>\n\t\t\t\t<\/div>\n\t\t<div class=\"elementor-element elementor-element-iwgw-motphoenix-tocc e-con-full e-flex e-con e-child\" data-id=\"iwgw-motphoenix-tocc\" data-element_type=\"container\" data-e-type=\"container\">\n\t\t\t\t<div class=\"elementor-element elementor-element-iwgw-motphoenix-toc elementor-toc--minimized-on-tablet elementor-widget elementor-widget-table-of-contents\" data-id=\"iwgw-motphoenix-toc\" data-element_type=\"widget\" data-e-type=\"widget\" data-settings=\"{&quot;headings_by_tags&quot;:[&quot;h2&quot;,&quot;h3&quot;],&quot;minimize_box&quot;:&quot;yes&quot;,&quot;marker_view&quot;:&quot;bullets&quot;,&quot;no_headings_message&quot;:&quot;Inga rubriker hittades p\\u00e5 den h\\u00e4r sidan.&quot;,&quot;exclude_headings_by_selector&quot;:[],&quot;icon&quot;:{&quot;value&quot;:&quot;fas fa-circle&quot;,&quot;library&quot;:&quot;fa-solid&quot;,&quot;rendered_tag&quot;:&quot;&lt;svg class=\\&quot;e-font-icon-svg e-fas-circle\\&quot; viewBox=\\&quot;0 0 512 512\\&quot; xmlns=\\&quot;http:\\\/\\\/www.w3.org\\\/2000\\\/svg\\&quot;&gt;&lt;path d=\\&quot;M256 8C119 8 8 119 8 256s111 248 248 248 248-111 248-248S393 8 256 8z\\&quot;&gt;&lt;\\\/path&gt;&lt;\\\/svg&gt;&quot;},&quot;minimized_on&quot;:&quot;tablet&quot;,&quot;hierarchical_view&quot;:&quot;yes&quot;,&quot;min_height&quot;:{&quot;unit&quot;:&quot;px&quot;,&quot;size&quot;:&quot;&quot;,&quot;sizes&quot;:[]},&quot;min_height_tablet&quot;:{&quot;unit&quot;:&quot;px&quot;,&quot;size&quot;:&quot;&quot;,&quot;sizes&quot;:[]},&quot;min_height_mobile&quot;:{&quot;unit&quot;:&quot;px&quot;,&quot;size&quot;:&quot;&quot;,&quot;sizes&quot;:[]}}\" data-widget_type=\"table-of-contents.default\">\n\t\t\t\t\t\t\t\t\t<div class=\"elementor-toc__header\">\n\t\t\t\t\t\t<h2 class=\"elementor-toc__header-title\">\n\t\t\t\tInneh\u00e5llsf\u00f6rteckning\t\t\t<\/h2>\n\t\t\t\t\t\t\t\t\t\t<div class=\"elementor-toc__toggle-button elementor-toc__toggle-button--expand\" role=\"button\" tabindex=\"0\" aria-controls=\"elementor-toc__iwgw-motphoenix-toc\" aria-expanded=\"true\" aria-label=\"Inhaltsverzeichnis \u00f6ffnen\"><svg aria-hidden=\"true\" class=\"e-font-icon-svg e-fas-chevron-down\" viewBox=\"0 0 448 512\" xmlns=\"http:\/\/www.w3.org\/2000\/svg\"><path d=\"M207.029 381.476L12.686 187.132c-9.373-9.373-9.373-24.569 0-33.941l22.667-22.667c9.357-9.357 24.522-9.375 33.901-.04L224 284.505l154.745-154.021c9.379-9.335 24.544-9.317 33.901.04l22.667 22.667c9.373 9.373 9.373 24.569 0 33.941L240.971 381.476c-9.373 9.372-24.569 9.372-33.942 0z\"><\/path><\/svg><\/div>\n\t\t\t\t<div class=\"elementor-toc__toggle-button elementor-toc__toggle-button--collapse\" role=\"button\" tabindex=\"0\" aria-controls=\"elementor-toc__iwgw-motphoenix-toc\" aria-expanded=\"true\" aria-label=\"Inhaltsverzeichnis schlie\u00dfen\"><svg aria-hidden=\"true\" class=\"e-font-icon-svg e-fas-chevron-up\" viewBox=\"0 0 448 512\" xmlns=\"http:\/\/www.w3.org\/2000\/svg\"><path d=\"M240.971 130.524l194.343 194.343c9.373 9.373 9.373 24.569 0 33.941l-22.667 22.667c-9.357 9.357-24.522 9.375-33.901.04L224 227.495 69.255 381.516c-9.379 9.335-24.544 9.317-33.901-.04l-22.667-22.667c-9.373-9.373-9.373-24.569 0-33.941L207.03 130.525c9.372-9.373 24.568-9.373 33.941-.001z\"><\/path><\/svg><\/div>\n\t\t\t\t\t<\/div>\n\t\t\t\t<div id=\"elementor-toc__iwgw-motphoenix-toc\" class=\"elementor-toc__body\">\n\t\t\t<div class=\"elementor-toc__spinner-container\">\n\t\t\t\t<svg class=\"elementor-toc__spinner eicon-animation-spin e-font-icon-svg e-eicon-loading\" aria-hidden=\"true\" viewBox=\"0 0 1000 1000\" xmlns=\"http:\/\/www.w3.org\/2000\/svg\"><path d=\"M500 975V858C696 858 858 696 858 500S696 142 500 142 142 304 142 500H25C25 237 238 25 500 25S975 237 975 500 763 975 500 975Z\"><\/path><\/svg>\t\t\t<\/div>\n\t\t<\/div>\n\t\t\t\t\t\t<\/div>\n\t\t\t\t<\/div>\n\t\t\t\t\t<\/div>\n\t\t\t\t<\/div>\n\t\t<div class=\"elementor-element elementor-element-iwgw-motphoenix-hr e-con-full e-flex e-con e-child\" data-id=\"iwgw-motphoenix-hr\" data-element_type=\"container\" data-e-type=\"container\">\n\t\t\t\t<div class=\"elementor-element elementor-element-iwgw-motphoenix-heroimg iwg-hero-image elementor-widget elementor-widget-image\" data-id=\"iwgw-motphoenix-heroimg\" data-element_type=\"widget\" data-e-type=\"widget\" data-widget_type=\"image.default\">\n\t\t\t\t\t\t\t\t\t\t\t\t\t\t\t<img fetchpriority=\"high\" decoding=\"async\" width=\"683\" height=\"1024\" src=\"https:\/\/iwell-guard.com\/wp-content\/uploads\/2026\/05\/goetter_phoenizisch_mot-phoenix-683x1024.webp\" class=\"attachment-large size-large wp-image-2851\" alt=\"Mot Phoenix - G\u00f6tter aus der Phoenizisch-Tradition, historisch-illustrativ\" srcset=\"https:\/\/iwell-guard.com\/wp-content\/uploads\/2026\/05\/goetter_phoenizisch_mot-phoenix-683x1024.webp 683w, https:\/\/iwell-guard.com\/wp-content\/uploads\/2026\/05\/goetter_phoenizisch_mot-phoenix-200x300.webp 200w, https:\/\/iwell-guard.com\/wp-content\/uploads\/2026\/05\/goetter_phoenizisch_mot-phoenix-768x1152.webp 768w, https:\/\/iwell-guard.com\/wp-content\/uploads\/2026\/05\/goetter_phoenizisch_mot-phoenix.webp 1024w\" sizes=\"(max-width: 683px) 100vw, 683px\" \/>\t\t\t\t\t\t\t\t\t\t\t\t\t\t\t<\/div>\n\t\t\t\t<\/div>\n\t\t\t\t\t<\/div>\n\t\t\t\t<\/div>\n\t\t\t\t<section class=\"elementor-section elementor-top-section elementor-element elementor-element-sec-iwgcomp2-mot-phoenix elementor-section-boxed elementor-section-height-default elementor-section-height-default\" data-id=\"sec-iwgcomp2-mot-phoenix\" data-element_type=\"section\" data-e-type=\"section\">\n\t\t\t\t\t\t<div class=\"elementor-container elementor-column-gap-default\">\n\t\t\t\t\t<div class=\"elementor-column elementor-col-100 elementor-top-column elementor-element elementor-element-col-iwgcomp2-mot-phoenix\" data-id=\"col-iwgcomp2-mot-phoenix\" data-element_type=\"column\" data-e-type=\"column\">\n\t\t\t<div class=\"elementor-widget-wrap elementor-element-populated\">\n\t\t\t\t\t\t<div class=\"elementor-element elementor-element-iwgcomp2-mot-phoenix elementor-widget elementor-widget-text-editor\" data-id=\"iwgcomp2-mot-phoenix\" data-element_type=\"widget\" data-e-type=\"widget\" data-widget_type=\"text-editor.default\">\n\t\t\t\t\t\t\t\t\t<p>Mot \u00e4r den <strong>fenicisk-ugaritiska<\/strong> d\u00f6dsguden och personifikationen av torrperioden.<\/p>\t\t\t\t\t\t\t\t<\/div>\n\t\t\t\t\t<\/div>\n\t\t<\/div>\n\t\t\t\t\t<\/div>\n\t\t<\/section>\n\t\t<div class=\"elementor-element elementor-element-iwgw-motphoenix-s0 e-flex e-con-boxed e-con e-parent\" data-id=\"iwgw-motphoenix-s0\" data-element_type=\"container\" data-e-type=\"container\">\n\t\t\t\t\t<div class=\"e-con-inner\">\n\t\t\t\t<div class=\"elementor-element elementor-element-iwgw-motphoenix-s0h elementor-widget elementor-widget-heading\" data-id=\"iwgw-motphoenix-s0h\" data-element_type=\"widget\" data-e-type=\"widget\" data-widget_type=\"heading.default\">\n\t\t\t\t\t<h2 class=\"elementor-heading-title elementor-size-default\">Kontextualisering och kortprofil<\/h2>\t\t\t\t<\/div>\n\t\t<div class=\"elementor-element elementor-element-iwgw-motphoenix-s0c e-con-full e-flex e-con e-child\" data-id=\"iwgw-motphoenix-s0c\" data-element_type=\"container\" data-e-type=\"container\">\n\t\t\t\t<div class=\"elementor-element elementor-element-iwgw-motphoenix-s0t elementor-widget elementor-widget-text-editor\" data-id=\"iwgw-motphoenix-s0t\" data-element_type=\"widget\" data-e-type=\"widget\" data-widget_type=\"text-editor.default\">\n\t\t\t\t\t\t\t\t\t<p>Mot \u00e4r den fenicisk-kanaaneiska f\u00f6rkroppsligningen av d\u00f6den. Mark Smith har i <em>The Ugaritic Baal Cycle<\/em> (1994\/2009) visat att Mot i Baal-cykeln \u00e4r den andra stora motst\u00e5ndarfiguren efter <a href=\"https:\/\/iwell-guard.com\/sv\/yam-fenicisk-havsgud\/\">Yam<\/a>; hans nederlag mot <a href=\"https:\/\/iwell-guard.com\/sv\/anat-fenicisk-krigsgudinna\/\">Anat<\/a> m\u00f6jligg\u00f6r Baals uppst\u00e5ndelse och d\u00e4rmed vegetationsperiodens \u00e5terkomst. Inom <a href=\"https:\/\/iwell-guard.com\/sv\/fenicier-och-karthago-baal-tanit-skyddstradition\/\">den feniciska traditionen<\/a> \u00e4r Mot den prototypiska d\u00f6dsguden och livgudarnas antagonist.<\/p><p>Religionshistoriskt representerar Mot typen av personifierad d\u00f6d, vilket s\u00e4llan \u00e4r s\u00e5 tydligt utformat i forntida orientaliska mytologier. I det mesopotamiska materialet motsvaras han av Ereshkigal och Nergal, dock i olika funktioner; hos hettiterna finns ingen exakt motsvarande gud, men v\u00e4l &#8217;jordens solgudinna&#8217; som en ktonisk, underjordisk gestalt.<\/p><p>Mots konflikt med Baal \u00e4r inte en enskild strid utan ett cykliskt skeende: Mot besegrar Baal under torrperioden, Anat besegrar Mot, Baal \u00e5terv\u00e4nder med regnen.<\/p><p>Denna s\u00e4songsbetonade struktur g\u00f6r Mot-<span class=\"iwg-fachbegriff\" data-tooltip=\"En \u00f6verl\u00e4mnad ber\u00e4ttelse om gudar, ursprung och v\u00e4rldens ordning.\" tabindex=\"0\">myten<\/span> till ett klassiskt exempel p\u00e5 vegetations- och \u00e5rstidsmytologi. Sabatino Moscati har i <em>Die Ph\u00f6niker<\/em> (1966) och Mark Smith i <em>The Origins of Biblical Monotheism<\/em> (2001) analyserat denna <span class=\"iwg-fachbegriff\" data-tooltip=\"Den vetenskapliga l\u00e4ran om Gud och om en religions tro.\" tabindex=\"0\">teologi<\/span>.<\/p><p>En s\u00e4rskild teologisk po\u00e4ng i Mot-<span class=\"iwg-fachbegriff\" data-tooltip=\"En \u00f6verl\u00e4mnad ber\u00e4ttelse om gudar, ursprung och v\u00e4rldens ordning.\" tabindex=\"0\">myten<\/span> ligger i att Anats tillintetg\u00f6relse av Mot, klyvning, siktning, br\u00e4nning, malning, s\u00e5dd, utg\u00f6r en direkt \u00f6verf\u00f6ring av agrara sedv\u00e4njor till en gudomlig konflikt. Mot behandlas som s\u00e4d, hans d\u00f6d m\u00f6jligg\u00f6r ny tillv\u00e4xt.<\/p><p>I j\u00e4mf\u00f6relse med <a href=\"https:\/\/iwell-guard.com\/sv\/hettitiskt-anatoliskt-tarhunna-tusen-gudar-skyddspraxis\/\">den hettitiska traditionen<\/a> med &#8217;jordens solgudinna&#8217; som ktonisk motpol till den himmelska <a href=\"https:\/\/iwell-guard.com\/sv\/arinna-solgudinna-av-arinna\/\">Arinna<\/a> framst\u00e5r Mots profil betydligt mer aggressiv och narrativt utformad.<\/p>\t\t\t\t\t\t\t\t<\/div>\n\t\t\t\t<\/div>\n\t\t\t\t\t<\/div>\n\t\t\t\t<\/div>\n\t\t<div class=\"elementor-element elementor-element-iwgw-motphoenix-s1 e-flex e-con-boxed e-con e-parent\" data-id=\"iwgw-motphoenix-s1\" data-element_type=\"container\" data-e-type=\"container\">\n\t\t\t\t\t<div class=\"e-con-inner\">\n\t\t\t\t<div class=\"elementor-element elementor-element-iwgw-motphoenix-s1h elementor-widget elementor-widget-heading\" data-id=\"iwgw-motphoenix-s1h\" data-element_type=\"widget\" data-e-type=\"widget\" data-widget_type=\"heading.default\">\n\t\t\t\t\t<h2 class=\"elementor-heading-title elementor-size-default\">Namn och etymologi<\/h2>\t\t\t\t<\/div>\n\t\t<div class=\"elementor-element elementor-element-iwgw-motphoenix-s1c e-con-full e-flex e-con e-child\" data-id=\"iwgw-motphoenix-s1c\" data-element_type=\"container\" data-e-type=\"container\">\n\t\t\t\t<div class=\"elementor-element elementor-element-iwgw-motphoenix-s1t elementor-widget elementor-widget-text-editor\" data-id=\"iwgw-motphoenix-s1t\" data-element_type=\"widget\" data-e-type=\"widget\" data-widget_type=\"text-editor.default\">\n\t\t\t\t\t\t\t\t\t<p>Namnet <em>mt<\/em> \u00e4r det gemensamma v\u00e4stsemitiska ordet f\u00f6r &#8217;d\u00f6d&#8217;. Mot \u00e4r allts\u00e5 ordagrant &#8217;d\u00f6den&#8217; sj\u00e4lv, p\u00e5 samma s\u00e4tt som <a href=\"https:\/\/iwell-guard.com\/sv\/yam-fenicisk-havsgud\/\">Yam<\/a> \u00e4r &#8217;havet&#8217;. Denna identitet mellan gudsnamn och kosmisk kategori \u00e4r typisk f\u00f6r forntida orientalisk teogoni.<\/p><p>P\u00e5 akkadiskt motsvaras det av <em>m\u016btu<\/em> (d\u00f6d), p\u00e5 hebreiskt av <em>m\u0101wet<\/em> (med identisk etymologi, likaledes inte prim\u00e4rt gudomligt personifierat, men belagt som en kvasi-mytisk gestalt i n\u00e5gra poetiska avsnitt som Job 18:13; Hosea 13:14; Habackuk 2:5).<\/p><p>I de ugaritiska texterna f\u00f6rekommer Mot under flera tillnamn: bn \u02beilm mt &#8217;gudarnas son, Mot&#8217;, ydd \u02beil \u0121zr &#8217;Els \u00e4lskade, hj\u00e4lten&#8217;, mdd \u02beil &#8217;Els gunstling&#8217;. Dessa tillnamn betecknar honom som son till fadergudens El och understryker hans teologiska dignitet. Mot \u00e4r ingen ond motgud. Han \u00e4r en legitim son till den h\u00f6gsta guden med en kosmiskt n\u00f6dv\u00e4ndig funktion.<\/p><p>I det hebreiska materialet framtr\u00e4der Mot polemiskt tillskuren; den monoteistiska <span class=\"iwg-fachbegriff\" data-tooltip=\"Den vetenskapliga l\u00e4ran om Gud och om en religions tro.\" tabindex=\"0\">teologin<\/span> kan inte acceptera en sj\u00e4lvst\u00e4ndig d\u00f6dsgud vid sidan av Jahve. Hosea 13:14 (&#8217;D\u00f6d, var \u00e4r din udd?&#8217;) har dock bevarat Mot-traditionen i ordalydelsen; Paulus citerar detta avsnitt i F\u00f6rsta Korinthierbrevet 15:55 i sin uppst\u00e5ndelseapologetik.<\/p><p>I vissa judisk-arameiska magitexter fr\u00e5n <span class=\"iwg-fachbegriff\" data-tooltip=\"\u00d6verg\u00e5ngsepok mellan antiken och medeltiden, ungef\u00e4r 3:e till 7:e \u00e5rhundradet.\" tabindex=\"0\">senantiken<\/span> f\u00f6rekommer Mot fortfarande som en negativ gestalt, framf\u00f6r allt i <span class=\"iwg-fachbegriff\" data-tooltip=\"Ett buret f\u00f6rem\u00e5l som tillskrivs en skyddande, ondesavv\u00e4rjande verkan.\" tabindex=\"0\">amulett<\/span>-inskrifterna fr\u00e5n Nippur och Egypten; denna sena tradition visar den religionshistoriska best\u00e4ndigheten hos v\u00e4stsemitisk <span class=\"iwg-fachbegriff\" data-tooltip=\"Den vetenskapliga l\u00e4ran om Gud och om en religions tro.\" tabindex=\"0\">teologi<\/span> inom judisk <span class=\"iwg-fachbegriff\" data-tooltip=\"Praktiker som genom s\u00e4rskilda handlingar eller formler f\u00f6rs\u00f6ker p\u00e5verka tingens g\u00e5ng.\" tabindex=\"0\">magi<\/span>.<\/p>\t\t\t\t\t\t\t\t<\/div>\n\t\t\t\t<\/div>\n\t\t\t\t\t<\/div>\n\t\t\t\t<\/div>\n\t\t<div class=\"elementor-element elementor-element-iwgw-motphoenix-s2 e-flex e-con-boxed e-con e-parent\" data-id=\"iwgw-motphoenix-s2\" data-element_type=\"container\" data-e-type=\"container\">\n\t\t\t\t\t<div class=\"e-con-inner\">\n\t\t\t\t<div class=\"elementor-element elementor-element-iwgw-motphoenix-s2h elementor-widget elementor-widget-heading\" data-id=\"iwgw-motphoenix-s2h\" data-element_type=\"widget\" data-e-type=\"widget\" data-widget_type=\"heading.default\">\n\t\t\t\t\t<h2 class=\"elementor-heading-title elementor-size-default\">Beskrivning och ikonografi<\/h2>\t\t\t\t<\/div>\n\t\t<div class=\"elementor-element elementor-element-iwgw-motphoenix-s2c e-con-full e-flex e-con e-child\" data-id=\"iwgw-motphoenix-s2c\" data-element_type=\"container\" data-e-type=\"container\">\n\t\t\t\t<div class=\"elementor-element elementor-element-iwgw-motphoenix-s2t elementor-widget elementor-widget-text-editor\" data-id=\"iwgw-motphoenix-s2t\" data-element_type=\"widget\" data-e-type=\"widget\" data-widget_type=\"text-editor.default\">\n\t\t\t\t\t\t\t\t\t<p>Mot beskrivs i de ugaritiska texterna som en v\u00e4ldig j\u00e4tte, vars ena l\u00e4pp n\u00e5r till jorden och den andra till himlen, vars tunga str\u00e4cker sig till stj\u00e4rnorna och vars svalg uppslukar allt. Denna hyperboliska beskrivning h\u00f6r till den teologisk-poetiska stilen i Baal-cykeln och understryker Mots kosmiska storhet.<\/p><p>Ingen entydig ikonografi finns bevarad. M\u00f6jligen visar en fragmentarisk ugaritisk <span class=\"iwg-fachbegriff\" data-tooltip=\"En uppr\u00e4ttst\u00e5ende, inskriven eller bildprydd sten- eller tr\u00e4platta.\" tabindex=\"0\">stele<\/span> Mot som en sk\u00e4ggig j\u00e4tte med vid\u00f6ppen mun, men identifieringen \u00e4r omtvistad. Inom modern hettitologi visualiseras han ofta konceptuellt som ett &#8217;j\u00e4ttesvalg&#8217; eller en &#8217;monstr\u00f6s glupsk varelse&#8217;.<\/p><p>Hans boning \u00e4r underjorden, ofta kallad &#8217;j\u00e4ktens stad&#8217; (<em>qrt<\/em>) eller &#8217;jord, tr\u00e4sk&#8217;.<\/p><p>Denna underjord \u00e4r ett m\u00f6rkt, smutsigt omr\u00e5de utan ljus och vatten, vars atmosf\u00e4r endast Mot sj\u00e4lv och hans budb\u00e4rare kan vistas i. Levande gudomar som stiger ner till underjorden m\u00e5ste vidta s\u00e4rskilda f\u00f6rsiktighets\u00e5tg\u00e4rder f\u00f6r att inte falla ner i Mots svalg.<\/p><p>En fragmentarisk <span class=\"iwg-fachbegriff\" data-tooltip=\"En text inristad eller huggen i ett fast underlag.\" tabindex=\"0\">inskription<\/span> fr\u00e5n Sidon n\u00e4mner Mot i en gravformel, d\u00e4r den avlidne uppmanas att &#8217;inte g\u00e5 till Mot, utan vila hos f\u00f6rf\u00e4derna&#8217;. Denna \u00e5tskillnad mellan &#8217;Mot&#8217; och &#8217;f\u00f6rf\u00e4derna&#8217; \u00e4r religionshistoriskt belysande och motsvarar den ugaritiska distinktionen mellan underjordens hot och f\u00f6rf\u00e4derskultens skydd.<\/p>\t\t\t\t\t\t\t\t<\/div>\n\t\t\t\t<\/div>\n\t\t\t\t\t<\/div>\n\t\t\t\t<\/div>\n\t\t<div class=\"elementor-element elementor-element-iwgw-motphoenix-s3 e-flex e-con-boxed e-con e-parent\" data-id=\"iwgw-motphoenix-s3\" data-element_type=\"container\" data-e-type=\"container\">\n\t\t\t\t\t<div class=\"e-con-inner\">\n\t\t\t\t<div class=\"elementor-element elementor-element-iwgw-motphoenix-s3h elementor-widget elementor-widget-heading\" data-id=\"iwgw-motphoenix-s3h\" data-element_type=\"widget\" data-e-type=\"widget\" data-widget_type=\"heading.default\">\n\t\t\t\t\t<h2 class=\"elementor-heading-title elementor-size-default\">Mytologiska ber\u00e4ttelser<\/h2>\t\t\t\t<\/div>\n\t\t<div class=\"elementor-element elementor-element-iwgw-motphoenix-s3c e-con-full e-flex e-con e-child\" data-id=\"iwgw-motphoenix-s3c\" data-element_type=\"container\" data-e-type=\"container\">\n\t\t\t\t<div class=\"elementor-element elementor-element-iwgw-motphoenix-s3t elementor-widget elementor-widget-text-editor\" data-id=\"iwgw-motphoenix-s3t\" data-element_type=\"widget\" data-e-type=\"widget\" data-widget_type=\"text-editor.default\">\n\t\t\t\t\t\t\t\t\t<p>Huvudk\u00e4llan f\u00f6r Mot \u00e4r den ugaritiska Baal-cykeln (KTU 1.4, 1.6), s\u00e4rskilt tavlorna V och VI. Handlingen i korthet: efter att ha byggt sitt palats p\u00e5 berget Saphon skickar <a href=\"https:\/\/iwell-guard.com\/sv\/baal-hadad-fenicisk-vadergud\/\">Baal<\/a> budb\u00e4rare till Mot f\u00f6r att f\u00f6rkunna sin herrav\u00e4lde.<\/p><p>Mot svarar med ett hot om att uppsluka Baal, eftersom Baal endast \u00e4r en d\u00f6dlig bland d\u00f6dliga. Baal svarar f\u00f6rst med motst\u00e5nd, sedan med acceptans: han stiger ner till underjorden.<\/p><p>Mot uppslukar Baal; jorden torkar ut, v\u00e4xtligheten d\u00f6r, boskapen slutar f\u00f6da ungar. <a href=\"https:\/\/iwell-guard.com\/sv\/anat-fenicisk-krigsgudinna\/\">Anat<\/a>, Baals syster och f\u00f6ljeslagare, s\u00f6ker honom f\u00f6rg\u00e4ves. Till slut hittar hon hans kropp och begraver honom under t\u00e5rar.<\/p><p>D\u00e4refter v\u00e4nder hon sig mot Mot: &#8217;Hon griper den gudomlige Mot, klyver honom med sv\u00e4rdet, kastar honom i sikten, br\u00e4nner honom i elden, krossar honom med kvarnstenen, s\u00e5r honom p\u00e5 f\u00e4ltet.&#8217;<\/p><p>Denna spektakul\u00e4ra f\u00f6rg\u00f6relsescen h\u00f6r till de mest gripande episoderna inom den fornorientaliska <span class=\"iwg-fachbegriff\" data-tooltip=\"Den samlade m\u00e4ngden av en kulturs \u00f6verl\u00e4mnade gudaber\u00e4ttelser.\" tabindex=\"0\">mytologin<\/span>. Med Mots d\u00f6d kan Baal \u00e5teruppst\u00e5; v\u00e4xtligheten \u00e5terv\u00e4nder. Mots nederlag \u00e4r dock inte slutgiltigt: han regenereras efter sju \u00e5r, och konflikten med Baal forts\u00e4tter cykliskt. Denna cykliska struktur motsvarar den \u00e5rliga vegetationsperioden.<\/p><p>Under det sjunde \u00e5ret efter sin f\u00f6rg\u00f6relse reser Mot sig \u00e5terigen och beg\u00e4r av Baal att en bror ska l\u00e4mnas ut som ers\u00e4ttning. Baal skickar ljud och bilder; efter l\u00e5nga f\u00f6rhandlingar n\u00e5s en kompromiss. Denna slutscen \u00e4r fragmentariskt bevarad och h\u00f6r till de mest omtvistade passagerna i Baal-cykeln.<\/p>\t\t\t\t\t\t\t\t<\/div>\n\t\t\t\t<\/div>\n\t\t\t\t\t<\/div>\n\t\t\t\t<\/div>\n\t\t<div class=\"elementor-element elementor-element-iwgw-motphoenix-s4 e-flex e-con-boxed e-con e-parent\" data-id=\"iwgw-motphoenix-s4\" data-element_type=\"container\" data-e-type=\"container\">\n\t\t\t\t\t<div class=\"e-con-inner\">\n\t\t\t\t<div class=\"elementor-element elementor-element-iwgw-motphoenix-s4h elementor-widget elementor-widget-heading\" data-id=\"iwgw-motphoenix-s4h\" data-element_type=\"widget\" data-e-type=\"widget\" data-widget_type=\"heading.default\">\n\t\t\t\t\t<h2 class=\"elementor-heading-title elementor-size-default\">Kult och v\u00f6rdnad<\/h2>\t\t\t\t<\/div>\n\t\t<div class=\"elementor-element elementor-element-iwgw-motphoenix-s4c e-con-full e-flex e-con e-child\" data-id=\"iwgw-motphoenix-s4c\" data-element_type=\"container\" data-e-type=\"container\">\n\t\t\t\t<div class=\"elementor-element elementor-element-iwgw-motphoenix-s4t elementor-widget elementor-widget-text-editor\" data-id=\"iwgw-motphoenix-s4t\" data-element_type=\"widget\" data-e-type=\"widget\" data-widget_type=\"text-editor.default\">\n\t\t\t\t\t\t\t\t\t<p>Mot var inte f\u00f6rem\u00e5l f\u00f6r kult i positiv mening; som d\u00f6dsgud dyrkades han inte, utan avv\u00e4rjdes eller blidkades <span class=\"iwg-fachbegriff\" data-tooltip=\"Tillh\u00f6rande ett fastst\u00e4llt religi\u00f6st handlingsf\u00f6rlopp.\" tabindex=\"0\">rituellt<\/span>. I ugaritiska gravriter framtr\u00e4der han som mottagare av de d\u00f6da; gravformlerna ber Mot att ta emot den avlidne utan att pina honom.<\/p><p>Hans <span class=\"iwg-fachbegriff\" data-tooltip=\"En \u00f6verl\u00e4mnad ber\u00e4ttelse om gudar, ursprung och v\u00e4rldens ordning.\" tabindex=\"0\">myt<\/span> reciterades inom rikskulten; troligen var den rituella \u00e5teruppf\u00f6randet av Baal-Mot-sekvensen en del av h\u00f6st- eller vintersolst\u00e5ndsfesten, n\u00e4r v\u00e4xtligheten verkligen dog bort. Baals \u00e5teruppst\u00e5ndelse p\u00e5 v\u00e5ren aktualiserades sedan <span class=\"iwg-fachbegriff\" data-tooltip=\"Tillh\u00f6rande ett fastst\u00e4llt religi\u00f6st handlingsf\u00f6rlopp.\" tabindex=\"0\">rituellt<\/span> genom v\u00e5rfestkomplexet. Denna s\u00e4songsbetonade ritualpraxis \u00e4r ett viktigt historiskt k\u00e4nnetecken f\u00f6r den feniciska religionen.<\/p><p>I feniciska gravformler fr\u00e5n <span class=\"iwg-fachbegriff\" data-tooltip=\"F\u00f6rhistorisk epok efter brons\u00e5ldern, pr\u00e4glad av j\u00e4rnbearbetning.\" tabindex=\"0\">j\u00e4rn\u00e5ldern<\/span> framtr\u00e4der Mot som underjordens mottagare av de d\u00f6da. Sarkofaginskriptionerna fr\u00e5n de feniciska kungarna (till exempel Eshmunazar II) inneh\u00e5ller skyddsformler mot gravr\u00e5nare och mot att Mot tar den d\u00f6de i f\u00f6rtid. Dessa &#8217;d\u00f6dsformler&#8217; \u00e4r religionshistoriskt v\u00e4ldokumenterade.<\/p><p>Mots funktion inom gravritualistiken \u00e4r v\u00e4l belagd; de ugaritiska <em>marzi\u1e25u<\/em>-sammanslutningarna, en form av begravningsbr\u00f6draskap, h\u00f6ll regelbundna m\u00e5ltider till minne av de d\u00f6da. Sammanslutningarna \u00e4r k\u00e4nda fr\u00e5n ett stort antal inskriptioner och h\u00f6r till de viktigaste sociala religi\u00f6sa institutionerna i det ugaritiska samh\u00e4llet.<\/p>\t\t\t\t\t\t\t\t<\/div>\n\t\t\t\t<\/div>\n\t\t\t\t\t<\/div>\n\t\t\t\t<\/div>\n\t\t<div class=\"elementor-element elementor-element-iwgw-motphoenix-s5 e-flex e-con-boxed e-con e-parent\" data-id=\"iwgw-motphoenix-s5\" data-element_type=\"container\" data-e-type=\"container\">\n\t\t\t\t\t<div class=\"e-con-inner\">\n\t\t\t\t<div class=\"elementor-element elementor-element-iwgw-motphoenix-s5h elementor-widget elementor-widget-heading\" data-id=\"iwgw-motphoenix-s5h\" data-element_type=\"widget\" data-e-type=\"widget\" data-widget_type=\"heading.default\">\n\t\t\t\t\t<h2 class=\"elementor-heading-title elementor-size-default\">Skyddspraxis och apotrop\u00e4iskt<\/h2>\t\t\t\t<\/div>\n\t\t<div class=\"elementor-element elementor-element-iwgw-motphoenix-s5c e-con-full e-flex e-con e-child\" data-id=\"iwgw-motphoenix-s5c\" data-element_type=\"container\" data-e-type=\"container\">\n\t\t\t\t<div class=\"elementor-element elementor-element-iwgw-motphoenix-s5t elementor-widget elementor-widget-text-editor\" data-id=\"iwgw-motphoenix-s5t\" data-element_type=\"widget\" data-e-type=\"widget\" data-widget_type=\"text-editor.default\">\n\t\t\t\t\t\t\t\t\t<p>Apotrop\u00e4iska praktiker mot Mot var vanliga i den feniciska v\u00e4rlden. I hemmen uttalades skyddsformler mot &#8221;den slukande Mot&#8221;; <em>\u02berr<\/em>-formlerna (f\u00f6rbannelse- och skyddsformler) riktar sig ofta mot Mots grepp om huset och familjen. Charles Krahmalkov har samlat motsvarande formler i <em>A Phoenician-Punic Grammar<\/em> (2001).<\/p><p>I begravningssammanhang f\u00f6rekommer Mots namn i samband med skyddsg\u00e5vor till de d\u00f6da: mat, dryck, smycken och personliga f\u00f6rem\u00e5l skulle f\u00f6lja den d\u00f6de till underjorden. Denna &#8221;reseproviant&#8221; \u00e4r historiskt j\u00e4mf\u00f6rbar med egyptiska och mesopotamiska begravningssedv\u00e4njor.<\/p><p data-nosnippet=\"true\">Ur vetenskapligt perspektiv \u00e4r Mots skyddsfunktion paradoxal: han \u00e4r ingen skyddsgud utan den man skyddar sig mot. Hans roll i religionen \u00e4r negativt konnoterad utan att han \u00e4r ondskefull, han \u00e4r en kosmisk n\u00f6dv\u00e4ndighet, en funktion i v\u00e4rldscykeln. iWell Guard listar Mot som en historisk-mytologisk gestalt utan aktuell skyddsfunktion och utan moderna h\u00e4lsol\u00f6ften.<\/p><p>Den ber\u00f6mda begravningsformeln <em>&#8217;l yqbr nbt&#8217;<\/em> fr\u00e5n Eshmunazar-sarkofagen uppmanar till att inte \u00f6ppna graven, f\u00f6r annars skulle &#8221;Mot komma \u00f6ver familjen&#8221;. Dessa f\u00f6rbannelseformler h\u00f6r till de mest imponerande epigrafiska vittnesb\u00f6rden om den feniciska d\u00f6ds-<span class=\"iwg-fachbegriff\" data-tooltip=\"Den vetenskapliga l\u00e4ran om Gud och om en religions tro.\" tabindex=\"0\">teologin<\/span>.<\/p>\t\t\t\t\t\t\t\t<\/div>\n\t\t\t\t<\/div>\n\t\t\t\t\t<\/div>\n\t\t\t\t<\/div>\n\t\t<div class=\"elementor-element elementor-element-iwgw-motphoenix-s6 e-flex e-con-boxed e-con e-parent\" data-id=\"iwgw-motphoenix-s6\" data-element_type=\"container\" data-e-type=\"container\">\n\t\t\t\t\t<div class=\"e-con-inner\">\n\t\t\t\t<div class=\"elementor-element elementor-element-iwgw-motphoenix-s6h elementor-widget elementor-widget-heading\" data-id=\"iwgw-motphoenix-s6h\" data-element_type=\"widget\" data-e-type=\"widget\" data-widget_type=\"heading.default\">\n\t\t\t\t\t<h2 class=\"elementor-heading-title elementor-size-default\">Paralleller i andra kulturer<\/h2>\t\t\t\t<\/div>\n\t\t<div class=\"elementor-element elementor-element-iwgw-motphoenix-s6c e-con-full e-flex e-con e-child\" data-id=\"iwgw-motphoenix-s6c\" data-element_type=\"container\" data-e-type=\"container\">\n\t\t\t\t<div class=\"elementor-element elementor-element-iwgw-motphoenix-s6t elementor-widget elementor-widget-text-editor\" data-id=\"iwgw-motphoenix-s6t\" data-element_type=\"widget\" data-e-type=\"widget\" data-widget_type=\"text-editor.default\">\n\t\t\t\t\t\t\t\t\t<p>Mot tillh\u00f6r den internationella familjen av d\u00f6dsgudar. I det mesopotamiska motsvaras han av Ere\u0161kigal och Nergal, b\u00e5da underjordens gudar; hos egyptierna av Osiris i hans underjordiska fas; hos hettiterna av &#8221;jordens solgudinna&#8221;. Mark Smith har i <em>The Origins of Biblical Monotheism<\/em> (2001) utf\u00f6rligt redogjort f\u00f6r denna j\u00e4mf\u00f6rande religionshistoria.<\/p><p>Med den grekiske Hades delar Mot funktionen som underjordens h\u00e4rskare; med Thanatos den personifierade d\u00f6dsfunktionen. B\u00e5da de grekiska gudarna har dock tydligt andra teologiska profiler \u00e4n Mot, framf\u00f6r allt eftersom de inte \u00e4r inblandade i cykliska vegetationsstrider.<\/p><p>I det hebreiska materialet \u00e4r Mot som kosmisk motpol till Jahve inte fullst\u00e4ndigt integrerad; enskilda poetiska texter (Hos 13,14; Jes 25,8) bevarar dock Mot-traditionen.<\/p><p>Religionshistoriskt \u00e4r Mot f\u00f6r det gamla Israel en &#8221;osynlig motst\u00e5ndare&#8221; till den monoteistiska <span class=\"iwg-fachbegriff\" data-tooltip=\"Den vetenskapliga l\u00e4ran om Gud och om en religions tro.\" tabindex=\"0\">teologin<\/span>; hans uppl\u00f6sning till en ren funktion h\u00f6r till den teologiska konsolideringen av jahvismen. Med <a href=\"https:\/\/iwell-guard.com\/sv\/hedammu-havsmonstret-kumarbi-cykeln\/\">Hedammu<\/a> och <a href=\"https:\/\/iwell-guard.com\/sv\/ullikummi-stenjatten-mot-gudarna\/\">Ullikummi<\/a> i den <a href=\"https:\/\/iwell-guard.com\/sv\/hettitiskt-anatoliskt-tarhunna-tusen-gudar-skyddspraxis\/\">hettitiska traditionen<\/a> delar Mot karakt\u00e4ren av kaosv\u00e4sen, dock i en egen &#8221;d\u00f6ds&#8221;-variant.<\/p><p>I arameiska och feniciska inskriptioner fr\u00e5n det f\u00f6rsta \u00e5rtusendet f.Kr. f\u00f6rsvinner Mot till stor del som personifierad gud; d\u00f6den refereras alltmer endast som en kosmisk sf\u00e4r, inte som en handlande <span class=\"iwg-fachbegriff\" data-tooltip=\"Ett v\u00e4sen som dyrkas som gudomligt inom en religion.\" tabindex=\"0\">gudom<\/span>. Denna &#8221;avgudifiering&#8221; av d\u00f6den \u00e4r historiskt belysande och l\u00f6per parallellt med en liknande utveckling hos <a href=\"https:\/\/iwell-guard.com\/sv\/yam-fenicisk-havsgud\/\">Yam<\/a>.<\/p>\t\t\t\t\t\t\t\t<\/div>\n\t\t\t\t<\/div>\n\t\t\t\t\t<\/div>\n\t\t\t\t<\/div>\n\t\t<div class=\"elementor-element elementor-element-iwgw-motphoenix-s7 e-flex e-con-boxed e-con e-parent\" data-id=\"iwgw-motphoenix-s7\" data-element_type=\"container\" data-e-type=\"container\">\n\t\t\t\t\t<div class=\"e-con-inner\">\n\t\t\t\t<div class=\"elementor-element elementor-element-iwgw-motphoenix-s7h elementor-widget elementor-widget-heading\" data-id=\"iwgw-motphoenix-s7h\" data-element_type=\"widget\" data-e-type=\"widget\" data-widget_type=\"heading.default\">\n\t\t\t\t\t<h2 class=\"elementor-heading-title elementor-size-default\">Nutida mottagande och forskning<\/h2>\t\t\t\t<\/div>\n\t\t<div class=\"elementor-element elementor-element-iwgw-motphoenix-s7c e-con-full e-flex e-con e-child\" data-id=\"iwgw-motphoenix-s7c\" data-element_type=\"container\" data-e-type=\"container\">\n\t\t\t\t<div class=\"elementor-element elementor-element-iwgw-motphoenix-s7t elementor-widget elementor-widget-text-editor\" data-id=\"iwgw-motphoenix-s7t\" data-element_type=\"widget\" data-e-type=\"widget\" data-widget_type=\"text-editor.default\">\n\t\t\t\t\t\t\t\t\t<p>Mot-forskningen h\u00e5ller idag h\u00f6g niv\u00e5. Mark Smiths och Wayne Pitards utg\u00e5va av Baalcykeln \u00e4r standardreferens; John Day, Daniel Schwemer och Corinne Bonnet har bidragit med viktiga religionshistoriska insatser. Theodore Lewis har unders\u00f6kt den ugaritiska d\u00f6dskulten i <em>Cults of the Dead in Ancient Israel and Ugarit<\/em> (1989).<\/p><p>I den popul\u00e4ra receptionen \u00e4r Mot framf\u00f6r allt k\u00e4nd genom de ugaritiska myterna och de hebreisk-bibliska anspelningarna. En andlig \u00e5terupplivning i nyhednisk mening saknas; d\u00f6dsguden \u00e4r f\u00f6r fr\u00e4mmande och mytologiskt problematisk f\u00f6r moderna former av fromhet.<\/p><p>Vetenskapligt g\u00e4ller Mot idag som ett centralt studieobjekt f\u00f6r den fornorientaliska d\u00f6ds- och underjordsreligionen. Aktuella forskningsfokus ligger p\u00e5 f\u00f6rbindelsen mellan Mot-<span class=\"iwg-fachbegriff\" data-tooltip=\"En \u00f6verl\u00e4mnad ber\u00e4ttelse om gudar, ursprung och v\u00e4rldens ordning.\" tabindex=\"0\">myten<\/span> och ugaritiska begravningsriter, p\u00e5 de hebreisk-bibliska parallellerna samt p\u00e5 fr\u00e5gan om de s\u00e4songsbundna riter som aktualiserade Baal-Mot-cykeln. iWell Guard listar Mot som ett historiskt exempel utan praktisk skyddsrelevans.<\/p><p>Aktuell forskning av Theodore Lewis och Joseph Lam om den ugaritiska d\u00f6dsreligionen s\u00e4tter Mot i ett vidare religionshistoriskt sammanhang: som representant f\u00f6r det arkaiska skiktet av v\u00e4stsemitisk religion, som under den senare <span class=\"iwg-fachbegriff\" data-tooltip=\"F\u00f6rhistorisk epok efter brons\u00e5ldern, pr\u00e4glad av j\u00e4rnbearbetning.\" tabindex=\"0\">j\u00e4rn\u00e5ldern<\/span> gradvis avvecklades genom en teologisk rensning.<\/p>\t\t\t\t\t\t\t\t<\/div>\n\t\t\t\t<\/div>\n\t\t\t\t\t<\/div>\n\t\t\t\t<\/div>\n\t\t<div class=\"elementor-element elementor-element-iwgw-motphoenix-s8 e-flex e-con-boxed e-con e-parent\" data-id=\"iwgw-motphoenix-s8\" data-element_type=\"container\" data-e-type=\"container\">\n\t\t\t\t\t<div class=\"e-con-inner\">\n\t\t\t\t<div class=\"elementor-element elementor-element-iwgw-motphoenix-s8h elementor-widget elementor-widget-heading\" data-id=\"iwgw-motphoenix-s8h\" data-element_type=\"widget\" data-e-type=\"widget\" data-widget_type=\"heading.default\">\n\t\t\t\t\t<h2 class=\"elementor-heading-title elementor-size-default\">Litteratur och k\u00e4llor<\/h2>\t\t\t\t<\/div>\n\t\t<div class=\"elementor-element elementor-element-iwgw-motphoenix-s8c e-con-full e-flex e-con e-child\" data-id=\"iwgw-motphoenix-s8c\" data-element_type=\"container\" data-e-type=\"container\">\n\t\t\t\t<div class=\"elementor-element elementor-element-iwgw-motphoenix-s8t elementor-widget elementor-widget-text-editor\" data-id=\"iwgw-motphoenix-s8t\" data-element_type=\"widget\" data-e-type=\"widget\" data-widget_type=\"text-editor.default\">\n\t\t\t\t\t\t\t\t\t<p>F\u00f6ljande urval samlar de viktigaste standardverken inom Mot-forskningen. Det omfattar textutg\u00e5vor, historiska syntesarbeten och studier av de hebreisk-bibliska parallellerna. Mark Smiths utg\u00e5va av Baalcykeln utg\u00f6r grunden f\u00f6r prim\u00e4rk\u00e4llorna; Lewis erbjuder den ritualhistoriska kontexten; Day den bibliska j\u00e4mf\u00f6relseniv\u00e5n; Bonnet det feniciskt-mediterrana perspektivet.<\/p>\t\t\t\t\t\t\t\t<\/div>\n\t\t\t\t<\/div>\n\t\t\t\t\t<\/div>\n\t\t\t\t<\/div>\n\t\t<div class=\"elementor-element elementor-element-cp23bf9f41 e-flex e-con-boxed e-con e-parent\" data-id=\"cp23bf9f41\" data-element_type=\"container\" data-e-type=\"container\">\n\t\t\t\t\t<div class=\"e-con-inner\">\n\t\t\t\t<div class=\"elementor-element elementor-element-cp217e9588 elementor-widget elementor-widget-heading\" data-id=\"cp217e9588\" data-element_type=\"widget\" data-e-type=\"widget\" data-widget_type=\"heading.default\">\n\t\t\t\t\t<h2 class=\"elementor-heading-title elementor-size-default\">Baals d\u00f6d och uppslukandet genom Mot<\/h2>\t\t\t\t<\/div>\n\t\t<div class=\"elementor-element elementor-element-cp217c13a6 e-flex e-con-boxed e-con e-child\" data-id=\"cp217c13a6\" data-element_type=\"container\" data-e-type=\"container\">\n\t\t\t\t\t<div class=\"e-con-inner\">\n\t\t\t\t<div class=\"elementor-element elementor-element-cp2c8beb88 elementor-widget elementor-widget-text-editor\" data-id=\"cp2c8beb88\" data-element_type=\"widget\" data-e-type=\"widget\" data-widget_type=\"text-editor.default\">\n\t\t\t\t\t\t\t\t\t<p>Den mest utf\u00f6rliga ber\u00e4ttelsen om <em>Mot<\/em> finns i den senare delen av den ugaritiska Baal-cykeln, p\u00e5 tavlorna KTU 1.4 till 1.6. Efter att Baal har rest sitt palats utmanar han Mot, eller hamnar \u00e5tminstone inom dennes maktsf\u00e4r.<\/p><p>Mots rike beskrivs med drastiska bilder: hans svalg str\u00e4cker sig fr\u00e5n jorden till himlen, hans l\u00e4ppar omsluter allt, den ena l\u00e4ppen vid underjorden, den andra vid himlen. Den som hamnar i detta gap blir uppslukad.<\/p><p>Baal stiger ner och anses vara d\u00f6d. Texten l\u00e5ter El, h\u00f6gguden, och gudinnan Anat drabbas av sorg. El stiger ner fr\u00e5n tronen, s\u00e4tter sig p\u00e5 marken och tillfogar sig sj\u00e4lv sorges\u00e5r. Denna scen \u00e4r religionshistoriskt viktig, eftersom den visar att till och med v\u00e4dergudens makt i ugaritiskt t\u00e4nkande kan underkuvas av d\u00f6dens makt, om \u00e4n inte slutgiltigt.<\/p><p>R\u00e4ddningen kommer genom Anat. Hon s\u00f6ker upp Mot, griper honom och behandlar honom som s\u00e4d: hon klyver honom med sv\u00e4rdet, kastar honom med kastskoveln, rostar honom i elden, mal honom med kvarnstenarna och str\u00f6r ut honom \u00f6ver \u00e5kern.<\/p><p>Detta bildspr\u00e5k har v\u00e4ckt en intensiv debatt om huruvida Baal-cykeln \u00e4r en jordbruksm\u00e4ssig \u00e5rscykel, d\u00e4r Mot f\u00f6rkroppsligar torrperioden eller det sk\u00f6rdade kornet. Mer f\u00f6rsiktiga tolkningar, till exempel av Mark S. Smith, varnar f\u00f6r att alltf\u00f6r f\u00f6rhastat l\u00e4sa texten som ett rent vegetationsdrama och betonar i st\u00e4llet konfliktens politiska och kosmiska dimension.<\/p>\t\t\t\t\t\t\t\t<\/div>\n\t\t\t\t\t<\/div>\n\t\t\t\t<\/div>\n\t\t\t\t\t<\/div>\n\t\t\t\t<\/div>\n\t\t<div class=\"elementor-element elementor-element-cp21f32346 e-flex e-con-boxed e-con e-parent\" data-id=\"cp21f32346\" data-element_type=\"container\" data-e-type=\"container\">\n\t\t\t\t\t<div class=\"e-con-inner\">\n\t\t\t\t<div class=\"elementor-element elementor-element-cp2244ca44 elementor-widget elementor-widget-heading\" data-id=\"cp2244ca44\" data-element_type=\"widget\" data-e-type=\"widget\" data-widget_type=\"heading.default\">\n\t\t\t\t\t<h2 class=\"elementor-heading-title elementor-size-default\">Mot hos Sanchunjaton och den feniciska kosmogonin<\/h2>\t\t\t\t<\/div>\n\t\t<div class=\"elementor-element elementor-element-cp2b74897d e-flex e-con-boxed e-con e-child\" data-id=\"cp2b74897d\" data-element_type=\"container\" data-e-type=\"container\">\n\t\t\t\t\t<div class=\"e-con-inner\">\n\t\t\t\t<div class=\"elementor-element elementor-element-cp2eee7780 elementor-widget elementor-widget-text-editor\" data-id=\"cp2eee7780\" data-element_type=\"widget\" data-e-type=\"widget\" data-widget_type=\"text-editor.default\">\n\t\t\t\t\t\t\t\t\t<p>Ut\u00f6ver Ugarit finns det en andra, helt annorlunda k\u00e4lla d\u00e4r en <em>Mot<\/em> f\u00f6rekommer: den feniciska kosmogonin, som f\u00f6rfattaren Filon av Byblos \u00f6verl\u00e4mnar p\u00e5 grekiska och som han \u00e5terf\u00f6r p\u00e5 en p\u00e5st\u00e5tt ur\u00e5ldrig k\u00e4lla vid namn Sanchunjaton. Texten \u00e4r bevarad endast i citat hos kyrkof\u00f6rfattaren Eusebios av Caesarea i hans <em>Praeparatio evangelica<\/em>.<\/p><p>I denna kosmogoni \u00e4r <em>Mot<\/em> ingen d\u00f6dsdemon i tvekamp, utan ett kosmogoniskt ur\u00e4mne. Ur f\u00f6reningen av vind och kaos uppst\u00e5r en gyttjig, fuktig massa, just Mot, ur vilken sedan skapelsens groddar och slutligen levande varelser uppst\u00e5r.<\/p><p>Vissa forskare har sett h\u00e4ri en form av &#8221;slam&#8221; eller &#8221;ruttnande materia&#8221;, andra har till och med uppfattat det grekiska ordet som en f\u00f6rvanskad stavning av ett annat begrepp.<\/p><p>F\u00f6rh\u00e5llandet mellan dessa tv\u00e5 Mot-gestalter \u00e4r oklart. Det \u00e4r inte s\u00e4kert om den ugaritiska d\u00f6dsguden och det feniciska ur\u00e4mnet ens \u00e4r etymologiskt identiska, eller om det h\u00e4r r\u00f6r sig om tv\u00e5 olika ord som sammanfaller. Sanchunjaton-<span class=\"iwg-fachbegriff\" data-tooltip=\"\u00d6verf\u00f6ringen av kunskap och ber\u00e4ttelser genom generationer.\" tabindex=\"0\">\u00f6verl\u00e4mnandet<\/span> \u00e4r dessutom i sig en notoriskt sv\u00e5r text: l\u00e4nge betraktades den som en sen uppfinning, men sedan fynden i Ugarit har man \u00e5ter erk\u00e4nt att den har en \u00e4kta gammalfenicisk k\u00e4rna, utan att man s\u00e4kert kan avg\u00f6ra hur stor andel som \u00e4r senare bearbetning. F\u00f6r Mot inneb\u00e4r detta att gestalten befinner sig i sk\u00e4rningspunkten mellan tv\u00e5 mycket olika k\u00e4llv\u00e4rldar, som inte g\u00e5r att foga samman utan brott. Om motst\u00e5ndaren i cykeln, se \u00e4ven <a href=\"https:\/\/iwell-guard.com\/sv\/yam-fenicisk-havsgud\/\">Yam<\/a>.\t\t\t\t\t\t\t\t<\/div>\n\t\t\t\t\t<\/div>\n\t\t\t\t<\/div>\n\t\t\t\t\t<\/div>\n\t\t\t\t<\/div>\n\t\t<div class=\"elementor-element elementor-element-iwgw-motphoenix-lit e-flex e-con-boxed e-con e-parent\" data-id=\"iwgw-motphoenix-lit\" data-element_type=\"container\" data-e-type=\"container\">\n\t\t\t\t\t<div class=\"e-con-inner\">\n\t\t\t\t<div class=\"elementor-element elementor-element-iwgw-motphoenix-lith elementor-widget elementor-widget-heading\" data-id=\"iwgw-motphoenix-lith\" data-element_type=\"widget\" data-e-type=\"widget\" data-widget_type=\"heading.default\">\n\t\t\t\t\t<h2 class=\"elementor-heading-title elementor-size-default\">Litteratur (urval)<\/h2>\t\t\t\t<\/div>\n\t\t<div class=\"elementor-element elementor-element-iwgw-motphoenix-litc e-con-full e-flex e-con e-child\" data-id=\"iwgw-motphoenix-litc\" data-element_type=\"container\" data-e-type=\"container\">\n\t\t\t\t<div class=\"elementor-element elementor-element-iwgw-motphoenix-litt elementor-widget elementor-widget-text-editor\" data-id=\"iwgw-motphoenix-litt\" data-element_type=\"widget\" data-e-type=\"widget\" data-widget_type=\"text-editor.default\">\n\t\t\t\t\t\t\t\t\t<div data-nosnippet=\"true\"><ul><li>Mark Smith \/ Wayne Pitard: <em>The Ugaritic Baal Cycle<\/em> (Leiden 1994\/2009)<\/li><li>Theodore Lewis: <em>Cults of the Dead in Ancient Israel and Ugarit<\/em> (Atlanta 1989)<\/li><li>John Day: <em>God&#8217;s Conflict with the Dragon and the Sea<\/em> (Cambridge 1985)<\/li><li>Mark Smith: <em>The Origins of Biblical Monotheism<\/em> (Oxford 2001)<\/li><li>Corinne Bonnet: <em>Les enfants de Cadmos<\/em> (Paris 2015)<\/li><li>Sabatino Moscati: <em>Die Ph\u00f6niker<\/em> (Stuttgart 1966)<\/li><\/ul><\/div>\t\t\t\t\t\t\t\t<\/div>\n\t\t\t\t<\/div>\n\t\t\t\t\t<\/div>\n\t\t\t\t<\/div>\n\t\t<div class=\"elementor-element elementor-element-iwgkw-add-motphoenix e-flex e-con-boxed e-con e-parent\" data-id=\"iwgkw-add-motphoenix\" data-element_type=\"container\" data-e-type=\"container\">\n\t\t\t\t\t<div class=\"e-con-inner\">\n\t\t\t\t<div class=\"elementor-element elementor-element-iwgkw-add-motphoenix-t elementor-widget elementor-widget-text-editor\" data-id=\"iwgkw-add-motphoenix-t\" data-element_type=\"widget\" data-e-type=\"widget\" data-widget_type=\"text-editor.default\">\n\t\t\t\t\t\t\t\t\t<p>Mot skildras i de ugaritiska texterna fr\u00e5n Ras Shamra som underjordens <em>herre<\/em>, som i Baal-cykeln k\u00e4mpar med v\u00e4dergudan om v\u00e4rldsordningen. Hans namn betyder helt enkelt &#8221;d\u00f6d&#8221;, och han f\u00f6rkroppsligar den t\u00e4rande makten hos torka, hungersn\u00f6d och d\u00f6d. I fenicisk-kanaaneisk religion f\u00f6rblir han en central gestalt bland d\u00f6dsrikets makter.<\/p>\t\t\t\t\t\t\t\t<\/div>\n\t\t\t\t\t<\/div>\n\t\t\t\t<\/div>\n\t\t<div class=\"elementor-element elementor-element-iwgkw2-add-motphoenix e-flex e-con-boxed e-con e-parent\" data-id=\"iwgkw2-add-motphoenix\" data-element_type=\"container\" data-e-type=\"container\">\n\t\t\t\t\t<div class=\"e-con-inner\">\n\t\t\t\t<div class=\"elementor-element elementor-element-iwgkw2-add-motphoenix-t elementor-widget elementor-widget-text-editor\" data-id=\"iwgkw2-add-motphoenix-t\" data-element_type=\"widget\" data-e-type=\"widget\" data-widget_type=\"text-editor.default\">\n\t\t\t\t\t\t\t\t\t<p>I Baal-cykeln fr\u00e5n Ugarit betraktas Mot som b\u00e5de <em>fenicisk<\/em> och <em>ugaritisk<\/em> herre \u00f6ver underjorden, vars kamp med Baal tolkas som v\u00e4xlingen mellan torrperiod och regntid.<\/p>\t\t\t\t\t\t\t\t<\/div>\n\t\t\t\t\t<\/div>\n\t\t\t\t<\/div>\n\t\t<div class=\"elementor-element elementor-element-iwgw-motphoenix-kwd e-flex e-con-boxed e-con e-parent\" data-id=\"iwgw-motphoenix-kwd\" data-element_type=\"container\" data-e-type=\"container\">\n\t\t\t\t\t<div class=\"e-con-inner\">\n\t\t<div class=\"elementor-element elementor-element-iwgw-motphoenix-kwdc e-con-full e-flex e-con e-child\" data-id=\"iwgw-motphoenix-kwdc\" data-element_type=\"container\" data-e-type=\"container\">\n\t\t\t\t<div class=\"elementor-element elementor-element-iwgw-motphoenix-kwdt elementor-widget elementor-widget-text-editor\" data-id=\"iwgw-motphoenix-kwdt\" data-element_type=\"widget\" data-e-type=\"widget\" data-widget_type=\"text-editor.default\">\n\t\t\t\t\t\t\t\t\t<p><em>Relaterade nyckelbegrepp: Mot Fenicier D\u00f6dsgud Baal-cykeln Anat Underjorden \u00c5rstid.<\/em><\/p>\t\t\t\t\t\t\t\t<\/div>\n\t\t\t\t<\/div>\n\t\t\t\t\t<\/div>\n\t\t\t\t<\/div>\n\t\t<div class=\"elementor-element elementor-element-iwgw-motphoenix-cc e-flex e-con-boxed e-con e-parent\" data-id=\"iwgw-motphoenix-cc\" data-element_type=\"container\" data-e-type=\"container\" id=\"iwg-cc-mot-phoenix\">\n\t\t\t\t\t<div class=\"e-con-inner\">\n\t\t<div class=\"elementor-element elementor-element-iwgw-motphoenix-ccinner e-flex e-con-boxed e-con e-parent\" data-id=\"iwgw-motphoenix-ccinner\" data-element_type=\"container\" data-e-type=\"container\" data-settings=\"{&quot;background_background&quot;:&quot;classic&quot;}\">\n\t\t\t\t\t<div class=\"e-con-inner\">\n\t\t\t\t<div class=\"elementor-element elementor-element-iwgw-motphoenix-cch elementor-widget elementor-widget-heading\" data-id=\"iwgw-motphoenix-cch\" data-element_type=\"widget\" data-e-type=\"widget\" data-widget_type=\"heading.default\">\n\t\t\t\t\t<h2 class=\"elementor-heading-title elementor-size-default\">iWell Guard och skyddstraditioner<\/h2>\t\t\t\t<\/div>\n\t\t\t\t<div class=\"elementor-element elementor-element-iwgw-motphoenix-cct elementor-widget elementor-widget-text-editor\" data-id=\"iwgw-motphoenix-cct\" data-element_type=\"widget\" data-e-type=\"widget\" data-widget_type=\"text-editor.default\">\n\t\t\t\t\t\t\t\t\t<div data-nosnippet=\"true\"><p>iWell Guard ansluter till den kulturhistoriska traditionen av b\u00e4rbara skyddsobjekt, i traditionen av <a href=\"https:\/\/iwell-guard.com\/sv\/fenicier-och-karthago-baal-tanit-skyddstradition\/\">Feniciskt<\/a> och m\u00e5nga andra kulturer v\u00e4rlden \u00f6ver. 41 niv\u00e5er, \u00e4kta guld, platina, silver, tillverkad i Tyskland. 30 dagars \u00e5ngerr\u00e4tt.<\/p><\/div>\t\t\t\t\t\t\t\t<\/div>\n\t\t\t\t<div class=\"elementor-element elementor-element-iwgw-motphoenix-ccb iwg-cc-button iwg-cc-cta-2026-05-13 elementor-widget elementor-widget-jet-button\" data-id=\"iwgw-motphoenix-ccb\" data-element_type=\"widget\" data-e-type=\"widget\" data-widget_type=\"jet-button.default\">\n\t\t\t\t<div class=\"elementor-widget-container\">\n\t\t\t\t\t<div class=\"elementor-jet-button jet-elements\"><div class=\"jet-button__container\"><a class=\"jet-button__instance jet-button__instance--icon-left hover-effect-1\" href=\"\/ueber-iwell-guard\/?utm_source=iwell-guard.com&amp;utm_medium=info-box&amp;utm_campaign=wesen-tradition\"><div class=\"jet-button__plane jet-button__plane-normal\"><\/div><div class=\"jet-button__plane jet-button__plane-hover\"><\/div><div class=\"jet-button__state jet-button__state-normal\"><span class=\"jet-button__label\">Mer om iWell Guard<\/span><\/div><div class=\"jet-button__state jet-button__state-hover\"><span class=\"jet-button__label\">Mer om iWell Guard<\/span><\/div><\/a><\/div><\/div><style>.elementor-element.elementor-element-iwgw-motphoenix-ccb .jet-button__instance{width:320px;height:56px;}.elementor-element.elementor-element-iwgw-motphoenix-ccb .jet-button__state-normal .jet-button__label{text-align:center;margin:0px 0px 0px 0px;color:#1a1b20;font-family:Montserrat,sans-serif;font-size:13px;font-weight:400;letter-spacing:4px;line-height:1.714em;text-transform:uppercase;}.elementor-element.elementor-element-iwgw-motphoenix-ccb .jet-button__state-hover .jet-button__label{text-align:center;margin:0px 0px 0px 0px;color:#FECC76;font-family:Montserrat,sans-serif;font-size:13px;font-weight:400;letter-spacing:4px;line-height:1.714em;text-transform:uppercase;}.elementor-element.elementor-element-iwgw-motphoenix-ccb .jet-button__plane-normal{background-color:#FECC76;border-style:solid;border-color:#C99540;border-width:2px 2px 2px 2px;}.elementor-element.elementor-element-iwgw-motphoenix-ccb .jet-button__plane-hover{background-color:rgba(0,0,0,0.55);border-style:solid;border-color:#FECC76;border-width:2px 2px 2px 2px;}<\/style>\t\t\t\t<\/div>\n\t\t\t\t<\/div>\n\t\t\t\t<div class=\"elementor-element elementor-element-iwgw-motphoenix-ccd elementor-widget elementor-widget-text-editor\" data-id=\"iwgw-motphoenix-ccd\" data-element_type=\"widget\" data-e-type=\"widget\" data-widget_type=\"text-editor.default\">\n\t\t\t\t\t\t\t\t\t<div data-nosnippet=\"true\"><p style=\"text-align:center;font-size:13px;opacity:0.7;margin-top:14px\" data-nosnippet=\"true\">Personliga erfarenheter kan variera. Ingen medicinteknisk produkt. Inget l\u00f6fte om l\u00e4kning.<\/p><\/div>\t\t\t\t\t\t\t\t<\/div>\n\t\t\t\t\t<\/div>\n\t\t\t\t<\/div>\n\t\t\t\t\t<\/div>\n\t\t\t\t<\/div>\n\t\t<div class=\"elementor-element elementor-element-iwgw-motphoenix-disc e-flex e-con-boxed e-con e-parent\" data-id=\"iwgw-motphoenix-disc\" data-element_type=\"container\" data-e-type=\"container\">\n\t\t\t\t\t<div class=\"e-con-inner\">\n\t\t\t\t<div class=\"elementor-element elementor-element-iwgw-motphoenix-discw elementor-widget elementor-widget-html\" data-id=\"iwgw-motphoenix-discw\" data-element_type=\"widget\" data-e-type=\"widget\" data-widget_type=\"html.default\">\n\t\t\t\t\t<footer data-nosnippet=\"true\" class=\"iwg-disclaimer-block\"><p data-nosnippet=\"true\">iWell Guard \u00e4r <strong>ingen medicinteknisk produkt<\/strong> och ers\u00e4tter inte l\u00e4karv\u00e5rd eller psykoterapeutisk behandling. De religionsvetenskapliga inneh\u00e5llen \u00e4r kulturhistorisk inordning, ingen andlig praxisrekommendation.<\/p><\/footer>\t\t\t\t<\/div>\n\t\t\t\t\t<\/div>\n\t\t\t\t<\/div>\n\t\t\t\t<\/div>\n\t\t","protected":false},"excerpt":{"rendered":"","protected":false},"author":3,"featured_media":2851,"parent":0,"menu_order":0,"comment_status":"closed","ping_status":"closed","template":"elementor_header_footer","meta":{"_yoast_wpseo_focuskw":"Mot Fenicier D\u00f6dsgud Baal","_yoast_wpseo_title":"Mot \u2013 Fenicisk d\u00f6dsgud, Baal-cykeln","_yoast_wpseo_metadesc":"Mot \u00e4r den fenicisk-ugaritiska d\u00f6dsguden och Baals besegrare i Baal-cykeln. Religionsvetenskaplig inordning.","_yoast_wpseo_meta-robots-noindex":"","_yoast_wpseo_canonical":"","_angie_page":false,"gefaehrdungsstufe":"4","wesen_kultur":"phoenizisch","wesen_klasse":"goetter","footnotes":""},"categories":[],"class_list":["post-136879","page","type-page","status-publish","has-post-thumbnail","hentry"],"yoast_head":"<!-- This site is optimized with the Yoast SEO Premium plugin v27.7 (Yoast SEO v28.3) - https:\/\/yoast.com\/product\/yoast-seo-premium-wordpress\/ -->\n<title>Mot \u2013 Fenicisk d\u00f6dsgud, Baal-cykeln<\/title>\n<meta name=\"description\" content=\"Mot \u00e4r den fenicisk-ugaritiska d\u00f6dsguden och Baals besegrare i Baal-cykeln. Religionsvetenskaplig inordning.\" \/>\n<meta name=\"robots\" content=\"index, follow, max-snippet:-1, max-image-preview:large, max-video-preview:-1\" \/>\n<link rel=\"canonical\" href=\"https:\/\/iwell-guard.com\/sv\/mot-fenicisk-dodsgud\/\" \/>\n<meta property=\"og:locale\" content=\"sv_SE\" \/>\n<meta property=\"og:type\" content=\"article\" \/>\n<meta property=\"og:title\" content=\"Mot \u2013 Fenicisk d\u00f6dsgud\" \/>\n<meta property=\"og:description\" content=\"Mot \u00e4r den fenicisk-ugaritiska d\u00f6dsguden och Baals besegrare i Baal-cykeln. Religionsvetenskaplig inordning.\" \/>\n<meta property=\"og:url\" content=\"https:\/\/iwell-guard.com\/sv\/mot-fenicisk-dodsgud\/\" \/>\n<meta property=\"og:site_name\" content=\"iWell Guard\" \/>\n<meta property=\"article:modified_time\" content=\"2026-09-03T01:14:38+00:00\" \/>\n<meta property=\"og:image\" content=\"https:\/\/iwell-guard.com\/wp-content\/uploads\/2026\/05\/goetter_phoenizisch_mot-phoenix.webp\" \/>\n\t<meta property=\"og:image:width\" content=\"1024\" \/>\n\t<meta property=\"og:image:height\" content=\"1536\" \/>\n\t<meta property=\"og:image:type\" content=\"image\/webp\" \/>\n<meta name=\"twitter:card\" content=\"summary_large_image\" \/>\n<script type=\"application\/ld+json\" class=\"yoast-schema-graph\">{\"@context\":\"https:\\\/\\\/schema.org\",\"@graph\":[{\"@type\":\"WebPage\",\"@id\":\"https:\\\/\\\/iwell-guard.com\\\/sv\\\/mot-fenicisk-dodsgud\\\/\",\"url\":\"https:\\\/\\\/iwell-guard.com\\\/sv\\\/mot-fenicisk-dodsgud\\\/\",\"name\":\"Mot \u2013 Fenicisk d\u00f6dsgud, Baal-cykeln\",\"isPartOf\":{\"@id\":\"https:\\\/\\\/iwell-guard.com\\\/sv\\\/#website\"},\"primaryImageOfPage\":{\"@id\":\"https:\\\/\\\/iwell-guard.com\\\/sv\\\/mot-fenicisk-dodsgud\\\/#primaryimage\"},\"image\":{\"@id\":\"https:\\\/\\\/iwell-guard.com\\\/sv\\\/mot-fenicisk-dodsgud\\\/#primaryimage\"},\"thumbnailUrl\":\"https:\\\/\\\/iwell-guard.com\\\/wp-content\\\/uploads\\\/2026\\\/05\\\/goetter_phoenizisch_mot-phoenix.webp\",\"datePublished\":\"2026-09-03T00:10:51+00:00\",\"dateModified\":\"2026-09-03T01:14:38+00:00\",\"description\":\"Mot \u00e4r den fenicisk-ugaritiska d\u00f6dsguden och Baals besegrare i Baal-cykeln. Religionsvetenskaplig inordning.\",\"breadcrumb\":{\"@id\":\"https:\\\/\\\/iwell-guard.com\\\/sv\\\/mot-fenicisk-dodsgud\\\/#breadcrumb\"},\"inLanguage\":\"sv-SE\",\"potentialAction\":[{\"@type\":\"ReadAction\",\"target\":[\"https:\\\/\\\/iwell-guard.com\\\/sv\\\/mot-fenicisk-dodsgud\\\/\"]}]},{\"@type\":\"ImageObject\",\"inLanguage\":\"sv-SE\",\"@id\":\"https:\\\/\\\/iwell-guard.com\\\/sv\\\/mot-fenicisk-dodsgud\\\/#primaryimage\",\"url\":\"https:\\\/\\\/iwell-guard.com\\\/wp-content\\\/uploads\\\/2026\\\/05\\\/goetter_phoenizisch_mot-phoenix.webp\",\"contentUrl\":\"https:\\\/\\\/iwell-guard.com\\\/wp-content\\\/uploads\\\/2026\\\/05\\\/goetter_phoenizisch_mot-phoenix.webp\",\"width\":1024,\"height\":1536,\"caption\":\"Gudar fr\u00e5n den feniciska traditionen.\"},{\"@type\":\"BreadcrumbList\",\"@id\":\"https:\\\/\\\/iwell-guard.com\\\/sv\\\/mot-fenicisk-dodsgud\\\/#breadcrumb\",\"itemListElement\":[{\"@type\":\"ListItem\",\"position\":1,\"name\":\"Start\",\"item\":\"https:\\\/\\\/iwell-guard.com\\\/sv\\\/?page_id=136483\"},{\"@type\":\"ListItem\",\"position\":2,\"name\":\"Mot \u2013 Fenicisk d\u00f6dsgud\"}]},{\"@type\":\"WebSite\",\"@id\":\"https:\\\/\\\/iwell-guard.com\\\/sv\\\/#website\",\"url\":\"https:\\\/\\\/iwell-guard.com\\\/sv\\\/\",\"name\":\"iWell Guard\",\"description\":\"Schutz vor dunklen Einfl\u00fcssen\",\"publisher\":{\"@id\":\"https:\\\/\\\/iwell-guard.com\\\/sv\\\/#organization\"},\"potentialAction\":[{\"@type\":\"SearchAction\",\"target\":{\"@type\":\"EntryPoint\",\"urlTemplate\":\"https:\\\/\\\/iwell-guard.com\\\/sv\\\/?s={search_term_string}\"},\"query-input\":{\"@type\":\"PropertyValueSpecification\",\"valueRequired\":true,\"valueName\":\"search_term_string\"}}],\"inLanguage\":\"sv-SE\"},{\"@type\":\"Organization\",\"@id\":\"https:\\\/\\\/iwell-guard.com\\\/sv\\\/#organization\",\"name\":\"Ittermann electronic GmbH\",\"url\":\"https:\\\/\\\/iwell-guard.com\\\/sv\\\/\",\"logo\":{\"@type\":\"ImageObject\",\"inLanguage\":\"sv-SE\",\"@id\":\"https:\\\/\\\/iwell-guard.com\\\/sv\\\/#\\\/schema\\\/logo\\\/image\\\/\",\"url\":\"https:\\\/\\\/iwell-guard.com\\\/wp-content\\\/uploads\\\/2026\\\/05\\\/Ittermann-Logo-1182x237-1.png\",\"contentUrl\":\"https:\\\/\\\/iwell-guard.com\\\/wp-content\\\/uploads\\\/2026\\\/05\\\/Ittermann-Logo-1182x237-1.png\",\"width\":1182,\"height\":237,\"caption\":\"Ittermann electronic GmbH\"},\"image\":{\"@id\":\"https:\\\/\\\/iwell-guard.com\\\/sv\\\/#\\\/schema\\\/logo\\\/image\\\/\"},\"sameAs\":[\"https:\\\/\\\/pantip.com\\\/profile\\\/9367242\",\"https:\\\/\\\/micro.blog\\\/iwellguard\",\"https:\\\/\\\/www.diggerslist.com\\\/iwellguard\\\/about\",\"https:\\\/\\\/skitterphoto.com\\\/photographers\\\/2870314\\\/iwell-guard\",\"https:\\\/\\\/iwellguard.wordpress.com\\\/2026\\\/06\\\/06\\\/iwell-guard\\\/\",\"https:\\\/\\\/hub.docker.com\\\/u\\\/iwellguard\",\"https:\\\/\\\/www.pinterest.com\\\/iwellguard\\\/\",\"https:\\\/\\\/bit.ly\\\/m\\\/iwellguard\",\"https:\\\/\\\/entre-vos-mains.alsace.eu\\\/profiles\\\/iwellguard\\\/activity\",\"https:\\\/\\\/gravatar.com\\\/reallybeded8fd34\",\"https:\\\/\\\/naijamatta.com\\\/iwellguard\",\"https:\\\/\\\/www.goodreads.com\\\/iwellguard\",\"https:\\\/\\\/profile.hatena.ne.jp\\\/iwellguard\\\/\",\"https:\\\/\\\/experiment.com\\\/users\\\/iwellguard\",\"https:\\\/\\\/wakelet.com\\\/@iWellGuard82270\",\"https:\\\/\\\/www.chordie.com\\\/forum\\\/profile.php?id=2555664\",\"https:\\\/\\\/www.instapaper.com\\\/p\\\/17757966\",\"https:\\\/\\\/www.mapleprimes.com\\\/users\\\/iwellguard\",\"https:\\\/\\\/businesslistingplus.com\\\/profile\\\/iwell-guard\\\/\",\"https:\\\/\\\/telegra.ph\\\/iWell-Guard-06-06\",\"https:\\\/\\\/pbase.com\\\/iwellguard\\\/iwellguard\",\"https:\\\/\\\/b.hatena.ne.jp\\\/iwellguard\\\/20260607#bookmark-4788405196491818882\",\"https:\\\/\\\/fliphtml5.com\\\/home\\\/iwellguard\",\"https:\\\/\\\/anyflip.com\\\/homepage\\\/cmiwl#About\",\"https:\\\/\\\/transfur.com\\\/Users\\\/iwellguard\",\"http:\\\/\\\/delphi.larsbo.org\\\/user\\\/iwellguard\",\"https:\\\/\\\/jobs.lajobsportal.org\\\/profiles\\\/8380803-iwell-guard\",\"https:\\\/\\\/md.chaosdorf.de\\\/s\\\/jfbe5SBdJD\",\"https:\\\/\\\/www.lingvolive.com\\\/en-us\\\/profile\\\/9ecaeaca-ce11-4e51-9e71-01d55e2bff36\\\/translations\",\"https:\\\/\\\/www.fitday.com\\\/fitness\\\/forums\\\/members\\\/iwellguard.html\",\"https:\\\/\\\/www.mymeetbook.com\\\/iwellguard\",\"https:\\\/\\\/pxhere.com\\\/en\\\/photographer-me\\\/5040798\",\"https:\\\/\\\/disqus.com\\\/by\\\/iwellguard\\\/about\\\/\",\"https:\\\/\\\/pastelink.net\\\/hjwciqwq\",\"https:\\\/\\\/pubhtml5.com\\\/homepage\\\/scjhn\\\/\",\"https:\\\/\\\/www.bitchute.com\\\/channel\\\/2O2eOKzNqujT\",\"https:\\\/\\\/audiomack.com\\\/iwellguard\"]},{\"@type\":\"Article\",\"@id\":\"https:\\\/\\\/iwell-guard.com\\\/sv\\\/mot-fenicisk-dodsgud\\\/#article\",\"isPartOf\":{\"@id\":\"https:\\\/\\\/iwell-guard.com\\\/sv\\\/mot-fenicisk-dodsgud\\\/\"},\"author\":{\"name\":\"Ralf Ittermann\",\"@id\":\"https:\\\/\\\/iwell-guard.com\\\/sv\\\/#\\\/schema\\\/person\\\/ee2a27f1cac3406c7c6fb5820cb7349f\"},\"headline\":\"Mot \u2013 Fenicisk d\u00f6dsgud\",\"datePublished\":\"2026-09-03T00:10:51+00:00\",\"dateModified\":\"2026-09-03T01:14:38+00:00\",\"mainEntityOfPage\":{\"@id\":\"https:\\\/\\\/iwell-guard.com\\\/sv\\\/mot-fenicisk-dodsgud\\\/\"},\"publisher\":{\"@id\":\"https:\\\/\\\/iwell-guard.com\\\/sv\\\/#organization\"},\"image\":{\"@id\":\"https:\\\/\\\/iwell-guard.com\\\/sv\\\/mot-fenicisk-dodsgud\\\/#primaryimage\"},\"thumbnailUrl\":\"https:\\\/\\\/iwell-guard.com\\\/wp-content\\\/uploads\\\/2026\\\/05\\\/goetter_phoenizisch_mot-phoenix.webp\",\"inLanguage\":\"sv-SE\",\"description\":\"Mot \u00e4r den fenicisk-ugaritiska d\u00f6dsguden och Baals besegrare i Baal-cykeln. Religionsvetenskaplig inordning.\"}]}<\/script>\n<!-- \/ Yoast SEO Premium plugin. -->","yoast_head_json":{"title":"Mot \u2013 Fenicisk d\u00f6dsgud, Baal-cykeln","description":"Mot \u00e4r den fenicisk-ugaritiska d\u00f6dsguden och Baals besegrare i Baal-cykeln. Religionsvetenskaplig inordning.","robots":{"index":"index","follow":"follow","max-snippet":"max-snippet:-1","max-image-preview":"max-image-preview:large","max-video-preview":"max-video-preview:-1"},"canonical":"https:\/\/iwell-guard.com\/sv\/mot-fenicisk-dodsgud\/","og_locale":"sv_SE","og_type":"article","og_title":"Mot \u2013 Fenicisk d\u00f6dsgud","og_description":"Mot \u00e4r den fenicisk-ugaritiska d\u00f6dsguden och Baals besegrare i Baal-cykeln. Religionsvetenskaplig inordning.","og_url":"https:\/\/iwell-guard.com\/sv\/mot-fenicisk-dodsgud\/","og_site_name":"iWell Guard","article_modified_time":"2026-09-03T01:14:38+00:00","og_image":[{"width":1024,"height":1536,"url":"https:\/\/iwell-guard.com\/wp-content\/uploads\/2026\/05\/goetter_phoenizisch_mot-phoenix.webp","type":"image\/webp"}],"twitter_card":"summary_large_image","schema":{"@context":"https:\/\/schema.org","@graph":[{"@type":"Article","@id":"https:\/\/iwell-guard.com\/sv\/mot-fenicisk-dodsgud\/#article","isPartOf":{"@id":"https:\/\/iwell-guard.com\/sv\/mot-fenicisk-dodsgud\/"},"author":{"name":"Ralf Ittermann","@id":"https:\/\/iwell-guard.com\/sv\/#\/schema\/person\/ee2a27f1cac3406c7c6fb5820cb7349f"},"headline":"Mot \u2013 Fenicisk d\u00f6dsgud","datePublished":"2026-09-03T00:10:51+00:00","dateModified":"2026-09-03T01:14:38+00:00","mainEntityOfPage":{"@id":"https:\/\/iwell-guard.com\/sv\/mot-fenicisk-dodsgud\/"},"publisher":{"@id":"https:\/\/iwell-guard.com\/sv\/#organization"},"image":{"@id":"https:\/\/iwell-guard.com\/sv\/mot-fenicisk-dodsgud\/#primaryimage"},"thumbnailUrl":"https:\/\/iwell-guard.com\/wp-content\/uploads\/2026\/05\/goetter_phoenizisch_mot-phoenix.webp","inLanguage":"sv-SE","description":"Mot \u00e4r den fenicisk-ugaritiska d\u00f6dsguden och Baals besegrare i Baal-cykeln. Religionsvetenskaplig inordning."},{"@type":"WebPage","@id":"https:\/\/iwell-guard.com\/sv\/mot-fenicisk-dodsgud\/","url":"https:\/\/iwell-guard.com\/sv\/mot-fenicisk-dodsgud\/","name":"Mot \u2013 Fenicisk d\u00f6dsgud, Baal-cykeln","isPartOf":{"@id":"https:\/\/iwell-guard.com\/sv\/#website"},"primaryImageOfPage":{"@id":"https:\/\/iwell-guard.com\/sv\/mot-fenicisk-dodsgud\/#primaryimage"},"image":{"@id":"https:\/\/iwell-guard.com\/sv\/mot-fenicisk-dodsgud\/#primaryimage"},"thumbnailUrl":"https:\/\/iwell-guard.com\/wp-content\/uploads\/2026\/05\/goetter_phoenizisch_mot-phoenix.webp","datePublished":"2026-09-03T00:10:51+00:00","dateModified":"2026-09-03T01:14:38+00:00","description":"Mot \u00e4r den fenicisk-ugaritiska d\u00f6dsguden och Baals besegrare i Baal-cykeln. Religionsvetenskaplig inordning.","breadcrumb":{"@id":"https:\/\/iwell-guard.com\/sv\/mot-fenicisk-dodsgud\/#breadcrumb"},"inLanguage":"sv-SE","potentialAction":[{"@type":"ReadAction","target":["https:\/\/iwell-guard.com\/sv\/mot-fenicisk-dodsgud\/"]}]},{"@type":"ImageObject","inLanguage":"sv-SE","@id":"https:\/\/iwell-guard.com\/sv\/mot-fenicisk-dodsgud\/#primaryimage","url":"https:\/\/iwell-guard.com\/wp-content\/uploads\/2026\/05\/goetter_phoenizisch_mot-phoenix.webp","contentUrl":"https:\/\/iwell-guard.com\/wp-content\/uploads\/2026\/05\/goetter_phoenizisch_mot-phoenix.webp","width":1024,"height":1536,"caption":"Gudar fr\u00e5n den feniciska traditionen."},{"@type":"BreadcrumbList","@id":"https:\/\/iwell-guard.com\/sv\/mot-fenicisk-dodsgud\/#breadcrumb","itemListElement":[{"@type":"ListItem","position":1,"name":"Start","item":"https:\/\/iwell-guard.com\/sv\/?page_id=136483"},{"@type":"ListItem","position":2,"name":"Mot \u2013 Fenicisk d\u00f6dsgud"}]},{"@type":"WebSite","@id":"https:\/\/iwell-guard.com\/sv\/#website","url":"https:\/\/iwell-guard.com\/sv\/","name":"iWell Guard","description":"Schutz vor dunklen Einfl\u00fcssen","publisher":{"@id":"https:\/\/iwell-guard.com\/sv\/#organization"},"potentialAction":[{"@type":"SearchAction","target":{"@type":"EntryPoint","urlTemplate":"https:\/\/iwell-guard.com\/sv\/?s={search_term_string}"},"query-input":{"@type":"PropertyValueSpecification","valueRequired":true,"valueName":"search_term_string"}}],"inLanguage":"sv-SE"},{"@type":"Organization","@id":"https:\/\/iwell-guard.com\/sv\/#organization","name":"Ittermann electronic GmbH","url":"https:\/\/iwell-guard.com\/sv\/","logo":{"@type":"ImageObject","inLanguage":"sv-SE","@id":"https:\/\/iwell-guard.com\/sv\/#\/schema\/logo\/image\/","url":"https:\/\/iwell-guard.com\/wp-content\/uploads\/2026\/05\/Ittermann-Logo-1182x237-1.png","contentUrl":"https:\/\/iwell-guard.com\/wp-content\/uploads\/2026\/05\/Ittermann-Logo-1182x237-1.png","width":1182,"height":237,"caption":"Ittermann electronic GmbH"},"image":{"@id":"https:\/\/iwell-guard.com\/sv\/#\/schema\/logo\/image\/"},"sameAs":["https:\/\/pantip.com\/profile\/9367242","https:\/\/micro.blog\/iwellguard","https:\/\/www.diggerslist.com\/iwellguard\/about","https:\/\/skitterphoto.com\/photographers\/2870314\/iwell-guard","https:\/\/iwellguard.wordpress.com\/2026\/06\/06\/iwell-guard\/","https:\/\/hub.docker.com\/u\/iwellguard","https:\/\/www.pinterest.com\/iwellguard\/","https:\/\/bit.ly\/m\/iwellguard","https:\/\/entre-vos-mains.alsace.eu\/profiles\/iwellguard\/activity","https:\/\/gravatar.com\/reallybeded8fd34","https:\/\/naijamatta.com\/iwellguard","https:\/\/www.goodreads.com\/iwellguard","https:\/\/profile.hatena.ne.jp\/iwellguard\/","https:\/\/experiment.com\/users\/iwellguard","https:\/\/wakelet.com\/@iWellGuard82270","https:\/\/www.chordie.com\/forum\/profile.php?id=2555664","https:\/\/www.instapaper.com\/p\/17757966","https:\/\/www.mapleprimes.com\/users\/iwellguard","https:\/\/businesslistingplus.com\/profile\/iwell-guard\/","https:\/\/telegra.ph\/iWell-Guard-06-06","https:\/\/pbase.com\/iwellguard\/iwellguard","https:\/\/b.hatena.ne.jp\/iwellguard\/20260607#bookmark-4788405196491818882","https:\/\/fliphtml5.com\/home\/iwellguard","https:\/\/anyflip.com\/homepage\/cmiwl#About","https:\/\/transfur.com\/Users\/iwellguard","http:\/\/delphi.larsbo.org\/user\/iwellguard","https:\/\/jobs.lajobsportal.org\/profiles\/8380803-iwell-guard","https:\/\/md.chaosdorf.de\/s\/jfbe5SBdJD","https:\/\/www.lingvolive.com\/en-us\/profile\/9ecaeaca-ce11-4e51-9e71-01d55e2bff36\/translations","https:\/\/www.fitday.com\/fitness\/forums\/members\/iwellguard.html","https:\/\/www.mymeetbook.com\/iwellguard","https:\/\/pxhere.com\/en\/photographer-me\/5040798","https:\/\/disqus.com\/by\/iwellguard\/about\/","https:\/\/pastelink.net\/hjwciqwq","https:\/\/pubhtml5.com\/homepage\/scjhn\/","https:\/\/www.bitchute.com\/channel\/2O2eOKzNqujT","https:\/\/audiomack.com\/iwellguard"]},{"@type":"Person","@id":"https:\/\/iwell-guard.com\/sv\/#\/schema\/person\/ee2a27f1cac3406c7c6fb5820cb7349f","name":"Ralf Ittermann","image":{"@type":"ImageObject","inLanguage":"sv-SE","@id":"https:\/\/secure.gravatar.com\/avatar\/073c0153e350a5005b68eb752b445fea71f6b24a26da9449ad7e155e6b446c9d?s=96&d=mm&r=g","url":"https:\/\/secure.gravatar.com\/avatar\/073c0153e350a5005b68eb752b445fea71f6b24a26da9449ad7e155e6b446c9d?s=96&d=mm&r=g","contentUrl":"https:\/\/secure.gravatar.com\/avatar\/073c0153e350a5005b68eb752b445fea71f6b24a26da9449ad7e155e6b446c9d?s=96&d=mm&r=g","caption":"Ralf Ittermann"},"givenName":"Ralf","familyName":"Ittermann","jobTitle":"Gesch\u00e4ftsf\u00fchrer und redaktioneller Verantwortlicher","url":"https:\/\/iwell-guard.com\/sv\/author\/claude\/","description":"Ralf Ittermann ist Gesch\u00e4ftsf\u00fchrer der Ittermann electronic GmbH und redaktioneller Verantwortlicher des iWell-Guard-Lexikons. Er verbindet langj\u00e4hrige Erfahrung in der Pr\u00e4zisionsfertigung mit medialer Praxis und religionsgeschichtlicher Quellenarbeit.","worksFor":{"@type":"Organization","name":"Ittermann electronic GmbH","url":"https:\/\/ittermann.de\/","address":{"@type":"PostalAddress","streetAddress":"K\u00f6hlergasse 16-18","postalCode":"99842","addressLocality":"Ruhla","addressCountry":"DE"}},"knowsAbout":["Religionsgeschichte","Mythologie","Mediale Praxis","Energetische Diagnostik","Schutzpraxis","Volksglauben","Westliche Esoterik"]},{"@type":"Article","@id":"https:\/\/iwell-guard.com\/sv\/mot-fenicisk-dodsgud\/#article","isPartOf":{"@id":"https:\/\/iwell-guard.com\/sv\/mot-fenicisk-dodsgud\/"},"author":{"name":"Ralf Ittermann","@id":"https:\/\/iwell-guard.com\/sv\/#\/schema\/person\/ee2a27f1cac3406c7c6fb5820cb7349f"},"headline":"Mot \u2013 Fenicisk d\u00f6dsgud","datePublished":"2026-09-03T00:10:51+00:00","dateModified":"2026-09-03T01:14:38+00:00","mainEntityOfPage":{"@id":"https:\/\/iwell-guard.com\/sv\/mot-fenicisk-dodsgud\/"},"publisher":{"@id":"https:\/\/iwell-guard.com\/sv\/#organization"},"image":{"@id":"https:\/\/iwell-guard.com\/sv\/mot-fenicisk-dodsgud\/#primaryimage"},"thumbnailUrl":"https:\/\/iwell-guard.com\/wp-content\/uploads\/2026\/05\/goetter_phoenizisch_mot-phoenix.webp","inLanguage":"sv-SE","description":"Mot \u00e4r den fenicisk-ugaritiska d\u00f6dsguden och Baals besegrare i Baal-cykeln. Religionsvetenskaplig inordning."}]}},"_links":{"self":[{"href":"https:\/\/iwell-guard.com\/sv\/wp-json\/wp\/v2\/pages\/136879","targetHints":{"allow":["GET"]}}],"collection":[{"href":"https:\/\/iwell-guard.com\/sv\/wp-json\/wp\/v2\/pages"}],"about":[{"href":"https:\/\/iwell-guard.com\/sv\/wp-json\/wp\/v2\/types\/page"}],"author":[{"embeddable":true,"href":"https:\/\/iwell-guard.com\/sv\/wp-json\/wp\/v2\/users\/3"}],"replies":[{"embeddable":true,"href":"https:\/\/iwell-guard.com\/sv\/wp-json\/wp\/v2\/comments?post=136879"}],"version-history":[{"count":0,"href":"https:\/\/iwell-guard.com\/sv\/wp-json\/wp\/v2\/pages\/136879\/revisions"}],"wp:featuredmedia":[{"embeddable":true,"href":"https:\/\/iwell-guard.com\/sv\/wp-json\/wp\/v2\/media\/2851"}],"wp:attachment":[{"href":"https:\/\/iwell-guard.com\/sv\/wp-json\/wp\/v2\/media?parent=136879"}],"wp:term":[{"taxonomy":"category","embeddable":true,"href":"https:\/\/iwell-guard.com\/sv\/wp-json\/wp\/v2\/categories?post=136879"}],"curies":[{"name":"wp","href":"https:\/\/api.w.org\/{rel}","templated":true}]}}