{"id":136874,"date":"2026-09-03T00:10:48","date_gmt":"2026-09-03T00:10:48","guid":{"rendered":"https:\/\/iwell-guard.com\/?page_id=136874"},"modified":"2026-09-03T01:14:31","modified_gmt":"2026-09-03T01:14:31","slug":"melqart-stadsgud-tyros","status":"publish","type":"page","link":"https:\/\/iwell-guard.com\/sv\/melqart-stadsgud-tyros\/","title":{"rendered":"Melqart \u2013 stadsgud i Tyros"},"content":{"rendered":"\t\t<div data-elementor-type=\"wp-page\" data-elementor-id=\"136874\" class=\"elementor elementor-136874 elementor-2626 elementor-bc-flex-widget\" data-elementor-post-type=\"page\">\n\t\t\t\t<div class=\"elementor-element elementor-element-iwgw-melqart-hero e-flex e-con-boxed e-con e-parent\" data-id=\"iwgw-melqart-hero\" data-element_type=\"container\" data-e-type=\"container\" data-settings=\"{&quot;background_background&quot;:&quot;classic&quot;}\">\n\t\t\t\t\t<div class=\"e-con-inner\">\n\t\t<div class=\"elementor-element elementor-element-iwgw-melqart-hl e-flex e-con-boxed e-con e-child\" data-id=\"iwgw-melqart-hl\" data-element_type=\"container\" data-e-type=\"container\">\n\t\t\t\t\t<div class=\"e-con-inner\">\n\t\t<div class=\"elementor-element elementor-element-iwgw-melqart-htxt e-con-full e-flex e-con e-child\" data-id=\"iwgw-melqart-htxt\" data-element_type=\"container\" data-e-type=\"container\">\n\t\t\t\t<div class=\"elementor-element elementor-element-iwgw-melqart-h1 elementor-widget elementor-widget-heading\" data-id=\"iwgw-melqart-h1\" data-element_type=\"widget\" data-e-type=\"widget\" data-widget_type=\"heading.default\">\n\t\t\t\t\t<h1 class=\"elementor-heading-title elementor-size-default\">Melqart, fenicisk stadsgud i Tyros och feniciernas 'Herakles'<\/h1>\t\t\t\t<\/div>\n\t\t\t\t<div class=\"elementor-element elementor-element-iwgw-melqart-lead elementor-widget elementor-widget-text-editor\" data-id=\"iwgw-melqart-lead\" data-element_type=\"widget\" data-e-type=\"widget\" data-widget_type=\"text-editor.default\">\n\t\t\t\t\t\t\t\t\t<p>Melqart (feniciska <em>mlqrt<\/em>, ordagrant &#8217;stadens kung&#8217;) \u00e4r den h\u00f6gsta stadsguden i Tyros och en av de viktigaste feniciska gudarna \u00f6ver huvud taget. Han identifierades av grekerna med Herakles (&#8217;Herakles-Melqart&#8217;) och dyrkades i stor omfattning i den hellenistisk-romerska v\u00e4rlden.<\/p>\t\t\t\t\t\t\t\t<\/div>\n\t\t\t\t<\/div>\n\t\t<div class=\"elementor-element elementor-element-iwgw-melqart-pillc e-con-full e-flex e-con e-child\" data-id=\"iwgw-melqart-pillc\" data-element_type=\"container\" data-e-type=\"container\">\n\t\t\t\t<div class=\"elementor-element elementor-element-iwgw-melqart-pills elementor-widget elementor-widget-html\" data-id=\"iwgw-melqart-pills\" data-element_type=\"widget\" data-e-type=\"widget\" data-widget_type=\"html.default\">\n\t\t\t\t\t<div class=\"iwg-pill-row\"><span class=\"iwg-klasse-badge\" tabindex=\"0\" data-tooltip=\"Gud i den feniciska traditionen.\">Gud<\/span><a href=\"https:\/\/iwell-guard.com\/sv\/fenicier-och-karthago-baal-tanit-skyddstradition\/\" class=\"iwg-kultur-badge\" tabindex=\"0\" data-tooltip=\"Mytologi i den feniciska traditionen.\">Fenicisk<\/a><span class=\"iwg-tradition-badge\" tabindex=\"0\" data-tooltip=\"Stadsgud.\">Stadsgud<\/span><\/div>\t\t\t\t<\/div>\n\t\t\t\t<\/div>\n\t\t<div class=\"elementor-element elementor-element-iwgw-melqart-tocc e-con-full e-flex e-con e-child\" data-id=\"iwgw-melqart-tocc\" data-element_type=\"container\" data-e-type=\"container\">\n\t\t\t\t<div class=\"elementor-element elementor-element-iwgw-melqart-toc elementor-toc--minimized-on-tablet elementor-widget elementor-widget-table-of-contents\" data-id=\"iwgw-melqart-toc\" data-element_type=\"widget\" data-e-type=\"widget\" data-settings=\"{&quot;headings_by_tags&quot;:[&quot;h2&quot;,&quot;h3&quot;],&quot;minimize_box&quot;:&quot;yes&quot;,&quot;marker_view&quot;:&quot;bullets&quot;,&quot;no_headings_message&quot;:&quot;Inga rubriker hittades p\\u00e5 den h\\u00e4r sidan.&quot;,&quot;exclude_headings_by_selector&quot;:[],&quot;icon&quot;:{&quot;value&quot;:&quot;fas fa-circle&quot;,&quot;library&quot;:&quot;fa-solid&quot;,&quot;rendered_tag&quot;:&quot;&lt;svg class=\\&quot;e-font-icon-svg e-fas-circle\\&quot; viewBox=\\&quot;0 0 512 512\\&quot; xmlns=\\&quot;http:\\\/\\\/www.w3.org\\\/2000\\\/svg\\&quot;&gt;&lt;path d=\\&quot;M256 8C119 8 8 119 8 256s111 248 248 248 248-111 248-248S393 8 256 8z\\&quot;&gt;&lt;\\\/path&gt;&lt;\\\/svg&gt;&quot;},&quot;minimized_on&quot;:&quot;tablet&quot;,&quot;hierarchical_view&quot;:&quot;yes&quot;,&quot;min_height&quot;:{&quot;unit&quot;:&quot;px&quot;,&quot;size&quot;:&quot;&quot;,&quot;sizes&quot;:[]},&quot;min_height_tablet&quot;:{&quot;unit&quot;:&quot;px&quot;,&quot;size&quot;:&quot;&quot;,&quot;sizes&quot;:[]},&quot;min_height_mobile&quot;:{&quot;unit&quot;:&quot;px&quot;,&quot;size&quot;:&quot;&quot;,&quot;sizes&quot;:[]}}\" data-widget_type=\"table-of-contents.default\">\n\t\t\t\t\t\t\t\t\t<div class=\"elementor-toc__header\">\n\t\t\t\t\t\t<h2 class=\"elementor-toc__header-title\">\n\t\t\t\tInneh\u00e5llsf\u00f6rteckning\t\t\t<\/h2>\n\t\t\t\t\t\t\t\t\t\t<div class=\"elementor-toc__toggle-button elementor-toc__toggle-button--expand\" role=\"button\" tabindex=\"0\" aria-controls=\"elementor-toc__iwgw-melqart-toc\" aria-expanded=\"true\" aria-label=\"Inhaltsverzeichnis \u00f6ffnen\"><svg aria-hidden=\"true\" class=\"e-font-icon-svg e-fas-chevron-down\" viewBox=\"0 0 448 512\" xmlns=\"http:\/\/www.w3.org\/2000\/svg\"><path d=\"M207.029 381.476L12.686 187.132c-9.373-9.373-9.373-24.569 0-33.941l22.667-22.667c9.357-9.357 24.522-9.375 33.901-.04L224 284.505l154.745-154.021c9.379-9.335 24.544-9.317 33.901.04l22.667 22.667c9.373 9.373 9.373 24.569 0 33.941L240.971 381.476c-9.373 9.372-24.569 9.372-33.942 0z\"><\/path><\/svg><\/div>\n\t\t\t\t<div class=\"elementor-toc__toggle-button elementor-toc__toggle-button--collapse\" role=\"button\" tabindex=\"0\" aria-controls=\"elementor-toc__iwgw-melqart-toc\" aria-expanded=\"true\" aria-label=\"Inhaltsverzeichnis schlie\u00dfen\"><svg aria-hidden=\"true\" class=\"e-font-icon-svg e-fas-chevron-up\" viewBox=\"0 0 448 512\" xmlns=\"http:\/\/www.w3.org\/2000\/svg\"><path d=\"M240.971 130.524l194.343 194.343c9.373 9.373 9.373 24.569 0 33.941l-22.667 22.667c-9.357 9.357-24.522 9.375-33.901.04L224 227.495 69.255 381.516c-9.379 9.335-24.544 9.317-33.901-.04l-22.667-22.667c-9.373-9.373-9.373-24.569 0-33.941L207.03 130.525c9.372-9.373 24.568-9.373 33.941-.001z\"><\/path><\/svg><\/div>\n\t\t\t\t\t<\/div>\n\t\t\t\t<div id=\"elementor-toc__iwgw-melqart-toc\" class=\"elementor-toc__body\">\n\t\t\t<div class=\"elementor-toc__spinner-container\">\n\t\t\t\t<svg class=\"elementor-toc__spinner eicon-animation-spin e-font-icon-svg e-eicon-loading\" aria-hidden=\"true\" viewBox=\"0 0 1000 1000\" xmlns=\"http:\/\/www.w3.org\/2000\/svg\"><path d=\"M500 975V858C696 858 858 696 858 500S696 142 500 142 142 304 142 500H25C25 237 238 25 500 25S975 237 975 500 763 975 500 975Z\"><\/path><\/svg>\t\t\t<\/div>\n\t\t<\/div>\n\t\t\t\t\t\t<\/div>\n\t\t\t\t<\/div>\n\t\t\t\t\t<\/div>\n\t\t\t\t<\/div>\n\t\t<div class=\"elementor-element elementor-element-iwgw-melqart-hr e-con-full e-flex e-con e-child\" data-id=\"iwgw-melqart-hr\" data-element_type=\"container\" data-e-type=\"container\">\n\t\t\t\t<div class=\"elementor-element elementor-element-iwgw-melqart-heroimg iwg-hero-image elementor-widget elementor-widget-image\" data-id=\"iwgw-melqart-heroimg\" data-element_type=\"widget\" data-e-type=\"widget\" data-widget_type=\"image.default\">\n\t\t\t\t\t\t\t\t\t\t\t\t\t\t\t<img fetchpriority=\"high\" decoding=\"async\" width=\"683\" height=\"1024\" src=\"https:\/\/iwell-guard.com\/wp-content\/uploads\/2026\/05\/goetter_phoenizisch_melqart-683x1024.webp\" class=\"attachment-large size-large wp-image-2850\" alt=\"Melqart - G\u00f6tter aus der Phoenizisch-Tradition, historisch-illustrativ\" srcset=\"https:\/\/iwell-guard.com\/wp-content\/uploads\/2026\/05\/goetter_phoenizisch_melqart-683x1024.webp 683w, https:\/\/iwell-guard.com\/wp-content\/uploads\/2026\/05\/goetter_phoenizisch_melqart-200x300.webp 200w, https:\/\/iwell-guard.com\/wp-content\/uploads\/2026\/05\/goetter_phoenizisch_melqart-768x1152.webp 768w, https:\/\/iwell-guard.com\/wp-content\/uploads\/2026\/05\/goetter_phoenizisch_melqart.webp 1024w\" sizes=\"(max-width: 683px) 100vw, 683px\" \/>\t\t\t\t\t\t\t\t\t\t\t\t\t\t\t<\/div>\n\t\t\t\t<\/div>\n\t\t\t\t\t<\/div>\n\t\t\t\t<\/div>\n\t\t<div class=\"elementor-element elementor-element-iwgw-melqart-s0 e-flex e-con-boxed e-con e-parent\" data-id=\"iwgw-melqart-s0\" data-element_type=\"container\" data-e-type=\"container\">\n\t\t\t\t\t<div class=\"e-con-inner\">\n\t\t\t\t<div class=\"elementor-element elementor-element-iwgw-melqart-s0h elementor-widget elementor-widget-heading\" data-id=\"iwgw-melqart-s0h\" data-element_type=\"widget\" data-e-type=\"widget\" data-widget_type=\"heading.default\">\n\t\t\t\t\t<h2 class=\"elementor-heading-title elementor-size-default\">Kontextualisering och kortprofil<\/h2>\t\t\t\t<\/div>\n\t\t<div class=\"elementor-element elementor-element-iwgw-melqart-s0c e-con-full e-flex e-con e-child\" data-id=\"iwgw-melqart-s0c\" data-element_type=\"container\" data-e-type=\"container\">\n\t\t\t\t<div class=\"elementor-element elementor-element-iwgw-melqart-s0t elementor-widget elementor-widget-text-editor\" data-id=\"iwgw-melqart-s0t\" data-element_type=\"widget\" data-e-type=\"widget\" data-widget_type=\"text-editor.default\">\n\t\t\t\t\t\t\t\t\t<p>Melqart \u00e4r huvudguden i den feniciska moderstaden Tyros och intar d\u00e4rmed en nyckelposition i den mediterrana religionshistorien.<\/p><p>Corinne Bonnet har i sin monografi <em>Melqart<\/em> (1988) presenterat den mest omfattande studien av denna gud; hon visar att Melqart samtidigt var stadsgud, kungsskyddande gud, hj\u00e4lte och en ktonisk, uppst\u00e5ndande gud. Inom den <a href=\"https:\/\/iwell-guard.com\/sv\/fenicier-och-karthago-baal-tanit-skyddstradition\/\">feniciska traditionen<\/a> \u00e4r han den centrala manliga huvudguden i den tyriska traditionen.<\/p><p>Hans <span class=\"iwg-fachbegriff\" data-tooltip=\"Helheten av religi\u00f6sa v\u00f6rdnadshandlingar f\u00f6r en gudom eller helig gestalt.\" tabindex=\"0\">kult<\/span> spreds tillsammans med de tyriska kolonierna \u00f6ver hela Medelhavet. I Gades (dagens C\u00e1diz, Spanien) l\u00e5g det viktigaste Melqart-<span class=\"iwg-fachbegriff\" data-tooltip=\"En byggnad avsedd f\u00f6r dyrkan av en eller flera gudomar.\" tabindex=\"0\">templet<\/span> v\u00e4ster om Tyros sj\u00e4lvt; \u00e4ven i Karthago var han n\u00e4rvarande. Maria Eugenia Aubet har i <em>The Phoenicians and the West<\/em> (2001) noggrant dokumenterat den mediterrana spridningen.<\/p><p>Religionshistoriskt representerar Melqart typen av stads- och kungsgud som \u00e5rligen &#8217;v\u00e4cks&#8217; (<em>egersis<\/em>) p\u00e5 v\u00e5ren och d\u00e4rmed s\u00e4songsm\u00e4ssigt f\u00f6rnyas. Detta uppv\u00e4ckningsfirande \u00e4r ett av Melqarts karakteristiska religionshistoriska drag och skiljer honom fr\u00e5n andra stadsgudomar. F\u00f6rbindelsen till den grekiske Herakles uppstod p\u00e5 grund av funktionella likheter och intensiva grekisk-feniciska kontakter fr\u00e5n 700-talet f.Kr.<\/p><p>En anm\u00e4rkningsv\u00e4rd egenhet hos Melqart \u00e4r den n\u00e4ra f\u00f6rbindelsen med det tyriska kungahuset: kungen av Tyros var samtidigt Melqarts h\u00f6gsta pr\u00e4st, och den \u00e5rliga uppv\u00e4ckningsceremonin utf\u00f6rdes personligen av kungen. Denna enhet mellan politisk och rituell ledning \u00e4r religionshistoriskt j\u00e4mf\u00f6rbar med den egyptiska faraon eller den romerska <em>pontifex maximus<\/em>.<\/p><p>\u00c4ven <a href=\"https:\/\/iwell-guard.com\/sv\/hettitiskt-anatoliskt-tarhunna-tusen-gudar-skyddspraxis\/\">den hettitiska traditionen<\/a> k\u00e4nde till j\u00e4mf\u00f6rbara stads- och kungsskyddande gudar; den n\u00e4ra j\u00e4mf\u00f6relsen med <a href=\"https:\/\/iwell-guard.com\/sv\/sarruma-hurritisk-berggud-och-kungaskyddare\/\">Sarruma<\/a> ger viktiga strukturanalytiska insikter i den senbrons\u00e5lderns kungsteologi i den \u00f6stra Medelhavsv\u00e4rlden.<\/p>\t\t\t\t\t\t\t\t<\/div>\n\t\t\t\t<\/div>\n\t\t\t\t\t<\/div>\n\t\t\t\t<\/div>\n\t\t<div class=\"elementor-element elementor-element-iwgw-melqart-s1 e-flex e-con-boxed e-con e-parent\" data-id=\"iwgw-melqart-s1\" data-element_type=\"container\" data-e-type=\"container\">\n\t\t\t\t\t<div class=\"e-con-inner\">\n\t\t\t\t<div class=\"elementor-element elementor-element-iwgw-melqart-s1h elementor-widget elementor-widget-heading\" data-id=\"iwgw-melqart-s1h\" data-element_type=\"widget\" data-e-type=\"widget\" data-widget_type=\"heading.default\">\n\t\t\t\t\t<h2 class=\"elementor-heading-title elementor-size-default\">Namn och etymologi<\/h2>\t\t\t\t<\/div>\n\t\t<div class=\"elementor-element elementor-element-iwgw-melqart-s1c e-con-full e-flex e-con e-child\" data-id=\"iwgw-melqart-s1c\" data-element_type=\"container\" data-e-type=\"container\">\n\t\t\t\t<div class=\"elementor-element elementor-element-iwgw-melqart-s1t elementor-widget elementor-widget-text-editor\" data-id=\"iwgw-melqart-s1t\" data-element_type=\"widget\" data-e-type=\"widget\" data-widget_type=\"text-editor.default\">\n\t\t\t\t\t\t\t\t\t<p>Namnet Melqart \u00e4r en sammans\u00e4ttning av <em>mlk<\/em> &#8217;kung&#8217; och <em>qrt<\/em> &#8217;stad&#8217;, allts\u00e5 ordagrant &#8217;stadens kung&#8217;. Staden \u00e4r Tyros, och Melqart \u00e4r i gudomlig mening &#8217;Tyros kung&#8217;.<\/p><p>Denna etymologi \u00e4r obestridd och tydligt dokumenterad i inskrifterna. I kilskriftstexter framtr\u00e4der han som <em>Milqartu<\/em>, i grekiska k\u00e4llor som Melqart eller Melkart, och i hellenistiska synkretismer som Herakles-Melqart.<\/p><p>En alternativ tolkning ser i <em>mlk<\/em> inte bara &#8217;kung&#8217; i v\u00e4rldslig mening, utan \u00e4ven &#8217;<span class=\"iwg-fachbegriff\" data-tooltip=\"G\u00e5va till en gudom f\u00f6r att uttrycka tacksamhet, b\u00f6n eller v\u00f6rdnad.\" tabindex=\"0\">offer<\/span>&#8217; (molk-<span class=\"iwg-fachbegriff\" data-tooltip=\"G\u00e5va till en gudom f\u00f6r att uttrycka tacksamhet, b\u00f6n eller v\u00f6rdnad.\" tabindex=\"0\">offer<\/span>), en dubbelbetydelse av samma rot i feniciskan. Denna tolkning har dock mindre st\u00f6d i forskningen.<\/p><p>P\u00e5 grekisk sida framtr\u00e4der hans namn som &#8217;Herakles-Tyrios&#8217;, &#8217;Herakles&#8217; eller under den teofora namnbest\u00e5ndsdelen &#8217;Melikartos&#8217;. Identifikationen med Herakles \u00e4r litter\u00e4rt belagd sedan 400-talet f.Kr. (Herodot 2.44). Den grekiska mytfiguren Herakles b\u00e4r drag av den feniciska Melqart, framf\u00f6r allt i myterna om resan till &#8217;v\u00e4st&#8217; och d\u00f6dandet av Geryon.<\/p><p>Det teofora personnamnet Hamilkar var vanligt f\u00f6rekommande i Karthago; flera betydande karthagiska f\u00e4ltherrar bar det, bland andra Hamilkar Barkas, Hannibals far. Denna namntradition vittnar om Melqarts fortsatta betydelse i det puniska statslivet.<\/p>\t\t\t\t\t\t\t\t<\/div>\n\t\t\t\t<\/div>\n\t\t\t\t\t<\/div>\n\t\t\t\t<\/div>\n\t\t<div class=\"elementor-element elementor-element-iwgw-melqart-s2 e-flex e-con-boxed e-con e-parent\" data-id=\"iwgw-melqart-s2\" data-element_type=\"container\" data-e-type=\"container\">\n\t\t\t\t\t<div class=\"e-con-inner\">\n\t\t\t\t<div class=\"elementor-element elementor-element-iwgw-melqart-s2h elementor-widget elementor-widget-heading\" data-id=\"iwgw-melqart-s2h\" data-element_type=\"widget\" data-e-type=\"widget\" data-widget_type=\"heading.default\">\n\t\t\t\t\t<h2 class=\"elementor-heading-title elementor-size-default\">Beskrivning och ikonografi<\/h2>\t\t\t\t<\/div>\n\t\t<div class=\"elementor-element elementor-element-iwgw-melqart-s2c e-con-full e-flex e-con e-child\" data-id=\"iwgw-melqart-s2c\" data-element_type=\"container\" data-e-type=\"container\">\n\t\t\t\t<div class=\"elementor-element elementor-element-iwgw-melqart-s2t elementor-widget elementor-widget-text-editor\" data-id=\"iwgw-melqart-s2t\" data-element_type=\"widget\" data-e-type=\"widget\" data-widget_type=\"text-editor.default\">\n\t\t\t\t\t\t\t\t\t<p>I feniciska framst\u00e4llningar framtr\u00e4der Melqart oftast som en sk\u00e4ggig man i kort sk\u00f6rt, med lyft stridsyxa eller klubba, ibland med b\u00e5ge, ofta kl\u00e4dd i lejonhud. Denna lejonhuds-ikonografi \u00e4r historiskt betydelsefull, eftersom den direkt \u00f6vergick i den grekiska Herakles-traditionen med lejonhud och klubba.<\/p><p>P\u00e5 de hellenistiska Tyros-mynten framtr\u00e4der Melqart-Herakles ofta med klubba och lejonhud; p\u00e5 de karthagiska stelerna fr\u00e5n tofeten st\u00e5r han ibland bredvid <a href=\"https:\/\/iwell-guard.com\/sv\/baal-hammon-kartagisk-hogsta-gud\/\">Baal-Hammon<\/a>. En viktig ikonografisk tradition \u00e4r &#8217;Melqart p\u00e5 sj\u00f6h\u00e4sten&#8217;, som dokumenterar hans f\u00f6rbindelse till sj\u00f6farten och havet.<\/p><p>Hans heliga djur \u00e4r lejonet; p\u00e5 n\u00e5gra reliefer avbildas han g\u00e5ende p\u00e5 ett lejon eller kv\u00e4vande ett lejon. \u00c4ven \u00f6rnen f\u00f6rekommer som hans f\u00f6ljedjur i vissa senare framst\u00e4llningar. Aphakide Bonnet har noggrant dokumenterat den ikonografiska m\u00e5ngfalden; hon visar att Melqart i varje mediterran kontext utvecklade n\u00e5got olika bildtraditioner.<\/p><p>P\u00e5 den ber\u00f6mda &#8217;<span class=\"iwg-fachbegriff\" data-tooltip=\"En uppr\u00e4ttst\u00e5ende, inskriven eller bebildad sten- eller tr\u00e4platta.\" tabindex=\"0\">stelen<\/span> \u00f6ver Ye\u1e25awmilk&#8217;, kung av Byblos (400-talet f.Kr.), framtr\u00e4der inte Melqart sj\u00e4lv, men v\u00e4l bildformeln f\u00f6r m\u00f6tet mellan kung och gud, som \u00e4r typisk f\u00f6r den feniciska kungsgudstraditionen. Denna ikonografiska konvention str\u00e4cker sig fr\u00e5n Tyros \u00f6ver Byblos till Karthago.<\/p>\t\t\t\t\t\t\t\t<\/div>\n\t\t\t\t<\/div>\n\t\t\t\t\t<\/div>\n\t\t\t\t<\/div>\n\t\t<div class=\"elementor-element elementor-element-iwgw-melqart-s3 e-flex e-con-boxed e-con e-parent\" data-id=\"iwgw-melqart-s3\" data-element_type=\"container\" data-e-type=\"container\">\n\t\t\t\t\t<div class=\"e-con-inner\">\n\t\t\t\t<div class=\"elementor-element elementor-element-iwgw-melqart-s3h elementor-widget elementor-widget-heading\" data-id=\"iwgw-melqart-s3h\" data-element_type=\"widget\" data-e-type=\"widget\" data-widget_type=\"heading.default\">\n\t\t\t\t\t<h2 class=\"elementor-heading-title elementor-size-default\">Mytologiska ber\u00e4ttelser<\/h2>\t\t\t\t<\/div>\n\t\t<div class=\"elementor-element elementor-element-iwgw-melqart-s3c e-con-full e-flex e-con e-child\" data-id=\"iwgw-melqart-s3c\" data-element_type=\"container\" data-e-type=\"container\">\n\t\t\t\t<div class=\"elementor-element elementor-element-iwgw-melqart-s3t elementor-widget elementor-widget-text-editor\" data-id=\"iwgw-melqart-s3t\" data-element_type=\"widget\" data-e-type=\"widget\" data-widget_type=\"text-editor.default\">\n\t\t\t\t\t\t\t\t\t<p>Feniciska Melqart-myter \u00e4r endast fragmentariskt bevarade. Eusebios av Caesarea citerar en ber\u00e4ttelse fr\u00e5n Filon av Byblos (Praeparatio Evangelica 1.10), d\u00e4r Melqart framst\u00e4lls som hj\u00e4lte och \u00e5terupplivare. Enligt antika k\u00e4llor vaknar Melqart \u00e4ven \u00e5rligen upp i en uppv\u00e4ckelsefest (<em>egersis<\/em>) och st\u00e5r d\u00e4rmed i traditionen av \u00e5rligen d\u00f6ende och uppst\u00e5ndna vegetations- och stadsgudar.<\/p><p>En viktig ber\u00e4ttelse f\u00f6rbinder Melqart med grundandet av Tyros sj\u00e4lvt: han ska ha f\u00f6rankrat de flytande klipporna, p\u00e5 vilka Tyros byggdes, genom ett f\u00e5geloffer. En annan ber\u00e4ttelse f\u00f6rbinder honom med uppfinningen av purpurf\u00e4rgningen, en ekonomiskt central verksamhet f\u00f6r fenicierna: en hund som tillh\u00f6rde Melqart ska av misstag ha bitit s\u00f6nder en purpursn\u00e4cka och d\u00e4rmed uppt\u00e4ckt det purpurr\u00f6da f\u00e4rg\u00e4mnet.<\/p><p>I den grekiska mottagningen som Herakles-Melqart \u00e4rver han ber\u00e4ttelserna om Herakles-<span class=\"iwg-fachbegriff\" data-tooltip=\"Helheten av en kulturs traderade gudaber\u00e4ttelser.\" tabindex=\"0\">mytologi<\/span>, framf\u00f6r allt Geryon-episoden, d\u00e4r Herakles i det v\u00e4stra Medelhavet (p\u00e5 platsen f\u00f6r det senare Gades) r\u00f6var bort boskap fr\u00e5n den treh\u00f6vdade j\u00e4tten Geryon. Denna koppling \u00e4r religionshistoriskt upplysande, eftersom Gades verkligen var en fenicisk grundl\u00e4ggning och Melqarts viktigaste v\u00e4stra <span class=\"iwg-fachbegriff\" data-tooltip=\"En helig plats till\u00e4gnad v\u00f6rdnaden av en gudom.\" tabindex=\"0\">helgedom<\/span>.<\/p><p>En viktig pseudepigraf \u00e4r &#8217;Sanchunjaton&#8217; (Sankuniathon), en p\u00e5st\u00e5dd fenicisk pr\u00e4st, vars verk ska ha traderats genom Filon av Byblos. Albert Baumgartens kritiska edition visar att materialet till stor del \u00e4r sen hellenistisk uppfinning, men att det trots detta inneh\u00e5ller \u00e4kta rester av fenicisk mytotradition, framf\u00f6r allt vad g\u00e4ller Melqart och gudarnas genealogi.<\/p>\t\t\t\t\t\t\t\t<\/div>\n\t\t\t\t<\/div>\n\t\t\t\t\t<\/div>\n\t\t\t\t<\/div>\n\t\t<div class=\"elementor-element elementor-element-iwgw-melqart-s4 e-flex e-con-boxed e-con e-parent\" data-id=\"iwgw-melqart-s4\" data-element_type=\"container\" data-e-type=\"container\">\n\t\t\t\t\t<div class=\"e-con-inner\">\n\t\t\t\t<div class=\"elementor-element elementor-element-iwgw-melqart-s4h elementor-widget elementor-widget-heading\" data-id=\"iwgw-melqart-s4h\" data-element_type=\"widget\" data-e-type=\"widget\" data-widget_type=\"heading.default\">\n\t\t\t\t\t<h2 class=\"elementor-heading-title elementor-size-default\">Kult och v\u00f6rdnad<\/h2>\t\t\t\t<\/div>\n\t\t<div class=\"elementor-element elementor-element-iwgw-melqart-s4c e-con-full e-flex e-con e-child\" data-id=\"iwgw-melqart-s4c\" data-element_type=\"container\" data-e-type=\"container\">\n\t\t\t\t<div class=\"elementor-element elementor-element-iwgw-melqart-s4t elementor-widget elementor-widget-text-editor\" data-id=\"iwgw-melqart-s4t\" data-element_type=\"widget\" data-e-type=\"widget\" data-widget_type=\"text-editor.default\">\n\t\t\t\t\t\t\t\t\t<p>Melqarts huvudkult fanns i Tyros, stadens \u00e4ldsta och mest praktfulla <span class=\"iwg-fachbegriff\" data-tooltip=\"En byggnad som tj\u00e4nar v\u00f6rdnaden av en eller flera gudomar.\" tabindex=\"0\">tempel<\/span>. Herodot beskriver detta <span class=\"iwg-fachbegriff\" data-tooltip=\"En byggnad som tj\u00e4nar v\u00f6rdnaden av en eller flera gudomar.\" tabindex=\"0\">tempel<\/span> utf\u00f6rligt (2.44) och n\u00e4mner tv\u00e5 pelare, en av guld och en av smaragd, som lyste p\u00e5 natten, f\u00f6rmodligen det ber\u00f6mda &#8217;s\u00eew\u00e2n&#8217;-fenomenet av fosforescerande mineraler.<\/p><p>Hiram I av Tyros (900-talet f.Kr.) \u00e4r n\u00e4ra f\u00f6rbunden med Melqart-<span class=\"iwg-fachbegriff\" data-tooltip=\"En byggnad som tj\u00e4nar v\u00f6rdnaden av en eller flera gudomar.\" tabindex=\"0\">templet<\/span>; enligt Josefus byggde han upp det i guld och brons.<\/p><p>Den \u00e5rliga uppv\u00e4ckelsefesten var kultens h\u00f6jdpunkt; en &#8217;uppv\u00e4ckare&#8217; (<em>mqm-\u02belm<\/em>, &#8217;den som reser upp guden&#8217;) utf\u00f6rde <span class=\"iwg-fachbegriff\" data-tooltip=\"En reglerad f\u00f6ljd av symboliska handlingar med religi\u00f6s eller kulturell betydelse.\" tabindex=\"0\">ritualen<\/span>. Kungen av Tyros var central ritualperson. Liknande uppv\u00e4ckelsefester \u00e4r belagda i Karthago och i Gades; de f\u00f6rbinder Melqart historiskt med Tammuz\/Dumuzi och med Adonis.<\/p><p>\u00c4ven i Karthago var Melqart n\u00e4rvarande; den \u00e5rliga tributen till Melqart-<span class=\"iwg-fachbegriff\" data-tooltip=\"En byggnad som tj\u00e4nar v\u00f6rdnaden av en eller flera gudomar.\" tabindex=\"0\">templet<\/span> i Tyros uppr\u00e4tth\u00f6lls av Karthago \u00e4nnu under den senare republiken, ett tecken p\u00e5 den n\u00e4ra f\u00f6rbindelsen med moderstaden.<\/p><p>I Gades l\u00e5g Melqarts <span class=\"iwg-fachbegriff\" data-tooltip=\"En byggnad som tj\u00e4nar v\u00f6rdnaden av en eller flera gudomar.\" tabindex=\"0\">tempel<\/span> p\u00e5 en liten \u00f6; Polybios, Strabo och Silius Italicus har beskrivit det. \u00c4ven efter den romerska er\u00f6vringen var Gades-Melqart fortsatt aktiv som Herkules-<span class=\"iwg-fachbegriff\" data-tooltip=\"En helig plats till\u00e4gnad v\u00f6rdnaden av en gudom.\" tabindex=\"0\">helgedom<\/span> och bes\u00f6ktes av Hannibal, Caesar och Hadrianus.<\/p><p>Den arkeologiska utforskningen av Melqart-templet i Tyros f\u00f6rsv\u00e5ras av modern bebyggelse; i Gades \u00e4r d\u00e4remot resterna av helgedomen p\u00e5 dagens Sancti Petri-\u00f6 mer l\u00e4ttillg\u00e4ngliga. De p\u00e5g\u00e5ende undervattensutgr\u00e4vningarna under Antonio S\u00e1ez Romero har under de senaste \u00e5ren gett viktiga nya r\u00f6n.<\/p>\t\t\t\t\t\t\t\t<\/div>\n\t\t\t\t<\/div>\n\t\t\t\t\t<\/div>\n\t\t\t\t<\/div>\n\t\t<div class=\"elementor-element elementor-element-iwgw-melqart-s5 e-flex e-con-boxed e-con e-parent\" data-id=\"iwgw-melqart-s5\" data-element_type=\"container\" data-e-type=\"container\">\n\t\t\t\t\t<div class=\"e-con-inner\">\n\t\t\t\t<div class=\"elementor-element elementor-element-iwgw-melqart-s5h elementor-widget elementor-widget-heading\" data-id=\"iwgw-melqart-s5h\" data-element_type=\"widget\" data-e-type=\"widget\" data-widget_type=\"heading.default\">\n\t\t\t\t\t<h2 class=\"elementor-heading-title elementor-size-default\">Skyddspraxis och apotrop\u00e4iskt<\/h2>\t\t\t\t<\/div>\n\t\t<div class=\"elementor-element elementor-element-iwgw-melqart-s5c e-con-full e-flex e-con e-child\" data-id=\"iwgw-melqart-s5c\" data-element_type=\"container\" data-e-type=\"container\">\n\t\t\t\t<div class=\"elementor-element elementor-element-iwgw-melqart-s5t elementor-widget elementor-widget-text-editor\" data-id=\"iwgw-melqart-s5t\" data-element_type=\"widget\" data-e-type=\"widget\" data-widget_type=\"text-editor.default\">\n\t\t\t\t\t\t\t\t\t<p>Melqart var skyddsgud f\u00f6r kungahuset, staden och sj\u00f6farten. P\u00e5 kungliga sigill fr\u00e5n Tyros framtr\u00e4der han som skyddsherre; i feniciska personnamn \u00e4r hans teonym vanligt f\u00f6rekommande (Hamilkar = &#8217;Melqarts tj\u00e4nare&#8217;, Bomilkar = &#8217;genom Melqarts hand&#8217;). Frekvensen av teofora namn med Melqart-best\u00e5ndsdel \u00e4r ett tecken p\u00e5 intensiv privat v\u00f6rdnad.<\/p><p><span class=\"iwg-fachbegriff\" data-tooltip=\"Ondaavv\u00e4rjande: om tecken och f\u00f6rem\u00e5l som ska h\u00e5lla skadliga inflytelser borta.\" tabindex=\"0\">Apotropeiskt<\/span> bars Melqart-skarab\u00e9er och sm\u00e5 bronsfigurer, eller st\u00e4lldes upp i hush\u00e5llet. Den ber\u00f6mda &#8217;Melqart-<span class=\"iwg-fachbegriff\" data-tooltip=\"En st\u00e5ende sten- eller tr\u00e4skiva med inskription eller bild.\" tabindex=\"0\">stelen<\/span>&#8217; fr\u00e5n Bredsch (Bredja) i norra Syrien, en inskriptionell vigning fr\u00e5n den arameiske kungen Bar-Hadad till Melqart, \u00e4r ett av de viktigaste epigrafiska vittnesb\u00f6rden om Melqart-kulten utanf\u00f6r Tyros.<\/p><p data-nosnippet=\"true\">Inom sj\u00f6fartsv\u00f6rdnaden var Melqart den h\u00f6gsta skyddsinstansen; feniciska kaptener och kolonisatorer satte upp votivg\u00e5vor till honom vid avf\u00e4rd och ankomst. Denna resev\u00f6rdnad \u00e4r ett viktigt religionshistoriskt drag i den feniciska mobiliteten. iWell Guard registrerar Melqart som en historisk figur utan aktuella kopplingar till h\u00e4lsol\u00f6ften.<\/p><p>I de karthagiska templen under 500- och 400-talet f.Kr. framtr\u00e4der Melqart som den andra eller tredje guden efter <a href=\"https:\/\/iwell-guard.com\/sv\/baal-hammon-kartagisk-hogsta-gud\/\">Baal-Hammon<\/a> och <a href=\"https:\/\/iwell-guard.com\/sv\/tanit-karthagos-hogsta-gudinna\/\">Tanit<\/a>. Triaden av den feniciska moderstadens gudar (Baal-\u0160amem, Astarte, Melqart) omformades i Karthago till en ny konfiguration, utan att Melqart helt tr\u00e4ngdes undan.<\/p>\t\t\t\t\t\t\t\t<\/div>\n\t\t\t\t<\/div>\n\t\t\t\t\t<\/div>\n\t\t\t\t<\/div>\n\t\t<div class=\"elementor-element elementor-element-iwgw-melqart-s6 e-flex e-con-boxed e-con e-parent\" data-id=\"iwgw-melqart-s6\" data-element_type=\"container\" data-e-type=\"container\">\n\t\t\t\t\t<div class=\"e-con-inner\">\n\t\t\t\t<div class=\"elementor-element elementor-element-iwgw-melqart-s6h elementor-widget elementor-widget-heading\" data-id=\"iwgw-melqart-s6h\" data-element_type=\"widget\" data-e-type=\"widget\" data-widget_type=\"heading.default\">\n\t\t\t\t\t<h2 class=\"elementor-heading-title elementor-size-default\">Paralleller i andra kulturer<\/h2>\t\t\t\t<\/div>\n\t\t<div class=\"elementor-element elementor-element-iwgw-melqart-s6c e-con-full e-flex e-con e-child\" data-id=\"iwgw-melqart-s6c\" data-element_type=\"container\" data-e-type=\"container\">\n\t\t\t\t<div class=\"elementor-element elementor-element-iwgw-melqart-s6t elementor-widget elementor-widget-text-editor\" data-id=\"iwgw-melqart-s6t\" data-element_type=\"widget\" data-e-type=\"widget\" data-widget_type=\"text-editor.default\">\n\t\t\t\t\t\t\t\t\t<p>Den religionshistoriskt viktigaste parallellen \u00e4r den grekiska Herakles-identifikationen. Walter Burkert har i <em>Die orientalisierende Epoche<\/em> (1984) och i flera senare studier visat att den grekiska Herakles-gestalten \u00e4r starkt p\u00e5verkad av den feniciska Melqart, framf\u00f6r allt i Geryon-episoden och i &#8217;Herakles pelare&#8217; (Gibraltarsundet), som ursprungligen var &#8217;Melqarts pelare&#8217;.<\/p><p>Med den mesopotamiska Gilgamesh delar Melqart <span class=\"iwg-fachbegriff\" data-tooltip=\"Ett \u00e5terkommande inneh\u00e5llselement i konst eller ber\u00e4ttelse.\" tabindex=\"0\">motivet<\/span> av den d\u00f6dlig-od\u00f6dliga hj\u00e4lten med kungafunktion. I Karthago utvecklas ingen sj\u00e4lvst\u00e4ndig huvudgudom ur hans tradition, eftersom den karthagiska religionen med <a href=\"https:\/\/iwell-guard.com\/sv\/baal-hammon-kartagisk-hogsta-gud\/\">Baal-Hammon<\/a> och <a href=\"https:\/\/iwell-guard.com\/sv\/tanit-karthagos-hogsta-gudinna\/\">Tanit<\/a> byggde upp en egen gudomlig topp; Melqart f\u00f6rblev dock alltid n\u00e4rvarande.<\/p><p>Historiskt \u00e4r Melqart den prototypiska feniciska stads- och kungaguden. Med <a href=\"https:\/\/iwell-guard.com\/sv\/sarruma-hurritisk-berggud-och-kungaskyddare\/\">Sarruma<\/a> fr\u00e5n den <a href=\"https:\/\/iwell-guard.com\/sv\/hettitiskt-anatoliskt-tarhunna-tusen-gudar-skyddspraxis\/\">hettitiska traditionen<\/a> delar han funktionen som personlig kungaskyddsgud; med den mesopotamiska Marduk funktionen som \u00e5teruppv\u00e4ckt stadsgud efter s\u00e4songsbetonat nederlag. I den hellenistiska <span class=\"iwg-fachbegriff\" data-tooltip=\"Sammansm\u00e4ltning av f\u00f6rest\u00e4llningar eller gudomar fr\u00e5n olika religi\u00f6sa traditioner.\" tabindex=\"0\">synkretismen<\/span> blir han den prototypiska &#8217;\u00f6vers\u00e4ttnings-<span class=\"iwg-fachbegriff\" data-tooltip=\"En varelse som dyrkas som gudomlig inom en religion.\" tabindex=\"0\">gudomen<\/span>&#8217; mellan fenicisk och grekisk religion.<\/p><p>I det v\u00e4stra Medelhavet \u00e4r Melqart under det grekiska namnet Herakles n\u00e4rvarande i talrika inskriptioner och mynt; \u00f6verg\u00e5ngarna mellan &#8217;Melqart&#8217; och &#8217;Herakles&#8217; \u00e4r i det hellenistiska spr\u00e5kbruket ofta flytande. I Karthago anv\u00e4ndes denna dubbla namngivning politiskt f\u00f6r att \u00f6ppna grekiska allianspartner f\u00f6r den feniciska religionen.<\/p>\t\t\t\t\t\t\t\t<\/div>\n\t\t\t\t<\/div>\n\t\t\t\t\t<\/div>\n\t\t\t\t<\/div>\n\t\t<div class=\"elementor-element elementor-element-iwgw-melqart-s7 e-flex e-con-boxed e-con e-parent\" data-id=\"iwgw-melqart-s7\" data-element_type=\"container\" data-e-type=\"container\">\n\t\t\t\t\t<div class=\"e-con-inner\">\n\t\t\t\t<div class=\"elementor-element elementor-element-iwgw-melqart-s7h elementor-widget elementor-widget-heading\" data-id=\"iwgw-melqart-s7h\" data-element_type=\"widget\" data-e-type=\"widget\" data-widget_type=\"heading.default\">\n\t\t\t\t\t<h2 class=\"elementor-heading-title elementor-size-default\">Nutida mottagande och forskning<\/h2>\t\t\t\t<\/div>\n\t\t<div class=\"elementor-element elementor-element-iwgw-melqart-s7c e-con-full e-flex e-con e-child\" data-id=\"iwgw-melqart-s7c\" data-element_type=\"container\" data-e-type=\"container\">\n\t\t\t\t<div class=\"elementor-element elementor-element-iwgw-melqart-s7t elementor-widget elementor-widget-text-editor\" data-id=\"iwgw-melqart-s7t\" data-element_type=\"widget\" data-e-type=\"widget\" data-widget_type=\"text-editor.default\">\n\t\t\t\t\t\t\t\t\t<p>Melqart-forskningen h\u00e5ller idag h\u00f6g niv\u00e5. Corinne Bonnets monografi <em>Melqart<\/em> (1988) och hennes senare studier \u00e4r standardreferenser; Maria Eugenia Aubet, Sabatino Moscati och H\u00e9l\u00e8ne Sader har bidragit med viktiga insatser till den arkeologiska sidan. Inskriptionerna \u00e4r tillg\u00e4ngliga i editionerna av Charles Krahmalkov och Wolfgang R\u00f6llig.<\/p><p>I den popul\u00e4ra receptionen \u00e4r Melqart framf\u00f6r allt k\u00e4nd genom sin Herakles-identifikation och genom Tartessos-sagorna (f\u00f6rbundna med Karambolo-skatten, &#8217;Hesperidernas guld\u00e4pple&#8217;). I det moderna Libanon har Tyros sedan 1990-talet med \u00e5teruppbyggnaden av sina arkeologiska platser rehabiliterat Melqart som kulturell <span class=\"iwg-fachbegriff\" data-tooltip=\"Ett tecken som representerar en f\u00f6rest\u00e4llning eller betydelse.\" tabindex=\"0\">symbol<\/span>.<\/p><p>Vetenskapligt betraktas Melqart idag som ett centralt studieobjekt f\u00f6r den feniciska religionen, f\u00f6r stadsguds-<span class=\"iwg-fachbegriff\" data-tooltip=\"Den vetenskapliga l\u00e4ran om gud och om en religions tro.\" tabindex=\"0\">teologin<\/span> och f\u00f6r den medelhavsdynamiska religionsutvecklingen. Aktuella forskningsfokus ligger p\u00e5 differentieringen av lokala Melqart-hypostaser, p\u00e5 den ikonografiska \u00f6verf\u00f6ringen till den grekiska Herakles-traditionen och p\u00e5 den arkeologiska utforskningen av Gades-helgedomen. iWell Guard registrerar Melqart som en historisk <span class=\"iwg-fachbegriff\" data-tooltip=\"Samlingen av gudarna i en religion eller kultur.\" tabindex=\"0\">pantheon<\/span>-medlem.<\/p><p>\u00c4ven de hellenistiska mynten fr\u00e5n Tyros och Karthago visar Melqart-bilder, ofta med klubba, b\u00e5ge eller skeppsst\u00e4v. Denna myntbildkonst \u00e4r en viktig k\u00e4lla f\u00f6r Melqarts ikonografiska historia.<\/p><p>Aktuella studier av Josephine Quinn och Brian Doak har p\u00e5 nytt unders\u00f6kt Melqarts roll i den puniska identitetskonstruktionen och i den romersk-feniciska kontaktzonen.<\/p>\t\t\t\t\t\t\t\t<\/div>\n\t\t\t\t<\/div>\n\t\t\t\t\t<\/div>\n\t\t\t\t<\/div>\n\t\t<div class=\"elementor-element elementor-element-iwgw-melqart-s8 e-flex e-con-boxed e-con e-parent\" data-id=\"iwgw-melqart-s8\" data-element_type=\"container\" data-e-type=\"container\">\n\t\t\t\t\t<div class=\"e-con-inner\">\n\t\t\t\t<div class=\"elementor-element elementor-element-iwgw-melqart-s8h elementor-widget elementor-widget-heading\" data-id=\"iwgw-melqart-s8h\" data-element_type=\"widget\" data-e-type=\"widget\" data-widget_type=\"heading.default\">\n\t\t\t\t\t<h2 class=\"elementor-heading-title elementor-size-default\">Litteratur och k\u00e4llor<\/h2>\t\t\t\t<\/div>\n\t\t<div class=\"elementor-element elementor-element-iwgw-melqart-s8c e-con-full e-flex e-con e-child\" data-id=\"iwgw-melqart-s8c\" data-element_type=\"container\" data-e-type=\"container\">\n\t\t\t\t<div class=\"elementor-element elementor-element-iwgw-melqart-s8t elementor-widget elementor-widget-text-editor\" data-id=\"iwgw-melqart-s8t\" data-element_type=\"widget\" data-e-type=\"widget\" data-widget_type=\"text-editor.default\">\n\t\t\t\t\t\t\t\t\t<p>F\u00f6ljande urval omfattar de viktigaste standardverken inom Melqart-forskningen. Det samlar monografier, inskriftseditioner och religionshistoriska syntes. Corinne Bonnets <em>Melqart<\/em> \u00e4r den f\u00f6rsta ing\u00e5ngen; Burkert behandlar den grekiska linjen; Aubet den medelhavsomfattande spridningen; Krahmalkov det spr\u00e5khistoriska materialet. H\u00e9l\u00e8ne Saders senaste monografi erbjuder den arkeologiska syntesen.<\/p>\t\t\t\t\t\t\t\t<\/div>\n\t\t\t\t<\/div>\n\t\t\t\t\t<\/div>\n\t\t\t\t<\/div>\n\t\t<div class=\"elementor-element elementor-element-cp2ff50c6c e-flex e-con-boxed e-con e-parent\" data-id=\"cp2ff50c6c\" data-element_type=\"container\" data-e-type=\"container\">\n\t\t\t\t\t<div class=\"e-con-inner\">\n\t\t\t\t<div class=\"elementor-element elementor-element-cp202ddb76 elementor-widget elementor-widget-heading\" data-id=\"cp202ddb76\" data-element_type=\"widget\" data-e-type=\"widget\" data-widget_type=\"heading.default\">\n\t\t\t\t\t<h2 class=\"elementor-heading-title elementor-size-default\">Egersis, Melqarts uppv\u00e4ckelsefest<\/h2>\t\t\t\t<\/div>\n\t\t<div class=\"elementor-element elementor-element-cp2683cd7c e-flex e-con-boxed e-con e-child\" data-id=\"cp2683cd7c\" data-element_type=\"container\" data-e-type=\"container\">\n\t\t\t\t\t<div class=\"e-con-inner\">\n\t\t\t\t<div class=\"elementor-element elementor-element-cp27bc6d8a elementor-widget elementor-widget-text-editor\" data-id=\"cp27bc6d8a\" data-element_type=\"widget\" data-e-type=\"widget\" data-widget_type=\"text-editor.default\">\n\t\t\t\t\t\t\t\t\t<p>En s\u00e4rskild egenhet i kulten av Melqart i Tyros var en \u00e5rlig fest som de grekiska k\u00e4llorna kallar <em>egersis<\/em>, v\u00e4ckandet eller uppv\u00e4ckelsen av guden. Termen antyder att festen byggde p\u00e5 f\u00f6rest\u00e4llningen att Melqart dog och \u00e5terv\u00e4nde till livet.<\/p><p>D\u00e4rmed h\u00f6r Melqart till raden av gudomar fr\u00e5n Fr\u00e4mre Orienten vars <span class=\"iwg-fachbegriff\" data-tooltip=\"Samlingen av religi\u00f6sa v\u00f6rdnadshandlingar f\u00f6r en gudom eller helig gestalt.\" tabindex=\"0\">kult<\/span> var f\u00f6rbunden med en cykel av d\u00f6d och \u00e5terkomst, j\u00e4mf\u00f6rbar med Adonis eller den mesopotamiska Dumuzi.<\/p><p>De exakta riterna f\u00f6r egersis \u00e4r endast fragmentariskt k\u00e4nda. <span class=\"iwg-fachbegriff\" data-tooltip=\"Epok av grekisk och romersk kultur, ungef\u00e4r 800 f.Kr. till 600 e.Kr.\" tabindex=\"0\">Antika<\/span> f\u00f6rfattare n\u00e4mner att en bild eller figur av guden br\u00e4ndes och talar om en person som bar titeln guden uppv\u00e4ckare.<\/p><p>Troligen var festen f\u00f6rbunden med en tidpunkt p\u00e5 v\u00e5ren och d\u00e4rmed med naturens \u00e5teruppvaknande, men k\u00e4llorna medger ingen s\u00e4ker rekonstruktion. En viktig <span class=\"iwg-fachbegriff\" data-tooltip=\"En text inristad eller inhuggen i ett fast underlag.\" tabindex=\"0\">inskrift<\/span> fr\u00e5n det cypriotiska Kition n\u00e4mner en <em>mqm \u02belm<\/em>, en uppv\u00e4ckare av guden, som ett kultiskt \u00e4mbete och bekr\u00e4ftar d\u00e4rmed indirekt att en s\u00e5dan fest existerade.<\/p><p>Historiskt \u00e4r egersis betydelsefull eftersom den skiljer Melqart fr\u00e5n en ren stads- och kungagud och ger honom en fr\u00e4lsningshistorisk, cyklisk karakt\u00e4r. Corinne Bonnet har i sin monografi om Melqart kritiskt granskat det tillg\u00e4ngliga materialet om egersis och varnat f\u00f6r en f\u00f6rhastad inordning i det \u00e4ldre schemat om d\u00f6ende och \u00e5teruppst\u00e5ndna gudar.<\/p><p>Forskningen \u00e4r enig om att festen fanns, men oenig om dess exakta utformning. Den f\u00f6rblir ett av de mest intensivt diskuterade elementen i den feniciska festkalendern.<\/p>\t\t\t\t\t\t\t\t<\/div>\n\t\t\t\t\t<\/div>\n\t\t\t\t<\/div>\n\t\t\t\t\t<\/div>\n\t\t\t\t<\/div>\n\t\t<div class=\"elementor-element elementor-element-cp25186adb e-flex e-con-boxed e-con e-parent\" data-id=\"cp25186adb\" data-element_type=\"container\" data-e-type=\"container\">\n\t\t\t\t\t<div class=\"e-con-inner\">\n\t\t\t\t<div class=\"elementor-element elementor-element-cp2e3a4f25 elementor-widget elementor-widget-heading\" data-id=\"cp2e3a4f25\" data-element_type=\"widget\" data-e-type=\"widget\" data-widget_type=\"heading.default\">\n\t\t\t\t\t<h2 class=\"elementor-heading-title elementor-size-default\">Melqart och Herakles, en dubbel identitet<\/h2>\t\t\t\t<\/div>\n\t\t<div class=\"elementor-element elementor-element-cp226fa5a4 e-flex e-con-boxed e-con e-child\" data-id=\"cp226fa5a4\" data-element_type=\"container\" data-e-type=\"container\">\n\t\t\t\t\t<div class=\"e-con-inner\">\n\t\t\t\t<div class=\"elementor-element elementor-element-cp243726bf elementor-widget elementor-widget-text-editor\" data-id=\"cp243726bf\" data-element_type=\"widget\" data-e-type=\"widget\" data-widget_type=\"text-editor.default\">\n\t\t\t\t\t\t\t\t\t<p>Grekerna likst\u00e4llde konsekvent Melqart med sin hj\u00e4lte Herakles. Denna identifikation var s\u00e5 fast etablerad att det ber\u00f6mda <span class=\"iwg-fachbegriff\" data-tooltip=\"En helig plats \u00e4gnad \u00e5t dyrkan av en gudom.\" tabindex=\"0\">helgedomen<\/span> f\u00f6r Melqart i Gadir, dagens C\u00e1diz vid den spanska Atlantkusten, framtr\u00e4der i antika k\u00e4llor som ett Herakles-tempel.<\/p><p>Herakles pelare, sundet vid Gibraltar, \u00e4r namngivna efter denna koppling; ursprungligen var det troligen Melqarts pelare.<\/p><p>Sk\u00e4len till likst\u00e4llningen ligger i de gemensamma dragen hos b\u00e5da gestalterna. B\u00e5da betraktas som hj\u00e4ltar som ger sig ut p\u00e5 l\u00e5nga resor, tr\u00e4nger fram till kanten av den k\u00e4nda v\u00e4rlden och sprider kultur och ordning.<\/p><p>Melqart betraktades som skyddsherre f\u00f6r den tyriska koloniseringen; var Tyros grundade en dottersstad, fr\u00e5n Karthago till Gadir, uppf\u00f6rdes en <span class=\"iwg-fachbegriff\" data-tooltip=\"En helig plats \u00e4gnad \u00e5t dyrkan av en gudom.\" tabindex=\"0\">helgedom<\/span> \u00e5t honom. Herakles i sin tur vandrar i den grekiska <span class=\"iwg-fachbegriff\" data-tooltip=\"En traderad ber\u00e4ttelse med ofta en historisk k\u00e4rna och underbara drag.\" tabindex=\"0\">sagan<\/span> genom hela Medelhavsomr\u00e5det. B\u00e5da f\u00f6renar d\u00f6den och \u00f6vervinnandet av d\u00f6den, Melqart genom egersis, Herakles genom sitt upptagande bland gudarna efter b\u00e5let.<\/p><p>Forskningen talar om en identifikation som verkade i b\u00e5da riktningarna. Vissa drag hos den grekiske Herakles, s\u00e4rskilt b\u00e5lepisoden, kan ha pr\u00e4glats av den feniciske Melqart. Omv\u00e4nt framtr\u00e4der Melqart i tv\u00e5spr\u00e5kiga inskrifter, till exempel p\u00e5 en ber\u00f6md fenicisk-grekisk bilingval inskrift fr\u00e5n Malta, direkt likst\u00e4lld med Herakles.<\/p><p>Denna maltesiska <span class=\"iwg-fachbegriff\" data-tooltip=\"En text som ristats eller huggits in i ett fast underlag.\" tabindex=\"0\">inskrift<\/span> var f\u00f6r \u00f6vrigt p\u00e5 1700-talet en av nycklarna till avkodningen av det feniciska skriftsystemet. Dubbelidentiteten Melqart-Herakles \u00e4r d\u00e4rmed ett skolboksexempel p\u00e5 hur tv\u00e5 kulturer k\u00e4nde igen en <span class=\"iwg-fachbegriff\" data-tooltip=\"En som gudomlig dyrkad varelse inom en religion.\" tabindex=\"0\">gudom<\/span> som samma v\u00e4sen och v\u00e4vde samman sina traditioner.<\/p>\t\t\t\t\t\t\t\t<\/div>\n\t\t\t\t\t<\/div>\n\t\t\t\t<\/div>\n\t\t\t\t\t<\/div>\n\t\t\t\t<\/div>\n\t\t<div class=\"elementor-element elementor-element-cp22fd1a8d e-flex e-con-boxed e-con e-parent\" data-id=\"cp22fd1a8d\" data-element_type=\"container\" data-e-type=\"container\">\n\t\t\t\t\t<div class=\"e-con-inner\">\n\t\t\t\t<div class=\"elementor-element elementor-element-cp2fd95ae4 elementor-widget elementor-widget-heading\" data-id=\"cp2fd95ae4\" data-element_type=\"widget\" data-e-type=\"widget\" data-widget_type=\"heading.default\">\n\t\t\t\t\t<h2 class=\"elementor-heading-title elementor-size-default\">Melqart i historien, fr\u00e5n Karthago till Tyros<\/h2>\t\t\t\t<\/div>\n\t\t<div class=\"elementor-element elementor-element-cp274edf27 e-flex e-con-boxed e-con e-child\" data-id=\"cp274edf27\" data-element_type=\"container\" data-e-type=\"container\">\n\t\t\t\t\t<div class=\"e-con-inner\">\n\t\t\t\t<div class=\"elementor-element elementor-element-cp27b9f300 elementor-widget elementor-widget-text-editor\" data-id=\"cp27b9f300\" data-element_type=\"widget\" data-e-type=\"widget\" data-widget_type=\"text-editor.default\">\n\t\t\t\t\t\t\t\t\t<p>Melqart var stadsgud i Tyros, och hans betydelse str\u00e4cker sig l\u00e5ngt bortom religionen in i den fenicisk-v\u00e4stliga politiska historien. N\u00e4r Tyros p\u00e5 800-talet f\u00f6re v\u00e5r tider\u00e4kning grundade Karthago, f\u00f6rblev den nya staden bunden till modersstadens gud.<\/p><p>De karthagiska k\u00e4llorna och <span class=\"iwg-fachbegriff\" data-tooltip=\"Epok av grekisk och romersk kultur, ungef\u00e4r 800 f.Kr. till 600 e.Kr.\" tabindex=\"0\">antika<\/span> ber\u00e4ttelser uppger att Karthago \u00e5rligen skickade en tiondel av sina inkomster till Melqarts <span class=\"iwg-fachbegriff\" data-tooltip=\"En helig plats \u00e4gnad \u00e5t dyrkan av en gudom.\" tabindex=\"0\">helgedom<\/span> i Tyros, en <span class=\"iwg-fachbegriff\" data-tooltip=\"En traderad, i ett samfund regelbundet upprepad handling.\" tabindex=\"0\">sed<\/span> som under \u00e5rhundraden synliggjorde den religi\u00f6sa och politiska bindningen mellan kolonin och modersstaden.<\/p><p>Bel\u00e4gringen av Tyros av Alexander den store \u00e5r 332 f\u00f6re v\u00e5r tider\u00e4kning \u00e4r n\u00e4ra f\u00f6rknippad med Melqart. Alexander ville offra i gudens <span class=\"iwg-fachbegriff\" data-tooltip=\"En helig plats \u00e4gnad \u00e5t dyrkan av en gudom.\" tabindex=\"0\">helgedom<\/span>, som han uppfattade som Herakles, fr\u00e5n vilken han h\u00e4rledde sitt ursprung.<\/p><p>Tyrierna nekade honom tilltr\u00e4de, vilket blev utl\u00f6saren till den m\u00e5nader l\u00e5nga, slutligen framg\u00e5ngsrika bel\u00e4gringen. Episoden visar vilken politisk spr\u00e4ngkraft tillg\u00e5ngen till en stadsgudens helgedom kunde besitta.<\/p><p>\u00c4ven under den romerska tiden f\u00f6rblev Melqart-<span class=\"iwg-fachbegriff\" data-tooltip=\"Summan av religi\u00f6sa v\u00f6rdnadshandlingar riktade mot en gudom eller helig gestalt.\" tabindex=\"0\">kulten<\/span> levande. Septimius Severus stammade fr\u00e5n det nordafrikanska Lepcis Magna, en ursprungligen fenicisk grundad stad med egen Melqart-<span class=\"iwg-fachbegriff\" data-tooltip=\"Summan av religi\u00f6sa v\u00f6rdnadshandlingar riktade mot en gudom eller helig gestalt.\" tabindex=\"0\">kult<\/span>, och hans dynasti fr\u00e4mjade feniciska traditioner.<\/p><p>Corinne Bonnet har tecknat denna l\u00e5nga historia fr\u00e5n den tidiga <span class=\"iwg-fachbegriff\" data-tooltip=\"F\u00f6rhistorisk epok efter brons\u00e5ldern, pr\u00e4glad av j\u00e4rnbearbetning.\" tabindex=\"0\">j\u00e4rn\u00e5ldern<\/span> fram till kejsartiden och visat att Melqart genomg\u00e5ende f\u00f6rblev en gud f\u00f6r staden, makten och koloniseringen. Hans historia \u00e4r d\u00e4rmed samtidigt en del av historien om den feniciska expansionen \u00f6ver hela Medelhavet.<\/p>\t\t\t\t\t\t\t\t<\/div>\n\t\t\t\t\t<\/div>\n\t\t\t\t<\/div>\n\t\t\t\t\t<\/div>\n\t\t\t\t<\/div>\n\t\t<div class=\"elementor-element elementor-element-iwgw-melqart-lit e-flex e-con-boxed e-con e-parent\" data-id=\"iwgw-melqart-lit\" data-element_type=\"container\" data-e-type=\"container\">\n\t\t\t\t\t<div class=\"e-con-inner\">\n\t\t\t\t<div class=\"elementor-element elementor-element-iwgw-melqart-lith elementor-widget elementor-widget-heading\" data-id=\"iwgw-melqart-lith\" data-element_type=\"widget\" data-e-type=\"widget\" data-widget_type=\"heading.default\">\n\t\t\t\t\t<h2 class=\"elementor-heading-title elementor-size-default\">Litteratur (urval)<\/h2>\t\t\t\t<\/div>\n\t\t<div class=\"elementor-element elementor-element-iwgw-melqart-litc e-con-full e-flex e-con e-child\" data-id=\"iwgw-melqart-litc\" data-element_type=\"container\" data-e-type=\"container\">\n\t\t\t\t<div class=\"elementor-element elementor-element-iwgw-melqart-litt elementor-widget elementor-widget-text-editor\" data-id=\"iwgw-melqart-litt\" data-element_type=\"widget\" data-e-type=\"widget\" data-widget_type=\"text-editor.default\">\n\t\t\t\t\t\t\t\t\t<div data-nosnippet=\"true\"><ul><li>Corinne Bonnet: <em>Melqart<\/em> (Leuven\/Namur 1988)<\/li><li>Sabatino Moscati: <em>Die Ph\u00f6niker<\/em> (Stuttgart 1966)<\/li><li>Maria Eugenia Aubet: <em>The Phoenicians and the West<\/em> (Cambridge 2001)<\/li><li>Walter Burkert: <em>Die orientalisierende Epoche<\/em> (Heidelberg 1984)<\/li><li>H\u00e9l\u00e8ne Sader: <em>The History and Archaeology of Phoenicia<\/em> (Atlanta 2019)<\/li><li>Charles Krahmalkov: <em>A Phoenician-Punic Grammar<\/em> (Leiden 2001)<\/li><\/ul><\/div>\t\t\t\t\t\t\t\t<\/div>\n\t\t\t\t<\/div>\n\t\t\t\t\t<\/div>\n\t\t\t\t<\/div>\n\t\t<div class=\"elementor-element elementor-element-iwgkw2-add-melqart e-flex e-con-boxed e-con e-parent\" data-id=\"iwgkw2-add-melqart\" data-element_type=\"container\" data-e-type=\"container\">\n\t\t\t\t\t<div class=\"e-con-inner\">\n\t\t\t\t<div class=\"elementor-element elementor-element-iwgkw2-add-melqart-t elementor-widget elementor-widget-text-editor\" data-id=\"iwgkw2-add-melqart-t\" data-element_type=\"widget\" data-e-type=\"widget\" data-widget_type=\"text-editor.default\">\n\t\t\t\t\t\t\t\t\t<p>Den <em><span class=\"iwg-fachbegriff\" data-tooltip=\"En traderad ber\u00e4ttelse om gudar, ursprung och v\u00e4rldens ordning.\" tabindex=\"0\">mytos<\/span><\/em> som handlar om Melqart f\u00f6renar hans \u00e5rliga d\u00f6d i elden och hans uppv\u00e4ckelse med <span class=\"iwg-fachbegriff\" data-tooltip=\"Summan av religi\u00f6sa v\u00f6rdnadshandlingar riktade mot en gudom eller helig gestalt.\" tabindex=\"0\">kulten<\/span> i Tyros och pr\u00e4glade feniciska helgedomar fr\u00e5n Gades till Karthago.<\/p>\t\t\t\t\t\t\t\t<\/div>\n\t\t\t\t\t<\/div>\n\t\t\t\t<\/div>\n\t\t<div class=\"elementor-element elementor-element-iwgw-melqart-kwd e-flex e-con-boxed e-con e-parent\" data-id=\"iwgw-melqart-kwd\" data-element_type=\"container\" data-e-type=\"container\">\n\t\t\t\t\t<div class=\"e-con-inner\">\n\t\t<div class=\"elementor-element elementor-element-iwgw-melqart-kwdc e-con-full e-flex e-con e-child\" data-id=\"iwgw-melqart-kwdc\" data-element_type=\"container\" data-e-type=\"container\">\n\t\t\t\t<div class=\"elementor-element elementor-element-iwgw-melqart-kwdt elementor-widget elementor-widget-text-editor\" data-id=\"iwgw-melqart-kwdt\" data-element_type=\"widget\" data-e-type=\"widget\" data-widget_type=\"text-editor.default\">\n\t\t\t\t\t\t\t\t\t<p><em>Relaterade nyckelbegrepp: Melqart Tyros Fenicier Herakles Gades stadsgud egersis uppv\u00e4ckelse.<\/em><\/p>\t\t\t\t\t\t\t\t<\/div>\n\t\t\t\t<\/div>\n\t\t\t\t\t<\/div>\n\t\t\t\t<\/div>\n\t\t<div class=\"elementor-element elementor-element-iwgw-melqart-cc e-flex e-con-boxed e-con e-parent\" data-id=\"iwgw-melqart-cc\" data-element_type=\"container\" data-e-type=\"container\" id=\"iwg-cc-melqart\">\n\t\t\t\t\t<div class=\"e-con-inner\">\n\t\t<div class=\"elementor-element elementor-element-iwgw-melqart-ccinner e-flex e-con-boxed e-con e-parent\" data-id=\"iwgw-melqart-ccinner\" data-element_type=\"container\" data-e-type=\"container\" data-settings=\"{&quot;background_background&quot;:&quot;classic&quot;}\">\n\t\t\t\t\t<div class=\"e-con-inner\">\n\t\t\t\t<div class=\"elementor-element elementor-element-iwgw-melqart-cch elementor-widget elementor-widget-heading\" data-id=\"iwgw-melqart-cch\" data-element_type=\"widget\" data-e-type=\"widget\" data-widget_type=\"heading.default\">\n\t\t\t\t\t<h2 class=\"elementor-heading-title elementor-size-default\">iWell Guard och skyddstraditioner<\/h2>\t\t\t\t<\/div>\n\t\t\t\t<div class=\"elementor-element elementor-element-iwgw-melqart-cct elementor-widget elementor-widget-text-editor\" data-id=\"iwgw-melqart-cct\" data-element_type=\"widget\" data-e-type=\"widget\" data-widget_type=\"text-editor.default\">\n\t\t\t\t\t\t\t\t\t<div data-nosnippet=\"true\"><p>iWell Guard ansluter till den kulturhistoriska traditionen av b\u00e4rbara skyddsobjekt, i traditionen av <a href=\"https:\/\/iwell-guard.com\/sv\/fenicier-och-karthago-baal-tanit-skyddstradition\/\">Feniciskt<\/a> och m\u00e5nga andra kulturer v\u00e4rlden \u00f6ver. 41 niv\u00e5er, \u00e4kta guld, platina, silver, tillverkad i Tyskland. 30 dagars \u00e5ngerr\u00e4tt.<\/p><\/div>\t\t\t\t\t\t\t\t<\/div>\n\t\t\t\t<div class=\"elementor-element elementor-element-iwgw-melqart-ccb iwg-cc-button iwg-cc-cta-2026-05-13 elementor-widget elementor-widget-jet-button\" data-id=\"iwgw-melqart-ccb\" data-element_type=\"widget\" data-e-type=\"widget\" data-widget_type=\"jet-button.default\">\n\t\t\t\t<div class=\"elementor-widget-container\">\n\t\t\t\t\t<div class=\"elementor-jet-button jet-elements\"><div class=\"jet-button__container\"><a class=\"jet-button__instance jet-button__instance--icon-left hover-effect-1\" href=\"\/ueber-iwell-guard\/?utm_source=iwell-guard.com&amp;utm_medium=info-box&amp;utm_campaign=wesen-tradition\"><div class=\"jet-button__plane jet-button__plane-normal\"><\/div><div class=\"jet-button__plane jet-button__plane-hover\"><\/div><div class=\"jet-button__state jet-button__state-normal\"><span class=\"jet-button__label\">Mer om iWell Guard<\/span><\/div><div class=\"jet-button__state jet-button__state-hover\"><span class=\"jet-button__label\">Mer om iWell Guard<\/span><\/div><\/a><\/div><\/div><style>.elementor-element.elementor-element-iwgw-melqart-ccb .jet-button__instance{width:320px;height:56px;}.elementor-element.elementor-element-iwgw-melqart-ccb .jet-button__state-normal .jet-button__label{text-align:center;margin:0px 0px 0px 0px;color:#1a1b20;font-family:Montserrat,sans-serif;font-size:13px;font-weight:400;letter-spacing:4px;line-height:1.714em;text-transform:uppercase;}.elementor-element.elementor-element-iwgw-melqart-ccb .jet-button__state-hover .jet-button__label{text-align:center;margin:0px 0px 0px 0px;color:#FECC76;font-family:Montserrat,sans-serif;font-size:13px;font-weight:400;letter-spacing:4px;line-height:1.714em;text-transform:uppercase;}.elementor-element.elementor-element-iwgw-melqart-ccb .jet-button__plane-normal{background-color:#FECC76;border-style:solid;border-color:#C99540;border-width:2px 2px 2px 2px;}.elementor-element.elementor-element-iwgw-melqart-ccb .jet-button__plane-hover{background-color:rgba(0,0,0,0.55);border-style:solid;border-color:#FECC76;border-width:2px 2px 2px 2px;}<\/style>\t\t\t\t<\/div>\n\t\t\t\t<\/div>\n\t\t\t\t<div class=\"elementor-element elementor-element-iwgw-melqart-ccd elementor-widget elementor-widget-text-editor\" data-id=\"iwgw-melqart-ccd\" data-element_type=\"widget\" data-e-type=\"widget\" data-widget_type=\"text-editor.default\">\n\t\t\t\t\t\t\t\t\t<div data-nosnippet=\"true\"><p style=\"text-align:center;font-size:13px;opacity:0.7;margin-top:14px\" data-nosnippet=\"true\">Personliga erfarenheter kan variera. Ingen medicinteknisk produkt. Inget l\u00f6fte om l\u00e4kning.<\/p><\/div>\t\t\t\t\t\t\t\t<\/div>\n\t\t\t\t\t<\/div>\n\t\t\t\t<\/div>\n\t\t\t\t\t<\/div>\n\t\t\t\t<\/div>\n\t\t<div class=\"elementor-element elementor-element-iwgw-melqart-disc e-flex e-con-boxed e-con e-parent\" data-id=\"iwgw-melqart-disc\" data-element_type=\"container\" data-e-type=\"container\">\n\t\t\t\t\t<div class=\"e-con-inner\">\n\t\t\t\t<div class=\"elementor-element elementor-element-iwgw-melqart-discw elementor-widget elementor-widget-html\" data-id=\"iwgw-melqart-discw\" data-element_type=\"widget\" data-e-type=\"widget\" data-widget_type=\"html.default\">\n\t\t\t\t\t<footer data-nosnippet=\"true\" class=\"iwg-disclaimer-block\"><p data-nosnippet=\"true\">iWell Guard \u00e4r <strong>ingen medicinteknisk produkt<\/strong> och ers\u00e4tter inte l\u00e4karv\u00e5rd eller psykoterapeutisk behandling. De religionsvetenskapliga inneh\u00e5llen \u00e4r kulturhistorisk inordning, ingen andlig praxisrekommendation.<\/p><\/footer>\t\t\t\t<\/div>\n\t\t\t\t\t<\/div>\n\t\t\t\t<\/div>\n\t\t\t\t<\/div>\n\t\t","protected":false},"excerpt":{"rendered":"","protected":false},"author":3,"featured_media":2850,"parent":0,"menu_order":0,"comment_status":"closed","ping_status":"closed","template":"elementor_header_footer","meta":{"_yoast_wpseo_focuskw":"Melqart Tyros feniciska","_yoast_wpseo_title":"Melqart \u2013 stadsgud Tyros, myt, kult, Herakles","_yoast_wpseo_metadesc":"Melqart, 'stadens kung', \u00e4r den feniciska stadsguden i Tyros, av grekerna identifierad med Herakles. Myt, kult och tolkning.","_yoast_wpseo_meta-robots-noindex":"","_yoast_wpseo_canonical":"","_angie_page":false,"gefaehrdungsstufe":"2","wesen_kultur":"phoenizisch","wesen_klasse":"goetter","footnotes":""},"categories":[],"class_list":["post-136874","page","type-page","status-publish","has-post-thumbnail","hentry"],"yoast_head":"<!-- This site is optimized with the Yoast SEO Premium plugin v27.7 (Yoast SEO v28.3) - https:\/\/yoast.com\/product\/yoast-seo-premium-wordpress\/ -->\n<title>Melqart \u2013 stadsgud Tyros, myt, kult, Herakles<\/title>\n<meta name=\"description\" content=\"Melqart, &#039;stadens kung&#039;, \u00e4r den feniciska stadsguden i Tyros, av grekerna identifierad med Herakles. Myt, kult och tolkning.\" \/>\n<meta name=\"robots\" content=\"index, follow, max-snippet:-1, max-image-preview:large, max-video-preview:-1\" \/>\n<link rel=\"canonical\" href=\"https:\/\/iwell-guard.com\/sv\/melqart-stadsgud-tyros\/\" \/>\n<meta property=\"og:locale\" content=\"sv_SE\" \/>\n<meta property=\"og:type\" content=\"article\" \/>\n<meta property=\"og:title\" content=\"Melqart \u2013 stadsgud i Tyros\" \/>\n<meta property=\"og:description\" content=\"Melqart, &#039;stadens kung&#039;, \u00e4r den feniciska stadsguden i Tyros, av grekerna identifierad med Herakles. Myt, kult och tolkning.\" \/>\n<meta property=\"og:url\" content=\"https:\/\/iwell-guard.com\/sv\/melqart-stadsgud-tyros\/\" \/>\n<meta property=\"og:site_name\" content=\"iWell Guard\" \/>\n<meta property=\"article:modified_time\" content=\"2026-09-03T01:14:31+00:00\" \/>\n<meta property=\"og:image\" content=\"https:\/\/iwell-guard.com\/wp-content\/uploads\/2026\/05\/goetter_phoenizisch_melqart.webp\" \/>\n\t<meta property=\"og:image:width\" content=\"1024\" \/>\n\t<meta property=\"og:image:height\" content=\"1536\" \/>\n\t<meta property=\"og:image:type\" content=\"image\/webp\" \/>\n<meta name=\"twitter:card\" content=\"summary_large_image\" \/>\n<script type=\"application\/ld+json\" class=\"yoast-schema-graph\">{\"@context\":\"https:\\\/\\\/schema.org\",\"@graph\":[{\"@type\":\"WebPage\",\"@id\":\"https:\\\/\\\/iwell-guard.com\\\/sv\\\/melqart-stadsgud-tyros\\\/\",\"url\":\"https:\\\/\\\/iwell-guard.com\\\/sv\\\/melqart-stadsgud-tyros\\\/\",\"name\":\"Melqart \u2013 stadsgud Tyros, myt, kult, Herakles\",\"isPartOf\":{\"@id\":\"https:\\\/\\\/iwell-guard.com\\\/sv\\\/#website\"},\"primaryImageOfPage\":{\"@id\":\"https:\\\/\\\/iwell-guard.com\\\/sv\\\/melqart-stadsgud-tyros\\\/#primaryimage\"},\"image\":{\"@id\":\"https:\\\/\\\/iwell-guard.com\\\/sv\\\/melqart-stadsgud-tyros\\\/#primaryimage\"},\"thumbnailUrl\":\"https:\\\/\\\/iwell-guard.com\\\/wp-content\\\/uploads\\\/2026\\\/05\\\/goetter_phoenizisch_melqart.webp\",\"datePublished\":\"2026-09-03T00:10:48+00:00\",\"dateModified\":\"2026-09-03T01:14:31+00:00\",\"description\":\"Melqart, 'stadens kung', \u00e4r den feniciska stadsguden i Tyros, av grekerna identifierad med Herakles. Myt, kult och tolkning.\",\"breadcrumb\":{\"@id\":\"https:\\\/\\\/iwell-guard.com\\\/sv\\\/melqart-stadsgud-tyros\\\/#breadcrumb\"},\"inLanguage\":\"sv-SE\",\"potentialAction\":[{\"@type\":\"ReadAction\",\"target\":[\"https:\\\/\\\/iwell-guard.com\\\/sv\\\/melqart-stadsgud-tyros\\\/\"]}]},{\"@type\":\"ImageObject\",\"inLanguage\":\"sv-SE\",\"@id\":\"https:\\\/\\\/iwell-guard.com\\\/sv\\\/melqart-stadsgud-tyros\\\/#primaryimage\",\"url\":\"https:\\\/\\\/iwell-guard.com\\\/wp-content\\\/uploads\\\/2026\\\/05\\\/goetter_phoenizisch_melqart.webp\",\"contentUrl\":\"https:\\\/\\\/iwell-guard.com\\\/wp-content\\\/uploads\\\/2026\\\/05\\\/goetter_phoenizisch_melqart.webp\",\"width\":1024,\"height\":1536,\"caption\":\"Gudar fr\u00e5n den feniciska traditionen.\"},{\"@type\":\"BreadcrumbList\",\"@id\":\"https:\\\/\\\/iwell-guard.com\\\/sv\\\/melqart-stadsgud-tyros\\\/#breadcrumb\",\"itemListElement\":[{\"@type\":\"ListItem\",\"position\":1,\"name\":\"Start\",\"item\":\"https:\\\/\\\/iwell-guard.com\\\/sv\\\/?page_id=136483\"},{\"@type\":\"ListItem\",\"position\":2,\"name\":\"Melqart \u2013 stadsgud i Tyros\"}]},{\"@type\":\"WebSite\",\"@id\":\"https:\\\/\\\/iwell-guard.com\\\/sv\\\/#website\",\"url\":\"https:\\\/\\\/iwell-guard.com\\\/sv\\\/\",\"name\":\"iWell Guard\",\"description\":\"Schutz vor dunklen Einfl\u00fcssen\",\"publisher\":{\"@id\":\"https:\\\/\\\/iwell-guard.com\\\/sv\\\/#organization\"},\"potentialAction\":[{\"@type\":\"SearchAction\",\"target\":{\"@type\":\"EntryPoint\",\"urlTemplate\":\"https:\\\/\\\/iwell-guard.com\\\/sv\\\/?s={search_term_string}\"},\"query-input\":{\"@type\":\"PropertyValueSpecification\",\"valueRequired\":true,\"valueName\":\"search_term_string\"}}],\"inLanguage\":\"sv-SE\"},{\"@type\":\"Organization\",\"@id\":\"https:\\\/\\\/iwell-guard.com\\\/sv\\\/#organization\",\"name\":\"Ittermann electronic GmbH\",\"url\":\"https:\\\/\\\/iwell-guard.com\\\/sv\\\/\",\"logo\":{\"@type\":\"ImageObject\",\"inLanguage\":\"sv-SE\",\"@id\":\"https:\\\/\\\/iwell-guard.com\\\/sv\\\/#\\\/schema\\\/logo\\\/image\\\/\",\"url\":\"https:\\\/\\\/iwell-guard.com\\\/wp-content\\\/uploads\\\/2026\\\/05\\\/Ittermann-Logo-1182x237-1.png\",\"contentUrl\":\"https:\\\/\\\/iwell-guard.com\\\/wp-content\\\/uploads\\\/2026\\\/05\\\/Ittermann-Logo-1182x237-1.png\",\"width\":1182,\"height\":237,\"caption\":\"Ittermann electronic GmbH\"},\"image\":{\"@id\":\"https:\\\/\\\/iwell-guard.com\\\/sv\\\/#\\\/schema\\\/logo\\\/image\\\/\"},\"sameAs\":[\"https:\\\/\\\/pantip.com\\\/profile\\\/9367242\",\"https:\\\/\\\/micro.blog\\\/iwellguard\",\"https:\\\/\\\/www.diggerslist.com\\\/iwellguard\\\/about\",\"https:\\\/\\\/skitterphoto.com\\\/photographers\\\/2870314\\\/iwell-guard\",\"https:\\\/\\\/iwellguard.wordpress.com\\\/2026\\\/06\\\/06\\\/iwell-guard\\\/\",\"https:\\\/\\\/hub.docker.com\\\/u\\\/iwellguard\",\"https:\\\/\\\/www.pinterest.com\\\/iwellguard\\\/\",\"https:\\\/\\\/bit.ly\\\/m\\\/iwellguard\",\"https:\\\/\\\/entre-vos-mains.alsace.eu\\\/profiles\\\/iwellguard\\\/activity\",\"https:\\\/\\\/gravatar.com\\\/reallybeded8fd34\",\"https:\\\/\\\/naijamatta.com\\\/iwellguard\",\"https:\\\/\\\/www.goodreads.com\\\/iwellguard\",\"https:\\\/\\\/profile.hatena.ne.jp\\\/iwellguard\\\/\",\"https:\\\/\\\/experiment.com\\\/users\\\/iwellguard\",\"https:\\\/\\\/wakelet.com\\\/@iWellGuard82270\",\"https:\\\/\\\/www.chordie.com\\\/forum\\\/profile.php?id=2555664\",\"https:\\\/\\\/www.instapaper.com\\\/p\\\/17757966\",\"https:\\\/\\\/www.mapleprimes.com\\\/users\\\/iwellguard\",\"https:\\\/\\\/businesslistingplus.com\\\/profile\\\/iwell-guard\\\/\",\"https:\\\/\\\/telegra.ph\\\/iWell-Guard-06-06\",\"https:\\\/\\\/pbase.com\\\/iwellguard\\\/iwellguard\",\"https:\\\/\\\/b.hatena.ne.jp\\\/iwellguard\\\/20260607#bookmark-4788405196491818882\",\"https:\\\/\\\/fliphtml5.com\\\/home\\\/iwellguard\",\"https:\\\/\\\/anyflip.com\\\/homepage\\\/cmiwl#About\",\"https:\\\/\\\/transfur.com\\\/Users\\\/iwellguard\",\"http:\\\/\\\/delphi.larsbo.org\\\/user\\\/iwellguard\",\"https:\\\/\\\/jobs.lajobsportal.org\\\/profiles\\\/8380803-iwell-guard\",\"https:\\\/\\\/md.chaosdorf.de\\\/s\\\/jfbe5SBdJD\",\"https:\\\/\\\/www.lingvolive.com\\\/en-us\\\/profile\\\/9ecaeaca-ce11-4e51-9e71-01d55e2bff36\\\/translations\",\"https:\\\/\\\/www.fitday.com\\\/fitness\\\/forums\\\/members\\\/iwellguard.html\",\"https:\\\/\\\/www.mymeetbook.com\\\/iwellguard\",\"https:\\\/\\\/pxhere.com\\\/en\\\/photographer-me\\\/5040798\",\"https:\\\/\\\/disqus.com\\\/by\\\/iwellguard\\\/about\\\/\",\"https:\\\/\\\/pastelink.net\\\/hjwciqwq\",\"https:\\\/\\\/pubhtml5.com\\\/homepage\\\/scjhn\\\/\",\"https:\\\/\\\/www.bitchute.com\\\/channel\\\/2O2eOKzNqujT\",\"https:\\\/\\\/audiomack.com\\\/iwellguard\"]},{\"@type\":\"Article\",\"@id\":\"https:\\\/\\\/iwell-guard.com\\\/sv\\\/melqart-stadsgud-tyros\\\/#article\",\"isPartOf\":{\"@id\":\"https:\\\/\\\/iwell-guard.com\\\/sv\\\/melqart-stadsgud-tyros\\\/\"},\"author\":{\"name\":\"Ralf Ittermann\",\"@id\":\"https:\\\/\\\/iwell-guard.com\\\/sv\\\/#\\\/schema\\\/person\\\/ee2a27f1cac3406c7c6fb5820cb7349f\"},\"headline\":\"Melqart \u2013 stadsgud i Tyros\",\"datePublished\":\"2026-09-03T00:10:48+00:00\",\"dateModified\":\"2026-09-03T01:14:31+00:00\",\"mainEntityOfPage\":{\"@id\":\"https:\\\/\\\/iwell-guard.com\\\/sv\\\/melqart-stadsgud-tyros\\\/\"},\"publisher\":{\"@id\":\"https:\\\/\\\/iwell-guard.com\\\/sv\\\/#organization\"},\"image\":{\"@id\":\"https:\\\/\\\/iwell-guard.com\\\/sv\\\/melqart-stadsgud-tyros\\\/#primaryimage\"},\"thumbnailUrl\":\"https:\\\/\\\/iwell-guard.com\\\/wp-content\\\/uploads\\\/2026\\\/05\\\/goetter_phoenizisch_melqart.webp\",\"inLanguage\":\"sv-SE\",\"description\":\"Melqart, 'stadens kung', \u00e4r den feniciska stadsguden i Tyros, av grekerna identifierad med Herakles. Myt, kult och tolkning.\"}]}<\/script>\n<!-- \/ Yoast SEO Premium plugin. -->","yoast_head_json":{"title":"Melqart \u2013 stadsgud Tyros, myt, kult, Herakles","description":"Melqart, 'stadens kung', \u00e4r den feniciska stadsguden i Tyros, av grekerna identifierad med Herakles. Myt, kult och tolkning.","robots":{"index":"index","follow":"follow","max-snippet":"max-snippet:-1","max-image-preview":"max-image-preview:large","max-video-preview":"max-video-preview:-1"},"canonical":"https:\/\/iwell-guard.com\/sv\/melqart-stadsgud-tyros\/","og_locale":"sv_SE","og_type":"article","og_title":"Melqart \u2013 stadsgud i Tyros","og_description":"Melqart, 'stadens kung', \u00e4r den feniciska stadsguden i Tyros, av grekerna identifierad med Herakles. Myt, kult och tolkning.","og_url":"https:\/\/iwell-guard.com\/sv\/melqart-stadsgud-tyros\/","og_site_name":"iWell Guard","article_modified_time":"2026-09-03T01:14:31+00:00","og_image":[{"width":1024,"height":1536,"url":"https:\/\/iwell-guard.com\/wp-content\/uploads\/2026\/05\/goetter_phoenizisch_melqart.webp","type":"image\/webp"}],"twitter_card":"summary_large_image","schema":{"@context":"https:\/\/schema.org","@graph":[{"@type":"Article","@id":"https:\/\/iwell-guard.com\/sv\/melqart-stadsgud-tyros\/#article","isPartOf":{"@id":"https:\/\/iwell-guard.com\/sv\/melqart-stadsgud-tyros\/"},"author":{"name":"Ralf Ittermann","@id":"https:\/\/iwell-guard.com\/sv\/#\/schema\/person\/ee2a27f1cac3406c7c6fb5820cb7349f"},"headline":"Melqart \u2013 stadsgud i Tyros","datePublished":"2026-09-03T00:10:48+00:00","dateModified":"2026-09-03T01:14:31+00:00","mainEntityOfPage":{"@id":"https:\/\/iwell-guard.com\/sv\/melqart-stadsgud-tyros\/"},"publisher":{"@id":"https:\/\/iwell-guard.com\/sv\/#organization"},"image":{"@id":"https:\/\/iwell-guard.com\/sv\/melqart-stadsgud-tyros\/#primaryimage"},"thumbnailUrl":"https:\/\/iwell-guard.com\/wp-content\/uploads\/2026\/05\/goetter_phoenizisch_melqart.webp","inLanguage":"sv-SE","description":"Melqart, 'stadens kung', \u00e4r den feniciska stadsguden i Tyros, av grekerna identifierad med Herakles. Myt, kult och tolkning."},{"@type":"WebPage","@id":"https:\/\/iwell-guard.com\/sv\/melqart-stadsgud-tyros\/","url":"https:\/\/iwell-guard.com\/sv\/melqart-stadsgud-tyros\/","name":"Melqart \u2013 stadsgud Tyros, myt, kult, Herakles","isPartOf":{"@id":"https:\/\/iwell-guard.com\/sv\/#website"},"primaryImageOfPage":{"@id":"https:\/\/iwell-guard.com\/sv\/melqart-stadsgud-tyros\/#primaryimage"},"image":{"@id":"https:\/\/iwell-guard.com\/sv\/melqart-stadsgud-tyros\/#primaryimage"},"thumbnailUrl":"https:\/\/iwell-guard.com\/wp-content\/uploads\/2026\/05\/goetter_phoenizisch_melqart.webp","datePublished":"2026-09-03T00:10:48+00:00","dateModified":"2026-09-03T01:14:31+00:00","description":"Melqart, 'stadens kung', \u00e4r den feniciska stadsguden i Tyros, av grekerna identifierad med Herakles. Myt, kult och tolkning.","breadcrumb":{"@id":"https:\/\/iwell-guard.com\/sv\/melqart-stadsgud-tyros\/#breadcrumb"},"inLanguage":"sv-SE","potentialAction":[{"@type":"ReadAction","target":["https:\/\/iwell-guard.com\/sv\/melqart-stadsgud-tyros\/"]}]},{"@type":"ImageObject","inLanguage":"sv-SE","@id":"https:\/\/iwell-guard.com\/sv\/melqart-stadsgud-tyros\/#primaryimage","url":"https:\/\/iwell-guard.com\/wp-content\/uploads\/2026\/05\/goetter_phoenizisch_melqart.webp","contentUrl":"https:\/\/iwell-guard.com\/wp-content\/uploads\/2026\/05\/goetter_phoenizisch_melqart.webp","width":1024,"height":1536,"caption":"Gudar fr\u00e5n den feniciska traditionen."},{"@type":"BreadcrumbList","@id":"https:\/\/iwell-guard.com\/sv\/melqart-stadsgud-tyros\/#breadcrumb","itemListElement":[{"@type":"ListItem","position":1,"name":"Start","item":"https:\/\/iwell-guard.com\/sv\/?page_id=136483"},{"@type":"ListItem","position":2,"name":"Melqart \u2013 stadsgud i Tyros"}]},{"@type":"WebSite","@id":"https:\/\/iwell-guard.com\/sv\/#website","url":"https:\/\/iwell-guard.com\/sv\/","name":"iWell Guard","description":"Schutz vor dunklen Einfl\u00fcssen","publisher":{"@id":"https:\/\/iwell-guard.com\/sv\/#organization"},"potentialAction":[{"@type":"SearchAction","target":{"@type":"EntryPoint","urlTemplate":"https:\/\/iwell-guard.com\/sv\/?s={search_term_string}"},"query-input":{"@type":"PropertyValueSpecification","valueRequired":true,"valueName":"search_term_string"}}],"inLanguage":"sv-SE"},{"@type":"Organization","@id":"https:\/\/iwell-guard.com\/sv\/#organization","name":"Ittermann electronic GmbH","url":"https:\/\/iwell-guard.com\/sv\/","logo":{"@type":"ImageObject","inLanguage":"sv-SE","@id":"https:\/\/iwell-guard.com\/sv\/#\/schema\/logo\/image\/","url":"https:\/\/iwell-guard.com\/wp-content\/uploads\/2026\/05\/Ittermann-Logo-1182x237-1.png","contentUrl":"https:\/\/iwell-guard.com\/wp-content\/uploads\/2026\/05\/Ittermann-Logo-1182x237-1.png","width":1182,"height":237,"caption":"Ittermann electronic GmbH"},"image":{"@id":"https:\/\/iwell-guard.com\/sv\/#\/schema\/logo\/image\/"},"sameAs":["https:\/\/pantip.com\/profile\/9367242","https:\/\/micro.blog\/iwellguard","https:\/\/www.diggerslist.com\/iwellguard\/about","https:\/\/skitterphoto.com\/photographers\/2870314\/iwell-guard","https:\/\/iwellguard.wordpress.com\/2026\/06\/06\/iwell-guard\/","https:\/\/hub.docker.com\/u\/iwellguard","https:\/\/www.pinterest.com\/iwellguard\/","https:\/\/bit.ly\/m\/iwellguard","https:\/\/entre-vos-mains.alsace.eu\/profiles\/iwellguard\/activity","https:\/\/gravatar.com\/reallybeded8fd34","https:\/\/naijamatta.com\/iwellguard","https:\/\/www.goodreads.com\/iwellguard","https:\/\/profile.hatena.ne.jp\/iwellguard\/","https:\/\/experiment.com\/users\/iwellguard","https:\/\/wakelet.com\/@iWellGuard82270","https:\/\/www.chordie.com\/forum\/profile.php?id=2555664","https:\/\/www.instapaper.com\/p\/17757966","https:\/\/www.mapleprimes.com\/users\/iwellguard","https:\/\/businesslistingplus.com\/profile\/iwell-guard\/","https:\/\/telegra.ph\/iWell-Guard-06-06","https:\/\/pbase.com\/iwellguard\/iwellguard","https:\/\/b.hatena.ne.jp\/iwellguard\/20260607#bookmark-4788405196491818882","https:\/\/fliphtml5.com\/home\/iwellguard","https:\/\/anyflip.com\/homepage\/cmiwl#About","https:\/\/transfur.com\/Users\/iwellguard","http:\/\/delphi.larsbo.org\/user\/iwellguard","https:\/\/jobs.lajobsportal.org\/profiles\/8380803-iwell-guard","https:\/\/md.chaosdorf.de\/s\/jfbe5SBdJD","https:\/\/www.lingvolive.com\/en-us\/profile\/9ecaeaca-ce11-4e51-9e71-01d55e2bff36\/translations","https:\/\/www.fitday.com\/fitness\/forums\/members\/iwellguard.html","https:\/\/www.mymeetbook.com\/iwellguard","https:\/\/pxhere.com\/en\/photographer-me\/5040798","https:\/\/disqus.com\/by\/iwellguard\/about\/","https:\/\/pastelink.net\/hjwciqwq","https:\/\/pubhtml5.com\/homepage\/scjhn\/","https:\/\/www.bitchute.com\/channel\/2O2eOKzNqujT","https:\/\/audiomack.com\/iwellguard"]},{"@type":"Person","@id":"https:\/\/iwell-guard.com\/sv\/#\/schema\/person\/ee2a27f1cac3406c7c6fb5820cb7349f","name":"Ralf Ittermann","image":{"@type":"ImageObject","inLanguage":"sv-SE","@id":"https:\/\/secure.gravatar.com\/avatar\/073c0153e350a5005b68eb752b445fea71f6b24a26da9449ad7e155e6b446c9d?s=96&d=mm&r=g","url":"https:\/\/secure.gravatar.com\/avatar\/073c0153e350a5005b68eb752b445fea71f6b24a26da9449ad7e155e6b446c9d?s=96&d=mm&r=g","contentUrl":"https:\/\/secure.gravatar.com\/avatar\/073c0153e350a5005b68eb752b445fea71f6b24a26da9449ad7e155e6b446c9d?s=96&d=mm&r=g","caption":"Ralf Ittermann"},"givenName":"Ralf","familyName":"Ittermann","jobTitle":"Gesch\u00e4ftsf\u00fchrer und redaktioneller Verantwortlicher","url":"https:\/\/iwell-guard.com\/sv\/author\/claude\/","description":"Ralf Ittermann ist Gesch\u00e4ftsf\u00fchrer der Ittermann electronic GmbH und redaktioneller Verantwortlicher des iWell-Guard-Lexikons. Er verbindet langj\u00e4hrige Erfahrung in der Pr\u00e4zisionsfertigung mit medialer Praxis und religionsgeschichtlicher Quellenarbeit.","worksFor":{"@type":"Organization","name":"Ittermann electronic GmbH","url":"https:\/\/ittermann.de\/","address":{"@type":"PostalAddress","streetAddress":"K\u00f6hlergasse 16-18","postalCode":"99842","addressLocality":"Ruhla","addressCountry":"DE"}},"knowsAbout":["Religionsgeschichte","Mythologie","Mediale Praxis","Energetische Diagnostik","Schutzpraxis","Volksglauben","Westliche Esoterik"]},{"@type":"Article","@id":"https:\/\/iwell-guard.com\/sv\/melqart-stadsgud-tyros\/#article","isPartOf":{"@id":"https:\/\/iwell-guard.com\/sv\/melqart-stadsgud-tyros\/"},"author":{"name":"Ralf Ittermann","@id":"https:\/\/iwell-guard.com\/sv\/#\/schema\/person\/ee2a27f1cac3406c7c6fb5820cb7349f"},"headline":"Melqart \u2013 stadsgud i Tyros","datePublished":"2026-09-03T00:10:48+00:00","dateModified":"2026-09-03T01:14:31+00:00","mainEntityOfPage":{"@id":"https:\/\/iwell-guard.com\/sv\/melqart-stadsgud-tyros\/"},"publisher":{"@id":"https:\/\/iwell-guard.com\/sv\/#organization"},"image":{"@id":"https:\/\/iwell-guard.com\/sv\/melqart-stadsgud-tyros\/#primaryimage"},"thumbnailUrl":"https:\/\/iwell-guard.com\/wp-content\/uploads\/2026\/05\/goetter_phoenizisch_melqart.webp","inLanguage":"sv-SE","description":"Melqart, 'stadens kung', \u00e4r den feniciska stadsguden i Tyros, av grekerna identifierad med Herakles. Myt, kult och tolkning."}]}},"_links":{"self":[{"href":"https:\/\/iwell-guard.com\/sv\/wp-json\/wp\/v2\/pages\/136874","targetHints":{"allow":["GET"]}}],"collection":[{"href":"https:\/\/iwell-guard.com\/sv\/wp-json\/wp\/v2\/pages"}],"about":[{"href":"https:\/\/iwell-guard.com\/sv\/wp-json\/wp\/v2\/types\/page"}],"author":[{"embeddable":true,"href":"https:\/\/iwell-guard.com\/sv\/wp-json\/wp\/v2\/users\/3"}],"replies":[{"embeddable":true,"href":"https:\/\/iwell-guard.com\/sv\/wp-json\/wp\/v2\/comments?post=136874"}],"version-history":[{"count":0,"href":"https:\/\/iwell-guard.com\/sv\/wp-json\/wp\/v2\/pages\/136874\/revisions"}],"wp:featuredmedia":[{"embeddable":true,"href":"https:\/\/iwell-guard.com\/sv\/wp-json\/wp\/v2\/media\/2850"}],"wp:attachment":[{"href":"https:\/\/iwell-guard.com\/sv\/wp-json\/wp\/v2\/media?parent=136874"}],"wp:term":[{"taxonomy":"category","embeddable":true,"href":"https:\/\/iwell-guard.com\/sv\/wp-json\/wp\/v2\/categories?post=136874"}],"curies":[{"name":"wp","href":"https:\/\/api.w.org\/{rel}","templated":true}]}}