{"id":136869,"date":"2026-09-03T00:10:45","date_gmt":"2026-09-03T00:10:45","guid":{"rendered":"https:\/\/iwell-guard.com\/?page_id=136869"},"modified":"2026-09-03T01:14:24","modified_gmt":"2026-09-03T01:14:24","slug":"ullikummi-stenjatten-mot-gudarna","status":"publish","type":"page","link":"https:\/\/iwell-guard.com\/sv\/ullikummi-stenjatten-mot-gudarna\/","title":{"rendered":"Ullikummi \u2013 stenj\u00e4tten som utmanade gudarna"},"content":{"rendered":"\t\t<div data-elementor-type=\"wp-page\" data-elementor-id=\"136869\" class=\"elementor elementor-136869 elementor-2621 elementor-bc-flex-widget\" data-elementor-post-type=\"page\">\n\t\t\t\t<div class=\"elementor-element elementor-element-iwgw-ullikummi-hero e-flex e-con-boxed e-con e-parent\" data-id=\"iwgw-ullikummi-hero\" data-element_type=\"container\" data-e-type=\"container\" data-settings=\"{&quot;background_background&quot;:&quot;classic&quot;}\">\n\t\t\t\t\t<div class=\"e-con-inner\">\n\t\t<div class=\"elementor-element elementor-element-iwgw-ullikummi-hl e-flex e-con-boxed e-con e-child\" data-id=\"iwgw-ullikummi-hl\" data-element_type=\"container\" data-e-type=\"container\">\n\t\t\t\t\t<div class=\"e-con-inner\">\n\t\t<div class=\"elementor-element elementor-element-iwgw-ullikummi-htxt e-con-full e-flex e-con e-child\" data-id=\"iwgw-ullikummi-htxt\" data-element_type=\"container\" data-e-type=\"container\">\n\t\t\t\t<div class=\"elementor-element elementor-element-iwgw-ullikummi-h1 elementor-widget elementor-widget-heading\" data-id=\"iwgw-ullikummi-h1\" data-element_type=\"widget\" data-e-type=\"widget\" data-widget_type=\"heading.default\">\n\t\t\t\t\t<h1 class=\"elementor-heading-title elementor-size-default\">Ullikummi, hurritisk-hettitisk stenj\u00e4tte och gudarnas utmanare<\/h1>\t\t\t\t<\/div>\n\t\t\t\t<div class=\"elementor-element elementor-element-iwgw-ullikummi-lead elementor-widget elementor-widget-text-editor\" data-id=\"iwgw-ullikummi-lead\" data-element_type=\"widget\" data-e-type=\"widget\" data-widget_type=\"text-editor.default\">\n\t\t\t\t\t\t\t\t\t<p>Ullikummi \u00e4r en dioritstenj\u00e4tte ur den hurritisk-hettitiska Kumarbi-cykeln. Hans far <a href=\"https:\/\/iwell-guard.com\/sv\/kumarbi-hurritisk-gudafader\/\">Kumarbi<\/a> avlade honom med en klippkvinna f\u00f6r att st\u00f6rta <a href=\"https:\/\/iwell-guard.com\/sv\/teshub-hurritisk-vadergud\/\">Teshubs<\/a> gudav\u00e4lde. P\u00e5 axeln till urj\u00e4tten Upelluri v\u00e4xer Ullikummi upp mot himlen och hotar gudariket, tills Ea skiljer honom fr\u00e5n kroppen med skapelses\u00e5gen.<\/p>\t\t\t\t\t\t\t\t<\/div>\n\t\t\t\t<\/div>\n\t\t<div class=\"elementor-element elementor-element-iwgw-ullikummi-pillc e-con-full e-flex e-con e-child\" data-id=\"iwgw-ullikummi-pillc\" data-element_type=\"container\" data-e-type=\"container\">\n\t\t\t\t<div class=\"elementor-element elementor-element-iwgw-ullikummi-pills elementor-widget elementor-widget-html\" data-id=\"iwgw-ullikummi-pills\" data-element_type=\"widget\" data-e-type=\"widget\" data-widget_type=\"html.default\">\n\t\t\t\t\t<div class=\"iwg-pill-row\"><span class=\"iwg-klasse-badge\" tabindex=\"0\" data-tooltip=\"J\u00e4tte inom den hettitiska traditionen.\">J\u00e4tte<\/span><a href=\"https:\/\/iwell-guard.com\/sv\/hettitiskt-anatoliskt-tarhunna-tusen-gudar-skyddspraxis\/\" class=\"iwg-kultur-badge\" tabindex=\"0\" data-tooltip=\"Mytologi inom den hettitiska traditionen.\">Hettitisk<\/a><span class=\"iwg-tradition-badge\" tabindex=\"0\" data-tooltip=\"Kaosvarelse.\">Kaosvarelse<\/span><\/div>\t\t\t\t<\/div>\n\t\t\t\t<\/div>\n\t\t<div class=\"elementor-element elementor-element-iwgw-ullikummi-tocc e-con-full e-flex e-con e-child\" data-id=\"iwgw-ullikummi-tocc\" data-element_type=\"container\" data-e-type=\"container\">\n\t\t\t\t<div class=\"elementor-element elementor-element-iwgw-ullikummi-toc elementor-toc--minimized-on-tablet elementor-widget elementor-widget-table-of-contents\" data-id=\"iwgw-ullikummi-toc\" data-element_type=\"widget\" data-e-type=\"widget\" data-settings=\"{&quot;headings_by_tags&quot;:[&quot;h2&quot;,&quot;h3&quot;],&quot;minimize_box&quot;:&quot;yes&quot;,&quot;marker_view&quot;:&quot;bullets&quot;,&quot;no_headings_message&quot;:&quot;Inga rubriker hittades p\\u00e5 den h\\u00e4r sidan.&quot;,&quot;exclude_headings_by_selector&quot;:[],&quot;icon&quot;:{&quot;value&quot;:&quot;fas fa-circle&quot;,&quot;library&quot;:&quot;fa-solid&quot;,&quot;rendered_tag&quot;:&quot;&lt;svg class=\\&quot;e-font-icon-svg e-fas-circle\\&quot; viewBox=\\&quot;0 0 512 512\\&quot; xmlns=\\&quot;http:\\\/\\\/www.w3.org\\\/2000\\\/svg\\&quot;&gt;&lt;path d=\\&quot;M256 8C119 8 8 119 8 256s111 248 248 248 248-111 248-248S393 8 256 8z\\&quot;&gt;&lt;\\\/path&gt;&lt;\\\/svg&gt;&quot;},&quot;minimized_on&quot;:&quot;tablet&quot;,&quot;hierarchical_view&quot;:&quot;yes&quot;,&quot;min_height&quot;:{&quot;unit&quot;:&quot;px&quot;,&quot;size&quot;:&quot;&quot;,&quot;sizes&quot;:[]},&quot;min_height_tablet&quot;:{&quot;unit&quot;:&quot;px&quot;,&quot;size&quot;:&quot;&quot;,&quot;sizes&quot;:[]},&quot;min_height_mobile&quot;:{&quot;unit&quot;:&quot;px&quot;,&quot;size&quot;:&quot;&quot;,&quot;sizes&quot;:[]}}\" data-widget_type=\"table-of-contents.default\">\n\t\t\t\t\t\t\t\t\t<div class=\"elementor-toc__header\">\n\t\t\t\t\t\t<h2 class=\"elementor-toc__header-title\">\n\t\t\t\tInneh\u00e5llsf\u00f6rteckning\t\t\t<\/h2>\n\t\t\t\t\t\t\t\t\t\t<div class=\"elementor-toc__toggle-button elementor-toc__toggle-button--expand\" role=\"button\" tabindex=\"0\" aria-controls=\"elementor-toc__iwgw-ullikummi-toc\" aria-expanded=\"true\" aria-label=\"Inhaltsverzeichnis \u00f6ffnen\"><svg aria-hidden=\"true\" class=\"e-font-icon-svg e-fas-chevron-down\" viewBox=\"0 0 448 512\" xmlns=\"http:\/\/www.w3.org\/2000\/svg\"><path d=\"M207.029 381.476L12.686 187.132c-9.373-9.373-9.373-24.569 0-33.941l22.667-22.667c9.357-9.357 24.522-9.375 33.901-.04L224 284.505l154.745-154.021c9.379-9.335 24.544-9.317 33.901.04l22.667 22.667c9.373 9.373 9.373 24.569 0 33.941L240.971 381.476c-9.373 9.372-24.569 9.372-33.942 0z\"><\/path><\/svg><\/div>\n\t\t\t\t<div class=\"elementor-toc__toggle-button elementor-toc__toggle-button--collapse\" role=\"button\" tabindex=\"0\" aria-controls=\"elementor-toc__iwgw-ullikummi-toc\" aria-expanded=\"true\" aria-label=\"Inhaltsverzeichnis schlie\u00dfen\"><svg aria-hidden=\"true\" class=\"e-font-icon-svg e-fas-chevron-up\" viewBox=\"0 0 448 512\" xmlns=\"http:\/\/www.w3.org\/2000\/svg\"><path d=\"M240.971 130.524l194.343 194.343c9.373 9.373 9.373 24.569 0 33.941l-22.667 22.667c-9.357 9.357-24.522 9.375-33.901.04L224 227.495 69.255 381.516c-9.379 9.335-24.544 9.317-33.901-.04l-22.667-22.667c-9.373-9.373-9.373-24.569 0-33.941L207.03 130.525c9.372-9.373 24.568-9.373 33.941-.001z\"><\/path><\/svg><\/div>\n\t\t\t\t\t<\/div>\n\t\t\t\t<div id=\"elementor-toc__iwgw-ullikummi-toc\" class=\"elementor-toc__body\">\n\t\t\t<div class=\"elementor-toc__spinner-container\">\n\t\t\t\t<svg class=\"elementor-toc__spinner eicon-animation-spin e-font-icon-svg e-eicon-loading\" aria-hidden=\"true\" viewBox=\"0 0 1000 1000\" xmlns=\"http:\/\/www.w3.org\/2000\/svg\"><path d=\"M500 975V858C696 858 858 696 858 500S696 142 500 142 142 304 142 500H25C25 237 238 25 500 25S975 237 975 500 763 975 500 975Z\"><\/path><\/svg>\t\t\t<\/div>\n\t\t<\/div>\n\t\t\t\t\t\t<\/div>\n\t\t\t\t<\/div>\n\t\t\t\t\t<\/div>\n\t\t\t\t<\/div>\n\t\t<div class=\"elementor-element elementor-element-iwgw-ullikummi-hr e-con-full e-flex e-con e-child\" data-id=\"iwgw-ullikummi-hr\" data-element_type=\"container\" data-e-type=\"container\">\n\t\t\t\t<div class=\"elementor-element elementor-element-iwgw-ullikummi-heroimg iwg-hero-image elementor-widget elementor-widget-image\" data-id=\"iwgw-ullikummi-heroimg\" data-element_type=\"widget\" data-e-type=\"widget\" data-widget_type=\"image.default\">\n\t\t\t\t\t\t\t\t\t\t\t\t\t\t\t<img fetchpriority=\"high\" decoding=\"async\" width=\"683\" height=\"1024\" src=\"https:\/\/iwell-guard.com\/wp-content\/uploads\/2026\/05\/goetter_hethitisch_ullikummi-683x1024.webp\" class=\"attachment-large size-large wp-image-2844\" alt=\"Ullikummi - G\u00f6tter aus der Hethitisch-Tradition, historisch-illustrativ\" srcset=\"https:\/\/iwell-guard.com\/wp-content\/uploads\/2026\/05\/goetter_hethitisch_ullikummi-683x1024.webp 683w, https:\/\/iwell-guard.com\/wp-content\/uploads\/2026\/05\/goetter_hethitisch_ullikummi-200x300.webp 200w, https:\/\/iwell-guard.com\/wp-content\/uploads\/2026\/05\/goetter_hethitisch_ullikummi-768x1152.webp 768w, https:\/\/iwell-guard.com\/wp-content\/uploads\/2026\/05\/goetter_hethitisch_ullikummi.webp 1024w\" sizes=\"(max-width: 683px) 100vw, 683px\" \/>\t\t\t\t\t\t\t\t\t\t\t\t\t\t\t<\/div>\n\t\t\t\t<\/div>\n\t\t\t\t\t<\/div>\n\t\t\t\t<\/div>\n\t\t<div class=\"elementor-element elementor-element-iwgw-ullikummi-s0 e-flex e-con-boxed e-con e-parent\" data-id=\"iwgw-ullikummi-s0\" data-element_type=\"container\" data-e-type=\"container\">\n\t\t\t\t\t<div class=\"e-con-inner\">\n\t\t\t\t<div class=\"elementor-element elementor-element-iwgw-ullikummi-s0h elementor-widget elementor-widget-heading\" data-id=\"iwgw-ullikummi-s0h\" data-element_type=\"widget\" data-e-type=\"widget\" data-widget_type=\"heading.default\">\n\t\t\t\t\t<h2 class=\"elementor-heading-title elementor-size-default\">Kontextualisering och kortprofil<\/h2>\t\t\t\t<\/div>\n\t\t<div class=\"elementor-element elementor-element-iwgw-ullikummi-s0c e-con-full e-flex e-con e-child\" data-id=\"iwgw-ullikummi-s0c\" data-element_type=\"container\" data-e-type=\"container\">\n\t\t\t\t<div class=\"elementor-element elementor-element-iwgw-ullikummi-s0t elementor-widget elementor-widget-text-editor\" data-id=\"iwgw-ullikummi-s0t\" data-element_type=\"widget\" data-e-type=\"widget\" data-widget_type=\"text-editor.default\">\n\t\t\t\t\t\t\t\t\t<p>Ullikummi h\u00f6r till de mest anm\u00e4rkningsv\u00e4rda gestalterna inom den forna orientens <span class=\"iwg-fachbegriff\" data-tooltip=\"Helheten av \u00f6verl\u00e4mnade ber\u00e4ttelser om gudar inom en kultur.\" tabindex=\"0\">mytologi<\/span>. Han \u00e4r ingen gud i klassisk mening, utan en kaosvarelse av sten, avlad av <a href=\"https:\/\/iwell-guard.com\/sv\/kumarbi-hurritisk-gudafader\/\">Kumarbi<\/a> som ett verktyg f\u00f6r att \u00e5terta den gudomliga makten.<\/p><p>Hans <span class=\"iwg-fachbegriff\" data-tooltip=\"En \u00f6verl\u00e4mnad ber\u00e4ttelse om gudar, ursprung och v\u00e4rldens ordning.\" tabindex=\"0\">myt<\/span>, &#8217;S\u00e5ngen om Ullikummi&#8217; (CTH 345), \u00e4r ett av de litter\u00e4rt mest imponerande verken inom den hurritiska <span class=\"iwg-fachbegriff\" data-tooltip=\"Helheten av \u00f6verl\u00e4mnade ber\u00e4ttelser om gudar inom en kultur.\" tabindex=\"0\">mytologin<\/span> och presenterades av Hans G\u00fcterbock i en detaljerad utg\u00e5va 1951\/1952.<\/p><p>Religionshistoriskt representerar Ullikummi typen av kosmisk antihj\u00e4lte, som utmanar den gudomliga ordningen och till slut besegras. Hans tillv\u00e4xt &#8217;som ett h\u00f6gt tr\u00e4d&#8217; upp mot himlen och hans stumhet (han kan varken se eller h\u00f6ra) g\u00f6r honom till en verkligt kuslig gestalt.<\/p><p>Denna konfiguration av en blind och d\u00f6v stenj\u00e4tte \u00e4r unik inom den forna orientens <span class=\"iwg-fachbegriff\" data-tooltip=\"Helheten av \u00f6verl\u00e4mnade ber\u00e4ttelser om gudar inom en kultur.\" tabindex=\"0\">mytologi<\/span> och g\u00f6r Ullikummi till en av de mest gripande kaosvarelserna \u00f6ver huvud taget.<\/p><p>Trevor Bryce har i <em>The Kingdom of the Hittites<\/em> (2005) pekat p\u00e5 den parallella strukturen till den grekiska Typhon; Ullikummi h\u00f6r till den internationella familjen av kaosj\u00e4ttar som strider mot den olympiska respektive anatoliska himmelsordningen. Inom <a href=\"https:\/\/iwell-guard.com\/sv\/hettitiskt-anatoliskt-tarhunna-tusen-gudar-skyddspraxis\/\">den hettitiska traditionen<\/a> \u00e4r han den mest framtr\u00e4dande antiguden i Kumarbi-cykeln.<\/p><p>En s\u00e4rskild teologisk po\u00e4ng i <span class=\"iwg-fachbegriff\" data-tooltip=\"En \u00f6verl\u00e4mnad ber\u00e4ttelse om gudar, ursprung och v\u00e4rldens ordning.\" tabindex=\"0\">myten<\/span> \u00e4r att Ullikummi inte uppst\u00e5r ur ondska eller hat, utan som ett medvetet skapat verktyg. Kumarbi frambringar honom programmatiskt, med ett tydligt uppdrag och ett talande namn. Denna &#8217;instrumentella&#8217; skapelse av en kaosvarelse \u00e4r religionshistoriskt ovanlig och utg\u00f6r en egen mytologisk kategori.<\/p>\t\t\t\t\t\t\t\t<\/div>\n\t\t\t\t<\/div>\n\t\t\t\t\t<\/div>\n\t\t\t\t<\/div>\n\t\t<div class=\"elementor-element elementor-element-iwgw-ullikummi-s1 e-flex e-con-boxed e-con e-parent\" data-id=\"iwgw-ullikummi-s1\" data-element_type=\"container\" data-e-type=\"container\">\n\t\t\t\t\t<div class=\"e-con-inner\">\n\t\t\t\t<div class=\"elementor-element elementor-element-iwgw-ullikummi-s1h elementor-widget elementor-widget-heading\" data-id=\"iwgw-ullikummi-s1h\" data-element_type=\"widget\" data-e-type=\"widget\" data-widget_type=\"heading.default\">\n\t\t\t\t\t<h2 class=\"elementor-heading-title elementor-size-default\">Namn och etymologi<\/h2>\t\t\t\t<\/div>\n\t\t<div class=\"elementor-element elementor-element-iwgw-ullikummi-s1c e-con-full e-flex e-con e-child\" data-id=\"iwgw-ullikummi-s1c\" data-element_type=\"container\" data-e-type=\"container\">\n\t\t\t\t<div class=\"elementor-element elementor-element-iwgw-ullikummi-s1t elementor-widget elementor-widget-text-editor\" data-id=\"iwgw-ullikummi-s1t\" data-element_type=\"widget\" data-e-type=\"widget\" data-widget_type=\"text-editor.default\">\n\t\t\t\t\t\t\t\t\t<p>Namnet Ullikummi \u00e4r hurritiskt och betyder troligen &#8217;f\u00f6rst\u00f6rare av Kummiya&#8217;, d\u00e4r Kummiya \u00e4r <a href=\"https:\/\/iwell-guard.com\/sv\/teshub-hurritisk-vadergud\/\">Teshubs<\/a> boningsort. Volkert Haas har i <em>Geschichte der hethitischen Religion<\/em> (1994) diskuterat denna etymologi som den mest sannolika; elementet <em>ulli-<\/em> f\u00f6rknippas med &#8217;f\u00f6rst\u00f6ra&#8217;, <em>-kummi<\/em> som ortnamn.<\/p><p>I kilskriftstexter f\u00f6rekommer namnet som <em>Ul-li-kum-mi<\/em>; p\u00e5 hettitiskt \u00e4r olika grammatiska \u00e4ndelser belagda. En alternativ tolkning ser i namnet en appellativ betydelse &#8217;den som ska f\u00f6rst\u00f6ras&#8217; eller &#8217;den h\u00f6gv\u00e4xte&#8217;; denna \u00e4r dock mindre v\u00e4l belagd.<\/p><p>Namnet s\u00e4ger allts\u00e5 programmatiskt redan vad j\u00e4tten ska g\u00f6ra: f\u00f6rst\u00f6ra Teshubs boningsort och d\u00e4rmed den gudomliga ordningen. I <span class=\"iwg-fachbegriff\" data-tooltip=\"En \u00f6verl\u00e4mnad ber\u00e4ttelse om gudar, ursprung och v\u00e4rldens ordning.\" tabindex=\"0\">myten<\/span> uppfyller han denna f\u00f6resats n\u00e4stan helt.<\/p><p>Detta s\u00e4tt att ge en ber\u00e4ttelsefigur ett &#8217;talande&#8217; namn \u00e4r vanligt inom det forna orientaliska ber\u00e4ttandet; det h\u00f6r till strategierna f\u00f6r mytisk karakt\u00e4risering. Volkert Haas har diskuterat liknande fall hos andra kaosvarelser som Hedammu och silvervarelsen.<\/p><p>I hieroglyfluwiskan \u00e4r namnet inte entydigt belagt, vilket understryker figurens rent hurritiska f\u00f6rankring. \u00c4ven i urartiskan, d\u00e4r m\u00e5nga hurritiska gudanamn lever vidare, saknas Ullikummi, han f\u00f6rblir en ber\u00e4ttelsefigur inom Kumarbi-cykeln, inte en levande kult.<\/p>\t\t\t\t\t\t\t\t<\/div>\n\t\t\t\t<\/div>\n\t\t\t\t\t<\/div>\n\t\t\t\t<\/div>\n\t\t<div class=\"elementor-element elementor-element-iwgw-ullikummi-s2 e-flex e-con-boxed e-con e-parent\" data-id=\"iwgw-ullikummi-s2\" data-element_type=\"container\" data-e-type=\"container\">\n\t\t\t\t\t<div class=\"e-con-inner\">\n\t\t\t\t<div class=\"elementor-element elementor-element-iwgw-ullikummi-s2h elementor-widget elementor-widget-heading\" data-id=\"iwgw-ullikummi-s2h\" data-element_type=\"widget\" data-e-type=\"widget\" data-widget_type=\"heading.default\">\n\t\t\t\t\t<h2 class=\"elementor-heading-title elementor-size-default\">Beskrivning och ikonografi<\/h2>\t\t\t\t<\/div>\n\t\t<div class=\"elementor-element elementor-element-iwgw-ullikummi-s2c e-con-full e-flex e-con e-child\" data-id=\"iwgw-ullikummi-s2c\" data-element_type=\"container\" data-e-type=\"container\">\n\t\t\t\t<div class=\"elementor-element elementor-element-iwgw-ullikummi-s2t elementor-widget elementor-widget-text-editor\" data-id=\"iwgw-ullikummi-s2t\" data-element_type=\"widget\" data-e-type=\"widget\" data-widget_type=\"text-editor.default\">\n\t\t\t\t\t\t\t\t\t<p>Ullikummi best\u00e5r av diorit, en extremt h\u00e5rd m\u00f6rk sten. Han \u00e4r blind och d\u00f6v fr\u00e5n f\u00f6dseln; varken gudar eller m\u00e4nniskor kan f\u00e5 kontakt med honom.<\/p><p>Han v\u00e4xer oavbrutet: &#8217;Som ett h\u00f6gt tr\u00e4d, som ett vassr\u00f6r, allt snabbare v\u00e4xte han.&#8217; I b\u00f6rjan st\u00e5r han i havet, tills axlarna sticker upp ur v\u00e5gorna, sedan v\u00e4xer han vidare tills han n\u00e5r himlens spets.<\/p><p>Ikonografiskt \u00e4r Ullikummi inte entydigt belagd; m\u00f6jliga avbildningar p\u00e5 senhettitiska reliefer \u00e4r omtvistade. I den moderna hettitologin visualiseras han ofta konceptuellt som en &#8217;stenpelare&#8217;. Hans plats \u00e4r den h\u00f6gra axeln p\u00e5 urj\u00e4tten Upelluri, en Atlas-figur som inte m\u00e4rker att en j\u00e4tte v\u00e4xer p\u00e5 hans axel.<\/p><p>Denna f\u00f6rest\u00e4llning om en sovande Atlas-j\u00e4tte, p\u00e5 vars axel kosmiska h\u00e4ndelser utspelar sig, \u00e4r en av de mest ovanliga <span class=\"iwg-fachbegriff\" data-tooltip=\"F\u00f6rest\u00e4llningen om v\u00e4rldens uppbyggnad och ordning inom en kultur.\" tabindex=\"0\">kosmologi<\/span>-bilderna inom den forna orientens <span class=\"iwg-fachbegriff\" data-tooltip=\"Helheten av \u00f6verl\u00e4mnade ber\u00e4ttelser om gudar inom en kultur.\" tabindex=\"0\">mytologi<\/span> och har av Mary Bachvarova diskuterats som en m\u00f6jlig f\u00f6reg\u00e5ngare till den grekiska Atlas-f\u00f6rest\u00e4llningen.<\/p><p>\u00c4ven f\u00f6rest\u00e4llningen om Upelluri som urj\u00e4tte med v\u00e4rldar p\u00e5 axeln p\u00e5minner om senare mytologiska bilder av v\u00e4rldsb\u00e4raren i flera medelhavskulturer.<\/p>\t\t\t\t\t\t\t\t<\/div>\n\t\t\t\t<\/div>\n\t\t\t\t\t<\/div>\n\t\t\t\t<\/div>\n\t\t<div class=\"elementor-element elementor-element-iwgw-ullikummi-s3 e-flex e-con-boxed e-con e-parent\" data-id=\"iwgw-ullikummi-s3\" data-element_type=\"container\" data-e-type=\"container\">\n\t\t\t\t\t<div class=\"e-con-inner\">\n\t\t\t\t<div class=\"elementor-element elementor-element-iwgw-ullikummi-s3h elementor-widget elementor-widget-heading\" data-id=\"iwgw-ullikummi-s3h\" data-element_type=\"widget\" data-e-type=\"widget\" data-widget_type=\"heading.default\">\n\t\t\t\t\t<h2 class=\"elementor-heading-title elementor-size-default\">Mytologiska ber\u00e4ttelser<\/h2>\t\t\t\t<\/div>\n\t\t<div class=\"elementor-element elementor-element-iwgw-ullikummi-s3c e-con-full e-flex e-con e-child\" data-id=\"iwgw-ullikummi-s3c\" data-element_type=\"container\" data-e-type=\"container\">\n\t\t\t\t<div class=\"elementor-element elementor-element-iwgw-ullikummi-s3t elementor-widget elementor-widget-text-editor\" data-id=\"iwgw-ullikummi-s3t\" data-element_type=\"widget\" data-e-type=\"widget\" data-widget_type=\"text-editor.default\">\n\t\t\t\t\t\t\t\t\t<p>&#8217;S\u00e5ngen om Ullikummi&#8217; (CTH 345) \u00e4r bevarad p\u00e5 tre tavlor och kan rekonstrueras v\u00e4l. Handlingen: <a href=\"https:\/\/iwell-guard.com\/sv\/kumarbi-hurritisk-gudafader\/\">Kumarbi<\/a> s\u00f6ker en h\u00e4mnare mot sin son <a href=\"https:\/\/iwell-guard.com\/sv\/teshub-hurritisk-vadergud\/\">Teshub<\/a>. Han begiver sig till en klippa i havet som inneh\u00e5ller en kvinnlig <span class=\"iwg-fachbegriff\" data-tooltip=\"Ett kroppsl\u00f6st v\u00e4sen som tillskrivs verkan i v\u00e4rlden.\" tabindex=\"0\">ande<\/span>.<\/p><p>Ur deras f\u00f6rbindelse f\u00f6ds Ullikummi. Kumarbi ger honom namnet med programmatisk betydelse och \u00f6verl\u00e4mnar honom till Ir\u0161irra-gudinnorna, som s\u00e4tter honom p\u00e5 Upelluris axel.<\/p><p>Ullikummi v\u00e4xer stadigt. <a href=\"https:\/\/iwell-guard.com\/sv\/arinna-solgudinna-av-arinna\/\">Solgudinnan<\/a> uppt\u00e4cker honom f\u00f6rst och meddelar det till <a href=\"https:\/\/iwell-guard.com\/sv\/teshub-hurritisk-vadergud\/\">Teshub<\/a>, som f\u00f6rskr\u00e4ckt bestiger berget Hazzi (Mons Casius n\u00e4ra Antiochia) och ser vidundret.<\/p><p>Teshubs syster \u0160au\u0161ga f\u00f6rs\u00f6ker f\u00f6rtrolla Ullikummi med musik och dans, men hans blinda och d\u00f6va v\u00e4sen f\u00f6rblir op\u00e5verkat. \u00c4ven gudarnas f\u00f6rsta anfall misslyckas; Ullikummi hotar att er\u00f6vra Teshubs tempelhelgedom i Kummiya.<\/p><p>Till slut bes\u00f6ker Teshub den vise guden Ea (hurritiskt \u1e2aa\u0161ammilu) i underjorden. Ea h\u00e4mtar den gamla s\u00e5gen ur f\u00f6rr\u00e5dshuset, den som en g\u00e5ng skilde himmel och jord, och sk\u00e4r med den loss Ullikummi fr\u00e5n hans sockel p\u00e5 Upelluris axel.<\/p><p>F\u00f6rsvagad besegras Ullikummi nu i striden mot Teshub, men textens slut \u00e4r fragmentariskt. Den centrala teologiska po\u00e4ngen: det \u00e4r inte Teshubs r\u00e5a kraft ensam, utan Eas kunskap om de kosmiska verktygen som avg\u00f6r striden.<\/p><p>Ett eget avsnitt beskriver gudarnas m\u00f6te p\u00e5 berget Hazzi, d\u00e4r de r\u00e5dsl\u00e5r om hotet. Denna gudaf\u00f6rsamling \u00e4r en av de mest imponerande scenerna i den hurritiska <span class=\"iwg-fachbegriff\" data-tooltip=\"Summan av en kulturs \u00f6verl\u00e4mnade gudaber\u00e4ttelser.\" tabindex=\"0\">mytologin<\/span> och utg\u00f6r samtidigt s\u00e5ngens ber\u00e4ttande centrum.<\/p><p>Hazzi kan identifieras med Mons Casius (i dag Cebel Akra i Turkiet och Syrien), ett heligt berg som \u00e4ven i den ugaritiska Baal-<span class=\"iwg-fachbegriff\" data-tooltip=\"En \u00f6verl\u00e4mnad ber\u00e4ttelse om gudar, ursprung och v\u00e4rldens ordning.\" tabindex=\"0\">myten<\/span> framtr\u00e4der som Baals boning.<\/p>\t\t\t\t\t\t\t\t<\/div>\n\t\t\t\t<\/div>\n\t\t\t\t\t<\/div>\n\t\t\t\t<\/div>\n\t\t<div class=\"elementor-element elementor-element-iwgw-ullikummi-s4 e-flex e-con-boxed e-con e-parent\" data-id=\"iwgw-ullikummi-s4\" data-element_type=\"container\" data-e-type=\"container\">\n\t\t\t\t\t<div class=\"e-con-inner\">\n\t\t\t\t<div class=\"elementor-element elementor-element-iwgw-ullikummi-s4h elementor-widget elementor-widget-heading\" data-id=\"iwgw-ullikummi-s4h\" data-element_type=\"widget\" data-e-type=\"widget\" data-widget_type=\"heading.default\">\n\t\t\t\t\t<h2 class=\"elementor-heading-title elementor-size-default\">Kult och v\u00f6rdnad<\/h2>\t\t\t\t<\/div>\n\t\t<div class=\"elementor-element elementor-element-iwgw-ullikummi-s4c e-con-full e-flex e-con e-child\" data-id=\"iwgw-ullikummi-s4c\" data-element_type=\"container\" data-e-type=\"container\">\n\t\t\t\t<div class=\"elementor-element elementor-element-iwgw-ullikummi-s4t elementor-widget elementor-widget-text-editor\" data-id=\"iwgw-ullikummi-s4t\" data-element_type=\"widget\" data-e-type=\"widget\" data-widget_type=\"text-editor.default\">\n\t\t\t\t\t\t\t\t\t<p>Ullikummi var inte f\u00f6rem\u00e5l f\u00f6r n\u00e5gon kult; som ett kaosv\u00e4sen dyrkades han inte, utan bek\u00e4mpades <span class=\"iwg-fachbegriff\" data-tooltip=\"Tillh\u00f6rande ett fastst\u00e4llt religi\u00f6st handlingsf\u00f6rlopp.\" tabindex=\"0\">rituellt<\/span> eller \u00e5beropades som en negativ motbild i ritualer. I vissa skyddsritualer framst\u00e5r han som ett prototypiskt exempel p\u00e5 den kosmiska fara som m\u00e5ste avv\u00e4rjas genom gudomlig intervention.<\/p><p>Hans <span class=\"iwg-fachbegriff\" data-tooltip=\"En \u00f6verl\u00e4mnad ber\u00e4ttelse om gudar, ursprung och v\u00e4rldens ordning.\" tabindex=\"0\">myt<\/span> reciterades dock inom rikskulten; troligen ingick &#8217;S\u00e5ngen om Ullikummi&#8217; i repertoaren hos de hurritiska s\u00e5ngarna (<em>kaluti<\/em>), som framf\u00f6rde gudaeposen vid stora fester. Joost Hazenbos har i <em>The Organization of the Anatolian Local Cults<\/em> (2003) unders\u00f6kt den pr\u00e4sterliga organisationen bakom dessa recitationer.<\/p><p>Den religionshistoriska funktionen hos <span class=\"iwg-fachbegriff\" data-tooltip=\"En \u00f6verl\u00e4mnad ber\u00e4ttelse om gudar, ursprung och v\u00e4rldens ordning.\" tabindex=\"0\">myten<\/span> \u00e4r att bekr\u00e4fta den gudomliga ordningen mot kaoset. Genom att <span class=\"iwg-fachbegriff\" data-tooltip=\"En \u00f6verl\u00e4mnad ber\u00e4ttelse om gudar, ursprung och v\u00e4rldens ordning.\" tabindex=\"0\">myten<\/span> reciterades \u00e5terskapades kaosv\u00e4sendets nederlag kultiskt, och d\u00e4rmed st\u00e4rktes den kosmiska balansen.<\/p><p>Denna funktion, &#8217;den rituella upprepningen av kaosets mytiska nederlag&#8217;, h\u00f6r till grundstrukturerna i den forntida orientaliska religionen och \u00e5terfinns \u00e4ven i den akkadiska Enuma-elish-recitationen vid ny\u00e5rsfesten samt i den ugaritiska Baal-cykelns recitation.<\/p><p>Den rituella funktionen hos mytrecitationen vid hovet \u00e4r v\u00e4l dokumenterad: i festkalendern framtr\u00e4der de hurritiska s\u00e5ngarnas s\u00e5ngrepertoar som en fast del av de stora riksh\u00f6gtiderna. Denna s\u00e5ngtradition tillh\u00f6r den senbrons\u00e5lderns kulturarv och \u00e4r ett av de viktigaste vittnesb\u00f6rden om den litter\u00e4ra h\u00f6gkulturen i det hurritiska Anatolien.<\/p>\t\t\t\t\t\t\t\t<\/div>\n\t\t\t\t<\/div>\n\t\t\t\t\t<\/div>\n\t\t\t\t<\/div>\n\t\t<div class=\"elementor-element elementor-element-iwgw-ullikummi-s5 e-flex e-con-boxed e-con e-parent\" data-id=\"iwgw-ullikummi-s5\" data-element_type=\"container\" data-e-type=\"container\">\n\t\t\t\t\t<div class=\"e-con-inner\">\n\t\t\t\t<div class=\"elementor-element elementor-element-iwgw-ullikummi-s5h elementor-widget elementor-widget-heading\" data-id=\"iwgw-ullikummi-s5h\" data-element_type=\"widget\" data-e-type=\"widget\" data-widget_type=\"heading.default\">\n\t\t\t\t\t<h2 class=\"elementor-heading-title elementor-size-default\">Skyddspraxis och apotrop\u00e4iskt<\/h2>\t\t\t\t<\/div>\n\t\t<div class=\"elementor-element elementor-element-iwgw-ullikummi-s5c e-con-full e-flex e-con e-child\" data-id=\"iwgw-ullikummi-s5c\" data-element_type=\"container\" data-e-type=\"container\">\n\t\t\t\t<div class=\"elementor-element elementor-element-iwgw-ullikummi-s5t elementor-widget elementor-widget-text-editor\" data-id=\"iwgw-ullikummi-s5t\" data-element_type=\"widget\" data-e-type=\"widget\" data-widget_type=\"text-editor.default\">\n\t\t\t\t\t\t\t\t\t<p>I hurritisk-hettitiska magiska riter framtr\u00e4der Ullikummi som en negativ gestalt, vars nederlag upprepas <span class=\"iwg-fachbegriff\" data-tooltip=\"Tillh\u00f6rande ett fastst\u00e4llt religi\u00f6st handlingsf\u00f6rlopp.\" tabindex=\"0\">rituellt<\/span>. Volkert Haas har i <em>Materia Magica et Medica Hethitica<\/em> (2003) utgivit motsvarande texter.<\/p><p>Vid sjukdomar, konflikter eller kosmiska hot (till exempel jordb\u00e4vningar) anv\u00e4ndes skapelses\u00e5gen symboliskt mot kaoset; en pr\u00e4st tog en liten s\u00e5g i handen och &#8217;skilde&#8217; sjukdomen eller konflikten fr\u00e5n patienten.<\/p><p><span class=\"iwg-fachbegriff\" data-tooltip=\"Ondaavv\u00e4rjande: om tecken och f\u00f6rem\u00e5l som ska h\u00e5lla skadliga inflytanden borta.\" tabindex=\"0\">Apotrop\u00e4iskt<\/span> bars dioritbitar ibland som skyddsamuletter, dock med h\u00e4nvisning till andra gudomar, inte direkt till Ullikummi. Denna praxis \u00e4r historiskt belysande, eftersom den visar hur kaosv\u00e4sen kan &#8217;v\u00e4ndas&#8217; <span class=\"iwg-fachbegriff\" data-tooltip=\"Tillh\u00f6rande ett fastst\u00e4llt religi\u00f6st handlingsf\u00f6rlopp.\" tabindex=\"0\">rituellt<\/span>: det som i <span class=\"iwg-fachbegriff\" data-tooltip=\"En \u00f6verl\u00e4mnad ber\u00e4ttelse om gudar, ursprung och v\u00e4rldens ordning.\" tabindex=\"0\">myten<\/span> var ett hot blir i <span class=\"iwg-fachbegriff\" data-tooltip=\"En reglerad f\u00f6ljd av symboliska handlingar med religi\u00f6s eller kulturell betydelse.\" tabindex=\"0\">riten<\/span> en skyddsresurs. Denna omv\u00e4ndning \u00e4r ett k\u00e4nt fenomen inom den forntida orientaliska <span class=\"iwg-fachbegriff\" data-tooltip=\"Praktiker som genom s\u00e4rskilda handlingar eller formler f\u00f6rs\u00f6ker ingripa i tingens g\u00e5ng.\" tabindex=\"0\">magin<\/span>.<\/p><p>Ur iWell Guards perspektiv \u00e4r Ullikummi framf\u00f6r allt ett religionshistoriskt exempel p\u00e5 kaosets nederlag genom gudomlig kunskap (Eas s\u00e5g).<\/p><p>Han h\u00f6r inte till raden av individuella skyddsadressater och \u00e4r ingen adress f\u00f6r modern <span class=\"iwg-fachbegriff\" data-tooltip=\"Den levda religi\u00f6sa h\u00e5llningen och praktiken hos en m\u00e4nniska.\" tabindex=\"0\">gudsfruktan<\/span>. Hans betydelse begr\u00e4nsas till <span class=\"iwg-fachbegriff\" data-tooltip=\"En \u00f6verl\u00e4mnad ber\u00e4ttelse om gudar, ursprung och v\u00e4rldens ordning.\" tabindex=\"0\">myten<\/span> och den j\u00e4mf\u00f6rande religionsforskningen. Ullikummis nederlag visar den forntida orientaliska tilltron till att kosmisk kunskap, f\u00f6rmedlad genom vishetsgudarna, kan \u00f6vervinna varje materiellt hot.<\/p>\t\t\t\t\t\t\t\t<\/div>\n\t\t\t\t<\/div>\n\t\t\t\t\t<\/div>\n\t\t\t\t<\/div>\n\t\t<div class=\"elementor-element elementor-element-iwgw-ullikummi-s6 e-flex e-con-boxed e-con e-parent\" data-id=\"iwgw-ullikummi-s6\" data-element_type=\"container\" data-e-type=\"container\">\n\t\t\t\t\t<div class=\"e-con-inner\">\n\t\t\t\t<div class=\"elementor-element elementor-element-iwgw-ullikummi-s6h elementor-widget elementor-widget-heading\" data-id=\"iwgw-ullikummi-s6h\" data-element_type=\"widget\" data-e-type=\"widget\" data-widget_type=\"heading.default\">\n\t\t\t\t\t<h2 class=\"elementor-heading-title elementor-size-default\">Paralleller i andra kulturer<\/h2>\t\t\t\t<\/div>\n\t\t<div class=\"elementor-element elementor-element-iwgw-ullikummi-s6c e-con-full e-flex e-con e-child\" data-id=\"iwgw-ullikummi-s6c\" data-element_type=\"container\" data-e-type=\"container\">\n\t\t\t\t<div class=\"elementor-element elementor-element-iwgw-ullikummi-s6t elementor-widget elementor-widget-text-editor\" data-id=\"iwgw-ullikummi-s6t\" data-element_type=\"widget\" data-e-type=\"widget\" data-widget_type=\"text-editor.default\">\n\t\t\t\t\t\t\t\t\t<p>Den viktigaste parallellen \u00e4r den grekiske Typhon, en j\u00e4tte som n\u00e5r \u00e4nda upp till himlen och som strider mot Zeus. Hesiodos (Theogonin 820, 880) beskriver honom som son till Gaia och Tartaros med hundra ormhuvuden.<\/p><p>Liksom Ullikummi besegras Typhon av v\u00e4dergud\u00e9n. Hans G\u00fcterbock utarbetade redan 1951 den n\u00e4ra parallellen mellan de b\u00e5da myterna; Walter Burkert gjorde den till ett av standardexemplen p\u00e5 orientaliskt inflytande p\u00e5 den grekiska <span class=\"iwg-fachbegriff\" data-tooltip=\"Den samlade m\u00e4ngden \u00f6verl\u00e4mnade gudaber\u00e4ttelser inom en kultur.\" tabindex=\"0\">mytologin<\/span>.<\/p><p>Inom det v\u00e4stsemitiska omr\u00e5det motsvarar <a href=\"https:\/\/iwell-guard.com\/sv\/yam-fenicisk-havsgud\/\">Yam<\/a>, havsguden fr\u00e5n Baal-cykeln, funktionellt Ullikummi-typen: \u00e4ven han hotar den gudomliga ordningen, och \u00e4ven han besegras av stormguden. Yam \u00e4r dock sj\u00e4lv en gud, medan Ullikummi \u00e4r ett icke-gudomligt v\u00e4sen. Denna skillnad understryker det hurritiska konceptet med ett rent kaosverktyg som inte \u00e4r integrerat i <span class=\"iwg-fachbegriff\" data-tooltip=\"Den samlade m\u00e4ngden gudar inom en religion eller kultur.\" tabindex=\"0\">panteonet<\/span>.<\/p><p>Historiskt tillh\u00f6r Ullikummi den internationella familjen av kaosstrider mot stenj\u00e4ttar, drakar eller havsmonster. Mary Bachvarova har i <em>From Hittite to Homer<\/em> (2016) ing\u00e5ende unders\u00f6kt \u00f6verf\u00f6ringsv\u00e4garna till den grekiska <span class=\"iwg-fachbegriff\" data-tooltip=\"Den samlade m\u00e4ngden \u00f6verl\u00e4mnade gudaber\u00e4ttelser inom en kultur.\" tabindex=\"0\">mytologin<\/span> och visat att de hurritiska s\u00e5ngarna och de nordsyriska stadsstaterna var de viktigaste f\u00f6rmedlarna. \u00c4ven <a href=\"https:\/\/iwell-guard.com\/sv\/hedammu-havsmonstret-kumarbi-cykeln\/\">Hedammu<\/a> fr\u00e5n samma mytcykel tillh\u00f6r kaosv\u00e4sendenas familj.<\/p>\t\t\t\t\t\t\t\t<\/div>\n\t\t\t\t<\/div>\n\t\t\t\t\t<\/div>\n\t\t\t\t<\/div>\n\t\t<div class=\"elementor-element elementor-element-iwgw-ullikummi-s7 e-flex e-con-boxed e-con e-parent\" data-id=\"iwgw-ullikummi-s7\" data-element_type=\"container\" data-e-type=\"container\">\n\t\t\t\t\t<div class=\"e-con-inner\">\n\t\t\t\t<div class=\"elementor-element elementor-element-iwgw-ullikummi-s7h elementor-widget elementor-widget-heading\" data-id=\"iwgw-ullikummi-s7h\" data-element_type=\"widget\" data-e-type=\"widget\" data-widget_type=\"heading.default\">\n\t\t\t\t\t<h2 class=\"elementor-heading-title elementor-size-default\">Nutida mottagande och forskning<\/h2>\t\t\t\t<\/div>\n\t\t<div class=\"elementor-element elementor-element-iwgw-ullikummi-s7c e-con-full e-flex e-con e-child\" data-id=\"iwgw-ullikummi-s7c\" data-element_type=\"container\" data-e-type=\"container\">\n\t\t\t\t<div class=\"elementor-element elementor-element-iwgw-ullikummi-s7t elementor-widget elementor-widget-text-editor\" data-id=\"iwgw-ullikummi-s7t\" data-element_type=\"widget\" data-e-type=\"widget\" data-widget_type=\"text-editor.default\">\n\t\t\t\t\t\t\t\t\t<p>&#8217;S\u00e5ngen om Ullikummi&#8217; redigerades 1951\/1952 av Hans G\u00fcterbock och har sedan dess varit standardmaterial inom hettitisk <span class=\"iwg-fachbegriff\" data-tooltip=\"Summan av en kulturs \u00f6verl\u00e4mnade gudaber\u00e4ttelser.\" tabindex=\"0\">mytologi<\/span>. Viktiga nyare bidrag har l\u00e4mnats av Beckman, Hoffner, Haas och Bachvarova. Bachvarovas studie \u00e4r s\u00e4rskilt betydelsefull f\u00f6r de grekiska parallellerna.<\/p><p>I den popul\u00e4ra receptionen \u00e4r Ullikummi knappt k\u00e4nd, till skillnad fr\u00e5n Tyfon, som ibland f\u00f6rekommer i moderna fantasyromaner. I det turkiska kulturomr\u00e5det n\u00e4mns han ibland som en lokal referens till Yaz\u0131l\u0131kaya och Mons Casius (nuvarande Cebel Akra i Turkiet och Syrien). En spirituell \u00e5terupplivning i nyhedendomsk mening saknas.<\/p><p>Vetenskapligt betraktas Ullikummi idag som ett centralt studieobjekt f\u00f6r fornorientalisk kaos-<span class=\"iwg-fachbegriff\" data-tooltip=\"Den vetenskapliga l\u00e4ran om gud och om en religions tro.\" tabindex=\"0\">teologi<\/span> och f\u00f6r \u00f6verf\u00f6ringen av theogonier. Aktuella forskningsfokus ligger p\u00e5 den textkritiska bearbetningen av tavlorna, p\u00e5 j\u00e4mf\u00f6relsen med Tyfon och Tiamat samt p\u00e5 fr\u00e5gan om hur <span class=\"iwg-fachbegriff\" data-tooltip=\"En \u00f6verl\u00e4mnad ber\u00e4ttelse om gudar, ursprung och v\u00e4rldens ordning.\" tabindex=\"0\">myten<\/span> faktiskt reciterades inom rikskulten. iWell Guard listar honom som ett religionshistoriskt exempel utan praktisk skyddsanknytning.<\/p><p>Aktuell forskning av Stefano de Martino och Michel Mazoyer unders\u00f6ker dessutom kopplingen mellan Ullikummi och det senare nyhettitiska konceptet &#8217;det kosmiska berget&#8217;, som f\u00f6rekommer i de hieroglyfluwiska inskriptionerna fr\u00e5n Mara\u015f och Karkami\u0161.<\/p><p>Fr\u00e5gan om Ullikummi-traditionen p\u00e5 n\u00e5got s\u00e4tt levde vidare efter det hettitiska rikets fall har p\u00e5 nytt tagits upp under de senaste \u00e5ren.<\/p>\t\t\t\t\t\t\t\t<\/div>\n\t\t\t\t<\/div>\n\t\t\t\t\t<\/div>\n\t\t\t\t<\/div>\n\t\t<div class=\"elementor-element elementor-element-iwgw-ullikummi-s8 e-flex e-con-boxed e-con e-parent\" data-id=\"iwgw-ullikummi-s8\" data-element_type=\"container\" data-e-type=\"container\">\n\t\t\t\t\t<div class=\"e-con-inner\">\n\t\t\t\t<div class=\"elementor-element elementor-element-iwgw-ullikummi-s8h elementor-widget elementor-widget-heading\" data-id=\"iwgw-ullikummi-s8h\" data-element_type=\"widget\" data-e-type=\"widget\" data-widget_type=\"heading.default\">\n\t\t\t\t\t<h2 class=\"elementor-heading-title elementor-size-default\">Litteratur och k\u00e4llor<\/h2>\t\t\t\t<\/div>\n\t\t<div class=\"elementor-element elementor-element-iwgw-ullikummi-s8c e-con-full e-flex e-con e-child\" data-id=\"iwgw-ullikummi-s8c\" data-element_type=\"container\" data-e-type=\"container\">\n\t\t\t\t<div class=\"elementor-element elementor-element-iwgw-ullikummi-s8t elementor-widget elementor-widget-text-editor\" data-id=\"iwgw-ullikummi-s8t\" data-element_type=\"widget\" data-e-type=\"widget\" data-widget_type=\"text-editor.default\">\n\t\t\t\t\t\t\t\t\t<p>Viktiga standardverk om Ullikummi-forskningen \u00e4r sammanst\u00e4llda i f\u00f6ljande urval; de omfattar editioner, \u00f6vers\u00e4ttningar och historiska sammanfattningar. G\u00fcterbocks edition f\u00f6rblir den filologiska referenspunkten, Beckmans \u00f6vers\u00e4ttning g\u00f6r texten tillg\u00e4nglig p\u00e5 engelska, och Bachvarovas sammanfattning erbjuder den mest aktuella j\u00e4mf\u00f6rande synen. Volkert Haas har i flera studier beskrivit den ritualhistoriska inb\u00e4ddningen, medan Walter Burkert har utvecklat det religionsj\u00e4mf\u00f6rande perspektivet.<\/p>\t\t\t\t\t\t\t\t<\/div>\n\t\t\t\t<\/div>\n\t\t\t\t\t<\/div>\n\t\t\t\t<\/div>\n\t\t<div class=\"elementor-element elementor-element-cp2364f09b e-flex e-con-boxed e-con e-parent\" data-id=\"cp2364f09b\" data-element_type=\"container\" data-e-type=\"container\">\n\t\t\t\t\t<div class=\"e-con-inner\">\n\t\t\t\t<div class=\"elementor-element elementor-element-cp21bba06d elementor-widget elementor-widget-heading\" data-id=\"cp21bba06d\" data-element_type=\"widget\" data-e-type=\"widget\" data-widget_type=\"heading.default\">\n\t\t\t\t\t<h2 class=\"elementor-heading-title elementor-size-default\">S\u00e5ngen om Ullikummi: uppbyggnad och \u00f6verl\u00e4mning p\u00e5 lertavlor<\/h2>\t\t\t\t<\/div>\n\t\t<div class=\"elementor-element elementor-element-cp29cc2699 e-flex e-con-boxed e-con e-child\" data-id=\"cp29cc2699\" data-element_type=\"container\" data-e-type=\"container\">\n\t\t\t\t\t<div class=\"e-con-inner\">\n\t\t\t\t<div class=\"elementor-element elementor-element-cp22c337aa elementor-widget elementor-widget-text-editor\" data-id=\"cp22c337aa\" data-element_type=\"widget\" data-e-type=\"widget\" data-widget_type=\"text-editor.default\">\n\t\t\t\t\t\t\t\t\t<p>Ullikummi \u00e4r inte k\u00e4nd fr\u00e5n en sammanh\u00e4ngande mytologisk tradition, utan n\u00e4stan uteslutande fr\u00e5n ett enda litter\u00e4rt verk, den s\u00e5 kallade <em>S\u00e5ngen om Ullikummi<\/em>. Texten \u00e5terfanns p\u00e5 lertavlor p\u00e5 hettitiska fr\u00e5n huvudstaden Hattusa, dagens Bo\u011fazkale i centrala Anatolien.<\/p><p>Tavlorna h\u00f6r till de fynd som fr\u00e5n 1906 b\u00e4rgades av den tyska utgr\u00e4vningen under Hugo Winckler och senare publicerades i Keilschrifturkunden aus Boghazk\u00f6i samt Keilschrifttexte aus Boghazk\u00f6i. Hans Gustav G\u00fcterbock lade 1951 och 1952 fram den auktoritativa f\u00f6rstaupplagan med \u00f6vers\u00e4ttning.<\/p><p>Verket ing\u00e5r i den s\u00e5 kallade Kumarbi-cykeln, en grupp ber\u00e4ttelser om guden Kumarbi och hans kamp om kungad\u00f6met i himlen.<\/p><p>Den hettitiska texten anses vara en \u00f6vers\u00e4ttning eller bearbetning av en hurritisk f\u00f6rlaga; enskilda tavlor b\u00e4r anm\u00e4rkningar som pekar p\u00e5 den hurritiska bakgrunden. Tre tavlor \u00e4r bevarade, ingen av dem fullst\u00e4ndig, vilket g\u00f6r att ber\u00e4ttelsens slut endast delvis kan rekonstrueras.<\/p><p>Inneh\u00e5llsm\u00e4ssigt \u00e4r s\u00e5ngen indelad i avlelsen av stenv\u00e4sendet, dess dolda tillv\u00e4xt, gudarnas uppt\u00e4ckt av det och den slutliga striden. Kompositionen arbetar med ordagranna upprepningar, till exempel den formelartade beskrivningen av Ullikummis tillv\u00e4xt, vilket \u00e4r vanligt i den forntida Orientens muntliga s\u00e5v\u00e4l som skriftliga <span class=\"iwg-fachbegriff\" data-tooltip=\"\u00d6verf\u00f6ringen av kunskap och ber\u00e4ttelser genom generationer.\" tabindex=\"0\">\u00f6verl\u00e4mning<\/span>.<\/p><p>F\u00f6r forskningen \u00e4r texten dubbelt v\u00e4rdefull: som vittnesb\u00f6rd om hurritisk-hettitiska litter\u00e4ra f\u00f6rbindelser och som m\u00f6jlig f\u00f6rmedlare av motiv som senare \u00e5terkommer i grekiska teogonier. Tavlornas luckor f\u00f6rblir dock en grundl\u00e4ggande begr\u00e4nsning f\u00f6r varje tolkning.<\/p>\t\t\t\t\t\t\t\t<\/div>\n\t\t\t\t\t<\/div>\n\t\t\t\t<\/div>\n\t\t\t\t\t<\/div>\n\t\t\t\t<\/div>\n\t\t<div class=\"elementor-element elementor-element-cp296d698b e-flex e-con-boxed e-con e-parent\" data-id=\"cp296d698b\" data-element_type=\"container\" data-e-type=\"container\">\n\t\t\t\t\t<div class=\"e-con-inner\">\n\t\t\t\t<div class=\"elementor-element elementor-element-cp21e9c4e5 elementor-widget elementor-widget-heading\" data-id=\"cp21e9c4e5\" data-element_type=\"widget\" data-e-type=\"widget\" data-widget_type=\"heading.default\">\n\t\t\t\t\t<h2 class=\"elementor-heading-title elementor-size-default\">Dioriten och avskiljandet fr\u00e5n sockeln<\/h2>\t\t\t\t<\/div>\n\t\t<div class=\"elementor-element elementor-element-cp28006065 e-flex e-con-boxed e-con e-child\" data-id=\"cp28006065\" data-element_type=\"container\" data-e-type=\"container\">\n\t\t\t\t\t<div class=\"e-con-inner\">\n\t\t\t\t<div class=\"elementor-element elementor-element-cp2e72d9e8 elementor-widget elementor-widget-text-editor\" data-id=\"cp2e72d9e8\" data-element_type=\"widget\" data-e-type=\"widget\" data-widget_type=\"text-editor.default\">\n\t\t\t\t\t\t\t\t\t<p>En detalj i S\u00e5ngen om Ullikummi har f\u00e5tt s\u00e4rskild uppm\u00e4rksamhet: materialet som varelsen best\u00e5r av och s\u00e4ttet den betvingas. Kumarbi avlar Ullikummi med en klippa, och barnet som f\u00f6ds \u00e4r en blind, d\u00f6v koloss av sten.<\/p><p>Texten anger materialet med en term som forskningen till \u00f6verv\u00e4gande del tolkar som diorit, en h\u00e5rd, m\u00f6rk bergart. Denna materialitet g\u00f6r Ullikummi ok\u00e4nslig f\u00f6r gudarnas vanliga angrepp.<\/p><p>F\u00f6r att varelsen ska kunna v\u00e4xa upp obem\u00e4rkt placeras den p\u00e5 h\u00f6gra axeln av den atlasliknande b\u00e4rargguden Upelluri, som b\u00e4r upp v\u00e4rlden och inte m\u00e4rker n\u00e5got av det som sker.<\/p><p>Ullikummi v\u00e4xer upp ur havet tills han n\u00e5r himlen och hotar gudarnas boningar. V\u00e4dergudens, i den hettitiska versionen likst\u00e4lld med Te\u0161ub, misslyckas till att b\u00f6rja med med stenj\u00e4tten.<\/p><p>L\u00f6sningen levereras av den vise guden Ea, som l\u00e5ter s\u00f6ka efter ett verktyg i de forna gudarnas gamla f\u00f6rr\u00e5d. Det r\u00f6r sig om just den s\u00e5g eller det sk\u00e4rverktyg som en g\u00e5ng skilde himmel och jord fr\u00e5n varandra.<\/p><p>Med detta redskap sk\u00e4r Ea av Ullikummi vid f\u00f6tterna fr\u00e5n Upelluris axel. Genom att l\u00f6sg\u00f6ras fr\u00e5n sin bas f\u00f6rlorar varelsen sin kraft.<\/p><p>G\u00fcterbock och efter honom m\u00e5nga orientalister har kopplat samman detta <span class=\"iwg-fachbegriff\" data-tooltip=\"Ett \u00e5terkommande inneh\u00e5llsm\u00e4ssigt element i konst eller ber\u00e4ttelse.\" tabindex=\"0\">motiv<\/span> med kosmogoniska f\u00f6rest\u00e4llningar om \u00e5tskillnad: verktyget som skapade v\u00e4rlden anv\u00e4nds nu f\u00f6r att upph\u00e4va ett onaturligt hot. Den bevarade texten bryts av strax efter denna v\u00e4ndpunkt, s\u00e5 att Te\u0161ubs slutliga seger visserligen anses trolig, men inte finns bestyrkt i ordalydelsen.<\/p>\t\t\t\t\t\t\t\t<\/div>\n\t\t\t\t\t<\/div>\n\t\t\t\t<\/div>\n\t\t\t\t\t<\/div>\n\t\t\t\t<\/div>\n\t\t<div class=\"elementor-element elementor-element-iwgw-ullikummi-lit e-flex e-con-boxed e-con e-parent\" data-id=\"iwgw-ullikummi-lit\" data-element_type=\"container\" data-e-type=\"container\">\n\t\t\t\t\t<div class=\"e-con-inner\">\n\t\t\t\t<div class=\"elementor-element elementor-element-iwgw-ullikummi-lith elementor-widget elementor-widget-heading\" data-id=\"iwgw-ullikummi-lith\" data-element_type=\"widget\" data-e-type=\"widget\" data-widget_type=\"heading.default\">\n\t\t\t\t\t<h2 class=\"elementor-heading-title elementor-size-default\">Litteratur (urval)<\/h2>\t\t\t\t<\/div>\n\t\t<div class=\"elementor-element elementor-element-iwgw-ullikummi-litc e-con-full e-flex e-con e-child\" data-id=\"iwgw-ullikummi-litc\" data-element_type=\"container\" data-e-type=\"container\">\n\t\t\t\t<div class=\"elementor-element elementor-element-iwgw-ullikummi-litt elementor-widget elementor-widget-text-editor\" data-id=\"iwgw-ullikummi-litt\" data-element_type=\"widget\" data-e-type=\"widget\" data-widget_type=\"text-editor.default\">\n\t\t\t\t\t\t\t\t\t<div data-nosnippet=\"true\"><ul><li>Hans G\u00fcterbock: <em>The Song of Ullikummi<\/em> (JCS 5, 6, 1951, 1952)<\/li><li>Gary Beckman: <em>Hittite Myths<\/em> (SBL 1998)<\/li><li>Volkert Haas: <em>Geschichte der hethitischen Religion<\/em> (Leiden 1994)<\/li><li>Mary Bachvarova: <em>From Hittite to Homer<\/em> (Cambridge 2016)<\/li><li>Walter Burkert: <em>Die orientalisierende Epoche<\/em> (Heidelberg 1984)<\/li><li>Volkert Haas: <em>Materia Magica et Medica Hethitica<\/em> (Berlin 2003)<\/li><\/ul><\/div>\t\t\t\t\t\t\t\t<\/div>\n\t\t\t\t<\/div>\n\t\t\t\t\t<\/div>\n\t\t\t\t<\/div>\n\t\t<div class=\"elementor-element elementor-element-iwgkw2-add-ullikummi e-flex e-con-boxed e-con e-parent\" data-id=\"iwgkw2-add-ullikummi\" data-element_type=\"container\" data-e-type=\"container\">\n\t\t\t\t\t<div class=\"e-con-inner\">\n\t\t\t\t<div class=\"elementor-element elementor-element-iwgkw2-add-ullikummi-t elementor-widget elementor-widget-text-editor\" data-id=\"iwgkw2-add-ullikummi-t\" data-element_type=\"widget\" data-e-type=\"widget\" data-widget_type=\"text-editor.default\">\n\t\t\t\t\t\t\t\t\t<p>I den <em>hurritiska<\/em> traditionens Kumarbi-cykel upptr\u00e4der Ullikummi som en stenad <em>gudabetvingare<\/em>, som Kumarbi avlar mot v\u00e4dergudens Teschub; den hettitiska tavel\u00f6verl\u00e4mningen fr\u00e5n Hattusa har bevarat <span class=\"iwg-fachbegriff\" data-tooltip=\"En \u00f6verl\u00e4mnad ber\u00e4ttelse om gudar, ursprung och v\u00e4rldens ordning.\" tabindex=\"0\">myten<\/span>.<\/p>\t\t\t\t\t\t\t\t<\/div>\n\t\t\t\t\t<\/div>\n\t\t\t\t<\/div>\n\t\t<div class=\"elementor-element elementor-element-iwgw-ullikummi-kwd e-flex e-con-boxed e-con e-parent\" data-id=\"iwgw-ullikummi-kwd\" data-element_type=\"container\" data-e-type=\"container\">\n\t\t\t\t\t<div class=\"e-con-inner\">\n\t\t<div class=\"elementor-element elementor-element-iwgw-ullikummi-kwdc e-con-full e-flex e-con e-child\" data-id=\"iwgw-ullikummi-kwdc\" data-element_type=\"container\" data-e-type=\"container\">\n\t\t\t\t<div class=\"elementor-element elementor-element-iwgw-ullikummi-kwdt elementor-widget elementor-widget-text-editor\" data-id=\"iwgw-ullikummi-kwdt\" data-element_type=\"widget\" data-e-type=\"widget\" data-widget_type=\"text-editor.default\">\n\t\t\t\t\t\t\t\t\t<p><em>Relaterade nyckelbegrepp: Ullikummi Hurriter Stenj\u00e4tte Diorit Upelluri Kummiya S\u00e5ng Hazzi.<\/em><\/p>\t\t\t\t\t\t\t\t<\/div>\n\t\t\t\t<\/div>\n\t\t\t\t\t<\/div>\n\t\t\t\t<\/div>\n\t\t<div class=\"elementor-element elementor-element-iwgw-ullikummi-cc e-flex e-con-boxed e-con e-parent\" data-id=\"iwgw-ullikummi-cc\" data-element_type=\"container\" data-e-type=\"container\" id=\"iwg-cc-ullikummi\">\n\t\t\t\t\t<div class=\"e-con-inner\">\n\t\t<div class=\"elementor-element elementor-element-iwgw-ullikummi-ccinner e-flex e-con-boxed e-con e-parent\" data-id=\"iwgw-ullikummi-ccinner\" data-element_type=\"container\" data-e-type=\"container\" data-settings=\"{&quot;background_background&quot;:&quot;classic&quot;}\">\n\t\t\t\t\t<div class=\"e-con-inner\">\n\t\t\t\t<div class=\"elementor-element elementor-element-iwgw-ullikummi-cch elementor-widget elementor-widget-heading\" data-id=\"iwgw-ullikummi-cch\" data-element_type=\"widget\" data-e-type=\"widget\" data-widget_type=\"heading.default\">\n\t\t\t\t\t<h2 class=\"elementor-heading-title elementor-size-default\">iWell Guard och skyddstraditioner<\/h2>\t\t\t\t<\/div>\n\t\t\t\t<div class=\"elementor-element elementor-element-iwgw-ullikummi-cct elementor-widget elementor-widget-text-editor\" data-id=\"iwgw-ullikummi-cct\" data-element_type=\"widget\" data-e-type=\"widget\" data-widget_type=\"text-editor.default\">\n\t\t\t\t\t\t\t\t\t<div data-nosnippet=\"true\"><p>iWell Guard ansluter till den kulturhistoriska traditionen av b\u00e4rbara skyddsobjekt, i traditionen fr\u00e5n <a href=\"https:\/\/iwell-guard.com\/sv\/hettitiskt-anatoliskt-tarhunna-tusen-gudar-skyddspraxis\/\">hettitisk kultur<\/a> och m\u00e5nga andra kulturer v\u00e4rlden \u00f6ver. 41 lager, \u00e4kta guld, platina, silver, tillverkat i Tyskland. 30 dagars returr\u00e4tt.<\/p><\/div>\t\t\t\t\t\t\t\t<\/div>\n\t\t\t\t<div class=\"elementor-element elementor-element-iwgw-ullikummi-ccb iwg-cc-button iwg-cc-cta-2026-05-13 elementor-widget elementor-widget-jet-button\" data-id=\"iwgw-ullikummi-ccb\" data-element_type=\"widget\" data-e-type=\"widget\" data-widget_type=\"jet-button.default\">\n\t\t\t\t<div class=\"elementor-widget-container\">\n\t\t\t\t\t<div class=\"elementor-jet-button jet-elements\"><div class=\"jet-button__container\"><a class=\"jet-button__instance jet-button__instance--icon-left hover-effect-1\" href=\"\/ueber-iwell-guard\/?utm_source=iwell-guard.com&amp;utm_medium=info-box&amp;utm_campaign=wesen-tradition\"><div class=\"jet-button__plane jet-button__plane-normal\"><\/div><div class=\"jet-button__plane jet-button__plane-hover\"><\/div><div class=\"jet-button__state jet-button__state-normal\"><span class=\"jet-button__label\">Mer om iWell Guard<\/span><\/div><div class=\"jet-button__state jet-button__state-hover\"><span class=\"jet-button__label\">Mer om iWell Guard<\/span><\/div><\/a><\/div><\/div><style>.elementor-element.elementor-element-iwgw-ullikummi-ccb .jet-button__instance{width:320px;height:56px;}.elementor-element.elementor-element-iwgw-ullikummi-ccb .jet-button__state-normal .jet-button__label{text-align:center;margin:0px 0px 0px 0px;color:#1a1b20;font-family:Montserrat,sans-serif;font-size:13px;font-weight:400;letter-spacing:4px;line-height:1.714em;text-transform:uppercase;}.elementor-element.elementor-element-iwgw-ullikummi-ccb .jet-button__state-hover .jet-button__label{text-align:center;margin:0px 0px 0px 0px;color:#FECC76;font-family:Montserrat,sans-serif;font-size:13px;font-weight:400;letter-spacing:4px;line-height:1.714em;text-transform:uppercase;}.elementor-element.elementor-element-iwgw-ullikummi-ccb .jet-button__plane-normal{background-color:#FECC76;border-style:solid;border-color:#C99540;border-width:2px 2px 2px 2px;}.elementor-element.elementor-element-iwgw-ullikummi-ccb .jet-button__plane-hover{background-color:rgba(0,0,0,0.55);border-style:solid;border-color:#FECC76;border-width:2px 2px 2px 2px;}<\/style>\t\t\t\t<\/div>\n\t\t\t\t<\/div>\n\t\t\t\t<div class=\"elementor-element elementor-element-iwgw-ullikummi-ccd elementor-widget elementor-widget-text-editor\" data-id=\"iwgw-ullikummi-ccd\" data-element_type=\"widget\" data-e-type=\"widget\" data-widget_type=\"text-editor.default\">\n\t\t\t\t\t\t\t\t\t<div data-nosnippet=\"true\"><p style=\"text-align:center;font-size:13px;opacity:0.7;margin-top:14px\" data-nosnippet=\"true\">Personliga erfarenheter kan variera. Ingen medicinteknisk produkt. Inget l\u00f6fte om l\u00e4kning.<\/p><\/div>\t\t\t\t\t\t\t\t<\/div>\n\t\t\t\t\t<\/div>\n\t\t\t\t<\/div>\n\t\t\t\t\t<\/div>\n\t\t\t\t<\/div>\n\t\t<div class=\"elementor-element elementor-element-iwgw-ullikummi-disc e-flex e-con-boxed e-con e-parent\" data-id=\"iwgw-ullikummi-disc\" data-element_type=\"container\" data-e-type=\"container\">\n\t\t\t\t\t<div class=\"e-con-inner\">\n\t\t\t\t<div class=\"elementor-element elementor-element-iwgw-ullikummi-discw elementor-widget elementor-widget-html\" data-id=\"iwgw-ullikummi-discw\" data-element_type=\"widget\" data-e-type=\"widget\" data-widget_type=\"html.default\">\n\t\t\t\t\t<footer data-nosnippet=\"true\" class=\"iwg-disclaimer-block\"><p data-nosnippet=\"true\">iWell Guard \u00e4r <strong>ingen medicinteknisk produkt<\/strong> och ers\u00e4tter inte l\u00e4karv\u00e5rd eller psykoterapeutisk behandling. De religionsvetenskapliga inneh\u00e5llen \u00e4r kulturhistorisk inordning, ingen andlig praxisrekommendation.<\/p><\/footer>\t\t\t\t<\/div>\n\t\t\t\t\t<\/div>\n\t\t\t\t<\/div>\n\t\t\t\t<\/div>\n\t\t","protected":false},"excerpt":{"rendered":"","protected":false},"author":3,"featured_media":2844,"parent":0,"menu_order":0,"comment_status":"closed","ping_status":"closed","template":"elementor_header_footer","meta":{"_yoast_wpseo_focuskw":"Ullikummi hurritisk stenj\u00e4tte","_yoast_wpseo_title":"Ullikummi \u2013 hurritisk stenj\u00e4tte, myt, Kumarbi","_yoast_wpseo_metadesc":"Ullikummi, dioritstenj\u00e4tten, v\u00e4xte p\u00e5 Upelluris axel upp mot himlen och hotade Teshubs gudav\u00e4lde.","_yoast_wpseo_meta-robots-noindex":"","_yoast_wpseo_canonical":"","_angie_page":false,"gefaehrdungsstufe":"4","wesen_kultur":"hethitisch","wesen_klasse":"geister","footnotes":""},"categories":[],"class_list":["post-136869","page","type-page","status-publish","has-post-thumbnail","hentry"],"yoast_head":"<!-- This site is optimized with the Yoast SEO Premium plugin v27.7 (Yoast SEO v28.3) - https:\/\/yoast.com\/product\/yoast-seo-premium-wordpress\/ -->\n<title>Ullikummi \u2013 hurritisk stenj\u00e4tte, myt, Kumarbi<\/title>\n<meta name=\"description\" content=\"Ullikummi, dioritstenj\u00e4tten, v\u00e4xte p\u00e5 Upelluris axel upp mot himlen och hotade Teshubs gudav\u00e4lde.\" \/>\n<meta name=\"robots\" content=\"index, follow, max-snippet:-1, max-image-preview:large, max-video-preview:-1\" \/>\n<link rel=\"canonical\" href=\"https:\/\/iwell-guard.com\/sv\/ullikummi-stenjatten-mot-gudarna\/\" \/>\n<meta property=\"og:locale\" content=\"sv_SE\" \/>\n<meta property=\"og:type\" content=\"article\" \/>\n<meta property=\"og:title\" content=\"Ullikummi \u2013 stenj\u00e4tten som utmanade gudarna\" \/>\n<meta property=\"og:description\" content=\"Ullikummi, dioritstenj\u00e4tten, v\u00e4xte p\u00e5 Upelluris axel upp mot himlen och hotade Teshubs gudav\u00e4lde.\" \/>\n<meta property=\"og:url\" content=\"https:\/\/iwell-guard.com\/sv\/ullikummi-stenjatten-mot-gudarna\/\" \/>\n<meta property=\"og:site_name\" content=\"iWell Guard\" \/>\n<meta property=\"article:modified_time\" content=\"2026-09-03T01:14:24+00:00\" \/>\n<meta property=\"og:image\" content=\"https:\/\/iwell-guard.com\/wp-content\/uploads\/2026\/05\/goetter_hethitisch_ullikummi.webp\" \/>\n\t<meta property=\"og:image:width\" content=\"1024\" \/>\n\t<meta property=\"og:image:height\" content=\"1536\" \/>\n\t<meta property=\"og:image:type\" content=\"image\/webp\" \/>\n<meta name=\"twitter:card\" content=\"summary_large_image\" \/>\n<script type=\"application\/ld+json\" class=\"yoast-schema-graph\">{\"@context\":\"https:\\\/\\\/schema.org\",\"@graph\":[{\"@type\":\"WebPage\",\"@id\":\"https:\\\/\\\/iwell-guard.com\\\/sv\\\/ullikummi-stenjatten-mot-gudarna\\\/\",\"url\":\"https:\\\/\\\/iwell-guard.com\\\/sv\\\/ullikummi-stenjatten-mot-gudarna\\\/\",\"name\":\"Ullikummi \u2013 hurritisk stenj\u00e4tte, myt, Kumarbi\",\"isPartOf\":{\"@id\":\"https:\\\/\\\/iwell-guard.com\\\/sv\\\/#website\"},\"primaryImageOfPage\":{\"@id\":\"https:\\\/\\\/iwell-guard.com\\\/sv\\\/ullikummi-stenjatten-mot-gudarna\\\/#primaryimage\"},\"image\":{\"@id\":\"https:\\\/\\\/iwell-guard.com\\\/sv\\\/ullikummi-stenjatten-mot-gudarna\\\/#primaryimage\"},\"thumbnailUrl\":\"https:\\\/\\\/iwell-guard.com\\\/wp-content\\\/uploads\\\/2026\\\/05\\\/goetter_hethitisch_ullikummi.webp\",\"datePublished\":\"2026-09-03T00:10:45+00:00\",\"dateModified\":\"2026-09-03T01:14:24+00:00\",\"description\":\"Ullikummi, dioritstenj\u00e4tten, v\u00e4xte p\u00e5 Upelluris axel upp mot himlen och hotade Teshubs gudav\u00e4lde.\",\"breadcrumb\":{\"@id\":\"https:\\\/\\\/iwell-guard.com\\\/sv\\\/ullikummi-stenjatten-mot-gudarna\\\/#breadcrumb\"},\"inLanguage\":\"sv-SE\",\"potentialAction\":[{\"@type\":\"ReadAction\",\"target\":[\"https:\\\/\\\/iwell-guard.com\\\/sv\\\/ullikummi-stenjatten-mot-gudarna\\\/\"]}]},{\"@type\":\"ImageObject\",\"inLanguage\":\"sv-SE\",\"@id\":\"https:\\\/\\\/iwell-guard.com\\\/sv\\\/ullikummi-stenjatten-mot-gudarna\\\/#primaryimage\",\"url\":\"https:\\\/\\\/iwell-guard.com\\\/wp-content\\\/uploads\\\/2026\\\/05\\\/goetter_hethitisch_ullikummi.webp\",\"contentUrl\":\"https:\\\/\\\/iwell-guard.com\\\/wp-content\\\/uploads\\\/2026\\\/05\\\/goetter_hethitisch_ullikummi.webp\",\"width\":1024,\"height\":1536,\"caption\":\"Gudar fr\u00e5n den hettitiska traditionen.\"},{\"@type\":\"BreadcrumbList\",\"@id\":\"https:\\\/\\\/iwell-guard.com\\\/sv\\\/ullikummi-stenjatten-mot-gudarna\\\/#breadcrumb\",\"itemListElement\":[{\"@type\":\"ListItem\",\"position\":1,\"name\":\"Start\",\"item\":\"https:\\\/\\\/iwell-guard.com\\\/sv\\\/?page_id=136483\"},{\"@type\":\"ListItem\",\"position\":2,\"name\":\"Ullikummi \u2013 stenj\u00e4tten som utmanade gudarna\"}]},{\"@type\":\"WebSite\",\"@id\":\"https:\\\/\\\/iwell-guard.com\\\/sv\\\/#website\",\"url\":\"https:\\\/\\\/iwell-guard.com\\\/sv\\\/\",\"name\":\"iWell Guard\",\"description\":\"Schutz vor dunklen Einfl\u00fcssen\",\"publisher\":{\"@id\":\"https:\\\/\\\/iwell-guard.com\\\/sv\\\/#organization\"},\"potentialAction\":[{\"@type\":\"SearchAction\",\"target\":{\"@type\":\"EntryPoint\",\"urlTemplate\":\"https:\\\/\\\/iwell-guard.com\\\/sv\\\/?s={search_term_string}\"},\"query-input\":{\"@type\":\"PropertyValueSpecification\",\"valueRequired\":true,\"valueName\":\"search_term_string\"}}],\"inLanguage\":\"sv-SE\"},{\"@type\":\"Organization\",\"@id\":\"https:\\\/\\\/iwell-guard.com\\\/sv\\\/#organization\",\"name\":\"Ittermann electronic GmbH\",\"url\":\"https:\\\/\\\/iwell-guard.com\\\/sv\\\/\",\"logo\":{\"@type\":\"ImageObject\",\"inLanguage\":\"sv-SE\",\"@id\":\"https:\\\/\\\/iwell-guard.com\\\/sv\\\/#\\\/schema\\\/logo\\\/image\\\/\",\"url\":\"https:\\\/\\\/iwell-guard.com\\\/wp-content\\\/uploads\\\/2026\\\/05\\\/Ittermann-Logo-1182x237-1.png\",\"contentUrl\":\"https:\\\/\\\/iwell-guard.com\\\/wp-content\\\/uploads\\\/2026\\\/05\\\/Ittermann-Logo-1182x237-1.png\",\"width\":1182,\"height\":237,\"caption\":\"Ittermann electronic GmbH\"},\"image\":{\"@id\":\"https:\\\/\\\/iwell-guard.com\\\/sv\\\/#\\\/schema\\\/logo\\\/image\\\/\"},\"sameAs\":[\"https:\\\/\\\/pantip.com\\\/profile\\\/9367242\",\"https:\\\/\\\/micro.blog\\\/iwellguard\",\"https:\\\/\\\/www.diggerslist.com\\\/iwellguard\\\/about\",\"https:\\\/\\\/skitterphoto.com\\\/photographers\\\/2870314\\\/iwell-guard\",\"https:\\\/\\\/iwellguard.wordpress.com\\\/2026\\\/06\\\/06\\\/iwell-guard\\\/\",\"https:\\\/\\\/hub.docker.com\\\/u\\\/iwellguard\",\"https:\\\/\\\/www.pinterest.com\\\/iwellguard\\\/\",\"https:\\\/\\\/bit.ly\\\/m\\\/iwellguard\",\"https:\\\/\\\/entre-vos-mains.alsace.eu\\\/profiles\\\/iwellguard\\\/activity\",\"https:\\\/\\\/gravatar.com\\\/reallybeded8fd34\",\"https:\\\/\\\/naijamatta.com\\\/iwellguard\",\"https:\\\/\\\/www.goodreads.com\\\/iwellguard\",\"https:\\\/\\\/profile.hatena.ne.jp\\\/iwellguard\\\/\",\"https:\\\/\\\/experiment.com\\\/users\\\/iwellguard\",\"https:\\\/\\\/wakelet.com\\\/@iWellGuard82270\",\"https:\\\/\\\/www.chordie.com\\\/forum\\\/profile.php?id=2555664\",\"https:\\\/\\\/www.instapaper.com\\\/p\\\/17757966\",\"https:\\\/\\\/www.mapleprimes.com\\\/users\\\/iwellguard\",\"https:\\\/\\\/businesslistingplus.com\\\/profile\\\/iwell-guard\\\/\",\"https:\\\/\\\/telegra.ph\\\/iWell-Guard-06-06\",\"https:\\\/\\\/pbase.com\\\/iwellguard\\\/iwellguard\",\"https:\\\/\\\/b.hatena.ne.jp\\\/iwellguard\\\/20260607#bookmark-4788405196491818882\",\"https:\\\/\\\/fliphtml5.com\\\/home\\\/iwellguard\",\"https:\\\/\\\/anyflip.com\\\/homepage\\\/cmiwl#About\",\"https:\\\/\\\/transfur.com\\\/Users\\\/iwellguard\",\"http:\\\/\\\/delphi.larsbo.org\\\/user\\\/iwellguard\",\"https:\\\/\\\/jobs.lajobsportal.org\\\/profiles\\\/8380803-iwell-guard\",\"https:\\\/\\\/md.chaosdorf.de\\\/s\\\/jfbe5SBdJD\",\"https:\\\/\\\/www.lingvolive.com\\\/en-us\\\/profile\\\/9ecaeaca-ce11-4e51-9e71-01d55e2bff36\\\/translations\",\"https:\\\/\\\/www.fitday.com\\\/fitness\\\/forums\\\/members\\\/iwellguard.html\",\"https:\\\/\\\/www.mymeetbook.com\\\/iwellguard\",\"https:\\\/\\\/pxhere.com\\\/en\\\/photographer-me\\\/5040798\",\"https:\\\/\\\/disqus.com\\\/by\\\/iwellguard\\\/about\\\/\",\"https:\\\/\\\/pastelink.net\\\/hjwciqwq\",\"https:\\\/\\\/pubhtml5.com\\\/homepage\\\/scjhn\\\/\",\"https:\\\/\\\/www.bitchute.com\\\/channel\\\/2O2eOKzNqujT\",\"https:\\\/\\\/audiomack.com\\\/iwellguard\"]},{\"@type\":\"Article\",\"@id\":\"https:\\\/\\\/iwell-guard.com\\\/sv\\\/ullikummi-stenjatten-mot-gudarna\\\/#article\",\"isPartOf\":{\"@id\":\"https:\\\/\\\/iwell-guard.com\\\/sv\\\/ullikummi-stenjatten-mot-gudarna\\\/\"},\"author\":{\"name\":\"Ralf Ittermann\",\"@id\":\"https:\\\/\\\/iwell-guard.com\\\/sv\\\/#\\\/schema\\\/person\\\/ee2a27f1cac3406c7c6fb5820cb7349f\"},\"headline\":\"Ullikummi \u2013 stenj\u00e4tten som utmanade gudarna\",\"datePublished\":\"2026-09-03T00:10:45+00:00\",\"dateModified\":\"2026-09-03T01:14:24+00:00\",\"mainEntityOfPage\":{\"@id\":\"https:\\\/\\\/iwell-guard.com\\\/sv\\\/ullikummi-stenjatten-mot-gudarna\\\/\"},\"publisher\":{\"@id\":\"https:\\\/\\\/iwell-guard.com\\\/sv\\\/#organization\"},\"image\":{\"@id\":\"https:\\\/\\\/iwell-guard.com\\\/sv\\\/ullikummi-stenjatten-mot-gudarna\\\/#primaryimage\"},\"thumbnailUrl\":\"https:\\\/\\\/iwell-guard.com\\\/wp-content\\\/uploads\\\/2026\\\/05\\\/goetter_hethitisch_ullikummi.webp\",\"inLanguage\":\"sv-SE\",\"description\":\"Ullikummi, dioritstenj\u00e4tten, v\u00e4xte p\u00e5 Upelluris axel upp mot himlen och hotade Teshubs gudav\u00e4lde.\"}]}<\/script>\n<!-- \/ Yoast SEO Premium plugin. -->","yoast_head_json":{"title":"Ullikummi \u2013 hurritisk stenj\u00e4tte, myt, Kumarbi","description":"Ullikummi, dioritstenj\u00e4tten, v\u00e4xte p\u00e5 Upelluris axel upp mot himlen och hotade Teshubs gudav\u00e4lde.","robots":{"index":"index","follow":"follow","max-snippet":"max-snippet:-1","max-image-preview":"max-image-preview:large","max-video-preview":"max-video-preview:-1"},"canonical":"https:\/\/iwell-guard.com\/sv\/ullikummi-stenjatten-mot-gudarna\/","og_locale":"sv_SE","og_type":"article","og_title":"Ullikummi \u2013 stenj\u00e4tten som utmanade gudarna","og_description":"Ullikummi, dioritstenj\u00e4tten, v\u00e4xte p\u00e5 Upelluris axel upp mot himlen och hotade Teshubs gudav\u00e4lde.","og_url":"https:\/\/iwell-guard.com\/sv\/ullikummi-stenjatten-mot-gudarna\/","og_site_name":"iWell Guard","article_modified_time":"2026-09-03T01:14:24+00:00","og_image":[{"width":1024,"height":1536,"url":"https:\/\/iwell-guard.com\/wp-content\/uploads\/2026\/05\/goetter_hethitisch_ullikummi.webp","type":"image\/webp"}],"twitter_card":"summary_large_image","schema":{"@context":"https:\/\/schema.org","@graph":[{"@type":"Article","@id":"https:\/\/iwell-guard.com\/sv\/ullikummi-stenjatten-mot-gudarna\/#article","isPartOf":{"@id":"https:\/\/iwell-guard.com\/sv\/ullikummi-stenjatten-mot-gudarna\/"},"author":{"name":"Ralf Ittermann","@id":"https:\/\/iwell-guard.com\/sv\/#\/schema\/person\/ee2a27f1cac3406c7c6fb5820cb7349f"},"headline":"Ullikummi \u2013 stenj\u00e4tten som utmanade gudarna","datePublished":"2026-09-03T00:10:45+00:00","dateModified":"2026-09-03T01:14:24+00:00","mainEntityOfPage":{"@id":"https:\/\/iwell-guard.com\/sv\/ullikummi-stenjatten-mot-gudarna\/"},"publisher":{"@id":"https:\/\/iwell-guard.com\/sv\/#organization"},"image":{"@id":"https:\/\/iwell-guard.com\/sv\/ullikummi-stenjatten-mot-gudarna\/#primaryimage"},"thumbnailUrl":"https:\/\/iwell-guard.com\/wp-content\/uploads\/2026\/05\/goetter_hethitisch_ullikummi.webp","inLanguage":"sv-SE","description":"Ullikummi, dioritstenj\u00e4tten, v\u00e4xte p\u00e5 Upelluris axel upp mot himlen och hotade Teshubs gudav\u00e4lde."},{"@type":"WebPage","@id":"https:\/\/iwell-guard.com\/sv\/ullikummi-stenjatten-mot-gudarna\/","url":"https:\/\/iwell-guard.com\/sv\/ullikummi-stenjatten-mot-gudarna\/","name":"Ullikummi \u2013 hurritisk stenj\u00e4tte, myt, Kumarbi","isPartOf":{"@id":"https:\/\/iwell-guard.com\/sv\/#website"},"primaryImageOfPage":{"@id":"https:\/\/iwell-guard.com\/sv\/ullikummi-stenjatten-mot-gudarna\/#primaryimage"},"image":{"@id":"https:\/\/iwell-guard.com\/sv\/ullikummi-stenjatten-mot-gudarna\/#primaryimage"},"thumbnailUrl":"https:\/\/iwell-guard.com\/wp-content\/uploads\/2026\/05\/goetter_hethitisch_ullikummi.webp","datePublished":"2026-09-03T00:10:45+00:00","dateModified":"2026-09-03T01:14:24+00:00","description":"Ullikummi, dioritstenj\u00e4tten, v\u00e4xte p\u00e5 Upelluris axel upp mot himlen och hotade Teshubs gudav\u00e4lde.","breadcrumb":{"@id":"https:\/\/iwell-guard.com\/sv\/ullikummi-stenjatten-mot-gudarna\/#breadcrumb"},"inLanguage":"sv-SE","potentialAction":[{"@type":"ReadAction","target":["https:\/\/iwell-guard.com\/sv\/ullikummi-stenjatten-mot-gudarna\/"]}]},{"@type":"ImageObject","inLanguage":"sv-SE","@id":"https:\/\/iwell-guard.com\/sv\/ullikummi-stenjatten-mot-gudarna\/#primaryimage","url":"https:\/\/iwell-guard.com\/wp-content\/uploads\/2026\/05\/goetter_hethitisch_ullikummi.webp","contentUrl":"https:\/\/iwell-guard.com\/wp-content\/uploads\/2026\/05\/goetter_hethitisch_ullikummi.webp","width":1024,"height":1536,"caption":"Gudar fr\u00e5n den hettitiska traditionen."},{"@type":"BreadcrumbList","@id":"https:\/\/iwell-guard.com\/sv\/ullikummi-stenjatten-mot-gudarna\/#breadcrumb","itemListElement":[{"@type":"ListItem","position":1,"name":"Start","item":"https:\/\/iwell-guard.com\/sv\/?page_id=136483"},{"@type":"ListItem","position":2,"name":"Ullikummi \u2013 stenj\u00e4tten som utmanade gudarna"}]},{"@type":"WebSite","@id":"https:\/\/iwell-guard.com\/sv\/#website","url":"https:\/\/iwell-guard.com\/sv\/","name":"iWell Guard","description":"Schutz vor dunklen Einfl\u00fcssen","publisher":{"@id":"https:\/\/iwell-guard.com\/sv\/#organization"},"potentialAction":[{"@type":"SearchAction","target":{"@type":"EntryPoint","urlTemplate":"https:\/\/iwell-guard.com\/sv\/?s={search_term_string}"},"query-input":{"@type":"PropertyValueSpecification","valueRequired":true,"valueName":"search_term_string"}}],"inLanguage":"sv-SE"},{"@type":"Organization","@id":"https:\/\/iwell-guard.com\/sv\/#organization","name":"Ittermann electronic GmbH","url":"https:\/\/iwell-guard.com\/sv\/","logo":{"@type":"ImageObject","inLanguage":"sv-SE","@id":"https:\/\/iwell-guard.com\/sv\/#\/schema\/logo\/image\/","url":"https:\/\/iwell-guard.com\/wp-content\/uploads\/2026\/05\/Ittermann-Logo-1182x237-1.png","contentUrl":"https:\/\/iwell-guard.com\/wp-content\/uploads\/2026\/05\/Ittermann-Logo-1182x237-1.png","width":1182,"height":237,"caption":"Ittermann electronic GmbH"},"image":{"@id":"https:\/\/iwell-guard.com\/sv\/#\/schema\/logo\/image\/"},"sameAs":["https:\/\/pantip.com\/profile\/9367242","https:\/\/micro.blog\/iwellguard","https:\/\/www.diggerslist.com\/iwellguard\/about","https:\/\/skitterphoto.com\/photographers\/2870314\/iwell-guard","https:\/\/iwellguard.wordpress.com\/2026\/06\/06\/iwell-guard\/","https:\/\/hub.docker.com\/u\/iwellguard","https:\/\/www.pinterest.com\/iwellguard\/","https:\/\/bit.ly\/m\/iwellguard","https:\/\/entre-vos-mains.alsace.eu\/profiles\/iwellguard\/activity","https:\/\/gravatar.com\/reallybeded8fd34","https:\/\/naijamatta.com\/iwellguard","https:\/\/www.goodreads.com\/iwellguard","https:\/\/profile.hatena.ne.jp\/iwellguard\/","https:\/\/experiment.com\/users\/iwellguard","https:\/\/wakelet.com\/@iWellGuard82270","https:\/\/www.chordie.com\/forum\/profile.php?id=2555664","https:\/\/www.instapaper.com\/p\/17757966","https:\/\/www.mapleprimes.com\/users\/iwellguard","https:\/\/businesslistingplus.com\/profile\/iwell-guard\/","https:\/\/telegra.ph\/iWell-Guard-06-06","https:\/\/pbase.com\/iwellguard\/iwellguard","https:\/\/b.hatena.ne.jp\/iwellguard\/20260607#bookmark-4788405196491818882","https:\/\/fliphtml5.com\/home\/iwellguard","https:\/\/anyflip.com\/homepage\/cmiwl#About","https:\/\/transfur.com\/Users\/iwellguard","http:\/\/delphi.larsbo.org\/user\/iwellguard","https:\/\/jobs.lajobsportal.org\/profiles\/8380803-iwell-guard","https:\/\/md.chaosdorf.de\/s\/jfbe5SBdJD","https:\/\/www.lingvolive.com\/en-us\/profile\/9ecaeaca-ce11-4e51-9e71-01d55e2bff36\/translations","https:\/\/www.fitday.com\/fitness\/forums\/members\/iwellguard.html","https:\/\/www.mymeetbook.com\/iwellguard","https:\/\/pxhere.com\/en\/photographer-me\/5040798","https:\/\/disqus.com\/by\/iwellguard\/about\/","https:\/\/pastelink.net\/hjwciqwq","https:\/\/pubhtml5.com\/homepage\/scjhn\/","https:\/\/www.bitchute.com\/channel\/2O2eOKzNqujT","https:\/\/audiomack.com\/iwellguard"]},{"@type":"Person","@id":"https:\/\/iwell-guard.com\/sv\/#\/schema\/person\/ee2a27f1cac3406c7c6fb5820cb7349f","name":"Ralf Ittermann","image":{"@type":"ImageObject","inLanguage":"sv-SE","@id":"https:\/\/secure.gravatar.com\/avatar\/073c0153e350a5005b68eb752b445fea71f6b24a26da9449ad7e155e6b446c9d?s=96&d=mm&r=g","url":"https:\/\/secure.gravatar.com\/avatar\/073c0153e350a5005b68eb752b445fea71f6b24a26da9449ad7e155e6b446c9d?s=96&d=mm&r=g","contentUrl":"https:\/\/secure.gravatar.com\/avatar\/073c0153e350a5005b68eb752b445fea71f6b24a26da9449ad7e155e6b446c9d?s=96&d=mm&r=g","caption":"Ralf Ittermann"},"givenName":"Ralf","familyName":"Ittermann","jobTitle":"Gesch\u00e4ftsf\u00fchrer und redaktioneller Verantwortlicher","url":"https:\/\/iwell-guard.com\/sv\/author\/claude\/","description":"Ralf Ittermann ist Gesch\u00e4ftsf\u00fchrer der Ittermann electronic GmbH und redaktioneller Verantwortlicher des iWell-Guard-Lexikons. Er verbindet langj\u00e4hrige Erfahrung in der Pr\u00e4zisionsfertigung mit medialer Praxis und religionsgeschichtlicher Quellenarbeit.","worksFor":{"@type":"Organization","name":"Ittermann electronic GmbH","url":"https:\/\/ittermann.de\/","address":{"@type":"PostalAddress","streetAddress":"K\u00f6hlergasse 16-18","postalCode":"99842","addressLocality":"Ruhla","addressCountry":"DE"}},"knowsAbout":["Religionsgeschichte","Mythologie","Mediale Praxis","Energetische Diagnostik","Schutzpraxis","Volksglauben","Westliche Esoterik"]},{"@type":"Article","@id":"https:\/\/iwell-guard.com\/sv\/ullikummi-stenjatten-mot-gudarna\/#article","isPartOf":{"@id":"https:\/\/iwell-guard.com\/sv\/ullikummi-stenjatten-mot-gudarna\/"},"author":{"name":"Ralf Ittermann","@id":"https:\/\/iwell-guard.com\/sv\/#\/schema\/person\/ee2a27f1cac3406c7c6fb5820cb7349f"},"headline":"Ullikummi \u2013 stenj\u00e4tten som utmanade gudarna","datePublished":"2026-09-03T00:10:45+00:00","dateModified":"2026-09-03T01:14:24+00:00","mainEntityOfPage":{"@id":"https:\/\/iwell-guard.com\/sv\/ullikummi-stenjatten-mot-gudarna\/"},"publisher":{"@id":"https:\/\/iwell-guard.com\/sv\/#organization"},"image":{"@id":"https:\/\/iwell-guard.com\/sv\/ullikummi-stenjatten-mot-gudarna\/#primaryimage"},"thumbnailUrl":"https:\/\/iwell-guard.com\/wp-content\/uploads\/2026\/05\/goetter_hethitisch_ullikummi.webp","inLanguage":"sv-SE","description":"Ullikummi, dioritstenj\u00e4tten, v\u00e4xte p\u00e5 Upelluris axel upp mot himlen och hotade Teshubs gudav\u00e4lde."}]}},"_links":{"self":[{"href":"https:\/\/iwell-guard.com\/sv\/wp-json\/wp\/v2\/pages\/136869","targetHints":{"allow":["GET"]}}],"collection":[{"href":"https:\/\/iwell-guard.com\/sv\/wp-json\/wp\/v2\/pages"}],"about":[{"href":"https:\/\/iwell-guard.com\/sv\/wp-json\/wp\/v2\/types\/page"}],"author":[{"embeddable":true,"href":"https:\/\/iwell-guard.com\/sv\/wp-json\/wp\/v2\/users\/3"}],"replies":[{"embeddable":true,"href":"https:\/\/iwell-guard.com\/sv\/wp-json\/wp\/v2\/comments?post=136869"}],"version-history":[{"count":0,"href":"https:\/\/iwell-guard.com\/sv\/wp-json\/wp\/v2\/pages\/136869\/revisions"}],"wp:featuredmedia":[{"embeddable":true,"href":"https:\/\/iwell-guard.com\/sv\/wp-json\/wp\/v2\/media\/2844"}],"wp:attachment":[{"href":"https:\/\/iwell-guard.com\/sv\/wp-json\/wp\/v2\/media?parent=136869"}],"wp:term":[{"taxonomy":"category","embeddable":true,"href":"https:\/\/iwell-guard.com\/sv\/wp-json\/wp\/v2\/categories?post=136869"}],"curies":[{"name":"wp","href":"https:\/\/api.w.org\/{rel}","templated":true}]}}