{"id":136866,"date":"2026-09-03T00:10:43","date_gmt":"2026-09-03T00:10:43","guid":{"rendered":"https:\/\/iwell-guard.com\/?page_id=136866"},"modified":"2026-09-03T01:14:19","modified_gmt":"2026-09-03T01:14:19","slug":"teshub-hurritisk-vadergud","status":"publish","type":"page","link":"https:\/\/iwell-guard.com\/sv\/teshub-hurritisk-vadergud\/","title":{"rendered":"Teshub \u2013 hurritisk v\u00e4dergud"},"content":{"rendered":"\t\t<div data-elementor-type=\"wp-page\" data-elementor-id=\"136866\" class=\"elementor elementor-136866 elementor-2618 elementor-bc-flex-widget\" data-elementor-post-type=\"page\">\n\t\t\t\t<div class=\"elementor-element elementor-element-iwgw-teshub-hero e-flex e-con-boxed e-con e-parent\" data-id=\"iwgw-teshub-hero\" data-element_type=\"container\" data-e-type=\"container\" data-settings=\"{&quot;background_background&quot;:&quot;classic&quot;}\">\n\t\t\t\t\t<div class=\"e-con-inner\">\n\t\t<div class=\"elementor-element elementor-element-iwgw-teshub-hl e-flex e-con-boxed e-con e-child\" data-id=\"iwgw-teshub-hl\" data-element_type=\"container\" data-e-type=\"container\">\n\t\t\t\t\t<div class=\"e-con-inner\">\n\t\t<div class=\"elementor-element elementor-element-iwgw-teshub-htxt e-con-full e-flex e-con e-child\" data-id=\"iwgw-teshub-htxt\" data-element_type=\"container\" data-e-type=\"container\">\n\t\t\t\t<div class=\"elementor-element elementor-element-iwgw-teshub-h1 elementor-widget elementor-widget-heading\" data-id=\"iwgw-teshub-h1\" data-element_type=\"widget\" data-e-type=\"widget\" data-widget_type=\"heading.default\">\n\t\t\t\t\t<h1 class=\"elementor-heading-title elementor-size-default\">Teshub, hurritisk-hettitisk v\u00e4dergud och riksherre<\/h1>\t\t\t\t<\/div>\n\t\t\t\t<div class=\"elementor-element elementor-element-iwgw-teshub-lead elementor-widget elementor-widget-text-editor\" data-id=\"iwgw-teshub-lead\" data-element_type=\"widget\" data-e-type=\"widget\" data-widget_type=\"text-editor.default\">\n\t\t\t\t\t\t\t\t\t<p>Teshub \u00e4r den h\u00f6gsta v\u00e4dergud i det hurritiska pantheon och framtr\u00e4der i den hettitiska riksreligionen fr\u00e5n 1300-talet f.Kr. vid sidan av <a href=\"https:\/\/iwell-guard.com\/sv\/tarhunna-hettitisk-vadergud\/\">Tarhunna<\/a> som en j\u00e4mb\u00f6rdig eller dominerande riksgud. I Kumarbi-cykeln uppr\u00e4ttar han den nya gudaordningen efter att ha st\u00f6rtat sin far <a href=\"https:\/\/iwell-guard.com\/sv\/kumarbi-hurritisk-gudafader\/\">Kumarbi<\/a>.<\/p>\t\t\t\t\t\t\t\t<\/div>\n\t\t\t\t<\/div>\n\t\t<div class=\"elementor-element elementor-element-iwgw-teshub-pillc e-con-full e-flex e-con e-child\" data-id=\"iwgw-teshub-pillc\" data-element_type=\"container\" data-e-type=\"container\">\n\t\t\t\t<div class=\"elementor-element elementor-element-iwgw-teshub-pills elementor-widget elementor-widget-html\" data-id=\"iwgw-teshub-pills\" data-element_type=\"widget\" data-e-type=\"widget\" data-widget_type=\"html.default\">\n\t\t\t\t\t<div class=\"iwg-pill-row\"><span class=\"iwg-klasse-badge\" tabindex=\"0\" data-tooltip=\"V\u00e4dergud inom den hettitiska traditionen.\">V\u00e4dergud<\/span><a href=\"https:\/\/iwell-guard.com\/sv\/hettitiskt-anatoliskt-tarhunna-tusen-gudar-skyddspraxis\/\" class=\"iwg-kultur-badge\" tabindex=\"0\" data-tooltip=\"Mytologi inom den hettitiska traditionen.\">Hettitisk<\/a><span class=\"iwg-tradition-badge\" tabindex=\"0\" data-tooltip=\"H\u00f6ggudom.\">H\u00f6ggudom<\/span><\/div>\t\t\t\t<\/div>\n\t\t\t\t<\/div>\n\t\t<div class=\"elementor-element elementor-element-iwgw-teshub-tocc e-con-full e-flex e-con e-child\" data-id=\"iwgw-teshub-tocc\" data-element_type=\"container\" data-e-type=\"container\">\n\t\t\t\t<div class=\"elementor-element elementor-element-iwgw-teshub-toc elementor-toc--minimized-on-tablet elementor-widget elementor-widget-table-of-contents\" data-id=\"iwgw-teshub-toc\" data-element_type=\"widget\" data-e-type=\"widget\" data-settings=\"{&quot;headings_by_tags&quot;:[&quot;h2&quot;,&quot;h3&quot;],&quot;minimize_box&quot;:&quot;yes&quot;,&quot;marker_view&quot;:&quot;bullets&quot;,&quot;no_headings_message&quot;:&quot;Inga rubriker hittades p\\u00e5 den h\\u00e4r sidan.&quot;,&quot;exclude_headings_by_selector&quot;:[],&quot;icon&quot;:{&quot;value&quot;:&quot;fas fa-circle&quot;,&quot;library&quot;:&quot;fa-solid&quot;,&quot;rendered_tag&quot;:&quot;&lt;svg class=\\&quot;e-font-icon-svg e-fas-circle\\&quot; viewBox=\\&quot;0 0 512 512\\&quot; xmlns=\\&quot;http:\\\/\\\/www.w3.org\\\/2000\\\/svg\\&quot;&gt;&lt;path d=\\&quot;M256 8C119 8 8 119 8 256s111 248 248 248 248-111 248-248S393 8 256 8z\\&quot;&gt;&lt;\\\/path&gt;&lt;\\\/svg&gt;&quot;},&quot;minimized_on&quot;:&quot;tablet&quot;,&quot;hierarchical_view&quot;:&quot;yes&quot;,&quot;min_height&quot;:{&quot;unit&quot;:&quot;px&quot;,&quot;size&quot;:&quot;&quot;,&quot;sizes&quot;:[]},&quot;min_height_tablet&quot;:{&quot;unit&quot;:&quot;px&quot;,&quot;size&quot;:&quot;&quot;,&quot;sizes&quot;:[]},&quot;min_height_mobile&quot;:{&quot;unit&quot;:&quot;px&quot;,&quot;size&quot;:&quot;&quot;,&quot;sizes&quot;:[]}}\" data-widget_type=\"table-of-contents.default\">\n\t\t\t\t\t\t\t\t\t<div class=\"elementor-toc__header\">\n\t\t\t\t\t\t<h2 class=\"elementor-toc__header-title\">\n\t\t\t\tInneh\u00e5llsf\u00f6rteckning\t\t\t<\/h2>\n\t\t\t\t\t\t\t\t\t\t<div class=\"elementor-toc__toggle-button elementor-toc__toggle-button--expand\" role=\"button\" tabindex=\"0\" aria-controls=\"elementor-toc__iwgw-teshub-toc\" aria-expanded=\"true\" aria-label=\"Inhaltsverzeichnis \u00f6ffnen\"><svg aria-hidden=\"true\" class=\"e-font-icon-svg e-fas-chevron-down\" viewBox=\"0 0 448 512\" xmlns=\"http:\/\/www.w3.org\/2000\/svg\"><path d=\"M207.029 381.476L12.686 187.132c-9.373-9.373-9.373-24.569 0-33.941l22.667-22.667c9.357-9.357 24.522-9.375 33.901-.04L224 284.505l154.745-154.021c9.379-9.335 24.544-9.317 33.901.04l22.667 22.667c9.373 9.373 9.373 24.569 0 33.941L240.971 381.476c-9.373 9.372-24.569 9.372-33.942 0z\"><\/path><\/svg><\/div>\n\t\t\t\t<div class=\"elementor-toc__toggle-button elementor-toc__toggle-button--collapse\" role=\"button\" tabindex=\"0\" aria-controls=\"elementor-toc__iwgw-teshub-toc\" aria-expanded=\"true\" aria-label=\"Inhaltsverzeichnis schlie\u00dfen\"><svg aria-hidden=\"true\" class=\"e-font-icon-svg e-fas-chevron-up\" viewBox=\"0 0 448 512\" xmlns=\"http:\/\/www.w3.org\/2000\/svg\"><path d=\"M240.971 130.524l194.343 194.343c9.373 9.373 9.373 24.569 0 33.941l-22.667 22.667c-9.357 9.357-24.522 9.375-33.901.04L224 227.495 69.255 381.516c-9.379 9.335-24.544 9.317-33.901-.04l-22.667-22.667c-9.373-9.373-9.373-24.569 0-33.941L207.03 130.525c9.372-9.373 24.568-9.373 33.941-.001z\"><\/path><\/svg><\/div>\n\t\t\t\t\t<\/div>\n\t\t\t\t<div id=\"elementor-toc__iwgw-teshub-toc\" class=\"elementor-toc__body\">\n\t\t\t<div class=\"elementor-toc__spinner-container\">\n\t\t\t\t<svg class=\"elementor-toc__spinner eicon-animation-spin e-font-icon-svg e-eicon-loading\" aria-hidden=\"true\" viewBox=\"0 0 1000 1000\" xmlns=\"http:\/\/www.w3.org\/2000\/svg\"><path d=\"M500 975V858C696 858 858 696 858 500S696 142 500 142 142 304 142 500H25C25 237 238 25 500 25S975 237 975 500 763 975 500 975Z\"><\/path><\/svg>\t\t\t<\/div>\n\t\t<\/div>\n\t\t\t\t\t\t<\/div>\n\t\t\t\t<\/div>\n\t\t\t\t\t<\/div>\n\t\t\t\t<\/div>\n\t\t<div class=\"elementor-element elementor-element-iwgw-teshub-hr e-con-full e-flex e-con e-child\" data-id=\"iwgw-teshub-hr\" data-element_type=\"container\" data-e-type=\"container\">\n\t\t\t\t<div class=\"elementor-element elementor-element-iwgw-teshub-heroimg iwg-hero-image elementor-widget elementor-widget-image\" data-id=\"iwgw-teshub-heroimg\" data-element_type=\"widget\" data-e-type=\"widget\" data-widget_type=\"image.default\">\n\t\t\t\t\t\t\t\t\t\t\t\t\t\t\t<img fetchpriority=\"high\" decoding=\"async\" width=\"683\" height=\"1024\" src=\"https:\/\/iwell-guard.com\/wp-content\/uploads\/2026\/05\/goetter_hethitisch_teshub-683x1024.webp\" class=\"attachment-large size-large wp-image-2843\" alt=\"Teshub - G\u00f6tter aus der Hethitisch-Tradition, historisch-illustrativ\" srcset=\"https:\/\/iwell-guard.com\/wp-content\/uploads\/2026\/05\/goetter_hethitisch_teshub-683x1024.webp 683w, https:\/\/iwell-guard.com\/wp-content\/uploads\/2026\/05\/goetter_hethitisch_teshub-200x300.webp 200w, https:\/\/iwell-guard.com\/wp-content\/uploads\/2026\/05\/goetter_hethitisch_teshub-768x1152.webp 768w, https:\/\/iwell-guard.com\/wp-content\/uploads\/2026\/05\/goetter_hethitisch_teshub.webp 1024w\" sizes=\"(max-width: 683px) 100vw, 683px\" \/>\t\t\t\t\t\t\t\t\t\t\t\t\t\t\t<\/div>\n\t\t\t\t<\/div>\n\t\t\t\t\t<\/div>\n\t\t\t\t<\/div>\n\t\t\t\t<section class=\"elementor-section elementor-top-section elementor-element elementor-element-sec-iwgcomp2-teshub elementor-section-boxed elementor-section-height-default elementor-section-height-default\" data-id=\"sec-iwgcomp2-teshub\" data-element_type=\"section\" data-e-type=\"section\">\n\t\t\t\t\t\t<div class=\"elementor-container elementor-column-gap-default\">\n\t\t\t\t\t<div class=\"elementor-column elementor-col-100 elementor-top-column elementor-element elementor-element-col-iwgcomp2-teshub\" data-id=\"col-iwgcomp2-teshub\" data-element_type=\"column\" data-e-type=\"column\">\n\t\t\t<div class=\"elementor-widget-wrap elementor-element-populated\">\n\t\t\t\t\t\t<div class=\"elementor-element elementor-element-iwgcomp2-teshub elementor-widget elementor-widget-text-editor\" data-id=\"iwgcomp2-teshub\" data-element_type=\"widget\" data-e-type=\"widget\" data-widget_type=\"text-editor.default\">\n\t\t\t\t\t\t\t\t\t<p>Te\u0161ub \u00e4r den <strong>hurritisk-hettitiska<\/strong> v\u00e4dergud och huvudgud i den hettitiska statskulten.<\/p>\t\t\t\t\t\t\t\t<\/div>\n\t\t\t\t\t<\/div>\n\t\t<\/div>\n\t\t\t\t\t<\/div>\n\t\t<\/section>\n\t\t<div class=\"elementor-element elementor-element-iwgw-teshub-s0 e-flex e-con-boxed e-con e-parent\" data-id=\"iwgw-teshub-s0\" data-element_type=\"container\" data-e-type=\"container\">\n\t\t\t\t\t<div class=\"e-con-inner\">\n\t\t\t\t<div class=\"elementor-element elementor-element-iwgw-teshub-s0h elementor-widget elementor-widget-heading\" data-id=\"iwgw-teshub-s0h\" data-element_type=\"widget\" data-e-type=\"widget\" data-widget_type=\"heading.default\">\n\t\t\t\t\t<h2 class=\"elementor-heading-title elementor-size-default\">Kontextualisering och kortprofil<\/h2>\t\t\t\t<\/div>\n\t\t<div class=\"elementor-element elementor-element-iwgw-teshub-s0c e-con-full e-flex e-con e-child\" data-id=\"iwgw-teshub-s0c\" data-element_type=\"container\" data-e-type=\"container\">\n\t\t\t\t<div class=\"elementor-element elementor-element-iwgw-teshub-s0t elementor-widget elementor-widget-text-editor\" data-id=\"iwgw-teshub-s0t\" data-element_type=\"widget\" data-e-type=\"widget\" data-widget_type=\"text-editor.default\">\n\t\t\t\t\t\t\t\t\t<p>Teshub \u00e4r en av de b\u00e4st dokumenterade gudomarna fr\u00e5n den sena brons\u00e5ldern. Daniel Schwemer har \u00e4gnat honom en monografi p\u00e5 \u00f6ver 700 sidor i <em>Die Wettergottgestalten Mesopotamiens und Nordsyriens<\/em> (2001).<\/p><p>Religionshistoriskt \u00e4r Teshub den hurritiska v\u00e4dergud som troligen h\u00e4rstammar fr\u00e5n den nordmesopotamiska hurritiska stammen och som under det andra \u00e5rtusendet f.Kr. spred sig fr\u00e5n Mittaniriket \u00f6ver Levanten och Anatolien.<\/p><p>I den <a href=\"https:\/\/iwell-guard.com\/sv\/hettitiskt-anatoliskt-tarhunna-tusen-gudar-skyddspraxis\/\">hettitiska riksreligionen<\/a> under Tud\u1e2baliya IV och hans eftertr\u00e4dare blev Teshub, vid sidan av <a href=\"https:\/\/iwell-guard.com\/sv\/tarhunna-hettitisk-vadergud\/\">Tarhunna<\/a>, den h\u00f6gsta manliga <span class=\"iwg-fachbegriff\" data-tooltip=\"En varelse som dyrkas som gudomlig inom en religion.\" tabindex=\"0\">gudomen<\/span>. B\u00e5da anv\u00e4nds ofta synonymt i texterna; att skilja dem \u00e5t \u00e4r en filologisk uppgift som ofta \u00e4r sv\u00e5r i detalj. Den hettitiska &#8217;\u00f6vers\u00e4ttningsteologin&#8217; arbetade med funktionell likv\u00e4rdighet utan att helt sl\u00e5 samman gudarna.<\/p><p>Hans funktion \u00e4r omfattande: \u00e5ska, regn, strid, kungaskydd, avtalsed och seger \u00f6ver kaosmakter. Trevor Bryce har i <em>The Kingdom of the Hittites<\/em> (2005) kallat honom en &#8217;kosmisk h\u00e4rskare&#8217; vars seger \u00f6ver stenj\u00e4ttarna s\u00e4krar den kosmiska ordningen.<\/p><p>I vasallavtalen framtr\u00e4der Teshub som h\u00f6gste edsgarant tillsammans med Tarhunna; strafformeln hotar med &#8217;krossning som ett lerkrus&#8217; vid edsbrott.<\/p>\t\t\t\t\t\t\t\t<\/div>\n\t\t\t\t<\/div>\n\t\t\t\t\t<\/div>\n\t\t\t\t<\/div>\n\t\t<div class=\"elementor-element elementor-element-iwgw-teshub-s1 e-flex e-con-boxed e-con e-parent\" data-id=\"iwgw-teshub-s1\" data-element_type=\"container\" data-e-type=\"container\">\n\t\t\t\t\t<div class=\"e-con-inner\">\n\t\t\t\t<div class=\"elementor-element elementor-element-iwgw-teshub-s1h elementor-widget elementor-widget-heading\" data-id=\"iwgw-teshub-s1h\" data-element_type=\"widget\" data-e-type=\"widget\" data-widget_type=\"heading.default\">\n\t\t\t\t\t<h2 class=\"elementor-heading-title elementor-size-default\">Namn och etymologi<\/h2>\t\t\t\t<\/div>\n\t\t<div class=\"elementor-element elementor-element-iwgw-teshub-s1c e-con-full e-flex e-con e-child\" data-id=\"iwgw-teshub-s1c\" data-element_type=\"container\" data-e-type=\"container\">\n\t\t\t\t<div class=\"elementor-element elementor-element-iwgw-teshub-s1t elementor-widget elementor-widget-text-editor\" data-id=\"iwgw-teshub-s1t\" data-element_type=\"widget\" data-e-type=\"widget\" data-widget_type=\"text-editor.default\">\n\t\t\t\t\t\t\t\t\t<p>Namnet Teshub \u00e4r hurritiskt och skrivs i kilskriftstexter som <em>Te-\u0161u-ub<\/em>, <em>Te-e\u0161-\u0161u-pa<\/em> eller logografiskt DU. Etymologin \u00e4r inte slutgiltigt klarlagd. En trolig h\u00e4rledning kopplar elementet <em>te\u0161\u0161-<\/em> till ett hurritiskt verb som betyder &#8217;dundra&#8217;; Teshub skulle d\u00e5 betyda &#8217;den dundrande&#8217;. Volkert Haas och Schwemer har diskuterat denna etymologi som den mest sannolika.<\/p><p>P\u00e5 urartiska f\u00f6rekommer formen Tei\u0161eba (i det urartiska <span class=\"iwg-fachbegriff\" data-tooltip=\"Samtliga gudar inom en religion eller kultur.\" tabindex=\"0\">pantheon<\/span>); p\u00e5 akkadiska identifieras han med Adad; p\u00e5 hettitiska skrivs han logografiskt DU, vilket underl\u00e4ttade identifikationen med <a href=\"https:\/\/iwell-guard.com\/sv\/tarhunna-hettitisk-vadergud\/\">Tarhunna<\/a>. I hieroglyfluvitiska f\u00f6rekommer han som DEUS.TONITRUS, samma logogram som Tarhunna.<\/p><p>Denna \u00f6verlappning av namn och logogram \u00e4r ett klassiskt exempel p\u00e5 hettitisk &#8217;\u00f6vers\u00e4ttningsteologi&#8217;: lokala gudomar \u00f6vers\u00e4tts till varandra genom funktionell identitet, utan att en fullst\u00e4ndig sammansm\u00e4ltning sker. I den v\u00e4stsemitiska traditionen motsvaras han av den fornsyriska Hadad, som i sin tur \u00e4r besl\u00e4ktad med <a href=\"https:\/\/iwell-guard.com\/sv\/baal-hadad-fenicisk-vadergud\/\">Baal-Hadad<\/a> i den <a href=\"https:\/\/iwell-guard.com\/sv\/fenicier-och-karthago-baal-tanit-skyddstradition\/\">feniciska traditionen<\/a>. V\u00e4dergudskonstellationen under den sena brons\u00e5ldern \u00e4r t\u00e4tt sammanfl\u00e4tad \u00f6ver den nordv\u00e4stasiatiska och levantinska regionen.<\/p>\t\t\t\t\t\t\t\t<\/div>\n\t\t\t\t<\/div>\n\t\t\t\t\t<\/div>\n\t\t\t\t<\/div>\n\t\t<div class=\"elementor-element elementor-element-iwgw-teshub-s2 e-flex e-con-boxed e-con e-parent\" data-id=\"iwgw-teshub-s2\" data-element_type=\"container\" data-e-type=\"container\">\n\t\t\t\t\t<div class=\"e-con-inner\">\n\t\t\t\t<div class=\"elementor-element elementor-element-iwgw-teshub-s2h elementor-widget elementor-widget-heading\" data-id=\"iwgw-teshub-s2h\" data-element_type=\"widget\" data-e-type=\"widget\" data-widget_type=\"heading.default\">\n\t\t\t\t\t<h2 class=\"elementor-heading-title elementor-size-default\">Beskrivning och ikonografi<\/h2>\t\t\t\t<\/div>\n\t\t<div class=\"elementor-element elementor-element-iwgw-teshub-s2c e-con-full e-flex e-con e-child\" data-id=\"iwgw-teshub-s2c\" data-element_type=\"container\" data-e-type=\"container\">\n\t\t\t\t<div class=\"elementor-element elementor-element-iwgw-teshub-s2t elementor-widget elementor-widget-text-editor\" data-id=\"iwgw-teshub-s2t\" data-element_type=\"widget\" data-e-type=\"widget\" data-widget_type=\"text-editor.default\">\n\t\t\t\t\t\t\t\t\t<p>Teshub framtr\u00e4der i den hurritisk-hettitiska ikonografin som en sk\u00e4ggig, kraftig man i kort sk\u00f6rt, med spetsig gudahuva, blixtknippe och stridsyxa. Hans riddjur eller vagn dras av ett spann tjurar, \u0160eri (&#8217;Dag&#8217;) och \u1e2aurri (&#8217;Natt&#8217;). Denna bildtradition \u00e4r <span class=\"iwg-fachbegriff\" data-tooltip=\"Tillh\u00f6rande den erk\u00e4nda och bindande skriftsamlingen inom en religion.\" tabindex=\"0\">kanoniskt<\/span> fastst\u00e4lld i Yaz\u0131l\u0131kaya, i reliefer fr\u00e5n Hattu\u0161a samt i ett stort antal sigill och bronsfigurer.<\/p><p>Ber\u00f6md \u00e4r gudaprocessionen i Yaz\u0131l\u0131kaya kammare A, d\u00e4r Teshub leder den manliga raden och st\u00e5r mitt emot sin gem\u00e5l <a href=\"https:\/\/iwell-guard.com\/sv\/hebat-hurritisk-hogsta-gudinna\/\">Hebat<\/a> i mitten; deras son <a href=\"https:\/\/iwell-guard.com\/sv\/sarruma-hurritisk-berggud-och-kungaskyddare\/\">Sarruma<\/a> st\u00e5r bredvid Hebat p\u00e5 en leopard. Denna triad \u00e4r den viktigaste hurritiska gudafamiljen och blev i den hettitiska rikskulten pantheonens topp.<\/p><p>P\u00e5 hettitiska och nordsyriska reliefer (Karkami\u0161, Aleppo) framtr\u00e4der Teshub ofta med lyft yxa, tramplande p\u00e5 en tjur framf\u00f6r eller under sig; denna h\u00e5llning \u00e4r en fornsyrisk stormgudsformel.<\/p><p>Kay Kohlmeyer har i <em>Der <span class=\"iwg-fachbegriff\" data-tooltip=\"En byggnad som anv\u00e4nds f\u00f6r dyrkan av en eller flera gudomar.\" tabindex=\"0\">Tempel<\/span> des Wettergottes von Aleppo<\/em> (2000) i detalj publicerat de monumentala basaltreliefer fr\u00e5n Aleppotemplet; de visar Teshub i flera varianter och \u00e4r de mest imponerande v\u00e4dergudsbilderna fr\u00e5n den fornsyriska <span class=\"iwg-fachbegriff\" data-tooltip=\"F\u00f6rhistorisk epok efter brons\u00e5ldern, pr\u00e4glad av j\u00e4rnbearbetning.\" tabindex=\"0\">j\u00e4rn\u00e5ldern<\/span>.<\/p>\t\t\t\t\t\t\t\t<\/div>\n\t\t\t\t<\/div>\n\t\t\t\t\t<\/div>\n\t\t\t\t<\/div>\n\t\t<div class=\"elementor-element elementor-element-iwgw-teshub-s3 e-flex e-con-boxed e-con e-parent\" data-id=\"iwgw-teshub-s3\" data-element_type=\"container\" data-e-type=\"container\">\n\t\t\t\t\t<div class=\"e-con-inner\">\n\t\t\t\t<div class=\"elementor-element elementor-element-iwgw-teshub-s3h elementor-widget elementor-widget-heading\" data-id=\"iwgw-teshub-s3h\" data-element_type=\"widget\" data-e-type=\"widget\" data-widget_type=\"heading.default\">\n\t\t\t\t\t<h2 class=\"elementor-heading-title elementor-size-default\">Mytologiska ber\u00e4ttelser<\/h2>\t\t\t\t<\/div>\n\t\t<div class=\"elementor-element elementor-element-iwgw-teshub-s3c e-con-full e-flex e-con e-child\" data-id=\"iwgw-teshub-s3c\" data-element_type=\"container\" data-e-type=\"container\">\n\t\t\t\t<div class=\"elementor-element elementor-element-iwgw-teshub-s3t elementor-widget elementor-widget-text-editor\" data-id=\"iwgw-teshub-s3t\" data-element_type=\"widget\" data-e-type=\"widget\" data-widget_type=\"text-editor.default\">\n\t\t\t\t\t\t\t\t\t<p>Teshub \u00e4r huvudperson i Kumarbi-cykeln. I &#8217;S\u00e5ngen om Kumarbi&#8217; f\u00f6ds han ur det inre av sin fader <a href=\"https:\/\/iwell-guard.com\/sv\/kumarbi-hurritisk-gudafader\/\">Kumarbi<\/a>, efter att denne tagit upp Anus &#8217;mannss\u00e4d&#8217; med t\u00e4nderna. Tre gudar v\u00e4xer i Kumarbis inre: Teshub som den m\u00e4ktigaste, en flod och en tredje gud. De klyver Kumarbi och tr\u00e4der ut.<\/p><p>Efter Kumarbis fall tar Teshub \u00f6ver kungad\u00f6met i himlen. Det f\u00f6ljer upprepade f\u00f6rs\u00f6k av Kumarbi att st\u00f6rta honom: genom <a href=\"https:\/\/iwell-guard.com\/sv\/ullikummi-stenjatten-mot-gudarna\/\">Ullikummi<\/a>, stenj\u00e4tten som v\u00e4xer mot himlen p\u00e5 urj\u00e4tten Upelluris axel och hotar Teshubs <span class=\"iwg-fachbegriff\" data-tooltip=\"En byggnad som \u00e4gnas \u00e5t dyrkan av en eller flera gudomar.\" tabindex=\"0\">tempel<\/span> i Kummiya; genom havsmonstret <a href=\"https:\/\/iwell-guard.com\/sv\/hedammu-havsmonstret-kumarbi-cykeln\/\">Hedammu<\/a>, som hotar att sluka jorden; genom &#8217;silvervarelsen&#8217; och andra v\u00e4sen.<\/p><p>I alla ber\u00e4ttelser segrar Teshub med hj\u00e4lp av sin syster \u0160au\u0161ga och smidesguden Ea, som anv\u00e4nder den s\u00e5g med vilken himmel och jord en g\u00e5ng skildes \u00e5t.<\/p><p>En annan ber\u00e4ttelse \u00e4r &#8217;S\u00e5ngen om havet&#8217; (CTH 346), en fragmentariskt bevarad text d\u00e4r Teshub strider mot havet. Parallellerna till den ugaritiska Baal-cykeln, d\u00e4r <a href=\"https:\/\/iwell-guard.com\/sv\/baal-hadad-fenicisk-vadergud\/\">Baal<\/a> strider mot <a href=\"https:\/\/iwell-guard.com\/sv\/yam-fenicisk-havsgud\/\">Yam<\/a>, \u00e4r h\u00e4r s\u00e4rskilt tydliga.<\/p><p>Mary Bachvarova har i <em>From Hittite to Homer<\/em> (2016) behandlat dessa paralleller utf\u00f6rligt och visat att havsstridsmyterna via Levanten och Cypern vandrat in i den grekiska mytkretsen kring Typhon och Apollo.<\/p><p>I ett ytterligare mytologiskt fragment, &#8217;Befrielses\u00e5ngen&#8217; (CTH 789), upptr\u00e4der Teshub som medlare i en konflikt mellan stadsgudarna Ebla och Megi.<\/p><p>Texten \u00e4r bilingval, hurritisk-hettitisk, och har utgivits av Erich Neu i en monumental edition (1996). Teshub kr\u00e4ver att slavar i staden Ikinkalis ska befrias och hotar Ebla med f\u00f6rg\u00f6relse om kravet inte uppfylls.<\/p><p>Denna ber\u00e4ttelse \u00e4r religionsvetenskapligt s\u00e4rskilt v\u00e4rdefull eftersom den visar Teshub som en socialetisk gud som verkar f\u00f6r de ofrias befrielse. Den \u00e4r en av f\u00e5 \u00e4ldre orientaliska gudaber\u00e4ttelser med explicit etiskt inneh\u00e5ll och st\u00e5r i linje med det bibliska exodus-<span class=\"iwg-fachbegriff\" data-tooltip=\"Ett \u00e5terkommande inneh\u00e5llselement i konst eller ber\u00e4ttelse.\" tabindex=\"0\">motivet<\/span>, utan att n\u00e5got direkt beroende kan p\u00e5visas.<\/p>\t\t\t\t\t\t\t\t<\/div>\n\t\t\t\t<\/div>\n\t\t\t\t\t<\/div>\n\t\t\t\t<\/div>\n\t\t<div class=\"elementor-element elementor-element-iwgw-teshub-s4 e-flex e-con-boxed e-con e-parent\" data-id=\"iwgw-teshub-s4\" data-element_type=\"container\" data-e-type=\"container\">\n\t\t\t\t\t<div class=\"e-con-inner\">\n\t\t\t\t<div class=\"elementor-element elementor-element-iwgw-teshub-s4h elementor-widget elementor-widget-heading\" data-id=\"iwgw-teshub-s4h\" data-element_type=\"widget\" data-e-type=\"widget\" data-widget_type=\"heading.default\">\n\t\t\t\t\t<h2 class=\"elementor-heading-title elementor-size-default\">Kult och v\u00f6rdnad<\/h2>\t\t\t\t<\/div>\n\t\t<div class=\"elementor-element elementor-element-iwgw-teshub-s4c e-con-full e-flex e-con e-child\" data-id=\"iwgw-teshub-s4c\" data-element_type=\"container\" data-e-type=\"container\">\n\t\t\t\t<div class=\"elementor-element elementor-element-iwgw-teshub-s4t elementor-widget elementor-widget-text-editor\" data-id=\"iwgw-teshub-s4t\" data-element_type=\"widget\" data-e-type=\"widget\" data-widget_type=\"text-editor.default\">\n\t\t\t\t\t\t\t\t\t<p>Teshubs viktigaste kultplatser var Aleppo (\u1e2aalab), Kummiya (platsen \u00e4r ok\u00e4nd, troligen i norra Syrien eller s\u00f6dra Anatolien) och \u0160amu\u1e2ba. Hans <span class=\"iwg-fachbegriff\" data-tooltip=\"En byggnad som anv\u00e4nds f\u00f6r dyrkan av en eller flera gudomligheter.\" tabindex=\"0\">tempel<\/span> i Aleppo var sedan den gammalsyriska tiden den viktigaste v\u00e4derguds<span class=\"iwg-fachbegriff\" data-tooltip=\"En helig plats som \u00e4gnas \u00e5t dyrkan av en gudom.\" tabindex=\"0\">helgedomen<\/span> i norra Syrien; det integrerades p\u00e5 1300-talet f.Kr. under hettitisk \u00f6verh\u00f6ghet i rikets religion.<\/p><p>Utgr\u00e4vningar under Kay Kohlmeyer har i <span class=\"iwg-fachbegriff\" data-tooltip=\"En byggnad som anv\u00e4nds f\u00f6r dyrkan av en eller flera gudomligheter.\" tabindex=\"0\">templet<\/span> i Aleppo blottlagt storslagna basaltreliefer fr\u00e5n 800-talet f.Kr. som avbildar Teshub som v\u00e4derguden.<\/p><p>I \u1e2aattu\u0161a fanns ett eget Teshub-<span class=\"iwg-fachbegriff\" data-tooltip=\"En byggnad som anv\u00e4nds f\u00f6r dyrkan av en eller flera gudomligheter.\" tabindex=\"0\">tempel<\/span>, liksom i de andra stora hettitiska st\u00e4derna. Den \u00e5rliga huvudfesten var n\u00e4ra f\u00f6rbunden med det hurritisk-hettitiska gudaf\u00f6rsamlingsritualen <em>itkalzi<\/em>, som garanterade renheten hos alla <span class=\"iwg-fachbegriff\" data-tooltip=\"En byggnad som anv\u00e4nds f\u00f6r dyrkan av en eller flera gudomligheter.\" tabindex=\"0\">tempel<\/span>. Joost Hazenbos har unders\u00f6kt organisationen av dessa <span class=\"iwg-fachbegriff\" data-tooltip=\"En byggnad som anv\u00e4nds f\u00f6r dyrkan av en eller flera gudomligheter.\" tabindex=\"0\">tempel<\/span> i <em>The Organization of the Anatolian Local Cults<\/em> (2003).<\/p><p>Hettitiska vasallavtal n\u00e4mner Teshub som den andra edsguden bredvid Tarhunna; hans edformel lyder att den som bryter eden ska &#8217;krossas som ett lerkrus&#8217;. I hurritiska k\u00e4llor framtr\u00e4der han som den h\u00f6gsta garantin f\u00f6r avtal. Den pr\u00e4sterliga organisationen omfattade hurritiska s\u00e5ngare (<em>kaluti<\/em>), som muntligt f\u00f6rde vidare hurritiska fests\u00e5nger i original.<\/p>\t\t\t\t\t\t\t\t<\/div>\n\t\t\t\t<\/div>\n\t\t\t\t\t<\/div>\n\t\t\t\t<\/div>\n\t\t<div class=\"elementor-element elementor-element-iwgw-teshub-s5 e-flex e-con-boxed e-con e-parent\" data-id=\"iwgw-teshub-s5\" data-element_type=\"container\" data-e-type=\"container\">\n\t\t\t\t\t<div class=\"e-con-inner\">\n\t\t\t\t<div class=\"elementor-element elementor-element-iwgw-teshub-s5h elementor-widget elementor-widget-heading\" data-id=\"iwgw-teshub-s5h\" data-element_type=\"widget\" data-e-type=\"widget\" data-widget_type=\"heading.default\">\n\t\t\t\t\t<h2 class=\"elementor-heading-title elementor-size-default\">Skyddspraxis och apotrop\u00e4iskt<\/h2>\t\t\t\t<\/div>\n\t\t<div class=\"elementor-element elementor-element-iwgw-teshub-s5c e-con-full e-flex e-con e-child\" data-id=\"iwgw-teshub-s5c\" data-element_type=\"container\" data-e-type=\"container\">\n\t\t\t\t<div class=\"elementor-element elementor-element-iwgw-teshub-s5t elementor-widget elementor-widget-text-editor\" data-id=\"iwgw-teshub-s5t\" data-element_type=\"widget\" data-e-type=\"widget\" data-widget_type=\"text-editor.default\">\n\t\t\t\t\t\t\t\t\t<p>Teshub var kungens och kungad\u00f6mets h\u00f6gsta skyddsgud. P\u00e5 kungasigill framtr\u00e4der han ofta som en skyddande gestalt; bildformeln med den &#8217;gudomliga omfamningen&#8217; fr\u00e5n Yaz\u0131l\u0131kaya visar en annan gud (oftast <a href=\"https:\/\/iwell-guard.com\/sv\/sarruma-hurritisk-berggud-och-kungaskyddare\/\">Sarruma<\/a>) omfamna kungen, men Teshub \u00e4r den \u00f6verordnade skyddsinstansen.<\/p><p><span class=\"iwg-fachbegriff\" data-tooltip=\"Ont avv\u00e4rjande: om tecken och f\u00f6rem\u00e5l som ska h\u00e5lla skadliga inflytelser p\u00e5 avst\u00e5nd.\" tabindex=\"0\">Apotropeiska<\/span> Teshub-figurer deponerades i grunderna till tempel och palats; bronsfigurer med lyft yxa \u00e4r k\u00e4nda i betydande antal fr\u00e5n \u1e2aattu\u0161a, Karkami\u0161 och andra platser.<\/p><p>I den hurritiska magiritualen <em>itkahi<\/em> anv\u00e4ndes lerfigurer som skyddsbilder, vilka f\u00f6rde Teshubs makt in i hush\u00e5llet. Volkert Haas har i <em>Materia Magica et Medica Hethitica<\/em> (2003) beskrivit de hemmens skyddspraktiker i detalj.<\/p><p data-nosnippet=\"true\">Ur vetenskapligt perspektiv \u00e4r Teshubs skyddsfunktion n\u00e4ra knuten till den politiska ordningen: han skyddar inte den enskilda individen utan riksordningen. iWell Guard betraktar honom som en historisk gestalt och inte som en samtida skyddsadressat. Utf\u00e4stelser om l\u00e4kning eller andlig verkan \u00e4r ur vetenskaplig synvinkel inte en del av denna lexikonframst\u00e4llning.<\/p><p>I de hettitiska pestb\u00f6nerna av Mur\u0161ili II \u00e5kallas Teshub tillsammans med Tarhunna som den gud som ska g\u00f6ra slut p\u00e5 farsoten. Denna dubbla <span class=\"iwg-fachbegriff\" data-tooltip=\"Det bedjande eller besv\u00e4rjande tilltalet av en gudom eller makt.\" tabindex=\"0\">\u00e5kallan<\/span> visar den n\u00e4ra religionspolitiska sammanfl\u00e4tningen mellan de tv\u00e5 v\u00e4dergudshypostaserna i rikskulten.<\/p><p>\u00c4ven i de hettitiska vasallf\u00f6rdragen med Mittani, med Aleppo och med Karkami\u0161 st\u00e5r Teshub som edsgarant i fr\u00e4msta led; hans namn \u00e4r i avtalsformeln garant f\u00f6r en helt konkret politisk ordning.<\/p>\t\t\t\t\t\t\t\t<\/div>\n\t\t\t\t<\/div>\n\t\t\t\t\t<\/div>\n\t\t\t\t<\/div>\n\t\t<div class=\"elementor-element elementor-element-iwgw-teshub-s6 e-flex e-con-boxed e-con e-parent\" data-id=\"iwgw-teshub-s6\" data-element_type=\"container\" data-e-type=\"container\">\n\t\t\t\t\t<div class=\"e-con-inner\">\n\t\t\t\t<div class=\"elementor-element elementor-element-iwgw-teshub-s6h elementor-widget elementor-widget-heading\" data-id=\"iwgw-teshub-s6h\" data-element_type=\"widget\" data-e-type=\"widget\" data-widget_type=\"heading.default\">\n\t\t\t\t\t<h2 class=\"elementor-heading-title elementor-size-default\">Paralleller i andra kulturer<\/h2>\t\t\t\t<\/div>\n\t\t<div class=\"elementor-element elementor-element-iwgw-teshub-s6c e-con-full e-flex e-con e-child\" data-id=\"iwgw-teshub-s6c\" data-element_type=\"container\" data-e-type=\"container\">\n\t\t\t\t<div class=\"elementor-element elementor-element-iwgw-teshub-s6t elementor-widget elementor-widget-text-editor\" data-id=\"iwgw-teshub-s6t\" data-element_type=\"widget\" data-e-type=\"widget\" data-widget_type=\"text-editor.default\">\n\t\t\t\t\t\t\t\t\t<p>Teshub \u00e4r n\u00e4ra besl\u00e4ktad med <a href=\"https:\/\/iwell-guard.com\/sv\/tarhunna-hettitisk-vadergud\/\">Tarhunna<\/a>, med den forngammelsyriska Hadad och Adad, med det v\u00e4stsemitiska <a href=\"https:\/\/iwell-guard.com\/sv\/baal-hadad-fenicisk-vadergud\/\">Baal-Hadad<\/a> och med det urartiska Tei\u0161eba. Hans drakstrids-<span class=\"iwg-fachbegriff\" data-tooltip=\"Ett \u00e5terkommande inneh\u00e5llsligt element i konst eller ber\u00e4ttelse.\" tabindex=\"0\">motiv<\/span> har n\u00e4ra paralleller till kampen mellan Indra och Vrtra samt till kampen mellan Zeus och Typhon. Daniel Schwemer har behandlat dessa paralleller i detalj i sin monografi (2001).<\/p><p>Med <a href=\"https:\/\/iwell-guard.com\/sv\/baal-hadad-fenicisk-vadergud\/\">Baal<\/a> delar Teshub striden mot havet (<a href=\"https:\/\/iwell-guard.com\/sv\/yam-fenicisk-havsgud\/\">Yam<\/a>); med Zeus striden mot stenmonstret (Typhon motsvarar <a href=\"https:\/\/iwell-guard.com\/sv\/ullikummi-stenjatten-mot-gudarna\/\">Ullikummi<\/a>).<\/p><p>Hans G\u00fcterbock och Walter Burkert har utf\u00f6rligt behandlat den hurritisk-hettitiska <span class=\"iwg-fachbegriff\" data-tooltip=\"Den samlade m\u00e4ngden \u00f6verl\u00e4mnade gudaber\u00e4ttelser i en kultur.\" tabindex=\"0\">mytologins<\/span> inflytande p\u00e5 den grekiska teogonin; Burkert har i <em>Die orientalisierende Epoche<\/em> (1984) och i <em>Babylon, Memphis, Persepolis<\/em> (2003) rekonstruerat de kulturhistoriska f\u00f6rmedlingsv\u00e4garna.<\/p><p>Religionshistoriskt h\u00f6r Teshub till den nordv\u00e4stasiatiska stormgudstypen fr\u00e5n senbrons\u00e5ldern och \u00e4r ett nyckelvittne f\u00f6r de kulturella f\u00f6rbindelserna mellan Anatolien, Syrien, Mesopotamien och Egeiska havet. Hans profil visar starka \u00f6verensst\u00e4mmelser med <a href=\"https:\/\/iwell-guard.com\/sv\/baal-hadad-fenicisk-vadergud\/\">Baal-Hadad<\/a> inom den <a href=\"https:\/\/iwell-guard.com\/sv\/fenicier-och-karthago-baal-tanit-skyddstradition\/\">feniciska traditionen<\/a>.<\/p><p>En s\u00e4rst\u00e4llning intar Teshub i den urartiska <span class=\"iwg-fachbegriff\" data-tooltip=\"Den samlade m\u00e4ngden gudar i en religion eller kultur.\" tabindex=\"0\">pantheon<\/span> under 900- till 700-talet f.Kr.; d\u00e4r upptr\u00e4der han som Tei\u0161eba p\u00e5 andra plats efter riksguden \u1e2aaldi och f\u00f6re solguden \u0160iwini. Den urartiska triaden visar den hurritiska religionens obrutna kontinuitet \u00e4ven efter det hettitiska rikets fall.<\/p>\t\t\t\t\t\t\t\t<\/div>\n\t\t\t\t<\/div>\n\t\t\t\t\t<\/div>\n\t\t\t\t<\/div>\n\t\t<div class=\"elementor-element elementor-element-iwgw-teshub-s7 e-flex e-con-boxed e-con e-parent\" data-id=\"iwgw-teshub-s7\" data-element_type=\"container\" data-e-type=\"container\">\n\t\t\t\t\t<div class=\"e-con-inner\">\n\t\t\t\t<div class=\"elementor-element elementor-element-iwgw-teshub-s7h elementor-widget elementor-widget-heading\" data-id=\"iwgw-teshub-s7h\" data-element_type=\"widget\" data-e-type=\"widget\" data-widget_type=\"heading.default\">\n\t\t\t\t\t<h2 class=\"elementor-heading-title elementor-size-default\">Nutida mottagande och forskning<\/h2>\t\t\t\t<\/div>\n\t\t<div class=\"elementor-element elementor-element-iwgw-teshub-s7c e-con-full e-flex e-con e-child\" data-id=\"iwgw-teshub-s7c\" data-element_type=\"container\" data-e-type=\"container\">\n\t\t\t\t<div class=\"elementor-element elementor-element-iwgw-teshub-s7t elementor-widget elementor-widget-text-editor\" data-id=\"iwgw-teshub-s7t\" data-element_type=\"widget\" data-e-type=\"widget\" data-widget_type=\"text-editor.default\">\n\t\t\t\t\t\t\t\t\t<p>Den moderna Teshub-forskningen inleds med Hans G\u00fcterbock och Emmanuel Laroche (CTH-katalogen). Viktiga nyare bidrag kommer fr\u00e5n Daniel Schwemer, Volkert Haas, Itamar Singer och Mary Bachvarova. Schwemers monografi \u00e4r fortfarande den mest omfattande framst\u00e4llningen och en standardreferens \u00e4ven f\u00f6r Tarhunna och Baal-Hadad.<\/p><p>I den popul\u00e4ra receptionen \u00e4r Teshub knappt k\u00e4nd. I turkisk turistreklam f\u00f6r \u00c7orum och Bo\u011fazkale omn\u00e4mns han ibland som &#8217;den anatoliska \u00e5skguden&#8217;. I Syrien var <span class=\"iwg-fachbegriff\" data-tooltip=\"En byggnad som \u00e4gnas \u00e5t dyrkan av en eller flera gudomligheter.\" tabindex=\"0\">templet<\/span> i Aleppo fram till inb\u00f6rdeskriget en viktig kulturarvsplats; dess \u00f6de efter 2012 \u00e4r inte helt klarlagt, men restaureringsarbeten har \u00e5terupptagits sedan 2018.<\/p><p>Vetenskapligt betraktas Teshub idag som ett centralt exempel p\u00e5 den fornorientaliska stormgudstraditionen. Aktuella forskningsfokus ligger p\u00e5 den exakta relationen till Tarhunna, p\u00e5 Teshubs roll i vasallavtalen och p\u00e5 f\u00f6rmedlingen av hans myter till den grekiska teogonin. iWell Guard listar honom som en historisk medlem av <span class=\"iwg-fachbegriff\" data-tooltip=\"Den samlade m\u00e4ngden gudar i en religion eller kultur.\" tabindex=\"0\">pantheon<\/span>, inte som en andlig adressat.<\/p><p>Restaureringsarbetena vid Aleppo-<span class=\"iwg-fachbegriff\" data-tooltip=\"En byggnad som \u00e4gnas \u00e5t dyrkan av en eller flera gudomligheter.\" tabindex=\"0\">templet<\/span> efter krigsskadorna \u00e4r ett viktigt aktuellt arkeologiskt projekt; en del av basaltreliefer har kunnat konserveras och s\u00e4kras p\u00e5 museet i Aleppo. Forskningsresultaten fr\u00e5n den syrisk-tyska missionen under Kay Kohlmeyer publiceras fortl\u00f6pande i serien <em>Damaszener Forschungen<\/em>.<\/p>\t\t\t\t\t\t\t\t<\/div>\n\t\t\t\t<\/div>\n\t\t\t\t\t<\/div>\n\t\t\t\t<\/div>\n\t\t<div class=\"elementor-element elementor-element-iwgw-teshub-s8 e-flex e-con-boxed e-con e-parent\" data-id=\"iwgw-teshub-s8\" data-element_type=\"container\" data-e-type=\"container\">\n\t\t\t\t\t<div class=\"e-con-inner\">\n\t\t\t\t<div class=\"elementor-element elementor-element-iwgw-teshub-s8h elementor-widget elementor-widget-heading\" data-id=\"iwgw-teshub-s8h\" data-element_type=\"widget\" data-e-type=\"widget\" data-widget_type=\"heading.default\">\n\t\t\t\t\t<h2 class=\"elementor-heading-title elementor-size-default\">Litteratur och k\u00e4llor<\/h2>\t\t\t\t<\/div>\n\t\t<div class=\"elementor-element elementor-element-iwgw-teshub-s8c e-con-full e-flex e-con e-child\" data-id=\"iwgw-teshub-s8c\" data-element_type=\"container\" data-e-type=\"container\">\n\t\t\t\t<div class=\"elementor-element elementor-element-iwgw-teshub-s8t elementor-widget elementor-widget-text-editor\" data-id=\"iwgw-teshub-s8t\" data-element_type=\"widget\" data-e-type=\"widget\" data-widget_type=\"text-editor.default\">\n\t\t\t\t\t\t\t\t\t<p>De viktigaste standardverken inom Teshub-forskningen sammanst\u00e4lls i f\u00f6ljande urval. De omfattar monografier, editioner och historiska syntetiseringar. Schwemers monografi f\u00f6rblir den mest utf\u00f6rliga, med en omfattande bibliografi och detaljerad behandling av alla k\u00e4nda Teshub-hypostaser. Kay Kohlmeyers publikation om Aleppo-<span class=\"iwg-fachbegriff\" data-tooltip=\"En byggnad som \u00e4gnas \u00e5t dyrkan av en eller flera gudomligheter.\" tabindex=\"0\">templet<\/span> \u00e4r det viktigaste arkeologiska komplementet; Bachvarovas studie om f\u00f6rbindelsen mellan hettitisk kultur och Homeros \u00e4r det viktigaste j\u00e4mf\u00f6rande verket fr\u00e5n den senaste generationen.<\/p>\t\t\t\t\t\t\t\t<\/div>\n\t\t\t\t<\/div>\n\t\t\t\t\t<\/div>\n\t\t\t\t<\/div>\n\t\t<div class=\"elementor-element elementor-element-cp224b8235 e-flex e-con-boxed e-con e-parent\" data-id=\"cp224b8235\" data-element_type=\"container\" data-e-type=\"container\">\n\t\t\t\t\t<div class=\"e-con-inner\">\n\t\t\t\t<div class=\"elementor-element elementor-element-cp263d9115 elementor-widget elementor-widget-heading\" data-id=\"cp263d9115\" data-element_type=\"widget\" data-e-type=\"widget\" data-widget_type=\"heading.default\">\n\t\t\t\t\t<h2 class=\"elementor-heading-title elementor-size-default\">S\u00e5ngen om Ullikummi och Teshubs fall<\/h2>\t\t\t\t<\/div>\n\t\t<div class=\"elementor-element elementor-element-cp24990c0c e-flex e-con-boxed e-con e-child\" data-id=\"cp24990c0c\" data-element_type=\"container\" data-e-type=\"container\">\n\t\t\t\t\t<div class=\"e-con-inner\">\n\t\t\t\t<div class=\"elementor-element elementor-element-cp2662854b elementor-widget elementor-widget-text-editor\" data-id=\"cp2662854b\" data-element_type=\"widget\" data-e-type=\"widget\" data-widget_type=\"text-editor.default\">\n\t\t\t\t\t\t\t\t\t<p>Till de mest imponerande texterna i den hettitiska <span class=\"iwg-fachbegriff\" data-tooltip=\"\u00d6verf\u00f6ringen av kunskap och ber\u00e4ttelser genom generationer.\" tabindex=\"0\">\u00f6verl\u00e4mningen<\/span> h\u00f6r den s\u00e5 kallade S\u00e5ngen om Ullikummi, en episod inom den st\u00f6rre Kumarbi-mytcykeln. Den avsatte guden <a href=\"https:\/\/iwell-guard.com\/sv\/kumarbi-hurritisk-gudafader\/\">Kumarbi<\/a> avlar med en klippa ett v\u00e4sen av diorit, som heter Ullikummi och \u00e4r best\u00e4mt att avs\u00e4tta Teshub fr\u00e5n makten.<\/p><p>Ullikummi v\u00e4xer hindrat p\u00e5 axeln hos j\u00e4tten Upelluri, som b\u00e4r v\u00e4rlden, upp mot himlen tills han n\u00e5r den.<\/p><p>Teshub blickar ner fr\u00e5n berget Hazzi och inser hotet. Ett f\u00f6rsta angrepp fr\u00e5n gudarna misslyckas, eftersom Ullikummi \u00e4r blind, d\u00f6v och k\u00e4nslol\u00f6s, och ingenting hejdar honom.<\/p><p>V\u00e4ndpunkten kommer med den vise guden Ea, som g\u00e5r till gudarnas urgamla f\u00f6rr\u00e5dshus och h\u00e4mtar det ur\u00e5ldriga sk\u00e4rverktyget, med vilket himmel och jord en g\u00e5ng skildes \u00e5t. Med detta verktyg sk\u00e4rs Ullikummi av vid f\u00f6tterna fr\u00e5n Upelluris axel och ber\u00f6vas d\u00e4rmed sin kraft.<\/p><p>Texten \u00e4r \u00f6verl\u00e4mnad p\u00e5 lertavlor p\u00e5 hettitiskt spr\u00e5k fr\u00e5n arkivet i Hattusha, men g\u00e5r tillbaka p\u00e5 en hurritisk f\u00f6rlaga. Hans Gustav G\u00fcterbock editerade S\u00e5ngen om Ullikummi 1951 och 1952 och gjorde d\u00e4rmed en av nyckeltexterna f\u00f6r j\u00e4mf\u00f6relsen med den grekiska teogonin tillg\u00e4nglig.<\/p><p>Ber\u00e4ttelsen visar Teshub inte som en obestridd h\u00e4rskare, utan som en kung vars st\u00e4llning st\u00e4ndigt m\u00e5ste f\u00f6rsvaras p\u00e5 nytt. Den \u00e4r d\u00e4rmed ett centralt vittnesb\u00f6rd om den hettitiska f\u00f6rest\u00e4llningen om gudomlig h\u00e4rskarmakt som ett prek\u00e4rt tillst\u00e5nd.<\/p>\t\t\t\t\t\t\t\t<\/div>\n\t\t\t\t\t<\/div>\n\t\t\t\t<\/div>\n\t\t\t\t\t<\/div>\n\t\t\t\t<\/div>\n\t\t<div class=\"elementor-element elementor-element-cp2cb5f7c0 e-flex e-con-boxed e-con e-parent\" data-id=\"cp2cb5f7c0\" data-element_type=\"container\" data-e-type=\"container\">\n\t\t\t\t\t<div class=\"e-con-inner\">\n\t\t\t\t<div class=\"elementor-element elementor-element-cp2e132455 elementor-widget elementor-widget-heading\" data-id=\"cp2e132455\" data-element_type=\"widget\" data-e-type=\"widget\" data-widget_type=\"heading.default\">\n\t\t\t\t\t<h2 class=\"elementor-heading-title elementor-size-default\">Teshub och draken Illuyanka<\/h2>\t\t\t\t<\/div>\n\t\t<div class=\"elementor-element elementor-element-cp24b232d0 e-flex e-con-boxed e-con e-child\" data-id=\"cp24b232d0\" data-element_type=\"container\" data-e-type=\"container\">\n\t\t\t\t\t<div class=\"e-con-inner\">\n\t\t\t\t<div class=\"elementor-element elementor-element-cp259e779e elementor-widget elementor-widget-text-editor\" data-id=\"cp259e779e\" data-element_type=\"widget\" data-e-type=\"widget\" data-widget_type=\"text-editor.default\">\n\t\t\t\t\t\t\t\t\t<p>Vid sidan av Kumarbi-cykeln finns en andra stor <span class=\"iwg-fachbegriff\" data-tooltip=\"En \u00f6verl\u00e4mnad ber\u00e4ttelse om gudar, ursprung och v\u00e4rldens ordning.\" tabindex=\"0\">myt<\/span>, d\u00e4r v\u00e4dergudens spelar huvudrollen: striden mot draken Illujanka. Denna text var knuten till det hettitiska ny\u00e5rsfestivalen <em>purulli<\/em> och \u00f6verl\u00e4mnas i tv\u00e5 versioner, som skrivaren Kella tillskriver en pr\u00e4st fr\u00e5n staden Nerik.<\/p><p>I den \u00e4ldre versionen besegrar draken f\u00f6rst v\u00e4dergudens. Gudinnan Inara anordnar d\u00e4refter en fest och vinner den d\u00f6dlige mannen Hupasija som hj\u00e4lpare, som i sin tur beg\u00e4r en bel\u00f6ning av henne. Draken och dess avkomma g\u00f6rs berusade under festen, binds och sl\u00e5s ihj\u00e4l av v\u00e4dergudens.<\/p><p>I den yngre versionen har draken r\u00f6vat v\u00e4dergudens hj\u00e4rta och \u00f6gon. Guden avlar en son, som gifter sig med drakens dotter och som brudg\u00e5va kr\u00e4ver tillbaka hj\u00e4rtat och \u00f6gonen. S\u00e5 \u00e5terst\u00e4lld d\u00f6dar v\u00e4dergudens draken, men m\u00e5ste d\u00e4rvid ocks\u00e5 offra sin egen son, som st\u00e5r p\u00e5 sv\u00e4rfamiljens sida.<\/p><p>Kopplingen av <span class=\"iwg-fachbegriff\" data-tooltip=\"En \u00f6verl\u00e4mnad ber\u00e4ttelse om gudar, ursprung och v\u00e4rldens ordning.\" tabindex=\"0\">myten<\/span> till purulli-festen \u00e4r vetenskapligt betydelsefull. H\u00e4r f\u00f6religger ett s\u00e4llsynt fall d\u00e4r en ber\u00e4ttande text uttryckligen \u00e4r knuten till ett konkret rituellt sammanhang.<\/p><p>Calvert Watkins har behandlat Illujanka-<span class=\"iwg-fachbegriff\" data-tooltip=\"En \u00f6verl\u00e4mnad ber\u00e4ttelse om gudar, ursprung och v\u00e4rldens ordning.\" tabindex=\"0\">myten<\/span> i sitt spr\u00e5kj\u00e4mf\u00f6rande arbete som exempel p\u00e5 ett indoeuropeiskt ber\u00e4ttelsem\u00f6nster, d\u00e4r en hj\u00e4lte dr\u00e4per en drake. Samtidigt \u00e4r ber\u00e4ttelsen ett bel\u00e4gg f\u00f6r att den hettitiska v\u00e4dergudens t\u00e4nktes vara besegringsbar och att hans seger var beroende av m\u00e4nsklig och gudomlig hj\u00e4lp.<\/p>\t\t\t\t\t\t\t\t<\/div>\n\t\t\t\t\t<\/div>\n\t\t\t\t<\/div>\n\t\t\t\t\t<\/div>\n\t\t\t\t<\/div>\n\t\t<div class=\"elementor-element elementor-element-cp25d451a5 e-flex e-con-boxed e-con e-parent\" data-id=\"cp25d451a5\" data-element_type=\"container\" data-e-type=\"container\">\n\t\t\t\t\t<div class=\"e-con-inner\">\n\t\t\t\t<div class=\"elementor-element elementor-element-cp2c6279ab elementor-widget elementor-widget-heading\" data-id=\"cp2c6279ab\" data-element_type=\"widget\" data-e-type=\"widget\" data-widget_type=\"heading.default\">\n\t\t\t\t\t<h2 class=\"elementor-heading-title elementor-size-default\">Klippehelgedomen i Yaz\u0131l\u0131kaya<\/h2>\t\t\t\t<\/div>\n\t\t<div class=\"elementor-element elementor-element-cp24364644 e-flex e-con-boxed e-con e-child\" data-id=\"cp24364644\" data-element_type=\"container\" data-e-type=\"container\">\n\t\t\t\t\t<div class=\"e-con-inner\">\n\t\t\t\t<div class=\"elementor-element elementor-element-cp225cd153 elementor-widget elementor-widget-text-editor\" data-id=\"cp225cd153\" data-element_type=\"widget\" data-e-type=\"widget\" data-widget_type=\"text-editor.default\">\n\t\t\t\t\t\t\t\t\t<p>Cirka tv\u00e5 kilometer nord\u00f6st om den hettitiska huvudstaden Hattusa ligger klippehelgedomen Yaz\u0131l\u0131kaya, en naturlig klippkammare, vars v\u00e4ggar under 1200-talet f\u00f6re v\u00e5r tider\u00e4kning t\u00e4cktes med reliefer av den hettitiska gudav\u00e4rlden.<\/p><p>I den st\u00f6rre kammaren A r\u00f6r sig tv\u00e5 processioner mot varandra, en manlig fr\u00e5n v\u00e4nster, en kvinnlig fr\u00e5n h\u00f6ger. P\u00e5 den plats d\u00e4r de m\u00f6ts st\u00e5r v\u00e4dergudens, i reliefer utm\u00e4rkt genom hieroglyflika bihandlingar som den hurritiska Teshub, mitt emot honom hans gem\u00e5l Hebat.<\/p><p>Teshub st\u00e5r p\u00e5 tv\u00e5 b\u00f6jda berggudar, en bildtyp som uttrycker hans koppling till bergen. Bakom honom och framf\u00f6r Hebat f\u00f6ljer deras barn, d\u00e4ribland guden Sharruma, som st\u00e5r p\u00e5 en panter. Identifieringen av figurerna st\u00f6der sig p\u00e5 de luwiska hieroglyftecknen och p\u00e5 j\u00e4mf\u00f6relser med gudalistor fr\u00e5n lertavlearkiven.<\/p><p>Forskningen tolkar Yaz\u0131l\u0131kaya huvudsakligen som en plats som var f\u00f6rbunden med ny\u00e5rsfestivalen och m\u00f6jligen med kungafamiljens d\u00f6dskult. Den mindre kammaren B inneh\u00e5ller ett <span class=\"iwg-fachbegriff\" data-tooltip=\"En fr\u00e5n en yta uthuggen, plastiskt upph\u00f6jd avbildning.\" tabindex=\"0\">relief<\/span> av kung Tudhaliya IV och betraktas av vissa som en minnesplats f\u00f6r denna h\u00e4rskare. Kurt Bittel, som gr\u00e4vde ut Hattusa under decennier, har dokumenterat <span class=\"iwg-fachbegriff\" data-tooltip=\"En helig plats till\u00e4gnad dyrkan av en gudom.\" tabindex=\"0\">helgedomen<\/span> noggrant.<\/p><p>Yaz\u0131l\u0131kaya \u00e4r den enda platsen d\u00e4r hela den statliga gudahierarkin fr\u00e5n den senare hettitiska tiden \u00e4r bevarad i sten, och Teshub st\u00e5r bokstavligen i dess mitt. Det g\u00f6r <span class=\"iwg-fachbegriff\" data-tooltip=\"En helig plats till\u00e4gnad dyrkan av en gudom.\" tabindex=\"0\">helgedomen<\/span> till den viktigaste arkeologiska k\u00e4llan f\u00f6r hans st\u00e4llning i <span class=\"iwg-fachbegriff\" data-tooltip=\"Samtliga gudar inom en religion eller kultur.\" tabindex=\"0\">pantheon<\/span>.<\/p>\t\t\t\t\t\t\t\t<\/div>\n\t\t\t\t\t<\/div>\n\t\t\t\t<\/div>\n\t\t\t\t\t<\/div>\n\t\t\t\t<\/div>\n\t\t<div class=\"elementor-element elementor-element-cp26382bdc e-flex e-con-boxed e-con e-parent\" data-id=\"cp26382bdc\" data-element_type=\"container\" data-e-type=\"container\">\n\t\t\t\t\t<div class=\"e-con-inner\">\n\t\t\t\t<div class=\"elementor-element elementor-element-cp29a5dce3 elementor-widget elementor-widget-heading\" data-id=\"cp29a5dce3\" data-element_type=\"widget\" data-e-type=\"widget\" data-widget_type=\"heading.default\">\n\t\t\t\t\t<h2 class=\"elementor-heading-title elementor-size-default\">Fr\u00e5n den hurritiska Teshub till den hettitiska riksguden<\/h2>\t\t\t\t<\/div>\n\t\t<div class=\"elementor-element elementor-element-cp28354bbc e-flex e-con-boxed e-con e-child\" data-id=\"cp28354bbc\" data-element_type=\"container\" data-e-type=\"container\">\n\t\t\t\t\t<div class=\"e-con-inner\">\n\t\t\t\t<div class=\"elementor-element elementor-element-cp2ab489b1 elementor-widget elementor-widget-text-editor\" data-id=\"cp2ab489b1\" data-element_type=\"widget\" data-e-type=\"widget\" data-widget_type=\"text-editor.default\">\n\t\t\t\t\t\t\t\t\t<p>Teshub var ursprungligen inte en hettitisk, utan en hurritisk gud. Hurriterna, ett folk vars spr\u00e5k varken var semitiskt eller indoeuropeiskt, levde i norra Mesopotamien och i norra Syrien och ut\u00f6vade under det andra \u00e5rtusendet f\u00f6re v\u00e5r tider\u00e4kning ett starkt kulturellt inflytande p\u00e5 det hettitiska riket.<\/p><p>Med detta inflytande kom ocks\u00e5 Teshub in i det hettitiska <span class=\"iwg-fachbegriff\" data-tooltip=\"Samtliga gudar inom en religion eller kultur.\" tabindex=\"0\">pantheon<\/span>, d\u00e4r han sm\u00e4lte samman med den inhemska v\u00e4dergudens, som hettiterna skrev med sumerogrammet f\u00f6r v\u00e4dergud.<\/p><p>Teshubs uppg\u00e5ng till riksgudom \u00e4r n\u00e4ra f\u00f6rbunden med det hettitiska kungahuset under den senare perioden.<\/p><p>S\u00e4rskilt drottning Puduhepa, en hurritisk kvinna till b\u00f6rden och gem\u00e5l till Hattusili III, gynnade hurritiska kulter vid hovet. Under hennes inflytande och det av hennes son Tudhaliya IV integrerades den hurritiska gudav\u00e4rlden med Teshub i spetsen i statskulten, tydligt synligt just i Yaz\u0131l\u0131kaya.<\/p><p>Spr\u00e5kligt framtr\u00e4der denna skiktning tydligt. Samma gud heter p\u00e5 hattiskt spr\u00e5k Taru, p\u00e5 hettitiskt skrivs han oftast endast logografiskt, p\u00e5 hurritiskt Teshub, p\u00e5 luwiskt Tarhunt, och i det aram\u00e4isk-syriska omr\u00e5det motsvaras han av Hadad.<\/p><p>Denna namnrikedom vittnar om att det r\u00f6r sig om en gudomsfunktion, stormens herre, som i m\u00e5nga spr\u00e5k i den forna Orienten fick en egen gestalt.<\/p><p>Volkert Haas har i sitt verk <em>Geschichte der hethitischen Religion<\/em> utf\u00f6rligt redogjort f\u00f6r den hurritiska pr\u00e4geln p\u00e5 den senare hettitiska kulten. F\u00f6r Teshub inneb\u00e4r det att hans historia endast kan f\u00f6rst\u00e5s som en historia om kulturell \u00f6vers\u00e4ttning mellan hurriter och hettiter.<\/p>\t\t\t\t\t\t\t\t<\/div>\n\t\t\t\t\t<\/div>\n\t\t\t\t<\/div>\n\t\t\t\t\t<\/div>\n\t\t\t\t<\/div>\n\t\t<div class=\"elementor-element elementor-element-iwgw-teshub-lit e-flex e-con-boxed e-con e-parent\" data-id=\"iwgw-teshub-lit\" data-element_type=\"container\" data-e-type=\"container\">\n\t\t\t\t\t<div class=\"e-con-inner\">\n\t\t\t\t<div class=\"elementor-element elementor-element-iwgw-teshub-lith elementor-widget elementor-widget-heading\" data-id=\"iwgw-teshub-lith\" data-element_type=\"widget\" data-e-type=\"widget\" data-widget_type=\"heading.default\">\n\t\t\t\t\t<h2 class=\"elementor-heading-title elementor-size-default\">Litteratur (urval)<\/h2>\t\t\t\t<\/div>\n\t\t<div class=\"elementor-element elementor-element-iwgw-teshub-litc e-con-full e-flex e-con e-child\" data-id=\"iwgw-teshub-litc\" data-element_type=\"container\" data-e-type=\"container\">\n\t\t\t\t<div class=\"elementor-element elementor-element-iwgw-teshub-litt elementor-widget elementor-widget-text-editor\" data-id=\"iwgw-teshub-litt\" data-element_type=\"widget\" data-e-type=\"widget\" data-widget_type=\"text-editor.default\">\n\t\t\t\t\t\t\t\t\t<div data-nosnippet=\"true\"><ul><li>Daniel Schwemer: <em>Die Wettergottgestalten Mesopotamiens und Nordsyriens<\/em> (Wiesbaden 2001)<\/li><li>Volkert Haas: <em>Geschichte der hethitischen Religion<\/em> (Leiden 1994)<\/li><li>Gary Beckman: <em>Hittite Myths<\/em> (SBL 1998)<\/li><li>Mary Bachvarova: <em>From Hittite to Homer<\/em> (Cambridge 2016)<\/li><li>Trevor Bryce: <em>The Kingdom of the Hittites<\/em> (Oxford 2005)<\/li><li>Kay Kohlmeyer: <em>Der <span class=\"iwg-fachbegriff\" data-tooltip=\"Ett byggnadsverk som \u00e4r avsett f\u00f6r dyrkan av en eller flera gudomar.\" tabindex=\"0\">tempel<\/span> des Wettergottes von Aleppo<\/em> (M\u00fcnster 2000)<\/li><\/ul><\/div>\t\t\t\t\t\t\t\t<\/div>\n\t\t\t\t<\/div>\n\t\t\t\t\t<\/div>\n\t\t\t\t<\/div>\n\t\t<div class=\"elementor-element elementor-element-iwgkw-add-teshub e-flex e-con-boxed e-con e-parent\" data-id=\"iwgkw-add-teshub\" data-element_type=\"container\" data-e-type=\"container\">\n\t\t\t\t\t<div class=\"e-con-inner\">\n\t\t\t\t<div class=\"elementor-element elementor-element-iwgkw-add-teshub-t elementor-widget elementor-widget-text-editor\" data-id=\"iwgkw-add-teshub-t\" data-element_type=\"widget\" data-e-type=\"widget\" data-widget_type=\"text-editor.default\">\n\t\t\t\t\t\t\t\t\t<p><span class=\"iwg-fachbegriff\" data-tooltip=\"Summan av religi\u00f6sa v\u00f6rdnadshandlingar f\u00f6r en gudom eller helig gestalt.\" tabindex=\"0\">Kulten<\/span> av Teshub utgjorde ett centralt element i rikets religion inom det hurritisk-hettitiska omr\u00e5det. I Hattu\u0161a, Kummanni och Aleppo underh\u00f6ll kungar <span class=\"iwg-fachbegriff\" data-tooltip=\"En byggnad som \u00e4r avsedd f\u00f6r v\u00f6rdnad av en eller flera gudomar.\" tabindex=\"0\">tempel<\/span>, d\u00e4r tjuroffer, v\u00e4derb\u00f6ner och festkalendrar hedrade v\u00e4derguden.<\/p><p>Hans <span class=\"iwg-fachbegriff\" data-tooltip=\"Summan av religi\u00f6sa v\u00f6rdnadshandlingar f\u00f6r en gudom eller helig gestalt.\" tabindex=\"0\">kult<\/span> var n\u00e4ra f\u00f6rbunden med kungamakten: h\u00e4rskaren ans\u00e5gs vara en jordisk st\u00e4llf\u00f6retr\u00e4dare, och allianser besvors under <span class=\"iwg-fachbegriff\" data-tooltip=\"Den bedjande eller besv\u00e4rjande tilltalen av en gudom eller makt.\" tabindex=\"0\">\u00e5kallan<\/span> av Teshub, vilket gav hans <span class=\"iwg-fachbegriff\" data-tooltip=\"Summan av religi\u00f6sa v\u00f6rdnadshandlingar f\u00f6r en gudom eller helig gestalt.\" tabindex=\"0\">kult<\/span> en samtidigt politisk och kosmologisk f\u00f6rankring.<\/p>\t\t\t\t\t\t\t\t<\/div>\n\t\t\t\t\t<\/div>\n\t\t\t\t<\/div>\n\t\t<div class=\"elementor-element elementor-element-iwgkw2-add-teshub e-flex e-con-boxed e-con e-parent\" data-id=\"iwgkw2-add-teshub\" data-element_type=\"container\" data-e-type=\"container\">\n\t\t\t\t\t<div class=\"e-con-inner\">\n\t\t\t\t<div class=\"elementor-element elementor-element-iwgkw2-add-teshub-t elementor-widget elementor-widget-text-editor\" data-id=\"iwgkw2-add-teshub-t\" data-element_type=\"widget\" data-e-type=\"widget\" data-widget_type=\"text-editor.default\">\n\t\t\t\t\t\t\t\t\t<p>Teshub framtr\u00e4der i hurritisk-hettitiska k\u00e4llor som den h\u00f6gste v\u00e4derguden och <em>riksh\u00e4rskare<\/em>, som f\u00e4rdas med stridsvagn \u00f6ver bergen och i Kumarbi-cykeln utk\u00e4mpar gudastriden om v\u00e4rldsherrav\u00e4ldet.<\/p>\t\t\t\t\t\t\t\t<\/div>\n\t\t\t\t\t<\/div>\n\t\t\t\t<\/div>\n\t\t<div class=\"elementor-element elementor-element-iwgw-teshub-kwd e-flex e-con-boxed e-con e-parent\" data-id=\"iwgw-teshub-kwd\" data-element_type=\"container\" data-e-type=\"container\">\n\t\t\t\t\t<div class=\"e-con-inner\">\n\t\t<div class=\"elementor-element elementor-element-iwgw-teshub-kwdc e-con-full e-flex e-con e-child\" data-id=\"iwgw-teshub-kwdc\" data-element_type=\"container\" data-e-type=\"container\">\n\t\t\t\t<div class=\"elementor-element elementor-element-iwgw-teshub-kwdt elementor-widget elementor-widget-text-editor\" data-id=\"iwgw-teshub-kwdt\" data-element_type=\"widget\" data-e-type=\"widget\" data-widget_type=\"text-editor.default\">\n\t\t\t\t\t\t\t\t\t<p><em>Relaterade nyckelbegrepp: Teshub Hurriter V\u00e4dergud Kumarbi-cykeln Ullikummi Aleppo Kummiya \u0160eri \u1e2aurri.<\/em><\/p>\t\t\t\t\t\t\t\t<\/div>\n\t\t\t\t<\/div>\n\t\t\t\t\t<\/div>\n\t\t\t\t<\/div>\n\t\t<div class=\"elementor-element elementor-element-iwgw-teshub-cc e-flex e-con-boxed e-con e-parent\" data-id=\"iwgw-teshub-cc\" data-element_type=\"container\" data-e-type=\"container\" id=\"iwg-cc-teshub\">\n\t\t\t\t\t<div class=\"e-con-inner\">\n\t\t<div class=\"elementor-element elementor-element-iwgw-teshub-ccinner e-flex e-con-boxed e-con e-parent\" data-id=\"iwgw-teshub-ccinner\" data-element_type=\"container\" data-e-type=\"container\" data-settings=\"{&quot;background_background&quot;:&quot;classic&quot;}\">\n\t\t\t\t\t<div class=\"e-con-inner\">\n\t\t\t\t<div class=\"elementor-element elementor-element-iwgw-teshub-cch elementor-widget elementor-widget-heading\" data-id=\"iwgw-teshub-cch\" data-element_type=\"widget\" data-e-type=\"widget\" data-widget_type=\"heading.default\">\n\t\t\t\t\t<h2 class=\"elementor-heading-title elementor-size-default\">iWell Guard och skyddstraditioner<\/h2>\t\t\t\t<\/div>\n\t\t\t\t<div class=\"elementor-element elementor-element-iwgw-teshub-cct elementor-widget elementor-widget-text-editor\" data-id=\"iwgw-teshub-cct\" data-element_type=\"widget\" data-e-type=\"widget\" data-widget_type=\"text-editor.default\">\n\t\t\t\t\t\t\t\t\t<div data-nosnippet=\"true\"><p>iWell Guard ansluter till den kulturhistoriska traditionen av b\u00e4rbara skyddsobjekt, i traditionen fr\u00e5n <a href=\"https:\/\/iwell-guard.com\/sv\/hettitiskt-anatoliskt-tarhunna-tusen-gudar-skyddspraxis\/\">hettitisk kultur<\/a> och m\u00e5nga andra kulturer v\u00e4rlden \u00f6ver. 41 lager, \u00e4kta guld, platina, silver, tillverkat i Tyskland. 30 dagars returr\u00e4tt.<\/p><\/div>\t\t\t\t\t\t\t\t<\/div>\n\t\t\t\t<div class=\"elementor-element elementor-element-iwgw-teshub-ccb iwg-cc-button iwg-cc-cta-2026-05-13 elementor-widget elementor-widget-jet-button\" data-id=\"iwgw-teshub-ccb\" data-element_type=\"widget\" data-e-type=\"widget\" data-widget_type=\"jet-button.default\">\n\t\t\t\t<div class=\"elementor-widget-container\">\n\t\t\t\t\t<div class=\"elementor-jet-button jet-elements\"><div class=\"jet-button__container\"><a class=\"jet-button__instance jet-button__instance--icon-left hover-effect-1\" href=\"\/ueber-iwell-guard\/?utm_source=iwell-guard.com&amp;utm_medium=info-box&amp;utm_campaign=wesen-tradition\"><div class=\"jet-button__plane jet-button__plane-normal\"><\/div><div class=\"jet-button__plane jet-button__plane-hover\"><\/div><div class=\"jet-button__state jet-button__state-normal\"><span class=\"jet-button__label\">Mer om iWell Guard<\/span><\/div><div class=\"jet-button__state jet-button__state-hover\"><span class=\"jet-button__label\">Mer om iWell Guard<\/span><\/div><\/a><\/div><\/div><style>.elementor-element.elementor-element-iwgw-teshub-ccb .jet-button__instance{width:320px;height:56px;}.elementor-element.elementor-element-iwgw-teshub-ccb .jet-button__state-normal .jet-button__label{text-align:center;margin:0px 0px 0px 0px;color:#1a1b20;font-family:Montserrat,sans-serif;font-size:13px;font-weight:400;letter-spacing:4px;line-height:1.714em;text-transform:uppercase;}.elementor-element.elementor-element-iwgw-teshub-ccb .jet-button__state-hover .jet-button__label{text-align:center;margin:0px 0px 0px 0px;color:#FECC76;font-family:Montserrat,sans-serif;font-size:13px;font-weight:400;letter-spacing:4px;line-height:1.714em;text-transform:uppercase;}.elementor-element.elementor-element-iwgw-teshub-ccb .jet-button__plane-normal{background-color:#FECC76;border-style:solid;border-color:#C99540;border-width:2px 2px 2px 2px;}.elementor-element.elementor-element-iwgw-teshub-ccb .jet-button__plane-hover{background-color:rgba(0,0,0,0.55);border-style:solid;border-color:#FECC76;border-width:2px 2px 2px 2px;}<\/style>\t\t\t\t<\/div>\n\t\t\t\t<\/div>\n\t\t\t\t<div class=\"elementor-element elementor-element-iwgw-teshub-ccd elementor-widget elementor-widget-text-editor\" data-id=\"iwgw-teshub-ccd\" data-element_type=\"widget\" data-e-type=\"widget\" data-widget_type=\"text-editor.default\">\n\t\t\t\t\t\t\t\t\t<div data-nosnippet=\"true\"><p style=\"text-align:center;font-size:13px;opacity:0.7;margin-top:14px\" data-nosnippet=\"true\">Personliga erfarenheter kan variera. Ingen medicinteknisk produkt. Inget l\u00f6fte om l\u00e4kning.<\/p><\/div>\t\t\t\t\t\t\t\t<\/div>\n\t\t\t\t\t<\/div>\n\t\t\t\t<\/div>\n\t\t\t\t\t<\/div>\n\t\t\t\t<\/div>\n\t\t<div class=\"elementor-element elementor-element-iwgw-teshub-disc e-flex e-con-boxed e-con e-parent\" data-id=\"iwgw-teshub-disc\" data-element_type=\"container\" data-e-type=\"container\">\n\t\t\t\t\t<div class=\"e-con-inner\">\n\t\t\t\t<div class=\"elementor-element elementor-element-iwgw-teshub-discw elementor-widget elementor-widget-html\" data-id=\"iwgw-teshub-discw\" data-element_type=\"widget\" data-e-type=\"widget\" data-widget_type=\"html.default\">\n\t\t\t\t\t<footer data-nosnippet=\"true\" class=\"iwg-disclaimer-block\"><p data-nosnippet=\"true\">iWell Guard \u00e4r <strong>ingen medicinteknisk produkt<\/strong> och ers\u00e4tter inte l\u00e4karv\u00e5rd eller psykoterapeutisk behandling. De religionsvetenskapliga inneh\u00e5llen \u00e4r kulturhistorisk inordning, ingen andlig praxisrekommendation.<\/p><\/footer>\t\t\t\t<\/div>\n\t\t\t\t\t<\/div>\n\t\t\t\t<\/div>\n\t\t\t\t<\/div>\n\t\t","protected":false},"excerpt":{"rendered":"","protected":false},"author":3,"featured_media":2843,"parent":0,"menu_order":0,"comment_status":"closed","ping_status":"closed","template":"elementor_header_footer","meta":{"_yoast_wpseo_focuskw":"Teshub hurritisk v\u00e4dergud","_yoast_wpseo_title":"Teshub \u2013 hurritisk v\u00e4dergud, myt och kult","_yoast_wpseo_metadesc":"Teshub \u00e4r den hurritiska v\u00e4dergud som uppr\u00e4ttar gudarnas herrav\u00e4lde i Kumarbi-cykeln. Religionsvetenskaplig kontextualisering med k\u00e4llor.","_yoast_wpseo_meta-robots-noindex":"","_yoast_wpseo_canonical":"","_angie_page":false,"gefaehrdungsstufe":"3","wesen_kultur":"hethitisch","wesen_klasse":"goetter","footnotes":""},"categories":[],"class_list":["post-136866","page","type-page","status-publish","has-post-thumbnail","hentry"],"yoast_head":"<!-- This site is optimized with the Yoast SEO Premium plugin v27.7 (Yoast SEO v28.3) - https:\/\/yoast.com\/product\/yoast-seo-premium-wordpress\/ -->\n<title>Teshub \u2013 hurritisk v\u00e4dergud, myt och kult<\/title>\n<meta name=\"description\" content=\"Teshub \u00e4r den hurritiska v\u00e4dergud som uppr\u00e4ttar gudarnas herrav\u00e4lde i Kumarbi-cykeln. Religionsvetenskaplig kontextualisering med k\u00e4llor.\" \/>\n<meta name=\"robots\" content=\"index, follow, max-snippet:-1, max-image-preview:large, max-video-preview:-1\" \/>\n<link rel=\"canonical\" href=\"https:\/\/iwell-guard.com\/sv\/teshub-hurritisk-vadergud\/\" \/>\n<meta property=\"og:locale\" content=\"sv_SE\" \/>\n<meta property=\"og:type\" content=\"article\" \/>\n<meta property=\"og:title\" content=\"Teshub \u2013 hurritisk v\u00e4dergud\" \/>\n<meta property=\"og:description\" content=\"Teshub \u00e4r den hurritiska v\u00e4dergud som uppr\u00e4ttar gudarnas herrav\u00e4lde i Kumarbi-cykeln. Religionsvetenskaplig kontextualisering med k\u00e4llor.\" \/>\n<meta property=\"og:url\" content=\"https:\/\/iwell-guard.com\/sv\/teshub-hurritisk-vadergud\/\" \/>\n<meta property=\"og:site_name\" content=\"iWell Guard\" \/>\n<meta property=\"article:modified_time\" content=\"2026-09-03T01:14:19+00:00\" \/>\n<meta property=\"og:image\" content=\"https:\/\/iwell-guard.com\/wp-content\/uploads\/2026\/05\/goetter_hethitisch_teshub.webp\" \/>\n\t<meta property=\"og:image:width\" content=\"1024\" \/>\n\t<meta property=\"og:image:height\" content=\"1536\" \/>\n\t<meta property=\"og:image:type\" content=\"image\/webp\" \/>\n<meta name=\"twitter:card\" content=\"summary_large_image\" \/>\n<script type=\"application\/ld+json\" class=\"yoast-schema-graph\">{\"@context\":\"https:\\\/\\\/schema.org\",\"@graph\":[{\"@type\":\"WebPage\",\"@id\":\"https:\\\/\\\/iwell-guard.com\\\/sv\\\/teshub-hurritisk-vadergud\\\/\",\"url\":\"https:\\\/\\\/iwell-guard.com\\\/sv\\\/teshub-hurritisk-vadergud\\\/\",\"name\":\"Teshub \u2013 hurritisk v\u00e4dergud, myt och kult\",\"isPartOf\":{\"@id\":\"https:\\\/\\\/iwell-guard.com\\\/sv\\\/#website\"},\"primaryImageOfPage\":{\"@id\":\"https:\\\/\\\/iwell-guard.com\\\/sv\\\/teshub-hurritisk-vadergud\\\/#primaryimage\"},\"image\":{\"@id\":\"https:\\\/\\\/iwell-guard.com\\\/sv\\\/teshub-hurritisk-vadergud\\\/#primaryimage\"},\"thumbnailUrl\":\"https:\\\/\\\/iwell-guard.com\\\/wp-content\\\/uploads\\\/2026\\\/05\\\/goetter_hethitisch_teshub.webp\",\"datePublished\":\"2026-09-03T00:10:43+00:00\",\"dateModified\":\"2026-09-03T01:14:19+00:00\",\"description\":\"Teshub \u00e4r den hurritiska v\u00e4dergud som uppr\u00e4ttar gudarnas herrav\u00e4lde i Kumarbi-cykeln. Religionsvetenskaplig kontextualisering med k\u00e4llor.\",\"breadcrumb\":{\"@id\":\"https:\\\/\\\/iwell-guard.com\\\/sv\\\/teshub-hurritisk-vadergud\\\/#breadcrumb\"},\"inLanguage\":\"sv-SE\",\"potentialAction\":[{\"@type\":\"ReadAction\",\"target\":[\"https:\\\/\\\/iwell-guard.com\\\/sv\\\/teshub-hurritisk-vadergud\\\/\"]}]},{\"@type\":\"ImageObject\",\"inLanguage\":\"sv-SE\",\"@id\":\"https:\\\/\\\/iwell-guard.com\\\/sv\\\/teshub-hurritisk-vadergud\\\/#primaryimage\",\"url\":\"https:\\\/\\\/iwell-guard.com\\\/wp-content\\\/uploads\\\/2026\\\/05\\\/goetter_hethitisch_teshub.webp\",\"contentUrl\":\"https:\\\/\\\/iwell-guard.com\\\/wp-content\\\/uploads\\\/2026\\\/05\\\/goetter_hethitisch_teshub.webp\",\"width\":1024,\"height\":1536,\"caption\":\"Gudar fr\u00e5n den hettitiska traditionen.\"},{\"@type\":\"BreadcrumbList\",\"@id\":\"https:\\\/\\\/iwell-guard.com\\\/sv\\\/teshub-hurritisk-vadergud\\\/#breadcrumb\",\"itemListElement\":[{\"@type\":\"ListItem\",\"position\":1,\"name\":\"Start\",\"item\":\"https:\\\/\\\/iwell-guard.com\\\/sv\\\/?page_id=136483\"},{\"@type\":\"ListItem\",\"position\":2,\"name\":\"Teshub \u2013 hurritisk v\u00e4dergud\"}]},{\"@type\":\"WebSite\",\"@id\":\"https:\\\/\\\/iwell-guard.com\\\/sv\\\/#website\",\"url\":\"https:\\\/\\\/iwell-guard.com\\\/sv\\\/\",\"name\":\"iWell Guard\",\"description\":\"Schutz vor dunklen Einfl\u00fcssen\",\"publisher\":{\"@id\":\"https:\\\/\\\/iwell-guard.com\\\/sv\\\/#organization\"},\"potentialAction\":[{\"@type\":\"SearchAction\",\"target\":{\"@type\":\"EntryPoint\",\"urlTemplate\":\"https:\\\/\\\/iwell-guard.com\\\/sv\\\/?s={search_term_string}\"},\"query-input\":{\"@type\":\"PropertyValueSpecification\",\"valueRequired\":true,\"valueName\":\"search_term_string\"}}],\"inLanguage\":\"sv-SE\"},{\"@type\":\"Organization\",\"@id\":\"https:\\\/\\\/iwell-guard.com\\\/sv\\\/#organization\",\"name\":\"Ittermann electronic GmbH\",\"url\":\"https:\\\/\\\/iwell-guard.com\\\/sv\\\/\",\"logo\":{\"@type\":\"ImageObject\",\"inLanguage\":\"sv-SE\",\"@id\":\"https:\\\/\\\/iwell-guard.com\\\/sv\\\/#\\\/schema\\\/logo\\\/image\\\/\",\"url\":\"https:\\\/\\\/iwell-guard.com\\\/wp-content\\\/uploads\\\/2026\\\/05\\\/Ittermann-Logo-1182x237-1.png\",\"contentUrl\":\"https:\\\/\\\/iwell-guard.com\\\/wp-content\\\/uploads\\\/2026\\\/05\\\/Ittermann-Logo-1182x237-1.png\",\"width\":1182,\"height\":237,\"caption\":\"Ittermann electronic GmbH\"},\"image\":{\"@id\":\"https:\\\/\\\/iwell-guard.com\\\/sv\\\/#\\\/schema\\\/logo\\\/image\\\/\"},\"sameAs\":[\"https:\\\/\\\/pantip.com\\\/profile\\\/9367242\",\"https:\\\/\\\/micro.blog\\\/iwellguard\",\"https:\\\/\\\/www.diggerslist.com\\\/iwellguard\\\/about\",\"https:\\\/\\\/skitterphoto.com\\\/photographers\\\/2870314\\\/iwell-guard\",\"https:\\\/\\\/iwellguard.wordpress.com\\\/2026\\\/06\\\/06\\\/iwell-guard\\\/\",\"https:\\\/\\\/hub.docker.com\\\/u\\\/iwellguard\",\"https:\\\/\\\/www.pinterest.com\\\/iwellguard\\\/\",\"https:\\\/\\\/bit.ly\\\/m\\\/iwellguard\",\"https:\\\/\\\/entre-vos-mains.alsace.eu\\\/profiles\\\/iwellguard\\\/activity\",\"https:\\\/\\\/gravatar.com\\\/reallybeded8fd34\",\"https:\\\/\\\/naijamatta.com\\\/iwellguard\",\"https:\\\/\\\/www.goodreads.com\\\/iwellguard\",\"https:\\\/\\\/profile.hatena.ne.jp\\\/iwellguard\\\/\",\"https:\\\/\\\/experiment.com\\\/users\\\/iwellguard\",\"https:\\\/\\\/wakelet.com\\\/@iWellGuard82270\",\"https:\\\/\\\/www.chordie.com\\\/forum\\\/profile.php?id=2555664\",\"https:\\\/\\\/www.instapaper.com\\\/p\\\/17757966\",\"https:\\\/\\\/www.mapleprimes.com\\\/users\\\/iwellguard\",\"https:\\\/\\\/businesslistingplus.com\\\/profile\\\/iwell-guard\\\/\",\"https:\\\/\\\/telegra.ph\\\/iWell-Guard-06-06\",\"https:\\\/\\\/pbase.com\\\/iwellguard\\\/iwellguard\",\"https:\\\/\\\/b.hatena.ne.jp\\\/iwellguard\\\/20260607#bookmark-4788405196491818882\",\"https:\\\/\\\/fliphtml5.com\\\/home\\\/iwellguard\",\"https:\\\/\\\/anyflip.com\\\/homepage\\\/cmiwl#About\",\"https:\\\/\\\/transfur.com\\\/Users\\\/iwellguard\",\"http:\\\/\\\/delphi.larsbo.org\\\/user\\\/iwellguard\",\"https:\\\/\\\/jobs.lajobsportal.org\\\/profiles\\\/8380803-iwell-guard\",\"https:\\\/\\\/md.chaosdorf.de\\\/s\\\/jfbe5SBdJD\",\"https:\\\/\\\/www.lingvolive.com\\\/en-us\\\/profile\\\/9ecaeaca-ce11-4e51-9e71-01d55e2bff36\\\/translations\",\"https:\\\/\\\/www.fitday.com\\\/fitness\\\/forums\\\/members\\\/iwellguard.html\",\"https:\\\/\\\/www.mymeetbook.com\\\/iwellguard\",\"https:\\\/\\\/pxhere.com\\\/en\\\/photographer-me\\\/5040798\",\"https:\\\/\\\/disqus.com\\\/by\\\/iwellguard\\\/about\\\/\",\"https:\\\/\\\/pastelink.net\\\/hjwciqwq\",\"https:\\\/\\\/pubhtml5.com\\\/homepage\\\/scjhn\\\/\",\"https:\\\/\\\/www.bitchute.com\\\/channel\\\/2O2eOKzNqujT\",\"https:\\\/\\\/audiomack.com\\\/iwellguard\"]},{\"@type\":\"Article\",\"@id\":\"https:\\\/\\\/iwell-guard.com\\\/sv\\\/teshub-hurritisk-vadergud\\\/#article\",\"isPartOf\":{\"@id\":\"https:\\\/\\\/iwell-guard.com\\\/sv\\\/teshub-hurritisk-vadergud\\\/\"},\"author\":{\"name\":\"Ralf Ittermann\",\"@id\":\"https:\\\/\\\/iwell-guard.com\\\/sv\\\/#\\\/schema\\\/person\\\/ee2a27f1cac3406c7c6fb5820cb7349f\"},\"headline\":\"Teshub \u2013 hurritisk v\u00e4dergud\",\"datePublished\":\"2026-09-03T00:10:43+00:00\",\"dateModified\":\"2026-09-03T01:14:19+00:00\",\"mainEntityOfPage\":{\"@id\":\"https:\\\/\\\/iwell-guard.com\\\/sv\\\/teshub-hurritisk-vadergud\\\/\"},\"publisher\":{\"@id\":\"https:\\\/\\\/iwell-guard.com\\\/sv\\\/#organization\"},\"image\":{\"@id\":\"https:\\\/\\\/iwell-guard.com\\\/sv\\\/teshub-hurritisk-vadergud\\\/#primaryimage\"},\"thumbnailUrl\":\"https:\\\/\\\/iwell-guard.com\\\/wp-content\\\/uploads\\\/2026\\\/05\\\/goetter_hethitisch_teshub.webp\",\"inLanguage\":\"sv-SE\",\"description\":\"Teshub \u00e4r den hurritiska v\u00e4dergud som uppr\u00e4ttar gudarnas herrav\u00e4lde i Kumarbi-cykeln. Religionsvetenskaplig kontextualisering med k\u00e4llor.\"}]}<\/script>\n<!-- \/ Yoast SEO Premium plugin. -->","yoast_head_json":{"title":"Teshub \u2013 hurritisk v\u00e4dergud, myt och kult","description":"Teshub \u00e4r den hurritiska v\u00e4dergud som uppr\u00e4ttar gudarnas herrav\u00e4lde i Kumarbi-cykeln. Religionsvetenskaplig kontextualisering med k\u00e4llor.","robots":{"index":"index","follow":"follow","max-snippet":"max-snippet:-1","max-image-preview":"max-image-preview:large","max-video-preview":"max-video-preview:-1"},"canonical":"https:\/\/iwell-guard.com\/sv\/teshub-hurritisk-vadergud\/","og_locale":"sv_SE","og_type":"article","og_title":"Teshub \u2013 hurritisk v\u00e4dergud","og_description":"Teshub \u00e4r den hurritiska v\u00e4dergud som uppr\u00e4ttar gudarnas herrav\u00e4lde i Kumarbi-cykeln. Religionsvetenskaplig kontextualisering med k\u00e4llor.","og_url":"https:\/\/iwell-guard.com\/sv\/teshub-hurritisk-vadergud\/","og_site_name":"iWell Guard","article_modified_time":"2026-09-03T01:14:19+00:00","og_image":[{"width":1024,"height":1536,"url":"https:\/\/iwell-guard.com\/wp-content\/uploads\/2026\/05\/goetter_hethitisch_teshub.webp","type":"image\/webp"}],"twitter_card":"summary_large_image","schema":{"@context":"https:\/\/schema.org","@graph":[{"@type":"Article","@id":"https:\/\/iwell-guard.com\/sv\/teshub-hurritisk-vadergud\/#article","isPartOf":{"@id":"https:\/\/iwell-guard.com\/sv\/teshub-hurritisk-vadergud\/"},"author":{"name":"Ralf Ittermann","@id":"https:\/\/iwell-guard.com\/sv\/#\/schema\/person\/ee2a27f1cac3406c7c6fb5820cb7349f"},"headline":"Teshub \u2013 hurritisk v\u00e4dergud","datePublished":"2026-09-03T00:10:43+00:00","dateModified":"2026-09-03T01:14:19+00:00","mainEntityOfPage":{"@id":"https:\/\/iwell-guard.com\/sv\/teshub-hurritisk-vadergud\/"},"publisher":{"@id":"https:\/\/iwell-guard.com\/sv\/#organization"},"image":{"@id":"https:\/\/iwell-guard.com\/sv\/teshub-hurritisk-vadergud\/#primaryimage"},"thumbnailUrl":"https:\/\/iwell-guard.com\/wp-content\/uploads\/2026\/05\/goetter_hethitisch_teshub.webp","inLanguage":"sv-SE","description":"Teshub \u00e4r den hurritiska v\u00e4dergud som uppr\u00e4ttar gudarnas herrav\u00e4lde i Kumarbi-cykeln. Religionsvetenskaplig kontextualisering med k\u00e4llor."},{"@type":"WebPage","@id":"https:\/\/iwell-guard.com\/sv\/teshub-hurritisk-vadergud\/","url":"https:\/\/iwell-guard.com\/sv\/teshub-hurritisk-vadergud\/","name":"Teshub \u2013 hurritisk v\u00e4dergud, myt och kult","isPartOf":{"@id":"https:\/\/iwell-guard.com\/sv\/#website"},"primaryImageOfPage":{"@id":"https:\/\/iwell-guard.com\/sv\/teshub-hurritisk-vadergud\/#primaryimage"},"image":{"@id":"https:\/\/iwell-guard.com\/sv\/teshub-hurritisk-vadergud\/#primaryimage"},"thumbnailUrl":"https:\/\/iwell-guard.com\/wp-content\/uploads\/2026\/05\/goetter_hethitisch_teshub.webp","datePublished":"2026-09-03T00:10:43+00:00","dateModified":"2026-09-03T01:14:19+00:00","description":"Teshub \u00e4r den hurritiska v\u00e4dergud som uppr\u00e4ttar gudarnas herrav\u00e4lde i Kumarbi-cykeln. Religionsvetenskaplig kontextualisering med k\u00e4llor.","breadcrumb":{"@id":"https:\/\/iwell-guard.com\/sv\/teshub-hurritisk-vadergud\/#breadcrumb"},"inLanguage":"sv-SE","potentialAction":[{"@type":"ReadAction","target":["https:\/\/iwell-guard.com\/sv\/teshub-hurritisk-vadergud\/"]}]},{"@type":"ImageObject","inLanguage":"sv-SE","@id":"https:\/\/iwell-guard.com\/sv\/teshub-hurritisk-vadergud\/#primaryimage","url":"https:\/\/iwell-guard.com\/wp-content\/uploads\/2026\/05\/goetter_hethitisch_teshub.webp","contentUrl":"https:\/\/iwell-guard.com\/wp-content\/uploads\/2026\/05\/goetter_hethitisch_teshub.webp","width":1024,"height":1536,"caption":"Gudar fr\u00e5n den hettitiska traditionen."},{"@type":"BreadcrumbList","@id":"https:\/\/iwell-guard.com\/sv\/teshub-hurritisk-vadergud\/#breadcrumb","itemListElement":[{"@type":"ListItem","position":1,"name":"Start","item":"https:\/\/iwell-guard.com\/sv\/?page_id=136483"},{"@type":"ListItem","position":2,"name":"Teshub \u2013 hurritisk v\u00e4dergud"}]},{"@type":"WebSite","@id":"https:\/\/iwell-guard.com\/sv\/#website","url":"https:\/\/iwell-guard.com\/sv\/","name":"iWell Guard","description":"Schutz vor dunklen Einfl\u00fcssen","publisher":{"@id":"https:\/\/iwell-guard.com\/sv\/#organization"},"potentialAction":[{"@type":"SearchAction","target":{"@type":"EntryPoint","urlTemplate":"https:\/\/iwell-guard.com\/sv\/?s={search_term_string}"},"query-input":{"@type":"PropertyValueSpecification","valueRequired":true,"valueName":"search_term_string"}}],"inLanguage":"sv-SE"},{"@type":"Organization","@id":"https:\/\/iwell-guard.com\/sv\/#organization","name":"Ittermann electronic GmbH","url":"https:\/\/iwell-guard.com\/sv\/","logo":{"@type":"ImageObject","inLanguage":"sv-SE","@id":"https:\/\/iwell-guard.com\/sv\/#\/schema\/logo\/image\/","url":"https:\/\/iwell-guard.com\/wp-content\/uploads\/2026\/05\/Ittermann-Logo-1182x237-1.png","contentUrl":"https:\/\/iwell-guard.com\/wp-content\/uploads\/2026\/05\/Ittermann-Logo-1182x237-1.png","width":1182,"height":237,"caption":"Ittermann electronic GmbH"},"image":{"@id":"https:\/\/iwell-guard.com\/sv\/#\/schema\/logo\/image\/"},"sameAs":["https:\/\/pantip.com\/profile\/9367242","https:\/\/micro.blog\/iwellguard","https:\/\/www.diggerslist.com\/iwellguard\/about","https:\/\/skitterphoto.com\/photographers\/2870314\/iwell-guard","https:\/\/iwellguard.wordpress.com\/2026\/06\/06\/iwell-guard\/","https:\/\/hub.docker.com\/u\/iwellguard","https:\/\/www.pinterest.com\/iwellguard\/","https:\/\/bit.ly\/m\/iwellguard","https:\/\/entre-vos-mains.alsace.eu\/profiles\/iwellguard\/activity","https:\/\/gravatar.com\/reallybeded8fd34","https:\/\/naijamatta.com\/iwellguard","https:\/\/www.goodreads.com\/iwellguard","https:\/\/profile.hatena.ne.jp\/iwellguard\/","https:\/\/experiment.com\/users\/iwellguard","https:\/\/wakelet.com\/@iWellGuard82270","https:\/\/www.chordie.com\/forum\/profile.php?id=2555664","https:\/\/www.instapaper.com\/p\/17757966","https:\/\/www.mapleprimes.com\/users\/iwellguard","https:\/\/businesslistingplus.com\/profile\/iwell-guard\/","https:\/\/telegra.ph\/iWell-Guard-06-06","https:\/\/pbase.com\/iwellguard\/iwellguard","https:\/\/b.hatena.ne.jp\/iwellguard\/20260607#bookmark-4788405196491818882","https:\/\/fliphtml5.com\/home\/iwellguard","https:\/\/anyflip.com\/homepage\/cmiwl#About","https:\/\/transfur.com\/Users\/iwellguard","http:\/\/delphi.larsbo.org\/user\/iwellguard","https:\/\/jobs.lajobsportal.org\/profiles\/8380803-iwell-guard","https:\/\/md.chaosdorf.de\/s\/jfbe5SBdJD","https:\/\/www.lingvolive.com\/en-us\/profile\/9ecaeaca-ce11-4e51-9e71-01d55e2bff36\/translations","https:\/\/www.fitday.com\/fitness\/forums\/members\/iwellguard.html","https:\/\/www.mymeetbook.com\/iwellguard","https:\/\/pxhere.com\/en\/photographer-me\/5040798","https:\/\/disqus.com\/by\/iwellguard\/about\/","https:\/\/pastelink.net\/hjwciqwq","https:\/\/pubhtml5.com\/homepage\/scjhn\/","https:\/\/www.bitchute.com\/channel\/2O2eOKzNqujT","https:\/\/audiomack.com\/iwellguard"]},{"@type":"Person","@id":"https:\/\/iwell-guard.com\/sv\/#\/schema\/person\/ee2a27f1cac3406c7c6fb5820cb7349f","name":"Ralf Ittermann","image":{"@type":"ImageObject","inLanguage":"sv-SE","@id":"https:\/\/secure.gravatar.com\/avatar\/073c0153e350a5005b68eb752b445fea71f6b24a26da9449ad7e155e6b446c9d?s=96&d=mm&r=g","url":"https:\/\/secure.gravatar.com\/avatar\/073c0153e350a5005b68eb752b445fea71f6b24a26da9449ad7e155e6b446c9d?s=96&d=mm&r=g","contentUrl":"https:\/\/secure.gravatar.com\/avatar\/073c0153e350a5005b68eb752b445fea71f6b24a26da9449ad7e155e6b446c9d?s=96&d=mm&r=g","caption":"Ralf Ittermann"},"givenName":"Ralf","familyName":"Ittermann","jobTitle":"Gesch\u00e4ftsf\u00fchrer und redaktioneller Verantwortlicher","url":"https:\/\/iwell-guard.com\/sv\/author\/claude\/","description":"Ralf Ittermann ist Gesch\u00e4ftsf\u00fchrer der Ittermann electronic GmbH und redaktioneller Verantwortlicher des iWell-Guard-Lexikons. Er verbindet langj\u00e4hrige Erfahrung in der Pr\u00e4zisionsfertigung mit medialer Praxis und religionsgeschichtlicher Quellenarbeit.","worksFor":{"@type":"Organization","name":"Ittermann electronic GmbH","url":"https:\/\/ittermann.de\/","address":{"@type":"PostalAddress","streetAddress":"K\u00f6hlergasse 16-18","postalCode":"99842","addressLocality":"Ruhla","addressCountry":"DE"}},"knowsAbout":["Religionsgeschichte","Mythologie","Mediale Praxis","Energetische Diagnostik","Schutzpraxis","Volksglauben","Westliche Esoterik"]},{"@type":"Article","@id":"https:\/\/iwell-guard.com\/sv\/teshub-hurritisk-vadergud\/#article","isPartOf":{"@id":"https:\/\/iwell-guard.com\/sv\/teshub-hurritisk-vadergud\/"},"author":{"name":"Ralf Ittermann","@id":"https:\/\/iwell-guard.com\/sv\/#\/schema\/person\/ee2a27f1cac3406c7c6fb5820cb7349f"},"headline":"Teshub \u2013 hurritisk v\u00e4dergud","datePublished":"2026-09-03T00:10:43+00:00","dateModified":"2026-09-03T01:14:19+00:00","mainEntityOfPage":{"@id":"https:\/\/iwell-guard.com\/sv\/teshub-hurritisk-vadergud\/"},"publisher":{"@id":"https:\/\/iwell-guard.com\/sv\/#organization"},"image":{"@id":"https:\/\/iwell-guard.com\/sv\/teshub-hurritisk-vadergud\/#primaryimage"},"thumbnailUrl":"https:\/\/iwell-guard.com\/wp-content\/uploads\/2026\/05\/goetter_hethitisch_teshub.webp","inLanguage":"sv-SE","description":"Teshub \u00e4r den hurritiska v\u00e4dergud som uppr\u00e4ttar gudarnas herrav\u00e4lde i Kumarbi-cykeln. Religionsvetenskaplig kontextualisering med k\u00e4llor."}]}},"_links":{"self":[{"href":"https:\/\/iwell-guard.com\/sv\/wp-json\/wp\/v2\/pages\/136866","targetHints":{"allow":["GET"]}}],"collection":[{"href":"https:\/\/iwell-guard.com\/sv\/wp-json\/wp\/v2\/pages"}],"about":[{"href":"https:\/\/iwell-guard.com\/sv\/wp-json\/wp\/v2\/types\/page"}],"author":[{"embeddable":true,"href":"https:\/\/iwell-guard.com\/sv\/wp-json\/wp\/v2\/users\/3"}],"replies":[{"embeddable":true,"href":"https:\/\/iwell-guard.com\/sv\/wp-json\/wp\/v2\/comments?post=136866"}],"version-history":[{"count":0,"href":"https:\/\/iwell-guard.com\/sv\/wp-json\/wp\/v2\/pages\/136866\/revisions"}],"wp:featuredmedia":[{"embeddable":true,"href":"https:\/\/iwell-guard.com\/sv\/wp-json\/wp\/v2\/media\/2843"}],"wp:attachment":[{"href":"https:\/\/iwell-guard.com\/sv\/wp-json\/wp\/v2\/media?parent=136866"}],"wp:term":[{"taxonomy":"category","embeddable":true,"href":"https:\/\/iwell-guard.com\/sv\/wp-json\/wp\/v2\/categories?post=136866"}],"curies":[{"name":"wp","href":"https:\/\/api.w.org\/{rel}","templated":true}]}}