{"id":136855,"date":"2026-09-03T00:10:38","date_gmt":"2026-09-03T00:10:38","guid":{"rendered":"https:\/\/iwell-guard.com\/?page_id=136855"},"modified":"2026-09-03T01:14:01","modified_gmt":"2026-09-03T01:14:01","slug":"voltumna-forbundsgud-etruskiska-statsforbundet","status":"publish","type":"page","link":"https:\/\/iwell-guard.com\/sv\/voltumna-forbundsgud-etruskiska-statsforbundet\/","title":{"rendered":"Voltumna &#8211; f\u00f6rbundsgud f\u00f6r det etruskiska statsf\u00f6rbundet"},"content":{"rendered":"\t\t<div data-elementor-type=\"wp-page\" data-elementor-id=\"136855\" class=\"elementor elementor-136855 elementor-2607 elementor-bc-flex-widget\" data-elementor-post-type=\"page\">\n\t\t\t\t<div class=\"elementor-element elementor-element-iwgw-voltumna-hero e-flex e-con-boxed e-con e-parent\" data-id=\"iwgw-voltumna-hero\" data-element_type=\"container\" data-e-type=\"container\" data-settings=\"{&quot;background_background&quot;:&quot;classic&quot;}\">\n\t\t\t\t\t<div class=\"e-con-inner\">\n\t\t<div class=\"elementor-element elementor-element-iwgw-voltumna-hl e-flex e-con-boxed e-con e-child\" data-id=\"iwgw-voltumna-hl\" data-element_type=\"container\" data-e-type=\"container\">\n\t\t\t\t\t<div class=\"e-con-inner\">\n\t\t<div class=\"elementor-element elementor-element-iwgw-voltumna-htxt e-con-full e-flex e-con e-child\" data-id=\"iwgw-voltumna-htxt\" data-element_type=\"container\" data-e-type=\"container\">\n\t\t\t\t<div class=\"elementor-element elementor-element-iwgw-voltumna-h1 elementor-widget elementor-widget-heading\" data-id=\"iwgw-voltumna-h1\" data-element_type=\"widget\" data-e-type=\"widget\" data-widget_type=\"heading.default\">\n\t\t\t\t\t<h1 class=\"elementor-heading-title elementor-size-default\">Voltumna - f\u00f6rbundsgud f\u00f6r den etruskiska ligan och gudomlighet f\u00f6r de tolv st\u00e4derna<\/h1>\t\t\t\t<\/div>\n\t\t\t\t<div class=\"elementor-element elementor-element-iwgw-voltumna-lead elementor-widget elementor-widget-text-editor\" data-id=\"iwgw-voltumna-lead\" data-element_type=\"widget\" data-e-type=\"widget\" data-widget_type=\"text-editor.default\">\n\t\t\t\t\t\t\t\t\t<p>Voltumna (p\u00e5 latin \u00e4ven Vertumnus eller Veltha, etruskiskt Veltha eller Velthune) \u00e4r den h\u00f6gsta f\u00f6rbundsguden f\u00f6r den etruskiska ligan som omfattade tolv st\u00e4der. Hans <span class=\"iwg-fachbegriff\" data-tooltip=\"En helig plats \u00e4gnad \u00e5t dyrkan av en gudom.\" tabindex=\"0\">helgedom<\/span>, Fanum Voltumnae, l\u00e5g n\u00e4ra Volsinii och var platsen f\u00f6r den etruskiska ligans \u00e5rliga f\u00f6rsamling. Denna framst\u00e4llning beskriver hans religionspolitiska och kultiska st\u00e4llning i den etruskiska staten.<\/p>\t\t\t\t\t\t\t\t<\/div>\n\t\t\t\t<\/div>\n\t\t<div class=\"elementor-element elementor-element-iwgw-voltumna-pillc e-con-full e-flex e-con e-child\" data-id=\"iwgw-voltumna-pillc\" data-element_type=\"container\" data-e-type=\"container\">\n\t\t\t\t<div class=\"elementor-element elementor-element-iwgw-voltumna-pills elementor-widget elementor-widget-html\" data-id=\"iwgw-voltumna-pills\" data-element_type=\"widget\" data-e-type=\"widget\" data-widget_type=\"html.default\">\n\t\t\t\t\t<div class=\"iwg-pill-row\"><span class=\"iwg-klasse-badge\" tabindex=\"0\" data-tooltip=\"Gud i den etruskiska traditionen.\">Gud<\/span><a href=\"https:\/\/iwell-guard.com\/sv\/etruskisk-religion-haruspex-disciplina-skyddspraxis\/\" class=\"iwg-kultur-badge\" tabindex=\"0\" data-tooltip=\"Mytologi i den etruskiska traditionen.\">Etruskisk<\/a><span class=\"iwg-tradition-badge\" tabindex=\"0\" data-tooltip=\"F\u00f6rbunds- och statsgud.\">F\u00f6rbunds- och statsgud<\/span><\/div>\t\t\t\t<\/div>\n\t\t\t\t<\/div>\n\t\t<div class=\"elementor-element elementor-element-iwgw-voltumna-tocc e-con-full e-flex e-con e-child\" data-id=\"iwgw-voltumna-tocc\" data-element_type=\"container\" data-e-type=\"container\">\n\t\t\t\t<div class=\"elementor-element elementor-element-iwgw-voltumna-toc elementor-toc--minimized-on-tablet elementor-widget elementor-widget-table-of-contents\" data-id=\"iwgw-voltumna-toc\" data-element_type=\"widget\" data-e-type=\"widget\" data-settings=\"{&quot;headings_by_tags&quot;:[&quot;h2&quot;,&quot;h3&quot;],&quot;minimize_box&quot;:&quot;yes&quot;,&quot;marker_view&quot;:&quot;bullets&quot;,&quot;no_headings_message&quot;:&quot;Inga rubriker hittades p\\u00e5 den h\\u00e4r sidan.&quot;,&quot;exclude_headings_by_selector&quot;:[],&quot;icon&quot;:{&quot;value&quot;:&quot;fas fa-circle&quot;,&quot;library&quot;:&quot;fa-solid&quot;,&quot;rendered_tag&quot;:&quot;&lt;svg class=\\&quot;e-font-icon-svg e-fas-circle\\&quot; viewBox=\\&quot;0 0 512 512\\&quot; xmlns=\\&quot;http:\\\/\\\/www.w3.org\\\/2000\\\/svg\\&quot;&gt;&lt;path d=\\&quot;M256 8C119 8 8 119 8 256s111 248 248 248 248-111 248-248S393 8 256 8z\\&quot;&gt;&lt;\\\/path&gt;&lt;\\\/svg&gt;&quot;},&quot;minimized_on&quot;:&quot;tablet&quot;,&quot;hierarchical_view&quot;:&quot;yes&quot;,&quot;min_height&quot;:{&quot;unit&quot;:&quot;px&quot;,&quot;size&quot;:&quot;&quot;,&quot;sizes&quot;:[]},&quot;min_height_tablet&quot;:{&quot;unit&quot;:&quot;px&quot;,&quot;size&quot;:&quot;&quot;,&quot;sizes&quot;:[]},&quot;min_height_mobile&quot;:{&quot;unit&quot;:&quot;px&quot;,&quot;size&quot;:&quot;&quot;,&quot;sizes&quot;:[]}}\" data-widget_type=\"table-of-contents.default\">\n\t\t\t\t\t\t\t\t\t<div class=\"elementor-toc__header\">\n\t\t\t\t\t\t<h2 class=\"elementor-toc__header-title\">\n\t\t\t\tInneh\u00e5llsf\u00f6rteckning\t\t\t<\/h2>\n\t\t\t\t\t\t\t\t\t\t<div class=\"elementor-toc__toggle-button elementor-toc__toggle-button--expand\" role=\"button\" tabindex=\"0\" aria-controls=\"elementor-toc__iwgw-voltumna-toc\" aria-expanded=\"true\" aria-label=\"Inhaltsverzeichnis \u00f6ffnen\"><svg aria-hidden=\"true\" class=\"e-font-icon-svg e-fas-chevron-down\" viewBox=\"0 0 448 512\" xmlns=\"http:\/\/www.w3.org\/2000\/svg\"><path d=\"M207.029 381.476L12.686 187.132c-9.373-9.373-9.373-24.569 0-33.941l22.667-22.667c9.357-9.357 24.522-9.375 33.901-.04L224 284.505l154.745-154.021c9.379-9.335 24.544-9.317 33.901.04l22.667 22.667c9.373 9.373 9.373 24.569 0 33.941L240.971 381.476c-9.373 9.372-24.569 9.372-33.942 0z\"><\/path><\/svg><\/div>\n\t\t\t\t<div class=\"elementor-toc__toggle-button elementor-toc__toggle-button--collapse\" role=\"button\" tabindex=\"0\" aria-controls=\"elementor-toc__iwgw-voltumna-toc\" aria-expanded=\"true\" aria-label=\"Inhaltsverzeichnis schlie\u00dfen\"><svg aria-hidden=\"true\" class=\"e-font-icon-svg e-fas-chevron-up\" viewBox=\"0 0 448 512\" xmlns=\"http:\/\/www.w3.org\/2000\/svg\"><path d=\"M240.971 130.524l194.343 194.343c9.373 9.373 9.373 24.569 0 33.941l-22.667 22.667c-9.357 9.357-24.522 9.375-33.901.04L224 227.495 69.255 381.516c-9.379 9.335-24.544 9.317-33.901-.04l-22.667-22.667c-9.373-9.373-9.373-24.569 0-33.941L207.03 130.525c9.372-9.373 24.568-9.373 33.941-.001z\"><\/path><\/svg><\/div>\n\t\t\t\t\t<\/div>\n\t\t\t\t<div id=\"elementor-toc__iwgw-voltumna-toc\" class=\"elementor-toc__body\">\n\t\t\t<div class=\"elementor-toc__spinner-container\">\n\t\t\t\t<svg class=\"elementor-toc__spinner eicon-animation-spin e-font-icon-svg e-eicon-loading\" aria-hidden=\"true\" viewBox=\"0 0 1000 1000\" xmlns=\"http:\/\/www.w3.org\/2000\/svg\"><path d=\"M500 975V858C696 858 858 696 858 500S696 142 500 142 142 304 142 500H25C25 237 238 25 500 25S975 237 975 500 763 975 500 975Z\"><\/path><\/svg>\t\t\t<\/div>\n\t\t<\/div>\n\t\t\t\t\t\t<\/div>\n\t\t\t\t<\/div>\n\t\t\t\t\t<\/div>\n\t\t\t\t<\/div>\n\t\t<div class=\"elementor-element elementor-element-iwgw-voltumna-hr e-con-full e-flex e-con e-child\" data-id=\"iwgw-voltumna-hr\" data-element_type=\"container\" data-e-type=\"container\">\n\t\t\t\t<div class=\"elementor-element elementor-element-iwgw-voltumna-heroimg iwg-hero-image elementor-widget elementor-widget-image\" data-id=\"iwgw-voltumna-heroimg\" data-element_type=\"widget\" data-e-type=\"widget\" data-widget_type=\"image.default\">\n\t\t\t\t\t\t\t\t\t\t\t\t\t\t\t<img fetchpriority=\"high\" decoding=\"async\" width=\"683\" height=\"1024\" src=\"https:\/\/iwell-guard.com\/wp-content\/uploads\/2026\/05\/goetter_etruskisch_voltumna-1-683x1024.webp\" class=\"attachment-large size-large wp-image-2824\" alt=\"Voltumna - G\u00f6tter aus der Etruskisch-Tradition, historisch-illustrativ\" srcset=\"https:\/\/iwell-guard.com\/wp-content\/uploads\/2026\/05\/goetter_etruskisch_voltumna-1-683x1024.webp 683w, https:\/\/iwell-guard.com\/wp-content\/uploads\/2026\/05\/goetter_etruskisch_voltumna-1-200x300.webp 200w, https:\/\/iwell-guard.com\/wp-content\/uploads\/2026\/05\/goetter_etruskisch_voltumna-1-768x1152.webp 768w, https:\/\/iwell-guard.com\/wp-content\/uploads\/2026\/05\/goetter_etruskisch_voltumna-1.webp 1024w\" sizes=\"(max-width: 683px) 100vw, 683px\" \/>\t\t\t\t\t\t\t\t\t\t\t\t\t\t\t<\/div>\n\t\t\t\t<\/div>\n\t\t\t\t\t<\/div>\n\t\t\t\t<\/div>\n\t\t<div class=\"elementor-element elementor-element-iwgw-voltumna-s0 e-flex e-con-boxed e-con e-parent\" data-id=\"iwgw-voltumna-s0\" data-element_type=\"container\" data-e-type=\"container\">\n\t\t\t\t\t<div class=\"e-con-inner\">\n\t\t\t\t<div class=\"elementor-element elementor-element-iwgw-voltumna-s0h elementor-widget elementor-widget-heading\" data-id=\"iwgw-voltumna-s0h\" data-element_type=\"widget\" data-e-type=\"widget\" data-widget_type=\"heading.default\">\n\t\t\t\t\t<h2 class=\"elementor-heading-title elementor-size-default\">Plats i det etruskiska pantheon<\/h2>\t\t\t\t<\/div>\n\t\t<div class=\"elementor-element elementor-element-iwgw-voltumna-s0c e-con-full e-flex e-con e-child\" data-id=\"iwgw-voltumna-s0c\" data-element_type=\"container\" data-e-type=\"container\">\n\t\t\t\t<div class=\"elementor-element elementor-element-iwgw-voltumna-s0t elementor-widget elementor-widget-text-editor\" data-id=\"iwgw-voltumna-s0t\" data-element_type=\"widget\" data-e-type=\"widget\" data-widget_type=\"text-editor.default\">\n\t\t\t\t\t\t\t\t\t<p>Voltumna intar en s\u00e4rskild st\u00e4llning i den etruskiska <span class=\"iwg-fachbegriff\" data-tooltip=\"Samtliga gudar inom en religion eller kultur.\" tabindex=\"0\">pantheon<\/span>: han \u00e4r inte i f\u00f6rsta hand en &#8217;kosmisk&#8217; h\u00f6gsta gud som <a href=\"https:\/\/iwell-guard.com\/sv\/tinia-etruskernas-hogsta-gud\/\">Tinia<\/a>, utan en politiskt-religi\u00f6st definierad f\u00f6rbundsgud. Hans <span class=\"iwg-fachbegriff\" data-tooltip=\"Samtliga religi\u00f6sa dyrkanshandlingar f\u00f6r en gudom eller helig gestalt.\" tabindex=\"0\">kult<\/span> var knuten till institutionen med tolvstadsf\u00f6rbundet (dodekapolis). Staden Volsinii var v\u00e4ktare av hans f\u00f6rbundshelgedom.<\/p><p>Massimo Pallottino, Mauro Cristofani och Simonetta Stopponi har i flera arbeten pr\u00e4glat forskningen om Voltumna. Stopponis utgr\u00e4vningar vid Campo della Fiera n\u00e4ra Orvieto har gjort den sannolika lokaliseringen av Fanum Voltumnae m\u00f6jlig.<\/p><p>F\u00f6rbundsguden Voltumna tillh\u00f6r en religion som \u00e4r s\u00e4rskilt upplysande f\u00f6r <span class=\"iwg-fachbegriff\" data-tooltip=\"Vetenskapen som j\u00e4mf\u00f6rande och utan trosbundenhet studerar religioner.\" tabindex=\"0\">religionsvetenskapen<\/span>, eftersom den f\u00f6rmedlar mellan den grekisk-medelhavska och den italisk-romerska traditionsv\u00e4rlden. Viktiga bidrag till dess forskning har gjorts av Massimo Pallottino, Jacques Heurgon, Sybille Haynes, Mauro Cristofani och Giovanni Colonna, vars arbeten har sk\u00e4rpt bilden av en sj\u00e4lvst\u00e4ndig religi\u00f6s tradition.<\/p><p>Den etruskiska <span class=\"iwg-fachbegriff\" data-tooltip=\"Den vetenskapliga l\u00e4ran om Gud och om en religions tro.\" tabindex=\"0\">teologin<\/span> k\u00e4nde till ett tydligt strukturerat <span class=\"iwg-fachbegriff\" data-tooltip=\"Samtliga gudar inom en religion eller kultur.\" tabindex=\"0\">pantheon<\/span> med graderade rangordningar och f\u00f6rdelade ansvarsomr\u00e5den, inom vilket Voltumna intog en egen, politiskt-religi\u00f6st best\u00e4md st\u00e4llning. D\u00e4r \u00e4ldre studier tecknade detta system som g\u00e5tfullt eller fr\u00e4mmande, ser man i dag en sj\u00e4lvst\u00e4ndig variant av medelhavsreligion.<\/p><p>I Italiens religionshistoria fungerade etruskerna som f\u00f6rmedlare mellan grekiska influenser och den framv\u00e4xande romerska religionen. Att en etruskisk <span class=\"iwg-fachbegriff\" data-tooltip=\"Ett v\u00e4sen som dyrkas som gudomligt inom en religion.\" tabindex=\"0\">gudom<\/span> i form av Voltumna levde vidare i den romerske Vertumnus \u00e4r ett exempel p\u00e5 denna f\u00f6rmedlarroll, som v\u00e4cker s\u00e4rskilt intresse inom religionsvetenskapen.<\/p><p>Den religionsetnologiska forskningen under de senaste decennierna betraktar den etruskiska religionen som ett i sig slutet, religionsfenomenologiskt sj\u00e4lvst\u00e4ndigt system. Den \u00e4ldre ben\u00e4genheten att l\u00e4sa den som en ren avledning av den grekiska religionen har gett vika f\u00f6r en betydligt mer nyanserad syn, som \u00e4ven gynnar f\u00f6rst\u00e5elsen av Voltumna.<\/p>\t\t\t\t\t\t\t\t<\/div>\n\t\t\t\t<\/div>\n\t\t\t\t\t<\/div>\n\t\t\t\t<\/div>\n\t\t<div class=\"elementor-element elementor-element-iwgw-voltumna-s1 e-flex e-con-boxed e-con e-parent\" data-id=\"iwgw-voltumna-s1\" data-element_type=\"container\" data-e-type=\"container\">\n\t\t\t\t\t<div class=\"e-con-inner\">\n\t\t\t\t<div class=\"elementor-element elementor-element-iwgw-voltumna-s1h elementor-widget elementor-widget-heading\" data-id=\"iwgw-voltumna-s1h\" data-element_type=\"widget\" data-e-type=\"widget\" data-widget_type=\"heading.default\">\n\t\t\t\t\t<h2 class=\"elementor-heading-title elementor-size-default\">Namn och etymologi<\/h2>\t\t\t\t<\/div>\n\t\t<div class=\"elementor-element elementor-element-iwgw-voltumna-s1c e-con-full e-flex e-con e-child\" data-id=\"iwgw-voltumna-s1c\" data-element_type=\"container\" data-e-type=\"container\">\n\t\t\t\t<div class=\"elementor-element elementor-element-iwgw-voltumna-s1t elementor-widget elementor-widget-text-editor\" data-id=\"iwgw-voltumna-s1t\" data-element_type=\"widget\" data-e-type=\"widget\" data-widget_type=\"text-editor.default\">\n\t\t\t\t\t\t\t\t\t<p>Det etruskiska namnet Veltha respektive Velthune \u00e5terges p\u00e5 latin som Voltumna eller Vertumnus. Etymologin \u00e4r os\u00e4ker; f\u00f6rslagen str\u00e4cker sig fr\u00e5n &#8217;den v\u00e4xande&#8217; (med h\u00e4nvisning till vertere, &#8217;v\u00e4nda&#8217;) till &#8217;den f\u00f6r\u00e4nderlige&#8217;. Ett samband med vegetationens s\u00e4songsm\u00e4ssiga v\u00e4xling diskuteras inom forskningen.<\/p><p>Den latinske Vertumnus \u00e4r belagd som f\u00f6r\u00e4ndringens och vegetationens gud i Rom; huruvida han \u00e4r identisk med Voltumna eller en sj\u00e4lvst\u00e4ndig romersk <span class=\"iwg-fachbegriff\" data-tooltip=\"Ett v\u00e4sen som dyrkas som gudomligt inom en religion.\" tabindex=\"0\">gudom<\/span>, diskuteras. De etruskiska k\u00e4llorna \u00e4r h\u00e4r mer givande \u00e4n de romerska.<\/p><p>Etruskiskan st\u00e5r spr\u00e5kligt f\u00f6r sig sj\u00e4lv; den anses vara isolerad eller tillskrivs hypotetiskt en tyrrhensk spr\u00e5kfamilj, till vilken m\u00f6jligen \u00e4ven lemniskan och r\u00e4tiskan h\u00f6r. Arbetet med att tyda texterna har p\u00e5g\u00e5tt sedan 1800-talet men \u00e4r inte avslutat, vilket \u00e4ven g\u00e4ller tolkningen av namn som Veltha eller Velthune.<\/p><p>Den v\u00e4gledande epigrafiska samlingen av det etruskiska spr\u00e5kkorpuset \u00e4r Helmut Rix&#8217; Editio Minor. Den kompletteras i dag av Thesaurus Linguae Etruscae och onlinedatabasen ETP, Etruscan Texts Project, d\u00e4r \u00e4ven materialet om Voltumna kan studeras.<\/p><p>Redan under <span class=\"iwg-fachbegriff\" data-tooltip=\"Epoken f\u00f6r den grekiska och romerska kulturen, ungef\u00e4r 800 f.Kr. till 600 e.Kr.\" tabindex=\"0\">antiken<\/span> tvistade man om etruskernas ursprung: Herodot h\u00e4rledde dem fr\u00e5n Lydien, medan Dionysios fr\u00e5n Halikarnassos ans\u00e5g dem vara ett inhemskt italiskt folk. Fr\u00e5gan \u00e4r religionshistoriskt relevant, eftersom svaret avg\u00f6r om den etruskiska religionen har samband med mindreasiatiska kulter.<\/p><p>Spr\u00e5kvetenskap och epigrafik samarbetar i dag n\u00e4ra. Den digitala editionen av etruskiska texter, Etruscan Texts Project (ETP), underl\u00e4ttar avsev\u00e4rt j\u00e4mf\u00f6rande unders\u00f6kningar, till exempel av teonymer som Veltha. V\u00e4gledande bidrag till detta har Marie-Laurence Haack och Vincent Jolivet lagt fram.<\/p>\t\t\t\t\t\t\t\t<\/div>\n\t\t\t\t<\/div>\n\t\t\t\t\t<\/div>\n\t\t\t\t<\/div>\n\t\t<div class=\"elementor-element elementor-element-iwgw-voltumna-s2 e-flex e-con-boxed e-con e-parent\" data-id=\"iwgw-voltumna-s2\" data-element_type=\"container\" data-e-type=\"container\">\n\t\t\t\t\t<div class=\"e-con-inner\">\n\t\t\t\t<div class=\"elementor-element elementor-element-iwgw-voltumna-s2h elementor-widget elementor-widget-heading\" data-id=\"iwgw-voltumna-s2h\" data-element_type=\"widget\" data-e-type=\"widget\" data-widget_type=\"heading.default\">\n\t\t\t\t\t<h2 class=\"elementor-heading-title elementor-size-default\">Beskrivning och ikonografi<\/h2>\t\t\t\t<\/div>\n\t\t<div class=\"elementor-element elementor-element-iwgw-voltumna-s2c e-con-full e-flex e-con e-child\" data-id=\"iwgw-voltumna-s2c\" data-element_type=\"container\" data-e-type=\"container\">\n\t\t\t\t<div class=\"elementor-element elementor-element-iwgw-voltumna-s2t elementor-widget elementor-widget-text-editor\" data-id=\"iwgw-voltumna-s2t\" data-element_type=\"widget\" data-e-type=\"widget\" data-widget_type=\"text-editor.default\">\n\t\t\t\t\t\t\t\t\t<p>Den ikonografiska <span class=\"iwg-fachbegriff\" data-tooltip=\"\u00d6verf\u00f6ring av kunskap och ber\u00e4ttelser genom generationer.\" tabindex=\"0\">traderingen<\/span> av Voltumna \u00e4r relativt sparsam. P\u00e5 n\u00e5gra etruskiska mynt avbildas en manlig figur som identifieras med Voltumna. Han b\u00e4r ibland vegetabiliska symboler, som s\u00e4desax, blommor och vinrankor, vilket skulle kunna st\u00f6dja en vegetationsfunktion.<\/p><p>I Rom \u00e4r Vertumnus belagd genom en ber\u00f6md staty i Vicus Tuscus, som visar honom som en f\u00f6r\u00e4nderlig vegetationsgudom. Denna staty n\u00e4mns av Properz och andra romerska f\u00f6rfattare.<\/p><p>Religionsfenomenologiskt \u00e4r den etruskiska bildkonsten mycket rik och samtidigt v\u00e5r huvudk\u00e4lla till kunskap. Speglar, vaser, gravm\u00e5lningar och bronser utg\u00f6r den st\u00f6rsta delen av materialet, medan <span class=\"iwg-fachbegriff\" data-tooltip=\"\u00d6verf\u00f6ring av kunskap och ber\u00e4ttelser genom generationer.\" tabindex=\"0\">traderingen<\/span> kring Voltumna sj\u00e4lv \u00e4r relativt sparsam. Larissa Bonfante har i sina studier betonat att detta bildspr\u00e5k utg\u00f6r en sj\u00e4lvst\u00e4ndig tradition och inte bara \u00e4r h\u00e4rlett.<\/p><p>En f\u00f6rstklassig k\u00e4lla till etruskernas religion och eskatologi \u00e4r gravm\u00e5leriet, bevarat framf\u00f6r allt i Tarquinia, Cerveteri och Vulci. Bilderna visar g\u00e4stabud, mytologiska episoder samt dans och musik och tecknar en bild av ett efterliv som t\u00e4nks som en forts\u00e4ttning av det jordiska livet.<\/p><p>Den etruskiska <span class=\"iwg-fachbegriff\" data-tooltip=\"L\u00e4ran om bildinneh\u00e5ll och deras betydelse.\" tabindex=\"0\">ikonografin<\/span> f\u00f6redrar m\u00e5ngfigurativa kompositioner, ber\u00e4ttande anspelningar och symboliskt f\u00f6rt\u00e4tade bildutsagor. Att tolka detta bildspr\u00e5k \u00e4r en uppgift f\u00f6r den etruskiska religionsikonografin.<\/p><p>K\u00e4nnetecknande f\u00f6r den etruskiska bildkonsten \u00e4r en t\u00e4t ber\u00e4ttande lagring: redan en enskild spegel eller vas kan inneh\u00e5lla flera mytologiska referenser samtidigt. Denna f\u00f6rt\u00e4tning kr\u00e4ver av forskningen en noggrann analys av det aktuella bildsammanhanget.<\/p>\t\t\t\t\t\t\t\t<\/div>\n\t\t\t\t<\/div>\n\t\t\t\t\t<\/div>\n\t\t\t\t<\/div>\n\t\t<div class=\"elementor-element elementor-element-iwgw-voltumna-s3 e-flex e-con-boxed e-con e-parent\" data-id=\"iwgw-voltumna-s3\" data-element_type=\"container\" data-e-type=\"container\">\n\t\t\t\t\t<div class=\"e-con-inner\">\n\t\t\t\t<div class=\"elementor-element elementor-element-iwgw-voltumna-s3h elementor-widget elementor-widget-heading\" data-id=\"iwgw-voltumna-s3h\" data-element_type=\"widget\" data-e-type=\"widget\" data-widget_type=\"heading.default\">\n\t\t\t\t\t<h2 class=\"elementor-heading-title elementor-size-default\">Voltumna och det etruskiska statsf\u00f6rbundet<\/h2>\t\t\t\t<\/div>\n\t\t<div class=\"elementor-element elementor-element-iwgw-voltumna-s3c e-con-full e-flex e-con e-child\" data-id=\"iwgw-voltumna-s3c\" data-element_type=\"container\" data-e-type=\"container\">\n\t\t\t\t<div class=\"elementor-element elementor-element-iwgw-voltumna-s3t elementor-widget elementor-widget-text-editor\" data-id=\"iwgw-voltumna-s3t\" data-element_type=\"widget\" data-e-type=\"widget\" data-widget_type=\"text-editor.default\">\n\t\t\t\t\t\t\t\t\t<p>De tolv etruskiska huvudst\u00e4derna \u2013 Tarquinia, Caere, Vulci, Veji, Clusium, Volsinii, Cortona, Perugia, Arezzo, Volterra, Populonia och Roselle \u2013 bildade ett religi\u00f6st-politiskt f\u00f6rbund (dodekapolis) som samlades \u00e5rligen vid Fanum Voltumnae. Denna sammankomst tj\u00e4nade b\u00e5de religi\u00f6sa och politiska syften: <span class=\"iwg-fachbegriff\" data-tooltip=\"G\u00e5va till en gudom f\u00f6r att uttrycka tacksamhet, b\u00f6n eller v\u00f6rdnad.\" tabindex=\"0\">offer<\/span>, f\u00f6rbundsbeslut och gemensamma festspel.<\/p><p>Livius (4.23, 5.17) ber\u00e4ttar utf\u00f6rligt om dessa f\u00f6rbundsm\u00f6ten. De var f\u00f6rebild f\u00f6r det senare romerska concilium och p\u00e5verkade i h\u00f6g grad utvecklingen av politiska institutioner i Italien. Vetenskapligt sett \u00e4r Voltumna d\u00e4rmed ett exempel p\u00e5 en \u201dpolitisk gud\u201d, vars <span class=\"iwg-fachbegriff\" data-tooltip=\"Helheten av religi\u00f6sa v\u00f6rdnadshandlingar f\u00f6r en gudom eller helig gestalt.\" tabindex=\"0\">kult<\/span> b\u00e4rs upp av en statlig organisation.<\/p><p>En utformad ber\u00e4ttarlitteratur, s\u00e5dan som den grekiska och romerska <span class=\"iwg-fachbegriff\" data-tooltip=\"\u00d6verf\u00f6ring av kunskap och ber\u00e4ttelser genom generationer.\" tabindex=\"0\">traderingen<\/span> k\u00e4nner till, finns inte f\u00f6r den etruskiska <span class=\"iwg-fachbegriff\" data-tooltip=\"Helheten av en kulturs traderade gudaber\u00e4ttelser.\" tabindex=\"0\">mytologin<\/span>. Det vi vet, \u00e4ven om Voltumna, m\u00e5ste utl\u00e4sas ur bildframst\u00e4llningar, inskriptioner och ber\u00e4ttelser av grekiska och romerska f\u00f6rfattare. Detta indirekta k\u00e4ll\u00e4ge kr\u00e4ver s\u00e4rskild metodisk f\u00f6rsiktighet.<\/p><p>F\u00f6rh\u00e5llandet mellan etruskisk och grekisk <span class=\"iwg-fachbegriff\" data-tooltip=\"Helheten av en kulturs traderade gudaber\u00e4ttelser.\" tabindex=\"0\">mytologi<\/span> \u00e4r m\u00e5ngfacetterat. Etruskerna \u00f6vertog visserligen m\u00e5nga grekiska motiv, till exempel om Akilles, Odysseus och Oidipus, men omtolkade dem ofta och lade egna tyngdpunkter. Hur denna till\u00e4gnelseprocess gick till unders\u00f6ks noggrant i forskningen.<\/p><p>Till den etruskiska <span class=\"iwg-fachbegriff\" data-tooltip=\"Den vetenskapliga l\u00e4ran om gud och en religions tro.\" tabindex=\"0\">teologin<\/span> h\u00f6r karakteristiskt gudar\u00e5det, consensus deorum. \u00c4ven h\u00f6gguden Tinia handlar inte ensam utan r\u00e5dg\u00f6r med de \u00f6vriga gudarna, till vilka \u00e4ven Voltumna, f\u00f6rbundets gud, h\u00f6r. Religionsfenomenologiskt utg\u00f6r detta organ en s\u00e4rart.<\/p><p>En sluten ber\u00e4ttartradition har den etruskiska <span class=\"iwg-fachbegriff\" data-tooltip=\"Helheten av en kulturs traderade gudaber\u00e4ttelser.\" tabindex=\"0\">mytologin<\/span> inte l\u00e4mnat efter sig; den m\u00e5ste utl\u00e4sas ur bildscener, inskriptioner och sekund\u00e4rk\u00e4llor, vilket kr\u00e4ver noggrann tolkning. Just f\u00f6r en s\u00e5 sparsamt traderad gestalt som Voltumna \u00e4r sammanf\u00f6randet av etruskiska bildtexter, grekiska bildf\u00f6rebilder och kontextuell l\u00e4sning en viktig metod.<\/p>\t\t\t\t\t\t\t\t<\/div>\n\t\t\t\t<\/div>\n\t\t\t\t\t<\/div>\n\t\t\t\t<\/div>\n\t\t<div class=\"elementor-element elementor-element-iwgw-voltumna-s4 e-flex e-con-boxed e-con e-parent\" data-id=\"iwgw-voltumna-s4\" data-element_type=\"container\" data-e-type=\"container\">\n\t\t\t\t\t<div class=\"e-con-inner\">\n\t\t\t\t<div class=\"elementor-element elementor-element-iwgw-voltumna-s4h elementor-widget elementor-widget-heading\" data-id=\"iwgw-voltumna-s4h\" data-element_type=\"widget\" data-e-type=\"widget\" data-widget_type=\"heading.default\">\n\t\t\t\t\t<h2 class=\"elementor-heading-title elementor-size-default\">Fanum Voltumnae<\/h2>\t\t\t\t<\/div>\n\t\t<div class=\"elementor-element elementor-element-iwgw-voltumna-s4c e-con-full e-flex e-con e-child\" data-id=\"iwgw-voltumna-s4c\" data-element_type=\"container\" data-e-type=\"container\">\n\t\t\t\t<div class=\"elementor-element elementor-element-iwgw-voltumna-s4t elementor-widget elementor-widget-text-editor\" data-id=\"iwgw-voltumna-s4t\" data-element_type=\"widget\" data-e-type=\"widget\" data-widget_type=\"text-editor.default\">\n\t\t\t\t\t\t\t\t\t<p>Fanum Voltumnae \u00e4r det viktigaste etruskiska f\u00f6rbundshelgedomen. L\u00e4nge var dess exakta l\u00e4ge omtvistat. Simonetta Stopponi har sedan 2000 gr\u00e4vt ut en betydande tempelanl\u00e4ggning vid Campo della Fiera n\u00e4ra Orvieto, som idag med h\u00f6g sannolikhet identifieras som Fanum Voltumnae.<\/p><p>Anl\u00e4ggningen omfattar flera <span class=\"iwg-fachbegriff\" data-tooltip=\"En byggnad som \u00e4gnas \u00e5t v\u00f6rdnad av en eller flera gudomligheter.\" tabindex=\"0\">tempel<\/span>, altare, brunnar och samlingsplatser. Fynden str\u00e4cker sig fr\u00e5n 700-talet f.Kr. fram till romersk tid. <span class=\"iwg-fachbegriff\" data-tooltip=\"En helig plats \u00e4gnad \u00e5t v\u00f6rdnad av en gudom.\" tabindex=\"0\">Helgedomen<\/span> fungerade kontinuerligt under omkring 1000 \u00e5r som religi\u00f6st och politiskt centrum.<\/p><p>Disciplina Etrusca, den etruskiska ordnade sp\u00e5domskonsten, delas in i in\u00e4lvssk\u00e5dning (haruspicina), blixttydning (fulguratio) och f\u00e5gelsk\u00e5dning (auspicia). \u00d6verf\u00f6rd fr\u00e5n etruskerna till romarna f\u00f6rblev den en levande praktik \u00e4nda fram till 300-talet e.Kr. Utf\u00f6rliga skildringar har vi genom Cicero och Seneca.<\/p><p>Disciplina Etrusca f\u00f6rmedlades i s\u00e4rskilda pr\u00e4stskolor avsedda f\u00f6r detta \u00e4ndam\u00e5l. Bland dess viktiga skrifter fanns Libri Rituales, Libri Haruspicini och Libri Fulgurales. Dessa texter \u00e4r inte bevarade, men kan delvis rekonstrueras utifr\u00e5n citat hos romerska f\u00f6rfattare som Cicero, Festus och Macrobius.<\/p><p>Den etruskiska <span class=\"iwg-fachbegriff\" data-tooltip=\"Summan av religi\u00f6sa v\u00f6rdnadshandlingar f\u00f6r en gudom eller helig gestalt.\" tabindex=\"0\">kulten<\/span> var starkt knuten till respektive stad. Vart och ett av de betydande centren, det vill s\u00e4ga Tarquinia, Caere, Vulci, Veji, Clusium, Volsinii, Cortona, Perugia, Arezzo, Volterra, Populonia och Roselle, odlade egna huvudkulter och religi\u00f6sa s\u00e4rdrag. Volsinii hade h\u00e4rvid en s\u00e4rst\u00e4llning, eftersom staden vaktade f\u00f6rbundshelgedomen \u00e5t Voltumna.<\/p><p>Som slutet religi\u00f6s-divinatoriskt system tillh\u00f6r Disciplina Etrusca de mest utvecklade sp\u00e5domspraktikerna i den antika v\u00e4rlden. Romarna \u00f6vertog den systematiskt, och den f\u00f6rdes vidare fram till sen <span class=\"iwg-fachbegriff\" data-tooltip=\"Epoken f\u00f6r den grekiska och romerska kulturen, cirka 800 f.Kr. till 600 e.Kr.\" tabindex=\"0\">antiken<\/span>. Denna kontinuitet \u00e4r religionshistoriskt anm\u00e4rkningsv\u00e4rd.<\/p>\t\t\t\t\t\t\t\t<\/div>\n\t\t\t\t<\/div>\n\t\t\t\t\t<\/div>\n\t\t\t\t<\/div>\n\t\t<div class=\"elementor-element elementor-element-iwgw-voltumna-s5 e-flex e-con-boxed e-con e-parent\" data-id=\"iwgw-voltumna-s5\" data-element_type=\"container\" data-e-type=\"container\">\n\t\t\t\t\t<div class=\"e-con-inner\">\n\t\t\t\t<div class=\"elementor-element elementor-element-iwgw-voltumna-s5h elementor-widget elementor-widget-heading\" data-id=\"iwgw-voltumna-s5h\" data-element_type=\"widget\" data-e-type=\"widget\" data-widget_type=\"heading.default\">\n\t\t\t\t\t<h2 class=\"elementor-heading-title elementor-size-default\">Kult och riter<\/h2>\t\t\t\t<\/div>\n\t\t<div class=\"elementor-element elementor-element-iwgw-voltumna-s5c e-con-full e-flex e-con e-child\" data-id=\"iwgw-voltumna-s5c\" data-element_type=\"container\" data-e-type=\"container\">\n\t\t\t\t<div class=\"elementor-element elementor-element-iwgw-voltumna-s5t elementor-widget elementor-widget-text-editor\" data-id=\"iwgw-voltumna-s5t\" data-element_type=\"widget\" data-e-type=\"widget\" data-widget_type=\"text-editor.default\">\n\t\t\t\t\t\t\t\t\t<p>Kultut\u00f6vningen vid Fanum Voltumnae omfattade <span class=\"iwg-fachbegriff\" data-tooltip=\"G\u00e5va till en gudom f\u00f6r att uttrycka tacksamhet, b\u00f6n eller v\u00f6rdnad.\" tabindex=\"0\">offer<\/span> (tjurar, f\u00e5r, svin), b\u00f6ner, processioner och festspel. De \u00e5rliga sammankomsterna var viktiga religi\u00f6sa och politiska h\u00e4ndelser f\u00f6r hela den etruskiska v\u00e4rlden.<\/p><p>Efter den romerska er\u00f6vringen av Volsinii (264 f.Kr.) \u00f6vergavs inte Voltumna-<span class=\"iwg-fachbegriff\" data-tooltip=\"En helig plats \u00e4gnad \u00e5t v\u00f6rdnad av en gudom.\" tabindex=\"0\">helgedomen<\/span>; den fortlevde i modifierad form och integrerades delvis i den romerska <span class=\"iwg-fachbegriff\" data-tooltip=\"Summan av religi\u00f6sa v\u00f6rdnadshandlingar f\u00f6r en gudom eller helig gestalt.\" tabindex=\"0\">kulten<\/span>. Denna kontinuitet vittnar om Voltumnas religi\u00f6sa betydelse \u00e4ven bortom Etruriens politiska underg\u00e5ng.<\/p><p>Etruskiska <span class=\"iwg-fachbegriff\" data-tooltip=\"En byggnad som \u00e4gnas \u00e5t v\u00f6rdnad av en eller flera gudomligheter.\" tabindex=\"0\">tempel<\/span> uppvisar arkitektoniska s\u00e4rdrag. K\u00e4nnetecknande \u00e4r den tuskanska stilen, en egen kolonnordning som Vitruvius beskriver i De Architectura. Grundplanerna betonar cellan och en bred f\u00f6rhall och skiljer sig d\u00e4rigenom tydligt fr\u00e5n grekiska f\u00f6rebilder.<\/p><p>M\u00e5nga etruskiska <span class=\"iwg-fachbegriff\" data-tooltip=\"En byggnad som \u00e4gnas \u00e5t v\u00f6rdnad av en eller flera gudomligheter.\" tabindex=\"0\">tempel<\/span> hade monumentala m\u00e5tt. Jupiter-<span class=\"iwg-fachbegriff\" data-tooltip=\"En byggnad som \u00e4gnas \u00e5t v\u00f6rdnad av en eller flera gudomligheter.\" tabindex=\"0\">templet<\/span> p\u00e5 det romerska Capitolium uppf\u00f6rdes exempelvis av etruskiska arkitekter och konstn\u00e4rer, framf\u00f6r allt av Vulca fr\u00e5n Veji, och betraktas som ett arkitektoniskt vittnesb\u00f6rd om etruskisk religiositet i det tidiga Rom.<\/p><p>Varje \u00e5r samlades f\u00f6rbundet av de tolv etruskiska st\u00e4derna vid Fanum Voltumnae n\u00e4ra Volsinii, d\u00e4r religi\u00f6sa och politiska angel\u00e4genheter behandlades tillsammans. Voltumna var f\u00f6rbundsgudomen f\u00f6r denna statsallians och hade en betydelse som str\u00e4ckte sig bortom de enskilda stadskulterna.<\/p>\t\t\t\t\t\t\t\t<\/div>\n\t\t\t\t<\/div>\n\t\t\t\t\t<\/div>\n\t\t\t\t<\/div>\n\t\t<div class=\"elementor-element elementor-element-iwgw-voltumna-s6 e-flex e-con-boxed e-con e-parent\" data-id=\"iwgw-voltumna-s6\" data-element_type=\"container\" data-e-type=\"container\">\n\t\t\t\t\t<div class=\"e-con-inner\">\n\t\t\t\t<div class=\"elementor-element elementor-element-iwgw-voltumna-s6h elementor-widget elementor-widget-heading\" data-id=\"iwgw-voltumna-s6h\" data-element_type=\"widget\" data-e-type=\"widget\" data-widget_type=\"heading.default\">\n\t\t\t\t\t<h2 class=\"elementor-heading-title elementor-size-default\">Skyddstraditioner och politik<\/h2>\t\t\t\t<\/div>\n\t\t<div class=\"elementor-element elementor-element-iwgw-voltumna-s6c e-con-full e-flex e-con e-child\" data-id=\"iwgw-voltumna-s6c\" data-element_type=\"container\" data-e-type=\"container\">\n\t\t\t\t<div class=\"elementor-element elementor-element-iwgw-voltumna-s6t elementor-widget elementor-widget-text-editor\" data-id=\"iwgw-voltumna-s6t\" data-element_type=\"widget\" data-e-type=\"widget\" data-widget_type=\"text-editor.default\">\n\t\t\t\t\t\t\t\t\t<p>Voltumna var skyddsgud f\u00f6r hela den etruskiska ligan. Den som v\u00e4nde sig till f\u00f6rbundet v\u00e4nde sig till Voltumna. Denna politisk-religi\u00f6sa sammansm\u00e4ltning \u00e4r vetenskapligt intressant: den visar en religion som inte bara organiserar individuell fromhet, utan \u00e4ven mellanstatliga relationer.<\/p><p><span class=\"iwg-fachbegriff\" data-tooltip=\"Ondesavv\u00e4rjande: om tecken och f\u00f6rem\u00e5l som ska h\u00e5lla skadliga inflytelser borta.\" tabindex=\"0\">Apotrop\u00e4iskt<\/span> \u00e5kallades Voltumna vid stadsgrundningar, f\u00f6rbundsbildningar och politiska avtal. Denna praxis levde delvis vidare i romerska stadsgrundningsritualer.<\/p><p>Till den etruskiska skyddsseden h\u00f6r en rad avv\u00e4rjande tecken: falliska amuletter, gorgoneion-bilder, \u00f6gonsymboler, bullae och vissa formler. Bildspr\u00e5ket hos dessa apotrop\u00e4iska symboler har Larissa Bonfante klarlagt i sitt verk Etruscan Mirrors, utgivet fr\u00e5n 1980.<\/p><p>Avv\u00e4rjande symboler var vitt spridda i den etruskiska kulturen, d\u00e4ribland Tinias \u00f6ga, falliska amuletter och gorgoneia. De pryder <span class=\"iwg-fachbegriff\" data-tooltip=\"En byggnad som \u00e4gnas \u00e5t v\u00f6rdnad av en eller flera gudomligheter.\" tabindex=\"0\">tempel<\/span> och gravar liksom hushelgedomar och personlig egendom. I den romerska liksom i den medelhavsomfattande folktron levde denna praxis vidare.<\/p><p>I det etruskiska sammanhanget var skyddshandlandet n\u00e4ra knutet till Disciplina Etrusca. Inf\u00f6r varje betydande f\u00f6retag, vare det en stadsgrundning, ett krigst\u00e5g eller ett husbygge, inh\u00e4mtade man gudarnas vilja genom <span class=\"iwg-fachbegriff\" data-tooltip=\"Tydningen av tecken f\u00f6r att uppfatta det dolda eller framtida.\" tabindex=\"0\">sp\u00e5dom<\/span>, vilket i s\u00e4rskilt h\u00f6g grad g\u00e4llde f\u00f6rbundets politiska beslut kring Voltumna.<\/p>\t\t\t\t\t\t\t\t<\/div>\n\t\t\t\t<\/div>\n\t\t\t\t\t<\/div>\n\t\t\t\t<\/div>\n\t\t<div class=\"elementor-element elementor-element-iwgw-voltumna-s7 e-flex e-con-boxed e-con e-parent\" data-id=\"iwgw-voltumna-s7\" data-element_type=\"container\" data-e-type=\"container\">\n\t\t\t\t\t<div class=\"e-con-inner\">\n\t\t\t\t<div class=\"elementor-element elementor-element-iwgw-voltumna-s7h elementor-widget elementor-widget-heading\" data-id=\"iwgw-voltumna-s7h\" data-element_type=\"widget\" data-e-type=\"widget\" data-widget_type=\"heading.default\">\n\t\t\t\t\t<h2 class=\"elementor-heading-title elementor-size-default\">Paralleller i andra kulturer<\/h2>\t\t\t\t<\/div>\n\t\t<div class=\"elementor-element elementor-element-iwgw-voltumna-s7c e-con-full e-flex e-con e-child\" data-id=\"iwgw-voltumna-s7c\" data-element_type=\"container\" data-e-type=\"container\">\n\t\t\t\t<div class=\"elementor-element elementor-element-iwgw-voltumna-s7t elementor-widget elementor-widget-text-editor\" data-id=\"iwgw-voltumna-s7t\" data-element_type=\"widget\" data-e-type=\"widget\" data-widget_type=\"text-editor.default\">\n\t\t\t\t\t\t\t\t\t<p>Voltumna kan j\u00e4mf\u00f6ras med andra f\u00f6rbundsgudar: Zeus Hellanios (den panhellenska Zeus), Diespiter Latiaris (den latinska Jupiter) eller Jahve i hans funktion som den israelitiska f\u00f6rbundsguden. Kopplingen mellan politisk konfederation och religi\u00f6s <span class=\"iwg-fachbegriff\" data-tooltip=\"Helheten av religi\u00f6sa v\u00f6rdnadshandlingar f\u00f6r en gudom eller helig gestalt.\" tabindex=\"0\">kult<\/span> \u00e4r ett vanligt fenomen inom antik religionshistoria.<\/p><p>S\u00e4rskilt parallellen till den senare Jupiter Latiaris inom det latinska f\u00f6rbundet \u00e4r historiskt belysande. B\u00e5da f\u00f6rbundskulterna samlades \u00e5rligen p\u00e5 en central plats, b\u00e5da hade politiska funktioner och b\u00e5da \u00f6verlevde politiska f\u00f6r\u00e4ndringar.<\/p><p>Genom interpretatio Romana fick etruskiska gudomar romerska namn: Tinia blev Jupiter, Uni blev Juno, Menrva blev Minerva, och Voltumna levde vidare i den romerska Vertumnus. S\u00e5dana likst\u00e4llanden var oftast inte fullst\u00e4ndiga utan lyfte bara fram delaspekter. Forskningen under de senaste femtio \u00e5ren har arbetat fram vilka etruskiska s\u00e4rdrag som d\u00e4rigenom bevarades.<\/p><p>Den etruskiska religionen har m\u00e5nga ber\u00f6ringspunkter med anatoliska, feniciska och fr\u00e4mreorientaliska traditioner. Det feniciska utbytet belyses s\u00e4rskilt av Pyrgi-tavlorna. Detta medelhavs\u00f6vergripande n\u00e4tverk har under n\u00e5gra decennier varit ett viktigt forskningsomr\u00e5de.<\/p><p>I ett religionsj\u00e4mf\u00f6rande perspektiv h\u00f6r den etruskiska <span class=\"iwg-fachbegriff\" data-tooltip=\"Helheten av religi\u00f6sa v\u00f6rdnadshandlingar f\u00f6r en gudom eller helig gestalt.\" tabindex=\"0\">kulten<\/span> till den vidare medelhavsreligi\u00f6sa familjen och st\u00e5r i relation till Grekland, Fenicien, Egypten, Anatolien och Latium. Denna inb\u00e4ddning utg\u00f6r ett viktigt forskningsomr\u00e5de.<\/p>\t\t\t\t\t\t\t\t<\/div>\n\t\t\t\t<\/div>\n\t\t\t\t\t<\/div>\n\t\t\t\t<\/div>\n\t\t<div class=\"elementor-element elementor-element-iwgw-voltumna-s8 e-flex e-con-boxed e-con e-parent\" data-id=\"iwgw-voltumna-s8\" data-element_type=\"container\" data-e-type=\"container\">\n\t\t\t\t\t<div class=\"e-con-inner\">\n\t\t\t\t<div class=\"elementor-element elementor-element-iwgw-voltumna-s8h elementor-widget elementor-widget-heading\" data-id=\"iwgw-voltumna-s8h\" data-element_type=\"widget\" data-e-type=\"widget\" data-widget_type=\"heading.default\">\n\t\t\t\t\t<h2 class=\"elementor-heading-title elementor-size-default\">Dagens forskning<\/h2>\t\t\t\t<\/div>\n\t\t<div class=\"elementor-element elementor-element-iwgw-voltumna-s8c e-con-full e-flex e-con e-child\" data-id=\"iwgw-voltumna-s8c\" data-element_type=\"container\" data-e-type=\"container\">\n\t\t\t\t<div class=\"elementor-element elementor-element-iwgw-voltumna-s8t elementor-widget elementor-widget-text-editor\" data-id=\"iwgw-voltumna-s8t\" data-element_type=\"widget\" data-e-type=\"widget\" data-widget_type=\"text-editor.default\">\n\t\t\t\t\t\t\t\t\t<p>Voltumna-forskningen har sedan 2000-talet upplevt ett kraftigt uppsving genom utgr\u00e4vningarna vid Campo della Fiera (Simonetta Stopponi, Universita di Perugia). \u00c5rliga utgr\u00e4vningsrapporter och flera monografier dokumenterar fynden.<\/p><p>\u00c4ven tv\u00e4rvetenskapliga studier om etruskisk statsbildning (Mauro Cristofani, Adriano Maggiani) inkluderar systematiskt Voltumna. Hans <span class=\"iwg-fachbegriff\" data-tooltip=\"Helheten av religi\u00f6sa v\u00f6rdnadshandlingar f\u00f6r en gudom eller helig gestalt.\" tabindex=\"0\">kult<\/span> \u00e4r nyckeln till att f\u00f6rst\u00e5 den etruskiska federalismen.<\/p><p>Den etruskiska religionen studeras idag av en internationellt sammanl\u00e4nkad forskning. Till de betydande centren h\u00f6r universiteten i Florens, Rom Sapienza, Pisa, T\u00fcbingen och Princeton. Varje \u00e5r \u00e4gnas flera internationella konferenser \u00e5t enskilda aspekter av \u00e4mnet.<\/p><p>Internationella projekt om den etruskiska religionen anv\u00e4nder sig idag av digitala metoder: tredimensionella skanningar av tempel och gravar, databaser f\u00f6r inskriptioner och bildk\u00e4llor samt GIS-analyser av bebyggelsestrukturen. S\u00e5dana metoder \u00f6ppnar nya insikter, till exempel vid lokaliseringen av kultplatser som Fanum Voltumnae.<\/p><p>Till en bredare allm\u00e4nhet f\u00f6rmedlas dagens etruskiska forskning genom utst\u00e4llningar, bland annat p\u00e5 Vatikanmuseerna, p\u00e5 Museo Nazionale Etrusco di Villa Giulia och p\u00e5 Boston Museum of Fine Arts, samt genom en m\u00e4ngd publikationer.<\/p>\t\t\t\t\t\t\t\t<\/div>\n\t\t\t\t<\/div>\n\t\t\t\t\t<\/div>\n\t\t\t\t<\/div>\n\t\t<div class=\"elementor-element elementor-element-iwgw-voltumna-s9 e-flex e-con-boxed e-con e-parent\" data-id=\"iwgw-voltumna-s9\" data-element_type=\"container\" data-e-type=\"container\">\n\t\t\t\t\t<div class=\"e-con-inner\">\n\t\t\t\t<div class=\"elementor-element elementor-element-iwgw-voltumna-s9h elementor-widget elementor-widget-heading\" data-id=\"iwgw-voltumna-s9h\" data-element_type=\"widget\" data-e-type=\"widget\" data-widget_type=\"heading.default\">\n\t\t\t\t\t<h2 class=\"elementor-heading-title elementor-size-default\">K\u00e4llor och forskningsl\u00e4ge<\/h2>\t\t\t\t<\/div>\n\t\t<div class=\"elementor-element elementor-element-iwgw-voltumna-s9c e-con-full e-flex e-con e-child\" data-id=\"iwgw-voltumna-s9c\" data-element_type=\"container\" data-e-type=\"container\">\n\t\t\t\t<div class=\"elementor-element elementor-element-iwgw-voltumna-s9t elementor-widget elementor-widget-text-editor\" data-id=\"iwgw-voltumna-s9t\" data-element_type=\"widget\" data-e-type=\"widget\" data-widget_type=\"text-editor.default\">\n\t\t\t\t\t\t\t\t\t<p>De viktigaste k\u00e4llorna till Voltumna-forskningen \u00e4r de arkeologiska fynden vid Campo della Fiera, de etruskiska inskriptionerna, omn\u00e4mnandena hos Livius, de romerska k\u00e4llorna om Vertumnus samt de epigrafiska fynden fr\u00e5n de etruskiska st\u00e4derna.<\/p><p>En f\u00f6rdjupad placering i <a href=\"https:\/\/iwell-guard.com\/sv\/etruskisk-religion-haruspex-disciplina-skyddspraxis\/\">den etruskiska religionshistorien<\/a> som helhet visar hur Voltumna ska f\u00f6rst\u00e5s inom relationsstrukturen med Tinia, Uni, Menrva och de andra Atua, med den s\u00e4rskilda egenheten att han prim\u00e4rt definieras politiskt-religi\u00f6st.<\/p><p>K\u00e4llorna till den etruskiska religionen \u00e4r heterogena: epigrafiska bel\u00e4gg, samlade i Helmut Rix&#8217; Editio Minor, arkeologiska fynd, bildk\u00e4llor och sekund\u00e4rlitteratur. Denna m\u00e5ngfald kr\u00e4ver ett tv\u00e4rvetenskapligt tillv\u00e4gag\u00e5ngss\u00e4tt, och den senare forskningen f\u00f6renar systematiskt filologi, <span class=\"iwg-fachbegriff\" data-tooltip=\"Vetenskapen som studerar tidigare kulturer utifr\u00e5n materiella fynd.\" tabindex=\"0\">arkeologi<\/span>, <span class=\"iwg-fachbegriff\" data-tooltip=\"Vetenskapen som studerar religioner j\u00e4mf\u00f6rande och utan trosbundenhet.\" tabindex=\"0\">religionsvetenskap<\/span> och antropologi.<\/p><p>En korrekt k\u00e4llkritik f\u00f6ruts\u00e4tter kunskap om b\u00e5de de etruskiska originalbel\u00e4ggen och den grekisk-romerska sekund\u00e4rtraditionen. Just hos Voltumna, vars romerska motsvarighet Vertumnus har l\u00e4mnat rikare sp\u00e5r \u00e4n vissa etruskiska k\u00e4llor, \u00e4r denna dubbla blick oundg\u00e4nglig.<\/p><p>Den som vill placera Voltumna grundligt i religionshistorien m\u00e5ste ha \u00f6verblick \u00f6ver de epigrafiska, arkeologiska och litter\u00e4ra k\u00e4llorna liksom \u00f6ver metoderna inom den moderna <span class=\"iwg-fachbegriff\" data-tooltip=\"Vetenskapen som studerar religioner j\u00e4mf\u00f6rande och utan trosbundenhet.\" tabindex=\"0\">religionsvetenskapen<\/span>. Denna m\u00e5ngfacetterade behandling g\u00e4ller som standard inom forskningen.<\/p>\t\t\t\t\t\t\t\t<\/div>\n\t\t\t\t<\/div>\n\t\t\t\t\t<\/div>\n\t\t\t\t<\/div>\n\t\t<div class=\"elementor-element elementor-element-cp26cedd68 e-flex e-con-boxed e-con e-parent\" data-id=\"cp26cedd68\" data-element_type=\"container\" data-e-type=\"container\">\n\t\t\t\t\t<div class=\"e-con-inner\">\n\t\t\t\t<div class=\"elementor-element elementor-element-cp2a98cf47 elementor-widget elementor-widget-heading\" data-id=\"cp2a98cf47\" data-element_type=\"widget\" data-e-type=\"widget\" data-widget_type=\"heading.default\">\n\t\t\t\t\t<h2 class=\"elementor-heading-title elementor-size-default\">Fanum Voltumnae: Etruskiska st\u00e4dernas f\u00f6rbundshelgedom<\/h2>\t\t\t\t<\/div>\n\t\t<div class=\"elementor-element elementor-element-cp2a6b7f9c e-flex e-con-boxed e-con e-child\" data-id=\"cp2a6b7f9c\" data-element_type=\"container\" data-e-type=\"container\">\n\t\t\t\t\t<div class=\"e-con-inner\">\n\t\t\t\t<div class=\"elementor-element elementor-element-cp2e7a2c06 elementor-widget elementor-widget-text-editor\" data-id=\"cp2e7a2c06\" data-element_type=\"widget\" data-e-type=\"widget\" data-widget_type=\"text-editor.default\">\n\t\t\t\t\t\t\t\t\t<p>Voltumna, som romerska f\u00f6rfattare \u00e4ven kallade <em>Vertumnus<\/em>, \u00e4r n\u00e4ra f\u00f6rbunden med en best\u00e4md kultplats, <em>Fanum Voltumnae<\/em>. Den romerske historikern Titus Livius ber\u00e4ttar flera g\u00e5nger att representanterna f\u00f6r de etruskiska st\u00e4derna samlades vid detta <span class=\"iwg-fachbegriff\" data-tooltip=\"En helig plats som \u00e4r \u00e4gnad \u00e5t dyrkan av en gudom.\" tabindex=\"0\">helgedom<\/span> f\u00f6r att r\u00e5dg\u00f6ra om gemensamma angel\u00e4genheter, besluta om krig och fred samt h\u00e5lla religi\u00f6sa fester med spel.<\/p><p><em>Fanum Voltumnae<\/em> var d\u00e4rmed samtidigt ett religi\u00f6st centrum och en politisk m\u00f6tesplats f\u00f6r det etruskiska stadsf\u00f6rbundet.<\/p><p>Helgedomens exakta l\u00e4ge var l\u00e4nge ok\u00e4nt och f\u00f6rem\u00e5l f\u00f6r olika hypoteser. Sedan det tidiga 2000-talet har forskningen koncentrerats p\u00e5 omr\u00e5det Campo della Fiera n\u00e4ra Orvieto, det antika <em>Velzna<\/em> eller Volsinii.<\/p><p>D\u00e4r har utgr\u00e4vningar under ledning av Simonetta Stopponi blottlagt ett omfattande helgedomsomr\u00e5de med tempelgrunder, altare, votivg\u00e5vor och en l\u00e5ng anv\u00e4ndningshistoria. Identifikationen med <em>Fanum Voltumnae<\/em> anses av m\u00e5nga forskare vara sannolik, men \u00e4r, liksom vid m\u00e5nga etruskiska fynd, inte s\u00e4kerst\u00e4lld genom en entydig <span class=\"iwg-fachbegriff\" data-tooltip=\"En text som \u00e4r inristad eller huggen i ett fast underlag.\" tabindex=\"0\">inskription<\/span>.<\/p><p>Fyndet i Campo della Fiera visar att platsen f\u00f6rblev i bruk l\u00e5ngt efter den etruskiska tiden, under romersk och till och med senantik tid.<\/p><p>Det st\u00e4mmer med iakttagelsen att Voltumnas <span class=\"iwg-fachbegriff\" data-tooltip=\"Summan av de religi\u00f6sa dyrkanshandlingarna f\u00f6r en gudom eller helig gestalt.\" tabindex=\"0\">kult<\/span> fortlevde \u00e4ven efter den romerska er\u00f6vringen av Volsinii, och att guden i romersk form som <em>Vertumnus<\/em> fortsatte att dyrkas. F\u00f6rbundshelgedomen visar att etruskisk religion inte bara var en angel\u00e4genhet f\u00f6r enskilda st\u00e4der, utan \u00e4ven hade en \u00f6verregional, identitetsskapande funktion.<\/p>\t\t\t\t\t\t\t\t<\/div>\n\t\t\t\t\t<\/div>\n\t\t\t\t<\/div>\n\t\t\t\t\t<\/div>\n\t\t\t\t<\/div>\n\t\t<div class=\"elementor-element elementor-element-cp2d8ceefe e-flex e-con-boxed e-con e-parent\" data-id=\"cp2d8ceefe\" data-element_type=\"container\" data-e-type=\"container\">\n\t\t\t\t\t<div class=\"e-con-inner\">\n\t\t\t\t<div class=\"elementor-element elementor-element-cp22e8ff58 elementor-widget elementor-widget-heading\" data-id=\"cp22e8ff58\" data-element_type=\"widget\" data-e-type=\"widget\" data-widget_type=\"heading.default\">\n\t\t\t\t\t<h2 class=\"elementor-heading-title elementor-size-default\">Voltumna, Vertumnus och fr\u00e5gan om gudens v\u00e4sen<\/h2>\t\t\t\t<\/div>\n\t\t<div class=\"elementor-element elementor-element-cp246f5f53 e-flex e-con-boxed e-con e-child\" data-id=\"cp246f5f53\" data-element_type=\"container\" data-e-type=\"container\">\n\t\t\t\t\t<div class=\"e-con-inner\">\n\t\t\t\t<div class=\"elementor-element elementor-element-cp26b57471 elementor-widget elementor-widget-text-editor\" data-id=\"cp26b57471\" data-element_type=\"widget\" data-e-type=\"widget\" data-widget_type=\"text-editor.default\">\n\t\t\t\t\t\t\t\t\t<p>Om Voltumnas natur r\u00e5der inom forskningen ingen enighet, vilket har att g\u00f6ra med k\u00e4llornas beskaffenhet.<\/p><p>Den romerske l\u00e4rde Varro betecknar Voltumna som Etruriens h\u00f6gsta gud, <em>deus Etruriae princeps<\/em>. Andra vittnesb\u00f6rd antyder en vegetations- eller f\u00f6rvandlingsgud, vilket framf\u00f6r allt st\u00f6ds av den romerska gestalten <em>Vertumnus<\/em>, som f\u00f6rknippades med \u00e5rstidsv\u00e4xlingarna och fruktens mognad.<\/p><p>Skalden Properz l\u00e5ter <em>Vertumnus<\/em> sj\u00e4lv tala i en ber\u00f6md elegi och prisa sin f\u00f6rm\u00e5ga att f\u00f6rvandlas.<\/p><p>Problemet ligger i att dessa uppgifter h\u00e4rstammar fr\u00e5n ett romerskt perspektiv och formulerades \u00e5rhundraden efter den etruskiska kultens blomstringstid. Om Voltumna ursprungligen var en vegetationsgud, en politisk f\u00f6rbundsgud eller en omfattande <span class=\"iwg-fachbegriff\" data-tooltip=\"En varelse som dyrkas som gudomlig inom en religion.\" tabindex=\"0\">gudom<\/span> med flera aspekter g\u00e5r inte att avg\u00f6ra utifr\u00e5n de f\u00e5 egna etruskiska vittnesb\u00f6rden.<\/p><p>Namnet sj\u00e4lvt f\u00f6rknippas av vissa forskare med en rot som betyder att v\u00e4nda eller f\u00f6rvandla, vilket skulle st\u00e4mma med f\u00f6rvandlingstemat, men \u00e4ven denna etymologi \u00e4r os\u00e4ker.<\/p><p>Voltumna \u00e4r d\u00e4rmed ett exempel p\u00e5 en grundl\u00e4ggande sv\u00e5righet inom etruskologin: en <span class=\"iwg-fachbegriff\" data-tooltip=\"En varelse som dyrkas som gudomlig inom en religion.\" tabindex=\"0\">gudom<\/span> kan vara v\u00e4l belagd genom <span class=\"iwg-fachbegriff\" data-tooltip=\"Epok av den grekiska och romerska kulturen, cirka 800 f.Kr. till 600 e.Kr.\" tabindex=\"0\">antika<\/span> f\u00f6rfattare och \u00e4nd\u00e5 f\u00f6rbli oklar i sitt ursprungliga v\u00e4sen, eftersom vittnesb\u00f6rden \u00e4r sena, fr\u00e4mmande och pr\u00e4glade av s\u00e4rskilda intressen.<\/p><p>Seri\u00f6sa framst\u00e4llningar \u00e5terger d\u00e4rf\u00f6r oftast flera tolkningar sida vid sida i st\u00e4llet f\u00f6r att sl\u00e5 fast en enda. S\u00e4kert \u00e4r endast gudens framtr\u00e4dande roll som referenspunkt f\u00f6r det etruskiska stadsf\u00f6rbundet.<\/p>\t\t\t\t\t\t\t\t<\/div>\n\t\t\t\t\t<\/div>\n\t\t\t\t<\/div>\n\t\t\t\t\t<\/div>\n\t\t\t\t<\/div>\n\t\t<div class=\"elementor-element elementor-element-iwgw-voltumna-lit e-flex e-con-boxed e-con e-parent\" data-id=\"iwgw-voltumna-lit\" data-element_type=\"container\" data-e-type=\"container\">\n\t\t\t\t\t<div class=\"e-con-inner\">\n\t\t\t\t<div class=\"elementor-element elementor-element-iwgw-voltumna-lith elementor-widget elementor-widget-heading\" data-id=\"iwgw-voltumna-lith\" data-element_type=\"widget\" data-e-type=\"widget\" data-widget_type=\"heading.default\">\n\t\t\t\t\t<h2 class=\"elementor-heading-title elementor-size-default\">Litteratur (urval)<\/h2>\t\t\t\t<\/div>\n\t\t<div class=\"elementor-element elementor-element-iwgw-voltumna-litc e-con-full e-flex e-con e-child\" data-id=\"iwgw-voltumna-litc\" data-element_type=\"container\" data-e-type=\"container\">\n\t\t\t\t<div class=\"elementor-element elementor-element-iwgw-voltumna-litt elementor-widget elementor-widget-text-editor\" data-id=\"iwgw-voltumna-litt\" data-element_type=\"widget\" data-e-type=\"widget\" data-widget_type=\"text-editor.default\">\n\t\t\t\t\t\t\t\t\t<ul><li>Simonetta Stopponi: <em>Il Santuario di Voltumna al Campo della Fiera<\/em> (flera volymer)<\/li><li>Mauro Cristofani: <em>Gli Etruschi<\/em> (1984)<\/li><li>Massimo Pallottino: <em>Die Etrusker<\/em> (1942)<\/li><li>Larissa Bonfante: <em>Etruscan Mythology<\/em> (2006)<\/li><li>Adriano Maggiani: bidrag om etruskisk religion<\/li><li>Livius: <em>Ab Urbe Condita<\/em> (4.23, 5.17)<\/li><\/ul>\t\t\t\t\t\t\t\t<\/div>\n\t\t\t\t<\/div>\n\t\t\t\t\t<\/div>\n\t\t\t\t<\/div>\n\t\t<div class=\"elementor-element elementor-element-iwgkw-add-voltumna e-flex e-con-boxed e-con e-parent\" data-id=\"iwgkw-add-voltumna\" data-element_type=\"container\" data-e-type=\"container\">\n\t\t\t\t\t<div class=\"e-con-inner\">\n\t\t\t\t<div class=\"elementor-element elementor-element-iwgkw-add-voltumna-t elementor-widget elementor-widget-text-editor\" data-id=\"iwgkw-add-voltumna-t\" data-element_type=\"widget\" data-e-type=\"widget\" data-widget_type=\"text-editor.default\">\n\t\t\t\t\t\t\t\t\t<p>Voltumna, \u00e4ven kallad Veltha eller Vertumnus, var den <strong>gudomliga<\/strong> skyddsh\u00e4rskaren \u00f6ver de tolv st\u00e4derna i det etruskiska f\u00f6rbundet. Hans <span class=\"iwg-fachbegriff\" data-tooltip=\"En helig plats som \u00e4r \u00e4gnad \u00e5t dyrkan av en gudom.\" tabindex=\"0\">helgedom<\/span>, <em>Fanum Voltumnae<\/em> n\u00e4ra Volsinii, tj\u00e4nade enligt Livius som f\u00f6rbundsrepresentanternas \u00e5rliga m\u00f6tesplats, d\u00e4r religi\u00f6sa, politiska och r\u00e4ttsliga fr\u00e5gor avhandlades gemensamt.<\/p><p>Som gudomlig referenspunkt f\u00f6r f\u00f6rbundet stod Voltumna d\u00e4rmed mindre i centrum f\u00f6r den huslige <span class=\"iwg-fachbegriff\" data-tooltip=\"Summan av de religi\u00f6sa dyrkanshandlingarna f\u00f6r en gudom eller helig gestalt.\" tabindex=\"0\">kulten<\/span> \u00e4n f\u00f6r den statliga representationen, och han s\u00e4krade den rituella sammanh\u00e5llningen mellan annars sj\u00e4lvst\u00e4ndiga stadsstater.<\/p>\t\t\t\t\t\t\t\t<\/div>\n\t\t\t\t\t<\/div>\n\t\t\t\t<\/div>\n\t\t<div class=\"elementor-element elementor-element-iwgkw2-add-voltumna e-flex e-con-boxed e-con e-parent\" data-id=\"iwgkw2-add-voltumna\" data-element_type=\"container\" data-e-type=\"container\">\n\t\t\t\t\t<div class=\"e-con-inner\">\n\t\t\t\t<div class=\"elementor-element elementor-element-iwgkw2-add-voltumna-t elementor-widget elementor-widget-text-editor\" data-id=\"iwgkw2-add-voltumna-t\" data-element_type=\"widget\" data-e-type=\"widget\" data-widget_type=\"text-editor.default\">\n\t\t\t\t\t\t\t\t\t<p>Den etruskiska <em><span class=\"iwg-fachbegriff\" data-tooltip=\"En \u00f6verl\u00e4mnad ber\u00e4ttelse om gudar, ursprung och v\u00e4rldens ordning.\" tabindex=\"0\">myten<\/span><\/em> n\u00e4mner Voltumna som den h\u00f6gsta f\u00f6rbundsguden f\u00f6r de tolv st\u00e4derna. I hans <span class=\"iwg-fachbegriff\" data-tooltip=\"En helig plats som \u00e4r \u00e4gnad \u00e5t dyrkan av en gudom.\" tabindex=\"0\">helgedom<\/span>, Fanum Voltumnae n\u00e4ra Volsinii, samlades representanterna f\u00f6r den etruskiska f\u00f6rbundet \u00e5rligen till r\u00e5dslag och festkult.<\/p>\t\t\t\t\t\t\t\t<\/div>\n\t\t\t\t\t<\/div>\n\t\t\t\t<\/div>\n\t\t<div class=\"elementor-element elementor-element-iwgw-voltumna-kwd e-flex e-con-boxed e-con e-parent\" data-id=\"iwgw-voltumna-kwd\" data-element_type=\"container\" data-e-type=\"container\">\n\t\t\t\t\t<div class=\"e-con-inner\">\n\t\t<div class=\"elementor-element elementor-element-iwgw-voltumna-kwdc e-con-full e-flex e-con e-child\" data-id=\"iwgw-voltumna-kwdc\" data-element_type=\"container\" data-e-type=\"container\">\n\t\t\t\t<div class=\"elementor-element elementor-element-iwgw-voltumna-kwdt elementor-widget elementor-widget-text-editor\" data-id=\"iwgw-voltumna-kwdt\" data-element_type=\"widget\" data-e-type=\"widget\" data-widget_type=\"text-editor.default\">\n\t\t\t\t\t\t\t\t\t<p><em>Relaterade nyckelbegrepp: Voltumna Etrusker Fanum Voltumnae F\u00f6rbund Dodekapolis Volsinii Vertumnus Campo della Fiera.<\/em><\/p>\t\t\t\t\t\t\t\t<\/div>\n\t\t\t\t<\/div>\n\t\t\t\t\t<\/div>\n\t\t\t\t<\/div>\n\t\t<div class=\"elementor-element elementor-element-iwgw-voltumna-cc e-flex e-con-boxed e-con e-parent\" data-id=\"iwgw-voltumna-cc\" data-element_type=\"container\" data-e-type=\"container\" id=\"iwg-cc-voltumna\">\n\t\t\t\t\t<div class=\"e-con-inner\">\n\t\t<div class=\"elementor-element elementor-element-iwgw-voltumna-ccinner e-flex e-con-boxed e-con e-parent\" data-id=\"iwgw-voltumna-ccinner\" data-element_type=\"container\" data-e-type=\"container\" data-settings=\"{&quot;background_background&quot;:&quot;classic&quot;}\">\n\t\t\t\t\t<div class=\"e-con-inner\">\n\t\t\t\t<div class=\"elementor-element elementor-element-iwgw-voltumna-cch elementor-widget elementor-widget-heading\" data-id=\"iwgw-voltumna-cch\" data-element_type=\"widget\" data-e-type=\"widget\" data-widget_type=\"heading.default\">\n\t\t\t\t\t<h2 class=\"elementor-heading-title elementor-size-default\">iWell Guard och skyddstraditioner<\/h2>\t\t\t\t<\/div>\n\t\t\t\t<div class=\"elementor-element elementor-element-iwgw-voltumna-cct elementor-widget elementor-widget-text-editor\" data-id=\"iwgw-voltumna-cct\" data-element_type=\"widget\" data-e-type=\"widget\" data-widget_type=\"text-editor.default\">\n\t\t\t\t\t\t\t\t\t<div data-nosnippet=\"true\"><p>iWell Guard ansluter till den kulturhistoriska traditionen av b\u00e4rbara skyddsobjekt, i traditionen fr\u00e5n <a href=\"https:\/\/iwell-guard.com\/sv\/etruskisk-religion-haruspex-disciplina-skyddspraxis\/\">Etruskisk kultur<\/a> och m\u00e5nga andra kulturer v\u00e4rlden \u00f6ver. 41 lager, \u00e4kta guld, platina, silver, tillverkad i Tyskland. 30 dagars \u00f6ppet k\u00f6p.<\/p><\/div>\t\t\t\t\t\t\t\t<\/div>\n\t\t\t\t<div class=\"elementor-element elementor-element-iwgw-voltumna-ccb iwg-cc-button iwg-cc-cta-2026-05-13 elementor-widget elementor-widget-jet-button\" data-id=\"iwgw-voltumna-ccb\" data-element_type=\"widget\" data-e-type=\"widget\" data-widget_type=\"jet-button.default\">\n\t\t\t\t<div class=\"elementor-widget-container\">\n\t\t\t\t\t<div class=\"elementor-jet-button jet-elements\"><div class=\"jet-button__container\"><a class=\"jet-button__instance jet-button__instance--icon-left hover-effect-1\" href=\"\/ueber-iwell-guard\/?utm_source=iwell-guard.com&amp;utm_medium=info-box&amp;utm_campaign=wesen-tradition\"><div class=\"jet-button__plane jet-button__plane-normal\"><\/div><div class=\"jet-button__plane jet-button__plane-hover\"><\/div><div class=\"jet-button__state jet-button__state-normal\"><span class=\"jet-button__label\">Mer om iWell Guard<\/span><\/div><div class=\"jet-button__state jet-button__state-hover\"><span class=\"jet-button__label\">Mer om iWell Guard<\/span><\/div><\/a><\/div><\/div><style>.elementor-element.elementor-element-iwgw-voltumna-ccb .jet-button__instance{width:320px;height:56px;}.elementor-element.elementor-element-iwgw-voltumna-ccb .jet-button__state-normal .jet-button__label{text-align:center;margin:0px 0px 0px 0px;color:#1a1b20;font-family:Montserrat,sans-serif;font-size:13px;font-weight:400;letter-spacing:4px;line-height:1.714em;text-transform:uppercase;}.elementor-element.elementor-element-iwgw-voltumna-ccb .jet-button__state-hover .jet-button__label{text-align:center;margin:0px 0px 0px 0px;color:#FECC76;font-family:Montserrat,sans-serif;font-size:13px;font-weight:400;letter-spacing:4px;line-height:1.714em;text-transform:uppercase;}.elementor-element.elementor-element-iwgw-voltumna-ccb .jet-button__plane-normal{background-color:#FECC76;border-style:solid;border-color:#C99540;border-width:2px 2px 2px 2px;}.elementor-element.elementor-element-iwgw-voltumna-ccb .jet-button__plane-hover{background-color:rgba(0,0,0,0.55);border-style:solid;border-color:#FECC76;border-width:2px 2px 2px 2px;}<\/style>\t\t\t\t<\/div>\n\t\t\t\t<\/div>\n\t\t\t\t<div class=\"elementor-element elementor-element-iwgw-voltumna-ccd elementor-widget elementor-widget-text-editor\" data-id=\"iwgw-voltumna-ccd\" data-element_type=\"widget\" data-e-type=\"widget\" data-widget_type=\"text-editor.default\">\n\t\t\t\t\t\t\t\t\t<div data-nosnippet=\"true\"><p style=\"text-align:center;font-size:13px;opacity:0.7;margin-top:14px\" data-nosnippet=\"true\">Personliga erfarenheter kan variera. Ingen medicinteknisk produkt. Inget l\u00f6fte om l\u00e4kning.<\/p><\/div>\t\t\t\t\t\t\t\t<\/div>\n\t\t\t\t\t<\/div>\n\t\t\t\t<\/div>\n\t\t\t\t\t<\/div>\n\t\t\t\t<\/div>\n\t\t<div class=\"elementor-element elementor-element-iwgw-voltumna-disc e-flex e-con-boxed e-con e-parent\" data-id=\"iwgw-voltumna-disc\" data-element_type=\"container\" data-e-type=\"container\">\n\t\t\t\t\t<div class=\"e-con-inner\">\n\t\t\t\t<div class=\"elementor-element elementor-element-iwgw-voltumna-discw elementor-widget elementor-widget-html\" data-id=\"iwgw-voltumna-discw\" data-element_type=\"widget\" data-e-type=\"widget\" data-widget_type=\"html.default\">\n\t\t\t\t\t<footer data-nosnippet=\"true\" class=\"iwg-disclaimer-block\"><p data-nosnippet=\"true\">iWell Guard \u00e4r <strong>ingen medicinteknisk produkt<\/strong> och ers\u00e4tter inte l\u00e4karv\u00e5rd eller psykoterapeutisk behandling. De religionsvetenskapliga inneh\u00e5llen \u00e4r kulturhistorisk inordning, ingen andlig praxisrekommendation.<\/p><\/footer>\t\t\t\t<\/div>\n\t\t\t\t\t<\/div>\n\t\t\t\t<\/div>\n\t\t\t\t<\/div>\n\t\t","protected":false},"excerpt":{"rendered":"","protected":false},"author":3,"featured_media":2824,"parent":0,"menu_order":0,"comment_status":"closed","ping_status":"closed","template":"elementor_header_footer","meta":{"_yoast_wpseo_focuskw":"Voltumna etruskisk liga","_yoast_wpseo_title":"Voltumna - Etruskisk f\u00f6rbundsgud, myt","_yoast_wpseo_metadesc":"Voltumna \u00e4r f\u00f6rbundsguden f\u00f6r det etruskiska statsf\u00f6rbundet, dyrkad vid Fanum Voltumnae. Religionsvetenskaplig genomg\u00e5ng med myt och k\u00e4llor.","_yoast_wpseo_meta-robots-noindex":"","_yoast_wpseo_canonical":"","_angie_page":false,"gefaehrdungsstufe":"2","wesen_kultur":"etruskisch","wesen_klasse":"goetter","footnotes":""},"categories":[],"class_list":["post-136855","page","type-page","status-publish","has-post-thumbnail","hentry"],"yoast_head":"<!-- This site is optimized with the Yoast SEO Premium plugin v27.7 (Yoast SEO v28.3) - https:\/\/yoast.com\/product\/yoast-seo-premium-wordpress\/ -->\n<title>Voltumna - Etruskisk f\u00f6rbundsgud, myt<\/title>\n<meta name=\"description\" content=\"Voltumna \u00e4r f\u00f6rbundsguden f\u00f6r det etruskiska statsf\u00f6rbundet, dyrkad vid Fanum Voltumnae. Religionsvetenskaplig genomg\u00e5ng med myt och k\u00e4llor.\" \/>\n<meta name=\"robots\" content=\"index, follow, max-snippet:-1, max-image-preview:large, max-video-preview:-1\" \/>\n<link rel=\"canonical\" href=\"https:\/\/iwell-guard.com\/sv\/voltumna-forbundsgud-etruskiska-statsforbundet\/\" \/>\n<meta property=\"og:locale\" content=\"sv_SE\" \/>\n<meta property=\"og:type\" content=\"article\" \/>\n<meta property=\"og:title\" content=\"Voltumna - f\u00f6rbundsgud f\u00f6r det etruskiska statsf\u00f6rbundet\" \/>\n<meta property=\"og:description\" content=\"Voltumna \u00e4r f\u00f6rbundsguden f\u00f6r det etruskiska statsf\u00f6rbundet, dyrkad vid Fanum Voltumnae. Religionsvetenskaplig genomg\u00e5ng med myt och k\u00e4llor.\" \/>\n<meta property=\"og:url\" content=\"https:\/\/iwell-guard.com\/sv\/voltumna-forbundsgud-etruskiska-statsforbundet\/\" \/>\n<meta property=\"og:site_name\" content=\"iWell Guard\" \/>\n<meta property=\"article:modified_time\" content=\"2026-09-03T01:14:01+00:00\" \/>\n<meta property=\"og:image\" content=\"https:\/\/iwell-guard.com\/wp-content\/uploads\/2026\/05\/goetter_etruskisch_voltumna-1.webp\" \/>\n\t<meta property=\"og:image:width\" content=\"1024\" \/>\n\t<meta property=\"og:image:height\" content=\"1536\" \/>\n\t<meta property=\"og:image:type\" content=\"image\/webp\" \/>\n<meta name=\"twitter:card\" content=\"summary_large_image\" \/>\n<script type=\"application\/ld+json\" class=\"yoast-schema-graph\">{\"@context\":\"https:\\\/\\\/schema.org\",\"@graph\":[{\"@type\":\"WebPage\",\"@id\":\"https:\\\/\\\/iwell-guard.com\\\/sv\\\/voltumna-forbundsgud-etruskiska-statsforbundet\\\/\",\"url\":\"https:\\\/\\\/iwell-guard.com\\\/sv\\\/voltumna-forbundsgud-etruskiska-statsforbundet\\\/\",\"name\":\"Voltumna - Etruskisk f\u00f6rbundsgud, myt\",\"isPartOf\":{\"@id\":\"https:\\\/\\\/iwell-guard.com\\\/sv\\\/#website\"},\"primaryImageOfPage\":{\"@id\":\"https:\\\/\\\/iwell-guard.com\\\/sv\\\/voltumna-forbundsgud-etruskiska-statsforbundet\\\/#primaryimage\"},\"image\":{\"@id\":\"https:\\\/\\\/iwell-guard.com\\\/sv\\\/voltumna-forbundsgud-etruskiska-statsforbundet\\\/#primaryimage\"},\"thumbnailUrl\":\"https:\\\/\\\/iwell-guard.com\\\/wp-content\\\/uploads\\\/2026\\\/05\\\/goetter_etruskisch_voltumna-1.webp\",\"datePublished\":\"2026-09-03T00:10:38+00:00\",\"dateModified\":\"2026-09-03T01:14:01+00:00\",\"description\":\"Voltumna \u00e4r f\u00f6rbundsguden f\u00f6r det etruskiska statsf\u00f6rbundet, dyrkad vid Fanum Voltumnae. Religionsvetenskaplig genomg\u00e5ng med myt och k\u00e4llor.\",\"breadcrumb\":{\"@id\":\"https:\\\/\\\/iwell-guard.com\\\/sv\\\/voltumna-forbundsgud-etruskiska-statsforbundet\\\/#breadcrumb\"},\"inLanguage\":\"sv-SE\",\"potentialAction\":[{\"@type\":\"ReadAction\",\"target\":[\"https:\\\/\\\/iwell-guard.com\\\/sv\\\/voltumna-forbundsgud-etruskiska-statsforbundet\\\/\"]}]},{\"@type\":\"ImageObject\",\"inLanguage\":\"sv-SE\",\"@id\":\"https:\\\/\\\/iwell-guard.com\\\/sv\\\/voltumna-forbundsgud-etruskiska-statsforbundet\\\/#primaryimage\",\"url\":\"https:\\\/\\\/iwell-guard.com\\\/wp-content\\\/uploads\\\/2026\\\/05\\\/goetter_etruskisch_voltumna-1.webp\",\"contentUrl\":\"https:\\\/\\\/iwell-guard.com\\\/wp-content\\\/uploads\\\/2026\\\/05\\\/goetter_etruskisch_voltumna-1.webp\",\"width\":1024,\"height\":1536,\"caption\":\"Gudar fr\u00e5n den etruskiska traditionen.\"},{\"@type\":\"BreadcrumbList\",\"@id\":\"https:\\\/\\\/iwell-guard.com\\\/sv\\\/voltumna-forbundsgud-etruskiska-statsforbundet\\\/#breadcrumb\",\"itemListElement\":[{\"@type\":\"ListItem\",\"position\":1,\"name\":\"Start\",\"item\":\"https:\\\/\\\/iwell-guard.com\\\/sv\\\/?page_id=136483\"},{\"@type\":\"ListItem\",\"position\":2,\"name\":\"Voltumna &#8211; f\u00f6rbundsgud f\u00f6r det etruskiska statsf\u00f6rbundet\"}]},{\"@type\":\"WebSite\",\"@id\":\"https:\\\/\\\/iwell-guard.com\\\/sv\\\/#website\",\"url\":\"https:\\\/\\\/iwell-guard.com\\\/sv\\\/\",\"name\":\"iWell Guard\",\"description\":\"Schutz vor dunklen Einfl\u00fcssen\",\"publisher\":{\"@id\":\"https:\\\/\\\/iwell-guard.com\\\/sv\\\/#organization\"},\"potentialAction\":[{\"@type\":\"SearchAction\",\"target\":{\"@type\":\"EntryPoint\",\"urlTemplate\":\"https:\\\/\\\/iwell-guard.com\\\/sv\\\/?s={search_term_string}\"},\"query-input\":{\"@type\":\"PropertyValueSpecification\",\"valueRequired\":true,\"valueName\":\"search_term_string\"}}],\"inLanguage\":\"sv-SE\"},{\"@type\":\"Organization\",\"@id\":\"https:\\\/\\\/iwell-guard.com\\\/sv\\\/#organization\",\"name\":\"Ittermann electronic GmbH\",\"url\":\"https:\\\/\\\/iwell-guard.com\\\/sv\\\/\",\"logo\":{\"@type\":\"ImageObject\",\"inLanguage\":\"sv-SE\",\"@id\":\"https:\\\/\\\/iwell-guard.com\\\/sv\\\/#\\\/schema\\\/logo\\\/image\\\/\",\"url\":\"https:\\\/\\\/iwell-guard.com\\\/wp-content\\\/uploads\\\/2026\\\/05\\\/Ittermann-Logo-1182x237-1.png\",\"contentUrl\":\"https:\\\/\\\/iwell-guard.com\\\/wp-content\\\/uploads\\\/2026\\\/05\\\/Ittermann-Logo-1182x237-1.png\",\"width\":1182,\"height\":237,\"caption\":\"Ittermann electronic GmbH\"},\"image\":{\"@id\":\"https:\\\/\\\/iwell-guard.com\\\/sv\\\/#\\\/schema\\\/logo\\\/image\\\/\"},\"sameAs\":[\"https:\\\/\\\/pantip.com\\\/profile\\\/9367242\",\"https:\\\/\\\/micro.blog\\\/iwellguard\",\"https:\\\/\\\/www.diggerslist.com\\\/iwellguard\\\/about\",\"https:\\\/\\\/skitterphoto.com\\\/photographers\\\/2870314\\\/iwell-guard\",\"https:\\\/\\\/iwellguard.wordpress.com\\\/2026\\\/06\\\/06\\\/iwell-guard\\\/\",\"https:\\\/\\\/hub.docker.com\\\/u\\\/iwellguard\",\"https:\\\/\\\/www.pinterest.com\\\/iwellguard\\\/\",\"https:\\\/\\\/bit.ly\\\/m\\\/iwellguard\",\"https:\\\/\\\/entre-vos-mains.alsace.eu\\\/profiles\\\/iwellguard\\\/activity\",\"https:\\\/\\\/gravatar.com\\\/reallybeded8fd34\",\"https:\\\/\\\/naijamatta.com\\\/iwellguard\",\"https:\\\/\\\/www.goodreads.com\\\/iwellguard\",\"https:\\\/\\\/profile.hatena.ne.jp\\\/iwellguard\\\/\",\"https:\\\/\\\/experiment.com\\\/users\\\/iwellguard\",\"https:\\\/\\\/wakelet.com\\\/@iWellGuard82270\",\"https:\\\/\\\/www.chordie.com\\\/forum\\\/profile.php?id=2555664\",\"https:\\\/\\\/www.instapaper.com\\\/p\\\/17757966\",\"https:\\\/\\\/www.mapleprimes.com\\\/users\\\/iwellguard\",\"https:\\\/\\\/businesslistingplus.com\\\/profile\\\/iwell-guard\\\/\",\"https:\\\/\\\/telegra.ph\\\/iWell-Guard-06-06\",\"https:\\\/\\\/pbase.com\\\/iwellguard\\\/iwellguard\",\"https:\\\/\\\/b.hatena.ne.jp\\\/iwellguard\\\/20260607#bookmark-4788405196491818882\",\"https:\\\/\\\/fliphtml5.com\\\/home\\\/iwellguard\",\"https:\\\/\\\/anyflip.com\\\/homepage\\\/cmiwl#About\",\"https:\\\/\\\/transfur.com\\\/Users\\\/iwellguard\",\"http:\\\/\\\/delphi.larsbo.org\\\/user\\\/iwellguard\",\"https:\\\/\\\/jobs.lajobsportal.org\\\/profiles\\\/8380803-iwell-guard\",\"https:\\\/\\\/md.chaosdorf.de\\\/s\\\/jfbe5SBdJD\",\"https:\\\/\\\/www.lingvolive.com\\\/en-us\\\/profile\\\/9ecaeaca-ce11-4e51-9e71-01d55e2bff36\\\/translations\",\"https:\\\/\\\/www.fitday.com\\\/fitness\\\/forums\\\/members\\\/iwellguard.html\",\"https:\\\/\\\/www.mymeetbook.com\\\/iwellguard\",\"https:\\\/\\\/pxhere.com\\\/en\\\/photographer-me\\\/5040798\",\"https:\\\/\\\/disqus.com\\\/by\\\/iwellguard\\\/about\\\/\",\"https:\\\/\\\/pastelink.net\\\/hjwciqwq\",\"https:\\\/\\\/pubhtml5.com\\\/homepage\\\/scjhn\\\/\",\"https:\\\/\\\/www.bitchute.com\\\/channel\\\/2O2eOKzNqujT\",\"https:\\\/\\\/audiomack.com\\\/iwellguard\"]},{\"@type\":\"Article\",\"@id\":\"https:\\\/\\\/iwell-guard.com\\\/sv\\\/voltumna-forbundsgud-etruskiska-statsforbundet\\\/#article\",\"isPartOf\":{\"@id\":\"https:\\\/\\\/iwell-guard.com\\\/sv\\\/voltumna-forbundsgud-etruskiska-statsforbundet\\\/\"},\"author\":{\"name\":\"Ralf Ittermann\",\"@id\":\"https:\\\/\\\/iwell-guard.com\\\/sv\\\/#\\\/schema\\\/person\\\/ee2a27f1cac3406c7c6fb5820cb7349f\"},\"headline\":\"Voltumna &#8211; f\u00f6rbundsgud f\u00f6r det etruskiska statsf\u00f6rbundet\",\"datePublished\":\"2026-09-03T00:10:38+00:00\",\"dateModified\":\"2026-09-03T01:14:01+00:00\",\"mainEntityOfPage\":{\"@id\":\"https:\\\/\\\/iwell-guard.com\\\/sv\\\/voltumna-forbundsgud-etruskiska-statsforbundet\\\/\"},\"publisher\":{\"@id\":\"https:\\\/\\\/iwell-guard.com\\\/sv\\\/#organization\"},\"image\":{\"@id\":\"https:\\\/\\\/iwell-guard.com\\\/sv\\\/voltumna-forbundsgud-etruskiska-statsforbundet\\\/#primaryimage\"},\"thumbnailUrl\":\"https:\\\/\\\/iwell-guard.com\\\/wp-content\\\/uploads\\\/2026\\\/05\\\/goetter_etruskisch_voltumna-1.webp\",\"inLanguage\":\"sv-SE\",\"description\":\"Voltumna \u00e4r f\u00f6rbundsguden f\u00f6r det etruskiska statsf\u00f6rbundet, dyrkad vid Fanum Voltumnae. Religionsvetenskaplig genomg\u00e5ng med myt och k\u00e4llor.\"}]}<\/script>\n<!-- \/ Yoast SEO Premium plugin. -->","yoast_head_json":{"title":"Voltumna - Etruskisk f\u00f6rbundsgud, myt","description":"Voltumna \u00e4r f\u00f6rbundsguden f\u00f6r det etruskiska statsf\u00f6rbundet, dyrkad vid Fanum Voltumnae. Religionsvetenskaplig genomg\u00e5ng med myt och k\u00e4llor.","robots":{"index":"index","follow":"follow","max-snippet":"max-snippet:-1","max-image-preview":"max-image-preview:large","max-video-preview":"max-video-preview:-1"},"canonical":"https:\/\/iwell-guard.com\/sv\/voltumna-forbundsgud-etruskiska-statsforbundet\/","og_locale":"sv_SE","og_type":"article","og_title":"Voltumna - f\u00f6rbundsgud f\u00f6r det etruskiska statsf\u00f6rbundet","og_description":"Voltumna \u00e4r f\u00f6rbundsguden f\u00f6r det etruskiska statsf\u00f6rbundet, dyrkad vid Fanum Voltumnae. Religionsvetenskaplig genomg\u00e5ng med myt och k\u00e4llor.","og_url":"https:\/\/iwell-guard.com\/sv\/voltumna-forbundsgud-etruskiska-statsforbundet\/","og_site_name":"iWell Guard","article_modified_time":"2026-09-03T01:14:01+00:00","og_image":[{"width":1024,"height":1536,"url":"https:\/\/iwell-guard.com\/wp-content\/uploads\/2026\/05\/goetter_etruskisch_voltumna-1.webp","type":"image\/webp"}],"twitter_card":"summary_large_image","schema":{"@context":"https:\/\/schema.org","@graph":[{"@type":"Article","@id":"https:\/\/iwell-guard.com\/sv\/voltumna-forbundsgud-etruskiska-statsforbundet\/#article","isPartOf":{"@id":"https:\/\/iwell-guard.com\/sv\/voltumna-forbundsgud-etruskiska-statsforbundet\/"},"author":{"name":"Ralf Ittermann","@id":"https:\/\/iwell-guard.com\/sv\/#\/schema\/person\/ee2a27f1cac3406c7c6fb5820cb7349f"},"headline":"Voltumna &#8211; f\u00f6rbundsgud f\u00f6r det etruskiska statsf\u00f6rbundet","datePublished":"2026-09-03T00:10:38+00:00","dateModified":"2026-09-03T01:14:01+00:00","mainEntityOfPage":{"@id":"https:\/\/iwell-guard.com\/sv\/voltumna-forbundsgud-etruskiska-statsforbundet\/"},"publisher":{"@id":"https:\/\/iwell-guard.com\/sv\/#organization"},"image":{"@id":"https:\/\/iwell-guard.com\/sv\/voltumna-forbundsgud-etruskiska-statsforbundet\/#primaryimage"},"thumbnailUrl":"https:\/\/iwell-guard.com\/wp-content\/uploads\/2026\/05\/goetter_etruskisch_voltumna-1.webp","inLanguage":"sv-SE","description":"Voltumna \u00e4r f\u00f6rbundsguden f\u00f6r det etruskiska statsf\u00f6rbundet, dyrkad vid Fanum Voltumnae. Religionsvetenskaplig genomg\u00e5ng med myt och k\u00e4llor."},{"@type":"WebPage","@id":"https:\/\/iwell-guard.com\/sv\/voltumna-forbundsgud-etruskiska-statsforbundet\/","url":"https:\/\/iwell-guard.com\/sv\/voltumna-forbundsgud-etruskiska-statsforbundet\/","name":"Voltumna - Etruskisk f\u00f6rbundsgud, myt","isPartOf":{"@id":"https:\/\/iwell-guard.com\/sv\/#website"},"primaryImageOfPage":{"@id":"https:\/\/iwell-guard.com\/sv\/voltumna-forbundsgud-etruskiska-statsforbundet\/#primaryimage"},"image":{"@id":"https:\/\/iwell-guard.com\/sv\/voltumna-forbundsgud-etruskiska-statsforbundet\/#primaryimage"},"thumbnailUrl":"https:\/\/iwell-guard.com\/wp-content\/uploads\/2026\/05\/goetter_etruskisch_voltumna-1.webp","datePublished":"2026-09-03T00:10:38+00:00","dateModified":"2026-09-03T01:14:01+00:00","description":"Voltumna \u00e4r f\u00f6rbundsguden f\u00f6r det etruskiska statsf\u00f6rbundet, dyrkad vid Fanum Voltumnae. Religionsvetenskaplig genomg\u00e5ng med myt och k\u00e4llor.","breadcrumb":{"@id":"https:\/\/iwell-guard.com\/sv\/voltumna-forbundsgud-etruskiska-statsforbundet\/#breadcrumb"},"inLanguage":"sv-SE","potentialAction":[{"@type":"ReadAction","target":["https:\/\/iwell-guard.com\/sv\/voltumna-forbundsgud-etruskiska-statsforbundet\/"]}]},{"@type":"ImageObject","inLanguage":"sv-SE","@id":"https:\/\/iwell-guard.com\/sv\/voltumna-forbundsgud-etruskiska-statsforbundet\/#primaryimage","url":"https:\/\/iwell-guard.com\/wp-content\/uploads\/2026\/05\/goetter_etruskisch_voltumna-1.webp","contentUrl":"https:\/\/iwell-guard.com\/wp-content\/uploads\/2026\/05\/goetter_etruskisch_voltumna-1.webp","width":1024,"height":1536,"caption":"Gudar fr\u00e5n den etruskiska traditionen."},{"@type":"BreadcrumbList","@id":"https:\/\/iwell-guard.com\/sv\/voltumna-forbundsgud-etruskiska-statsforbundet\/#breadcrumb","itemListElement":[{"@type":"ListItem","position":1,"name":"Start","item":"https:\/\/iwell-guard.com\/sv\/?page_id=136483"},{"@type":"ListItem","position":2,"name":"Voltumna &#8211; f\u00f6rbundsgud f\u00f6r det etruskiska statsf\u00f6rbundet"}]},{"@type":"WebSite","@id":"https:\/\/iwell-guard.com\/sv\/#website","url":"https:\/\/iwell-guard.com\/sv\/","name":"iWell Guard","description":"Schutz vor dunklen Einfl\u00fcssen","publisher":{"@id":"https:\/\/iwell-guard.com\/sv\/#organization"},"potentialAction":[{"@type":"SearchAction","target":{"@type":"EntryPoint","urlTemplate":"https:\/\/iwell-guard.com\/sv\/?s={search_term_string}"},"query-input":{"@type":"PropertyValueSpecification","valueRequired":true,"valueName":"search_term_string"}}],"inLanguage":"sv-SE"},{"@type":"Organization","@id":"https:\/\/iwell-guard.com\/sv\/#organization","name":"Ittermann electronic GmbH","url":"https:\/\/iwell-guard.com\/sv\/","logo":{"@type":"ImageObject","inLanguage":"sv-SE","@id":"https:\/\/iwell-guard.com\/sv\/#\/schema\/logo\/image\/","url":"https:\/\/iwell-guard.com\/wp-content\/uploads\/2026\/05\/Ittermann-Logo-1182x237-1.png","contentUrl":"https:\/\/iwell-guard.com\/wp-content\/uploads\/2026\/05\/Ittermann-Logo-1182x237-1.png","width":1182,"height":237,"caption":"Ittermann electronic GmbH"},"image":{"@id":"https:\/\/iwell-guard.com\/sv\/#\/schema\/logo\/image\/"},"sameAs":["https:\/\/pantip.com\/profile\/9367242","https:\/\/micro.blog\/iwellguard","https:\/\/www.diggerslist.com\/iwellguard\/about","https:\/\/skitterphoto.com\/photographers\/2870314\/iwell-guard","https:\/\/iwellguard.wordpress.com\/2026\/06\/06\/iwell-guard\/","https:\/\/hub.docker.com\/u\/iwellguard","https:\/\/www.pinterest.com\/iwellguard\/","https:\/\/bit.ly\/m\/iwellguard","https:\/\/entre-vos-mains.alsace.eu\/profiles\/iwellguard\/activity","https:\/\/gravatar.com\/reallybeded8fd34","https:\/\/naijamatta.com\/iwellguard","https:\/\/www.goodreads.com\/iwellguard","https:\/\/profile.hatena.ne.jp\/iwellguard\/","https:\/\/experiment.com\/users\/iwellguard","https:\/\/wakelet.com\/@iWellGuard82270","https:\/\/www.chordie.com\/forum\/profile.php?id=2555664","https:\/\/www.instapaper.com\/p\/17757966","https:\/\/www.mapleprimes.com\/users\/iwellguard","https:\/\/businesslistingplus.com\/profile\/iwell-guard\/","https:\/\/telegra.ph\/iWell-Guard-06-06","https:\/\/pbase.com\/iwellguard\/iwellguard","https:\/\/b.hatena.ne.jp\/iwellguard\/20260607#bookmark-4788405196491818882","https:\/\/fliphtml5.com\/home\/iwellguard","https:\/\/anyflip.com\/homepage\/cmiwl#About","https:\/\/transfur.com\/Users\/iwellguard","http:\/\/delphi.larsbo.org\/user\/iwellguard","https:\/\/jobs.lajobsportal.org\/profiles\/8380803-iwell-guard","https:\/\/md.chaosdorf.de\/s\/jfbe5SBdJD","https:\/\/www.lingvolive.com\/en-us\/profile\/9ecaeaca-ce11-4e51-9e71-01d55e2bff36\/translations","https:\/\/www.fitday.com\/fitness\/forums\/members\/iwellguard.html","https:\/\/www.mymeetbook.com\/iwellguard","https:\/\/pxhere.com\/en\/photographer-me\/5040798","https:\/\/disqus.com\/by\/iwellguard\/about\/","https:\/\/pastelink.net\/hjwciqwq","https:\/\/pubhtml5.com\/homepage\/scjhn\/","https:\/\/www.bitchute.com\/channel\/2O2eOKzNqujT","https:\/\/audiomack.com\/iwellguard"]},{"@type":"Person","@id":"https:\/\/iwell-guard.com\/sv\/#\/schema\/person\/ee2a27f1cac3406c7c6fb5820cb7349f","name":"Ralf Ittermann","image":{"@type":"ImageObject","inLanguage":"sv-SE","@id":"https:\/\/secure.gravatar.com\/avatar\/073c0153e350a5005b68eb752b445fea71f6b24a26da9449ad7e155e6b446c9d?s=96&d=mm&r=g","url":"https:\/\/secure.gravatar.com\/avatar\/073c0153e350a5005b68eb752b445fea71f6b24a26da9449ad7e155e6b446c9d?s=96&d=mm&r=g","contentUrl":"https:\/\/secure.gravatar.com\/avatar\/073c0153e350a5005b68eb752b445fea71f6b24a26da9449ad7e155e6b446c9d?s=96&d=mm&r=g","caption":"Ralf Ittermann"},"givenName":"Ralf","familyName":"Ittermann","jobTitle":"Gesch\u00e4ftsf\u00fchrer und redaktioneller Verantwortlicher","url":"https:\/\/iwell-guard.com\/sv\/author\/claude\/","description":"Ralf Ittermann ist Gesch\u00e4ftsf\u00fchrer der Ittermann electronic GmbH und redaktioneller Verantwortlicher des iWell-Guard-Lexikons. Er verbindet langj\u00e4hrige Erfahrung in der Pr\u00e4zisionsfertigung mit medialer Praxis und religionsgeschichtlicher Quellenarbeit.","worksFor":{"@type":"Organization","name":"Ittermann electronic GmbH","url":"https:\/\/ittermann.de\/","address":{"@type":"PostalAddress","streetAddress":"K\u00f6hlergasse 16-18","postalCode":"99842","addressLocality":"Ruhla","addressCountry":"DE"}},"knowsAbout":["Religionsgeschichte","Mythologie","Mediale Praxis","Energetische Diagnostik","Schutzpraxis","Volksglauben","Westliche Esoterik"]},{"@type":"Article","@id":"https:\/\/iwell-guard.com\/sv\/voltumna-forbundsgud-etruskiska-statsforbundet\/#article","isPartOf":{"@id":"https:\/\/iwell-guard.com\/sv\/voltumna-forbundsgud-etruskiska-statsforbundet\/"},"author":{"name":"Ralf Ittermann","@id":"https:\/\/iwell-guard.com\/sv\/#\/schema\/person\/ee2a27f1cac3406c7c6fb5820cb7349f"},"headline":"Voltumna &#8211; f\u00f6rbundsgud f\u00f6r det etruskiska statsf\u00f6rbundet","datePublished":"2026-09-03T00:10:38+00:00","dateModified":"2026-09-03T01:14:01+00:00","mainEntityOfPage":{"@id":"https:\/\/iwell-guard.com\/sv\/voltumna-forbundsgud-etruskiska-statsforbundet\/"},"publisher":{"@id":"https:\/\/iwell-guard.com\/sv\/#organization"},"image":{"@id":"https:\/\/iwell-guard.com\/sv\/voltumna-forbundsgud-etruskiska-statsforbundet\/#primaryimage"},"thumbnailUrl":"https:\/\/iwell-guard.com\/wp-content\/uploads\/2026\/05\/goetter_etruskisch_voltumna-1.webp","inLanguage":"sv-SE","description":"Voltumna \u00e4r f\u00f6rbundsguden f\u00f6r det etruskiska statsf\u00f6rbundet, dyrkad vid Fanum Voltumnae. Religionsvetenskaplig genomg\u00e5ng med myt och k\u00e4llor."}]}},"_links":{"self":[{"href":"https:\/\/iwell-guard.com\/sv\/wp-json\/wp\/v2\/pages\/136855","targetHints":{"allow":["GET"]}}],"collection":[{"href":"https:\/\/iwell-guard.com\/sv\/wp-json\/wp\/v2\/pages"}],"about":[{"href":"https:\/\/iwell-guard.com\/sv\/wp-json\/wp\/v2\/types\/page"}],"author":[{"embeddable":true,"href":"https:\/\/iwell-guard.com\/sv\/wp-json\/wp\/v2\/users\/3"}],"replies":[{"embeddable":true,"href":"https:\/\/iwell-guard.com\/sv\/wp-json\/wp\/v2\/comments?post=136855"}],"version-history":[{"count":0,"href":"https:\/\/iwell-guard.com\/sv\/wp-json\/wp\/v2\/pages\/136855\/revisions"}],"wp:featuredmedia":[{"embeddable":true,"href":"https:\/\/iwell-guard.com\/sv\/wp-json\/wp\/v2\/media\/2824"}],"wp:attachment":[{"href":"https:\/\/iwell-guard.com\/sv\/wp-json\/wp\/v2\/media?parent=136855"}],"wp:term":[{"taxonomy":"category","embeddable":true,"href":"https:\/\/iwell-guard.com\/sv\/wp-json\/wp\/v2\/categories?post=136855"}],"curies":[{"name":"wp","href":"https:\/\/api.w.org\/{rel}","templated":true}]}}