{"id":136854,"date":"2026-09-03T00:10:37","date_gmt":"2026-09-03T00:10:37","guid":{"rendered":"https:\/\/iwell-guard.com\/?page_id=136854"},"modified":"2026-09-03T01:14:00","modified_gmt":"2026-09-03T01:14:00","slug":"menrva-etruskisk-gudinna-vishet-krig","status":"publish","type":"page","link":"https:\/\/iwell-guard.com\/sv\/menrva-etruskisk-gudinna-vishet-krig\/","title":{"rendered":"Menrva \u2013 etruskisk gudinna f\u00f6r vishet och krig"},"content":{"rendered":"\t\t<div data-elementor-type=\"wp-page\" data-elementor-id=\"136854\" class=\"elementor elementor-136854 elementor-2606 elementor-bc-flex-widget\" data-elementor-post-type=\"page\">\n\t\t\t\t<div class=\"elementor-element elementor-element-iwgw-menrva-hero e-flex e-con-boxed e-con e-parent\" data-id=\"iwgw-menrva-hero\" data-element_type=\"container\" data-e-type=\"container\" data-settings=\"{&quot;background_background&quot;:&quot;classic&quot;}\">\n\t\t\t\t\t<div class=\"e-con-inner\">\n\t\t<div class=\"elementor-element elementor-element-iwgw-menrva-hl e-flex e-con-boxed e-con e-child\" data-id=\"iwgw-menrva-hl\" data-element_type=\"container\" data-e-type=\"container\">\n\t\t\t\t\t<div class=\"e-con-inner\">\n\t\t<div class=\"elementor-element elementor-element-iwgw-menrva-htxt e-con-full e-flex e-con e-child\" data-id=\"iwgw-menrva-htxt\" data-element_type=\"container\" data-e-type=\"container\">\n\t\t\t\t<div class=\"elementor-element elementor-element-iwgw-menrva-h1 elementor-widget elementor-widget-heading\" data-id=\"iwgw-menrva-h1\" data-element_type=\"widget\" data-e-type=\"widget\" data-widget_type=\"heading.default\">\n\t\t\t\t\t<h1 class=\"elementor-heading-title elementor-size-default\">Menrva \u2013 etruskisk gudinna f\u00f6r vishet, hantverk och krig<\/h1>\t\t\t\t<\/div>\n\t\t\t\t<div class=\"elementor-element elementor-element-iwgw-menrva-lead elementor-widget elementor-widget-text-editor\" data-id=\"iwgw-menrva-lead\" data-element_type=\"widget\" data-e-type=\"widget\" data-widget_type=\"text-editor.default\">\n\t\t\t\t\t\t\t\t\t<p>Menrva (\u00e4ven skrivet Menerva, Menarva) \u00e4r i den etruskiska religionen gudinnan f\u00f6r vishet, hantverk, krig och l\u00e4kekonst. Tillsammans med <a href=\"https:\/\/iwell-guard.com\/sv\/tinia-etruskernas-hogsta-gud\/\">Tinia<\/a> och <a href=\"https:\/\/iwell-guard.com\/sv\/uni-etruskernas-hogsta-gudinna\/\">Uni<\/a> bildar hon den kapitolinska triaden, och hon \u00e4r den omedelbara f\u00f6reg\u00e5ngaren till den romerska Minerva. Den h\u00e4r framst\u00e4llningen beskriver hennes religionsvetenskapliga st\u00e4llning i den etruskiska <span class=\"iwg-fachbegriff\" data-tooltip=\"Samlingen av gudar inom en religion eller kultur.\" tabindex=\"0\">pantheon<\/span>.<\/p>\t\t\t\t\t\t\t\t<\/div>\n\t\t\t\t<\/div>\n\t\t<div class=\"elementor-element elementor-element-iwgw-menrva-pillc e-con-full e-flex e-con e-child\" data-id=\"iwgw-menrva-pillc\" data-element_type=\"container\" data-e-type=\"container\">\n\t\t\t\t<div class=\"elementor-element elementor-element-iwgw-menrva-pills elementor-widget elementor-widget-html\" data-id=\"iwgw-menrva-pills\" data-element_type=\"widget\" data-e-type=\"widget\" data-widget_type=\"html.default\">\n\t\t\t\t\t<div class=\"iwg-pill-row\"><span class=\"iwg-klasse-badge\" tabindex=\"0\" data-tooltip=\"Gudinna av traditionen etruskisk.\">Gudinna<\/span><a href=\"https:\/\/iwell-guard.com\/sv\/etruskisk-religion-haruspex-disciplina-skyddspraxis\/\" class=\"iwg-kultur-badge\" tabindex=\"0\" data-tooltip=\"Mytologi av traditionen etruskisk.\">Etruskisk<\/a><span class=\"iwg-tradition-badge\" tabindex=\"0\" data-tooltip=\"Vishetens gudinna.\">Vishetens gudinna<\/span><\/div>\t\t\t\t<\/div>\n\t\t\t\t<\/div>\n\t\t<div class=\"elementor-element elementor-element-iwgw-menrva-tocc e-con-full e-flex e-con e-child\" data-id=\"iwgw-menrva-tocc\" data-element_type=\"container\" data-e-type=\"container\">\n\t\t\t\t<div class=\"elementor-element elementor-element-iwgw-menrva-toc elementor-toc--minimized-on-tablet elementor-widget elementor-widget-table-of-contents\" data-id=\"iwgw-menrva-toc\" data-element_type=\"widget\" data-e-type=\"widget\" data-settings=\"{&quot;headings_by_tags&quot;:[&quot;h2&quot;,&quot;h3&quot;],&quot;minimize_box&quot;:&quot;yes&quot;,&quot;marker_view&quot;:&quot;bullets&quot;,&quot;no_headings_message&quot;:&quot;Inga rubriker hittades p\\u00e5 den h\\u00e4r sidan.&quot;,&quot;exclude_headings_by_selector&quot;:[],&quot;icon&quot;:{&quot;value&quot;:&quot;fas fa-circle&quot;,&quot;library&quot;:&quot;fa-solid&quot;,&quot;rendered_tag&quot;:&quot;&lt;svg class=\\&quot;e-font-icon-svg e-fas-circle\\&quot; viewBox=\\&quot;0 0 512 512\\&quot; xmlns=\\&quot;http:\\\/\\\/www.w3.org\\\/2000\\\/svg\\&quot;&gt;&lt;path d=\\&quot;M256 8C119 8 8 119 8 256s111 248 248 248 248-111 248-248S393 8 256 8z\\&quot;&gt;&lt;\\\/path&gt;&lt;\\\/svg&gt;&quot;},&quot;minimized_on&quot;:&quot;tablet&quot;,&quot;hierarchical_view&quot;:&quot;yes&quot;,&quot;min_height&quot;:{&quot;unit&quot;:&quot;px&quot;,&quot;size&quot;:&quot;&quot;,&quot;sizes&quot;:[]},&quot;min_height_tablet&quot;:{&quot;unit&quot;:&quot;px&quot;,&quot;size&quot;:&quot;&quot;,&quot;sizes&quot;:[]},&quot;min_height_mobile&quot;:{&quot;unit&quot;:&quot;px&quot;,&quot;size&quot;:&quot;&quot;,&quot;sizes&quot;:[]}}\" data-widget_type=\"table-of-contents.default\">\n\t\t\t\t\t\t\t\t\t<div class=\"elementor-toc__header\">\n\t\t\t\t\t\t<h2 class=\"elementor-toc__header-title\">\n\t\t\t\tInneh\u00e5llsf\u00f6rteckning\t\t\t<\/h2>\n\t\t\t\t\t\t\t\t\t\t<div class=\"elementor-toc__toggle-button elementor-toc__toggle-button--expand\" role=\"button\" tabindex=\"0\" aria-controls=\"elementor-toc__iwgw-menrva-toc\" aria-expanded=\"true\" aria-label=\"Inhaltsverzeichnis \u00f6ffnen\"><svg aria-hidden=\"true\" class=\"e-font-icon-svg e-fas-chevron-down\" viewBox=\"0 0 448 512\" xmlns=\"http:\/\/www.w3.org\/2000\/svg\"><path d=\"M207.029 381.476L12.686 187.132c-9.373-9.373-9.373-24.569 0-33.941l22.667-22.667c9.357-9.357 24.522-9.375 33.901-.04L224 284.505l154.745-154.021c9.379-9.335 24.544-9.317 33.901.04l22.667 22.667c9.373 9.373 9.373 24.569 0 33.941L240.971 381.476c-9.373 9.372-24.569 9.372-33.942 0z\"><\/path><\/svg><\/div>\n\t\t\t\t<div class=\"elementor-toc__toggle-button elementor-toc__toggle-button--collapse\" role=\"button\" tabindex=\"0\" aria-controls=\"elementor-toc__iwgw-menrva-toc\" aria-expanded=\"true\" aria-label=\"Inhaltsverzeichnis schlie\u00dfen\"><svg aria-hidden=\"true\" class=\"e-font-icon-svg e-fas-chevron-up\" viewBox=\"0 0 448 512\" xmlns=\"http:\/\/www.w3.org\/2000\/svg\"><path d=\"M240.971 130.524l194.343 194.343c9.373 9.373 9.373 24.569 0 33.941l-22.667 22.667c-9.357 9.357-24.522 9.375-33.901.04L224 227.495 69.255 381.516c-9.379 9.335-24.544 9.317-33.901-.04l-22.667-22.667c-9.373-9.373-9.373-24.569 0-33.941L207.03 130.525c9.372-9.373 24.568-9.373 33.941-.001z\"><\/path><\/svg><\/div>\n\t\t\t\t\t<\/div>\n\t\t\t\t<div id=\"elementor-toc__iwgw-menrva-toc\" class=\"elementor-toc__body\">\n\t\t\t<div class=\"elementor-toc__spinner-container\">\n\t\t\t\t<svg class=\"elementor-toc__spinner eicon-animation-spin e-font-icon-svg e-eicon-loading\" aria-hidden=\"true\" viewBox=\"0 0 1000 1000\" xmlns=\"http:\/\/www.w3.org\/2000\/svg\"><path d=\"M500 975V858C696 858 858 696 858 500S696 142 500 142 142 304 142 500H25C25 237 238 25 500 25S975 237 975 500 763 975 500 975Z\"><\/path><\/svg>\t\t\t<\/div>\n\t\t<\/div>\n\t\t\t\t\t\t<\/div>\n\t\t\t\t<\/div>\n\t\t\t\t\t<\/div>\n\t\t\t\t<\/div>\n\t\t<div class=\"elementor-element elementor-element-iwgw-menrva-hr e-con-full e-flex e-con e-child\" data-id=\"iwgw-menrva-hr\" data-element_type=\"container\" data-e-type=\"container\">\n\t\t\t\t<div class=\"elementor-element elementor-element-iwgw-menrva-heroimg iwg-hero-image elementor-widget elementor-widget-image\" data-id=\"iwgw-menrva-heroimg\" data-element_type=\"widget\" data-e-type=\"widget\" data-widget_type=\"image.default\">\n\t\t\t\t\t\t\t\t\t\t\t\t\t\t\t<img fetchpriority=\"high\" decoding=\"async\" width=\"683\" height=\"1024\" src=\"https:\/\/iwell-guard.com\/wp-content\/uploads\/2026\/05\/goetter_etruskisch_menrva-683x1024.webp\" class=\"attachment-large size-large wp-image-2817\" alt=\"Menrva - G\u00f6tter aus der Etruskisch-Tradition, historisch-illustrativ\" srcset=\"https:\/\/iwell-guard.com\/wp-content\/uploads\/2026\/05\/goetter_etruskisch_menrva-683x1024.webp 683w, https:\/\/iwell-guard.com\/wp-content\/uploads\/2026\/05\/goetter_etruskisch_menrva-200x300.webp 200w, https:\/\/iwell-guard.com\/wp-content\/uploads\/2026\/05\/goetter_etruskisch_menrva-768x1152.webp 768w, https:\/\/iwell-guard.com\/wp-content\/uploads\/2026\/05\/goetter_etruskisch_menrva.webp 1024w\" sizes=\"(max-width: 683px) 100vw, 683px\" \/>\t\t\t\t\t\t\t\t\t\t\t\t\t\t\t<\/div>\n\t\t\t\t<\/div>\n\t\t\t\t\t<\/div>\n\t\t\t\t<\/div>\n\t\t<div class=\"elementor-element elementor-element-iwgw-menrva-s0 e-flex e-con-boxed e-con e-parent\" data-id=\"iwgw-menrva-s0\" data-element_type=\"container\" data-e-type=\"container\">\n\t\t\t\t\t<div class=\"e-con-inner\">\n\t\t\t\t<div class=\"elementor-element elementor-element-iwgw-menrva-s0h elementor-widget elementor-widget-heading\" data-id=\"iwgw-menrva-s0h\" data-element_type=\"widget\" data-e-type=\"widget\" data-widget_type=\"heading.default\">\n\t\t\t\t\t<h2 class=\"elementor-heading-title elementor-size-default\">Plats i det etruskiska pantheon<\/h2>\t\t\t\t<\/div>\n\t\t<div class=\"elementor-element elementor-element-iwgw-menrva-s0c e-con-full e-flex e-con e-child\" data-id=\"iwgw-menrva-s0c\" data-element_type=\"container\" data-e-type=\"container\">\n\t\t\t\t<div class=\"elementor-element elementor-element-iwgw-menrva-s0t elementor-widget elementor-widget-text-editor\" data-id=\"iwgw-menrva-s0t\" data-element_type=\"widget\" data-e-type=\"widget\" data-widget_type=\"text-editor.default\">\n\t\t\t\t\t\t\t\t\t<p>Menrva h\u00f6r till de h\u00f6gsta gudarna i den etruskiska religionen. Som en del av den kapitolinska triaden Tinia-Uni-Menrva var hon central f\u00f6r den etruskiska statskulten, som i och med etruskernas uppf\u00f6rande av det romerska Capitolium (slutet av 500-talet f. Kr.) \u00e4ven gick \u00f6ver i det romerska statsv\u00e4sendet.<\/p><p>Larissa Bonfante och Nancy Thomson de Grummond har behandlat Menrva i sina standardverk om etruskisk religion. Hon \u00e4r en av de vanligaste gudinnorna i etruskisk bildkonst, vilket vittnar om hennes betydelse.<\/p><p>Menrva \u00e4r en del av en religion vars religionsvetenskapliga tjuskraft ligger i att den f\u00f6rmedlar mellan den grekisk-medelhavska och den italisk-romerska <span class=\"iwg-fachbegriff\" data-tooltip=\"\u00d6verf\u00f6ringen av kunskap och ber\u00e4ttelser genom generationer.\" tabindex=\"0\">traditionen<\/span>. V\u00e4sentliga forskningsbidrag har lagts fram av Massimo Pallottino, Jacques Heurgon, Sybille Haynes, Mauro Cristofani och Giovanni Colonna, vars arbeten har visat att den etruskiska religionen utg\u00f6r en i sig sj\u00e4lvst\u00e4ndig tradition.<\/p><p>Den etruskiska <span class=\"iwg-fachbegriff\" data-tooltip=\"Den vetenskapliga l\u00e4ran om gud och om en religions tro.\" tabindex=\"0\">teologin<\/span> f\u00f6rfogade \u00f6ver en klart uppbyggd <span class=\"iwg-fachbegriff\" data-tooltip=\"Samlingen av gudar inom en religion eller kultur.\" tabindex=\"0\">pantheon<\/span> med fasta rangordningar och noggrant f\u00f6rdelade ansvarsomr\u00e5den. Menrva var d\u00e4r fast f\u00f6rankrad som gudinna f\u00f6r vishet, hantverk och krig. Medan \u00e4ldre studier g\u00e4rna framst\u00e4llde detta gudasystem som g\u00e5tfullt eller fr\u00e4mmande, betraktas det i dag som en egen variant av medelhavsreligion.<\/p><p>I Italiens religionshistoria intog etruskerna en f\u00f6rmedlande position mellan grekiska influenser och den framv\u00e4xande romerska religionen. Att Menrva blev den romerska Minerva \u00e4r ett exempel p\u00e5 denna medlarroll, som v\u00e4cker s\u00e4rskilt vetenskapligt intresse.<\/p><p>Den religionsetnologiska forskningen under de senaste decennierna betraktar den etruskiska religionen som ett i sig slutet, religionsfenomenologiskt sj\u00e4lvst\u00e4ndigt system. Den \u00e4ldre tolkningen, som uppfattade den som en ren avl\u00e4ggare av den grekiska religionen, har ersatts av en betydligt mer nyanserad syn, som \u00e4ven gynnat f\u00f6rst\u00e5elsen av Menrva.<\/p>\t\t\t\t\t\t\t\t<\/div>\n\t\t\t\t<\/div>\n\t\t\t\t\t<\/div>\n\t\t\t\t<\/div>\n\t\t<div class=\"elementor-element elementor-element-iwgw-menrva-s1 e-flex e-con-boxed e-con e-parent\" data-id=\"iwgw-menrva-s1\" data-element_type=\"container\" data-e-type=\"container\">\n\t\t\t\t\t<div class=\"e-con-inner\">\n\t\t\t\t<div class=\"elementor-element elementor-element-iwgw-menrva-s1h elementor-widget elementor-widget-heading\" data-id=\"iwgw-menrva-s1h\" data-element_type=\"widget\" data-e-type=\"widget\" data-widget_type=\"heading.default\">\n\t\t\t\t\t<h2 class=\"elementor-heading-title elementor-size-default\">Namn och etymologi<\/h2>\t\t\t\t<\/div>\n\t\t<div class=\"elementor-element elementor-element-iwgw-menrva-s1c e-con-full e-flex e-con e-child\" data-id=\"iwgw-menrva-s1c\" data-element_type=\"container\" data-e-type=\"container\">\n\t\t\t\t<div class=\"elementor-element elementor-element-iwgw-menrva-s1t elementor-widget elementor-widget-text-editor\" data-id=\"iwgw-menrva-s1t\" data-element_type=\"widget\" data-e-type=\"widget\" data-widget_type=\"text-editor.default\">\n\t\t\t\t\t\t\t\t\t<p>Namnet Menrva \u00e4r f\u00f6rbundet med den indoeuropeiska stammen *men- (&#8217;t\u00e4nka, mena, minnas&#8217;), vilket st\u00e4mmer v\u00e4l med hennes funktion som vishetens gudinna. Denna etymologi \u00e4r \u00e4ven belagd f\u00f6r den romerska Minerva; etruskiska Menrva och romerska Minerva \u00e4r spr\u00e5kligt besl\u00e4ktade.<\/p><p>I etruskiska inskriptioner f\u00f6rekommer hon \u00e4ven som Menerva eller Menarva. Den exakta ljudhistorien \u00e4r f\u00f6rem\u00e5l f\u00f6r forskning. Helmut Rix&#8217; <em>Editio Minor<\/em> samlar de epigrafiska bel\u00e4ggen.<\/p><p>Etruskiskan kan inte s\u00e4kert f\u00f6ras till n\u00e5gon k\u00e4nd spr\u00e5kfamilj; den betraktas som isolerad eller h\u00e4nf\u00f6rs hypotetiskt till en tyrsensk grupp, som m\u00f6jligen \u00e4ven omfattar lemniskan och r\u00e4tiskan. Tydningen av texterna har sysselsatt forskningen sedan 1800-talet och \u00e4r \u00e4nnu inte slutf\u00f6rd.<\/p><p>Som epigrafiskt grundverk tj\u00e4nar Helmut Rix&#8217; Editio Minor, som sammanfattar det etruskiska spr\u00e5kkorpuset; i den finns \u00e4ven skrivvarianterna av namnet Menrva dokumenterade. Den kompletteras i dag av Thesaurus Linguae Etruscae och \u043e\u043dlinedatabasen ETP, Etruscan Texts Project.<\/p><p>Om etruskernas ursprung r\u00e5dde redan oenighet under <span class=\"iwg-fachbegriff\" data-tooltip=\"Den grekiska och romerska kulturens epok, ungef\u00e4r 800 f. Kr. till 600 e. Kr.\" tabindex=\"0\">antiken<\/span>: Herodot h\u00e4rledde dem fr\u00e5n Lydien, medan Dionysios av Halikarnassos betraktade dem som ett inhemskt italiskt folk. Denna fr\u00e5ga \u00e4r religionshistoriskt relevant, eftersom den ber\u00f6r eventuella samband mellan den etruskiska religionen och kulter i Mindre Asien.<\/p><p>Spr\u00e5kvetenskap och epigrafik samarbetar i dag n\u00e4ra med varandra. J\u00e4mf\u00f6rande unders\u00f6kningar, \u00e4ven av teonymer som Menrva, har underl\u00e4ttats avsev\u00e4rt genom den digitala editionen av etruskiska texter, Etruscan Texts Project (ETP). V\u00e4gledande bidrag till detta kommer fr\u00e5n Marie-Laurence Haack och Vincent Jolivet.<\/p>\t\t\t\t\t\t\t\t<\/div>\n\t\t\t\t<\/div>\n\t\t\t\t\t<\/div>\n\t\t\t\t<\/div>\n\t\t<div class=\"elementor-element elementor-element-iwgw-menrva-s2 e-flex e-con-boxed e-con e-parent\" data-id=\"iwgw-menrva-s2\" data-element_type=\"container\" data-e-type=\"container\">\n\t\t\t\t\t<div class=\"e-con-inner\">\n\t\t\t\t<div class=\"elementor-element elementor-element-iwgw-menrva-s2h elementor-widget elementor-widget-heading\" data-id=\"iwgw-menrva-s2h\" data-element_type=\"widget\" data-e-type=\"widget\" data-widget_type=\"heading.default\">\n\t\t\t\t\t<h2 class=\"elementor-heading-title elementor-size-default\">Beskrivning och ikonografi<\/h2>\t\t\t\t<\/div>\n\t\t<div class=\"elementor-element elementor-element-iwgw-menrva-s2c e-con-full e-flex e-con e-child\" data-id=\"iwgw-menrva-s2c\" data-element_type=\"container\" data-e-type=\"container\">\n\t\t\t\t<div class=\"elementor-element elementor-element-iwgw-menrva-s2t elementor-widget elementor-widget-text-editor\" data-id=\"iwgw-menrva-s2t\" data-element_type=\"widget\" data-e-type=\"widget\" data-widget_type=\"text-editor.default\">\n\t\t\t\t\t\t\t\t\t<p>Menrva avbildas i den etruskiska konsten som en bev\u00e4pnad gudinna &#8211; med hj\u00e4lm, lans, sk\u00f6ld och ibland \u00e4ven gorgoneion p\u00e5 aegisen. Denna <span class=\"iwg-fachbegriff\" data-tooltip=\"L\u00e4ran om bildinneh\u00e5ll och dess betydelse.\" tabindex=\"0\">ikonografi<\/span> \u00e4r \u00f6vertagen fr\u00e5n den grekiska Athena, med egna etruskiska accenter.<\/p><p>P\u00e5 etruskiska speglar f\u00f6rekommer Menrva ofta i mytologiska scener, ofta med bildtext. En viktig avbildning visar henne vid f\u00f6delsen ur Tinias huvud &#8211; en direkt parallell till Athenas f\u00f6delse ur Zeus huvud. Denna scen \u00e4r belagd p\u00e5 flera speglar fr\u00e5n 4:e\/3:e \u00e5rhundradet f.Kr.<\/p><p>Religionsfenomenologiskt \u00e4r den etruskiska bildkonsten utomordentligt givande, och den utg\u00f6r samtidigt huvudk\u00e4llan till v\u00e5r kunskap, inte minst f\u00f6r de talrika avbildningarna av Menrva. Speglar, vaser, gravm\u00e5lningar och bronser utg\u00f6r merparten av materialet. Larissa Bonfante har i sina unders\u00f6kningar betonat att detta bildspr\u00e5k utg\u00f6r en sj\u00e4lvst\u00e4ndig tradition och inte bara \u00e4r h\u00e4rlett.<\/p><p>En f\u00f6rstklassig k\u00e4lla till etruskernas religion och eskatologi \u00e4r gravm\u00e5lningarna, framf\u00f6r allt fr\u00e5n Tarquinia, Cerveteri och Vulci. Deras bilder visar g\u00e4stabud, mytologiska episoder samt dans och musik, och skildrar ett efterliv som t\u00e4nks som en forts\u00e4ttning av det jordiska livet.<\/p><p>I den etruskiska <span class=\"iwg-fachbegriff\" data-tooltip=\"L\u00e4ran om bildinneh\u00e5ll och dess betydelse.\" tabindex=\"0\">ikonografin<\/span> dominerar scener med m\u00e5nga figurer, ber\u00e4ttande samband och symboliskt f\u00f6rt\u00e4tade utsagor; \u00e4ven Menrva f\u00f6rekommer regelbundet i s\u00e5dana bildsammanhang. Utforskningen av detta bildspr\u00e5k \u00e4r f\u00f6rem\u00e5l f\u00f6r den etruskiska religionsikonografin.<\/p><p>K\u00e4nnetecknande f\u00f6r den etruskiska bildkonsten \u00e4r en t\u00e4t ber\u00e4ttande skiktning. Redan en enda spegel eller en enskild vas kan inneh\u00e5lla flera mytologiska samband samtidigt, till exempel n\u00e4r Menrva f\u00f6rekommer tillsammans med andra gestalter. Denna f\u00f6rt\u00e4tning kr\u00e4ver av forskningen en noggrann analys av bildsammanhanget.<\/p>\t\t\t\t\t\t\t\t<\/div>\n\t\t\t\t<\/div>\n\t\t\t\t\t<\/div>\n\t\t\t\t<\/div>\n\t\t<div class=\"elementor-element elementor-element-iwgw-menrva-s3 e-flex e-con-boxed e-con e-parent\" data-id=\"iwgw-menrva-s3\" data-element_type=\"container\" data-e-type=\"container\">\n\t\t\t\t\t<div class=\"e-con-inner\">\n\t\t\t\t<div class=\"elementor-element elementor-element-iwgw-menrva-s3h elementor-widget elementor-widget-heading\" data-id=\"iwgw-menrva-s3h\" data-element_type=\"widget\" data-e-type=\"widget\" data-widget_type=\"heading.default\">\n\t\t\t\t\t<h2 class=\"elementor-heading-title elementor-size-default\">Mytologiska ber\u00e4ttelser<\/h2>\t\t\t\t<\/div>\n\t\t<div class=\"elementor-element elementor-element-iwgw-menrva-s3c e-con-full e-flex e-con e-child\" data-id=\"iwgw-menrva-s3c\" data-element_type=\"container\" data-e-type=\"container\">\n\t\t\t\t<div class=\"elementor-element elementor-element-iwgw-menrva-s3t elementor-widget elementor-widget-text-editor\" data-id=\"iwgw-menrva-s3t\" data-element_type=\"widget\" data-e-type=\"widget\" data-widget_type=\"text-editor.default\">\n\t\t\t\t\t\t\t\t\t<p>Den etruskiska Menrva-<span class=\"iwg-fachbegriff\" data-tooltip=\"Den samlade m\u00e4ngden \u00f6verl\u00e4mnade gudaber\u00e4ttelser i en kultur.\" tabindex=\"0\">mytologin<\/span> uppvisar m\u00e5nga kopplingar till den grekiska Athena-traditionen. K\u00e4nd \u00e4r ber\u00e4ttelsen om Menrvas f\u00f6delse ur Tinias huvud &#8211; en direkt anpassning av den grekiska <span class=\"iwg-fachbegriff\" data-tooltip=\"En \u00f6verl\u00e4mnad ber\u00e4ttelse om gudar, ursprung och v\u00e4rldens ordning.\" tabindex=\"0\">myten<\/span>. P\u00e5 etruskiska speglar \u00e4r denna scen belagd med bildtexten &#8217;Menrva&#8217;.<\/p><p>Andra ber\u00e4ttelser skildrar Menrva som hj\u00e4lparinna \u00e5t hj\u00e4ltarna, som r\u00e5dgivare och som beskyddare. I den etruskiska anpassningen av Trojanska kriget (p\u00e5 speglar och sarkofager) framtr\u00e4der Menrva ofta vid sidan av de grekiska hj\u00e4ltarna.<\/p><p><span class=\"iwg-fachbegriff\" data-tooltip=\"Den samlade m\u00e4ngden \u00f6verl\u00e4mnade gudaber\u00e4ttelser i en kultur.\" tabindex=\"0\">Mytologin<\/span> hos etruskerna \u00e4r, till skillnad fr\u00e5n den grekiska eller romerska, inte \u00f6verl\u00e4mnad i utformade ber\u00e4ttande texter. Myter kring Menrva m\u00e5ste rekonstrueras utifr\u00e5n bildframst\u00e4llningar, inskrifter och den grekisk-romerska sekund\u00e4r\u00f6verl\u00e4mningen. Detta indirekta k\u00e4ll\u00e4ge kr\u00e4ver s\u00e4rskild metodisk omsorg.<\/p><p>F\u00f6rh\u00e5llandet mellan etruskisk och grekisk <span class=\"iwg-fachbegriff\" data-tooltip=\"Den samlade m\u00e4ngden \u00f6verl\u00e4mnade gudaber\u00e4ttelser i en kultur.\" tabindex=\"0\">mytologi<\/span> \u00e4r komplext. Etruskerna \u00f6vertog \u00e5 ena sidan m\u00e5nga grekiska stoff, till exempel om Achilleus, Odysseus och Oidipus, men gav dem \u00e5 andra sidan egna tolkningar och tyngdpunkter. Hur denna anpassning gick till i detalj, till exempel n\u00e4r Athenas drag \u00f6verf\u00f6rdes till Menrva, unders\u00f6ks intensivt av forskningen.<\/p><p>Ett typiskt k\u00e4nnetecken f\u00f6r den etruskiska <span class=\"iwg-fachbegriff\" data-tooltip=\"Den vetenskapliga l\u00e4ran om Gud och om en religions tro.\" tabindex=\"0\">teologin<\/span> \u00e4r gudarnas r\u00e5d, consensus deorum. H\u00f6gguden Tinia, ur vars huvud Menrva enligt etruskisk <span class=\"iwg-fachbegriff\" data-tooltip=\"\u00d6verf\u00f6ringen av kunskap och ber\u00e4ttelser genom generationer.\" tabindex=\"0\">tradition<\/span> f\u00f6ds, handlar inte ensam utan r\u00e5dg\u00f6r med de \u00f6vriga gudarna. Religionsfenomenologiskt utg\u00f6r detta gremium en s\u00e4rskild egenhet.<\/p><p>En sammanh\u00e4ngande ber\u00e4ttartradition har den etruskiska <span class=\"iwg-fachbegriff\" data-tooltip=\"Den samlade m\u00e4ngden \u00f6verl\u00e4mnade gudaber\u00e4ttelser i en kultur.\" tabindex=\"0\">mytologin<\/span> inte l\u00e4mnat efter sig; den m\u00e5ste s\u00e4ttas samman utifr\u00e5n bildscener, inskrifter och sekund\u00e4rk\u00e4llor, vilket kr\u00e4ver noggrann tolkning. F\u00f6r en gudinna som Menrva visar sig s\u00e4rskilt en metod fungera v\u00e4l, en metod som f\u00f6renar den etruskiska bildtexten, den grekiska bildf\u00f6rlagan och den kontextuella l\u00e4sningen av scenen.<\/p>\t\t\t\t\t\t\t\t<\/div>\n\t\t\t\t<\/div>\n\t\t\t\t\t<\/div>\n\t\t\t\t<\/div>\n\t\t<div class=\"elementor-element elementor-element-iwgw-menrva-s4 e-flex e-con-boxed e-con e-parent\" data-id=\"iwgw-menrva-s4\" data-element_type=\"container\" data-e-type=\"container\">\n\t\t\t\t\t<div class=\"e-con-inner\">\n\t\t\t\t<div class=\"elementor-element elementor-element-iwgw-menrva-s4h elementor-widget elementor-widget-heading\" data-id=\"iwgw-menrva-s4h\" data-element_type=\"widget\" data-e-type=\"widget\" data-widget_type=\"heading.default\">\n\t\t\t\t\t<h2 class=\"elementor-heading-title elementor-size-default\">Menrva som hantverkets gudinna<\/h2>\t\t\t\t<\/div>\n\t\t<div class=\"elementor-element elementor-element-iwgw-menrva-s4c e-con-full e-flex e-con e-child\" data-id=\"iwgw-menrva-s4c\" data-element_type=\"container\" data-e-type=\"container\">\n\t\t\t\t<div class=\"elementor-element elementor-element-iwgw-menrva-s4t elementor-widget elementor-widget-text-editor\" data-id=\"iwgw-menrva-s4t\" data-element_type=\"widget\" data-e-type=\"widget\" data-widget_type=\"text-editor.default\">\n\t\t\t\t\t\t\t\t\t<p>Menrva \u00e4r inte bara krigsgudinna, utan \u00e4ven gudinna f\u00f6r hantverk, v\u00e4vkonst, l\u00e4kekonst och skapande konster. Denna m\u00e5ngdimensionella funktion motsvarar den grekiska Athena. Den etruskiska traditionen betonar dock den hantverksm\u00e4ssiga och konstn\u00e4rliga sidan s\u00e4rskilt starkt.<\/p><p>Etruskiska hantverkare, framf\u00f6r allt bronssmider och skulpt\u00f6rer, \u00e5beropade Menrva som skyddsgudinna. Den etruskiska bronskonsten anses under <span class=\"iwg-fachbegriff\" data-tooltip=\"Epok inom den grekiska och romerska kulturen, ungef\u00e4r 800 f.Kr. till 600 e.Kr.\" tabindex=\"0\">antiken<\/span> ha varit framst\u00e5ende, vilket f\u00f6rankrade Menrva-kopplingen religi\u00f6st. Larissa Bonfante har dokumenterat detta samband i <em>Etruscan Bronzes<\/em>.<\/p><p>Disciplina Etrusca, etruskernas ordnade sp\u00e5domskonst, omfattar tre grenar: in\u00e4lvssk\u00e5dning (haruspicina), blixttolkning (fulguratio) och f\u00e5gelsk\u00e5dning (auspicia). Den f\u00f6rdes vidare fr\u00e5n etruskerna till romarna och praktiserades \u00e4nda fram till 400-talet e.Kr. Utf\u00f6rliga skildringar har vi Cicero och Seneca att tacka f\u00f6r.<\/p><p>Disciplina Etrusca f\u00f6rmedlades i s\u00e4rskilda pr\u00e4stskolor avsedda f\u00f6r \u00e4ndam\u00e5let. Bland dess viktiga skrifter fanns Libri Rituales, Libri Haruspicini och Libri Fulgurales. Dessa b\u00f6cker har inte bevarats, men kan delvis rekonstrueras utifr\u00e5n citat hos romerska f\u00f6rfattare som Cicero, Festus och Macrobius.<\/p><p>Det etruskiska kultv\u00e4sendet var starkt knutet till respektive stad. Vart och ett av de stora centren, det vill s\u00e4ga Tarquinia, Caere, Vulci, Veji, Clusium, Volsinii, Cortona, Perugia, Arezzo, Volterra, Populonia och Roselle, hade egna huvudkulter och religi\u00f6sa s\u00e4rdrag, vilket gjorde att \u00e4ven dyrkan av Menrva varierade lokalt.<\/p><p>Som ett slutet religi\u00f6st-divinatoriskt system r\u00e4knas Disciplina Etrusca till de mest utvecklade sp\u00e5domspraktikerna under <span class=\"iwg-fachbegriff\" data-tooltip=\"Epok inom den grekiska och romerska kulturen, ungef\u00e4r 800 f.Kr. till 600 e.Kr.\" tabindex=\"0\">antiken<\/span>. Romarna \u00f6vertog den systematiskt, och den fortlevde \u00e4nda in i den sena <span class=\"iwg-fachbegriff\" data-tooltip=\"Epok inom den grekiska och romerska kulturen, ungef\u00e4r 800 f.Kr. till 600 e.Kr.\" tabindex=\"0\">antiken<\/span>. Denna kontinuitet \u00e4r historiskt anm\u00e4rkningsv\u00e4rd.<\/p>\t\t\t\t\t\t\t\t<\/div>\n\t\t\t\t<\/div>\n\t\t\t\t\t<\/div>\n\t\t\t\t<\/div>\n\t\t<div class=\"elementor-element elementor-element-iwgw-menrva-s5 e-flex e-con-boxed e-con e-parent\" data-id=\"iwgw-menrva-s5\" data-element_type=\"container\" data-e-type=\"container\">\n\t\t\t\t\t<div class=\"e-con-inner\">\n\t\t\t\t<div class=\"elementor-element elementor-element-iwgw-menrva-s5h elementor-widget elementor-widget-heading\" data-id=\"iwgw-menrva-s5h\" data-element_type=\"widget\" data-e-type=\"widget\" data-widget_type=\"heading.default\">\n\t\t\t\t\t<h2 class=\"elementor-heading-title elementor-size-default\">Kult och riter<\/h2>\t\t\t\t<\/div>\n\t\t<div class=\"elementor-element elementor-element-iwgw-menrva-s5c e-con-full e-flex e-con e-child\" data-id=\"iwgw-menrva-s5c\" data-element_type=\"container\" data-e-type=\"container\">\n\t\t\t\t<div class=\"elementor-element elementor-element-iwgw-menrva-s5t elementor-widget elementor-widget-text-editor\" data-id=\"iwgw-menrva-s5t\" data-element_type=\"widget\" data-e-type=\"widget\" data-widget_type=\"text-editor.default\">\n\t\t\t\t\t\t\t\t\t<p>Menrva dyrkades i talrika etruskiska stadstempel. Viktiga kultplatser var Veji, Tarquinia, Volsinii och Capitolium i Rom. <span class=\"iwg-fachbegriff\" data-tooltip=\"En byggnad som \u00e4r \u00e4gnad \u00e5t dyrkan av en eller flera gudomar.\" tabindex=\"0\">Templet<\/span> i Portonaccio n\u00e4ra Veji (600-talet f.Kr.) var invigt \u00e5t henne och \u00e4r ett av de b\u00e4st bevarade etruskiska helgedomarna.<\/p><p>Riterna omfattade <span class=\"iwg-fachbegriff\" data-tooltip=\"G\u00e5va till en gudom f\u00f6r att uttrycka tacksamhet, b\u00f6n eller v\u00f6rdnad.\" tabindex=\"0\">offer<\/span>, b\u00f6ner och processioner. Hantverkare och soldater var bland hennes viktigaste dyrkare. Quinquatria-h\u00f6gtiderna i Rom (19-23 mars), till\u00e4gnade Minerva, g\u00e5r troligen tillbaka p\u00e5 etruskiska f\u00f6reg\u00e5ngare.<\/p><p>Arkitektoniskt skiljer sig etruskiska <span class=\"iwg-fachbegriff\" data-tooltip=\"En byggnad som \u00e4r \u00e4gnad \u00e5t dyrkan av en eller flera gudomar.\" tabindex=\"0\">tempel<\/span>, d\u00e4r \u00e4ven Menrva dyrkades, genom den s\u00e5 kallade tuscanska stilen, en egen pelarordning som Vitruvius beskriver i De Architectura. Deras planl\u00f6sningar betonar cellan och en bred fr\u00e4mre hall och skiljer sig d\u00e4rigenom tydligt fr\u00e5n grekiska f\u00f6rebilder.<\/p><p>M\u00e5nga etruskiska <span class=\"iwg-fachbegriff\" data-tooltip=\"En byggnad som \u00e4r \u00e4gnad \u00e5t dyrkan av en eller flera gudomar.\" tabindex=\"0\">tempel<\/span> var monumentalt utformade. Jupiter-<span class=\"iwg-fachbegriff\" data-tooltip=\"En byggnad som \u00e4r \u00e4gnad \u00e5t dyrkan av en eller flera gudomar.\" tabindex=\"0\">templet<\/span> p\u00e5 romerska Capitolium uppf\u00f6rdes exempelvis av etruskiska arkitekter och konstn\u00e4rer, framf\u00f6r allt av Vulca fr\u00e5n Veji. Eftersom byggnaden inrymde den kapitolinska triaden med Minerva, det vill s\u00e4ga Menrva, betraktas den som ett arkitektoniskt vittnesb\u00f6rd om etruskisk religiositet i det tidiga Rom.<\/p><p>F\u00f6rbundet av de tolv etruskiska st\u00e4derna sammantr\u00e4dde varje \u00e5r vid Fanum Voltumnae n\u00e4ra Volsinii till en samling som var b\u00e5de religi\u00f6s och politisk. Skyddsgudom f\u00f6r detta statsf\u00f6rbund var Voltumna, vars religi\u00f6sa betydelse str\u00e4ckte sig bortom de enskilda stadskulterna.<\/p>\t\t\t\t\t\t\t\t<\/div>\n\t\t\t\t<\/div>\n\t\t\t\t\t<\/div>\n\t\t\t\t<\/div>\n\t\t<div class=\"elementor-element elementor-element-iwgw-menrva-s6 e-flex e-con-boxed e-con e-parent\" data-id=\"iwgw-menrva-s6\" data-element_type=\"container\" data-e-type=\"container\">\n\t\t\t\t\t<div class=\"e-con-inner\">\n\t\t\t\t<div class=\"elementor-element elementor-element-iwgw-menrva-s6h elementor-widget elementor-widget-heading\" data-id=\"iwgw-menrva-s6h\" data-element_type=\"widget\" data-e-type=\"widget\" data-widget_type=\"heading.default\">\n\t\t\t\t\t<h2 class=\"elementor-heading-title elementor-size-default\">Skyddstraditioner och apotrop\u00e4iska bruk<\/h2>\t\t\t\t<\/div>\n\t\t<div class=\"elementor-element elementor-element-iwgw-menrva-s6c e-con-full e-flex e-con e-child\" data-id=\"iwgw-menrva-s6c\" data-element_type=\"container\" data-e-type=\"container\">\n\t\t\t\t<div class=\"elementor-element elementor-element-iwgw-menrva-s6t elementor-widget elementor-widget-text-editor\" data-id=\"iwgw-menrva-s6t\" data-element_type=\"widget\" data-e-type=\"widget\" data-widget_type=\"text-editor.default\">\n\t\t\t\t\t\t\t\t\t<p>Menrva \u00e5kallades i skyddssammanhang fr\u00e4mst i fr\u00e5ga om krig, hantverk och l\u00e4kekonst. Soldater bad till henne f\u00f6re strid, hantverkare f\u00f6re viktiga arbeten, l\u00e4kare f\u00f6re behandlingar. Gorgoneion-aegisen \u00e4r en central apotrop\u00e4isk <span class=\"iwg-fachbegriff\" data-tooltip=\"Ett tecken som representerar en f\u00f6rest\u00e4llning eller betydelse.\" tabindex=\"0\">symbol<\/span> f\u00f6r Menrva.<\/p><p>Apotrop\u00e4iska bilder med koppling till Menrva f\u00f6rekommer p\u00e5 sk\u00f6ldar, p\u00e5 tempelfasader och p\u00e5 personliga amuletter. Larissa Bonfante har analyserat detta bildspr\u00e5k i flera arbeten.<\/p><p><span data-nosnippet>Den etruskiska skyddstraditionen f\u00f6rfogar \u00f6ver talrika avv\u00e4rjande tecken: fallosamuletter, gorgoneion-bilder, \u00f6gonsymboler, bullor och s\u00e4rskilda formler. Gorgoneion f\u00f6rekommer \u00e4ven p\u00e5 Menrvas aegis. Detta bildspr\u00e5k kring skyddssymbolerna har Larissa Bonfante behandlat i sitt verk Etruscan Mirrors, som utkom fr\u00e5n 1980 och fram\u00e5t.<\/span><\/p><p>Avv\u00e4rjande symboler var vanligt f\u00f6rekommande i den etruskiska kulturen, till exempel Tinias \u00f6ga, fallosamuletter och gorgoneia. Man satte upp dem vid tempel, gravar, hushelgedomar och personliga f\u00f6rem\u00e5l. Denna sedv\u00e4nja levde vidare inom b\u00e5de romersk och vidare medelhavsfolklig tro.<\/p><p>I det etruskiska sammanhanget var skyddshandlandet n\u00e4ra knutet till Disciplina Etrusca. Inf\u00f6r varje betydande f\u00f6retag, vare det en stadsgrundl\u00e4ggning, ett krigst\u00e5g eller ett husbygge, inh\u00e4mtades gudarnas vilja genom <span class=\"iwg-fachbegriff\" data-tooltip=\"Att tolka tecken f\u00f6r att f\u00f6rst\u00e5 det dolda eller det kommande.\" tabindex=\"0\">sp\u00e5dom<\/span>.<\/p>\t\t\t\t\t\t\t\t<\/div>\n\t\t\t\t<\/div>\n\t\t\t\t\t<\/div>\n\t\t\t\t<\/div>\n\t\t<div class=\"elementor-element elementor-element-iwgw-menrva-s7 e-flex e-con-boxed e-con e-parent\" data-id=\"iwgw-menrva-s7\" data-element_type=\"container\" data-e-type=\"container\">\n\t\t\t\t\t<div class=\"e-con-inner\">\n\t\t\t\t<div class=\"elementor-element elementor-element-iwgw-menrva-s7h elementor-widget elementor-widget-heading\" data-id=\"iwgw-menrva-s7h\" data-element_type=\"widget\" data-e-type=\"widget\" data-widget_type=\"heading.default\">\n\t\t\t\t\t<h2 class=\"elementor-heading-title elementor-size-default\">Paralleller i andra kulturer<\/h2>\t\t\t\t<\/div>\n\t\t<div class=\"elementor-element elementor-element-iwgw-menrva-s7c e-con-full e-flex e-con e-child\" data-id=\"iwgw-menrva-s7c\" data-element_type=\"container\" data-e-type=\"container\">\n\t\t\t\t<div class=\"elementor-element elementor-element-iwgw-menrva-s7t elementor-widget elementor-widget-text-editor\" data-id=\"iwgw-menrva-s7t\" data-element_type=\"widget\" data-e-type=\"widget\" data-widget_type=\"text-editor.default\">\n\t\t\t\t\t\t\t\t\t<p>Menrva motsvarar funktionellt den grekiska Athena och den romerska Minerva. Sambandet mellan Athena och Menrva \u00e4r n\u00e4ra, b\u00e5de ikonografiskt och mytologiskt &#8211; etruskerna \u00f6vertog Athena-bildtypen och \u00e4ven \u00e5tskilliga Athena-myter. Den romerska Minerva-traditionen g\u00e5r sedan via etruskisk f\u00f6rmedling tillbaka till den grekiska Athena-<span class=\"iwg-fachbegriff\" data-tooltip=\"Helheten av religi\u00f6sa v\u00f6rdnadshandlingar f\u00f6r en gudom eller helig gestalt.\" tabindex=\"0\">kulten<\/span>.<\/p><p>I religionsj\u00e4mf\u00f6rande perspektiv kan Menrva kopplas till andra gudinnor f\u00f6r vishet och hantverk: Sarasvati (vedisk), Brigid (keltisk), Neith (egyptisk). Denna j\u00e4mf\u00f6rbarhet visar den universella religi\u00f6sa konfigurationen av en &#8217;t\u00e4nkande gudinna&#8217;.<\/p><p>Genom interpretatio Romana fick etruskiska gudomar romerska namn: Tinia blev Iupiter, Uni blev Iuno och Menrva blev Minerva. S\u00e5dana likst\u00e4llanden f\u00e5ngade oftast bara utvalda drag, inte hela gestalten. Forskningen under de senaste femtio \u00e5ren har arbetat fram vilka etruskiska s\u00e4rdrag hos Menrva som d\u00e4rigenom bevarades.<\/p><p>M\u00e5ngfaldiga kontakter med anatoliska, feniciska och forna orientaliska traditioner pr\u00e4glar den etruskiska religionen. Det feniciska utbytet bekr\u00e4ftas s\u00e4rskilt av Pyrgi-tavlorna. Denna medelhavs\u00f6verskridande sammanfl\u00e4tning r\u00e4knas till de viktiga forskningsf\u00e4lten under de senaste decennierna.<\/p><p>I religionsj\u00e4mf\u00f6rande perspektiv tillh\u00f6r den etruskiska <span class=\"iwg-fachbegriff\" data-tooltip=\"Helheten av religi\u00f6sa v\u00f6rdnadshandlingar f\u00f6r en gudom eller helig gestalt.\" tabindex=\"0\">kulten<\/span>, inklusive v\u00f6rdnaden av Menrva, den vidare medelhavsreligi\u00f6sa familjen och st\u00e5r i relation till Grekland, Fenicien, Egypten, Anatolien och Latium. Denna sammanfl\u00e4tning utg\u00f6r ett betydande forskningsf\u00e4lt.<\/p>\t\t\t\t\t\t\t\t<\/div>\n\t\t\t\t<\/div>\n\t\t\t\t\t<\/div>\n\t\t\t\t<\/div>\n\t\t<div class=\"elementor-element elementor-element-iwgw-menrva-s8 e-flex e-con-boxed e-con e-parent\" data-id=\"iwgw-menrva-s8\" data-element_type=\"container\" data-e-type=\"container\">\n\t\t\t\t\t<div class=\"e-con-inner\">\n\t\t\t\t<div class=\"elementor-element elementor-element-iwgw-menrva-s8h elementor-widget elementor-widget-heading\" data-id=\"iwgw-menrva-s8h\" data-element_type=\"widget\" data-e-type=\"widget\" data-widget_type=\"heading.default\">\n\t\t\t\t\t<h2 class=\"elementor-heading-title elementor-size-default\">Dagens forskning<\/h2>\t\t\t\t<\/div>\n\t\t<div class=\"elementor-element elementor-element-iwgw-menrva-s8c e-con-full e-flex e-con e-child\" data-id=\"iwgw-menrva-s8c\" data-element_type=\"container\" data-e-type=\"container\">\n\t\t\t\t<div class=\"elementor-element elementor-element-iwgw-menrva-s8t elementor-widget elementor-widget-text-editor\" data-id=\"iwgw-menrva-s8t\" data-element_type=\"widget\" data-e-type=\"widget\" data-widget_type=\"text-editor.default\">\n\t\t\t\t\t\t\t\t\t<p>Forskningen om Menrva har gjort betydande framsteg under de senaste 50 \u00e5ren. Nya fynd fr\u00e5n Veji, Tarquinia, Cerveteri och Volsinii har nyanserat bilden. Viktiga forskare \u00e4r Larissa Bonfante, Nancy Thomson de Grummond, Mauro Cristofani och Anna Marina Moretti Sgubini.<\/p><p>Forskningen unders\u00f6ker intensivt f\u00f6rh\u00e5llandet mellan den grekiska Athena och den etruskiska Menrva: var finns direkta \u00f6vertaganden, var finns egna etruskiska utvecklingar? Denna fr\u00e5ga \u00e4r f\u00f6rem\u00e5l f\u00f6r aktuell diskussion.<\/p><p>Med den etruskiska religionen och d\u00e4rmed \u00e4ven gudinnor som Menrva sysslar idag en internationellt sammanl\u00e4nkad forskning. Till de betydande platserna h\u00f6r universiteten i Florens, Rom Sapienza, Pisa, T\u00fcbingen och Princeton. \u00c5rligen \u00e4gnas flera internationella konferenser \u00e5t enskilda aspekter av \u00e4mnet.<\/p><p>Internationella projekt om etruskisk religion anv\u00e4nder idag digitala metoder: tredimensionella skanningar av tempel och gravar, databaser f\u00f6r inskriptioner och bildk\u00e4llor samt GIS-analyser av bos\u00e4ttningsstrukturen. S\u00e5dana metoder \u00f6ppnar nya insikter, \u00e4ven om Menrvas kultplatser.<\/p><p>Till en bredare allm\u00e4nhet f\u00f6rmedlas dagens etruskiska forskning genom utst\u00e4llningar, till exempel p\u00e5 Vatikanmuseerna, p\u00e5 Museo Nazionale Etrusco di Villa Giulia och p\u00e5 Boston Museum of Fine Arts, samt genom talrika publikationer.<\/p>\t\t\t\t\t\t\t\t<\/div>\n\t\t\t\t<\/div>\n\t\t\t\t\t<\/div>\n\t\t\t\t<\/div>\n\t\t<div class=\"elementor-element elementor-element-iwgw-menrva-s9 e-flex e-con-boxed e-con e-parent\" data-id=\"iwgw-menrva-s9\" data-element_type=\"container\" data-e-type=\"container\">\n\t\t\t\t\t<div class=\"e-con-inner\">\n\t\t\t\t<div class=\"elementor-element elementor-element-iwgw-menrva-s9h elementor-widget elementor-widget-heading\" data-id=\"iwgw-menrva-s9h\" data-element_type=\"widget\" data-e-type=\"widget\" data-widget_type=\"heading.default\">\n\t\t\t\t\t<h2 class=\"elementor-heading-title elementor-size-default\">K\u00e4llor och forskningsl\u00e4ge<\/h2>\t\t\t\t<\/div>\n\t\t<div class=\"elementor-element elementor-element-iwgw-menrva-s9c e-con-full e-flex e-con e-child\" data-id=\"iwgw-menrva-s9c\" data-element_type=\"container\" data-e-type=\"container\">\n\t\t\t\t<div class=\"elementor-element elementor-element-iwgw-menrva-s9t elementor-widget elementor-widget-text-editor\" data-id=\"iwgw-menrva-s9t\" data-element_type=\"widget\" data-e-type=\"widget\" data-widget_type=\"text-editor.default\">\n\t\t\t\t\t\t\t\t\t<p>De viktigaste k\u00e4llorna f\u00f6r Menrva-forskningen \u00e4r de etruskiska inskriptionerna, de etruskiska speglarna med bildtexter, tempelanl\u00e4ggningarna (Portonaccio, Veji) samt de grekisk-romerska sekund\u00e4rk\u00e4llorna. Helmut Rix&#8217; <em>Editio Minor<\/em> \u00e4r standardutg\u00e5van av texterna.<\/p><p>En f\u00f6rdjupad placering i den <a href=\"https:\/\/iwell-guard.com\/sv\/etruskisk-religion-haruspex-disciplina-skyddspraxis\/\">etruskiska religionshistorien<\/a> som helhet visar hur Menrva ska f\u00f6rst\u00e5s i relationen till Tinia, Uni och de andra Atua. Denna sammanfl\u00e4tning \u00e4r vetenskapligt v\u00e4sentlig f\u00f6r f\u00f6rst\u00e5elsen av den etruskiska panteonen.<\/p><p>K\u00e4llunderlaget f\u00f6r den etruskiska religionen \u00e4r oj\u00e4mnt: epigrafiska bel\u00e4gg, samlade i Helmut Rix&#8217; Editio Minor, arkeologiska fynd, bildk\u00e4llor och sekund\u00e4rlitteratur. Den som vill f\u00e5nga Menrva p\u00e5 ett adekvat s\u00e4tt m\u00e5ste utv\u00e4rdera denna m\u00e5ngfald tv\u00e4rvetenskapligt; den nyare forskningen f\u00f6renar d\u00e4rf\u00f6r filologi, <span class=\"iwg-fachbegriff\" data-tooltip=\"Vetenskapen som utforskar tidigare kulturer utifr\u00e5n materiella fynd.\" tabindex=\"0\">arkeologi<\/span>, <span class=\"iwg-fachbegriff\" data-tooltip=\"Vetenskapen som studerar religioner j\u00e4mf\u00f6rande och utan trosbundenhet.\" tabindex=\"0\">religionsvetenskap<\/span> och antropologi systematiskt.<\/p><p>En sakligt korrekt k\u00e4llkritik kr\u00e4ver att man k\u00e4nner till b\u00e5de de etruskiska originalbel\u00e4ggen och den grekisk-romerska sekund\u00e4rtraditionen. Denna dubbla ansats \u00e4r kr\u00e4vande, men oundg\u00e4nglig f\u00f6r en h\u00e5llbar religionshistorisk rekonstruktion av Menrva.<\/p><p>En grundlig historisk placering av Menrva f\u00f6ruts\u00e4tter att man \u00f6verblickar de epigrafiska, arkeologiska och litter\u00e4ra k\u00e4llorna liksom de moderna ansatserna inom <span class=\"iwg-fachbegriff\" data-tooltip=\"Vetenskapen som studerar religioner j\u00e4mf\u00f6rande och utan trosbundenhet.\" tabindex=\"0\">religionsvetenskapen<\/span>. Denna m\u00e5ngfacetterade genomg\u00e5ng betraktas som standard inom forskningen.<\/p>\t\t\t\t\t\t\t\t<\/div>\n\t\t\t\t<\/div>\n\t\t\t\t\t<\/div>\n\t\t\t\t<\/div>\n\t\t<div class=\"elementor-element elementor-element-cp2831c424 e-flex e-con-boxed e-con e-parent\" data-id=\"cp2831c424\" data-element_type=\"container\" data-e-type=\"container\">\n\t\t\t\t\t<div class=\"e-con-inner\">\n\t\t\t\t<div class=\"elementor-element elementor-element-cp209d5a25 elementor-widget elementor-widget-heading\" data-id=\"cp209d5a25\" data-element_type=\"widget\" data-e-type=\"widget\" data-widget_type=\"heading.default\">\n\t\t\t\t\t<h2 class=\"elementor-heading-title elementor-size-default\">Menrva p\u00e5 etruskiska bronsspeglar: den viktigaste bildk\u00e4llan<\/h2>\t\t\t\t<\/div>\n\t\t<div class=\"elementor-element elementor-element-cp25a0aa3d e-flex e-con-boxed e-con e-child\" data-id=\"cp25a0aa3d\" data-element_type=\"container\" data-e-type=\"container\">\n\t\t\t\t\t<div class=\"e-con-inner\">\n\t\t\t\t<div class=\"elementor-element elementor-element-cp2f1bb64a elementor-widget elementor-widget-text-editor\" data-id=\"cp2f1bb64a\" data-element_type=\"widget\" data-e-type=\"widget\" data-widget_type=\"text-editor.default\">\n\t\t\t\t\t\t\t\t\t<p>Den etruskiska gudinnan Menrva \u00e4r f\u00f6r oss framf\u00f6r allt k\u00e4nd genom de graverade bronsspeglarna som tillverkades i stort antal mellan 500- och 200-talet f\u00f6re v\u00e5r tider\u00e4kning.<\/p><p>Dessa speglar, som p\u00e5 baksidan \u00e4r prydda med mytologiska scener, utg\u00f6r den mest givande bildk\u00e4llan f\u00f6r den etruskiska <span class=\"iwg-fachbegriff\" data-tooltip=\"Den samlade m\u00e4ngden \u00f6verlevande gudaber\u00e4ttelser i en kultur.\" tabindex=\"0\">mytologin<\/span> \u00f6ver huvud taget. Menrva f\u00f6rekommer p\u00e5 dem s\u00e4rskilt ofta, ofta tydligt namngiven genom en inskrift, vilket g\u00f6r henne till en av de l\u00e4ttast identifierbara etruskiska gudomarna.<\/p><p>P\u00e5 speglarna avbildas Menrva vanligtvis som en bev\u00e4pnad gudinna, med hj\u00e4lm, spjut och sk\u00f6ld, ibland med ormar p\u00e5 kl\u00e4dnaden eller med Gorgons skr\u00e4ckinjagande ansikte.<\/p><p>Denna krigiska <span class=\"iwg-fachbegriff\" data-tooltip=\"L\u00e4ran om bildinneh\u00e5ll och deras betydelse.\" tabindex=\"0\">ikonografin<\/span> motsvarar i stort bilden av den grekiska Athena, och den etruskiska konsten har h\u00e4r tydligt tagit intryck av grekiska f\u00f6rlagor. Samtidigt f\u00f6rekommer Menrva i specifikt etruskiska scener som saknar exakt motsvarighet i den grekiska <span class=\"iwg-fachbegriff\" data-tooltip=\"Den samlade m\u00e4ngden \u00f6verlevande gudaber\u00e4ttelser i en kultur.\" tabindex=\"0\">mytologin<\/span>.<\/p><p>Ett mycket diskuterat exempel \u00e4r en spegelavbildning d\u00e4r Menrva tar ett barn ur ett k\u00e4rl eller bist\u00e5r det; scenen f\u00f6rknippas med den etruskiske Maris och tyder p\u00e5 f\u00f6rest\u00e4llningar om f\u00f6delse, uppfostran eller till och med en form av \u00e5terf\u00f6delse, som g\u00e5r ut\u00f6ver den grekiska Athenas funktion.<\/p><p>S\u00e5dana bilder visar att Menrva inte helt enkelt var en etruskisk Athena, utan en egen <span class=\"iwg-fachbegriff\" data-tooltip=\"En varelse som dyrkas som gudomlig inom en religion.\" tabindex=\"0\">gudomlighet<\/span> med ett delvis annorlunda funktionsspektrum, till vilket \u00e4ven omr\u00e5den som l\u00e4kekonst, tillv\u00e4xt och barndom h\u00f6rde. Besl\u00e4ktade gudinnegestalter f\u00f6rekommer ocks\u00e5 hos de n\u00e4rliggande <a href=\"https:\/\/iwell-guard.com\/sv\/etruskisk-religion-haruspex-disciplina-skyddspraxis\/\">italiska kulturerna<\/a>.<\/p>\t\t\t\t\t\t\t\t<\/div>\n\t\t\t\t\t<\/div>\n\t\t\t\t<\/div>\n\t\t\t\t\t<\/div>\n\t\t\t\t<\/div>\n\t\t<div class=\"elementor-element elementor-element-cp23cfeee3 e-flex e-con-boxed e-con e-parent\" data-id=\"cp23cfeee3\" data-element_type=\"container\" data-e-type=\"container\">\n\t\t\t\t\t<div class=\"e-con-inner\">\n\t\t\t\t<div class=\"elementor-element elementor-element-cp2f04d6ba elementor-widget elementor-widget-heading\" data-id=\"cp2f04d6ba\" data-element_type=\"widget\" data-e-type=\"widget\" data-widget_type=\"heading.default\">\n\t\t\t\t\t<h2 class=\"elementor-heading-title elementor-size-default\">Fr\u00e5n den etruskiska Menrva till den romerska Minerva: en \u00f6vertagandeprocess<\/h2>\t\t\t\t<\/div>\n\t\t<div class=\"elementor-element elementor-element-cp260f78a4 e-flex e-con-boxed e-con e-child\" data-id=\"cp260f78a4\" data-element_type=\"container\" data-e-type=\"container\">\n\t\t\t\t\t<div class=\"e-con-inner\">\n\t\t\t\t<div class=\"elementor-element elementor-element-cp2934c062 elementor-widget elementor-widget-text-editor\" data-id=\"cp2934c062\" data-element_type=\"widget\" data-e-type=\"widget\" data-widget_type=\"text-editor.default\">\n\t\t\t\t\t\t\t\t\t<p>Namnet Menrva och namnet p\u00e5 den romerska gudinnan Minerva \u00e4r uppenbart besl\u00e4ktade, och den spr\u00e5kliga forskningen antar att den romerska Minerva fick sitt namn fr\u00e5n etruskiskan eller fr\u00e5n en gemensam italisk milj\u00f6. D\u00e4rmed \u00e4r Menrva ett av de f\u00e5 fall d\u00e4r ett etruskiskt gudanamn direkt fortlever i den romerska religionen.<\/p><p>\u00d6vertagandeprocessen kan dock endast rekonstrueras i grova drag. Rom och de etruskiska st\u00e4derna stod i n\u00e4ra kontakt under \u00e5rhundraden, och tidvis l\u00e5g Rom sj\u00e4lvt inom det etruskiska inflytandeomr\u00e5det. Under denna period f\u00f6rmedlades m\u00e5nga kulturella och religi\u00f6sa element, bland annat aspekter av tempelbyggnadskonst, <span class=\"iwg-fachbegriff\" data-tooltip=\"F\u00f6ruts\u00e4gelse av framtida h\u00e4ndelser med religi\u00f6sa eller magiska medel.\" tabindex=\"0\">sp\u00e5domskonst<\/span> och just gudanamn.<\/p><p>Minerva blev i Rom en del av den kapitolinska triaden tillsammans med Jupiter och Juno, och fick d\u00e4rmed en st\u00e4llning som skulle kunna motsvara den etruskiska konstellationen av Tinia, <a href=\"https:\/\/iwell-guard.com\/sv\/uni-etruskernas-hogsta-gudinna\/\">Uni<\/a> och Menrva.<\/p><p>Just h\u00e4r \u00e4r dock f\u00f6rsiktighet p\u00e5kallad. Den tydliga motsvarigheten mellan de tv\u00e5 triaderna verkar \u00f6vertygande, men kan delvis vara en slutsats som dragits fr\u00e5n den b\u00e4ttre k\u00e4nda romerska modellen till den etruskiska sidan. S\u00e4kert \u00e4r att Menrva var en <span class=\"iwg-fachbegriff\" data-tooltip=\"En varelse som dyrkas som gudomlig inom en religion.\" tabindex=\"0\">gudomlighet<\/span> av h\u00f6gsta rang och att hennes namn fann v\u00e4gen in i den romerska religionen.<\/p><p>Exakt hur hennes funktioner f\u00f6r\u00e4ndrades under processen, om den etruskiska Menrva med sina kopplingar till hantverk, l\u00e4kekonst och barndom \u00f6vertogs identiskt eller omformades, g\u00e5r inte att fastst\u00e4lla i detalj utifr\u00e5n k\u00e4llorna.<\/p><p>Fallet Menrva visar exemplariskt hur t\u00e4tt sammanfl\u00e4tade den etruskiska och den romerska religionen var, och samtidigt hur sv\u00e5rt det \u00e4r att exakt best\u00e4mma riktningen och inneh\u00e5llet i s\u00e5dana \u00f6vertaganden.<\/p>\t\t\t\t\t\t\t\t<\/div>\n\t\t\t\t\t<\/div>\n\t\t\t\t<\/div>\n\t\t\t\t\t<\/div>\n\t\t\t\t<\/div>\n\t\t<div class=\"elementor-element elementor-element-cp2d8bee14 e-flex e-con-boxed e-con e-parent\" data-id=\"cp2d8bee14\" data-element_type=\"container\" data-e-type=\"container\">\n\t\t\t\t\t<div class=\"e-con-inner\">\n\t\t\t\t<div class=\"elementor-element elementor-element-cp24a35acd elementor-widget elementor-widget-heading\" data-id=\"cp24a35acd\" data-element_type=\"widget\" data-e-type=\"widget\" data-widget_type=\"heading.default\">\n\t\t\t\t\t<h2 class=\"elementor-heading-title elementor-size-default\">Menrva p\u00e5 bronslevern fr\u00e5n Piacenza och i sp\u00e5domssystemet<\/h2>\t\t\t\t<\/div>\n\t\t<div class=\"elementor-element elementor-element-cp24f26b71 e-flex e-con-boxed e-con e-child\" data-id=\"cp24f26b71\" data-element_type=\"container\" data-e-type=\"container\">\n\t\t\t\t\t<div class=\"e-con-inner\">\n\t\t\t\t<div class=\"elementor-element elementor-element-cp22f28ce4 elementor-widget elementor-widget-text-editor\" data-id=\"cp22f28ce4\" data-element_type=\"widget\" data-e-type=\"widget\" data-widget_type=\"text-editor.default\">\n\t\t\t\t\t\t\t\t\t<p><span data-nosnippet>Liksom andra betydande etruskiska gudomligheter finns Menrva noterad p\u00e5 Piacenzas bronslever, den bronsmodell av en lever fr\u00e5n 200- eller 100-talet f.v.t. som hittades 1877 och som troligen anv\u00e4ndes som l\u00e4romedel f\u00f6r leversk\u00e5dare. Ytan \u00e4r indelad i talrika f\u00e4lt med ingraverade gudanamn, och Menrva har d\u00e4r en fast plats.<\/span><\/p><p>Att Menrva f\u00f6rekommer p\u00e5 levern \u00e4r mer \u00e4n en tillf\u00e4llig detalj. Det visar att hon var inlemmad i det h\u00f6gt formaliserade systemet f\u00f6r den etruskiska sp\u00e5domsl\u00e4ran, <em>disciplina etrusca<\/em>. De sexton f\u00e4lten l\u00e4ngs leverns kant tolkas som en motsvarighet till en indelning av himlen i sexton regioner, vilka var och en tilldelades gudomligheter.<\/p><p>Utifr\u00e5n hur avvikelser p\u00e5 den unders\u00f6kta djurlevern var placerade drog specialisten slutsatser om den ansvariga <span class=\"iwg-fachbegriff\" data-tooltip=\"En varelse som dyrkas som gudomlig inom en religion.\" tabindex=\"0\">gudomens<\/span> vilja. Menrva var d\u00e4rmed inte bara f\u00f6rem\u00e5l f\u00f6r <span class=\"iwg-fachbegriff\" data-tooltip=\"En \u00f6verl\u00e4mnad ber\u00e4ttelse om gudar, ursprung och v\u00e4rldens ordning.\" tabindex=\"0\">myt<\/span>, spegelkonst och tempelkult, utan \u00e4ven en storhet som <span class=\"iwg-fachbegriff\" data-tooltip=\"F\u00f6ruts\u00e4gelsen av framtida h\u00e4ndelser med religi\u00f6sa eller magiska medel.\" tabindex=\"0\">sp\u00e5domskonsten<\/span> r\u00e4knade med i praktiken.<\/p><p>Det exakta funktionss\u00e4ttet f\u00f6rblir dock oklart, eftersom ingen fullst\u00e4ndig etruskisk l\u00e4rotext om leversk\u00e5dning har bevarats till v\u00e5r tid. Vi vet att Menrva hade en plats i systemet, men inte i detalj vilken betydelse hennes f\u00e4lt bar eller vilket f\u00f6rh\u00e5llande det stod i till de angr\u00e4nsande gudomligheternas f\u00e4lt.<\/p><p>Bronslevern f\u00f6rblir ett fascinerande men bara delvis l\u00e4sbart dokument. F\u00f6r att f\u00f6rst\u00e5 Menrvas plats \u00e4r den \u00e4nd\u00e5 viktig: den visar att gudinnan var n\u00e4rvarande inom alla tre stora omr\u00e5den av den etruskiska religionen, i speglarnas <span class=\"iwg-fachbegriff\" data-tooltip=\"En \u00f6verl\u00e4mnad ber\u00e4ttelse om gudar, ursprung och v\u00e4rldens ordning.\" tabindex=\"0\">myt<\/span>, i den offentliga <span class=\"iwg-fachbegriff\" data-tooltip=\"Summan av religi\u00f6sa v\u00f6rdnadshandlingar f\u00f6r en gudomlighet eller helig gestalt.\" tabindex=\"0\">kulten<\/span> och i den l\u00e4rda sp\u00e5domsdisciplin som gav etruskerna ett s\u00e4rskilt anseende i den antika v\u00e4rlden.<\/p>\t\t\t\t\t\t\t\t<\/div>\n\t\t\t\t\t<\/div>\n\t\t\t\t<\/div>\n\t\t\t\t\t<\/div>\n\t\t\t\t<\/div>\n\t\t<div class=\"elementor-element elementor-element-iwgw-menrva-lit e-flex e-con-boxed e-con e-parent\" data-id=\"iwgw-menrva-lit\" data-element_type=\"container\" data-e-type=\"container\">\n\t\t\t\t\t<div class=\"e-con-inner\">\n\t\t\t\t<div class=\"elementor-element elementor-element-iwgw-menrva-lith elementor-widget elementor-widget-heading\" data-id=\"iwgw-menrva-lith\" data-element_type=\"widget\" data-e-type=\"widget\" data-widget_type=\"heading.default\">\n\t\t\t\t\t<h2 class=\"elementor-heading-title elementor-size-default\">Litteratur (urval)<\/h2>\t\t\t\t<\/div>\n\t\t<div class=\"elementor-element elementor-element-iwgw-menrva-litc e-con-full e-flex e-con e-child\" data-id=\"iwgw-menrva-litc\" data-element_type=\"container\" data-e-type=\"container\">\n\t\t\t\t<div class=\"elementor-element elementor-element-iwgw-menrva-litt elementor-widget elementor-widget-text-editor\" data-id=\"iwgw-menrva-litt\" data-element_type=\"widget\" data-e-type=\"widget\" data-widget_type=\"text-editor.default\">\n\t\t\t\t\t\t\t\t\t<ul><li>Larissa Bonfante: <em>Etruscan Mythology<\/em> (2006)<\/li><li>Jean-Rene Jannot: <em>Religion in Ancient Etruria<\/em> (2005)<\/li><li>Massimo Pallottino: <em>Die Etrusker<\/em> (1942)<\/li><li>Larissa Bonfante: <em>Etruscan Bronzes<\/em><\/li><\/ul>\n<p class=\"iwg-bib-more\"><span data-nosnippet>Fler standardverk finns i <a href=\"https:\/\/iwell-guard.com\/sv\/litteratur\/\">litteraturf\u00f6rteckningen<\/a>.<\/span><\/p>\t\t\t\t\t\t\t\t<\/div>\n\t\t\t\t<\/div>\n\t\t\t\t\t<\/div>\n\t\t\t\t<\/div>\n\t\t<div class=\"elementor-element elementor-element-iwgw-menrva-kwd e-flex e-con-boxed e-con e-parent\" data-id=\"iwgw-menrva-kwd\" data-element_type=\"container\" data-e-type=\"container\">\n\t\t\t\t\t<div class=\"e-con-inner\">\n\t\t<div class=\"elementor-element elementor-element-iwgw-menrva-kwdc e-con-full e-flex e-con e-child\" data-id=\"iwgw-menrva-kwdc\" data-element_type=\"container\" data-e-type=\"container\">\n\t\t\t\t<div class=\"elementor-element elementor-element-iwgw-menrva-kwdt elementor-widget elementor-widget-text-editor\" data-id=\"iwgw-menrva-kwdt\" data-element_type=\"widget\" data-e-type=\"widget\" data-widget_type=\"text-editor.default\">\n\t\t\t\t\t\t\t\t\t<p><em>Relaterade nyckelbegrepp: Menrva, etrusker, gudinna, visdom, krig, hantverk, Portonaccio, Veji, Athena.<\/em><\/p>\t\t\t\t\t\t\t\t<\/div>\n\t\t\t\t<\/div>\n\t\t\t\t\t<\/div>\n\t\t\t\t<\/div>\n\t\t<div class=\"elementor-element elementor-element-iwgw-menrva-cc e-flex e-con-boxed e-con e-parent\" data-id=\"iwgw-menrva-cc\" data-element_type=\"container\" data-e-type=\"container\" id=\"iwg-cc-menrva\">\n\t\t\t\t\t<div class=\"e-con-inner\">\n\t\t<div class=\"elementor-element elementor-element-iwgw-menrva-ccinner e-flex e-con-boxed e-con e-parent\" data-id=\"iwgw-menrva-ccinner\" data-element_type=\"container\" data-e-type=\"container\" data-settings=\"{&quot;background_background&quot;:&quot;classic&quot;}\">\n\t\t\t\t\t<div class=\"e-con-inner\">\n\t\t\t\t<div class=\"elementor-element elementor-element-iwgw-menrva-cch elementor-widget elementor-widget-heading\" data-id=\"iwgw-menrva-cch\" data-element_type=\"widget\" data-e-type=\"widget\" data-widget_type=\"heading.default\">\n\t\t\t\t\t<h2 class=\"elementor-heading-title elementor-size-default\">iWell Guard och skyddstraditioner<\/h2>\t\t\t\t<\/div>\n\t\t\t\t<div class=\"elementor-element elementor-element-iwgw-menrva-cct elementor-widget elementor-widget-text-editor\" data-id=\"iwgw-menrva-cct\" data-element_type=\"widget\" data-e-type=\"widget\" data-widget_type=\"text-editor.default\">\n\t\t\t\t\t\t\t\t\t<div data-nosnippet=\"true\"><p>iWell Guard ansluter till den kulturhistoriska traditionen av b\u00e4rbara skyddsobjekt, i traditionen fr\u00e5n <a href=\"https:\/\/iwell-guard.com\/sv\/etruskisk-religion-haruspex-disciplina-skyddspraxis\/\">Etruskisk kultur<\/a> och m\u00e5nga andra kulturer v\u00e4rlden \u00f6ver. 41 lager, \u00e4kta guld, platina, silver, tillverkad i Tyskland. 30 dagars \u00f6ppet k\u00f6p.<\/p><\/div>\t\t\t\t\t\t\t\t<\/div>\n\t\t\t\t<div class=\"elementor-element elementor-element-iwgw-menrva-ccb iwg-cc-button iwg-cc-cta-2026-05-13 elementor-widget elementor-widget-jet-button\" data-id=\"iwgw-menrva-ccb\" data-element_type=\"widget\" data-e-type=\"widget\" data-widget_type=\"jet-button.default\">\n\t\t\t\t<div class=\"elementor-widget-container\">\n\t\t\t\t\t<div class=\"elementor-jet-button jet-elements\"><div class=\"jet-button__container\"><a class=\"jet-button__instance jet-button__instance--icon-left hover-effect-1\" href=\"\/ueber-iwell-guard\/?utm_source=iwell-guard.com&amp;utm_medium=info-box&amp;utm_campaign=wesen-tradition\"><div class=\"jet-button__plane jet-button__plane-normal\"><\/div><div class=\"jet-button__plane jet-button__plane-hover\"><\/div><div class=\"jet-button__state jet-button__state-normal\"><span class=\"jet-button__label\">Mer om iWell Guard<\/span><\/div><div class=\"jet-button__state jet-button__state-hover\"><span class=\"jet-button__label\">Mer om iWell Guard<\/span><\/div><\/a><\/div><\/div><style>.elementor-element.elementor-element-iwgw-menrva-ccb .jet-button__instance{width:320px;height:56px;}.elementor-element.elementor-element-iwgw-menrva-ccb .jet-button__state-normal .jet-button__label{text-align:center;margin:0px 0px 0px 0px;color:#1a1b20;font-family:Montserrat,sans-serif;font-size:13px;font-weight:400;letter-spacing:4px;line-height:1.714em;text-transform:uppercase;}.elementor-element.elementor-element-iwgw-menrva-ccb .jet-button__state-hover .jet-button__label{text-align:center;margin:0px 0px 0px 0px;color:#FECC76;font-family:Montserrat,sans-serif;font-size:13px;font-weight:400;letter-spacing:4px;line-height:1.714em;text-transform:uppercase;}.elementor-element.elementor-element-iwgw-menrva-ccb .jet-button__plane-normal{background-color:#FECC76;border-style:solid;border-color:#C99540;border-width:2px 2px 2px 2px;}.elementor-element.elementor-element-iwgw-menrva-ccb .jet-button__plane-hover{background-color:rgba(0,0,0,0.55);border-style:solid;border-color:#FECC76;border-width:2px 2px 2px 2px;}<\/style>\t\t\t\t<\/div>\n\t\t\t\t<\/div>\n\t\t\t\t<div class=\"elementor-element elementor-element-iwgw-menrva-ccd elementor-widget elementor-widget-text-editor\" data-id=\"iwgw-menrva-ccd\" data-element_type=\"widget\" data-e-type=\"widget\" data-widget_type=\"text-editor.default\">\n\t\t\t\t\t\t\t\t\t<div data-nosnippet=\"true\"><p style=\"text-align:center;font-size:13px;opacity:0.7;margin-top:14px\" data-nosnippet=\"true\">Personliga erfarenheter kan variera. Ingen medicinteknisk produkt. Inget l\u00f6fte om l\u00e4kning.<\/p><\/div>\t\t\t\t\t\t\t\t<\/div>\n\t\t\t\t\t<\/div>\n\t\t\t\t<\/div>\n\t\t\t\t\t<\/div>\n\t\t\t\t<\/div>\n\t\t<div class=\"elementor-element elementor-element-iwgw-menrva-disc e-flex e-con-boxed e-con e-parent\" data-id=\"iwgw-menrva-disc\" data-element_type=\"container\" data-e-type=\"container\">\n\t\t\t\t\t<div class=\"e-con-inner\">\n\t\t\t\t<div class=\"elementor-element elementor-element-iwgw-menrva-discw elementor-widget elementor-widget-html\" data-id=\"iwgw-menrva-discw\" data-element_type=\"widget\" data-e-type=\"widget\" data-widget_type=\"html.default\">\n\t\t\t\t\t<footer data-nosnippet=\"true\" class=\"iwg-disclaimer-block\"><p data-nosnippet=\"true\">iWell Guard \u00e4r <strong>ingen medicinteknisk produkt<\/strong> och ers\u00e4tter inte l\u00e4karv\u00e5rd eller psykoterapeutisk behandling. De religionsvetenskapliga inneh\u00e5llen \u00e4r kulturhistorisk inordning, ingen andlig praxisrekommendation.<\/p><\/footer>\t\t\t\t<\/div>\n\t\t\t\t\t<\/div>\n\t\t\t\t<\/div>\n\t\t\t\t<\/div>\n\t\t","protected":false},"excerpt":{"rendered":"","protected":false},"author":3,"featured_media":2817,"parent":0,"menu_order":0,"comment_status":"closed","ping_status":"closed","template":"elementor_header_footer","meta":{"_yoast_wpseo_focuskw":"Menrva etrusker","_yoast_wpseo_title":"Menrva \u2013 etruskisk gudinna, myt och kult","_yoast_wpseo_metadesc":"Menrva \u00e4r den etruskiska gudinnan f\u00f6r vishet, hantverk och krig. Religionsvetenskaplig genomg\u00e5ng med myt, kult och k\u00e4llor.","_yoast_wpseo_meta-robots-noindex":"","_yoast_wpseo_canonical":"","_angie_page":false,"gefaehrdungsstufe":"2","wesen_kultur":"etruskisch","wesen_klasse":"goetter","footnotes":""},"categories":[],"class_list":["post-136854","page","type-page","status-publish","has-post-thumbnail","hentry"],"yoast_head":"<!-- This site is optimized with the Yoast SEO Premium plugin v27.7 (Yoast SEO v28.3) - https:\/\/yoast.com\/product\/yoast-seo-premium-wordpress\/ -->\n<title>Menrva \u2013 etruskisk gudinna, myt och kult<\/title>\n<meta name=\"description\" content=\"Menrva \u00e4r den etruskiska gudinnan f\u00f6r vishet, hantverk och krig. Religionsvetenskaplig genomg\u00e5ng med myt, kult och k\u00e4llor.\" \/>\n<meta name=\"robots\" content=\"index, follow, max-snippet:-1, max-image-preview:large, max-video-preview:-1\" \/>\n<link rel=\"canonical\" href=\"https:\/\/iwell-guard.com\/sv\/menrva-etruskisk-gudinna-vishet-krig\/\" \/>\n<meta property=\"og:locale\" content=\"sv_SE\" \/>\n<meta property=\"og:type\" content=\"article\" \/>\n<meta property=\"og:title\" content=\"Menrva \u2013 etruskisk gudinna f\u00f6r vishet och krig\" \/>\n<meta property=\"og:description\" content=\"Menrva \u00e4r den etruskiska gudinnan f\u00f6r vishet, hantverk och krig. Religionsvetenskaplig genomg\u00e5ng med myt, kult och k\u00e4llor.\" \/>\n<meta property=\"og:url\" content=\"https:\/\/iwell-guard.com\/sv\/menrva-etruskisk-gudinna-vishet-krig\/\" \/>\n<meta property=\"og:site_name\" content=\"iWell Guard\" \/>\n<meta property=\"article:modified_time\" content=\"2026-09-03T01:14:00+00:00\" \/>\n<meta property=\"og:image\" content=\"https:\/\/iwell-guard.com\/wp-content\/uploads\/2026\/05\/goetter_etruskisch_menrva.webp\" \/>\n\t<meta property=\"og:image:width\" content=\"1024\" \/>\n\t<meta property=\"og:image:height\" content=\"1536\" \/>\n\t<meta property=\"og:image:type\" content=\"image\/webp\" \/>\n<meta name=\"twitter:card\" content=\"summary_large_image\" \/>\n<script type=\"application\/ld+json\" class=\"yoast-schema-graph\">{\"@context\":\"https:\\\/\\\/schema.org\",\"@graph\":[{\"@type\":\"WebPage\",\"@id\":\"https:\\\/\\\/iwell-guard.com\\\/sv\\\/menrva-etruskisk-gudinna-vishet-krig\\\/\",\"url\":\"https:\\\/\\\/iwell-guard.com\\\/sv\\\/menrva-etruskisk-gudinna-vishet-krig\\\/\",\"name\":\"Menrva \u2013 etruskisk gudinna, myt och kult\",\"isPartOf\":{\"@id\":\"https:\\\/\\\/iwell-guard.com\\\/sv\\\/#website\"},\"primaryImageOfPage\":{\"@id\":\"https:\\\/\\\/iwell-guard.com\\\/sv\\\/menrva-etruskisk-gudinna-vishet-krig\\\/#primaryimage\"},\"image\":{\"@id\":\"https:\\\/\\\/iwell-guard.com\\\/sv\\\/menrva-etruskisk-gudinna-vishet-krig\\\/#primaryimage\"},\"thumbnailUrl\":\"https:\\\/\\\/iwell-guard.com\\\/wp-content\\\/uploads\\\/2026\\\/05\\\/goetter_etruskisch_menrva.webp\",\"datePublished\":\"2026-09-03T00:10:37+00:00\",\"dateModified\":\"2026-09-03T01:14:00+00:00\",\"description\":\"Menrva \u00e4r den etruskiska gudinnan f\u00f6r vishet, hantverk och krig. Religionsvetenskaplig genomg\u00e5ng med myt, kult och k\u00e4llor.\",\"breadcrumb\":{\"@id\":\"https:\\\/\\\/iwell-guard.com\\\/sv\\\/menrva-etruskisk-gudinna-vishet-krig\\\/#breadcrumb\"},\"inLanguage\":\"sv-SE\",\"potentialAction\":[{\"@type\":\"ReadAction\",\"target\":[\"https:\\\/\\\/iwell-guard.com\\\/sv\\\/menrva-etruskisk-gudinna-vishet-krig\\\/\"]}]},{\"@type\":\"ImageObject\",\"inLanguage\":\"sv-SE\",\"@id\":\"https:\\\/\\\/iwell-guard.com\\\/sv\\\/menrva-etruskisk-gudinna-vishet-krig\\\/#primaryimage\",\"url\":\"https:\\\/\\\/iwell-guard.com\\\/wp-content\\\/uploads\\\/2026\\\/05\\\/goetter_etruskisch_menrva.webp\",\"contentUrl\":\"https:\\\/\\\/iwell-guard.com\\\/wp-content\\\/uploads\\\/2026\\\/05\\\/goetter_etruskisch_menrva.webp\",\"width\":1024,\"height\":1536,\"caption\":\"Gudar fr\u00e5n den etruskiska traditionen.\"},{\"@type\":\"BreadcrumbList\",\"@id\":\"https:\\\/\\\/iwell-guard.com\\\/sv\\\/menrva-etruskisk-gudinna-vishet-krig\\\/#breadcrumb\",\"itemListElement\":[{\"@type\":\"ListItem\",\"position\":1,\"name\":\"Start\",\"item\":\"https:\\\/\\\/iwell-guard.com\\\/sv\\\/?page_id=136483\"},{\"@type\":\"ListItem\",\"position\":2,\"name\":\"Menrva \u2013 etruskisk gudinna f\u00f6r vishet och krig\"}]},{\"@type\":\"WebSite\",\"@id\":\"https:\\\/\\\/iwell-guard.com\\\/sv\\\/#website\",\"url\":\"https:\\\/\\\/iwell-guard.com\\\/sv\\\/\",\"name\":\"iWell Guard\",\"description\":\"Schutz vor dunklen Einfl\u00fcssen\",\"publisher\":{\"@id\":\"https:\\\/\\\/iwell-guard.com\\\/sv\\\/#organization\"},\"potentialAction\":[{\"@type\":\"SearchAction\",\"target\":{\"@type\":\"EntryPoint\",\"urlTemplate\":\"https:\\\/\\\/iwell-guard.com\\\/sv\\\/?s={search_term_string}\"},\"query-input\":{\"@type\":\"PropertyValueSpecification\",\"valueRequired\":true,\"valueName\":\"search_term_string\"}}],\"inLanguage\":\"sv-SE\"},{\"@type\":\"Organization\",\"@id\":\"https:\\\/\\\/iwell-guard.com\\\/sv\\\/#organization\",\"name\":\"Ittermann electronic GmbH\",\"url\":\"https:\\\/\\\/iwell-guard.com\\\/sv\\\/\",\"logo\":{\"@type\":\"ImageObject\",\"inLanguage\":\"sv-SE\",\"@id\":\"https:\\\/\\\/iwell-guard.com\\\/sv\\\/#\\\/schema\\\/logo\\\/image\\\/\",\"url\":\"https:\\\/\\\/iwell-guard.com\\\/wp-content\\\/uploads\\\/2026\\\/05\\\/Ittermann-Logo-1182x237-1.png\",\"contentUrl\":\"https:\\\/\\\/iwell-guard.com\\\/wp-content\\\/uploads\\\/2026\\\/05\\\/Ittermann-Logo-1182x237-1.png\",\"width\":1182,\"height\":237,\"caption\":\"Ittermann electronic GmbH\"},\"image\":{\"@id\":\"https:\\\/\\\/iwell-guard.com\\\/sv\\\/#\\\/schema\\\/logo\\\/image\\\/\"},\"sameAs\":[\"https:\\\/\\\/pantip.com\\\/profile\\\/9367242\",\"https:\\\/\\\/micro.blog\\\/iwellguard\",\"https:\\\/\\\/www.diggerslist.com\\\/iwellguard\\\/about\",\"https:\\\/\\\/skitterphoto.com\\\/photographers\\\/2870314\\\/iwell-guard\",\"https:\\\/\\\/iwellguard.wordpress.com\\\/2026\\\/06\\\/06\\\/iwell-guard\\\/\",\"https:\\\/\\\/hub.docker.com\\\/u\\\/iwellguard\",\"https:\\\/\\\/www.pinterest.com\\\/iwellguard\\\/\",\"https:\\\/\\\/bit.ly\\\/m\\\/iwellguard\",\"https:\\\/\\\/entre-vos-mains.alsace.eu\\\/profiles\\\/iwellguard\\\/activity\",\"https:\\\/\\\/gravatar.com\\\/reallybeded8fd34\",\"https:\\\/\\\/naijamatta.com\\\/iwellguard\",\"https:\\\/\\\/www.goodreads.com\\\/iwellguard\",\"https:\\\/\\\/profile.hatena.ne.jp\\\/iwellguard\\\/\",\"https:\\\/\\\/experiment.com\\\/users\\\/iwellguard\",\"https:\\\/\\\/wakelet.com\\\/@iWellGuard82270\",\"https:\\\/\\\/www.chordie.com\\\/forum\\\/profile.php?id=2555664\",\"https:\\\/\\\/www.instapaper.com\\\/p\\\/17757966\",\"https:\\\/\\\/www.mapleprimes.com\\\/users\\\/iwellguard\",\"https:\\\/\\\/businesslistingplus.com\\\/profile\\\/iwell-guard\\\/\",\"https:\\\/\\\/telegra.ph\\\/iWell-Guard-06-06\",\"https:\\\/\\\/pbase.com\\\/iwellguard\\\/iwellguard\",\"https:\\\/\\\/b.hatena.ne.jp\\\/iwellguard\\\/20260607#bookmark-4788405196491818882\",\"https:\\\/\\\/fliphtml5.com\\\/home\\\/iwellguard\",\"https:\\\/\\\/anyflip.com\\\/homepage\\\/cmiwl#About\",\"https:\\\/\\\/transfur.com\\\/Users\\\/iwellguard\",\"http:\\\/\\\/delphi.larsbo.org\\\/user\\\/iwellguard\",\"https:\\\/\\\/jobs.lajobsportal.org\\\/profiles\\\/8380803-iwell-guard\",\"https:\\\/\\\/md.chaosdorf.de\\\/s\\\/jfbe5SBdJD\",\"https:\\\/\\\/www.lingvolive.com\\\/en-us\\\/profile\\\/9ecaeaca-ce11-4e51-9e71-01d55e2bff36\\\/translations\",\"https:\\\/\\\/www.fitday.com\\\/fitness\\\/forums\\\/members\\\/iwellguard.html\",\"https:\\\/\\\/www.mymeetbook.com\\\/iwellguard\",\"https:\\\/\\\/pxhere.com\\\/en\\\/photographer-me\\\/5040798\",\"https:\\\/\\\/disqus.com\\\/by\\\/iwellguard\\\/about\\\/\",\"https:\\\/\\\/pastelink.net\\\/hjwciqwq\",\"https:\\\/\\\/pubhtml5.com\\\/homepage\\\/scjhn\\\/\",\"https:\\\/\\\/www.bitchute.com\\\/channel\\\/2O2eOKzNqujT\",\"https:\\\/\\\/audiomack.com\\\/iwellguard\"]},{\"@type\":\"Article\",\"@id\":\"https:\\\/\\\/iwell-guard.com\\\/sv\\\/menrva-etruskisk-gudinna-vishet-krig\\\/#article\",\"isPartOf\":{\"@id\":\"https:\\\/\\\/iwell-guard.com\\\/sv\\\/menrva-etruskisk-gudinna-vishet-krig\\\/\"},\"author\":{\"name\":\"Ralf Ittermann\",\"@id\":\"https:\\\/\\\/iwell-guard.com\\\/sv\\\/#\\\/schema\\\/person\\\/ee2a27f1cac3406c7c6fb5820cb7349f\"},\"headline\":\"Menrva \u2013 etruskisk gudinna f\u00f6r vishet och krig\",\"datePublished\":\"2026-09-03T00:10:37+00:00\",\"dateModified\":\"2026-09-03T01:14:00+00:00\",\"mainEntityOfPage\":{\"@id\":\"https:\\\/\\\/iwell-guard.com\\\/sv\\\/menrva-etruskisk-gudinna-vishet-krig\\\/\"},\"publisher\":{\"@id\":\"https:\\\/\\\/iwell-guard.com\\\/sv\\\/#organization\"},\"image\":{\"@id\":\"https:\\\/\\\/iwell-guard.com\\\/sv\\\/menrva-etruskisk-gudinna-vishet-krig\\\/#primaryimage\"},\"thumbnailUrl\":\"https:\\\/\\\/iwell-guard.com\\\/wp-content\\\/uploads\\\/2026\\\/05\\\/goetter_etruskisch_menrva.webp\",\"inLanguage\":\"sv-SE\",\"description\":\"Menrva \u00e4r den etruskiska gudinnan f\u00f6r vishet, hantverk och krig. Religionsvetenskaplig genomg\u00e5ng med myt, kult och k\u00e4llor.\"}]}<\/script>\n<!-- \/ Yoast SEO Premium plugin. -->","yoast_head_json":{"title":"Menrva \u2013 etruskisk gudinna, myt och kult","description":"Menrva \u00e4r den etruskiska gudinnan f\u00f6r vishet, hantverk och krig. Religionsvetenskaplig genomg\u00e5ng med myt, kult och k\u00e4llor.","robots":{"index":"index","follow":"follow","max-snippet":"max-snippet:-1","max-image-preview":"max-image-preview:large","max-video-preview":"max-video-preview:-1"},"canonical":"https:\/\/iwell-guard.com\/sv\/menrva-etruskisk-gudinna-vishet-krig\/","og_locale":"sv_SE","og_type":"article","og_title":"Menrva \u2013 etruskisk gudinna f\u00f6r vishet och krig","og_description":"Menrva \u00e4r den etruskiska gudinnan f\u00f6r vishet, hantverk och krig. Religionsvetenskaplig genomg\u00e5ng med myt, kult och k\u00e4llor.","og_url":"https:\/\/iwell-guard.com\/sv\/menrva-etruskisk-gudinna-vishet-krig\/","og_site_name":"iWell Guard","article_modified_time":"2026-09-03T01:14:00+00:00","og_image":[{"width":1024,"height":1536,"url":"https:\/\/iwell-guard.com\/wp-content\/uploads\/2026\/05\/goetter_etruskisch_menrva.webp","type":"image\/webp"}],"twitter_card":"summary_large_image","schema":{"@context":"https:\/\/schema.org","@graph":[{"@type":"Article","@id":"https:\/\/iwell-guard.com\/sv\/menrva-etruskisk-gudinna-vishet-krig\/#article","isPartOf":{"@id":"https:\/\/iwell-guard.com\/sv\/menrva-etruskisk-gudinna-vishet-krig\/"},"author":{"name":"Ralf Ittermann","@id":"https:\/\/iwell-guard.com\/sv\/#\/schema\/person\/ee2a27f1cac3406c7c6fb5820cb7349f"},"headline":"Menrva \u2013 etruskisk gudinna f\u00f6r vishet och krig","datePublished":"2026-09-03T00:10:37+00:00","dateModified":"2026-09-03T01:14:00+00:00","mainEntityOfPage":{"@id":"https:\/\/iwell-guard.com\/sv\/menrva-etruskisk-gudinna-vishet-krig\/"},"publisher":{"@id":"https:\/\/iwell-guard.com\/sv\/#organization"},"image":{"@id":"https:\/\/iwell-guard.com\/sv\/menrva-etruskisk-gudinna-vishet-krig\/#primaryimage"},"thumbnailUrl":"https:\/\/iwell-guard.com\/wp-content\/uploads\/2026\/05\/goetter_etruskisch_menrva.webp","inLanguage":"sv-SE","description":"Menrva \u00e4r den etruskiska gudinnan f\u00f6r vishet, hantverk och krig. Religionsvetenskaplig genomg\u00e5ng med myt, kult och k\u00e4llor."},{"@type":"WebPage","@id":"https:\/\/iwell-guard.com\/sv\/menrva-etruskisk-gudinna-vishet-krig\/","url":"https:\/\/iwell-guard.com\/sv\/menrva-etruskisk-gudinna-vishet-krig\/","name":"Menrva \u2013 etruskisk gudinna, myt och kult","isPartOf":{"@id":"https:\/\/iwell-guard.com\/sv\/#website"},"primaryImageOfPage":{"@id":"https:\/\/iwell-guard.com\/sv\/menrva-etruskisk-gudinna-vishet-krig\/#primaryimage"},"image":{"@id":"https:\/\/iwell-guard.com\/sv\/menrva-etruskisk-gudinna-vishet-krig\/#primaryimage"},"thumbnailUrl":"https:\/\/iwell-guard.com\/wp-content\/uploads\/2026\/05\/goetter_etruskisch_menrva.webp","datePublished":"2026-09-03T00:10:37+00:00","dateModified":"2026-09-03T01:14:00+00:00","description":"Menrva \u00e4r den etruskiska gudinnan f\u00f6r vishet, hantverk och krig. Religionsvetenskaplig genomg\u00e5ng med myt, kult och k\u00e4llor.","breadcrumb":{"@id":"https:\/\/iwell-guard.com\/sv\/menrva-etruskisk-gudinna-vishet-krig\/#breadcrumb"},"inLanguage":"sv-SE","potentialAction":[{"@type":"ReadAction","target":["https:\/\/iwell-guard.com\/sv\/menrva-etruskisk-gudinna-vishet-krig\/"]}]},{"@type":"ImageObject","inLanguage":"sv-SE","@id":"https:\/\/iwell-guard.com\/sv\/menrva-etruskisk-gudinna-vishet-krig\/#primaryimage","url":"https:\/\/iwell-guard.com\/wp-content\/uploads\/2026\/05\/goetter_etruskisch_menrva.webp","contentUrl":"https:\/\/iwell-guard.com\/wp-content\/uploads\/2026\/05\/goetter_etruskisch_menrva.webp","width":1024,"height":1536,"caption":"Gudar fr\u00e5n den etruskiska traditionen."},{"@type":"BreadcrumbList","@id":"https:\/\/iwell-guard.com\/sv\/menrva-etruskisk-gudinna-vishet-krig\/#breadcrumb","itemListElement":[{"@type":"ListItem","position":1,"name":"Start","item":"https:\/\/iwell-guard.com\/sv\/?page_id=136483"},{"@type":"ListItem","position":2,"name":"Menrva \u2013 etruskisk gudinna f\u00f6r vishet och krig"}]},{"@type":"WebSite","@id":"https:\/\/iwell-guard.com\/sv\/#website","url":"https:\/\/iwell-guard.com\/sv\/","name":"iWell Guard","description":"Schutz vor dunklen Einfl\u00fcssen","publisher":{"@id":"https:\/\/iwell-guard.com\/sv\/#organization"},"potentialAction":[{"@type":"SearchAction","target":{"@type":"EntryPoint","urlTemplate":"https:\/\/iwell-guard.com\/sv\/?s={search_term_string}"},"query-input":{"@type":"PropertyValueSpecification","valueRequired":true,"valueName":"search_term_string"}}],"inLanguage":"sv-SE"},{"@type":"Organization","@id":"https:\/\/iwell-guard.com\/sv\/#organization","name":"Ittermann electronic GmbH","url":"https:\/\/iwell-guard.com\/sv\/","logo":{"@type":"ImageObject","inLanguage":"sv-SE","@id":"https:\/\/iwell-guard.com\/sv\/#\/schema\/logo\/image\/","url":"https:\/\/iwell-guard.com\/wp-content\/uploads\/2026\/05\/Ittermann-Logo-1182x237-1.png","contentUrl":"https:\/\/iwell-guard.com\/wp-content\/uploads\/2026\/05\/Ittermann-Logo-1182x237-1.png","width":1182,"height":237,"caption":"Ittermann electronic GmbH"},"image":{"@id":"https:\/\/iwell-guard.com\/sv\/#\/schema\/logo\/image\/"},"sameAs":["https:\/\/pantip.com\/profile\/9367242","https:\/\/micro.blog\/iwellguard","https:\/\/www.diggerslist.com\/iwellguard\/about","https:\/\/skitterphoto.com\/photographers\/2870314\/iwell-guard","https:\/\/iwellguard.wordpress.com\/2026\/06\/06\/iwell-guard\/","https:\/\/hub.docker.com\/u\/iwellguard","https:\/\/www.pinterest.com\/iwellguard\/","https:\/\/bit.ly\/m\/iwellguard","https:\/\/entre-vos-mains.alsace.eu\/profiles\/iwellguard\/activity","https:\/\/gravatar.com\/reallybeded8fd34","https:\/\/naijamatta.com\/iwellguard","https:\/\/www.goodreads.com\/iwellguard","https:\/\/profile.hatena.ne.jp\/iwellguard\/","https:\/\/experiment.com\/users\/iwellguard","https:\/\/wakelet.com\/@iWellGuard82270","https:\/\/www.chordie.com\/forum\/profile.php?id=2555664","https:\/\/www.instapaper.com\/p\/17757966","https:\/\/www.mapleprimes.com\/users\/iwellguard","https:\/\/businesslistingplus.com\/profile\/iwell-guard\/","https:\/\/telegra.ph\/iWell-Guard-06-06","https:\/\/pbase.com\/iwellguard\/iwellguard","https:\/\/b.hatena.ne.jp\/iwellguard\/20260607#bookmark-4788405196491818882","https:\/\/fliphtml5.com\/home\/iwellguard","https:\/\/anyflip.com\/homepage\/cmiwl#About","https:\/\/transfur.com\/Users\/iwellguard","http:\/\/delphi.larsbo.org\/user\/iwellguard","https:\/\/jobs.lajobsportal.org\/profiles\/8380803-iwell-guard","https:\/\/md.chaosdorf.de\/s\/jfbe5SBdJD","https:\/\/www.lingvolive.com\/en-us\/profile\/9ecaeaca-ce11-4e51-9e71-01d55e2bff36\/translations","https:\/\/www.fitday.com\/fitness\/forums\/members\/iwellguard.html","https:\/\/www.mymeetbook.com\/iwellguard","https:\/\/pxhere.com\/en\/photographer-me\/5040798","https:\/\/disqus.com\/by\/iwellguard\/about\/","https:\/\/pastelink.net\/hjwciqwq","https:\/\/pubhtml5.com\/homepage\/scjhn\/","https:\/\/www.bitchute.com\/channel\/2O2eOKzNqujT","https:\/\/audiomack.com\/iwellguard"]},{"@type":"Person","@id":"https:\/\/iwell-guard.com\/sv\/#\/schema\/person\/ee2a27f1cac3406c7c6fb5820cb7349f","name":"Ralf Ittermann","image":{"@type":"ImageObject","inLanguage":"sv-SE","@id":"https:\/\/secure.gravatar.com\/avatar\/073c0153e350a5005b68eb752b445fea71f6b24a26da9449ad7e155e6b446c9d?s=96&d=mm&r=g","url":"https:\/\/secure.gravatar.com\/avatar\/073c0153e350a5005b68eb752b445fea71f6b24a26da9449ad7e155e6b446c9d?s=96&d=mm&r=g","contentUrl":"https:\/\/secure.gravatar.com\/avatar\/073c0153e350a5005b68eb752b445fea71f6b24a26da9449ad7e155e6b446c9d?s=96&d=mm&r=g","caption":"Ralf Ittermann"},"givenName":"Ralf","familyName":"Ittermann","jobTitle":"Gesch\u00e4ftsf\u00fchrer und redaktioneller Verantwortlicher","url":"https:\/\/iwell-guard.com\/sv\/author\/claude\/","description":"Ralf Ittermann ist Gesch\u00e4ftsf\u00fchrer der Ittermann electronic GmbH und redaktioneller Verantwortlicher des iWell-Guard-Lexikons. Er verbindet langj\u00e4hrige Erfahrung in der Pr\u00e4zisionsfertigung mit medialer Praxis und religionsgeschichtlicher Quellenarbeit.","worksFor":{"@type":"Organization","name":"Ittermann electronic GmbH","url":"https:\/\/ittermann.de\/","address":{"@type":"PostalAddress","streetAddress":"K\u00f6hlergasse 16-18","postalCode":"99842","addressLocality":"Ruhla","addressCountry":"DE"}},"knowsAbout":["Religionsgeschichte","Mythologie","Mediale Praxis","Energetische Diagnostik","Schutzpraxis","Volksglauben","Westliche Esoterik"]},{"@type":"Article","@id":"https:\/\/iwell-guard.com\/sv\/menrva-etruskisk-gudinna-vishet-krig\/#article","isPartOf":{"@id":"https:\/\/iwell-guard.com\/sv\/menrva-etruskisk-gudinna-vishet-krig\/"},"author":{"name":"Ralf Ittermann","@id":"https:\/\/iwell-guard.com\/sv\/#\/schema\/person\/ee2a27f1cac3406c7c6fb5820cb7349f"},"headline":"Menrva \u2013 etruskisk gudinna f\u00f6r vishet och krig","datePublished":"2026-09-03T00:10:37+00:00","dateModified":"2026-09-03T01:14:00+00:00","mainEntityOfPage":{"@id":"https:\/\/iwell-guard.com\/sv\/menrva-etruskisk-gudinna-vishet-krig\/"},"publisher":{"@id":"https:\/\/iwell-guard.com\/sv\/#organization"},"image":{"@id":"https:\/\/iwell-guard.com\/sv\/menrva-etruskisk-gudinna-vishet-krig\/#primaryimage"},"thumbnailUrl":"https:\/\/iwell-guard.com\/wp-content\/uploads\/2026\/05\/goetter_etruskisch_menrva.webp","inLanguage":"sv-SE","description":"Menrva \u00e4r den etruskiska gudinnan f\u00f6r vishet, hantverk och krig. Religionsvetenskaplig genomg\u00e5ng med myt, kult och k\u00e4llor."}]}},"_links":{"self":[{"href":"https:\/\/iwell-guard.com\/sv\/wp-json\/wp\/v2\/pages\/136854","targetHints":{"allow":["GET"]}}],"collection":[{"href":"https:\/\/iwell-guard.com\/sv\/wp-json\/wp\/v2\/pages"}],"about":[{"href":"https:\/\/iwell-guard.com\/sv\/wp-json\/wp\/v2\/types\/page"}],"author":[{"embeddable":true,"href":"https:\/\/iwell-guard.com\/sv\/wp-json\/wp\/v2\/users\/3"}],"replies":[{"embeddable":true,"href":"https:\/\/iwell-guard.com\/sv\/wp-json\/wp\/v2\/comments?post=136854"}],"version-history":[{"count":0,"href":"https:\/\/iwell-guard.com\/sv\/wp-json\/wp\/v2\/pages\/136854\/revisions"}],"wp:featuredmedia":[{"embeddable":true,"href":"https:\/\/iwell-guard.com\/sv\/wp-json\/wp\/v2\/media\/2817"}],"wp:attachment":[{"href":"https:\/\/iwell-guard.com\/sv\/wp-json\/wp\/v2\/media?parent=136854"}],"wp:term":[{"taxonomy":"category","embeddable":true,"href":"https:\/\/iwell-guard.com\/sv\/wp-json\/wp\/v2\/categories?post=136854"}],"curies":[{"name":"wp","href":"https:\/\/api.w.org\/{rel}","templated":true}]}}