{"id":136836,"date":"2026-09-03T00:10:28","date_gmt":"2026-09-03T00:10:28","guid":{"rendered":"https:\/\/iwell-guard.com\/?page_id=136836"},"modified":"2026-09-03T01:13:14","modified_gmt":"2026-09-03T01:13:14","slug":"wendigo-kannibalande-skogsfolk","status":"publish","type":"page","link":"https:\/\/iwell-guard.com\/sv\/wendigo-kannibalande-skogsfolk\/","title":{"rendered":"Wendigo \u2013 kannibalande hos Nordamerikas skogsfolk"},"content":{"rendered":"\t\t<div data-elementor-type=\"wp-page\" data-elementor-id=\"136836\" class=\"elementor elementor-136836 elementor-2588 elementor-bc-flex-widget\" data-elementor-post-type=\"page\">\n\t\t\t\t<div class=\"elementor-element elementor-element-iwgw-wendigo-hero e-flex e-con-boxed e-con e-parent\" data-id=\"iwgw-wendigo-hero\" data-element_type=\"container\" data-e-type=\"container\" data-settings=\"{&quot;background_background&quot;:&quot;classic&quot;}\">\n\t\t\t\t\t<div class=\"e-con-inner\">\n\t\t<div class=\"elementor-element elementor-element-iwgw-wendigo-hl e-flex e-con-boxed e-con e-child\" data-id=\"iwgw-wendigo-hl\" data-element_type=\"container\" data-e-type=\"container\">\n\t\t\t\t\t<div class=\"e-con-inner\">\n\t\t<div class=\"elementor-element elementor-element-iwgw-wendigo-htxt e-con-full e-flex e-con e-child\" data-id=\"iwgw-wendigo-htxt\" data-element_type=\"container\" data-e-type=\"container\">\n\t\t\t\t<div class=\"elementor-element elementor-element-iwgw-wendigo-h1 elementor-widget elementor-widget-heading\" data-id=\"iwgw-wendigo-h1\" data-element_type=\"widget\" data-e-type=\"widget\" data-widget_type=\"heading.default\">\n\t\t\t\t\t<h1 class=\"elementor-heading-title elementor-size-default\">Wendigo, kannibalande och k\u00f6ldemon hos Nordamerikas skogsfolk<\/h1>\t\t\t\t<\/div>\n\t\t\t\t<div class=\"elementor-element elementor-element-iwgw-wendigo-lead elementor-widget elementor-widget-text-editor\" data-id=\"iwgw-wendigo-lead\" data-element_type=\"widget\" data-e-type=\"widget\" data-widget_type=\"text-editor.default\">\n\t\t\t\t\t\t\t\t\t<p>Wendigo (algonkin <em>Wiindigoo<\/em>, i olika spr\u00e5k \u00e4ven Witiko, Wetiko, Windigo) \u00e4r kannibalanden och k\u00f6ldemonen hos Nordamerikas skogsfolk, s\u00e4rskilt anishinabe (ojibwa, algonkin, cree). Han r\u00e4knas till de mest fruktade skadeandarna i den amerikanska religionshistorien.<\/p>\t\t\t\t\t\t\t\t<\/div>\n\t\t\t\t<\/div>\n\t\t<div class=\"elementor-element elementor-element-iwgw-wendigo-pillc e-con-full e-flex e-con e-child\" data-id=\"iwgw-wendigo-pillc\" data-element_type=\"container\" data-e-type=\"container\">\n\t\t\t\t<div class=\"elementor-element elementor-element-iwgw-wendigo-pills elementor-widget elementor-widget-html\" data-id=\"iwgw-wendigo-pills\" data-element_type=\"widget\" data-e-type=\"widget\" data-widget_type=\"html.default\">\n\t\t\t\t\t<div class=\"iwg-pill-row\"><span class=\"iwg-klasse-badge\" tabindex=\"0\" data-tooltip=\"Skadeande inom traditionen Native American.\">Skadeande<\/span><a href=\"https:\/\/iwell-guard.com\/sv\/indianska-gudar-wakan-tanka-first-nations\/\" class=\"iwg-kultur-badge\" tabindex=\"0\" data-tooltip=\"Mytologin inom traditionen Native American.\">Native American<\/a><span class=\"iwg-tradition-badge\" tabindex=\"0\" data-tooltip=\"Kannibaldemon.\">Kannibaldemon<\/span><\/div>\t\t\t\t<\/div>\n\t\t\t\t<\/div>\n\t\t<div class=\"elementor-element elementor-element-iwgw-wendigo-tocc e-con-full e-flex e-con e-child\" data-id=\"iwgw-wendigo-tocc\" data-element_type=\"container\" data-e-type=\"container\">\n\t\t\t\t<div class=\"elementor-element elementor-element-iwgw-wendigo-toc elementor-toc--minimized-on-tablet elementor-widget elementor-widget-table-of-contents\" data-id=\"iwgw-wendigo-toc\" data-element_type=\"widget\" data-e-type=\"widget\" data-settings=\"{&quot;headings_by_tags&quot;:[&quot;h2&quot;,&quot;h3&quot;],&quot;minimize_box&quot;:&quot;yes&quot;,&quot;marker_view&quot;:&quot;bullets&quot;,&quot;no_headings_message&quot;:&quot;Inga rubriker hittades p\\u00e5 den h\\u00e4r sidan.&quot;,&quot;exclude_headings_by_selector&quot;:[],&quot;icon&quot;:{&quot;value&quot;:&quot;fas fa-circle&quot;,&quot;library&quot;:&quot;fa-solid&quot;,&quot;rendered_tag&quot;:&quot;&lt;svg class=\\&quot;e-font-icon-svg e-fas-circle\\&quot; viewBox=\\&quot;0 0 512 512\\&quot; xmlns=\\&quot;http:\\\/\\\/www.w3.org\\\/2000\\\/svg\\&quot;&gt;&lt;path d=\\&quot;M256 8C119 8 8 119 8 256s111 248 248 248 248-111 248-248S393 8 256 8z\\&quot;&gt;&lt;\\\/path&gt;&lt;\\\/svg&gt;&quot;},&quot;minimized_on&quot;:&quot;tablet&quot;,&quot;hierarchical_view&quot;:&quot;yes&quot;,&quot;min_height&quot;:{&quot;unit&quot;:&quot;px&quot;,&quot;size&quot;:&quot;&quot;,&quot;sizes&quot;:[]},&quot;min_height_tablet&quot;:{&quot;unit&quot;:&quot;px&quot;,&quot;size&quot;:&quot;&quot;,&quot;sizes&quot;:[]},&quot;min_height_mobile&quot;:{&quot;unit&quot;:&quot;px&quot;,&quot;size&quot;:&quot;&quot;,&quot;sizes&quot;:[]}}\" data-widget_type=\"table-of-contents.default\">\n\t\t\t\t\t\t\t\t\t<div class=\"elementor-toc__header\">\n\t\t\t\t\t\t<h2 class=\"elementor-toc__header-title\">\n\t\t\t\tInneh\u00e5llsf\u00f6rteckning\t\t\t<\/h2>\n\t\t\t\t\t\t\t\t\t\t<div class=\"elementor-toc__toggle-button elementor-toc__toggle-button--expand\" role=\"button\" tabindex=\"0\" aria-controls=\"elementor-toc__iwgw-wendigo-toc\" aria-expanded=\"true\" aria-label=\"Inhaltsverzeichnis \u00f6ffnen\"><svg aria-hidden=\"true\" class=\"e-font-icon-svg e-fas-chevron-down\" viewBox=\"0 0 448 512\" xmlns=\"http:\/\/www.w3.org\/2000\/svg\"><path d=\"M207.029 381.476L12.686 187.132c-9.373-9.373-9.373-24.569 0-33.941l22.667-22.667c9.357-9.357 24.522-9.375 33.901-.04L224 284.505l154.745-154.021c9.379-9.335 24.544-9.317 33.901.04l22.667 22.667c9.373 9.373 9.373 24.569 0 33.941L240.971 381.476c-9.373 9.372-24.569 9.372-33.942 0z\"><\/path><\/svg><\/div>\n\t\t\t\t<div class=\"elementor-toc__toggle-button elementor-toc__toggle-button--collapse\" role=\"button\" tabindex=\"0\" aria-controls=\"elementor-toc__iwgw-wendigo-toc\" aria-expanded=\"true\" aria-label=\"Inhaltsverzeichnis schlie\u00dfen\"><svg aria-hidden=\"true\" class=\"e-font-icon-svg e-fas-chevron-up\" viewBox=\"0 0 448 512\" xmlns=\"http:\/\/www.w3.org\/2000\/svg\"><path d=\"M240.971 130.524l194.343 194.343c9.373 9.373 9.373 24.569 0 33.941l-22.667 22.667c-9.357 9.357-24.522 9.375-33.901.04L224 227.495 69.255 381.516c-9.379 9.335-24.544 9.317-33.901-.04l-22.667-22.667c-9.373-9.373-9.373-24.569 0-33.941L207.03 130.525c9.372-9.373 24.568-9.373 33.941-.001z\"><\/path><\/svg><\/div>\n\t\t\t\t\t<\/div>\n\t\t\t\t<div id=\"elementor-toc__iwgw-wendigo-toc\" class=\"elementor-toc__body\">\n\t\t\t<div class=\"elementor-toc__spinner-container\">\n\t\t\t\t<svg class=\"elementor-toc__spinner eicon-animation-spin e-font-icon-svg e-eicon-loading\" aria-hidden=\"true\" viewBox=\"0 0 1000 1000\" xmlns=\"http:\/\/www.w3.org\/2000\/svg\"><path d=\"M500 975V858C696 858 858 696 858 500S696 142 500 142 142 304 142 500H25C25 237 238 25 500 25S975 237 975 500 763 975 500 975Z\"><\/path><\/svg>\t\t\t<\/div>\n\t\t<\/div>\n\t\t\t\t\t\t<\/div>\n\t\t\t\t<\/div>\n\t\t\t\t\t<\/div>\n\t\t\t\t<\/div>\n\t\t<div class=\"elementor-element elementor-element-iwgw-wendigo-hr e-con-full e-flex e-con e-child\" data-id=\"iwgw-wendigo-hr\" data-element_type=\"container\" data-e-type=\"container\">\n\t\t\t\t<div class=\"elementor-element elementor-element-iwgw-wendigo-heroimg iwg-hero-image elementor-widget elementor-widget-image\" data-id=\"iwgw-wendigo-heroimg\" data-element_type=\"widget\" data-e-type=\"widget\" data-widget_type=\"image.default\">\n\t\t\t\t\t\t\t\t\t\t\t\t\t\t\t<img fetchpriority=\"high\" decoding=\"async\" width=\"683\" height=\"1024\" src=\"https:\/\/iwell-guard.com\/wp-content\/uploads\/2026\/05\/geister_native-american_wendigo-683x1024.webp\" class=\"attachment-large size-large wp-image-2701\" alt=\"Wendigo - Geister aus der Native-american-Tradition, historisch-illustrativ\" srcset=\"https:\/\/iwell-guard.com\/wp-content\/uploads\/2026\/05\/geister_native-american_wendigo-683x1024.webp 683w, https:\/\/iwell-guard.com\/wp-content\/uploads\/2026\/05\/geister_native-american_wendigo-200x300.webp 200w, https:\/\/iwell-guard.com\/wp-content\/uploads\/2026\/05\/geister_native-american_wendigo-768x1152.webp 768w, https:\/\/iwell-guard.com\/wp-content\/uploads\/2026\/05\/geister_native-american_wendigo.webp 1024w\" sizes=\"(max-width: 683px) 100vw, 683px\" \/>\t\t\t\t\t\t\t\t\t\t\t\t\t\t\t<\/div>\n\t\t\t\t<\/div>\n\t\t\t\t\t<\/div>\n\t\t\t\t<\/div>\n\t\t\t\t<section class=\"elementor-section elementor-top-section elementor-element elementor-element-sec-iwgcomp-wendigo elementor-section-boxed elementor-section-height-default elementor-section-height-default\" data-id=\"sec-iwgcomp-wendigo\" data-element_type=\"section\" data-e-type=\"section\">\n\t\t\t\t\t\t<div class=\"elementor-container elementor-column-gap-default\">\n\t\t\t\t\t<div class=\"elementor-column elementor-col-100 elementor-top-column elementor-element elementor-element-col-iwgcomp-wendigo\" data-id=\"col-iwgcomp-wendigo\" data-element_type=\"column\" data-e-type=\"column\">\n\t\t\t<div class=\"elementor-widget-wrap elementor-element-populated\">\n\t\t\t\t\t\t<div class=\"elementor-element elementor-element-iwgcomp-wendigo elementor-widget elementor-widget-text-editor\" data-id=\"iwgcomp-wendigo\" data-element_type=\"widget\" data-e-type=\"widget\" data-widget_type=\"text-editor.default\">\n\t\t\t\t\t\t\t\t\t<p>Som <strong>algonkinsk kannibalande<\/strong> \u00e4r Wendigo det centrala f\u00f6rkroppsligandet av hunger, vinterns tv\u00e5ng och kulturella tabun i ber\u00e4ttelserna hos nordamerikanska algonkintalande folk.<\/p>\t\t\t\t\t\t\t\t<\/div>\n\t\t\t\t\t<\/div>\n\t\t<\/div>\n\t\t\t\t\t<\/div>\n\t\t<\/section>\n\t\t<div class=\"elementor-element elementor-element-iwgw-wendigo-s0 e-flex e-con-boxed e-con e-parent\" data-id=\"iwgw-wendigo-s0\" data-element_type=\"container\" data-e-type=\"container\">\n\t\t\t\t\t<div class=\"e-con-inner\">\n\t\t\t\t<div class=\"elementor-element elementor-element-iwgw-wendigo-s0h elementor-widget elementor-widget-heading\" data-id=\"iwgw-wendigo-s0h\" data-element_type=\"widget\" data-e-type=\"widget\" data-widget_type=\"heading.default\">\n\t\t\t\t\t<h2 class=\"elementor-heading-title elementor-size-default\">Placering inom algonkinsk religion<\/h2>\t\t\t\t<\/div>\n\t\t<div class=\"elementor-element elementor-element-iwgw-wendigo-s0c e-con-full e-flex e-con e-child\" data-id=\"iwgw-wendigo-s0c\" data-element_type=\"container\" data-e-type=\"container\">\n\t\t\t\t<div class=\"elementor-element elementor-element-iwgw-wendigo-s0t elementor-widget elementor-widget-text-editor\" data-id=\"iwgw-wendigo-s0t\" data-element_type=\"widget\" data-e-type=\"widget\" data-widget_type=\"text-editor.default\">\n\t\t\t\t\t\t\t\t\t<p>Wendigo tillh\u00f6r skadeande-<span class=\"iwg-fachbegriff\" data-tooltip=\"Den samlade upps\u00e4ttningen gudar inom en religion eller kultur.\" tabindex=\"0\">pantheon<\/span> hos de algonkintalande folken i Nordamerikas skogsomr\u00e5de, anishinabe (ojibwa, chippewa, algonkin), cree, innu, naskapi.<\/p><p>Geografiskt str\u00e4cker sig utbredningsomr\u00e5det f\u00f6r wendigober\u00e4ttelserna fr\u00e5n Stora sj\u00f6arna i s\u00f6der till Labradorhalv\u00f6n i norr, och fr\u00e5n Atlantkusten i \u00f6ster till Klippiga bergen i v\u00e4ster. Wendigo \u00e4r d\u00e4rmed en pan-algonkinsk tradition som \u00e4r spridd med f\u00f6rv\u00e5nansv\u00e4rd konsekvens \u00f6ver spr\u00e5k- och stamgr\u00e4nser.<\/p><p>Religionsvetenskapligt tillh\u00f6r Wendigo klassen <em>kannibalandar<\/em>, v\u00e4sen som uppst\u00e5r genom att \u00e4ta m\u00e4nniskok\u00f6tt eller som sj\u00e4lva \u00e4ter m\u00e4nniskor. Strukturellt j\u00e4mf\u00f6rbara \u00e4r de australisk-aboriginska kurdaitcha-v\u00e4sendena, de slaviskt-sydeuropeiska vampyrv\u00e4sendena, de japanska onibaba och, med stora kulturella skillnader, de karibiska soucouyant-v\u00e4sendena.<\/p><p>Den specifika algonkinska wendigo-uppfattningen f\u00f6renar dock kannibal-<span class=\"iwg-fachbegriff\" data-tooltip=\"Ett \u00e5terkommande inneh\u00e5llsm\u00e4ssigt element i konst eller ber\u00e4ttande.\" tabindex=\"0\">motivet<\/span> med k\u00f6ld-<span class=\"iwg-fachbegriff\" data-tooltip=\"Ett \u00e5terkommande inneh\u00e5llsm\u00e4ssigt element i konst eller ber\u00e4ttande.\" tabindex=\"0\">motivet<\/span>: Wendigo \u00e4r inte bara m\u00e4nnisko\u00e4tare, utan \u00e4ven personifierad kyla och hunger.<\/p><p>De tidigaste europeiska uppteckningarna om Wendigo kommer fr\u00e5n franska jesuitmission\u00e4rers rapporter under f\u00f6rsta halvan av 1600-talet. Paul LeJeune n\u00e4mner v\u00e4sendet 1636 i sina <em>Relations<\/em>; senare jesuiter l\u00e4mnade mer detaljerade beskrivningar.<\/p><p><span data-nosnippet>Den moderna etnografiska forskningen pr\u00e4glas s\u00e4rskilt av arbeten av Diamond Jenness (<em>The Ojibwa Indians<\/em>, 1935), Ruth Landes (<em>Ojibwa Religion and the Midewiwin<\/em>, 1968) och Basil Johnston (<em>The Manitous<\/em>, 1995).<\/span><\/p><p>En anm\u00e4rkningsv\u00e4rd iakttagelse \u00e4r att wendigotraditionen, trots sin geografiska spridning, uppvisar betydande regional variation i detalj. Hos de mer nordligt bel\u00e4gna cree och innu \u00e4r isinslaget s\u00e4rskilt starkt utpr\u00e4glat, eftersom vintrarna d\u00e4r \u00e4r h\u00e5rdast.<\/p><p>Hos de sydligare anishinabe i regionen kring Stora sj\u00f6arna framtr\u00e4der den sociala komponenten starkare: h\u00e4r \u00e4r Wendigo mindre personifierad kyla \u00e4n personifierad, samh\u00e4llsf\u00f6rst\u00f6rande girighet. Denna regionala differentiering har beskrivits av den kanadensiska antropologen Heather Howard i <em>Aboriginal Peoples in Canadian Cities<\/em> (2011) som exempel p\u00e5 den kulturhistoriska m\u00e5ngfalden inom ursprungsbefolkningens religion inom en till synes enhetlig tradition.<\/p>\t\t\t\t\t\t\t\t<\/div>\n\t\t\t\t<\/div>\n\t\t\t\t\t<\/div>\n\t\t\t\t<\/div>\n\t\t<div class=\"elementor-element elementor-element-iwgw-wendigo-s1 e-flex e-con-boxed e-con e-parent\" data-id=\"iwgw-wendigo-s1\" data-element_type=\"container\" data-e-type=\"container\">\n\t\t\t\t\t<div class=\"e-con-inner\">\n\t\t\t\t<div class=\"elementor-element elementor-element-iwgw-wendigo-s1h elementor-widget elementor-widget-heading\" data-id=\"iwgw-wendigo-s1h\" data-element_type=\"widget\" data-e-type=\"widget\" data-widget_type=\"heading.default\">\n\t\t\t\t\t<h2 class=\"elementor-heading-title elementor-size-default\">Namn och etymologi<\/h2>\t\t\t\t<\/div>\n\t\t<div class=\"elementor-element elementor-element-iwgw-wendigo-s1c e-con-full e-flex e-con e-child\" data-id=\"iwgw-wendigo-s1c\" data-element_type=\"container\" data-e-type=\"container\">\n\t\t\t\t<div class=\"elementor-element elementor-element-iwgw-wendigo-s1t elementor-widget elementor-widget-text-editor\" data-id=\"iwgw-wendigo-s1t\" data-element_type=\"widget\" data-e-type=\"widget\" data-widget_type=\"text-editor.default\">\n\t\t\t\t\t\t\t\t\t<p>Det algonkinska namnet varierar beroende p\u00e5 spr\u00e5k. P\u00e5 ojibwa heter v\u00e4sendet <em>Wiindigoo<\/em> eller <em>Windigo<\/em>; p\u00e5 cree <em>Witiko<\/em> eller <em>Wetiko<\/em>; p\u00e5 innu <em>Atshen<\/em>; i den fransk-kanadensiska voyageur-traditionen (en anm\u00e4rkningsv\u00e4rd till\u00e4gnelse av inhemsk tradition av icke-inhemska p\u00e4lshandlare) <em>Wendigo<\/em>. Den engelska standardstavningen <em>Wendigo<\/em> blev allm\u00e4n f\u00f6rst p\u00e5 1800-talet.<\/p><p>Etymologin \u00e4r inte entydigt klarlagd. Den kanadensiske lingvisten Rand Valentine f\u00f6resl\u00e5r att <em>wiindigoo<\/em> h\u00e4rleds fr\u00e5n en stamrot <em>wiind-<\/em> (ond, skadlig) och ett v\u00e4sens-suffix <em>-igoo<\/em>, vilket skulle g\u00f6ra Wiindigoo ordagrant till <em>den onde<\/em>. En alternativ etymologi f\u00f6rbinder stamroten med betydelsen <em>f\u00f6rt\u00e4ra<\/em>, vilket skulle ge <em>den f\u00f6rt\u00e4rande<\/em>.<\/p><p>Anm\u00e4rkningsv\u00e4rd \u00e4r den spr\u00e5kliga funktionen hos ordet <em>wiindigoo<\/em>: i ojibwaspr\u00e5ket anv\u00e4nds det inte bara som substantiv (v\u00e4sendet Wendigo), utan \u00e4ven som verb (<em>wiindigowin<\/em>, att f\u00f6rvandlas till en wendigo) och som adjektiv (wiindigo-liknande beteende). Denna flexibla grammatiska anv\u00e4ndning visar konceptets centrala st\u00e4llning i den algonkinska f\u00f6rest\u00e4llningsv\u00e4rlden.<\/p>\t\t\t\t\t\t\t\t<\/div>\n\t\t\t\t<\/div>\n\t\t\t\t\t<\/div>\n\t\t\t\t<\/div>\n\t\t<div class=\"elementor-element elementor-element-iwgw-wendigo-s2 e-flex e-con-boxed e-con e-parent\" data-id=\"iwgw-wendigo-s2\" data-element_type=\"container\" data-e-type=\"container\">\n\t\t\t\t\t<div class=\"e-con-inner\">\n\t\t\t\t<div class=\"elementor-element elementor-element-iwgw-wendigo-s2h elementor-widget elementor-widget-heading\" data-id=\"iwgw-wendigo-s2h\" data-element_type=\"widget\" data-e-type=\"widget\" data-widget_type=\"heading.default\">\n\t\t\t\t\t<h2 class=\"elementor-heading-title elementor-size-default\">Beskrivning och ikonografi<\/h2>\t\t\t\t<\/div>\n\t\t<div class=\"elementor-element elementor-element-iwgw-wendigo-s2c e-con-full e-flex e-con e-child\" data-id=\"iwgw-wendigo-s2c\" data-element_type=\"container\" data-e-type=\"container\">\n\t\t\t\t<div class=\"elementor-element elementor-element-iwgw-wendigo-s2t elementor-widget elementor-widget-text-editor\" data-id=\"iwgw-wendigo-s2t\" data-element_type=\"widget\" data-e-type=\"widget\" data-widget_type=\"text-editor.default\">\n\t\t\t\t\t\t\t\t\t<p>I de traditionella algonkinska ber\u00e4ttelserna beskrivs Wendigo som en stor, g\u00e4nglig, utm\u00e4rglad gestalt. Kroppen \u00e4r avmagrad och t\u00e4ckt av hud som sp\u00e4nner \u00f6ver utstickande ben; munnen \u00e4r utrustad med l\u00e5nga, vassa t\u00e4nder, och andedr\u00e4kten \u00e4r iskall och stinker av f\u00f6rruttnelse.<\/p><p>Ibland framst\u00e4lls han som en f\u00f6rstorad variant av m\u00e4nniskokroppen, flera meter h\u00f6g, ibland som en f\u00f6rvriden, uttorkad gestalt med ishud.<\/p><p>Karakteristisk \u00e4r iskonnotationen: Wendigo beskrivs ofta som best\u00e5ende <em>av is<\/em> eller <em>genomdragen av is<\/em>. Hans andedr\u00e4kt s\u00e4gs producera frostdimma; d\u00e4r han g\u00e5r fryser luften till. Denna iskomponent f\u00f6rbinder honom med den h\u00e5rda kanadensiska vintertraditionen och g\u00f6r honom till en personifierad f\u00f6rnimmelse av vinterns fara.<\/p><p>I den moderna popul\u00e4ra ikonografin, s\u00e4rskilt genom spridningen av wendigomotivet i skr\u00e4ckfilm och fantasylitteratur sedan 1980-talet, har en egen bildtradition uppst\u00e5tt som utrustar Wendigo med hjortkronhorn, djurhuvud och \u00f6vernaturligt f\u00f6rstorade proportioner. Denna bildtradition \u00e4r dock inte en algonkinsk tradition, utan en samtida popul\u00e4rkulturell till\u00e4gnelse som ofta kritiseras i den inhemska debatten.<\/p>\t\t\t\t\t\t\t\t<\/div>\n\t\t\t\t<\/div>\n\t\t\t\t\t<\/div>\n\t\t\t\t<\/div>\n\t\t<div class=\"elementor-element elementor-element-iwgw-wendigo-s3 e-flex e-con-boxed e-con e-parent\" data-id=\"iwgw-wendigo-s3\" data-element_type=\"container\" data-e-type=\"container\">\n\t\t\t\t\t<div class=\"e-con-inner\">\n\t\t\t\t<div class=\"elementor-element elementor-element-iwgw-wendigo-s3h elementor-widget elementor-widget-heading\" data-id=\"iwgw-wendigo-s3h\" data-element_type=\"widget\" data-e-type=\"widget\" data-widget_type=\"heading.default\">\n\t\t\t\t\t<h2 class=\"elementor-heading-title elementor-size-default\">Mytologiska ber\u00e4ttelser<\/h2>\t\t\t\t<\/div>\n\t\t<div class=\"elementor-element elementor-element-iwgw-wendigo-s3c e-con-full e-flex e-con e-child\" data-id=\"iwgw-wendigo-s3c\" data-element_type=\"container\" data-e-type=\"container\">\n\t\t\t\t<div class=\"elementor-element elementor-element-iwgw-wendigo-s3t elementor-widget elementor-widget-text-editor\" data-id=\"iwgw-wendigo-s3t\" data-element_type=\"widget\" data-e-type=\"widget\" data-widget_type=\"text-editor.default\">\n\t\t\t\t\t\t\t\t\t<p>Den mytologiska <span class=\"iwg-fachbegriff\" data-tooltip=\"\u00d6verf\u00f6ringen av kunskap och ber\u00e4ttelser genom generationer.\" tabindex=\"0\">\u00f6verl\u00e4mningen<\/span> kring wendigon \u00e4r omfattande och finns bevarad i ett stort antal versioner. En central ber\u00e4ttelseform beskriver hur en m\u00e4nniska blir en wendigo genom att \u00e4ta m\u00e4nniskok\u00f6tt.<\/p><p>Enligt algonkinska f\u00f6rest\u00e4llningar \u00e4r denna process irreversibel: den som en g\u00e5ng har \u00e4tit m\u00e4nniskok\u00f6tt, till exempel i en extrem n\u00f6dsituation under den nordkanadensiska vintern, utvecklar en om\u00e4ttlig hunger efter mer och blir en kannibalisk ande.<\/p><p>En andra ber\u00e4ttelseform beskriver <em>wendigo-dr\u00f6mmen<\/em>: en ung man eller kvinna dr\u00f6mmer upprepade g\u00e5nger att han eller hon f\u00f6rvandlas till en wendigo. Detta dr\u00f6mfenomen betraktas som en allvarlig andlig kris som kr\u00e4ver rituell intervention.<\/p><p>Om dr\u00f6mmarna inte bearbetas kan den dr\u00f6mmande verkligen glida in i wendigo-tillst\u00e5ndet, en psykisk st\u00f6rning som i den etnopsykiatriska litteraturen beskrivits som <em>wendigo-psykos<\/em> eller <em>Wiindigoo Syndrome<\/em>.<\/p><p>En tredje ber\u00e4ttelseform handlar om m\u00f6ten med wendigon i vildmarken. Unga j\u00e4gare som jagar f\u00f6r l\u00e5ngt fr\u00e5n huvudgruppen kan m\u00f6ta en wendigo, oftast efter m\u00f6rkrets inbrott och ofta under de sn\u00f6rika vinterm\u00e5naderna.<\/p><p>M\u00f6tet \u00e4r f\u00f6r det mesta d\u00f6dligt. Endast f\u00e5 ber\u00e4ttar \u00f6ver huvud taget om det, och i s\u00e5dana fall m\u00e5ste personen omedelbart genomg\u00e5 en omfattande renings-<span class=\"iwg-fachbegriff\" data-tooltip=\"En h\u00f6gtidlig handling som utf\u00f6rs enligt fastst\u00e4llda regler.\" tabindex=\"0\">ceremoni<\/span> f\u00f6r att inte sj\u00e4lv bli en wendigo.<\/p><p>En fj\u00e4rde viktig ber\u00e4ttelseform r\u00f6r <em>wendigo-familjen<\/em>: i vissa traditioner upptr\u00e4der wendigon som del av en wendigo-familj, med wendigo-maka, wendigo-barn och en hel wendigo-sl\u00e4kt.<\/p><p>Denna sociala form hos wendigon visar att det inte r\u00f6r sig om en ensam skr\u00e4ckgestalt, utan om en egen samh\u00e4llelig motv\u00e4rld, som s\u00e4gs f\u00f6ra en egen, parallell tillvaro i de avl\u00e4gsna vildmarkerna i norra Kanada och regionen kring de stora sj\u00f6arna.<\/p><p>Denna wendigo-samh\u00e4lle framst\u00e5r i ber\u00e4ttelserna som en grotesk spegelbild av det m\u00e4nskliga samh\u00e4llet, med liknande strukturer men genomg\u00e5ende kannibalisk och f\u00f6rd\u00e4rvad.<\/p>\t\t\t\t\t\t\t\t<\/div>\n\t\t\t\t<\/div>\n\t\t\t\t\t<\/div>\n\t\t\t\t<\/div>\n\t\t<div class=\"elementor-element elementor-element-iwgw-wendigo-s4 e-flex e-con-boxed e-con e-parent\" data-id=\"iwgw-wendigo-s4\" data-element_type=\"container\" data-e-type=\"container\">\n\t\t\t\t\t<div class=\"e-con-inner\">\n\t\t\t\t<div class=\"elementor-element elementor-element-iwgw-wendigo-s4h elementor-widget elementor-widget-heading\" data-id=\"iwgw-wendigo-s4h\" data-element_type=\"widget\" data-e-type=\"widget\" data-widget_type=\"heading.default\">\n\t\t\t\t\t<h2 class=\"elementor-heading-title elementor-size-default\">Wendigo-psykos och etnopsykiatrisk diskussion<\/h2>\t\t\t\t<\/div>\n\t\t<div class=\"elementor-element elementor-element-iwgw-wendigo-s4c e-con-full e-flex e-con e-child\" data-id=\"iwgw-wendigo-s4c\" data-element_type=\"container\" data-e-type=\"container\">\n\t\t\t\t<div class=\"elementor-element elementor-element-iwgw-wendigo-s4t elementor-widget elementor-widget-text-editor\" data-id=\"iwgw-wendigo-s4t\" data-element_type=\"widget\" data-e-type=\"widget\" data-widget_type=\"text-editor.default\">\n\t\t\t\t\t\t\t\t\t<p>I den etnopsykiatriska litteraturen \u00e4r den s\u00e5 kallade <em>wendigo-psykosen<\/em> eller <em>Wiindigoo Syndrome<\/em> ett flitigt diskuterat begrepp. Det beskriver en klinisk bild d\u00e4r en m\u00e4nniska tror sig f\u00f6rvandlas till en wendigo, med om\u00e4ttlig hunger efter m\u00e4nniskok\u00f6tt, med f\u00f6ruts\u00e4gelser om egna kommande kannibalhandlingar, och i vissa fall med faktiskt kannibalistiskt beteende.<\/p><p><span data-nosnippet>Den psykiatriska statusen f\u00f6r wendigo-psykosen \u00e4r omtvistad. \u00c4ldre etnopsykiatrisk litteratur (Morton Teicher, <em>Windigo Psychosis<\/em>, 1960) har kategoriserat diagnosen som ett kulturspecifikt psykiatriskt syndrom.<\/span><\/p><p><span data-nosnippet>Nyare kritiska studier, s\u00e4rskilt arbetena av Lou Marano (<em>Windigo Psychosis: The Anatomy of an Emic-Etic Confusion<\/em>, 1982), har avvisat diagnosen som en etnografisk konstruktion som d\u00f6ljer de faktiska socioekonomiska realiteterna bakom den nordkanadensiska vinterhungern.<\/span><\/p><p>Den religionsvetenskapliga synen \u00e4r att wendigo-traditionen i f\u00f6rsta hand \u00e4r en kulturell bearbetning av den existentiella n\u00f6dsituation som den nordkanadensiska vintern innebar.<\/p><p>Under de extrema f\u00f6rh\u00e5llanden d\u00e4r isolerade j\u00e4garfamiljer under veckor eller m\u00e5nader tvingades klara sig utan f\u00f6rr\u00e5d var kannibalism ett verkligt hot, som uppfattades inte bara som ett fysiskt utan \u00e4ven som ett religi\u00f6st-andligt problem. Wendigon \u00e4r den personifierade f\u00f6rkroppsligandet av detta hot, och samtidigt den rituella formen f\u00f6r att bearbeta och avv\u00e4rja det.<\/p>\t\t\t\t\t\t\t\t<\/div>\n\t\t\t\t<\/div>\n\t\t\t\t\t<\/div>\n\t\t\t\t<\/div>\n\t\t<div class=\"elementor-element elementor-element-iwgw-wendigo-s5 e-flex e-con-boxed e-con e-parent\" data-id=\"iwgw-wendigo-s5\" data-element_type=\"container\" data-e-type=\"container\">\n\t\t\t\t\t<div class=\"e-con-inner\">\n\t\t\t\t<div class=\"elementor-element elementor-element-iwgw-wendigo-s5h elementor-widget elementor-widget-heading\" data-id=\"iwgw-wendigo-s5h\" data-element_type=\"widget\" data-e-type=\"widget\" data-widget_type=\"heading.default\">\n\t\t\t\t\t<h2 class=\"elementor-heading-title elementor-size-default\">Skyddspraxis och apotropeisk verkan<\/h2>\t\t\t\t<\/div>\n\t\t<div class=\"elementor-element elementor-element-iwgw-wendigo-s5c e-con-full e-flex e-con e-child\" data-id=\"iwgw-wendigo-s5c\" data-element_type=\"container\" data-e-type=\"container\">\n\t\t\t\t<div class=\"elementor-element elementor-element-iwgw-wendigo-s5t elementor-widget elementor-widget-text-editor\" data-id=\"iwgw-wendigo-s5t\" data-element_type=\"widget\" data-e-type=\"widget\" data-widget_type=\"text-editor.default\">\n\t\t\t\t\t\t\t\t\t<p>Skyddspraxis mot wendigon utg\u00f6r ett viktigt omr\u00e5de inom algonkinsk religion. Den koncentreras kring fyra omr\u00e5den: undvikande av kannibalism (\u00e4ven i extrem n\u00f6dsituation), rening efter eventuell wendigo-kontamination, igenk\u00e4nnande av wendigo-tecken hos sig sj\u00e4lv eller andra, samt rituellt d\u00f6dande av en bekr\u00e4ftad wendigo.<\/p><p>Konkreta skyddspraktiker omfattar att br\u00e4nna tobak i de fyra v\u00e4derstrecken f\u00f6re varje l\u00e4ngre vildmarksexpedition, att sprida bison-<span class=\"iwg-fachbegriff\" data-tooltip=\"En traditionsburen ber\u00e4ttelse med ofta historisk k\u00e4rna och underbara drag.\" tabindex=\"0\">salvia<\/span> och s\u00f6tgr\u00e4s i l\u00e4geromr\u00e5det, att rituellt dricka fett f\u00f6r att st\u00e4rka den inre v\u00e4rmen (en konkret antikannibalistisk praktik), samt att b\u00e4ra sm\u00e5 skyddsamuletter av ben eller sten, som sk\u00e4nkts i en syn.<\/p><p>En s\u00e4rskilt gripande skyddspraktik \u00e4r det rituella d\u00f6dandet av en bekr\u00e4ftad wendigo. N\u00e4r en m\u00e4nniska slutgiltigt f\u00f6rvandlats till en wendigo, vilket oftast fastst\u00e4lldes genom hans eller hennes beteende, f\u00f6ruts\u00e4gelser eller kannibalistiska handlingar, m\u00e5ste han enligt algonkinsk tradition d\u00f6das <span class=\"iwg-fachbegriff\" data-tooltip=\"Tillh\u00f6rande ett fastst\u00e4llt religi\u00f6st handlingsf\u00f6rlopp.\" tabindex=\"0\">rituellt<\/span>.<\/p><p>Detta d\u00f6dande beslutades och utf\u00f6rdes kollektivt av samh\u00e4llet. Liken m\u00e5ste d\u00e4refter br\u00e4nnas med eld och hj\u00e4rtat genomborras med j\u00e4rn eller sten f\u00f6r att f\u00f6rhindra \u00e5terkomst. Denna praxis \u00e4r dokumenterad i flera historiska fall hos kanadensiska myndigheter, vilket lett till komplicerade koloniala r\u00e4ttstvister.<\/p><p>Inom Anishinabe-Mide-religionen (Midewiwin, ojibwans institutionaliserade heliga s\u00e4llskap) finns specifika rituella f\u00f6rfaranden f\u00f6r att hantera hotet fr\u00e5n wendigon. <em>Mide<\/em>-helaren, en h\u00f6gt initierad medlem av Mide-s\u00e4llskapet, f\u00f6rfogar \u00f6ver helandef\u00f6rfaranden mot de f\u00f6rsta tecknen p\u00e5 en wendigo-f\u00f6rvandling.<\/p><p>Dessa omfattar att dricka fettrikt sm\u00e4lt fett, r\u00f6kelse med tallk\u00e5da, rituell s\u00e5ng av s\u00e4rskilda Mide-s\u00e5nger och i extrema fall utdrivning av wendigo-anden genom en kollektiv trumceremoni. Ruth Landes har systematiskt beskrivit denna Mide-wendigo-helandepraxis i sina etnografiska verk.<\/p>\t\t\t\t\t\t\t\t<\/div>\n\t\t\t\t<\/div>\n\t\t\t\t\t<\/div>\n\t\t\t\t<\/div>\n\t\t<div class=\"elementor-element elementor-element-iwgw-wendigo-s6 e-flex e-con-boxed e-con e-parent\" data-id=\"iwgw-wendigo-s6\" data-element_type=\"container\" data-e-type=\"container\">\n\t\t\t\t\t<div class=\"e-con-inner\">\n\t\t\t\t<div class=\"elementor-element elementor-element-iwgw-wendigo-s6h elementor-widget elementor-widget-heading\" data-id=\"iwgw-wendigo-s6h\" data-element_type=\"widget\" data-e-type=\"widget\" data-widget_type=\"heading.default\">\n\t\t\t\t\t<h2 class=\"elementor-heading-title elementor-size-default\">Paralleller i andra kulturer<\/h2>\t\t\t\t<\/div>\n\t\t<div class=\"elementor-element elementor-element-iwgw-wendigo-s6c e-con-full e-flex e-con e-child\" data-id=\"iwgw-wendigo-s6c\" data-element_type=\"container\" data-e-type=\"container\">\n\t\t\t\t<div class=\"elementor-element elementor-element-iwgw-wendigo-s6t elementor-widget elementor-widget-text-editor\" data-id=\"iwgw-wendigo-s6t\" data-element_type=\"widget\" data-e-type=\"widget\" data-widget_type=\"text-editor.default\">\n\t\t\t\t\t\t\t\t\t<p>Wendigo har regelbundet j\u00e4mf\u00f6rts med andra kannibalandekoncept inom den j\u00e4mf\u00f6rande <span class=\"iwg-fachbegriff\" data-tooltip=\"Vetenskapen som utforskar religioner j\u00e4mf\u00f6rande och utan trosbindning.\" tabindex=\"0\">religionsvetenskapen<\/span>. Strukturellt j\u00e4mf\u00f6rbara \u00e4r: den sydosteuropeiska vampyren (s\u00e4rskilt i den serbiska <em>Vrykolakas<\/em>-traditionen), den v\u00e4stafrikanska varhyenan, den mexikanska Tlazolteotl i hennes kannibalistiska aspekter, den japanska Onibaba och den polynesiska Atua-Kasai.<\/p><p>Inom Nordamerika \u00e4r Wendigo-traditionen n\u00e4ra besl\u00e4ktad med <em>Skadegamutc<\/em> hos wabanakierna och med kannibalandarna hos nordv\u00e4stkustens folk (till exempel <em>Hamatsa<\/em>-kannibaldansen hos kwakwaka&#8217;wakw). Den senare \u00e4r religionsetnologiskt s\u00e4rskilt intressant, eftersom den f\u00f6r \u00f6ver den wendigoliknande traditionen i ritualiserad form till en ungdomlig <span class=\"iwg-fachbegriff\" data-tooltip=\"Rituell \u00f6verg\u00e5ng genom vilken n\u00e5gon upptas i en ny status eller gemenskap.\" tabindex=\"0\">initiations<\/span>&#8211;<span class=\"iwg-fachbegriff\" data-tooltip=\"En reglerad sekvens av symboliska handlingar med religi\u00f6s eller kulturell betydelse.\" tabindex=\"0\">ritual<\/span>.<\/p><p>Den psykoanalytiska diskussionen sedan Jung har tolkat Wendigo som ett symboliskt uttryck f\u00f6r den omedvetna skuggsidan. Den amerikanske psykiatern John Mack har beskrivit Wendigo som en kulturspecifik gestaltning av <em>oral aggression<\/em>. Dessa psykoanalytiska tolkningar \u00e4r vetenskapligt omtvistade, eftersom de offrar den kulturhistoriska specificiteten i algonkintraditionen f\u00f6r en universalistisk djuppsykologi.<\/p><p>En ytterligare parallell visar den nordeuropeiska <em>troll<\/em>&#8211; och <em>draugr<\/em>-traditionen, d\u00e4r likaledes vinterns f\u00f6rst\u00f6rande kraft och de obegravda d\u00f6das kraft f\u00f6renas i en enda gestalt.<\/p><p>Denna konvergens mellan vitt skilda subarktiska kulturer \u00e4r religionsetnologiskt intressant och antyder att den existentiella erfarenheten av den l\u00e5nga, m\u00f6rka, hungriga vintern styr den religi\u00f6sa f\u00f6rest\u00e4llningen i en best\u00e4md riktning. Den historiska f\u00f6rbindelsen mellan algonkinernas wendigotraditioner och de fornnordiska draugr-traditionerna \u00e4r dock uteslutna; det r\u00f6r sig om konvergent utveckling under liknande ekologiska f\u00f6rh\u00e5llanden.<\/p>\t\t\t\t\t\t\t\t<\/div>\n\t\t\t\t<\/div>\n\t\t\t\t\t<\/div>\n\t\t\t\t<\/div>\n\t\t<div class=\"elementor-element elementor-element-iwgw-wendigo-s7 e-flex e-con-boxed e-con e-parent\" data-id=\"iwgw-wendigo-s7\" data-element_type=\"container\" data-e-type=\"container\">\n\t\t\t\t\t<div class=\"e-con-inner\">\n\t\t\t\t<div class=\"elementor-element elementor-element-iwgw-wendigo-s7h elementor-widget elementor-widget-heading\" data-id=\"iwgw-wendigo-s7h\" data-element_type=\"widget\" data-e-type=\"widget\" data-widget_type=\"heading.default\">\n\t\t\t\t\t<h2 class=\"elementor-heading-title elementor-size-default\">Nutida mottagande och forskning<\/h2>\t\t\t\t<\/div>\n\t\t<div class=\"elementor-element elementor-element-iwgw-wendigo-s7c e-con-full e-flex e-con e-child\" data-id=\"iwgw-wendigo-s7c\" data-element_type=\"container\" data-e-type=\"container\">\n\t\t\t\t<div class=\"elementor-element elementor-element-iwgw-wendigo-s7t elementor-widget elementor-widget-text-editor\" data-id=\"iwgw-wendigo-s7t\" data-element_type=\"widget\" data-e-type=\"widget\" data-widget_type=\"text-editor.default\">\n\t\t\t\t\t\t\t\t\t<p>Wendigo \u00e4r idag en av de mest k\u00e4nda figurerna fr\u00e5n indiansk religion i den v\u00e4sterl\u00e4ndska popul\u00e4rkulturen. Stephen Kings roman <em>Pet Sematary<\/em> (1983), filmatiseringen <em>Wendigo<\/em> (2001) av Larry Fessenden och m\u00e5nga fler romaner, filmer och serier har spridit Wendigo-<span class=\"iwg-fachbegriff\" data-tooltip=\"Ett \u00e5terkommande inneh\u00e5llsm\u00e4ssigt element i konst eller ber\u00e4ttande.\" tabindex=\"0\">motivet<\/span> vitt och brett. Denna popul\u00e4rkulturella spridning har dock ofta f\u00f6rvridit den specifikt algonkin-religi\u00f6sa traditionen och reducerat den till en fritt sv\u00e4vande skr\u00e4ckfigur.<\/p><p>I den inhemska akademiska diskussionen har den anishinabiska teologen Basil Johnston (<em>The Manitous<\/em>, 1995) f\u00f6rsvarat den genuina Wendigo-traditionen mot den popul\u00e4rkulturella exploateringen. Johnston tolkar Wendigo som en kulturkritisk symbolfigur: han st\u00e5r f\u00f6r girighetens gemenskapsf\u00f6rst\u00f6rande kraft, den om\u00e4ttliga konsumtionen, egoismen. Den moderna kapitalistiska ekonomin \u00e4r ur detta perspektiv en form av samh\u00e4llelig Wendigo-tillh\u00f6righet.<\/p><p>Ur vetenskaplig synvinkel \u00e4r Wendigo en viktig p\u00e5minnelse om att inhemska skadeandar inte enkelt kan passas in i europeiska <span class=\"iwg-fachbegriff\" data-tooltip=\"Andligt v\u00e4sen som tillskrivs skadlig eller mots\u00e4gelsefull verkan.\" tabindex=\"0\">demon<\/span>-kategorier. Den specifika sammanfl\u00e4tningen av kannibalism, kyla, vansinne och social kris i Wendigo-konceptet \u00e4r en genuin algonkin-<span class=\"iwg-fachbegriff\" data-tooltip=\"Den vetenskapliga l\u00e4ran om Gud och om tron i en religion.\" tabindex=\"0\">teologisk<\/span> konstruktion, som f\u00f6rtj\u00e4nar s\u00e4rskild uppm\u00e4rksamhet inom den j\u00e4mf\u00f6rande religionshistorien.<\/p><p>iWell Guards koppling till Wendigo-traditionen beskriver dessa fynd religionshistoriskt, utan verkansl\u00f6ften eller andliga rekommendationer. I den panindianska lexikonkontexten r\u00e4knas Wendigo till de <a href=\"https:\/\/iwell-guard.com\/sv\/indianska-gudar-wakan-tanka-first-nations\/\">nordamerikanska urfolks<\/a>-gestalterna av h\u00f6gsta historiska intresse.<\/p><p>En viktig nyare forskningslinje f\u00f6rbinder Wendigo med ekologiska diskurser. Den samtida anishinabiska f\u00f6rfattaren Louise Erdrich har i sin roman <em>The Sentence<\/em> (2021) och den indianska aktivisten Winona LaDuke i <em>The Winona LaDuke Reader<\/em> (2002) tolkat Wendigo som en <span class=\"iwg-fachbegriff\" data-tooltip=\"Ett tecken som st\u00e5r i st\u00e4llet f\u00f6r en f\u00f6rest\u00e4llning eller betydelse.\" tabindex=\"0\">symbol<\/span> f\u00f6r industriell resursexploatering.<\/p><p>Denna tolkning f\u00f6rbinder den traditionella Wendigo-traditionen med den moderna inhemska klimatdiskussionen och g\u00f6r kannibalanden till en varningsfigur mot den f\u00f6rst\u00f6rande ekonomin i den fossila tids\u00e5ldern. Wendigo f\u00f6rvandlas d\u00e4rmed fr\u00e5n en uteslutande negativ skadeandsfigur till en kritisk reflektionsfigur \u00f6ver m\u00e4nskliga samh\u00e4llens f\u00f6rst\u00f6rande tendenser.<\/p>\t\t\t\t\t\t\t\t<\/div>\n\t\t\t\t<\/div>\n\t\t\t\t\t<\/div>\n\t\t\t\t<\/div>\n\t\t<div class=\"elementor-element elementor-element-iwgw-wendigo-s8 e-flex e-con-boxed e-con e-parent\" data-id=\"iwgw-wendigo-s8\" data-element_type=\"container\" data-e-type=\"container\">\n\t\t\t\t\t<div class=\"e-con-inner\">\n\t\t\t\t<div class=\"elementor-element elementor-element-iwgw-wendigo-s8h elementor-widget elementor-widget-heading\" data-id=\"iwgw-wendigo-s8h\" data-element_type=\"widget\" data-e-type=\"widget\" data-widget_type=\"heading.default\">\n\t\t\t\t\t<h2 class=\"elementor-heading-title elementor-size-default\">Litteratur och k\u00e4llor<\/h2>\t\t\t\t<\/div>\n\t\t<div class=\"elementor-element elementor-element-iwgw-wendigo-s8c e-con-full e-flex e-con e-child\" data-id=\"iwgw-wendigo-s8c\" data-element_type=\"container\" data-e-type=\"container\">\n\t\t\t\t<div class=\"elementor-element elementor-element-iwgw-wendigo-s8t elementor-widget elementor-widget-text-editor\" data-id=\"iwgw-wendigo-s8t\" data-element_type=\"widget\" data-e-type=\"widget\" data-widget_type=\"text-editor.default\">\n\t\t\t\t\t\t\t\t\t<p>F\u00f6ljande urval listar centrala verk om algonkinreligionen och den etnopsykiatriska forskningen kring Wendigo-traditionen.<\/p>\t\t\t\t\t\t\t\t<\/div>\n\t\t\t\t<\/div>\n\t\t\t\t\t<\/div>\n\t\t\t\t<\/div>\n\t\t<div class=\"elementor-element elementor-element-cp23d235ba e-flex e-con-boxed e-con e-parent\" data-id=\"cp23d235ba\" data-element_type=\"container\" data-e-type=\"container\">\n\t\t\t\t\t<div class=\"e-con-inner\">\n\t\t\t\t<div class=\"elementor-element elementor-element-cp2ba62cba elementor-widget elementor-widget-heading\" data-id=\"cp2ba62cba\" data-element_type=\"widget\" data-e-type=\"widget\" data-widget_type=\"heading.default\">\n\t\t\t\t\t<h2 class=\"elementor-heading-title elementor-size-default\">Den etnografiska dokumentationen hos algonkingrupperna<\/h2>\t\t\t\t<\/div>\n\t\t<div class=\"elementor-element elementor-element-cp28ccd276 e-flex e-con-boxed e-con e-child\" data-id=\"cp28ccd276\" data-element_type=\"container\" data-e-type=\"container\">\n\t\t\t\t\t<div class=\"e-con-inner\">\n\t\t\t\t<div class=\"elementor-element elementor-element-cp2c891751 elementor-widget elementor-widget-text-editor\" data-id=\"cp2c891751\" data-element_type=\"widget\" data-e-type=\"widget\" data-widget_type=\"text-editor.default\">\n\t\t\t\t\t\t\t\t\t<p>F\u00f6rest\u00e4llningen om wendigo f\u00f6rekommer bland de algonkintalande grupperna i det nord\u00f6stra skogslandet och den subarktiska regionen, d\u00e4ribland ojibwe, cree och innu.<\/p><p>Stavningen varierar avsev\u00e4rt eftersom den h\u00e4rstammar fr\u00e5n olika spr\u00e5k och skrivsystem; vanliga former \u00e4r bland annat <em>wiindigoo<\/em> p\u00e5 ojibwe och <em>witiko<\/em> i cree-n\u00e4ra \u00e5tergivning. Redan denna m\u00e5ngfald visar att det inte r\u00f6r sig om en enhetlig gestalt, utan om ett komplex av regionalt varierande f\u00f6rest\u00e4llningar.<\/p><p>Tidiga uppgifter \u00e5terfinns i jesuiternas ber\u00e4ttelser fr\u00e5n 1600-talet samt i p\u00e4lshandlarnas anteckningar. Mer systematiskt dokumenterades \u00e4mnet under 1900-talet, bland annat genom A. Irving Hallowell, som arbetade bland ojibwe i Berens River-regionen, samt genom arbeten om cree och innu.<\/p><p>I dessa k\u00e4llor framtr\u00e4der wendigo som en varelse f\u00f6rknippad med vinter, hunger och kannibalism. Det kan vara ett sj\u00e4lvst\u00e4ndigt andev\u00e4sen eller en m\u00e4nniska som genom att \u00e4ta m\u00e4nniskok\u00f6tt f\u00f6rvandlas till en s\u00e5dan varelse.<\/p><p>Forskningen betonar att wendigo i sitt ursprungliga sammanhang inte var en ren skr\u00e4ckgestalt. Den stod f\u00f6r en verklig fara i en milj\u00f6 d\u00e4r sv\u00e4lt under vintern var ett k\u00e4nt \u00f6de, och samtidigt f\u00f6r ett moraliskt f\u00f6rbud.<\/p><p>Att \u00e4ta m\u00e4nniskor betraktades som den yttersta gr\u00e4ns\u00f6verskridningen, och wendigo f\u00f6rkroppsligade b\u00e5de frestelsen och konsekvensen av denna \u00f6vertr\u00e4delse. En skildring som reducerar den till ett monster missar denna sociala och moraliska dimension.<\/p>\t\t\t\t\t\t\t\t<\/div>\n\t\t\t\t\t<\/div>\n\t\t\t\t<\/div>\n\t\t\t\t\t<\/div>\n\t\t\t\t<\/div>\n\t\t<div class=\"elementor-element elementor-element-cp27114041 e-flex e-con-boxed e-con e-parent\" data-id=\"cp27114041\" data-element_type=\"container\" data-e-type=\"container\">\n\t\t\t\t\t<div class=\"e-con-inner\">\n\t\t\t\t<div class=\"elementor-element elementor-element-cp217c0701 elementor-widget elementor-widget-heading\" data-id=\"cp217c0701\" data-element_type=\"widget\" data-e-type=\"widget\" data-widget_type=\"heading.default\">\n\t\t\t\t\t<h2 class=\"elementor-heading-title elementor-size-default\">Debatten om det s\u00e5 kallade windigo-psykos-begreppet<\/h2>\t\t\t\t<\/div>\n\t\t<div class=\"elementor-element elementor-element-cp203ce08e e-flex e-con-boxed e-con e-child\" data-id=\"cp203ce08e\" data-element_type=\"container\" data-e-type=\"container\">\n\t\t\t\t\t<div class=\"e-con-inner\">\n\t\t\t\t<div class=\"elementor-element elementor-element-cp2971d777 elementor-widget elementor-widget-text-editor\" data-id=\"cp2971d777\" data-element_type=\"widget\" data-e-type=\"widget\" data-widget_type=\"text-editor.default\">\n\t\t\t\t\t\t\t\t\t<p>En egen forskningsgren r\u00f6r fr\u00e5gan om det fanns en s\u00e4rskild psykisk st\u00f6rning, som i \u00e4ldre litteratur kallades windigo-psykos.<\/p><p>Antropologer i det tidiga 1900-talet beskrev d\u00e4rmed fall d\u00e4r personer p\u00e5stods utveckla ett tv\u00e5ngsm\u00e4ssigt beg\u00e4r efter m\u00e4nniskok\u00f6tt och sj\u00e4lva ans\u00e5g sig vara wendigo. Detta begrepp behandlades l\u00e4nge som ett exempel p\u00e5 en kulturbunden st\u00f6rning.<\/p><p>Sedan 1980-talet har denna tolkning ifr\u00e5gasatts grundligt. Lou Marano visade i ett inflytelserikt arbete att knappast n\u00e5got dokumenterat fall g\u00e5r att finna som st\u00f6der diagnosen.<\/p><p>De \u00f6verlevande ber\u00e4ttelserna visade sig vid n\u00e4rmare granskning ofta vara andra- eller tredjehandsber\u00e4ttelser, d\u00f6dsfall som motiverades med misstanke om wendigo, eller material som tolkats utifr\u00e5n. Marano talade om ett konstrukt skapat av antropologin sj\u00e4lv.<\/p><p>Dagens forskning ser i windigo-psykosen framf\u00f6r allt ett l\u00e4rostycke om hur vetenskapliga myter uppst\u00e5r. Inhemska f\u00f6rfattare har tillagt att fixeringen vid en exotisk sinnessjukdom dolde den egentliga f\u00f6rst\u00e5elsen av wendigo. Ur cree- och ojibwe-perspektiv har wendigo alltmer tolkats som en bild f\u00f6r girighet, exploatering och h\u00e4nsynsl\u00f6s tillv\u00e4xt.<\/p><p>F\u00f6rfattare som Basil Johnston, en ojibwe-l\u00e4rd, har uttryckligen kopplat wendigo till f\u00f6rst\u00f6relsen av land och gemenskap genom okontrollerad konsumtion.<\/p><p>Denna tolkning \u00e4r ingen enkel modern \u00f6verf\u00f6ring, utan bygger vidare p\u00e5 den ursprungliga kopplingen mellan wendigo och gr\u00e4nsl\u00f6s egoism. Forskningsdebatten visar d\u00e4rmed tv\u00e5 saker: br\u00e4ckligheten i \u00e4ldre etnografiska bel\u00e4gg och gestaltens levande betydelse i dagens inhemska reflektion.<\/p>\t\t\t\t\t\t\t\t<\/div>\n\t\t\t\t\t<\/div>\n\t\t\t\t<\/div>\n\t\t\t\t\t<\/div>\n\t\t\t\t<\/div>\n\t\t<div class=\"elementor-element elementor-element-iwgw-wendigo-lit e-flex e-con-boxed e-con e-parent\" data-id=\"iwgw-wendigo-lit\" data-element_type=\"container\" data-e-type=\"container\">\n\t\t\t\t\t<div class=\"e-con-inner\">\n\t\t\t\t<div class=\"elementor-element elementor-element-iwgw-wendigo-lith elementor-widget elementor-widget-heading\" data-id=\"iwgw-wendigo-lith\" data-element_type=\"widget\" data-e-type=\"widget\" data-widget_type=\"heading.default\">\n\t\t\t\t\t<h2 class=\"elementor-heading-title elementor-size-default\">Litteratur (urval)<\/h2>\t\t\t\t<\/div>\n\t\t<div class=\"elementor-element elementor-element-iwgw-wendigo-litc e-con-full e-flex e-con e-child\" data-id=\"iwgw-wendigo-litc\" data-element_type=\"container\" data-e-type=\"container\">\n\t\t\t\t<div class=\"elementor-element elementor-element-iwgw-wendigo-litt elementor-widget elementor-widget-text-editor\" data-id=\"iwgw-wendigo-litt\" data-element_type=\"widget\" data-e-type=\"widget\" data-widget_type=\"text-editor.default\">\n\t\t\t\t\t\t\t\t\t<ul><li>Basil Johnston: <em>The Manitous<\/em> (1995)<\/li><li>Morton Teicher: <em>Windigo Psychosis<\/em> (1960)<\/li><li><span data-nosnippet>Lou Marano: <em>Windigo Psychosis: The Anatomy of an Emic-Etic Confusion<\/em> (1982)<\/span><\/li><li>Diamond Jenness: <em>The Ojibwa Indians<\/em> (1935)<\/li><li>Ruth Landes: <em>Ojibwa Religion and the Midewiwin<\/em> (1968)<\/li><li>Paul LeJeune: <em>Relations<\/em> (1636)<\/li><\/ul>\t\t\t\t\t\t\t\t<\/div>\n\t\t\t\t<\/div>\n\t\t\t\t\t<\/div>\n\t\t\t\t<\/div>\n\t\t<div class=\"elementor-element elementor-element-iwgw-wendigo-kwd e-flex e-con-boxed e-con e-parent\" data-id=\"iwgw-wendigo-kwd\" data-element_type=\"container\" data-e-type=\"container\">\n\t\t\t\t\t<div class=\"e-con-inner\">\n\t\t<div class=\"elementor-element elementor-element-iwgw-wendigo-kwdc e-con-full e-flex e-con e-child\" data-id=\"iwgw-wendigo-kwdc\" data-element_type=\"container\" data-e-type=\"container\">\n\t\t\t\t<div class=\"elementor-element elementor-element-iwgw-wendigo-kwdt elementor-widget elementor-widget-text-editor\" data-id=\"iwgw-wendigo-kwdt\" data-element_type=\"widget\" data-e-type=\"widget\" data-widget_type=\"text-editor.default\">\n\t\t\t\t\t\t\t\t\t<p><em>Relaterade nyckelbegrepp: Wendigo Wiindigoo Witiko Wetiko Algonkin Ojibwa Cree Wendigo Psykos Hamatsa.<\/em><\/p>\t\t\t\t\t\t\t\t<\/div>\n\t\t\t\t<\/div>\n\t\t\t\t\t<\/div>\n\t\t\t\t<\/div>\n\t\t<div class=\"elementor-element elementor-element-iwgw-wendigo-cc e-flex e-con-boxed e-con e-parent\" data-id=\"iwgw-wendigo-cc\" data-element_type=\"container\" data-e-type=\"container\" id=\"iwg-cc-wendigo\">\n\t\t\t\t\t<div class=\"e-con-inner\">\n\t\t<div class=\"elementor-element elementor-element-iwgw-wendigo-ccinner e-flex e-con-boxed e-con e-parent\" data-id=\"iwgw-wendigo-ccinner\" data-element_type=\"container\" data-e-type=\"container\" data-settings=\"{&quot;background_background&quot;:&quot;classic&quot;}\">\n\t\t\t\t\t<div class=\"e-con-inner\">\n\t\t\t\t<div class=\"elementor-element elementor-element-iwgw-wendigo-cch elementor-widget elementor-widget-heading\" data-id=\"iwgw-wendigo-cch\" data-element_type=\"widget\" data-e-type=\"widget\" data-widget_type=\"heading.default\">\n\t\t\t\t\t<h2 class=\"elementor-heading-title elementor-size-default\">iWell Guard och skyddstraditioner<\/h2>\t\t\t\t<\/div>\n\t\t\t\t<div class=\"elementor-element elementor-element-iwgw-wendigo-cct elementor-widget elementor-widget-text-editor\" data-id=\"iwgw-wendigo-cct\" data-element_type=\"widget\" data-e-type=\"widget\" data-widget_type=\"text-editor.default\">\n\t\t\t\t\t\t\t\t\t<div data-nosnippet=\"true\"><p>iWell Guard ansluter till den kulturhistoriska traditionen av b\u00e4rbara skyddsobjekt, i traditionen fr\u00e5n <a href=\"https:\/\/iwell-guard.com\/sv\/indianska-gudar-wakan-tanka-first-nations\/\">Native American<\/a> och m\u00e5nga andra kulturer v\u00e4rlden \u00f6ver. 41 lager, \u00e4kta guld, platina, silver, tillverkad i Tyskland. 30 dagars \u00f6ppet k\u00f6p.<\/p><\/div>\t\t\t\t\t\t\t\t<\/div>\n\t\t\t\t<div class=\"elementor-element elementor-element-iwgw-wendigo-ccb iwg-cc-button iwg-cc-cta-2026-05-13 elementor-widget elementor-widget-jet-button\" data-id=\"iwgw-wendigo-ccb\" data-element_type=\"widget\" data-e-type=\"widget\" data-widget_type=\"jet-button.default\">\n\t\t\t\t<div class=\"elementor-widget-container\">\n\t\t\t\t\t<div class=\"elementor-jet-button jet-elements\"><div class=\"jet-button__container\"><a class=\"jet-button__instance jet-button__instance--icon-left hover-effect-1\" href=\"\/ueber-iwell-guard\/?utm_source=iwell-guard.com&amp;utm_medium=info-box&amp;utm_campaign=wesen-tradition\"><div class=\"jet-button__plane jet-button__plane-normal\"><\/div><div class=\"jet-button__plane jet-button__plane-hover\"><\/div><div class=\"jet-button__state jet-button__state-normal\"><span class=\"jet-button__label\">Mer om iWell Guard<\/span><\/div><div class=\"jet-button__state jet-button__state-hover\"><span class=\"jet-button__label\">Mer om iWell Guard<\/span><\/div><\/a><\/div><\/div><style>.elementor-element.elementor-element-iwgw-wendigo-ccb .jet-button__instance{width:320px;height:56px;}.elementor-element.elementor-element-iwgw-wendigo-ccb .jet-button__state-normal .jet-button__label{text-align:center;margin:0px 0px 0px 0px;color:#1a1b20;font-family:Montserrat,sans-serif;font-size:13px;font-weight:400;letter-spacing:4px;line-height:1.714em;text-transform:uppercase;}.elementor-element.elementor-element-iwgw-wendigo-ccb .jet-button__state-hover .jet-button__label{text-align:center;margin:0px 0px 0px 0px;color:#FECC76;font-family:Montserrat,sans-serif;font-size:13px;font-weight:400;letter-spacing:4px;line-height:1.714em;text-transform:uppercase;}.elementor-element.elementor-element-iwgw-wendigo-ccb .jet-button__plane-normal{background-color:#FECC76;border-style:solid;border-color:#C99540;border-width:2px 2px 2px 2px;}.elementor-element.elementor-element-iwgw-wendigo-ccb .jet-button__plane-hover{background-color:rgba(0,0,0,0.55);border-style:solid;border-color:#FECC76;border-width:2px 2px 2px 2px;}<\/style>\t\t\t\t<\/div>\n\t\t\t\t<\/div>\n\t\t\t\t<div class=\"elementor-element elementor-element-iwgw-wendigo-ccd elementor-widget elementor-widget-text-editor\" data-id=\"iwgw-wendigo-ccd\" data-element_type=\"widget\" data-e-type=\"widget\" data-widget_type=\"text-editor.default\">\n\t\t\t\t\t\t\t\t\t<div data-nosnippet=\"true\"><p style=\"text-align:center;font-size:13px;opacity:0.7;margin-top:14px\" data-nosnippet=\"true\">Personliga erfarenheter kan variera. Ingen medicinteknisk produkt. Inget l\u00f6fte om l\u00e4kning.<\/p><\/div>\t\t\t\t\t\t\t\t<\/div>\n\t\t\t\t\t<\/div>\n\t\t\t\t<\/div>\n\t\t\t\t\t<\/div>\n\t\t\t\t<\/div>\n\t\t<div class=\"elementor-element elementor-element-iwgw-wendigo-disc e-flex e-con-boxed e-con e-parent\" data-id=\"iwgw-wendigo-disc\" data-element_type=\"container\" data-e-type=\"container\">\n\t\t\t\t\t<div class=\"e-con-inner\">\n\t\t\t\t<div class=\"elementor-element elementor-element-iwgw-wendigo-discw elementor-widget elementor-widget-html\" data-id=\"iwgw-wendigo-discw\" data-element_type=\"widget\" data-e-type=\"widget\" data-widget_type=\"html.default\">\n\t\t\t\t\t<footer data-nosnippet=\"true\" class=\"iwg-disclaimer-block\"><p data-nosnippet=\"true\">iWell Guard \u00e4r <strong>ingen medicinteknisk produkt<\/strong> och ers\u00e4tter inte l\u00e4karv\u00e5rd eller psykoterapeutisk behandling. De religionsvetenskapliga inneh\u00e5llen \u00e4r kulturhistorisk inordning, ingen andlig praxisrekommendation.<\/p><\/footer>\t\t\t\t<\/div>\n\t\t\t\t\t<\/div>\n\t\t\t\t<\/div>\n\t\t\t\t<\/div>\n\t\t","protected":false},"excerpt":{"rendered":"","protected":false},"author":3,"featured_media":2701,"parent":0,"menu_order":0,"comment_status":"closed","ping_status":"closed","template":"elementor_header_footer","meta":{"_yoast_wpseo_focuskw":"Wendigo algonkinsk kannibalande","_yoast_wpseo_title":"Wendigo \u2013 algonkinsk kannibalande","_yoast_wpseo_metadesc":"Wendigo, kannibalande hos Nordamerikas skogsfolk, \u00e4r en central skadeande i den algonkinska traditionen och mytologin.","_yoast_wpseo_meta-robots-noindex":"","_yoast_wpseo_canonical":"","_angie_page":false,"gefaehrdungsstufe":"5","wesen_kultur":"native-american","wesen_klasse":"geister","footnotes":""},"categories":[],"class_list":["post-136836","page","type-page","status-publish","has-post-thumbnail","hentry"],"yoast_head":"<!-- This site is optimized with the Yoast SEO Premium plugin v27.7 (Yoast SEO v28.3) - https:\/\/yoast.com\/product\/yoast-seo-premium-wordpress\/ -->\n<title>Wendigo \u2013 algonkinsk kannibalande<\/title>\n<meta name=\"description\" content=\"Wendigo, kannibalande hos Nordamerikas skogsfolk, \u00e4r en central skadeande i den algonkinska traditionen och mytologin.\" \/>\n<meta name=\"robots\" content=\"index, follow, max-snippet:-1, max-image-preview:large, max-video-preview:-1\" \/>\n<link rel=\"canonical\" href=\"https:\/\/iwell-guard.com\/sv\/wendigo-kannibalande-skogsfolk\/\" \/>\n<meta property=\"og:locale\" content=\"sv_SE\" \/>\n<meta property=\"og:type\" content=\"article\" \/>\n<meta property=\"og:title\" content=\"Wendigo \u2013 kannibalande hos Nordamerikas skogsfolk\" \/>\n<meta property=\"og:description\" content=\"Wendigo, kannibalande hos Nordamerikas skogsfolk, \u00e4r en central skadeande i den algonkinska traditionen och mytologin.\" \/>\n<meta property=\"og:url\" content=\"https:\/\/iwell-guard.com\/sv\/wendigo-kannibalande-skogsfolk\/\" \/>\n<meta property=\"og:site_name\" content=\"iWell Guard\" \/>\n<meta property=\"article:modified_time\" content=\"2026-09-03T01:13:14+00:00\" \/>\n<meta property=\"og:image\" content=\"https:\/\/iwell-guard.com\/wp-content\/uploads\/2026\/05\/geister_native-american_wendigo.webp\" \/>\n\t<meta property=\"og:image:width\" content=\"1024\" \/>\n\t<meta property=\"og:image:height\" content=\"1536\" \/>\n\t<meta property=\"og:image:type\" content=\"image\/webp\" \/>\n<meta name=\"twitter:card\" content=\"summary_large_image\" \/>\n<script type=\"application\/ld+json\" class=\"yoast-schema-graph\">{\"@context\":\"https:\\\/\\\/schema.org\",\"@graph\":[{\"@type\":\"WebPage\",\"@id\":\"https:\\\/\\\/iwell-guard.com\\\/sv\\\/wendigo-kannibalande-skogsfolk\\\/\",\"url\":\"https:\\\/\\\/iwell-guard.com\\\/sv\\\/wendigo-kannibalande-skogsfolk\\\/\",\"name\":\"Wendigo \u2013 algonkinsk kannibalande\",\"isPartOf\":{\"@id\":\"https:\\\/\\\/iwell-guard.com\\\/sv\\\/#website\"},\"primaryImageOfPage\":{\"@id\":\"https:\\\/\\\/iwell-guard.com\\\/sv\\\/wendigo-kannibalande-skogsfolk\\\/#primaryimage\"},\"image\":{\"@id\":\"https:\\\/\\\/iwell-guard.com\\\/sv\\\/wendigo-kannibalande-skogsfolk\\\/#primaryimage\"},\"thumbnailUrl\":\"https:\\\/\\\/iwell-guard.com\\\/wp-content\\\/uploads\\\/2026\\\/05\\\/geister_native-american_wendigo.webp\",\"datePublished\":\"2026-09-03T00:10:28+00:00\",\"dateModified\":\"2026-09-03T01:13:14+00:00\",\"description\":\"Wendigo, kannibalande hos Nordamerikas skogsfolk, \u00e4r en central skadeande i den algonkinska traditionen och mytologin.\",\"breadcrumb\":{\"@id\":\"https:\\\/\\\/iwell-guard.com\\\/sv\\\/wendigo-kannibalande-skogsfolk\\\/#breadcrumb\"},\"inLanguage\":\"sv-SE\",\"potentialAction\":[{\"@type\":\"ReadAction\",\"target\":[\"https:\\\/\\\/iwell-guard.com\\\/sv\\\/wendigo-kannibalande-skogsfolk\\\/\"]}]},{\"@type\":\"ImageObject\",\"inLanguage\":\"sv-SE\",\"@id\":\"https:\\\/\\\/iwell-guard.com\\\/sv\\\/wendigo-kannibalande-skogsfolk\\\/#primaryimage\",\"url\":\"https:\\\/\\\/iwell-guard.com\\\/wp-content\\\/uploads\\\/2026\\\/05\\\/geister_native-american_wendigo.webp\",\"contentUrl\":\"https:\\\/\\\/iwell-guard.com\\\/wp-content\\\/uploads\\\/2026\\\/05\\\/geister_native-american_wendigo.webp\",\"width\":1024,\"height\":1536,\"caption\":\"Andar fr\u00e5n den nordamerikanska indianska traditionen.\"},{\"@type\":\"BreadcrumbList\",\"@id\":\"https:\\\/\\\/iwell-guard.com\\\/sv\\\/wendigo-kannibalande-skogsfolk\\\/#breadcrumb\",\"itemListElement\":[{\"@type\":\"ListItem\",\"position\":1,\"name\":\"Start\",\"item\":\"https:\\\/\\\/iwell-guard.com\\\/sv\\\/?page_id=136483\"},{\"@type\":\"ListItem\",\"position\":2,\"name\":\"Wendigo \u2013 kannibalande hos Nordamerikas skogsfolk\"}]},{\"@type\":\"WebSite\",\"@id\":\"https:\\\/\\\/iwell-guard.com\\\/sv\\\/#website\",\"url\":\"https:\\\/\\\/iwell-guard.com\\\/sv\\\/\",\"name\":\"iWell Guard\",\"description\":\"Schutz vor dunklen Einfl\u00fcssen\",\"publisher\":{\"@id\":\"https:\\\/\\\/iwell-guard.com\\\/sv\\\/#organization\"},\"potentialAction\":[{\"@type\":\"SearchAction\",\"target\":{\"@type\":\"EntryPoint\",\"urlTemplate\":\"https:\\\/\\\/iwell-guard.com\\\/sv\\\/?s={search_term_string}\"},\"query-input\":{\"@type\":\"PropertyValueSpecification\",\"valueRequired\":true,\"valueName\":\"search_term_string\"}}],\"inLanguage\":\"sv-SE\"},{\"@type\":\"Organization\",\"@id\":\"https:\\\/\\\/iwell-guard.com\\\/sv\\\/#organization\",\"name\":\"Ittermann electronic GmbH\",\"url\":\"https:\\\/\\\/iwell-guard.com\\\/sv\\\/\",\"logo\":{\"@type\":\"ImageObject\",\"inLanguage\":\"sv-SE\",\"@id\":\"https:\\\/\\\/iwell-guard.com\\\/sv\\\/#\\\/schema\\\/logo\\\/image\\\/\",\"url\":\"https:\\\/\\\/iwell-guard.com\\\/wp-content\\\/uploads\\\/2026\\\/05\\\/Ittermann-Logo-1182x237-1.png\",\"contentUrl\":\"https:\\\/\\\/iwell-guard.com\\\/wp-content\\\/uploads\\\/2026\\\/05\\\/Ittermann-Logo-1182x237-1.png\",\"width\":1182,\"height\":237,\"caption\":\"Ittermann electronic GmbH\"},\"image\":{\"@id\":\"https:\\\/\\\/iwell-guard.com\\\/sv\\\/#\\\/schema\\\/logo\\\/image\\\/\"},\"sameAs\":[\"https:\\\/\\\/pantip.com\\\/profile\\\/9367242\",\"https:\\\/\\\/micro.blog\\\/iwellguard\",\"https:\\\/\\\/www.diggerslist.com\\\/iwellguard\\\/about\",\"https:\\\/\\\/skitterphoto.com\\\/photographers\\\/2870314\\\/iwell-guard\",\"https:\\\/\\\/iwellguard.wordpress.com\\\/2026\\\/06\\\/06\\\/iwell-guard\\\/\",\"https:\\\/\\\/hub.docker.com\\\/u\\\/iwellguard\",\"https:\\\/\\\/www.pinterest.com\\\/iwellguard\\\/\",\"https:\\\/\\\/bit.ly\\\/m\\\/iwellguard\",\"https:\\\/\\\/entre-vos-mains.alsace.eu\\\/profiles\\\/iwellguard\\\/activity\",\"https:\\\/\\\/gravatar.com\\\/reallybeded8fd34\",\"https:\\\/\\\/naijamatta.com\\\/iwellguard\",\"https:\\\/\\\/www.goodreads.com\\\/iwellguard\",\"https:\\\/\\\/profile.hatena.ne.jp\\\/iwellguard\\\/\",\"https:\\\/\\\/experiment.com\\\/users\\\/iwellguard\",\"https:\\\/\\\/wakelet.com\\\/@iWellGuard82270\",\"https:\\\/\\\/www.chordie.com\\\/forum\\\/profile.php?id=2555664\",\"https:\\\/\\\/www.instapaper.com\\\/p\\\/17757966\",\"https:\\\/\\\/www.mapleprimes.com\\\/users\\\/iwellguard\",\"https:\\\/\\\/businesslistingplus.com\\\/profile\\\/iwell-guard\\\/\",\"https:\\\/\\\/telegra.ph\\\/iWell-Guard-06-06\",\"https:\\\/\\\/pbase.com\\\/iwellguard\\\/iwellguard\",\"https:\\\/\\\/b.hatena.ne.jp\\\/iwellguard\\\/20260607#bookmark-4788405196491818882\",\"https:\\\/\\\/fliphtml5.com\\\/home\\\/iwellguard\",\"https:\\\/\\\/anyflip.com\\\/homepage\\\/cmiwl#About\",\"https:\\\/\\\/transfur.com\\\/Users\\\/iwellguard\",\"http:\\\/\\\/delphi.larsbo.org\\\/user\\\/iwellguard\",\"https:\\\/\\\/jobs.lajobsportal.org\\\/profiles\\\/8380803-iwell-guard\",\"https:\\\/\\\/md.chaosdorf.de\\\/s\\\/jfbe5SBdJD\",\"https:\\\/\\\/www.lingvolive.com\\\/en-us\\\/profile\\\/9ecaeaca-ce11-4e51-9e71-01d55e2bff36\\\/translations\",\"https:\\\/\\\/www.fitday.com\\\/fitness\\\/forums\\\/members\\\/iwellguard.html\",\"https:\\\/\\\/www.mymeetbook.com\\\/iwellguard\",\"https:\\\/\\\/pxhere.com\\\/en\\\/photographer-me\\\/5040798\",\"https:\\\/\\\/disqus.com\\\/by\\\/iwellguard\\\/about\\\/\",\"https:\\\/\\\/pastelink.net\\\/hjwciqwq\",\"https:\\\/\\\/pubhtml5.com\\\/homepage\\\/scjhn\\\/\",\"https:\\\/\\\/www.bitchute.com\\\/channel\\\/2O2eOKzNqujT\",\"https:\\\/\\\/audiomack.com\\\/iwellguard\"]},{\"@type\":\"Article\",\"@id\":\"https:\\\/\\\/iwell-guard.com\\\/sv\\\/wendigo-kannibalande-skogsfolk\\\/#article\",\"isPartOf\":{\"@id\":\"https:\\\/\\\/iwell-guard.com\\\/sv\\\/wendigo-kannibalande-skogsfolk\\\/\"},\"author\":{\"name\":\"Ralf Ittermann\",\"@id\":\"https:\\\/\\\/iwell-guard.com\\\/sv\\\/#\\\/schema\\\/person\\\/ee2a27f1cac3406c7c6fb5820cb7349f\"},\"headline\":\"Wendigo \u2013 kannibalande hos Nordamerikas skogsfolk\",\"datePublished\":\"2026-09-03T00:10:28+00:00\",\"dateModified\":\"2026-09-03T01:13:14+00:00\",\"mainEntityOfPage\":{\"@id\":\"https:\\\/\\\/iwell-guard.com\\\/sv\\\/wendigo-kannibalande-skogsfolk\\\/\"},\"publisher\":{\"@id\":\"https:\\\/\\\/iwell-guard.com\\\/sv\\\/#organization\"},\"image\":{\"@id\":\"https:\\\/\\\/iwell-guard.com\\\/sv\\\/wendigo-kannibalande-skogsfolk\\\/#primaryimage\"},\"thumbnailUrl\":\"https:\\\/\\\/iwell-guard.com\\\/wp-content\\\/uploads\\\/2026\\\/05\\\/geister_native-american_wendigo.webp\",\"inLanguage\":\"sv-SE\",\"description\":\"Wendigo, kannibalande hos Nordamerikas skogsfolk, \u00e4r en central skadeande i den algonkinska traditionen och mytologin.\"}]}<\/script>\n<!-- \/ Yoast SEO Premium plugin. -->","yoast_head_json":{"title":"Wendigo \u2013 algonkinsk kannibalande","description":"Wendigo, kannibalande hos Nordamerikas skogsfolk, \u00e4r en central skadeande i den algonkinska traditionen och mytologin.","robots":{"index":"index","follow":"follow","max-snippet":"max-snippet:-1","max-image-preview":"max-image-preview:large","max-video-preview":"max-video-preview:-1"},"canonical":"https:\/\/iwell-guard.com\/sv\/wendigo-kannibalande-skogsfolk\/","og_locale":"sv_SE","og_type":"article","og_title":"Wendigo \u2013 kannibalande hos Nordamerikas skogsfolk","og_description":"Wendigo, kannibalande hos Nordamerikas skogsfolk, \u00e4r en central skadeande i den algonkinska traditionen och mytologin.","og_url":"https:\/\/iwell-guard.com\/sv\/wendigo-kannibalande-skogsfolk\/","og_site_name":"iWell Guard","article_modified_time":"2026-09-03T01:13:14+00:00","og_image":[{"width":1024,"height":1536,"url":"https:\/\/iwell-guard.com\/wp-content\/uploads\/2026\/05\/geister_native-american_wendigo.webp","type":"image\/webp"}],"twitter_card":"summary_large_image","schema":{"@context":"https:\/\/schema.org","@graph":[{"@type":"Article","@id":"https:\/\/iwell-guard.com\/sv\/wendigo-kannibalande-skogsfolk\/#article","isPartOf":{"@id":"https:\/\/iwell-guard.com\/sv\/wendigo-kannibalande-skogsfolk\/"},"author":{"name":"Ralf Ittermann","@id":"https:\/\/iwell-guard.com\/sv\/#\/schema\/person\/ee2a27f1cac3406c7c6fb5820cb7349f"},"headline":"Wendigo \u2013 kannibalande hos Nordamerikas skogsfolk","datePublished":"2026-09-03T00:10:28+00:00","dateModified":"2026-09-03T01:13:14+00:00","mainEntityOfPage":{"@id":"https:\/\/iwell-guard.com\/sv\/wendigo-kannibalande-skogsfolk\/"},"publisher":{"@id":"https:\/\/iwell-guard.com\/sv\/#organization"},"image":{"@id":"https:\/\/iwell-guard.com\/sv\/wendigo-kannibalande-skogsfolk\/#primaryimage"},"thumbnailUrl":"https:\/\/iwell-guard.com\/wp-content\/uploads\/2026\/05\/geister_native-american_wendigo.webp","inLanguage":"sv-SE","description":"Wendigo, kannibalande hos Nordamerikas skogsfolk, \u00e4r en central skadeande i den algonkinska traditionen och mytologin."},{"@type":"WebPage","@id":"https:\/\/iwell-guard.com\/sv\/wendigo-kannibalande-skogsfolk\/","url":"https:\/\/iwell-guard.com\/sv\/wendigo-kannibalande-skogsfolk\/","name":"Wendigo \u2013 algonkinsk kannibalande","isPartOf":{"@id":"https:\/\/iwell-guard.com\/sv\/#website"},"primaryImageOfPage":{"@id":"https:\/\/iwell-guard.com\/sv\/wendigo-kannibalande-skogsfolk\/#primaryimage"},"image":{"@id":"https:\/\/iwell-guard.com\/sv\/wendigo-kannibalande-skogsfolk\/#primaryimage"},"thumbnailUrl":"https:\/\/iwell-guard.com\/wp-content\/uploads\/2026\/05\/geister_native-american_wendigo.webp","datePublished":"2026-09-03T00:10:28+00:00","dateModified":"2026-09-03T01:13:14+00:00","description":"Wendigo, kannibalande hos Nordamerikas skogsfolk, \u00e4r en central skadeande i den algonkinska traditionen och mytologin.","breadcrumb":{"@id":"https:\/\/iwell-guard.com\/sv\/wendigo-kannibalande-skogsfolk\/#breadcrumb"},"inLanguage":"sv-SE","potentialAction":[{"@type":"ReadAction","target":["https:\/\/iwell-guard.com\/sv\/wendigo-kannibalande-skogsfolk\/"]}]},{"@type":"ImageObject","inLanguage":"sv-SE","@id":"https:\/\/iwell-guard.com\/sv\/wendigo-kannibalande-skogsfolk\/#primaryimage","url":"https:\/\/iwell-guard.com\/wp-content\/uploads\/2026\/05\/geister_native-american_wendigo.webp","contentUrl":"https:\/\/iwell-guard.com\/wp-content\/uploads\/2026\/05\/geister_native-american_wendigo.webp","width":1024,"height":1536,"caption":"Andar fr\u00e5n den nordamerikanska indianska traditionen."},{"@type":"BreadcrumbList","@id":"https:\/\/iwell-guard.com\/sv\/wendigo-kannibalande-skogsfolk\/#breadcrumb","itemListElement":[{"@type":"ListItem","position":1,"name":"Start","item":"https:\/\/iwell-guard.com\/sv\/?page_id=136483"},{"@type":"ListItem","position":2,"name":"Wendigo \u2013 kannibalande hos Nordamerikas skogsfolk"}]},{"@type":"WebSite","@id":"https:\/\/iwell-guard.com\/sv\/#website","url":"https:\/\/iwell-guard.com\/sv\/","name":"iWell Guard","description":"Schutz vor dunklen Einfl\u00fcssen","publisher":{"@id":"https:\/\/iwell-guard.com\/sv\/#organization"},"potentialAction":[{"@type":"SearchAction","target":{"@type":"EntryPoint","urlTemplate":"https:\/\/iwell-guard.com\/sv\/?s={search_term_string}"},"query-input":{"@type":"PropertyValueSpecification","valueRequired":true,"valueName":"search_term_string"}}],"inLanguage":"sv-SE"},{"@type":"Organization","@id":"https:\/\/iwell-guard.com\/sv\/#organization","name":"Ittermann electronic GmbH","url":"https:\/\/iwell-guard.com\/sv\/","logo":{"@type":"ImageObject","inLanguage":"sv-SE","@id":"https:\/\/iwell-guard.com\/sv\/#\/schema\/logo\/image\/","url":"https:\/\/iwell-guard.com\/wp-content\/uploads\/2026\/05\/Ittermann-Logo-1182x237-1.png","contentUrl":"https:\/\/iwell-guard.com\/wp-content\/uploads\/2026\/05\/Ittermann-Logo-1182x237-1.png","width":1182,"height":237,"caption":"Ittermann electronic GmbH"},"image":{"@id":"https:\/\/iwell-guard.com\/sv\/#\/schema\/logo\/image\/"},"sameAs":["https:\/\/pantip.com\/profile\/9367242","https:\/\/micro.blog\/iwellguard","https:\/\/www.diggerslist.com\/iwellguard\/about","https:\/\/skitterphoto.com\/photographers\/2870314\/iwell-guard","https:\/\/iwellguard.wordpress.com\/2026\/06\/06\/iwell-guard\/","https:\/\/hub.docker.com\/u\/iwellguard","https:\/\/www.pinterest.com\/iwellguard\/","https:\/\/bit.ly\/m\/iwellguard","https:\/\/entre-vos-mains.alsace.eu\/profiles\/iwellguard\/activity","https:\/\/gravatar.com\/reallybeded8fd34","https:\/\/naijamatta.com\/iwellguard","https:\/\/www.goodreads.com\/iwellguard","https:\/\/profile.hatena.ne.jp\/iwellguard\/","https:\/\/experiment.com\/users\/iwellguard","https:\/\/wakelet.com\/@iWellGuard82270","https:\/\/www.chordie.com\/forum\/profile.php?id=2555664","https:\/\/www.instapaper.com\/p\/17757966","https:\/\/www.mapleprimes.com\/users\/iwellguard","https:\/\/businesslistingplus.com\/profile\/iwell-guard\/","https:\/\/telegra.ph\/iWell-Guard-06-06","https:\/\/pbase.com\/iwellguard\/iwellguard","https:\/\/b.hatena.ne.jp\/iwellguard\/20260607#bookmark-4788405196491818882","https:\/\/fliphtml5.com\/home\/iwellguard","https:\/\/anyflip.com\/homepage\/cmiwl#About","https:\/\/transfur.com\/Users\/iwellguard","http:\/\/delphi.larsbo.org\/user\/iwellguard","https:\/\/jobs.lajobsportal.org\/profiles\/8380803-iwell-guard","https:\/\/md.chaosdorf.de\/s\/jfbe5SBdJD","https:\/\/www.lingvolive.com\/en-us\/profile\/9ecaeaca-ce11-4e51-9e71-01d55e2bff36\/translations","https:\/\/www.fitday.com\/fitness\/forums\/members\/iwellguard.html","https:\/\/www.mymeetbook.com\/iwellguard","https:\/\/pxhere.com\/en\/photographer-me\/5040798","https:\/\/disqus.com\/by\/iwellguard\/about\/","https:\/\/pastelink.net\/hjwciqwq","https:\/\/pubhtml5.com\/homepage\/scjhn\/","https:\/\/www.bitchute.com\/channel\/2O2eOKzNqujT","https:\/\/audiomack.com\/iwellguard"]},{"@type":"Person","@id":"https:\/\/iwell-guard.com\/sv\/#\/schema\/person\/ee2a27f1cac3406c7c6fb5820cb7349f","name":"Ralf Ittermann","image":{"@type":"ImageObject","inLanguage":"sv-SE","@id":"https:\/\/secure.gravatar.com\/avatar\/073c0153e350a5005b68eb752b445fea71f6b24a26da9449ad7e155e6b446c9d?s=96&d=mm&r=g","url":"https:\/\/secure.gravatar.com\/avatar\/073c0153e350a5005b68eb752b445fea71f6b24a26da9449ad7e155e6b446c9d?s=96&d=mm&r=g","contentUrl":"https:\/\/secure.gravatar.com\/avatar\/073c0153e350a5005b68eb752b445fea71f6b24a26da9449ad7e155e6b446c9d?s=96&d=mm&r=g","caption":"Ralf Ittermann"},"givenName":"Ralf","familyName":"Ittermann","jobTitle":"Gesch\u00e4ftsf\u00fchrer und redaktioneller Verantwortlicher","url":"https:\/\/iwell-guard.com\/sv\/author\/claude\/","description":"Ralf Ittermann ist Gesch\u00e4ftsf\u00fchrer der Ittermann electronic GmbH und redaktioneller Verantwortlicher des iWell-Guard-Lexikons. Er verbindet langj\u00e4hrige Erfahrung in der Pr\u00e4zisionsfertigung mit medialer Praxis und religionsgeschichtlicher Quellenarbeit.","worksFor":{"@type":"Organization","name":"Ittermann electronic GmbH","url":"https:\/\/ittermann.de\/","address":{"@type":"PostalAddress","streetAddress":"K\u00f6hlergasse 16-18","postalCode":"99842","addressLocality":"Ruhla","addressCountry":"DE"}},"knowsAbout":["Religionsgeschichte","Mythologie","Mediale Praxis","Energetische Diagnostik","Schutzpraxis","Volksglauben","Westliche Esoterik"]},{"@type":"Article","@id":"https:\/\/iwell-guard.com\/sv\/wendigo-kannibalande-skogsfolk\/#article","isPartOf":{"@id":"https:\/\/iwell-guard.com\/sv\/wendigo-kannibalande-skogsfolk\/"},"author":{"name":"Ralf Ittermann","@id":"https:\/\/iwell-guard.com\/sv\/#\/schema\/person\/ee2a27f1cac3406c7c6fb5820cb7349f"},"headline":"Wendigo \u2013 kannibalande hos Nordamerikas skogsfolk","datePublished":"2026-09-03T00:10:28+00:00","dateModified":"2026-09-03T01:13:14+00:00","mainEntityOfPage":{"@id":"https:\/\/iwell-guard.com\/sv\/wendigo-kannibalande-skogsfolk\/"},"publisher":{"@id":"https:\/\/iwell-guard.com\/sv\/#organization"},"image":{"@id":"https:\/\/iwell-guard.com\/sv\/wendigo-kannibalande-skogsfolk\/#primaryimage"},"thumbnailUrl":"https:\/\/iwell-guard.com\/wp-content\/uploads\/2026\/05\/geister_native-american_wendigo.webp","inLanguage":"sv-SE","description":"Wendigo, kannibalande hos Nordamerikas skogsfolk, \u00e4r en central skadeande i den algonkinska traditionen och mytologin."}]}},"_links":{"self":[{"href":"https:\/\/iwell-guard.com\/sv\/wp-json\/wp\/v2\/pages\/136836","targetHints":{"allow":["GET"]}}],"collection":[{"href":"https:\/\/iwell-guard.com\/sv\/wp-json\/wp\/v2\/pages"}],"about":[{"href":"https:\/\/iwell-guard.com\/sv\/wp-json\/wp\/v2\/types\/page"}],"author":[{"embeddable":true,"href":"https:\/\/iwell-guard.com\/sv\/wp-json\/wp\/v2\/users\/3"}],"replies":[{"embeddable":true,"href":"https:\/\/iwell-guard.com\/sv\/wp-json\/wp\/v2\/comments?post=136836"}],"version-history":[{"count":0,"href":"https:\/\/iwell-guard.com\/sv\/wp-json\/wp\/v2\/pages\/136836\/revisions"}],"wp:featuredmedia":[{"embeddable":true,"href":"https:\/\/iwell-guard.com\/sv\/wp-json\/wp\/v2\/media\/2701"}],"wp:attachment":[{"href":"https:\/\/iwell-guard.com\/sv\/wp-json\/wp\/v2\/media?parent=136836"}],"wp:term":[{"taxonomy":"category","embeddable":true,"href":"https:\/\/iwell-guard.com\/sv\/wp-json\/wp\/v2\/categories?post=136836"}],"curies":[{"name":"wp","href":"https:\/\/api.w.org\/{rel}","templated":true}]}}