{"id":136830,"date":"2026-09-03T00:10:25","date_gmt":"2026-09-03T00:10:25","guid":{"rendered":"https:\/\/iwell-guard.com\/?page_id=136830"},"modified":"2026-09-03T01:13:04","modified_gmt":"2026-09-03T01:13:04","slug":"apu-ausangate-bergsgudom-anderna","status":"publish","type":"page","link":"https:\/\/iwell-guard.com\/sv\/apu-ausangate-bergsgudom-anderna\/","title":{"rendered":"Apu Ausangate \u2013 bergsgudom i Anderna"},"content":{"rendered":"\t\t<div data-elementor-type=\"wp-page\" data-elementor-id=\"136830\" class=\"elementor elementor-136830 elementor-2582 elementor-bc-flex-widget\" data-elementor-post-type=\"page\">\n\t\t\t\t<div class=\"elementor-element elementor-element-iwgw-apuausanga-hero e-flex e-con-boxed e-con e-parent\" data-id=\"iwgw-apuausanga-hero\" data-element_type=\"container\" data-e-type=\"container\" data-settings=\"{&quot;background_background&quot;:&quot;classic&quot;}\">\n\t\t\t\t\t<div class=\"e-con-inner\">\n\t\t<div class=\"elementor-element elementor-element-iwgw-apuausanga-hl e-flex e-con-boxed e-con e-child\" data-id=\"iwgw-apuausanga-hl\" data-element_type=\"container\" data-e-type=\"container\">\n\t\t\t\t\t<div class=\"e-con-inner\">\n\t\t<div class=\"elementor-element elementor-element-iwgw-apuausanga-htxt e-con-full e-flex e-con e-child\" data-id=\"iwgw-apuausanga-htxt\" data-element_type=\"container\" data-e-type=\"container\">\n\t\t\t\t<div class=\"elementor-element elementor-element-iwgw-apuausanga-h1 elementor-widget elementor-widget-heading\" data-id=\"iwgw-apuausanga-h1\" data-element_type=\"widget\" data-e-type=\"widget\" data-widget_type=\"heading.default\">\n\t\t\t\t\t<h1 class=\"elementor-heading-title elementor-size-default\">Apu Ausangate, den m\u00e4ktigaste bergsgudomen i de sydperuanska Anderna<\/h1>\t\t\t\t<\/div>\n\t\t\t\t<div class=\"elementor-element elementor-element-iwgw-apuausanga-lead elementor-widget elementor-widget-text-editor\" data-id=\"iwgw-apuausanga-lead\" data-element_type=\"widget\" data-e-type=\"widget\" data-widget_type=\"text-editor.default\">\n\t\t\t\t\t\t\t\t\t<p>Apu Ausangate (quechua <em>Apu Awsanqati<\/em>) \u00e4r den m\u00e4ktigaste bergsgudomen i de sydperuanska Anderna, en central referenspunkt f\u00f6r h\u00f6glandsb\u00f6nderna i regionen Cusco och skyddspatron f\u00f6r den viktigaste andinska pilgrimsf\u00e4rden, <em>Qoyllur Riti<\/em>. Huvudtoppen, 6 372 meter h\u00f6g, sydost om Cusco, betraktas som hans synliga kropp.<\/p>\t\t\t\t\t\t\t\t<\/div>\n\t\t\t\t<\/div>\n\t\t<div class=\"elementor-element elementor-element-iwgw-apuausanga-pillc e-con-full e-flex e-con e-child\" data-id=\"iwgw-apuausanga-pillc\" data-element_type=\"container\" data-e-type=\"container\">\n\t\t\t\t<div class=\"elementor-element elementor-element-iwgw-apuausanga-pills elementor-widget elementor-widget-html\" data-id=\"iwgw-apuausanga-pills\" data-element_type=\"widget\" data-e-type=\"widget\" data-widget_type=\"html.default\">\n\t\t\t\t\t<div class=\"iwg-pill-row\"><span class=\"iwg-klasse-badge\" tabindex=\"0\" data-tooltip=\"Naturv\u00e4sen inom traditionen Anderna \/ Inka.\">Naturv\u00e4sen<\/span><a href=\"https:\/\/iwell-guard.com\/sv\/andeska-kulturer-inka-inti-pachamama-viracocha\/\" class=\"iwg-kultur-badge\" tabindex=\"0\" data-tooltip=\"Mytologi inom traditionen Anderna \/ Inka.\">Anderna \/ Inka<\/a><span class=\"iwg-tradition-badge\" tabindex=\"0\" data-tooltip=\"Bergherre.\">Bergherre<\/span><\/div>\t\t\t\t<\/div>\n\t\t\t\t<\/div>\n\t\t<div class=\"elementor-element elementor-element-iwgw-apuausanga-tocc e-con-full e-flex e-con e-child\" data-id=\"iwgw-apuausanga-tocc\" data-element_type=\"container\" data-e-type=\"container\">\n\t\t\t\t<div class=\"elementor-element elementor-element-iwgw-apuausanga-toc elementor-toc--minimized-on-tablet elementor-widget elementor-widget-table-of-contents\" data-id=\"iwgw-apuausanga-toc\" data-element_type=\"widget\" data-e-type=\"widget\" data-settings=\"{&quot;headings_by_tags&quot;:[&quot;h2&quot;,&quot;h3&quot;],&quot;minimize_box&quot;:&quot;yes&quot;,&quot;marker_view&quot;:&quot;bullets&quot;,&quot;no_headings_message&quot;:&quot;Inga rubriker hittades p\\u00e5 den h\\u00e4r sidan.&quot;,&quot;exclude_headings_by_selector&quot;:[],&quot;icon&quot;:{&quot;value&quot;:&quot;fas fa-circle&quot;,&quot;library&quot;:&quot;fa-solid&quot;,&quot;rendered_tag&quot;:&quot;&lt;svg class=\\&quot;e-font-icon-svg e-fas-circle\\&quot; viewBox=\\&quot;0 0 512 512\\&quot; xmlns=\\&quot;http:\\\/\\\/www.w3.org\\\/2000\\\/svg\\&quot;&gt;&lt;path d=\\&quot;M256 8C119 8 8 119 8 256s111 248 248 248 248-111 248-248S393 8 256 8z\\&quot;&gt;&lt;\\\/path&gt;&lt;\\\/svg&gt;&quot;},&quot;minimized_on&quot;:&quot;tablet&quot;,&quot;hierarchical_view&quot;:&quot;yes&quot;,&quot;min_height&quot;:{&quot;unit&quot;:&quot;px&quot;,&quot;size&quot;:&quot;&quot;,&quot;sizes&quot;:[]},&quot;min_height_tablet&quot;:{&quot;unit&quot;:&quot;px&quot;,&quot;size&quot;:&quot;&quot;,&quot;sizes&quot;:[]},&quot;min_height_mobile&quot;:{&quot;unit&quot;:&quot;px&quot;,&quot;size&quot;:&quot;&quot;,&quot;sizes&quot;:[]}}\" data-widget_type=\"table-of-contents.default\">\n\t\t\t\t\t\t\t\t\t<div class=\"elementor-toc__header\">\n\t\t\t\t\t\t<h2 class=\"elementor-toc__header-title\">\n\t\t\t\tInneh\u00e5llsf\u00f6rteckning\t\t\t<\/h2>\n\t\t\t\t\t\t\t\t\t\t<div class=\"elementor-toc__toggle-button elementor-toc__toggle-button--expand\" role=\"button\" tabindex=\"0\" aria-controls=\"elementor-toc__iwgw-apuausanga-toc\" aria-expanded=\"true\" aria-label=\"Inhaltsverzeichnis \u00f6ffnen\"><svg aria-hidden=\"true\" class=\"e-font-icon-svg e-fas-chevron-down\" viewBox=\"0 0 448 512\" xmlns=\"http:\/\/www.w3.org\/2000\/svg\"><path d=\"M207.029 381.476L12.686 187.132c-9.373-9.373-9.373-24.569 0-33.941l22.667-22.667c9.357-9.357 24.522-9.375 33.901-.04L224 284.505l154.745-154.021c9.379-9.335 24.544-9.317 33.901.04l22.667 22.667c9.373 9.373 9.373 24.569 0 33.941L240.971 381.476c-9.373 9.372-24.569 9.372-33.942 0z\"><\/path><\/svg><\/div>\n\t\t\t\t<div class=\"elementor-toc__toggle-button elementor-toc__toggle-button--collapse\" role=\"button\" tabindex=\"0\" aria-controls=\"elementor-toc__iwgw-apuausanga-toc\" aria-expanded=\"true\" aria-label=\"Inhaltsverzeichnis schlie\u00dfen\"><svg aria-hidden=\"true\" class=\"e-font-icon-svg e-fas-chevron-up\" viewBox=\"0 0 448 512\" xmlns=\"http:\/\/www.w3.org\/2000\/svg\"><path d=\"M240.971 130.524l194.343 194.343c9.373 9.373 9.373 24.569 0 33.941l-22.667 22.667c-9.357 9.357-24.522 9.375-33.901.04L224 227.495 69.255 381.516c-9.379 9.335-24.544 9.317-33.901-.04l-22.667-22.667c-9.373-9.373-9.373-24.569 0-33.941L207.03 130.525c9.372-9.373 24.568-9.373 33.941-.001z\"><\/path><\/svg><\/div>\n\t\t\t\t\t<\/div>\n\t\t\t\t<div id=\"elementor-toc__iwgw-apuausanga-toc\" class=\"elementor-toc__body\">\n\t\t\t<div class=\"elementor-toc__spinner-container\">\n\t\t\t\t<svg class=\"elementor-toc__spinner eicon-animation-spin e-font-icon-svg e-eicon-loading\" aria-hidden=\"true\" viewBox=\"0 0 1000 1000\" xmlns=\"http:\/\/www.w3.org\/2000\/svg\"><path d=\"M500 975V858C696 858 858 696 858 500S696 142 500 142 142 304 142 500H25C25 237 238 25 500 25S975 237 975 500 763 975 500 975Z\"><\/path><\/svg>\t\t\t<\/div>\n\t\t<\/div>\n\t\t\t\t\t\t<\/div>\n\t\t\t\t<\/div>\n\t\t\t\t\t<\/div>\n\t\t\t\t<\/div>\n\t\t<div class=\"elementor-element elementor-element-iwgw-apuausanga-hr e-con-full e-flex e-con e-child\" data-id=\"iwgw-apuausanga-hr\" data-element_type=\"container\" data-e-type=\"container\">\n\t\t\t\t<div class=\"elementor-element elementor-element-iwgw-apuausanga-heroimg iwg-hero-image elementor-widget elementor-widget-image\" data-id=\"iwgw-apuausanga-heroimg\" data-element_type=\"widget\" data-e-type=\"widget\" data-widget_type=\"image.default\">\n\t\t\t\t\t\t\t\t\t\t\t\t\t\t\t<img fetchpriority=\"high\" decoding=\"async\" width=\"683\" height=\"1024\" src=\"https:\/\/iwell-guard.com\/wp-content\/uploads\/2026\/05\/geister_anden-inka_apu-ausangate-683x1024.webp\" class=\"attachment-large size-large wp-image-2674\" alt=\"Apu Ausangate - Geister aus der Anden-inka-Tradition, historisch-illustrativ\" srcset=\"https:\/\/iwell-guard.com\/wp-content\/uploads\/2026\/05\/geister_anden-inka_apu-ausangate-683x1024.webp 683w, https:\/\/iwell-guard.com\/wp-content\/uploads\/2026\/05\/geister_anden-inka_apu-ausangate-200x300.webp 200w, https:\/\/iwell-guard.com\/wp-content\/uploads\/2026\/05\/geister_anden-inka_apu-ausangate-768x1152.webp 768w, https:\/\/iwell-guard.com\/wp-content\/uploads\/2026\/05\/geister_anden-inka_apu-ausangate.webp 1024w\" sizes=\"(max-width: 683px) 100vw, 683px\" \/>\t\t\t\t\t\t\t\t\t\t\t\t\t\t\t<\/div>\n\t\t\t\t<\/div>\n\t\t\t\t\t<\/div>\n\t\t\t\t<\/div>\n\t\t<div class=\"elementor-element elementor-element-iwgw-apuausanga-s0 e-flex e-con-boxed e-con e-parent\" data-id=\"iwgw-apuausanga-s0\" data-element_type=\"container\" data-e-type=\"container\">\n\t\t\t\t\t<div class=\"e-con-inner\">\n\t\t\t\t<div class=\"elementor-element elementor-element-iwgw-apuausanga-s0h elementor-widget elementor-widget-heading\" data-id=\"iwgw-apuausanga-s0h\" data-element_type=\"widget\" data-e-type=\"widget\" data-widget_type=\"heading.default\">\n\t\t\t\t\t<h2 class=\"elementor-heading-title elementor-size-default\">Placering i det andinska pantheon<\/h2>\t\t\t\t<\/div>\n\t\t<div class=\"elementor-element elementor-element-iwgw-apuausanga-s0c e-con-full e-flex e-con e-child\" data-id=\"iwgw-apuausanga-s0c\" data-element_type=\"container\" data-e-type=\"container\">\n\t\t\t\t<div class=\"elementor-element elementor-element-iwgw-apuausanga-s0t elementor-widget elementor-widget-text-editor\" data-id=\"iwgw-apuausanga-s0t\" data-element_type=\"widget\" data-e-type=\"widget\" data-widget_type=\"text-editor.default\">\n\t\t\t\t\t\t\t\t\t<p>Apu (quechua: <em>herre<\/em>) \u00e4r den generiska beteckningen f\u00f6r de personifierade bergsgudomarna i Anderna. Apu-klassen omfattar hundratals enskilda bergstoppar som v\u00f6rdas av sina respektive lokala samh\u00e4llen som besj\u00e4lade v\u00e4sen.<\/p><p>Apu Ausangate \u00e4r inom denna klass den h\u00f6gsta och m\u00e4ktigaste representanten i departementet Cusco och r\u00e4knas tillsammans med Apu Salcantay, Apu Pitusiray och Apu Veronica till regionens fyra h\u00f6gsta apus.<\/p><p>Religionsvetenskapligt tillh\u00f6r apu-v\u00e4sendena klassen <em>orografiska personifikationer<\/em>: geografiskt framtr\u00e4dande berg upph\u00f6js till besj\u00e4lade numinositeter som tillskrivs en egen vilja, ett eget sinnelag och egna relationsband. Strukturellt j\u00e4mf\u00f6rbara \u00e4r de alpina bergsandarna i Europa, den japanska Fuji-Hime-<span class=\"iwg-fachbegriff\" data-tooltip=\"Summan av de religi\u00f6sa v\u00f6rdnadshandlingar som \u00e4gnas en gudom eller helig gestalt.\" tabindex=\"0\">kulten<\/span>, den nepalesiska Khumbu-Yul-Lha-<span class=\"iwg-fachbegriff\" data-tooltip=\"Summan av de religi\u00f6sa v\u00f6rdnadshandlingar som \u00e4gnas en gudom eller helig gestalt.\" tabindex=\"0\">kulten<\/span> och de nordamerikanska bergrelationerna inom pueblo- och navajotraditionerna.<\/p><p>I den inkatida rikskulten hade apus en v\u00f6rdnad som organiserades \u00f6ver hela riket genom ceque-systemet (se <a href=\"https:\/\/iwell-guard.com\/sv\/inti-inkas-solgud\/\">Inti<\/a>). Apu Ausangate var en av de viktigaste slutpunkterna f\u00f6r den syd\u00f6stra ceque-sektorn och stod i ritualtopografisk f\u00f6rbindelse med Coricancha-<span class=\"iwg-fachbegriff\" data-tooltip=\"En byggnad som anv\u00e4nds f\u00f6r v\u00f6rdnaden av en eller flera gudomar.\" tabindex=\"0\">templet<\/span>. Brian Bauer har i <em>The Sacred Landscape of the Inca<\/em> (1998) rekonstruerat denna Ausangate-Cusco-axel.<\/p><p>Strukturellt viktigt \u00e4r att apu-traditionen inte \u00e4r centralt hierarkiskt organiserad, utan fungerar som ett <em>distribuerat<\/em> religionssystem. Varje by, varje samh\u00e4lle har sina egna huvud-apus, som st\u00e5r i ett komplext hierarkiskt f\u00f6rh\u00e5llande till varandra.<\/p><p>Som regionens h\u00f6gsta berg \u00e4r Ausangate en sorts <em>apu bland apus<\/em>, men han ers\u00e4tter inte de lokala bergherrarna. Denna distribuerade struktur f\u00f6rklarar apu-religiositetens anm\u00e4rkningsv\u00e4rda motst\u00e5ndskraft mot den spanska missionen: det fanns inga centrala institutioner som kunde f\u00f6rst\u00f6ras.<\/p>\t\t\t\t\t\t\t\t<\/div>\n\t\t\t\t<\/div>\n\t\t\t\t\t<\/div>\n\t\t\t\t<\/div>\n\t\t<div class=\"elementor-element elementor-element-iwgw-apuausanga-s1 e-flex e-con-boxed e-con e-parent\" data-id=\"iwgw-apuausanga-s1\" data-element_type=\"container\" data-e-type=\"container\">\n\t\t\t\t\t<div class=\"e-con-inner\">\n\t\t\t\t<div class=\"elementor-element elementor-element-iwgw-apuausanga-s1h elementor-widget elementor-widget-heading\" data-id=\"iwgw-apuausanga-s1h\" data-element_type=\"widget\" data-e-type=\"widget\" data-widget_type=\"heading.default\">\n\t\t\t\t\t<h2 class=\"elementor-heading-title elementor-size-default\">Namn och etymologi<\/h2>\t\t\t\t<\/div>\n\t\t<div class=\"elementor-element elementor-element-iwgw-apuausanga-s1c e-con-full e-flex e-con e-child\" data-id=\"iwgw-apuausanga-s1c\" data-element_type=\"container\" data-e-type=\"container\">\n\t\t\t\t<div class=\"elementor-element elementor-element-iwgw-apuausanga-s1t elementor-widget elementor-widget-text-editor\" data-id=\"iwgw-apuausanga-s1t\" data-element_type=\"widget\" data-e-type=\"widget\" data-widget_type=\"text-editor.default\">\n\t\t\t\t\t\t\t\t\t<p>Namnet <em>Ausangate<\/em> eller <em>Awsanqati<\/em> \u00e4r spr\u00e5kligt inte entydigt f\u00f6rklarat.<\/p><p><span data-nosnippet>Cesar Itier har i sina quechuastudier (2008) f\u00f6reslagit att f\u00f6rklara namnet med <em>awsa<\/em> (sn\u00f6, is) och <em>qati<\/em> (klippspets, topp), vilket skulle g\u00f6ra Ausangate till <em>Sn\u00f6toppen<\/em>. En alternativ etymologi f\u00f6rbinder <em>aws-<\/em> med stammen <em>aysa-<\/em> (kalla, bjuda in), varigenom berget skulle bli <em>Den inbjudande h\u00f6jden<\/em>, en etymologi som skulle passa bergets <span class=\"iwg-fachbegriff\" data-tooltip=\"En person som g\u00f6r en religi\u00f6st motiverad resa till en helig plats.\" tabindex=\"0\">pilgrims<\/span>-status.<\/span><\/p><p>Beteckningen <em>apu<\/em> \u00e4r den h\u00f6gsta h\u00f6vlighetstiteln i det inkatida quechuaspr\u00e5ket och motsvarar ungef\u00e4r det spanska <em>senor<\/em>. Den anv\u00e4ndes f\u00f6r medlemmar av den h\u00f6gsta adelsklassen, f\u00f6r inkaherrskarna sj\u00e4lva och, som en religi\u00f6s utvidgning, f\u00f6r de m\u00e4ktigaste bergen.<\/p><p>Denna spr\u00e5kliga likst\u00e4llning av bergen med den h\u00f6gsta m\u00e4nniskoklassen visar apus j\u00e4mb\u00f6rdiga st\u00e4llning i den inkatida <span class=\"iwg-fachbegriff\" data-tooltip=\"Den vetenskapliga l\u00e4ran om Gud och en religions tro.\" tabindex=\"0\">teologin<\/span>.<\/p><p><span data-nosnippet>I dagens quechuatalande byar \u00e4r <em>apu<\/em> den viktigaste beteckningen f\u00f6r numinositet inom b\u00f6ndernas religiositet. Catherine Allen har i <em>The Hold Life Has<\/em> (2002) p\u00e5pekat att de flesta h\u00f6glandsbyar k\u00e4nner till en lokal huvud-apu, som ekonomiskt och ritualpraktiskt \u00e4r viktigare \u00e4n de h\u00f6gre statliga h\u00f6gguddomarna <a href=\"https:\/\/iwell-guard.com\/sv\/inti-inkas-solgud\/\">Inti<\/a> eller <a href=\"https:\/\/iwell-guard.com\/sv\/viracocha-skapargud-anderna\/\">Viracocha<\/a>.<\/span><\/p>\t\t\t\t\t\t\t\t<\/div>\n\t\t\t\t<\/div>\n\t\t\t\t\t<\/div>\n\t\t\t\t<\/div>\n\t\t<div class=\"elementor-element elementor-element-iwgw-apuausanga-s2 e-flex e-con-boxed e-con e-parent\" data-id=\"iwgw-apuausanga-s2\" data-element_type=\"container\" data-e-type=\"container\">\n\t\t\t\t\t<div class=\"e-con-inner\">\n\t\t\t\t<div class=\"elementor-element elementor-element-iwgw-apuausanga-s2h elementor-widget elementor-widget-heading\" data-id=\"iwgw-apuausanga-s2h\" data-element_type=\"widget\" data-e-type=\"widget\" data-widget_type=\"heading.default\">\n\t\t\t\t\t<h2 class=\"elementor-heading-title elementor-size-default\">Beskrivning och ikonografi<\/h2>\t\t\t\t<\/div>\n\t\t<div class=\"elementor-element elementor-element-iwgw-apuausanga-s2c e-con-full e-flex e-con e-child\" data-id=\"iwgw-apuausanga-s2c\" data-element_type=\"container\" data-e-type=\"container\">\n\t\t\t\t<div class=\"elementor-element elementor-element-iwgw-apuausanga-s2t elementor-widget elementor-widget-text-editor\" data-id=\"iwgw-apuausanga-s2t\" data-element_type=\"widget\" data-e-type=\"widget\" data-widget_type=\"text-editor.default\">\n\t\t\t\t\t\t\t\t\t<p>Apu Ausangate beskrivs i de etnografiska k\u00e4llorna huvudsakligen som en antropomorf bergherre: en v\u00e4rdig gammal man med l\u00e5ngt vitt sk\u00e4gg och en mantel av sn\u00f6, som styr sitt rike fr\u00e5n toppen.<\/p><p>Denna beskrivning \u00e4r dock inte ikonografiskt bindande; vissa ut\u00f6vare beskriver Ausangate \u00e4ven som en vit inka i guldkl\u00e4dnad, andra som ett osynligt numinosum utan fast utseende.<\/p><p>En viktig synlig framtr\u00e4dandeform \u00e4r <em>aukis<\/em>, mindre bergshj\u00e4lpare som p\u00e5 Ausangates uppdrag bes\u00f6ker hjordar och f\u00e4lt. I vissa ber\u00e4ttelser framtr\u00e4der Ausangate \u00e4ven som en j\u00e4ttelik svart tjur eller som en vit kondor som med utf\u00e4llda vingar cirklar runt toppen. Inge Bolin har beskrivit denna ikonografiska variation f\u00f6r byn Chillihuani.<\/p><p><span data-nosnippet>P\u00e5 bevarade koloniala Cusquena-m\u00e5lningar f\u00f6rekommer Apu Ausangate ibland i bakgrunden av religi\u00f6sa scener, ofta som en sn\u00f6t\u00e4ckt bergskuliss bakom kristna helgonframst\u00e4llningar. Den ber\u00f6mda tavlan <em>Virgen del Cerro<\/em> (Potos\u00ed, ca 1720) avbildar visserligen inte Ausangate utan Cerro Rico, men \u00e4r strukturellt den viktigaste ikonografiska f\u00f6rlagan f\u00f6r en berg-som-Maria-synkretism.<\/span><\/p>\t\t\t\t\t\t\t\t<\/div>\n\t\t\t\t<\/div>\n\t\t\t\t\t<\/div>\n\t\t\t\t<\/div>\n\t\t<div class=\"elementor-element elementor-element-iwgw-apuausanga-s3 e-flex e-con-boxed e-con e-parent\" data-id=\"iwgw-apuausanga-s3\" data-element_type=\"container\" data-e-type=\"container\">\n\t\t\t\t\t<div class=\"e-con-inner\">\n\t\t\t\t<div class=\"elementor-element elementor-element-iwgw-apuausanga-s3h elementor-widget elementor-widget-heading\" data-id=\"iwgw-apuausanga-s3h\" data-element_type=\"widget\" data-e-type=\"widget\" data-widget_type=\"heading.default\">\n\t\t\t\t\t<h2 class=\"elementor-heading-title elementor-size-default\">Mytologiska ber\u00e4ttelser<\/h2>\t\t\t\t<\/div>\n\t\t<div class=\"elementor-element elementor-element-iwgw-apuausanga-s3c e-con-full e-flex e-con e-child\" data-id=\"iwgw-apuausanga-s3c\" data-element_type=\"container\" data-e-type=\"container\">\n\t\t\t\t<div class=\"elementor-element elementor-element-iwgw-apuausanga-s3t elementor-widget elementor-widget-text-editor\" data-id=\"iwgw-apuausanga-s3t\" data-element_type=\"widget\" data-e-type=\"widget\" data-widget_type=\"text-editor.default\">\n\t\t\t\t\t\t\t\t\t<p>De mytologiska ber\u00e4ttelserna kring Apu Ausangate \u00e4r m\u00e5nga och ber\u00e4ttas i talrika versioner i de omgivande byarna.<\/p><p>En central <span class=\"iwg-fachbegriff\" data-tooltip=\"En \u00f6verl\u00e4mnad ber\u00e4ttelse om gudar, ursprung och v\u00e4rldens ordning.\" tabindex=\"0\">mytklass<\/span> beskriver Ausangates familjeband till andra apus: enligt n\u00e5gra versioner \u00e4r Apu Ausangate make till den n\u00e4rbel\u00e4gna <em>Apu Pitusiray<\/em>, i andra fadern till den yngre <em>Apu Salcantay<\/em>, och i alla versioner den h\u00f6gsta, \u00e4ldsta apun i regionen.<\/p><p>En s\u00e4rskilt viktig ber\u00e4ttelse beskriver Ausangate som v\u00e4ktare av <em>itu<\/em>-hjordarna: inne i berget ska det finnas enorma hjordar av vita lamor, alpackor och vikunjor, som vid vissa h\u00f6gtider tr\u00e4der fram ur berget och blandas med de levandes hjordar.<\/p><p>Den som d\u00e5 stj\u00e4l eller skadar ett av de heliga djuren straffas h\u00e5rt av Ausangate. Denna ber\u00e4ttelse \u00e4r en del av ett annat apu-tema: berget som f\u00f6rvaringsplats f\u00f6r hjordreserven, som s\u00e4krar h\u00f6glandsherdarnas ekonomiska \u00f6verlevnad.<\/p><p><span data-nosnippet>Ett tredje <span class=\"iwg-fachbegriff\" data-tooltip=\"En \u00f6verl\u00e4mnad ber\u00e4ttelse om gudar, ursprung och v\u00e4rldens ordning.\" tabindex=\"0\">mytkomplex<\/span> f\u00f6rbinder Ausangate med <em>Inkari<\/em>, den mytiska sista inkah\u00e4rskaren som efter Atahualpas d\u00f6d (1533) forts\u00e4tter att leva inne i bergen och en dag ska \u00e5terv\u00e4nda f\u00f6r att \u00e5teruppr\u00e4tta inkariket.<\/span><\/p><p>Denna Inkari-f\u00f6rest\u00e4llning \u00e4r en central del av den efterinkaiska messianska f\u00f6rv\u00e4ntningen och beskrevs systematiskt av Alejandro Ortiz Rescaniere i <em>De Adaneva a Inkarri<\/em> (1973).<\/p><p>En s\u00e4rskild ber\u00e4ttelseklass r\u00f6r inkakonflikten: enligt vissa byar var Apu Ausangate ett av de v\u00e4sen som ska ha kommit inkaherskarna till hj\u00e4lp i avg\u00f6rande strider.<\/p><p>I slaget mellan inkafolket och chancafolket (ca 1438), som politiskt grundade inkariket, ska Ausangate sj\u00e4lv ha stridit som apu-krigare vid sidan av Pachacutis och m\u00f6jliggjort segern. Denna koppling \u00e4r mytisk-historisk och analyseras i den etnografiska litteraturen som ett exempel p\u00e5 hur politisk historia sammanfl\u00e4tas med berg-<span class=\"iwg-fachbegriff\" data-tooltip=\"Den vetenskapliga l\u00e4ran om Gud och en religions tro.\" tabindex=\"0\">teologi<\/span>.<\/p>\t\t\t\t\t\t\t\t<\/div>\n\t\t\t\t<\/div>\n\t\t\t\t\t<\/div>\n\t\t\t\t<\/div>\n\t\t<div class=\"elementor-element elementor-element-iwgw-apuausanga-s4 e-flex e-con-boxed e-con e-parent\" data-id=\"iwgw-apuausanga-s4\" data-element_type=\"container\" data-e-type=\"container\">\n\t\t\t\t\t<div class=\"e-con-inner\">\n\t\t\t\t<div class=\"elementor-element elementor-element-iwgw-apuausanga-s4h elementor-widget elementor-widget-heading\" data-id=\"iwgw-apuausanga-s4h\" data-element_type=\"widget\" data-e-type=\"widget\" data-widget_type=\"heading.default\">\n\t\t\t\t\t<h2 class=\"elementor-heading-title elementor-size-default\">Kult och v\u00f6rdnad<\/h2>\t\t\t\t<\/div>\n\t\t<div class=\"elementor-element elementor-element-iwgw-apuausanga-s4c e-con-full e-flex e-con e-child\" data-id=\"iwgw-apuausanga-s4c\" data-element_type=\"container\" data-e-type=\"container\">\n\t\t\t\t<div class=\"elementor-element elementor-element-iwgw-apuausanga-s4t elementor-widget elementor-widget-text-editor\" data-id=\"iwgw-apuausanga-s4t\" data-element_type=\"widget\" data-e-type=\"widget\" data-widget_type=\"text-editor.default\">\n\t\t\t\t\t\t\t\t\t<p>V\u00f6rdnaden av Apu Ausangate sker fr\u00e4mst i form av individuella eller familjebundna <span class=\"iwg-fachbegriff\" data-tooltip=\"G\u00e5va till en gudom f\u00f6r att uttrycka tacksamhet, en b\u00f6n eller v\u00f6rdnad.\" tabindex=\"0\">offer<\/span>-riter: herdarnas dagliga eller veckovisa \u00e5kallan av Ausangate n\u00e4r de ger sig ut till betesmarkerna, det tillf\u00e4lliga <span class=\"iwg-fachbegriff\" data-tooltip=\"G\u00e5va till en gudom f\u00f6r att uttrycka tacksamhet, en b\u00f6n eller v\u00f6rdnad.\" tabindex=\"0\">offret<\/span> (despacho eller pago a la tierra) vid viktiga livs\u00f6verg\u00e5ngar, samt de kollektiva vallf\u00e4rderna till bergstoppen.<\/p><p><span data-nosnippet>Den viktigaste kollektiva <span class=\"iwg-fachbegriff\" data-tooltip=\"En religi\u00f6st motiverad resa till en helig plats.\" tabindex=\"0\">vallf\u00e4rden<\/span> \u00e4r <em>Qoyllur Riti<\/em>&#8211;<span class=\"iwg-fachbegriff\" data-tooltip=\"En religi\u00f6st motiverad resa till en helig plats.\" tabindex=\"0\">vallf\u00e4rden<\/span> (quechua <em>quyllur rit&#8217;i<\/em>, sn\u00f6stj\u00e4rnan), som \u00e4ger rum \u00e5rligen i juni i bergen syd\u00f6st om Cusco vid foten av Ausangate-massivet. Den r\u00e4knas som en av de st\u00f6rsta andinska vallf\u00e4rderna och erk\u00e4ndes 2011 av UNESCO som immateriellt v\u00e4rldsarv.<\/span><\/p><p>Flera hundratusen <span class=\"iwg-fachbegriff\" data-tooltip=\"En m\u00e4nniska som f\u00f6retar en religi\u00f6st motiverad resa till en helig plats.\" tabindex=\"0\">pilgrimer<\/span> vandrar under flera dagar i <span class=\"iwg-fachbegriff\" data-tooltip=\"En h\u00f6gtidlig religi\u00f6s procession.\" tabindex=\"0\">procession<\/span> till <span class=\"iwg-fachbegriff\" data-tooltip=\"En helig plats till\u00e4gnad v\u00f6rdnaden av en gudom.\" tabindex=\"0\">helgedomen<\/span> i <em>Sinakara<\/em>, ber d\u00e4r framf\u00f6r ett klippkors och stiger d\u00e4refter upp p\u00e5 glaci\u00e4rtungorna f\u00f6r att vaka d\u00e4r hela natten.<\/p><p>Den ursprungligen f\u00f6rinkaiska sn\u00f6-<span class=\"iwg-fachbegriff\" data-tooltip=\"En religi\u00f6st motiverad resa till en helig plats.\" tabindex=\"0\">vallf\u00e4rden<\/span> kristnades 1783, n\u00e4r ett klippkors fr\u00e5n Sinakara inf\u00f6rdes som <span class=\"iwg-fachbegriff\" data-tooltip=\"En m\u00e4nniska som f\u00f6retar en religi\u00f6st motiverad resa till en helig plats.\" tabindex=\"0\">pilgrims<\/span>-bildverk. I dagens praxis \u00e4r den katolska korsbilden och den inhemska Ausangate-v\u00f6rdnaden oskiljaktigt sammanv\u00e4vda. Robert Randall har i sin studie om Qoyllur Riti (1982) ing\u00e5ende beskrivit denna <span class=\"iwg-fachbegriff\" data-tooltip=\"En religi\u00f6st motiverad resa till en helig plats.\" tabindex=\"0\">vallf\u00e4rds<\/span> dubbla dimension.<\/p>\t\t\t\t\t\t\t\t<\/div>\n\t\t\t\t<\/div>\n\t\t\t\t\t<\/div>\n\t\t\t\t<\/div>\n\t\t<div class=\"elementor-element elementor-element-iwgw-apuausanga-s5 e-flex e-con-boxed e-con e-parent\" data-id=\"iwgw-apuausanga-s5\" data-element_type=\"container\" data-e-type=\"container\">\n\t\t\t\t\t<div class=\"e-con-inner\">\n\t\t\t\t<div class=\"elementor-element elementor-element-iwgw-apuausanga-s5h elementor-widget elementor-widget-heading\" data-id=\"iwgw-apuausanga-s5h\" data-element_type=\"widget\" data-e-type=\"widget\" data-widget_type=\"heading.default\">\n\t\t\t\t\t<h2 class=\"elementor-heading-title elementor-size-default\">Skyddspraxis och apotrop\u00e4iskt<\/h2>\t\t\t\t<\/div>\n\t\t<div class=\"elementor-element elementor-element-iwgw-apuausanga-s5c e-con-full e-flex e-con e-child\" data-id=\"iwgw-apuausanga-s5c\" data-element_type=\"container\" data-e-type=\"container\">\n\t\t\t\t<div class=\"elementor-element elementor-element-iwgw-apuausanga-s5t elementor-widget elementor-widget-text-editor\" data-id=\"iwgw-apuausanga-s5t\" data-element_type=\"widget\" data-e-type=\"widget\" data-widget_type=\"text-editor.default\">\n\t\t\t\t\t\t\t\t\t<p>Apu Ausangate \u00e4r i h\u00f6glandsb\u00f6nderna praktik en av de centrala skyddsgestalterna. Den ausangate-relaterade skyddspraktiken koncentrerar sig p\u00e5 fyra omr\u00e5den: skydd av boskapshjorden, skydd mot sjukdom, skydd f\u00f6r resen\u00e4rer p\u00e5 bergsryggar och skydd mot skadeg\u00f6rande andar (<a href=\"https:\/\/iwell-guard.com\/sv\/supay-skadeandar-och-underjordsherre\/\">Supay<\/a>).<\/p><p>Konkreta skyddspraktiker omfattar att \u00e5kalla Ausangate f\u00f6re varje bergs\u00f6verg\u00e5ng med formeln <em>Apu Ausangate, runallaykim kani<\/em> (Apu Ausangate, jag \u00e4r bara din m\u00e4nniska), att stapla upp sm\u00e5 stenh\u00f6gar (<em>apacheta<\/em>) p\u00e5 bergstopparna som ett synligt tecken p\u00e5 <span class=\"iwg-fachbegriff\" data-tooltip=\"Den bedjande eller besv\u00e4rjande tilltalet till en gudom eller makt.\" tabindex=\"0\">\u00e5kallelsen<\/span>, samt att br\u00e4nna vaxljus p\u00e5 morgonen innan boskapen drivs ut till bete.<\/p><p>De rituella specialisterna <em>paqo<\/em> eller <em>altomisayoq<\/em> st\u00e5r i en s\u00e4rskild relation till Ausangate; i kallelseber\u00e4ttelsen n\u00e4mns ofta Ausangate sj\u00e4lv som bergsl\u00e4raren.<\/p><p>En specifik skyddspraktik r\u00f6r den rituella reningen vid Qoyllur-Riti-pilgrimsf\u00e4rden.<\/p><p>Den som klarat uppstigningen och n\u00e5r glaci\u00e4rtungan med den f\u00f6rsta soluppg\u00e5ngen p\u00e5 den avg\u00f6rande dagen f\u00e5r f\u00f6rm\u00e5nen att bryta loss en liten isbit och b\u00e4ra den till hembyn, d\u00e4r isen sm\u00e4lts p\u00e5 \u00e5krarna s\u00e5 att bergets <span class=\"iwg-fachbegriff\" data-tooltip=\"Till\u00f6nskan av lycka och skydd, ofta i fast spr\u00e5klig form.\" tabindex=\"0\">v\u00e4lsignelse<\/span> kommer f\u00e4lten till del.<\/p><p>Denna praktik har dock kraftigt begr\u00e4nsats de senaste 20 \u00e5ren p\u00e5 grund av glaci\u00e4rernas tillbakasm\u00e4ltning till f\u00f6ljd av klimatf\u00f6r\u00e4ndringarna.<\/p><p>Praktiken <em>despacho<\/em> eller <em>pago a la tierra<\/em> i f\u00f6rh\u00e5llande till Ausangate har en egen komplexitet. Ett <em>despacho a Ausangate<\/em> omfattar typiskt ett 12-stegs <span class=\"iwg-fachbegriff\" data-tooltip=\"G\u00e5va till en gudom f\u00f6r att uttrycka tack, b\u00f6n eller v\u00f6rdnad.\" tabindex=\"0\">offer<\/span>-paket med kokablad (kintus), lamafett, sm\u00e5 karameller, ull i olika f\u00e4rger, lamaembryon (sullu), guld- och silverblad samt ett urval stenfigurer.<\/p><p>Hela paketet arrangeras i en konstfullt vikt pappersskapelse tillsammans med ytterligare skyddssymboler och br\u00e4nns eller gr\u00e4vs ner i slutet av ritualen. Denna praktik har beskrivits i detalj av Juan Nunez del Prado, Catherine Allen och Joseph Bastien.<\/p>\t\t\t\t\t\t\t\t<\/div>\n\t\t\t\t<\/div>\n\t\t\t\t\t<\/div>\n\t\t\t\t<\/div>\n\t\t<div class=\"elementor-element elementor-element-iwgw-apuausanga-s6 e-flex e-con-boxed e-con e-parent\" data-id=\"iwgw-apuausanga-s6\" data-element_type=\"container\" data-e-type=\"container\">\n\t\t\t\t\t<div class=\"e-con-inner\">\n\t\t\t\t<div class=\"elementor-element elementor-element-iwgw-apuausanga-s6h elementor-widget elementor-widget-heading\" data-id=\"iwgw-apuausanga-s6h\" data-element_type=\"widget\" data-e-type=\"widget\" data-widget_type=\"heading.default\">\n\t\t\t\t\t<h2 class=\"elementor-heading-title elementor-size-default\">Paralleller i andra kulturer<\/h2>\t\t\t\t<\/div>\n\t\t<div class=\"elementor-element elementor-element-iwgw-apuausanga-s6c e-con-full e-flex e-con e-child\" data-id=\"iwgw-apuausanga-s6c\" data-element_type=\"container\" data-e-type=\"container\">\n\t\t\t\t<div class=\"elementor-element elementor-element-iwgw-apuausanga-s6t elementor-widget elementor-widget-text-editor\" data-id=\"iwgw-apuausanga-s6t\" data-element_type=\"widget\" data-e-type=\"widget\" data-widget_type=\"text-editor.default\">\n\t\t\t\t\t\t\t\t\t<p>Berggudomar och bergsherrar \u00e4r centrala referensfigurer i praktiskt taget alla h\u00f6glandsreligioner i v\u00e4rlden. Strukturella paralleller till Apu Ausangate finns i den japanska Fuji-Hime- och Asama-<span class=\"iwg-fachbegriff\" data-tooltip=\"Helheten av religi\u00f6sa v\u00f6rdnadshandlingar f\u00f6r en gudom eller helig gestalt.\" tabindex=\"0\">kulten<\/span>, i den kinesiska Taishan-bergs-<span class=\"iwg-fachbegriff\" data-tooltip=\"Helheten av religi\u00f6sa v\u00f6rdnadshandlingar f\u00f6r en gudom eller helig gestalt.\" tabindex=\"0\">kulten<\/span>, i den hinduistiska v\u00f6rdnaden av Kailash och Meru, i den grekiska Olympen-<span class=\"iwg-fachbegriff\" data-tooltip=\"Den vetenskapliga l\u00e4ran om Gud och om en religions tro.\" tabindex=\"0\">teologin<\/span> och i de alpina bergsandef\u00f6rest\u00e4llningarna i Tyrolen och Schweiz.<\/p><p><span data-nosnippet>Mircea Eliade beskrev i <em>Patterns in Comparative Religion<\/em> (1958) det heliga bergets m\u00f6nster som <em>axis mundi<\/em> systematiskt: berget f\u00f6rbinder himmel och jord, \u00e4r gudarnas vistelseort och kan bestigas av dertill kvalificerade m\u00e4nniskor (pr\u00e4ster, eremiter, pilgrimer) f\u00f6r att uppn\u00e5 en m\u00f6te med det numin\u00f6sa.<\/span><\/p><p>Apu Ausangate \u00e4r i detta m\u00f6nster ett paradigmatiskt exempel.<\/p><p>Inom Amerika visar Apu Ausangate paralleller till den navajo-amerikanska <a href=\"https:\/\/iwell-guard.com\/sv\/changing-woman-livscykelgudinna-navajo\/\">Changing-Woman<\/a>-heliga-bergs-traditionen och till den tibetansk-buddhistiska yul-lha-traditionen. Den senare \u00e4r s\u00e4rskilt anm\u00e4rkningsv\u00e4rd genom att den strukturellt \u00e4r organiserad p\u00e5 ett mycket likt s\u00e4tt som apu-traditionen; \u00e4ven d\u00e4r \u00e4r hundratals enskilda berg egna gudomar som v\u00f6rdas av den lokala gemenskapen.<\/p><p>Den alpina j\u00e4mf\u00f6rande <span class=\"iwg-fachbegriff\" data-tooltip=\"Vetenskapen som utforskar religioner j\u00e4mf\u00f6rande och utan trosbundenhet.\" tabindex=\"0\">religionsvetenskapen<\/span> har sedan 1990-talet alltmer sysslat med fr\u00e5gan om bergsandef\u00f6rest\u00e4llningarna i olika h\u00f6gkulturer \u00e4r typologiskt besl\u00e4ktade. Anne Buttimer och Edmunds Bunkse har lagt fram j\u00e4mf\u00f6rande studier av europeiska bergsteologier (s\u00e4rskilt de dolomitiska <em>monti pallidi<\/em>-ber\u00e4ttelserna) som \u00e4r strukturellt j\u00e4mf\u00f6rbara med den andinska apu-traditionen.<\/p><p>Konvergenserna f\u00f6rklaras av h\u00f6glandsbefolkningens gemensamma kognitiva situation, f\u00f6r vilka berget som en geografiskt dominerande, v\u00e4derp\u00e5verkande och farlig n\u00e4rvaro \u00e4r direkt erfarbart och d\u00e4rf\u00f6r inbjuder till personifiering.<\/p>\t\t\t\t\t\t\t\t<\/div>\n\t\t\t\t<\/div>\n\t\t\t\t\t<\/div>\n\t\t\t\t<\/div>\n\t\t<div class=\"elementor-element elementor-element-iwgw-apuausanga-s7 e-flex e-con-boxed e-con e-parent\" data-id=\"iwgw-apuausanga-s7\" data-element_type=\"container\" data-e-type=\"container\">\n\t\t\t\t\t<div class=\"e-con-inner\">\n\t\t\t\t<div class=\"elementor-element elementor-element-iwgw-apuausanga-s7h elementor-widget elementor-widget-heading\" data-id=\"iwgw-apuausanga-s7h\" data-element_type=\"widget\" data-e-type=\"widget\" data-widget_type=\"heading.default\">\n\t\t\t\t\t<h2 class=\"elementor-heading-title elementor-size-default\">Nutida mottagande och forskning<\/h2>\t\t\t\t<\/div>\n\t\t<div class=\"elementor-element elementor-element-iwgw-apuausanga-s7c e-con-full e-flex e-con e-child\" data-id=\"iwgw-apuausanga-s7c\" data-element_type=\"container\" data-e-type=\"container\">\n\t\t\t\t<div class=\"elementor-element elementor-element-iwgw-apuausanga-s7t elementor-widget elementor-widget-text-editor\" data-id=\"iwgw-apuausanga-s7t\" data-element_type=\"widget\" data-e-type=\"widget\" data-widget_type=\"text-editor.default\">\n\t\t\t\t\t\t\t\t\t<p>Apu Ausangate \u00e4r idag ett av de mest framtr\u00e4dande exemplen p\u00e5 levande ursprungsreligion i Andernas. <em>Qoyllur Riti<\/em>&#8211;<span class=\"iwg-fachbegriff\" data-tooltip=\"En religi\u00f6st motiverad resa till en helig plats.\" tabindex=\"0\">vallf\u00e4rden<\/span> samlar flera hundra tusen <span class=\"iwg-fachbegriff\" data-tooltip=\"En m\u00e4nniska som g\u00f6r en religi\u00f6st motiverad resa till en helig plats.\" tabindex=\"0\">pilgrimer<\/span> \u00e5rligen och beskrivs i den religionsetnologiska litteraturen som ett modellfall f\u00f6r andinsk synkretism. Robert Randall (1982), Jean-Jacques Decoster (2007) och Karsten Paerregaard (2017) har beskrivit <span class=\"iwg-fachbegriff\" data-tooltip=\"En religi\u00f6st motiverad resa till en helig plats.\" tabindex=\"0\">vallf\u00e4rden<\/span> i olika faser av dess moderna utveckling.<\/p><p><span data-nosnippet>En allt viktigare forskningslinje \u00e4r klimatkrisens p\u00e5verkan. Ausangate-glaci\u00e4ren har under de senaste trettio \u00e5ren f\u00f6rlorat \u00f6ver 40 procent av sin yta. Is-<span class=\"iwg-fachbegriff\" data-tooltip=\"En m\u00e4nniska som g\u00f6r en religi\u00f6st motiverad resa till en helig plats.\" tabindex=\"0\">pilgrimstraditionen<\/span>, d\u00e4r isstycken f\u00f6rdes fr\u00e5n glaci\u00e4rtungan ner till dalen, fick 2003 upph\u00f6ra p\u00e5 initiativ av broderskapet av Qoyllur-Riti-v\u00e4ktare, eftersom isf\u00f6rlusten gjorde traditionen ekologiskt oh\u00e5llbar.<\/span><\/p><p>Paerregaard och Inge Bolin har i sina senare arbeten om den andinska klimatkrisen dokumenterat dessa rituella anpassningar.<\/p><p>Ur religionsvetenskaplig synvinkel \u00e4r Apu Ausangate ett viktigt exempel p\u00e5 hur en ursprungsreligiositet f\u00f6rblir levande \u00e4ven under moderniseringens, kristnandets och den ekologiska krisens villkor. Catherine Allen, Joseph Bastien och Karsten Paerregaard har i sina verk g\u00e5ng p\u00e5 g\u00e5ng framh\u00e5llit denna traditions motst\u00e5ndskraft. iWell Guards koppling till Ausangate-v\u00f6rdnaden beskriver denna tradition religionshistoriskt, utan verkansl\u00f6fte.<\/p><p><span data-nosnippet>Ett v\u00e4xande forskningsf\u00e4lt utg\u00f6rs av relationen mellan ursprungsreligiositet och politiskt erk\u00e4nnande. I Bolivia och Peru har apu-v\u00f6rdnaden under de senaste 20 \u00e5ren i allt h\u00f6gre grad integrerats i nationella och internationella erk\u00e4nnandeprocesser, till exempel UNESCOs v\u00e4rldsarv Qoyllur Riti sedan 2011 och den konstitutionella erk\u00e4nnandet av ursprungsreligiositet i Bolivia och Ecuador.<\/span><\/p><p>Detta politiska erk\u00e4nnande har st\u00e4rkt apu-traditionens status, men har ocks\u00e5 medf\u00f6rt problematiska tendenser till folklorisering och turistisk kommersialisering, vilket kritiskt diskuteras inom den religionsetnologiska forskningen.<\/p>\t\t\t\t\t\t\t\t<\/div>\n\t\t\t\t<\/div>\n\t\t\t\t\t<\/div>\n\t\t\t\t<\/div>\n\t\t<div class=\"elementor-element elementor-element-iwgw-apuausanga-s8 e-flex e-con-boxed e-con e-parent\" data-id=\"iwgw-apuausanga-s8\" data-element_type=\"container\" data-e-type=\"container\">\n\t\t\t\t\t<div class=\"e-con-inner\">\n\t\t\t\t<div class=\"elementor-element elementor-element-iwgw-apuausanga-s8h elementor-widget elementor-widget-heading\" data-id=\"iwgw-apuausanga-s8h\" data-element_type=\"widget\" data-e-type=\"widget\" data-widget_type=\"heading.default\">\n\t\t\t\t\t<h2 class=\"elementor-heading-title elementor-size-default\">Litteratur och k\u00e4llor<\/h2>\t\t\t\t<\/div>\n\t\t<div class=\"elementor-element elementor-element-iwgw-apuausanga-s8c e-con-full e-flex e-con e-child\" data-id=\"iwgw-apuausanga-s8c\" data-element_type=\"container\" data-e-type=\"container\">\n\t\t\t\t<div class=\"elementor-element elementor-element-iwgw-apuausanga-s8t elementor-widget elementor-widget-text-editor\" data-id=\"iwgw-apuausanga-s8t\" data-element_type=\"widget\" data-e-type=\"widget\" data-widget_type=\"text-editor.default\">\n\t\t\t\t\t\t\t\t\t<p>F\u00f6ljande urval listar centrala verk inom andinsk etnologi och religionshistoria om apu-v\u00f6rdnaden och Qoyllur-Riti-<span class=\"iwg-fachbegriff\" data-tooltip=\"En religi\u00f6st motiverad resa till en helig plats.\" tabindex=\"0\">vallf\u00e4rden<\/span>.<\/p>\t\t\t\t\t\t\t\t<\/div>\n\t\t\t\t<\/div>\n\t\t\t\t\t<\/div>\n\t\t\t\t<\/div>\n\t\t<div class=\"elementor-element elementor-element-cp21fdddf4 e-flex e-con-boxed e-con e-parent\" data-id=\"cp21fdddf4\" data-element_type=\"container\" data-e-type=\"container\">\n\t\t\t\t\t<div class=\"e-con-inner\">\n\t\t\t\t<div class=\"elementor-element elementor-element-cp2302b96e elementor-widget elementor-widget-heading\" data-id=\"cp2302b96e\" data-element_type=\"widget\" data-e-type=\"widget\" data-widget_type=\"heading.default\">\n\t\t\t\t\t<h2 class=\"elementor-heading-title elementor-size-default\">Ausangate i Qoyllur Rit'is \u00e5rliga festcykel<\/h2>\t\t\t\t<\/div>\n\t\t<div class=\"elementor-element elementor-element-cp2b58d247 e-flex e-con-boxed e-con e-child\" data-id=\"cp2b58d247\" data-element_type=\"container\" data-e-type=\"container\">\n\t\t\t\t\t<div class=\"e-con-inner\">\n\t\t\t\t<div class=\"elementor-element elementor-element-cp2f4cfb74 elementor-widget elementor-widget-text-editor\" data-id=\"cp2f4cfb74\" data-element_type=\"widget\" data-e-type=\"widget\" data-widget_type=\"text-editor.default\">\n\t\t\t\t\t\t\t\t\t<p>Den mest k\u00e4nda rituella kopplingen mellan <em>Apu<\/em> Ausangate och den levande andinska traditionen \u00e4r <span class=\"iwg-fachbegriff\" data-tooltip=\"En religi\u00f6st motiverad resa till en helig plats.\" tabindex=\"0\">vallf\u00e4rden<\/span> till Qoyllur Rit&#8217;i, som varje \u00e5r \u00e4ger rum strax f\u00f6re Kristi lekamens fest vid foten av Ausangate-massivet i Sinakara-dalen.<\/p><p>Tiotusentals <span class=\"iwg-fachbegriff\" data-tooltip=\"En m\u00e4nniska som g\u00f6r en religi\u00f6st motiverad resa till en helig plats.\" tabindex=\"0\">pilgrimer<\/span> fr\u00e5n quechua- och aymara-samh\u00e4llena i det s\u00f6dra h\u00f6glandet vandrar till ett <span class=\"iwg-fachbegriff\" data-tooltip=\"En helig plats till\u00e4gnad v\u00f6rdnaden av en gudom.\" tabindex=\"0\">helgedom<\/span> p\u00e5 omkring 4600 meters h\u00f6jd, d\u00e4r en bild av Kristus m\u00e5lad p\u00e5 en klippa v\u00f6rdas.<\/p><p>Den katolska tolkningen ansluter till en uppenbarelselegend fr\u00e5n 1700-talet, men etnologer som Michael Sallnow och senare Robert Randall har visat att <span class=\"iwg-fachbegriff\" data-tooltip=\"En religi\u00f6st motiverad resa till en helig plats.\" tabindex=\"0\">vallf\u00e4rden<\/span> samtidigt \u00e4r en bergskult som riktar sig till Ausangate som regionens h\u00f6gsta <em>Apu<\/em>.<\/p><p>B\u00e4rare av ritualen \u00e4r <em>ukukus<\/em> eller <em>pablitos<\/em>, maskerade dansare i lurvig ulldr\u00e4kt, som anses vara f\u00f6rmedlare mellan m\u00e4nniska och berg. Under natten kl\u00e4ttrar de upp p\u00e5 Ausangates glaci\u00e4rer f\u00f6r att h\u00e4mta is och utf\u00f6ra riter som samtidigt \u00e4r mod- och reningsprov.<\/p><p>Tidigare bars stora isblock ner i dalen. Med tanke p\u00e5 glaci\u00e4rens tillbakag\u00e5ng har detta <span class=\"iwg-fachbegriff\" data-tooltip=\"En traderad handling som regelbundet upprepas inom en gemenskap.\" tabindex=\"0\">bruk<\/span> under de senaste \u00e5ren starkt begr\u00e4nsats, vilket i sig har blivit f\u00f6rem\u00e5l f\u00f6r religi\u00f6s tolkning.<\/p><p>Festcykeln f\u00f6renar p\u00e5 s\u00e5 s\u00e4tt kristen helgonv\u00f6rdnad, andinsk bergsreligion och en agrarisk kalender som knyter Plejadernas framtr\u00e4dande till den kommande s\u00e5dden. Forskningen om <span class=\"iwg-fachbegriff\" data-tooltip=\"En religi\u00f6st motiverad resa till en helig plats.\" tabindex=\"0\">vallf\u00e4rden<\/span> betonar att det inte handlar om en enkel kvarleva av f\u00f6rkolonial religion, utan om en sj\u00e4lvst\u00e4ndig praktik som st\u00e4ndigt omtolkas.<\/p><p>Den som vill f\u00f6rst\u00e5 Ausangates roll m\u00e5ste se Qoyllur Rit&#8217;i som dess viktigaste nutida plats. Besl\u00e4ktade bergsgudomar i regionen behandlas i artikeln om <a href=\"https:\/\/iwell-guard.com\/sv\/apu-ausangate-bergsgudom-anderna\/\">apus<\/a> i allm\u00e4nhet.<\/p>\t\t\t\t\t\t\t\t<\/div>\n\t\t\t\t\t<\/div>\n\t\t\t\t<\/div>\n\t\t\t\t\t<\/div>\n\t\t\t\t<\/div>\n\t\t<div class=\"elementor-element elementor-element-cp2a2dbdd9 e-flex e-con-boxed e-con e-parent\" data-id=\"cp2a2dbdd9\" data-element_type=\"container\" data-e-type=\"container\">\n\t\t\t\t\t<div class=\"e-con-inner\">\n\t\t\t\t<div class=\"elementor-element elementor-element-cp2a442214 elementor-widget elementor-widget-heading\" data-id=\"cp2a442214\" data-element_type=\"widget\" data-e-type=\"widget\" data-widget_type=\"heading.default\">\n\t\t\t\t\t<h2 class=\"elementor-heading-title elementor-size-default\">Ausangate i andinska helares despacho-ceremoni<\/h2>\t\t\t\t<\/div>\n\t\t<div class=\"elementor-element elementor-element-cp2cd4ff16 e-flex e-con-boxed e-con e-child\" data-id=\"cp2cd4ff16\" data-element_type=\"container\" data-e-type=\"container\">\n\t\t\t\t\t<div class=\"e-con-inner\">\n\t\t\t\t<div class=\"elementor-element elementor-element-cp2a3601b3 elementor-widget elementor-widget-text-editor\" data-id=\"cp2a3601b3\" data-element_type=\"widget\" data-e-type=\"widget\" data-widget_type=\"text-editor.default\">\n\t\t\t\t\t\t\t\t\t<p>I den rituella vardagen hos quechuasamh\u00e4llena i s\u00f6dra Anderna m\u00f6ter man Ausangate framf\u00f6r allt i <em>despacho<\/em>, ett offerbylte som <em>paqos<\/em>, de andinska ritualspecialisterna, s\u00e4tter samman. P\u00e5 ett papper eller en tygbit l\u00e4ggs kokablad i grupper om tre, s\u00e5 kallade <em>k&#8217;intu<\/em>, tillsammans med majskorn, djurfett, f\u00e4rgad ull, sm\u00e5 blyfigurer och ibland s\u00f6tsaker.<\/p><p>Varje best\u00e5ndsdel utg\u00f6r en g\u00e5va till <em>Pachamama<\/em> och till <em>Apus<\/em>, bland vilka Ausangate i stora delar av regionen Cusco innehar den h\u00f6gsta rangen.<\/p><p>Den <span class=\"iwg-fachbegriff\" data-tooltip=\"Det bedjande eller besv\u00e4rjande tilltalet av en gudom eller makt.\" tabindex=\"0\">\u00e5kallan<\/span> f\u00f6ljer en hierarkisk ordning: f\u00f6rst n\u00e4mns de lokala husbergen, d\u00e4refter de st\u00f6rre regionala <em>Apus<\/em>, och till sist Ausangate som den \u00f6verregionala toppen. Det f\u00e4rdiga byltet br\u00e4nns eller gr\u00e4vs ner; r\u00f6ken som stiger upp anses vara det egentliga s\u00e4ttet g\u00e5van f\u00f6rmedlas p\u00e5.<\/p><p>Etnologiska arbeten, till exempel av Catherine Allen om samh\u00e4llena kring Sonqo, beskriver <em>despacho<\/em> som en \u00f6msesidighetshandling: berget tar emot f\u00f6da och ger i utbyte fruktbarhet, skydd f\u00f6r boskapen och l\u00e4kning.<\/p><p>Anm\u00e4rkningsv\u00e4rt \u00e4r att denna praxis inte ut\u00f6vas i det f\u00f6rdolda utan \u00f6ppet utg\u00f6r en del av det religi\u00f6sa livet och existerar sida vid sida med den katolska kalendern. Under de senaste decennierna har <em>despacho<\/em> \u00e4ven f\u00e5tt en internationell spridning genom den esoteriska andesturismen, vilket diskuteras kontroversiellt bland forskare.<\/p><p>N\u00e5gra ser d\u00e4ri en urrotning, andra en anpassningsprocess av den typ Andinska religionen genomg\u00e5tt \u00e5ter och \u00e5ter sedan kolonialtiden. F\u00f6r f\u00f6rst\u00e5elsen av Ausangate \u00e4r det avg\u00f6rande att han h\u00e4r inte framtr\u00e4der som en avl\u00e4gsen <span class=\"iwg-fachbegriff\" data-tooltip=\"En traderad ber\u00e4ttelse om gudar, ursprung och v\u00e4rldens ordning.\" tabindex=\"0\">myt<\/span>, utan som en konkret, tilltalbar mottagare av rituella g\u00e5vor.<\/p>\t\t\t\t\t\t\t\t<\/div>\n\t\t\t\t\t<\/div>\n\t\t\t\t<\/div>\n\t\t\t\t\t<\/div>\n\t\t\t\t<\/div>\n\t\t<div class=\"elementor-element elementor-element-iwgw-apuausanga-lit e-flex e-con-boxed e-con e-parent\" data-id=\"iwgw-apuausanga-lit\" data-element_type=\"container\" data-e-type=\"container\">\n\t\t\t\t\t<div class=\"e-con-inner\">\n\t\t\t\t<div class=\"elementor-element elementor-element-iwgw-apuausanga-lith elementor-widget elementor-widget-heading\" data-id=\"iwgw-apuausanga-lith\" data-element_type=\"widget\" data-e-type=\"widget\" data-widget_type=\"heading.default\">\n\t\t\t\t\t<h2 class=\"elementor-heading-title elementor-size-default\">Litteratur (urval)<\/h2>\t\t\t\t<\/div>\n\t\t<div class=\"elementor-element elementor-element-iwgw-apuausanga-litc e-con-full e-flex e-con e-child\" data-id=\"iwgw-apuausanga-litc\" data-element_type=\"container\" data-e-type=\"container\">\n\t\t\t\t<div class=\"elementor-element elementor-element-iwgw-apuausanga-litt elementor-widget elementor-widget-text-editor\" data-id=\"iwgw-apuausanga-litt\" data-element_type=\"widget\" data-e-type=\"widget\" data-widget_type=\"text-editor.default\">\n\t\t\t\t\t\t\t\t\t<ul><li>Catherine Allen: <em>The Hold Life Has<\/em> (2002)<\/li><li><span data-nosnippet>Robert Randall: <em>Qoyllur Riti, an Inca Fiesta of the Pleiades<\/em> (1982)<\/span><\/li><li>Karsten Paerregaard: <em>Pilgrims of the Andes<\/em> (2017)<\/li><li>Inge Bolin: <em>Rituals of Respect<\/em> (1998)<\/li><li>Brian Bauer: <em>The Sacred Landscape of the Inca<\/em> (1998)<\/li><li>Alejandro Ortiz Rescaniere: <em>De Adaneva a Inkarri<\/em> (1973)<\/li><li>Jean-Jacques Decoster: <em>Incas e indios cristianos<\/em> (2007)<\/li><\/ul>\t\t\t\t\t\t\t\t<\/div>\n\t\t\t\t<\/div>\n\t\t\t\t\t<\/div>\n\t\t\t\t<\/div>\n\t\t<div class=\"elementor-element elementor-element-iwgw-apuausanga-kwd e-flex e-con-boxed e-con e-parent\" data-id=\"iwgw-apuausanga-kwd\" data-element_type=\"container\" data-e-type=\"container\">\n\t\t\t\t\t<div class=\"e-con-inner\">\n\t\t<div class=\"elementor-element elementor-element-iwgw-apuausanga-kwdc e-con-full e-flex e-con e-child\" data-id=\"iwgw-apuausanga-kwdc\" data-element_type=\"container\" data-e-type=\"container\">\n\t\t\t\t<div class=\"elementor-element elementor-element-iwgw-apuausanga-kwdt elementor-widget elementor-widget-text-editor\" data-id=\"iwgw-apuausanga-kwdt\" data-element_type=\"widget\" data-e-type=\"widget\" data-widget_type=\"text-editor.default\">\n\t\t\t\t\t\t\t\t\t<p><em>Relaterade nyckelbegrepp: Apu Ausangate Awsanqati Qoyllur Riti Sinakara Inkari Apacheta Paqo Altomisayoq.<\/em><\/p>\t\t\t\t\t\t\t\t<\/div>\n\t\t\t\t<\/div>\n\t\t\t\t\t<\/div>\n\t\t\t\t<\/div>\n\t\t<div class=\"elementor-element elementor-element-iwgw-apuausanga-cc e-flex e-con-boxed e-con e-parent\" data-id=\"iwgw-apuausanga-cc\" data-element_type=\"container\" data-e-type=\"container\" id=\"iwg-cc-apu-ausangate\">\n\t\t\t\t\t<div class=\"e-con-inner\">\n\t\t<div class=\"elementor-element elementor-element-iwgw-apuausanga-ccinner e-flex e-con-boxed e-con e-parent\" data-id=\"iwgw-apuausanga-ccinner\" data-element_type=\"container\" data-e-type=\"container\" data-settings=\"{&quot;background_background&quot;:&quot;classic&quot;}\">\n\t\t\t\t\t<div class=\"e-con-inner\">\n\t\t\t\t<div class=\"elementor-element elementor-element-iwgw-apuausanga-cch elementor-widget elementor-widget-heading\" data-id=\"iwgw-apuausanga-cch\" data-element_type=\"widget\" data-e-type=\"widget\" data-widget_type=\"heading.default\">\n\t\t\t\t\t<h2 class=\"elementor-heading-title elementor-size-default\">iWell Guard och skyddstraditioner<\/h2>\t\t\t\t<\/div>\n\t\t\t\t<div class=\"elementor-element elementor-element-iwgw-apuausanga-cct elementor-widget elementor-widget-text-editor\" data-id=\"iwgw-apuausanga-cct\" data-element_type=\"widget\" data-e-type=\"widget\" data-widget_type=\"text-editor.default\">\n\t\t\t\t\t\t\t\t\t<div data-nosnippet=\"true\"><p>iWell Guard ansluter till den kulturhistoriska traditionen av b\u00e4rbara skyddsf\u00f6rem\u00e5l, i traditionen fr\u00e5n <a href=\"https:\/\/iwell-guard.com\/sv\/andeska-kulturer-inka-inti-pachamama-viracocha\/\">Anderna \/ Inkariket<\/a> och m\u00e5nga andra kulturer v\u00e4rlden \u00f6ver. 41 niv\u00e5er, \u00e4kta guld, platina, silver, tillverkad i Tyskland. 30 dagars \u00f6ppet k\u00f6p.<\/p><\/div>\t\t\t\t\t\t\t\t<\/div>\n\t\t\t\t<div class=\"elementor-element elementor-element-iwgw-apuausanga-ccb iwg-cc-button iwg-cc-cta-2026-05-13 elementor-widget elementor-widget-jet-button\" data-id=\"iwgw-apuausanga-ccb\" data-element_type=\"widget\" data-e-type=\"widget\" data-widget_type=\"jet-button.default\">\n\t\t\t\t<div class=\"elementor-widget-container\">\n\t\t\t\t\t<div class=\"elementor-jet-button jet-elements\"><div class=\"jet-button__container\"><a class=\"jet-button__instance jet-button__instance--icon-left hover-effect-1\" href=\"\/ueber-iwell-guard\/?utm_source=iwell-guard.com&amp;utm_medium=info-box&amp;utm_campaign=wesen-tradition\"><div class=\"jet-button__plane jet-button__plane-normal\"><\/div><div class=\"jet-button__plane jet-button__plane-hover\"><\/div><div class=\"jet-button__state jet-button__state-normal\"><span class=\"jet-button__label\">Mer om iWell Guard<\/span><\/div><div class=\"jet-button__state jet-button__state-hover\"><span class=\"jet-button__label\">Mer om iWell Guard<\/span><\/div><\/a><\/div><\/div><style>.elementor-element.elementor-element-iwgw-apuausanga-ccb .jet-button__instance{width:320px;height:56px;}.elementor-element.elementor-element-iwgw-apuausanga-ccb .jet-button__state-normal .jet-button__label{text-align:center;margin:0px 0px 0px 0px;color:#1a1b20;font-family:Montserrat,sans-serif;font-size:13px;font-weight:400;letter-spacing:4px;line-height:1.714em;text-transform:uppercase;}.elementor-element.elementor-element-iwgw-apuausanga-ccb .jet-button__state-hover .jet-button__label{text-align:center;margin:0px 0px 0px 0px;color:#FECC76;font-family:Montserrat,sans-serif;font-size:13px;font-weight:400;letter-spacing:4px;line-height:1.714em;text-transform:uppercase;}.elementor-element.elementor-element-iwgw-apuausanga-ccb .jet-button__plane-normal{background-color:#FECC76;border-style:solid;border-color:#C99540;border-width:2px 2px 2px 2px;}.elementor-element.elementor-element-iwgw-apuausanga-ccb .jet-button__plane-hover{background-color:rgba(0,0,0,0.55);border-style:solid;border-color:#FECC76;border-width:2px 2px 2px 2px;}<\/style>\t\t\t\t<\/div>\n\t\t\t\t<\/div>\n\t\t\t\t<div class=\"elementor-element elementor-element-iwgw-apuausanga-ccd elementor-widget elementor-widget-text-editor\" data-id=\"iwgw-apuausanga-ccd\" data-element_type=\"widget\" data-e-type=\"widget\" data-widget_type=\"text-editor.default\">\n\t\t\t\t\t\t\t\t\t<div data-nosnippet=\"true\"><p style=\"text-align:center;font-size:13px;opacity:0.7;margin-top:14px\" data-nosnippet=\"true\">Personliga erfarenheter kan variera. Ingen medicinteknisk produkt. Inget l\u00f6fte om l\u00e4kning.<\/p><\/div>\t\t\t\t\t\t\t\t<\/div>\n\t\t\t\t\t<\/div>\n\t\t\t\t<\/div>\n\t\t\t\t\t<\/div>\n\t\t\t\t<\/div>\n\t\t<div class=\"elementor-element elementor-element-iwgw-apuausanga-disc e-flex e-con-boxed e-con e-parent\" data-id=\"iwgw-apuausanga-disc\" data-element_type=\"container\" data-e-type=\"container\">\n\t\t\t\t\t<div class=\"e-con-inner\">\n\t\t\t\t<div class=\"elementor-element elementor-element-iwgw-apuausanga-discw elementor-widget elementor-widget-html\" data-id=\"iwgw-apuausanga-discw\" data-element_type=\"widget\" data-e-type=\"widget\" data-widget_type=\"html.default\">\n\t\t\t\t\t<footer data-nosnippet=\"true\" class=\"iwg-disclaimer-block\"><p data-nosnippet=\"true\">iWell Guard \u00e4r <strong>ingen medicinteknisk produkt<\/strong> och ers\u00e4tter inte l\u00e4karv\u00e5rd eller psykoterapeutisk behandling. De religionsvetenskapliga inneh\u00e5llen \u00e4r kulturhistorisk inordning, ingen andlig praxisrekommendation.<\/p><\/footer>\t\t\t\t<\/div>\n\t\t\t\t\t<\/div>\n\t\t\t\t<\/div>\n\t\t\t\t<\/div>\n\t\t","protected":false},"excerpt":{"rendered":"","protected":false},"author":3,"featured_media":2674,"parent":0,"menu_order":0,"comment_status":"closed","ping_status":"closed","template":"elementor_header_footer","meta":{"_yoast_wpseo_focuskw":"Apu Ausangate bergherre Anderna","_yoast_wpseo_title":"Apu Ausangate \u2013 bergsgudom i Anderna","_yoast_wpseo_metadesc":"Apu Ausangate \u00e4r den h\u00f6gsta bergsgudomen i de sydperuanska Anderna, en central referenspunkt f\u00f6r h\u00f6glandsb\u00f6nderna och f\u00f6r Qoyllur Riti-pilgrimsf\u00e4rden.","_yoast_wpseo_meta-robots-noindex":"","_yoast_wpseo_canonical":"","_angie_page":false,"gefaehrdungsstufe":"2","wesen_kultur":"anden-inka","wesen_klasse":"geister","footnotes":""},"categories":[],"class_list":["post-136830","page","type-page","status-publish","has-post-thumbnail","hentry"],"yoast_head":"<!-- This site is optimized with the Yoast SEO Premium plugin v27.7 (Yoast SEO v28.3) - https:\/\/yoast.com\/product\/yoast-seo-premium-wordpress\/ -->\n<title>Apu Ausangate \u2013 bergsgudom i Anderna<\/title>\n<meta name=\"description\" content=\"Apu Ausangate \u00e4r den h\u00f6gsta bergsgudomen i de sydperuanska Anderna, en central referenspunkt f\u00f6r h\u00f6glandsb\u00f6nderna och f\u00f6r Qoyllur Riti-pilgrimsf\u00e4rden.\" \/>\n<meta name=\"robots\" content=\"index, follow, max-snippet:-1, max-image-preview:large, max-video-preview:-1\" \/>\n<link rel=\"canonical\" href=\"https:\/\/iwell-guard.com\/sv\/apu-ausangate-bergsgudom-anderna\/\" \/>\n<meta property=\"og:locale\" content=\"sv_SE\" \/>\n<meta property=\"og:type\" content=\"article\" \/>\n<meta property=\"og:title\" content=\"Apu Ausangate \u2013 bergsgudom i Anderna\" \/>\n<meta property=\"og:description\" content=\"Apu Ausangate \u00e4r den h\u00f6gsta bergsgudomen i de sydperuanska Anderna, en central referenspunkt f\u00f6r h\u00f6glandsb\u00f6nderna och f\u00f6r Qoyllur Riti-pilgrimsf\u00e4rden.\" \/>\n<meta property=\"og:url\" content=\"https:\/\/iwell-guard.com\/sv\/apu-ausangate-bergsgudom-anderna\/\" \/>\n<meta property=\"og:site_name\" content=\"iWell Guard\" \/>\n<meta property=\"article:modified_time\" content=\"2026-09-03T01:13:04+00:00\" \/>\n<meta property=\"og:image\" content=\"https:\/\/iwell-guard.com\/wp-content\/uploads\/2026\/05\/geister_anden-inka_apu-ausangate.webp\" \/>\n\t<meta property=\"og:image:width\" content=\"1024\" \/>\n\t<meta property=\"og:image:height\" content=\"1536\" \/>\n\t<meta property=\"og:image:type\" content=\"image\/webp\" \/>\n<meta name=\"twitter:card\" content=\"summary_large_image\" \/>\n<script type=\"application\/ld+json\" class=\"yoast-schema-graph\">{\"@context\":\"https:\\\/\\\/schema.org\",\"@graph\":[{\"@type\":\"WebPage\",\"@id\":\"https:\\\/\\\/iwell-guard.com\\\/sv\\\/apu-ausangate-bergsgudom-anderna\\\/\",\"url\":\"https:\\\/\\\/iwell-guard.com\\\/sv\\\/apu-ausangate-bergsgudom-anderna\\\/\",\"name\":\"Apu Ausangate \u2013 bergsgudom i Anderna\",\"isPartOf\":{\"@id\":\"https:\\\/\\\/iwell-guard.com\\\/sv\\\/#website\"},\"primaryImageOfPage\":{\"@id\":\"https:\\\/\\\/iwell-guard.com\\\/sv\\\/apu-ausangate-bergsgudom-anderna\\\/#primaryimage\"},\"image\":{\"@id\":\"https:\\\/\\\/iwell-guard.com\\\/sv\\\/apu-ausangate-bergsgudom-anderna\\\/#primaryimage\"},\"thumbnailUrl\":\"https:\\\/\\\/iwell-guard.com\\\/wp-content\\\/uploads\\\/2026\\\/05\\\/geister_anden-inka_apu-ausangate.webp\",\"datePublished\":\"2026-09-03T00:10:25+00:00\",\"dateModified\":\"2026-09-03T01:13:04+00:00\",\"description\":\"Apu Ausangate \u00e4r den h\u00f6gsta bergsgudomen i de sydperuanska Anderna, en central referenspunkt f\u00f6r h\u00f6glandsb\u00f6nderna och f\u00f6r Qoyllur Riti-pilgrimsf\u00e4rden.\",\"breadcrumb\":{\"@id\":\"https:\\\/\\\/iwell-guard.com\\\/sv\\\/apu-ausangate-bergsgudom-anderna\\\/#breadcrumb\"},\"inLanguage\":\"sv-SE\",\"potentialAction\":[{\"@type\":\"ReadAction\",\"target\":[\"https:\\\/\\\/iwell-guard.com\\\/sv\\\/apu-ausangate-bergsgudom-anderna\\\/\"]}]},{\"@type\":\"ImageObject\",\"inLanguage\":\"sv-SE\",\"@id\":\"https:\\\/\\\/iwell-guard.com\\\/sv\\\/apu-ausangate-bergsgudom-anderna\\\/#primaryimage\",\"url\":\"https:\\\/\\\/iwell-guard.com\\\/wp-content\\\/uploads\\\/2026\\\/05\\\/geister_anden-inka_apu-ausangate.webp\",\"contentUrl\":\"https:\\\/\\\/iwell-guard.com\\\/wp-content\\\/uploads\\\/2026\\\/05\\\/geister_anden-inka_apu-ausangate.webp\",\"width\":1024,\"height\":1536,\"caption\":\"Andar fr\u00e5n anden-inka-traditionen.\"},{\"@type\":\"BreadcrumbList\",\"@id\":\"https:\\\/\\\/iwell-guard.com\\\/sv\\\/apu-ausangate-bergsgudom-anderna\\\/#breadcrumb\",\"itemListElement\":[{\"@type\":\"ListItem\",\"position\":1,\"name\":\"Start\",\"item\":\"https:\\\/\\\/iwell-guard.com\\\/sv\\\/?page_id=136483\"},{\"@type\":\"ListItem\",\"position\":2,\"name\":\"Apu Ausangate \u2013 bergsgudom i Anderna\"}]},{\"@type\":\"WebSite\",\"@id\":\"https:\\\/\\\/iwell-guard.com\\\/sv\\\/#website\",\"url\":\"https:\\\/\\\/iwell-guard.com\\\/sv\\\/\",\"name\":\"iWell Guard\",\"description\":\"Schutz vor dunklen Einfl\u00fcssen\",\"publisher\":{\"@id\":\"https:\\\/\\\/iwell-guard.com\\\/sv\\\/#organization\"},\"potentialAction\":[{\"@type\":\"SearchAction\",\"target\":{\"@type\":\"EntryPoint\",\"urlTemplate\":\"https:\\\/\\\/iwell-guard.com\\\/sv\\\/?s={search_term_string}\"},\"query-input\":{\"@type\":\"PropertyValueSpecification\",\"valueRequired\":true,\"valueName\":\"search_term_string\"}}],\"inLanguage\":\"sv-SE\"},{\"@type\":\"Organization\",\"@id\":\"https:\\\/\\\/iwell-guard.com\\\/sv\\\/#organization\",\"name\":\"Ittermann electronic GmbH\",\"url\":\"https:\\\/\\\/iwell-guard.com\\\/sv\\\/\",\"logo\":{\"@type\":\"ImageObject\",\"inLanguage\":\"sv-SE\",\"@id\":\"https:\\\/\\\/iwell-guard.com\\\/sv\\\/#\\\/schema\\\/logo\\\/image\\\/\",\"url\":\"https:\\\/\\\/iwell-guard.com\\\/wp-content\\\/uploads\\\/2026\\\/05\\\/Ittermann-Logo-1182x237-1.png\",\"contentUrl\":\"https:\\\/\\\/iwell-guard.com\\\/wp-content\\\/uploads\\\/2026\\\/05\\\/Ittermann-Logo-1182x237-1.png\",\"width\":1182,\"height\":237,\"caption\":\"Ittermann electronic GmbH\"},\"image\":{\"@id\":\"https:\\\/\\\/iwell-guard.com\\\/sv\\\/#\\\/schema\\\/logo\\\/image\\\/\"},\"sameAs\":[\"https:\\\/\\\/pantip.com\\\/profile\\\/9367242\",\"https:\\\/\\\/micro.blog\\\/iwellguard\",\"https:\\\/\\\/www.diggerslist.com\\\/iwellguard\\\/about\",\"https:\\\/\\\/skitterphoto.com\\\/photographers\\\/2870314\\\/iwell-guard\",\"https:\\\/\\\/iwellguard.wordpress.com\\\/2026\\\/06\\\/06\\\/iwell-guard\\\/\",\"https:\\\/\\\/hub.docker.com\\\/u\\\/iwellguard\",\"https:\\\/\\\/www.pinterest.com\\\/iwellguard\\\/\",\"https:\\\/\\\/bit.ly\\\/m\\\/iwellguard\",\"https:\\\/\\\/entre-vos-mains.alsace.eu\\\/profiles\\\/iwellguard\\\/activity\",\"https:\\\/\\\/gravatar.com\\\/reallybeded8fd34\",\"https:\\\/\\\/naijamatta.com\\\/iwellguard\",\"https:\\\/\\\/www.goodreads.com\\\/iwellguard\",\"https:\\\/\\\/profile.hatena.ne.jp\\\/iwellguard\\\/\",\"https:\\\/\\\/experiment.com\\\/users\\\/iwellguard\",\"https:\\\/\\\/wakelet.com\\\/@iWellGuard82270\",\"https:\\\/\\\/www.chordie.com\\\/forum\\\/profile.php?id=2555664\",\"https:\\\/\\\/www.instapaper.com\\\/p\\\/17757966\",\"https:\\\/\\\/www.mapleprimes.com\\\/users\\\/iwellguard\",\"https:\\\/\\\/businesslistingplus.com\\\/profile\\\/iwell-guard\\\/\",\"https:\\\/\\\/telegra.ph\\\/iWell-Guard-06-06\",\"https:\\\/\\\/pbase.com\\\/iwellguard\\\/iwellguard\",\"https:\\\/\\\/b.hatena.ne.jp\\\/iwellguard\\\/20260607#bookmark-4788405196491818882\",\"https:\\\/\\\/fliphtml5.com\\\/home\\\/iwellguard\",\"https:\\\/\\\/anyflip.com\\\/homepage\\\/cmiwl#About\",\"https:\\\/\\\/transfur.com\\\/Users\\\/iwellguard\",\"http:\\\/\\\/delphi.larsbo.org\\\/user\\\/iwellguard\",\"https:\\\/\\\/jobs.lajobsportal.org\\\/profiles\\\/8380803-iwell-guard\",\"https:\\\/\\\/md.chaosdorf.de\\\/s\\\/jfbe5SBdJD\",\"https:\\\/\\\/www.lingvolive.com\\\/en-us\\\/profile\\\/9ecaeaca-ce11-4e51-9e71-01d55e2bff36\\\/translations\",\"https:\\\/\\\/www.fitday.com\\\/fitness\\\/forums\\\/members\\\/iwellguard.html\",\"https:\\\/\\\/www.mymeetbook.com\\\/iwellguard\",\"https:\\\/\\\/pxhere.com\\\/en\\\/photographer-me\\\/5040798\",\"https:\\\/\\\/disqus.com\\\/by\\\/iwellguard\\\/about\\\/\",\"https:\\\/\\\/pastelink.net\\\/hjwciqwq\",\"https:\\\/\\\/pubhtml5.com\\\/homepage\\\/scjhn\\\/\",\"https:\\\/\\\/www.bitchute.com\\\/channel\\\/2O2eOKzNqujT\",\"https:\\\/\\\/audiomack.com\\\/iwellguard\"]},{\"@type\":\"Article\",\"@id\":\"https:\\\/\\\/iwell-guard.com\\\/sv\\\/apu-ausangate-bergsgudom-anderna\\\/#article\",\"isPartOf\":{\"@id\":\"https:\\\/\\\/iwell-guard.com\\\/sv\\\/apu-ausangate-bergsgudom-anderna\\\/\"},\"author\":{\"name\":\"Ralf Ittermann\",\"@id\":\"https:\\\/\\\/iwell-guard.com\\\/sv\\\/#\\\/schema\\\/person\\\/ee2a27f1cac3406c7c6fb5820cb7349f\"},\"headline\":\"Apu Ausangate \u2013 bergsgudom i Anderna\",\"datePublished\":\"2026-09-03T00:10:25+00:00\",\"dateModified\":\"2026-09-03T01:13:04+00:00\",\"mainEntityOfPage\":{\"@id\":\"https:\\\/\\\/iwell-guard.com\\\/sv\\\/apu-ausangate-bergsgudom-anderna\\\/\"},\"publisher\":{\"@id\":\"https:\\\/\\\/iwell-guard.com\\\/sv\\\/#organization\"},\"image\":{\"@id\":\"https:\\\/\\\/iwell-guard.com\\\/sv\\\/apu-ausangate-bergsgudom-anderna\\\/#primaryimage\"},\"thumbnailUrl\":\"https:\\\/\\\/iwell-guard.com\\\/wp-content\\\/uploads\\\/2026\\\/05\\\/geister_anden-inka_apu-ausangate.webp\",\"inLanguage\":\"sv-SE\",\"description\":\"Apu Ausangate \u00e4r den h\u00f6gsta bergsgudomen i de sydperuanska Anderna, en central referenspunkt f\u00f6r h\u00f6glandsb\u00f6nderna och f\u00f6r Qoyllur Riti-pilgrimsf\u00e4rden.\"}]}<\/script>\n<!-- \/ Yoast SEO Premium plugin. -->","yoast_head_json":{"title":"Apu Ausangate \u2013 bergsgudom i Anderna","description":"Apu Ausangate \u00e4r den h\u00f6gsta bergsgudomen i de sydperuanska Anderna, en central referenspunkt f\u00f6r h\u00f6glandsb\u00f6nderna och f\u00f6r Qoyllur Riti-pilgrimsf\u00e4rden.","robots":{"index":"index","follow":"follow","max-snippet":"max-snippet:-1","max-image-preview":"max-image-preview:large","max-video-preview":"max-video-preview:-1"},"canonical":"https:\/\/iwell-guard.com\/sv\/apu-ausangate-bergsgudom-anderna\/","og_locale":"sv_SE","og_type":"article","og_title":"Apu Ausangate \u2013 bergsgudom i Anderna","og_description":"Apu Ausangate \u00e4r den h\u00f6gsta bergsgudomen i de sydperuanska Anderna, en central referenspunkt f\u00f6r h\u00f6glandsb\u00f6nderna och f\u00f6r Qoyllur Riti-pilgrimsf\u00e4rden.","og_url":"https:\/\/iwell-guard.com\/sv\/apu-ausangate-bergsgudom-anderna\/","og_site_name":"iWell Guard","article_modified_time":"2026-09-03T01:13:04+00:00","og_image":[{"width":1024,"height":1536,"url":"https:\/\/iwell-guard.com\/wp-content\/uploads\/2026\/05\/geister_anden-inka_apu-ausangate.webp","type":"image\/webp"}],"twitter_card":"summary_large_image","schema":{"@context":"https:\/\/schema.org","@graph":[{"@type":"Article","@id":"https:\/\/iwell-guard.com\/sv\/apu-ausangate-bergsgudom-anderna\/#article","isPartOf":{"@id":"https:\/\/iwell-guard.com\/sv\/apu-ausangate-bergsgudom-anderna\/"},"author":{"name":"Ralf Ittermann","@id":"https:\/\/iwell-guard.com\/sv\/#\/schema\/person\/ee2a27f1cac3406c7c6fb5820cb7349f"},"headline":"Apu Ausangate \u2013 bergsgudom i Anderna","datePublished":"2026-09-03T00:10:25+00:00","dateModified":"2026-09-03T01:13:04+00:00","mainEntityOfPage":{"@id":"https:\/\/iwell-guard.com\/sv\/apu-ausangate-bergsgudom-anderna\/"},"publisher":{"@id":"https:\/\/iwell-guard.com\/sv\/#organization"},"image":{"@id":"https:\/\/iwell-guard.com\/sv\/apu-ausangate-bergsgudom-anderna\/#primaryimage"},"thumbnailUrl":"https:\/\/iwell-guard.com\/wp-content\/uploads\/2026\/05\/geister_anden-inka_apu-ausangate.webp","inLanguage":"sv-SE","description":"Apu Ausangate \u00e4r den h\u00f6gsta bergsgudomen i de sydperuanska Anderna, en central referenspunkt f\u00f6r h\u00f6glandsb\u00f6nderna och f\u00f6r Qoyllur Riti-pilgrimsf\u00e4rden."},{"@type":"WebPage","@id":"https:\/\/iwell-guard.com\/sv\/apu-ausangate-bergsgudom-anderna\/","url":"https:\/\/iwell-guard.com\/sv\/apu-ausangate-bergsgudom-anderna\/","name":"Apu Ausangate \u2013 bergsgudom i Anderna","isPartOf":{"@id":"https:\/\/iwell-guard.com\/sv\/#website"},"primaryImageOfPage":{"@id":"https:\/\/iwell-guard.com\/sv\/apu-ausangate-bergsgudom-anderna\/#primaryimage"},"image":{"@id":"https:\/\/iwell-guard.com\/sv\/apu-ausangate-bergsgudom-anderna\/#primaryimage"},"thumbnailUrl":"https:\/\/iwell-guard.com\/wp-content\/uploads\/2026\/05\/geister_anden-inka_apu-ausangate.webp","datePublished":"2026-09-03T00:10:25+00:00","dateModified":"2026-09-03T01:13:04+00:00","description":"Apu Ausangate \u00e4r den h\u00f6gsta bergsgudomen i de sydperuanska Anderna, en central referenspunkt f\u00f6r h\u00f6glandsb\u00f6nderna och f\u00f6r Qoyllur Riti-pilgrimsf\u00e4rden.","breadcrumb":{"@id":"https:\/\/iwell-guard.com\/sv\/apu-ausangate-bergsgudom-anderna\/#breadcrumb"},"inLanguage":"sv-SE","potentialAction":[{"@type":"ReadAction","target":["https:\/\/iwell-guard.com\/sv\/apu-ausangate-bergsgudom-anderna\/"]}]},{"@type":"ImageObject","inLanguage":"sv-SE","@id":"https:\/\/iwell-guard.com\/sv\/apu-ausangate-bergsgudom-anderna\/#primaryimage","url":"https:\/\/iwell-guard.com\/wp-content\/uploads\/2026\/05\/geister_anden-inka_apu-ausangate.webp","contentUrl":"https:\/\/iwell-guard.com\/wp-content\/uploads\/2026\/05\/geister_anden-inka_apu-ausangate.webp","width":1024,"height":1536,"caption":"Andar fr\u00e5n anden-inka-traditionen."},{"@type":"BreadcrumbList","@id":"https:\/\/iwell-guard.com\/sv\/apu-ausangate-bergsgudom-anderna\/#breadcrumb","itemListElement":[{"@type":"ListItem","position":1,"name":"Start","item":"https:\/\/iwell-guard.com\/sv\/?page_id=136483"},{"@type":"ListItem","position":2,"name":"Apu Ausangate \u2013 bergsgudom i Anderna"}]},{"@type":"WebSite","@id":"https:\/\/iwell-guard.com\/sv\/#website","url":"https:\/\/iwell-guard.com\/sv\/","name":"iWell Guard","description":"Schutz vor dunklen Einfl\u00fcssen","publisher":{"@id":"https:\/\/iwell-guard.com\/sv\/#organization"},"potentialAction":[{"@type":"SearchAction","target":{"@type":"EntryPoint","urlTemplate":"https:\/\/iwell-guard.com\/sv\/?s={search_term_string}"},"query-input":{"@type":"PropertyValueSpecification","valueRequired":true,"valueName":"search_term_string"}}],"inLanguage":"sv-SE"},{"@type":"Organization","@id":"https:\/\/iwell-guard.com\/sv\/#organization","name":"Ittermann electronic GmbH","url":"https:\/\/iwell-guard.com\/sv\/","logo":{"@type":"ImageObject","inLanguage":"sv-SE","@id":"https:\/\/iwell-guard.com\/sv\/#\/schema\/logo\/image\/","url":"https:\/\/iwell-guard.com\/wp-content\/uploads\/2026\/05\/Ittermann-Logo-1182x237-1.png","contentUrl":"https:\/\/iwell-guard.com\/wp-content\/uploads\/2026\/05\/Ittermann-Logo-1182x237-1.png","width":1182,"height":237,"caption":"Ittermann electronic GmbH"},"image":{"@id":"https:\/\/iwell-guard.com\/sv\/#\/schema\/logo\/image\/"},"sameAs":["https:\/\/pantip.com\/profile\/9367242","https:\/\/micro.blog\/iwellguard","https:\/\/www.diggerslist.com\/iwellguard\/about","https:\/\/skitterphoto.com\/photographers\/2870314\/iwell-guard","https:\/\/iwellguard.wordpress.com\/2026\/06\/06\/iwell-guard\/","https:\/\/hub.docker.com\/u\/iwellguard","https:\/\/www.pinterest.com\/iwellguard\/","https:\/\/bit.ly\/m\/iwellguard","https:\/\/entre-vos-mains.alsace.eu\/profiles\/iwellguard\/activity","https:\/\/gravatar.com\/reallybeded8fd34","https:\/\/naijamatta.com\/iwellguard","https:\/\/www.goodreads.com\/iwellguard","https:\/\/profile.hatena.ne.jp\/iwellguard\/","https:\/\/experiment.com\/users\/iwellguard","https:\/\/wakelet.com\/@iWellGuard82270","https:\/\/www.chordie.com\/forum\/profile.php?id=2555664","https:\/\/www.instapaper.com\/p\/17757966","https:\/\/www.mapleprimes.com\/users\/iwellguard","https:\/\/businesslistingplus.com\/profile\/iwell-guard\/","https:\/\/telegra.ph\/iWell-Guard-06-06","https:\/\/pbase.com\/iwellguard\/iwellguard","https:\/\/b.hatena.ne.jp\/iwellguard\/20260607#bookmark-4788405196491818882","https:\/\/fliphtml5.com\/home\/iwellguard","https:\/\/anyflip.com\/homepage\/cmiwl#About","https:\/\/transfur.com\/Users\/iwellguard","http:\/\/delphi.larsbo.org\/user\/iwellguard","https:\/\/jobs.lajobsportal.org\/profiles\/8380803-iwell-guard","https:\/\/md.chaosdorf.de\/s\/jfbe5SBdJD","https:\/\/www.lingvolive.com\/en-us\/profile\/9ecaeaca-ce11-4e51-9e71-01d55e2bff36\/translations","https:\/\/www.fitday.com\/fitness\/forums\/members\/iwellguard.html","https:\/\/www.mymeetbook.com\/iwellguard","https:\/\/pxhere.com\/en\/photographer-me\/5040798","https:\/\/disqus.com\/by\/iwellguard\/about\/","https:\/\/pastelink.net\/hjwciqwq","https:\/\/pubhtml5.com\/homepage\/scjhn\/","https:\/\/www.bitchute.com\/channel\/2O2eOKzNqujT","https:\/\/audiomack.com\/iwellguard"]},{"@type":"Person","@id":"https:\/\/iwell-guard.com\/sv\/#\/schema\/person\/ee2a27f1cac3406c7c6fb5820cb7349f","name":"Ralf Ittermann","image":{"@type":"ImageObject","inLanguage":"sv-SE","@id":"https:\/\/secure.gravatar.com\/avatar\/073c0153e350a5005b68eb752b445fea71f6b24a26da9449ad7e155e6b446c9d?s=96&d=mm&r=g","url":"https:\/\/secure.gravatar.com\/avatar\/073c0153e350a5005b68eb752b445fea71f6b24a26da9449ad7e155e6b446c9d?s=96&d=mm&r=g","contentUrl":"https:\/\/secure.gravatar.com\/avatar\/073c0153e350a5005b68eb752b445fea71f6b24a26da9449ad7e155e6b446c9d?s=96&d=mm&r=g","caption":"Ralf Ittermann"},"givenName":"Ralf","familyName":"Ittermann","jobTitle":"Gesch\u00e4ftsf\u00fchrer und redaktioneller Verantwortlicher","url":"https:\/\/iwell-guard.com\/sv\/author\/claude\/","description":"Ralf Ittermann ist Gesch\u00e4ftsf\u00fchrer der Ittermann electronic GmbH und redaktioneller Verantwortlicher des iWell-Guard-Lexikons. Er verbindet langj\u00e4hrige Erfahrung in der Pr\u00e4zisionsfertigung mit medialer Praxis und religionsgeschichtlicher Quellenarbeit.","worksFor":{"@type":"Organization","name":"Ittermann electronic GmbH","url":"https:\/\/ittermann.de\/","address":{"@type":"PostalAddress","streetAddress":"K\u00f6hlergasse 16-18","postalCode":"99842","addressLocality":"Ruhla","addressCountry":"DE"}},"knowsAbout":["Religionsgeschichte","Mythologie","Mediale Praxis","Energetische Diagnostik","Schutzpraxis","Volksglauben","Westliche Esoterik"]},{"@type":"Article","@id":"https:\/\/iwell-guard.com\/sv\/apu-ausangate-bergsgudom-anderna\/#article","isPartOf":{"@id":"https:\/\/iwell-guard.com\/sv\/apu-ausangate-bergsgudom-anderna\/"},"author":{"name":"Ralf Ittermann","@id":"https:\/\/iwell-guard.com\/sv\/#\/schema\/person\/ee2a27f1cac3406c7c6fb5820cb7349f"},"headline":"Apu Ausangate \u2013 bergsgudom i Anderna","datePublished":"2026-09-03T00:10:25+00:00","dateModified":"2026-09-03T01:13:04+00:00","mainEntityOfPage":{"@id":"https:\/\/iwell-guard.com\/sv\/apu-ausangate-bergsgudom-anderna\/"},"publisher":{"@id":"https:\/\/iwell-guard.com\/sv\/#organization"},"image":{"@id":"https:\/\/iwell-guard.com\/sv\/apu-ausangate-bergsgudom-anderna\/#primaryimage"},"thumbnailUrl":"https:\/\/iwell-guard.com\/wp-content\/uploads\/2026\/05\/geister_anden-inka_apu-ausangate.webp","inLanguage":"sv-SE","description":"Apu Ausangate \u00e4r den h\u00f6gsta bergsgudomen i de sydperuanska Anderna, en central referenspunkt f\u00f6r h\u00f6glandsb\u00f6nderna och f\u00f6r Qoyllur Riti-pilgrimsf\u00e4rden."}]}},"_links":{"self":[{"href":"https:\/\/iwell-guard.com\/sv\/wp-json\/wp\/v2\/pages\/136830","targetHints":{"allow":["GET"]}}],"collection":[{"href":"https:\/\/iwell-guard.com\/sv\/wp-json\/wp\/v2\/pages"}],"about":[{"href":"https:\/\/iwell-guard.com\/sv\/wp-json\/wp\/v2\/types\/page"}],"author":[{"embeddable":true,"href":"https:\/\/iwell-guard.com\/sv\/wp-json\/wp\/v2\/users\/3"}],"replies":[{"embeddable":true,"href":"https:\/\/iwell-guard.com\/sv\/wp-json\/wp\/v2\/comments?post=136830"}],"version-history":[{"count":0,"href":"https:\/\/iwell-guard.com\/sv\/wp-json\/wp\/v2\/pages\/136830\/revisions"}],"wp:featuredmedia":[{"embeddable":true,"href":"https:\/\/iwell-guard.com\/sv\/wp-json\/wp\/v2\/media\/2674"}],"wp:attachment":[{"href":"https:\/\/iwell-guard.com\/sv\/wp-json\/wp\/v2\/media?parent=136830"}],"wp:term":[{"taxonomy":"category","embeddable":true,"href":"https:\/\/iwell-guard.com\/sv\/wp-json\/wp\/v2\/categories?post=136830"}],"curies":[{"name":"wp","href":"https:\/\/api.w.org\/{rel}","templated":true}]}}