{"id":136827,"date":"2026-09-03T00:10:24","date_gmt":"2026-09-03T00:10:24","guid":{"rendered":"https:\/\/iwell-guard.com\/?page_id=136827"},"modified":"2026-09-03T01:13:00","modified_gmt":"2026-09-03T01:13:00","slug":"illapa-aska-vadergud-inka","status":"publish","type":"page","link":"https:\/\/iwell-guard.com\/sv\/illapa-aska-vadergud-inka\/","title":{"rendered":"Illapa \u2013 inkafolkets \u00e5sk- och v\u00e4dergud"},"content":{"rendered":"\t\t<div data-elementor-type=\"wp-page\" data-elementor-id=\"136827\" class=\"elementor elementor-136827 elementor-2579 elementor-bc-flex-widget\" data-elementor-post-type=\"page\">\n\t\t\t\t<div class=\"elementor-element elementor-element-iwgw-illapa-hero e-flex e-con-boxed e-con e-parent\" data-id=\"iwgw-illapa-hero\" data-element_type=\"container\" data-e-type=\"container\" data-settings=\"{&quot;background_background&quot;:&quot;classic&quot;}\">\n\t\t\t\t\t<div class=\"e-con-inner\">\n\t\t<div class=\"elementor-element elementor-element-iwgw-illapa-hl e-flex e-con-boxed e-con e-child\" data-id=\"iwgw-illapa-hl\" data-element_type=\"container\" data-e-type=\"container\">\n\t\t\t\t\t<div class=\"e-con-inner\">\n\t\t<div class=\"elementor-element elementor-element-iwgw-illapa-htxt e-con-full e-flex e-con e-child\" data-id=\"iwgw-illapa-htxt\" data-element_type=\"container\" data-e-type=\"container\">\n\t\t\t\t<div class=\"elementor-element elementor-element-iwgw-illapa-h1 elementor-widget elementor-widget-heading\" data-id=\"iwgw-illapa-h1\" data-element_type=\"widget\" data-e-type=\"widget\" data-widget_type=\"heading.default\">\n\t\t\t\t\t<h1 class=\"elementor-heading-title elementor-size-default\">Illapa, det andinska h\u00f6glandets \u00e5sk-, blixt- och regngud<\/h1>\t\t\t\t<\/div>\n\t\t\t\t<div class=\"elementor-element elementor-element-iwgw-illapa-lead elementor-widget elementor-widget-text-editor\" data-id=\"iwgw-illapa-lead\" data-element_type=\"widget\" data-e-type=\"widget\" data-widget_type=\"text-editor.default\">\n\t\t\t\t\t\t\t\t\t<p>Illapa (quechua <em>Illapa<\/em>, \u00e4ven <em>Yllapa<\/em>) \u00e4r inkafolkets \u00e5sk-, blixt- och regngud. F\u00f6r det andinska h\u00f6glandets bondebefolkning var han den viktigaste h\u00f6gguden i vardagen, eftersom hela majs- och potatisodlingen var beroende av hans nederb\u00f6rd.<\/p>\t\t\t\t\t\t\t\t<\/div>\n\t\t\t\t<\/div>\n\t\t<div class=\"elementor-element elementor-element-iwgw-illapa-pillc e-con-full e-flex e-con e-child\" data-id=\"iwgw-illapa-pillc\" data-element_type=\"container\" data-e-type=\"container\">\n\t\t\t\t<div class=\"elementor-element elementor-element-iwgw-illapa-pills elementor-widget elementor-widget-html\" data-id=\"iwgw-illapa-pills\" data-element_type=\"widget\" data-e-type=\"widget\" data-widget_type=\"html.default\">\n\t\t\t\t\t<div class=\"iwg-pill-row\"><span class=\"iwg-klasse-badge\" tabindex=\"0\" data-tooltip=\"Gud i traditionen Anderna \/ Inka.\">Gud<\/span><a href=\"https:\/\/iwell-guard.com\/sv\/andeska-kulturer-inka-inti-pachamama-viracocha\/\" class=\"iwg-kultur-badge\" tabindex=\"0\" data-tooltip=\"Mytologi i traditionen Anderna \/ Inka.\">Anderna \/ Inka<\/a><span class=\"iwg-tradition-badge\" tabindex=\"0\" data-tooltip=\"\u00c5sk- och v\u00e4derguddom.\">\u00c5sk- och v\u00e4derguddom<\/span><\/div>\t\t\t\t<\/div>\n\t\t\t\t<\/div>\n\t\t<div class=\"elementor-element elementor-element-iwgw-illapa-tocc e-con-full e-flex e-con e-child\" data-id=\"iwgw-illapa-tocc\" data-element_type=\"container\" data-e-type=\"container\">\n\t\t\t\t<div class=\"elementor-element elementor-element-iwgw-illapa-toc elementor-toc--minimized-on-tablet elementor-widget elementor-widget-table-of-contents\" data-id=\"iwgw-illapa-toc\" data-element_type=\"widget\" data-e-type=\"widget\" data-settings=\"{&quot;headings_by_tags&quot;:[&quot;h2&quot;,&quot;h3&quot;],&quot;minimize_box&quot;:&quot;yes&quot;,&quot;marker_view&quot;:&quot;bullets&quot;,&quot;no_headings_message&quot;:&quot;Inga rubriker hittades p\\u00e5 den h\\u00e4r sidan.&quot;,&quot;exclude_headings_by_selector&quot;:[],&quot;icon&quot;:{&quot;value&quot;:&quot;fas fa-circle&quot;,&quot;library&quot;:&quot;fa-solid&quot;,&quot;rendered_tag&quot;:&quot;&lt;svg class=\\&quot;e-font-icon-svg e-fas-circle\\&quot; viewBox=\\&quot;0 0 512 512\\&quot; xmlns=\\&quot;http:\\\/\\\/www.w3.org\\\/2000\\\/svg\\&quot;&gt;&lt;path d=\\&quot;M256 8C119 8 8 119 8 256s111 248 248 248 248-111 248-248S393 8 256 8z\\&quot;&gt;&lt;\\\/path&gt;&lt;\\\/svg&gt;&quot;},&quot;minimized_on&quot;:&quot;tablet&quot;,&quot;hierarchical_view&quot;:&quot;yes&quot;,&quot;min_height&quot;:{&quot;unit&quot;:&quot;px&quot;,&quot;size&quot;:&quot;&quot;,&quot;sizes&quot;:[]},&quot;min_height_tablet&quot;:{&quot;unit&quot;:&quot;px&quot;,&quot;size&quot;:&quot;&quot;,&quot;sizes&quot;:[]},&quot;min_height_mobile&quot;:{&quot;unit&quot;:&quot;px&quot;,&quot;size&quot;:&quot;&quot;,&quot;sizes&quot;:[]}}\" data-widget_type=\"table-of-contents.default\">\n\t\t\t\t\t\t\t\t\t<div class=\"elementor-toc__header\">\n\t\t\t\t\t\t<h2 class=\"elementor-toc__header-title\">\n\t\t\t\tInneh\u00e5llsf\u00f6rteckning\t\t\t<\/h2>\n\t\t\t\t\t\t\t\t\t\t<div class=\"elementor-toc__toggle-button elementor-toc__toggle-button--expand\" role=\"button\" tabindex=\"0\" aria-controls=\"elementor-toc__iwgw-illapa-toc\" aria-expanded=\"true\" aria-label=\"Inhaltsverzeichnis \u00f6ffnen\"><svg aria-hidden=\"true\" class=\"e-font-icon-svg e-fas-chevron-down\" viewBox=\"0 0 448 512\" xmlns=\"http:\/\/www.w3.org\/2000\/svg\"><path d=\"M207.029 381.476L12.686 187.132c-9.373-9.373-9.373-24.569 0-33.941l22.667-22.667c9.357-9.357 24.522-9.375 33.901-.04L224 284.505l154.745-154.021c9.379-9.335 24.544-9.317 33.901.04l22.667 22.667c9.373 9.373 9.373 24.569 0 33.941L240.971 381.476c-9.373 9.372-24.569 9.372-33.942 0z\"><\/path><\/svg><\/div>\n\t\t\t\t<div class=\"elementor-toc__toggle-button elementor-toc__toggle-button--collapse\" role=\"button\" tabindex=\"0\" aria-controls=\"elementor-toc__iwgw-illapa-toc\" aria-expanded=\"true\" aria-label=\"Inhaltsverzeichnis schlie\u00dfen\"><svg aria-hidden=\"true\" class=\"e-font-icon-svg e-fas-chevron-up\" viewBox=\"0 0 448 512\" xmlns=\"http:\/\/www.w3.org\/2000\/svg\"><path d=\"M240.971 130.524l194.343 194.343c9.373 9.373 9.373 24.569 0 33.941l-22.667 22.667c-9.357 9.357-24.522 9.375-33.901.04L224 227.495 69.255 381.516c-9.379 9.335-24.544 9.317-33.901-.04l-22.667-22.667c-9.373-9.373-9.373-24.569 0-33.941L207.03 130.525c9.372-9.373 24.568-9.373 33.941-.001z\"><\/path><\/svg><\/div>\n\t\t\t\t\t<\/div>\n\t\t\t\t<div id=\"elementor-toc__iwgw-illapa-toc\" class=\"elementor-toc__body\">\n\t\t\t<div class=\"elementor-toc__spinner-container\">\n\t\t\t\t<svg class=\"elementor-toc__spinner eicon-animation-spin e-font-icon-svg e-eicon-loading\" aria-hidden=\"true\" viewBox=\"0 0 1000 1000\" xmlns=\"http:\/\/www.w3.org\/2000\/svg\"><path d=\"M500 975V858C696 858 858 696 858 500S696 142 500 142 142 304 142 500H25C25 237 238 25 500 25S975 237 975 500 763 975 500 975Z\"><\/path><\/svg>\t\t\t<\/div>\n\t\t<\/div>\n\t\t\t\t\t\t<\/div>\n\t\t\t\t<\/div>\n\t\t\t\t\t<\/div>\n\t\t\t\t<\/div>\n\t\t<div class=\"elementor-element elementor-element-iwgw-illapa-hr e-con-full e-flex e-con e-child\" data-id=\"iwgw-illapa-hr\" data-element_type=\"container\" data-e-type=\"container\">\n\t\t\t\t<div class=\"elementor-element elementor-element-iwgw-illapa-heroimg iwg-hero-image elementor-widget elementor-widget-image\" data-id=\"iwgw-illapa-heroimg\" data-element_type=\"widget\" data-e-type=\"widget\" data-widget_type=\"image.default\">\n\t\t\t\t\t\t\t\t\t\t\t\t\t\t\t<img fetchpriority=\"high\" decoding=\"async\" width=\"683\" height=\"1024\" src=\"https:\/\/iwell-guard.com\/wp-content\/uploads\/2026\/05\/goetter_anden-inka_illapa-683x1024.webp\" class=\"attachment-large size-large wp-image-2677\" alt=\"Illapa - G\u00f6tter aus der Anden-inka-Tradition, historisch-illustrativ\" srcset=\"https:\/\/iwell-guard.com\/wp-content\/uploads\/2026\/05\/goetter_anden-inka_illapa-683x1024.webp 683w, https:\/\/iwell-guard.com\/wp-content\/uploads\/2026\/05\/goetter_anden-inka_illapa-200x300.webp 200w, https:\/\/iwell-guard.com\/wp-content\/uploads\/2026\/05\/goetter_anden-inka_illapa-768x1152.webp 768w, https:\/\/iwell-guard.com\/wp-content\/uploads\/2026\/05\/goetter_anden-inka_illapa.webp 1024w\" sizes=\"(max-width: 683px) 100vw, 683px\" \/>\t\t\t\t\t\t\t\t\t\t\t\t\t\t\t<\/div>\n\t\t\t\t<\/div>\n\t\t\t\t\t<\/div>\n\t\t\t\t<\/div>\n\t\t\t\t<section class=\"elementor-section elementor-top-section elementor-element elementor-element-sec-iwgcomp-illapa elementor-section-boxed elementor-section-height-default elementor-section-height-default\" data-id=\"sec-iwgcomp-illapa\" data-element_type=\"section\" data-e-type=\"section\">\n\t\t\t\t\t\t<div class=\"elementor-container elementor-column-gap-default\">\n\t\t\t\t\t<div class=\"elementor-column elementor-col-100 elementor-top-column elementor-element elementor-element-col-iwgcomp-illapa\" data-id=\"col-iwgcomp-illapa\" data-element_type=\"column\" data-e-type=\"column\">\n\t\t\t<div class=\"elementor-widget-wrap elementor-element-populated\">\n\t\t\t\t\t\t<div class=\"elementor-element elementor-element-iwgcomp-illapa elementor-widget elementor-widget-text-editor\" data-id=\"iwgcomp-illapa\" data-element_type=\"widget\" data-e-type=\"widget\" data-widget_type=\"text-editor.default\">\n\t\t\t\t\t\t\t\t\t<p>Illapa, <strong>inkafolkets \u00e5skgud<\/strong>, \u00e4r en central gestalt i v\u00e4derkulten i det prekolumbianska Andesomr\u00e5det.<\/p>\t\t\t\t\t\t\t\t<\/div>\n\t\t\t\t\t<\/div>\n\t\t<\/div>\n\t\t\t\t\t<\/div>\n\t\t<\/section>\n\t\t<div class=\"elementor-element elementor-element-iwgw-illapa-s0 e-flex e-con-boxed e-con e-parent\" data-id=\"iwgw-illapa-s0\" data-element_type=\"container\" data-e-type=\"container\">\n\t\t\t\t\t<div class=\"e-con-inner\">\n\t\t\t\t<div class=\"elementor-element elementor-element-iwgw-illapa-s0h elementor-widget elementor-widget-heading\" data-id=\"iwgw-illapa-s0h\" data-element_type=\"widget\" data-e-type=\"widget\" data-widget_type=\"heading.default\">\n\t\t\t\t\t<h2 class=\"elementor-heading-title elementor-size-default\">Placering i det andinska pantheon<\/h2>\t\t\t\t<\/div>\n\t\t<div class=\"elementor-element elementor-element-iwgw-illapa-s0c e-con-full e-flex e-con e-child\" data-id=\"iwgw-illapa-s0c\" data-element_type=\"container\" data-e-type=\"container\">\n\t\t\t\t<div class=\"elementor-element elementor-element-iwgw-illapa-s0t elementor-widget elementor-widget-text-editor\" data-id=\"iwgw-illapa-s0t\" data-element_type=\"widget\" data-e-type=\"widget\" data-widget_type=\"text-editor.default\">\n\t\t\t\t\t\t\t\t\t<p>Illapa tillh\u00f6r tillsammans med <a href=\"https:\/\/iwell-guard.com\/sv\/inti-inkas-solgud\/\">Inti<\/a>, <a href=\"https:\/\/iwell-guard.com\/sv\/viracocha-skapargud-anderna\/\">Viracocha<\/a> och <a href=\"https:\/\/iwell-guard.com\/sv\/mama-killa-manguda-inka\/\">Mama Killa<\/a> de fyra h\u00f6gsta gudarna i inkatidens statskult. Han har ett eget tempelomr\u00e5de i Coricancha i Cusco, och hans insignier, \u00e5skkilar och slungor, f\u00f6rvarades i den f\u00f6rspanska samlingen av mallqui-mumier.<\/p><p>Religionsvetenskapligt tillh\u00f6r han de allm\u00e4nt f\u00f6rekommande <em>\u00e5sk- och stormgudarna<\/em>, som finns p\u00e5 framtr\u00e4dande plats i n\u00e4stan varje agrar h\u00f6gkultur.<\/p><p>Till skillnad fr\u00e5n den statligt-imperiala Inti-<span class=\"iwg-fachbegriff\" data-tooltip=\"Helheten av religi\u00f6sa v\u00f6rdnadshandlingar f\u00f6r en gud eller helig gestalt.\" tabindex=\"0\">kulten<\/span> \u00e4r dyrkan av Illapa fortfarande levande i dagens quechua- och aymaraspr\u00e5kiga byar. De lantliga sedv\u00e4njorna kring blixt, \u00e5ska och regn \u00e4r en viktig del av den p\u00e5g\u00e5ende religi\u00f6sa praktiken i det andinska h\u00f6glandet.<\/p><p>Catherine Allen, Joseph Bastien och Frank Salomon har i sina etnografiska arbeten upprepade g\u00e5nger p\u00e5pekat att Illapa ofta \u00e4r mer n\u00e4rvarande f\u00f6r bonden \u00e4n Intis h\u00f6gre solteologi.<\/p><p>Illapa beskrivs i vissa k\u00e4llor som en triadisk gestalt, en trefaldighet av <em>Chuqui Illapa<\/em> (broder Illapa), <em>Catu Illapa<\/em> (broder Catu) och en tredje aspekt som varierar beroende p\u00e5 kr\u00f6nikeskrivare.<\/p><p>Denna trefaldighet p\u00e5minde de spanska mission\u00e4rerna om treenigheten och gynnade i den tidigare <span class=\"iwg-fachbegriff\" data-tooltip=\"Vetenskapen som j\u00e4mf\u00f6rande och utan trosbindning utforskar religioner.\" tabindex=\"0\">religionsvetenskapen<\/span> tesen om en f\u00f6rkristen aning om treenigheten. Pierre Duviols har kritiserat denna tolkning och pekat p\u00e5 den genuint andinska m\u00e5ngskiktade gestaltningen av kosmiska v\u00e4sen.<\/p><p>Ur ett arkeologiskt-ikonografiskt perspektiv str\u00e4cker sig dyrkan av en \u00e5sk-<span class=\"iwg-fachbegriff\" data-tooltip=\"Ett v\u00e4sen som dyrkas som gudomligt inom en religion.\" tabindex=\"0\">gud<\/span> i Anderna l\u00e5ngt bortom inkatiden. Wari-keramik visar krigare som b\u00e4r \u00e5skkilar, och Chimu-kulturen i norra Peru k\u00e4nde till en j\u00e4mf\u00f6rbar \u00e5skgud vid namn <em>Ni<\/em>, som dock hade en starkare maritim koppling.<\/p><p>Denna f\u00f6rhistoria visar att den inkastatliga Illapa-<span class=\"iwg-fachbegriff\" data-tooltip=\"Den vetenskapliga l\u00e4ran om Gud och om tron inom en religion.\" tabindex=\"0\">teologin<\/span> inte uppstod ur tomma luften, utan byggde p\u00e5 en l\u00e5ng andinsk storm- och \u00e5sktradition.<\/p>\t\t\t\t\t\t\t\t<\/div>\n\t\t\t\t<\/div>\n\t\t\t\t\t<\/div>\n\t\t\t\t<\/div>\n\t\t<div class=\"elementor-element elementor-element-iwgw-illapa-s1 e-flex e-con-boxed e-con e-parent\" data-id=\"iwgw-illapa-s1\" data-element_type=\"container\" data-e-type=\"container\">\n\t\t\t\t\t<div class=\"e-con-inner\">\n\t\t\t\t<div class=\"elementor-element elementor-element-iwgw-illapa-s1h elementor-widget elementor-widget-heading\" data-id=\"iwgw-illapa-s1h\" data-element_type=\"widget\" data-e-type=\"widget\" data-widget_type=\"heading.default\">\n\t\t\t\t\t<h2 class=\"elementor-heading-title elementor-size-default\">Namn och etymologi<\/h2>\t\t\t\t<\/div>\n\t\t<div class=\"elementor-element elementor-element-iwgw-illapa-s1c e-con-full e-flex e-con e-child\" data-id=\"iwgw-illapa-s1c\" data-element_type=\"container\" data-e-type=\"container\">\n\t\t\t\t<div class=\"elementor-element elementor-element-iwgw-illapa-s1t elementor-widget elementor-widget-text-editor\" data-id=\"iwgw-illapa-s1t\" data-element_type=\"widget\" data-e-type=\"widget\" data-widget_type=\"text-editor.default\">\n\t\t\t\t\t\t\t\t\t<p><span data-nosnippet>Namnet <em>Illapa<\/em> \u00e4r semantiskt m\u00e5ngtydigt p\u00e5 quechua. Diego Gonzalez Holguin anger i sin <em>Vocabulario<\/em> (1608) f\u00f6ljande betydelser: <em>el rayo<\/em> (blixten), <em>el trueno<\/em> (\u00e5skan), <em>el relampago<\/em> (kornblixten). Ordet betecknar d\u00e4rmed alla tre v\u00e4drets fenomen som aspekter av en och samma <span class=\"iwg-fachbegriff\" data-tooltip=\"En varelse som dyrkas som gudomlig inom en religion.\" tabindex=\"0\">gudom<\/span>.<\/span><\/p><p>Anm\u00e4rkningsv\u00e4rt \u00e4r den n\u00e4ra f\u00f6rbindelsen till quechua-begreppet <em>illa<\/em>, som betecknar en sorts ljushaltig numinositet (se \u00e4ven <em>Illatiqsi Wiraqucha<\/em> som Viracochas binamn). Stambetydelsen av <em>illa<\/em> syftar p\u00e5 en ljus glans som signalerar numin\u00f6s n\u00e4rvaro. Illapa skulle s\u00e5ledes vara det numin\u00f6sa, ljushaltiga uppblixtrandet p\u00e5 himlen.<\/p><p>I Aymara-omr\u00e5det heter motsvarande gud <em>Tunupa<\/em> eller <em>Illapa<\/em>, varvid de regionala uttrycksformerna varierar. De koloniala k\u00e4llorna skiljer ibland mellan <em>Illapa<\/em> (v\u00e4deraspekten) och <em>Catu Illapa<\/em> (hagelaspekten). Illapas senare st\u00e4llning inom inkariket framg\u00e5r \u00e4ven av inkah\u00e4rskarnas binamn: Inkan Yupanqui Tupac bar binamnet <em>Yupanqui-Illapa<\/em>, vilket uttryckte hans koppling till <span class=\"iwg-fachbegriff\" data-tooltip=\"En varelse som dyrkas som gudomlig inom en religion.\" tabindex=\"0\">gudomens<\/span> \u00e5sk-aspekt.<\/p><p>I de senaste spr\u00e5khistoriska arbetena om quechua-<span class=\"iwg-fachbegriff\" data-tooltip=\"Den vetenskapliga l\u00e4ran om Gud och om en religions tro.\" tabindex=\"0\">teologi<\/span> har etymologin f\u00f6r <em>illa<\/em> som <em>glans, reflex, ljushaltigt sp\u00e5r<\/em> vidareutvecklats.<\/p><p>Cesar Itier har p\u00e5pekat att <em>illa<\/em> i inkatidens terminologi inte bara syftar p\u00e5 kornblixten, utan p\u00e5 en mer grundl\u00e4ggande numin\u00f6s kategori: uppblixtrandet av en gudomlig n\u00e4rvaro i v\u00e4rlden. De sm\u00e5 stenamuletterna <em>illa<\/em> (herdars skyddsfigurer) b\u00e4r samma namn, vilket tydligg\u00f6r det semantiska djupet i Illapas namn.<\/p>\t\t\t\t\t\t\t\t<\/div>\n\t\t\t\t<\/div>\n\t\t\t\t\t<\/div>\n\t\t\t\t<\/div>\n\t\t<div class=\"elementor-element elementor-element-iwgw-illapa-s2 e-flex e-con-boxed e-con e-parent\" data-id=\"iwgw-illapa-s2\" data-element_type=\"container\" data-e-type=\"container\">\n\t\t\t\t\t<div class=\"e-con-inner\">\n\t\t\t\t<div class=\"elementor-element elementor-element-iwgw-illapa-s2h elementor-widget elementor-widget-heading\" data-id=\"iwgw-illapa-s2h\" data-element_type=\"widget\" data-e-type=\"widget\" data-widget_type=\"heading.default\">\n\t\t\t\t\t<h2 class=\"elementor-heading-title elementor-size-default\">Beskrivning och ikonografi<\/h2>\t\t\t\t<\/div>\n\t\t<div class=\"elementor-element elementor-element-iwgw-illapa-s2c e-con-full e-flex e-con e-child\" data-id=\"iwgw-illapa-s2c\" data-element_type=\"container\" data-e-type=\"container\">\n\t\t\t\t<div class=\"elementor-element elementor-element-iwgw-illapa-s2t elementor-widget elementor-widget-text-editor\" data-id=\"iwgw-illapa-s2t\" data-element_type=\"widget\" data-e-type=\"widget\" data-widget_type=\"text-editor.default\">\n\t\t\t\t\t\t\t\t\t<p>Illapa framst\u00e4lls i de koloniala beskrivningarna som en himmelsk krigare som alstrar blixten med en gyllene stenslunga och sl\u00e5r \u00e5skan med en klubba. Ibland b\u00e4r han en mantel av stj\u00e4rnor och en vattenkruka, ur vilken han h\u00e4ller ut regnet. Denna ikonografi har \u00f6verl\u00e4mnats av Cristobal de Molina och Polo de Ondegardo.<\/p><p>P\u00e5 bevarade inkatextilier och i den koloniala Cusquena-m\u00e5lningen framtr\u00e4der Illapa ofta som en krigare med slunga och \u00e5skvigg, ibland ridande p\u00e5 en puma.<\/p><p>Sambandet med pumat \u00e4r topografiskt betingat: i Coricancha fanns stenblocket <em>Puma Punku<\/em> (Puma-porten) som referensplats f\u00f6r Illapa-kulten. Konsthistorikern Teresa Gisbert har i sina verk om den koloniala andinska ikonografin systematiskt beskrivit framst\u00e4llningen av Illapa som krigare.<\/p><p>Under kristnandet likst\u00e4lldes Illapa snart med den helige Jakob (<em>Santiago<\/em>), som i den spanska traditionen framtr\u00e4der som ett ryttarhelgon med blixtsv\u00e4rdet.<\/p><p>Denna synkretism kan observeras \u00e4n i dag i de andinska helgonfesterna: d\u00e4r den ladinska bondefesten <em>Santiago Mataindios<\/em> firas, \u00e4r Illapa n\u00e4rvarande i den inhemska substratf\u00f6rst\u00e5elsen. Traditionen <em>Santiago de Murayoc<\/em> i Jurochiri \u00e4r ett k\u00e4nt exempel.<\/p>\t\t\t\t\t\t\t\t<\/div>\n\t\t\t\t<\/div>\n\t\t\t\t\t<\/div>\n\t\t\t\t<\/div>\n\t\t<div class=\"elementor-element elementor-element-iwgw-illapa-s3 e-flex e-con-boxed e-con e-parent\" data-id=\"iwgw-illapa-s3\" data-element_type=\"container\" data-e-type=\"container\">\n\t\t\t\t\t<div class=\"e-con-inner\">\n\t\t\t\t<div class=\"elementor-element elementor-element-iwgw-illapa-s3h elementor-widget elementor-widget-heading\" data-id=\"iwgw-illapa-s3h\" data-element_type=\"widget\" data-e-type=\"widget\" data-widget_type=\"heading.default\">\n\t\t\t\t\t<h2 class=\"elementor-heading-title elementor-size-default\">Mytologiska ber\u00e4ttelser<\/h2>\t\t\t\t<\/div>\n\t\t<div class=\"elementor-element elementor-element-iwgw-illapa-s3c e-con-full e-flex e-con e-child\" data-id=\"iwgw-illapa-s3c\" data-element_type=\"container\" data-e-type=\"container\">\n\t\t\t\t<div class=\"elementor-element elementor-element-iwgw-illapa-s3t elementor-widget elementor-widget-text-editor\" data-id=\"iwgw-illapa-s3t\" data-element_type=\"widget\" data-e-type=\"widget\" data-widget_type=\"text-editor.default\">\n\t\t\t\t\t\t\t\t\t<p>Den viktigaste ber\u00e4ttelsen om Illapa finns bevarad i Huarochiri-manuskriptet och skildrar hans relation till vattengudinnan (en aspekt av <a href=\"https:\/\/iwell-guard.com\/sv\/mama-cocha-havsgudinna-anderna\/\">Mama Cocha<\/a>). Illapa slungar blixten f\u00f6r att tr\u00e4ffa vattenkruksgudinnan p\u00e5 himlen; ur den krossade krukan forsar sedan regnet ut. Denna regnets \u00e4tiologi \u00e4r ett standardelement inom andinsk <span class=\"iwg-fachbegriff\" data-tooltip=\"Den samlade m\u00e4ngden \u00f6verl\u00e4mnade gudaber\u00e4ttelser inom en kultur.\" tabindex=\"0\">mytologi<\/span>.<\/p><p>En andra ber\u00e4ttelse f\u00f6rbinder Illapa med den himmelska lamastj\u00e4rnan (stj\u00e4rnbilden <em>Yacana<\/em>, som var central inom inkatidens astronomi). N\u00e4r stj\u00e4rnbilden Yacana vid midnatt st\u00e5r l\u00e5gt p\u00e5 sydhimlen dricker den, enligt <span class=\"iwg-fachbegriff\" data-tooltip=\"En \u00f6verl\u00e4mnad ber\u00e4ttelse om gudar, ursprung och v\u00e4rldens ordning.\" tabindex=\"0\">myten<\/span>, upp vattnet ur Vintergatan och minskar det d\u00e4rigenom.<\/p><p>Illapa krossar d\u00e4refter vattenkruksgudinnan f\u00f6r att f\u00f6ra regnet tillbaka till jorden. Gary Urton har systematiskt framst\u00e4llt denna astromytologiska konstruktion i <em>At the Crossroads of the Earth and the Sky<\/em> (1981).<\/p><p>En tredje ber\u00e4ttelse, \u00f6verl\u00e4mnad av Polo de Ondegardo, beskriver hur inkatidens <em>altomisayoq<\/em>-pr\u00e4ster kallades genom ett blixtnedslag. Den som tr\u00e4ffades av ett blixtnedslag och \u00f6verlevde ans\u00e5gs vara kallad av Illapa sj\u00e4lv till pr\u00e4st och fick r\u00e4tten att uttala <span class=\"iwg-fachbegriff\" data-tooltip=\"En plats eller inr\u00e4ttning d\u00e4r ett gudomligt besked inh\u00e4mtas.\" tabindex=\"0\">orakel<\/span> och utf\u00f6ra helanden.<\/p><p>Denna kallelsetradition lever kvar \u00e4n i dag hos de moderna <em>paqo<\/em>-specialisterna i de quechuatalande byarna. Juan Nunez del Prado har beskrivit denna blixtnedslagskallelse i sina etnografiska studier.<\/p><p>En fj\u00e4rde ber\u00e4ttelse f\u00f6rbinder Illapa med inkatidens straffr\u00e4tt: den som med en \u00e5skored (<em>illapamanta<\/em>) lovade att s\u00e4ga sanningen fick inte ljuga, eftersom Illapa sj\u00e4lv skulle straffa en falsk utsaga med blixtnedslag.<\/p><p>Inkajustitien anv\u00e4nde denna gudsed som ett instrument f\u00f6r sanningsfinnande i s\u00e4rskilt allvarliga fall. Polo de Ondegardo och Cobo ber\u00e4ttar om den h\u00f6ga trov\u00e4rdighet som tillm\u00e4ttes ett illapamanta-uttalande.<\/p>\t\t\t\t\t\t\t\t<\/div>\n\t\t\t\t<\/div>\n\t\t\t\t\t<\/div>\n\t\t\t\t<\/div>\n\t\t<div class=\"elementor-element elementor-element-iwgw-illapa-s4 e-flex e-con-boxed e-con e-parent\" data-id=\"iwgw-illapa-s4\" data-element_type=\"container\" data-e-type=\"container\">\n\t\t\t\t\t<div class=\"e-con-inner\">\n\t\t\t\t<div class=\"elementor-element elementor-element-iwgw-illapa-s4h elementor-widget elementor-widget-heading\" data-id=\"iwgw-illapa-s4h\" data-element_type=\"widget\" data-e-type=\"widget\" data-widget_type=\"heading.default\">\n\t\t\t\t\t<h2 class=\"elementor-heading-title elementor-size-default\">Kult och v\u00f6rdnad<\/h2>\t\t\t\t<\/div>\n\t\t<div class=\"elementor-element elementor-element-iwgw-illapa-s4c e-con-full e-flex e-con e-child\" data-id=\"iwgw-illapa-s4c\" data-element_type=\"container\" data-e-type=\"container\">\n\t\t\t\t<div class=\"elementor-element elementor-element-iwgw-illapa-s4t elementor-widget elementor-widget-text-editor\" data-id=\"iwgw-illapa-s4t\" data-element_type=\"widget\" data-e-type=\"widget\" data-widget_type=\"text-editor.default\">\n\t\t\t\t\t\t\t\t\t<p><span data-nosnippet>Illapa-<span class=\"iwg-fachbegriff\" data-tooltip=\"Den samlade m\u00e4ngden religi\u00f6sa v\u00f6rdnadshandlingar f\u00f6r en gudom eller helig gestalt.\" tabindex=\"0\">kulten<\/span> var institutionaliserad i Coricancha-<span class=\"iwg-fachbegriff\" data-tooltip=\"En byggnad som anv\u00e4nds f\u00f6r v\u00f6rdnad av en eller flera gudomar.\" tabindex=\"0\">templet<\/span> i Cusco. I det s\u00e5 kallade <em>Pucamarca<\/em>, ett eget tempelomr\u00e5de i syd\u00f6stra utkanten av Cusco, stod Illapas huvudkultbild, en gyllene mansstaty med \u00e5skvigg och slunga. Denna <span class=\"iwg-fachbegriff\" data-tooltip=\"En bild eller staty som v\u00f6rdas som gudomlig.\" tabindex=\"0\">idol<\/span> togs av spanjorerna 1572 i Vilcabamba tillsammans med Punchao och \u00e4r sedan dess f\u00f6rsvunnen.<\/span><\/p><p>De viktigaste Illapa-riterna utf\u00f6rdes under regnperioden, mellan september och mars. Om regnet uteblev organiserade pr\u00e4ster och menighet stora b\u00f6neprocessioner l\u00e4ngs ceque-linjerna, d\u00e4r svarta lamor offrades p\u00e5 bergsryggarna runt staden.<\/p><p>Svarta lamor var Illapas specifika offerdjur, eftersom den svarta f\u00e4rgen motsvarade regnmolnet. Cristobal de Molina beskriver en s\u00e4rskild <span class=\"iwg-fachbegriff\" data-tooltip=\"En \u00f6verl\u00e4mnad handling som regelbundet upprepas inom en gemenskap.\" tabindex=\"0\">sed<\/span>: p\u00e5 regnl\u00f6sa dagar h\u00f6lls en svart lama utan vatten under tre dagar, s\u00e5 att den gr\u00e4t av t\u00f6rst och d\u00e4rigenom skulle gr\u00e5ta fram regnmolnen.<\/p><p>Det viktigaste festdatumet var <em>Capac Raymi<\/em> i december och reningsfesten <em>Citua<\/em> i september, b\u00e5da n\u00e4ra knutna till regnperiodens b\u00f6rjan. Brian Bauer och Tom Zuidema har i sina verk systematiskt klarlagt Illapas rituella kalendariska st\u00e4llning i inkarikets \u00e5rscykel.<\/p><p>I inkarikets \u00e5rscykel stod Illapa-riterna i ett komplext samband med jordbrukscyklerna. F\u00f6re s\u00e5dden i augusti bads Illapa om reglerad nederb\u00f6rd, i december\/januari om m\u00e5ttfullt regn utan erosion, i mars\/april om en mild \u00f6verg\u00e5ng till torka.<\/p><p>Denna kalendariskt differentierade v\u00e4der-<span class=\"iwg-fachbegriff\" data-tooltip=\"Den vetenskapliga l\u00e4ran om Gud och om en religions tro.\" tabindex=\"0\">teologi<\/span> speglar den intima k\u00e4nnedomen om den bondereligi\u00f6sa praktiken och har av den moderna andinska <span class=\"iwg-fachbegriff\" data-tooltip=\"Vetenskapen som j\u00e4mf\u00f6rande utforskar kulturer och samh\u00e4llen.\" tabindex=\"0\">etnologin<\/span> tolkats som en <em>religi\u00f6s mikrof\u00f6rvaltning<\/em> av jordbrukets risker.<\/p>\t\t\t\t\t\t\t\t<\/div>\n\t\t\t\t<\/div>\n\t\t\t\t\t<\/div>\n\t\t\t\t<\/div>\n\t\t<div class=\"elementor-element elementor-element-iwgw-illapa-s5 e-flex e-con-boxed e-con e-parent\" data-id=\"iwgw-illapa-s5\" data-element_type=\"container\" data-e-type=\"container\">\n\t\t\t\t\t<div class=\"e-con-inner\">\n\t\t\t\t<div class=\"elementor-element elementor-element-iwgw-illapa-s5h elementor-widget elementor-widget-heading\" data-id=\"iwgw-illapa-s5h\" data-element_type=\"widget\" data-e-type=\"widget\" data-widget_type=\"heading.default\">\n\t\t\t\t\t<h2 class=\"elementor-heading-title elementor-size-default\">Skyddspraxis och apotrop\u00e4iskt<\/h2>\t\t\t\t<\/div>\n\t\t<div class=\"elementor-element elementor-element-iwgw-illapa-s5c e-con-full e-flex e-con e-child\" data-id=\"iwgw-illapa-s5c\" data-element_type=\"container\" data-e-type=\"container\">\n\t\t\t\t<div class=\"elementor-element elementor-element-iwgw-illapa-s5t elementor-widget elementor-widget-text-editor\" data-id=\"iwgw-illapa-s5t\" data-element_type=\"widget\" data-e-type=\"widget\" data-widget_type=\"text-editor.default\">\n\t\t\t\t\t\t\t\t\t<p>Den praktiska skyddsrelationen till dyrkan av Illapa \u00e4r f\u00f6rv\u00e5nansv\u00e4rt ambivalent: \u00e5 ena sidan \u00e5kallades Illapa mot torka, hagel och frost, \u00e5 andra sidan skyddade man sig <em>mot<\/em> Illapa sj\u00e4lv, framf\u00f6r allt mot hans blixtnedslag. Denna ambivalenta skyddsrelation \u00e4r typisk f\u00f6r \u00e5skgudomligheter och \u00e5terfinns \u00e4ven i Tor-, Indra- och Baal-<span class=\"iwg-fachbegriff\" data-tooltip=\"Helheten av de religi\u00f6sa v\u00f6rdnadshandlingar f\u00f6r en gudomlighet eller helig gestalt.\" tabindex=\"0\">kulten<\/span>.<\/p><p>Konkreta skyddspraktiker omfattar att man t\u00e4nder vaxljus under det f\u00f6rsta \u00e5skv\u00e4dret p\u00e5 s\u00e4songen, st\u00e4ller upp sm\u00e5 stenr\u00f6sen (<em>apacheta<\/em>) p\u00e5 bergsryggar, samt undviker vissa platser (ensamst\u00e5ende tr\u00e4d, h\u00f6ga klippor) under \u00e5skv\u00e4der.<\/p><p>En mycket specifik praktik \u00e4r <em>Toldo<\/em>&#8211;<span class=\"iwg-fachbegriff\" data-tooltip=\"En reglerad f\u00f6ljd av symboliska handlingar med religi\u00f6s eller kulturell betydelse.\" tabindex=\"0\">ritualen<\/span>: om ett blixtnedslag har tr\u00e4ffat ett hus f\u00f6rklaras hela huset obeboeligt i tre \u00e5r, eftersom det anses ha vidr\u00f6rts av Illapa sj\u00e4lv och d\u00e4rmed vara laddat med <span class=\"iwg-fachbegriff\" data-tooltip=\"Betecknar det b\u00e4vansv\u00e4rda och upph\u00f6jda i det heliga; begrepp inom religionsvetenskapen.\" tabindex=\"0\">numinositet<\/span>.<\/p><p><span class=\"iwg-fachbegriff\" data-tooltip=\"Ont avv\u00e4rjande: om tecken och f\u00f6rem\u00e5l som ska h\u00e5lla skadliga inflytelser borta.\" tabindex=\"0\">Apotrop\u00e4iskt<\/span> mot hagel st\u00e4lls i vissa byar \u00e4n idag vigda ljus vid husens ing\u00e5ng, och kors planteras i f\u00e4lten, numera synkretiskt f\u00f6rbundna med bilder av Jungfru Maria eller med Sankt Jakob.<\/p><p>Religionsetnologiskt sett handlar det om en direkt forts\u00e4ttning av den f\u00f6rspanska Illapa-praktiken i kristen f\u00f6rkl\u00e4dnad. Olivia Harris har i <em>Of Bread and Blood<\/em> (2000) beskrivit denna fortlevande hagelskyddspraktik i det aymarafolkets h\u00f6gland.<\/p>\t\t\t\t\t\t\t\t<\/div>\n\t\t\t\t<\/div>\n\t\t\t\t\t<\/div>\n\t\t\t\t<\/div>\n\t\t<div class=\"elementor-element elementor-element-iwgw-illapa-s6 e-flex e-con-boxed e-con e-parent\" data-id=\"iwgw-illapa-s6\" data-element_type=\"container\" data-e-type=\"container\">\n\t\t\t\t\t<div class=\"e-con-inner\">\n\t\t\t\t<div class=\"elementor-element elementor-element-iwgw-illapa-s6h elementor-widget elementor-widget-heading\" data-id=\"iwgw-illapa-s6h\" data-element_type=\"widget\" data-e-type=\"widget\" data-widget_type=\"heading.default\">\n\t\t\t\t\t<h2 class=\"elementor-heading-title elementor-size-default\">Paralleller i andra kulturer<\/h2>\t\t\t\t<\/div>\n\t\t<div class=\"elementor-element elementor-element-iwgw-illapa-s6c e-con-full e-flex e-con e-child\" data-id=\"iwgw-illapa-s6c\" data-element_type=\"container\" data-e-type=\"container\">\n\t\t\t\t<div class=\"elementor-element elementor-element-iwgw-illapa-s6t elementor-widget elementor-widget-text-editor\" data-id=\"iwgw-illapa-s6t\" data-element_type=\"widget\" data-e-type=\"widget\" data-widget_type=\"text-editor.default\">\n\t\t\t\t\t\t\t\t\t<p>Illapa passar in i det globala m\u00f6nstret f\u00f6r \u00e5skgudomligheter.<\/p><p>Strukturellt j\u00e4mf\u00f6rbara \u00e4r den germanska <em>Tor<\/em>, den grekiska <em>Zeus<\/em>, den vediska <em>Indra<\/em>, den baltiska <em>Perkunas<\/em>, den v\u00e4stasiatiska <em>Baal Hadad<\/em>, den japanska <em>Raijin<\/em> och den mesopotamiska <em>Adad<\/em>.<\/p><p>I alla dessa fall \u00e4r \u00e5sk-<span class=\"iwg-fachbegriff\" data-tooltip=\"Ett v\u00e4sen som dyrkas som gudomligt inom en religion.\" tabindex=\"0\">gudomligheten<\/span> en manlig krigargestalt med kastvapen (hammare, \u00e5skvigg, slunga), som ansvarar f\u00f6r nedb\u00f6rden och som v\u00e4cker kallelser genom blixtnedslag.<\/p><p>Inom Amerika uppvisar Illapa s\u00e4rskilt n\u00e4ra likheter med den aztekiska <em>Tlaloc<\/em>, mayaguden <em>Chaak<\/em> och den nordamerikanska <a href=\"https:\/\/iwell-guard.com\/sv\/thunderbird-askfagel-nordamerikanska-indianer\/\">Thunderbird<\/a>-gestalten. Thunderbird-f\u00f6rest\u00e4llningen \u00e4r s\u00e4rskilt intressant eftersom den likas\u00e5 f\u00f6rbinder \u00e5skan med en v\u00e4sensgestalt som kan flyga och skapar storm med sina vingar, strukturellt j\u00e4mf\u00f6rbar med Illapas vattenkrukgudinna.<\/p><p>Den koloniala, synkretistiska f\u00f6rbindelsen mellan Illapa och Sankt Jakob (<em>Santiago<\/em>) har f\u00e5tt stor uppm\u00e4rksamhet i den religionshistoriska litteraturen.<\/p><p>Den spanska Santiago-traditionen har i sin tur <em>Santiago Matamoros<\/em>, som rider med sv\u00e4rdet mot morerna; i Anderna blev denna till <em>Santiago Mataindios<\/em> (indiandr\u00e5paren) och kunde samtidigt fungera som kristen ryttarhelgon och som andinsk \u00e5skgud, en dubbelfunktionell gestalt.<\/p><p>Vetenskapligt s\u00e4rskilt viktigt \u00e4r det faktum att Illapa inte prim\u00e4rt var en krigargud som Tor eller Indra. Hans huvuddimension l\u00e5g i v\u00e4derskapandet. Den krigiska ikonografin \u00e4r sekund\u00e4r och i grunden ett teologiskt resultat av hans \u00e5skviggs-n\u00e4rvaro.<\/p><p>Denna differentiering, v\u00e4dergivare snarare \u00e4n krigare, \u00e4r en genuint andinsk teologisk po\u00e4ng som skiljer Inka-Illapa fr\u00e5n j\u00e4mf\u00f6rbara \u00e5skgudomligheter och som \u00e5terspeglar den andinska h\u00f6gkulturens jordbruksbaserade k\u00e4rnorientering.<\/p>\t\t\t\t\t\t\t\t<\/div>\n\t\t\t\t<\/div>\n\t\t\t\t\t<\/div>\n\t\t\t\t<\/div>\n\t\t<div class=\"elementor-element elementor-element-iwgw-illapa-s7 e-flex e-con-boxed e-con e-parent\" data-id=\"iwgw-illapa-s7\" data-element_type=\"container\" data-e-type=\"container\">\n\t\t\t\t\t<div class=\"e-con-inner\">\n\t\t\t\t<div class=\"elementor-element elementor-element-iwgw-illapa-s7h elementor-widget elementor-widget-heading\" data-id=\"iwgw-illapa-s7h\" data-element_type=\"widget\" data-e-type=\"widget\" data-widget_type=\"heading.default\">\n\t\t\t\t\t<h2 class=\"elementor-heading-title elementor-size-default\">Nutida mottagande och forskning<\/h2>\t\t\t\t<\/div>\n\t\t<div class=\"elementor-element elementor-element-iwgw-illapa-s7c e-con-full e-flex e-con e-child\" data-id=\"iwgw-illapa-s7c\" data-element_type=\"container\" data-e-type=\"container\">\n\t\t\t\t<div class=\"elementor-element elementor-element-iwgw-illapa-s7t elementor-widget elementor-widget-text-editor\" data-id=\"iwgw-illapa-s7t\" data-element_type=\"widget\" data-e-type=\"widget\" data-widget_type=\"text-editor.default\">\n\t\t\t\t\t\t\t\t\t<p><span data-nosnippet>I det moderna quechua- och aymaraspr\u00e5kiga h\u00f6glandet lever Illapa-praktikerna vidare, till stor del i kristen form. <em>paqo<\/em>&#8211; och <em>yatiri<\/em>-specialisterna i moderna andinska byar h\u00e4rleder ofta sin kallelse fr\u00e5n ett \u00f6verlevt blixtnedslag; i den arkeoetnologiska litteraturen (t.ex. Inge Bolin: <em>Rituals of Respect<\/em>, 1998) har s\u00e5dana fall dokumenterats upprepade g\u00e5nger.<\/span><\/p><p><span data-nosnippet>Inom <span class=\"iwg-fachbegriff\" data-tooltip=\"Den ned\u00e4rvda folkkulturen med seder, ber\u00e4ttelser och s\u00e5nger.\" tabindex=\"0\">folkloreforskningen<\/span> \u00e4r Santiago-Illapa-synkretismen ett klassiskt exempel p\u00e5 <em>doble nivel de discurso<\/em> (den dubbla diskursniv\u00e5n) inom den andinska religionen: ovanp\u00e5 den kristna helgontraditionen, undertill den inhemska \u00e5skgudomligheten, oskiljaktigt sammansm\u00e4lta i den praktiska ritualut\u00f6vningen. Sabine MacCormack har beskrivit denna dubbla niv\u00e5 systematiskt i <em>Religion in the Andes<\/em> (1991).<\/span><\/p><p>Inom den akademiska astronomiforskningen unders\u00f6ks Illapas koppling till stj\u00e4rnbilden Yacana-lamadjuret vidare som ett viktigt element i inkafolkets stj\u00e4rnhimmel. Gary Urton, Tom Zuidema och yngre arbeten av R. Tom Zuidemas elever har visat hur den centralandinska astronomin strukturerade v\u00e4der-<span class=\"iwg-fachbegriff\" data-tooltip=\"Den vetenskapliga l\u00e4ran om Gud och om en religions tro.\" tabindex=\"0\">teologin<\/span>. Vetenskapligt f\u00f6rblir Illapa ett nyckelfall f\u00f6r f\u00f6rst\u00e5elsen av inkatidens sammanfl\u00e4tning av h\u00f6gkult och bonderligion.<\/p><p>Under de senaste decennierna har <em>movimiento andino<\/em> i Bolivia och Peru dragit in Illapa i diskursen om inhemsk klimatresiliens. N\u00e4r Andernas nedb\u00f6rdsm\u00f6nster f\u00f6rskjuts till f\u00f6ljd av klimatf\u00f6r\u00e4ndringarna blir Illapa-<span class=\"iwg-fachbegriff\" data-tooltip=\"Den vetenskapliga l\u00e4ran om Gud och om en religions tro.\" tabindex=\"0\">teologin<\/span> i byarna en kulturell resonansl\u00e5da d\u00e4r dessa f\u00f6rskjutningar religi\u00f6st f\u00f6rhandlas.<\/p><p>Antropologen Karsten Paerregaard har i <em>Pilgrims of the Andes<\/em> (2017) beskrivit h\u00f6glandsb\u00f6nders rituella anpassningar till klimatf\u00f6r\u00e4ndringen och visat vilken roll Illapa-relationen spelar i detta.<\/p>\t\t\t\t\t\t\t\t<\/div>\n\t\t\t\t<\/div>\n\t\t\t\t\t<\/div>\n\t\t\t\t<\/div>\n\t\t<div class=\"elementor-element elementor-element-iwgw-illapa-s8 e-flex e-con-boxed e-con e-parent\" data-id=\"iwgw-illapa-s8\" data-element_type=\"container\" data-e-type=\"container\">\n\t\t\t\t\t<div class=\"e-con-inner\">\n\t\t\t\t<div class=\"elementor-element elementor-element-iwgw-illapa-s8h elementor-widget elementor-widget-heading\" data-id=\"iwgw-illapa-s8h\" data-element_type=\"widget\" data-e-type=\"widget\" data-widget_type=\"heading.default\">\n\t\t\t\t\t<h2 class=\"elementor-heading-title elementor-size-default\">Litteratur och k\u00e4llor<\/h2>\t\t\t\t<\/div>\n\t\t<div class=\"elementor-element elementor-element-iwgw-illapa-s8c e-con-full e-flex e-con e-child\" data-id=\"iwgw-illapa-s8c\" data-element_type=\"container\" data-e-type=\"container\">\n\t\t\t\t<div class=\"elementor-element elementor-element-iwgw-illapa-s8t elementor-widget elementor-widget-text-editor\" data-id=\"iwgw-illapa-s8t\" data-element_type=\"widget\" data-e-type=\"widget\" data-widget_type=\"text-editor.default\">\n\t\t\t\t\t\t\t\t\t<p>F\u00f6ljande urval listar centrala verk inom andinsk etnologi och arkeoastronomisk forskning, som \u00e4r centrala f\u00f6r f\u00f6rst\u00e5elsen av Illapa.<\/p>\t\t\t\t\t\t\t\t<\/div>\n\t\t\t\t<\/div>\n\t\t\t\t\t<\/div>\n\t\t\t\t<\/div>\n\t\t<div class=\"elementor-element elementor-element-cp2827b8ba e-flex e-con-boxed e-con e-parent\" data-id=\"cp2827b8ba\" data-element_type=\"container\" data-e-type=\"container\">\n\t\t\t\t\t<div class=\"e-con-inner\">\n\t\t\t\t<div class=\"elementor-element elementor-element-cp276778f4 elementor-widget elementor-widget-heading\" data-id=\"cp276778f4\" data-element_type=\"widget\" data-e-type=\"widget\" data-widget_type=\"heading.default\">\n\t\t\t\t\t<h2 class=\"elementor-heading-title elementor-size-default\">Illapa i inkarikets statskult och hans helgedom i Cusco<\/h2>\t\t\t\t<\/div>\n\t\t<div class=\"elementor-element elementor-element-cp2fb4d10f e-flex e-con-boxed e-con e-child\" data-id=\"cp2fb4d10f\" data-element_type=\"container\" data-e-type=\"container\">\n\t\t\t\t\t<div class=\"e-con-inner\">\n\t\t\t\t<div class=\"elementor-element elementor-element-cp27cc43ae elementor-widget elementor-widget-text-editor\" data-id=\"cp27cc43ae\" data-element_type=\"widget\" data-e-type=\"widget\" data-widget_type=\"text-editor.default\">\n\t\t\t\t\t\t\t\t\t<p>Illapa, guden f\u00f6r \u00e5ska, blixt och regn, tillh\u00f6rde inom Inkarikets statskult de h\u00f6gsta gudomarna och stod i den religi\u00f6sa rangordningen n\u00e4ra solguden <em>Inti<\/em> och skaparguden <em>Viracocha<\/em>.<\/p><p>De spanska kr\u00f6nik\u00f6rerna fr\u00e5n 1500- och tidigt 1600-tal ber\u00e4ttar att Illapa hade ett eget <span class=\"iwg-fachbegriff\" data-tooltip=\"En helig plats till\u00e4gnad dyrkan av en gudom.\" tabindex=\"0\">helgedom<\/span> i Cusco och att ett eget rum var till\u00e4gnat honom i det stora soltemplet, <em>Coricancha<\/em>.<\/p><p>Illapas s\u00e4rskilda betydelse f\u00f6rklaras av det andinska jordbrukets beroende av regn. Som v\u00e4derherre avgjorde han torka och fruktbarhet, och under torrperioder riktades b\u00f6neprocessioner och <span class=\"iwg-fachbegriff\" data-tooltip=\"G\u00e5va till en gudom f\u00f6r att uttrycka tacksamhet, b\u00f6n eller v\u00f6rdnad.\" tabindex=\"0\">offer<\/span> till honom.<\/p><p>Kr\u00f6nik\u00f6ren Bernab\u00e9 Cobo beskriver v\u00e4derguden utf\u00f6rligt i sitt verk <em>Historia del Nuevo Mundo<\/em> (fullbordat 1653) och n\u00e4mner de f\u00f6rest\u00e4llningar som \u00e4r f\u00f6rknippade med honom, om blixten som ett kastprojektil och \u00e5skan som ljudet av en himmelsk slunga.<\/p><p>Inom statskulten var Illapa dessutom en gud som i kristider fick s\u00e4rskilt tunga <span class=\"iwg-fachbegriff\" data-tooltip=\"G\u00e5va till en gudom f\u00f6r att uttrycka tacksamhet, b\u00f6n eller v\u00f6rdnad.\" tabindex=\"0\">offer<\/span>, bland annat inom ramen f\u00f6r <em>capacocha<\/em>, inkafolkets viktigaste offerceremoni. Vetenskapligt sett \u00e4r Illapa d\u00e4rmed ingen enkel naturdemon, utan en h\u00f6ggudom inb\u00e4ddad i rikets politiska och rituella centrum. Hans dyrkan f\u00f6renade omsorgen om regnet med legitimeringen av inkav\u00e4ldet, eftersom h\u00e4rskaren upptr\u00e4dde som f\u00f6rmedlare mellan m\u00e4nniskorna och de stora himmelska makterna. Den n\u00e4ra kopplingen till Inti och Viracocha visar att inkafolket betraktade sina h\u00f6gsta gudomar som en sammanh\u00e4ngande enhet.\t\t\t\t\t\t\t\t<\/div>\n\t\t\t\t\t<\/div>\n\t\t\t\t<\/div>\n\t\t\t\t\t<\/div>\n\t\t\t\t<\/div>\n\t\t<div class=\"elementor-element elementor-element-cp23b404c1 e-flex e-con-boxed e-con e-parent\" data-id=\"cp23b404c1\" data-element_type=\"container\" data-e-type=\"container\">\n\t\t\t\t\t<div class=\"e-con-inner\">\n\t\t\t\t<div class=\"elementor-element elementor-element-cp2418c76c elementor-widget elementor-widget-heading\" data-id=\"cp2418c76c\" data-element_type=\"widget\" data-e-type=\"widget\" data-widget_type=\"heading.default\">\n\t\t\t\t\t<h2 class=\"elementor-heading-title elementor-size-default\">Kr\u00f6nik\u00f6rerna som k\u00e4lla och problemet med de kristna glas\u00f6gonen<\/h2>\t\t\t\t<\/div>\n\t\t<div class=\"elementor-element elementor-element-cp2ccce282 e-flex e-con-boxed e-con e-child\" data-id=\"cp2ccce282\" data-element_type=\"container\" data-e-type=\"container\">\n\t\t\t\t\t<div class=\"e-con-inner\">\n\t\t\t\t<div class=\"elementor-element elementor-element-cp2ac73122 elementor-widget elementor-widget-text-editor\" data-id=\"cp2ac73122\" data-element_type=\"widget\" data-e-type=\"widget\" data-widget_type=\"text-editor.default\">\n\t\t\t\t\t\t\t\t\t<p>Allt som \u00e4r k\u00e4nt om Illapa h\u00e4rstammar fr\u00e5n k\u00e4llor som uppkom efter den spanska er\u00f6vringen, och denna \u00f6verl\u00e4mningssituation m\u00e5ste beaktas vid varje utsaga.<\/p><p>Inkafolket k\u00e4nde inte till skrift i europeisk mening; deras f\u00f6rvaltning och delvis \u00e4ven deras kunskap lagrades i <em>quipu<\/em>, knutsnodda sn\u00f6ren, som dock har begr\u00e4nsad utsagekraft n\u00e4r det g\u00e4ller religi\u00f6st inneh\u00e5ll. De skriftliga rapporterna f\u00f6rfattades av spanska pr\u00e4ster, tj\u00e4nstem\u00e4n och n\u00e5gra f\u00f6rfattare av inhemsk eller blandad h\u00e4rkomst.<\/p><p><span data-nosnippet>Till de viktigaste kr\u00f6nik\u00f6rerna h\u00f6r Pedro de Cieza de Le\u00f3n, Juan de Betanzos, som hade gift sig med en inkakvinna och d\u00e4rigenom hade s\u00e4rskild tillg\u00e5ng, jesuiten Bernab\u00e9 Cobo samt mestisen Inca Garcilaso de la Vega, vars <em>Comentarios Reales<\/em> (1609) skildrar inkav\u00e4rlden ur ett inifr\u00e5nperspektiv, men med tidsm\u00e4ssigt avst\u00e5nd och apologetisk tendens.<\/span><\/p><p>En egen k\u00e4llgrupp utg\u00f6rs av rapporterna om <em>extirpaci\u00f3n de idolatr\u00edas<\/em>, kyrkans f\u00f6rf\u00f6ljelse av den inhemska religionen, exempelvis av Francisco de \u00c1vila och Pablo Jos\u00e9 de Arriaga.<\/p><p>Dessa k\u00e4llor \u00e4r oumb\u00e4rliga, men de betraktar Illapa genom kristna glas\u00f6gon. Vissa kr\u00f6nik\u00f6rer likst\u00e4llde honom med aposteln Jakob, eftersom denne i den spanska traditionen f\u00f6rknippades med \u00e5ska och stridsbuller, vilket ledde till en sammanblandning som verkade \u00e4nda in i kolonialtiden. Andra placerade den andinska gudav\u00e4rlden i europeiska m\u00f6nster eller undanh\u00f6ll det som verkade st\u00f6tande f\u00f6r dem. Vetenskapligt g\u00e4ller d\u00e4rf\u00f6r att den \u00f6verl\u00e4mnade bilden av Illapa alltid \u00e4r filtrerad. Modern forskning, till exempel hos Pierre Duviols och i arbeten om Andernas koloniala religionshistoria, arbetar med att fr\u00e5ga sig bortom filtret, men kan bara delvis rekonstruera den ursprungliga f\u00f6rest\u00e4llningen.\t\t\t\t\t\t\t\t<\/div>\n\t\t\t\t\t<\/div>\n\t\t\t\t<\/div>\n\t\t\t\t\t<\/div>\n\t\t\t\t<\/div>\n\t\t<div class=\"elementor-element elementor-element-iwgw-illapa-lit e-flex e-con-boxed e-con e-parent\" data-id=\"iwgw-illapa-lit\" data-element_type=\"container\" data-e-type=\"container\">\n\t\t\t\t\t<div class=\"e-con-inner\">\n\t\t\t\t<div class=\"elementor-element elementor-element-iwgw-illapa-lith elementor-widget elementor-widget-heading\" data-id=\"iwgw-illapa-lith\" data-element_type=\"widget\" data-e-type=\"widget\" data-widget_type=\"heading.default\">\n\t\t\t\t\t<h2 class=\"elementor-heading-title elementor-size-default\">Litteratur (urval)<\/h2>\t\t\t\t<\/div>\n\t\t<div class=\"elementor-element elementor-element-iwgw-illapa-litc e-con-full e-flex e-con e-child\" data-id=\"iwgw-illapa-litc\" data-element_type=\"container\" data-e-type=\"container\">\n\t\t\t\t<div class=\"elementor-element elementor-element-iwgw-illapa-litt elementor-widget elementor-widget-text-editor\" data-id=\"iwgw-illapa-litt\" data-element_type=\"widget\" data-e-type=\"widget\" data-widget_type=\"text-editor.default\">\n\t\t\t\t\t\t\t\t\t<ul><li>Gary Urton: <em>At the Crossroads of the Earth and the Sky<\/em> (1981)<\/li><li>Sabine MacCormack: <em>Religion in the Andes<\/em> (1991)<\/li><li><span data-nosnippet>Frank Salomon, George Urioste: <em>The Huarochiri Manuscript<\/em> (1991)<\/span><\/li><li>Inge Bolin: <em>Rituals of Respect<\/em> (1998)<\/li><li>Cristobal de Molina: <em>Relacion de las fabulas y ritos de los Incas<\/em> (1575)<\/li><li>Pierre Duviols: <em>Cultura andina y represion<\/em> (1986)<\/li><li>Brian Bauer: <em>The Sacred Landscape of the Inca<\/em> (1998)<\/li><\/ul>\t\t\t\t\t\t\t\t<\/div>\n\t\t\t\t<\/div>\n\t\t\t\t\t<\/div>\n\t\t\t\t<\/div>\n\t\t<div class=\"elementor-element elementor-element-iwgkw2-add-illapa e-flex e-con-boxed e-con e-parent\" data-id=\"iwgkw2-add-illapa\" data-element_type=\"container\" data-e-type=\"container\">\n\t\t\t\t\t<div class=\"e-con-inner\">\n\t\t\t\t<div class=\"elementor-element elementor-element-iwgkw2-add-illapa-t elementor-widget elementor-widget-text-editor\" data-id=\"iwgkw2-add-illapa-t\" data-element_type=\"widget\" data-e-type=\"widget\" data-widget_type=\"text-editor.default\">\n\t\t\t\t\t\t\t\t\t<p>I Inkarikets religi\u00f6sa ordning ans\u00e5gs Illapa vara den h\u00f6gsta <strong>v\u00e4derherren<\/strong>, till vilken b\u00e5de b\u00f6nder och herdar riktade b\u00f6ner om regn i r\u00e4tt tid och skydd mot f\u00f6r\u00f6dande hagel.<\/p>\t\t\t\t\t\t\t\t<\/div>\n\t\t\t\t\t<\/div>\n\t\t\t\t<\/div>\n\t\t<div class=\"elementor-element elementor-element-iwgw-illapa-kwd e-flex e-con-boxed e-con e-parent\" data-id=\"iwgw-illapa-kwd\" data-element_type=\"container\" data-e-type=\"container\">\n\t\t\t\t\t<div class=\"e-con-inner\">\n\t\t<div class=\"elementor-element elementor-element-iwgw-illapa-kwdc e-con-full e-flex e-con e-child\" data-id=\"iwgw-illapa-kwdc\" data-element_type=\"container\" data-e-type=\"container\">\n\t\t\t\t<div class=\"elementor-element elementor-element-iwgw-illapa-kwdt elementor-widget elementor-widget-text-editor\" data-id=\"iwgw-illapa-kwdt\" data-element_type=\"widget\" data-e-type=\"widget\" data-widget_type=\"text-editor.default\">\n\t\t\t\t\t\t\t\t\t<p><em>Relaterade nyckelbegrepp: Illapa Yllapa \u00c5skgud Blixt Yacana Santiago Pucamarca Capac Raymi paqo.<\/em><\/p>\t\t\t\t\t\t\t\t<\/div>\n\t\t\t\t<\/div>\n\t\t\t\t\t<\/div>\n\t\t\t\t<\/div>\n\t\t<div class=\"elementor-element elementor-element-iwgw-illapa-cc e-flex e-con-boxed e-con e-parent\" data-id=\"iwgw-illapa-cc\" data-element_type=\"container\" data-e-type=\"container\" id=\"iwg-cc-illapa\">\n\t\t\t\t\t<div class=\"e-con-inner\">\n\t\t<div class=\"elementor-element elementor-element-iwgw-illapa-ccinner e-flex e-con-boxed e-con e-parent\" data-id=\"iwgw-illapa-ccinner\" data-element_type=\"container\" data-e-type=\"container\" data-settings=\"{&quot;background_background&quot;:&quot;classic&quot;}\">\n\t\t\t\t\t<div class=\"e-con-inner\">\n\t\t\t\t<div class=\"elementor-element elementor-element-iwgw-illapa-cch elementor-widget elementor-widget-heading\" data-id=\"iwgw-illapa-cch\" data-element_type=\"widget\" data-e-type=\"widget\" data-widget_type=\"heading.default\">\n\t\t\t\t\t<h2 class=\"elementor-heading-title elementor-size-default\">iWell Guard och skyddstraditioner<\/h2>\t\t\t\t<\/div>\n\t\t\t\t<div class=\"elementor-element elementor-element-iwgw-illapa-cct elementor-widget elementor-widget-text-editor\" data-id=\"iwgw-illapa-cct\" data-element_type=\"widget\" data-e-type=\"widget\" data-widget_type=\"text-editor.default\">\n\t\t\t\t\t\t\t\t\t<div data-nosnippet=\"true\"><p>iWell Guard ansluter till den kulturhistoriska traditionen av b\u00e4rbara skyddsf\u00f6rem\u00e5l, i traditionen fr\u00e5n <a href=\"https:\/\/iwell-guard.com\/sv\/andeska-kulturer-inka-inti-pachamama-viracocha\/\">Anderna \/ Inkariket<\/a> och m\u00e5nga andra kulturer v\u00e4rlden \u00f6ver. 41 niv\u00e5er, \u00e4kta guld, platina, silver, tillverkad i Tyskland. 30 dagars \u00f6ppet k\u00f6p.<\/p><\/div>\t\t\t\t\t\t\t\t<\/div>\n\t\t\t\t<div class=\"elementor-element elementor-element-iwgw-illapa-ccb iwg-cc-button iwg-cc-cta-2026-05-13 elementor-widget elementor-widget-jet-button\" data-id=\"iwgw-illapa-ccb\" data-element_type=\"widget\" data-e-type=\"widget\" data-widget_type=\"jet-button.default\">\n\t\t\t\t<div class=\"elementor-widget-container\">\n\t\t\t\t\t<div class=\"elementor-jet-button jet-elements\"><div class=\"jet-button__container\"><a class=\"jet-button__instance jet-button__instance--icon-left hover-effect-1\" href=\"\/ueber-iwell-guard\/?utm_source=iwell-guard.com&amp;utm_medium=info-box&amp;utm_campaign=wesen-tradition\"><div class=\"jet-button__plane jet-button__plane-normal\"><\/div><div class=\"jet-button__plane jet-button__plane-hover\"><\/div><div class=\"jet-button__state jet-button__state-normal\"><span class=\"jet-button__label\">Mer om iWell Guard<\/span><\/div><div class=\"jet-button__state jet-button__state-hover\"><span class=\"jet-button__label\">Mer om iWell Guard<\/span><\/div><\/a><\/div><\/div><style>.elementor-element.elementor-element-iwgw-illapa-ccb .jet-button__instance{width:320px;height:56px;}.elementor-element.elementor-element-iwgw-illapa-ccb .jet-button__state-normal .jet-button__label{text-align:center;margin:0px 0px 0px 0px;color:#1a1b20;font-family:Montserrat,sans-serif;font-size:13px;font-weight:400;letter-spacing:4px;line-height:1.714em;text-transform:uppercase;}.elementor-element.elementor-element-iwgw-illapa-ccb .jet-button__state-hover .jet-button__label{text-align:center;margin:0px 0px 0px 0px;color:#FECC76;font-family:Montserrat,sans-serif;font-size:13px;font-weight:400;letter-spacing:4px;line-height:1.714em;text-transform:uppercase;}.elementor-element.elementor-element-iwgw-illapa-ccb .jet-button__plane-normal{background-color:#FECC76;border-style:solid;border-color:#C99540;border-width:2px 2px 2px 2px;}.elementor-element.elementor-element-iwgw-illapa-ccb .jet-button__plane-hover{background-color:rgba(0,0,0,0.55);border-style:solid;border-color:#FECC76;border-width:2px 2px 2px 2px;}<\/style>\t\t\t\t<\/div>\n\t\t\t\t<\/div>\n\t\t\t\t<div class=\"elementor-element elementor-element-iwgw-illapa-ccd elementor-widget elementor-widget-text-editor\" data-id=\"iwgw-illapa-ccd\" data-element_type=\"widget\" data-e-type=\"widget\" data-widget_type=\"text-editor.default\">\n\t\t\t\t\t\t\t\t\t<div data-nosnippet=\"true\"><p style=\"text-align:center;font-size:13px;opacity:0.7;margin-top:14px\" data-nosnippet=\"true\">Personliga erfarenheter kan variera. Ingen medicinteknisk produkt. Inget l\u00f6fte om l\u00e4kning.<\/p><\/div>\t\t\t\t\t\t\t\t<\/div>\n\t\t\t\t\t<\/div>\n\t\t\t\t<\/div>\n\t\t\t\t\t<\/div>\n\t\t\t\t<\/div>\n\t\t<div class=\"elementor-element elementor-element-iwgw-illapa-disc e-flex e-con-boxed e-con e-parent\" data-id=\"iwgw-illapa-disc\" data-element_type=\"container\" data-e-type=\"container\">\n\t\t\t\t\t<div class=\"e-con-inner\">\n\t\t\t\t<div class=\"elementor-element elementor-element-iwgw-illapa-discw elementor-widget elementor-widget-html\" data-id=\"iwgw-illapa-discw\" data-element_type=\"widget\" data-e-type=\"widget\" data-widget_type=\"html.default\">\n\t\t\t\t\t<footer data-nosnippet=\"true\" class=\"iwg-disclaimer-block\"><p data-nosnippet=\"true\">iWell Guard \u00e4r <strong>ingen medicinteknisk produkt<\/strong> och ers\u00e4tter inte l\u00e4karv\u00e5rd eller psykoterapeutisk behandling. De religionsvetenskapliga inneh\u00e5llen \u00e4r kulturhistorisk inordning, ingen andlig praxisrekommendation.<\/p><\/footer>\t\t\t\t<\/div>\n\t\t\t\t\t<\/div>\n\t\t\t\t<\/div>\n\t\t\t\t<\/div>\n\t\t","protected":false},"excerpt":{"rendered":"","protected":false},"author":3,"featured_media":2677,"parent":0,"menu_order":0,"comment_status":"closed","ping_status":"closed","template":"elementor_header_footer","meta":{"_yoast_wpseo_focuskw":"Illapa \u00e5skgud inka","_yoast_wpseo_title":"Illapa \u2013 inkafolkets \u00e5skgud och v\u00e4derh\u00e4rskare","_yoast_wpseo_metadesc":"Illapa, inkafolkets \u00e5sk- och regngud, var lika viktig f\u00f6r det andinska jordbruket som Inti var f\u00f6r staten. Med myt och forskning.","_yoast_wpseo_meta-robots-noindex":"","_yoast_wpseo_canonical":"","_angie_page":false,"gefaehrdungsstufe":"3","wesen_kultur":"anden-inka","wesen_klasse":"goetter","footnotes":""},"categories":[],"class_list":["post-136827","page","type-page","status-publish","has-post-thumbnail","hentry"],"yoast_head":"<!-- This site is optimized with the Yoast SEO Premium plugin v27.7 (Yoast SEO v28.3) - https:\/\/yoast.com\/product\/yoast-seo-premium-wordpress\/ -->\n<title>Illapa \u2013 inkafolkets \u00e5skgud och v\u00e4derh\u00e4rskare<\/title>\n<meta name=\"description\" content=\"Illapa, inkafolkets \u00e5sk- och regngud, var lika viktig f\u00f6r det andinska jordbruket som Inti var f\u00f6r staten. Med myt och forskning.\" \/>\n<meta name=\"robots\" content=\"index, follow, max-snippet:-1, max-image-preview:large, max-video-preview:-1\" \/>\n<link rel=\"canonical\" href=\"https:\/\/iwell-guard.com\/sv\/illapa-aska-vadergud-inka\/\" \/>\n<meta property=\"og:locale\" content=\"sv_SE\" \/>\n<meta property=\"og:type\" content=\"article\" \/>\n<meta property=\"og:title\" content=\"Illapa \u2013 inkafolkets \u00e5sk- och v\u00e4dergud\" \/>\n<meta property=\"og:description\" content=\"Illapa, inkafolkets \u00e5sk- och regngud, var lika viktig f\u00f6r det andinska jordbruket som Inti var f\u00f6r staten. Med myt och forskning.\" \/>\n<meta property=\"og:url\" content=\"https:\/\/iwell-guard.com\/sv\/illapa-aska-vadergud-inka\/\" \/>\n<meta property=\"og:site_name\" content=\"iWell Guard\" \/>\n<meta property=\"article:modified_time\" content=\"2026-09-03T01:13:00+00:00\" \/>\n<meta property=\"og:image\" content=\"https:\/\/iwell-guard.com\/wp-content\/uploads\/2026\/05\/goetter_anden-inka_illapa.webp\" \/>\n\t<meta property=\"og:image:width\" content=\"1024\" \/>\n\t<meta property=\"og:image:height\" content=\"1536\" \/>\n\t<meta property=\"og:image:type\" content=\"image\/webp\" \/>\n<meta name=\"twitter:card\" content=\"summary_large_image\" \/>\n<script type=\"application\/ld+json\" class=\"yoast-schema-graph\">{\"@context\":\"https:\\\/\\\/schema.org\",\"@graph\":[{\"@type\":\"WebPage\",\"@id\":\"https:\\\/\\\/iwell-guard.com\\\/sv\\\/illapa-aska-vadergud-inka\\\/\",\"url\":\"https:\\\/\\\/iwell-guard.com\\\/sv\\\/illapa-aska-vadergud-inka\\\/\",\"name\":\"Illapa \u2013 inkafolkets \u00e5skgud och v\u00e4derh\u00e4rskare\",\"isPartOf\":{\"@id\":\"https:\\\/\\\/iwell-guard.com\\\/sv\\\/#website\"},\"primaryImageOfPage\":{\"@id\":\"https:\\\/\\\/iwell-guard.com\\\/sv\\\/illapa-aska-vadergud-inka\\\/#primaryimage\"},\"image\":{\"@id\":\"https:\\\/\\\/iwell-guard.com\\\/sv\\\/illapa-aska-vadergud-inka\\\/#primaryimage\"},\"thumbnailUrl\":\"https:\\\/\\\/iwell-guard.com\\\/wp-content\\\/uploads\\\/2026\\\/05\\\/goetter_anden-inka_illapa.webp\",\"datePublished\":\"2026-09-03T00:10:24+00:00\",\"dateModified\":\"2026-09-03T01:13:00+00:00\",\"description\":\"Illapa, inkafolkets \u00e5sk- och regngud, var lika viktig f\u00f6r det andinska jordbruket som Inti var f\u00f6r staten. Med myt och forskning.\",\"breadcrumb\":{\"@id\":\"https:\\\/\\\/iwell-guard.com\\\/sv\\\/illapa-aska-vadergud-inka\\\/#breadcrumb\"},\"inLanguage\":\"sv-SE\",\"potentialAction\":[{\"@type\":\"ReadAction\",\"target\":[\"https:\\\/\\\/iwell-guard.com\\\/sv\\\/illapa-aska-vadergud-inka\\\/\"]}]},{\"@type\":\"ImageObject\",\"inLanguage\":\"sv-SE\",\"@id\":\"https:\\\/\\\/iwell-guard.com\\\/sv\\\/illapa-aska-vadergud-inka\\\/#primaryimage\",\"url\":\"https:\\\/\\\/iwell-guard.com\\\/wp-content\\\/uploads\\\/2026\\\/05\\\/goetter_anden-inka_illapa.webp\",\"contentUrl\":\"https:\\\/\\\/iwell-guard.com\\\/wp-content\\\/uploads\\\/2026\\\/05\\\/goetter_anden-inka_illapa.webp\",\"width\":1024,\"height\":1536,\"caption\":\"Gudar fr\u00e5n den andinsk-inkaiska traditionen.\"},{\"@type\":\"BreadcrumbList\",\"@id\":\"https:\\\/\\\/iwell-guard.com\\\/sv\\\/illapa-aska-vadergud-inka\\\/#breadcrumb\",\"itemListElement\":[{\"@type\":\"ListItem\",\"position\":1,\"name\":\"Start\",\"item\":\"https:\\\/\\\/iwell-guard.com\\\/sv\\\/?page_id=136483\"},{\"@type\":\"ListItem\",\"position\":2,\"name\":\"Illapa \u2013 inkafolkets \u00e5sk- och v\u00e4dergud\"}]},{\"@type\":\"WebSite\",\"@id\":\"https:\\\/\\\/iwell-guard.com\\\/sv\\\/#website\",\"url\":\"https:\\\/\\\/iwell-guard.com\\\/sv\\\/\",\"name\":\"iWell Guard\",\"description\":\"Schutz vor dunklen Einfl\u00fcssen\",\"publisher\":{\"@id\":\"https:\\\/\\\/iwell-guard.com\\\/sv\\\/#organization\"},\"potentialAction\":[{\"@type\":\"SearchAction\",\"target\":{\"@type\":\"EntryPoint\",\"urlTemplate\":\"https:\\\/\\\/iwell-guard.com\\\/sv\\\/?s={search_term_string}\"},\"query-input\":{\"@type\":\"PropertyValueSpecification\",\"valueRequired\":true,\"valueName\":\"search_term_string\"}}],\"inLanguage\":\"sv-SE\"},{\"@type\":\"Organization\",\"@id\":\"https:\\\/\\\/iwell-guard.com\\\/sv\\\/#organization\",\"name\":\"Ittermann electronic GmbH\",\"url\":\"https:\\\/\\\/iwell-guard.com\\\/sv\\\/\",\"logo\":{\"@type\":\"ImageObject\",\"inLanguage\":\"sv-SE\",\"@id\":\"https:\\\/\\\/iwell-guard.com\\\/sv\\\/#\\\/schema\\\/logo\\\/image\\\/\",\"url\":\"https:\\\/\\\/iwell-guard.com\\\/wp-content\\\/uploads\\\/2026\\\/05\\\/Ittermann-Logo-1182x237-1.png\",\"contentUrl\":\"https:\\\/\\\/iwell-guard.com\\\/wp-content\\\/uploads\\\/2026\\\/05\\\/Ittermann-Logo-1182x237-1.png\",\"width\":1182,\"height\":237,\"caption\":\"Ittermann electronic GmbH\"},\"image\":{\"@id\":\"https:\\\/\\\/iwell-guard.com\\\/sv\\\/#\\\/schema\\\/logo\\\/image\\\/\"},\"sameAs\":[\"https:\\\/\\\/pantip.com\\\/profile\\\/9367242\",\"https:\\\/\\\/micro.blog\\\/iwellguard\",\"https:\\\/\\\/www.diggerslist.com\\\/iwellguard\\\/about\",\"https:\\\/\\\/skitterphoto.com\\\/photographers\\\/2870314\\\/iwell-guard\",\"https:\\\/\\\/iwellguard.wordpress.com\\\/2026\\\/06\\\/06\\\/iwell-guard\\\/\",\"https:\\\/\\\/hub.docker.com\\\/u\\\/iwellguard\",\"https:\\\/\\\/www.pinterest.com\\\/iwellguard\\\/\",\"https:\\\/\\\/bit.ly\\\/m\\\/iwellguard\",\"https:\\\/\\\/entre-vos-mains.alsace.eu\\\/profiles\\\/iwellguard\\\/activity\",\"https:\\\/\\\/gravatar.com\\\/reallybeded8fd34\",\"https:\\\/\\\/naijamatta.com\\\/iwellguard\",\"https:\\\/\\\/www.goodreads.com\\\/iwellguard\",\"https:\\\/\\\/profile.hatena.ne.jp\\\/iwellguard\\\/\",\"https:\\\/\\\/experiment.com\\\/users\\\/iwellguard\",\"https:\\\/\\\/wakelet.com\\\/@iWellGuard82270\",\"https:\\\/\\\/www.chordie.com\\\/forum\\\/profile.php?id=2555664\",\"https:\\\/\\\/www.instapaper.com\\\/p\\\/17757966\",\"https:\\\/\\\/www.mapleprimes.com\\\/users\\\/iwellguard\",\"https:\\\/\\\/businesslistingplus.com\\\/profile\\\/iwell-guard\\\/\",\"https:\\\/\\\/telegra.ph\\\/iWell-Guard-06-06\",\"https:\\\/\\\/pbase.com\\\/iwellguard\\\/iwellguard\",\"https:\\\/\\\/b.hatena.ne.jp\\\/iwellguard\\\/20260607#bookmark-4788405196491818882\",\"https:\\\/\\\/fliphtml5.com\\\/home\\\/iwellguard\",\"https:\\\/\\\/anyflip.com\\\/homepage\\\/cmiwl#About\",\"https:\\\/\\\/transfur.com\\\/Users\\\/iwellguard\",\"http:\\\/\\\/delphi.larsbo.org\\\/user\\\/iwellguard\",\"https:\\\/\\\/jobs.lajobsportal.org\\\/profiles\\\/8380803-iwell-guard\",\"https:\\\/\\\/md.chaosdorf.de\\\/s\\\/jfbe5SBdJD\",\"https:\\\/\\\/www.lingvolive.com\\\/en-us\\\/profile\\\/9ecaeaca-ce11-4e51-9e71-01d55e2bff36\\\/translations\",\"https:\\\/\\\/www.fitday.com\\\/fitness\\\/forums\\\/members\\\/iwellguard.html\",\"https:\\\/\\\/www.mymeetbook.com\\\/iwellguard\",\"https:\\\/\\\/pxhere.com\\\/en\\\/photographer-me\\\/5040798\",\"https:\\\/\\\/disqus.com\\\/by\\\/iwellguard\\\/about\\\/\",\"https:\\\/\\\/pastelink.net\\\/hjwciqwq\",\"https:\\\/\\\/pubhtml5.com\\\/homepage\\\/scjhn\\\/\",\"https:\\\/\\\/www.bitchute.com\\\/channel\\\/2O2eOKzNqujT\",\"https:\\\/\\\/audiomack.com\\\/iwellguard\"]},{\"@type\":\"Article\",\"@id\":\"https:\\\/\\\/iwell-guard.com\\\/sv\\\/illapa-aska-vadergud-inka\\\/#article\",\"isPartOf\":{\"@id\":\"https:\\\/\\\/iwell-guard.com\\\/sv\\\/illapa-aska-vadergud-inka\\\/\"},\"author\":{\"name\":\"Ralf Ittermann\",\"@id\":\"https:\\\/\\\/iwell-guard.com\\\/sv\\\/#\\\/schema\\\/person\\\/ee2a27f1cac3406c7c6fb5820cb7349f\"},\"headline\":\"Illapa \u2013 inkafolkets \u00e5sk- och v\u00e4dergud\",\"datePublished\":\"2026-09-03T00:10:24+00:00\",\"dateModified\":\"2026-09-03T01:13:00+00:00\",\"mainEntityOfPage\":{\"@id\":\"https:\\\/\\\/iwell-guard.com\\\/sv\\\/illapa-aska-vadergud-inka\\\/\"},\"publisher\":{\"@id\":\"https:\\\/\\\/iwell-guard.com\\\/sv\\\/#organization\"},\"image\":{\"@id\":\"https:\\\/\\\/iwell-guard.com\\\/sv\\\/illapa-aska-vadergud-inka\\\/#primaryimage\"},\"thumbnailUrl\":\"https:\\\/\\\/iwell-guard.com\\\/wp-content\\\/uploads\\\/2026\\\/05\\\/goetter_anden-inka_illapa.webp\",\"inLanguage\":\"sv-SE\",\"description\":\"Illapa, inkafolkets \u00e5sk- och regngud, var lika viktig f\u00f6r det andinska jordbruket som Inti var f\u00f6r staten. Med myt och forskning.\"}]}<\/script>\n<!-- \/ Yoast SEO Premium plugin. -->","yoast_head_json":{"title":"Illapa \u2013 inkafolkets \u00e5skgud och v\u00e4derh\u00e4rskare","description":"Illapa, inkafolkets \u00e5sk- och regngud, var lika viktig f\u00f6r det andinska jordbruket som Inti var f\u00f6r staten. Med myt och forskning.","robots":{"index":"index","follow":"follow","max-snippet":"max-snippet:-1","max-image-preview":"max-image-preview:large","max-video-preview":"max-video-preview:-1"},"canonical":"https:\/\/iwell-guard.com\/sv\/illapa-aska-vadergud-inka\/","og_locale":"sv_SE","og_type":"article","og_title":"Illapa \u2013 inkafolkets \u00e5sk- och v\u00e4dergud","og_description":"Illapa, inkafolkets \u00e5sk- och regngud, var lika viktig f\u00f6r det andinska jordbruket som Inti var f\u00f6r staten. Med myt och forskning.","og_url":"https:\/\/iwell-guard.com\/sv\/illapa-aska-vadergud-inka\/","og_site_name":"iWell Guard","article_modified_time":"2026-09-03T01:13:00+00:00","og_image":[{"width":1024,"height":1536,"url":"https:\/\/iwell-guard.com\/wp-content\/uploads\/2026\/05\/goetter_anden-inka_illapa.webp","type":"image\/webp"}],"twitter_card":"summary_large_image","schema":{"@context":"https:\/\/schema.org","@graph":[{"@type":"Article","@id":"https:\/\/iwell-guard.com\/sv\/illapa-aska-vadergud-inka\/#article","isPartOf":{"@id":"https:\/\/iwell-guard.com\/sv\/illapa-aska-vadergud-inka\/"},"author":{"name":"Ralf Ittermann","@id":"https:\/\/iwell-guard.com\/sv\/#\/schema\/person\/ee2a27f1cac3406c7c6fb5820cb7349f"},"headline":"Illapa \u2013 inkafolkets \u00e5sk- och v\u00e4dergud","datePublished":"2026-09-03T00:10:24+00:00","dateModified":"2026-09-03T01:13:00+00:00","mainEntityOfPage":{"@id":"https:\/\/iwell-guard.com\/sv\/illapa-aska-vadergud-inka\/"},"publisher":{"@id":"https:\/\/iwell-guard.com\/sv\/#organization"},"image":{"@id":"https:\/\/iwell-guard.com\/sv\/illapa-aska-vadergud-inka\/#primaryimage"},"thumbnailUrl":"https:\/\/iwell-guard.com\/wp-content\/uploads\/2026\/05\/goetter_anden-inka_illapa.webp","inLanguage":"sv-SE","description":"Illapa, inkafolkets \u00e5sk- och regngud, var lika viktig f\u00f6r det andinska jordbruket som Inti var f\u00f6r staten. Med myt och forskning."},{"@type":"WebPage","@id":"https:\/\/iwell-guard.com\/sv\/illapa-aska-vadergud-inka\/","url":"https:\/\/iwell-guard.com\/sv\/illapa-aska-vadergud-inka\/","name":"Illapa \u2013 inkafolkets \u00e5skgud och v\u00e4derh\u00e4rskare","isPartOf":{"@id":"https:\/\/iwell-guard.com\/sv\/#website"},"primaryImageOfPage":{"@id":"https:\/\/iwell-guard.com\/sv\/illapa-aska-vadergud-inka\/#primaryimage"},"image":{"@id":"https:\/\/iwell-guard.com\/sv\/illapa-aska-vadergud-inka\/#primaryimage"},"thumbnailUrl":"https:\/\/iwell-guard.com\/wp-content\/uploads\/2026\/05\/goetter_anden-inka_illapa.webp","datePublished":"2026-09-03T00:10:24+00:00","dateModified":"2026-09-03T01:13:00+00:00","description":"Illapa, inkafolkets \u00e5sk- och regngud, var lika viktig f\u00f6r det andinska jordbruket som Inti var f\u00f6r staten. Med myt och forskning.","breadcrumb":{"@id":"https:\/\/iwell-guard.com\/sv\/illapa-aska-vadergud-inka\/#breadcrumb"},"inLanguage":"sv-SE","potentialAction":[{"@type":"ReadAction","target":["https:\/\/iwell-guard.com\/sv\/illapa-aska-vadergud-inka\/"]}]},{"@type":"ImageObject","inLanguage":"sv-SE","@id":"https:\/\/iwell-guard.com\/sv\/illapa-aska-vadergud-inka\/#primaryimage","url":"https:\/\/iwell-guard.com\/wp-content\/uploads\/2026\/05\/goetter_anden-inka_illapa.webp","contentUrl":"https:\/\/iwell-guard.com\/wp-content\/uploads\/2026\/05\/goetter_anden-inka_illapa.webp","width":1024,"height":1536,"caption":"Gudar fr\u00e5n den andinsk-inkaiska traditionen."},{"@type":"BreadcrumbList","@id":"https:\/\/iwell-guard.com\/sv\/illapa-aska-vadergud-inka\/#breadcrumb","itemListElement":[{"@type":"ListItem","position":1,"name":"Start","item":"https:\/\/iwell-guard.com\/sv\/?page_id=136483"},{"@type":"ListItem","position":2,"name":"Illapa \u2013 inkafolkets \u00e5sk- och v\u00e4dergud"}]},{"@type":"WebSite","@id":"https:\/\/iwell-guard.com\/sv\/#website","url":"https:\/\/iwell-guard.com\/sv\/","name":"iWell Guard","description":"Schutz vor dunklen Einfl\u00fcssen","publisher":{"@id":"https:\/\/iwell-guard.com\/sv\/#organization"},"potentialAction":[{"@type":"SearchAction","target":{"@type":"EntryPoint","urlTemplate":"https:\/\/iwell-guard.com\/sv\/?s={search_term_string}"},"query-input":{"@type":"PropertyValueSpecification","valueRequired":true,"valueName":"search_term_string"}}],"inLanguage":"sv-SE"},{"@type":"Organization","@id":"https:\/\/iwell-guard.com\/sv\/#organization","name":"Ittermann electronic GmbH","url":"https:\/\/iwell-guard.com\/sv\/","logo":{"@type":"ImageObject","inLanguage":"sv-SE","@id":"https:\/\/iwell-guard.com\/sv\/#\/schema\/logo\/image\/","url":"https:\/\/iwell-guard.com\/wp-content\/uploads\/2026\/05\/Ittermann-Logo-1182x237-1.png","contentUrl":"https:\/\/iwell-guard.com\/wp-content\/uploads\/2026\/05\/Ittermann-Logo-1182x237-1.png","width":1182,"height":237,"caption":"Ittermann electronic GmbH"},"image":{"@id":"https:\/\/iwell-guard.com\/sv\/#\/schema\/logo\/image\/"},"sameAs":["https:\/\/pantip.com\/profile\/9367242","https:\/\/micro.blog\/iwellguard","https:\/\/www.diggerslist.com\/iwellguard\/about","https:\/\/skitterphoto.com\/photographers\/2870314\/iwell-guard","https:\/\/iwellguard.wordpress.com\/2026\/06\/06\/iwell-guard\/","https:\/\/hub.docker.com\/u\/iwellguard","https:\/\/www.pinterest.com\/iwellguard\/","https:\/\/bit.ly\/m\/iwellguard","https:\/\/entre-vos-mains.alsace.eu\/profiles\/iwellguard\/activity","https:\/\/gravatar.com\/reallybeded8fd34","https:\/\/naijamatta.com\/iwellguard","https:\/\/www.goodreads.com\/iwellguard","https:\/\/profile.hatena.ne.jp\/iwellguard\/","https:\/\/experiment.com\/users\/iwellguard","https:\/\/wakelet.com\/@iWellGuard82270","https:\/\/www.chordie.com\/forum\/profile.php?id=2555664","https:\/\/www.instapaper.com\/p\/17757966","https:\/\/www.mapleprimes.com\/users\/iwellguard","https:\/\/businesslistingplus.com\/profile\/iwell-guard\/","https:\/\/telegra.ph\/iWell-Guard-06-06","https:\/\/pbase.com\/iwellguard\/iwellguard","https:\/\/b.hatena.ne.jp\/iwellguard\/20260607#bookmark-4788405196491818882","https:\/\/fliphtml5.com\/home\/iwellguard","https:\/\/anyflip.com\/homepage\/cmiwl#About","https:\/\/transfur.com\/Users\/iwellguard","http:\/\/delphi.larsbo.org\/user\/iwellguard","https:\/\/jobs.lajobsportal.org\/profiles\/8380803-iwell-guard","https:\/\/md.chaosdorf.de\/s\/jfbe5SBdJD","https:\/\/www.lingvolive.com\/en-us\/profile\/9ecaeaca-ce11-4e51-9e71-01d55e2bff36\/translations","https:\/\/www.fitday.com\/fitness\/forums\/members\/iwellguard.html","https:\/\/www.mymeetbook.com\/iwellguard","https:\/\/pxhere.com\/en\/photographer-me\/5040798","https:\/\/disqus.com\/by\/iwellguard\/about\/","https:\/\/pastelink.net\/hjwciqwq","https:\/\/pubhtml5.com\/homepage\/scjhn\/","https:\/\/www.bitchute.com\/channel\/2O2eOKzNqujT","https:\/\/audiomack.com\/iwellguard"]},{"@type":"Person","@id":"https:\/\/iwell-guard.com\/sv\/#\/schema\/person\/ee2a27f1cac3406c7c6fb5820cb7349f","name":"Ralf Ittermann","image":{"@type":"ImageObject","inLanguage":"sv-SE","@id":"https:\/\/secure.gravatar.com\/avatar\/073c0153e350a5005b68eb752b445fea71f6b24a26da9449ad7e155e6b446c9d?s=96&d=mm&r=g","url":"https:\/\/secure.gravatar.com\/avatar\/073c0153e350a5005b68eb752b445fea71f6b24a26da9449ad7e155e6b446c9d?s=96&d=mm&r=g","contentUrl":"https:\/\/secure.gravatar.com\/avatar\/073c0153e350a5005b68eb752b445fea71f6b24a26da9449ad7e155e6b446c9d?s=96&d=mm&r=g","caption":"Ralf Ittermann"},"givenName":"Ralf","familyName":"Ittermann","jobTitle":"Gesch\u00e4ftsf\u00fchrer und redaktioneller Verantwortlicher","url":"https:\/\/iwell-guard.com\/sv\/author\/claude\/","description":"Ralf Ittermann ist Gesch\u00e4ftsf\u00fchrer der Ittermann electronic GmbH und redaktioneller Verantwortlicher des iWell-Guard-Lexikons. Er verbindet langj\u00e4hrige Erfahrung in der Pr\u00e4zisionsfertigung mit medialer Praxis und religionsgeschichtlicher Quellenarbeit.","worksFor":{"@type":"Organization","name":"Ittermann electronic GmbH","url":"https:\/\/ittermann.de\/","address":{"@type":"PostalAddress","streetAddress":"K\u00f6hlergasse 16-18","postalCode":"99842","addressLocality":"Ruhla","addressCountry":"DE"}},"knowsAbout":["Religionsgeschichte","Mythologie","Mediale Praxis","Energetische Diagnostik","Schutzpraxis","Volksglauben","Westliche Esoterik"]},{"@type":"Article","@id":"https:\/\/iwell-guard.com\/sv\/illapa-aska-vadergud-inka\/#article","isPartOf":{"@id":"https:\/\/iwell-guard.com\/sv\/illapa-aska-vadergud-inka\/"},"author":{"name":"Ralf Ittermann","@id":"https:\/\/iwell-guard.com\/sv\/#\/schema\/person\/ee2a27f1cac3406c7c6fb5820cb7349f"},"headline":"Illapa \u2013 inkafolkets \u00e5sk- och v\u00e4dergud","datePublished":"2026-09-03T00:10:24+00:00","dateModified":"2026-09-03T01:13:00+00:00","mainEntityOfPage":{"@id":"https:\/\/iwell-guard.com\/sv\/illapa-aska-vadergud-inka\/"},"publisher":{"@id":"https:\/\/iwell-guard.com\/sv\/#organization"},"image":{"@id":"https:\/\/iwell-guard.com\/sv\/illapa-aska-vadergud-inka\/#primaryimage"},"thumbnailUrl":"https:\/\/iwell-guard.com\/wp-content\/uploads\/2026\/05\/goetter_anden-inka_illapa.webp","inLanguage":"sv-SE","description":"Illapa, inkafolkets \u00e5sk- och regngud, var lika viktig f\u00f6r det andinska jordbruket som Inti var f\u00f6r staten. Med myt och forskning."}]}},"_links":{"self":[{"href":"https:\/\/iwell-guard.com\/sv\/wp-json\/wp\/v2\/pages\/136827","targetHints":{"allow":["GET"]}}],"collection":[{"href":"https:\/\/iwell-guard.com\/sv\/wp-json\/wp\/v2\/pages"}],"about":[{"href":"https:\/\/iwell-guard.com\/sv\/wp-json\/wp\/v2\/types\/page"}],"author":[{"embeddable":true,"href":"https:\/\/iwell-guard.com\/sv\/wp-json\/wp\/v2\/users\/3"}],"replies":[{"embeddable":true,"href":"https:\/\/iwell-guard.com\/sv\/wp-json\/wp\/v2\/comments?post=136827"}],"version-history":[{"count":0,"href":"https:\/\/iwell-guard.com\/sv\/wp-json\/wp\/v2\/pages\/136827\/revisions"}],"wp:featuredmedia":[{"embeddable":true,"href":"https:\/\/iwell-guard.com\/sv\/wp-json\/wp\/v2\/media\/2677"}],"wp:attachment":[{"href":"https:\/\/iwell-guard.com\/sv\/wp-json\/wp\/v2\/media?parent=136827"}],"wp:term":[{"taxonomy":"category","embeddable":true,"href":"https:\/\/iwell-guard.com\/sv\/wp-json\/wp\/v2\/categories?post=136827"}],"curies":[{"name":"wp","href":"https:\/\/api.w.org\/{rel}","templated":true}]}}