{"id":136824,"date":"2026-09-03T00:10:22","date_gmt":"2026-09-03T00:10:22","guid":{"rendered":"https:\/\/iwell-guard.com\/?page_id=136824"},"modified":"2026-09-03T01:12:55","modified_gmt":"2026-09-03T01:12:55","slug":"viracocha-skapargud-anderna","status":"publish","type":"page","link":"https:\/\/iwell-guard.com\/sv\/viracocha-skapargud-anderna\/","title":{"rendered":"Viracocha \u2013 skapargud i Anderna"},"content":{"rendered":"\t\t<div data-elementor-type=\"wp-page\" data-elementor-id=\"136824\" class=\"elementor elementor-136824 elementor-2576 elementor-bc-flex-widget\" data-elementor-post-type=\"page\">\n\t\t\t\t<div class=\"elementor-element elementor-element-iwgw-viracocha-hero e-flex e-con-boxed e-con e-parent\" data-id=\"iwgw-viracocha-hero\" data-element_type=\"container\" data-e-type=\"container\" data-settings=\"{&quot;background_background&quot;:&quot;classic&quot;}\">\n\t\t\t\t\t<div class=\"e-con-inner\">\n\t\t<div class=\"elementor-element elementor-element-iwgw-viracocha-hl e-flex e-con-boxed e-con e-child\" data-id=\"iwgw-viracocha-hl\" data-element_type=\"container\" data-e-type=\"container\">\n\t\t\t\t\t<div class=\"e-con-inner\">\n\t\t<div class=\"elementor-element elementor-element-iwgw-viracocha-htxt e-con-full e-flex e-con e-child\" data-id=\"iwgw-viracocha-htxt\" data-element_type=\"container\" data-e-type=\"container\">\n\t\t\t\t<div class=\"elementor-element elementor-element-iwgw-viracocha-h1 elementor-widget elementor-widget-heading\" data-id=\"iwgw-viracocha-h1\" data-element_type=\"widget\" data-e-type=\"widget\" data-widget_type=\"heading.default\">\n\t\t\t\t\t<h1 class=\"elementor-heading-title elementor-size-default\">Viracocha, skapargud och kosmisk ordningsskapare i den andinska v\u00e4rlden<\/h1>\t\t\t\t<\/div>\n\t\t\t\t<div class=\"elementor-element elementor-element-iwgw-viracocha-lead elementor-widget elementor-widget-text-editor\" data-id=\"iwgw-viracocha-lead\" data-element_type=\"widget\" data-e-type=\"widget\" data-widget_type=\"text-editor.default\">\n\t\t\t\t\t\t\t\t\t<p>Viracocha (quechua: <em>Wiraqucha<\/em>) \u00e4r i de tidiga kr\u00f6nikorna fr\u00e5n det spanska Peru Andernas h\u00f6gsta skapargud, som skapar v\u00e4rlden ur Titicacasj\u00f6n och formar m\u00e4nskligheten av sten. I det sena inkarikets statliga <span class=\"iwg-fachbegriff\" data-tooltip=\"L\u00e4ran om gud och om tron inom en religion.\" tabindex=\"0\">teologi<\/span> tr\u00e4dde han tillbaka f\u00f6r <a href=\"https:\/\/iwell-guard.com\/sv\/inti-inkas-solgud\/\">Inti<\/a>, men f\u00f6rblev framtr\u00e4dande som kosmologisk princip.<\/p>\t\t\t\t\t\t\t\t<\/div>\n\t\t\t\t<\/div>\n\t\t<div class=\"elementor-element elementor-element-iwgw-viracocha-pillc e-con-full e-flex e-con e-child\" data-id=\"iwgw-viracocha-pillc\" data-element_type=\"container\" data-e-type=\"container\">\n\t\t\t\t<div class=\"elementor-element elementor-element-iwgw-viracocha-pills elementor-widget elementor-widget-html\" data-id=\"iwgw-viracocha-pills\" data-element_type=\"widget\" data-e-type=\"widget\" data-widget_type=\"html.default\">\n\t\t\t\t\t<div class=\"iwg-pill-row\"><span class=\"iwg-klasse-badge\" tabindex=\"0\" data-tooltip=\"Skapare inom traditionen Anderna \/ Inka.\">Skapare<\/span><a href=\"https:\/\/iwell-guard.com\/sv\/andeska-kulturer-inka-inti-pachamama-viracocha\/\" class=\"iwg-kultur-badge\" tabindex=\"0\" data-tooltip=\"Mytologi inom traditionen Anderna \/ Inka.\">Anderna \/ Inka<\/a><span class=\"iwg-tradition-badge\" tabindex=\"0\" data-tooltip=\"Skapargud.\">Skapargud<\/span><\/div>\t\t\t\t<\/div>\n\t\t\t\t<\/div>\n\t\t<div class=\"elementor-element elementor-element-iwgw-viracocha-tocc e-con-full e-flex e-con e-child\" data-id=\"iwgw-viracocha-tocc\" data-element_type=\"container\" data-e-type=\"container\">\n\t\t\t\t<div class=\"elementor-element elementor-element-iwgw-viracocha-toc elementor-toc--minimized-on-tablet elementor-widget elementor-widget-table-of-contents\" data-id=\"iwgw-viracocha-toc\" data-element_type=\"widget\" data-e-type=\"widget\" data-settings=\"{&quot;headings_by_tags&quot;:[&quot;h2&quot;,&quot;h3&quot;],&quot;minimize_box&quot;:&quot;yes&quot;,&quot;marker_view&quot;:&quot;bullets&quot;,&quot;no_headings_message&quot;:&quot;Inga rubriker hittades p\\u00e5 den h\\u00e4r sidan.&quot;,&quot;exclude_headings_by_selector&quot;:[],&quot;icon&quot;:{&quot;value&quot;:&quot;fas fa-circle&quot;,&quot;library&quot;:&quot;fa-solid&quot;,&quot;rendered_tag&quot;:&quot;&lt;svg class=\\&quot;e-font-icon-svg e-fas-circle\\&quot; viewBox=\\&quot;0 0 512 512\\&quot; xmlns=\\&quot;http:\\\/\\\/www.w3.org\\\/2000\\\/svg\\&quot;&gt;&lt;path d=\\&quot;M256 8C119 8 8 119 8 256s111 248 248 248 248-111 248-248S393 8 256 8z\\&quot;&gt;&lt;\\\/path&gt;&lt;\\\/svg&gt;&quot;},&quot;minimized_on&quot;:&quot;tablet&quot;,&quot;hierarchical_view&quot;:&quot;yes&quot;,&quot;min_height&quot;:{&quot;unit&quot;:&quot;px&quot;,&quot;size&quot;:&quot;&quot;,&quot;sizes&quot;:[]},&quot;min_height_tablet&quot;:{&quot;unit&quot;:&quot;px&quot;,&quot;size&quot;:&quot;&quot;,&quot;sizes&quot;:[]},&quot;min_height_mobile&quot;:{&quot;unit&quot;:&quot;px&quot;,&quot;size&quot;:&quot;&quot;,&quot;sizes&quot;:[]}}\" data-widget_type=\"table-of-contents.default\">\n\t\t\t\t\t\t\t\t\t<div class=\"elementor-toc__header\">\n\t\t\t\t\t\t<h2 class=\"elementor-toc__header-title\">\n\t\t\t\tInneh\u00e5llsf\u00f6rteckning\t\t\t<\/h2>\n\t\t\t\t\t\t\t\t\t\t<div class=\"elementor-toc__toggle-button elementor-toc__toggle-button--expand\" role=\"button\" tabindex=\"0\" aria-controls=\"elementor-toc__iwgw-viracocha-toc\" aria-expanded=\"true\" aria-label=\"Inhaltsverzeichnis \u00f6ffnen\"><svg aria-hidden=\"true\" class=\"e-font-icon-svg e-fas-chevron-down\" viewBox=\"0 0 448 512\" xmlns=\"http:\/\/www.w3.org\/2000\/svg\"><path d=\"M207.029 381.476L12.686 187.132c-9.373-9.373-9.373-24.569 0-33.941l22.667-22.667c9.357-9.357 24.522-9.375 33.901-.04L224 284.505l154.745-154.021c9.379-9.335 24.544-9.317 33.901.04l22.667 22.667c9.373 9.373 9.373 24.569 0 33.941L240.971 381.476c-9.373 9.372-24.569 9.372-33.942 0z\"><\/path><\/svg><\/div>\n\t\t\t\t<div class=\"elementor-toc__toggle-button elementor-toc__toggle-button--collapse\" role=\"button\" tabindex=\"0\" aria-controls=\"elementor-toc__iwgw-viracocha-toc\" aria-expanded=\"true\" aria-label=\"Inhaltsverzeichnis schlie\u00dfen\"><svg aria-hidden=\"true\" class=\"e-font-icon-svg e-fas-chevron-up\" viewBox=\"0 0 448 512\" xmlns=\"http:\/\/www.w3.org\/2000\/svg\"><path d=\"M240.971 130.524l194.343 194.343c9.373 9.373 9.373 24.569 0 33.941l-22.667 22.667c-9.357 9.357-24.522 9.375-33.901.04L224 227.495 69.255 381.516c-9.379 9.335-24.544 9.317-33.901-.04l-22.667-22.667c-9.373-9.373-9.373-24.569 0-33.941L207.03 130.525c9.372-9.373 24.568-9.373 33.941-.001z\"><\/path><\/svg><\/div>\n\t\t\t\t\t<\/div>\n\t\t\t\t<div id=\"elementor-toc__iwgw-viracocha-toc\" class=\"elementor-toc__body\">\n\t\t\t<div class=\"elementor-toc__spinner-container\">\n\t\t\t\t<svg class=\"elementor-toc__spinner eicon-animation-spin e-font-icon-svg e-eicon-loading\" aria-hidden=\"true\" viewBox=\"0 0 1000 1000\" xmlns=\"http:\/\/www.w3.org\/2000\/svg\"><path d=\"M500 975V858C696 858 858 696 858 500S696 142 500 142 142 304 142 500H25C25 237 238 25 500 25S975 237 975 500 763 975 500 975Z\"><\/path><\/svg>\t\t\t<\/div>\n\t\t<\/div>\n\t\t\t\t\t\t<\/div>\n\t\t\t\t<\/div>\n\t\t\t\t\t<\/div>\n\t\t\t\t<\/div>\n\t\t<div class=\"elementor-element elementor-element-iwgw-viracocha-hr e-con-full e-flex e-con e-child\" data-id=\"iwgw-viracocha-hr\" data-element_type=\"container\" data-e-type=\"container\">\n\t\t\t\t<div class=\"elementor-element elementor-element-iwgw-viracocha-heroimg iwg-hero-image elementor-widget elementor-widget-image\" data-id=\"iwgw-viracocha-heroimg\" data-element_type=\"widget\" data-e-type=\"widget\" data-widget_type=\"image.default\">\n\t\t\t\t\t\t\t\t\t\t\t\t\t\t\t<img fetchpriority=\"high\" decoding=\"async\" width=\"683\" height=\"1024\" src=\"https:\/\/iwell-guard.com\/wp-content\/uploads\/2026\/05\/goetter_anden-inka_viracocha-683x1024.webp\" class=\"attachment-large size-large wp-image-2684\" alt=\"Viracocha - G\u00f6tter aus der Anden-inka-Tradition, historisch-illustrativ\" srcset=\"https:\/\/iwell-guard.com\/wp-content\/uploads\/2026\/05\/goetter_anden-inka_viracocha-683x1024.webp 683w, https:\/\/iwell-guard.com\/wp-content\/uploads\/2026\/05\/goetter_anden-inka_viracocha-200x300.webp 200w, https:\/\/iwell-guard.com\/wp-content\/uploads\/2026\/05\/goetter_anden-inka_viracocha-768x1152.webp 768w, https:\/\/iwell-guard.com\/wp-content\/uploads\/2026\/05\/goetter_anden-inka_viracocha.webp 1024w\" sizes=\"(max-width: 683px) 100vw, 683px\" \/>\t\t\t\t\t\t\t\t\t\t\t\t\t\t\t<\/div>\n\t\t\t\t<\/div>\n\t\t\t\t\t<\/div>\n\t\t\t\t<\/div>\n\t\t\t\t<section class=\"elementor-section elementor-top-section elementor-element elementor-element-sec-iwgcomp-viracocha elementor-section-boxed elementor-section-height-default elementor-section-height-default\" data-id=\"sec-iwgcomp-viracocha\" data-element_type=\"section\" data-e-type=\"section\">\n\t\t\t\t\t\t<div class=\"elementor-container elementor-column-gap-default\">\n\t\t\t\t\t<div class=\"elementor-column elementor-col-100 elementor-top-column elementor-element elementor-element-col-iwgcomp-viracocha\" data-id=\"col-iwgcomp-viracocha\" data-element_type=\"column\" data-e-type=\"column\">\n\t\t\t<div class=\"elementor-widget-wrap elementor-element-populated\">\n\t\t\t\t\t\t<div class=\"elementor-element elementor-element-iwgcomp-viracocha elementor-widget elementor-widget-text-editor\" data-id=\"iwgcomp-viracocha\" data-element_type=\"widget\" data-e-type=\"widget\" data-widget_type=\"text-editor.default\">\n\t\t\t\t\t\t\t\t\t<p>Viracocha, <strong>inkarnas skapargud<\/strong>, betraktas som den \u00e4ldsta och h\u00f6gsta h\u00f6gguden i inkarnas <span class=\"iwg-fachbegriff\" data-tooltip=\"F\u00f6rest\u00e4llningen om uppbyggnaden och ordningen av v\u00e4rlden inom en kultur.\" tabindex=\"0\">kosmologi<\/span>.<\/p>\t\t\t\t\t\t\t\t<\/div>\n\t\t\t\t\t<\/div>\n\t\t<\/div>\n\t\t\t\t\t<\/div>\n\t\t<\/section>\n\t\t<div class=\"elementor-element elementor-element-iwgw-viracocha-s0 e-flex e-con-boxed e-con e-parent\" data-id=\"iwgw-viracocha-s0\" data-element_type=\"container\" data-e-type=\"container\">\n\t\t\t\t\t<div class=\"e-con-inner\">\n\t\t\t\t<div class=\"elementor-element elementor-element-iwgw-viracocha-s0h elementor-widget elementor-widget-heading\" data-id=\"iwgw-viracocha-s0h\" data-element_type=\"widget\" data-e-type=\"widget\" data-widget_type=\"heading.default\">\n\t\t\t\t\t<h2 class=\"elementor-heading-title elementor-size-default\">Placering i det andinska pantheon<\/h2>\t\t\t\t<\/div>\n\t\t<div class=\"elementor-element elementor-element-iwgw-viracocha-s0c e-con-full e-flex e-con e-child\" data-id=\"iwgw-viracocha-s0c\" data-element_type=\"container\" data-e-type=\"container\">\n\t\t\t\t<div class=\"elementor-element elementor-element-iwgw-viracocha-s0t elementor-widget elementor-widget-text-editor\" data-id=\"iwgw-viracocha-s0t\" data-element_type=\"widget\" data-e-type=\"widget\" data-widget_type=\"text-editor.default\">\n\t\t\t\t\t\t\t\t\t<p>Viracocha \u00e4r en teologiskt komplex gestalt som i kr\u00f6nikorna framtr\u00e4der under en m\u00e4ngd binamn: <em>Apu Qun Tiqsi Wiraqucha<\/em>, <em>Pachayachachiq<\/em> (V\u00e4rldens l\u00e4rare), <em>Illa Tiqsi Wiraqucha<\/em> (Ljusgrundens Wiraqucha). Enligt Pierre Duviol ska dessa aspektnamn l\u00e4sas som uttryck f\u00f6r en genuint andinsk, filosofiskt-spekulativ <span class=\"iwg-fachbegriff\" data-tooltip=\"L\u00e4ran om gud och om tron inom en religion.\" tabindex=\"0\">teologi<\/span> som verkade under ytan av den personifierade h\u00f6gkulten.<\/p><p>De tidiga kr\u00f6nikorna (Cieza de Leon, Sarmiento de Gamboa, Cristobal de Molina) framst\u00e4ller Viracocha som det h\u00f6gsta v\u00e4sendet framf\u00f6r alla andra gudomligheter.<\/p><p>Garcilaso de la Vega, som skriver senare och i h\u00f6gre grad utg\u00e5r fr\u00e5n inkatidens senare upph\u00f6jning av Inti, beskriver f\u00f6rh\u00e5llandet mer komplicerat: Inti var den synlige h\u00e4rskaren, Viracocha den osynlige skaparen. Religionsvetenskapligt kan man h\u00e4r urskilja en teologisk skiktning, d\u00e4r en \u00e4ldre skapargudstro och en yngre kejserlig sol<span class=\"iwg-fachbegriff\" data-tooltip=\"L\u00e4ran om gud och om tron inom en religion.\" tabindex=\"0\">teologi<\/span> existerar sida vid sida.<\/p><p>Anm\u00e4rkningsv\u00e4rt \u00e4r att Viracocha i Aymara-omr\u00e5det ben\u00e4mndes <em>Tunupa<\/em> eller <em>Tonopa<\/em>, en gestalt med egna mytologiska ber\u00e4ttelser som religionsetnologen Therese Bouysse-Cassagne har unders\u00f6kt ing\u00e5ende i <em>Lluvias y cenizas<\/em> (1988).<\/p><p>Hos aymarafolket \u00e4r Tunupa mindre entydigt en skapare \u00e4n inka-Viracocha; han uppvisar \u00e4ven trickster-liknande drag och \u00e4r n\u00e4ra f\u00f6rbunden med regionens vulkanism.<\/p>\t\t\t\t\t\t\t\t<\/div>\n\t\t\t\t<\/div>\n\t\t\t\t\t<\/div>\n\t\t\t\t<\/div>\n\t\t<div class=\"elementor-element elementor-element-iwgw-viracocha-s1 e-flex e-con-boxed e-con e-parent\" data-id=\"iwgw-viracocha-s1\" data-element_type=\"container\" data-e-type=\"container\">\n\t\t\t\t\t<div class=\"e-con-inner\">\n\t\t\t\t<div class=\"elementor-element elementor-element-iwgw-viracocha-s1h elementor-widget elementor-widget-heading\" data-id=\"iwgw-viracocha-s1h\" data-element_type=\"widget\" data-e-type=\"widget\" data-widget_type=\"heading.default\">\n\t\t\t\t\t<h2 class=\"elementor-heading-title elementor-size-default\">Namn och etymologi<\/h2>\t\t\t\t<\/div>\n\t\t<div class=\"elementor-element elementor-element-iwgw-viracocha-s1c e-con-full e-flex e-con e-child\" data-id=\"iwgw-viracocha-s1c\" data-element_type=\"container\" data-e-type=\"container\">\n\t\t\t\t<div class=\"elementor-element elementor-element-iwgw-viracocha-s1t elementor-widget elementor-widget-text-editor\" data-id=\"iwgw-viracocha-s1t\" data-element_type=\"widget\" data-e-type=\"widget\" data-widget_type=\"text-editor.default\">\n\t\t\t\t\t\t\t\t\t<p>Etymologin bakom namnet <em>Wiraqucha<\/em> har l\u00e4nge varit omtvistad. Garcilaso de la Vega h\u00e4rleder det fr\u00e5n <em>wira<\/em> (fett, gr\u00e4dde) och <em>qucha<\/em> (sj\u00f6) och \u00f6vers\u00e4tter det med <em>sj\u00f6ns fett<\/em> respektive <em>skum p\u00e5 vattnet<\/em>. Denna etymologi st\u00e4mmer v\u00e4l med <span class=\"iwg-fachbegriff\" data-tooltip=\"En \u00f6verl\u00e4mnad ber\u00e4ttelse om gudar, ursprung och v\u00e4rldens ordning.\" tabindex=\"0\">myten<\/span> om vattenskaparen fr\u00e5n Titicacasj\u00f6n, men \u00e4r spr\u00e5kvetenskapligt inte given.<\/p><p>En alternativ tolkning kopplar den f\u00f6rsta stavelsen till <em>wila<\/em> (aymara: blod) och leder till <em>sj\u00f6ns blod<\/em> eller f\u00f6rest\u00e4llningen om ett r\u00f6tt, vulkaniskt vatten.<\/p><p>Cesar Itier har i sina spr\u00e5kvetenskapliga arbeten (2008, 2013) pekat p\u00e5 en m\u00f6jlig tredje tolkning, d\u00e4r <em>wira<\/em> skulle kunna g\u00e5 tillbaka p\u00e5 en \u00e5lderdomlig rot <em>wir-<\/em> med betydelsen <em>glans<\/em> eller <em>ljussken<\/em>, vilket skulle g\u00f6ra Wiraqucha till <em>sj\u00f6ns ljusglans<\/em>.<\/p><p>I det koloniala spr\u00e5kbruket kom <em>wiraqucha<\/em> snabbt att anv\u00e4ndas som tilltal f\u00f6r spanjorerna, till att b\u00f6rja med eftersom inkafolket ans\u00e5g de sk\u00e4ggiga er\u00f6vrarna vara manifestationer av den sk\u00e4ggige skaparguden, senare som en allm\u00e4n hedersbeteckning som \u00e4nnu i dag anv\u00e4nds i vissa quechuatalande regioner f\u00f6r <em>herre<\/em> eller <em>senor<\/em>.<\/p>\t\t\t\t\t\t\t\t<\/div>\n\t\t\t\t<\/div>\n\t\t\t\t\t<\/div>\n\t\t\t\t<\/div>\n\t\t<div class=\"elementor-element elementor-element-iwgw-viracocha-s2 e-flex e-con-boxed e-con e-parent\" data-id=\"iwgw-viracocha-s2\" data-element_type=\"container\" data-e-type=\"container\">\n\t\t\t\t\t<div class=\"e-con-inner\">\n\t\t\t\t<div class=\"elementor-element elementor-element-iwgw-viracocha-s2h elementor-widget elementor-widget-heading\" data-id=\"iwgw-viracocha-s2h\" data-element_type=\"widget\" data-e-type=\"widget\" data-widget_type=\"heading.default\">\n\t\t\t\t\t<h2 class=\"elementor-heading-title elementor-size-default\">Beskrivning och ikonografi<\/h2>\t\t\t\t<\/div>\n\t\t<div class=\"elementor-element elementor-element-iwgw-viracocha-s2c e-con-full e-flex e-con e-child\" data-id=\"iwgw-viracocha-s2c\" data-element_type=\"container\" data-e-type=\"container\">\n\t\t\t\t<div class=\"elementor-element elementor-element-iwgw-viracocha-s2t elementor-widget elementor-widget-text-editor\" data-id=\"iwgw-viracocha-s2t\" data-element_type=\"widget\" data-e-type=\"widget\" data-widget_type=\"text-editor.default\">\n\t\t\t\t\t\t\t\t\t<p>Viracocha beskrivs ovanligt ofta i k\u00e4llorna som en sk\u00e4ggig gubbe som vandrar genom Anderna med l\u00e5ng mantel, stav och solkrona.<\/p><p>Denna beskrivning avviker fr\u00e5n Andernas typiska ursprungsbefolkningsikonografi, d\u00e4r sk\u00e4ggiga m\u00e4n praktiskt taget \u00e4r ok\u00e4nda, och den har lett till den \u00e4ldre spekulationen att Viracocha skulle vara ett historiskt eko av en f\u00f6rkolumbiansk bes\u00f6kare fr\u00e5n Eurasien. Denna spekulation har den moderna forskningen f\u00f6rkastat.<\/p><p>Den viktigaste ikonografiska k\u00e4llan \u00e4r den ber\u00f6mda <em>Solporten i Tiwanaku<\/em> (ca 600\u20131000 e.Kr.), i vars mitt en central gestalt med str\u00e5lkrona och symmetriskt utbredda armar framtr\u00e4der, med tv\u00e5 stavar (ofta tolkade som spjutkastare) i h\u00e4nderna.<\/p><p>Denna s\u00e5 kallade <em>Staffgod<\/em>-gestalt identifieras regelbundet i den arkeologiska litteraturen med Viracocha, trots att Tiwanaku-kulturens egen (emiska) beteckning f\u00f6r gestalten inte \u00e4r k\u00e4nd. Karen Wise och John Janusek har i sin Tiwanaku-forskning upprepade g\u00e5nger manat till f\u00f6rsiktighet med denna identifiering.<\/p><p>Vanlig \u00e4r ocks\u00e5 kopplingen mellan Viracocha och inkarnas huvudstad Cusco med dess centrala <span class=\"iwg-fachbegriff\" data-tooltip=\"En byggnad som anv\u00e4nds f\u00f6r att dyrka en eller flera gudomligheter.\" tabindex=\"0\">tempel<\/span>, Coricancha. Enligt Sarmiento ska inkan Pachacuti ha l\u00e5tit st\u00e4lla upp en egen staty av Wiraqucha i Coricancha, en fullst\u00e4ndig guldbild som spanjorerna fortfarande fann d\u00e4r 1532.<\/p>\t\t\t\t\t\t\t\t<\/div>\n\t\t\t\t<\/div>\n\t\t\t\t\t<\/div>\n\t\t\t\t<\/div>\n\t\t<div class=\"elementor-element elementor-element-iwgw-viracocha-s3 e-flex e-con-boxed e-con e-parent\" data-id=\"iwgw-viracocha-s3\" data-element_type=\"container\" data-e-type=\"container\">\n\t\t\t\t\t<div class=\"e-con-inner\">\n\t\t\t\t<div class=\"elementor-element elementor-element-iwgw-viracocha-s3h elementor-widget elementor-widget-heading\" data-id=\"iwgw-viracocha-s3h\" data-element_type=\"widget\" data-e-type=\"widget\" data-widget_type=\"heading.default\">\n\t\t\t\t\t<h2 class=\"elementor-heading-title elementor-size-default\">Mytologiska ber\u00e4ttelser<\/h2>\t\t\t\t<\/div>\n\t\t<div class=\"elementor-element elementor-element-iwgw-viracocha-s3c e-con-full e-flex e-con e-child\" data-id=\"iwgw-viracocha-s3c\" data-element_type=\"container\" data-e-type=\"container\">\n\t\t\t\t<div class=\"elementor-element elementor-element-iwgw-viracocha-s3t elementor-widget elementor-widget-text-editor\" data-id=\"iwgw-viracocha-s3t\" data-element_type=\"widget\" data-e-type=\"widget\" data-widget_type=\"text-editor.default\">\n\t\t\t\t\t\t\t\t\t<p>Huvudmyten inleds i en period av v\u00e4rldsm\u00f6rker. Viracocha uppenbarar sig p\u00e5 <em>Isla del Sol<\/em> i Titicacasj\u00f6n och skapar f\u00f6rst en f\u00f6rsta m\u00e4nsklighet av sten, som han sedan f\u00f6rg\u00f6r i den stora floden p\u00e5 grund av dess olydnad.<\/p><p>Enligt Cristobal de Molina formar han d\u00e4refter i <em>Tiwanaku<\/em> en andra m\u00e4nsklighet av lera, tilldelar varje folkgrupp dess spr\u00e5k, dr\u00e4kt och hemland och s\u00e4nder dem ut f\u00f6r att vandra \u00f6ver Anderna.<\/p><p>D\u00e4refter vandrar Viracocha sj\u00e4lv genom Anderna mot norr, l\u00e4r m\u00e4nniskorna jordbruk, v\u00e4vning och religion, och l\u00e4mnar slutligen v\u00e4rlden vid Stillahavskusten genom att g\u00e5 ut p\u00e5 vattnet och f\u00f6rsvinna mot v\u00e4ster.<\/p><p>Detta slutavsnitt tolkades av vissa inkateologer som att Viracocha en dag skulle \u00e5terv\u00e4nda fr\u00e5n v\u00e4ster, en messiansk f\u00f6rv\u00e4ntning som under de tidiga \u00e5ren av den spanska er\u00f6vringen kortvarigt projicerades p\u00e5 conquistadorerna, vilket delvis f\u00f6rklarar inkarikets snabba milit\u00e4ra nederlag.<\/p><p>Viracochas son framtr\u00e4der i vissa k\u00e4llor som <em>Imaymana Viracocha<\/em> eller som <em>Tocapo Viracocha<\/em>, som br\u00f6der eller f\u00f6ljeslagare till skaparen och som drar genom Anderna och skapar kosmisk ordning.<\/p><p>Denna triad av de tre wiraquchas p\u00e5minde de spanska kr\u00f6nikeskrivarna om den kristna treenigheten, vilket har lett till diskussioner om en eventuell f\u00f6rkristen andinsk mission, n\u00e5got som historiskt inte kan bel\u00e4ggas.<\/p><p>En s\u00e4rskilt viktig k\u00e4lla \u00e4r <span class=\"iwg-fachbegriff\" data-tooltip=\"En traderad ber\u00e4ttelse om gudar, ursprung och v\u00e4rldens ordning.\" tabindex=\"0\">myten<\/span> om <em>Cacha-vulkanen<\/em>, \u00e5tergiven av Cieza de Leon (1553): Enligt denna kom Viracocha till Cacha, d\u00e4r inv\u00e5narna p\u00e5 grund av hans fr\u00e4mmande utseende inte ville tro honom och angrep honom.<\/p><p>Skaparen l\u00e4t d\u00e5 eld falla fr\u00e5n himlen och br\u00e4nna ner landet, tills inv\u00e5narna i Cacha ins\u00e5g sin skuld och bad om hans f\u00f6rl\u00e5telse.<\/p><p>Det arkeologiska fyndet av en vulkanisk lavab\u00e4dd vid Raqchi\/Cacha har gett <span class=\"iwg-fachbegriff\" data-tooltip=\"En traderad ber\u00e4ttelse om gudar, ursprung och v\u00e4rldens ordning.\" tabindex=\"0\">myten<\/span> en f\u00f6rklarlig geologisk koppling. Sarmiento de Gamboa ber\u00e4ttar att inkafolket senare p\u00e5 denna plats uppf\u00f6rde det stora dubbeltemplet med de h\u00f6ga adobemurarna, vars ruiner fortfarande dominerar dalen idag.<\/p>\t\t\t\t\t\t\t\t<\/div>\n\t\t\t\t<\/div>\n\t\t\t\t\t<\/div>\n\t\t\t\t<\/div>\n\t\t<div class=\"elementor-element elementor-element-iwgw-viracocha-s4 e-flex e-con-boxed e-con e-parent\" data-id=\"iwgw-viracocha-s4\" data-element_type=\"container\" data-e-type=\"container\">\n\t\t\t\t\t<div class=\"e-con-inner\">\n\t\t\t\t<div class=\"elementor-element elementor-element-iwgw-viracocha-s4h elementor-widget elementor-widget-heading\" data-id=\"iwgw-viracocha-s4h\" data-element_type=\"widget\" data-e-type=\"widget\" data-widget_type=\"heading.default\">\n\t\t\t\t\t<h2 class=\"elementor-heading-title elementor-size-default\">Kult och v\u00f6rdnad<\/h2>\t\t\t\t<\/div>\n\t\t<div class=\"elementor-element elementor-element-iwgw-viracocha-s4c e-con-full e-flex e-con e-child\" data-id=\"iwgw-viracocha-s4c\" data-element_type=\"container\" data-e-type=\"container\">\n\t\t\t\t<div class=\"elementor-element elementor-element-iwgw-viracocha-s4t elementor-widget elementor-widget-text-editor\" data-id=\"iwgw-viracocha-s4t\" data-element_type=\"widget\" data-e-type=\"widget\" data-widget_type=\"text-editor.default\">\n\t\t\t\t\t\t\t\t\t<p>Den specifika Viracocha-<span class=\"iwg-fachbegriff\" data-tooltip=\"Helheten av de religi\u00f6sa v\u00f6rdnadshandlingar som \u00e4gnas en gudom eller helig gestalt.\" tabindex=\"0\">kulten<\/span> var mindre institutionellt utformad \u00e4n Inti-<span class=\"iwg-fachbegriff\" data-tooltip=\"Helheten av de religi\u00f6sa v\u00f6rdnadshandlingar som \u00e4gnas en gudom eller helig gestalt.\" tabindex=\"0\">kulten<\/span>. Huvudkultplatserna l\u00e5g i Coricancha i Cusco, d\u00e4r en egen Viracocha-kammare existerade, samt i de f\u00f6rinkaiska helgedomarna i Pacaritambo, Tiwanaku och Isla del Sol.<\/p><p>\u00c4ven det stora kultkomplexet i Pachacamac vid den peruanska Stillahavskusten tillskrevs av vissa kr\u00f6nikeskrivare Viracocha, \u00e4ven om det snarare var den orakelaktiga h\u00f6gguden <a href=\"https:\/\/iwell-guard.com\/sv\/pachakamak-oraklets-gud-anderna\/\">Pachakamak<\/a> som dyrkades d\u00e4r.<\/p><p>Inkan Pachacuti (reg. 1438, 1471) betraktas enligt Sarmiento de Gamboa som en stor fr\u00e4mjare av Viracocha-kulten. Pachacuti ska i en vision ha h\u00f6rt skaparens r\u00f6st och d\u00e4refter ha l\u00e5tit uppf\u00f6ra <span class=\"iwg-fachbegriff\" data-tooltip=\"En byggnad som tj\u00e4nar till dyrkan av en eller flera gudomar.\" tabindex=\"0\">tempel<\/span> b\u00e5de i Cusco och i regionen Cacha.<\/p><p>Det arkeologiska komplexet <em>Raqchi<\/em> vid San Pedro de Cacha, med sina monumentala adobemurar, identifieras traditionellt som Pachacutis stora Viracocha-<span class=\"iwg-fachbegriff\" data-tooltip=\"En byggnad som tj\u00e4nar till dyrkan av en eller flera gudomar.\" tabindex=\"0\">tempel<\/span>.<\/p><p>Den rituella offerpraxisen f\u00f6r Viracocha omfattade lamaoffer (vanligtvis en vit lamahona, till skillnad fr\u00e5n den bruna lamahonan som offrades till Inti), f\u00f6rbr\u00e4nning av majs- och kokablad samt libationer av chicha. Till skillnad fr\u00e5n Inti-<span class=\"iwg-fachbegriff\" data-tooltip=\"Helheten av de religi\u00f6sa v\u00f6rdnadshandlingar som \u00e4gnas en gudom eller helig gestalt.\" tabindex=\"0\">kulten<\/span> var tidpunkten p\u00e5 dagen inte fastst\u00e4lld, eftersom Viracocha t\u00e4nktes st\u00e5 \u00f6ver himlakropparna.<\/p>\t\t\t\t\t\t\t\t<\/div>\n\t\t\t\t<\/div>\n\t\t\t\t\t<\/div>\n\t\t\t\t<\/div>\n\t\t<div class=\"elementor-element elementor-element-iwgw-viracocha-s5 e-flex e-con-boxed e-con e-parent\" data-id=\"iwgw-viracocha-s5\" data-element_type=\"container\" data-e-type=\"container\">\n\t\t\t\t\t<div class=\"e-con-inner\">\n\t\t\t\t<div class=\"elementor-element elementor-element-iwgw-viracocha-s5h elementor-widget elementor-widget-heading\" data-id=\"iwgw-viracocha-s5h\" data-element_type=\"widget\" data-e-type=\"widget\" data-widget_type=\"heading.default\">\n\t\t\t\t\t<h2 class=\"elementor-heading-title elementor-size-default\">Skyddspraxis och apotrop\u00e4iskt<\/h2>\t\t\t\t<\/div>\n\t\t<div class=\"elementor-element elementor-element-iwgw-viracocha-s5c e-con-full e-flex e-con e-child\" data-id=\"iwgw-viracocha-s5c\" data-element_type=\"container\" data-e-type=\"container\">\n\t\t\t\t<div class=\"elementor-element elementor-element-iwgw-viracocha-s5t elementor-widget elementor-widget-text-editor\" data-id=\"iwgw-viracocha-s5t\" data-element_type=\"widget\" data-e-type=\"widget\" data-widget_type=\"text-editor.default\">\n\t\t\t\t\t\t\t\t\t<p>En specifik skyddspraxis f\u00f6r Viracocha \u00e4r knappt belagd i k\u00e4llorna. Skaparguden ans\u00e5gs inom den inkatida <span class=\"iwg-fachbegriff\" data-tooltip=\"Den vetenskapliga l\u00e4ran om Gud och om en religions tro.\" tabindex=\"0\">teologin<\/span> vara f\u00f6r avl\u00e4gsen och f\u00f6r allm\u00e4n f\u00f6r att \u00e5kallas direkt i enskilda livssituationer. Den skyddsrelaterade v\u00f6rdnaden riktades snarare mot f\u00f6rmedlargestalterna, Inti, <a href=\"https:\/\/iwell-guard.com\/sv\/illapa-aska-vadergud-inka\/\">Illapa<\/a> och de lokala bergsherrarna <em>apu<\/em>, medan Viracocha verkade som en bakomliggande ordningsprincip.<\/p><p>I akterna fr\u00e5n <em>extirpacion de idolatrias<\/em> (1600-talet) n\u00e4mns dock upprepade g\u00e5nger husamuletter i form av sm\u00e5 stenfigurer, kallade <em>conopa<\/em> eller <em>illa<\/em>, som visar samband med Viracocha-<span class=\"iwg-fachbegriff\" data-tooltip=\"Den vetenskapliga l\u00e4ran om Gud och om en religions tro.\" tabindex=\"0\">teologin<\/span>.<\/p><p>Dessa stenfigurer, oftast i form av sm\u00e5 lamor, majs- eller m\u00e4nniskofigurer, ans\u00e5gs vara f\u00f6rkroppsligande av skaparkraften, som skulle flytta in i hush\u00e5llet och skydda det. De f\u00f6rvarades i de nedre lagren av v\u00e4ggbekl\u00e4dnaden eller under h\u00e4rden och best\u00e4nktes vid festdagar med lamafett och chicha.<\/p><p>Religionsvetenskapligt relevant \u00e4r att denna conopa-praxis inte var t\u00e4nkt som magiskt tvingande, utan som ett v\u00e5rdande av en relation till den skapande v\u00e4rldssubstansen, som var levande i huset, p\u00e5 f\u00e4ltet och i hjorden. I iWell Guard-sammanhanget beskrivs denna praxis som ett historiskt fenomen, inte som en rekommendation om verkan.<\/p><p>I dagens folkreligi\u00f6sa praxis i de peruanska och bolivianska h\u00f6glandssamh\u00e4llena \u00e4r conopa-stenfigurerna i m\u00e5nga fall fortfarande i bruk, nu under namnet <em>illa<\/em>.<\/p><p>De anv\u00e4nds framf\u00f6r allt av herdar, som f\u00f6rvarar sm\u00e5 lamafigurer av sten eller snidade alpackafigurer under d\u00f6rrtr\u00f6skeln eller i sovrummet f\u00f6r att s\u00e4kra hjordens h\u00e4lsa. Olivia Harris har i <em>Of Bread and Blood<\/em> (2000) dokumenterat den fortsatta f\u00f6rekomsten av denna praxis i aymarafolkets byar i Bolivia.<\/p>\t\t\t\t\t\t\t\t<\/div>\n\t\t\t\t<\/div>\n\t\t\t\t\t<\/div>\n\t\t\t\t<\/div>\n\t\t<div class=\"elementor-element elementor-element-iwgw-viracocha-s6 e-flex e-con-boxed e-con e-parent\" data-id=\"iwgw-viracocha-s6\" data-element_type=\"container\" data-e-type=\"container\">\n\t\t\t\t\t<div class=\"e-con-inner\">\n\t\t\t\t<div class=\"elementor-element elementor-element-iwgw-viracocha-s6h elementor-widget elementor-widget-heading\" data-id=\"iwgw-viracocha-s6h\" data-element_type=\"widget\" data-e-type=\"widget\" data-widget_type=\"heading.default\">\n\t\t\t\t\t<h2 class=\"elementor-heading-title elementor-size-default\">Paralleller i andra kulturer<\/h2>\t\t\t\t<\/div>\n\t\t<div class=\"elementor-element elementor-element-iwgw-viracocha-s6c e-con-full e-flex e-con e-child\" data-id=\"iwgw-viracocha-s6c\" data-element_type=\"container\" data-e-type=\"container\">\n\t\t\t\t<div class=\"elementor-element elementor-element-iwgw-viracocha-s6t elementor-widget elementor-widget-text-editor\" data-id=\"iwgw-viracocha-s6t\" data-element_type=\"widget\" data-e-type=\"widget\" data-widget_type=\"text-editor.default\">\n\t\t\t\t\t\t\t\t\t<p>Strukturellt kan Viracocha j\u00e4mf\u00f6ras med andra <em>deus otiosus<\/em>-figurer i religionshistorien, med skapargudar som efter skapelsen tr\u00e4der tillbaka i bakgrunden och tar emot mindre direkt <span class=\"iwg-fachbegriff\" data-tooltip=\"Summan av de religi\u00f6sa v\u00f6rdnadshandlingar som \u00e4gnas en gudom eller helig gestalt.\" tabindex=\"0\">kult<\/span> \u00e4n de yngre specialgudarna. Mircea Eliade har beskrivit detta m\u00f6nster f\u00f6r afrikanska och sibiriska religioner; Pierre Duviols och Henrique Urbano har till\u00e4mpat det p\u00e5 Viracocha.<\/p><p>Besl\u00e4ktade \u00e4r till exempel den forntida afrikanska h\u00f6gguden <em>Nyame<\/em> hos akanfolket, den polynesiska h\u00f6gguden <em>Io<\/em> hos maorierna eller den australisk-aboriginska <em>Baiame<\/em>. I alla dessa fall m\u00f6ter vi en skapare som vilar tillbakadragen i himlen, medan den vardagsn\u00e4ra religi\u00f6sa praktiken riktas mot yngre, n\u00e4rmare gudomar.<\/p><p>Inom Anderna \u00e4r Viracocha n\u00e4ra besl\u00e4ktad med kustguden Pachakamak; i vissa kr\u00f6nikor beskrivs de tv\u00e5 som far och son eller som br\u00f6der.<\/p><p>Mary Eyzaguirre har i sitt arbete om Pachakamak-<span class=\"iwg-fachbegriff\" data-tooltip=\"Summan av de religi\u00f6sa v\u00f6rdnadshandlingar som \u00e4gnas en gudom eller helig gestalt.\" tabindex=\"0\">kulten<\/span> (2003) grundligt unders\u00f6kt den teologiska sammanfl\u00e4tningen av de tv\u00e5 h\u00f6ggudarna. J\u00e4mf\u00f6rbara skapargudsfigurer finns i nordamerikansk kontext till exempel i <a href=\"https:\/\/iwell-guard.com\/sv\/wakan-tanka-stora-heliga-kraften-lakota\/\">Wakan Tanka<\/a> hos lakotafolket och i farfadersgestalten <a href=\"https:\/\/iwell-guard.com\/sv\/tunkasila-himmelsfarfar-lakota\/\">Tunkasila<\/a>.<\/p><p>Den vetenskapliga specialdiskussionen om Viracocha har dessutom v\u00e4ckt fr\u00e5gan om i vilken utstr\u00e4ckning Andernas skaparteologi ska klassificeras som monoteistisk eller polyteistisk.<\/p><p>Pierre Duviols har i <em>Cultura andina y represion<\/em> (1986) argumenterat f\u00f6r att inkatidens <span class=\"iwg-fachbegriff\" data-tooltip=\"Den vetenskapliga l\u00e4ran om Gud och om en religions tro.\" tabindex=\"0\">teologi<\/span> varken motsvarar klassisk <span class=\"iwg-fachbegriff\" data-tooltip=\"Tron p\u00e5 en enda Gud.\" tabindex=\"0\">monoteism<\/span> eller klassisk <span class=\"iwg-fachbegriff\" data-tooltip=\"Tron p\u00e5 flera gudar.\" tabindex=\"0\">polyteism<\/span>, utan snarare en form av <em>henoteism<\/em>, d\u00e4r en h\u00f6ggud f\u00f6rblir i bakgrunden medan ett stort antal l\u00e4gre v\u00e4sen dyrkas.<\/p><p>Denna kategori inf\u00f6rdes av Max M\u00fcller p\u00e5 1800-talet f\u00f6r den vediska hinduismen och \u00e4r \u00f6verf\u00f6rbar till andinska f\u00f6rh\u00e5llanden.<\/p><p>\u00c4ven j\u00e4mf\u00f6relsen med den forniranska <em>Ahura Mazda<\/em>, den mesopotamiska <em>An<\/em> eller den forngrekiska <em>Ouranos<\/em> har l\u00e4mnat sp\u00e5r i den vetenskapliga litteraturen. I alla tre fallen r\u00f6r det sig om skapargestalter som strukturellt tr\u00e4der tillbaka bakom yngre huvudgudar (Mithra, Marduk, Zeus) men som f\u00f6rblir centrala i den teologisk-filosofiska reflektionen.<\/p>\t\t\t\t\t\t\t\t<\/div>\n\t\t\t\t<\/div>\n\t\t\t\t\t<\/div>\n\t\t\t\t<\/div>\n\t\t<div class=\"elementor-element elementor-element-iwgw-viracocha-s7 e-flex e-con-boxed e-con e-parent\" data-id=\"iwgw-viracocha-s7\" data-element_type=\"container\" data-e-type=\"container\">\n\t\t\t\t\t<div class=\"e-con-inner\">\n\t\t\t\t<div class=\"elementor-element elementor-element-iwgw-viracocha-s7h elementor-widget elementor-widget-heading\" data-id=\"iwgw-viracocha-s7h\" data-element_type=\"widget\" data-e-type=\"widget\" data-widget_type=\"heading.default\">\n\t\t\t\t\t<h2 class=\"elementor-heading-title elementor-size-default\">Nutida mottagande och forskning<\/h2>\t\t\t\t<\/div>\n\t\t<div class=\"elementor-element elementor-element-iwgw-viracocha-s7c e-con-full e-flex e-con e-child\" data-id=\"iwgw-viracocha-s7c\" data-element_type=\"container\" data-e-type=\"container\">\n\t\t\t\t<div class=\"elementor-element elementor-element-iwgw-viracocha-s7t elementor-widget elementor-widget-text-editor\" data-id=\"iwgw-viracocha-s7t\" data-element_type=\"widget\" data-e-type=\"widget\" data-widget_type=\"text-editor.default\">\n\t\t\t\t\t\t\t\t\t<p>Viracocha-<span class=\"iwg-fachbegriff\" data-tooltip=\"Summan av de religi\u00f6sa v\u00f6rdnadshandlingar som \u00e4gnas en gudom eller helig gestalt.\" tabindex=\"0\">kulten<\/span> har i stort sett upph\u00f6rt i samband med er\u00f6vringen. Den spanska missionen identifierade snabbt skaparguden med den kristna Guden, vilket underl\u00e4ttade kristnandet men samtidigt l\u00e4t den sj\u00e4lvst\u00e4ndiga Viracocha-dyrkan tona bort.<\/p><p>I dagens quechuatalande samh\u00e4llen i h\u00f6glandet \u00e4r <em>Wiraqucha<\/em> inte l\u00e4ngre n\u00e5got sj\u00e4lvst\u00e4ndigt kultobjekt, utan en beteckning f\u00f6r den katolsk-kristna Guden (<em>Dios Wiraqucha<\/em>) eller f\u00f6r den v\u00f6rdnadsv\u00e4rde, gamle mannen.<\/p><p>Inom den akademiska forskningen har Viracocha som gestalt f\u00f6r en preimperial skaparteologi fortsatt betydelse. Henrique Urbano (<em>Wiraqocha y Ayar<\/em>, 1981), Pierre Duviols, Therese Bouysse-Cassagne och Cesar Itier har under de senaste decennierna visat hur de spanska kr\u00f6nikeskrivarna l\u00e4ste och delvis omformade de andinska <span class=\"iwg-fachbegriff\" data-tooltip=\"Den vetenskapliga l\u00e4ran om Gud och om en religions tro.\" tabindex=\"0\">teologi<\/span>-begreppen genom kristna glas\u00f6gon.<\/p><p>Det \u00e4r d\u00e4rf\u00f6r metodiskt sv\u00e5rt att rekonstruera den genuina pre-inka- och inkatidens Viracocha bakom kr\u00f6nikek\u00e4llorna.<\/p><p>Arkeologiskt har <em>Staffgod<\/em>-forskningen vid Tiwanaku, Chav\u00edn (med den ber\u00f6mda Raimondi-<span class=\"iwg-fachbegriff\" data-tooltip=\"En uppr\u00e4ttst\u00e5ende, inskriven eller bildprydd sten- eller tr\u00e4platta.\" tabindex=\"0\">stelen<\/span>) och Wari gett nya bel\u00e4gg f\u00f6r en m\u00f6jligen mycket l\u00e5ngt tillbakastr\u00e4ckande, kontinuerlig skapargudstradition.<\/p><p>B\u00e5gen fr\u00e5n Chav\u00edn (ca 900 f.Kr.) via Tiwanaku\/Wari (ca 500, 1000 e.Kr.) till Inka (1438, 1532) skulle, om den bekr\u00e4ftas, vara en av de l\u00e5nga b\u00e5garna i Latinamerikas religionshistoria.<\/p><p>En viktig nyare forskningslinje utg\u00f6rs av den arkeoastronomiska unders\u00f6kningen av f\u00f6rh\u00e5llandet mellan Viracocha och stj\u00e4rnhimlen. Gary Urton har i <em>At the Crossroads of the Earth and the Sky<\/em> (1981) visat att inkafolket uppfattade <em>Vintergatan<\/em> (Mayu) som en kosmisk flod som styrs genom himlen av Wiraqucha.<\/p><p>Denna kosmologiska djupstruktur f\u00f6rblev under den spanska missionen under radarn och har f\u00f6rst genom den moderna etnoastronomin blivit tillg\u00e4nglig.<\/p>\t\t\t\t\t\t\t\t<\/div>\n\t\t\t\t<\/div>\n\t\t\t\t\t<\/div>\n\t\t\t\t<\/div>\n\t\t<div class=\"elementor-element elementor-element-iwgw-viracocha-s8 e-flex e-con-boxed e-con e-parent\" data-id=\"iwgw-viracocha-s8\" data-element_type=\"container\" data-e-type=\"container\">\n\t\t\t\t\t<div class=\"e-con-inner\">\n\t\t\t\t<div class=\"elementor-element elementor-element-iwgw-viracocha-s8h elementor-widget elementor-widget-heading\" data-id=\"iwgw-viracocha-s8h\" data-element_type=\"widget\" data-e-type=\"widget\" data-widget_type=\"heading.default\">\n\t\t\t\t\t<h2 class=\"elementor-heading-title elementor-size-default\">Litteratur och k\u00e4llor<\/h2>\t\t\t\t<\/div>\n\t\t<div class=\"elementor-element elementor-element-iwgw-viracocha-s8c e-con-full e-flex e-con e-child\" data-id=\"iwgw-viracocha-s8c\" data-element_type=\"container\" data-e-type=\"container\">\n\t\t\t\t<div class=\"elementor-element elementor-element-iwgw-viracocha-s8t elementor-widget elementor-widget-text-editor\" data-id=\"iwgw-viracocha-s8t\" data-element_type=\"widget\" data-e-type=\"widget\" data-widget_type=\"text-editor.default\">\n\t\t\t\t\t\t\t\t\t<p>F\u00f6ljande urval listar centrala verk inom andinsk etnologi och religionshistoria om Viracocha-fr\u00e5gan, med s\u00e4rskilt fokus p\u00e5 det teologisk-filosofiska djupskiktet i inkatidens religion.<\/p>\t\t\t\t\t\t\t\t<\/div>\n\t\t\t\t<\/div>\n\t\t\t\t\t<\/div>\n\t\t\t\t<\/div>\n\t\t<div class=\"elementor-element elementor-element-cp20b19ce8 e-flex e-con-boxed e-con e-parent\" data-id=\"cp20b19ce8\" data-element_type=\"container\" data-e-type=\"container\">\n\t\t\t\t\t<div class=\"e-con-inner\">\n\t\t\t\t<div class=\"elementor-element elementor-element-cp2cd2ff6b elementor-widget elementor-widget-heading\" data-id=\"cp2cd2ff6b\" data-element_type=\"widget\" data-e-type=\"widget\" data-widget_type=\"heading.default\">\n\t\t\t\t\t<h2 class=\"elementor-heading-title elementor-size-default\">Viracocha i 1500-talets kr\u00f6nikor<\/h2>\t\t\t\t<\/div>\n\t\t<div class=\"elementor-element elementor-element-cp270124ee e-flex e-con-boxed e-con e-child\" data-id=\"cp270124ee\" data-element_type=\"container\" data-e-type=\"container\">\n\t\t\t\t\t<div class=\"e-con-inner\">\n\t\t\t\t<div class=\"elementor-element elementor-element-cp2c92af90 elementor-widget elementor-widget-text-editor\" data-id=\"cp2c92af90\" data-element_type=\"widget\" data-e-type=\"widget\" data-widget_type=\"text-editor.default\">\n\t\t\t\t\t\t\t\t\t<p>N\u00e4stan allt som \u00e4r k\u00e4nt om Viracocha kommer fr\u00e5n spanska och mestisiska kr\u00f6nikor som skrevs efter er\u00f6vringen av Inkariket.<\/p><p>Till de viktigaste k\u00e4llorna h\u00f6r verken av Juan de Betanzos, som var gift med en kvinna ur inkaadeln och skrev omkring 1551, av Pedro Cieza de Le\u00f3n, av Crist\u00f3bal de Molina fr\u00e5n Cusco samt det omfattande verket av Bernab\u00e9 Cobo fr\u00e5n 1600-talet.<\/p><p>Dessa texter \u00f6verensst\u00e4mmer i grunddragen men skiljer sig avsev\u00e4rt \u00e5t i detaljerna.<\/p><p>I kr\u00f6nikorna framtr\u00e4der Viracocha som en skapargestalt som vid Titicacasj\u00f6n frambringar v\u00e4rlden, solen, m\u00e5nen och de f\u00f6rsta m\u00e4nniskorna, och d\u00e4refter vandrar genom landet tills han slutligen f\u00f6rsvinner \u00f6ver havet.<\/p><p>Forskningen har tidigt uppm\u00e4rksammat att denna ber\u00e4ttelse kan vara starkt anpassad till europeiska f\u00f6rest\u00e4llningar. Vissa kr\u00f6nikeskrivare tenderade att likna Viracocha vid en h\u00f6gsta, n\u00e4stan monoteistisk gud, vilket gynnade de missionerande intressena att finna en anknytningspunkt till den kristna skaparguden.<\/p><p>Sabine MacCormack och andra har visat att kr\u00f6nikorna delvis stiliserade Viracocha till en abstrakt h\u00f6gsta varelse, som kanske inte stod i centrum av den f\u00f6rkoloniala <span class=\"iwg-fachbegriff\" data-tooltip=\"Summan av de religi\u00f6sa v\u00f6rdnadshandlingar som \u00e4gnas en gudom eller helig gestalt.\" tabindex=\"0\">kulten<\/span>. Ytterligare komplicerar det att Viracocha \u00e4ven var namnet p\u00e5 en historisk inkah\u00e4rskare, och att spanska betraktare inte alltid h\u00f6ll de tv\u00e5 is\u00e4r.<\/p><p>En seri\u00f6s framst\u00e4llning m\u00e5ste d\u00e4rf\u00f6r betona att den \u00f6verl\u00e4mnade bilden av Viracocha inneh\u00e5ller ett kolonialt konstrukt, vars f\u00f6rkoloniala grund bara os\u00e4kert kan rekonstrueras. F\u00f6r den regionala religi\u00f6sa praktiken hos inkafolket, se \u00e4ven <a href=\"https:\/\/iwell-guard.com\/sv\/inti-inkas-solgud\/\">Inti<\/a>.<\/p>\t\t\t\t\t\t\t\t<\/div>\n\t\t\t\t\t<\/div>\n\t\t\t\t<\/div>\n\t\t\t\t\t<\/div>\n\t\t\t\t<\/div>\n\t\t<div class=\"elementor-element elementor-element-cp287f08ac e-flex e-con-boxed e-con e-parent\" data-id=\"cp287f08ac\" data-element_type=\"container\" data-e-type=\"container\">\n\t\t\t\t\t<div class=\"e-con-inner\">\n\t\t\t\t<div class=\"elementor-element elementor-element-cp286b8694 elementor-widget elementor-widget-heading\" data-id=\"cp286b8694\" data-element_type=\"widget\" data-e-type=\"widget\" data-widget_type=\"heading.default\">\n\t\t\t\t\t<h2 class=\"elementor-heading-title elementor-size-default\">Striden om Viracocha som h\u00f6gsta gud<\/h2>\t\t\t\t<\/div>\n\t\t<div class=\"elementor-element elementor-element-cp2779dfd9 e-flex e-con-boxed e-con e-child\" data-id=\"cp2779dfd9\" data-element_type=\"container\" data-e-type=\"container\">\n\t\t\t\t\t<div class=\"e-con-inner\">\n\t\t\t\t<div class=\"elementor-element elementor-element-cp27b87720 elementor-widget elementor-widget-text-editor\" data-id=\"cp27b87720\" data-element_type=\"widget\" data-e-type=\"widget\" data-widget_type=\"text-editor.default\">\n\t\t\t\t\t\t\t\t\t<p>En l\u00e5ngvarig debatt inom andesforskningen handlar om fr\u00e5gan huruvida Viracocha i det f\u00f6rkoloniala Inkariket var en h\u00f6gsta gud som stod \u00f6ver de andra gudomarna.<\/p><p>I slutet av 1800-talet och b\u00f6rjan av 1900-talet ans\u00e5g vissa forskare att inkafolket, under ytan av soldyrkan, hade tillbett en abstrakt skapargud som l\u00e5g n\u00e4ra den kristna gudsuppfattningen. Denna syn st\u00e4mde v\u00e4l med teorier som s\u00f6kte en tendens till <span class=\"iwg-fachbegriff\" data-tooltip=\"Tron p\u00e5 en enda gud.\" tabindex=\"0\">monoteism<\/span> i h\u00f6gkulturer.<\/p><p>Senare forskning har tydligt relativerat denna tolkning. Kritiker som Pierre Duviols och R. T. Zuidema p\u00e5pekade att de k\u00e4llor som beskriver Viracocha som h\u00f6gsta gud n\u00e4stan alla \u00e4r p\u00e5verkade av mission\u00e4rst\u00e4nkande.<\/p><p>I den faktiskt belagda <span class=\"iwg-fachbegriff\" data-tooltip=\"Summan av de religi\u00f6sa v\u00f6rdnadshandlingar som \u00e4gnas en gudom eller helig gestalt.\" tabindex=\"0\">kulten<\/span> hos inkafolket stod solguden i centrum f\u00f6r den statliga dyrkan, med Coricancha i Cusco som det viktigaste <span class=\"iwg-fachbegriff\" data-tooltip=\"En helig plats \u00e4gnad \u00e5t dyrkan av en gudom.\" tabindex=\"0\">helgedomen<\/span>. Viracocha hade visserligen ett <span class=\"iwg-fachbegriff\" data-tooltip=\"En byggnad som anv\u00e4nds f\u00f6r dyrkan av en eller flera gudomar.\" tabindex=\"0\">tempel<\/span> och en <span class=\"iwg-fachbegriff\" data-tooltip=\"Summan av de religi\u00f6sa v\u00f6rdnadshandlingar som \u00e4gnas en gudom eller helig gestalt.\" tabindex=\"0\">kult<\/span>, men hans p\u00e5st\u00e5dda \u00f6verordning \u00f6ver alla andra gudomar \u00e4r sv\u00e5r att bel\u00e4gga i k\u00e4llorna.<\/p><p>Dagens forskning tenderar mot en mellanposition. Viracocha var en betydande skapar- och ursprungsgestalt vars dyrkan var viktig regionalt och i vissa sammanhang, men inte utgjorde centrum f\u00f6r ett monoteistiskt t\u00e4nkt system.<\/p><p>F\u00f6rest\u00e4llningen om Viracocha som h\u00f6gsta gud betraktas idag i stor utstr\u00e4ckning som en produkt av den koloniala <span class=\"iwg-fachbegriff\" data-tooltip=\"Den vetenskapliga l\u00e4ran om Gud och en religions tro.\" tabindex=\"0\">teologin<\/span>, som s\u00f6kte en motsvarighet till sin egen gudsbild i den andinska religionen.<\/p><p>Fallet \u00e4r inom <span class=\"iwg-fachbegriff\" data-tooltip=\"Vetenskapen som unders\u00f6ker religioner j\u00e4mf\u00f6rande och utan trosbundenhet.\" tabindex=\"0\">religionsvetenskapen<\/span> ett ofta n\u00e4mnt exempel p\u00e5 hur missionerande intressen kan p\u00e5verka rekonstruktionen av en f\u00f6rsvunnen religion. F\u00f6r framst\u00e4llningen av Viracocha inneb\u00e4r det att varje uttalande om hans rang i <span class=\"iwg-fachbegriff\" data-tooltip=\"Summan av gudarna i en religion eller kultur.\" tabindex=\"0\">pantheon<\/span> m\u00e5ste f\u00f6rses med reservation.<\/p>\t\t\t\t\t\t\t\t<\/div>\n\t\t\t\t\t<\/div>\n\t\t\t\t<\/div>\n\t\t\t\t\t<\/div>\n\t\t\t\t<\/div>\n\t\t<div class=\"elementor-element elementor-element-iwgw-viracocha-lit e-flex e-con-boxed e-con e-parent\" data-id=\"iwgw-viracocha-lit\" data-element_type=\"container\" data-e-type=\"container\">\n\t\t\t\t\t<div class=\"e-con-inner\">\n\t\t\t\t<div class=\"elementor-element elementor-element-iwgw-viracocha-lith elementor-widget elementor-widget-heading\" data-id=\"iwgw-viracocha-lith\" data-element_type=\"widget\" data-e-type=\"widget\" data-widget_type=\"heading.default\">\n\t\t\t\t\t<h2 class=\"elementor-heading-title elementor-size-default\">Litteratur (urval)<\/h2>\t\t\t\t<\/div>\n\t\t<div class=\"elementor-element elementor-element-iwgw-viracocha-litc e-con-full e-flex e-con e-child\" data-id=\"iwgw-viracocha-litc\" data-element_type=\"container\" data-e-type=\"container\">\n\t\t\t\t<div class=\"elementor-element elementor-element-iwgw-viracocha-litt elementor-widget elementor-widget-text-editor\" data-id=\"iwgw-viracocha-litt\" data-element_type=\"widget\" data-e-type=\"widget\" data-widget_type=\"text-editor.default\">\n\t\t\t\t\t\t\t\t\t<ul><li>Henrique Urbano: <em>Wiraqocha y Ayar<\/em> (1981)<\/li><li>Pierre Duviols: <em>La lutte contre les religions autochtones<\/em> (1971)<\/li><li>Therese Bouysse-Cassagne: <em>Lluvias y cenizas<\/em> (1988)<\/li><li>Cesar Itier: <em>Les Incas<\/em> (2008)<\/li><li>Pedro Sarmiento de Gamboa: <em>Historia indica<\/em> (1572)<\/li><li>Cristobal de Molina: <em>Relacion de las fabulas y ritos de los Incas<\/em> (1575)<\/li><li>John Janusek: <em>Ancient Tiwanaku<\/em> (2008)<\/li><\/ul>\t\t\t\t\t\t\t\t<\/div>\n\t\t\t\t<\/div>\n\t\t\t\t\t<\/div>\n\t\t\t\t<\/div>\n\t\t<div class=\"elementor-element elementor-element-iwgkw2-add-viracocha e-flex e-con-boxed e-con e-parent\" data-id=\"iwgkw2-add-viracocha\" data-element_type=\"container\" data-e-type=\"container\">\n\t\t\t\t\t<div class=\"e-con-inner\">\n\t\t\t\t<div class=\"elementor-element elementor-element-iwgkw2-add-viracocha-t elementor-widget elementor-widget-text-editor\" data-id=\"iwgkw2-add-viracocha-t\" data-element_type=\"widget\" data-e-type=\"widget\" data-widget_type=\"text-editor.default\">\n\t\t\t\t\t\t\t\t\t<p>I de andinska traditionerna betraktas Viracocha som en <em>kosmisk<\/em> <em>ordningsskapare<\/em> som satte sol, m\u00e5ne och stj\u00e4rnor och frambringade m\u00e4nniskorna ur vattnet i Titicacasj\u00f6n; de spanska kr\u00f6nikeskrivarna Cieza de Le\u00f3n och Betanzos dokumenterar <span class=\"iwg-fachbegriff\" data-tooltip=\"Summan av gudarna i en religion eller kultur.\" tabindex=\"0\">pantheon<\/span>.<\/p>\t\t\t\t\t\t\t\t<\/div>\n\t\t\t\t\t<\/div>\n\t\t\t\t<\/div>\n\t\t<div class=\"elementor-element elementor-element-iwgw-viracocha-kwd e-flex e-con-boxed e-con e-parent\" data-id=\"iwgw-viracocha-kwd\" data-element_type=\"container\" data-e-type=\"container\">\n\t\t\t\t\t<div class=\"e-con-inner\">\n\t\t<div class=\"elementor-element elementor-element-iwgw-viracocha-kwdc e-con-full e-flex e-con e-child\" data-id=\"iwgw-viracocha-kwdc\" data-element_type=\"container\" data-e-type=\"container\">\n\t\t\t\t<div class=\"elementor-element elementor-element-iwgw-viracocha-kwdt elementor-widget elementor-widget-text-editor\" data-id=\"iwgw-viracocha-kwdt\" data-element_type=\"widget\" data-e-type=\"widget\" data-widget_type=\"text-editor.default\">\n\t\t\t\t\t\t\t\t\t<p><em>Relaterade nyckelbegrepp: Viracocha Wiraqucha Tunupa Pachayachachiq Tiwanaku Staffgod Pacaritambo Raqchi Cacha.<\/em><\/p>\t\t\t\t\t\t\t\t<\/div>\n\t\t\t\t<\/div>\n\t\t\t\t\t<\/div>\n\t\t\t\t<\/div>\n\t\t<div class=\"elementor-element elementor-element-iwgw-viracocha-cc e-flex e-con-boxed e-con e-parent\" data-id=\"iwgw-viracocha-cc\" data-element_type=\"container\" data-e-type=\"container\" id=\"iwg-cc-viracocha\">\n\t\t\t\t\t<div class=\"e-con-inner\">\n\t\t<div class=\"elementor-element elementor-element-iwgw-viracocha-ccinner e-flex e-con-boxed e-con e-parent\" data-id=\"iwgw-viracocha-ccinner\" data-element_type=\"container\" data-e-type=\"container\" data-settings=\"{&quot;background_background&quot;:&quot;classic&quot;}\">\n\t\t\t\t\t<div class=\"e-con-inner\">\n\t\t\t\t<div class=\"elementor-element elementor-element-iwgw-viracocha-cch elementor-widget elementor-widget-heading\" data-id=\"iwgw-viracocha-cch\" data-element_type=\"widget\" data-e-type=\"widget\" data-widget_type=\"heading.default\">\n\t\t\t\t\t<h2 class=\"elementor-heading-title elementor-size-default\">iWell Guard och skyddstraditioner<\/h2>\t\t\t\t<\/div>\n\t\t\t\t<div class=\"elementor-element elementor-element-iwgw-viracocha-cct elementor-widget elementor-widget-text-editor\" data-id=\"iwgw-viracocha-cct\" data-element_type=\"widget\" data-e-type=\"widget\" data-widget_type=\"text-editor.default\">\n\t\t\t\t\t\t\t\t\t<div data-nosnippet=\"true\"><p>iWell Guard ansluter till den kulturhistoriska traditionen av b\u00e4rbara skyddsf\u00f6rem\u00e5l, i traditionen fr\u00e5n <a href=\"https:\/\/iwell-guard.com\/sv\/andeska-kulturer-inka-inti-pachamama-viracocha\/\">Anderna \/ Inkariket<\/a> och m\u00e5nga andra kulturer v\u00e4rlden \u00f6ver. 41 niv\u00e5er, \u00e4kta guld, platina, silver, tillverkad i Tyskland. 30 dagars \u00f6ppet k\u00f6p.<\/p><\/div>\t\t\t\t\t\t\t\t<\/div>\n\t\t\t\t<div class=\"elementor-element elementor-element-iwgw-viracocha-ccb iwg-cc-button iwg-cc-cta-2026-05-13 elementor-widget elementor-widget-jet-button\" data-id=\"iwgw-viracocha-ccb\" data-element_type=\"widget\" data-e-type=\"widget\" data-widget_type=\"jet-button.default\">\n\t\t\t\t<div class=\"elementor-widget-container\">\n\t\t\t\t\t<div class=\"elementor-jet-button jet-elements\"><div class=\"jet-button__container\"><a class=\"jet-button__instance jet-button__instance--icon-left hover-effect-1\" href=\"\/ueber-iwell-guard\/?utm_source=iwell-guard.com&amp;utm_medium=info-box&amp;utm_campaign=wesen-tradition\"><div class=\"jet-button__plane jet-button__plane-normal\"><\/div><div class=\"jet-button__plane jet-button__plane-hover\"><\/div><div class=\"jet-button__state jet-button__state-normal\"><span class=\"jet-button__label\">Mer om iWell Guard<\/span><\/div><div class=\"jet-button__state jet-button__state-hover\"><span class=\"jet-button__label\">Mer om iWell Guard<\/span><\/div><\/a><\/div><\/div><style>.elementor-element.elementor-element-iwgw-viracocha-ccb .jet-button__instance{width:320px;height:56px;}.elementor-element.elementor-element-iwgw-viracocha-ccb .jet-button__state-normal .jet-button__label{text-align:center;margin:0px 0px 0px 0px;color:#1a1b20;font-family:Montserrat,sans-serif;font-size:13px;font-weight:400;letter-spacing:4px;line-height:1.714em;text-transform:uppercase;}.elementor-element.elementor-element-iwgw-viracocha-ccb .jet-button__state-hover .jet-button__label{text-align:center;margin:0px 0px 0px 0px;color:#FECC76;font-family:Montserrat,sans-serif;font-size:13px;font-weight:400;letter-spacing:4px;line-height:1.714em;text-transform:uppercase;}.elementor-element.elementor-element-iwgw-viracocha-ccb .jet-button__plane-normal{background-color:#FECC76;border-style:solid;border-color:#C99540;border-width:2px 2px 2px 2px;}.elementor-element.elementor-element-iwgw-viracocha-ccb .jet-button__plane-hover{background-color:rgba(0,0,0,0.55);border-style:solid;border-color:#FECC76;border-width:2px 2px 2px 2px;}<\/style>\t\t\t\t<\/div>\n\t\t\t\t<\/div>\n\t\t\t\t<div class=\"elementor-element elementor-element-iwgw-viracocha-ccd elementor-widget elementor-widget-text-editor\" data-id=\"iwgw-viracocha-ccd\" data-element_type=\"widget\" data-e-type=\"widget\" data-widget_type=\"text-editor.default\">\n\t\t\t\t\t\t\t\t\t<div data-nosnippet=\"true\"><p style=\"text-align:center;font-size:13px;opacity:0.7;margin-top:14px\" data-nosnippet=\"true\">Personliga erfarenheter kan variera. Ingen medicinteknisk produkt. Inget l\u00f6fte om l\u00e4kning.<\/p><\/div>\t\t\t\t\t\t\t\t<\/div>\n\t\t\t\t\t<\/div>\n\t\t\t\t<\/div>\n\t\t\t\t\t<\/div>\n\t\t\t\t<\/div>\n\t\t<div class=\"elementor-element elementor-element-iwgw-viracocha-disc e-flex e-con-boxed e-con e-parent\" data-id=\"iwgw-viracocha-disc\" data-element_type=\"container\" data-e-type=\"container\">\n\t\t\t\t\t<div class=\"e-con-inner\">\n\t\t\t\t<div class=\"elementor-element elementor-element-iwgw-viracocha-discw elementor-widget elementor-widget-html\" data-id=\"iwgw-viracocha-discw\" data-element_type=\"widget\" data-e-type=\"widget\" data-widget_type=\"html.default\">\n\t\t\t\t\t<footer data-nosnippet=\"true\" class=\"iwg-disclaimer-block\"><p data-nosnippet=\"true\">iWell Guard \u00e4r <strong>ingen medicinteknisk produkt<\/strong> och ers\u00e4tter inte l\u00e4karv\u00e5rd eller psykoterapeutisk behandling. De religionsvetenskapliga inneh\u00e5llen \u00e4r kulturhistorisk inordning, ingen andlig praxisrekommendation.<\/p><\/footer>\t\t\t\t<\/div>\n\t\t\t\t\t<\/div>\n\t\t\t\t<\/div>\n\t\t\t\t<\/div>\n\t\t","protected":false},"excerpt":{"rendered":"","protected":false},"author":3,"featured_media":2684,"parent":0,"menu_order":0,"comment_status":"closed","ping_status":"closed","template":"elementor_header_footer","meta":{"_yoast_wpseo_focuskw":"Viracocha skapargud Inka","_yoast_wpseo_title":"Viracocha \u2013 inkafolkets skapargud och myt","_yoast_wpseo_metadesc":"Viracocha, skapargud i Anderna, betraktas i de tidiga kr\u00f6nikorna som det h\u00f6gsta v\u00e4sendet f\u00f6re Inti. Religionsvetenskaplig genomg\u00e5ng med kult.","_yoast_wpseo_meta-robots-noindex":"","_yoast_wpseo_canonical":"","_angie_page":false,"gefaehrdungsstufe":"1","wesen_kultur":"anden-inka","wesen_klasse":"goetter","footnotes":""},"categories":[],"class_list":["post-136824","page","type-page","status-publish","has-post-thumbnail","hentry"],"yoast_head":"<!-- This site is optimized with the Yoast SEO Premium plugin v27.7 (Yoast SEO v28.3) - https:\/\/yoast.com\/product\/yoast-seo-premium-wordpress\/ -->\n<title>Viracocha \u2013 inkafolkets skapargud och myt<\/title>\n<meta name=\"description\" content=\"Viracocha, skapargud i Anderna, betraktas i de tidiga kr\u00f6nikorna som det h\u00f6gsta v\u00e4sendet f\u00f6re Inti. Religionsvetenskaplig genomg\u00e5ng med kult.\" \/>\n<meta name=\"robots\" content=\"index, follow, max-snippet:-1, max-image-preview:large, max-video-preview:-1\" \/>\n<link rel=\"canonical\" href=\"https:\/\/iwell-guard.com\/sv\/viracocha-skapargud-anderna\/\" \/>\n<meta property=\"og:locale\" content=\"sv_SE\" \/>\n<meta property=\"og:type\" content=\"article\" \/>\n<meta property=\"og:title\" content=\"Viracocha \u2013 skapargud i Anderna\" \/>\n<meta property=\"og:description\" content=\"Viracocha, skapargud i Anderna, betraktas i de tidiga kr\u00f6nikorna som det h\u00f6gsta v\u00e4sendet f\u00f6re Inti. Religionsvetenskaplig genomg\u00e5ng med kult.\" \/>\n<meta property=\"og:url\" content=\"https:\/\/iwell-guard.com\/sv\/viracocha-skapargud-anderna\/\" \/>\n<meta property=\"og:site_name\" content=\"iWell Guard\" \/>\n<meta property=\"article:modified_time\" content=\"2026-09-03T01:12:55+00:00\" \/>\n<meta property=\"og:image\" content=\"https:\/\/iwell-guard.com\/wp-content\/uploads\/2026\/05\/goetter_anden-inka_viracocha.webp\" \/>\n\t<meta property=\"og:image:width\" content=\"1024\" \/>\n\t<meta property=\"og:image:height\" content=\"1536\" \/>\n\t<meta property=\"og:image:type\" content=\"image\/webp\" \/>\n<meta name=\"twitter:card\" content=\"summary_large_image\" \/>\n<script type=\"application\/ld+json\" class=\"yoast-schema-graph\">{\"@context\":\"https:\\\/\\\/schema.org\",\"@graph\":[{\"@type\":\"WebPage\",\"@id\":\"https:\\\/\\\/iwell-guard.com\\\/sv\\\/viracocha-skapargud-anderna\\\/\",\"url\":\"https:\\\/\\\/iwell-guard.com\\\/sv\\\/viracocha-skapargud-anderna\\\/\",\"name\":\"Viracocha \u2013 inkafolkets skapargud och myt\",\"isPartOf\":{\"@id\":\"https:\\\/\\\/iwell-guard.com\\\/sv\\\/#website\"},\"primaryImageOfPage\":{\"@id\":\"https:\\\/\\\/iwell-guard.com\\\/sv\\\/viracocha-skapargud-anderna\\\/#primaryimage\"},\"image\":{\"@id\":\"https:\\\/\\\/iwell-guard.com\\\/sv\\\/viracocha-skapargud-anderna\\\/#primaryimage\"},\"thumbnailUrl\":\"https:\\\/\\\/iwell-guard.com\\\/wp-content\\\/uploads\\\/2026\\\/05\\\/goetter_anden-inka_viracocha.webp\",\"datePublished\":\"2026-09-03T00:10:22+00:00\",\"dateModified\":\"2026-09-03T01:12:55+00:00\",\"description\":\"Viracocha, skapargud i Anderna, betraktas i de tidiga kr\u00f6nikorna som det h\u00f6gsta v\u00e4sendet f\u00f6re Inti. Religionsvetenskaplig genomg\u00e5ng med kult.\",\"breadcrumb\":{\"@id\":\"https:\\\/\\\/iwell-guard.com\\\/sv\\\/viracocha-skapargud-anderna\\\/#breadcrumb\"},\"inLanguage\":\"sv-SE\",\"potentialAction\":[{\"@type\":\"ReadAction\",\"target\":[\"https:\\\/\\\/iwell-guard.com\\\/sv\\\/viracocha-skapargud-anderna\\\/\"]}]},{\"@type\":\"ImageObject\",\"inLanguage\":\"sv-SE\",\"@id\":\"https:\\\/\\\/iwell-guard.com\\\/sv\\\/viracocha-skapargud-anderna\\\/#primaryimage\",\"url\":\"https:\\\/\\\/iwell-guard.com\\\/wp-content\\\/uploads\\\/2026\\\/05\\\/goetter_anden-inka_viracocha.webp\",\"contentUrl\":\"https:\\\/\\\/iwell-guard.com\\\/wp-content\\\/uploads\\\/2026\\\/05\\\/goetter_anden-inka_viracocha.webp\",\"width\":1024,\"height\":1536,\"caption\":\"Gudar fr\u00e5n den andinsk-inkaiska traditionen.\"},{\"@type\":\"BreadcrumbList\",\"@id\":\"https:\\\/\\\/iwell-guard.com\\\/sv\\\/viracocha-skapargud-anderna\\\/#breadcrumb\",\"itemListElement\":[{\"@type\":\"ListItem\",\"position\":1,\"name\":\"Start\",\"item\":\"https:\\\/\\\/iwell-guard.com\\\/sv\\\/?page_id=136483\"},{\"@type\":\"ListItem\",\"position\":2,\"name\":\"Viracocha \u2013 skapargud i Anderna\"}]},{\"@type\":\"WebSite\",\"@id\":\"https:\\\/\\\/iwell-guard.com\\\/sv\\\/#website\",\"url\":\"https:\\\/\\\/iwell-guard.com\\\/sv\\\/\",\"name\":\"iWell Guard\",\"description\":\"Schutz vor dunklen Einfl\u00fcssen\",\"publisher\":{\"@id\":\"https:\\\/\\\/iwell-guard.com\\\/sv\\\/#organization\"},\"potentialAction\":[{\"@type\":\"SearchAction\",\"target\":{\"@type\":\"EntryPoint\",\"urlTemplate\":\"https:\\\/\\\/iwell-guard.com\\\/sv\\\/?s={search_term_string}\"},\"query-input\":{\"@type\":\"PropertyValueSpecification\",\"valueRequired\":true,\"valueName\":\"search_term_string\"}}],\"inLanguage\":\"sv-SE\"},{\"@type\":\"Organization\",\"@id\":\"https:\\\/\\\/iwell-guard.com\\\/sv\\\/#organization\",\"name\":\"Ittermann electronic GmbH\",\"url\":\"https:\\\/\\\/iwell-guard.com\\\/sv\\\/\",\"logo\":{\"@type\":\"ImageObject\",\"inLanguage\":\"sv-SE\",\"@id\":\"https:\\\/\\\/iwell-guard.com\\\/sv\\\/#\\\/schema\\\/logo\\\/image\\\/\",\"url\":\"https:\\\/\\\/iwell-guard.com\\\/wp-content\\\/uploads\\\/2026\\\/05\\\/Ittermann-Logo-1182x237-1.png\",\"contentUrl\":\"https:\\\/\\\/iwell-guard.com\\\/wp-content\\\/uploads\\\/2026\\\/05\\\/Ittermann-Logo-1182x237-1.png\",\"width\":1182,\"height\":237,\"caption\":\"Ittermann electronic GmbH\"},\"image\":{\"@id\":\"https:\\\/\\\/iwell-guard.com\\\/sv\\\/#\\\/schema\\\/logo\\\/image\\\/\"},\"sameAs\":[\"https:\\\/\\\/pantip.com\\\/profile\\\/9367242\",\"https:\\\/\\\/micro.blog\\\/iwellguard\",\"https:\\\/\\\/www.diggerslist.com\\\/iwellguard\\\/about\",\"https:\\\/\\\/skitterphoto.com\\\/photographers\\\/2870314\\\/iwell-guard\",\"https:\\\/\\\/iwellguard.wordpress.com\\\/2026\\\/06\\\/06\\\/iwell-guard\\\/\",\"https:\\\/\\\/hub.docker.com\\\/u\\\/iwellguard\",\"https:\\\/\\\/www.pinterest.com\\\/iwellguard\\\/\",\"https:\\\/\\\/bit.ly\\\/m\\\/iwellguard\",\"https:\\\/\\\/entre-vos-mains.alsace.eu\\\/profiles\\\/iwellguard\\\/activity\",\"https:\\\/\\\/gravatar.com\\\/reallybeded8fd34\",\"https:\\\/\\\/naijamatta.com\\\/iwellguard\",\"https:\\\/\\\/www.goodreads.com\\\/iwellguard\",\"https:\\\/\\\/profile.hatena.ne.jp\\\/iwellguard\\\/\",\"https:\\\/\\\/experiment.com\\\/users\\\/iwellguard\",\"https:\\\/\\\/wakelet.com\\\/@iWellGuard82270\",\"https:\\\/\\\/www.chordie.com\\\/forum\\\/profile.php?id=2555664\",\"https:\\\/\\\/www.instapaper.com\\\/p\\\/17757966\",\"https:\\\/\\\/www.mapleprimes.com\\\/users\\\/iwellguard\",\"https:\\\/\\\/businesslistingplus.com\\\/profile\\\/iwell-guard\\\/\",\"https:\\\/\\\/telegra.ph\\\/iWell-Guard-06-06\",\"https:\\\/\\\/pbase.com\\\/iwellguard\\\/iwellguard\",\"https:\\\/\\\/b.hatena.ne.jp\\\/iwellguard\\\/20260607#bookmark-4788405196491818882\",\"https:\\\/\\\/fliphtml5.com\\\/home\\\/iwellguard\",\"https:\\\/\\\/anyflip.com\\\/homepage\\\/cmiwl#About\",\"https:\\\/\\\/transfur.com\\\/Users\\\/iwellguard\",\"http:\\\/\\\/delphi.larsbo.org\\\/user\\\/iwellguard\",\"https:\\\/\\\/jobs.lajobsportal.org\\\/profiles\\\/8380803-iwell-guard\",\"https:\\\/\\\/md.chaosdorf.de\\\/s\\\/jfbe5SBdJD\",\"https:\\\/\\\/www.lingvolive.com\\\/en-us\\\/profile\\\/9ecaeaca-ce11-4e51-9e71-01d55e2bff36\\\/translations\",\"https:\\\/\\\/www.fitday.com\\\/fitness\\\/forums\\\/members\\\/iwellguard.html\",\"https:\\\/\\\/www.mymeetbook.com\\\/iwellguard\",\"https:\\\/\\\/pxhere.com\\\/en\\\/photographer-me\\\/5040798\",\"https:\\\/\\\/disqus.com\\\/by\\\/iwellguard\\\/about\\\/\",\"https:\\\/\\\/pastelink.net\\\/hjwciqwq\",\"https:\\\/\\\/pubhtml5.com\\\/homepage\\\/scjhn\\\/\",\"https:\\\/\\\/www.bitchute.com\\\/channel\\\/2O2eOKzNqujT\",\"https:\\\/\\\/audiomack.com\\\/iwellguard\"]},{\"@type\":\"Article\",\"@id\":\"https:\\\/\\\/iwell-guard.com\\\/sv\\\/viracocha-skapargud-anderna\\\/#article\",\"isPartOf\":{\"@id\":\"https:\\\/\\\/iwell-guard.com\\\/sv\\\/viracocha-skapargud-anderna\\\/\"},\"author\":{\"name\":\"Ralf Ittermann\",\"@id\":\"https:\\\/\\\/iwell-guard.com\\\/sv\\\/#\\\/schema\\\/person\\\/ee2a27f1cac3406c7c6fb5820cb7349f\"},\"headline\":\"Viracocha \u2013 skapargud i Anderna\",\"datePublished\":\"2026-09-03T00:10:22+00:00\",\"dateModified\":\"2026-09-03T01:12:55+00:00\",\"mainEntityOfPage\":{\"@id\":\"https:\\\/\\\/iwell-guard.com\\\/sv\\\/viracocha-skapargud-anderna\\\/\"},\"publisher\":{\"@id\":\"https:\\\/\\\/iwell-guard.com\\\/sv\\\/#organization\"},\"image\":{\"@id\":\"https:\\\/\\\/iwell-guard.com\\\/sv\\\/viracocha-skapargud-anderna\\\/#primaryimage\"},\"thumbnailUrl\":\"https:\\\/\\\/iwell-guard.com\\\/wp-content\\\/uploads\\\/2026\\\/05\\\/goetter_anden-inka_viracocha.webp\",\"inLanguage\":\"sv-SE\",\"description\":\"Viracocha, skapargud i Anderna, betraktas i de tidiga kr\u00f6nikorna som det h\u00f6gsta v\u00e4sendet f\u00f6re Inti. Religionsvetenskaplig genomg\u00e5ng med kult.\"}]}<\/script>\n<!-- \/ Yoast SEO Premium plugin. -->","yoast_head_json":{"title":"Viracocha \u2013 inkafolkets skapargud och myt","description":"Viracocha, skapargud i Anderna, betraktas i de tidiga kr\u00f6nikorna som det h\u00f6gsta v\u00e4sendet f\u00f6re Inti. Religionsvetenskaplig genomg\u00e5ng med kult.","robots":{"index":"index","follow":"follow","max-snippet":"max-snippet:-1","max-image-preview":"max-image-preview:large","max-video-preview":"max-video-preview:-1"},"canonical":"https:\/\/iwell-guard.com\/sv\/viracocha-skapargud-anderna\/","og_locale":"sv_SE","og_type":"article","og_title":"Viracocha \u2013 skapargud i Anderna","og_description":"Viracocha, skapargud i Anderna, betraktas i de tidiga kr\u00f6nikorna som det h\u00f6gsta v\u00e4sendet f\u00f6re Inti. Religionsvetenskaplig genomg\u00e5ng med kult.","og_url":"https:\/\/iwell-guard.com\/sv\/viracocha-skapargud-anderna\/","og_site_name":"iWell Guard","article_modified_time":"2026-09-03T01:12:55+00:00","og_image":[{"width":1024,"height":1536,"url":"https:\/\/iwell-guard.com\/wp-content\/uploads\/2026\/05\/goetter_anden-inka_viracocha.webp","type":"image\/webp"}],"twitter_card":"summary_large_image","schema":{"@context":"https:\/\/schema.org","@graph":[{"@type":"Article","@id":"https:\/\/iwell-guard.com\/sv\/viracocha-skapargud-anderna\/#article","isPartOf":{"@id":"https:\/\/iwell-guard.com\/sv\/viracocha-skapargud-anderna\/"},"author":{"name":"Ralf Ittermann","@id":"https:\/\/iwell-guard.com\/sv\/#\/schema\/person\/ee2a27f1cac3406c7c6fb5820cb7349f"},"headline":"Viracocha \u2013 skapargud i Anderna","datePublished":"2026-09-03T00:10:22+00:00","dateModified":"2026-09-03T01:12:55+00:00","mainEntityOfPage":{"@id":"https:\/\/iwell-guard.com\/sv\/viracocha-skapargud-anderna\/"},"publisher":{"@id":"https:\/\/iwell-guard.com\/sv\/#organization"},"image":{"@id":"https:\/\/iwell-guard.com\/sv\/viracocha-skapargud-anderna\/#primaryimage"},"thumbnailUrl":"https:\/\/iwell-guard.com\/wp-content\/uploads\/2026\/05\/goetter_anden-inka_viracocha.webp","inLanguage":"sv-SE","description":"Viracocha, skapargud i Anderna, betraktas i de tidiga kr\u00f6nikorna som det h\u00f6gsta v\u00e4sendet f\u00f6re Inti. Religionsvetenskaplig genomg\u00e5ng med kult."},{"@type":"WebPage","@id":"https:\/\/iwell-guard.com\/sv\/viracocha-skapargud-anderna\/","url":"https:\/\/iwell-guard.com\/sv\/viracocha-skapargud-anderna\/","name":"Viracocha \u2013 inkafolkets skapargud och myt","isPartOf":{"@id":"https:\/\/iwell-guard.com\/sv\/#website"},"primaryImageOfPage":{"@id":"https:\/\/iwell-guard.com\/sv\/viracocha-skapargud-anderna\/#primaryimage"},"image":{"@id":"https:\/\/iwell-guard.com\/sv\/viracocha-skapargud-anderna\/#primaryimage"},"thumbnailUrl":"https:\/\/iwell-guard.com\/wp-content\/uploads\/2026\/05\/goetter_anden-inka_viracocha.webp","datePublished":"2026-09-03T00:10:22+00:00","dateModified":"2026-09-03T01:12:55+00:00","description":"Viracocha, skapargud i Anderna, betraktas i de tidiga kr\u00f6nikorna som det h\u00f6gsta v\u00e4sendet f\u00f6re Inti. Religionsvetenskaplig genomg\u00e5ng med kult.","breadcrumb":{"@id":"https:\/\/iwell-guard.com\/sv\/viracocha-skapargud-anderna\/#breadcrumb"},"inLanguage":"sv-SE","potentialAction":[{"@type":"ReadAction","target":["https:\/\/iwell-guard.com\/sv\/viracocha-skapargud-anderna\/"]}]},{"@type":"ImageObject","inLanguage":"sv-SE","@id":"https:\/\/iwell-guard.com\/sv\/viracocha-skapargud-anderna\/#primaryimage","url":"https:\/\/iwell-guard.com\/wp-content\/uploads\/2026\/05\/goetter_anden-inka_viracocha.webp","contentUrl":"https:\/\/iwell-guard.com\/wp-content\/uploads\/2026\/05\/goetter_anden-inka_viracocha.webp","width":1024,"height":1536,"caption":"Gudar fr\u00e5n den andinsk-inkaiska traditionen."},{"@type":"BreadcrumbList","@id":"https:\/\/iwell-guard.com\/sv\/viracocha-skapargud-anderna\/#breadcrumb","itemListElement":[{"@type":"ListItem","position":1,"name":"Start","item":"https:\/\/iwell-guard.com\/sv\/?page_id=136483"},{"@type":"ListItem","position":2,"name":"Viracocha \u2013 skapargud i Anderna"}]},{"@type":"WebSite","@id":"https:\/\/iwell-guard.com\/sv\/#website","url":"https:\/\/iwell-guard.com\/sv\/","name":"iWell Guard","description":"Schutz vor dunklen Einfl\u00fcssen","publisher":{"@id":"https:\/\/iwell-guard.com\/sv\/#organization"},"potentialAction":[{"@type":"SearchAction","target":{"@type":"EntryPoint","urlTemplate":"https:\/\/iwell-guard.com\/sv\/?s={search_term_string}"},"query-input":{"@type":"PropertyValueSpecification","valueRequired":true,"valueName":"search_term_string"}}],"inLanguage":"sv-SE"},{"@type":"Organization","@id":"https:\/\/iwell-guard.com\/sv\/#organization","name":"Ittermann electronic GmbH","url":"https:\/\/iwell-guard.com\/sv\/","logo":{"@type":"ImageObject","inLanguage":"sv-SE","@id":"https:\/\/iwell-guard.com\/sv\/#\/schema\/logo\/image\/","url":"https:\/\/iwell-guard.com\/wp-content\/uploads\/2026\/05\/Ittermann-Logo-1182x237-1.png","contentUrl":"https:\/\/iwell-guard.com\/wp-content\/uploads\/2026\/05\/Ittermann-Logo-1182x237-1.png","width":1182,"height":237,"caption":"Ittermann electronic GmbH"},"image":{"@id":"https:\/\/iwell-guard.com\/sv\/#\/schema\/logo\/image\/"},"sameAs":["https:\/\/pantip.com\/profile\/9367242","https:\/\/micro.blog\/iwellguard","https:\/\/www.diggerslist.com\/iwellguard\/about","https:\/\/skitterphoto.com\/photographers\/2870314\/iwell-guard","https:\/\/iwellguard.wordpress.com\/2026\/06\/06\/iwell-guard\/","https:\/\/hub.docker.com\/u\/iwellguard","https:\/\/www.pinterest.com\/iwellguard\/","https:\/\/bit.ly\/m\/iwellguard","https:\/\/entre-vos-mains.alsace.eu\/profiles\/iwellguard\/activity","https:\/\/gravatar.com\/reallybeded8fd34","https:\/\/naijamatta.com\/iwellguard","https:\/\/www.goodreads.com\/iwellguard","https:\/\/profile.hatena.ne.jp\/iwellguard\/","https:\/\/experiment.com\/users\/iwellguard","https:\/\/wakelet.com\/@iWellGuard82270","https:\/\/www.chordie.com\/forum\/profile.php?id=2555664","https:\/\/www.instapaper.com\/p\/17757966","https:\/\/www.mapleprimes.com\/users\/iwellguard","https:\/\/businesslistingplus.com\/profile\/iwell-guard\/","https:\/\/telegra.ph\/iWell-Guard-06-06","https:\/\/pbase.com\/iwellguard\/iwellguard","https:\/\/b.hatena.ne.jp\/iwellguard\/20260607#bookmark-4788405196491818882","https:\/\/fliphtml5.com\/home\/iwellguard","https:\/\/anyflip.com\/homepage\/cmiwl#About","https:\/\/transfur.com\/Users\/iwellguard","http:\/\/delphi.larsbo.org\/user\/iwellguard","https:\/\/jobs.lajobsportal.org\/profiles\/8380803-iwell-guard","https:\/\/md.chaosdorf.de\/s\/jfbe5SBdJD","https:\/\/www.lingvolive.com\/en-us\/profile\/9ecaeaca-ce11-4e51-9e71-01d55e2bff36\/translations","https:\/\/www.fitday.com\/fitness\/forums\/members\/iwellguard.html","https:\/\/www.mymeetbook.com\/iwellguard","https:\/\/pxhere.com\/en\/photographer-me\/5040798","https:\/\/disqus.com\/by\/iwellguard\/about\/","https:\/\/pastelink.net\/hjwciqwq","https:\/\/pubhtml5.com\/homepage\/scjhn\/","https:\/\/www.bitchute.com\/channel\/2O2eOKzNqujT","https:\/\/audiomack.com\/iwellguard"]},{"@type":"Person","@id":"https:\/\/iwell-guard.com\/sv\/#\/schema\/person\/ee2a27f1cac3406c7c6fb5820cb7349f","name":"Ralf Ittermann","image":{"@type":"ImageObject","inLanguage":"sv-SE","@id":"https:\/\/secure.gravatar.com\/avatar\/073c0153e350a5005b68eb752b445fea71f6b24a26da9449ad7e155e6b446c9d?s=96&d=mm&r=g","url":"https:\/\/secure.gravatar.com\/avatar\/073c0153e350a5005b68eb752b445fea71f6b24a26da9449ad7e155e6b446c9d?s=96&d=mm&r=g","contentUrl":"https:\/\/secure.gravatar.com\/avatar\/073c0153e350a5005b68eb752b445fea71f6b24a26da9449ad7e155e6b446c9d?s=96&d=mm&r=g","caption":"Ralf Ittermann"},"givenName":"Ralf","familyName":"Ittermann","jobTitle":"Gesch\u00e4ftsf\u00fchrer und redaktioneller Verantwortlicher","url":"https:\/\/iwell-guard.com\/sv\/author\/claude\/","description":"Ralf Ittermann ist Gesch\u00e4ftsf\u00fchrer der Ittermann electronic GmbH und redaktioneller Verantwortlicher des iWell-Guard-Lexikons. Er verbindet langj\u00e4hrige Erfahrung in der Pr\u00e4zisionsfertigung mit medialer Praxis und religionsgeschichtlicher Quellenarbeit.","worksFor":{"@type":"Organization","name":"Ittermann electronic GmbH","url":"https:\/\/ittermann.de\/","address":{"@type":"PostalAddress","streetAddress":"K\u00f6hlergasse 16-18","postalCode":"99842","addressLocality":"Ruhla","addressCountry":"DE"}},"knowsAbout":["Religionsgeschichte","Mythologie","Mediale Praxis","Energetische Diagnostik","Schutzpraxis","Volksglauben","Westliche Esoterik"]},{"@type":"Article","@id":"https:\/\/iwell-guard.com\/sv\/viracocha-skapargud-anderna\/#article","isPartOf":{"@id":"https:\/\/iwell-guard.com\/sv\/viracocha-skapargud-anderna\/"},"author":{"name":"Ralf Ittermann","@id":"https:\/\/iwell-guard.com\/sv\/#\/schema\/person\/ee2a27f1cac3406c7c6fb5820cb7349f"},"headline":"Viracocha \u2013 skapargud i Anderna","datePublished":"2026-09-03T00:10:22+00:00","dateModified":"2026-09-03T01:12:55+00:00","mainEntityOfPage":{"@id":"https:\/\/iwell-guard.com\/sv\/viracocha-skapargud-anderna\/"},"publisher":{"@id":"https:\/\/iwell-guard.com\/sv\/#organization"},"image":{"@id":"https:\/\/iwell-guard.com\/sv\/viracocha-skapargud-anderna\/#primaryimage"},"thumbnailUrl":"https:\/\/iwell-guard.com\/wp-content\/uploads\/2026\/05\/goetter_anden-inka_viracocha.webp","inLanguage":"sv-SE","description":"Viracocha, skapargud i Anderna, betraktas i de tidiga kr\u00f6nikorna som det h\u00f6gsta v\u00e4sendet f\u00f6re Inti. Religionsvetenskaplig genomg\u00e5ng med kult."}]}},"_links":{"self":[{"href":"https:\/\/iwell-guard.com\/sv\/wp-json\/wp\/v2\/pages\/136824","targetHints":{"allow":["GET"]}}],"collection":[{"href":"https:\/\/iwell-guard.com\/sv\/wp-json\/wp\/v2\/pages"}],"about":[{"href":"https:\/\/iwell-guard.com\/sv\/wp-json\/wp\/v2\/types\/page"}],"author":[{"embeddable":true,"href":"https:\/\/iwell-guard.com\/sv\/wp-json\/wp\/v2\/users\/3"}],"replies":[{"embeddable":true,"href":"https:\/\/iwell-guard.com\/sv\/wp-json\/wp\/v2\/comments?post=136824"}],"version-history":[{"count":0,"href":"https:\/\/iwell-guard.com\/sv\/wp-json\/wp\/v2\/pages\/136824\/revisions"}],"wp:featuredmedia":[{"embeddable":true,"href":"https:\/\/iwell-guard.com\/sv\/wp-json\/wp\/v2\/media\/2684"}],"wp:attachment":[{"href":"https:\/\/iwell-guard.com\/sv\/wp-json\/wp\/v2\/media?parent=136824"}],"wp:term":[{"taxonomy":"category","embeddable":true,"href":"https:\/\/iwell-guard.com\/sv\/wp-json\/wp\/v2\/categories?post=136824"}],"curies":[{"name":"wp","href":"https:\/\/api.w.org\/{rel}","templated":true}]}}