{"id":136822,"date":"2026-09-03T00:10:21","date_gmt":"2026-09-03T00:10:21","guid":{"rendered":"https:\/\/iwell-guard.com\/?page_id=136822"},"modified":"2026-09-03T01:12:53","modified_gmt":"2026-09-03T01:12:53","slug":"inti-inkas-solgud","status":"publish","type":"page","link":"https:\/\/iwell-guard.com\/sv\/inti-inkas-solgud\/","title":{"rendered":"Inti \u2013 Inkas solgud"},"content":{"rendered":"\t\t<div data-elementor-type=\"wp-page\" data-elementor-id=\"136822\" class=\"elementor elementor-136822 elementor-2574 elementor-bc-flex-widget\" data-elementor-post-type=\"page\">\n\t\t\t\t<div class=\"elementor-element elementor-element-iwgw-inti-hero e-flex e-con-boxed e-con e-parent\" data-id=\"iwgw-inti-hero\" data-element_type=\"container\" data-e-type=\"container\" data-settings=\"{&quot;background_background&quot;:&quot;classic&quot;}\">\n\t\t\t\t\t<div class=\"e-con-inner\">\n\t\t<div class=\"elementor-element elementor-element-iwgw-inti-hl e-flex e-con-boxed e-con e-child\" data-id=\"iwgw-inti-hl\" data-element_type=\"container\" data-e-type=\"container\">\n\t\t\t\t\t<div class=\"e-con-inner\">\n\t\t<div class=\"elementor-element elementor-element-iwgw-inti-htxt e-con-full e-flex e-con e-child\" data-id=\"iwgw-inti-htxt\" data-element_type=\"container\" data-e-type=\"container\">\n\t\t\t\t<div class=\"elementor-element elementor-element-iwgw-inti-h1 elementor-widget elementor-widget-heading\" data-id=\"iwgw-inti-h1\" data-element_type=\"widget\" data-e-type=\"widget\" data-widget_type=\"heading.default\">\n\t\t\t\t\t<h1 class=\"elementor-heading-title elementor-size-default\">Inti, Inkas solgud och stamfader till h\u00e4rskardynastin<\/h1>\t\t\t\t<\/div>\n\t\t\t\t<div class=\"elementor-element elementor-element-iwgw-inti-lead elementor-widget elementor-widget-text-editor\" data-id=\"iwgw-inti-lead\" data-element_type=\"widget\" data-e-type=\"widget\" data-widget_type=\"text-editor.default\">\n\t\t\t\t\t\t\t\t\t<p>Inti, Inkas solgud, betraktas som fader till h\u00e4rskardynastin och st\u00e5r i centrum f\u00f6r den stora solfesten Inti Raymi. Hans <span class=\"iwg-fachbegriff\" data-tooltip=\"Summan av de religi\u00f6sa v\u00f6rdnadshandlingar som \u00e4gnas en gudom eller helig gestalt.\" tabindex=\"0\">kult<\/span> \u00e4r en central del av den andinska religionshistorien och upph\u00f6jdes officiellt av Inkariket till statsreligion.<\/p>\t\t\t\t\t\t\t\t<\/div>\n\t\t\t\t<\/div>\n\t\t<div class=\"elementor-element elementor-element-iwgw-inti-pillc e-con-full e-flex e-con e-child\" data-id=\"iwgw-inti-pillc\" data-element_type=\"container\" data-e-type=\"container\">\n\t\t\t\t<div class=\"elementor-element elementor-element-iwgw-inti-pills elementor-widget elementor-widget-html\" data-id=\"iwgw-inti-pills\" data-element_type=\"widget\" data-e-type=\"widget\" data-widget_type=\"html.default\">\n\t\t\t\t\t<div class=\"iwg-pill-row\"><span class=\"iwg-klasse-badge\" tabindex=\"0\" data-tooltip=\"Gud inom traditionen Anderna \/ Inka.\">Gud<\/span><a href=\"https:\/\/iwell-guard.com\/sv\/andeska-kulturer-inka-inti-pachamama-viracocha\/\" class=\"iwg-kultur-badge\" tabindex=\"0\" data-tooltip=\"Mytologi inom traditionen Anderna \/ Inka.\">Anderna \/ Inka<\/a><span class=\"iwg-tradition-badge\" tabindex=\"0\" data-tooltip=\"H\u00f6ggudom.\">H\u00f6ggudom<\/span><\/div>\t\t\t\t<\/div>\n\t\t\t\t<\/div>\n\t\t<div class=\"elementor-element elementor-element-iwgw-inti-tocc e-con-full e-flex e-con e-child\" data-id=\"iwgw-inti-tocc\" data-element_type=\"container\" data-e-type=\"container\">\n\t\t\t\t<div class=\"elementor-element elementor-element-iwgw-inti-toc elementor-toc--minimized-on-tablet elementor-widget elementor-widget-table-of-contents\" data-id=\"iwgw-inti-toc\" data-element_type=\"widget\" data-e-type=\"widget\" data-settings=\"{&quot;headings_by_tags&quot;:[&quot;h2&quot;,&quot;h3&quot;],&quot;minimize_box&quot;:&quot;yes&quot;,&quot;marker_view&quot;:&quot;bullets&quot;,&quot;no_headings_message&quot;:&quot;Inga rubriker hittades p\\u00e5 den h\\u00e4r sidan.&quot;,&quot;exclude_headings_by_selector&quot;:[],&quot;icon&quot;:{&quot;value&quot;:&quot;fas fa-circle&quot;,&quot;library&quot;:&quot;fa-solid&quot;,&quot;rendered_tag&quot;:&quot;&lt;svg class=\\&quot;e-font-icon-svg e-fas-circle\\&quot; viewBox=\\&quot;0 0 512 512\\&quot; xmlns=\\&quot;http:\\\/\\\/www.w3.org\\\/2000\\\/svg\\&quot;&gt;&lt;path d=\\&quot;M256 8C119 8 8 119 8 256s111 248 248 248 248-111 248-248S393 8 256 8z\\&quot;&gt;&lt;\\\/path&gt;&lt;\\\/svg&gt;&quot;},&quot;minimized_on&quot;:&quot;tablet&quot;,&quot;hierarchical_view&quot;:&quot;yes&quot;,&quot;min_height&quot;:{&quot;unit&quot;:&quot;px&quot;,&quot;size&quot;:&quot;&quot;,&quot;sizes&quot;:[]},&quot;min_height_tablet&quot;:{&quot;unit&quot;:&quot;px&quot;,&quot;size&quot;:&quot;&quot;,&quot;sizes&quot;:[]},&quot;min_height_mobile&quot;:{&quot;unit&quot;:&quot;px&quot;,&quot;size&quot;:&quot;&quot;,&quot;sizes&quot;:[]}}\" data-widget_type=\"table-of-contents.default\">\n\t\t\t\t\t\t\t\t\t<div class=\"elementor-toc__header\">\n\t\t\t\t\t\t<h2 class=\"elementor-toc__header-title\">\n\t\t\t\tInneh\u00e5llsf\u00f6rteckning\t\t\t<\/h2>\n\t\t\t\t\t\t\t\t\t\t<div class=\"elementor-toc__toggle-button elementor-toc__toggle-button--expand\" role=\"button\" tabindex=\"0\" aria-controls=\"elementor-toc__iwgw-inti-toc\" aria-expanded=\"true\" aria-label=\"Inhaltsverzeichnis \u00f6ffnen\"><svg aria-hidden=\"true\" class=\"e-font-icon-svg e-fas-chevron-down\" viewBox=\"0 0 448 512\" xmlns=\"http:\/\/www.w3.org\/2000\/svg\"><path d=\"M207.029 381.476L12.686 187.132c-9.373-9.373-9.373-24.569 0-33.941l22.667-22.667c9.357-9.357 24.522-9.375 33.901-.04L224 284.505l154.745-154.021c9.379-9.335 24.544-9.317 33.901.04l22.667 22.667c9.373 9.373 9.373 24.569 0 33.941L240.971 381.476c-9.373 9.372-24.569 9.372-33.942 0z\"><\/path><\/svg><\/div>\n\t\t\t\t<div class=\"elementor-toc__toggle-button elementor-toc__toggle-button--collapse\" role=\"button\" tabindex=\"0\" aria-controls=\"elementor-toc__iwgw-inti-toc\" aria-expanded=\"true\" aria-label=\"Inhaltsverzeichnis schlie\u00dfen\"><svg aria-hidden=\"true\" class=\"e-font-icon-svg e-fas-chevron-up\" viewBox=\"0 0 448 512\" xmlns=\"http:\/\/www.w3.org\/2000\/svg\"><path d=\"M240.971 130.524l194.343 194.343c9.373 9.373 9.373 24.569 0 33.941l-22.667 22.667c-9.357 9.357-24.522 9.375-33.901.04L224 227.495 69.255 381.516c-9.379 9.335-24.544 9.317-33.901-.04l-22.667-22.667c-9.373-9.373-9.373-24.569 0-33.941L207.03 130.525c9.372-9.373 24.568-9.373 33.941-.001z\"><\/path><\/svg><\/div>\n\t\t\t\t\t<\/div>\n\t\t\t\t<div id=\"elementor-toc__iwgw-inti-toc\" class=\"elementor-toc__body\">\n\t\t\t<div class=\"elementor-toc__spinner-container\">\n\t\t\t\t<svg class=\"elementor-toc__spinner eicon-animation-spin e-font-icon-svg e-eicon-loading\" aria-hidden=\"true\" viewBox=\"0 0 1000 1000\" xmlns=\"http:\/\/www.w3.org\/2000\/svg\"><path d=\"M500 975V858C696 858 858 696 858 500S696 142 500 142 142 304 142 500H25C25 237 238 25 500 25S975 237 975 500 763 975 500 975Z\"><\/path><\/svg>\t\t\t<\/div>\n\t\t<\/div>\n\t\t\t\t\t\t<\/div>\n\t\t\t\t<\/div>\n\t\t\t\t\t<\/div>\n\t\t\t\t<\/div>\n\t\t<div class=\"elementor-element elementor-element-iwgw-inti-hr e-con-full e-flex e-con e-child\" data-id=\"iwgw-inti-hr\" data-element_type=\"container\" data-e-type=\"container\">\n\t\t\t\t<div class=\"elementor-element elementor-element-iwgw-inti-heroimg iwg-hero-image elementor-widget elementor-widget-image\" data-id=\"iwgw-inti-heroimg\" data-element_type=\"widget\" data-e-type=\"widget\" data-widget_type=\"image.default\">\n\t\t\t\t\t\t\t\t\t\t\t\t\t\t\t<img fetchpriority=\"high\" decoding=\"async\" width=\"683\" height=\"1024\" src=\"https:\/\/iwell-guard.com\/wp-content\/uploads\/2026\/05\/goetter_anden-inka_inti-683x1024.webp\" class=\"attachment-large size-large wp-image-2678\" alt=\"Inti - G\u00f6tter aus der Anden-inka-Tradition, historisch-illustrativ\" srcset=\"https:\/\/iwell-guard.com\/wp-content\/uploads\/2026\/05\/goetter_anden-inka_inti-683x1024.webp 683w, https:\/\/iwell-guard.com\/wp-content\/uploads\/2026\/05\/goetter_anden-inka_inti-200x300.webp 200w, https:\/\/iwell-guard.com\/wp-content\/uploads\/2026\/05\/goetter_anden-inka_inti-768x1152.webp 768w, https:\/\/iwell-guard.com\/wp-content\/uploads\/2026\/05\/goetter_anden-inka_inti.webp 1024w\" sizes=\"(max-width: 683px) 100vw, 683px\" \/>\t\t\t\t\t\t\t\t\t\t\t\t\t\t\t<\/div>\n\t\t\t\t<\/div>\n\t\t\t\t\t<\/div>\n\t\t\t\t<\/div>\n\t\t\t\t<section class=\"elementor-section elementor-top-section elementor-element elementor-element-sec-iwgcomp-inti elementor-section-boxed elementor-section-height-default elementor-section-height-default\" data-id=\"sec-iwgcomp-inti\" data-element_type=\"section\" data-e-type=\"section\">\n\t\t\t\t\t\t<div class=\"elementor-container elementor-column-gap-default\">\n\t\t\t\t\t<div class=\"elementor-column elementor-col-100 elementor-top-column elementor-element elementor-element-col-iwgcomp-inti\" data-id=\"col-iwgcomp-inti\" data-element_type=\"column\" data-e-type=\"column\">\n\t\t\t<div class=\"elementor-widget-wrap elementor-element-populated\">\n\t\t\t\t\t\t<div class=\"elementor-element elementor-element-iwgcomp-inti elementor-widget elementor-widget-text-editor\" data-id=\"iwgcomp-inti\" data-element_type=\"widget\" data-e-type=\"widget\" data-widget_type=\"text-editor.default\">\n\t\t\t\t\t\t\t\t\t<p>Inti \u00e4r <strong>Inkas solgud<\/strong> och intar en central plats i <span class=\"iwg-fachbegriff\" data-tooltip=\"Summan av gudarna inom en religion eller kultur.\" tabindex=\"0\">pantheon<\/span> hos den andinska h\u00f6gkulturen.<\/p>\t\t\t\t\t\t\t\t<\/div>\n\t\t\t\t\t<\/div>\n\t\t<\/div>\n\t\t\t\t\t<\/div>\n\t\t<\/section>\n\t\t<div class=\"elementor-element elementor-element-iwgw-inti-s0 e-flex e-con-boxed e-con e-parent\" data-id=\"iwgw-inti-s0\" data-element_type=\"container\" data-e-type=\"container\">\n\t\t\t\t\t<div class=\"e-con-inner\">\n\t\t\t\t<div class=\"elementor-element elementor-element-iwgw-inti-s0h elementor-widget elementor-widget-heading\" data-id=\"iwgw-inti-s0h\" data-element_type=\"widget\" data-e-type=\"widget\" data-widget_type=\"heading.default\">\n\t\t\t\t\t<h2 class=\"elementor-heading-title elementor-size-default\">Placering i det andinska pantheon<\/h2>\t\t\t\t<\/div>\n\t\t<div class=\"elementor-element elementor-element-iwgw-inti-s0c e-con-full e-flex e-con e-child\" data-id=\"iwgw-inti-s0c\" data-element_type=\"container\" data-e-type=\"container\">\n\t\t\t\t<div class=\"elementor-element elementor-element-iwgw-inti-s0t elementor-widget elementor-widget-text-editor\" data-id=\"iwgw-inti-s0t\" data-element_type=\"widget\" data-e-type=\"widget\" data-widget_type=\"text-editor.default\">\n\t\t\t\t\t\t\t\t\t<p>Inti (quechua: <em>inti<\/em>, sol) utg\u00f6r inom Inkarikets (Tawantinsuyu, ca. 1438, 1533) officiella <span class=\"iwg-fachbegriff\" data-tooltip=\"Summan av gudarna inom en religion eller kultur.\" tabindex=\"0\">pantheon<\/span> en av de centrala h\u00f6ggudarna och f\u00f6rekommer i de koloniala kr\u00f6nikorna regelbundet vid sidan av skaparguden <a href=\"https:\/\/iwell-guard.com\/sv\/viracocha-skapargud-anderna\/\">Viracocha<\/a> och m\u00e5ngudinnan <a href=\"https:\/\/iwell-guard.com\/sv\/mama-killa-manguda-inka\/\">Mama Killa<\/a>.<\/p><p>Den peruanske kr\u00f6nik\u00f6ren Garcilaso de la Vega betecknar honom i sina <em>Comentarios Reales de los Incas<\/em> (1609) som det h\u00f6gsta varats synliga ansikte, som legitimerade inkah\u00e4rskarna och organiserade riket b\u00e5de ekonomiskt och kalendariskt.<\/p><p>Religionsvetenskapligt h\u00f6r Inti till gruppen av dynastiska solteologier, som de i j\u00e4mf\u00f6rbar form \u00e4r k\u00e4nda fr\u00e5n den forntida egyptiska Re-<span class=\"iwg-fachbegriff\" data-tooltip=\"Summan av de religi\u00f6sa v\u00f6rdnadshandlingar som \u00e4gnas en gudom eller helig gestalt.\" tabindex=\"0\">kulten<\/span>, den japanska Amaterasu-<span class=\"iwg-fachbegriff\" data-tooltip=\"Summan av de religi\u00f6sa v\u00f6rdnadshandlingar som \u00e4gnas en gudom eller helig gestalt.\" tabindex=\"0\">kulten<\/span> eller de fr\u00e4mreorientaliska solkulterna.<\/p><p>Mircea Eliade beskriver i sin <em>Geschichte der religi\u00f6sen Ideen<\/em> tendensen hos senare h\u00f6gkulturer att upph\u00f6ja en solgudom till garant f\u00f6r den politiska ordningen; Inti passar in i detta m\u00f6nster. Inkah\u00e4rskarna bar titeln <em>Intip Churin<\/em> (solens son) och h\u00e4rledde d\u00e4rifr\u00e5n sitt universella maktanspr\u00e5k \u00f6ver det andinska h\u00f6glandet och <a href=\"https:\/\/iwell-guard.com\/sv\/andeska-kulturer-inka-inti-pachamama-viracocha\/\">Anderna-Inka<\/a>-v\u00e4rlden.<\/p><p>Anm\u00e4rkningsv\u00e4rt \u00e4r att Inti i de f\u00f6rinkaiska h\u00f6gkulturerna i Anderna (Chavin, Moche, Tiwanaku, Wari) inte hade n\u00e5gon j\u00e4mf\u00f6rbart framtr\u00e4dande st\u00e4llning. F\u00f6rst den statsb\u00e4rande <span class=\"iwg-fachbegriff\" data-tooltip=\"Den vetenskapliga l\u00e4ran om Gud och om en religions tro.\" tabindex=\"0\">teologin<\/span> i Inkariket satte honom i toppen av det synliga pantheon.<\/p><p>Catherine Allen p\u00e5pekar i <em>The Hold Life Has<\/em> (2002) att v\u00f6rdnaden f\u00f6r jordmodern <a href=\"https:\/\/iwell-guard.com\/sv\/pachamama-jordmoder-anderna\/\">Pachamama<\/a> och de lokala bergsandarna Apu i m\u00e5nga samh\u00e4llen \u00e4n idag i praktiken \u00e4r viktigare \u00e4n Intis h\u00f6gre solteologi, vilket tyder p\u00e5 att Inti fr\u00e4mst fungerade som en imperial <span class=\"iwg-fachbegriff\" data-tooltip=\"Ett v\u00e4sen som v\u00f6rdas som gudomligt inom en religion.\" tabindex=\"0\">gudom<\/span> och att andinsk religiositets konkreta vardag snarare styrdes av jordmodern och de lokala bergsherrarna.<\/p>\t\t\t\t\t\t\t\t<\/div>\n\t\t\t\t<\/div>\n\t\t\t\t\t<\/div>\n\t\t\t\t<\/div>\n\t\t<div class=\"elementor-element elementor-element-iwgw-inti-s1 e-flex e-con-boxed e-con e-parent\" data-id=\"iwgw-inti-s1\" data-element_type=\"container\" data-e-type=\"container\">\n\t\t\t\t\t<div class=\"e-con-inner\">\n\t\t\t\t<div class=\"elementor-element elementor-element-iwgw-inti-s1h elementor-widget elementor-widget-heading\" data-id=\"iwgw-inti-s1h\" data-element_type=\"widget\" data-e-type=\"widget\" data-widget_type=\"heading.default\">\n\t\t\t\t\t<h2 class=\"elementor-heading-title elementor-size-default\">Namn och etymologi<\/h2>\t\t\t\t<\/div>\n\t\t<div class=\"elementor-element elementor-element-iwgw-inti-s1c e-con-full e-flex e-con e-child\" data-id=\"iwgw-inti-s1c\" data-element_type=\"container\" data-e-type=\"container\">\n\t\t\t\t<div class=\"elementor-element elementor-element-iwgw-inti-s1t elementor-widget elementor-widget-text-editor\" data-id=\"iwgw-inti-s1t\" data-element_type=\"widget\" data-e-type=\"widget\" data-widget_type=\"text-editor.default\">\n\t\t\t\t\t\t\t\t\t<p>Namnet <em>Inti<\/em> \u00e4r belagt sedan de tidigaste koloniala quechua-ordb\u00f6ckerna (Domingo de Santo Thomas 1560, Diego Gonzalez Holguin 1608) som en generisk beteckning b\u00e5de f\u00f6r solen som himlakropp och f\u00f6r den personifierade <span class=\"iwg-fachbegriff\" data-tooltip=\"Ett v\u00e4sen som v\u00f6rdas som gudomligt inom en religion.\" tabindex=\"0\">gudomen<\/span>.<\/p><p>Denna dubbla betydelse, fysiskt himlaljus och gudomlig person, \u00e4r typisk f\u00f6r andinskt religi\u00f6st t\u00e4nkande, d\u00e4r gr\u00e4nsen mellan naturens och det numin\u00f6sas niv\u00e5 dras mindre skarpt \u00e4n i europeiska teologier.<\/p><p>Inti f\u00f6rekommer i k\u00e4llorna under flera aspektnamn: <em>Apu Inti<\/em> (herre sol), <em>Churi Inti<\/em> (son-sol), <em>Wayna Inti<\/em> (unge-sol) och <em>Inti Illapa<\/em> (\u00e5sk-sol) betecknar var sin skepnad, vilka kr\u00f6nik\u00f6ren Juan de Betanzos i sin <em>Suma y narracion de los Incas<\/em> (1551) beskriver som tre personer i en triadisk solteologi.<\/p><p>Denna triad har f\u00e5tt religionsetnologer som Pierre Duviols att mana till f\u00f6rsiktighet: den spanska kr\u00f6nikeskrivningens kristna treenighetsl\u00e4ra kan h\u00e4r \u00f6verlagra en genuint inhemsk m\u00e5ngskiftande gestaltning.<\/p><p>Det h\u00f6gsta festnamnet <em>Inti Raymi<\/em> \u00e4r en quechua-bildning av <em>inti<\/em> och <em>raymi<\/em> (fest, festsamling). Det betecknar solst\u00e5ndsfesten under den s\u00f6dra vintern (juni) och har sedan 1944 iscensatts \u00e5rligen i Cusco som en rekonstruerad folklorefest, dock utan den historiska djuroffringspraxisen.<\/p><p>Festnamnet har d\u00e4rut\u00f6ver etablerats som beteckning f\u00f6r en egen andinsk tider\u00e4kning, d\u00e4r \u00e5ren r\u00e4knas fr\u00e5n rikets mytiska begynnelse.<\/p>\t\t\t\t\t\t\t\t<\/div>\n\t\t\t\t<\/div>\n\t\t\t\t\t<\/div>\n\t\t\t\t<\/div>\n\t\t<div class=\"elementor-element elementor-element-iwgw-inti-s2 e-flex e-con-boxed e-con e-parent\" data-id=\"iwgw-inti-s2\" data-element_type=\"container\" data-e-type=\"container\">\n\t\t\t\t\t<div class=\"e-con-inner\">\n\t\t\t\t<div class=\"elementor-element elementor-element-iwgw-inti-s2h elementor-widget elementor-widget-heading\" data-id=\"iwgw-inti-s2h\" data-element_type=\"widget\" data-e-type=\"widget\" data-widget_type=\"heading.default\">\n\t\t\t\t\t<h2 class=\"elementor-heading-title elementor-size-default\">Beskrivning och ikonografi<\/h2>\t\t\t\t<\/div>\n\t\t<div class=\"elementor-element elementor-element-iwgw-inti-s2c e-con-full e-flex e-con e-child\" data-id=\"iwgw-inti-s2c\" data-element_type=\"container\" data-e-type=\"container\">\n\t\t\t\t<div class=\"elementor-element elementor-element-iwgw-inti-s2t elementor-widget elementor-widget-text-editor\" data-id=\"iwgw-inti-s2t\" data-element_type=\"widget\" data-e-type=\"widget\" data-widget_type=\"text-editor.default\">\n\t\t\t\t\t\t\t\t\t<p>Den ikonografiska framst\u00e4llningen av Inti g\u00e5r bara att sp\u00e5ra fragmentariskt i f\u00f6rspanska k\u00e4llor, eftersom Inkariket saknade en skriftlig bildtradition i egentlig mening.<\/p><p>Huvudk\u00e4llan utg\u00f6rs av den koloniala sekund\u00e4r\u00f6verl\u00e4mningen samt den ber\u00f6mda guldpl\u00e5ten som ska ha varit uppsatt i soltemplet <em>Coricancha<\/em> i Cusco: en rund, av str\u00e5lar omramad skiva med ett antropomorft ansikte, den s\u00e5 kallade <em>Punchao<\/em>. Denna <span class=\"iwg-fachbegriff\" data-tooltip=\"Bildlig framst\u00e4llning av en gudom som dyrkas i ett tempel eller en helgedom.\" tabindex=\"0\">kultbild<\/span> togs i beslag av spanjorerna vid er\u00f6vringen av Vilcabamba 1572 och skeppades till Spanien, men har sedan dess varit f\u00f6rsvunnen.<\/p><p>Garcilaso de la Vega beskriver Coricancha-<span class=\"iwg-fachbegriff\" data-tooltip=\"En helig plats till\u00e4gnad dyrkan av en gudom.\" tabindex=\"0\">helgedomen<\/span> som ett inre rum helt bekl\u00e4tt med guldplattor. I mitten stod Punchao, flankerad av de mumifierade kropparna av de avlidna inkah\u00e4rskarna (<em>mallqui<\/em>), som ans\u00e5gs vara den eviga f\u00f6rkroppsligandet av Intis \u00e4tt.<\/p><p>De spanska kr\u00f6nik\u00f6rerna Polo de Ondegardo och Cristobal de Albornoz bekr\u00e4ftar denna ordning i sina inspektionsrapporter fr\u00e5n 1560-talet. Inkans hovm\u00e4n upptr\u00e4dde p\u00e5 h\u00f6gtidsdagar med guldstr\u00e5lkronor som formm\u00e4ssigt ankn\u00f6t till Punchao.<\/p><p>P\u00e5 bevarade inkatextilier, keros (dricksb\u00e4gare) och koloniala v\u00e4ggm\u00e5lningar (till exempel fr\u00e5n skolan i Cusco) framst\u00e4lls Inti oftast som ett guldansikte med tandade str\u00e5lar, ibland med en krans av majs- eller quinoaax.<\/p><p>I de \u00f6vre bildplanen i koloniala andinska m\u00e5lningar (t.ex. <em>\u00c4rke\u00e4ngeln Mikaels triumf<\/em>, Cusque\u00f1askolan, 1600-talet) \u00f6verlappar Inti-ikonografin med kristna <span class=\"iwg-fachbegriff\" data-tooltip=\"I de abrahamitiska religionerna ett himmelskt s\u00e4ndebud fr\u00e5n Gud.\" tabindex=\"0\">\u00e4nglamotiv<\/span> och Sol-Iustitiae-motiv, ett ikonografiskt synkretiseringssp\u00e5r som konsthistorikern Teresa Gisbert systematiskt har kartlagt i <em>Iconografia y mitos indigenas en el arte<\/em> (1980).<\/p>\t\t\t\t\t\t\t\t<\/div>\n\t\t\t\t<\/div>\n\t\t\t\t\t<\/div>\n\t\t\t\t<\/div>\n\t\t<div class=\"elementor-element elementor-element-iwgw-inti-s3 e-flex e-con-boxed e-con e-parent\" data-id=\"iwgw-inti-s3\" data-element_type=\"container\" data-e-type=\"container\">\n\t\t\t\t\t<div class=\"e-con-inner\">\n\t\t\t\t<div class=\"elementor-element elementor-element-iwgw-inti-s3h elementor-widget elementor-widget-heading\" data-id=\"iwgw-inti-s3h\" data-element_type=\"widget\" data-e-type=\"widget\" data-widget_type=\"heading.default\">\n\t\t\t\t\t<h2 class=\"elementor-heading-title elementor-size-default\">Mytologiska ber\u00e4ttelser<\/h2>\t\t\t\t<\/div>\n\t\t<div class=\"elementor-element elementor-element-iwgw-inti-s3c e-con-full e-flex e-con e-child\" data-id=\"iwgw-inti-s3c\" data-element_type=\"container\" data-e-type=\"container\">\n\t\t\t\t<div class=\"elementor-element elementor-element-iwgw-inti-s3t elementor-widget elementor-widget-text-editor\" data-id=\"iwgw-inti-s3t\" data-element_type=\"widget\" data-e-type=\"widget\" data-widget_type=\"text-editor.default\">\n\t\t\t\t\t\t\t\t\t<p>Den viktigaste <span class=\"iwg-fachbegriff\" data-tooltip=\"En \u00f6verl\u00e4mnad ber\u00e4ttelse om gudar, ursprung och v\u00e4rldens ordning.\" tabindex=\"0\">myten<\/span> om Inti \u00e4r inkafolkets ursprungsmyt om Titicacasj\u00f6n, framf\u00f6r allt bevarad genom Garcilaso de la Vega och Juan de Betanzos. Enligt denna reser sig Inti efter en period av v\u00e4rldsm\u00f6rker upp ur Titicacasj\u00f6n och s\u00e4nder ut sina barn <em>Manco Capac<\/em> och <em>Mama Ocllo<\/em> f\u00f6r att l\u00e4ra m\u00e4nniskorna jordbruk, v\u00e4vning och religi\u00f6s ordning.<\/p><p>P\u00e5 den plats d\u00e4r Mancos guldstav tr\u00e4nger ner i marken ska staden Cusco grundas, den blivande huvudstaden i Tawantinsuyu.<\/p><p>I en parallell tradition, nedtecknad av Pedro Sarmiento de Gamboa i <em>Historia indica<\/em> (1572), framtr\u00e4der Manco Capac och hans syskon ist\u00e4llet ur grottsystemet vid Pacaritambo n\u00e4ra Cusco. Dessa tv\u00e5 ursprungstraditioner f\u00f6renades redan under inkatida <span class=\"iwg-fachbegriff\" data-tooltip=\"Den vetenskapliga l\u00e4ran om Gud och om en religions tro.\" tabindex=\"0\">teologi<\/span>, genom att Titicaca-h\u00e4ndelsen tolkades som en kosmisk fas och Pacaritambo-h\u00e4ndelsen som en jordisk fas av samma s\u00e4ndningsuppdrag.<\/p><p>Ytterligare en mytologisk tr\u00e5d f\u00f6rbinder Inti med skaparguden <a href=\"https:\/\/iwell-guard.com\/sv\/viracocha-skapargud-anderna\/\">Viracocha<\/a>. Enligt Cristobal de Molina (<em>Relacion de las fabulas y ritos de los Incas<\/em>, 1575) skapar Viracocha vid Titicaca solen, m\u00e5nen och stj\u00e4rnorna och befaller dem att inta sina banor p\u00e5 himlen.<\/p><p>Inti \u00e4r h\u00e4r en sekund\u00e4r frambringelse av den h\u00f6gre skaparprincipen. Denna kosmogoniska hierarki omtolkades av vissa inkah\u00e4rskare, framf\u00f6r allt <em>Pachacuti<\/em> (reg. 1438, 1471), till f\u00f6rm\u00e5n f\u00f6r en starkare st\u00e4llning f\u00f6r Inti, vilket kom att best\u00e4mma den senare statsteologin.<\/p><p>Mytologiskt f\u00f6rbundna med Inti \u00e4r vidare hans syskon och gem\u00e5l <a href=\"https:\/\/iwell-guard.com\/sv\/mama-killa-manguda-inka\/\">Mama Killa<\/a> (m\u00e5nen) samt \u00e5skguden <a href=\"https:\/\/iwell-guard.com\/sv\/illapa-aska-vadergud-inka\/\">Illapa<\/a>, som i vissa k\u00e4llor uppfattas som en aspekt eller bror till Inti. M\u00e5nf\u00f6rm\u00f6rkelser tolkade inkapr\u00e4sterna som ett angrepp av ett kosmiskt djur p\u00e5 Mama Killa, vilket m\u00e5ste bem\u00f6tas med skrik och pilskott.<\/p>\t\t\t\t\t\t\t\t<\/div>\n\t\t\t\t<\/div>\n\t\t\t\t\t<\/div>\n\t\t\t\t<\/div>\n\t\t<div class=\"elementor-element elementor-element-iwgw-inti-s4 e-flex e-con-boxed e-con e-parent\" data-id=\"iwgw-inti-s4\" data-element_type=\"container\" data-e-type=\"container\">\n\t\t\t\t\t<div class=\"e-con-inner\">\n\t\t\t\t<div class=\"elementor-element elementor-element-iwgw-inti-s4h elementor-widget elementor-widget-heading\" data-id=\"iwgw-inti-s4h\" data-element_type=\"widget\" data-e-type=\"widget\" data-widget_type=\"heading.default\">\n\t\t\t\t\t<h2 class=\"elementor-heading-title elementor-size-default\">Kult och dyrkan i Tawantinsuyu<\/h2>\t\t\t\t<\/div>\n\t\t<div class=\"elementor-element elementor-element-iwgw-inti-s4c e-con-full e-flex e-con e-child\" data-id=\"iwgw-inti-s4c\" data-element_type=\"container\" data-e-type=\"container\">\n\t\t\t\t<div class=\"elementor-element elementor-element-iwgw-inti-s4t elementor-widget elementor-widget-text-editor\" data-id=\"iwgw-inti-s4t\" data-element_type=\"widget\" data-e-type=\"widget\" data-widget_type=\"text-editor.default\">\n\t\t\t\t\t\t\t\t\t<p>Den statliga Inti-<span class=\"iwg-fachbegriff\" data-tooltip=\"Summan av de religi\u00f6sa v\u00f6rdnadshandlingar som \u00e4gnas en gudom eller helig gestalt.\" tabindex=\"0\">kulten<\/span> var omfattande institutionaliserad i Inkariket. I centrum stod soltemplet <em>Coricancha<\/em> (quechua <em>quri kancha<\/em>, \u201dden gyllene inh\u00e4gnaden\u201d) i Cusco, vars grundmurar \u00e4n idag utg\u00f6r sockeln till dominikanerklostret Santo Domingo.<\/p><p>H\u00e4r togs inkaherrarnas mumier om hand som levande f\u00f6rf\u00e4der, gavs mat dagligen och bars i processioner \u00f6ver huvudtorget <em>Huacaypata<\/em> vid h\u00f6gtider.<\/p><p>Till <span class=\"iwg-fachbegriff\" data-tooltip=\"En byggnad som anv\u00e4nds f\u00f6r v\u00f6rdnaden av en eller flera gudomar.\" tabindex=\"0\">templet<\/span> var mer \u00e4n 4 000 pr\u00e4ster samt <em>Acllacuna<\/em>, de utvalda soljungfrurna, knutna.<\/p><p>De sistn\u00e4mnda levde i slutna kvinnohus (<em>acllahuasi<\/em>), v\u00e4vde de finaste tygerna (<em>cumbi<\/em>) f\u00f6r <span class=\"iwg-fachbegriff\" data-tooltip=\"Summan av de religi\u00f6sa v\u00f6rdnadshandlingar som \u00e4gnas en gudom eller helig gestalt.\" tabindex=\"0\">kulten<\/span> och bryggde det rituella majs\u00f6let <em>chicha<\/em>. De sparsamma bevarade resterna av acllahuasi i Cusco (idag Santa Catalina) samt inkainskrifterna vid Choquequirao ger en f\u00f6rest\u00e4llning om detta kvinnliga pr\u00e4sterskaps materiella dimension.<\/p><p>H\u00f6jdpunkten i kult\u00e5ret var <em>Inti Raymi<\/em>, solv\u00e4ndfesten den 21\/24 juni. Inkan sj\u00e4lv offrade lamor och marsvin p\u00e5 Cuscos huvudtorg, utgj\u00f6t chicha ur en guldsk\u00e5l som dryckesoffer och riktade sin <span class=\"iwg-fachbegriff\" data-tooltip=\"M\u00e4nniskans spr\u00e5kliga v\u00e4ndning till en gudom.\" tabindex=\"0\">b\u00f6n<\/span> till den uppg\u00e5ende solen.<\/p><p>Polo de Ondegardo ber\u00e4ttar om processionst\u00e5g l\u00e4ngs <em>ceque<\/em>-linjerna, ett radiellt, fr\u00e5n Coricancha utstr\u00e5lande linje-<span class=\"iwg-fachbegriff\" data-tooltip=\"En helig plats vigd \u00e5t v\u00f6rdnaden av en gudom.\" tabindex=\"0\">helgedom<\/span>-system av 41 r\u00e4ta linjer och 328 s\u00e5 kallade huaca-helgedomar, som Tom Zuidema f\u00f6r f\u00f6rsta g\u00e5ngen systematiskt rekonstruerade i <em>The Ceque System of Cuzco<\/em> (1964).<\/p><p>Vid sidan av huvudkulten i Cusco fanns regionala soltempel bland annat i Vilcashuaman, Pachacamac (i synkretism med den \u00e4ldre orakelguden <a href=\"https:\/\/iwell-guard.com\/sv\/pachakamak-oraklets-gud-anderna\/\">Pachakamak<\/a>), p\u00e5 <em>Isla del Sol<\/em> i Titicacasj\u00f6n samt i provinsen Cajamarca i norra Peru.<\/p><p>Dessa regionala helgedomar var sammanl\u00e4nkade via v\u00e4gn\u00e4tet <em>Qhapaq Nan<\/em> och bildade ett imperialt kommunikationsn\u00e4t d\u00e4r sol-<span class=\"iwg-fachbegriff\" data-tooltip=\"Den vetenskapliga l\u00e4ran om Gud och om en religions tro.\" tabindex=\"0\">teologi<\/span> och administrativ kontroll var oskiljaktigt sammanfl\u00e4tade.<\/p>\t\t\t\t\t\t\t\t<\/div>\n\t\t\t\t<\/div>\n\t\t\t\t\t<\/div>\n\t\t\t\t<\/div>\n\t\t<div class=\"elementor-element elementor-element-iwgw-inti-s5 e-flex e-con-boxed e-con e-parent\" data-id=\"iwgw-inti-s5\" data-element_type=\"container\" data-e-type=\"container\">\n\t\t\t\t\t<div class=\"e-con-inner\">\n\t\t\t\t<div class=\"elementor-element elementor-element-iwgw-inti-s5h elementor-widget elementor-widget-heading\" data-id=\"iwgw-inti-s5h\" data-element_type=\"widget\" data-e-type=\"widget\" data-widget_type=\"heading.default\">\n\t\t\t\t\t<h2 class=\"elementor-heading-title elementor-size-default\">Skyddspraxis och apotrop\u00e4iskt<\/h2>\t\t\t\t<\/div>\n\t\t<div class=\"elementor-element elementor-element-iwgw-inti-s5c e-con-full e-flex e-con e-child\" data-id=\"iwgw-inti-s5c\" data-element_type=\"container\" data-e-type=\"container\">\n\t\t\t\t<div class=\"elementor-element elementor-element-iwgw-inti-s5t elementor-widget elementor-widget-text-editor\" data-id=\"iwgw-inti-s5t\" data-element_type=\"widget\" data-e-type=\"widget\" data-widget_type=\"text-editor.default\">\n\t\t\t\t\t\t\t\t\t<p>D\u00e4r Inti verkade som en imperiell h\u00f6gsta gudom fanns samtidigt en vardaglig solpraxis, som delvis lever kvar \u00e4n idag i byarna i det cusquenska och bolivianska h\u00f6glandet. Den kan inte f\u00f6rst\u00e5s i termer av moderna l\u00f6ften om verkan, utan dokumenterar en best\u00e4md religi\u00f6s uppfattningspraxis.<\/p><p>Catherine Allen (<em>The Hold Life Has<\/em>, 2002) beskriver till exempel f\u00f6r byn Sonqo hur \u00e4ldre kvinnor p\u00e5 morgonen \u00f6ppnar d\u00f6rren mot \u00f6ster och stryker det f\u00f6rsta solljuset \u00f6ver huvudet, \u00e5tf\u00f6ljt av ett mummel p\u00e5 quechua d\u00e4r Inti ombeds om <em>samay<\/em> (livsandedr\u00e4kt).<\/p><p>I inkatidens praxis anv\u00e4nde pr\u00e4sterna gyllene speglar f\u00f6r att fokusera solljuset och t\u00e4nda den rituella elden vid Coricanchas <span class=\"iwg-fachbegriff\" data-tooltip=\"Upph\u00f6jd plats eller bord f\u00f6r offer och religi\u00f6sa handlingar.\" tabindex=\"0\">altare<\/span>. Cobo ber\u00e4ttar om en motsvarande anordning med polerade konkava speglar.<\/p><p><span class=\"iwg-fachbegriff\" data-tooltip=\"Ont avv\u00e4rjande: om tecken och objekt som ska h\u00e5lla skadliga inflytelser borta.\" tabindex=\"0\">Apotrop\u00e4iska<\/span> mot nattens faror, s\u00e4rskilt mot de skadliga andar som i <span class=\"iwg-fachbegriff\" data-tooltip=\"En traderad ber\u00e4ttelse om gudar, ursprung och v\u00e4rldens ordning.\" tabindex=\"0\">myten<\/span> kallas <em>supay<\/em> (se <a href=\"https:\/\/iwell-guard.com\/sv\/supay-skadeandar-och-underjordsherre\/\">Supay<\/a>), ans\u00e5gs solamuletter av guldbleck vara, som bars som <em>chacana<\/em> eller som runda Punchao-repliker p\u00e5 br\u00f6stkorgen.<\/p><p>Religionsvetenskapligt relevant \u00e4r att dessa praktiker inte uppfattades som magisk kontroll, utan som <em>ayni<\/em>, en \u00f6msesidig f\u00f6rpliktelserelation. Den som h\u00e4lsar solen p\u00e5 morgonen st\u00e4ller sig in i det reciproka n\u00e4tverk som enligt andinsk uppfattning f\u00f6rbinder m\u00e4nniskor, f\u00f6rf\u00e4der, berg och himlakroppar.<\/p><p>Religionsetnologen Frank Salomon har i <em>The Cord Keepers<\/em> (2004) visat hur denna reciproka logik str\u00e4cker sig \u00e4nda in i moderna quechuasamh\u00e4llen.<\/p>\t\t\t\t\t\t\t\t<\/div>\n\t\t\t\t<\/div>\n\t\t\t\t\t<\/div>\n\t\t\t\t<\/div>\n\t\t<div class=\"elementor-element elementor-element-iwgw-inti-s6 e-flex e-con-boxed e-con e-parent\" data-id=\"iwgw-inti-s6\" data-element_type=\"container\" data-e-type=\"container\">\n\t\t\t\t\t<div class=\"e-con-inner\">\n\t\t\t\t<div class=\"elementor-element elementor-element-iwgw-inti-s6h elementor-widget elementor-widget-heading\" data-id=\"iwgw-inti-s6h\" data-element_type=\"widget\" data-e-type=\"widget\" data-widget_type=\"heading.default\">\n\t\t\t\t\t<h2 class=\"elementor-heading-title elementor-size-default\">Paralleller i andra kulturer<\/h2>\t\t\t\t<\/div>\n\t\t<div class=\"elementor-element elementor-element-iwgw-inti-s6c e-con-full e-flex e-con e-child\" data-id=\"iwgw-inti-s6c\" data-element_type=\"container\" data-e-type=\"container\">\n\t\t\t\t<div class=\"elementor-element elementor-element-iwgw-inti-s6t elementor-widget elementor-widget-text-editor\" data-id=\"iwgw-inti-s6t\" data-element_type=\"widget\" data-e-type=\"widget\" data-widget_type=\"text-editor.default\">\n\t\t\t\t\t\t\t\t\t<p>Den vetenskapligt-j\u00e4mf\u00f6rande forskningen har sedan Eduard Seler och Konrad Theodor Preuss vid upprepade tillf\u00e4llen belyst paralleller mellan Inti och andra dynastiska solteologier. S\u00e4rskilt p\u00e5tagliga \u00e4r de strukturella likheterna med den forntida egyptiska Re- respektive Aton-<span class=\"iwg-fachbegriff\" data-tooltip=\"Summan av de religi\u00f6sa v\u00f6rdnadshandlingar som \u00e4gnas en gudom eller helig gestalt.\" tabindex=\"0\">kulten<\/span>, med den japanska Amaterasu-<span class=\"iwg-fachbegriff\" data-tooltip=\"Summan av de religi\u00f6sa v\u00f6rdnadshandlingar som \u00e4gnas en gudom eller helig gestalt.\" tabindex=\"0\">kulten<\/span> inom Yamato-dynastin och med den romerska <em>Sol Invictus<\/em>&#8211;<span class=\"iwg-fachbegriff\" data-tooltip=\"Den vetenskapliga l\u00e4ran om Gud och om en religions tro.\" tabindex=\"0\">teologin<\/span> under 200-talet.<\/p><p>I samtliga dessa fall framtr\u00e4der solen som garant f\u00f6r en h\u00e4rskardynasti, som kalendariskt centralprincip och som ett ikonografiskt dominerande inslag i statskonsten. Den franske religionshistorikern Henri Frankfort beskrev i <em>Kingship and the Gods<\/em> (1948) det strukturella m\u00f6nstret hos ett gudomligt kungad\u00f6me, d\u00e4r Inti, Re och Amaterasu intar funktionellt j\u00e4mf\u00f6rbara positioner.<\/p><p>Det \u00e4r dock viktigt att notera att Frankforts m\u00f6nster inte inneb\u00e4r att det finns n\u00e5gon genealogisk f\u00f6rbindelse mellan dessa solteologier, det r\u00f6r sig om konvergenta utvecklingar under liknande samh\u00e4llsstrukturella f\u00f6rh\u00e5llanden inom en jordbruksbaserad h\u00f6gkultur.<\/p><p>Inom Amerika uppvisar Inti tydliga paralleller till den aztekiske Huitzilopochtli och till Mesoamerikas solgud Tonatiuh, utan att n\u00e5gon direkt kontakt mellan kulturerna f\u00f6re 1532 kan bel\u00e4ggas. De andinska kulturkomplexen f\u00f6rblev i stort sett isolerade. I det \u00f6vriga amerikanska omr\u00e5det \u00e4r den solara huvudgestalten mindre framtr\u00e4dande: hos de nordamerikanska lakota utg\u00f6r <a href=\"https:\/\/iwell-guard.com\/sv\/wakan-tanka-stora-heliga-kraften-lakota\/\">Wakan Tanka<\/a> ett mer allomfattande, mindre specifikt solart h\u00f6gv\u00e4sen.<\/p>\t\t\t\t\t\t\t\t<\/div>\n\t\t\t\t<\/div>\n\t\t\t\t\t<\/div>\n\t\t\t\t<\/div>\n\t\t<div class=\"elementor-element elementor-element-iwgw-inti-s7 e-flex e-con-boxed e-con e-parent\" data-id=\"iwgw-inti-s7\" data-element_type=\"container\" data-e-type=\"container\">\n\t\t\t\t\t<div class=\"e-con-inner\">\n\t\t\t\t<div class=\"elementor-element elementor-element-iwgw-inti-s7h elementor-widget elementor-widget-heading\" data-id=\"iwgw-inti-s7h\" data-element_type=\"widget\" data-e-type=\"widget\" data-widget_type=\"heading.default\">\n\t\t\t\t\t<h2 class=\"elementor-heading-title elementor-size-default\">Nutida mottagande och forskning<\/h2>\t\t\t\t<\/div>\n\t\t<div class=\"elementor-element elementor-element-iwgw-inti-s7c e-con-full e-flex e-con e-child\" data-id=\"iwgw-inti-s7c\" data-element_type=\"container\" data-e-type=\"container\">\n\t\t\t\t<div class=\"elementor-element elementor-element-iwgw-inti-s7t elementor-widget elementor-widget-text-editor\" data-id=\"iwgw-inti-s7t\" data-element_type=\"widget\" data-e-type=\"widget\" data-widget_type=\"text-editor.default\">\n\t\t\t\t\t\t\t\t\t<p>Efter er\u00f6vringen 1532 undertrycktes den statliga Inti-<span class=\"iwg-fachbegriff\" data-tooltip=\"Helheten av de religi\u00f6sa v\u00f6rdnadshandlingar f\u00f6r en gudom eller helig gestalt.\" tabindex=\"0\">kulten<\/span> systematiskt av den spanska kolonialf\u00f6rvaltningen fr\u00e5n 1572. \u00c4rkebiskop Bartolom\u00e9 Lobo Guerrero och hans visitator Francisco de \u00c1vila genomf\u00f6rde under 1610- och 1620-talen stora <em>extirpaci\u00f3n de idolatr\u00edas<\/em>-kampanjer, i vars sp\u00e5r tusentals huaca-helgedomar f\u00f6rst\u00f6rdes.<\/p><p>Trots detta bevarades solkulten i folkreligi\u00f6sa former, till exempel i bergsprocessionerna vid <em>Qoyllur Rit&#8217;i<\/em> n\u00e4ra Cusco, d\u00e4r den sista morgonisen fr\u00e5n glaci\u00e4ren (numera starkt tillbakadragen till f\u00f6ljd av klimatf\u00f6r\u00e4ndringarna) uppfattas som en manifestation av Inti.<\/p><p>Sedan 1944 uppf\u00f6rs \u00e5rligen den 24 juni festen <em>Inti Raymi<\/em> i Cusco som en rekonstruerad folklorefest p\u00e5 f\u00e4stningen Sacsayhuam\u00e1n.<\/p><p>Framf\u00f6randet g\u00e5r tillbaka till den peruanska f\u00f6rfattaren Faustino Espinoza Navarro och bygger framf\u00f6r allt p\u00e5 Garcilaso de la Vegas skildringar. Det har en betydande turistisk karakt\u00e4r, men \u00e4r samtidigt en ankarpunkt f\u00f6r en \u00e5teruppt\u00e4ckt urfolksidentitet (<em>movimiento indigenista<\/em>).<\/p><p>I den akademiska forskningen st\u00e5r idag mindre den monolitiska Inti-<span class=\"iwg-fachbegriff\" data-tooltip=\"Helheten av de religi\u00f6sa v\u00f6rdnadshandlingar f\u00f6r en gudom eller helig gestalt.\" tabindex=\"0\">kulten<\/span> i fokus \u00e4n fr\u00e5gan om lokal religiositet.<\/p><p>Frank Salomon, Tom Zuidema, Catherine Allen, Sabine MacCormack (<em>Religion in the Andes<\/em>, 1991) och Brian Bauer (<em>The Sacred Landscape of the Inca<\/em>, 1998) har visat hur den statliga solkulten byggdes ovanp\u00e5 ett t\u00e4tt n\u00e4tverk av lokala huaca-helgedomar och apu-bergsv\u00f6rdnad, och fortsatte att verka i synkretistisk form efter 1532.<\/p><p>Aktuella arkeoastronomiska studier vid stenhelgedomar som Machu Picchu (Reinhard 2007, Ziegler 2015) f\u00f6rfinar kontinuerligt denna bild.<\/p>\t\t\t\t\t\t\t\t<\/div>\n\t\t\t\t<\/div>\n\t\t\t\t\t<\/div>\n\t\t\t\t<\/div>\n\t\t<div class=\"elementor-element elementor-element-iwgw-inti-s8 e-flex e-con-boxed e-con e-parent\" data-id=\"iwgw-inti-s8\" data-element_type=\"container\" data-e-type=\"container\">\n\t\t\t\t\t<div class=\"e-con-inner\">\n\t\t\t\t<div class=\"elementor-element elementor-element-iwgw-inti-s8h elementor-widget elementor-widget-heading\" data-id=\"iwgw-inti-s8h\" data-element_type=\"widget\" data-e-type=\"widget\" data-widget_type=\"heading.default\">\n\t\t\t\t\t<h2 class=\"elementor-heading-title elementor-size-default\">Litteratur och k\u00e4llor<\/h2>\t\t\t\t<\/div>\n\t\t<div class=\"elementor-element elementor-element-iwgw-inti-s8c e-con-full e-flex e-con e-child\" data-id=\"iwgw-inti-s8c\" data-element_type=\"container\" data-e-type=\"container\">\n\t\t\t\t<div class=\"elementor-element elementor-element-iwgw-inti-s8t elementor-widget elementor-widget-text-editor\" data-id=\"iwgw-inti-s8t\" data-element_type=\"widget\" data-e-type=\"widget\" data-widget_type=\"text-editor.default\">\n\t\t\t\t\t\t\t\t\t<p>F\u00f6ljande urval listar centrala historiska k\u00e4llor och moderna vetenskapliga unders\u00f6kningar om Inti-<span class=\"iwg-fachbegriff\" data-tooltip=\"Helheten av de religi\u00f6sa v\u00f6rdnadshandlingar f\u00f6r en gudom eller helig gestalt.\" tabindex=\"0\">kulten<\/span> i Inkariket. Det str\u00e4cker sig fr\u00e5n de koloniala kr\u00f6nikorna fr\u00e5n 1500- och 1600-talet till verk inom modern andeetnologi och <span class=\"iwg-fachbegriff\" data-tooltip=\"Vetenskapen som utforskar tidigare kulturer utifr\u00e5n materiella fynd.\" tabindex=\"0\">arkeologi<\/span>.<\/p>\t\t\t\t\t\t\t\t<\/div>\n\t\t\t\t<\/div>\n\t\t\t\t\t<\/div>\n\t\t\t\t<\/div>\n\t\t<div class=\"elementor-element elementor-element-cp2e221a20 e-flex e-con-boxed e-con e-parent\" data-id=\"cp2e221a20\" data-element_type=\"container\" data-e-type=\"container\">\n\t\t\t\t\t<div class=\"e-con-inner\">\n\t\t\t\t<div class=\"elementor-element elementor-element-cp28758ced elementor-widget elementor-widget-heading\" data-id=\"cp28758ced\" data-element_type=\"widget\" data-e-type=\"widget\" data-widget_type=\"heading.default\">\n\t\t\t\t\t<h2 class=\"elementor-heading-title elementor-size-default\">Inti Raymi som Inkarikets statsfest<\/h2>\t\t\t\t<\/div>\n\t\t<div class=\"elementor-element elementor-element-cp264cc543 e-flex e-con-boxed e-con e-child\" data-id=\"cp264cc543\" data-element_type=\"container\" data-e-type=\"container\">\n\t\t\t\t\t<div class=\"e-con-inner\">\n\t\t\t\t<div class=\"elementor-element elementor-element-cp2c0825f5 elementor-widget elementor-widget-text-editor\" data-id=\"cp2c0825f5\" data-element_type=\"widget\" data-e-type=\"widget\" data-widget_type=\"text-editor.default\">\n\t\t\t\t\t\t\t\t\t<p>Den viktigaste \u00f6verl\u00e4mnade festen inom solkulten var <em>Inti Raymi<\/em>, som firades vid vintersolst\u00e5ndet i juni i Cusco.<\/p><p>Den \u00e4r framf\u00f6r allt k\u00e4nd genom kr\u00f6nik\u00f6ren Crist\u00f3bal de Molinas beskrivning fr\u00e5n Cusco, som dokumenterade inkafesterna p\u00e5 1570-talet, samt genom uppgifter hos Garcilaso de la Vega och Bernab\u00e9 Cobo. Festen markerade b\u00f6rjan p\u00e5 en ny \u00e5rscykel och f\u00f6renade solen, landets fruktbarhet och inkans h\u00e4rskarmakt.<\/p><p>Enligt kr\u00f6nikorna samlades adeln p\u00e5 Cuscos centrala torg. Lamor offrades, majs och majs\u00f6l frambars, och solen hedrades i en <span class=\"iwg-fachbegriff\" data-tooltip=\"En h\u00f6gtidlig handling som utf\u00f6rs enligt fasta regler.\" tabindex=\"0\">ceremoni<\/span> d\u00e4r inkan som solens son spelade en framtr\u00e4dande roll.<\/p><p>Festen tj\u00e4nade d\u00e4rmed b\u00e5de den religi\u00f6sa v\u00f6rdnaden och bekr\u00e4ftelsen av den politiska ordningen. Den spanska kolonialf\u00f6rvaltningen f\u00f6rbj\u00f6d festen i slutet av 1500-talet som avguderi.<\/p><p>Dagens <em>Inti Raymi<\/em>, som \u00e5rligen har uppf\u00f6rts i Cusco sedan 1944, \u00e4r inte en obruten forts\u00e4ttning utan en modern rekonstruktion. Den g\u00e5r tillbaka till ett initiativ av f\u00f6rfattaren och indigenisten Faustino Espinoza Navarro och bygger framf\u00f6r allt p\u00e5 Garcilasos text.<\/p><p>Forskningen placerar den moderna festen inom den peruanska indigenismon under 1900-talet, en r\u00f6relse som betonade inkaarvet som grund f\u00f6r nationell identitet. Den \u00e4r d\u00e4rmed ett v\u00e4ldokumenterat fall d\u00e4r ett f\u00f6rkolonialt <span class=\"iwg-fachbegriff\" data-tooltip=\"En reglerad f\u00f6ljd av symboliska handlingar med religi\u00f6s eller kulturell betydelse.\" tabindex=\"0\">ritual<\/span> nyskapades utifr\u00e5n kr\u00f6nikor och blev ett element i modern identitet, utan att det fanns n\u00e5gon obruten kultisk <span class=\"iwg-fachbegriff\" data-tooltip=\"\u00d6verf\u00f6ringen av kunskap och ber\u00e4ttelser mellan generationer.\" tabindex=\"0\">tradition<\/span>.<\/p>\t\t\t\t\t\t\t\t<\/div>\n\t\t\t\t\t<\/div>\n\t\t\t\t<\/div>\n\t\t\t\t\t<\/div>\n\t\t\t\t<\/div>\n\t\t<div class=\"elementor-element elementor-element-cp220ba088 e-flex e-con-boxed e-con e-parent\" data-id=\"cp220ba088\" data-element_type=\"container\" data-e-type=\"container\">\n\t\t\t\t\t<div class=\"e-con-inner\">\n\t\t\t\t<div class=\"elementor-element elementor-element-cp2dc475fc elementor-widget elementor-widget-heading\" data-id=\"cp2dc475fc\" data-element_type=\"widget\" data-e-type=\"widget\" data-widget_type=\"heading.default\">\n\t\t\t\t\t<h2 class=\"elementor-heading-title elementor-size-default\">Coricancha och den materiella \u00f6verl\u00e4mningen av solkulten<\/h2>\t\t\t\t<\/div>\n\t\t<div class=\"elementor-element elementor-element-cp259331e8 e-flex e-con-boxed e-con e-child\" data-id=\"cp259331e8\" data-element_type=\"container\" data-e-type=\"container\">\n\t\t\t\t\t<div class=\"e-con-inner\">\n\t\t\t\t<div class=\"elementor-element elementor-element-cp2dcafdd8 elementor-widget elementor-widget-text-editor\" data-id=\"cp2dcafdd8\" data-element_type=\"widget\" data-e-type=\"widget\" data-widget_type=\"text-editor.default\">\n\t\t\t\t\t\t\t\t\t<p>Det centrala <span class=\"iwg-fachbegriff\" data-tooltip=\"En helig plats till\u00e4gnad v\u00f6rdnaden av en gudom.\" tabindex=\"0\">helgedomen<\/span> f\u00f6r solguden var <em>Coricancha<\/em> i Cusco, vars namn kan \u00f6vers\u00e4ttas som guldg\u00e5rd eller gyllene inh\u00e4gnad. De spanska k\u00e4llorna beskriver den som rikt utsmyckad med guld, med v\u00e4ggar som delvis ska ha varit kl\u00e4dda med guldplattor.<\/p><p>Efter er\u00f6vringen sm\u00e4ltes guldet ner, och p\u00e5 helgedomens grundmurar uppf\u00f6rde spanjorerna klostret Santo Domingo. Den massiva inkastenmuren \u00e4r bevarad \u00e4n idag och synlig i Cuscos stadsbild.<\/p><p><em>Coricancha<\/em> \u00e4r betydelsefull f\u00f6r den vetenskapliga tolkningen eftersom den utg\u00f6r ett s\u00e4llsynt fall d\u00e4r skriftliga k\u00e4llor och byggnadsrester m\u00f6ts. Den bevarade arkitekturen ger m\u00f6jlighet till slutsatser om rummens indelning, \u00e4ven om de enskilda omr\u00e5denas exakta funktion fortfarande \u00e4r omtvistad.<\/p><p>Bland annat diskuteras att det i <em>Coricancha<\/em> inte bara fanns solen, utan flera gudomar och \u00e4ven de balsamerade kropparna av avlidna h\u00e4rskare.<\/p><p>Astronomen och antropologen R. T. Zuidema har i en rad arbeten h\u00e4vdat att ett system av t\u00e4nkta linjer, de s\u00e5 kallade <em>ceque<\/em>, utgick fr\u00e5n <em>Coricancha<\/em>, l\u00e4ngs vilka m\u00e5nga helgedomar i omgivningen av Cusco l\u00e5g. Dessa linjer ska ha haft b\u00e5de rituella och kalendariska funktioner.<\/p><p>Tesen \u00e4r inflytelserik men inte oomstridd, eftersom den huvudsakligen bygger p\u00e5 Bernab\u00e9 Cobos lista \u00f6ver helgedomar, vars tolkning \u00e4r kontroversiell. <em>Coricancha<\/em> f\u00f6rblir d\u00e4rmed en central, men bara delvis utforskad referenspunkt f\u00f6r f\u00f6rst\u00e5elsen av solkulten.<\/p>\t\t\t\t\t\t\t\t<\/div>\n\t\t\t\t\t<\/div>\n\t\t\t\t<\/div>\n\t\t\t\t\t<\/div>\n\t\t\t\t<\/div>\n\t\t<div class=\"elementor-element elementor-element-iwgw-inti-lit e-flex e-con-boxed e-con e-parent\" data-id=\"iwgw-inti-lit\" data-element_type=\"container\" data-e-type=\"container\">\n\t\t\t\t\t<div class=\"e-con-inner\">\n\t\t\t\t<div class=\"elementor-element elementor-element-iwgw-inti-lith elementor-widget elementor-widget-heading\" data-id=\"iwgw-inti-lith\" data-element_type=\"widget\" data-e-type=\"widget\" data-widget_type=\"heading.default\">\n\t\t\t\t\t<h2 class=\"elementor-heading-title elementor-size-default\">Litteratur (urval)<\/h2>\t\t\t\t<\/div>\n\t\t<div class=\"elementor-element elementor-element-iwgw-inti-litc e-con-full e-flex e-con e-child\" data-id=\"iwgw-inti-litc\" data-element_type=\"container\" data-e-type=\"container\">\n\t\t\t\t<div class=\"elementor-element elementor-element-iwgw-inti-litt elementor-widget elementor-widget-text-editor\" data-id=\"iwgw-inti-litt\" data-element_type=\"widget\" data-e-type=\"widget\" data-widget_type=\"text-editor.default\">\n\t\t\t\t\t\t\t\t\t<ul><li>Garcilaso de la Vega: <em>Comentarios Reales de los Incas<\/em> (1609)<\/li><li>Bernabe Cobo: <em>Historia del Nuevo Mundo<\/em> (1653)<\/li><li>Catherine Allen: <em>The Hold Life Has<\/em> (2002)<\/li><li>Tom Zuidema: <em>The Ceque System of Cuzco<\/em> (1964)<\/li><li>Sabine MacCormack: <em>Religion in the Andes<\/em> (1991)<\/li><li>Brian Bauer: <em>The Sacred Landscape of the Inca<\/em> (1998)<\/li><li>Teresa Gisbert: <em>Iconografia y mitos indigenas en el arte<\/em> (1980)<\/li><\/ul>\t\t\t\t\t\t\t\t<\/div>\n\t\t\t\t<\/div>\n\t\t\t\t\t<\/div>\n\t\t\t\t<\/div>\n\t\t<div class=\"elementor-element elementor-element-iwgkw2-add-inti e-flex e-con-boxed e-con e-parent\" data-id=\"iwgkw2-add-inti\" data-element_type=\"container\" data-e-type=\"container\">\n\t\t\t\t\t<div class=\"e-con-inner\">\n\t\t\t\t<div class=\"elementor-element elementor-element-iwgkw2-add-inti-t elementor-widget elementor-widget-text-editor\" data-id=\"iwgkw2-add-inti-t\" data-element_type=\"widget\" data-e-type=\"widget\" data-widget_type=\"text-editor.default\">\n\t\t\t\t\t\t\t\t\t<p>Som <strong>stamfader<\/strong> f\u00f6r inkah\u00e4rskarna legitimerade Inti den kungliga linjen fr\u00e5n Cusco och f\u00f6rband rikets politiska centrum med en kosmisk h\u00e4rstamningsber\u00e4ttelse.<\/p>\t\t\t\t\t\t\t\t<\/div>\n\t\t\t\t\t<\/div>\n\t\t\t\t<\/div>\n\t\t<div class=\"elementor-element elementor-element-iwgw-inti-kwd e-flex e-con-boxed e-con e-parent\" data-id=\"iwgw-inti-kwd\" data-element_type=\"container\" data-e-type=\"container\">\n\t\t\t\t\t<div class=\"e-con-inner\">\n\t\t<div class=\"elementor-element elementor-element-iwgw-inti-kwdc e-con-full e-flex e-con e-child\" data-id=\"iwgw-inti-kwdc\" data-element_type=\"container\" data-e-type=\"container\">\n\t\t\t\t<div class=\"elementor-element elementor-element-iwgw-inti-kwdt elementor-widget elementor-widget-text-editor\" data-id=\"iwgw-inti-kwdt\" data-element_type=\"widget\" data-e-type=\"widget\" data-widget_type=\"text-editor.default\">\n\t\t\t\t\t\t\t\t\t<p><em>Relaterade nyckelbegrepp: Inti Quechua Capac Inti Raymi Cusco Coricancha Pachakuti Punchao Tawantinsuyu.<\/em><\/p>\t\t\t\t\t\t\t\t<\/div>\n\t\t\t\t<\/div>\n\t\t\t\t\t<\/div>\n\t\t\t\t<\/div>\n\t\t<div class=\"elementor-element elementor-element-iwgw-inti-cc e-flex e-con-boxed e-con e-parent\" data-id=\"iwgw-inti-cc\" data-element_type=\"container\" data-e-type=\"container\" id=\"iwg-cc-inti\">\n\t\t\t\t\t<div class=\"e-con-inner\">\n\t\t<div class=\"elementor-element elementor-element-iwgw-inti-ccinner e-flex e-con-boxed e-con e-parent\" data-id=\"iwgw-inti-ccinner\" data-element_type=\"container\" data-e-type=\"container\" data-settings=\"{&quot;background_background&quot;:&quot;classic&quot;}\">\n\t\t\t\t\t<div class=\"e-con-inner\">\n\t\t\t\t<div class=\"elementor-element elementor-element-iwgw-inti-cch elementor-widget elementor-widget-heading\" data-id=\"iwgw-inti-cch\" data-element_type=\"widget\" data-e-type=\"widget\" data-widget_type=\"heading.default\">\n\t\t\t\t\t<h2 class=\"elementor-heading-title elementor-size-default\">iWell Guard och skyddstraditioner<\/h2>\t\t\t\t<\/div>\n\t\t\t\t<div class=\"elementor-element elementor-element-iwgw-inti-cct elementor-widget elementor-widget-text-editor\" data-id=\"iwgw-inti-cct\" data-element_type=\"widget\" data-e-type=\"widget\" data-widget_type=\"text-editor.default\">\n\t\t\t\t\t\t\t\t\t<div data-nosnippet=\"true\"><p>iWell Guard ansluter till den kulturhistoriska traditionen av b\u00e4rbara skyddsf\u00f6rem\u00e5l, i traditionen fr\u00e5n <a href=\"https:\/\/iwell-guard.com\/sv\/andeska-kulturer-inka-inti-pachamama-viracocha\/\">Anderna \/ Inkariket<\/a> och m\u00e5nga andra kulturer v\u00e4rlden \u00f6ver. 41 niv\u00e5er, \u00e4kta guld, platina, silver, tillverkad i Tyskland. 30 dagars \u00f6ppet k\u00f6p.<\/p><\/div>\t\t\t\t\t\t\t\t<\/div>\n\t\t\t\t<div class=\"elementor-element elementor-element-iwgw-inti-ccb iwg-cc-button iwg-cc-cta-2026-05-13 elementor-widget elementor-widget-jet-button\" data-id=\"iwgw-inti-ccb\" data-element_type=\"widget\" data-e-type=\"widget\" data-widget_type=\"jet-button.default\">\n\t\t\t\t<div class=\"elementor-widget-container\">\n\t\t\t\t\t<div class=\"elementor-jet-button jet-elements\"><div class=\"jet-button__container\"><a class=\"jet-button__instance jet-button__instance--icon-left hover-effect-1\" href=\"\/ueber-iwell-guard\/?utm_source=iwell-guard.com&amp;utm_medium=info-box&amp;utm_campaign=wesen-tradition\"><div class=\"jet-button__plane jet-button__plane-normal\"><\/div><div class=\"jet-button__plane jet-button__plane-hover\"><\/div><div class=\"jet-button__state jet-button__state-normal\"><span class=\"jet-button__label\">Mer om iWell Guard<\/span><\/div><div class=\"jet-button__state jet-button__state-hover\"><span class=\"jet-button__label\">Mer om iWell Guard<\/span><\/div><\/a><\/div><\/div><style>.elementor-element.elementor-element-iwgw-inti-ccb .jet-button__instance{width:320px;height:56px;}.elementor-element.elementor-element-iwgw-inti-ccb .jet-button__state-normal .jet-button__label{text-align:center;margin:0px 0px 0px 0px;color:#1a1b20;font-family:Montserrat,sans-serif;font-size:13px;font-weight:400;letter-spacing:4px;line-height:1.714em;text-transform:uppercase;}.elementor-element.elementor-element-iwgw-inti-ccb .jet-button__state-hover .jet-button__label{text-align:center;margin:0px 0px 0px 0px;color:#FECC76;font-family:Montserrat,sans-serif;font-size:13px;font-weight:400;letter-spacing:4px;line-height:1.714em;text-transform:uppercase;}.elementor-element.elementor-element-iwgw-inti-ccb .jet-button__plane-normal{background-color:#FECC76;border-style:solid;border-color:#C99540;border-width:2px 2px 2px 2px;}.elementor-element.elementor-element-iwgw-inti-ccb .jet-button__plane-hover{background-color:rgba(0,0,0,0.55);border-style:solid;border-color:#FECC76;border-width:2px 2px 2px 2px;}<\/style>\t\t\t\t<\/div>\n\t\t\t\t<\/div>\n\t\t\t\t<div class=\"elementor-element elementor-element-iwgw-inti-ccd elementor-widget elementor-widget-text-editor\" data-id=\"iwgw-inti-ccd\" data-element_type=\"widget\" data-e-type=\"widget\" data-widget_type=\"text-editor.default\">\n\t\t\t\t\t\t\t\t\t<div data-nosnippet=\"true\"><p style=\"text-align:center;font-size:13px;opacity:0.7;margin-top:14px\" data-nosnippet=\"true\">Personliga erfarenheter kan variera. Ingen medicinteknisk produkt. Inget l\u00f6fte om l\u00e4kning.<\/p><\/div>\t\t\t\t\t\t\t\t<\/div>\n\t\t\t\t\t<\/div>\n\t\t\t\t<\/div>\n\t\t\t\t\t<\/div>\n\t\t\t\t<\/div>\n\t\t<div class=\"elementor-element elementor-element-iwgw-inti-disc e-flex e-con-boxed e-con e-parent\" data-id=\"iwgw-inti-disc\" data-element_type=\"container\" data-e-type=\"container\">\n\t\t\t\t\t<div class=\"e-con-inner\">\n\t\t\t\t<div class=\"elementor-element elementor-element-iwgw-inti-discw elementor-widget elementor-widget-html\" data-id=\"iwgw-inti-discw\" data-element_type=\"widget\" data-e-type=\"widget\" data-widget_type=\"html.default\">\n\t\t\t\t\t<footer data-nosnippet=\"true\" class=\"iwg-disclaimer-block\"><p data-nosnippet=\"true\">iWell Guard \u00e4r <strong>ingen medicinteknisk produkt<\/strong> och ers\u00e4tter inte l\u00e4karv\u00e5rd eller psykoterapeutisk behandling. De religionsvetenskapliga inneh\u00e5llen \u00e4r kulturhistorisk inordning, ingen andlig praxisrekommendation.<\/p><\/footer>\t\t\t\t<\/div>\n\t\t\t\t\t<\/div>\n\t\t\t\t<\/div>\n\t\t\t\t<\/div>\n\t\t","protected":false},"excerpt":{"rendered":"","protected":false},"author":3,"featured_media":2678,"parent":0,"menu_order":0,"comment_status":"closed","ping_status":"closed","template":"elementor_header_footer","meta":{"_yoast_wpseo_focuskw":"Inti Inkas solgud","_yoast_wpseo_title":"Inti \u2013 Inkas solgud och pantheon","_yoast_wpseo_metadesc":"Inti, Inkas solgud, betraktas som fader till h\u00e4rskardynastin och medelpunkt f\u00f6r Inti Raymi, statskult vid sidan av Viracocha och Mama Killa.","_yoast_wpseo_meta-robots-noindex":"","_yoast_wpseo_canonical":"","_angie_page":false,"gefaehrdungsstufe":"2","wesen_kultur":"anden-inka","wesen_klasse":"goetter","footnotes":""},"categories":[],"class_list":["post-136822","page","type-page","status-publish","has-post-thumbnail","hentry"],"yoast_head":"<!-- This site is optimized with the Yoast SEO Premium plugin v27.7 (Yoast SEO v28.3) - https:\/\/yoast.com\/product\/yoast-seo-premium-wordpress\/ -->\n<title>Inti \u2013 Inkas solgud och pantheon<\/title>\n<meta name=\"description\" content=\"Inti, Inkas solgud, betraktas som fader till h\u00e4rskardynastin och medelpunkt f\u00f6r Inti Raymi, statskult vid sidan av Viracocha och Mama Killa.\" \/>\n<meta name=\"robots\" content=\"index, follow, max-snippet:-1, max-image-preview:large, max-video-preview:-1\" \/>\n<link rel=\"canonical\" href=\"https:\/\/iwell-guard.com\/sv\/inti-inkas-solgud\/\" \/>\n<meta property=\"og:locale\" content=\"sv_SE\" \/>\n<meta property=\"og:type\" content=\"article\" \/>\n<meta property=\"og:title\" content=\"Inti \u2013 Inkas solgud\" \/>\n<meta property=\"og:description\" content=\"Inti, Inkas solgud, betraktas som fader till h\u00e4rskardynastin och medelpunkt f\u00f6r Inti Raymi, statskult vid sidan av Viracocha och Mama Killa.\" \/>\n<meta property=\"og:url\" content=\"https:\/\/iwell-guard.com\/sv\/inti-inkas-solgud\/\" \/>\n<meta property=\"og:site_name\" content=\"iWell Guard\" \/>\n<meta property=\"article:modified_time\" content=\"2026-09-03T01:12:53+00:00\" \/>\n<meta property=\"og:image\" content=\"https:\/\/iwell-guard.com\/wp-content\/uploads\/2026\/05\/goetter_anden-inka_inti.webp\" \/>\n\t<meta property=\"og:image:width\" content=\"1024\" \/>\n\t<meta property=\"og:image:height\" content=\"1536\" \/>\n\t<meta property=\"og:image:type\" content=\"image\/webp\" \/>\n<meta name=\"twitter:card\" content=\"summary_large_image\" \/>\n<script type=\"application\/ld+json\" class=\"yoast-schema-graph\">{\"@context\":\"https:\\\/\\\/schema.org\",\"@graph\":[{\"@type\":\"WebPage\",\"@id\":\"https:\\\/\\\/iwell-guard.com\\\/sv\\\/inti-inkas-solgud\\\/\",\"url\":\"https:\\\/\\\/iwell-guard.com\\\/sv\\\/inti-inkas-solgud\\\/\",\"name\":\"Inti \u2013 Inkas solgud och pantheon\",\"isPartOf\":{\"@id\":\"https:\\\/\\\/iwell-guard.com\\\/sv\\\/#website\"},\"primaryImageOfPage\":{\"@id\":\"https:\\\/\\\/iwell-guard.com\\\/sv\\\/inti-inkas-solgud\\\/#primaryimage\"},\"image\":{\"@id\":\"https:\\\/\\\/iwell-guard.com\\\/sv\\\/inti-inkas-solgud\\\/#primaryimage\"},\"thumbnailUrl\":\"https:\\\/\\\/iwell-guard.com\\\/wp-content\\\/uploads\\\/2026\\\/05\\\/goetter_anden-inka_inti.webp\",\"datePublished\":\"2026-09-03T00:10:21+00:00\",\"dateModified\":\"2026-09-03T01:12:53+00:00\",\"description\":\"Inti, Inkas solgud, betraktas som fader till h\u00e4rskardynastin och medelpunkt f\u00f6r Inti Raymi, statskult vid sidan av Viracocha och Mama Killa.\",\"breadcrumb\":{\"@id\":\"https:\\\/\\\/iwell-guard.com\\\/sv\\\/inti-inkas-solgud\\\/#breadcrumb\"},\"inLanguage\":\"sv-SE\",\"potentialAction\":[{\"@type\":\"ReadAction\",\"target\":[\"https:\\\/\\\/iwell-guard.com\\\/sv\\\/inti-inkas-solgud\\\/\"]}]},{\"@type\":\"ImageObject\",\"inLanguage\":\"sv-SE\",\"@id\":\"https:\\\/\\\/iwell-guard.com\\\/sv\\\/inti-inkas-solgud\\\/#primaryimage\",\"url\":\"https:\\\/\\\/iwell-guard.com\\\/wp-content\\\/uploads\\\/2026\\\/05\\\/goetter_anden-inka_inti.webp\",\"contentUrl\":\"https:\\\/\\\/iwell-guard.com\\\/wp-content\\\/uploads\\\/2026\\\/05\\\/goetter_anden-inka_inti.webp\",\"width\":1024,\"height\":1536,\"caption\":\"Gudar fr\u00e5n den andinsk-inkaiska traditionen.\"},{\"@type\":\"BreadcrumbList\",\"@id\":\"https:\\\/\\\/iwell-guard.com\\\/sv\\\/inti-inkas-solgud\\\/#breadcrumb\",\"itemListElement\":[{\"@type\":\"ListItem\",\"position\":1,\"name\":\"Start\",\"item\":\"https:\\\/\\\/iwell-guard.com\\\/sv\\\/?page_id=136483\"},{\"@type\":\"ListItem\",\"position\":2,\"name\":\"Inti \u2013 Inkas solgud\"}]},{\"@type\":\"WebSite\",\"@id\":\"https:\\\/\\\/iwell-guard.com\\\/sv\\\/#website\",\"url\":\"https:\\\/\\\/iwell-guard.com\\\/sv\\\/\",\"name\":\"iWell Guard\",\"description\":\"Schutz vor dunklen Einfl\u00fcssen\",\"publisher\":{\"@id\":\"https:\\\/\\\/iwell-guard.com\\\/sv\\\/#organization\"},\"potentialAction\":[{\"@type\":\"SearchAction\",\"target\":{\"@type\":\"EntryPoint\",\"urlTemplate\":\"https:\\\/\\\/iwell-guard.com\\\/sv\\\/?s={search_term_string}\"},\"query-input\":{\"@type\":\"PropertyValueSpecification\",\"valueRequired\":true,\"valueName\":\"search_term_string\"}}],\"inLanguage\":\"sv-SE\"},{\"@type\":\"Organization\",\"@id\":\"https:\\\/\\\/iwell-guard.com\\\/sv\\\/#organization\",\"name\":\"Ittermann electronic GmbH\",\"url\":\"https:\\\/\\\/iwell-guard.com\\\/sv\\\/\",\"logo\":{\"@type\":\"ImageObject\",\"inLanguage\":\"sv-SE\",\"@id\":\"https:\\\/\\\/iwell-guard.com\\\/sv\\\/#\\\/schema\\\/logo\\\/image\\\/\",\"url\":\"https:\\\/\\\/iwell-guard.com\\\/wp-content\\\/uploads\\\/2026\\\/05\\\/Ittermann-Logo-1182x237-1.png\",\"contentUrl\":\"https:\\\/\\\/iwell-guard.com\\\/wp-content\\\/uploads\\\/2026\\\/05\\\/Ittermann-Logo-1182x237-1.png\",\"width\":1182,\"height\":237,\"caption\":\"Ittermann electronic GmbH\"},\"image\":{\"@id\":\"https:\\\/\\\/iwell-guard.com\\\/sv\\\/#\\\/schema\\\/logo\\\/image\\\/\"},\"sameAs\":[\"https:\\\/\\\/pantip.com\\\/profile\\\/9367242\",\"https:\\\/\\\/micro.blog\\\/iwellguard\",\"https:\\\/\\\/www.diggerslist.com\\\/iwellguard\\\/about\",\"https:\\\/\\\/skitterphoto.com\\\/photographers\\\/2870314\\\/iwell-guard\",\"https:\\\/\\\/iwellguard.wordpress.com\\\/2026\\\/06\\\/06\\\/iwell-guard\\\/\",\"https:\\\/\\\/hub.docker.com\\\/u\\\/iwellguard\",\"https:\\\/\\\/www.pinterest.com\\\/iwellguard\\\/\",\"https:\\\/\\\/bit.ly\\\/m\\\/iwellguard\",\"https:\\\/\\\/entre-vos-mains.alsace.eu\\\/profiles\\\/iwellguard\\\/activity\",\"https:\\\/\\\/gravatar.com\\\/reallybeded8fd34\",\"https:\\\/\\\/naijamatta.com\\\/iwellguard\",\"https:\\\/\\\/www.goodreads.com\\\/iwellguard\",\"https:\\\/\\\/profile.hatena.ne.jp\\\/iwellguard\\\/\",\"https:\\\/\\\/experiment.com\\\/users\\\/iwellguard\",\"https:\\\/\\\/wakelet.com\\\/@iWellGuard82270\",\"https:\\\/\\\/www.chordie.com\\\/forum\\\/profile.php?id=2555664\",\"https:\\\/\\\/www.instapaper.com\\\/p\\\/17757966\",\"https:\\\/\\\/www.mapleprimes.com\\\/users\\\/iwellguard\",\"https:\\\/\\\/businesslistingplus.com\\\/profile\\\/iwell-guard\\\/\",\"https:\\\/\\\/telegra.ph\\\/iWell-Guard-06-06\",\"https:\\\/\\\/pbase.com\\\/iwellguard\\\/iwellguard\",\"https:\\\/\\\/b.hatena.ne.jp\\\/iwellguard\\\/20260607#bookmark-4788405196491818882\",\"https:\\\/\\\/fliphtml5.com\\\/home\\\/iwellguard\",\"https:\\\/\\\/anyflip.com\\\/homepage\\\/cmiwl#About\",\"https:\\\/\\\/transfur.com\\\/Users\\\/iwellguard\",\"http:\\\/\\\/delphi.larsbo.org\\\/user\\\/iwellguard\",\"https:\\\/\\\/jobs.lajobsportal.org\\\/profiles\\\/8380803-iwell-guard\",\"https:\\\/\\\/md.chaosdorf.de\\\/s\\\/jfbe5SBdJD\",\"https:\\\/\\\/www.lingvolive.com\\\/en-us\\\/profile\\\/9ecaeaca-ce11-4e51-9e71-01d55e2bff36\\\/translations\",\"https:\\\/\\\/www.fitday.com\\\/fitness\\\/forums\\\/members\\\/iwellguard.html\",\"https:\\\/\\\/www.mymeetbook.com\\\/iwellguard\",\"https:\\\/\\\/pxhere.com\\\/en\\\/photographer-me\\\/5040798\",\"https:\\\/\\\/disqus.com\\\/by\\\/iwellguard\\\/about\\\/\",\"https:\\\/\\\/pastelink.net\\\/hjwciqwq\",\"https:\\\/\\\/pubhtml5.com\\\/homepage\\\/scjhn\\\/\",\"https:\\\/\\\/www.bitchute.com\\\/channel\\\/2O2eOKzNqujT\",\"https:\\\/\\\/audiomack.com\\\/iwellguard\"]},{\"@type\":\"Article\",\"@id\":\"https:\\\/\\\/iwell-guard.com\\\/sv\\\/inti-inkas-solgud\\\/#article\",\"isPartOf\":{\"@id\":\"https:\\\/\\\/iwell-guard.com\\\/sv\\\/inti-inkas-solgud\\\/\"},\"author\":{\"name\":\"Ralf Ittermann\",\"@id\":\"https:\\\/\\\/iwell-guard.com\\\/sv\\\/#\\\/schema\\\/person\\\/ee2a27f1cac3406c7c6fb5820cb7349f\"},\"headline\":\"Inti \u2013 Inkas solgud\",\"datePublished\":\"2026-09-03T00:10:21+00:00\",\"dateModified\":\"2026-09-03T01:12:53+00:00\",\"mainEntityOfPage\":{\"@id\":\"https:\\\/\\\/iwell-guard.com\\\/sv\\\/inti-inkas-solgud\\\/\"},\"publisher\":{\"@id\":\"https:\\\/\\\/iwell-guard.com\\\/sv\\\/#organization\"},\"image\":{\"@id\":\"https:\\\/\\\/iwell-guard.com\\\/sv\\\/inti-inkas-solgud\\\/#primaryimage\"},\"thumbnailUrl\":\"https:\\\/\\\/iwell-guard.com\\\/wp-content\\\/uploads\\\/2026\\\/05\\\/goetter_anden-inka_inti.webp\",\"inLanguage\":\"sv-SE\",\"description\":\"Inti, Inkas solgud, betraktas som fader till h\u00e4rskardynastin och medelpunkt f\u00f6r Inti Raymi, statskult vid sidan av Viracocha och Mama Killa.\"}]}<\/script>\n<!-- \/ Yoast SEO Premium plugin. -->","yoast_head_json":{"title":"Inti \u2013 Inkas solgud och pantheon","description":"Inti, Inkas solgud, betraktas som fader till h\u00e4rskardynastin och medelpunkt f\u00f6r Inti Raymi, statskult vid sidan av Viracocha och Mama Killa.","robots":{"index":"index","follow":"follow","max-snippet":"max-snippet:-1","max-image-preview":"max-image-preview:large","max-video-preview":"max-video-preview:-1"},"canonical":"https:\/\/iwell-guard.com\/sv\/inti-inkas-solgud\/","og_locale":"sv_SE","og_type":"article","og_title":"Inti \u2013 Inkas solgud","og_description":"Inti, Inkas solgud, betraktas som fader till h\u00e4rskardynastin och medelpunkt f\u00f6r Inti Raymi, statskult vid sidan av Viracocha och Mama Killa.","og_url":"https:\/\/iwell-guard.com\/sv\/inti-inkas-solgud\/","og_site_name":"iWell Guard","article_modified_time":"2026-09-03T01:12:53+00:00","og_image":[{"width":1024,"height":1536,"url":"https:\/\/iwell-guard.com\/wp-content\/uploads\/2026\/05\/goetter_anden-inka_inti.webp","type":"image\/webp"}],"twitter_card":"summary_large_image","schema":{"@context":"https:\/\/schema.org","@graph":[{"@type":"Article","@id":"https:\/\/iwell-guard.com\/sv\/inti-inkas-solgud\/#article","isPartOf":{"@id":"https:\/\/iwell-guard.com\/sv\/inti-inkas-solgud\/"},"author":{"name":"Ralf Ittermann","@id":"https:\/\/iwell-guard.com\/sv\/#\/schema\/person\/ee2a27f1cac3406c7c6fb5820cb7349f"},"headline":"Inti \u2013 Inkas solgud","datePublished":"2026-09-03T00:10:21+00:00","dateModified":"2026-09-03T01:12:53+00:00","mainEntityOfPage":{"@id":"https:\/\/iwell-guard.com\/sv\/inti-inkas-solgud\/"},"publisher":{"@id":"https:\/\/iwell-guard.com\/sv\/#organization"},"image":{"@id":"https:\/\/iwell-guard.com\/sv\/inti-inkas-solgud\/#primaryimage"},"thumbnailUrl":"https:\/\/iwell-guard.com\/wp-content\/uploads\/2026\/05\/goetter_anden-inka_inti.webp","inLanguage":"sv-SE","description":"Inti, Inkas solgud, betraktas som fader till h\u00e4rskardynastin och medelpunkt f\u00f6r Inti Raymi, statskult vid sidan av Viracocha och Mama Killa."},{"@type":"WebPage","@id":"https:\/\/iwell-guard.com\/sv\/inti-inkas-solgud\/","url":"https:\/\/iwell-guard.com\/sv\/inti-inkas-solgud\/","name":"Inti \u2013 Inkas solgud och pantheon","isPartOf":{"@id":"https:\/\/iwell-guard.com\/sv\/#website"},"primaryImageOfPage":{"@id":"https:\/\/iwell-guard.com\/sv\/inti-inkas-solgud\/#primaryimage"},"image":{"@id":"https:\/\/iwell-guard.com\/sv\/inti-inkas-solgud\/#primaryimage"},"thumbnailUrl":"https:\/\/iwell-guard.com\/wp-content\/uploads\/2026\/05\/goetter_anden-inka_inti.webp","datePublished":"2026-09-03T00:10:21+00:00","dateModified":"2026-09-03T01:12:53+00:00","description":"Inti, Inkas solgud, betraktas som fader till h\u00e4rskardynastin och medelpunkt f\u00f6r Inti Raymi, statskult vid sidan av Viracocha och Mama Killa.","breadcrumb":{"@id":"https:\/\/iwell-guard.com\/sv\/inti-inkas-solgud\/#breadcrumb"},"inLanguage":"sv-SE","potentialAction":[{"@type":"ReadAction","target":["https:\/\/iwell-guard.com\/sv\/inti-inkas-solgud\/"]}]},{"@type":"ImageObject","inLanguage":"sv-SE","@id":"https:\/\/iwell-guard.com\/sv\/inti-inkas-solgud\/#primaryimage","url":"https:\/\/iwell-guard.com\/wp-content\/uploads\/2026\/05\/goetter_anden-inka_inti.webp","contentUrl":"https:\/\/iwell-guard.com\/wp-content\/uploads\/2026\/05\/goetter_anden-inka_inti.webp","width":1024,"height":1536,"caption":"Gudar fr\u00e5n den andinsk-inkaiska traditionen."},{"@type":"BreadcrumbList","@id":"https:\/\/iwell-guard.com\/sv\/inti-inkas-solgud\/#breadcrumb","itemListElement":[{"@type":"ListItem","position":1,"name":"Start","item":"https:\/\/iwell-guard.com\/sv\/?page_id=136483"},{"@type":"ListItem","position":2,"name":"Inti \u2013 Inkas solgud"}]},{"@type":"WebSite","@id":"https:\/\/iwell-guard.com\/sv\/#website","url":"https:\/\/iwell-guard.com\/sv\/","name":"iWell Guard","description":"Schutz vor dunklen Einfl\u00fcssen","publisher":{"@id":"https:\/\/iwell-guard.com\/sv\/#organization"},"potentialAction":[{"@type":"SearchAction","target":{"@type":"EntryPoint","urlTemplate":"https:\/\/iwell-guard.com\/sv\/?s={search_term_string}"},"query-input":{"@type":"PropertyValueSpecification","valueRequired":true,"valueName":"search_term_string"}}],"inLanguage":"sv-SE"},{"@type":"Organization","@id":"https:\/\/iwell-guard.com\/sv\/#organization","name":"Ittermann electronic GmbH","url":"https:\/\/iwell-guard.com\/sv\/","logo":{"@type":"ImageObject","inLanguage":"sv-SE","@id":"https:\/\/iwell-guard.com\/sv\/#\/schema\/logo\/image\/","url":"https:\/\/iwell-guard.com\/wp-content\/uploads\/2026\/05\/Ittermann-Logo-1182x237-1.png","contentUrl":"https:\/\/iwell-guard.com\/wp-content\/uploads\/2026\/05\/Ittermann-Logo-1182x237-1.png","width":1182,"height":237,"caption":"Ittermann electronic GmbH"},"image":{"@id":"https:\/\/iwell-guard.com\/sv\/#\/schema\/logo\/image\/"},"sameAs":["https:\/\/pantip.com\/profile\/9367242","https:\/\/micro.blog\/iwellguard","https:\/\/www.diggerslist.com\/iwellguard\/about","https:\/\/skitterphoto.com\/photographers\/2870314\/iwell-guard","https:\/\/iwellguard.wordpress.com\/2026\/06\/06\/iwell-guard\/","https:\/\/hub.docker.com\/u\/iwellguard","https:\/\/www.pinterest.com\/iwellguard\/","https:\/\/bit.ly\/m\/iwellguard","https:\/\/entre-vos-mains.alsace.eu\/profiles\/iwellguard\/activity","https:\/\/gravatar.com\/reallybeded8fd34","https:\/\/naijamatta.com\/iwellguard","https:\/\/www.goodreads.com\/iwellguard","https:\/\/profile.hatena.ne.jp\/iwellguard\/","https:\/\/experiment.com\/users\/iwellguard","https:\/\/wakelet.com\/@iWellGuard82270","https:\/\/www.chordie.com\/forum\/profile.php?id=2555664","https:\/\/www.instapaper.com\/p\/17757966","https:\/\/www.mapleprimes.com\/users\/iwellguard","https:\/\/businesslistingplus.com\/profile\/iwell-guard\/","https:\/\/telegra.ph\/iWell-Guard-06-06","https:\/\/pbase.com\/iwellguard\/iwellguard","https:\/\/b.hatena.ne.jp\/iwellguard\/20260607#bookmark-4788405196491818882","https:\/\/fliphtml5.com\/home\/iwellguard","https:\/\/anyflip.com\/homepage\/cmiwl#About","https:\/\/transfur.com\/Users\/iwellguard","http:\/\/delphi.larsbo.org\/user\/iwellguard","https:\/\/jobs.lajobsportal.org\/profiles\/8380803-iwell-guard","https:\/\/md.chaosdorf.de\/s\/jfbe5SBdJD","https:\/\/www.lingvolive.com\/en-us\/profile\/9ecaeaca-ce11-4e51-9e71-01d55e2bff36\/translations","https:\/\/www.fitday.com\/fitness\/forums\/members\/iwellguard.html","https:\/\/www.mymeetbook.com\/iwellguard","https:\/\/pxhere.com\/en\/photographer-me\/5040798","https:\/\/disqus.com\/by\/iwellguard\/about\/","https:\/\/pastelink.net\/hjwciqwq","https:\/\/pubhtml5.com\/homepage\/scjhn\/","https:\/\/www.bitchute.com\/channel\/2O2eOKzNqujT","https:\/\/audiomack.com\/iwellguard"]},{"@type":"Person","@id":"https:\/\/iwell-guard.com\/sv\/#\/schema\/person\/ee2a27f1cac3406c7c6fb5820cb7349f","name":"Ralf Ittermann","image":{"@type":"ImageObject","inLanguage":"sv-SE","@id":"https:\/\/secure.gravatar.com\/avatar\/073c0153e350a5005b68eb752b445fea71f6b24a26da9449ad7e155e6b446c9d?s=96&d=mm&r=g","url":"https:\/\/secure.gravatar.com\/avatar\/073c0153e350a5005b68eb752b445fea71f6b24a26da9449ad7e155e6b446c9d?s=96&d=mm&r=g","contentUrl":"https:\/\/secure.gravatar.com\/avatar\/073c0153e350a5005b68eb752b445fea71f6b24a26da9449ad7e155e6b446c9d?s=96&d=mm&r=g","caption":"Ralf Ittermann"},"givenName":"Ralf","familyName":"Ittermann","jobTitle":"Gesch\u00e4ftsf\u00fchrer und redaktioneller Verantwortlicher","url":"https:\/\/iwell-guard.com\/sv\/author\/claude\/","description":"Ralf Ittermann ist Gesch\u00e4ftsf\u00fchrer der Ittermann electronic GmbH und redaktioneller Verantwortlicher des iWell-Guard-Lexikons. Er verbindet langj\u00e4hrige Erfahrung in der Pr\u00e4zisionsfertigung mit medialer Praxis und religionsgeschichtlicher Quellenarbeit.","worksFor":{"@type":"Organization","name":"Ittermann electronic GmbH","url":"https:\/\/ittermann.de\/","address":{"@type":"PostalAddress","streetAddress":"K\u00f6hlergasse 16-18","postalCode":"99842","addressLocality":"Ruhla","addressCountry":"DE"}},"knowsAbout":["Religionsgeschichte","Mythologie","Mediale Praxis","Energetische Diagnostik","Schutzpraxis","Volksglauben","Westliche Esoterik"]},{"@type":"Article","@id":"https:\/\/iwell-guard.com\/sv\/inti-inkas-solgud\/#article","isPartOf":{"@id":"https:\/\/iwell-guard.com\/sv\/inti-inkas-solgud\/"},"author":{"name":"Ralf Ittermann","@id":"https:\/\/iwell-guard.com\/sv\/#\/schema\/person\/ee2a27f1cac3406c7c6fb5820cb7349f"},"headline":"Inti \u2013 Inkas solgud","datePublished":"2026-09-03T00:10:21+00:00","dateModified":"2026-09-03T01:12:53+00:00","mainEntityOfPage":{"@id":"https:\/\/iwell-guard.com\/sv\/inti-inkas-solgud\/"},"publisher":{"@id":"https:\/\/iwell-guard.com\/sv\/#organization"},"image":{"@id":"https:\/\/iwell-guard.com\/sv\/inti-inkas-solgud\/#primaryimage"},"thumbnailUrl":"https:\/\/iwell-guard.com\/wp-content\/uploads\/2026\/05\/goetter_anden-inka_inti.webp","inLanguage":"sv-SE","description":"Inti, Inkas solgud, betraktas som fader till h\u00e4rskardynastin och medelpunkt f\u00f6r Inti Raymi, statskult vid sidan av Viracocha och Mama Killa."}]}},"_links":{"self":[{"href":"https:\/\/iwell-guard.com\/sv\/wp-json\/wp\/v2\/pages\/136822","targetHints":{"allow":["GET"]}}],"collection":[{"href":"https:\/\/iwell-guard.com\/sv\/wp-json\/wp\/v2\/pages"}],"about":[{"href":"https:\/\/iwell-guard.com\/sv\/wp-json\/wp\/v2\/types\/page"}],"author":[{"embeddable":true,"href":"https:\/\/iwell-guard.com\/sv\/wp-json\/wp\/v2\/users\/3"}],"replies":[{"embeddable":true,"href":"https:\/\/iwell-guard.com\/sv\/wp-json\/wp\/v2\/comments?post=136822"}],"version-history":[{"count":0,"href":"https:\/\/iwell-guard.com\/sv\/wp-json\/wp\/v2\/pages\/136822\/revisions"}],"wp:featuredmedia":[{"embeddable":true,"href":"https:\/\/iwell-guard.com\/sv\/wp-json\/wp\/v2\/media\/2678"}],"wp:attachment":[{"href":"https:\/\/iwell-guard.com\/sv\/wp-json\/wp\/v2\/media?parent=136822"}],"wp:term":[{"taxonomy":"category","embeddable":true,"href":"https:\/\/iwell-guard.com\/sv\/wp-json\/wp\/v2\/categories?post=136822"}],"curies":[{"name":"wp","href":"https:\/\/api.w.org\/{rel}","templated":true}]}}