{"id":136812,"date":"2026-09-03T00:10:16","date_gmt":"2026-09-03T00:10:16","guid":{"rendered":"https:\/\/iwell-guard.com\/?page_id=136812"},"modified":"2026-09-03T01:12:37","modified_gmt":"2026-09-03T01:12:37","slug":"andeska-kulturer-inka-inti-pachamama-viracocha","status":"publish","type":"page","link":"https:\/\/iwell-guard.com\/sv\/andeska-kulturer-inka-inti-pachamama-viracocha\/","title":{"rendered":"Andeska kulturer och inkariket \u2013 Inti, Pachamama och Viracocha"},"content":{"rendered":"\t\t<div data-elementor-type=\"wp-page\" data-elementor-id=\"136812\" class=\"elementor elementor-136812 elementor-2564 elementor-bc-flex-widget\" data-elementor-post-type=\"page\">\n\t\t\t\t<div class=\"elementor-element elementor-element-iwgcn-andeninka-hero iwg-kultur-hero e-flex e-con-boxed e-con e-parent\" data-id=\"iwgcn-andeninka-hero\" data-element_type=\"container\" data-e-type=\"container\">\n\t\t\t\t\t<div class=\"e-con-inner\">\n\t\t<div class=\"elementor-element elementor-element-iwgcn-andeninka-hl iwg-kultur-hero-left e-flex e-con-boxed e-con e-child\" data-id=\"iwgcn-andeninka-hl\" data-element_type=\"container\" data-e-type=\"container\">\n\t\t\t\t\t<div class=\"e-con-inner\">\n\t\t\t\t<div class=\"elementor-element elementor-element-iwgcn-andeninka-h1 elementor-widget elementor-widget-heading\" data-id=\"iwgcn-andeninka-h1\" data-element_type=\"widget\" data-e-type=\"widget\" data-widget_type=\"heading.default\">\n\t\t\t\t\t<h1 class=\"elementor-heading-title elementor-size-default\">Andeska kulturer, Inka, Pachamama och chakana<\/h1>\t\t\t\t<\/div>\n\t\t<div class=\"elementor-element elementor-element-iwgcn-andeninka-leadc e-con-full e-flex e-con e-child\" data-id=\"iwgcn-andeninka-leadc\" data-element_type=\"container\" data-e-type=\"container\">\n\t\t\t\t<div class=\"elementor-element elementor-element-iwgcn-andeninka-lead elementor-widget elementor-widget-text-editor\" data-id=\"iwgcn-andeninka-lead\" data-element_type=\"widget\" data-e-type=\"widget\" data-widget_type=\"text-editor.default\">\n\t\t\t\t\t\t\t\t\t<p>Andesregionen, fr\u00e5n Colombia till norra Chile, har hyst komplexa h\u00f6gkulturer sedan det tredje \u00e5rtusendet f.v.t.: Caral, Chav\u00edn, Moche, Nazca, Wari, Tiwanaku och slutligen Inka. Quechua- och aymaraspr\u00e5kiga samh\u00e4llen bevarar \u00e4n idag religi\u00f6sa traditioner d\u00e4r jordmodern Pachamama, solguden Inti och bergen (apus) utg\u00f6r centrala referenspunkter.<\/p><p>Den andeska skyddspraxisen behandlas i ett eget avsnitt.<\/p>\t\t\t\t\t\t\t\t<\/div>\n\t\t\t\t<\/div>\n\t\t\t\t\t<\/div>\n\t\t\t\t<\/div>\n\t\t<div class=\"elementor-element elementor-element-iwgcn-andeninka-hr iwg-kultur-hero-right e-flex e-con-boxed e-con e-child\" data-id=\"iwgcn-andeninka-hr\" data-element_type=\"container\" data-e-type=\"container\">\n\t\t\t\t\t<div class=\"e-con-inner\">\n\t\t\t\t<div class=\"elementor-element elementor-element-iwgcn-andeninka-himg iwg-hero-image elementor-widget elementor-widget-image\" data-id=\"iwgcn-andeninka-himg\" data-element_type=\"widget\" data-e-type=\"widget\" data-widget_type=\"image.default\">\n\t\t\t\t\t\t\t\t\t\t\t\t\t\t\t<img fetchpriority=\"high\" decoding=\"async\" width=\"683\" height=\"1024\" src=\"https:\/\/iwell-guard.com\/wp-content\/uploads\/2026\/05\/goetter_anden-inka_illapa-683x1024.webp\" class=\"attachment-large size-large wp-image-2677\" alt=\"Illapa - G\u00f6tter aus der Anden-inka-Tradition, historisch-illustrativ\" srcset=\"https:\/\/iwell-guard.com\/wp-content\/uploads\/2026\/05\/goetter_anden-inka_illapa-683x1024.webp 683w, https:\/\/iwell-guard.com\/wp-content\/uploads\/2026\/05\/goetter_anden-inka_illapa-200x300.webp 200w, https:\/\/iwell-guard.com\/wp-content\/uploads\/2026\/05\/goetter_anden-inka_illapa-768x1152.webp 768w, https:\/\/iwell-guard.com\/wp-content\/uploads\/2026\/05\/goetter_anden-inka_illapa.webp 1024w\" sizes=\"(max-width: 683px) 100vw, 683px\" \/>\t\t\t\t\t\t\t\t\t\t\t\t\t\t\t<\/div>\n\t\t\t\t\t<\/div>\n\t\t\t\t<\/div>\n\t\t\t\t\t<\/div>\n\t\t\t\t<\/div>\n\t\t<div class=\"elementor-element elementor-element-iwgcn-andeninka-s0 e-flex e-con-boxed e-con e-parent\" data-id=\"iwgcn-andeninka-s0\" data-element_type=\"container\" data-e-type=\"container\">\n\t\t\t\t\t<div class=\"e-con-inner\">\n\t\t\t\t<div class=\"elementor-element elementor-element-iwgcn-andeninka-s0h elementor-widget elementor-widget-heading\" data-id=\"iwgcn-andeninka-s0h\" data-element_type=\"widget\" data-e-type=\"widget\" data-widget_type=\"heading.default\">\n\t\t\t\t\t<h2 class=\"elementor-heading-title elementor-size-default\">Historiska faser, f\u00f6rinka och Inka<\/h2>\t\t\t\t<\/div>\n\t\t<div class=\"elementor-element elementor-element-iwgcn-andeninka-s0-c e-con-full e-flex e-con e-child\" data-id=\"iwgcn-andeninka-s0-c\" data-element_type=\"container\" data-e-type=\"container\">\n\t\t\t\t<div class=\"elementor-element elementor-element-iwgcn-andeninka-s0t elementor-widget elementor-widget-text-editor\" data-id=\"iwgcn-andeninka-s0t\" data-element_type=\"widget\" data-e-type=\"widget\" data-widget_type=\"text-editor.default\">\n\t\t\t\t\t\t\t\t\t<p>L\u00e5ngt f\u00f6re inkariket utvecklade andeska samh\u00e4llen religi\u00f6sa komplex: Caral som Nya v\u00e4rldens \u00e4ldsta tempelplats (fr\u00e5n ca 2600 f.v.t.), Chav\u00edn de Hu\u00e1ntar (1200\u2013500 f.v.t.) med Lanz\u00f3n-<span class=\"iwg-fachbegriff\" data-tooltip=\"En uppr\u00e4ttst\u00e5ende, inskriven eller bebildad sten- eller tr\u00e4platta.\" tabindex=\"0\">stelen<\/span> som centralt kultobjekt, Moche (100\u2013800 v.t.) med huaca-pyramider och offerpraxis, samt Tiwanaku vid Titicacasj\u00f6n som kosmologiskt centrum med solporten och Viracocha-ikonografi.<\/p><p>Inka (ca 1438\u20131533 v.t.) betraktade sig sj\u00e4lva som efterf\u00f6ljare och sammanfl\u00e4tare av dessa traditioner.<\/p>\t\t\t\t\t\t\t\t<\/div>\n\t\t\t\t<\/div>\n\t\t\t\t\t<\/div>\n\t\t\t\t<\/div>\n\t\t<div class=\"elementor-element elementor-element-iwgcn-andeninka-s1 e-flex e-con-boxed e-con e-parent\" data-id=\"iwgcn-andeninka-s1\" data-element_type=\"container\" data-e-type=\"container\">\n\t\t\t\t\t<div class=\"e-con-inner\">\n\t\t\t\t<div class=\"elementor-element elementor-element-iwgcn-andeninka-s1h elementor-widget elementor-widget-heading\" data-id=\"iwgcn-andeninka-s1h\" data-element_type=\"widget\" data-e-type=\"widget\" data-widget_type=\"heading.default\">\n\t\t\t\t\t<h2 class=\"elementor-heading-title elementor-size-default\">Inti, Pachamama, Viracocha, inkarikets pantheon<\/h2>\t\t\t\t<\/div>\n\t\t<div class=\"elementor-element elementor-element-iwgcn-andeninka-s1-c e-con-full e-flex e-con e-child\" data-id=\"iwgcn-andeninka-s1-c\" data-element_type=\"container\" data-e-type=\"container\">\n\t\t\t\t<div class=\"elementor-element elementor-element-iwgcn-andeninka-s1t elementor-widget elementor-widget-text-editor\" data-id=\"iwgcn-andeninka-s1t\" data-element_type=\"widget\" data-e-type=\"widget\" data-widget_type=\"text-editor.default\">\n\t\t\t\t\t\t\t\t\t<p>Inti, solguden, anses vara fader till inkaherrskarnas dynasti. Pachamama (Moder Jord) \u00e4r den centrala kvinnliga <span class=\"iwg-fachbegriff\" data-tooltip=\"En som gudomlig v\u00f6rdad varelse inom en religion.\" tabindex=\"0\">gudomen<\/span>, ansvarig f\u00f6r \u00e5krarnas och djurens fruktbarhet.<\/p><p>Viracocha framtr\u00e4der som skapare av allt: han stige upp ur Titicacasj\u00f6n, formade sol och m\u00e5ne och skapade m\u00e4nniskorna. Mama Killa (m\u00e5nguden) \u00e4r Intis syster och maka. Pachakamak \u00e4r en egen panandinsk <span class=\"iwg-fachbegriff\" data-tooltip=\"En som gudomlig v\u00f6rdad varelse inom en religion.\" tabindex=\"0\">gudom<\/span> (jord, jordb\u00e4vningar), vars <span class=\"iwg-fachbegriff\" data-tooltip=\"En helig plats till\u00e4gnad v\u00f6rdnaden av en gudom.\" tabindex=\"0\">helgedom<\/span> n\u00e4ra Lima var en pilgrimsort under \u00e5rtusenden.<\/p>\t\t\t\t\t\t\t\t<\/div>\n\t\t\t\t<\/div>\n\t\t\t\t\t<\/div>\n\t\t\t\t<\/div>\n\t\t<div class=\"elementor-element elementor-element-iwgcn-andeninka-s2 e-flex e-con-boxed e-con e-parent\" data-id=\"iwgcn-andeninka-s2\" data-element_type=\"container\" data-e-type=\"container\">\n\t\t\t\t\t<div class=\"e-con-inner\">\n\t\t\t\t<div class=\"elementor-element elementor-element-iwgcn-andeninka-s2h elementor-widget elementor-widget-heading\" data-id=\"iwgcn-andeninka-s2h\" data-element_type=\"widget\" data-e-type=\"widget\" data-widget_type=\"heading.default\">\n\t\t\t\t\t<h2 class=\"elementor-heading-title elementor-size-default\">Apus, bergen som levande v\u00e4sen<\/h2>\t\t\t\t<\/div>\n\t\t<div class=\"elementor-element elementor-element-iwgcn-andeninka-s2-c e-con-full e-flex e-con e-child\" data-id=\"iwgcn-andeninka-s2-c\" data-element_type=\"container\" data-e-type=\"container\">\n\t\t\t\t<div class=\"elementor-element elementor-element-iwgcn-andeninka-s2t elementor-widget elementor-widget-text-editor\" data-id=\"iwgcn-andeninka-s2t\" data-element_type=\"widget\" data-e-type=\"widget\" data-widget_type=\"text-editor.default\">\n\t\t\t\t\t\t\t\t\t<p>Bergen (apus) \u00e4r i den andeska f\u00f6rest\u00e4llningen inga landskapselement utan levande v\u00e4sen med personlighet, k\u00f6n och hierarki. Viktiga apus: Ausangate (Cusco-regionen), Salkantay, Illimani (La Paz), Huayna Picchu, Chimborazo (Ecuador). De hedras med despacho-offer (ceremoniella p\u00e5sar med kokablad, majsh\u00e5r, s\u00f6tsaker och s\u00f6ta viner). Denna praxis lever \u00e4n idag vidare i quechua- och aymaraspr\u00e5kiga lantsamh\u00e4llen.<\/p>\t\t\t\t\t\t\t\t<\/div>\n\t\t\t\t<\/div>\n\t\t\t\t\t<\/div>\n\t\t\t\t<\/div>\n\t\t<div class=\"elementor-element elementor-element-iwgcn-andeninka-s3 e-flex e-con-boxed e-con e-parent\" data-id=\"iwgcn-andeninka-s3\" data-element_type=\"container\" data-e-type=\"container\">\n\t\t\t\t\t<div class=\"e-con-inner\">\n\t\t\t\t<div class=\"elementor-element elementor-element-iwgcn-andeninka-s3h elementor-widget elementor-widget-heading\" data-id=\"iwgcn-andeninka-s3h\" data-element_type=\"widget\" data-e-type=\"widget\" data-widget_type=\"heading.default\">\n\t\t\t\t\t<h2 class=\"elementor-heading-title elementor-size-default\">Chakana, andeskorset<\/h2>\t\t\t\t<\/div>\n\t\t<div class=\"elementor-element elementor-element-iwgcn-andeninka-s3-c e-con-full e-flex e-con e-child\" data-id=\"iwgcn-andeninka-s3-c\" data-element_type=\"container\" data-e-type=\"container\">\n\t\t\t\t<div class=\"elementor-element elementor-element-iwgcn-andeninka-s3t elementor-widget elementor-widget-text-editor\" data-id=\"iwgcn-andeninka-s3t\" data-element_type=\"widget\" data-e-type=\"widget\" data-widget_type=\"text-editor.default\">\n\t\t\t\t\t\t\t\t\t<p>Chakana, det stegade fyrsidiga andeskorset, \u00e4r det mest framtr\u00e4dande <span class=\"iwg-fachbegriff\" data-tooltip=\"Ett tecken som st\u00e5r f\u00f6r en f\u00f6rest\u00e4llning eller betydelse.\" tabindex=\"0\">symbolen<\/span> i den andeska <span class=\"iwg-fachbegriff\" data-tooltip=\"F\u00f6rest\u00e4llning om v\u00e4rldens uppbyggnad och ordning inom en kultur.\" tabindex=\"0\">kosmologin<\/span>. Den representerar de tre v\u00e4rldarna, Hanan Pacha (\u00f6verv\u00e4rlden, stj\u00e4rnorna, gudarna), Kay Pacha (mellanv\u00e4rlden, m\u00e4nniskorna) och Uku Pacha (underjorden, de d\u00f6da, uts\u00e4det), samt de fyra v\u00e4derstrecken och de centrala dygderna (Ayni, \u00f6msesidighet, Munay, k\u00e4rlek, Yachay, kunskap, Llank&#8217;ay, arbete).<\/p><p>B\u00e4rbara chakana-h\u00e4ngen av silver \u00e4r idag vitt spridda.<\/p>\t\t\t\t\t\t\t\t<\/div>\n\t\t\t\t<\/div>\n\t\t\t\t\t<\/div>\n\t\t\t\t<\/div>\n\t\t<div class=\"elementor-element elementor-element-iwgcn-andeninka-s4 e-flex e-con-boxed e-con e-parent\" data-id=\"iwgcn-andeninka-s4\" data-element_type=\"container\" data-e-type=\"container\">\n\t\t\t\t\t<div class=\"e-con-inner\">\n\t\t\t\t<div class=\"elementor-element elementor-element-iwgcn-andeninka-s4h elementor-widget elementor-widget-heading\" data-id=\"iwgcn-andeninka-s4h\" data-element_type=\"widget\" data-e-type=\"widget\" data-widget_type=\"heading.default\">\n\t\t\t\t\t<h2 class=\"elementor-heading-title elementor-size-default\">Skyddsobjekt: aguayo, despacho, mesa<\/h2>\t\t\t\t<\/div>\n\t\t<div class=\"elementor-element elementor-element-iwgcn-andeninka-s4-c e-con-full e-flex e-con e-child\" data-id=\"iwgcn-andeninka-s4-c\" data-element_type=\"container\" data-e-type=\"container\">\n\t\t\t\t<div class=\"elementor-element elementor-element-iwgcn-andeninka-s4t elementor-widget elementor-widget-text-editor\" data-id=\"iwgcn-andeninka-s4t\" data-element_type=\"widget\" data-e-type=\"widget\" data-widget_type=\"text-editor.default\">\n\t\t\t\t\t\t\t\t\t<p>Skydds- och rituella objekt: aguayo (v\u00e4vd filt av alpacka- eller f\u00e5rull med symboliska m\u00f6nster, buren, anv\u00e4nd som b\u00e4rduk och i ceremonier), despacho-p\u00e5sar (rituella offerpaket till Pachamama), mesa (ritualbord med stenar, fj\u00e4drar, figurer). Kokablad \u00e4r allest\u00e4des n\u00e4rvarande, <span class=\"iwg-fachbegriff\" data-tooltip=\"\u00d6verl\u00e4mnad till det heliga genom en religi\u00f6s handling och d\u00e4rmed lyft ur det vardagliga.\" tabindex=\"0\">invigda<\/span>, tuggade, r\u00f6kta, lagda som <span class=\"iwg-fachbegriff\" data-tooltip=\"En plats eller institution d\u00e4r ett gudomligt besked inh\u00e4mtas.\" tabindex=\"0\">orakel<\/span> (coca-leyendo). Khipus (knutna sn\u00f6ren) anv\u00e4ndes ursprungligen f\u00f6r administration, men hade \u00e4ven ceremoniell funktion.<\/p>\t\t\t\t\t\t\t\t<\/div>\n\t\t\t\t<\/div>\n\t\t\t\t\t<\/div>\n\t\t\t\t<\/div>\n\t\t<div class=\"elementor-element elementor-element-iwgcn-andeninka-s5 e-flex e-con-boxed e-con e-parent\" data-id=\"iwgcn-andeninka-s5\" data-element_type=\"container\" data-e-type=\"container\">\n\t\t\t\t\t<div class=\"e-con-inner\">\n\t\t\t\t<div class=\"elementor-element elementor-element-iwgcn-andeninka-s5h elementor-widget elementor-widget-heading\" data-id=\"iwgcn-andeninka-s5h\" data-element_type=\"widget\" data-e-type=\"widget\" data-widget_type=\"heading.default\">\n\t\t\t\t\t<h2 class=\"elementor-heading-title elementor-size-default\">Spansk konquista och synkretism<\/h2>\t\t\t\t<\/div>\n\t\t<div class=\"elementor-element elementor-element-iwgcn-andeninka-s5-c e-con-full e-flex e-con e-child\" data-id=\"iwgcn-andeninka-s5-c\" data-element_type=\"container\" data-e-type=\"container\">\n\t\t\t\t<div class=\"elementor-element elementor-element-iwgcn-andeninka-s5t elementor-widget elementor-widget-text-editor\" data-id=\"iwgcn-andeninka-s5t\" data-element_type=\"widget\" data-e-type=\"widget\" data-widget_type=\"text-editor.default\">\n\t\t\t\t\t\t\t\t\t<p>Med den spanska er\u00f6vringen (Pizarro 1532) undantr\u00e4ngdes inkareligionen officiellt, men bevarades i praktiken genom <span class=\"iwg-fachbegriff\" data-tooltip=\"Sammansm\u00e4ltning av f\u00f6rest\u00e4llningar eller gudomar fr\u00e5n olika religi\u00f6sa traditioner.\" tabindex=\"0\">synkretism<\/span>. Dagens andeska <span class=\"iwg-fachbegriff\" data-tooltip=\"Den religiositet som levs i vardagen, ofta vid sidan av den officiella l\u00e4ran.\" tabindex=\"0\">folktrosreligiositet<\/span> f\u00f6renar katolsk helgondyrkan med Pachamama-riter: under stilla veckan vandrar <span class=\"iwg-fachbegriff\" data-tooltip=\"En m\u00e4nniska som g\u00f6r en religi\u00f6st motiverad resa till en helig plats.\" tabindex=\"0\">pilgrimer<\/span> upp till Apu Qoyllur Riti, p\u00e5 alla helgons dag f\u00f6rbereds despachos f\u00f6r de avlidna, och Jungfrun av Copacabana \u00e4r ocks\u00e5 Pachamama. Religionsvetenskapligt ett paradigm f\u00f6r de urfolkstraditionernas motst\u00e5ndskraft.<\/p>\t\t\t\t\t\t\t\t<\/div>\n\t\t\t\t<\/div>\n\t\t\t\t\t<\/div>\n\t\t\t\t<\/div>\n\t\t<div class=\"elementor-element elementor-element-iwgcn-andeninka-s6 e-flex e-con-boxed e-con e-parent\" data-id=\"iwgcn-andeninka-s6\" data-element_type=\"container\" data-e-type=\"container\">\n\t\t\t\t\t<div class=\"e-con-inner\">\n\t\t\t\t<div class=\"elementor-element elementor-element-iwgcn-andeninka-s6h elementor-widget elementor-widget-heading\" data-id=\"iwgcn-andeninka-s6h\" data-element_type=\"widget\" data-e-type=\"widget\" data-widget_type=\"heading.default\">\n\t\t\t\t\t<h2 class=\"elementor-heading-title elementor-size-default\">K\u00e4ll\u00e4ge och forskning<\/h2>\t\t\t\t<\/div>\n\t\t<div class=\"elementor-element elementor-element-iwgcn-andeninka-s6-c e-con-full e-flex e-con e-child\" data-id=\"iwgcn-andeninka-s6-c\" data-element_type=\"container\" data-e-type=\"container\">\n\t\t\t\t<div class=\"elementor-element elementor-element-iwgcn-andeninka-s6t elementor-widget elementor-widget-text-editor\" data-id=\"iwgcn-andeninka-s6t\" data-element_type=\"widget\" data-e-type=\"widget\" data-widget_type=\"text-editor.default\">\n\t\t\t\t\t\t\t\t\t<p>Viktiga verk: Frank Salomon och Stuart Schwartz <em>South America<\/em> (Cambridge History of the Native Peoples), Catherine Allen <em>The Hold Life Has<\/em>, Tom Zuidema om kalenderstrukturen, Gary Urton om khipus. Spanska kr\u00f6nikeskrivare: Garcilaso de la Vega (sj\u00e4lv mestis), Crist\u00f3bal de Molina, Bernab\u00e9 Cobo. K\u00e4llorna \u00e4r ofta kolonialt f\u00e4rgade och b\u00f6r l\u00e4sas kritiskt.<\/p>\t\t\t\t\t\t\t\t<\/div>\n\t\t\t\t<\/div>\n\t\t\t\t\t<\/div>\n\t\t\t\t<\/div>\n\t\t<div class=\"elementor-element elementor-element-cp2b1ebdc1 e-flex e-con-boxed e-con e-parent\" data-id=\"cp2b1ebdc1\" data-element_type=\"container\" data-e-type=\"container\">\n\t\t\t\t\t<div class=\"e-con-inner\">\n\t\t\t\t<div class=\"elementor-element elementor-element-cp2b5140c5 elementor-widget elementor-widget-heading\" data-id=\"cp2b5140c5\" data-element_type=\"widget\" data-e-type=\"widget\" data-widget_type=\"heading.default\">\n\t\t\t\t\t<h2 class=\"elementor-heading-title elementor-size-default\">F\u00f6re Inka: de andeska kulturerna<\/h2>\t\t\t\t<\/div>\n\t\t<div class=\"elementor-element elementor-element-cp28d11653 e-flex e-con-boxed e-con e-child\" data-id=\"cp28d11653\" data-element_type=\"container\" data-e-type=\"container\">\n\t\t\t\t\t<div class=\"e-con-inner\">\n\t\t\t\t<div class=\"elementor-element elementor-element-cp2b82f5cb elementor-widget elementor-widget-text-editor\" data-id=\"cp2b82f5cb\" data-element_type=\"widget\" data-e-type=\"widget\" data-widget_type=\"text-editor.default\">\n\t\t\t\t\t\t\t\t\t<p>Inkariket var i den andinska kulturkretsens l\u00e5nga historia en sen och kortlivad f\u00f6reteelse. I sin imperiala form bestod det bara i omkring ett sekel f\u00f6re den spanska er\u00f6vringen. Dessf\u00f6rinnan hade talrika kulturer utvecklats under \u00e5rtusenden, vars religi\u00f6sa f\u00f6rest\u00e4llningar Inkariket delvis \u00f6vertog och delvis omformade.<\/p><p>Till de tidiga centra h\u00f6r tempelkomplexet Chav\u00edn de Hu\u00e1ntar i det peruanska h\u00f6glandet, vars bildkonst fick stor spridning omkring mitten av det f\u00f6rsta \u00e5rtusendet f\u00f6re v\u00e5r tider\u00e4kning.<\/p><p>Vid Perus norra kust uppstod senare moche-kulturen med sin uttrycksfulla keramik och sina offerritualer samt riket Chim\u00fa med den stora tegelstaden Chan Chan. I h\u00f6glandet kring Titicacasj\u00f6n l\u00e5g centrumet Tiwanaku, vars monumentala arkitektur och <span class=\"iwg-fachbegriff\" data-tooltip=\"L\u00e4ran om bildinneh\u00e5ll och deras betydelse.\" tabindex=\"0\">ikonografi<\/span> starkt p\u00e5verkade det senare andinska t\u00e4nkandet.<\/p><p>Dessa kulturer delade grunddrag som v\u00f6rdnaden f\u00f6r berg, vattenk\u00e4llor och f\u00f6rf\u00e4der, textiliers betydelse som b\u00e4rare av mening samt en utpr\u00e4glad relation mellan levande och d\u00f6da. Samtidigt skilde de sig avsev\u00e4rt \u00e5t i spr\u00e5k, politisk form och bildspr\u00e5k.<\/p><p>Inkafolket sj\u00e4lvt skildrade sin makt genom egna ursprungsber\u00e4ttelser och inordnade \u00e4ldre helgedomar i sitt eget religi\u00f6sa system. Forskningen betonar d\u00e4rf\u00f6r att mycket av det som betraktas som typiskt inkaiskt vilar p\u00e5 \u00e4ldre andinska grunder. Besl\u00e4ktade teman behandlas i navet <a href=\"https:\/\/iwell-guard.com\/sv\/mesoamerikansk-mytologi-maya-aztekerna-olmekerna\/\">Mesoamerikansk mytologi<\/a>.<\/p>\t\t\t\t\t\t\t\t<\/div>\n\t\t\t\t\t<\/div>\n\t\t\t\t<\/div>\n\t\t\t\t\t<\/div>\n\t\t\t\t<\/div>\n\t\t<div class=\"elementor-element elementor-element-cp20a5d715 e-flex e-con-boxed e-con e-parent\" data-id=\"cp20a5d715\" data-element_type=\"container\" data-e-type=\"container\">\n\t\t\t\t\t<div class=\"e-con-inner\">\n\t\t\t\t<div class=\"elementor-element elementor-element-cp2f80471b elementor-widget elementor-widget-heading\" data-id=\"cp2f80471b\" data-element_type=\"widget\" data-e-type=\"widget\" data-widget_type=\"heading.default\">\n\t\t\t\t\t<h2 class=\"elementor-heading-title elementor-size-default\">Den andinska v\u00e4rldsbilden: huaca, ayllu och reciprocitet<\/h2>\t\t\t\t<\/div>\n\t\t<div class=\"elementor-element elementor-element-cp23ccae05 e-flex e-con-boxed e-con e-child\" data-id=\"cp23ccae05\" data-element_type=\"container\" data-e-type=\"container\">\n\t\t\t\t\t<div class=\"e-con-inner\">\n\t\t\t\t<div class=\"elementor-element elementor-element-cp2ce08c02 elementor-widget elementor-widget-text-editor\" data-id=\"cp2ce08c02\" data-element_type=\"widget\" data-e-type=\"widget\" data-widget_type=\"text-editor.default\">\n\t\t\t\t\t\t\t\t\t<p>I det andinska t\u00e4nkandet \u00e4r landskapet sj\u00e4lvt besj\u00e4lat. Berg, klippor, k\u00e4llor, sj\u00f6ar och s\u00e4rskilda platser betraktas som <em>huaca<\/em>, b\u00e4rare av en egen kraft och mottagare av v\u00f6rdnad.<\/p><p>De h\u00f6ga bergstopparna, kallade <em>apu<\/em>, betraktas som m\u00e4ktiga skyddsv\u00e4sen som vakar \u00f6ver v\u00e4der, boskap och m\u00e4nniskor. Denna f\u00f6rest\u00e4llning kopplar religionen n\u00e4ra samman med h\u00f6glandets konkreta geografi.<\/p><p>Jorden tilltalas som <em>Pachamama<\/em>, en kvinnlig princip f\u00f6r fruktbarhet och n\u00e4ring. Begreppet <em>pacha<\/em> betecknar samtidigt rum och tid, vilket g\u00f6r en exakt \u00f6vers\u00e4ttning sv\u00e5r.<\/p><p>Vanlig \u00e4r en indelning av v\u00e4rlden i en \u00f6vre, en mellersta och en undre sf\u00e4r, som inte t\u00e4nks strikt som gott och ont utan som omr\u00e5den i inb\u00f6rdes relation.<\/p><p>Samh\u00e4llets grundenhet var <em>ayllu<\/em>, en sl\u00e4ktskaps- och ekonomisk grupp som var f\u00f6rbunden genom gemensamma f\u00f6rf\u00e4der, gemensam mark och gemensamma helgedomar. Religi\u00f6s praxis och social ordning \u00e4r h\u00e4r sv\u00e5ra att skilja \u00e5t, eftersom f\u00f6rf\u00e4derna, ofta bevarade som mumifierade kroppar, fortsatte att betraktas som medlemmar av gemenskapen och togs med i h\u00f6gtider.<\/p><p>En v\u00e4gledande princip \u00e4r reciprociteten, det reglerade \u00f6msesidiga utbytet. Mellan m\u00e4nniskor visar den sig i arbetsplikter och g\u00e5voutbyte, mellan m\u00e4nniskor och makter i offerg\u00e5vor.<\/p><p>En vanlig form \u00e4r <em>despacho<\/em>, eller jordofferg\u00e5van, d\u00e4r utvalda f\u00f6rem\u00e5l, blad och livsmedel samlas till ett knyte och sk\u00e4nks till jorden eller bergen. Reciprocitet \u00e4r d\u00e4rmed inte bara en <span class=\"iwg-fachbegriff\" data-tooltip=\"En \u00f6verl\u00e4mnad handling som regelbundet upprepas i en gemenskap.\" tabindex=\"0\">sedv\u00e4nja<\/span>, utan det grundm\u00f6nster efter vilket f\u00f6rh\u00e5llandet mellan m\u00e4nniska och kosmos t\u00e4nks.<\/p>\t\t\t\t\t\t\t\t<\/div>\n\t\t\t\t\t<\/div>\n\t\t\t\t<\/div>\n\t\t\t\t\t<\/div>\n\t\t\t\t<\/div>\n\t\t<div class=\"elementor-element elementor-element-cp277927fd e-flex e-con-boxed e-con e-parent\" data-id=\"cp277927fd\" data-element_type=\"container\" data-e-type=\"container\">\n\t\t\t\t\t<div class=\"e-con-inner\">\n\t\t\t\t<div class=\"elementor-element elementor-element-cp29f1ffb8 elementor-widget elementor-widget-heading\" data-id=\"cp29f1ffb8\" data-element_type=\"widget\" data-e-type=\"widget\" data-widget_type=\"heading.default\">\n\t\t\t\t\t<h2 class=\"elementor-heading-title elementor-size-default\">K\u00e4ll\u00e4get: chronistas och khipu<\/h2>\t\t\t\t<\/div>\n\t\t<div class=\"elementor-element elementor-element-cp20258d08 e-flex e-con-boxed e-con e-child\" data-id=\"cp20258d08\" data-element_type=\"container\" data-e-type=\"container\">\n\t\t\t\t\t<div class=\"e-con-inner\">\n\t\t\t\t<div class=\"elementor-element elementor-element-cp27717277 elementor-widget elementor-widget-text-editor\" data-id=\"cp27717277\" data-element_type=\"widget\" data-e-type=\"widget\" data-widget_type=\"text-editor.default\">\n\t\t\t\t\t\t\t\t\t<p>De andinska kulturerna k\u00e4nde inte till bokskrift i egentlig mening. Det viktigaste registreringssystemet var <em>khipu<\/em>, ett system av knutna sn\u00f6ren med vilket framf\u00f6r allt siffror, f\u00f6rvaltningsdata och f\u00f6rmodligen \u00e4ven ber\u00e4ttande inneh\u00e5ll bevarades.<\/p><p>Forskningen kan i stor utstr\u00e4ckning l\u00e4sa de sifferrelaterade khipu, medan en eventuell ber\u00e4ttande anv\u00e4ndning fortfarande \u00e4r omtvistad. D\u00e4rmed saknas f\u00f6r religionshistorien en inhemsk text\u00f6verl\u00e4mning som skulle kunna j\u00e4mf\u00f6ras med den mesoamerikanska.<\/p><p>De skriftliga huvudk\u00e4llorna kommer d\u00e4rf\u00f6r fr\u00e5n kolonialtiden och \u00e4r f\u00f6rfattade av spanjorer eller av andinska personer utbildade i den spanska skrifttraditionen. Till de tidiga kr\u00f6nik\u00f6rerna h\u00f6r Pedro de Cieza de Le\u00f3n och Juan de Betanzos.<\/p><p>S\u00e4rskilt v\u00e4rdefullt \u00e4r det omfattande verket av Felipe Guam\u00e1n Poma de Ayala, en inhemsk f\u00f6rfattare som omkring 1615 skrev en illustrerad kr\u00f6nika med skarp kolonialkritik. Mestisen Inca Garcilaso de la Vega skrev \u00e5 sin sida utifr\u00e5n ett halvt inkaiskt ursprung.<\/p><p>En egen k\u00e4llgrupp utg\u00f6r de s\u00e5 kallade akterna om avgudautrotning. Under 1600-talet genomf\u00f6rde kyrkliga kampanjer inom \u00e4rkestiftet Lima systematiska processer mot andinska kulter.<\/p><p>De f\u00f6rh\u00f6rsprotokoll som d\u00e5 uppstod, till exempel i kretsen kring Francisco de \u00c1vila, ger, mot sin egen avsikt, detaljerade beskrivningar av lokal religion, d\u00e4ribland texten fr\u00e5n Huarochir\u00ed p\u00e5 quechuaspr\u00e5ket, en av de f\u00e5 inhemska samlingarna av andinska myter.<\/p><p>Alla dessa k\u00e4llor \u00e4r pr\u00e4glade av omst\u00e4ndigheterna kring sin tillkomst. Kr\u00f6nik\u00f6rerna inordnade andinska f\u00f6rest\u00e4llningar i europeiska kategorier, och akterna om avgudautrotning tillkom under tv\u00e5ng. Den moderna forskningen, till exempel arbetena av Frank Salomon eller Sabine MacCormack, l\u00e4ser dem d\u00e4rf\u00f6r k\u00e4llkritiskt och kompletterar dem med <span class=\"iwg-fachbegriff\" data-tooltip=\"Vetenskapen som utforskar forna kulturer utifr\u00e5n materiella fynd.\" tabindex=\"0\">arkeologi<\/span> och med etnografiskt f\u00e4ltarbete i dagens andinska samh\u00e4llen.<\/p>\t\t\t\t\t\t\t\t<\/div>\n\t\t\t\t\t<\/div>\n\t\t\t\t<\/div>\n\t\t\t\t\t<\/div>\n\t\t\t\t<\/div>\n\t\t<div class=\"elementor-element elementor-element-cp24230570 e-flex e-con-boxed e-con e-parent\" data-id=\"cp24230570\" data-element_type=\"container\" data-e-type=\"container\">\n\t\t\t\t\t<div class=\"e-con-inner\">\n\t\t\t\t<div class=\"elementor-element elementor-element-cp24a3102c elementor-widget elementor-widget-heading\" data-id=\"cp24a3102c\" data-element_type=\"widget\" data-e-type=\"widget\" data-widget_type=\"heading.default\">\n\t\t\t\t\t<h2 class=\"elementor-heading-title elementor-size-default\">Andinsk religion i nutiden<\/h2>\t\t\t\t<\/div>\n\t\t<div class=\"elementor-element elementor-element-cp231a8b7a e-flex e-con-boxed e-con e-child\" data-id=\"cp231a8b7a\" data-element_type=\"container\" data-e-type=\"container\">\n\t\t\t\t\t<div class=\"e-con-inner\">\n\t\t\t\t<div class=\"elementor-element elementor-element-cp2b976005 elementor-widget elementor-widget-text-editor\" data-id=\"cp2b976005\" data-element_type=\"widget\" data-e-type=\"widget\" data-widget_type=\"text-editor.default\">\n\t\t\t\t\t\t\t\t\t<p>Den spanska er\u00f6vringen och den efterf\u00f6ljande missioneringen utpl\u00e5nade inte den andinska religionen, utan tvingade den in i nya former. I m\u00e5nga h\u00f6glandssamh\u00e4llen i Peru, Bolivia och Ecuador finns fortfarande bruk som f\u00f6renar \u00e4ldre f\u00f6rest\u00e4llningar med katolicismen. Kyrkans helgon knyts till berg och platser, och vallf\u00e4rdsfester sammanfaller med jordbruks- och festkalendern.<\/p><p>Jordoffer till <em>Pachamama<\/em> och till bergen \u00e4r fortfarande vanliga, s\u00e4rskilt vid odlingss\u00e4songens b\u00f6rjan, vid husbyggen eller n\u00e4r viktiga f\u00f6retag inleds. Specialister, k\u00e4nda under olika ben\u00e4mningar i de quechua- och aymaratalande regionerna, utf\u00f6r s\u00e5dana riter, tolkar tecken och behandlar sjukdomar som uppfattas som en rubbad relation till platser och makter.<\/p><p>Vissa av dessa bruk har under de senaste decennierna dragits in i turist- och esoterikmarknaden. Begrepp som Pachamama eller Apu marknadsf\u00f6rs internationellt, och ceremonier arrangeras f\u00f6r betalande bes\u00f6kare. <span class=\"iwg-fachbegriff\" data-tooltip=\"Vetenskapen som studerar religioner j\u00e4mf\u00f6rande och utan trosbundenhet.\" tabindex=\"0\">Religionsvetenskapen<\/span> uppmanar h\u00e4r till att skilja mellan lokala samh\u00e4llens levda praktik och dess kommersiella till\u00e4gnelse.<\/p><p>Samtidigt har den andinska traditionen f\u00e5tt politisk betydelse. I Bolivia och Ecuador har begrepp som <em>Pachamama<\/em> och idealet om det goda livet, <em>sumak kawsay<\/em> respektive <em>suma qama\u00f1a<\/em>, tagits in i f\u00f6rfattningstexter och politiska program.<\/p><p>Hur v\u00e4l detta \u00e5terspeglar den levda religionen eller snarare \u00e4r ett statligt symbolprojekt diskuteras kontroversiellt. En r\u00e4ttvisande framst\u00e4llning visar den andinska religionen som ett levande, omstritt och regionalt mycket varierat f\u00e4lt, inte som ett f\u00f6rlorat inkaarv.<\/p>\t\t\t\t\t\t\t\t<\/div>\n\t\t\t\t\t<\/div>\n\t\t\t\t<\/div>\n\t\t\t\t\t<\/div>\n\t\t\t\t<\/div>\n\t\t<div class=\"elementor-element elementor-element-iwgha-andeninka-sec e-flex e-con-boxed e-con e-parent\" data-id=\"iwgha-andeninka-sec\" data-element_type=\"container\" data-e-type=\"container\">\n\t\t\t\t\t<div class=\"e-con-inner\">\n\t\t\t\t<div class=\"elementor-element elementor-element-iwgha-andeninka-h elementor-widget elementor-widget-heading\" data-id=\"iwgha-andeninka-h\" data-element_type=\"widget\" data-e-type=\"widget\" data-widget_type=\"heading.default\">\n\t\t\t\t\t<h2 class=\"elementor-heading-title elementor-size-default\">V\u00e4sen i denna tradition (10)<\/h2>\t\t\t\t<\/div>\n\t\t<div class=\"elementor-element elementor-element-iwgha-andeninka-gc e-flex e-con-boxed e-con e-parent\" data-id=\"iwgha-andeninka-gc\" data-element_type=\"container\" data-e-type=\"container\">\n\t\t\t\t\t<div class=\"e-con-inner\">\n\t\t\t\t<div class=\"elementor-element elementor-element-iwgha-andeninka-grid elementor-widget elementor-widget-text-editor\" data-id=\"iwgha-andeninka-grid\" data-element_type=\"widget\" data-e-type=\"widget\" data-widget_type=\"text-editor.default\">\n\t\t\t\t\t\t\t\t\t<div class=\"iwg-wesen-grid\"><a class=\"iwg-wesen-card\" href=\"https:\/\/iwell-guard.com\/sv\/apu-ausangate-bergsgudom-anderna\/\" aria-label=\"Apu Ausangate \u2013 bergsgudom i Anderna\"><div class=\"iwg-wesen-card-imgwrap\"><img decoding=\"async\" src=\"https:\/\/iwell-guard.com\/wp-content\/uploads\/2026\/05\/geister_anden-inka_apu-ausangate-200x300.webp\" alt=\"Apu Ausangate \u2013 bergsgudom i Anderna\" loading=\"lazy\"><\/div><div class=\"iwg-wesen-card-body\"><div class=\"iwg-wesen-card-name\">Apu Ausangate \u2013 bergsgudom i Anderna<\/div><div class=\"iwg-wesen-card-arrow\">\u2192 Till v\u00e4sendet<\/div><\/div><\/a><a class=\"iwg-wesen-card\" href=\"https:\/\/iwell-guard.com\/sv\/illapa-aska-vadergud-inka\/\" aria-label=\"Illapa \u2013 inkafolkets \u00e5sk- och v\u00e4dergud\"><div class=\"iwg-wesen-card-imgwrap\"><img decoding=\"async\" src=\"https:\/\/iwell-guard.com\/wp-content\/uploads\/2026\/05\/goetter_anden-inka_illapa-200x300.webp\" alt=\"Illapa \u2013 inkafolkets \u00e5sk- och v\u00e4dergud\" loading=\"lazy\"><\/div><div class=\"iwg-wesen-card-body\"><div class=\"iwg-wesen-card-name\">Illapa \u2013 inkafolkets \u00e5sk- och v\u00e4dergud<\/div><div class=\"iwg-wesen-card-arrow\">\u2192 Till v\u00e4sendet<\/div><\/div><\/a><a class=\"iwg-wesen-card\" href=\"https:\/\/iwell-guard.com\/sv\/inti-inkas-solgud\/\" aria-label=\"Inti \u2013 Inkas solgud\"><div class=\"iwg-wesen-card-imgwrap\"><img decoding=\"async\" src=\"https:\/\/iwell-guard.com\/wp-content\/uploads\/2026\/05\/goetter_anden-inka_inti-200x300.webp\" alt=\"Inti \u2013 Inkas solgud\" loading=\"lazy\"><\/div><div class=\"iwg-wesen-card-body\"><div class=\"iwg-wesen-card-name\">Inti \u2013 Inkas solgud<\/div><div class=\"iwg-wesen-card-arrow\">\u2192 Till v\u00e4sendet<\/div><\/div><\/a><a class=\"iwg-wesen-card\" href=\"https:\/\/iwell-guard.com\/sv\/mama-cocha-havsgudinna-anderna\/\" aria-label=\"Mama Cocha \u2013 havsgudinna fr\u00e5n Anderna\"><div class=\"iwg-wesen-card-imgwrap\"><img decoding=\"async\" src=\"https:\/\/iwell-guard.com\/wp-content\/uploads\/2026\/05\/goetter_anden-inka_mama-cocha-200x300.webp\" alt=\"Mama Cocha \u2013 havsgudinna fr\u00e5n Anderna\" loading=\"lazy\"><\/div><div class=\"iwg-wesen-card-body\"><div class=\"iwg-wesen-card-name\">Mama Cocha \u2013 havsgudinna fr\u00e5n Anderna<\/div><div class=\"iwg-wesen-card-arrow\">\u2192 Till v\u00e4sendet<\/div><\/div><\/a><a class=\"iwg-wesen-card\" href=\"https:\/\/iwell-guard.com\/sv\/mama-killa-manguda-inka\/\" aria-label=\"Mama Killa \u2013 inkafolkets m\u00e5nguda\"><div class=\"iwg-wesen-card-imgwrap\"><img decoding=\"async\" src=\"https:\/\/iwell-guard.com\/wp-content\/uploads\/2026\/05\/goetter_anden-inka_mama-killa-200x300.webp\" alt=\"Mama Killa \u2013 inkafolkets m\u00e5nguda\" loading=\"lazy\"><\/div><div class=\"iwg-wesen-card-body\"><div class=\"iwg-wesen-card-name\">Mama Killa \u2013 inkafolkets m\u00e5nguda<\/div><div class=\"iwg-wesen-card-arrow\">\u2192 Till v\u00e4sendet<\/div><\/div><\/a><a class=\"iwg-wesen-card\" href=\"https:\/\/iwell-guard.com\/sv\/pachakamak-oraklets-gud-anderna\/\" aria-label=\"Pachakamak \u2013 oraklets gud i Anderna\"><div class=\"iwg-wesen-card-imgwrap\"><img decoding=\"async\" src=\"https:\/\/iwell-guard.com\/wp-content\/uploads\/2026\/05\/goetter_anden-inka_pachakamak-200x300.webp\" alt=\"Pachakamak \u2013 oraklets gud i Anderna\" loading=\"lazy\"><\/div><div class=\"iwg-wesen-card-body\"><div class=\"iwg-wesen-card-name\">Pachakamak \u2013 oraklets gud i Anderna<\/div><div class=\"iwg-wesen-card-arrow\">\u2192 Till v\u00e4sendet<\/div><\/div><\/a><a class=\"iwg-wesen-card\" href=\"https:\/\/iwell-guard.com\/sv\/pachamama-jordmoder-anderna\/\" aria-label=\"Pachamama \u2013 jordmoder i Anderna\"><div class=\"iwg-wesen-card-imgwrap\"><img decoding=\"async\" src=\"https:\/\/iwell-guard.com\/wp-content\/uploads\/2026\/05\/goetter_anden-inka_pachamama-1-200x300.webp\" alt=\"Pachamama \u2013 jordmoder i Anderna\" loading=\"lazy\"><\/div><div class=\"iwg-wesen-card-body\"><div class=\"iwg-wesen-card-name\">Pachamama \u2013 jordmoder i Anderna<\/div><div class=\"iwg-wesen-card-arrow\">\u2192 Till v\u00e4sendet<\/div><\/div><\/a><a class=\"iwg-wesen-card\" href=\"https:\/\/iwell-guard.com\/sv\/supay-skadeandar-och-underjordsherre\/\" aria-label=\"Supay \u2013 Skadeandar och underjordsherre i Anderna\"><div class=\"iwg-wesen-card-imgwrap\"><img decoding=\"async\" src=\"https:\/\/iwell-guard.com\/wp-content\/uploads\/2026\/05\/geister_anden-inka_supay-200x300.webp\" alt=\"Supay \u2013 Skadeandar och underjordsherre i Anderna\" loading=\"lazy\"><\/div><div class=\"iwg-wesen-card-body\"><div class=\"iwg-wesen-card-name\">Supay \u2013 Skadeandar och underjordsherre i Anderna<\/div><div class=\"iwg-wesen-card-arrow\">\u2192 Till v\u00e4sendet<\/div><\/div><\/a><a class=\"iwg-wesen-card\" href=\"https:\/\/iwell-guard.com\/sv\/viracocha-skapargud-anderna\/\" aria-label=\"Viracocha \u2013 skapargud i Anderna\"><div class=\"iwg-wesen-card-imgwrap\"><img decoding=\"async\" src=\"https:\/\/iwell-guard.com\/wp-content\/uploads\/2026\/05\/goetter_anden-inka_viracocha-200x300.webp\" alt=\"Viracocha \u2013 skapargud i Anderna\" loading=\"lazy\"><\/div><div class=\"iwg-wesen-card-body\"><div class=\"iwg-wesen-card-name\">Viracocha \u2013 skapargud i Anderna<\/div><div class=\"iwg-wesen-card-arrow\">\u2192 Till v\u00e4sendet<\/div><\/div><\/a><a class=\"iwg-wesen-card\" href=\"https:\/\/iwell-guard.com\/sv\/yacumama-vattenormen-anderna-amazonas\/\" aria-label=\"Yacumama \u2013 vattenormen fr\u00e5n Anderna och Amazonas\"><div class=\"iwg-wesen-card-imgwrap\"><img decoding=\"async\" src=\"https:\/\/iwell-guard.com\/wp-content\/uploads\/2026\/05\/geister_anden-inka_yacumama-200x300.webp\" alt=\"Yacumama \u2013 vattenormen fr\u00e5n Anderna och Amazonas\" loading=\"lazy\"><\/div><div class=\"iwg-wesen-card-body\"><div class=\"iwg-wesen-card-name\">Yacumama \u2013 vattenormen fr\u00e5n Anderna och Amazonas<\/div><div class=\"iwg-wesen-card-arrow\">\u2192 Till v\u00e4sendet<\/div><\/div><\/a><\/div>\t\t\t\t\t\t\t\t<\/div>\n\t\t\t\t\t<\/div>\n\t\t\t\t<\/div>\n\t\t\t\t\t<\/div>\n\t\t\t\t<\/div>\n\t\t<div class=\"elementor-element elementor-element-iwgcn-andeninka-kwd e-flex e-con-boxed e-con e-parent\" data-id=\"iwgcn-andeninka-kwd\" data-element_type=\"container\" data-e-type=\"container\">\n\t\t\t\t\t<div class=\"e-con-inner\">\n\t\t<div class=\"elementor-element elementor-element-iwgcn-andeninka-kwd-c e-con-full e-flex e-con e-child\" data-id=\"iwgcn-andeninka-kwd-c\" data-element_type=\"container\" data-e-type=\"container\">\n\t\t\t\t<div class=\"elementor-element elementor-element-iwgcn-andeninka-kwdt elementor-widget elementor-widget-text-editor\" data-id=\"iwgcn-andeninka-kwdt\" data-element_type=\"widget\" data-e-type=\"widget\" data-widget_type=\"text-editor.default\">\n\t\t\t\t\t\t\t\t\t<p><em>Relaterade nyckelbegrepp: Pachamama Inti Viracocha Mama Killa Apus Chakana Aguayo Quechua Aymara Cusco Tiwanaku Sacsayhuam\u00e1n Despacho.<\/em><\/p>\t\t\t\t\t\t\t\t<\/div>\n\t\t\t\t<\/div>\n\t\t\t\t\t<\/div>\n\t\t\t\t<\/div>\n\t\t<div class=\"elementor-element elementor-element-iwgcn-andeninka-cc e-flex e-con-boxed e-con e-parent\" data-id=\"iwgcn-andeninka-cc\" data-element_type=\"container\" data-e-type=\"container\" id=\"iwg-cc-anden-inka\">\n\t\t\t\t\t<div class=\"e-con-inner\">\n\t\t<div class=\"elementor-element elementor-element-iwgcn-andeninka-ccinner e-flex e-con-boxed e-con e-parent\" data-id=\"iwgcn-andeninka-ccinner\" data-element_type=\"container\" data-e-type=\"container\" data-settings=\"{&quot;background_background&quot;:&quot;classic&quot;}\">\n\t\t\t\t\t<div class=\"e-con-inner\">\n\t\t\t\t<div class=\"elementor-element elementor-element-iwgcn-andeninka-cch elementor-widget elementor-widget-heading\" data-id=\"iwgcn-andeninka-cch\" data-element_type=\"widget\" data-e-type=\"widget\" data-widget_type=\"heading.default\">\n\t\t\t\t\t<h2 class=\"elementor-heading-title elementor-size-default\">Skyddsobjekt i denna kulturtradition<\/h2>\t\t\t\t<\/div>\n\t\t\t\t<div class=\"elementor-element elementor-element-iwgcn-andeninka-cct elementor-widget elementor-widget-text-editor\" data-id=\"iwgcn-andeninka-cct\" data-element_type=\"widget\" data-e-type=\"widget\" data-widget_type=\"text-editor.default\">\n\t\t\t\t\t\t\t\t\t<p>Andinska kulturer, fr\u00e5n Chav\u00edn till Inka, anv\u00e4nder Chakana-h\u00e4ngen, Aguayo-v\u00e4vnader, Despacho-p\u00e5sar och kokablad som b\u00e4rbara skyddsobjekt; Apus-bergen hedras med stenpyramider (Apachetas) l\u00e4ngs v\u00e4garna.<\/p><div data-nosnippet=\"true\"><p>iWell Guard ansluter sig till denna kulturhistoriska linje av b\u00e4rbara skyddsobjekt, i samtida materialarkitektur, tillverkad i Tyskland. 41 niv\u00e5er, \u00e4kta guld, platina, silver. 30 dagars \u00e5ngerr\u00e4tt.<\/p><\/div>\t\t\t\t\t\t\t\t<\/div>\n\t\t\t\t<div class=\"elementor-element elementor-element-iwgcn-andeninka-ccb iwg-cc-button iwg-cc-cta-2026-05-13 elementor-widget elementor-widget-jet-button\" data-id=\"iwgcn-andeninka-ccb\" data-element_type=\"widget\" data-e-type=\"widget\" data-widget_type=\"jet-button.default\">\n\t\t\t\t<div class=\"elementor-widget-container\">\n\t\t\t\t\t<div class=\"elementor-jet-button jet-elements\"><div class=\"jet-button__container\"><a class=\"jet-button__instance jet-button__instance--icon-left hover-effect-1\" href=\"\/ueber-iwell-guard\/?utm_source=iwell-guard.com&amp;utm_medium=info-box&amp;utm_campaign=kultur-tradition\"><div class=\"jet-button__plane jet-button__plane-normal\"><\/div><div class=\"jet-button__plane jet-button__plane-hover\"><\/div><div class=\"jet-button__state jet-button__state-normal\"><span class=\"jet-button__label\">Mer om iWell Guard<\/span><\/div><div class=\"jet-button__state jet-button__state-hover\"><span class=\"jet-button__label\">Mer om iWell Guard<\/span><\/div><\/a><\/div><\/div><style>.elementor-element.elementor-element-iwgcn-andeninka-ccb .jet-button__instance{width:320px;height:56px;}.elementor-element.elementor-element-iwgcn-andeninka-ccb .jet-button__state-normal .jet-button__label{text-align:center;margin:0px 0px 0px 0px;color:#1a1b20;font-family:Montserrat,sans-serif;font-size:13px;font-weight:400;letter-spacing:4px;line-height:1.714em;text-transform:uppercase;}.elementor-element.elementor-element-iwgcn-andeninka-ccb .jet-button__state-hover .jet-button__label{text-align:center;margin:0px 0px 0px 0px;color:#FECC76;font-family:Montserrat,sans-serif;font-size:13px;font-weight:400;letter-spacing:4px;line-height:1.714em;text-transform:uppercase;}.elementor-element.elementor-element-iwgcn-andeninka-ccb .jet-button__plane-normal{background-color:#FECC76;border-style:solid;border-color:#C99540;border-width:2px 2px 2px 2px;}.elementor-element.elementor-element-iwgcn-andeninka-ccb .jet-button__plane-hover{background-color:rgba(0,0,0,0.55);border-style:solid;border-color:#FECC76;border-width:2px 2px 2px 2px;}<\/style>\t\t\t\t<\/div>\n\t\t\t\t<\/div>\n\t\t\t\t<div class=\"elementor-element elementor-element-iwgcn-andeninka-ccd elementor-widget elementor-widget-text-editor\" data-id=\"iwgcn-andeninka-ccd\" data-element_type=\"widget\" data-e-type=\"widget\" data-widget_type=\"text-editor.default\">\n\t\t\t\t\t\t\t\t\t<div data-nosnippet=\"true\"><p style=\"text-align:center;font-size:13px;opacity:0.7;margin-top:14px\" data-nosnippet=\"true\">Personliga erfarenheter kan variera. Ingen medicinteknisk produkt. Inget l\u00f6fte om l\u00e4kning.<\/p><\/div>\t\t\t\t\t\t\t\t<\/div>\n\t\t\t\t\t<\/div>\n\t\t\t\t<\/div>\n\t\t\t\t\t<\/div>\n\t\t\t\t<\/div>\n\t\t<div class=\"elementor-element elementor-element-iwgcn-andeninka-disc e-flex e-con-boxed e-con e-parent\" data-id=\"iwgcn-andeninka-disc\" data-element_type=\"container\" data-e-type=\"container\">\n\t\t\t\t\t<div class=\"e-con-inner\">\n\t\t\t\t<div class=\"elementor-element elementor-element-iwgcn-andeninka-discw elementor-widget elementor-widget-html\" data-id=\"iwgcn-andeninka-discw\" data-element_type=\"widget\" data-e-type=\"widget\" data-widget_type=\"html.default\">\n\t\t\t\t\t<footer data-nosnippet=\"true\" class=\"iwg-disclaimer-block\"><p data-nosnippet=\"true\">iWell Guard \u00e4r <strong>ingen medicinteknisk produkt<\/strong> och ers\u00e4tter inte l\u00e4karv\u00e5rd eller psykoterapeutisk behandling. De religionsvetenskapliga inneh\u00e5llen \u00e4r kulturhistorisk inordning, ingen andlig praxisrekommendation.<\/p><\/footer>\t\t\t\t<\/div>\n\t\t\t\t\t<\/div>\n\t\t\t\t<\/div>\n\t\t<div class=\"elementor-element elementor-element-iwgssrev-andeninka e-flex e-con-boxed e-con e-parent\" data-id=\"iwgssrev-andeninka\" data-element_type=\"container\" data-e-type=\"container\">\n\t\t\t\t\t<div class=\"e-con-inner\">\n\t\t\t\t<div class=\"elementor-element elementor-element-iwgssrev-andeninka-h elementor-widget elementor-widget-heading\" data-id=\"iwgssrev-andeninka-h\" data-element_type=\"widget\" data-e-type=\"widget\" data-widget_type=\"heading.default\">\n\t\t\t\t\t<h2 class=\"elementor-heading-title elementor-size-default\">Skyddssymboler fr\u00e5n Anderna<\/h2>\t\t\t\t<\/div>\n\t\t\t\t<div class=\"elementor-element elementor-element-iwgssrev-andeninka-t elementor-widget elementor-widget-text-editor\" data-id=\"iwgssrev-andeninka-t\" data-element_type=\"widget\" data-e-type=\"widget\" data-widget_type=\"text-editor.default\">\n\t\t\t\t\t\t\t\t\t<p>Lexikonet \u00f6ver skyddssymboler behandlar flera tecken och objekt fr\u00e5n Anderna p\u00e5 egna sidor: <a href=\"https:\/\/iwell-guard.com\/sv\/chakana-andeskors\/\">Chakana<\/a>. En kultur\u00f6vergripande \u00f6versikt finns p\u00e5 sidan om <a href=\"https:\/\/iwell-guard.com\/sv\/skyddssymboler\/\">skyddssymboler<\/a>.<\/p>\t\t\t\t\t\t\t\t<\/div>\n\t\t\t\t\t<\/div>\n\t\t\t\t<\/div>\n\t\t\t\t<\/div>\n\t\t","protected":false},"excerpt":{"rendered":"","protected":false},"author":3,"featured_media":2677,"parent":0,"menu_order":0,"comment_status":"closed","ping_status":"closed","template":"elementor_header_footer","meta":{"_yoast_wpseo_focuskw":"Andeska kulturer, Inkariket","_yoast_wpseo_title":"Andeska kulturer \u2013 Inka, Pachamama och skyddspraxis","_yoast_wpseo_metadesc":"Andeska kulturer p\u00e5 iWell Guard: Inti, Pachamama, Viracocha och skyddsobjekt som chakana och apu-stenar, religionsvetenskapligt inordnade.","_yoast_wpseo_meta-robots-noindex":"","_yoast_wpseo_canonical":"","_angie_page":false,"gefaehrdungsstufe":"","wesen_kultur":"","wesen_klasse":"","footnotes":""},"categories":[],"class_list":["post-136812","page","type-page","status-publish","has-post-thumbnail","hentry"],"yoast_head":"<!-- This site is optimized with the Yoast SEO Premium plugin v27.7 (Yoast SEO v28.3) - https:\/\/yoast.com\/product\/yoast-seo-premium-wordpress\/ -->\n<title>Andeska kulturer \u2013 Inka, Pachamama och skyddspraxis<\/title>\n<meta name=\"description\" content=\"Andeska kulturer p\u00e5 iWell Guard: Inti, Pachamama, Viracocha och skyddsobjekt som chakana och apu-stenar, religionsvetenskapligt inordnade.\" \/>\n<meta name=\"robots\" content=\"index, follow, max-snippet:-1, max-image-preview:large, max-video-preview:-1\" \/>\n<link rel=\"canonical\" href=\"https:\/\/iwell-guard.com\/sv\/andeska-kulturer-inka-inti-pachamama-viracocha\/\" \/>\n<meta property=\"og:locale\" content=\"sv_SE\" \/>\n<meta property=\"og:type\" content=\"article\" \/>\n<meta property=\"og:title\" content=\"Andeska kulturer och inkariket \u2013 Inti, Pachamama och Viracocha\" \/>\n<meta property=\"og:description\" content=\"Andeska kulturer p\u00e5 iWell Guard: Inti, Pachamama, Viracocha och skyddsobjekt som chakana och apu-stenar, religionsvetenskapligt inordnade.\" \/>\n<meta property=\"og:url\" content=\"https:\/\/iwell-guard.com\/sv\/andeska-kulturer-inka-inti-pachamama-viracocha\/\" \/>\n<meta property=\"og:site_name\" content=\"iWell Guard\" \/>\n<meta property=\"article:modified_time\" content=\"2026-09-03T01:12:37+00:00\" \/>\n<meta property=\"og:image\" content=\"https:\/\/iwell-guard.com\/wp-content\/uploads\/2026\/05\/goetter_anden-inka_illapa.webp\" \/>\n\t<meta property=\"og:image:width\" content=\"1024\" \/>\n\t<meta property=\"og:image:height\" content=\"1536\" \/>\n\t<meta property=\"og:image:type\" content=\"image\/webp\" \/>\n<meta name=\"twitter:card\" content=\"summary_large_image\" \/>\n<script type=\"application\/ld+json\" class=\"yoast-schema-graph\">{\"@context\":\"https:\\\/\\\/schema.org\",\"@graph\":[{\"@type\":\"WebPage\",\"@id\":\"https:\\\/\\\/iwell-guard.com\\\/sv\\\/andeska-kulturer-inka-inti-pachamama-viracocha\\\/\",\"url\":\"https:\\\/\\\/iwell-guard.com\\\/sv\\\/andeska-kulturer-inka-inti-pachamama-viracocha\\\/\",\"name\":\"Andeska kulturer \u2013 Inka, Pachamama och skyddspraxis\",\"isPartOf\":{\"@id\":\"https:\\\/\\\/iwell-guard.com\\\/sv\\\/#website\"},\"primaryImageOfPage\":{\"@id\":\"https:\\\/\\\/iwell-guard.com\\\/sv\\\/andeska-kulturer-inka-inti-pachamama-viracocha\\\/#primaryimage\"},\"image\":{\"@id\":\"https:\\\/\\\/iwell-guard.com\\\/sv\\\/andeska-kulturer-inka-inti-pachamama-viracocha\\\/#primaryimage\"},\"thumbnailUrl\":\"https:\\\/\\\/iwell-guard.com\\\/wp-content\\\/uploads\\\/2026\\\/05\\\/goetter_anden-inka_illapa.webp\",\"datePublished\":\"2026-09-03T00:10:16+00:00\",\"dateModified\":\"2026-09-03T01:12:37+00:00\",\"description\":\"Andeska kulturer p\u00e5 iWell Guard: Inti, Pachamama, Viracocha och skyddsobjekt som chakana och apu-stenar, religionsvetenskapligt inordnade.\",\"breadcrumb\":{\"@id\":\"https:\\\/\\\/iwell-guard.com\\\/sv\\\/andeska-kulturer-inka-inti-pachamama-viracocha\\\/#breadcrumb\"},\"inLanguage\":\"sv-SE\",\"potentialAction\":[{\"@type\":\"ReadAction\",\"target\":[\"https:\\\/\\\/iwell-guard.com\\\/sv\\\/andeska-kulturer-inka-inti-pachamama-viracocha\\\/\"]}]},{\"@type\":\"ImageObject\",\"inLanguage\":\"sv-SE\",\"@id\":\"https:\\\/\\\/iwell-guard.com\\\/sv\\\/andeska-kulturer-inka-inti-pachamama-viracocha\\\/#primaryimage\",\"url\":\"https:\\\/\\\/iwell-guard.com\\\/wp-content\\\/uploads\\\/2026\\\/05\\\/goetter_anden-inka_illapa.webp\",\"contentUrl\":\"https:\\\/\\\/iwell-guard.com\\\/wp-content\\\/uploads\\\/2026\\\/05\\\/goetter_anden-inka_illapa.webp\",\"width\":1024,\"height\":1536,\"caption\":\"Gudar fr\u00e5n den andinsk-inkaiska traditionen.\"},{\"@type\":\"BreadcrumbList\",\"@id\":\"https:\\\/\\\/iwell-guard.com\\\/sv\\\/andeska-kulturer-inka-inti-pachamama-viracocha\\\/#breadcrumb\",\"itemListElement\":[{\"@type\":\"ListItem\",\"position\":1,\"name\":\"Start\",\"item\":\"https:\\\/\\\/iwell-guard.com\\\/sv\\\/?page_id=136483\"},{\"@type\":\"ListItem\",\"position\":2,\"name\":\"Andeska kulturer och inkariket \u2013 Inti, Pachamama och Viracocha\"}]},{\"@type\":\"WebSite\",\"@id\":\"https:\\\/\\\/iwell-guard.com\\\/sv\\\/#website\",\"url\":\"https:\\\/\\\/iwell-guard.com\\\/sv\\\/\",\"name\":\"iWell Guard\",\"description\":\"Schutz vor dunklen Einfl\u00fcssen\",\"publisher\":{\"@id\":\"https:\\\/\\\/iwell-guard.com\\\/sv\\\/#organization\"},\"potentialAction\":[{\"@type\":\"SearchAction\",\"target\":{\"@type\":\"EntryPoint\",\"urlTemplate\":\"https:\\\/\\\/iwell-guard.com\\\/sv\\\/?s={search_term_string}\"},\"query-input\":{\"@type\":\"PropertyValueSpecification\",\"valueRequired\":true,\"valueName\":\"search_term_string\"}}],\"inLanguage\":\"sv-SE\"},{\"@type\":\"Organization\",\"@id\":\"https:\\\/\\\/iwell-guard.com\\\/sv\\\/#organization\",\"name\":\"Ittermann electronic GmbH\",\"url\":\"https:\\\/\\\/iwell-guard.com\\\/sv\\\/\",\"logo\":{\"@type\":\"ImageObject\",\"inLanguage\":\"sv-SE\",\"@id\":\"https:\\\/\\\/iwell-guard.com\\\/sv\\\/#\\\/schema\\\/logo\\\/image\\\/\",\"url\":\"https:\\\/\\\/iwell-guard.com\\\/wp-content\\\/uploads\\\/2026\\\/05\\\/Ittermann-Logo-1182x237-1.png\",\"contentUrl\":\"https:\\\/\\\/iwell-guard.com\\\/wp-content\\\/uploads\\\/2026\\\/05\\\/Ittermann-Logo-1182x237-1.png\",\"width\":1182,\"height\":237,\"caption\":\"Ittermann electronic GmbH\"},\"image\":{\"@id\":\"https:\\\/\\\/iwell-guard.com\\\/sv\\\/#\\\/schema\\\/logo\\\/image\\\/\"},\"sameAs\":[\"https:\\\/\\\/pantip.com\\\/profile\\\/9367242\",\"https:\\\/\\\/micro.blog\\\/iwellguard\",\"https:\\\/\\\/www.diggerslist.com\\\/iwellguard\\\/about\",\"https:\\\/\\\/skitterphoto.com\\\/photographers\\\/2870314\\\/iwell-guard\",\"https:\\\/\\\/iwellguard.wordpress.com\\\/2026\\\/06\\\/06\\\/iwell-guard\\\/\",\"https:\\\/\\\/hub.docker.com\\\/u\\\/iwellguard\",\"https:\\\/\\\/www.pinterest.com\\\/iwellguard\\\/\",\"https:\\\/\\\/bit.ly\\\/m\\\/iwellguard\",\"https:\\\/\\\/entre-vos-mains.alsace.eu\\\/profiles\\\/iwellguard\\\/activity\",\"https:\\\/\\\/gravatar.com\\\/reallybeded8fd34\",\"https:\\\/\\\/naijamatta.com\\\/iwellguard\",\"https:\\\/\\\/www.goodreads.com\\\/iwellguard\",\"https:\\\/\\\/profile.hatena.ne.jp\\\/iwellguard\\\/\",\"https:\\\/\\\/experiment.com\\\/users\\\/iwellguard\",\"https:\\\/\\\/wakelet.com\\\/@iWellGuard82270\",\"https:\\\/\\\/www.chordie.com\\\/forum\\\/profile.php?id=2555664\",\"https:\\\/\\\/www.instapaper.com\\\/p\\\/17757966\",\"https:\\\/\\\/www.mapleprimes.com\\\/users\\\/iwellguard\",\"https:\\\/\\\/businesslistingplus.com\\\/profile\\\/iwell-guard\\\/\",\"https:\\\/\\\/telegra.ph\\\/iWell-Guard-06-06\",\"https:\\\/\\\/pbase.com\\\/iwellguard\\\/iwellguard\",\"https:\\\/\\\/b.hatena.ne.jp\\\/iwellguard\\\/20260607#bookmark-4788405196491818882\",\"https:\\\/\\\/fliphtml5.com\\\/home\\\/iwellguard\",\"https:\\\/\\\/anyflip.com\\\/homepage\\\/cmiwl#About\",\"https:\\\/\\\/transfur.com\\\/Users\\\/iwellguard\",\"http:\\\/\\\/delphi.larsbo.org\\\/user\\\/iwellguard\",\"https:\\\/\\\/jobs.lajobsportal.org\\\/profiles\\\/8380803-iwell-guard\",\"https:\\\/\\\/md.chaosdorf.de\\\/s\\\/jfbe5SBdJD\",\"https:\\\/\\\/www.lingvolive.com\\\/en-us\\\/profile\\\/9ecaeaca-ce11-4e51-9e71-01d55e2bff36\\\/translations\",\"https:\\\/\\\/www.fitday.com\\\/fitness\\\/forums\\\/members\\\/iwellguard.html\",\"https:\\\/\\\/www.mymeetbook.com\\\/iwellguard\",\"https:\\\/\\\/pxhere.com\\\/en\\\/photographer-me\\\/5040798\",\"https:\\\/\\\/disqus.com\\\/by\\\/iwellguard\\\/about\\\/\",\"https:\\\/\\\/pastelink.net\\\/hjwciqwq\",\"https:\\\/\\\/pubhtml5.com\\\/homepage\\\/scjhn\\\/\",\"https:\\\/\\\/www.bitchute.com\\\/channel\\\/2O2eOKzNqujT\",\"https:\\\/\\\/audiomack.com\\\/iwellguard\"]}]}<\/script>\n<!-- \/ Yoast SEO Premium plugin. -->","yoast_head_json":{"title":"Andeska kulturer \u2013 Inka, Pachamama och skyddspraxis","description":"Andeska kulturer p\u00e5 iWell Guard: Inti, Pachamama, Viracocha och skyddsobjekt som chakana och apu-stenar, religionsvetenskapligt inordnade.","robots":{"index":"index","follow":"follow","max-snippet":"max-snippet:-1","max-image-preview":"max-image-preview:large","max-video-preview":"max-video-preview:-1"},"canonical":"https:\/\/iwell-guard.com\/sv\/andeska-kulturer-inka-inti-pachamama-viracocha\/","og_locale":"sv_SE","og_type":"article","og_title":"Andeska kulturer och inkariket \u2013 Inti, Pachamama och Viracocha","og_description":"Andeska kulturer p\u00e5 iWell Guard: Inti, Pachamama, Viracocha och skyddsobjekt som chakana och apu-stenar, religionsvetenskapligt inordnade.","og_url":"https:\/\/iwell-guard.com\/sv\/andeska-kulturer-inka-inti-pachamama-viracocha\/","og_site_name":"iWell Guard","article_modified_time":"2026-09-03T01:12:37+00:00","og_image":[{"width":1024,"height":1536,"url":"https:\/\/iwell-guard.com\/wp-content\/uploads\/2026\/05\/goetter_anden-inka_illapa.webp","type":"image\/webp"}],"twitter_card":"summary_large_image","schema":{"@context":"https:\/\/schema.org","@graph":[{"@type":"WebPage","@id":"https:\/\/iwell-guard.com\/sv\/andeska-kulturer-inka-inti-pachamama-viracocha\/","url":"https:\/\/iwell-guard.com\/sv\/andeska-kulturer-inka-inti-pachamama-viracocha\/","name":"Andeska kulturer \u2013 Inka, Pachamama och skyddspraxis","isPartOf":{"@id":"https:\/\/iwell-guard.com\/sv\/#website"},"primaryImageOfPage":{"@id":"https:\/\/iwell-guard.com\/sv\/andeska-kulturer-inka-inti-pachamama-viracocha\/#primaryimage"},"image":{"@id":"https:\/\/iwell-guard.com\/sv\/andeska-kulturer-inka-inti-pachamama-viracocha\/#primaryimage"},"thumbnailUrl":"https:\/\/iwell-guard.com\/wp-content\/uploads\/2026\/05\/goetter_anden-inka_illapa.webp","datePublished":"2026-09-03T00:10:16+00:00","dateModified":"2026-09-03T01:12:37+00:00","description":"Andeska kulturer p\u00e5 iWell Guard: Inti, Pachamama, Viracocha och skyddsobjekt som chakana och apu-stenar, religionsvetenskapligt inordnade.","breadcrumb":{"@id":"https:\/\/iwell-guard.com\/sv\/andeska-kulturer-inka-inti-pachamama-viracocha\/#breadcrumb"},"inLanguage":"sv-SE","potentialAction":[{"@type":"ReadAction","target":["https:\/\/iwell-guard.com\/sv\/andeska-kulturer-inka-inti-pachamama-viracocha\/"]}]},{"@type":"ImageObject","inLanguage":"sv-SE","@id":"https:\/\/iwell-guard.com\/sv\/andeska-kulturer-inka-inti-pachamama-viracocha\/#primaryimage","url":"https:\/\/iwell-guard.com\/wp-content\/uploads\/2026\/05\/goetter_anden-inka_illapa.webp","contentUrl":"https:\/\/iwell-guard.com\/wp-content\/uploads\/2026\/05\/goetter_anden-inka_illapa.webp","width":1024,"height":1536,"caption":"Gudar fr\u00e5n den andinsk-inkaiska traditionen."},{"@type":"BreadcrumbList","@id":"https:\/\/iwell-guard.com\/sv\/andeska-kulturer-inka-inti-pachamama-viracocha\/#breadcrumb","itemListElement":[{"@type":"ListItem","position":1,"name":"Start","item":"https:\/\/iwell-guard.com\/sv\/?page_id=136483"},{"@type":"ListItem","position":2,"name":"Andeska kulturer och inkariket \u2013 Inti, Pachamama och Viracocha"}]},{"@type":"WebSite","@id":"https:\/\/iwell-guard.com\/sv\/#website","url":"https:\/\/iwell-guard.com\/sv\/","name":"iWell Guard","description":"Schutz vor dunklen Einfl\u00fcssen","publisher":{"@id":"https:\/\/iwell-guard.com\/sv\/#organization"},"potentialAction":[{"@type":"SearchAction","target":{"@type":"EntryPoint","urlTemplate":"https:\/\/iwell-guard.com\/sv\/?s={search_term_string}"},"query-input":{"@type":"PropertyValueSpecification","valueRequired":true,"valueName":"search_term_string"}}],"inLanguage":"sv-SE"},{"@type":"Organization","@id":"https:\/\/iwell-guard.com\/sv\/#organization","name":"Ittermann electronic GmbH","url":"https:\/\/iwell-guard.com\/sv\/","logo":{"@type":"ImageObject","inLanguage":"sv-SE","@id":"https:\/\/iwell-guard.com\/sv\/#\/schema\/logo\/image\/","url":"https:\/\/iwell-guard.com\/wp-content\/uploads\/2026\/05\/Ittermann-Logo-1182x237-1.png","contentUrl":"https:\/\/iwell-guard.com\/wp-content\/uploads\/2026\/05\/Ittermann-Logo-1182x237-1.png","width":1182,"height":237,"caption":"Ittermann electronic GmbH"},"image":{"@id":"https:\/\/iwell-guard.com\/sv\/#\/schema\/logo\/image\/"},"sameAs":["https:\/\/pantip.com\/profile\/9367242","https:\/\/micro.blog\/iwellguard","https:\/\/www.diggerslist.com\/iwellguard\/about","https:\/\/skitterphoto.com\/photographers\/2870314\/iwell-guard","https:\/\/iwellguard.wordpress.com\/2026\/06\/06\/iwell-guard\/","https:\/\/hub.docker.com\/u\/iwellguard","https:\/\/www.pinterest.com\/iwellguard\/","https:\/\/bit.ly\/m\/iwellguard","https:\/\/entre-vos-mains.alsace.eu\/profiles\/iwellguard\/activity","https:\/\/gravatar.com\/reallybeded8fd34","https:\/\/naijamatta.com\/iwellguard","https:\/\/www.goodreads.com\/iwellguard","https:\/\/profile.hatena.ne.jp\/iwellguard\/","https:\/\/experiment.com\/users\/iwellguard","https:\/\/wakelet.com\/@iWellGuard82270","https:\/\/www.chordie.com\/forum\/profile.php?id=2555664","https:\/\/www.instapaper.com\/p\/17757966","https:\/\/www.mapleprimes.com\/users\/iwellguard","https:\/\/businesslistingplus.com\/profile\/iwell-guard\/","https:\/\/telegra.ph\/iWell-Guard-06-06","https:\/\/pbase.com\/iwellguard\/iwellguard","https:\/\/b.hatena.ne.jp\/iwellguard\/20260607#bookmark-4788405196491818882","https:\/\/fliphtml5.com\/home\/iwellguard","https:\/\/anyflip.com\/homepage\/cmiwl#About","https:\/\/transfur.com\/Users\/iwellguard","http:\/\/delphi.larsbo.org\/user\/iwellguard","https:\/\/jobs.lajobsportal.org\/profiles\/8380803-iwell-guard","https:\/\/md.chaosdorf.de\/s\/jfbe5SBdJD","https:\/\/www.lingvolive.com\/en-us\/profile\/9ecaeaca-ce11-4e51-9e71-01d55e2bff36\/translations","https:\/\/www.fitday.com\/fitness\/forums\/members\/iwellguard.html","https:\/\/www.mymeetbook.com\/iwellguard","https:\/\/pxhere.com\/en\/photographer-me\/5040798","https:\/\/disqus.com\/by\/iwellguard\/about\/","https:\/\/pastelink.net\/hjwciqwq","https:\/\/pubhtml5.com\/homepage\/scjhn\/","https:\/\/www.bitchute.com\/channel\/2O2eOKzNqujT","https:\/\/audiomack.com\/iwellguard"]}]}},"_links":{"self":[{"href":"https:\/\/iwell-guard.com\/sv\/wp-json\/wp\/v2\/pages\/136812","targetHints":{"allow":["GET"]}}],"collection":[{"href":"https:\/\/iwell-guard.com\/sv\/wp-json\/wp\/v2\/pages"}],"about":[{"href":"https:\/\/iwell-guard.com\/sv\/wp-json\/wp\/v2\/types\/page"}],"author":[{"embeddable":true,"href":"https:\/\/iwell-guard.com\/sv\/wp-json\/wp\/v2\/users\/3"}],"replies":[{"embeddable":true,"href":"https:\/\/iwell-guard.com\/sv\/wp-json\/wp\/v2\/comments?post=136812"}],"version-history":[{"count":0,"href":"https:\/\/iwell-guard.com\/sv\/wp-json\/wp\/v2\/pages\/136812\/revisions"}],"wp:featuredmedia":[{"embeddable":true,"href":"https:\/\/iwell-guard.com\/sv\/wp-json\/wp\/v2\/media\/2677"}],"wp:attachment":[{"href":"https:\/\/iwell-guard.com\/sv\/wp-json\/wp\/v2\/media?parent=136812"}],"wp:term":[{"taxonomy":"category","embeddable":true,"href":"https:\/\/iwell-guard.com\/sv\/wp-json\/wp\/v2\/categories?post=136812"}],"curies":[{"name":"wp","href":"https:\/\/api.w.org\/{rel}","templated":true}]}}