{"id":136804,"date":"2026-09-03T00:10:12","date_gmt":"2026-09-03T00:10:12","guid":{"rendered":"https:\/\/iwell-guard.com\/?page_id=136804"},"modified":"2026-09-03T01:12:25","modified_gmt":"2026-09-03T01:12:25","slug":"onda-ogat","status":"publish","type":"page","link":"https:\/\/iwell-guard.com\/sv\/onda-ogat\/","title":{"rendered":"Onda \u00f6gat"},"content":{"rendered":"\t\t<div data-elementor-type=\"wp-page\" data-elementor-id=\"136804\" class=\"elementor elementor-136804 elementor-2466 elementor-bc-flex-widget\" data-elementor-post-type=\"page\">\n\t\t\t\t<div class=\"elementor-element elementor-element-azboehero e-flex e-con-boxed e-con e-parent\" data-id=\"azboehero\" data-element_type=\"container\" data-e-type=\"container\" data-settings=\"{&quot;background_background&quot;:&quot;classic&quot;}\">\n\t\t\t\t\t<div class=\"e-con-inner\">\n\t\t<div class=\"elementor-element elementor-element-azboelft e-flex e-con-boxed e-con e-parent\" data-id=\"azboelft\" data-element_type=\"container\" data-e-type=\"container\">\n\t\t\t\t\t<div class=\"e-con-inner\">\n\t\t<div class=\"elementor-element elementor-element-azboeh1c e-con-full e-flex e-con e-parent\" data-id=\"azboeh1c\" data-element_type=\"container\" data-e-type=\"container\">\n\t\t\t\t<div class=\"elementor-element elementor-element-azboeh1 elementor-widget elementor-widget-heading\" data-id=\"azboeh1\" data-element_type=\"widget\" data-e-type=\"widget\" data-widget_type=\"heading.default\">\n\t\t\t\t\t<h1 class=\"elementor-heading-title elementor-size-default\">Det onda \u00f6gat som missunnsam f\u00f6rest\u00e4llning i kulturer<\/h1>\t\t\t\t<\/div>\n\t\t\t\t<div class=\"elementor-element elementor-element-azboelead elementor-widget elementor-widget-text-editor\" data-id=\"azboelead\" data-element_type=\"widget\" data-e-type=\"widget\" data-widget_type=\"text-editor.default\">\n\t\t\t\t\t\t\t\t\t<p>Det onda \u00f6gat, p\u00e5 hebreiska ayin hara, p\u00e5 arabiska al-ayn, p\u00e5 turkiska nazar, p\u00e5 italienska malocchio, \u00e4r f\u00f6rest\u00e4llningen att en enskild missunnsam blick kan skada en annan m\u00e4nniska. F\u00f6rest\u00e4llningen \u00e4r dokumenterad i mer \u00e4n sextio kulturer och har frambringat ett rikt f\u00f6rr\u00e5d av skyddsobjekt.<\/p>\t\t\t\t\t\t\t\t<\/div>\n\t\t\t\t<\/div>\n\t\t<div class=\"elementor-element elementor-element-azboeplc e-con-full e-flex e-con e-parent\" data-id=\"azboeplc\" data-element_type=\"container\" data-e-type=\"container\">\n\t\t\t\t<div class=\"elementor-element elementor-element-azboepl elementor-widget elementor-widget-html\" data-id=\"azboepl\" data-element_type=\"widget\" data-e-type=\"widget\" data-widget_type=\"html.default\">\n\t\t\t\t\t<div class=\"iwg-pill-row\"><span class=\"iwg-klasse-badge\" tabindex=\"0\" data-tooltip=\"Skadef\u00f6rest\u00e4llning: Uppfattningen att en person genom blick, ord eller handling kan skada andra. Antropologiskt dokumenterad i \u00f6ver sextio kulturer, med eget skyddsf\u00f6rr\u00e5d.\">Skadef\u00f6rest\u00e4llning<\/span><span class=\"iwg-kultur-badge\" tabindex=\"0\" data-tooltip=\"Tron p\u00e5 det onda \u00f6gat \u00e4r belagd globalt, med tyngdpunkter i Medelhavsomr\u00e5det, Mellan\u00f6stern, Sydasien och Latinamerika. De \u00e4ldsta bel\u00e4ggen str\u00e4cker sig till 3000-talet f.Kr.\">Medelhavsomr\u00e5det<\/span><\/div>\t\t\t\t<\/div>\n\t\t\t\t<\/div>\n\t\t<div class=\"elementor-element elementor-element-azboetoc e-con-full e-flex e-con e-parent\" data-id=\"azboetoc\" data-element_type=\"container\" data-e-type=\"container\">\n\t\t\t\t<div class=\"elementor-element elementor-element-azboet elementor-toc--minimized-on-tablet elementor-widget elementor-widget-table-of-contents\" data-id=\"azboet\" data-element_type=\"widget\" data-e-type=\"widget\" data-settings=\"{&quot;exclude_headings_by_selector&quot;:[],&quot;no_headings_message&quot;:&quot;Inga rubriker hittades p\\u00e5 den h\\u00e4r sidan.&quot;,&quot;headings_by_tags&quot;:[&quot;h2&quot;,&quot;h3&quot;],&quot;marker_view&quot;:&quot;bullets&quot;,&quot;icon&quot;:{&quot;value&quot;:&quot;fas fa-circle&quot;,&quot;library&quot;:&quot;fa-solid&quot;,&quot;rendered_tag&quot;:&quot;&lt;svg class=\\&quot;e-font-icon-svg e-fas-circle\\&quot; viewBox=\\&quot;0 0 512 512\\&quot; xmlns=\\&quot;http:\\\/\\\/www.w3.org\\\/2000\\\/svg\\&quot;&gt;&lt;path d=\\&quot;M256 8C119 8 8 119 8 256s111 248 248 248 248-111 248-248S393 8 256 8z\\&quot;&gt;&lt;\\\/path&gt;&lt;\\\/svg&gt;&quot;},&quot;minimize_box&quot;:&quot;yes&quot;,&quot;minimized_on&quot;:&quot;tablet&quot;,&quot;hierarchical_view&quot;:&quot;yes&quot;,&quot;min_height&quot;:{&quot;unit&quot;:&quot;px&quot;,&quot;size&quot;:&quot;&quot;,&quot;sizes&quot;:[]},&quot;min_height_tablet&quot;:{&quot;unit&quot;:&quot;px&quot;,&quot;size&quot;:&quot;&quot;,&quot;sizes&quot;:[]},&quot;min_height_mobile&quot;:{&quot;unit&quot;:&quot;px&quot;,&quot;size&quot;:&quot;&quot;,&quot;sizes&quot;:[]}}\" data-widget_type=\"table-of-contents.default\">\n\t\t\t\t\t\t\t\t\t<div class=\"elementor-toc__header\">\n\t\t\t\t\t\t<h2 class=\"elementor-toc__header-title\">\n\t\t\t\tInneh\u00e5llsf\u00f6rteckning\t\t\t<\/h2>\n\t\t\t\t\t\t\t\t\t\t<div class=\"elementor-toc__toggle-button elementor-toc__toggle-button--expand\" role=\"button\" tabindex=\"0\" aria-controls=\"elementor-toc__azboet\" aria-expanded=\"true\" aria-label=\"Inhaltsverzeichnis \u00f6ffnen\"><svg aria-hidden=\"true\" class=\"e-font-icon-svg e-fas-chevron-down\" viewBox=\"0 0 448 512\" xmlns=\"http:\/\/www.w3.org\/2000\/svg\"><path d=\"M207.029 381.476L12.686 187.132c-9.373-9.373-9.373-24.569 0-33.941l22.667-22.667c9.357-9.357 24.522-9.375 33.901-.04L224 284.505l154.745-154.021c9.379-9.335 24.544-9.317 33.901.04l22.667 22.667c9.373 9.373 9.373 24.569 0 33.941L240.971 381.476c-9.373 9.372-24.569 9.372-33.942 0z\"><\/path><\/svg><\/div>\n\t\t\t\t<div class=\"elementor-toc__toggle-button elementor-toc__toggle-button--collapse\" role=\"button\" tabindex=\"0\" aria-controls=\"elementor-toc__azboet\" aria-expanded=\"true\" aria-label=\"Inhaltsverzeichnis schlie\u00dfen\"><svg aria-hidden=\"true\" class=\"e-font-icon-svg e-fas-chevron-up\" viewBox=\"0 0 448 512\" xmlns=\"http:\/\/www.w3.org\/2000\/svg\"><path d=\"M240.971 130.524l194.343 194.343c9.373 9.373 9.373 24.569 0 33.941l-22.667 22.667c-9.357 9.357-24.522 9.375-33.901.04L224 227.495 69.255 381.516c-9.379 9.335-24.544 9.317-33.901-.04l-22.667-22.667c-9.373-9.373-9.373-24.569 0-33.941L207.03 130.525c9.372-9.373 24.568-9.373 33.941-.001z\"><\/path><\/svg><\/div>\n\t\t\t\t\t<\/div>\n\t\t\t\t<div id=\"elementor-toc__azboet\" class=\"elementor-toc__body\">\n\t\t\t<div class=\"elementor-toc__spinner-container\">\n\t\t\t\t<svg class=\"elementor-toc__spinner eicon-animation-spin e-font-icon-svg e-eicon-loading\" aria-hidden=\"true\" viewBox=\"0 0 1000 1000\" xmlns=\"http:\/\/www.w3.org\/2000\/svg\"><path d=\"M500 975V858C696 858 858 696 858 500S696 142 500 142 142 304 142 500H25C25 237 238 25 500 25S975 237 975 500 763 975 500 975Z\"><\/path><\/svg>\t\t\t<\/div>\n\t\t<\/div>\n\t\t\t\t\t\t<\/div>\n\t\t\t\t<\/div>\n\t\t\t\t\t<\/div>\n\t\t\t\t<\/div>\n\t\t<div class=\"elementor-element elementor-element-azboergt e-flex e-con-boxed e-con e-parent\" data-id=\"azboergt\" data-element_type=\"container\" data-e-type=\"container\" data-settings=\"{&quot;background_background&quot;:&quot;classic&quot;}\">\n\t\t\t\t\t<div class=\"e-con-inner\">\n\t\t\t\t<div class=\"elementor-element elementor-element-azboeimg iwg-hero-image elementor-widget elementor-widget-image\" data-id=\"azboeimg\" data-element_type=\"widget\" data-e-type=\"widget\" data-widget_type=\"image.default\">\n\t\t\t\t\t\t\t\t\t\t\t\t\t\t\t<img fetchpriority=\"high\" decoding=\"async\" width=\"683\" height=\"1024\" src=\"https:\/\/iwell-guard.com\/wp-content\/uploads\/2026\/05\/schutzsymbol_mediterran_boeser-blick-683x1024.webp\" class=\"attachment-large size-large wp-image-2472\" alt=\"Drei traditionelle t\u00fcrkische nazar boncu\u011fu Schutzaugen aus blauem Glas mit konzentrischen Ringen vor dunklem Hintergrund\" srcset=\"https:\/\/iwell-guard.com\/wp-content\/uploads\/2026\/05\/schutzsymbol_mediterran_boeser-blick-683x1024.webp 683w, https:\/\/iwell-guard.com\/wp-content\/uploads\/2026\/05\/schutzsymbol_mediterran_boeser-blick-200x300.webp 200w, https:\/\/iwell-guard.com\/wp-content\/uploads\/2026\/05\/schutzsymbol_mediterran_boeser-blick-768x1152.webp 768w, https:\/\/iwell-guard.com\/wp-content\/uploads\/2026\/05\/schutzsymbol_mediterran_boeser-blick.webp 1024w\" sizes=\"(max-width: 683px) 100vw, 683px\" \/>\t\t\t\t\t\t\t\t\t\t\t\t\t\t\t<\/div>\n\t\t\t\t\t<\/div>\n\t\t\t\t<\/div>\n\t\t\t\t\t<\/div>\n\t\t\t\t<\/div>\n\t\t<div class=\"elementor-element elementor-element-azboes1 e-flex e-con-boxed e-con e-parent\" data-id=\"azboes1\" data-element_type=\"container\" data-e-type=\"container\">\n\t\t\t\t\t<div class=\"e-con-inner\">\n\t\t\t\t<div class=\"elementor-element elementor-element-azboes1h elementor-widget elementor-widget-heading\" data-id=\"azboes1h\" data-element_type=\"widget\" data-e-type=\"widget\" data-widget_type=\"heading.default\">\n\t\t\t\t\t<h2 class=\"elementor-heading-title elementor-size-default\">Vad det onda \u00f6gat \u00e4r<\/h2>\t\t\t\t<\/div>\n\t\t<div class=\"elementor-element elementor-element-azboes1b e-con-full e-flex e-con e-parent\" data-id=\"azboes1b\" data-element_type=\"container\" data-e-type=\"container\">\n\t\t\t\t<div class=\"elementor-element elementor-element-azboes1t elementor-widget elementor-widget-text-editor\" data-id=\"azboes1t\" data-element_type=\"widget\" data-e-type=\"widget\" data-widget_type=\"text-editor.default\">\n\t\t\t\t\t\t\t\t\t<p>Det onda \u00f6gat \u00e4r f\u00f6rest\u00e4llningen att en m\u00e4nniska genom en enda, ofta avundsjuk eller missunnsam blick kan skada en annan m\u00e4nniska. Skadan str\u00e4cker sig i de \u00f6verl\u00e4mnade ber\u00e4ttelserna fr\u00e5n sjukdom och olycka till d\u00f6d, fr\u00e5n en spilld krukamj\u00f6lk till ett faktiskt avlidet sp\u00e4dbarn.<\/p><p>Tron p\u00e5 det onda \u00f6gat \u00e4r en av de mest spridda och samtidigt \u00e4ldsta skadef\u00f6rest\u00e4llningarna i m\u00e4nskligheten. Den amerikanske folkloristen Alan Dundes har dokumenterat den i mer \u00e4n sextio kulturer, fr\u00e5n Irland till Indien, fr\u00e5n Marocko till Mexiko, i en bredd som knappast n\u00e5gon annan folktrosf\u00f6rest\u00e4llning uppn\u00e5r.<\/p><p>I grunden ligger en f\u00f6rklaringsmodell f\u00f6r ospecifik olycka. N\u00e4r ett barn pl\u00f6tsligt blir sjukt, en ko slutar ge mj\u00f6lk eller ett br\u00f6llop st\u00e5r under d\u00e5liga omen, s\u00f6ker folktraditionen i m\u00e5nga kulturer inte i f\u00f6rsta hand en naturlig orsak, utan en social.<\/p><p>Vem har tittat? Vem har ber\u00f6mt? Vem var avundsjuk? Ur detta sp\u00e5rs\u00f6kande utvecklas ett helt komplex av skyddsobjekt, avv\u00e4rjande gester och f\u00f6rebyggande praktiker.<\/p>\t\t\t\t\t\t\t\t<\/div>\n\t\t\t\t<\/div>\n\t\t\t\t\t<\/div>\n\t\t\t\t<\/div>\n\t\t<div class=\"elementor-element elementor-element-azboes2 e-flex e-con-boxed e-con e-parent\" data-id=\"azboes2\" data-element_type=\"container\" data-e-type=\"container\">\n\t\t\t\t\t<div class=\"e-con-inner\">\n\t\t\t\t<div class=\"elementor-element elementor-element-azboes2h elementor-widget elementor-widget-heading\" data-id=\"azboes2h\" data-element_type=\"widget\" data-e-type=\"widget\" data-widget_type=\"heading.default\">\n\t\t\t\t\t<h2 class=\"elementor-heading-title elementor-size-default\">Namn i kulturerna<\/h2>\t\t\t\t<\/div>\n\t\t<div class=\"elementor-element elementor-element-azboes2b e-con-full e-flex e-con e-parent\" data-id=\"azboes2b\" data-element_type=\"container\" data-e-type=\"container\">\n\t\t\t\t<div class=\"elementor-element elementor-element-azboes2t elementor-widget elementor-widget-text-editor\" data-id=\"azboes2t\" data-element_type=\"widget\" data-e-type=\"widget\" data-widget_type=\"text-editor.default\">\n\t\t\t\t\t\t\t\t\t<p>I det hebreiska spr\u00e5komr\u00e5det kallas det onda \u00f6gat ayin hara, ordagrant \u201eont \u00f6ga&#8221;. I det arabiska omr\u00e5det kallas det al-ayn, ofta kortform f\u00f6r al-ayn al-hasud, det avundsjuka \u00f6gat. I det turkiska och persiska spr\u00e5komr\u00e5det kallas det nazar eller nazar boncu\u011fu, ordagrant \u201eblick-p\u00e4rla&#8221;, ett ord som betecknar b\u00e5de tron och skyddsobjektet.<\/p><p>I den grekiska kulturkretsen kallas det mati, p\u00e5 italienska malocchio, p\u00e5 spanska mal de ojo, p\u00e5 rum\u00e4nska deochi. I det sydasiatiska omr\u00e5det kallas det drishti dosha i sanskritarvet, nazar p\u00e5 hindi-urdu.<\/p><p>Denna spr\u00e5kliga m\u00e5ngfald visar att det inte r\u00f6r sig om en enskild tradition, utan om en konvergent f\u00f6rest\u00e4llning som har uppst\u00e5tt i m\u00e5nga religioner och folkgemenskaper, oberoende av varandra eller genom utbyte.<\/p>\t\t\t\t\t\t\t\t<\/div>\n\t\t\t\t<\/div>\n\t\t\t\t\t<\/div>\n\t\t\t\t<\/div>\n\t\t<div class=\"elementor-element elementor-element-azboes3 e-flex e-con-boxed e-con e-parent\" data-id=\"azboes3\" data-element_type=\"container\" data-e-type=\"container\">\n\t\t\t\t\t<div class=\"e-con-inner\">\n\t\t\t\t<div class=\"elementor-element elementor-element-azboes3h elementor-widget elementor-widget-heading\" data-id=\"azboes3h\" data-element_type=\"widget\" data-e-type=\"widget\" data-widget_type=\"heading.default\">\n\t\t\t\t\t<h2 class=\"elementor-heading-title elementor-size-default\">Tidiga bel\u00e4gg<\/h2>\t\t\t\t<\/div>\n\t\t<div class=\"elementor-element elementor-element-azboes3b e-con-full e-flex e-con e-parent\" data-id=\"azboes3b\" data-element_type=\"container\" data-e-type=\"container\">\n\t\t\t\t<div class=\"elementor-element elementor-element-azboes3t elementor-widget elementor-widget-text-editor\" data-id=\"azboes3t\" data-element_type=\"widget\" data-e-type=\"widget\" data-widget_type=\"text-editor.default\">\n\t\t\t\t\t\t\t\t\t<p>De \u00e4ldsta dokumenterade omn\u00e4mnandena av det onda \u00f6gat str\u00e4cker sig till det tredje \u00e5rtusendet f\u00f6re v\u00e5r tider\u00e4kning. Fr\u00e5n det gamla Sumer och fr\u00e5n Akkad finns bevarade besv\u00e4rjelsetexter som n\u00e4mner det skadliga \u00f6gat och uttalar skyddsformler mot det.<\/p><p>I det gamla Egypten \u00e4r Horus-\u00f6gat wadjet ett av de \u00e4ldsta skyddssymbolerna, riktat mot ett farligt \u00f6ga. Wadjet-amuletter av fajans och halv\u00e4delsten \u00e5terfinns i gravar och boplatser fr\u00e5n flera dynastier.<\/p><p>I Hebreiska bibeln f\u00f6rekommer begreppet ayin hara flera g\u00e5nger, till exempel i Ordspr\u00e5ksboken 23:6 och 28:22. I <span class=\"iwg-fachbegriff\" data-tooltip=\"Huvudverk inom den rabbinska judendomen med utl\u00e4ggning av den religi\u00f6sa traditionen.\" tabindex=\"0\">Talmud<\/span> diskuteras det onda \u00f6gat utf\u00f6rligt i Bava Metzia 107b.<\/p><p>Rabbi Yochanan, en ledande gestalt inom den palestinska <span class=\"iwg-fachbegriff\" data-tooltip=\"Huvudverk inom den rabbinska judendomen med utl\u00e4ggning av den religi\u00f6sa traditionen.\" tabindex=\"0\">Talmud<\/span>, s\u00e4ger d\u00e4r att av hundra d\u00f6da skulle nittionio d\u00f6 genom det onda \u00f6gat och endast en av naturlig orsak, ett uttalande som i senare uttolkning uppfattas som retorisk \u00f6verdrift, men som visar \u00e4mnets betydelse.<\/p><p>I Koranen framtr\u00e4der skydd mot avundsjuka v\u00e4sen i sura 113 Al-Falaq och sura 114 An-Nas, b\u00e5da skyddssurorna reciteras i den islamiska vardagen mot al-ayn.<\/p>\t\t\t\t\t\t\t\t<\/div>\n\t\t\t\t<\/div>\n\t\t\t\t\t<\/div>\n\t\t\t\t<\/div>\n\t\t<div class=\"elementor-element elementor-element-azboes4 e-flex e-con-boxed e-con e-parent\" data-id=\"azboes4\" data-element_type=\"container\" data-e-type=\"container\">\n\t\t\t\t\t<div class=\"e-con-inner\">\n\t\t\t\t<div class=\"elementor-element elementor-element-azboes4h elementor-widget elementor-widget-heading\" data-id=\"azboes4h\" data-element_type=\"widget\" data-e-type=\"widget\" data-widget_type=\"heading.default\">\n\t\t\t\t\t<h2 class=\"elementor-heading-title elementor-size-default\">Antika skriftliga k\u00e4llor<\/h2>\t\t\t\t<\/div>\n\t\t<div class=\"elementor-element elementor-element-azboes4b e-con-full e-flex e-con e-parent\" data-id=\"azboes4b\" data-element_type=\"container\" data-e-type=\"container\">\n\t\t\t\t<div class=\"elementor-element elementor-element-azboes4t elementor-widget elementor-widget-text-editor\" data-id=\"azboes4t\" data-element_type=\"widget\" data-e-type=\"widget\" data-widget_type=\"text-editor.default\">\n\t\t\t\t\t\t\t\t\t<p>I den grekisk-romerska <span class=\"iwg-fachbegriff\" data-tooltip=\"Epok av den grekiska och romerska kulturen, cirka 800 f.Kr. till 600 e.Kr.\" tabindex=\"0\">antiken<\/span> beskriver Plinius den \u00e4ldre i sin Naturalis Historia och Plutarchos i sina Quaestiones Convivales det onda \u00f6gat som ett fenomen att ta p\u00e5 allvar.<\/p><p>Plutarchos \u00e4gnar det en hel avhandling, d\u00e4r han diskuterar teorier om hur en blick kan verka fysiskt, till exempel genom fina partiklar som \u00f6gat uts\u00e4nder. Dessa antika diskussioner \u00e4r kulturhistoriskt viktiga, eftersom de visar att \u00e4ven bildade betraktare tog tron p\u00e5 allvar.<\/p>\t\t\t\t\t\t\t\t<\/div>\n\t\t\t\t<\/div>\n\t\t\t\t\t<\/div>\n\t\t\t\t<\/div>\n\t\t<div class=\"elementor-element elementor-element-azboes5 e-flex e-con-boxed e-con e-parent\" data-id=\"azboes5\" data-element_type=\"container\" data-e-type=\"container\">\n\t\t\t\t\t<div class=\"e-con-inner\">\n\t\t\t\t<div class=\"elementor-element elementor-element-azboes5h elementor-widget elementor-widget-heading\" data-id=\"azboes5h\" data-element_type=\"widget\" data-e-type=\"widget\" data-widget_type=\"heading.default\">\n\t\t\t\t\t<h2 class=\"elementor-heading-title elementor-size-default\">Medeltiden och folktron<\/h2>\t\t\t\t<\/div>\n\t\t<div class=\"elementor-element elementor-element-azboes5b e-con-full e-flex e-con e-parent\" data-id=\"azboes5b\" data-element_type=\"container\" data-e-type=\"container\">\n\t\t\t\t<div class=\"elementor-element elementor-element-azboes5t elementor-widget elementor-widget-text-editor\" data-id=\"azboes5t\" data-element_type=\"widget\" data-e-type=\"widget\" data-widget_type=\"text-editor.default\">\n\t\t\t\t\t\t\t\t\t<p>I det medeltida Europa utvecklas det onda \u00f6gat till en faktor i h\u00e4xprocesser. Kvinnor som misst\u00e4nktes f\u00f6r h\u00e4xeri konfronterades ofta med anklagelsen att genom blicken ha orsakat skada, vare sig p\u00e5 boskap, sp\u00e4dbarn eller m\u00e4n.<\/p><p>I H\u00e4xhammaren fr\u00e5n 1486 diskuteras det onda \u00f6gat som bevismedel. Denna koppling mellan <span class=\"iwg-fachbegriff\" data-tooltip=\"Religi\u00f6sa f\u00f6rest\u00e4llningar och sedv\u00e4njor som \u00e4r spridda i vardagslivet.\" tabindex=\"0\">folktro<\/span> och straffr\u00e4tt ledde till m\u00e5nga f\u00e4llande domar under den tidigmoderna perioden.<\/p><p>I den judiska folktraditionen utvecklades parallellt omfattande skyddspraktiker, till exempel att l\u00e4gga till formeln \u201ebli ayin hara&#8221;, ungef\u00e4r \u201eutan ont \u00f6ga&#8221; p\u00e5 svenska, efter varje positivt yttrande om ett barn eller en plan.<\/p><p>I det arabiska omr\u00e5det ber\u00f6mde man med till\u00e4gget \u201emashallah&#8221;, vilket st\u00e4ller lovordet under Guds skydd och d\u00e4rigenom skyddar mot hasud, den avundsjuke betraktaren.<\/p>\t\t\t\t\t\t\t\t<\/div>\n\t\t\t\t<\/div>\n\t\t\t\t\t<\/div>\n\t\t\t\t<\/div>\n\t\t<div class=\"elementor-element elementor-element-azboes6 e-flex e-con-boxed e-con e-parent\" data-id=\"azboes6\" data-element_type=\"container\" data-e-type=\"container\">\n\t\t\t\t\t<div class=\"e-con-inner\">\n\t\t\t\t<div class=\"elementor-element elementor-element-azboes6h elementor-widget elementor-widget-heading\" data-id=\"azboes6h\" data-element_type=\"widget\" data-e-type=\"widget\" data-widget_type=\"heading.default\">\n\t\t\t\t\t<h2 class=\"elementor-heading-title elementor-size-default\">Skyddsobjekt mot det onda \u00f6gat<\/h2>\t\t\t\t<\/div>\n\t\t<div class=\"elementor-element elementor-element-azboes6b e-con-full e-flex e-con e-parent\" data-id=\"azboes6b\" data-element_type=\"container\" data-e-type=\"container\">\n\t\t\t\t<div class=\"elementor-element elementor-element-azboes6t elementor-widget elementor-widget-text-editor\" data-id=\"azboes6t\" data-element_type=\"widget\" data-e-type=\"widget\" data-widget_type=\"text-editor.default\">\n\t\t\t\t\t\t\t\t\t<p>Mot den onda blicken har det under \u00e5rtusenden utvecklats en hel rad skyddsobjekt. Den mest k\u00e4nda idag \u00e4r nog nazar boncu\u011fu, det turkiska bl\u00e5 \u00f6gat av glas, med koncentriska cirklar i bl\u00e5tt, vitt och svart.<\/p><p>Det anses vara en avbild av det onda \u00f6gat sj\u00e4lv, som genom spegling kastar tillbaka skadan. I den grekiska kulturkretsen kallas det mati, ofta i form av ett litet bl\u00e5tt \u00f6ga p\u00e5 en kedja eller ett armband.<\/p><p><a href=\"https:\/\/iwell-guard.com\/sv\/hamsa\/\" data-tooltip=\"Skyddshand med fem fingrar, judisk-arabisk skyddssymbol, samma skyddsfamilj.\">Hamsa<\/a>, Fatimas hand eller chamsa, h\u00f6r till samma skyddsfamilj. Den avbildas ofta med ett \u00f6ga i mitten, vilket f\u00f6rst\u00e4rker skyddsverkan. Till detta kommer regionalt specifika objekt som det italienska cornicello, ett b\u00f6jt litet horn av korall eller guld, som b\u00e4rs i Syditalien mot malocchio.<\/p><p>I judisk folktradition f\u00f6rekommer \u00e4ven r\u00f6da tr\u00e5dar, som b\u00e4rs runt handleden eller f\u00e4sts vid babyvaggor. I Sydasien anv\u00e4nds svarta punkter av kol, som m\u00f6drar m\u00e5lar p\u00e5 sina barns panna, sm\u00e5 medvetna f\u00f6rfulningar avsedda att ta bort anledningen till betraktarens avund.<\/p>\t\t\t\t\t\t\t\t<\/div>\n\t\t\t\t<\/div>\n\t\t\t\t\t<\/div>\n\t\t\t\t<\/div>\n\t\t<div class=\"elementor-element elementor-element-azboes7 e-flex e-con-boxed e-con e-parent\" data-id=\"azboes7\" data-element_type=\"container\" data-e-type=\"container\">\n\t\t\t\t\t<div class=\"e-con-inner\">\n\t\t\t\t<div class=\"elementor-element elementor-element-azboes7h elementor-widget elementor-widget-heading\" data-id=\"azboes7h\" data-element_type=\"widget\" data-e-type=\"widget\" data-widget_type=\"heading.default\">\n\t\t\t\t\t<h2 class=\"elementor-heading-title elementor-size-default\">Skydds\u00f6gats bildspr\u00e5k<\/h2>\t\t\t\t<\/div>\n\t\t<div class=\"elementor-element elementor-element-azboes7b e-con-full e-flex e-con e-parent\" data-id=\"azboes7b\" data-element_type=\"container\" data-e-type=\"container\">\n\t\t\t\t<div class=\"elementor-element elementor-element-azboes7t elementor-widget elementor-widget-text-editor\" data-id=\"azboes7t\" data-element_type=\"widget\" data-e-type=\"widget\" data-widget_type=\"text-editor.default\">\n\t\t\t\t\t\t\t\t\t<p>Nazar boncu\u011fu har ett eget bildspr\u00e5k. De koncentriska cirklarna i bl\u00e5tt, ljusbl\u00e5tt, vitt och en svart punkt i mitten bildar ett \u00f6ga som speglar tillbaka betraktaren.<\/p><p>Glasbl\u00e5serverkst\u00e4der i den turkiska staden \u0130zmir och i inlandet har f\u00f6rfinat formen under \u00e5rhundraden. Liknande \u00f6gonobjekt finns i det persiska, det grekiska och det armeniska omr\u00e5det, alla delar grundtanken om en apotrop\u00e4isk spegel.<\/p><p>I modern smyckesdesign har \u00f6gat utvecklats till ett universellt <span class=\"iwg-fachbegriff\" data-tooltip=\"Ett \u00e5terkommande inneh\u00e5llsm\u00e4ssigt element i konst eller ber\u00e4ttelse.\" tabindex=\"0\">motiv<\/span> som dyker upp i kollektioner fr\u00e5n Amerika till Australien, ofta utan att b\u00e4rarna k\u00e4nner till den ursprungliga trosbakgrunden.<\/p>\t\t\t\t\t\t\t\t<\/div>\n\t\t\t\t<\/div>\n\t\t\t\t\t<\/div>\n\t\t\t\t<\/div>\n\t\t<div class=\"elementor-element elementor-element-azboes8 e-flex e-con-boxed e-con e-parent\" data-id=\"azboes8\" data-element_type=\"container\" data-e-type=\"container\">\n\t\t\t\t\t<div class=\"e-con-inner\">\n\t\t\t\t<div class=\"elementor-element elementor-element-azboes8h elementor-widget elementor-widget-heading\" data-id=\"azboes8h\" data-element_type=\"widget\" data-e-type=\"widget\" data-widget_type=\"heading.default\">\n\t\t\t\t\t<h2 class=\"elementor-heading-title elementor-size-default\">Avv\u00e4rjande gester<\/h2>\t\t\t\t<\/div>\n\t\t<div class=\"elementor-element elementor-element-azboes8b e-con-full e-flex e-con e-parent\" data-id=\"azboes8b\" data-element_type=\"container\" data-e-type=\"container\">\n\t\t\t\t<div class=\"elementor-element elementor-element-azboes8t elementor-widget elementor-widget-text-editor\" data-id=\"azboes8t\" data-element_type=\"widget\" data-e-type=\"widget\" data-widget_type=\"text-editor.default\">\n\t\t\t\t\t\t\t\t\t<p>F\u00f6rutom objekt k\u00e4nner m\u00e5nga kulturer till avv\u00e4rjande gester. I Sydeuropa \u00e4r mano fica en knuten hand med tummen instucken mellan pekfinger och l\u00e5ngfinger, medan man i s\u00f6dra Italien \u00e4ven har mano cornuta med utstr\u00e4ckt pek- och lillfinger och b\u00f6jda mittfingrar.<\/p><p>B\u00e5da gesterna r\u00e4knas som skyddsformler. I judiska och islamiska traditioner \u00e4r spottande, ofta symboliskt tre g\u00e5nger, en avv\u00e4rjande handling efter ett o\u00f6nskat lovprisande. Salt p\u00e5 tr\u00f6skeln h\u00f6r till skyddsgester i b\u00e5de medelhavsomr\u00e5det och Nordeuropa.<\/p>\t\t\t\t\t\t\t\t<\/div>\n\t\t\t\t<\/div>\n\t\t\t\t\t<\/div>\n\t\t\t\t<\/div>\n\t\t<div class=\"elementor-element elementor-element-azboes9 e-flex e-con-boxed e-con e-parent\" data-id=\"azboes9\" data-element_type=\"container\" data-e-type=\"container\">\n\t\t\t\t\t<div class=\"e-con-inner\">\n\t\t\t\t<div class=\"elementor-element elementor-element-azboes9h elementor-widget elementor-widget-heading\" data-id=\"azboes9h\" data-element_type=\"widget\" data-e-type=\"widget\" data-widget_type=\"heading.default\">\n\t\t\t\t\t<h2 class=\"elementor-heading-title elementor-size-default\">Religionsvetenskaplig kontextualisering<\/h2>\t\t\t\t<\/div>\n\t\t<div class=\"elementor-element elementor-element-azboes9b e-con-full e-flex e-con e-parent\" data-id=\"azboes9b\" data-element_type=\"container\" data-e-type=\"container\">\n\t\t\t\t<div class=\"elementor-element elementor-element-azboes9t elementor-widget elementor-widget-text-editor\" data-id=\"azboes9t\" data-element_type=\"widget\" data-e-type=\"widget\" data-widget_type=\"text-editor.default\">\n\t\t\t\t\t\t\t\t\t<p><span data-nosnippet>Den vetenskapliga sysslan med den onda blicken tar sin b\u00f6rjan p\u00e5 1800-talet med etnologiska reseskildringar, men etablerade sig som ett seri\u00f6st <span class=\"iwg-fachbegriff\" data-tooltip=\"Den ned\u00e4rvda folkkulturen med seder, ber\u00e4ttelser och s\u00e5nger.\" tabindex=\"0\">folklore<\/span>-f\u00e4lt f\u00f6rst genom Alan Dundes studier p\u00e5 1980-talet. Hans antologi The Evil Eye, A <span class=\"iwg-fachbegriff\" data-tooltip=\"Den ned\u00e4rvda folkkulturen med seder, ber\u00e4ttelser och s\u00e5nger.\" tabindex=\"0\">Folklore<\/span> Casebook fr\u00e5n 1981 samlar trettio uppsatser fr\u00e5n olika kulturkretsar.<\/span><\/p><p>Clarence Maloney bidrog 1976 med The Evil Eye, en omfattande etnologisk syntes.<\/p><p>John H. Elliott unders\u00f6kte fenomenet i den bibliska v\u00e4rlden i sin fyrbandsserie Beware the Evil Eye. Denna forskning avf\u00e4rdar inte tron som vidskepelse, utan betraktar den som ett koherent kulturellt system som fyller sociala funktioner, framf\u00f6r allt hantering av avund i samh\u00e4llen med begr\u00e4nsade resurser.<\/p>\t\t\t\t\t\t\t\t<\/div>\n\t\t\t\t<\/div>\n\t\t\t\t\t<\/div>\n\t\t\t\t<\/div>\n\t\t<div class=\"elementor-element elementor-element-azboes10 e-flex e-con-boxed e-con e-parent\" data-id=\"azboes10\" data-element_type=\"container\" data-e-type=\"container\">\n\t\t\t\t\t<div class=\"e-con-inner\">\n\t\t\t\t<div class=\"elementor-element elementor-element-azboes10h elementor-widget elementor-widget-heading\" data-id=\"azboes10h\" data-element_type=\"widget\" data-e-type=\"widget\" data-widget_type=\"heading.default\">\n\t\t\t\t\t<h2 class=\"elementor-heading-title elementor-size-default\">Popul\u00e4rkultur och mode<\/h2>\t\t\t\t<\/div>\n\t\t<div class=\"elementor-element elementor-element-azboes10b e-con-full e-flex e-con e-parent\" data-id=\"azboes10b\" data-element_type=\"container\" data-e-type=\"container\">\n\t\t\t\t<div class=\"elementor-element elementor-element-azboes10t elementor-widget elementor-widget-text-editor\" data-id=\"azboes10t\" data-element_type=\"widget\" data-e-type=\"widget\" data-widget_type=\"text-editor.default\">\n\t\t\t\t\t\t\t\t\t<p>Sedan 2010-talet \u00e4r det bl\u00e5 \u00f6gat ett av de mest framg\u00e5ngsrika smyckesmotiven i den v\u00e4sterl\u00e4ndska mainstreamen. Kim Kardashian visar det regelbundet offentligt, Gigi Hadid b\u00e4r det, och unga varum\u00e4rken fr\u00e5n Istanbul, Aten och Tel Aviv exporterar det \u00f6ver hela v\u00e4rlden.<\/p><p>Kopplingen mellan mode och den ursprungliga skyddsbetydelsen har ofta g\u00e5tt f\u00f6rlorad, vilket har v\u00e4ckt kritik hos vissa kulturhistoriker och f\u00f6retr\u00e4dare f\u00f6r respektive ursprungskulturer.<\/p><p>Trenden visar samtidigt att <span class=\"iwg-fachbegriff\" data-tooltip=\"Ett tecken som representerar en f\u00f6rest\u00e4llning eller betydelse.\" tabindex=\"0\">symbolen<\/span> har en betydelse f\u00f6r moderna b\u00e4rare som g\u00e5r bortom rent mode. \u00d6gat som en p\u00e5minnelse om m\u00f6jligheten till avund och \u00f6nskan om en skyddande gest \u00e4r uppenbarligen en f\u00f6rest\u00e4llning som inte f\u00f6rsvinner, inte heller i en sekul\u00e4rt-vetenskapligt pr\u00e4glad v\u00e4rld.<\/p>\t\t\t\t\t\t\t\t<\/div>\n\t\t\t\t<\/div>\n\t\t\t\t\t<\/div>\n\t\t\t\t<\/div>\n\t\t<div class=\"elementor-element elementor-element-azboes11 e-flex e-con-boxed e-con e-parent\" data-id=\"azboes11\" data-element_type=\"container\" data-e-type=\"container\">\n\t\t\t\t\t<div class=\"e-con-inner\">\n\t\t\t\t<div class=\"elementor-element elementor-element-azboes11h elementor-widget elementor-widget-heading\" data-id=\"azboes11h\" data-element_type=\"widget\" data-e-type=\"widget\" data-widget_type=\"heading.default\">\n\t\t\t\t\t<h2 class=\"elementor-heading-title elementor-size-default\">Placering i iwell-guard-lexikonet<\/h2>\t\t\t\t<\/div>\n\t\t<div class=\"elementor-element elementor-element-azboes11b e-con-full e-flex e-con e-parent\" data-id=\"azboes11b\" data-element_type=\"container\" data-e-type=\"container\">\n\t\t\t\t<div class=\"elementor-element elementor-element-azboes11t elementor-widget elementor-widget-text-editor\" data-id=\"azboes11t\" data-element_type=\"widget\" data-e-type=\"widget\" data-widget_type=\"text-editor.default\">\n\t\t\t\t\t\t\t\t\t<p>Den onda blicken \u00e4r i iwell-guard-lexikonet ett tv\u00e4rg\u00e5ende lemma.<\/p><p>Den f\u00f6renar skyddsobjekt fr\u00e5n flera kulturer och ger den gemensamma funktionella bakgrunden f\u00f6r m\u00e5nga b\u00e4rbara skyddsobjekt, fr\u00e5n <a href=\"https:\/\/iwell-guard.com\/sv\/pazuzu\/\" data-tooltip=\"Mesopotamisk skyddsdemon, vars h\u00e4ngen skulle skydda gravida kvinnor mot Lamashtu.\">Pazuzu<\/a>-h\u00e4ngen \u00f6ver <a href=\"https:\/\/iwell-guard.com\/sv\/bes\/\" data-tooltip=\"Egyptisk skyddsgud f\u00f6r familjer, barn och gravida.\">Bes<\/a>-statyetter till <a href=\"https:\/\/iwell-guard.com\/sv\/hamsa\/\" data-tooltip=\"Skyddshand med fem fingrar, judisk-arabisk skyddssymbol, samma skyddsfamilj.\">Hamsa<\/a> och <a href=\"https:\/\/iwell-guard.com\/sv\/mezuzah\/\" data-tooltip=\"Judisk skriftrulle p\u00e5 d\u00f6rrposten, ett besl\u00e4ktat skyddsobjekt.\">Mezuzah<\/a>. Den som f\u00f6rst\u00e5r den onda blicken som begrepp f\u00f6rst\u00e5r ocks\u00e5 b\u00e4ttre varf\u00f6r dessa skyddsobjekt har burits i s\u00e5 m\u00e5nga kulturer under s\u00e5 l\u00e5ng tid.<\/p>\t\t\t\t\t\t\t\t<\/div>\n\t\t\t\t<\/div>\n\t\t\t\t\t<\/div>\n\t\t\t\t<\/div>\n\t\t<div class=\"elementor-element elementor-element-azboes12 e-flex e-con-boxed e-con e-parent\" data-id=\"azboes12\" data-element_type=\"container\" data-e-type=\"container\">\n\t\t\t\t\t<div class=\"e-con-inner\">\n\t\t\t\t<div class=\"elementor-element elementor-element-azboes12h elementor-widget elementor-widget-heading\" data-id=\"azboes12h\" data-element_type=\"widget\" data-e-type=\"widget\" data-widget_type=\"heading.default\">\n\t\t\t\t\t<h2 class=\"elementor-heading-title elementor-size-default\">Litteratur och k\u00e4llor<\/h2>\t\t\t\t<\/div>\n\t\t<div class=\"elementor-element elementor-element-azboes12b e-con-full e-flex e-con e-parent\" data-id=\"azboes12b\" data-element_type=\"container\" data-e-type=\"container\">\n\t\t\t\t<div class=\"elementor-element elementor-element-azboes12t elementor-widget elementor-widget-text-editor\" data-id=\"azboes12t\" data-element_type=\"widget\" data-e-type=\"widget\" data-widget_type=\"text-editor.default\">\n\t\t\t\t\t\t\t\t\t<footer class=\"iwg-literatur\"><ul><li><span data-nosnippet>Alan Dundes (red.): The Evil Eye, A <span class=\"iwg-fachbegriff\" data-tooltip=\"Den ned\u00e4rvda folkkulturen med seder, ber\u00e4ttelser och s\u00e5nger.\" tabindex=\"0\">Folklore<\/span> Casebook. Garland Publishing, New York 1981.<\/span><\/li><li><span data-nosnippet>Clarence Maloney (red.): The Evil Eye. Columbia University Press, New York 1976.<\/span><\/li><li><span data-nosnippet>John H. Elliott: Beware the Evil Eye, The Evil Eye in the Bible and the Ancient World. 4 volymer, Cascade Books 2015 till 2017.<\/span><\/li><li>Plutarchos: Quaestiones Convivales 5,7. <span class=\"iwg-fachbegriff\" data-tooltip=\"Epok av den grekiska och romerska kulturen, ungef\u00e4r 800 f.Kr. till 600 e.Kr.\" tabindex=\"0\">Antiken<\/span>. Diskussion om verkningss\u00e4ttet.<\/li><li>Plinius den \u00e4ldre: Naturalis Historia 7,16. <span class=\"iwg-fachbegriff\" data-tooltip=\"Epok av den grekiska och romerska kulturen, ungef\u00e4r 800 f.Kr. till 600 e.Kr.\" tabindex=\"0\">Antiken<\/span>. Ber\u00e4ttelser om \u00f6gonskador.<\/li><li>Babyloniska <span class=\"iwg-fachbegriff\" data-tooltip=\"Huvudverk inom den rabbinska judendomen med tolkning av den religi\u00f6sa traditionen.\" tabindex=\"0\">Talmud<\/span>, Bava Metzia 107b. Rabbinsk diskussion om ayin hara.<\/li><li><span data-nosnippet>Edward Westermarck: <span class=\"iwg-fachbegriff\" data-tooltip=\"En reglerad f\u00f6ljd av symboliska handlingar med religi\u00f6s eller kulturell betydelse.\" tabindex=\"0\">Ritual<\/span> and Belief in Morocco. Macmillan, London 1926. Tidig studie om Maghreb.<\/span><\/li><li><span data-nosnippet>Salim al-Hassani: The Evil Eye in Islamic Tradition. Foundation for Science, Technology and Civilisation 2010.<\/span><\/li><\/ul><p>Externa l\u00e4nkar f\u00f6r detaljsidan:<\/p><ul><li>JSTOR-post Dundes 1981<\/li><li>Encyclopaedia Iranica-post \u201eCheshm-zakhm\u201d om den persiska termen<\/li><li>Encyclopaedia Judaica-post \u201eEvil Eye\u201d<\/li><li>British Museum, samling av apotrop\u00e4iska \u00f6gonamuletter<\/li><li>Mus\u00e9e du Quai Branly Paris, samling av skyddsobjekt fr\u00e5n Medelhavsomr\u00e5det<\/li><\/ul><\/footer>\t\t\t\t\t\t\t\t<\/div>\n\t\t\t\t<\/div>\n\t\t\t\t\t<\/div>\n\t\t\t\t<\/div>\n\t\t<div class=\"elementor-element elementor-element-azboes13 e-flex e-con-boxed e-con e-parent\" data-id=\"azboes13\" data-element_type=\"container\" data-e-type=\"container\">\n\t\t\t\t\t<div class=\"e-con-inner\">\n\t\t\t\t<div class=\"elementor-element elementor-element-azboes13h elementor-widget elementor-widget-heading\" data-id=\"azboes13h\" data-element_type=\"widget\" data-e-type=\"widget\" data-widget_type=\"heading.default\">\n\t\t\t\t\t<div class=\"elementor-heading-title elementor-size-default\">Ansvarsfriskrivning i slutet av sidan<\/div>\t\t\t\t<\/div>\n\t\t<div class=\"elementor-element elementor-element-azboes13b e-con-full e-flex e-con e-parent\" data-id=\"azboes13b\" data-element_type=\"container\" data-e-type=\"container\">\n\t\t\t\t<div class=\"elementor-element elementor-element-azboes13t elementor-widget elementor-widget-text-editor\" data-id=\"azboes13t\" data-element_type=\"widget\" data-e-type=\"widget\" data-widget_type=\"text-editor.default\">\n\t\t\t\t\t\t\t\t\t<footer data-nosnippet=\"true\" class=\"iwg-disclaimer-block\"><p data-nosnippet=\"true\">Inneh\u00e5llet p\u00e5 denna sida \u00e4r religionsvetenskaplig och kulturhistorisk kontextualisering. iwell-guard \u00e4r inte en medicinteknisk produkt och ers\u00e4tter inte l\u00e4karv\u00e5rd eller psykoterapeutisk behandling. Personliga upplevelser kan variera. Inget l\u00f6fte om l\u00e4kning.<\/p><\/footer>\t\t\t\t\t\t\t\t<\/div>\n\t\t\t\t<\/div>\n\t\t\t\t\t<\/div>\n\t\t\t\t<\/div>\n\t\t<div class=\"elementor-element elementor-element-azboecta e-flex e-con-boxed e-con e-parent\" data-id=\"azboecta\" data-element_type=\"container\" data-e-type=\"container\">\n\t\t\t\t\t<div class=\"e-con-inner\">\n\t\t\t\t<div class=\"elementor-element elementor-element-azboectab elementor-align-center elementor-widget elementor-widget-button\" data-id=\"azboectab\" data-element_type=\"widget\" data-e-type=\"widget\" data-widget_type=\"button.default\">\n\t\t\t\t\t\t\t\t\t\t<a class=\"elementor-button elementor-button-link elementor-size-md\" href=\"\/ueber-iwell-guard\/\">\n\t\t\t\t\t\t<span class=\"elementor-button-content-wrapper\">\n\t\t\t\t\t\t\t\t\t<span class=\"elementor-button-text\">Mer om iWell Guard<\/span>\n\t\t\t\t\t<\/span>\n\t\t\t\t\t<\/a>\n\t\t\t\t\t\t\t\t<\/div>\n\t\t\t\t\t<\/div>\n\t\t\t\t<\/div>\n\t\t<div class=\"elementor-element elementor-element-iwgkw-add-boeserblick e-flex e-con-boxed e-con e-parent\" data-id=\"iwgkw-add-boeserblick\" data-element_type=\"container\" data-e-type=\"container\">\n\t\t\t\t\t<div class=\"e-con-inner\">\n\t\t\t\t<div class=\"elementor-element elementor-element-iwgkw-add-boeserblick-t elementor-widget elementor-widget-text-editor\" data-id=\"iwgkw-add-boeserblick-t\" data-element_type=\"widget\" data-e-type=\"widget\" data-widget_type=\"text-editor.default\">\n\t\t\t\t\t\t\t\t\t<p>J\u00e4mf\u00f6relsen av begreppen <em>ayin hara<\/em>, <em>mati<\/em>, <em>malocchio<\/em> och <em>nazar<\/em> visar att <span class=\"iwg-fachbegriff\" data-tooltip=\"Utbredd f\u00f6rest\u00e4llning om att en avundsjuk blick fr\u00e5n en annan person kan orsaka skada.\" tabindex=\"0\">onda \u00f6gat<\/span> inte \u00e4r en isolerad f\u00f6rest\u00e4llning i en enskild kultur, utan ett tolkningsm\u00f6nster f\u00f6r avund, skada och otur som \u00e4r spritt \u00f6ver Medelhavsomr\u00e5det, Fr\u00e4mre Orienten och Sydeuropa.<\/p><p>I j\u00e4mf\u00f6relsen framtr\u00e4der olika skyddspraktiker, <span class=\"iwg-fachbegriff\" data-tooltip=\"Ett buret f\u00f6rem\u00e5l som tillskrivs en skyddande, ondaavv\u00e4rjande verkan.\" tabindex=\"0\">amulett<\/span>former och rituella motmedel, som var f\u00f6r sig \u00e4r f\u00f6rankrade i religions- och spr\u00e5khistorien.<\/p>\t\t\t\t\t\t\t\t<\/div>\n\t\t\t\t\t<\/div>\n\t\t\t\t<\/div>\n\t\t\t\t<\/div>\n\t\t","protected":false},"excerpt":{"rendered":"","protected":false},"author":3,"featured_media":2472,"parent":0,"menu_order":0,"comment_status":"closed","ping_status":"closed","template":"elementor_header_footer","meta":{"_yoast_wpseo_focuskw":"onda \u00f6gat","_yoast_wpseo_title":"Onda \u00f6gat, ayin hara, mati, malocchio, nazar","_yoast_wpseo_metadesc":"Det onda \u00f6gat \u00e4r en av de \u00e4ldsta och mest spridda skadef\u00f6rest\u00e4llningarna. Historia, skyddsobjekt","_yoast_wpseo_meta-robots-noindex":"","_yoast_wpseo_canonical":"","_angie_page":false,"gefaehrdungsstufe":"","wesen_kultur":"","wesen_klasse":"","footnotes":""},"categories":[],"class_list":["post-136804","page","type-page","status-publish","has-post-thumbnail","hentry"],"yoast_head":"<!-- This site is optimized with the Yoast SEO Premium plugin v27.7 (Yoast SEO v28.3) - https:\/\/yoast.com\/product\/yoast-seo-premium-wordpress\/ -->\n<title>Onda \u00f6gat, ayin hara, mati, malocchio, nazar<\/title>\n<meta name=\"description\" content=\"Det onda \u00f6gat \u00e4r en av de \u00e4ldsta och mest spridda skadef\u00f6rest\u00e4llningarna. Historia, skyddsobjekt\" \/>\n<meta name=\"robots\" content=\"index, follow, max-snippet:-1, max-image-preview:large, max-video-preview:-1\" \/>\n<link rel=\"canonical\" href=\"https:\/\/iwell-guard.com\/sv\/onda-ogat\/\" \/>\n<meta property=\"og:locale\" content=\"sv_SE\" \/>\n<meta property=\"og:type\" content=\"article\" \/>\n<meta property=\"og:title\" content=\"Onda \u00f6gat\" \/>\n<meta property=\"og:description\" content=\"Det onda \u00f6gat \u00e4r en av de \u00e4ldsta och mest spridda skadef\u00f6rest\u00e4llningarna. Historia, skyddsobjekt\" \/>\n<meta property=\"og:url\" content=\"https:\/\/iwell-guard.com\/sv\/onda-ogat\/\" \/>\n<meta property=\"og:site_name\" content=\"iWell Guard\" \/>\n<meta property=\"article:modified_time\" content=\"2026-09-03T01:12:25+00:00\" \/>\n<meta property=\"og:image\" content=\"https:\/\/iwell-guard.com\/wp-content\/uploads\/2026\/05\/schutzsymbol_mediterran_boeser-blick.webp\" \/>\n\t<meta property=\"og:image:width\" content=\"1024\" \/>\n\t<meta property=\"og:image:height\" content=\"1536\" \/>\n\t<meta property=\"og:image:type\" content=\"image\/webp\" \/>\n<meta name=\"twitter:card\" content=\"summary_large_image\" \/>\n<script type=\"application\/ld+json\" class=\"yoast-schema-graph\">{\"@context\":\"https:\\\/\\\/schema.org\",\"@graph\":[{\"@type\":\"WebPage\",\"@id\":\"https:\\\/\\\/iwell-guard.com\\\/sv\\\/onda-ogat\\\/\",\"url\":\"https:\\\/\\\/iwell-guard.com\\\/sv\\\/onda-ogat\\\/\",\"name\":\"Onda \u00f6gat, ayin hara, mati, malocchio, nazar\",\"isPartOf\":{\"@id\":\"https:\\\/\\\/iwell-guard.com\\\/sv\\\/#website\"},\"primaryImageOfPage\":{\"@id\":\"https:\\\/\\\/iwell-guard.com\\\/sv\\\/onda-ogat\\\/#primaryimage\"},\"image\":{\"@id\":\"https:\\\/\\\/iwell-guard.com\\\/sv\\\/onda-ogat\\\/#primaryimage\"},\"thumbnailUrl\":\"https:\\\/\\\/iwell-guard.com\\\/wp-content\\\/uploads\\\/2026\\\/05\\\/schutzsymbol_mediterran_boeser-blick.webp\",\"datePublished\":\"2026-09-03T00:10:12+00:00\",\"dateModified\":\"2026-09-03T01:12:25+00:00\",\"description\":\"Det onda \u00f6gat \u00e4r en av de \u00e4ldsta och mest spridda skadef\u00f6rest\u00e4llningarna. Historia, skyddsobjekt\",\"breadcrumb\":{\"@id\":\"https:\\\/\\\/iwell-guard.com\\\/sv\\\/onda-ogat\\\/#breadcrumb\"},\"inLanguage\":\"sv-SE\",\"potentialAction\":[{\"@type\":\"ReadAction\",\"target\":[\"https:\\\/\\\/iwell-guard.com\\\/sv\\\/onda-ogat\\\/\"]}]},{\"@type\":\"ImageObject\",\"inLanguage\":\"sv-SE\",\"@id\":\"https:\\\/\\\/iwell-guard.com\\\/sv\\\/onda-ogat\\\/#primaryimage\",\"url\":\"https:\\\/\\\/iwell-guard.com\\\/wp-content\\\/uploads\\\/2026\\\/05\\\/schutzsymbol_mediterran_boeser-blick.webp\",\"contentUrl\":\"https:\\\/\\\/iwell-guard.com\\\/wp-content\\\/uploads\\\/2026\\\/05\\\/schutzsymbol_mediterran_boeser-blick.webp\",\"width\":1024,\"height\":1536,\"caption\":\"Tre traditionella turkiska nazar boncu\u011fu-skydds\u00f6gon i bl\u00e5tt glas med koncentriska ringar mot en m\u00f6rk bakgrund\"},{\"@type\":\"BreadcrumbList\",\"@id\":\"https:\\\/\\\/iwell-guard.com\\\/sv\\\/onda-ogat\\\/#breadcrumb\",\"itemListElement\":[{\"@type\":\"ListItem\",\"position\":1,\"name\":\"Start\",\"item\":\"https:\\\/\\\/iwell-guard.com\\\/sv\\\/?page_id=136483\"},{\"@type\":\"ListItem\",\"position\":2,\"name\":\"Onda \u00f6gat\"}]},{\"@type\":\"WebSite\",\"@id\":\"https:\\\/\\\/iwell-guard.com\\\/sv\\\/#website\",\"url\":\"https:\\\/\\\/iwell-guard.com\\\/sv\\\/\",\"name\":\"iWell Guard\",\"description\":\"Schutz vor dunklen Einfl\u00fcssen\",\"publisher\":{\"@id\":\"https:\\\/\\\/iwell-guard.com\\\/sv\\\/#organization\"},\"potentialAction\":[{\"@type\":\"SearchAction\",\"target\":{\"@type\":\"EntryPoint\",\"urlTemplate\":\"https:\\\/\\\/iwell-guard.com\\\/sv\\\/?s={search_term_string}\"},\"query-input\":{\"@type\":\"PropertyValueSpecification\",\"valueRequired\":true,\"valueName\":\"search_term_string\"}}],\"inLanguage\":\"sv-SE\"},{\"@type\":\"Organization\",\"@id\":\"https:\\\/\\\/iwell-guard.com\\\/sv\\\/#organization\",\"name\":\"Ittermann electronic GmbH\",\"url\":\"https:\\\/\\\/iwell-guard.com\\\/sv\\\/\",\"logo\":{\"@type\":\"ImageObject\",\"inLanguage\":\"sv-SE\",\"@id\":\"https:\\\/\\\/iwell-guard.com\\\/sv\\\/#\\\/schema\\\/logo\\\/image\\\/\",\"url\":\"https:\\\/\\\/iwell-guard.com\\\/wp-content\\\/uploads\\\/2026\\\/05\\\/Ittermann-Logo-1182x237-1.png\",\"contentUrl\":\"https:\\\/\\\/iwell-guard.com\\\/wp-content\\\/uploads\\\/2026\\\/05\\\/Ittermann-Logo-1182x237-1.png\",\"width\":1182,\"height\":237,\"caption\":\"Ittermann electronic GmbH\"},\"image\":{\"@id\":\"https:\\\/\\\/iwell-guard.com\\\/sv\\\/#\\\/schema\\\/logo\\\/image\\\/\"},\"sameAs\":[\"https:\\\/\\\/pantip.com\\\/profile\\\/9367242\",\"https:\\\/\\\/micro.blog\\\/iwellguard\",\"https:\\\/\\\/www.diggerslist.com\\\/iwellguard\\\/about\",\"https:\\\/\\\/skitterphoto.com\\\/photographers\\\/2870314\\\/iwell-guard\",\"https:\\\/\\\/iwellguard.wordpress.com\\\/2026\\\/06\\\/06\\\/iwell-guard\\\/\",\"https:\\\/\\\/hub.docker.com\\\/u\\\/iwellguard\",\"https:\\\/\\\/www.pinterest.com\\\/iwellguard\\\/\",\"https:\\\/\\\/bit.ly\\\/m\\\/iwellguard\",\"https:\\\/\\\/entre-vos-mains.alsace.eu\\\/profiles\\\/iwellguard\\\/activity\",\"https:\\\/\\\/gravatar.com\\\/reallybeded8fd34\",\"https:\\\/\\\/naijamatta.com\\\/iwellguard\",\"https:\\\/\\\/www.goodreads.com\\\/iwellguard\",\"https:\\\/\\\/profile.hatena.ne.jp\\\/iwellguard\\\/\",\"https:\\\/\\\/experiment.com\\\/users\\\/iwellguard\",\"https:\\\/\\\/wakelet.com\\\/@iWellGuard82270\",\"https:\\\/\\\/www.chordie.com\\\/forum\\\/profile.php?id=2555664\",\"https:\\\/\\\/www.instapaper.com\\\/p\\\/17757966\",\"https:\\\/\\\/www.mapleprimes.com\\\/users\\\/iwellguard\",\"https:\\\/\\\/businesslistingplus.com\\\/profile\\\/iwell-guard\\\/\",\"https:\\\/\\\/telegra.ph\\\/iWell-Guard-06-06\",\"https:\\\/\\\/pbase.com\\\/iwellguard\\\/iwellguard\",\"https:\\\/\\\/b.hatena.ne.jp\\\/iwellguard\\\/20260607#bookmark-4788405196491818882\",\"https:\\\/\\\/fliphtml5.com\\\/home\\\/iwellguard\",\"https:\\\/\\\/anyflip.com\\\/homepage\\\/cmiwl#About\",\"https:\\\/\\\/transfur.com\\\/Users\\\/iwellguard\",\"http:\\\/\\\/delphi.larsbo.org\\\/user\\\/iwellguard\",\"https:\\\/\\\/jobs.lajobsportal.org\\\/profiles\\\/8380803-iwell-guard\",\"https:\\\/\\\/md.chaosdorf.de\\\/s\\\/jfbe5SBdJD\",\"https:\\\/\\\/www.lingvolive.com\\\/en-us\\\/profile\\\/9ecaeaca-ce11-4e51-9e71-01d55e2bff36\\\/translations\",\"https:\\\/\\\/www.fitday.com\\\/fitness\\\/forums\\\/members\\\/iwellguard.html\",\"https:\\\/\\\/www.mymeetbook.com\\\/iwellguard\",\"https:\\\/\\\/pxhere.com\\\/en\\\/photographer-me\\\/5040798\",\"https:\\\/\\\/disqus.com\\\/by\\\/iwellguard\\\/about\\\/\",\"https:\\\/\\\/pastelink.net\\\/hjwciqwq\",\"https:\\\/\\\/pubhtml5.com\\\/homepage\\\/scjhn\\\/\",\"https:\\\/\\\/www.bitchute.com\\\/channel\\\/2O2eOKzNqujT\",\"https:\\\/\\\/audiomack.com\\\/iwellguard\"]}]}<\/script>\n<!-- \/ Yoast SEO Premium plugin. -->","yoast_head_json":{"title":"Onda \u00f6gat, ayin hara, mati, malocchio, nazar","description":"Det onda \u00f6gat \u00e4r en av de \u00e4ldsta och mest spridda skadef\u00f6rest\u00e4llningarna. Historia, skyddsobjekt","robots":{"index":"index","follow":"follow","max-snippet":"max-snippet:-1","max-image-preview":"max-image-preview:large","max-video-preview":"max-video-preview:-1"},"canonical":"https:\/\/iwell-guard.com\/sv\/onda-ogat\/","og_locale":"sv_SE","og_type":"article","og_title":"Onda \u00f6gat","og_description":"Det onda \u00f6gat \u00e4r en av de \u00e4ldsta och mest spridda skadef\u00f6rest\u00e4llningarna. Historia, skyddsobjekt","og_url":"https:\/\/iwell-guard.com\/sv\/onda-ogat\/","og_site_name":"iWell Guard","article_modified_time":"2026-09-03T01:12:25+00:00","og_image":[{"width":1024,"height":1536,"url":"https:\/\/iwell-guard.com\/wp-content\/uploads\/2026\/05\/schutzsymbol_mediterran_boeser-blick.webp","type":"image\/webp"}],"twitter_card":"summary_large_image","schema":{"@context":"https:\/\/schema.org","@graph":[{"@type":"WebPage","@id":"https:\/\/iwell-guard.com\/sv\/onda-ogat\/","url":"https:\/\/iwell-guard.com\/sv\/onda-ogat\/","name":"Onda \u00f6gat, ayin hara, mati, malocchio, nazar","isPartOf":{"@id":"https:\/\/iwell-guard.com\/sv\/#website"},"primaryImageOfPage":{"@id":"https:\/\/iwell-guard.com\/sv\/onda-ogat\/#primaryimage"},"image":{"@id":"https:\/\/iwell-guard.com\/sv\/onda-ogat\/#primaryimage"},"thumbnailUrl":"https:\/\/iwell-guard.com\/wp-content\/uploads\/2026\/05\/schutzsymbol_mediterran_boeser-blick.webp","datePublished":"2026-09-03T00:10:12+00:00","dateModified":"2026-09-03T01:12:25+00:00","description":"Det onda \u00f6gat \u00e4r en av de \u00e4ldsta och mest spridda skadef\u00f6rest\u00e4llningarna. Historia, skyddsobjekt","breadcrumb":{"@id":"https:\/\/iwell-guard.com\/sv\/onda-ogat\/#breadcrumb"},"inLanguage":"sv-SE","potentialAction":[{"@type":"ReadAction","target":["https:\/\/iwell-guard.com\/sv\/onda-ogat\/"]}]},{"@type":"ImageObject","inLanguage":"sv-SE","@id":"https:\/\/iwell-guard.com\/sv\/onda-ogat\/#primaryimage","url":"https:\/\/iwell-guard.com\/wp-content\/uploads\/2026\/05\/schutzsymbol_mediterran_boeser-blick.webp","contentUrl":"https:\/\/iwell-guard.com\/wp-content\/uploads\/2026\/05\/schutzsymbol_mediterran_boeser-blick.webp","width":1024,"height":1536,"caption":"Tre traditionella turkiska nazar boncu\u011fu-skydds\u00f6gon i bl\u00e5tt glas med koncentriska ringar mot en m\u00f6rk bakgrund"},{"@type":"BreadcrumbList","@id":"https:\/\/iwell-guard.com\/sv\/onda-ogat\/#breadcrumb","itemListElement":[{"@type":"ListItem","position":1,"name":"Start","item":"https:\/\/iwell-guard.com\/sv\/?page_id=136483"},{"@type":"ListItem","position":2,"name":"Onda \u00f6gat"}]},{"@type":"WebSite","@id":"https:\/\/iwell-guard.com\/sv\/#website","url":"https:\/\/iwell-guard.com\/sv\/","name":"iWell Guard","description":"Schutz vor dunklen Einfl\u00fcssen","publisher":{"@id":"https:\/\/iwell-guard.com\/sv\/#organization"},"potentialAction":[{"@type":"SearchAction","target":{"@type":"EntryPoint","urlTemplate":"https:\/\/iwell-guard.com\/sv\/?s={search_term_string}"},"query-input":{"@type":"PropertyValueSpecification","valueRequired":true,"valueName":"search_term_string"}}],"inLanguage":"sv-SE"},{"@type":"Organization","@id":"https:\/\/iwell-guard.com\/sv\/#organization","name":"Ittermann electronic GmbH","url":"https:\/\/iwell-guard.com\/sv\/","logo":{"@type":"ImageObject","inLanguage":"sv-SE","@id":"https:\/\/iwell-guard.com\/sv\/#\/schema\/logo\/image\/","url":"https:\/\/iwell-guard.com\/wp-content\/uploads\/2026\/05\/Ittermann-Logo-1182x237-1.png","contentUrl":"https:\/\/iwell-guard.com\/wp-content\/uploads\/2026\/05\/Ittermann-Logo-1182x237-1.png","width":1182,"height":237,"caption":"Ittermann electronic GmbH"},"image":{"@id":"https:\/\/iwell-guard.com\/sv\/#\/schema\/logo\/image\/"},"sameAs":["https:\/\/pantip.com\/profile\/9367242","https:\/\/micro.blog\/iwellguard","https:\/\/www.diggerslist.com\/iwellguard\/about","https:\/\/skitterphoto.com\/photographers\/2870314\/iwell-guard","https:\/\/iwellguard.wordpress.com\/2026\/06\/06\/iwell-guard\/","https:\/\/hub.docker.com\/u\/iwellguard","https:\/\/www.pinterest.com\/iwellguard\/","https:\/\/bit.ly\/m\/iwellguard","https:\/\/entre-vos-mains.alsace.eu\/profiles\/iwellguard\/activity","https:\/\/gravatar.com\/reallybeded8fd34","https:\/\/naijamatta.com\/iwellguard","https:\/\/www.goodreads.com\/iwellguard","https:\/\/profile.hatena.ne.jp\/iwellguard\/","https:\/\/experiment.com\/users\/iwellguard","https:\/\/wakelet.com\/@iWellGuard82270","https:\/\/www.chordie.com\/forum\/profile.php?id=2555664","https:\/\/www.instapaper.com\/p\/17757966","https:\/\/www.mapleprimes.com\/users\/iwellguard","https:\/\/businesslistingplus.com\/profile\/iwell-guard\/","https:\/\/telegra.ph\/iWell-Guard-06-06","https:\/\/pbase.com\/iwellguard\/iwellguard","https:\/\/b.hatena.ne.jp\/iwellguard\/20260607#bookmark-4788405196491818882","https:\/\/fliphtml5.com\/home\/iwellguard","https:\/\/anyflip.com\/homepage\/cmiwl#About","https:\/\/transfur.com\/Users\/iwellguard","http:\/\/delphi.larsbo.org\/user\/iwellguard","https:\/\/jobs.lajobsportal.org\/profiles\/8380803-iwell-guard","https:\/\/md.chaosdorf.de\/s\/jfbe5SBdJD","https:\/\/www.lingvolive.com\/en-us\/profile\/9ecaeaca-ce11-4e51-9e71-01d55e2bff36\/translations","https:\/\/www.fitday.com\/fitness\/forums\/members\/iwellguard.html","https:\/\/www.mymeetbook.com\/iwellguard","https:\/\/pxhere.com\/en\/photographer-me\/5040798","https:\/\/disqus.com\/by\/iwellguard\/about\/","https:\/\/pastelink.net\/hjwciqwq","https:\/\/pubhtml5.com\/homepage\/scjhn\/","https:\/\/www.bitchute.com\/channel\/2O2eOKzNqujT","https:\/\/audiomack.com\/iwellguard"]}]}},"_links":{"self":[{"href":"https:\/\/iwell-guard.com\/sv\/wp-json\/wp\/v2\/pages\/136804","targetHints":{"allow":["GET"]}}],"collection":[{"href":"https:\/\/iwell-guard.com\/sv\/wp-json\/wp\/v2\/pages"}],"about":[{"href":"https:\/\/iwell-guard.com\/sv\/wp-json\/wp\/v2\/types\/page"}],"author":[{"embeddable":true,"href":"https:\/\/iwell-guard.com\/sv\/wp-json\/wp\/v2\/users\/3"}],"replies":[{"embeddable":true,"href":"https:\/\/iwell-guard.com\/sv\/wp-json\/wp\/v2\/comments?post=136804"}],"version-history":[{"count":0,"href":"https:\/\/iwell-guard.com\/sv\/wp-json\/wp\/v2\/pages\/136804\/revisions"}],"wp:featuredmedia":[{"embeddable":true,"href":"https:\/\/iwell-guard.com\/sv\/wp-json\/wp\/v2\/media\/2472"}],"wp:attachment":[{"href":"https:\/\/iwell-guard.com\/sv\/wp-json\/wp\/v2\/media?parent=136804"}],"wp:term":[{"taxonomy":"category","embeddable":true,"href":"https:\/\/iwell-guard.com\/sv\/wp-json\/wp\/v2\/categories?post=136804"}],"curies":[{"name":"wp","href":"https:\/\/api.w.org\/{rel}","templated":true}]}}