{"id":136797,"date":"2026-09-03T00:10:08","date_gmt":"2026-09-03T00:10:08","guid":{"rendered":"https:\/\/iwell-guard.com\/?page_id=136797"},"modified":"2026-09-03T01:12:14","modified_gmt":"2026-09-03T01:12:14","slug":"eter","status":"publish","type":"page","link":"https:\/\/iwell-guard.com\/sv\/eter\/","title":{"rendered":"Eter"},"content":{"rendered":"\t\t<div data-elementor-type=\"wp-page\" data-elementor-id=\"136797\" class=\"elementor elementor-136797 elementor-2454 elementor-bc-flex-widget\" data-elementor-post-type=\"page\">\n\t\t\t\t<div class=\"elementor-element elementor-element-hero44b488a e-flex e-con-boxed e-con e-parent\" data-id=\"hero44b488a\" data-element_type=\"container\" data-e-type=\"container\">\n\t\t\t\t\t<div class=\"e-con-inner\">\n\t\t\t\t<div class=\"elementor-element elementor-element-heroimga0b2f85 iwg-hero-image elementor-widget elementor-widget-image\" data-id=\"heroimga0b2f85\" data-element_type=\"widget\" data-e-type=\"widget\" data-widget_type=\"image.default\">\n\t\t\t\t\t\t\t\t\t\t\t\t\t\t\t<img fetchpriority=\"high\" decoding=\"async\" width=\"683\" height=\"1024\" src=\"https:\/\/iwell-guard.com\/wp-content\/uploads\/2026\/05\/praktiken_aether-683x1024.webp\" class=\"attachment-large size-large wp-image-135929\" alt=\"Aether \u2013 illustration av en Aether-praktik i historisk-musealt-dokument\u00e4r stil\" srcset=\"https:\/\/iwell-guard.com\/wp-content\/uploads\/2026\/05\/praktiken_aether-683x1024.webp 683w, https:\/\/iwell-guard.com\/wp-content\/uploads\/2026\/05\/praktiken_aether-200x300.webp 200w, https:\/\/iwell-guard.com\/wp-content\/uploads\/2026\/05\/praktiken_aether-768x1152.webp 768w, https:\/\/iwell-guard.com\/wp-content\/uploads\/2026\/05\/praktiken_aether.webp 1024w\" sizes=\"(max-width: 683px) 100vw, 683px\" \/>\t\t\t\t\t\t\t\t\t\t\t\t\t\t\t<\/div>\n\t\t\t\t\t<\/div>\n\t\t\t\t<\/div>\n\t\t\t\t<section class=\"elementor-section elementor-top-section elementor-element elementor-element-sec-aether elementor-section-boxed elementor-section-height-default elementor-section-height-default\" data-id=\"sec-aether\" data-element_type=\"section\" data-e-type=\"section\" id=\"sec-aether\">\n\t\t\t\t\t\t<div class=\"elementor-container elementor-column-gap-default\">\n\t\t\t\t\t<div class=\"elementor-column elementor-col-100 elementor-top-column elementor-element elementor-element-col-aether\" data-id=\"col-aether\" data-element_type=\"column\" data-e-type=\"column\" id=\"col-aether\">\n\t\t\t<div class=\"elementor-widget-wrap elementor-element-populated\">\n\t\t\t\t\t\t<div class=\"elementor-element elementor-element-wh-aether elementor-widget elementor-widget-heading\" data-id=\"wh-aether\" data-element_type=\"widget\" data-e-type=\"widget\" id=\"h1-aether\" data-widget_type=\"heading.default\">\n\t\t\t\t\t<h1 class=\"elementor-heading-title elementor-size-default\">Eter, subtilt b\u00e4rarmedium fr\u00e5n antiken och tidigmodern tid<\/h1>\t\t\t\t<\/div>\n\t\t\t\t<div class=\"elementor-element elementor-element-we-aether elementor-widget elementor-widget-text-editor\" data-id=\"we-aether\" data-element_type=\"widget\" data-e-type=\"widget\" data-widget_type=\"text-editor.default\">\n\t\t\t\t\t\t\t\t\t<p class=\"iwg-lead\"><strong>Eter<\/strong> betecknar i den antika naturfilosofin ett subtilt b\u00e4rarmedium som fyller rummen mellan de grova elementen och f\u00f6rst\u00e5s som en brygga mellan den materiella och den andliga verklighetssf\u00e4ren. Begreppet drar en linje fr\u00e5n Aristoteles via stoikerna och nyplatonisterna till tidigmodern tid och slutar i den moderna <span class=\"iwg-fachbegriff\" data-tooltip=\"Samlingsbegrepp f\u00f6r l\u00e4ror som g\u00f6r anspr\u00e5k p\u00e5 dold kunskap som endast \u00e4r tillg\u00e4nglig f\u00f6r invigda.\" tabindex=\"0\">esoterismen<\/span>.<\/p>\n<h2 id=\"aristoteles\">Aristoteliska r\u00f6tter<\/h2>\n<p>Aristoteles l\u00e4gger i <em>De caelo<\/em> (Om himlen, 4:e \u00e5rhundradet f.Kr.) till ett femte element till de fyra sublun\u00e4ra elementen jord, vatten, luft och eld: etern eller <em>quinta essentia<\/em>. Den r\u00f6r sig inte i r\u00e4ta linjer som de jordiska elementen utan cirkul\u00e4rt, och \u00e4r d\u00e4rf\u00f6r grund\u00e4mnet i de himmelska sf\u00e4rerna, stj\u00e4rnorna och planeterna.<\/p><p>Denna l\u00e4ra pr\u00e4glar den medeltida v\u00e4rldsbilden fram till Kopernikus och ger spr\u00e5ket f\u00f6r all senare diskussion om f\u00f6rh\u00e5llandet mellan materia och <span class=\"iwg-fachbegriff\" data-tooltip=\"En kroppsl\u00f6s varelse som tillskrivs verkan i v\u00e4rlden.\" tabindex=\"0\">ande<\/span>.<\/p>\n<h2 id=\"stoa\">Stoiker och nyplatonister<\/h2>\n<p>Stoan identifierar etern med pneuma, det finaste och mest genomtr\u00e4ngande av alla \u00e4mnen, som f\u00f6renar kosmos som <em>sympatheia<\/em>.<\/p><p>Nyplatonismen radikaliserar denna id\u00e9: Plotinos och Proklos f\u00f6rst\u00e5r etern som det \u00f6vre ljusmediet genom vilket sj\u00e4len stiger upp\u00e5t p\u00e5 sin v\u00e4g fr\u00e5n den materiella v\u00e4rlden tillbaka till Det Ena. Hos Iamblichos blir etern det f\u00f6redragna resonansrummet f\u00f6r teurgisk praktik, gudarna tilltalas inte i stenen utan i den eteriska str\u00f6mmen.<\/p>\n<h2 id=\"frueneuzeit\">Tidigmodern fysik och kartesianer<\/h2>\n<p>Ren\u00e9 Descartes tar upp etern som b\u00e4rare av res extensa i sin virvelfysik. Newton brottas hela livet med fr\u00e5gan om ljuset b\u00e4rs av ett eteriskt medium eller kan existera utan b\u00e4rar\u00e4mne.<\/p><p>I Newtons <em>Optics<\/em> f\u00f6rekommer etern som ett hypotetiskt substrat f\u00f6r ljusets utbredning, som \u00e4ven antas \u00f6verf\u00f6ra gravitation. \u00c4nda fram till 1800-talet \u00e4r ljusetern en sj\u00e4lvklar del av den naturvetenskapliga teoribildningen.<\/p>\n<h2 id=\"michelson\">Vetenskapshistoria: Michelson-Morley och eterns slut<\/h2>\n<p>Experimentet av Albert Michelson och Edward Morley (1887) skulle m\u00e4ta jordens r\u00f6relse mot den vilande ljusetern, men fann ingen effekt. Med Einsteins speciella relativitetsteori (1905) blir etern som fysikalisk hypotes \u00f6verfl\u00f6dig.<\/p><p>Ordet f\u00f6rsvinner ur fysiken men \u00e5terkommer som metafor och i esoteriska sammanhang: hos Tesla, i teosofin, i Rudolf Steiners antroposofi.<\/p>\n<h2 id=\"theosophie\">Teosofi och modern <span class=\"iwg-fachbegriff\" data-tooltip=\"Samlingsbegrepp f\u00f6r l\u00e4ror som g\u00f6r anspr\u00e5k p\u00e5 dold kunskap som endast \u00e4r tillg\u00e4nglig f\u00f6r invigda.\" tabindex=\"0\">esoterism<\/span><\/h2>\n<p>Helena Blavatsky betecknar i <em>Den hemliga l\u00e4ran<\/em> etern som <em>akasha<\/em>, det alltgenomtr\u00e4ngande, icke-materiella b\u00e4rarmediet f\u00f6r allt minne och alla medvetandesp\u00e5r. Denna tolkning f\u00f6renar den <span class=\"iwg-fachbegriff\" data-tooltip=\"Epoken f\u00f6r den grekiska och romerska kulturen, cirka 800 f.Kr. till 600 e.Kr.\" tabindex=\"0\">antika<\/span> <em>quinta essentia<\/em> med det hinduiska sanskritbegreppet.<\/p><p>Steiner tar \u00f6ver konceptet och utvecklar en differentierad l\u00e4ra om eterkroppar (livseter, klangeter, ljuseter, v\u00e4rmeeter), som fortfarande till\u00e4mpas inom antroposofisk medicin och pedagogik.<\/p>\n<h2 id=\"einordnung\">Religionsvetenskaplig inordning<\/h2>\n<p>Etern st\u00e5r som ett exempel p\u00e5 det semantiska \u00f6verg\u00e5ngsrummet mellan antik naturfilosofi, f\u00f6rmodern <span class=\"iwg-fachbegriff\" data-tooltip=\"F\u00f6rest\u00e4llning om v\u00e4rldens uppbyggnad och ordning inom en kultur.\" tabindex=\"0\">kosmologi<\/span> och modern <span class=\"iwg-fachbegriff\" data-tooltip=\"Samlingsbegrepp f\u00f6r l\u00e4ror som g\u00f6r anspr\u00e5k p\u00e5 dold kunskap som endast \u00e4r tillg\u00e4nglig f\u00f6r invigda.\" tabindex=\"0\">esoterism<\/span>. Den religionsvetenskapliga forskningen (Wouter Hanegraaff, <em>Esotericism and the Academy<\/em>, 2012) l\u00e4ser begrepp som eter, pneuma och akasha som tvillingbegrepp inom en v\u00e4sterl\u00e4ndsk <em>traditio<\/em> som st\u00e4ndigt omskrivs sedan <span class=\"iwg-fachbegriff\" data-tooltip=\"Epoken f\u00f6r den grekiska och romerska kulturen, cirka 800 f.Kr. till 600 e.Kr.\" tabindex=\"0\">antiken<\/span>.<\/p><p>En f\u00f6rst\u00e5else av etern \u00e4r d\u00e4rf\u00f6r oundg\u00e4nglig f\u00f6r att kunna tolka spr\u00e5ket i moderna skydds- och healingsystem, \u00e4ven iWell Guard, som arbetar med konceptet subtila skyddsf\u00e4lt.<\/p>\t\t\t\t\t\t\t\t<\/div>\n\t\t\t\t\t<\/div>\n\t\t<\/div>\n\t\t\t\t\t<\/div>\n\t\t<\/section>\n\t\t<div class=\"elementor-element elementor-element-iwgcd-aether-sec e-flex e-con-boxed e-con e-parent\" data-id=\"iwgcd-aether-sec\" data-element_type=\"container\" data-e-type=\"container\" id=\"iwg-cd-aether\">\n\t\t\t\t\t<div class=\"e-con-inner\">\n\t\t<div class=\"elementor-element elementor-element-iwgcd-aether-inner e-flex e-con-boxed e-con e-parent\" data-id=\"iwgcd-aether-inner\" data-element_type=\"container\" data-e-type=\"container\" data-settings=\"{&quot;background_background&quot;:&quot;classic&quot;}\">\n\t\t\t\t\t<div class=\"e-con-inner\">\n\t\t\t\t<div class=\"elementor-element elementor-element-iwgcd-aether-h elementor-widget elementor-widget-heading\" data-id=\"iwgcd-aether-h\" data-element_type=\"widget\" data-e-type=\"widget\" data-widget_type=\"heading.default\">\n\t\t\t\t\t<h2 class=\"elementor-heading-title elementor-size-default\">Koppling i iWell Guard<\/h2>\t\t\t\t<\/div>\n\t\t\t\t<div class=\"elementor-element elementor-element-iwgcd-aether-t elementor-widget elementor-widget-text-editor\" data-id=\"iwgcd-aether-t\" data-element_type=\"widget\" data-e-type=\"widget\" data-widget_type=\"text-editor.default\">\n\t\t\t\t\t\t\t\t\t<p>I iWell Guards f\u00f6rst\u00e5else \u00e4r etern det genomv\u00e4vande elementet i skapelseenergin, d\u00e4r affirmationsmodulerna utvecklar sin verkningsriktning.<\/p>\t\t\t\t\t\t\t\t<\/div>\n\t\t\t\t<div class=\"elementor-element elementor-element-iwgcd-aether-b iwg-cd-button iwg-cd-cta-2026-05-13 elementor-widget elementor-widget-jet-button\" data-id=\"iwgcd-aether-b\" data-element_type=\"widget\" data-e-type=\"widget\" data-widget_type=\"jet-button.default\">\n\t\t\t\t<div class=\"elementor-widget-container\">\n\t\t\t\t\t<div class=\"elementor-jet-button jet-elements\"><div class=\"jet-button__container\"><a class=\"jet-button__instance jet-button__instance--icon-left hover-effect-1\" href=\"\/ueber-iwell-guard\/?utm_source=iwell-guard.com&amp;utm_medium=info-box&amp;utm_campaign=lichtwesen-kosmologie\"><div class=\"jet-button__plane jet-button__plane-normal\"><\/div><div class=\"jet-button__plane jet-button__plane-hover\"><\/div><div class=\"jet-button__state jet-button__state-normal\"><span class=\"jet-button__label\">Uppbyggnad och funktionss\u00e4tt<\/span><\/div><div class=\"jet-button__state jet-button__state-hover\"><span class=\"jet-button__label\">Uppbyggnad och funktionss\u00e4tt<\/span><\/div><\/a><\/div><\/div><style>.elementor-element.elementor-element-iwgcd-aether-b .jet-button__instance{width:320px;height:56px;}.elementor-element.elementor-element-iwgcd-aether-b .jet-button__state-normal .jet-button__label{text-align:center;margin:0px 0px 0px 0px;color:#1a1b20;font-family:Montserrat,sans-serif;font-size:13px;font-weight:400;letter-spacing:4px;line-height:1.714em;text-transform:uppercase;}.elementor-element.elementor-element-iwgcd-aether-b .jet-button__state-hover .jet-button__label{text-align:center;margin:0px 0px 0px 0px;color:#FECC76;font-family:Montserrat,sans-serif;font-size:13px;font-weight:400;letter-spacing:4px;line-height:1.714em;text-transform:uppercase;}.elementor-element.elementor-element-iwgcd-aether-b .jet-button__plane-normal{background-color:#FECC76;border-style:solid;border-color:#C99540;border-width:2px 2px 2px 2px;}.elementor-element.elementor-element-iwgcd-aether-b .jet-button__plane-hover{background-color:rgba(0,0,0,0.55);border-style:solid;border-color:#FECC76;border-width:2px 2px 2px 2px;}<\/style>\t\t\t\t<\/div>\n\t\t\t\t<\/div>\n\t\t\t\t<div class=\"elementor-element elementor-element-iwgcd-aether-d elementor-widget elementor-widget-text-editor\" data-id=\"iwgcd-aether-d\" data-element_type=\"widget\" data-e-type=\"widget\" data-widget_type=\"text-editor.default\">\n\t\t\t\t\t\t\t\t\t<div data-nosnippet=\"true\"><p style=\"text-align:center;font-size:13px;opacity:0.7;margin-top:14px\" data-nosnippet=\"true\">Verkningsriktningar beskrivs uteslutande funktionellt. Ingen medicinteknisk produkt. Inget l\u00f6fte om l\u00e4kning.<\/p><\/div>\t\t\t\t\t\t\t\t<\/div>\n\t\t\t\t\t<\/div>\n\t\t\t\t<\/div>\n\t\t\t\t\t<\/div>\n\t\t\t\t<\/div>\n\t\t<div class=\"elementor-element elementor-element-cp56c2c6d e-flex e-con-boxed e-con e-parent\" data-id=\"cp56c2c6d\" data-element_type=\"container\" data-e-type=\"container\">\n\t\t\t\t\t<div class=\"e-con-inner\">\n\t\t\t\t<div class=\"elementor-element elementor-element-cp7120c07 elementor-widget elementor-widget-heading\" data-id=\"cp7120c07\" data-element_type=\"widget\" data-e-type=\"widget\" data-widget_type=\"heading.default\">\n\t\t\t\t\t<h2 class=\"elementor-heading-title elementor-size-default\">Etern i den antika kosmogonin<\/h2>\t\t\t\t<\/div>\n\t\t<div class=\"elementor-element elementor-element-cpd2d3a38 e-con-full e-flex e-con e-child\" data-id=\"cpd2d3a38\" data-element_type=\"container\" data-e-type=\"container\">\n\t\t\t\t<div class=\"elementor-element elementor-element-cp62342f9 elementor-widget elementor-widget-text-editor\" data-id=\"cp62342f9\" data-element_type=\"widget\" data-e-type=\"widget\" data-widget_type=\"text-editor.default\">\n\t\t\t\t\t\t\t\t\t<p>Aither \u00e4r i den grekiska och romerska <span class=\"iwg-fachbegriff\" data-tooltip=\"\u00d6verf\u00f6ringen av kunskap och ber\u00e4ttelser genom generationer.\" tabindex=\"0\">traditionen<\/span> mindre en handlande <span class=\"iwg-fachbegriff\" data-tooltip=\"Ett v\u00e4sen som dyrkas som gudomligt inom en religion.\" tabindex=\"0\">gudom<\/span> med myter \u00e4n en personifierad urgrundl\u00e4ggande egenskap hos v\u00e4rlden. Hos Hesiodos i <em>Theogonin<\/em> h\u00f6r Aither till de f\u00f6rsta v\u00e4sen som uppst\u00e5r vid v\u00e4rldens begynnelse.<\/p><p>Han \u00e4r d\u00e4r ett barn till Nyx, natten, och Erebos, m\u00f6rkret, och hans syskon \u00e4r Hemera, dagen. Ur m\u00f6rkret framtr\u00e4der allts\u00e5 ljuset.<\/p><p>Aither betecknar h\u00e4r inte den luft vi andas, utan himlens \u00f6vre, rena, ljusa skikt, den klara h\u00f6jden d\u00e4r gudarna bor och genom vilken dagens ljus str\u00e5lar.<\/p><p>Den l\u00e4gre, disiga luften n\u00e4ra jorden kallade grekerna d\u00e4remot <em>aer<\/em>. Denna \u00e5tskillnad mellan det rena \u00f6vre aithern och den grumliga l\u00e4gre luften l\u00f6per genom hela den <span class=\"iwg-fachbegriff\" data-tooltip=\"Epok av grekisk och romersk kultur, ungef\u00e4r 800 f.Kr. till 600 e.Kr.\" tabindex=\"0\">antika<\/span> f\u00f6rest\u00e4llningsv\u00e4rlden.<\/p><p>Som kosmogonisk gestalt saknar Aither en egen ber\u00e4ttelse, en betydelsefull <span class=\"iwg-fachbegriff\" data-tooltip=\"Helheten av religi\u00f6sa v\u00f6rdnadshandlingar f\u00f6r en gudom eller helig gestalt.\" tabindex=\"0\">kult<\/span> och n\u00e4stan all <span class=\"iwg-fachbegriff\" data-tooltip=\"L\u00e4ran om bildinneh\u00e5ll och deras betydelse.\" tabindex=\"0\">ikonografi<\/span>. Han \u00e4r ett element i l\u00e4ran om v\u00e4rldens uppkomst, en byggsten i de tidiga diktarnas f\u00f6rs\u00f6k att l\u00e5ta v\u00e4rlden framtr\u00e4da ur en ordnad f\u00f6ljd av urmakter.<\/p><p>De orfiska kosmogonierna, en grupp alternativa skapelsel\u00e4ror, ger Aither ibland en mer framtr\u00e4dande roll och l\u00e5ter v\u00e4rlds\u00e4gget uppst\u00e5 ur honom och Kaos. F\u00f6r en vetenskaplig f\u00f6rst\u00e5else b\u00f6r man notera att Aither i f\u00f6rsta hand \u00e4r ett begrepp inom teologisk och filosofisk spekulation, och inte en <span class=\"iwg-fachbegriff\" data-tooltip=\"Ett v\u00e4sen som dyrkas som gudomligt inom en religion.\" tabindex=\"0\">gudom<\/span> i den levda religionen.<\/p>\t\t\t\t\t\t\t\t<\/div>\n\t\t\t\t<\/div>\n\t\t\t\t\t<\/div>\n\t\t\t\t<\/div>\n\t\t<div class=\"elementor-element elementor-element-cp07fe2dc e-flex e-con-boxed e-con e-parent\" data-id=\"cp07fe2dc\" data-element_type=\"container\" data-e-type=\"container\">\n\t\t\t\t\t<div class=\"e-con-inner\">\n\t\t\t\t<div class=\"elementor-element elementor-element-cpdc66cdc elementor-widget elementor-widget-heading\" data-id=\"cpdc66cdc\" data-element_type=\"widget\" data-e-type=\"widget\" data-widget_type=\"heading.default\">\n\t\t\t\t\t<h2 class=\"elementor-heading-title elementor-size-default\">Fr\u00e5n gudabegrepp till naturfilosofiskt element<\/h2>\t\t\t\t<\/div>\n\t\t<div class=\"elementor-element elementor-element-cp5e4e309 e-con-full e-flex e-con e-child\" data-id=\"cp5e4e309\" data-element_type=\"container\" data-e-type=\"container\">\n\t\t\t\t<div class=\"elementor-element elementor-element-cpb09dd19 elementor-widget elementor-widget-text-editor\" data-id=\"cpb09dd19\" data-element_type=\"widget\" data-e-type=\"widget\" data-widget_type=\"text-editor.default\">\n\t\t\t\t\t\t\t\t\t<p>Aithers egentliga betydelsehistoria ligger inte i <span class=\"iwg-fachbegriff\" data-tooltip=\"En \u00f6verlevd ber\u00e4ttelse om gudar, ursprung och v\u00e4rldens ordning.\" tabindex=\"0\">myten<\/span> och <span class=\"iwg-fachbegriff\" data-tooltip=\"Helheten av religi\u00f6sa v\u00f6rdnadshandlingar f\u00f6r en gudom eller helig gestalt.\" tabindex=\"0\">kulten<\/span>, utan i filosofin. H\u00e4r blev det ljusa himlaskiktet till ett naturfilosofiskt grundbegrepp. Det avg\u00f6rande steget togs av Aristoteles.<\/p><p>I sin l\u00e4ra om elementen skiljer han mellan de fyra jordiska elementen jord, vatten, luft och eld, och ett femte, aithern, som himlakropparna och himlasf\u00e4rerna best\u00e5r av.<\/p><p>Denna aristoteliska aither har s\u00e4rskilda egenskaper. Den \u00e4r of\u00f6rg\u00e4nglig, of\u00f6r\u00e4nderlig och r\u00f6r sig evigt i cirkel, till skillnad fr\u00e5n de fyra jordiska elementen som r\u00f6r sig i r\u00e4t linje upp\u00e5t eller ned\u00e5t och \u00e4r underkastade f\u00f6r\u00e4ndring.<\/p><p>Med aithern f\u00f6rklarade Aristoteles varf\u00f6r himlen har en annan beskaffenhet \u00e4n v\u00e4rlden under m\u00e5nen: evig, regelbunden och fullkomlig. Ur denna femte substans h\u00e4rleds \u00e4ven det senare begreppet kvintessens, det femte v\u00e4sendet.<\/p><p>Denna l\u00e4ra pr\u00e4glade den europeiska v\u00e4rldsbilden under n\u00e4stan tv\u00e5 \u00e5rtusenden. Den \u00f6vertogs av den medeltida naturfilosofin och utgjorde en fast del av den aristoteliskt pr\u00e4glade kosmosl\u00e4ran. \u00c4ven efter att denna v\u00e4rldsbild br\u00f6t samman i den tidiga moderna tiden f\u00f6rblev ordet aither n\u00e4rvarande inom naturvetenskapen.<\/p><p>Inom fysiken fr\u00e5n 1600- till 1800-talet anv\u00e4ndes begreppet <em>ljusaither<\/em> som ett antaget medium i vilket ljuset skulle utbreda sig; det var f\u00f6rst fysiken i det tidiga 1900-talet som \u00f6vergav denna f\u00f6rest\u00e4llning.<\/p><p>Aithers historia visar d\u00e4rmed tydligt hur ett ursprungligen mytisk-religi\u00f6st begrepp via filosofin kunde \u00f6verg\u00e5 till vetenskapen och d\u00e4r f\u00f6rbli verksamt under l\u00e5ng tid.<\/p>\t\t\t\t\t\t\t\t<\/div>\n\t\t\t\t<\/div>\n\t\t\t\t\t<\/div>\n\t\t\t\t<\/div>\n\t\t\t\t<\/div>\n\t\t","protected":false},"excerpt":{"rendered":"","protected":false},"author":3,"featured_media":3395,"parent":0,"menu_order":0,"comment_status":"closed","ping_status":"closed","template":"elementor_header_footer","meta":{"_yoast_wpseo_focuskw":"Eter subtilt b\u00e4rarmedium","_yoast_wpseo_title":"Eter \u2013 subtilt b\u00e4rarmedium | iWell Guard","_yoast_wpseo_metadesc":"Etern \u00e4r antikens femte element: Aristoteles, stoiker, nyplatonister, tidigmodern fysik och modern teosofi.","_yoast_wpseo_meta-robots-noindex":"","_yoast_wpseo_canonical":"","_angie_page":false,"gefaehrdungsstufe":"","wesen_kultur":"","wesen_klasse":"","footnotes":""},"categories":[],"class_list":["post-136797","page","type-page","status-publish","has-post-thumbnail","hentry"],"yoast_head":"<!-- This site is optimized with the Yoast SEO Premium plugin v27.7 (Yoast SEO v28.3) - https:\/\/yoast.com\/product\/yoast-seo-premium-wordpress\/ -->\n<title>Eter \u2013 subtilt b\u00e4rarmedium | iWell Guard<\/title>\n<meta name=\"description\" content=\"Etern \u00e4r antikens femte element: Aristoteles, stoiker, nyplatonister, tidigmodern fysik och modern teosofi.\" \/>\n<meta name=\"robots\" content=\"index, follow, max-snippet:-1, max-image-preview:large, max-video-preview:-1\" \/>\n<link rel=\"canonical\" href=\"https:\/\/iwell-guard.com\/sv\/eter\/\" \/>\n<meta property=\"og:locale\" content=\"sv_SE\" \/>\n<meta property=\"og:type\" content=\"article\" \/>\n<meta property=\"og:title\" content=\"Eter\" \/>\n<meta property=\"og:description\" content=\"Etern \u00e4r antikens femte element: Aristoteles, stoiker, nyplatonister, tidigmodern fysik och modern teosofi.\" \/>\n<meta property=\"og:url\" content=\"https:\/\/iwell-guard.com\/sv\/eter\/\" \/>\n<meta property=\"og:site_name\" content=\"iWell Guard\" \/>\n<meta property=\"article:modified_time\" content=\"2026-09-03T01:12:14+00:00\" \/>\n<meta property=\"og:image\" content=\"https:\/\/iwell-guard.com\/wp-content\/uploads\/2026\/05\/praktiken_aether.webp\" \/>\n\t<meta property=\"og:image:width\" content=\"1024\" \/>\n\t<meta property=\"og:image:height\" content=\"1536\" \/>\n\t<meta property=\"og:image:type\" content=\"image\/webp\" \/>\n<meta name=\"twitter:card\" content=\"summary_large_image\" \/>\n<script type=\"application\/ld+json\" class=\"yoast-schema-graph\">{\"@context\":\"https:\\\/\\\/schema.org\",\"@graph\":[{\"@type\":\"WebPage\",\"@id\":\"https:\\\/\\\/iwell-guard.com\\\/sv\\\/eter\\\/\",\"url\":\"https:\\\/\\\/iwell-guard.com\\\/sv\\\/eter\\\/\",\"name\":\"Eter \u2013 subtilt b\u00e4rarmedium | iWell Guard\",\"isPartOf\":{\"@id\":\"https:\\\/\\\/iwell-guard.com\\\/sv\\\/#website\"},\"primaryImageOfPage\":{\"@id\":\"https:\\\/\\\/iwell-guard.com\\\/sv\\\/eter\\\/#primaryimage\"},\"image\":{\"@id\":\"https:\\\/\\\/iwell-guard.com\\\/sv\\\/eter\\\/#primaryimage\"},\"thumbnailUrl\":\"https:\\\/\\\/iwell-guard.com\\\/wp-content\\\/uploads\\\/2026\\\/05\\\/praktiken_aether.webp\",\"datePublished\":\"2026-09-03T00:10:08+00:00\",\"dateModified\":\"2026-09-03T01:12:14+00:00\",\"description\":\"Etern \u00e4r antikens femte element: Aristoteles, stoiker, nyplatonister, tidigmodern fysik och modern teosofi.\",\"breadcrumb\":{\"@id\":\"https:\\\/\\\/iwell-guard.com\\\/sv\\\/eter\\\/#breadcrumb\"},\"inLanguage\":\"sv-SE\",\"potentialAction\":[{\"@type\":\"ReadAction\",\"target\":[\"https:\\\/\\\/iwell-guard.com\\\/sv\\\/eter\\\/\"]}]},{\"@type\":\"ImageObject\",\"inLanguage\":\"sv-SE\",\"@id\":\"https:\\\/\\\/iwell-guard.com\\\/sv\\\/eter\\\/#primaryimage\",\"url\":\"https:\\\/\\\/iwell-guard.com\\\/wp-content\\\/uploads\\\/2026\\\/05\\\/praktiken_aether.webp\",\"contentUrl\":\"https:\\\/\\\/iwell-guard.com\\\/wp-content\\\/uploads\\\/2026\\\/05\\\/praktiken_aether.webp\",\"width\":1024,\"height\":1536,\"caption\":\"Praktik. Historisk-illustrativ skildring.\"},{\"@type\":\"BreadcrumbList\",\"@id\":\"https:\\\/\\\/iwell-guard.com\\\/sv\\\/eter\\\/#breadcrumb\",\"itemListElement\":[{\"@type\":\"ListItem\",\"position\":1,\"name\":\"Start\",\"item\":\"https:\\\/\\\/iwell-guard.com\\\/sv\\\/?page_id=136483\"},{\"@type\":\"ListItem\",\"position\":2,\"name\":\"Eter\"}]},{\"@type\":\"WebSite\",\"@id\":\"https:\\\/\\\/iwell-guard.com\\\/sv\\\/#website\",\"url\":\"https:\\\/\\\/iwell-guard.com\\\/sv\\\/\",\"name\":\"iWell Guard\",\"description\":\"Schutz vor dunklen Einfl\u00fcssen\",\"publisher\":{\"@id\":\"https:\\\/\\\/iwell-guard.com\\\/sv\\\/#organization\"},\"potentialAction\":[{\"@type\":\"SearchAction\",\"target\":{\"@type\":\"EntryPoint\",\"urlTemplate\":\"https:\\\/\\\/iwell-guard.com\\\/sv\\\/?s={search_term_string}\"},\"query-input\":{\"@type\":\"PropertyValueSpecification\",\"valueRequired\":true,\"valueName\":\"search_term_string\"}}],\"inLanguage\":\"sv-SE\"},{\"@type\":\"Organization\",\"@id\":\"https:\\\/\\\/iwell-guard.com\\\/sv\\\/#organization\",\"name\":\"Ittermann electronic GmbH\",\"url\":\"https:\\\/\\\/iwell-guard.com\\\/sv\\\/\",\"logo\":{\"@type\":\"ImageObject\",\"inLanguage\":\"sv-SE\",\"@id\":\"https:\\\/\\\/iwell-guard.com\\\/sv\\\/#\\\/schema\\\/logo\\\/image\\\/\",\"url\":\"https:\\\/\\\/iwell-guard.com\\\/wp-content\\\/uploads\\\/2026\\\/05\\\/Ittermann-Logo-1182x237-1.png\",\"contentUrl\":\"https:\\\/\\\/iwell-guard.com\\\/wp-content\\\/uploads\\\/2026\\\/05\\\/Ittermann-Logo-1182x237-1.png\",\"width\":1182,\"height\":237,\"caption\":\"Ittermann electronic GmbH\"},\"image\":{\"@id\":\"https:\\\/\\\/iwell-guard.com\\\/sv\\\/#\\\/schema\\\/logo\\\/image\\\/\"},\"sameAs\":[\"https:\\\/\\\/pantip.com\\\/profile\\\/9367242\",\"https:\\\/\\\/micro.blog\\\/iwellguard\",\"https:\\\/\\\/www.diggerslist.com\\\/iwellguard\\\/about\",\"https:\\\/\\\/skitterphoto.com\\\/photographers\\\/2870314\\\/iwell-guard\",\"https:\\\/\\\/iwellguard.wordpress.com\\\/2026\\\/06\\\/06\\\/iwell-guard\\\/\",\"https:\\\/\\\/hub.docker.com\\\/u\\\/iwellguard\",\"https:\\\/\\\/www.pinterest.com\\\/iwellguard\\\/\",\"https:\\\/\\\/bit.ly\\\/m\\\/iwellguard\",\"https:\\\/\\\/entre-vos-mains.alsace.eu\\\/profiles\\\/iwellguard\\\/activity\",\"https:\\\/\\\/gravatar.com\\\/reallybeded8fd34\",\"https:\\\/\\\/naijamatta.com\\\/iwellguard\",\"https:\\\/\\\/www.goodreads.com\\\/iwellguard\",\"https:\\\/\\\/profile.hatena.ne.jp\\\/iwellguard\\\/\",\"https:\\\/\\\/experiment.com\\\/users\\\/iwellguard\",\"https:\\\/\\\/wakelet.com\\\/@iWellGuard82270\",\"https:\\\/\\\/www.chordie.com\\\/forum\\\/profile.php?id=2555664\",\"https:\\\/\\\/www.instapaper.com\\\/p\\\/17757966\",\"https:\\\/\\\/www.mapleprimes.com\\\/users\\\/iwellguard\",\"https:\\\/\\\/businesslistingplus.com\\\/profile\\\/iwell-guard\\\/\",\"https:\\\/\\\/telegra.ph\\\/iWell-Guard-06-06\",\"https:\\\/\\\/pbase.com\\\/iwellguard\\\/iwellguard\",\"https:\\\/\\\/b.hatena.ne.jp\\\/iwellguard\\\/20260607#bookmark-4788405196491818882\",\"https:\\\/\\\/fliphtml5.com\\\/home\\\/iwellguard\",\"https:\\\/\\\/anyflip.com\\\/homepage\\\/cmiwl#About\",\"https:\\\/\\\/transfur.com\\\/Users\\\/iwellguard\",\"http:\\\/\\\/delphi.larsbo.org\\\/user\\\/iwellguard\",\"https:\\\/\\\/jobs.lajobsportal.org\\\/profiles\\\/8380803-iwell-guard\",\"https:\\\/\\\/md.chaosdorf.de\\\/s\\\/jfbe5SBdJD\",\"https:\\\/\\\/www.lingvolive.com\\\/en-us\\\/profile\\\/9ecaeaca-ce11-4e51-9e71-01d55e2bff36\\\/translations\",\"https:\\\/\\\/www.fitday.com\\\/fitness\\\/forums\\\/members\\\/iwellguard.html\",\"https:\\\/\\\/www.mymeetbook.com\\\/iwellguard\",\"https:\\\/\\\/pxhere.com\\\/en\\\/photographer-me\\\/5040798\",\"https:\\\/\\\/disqus.com\\\/by\\\/iwellguard\\\/about\\\/\",\"https:\\\/\\\/pastelink.net\\\/hjwciqwq\",\"https:\\\/\\\/pubhtml5.com\\\/homepage\\\/scjhn\\\/\",\"https:\\\/\\\/www.bitchute.com\\\/channel\\\/2O2eOKzNqujT\",\"https:\\\/\\\/audiomack.com\\\/iwellguard\"]}]}<\/script>\n<!-- \/ Yoast SEO Premium plugin. -->","yoast_head_json":{"title":"Eter \u2013 subtilt b\u00e4rarmedium | iWell Guard","description":"Etern \u00e4r antikens femte element: Aristoteles, stoiker, nyplatonister, tidigmodern fysik och modern teosofi.","robots":{"index":"index","follow":"follow","max-snippet":"max-snippet:-1","max-image-preview":"max-image-preview:large","max-video-preview":"max-video-preview:-1"},"canonical":"https:\/\/iwell-guard.com\/sv\/eter\/","og_locale":"sv_SE","og_type":"article","og_title":"Eter","og_description":"Etern \u00e4r antikens femte element: Aristoteles, stoiker, nyplatonister, tidigmodern fysik och modern teosofi.","og_url":"https:\/\/iwell-guard.com\/sv\/eter\/","og_site_name":"iWell Guard","article_modified_time":"2026-09-03T01:12:14+00:00","og_image":[{"width":1024,"height":1536,"url":"https:\/\/iwell-guard.com\/wp-content\/uploads\/2026\/05\/praktiken_aether.webp","type":"image\/webp"}],"twitter_card":"summary_large_image","schema":{"@context":"https:\/\/schema.org","@graph":[{"@type":"WebPage","@id":"https:\/\/iwell-guard.com\/sv\/eter\/","url":"https:\/\/iwell-guard.com\/sv\/eter\/","name":"Eter \u2013 subtilt b\u00e4rarmedium | iWell Guard","isPartOf":{"@id":"https:\/\/iwell-guard.com\/sv\/#website"},"primaryImageOfPage":{"@id":"https:\/\/iwell-guard.com\/sv\/eter\/#primaryimage"},"image":{"@id":"https:\/\/iwell-guard.com\/sv\/eter\/#primaryimage"},"thumbnailUrl":"https:\/\/iwell-guard.com\/wp-content\/uploads\/2026\/05\/praktiken_aether.webp","datePublished":"2026-09-03T00:10:08+00:00","dateModified":"2026-09-03T01:12:14+00:00","description":"Etern \u00e4r antikens femte element: Aristoteles, stoiker, nyplatonister, tidigmodern fysik och modern teosofi.","breadcrumb":{"@id":"https:\/\/iwell-guard.com\/sv\/eter\/#breadcrumb"},"inLanguage":"sv-SE","potentialAction":[{"@type":"ReadAction","target":["https:\/\/iwell-guard.com\/sv\/eter\/"]}]},{"@type":"ImageObject","inLanguage":"sv-SE","@id":"https:\/\/iwell-guard.com\/sv\/eter\/#primaryimage","url":"https:\/\/iwell-guard.com\/wp-content\/uploads\/2026\/05\/praktiken_aether.webp","contentUrl":"https:\/\/iwell-guard.com\/wp-content\/uploads\/2026\/05\/praktiken_aether.webp","width":1024,"height":1536,"caption":"Praktik. Historisk-illustrativ skildring."},{"@type":"BreadcrumbList","@id":"https:\/\/iwell-guard.com\/sv\/eter\/#breadcrumb","itemListElement":[{"@type":"ListItem","position":1,"name":"Start","item":"https:\/\/iwell-guard.com\/sv\/?page_id=136483"},{"@type":"ListItem","position":2,"name":"Eter"}]},{"@type":"WebSite","@id":"https:\/\/iwell-guard.com\/sv\/#website","url":"https:\/\/iwell-guard.com\/sv\/","name":"iWell Guard","description":"Schutz vor dunklen Einfl\u00fcssen","publisher":{"@id":"https:\/\/iwell-guard.com\/sv\/#organization"},"potentialAction":[{"@type":"SearchAction","target":{"@type":"EntryPoint","urlTemplate":"https:\/\/iwell-guard.com\/sv\/?s={search_term_string}"},"query-input":{"@type":"PropertyValueSpecification","valueRequired":true,"valueName":"search_term_string"}}],"inLanguage":"sv-SE"},{"@type":"Organization","@id":"https:\/\/iwell-guard.com\/sv\/#organization","name":"Ittermann electronic GmbH","url":"https:\/\/iwell-guard.com\/sv\/","logo":{"@type":"ImageObject","inLanguage":"sv-SE","@id":"https:\/\/iwell-guard.com\/sv\/#\/schema\/logo\/image\/","url":"https:\/\/iwell-guard.com\/wp-content\/uploads\/2026\/05\/Ittermann-Logo-1182x237-1.png","contentUrl":"https:\/\/iwell-guard.com\/wp-content\/uploads\/2026\/05\/Ittermann-Logo-1182x237-1.png","width":1182,"height":237,"caption":"Ittermann electronic GmbH"},"image":{"@id":"https:\/\/iwell-guard.com\/sv\/#\/schema\/logo\/image\/"},"sameAs":["https:\/\/pantip.com\/profile\/9367242","https:\/\/micro.blog\/iwellguard","https:\/\/www.diggerslist.com\/iwellguard\/about","https:\/\/skitterphoto.com\/photographers\/2870314\/iwell-guard","https:\/\/iwellguard.wordpress.com\/2026\/06\/06\/iwell-guard\/","https:\/\/hub.docker.com\/u\/iwellguard","https:\/\/www.pinterest.com\/iwellguard\/","https:\/\/bit.ly\/m\/iwellguard","https:\/\/entre-vos-mains.alsace.eu\/profiles\/iwellguard\/activity","https:\/\/gravatar.com\/reallybeded8fd34","https:\/\/naijamatta.com\/iwellguard","https:\/\/www.goodreads.com\/iwellguard","https:\/\/profile.hatena.ne.jp\/iwellguard\/","https:\/\/experiment.com\/users\/iwellguard","https:\/\/wakelet.com\/@iWellGuard82270","https:\/\/www.chordie.com\/forum\/profile.php?id=2555664","https:\/\/www.instapaper.com\/p\/17757966","https:\/\/www.mapleprimes.com\/users\/iwellguard","https:\/\/businesslistingplus.com\/profile\/iwell-guard\/","https:\/\/telegra.ph\/iWell-Guard-06-06","https:\/\/pbase.com\/iwellguard\/iwellguard","https:\/\/b.hatena.ne.jp\/iwellguard\/20260607#bookmark-4788405196491818882","https:\/\/fliphtml5.com\/home\/iwellguard","https:\/\/anyflip.com\/homepage\/cmiwl#About","https:\/\/transfur.com\/Users\/iwellguard","http:\/\/delphi.larsbo.org\/user\/iwellguard","https:\/\/jobs.lajobsportal.org\/profiles\/8380803-iwell-guard","https:\/\/md.chaosdorf.de\/s\/jfbe5SBdJD","https:\/\/www.lingvolive.com\/en-us\/profile\/9ecaeaca-ce11-4e51-9e71-01d55e2bff36\/translations","https:\/\/www.fitday.com\/fitness\/forums\/members\/iwellguard.html","https:\/\/www.mymeetbook.com\/iwellguard","https:\/\/pxhere.com\/en\/photographer-me\/5040798","https:\/\/disqus.com\/by\/iwellguard\/about\/","https:\/\/pastelink.net\/hjwciqwq","https:\/\/pubhtml5.com\/homepage\/scjhn\/","https:\/\/www.bitchute.com\/channel\/2O2eOKzNqujT","https:\/\/audiomack.com\/iwellguard"]}]}},"_links":{"self":[{"href":"https:\/\/iwell-guard.com\/sv\/wp-json\/wp\/v2\/pages\/136797","targetHints":{"allow":["GET"]}}],"collection":[{"href":"https:\/\/iwell-guard.com\/sv\/wp-json\/wp\/v2\/pages"}],"about":[{"href":"https:\/\/iwell-guard.com\/sv\/wp-json\/wp\/v2\/types\/page"}],"author":[{"embeddable":true,"href":"https:\/\/iwell-guard.com\/sv\/wp-json\/wp\/v2\/users\/3"}],"replies":[{"embeddable":true,"href":"https:\/\/iwell-guard.com\/sv\/wp-json\/wp\/v2\/comments?post=136797"}],"version-history":[{"count":0,"href":"https:\/\/iwell-guard.com\/sv\/wp-json\/wp\/v2\/pages\/136797\/revisions"}],"wp:featuredmedia":[{"embeddable":true,"href":"https:\/\/iwell-guard.com\/sv\/wp-json\/wp\/v2\/media\/3395"}],"wp:attachment":[{"href":"https:\/\/iwell-guard.com\/sv\/wp-json\/wp\/v2\/media?parent=136797"}],"wp:term":[{"taxonomy":"category","embeddable":true,"href":"https:\/\/iwell-guard.com\/sv\/wp-json\/wp\/v2\/categories?post=136797"}],"curies":[{"name":"wp","href":"https:\/\/api.w.org\/{rel}","templated":true}]}}