{"id":136785,"date":"2026-09-03T00:10:01","date_gmt":"2026-09-03T00:10:01","guid":{"rendered":"https:\/\/iwell-guard.com\/?page_id=136785"},"modified":"2026-09-03T01:11:55","modified_gmt":"2026-09-03T01:11:55","slug":"bael","status":"publish","type":"page","link":"https:\/\/iwell-guard.com\/sv\/bael\/","title":{"rendered":"Bael"},"content":{"rendered":"\t\t<div data-elementor-type=\"wp-page\" data-elementor-id=\"136785\" class=\"elementor elementor-136785 elementor-2256 elementor-bc-flex-widget\" data-elementor-post-type=\"page\">\n\t\t\t\t<div class=\"elementor-element elementor-element-10fdade e-flex e-con-boxed e-con e-parent\" data-id=\"10fdade\" data-element_type=\"container\" data-e-type=\"container\" data-settings=\"{&quot;background_background&quot;:&quot;classic&quot;}\">\n\t\t\t\t\t<div class=\"e-con-inner\">\n\t\t<div class=\"elementor-element elementor-element-herohlft0 e-flex e-con-boxed e-con e-child\" data-id=\"herohlft0\" data-element_type=\"container\" data-e-type=\"container\">\n\t\t\t\t\t<div class=\"e-con-inner\">\n\t\t<div class=\"elementor-element elementor-element-c3ceb64 e-con-full e-flex e-con e-child\" data-id=\"c3ceb64\" data-element_type=\"container\" data-e-type=\"container\">\n\t\t\t\t<div class=\"elementor-element elementor-element-96ae5e1 elementor-widget elementor-widget-heading\" data-id=\"96ae5e1\" data-element_type=\"widget\" data-e-type=\"widget\" data-widget_type=\"heading.default\">\n\t\t\t\t\t<h1 class=\"elementor-heading-title elementor-size-default\">Bael, f\u00f6rste kung av goetian<\/h1>\t\t\t\t<\/div>\n\t\t\t\t<div class=\"elementor-element elementor-element-e45238a elementor-widget elementor-widget-text-editor\" data-id=\"e45238a\" data-element_type=\"widget\" data-e-type=\"widget\" data-widget_type=\"text-editor.default\">\n\t\t\t\t\t\t\t\t\t<p><strong>Bael \u00e4r den f\u00f6rste<\/strong> av de sjuttiotv\u00e5 andarna i Ars Goetia, en bok ur Lemegeton som blir belagd under 1600-talet och ny\u00f6versattes under 1800-talet av S. L. MacGregor Mathers.<\/p><p>Inom den demoniska hierarkin st\u00e5r Bael som kung i toppen av f\u00f6rteckningen och bef\u00e4ller sextiosex legioner. Hans namn syftar p\u00e5 den semitiska guden Baal, en forn h\u00f6ggud i det syrisk-kanaaneiska omr\u00e5det, som genom kristen demonologi f\u00f6rskj\u00f6ts till registret \u00f6ver fallna andar. Bael r\u00e4knas som f\u00f6rste kung bland de v\u00e4sen som traditionen sammanfattar som de 72 goetia-andarna.<\/p>\t\t\t\t\t\t\t\t<\/div>\n\t\t\t\t<\/div>\n\t\t<div class=\"elementor-element elementor-element-klsbdg01 e-con-full e-flex e-con e-parent\" data-id=\"klsbdg01\" data-element_type=\"container\" data-e-type=\"container\">\n\t\t\t\t<div class=\"elementor-element elementor-element-klshtm01 elementor-widget elementor-widget-html\" data-id=\"klshtm01\" data-element_type=\"widget\" data-e-type=\"widget\" data-widget_type=\"html.default\">\n\t\t\t\t\t<div class=\"iwg-pill-row\"><span class=\"iwg-klasse-badge\" tabindex=\"0\" data-tooltip=\"Demon: \u00d6vernaturligt v\u00e4sen, oftast skadebringande, mellan gudar och m\u00e4nniskor.\">Demon<\/span><a href=\"https:\/\/iwell-guard.com\/sv\/kristendomen\/\" class=\"iwg-kultur-badge\" tabindex=\"0\" data-tooltip=\"Kristen tradition sedan det f\u00f6rsta \u00e5rhundradet e.Kr.\">Kristendom<\/a><\/div>\t\t\t\t<\/div>\n\t\t\t\t<\/div>\n\t\t<div class=\"elementor-element elementor-element-3f74855 e-con-full e-flex e-con e-child\" data-id=\"3f74855\" data-element_type=\"container\" data-e-type=\"container\">\n\t\t\t\t<div class=\"elementor-element elementor-element-1c30362 elementor-toc--minimized-on-tablet elementor-widget elementor-widget-table-of-contents\" data-id=\"1c30362\" data-element_type=\"widget\" data-e-type=\"widget\" data-settings=\"{&quot;exclude_headings_by_selector&quot;:[],&quot;no_headings_message&quot;:&quot;Inga rubriker hittades p\\u00e5 den h\\u00e4r sidan.&quot;,&quot;headings_by_tags&quot;:[&quot;h2&quot;,&quot;h3&quot;],&quot;marker_view&quot;:&quot;bullets&quot;,&quot;minimize_box&quot;:&quot;yes&quot;,&quot;icon&quot;:{&quot;value&quot;:&quot;fas fa-circle&quot;,&quot;library&quot;:&quot;fa-solid&quot;,&quot;rendered_tag&quot;:&quot;&lt;svg class=\\&quot;e-font-icon-svg e-fas-circle\\&quot; viewBox=\\&quot;0 0 512 512\\&quot; xmlns=\\&quot;http:\\\/\\\/www.w3.org\\\/2000\\\/svg\\&quot;&gt;&lt;path d=\\&quot;M256 8C119 8 8 119 8 256s111 248 248 248 248-111 248-248S393 8 256 8z\\&quot;&gt;&lt;\\\/path&gt;&lt;\\\/svg&gt;&quot;},&quot;minimized_on&quot;:&quot;tablet&quot;,&quot;hierarchical_view&quot;:&quot;yes&quot;,&quot;min_height&quot;:{&quot;unit&quot;:&quot;px&quot;,&quot;size&quot;:&quot;&quot;,&quot;sizes&quot;:[]},&quot;min_height_tablet&quot;:{&quot;unit&quot;:&quot;px&quot;,&quot;size&quot;:&quot;&quot;,&quot;sizes&quot;:[]},&quot;min_height_mobile&quot;:{&quot;unit&quot;:&quot;px&quot;,&quot;size&quot;:&quot;&quot;,&quot;sizes&quot;:[]}}\" data-widget_type=\"table-of-contents.default\">\n\t\t\t\t\t\t\t\t\t<div class=\"elementor-toc__header\">\n\t\t\t\t\t\t<h2 class=\"elementor-toc__header-title\">\n\t\t\t\tInneh\u00e5llsf\u00f6rteckning\t\t\t<\/h2>\n\t\t\t\t\t\t\t\t\t\t<div class=\"elementor-toc__toggle-button elementor-toc__toggle-button--expand\" role=\"button\" tabindex=\"0\" aria-controls=\"elementor-toc__1c30362\" aria-expanded=\"true\" aria-label=\"\u00d6ppna inneh\u00e5llsf\u00f6rteckning\"><svg aria-hidden=\"true\" class=\"e-font-icon-svg e-fas-chevron-down\" viewBox=\"0 0 448 512\" xmlns=\"http:\/\/www.w3.org\/2000\/svg\"><path d=\"M207.029 381.476L12.686 187.132c-9.373-9.373-9.373-24.569 0-33.941l22.667-22.667c9.357-9.357 24.522-9.375 33.901-.04L224 284.505l154.745-154.021c9.379-9.335 24.544-9.317 33.901.04l22.667 22.667c9.373 9.373 9.373 24.569 0 33.941L240.971 381.476c-9.373 9.372-24.569 9.372-33.942 0z\"><\/path><\/svg><\/div>\n\t\t\t\t<div class=\"elementor-toc__toggle-button elementor-toc__toggle-button--collapse\" role=\"button\" tabindex=\"0\" aria-controls=\"elementor-toc__1c30362\" aria-expanded=\"true\" aria-label=\"St\u00e4ng inneh\u00e5llsf\u00f6rteckning\"><svg aria-hidden=\"true\" class=\"e-font-icon-svg e-fas-chevron-up\" viewBox=\"0 0 448 512\" xmlns=\"http:\/\/www.w3.org\/2000\/svg\"><path d=\"M240.971 130.524l194.343 194.343c9.373 9.373 9.373 24.569 0 33.941l-22.667 22.667c-9.357 9.357-24.522 9.375-33.901.04L224 227.495 69.255 381.516c-9.379 9.335-24.544 9.317-33.901-.04l-22.667-22.667c-9.373-9.373-9.373-24.569 0-33.941L207.03 130.525c9.372-9.373 24.568-9.373 33.941-.001z\"><\/path><\/svg><\/div>\n\t\t\t\t\t<\/div>\n\t\t\t\t<div id=\"elementor-toc__1c30362\" class=\"elementor-toc__body\">\n\t\t\t<div class=\"elementor-toc__spinner-container\">\n\t\t\t\t<svg class=\"elementor-toc__spinner eicon-animation-spin e-font-icon-svg e-eicon-loading\" aria-hidden=\"true\" viewBox=\"0 0 1000 1000\" xmlns=\"http:\/\/www.w3.org\/2000\/svg\"><path d=\"M500 975V858C696 858 858 696 858 500S696 142 500 142 142 304 142 500H25C25 237 238 25 500 25S975 237 975 500 763 975 500 975Z\"><\/path><\/svg>\t\t\t<\/div>\n\t\t<\/div>\n\t\t\t\t\t\t<\/div>\n\t\t\t\t<\/div>\n\t\t\t\t\t<\/div>\n\t\t\t\t<\/div>\n\t\t<div class=\"elementor-element elementor-element-herorght0 e-con-full e-flex e-con e-child\" data-id=\"herorght0\" data-element_type=\"container\" data-e-type=\"container\">\n\t\t\t\t<div class=\"elementor-element elementor-element-heroimg00 iwg-hero-image elementor-widget elementor-widget-image\" data-id=\"heroimg00\" data-element_type=\"widget\" data-e-type=\"widget\" data-widget_type=\"image.default\">\n\t\t\t\t\t\t\t\t\t\t\t\t\t\t\t<img fetchpriority=\"high\" decoding=\"async\" width=\"683\" height=\"1024\" src=\"https:\/\/iwell-guard.com\/wp-content\/uploads\/2026\/05\/daemonen_christentum_bael-683x1024.webp\" class=\"attachment-large size-large wp-image-136163\" alt=\"Bael, demon i den kristet-ockulta goetia-traditionen\" srcset=\"https:\/\/iwell-guard.com\/wp-content\/uploads\/2026\/05\/daemonen_christentum_bael-683x1024.webp 683w, https:\/\/iwell-guard.com\/wp-content\/uploads\/2026\/05\/daemonen_christentum_bael-200x300.webp 200w, https:\/\/iwell-guard.com\/wp-content\/uploads\/2026\/05\/daemonen_christentum_bael-768x1152.webp 768w, https:\/\/iwell-guard.com\/wp-content\/uploads\/2026\/05\/daemonen_christentum_bael.webp 1024w\" sizes=\"(max-width: 683px) 100vw, 683px\" \/>\t\t\t\t\t\t\t\t\t\t\t\t\t\t\t<\/div>\n\t\t\t\t<\/div>\n\t\t\t\t\t<\/div>\n\t\t\t\t<\/div>\n\t\t<div class=\"elementor-element elementor-element-32917199 e-flex e-con-boxed e-con e-parent\" data-id=\"32917199\" data-element_type=\"container\" data-e-type=\"container\">\n\t\t\t\t\t<div class=\"e-con-inner\">\n\t\t<div class=\"elementor-element elementor-element-26e916cb e-flex e-con-boxed e-con e-child\" data-id=\"26e916cb\" data-element_type=\"container\" data-e-type=\"container\">\n\t\t\t\t\t<div class=\"e-con-inner\">\n\t\t<div class=\"elementor-element elementor-element-253a40d4 e-flex e-con-boxed e-con e-child\" data-id=\"253a40d4\" data-element_type=\"container\" data-e-type=\"container\">\n\t\t\t\t\t<div class=\"e-con-inner\">\n\t\t\t\t<div class=\"elementor-element elementor-element-1200c304 elementor-widget elementor-widget-heading\" data-id=\"1200c304\" data-element_type=\"widget\" data-e-type=\"widget\" data-widget_type=\"heading.default\">\n\t\t\t\t\t<h2 class=\"elementor-heading-title elementor-size-default\">Bael<\/h2>\t\t\t\t<\/div>\n\t\t\t\t<div class=\"elementor-element elementor-element-11758e7f elementor-widget elementor-widget-text-editor\" data-id=\"11758e7f\" data-element_type=\"widget\" data-e-type=\"widget\" data-widget_type=\"text-editor.default\">\n\t\t\t\t\t\t\t\t\t<p><strong>Bael \u00e4r den f\u00f6rste<\/strong> av de sjuttiotv\u00e5 andarna i Ars Goetia, en bok ur Lemegeton som blir belagd under 1600-talet och ny\u00f6versattes under 1800-talet av S. L. MacGregor Mathers.<\/p><p>Inom den demoniska hierarkin st\u00e5r Bael som kung i toppen av f\u00f6rteckningen och bef\u00e4ller sextiosex legioner. Hans namn syftar p\u00e5 den semitiska guden Baal, en forn h\u00f6ggud i det syrisk-kanaaneiska omr\u00e5det, som genom kristen demonologi f\u00f6rskj\u00f6ts till registret \u00f6ver fallna andar.<\/p>\t\t\t\t\t\t\t\t<\/div>\n\t\t\t\t\t<\/div>\n\t\t\t\t<\/div>\n\t\t<div class=\"elementor-element elementor-element-159dcf9a e-flex e-con-boxed e-con e-child\" data-id=\"159dcf9a\" data-element_type=\"container\" data-e-type=\"container\">\n\t\t\t\t\t<div class=\"e-con-inner\">\n\t\t\t\t<div class=\"elementor-element elementor-element-48cee66f elementor-widget elementor-widget-heading\" data-id=\"48cee66f\" data-element_type=\"widget\" data-e-type=\"widget\" data-widget_type=\"heading.default\">\n\t\t\t\t\t<h2 class=\"elementor-heading-title elementor-size-default\">Snabb\u00f6verblick: Bael<\/h2>\t\t\t\t<\/div>\n\t\t\t\t<div class=\"elementor-element elementor-element-3f50d82c elementor-widget elementor-widget-text-editor\" data-id=\"3f50d82c\" data-element_type=\"widget\" data-e-type=\"widget\" data-widget_type=\"text-editor.default\">\n\t\t\t\t\t\t\t\t\t<p><span data-nosnippet><strong>Typ:<\/strong> <span class=\"iwg-fachbegriff\" data-tooltip=\"Andligt v\u00e4sen som tillskrivs skadlig eller mots\u00e4gelsefull verkan.\" tabindex=\"0\">Demon<\/span>, kung i Ars Goetia<br><strong>Ursprung:<\/strong> V\u00e4stsemitiskt omr\u00e5de, avlett fr\u00e5n gudanamnet Baal<br><strong>Rang:<\/strong> F\u00f6rste av de 72 andarna, kung \u00f6ver 66 legioner<br><strong>K\u00e4llor:<\/strong> Pseudomonarchia Daemonum (1577), Ars Goetia, Dictionnaire infernal<br><strong>Besl\u00e4ktad med:<\/strong> Beelzebub, Paimon, Belial, Asmodai<\/span><\/p>\t\t\t\t\t\t\t\t<\/div>\n\t\t\t\t\t<\/div>\n\t\t\t\t<\/div>\n\t\t\t\t\t<\/div>\n\t\t\t\t<\/div>\n\t\t\t\t\t<\/div>\n\t\t\t\t<\/div>\n\t\t<div class=\"elementor-element elementor-element-18613602 e-flex e-con-boxed e-con e-parent\" data-id=\"18613602\" data-element_type=\"container\" data-e-type=\"container\">\n\t\t\t\t\t<div class=\"e-con-inner\">\n\t\t\t\t<div class=\"elementor-element elementor-element-262b8a9f elementor-widget elementor-widget-heading\" data-id=\"262b8a9f\" data-element_type=\"widget\" data-e-type=\"widget\" data-widget_type=\"heading.default\">\n\t\t\t\t\t<h2 class=\"elementor-heading-title elementor-size-default\">Inordning<\/h2>\t\t\t\t<\/div>\n\t\t<div class=\"elementor-element elementor-element-46dcb7d e-con-full e-flex e-con e-child\" data-id=\"46dcb7d\" data-element_type=\"container\" data-e-type=\"container\">\n\t\t<div class=\"elementor-element elementor-element-61d3ab3 e-flex e-con-boxed e-con e-child\" data-id=\"61d3ab3\" data-element_type=\"container\" data-e-type=\"container\">\n\t\t\t\t\t<div class=\"e-con-inner\">\n\t\t\t\t<div class=\"elementor-element elementor-element-117c166 elementor-widget elementor-widget-heading\" data-id=\"117c166\" data-element_type=\"widget\" data-e-type=\"widget\" data-widget_type=\"heading.default\">\n\t\t\t\t\t<div class=\"elementor-heading-title elementor-size-default\">Texternas tidsperiod<\/div>\t\t\t\t<\/div>\n\t\t\t\t<div class=\"elementor-element elementor-element-73997a0 elementor-widget elementor-widget-text-editor\" data-id=\"73997a0\" data-element_type=\"widget\" data-e-type=\"widget\" data-widget_type=\"text-editor.default\">\n\t\t\t\t\t\t\t\t\t<p>De centrala k\u00e4llorna h\u00e4rstammar fr\u00e5n den tidigmoderna perioden. Pseudomonarchia Daemonum utkom 1577 som en bilaga till Johann Weyers verk De praestigiis daemonum. Den handskrivna <span class=\"iwg-fachbegriff\" data-tooltip=\"\u00d6verf\u00f6ringen av kunskap och ber\u00e4ttelser genom generationer.\" tabindex=\"0\">\u00f6verl\u00e4mningen<\/span> av Lemegeton blir belagd f\u00f6rst under 1600-talet, men dess k\u00e4llor str\u00e4cker sig delvis l\u00e4ngre tillbaka.<\/p><p>Dictionnaire infernal av Collin de Plancy utkom 1818, och den inflytelserika illustrerade utg\u00e5van f\u00f6ljde 1863. Namnets religionshistoriska bakgrund str\u00e4cker sig tillbaka till det andra \u00e5rtusendet f\u00f6re Kristus.<\/p>\t\t\t\t\t\t\t\t<\/div>\n\t\t\t\t\t<\/div>\n\t\t\t\t<\/div>\n\t\t<div class=\"elementor-element elementor-element-d47b156 e-flex e-con-boxed e-con e-child\" data-id=\"d47b156\" data-element_type=\"container\" data-e-type=\"container\">\n\t\t\t\t\t<div class=\"e-con-inner\">\n\t\t\t\t<div class=\"elementor-element elementor-element-ff38c2b elementor-widget elementor-widget-heading\" data-id=\"ff38c2b\" data-element_type=\"widget\" data-e-type=\"widget\" data-widget_type=\"heading.default\">\n\t\t\t\t\t<div class=\"elementor-heading-title elementor-size-default\">Utbredningsomr\u00e5de<\/div>\t\t\t\t<\/div>\n\t\t\t\t<div class=\"elementor-element elementor-element-4e49fcc elementor-widget elementor-widget-text-editor\" data-id=\"4e49fcc\" data-element_type=\"widget\" data-e-type=\"widget\" data-widget_type=\"text-editor.default\">\n\t\t\t\t\t\t\t\t\t<p><span data-nosnippet>Namnet Bael syftar p\u00e5 det v\u00e4stsemitiska omr\u00e5det, det vill s\u00e4ga Syrien, Fenicien och det gamla Israel, d\u00e4r gudanamnet Baal var spritt. Den demonologiska gestalten Bael \u00e4r d\u00e4remot en produkt av den v\u00e4steuropeiska grimoire-traditionen och \u00e4r belagd framf\u00f6r allt i Frankrike, England och det tyskspr\u00e5kiga omr\u00e5det. Genom den engelska goetia-utg\u00e5van fr\u00e5n 1904 n\u00e5dde gestalten en internationell publik.<\/span><\/p>\t\t\t\t\t\t\t\t<\/div>\n\t\t\t\t\t<\/div>\n\t\t\t\t<\/div>\n\t\t\t\t<\/div>\n\t\t<div class=\"elementor-element elementor-element-db03c39 e-con-full e-flex e-con e-child\" data-id=\"db03c39\" data-element_type=\"container\" data-e-type=\"container\">\n\t\t<div class=\"elementor-element elementor-element-229a87b e-flex e-con-boxed e-con e-child\" data-id=\"229a87b\" data-element_type=\"container\" data-e-type=\"container\">\n\t\t\t\t\t<div class=\"e-con-inner\">\n\t\t\t\t<div class=\"elementor-element elementor-element-1f471fc elementor-widget elementor-widget-heading\" data-id=\"1f471fc\" data-element_type=\"widget\" data-e-type=\"widget\" data-widget_type=\"heading.default\">\n\t\t\t\t\t<div class=\"elementor-heading-title elementor-size-default\">K\u00e4ll\u00e4ge<\/div>\t\t\t\t<\/div>\n\t\t\t\t<div class=\"elementor-element elementor-element-36b1201 elementor-widget elementor-widget-text-editor\" data-id=\"36b1201\" data-element_type=\"widget\" data-e-type=\"widget\" data-widget_type=\"text-editor.default\">\n\t\t\t\t\t\t\t\t\t<p>De centrala texterna \u00e4r Pseudomonarchia Daemonum av Johann Weyer, Ars Goetia som f\u00f6rsta bok i Lemegeton, samt Dictionnaire infernal. Weyer \u00f6vertog en \u00e4ldre lista och omorganiserade den.<\/p><p>Om goetia-listan g\u00e5r tillbaka p\u00e5 en enhetlig historisk k\u00e4rna eller sammanst\u00e4lldes av flera k\u00e4llor \u00e4r alltj\u00e4mt \u00f6ppet inom forskningen. Joseph Peterson, utgivare av en kommenterad utg\u00e5va, lutar \u00e5t kompilationstesen och h\u00e4nvisar till \u00e4ldre arabiska och judiska andelistor.<\/p>\t\t\t\t\t\t\t\t<\/div>\n\t\t\t\t\t<\/div>\n\t\t\t\t<\/div>\n\t\t\t\t<\/div>\n\t\t\t\t\t<\/div>\n\t\t\t\t<\/div>\n\t\t<div class=\"elementor-element elementor-element-3ae0637c e-flex e-con-boxed e-con e-parent\" data-id=\"3ae0637c\" data-element_type=\"container\" data-e-type=\"container\">\n\t\t\t\t\t<div class=\"e-con-inner\">\n\t\t\t\t<div class=\"elementor-element elementor-element-31d07739 elementor-widget elementor-widget-heading\" data-id=\"31d07739\" data-element_type=\"widget\" data-e-type=\"widget\" data-widget_type=\"heading.default\">\n\t\t\t\t\t<h2 class=\"elementor-heading-title elementor-size-default\">Namn<\/h2>\t\t\t\t<\/div>\n\t\t<div class=\"elementor-element elementor-element-b7642947 e-con-full e-flex e-con e-child\" data-id=\"b7642947\" data-element_type=\"container\" data-e-type=\"container\">\n\t\t\t\t<div class=\"elementor-element elementor-element-a086266 elementor-widget elementor-widget-text-editor\" data-id=\"a086266\" data-element_type=\"widget\" data-e-type=\"widget\" data-widget_type=\"text-editor.default\">\n\t\t\t\t\t\t\t\t\t<p>Namnet Bael \u00e4r en av de m\u00e5nga stavningsvarianterna av det semitiska ordet ba\u02bfal, som helt enkelt betyder herre eller \u00e4gare. I det v\u00e4stsemitiska omr\u00e5det var Ba\u02bfal inte ett egennamn utan en titel som tillkom olika lokala gudomar.<\/p><p>Mest k\u00e4nd \u00e4r den ugaritiska v\u00e4derguden Ba\u02bfal, vars myter bevaras p\u00e5 lertavlorna fr\u00e5n Ras Shamra. D\u00e4rtill fanns Ba\u02bfal av Tyros, Ba\u02bfal-Hammon i Kartago samt en m\u00e4ngd lokala gudomar, som alla g\u00e4llde som herre \u00f6ver sin kultplats.<\/p><p>I grimoire-traditionen m\u00f6ter vi gestalten som Bael, i popul\u00e4rkulturen \u00e4ven som Baal eller Bhaal. Ett n\u00e4ra besl\u00e4ktat mellanled \u00e4r Beelzebub, vars namn f\u00f6rekommer som ba\u02bfal z\u0259b\u00fbb, flugornas herre, i Andra Kungaboken. Dessa stavningsvarianter d\u00f6ljer att flera skilda \u00f6verl\u00e4mningslinjer g\u00f6mmer sig bakom dem: den <span class=\"iwg-fachbegriff\" data-tooltip=\"Epok av grekisk och romersk kultur, ungef\u00e4r 800 f.Kr. till 600 e.Kr.\" tabindex=\"0\">antika<\/span> v\u00e4derguden, den bibliska polemiken och den tidigmoderna helvetesfursten.<\/p>\t\t\t\t\t\t\t\t<\/div>\n\t\t\t\t<\/div>\n\t\t\t\t\t<\/div>\n\t\t\t\t<\/div>\n\t\t<div class=\"elementor-element elementor-element-709a44a8 e-flex e-con-boxed e-con e-parent\" data-id=\"709a44a8\" data-element_type=\"container\" data-e-type=\"container\">\n\t\t\t\t\t<div class=\"e-con-inner\">\n\t\t\t\t<div class=\"elementor-element elementor-element-2f585873 elementor-widget elementor-widget-heading\" data-id=\"2f585873\" data-element_type=\"widget\" data-e-type=\"widget\" data-widget_type=\"heading.default\">\n\t\t\t\t\t<h2 class=\"elementor-heading-title elementor-size-default\">Beskrivning<\/h2>\t\t\t\t<\/div>\n\t\t<div class=\"elementor-element elementor-element-70621c12 e-con-full e-flex e-con e-child\" data-id=\"70621c12\" data-element_type=\"container\" data-e-type=\"container\">\n\t\t\t\t<div class=\"elementor-element elementor-element-4296eb49 elementor-widget elementor-widget-text-editor\" data-id=\"4296eb49\" data-element_type=\"widget\" data-e-type=\"widget\" data-widget_type=\"text-editor.default\">\n\t\t\t\t\t\t\t\t\t<p>Baels ikonografiska tradition \u00e4r p\u00e5fallande. Enligt Ars Goetia framtr\u00e4der han med tre huvuden, i en variant med ett paddhuvud, ett m\u00e4nniskohuvud och ett katthuvud, buren av spindelben. D\u00e4rtill finns avbildningar med tv\u00e5 djurhuvuden ist\u00e4llet f\u00f6r tre. Lemegeton-texten talar om en r\u00e5, hes r\u00f6st.<\/p><p><span data-nosnippet>F\u00f6rm\u00e5gan som texterna tillskriver honom \u00e4r osynlighet, som han kan f\u00f6rl\u00e4na \u00e5kallaren, samt list. Djur-m\u00e4nnisko-hybridformen \u00e4r inte ovanlig i det v\u00e4steuropeiska grimoire-materialet, men kombinationen m\u00e4nniska-katt-padda \u00e4r begr\u00e4nsad till Bael. Den pr\u00e4glades ikonografiskt av Collin de Plancy i den illustrerade utg\u00e5van av Dictionnaire infernal fr\u00e5n 1863.<\/span><\/p><p>Denna illustration pr\u00e4glar \u00e4n idag den popul\u00e4ra f\u00f6rest\u00e4llningen om Bael. \u00c4ldre k\u00e4llor som Munich Handbook of Necromancy fr\u00e5n 1400-talet inneh\u00e5ller inga bilder och \u00f6verl\u00e4mnar beskrivningen enbart i ord. Paddhuvud-ikonografin har inget att g\u00f6ra med den historiska v\u00e4derguden Baal, utan \u00e4r en egen produkt av den senmedeltida och tidigmoderna f\u00f6rest\u00e4llningsv\u00e4rlden.<\/p>\t\t\t\t\t\t\t\t<\/div>\n\t\t\t\t<\/div>\n\t\t\t\t\t<\/div>\n\t\t\t\t<\/div>\n\t\t<div class=\"elementor-element elementor-element-44e71476 e-flex e-con-boxed e-con e-parent\" data-id=\"44e71476\" data-element_type=\"container\" data-e-type=\"container\">\n\t\t\t\t\t<div class=\"e-con-inner\">\n\t\t\t\t<div class=\"elementor-element elementor-element-3c1fc3f0 elementor-widget elementor-widget-heading\" data-id=\"3c1fc3f0\" data-element_type=\"widget\" data-e-type=\"widget\" data-widget_type=\"heading.default\">\n\t\t\t\t\t<h2 class=\"elementor-heading-title elementor-size-default\">Profil: Bael<\/h2>\t\t\t\t<\/div>\n\t\t<div class=\"elementor-element elementor-element-84f33b8e e-con-full e-flex e-con e-child\" data-id=\"84f33b8e\" data-element_type=\"container\" data-e-type=\"container\">\n\t\t\t\t<div class=\"elementor-element elementor-element-hqkdc67p elementor-widget elementor-widget-text-editor\" data-id=\"hqkdc67p\" data-element_type=\"widget\" data-e-type=\"widget\" data-widget_type=\"text-editor.default\">\n\t\t\t\t\t\t\t\t\t<p>F\u00f6ljande f\u00e4lt sammanfattar de viktigaste uppgifterna ur k\u00e4llorna om Bael.<\/p>\t\t\t\t\t\t\t\t<\/div>\n\t\t\t\t<\/div>\n\t\t<div class=\"elementor-element elementor-element-pemmx7c5 e-con-full e-flex e-con e-child\" data-id=\"pemmx7c5\" data-element_type=\"container\" data-e-type=\"container\">\n\t\t<div class=\"elementor-element elementor-element-pemmx7c1 e-con-full e-flex e-con e-child\" data-id=\"pemmx7c1\" data-element_type=\"container\" data-e-type=\"container\">\n\t\t<div class=\"elementor-element elementor-element-qh9oavvu iwg-steckbrief-card e-flex e-con-boxed e-con e-child\" data-id=\"qh9oavvu\" data-element_type=\"container\" data-e-type=\"container\">\n\t\t\t\t\t<div class=\"e-con-inner\">\n\t\t\t\t<div class=\"elementor-element elementor-element-awzx8k2k elementor-widget elementor-widget-heading\" data-id=\"awzx8k2k\" data-element_type=\"widget\" data-e-type=\"widget\" data-widget_type=\"heading.default\">\n\t\t\t\t\t<div class=\"elementor-heading-title elementor-size-default\">Ursprung<\/div>\t\t\t\t<\/div>\n\t\t\t\t<div class=\"elementor-element elementor-element-x6rowhv0 elementor-widget elementor-widget-text-editor\" data-id=\"x6rowhv0\" data-element_type=\"widget\" data-e-type=\"widget\" data-widget_type=\"text-editor.default\">\n\t\t\t\t\t\t\t\t\t<p>Namnet h\u00e4rstammar fr\u00e5n det semitiska Baal, ett av de viktigaste gudanamnen i det syrisk-kanaaneiska omr\u00e5det. Baal betyder herre och betecknade b\u00e5de Hadad, storm- och v\u00e4derguden, samt lokala skyddsgudomar. Den kristna demonologin f\u00f6rskj\u00f6t denna forna h\u00f6ggud till registret \u00f6ver fallna andar. Av en storm- eller fruktbarhetsfunktion syns inget l\u00e4ngre i Lemegeton.<\/p>\t\t\t\t\t\t\t\t<\/div>\n\t\t\t\t\t<\/div>\n\t\t\t\t<\/div>\n\t\t<div class=\"elementor-element elementor-element-8e3o4kxs iwg-steckbrief-card e-flex e-con-boxed e-con e-child\" data-id=\"8e3o4kxs\" data-element_type=\"container\" data-e-type=\"container\">\n\t\t\t\t\t<div class=\"e-con-inner\">\n\t\t\t\t<div class=\"elementor-element elementor-element-08rkdgov elementor-widget elementor-widget-heading\" data-id=\"08rkdgov\" data-element_type=\"widget\" data-e-type=\"widget\" data-widget_type=\"heading.default\">\n\t\t\t\t\t<div class=\"elementor-heading-title elementor-size-default\">Rang och funktion<\/div>\t\t\t\t<\/div>\n\t\t\t\t<div class=\"elementor-element elementor-element-uwjelx8s elementor-widget elementor-widget-text-editor\" data-id=\"uwjelx8s\" data-element_type=\"widget\" data-e-type=\"widget\" data-widget_type=\"text-editor.default\">\n\t\t\t\t\t\t\t\t\t<p>Bael \u00e4r en kung och intar f\u00f6rsta platsen i Goetia-f\u00f6rteckningen. Under honom st\u00e5r sextiosex legioner. Enligt Pseudomonarchia Daemonum h\u00e4rskar han \u00f6ver den \u00f6stra delen av det helvetiska riket. Kungen st\u00e5r i Goetia-hierarkin \u00f6ver hertigarna, markgrevarna, grevarna, presidenterna och riddarna som f\u00f6ljer l\u00e4ngre fram.<\/p>\t\t\t\t\t\t\t\t<\/div>\n\t\t\t\t\t<\/div>\n\t\t\t\t<\/div>\n\t\t<div class=\"elementor-element elementor-element-jm2n74ec iwg-steckbrief-card e-flex e-con-boxed e-con e-child\" data-id=\"jm2n74ec\" data-element_type=\"container\" data-e-type=\"container\">\n\t\t\t\t\t<div class=\"e-con-inner\">\n\t\t\t\t<div class=\"elementor-element elementor-element-8vufse4c elementor-widget elementor-widget-heading\" data-id=\"8vufse4c\" data-element_type=\"widget\" data-e-type=\"widget\" data-widget_type=\"heading.default\">\n\t\t\t\t\t<div class=\"elementor-heading-title elementor-size-default\">Utseende<\/div>\t\t\t\t<\/div>\n\t\t\t\t<div class=\"elementor-element elementor-element-mwb9u015 elementor-widget elementor-widget-text-editor\" data-id=\"mwb9u015\" data-element_type=\"widget\" data-e-type=\"widget\" data-widget_type=\"text-editor.default\">\n\t\t\t\t\t\t\t\t\t<p><span data-nosnippet>Enligt Ars Goetia framtr\u00e4der Bael med tre huvuden, ett paddhuvud, ett m\u00e4nniskohuvud och ett katthuvud, buren av spindelben. Hans r\u00f6st beskrivs som r\u00e5 och str\u00e4v. Det finns \u00e4ven avbildningar med tv\u00e5 huvuden ist\u00e4llet f\u00f6r tre. Den avbildning som \u00e4r vanlig idag g\u00e5r tillbaka till Dictionnaire infernal fr\u00e5n 1863.<\/span><\/p>\t\t\t\t\t\t\t\t<\/div>\n\t\t\t\t\t<\/div>\n\t\t\t\t<\/div>\n\t\t\t\t<\/div>\n\t\t<div class=\"elementor-element elementor-element-pemmx7c2 e-con-full e-flex e-con e-child\" data-id=\"pemmx7c2\" data-element_type=\"container\" data-e-type=\"container\">\n\t\t<div class=\"elementor-element elementor-element-37ss2yr6 iwg-steckbrief-card e-flex e-con-boxed e-con e-child\" data-id=\"37ss2yr6\" data-element_type=\"container\" data-e-type=\"container\">\n\t\t\t\t\t<div class=\"e-con-inner\">\n\t\t\t\t<div class=\"elementor-element elementor-element-3v0wp3wx elementor-widget elementor-widget-heading\" data-id=\"3v0wp3wx\" data-element_type=\"widget\" data-e-type=\"widget\" data-widget_type=\"heading.default\">\n\t\t\t\t\t<div class=\"elementor-heading-title elementor-size-default\">Rituell \u00e5kallan<\/div>\t\t\t\t<\/div>\n\t\t\t\t<div class=\"elementor-element elementor-element-w3247g2m elementor-widget elementor-widget-text-editor\" data-id=\"w3247g2m\" data-element_type=\"widget\" data-e-type=\"widget\" data-widget_type=\"text-editor.default\">\n\t\t\t\t\t\t\t\t\t<p>I Goetias rituella sammanhang \u00e5kallas Bael med h\u00e4nsyn till astrologiska korrespondenser, vanligtvis med koppling till solen och elementet eld. <span class=\"iwg-fachbegriff\" data-tooltip=\"Det bedjande eller besv\u00e4rjande tilltalet av en gudom eller makt.\" tabindex=\"0\">\u00c5kallan<\/span> f\u00f6ljer f\u00f6reskrifterna i de salomoniska texterna. iWell Guard f\u00f6ljer den religionsvetenskapliga beskrivningen och avst\u00e5r fr\u00e5n att ge anvisningar f\u00f6r <span class=\"iwg-fachbegriff\" data-tooltip=\"En spr\u00e5klig ritual som avser att frammana eller binda en makt.\" tabindex=\"0\">besv\u00e4rjelse<\/span>.<\/p>\t\t\t\t\t\t\t\t<\/div>\n\t\t\t\t\t<\/div>\n\t\t\t\t<\/div>\n\t\t<div class=\"elementor-element elementor-element-0qpjal9w iwg-steckbrief-card e-flex e-con-boxed e-con e-child\" data-id=\"0qpjal9w\" data-element_type=\"container\" data-e-type=\"container\">\n\t\t\t\t\t<div class=\"e-con-inner\">\n\t\t\t\t<div class=\"elementor-element elementor-element-6ndoih0o elementor-widget elementor-widget-heading\" data-id=\"6ndoih0o\" data-element_type=\"widget\" data-e-type=\"widget\" data-widget_type=\"heading.default\">\n\t\t\t\t\t<div class=\"elementor-heading-title elementor-size-default\">Sigill och symboler<\/div>\t\t\t\t<\/div>\n\t\t\t\t<div class=\"elementor-element elementor-element-6684tyh9 elementor-widget elementor-widget-text-editor\" data-id=\"6684tyh9\" data-element_type=\"widget\" data-e-type=\"widget\" data-widget_type=\"text-editor.default\">\n\t\t\t\t\t\t\t\t\t<p><span data-nosnippet>Bael tillskrivs i Lemegeton ett sigill, en geometrisk teckning av linjer och cirklar, som \u00e5terges i moderna grimoire-utg\u00e5vor. Sigillet fungerar som ett fokus f\u00f6r <span class=\"iwg-fachbegriff\" data-tooltip=\"Det bedjande eller besv\u00e4rjande tilltalet av en gudom eller makt.\" tabindex=\"0\">\u00e5kallan<\/span> och utf\u00f6rdes traditionellt p\u00e5 pergament eller metall inom ceremoniell <span class=\"iwg-fachbegriff\" data-tooltip=\"Praktiker som genom s\u00e4rskilda handlingar eller formler avser att p\u00e5verka tingens g\u00e5ng.\" tabindex=\"0\">magi<\/span>. Aleister Crowleys utg\u00e5va fr\u00e5n 1904 f\u00f6rde \u00f6ver sigillet till en modern-ockult tolkning.<\/span><\/p>\t\t\t\t\t\t\t\t<\/div>\n\t\t\t\t\t<\/div>\n\t\t\t\t<\/div>\n\t\t<div class=\"elementor-element elementor-element-3lfi7x32 iwg-steckbrief-card e-flex e-con-boxed e-con e-child\" data-id=\"3lfi7x32\" data-element_type=\"container\" data-e-type=\"container\">\n\t\t\t\t\t<div class=\"e-con-inner\">\n\t\t\t\t<div class=\"elementor-element elementor-element-0kg99ga1 elementor-widget elementor-widget-heading\" data-id=\"0kg99ga1\" data-element_type=\"widget\" data-e-type=\"widget\" data-widget_type=\"heading.default\">\n\t\t\t\t\t<div class=\"elementor-heading-title elementor-size-default\">Besl\u00e4ktade andar<\/div>\t\t\t\t<\/div>\n\t\t\t\t<div class=\"elementor-element elementor-element-n0fum6kp elementor-widget elementor-widget-text-editor\" data-id=\"n0fum6kp\" data-element_type=\"widget\" data-e-type=\"widget\" data-widget_type=\"text-editor.default\">\n\t\t\t\t\t\t\t\t\t<p>Inom Lemegeton inleder Bael en rad kungar, dit h\u00f6r Paimon som den nionde <span class=\"iwg-fachbegriff\" data-tooltip=\"Ett kroppsl\u00f6st v\u00e4sen som tillskrivs verkan i v\u00e4rlden.\" tabindex=\"0\">anden<\/span>, Asmodai som den trettioandra <span class=\"iwg-fachbegriff\" data-tooltip=\"Ett kroppsl\u00f6st v\u00e4sen som tillskrivs verkan i v\u00e4rlden.\" tabindex=\"0\">anden<\/span> och Belial som den sextio\u00e5ttonde <span class=\"iwg-fachbegriff\" data-tooltip=\"Ett kroppsl\u00f6st v\u00e4sen som tillskrivs verkan i v\u00e4rlden.\" tabindex=\"0\">anden<\/span>. N\u00e4ra besl\u00e4ktad \u00e4r \u00e4ven Beelzebub, som liksom Bael g\u00e5r tillbaka till gudsnamnet Baal. Skillnaderna mellan kungarna \u00e4r obetydliga i originaltexten.<\/p>\t\t\t\t\t\t\t\t<\/div>\n\t\t\t\t\t<\/div>\n\t\t\t\t<\/div>\n\t\t\t\t<\/div>\n\t\t\t\t<\/div>\n\t\t\t\t\t<\/div>\n\t\t\t\t<\/div>\n\t\t<div class=\"elementor-element elementor-element-7533bc7a e-flex e-con-boxed e-con e-parent\" data-id=\"7533bc7a\" data-element_type=\"container\" data-e-type=\"container\">\n\t\t\t\t\t<div class=\"e-con-inner\">\n\t\t\t\t<div class=\"elementor-element elementor-element-2447d18d elementor-widget elementor-widget-heading\" data-id=\"2447d18d\" data-element_type=\"widget\" data-e-type=\"widget\" data-widget_type=\"heading.default\">\n\t\t\t\t\t<h2 class=\"elementor-heading-title elementor-size-default\">Mottagande och verkningshistoria<\/h2>\t\t\t\t<\/div>\n\t\t<div class=\"elementor-element elementor-element-d5d0260c e-con-full e-flex e-con e-child\" data-id=\"d5d0260c\" data-element_type=\"container\" data-e-type=\"container\">\n\t\t\t\t<div class=\"elementor-element elementor-element-341be2ac elementor-widget elementor-widget-text-editor\" data-id=\"341be2ac\" data-element_type=\"widget\" data-e-type=\"widget\" data-widget_type=\"text-editor.default\">\n\t\t\t\t\t\t\t\t\t<p>Viktigt f\u00f6r f\u00f6rst\u00e5elsen \u00e4r att Johann Weyer inte avs\u00e5g att skriva en besv\u00e4rjelsebok. Han var l\u00e4kare och elev till Heinrich Cornelius Agrippa von Nettesheim och hade ett upplysningsinriktat m\u00e5l: han ville visa hur absurda och mots\u00e4gelsefulla magikernas f\u00f6rest\u00e4llningar var, f\u00f6r att undergr\u00e4va grunden f\u00f6r h\u00e4xf\u00f6rf\u00f6ljelserna.<\/p><p>Att hans katalog senare l\u00e4stes som en praktisk handledning stod i strid med hans avsikt. Owen Davies har visat att denna f\u00f6rskjutning fr\u00e5n polemik till bruksanvisning \u00e4r typisk f\u00f6r s\u00e5dana texters verkningshistoria.<\/p><p><span data-nosnippet>Med \u00e5teruppt\u00e4ckten av grimoirerna genom den ockulta r\u00f6relsen p\u00e5 1800-talet \u00e5terv\u00e4nde Bael till den popul\u00e4ra f\u00f6rest\u00e4llningsv\u00e4rlden. En nyckelroll spelade Samuel Liddell MacGregor Mathers, som 1904 gav ut en engelsk utg\u00e5va av Lemegeton under titeln The Goetia, i vilken \u00e4ven Aleister Crowley medverkade.<\/span><\/p><p>Denna utg\u00e5va gjorde katalogen med de 72 andarna tillg\u00e4nglig f\u00f6r en bredare publik och blev grunden f\u00f6r n\u00e4stan alla senare h\u00e4nvisningar. Crowley tolkade andarna som aspekter av det egna medvetandet, en psykologiserande l\u00e4sning som skiljer sig grundligt fr\u00e5n den \u00e4ldre ceremoniella traditionen.<\/p><p>I fantasylitteratur, rollspel och datorspel dyker namnet upp i otaliga stavningsvarianter, ofta som Baal eller Bhaal.<\/p><p>H\u00e4rvid sammanblandas regelbundet tv\u00e5 skilda \u00f6verl\u00e4mningslinjer: den <span class=\"iwg-fachbegriff\" data-tooltip=\"Epok av grekisk och romersk kultur, ungef\u00e4r 800 f.Kr. till 600 e.Kr.\" tabindex=\"0\">antika<\/span> v\u00e4dergudden och grimoire-<span class=\"iwg-fachbegriff\" data-tooltip=\"Andligt v\u00e4sen som tillskrivs skadlig eller mots\u00e4gelsefull verkan.\" tabindex=\"0\">demonen<\/span>. Denna sammanblandning \u00e4r inget \u00f6verl\u00e4mningsfel utan en typisk process inom popul\u00e4rkulturell till\u00e4gnelse, d\u00e4r ett klangfullt namn l\u00f6sg\u00f6rs fr\u00e5n sina historiska betydelser. Redan John Miltons Paradise Lost introducerar Baal som en fallen <span class=\"iwg-fachbegriff\" data-tooltip=\"I de abrahamitiska religionerna ett himmelskt s\u00e4ndebud fr\u00e5n Gud.\" tabindex=\"0\">\u00e4ngel<\/span>, dock utan aspekten med de tre huvudena.<\/p>\t\t\t\t\t\t\t\t<\/div>\n\t\t\t\t<\/div>\n\t\t\t\t\t<\/div>\n\t\t\t\t<\/div>\n\t\t<div class=\"elementor-element elementor-element-5a584676 e-flex e-con-boxed e-con e-parent\" data-id=\"5a584676\" data-element_type=\"container\" data-e-type=\"container\">\n\t\t\t\t\t<div class=\"e-con-inner\">\n\t\t\t\t<div class=\"elementor-element elementor-element-6d0757bf elementor-widget elementor-widget-heading\" data-id=\"6d0757bf\" data-element_type=\"widget\" data-e-type=\"widget\" data-widget_type=\"heading.default\">\n\t\t\t\t\t<h2 class=\"elementor-heading-title elementor-size-default\">Bael, paralleller i andra kulturer<\/h2>\t\t\t\t<\/div>\n\t\t<div class=\"elementor-element elementor-element-60563f68 e-con-full e-flex e-con e-child\" data-id=\"60563f68\" data-element_type=\"container\" data-e-type=\"container\">\n\t\t\t\t<div class=\"elementor-element elementor-element-5a93fdd6 elementor-widget elementor-widget-text-editor\" data-id=\"5a93fdd6\" data-element_type=\"widget\" data-e-type=\"widget\" data-widget_type=\"text-editor.default\">\n\t\t\t\t\t\t\t\t\t<p>Inom den j\u00e4mf\u00f6rande <span class=\"iwg-fachbegriff\" data-tooltip=\"Vetenskapen som utforskar religioner j\u00e4mf\u00f6rande och utan trosbundenhet.\" tabindex=\"0\">religionsvetenskapen<\/span> j\u00e4mf\u00f6rs Bael med storm- och kungsgudomar fr\u00e5n besl\u00e4ktade kulturer, till exempel den mesopotamiska Adad, den hettitiska Tarhuns eller den ugaritiska Baal-Hadad. Dessa j\u00e4mf\u00f6relser syftar inte p\u00e5 historisk filiation utan p\u00e5 typologisk sl\u00e4ktskap. Den religionshistoriska linjen \u00e4r h\u00e4r tydligare \u00e4n hos andra Goetia-andar, eftersom namnet sj\u00e4lvt uppr\u00e4ttar f\u00f6rbindelsen till den v\u00e4stsemitiska <span class=\"iwg-fachbegriff\" data-tooltip=\"Samtliga gudar inom en religion eller kultur.\" tabindex=\"0\">pantheonen<\/span>.<\/p><p>Goetias Bael \u00e4r ett exempel p\u00e5 hur kristendomen omv\u00e4rderade antika gudar, en process som <span class=\"iwg-fachbegriff\" data-tooltip=\"Vetenskapen som utforskar religioner j\u00e4mf\u00f6rande och utan trosbundenhet.\" tabindex=\"0\">religionsvetenskapen<\/span> kallar interpretatio diabolica. Kyrkofadern Augustinus formulerade principen att hedningarnas gudar var demoner.<\/p><p>P\u00e5 detta s\u00e4tt vandrade den forna h\u00f6gguden in i den kristna demonologin. Den som vill studera Bael b\u00f6r d\u00e4rf\u00f6r skilja p\u00e5 skikten: den kanaaneiska v\u00e4dergudden, den bibliska polemiken och den tidigmoderna helvetesfursten.<\/p>\t\t\t\t\t\t\t\t<\/div>\n\t\t\t\t<\/div>\n\t\t\t\t\t<\/div>\n\t\t\t\t<\/div>\n\t\t<div class=\"elementor-element elementor-element-36dd7469 e-flex e-con-boxed e-con e-parent\" data-id=\"36dd7469\" data-element_type=\"container\" data-e-type=\"container\">\n\t\t\t\t\t<div class=\"e-con-inner\">\n\t\t\t\t<div class=\"elementor-element elementor-element-13760ab4 elementor-widget elementor-widget-heading\" data-id=\"13760ab4\" data-element_type=\"widget\" data-e-type=\"widget\" data-widget_type=\"heading.default\">\n\t\t\t\t\t<h2 class=\"elementor-heading-title elementor-size-default\">Vidare l\u00e4nkar<\/h2>\t\t\t\t<\/div>\n\t\t<div class=\"elementor-element elementor-element-28c87796 e-con-full e-flex e-con e-child\" data-id=\"28c87796\" data-element_type=\"container\" data-e-type=\"container\">\n\t\t\t\t<div class=\"elementor-element elementor-element-5d6538df elementor-widget elementor-widget-text-editor\" data-id=\"5d6538df\" data-element_type=\"widget\" data-e-type=\"widget\" data-widget_type=\"text-editor.default\">\n\t\t\t\t\t\t\t\t\t<ul><li><a href=\"https:\/\/iwell-guard.com\/sv\/demoner\/\">Demoner<\/a>: \u00f6versikt \u00f6ver demonerna<\/li><li><a href=\"https:\/\/iwell-guard.com\/sv\/goetia\/\">Goetia<\/a>: traditionen kring Ars Goetia<\/li><li><a href=\"https:\/\/iwell-guard.com\/sv\/kristendomen\/\">Kristendomen<\/a>: kulturell inramning<\/li><li><a href=\"https:\/\/iwell-guard.com\/sv\/asmodai\/\">Asmodai<\/a>: ytterligare en kung i Goetia<\/li><li><a href=\"https:\/\/iwell-guard.com\/sv\/lucifer\/\">Lucifer<\/a>: central gestalt i den kristna demonologin<\/li><\/ul>\t\t\t\t\t\t\t\t<\/div>\n\t\t\t\t<\/div>\n\t\t\t\t\t<\/div>\n\t\t\t\t<\/div>\n\t\t<div class=\"elementor-element elementor-element-grl4kl40 e-flex e-con-boxed e-con e-parent\" data-id=\"grl4kl40\" data-element_type=\"container\" data-e-type=\"container\">\n\t\t\t\t\t<div class=\"e-con-inner\">\n\t\t\t\t<div class=\"elementor-element elementor-element-bzsbfrmh elementor-widget elementor-widget-heading\" data-id=\"bzsbfrmh\" data-element_type=\"widget\" data-e-type=\"widget\" data-widget_type=\"heading.default\">\n\t\t\t\t\t<h2 class=\"elementor-heading-title elementor-size-default\">Litteratur (urval)<\/h2>\t\t\t\t<\/div>\n\t\t<div class=\"elementor-element elementor-element-2c13224a e-con-full e-flex e-con e-child\" data-id=\"2c13224a\" data-element_type=\"container\" data-e-type=\"container\">\n\t\t\t\t<div class=\"elementor-element elementor-element-0eymh9ub elementor-widget elementor-widget-text-editor\" data-id=\"0eymh9ub\" data-element_type=\"widget\" data-e-type=\"widget\" data-widget_type=\"text-editor.default\">\n\t\t\t\t\t\t\t\t\t<footer class=\"iwg-literatur\"><ul><li><span data-nosnippet>Joseph H. Peterson (Hg.): The Lesser Key of Solomon, Weiser 2001.<\/span><\/li><li><span data-nosnippet>Mark S. Smith: The Early History of God. Yahweh and the Other Deities in Ancient Israel, Eerdmans 2002.<\/span><\/li><li><span data-nosnippet>Wolfgang Behringer: Hexen. Glaube, Verfolgung, Vermarktung, M\u00fcnchen 2005.<\/span><\/li><li><span data-nosnippet>Henk Vreekamp: The Land of Baal, Eerdmans 2014.<\/span><\/li><\/ul><\/footer>\t\t\t\t\t\t\t\t<\/div>\n\t\t\t\t<\/div>\n\t\t\t\t\t<\/div>\n\t\t\t\t<\/div>\n\t\t<div class=\"elementor-element elementor-element-iwgca-bael-sec e-flex e-con-boxed e-con e-parent\" data-id=\"iwgca-bael-sec\" data-element_type=\"container\" data-e-type=\"container\" id=\"iwg-ca-bael\">\n\t\t\t\t\t<div class=\"e-con-inner\">\n\t\t\t\t<div class=\"elementor-element elementor-element-iwgca-bael-te iwg-ca-textwrap elementor-widget elementor-widget-text-editor\" data-id=\"iwgca-bael-te\" data-element_type=\"widget\" data-e-type=\"widget\" data-widget_type=\"text-editor.default\">\n\t\t\t\t\t\t\t\t\t<div data-nosnippet=\"true\"><p class=\"iwg-ca-bridge\">Den skyddspraktik som beskrivs h\u00e4r \u00e4r en vetenskaplig tolkning av historiska traditioner. iWell Guard ansluter till denna kulturhistoriska linje av b\u00e4rbara skyddsobjekt och utg\u00f6r en samtida form av den. <a href=\"\/ueber-iwell-guard\/?utm_source=iwell-guard.com&#038;utm_medium=text-link&#038;utm_campaign=schadwesen-tradition\">Mer om iWell Guard \u2192<\/a><\/p><\/div>\t\t\t\t\t\t\t\t<\/div>\n\t\t\t\t\t<\/div>\n\t\t\t\t<\/div>\n\t\t\t\t<section class=\"elementor-section elementor-top-section elementor-element elementor-element-wv-bael-faq elementor-section-boxed elementor-section-height-default elementor-section-height-default\" data-id=\"wv-bael-faq\" data-element_type=\"section\" data-e-type=\"section\">\n\t\t\t\t\t\t<div class=\"elementor-container elementor-column-gap-default\">\n\t\t\t\t\t<div class=\"elementor-column elementor-col-100 elementor-top-column elementor-element elementor-element-wv-bael-faq-col\" data-id=\"wv-bael-faq-col\" data-element_type=\"column\" data-e-type=\"column\">\n\t\t\t<div class=\"elementor-widget-wrap elementor-element-populated\">\n\t\t\t\t\t\t<div class=\"elementor-element elementor-element-wv-bael-h elementor-widget elementor-widget-heading\" data-id=\"wv-bael-h\" data-element_type=\"widget\" data-e-type=\"widget\" data-widget_type=\"heading.default\">\n\t\t\t\t\t<h2 class=\"elementor-heading-title elementor-size-default\">Vanliga fr\u00e5gor om Bael<\/h2>\t\t\t\t<\/div>\n\t\t\t\t<div class=\"elementor-element elementor-element-wv-bael-t elementor-widget elementor-widget-text-editor\" data-id=\"wv-bael-t\" data-element_type=\"widget\" data-e-type=\"widget\" data-widget_type=\"text-editor.default\">\n\t\t\t\t\t\t\t\t\t\n<details class=\"iwg-faq-item\">\n  <summary><strong>Vem \u00e4r Bael?<\/strong><\/summary>\n  <p>Bael \u00e4r den f\u00f6rste av de sjuttiotv\u00e5 andarna i Ars Goetia, den f\u00f6rsta boken i Lemegeton. I den demoniska hierarkin st\u00e5r han som kung i toppen av f\u00f6rteckningen och bef\u00e4ller sextiosex legioner. Hans namn h\u00e4nvisar till den semitiska guden Baal, en forna h\u00f6gguden i det syrisk-kanaaneiska omr\u00e5det. Denne f\u00f6rflyttades av den kristna demonologin till registret \u00f6ver fallna andar.<\/p>\n<\/details>\n\n<details class=\"iwg-faq-item\">\n  <summary><strong>Var kommer namnet Bael ifr\u00e5n?<\/strong><\/summary>\n  <p>Namnet Bael \u00e4r en stavningsvariant av det v\u00e4stsemitiska ordet ba\u02bfal, som helt enkelt betyder herre eller \u00e4gare. I det v\u00e4stsemitiska omr\u00e5det var Ba\u02bfal inget egennamn utan en titel som tillkom flera olika lokala gudomar, till exempel den ugaritiska v\u00e4dergudens eller Ba\u02bfal av Tyros. Bakom stavningsvarianterna d\u00f6ljer sig flera separata traditionssp\u00e5r. Till dessa h\u00f6r den antika v\u00e4dergudsgestalten, den bibliska polemiken och den tidigmoderna helvetesfursten.<\/p>\n<\/details>\n\n<details class=\"iwg-faq-item\">\n  <summary><strong>Hur beskrivs Bael i k\u00e4llorna?<\/strong><\/summary>\n  <p>Enligt Ars Goetia framtr\u00e4der Bael med tre huvuden, i en variant med ett paddhuvud, ett m\u00e4nniskohuvud och ett katthuvud, buren av spindelben. Dessutom finns avbildningar med tv\u00e5 djurhuvuden ist\u00e4llet f\u00f6r tre. Lemegeton-texten talar om en r\u00e5, hes r\u00f6st. Texterna tillskriver honom f\u00f6rm\u00e5gan att ge besv\u00e4rjaren osynlighet. Den ikonografi som \u00e4r vanlig idag pr\u00e4glades av Collin de Plancy i den illustrerade utg\u00e5van av Dictionnaire infernal fr\u00e5n 1863.<\/p>\n<\/details>\n\n<details class=\"iwg-faq-item\">\n  <summary><strong>Vilka k\u00e4llor ber\u00e4ttar om Bael?<\/strong><\/summary>\n  <p>De centrala texterna \u00e4r Pseudomonarchia Daemonum av Johann Weyer fr\u00e5n 1577, Ars Goetia som f\u00f6rsta bok i Lemegeton och Dictionnaire infernal av Collin de Plancy. Weyer \u00f6vertog en \u00e4ldre lista och omarbetade den, men hans verk hade ett upplysningssyfte och var inte en handledning f\u00f6r besv\u00e4rjelser. Genom den engelska Goetia-utg\u00e5van fr\u00e5n 1904, som Samuel Liddell MacGregor Mathers och Aleister Crowley medverkade i, n\u00e5dde gestalten en internationell publik.<\/p>\n<\/details>\n\t\t\t\t\t\t\t\t<\/div>\n\t\t\t\t<div class=\"elementor-element elementor-element-wv-bael-s elementor-widget elementor-widget-html\" data-id=\"wv-bael-s\" data-element_type=\"widget\" data-e-type=\"widget\" data-widget_type=\"html.default\">\n\t\t\t\t\t<script type=\"application\/ld+json\">{\"@context\": \"https:\/\/schema.org\", \"@type\": \"FAQPage\", \"mainEntity\": [{\"@type\": \"Question\", \"name\": \"Vem \u00e4r Bael?\", \"acceptedAnswer\": {\"@type\": \"Answer\", \"text\": \"Bael \u00e4r den f\u00f6rste av de sjuttiotv\u00e5 andarna i Ars Goetia, den f\u00f6rsta boken i Lemegeton. I den demoniska hierarkin st\u00e5r han som kung i toppen av f\u00f6rteckningen och bef\u00e4ller sextiosex legioner. Hans namn h\u00e4nvisar till den semitiska guden Baal, en forna h\u00f6gguden i det syrisk-kanaaneiska omr\u00e5det, som genom den kristna demonologin f\u00f6rflyttades till registret \u00f6ver fallna andar.\"}}, {\"@type\": \"Question\", \"name\": \"Var kommer namnet Bael ifr\u00e5n?\", \"acceptedAnswer\": {\"@type\": \"Answer\", \"text\": \"Namnet Bael \u00e4r en stavningsvariant av det v\u00e4stsemitiska ordet ba\u02bfal, som helt enkelt betyder herre eller \u00e4gare. I det v\u00e4stsemitiska omr\u00e5det var Ba\u02bfal inget egennamn utan en titel som tillkom flera olika lokala gudomar, till exempel den ugaritiska v\u00e4dergudens eller Ba\u02bfal av Tyros. Bakom stavningsvarianterna d\u00f6ljer sig flera separata traditionssp\u00e5r: den antika v\u00e4dergudsgestalten, den bibliska polemiken och den tidigmoderna helvetesfursten.\"}}, {\"@type\": \"Question\", \"name\": \"Hur beskrivs Bael i k\u00e4llorna?\", \"acceptedAnswer\": {\"@type\": \"Answer\", \"text\": \"Enligt Ars Goetia framtr\u00e4der Bael med tre huvuden, i en variant med ett paddhuvud, ett m\u00e4nniskohuvud och ett katthuvud, buren av spindelben. Dessutom finns avbildningar med tv\u00e5 djurhuvuden ist\u00e4llet f\u00f6r tre, och Lemegeton-texten talar om en r\u00e5, hes r\u00f6st. Texterna tillskriver honom f\u00f6rm\u00e5gan att ge besv\u00e4rjaren osynlighet. Den ikonografi som \u00e4r vanlig idag pr\u00e4glades av Collin de Plancy i den illustrerade utg\u00e5van av Dictionnaire infernal fr\u00e5n 1863.\"}}, {\"@type\": \"Question\", \"name\": \"Vilka k\u00e4llor ber\u00e4ttar om Bael?\", \"acceptedAnswer\": {\"@type\": \"Answer\", \"text\": \"De centrala texterna \u00e4r Pseudomonarchia Daemonum av Johann Weyer fr\u00e5n 1577, Ars Goetia som f\u00f6rsta bok i Lemegeton och Dictionnaire infernal av Collin de Plancy. Weyer \u00f6vertog en \u00e4ldre lista och omarbetade den, men hans verk hade ett upplysningssyfte och var inte en handledning f\u00f6r besv\u00e4rjelser. Genom den engelska Goetia-utg\u00e5van fr\u00e5n 1904, som Samuel Liddell MacGregor Mathers och Aleister Crowley medverkade i, n\u00e5dde gestalten en internationell publik.\"}}]}<\/script>\t\t\t\t<\/div>\n\t\t\t\t\t<\/div>\n\t\t<\/div>\n\t\t\t\t\t<\/div>\n\t\t<\/section>\n\t\t\t\t<\/div>\n\t\t","protected":false},"excerpt":{"rendered":"","protected":false},"author":3,"featured_media":2427,"parent":0,"menu_order":0,"comment_status":"closed","ping_status":"closed","template":"elementor_header_footer","meta":{"_yoast_wpseo_focuskw":"Bael","_yoast_wpseo_title":"Bael, f\u00f6rste kung av de 72 goetia-andarna | iWell Guard","_yoast_wpseo_metadesc":"Bael i goetian: fenicisk bakgrund, ikonografi med tre huvuden, lemegeton-tradition och receptionshistoria.","_yoast_wpseo_meta-robots-noindex":"","_yoast_wpseo_canonical":"","_angie_page":false,"gefaehrdungsstufe":"4","wesen_kultur":"christentum","wesen_klasse":"daemonen","footnotes":""},"categories":[],"class_list":["post-136785","page","type-page","status-publish","has-post-thumbnail","hentry"],"yoast_head":"<!-- This site is optimized with the Yoast SEO Premium plugin v27.7 (Yoast SEO v28.3) - https:\/\/yoast.com\/product\/yoast-seo-premium-wordpress\/ -->\n<title>Bael, f\u00f6rste kung av de 72 goetia-andarna | iWell Guard<\/title>\n<meta name=\"description\" content=\"Bael i goetian: fenicisk bakgrund, ikonografi med tre huvuden, lemegeton-tradition och receptionshistoria.\" \/>\n<meta name=\"robots\" content=\"index, follow, max-snippet:-1, max-image-preview:large, max-video-preview:-1\" \/>\n<link rel=\"canonical\" href=\"https:\/\/iwell-guard.com\/sv\/bael\/\" \/>\n<meta property=\"og:locale\" content=\"sv_SE\" \/>\n<meta property=\"og:type\" content=\"article\" \/>\n<meta property=\"og:title\" content=\"Bael\" \/>\n<meta property=\"og:description\" content=\"Bael i goetian: fenicisk bakgrund, ikonografi med tre huvuden, lemegeton-tradition och receptionshistoria.\" \/>\n<meta property=\"og:url\" content=\"https:\/\/iwell-guard.com\/sv\/bael\/\" \/>\n<meta property=\"og:site_name\" content=\"iWell Guard\" \/>\n<meta property=\"article:modified_time\" content=\"2026-09-03T01:11:55+00:00\" \/>\n<meta property=\"og:image\" content=\"https:\/\/iwell-guard.com\/wp-content\/uploads\/2026\/05\/daemonen_christentum_bael.webp\" \/>\n\t<meta property=\"og:image:width\" content=\"1024\" \/>\n\t<meta property=\"og:image:height\" content=\"1536\" \/>\n\t<meta property=\"og:image:type\" content=\"image\/webp\" \/>\n<meta name=\"twitter:card\" content=\"summary_large_image\" \/>\n<script type=\"application\/ld+json\" class=\"yoast-schema-graph\">{\"@context\":\"https:\\\/\\\/schema.org\",\"@graph\":[{\"@type\":\"WebPage\",\"@id\":\"https:\\\/\\\/iwell-guard.com\\\/sv\\\/bael\\\/\",\"url\":\"https:\\\/\\\/iwell-guard.com\\\/sv\\\/bael\\\/\",\"name\":\"Bael, f\u00f6rste kung av de 72 goetia-andarna | iWell Guard\",\"isPartOf\":{\"@id\":\"https:\\\/\\\/iwell-guard.com\\\/sv\\\/#website\"},\"primaryImageOfPage\":{\"@id\":\"https:\\\/\\\/iwell-guard.com\\\/sv\\\/bael\\\/#primaryimage\"},\"image\":{\"@id\":\"https:\\\/\\\/iwell-guard.com\\\/sv\\\/bael\\\/#primaryimage\"},\"thumbnailUrl\":\"https:\\\/\\\/iwell-guard.com\\\/wp-content\\\/uploads\\\/2026\\\/05\\\/daemonen_christentum_bael.webp\",\"datePublished\":\"2026-09-03T00:10:01+00:00\",\"dateModified\":\"2026-09-03T01:11:55+00:00\",\"description\":\"Bael i goetian: fenicisk bakgrund, ikonografi med tre huvuden, lemegeton-tradition och receptionshistoria.\",\"breadcrumb\":{\"@id\":\"https:\\\/\\\/iwell-guard.com\\\/sv\\\/bael\\\/#breadcrumb\"},\"inLanguage\":\"sv-SE\",\"potentialAction\":[{\"@type\":\"ReadAction\",\"target\":[\"https:\\\/\\\/iwell-guard.com\\\/sv\\\/bael\\\/\"]}]},{\"@type\":\"ImageObject\",\"inLanguage\":\"sv-SE\",\"@id\":\"https:\\\/\\\/iwell-guard.com\\\/sv\\\/bael\\\/#primaryimage\",\"url\":\"https:\\\/\\\/iwell-guard.com\\\/wp-content\\\/uploads\\\/2026\\\/05\\\/daemonen_christentum_bael.webp\",\"contentUrl\":\"https:\\\/\\\/iwell-guard.com\\\/wp-content\\\/uploads\\\/2026\\\/05\\\/daemonen_christentum_bael.webp\",\"width\":1024,\"height\":1536,\"caption\":\"Bael, demon i den kristet-ockulta goetia-traditionen\"},{\"@type\":\"BreadcrumbList\",\"@id\":\"https:\\\/\\\/iwell-guard.com\\\/sv\\\/bael\\\/#breadcrumb\",\"itemListElement\":[{\"@type\":\"ListItem\",\"position\":1,\"name\":\"Start\",\"item\":\"https:\\\/\\\/iwell-guard.com\\\/sv\\\/?page_id=136483\"},{\"@type\":\"ListItem\",\"position\":2,\"name\":\"Bael\"}]},{\"@type\":\"WebSite\",\"@id\":\"https:\\\/\\\/iwell-guard.com\\\/sv\\\/#website\",\"url\":\"https:\\\/\\\/iwell-guard.com\\\/sv\\\/\",\"name\":\"iWell Guard\",\"description\":\"Schutz vor dunklen Einfl\u00fcssen\",\"publisher\":{\"@id\":\"https:\\\/\\\/iwell-guard.com\\\/sv\\\/#organization\"},\"potentialAction\":[{\"@type\":\"SearchAction\",\"target\":{\"@type\":\"EntryPoint\",\"urlTemplate\":\"https:\\\/\\\/iwell-guard.com\\\/sv\\\/?s={search_term_string}\"},\"query-input\":{\"@type\":\"PropertyValueSpecification\",\"valueRequired\":true,\"valueName\":\"search_term_string\"}}],\"inLanguage\":\"sv-SE\"},{\"@type\":\"Organization\",\"@id\":\"https:\\\/\\\/iwell-guard.com\\\/sv\\\/#organization\",\"name\":\"Ittermann electronic GmbH\",\"url\":\"https:\\\/\\\/iwell-guard.com\\\/sv\\\/\",\"logo\":{\"@type\":\"ImageObject\",\"inLanguage\":\"sv-SE\",\"@id\":\"https:\\\/\\\/iwell-guard.com\\\/sv\\\/#\\\/schema\\\/logo\\\/image\\\/\",\"url\":\"https:\\\/\\\/iwell-guard.com\\\/wp-content\\\/uploads\\\/2026\\\/05\\\/Ittermann-Logo-1182x237-1.png\",\"contentUrl\":\"https:\\\/\\\/iwell-guard.com\\\/wp-content\\\/uploads\\\/2026\\\/05\\\/Ittermann-Logo-1182x237-1.png\",\"width\":1182,\"height\":237,\"caption\":\"Ittermann electronic GmbH\"},\"image\":{\"@id\":\"https:\\\/\\\/iwell-guard.com\\\/sv\\\/#\\\/schema\\\/logo\\\/image\\\/\"},\"sameAs\":[\"https:\\\/\\\/pantip.com\\\/profile\\\/9367242\",\"https:\\\/\\\/micro.blog\\\/iwellguard\",\"https:\\\/\\\/www.diggerslist.com\\\/iwellguard\\\/about\",\"https:\\\/\\\/skitterphoto.com\\\/photographers\\\/2870314\\\/iwell-guard\",\"https:\\\/\\\/iwellguard.wordpress.com\\\/2026\\\/06\\\/06\\\/iwell-guard\\\/\",\"https:\\\/\\\/hub.docker.com\\\/u\\\/iwellguard\",\"https:\\\/\\\/www.pinterest.com\\\/iwellguard\\\/\",\"https:\\\/\\\/bit.ly\\\/m\\\/iwellguard\",\"https:\\\/\\\/entre-vos-mains.alsace.eu\\\/profiles\\\/iwellguard\\\/activity\",\"https:\\\/\\\/gravatar.com\\\/reallybeded8fd34\",\"https:\\\/\\\/naijamatta.com\\\/iwellguard\",\"https:\\\/\\\/www.goodreads.com\\\/iwellguard\",\"https:\\\/\\\/profile.hatena.ne.jp\\\/iwellguard\\\/\",\"https:\\\/\\\/experiment.com\\\/users\\\/iwellguard\",\"https:\\\/\\\/wakelet.com\\\/@iWellGuard82270\",\"https:\\\/\\\/www.chordie.com\\\/forum\\\/profile.php?id=2555664\",\"https:\\\/\\\/www.instapaper.com\\\/p\\\/17757966\",\"https:\\\/\\\/www.mapleprimes.com\\\/users\\\/iwellguard\",\"https:\\\/\\\/businesslistingplus.com\\\/profile\\\/iwell-guard\\\/\",\"https:\\\/\\\/telegra.ph\\\/iWell-Guard-06-06\",\"https:\\\/\\\/pbase.com\\\/iwellguard\\\/iwellguard\",\"https:\\\/\\\/b.hatena.ne.jp\\\/iwellguard\\\/20260607#bookmark-4788405196491818882\",\"https:\\\/\\\/fliphtml5.com\\\/home\\\/iwellguard\",\"https:\\\/\\\/anyflip.com\\\/homepage\\\/cmiwl#About\",\"https:\\\/\\\/transfur.com\\\/Users\\\/iwellguard\",\"http:\\\/\\\/delphi.larsbo.org\\\/user\\\/iwellguard\",\"https:\\\/\\\/jobs.lajobsportal.org\\\/profiles\\\/8380803-iwell-guard\",\"https:\\\/\\\/md.chaosdorf.de\\\/s\\\/jfbe5SBdJD\",\"https:\\\/\\\/www.lingvolive.com\\\/en-us\\\/profile\\\/9ecaeaca-ce11-4e51-9e71-01d55e2bff36\\\/translations\",\"https:\\\/\\\/www.fitday.com\\\/fitness\\\/forums\\\/members\\\/iwellguard.html\",\"https:\\\/\\\/www.mymeetbook.com\\\/iwellguard\",\"https:\\\/\\\/pxhere.com\\\/en\\\/photographer-me\\\/5040798\",\"https:\\\/\\\/disqus.com\\\/by\\\/iwellguard\\\/about\\\/\",\"https:\\\/\\\/pastelink.net\\\/hjwciqwq\",\"https:\\\/\\\/pubhtml5.com\\\/homepage\\\/scjhn\\\/\",\"https:\\\/\\\/www.bitchute.com\\\/channel\\\/2O2eOKzNqujT\",\"https:\\\/\\\/audiomack.com\\\/iwellguard\"]},{\"@type\":\"Article\",\"@id\":\"https:\\\/\\\/iwell-guard.com\\\/sv\\\/bael\\\/#article\",\"isPartOf\":{\"@id\":\"https:\\\/\\\/iwell-guard.com\\\/sv\\\/bael\\\/\"},\"author\":{\"name\":\"Ralf Ittermann\",\"@id\":\"https:\\\/\\\/iwell-guard.com\\\/sv\\\/#\\\/schema\\\/person\\\/ee2a27f1cac3406c7c6fb5820cb7349f\"},\"headline\":\"Bael\",\"datePublished\":\"2026-09-03T00:10:01+00:00\",\"dateModified\":\"2026-09-03T01:11:55+00:00\",\"mainEntityOfPage\":{\"@id\":\"https:\\\/\\\/iwell-guard.com\\\/sv\\\/bael\\\/\"},\"publisher\":{\"@id\":\"https:\\\/\\\/iwell-guard.com\\\/sv\\\/#organization\"},\"image\":{\"@id\":\"https:\\\/\\\/iwell-guard.com\\\/sv\\\/bael\\\/#primaryimage\"},\"thumbnailUrl\":\"https:\\\/\\\/iwell-guard.com\\\/wp-content\\\/uploads\\\/2026\\\/05\\\/daemonen_christentum_bael.webp\",\"inLanguage\":\"sv-SE\",\"description\":\"Bael i goetian: fenicisk bakgrund, ikonografi med tre huvuden, lemegeton-tradition och receptionshistoria.\"}]}<\/script>\n<!-- \/ Yoast SEO Premium plugin. -->","yoast_head_json":{"title":"Bael, f\u00f6rste kung av de 72 goetia-andarna | iWell Guard","description":"Bael i goetian: fenicisk bakgrund, ikonografi med tre huvuden, lemegeton-tradition och receptionshistoria.","robots":{"index":"index","follow":"follow","max-snippet":"max-snippet:-1","max-image-preview":"max-image-preview:large","max-video-preview":"max-video-preview:-1"},"canonical":"https:\/\/iwell-guard.com\/sv\/bael\/","og_locale":"sv_SE","og_type":"article","og_title":"Bael","og_description":"Bael i goetian: fenicisk bakgrund, ikonografi med tre huvuden, lemegeton-tradition och receptionshistoria.","og_url":"https:\/\/iwell-guard.com\/sv\/bael\/","og_site_name":"iWell Guard","article_modified_time":"2026-09-03T01:11:55+00:00","og_image":[{"width":1024,"height":1536,"url":"https:\/\/iwell-guard.com\/wp-content\/uploads\/2026\/05\/daemonen_christentum_bael.webp","type":"image\/webp"}],"twitter_card":"summary_large_image","schema":{"@context":"https:\/\/schema.org","@graph":[{"@type":"Article","@id":"https:\/\/iwell-guard.com\/sv\/bael\/#article","isPartOf":{"@id":"https:\/\/iwell-guard.com\/sv\/bael\/"},"author":{"name":"Ralf Ittermann","@id":"https:\/\/iwell-guard.com\/sv\/#\/schema\/person\/ee2a27f1cac3406c7c6fb5820cb7349f"},"headline":"Bael","datePublished":"2026-09-03T00:10:01+00:00","dateModified":"2026-09-03T01:11:55+00:00","mainEntityOfPage":{"@id":"https:\/\/iwell-guard.com\/sv\/bael\/"},"publisher":{"@id":"https:\/\/iwell-guard.com\/sv\/#organization"},"image":{"@id":"https:\/\/iwell-guard.com\/sv\/bael\/#primaryimage"},"thumbnailUrl":"https:\/\/iwell-guard.com\/wp-content\/uploads\/2026\/05\/daemonen_christentum_bael.webp","inLanguage":"sv-SE","description":"Bael i goetian: fenicisk bakgrund, ikonografi med tre huvuden, lemegeton-tradition och receptionshistoria."},{"@type":"WebPage","@id":"https:\/\/iwell-guard.com\/sv\/bael\/","url":"https:\/\/iwell-guard.com\/sv\/bael\/","name":"Bael, f\u00f6rste kung av de 72 goetia-andarna | iWell Guard","isPartOf":{"@id":"https:\/\/iwell-guard.com\/sv\/#website"},"primaryImageOfPage":{"@id":"https:\/\/iwell-guard.com\/sv\/bael\/#primaryimage"},"image":{"@id":"https:\/\/iwell-guard.com\/sv\/bael\/#primaryimage"},"thumbnailUrl":"https:\/\/iwell-guard.com\/wp-content\/uploads\/2026\/05\/daemonen_christentum_bael.webp","datePublished":"2026-09-03T00:10:01+00:00","dateModified":"2026-09-03T01:11:55+00:00","description":"Bael i goetian: fenicisk bakgrund, ikonografi med tre huvuden, lemegeton-tradition och receptionshistoria.","breadcrumb":{"@id":"https:\/\/iwell-guard.com\/sv\/bael\/#breadcrumb"},"inLanguage":"sv-SE","potentialAction":[{"@type":"ReadAction","target":["https:\/\/iwell-guard.com\/sv\/bael\/"]}]},{"@type":"ImageObject","inLanguage":"sv-SE","@id":"https:\/\/iwell-guard.com\/sv\/bael\/#primaryimage","url":"https:\/\/iwell-guard.com\/wp-content\/uploads\/2026\/05\/daemonen_christentum_bael.webp","contentUrl":"https:\/\/iwell-guard.com\/wp-content\/uploads\/2026\/05\/daemonen_christentum_bael.webp","width":1024,"height":1536,"caption":"Bael, demon i den kristet-ockulta goetia-traditionen"},{"@type":"BreadcrumbList","@id":"https:\/\/iwell-guard.com\/sv\/bael\/#breadcrumb","itemListElement":[{"@type":"ListItem","position":1,"name":"Start","item":"https:\/\/iwell-guard.com\/sv\/?page_id=136483"},{"@type":"ListItem","position":2,"name":"Bael"}]},{"@type":"WebSite","@id":"https:\/\/iwell-guard.com\/sv\/#website","url":"https:\/\/iwell-guard.com\/sv\/","name":"iWell Guard","description":"Schutz vor dunklen Einfl\u00fcssen","publisher":{"@id":"https:\/\/iwell-guard.com\/sv\/#organization"},"potentialAction":[{"@type":"SearchAction","target":{"@type":"EntryPoint","urlTemplate":"https:\/\/iwell-guard.com\/sv\/?s={search_term_string}"},"query-input":{"@type":"PropertyValueSpecification","valueRequired":true,"valueName":"search_term_string"}}],"inLanguage":"sv-SE"},{"@type":"Organization","@id":"https:\/\/iwell-guard.com\/sv\/#organization","name":"Ittermann electronic GmbH","url":"https:\/\/iwell-guard.com\/sv\/","logo":{"@type":"ImageObject","inLanguage":"sv-SE","@id":"https:\/\/iwell-guard.com\/sv\/#\/schema\/logo\/image\/","url":"https:\/\/iwell-guard.com\/wp-content\/uploads\/2026\/05\/Ittermann-Logo-1182x237-1.png","contentUrl":"https:\/\/iwell-guard.com\/wp-content\/uploads\/2026\/05\/Ittermann-Logo-1182x237-1.png","width":1182,"height":237,"caption":"Ittermann electronic GmbH"},"image":{"@id":"https:\/\/iwell-guard.com\/sv\/#\/schema\/logo\/image\/"},"sameAs":["https:\/\/pantip.com\/profile\/9367242","https:\/\/micro.blog\/iwellguard","https:\/\/www.diggerslist.com\/iwellguard\/about","https:\/\/skitterphoto.com\/photographers\/2870314\/iwell-guard","https:\/\/iwellguard.wordpress.com\/2026\/06\/06\/iwell-guard\/","https:\/\/hub.docker.com\/u\/iwellguard","https:\/\/www.pinterest.com\/iwellguard\/","https:\/\/bit.ly\/m\/iwellguard","https:\/\/entre-vos-mains.alsace.eu\/profiles\/iwellguard\/activity","https:\/\/gravatar.com\/reallybeded8fd34","https:\/\/naijamatta.com\/iwellguard","https:\/\/www.goodreads.com\/iwellguard","https:\/\/profile.hatena.ne.jp\/iwellguard\/","https:\/\/experiment.com\/users\/iwellguard","https:\/\/wakelet.com\/@iWellGuard82270","https:\/\/www.chordie.com\/forum\/profile.php?id=2555664","https:\/\/www.instapaper.com\/p\/17757966","https:\/\/www.mapleprimes.com\/users\/iwellguard","https:\/\/businesslistingplus.com\/profile\/iwell-guard\/","https:\/\/telegra.ph\/iWell-Guard-06-06","https:\/\/pbase.com\/iwellguard\/iwellguard","https:\/\/b.hatena.ne.jp\/iwellguard\/20260607#bookmark-4788405196491818882","https:\/\/fliphtml5.com\/home\/iwellguard","https:\/\/anyflip.com\/homepage\/cmiwl#About","https:\/\/transfur.com\/Users\/iwellguard","http:\/\/delphi.larsbo.org\/user\/iwellguard","https:\/\/jobs.lajobsportal.org\/profiles\/8380803-iwell-guard","https:\/\/md.chaosdorf.de\/s\/jfbe5SBdJD","https:\/\/www.lingvolive.com\/en-us\/profile\/9ecaeaca-ce11-4e51-9e71-01d55e2bff36\/translations","https:\/\/www.fitday.com\/fitness\/forums\/members\/iwellguard.html","https:\/\/www.mymeetbook.com\/iwellguard","https:\/\/pxhere.com\/en\/photographer-me\/5040798","https:\/\/disqus.com\/by\/iwellguard\/about\/","https:\/\/pastelink.net\/hjwciqwq","https:\/\/pubhtml5.com\/homepage\/scjhn\/","https:\/\/www.bitchute.com\/channel\/2O2eOKzNqujT","https:\/\/audiomack.com\/iwellguard"]},{"@type":"Person","@id":"https:\/\/iwell-guard.com\/sv\/#\/schema\/person\/ee2a27f1cac3406c7c6fb5820cb7349f","name":"Ralf Ittermann","image":{"@type":"ImageObject","inLanguage":"sv-SE","@id":"https:\/\/secure.gravatar.com\/avatar\/073c0153e350a5005b68eb752b445fea71f6b24a26da9449ad7e155e6b446c9d?s=96&d=mm&r=g","url":"https:\/\/secure.gravatar.com\/avatar\/073c0153e350a5005b68eb752b445fea71f6b24a26da9449ad7e155e6b446c9d?s=96&d=mm&r=g","contentUrl":"https:\/\/secure.gravatar.com\/avatar\/073c0153e350a5005b68eb752b445fea71f6b24a26da9449ad7e155e6b446c9d?s=96&d=mm&r=g","caption":"Ralf Ittermann"},"givenName":"Ralf","familyName":"Ittermann","jobTitle":"Gesch\u00e4ftsf\u00fchrer und redaktioneller Verantwortlicher","url":"https:\/\/iwell-guard.com\/sv\/author\/claude\/","description":"Ralf Ittermann ist Gesch\u00e4ftsf\u00fchrer der Ittermann electronic GmbH und redaktioneller Verantwortlicher des iWell-Guard-Lexikons. Er verbindet langj\u00e4hrige Erfahrung in der Pr\u00e4zisionsfertigung mit medialer Praxis und religionsgeschichtlicher Quellenarbeit.","worksFor":{"@type":"Organization","name":"Ittermann electronic GmbH","url":"https:\/\/ittermann.de\/","address":{"@type":"PostalAddress","streetAddress":"K\u00f6hlergasse 16-18","postalCode":"99842","addressLocality":"Ruhla","addressCountry":"DE"}},"knowsAbout":["Religionsgeschichte","Mythologie","Mediale Praxis","Energetische Diagnostik","Schutzpraxis","Volksglauben","Westliche Esoterik"]},{"@type":"Article","@id":"https:\/\/iwell-guard.com\/sv\/bael\/#article","isPartOf":{"@id":"https:\/\/iwell-guard.com\/sv\/bael\/"},"author":{"name":"Ralf Ittermann","@id":"https:\/\/iwell-guard.com\/sv\/#\/schema\/person\/ee2a27f1cac3406c7c6fb5820cb7349f"},"headline":"Bael","datePublished":"2026-09-03T00:10:01+00:00","dateModified":"2026-09-03T01:11:55+00:00","mainEntityOfPage":{"@id":"https:\/\/iwell-guard.com\/sv\/bael\/"},"publisher":{"@id":"https:\/\/iwell-guard.com\/sv\/#organization"},"image":{"@id":"https:\/\/iwell-guard.com\/sv\/bael\/#primaryimage"},"thumbnailUrl":"https:\/\/iwell-guard.com\/wp-content\/uploads\/2026\/05\/daemonen_christentum_bael.webp","inLanguage":"sv-SE","description":"Bael i goetian: fenicisk bakgrund, ikonografi med tre huvuden, lemegeton-tradition och receptionshistoria."}]}},"_links":{"self":[{"href":"https:\/\/iwell-guard.com\/sv\/wp-json\/wp\/v2\/pages\/136785","targetHints":{"allow":["GET"]}}],"collection":[{"href":"https:\/\/iwell-guard.com\/sv\/wp-json\/wp\/v2\/pages"}],"about":[{"href":"https:\/\/iwell-guard.com\/sv\/wp-json\/wp\/v2\/types\/page"}],"author":[{"embeddable":true,"href":"https:\/\/iwell-guard.com\/sv\/wp-json\/wp\/v2\/users\/3"}],"replies":[{"embeddable":true,"href":"https:\/\/iwell-guard.com\/sv\/wp-json\/wp\/v2\/comments?post=136785"}],"version-history":[{"count":0,"href":"https:\/\/iwell-guard.com\/sv\/wp-json\/wp\/v2\/pages\/136785\/revisions"}],"wp:featuredmedia":[{"embeddable":true,"href":"https:\/\/iwell-guard.com\/sv\/wp-json\/wp\/v2\/media\/2427"}],"wp:attachment":[{"href":"https:\/\/iwell-guard.com\/sv\/wp-json\/wp\/v2\/media?parent=136785"}],"wp:term":[{"taxonomy":"category","embeddable":true,"href":"https:\/\/iwell-guard.com\/sv\/wp-json\/wp\/v2\/categories?post=136785"}],"curies":[{"name":"wp","href":"https:\/\/api.w.org\/{rel}","templated":true}]}}