{"id":136761,"date":"2026-09-03T00:09:48","date_gmt":"2026-09-03T00:09:48","guid":{"rendered":"https:\/\/iwell-guard.com\/?page_id=136761"},"modified":"2026-09-03T01:11:17","modified_gmt":"2026-09-03T01:11:17","slug":"gra","status":"publish","type":"page","link":"https:\/\/iwell-guard.com\/sv\/gra\/","title":{"rendered":"Gr\u00e5"},"content":{"rendered":"\t\t<div data-elementor-type=\"wp-page\" data-elementor-id=\"136761\" class=\"elementor elementor-136761 elementor-2184 elementor-bc-flex-widget\" data-elementor-post-type=\"page\">\n\t\t\t\t<div class=\"elementor-element elementor-element-10fdade e-flex e-con-boxed e-con e-parent\" data-id=\"10fdade\" data-element_type=\"container\" data-e-type=\"container\" data-settings=\"{&quot;background_background&quot;:&quot;classic&quot;}\">\n\t\t\t\t\t<div class=\"e-con-inner\">\n\t\t<div class=\"elementor-element elementor-element-herohlft0 e-flex e-con-boxed e-con e-child\" data-id=\"herohlft0\" data-element_type=\"container\" data-e-type=\"container\">\n\t\t\t\t\t<div class=\"e-con-inner\">\n\t\t<div class=\"elementor-element elementor-element-c3ceb64 e-con-full e-flex e-con e-child\" data-id=\"c3ceb64\" data-element_type=\"container\" data-e-type=\"container\">\n\t\t\t\t<div class=\"elementor-element elementor-element-96ae5e1 elementor-widget elementor-widget-heading\" data-id=\"96ae5e1\" data-element_type=\"widget\" data-e-type=\"widget\" data-widget_type=\"heading.default\">\n\t\t\t\t\t<h1 class=\"elementor-heading-title elementor-size-default\">Gr\u00e5, demon i den moderna traditionen<\/h1>\t\t\t\t<\/div>\n\t\t\t\t<div class=\"elementor-element elementor-element-e45238a elementor-widget elementor-widget-text-editor\" data-id=\"e45238a\" data-element_type=\"widget\" data-e-type=\"widget\" data-widget_type=\"text-editor.default\">\n\t\t\t\t\t\t\t\t\t<p>\u201dDe gr\u00e5\u201d \u00e4r i moderna esoteriska och ufo-ber\u00e4ttelser humanoid-utomjordiska varelser som skildras som bortf\u00f6rare eller alienbes\u00f6kare. Religionsvetenskapligt handlar det om samtida myter som ger uttryck f\u00f6r teknikr\u00e4dsla, \u00f6vervakningsparanoia och sekul\u00e4ra fr\u00e4lsningsf\u00f6rhoppningar (alienkontakt som fr\u00e4lsningsbud). Inom New Age-l\u00e4ran betraktas de gr\u00e5 som utomjordingar som tillskrivs budskap till m\u00e4nskligheten. Som demon i den moderna traditionen speglar de gr\u00e5 r\u00e4dslan f\u00f6r kontroll och \u00f6vervakning.<\/p>\t\t\t\t\t\t\t\t<\/div>\n\t\t\t\t<\/div>\n\t\t<div class=\"elementor-element elementor-element-klsbdg01 e-con-full e-flex e-con e-parent\" data-id=\"klsbdg01\" data-element_type=\"container\" data-e-type=\"container\">\n\t\t\t\t<div class=\"elementor-element elementor-element-klshtm01 elementor-widget elementor-widget-html\" data-id=\"klshtm01\" data-element_type=\"widget\" data-e-type=\"widget\" data-widget_type=\"html.default\">\n\t\t\t\t\t<div class=\"iwg-pill-row\"><span class=\"iwg-klasse-badge\" tabindex=\"0\" data-tooltip=\"Demon \/ demoninna: \u00d6vernaturlig varelse med oftast skadlig eller ambivalent verkan. St\u00e5r mellan gudar och m\u00e4nniskor, orsakar sjukdom, frestelse eller olycka och avv\u00e4rjs genom besv\u00e4rjelse, apotropaika och ritualer.\">Demon<\/span><a href=\"https:\/\/iwell-guard.com\/sv\/new-age\/\" class=\"iwg-kultur-badge\" tabindex=\"0\" data-tooltip=\"Moderna esoteriskt-andliga str\u00f6mningar sedan 1800-talet, teosofi, New Age, modern esoterik.\">New Age<\/a><span class=\"iwg-tradition-badge\" tabindex=\"0\" data-tooltip=\"Modern konspirationsesoterik, reptiloider, gr\u00e5a, skuggregering.\">Konspirationsesoterik<\/span><\/div>\t\t\t\t<\/div>\n\t\t\t\t<\/div>\n\t\t<div class=\"elementor-element elementor-element-3f74855 e-con-full e-flex e-con e-child\" data-id=\"3f74855\" data-element_type=\"container\" data-e-type=\"container\">\n\t\t\t\t<div class=\"elementor-element elementor-element-1c30362 elementor-toc--minimized-on-tablet elementor-widget elementor-widget-table-of-contents\" data-id=\"1c30362\" data-element_type=\"widget\" data-e-type=\"widget\" data-settings=\"{&quot;exclude_headings_by_selector&quot;:[],&quot;no_headings_message&quot;:&quot;Inga rubriker hittades p\\u00e5 den h\\u00e4r sidan.&quot;,&quot;headings_by_tags&quot;:[&quot;h2&quot;,&quot;h3&quot;],&quot;marker_view&quot;:&quot;bullets&quot;,&quot;minimize_box&quot;:&quot;yes&quot;,&quot;icon&quot;:{&quot;value&quot;:&quot;fas fa-circle&quot;,&quot;library&quot;:&quot;fa-solid&quot;,&quot;rendered_tag&quot;:&quot;&lt;svg class=\\&quot;e-font-icon-svg e-fas-circle\\&quot; viewBox=\\&quot;0 0 512 512\\&quot; xmlns=\\&quot;http:\\\/\\\/www.w3.org\\\/2000\\\/svg\\&quot;&gt;&lt;path d=\\&quot;M256 8C119 8 8 119 8 256s111 248 248 248 248-111 248-248S393 8 256 8z\\&quot;&gt;&lt;\\\/path&gt;&lt;\\\/svg&gt;&quot;},&quot;minimized_on&quot;:&quot;tablet&quot;,&quot;hierarchical_view&quot;:&quot;yes&quot;,&quot;min_height&quot;:{&quot;unit&quot;:&quot;px&quot;,&quot;size&quot;:&quot;&quot;,&quot;sizes&quot;:[]},&quot;min_height_tablet&quot;:{&quot;unit&quot;:&quot;px&quot;,&quot;size&quot;:&quot;&quot;,&quot;sizes&quot;:[]},&quot;min_height_mobile&quot;:{&quot;unit&quot;:&quot;px&quot;,&quot;size&quot;:&quot;&quot;,&quot;sizes&quot;:[]}}\" data-widget_type=\"table-of-contents.default\">\n\t\t\t\t\t\t\t\t\t<div class=\"elementor-toc__header\">\n\t\t\t\t\t\t<h2 class=\"elementor-toc__header-title\">\n\t\t\t\tInneh\u00e5llsf\u00f6rteckning\t\t\t<\/h2>\n\t\t\t\t\t\t\t\t\t\t<div class=\"elementor-toc__toggle-button elementor-toc__toggle-button--expand\" role=\"button\" tabindex=\"0\" aria-controls=\"elementor-toc__1c30362\" aria-expanded=\"true\" aria-label=\"\u00d6ppna inneh\u00e5llsf\u00f6rteckning\"><svg aria-hidden=\"true\" class=\"e-font-icon-svg e-fas-chevron-down\" viewBox=\"0 0 448 512\" xmlns=\"http:\/\/www.w3.org\/2000\/svg\"><path d=\"M207.029 381.476L12.686 187.132c-9.373-9.373-9.373-24.569 0-33.941l22.667-22.667c9.357-9.357 24.522-9.375 33.901-.04L224 284.505l154.745-154.021c9.379-9.335 24.544-9.317 33.901.04l22.667 22.667c9.373 9.373 9.373 24.569 0 33.941L240.971 381.476c-9.373 9.372-24.569 9.372-33.942 0z\"><\/path><\/svg><\/div>\n\t\t\t\t<div class=\"elementor-toc__toggle-button elementor-toc__toggle-button--collapse\" role=\"button\" tabindex=\"0\" aria-controls=\"elementor-toc__1c30362\" aria-expanded=\"true\" aria-label=\"St\u00e4ng inneh\u00e5llsf\u00f6rteckning\"><svg aria-hidden=\"true\" class=\"e-font-icon-svg e-fas-chevron-up\" viewBox=\"0 0 448 512\" xmlns=\"http:\/\/www.w3.org\/2000\/svg\"><path d=\"M240.971 130.524l194.343 194.343c9.373 9.373 9.373 24.569 0 33.941l-22.667 22.667c-9.357 9.357-24.522 9.375-33.901.04L224 227.495 69.255 381.516c-9.379 9.335-24.544 9.317-33.901-.04l-22.667-22.667c-9.373-9.373-9.373-24.569 0-33.941L207.03 130.525c9.372-9.373 24.568-9.373 33.941-.001z\"><\/path><\/svg><\/div>\n\t\t\t\t\t<\/div>\n\t\t\t\t<div id=\"elementor-toc__1c30362\" class=\"elementor-toc__body\">\n\t\t\t<div class=\"elementor-toc__spinner-container\">\n\t\t\t\t<svg class=\"elementor-toc__spinner eicon-animation-spin e-font-icon-svg e-eicon-loading\" aria-hidden=\"true\" viewBox=\"0 0 1000 1000\" xmlns=\"http:\/\/www.w3.org\/2000\/svg\"><path d=\"M500 975V858C696 858 858 696 858 500S696 142 500 142 142 304 142 500H25C25 237 238 25 500 25S975 237 975 500 763 975 500 975Z\"><\/path><\/svg>\t\t\t<\/div>\n\t\t<\/div>\n\t\t\t\t\t\t<\/div>\n\t\t\t\t<\/div>\n\t\t\t\t\t<\/div>\n\t\t\t\t<\/div>\n\t\t<div class=\"elementor-element elementor-element-herorght0 e-con-full e-flex e-con e-child\" data-id=\"herorght0\" data-element_type=\"container\" data-e-type=\"container\">\n\t\t\t\t<div class=\"elementor-element elementor-element-heroimg00 iwg-hero-image elementor-widget elementor-widget-image\" data-id=\"heroimg00\" data-element_type=\"widget\" data-e-type=\"widget\" data-widget_type=\"image.default\">\n\t\t\t\t\t\t\t\t\t\t\t\t\t\t\t<img fetchpriority=\"high\" decoding=\"async\" width=\"683\" height=\"1024\" src=\"https:\/\/iwell-guard.com\/wp-content\/uploads\/2026\/04\/daemonen_new-age_graue-683x1024.webp\" class=\"attachment-large size-large wp-image-136231\" alt=\"Gr\u00e5 (Graue) \u2013 demoner fr\u00e5n new age-traditionen, historisk-illustrativt\" srcset=\"https:\/\/iwell-guard.com\/wp-content\/uploads\/2026\/04\/daemonen_new-age_graue-683x1024.webp 683w, https:\/\/iwell-guard.com\/wp-content\/uploads\/2026\/04\/daemonen_new-age_graue-200x300.webp 200w, https:\/\/iwell-guard.com\/wp-content\/uploads\/2026\/04\/daemonen_new-age_graue-768x1152.webp 768w, https:\/\/iwell-guard.com\/wp-content\/uploads\/2026\/04\/daemonen_new-age_graue.webp 1024w\" sizes=\"(max-width: 683px) 100vw, 683px\" \/>\t\t\t\t\t\t\t\t\t\t\t\t\t\t\t<\/div>\n\t\t\t\t<\/div>\n\t\t\t\t\t<\/div>\n\t\t\t\t<\/div>\n\t\t<div class=\"elementor-element elementor-element-32917199 e-flex e-con-boxed e-con e-parent\" data-id=\"32917199\" data-element_type=\"container\" data-e-type=\"container\">\n\t\t\t\t\t<div class=\"e-con-inner\">\n\t\t<div class=\"elementor-element elementor-element-26e916cb e-flex e-con-boxed e-con e-child\" data-id=\"26e916cb\" data-element_type=\"container\" data-e-type=\"container\">\n\t\t\t\t\t<div class=\"e-con-inner\">\n\t\t<div class=\"elementor-element elementor-element-253a40d4 e-flex e-con-boxed e-con e-child\" data-id=\"253a40d4\" data-element_type=\"container\" data-e-type=\"container\">\n\t\t\t\t\t<div class=\"e-con-inner\">\n\t\t\t\t<div class=\"elementor-element elementor-element-1200c304 elementor-widget elementor-widget-heading\" data-id=\"1200c304\" data-element_type=\"widget\" data-e-type=\"widget\" data-widget_type=\"heading.default\">\n\t\t\t\t\t<h2 class=\"elementor-heading-title elementor-size-default\">Gr\u00e5<\/h2>\t\t\t\t<\/div>\n\t\t\t\t<div class=\"elementor-element elementor-element-11758e7f elementor-widget elementor-widget-text-editor\" data-id=\"11758e7f\" data-element_type=\"widget\" data-e-type=\"widget\" data-widget_type=\"text-editor.default\">\n\t\t\t\t\t\t\t\t\t<p>Gr\u00e5 beskrivs typiskt som sm\u00e5, humanoid-reptilliknande, med stora svarta \u00f6gon, gr\u00e5 hud och teknologiska f\u00f6rm\u00e5gor. De skildras som bortf\u00f6rare av m\u00e4nniskor (alien abduction-narrativet, fr\u00e5n 1950-talet), som utf\u00f6r medicinska experiment eller kommunicerar telepatiskt.<\/p><p><span data-nosnippet>Centrala myter: Roswellincidenten (1947), Betty och Barney Hill (1961), Arkiv X-popul\u00e4rkultur. Funktionellt representerar de b\u00e5de hot och l\u00f6fte: individens maktl\u00f6shet inf\u00f6r en \u00f6verm\u00e4ktig kraft, men ocks\u00e5 kontakt med gudsliknande intelligenser.<\/span><\/p><div><h3>Uppkomsten av gr\u00e5-traditionen<\/h3><p>Gr\u00e5-traditionen uppst\u00e5r f\u00f6rv\u00e5nansv\u00e4rt sent religionshistoriskt sett. De f\u00f6rsta rapporterna med den karakteristiska beskrivningen av sm\u00e5, spensliga humanoida varelser med stora svarta \u00f6gon \u00e5terfinns i slutet av 1950-talet och under 1960-talet i den amerikanska ufo-subkulturen.<\/p><p><span data-nosnippet>Fallet med makarna Betty och Barney Hill (bortf\u00f6ringsrapport 1961, utarbetad genom hypnos 1964, gjord k\u00e4nd f\u00f6r en bredare allm\u00e4nhet av John Fuller i <em>The Interrupted Journey<\/em>, 1966) betraktas som den prototypiska skildringen av m\u00f6tet med de gr\u00e5. Whitley Striebers <em>Communion<\/em> (1987) etablerar omslagsbilden av det typiska gr\u00e5a ansiktet, som sedan dess \u00e4r ikonografiskt fastst\u00e4llt.<\/span><\/p><\/div>\t\t\t\t\t\t\t\t<\/div>\n\t\t\t\t\t<\/div>\n\t\t\t\t<\/div>\n\t\t<div class=\"elementor-element elementor-element-159dcf9a e-flex e-con-boxed e-con e-child\" data-id=\"159dcf9a\" data-element_type=\"container\" data-e-type=\"container\">\n\t\t\t\t\t<div class=\"e-con-inner\">\n\t\t\t\t<div class=\"elementor-element elementor-element-48cee66f elementor-widget elementor-widget-heading\" data-id=\"48cee66f\" data-element_type=\"widget\" data-e-type=\"widget\" data-widget_type=\"heading.default\">\n\t\t\t\t\t<h2 class=\"elementor-heading-title elementor-size-default\">Snabb\u00f6versikt: Gr\u00e5<\/h2>\t\t\t\t<\/div>\n\t\t\t\t<div class=\"elementor-element elementor-element-3f50d82c elementor-widget elementor-widget-text-editor\" data-id=\"3f50d82c\" data-element_type=\"widget\" data-e-type=\"widget\" data-widget_type=\"text-editor.default\">\n\t\t\t\t\t\t\t\t\t<p><span data-nosnippet>Gr\u00e5-narrativet uppstod inom efterkrigstidens ufo-r\u00f6relse (1945, 1960-talet), s\u00e4rskilt i Nordamerika. Centrala k\u00e4llor: amerikanska regeringsdokument om ufo (delvis avhemligade sedan 2023), ufo-dokument\u00e4rer (Ian Stevenson, J. Allen Hynek), science fiction (Arkiv X, Whitley Striebers Communion).<\/span><\/p><p>Forskningsl\u00e4ge: Thomas Bullard (analys av popul\u00e4ra bortf\u00f6ringsnarrativ), David J. Hufford (The Terror that Comes in the Night), ufologier (J\u00fcrgen Kr\u00fcger, Andreas Sch\u00f6pf inom det tyskspr\u00e5kiga omr\u00e5det). L\u00e4ran \u00e4r globaliserad, men centrerad kring v\u00e4sterl\u00e4ndsk ufo-kultur.<\/p>\t\t\t\t\t\t\t\t<\/div>\n\t\t\t\t\t<\/div>\n\t\t\t\t<\/div>\n\t\t\t\t\t<\/div>\n\t\t\t\t<\/div>\n\t\t\t\t\t<\/div>\n\t\t\t\t<\/div>\n\t\t<div class=\"elementor-element elementor-element-18613602 e-flex e-con-boxed e-con e-parent\" data-id=\"18613602\" data-element_type=\"container\" data-e-type=\"container\">\n\t\t\t\t\t<div class=\"e-con-inner\">\n\t\t\t\t<div class=\"elementor-element elementor-element-262b8a9f elementor-widget elementor-widget-heading\" data-id=\"262b8a9f\" data-element_type=\"widget\" data-e-type=\"widget\" data-widget_type=\"heading.default\">\n\t\t\t\t\t<h2 class=\"elementor-heading-title elementor-size-default\">Inordning<\/h2>\t\t\t\t<\/div>\n\t\t<div class=\"elementor-element elementor-element-46dcb7d e-con-full e-flex e-con e-child\" data-id=\"46dcb7d\" data-element_type=\"container\" data-e-type=\"container\">\n\t\t<div class=\"elementor-element elementor-element-61d3ab3 e-flex e-con-boxed e-con e-child\" data-id=\"61d3ab3\" data-element_type=\"container\" data-e-type=\"container\">\n\t\t\t\t\t<div class=\"e-con-inner\">\n\t\t\t\t<div class=\"elementor-element elementor-element-117c166 elementor-widget elementor-widget-heading\" data-id=\"117c166\" data-element_type=\"widget\" data-e-type=\"widget\" data-widget_type=\"heading.default\">\n\t\t\t\t\t<h3 class=\"elementor-heading-title elementor-size-default\">Texternas tidsperiod<\/h3>\t\t\t\t<\/div>\n\t\t\t\t<div class=\"elementor-element elementor-element-73997a0 elementor-widget elementor-widget-text-editor\" data-id=\"73997a0\" data-element_type=\"widget\" data-e-type=\"widget\" data-widget_type=\"text-editor.default\">\n\t\t\t\t\t\t\t\t\t<p>De sm\u00e5 gr\u00e5 varelserna med de stora svarta \u00f6gonen \u00e4r ingen gestalt ur gamla traditioner, utan en uppfinning fr\u00e5n mitten av 1900-talet. Deras utseende bef\u00e4stes f\u00f6rst fr\u00e5n 1960-talet och fick under 1980- och 1990-talen, genom b\u00f6cker, ber\u00e4ttelser fr\u00e5n p\u00e5st\u00e5tt bortf\u00f6rda personer och tv-format, en enhetlig form inom stora delar av den v\u00e4sterl\u00e4ndska popul\u00e4rkulturen. Bildens skenbara best\u00e4ndighet f\u00f6rklaras inte av religi\u00f6s tradition, utan av dess st\u00e4ndiga upprepning i medier, vilket har gjort de gr\u00e5s utseende till ett fast igenk\u00e4nningstecken.<\/p><div><h3>Akademisk bearbetning<\/h3><p><span data-nosnippet>John E. Mack, psykiater vid Harvard Medical School, publicerade 1994 med <em>Abduction. Human Encounters with Aliens<\/em> den f\u00f6rsta systematiska kliniska unders\u00f6kningen av bortf\u00f6ringsrapporter inom en ansedd f\u00f6rlagsmilj\u00f6. Mack rapporterade konsekventa fenomenologiska skildringar i \u00f6ver 200 fall, som inte kunde f\u00f6rklaras med konventionell psykiatrisk diagnostik.<\/span><\/p><p><span data-nosnippet>Hans ansats var metodiskt agnostisk: han f\u00f6respr\u00e5kade varken en <span class=\"iwg-fachbegriff\" tabindex=\"0\" data-tooltip=\"Fr\u00e5gan om vad som verkligen existerar; ontologiska p\u00e5st\u00e5enden g\u00f6r antaganden om varats natur.\">ontologisk<\/span>-realistisk eller en reduktionistisk f\u00f6rklaring. Hans position var akademiskt omstridd och ledde till en unders\u00f6kningskommission vid Harvards fakultet, som dock bekr\u00e4ftade hans arbete 1995.<\/span><\/p><\/div>\t\t\t\t\t\t\t\t<\/div>\n\t\t\t\t\t<\/div>\n\t\t\t\t<\/div>\n\t\t<div class=\"elementor-element elementor-element-d47b156 e-flex e-con-boxed e-con e-child\" data-id=\"d47b156\" data-element_type=\"container\" data-e-type=\"container\">\n\t\t\t\t\t<div class=\"e-con-inner\">\n\t\t\t\t<div class=\"elementor-element elementor-element-ff38c2b elementor-widget elementor-widget-heading\" data-id=\"ff38c2b\" data-element_type=\"widget\" data-e-type=\"widget\" data-widget_type=\"heading.default\">\n\t\t\t\t\t<h3 class=\"elementor-heading-title elementor-size-default\">Utbredningsomr\u00e5de<\/h3>\t\t\t\t<\/div>\n\t\t\t\t<div class=\"elementor-element elementor-element-4e49fcc elementor-widget elementor-widget-text-editor\" data-id=\"4e49fcc\" data-element_type=\"widget\" data-e-type=\"widget\" data-widget_type=\"text-editor.default\">\n\t\t\t\t\t\t\t\t\t<p>De gr\u00e5 var allm\u00e4nt k\u00e4nda inom hela New Age-v\u00e4rlden och betraktades med v\u00f6rdnad eller respektfull fruktan, utan begr\u00e4nsning till n\u00e5gon s\u00e4rskild region eller plats. Vare sig i stora urbana centrum eller i perifera lantliga trakter, vare sig hos samh\u00e4llets elit eller hos vanligt folk, var denna varelses spirituella eller kulturella betydelse genomg\u00e5ende erk\u00e4nd och universell.<\/p><p>F\u00f6r m\u00e5nga anh\u00e4ngare av bortf\u00f6ringsber\u00e4ttelserna st\u00e5r de gr\u00e5 i centrum f\u00f6r ett tolkningsm\u00f6nster som f\u00f6rklarar egna of\u00f6rklarliga upplevelser, s\u00f6mnst\u00f6rningar eller minnesluckor med utomjordiska bes\u00f6kares ingripande. Bildens breda och l\u00e4nder\u00f6verskridande, likartade spridning f\u00f6rklaras av internationellt distribuerade b\u00f6cker, filmer och tv-serier, inte av handel eller migration. Via dessa kanaler n\u00e5dde den ursprungligen framf\u00f6r allt nordamerikanska f\u00f6rest\u00e4llningen andra l\u00e4nder, d\u00e4r den m\u00f6tte redan existerande ber\u00e4ttelser om ok\u00e4nda flygande f\u00f6rem\u00e5l och sm\u00e4lte samman med dem.<\/p>\t\t\t\t\t\t\t\t<\/div>\n\t\t\t\t\t<\/div>\n\t\t\t\t<\/div>\n\t\t\t\t<\/div>\n\t\t<div class=\"elementor-element elementor-element-db03c39 e-con-full e-flex e-con e-child\" data-id=\"db03c39\" data-element_type=\"container\" data-e-type=\"container\">\n\t\t<div class=\"elementor-element elementor-element-229a87b e-flex e-con-boxed e-con e-child\" data-id=\"229a87b\" data-element_type=\"container\" data-e-type=\"container\">\n\t\t\t\t\t<div class=\"e-con-inner\">\n\t\t\t\t<div class=\"elementor-element elementor-element-1f471fc elementor-widget elementor-widget-heading\" data-id=\"1f471fc\" data-element_type=\"widget\" data-e-type=\"widget\" data-widget_type=\"heading.default\">\n\t\t\t\t\t<h3 class=\"elementor-heading-title elementor-size-default\">K\u00e4ll\u00e4ge<\/h3>\t\t\t\t<\/div>\n\t\t\t\t<div class=\"elementor-element elementor-element-36b1201 elementor-widget elementor-widget-text-editor\" data-id=\"36b1201\" data-element_type=\"widget\" data-e-type=\"widget\" data-widget_type=\"text-editor.default\">\n\t\t\t\t\t\t\t\t\t<p><span data-nosnippet>Prim\u00e4rk\u00e4llor \u00e4r Whitley Strieber&#8217;s Communion (1987), Betty och Barney Hills hypnossessioner (1960-talet, dokumenterade i John Fuller&#8217;s Interrupted Journey), amerikanska regeringsrapporter och FOIA-frisl\u00e4ppningar (Pentagons UFO-rapporter, fram till 2024). Tidsperiod: 1945, samtiden. Spr\u00e5komr\u00e5de: engelska, senare globalt. Geografiskt: USA (prim\u00e4rt), senare Tyskland, Skandinavien.<\/span><\/p><p>Forskare: Thomas Bullard (Abduction Phenomena), David J. Hufford (<span class=\"iwg-fachbegriff\" data-tooltip=\"Den ned\u00e4rvda folkkulturen med seder, ber\u00e4ttelser och s\u00e5nger.\" tabindex=\"0\">folklore<\/span> om s\u00f6mnparalysvisioner), James Houran (Alien Contact Narratives och kulturell stress). K\u00e4llornas legitimitet \u00e4r omtvistad, mellan UFO-forskare, akademisk skepticism och parapsykologiska studier.<\/p><div><h3>Religionsfenomenologiska tolkningar<\/h3><p><span data-nosnippet>Den vetenskapliga forskningen under de senaste \u00e5ren har b\u00f6rjat l\u00e4sa Graue-traditionen som ett modernt religi\u00f6st fenomen. Diana Walsh Pasulka argumenterar i <em>American Cosmic. UFOs, Religion, Technology<\/em> (Oxford University Press, 2019) att UFO- och Graue-ber\u00e4ttelserna strukturellt h\u00f6r till religi\u00f6s erfarenhet och inte prim\u00e4rt b\u00f6r tolkas som psykopatologi eller massuggestion.<\/span><\/p><p>Jeffrey Kripal har i <em>Mutants and Mystics<\/em> (2011) och <em>Authors of the Impossible<\/em> (2010) dragit en linje till sp\u00f6ke- och visionstraditionen och identifierat de fenomenologiska konstanterna mellan medeltida <span class=\"iwg-fachbegriff\" data-tooltip=\"I de abrahamitiska religionerna ett himmelskt budb\u00e4rarv\u00e4sen fr\u00e5n Gud.\" tabindex=\"0\">\u00e4nglam\u00f6ten<\/span>, moderna UFO-upplevelser och schamanska <span class=\"iwg-fachbegriff\" tabindex=\"0\" data-tooltip=\"F\u00f6r\u00e4ndrat medvetandetillst\u00e5nd med begr\u00e4nsad uppm\u00e4rksamhet; medvetet framkallat i schamansk och medial praxis.\">trans<\/span>resor.<\/p><\/div>\t\t\t\t\t\t\t\t<\/div>\n\t\t\t\t\t<\/div>\n\t\t\t\t<\/div>\n\t\t\t\t<\/div>\n\t\t\t\t\t<\/div>\n\t\t\t\t<\/div>\n\t\t<div class=\"elementor-element elementor-element-3ae0637c e-flex e-con-boxed e-con e-parent\" data-id=\"3ae0637c\" data-element_type=\"container\" data-e-type=\"container\">\n\t\t\t\t\t<div class=\"e-con-inner\">\n\t\t\t\t<div class=\"elementor-element elementor-element-31d07739 elementor-widget elementor-widget-heading\" data-id=\"31d07739\" data-element_type=\"widget\" data-e-type=\"widget\" data-widget_type=\"heading.default\">\n\t\t\t\t\t<h2 class=\"elementor-heading-title elementor-size-default\">Namn<\/h2>\t\t\t\t<\/div>\n\t\t<div class=\"elementor-element elementor-element-b7642947 e-con-full e-flex e-con e-child\" data-id=\"b7642947\" data-element_type=\"container\" data-e-type=\"container\">\n\t\t\t\t<div class=\"elementor-element elementor-element-a086266 elementor-widget elementor-widget-text-editor\" data-id=\"a086266\" data-element_type=\"widget\" data-e-type=\"widget\" data-widget_type=\"text-editor.default\">\n\t\t\t\t\t\t\t\t\t<p>Graue framst\u00e4lls i olika k\u00e4llor och konstn\u00e4rliga traditioner med vissa \u00e5terkommande ikonografiska element som f\u00f6rblir relativt konstanta \u00f6ver decennier och \u00f6ver olika geografiska omr\u00e5den. Dessa element \u00e4r djupt symboliskt kodade och b\u00e4r stor betydelse; de \u00e4r inte enbart dekorativa eller slumpm\u00e4ssigt valda.<\/p><p>Bilden av de Gr\u00e5 \u00e4r starkt f\u00f6renhetligad och f\u00f6ljer f\u00e5, ofta upprepade drag: en liten kropp, ett \u00f6verdimensionerat huvud, stora mandelformade svarta \u00f6gon och en gr\u00e5, glatt hud. Dessa drag h\u00e4rstammar inte fr\u00e5n n\u00e5gon ned\u00e4rvd bildtradition; de har snarare f\u00f6rt\u00e4tats till ett fast schema genom vittnesuppgifter, bokillustrationer och filmframst\u00e4llningar. Enskilda element kopplas i bortf\u00f6randelitteraturen till best\u00e4mda egenskaper, till exempel de stora \u00f6gonen med en varseblivning som beskrivs som genomtr\u00e4ngande, eller fr\u00e5nvaron av synliga k\u00e4nslouttryck med kylig saklighet.<\/p>\t\t\t\t\t\t\t\t<\/div>\n\t\t\t\t<\/div>\n\t\t\t\t\t<\/div>\n\t\t\t\t<\/div>\n\t\t<div class=\"elementor-element elementor-element-709a44a8 e-flex e-con-boxed e-con e-parent\" data-id=\"709a44a8\" data-element_type=\"container\" data-e-type=\"container\">\n\t\t\t\t\t<div class=\"e-con-inner\">\n\t\t\t\t<div class=\"elementor-element elementor-element-2f585873 elementor-widget elementor-widget-heading\" data-id=\"2f585873\" data-element_type=\"widget\" data-e-type=\"widget\" data-widget_type=\"heading.default\">\n\t\t\t\t\t<h2 class=\"elementor-heading-title elementor-size-default\">Beskrivning<\/h2>\t\t\t\t<\/div>\n\t\t<div class=\"elementor-element elementor-element-70621c12 e-con-full e-flex e-con e-child\" data-id=\"70621c12\" data-element_type=\"container\" data-e-type=\"container\">\n\t\t\t\t<div class=\"elementor-element elementor-element-4296eb49 elementor-widget elementor-widget-text-editor\" data-id=\"4296eb49\" data-element_type=\"widget\" data-e-type=\"widget\" data-widget_type=\"text-editor.default\">\n\t\t\t\t\t\t\t\t\t<p>Graue var central i den religi\u00f6sa praktiken, i vardagens riter och i New Age-r\u00f6relsens vardagliga f\u00f6rst\u00e5else. M\u00e4nniskor v\u00e4nde sig till denna entitet i kritiska eller s\u00e4rskilda livssituationer eller vid best\u00e4mda rituella tider p\u00e5 \u00e5ret, med strukturerade, ofta omfattande riter, b\u00f6ner eller offerg\u00e5vor.<\/p><p>Syssels\u00e4ttningen med de Gr\u00e5 b\u00e4rs upp av f\u00f6rfattare till popul\u00e4rvetenskapliga b\u00f6cker, av hypnoterapeuter som arbetar med p\u00e5st\u00e5tt bortf\u00f6rda personer, och av f\u00f6retr\u00e4dare f\u00f6r privata forskningskretsar; utbildade pr\u00e4ster spelar ingen roll h\u00e4r. Ur deras ber\u00e4ttelser, intervjuer och publikationer v\u00e4xte gradvis ett \u00e5terkommande ber\u00e4ttelsem\u00f6nster fram med fasta best\u00e5ndsdelar som nattligt bortf\u00f6rande, medicinska ingrepp och senare minnesf\u00f6rlust. Dessa best\u00e5ndsdelar har utvecklats inom loppet av n\u00e5gra f\u00e5 decennier genom att de inblandade h\u00e4nvisat till varandra; en muntlig traditions\u00f6verf\u00f6ring mellan generationer ligger inte bakom detta.<\/p><p>Att ber\u00e4ttelserna om de Gr\u00e5 har h\u00e5llit sig levande i decennier beror mindre p\u00e5 en p\u00e5visbar verkan \u00e4n p\u00e5 deras anknytningsf\u00f6rm\u00e5ga. De f\u00f6renar personliga gr\u00e4nserfarenheter med en allm\u00e4nt k\u00e4nd bild och ger dem d\u00e4rigenom ett namn och en ram. Forskare inom psykologi och kulturvetenskap h\u00e4rleder m\u00e5nga av de rapporterade upplevelserna till f\u00f6rklarbara processer som s\u00f6mnparalys, suggestiva f\u00f6rh\u00f6rstekniker och pr\u00e4glingen genom mediebilder. F\u00f6rest\u00e4llningen fyller d\u00e4rmed olika behov, fr\u00e5n meningsskapande kring betungande erfarenheter till att placera dessa i en st\u00f6rre ber\u00e4ttelse om utomjordiskt liv.<\/p><div><h3>iWell Guard-skydd och Graue-traditionen<\/h3><p>I Skydds-<span class=\"iwg-fachbegriff\" data-tooltip=\"En helig stavelse eller formel som upprepas i hinduismen och buddhismen.\" tabindex=\"0\">mantrat<\/span> \u00e4r Graue-traditionen explicit upptagen under skikt 4 (avv\u00e4rjning av implantat). <span class=\"iwg-fachbegriff\" tabindex=\"0\" data-tooltip=\"Rituellt upprepad stavelse- eller ordformel med transformativ verkan; central i indiska traditioner, i v\u00e4st anpassad som decree-praxis.\">Mantra<\/span>-klausulen anger <em>implantat fr\u00e5n utomjordiska livsformer<\/em> som en av de fem implantatklasser som avv\u00e4rjs av skyddsf\u00e4ltet. Redan insatta implantat ska enligt klausulen uppl\u00f6sas och transformeras via Gaia.<\/p><p>Denna konstruktion \u00e4r religionshistoriskt modern och f\u00f6ljer den teosofiskt-lightworker-pr\u00e4glade traditionen fr\u00e5n 1980- och 1990-talen, d\u00e4r Graue-ber\u00e4ttelser tolkades som en form av energetiskt hot. En utf\u00f6rlig behandling av implantatklassen finns i avsnittet <a href=\"https:\/\/iwell-guard.com\/sv\/implantat\/\">\/implantate\/<\/a>; funktions\u00f6versikten f\u00f6r hela <span class=\"iwg-fachbegriff\" tabindex=\"0\" data-tooltip=\"Rituellt upprepad stavelse- eller ordformel med transformativ verkan; central i indiska traditioner, i v\u00e4st anpassad som decree-praxis.\">mantra<\/span>-systemet finns p\u00e5 <a href=\"https:\/\/iwell-guard.com\/sv\/skyddsfunktioner-och-affirmationer\/\">\/affirmationen\/<\/a>.<\/p><\/div>\t\t\t\t\t\t\t\t<\/div>\n\t\t\t\t<\/div>\n\t\t\t\t\t<\/div>\n\t\t\t\t<\/div>\n\t\t<div class=\"elementor-element elementor-element-44e71476 e-flex e-con-boxed e-con e-parent\" data-id=\"44e71476\" data-element_type=\"container\" data-e-type=\"container\">\n\t\t\t\t\t<div class=\"e-con-inner\">\n\t\t\t\t<div class=\"elementor-element elementor-element-3c1fc3f0 elementor-widget elementor-widget-heading\" data-id=\"3c1fc3f0\" data-element_type=\"widget\" data-e-type=\"widget\" data-widget_type=\"heading.default\">\n\t\t\t\t\t<h2 class=\"elementor-heading-title elementor-size-default\">Profil: de Gr\u00e5<\/h2>\t\t\t\t<\/div>\n\t\t<div class=\"elementor-element elementor-element-84f33b8e e-con-full e-flex e-con e-child\" data-id=\"84f33b8e\" data-element_type=\"container\" data-e-type=\"container\">\n\t\t\t\t<div class=\"elementor-element elementor-element-hqkdc67p elementor-widget elementor-widget-text-editor\" data-id=\"hqkdc67p\" data-element_type=\"widget\" data-e-type=\"widget\" data-widget_type=\"text-editor.default\">\n\t\t\t\t\t\t\t\t\t<p>Profilen om de Gr\u00e5 belyser deras popul\u00e4ra ikonografi, deras roll i bortf\u00f6randeber\u00e4ttelser, deras geografiska och tidsm\u00e4ssiga ursprung, de sociala grupper som tror p\u00e5 Graue-ber\u00e4ttelser, deras typiska visuella framst\u00e4llning samt kulturella paralleller till demoniska eller utomjordiska entiteter.<\/p>\t\t\t\t\t\t\t\t<\/div>\n\t\t\t\t<\/div>\n\t\t<div class=\"elementor-element elementor-element-pemmx7c5 e-con-full e-flex e-con e-child\" data-id=\"pemmx7c5\" data-element_type=\"container\" data-e-type=\"container\">\n\t\t<div class=\"elementor-element elementor-element-pemmx7c1 e-con-full e-flex e-con e-child\" data-id=\"pemmx7c1\" data-element_type=\"container\" data-e-type=\"container\">\n\t\t<div class=\"elementor-element elementor-element-qh9oavvu iwg-steckbrief-card e-flex e-con-boxed e-con e-child\" data-id=\"qh9oavvu\" data-element_type=\"container\" data-e-type=\"container\">\n\t\t\t\t\t<div class=\"e-con-inner\">\n\t\t\t\t<div class=\"elementor-element elementor-element-awzx8k2k elementor-widget elementor-widget-heading\" data-id=\"awzx8k2k\" data-element_type=\"widget\" data-e-type=\"widget\" data-widget_type=\"heading.default\">\n\t\t\t\t\t<div class=\"elementor-heading-title elementor-size-default\">Kulturell kontext<\/div>\t\t\t\t<\/div>\n\t\t\t\t<div class=\"elementor-element elementor-element-x6rowhv0 elementor-widget elementor-widget-text-editor\" data-id=\"x6rowhv0\" data-element_type=\"widget\" data-e-type=\"widget\" data-widget_type=\"text-editor.default\">\n\t\t\t\t\t\t\t\t\t<p><span data-nosnippet>De gr\u00e5 v\u00e4sendena uppstod tidsm\u00e4ssigt i samband med Roswell-<span class=\"iwg-fachbegriff\" data-tooltip=\"En uppbygglig ber\u00e4ttelse, oftast om helgons liv.\" tabindex=\"0\">legenden<\/span> (juli 1947, New Mexico, USA) och tidiga UFO-observationer (Kenneth Arnold 1947, Washington State). Geografiskt ursprung: Nordamerika, s\u00e4rskilt USA (Nevada, Kalifornien, New Mexico, platser f\u00f6r milit\u00e4r UFO-forskning).<\/span><\/p><p>Kulturellt ursprung: en synkretistisk blandning av science fiction, kalla krigets alienfobi, konspirationsteorier och nutida esoteriska ber\u00e4ttelser. F\u00f6rsta pressk\u00e4llor: 1950-talets UFO-litteratur (George Adamski). Ikonografisk standardisering: 1970- och 1980-talet (Strieber, science fiction-tv).<\/p>\t\t\t\t\t\t\t\t<\/div>\n\t\t\t\t\t<\/div>\n\t\t\t\t<\/div>\n\t\t<div class=\"elementor-element elementor-element-8e3o4kxs iwg-steckbrief-card e-flex e-con-boxed e-con e-child\" data-id=\"8e3o4kxs\" data-element_type=\"container\" data-e-type=\"container\">\n\t\t\t\t\t<div class=\"e-con-inner\">\n\t\t\t\t<div class=\"elementor-element elementor-element-08rkdgov elementor-widget elementor-widget-heading\" data-id=\"08rkdgov\" data-element_type=\"widget\" data-e-type=\"widget\" data-widget_type=\"heading.default\">\n\t\t\t\t\t<div class=\"elementor-heading-title elementor-size-default\">Verkningsobjekt<\/div>\t\t\t\t<\/div>\n\t\t\t\t<div class=\"elementor-element elementor-element-uwjelx8s elementor-widget elementor-widget-text-editor\" data-id=\"uwjelx8s\" data-element_type=\"widget\" data-e-type=\"widget\" data-widget_type=\"text-editor.default\">\n\t\t\t\t\t\t\t\t\t<p>Ber\u00e4ttelser om bortf\u00f6rande av gr\u00e5 v\u00e4senden riktade sig ursprungligen till rurala och marginellt urbana samh\u00e4llen (bondefamiljer, nattarbetare, resen\u00e4rer p\u00e5 ensliga v\u00e4gar). Senare breddades m\u00e5lgruppen till New Age-s\u00f6kare, konspirationsteoretiker och anti-etablissemangskulturer. Anledningar: nattliga skr\u00e4ckupplevelser (s\u00f6mnparalys, hypnagoga hallucinationer), tolkande sinnesintryck, kulturell f\u00f6rst\u00e4rkning genom medier (X-akterna, filmer). Socialt sammanhang: kalla krigets r\u00e4dsla, ambivalens inf\u00f6r teknologin, djuppsykologiska trauman (v\u00e5ldt\u00e4kt, maktl\u00f6shet), men \u00e4ven hopp om utomjordisk fr\u00e4lsning.<\/p>\t\t\t\t\t\t\t\t<\/div>\n\t\t\t\t\t<\/div>\n\t\t\t\t<\/div>\n\t\t<div class=\"elementor-element elementor-element-jm2n74ec iwg-steckbrief-card e-flex e-con-boxed e-con e-child\" data-id=\"jm2n74ec\" data-element_type=\"container\" data-e-type=\"container\">\n\t\t\t\t\t<div class=\"e-con-inner\">\n\t\t\t\t<div class=\"elementor-element elementor-element-8vufse4c elementor-widget elementor-widget-heading\" data-id=\"8vufse4c\" data-element_type=\"widget\" data-e-type=\"widget\" data-widget_type=\"heading.default\">\n\t\t\t\t\t<div class=\"elementor-heading-title elementor-size-default\">Framst\u00e4llning<\/div>\t\t\t\t<\/div>\n\t\t\t\t<div class=\"elementor-element elementor-element-mwb9u015 elementor-widget elementor-widget-text-editor\" data-id=\"mwb9u015\" data-element_type=\"widget\" data-e-type=\"widget\" data-widget_type=\"text-editor.default\">\n\t\t\t\t\t\t\t\t\t<p>Gr\u00e5 v\u00e4senden framst\u00e4lls vanligtvis som cirka 1\u20131,2 meter korta, humanoida med reptilliknande stora svarta, mandelformade \u00f6gon, gr\u00e5 hud, spetsig haka, tunna l\u00e4ppar, smala armar och tre till fyra fingrar. Kl\u00e4dsel: ofta metalliskt \u00e5tsittande eller nakna.<\/p><p>Attribut: teknologiska apparater, str\u00e5lare, en aura eller ljuskroppseffekt. I popul\u00e4rkulturell ikonografi (Steven Spielberg, Hollywood) framst\u00e4lls de som elegant utomjordiska, medan de i bortf\u00f6randeber\u00e4ttelser oftast \u00e4r skr\u00e4mmande. F\u00e4rg: gr\u00e5, ibland silver eller gr\u00f6naktig. Blick: rakt framifr\u00e5n och stel (kall, icke-emotionell).<\/p>\t\t\t\t\t\t\t\t<\/div>\n\t\t\t\t\t<\/div>\n\t\t\t\t<\/div>\n\t\t\t\t<\/div>\n\t\t<div class=\"elementor-element elementor-element-pemmx7c2 e-con-full e-flex e-con e-child\" data-id=\"pemmx7c2\" data-element_type=\"container\" data-e-type=\"container\">\n\t\t<div class=\"elementor-element elementor-element-37ss2yr6 iwg-steckbrief-card e-flex e-con-boxed e-con e-child\" data-id=\"37ss2yr6\" data-element_type=\"container\" data-e-type=\"container\">\n\t\t\t\t\t<div class=\"e-con-inner\">\n\t\t\t\t<div class=\"elementor-element elementor-element-3v0wp3wx elementor-widget elementor-widget-heading\" data-id=\"3v0wp3wx\" data-element_type=\"widget\" data-e-type=\"widget\" data-widget_type=\"heading.default\">\n\t\t\t\t\t<div class=\"elementor-heading-title elementor-size-default\">Verkningsomr\u00e5de<\/div>\t\t\t\t<\/div>\n\t\t\t\t<div class=\"elementor-element elementor-element-w3247g2m elementor-widget elementor-widget-text-editor\" data-id=\"w3247g2m\" data-element_type=\"widget\" data-e-type=\"widget\" data-widget_type=\"text-editor.default\">\n\t\t\t\t\t\t\t\t\t<p><strong>Verkningsomr\u00e5de:<\/strong> De s\u00e5 kallade <em>Greys<\/em> eller <em>gr\u00e5 v\u00e4sendena<\/em> \u00e4r en central gestalt inom den moderna UFO-<span class=\"iwg-fachbegriff\" data-tooltip=\"Den samlade m\u00e4ngden \u00f6verl\u00e4mnade gudsber\u00e4ttelser inom en kultur.\" tabindex=\"0\">mytologin<\/span> och de s\u00e5 kallade bortf\u00f6randeber\u00e4ttelserna (abduction narratives).<\/p><p><span data-nosnippet>Till skillnad fr\u00e5n klassiska religi\u00f6sa v\u00e4senden h\u00e4rstammar de inte fr\u00e5n en flertusen\u00e5rig <span class=\"iwg-fachbegriff\" data-tooltip=\"\u00d6verf\u00f6ringen av kunskap och ber\u00e4ttelser mellan generationer.\" tabindex=\"0\">\u00f6verlevering<\/span>, utan formas f\u00f6rst efter andra v\u00e4rldskriget, framf\u00f6r allt efter Betty och Barney Hills rapport fr\u00e5n 1961 och dess litter\u00e4ra spridning genom John G. Fuller (<em>The Interrupted Journey<\/em>, 1966).<\/span><\/p><p>Whitley Striebers <em>Communion<\/em> (1987) pr\u00e4glade den ikoniska framtoningen: kortv\u00e4xta humanoida varelser, ljusgr\u00e5 hud, alltf\u00f6r stora svarta mandelformade \u00f6gon, smalt huvud, svaga extremiteter. Vetenskapligt (Bullard, Lewis, Partridge) b\u00f6r de f\u00f6rst\u00e5s som en sekund\u00e4r mytogenes i den teknologiska tids\u00e5ldern, j\u00e4mf\u00f6rbar med den funktionsf\u00f6r\u00e4ndring som klassiska andev\u00e4sen (\u00e4lvor, demoner) genomg\u00e5tt i en sekulariserad och naturvetenskapligt pr\u00e4glad symbolv\u00e4rld.<\/p>\t\t\t\t\t\t\t\t<\/div>\n\t\t\t\t\t<\/div>\n\t\t\t\t<\/div>\n\t\t<div class=\"elementor-element elementor-element-0qpjal9w iwg-steckbrief-card e-flex e-con-boxed e-con e-child\" data-id=\"0qpjal9w\" data-element_type=\"container\" data-e-type=\"container\">\n\t\t\t\t\t<div class=\"e-con-inner\">\n\t\t\t\t<div class=\"elementor-element elementor-element-6ndoih0o elementor-widget elementor-widget-heading\" data-id=\"6ndoih0o\" data-element_type=\"widget\" data-e-type=\"widget\" data-widget_type=\"heading.default\">\n\t\t\t\t\t<div class=\"elementor-heading-title elementor-size-default\">Skyddsmedel<\/div>\t\t\t\t<\/div>\n\t\t\t\t<div class=\"elementor-element elementor-element-6684tyh9 elementor-widget elementor-widget-text-editor\" data-id=\"6684tyh9\" data-element_type=\"widget\" data-e-type=\"widget\" data-widget_type=\"text-editor.default\">\n\t\t\t\t\t\t\t\t\t<p>Skyddspraktiker mot bortf\u00f6rande av gr\u00e5 v\u00e4senden (enligt New Age-<span class=\"iwg-fachbegriff\" data-tooltip=\"Den \u00f6verl\u00e4mnade folkkulturen med sedv\u00e4njor, ber\u00e4ttelser och s\u00e5nger.\" tabindex=\"0\">folklore<\/span> och abduktionslitteratur): s\u00e4ngkammar-skyddsritualer (kristaller, symboler, <span class=\"iwg-fachbegriff\" data-tooltip=\"M\u00e4nniskans spr\u00e5kliga v\u00e4ndning till en gudom.\" tabindex=\"0\">b\u00f6n<\/span>), mental f\u00f6rsvarsvisualisering, <span class=\"iwg-fachbegriff\" data-tooltip=\"Den bedjande eller besv\u00e4rjande tilltalet av en gudom eller makt.\" tabindex=\"0\">\u00e5kallan<\/span> av skydds\u00e4nglar eller det h\u00f6gre sj\u00e4lvet, ljuskroppsv\u00e4lsignelse. Vissa bortf\u00f6rda rapporterar framg\u00e5ngsrikt mentalt motst\u00e5nd eller \u00e5kallande av Gud. P\u00e5 l\u00e4ngre sikt: psykologisk integration av trauma genom hypnoterapi eller andlig r\u00e5dgivning. Inga dokumenterade magiska besv\u00e4rjelser; snarare psykologisk-andlig bearbetning.<\/p>\t\t\t\t\t\t\t\t<\/div>\n\t\t\t\t\t<\/div>\n\t\t\t\t<\/div>\n\t\t<div class=\"elementor-element elementor-element-3lfi7x32 iwg-steckbrief-card e-flex e-con-boxed e-con e-child\" data-id=\"3lfi7x32\" data-element_type=\"container\" data-e-type=\"container\">\n\t\t\t\t\t<div class=\"e-con-inner\">\n\t\t\t\t<div class=\"elementor-element elementor-element-0kg99ga1 elementor-widget elementor-widget-heading\" data-id=\"0kg99ga1\" data-element_type=\"widget\" data-e-type=\"widget\" data-widget_type=\"heading.default\">\n\t\t\t\t\t<div class=\"elementor-heading-title elementor-size-default\">J\u00e4mf\u00f6rbart<\/div>\t\t\t\t<\/div>\n\t\t\t\t<div class=\"elementor-element elementor-element-n0fum6kp elementor-widget elementor-widget-text-editor\" data-id=\"n0fum6kp\" data-element_type=\"widget\" data-e-type=\"widget\" data-widget_type=\"text-editor.default\">\n\t\t\t\t\t\t\t\t\t<p>J\u00e4mf\u00f6rbara gestalter \u00e4r traditionella demoner som bortf\u00f6r m\u00e4nniskor (Lilith, incubi, succubi i europeisk demonologi); utomjordiska gudar i nutida varianter av ancient astronaut hypothesis (Erich von D\u00e4niken); vetenskapsm\u00e4n eller l\u00e4kare i dr\u00f6mmen som symboler f\u00f6r \u00f6vergrepp (traumaprojektion); jinner eller yatu inom islamisk och hinduisk \u00f6vernaturlighet. Gemensamt f\u00f6r alla \u00e4r: ofrivilligt \u00f6vergrepp, teknologisk \u00f6verl\u00e4gsenhet, emotionellt avst\u00e5nd, ambivalent avsikt.<\/p>\t\t\t\t\t\t\t\t<\/div>\n\t\t\t\t\t<\/div>\n\t\t\t\t<\/div>\n\t\t\t\t<\/div>\n\t\t\t\t<\/div>\n\t\t\t\t\t<\/div>\n\t\t\t\t<\/div>\n\t\t<div class=\"elementor-element elementor-element-5a584676 e-flex e-con-boxed e-con e-parent\" data-id=\"5a584676\" data-element_type=\"container\" data-e-type=\"container\">\n\t\t\t\t\t<div class=\"e-con-inner\">\n\t\t\t\t<div class=\"elementor-element elementor-element-6d0757bf elementor-widget elementor-widget-heading\" data-id=\"6d0757bf\" data-element_type=\"widget\" data-e-type=\"widget\" data-widget_type=\"heading.default\">\n\t\t\t\t\t<h2 class=\"elementor-heading-title elementor-size-default\">Gr\u00e5 v\u00e4senden, paralleller i andra kulturer<\/h2>\t\t\t\t<\/div>\n\t\t<div class=\"elementor-element elementor-element-60563f68 e-con-full e-flex e-con e-child\" data-id=\"60563f68\" data-element_type=\"container\" data-e-type=\"container\">\n\t\t\t\t<div class=\"elementor-element elementor-element-5a93fdd6 elementor-widget elementor-widget-text-editor\" data-id=\"5a93fdd6\" data-element_type=\"widget\" data-e-type=\"widget\" data-widget_type=\"text-editor.default\">\n\t\t\t\t\t\t\t\t\t<p>De gr\u00e5 som m\u00f6testyp i UFO-kontaktdiskursen tillh\u00f6r den samtida para-<span class=\"iwg-fachbegriff\" data-tooltip=\"Helheten av en kulturs \u00f6verl\u00e4mnade gudaber\u00e4ttelser.\" tabindex=\"0\">mytologin<\/span>. Funktionellt besl\u00e4ktade \u00e4r de nordiska huldrorna, de irl\u00e4ndska s\u00eddhe som varelser fr\u00e5n en annanv\u00e4rld, och i vidare mening schamanska m\u00f6tet med andev\u00e4sen v\u00e4rlden \u00f6ver. Till skillnad fr\u00e5n klassiska mytologier saknar de gr\u00e5 ett eget kultiskt sammanhang; de \u00e4r en ren erfarenhetskategori i den moderna tiden.<\/p>\n<p><strong>Judisk tradition:<\/strong> Judisk \u00f6vernaturlighet k\u00e4nner till demoner och shedim som bortf\u00f6r eller ans\u00e4tter m\u00e4nniskor nattetid, s\u00e4rskilt under s\u00f6mn och sexualitet. Lilith-<span class=\"iwg-fachbegriff\" data-tooltip=\"En \u00f6verl\u00e4mnad ber\u00e4ttelse om gudar, ursprung och v\u00e4rldens ordning.\" tabindex=\"0\">myten<\/span> (nattbes\u00f6karen) visar liknande ofrivilliga ans\u00e4ttningar. Det saknas dock en alien-dimension; snarare r\u00f6r det sig om lokala eller kosmiskt-demoniska krafter. Beskrivningarna i midrash och <span class=\"iwg-fachbegriff\" tabindex=\"0\" data-tooltip=\"Judisk mystik med huvudverken Sefer Yetzira, Sohar och den lurianska skolan; l\u00e4ran om sefirot, tetragrammet och tikkun.\">kabbalan<\/span> \u00e4r annorlunda antropomorfa \u00e4n science fiction-gr\u00e5.<\/p><p><strong>Den grekisk-romerska v\u00e4rlden:<\/strong> Grekiska daimones och incubi, romerska lamiae beskriver nattliga \u00f6vergreppsv\u00e4sen. Nymfer och najader \u00e4r snarare frivilligt f\u00f6rf\u00f6rande. Goetiska demoner (senare kristet-ockulta traditioner) visar maktf\u00f6rh\u00e5llanden som liknar de gr\u00e5: \u00f6verm\u00e4nskliga v\u00e4sen, g\u00e5tfulla, med <span class=\"iwg-fachbegriff\" tabindex=\"0\" data-tooltip=\"I kristet-medeltida tradition ett formellt kontrakt mellan m\u00e4nniska och demon, ofta undertecknat med blod.\">pakt<\/span>-f\u00f6rm\u00e5ga. Ingen teknologisk dimension.<\/p><p><strong>Mesopotamien:<\/strong> Mesopotamiska lilu-demoner och nattliga edimmu (andar) uppvisar liknande \u00f6vergreppskarakt\u00e4r, men ingen utomv\u00e4rldslig teknologi. Ingen direkt parallell till de gr\u00e5; snarare demoniskt \u00f6vergrepp \u00e4n alien.<\/p><p><strong>Indien\/Asien:<\/strong> Buddhistisk och hinduisk \u00f6vernaturlighet k\u00e4nner till rakshasa (demoner), preta (hungriga andar) och asura (m\u00e4ktiga v\u00e4sen), som kan bortf\u00f6ra eller ans\u00e4tta m\u00e4nniskor. Tibetansk buddhism beskriver pretor och yudu-gudomligheter som \u00e4r aktiva nattetid. Ingen science fiction-dimension, men strukturell likhet: \u00f6verm\u00e4nskliga v\u00e4sen, alternativ dimension, \u00f6vergreppspotential.<\/p>\t\t\t\t\t\t\t\t<\/div>\n\t\t\t\t<\/div>\n\t\t\t\t\t<\/div>\n\t\t\t\t<\/div>\n\t\t<div class=\"elementor-element elementor-element-cpfd58954 e-flex e-con-boxed e-con e-parent\" data-id=\"cpfd58954\" data-element_type=\"container\" data-e-type=\"container\">\n\t\t\t\t\t<div class=\"e-con-inner\">\n\t\t\t\t<div class=\"elementor-element elementor-element-cpb1b1077 elementor-widget elementor-widget-heading\" data-id=\"cpb1b1077\" data-element_type=\"widget\" data-e-type=\"widget\" data-widget_type=\"heading.default\">\n\t\t\t\t\t<h2 class=\"elementor-heading-title elementor-size-default\">Uppkomsten av bilden av de gr\u00e5<\/h2>\t\t\t\t<\/div>\n\t\t<div class=\"elementor-element elementor-element-cpc1c2207 e-con-full e-flex e-con e-child\" data-id=\"cpc1c2207\" data-element_type=\"container\" data-e-type=\"container\">\n\t\t\t\t<div class=\"elementor-element elementor-element-cpfc3fd2a elementor-widget elementor-widget-text-editor\" data-id=\"cpfc3fd2a\" data-element_type=\"widget\" data-e-type=\"widget\" data-widget_type=\"text-editor.default\">\n\t\t\t\t\t\t\t\t\t<p><span data-nosnippet>F\u00f6rest\u00e4llningen om de gr\u00e5, det vill s\u00e4ga sm\u00e5v\u00e4xta utomjordingar med stort huvud, stora svarta \u00f6gon och gr\u00e5 hud, \u00e4r en produkt av den andra h\u00e4lften av 1900-talet. Tidiga beskrivningar av f\u00f6rmodade utomjordingar under UFO-v\u00e5gen fr\u00e5n 1947 var fortfarande mycket oenhetliga. F\u00f6rst efter hand etablerades en enhetlig typ.<\/span><\/p><p>En viktig milstolpe anses vara fallet med makarna Betty och Barney Hill, som 1961 rapporterade om en p\u00e5st\u00e5dd bortf\u00f6rning. Ber\u00e4ttelsen som uppstod under hypnos och de skildringar som bygger p\u00e5 den bidrog till att forma v\u00e4sendenas utseende.<\/p><p>Typen fick slutligen stor spridning genom boken <em>Communion<\/em> (1987) av Whitley Strieber, vars bokomslag gjorde gestalten k\u00e4nd f\u00f6r en bred publik.<\/p><p><span data-nosnippet>Medievetenskapliga unders\u00f6kningar har visat att film och tv, exempelvis <em>Close Encounters of the Third Kind<\/em> (1977), och rapportering om p\u00e5st\u00e5dda bortf\u00f6randen f\u00f6rst\u00e4rkte varandra \u00f6msesidigt. Bilden av de gr\u00e5 \u00e4r d\u00e4rmed ett v\u00e4ldokumenterat exempel p\u00e5 ett kulturellt uppkommet och medialt bef\u00e4st <span class=\"iwg-fachbegriff\" data-tooltip=\"Ett \u00e5terkommande inneh\u00e5llselement i konst eller ber\u00e4ttelse.\" tabindex=\"0\">motiv<\/span>.<\/span><\/p>\t\t\t\t\t\t\t\t<\/div>\n\t\t\t\t<\/div>\n\t\t\t\t\t<\/div>\n\t\t\t\t<\/div>\n\t\t<div class=\"elementor-element elementor-element-cp630d24a e-flex e-con-boxed e-con e-parent\" data-id=\"cp630d24a\" data-element_type=\"container\" data-e-type=\"container\">\n\t\t\t\t\t<div class=\"e-con-inner\">\n\t\t\t\t<div class=\"elementor-element elementor-element-cp62ecf4e elementor-widget elementor-widget-heading\" data-id=\"cp62ecf4e\" data-element_type=\"widget\" data-e-type=\"widget\" data-widget_type=\"heading.default\">\n\t\t\t\t\t<h2 class=\"elementor-heading-title elementor-size-default\">Spridning och kulturell mottagning<\/h2>\t\t\t\t<\/div>\n\t\t<div class=\"elementor-element elementor-element-cp3884524 e-con-full e-flex e-con e-child\" data-id=\"cp3884524\" data-element_type=\"container\" data-e-type=\"container\">\n\t\t\t\t<div class=\"elementor-element elementor-element-cp7863aa8 elementor-widget elementor-widget-text-editor\" data-id=\"cp7863aa8\" data-element_type=\"widget\" data-e-type=\"widget\" data-widget_type=\"text-editor.default\">\n\t\t\t\t\t\t\t\t\t<p>Sedan 1980-talet har de gr\u00e5 blivit den mest k\u00e4nda skildringen av utomjordiskt liv i v\u00e4rlden. De f\u00f6rekommer i filmer, serier, reklam, serietidningar och som merchandising-<span class=\"iwg-fachbegriff\" data-tooltip=\"Ett \u00e5terkommande inneh\u00e5llselement i konst eller ber\u00e4ttelse.\" tabindex=\"0\">motiv<\/span>. Denna popul\u00e4rkulturella n\u00e4rvaro har gjort att bilden kan h\u00e4mtas fram \u00e4ven d\u00e4r det inte finns n\u00e5gon tro p\u00e5 verkliga utomjordingar.<\/p><p>Inom ufologin och bortf\u00f6randescenen har omfattande ber\u00e4ttelser bildats kring de gr\u00e5, till exempel om medicinska unders\u00f6kningar, hybridprogram eller \u00f6verenskommelser med regeringar. Dessa motiv sammanfl\u00e4tas delvis med konspirationsber\u00e4ttelser, bland annat komplexet kring <a href=\"https:\/\/iwell-guard.com\/sv\/reptiloider\/\">reptiloiderna<\/a>, varvid de b\u00e5da f\u00f6rest\u00e4llningarna har olika ursprung och inte b\u00f6r likst\u00e4llas.<\/p><p><span class=\"iwg-fachbegriff\" data-tooltip=\"Vetenskapen som utan trosbundenhet unders\u00f6ker religioner j\u00e4mf\u00f6rande.\" tabindex=\"0\">Religionsvetenskapen<\/span> och sociologin beskriver tron p\u00e5 de gr\u00e5 delvis som ett inslag i nya, teknikpr\u00e4glade meningsskapande sammanhang. Vissa forskare har pekat p\u00e5 strukturella likheter mellan bortf\u00f6randeber\u00e4ttelser och \u00e4ldre ber\u00e4ttelser om m\u00f6ten med \u00f6vernaturliga v\u00e4sen, exempelvis feer eller demoner, utan att d\u00e4rmed h\u00e4vda en inneh\u00e5llslig likst\u00e4llighet.<\/p>\t\t\t\t\t\t\t\t<\/div>\n\t\t\t\t<\/div>\n\t\t\t\t\t<\/div>\n\t\t\t\t<\/div>\n\t\t<div class=\"elementor-element elementor-element-cpc7bd846 e-flex e-con-boxed e-con e-parent\" data-id=\"cpc7bd846\" data-element_type=\"container\" data-e-type=\"container\">\n\t\t\t\t\t<div class=\"e-con-inner\">\n\t\t\t\t<div class=\"elementor-element elementor-element-cp8b5a7d5 elementor-widget elementor-widget-heading\" data-id=\"cp8b5a7d5\" data-element_type=\"widget\" data-e-type=\"widget\" data-widget_type=\"heading.default\">\n\t\t\t\t\t<h2 class=\"elementor-heading-title elementor-size-default\">Forskningsm\u00e4ssig placering och kritik<\/h2>\t\t\t\t<\/div>\n\t\t<div class=\"elementor-element elementor-element-cp7359c40 e-con-full e-flex e-con e-child\" data-id=\"cp7359c40\" data-element_type=\"container\" data-e-type=\"container\">\n\t\t\t\t<div class=\"elementor-element elementor-element-cpe84dedb elementor-widget elementor-widget-text-editor\" data-id=\"cpe84dedb\" data-element_type=\"widget\" data-e-type=\"widget\" data-widget_type=\"text-editor.default\">\n\t\t\t\t\t\t\t\t\t<p>Det finns inga vetenskapligt erk\u00e4nda bel\u00e4gg f\u00f6r att de gr\u00e5 existerar som verkliga v\u00e4sen. Ber\u00e4ttelser om bortf\u00f6randen bygger till \u00f6verv\u00e4gande del p\u00e5 minnen som ofta ordnats i efterhand, delvis under hypnos. Den psykologiska forskningen har p\u00e5pekat att hypnos inte g\u00f6r minnen tillf\u00f6rlitliga och kan gynna s\u00e5 kallade skenminnen.<\/p><p>Flera f\u00f6rklaringsmodeller har diskuterats, bland annat s\u00f6mnparalys med \u00e5tf\u00f6ljande sinnesintryck, hur kulturella f\u00f6rlagor p\u00e5verkar tolkningen av oklara upplevelser samt sociala dynamiker i sj\u00e4lvhj\u00e4lps- och forskargrupper. Ingen av dessa modeller f\u00f6ruts\u00e4tter existensen av verkliga utomjordingar, och ingen av dem f\u00f6rnekar de drabbades subjektiva upplevelse dess \u00e4kthet.<\/p><p>iWell Guard placerar de gr\u00e5 som ett modernt fenomen inom ufologin och popul\u00e4rkulturen, inte som en \u00f6verl\u00e4mnad mytologisk gestalt. Framst\u00e4llningen syftar till att informera om ursprung, spridning och forskningsdiskussion. Den som vill f\u00f6rdjupa sig i besl\u00e4ktade samtida f\u00f6rest\u00e4llningar hittar anknytningspunkter i artikeln om <a href=\"https:\/\/iwell-guard.com\/sv\/reptiloider\/\">reptiloiderna<\/a>.<\/p>\t\t\t\t\t\t\t\t<\/div>\n\t\t\t\t<\/div>\n\t\t\t\t\t<\/div>\n\t\t\t\t<\/div>\n\t\t<div class=\"elementor-element elementor-element-36dd7469 e-flex e-con-boxed e-con e-parent\" data-id=\"36dd7469\" data-element_type=\"container\" data-e-type=\"container\">\n\t\t\t\t\t<div class=\"e-con-inner\">\n\t\t\t\t<div class=\"elementor-element elementor-element-13760ab4 elementor-widget elementor-widget-heading\" data-id=\"13760ab4\" data-element_type=\"widget\" data-e-type=\"widget\" data-widget_type=\"heading.default\">\n\t\t\t\t\t<h2 class=\"elementor-heading-title elementor-size-default\">Vidare l\u00e4nkar<\/h2>\t\t\t\t<\/div>\n\t\t<div class=\"elementor-element elementor-element-28c87796 e-con-full e-flex e-con e-child\" data-id=\"28c87796\" data-element_type=\"container\" data-e-type=\"container\">\n\t\t\t\t<div class=\"elementor-element elementor-element-5d6538df elementor-widget elementor-widget-text-editor\" data-id=\"5d6538df\" data-element_type=\"widget\" data-e-type=\"widget\" data-widget_type=\"text-editor.default\">\n\t\t\t\t\t\t\t\t\t<ul><li><a href=\"https:\/\/iwell-guard.com\/sv\/reptiloider\/\">Reptiloiderna, besl\u00e4ktad UFO-mytologi<\/a><\/li><li><a href=\"https:\/\/iwell-guard.com\/sv\/uppstigna-mastare-samlingsbegrepp\/\">Uppstigna m\u00e4stare, besl\u00e4ktad New Age-mytologi<\/a><\/li><\/ul>\t\t\t\t\t\t\t\t<\/div>\n\t\t\t\t<\/div>\n\t\t\t\t\t<\/div>\n\t\t\t\t<\/div>\n\t\t<div class=\"elementor-element elementor-element-grl4kl40 e-flex e-con-boxed e-con e-parent\" data-id=\"grl4kl40\" data-element_type=\"container\" data-e-type=\"container\">\n\t\t\t\t\t<div class=\"e-con-inner\">\n\t\t\t\t<div class=\"elementor-element elementor-element-bzsbfrmh elementor-widget elementor-widget-heading\" data-id=\"bzsbfrmh\" data-element_type=\"widget\" data-e-type=\"widget\" data-widget_type=\"heading.default\">\n\t\t\t\t\t<h2 class=\"elementor-heading-title elementor-size-default\">K\u00e4llor och litteratur<\/h2>\t\t\t\t<\/div>\n\t\t<div class=\"elementor-element elementor-element-2c13224a e-con-full e-flex e-con e-child\" data-id=\"2c13224a\" data-element_type=\"container\" data-e-type=\"container\">\n\t\t\t\t<div class=\"elementor-element elementor-element-0eymh9ub elementor-widget elementor-widget-text-editor\" data-id=\"0eymh9ub\" data-element_type=\"widget\" data-e-type=\"widget\" data-widget_type=\"text-editor.default\">\n\t\t\t\t\t\t\t\t\t<footer class=\"iwg-literatur\" data-nosnippet=\"true\"><ul><li><span data-nosnippet>Bullard, Thomas E.: <em>The Myth and Mystery of UFOs<\/em>. University Press of Kansas, Lawrence 2010.<\/span><\/li><li><span data-nosnippet>Lewis, James R. (Hg.): <em>UFOs and Popular Culture: An Encyclopedia of Contemporary Myth<\/em>. ABC-CLIO, Santa Barbara 2000.<\/span><\/li><li><span data-nosnippet>Partridge, Christopher (Hg.): <em>UFO Religions<\/em>. Routledge, London 2003.<\/span><\/li><li><span data-nosnippet>Mack, John E.: <em>Abduction: Human Encounters with Aliens<\/em>. Scribner, New York 1994.<\/span><\/li><li><span data-nosnippet>Strieber, Whitley: <em>Communion: A True Story<\/em>. Beech Tree Books, New York 1987.<\/span><\/li><li><span data-nosnippet>Fuller, John G.: <em>The Interrupted Journey<\/em>. Dial Press, New York 1966.<\/span><\/li><\/ul><\/footer>\t\t\t\t\t\t\t\t<\/div>\n\t\t\t\t<\/div>\n\t\t\t\t\t<\/div>\n\t\t\t\t<\/div>\n\t\t<div class=\"elementor-element elementor-element-iwgkw2-add-graue e-flex e-con-boxed e-con e-parent\" data-id=\"iwgkw2-add-graue\" data-element_type=\"container\" data-e-type=\"container\">\n\t\t\t\t\t<div class=\"e-con-inner\">\n\t\t\t\t<div class=\"elementor-element elementor-element-iwgkw2-add-graue-t elementor-widget elementor-widget-text-editor\" data-id=\"iwgkw2-add-graue-t\" data-element_type=\"widget\" data-e-type=\"widget\" data-widget_type=\"text-editor.default\">\n\t\t\t\t\t\t\t\t\t<p>Den Gr\u00e5 \u00e4r ingen etablerad <em><span class=\"iwg-fachbegriff\" data-tooltip=\"En varelse som dyrkas som gudomlig inom en religion.\" tabindex=\"0\">gudom<\/span><\/em> fr\u00e5n antika panteoner, utan ett modernt l\u00e5nmotiv som i nutida str\u00f6mningar rekonstrueras och omtolkas utifr\u00e5n \u00e4ldre bildv\u00e4rldar av tr\u00f6skelvarelser.<\/p>\t\t\t\t\t\t\t\t<\/div>\n\t\t\t\t\t<\/div>\n\t\t\t\t<\/div>\n\t\t\t\t<\/div>\n\t\t","protected":false},"excerpt":{"rendered":"","protected":false},"author":3,"featured_media":1757,"parent":0,"menu_order":0,"comment_status":"closed","ping_status":"closed","template":"elementor_header_footer","meta":{"_yoast_wpseo_focuskw":"Gr\u00e5","_yoast_wpseo_title":"Gr\u00e5 \u2013 utomjordingarna inom New Age-l\u00e4ran","_yoast_wpseo_metadesc":"Gr\u00e5, gestalter i moderna ufober\u00e4ttelser: humanoida varelser med stora svarta \u00f6gon, religionsvetenskapligt en myt om teknikr\u00e4dsla.","_yoast_wpseo_meta-robots-noindex":"","_yoast_wpseo_canonical":"","_angie_page":false,"gefaehrdungsstufe":"3","wesen_kultur":"new-age","wesen_klasse":"daemonen","footnotes":""},"categories":[],"class_list":["post-136761","page","type-page","status-publish","has-post-thumbnail","hentry"],"yoast_head":"<!-- This site is optimized with the Yoast SEO Premium plugin v27.7 (Yoast SEO v28.3) - https:\/\/yoast.com\/product\/yoast-seo-premium-wordpress\/ -->\n<title>Gr\u00e5 \u2013 utomjordingarna inom New Age-l\u00e4ran<\/title>\n<meta name=\"description\" content=\"Gr\u00e5, gestalter i moderna ufober\u00e4ttelser: humanoida varelser med stora svarta \u00f6gon, religionsvetenskapligt en myt om teknikr\u00e4dsla.\" \/>\n<meta name=\"robots\" content=\"index, follow, max-snippet:-1, max-image-preview:large, max-video-preview:-1\" \/>\n<link rel=\"canonical\" href=\"https:\/\/iwell-guard.com\/sv\/gra\/\" \/>\n<meta property=\"og:locale\" content=\"sv_SE\" \/>\n<meta property=\"og:type\" content=\"article\" \/>\n<meta property=\"og:title\" content=\"Gr\u00e5\" \/>\n<meta property=\"og:description\" content=\"Gr\u00e5, gestalter i moderna ufober\u00e4ttelser: humanoida varelser med stora svarta \u00f6gon, religionsvetenskapligt en myt om teknikr\u00e4dsla.\" \/>\n<meta property=\"og:url\" content=\"https:\/\/iwell-guard.com\/sv\/gra\/\" \/>\n<meta property=\"og:site_name\" content=\"iWell Guard\" \/>\n<meta property=\"article:modified_time\" content=\"2026-09-03T01:11:17+00:00\" \/>\n<meta property=\"og:image\" content=\"https:\/\/iwell-guard.com\/wp-content\/uploads\/2026\/04\/daemonen_new-age_graue.webp\" \/>\n\t<meta property=\"og:image:width\" content=\"1024\" \/>\n\t<meta property=\"og:image:height\" content=\"1536\" \/>\n\t<meta property=\"og:image:type\" content=\"image\/webp\" \/>\n<meta name=\"twitter:card\" content=\"summary_large_image\" \/>\n<script type=\"application\/ld+json\" class=\"yoast-schema-graph\">{\"@context\":\"https:\\\/\\\/schema.org\",\"@graph\":[{\"@type\":\"WebPage\",\"@id\":\"https:\\\/\\\/iwell-guard.com\\\/sv\\\/gra\\\/\",\"url\":\"https:\\\/\\\/iwell-guard.com\\\/sv\\\/gra\\\/\",\"name\":\"Gr\u00e5 \u2013 utomjordingarna inom New Age-l\u00e4ran\",\"isPartOf\":{\"@id\":\"https:\\\/\\\/iwell-guard.com\\\/sv\\\/#website\"},\"primaryImageOfPage\":{\"@id\":\"https:\\\/\\\/iwell-guard.com\\\/sv\\\/gra\\\/#primaryimage\"},\"image\":{\"@id\":\"https:\\\/\\\/iwell-guard.com\\\/sv\\\/gra\\\/#primaryimage\"},\"thumbnailUrl\":\"https:\\\/\\\/iwell-guard.com\\\/wp-content\\\/uploads\\\/2026\\\/04\\\/daemonen_new-age_graue.webp\",\"datePublished\":\"2026-09-03T00:09:48+00:00\",\"dateModified\":\"2026-09-03T01:11:17+00:00\",\"description\":\"Gr\u00e5, gestalter i moderna ufober\u00e4ttelser: humanoida varelser med stora svarta \u00f6gon, religionsvetenskapligt en myt om teknikr\u00e4dsla.\",\"breadcrumb\":{\"@id\":\"https:\\\/\\\/iwell-guard.com\\\/sv\\\/gra\\\/#breadcrumb\"},\"inLanguage\":\"sv-SE\",\"potentialAction\":[{\"@type\":\"ReadAction\",\"target\":[\"https:\\\/\\\/iwell-guard.com\\\/sv\\\/gra\\\/\"]}]},{\"@type\":\"ImageObject\",\"inLanguage\":\"sv-SE\",\"@id\":\"https:\\\/\\\/iwell-guard.com\\\/sv\\\/gra\\\/#primaryimage\",\"url\":\"https:\\\/\\\/iwell-guard.com\\\/wp-content\\\/uploads\\\/2026\\\/04\\\/daemonen_new-age_graue.webp\",\"contentUrl\":\"https:\\\/\\\/iwell-guard.com\\\/wp-content\\\/uploads\\\/2026\\\/04\\\/daemonen_new-age_graue.webp\",\"width\":1024,\"height\":1536,\"caption\":\"Demoner fr\u00e5n New Age-traditionen.\"},{\"@type\":\"BreadcrumbList\",\"@id\":\"https:\\\/\\\/iwell-guard.com\\\/sv\\\/gra\\\/#breadcrumb\",\"itemListElement\":[{\"@type\":\"ListItem\",\"position\":1,\"name\":\"Start\",\"item\":\"https:\\\/\\\/iwell-guard.com\\\/sv\\\/?page_id=136483\"},{\"@type\":\"ListItem\",\"position\":2,\"name\":\"Gr\u00e5\"}]},{\"@type\":\"WebSite\",\"@id\":\"https:\\\/\\\/iwell-guard.com\\\/sv\\\/#website\",\"url\":\"https:\\\/\\\/iwell-guard.com\\\/sv\\\/\",\"name\":\"iWell Guard\",\"description\":\"Schutz vor dunklen Einfl\u00fcssen\",\"publisher\":{\"@id\":\"https:\\\/\\\/iwell-guard.com\\\/sv\\\/#organization\"},\"potentialAction\":[{\"@type\":\"SearchAction\",\"target\":{\"@type\":\"EntryPoint\",\"urlTemplate\":\"https:\\\/\\\/iwell-guard.com\\\/sv\\\/?s={search_term_string}\"},\"query-input\":{\"@type\":\"PropertyValueSpecification\",\"valueRequired\":true,\"valueName\":\"search_term_string\"}}],\"inLanguage\":\"sv-SE\"},{\"@type\":\"Organization\",\"@id\":\"https:\\\/\\\/iwell-guard.com\\\/sv\\\/#organization\",\"name\":\"Ittermann electronic GmbH\",\"url\":\"https:\\\/\\\/iwell-guard.com\\\/sv\\\/\",\"logo\":{\"@type\":\"ImageObject\",\"inLanguage\":\"sv-SE\",\"@id\":\"https:\\\/\\\/iwell-guard.com\\\/sv\\\/#\\\/schema\\\/logo\\\/image\\\/\",\"url\":\"https:\\\/\\\/iwell-guard.com\\\/wp-content\\\/uploads\\\/2026\\\/05\\\/Ittermann-Logo-1182x237-1.png\",\"contentUrl\":\"https:\\\/\\\/iwell-guard.com\\\/wp-content\\\/uploads\\\/2026\\\/05\\\/Ittermann-Logo-1182x237-1.png\",\"width\":1182,\"height\":237,\"caption\":\"Ittermann electronic GmbH\"},\"image\":{\"@id\":\"https:\\\/\\\/iwell-guard.com\\\/sv\\\/#\\\/schema\\\/logo\\\/image\\\/\"},\"sameAs\":[\"https:\\\/\\\/pantip.com\\\/profile\\\/9367242\",\"https:\\\/\\\/micro.blog\\\/iwellguard\",\"https:\\\/\\\/www.diggerslist.com\\\/iwellguard\\\/about\",\"https:\\\/\\\/skitterphoto.com\\\/photographers\\\/2870314\\\/iwell-guard\",\"https:\\\/\\\/iwellguard.wordpress.com\\\/2026\\\/06\\\/06\\\/iwell-guard\\\/\",\"https:\\\/\\\/hub.docker.com\\\/u\\\/iwellguard\",\"https:\\\/\\\/www.pinterest.com\\\/iwellguard\\\/\",\"https:\\\/\\\/bit.ly\\\/m\\\/iwellguard\",\"https:\\\/\\\/entre-vos-mains.alsace.eu\\\/profiles\\\/iwellguard\\\/activity\",\"https:\\\/\\\/gravatar.com\\\/reallybeded8fd34\",\"https:\\\/\\\/naijamatta.com\\\/iwellguard\",\"https:\\\/\\\/www.goodreads.com\\\/iwellguard\",\"https:\\\/\\\/profile.hatena.ne.jp\\\/iwellguard\\\/\",\"https:\\\/\\\/experiment.com\\\/users\\\/iwellguard\",\"https:\\\/\\\/wakelet.com\\\/@iWellGuard82270\",\"https:\\\/\\\/www.chordie.com\\\/forum\\\/profile.php?id=2555664\",\"https:\\\/\\\/www.instapaper.com\\\/p\\\/17757966\",\"https:\\\/\\\/www.mapleprimes.com\\\/users\\\/iwellguard\",\"https:\\\/\\\/businesslistingplus.com\\\/profile\\\/iwell-guard\\\/\",\"https:\\\/\\\/telegra.ph\\\/iWell-Guard-06-06\",\"https:\\\/\\\/pbase.com\\\/iwellguard\\\/iwellguard\",\"https:\\\/\\\/b.hatena.ne.jp\\\/iwellguard\\\/20260607#bookmark-4788405196491818882\",\"https:\\\/\\\/fliphtml5.com\\\/home\\\/iwellguard\",\"https:\\\/\\\/anyflip.com\\\/homepage\\\/cmiwl#About\",\"https:\\\/\\\/transfur.com\\\/Users\\\/iwellguard\",\"http:\\\/\\\/delphi.larsbo.org\\\/user\\\/iwellguard\",\"https:\\\/\\\/jobs.lajobsportal.org\\\/profiles\\\/8380803-iwell-guard\",\"https:\\\/\\\/md.chaosdorf.de\\\/s\\\/jfbe5SBdJD\",\"https:\\\/\\\/www.lingvolive.com\\\/en-us\\\/profile\\\/9ecaeaca-ce11-4e51-9e71-01d55e2bff36\\\/translations\",\"https:\\\/\\\/www.fitday.com\\\/fitness\\\/forums\\\/members\\\/iwellguard.html\",\"https:\\\/\\\/www.mymeetbook.com\\\/iwellguard\",\"https:\\\/\\\/pxhere.com\\\/en\\\/photographer-me\\\/5040798\",\"https:\\\/\\\/disqus.com\\\/by\\\/iwellguard\\\/about\\\/\",\"https:\\\/\\\/pastelink.net\\\/hjwciqwq\",\"https:\\\/\\\/pubhtml5.com\\\/homepage\\\/scjhn\\\/\",\"https:\\\/\\\/www.bitchute.com\\\/channel\\\/2O2eOKzNqujT\",\"https:\\\/\\\/audiomack.com\\\/iwellguard\"]},{\"@type\":\"Article\",\"@id\":\"https:\\\/\\\/iwell-guard.com\\\/sv\\\/gra\\\/#article\",\"isPartOf\":{\"@id\":\"https:\\\/\\\/iwell-guard.com\\\/sv\\\/gra\\\/\"},\"author\":{\"name\":\"Ralf Ittermann\",\"@id\":\"https:\\\/\\\/iwell-guard.com\\\/sv\\\/#\\\/schema\\\/person\\\/ee2a27f1cac3406c7c6fb5820cb7349f\"},\"headline\":\"Gr\u00e5\",\"datePublished\":\"2026-09-03T00:09:48+00:00\",\"dateModified\":\"2026-09-03T01:11:17+00:00\",\"mainEntityOfPage\":{\"@id\":\"https:\\\/\\\/iwell-guard.com\\\/sv\\\/gra\\\/\"},\"publisher\":{\"@id\":\"https:\\\/\\\/iwell-guard.com\\\/sv\\\/#organization\"},\"image\":{\"@id\":\"https:\\\/\\\/iwell-guard.com\\\/sv\\\/gra\\\/#primaryimage\"},\"thumbnailUrl\":\"https:\\\/\\\/iwell-guard.com\\\/wp-content\\\/uploads\\\/2026\\\/04\\\/daemonen_new-age_graue.webp\",\"inLanguage\":\"sv-SE\",\"description\":\"Gr\u00e5, gestalter i moderna ufober\u00e4ttelser: humanoida varelser med stora svarta \u00f6gon, religionsvetenskapligt en myt om teknikr\u00e4dsla.\"}]}<\/script>\n<!-- \/ Yoast SEO Premium plugin. -->","yoast_head_json":{"title":"Gr\u00e5 \u2013 utomjordingarna inom New Age-l\u00e4ran","description":"Gr\u00e5, gestalter i moderna ufober\u00e4ttelser: humanoida varelser med stora svarta \u00f6gon, religionsvetenskapligt en myt om teknikr\u00e4dsla.","robots":{"index":"index","follow":"follow","max-snippet":"max-snippet:-1","max-image-preview":"max-image-preview:large","max-video-preview":"max-video-preview:-1"},"canonical":"https:\/\/iwell-guard.com\/sv\/gra\/","og_locale":"sv_SE","og_type":"article","og_title":"Gr\u00e5","og_description":"Gr\u00e5, gestalter i moderna ufober\u00e4ttelser: humanoida varelser med stora svarta \u00f6gon, religionsvetenskapligt en myt om teknikr\u00e4dsla.","og_url":"https:\/\/iwell-guard.com\/sv\/gra\/","og_site_name":"iWell Guard","article_modified_time":"2026-09-03T01:11:17+00:00","og_image":[{"width":1024,"height":1536,"url":"https:\/\/iwell-guard.com\/wp-content\/uploads\/2026\/04\/daemonen_new-age_graue.webp","type":"image\/webp"}],"twitter_card":"summary_large_image","schema":{"@context":"https:\/\/schema.org","@graph":[{"@type":"Article","@id":"https:\/\/iwell-guard.com\/sv\/gra\/#article","isPartOf":{"@id":"https:\/\/iwell-guard.com\/sv\/gra\/"},"author":{"name":"Ralf Ittermann","@id":"https:\/\/iwell-guard.com\/sv\/#\/schema\/person\/ee2a27f1cac3406c7c6fb5820cb7349f"},"headline":"Gr\u00e5","datePublished":"2026-09-03T00:09:48+00:00","dateModified":"2026-09-03T01:11:17+00:00","mainEntityOfPage":{"@id":"https:\/\/iwell-guard.com\/sv\/gra\/"},"publisher":{"@id":"https:\/\/iwell-guard.com\/sv\/#organization"},"image":{"@id":"https:\/\/iwell-guard.com\/sv\/gra\/#primaryimage"},"thumbnailUrl":"https:\/\/iwell-guard.com\/wp-content\/uploads\/2026\/04\/daemonen_new-age_graue.webp","inLanguage":"sv-SE","description":"Gr\u00e5, gestalter i moderna ufober\u00e4ttelser: humanoida varelser med stora svarta \u00f6gon, religionsvetenskapligt en myt om teknikr\u00e4dsla."},{"@type":"WebPage","@id":"https:\/\/iwell-guard.com\/sv\/gra\/","url":"https:\/\/iwell-guard.com\/sv\/gra\/","name":"Gr\u00e5 \u2013 utomjordingarna inom New Age-l\u00e4ran","isPartOf":{"@id":"https:\/\/iwell-guard.com\/sv\/#website"},"primaryImageOfPage":{"@id":"https:\/\/iwell-guard.com\/sv\/gra\/#primaryimage"},"image":{"@id":"https:\/\/iwell-guard.com\/sv\/gra\/#primaryimage"},"thumbnailUrl":"https:\/\/iwell-guard.com\/wp-content\/uploads\/2026\/04\/daemonen_new-age_graue.webp","datePublished":"2026-09-03T00:09:48+00:00","dateModified":"2026-09-03T01:11:17+00:00","description":"Gr\u00e5, gestalter i moderna ufober\u00e4ttelser: humanoida varelser med stora svarta \u00f6gon, religionsvetenskapligt en myt om teknikr\u00e4dsla.","breadcrumb":{"@id":"https:\/\/iwell-guard.com\/sv\/gra\/#breadcrumb"},"inLanguage":"sv-SE","potentialAction":[{"@type":"ReadAction","target":["https:\/\/iwell-guard.com\/sv\/gra\/"]}]},{"@type":"ImageObject","inLanguage":"sv-SE","@id":"https:\/\/iwell-guard.com\/sv\/gra\/#primaryimage","url":"https:\/\/iwell-guard.com\/wp-content\/uploads\/2026\/04\/daemonen_new-age_graue.webp","contentUrl":"https:\/\/iwell-guard.com\/wp-content\/uploads\/2026\/04\/daemonen_new-age_graue.webp","width":1024,"height":1536,"caption":"Demoner fr\u00e5n New Age-traditionen."},{"@type":"BreadcrumbList","@id":"https:\/\/iwell-guard.com\/sv\/gra\/#breadcrumb","itemListElement":[{"@type":"ListItem","position":1,"name":"Start","item":"https:\/\/iwell-guard.com\/sv\/?page_id=136483"},{"@type":"ListItem","position":2,"name":"Gr\u00e5"}]},{"@type":"WebSite","@id":"https:\/\/iwell-guard.com\/sv\/#website","url":"https:\/\/iwell-guard.com\/sv\/","name":"iWell Guard","description":"Schutz vor dunklen Einfl\u00fcssen","publisher":{"@id":"https:\/\/iwell-guard.com\/sv\/#organization"},"potentialAction":[{"@type":"SearchAction","target":{"@type":"EntryPoint","urlTemplate":"https:\/\/iwell-guard.com\/sv\/?s={search_term_string}"},"query-input":{"@type":"PropertyValueSpecification","valueRequired":true,"valueName":"search_term_string"}}],"inLanguage":"sv-SE"},{"@type":"Organization","@id":"https:\/\/iwell-guard.com\/sv\/#organization","name":"Ittermann electronic GmbH","url":"https:\/\/iwell-guard.com\/sv\/","logo":{"@type":"ImageObject","inLanguage":"sv-SE","@id":"https:\/\/iwell-guard.com\/sv\/#\/schema\/logo\/image\/","url":"https:\/\/iwell-guard.com\/wp-content\/uploads\/2026\/05\/Ittermann-Logo-1182x237-1.png","contentUrl":"https:\/\/iwell-guard.com\/wp-content\/uploads\/2026\/05\/Ittermann-Logo-1182x237-1.png","width":1182,"height":237,"caption":"Ittermann electronic GmbH"},"image":{"@id":"https:\/\/iwell-guard.com\/sv\/#\/schema\/logo\/image\/"},"sameAs":["https:\/\/pantip.com\/profile\/9367242","https:\/\/micro.blog\/iwellguard","https:\/\/www.diggerslist.com\/iwellguard\/about","https:\/\/skitterphoto.com\/photographers\/2870314\/iwell-guard","https:\/\/iwellguard.wordpress.com\/2026\/06\/06\/iwell-guard\/","https:\/\/hub.docker.com\/u\/iwellguard","https:\/\/www.pinterest.com\/iwellguard\/","https:\/\/bit.ly\/m\/iwellguard","https:\/\/entre-vos-mains.alsace.eu\/profiles\/iwellguard\/activity","https:\/\/gravatar.com\/reallybeded8fd34","https:\/\/naijamatta.com\/iwellguard","https:\/\/www.goodreads.com\/iwellguard","https:\/\/profile.hatena.ne.jp\/iwellguard\/","https:\/\/experiment.com\/users\/iwellguard","https:\/\/wakelet.com\/@iWellGuard82270","https:\/\/www.chordie.com\/forum\/profile.php?id=2555664","https:\/\/www.instapaper.com\/p\/17757966","https:\/\/www.mapleprimes.com\/users\/iwellguard","https:\/\/businesslistingplus.com\/profile\/iwell-guard\/","https:\/\/telegra.ph\/iWell-Guard-06-06","https:\/\/pbase.com\/iwellguard\/iwellguard","https:\/\/b.hatena.ne.jp\/iwellguard\/20260607#bookmark-4788405196491818882","https:\/\/fliphtml5.com\/home\/iwellguard","https:\/\/anyflip.com\/homepage\/cmiwl#About","https:\/\/transfur.com\/Users\/iwellguard","http:\/\/delphi.larsbo.org\/user\/iwellguard","https:\/\/jobs.lajobsportal.org\/profiles\/8380803-iwell-guard","https:\/\/md.chaosdorf.de\/s\/jfbe5SBdJD","https:\/\/www.lingvolive.com\/en-us\/profile\/9ecaeaca-ce11-4e51-9e71-01d55e2bff36\/translations","https:\/\/www.fitday.com\/fitness\/forums\/members\/iwellguard.html","https:\/\/www.mymeetbook.com\/iwellguard","https:\/\/pxhere.com\/en\/photographer-me\/5040798","https:\/\/disqus.com\/by\/iwellguard\/about\/","https:\/\/pastelink.net\/hjwciqwq","https:\/\/pubhtml5.com\/homepage\/scjhn\/","https:\/\/www.bitchute.com\/channel\/2O2eOKzNqujT","https:\/\/audiomack.com\/iwellguard"]},{"@type":"Person","@id":"https:\/\/iwell-guard.com\/sv\/#\/schema\/person\/ee2a27f1cac3406c7c6fb5820cb7349f","name":"Ralf Ittermann","image":{"@type":"ImageObject","inLanguage":"sv-SE","@id":"https:\/\/secure.gravatar.com\/avatar\/073c0153e350a5005b68eb752b445fea71f6b24a26da9449ad7e155e6b446c9d?s=96&d=mm&r=g","url":"https:\/\/secure.gravatar.com\/avatar\/073c0153e350a5005b68eb752b445fea71f6b24a26da9449ad7e155e6b446c9d?s=96&d=mm&r=g","contentUrl":"https:\/\/secure.gravatar.com\/avatar\/073c0153e350a5005b68eb752b445fea71f6b24a26da9449ad7e155e6b446c9d?s=96&d=mm&r=g","caption":"Ralf Ittermann"},"givenName":"Ralf","familyName":"Ittermann","jobTitle":"Gesch\u00e4ftsf\u00fchrer und redaktioneller Verantwortlicher","url":"https:\/\/iwell-guard.com\/sv\/author\/claude\/","description":"Ralf Ittermann ist Gesch\u00e4ftsf\u00fchrer der Ittermann electronic GmbH und redaktioneller Verantwortlicher des iWell-Guard-Lexikons. Er verbindet langj\u00e4hrige Erfahrung in der Pr\u00e4zisionsfertigung mit medialer Praxis und religionsgeschichtlicher Quellenarbeit.","worksFor":{"@type":"Organization","name":"Ittermann electronic GmbH","url":"https:\/\/ittermann.de\/","address":{"@type":"PostalAddress","streetAddress":"K\u00f6hlergasse 16-18","postalCode":"99842","addressLocality":"Ruhla","addressCountry":"DE"}},"knowsAbout":["Religionsgeschichte","Mythologie","Mediale Praxis","Energetische Diagnostik","Schutzpraxis","Volksglauben","Westliche Esoterik"]},{"@type":"Article","@id":"https:\/\/iwell-guard.com\/sv\/gra\/#article","isPartOf":{"@id":"https:\/\/iwell-guard.com\/sv\/gra\/"},"author":{"name":"Ralf Ittermann","@id":"https:\/\/iwell-guard.com\/sv\/#\/schema\/person\/ee2a27f1cac3406c7c6fb5820cb7349f"},"headline":"Gr\u00e5","datePublished":"2026-09-03T00:09:48+00:00","dateModified":"2026-09-03T01:11:17+00:00","mainEntityOfPage":{"@id":"https:\/\/iwell-guard.com\/sv\/gra\/"},"publisher":{"@id":"https:\/\/iwell-guard.com\/sv\/#organization"},"image":{"@id":"https:\/\/iwell-guard.com\/sv\/gra\/#primaryimage"},"thumbnailUrl":"https:\/\/iwell-guard.com\/wp-content\/uploads\/2026\/04\/daemonen_new-age_graue.webp","inLanguage":"sv-SE","description":"Gr\u00e5, gestalter i moderna ufober\u00e4ttelser: humanoida varelser med stora svarta \u00f6gon, religionsvetenskapligt en myt om teknikr\u00e4dsla."}]}},"_links":{"self":[{"href":"https:\/\/iwell-guard.com\/sv\/wp-json\/wp\/v2\/pages\/136761","targetHints":{"allow":["GET"]}}],"collection":[{"href":"https:\/\/iwell-guard.com\/sv\/wp-json\/wp\/v2\/pages"}],"about":[{"href":"https:\/\/iwell-guard.com\/sv\/wp-json\/wp\/v2\/types\/page"}],"author":[{"embeddable":true,"href":"https:\/\/iwell-guard.com\/sv\/wp-json\/wp\/v2\/users\/3"}],"replies":[{"embeddable":true,"href":"https:\/\/iwell-guard.com\/sv\/wp-json\/wp\/v2\/comments?post=136761"}],"version-history":[{"count":0,"href":"https:\/\/iwell-guard.com\/sv\/wp-json\/wp\/v2\/pages\/136761\/revisions"}],"wp:featuredmedia":[{"embeddable":true,"href":"https:\/\/iwell-guard.com\/sv\/wp-json\/wp\/v2\/media\/1757"}],"wp:attachment":[{"href":"https:\/\/iwell-guard.com\/sv\/wp-json\/wp\/v2\/media?parent=136761"}],"wp:term":[{"taxonomy":"category","embeddable":true,"href":"https:\/\/iwell-guard.com\/sv\/wp-json\/wp\/v2\/categories?post=136761"}],"curies":[{"name":"wp","href":"https:\/\/api.w.org\/{rel}","templated":true}]}}