{"id":136760,"date":"2026-09-03T00:09:47","date_gmt":"2026-09-03T00:09:47","guid":{"rendered":"https:\/\/iwell-guard.com\/?page_id=136760"},"modified":"2026-09-03T01:11:16","modified_gmt":"2026-09-03T01:11:16","slug":"erzulie-freda","status":"publish","type":"page","link":"https:\/\/iwell-guard.com\/sv\/erzulie-freda\/","title":{"rendered":"Erzulie Freda"},"content":{"rendered":"\t\t<div data-elementor-type=\"wp-page\" data-elementor-id=\"136760\" class=\"elementor elementor-136760 elementor-2177 elementor-bc-flex-widget\" data-elementor-post-type=\"page\">\n\t\t\t\t<div class=\"elementor-element elementor-element-10fdade e-flex e-con-boxed e-con e-parent\" data-id=\"10fdade\" data-element_type=\"container\" data-e-type=\"container\" data-settings=\"{&quot;background_background&quot;:&quot;classic&quot;}\">\n\t\t\t\t\t<div class=\"e-con-inner\">\n\t\t<div class=\"elementor-element elementor-element-herohlft0 e-flex e-con-boxed e-con e-child\" data-id=\"herohlft0\" data-element_type=\"container\" data-e-type=\"container\">\n\t\t\t\t\t<div class=\"e-con-inner\">\n\t\t<div class=\"elementor-element elementor-element-c3ceb64 e-con-full e-flex e-con e-child\" data-id=\"c3ceb64\" data-element_type=\"container\" data-e-type=\"container\">\n\t\t\t\t<div class=\"elementor-element elementor-element-96ae5e1 elementor-widget elementor-widget-heading\" data-id=\"96ae5e1\" data-element_type=\"widget\" data-e-type=\"widget\" data-widget_type=\"heading.default\">\n\t\t\t\t\t<h1 class=\"elementor-heading-title elementor-size-default\">Erzulie, gudinna i den haitianska traditionen<\/h1>\t\t\t\t<\/div>\n\t\t\t\t<div class=\"elementor-element elementor-element-e45238a elementor-widget elementor-widget-text-editor\" data-id=\"e45238a\" data-element_type=\"widget\" data-e-type=\"widget\" data-widget_type=\"text-editor.default\">\n\t\t\t\t\t\t\t\t\t<p>Erzulie \u00e4r gudinna i den haitianska traditionen.<\/p><p><strong>Gudinna av k\u00e4rlek, sk\u00f6nhet och \u00e5tr\u00e5, grazens drottning.<\/strong> Erzulie Freda \u00e4r loa f\u00f6r kvinnlig mjukhet, lyx, erotik och f\u00f6rfinade k\u00e4nslor. Hon framtr\u00e4der i rosa och ljusbl\u00e5 tygstycken, omgiven av speglar, parfym och rosor.<\/p><p>Hennes t\u00e5rar \u00e4r \u00e4kta, f\u00f6r hon k\u00e4nner m\u00e4nsklighetens lidande. Men hennes skratt \u00e4r gudomligt och levande. Den som \u00e4rar Erzulie Freda upplever k\u00e4rlek, sk\u00f6nhet och tr\u00f6st i innerlig n\u00e4rhet.<\/p>\t\t\t\t\t\t\t\t<\/div>\n\t\t\t\t<\/div>\n\t\t<div class=\"elementor-element elementor-element-klsbdg01 e-con-full e-flex e-con e-parent\" data-id=\"klsbdg01\" data-element_type=\"container\" data-e-type=\"container\">\n\t\t\t\t<div class=\"elementor-element elementor-element-klshtm01 elementor-widget elementor-widget-html\" data-id=\"klshtm01\" data-element_type=\"widget\" data-e-type=\"widget\" data-widget_type=\"html.default\">\n\t\t\t\t\t<div class=\"iwg-pill-row\"><span class=\"iwg-klasse-badge\" tabindex=\"0\" data-tooltip=\"Gud\/gudinna: Personifierad h\u00f6gsta makt i en kulturs pantheon, med tydliga ansvarsomr\u00e5den, naturkrafter, \u00f6de, krig, fruktbarhet. Dyrkas genom kulter, offer och tempelinstitutioner.\">Gudinna<\/span><a href=\"https:\/\/iwell-guard.com\/sv\/vodou\/\" class=\"iwg-kultur-badge\" tabindex=\"0\" data-tooltip=\"Haitiansk-v\u00e4stafrikansk vodou-tradition med lwa-v\u00e4sen, religionshistoriskt vandrad fr\u00e5n V\u00e4stafrika till Karibien.\">Vodou<\/a><\/div>\t\t\t\t<\/div>\n\t\t\t\t<\/div>\n\t\t<div class=\"elementor-element elementor-element-3f74855 e-con-full e-flex e-con e-child\" data-id=\"3f74855\" data-element_type=\"container\" data-e-type=\"container\">\n\t\t\t\t<div class=\"elementor-element elementor-element-1c30362 elementor-toc--minimized-on-tablet elementor-widget elementor-widget-table-of-contents\" data-id=\"1c30362\" data-element_type=\"widget\" data-e-type=\"widget\" data-settings=\"{&quot;exclude_headings_by_selector&quot;:[],&quot;no_headings_message&quot;:&quot;Inga rubriker hittades p\\u00e5 den h\\u00e4r sidan.&quot;,&quot;headings_by_tags&quot;:[&quot;h2&quot;,&quot;h3&quot;],&quot;marker_view&quot;:&quot;bullets&quot;,&quot;minimize_box&quot;:&quot;yes&quot;,&quot;icon&quot;:{&quot;value&quot;:&quot;fas fa-circle&quot;,&quot;library&quot;:&quot;fa-solid&quot;,&quot;rendered_tag&quot;:&quot;&lt;svg class=\\&quot;e-font-icon-svg e-fas-circle\\&quot; viewBox=\\&quot;0 0 512 512\\&quot; xmlns=\\&quot;http:\\\/\\\/www.w3.org\\\/2000\\\/svg\\&quot;&gt;&lt;path d=\\&quot;M256 8C119 8 8 119 8 256s111 248 248 248 248-111 248-248S393 8 256 8z\\&quot;&gt;&lt;\\\/path&gt;&lt;\\\/svg&gt;&quot;},&quot;minimized_on&quot;:&quot;tablet&quot;,&quot;hierarchical_view&quot;:&quot;yes&quot;,&quot;min_height&quot;:{&quot;unit&quot;:&quot;px&quot;,&quot;size&quot;:&quot;&quot;,&quot;sizes&quot;:[]},&quot;min_height_tablet&quot;:{&quot;unit&quot;:&quot;px&quot;,&quot;size&quot;:&quot;&quot;,&quot;sizes&quot;:[]},&quot;min_height_mobile&quot;:{&quot;unit&quot;:&quot;px&quot;,&quot;size&quot;:&quot;&quot;,&quot;sizes&quot;:[]}}\" data-widget_type=\"table-of-contents.default\">\n\t\t\t\t\t\t\t\t\t<div class=\"elementor-toc__header\">\n\t\t\t\t\t\t<h2 class=\"elementor-toc__header-title\">\n\t\t\t\tInneh\u00e5llsf\u00f6rteckning\t\t\t<\/h2>\n\t\t\t\t\t\t\t\t\t\t<div class=\"elementor-toc__toggle-button elementor-toc__toggle-button--expand\" role=\"button\" tabindex=\"0\" aria-controls=\"elementor-toc__1c30362\" aria-expanded=\"true\" aria-label=\"\u00d6ppna inneh\u00e5llsf\u00f6rteckning\"><svg aria-hidden=\"true\" class=\"e-font-icon-svg e-fas-chevron-down\" viewBox=\"0 0 448 512\" xmlns=\"http:\/\/www.w3.org\/2000\/svg\"><path d=\"M207.029 381.476L12.686 187.132c-9.373-9.373-9.373-24.569 0-33.941l22.667-22.667c9.357-9.357 24.522-9.375 33.901-.04L224 284.505l154.745-154.021c9.379-9.335 24.544-9.317 33.901.04l22.667 22.667c9.373 9.373 9.373 24.569 0 33.941L240.971 381.476c-9.373 9.372-24.569 9.372-33.942 0z\"><\/path><\/svg><\/div>\n\t\t\t\t<div class=\"elementor-toc__toggle-button elementor-toc__toggle-button--collapse\" role=\"button\" tabindex=\"0\" aria-controls=\"elementor-toc__1c30362\" aria-expanded=\"true\" aria-label=\"St\u00e4ng inneh\u00e5llsf\u00f6rteckning\"><svg aria-hidden=\"true\" class=\"e-font-icon-svg e-fas-chevron-up\" viewBox=\"0 0 448 512\" xmlns=\"http:\/\/www.w3.org\/2000\/svg\"><path d=\"M240.971 130.524l194.343 194.343c9.373 9.373 9.373 24.569 0 33.941l-22.667 22.667c-9.357 9.357-24.522 9.375-33.901.04L224 227.495 69.255 381.516c-9.379 9.335-24.544 9.317-33.901-.04l-22.667-22.667c-9.373-9.373-9.373-24.569 0-33.941L207.03 130.525c9.372-9.373 24.568-9.373 33.941-.001z\"><\/path><\/svg><\/div>\n\t\t\t\t\t<\/div>\n\t\t\t\t<div id=\"elementor-toc__1c30362\" class=\"elementor-toc__body\">\n\t\t\t<div class=\"elementor-toc__spinner-container\">\n\t\t\t\t<svg class=\"elementor-toc__spinner eicon-animation-spin e-font-icon-svg e-eicon-loading\" aria-hidden=\"true\" viewBox=\"0 0 1000 1000\" xmlns=\"http:\/\/www.w3.org\/2000\/svg\"><path d=\"M500 975V858C696 858 858 696 858 500S696 142 500 142 142 304 142 500H25C25 237 238 25 500 25S975 237 975 500 763 975 500 975Z\"><\/path><\/svg>\t\t\t<\/div>\n\t\t<\/div>\n\t\t\t\t\t\t<\/div>\n\t\t\t\t<\/div>\n\t\t\t\t\t<\/div>\n\t\t\t\t<\/div>\n\t\t<div class=\"elementor-element elementor-element-herorght0 e-con-full e-flex e-con e-child\" data-id=\"herorght0\" data-element_type=\"container\" data-e-type=\"container\">\n\t\t\t\t<div class=\"elementor-element elementor-element-heroimg00 iwg-hero-image elementor-widget elementor-widget-image\" data-id=\"heroimg00\" data-element_type=\"widget\" data-e-type=\"widget\" data-widget_type=\"image.default\">\n\t\t\t\t\t\t\t\t\t\t\t\t\t\t\t<img fetchpriority=\"high\" decoding=\"async\" width=\"683\" height=\"1024\" src=\"https:\/\/iwell-guard.com\/wp-content\/uploads\/2026\/04\/goetter_vodou_erzulie-freda-683x1024.webp\" class=\"attachment-large size-large wp-image-136215\" alt=\"Erzulie Freda \u2013 gudar fr\u00e5n vodou-traditionen, historiskt-illustrativt\" srcset=\"https:\/\/iwell-guard.com\/wp-content\/uploads\/2026\/04\/goetter_vodou_erzulie-freda-683x1024.webp 683w, https:\/\/iwell-guard.com\/wp-content\/uploads\/2026\/04\/goetter_vodou_erzulie-freda-200x300.webp 200w, https:\/\/iwell-guard.com\/wp-content\/uploads\/2026\/04\/goetter_vodou_erzulie-freda-768x1152.webp 768w, https:\/\/iwell-guard.com\/wp-content\/uploads\/2026\/04\/goetter_vodou_erzulie-freda.webp 1024w\" sizes=\"(max-width: 683px) 100vw, 683px\" \/>\t\t\t\t\t\t\t\t\t\t\t\t\t\t\t<\/div>\n\t\t\t\t<\/div>\n\t\t\t\t\t<\/div>\n\t\t\t\t<\/div>\n\t\t<div class=\"elementor-element elementor-element-32917199 e-flex e-con-boxed e-con e-parent\" data-id=\"32917199\" data-element_type=\"container\" data-e-type=\"container\">\n\t\t\t\t\t<div class=\"e-con-inner\">\n\t\t<div class=\"elementor-element elementor-element-26e916cb e-flex e-con-boxed e-con e-child\" data-id=\"26e916cb\" data-element_type=\"container\" data-e-type=\"container\">\n\t\t\t\t\t<div class=\"e-con-inner\">\n\t\t<div class=\"elementor-element elementor-element-253a40d4 e-flex e-con-boxed e-con e-child\" data-id=\"253a40d4\" data-element_type=\"container\" data-e-type=\"container\">\n\t\t\t\t\t<div class=\"e-con-inner\">\n\t\t\t\t<div class=\"elementor-element elementor-element-1200c304 elementor-widget elementor-widget-heading\" data-id=\"1200c304\" data-element_type=\"widget\" data-e-type=\"widget\" data-widget_type=\"heading.default\">\n\t\t\t\t\t<h2 class=\"elementor-heading-title elementor-size-default\">Erzulie<\/h2>\t\t\t\t<\/div>\n\t\t\t\t\t<\/div>\n\t\t\t\t<\/div>\n\t\t<div class=\"elementor-element elementor-element-159dcf9a e-flex e-con-boxed e-con e-child\" data-id=\"159dcf9a\" data-element_type=\"container\" data-e-type=\"container\">\n\t\t\t\t\t<div class=\"e-con-inner\">\n\t\t\t\t<div class=\"elementor-element elementor-element-48cee66f elementor-widget elementor-widget-heading\" data-id=\"48cee66f\" data-element_type=\"widget\" data-e-type=\"widget\" data-widget_type=\"heading.default\">\n\t\t\t\t\t<h2 class=\"elementor-heading-title elementor-size-default\">Snabb\u00f6versikt: Erzulie<\/h2>\t\t\t\t<\/div>\n\t\t\t\t<div class=\"elementor-element elementor-element-3f50d82c elementor-widget elementor-widget-text-editor\" data-id=\"3f50d82c\" data-element_type=\"widget\" data-e-type=\"widget\" data-widget_type=\"text-editor.default\">\n\t\t\t\t\t\t\t\t\t<p><strong>Typ:<\/strong> Vodou-loa f\u00f6r k\u00e4rlek och sk&ouml;nhet (Rada-familjen)<br><span class=\"iwg-fachbegriff\" data-tooltip=\"Samlingen av gudar i en religion eller kultur.\" tabindex=\"0\">Pantheon<\/span>: Vodou (Haiti), Louisiana-vodou (Erzulie Freda Dahomey)<br>Funktion: K\u00e4rlek, \u00e5tr\u00e5, sk&ouml;nhet, rikedom, f\u00e5f\u00e4nga<br>Huvudattribut: Guldsmycken, godsaker, parfym, tre ringar (\u00e4ktenskaps-<span class=\"iwg-fachbegriff\" data-tooltip=\"Ett tecken som st\u00e5r f\u00f6r en f\u00f6rest\u00e4llning eller betydelse.\" tabindex=\"0\">symbol<\/span>)<br>Huvudkultplatser: Hounfor-<span class=\"iwg-fachbegriff\" data-tooltip=\"En byggnad som anv\u00e4nds f\u00f6r dyrkan av en eller flera gudomligheter.\" tabindex=\"0\">tempel<\/span>, kvinnohelgedomar, privata altare<br><span class=\"iwg-fachbegriff\" tabindex=\"0\" data-tooltip=\"Sammansm\u00e4ltning av element fr\u00e5n olika religioner eller kulter till nya blandformer, till exempel i haitiansk vodou (lwa och katolska helgon).\">Synkretism<\/span> med Maria: Mater Dolorosa<\/p>\t\t\t\t\t\t\t\t<\/div>\n\t\t\t\t\t<\/div>\n\t\t\t\t<\/div>\n\t\t\t\t\t<\/div>\n\t\t\t\t<\/div>\n\t\t\t\t\t<\/div>\n\t\t\t\t<\/div>\n\t\t<div class=\"elementor-element elementor-element-18613602 e-flex e-con-boxed e-con e-parent\" data-id=\"18613602\" data-element_type=\"container\" data-e-type=\"container\">\n\t\t\t\t\t<div class=\"e-con-inner\">\n\t\t\t\t<div class=\"elementor-element elementor-element-262b8a9f elementor-widget elementor-widget-heading\" data-id=\"262b8a9f\" data-element_type=\"widget\" data-e-type=\"widget\" data-widget_type=\"heading.default\">\n\t\t\t\t\t<h2 class=\"elementor-heading-title elementor-size-default\">Kontext<\/h2>\t\t\t\t<\/div>\n\t\t<div class=\"elementor-element elementor-element-46dcb7d e-con-full e-flex e-con e-child\" data-id=\"46dcb7d\" data-element_type=\"container\" data-e-type=\"container\">\n\t\t<div class=\"elementor-element elementor-element-61d3ab3 e-flex e-con-boxed e-con e-child\" data-id=\"61d3ab3\" data-element_type=\"container\" data-e-type=\"container\">\n\t\t\t\t\t<div class=\"e-con-inner\">\n\t\t\t\t<div class=\"elementor-element elementor-element-117c166 elementor-widget elementor-widget-heading\" data-id=\"117c166\" data-element_type=\"widget\" data-e-type=\"widget\" data-widget_type=\"heading.default\">\n\t\t\t\t\t<h3 class=\"elementor-heading-title elementor-size-default\">Texternas tidsperiod<\/h3>\t\t\t\t<\/div>\n\t\t\t\t<div class=\"elementor-element elementor-element-73997a0 elementor-widget elementor-widget-text-editor\" data-id=\"73997a0\" data-element_type=\"widget\" data-e-type=\"widget\" data-widget_type=\"text-editor.default\">\n\t\t\t\t\t\t\t\t\t<p>Erzulie (kreol. <em>Ezili<\/em>) utvecklas ur v\u00e4stafrikanska r\u00f6tter, s\u00e4rskilt vodun-k\u00e4rleksgudinnan <em>Aziri\/Azili<\/em> fr\u00e5n Dahomey-traditionen. P\u00e5 Haiti delas hon upp i minst tre manifestationer: <em>Erzulie Freda Dahomey<\/em> (elegant, vit, svartsjuk), <em>Erzulie Dantor<\/em> (svart, krigar-bemyndigande, moder), <em>Erzulie Mapian<\/em> (Petro-aspekt). Synkretistiskt identifierad med den katolska <em>Mater Dolorosa<\/em>.<\/p>\t\t\t\t\t\t\t\t<\/div>\n\t\t\t\t\t<\/div>\n\t\t\t\t<\/div>\n\t\t<div class=\"elementor-element elementor-element-d47b156 e-flex e-con-boxed e-con e-child\" data-id=\"d47b156\" data-element_type=\"container\" data-e-type=\"container\">\n\t\t\t\t\t<div class=\"e-con-inner\">\n\t\t\t\t<div class=\"elementor-element elementor-element-ff38c2b elementor-widget elementor-widget-heading\" data-id=\"ff38c2b\" data-element_type=\"widget\" data-e-type=\"widget\" data-widget_type=\"heading.default\">\n\t\t\t\t\t<h3 class=\"elementor-heading-title elementor-size-default\">Utbredningsomr\u00e5de<\/h3>\t\t\t\t<\/div>\n\t\t\t\t<div class=\"elementor-element elementor-element-4e49fcc elementor-widget elementor-widget-text-editor\" data-id=\"4e49fcc\" data-element_type=\"widget\" data-e-type=\"widget\" data-widget_type=\"text-editor.default\">\n\t\t\t\t\t\t\t\t\t<p>Dyrkas i n\u00e4stan varje haitianskt hounfor-<span class=\"iwg-fachbegriff\" data-tooltip=\"En byggnad som anv\u00e4nds f\u00f6r dyrkan av en eller flera gudomligheter.\" tabindex=\"0\">tempel<\/span>; kvinnors hemaltare i hennes \u00e4ra \u00e4r vanliga. Aktiv i den haitianska diasporan i New Orleans, New York, Miami, Montr\u00e9al, Paris. Hennes h\u00f6gtidsdag \u00e4r tisdag (k\u00e4rlekens dag i m\u00e5nga kreolska traditioner). Central identifikation i haitianska samfund: varje kvinna har en koppling till Erzulie i en av hennes former.<\/p>\t\t\t\t\t\t\t\t<\/div>\n\t\t\t\t\t<\/div>\n\t\t\t\t<\/div>\n\t\t\t\t<\/div>\n\t\t<div class=\"elementor-element elementor-element-db03c39 e-con-full e-flex e-con e-child\" data-id=\"db03c39\" data-element_type=\"container\" data-e-type=\"container\">\n\t\t<div class=\"elementor-element elementor-element-229a87b e-flex e-con-boxed e-con e-child\" data-id=\"229a87b\" data-element_type=\"container\" data-e-type=\"container\">\n\t\t\t\t\t<div class=\"e-con-inner\">\n\t\t\t\t<div class=\"elementor-element elementor-element-1f471fc elementor-widget elementor-widget-heading\" data-id=\"1f471fc\" data-element_type=\"widget\" data-e-type=\"widget\" data-widget_type=\"heading.default\">\n\t\t\t\t\t<h3 class=\"elementor-heading-title elementor-size-default\">K\u00e4ll\u00e4ge<\/h3>\t\t\t\t<\/div>\n\t\t\t\t<div class=\"elementor-element elementor-element-36b1201 elementor-widget elementor-widget-text-editor\" data-id=\"36b1201\" data-element_type=\"widget\" data-e-type=\"widget\" data-widget_type=\"text-editor.default\">\n\t\t\t\t\t\t\t\t\t<p><span data-nosnippet>Centrala k\u00e4llor: Maya Derens <em>Divine Horsemen<\/em> (1953), McCarthy Browns <em>Mama Lola<\/em> (1991, ing\u00e5ende Erzulie-observationer), M&eacute;trauxs <em>Le Vaudou ha&iuml;tien<\/em> (1958), Desmangles&rsquo; <em>The Faces of the Gods<\/em> (1992). Specialstudier: Joan Dayans <em>Haiti, History, and the Gods<\/em> (1995); Sharae Deckards studier om Erzulie-symboliken i den haitianska litteraturen.<\/span><\/p>\t\t\t\t\t\t\t\t<\/div>\n\t\t\t\t\t<\/div>\n\t\t\t\t<\/div>\n\t\t\t\t<\/div>\n\t\t\t\t\t<\/div>\n\t\t\t\t<\/div>\n\t\t<div class=\"elementor-element elementor-element-3ae0637c e-flex e-con-boxed e-con e-parent\" data-id=\"3ae0637c\" data-element_type=\"container\" data-e-type=\"container\">\n\t\t\t\t\t<div class=\"e-con-inner\">\n\t\t\t\t<div class=\"elementor-element elementor-element-31d07739 elementor-widget elementor-widget-heading\" data-id=\"31d07739\" data-element_type=\"widget\" data-e-type=\"widget\" data-widget_type=\"heading.default\">\n\t\t\t\t\t<h2 class=\"elementor-heading-title elementor-size-default\">Namn och varianter<\/h2>\t\t\t\t<\/div>\n\t\t<div class=\"elementor-element elementor-element-b7642947 e-con-full e-flex e-con e-child\" data-id=\"b7642947\" data-element_type=\"container\" data-e-type=\"container\">\n\t\t\t\t<div class=\"elementor-element elementor-element-a086266 elementor-widget elementor-widget-text-editor\" data-id=\"a086266\" data-element_type=\"widget\" data-e-type=\"widget\" data-widget_type=\"text-editor.default\">\n\t\t\t\t\t\t\t\t\t<p>Erzulie Freda framst\u00e4lls som en sk\u00f6n, elegant kvinna i rosa, ljusbl\u00e5 eller gyllene kl\u00e4nningar, ofta med speglar i handen, omgiven av blommor. Hon b\u00e4r smycken, armband, halsband, \u00f6rh\u00e4ngen av \u00e4dla material.<\/p><p>Hennes blick \u00e4r mild men djup; hennes r\u00f6st melodisk. Hennes veve (loa-<span class=\"iwg-fachbegriff\" data-tooltip=\"Ett tecken som st\u00e5r f\u00f6r en f\u00f6rest\u00e4llning eller betydelse.\" tabindex=\"0\">symbol<\/span>) visar hj\u00e4rtan, floder och ornament. R\u00f6kelse, f\u00e4rska blommor, fin mat (champagne, praliner) och parfym \u00e4r hennes f\u00f6redragna offerg\u00e5vor.<\/p>\t\t\t\t\t\t\t\t<\/div>\n\t\t\t\t<\/div>\n\t\t\t\t\t<\/div>\n\t\t\t\t<\/div>\n\t\t<div class=\"elementor-element elementor-element-709a44a8 e-flex e-con-boxed e-con e-parent\" data-id=\"709a44a8\" data-element_type=\"container\" data-e-type=\"container\">\n\t\t\t\t\t<div class=\"e-con-inner\">\n\t\t\t\t<div class=\"elementor-element elementor-element-2f585873 elementor-widget elementor-widget-heading\" data-id=\"2f585873\" data-element_type=\"widget\" data-e-type=\"widget\" data-widget_type=\"heading.default\">\n\t\t\t\t\t<h2 class=\"elementor-heading-title elementor-size-default\">K\u00e4nnetecken<\/h2>\t\t\t\t<\/div>\n\t\t<div class=\"elementor-element elementor-element-70621c12 e-con-full e-flex e-con e-child\" data-id=\"70621c12\" data-element_type=\"container\" data-e-type=\"container\">\n\t\t\t\t<div class=\"elementor-element elementor-element-4296eb49 elementor-widget elementor-widget-text-editor\" data-id=\"4296eb49\" data-element_type=\"widget\" data-e-type=\"widget\" data-widget_type=\"text-editor.default\">\n\t\t\t\t\t\t\t\t\t<p>Erzulie Freda \u00e5kallas av m\u00e4n och kvinnor som s\u00f6ker romantisk k\u00e4rlek, \u00f6nskar \u00e4ktenskaplig harmoni eller vill f\u00f6rdjupa sin egen sk\u00f6nhet och utstr\u00e5lning. Hennes ritualer \u00e4r kvinnligt pr\u00e4glade, ofta ledda av mambo (pr\u00e4stinna) och av kvinnogrupper. Vid besittning antar Erzulie Freda en \u00f6mt\u00e5lig, ibland melankolisk energi; hon gr\u00e5ter, skrattar, dansar med behag.<\/p><p>Men hon kan ocks\u00e5 bli vred om hennes v\u00e4rdighet kr\u00e4nks eller om en \u00e4lskare \u00e4r otrogen. Dyrkan \u00e4r mindre k\u00e4mpande \u00e4n den f\u00f6r andra loa, det handlar om f\u00f6rfining, respekt, emotionellt djup. M\u00e5nga haitier b\u00e4r sm\u00e5 Erzulie-amuletter eller ber till henne p\u00e5 pilgrimsplatser.<\/p><p><strong>Utseende och symbolik<\/strong><\/p><p><em>Erzulie<\/em> framst\u00e4lls som en sk\u00f6n, elegant kvinna i r\u00f6d eller rosa kl\u00e4dsel, ofta med smycken och speglar. Hon b\u00e4r parfym och anses vara kokett och f\u00f6rf\u00f6risk. Hennes attribut \u00e4r hj\u00e4rtan, rosor och speglar. Hon synkretiseras ibland med Jungfru Maria. R\u00f6tt \u00e4r hennes karakt\u00e4ristiska f\u00e4rg.<\/p>\t\t\t\t\t\t\t\t<\/div>\n\t\t\t\t<\/div>\n\t\t\t\t\t<\/div>\n\t\t\t\t<\/div>\n\t\t<div class=\"elementor-element elementor-element-44e71476 e-flex e-con-boxed e-con e-parent\" data-id=\"44e71476\" data-element_type=\"container\" data-e-type=\"container\">\n\t\t\t\t\t<div class=\"e-con-inner\">\n\t\t\t\t<div class=\"elementor-element elementor-element-3c1fc3f0 elementor-widget elementor-widget-heading\" data-id=\"3c1fc3f0\" data-element_type=\"widget\" data-e-type=\"widget\" data-widget_type=\"heading.default\">\n\t\t\t\t\t<h2 class=\"elementor-heading-title elementor-size-default\">Profil: Erzulie<\/h2>\t\t\t\t<\/div>\n\t\t<div class=\"elementor-element elementor-element-84f33b8e e-con-full e-flex e-con e-child\" data-id=\"84f33b8e\" data-element_type=\"container\" data-e-type=\"container\">\n\t\t\t\t<div class=\"elementor-element elementor-element-hqkdc67p elementor-widget elementor-widget-text-editor\" data-id=\"hqkdc67p\" data-element_type=\"widget\" data-e-type=\"widget\" data-widget_type=\"text-editor.default\">\n\t\t\t\t\t\t\t\t\t<p>De viktigaste aspekterna av Erzulie i en \u00f6verblick. F\u00f6ljande f\u00e4lt sammanfattar ursprung, funktion, utseende, dyrkan, symboler och paralleller.<\/p>\t\t\t\t\t\t\t\t<\/div>\n\t\t\t\t<\/div>\n\t\t<div class=\"elementor-element elementor-element-pemmx7c5 e-con-full e-flex e-con e-child\" data-id=\"pemmx7c5\" data-element_type=\"container\" data-e-type=\"container\">\n\t\t<div class=\"elementor-element elementor-element-pemmx7c1 e-con-full e-flex e-con e-child\" data-id=\"pemmx7c1\" data-element_type=\"container\" data-e-type=\"container\">\n\t\t<div class=\"elementor-element elementor-element-qh9oavvu iwg-steckbrief-card e-flex e-con-boxed e-con e-child\" data-id=\"qh9oavvu\" data-element_type=\"container\" data-e-type=\"container\">\n\t\t\t\t\t<div class=\"e-con-inner\">\n\t\t\t\t<div class=\"elementor-element elementor-element-awzx8k2k elementor-widget elementor-widget-heading\" data-id=\"awzx8k2k\" data-element_type=\"widget\" data-e-type=\"widget\" data-widget_type=\"heading.default\">\n\t\t\t\t\t<div class=\"elementor-heading-title elementor-size-default\">Kulturell kontext<\/div>\t\t\t\t<\/div>\n\t\t\t\t<div class=\"elementor-element elementor-element-x6rowhv0 elementor-widget elementor-widget-text-editor\" data-id=\"x6rowhv0\" data-element_type=\"widget\" data-e-type=\"widget\" data-widget_type=\"text-editor.default\">\n\t\t\t\t\t\t\t\t\t<p>Erzulie har sitt ursprung i den v\u00e4stafrikanska vodun-k\u00e4rleksgudinnan <em>Aziri<\/em>. P\u00e5 Haiti har hon flera makar bland loa: Damballah (ormguden), Ogou (krigaren), Agw&eacute; (havsguden), vilket f\u00f6rklarar hennes svartsjuka och hennes v\u00e4xlande sinnesst\u00e4mning. <em>Erzulie Freda<\/em> \u00e4r den fina, koketta, om\u00f6jliga \u00e4lskaren; <em>Erzulie Dantor<\/em> \u00e4r den svarta modern, k\u00e4mpande, med sonen Anaiz p\u00e5 armen.<\/p>\t\t\t\t\t\t\t\t<\/div>\n\t\t\t\t\t<\/div>\n\t\t\t\t<\/div>\n\t\t<div class=\"elementor-element elementor-element-8e3o4kxs iwg-steckbrief-card e-flex e-con-boxed e-con e-child\" data-id=\"8e3o4kxs\" data-element_type=\"container\" data-e-type=\"container\">\n\t\t\t\t\t<div class=\"e-con-inner\">\n\t\t\t\t<div class=\"elementor-element elementor-element-08rkdgov elementor-widget elementor-widget-heading\" data-id=\"08rkdgov\" data-element_type=\"widget\" data-e-type=\"widget\" data-widget_type=\"heading.default\">\n\t\t\t\t\t<div class=\"elementor-heading-title elementor-size-default\">Verkningsobjekt<\/div>\t\t\t\t<\/div>\n\t\t\t\t<div class=\"elementor-element elementor-element-uwjelx8s elementor-widget elementor-widget-text-editor\" data-id=\"uwjelx8s\" data-element_type=\"widget\" data-e-type=\"widget\" data-widget_type=\"text-editor.default\">\n\t\t\t\t\t\t\t\t\t<p>Beskyddare av k\u00e4rlek, sk&ouml;nhet, \u00e5tr\u00e5, rikedom, lyx, men \u00e4ven av besvikelse, svartsjuka, t\u00e5rar. Erzulie Freda \u00e5kallas f\u00f6r k\u00e4rleksaff\u00e4rer och sk&ouml;na kvinnor vill ha hennes beskydd. Erzulie Dantor skyddar m\u00f6drar, ensamst\u00e5ende kvinnor, missbrukade kvinnor, hon \u00e5kallas f\u00f6r sj\u00e4lvf\u00f6rsvar och bemyndigande. B\u00e5da aspekterna \u00e4r sexuellt bemyndigande.<\/p>\t\t\t\t\t\t\t\t<\/div>\n\t\t\t\t\t<\/div>\n\t\t\t\t<\/div>\n\t\t<div class=\"elementor-element elementor-element-jm2n74ec iwg-steckbrief-card e-flex e-con-boxed e-con e-child\" data-id=\"jm2n74ec\" data-element_type=\"container\" data-e-type=\"container\">\n\t\t\t\t\t<div class=\"e-con-inner\">\n\t\t\t\t<div class=\"elementor-element elementor-element-8vufse4c elementor-widget elementor-widget-heading\" data-id=\"8vufse4c\" data-element_type=\"widget\" data-e-type=\"widget\" data-widget_type=\"heading.default\">\n\t\t\t\t\t<div class=\"elementor-heading-title elementor-size-default\">Erzulies utseende<\/div>\t\t\t\t<\/div>\n\t\t\t\t<div class=\"elementor-element elementor-element-mwb9u015 elementor-widget elementor-widget-text-editor\" data-id=\"mwb9u015\" data-element_type=\"widget\" data-e-type=\"widget\" data-widget_type=\"text-editor.default\">\n\t\t\t\t\t\t\t\t\t<p><strong>Erzulie Freda:<\/strong> elegant kl\u00e4dd ung kvinna i vit-rosa spets, med guldsmycken, tre ringar (gift med tre loas), parfym, spetsn\u00e4sduk, solglas\u00f6gon (ibland). Ljushyad, n\u00e4stan vit.<\/p><p><strong>Erzulie Dantor:<\/strong> m\u00f6rkhyad kvinna med tv\u00e5 \u00e4rr p\u00e5 h\u00f6gra kinden, h\u00e5ller barnet Anaiz i famnen, kan bara g\u00f6ra bubblande l\u00e4ten (enligt traditionen skars tungan ut p\u00e5 henne under ett krig). Svart eller r\u00f6d huvudduk, guldhalsband med kors.<\/p>\t\t\t\t\t\t\t\t<\/div>\n\t\t\t\t\t<\/div>\n\t\t\t\t<\/div>\n\t\t\t\t<\/div>\n\t\t<div class=\"elementor-element elementor-element-pemmx7c2 e-con-full e-flex e-con e-child\" data-id=\"pemmx7c2\" data-element_type=\"container\" data-e-type=\"container\">\n\t\t<div class=\"elementor-element elementor-element-37ss2yr6 iwg-steckbrief-card e-flex e-con-boxed e-con e-child\" data-id=\"37ss2yr6\" data-element_type=\"container\" data-e-type=\"container\">\n\t\t\t\t\t<div class=\"e-con-inner\">\n\t\t\t\t<div class=\"elementor-element elementor-element-3v0wp3wx elementor-widget elementor-widget-heading\" data-id=\"3v0wp3wx\" data-element_type=\"widget\" data-e-type=\"widget\" data-widget_type=\"heading.default\">\n\t\t\t\t\t<div class=\"elementor-heading-title elementor-size-default\">Erzulies verkan<\/div>\t\t\t\t<\/div>\n\t\t\t\t<div class=\"elementor-element elementor-element-w3247g2m elementor-widget elementor-widget-text-editor\" data-id=\"w3247g2m\" data-element_type=\"widget\" data-e-type=\"widget\" data-widget_type=\"text-editor.default\">\n\t\t\t\t\t\t\t\t\t<p><strong>Verkningsomr\u00e5de:<\/strong> Erzulie Freda \u00e5kallas f\u00f6r k\u00e4rleksframg\u00e5ng, gifterm\u00e5lsavsikter, sk\u00f6nhetsv\u00e5rd och \u00e5tr\u00e5. Kvinnor sk\u00f6ter hemaltare med spegel, parfym, s\u00f6tsaker och tre ringar. Erzulie Dantor upps\u00f6ks i krissituationer: mot missbruk, f\u00f6r sj\u00e4lvf\u00f6rsvar, f\u00f6r ensamst\u00e5ende m\u00f6drar.<\/p><p><span data-nosnippet>I historisk kontext: Erzulie Dantor s\u00e4gs ha varit den loa som i Bois-Ca\u00efman-<span class=\"iwg-fachbegriff\" data-tooltip=\"En reglerad f\u00f6ljd av symboliska handlingar med religi\u00f6s eller kulturell betydelse.\" tabindex=\"0\">ritualet<\/span> inledde den haitiska revolutionen 1791; hennes <span class=\"iwg-fachbegriff\" data-tooltip=\"Det b\u00f6nfallande eller besv\u00e4rjande tilltalet till en gudom eller makt.\" tabindex=\"0\">\u00e5kallan<\/span> \u00e4r politiskt laddad.<\/span><\/p>\t\t\t\t\t\t\t\t<\/div>\n\t\t\t\t\t<\/div>\n\t\t\t\t<\/div>\n\t\t<div class=\"elementor-element elementor-element-0qpjal9w iwg-steckbrief-card e-flex e-con-boxed e-con e-child\" data-id=\"0qpjal9w\" data-element_type=\"container\" data-e-type=\"container\">\n\t\t\t\t\t<div class=\"e-con-inner\">\n\t\t\t\t<div class=\"elementor-element elementor-element-6ndoih0o elementor-widget elementor-widget-heading\" data-id=\"6ndoih0o\" data-element_type=\"widget\" data-e-type=\"widget\" data-widget_type=\"heading.default\">\n\t\t\t\t\t<div class=\"elementor-heading-title elementor-size-default\">Avv\u00e4rjningsformer<\/div>\t\t\t\t<\/div>\n\t\t\t\t<div class=\"elementor-element elementor-element-6684tyh9 elementor-widget elementor-widget-text-editor\" data-id=\"6684tyh9\" data-element_type=\"widget\" data-e-type=\"widget\" data-widget_type=\"text-editor.default\">\n\t\t\t\t\t\t\t\t\t<p><em>Erzulie Freda:<\/em> tre guldringar, parfym, spetsn\u00e4sduk, s\u00f6tsaker, champagne, rosa rosor, spegel, duvor, smycken. <em>Erzulie Dantor:<\/em> barnet Anaiz, den svarta madonnan fr\u00e5n Cz\u0119stochowa (<span class=\"iwg-fachbegriff\" tabindex=\"0\" data-tooltip=\"Sammansm\u00e4ltning av element fr\u00e5n olika religioner eller kulter till blandformer, till exempel inom haitisk vodou.\">synkretism<\/span>), tupp (offerdjur), kniv, r\u00f6da eller svarta ljus, kryddstark mat med peppar. Heliga v\u00e4xter: ros, viol, magnolia.<\/p>\t\t\t\t\t\t\t\t<\/div>\n\t\t\t\t\t<\/div>\n\t\t\t\t<\/div>\n\t\t<div class=\"elementor-element elementor-element-3lfi7x32 iwg-steckbrief-card e-flex e-con-boxed e-con e-child\" data-id=\"3lfi7x32\" data-element_type=\"container\" data-e-type=\"container\">\n\t\t\t\t\t<div class=\"e-con-inner\">\n\t\t\t\t<div class=\"elementor-element elementor-element-0kg99ga1 elementor-widget elementor-widget-heading\" data-id=\"0kg99ga1\" data-element_type=\"widget\" data-e-type=\"widget\" data-widget_type=\"heading.default\">\n\t\t\t\t\t<div class=\"elementor-heading-title elementor-size-default\">Erzulies paralleller<\/div>\t\t\t\t<\/div>\n\t\t\t\t<div class=\"elementor-element elementor-element-n0fum6kp elementor-widget elementor-widget-text-editor\" data-id=\"n0fum6kp\" data-element_type=\"widget\" data-e-type=\"widget\" data-widget_type=\"text-editor.default\">\n\t\t\t\t\t\t\t\t\t<p>V\u00e4stafrikansk rot: <em>Aziri\/Azili<\/em> (Dahomey, Yoruba). Karibiska sl\u00e4ktingar: <em>Oshun<\/em> (Yoruba\/Santeria, k\u00e4rleksorisha med liknande komplexitet), <em>Yemaya<\/em> (moder-orisha). Globala k\u00e4rleksgudinne-paralleller: <em>Aphrodite<\/em> (Grekland), <em>Inanna\/Ishtar<\/em> (Mesopotamien, likas\u00e5 en volatil k\u00e4rleksmakt), <em>Hathor<\/em> (Egypten), <em>Freja<\/em> (germansk), <em>Lakshmi<\/em> (hinduism), <em>Maria<\/em> (den kristna mater-dolorosa-traditionen).<\/p>\t\t\t\t\t\t\t\t<\/div>\n\t\t\t\t\t<\/div>\n\t\t\t\t<\/div>\n\t\t\t\t<\/div>\n\t\t\t\t<\/div>\n\t\t\t\t\t<\/div>\n\t\t\t\t<\/div>\n\t\t<div class=\"elementor-element elementor-element-7533bc7a e-flex e-con-boxed e-con e-parent\" data-id=\"7533bc7a\" data-element_type=\"container\" data-e-type=\"container\">\n\t\t\t\t\t<div class=\"e-con-inner\">\n\t\t\t\t<div class=\"elementor-element elementor-element-2447d18d elementor-widget elementor-widget-heading\" data-id=\"2447d18d\" data-element_type=\"widget\" data-e-type=\"widget\" data-widget_type=\"heading.default\">\n\t\t\t\t\t<h2 class=\"elementor-heading-title elementor-size-default\">Skyddspraxis<\/h2>\t\t\t\t<\/div>\n\t\t<div class=\"elementor-element elementor-element-d5d0260c e-con-full e-flex e-con e-child\" data-id=\"d5d0260c\" data-element_type=\"container\" data-e-type=\"container\">\n\t\t\t\t<div class=\"elementor-element elementor-element-341be2ac elementor-widget elementor-widget-text-editor\" data-id=\"341be2ac\" data-element_type=\"widget\" data-e-type=\"widget\" data-widget_type=\"text-editor.default\">\n\t\t\t\t\t\t\t\t\t<p><strong>Dyrkningsritualer<\/strong><\/p><p>Erzulie Freda (haitisk-kreolskt <em>\u00c8zili Freda<\/em>) \u00e4r loan f\u00f6r k\u00e4rlek, sk\u00f6nhet, elegans och romantisk l\u00e4ngtan inom haitisk vodou, synkretistiskt identifierad med den katolska Mater Dolorosa. Hennes h\u00f6gtider infaller den 11 februari (Mater-Dolorosa-dagen) samt p\u00e5 Mardi Gras (karnevalen).<\/p><p>Anh\u00e4ngarna kl\u00e4r sig i rosa och vitt, offrar vita jasminblommor, f\u00e4rska jordgubbar, vit champagne och pajer. Det parfymerade sminkbordet med spegel \u00e4r ett centralt <span class=\"iwg-fachbegriff\" data-tooltip=\"Helheten av de religi\u00f6sa v\u00f6rdnadshandlingar som \u00e4gnas en gudom eller helig gestalt.\" tabindex=\"0\">kult<\/span>-element. Erzulies bes\u00e4ttelse k\u00e4nnetecknas av raffinerat beteende, gr\u00e5tutbrott och tr\u00e5nande beg\u00e4r (jfr Deren, <em>Divine Horsemen<\/em>; M\u00e9traux).<\/p><p><strong>\u00c5kallanden<\/strong><\/p><p>Houngan \u00e5kallar Erzulie med <em>Yanvalou<\/em>-rytmen. Kreolska s\u00e5nger (<em>chants Erzulie<\/em>) prisar hennes sk\u00f6nhet och charm. Karakteristisk \u00e4r hennes \u00e5kallelses\u00e5ng \u201dM&#8217;pra mande \u00c8zili\u201d (jag kallar p\u00e5 Erzulie). <span class=\"iwg-fachbegriff\" data-tooltip=\"Det b\u00f6nfallande eller besv\u00e4rjande tilltalet till en gudom eller makt.\" tabindex=\"0\">\u00c5kallan<\/span> sker ofta som en b\u00f6n om hj\u00e4lp inom k\u00e4rlek och relationer.<\/p><p><strong>Amuletter och skyddssymboler<\/strong><\/p><p>V\u00e8v\u00e8-diagram: ett stiliserat hj\u00e4rta med pil, ritat i majsmj\u00f6l p\u00e5 marken. Roskvartsh\u00e4ngen och p\u00e4rlemor som Erzulie-stenar. Parfymflaskor med jasmin- eller rosessens som g\u00e5vor till <span class=\"iwg-fachbegriff\" data-tooltip=\"En byggnad som \u00e4gnas \u00e5t dyrkan av en eller flera gudomar.\" tabindex=\"0\">templet<\/span>. Tre gyllene vigselringar (<span class=\"iwg-fachbegriff\" data-tooltip=\"Ett tecken som representerar en f\u00f6rest\u00e4llning eller betydelse.\" tabindex=\"0\">symbol<\/span> f\u00f6r Erzulies tre mytiska makar Damballah, Agwe, Ogou) som skyddsring. Mater-Dolorosa-vykort eller andaktsbilder i hemmets <span class=\"iwg-fachbegriff\" data-tooltip=\"En upph\u00f6jd plats eller ett bord f\u00f6r offer och religi\u00f6sa handlingar.\" tabindex=\"0\">altare<\/span>.<\/p>\t\t\t\t\t\t\t\t<\/div>\n\t\t\t\t<\/div>\n\t\t\t\t\t<\/div>\n\t\t\t\t<\/div>\n\t\t<div class=\"elementor-element elementor-element-5a584676 e-flex e-con-boxed e-con e-parent\" data-id=\"5a584676\" data-element_type=\"container\" data-e-type=\"container\">\n\t\t\t\t\t<div class=\"e-con-inner\">\n\t\t\t\t<div class=\"elementor-element elementor-element-6d0757bf elementor-widget elementor-widget-heading\" data-id=\"6d0757bf\" data-element_type=\"widget\" data-e-type=\"widget\" data-widget_type=\"heading.default\">\n\t\t\t\t\t<h2 class=\"elementor-heading-title elementor-size-default\">Erzulie, paralleller i andra kulturer<\/h2>\t\t\t\t<\/div>\n\t\t<div class=\"elementor-element elementor-element-60563f68 e-con-full e-flex e-con e-child\" data-id=\"60563f68\" data-element_type=\"container\" data-e-type=\"container\">\n\t\t\t\t<div class=\"elementor-element elementor-element-5a93fdd6 elementor-widget elementor-widget-text-editor\" data-id=\"5a93fdd6\" data-element_type=\"widget\" data-e-type=\"widget\" data-widget_type=\"text-editor.default\">\n\t\t\t\t\t\t\t\t\t<p>Oshun (Yoruba\/Candombl\u00e9), den ursprungliga afrikanska gudinnan f\u00f6r k\u00e4rlek och floden, fr\u00e5n vilken Erzulie funktionellt och kulturellt h\u00e4rstammar. Aphrodite (Grekland) som gudinna f\u00f6r k\u00e4rlek och sk\u00f6nhet.<\/p><p>Freja (germansk) som gudinna f\u00f6r k\u00e4rlek och attraktion. I den kristna traditionen Guds moder eller Maria Magdalena, b\u00e5da sammansm\u00e4lta i Erzulie-dyrkan till en kvinnlig-sakral figur av behag.<\/p>\t\t\t\t\t\t\t\t<\/div>\n\t\t\t\t<\/div>\n\t\t\t\t\t<\/div>\n\t\t\t\t<\/div>\n\t\t<div class=\"elementor-element elementor-element-cp37d6115 e-flex e-con-boxed e-con e-parent\" data-id=\"cp37d6115\" data-element_type=\"container\" data-e-type=\"container\">\n\t\t\t\t\t<div class=\"e-con-inner\">\n\t\t\t\t<div class=\"elementor-element elementor-element-cp6d698ce elementor-widget elementor-widget-heading\" data-id=\"cp6d698ce\" data-element_type=\"widget\" data-e-type=\"widget\" data-widget_type=\"heading.default\">\n\t\t\t\t\t<h2 class=\"elementor-heading-title elementor-size-default\">En lwa med m\u00e5nga ansikten<\/h2>\t\t\t\t<\/div>\n\t\t<div class=\"elementor-element elementor-element-cp6affe20 e-con-full e-flex e-con e-child\" data-id=\"cp6affe20\" data-element_type=\"container\" data-e-type=\"container\">\n\t\t\t\t<div class=\"elementor-element elementor-element-cpcbcf72e elementor-widget elementor-widget-text-editor\" data-id=\"cpcbcf72e\" data-element_type=\"widget\" data-e-type=\"widget\" data-widget_type=\"text-editor.default\">\n\t\t\t\t\t\t\t\t\t<p>Erzulie \u00e4r inom den haitiska vodoun ingen enskild, klart avgr\u00e4nsad <span class=\"iwg-fachbegriff\" data-tooltip=\"En kroppsl\u00f6s varelse som tillskrivs verkan i v\u00e4rlden.\" tabindex=\"0\">ande<\/span>, utan en grupp besl\u00e4ktade kvinnliga <em>lwa<\/em>, som var och en f\u00f6rkroppsligar en annan aspekt av kvinnlighet, k\u00e4rlek och \u00f6de.<\/p><p>De tv\u00e5 mest k\u00e4nda \u00e4r Erzulie Freda och Erzulie Dantor, men forskningen och praktiken k\u00e4nner till fler yttringsformer. Denna m\u00e5ngfald \u00e4r ingen brist p\u00e5 tydlighet, utan ett uttryck f\u00f6r att vodoun f\u00f6rdelar livets motstridiga erfarenheter p\u00e5 olika gestalter.<\/p><p>Erzulie Freda anses vara <em>lwa<\/em> f\u00f6r den f\u00f6rfinade k\u00e4rleken, sk\u00f6nheten, lyxen och l\u00e4ngtan. Hon r\u00e4knas till gruppen rada-<em>lwa<\/em>, de andar som anses kyligare och mildare och som har sina r\u00f6tter i Dahomeys traditioner.<\/p><p>Erzulie Freda \u00e4lskar fina ting, parfym, s\u00f6tsaker, smycken och f\u00e4rgen rosa. K\u00e4nnetecknande \u00e4r att hennes manifestationer ofta slutar i t\u00e5rar, eftersom ingen k\u00e4rlek och ingen rikedom n\u00e5gonsin r\u00e4cker f\u00f6r henne. Hon f\u00f6rkroppsligar den ouppfyllbara l\u00e4ngtan.<\/p><p>Erzulie Dantor tillh\u00f6r d\u00e4remot petwo-<em>lwa<\/em>, den hetare, h\u00e5rdare gruppen, vars uppkomst f\u00f6rknippas med erfarenheten av slaveri och motst\u00e5nd i Nya v\u00e4rlden. Hon \u00e4r <em>lwa<\/em> f\u00f6r den skyddande, k\u00e4mpande modersk\u00e4rleken, den arbetande kvinnan och den ensamst\u00e5ende modern. Hon anses vara stridbar och obeveklig n\u00e4r hennes barn hotas.<\/p><p>Dessa tv\u00e5 huvudgestalter st\u00e5r i ett sp\u00e4nningsf\u00f6rh\u00e5llande som i vodou-<span class=\"iwg-fachbegriff\" data-tooltip=\"Summan av en kulturs \u00f6verl\u00e4mnade gudaber\u00e4ttelser.\" tabindex=\"0\">mytologin<\/span> till och med ber\u00e4ttas som en konflikt. Tillsammans ritar de upp ett brett f\u00e4lt av kvinnlig existens, fr\u00e5n den f\u00f6rfinade \u00e5tr\u00e5n till den bistra skyddskraften. Den som vill f\u00f6rst\u00e5 Erzulie m\u00e5ste se denna m\u00e5ngskiftande karakt\u00e4r som hennes k\u00e4rna.<\/p>\t\t\t\t\t\t\t\t<\/div>\n\t\t\t\t<\/div>\n\t\t\t\t\t<\/div>\n\t\t\t\t<\/div>\n\t\t<div class=\"elementor-element elementor-element-cp54bf0b2 e-flex e-con-boxed e-con e-parent\" data-id=\"cp54bf0b2\" data-element_type=\"container\" data-e-type=\"container\">\n\t\t\t\t\t<div class=\"e-con-inner\">\n\t\t\t\t<div class=\"elementor-element elementor-element-cp3582cd7 elementor-widget elementor-widget-heading\" data-id=\"cp3582cd7\" data-element_type=\"widget\" data-e-type=\"widget\" data-widget_type=\"heading.default\">\n\t\t\t\t\t<h2 class=\"elementor-heading-title elementor-size-default\">Ikonografin och de katolska Mariabilderna<\/h2>\t\t\t\t<\/div>\n\t\t<div class=\"elementor-element elementor-element-cpba2584c e-con-full e-flex e-con e-child\" data-id=\"cpba2584c\" data-element_type=\"container\" data-e-type=\"container\">\n\t\t\t\t<div class=\"elementor-element elementor-element-cp58d50b0 elementor-widget elementor-widget-text-editor\" data-id=\"cp58d50b0\" data-element_type=\"widget\" data-e-type=\"widget\" data-widget_type=\"text-editor.default\">\n\t\t\t\t\t\t\t\t\t<p>Liksom de flesta <em>lwa<\/em> f\u00f6rknippades \u00e4ven Erzulie, under trycket av den p\u00e5tvingade kristnandet, med katolska bilder, i hennes fall med avbildningar av Jungfru Maria. Denna bild\u00f6verlagring pr\u00e4glar \u00e4n idag <span class=\"iwg-fachbegriff\" data-tooltip=\"L\u00e4ran om bildinneh\u00e5ll och dess betydelse.\" tabindex=\"0\">ikonografin<\/span> f\u00f6r de b\u00e5da huvudgestalterna.<\/p><p>Erzulie Freda avbildas ofta genom bilden av Mater Dolorosa, en rikt smyckad Mariafigur m\u00e4rkt av sv\u00e4rd eller s\u00e5r, ofta med smycken, dyrbara dr\u00e4kter och ett av t\u00e5rar r\u00f6rt ansiktsuttryck.<\/p><p>Detta val passar Erzulie Fredas v\u00e4sen, hennes b\u00f6jelse f\u00f6r det sk\u00f6na och samtidigt hennes otr\u00f6stliga sorg. P\u00e5 hennes <span class=\"iwg-fachbegriff\" data-tooltip=\"Upph\u00f6jd plats eller bord f\u00f6r offer och religi\u00f6sa handlingar.\" tabindex=\"0\">altare<\/span> finns speglar, kammar, parfym, smycken samt vitt och rosa tyg.<\/p><p>Erzulie Dantor f\u00f6rknippas d\u00e4remot vanligtvis med en m\u00f6rk Mariafigur, ofta med en bild som visar en svart madonna med barn och som \u00e5tnjuter stor v\u00f6rdnad i Haiti.<\/p><p>K\u00e4nnetecknande i m\u00e5nga avbildningar \u00e4r \u00e4rren p\u00e5 figurens kind, som i ber\u00e4ttelserna tolkas som sp\u00e5r av hennes kamp mot sin syster eller av hennes roll i det haitiska frihetskriget.<\/p><p>Erzulie Dantor avbildas ofta med ett barn, sin dotter, och anses i m\u00e5nga traditioner vara stum, eftersom man menar att tungan skars ut p\u00e5 henne under kriget.<\/p><p>Den religionsvetenskapliga tolkningen av dessa bilder \u00e4r densamma som f\u00f6r andra <em>lwa<\/em>, det handlar om maskering och korrespondens, inte om en sammansm\u00e4ltning av teologierna.<\/p><p>Mariabilden erbjuder en till\u00e5ten, offentligt visbar avbildning, men <em>lwa<\/em> beh\u00e5ller sin egen natur, sina egna s\u00e5nger, matr\u00e4tter, danser och sin egen karakt\u00e4r. <span class=\"iwg-fachbegriff\" data-tooltip=\"L\u00e4ran om bildinneh\u00e5ll och dess betydelse.\" tabindex=\"0\">Ikonografin<\/span> blir d\u00e4rmed ett dokument \u00f6ver anpassning under tv\u00e5ng och samtidigt \u00f6ver det sega bevarandet av det egna.<\/p>\t\t\t\t\t\t\t\t<\/div>\n\t\t\t\t<\/div>\n\t\t\t\t\t<\/div>\n\t\t\t\t<\/div>\n\t\t<div class=\"elementor-element elementor-element-cp3fd0277 e-flex e-con-boxed e-con e-parent\" data-id=\"cp3fd0277\" data-element_type=\"container\" data-e-type=\"container\">\n\t\t\t\t\t<div class=\"e-con-inner\">\n\t\t\t\t<div class=\"elementor-element elementor-element-cp24cf9de elementor-widget elementor-widget-heading\" data-id=\"cp24cf9de\" data-element_type=\"widget\" data-e-type=\"widget\" data-widget_type=\"heading.default\">\n\t\t\t\t\t<h2 class=\"elementor-heading-title elementor-size-default\">Erzulie Dantor och f\u00f6rbundet vid Bois Caiman<\/h2>\t\t\t\t<\/div>\n\t\t<div class=\"elementor-element elementor-element-cp89928b5 e-con-full e-flex e-con e-child\" data-id=\"cp89928b5\" data-element_type=\"container\" data-e-type=\"container\">\n\t\t\t\t<div class=\"elementor-element elementor-element-cpbc23c54 elementor-widget elementor-widget-text-editor\" data-id=\"cpbc23c54\" data-element_type=\"widget\" data-e-type=\"widget\" data-widget_type=\"text-editor.default\">\n\t\t\t\t\t\t\t\t\t<p><span data-nosnippet>Erzulie Dantor har en s\u00e4rskild betydelse genom sin koppling till den haitiska revolutionen. Enligt en spridd <span class=\"iwg-fachbegriff\" data-tooltip=\"\u00d6verf\u00f6ringen av kunskap och ber\u00e4ttelser mellan generationer.\" tabindex=\"0\">tradition<\/span> inledde en vodou-<span class=\"iwg-fachbegriff\" data-tooltip=\"En h\u00f6gtidlig handling som f\u00f6ljer fasta regler.\" tabindex=\"0\">ceremoni<\/span> i augusti 1791 p\u00e5 en plats som kallas Bois Caiman det stora slavupproret, som slutligen ledde till Haitis sj\u00e4lvst\u00e4ndighet \u00e5r 1804, den f\u00f6rsta statsbildningen genom en framg\u00e5ngsrik slavrevolution.<\/span><\/p><p>I den haitiska vodouns minneskultur f\u00f6rknippas Erzulie Dantor n\u00e4ra med denna <span class=\"iwg-fachbegriff\" data-tooltip=\"En h\u00f6gtidlig handling som f\u00f6ljer fasta regler.\" tabindex=\"0\">ceremoni<\/span>. F\u00f6r m\u00e5nga g\u00e4ller hon som den <em>lwa<\/em> som var n\u00e4rvarande vid Bois Caiman och som gav de upproriska kraft och skydd. Hennes bild som en k\u00e4mpande, okuvlig moder som f\u00f6rsvarar sina barn kunde direkt kopplas till frihetskampen.<\/p><p>Historiker manar till f\u00f6rsiktighet vid rekonstruktionen av sj\u00e4lva h\u00e4ndelserna vid Bois Caiman, eftersom k\u00e4ll\u00e4get \u00e4r begr\u00e4nsat och delvis pr\u00e4glat av senare tolkningar. Vad man d\u00e4remot s\u00e4kert kan s\u00e4ga \u00e4r att vodoun, och med den Erzulie Dantor, har blivit en central referenspunkt f\u00f6r den haitiska nationella identiteten.<\/p><p><em>Lwa<\/em> f\u00f6rkroppsligar i denna tolkning de f\u00f6rslavades motst\u00e5nd, de f\u00f6rtrycktas solidaritet och beredskapen att k\u00e4mpa f\u00f6r sina egna barn och f\u00f6r friheten.<\/p><p>Denna koppling f\u00f6rklarar varf\u00f6r Erzulie Dantor i Haiti inte bara \u00e4r en religi\u00f6s utan \u00e4ven en politisk och kulturell gestalt. Hon st\u00e5r f\u00f6r en historia d\u00e4r en gemenskap buren av afrikanska religioner skakade av sig slaveriet.<\/p><p>Den \u00e4rrade <em>lwa<\/em>, som anses stum, blev d\u00e4rmed en <span class=\"iwg-fachbegriff\" data-tooltip=\"En bildlig framst\u00e4llning som st\u00e5r f\u00f6r en abstrakt tanke.\" tabindex=\"0\">symbol<\/span> f\u00f6r att erfarenheten av v\u00e5ld och tystnad inte beh\u00f6ver ha sista ordet.<\/p>\t\t\t\t\t\t\t\t<\/div>\n\t\t\t\t<\/div>\n\t\t\t\t\t<\/div>\n\t\t\t\t<\/div>\n\t\t<div class=\"elementor-element elementor-element-36dd7469 e-flex e-con-boxed e-con e-parent\" data-id=\"36dd7469\" data-element_type=\"container\" data-e-type=\"container\">\n\t\t\t\t\t<div class=\"e-con-inner\">\n\t\t\t\t<div class=\"elementor-element elementor-element-13760ab4 elementor-widget elementor-widget-heading\" data-id=\"13760ab4\" data-element_type=\"widget\" data-e-type=\"widget\" data-widget_type=\"heading.default\">\n\t\t\t\t\t<h2 class=\"elementor-heading-title elementor-size-default\">Vidare l\u00e4nkar<\/h2>\t\t\t\t<\/div>\n\t\t<div class=\"elementor-element elementor-element-28c87796 e-con-full e-flex e-con e-child\" data-id=\"28c87796\" data-element_type=\"container\" data-e-type=\"container\">\n\t\t\t\t<div class=\"elementor-element elementor-element-5d6538df elementor-widget elementor-widget-text-editor\" data-id=\"5d6538df\" data-element_type=\"widget\" data-e-type=\"widget\" data-widget_type=\"text-editor.default\">\n\t\t\t\t\t\t\t\t\t<ul><li><a href=\"https:\/\/iwell-guard.com\/sv\/papa-legba\/\">Papa Legba, d\u00f6rr\u00f6ppnare-loa<\/a><\/li><li><a href=\"https:\/\/iwell-guard.com\/sv\/baron-samedi\/\">Baron Samedi, d\u00f6dens loa-beskyddare<\/a><\/li><li><a href=\"https:\/\/iwell-guard.com\/sv\/erzulie-freda\/\">Erzulie Freda Dahomey, specialaspekt<\/a><\/li><li><a href=\"https:\/\/iwell-guard.com\/sv\/afrodite\/\">Afrodite, grekisk k\u00e4rleksgudinna<\/a><\/li><li><a href=\"https:\/\/iwell-guard.com\/sv\/vodou\/\">Vodou, panteon\u00f6versikt<\/a><\/li><li><a href=\"https:\/\/iwell-guard.com\/sv\/gudar\/\">Gudar, klass\u00f6versikt<\/a><\/li><\/ul>\t\t\t\t\t\t\t\t<\/div>\n\t\t\t\t<\/div>\n\t\t\t\t\t<\/div>\n\t\t\t\t<\/div>\n\t\t<div class=\"elementor-element elementor-element-grl4kl40 e-flex e-con-boxed e-con e-parent\" data-id=\"grl4kl40\" data-element_type=\"container\" data-e-type=\"container\">\n\t\t\t\t\t<div class=\"e-con-inner\">\n\t\t\t\t<div class=\"elementor-element elementor-element-bzsbfrmh elementor-widget elementor-widget-heading\" data-id=\"bzsbfrmh\" data-element_type=\"widget\" data-e-type=\"widget\" data-widget_type=\"heading.default\">\n\t\t\t\t\t<h2 class=\"elementor-heading-title elementor-size-default\">K\u00e4llor och litteratur<\/h2>\t\t\t\t<\/div>\n\t\t<div class=\"elementor-element elementor-element-2c13224a e-con-full e-flex e-con e-child\" data-id=\"2c13224a\" data-element_type=\"container\" data-e-type=\"container\">\n\t\t\t\t<div class=\"elementor-element elementor-element-0eymh9ub elementor-widget elementor-widget-text-editor\" data-id=\"0eymh9ub\" data-element_type=\"widget\" data-e-type=\"widget\" data-widget_type=\"text-editor.default\">\n\t\t\t\t\t\t\t\t\t<footer class=\"iwg-literatur\"><ul><li><span data-nosnippet>Desmangles, Leslie G.: <em>The Faces of the Gods. Vodou and Roman Catholicism in Haiti<\/em>. Chapel Hill 1992.<\/span><\/li><li><span data-nosnippet>Dayan, Joan: <em>Haiti, History, and the Gods<\/em>. Berkeley 1995.<\/span><\/li><\/ul>\n<p class=\"iwg-bib-more\"><span data-nosnippet>Fler standardverk i <a href=\"https:\/\/iwell-guard.com\/sv\/litteratur\/\">litteraturf\u00f6rteckningen<\/a>.<\/span><\/p><\/footer>\t\t\t\t\t\t\t\t<\/div>\n\t\t\t\t<\/div>\n\t\t\t\t\t<\/div>\n\t\t\t\t<\/div>\n\t\t<div class=\"elementor-element elementor-element-751b3b4 e-con-boxed e-flex e-con e-parent\" data-id=\"751b3b4\" data-element_type=\"container\" data-e-type=\"container\">\n\t\t\t\t\t<div class=\"e-con-inner\">\n\t\t\t\t<div class=\"elementor-element elementor-element-de779c8 elementor-widget elementor-widget-text-editor\" data-id=\"de779c8\" data-element_type=\"widget\" data-e-type=\"widget\" data-widget_type=\"text-editor.default\">\n\t\t\t\t\t\t\t\t\t\n<h2>Vanliga fr\u00e5gor om Erzulie<\/h2>\n<div class=\"iwg-faq-q\"><h3>Vem \u00e4r Erzulie inom vodou?<\/h3><p>Erzulie (kreolskt Ezili) \u00e4r inom haitisk vodou loan f\u00f6r k\u00e4rlek, sk\u00f6nhet och kvinnlighet. Hon \u00e4r ingen enskild gestalt utan en hel familj av besl\u00e4ktade andar med olika karakt\u00e4rsdrag.<\/p><p>Erzulie f\u00f6rkroppsligar idealet om kvinnlig behag, men \u00e4ven l\u00e4ngtan, svartsjuka och djup sm\u00e4rta. Hon dyrkas med smycken, parfym, s\u00f6tsaker och f\u00e4rgen rosa och r\u00e4knas som en av de mest \u00e4lskade loorna inom vodou.<\/p><\/div>\n<div class=\"iwg-faq-q\"><h3>Vad skiljer Erzulie Freda fr\u00e5n Erzulie Dantor?<\/h3><p>De tv\u00e5 mest k\u00e4nda uppenbarelseformerna st\u00e5r i sp\u00e4nningsfull kontrast till varandra. Erzulie Freda \u00e4r den ljusa, f\u00f6rfinade loan f\u00f6r romantisk k\u00e4rlek och lyx, ofta f\u00f6rknippad med Jungfru Maria; hon gr\u00e5ter ofta eftersom ingen jordisk k\u00e4rlek r\u00e4cker till f\u00f6r hennes l\u00e4ngtan.<\/p><p>Erzulie Dantor \u00e4r d\u00e4remot den m\u00f6rka, k\u00e4mpande modersloan, beskyddare av kvinnor och barn, ofta f\u00f6rknippad med en madonnaframst\u00e4llning med \u00e4rr i ansiktet. Freda representerar den romantiska sidan av kvinnligheten, Dantor den skyddande och arbetande sidan.<\/p><\/div>\n<script type=\"application\/ld+json\">{\"@context\":\"https:\/\/schema.org\",\"@type\":\"FAQPage\",\"mainEntity\":[{\"@type\":\"Question\",\"name\":\"Vem \u00e4r Erzulie inom vodou?\",\"acceptedAnswer\":{\"@type\":\"Answer\",\"text\":\"Erzulie (kreolskt Ezili) \u00e4r inom haitisk vodou loan f\u00f6r k\u00e4rlek, sk\u00f6nhet och kvinnlighet. Hon \u00e4r ingen enskild gestalt utan en hel familj av besl\u00e4ktade andar med olika karakt\u00e4rsdrag. Erzulie f\u00f6rkroppsligar idealet om kvinnlig behag, men \u00e4ven l\u00e4ngtan, svartsjuka och djup sm\u00e4rta. Hon dyrkas med smycken, parfym, s\u00f6tsaker och f\u00e4rgen rosa och r\u00e4knas som en av de mest \u00e4lskade loorna inom vodou.\"}},{\"@type\":\"Question\",\"name\":\"Vad skiljer Erzulie Freda fr\u00e5n Erzulie Dantor?\",\"acceptedAnswer\":{\"@type\":\"Answer\",\"text\":\"De tv\u00e5 mest k\u00e4nda uppenbarelseformerna st\u00e5r i sp\u00e4nningsfull kontrast till varandra. Erzulie Freda \u00e4r den ljusa, f\u00f6rfinade loan f\u00f6r romantisk k\u00e4rlek och lyx, ofta f\u00f6rknippad med Jungfru Maria; hon gr\u00e5ter ofta eftersom ingen jordisk k\u00e4rlek r\u00e4cker till f\u00f6r hennes l\u00e4ngtan. Erzulie Dantor \u00e4r d\u00e4remot den m\u00f6rka, k\u00e4mpande modersloan, beskyddare av kvinnor och barn, ofta f\u00f6rknippad med en madonnaframst\u00e4llning med \u00e4rr i ansiktet. Freda representerar den romantiska sidan av kvinnligheten, Dantor den skyddande och arbetande sidan.\"}}]}<\/script>\t\t\t\t\t\t\t\t<\/div>\n\t\t\t\t\t<\/div>\n\t\t\t\t<\/div>\n\t\t\t\t<\/div>\n\t\t","protected":false},"excerpt":{"rendered":"","protected":false},"author":3,"featured_media":1773,"parent":0,"menu_order":0,"comment_status":"closed","ping_status":"closed","template":"elementor_header_footer","meta":{"_yoast_wpseo_focuskw":"Erzulie Freda","_yoast_wpseo_title":"Erzulie Freda \u2013 k\u00e4rlekens gudinna i haitiansk vodou","_yoast_wpseo_metadesc":"Erzulie Freda, loa f\u00f6r k\u00e4rlek i haitiansk vodou. Speglar, rosor, rosa tygstycken och ritualerna f\u00f6r k\u00e4rlek och attraktion","_yoast_wpseo_meta-robots-noindex":"","_yoast_wpseo_canonical":"","_angie_page":false,"gefaehrdungsstufe":"1","wesen_kultur":"vodou","wesen_klasse":"goetter","footnotes":""},"categories":[],"class_list":["post-136760","page","type-page","status-publish","has-post-thumbnail","hentry"],"yoast_head":"<!-- This site is optimized with the Yoast SEO Premium plugin v27.7 (Yoast SEO v28.3) - https:\/\/yoast.com\/product\/yoast-seo-premium-wordpress\/ -->\n<title>Erzulie Freda \u2013 k\u00e4rlekens gudinna i haitiansk vodou<\/title>\n<meta name=\"description\" content=\"Erzulie Freda, loa f\u00f6r k\u00e4rlek i haitiansk vodou. Speglar, rosor, rosa tygstycken och ritualerna f\u00f6r k\u00e4rlek och attraktion\" \/>\n<meta name=\"robots\" content=\"index, follow, max-snippet:-1, max-image-preview:large, max-video-preview:-1\" \/>\n<link rel=\"canonical\" href=\"https:\/\/iwell-guard.com\/sv\/erzulie-freda\/\" \/>\n<meta property=\"og:locale\" content=\"sv_SE\" \/>\n<meta property=\"og:type\" content=\"article\" \/>\n<meta property=\"og:title\" content=\"Erzulie Freda\" \/>\n<meta property=\"og:description\" content=\"Erzulie Freda, loa f\u00f6r k\u00e4rlek i haitiansk vodou. Speglar, rosor, rosa tygstycken och ritualerna f\u00f6r k\u00e4rlek och attraktion\" \/>\n<meta property=\"og:url\" content=\"https:\/\/iwell-guard.com\/sv\/erzulie-freda\/\" \/>\n<meta property=\"og:site_name\" content=\"iWell Guard\" \/>\n<meta property=\"article:modified_time\" content=\"2026-09-03T01:11:16+00:00\" \/>\n<meta property=\"og:image\" content=\"https:\/\/iwell-guard.com\/wp-content\/uploads\/2026\/04\/goetter_vodou_erzulie-freda.webp\" \/>\n\t<meta property=\"og:image:width\" content=\"1024\" \/>\n\t<meta property=\"og:image:height\" content=\"1536\" \/>\n\t<meta property=\"og:image:type\" content=\"image\/webp\" \/>\n<meta name=\"twitter:card\" content=\"summary_large_image\" \/>\n<script type=\"application\/ld+json\" class=\"yoast-schema-graph\">{\"@context\":\"https:\\\/\\\/schema.org\",\"@graph\":[{\"@type\":\"WebPage\",\"@id\":\"https:\\\/\\\/iwell-guard.com\\\/sv\\\/erzulie-freda\\\/\",\"url\":\"https:\\\/\\\/iwell-guard.com\\\/sv\\\/erzulie-freda\\\/\",\"name\":\"Erzulie Freda \u2013 k\u00e4rlekens gudinna i haitiansk vodou\",\"isPartOf\":{\"@id\":\"https:\\\/\\\/iwell-guard.com\\\/sv\\\/#website\"},\"primaryImageOfPage\":{\"@id\":\"https:\\\/\\\/iwell-guard.com\\\/sv\\\/erzulie-freda\\\/#primaryimage\"},\"image\":{\"@id\":\"https:\\\/\\\/iwell-guard.com\\\/sv\\\/erzulie-freda\\\/#primaryimage\"},\"thumbnailUrl\":\"https:\\\/\\\/iwell-guard.com\\\/wp-content\\\/uploads\\\/2026\\\/04\\\/goetter_vodou_erzulie-freda.webp\",\"datePublished\":\"2026-09-03T00:09:47+00:00\",\"dateModified\":\"2026-09-03T01:11:16+00:00\",\"description\":\"Erzulie Freda, loa f\u00f6r k\u00e4rlek i haitiansk vodou. Speglar, rosor, rosa tygstycken och ritualerna f\u00f6r k\u00e4rlek och attraktion\",\"breadcrumb\":{\"@id\":\"https:\\\/\\\/iwell-guard.com\\\/sv\\\/erzulie-freda\\\/#breadcrumb\"},\"inLanguage\":\"sv-SE\",\"potentialAction\":[{\"@type\":\"ReadAction\",\"target\":[\"https:\\\/\\\/iwell-guard.com\\\/sv\\\/erzulie-freda\\\/\"]}]},{\"@type\":\"ImageObject\",\"inLanguage\":\"sv-SE\",\"@id\":\"https:\\\/\\\/iwell-guard.com\\\/sv\\\/erzulie-freda\\\/#primaryimage\",\"url\":\"https:\\\/\\\/iwell-guard.com\\\/wp-content\\\/uploads\\\/2026\\\/04\\\/goetter_vodou_erzulie-freda.webp\",\"contentUrl\":\"https:\\\/\\\/iwell-guard.com\\\/wp-content\\\/uploads\\\/2026\\\/04\\\/goetter_vodou_erzulie-freda.webp\",\"width\":1024,\"height\":1536,\"caption\":\"Gudar fr\u00e5n vodou-traditionen.\"},{\"@type\":\"BreadcrumbList\",\"@id\":\"https:\\\/\\\/iwell-guard.com\\\/sv\\\/erzulie-freda\\\/#breadcrumb\",\"itemListElement\":[{\"@type\":\"ListItem\",\"position\":1,\"name\":\"Start\",\"item\":\"https:\\\/\\\/iwell-guard.com\\\/sv\\\/?page_id=136483\"},{\"@type\":\"ListItem\",\"position\":2,\"name\":\"Erzulie Freda\"}]},{\"@type\":\"WebSite\",\"@id\":\"https:\\\/\\\/iwell-guard.com\\\/sv\\\/#website\",\"url\":\"https:\\\/\\\/iwell-guard.com\\\/sv\\\/\",\"name\":\"iWell Guard\",\"description\":\"Schutz vor dunklen Einfl\u00fcssen\",\"publisher\":{\"@id\":\"https:\\\/\\\/iwell-guard.com\\\/sv\\\/#organization\"},\"potentialAction\":[{\"@type\":\"SearchAction\",\"target\":{\"@type\":\"EntryPoint\",\"urlTemplate\":\"https:\\\/\\\/iwell-guard.com\\\/sv\\\/?s={search_term_string}\"},\"query-input\":{\"@type\":\"PropertyValueSpecification\",\"valueRequired\":true,\"valueName\":\"search_term_string\"}}],\"inLanguage\":\"sv-SE\"},{\"@type\":\"Organization\",\"@id\":\"https:\\\/\\\/iwell-guard.com\\\/sv\\\/#organization\",\"name\":\"Ittermann electronic GmbH\",\"url\":\"https:\\\/\\\/iwell-guard.com\\\/sv\\\/\",\"logo\":{\"@type\":\"ImageObject\",\"inLanguage\":\"sv-SE\",\"@id\":\"https:\\\/\\\/iwell-guard.com\\\/sv\\\/#\\\/schema\\\/logo\\\/image\\\/\",\"url\":\"https:\\\/\\\/iwell-guard.com\\\/wp-content\\\/uploads\\\/2026\\\/05\\\/Ittermann-Logo-1182x237-1.png\",\"contentUrl\":\"https:\\\/\\\/iwell-guard.com\\\/wp-content\\\/uploads\\\/2026\\\/05\\\/Ittermann-Logo-1182x237-1.png\",\"width\":1182,\"height\":237,\"caption\":\"Ittermann electronic GmbH\"},\"image\":{\"@id\":\"https:\\\/\\\/iwell-guard.com\\\/sv\\\/#\\\/schema\\\/logo\\\/image\\\/\"},\"sameAs\":[\"https:\\\/\\\/pantip.com\\\/profile\\\/9367242\",\"https:\\\/\\\/micro.blog\\\/iwellguard\",\"https:\\\/\\\/www.diggerslist.com\\\/iwellguard\\\/about\",\"https:\\\/\\\/skitterphoto.com\\\/photographers\\\/2870314\\\/iwell-guard\",\"https:\\\/\\\/iwellguard.wordpress.com\\\/2026\\\/06\\\/06\\\/iwell-guard\\\/\",\"https:\\\/\\\/hub.docker.com\\\/u\\\/iwellguard\",\"https:\\\/\\\/www.pinterest.com\\\/iwellguard\\\/\",\"https:\\\/\\\/bit.ly\\\/m\\\/iwellguard\",\"https:\\\/\\\/entre-vos-mains.alsace.eu\\\/profiles\\\/iwellguard\\\/activity\",\"https:\\\/\\\/gravatar.com\\\/reallybeded8fd34\",\"https:\\\/\\\/naijamatta.com\\\/iwellguard\",\"https:\\\/\\\/www.goodreads.com\\\/iwellguard\",\"https:\\\/\\\/profile.hatena.ne.jp\\\/iwellguard\\\/\",\"https:\\\/\\\/experiment.com\\\/users\\\/iwellguard\",\"https:\\\/\\\/wakelet.com\\\/@iWellGuard82270\",\"https:\\\/\\\/www.chordie.com\\\/forum\\\/profile.php?id=2555664\",\"https:\\\/\\\/www.instapaper.com\\\/p\\\/17757966\",\"https:\\\/\\\/www.mapleprimes.com\\\/users\\\/iwellguard\",\"https:\\\/\\\/businesslistingplus.com\\\/profile\\\/iwell-guard\\\/\",\"https:\\\/\\\/telegra.ph\\\/iWell-Guard-06-06\",\"https:\\\/\\\/pbase.com\\\/iwellguard\\\/iwellguard\",\"https:\\\/\\\/b.hatena.ne.jp\\\/iwellguard\\\/20260607#bookmark-4788405196491818882\",\"https:\\\/\\\/fliphtml5.com\\\/home\\\/iwellguard\",\"https:\\\/\\\/anyflip.com\\\/homepage\\\/cmiwl#About\",\"https:\\\/\\\/transfur.com\\\/Users\\\/iwellguard\",\"http:\\\/\\\/delphi.larsbo.org\\\/user\\\/iwellguard\",\"https:\\\/\\\/jobs.lajobsportal.org\\\/profiles\\\/8380803-iwell-guard\",\"https:\\\/\\\/md.chaosdorf.de\\\/s\\\/jfbe5SBdJD\",\"https:\\\/\\\/www.lingvolive.com\\\/en-us\\\/profile\\\/9ecaeaca-ce11-4e51-9e71-01d55e2bff36\\\/translations\",\"https:\\\/\\\/www.fitday.com\\\/fitness\\\/forums\\\/members\\\/iwellguard.html\",\"https:\\\/\\\/www.mymeetbook.com\\\/iwellguard\",\"https:\\\/\\\/pxhere.com\\\/en\\\/photographer-me\\\/5040798\",\"https:\\\/\\\/disqus.com\\\/by\\\/iwellguard\\\/about\\\/\",\"https:\\\/\\\/pastelink.net\\\/hjwciqwq\",\"https:\\\/\\\/pubhtml5.com\\\/homepage\\\/scjhn\\\/\",\"https:\\\/\\\/www.bitchute.com\\\/channel\\\/2O2eOKzNqujT\",\"https:\\\/\\\/audiomack.com\\\/iwellguard\"]},{\"@type\":\"Article\",\"@id\":\"https:\\\/\\\/iwell-guard.com\\\/sv\\\/erzulie-freda\\\/#article\",\"isPartOf\":{\"@id\":\"https:\\\/\\\/iwell-guard.com\\\/sv\\\/erzulie-freda\\\/\"},\"author\":{\"name\":\"Ralf Ittermann\",\"@id\":\"https:\\\/\\\/iwell-guard.com\\\/sv\\\/#\\\/schema\\\/person\\\/ee2a27f1cac3406c7c6fb5820cb7349f\"},\"headline\":\"Erzulie Freda\",\"datePublished\":\"2026-09-03T00:09:47+00:00\",\"dateModified\":\"2026-09-03T01:11:16+00:00\",\"mainEntityOfPage\":{\"@id\":\"https:\\\/\\\/iwell-guard.com\\\/sv\\\/erzulie-freda\\\/\"},\"publisher\":{\"@id\":\"https:\\\/\\\/iwell-guard.com\\\/sv\\\/#organization\"},\"image\":{\"@id\":\"https:\\\/\\\/iwell-guard.com\\\/sv\\\/erzulie-freda\\\/#primaryimage\"},\"thumbnailUrl\":\"https:\\\/\\\/iwell-guard.com\\\/wp-content\\\/uploads\\\/2026\\\/04\\\/goetter_vodou_erzulie-freda.webp\",\"inLanguage\":\"sv-SE\",\"description\":\"Erzulie Freda, loa f\u00f6r k\u00e4rlek i haitiansk vodou. Speglar, rosor, rosa tygstycken och ritualerna f\u00f6r k\u00e4rlek och attraktion\"}]}<\/script>\n<!-- \/ Yoast SEO Premium plugin. -->","yoast_head_json":{"title":"Erzulie Freda \u2013 k\u00e4rlekens gudinna i haitiansk vodou","description":"Erzulie Freda, loa f\u00f6r k\u00e4rlek i haitiansk vodou. Speglar, rosor, rosa tygstycken och ritualerna f\u00f6r k\u00e4rlek och attraktion","robots":{"index":"index","follow":"follow","max-snippet":"max-snippet:-1","max-image-preview":"max-image-preview:large","max-video-preview":"max-video-preview:-1"},"canonical":"https:\/\/iwell-guard.com\/sv\/erzulie-freda\/","og_locale":"sv_SE","og_type":"article","og_title":"Erzulie Freda","og_description":"Erzulie Freda, loa f\u00f6r k\u00e4rlek i haitiansk vodou. Speglar, rosor, rosa tygstycken och ritualerna f\u00f6r k\u00e4rlek och attraktion","og_url":"https:\/\/iwell-guard.com\/sv\/erzulie-freda\/","og_site_name":"iWell Guard","article_modified_time":"2026-09-03T01:11:16+00:00","og_image":[{"width":1024,"height":1536,"url":"https:\/\/iwell-guard.com\/wp-content\/uploads\/2026\/04\/goetter_vodou_erzulie-freda.webp","type":"image\/webp"}],"twitter_card":"summary_large_image","schema":{"@context":"https:\/\/schema.org","@graph":[{"@type":"Article","@id":"https:\/\/iwell-guard.com\/sv\/erzulie-freda\/#article","isPartOf":{"@id":"https:\/\/iwell-guard.com\/sv\/erzulie-freda\/"},"author":{"name":"Ralf Ittermann","@id":"https:\/\/iwell-guard.com\/sv\/#\/schema\/person\/ee2a27f1cac3406c7c6fb5820cb7349f"},"headline":"Erzulie Freda","datePublished":"2026-09-03T00:09:47+00:00","dateModified":"2026-09-03T01:11:16+00:00","mainEntityOfPage":{"@id":"https:\/\/iwell-guard.com\/sv\/erzulie-freda\/"},"publisher":{"@id":"https:\/\/iwell-guard.com\/sv\/#organization"},"image":{"@id":"https:\/\/iwell-guard.com\/sv\/erzulie-freda\/#primaryimage"},"thumbnailUrl":"https:\/\/iwell-guard.com\/wp-content\/uploads\/2026\/04\/goetter_vodou_erzulie-freda.webp","inLanguage":"sv-SE","description":"Erzulie Freda, loa f\u00f6r k\u00e4rlek i haitiansk vodou. Speglar, rosor, rosa tygstycken och ritualerna f\u00f6r k\u00e4rlek och attraktion"},{"@type":"WebPage","@id":"https:\/\/iwell-guard.com\/sv\/erzulie-freda\/","url":"https:\/\/iwell-guard.com\/sv\/erzulie-freda\/","name":"Erzulie Freda \u2013 k\u00e4rlekens gudinna i haitiansk vodou","isPartOf":{"@id":"https:\/\/iwell-guard.com\/sv\/#website"},"primaryImageOfPage":{"@id":"https:\/\/iwell-guard.com\/sv\/erzulie-freda\/#primaryimage"},"image":{"@id":"https:\/\/iwell-guard.com\/sv\/erzulie-freda\/#primaryimage"},"thumbnailUrl":"https:\/\/iwell-guard.com\/wp-content\/uploads\/2026\/04\/goetter_vodou_erzulie-freda.webp","datePublished":"2026-09-03T00:09:47+00:00","dateModified":"2026-09-03T01:11:16+00:00","description":"Erzulie Freda, loa f\u00f6r k\u00e4rlek i haitiansk vodou. Speglar, rosor, rosa tygstycken och ritualerna f\u00f6r k\u00e4rlek och attraktion","breadcrumb":{"@id":"https:\/\/iwell-guard.com\/sv\/erzulie-freda\/#breadcrumb"},"inLanguage":"sv-SE","potentialAction":[{"@type":"ReadAction","target":["https:\/\/iwell-guard.com\/sv\/erzulie-freda\/"]}]},{"@type":"ImageObject","inLanguage":"sv-SE","@id":"https:\/\/iwell-guard.com\/sv\/erzulie-freda\/#primaryimage","url":"https:\/\/iwell-guard.com\/wp-content\/uploads\/2026\/04\/goetter_vodou_erzulie-freda.webp","contentUrl":"https:\/\/iwell-guard.com\/wp-content\/uploads\/2026\/04\/goetter_vodou_erzulie-freda.webp","width":1024,"height":1536,"caption":"Gudar fr\u00e5n vodou-traditionen."},{"@type":"BreadcrumbList","@id":"https:\/\/iwell-guard.com\/sv\/erzulie-freda\/#breadcrumb","itemListElement":[{"@type":"ListItem","position":1,"name":"Start","item":"https:\/\/iwell-guard.com\/sv\/?page_id=136483"},{"@type":"ListItem","position":2,"name":"Erzulie Freda"}]},{"@type":"WebSite","@id":"https:\/\/iwell-guard.com\/sv\/#website","url":"https:\/\/iwell-guard.com\/sv\/","name":"iWell Guard","description":"Schutz vor dunklen Einfl\u00fcssen","publisher":{"@id":"https:\/\/iwell-guard.com\/sv\/#organization"},"potentialAction":[{"@type":"SearchAction","target":{"@type":"EntryPoint","urlTemplate":"https:\/\/iwell-guard.com\/sv\/?s={search_term_string}"},"query-input":{"@type":"PropertyValueSpecification","valueRequired":true,"valueName":"search_term_string"}}],"inLanguage":"sv-SE"},{"@type":"Organization","@id":"https:\/\/iwell-guard.com\/sv\/#organization","name":"Ittermann electronic GmbH","url":"https:\/\/iwell-guard.com\/sv\/","logo":{"@type":"ImageObject","inLanguage":"sv-SE","@id":"https:\/\/iwell-guard.com\/sv\/#\/schema\/logo\/image\/","url":"https:\/\/iwell-guard.com\/wp-content\/uploads\/2026\/05\/Ittermann-Logo-1182x237-1.png","contentUrl":"https:\/\/iwell-guard.com\/wp-content\/uploads\/2026\/05\/Ittermann-Logo-1182x237-1.png","width":1182,"height":237,"caption":"Ittermann electronic GmbH"},"image":{"@id":"https:\/\/iwell-guard.com\/sv\/#\/schema\/logo\/image\/"},"sameAs":["https:\/\/pantip.com\/profile\/9367242","https:\/\/micro.blog\/iwellguard","https:\/\/www.diggerslist.com\/iwellguard\/about","https:\/\/skitterphoto.com\/photographers\/2870314\/iwell-guard","https:\/\/iwellguard.wordpress.com\/2026\/06\/06\/iwell-guard\/","https:\/\/hub.docker.com\/u\/iwellguard","https:\/\/www.pinterest.com\/iwellguard\/","https:\/\/bit.ly\/m\/iwellguard","https:\/\/entre-vos-mains.alsace.eu\/profiles\/iwellguard\/activity","https:\/\/gravatar.com\/reallybeded8fd34","https:\/\/naijamatta.com\/iwellguard","https:\/\/www.goodreads.com\/iwellguard","https:\/\/profile.hatena.ne.jp\/iwellguard\/","https:\/\/experiment.com\/users\/iwellguard","https:\/\/wakelet.com\/@iWellGuard82270","https:\/\/www.chordie.com\/forum\/profile.php?id=2555664","https:\/\/www.instapaper.com\/p\/17757966","https:\/\/www.mapleprimes.com\/users\/iwellguard","https:\/\/businesslistingplus.com\/profile\/iwell-guard\/","https:\/\/telegra.ph\/iWell-Guard-06-06","https:\/\/pbase.com\/iwellguard\/iwellguard","https:\/\/b.hatena.ne.jp\/iwellguard\/20260607#bookmark-4788405196491818882","https:\/\/fliphtml5.com\/home\/iwellguard","https:\/\/anyflip.com\/homepage\/cmiwl#About","https:\/\/transfur.com\/Users\/iwellguard","http:\/\/delphi.larsbo.org\/user\/iwellguard","https:\/\/jobs.lajobsportal.org\/profiles\/8380803-iwell-guard","https:\/\/md.chaosdorf.de\/s\/jfbe5SBdJD","https:\/\/www.lingvolive.com\/en-us\/profile\/9ecaeaca-ce11-4e51-9e71-01d55e2bff36\/translations","https:\/\/www.fitday.com\/fitness\/forums\/members\/iwellguard.html","https:\/\/www.mymeetbook.com\/iwellguard","https:\/\/pxhere.com\/en\/photographer-me\/5040798","https:\/\/disqus.com\/by\/iwellguard\/about\/","https:\/\/pastelink.net\/hjwciqwq","https:\/\/pubhtml5.com\/homepage\/scjhn\/","https:\/\/www.bitchute.com\/channel\/2O2eOKzNqujT","https:\/\/audiomack.com\/iwellguard"]},{"@type":"Person","@id":"https:\/\/iwell-guard.com\/sv\/#\/schema\/person\/ee2a27f1cac3406c7c6fb5820cb7349f","name":"Ralf Ittermann","image":{"@type":"ImageObject","inLanguage":"sv-SE","@id":"https:\/\/secure.gravatar.com\/avatar\/073c0153e350a5005b68eb752b445fea71f6b24a26da9449ad7e155e6b446c9d?s=96&d=mm&r=g","url":"https:\/\/secure.gravatar.com\/avatar\/073c0153e350a5005b68eb752b445fea71f6b24a26da9449ad7e155e6b446c9d?s=96&d=mm&r=g","contentUrl":"https:\/\/secure.gravatar.com\/avatar\/073c0153e350a5005b68eb752b445fea71f6b24a26da9449ad7e155e6b446c9d?s=96&d=mm&r=g","caption":"Ralf Ittermann"},"givenName":"Ralf","familyName":"Ittermann","jobTitle":"Gesch\u00e4ftsf\u00fchrer und redaktioneller Verantwortlicher","url":"https:\/\/iwell-guard.com\/sv\/author\/claude\/","description":"Ralf Ittermann ist Gesch\u00e4ftsf\u00fchrer der Ittermann electronic GmbH und redaktioneller Verantwortlicher des iWell-Guard-Lexikons. Er verbindet langj\u00e4hrige Erfahrung in der Pr\u00e4zisionsfertigung mit medialer Praxis und religionsgeschichtlicher Quellenarbeit.","worksFor":{"@type":"Organization","name":"Ittermann electronic GmbH","url":"https:\/\/ittermann.de\/","address":{"@type":"PostalAddress","streetAddress":"K\u00f6hlergasse 16-18","postalCode":"99842","addressLocality":"Ruhla","addressCountry":"DE"}},"knowsAbout":["Religionsgeschichte","Mythologie","Mediale Praxis","Energetische Diagnostik","Schutzpraxis","Volksglauben","Westliche Esoterik"]},{"@type":"Article","@id":"https:\/\/iwell-guard.com\/sv\/erzulie-freda\/#article","isPartOf":{"@id":"https:\/\/iwell-guard.com\/sv\/erzulie-freda\/"},"author":{"name":"Ralf Ittermann","@id":"https:\/\/iwell-guard.com\/sv\/#\/schema\/person\/ee2a27f1cac3406c7c6fb5820cb7349f"},"headline":"Erzulie Freda","datePublished":"2026-09-03T00:09:47+00:00","dateModified":"2026-09-03T01:11:16+00:00","mainEntityOfPage":{"@id":"https:\/\/iwell-guard.com\/sv\/erzulie-freda\/"},"publisher":{"@id":"https:\/\/iwell-guard.com\/sv\/#organization"},"image":{"@id":"https:\/\/iwell-guard.com\/sv\/erzulie-freda\/#primaryimage"},"thumbnailUrl":"https:\/\/iwell-guard.com\/wp-content\/uploads\/2026\/04\/goetter_vodou_erzulie-freda.webp","inLanguage":"sv-SE","description":"Erzulie Freda, loa f\u00f6r k\u00e4rlek i haitiansk vodou. Speglar, rosor, rosa tygstycken och ritualerna f\u00f6r k\u00e4rlek och attraktion"}]}},"_links":{"self":[{"href":"https:\/\/iwell-guard.com\/sv\/wp-json\/wp\/v2\/pages\/136760","targetHints":{"allow":["GET"]}}],"collection":[{"href":"https:\/\/iwell-guard.com\/sv\/wp-json\/wp\/v2\/pages"}],"about":[{"href":"https:\/\/iwell-guard.com\/sv\/wp-json\/wp\/v2\/types\/page"}],"author":[{"embeddable":true,"href":"https:\/\/iwell-guard.com\/sv\/wp-json\/wp\/v2\/users\/3"}],"replies":[{"embeddable":true,"href":"https:\/\/iwell-guard.com\/sv\/wp-json\/wp\/v2\/comments?post=136760"}],"version-history":[{"count":0,"href":"https:\/\/iwell-guard.com\/sv\/wp-json\/wp\/v2\/pages\/136760\/revisions"}],"wp:featuredmedia":[{"embeddable":true,"href":"https:\/\/iwell-guard.com\/sv\/wp-json\/wp\/v2\/media\/1773"}],"wp:attachment":[{"href":"https:\/\/iwell-guard.com\/sv\/wp-json\/wp\/v2\/media?parent=136760"}],"wp:term":[{"taxonomy":"category","embeddable":true,"href":"https:\/\/iwell-guard.com\/sv\/wp-json\/wp\/v2\/categories?post=136760"}],"curies":[{"name":"wp","href":"https:\/\/api.w.org\/{rel}","templated":true}]}}