{"id":136753,"date":"2026-09-03T00:09:44","date_gmt":"2026-09-03T00:09:44","guid":{"rendered":"https:\/\/iwell-guard.com\/?page_id=136753"},"modified":"2026-09-03T01:11:07","modified_gmt":"2026-09-03T01:11:07","slug":"marid","status":"publish","type":"page","link":"https:\/\/iwell-guard.com\/sv\/marid\/","title":{"rendered":"Marid"},"content":{"rendered":"\t\t<div data-elementor-type=\"wp-page\" data-elementor-id=\"136753\" class=\"elementor elementor-136753 elementor-2165 elementor-bc-flex-widget\" data-elementor-post-type=\"page\">\n\t\t\t\t<div class=\"elementor-element elementor-element-10fdade e-flex e-con-boxed e-con e-parent\" data-id=\"10fdade\" data-element_type=\"container\" data-e-type=\"container\" data-settings=\"{&quot;background_background&quot;:&quot;classic&quot;}\">\n\t\t\t\t\t<div class=\"e-con-inner\">\n\t\t<div class=\"elementor-element elementor-element-herohlft0 e-flex e-con-boxed e-con e-child\" data-id=\"herohlft0\" data-element_type=\"container\" data-e-type=\"container\">\n\t\t\t\t\t<div class=\"e-con-inner\">\n\t\t<div class=\"elementor-element elementor-element-c3ceb64 e-con-full e-flex e-con e-child\" data-id=\"c3ceb64\" data-element_type=\"container\" data-e-type=\"container\">\n\t\t\t\t<div class=\"elementor-element elementor-element-96ae5e1 elementor-widget elementor-widget-heading\" data-id=\"96ae5e1\" data-element_type=\"widget\" data-e-type=\"widget\" data-widget_type=\"heading.default\">\n\t\t\t\t\t<h1 class=\"elementor-heading-title elementor-size-default\">Marid, demon i den islamiska traditionen<\/h1>\t\t\t\t<\/div>\n\t\t\t\t<div class=\"elementor-element elementor-element-e45238a elementor-widget elementor-widget-text-editor\" data-id=\"e45238a\" data-element_type=\"widget\" data-e-type=\"widget\" data-widget_type=\"text-editor.default\">\n\t\t\t\t\t\t\t\t\t<p>Marid \u00e4r <span class=\"iwg-fachbegriff\" data-tooltip=\"Andligt v\u00e4sen som tillskrivs skadlig eller mots\u00e4gelsefull verkan.\" tabindex=\"0\">demonen<\/span> i den islamiska traditionen, en motstr\u00e4vig djinn med osedvanlig kraft och motst\u00e5ndarskap. Dess religionsvetenskapliga betydelse ligger i f\u00f6rkroppsligandet av kosmiskt oberoende utanf\u00f6r den gudomliga ordningen, i demonologin som en skadlig makt och i den sufiska <span class=\"iwg-fachbegriff\" data-tooltip=\"Religi\u00f6s str\u00f6mning med tonvikt p\u00e5 omedelbar gudserfarenhet.\" tabindex=\"0\">mystiken<\/span> som en frestelsepr\u00f6vning (fitna) f\u00f6r troende.<\/p>\t\t\t\t\t\t\t\t<\/div>\n\t\t\t\t<\/div>\n\t\t<div class=\"elementor-element elementor-element-klsbdg01 e-con-full e-flex e-con e-parent\" data-id=\"klsbdg01\" data-element_type=\"container\" data-e-type=\"container\">\n\t\t\t\t<div class=\"elementor-element elementor-element-klshtm01 elementor-widget elementor-widget-html\" data-id=\"klshtm01\" data-element_type=\"widget\" data-e-type=\"widget\" data-widget_type=\"html.default\">\n\t\t\t\t\t<div class=\"iwg-pill-row\"><span class=\"iwg-klasse-badge\" tabindex=\"0\" data-tooltip=\"Demon: \u00d6vernaturligt v\u00e4sen med oftast skadlig eller ambivalent verkan. St\u00e5r mellan gudar och m\u00e4nniskor, orsakar sjukdom, frestelse eller olycka och avv\u00e4rjs genom besv\u00e4rjelser, apotropeiska medel och ritualer.\">Demon<\/span><a href=\"https:\/\/iwell-guard.com\/sv\/islam\/\" class=\"iwg-kultur-badge\" tabindex=\"0\" data-tooltip=\"Islamisk trosv\u00e4rld med \u00e4rke\u00e4nglar, jinner och religi\u00f6sa v\u00e4sen.\">Islam<\/a><\/div>\t\t\t\t<\/div>\n\t\t\t\t<\/div>\n\t\t<div class=\"elementor-element elementor-element-3f74855 e-con-full e-flex e-con e-child\" data-id=\"3f74855\" data-element_type=\"container\" data-e-type=\"container\">\n\t\t\t\t<div class=\"elementor-element elementor-element-1c30362 elementor-toc--minimized-on-tablet elementor-widget elementor-widget-table-of-contents\" data-id=\"1c30362\" data-element_type=\"widget\" data-e-type=\"widget\" data-settings=\"{&quot;exclude_headings_by_selector&quot;:[],&quot;no_headings_message&quot;:&quot;Inga rubriker hittades p\\u00e5 den h\\u00e4r sidan.&quot;,&quot;headings_by_tags&quot;:[&quot;h2&quot;,&quot;h3&quot;],&quot;marker_view&quot;:&quot;bullets&quot;,&quot;minimize_box&quot;:&quot;yes&quot;,&quot;icon&quot;:{&quot;value&quot;:&quot;fas fa-circle&quot;,&quot;library&quot;:&quot;fa-solid&quot;,&quot;rendered_tag&quot;:&quot;&lt;svg class=\\&quot;e-font-icon-svg e-fas-circle\\&quot; viewBox=\\&quot;0 0 512 512\\&quot; xmlns=\\&quot;http:\\\/\\\/www.w3.org\\\/2000\\\/svg\\&quot;&gt;&lt;path d=\\&quot;M256 8C119 8 8 119 8 256s111 248 248 248 248-111 248-248S393 8 256 8z\\&quot;&gt;&lt;\\\/path&gt;&lt;\\\/svg&gt;&quot;},&quot;minimized_on&quot;:&quot;tablet&quot;,&quot;hierarchical_view&quot;:&quot;yes&quot;,&quot;min_height&quot;:{&quot;unit&quot;:&quot;px&quot;,&quot;size&quot;:&quot;&quot;,&quot;sizes&quot;:[]},&quot;min_height_tablet&quot;:{&quot;unit&quot;:&quot;px&quot;,&quot;size&quot;:&quot;&quot;,&quot;sizes&quot;:[]},&quot;min_height_mobile&quot;:{&quot;unit&quot;:&quot;px&quot;,&quot;size&quot;:&quot;&quot;,&quot;sizes&quot;:[]}}\" data-widget_type=\"table-of-contents.default\">\n\t\t\t\t\t\t\t\t\t<div class=\"elementor-toc__header\">\n\t\t\t\t\t\t<h2 class=\"elementor-toc__header-title\">\n\t\t\t\tInneh\u00e5llsf\u00f6rteckning\t\t\t<\/h2>\n\t\t\t\t\t\t\t\t\t\t<div class=\"elementor-toc__toggle-button elementor-toc__toggle-button--expand\" role=\"button\" tabindex=\"0\" aria-controls=\"elementor-toc__1c30362\" aria-expanded=\"true\" aria-label=\"\u00d6ppna inneh\u00e5llsf\u00f6rteckning\"><svg aria-hidden=\"true\" class=\"e-font-icon-svg e-fas-chevron-down\" viewBox=\"0 0 448 512\" xmlns=\"http:\/\/www.w3.org\/2000\/svg\"><path d=\"M207.029 381.476L12.686 187.132c-9.373-9.373-9.373-24.569 0-33.941l22.667-22.667c9.357-9.357 24.522-9.375 33.901-.04L224 284.505l154.745-154.021c9.379-9.335 24.544-9.317 33.901.04l22.667 22.667c9.373 9.373 9.373 24.569 0 33.941L240.971 381.476c-9.373 9.372-24.569 9.372-33.942 0z\"><\/path><\/svg><\/div>\n\t\t\t\t<div class=\"elementor-toc__toggle-button elementor-toc__toggle-button--collapse\" role=\"button\" tabindex=\"0\" aria-controls=\"elementor-toc__1c30362\" aria-expanded=\"true\" aria-label=\"St\u00e4ng inneh\u00e5llsf\u00f6rteckning\"><svg aria-hidden=\"true\" class=\"e-font-icon-svg e-fas-chevron-up\" viewBox=\"0 0 448 512\" xmlns=\"http:\/\/www.w3.org\/2000\/svg\"><path d=\"M240.971 130.524l194.343 194.343c9.373 9.373 9.373 24.569 0 33.941l-22.667 22.667c-9.357 9.357-24.522 9.375-33.901.04L224 227.495 69.255 381.516c-9.379 9.335-24.544 9.317-33.901-.04l-22.667-22.667c-9.373-9.373-9.373-24.569 0-33.941L207.03 130.525c9.372-9.373 24.568-9.373 33.941-.001z\"><\/path><\/svg><\/div>\n\t\t\t\t\t<\/div>\n\t\t\t\t<div id=\"elementor-toc__1c30362\" class=\"elementor-toc__body\">\n\t\t\t<div class=\"elementor-toc__spinner-container\">\n\t\t\t\t<svg class=\"elementor-toc__spinner eicon-animation-spin e-font-icon-svg e-eicon-loading\" aria-hidden=\"true\" viewBox=\"0 0 1000 1000\" xmlns=\"http:\/\/www.w3.org\/2000\/svg\"><path d=\"M500 975V858C696 858 858 696 858 500S696 142 500 142 142 304 142 500H25C25 237 238 25 500 25S975 237 975 500 763 975 500 975Z\"><\/path><\/svg>\t\t\t<\/div>\n\t\t<\/div>\n\t\t\t\t\t\t<\/div>\n\t\t\t\t<\/div>\n\t\t\t\t\t<\/div>\n\t\t\t\t<\/div>\n\t\t<div class=\"elementor-element elementor-element-herorght0 e-con-full e-flex e-con e-child\" data-id=\"herorght0\" data-element_type=\"container\" data-e-type=\"container\">\n\t\t\t\t<div class=\"elementor-element elementor-element-heroimg00 iwg-hero-image elementor-widget elementor-widget-image\" data-id=\"heroimg00\" data-element_type=\"widget\" data-e-type=\"widget\" data-widget_type=\"image.default\">\n\t\t\t\t\t\t\t\t\t\t\t\t\t\t\t<img fetchpriority=\"high\" decoding=\"async\" width=\"683\" height=\"1024\" src=\"https:\/\/iwell-guard.com\/wp-content\/uploads\/2026\/04\/goetter_islam_marid-683x1024.webp\" class=\"attachment-large size-large wp-image-136243\" alt=\"Marid \u2013 gudar fr\u00e5n den islamiska traditionen, historiskt-illustrativt\" srcset=\"https:\/\/iwell-guard.com\/wp-content\/uploads\/2026\/04\/goetter_islam_marid-683x1024.webp 683w, https:\/\/iwell-guard.com\/wp-content\/uploads\/2026\/04\/goetter_islam_marid-200x300.webp 200w, https:\/\/iwell-guard.com\/wp-content\/uploads\/2026\/04\/goetter_islam_marid-768x1152.webp 768w, https:\/\/iwell-guard.com\/wp-content\/uploads\/2026\/04\/goetter_islam_marid.webp 1024w\" sizes=\"(max-width: 683px) 100vw, 683px\" \/>\t\t\t\t\t\t\t\t\t\t\t\t\t\t\t<\/div>\n\t\t\t\t<\/div>\n\t\t\t\t\t<\/div>\n\t\t\t\t<\/div>\n\t\t<div class=\"elementor-element elementor-element-32917199 e-flex e-con-boxed e-con e-parent\" data-id=\"32917199\" data-element_type=\"container\" data-e-type=\"container\">\n\t\t\t\t\t<div class=\"e-con-inner\">\n\t\t<div class=\"elementor-element elementor-element-26e916cb e-flex e-con-boxed e-con e-child\" data-id=\"26e916cb\" data-element_type=\"container\" data-e-type=\"container\">\n\t\t\t\t\t<div class=\"e-con-inner\">\n\t\t<div class=\"elementor-element elementor-element-253a40d4 e-flex e-con-boxed e-con e-child\" data-id=\"253a40d4\" data-element_type=\"container\" data-e-type=\"container\">\n\t\t\t\t\t<div class=\"e-con-inner\">\n\t\t\t\t<div class=\"elementor-element elementor-element-1200c304 elementor-widget elementor-widget-heading\" data-id=\"1200c304\" data-element_type=\"widget\" data-e-type=\"widget\" data-widget_type=\"heading.default\">\n\t\t\t\t\t<h2 class=\"elementor-heading-title elementor-size-default\">Marid<\/h2>\t\t\t\t<\/div>\n\t\t\t\t<div class=\"elementor-element elementor-element-11758e7f elementor-widget elementor-widget-text-editor\" data-id=\"11758e7f\" data-element_type=\"widget\" data-e-type=\"widget\" data-widget_type=\"text-editor.default\">\n\t\t\t\t\t\t\t\t\t<p>Marid fungerar som djinn-furste och motst\u00e5ndare. Dess egenskaper omfattar \u00f6vernaturlig kraft, motstr\u00e4vighet mot Guds befallning och f\u00f6rm\u00e5ga att f\u00f6rleda.<\/p><p>Centrala myter \u00e4r: marider i ber\u00e4ttelsen om f\u00e5geltronen (sura 27:39, 40, d\u00e4r en marid m\u00e5ste tj\u00e4na Salomo), profeternas utsatthet f\u00f6r marider (hadith), marider som ledare f\u00f6r upproriska djinner under Iblis (tafsir), samt mystiska traditioner om frestelsepr\u00f6vning i sufitexter.<\/p>\t\t\t\t\t\t\t\t<\/div>\n\t\t\t\t\t<\/div>\n\t\t\t\t<\/div>\n\t\t<div class=\"elementor-element elementor-element-159dcf9a e-flex e-con-boxed e-con e-child\" data-id=\"159dcf9a\" data-element_type=\"container\" data-e-type=\"container\">\n\t\t\t\t\t<div class=\"e-con-inner\">\n\t\t\t\t<div class=\"elementor-element elementor-element-48cee66f elementor-widget elementor-widget-heading\" data-id=\"48cee66f\" data-element_type=\"widget\" data-e-type=\"widget\" data-widget_type=\"heading.default\">\n\t\t\t\t\t<h2 class=\"elementor-heading-title elementor-size-default\">Snabb\u00f6versikt: Marid<\/h2>\t\t\t\t<\/div>\n\t\t\t\t<div class=\"elementor-element elementor-element-3f50d82c elementor-widget elementor-widget-text-editor\" data-id=\"3f50d82c\" data-element_type=\"widget\" data-e-type=\"widget\" data-widget_type=\"text-editor.default\">\n\t\t\t\t\t\t\t\t\t<p>Marid omn\u00e4mns i Koranen (27:39, en m\u00e4ktig djinn, arabiska: marid) och utvecklas i hadith-samlingar (Tirmidhi, Ibn Majah). Placeringen i tid sker i den tidiga islamiska perioden (600-talet). Forskningsl\u00e4get (Schimmel, Hughes, Wild, Schmoldt) dokumenterar marider som en framtr\u00e4dande demonisk figur i islamisk demonologi och magiska traditioner.<\/p>\t\t\t\t\t\t\t\t<\/div>\n\t\t\t\t\t<\/div>\n\t\t\t\t<\/div>\n\t\t\t\t\t<\/div>\n\t\t\t\t<\/div>\n\t\t\t\t\t<\/div>\n\t\t\t\t<\/div>\n\t\t<div class=\"elementor-element elementor-element-18613602 e-flex e-con-boxed e-con e-parent\" data-id=\"18613602\" data-element_type=\"container\" data-e-type=\"container\">\n\t\t\t\t\t<div class=\"e-con-inner\">\n\t\t\t\t<div class=\"elementor-element elementor-element-262b8a9f elementor-widget elementor-widget-heading\" data-id=\"262b8a9f\" data-element_type=\"widget\" data-e-type=\"widget\" data-widget_type=\"heading.default\">\n\t\t\t\t\t<h2 class=\"elementor-heading-title elementor-size-default\">Inordning<\/h2>\t\t\t\t<\/div>\n\t\t<div class=\"elementor-element elementor-element-46dcb7d e-con-full e-flex e-con e-child\" data-id=\"46dcb7d\" data-element_type=\"container\" data-e-type=\"container\">\n\t\t<div class=\"elementor-element elementor-element-61d3ab3 e-flex e-con-boxed e-con e-child\" data-id=\"61d3ab3\" data-element_type=\"container\" data-e-type=\"container\">\n\t\t\t\t\t<div class=\"e-con-inner\">\n\t\t\t\t<div class=\"elementor-element elementor-element-117c166 elementor-widget elementor-widget-heading\" data-id=\"117c166\" data-element_type=\"widget\" data-e-type=\"widget\" data-widget_type=\"heading.default\">\n\t\t\t\t\t<h3 class=\"elementor-heading-title elementor-size-default\">Texternas tidsperiod<\/h3>\t\t\t\t<\/div>\n\t\t\t\t<div class=\"elementor-element elementor-element-73997a0 elementor-widget elementor-widget-text-editor\" data-id=\"73997a0\" data-element_type=\"widget\" data-e-type=\"widget\" data-widget_type=\"text-editor.default\">\n\t\t\t\t\t\t\t\t\t<p>Kontinuiteten \u00e4r anm\u00e4rkningsv\u00e4rd och visar en djup kulturell f\u00f6rankring. \u00c4ven i modern tid \u00e4r minnet levande, ofta omformat men igenk\u00e4nnligt i sina grunddrag. Helhetsbilden visar stabilitet och kontinuerlig betydelse genom generationer och \u00e5rhundraden, vilket understryker denna figurs arketypiska djup.<\/p><h3>Mytologisk placering<\/h3><p>Marid \u00e4r en klass av m\u00e4ktiga demoner eller djinner i den islamiska <span class=\"iwg-fachbegriff\" data-tooltip=\"Den samlade skaran av en kulturs \u00f6verl\u00e4mnade gudaber\u00e4ttelser.\" tabindex=\"0\">mytologin<\/span>. Marider h\u00f6r till de starkaste och farligaste jinn-arterna. De omn\u00e4mns ofta som motst\u00e5ndare eller ovilliga tj\u00e4nare. Deras position pr\u00e4glas av ambivalens: eldvarelser, fria och m\u00e4ktiga.<\/p>\t\t\t\t\t\t\t\t<\/div>\n\t\t\t\t\t<\/div>\n\t\t\t\t<\/div>\n\t\t<div class=\"elementor-element elementor-element-d47b156 e-flex e-con-boxed e-con e-child\" data-id=\"d47b156\" data-element_type=\"container\" data-e-type=\"container\">\n\t\t\t\t\t<div class=\"e-con-inner\">\n\t\t\t\t<div class=\"elementor-element elementor-element-ff38c2b elementor-widget elementor-widget-heading\" data-id=\"ff38c2b\" data-element_type=\"widget\" data-e-type=\"widget\" data-widget_type=\"heading.default\">\n\t\t\t\t\t<h3 class=\"elementor-heading-title elementor-size-default\">Utbredningsomr\u00e5de<\/h3>\t\t\t\t<\/div>\n\t\t\t\t<div class=\"elementor-element elementor-element-4e49fcc elementor-widget elementor-widget-text-editor\" data-id=\"4e49fcc\" data-element_type=\"widget\" data-e-type=\"widget\" data-widget_type=\"text-editor.default\">\n\t\t\t\t\t\t\t\t\t<p>Marid var inte begr\u00e4nsad till best\u00e4mda regioner utan var allm\u00e4nt k\u00e4nd och v\u00f6rdad i hela den islamiska v\u00e4rlden. Vare sig i urbana centrum eller p\u00e5 landsbygden, bland eliten eller vanligt folk, erk\u00e4ndes och respekterades den andliga betydelsen konsekvent.<\/p><p>Detta visar en central roll i den kulturella sj\u00e4lvuppfattningen. Handel, migration och kulturellt utbyte spred och stabiliserade v\u00f6rdnaden, vilket ledde till en anm\u00e4rkningsv\u00e4rt enhetlig framst\u00e4llning \u00f6ver stora geografiska och tidsm\u00e4ssiga avst\u00e5nd.<\/p>\t\t\t\t\t\t\t\t<\/div>\n\t\t\t\t\t<\/div>\n\t\t\t\t<\/div>\n\t\t\t\t<\/div>\n\t\t<div class=\"elementor-element elementor-element-db03c39 e-con-full e-flex e-con e-child\" data-id=\"db03c39\" data-element_type=\"container\" data-e-type=\"container\">\n\t\t<div class=\"elementor-element elementor-element-229a87b e-flex e-con-boxed e-con e-child\" data-id=\"229a87b\" data-element_type=\"container\" data-e-type=\"container\">\n\t\t\t\t\t<div class=\"e-con-inner\">\n\t\t\t\t<div class=\"elementor-element elementor-element-1f471fc elementor-widget elementor-widget-heading\" data-id=\"1f471fc\" data-element_type=\"widget\" data-e-type=\"widget\" data-widget_type=\"heading.default\">\n\t\t\t\t\t<h3 class=\"elementor-heading-title elementor-size-default\">K\u00e4ll\u00e4ge<\/h3>\t\t\t\t<\/div>\n\t\t\t\t<div class=\"elementor-element elementor-element-36b1201 elementor-widget elementor-widget-text-editor\" data-id=\"36b1201\" data-element_type=\"widget\" data-e-type=\"widget\" data-widget_type=\"text-editor.default\">\n\t\t\t\t\t\t\t\t\t<p>Prim\u00e4rk\u00e4llor \u00e4r Koranen (27:39 marid-omn\u00e4mnande, 27:17, 44 f\u00e5geltronsber\u00e4ttelsen med djinn-medverkan, arabiska, 600-talet), hadith-samlingar (Jami&#8217; al-Tirmidhi, Sunan Ibn Majah, arabiska), tafsirverk (Tabari sura 27:39, Ibn Kathir) samt magisk litteratur (Kitab al-Ghayb, Shams al-Ma&#8217;arif, arabiska, 1200-talet).<\/p><p>I sekund\u00e4rlitteraturen har Schimmel (Mystical Dimensions), Hughes (Dictionary of Islam), Wild (Islamic Demonology) och McLeod (Judeo-Islamic Angelology) analyserat marids roll som en fruktad demonisk makt.<\/p>\t\t\t\t\t\t\t\t<\/div>\n\t\t\t\t\t<\/div>\n\t\t\t\t<\/div>\n\t\t\t\t<\/div>\n\t\t\t\t\t<\/div>\n\t\t\t\t<\/div>\n\t\t<div class=\"elementor-element elementor-element-3ae0637c e-flex e-con-boxed e-con e-parent\" data-id=\"3ae0637c\" data-element_type=\"container\" data-e-type=\"container\">\n\t\t\t\t\t<div class=\"e-con-inner\">\n\t\t\t\t<div class=\"elementor-element elementor-element-31d07739 elementor-widget elementor-widget-heading\" data-id=\"31d07739\" data-element_type=\"widget\" data-e-type=\"widget\" data-widget_type=\"heading.default\">\n\t\t\t\t\t<h2 class=\"elementor-heading-title elementor-size-default\">Namn och varianter<\/h2>\t\t\t\t<\/div>\n\t\t<div class=\"elementor-element elementor-element-b7642947 e-con-full e-flex e-con e-child\" data-id=\"b7642947\" data-element_type=\"container\" data-e-type=\"container\">\n\t\t\t\t<div class=\"elementor-element elementor-element-a086266 elementor-widget elementor-widget-text-editor\" data-id=\"a086266\" data-element_type=\"widget\" data-e-type=\"widget\" data-widget_type=\"text-editor.default\">\n\t\t\t\t\t\t\t\t\t<p>Marid framst\u00e4lls med s\u00e4rskilda ikonografiska element som \u00e4r symboliskt kodade och b\u00e4r djup betydelse. Dessa element f\u00f6rmedlar i grunden funktionerna, maktk\u00e4llorna, ansvarsomr\u00e5det och den kosmiska rollen hos denna entitet. Det visuella systemet g\u00f6r det m\u00f6jligt f\u00f6r invigda och kulturellt bildade att f\u00f6rst\u00e5 den djupa inneb\u00f6rden.<\/p><p>Traditionen beskriver marid med \u00e5terkommande k\u00e4nnetecken: en v\u00e4ldig gestalt, en koppling till havet, motivet med anden som bannlysts i flaskor eller k\u00e4rl, s\u00e5 som det gestaltas i ber\u00e4ttelserna fr\u00e5n Tusen och en natt. Redan Koranen n\u00e4mner i sura as-Saffat (37:7) den upproriska Satan, som himlen bevakas mot. Dessa drag har f\u00f6rts vidare genom \u00e5rhundraden och g\u00f6r klassen marid tydligt urskiljbar inom djinn-l\u00e4ran.<\/p>\t\t\t\t\t\t\t\t<\/div>\n\t\t\t\t<\/div>\n\t\t\t\t\t<\/div>\n\t\t\t\t<\/div>\n\t\t<div class=\"elementor-element elementor-element-709a44a8 e-flex e-con-boxed e-con e-parent\" data-id=\"709a44a8\" data-element_type=\"container\" data-e-type=\"container\">\n\t\t\t\t\t<div class=\"e-con-inner\">\n\t\t\t\t<div class=\"elementor-element elementor-element-2f585873 elementor-widget elementor-widget-heading\" data-id=\"2f585873\" data-element_type=\"widget\" data-e-type=\"widget\" data-widget_type=\"heading.default\">\n\t\t\t\t\t<h2 class=\"elementor-heading-title elementor-size-default\">Beskrivning<\/h2>\t\t\t\t<\/div>\n\t\t<div class=\"elementor-element elementor-element-70621c12 e-con-full e-flex e-con e-child\" data-id=\"70621c12\" data-element_type=\"container\" data-e-type=\"container\">\n\t\t\t\t<div class=\"elementor-element elementor-element-4296eb49 elementor-widget elementor-widget-text-editor\" data-id=\"4296eb49\" data-element_type=\"widget\" data-e-type=\"widget\" data-widget_type=\"text-editor.default\">\n\t\t\t\t\t\t\t\t\t<p>Marid var central i den religi\u00f6sa praktiken och den vardagliga f\u00f6rst\u00e5elsen av islam. M\u00e4nniskor v\u00e4nde sig till denna entitet i kritiska situationer eller vid best\u00e4mda rituella tider p\u00e5 \u00e5ret, med strukturerade riter, b\u00f6ner eller offerg\u00e5vor. Praktiken f\u00f6rdes vidare med precision och leddes ofta av pr\u00e4ster eller specialister.<\/p><p>Hanteringen av marid f\u00f6rblev under l\u00e5ng tid en del av vardagskunskapen i den islamiska v\u00e4rlden, eftersom man ans\u00e5g skydds\u00e5tg\u00e4rder n\u00f6dv\u00e4ndiga. De tj\u00e4nade olika syften: koranrecitation och skyddsformler skulle fr\u00e5n b\u00f6rjan f\u00f6rhindra de upproriska djinnernas tillg\u00e5ng, besv\u00e4rjare f\u00f6rs\u00f6kte l\u00f6sa befintliga pl\u00e5gor, och motivet med bannlysning i ett f\u00f6rseglat k\u00e4rl, k\u00e4nt fr\u00e5n Tusen och en natt, visar str\u00e4van efter varaktig kontroll \u00f6ver denna andeklass.<\/p><h3>Utseende och symbolik<\/h3><p>Marider framst\u00e4lls som enorma, skr\u00e4ckinjagande varelser, ofta med svart eller eldr\u00f6d hud och vingar. De kan anta olika former. Deras \u00f6gon brinner som gl\u00f6d. Eld och virvlande luft \u00e4r deras symboler. Kedjor och sigill h\u00e5ller dem i schack.<\/p>\t\t\t\t\t\t\t\t<\/div>\n\t\t\t\t<\/div>\n\t\t\t\t\t<\/div>\n\t\t\t\t<\/div>\n\t\t<div class=\"elementor-element elementor-element-44e71476 e-flex e-con-boxed e-con e-parent\" data-id=\"44e71476\" data-element_type=\"container\" data-e-type=\"container\">\n\t\t\t\t\t<div class=\"e-con-inner\">\n\t\t\t\t<div class=\"elementor-element elementor-element-3c1fc3f0 elementor-widget elementor-widget-heading\" data-id=\"3c1fc3f0\" data-element_type=\"widget\" data-e-type=\"widget\" data-widget_type=\"heading.default\">\n\t\t\t\t\t<h2 class=\"elementor-heading-title elementor-size-default\">Profil: Marid<\/h2>\t\t\t\t<\/div>\n\t\t<div class=\"elementor-element elementor-element-84f33b8e e-con-full e-flex e-con e-child\" data-id=\"84f33b8e\" data-element_type=\"container\" data-e-type=\"container\">\n\t\t\t\t<div class=\"elementor-element elementor-element-hqkdc67p elementor-widget elementor-widget-text-editor\" data-id=\"hqkdc67p\" data-element_type=\"widget\" data-e-type=\"widget\" data-widget_type=\"text-editor.default\">\n\t\t\t\t\t\t\t\t\t<p>Profilen belyser marid utifr\u00e5n sex dimensioner: dess ursprung i koraniska och litter\u00e4ra demonologiska traditioner, dess m\u00e5lgrupp bland troende som frestelse och magikerkraft, ikonografiska eld- och vattenk\u00e4nnetecken hos djinn-naturen, dess funktionella roll som motst\u00e5ndare och f\u00f6rledare, j\u00e4mf\u00f6relser med andra islamiska och icke-islamiska demoner, samt dess roll som pr\u00f6vning (fitna) i mystisk rening.<\/p>\t\t\t\t\t\t\t\t<\/div>\n\t\t\t\t<\/div>\n\t\t<div class=\"elementor-element elementor-element-pemmx7c5 e-con-full e-flex e-con e-child\" data-id=\"pemmx7c5\" data-element_type=\"container\" data-e-type=\"container\">\n\t\t<div class=\"elementor-element elementor-element-pemmx7c1 e-con-full e-flex e-con e-child\" data-id=\"pemmx7c1\" data-element_type=\"container\" data-e-type=\"container\">\n\t\t<div class=\"elementor-element elementor-element-qh9oavvu iwg-steckbrief-card e-flex e-con-boxed e-con e-child\" data-id=\"qh9oavvu\" data-element_type=\"container\" data-e-type=\"container\">\n\t\t\t\t\t<div class=\"e-con-inner\">\n\t\t\t\t<div class=\"elementor-element elementor-element-awzx8k2k elementor-widget elementor-widget-heading\" data-id=\"awzx8k2k\" data-element_type=\"widget\" data-e-type=\"widget\" data-widget_type=\"heading.default\">\n\t\t\t\t\t<div class=\"elementor-heading-title elementor-size-default\">Kulturell kontext<\/div>\t\t\t\t<\/div>\n\t\t\t\t<div class=\"elementor-element elementor-element-x6rowhv0 elementor-widget elementor-widget-text-editor\" data-id=\"x6rowhv0\" data-element_type=\"widget\" data-e-type=\"widget\" data-widget_type=\"text-editor.default\">\n\t\t\t\t\t\t\t\t\t<p>Marid f\u00f6rekommer f\u00f6rst i Koranen fr\u00e5n 600-talet, med r\u00f6tter i arabiska och semitiska djinn-traditioner. Det geografiska ursprunget ligger p\u00e5 den arabiska halv\u00f6n, s\u00e4rskilt i \u00f6knarna och vattendragen som djinnernas habitat.<\/p><p>Den f\u00f6rsta omn\u00e4mningen dateras till Koranen 27:39 (mecka-perioden, 610\u2013632 e.Kr.). Den teologiska ramningen som en motstr\u00e4vig djinn-klass skedde i hadith-kommentarer och magiska traktat (1200\u20131400-talet).<\/p>\t\t\t\t\t\t\t\t<\/div>\n\t\t\t\t\t<\/div>\n\t\t\t\t<\/div>\n\t\t<div class=\"elementor-element elementor-element-8e3o4kxs iwg-steckbrief-card e-flex e-con-boxed e-con e-child\" data-id=\"8e3o4kxs\" data-element_type=\"container\" data-e-type=\"container\">\n\t\t\t\t\t<div class=\"e-con-inner\">\n\t\t\t\t<div class=\"elementor-element elementor-element-08rkdgov elementor-widget elementor-widget-heading\" data-id=\"08rkdgov\" data-element_type=\"widget\" data-e-type=\"widget\" data-widget_type=\"heading.default\">\n\t\t\t\t\t<div class=\"elementor-heading-title elementor-size-default\">Marids m\u00e5lgrupp<\/div>\t\t\t\t<\/div>\n\t\t\t\t<div class=\"elementor-element elementor-element-uwjelx8s elementor-widget elementor-widget-text-editor\" data-id=\"uwjelx8s\" data-element_type=\"widget\" data-e-type=\"widget\" data-widget_type=\"text-editor.default\">\n\t\t\t\t\t\t\t\t\t<p>Marid v\u00e4nde sig i f\u00f6rsta hand till m\u00e4nniskor med demoniska kontakter eller magiska avsikter. M\u00e5lgruppen utg\u00f6rs av magiker (sahirun), de som faller offer f\u00f6r marider, troende i frestelsetider och mystiska nyb\u00f6rjare utan tillr\u00e4ckligt skydd. Tillf\u00e4llena \u00e4r nattens timmar (djinnernas aktivitetstid), ensamhet, orenhet (rituell) samt oaktsamhet gentemot Guds bud. Kontakten sker snarare mot personens vilja \u00e4n \u00f6nskad.<\/p>\t\t\t\t\t\t\t\t<\/div>\n\t\t\t\t\t<\/div>\n\t\t\t\t<\/div>\n\t\t<div class=\"elementor-element elementor-element-jm2n74ec iwg-steckbrief-card e-flex e-con-boxed e-con e-child\" data-id=\"jm2n74ec\" data-element_type=\"container\" data-e-type=\"container\">\n\t\t\t\t\t<div class=\"e-con-inner\">\n\t\t\t\t<div class=\"elementor-element elementor-element-8vufse4c elementor-widget elementor-widget-heading\" data-id=\"8vufse4c\" data-element_type=\"widget\" data-e-type=\"widget\" data-widget_type=\"heading.default\">\n\t\t\t\t\t<div class=\"elementor-heading-title elementor-size-default\">Utseende<\/div>\t\t\t\t<\/div>\n\t\t\t\t<div class=\"elementor-element elementor-element-mwb9u015 elementor-widget elementor-widget-text-editor\" data-id=\"mwb9u015\" data-element_type=\"widget\" data-e-type=\"widget\" data-widget_type=\"text-editor.default\">\n\t\t\t\t\t\t\t\t\t<p>Marid ikonografiskt: en m\u00e4ktig, demonisk gestalt med \u00f6vernaturliga drag. Typisk framst\u00e4llning: gigantisk, f\u00f6rkroppsligar eld- och vattenelement, svart eller r\u00f6d f\u00e4rg, ibland med vingar, horn eller djurlika drag. Attribut \u00e4r kedjor (Salomos bindning), eldandedr\u00e4kt, vattenkraft. I arabiska sagor och beskrivningar av jinner: skr\u00e4ckinjagande, n\u00e4stan om\u00f6jlig att kontrollera.<\/p>\t\t\t\t\t\t\t\t<\/div>\n\t\t\t\t\t<\/div>\n\t\t\t\t<\/div>\n\t\t\t\t<\/div>\n\t\t<div class=\"elementor-element elementor-element-pemmx7c2 e-con-full e-flex e-con e-child\" data-id=\"pemmx7c2\" data-element_type=\"container\" data-e-type=\"container\">\n\t\t<div class=\"elementor-element elementor-element-37ss2yr6 iwg-steckbrief-card e-flex e-con-boxed e-con e-child\" data-id=\"37ss2yr6\" data-element_type=\"container\" data-e-type=\"container\">\n\t\t\t\t\t<div class=\"e-con-inner\">\n\t\t\t\t<div class=\"elementor-element elementor-element-3v0wp3wx elementor-widget elementor-widget-heading\" data-id=\"3v0wp3wx\" data-element_type=\"widget\" data-e-type=\"widget\" data-widget_type=\"heading.default\">\n\t\t\t\t\t<div class=\"elementor-heading-title elementor-size-default\">Verksamhet<\/div>\t\t\t\t<\/div>\n\t\t\t\t<div class=\"elementor-element elementor-element-w3247g2m elementor-widget elementor-widget-text-editor\" data-id=\"w3247g2m\" data-element_type=\"widget\" data-e-type=\"widget\" data-widget_type=\"text-editor.default\">\n\t\t\t\t\t\t\t\t\t<p><strong>Verkningsomr\u00e5de:<\/strong> <em>M\u0101rid<\/em> (\u0645\u0627\u0631\u062f, plural <em>maraid<\/em>) \u00e4r i klassisk islamisk demonologi den m\u00e4ktigaste och mest upproriska klassen av jinner, \u00f6verordnad de l\u00e4gre klasserna <em>jinn<\/em> (i egentlig mening), <em>shaitan<\/em>, <em>\u02bfifr\u012bt<\/em> och <em>ghul<\/em>.<\/p><p>Redan Koranen k\u00e4nner till m\u0101rid i en straffformel (Sura 37:7: &#8221;Vi har smyckat himlen med stj\u00e4rnor och skyddat den mot varje upprorisk satan\/<em>shaitan m\u0101rid<\/em>&#8221;).<\/p><p>Ber\u00e4ttelsecyklerna i <em>Tusen och en natt<\/em>, framf\u00f6r allt ber\u00e4ttelserna om Salomo (<em>Sulayman<\/em>) och hans sigillring, tillskriver m\u0101rid f\u00f6rm\u00e5gan att flytta berg, skilja hav och upptr\u00e4da p\u00e5 avl\u00e4gsna platser.<\/p><p>I den mystiskt-ockulta traditionen (al-B\u016bn\u012b, <em>Shams al-Ma\u02bf\u0101rif<\/em>, 1200-talet) r\u00e4knas de som de h\u00f6gsta v\u00e4sendena i den osynliga v\u00e4rlden, som endast kan bindas genom de m\u00e4ktigaste Gudsnamnen och sigillartade besv\u00e4rjelser.<\/p>\t\t\t\t\t\t\t\t<\/div>\n\t\t\t\t\t<\/div>\n\t\t\t\t<\/div>\n\t\t<div class=\"elementor-element elementor-element-0qpjal9w iwg-steckbrief-card e-flex e-con-boxed e-con e-child\" data-id=\"0qpjal9w\" data-element_type=\"container\" data-e-type=\"container\">\n\t\t\t\t\t<div class=\"e-con-inner\">\n\t\t\t\t<div class=\"elementor-element elementor-element-6ndoih0o elementor-widget elementor-widget-heading\" data-id=\"6ndoih0o\" data-element_type=\"widget\" data-e-type=\"widget\" data-widget_type=\"heading.default\">\n\t\t\t\t\t<div class=\"elementor-heading-title elementor-size-default\">Skyddsmedel<\/div>\t\t\t\t<\/div>\n\t\t\t\t<div class=\"elementor-element elementor-element-6684tyh9 elementor-widget elementor-widget-text-editor\" data-id=\"6684tyh9\" data-element_type=\"widget\" data-e-type=\"widget\" data-widget_type=\"text-editor.default\">\n\t\t\t\t\t\t\t\t\t<p>Marid ans\u00e5gs vara skadlig och motstr\u00e4vig. Skyddspraktiker omfattade b\u00f6ner (dua) om Allahs skydd mot marider, recitation av koranverser (Ayat al-Kursi, sura 2:255), anv\u00e4ndning av skydds<span class=\"iwg-fachbegriff\" data-tooltip=\"Ett buret f\u00f6rem\u00e5l som tillskrivs en skyddande, ont avv\u00e4rjande verkan.\" tabindex=\"0\">amulett<\/span> med Allahs heliga namn (taweez) samt rituell rening (wudhu).<\/p><p>I sufisk <span class=\"iwg-fachbegriff\" data-tooltip=\"Religi\u00f6s str\u00f6mning med fokus p\u00e5 omedelbar guderfarenhet.\" tabindex=\"0\">mystik<\/span> uppfattades marider som ett prov (fitna) som den troende skulle \u00f6vervinna genom andlig kraft. Skyddet bestod i n\u00e4rhet till Allahs bud (taqwa).<\/p>\t\t\t\t\t\t\t\t<\/div>\n\t\t\t\t\t<\/div>\n\t\t\t\t<\/div>\n\t\t<div class=\"elementor-element elementor-element-3lfi7x32 iwg-steckbrief-card e-flex e-con-boxed e-con e-child\" data-id=\"3lfi7x32\" data-element_type=\"container\" data-e-type=\"container\">\n\t\t\t\t\t<div class=\"e-con-inner\">\n\t\t\t\t<div class=\"elementor-element elementor-element-0kg99ga1 elementor-widget elementor-widget-heading\" data-id=\"0kg99ga1\" data-element_type=\"widget\" data-e-type=\"widget\" data-widget_type=\"heading.default\">\n\t\t\t\t\t<div class=\"elementor-heading-title elementor-size-default\">Motsvarigheter<\/div>\t\t\t\t<\/div>\n\t\t\t\t<div class=\"elementor-element elementor-element-n0fum6kp elementor-widget elementor-widget-text-editor\" data-id=\"n0fum6kp\" data-element_type=\"widget\" data-e-type=\"widget\" data-widget_type=\"text-editor.default\">\n\t\t\t\t\t\t\t\t\t<p>J\u00e4mf\u00f6rbara gestalter inom islam: Iblis (huvud<span class=\"iwg-fachbegriff\" data-tooltip=\"Andligt v\u00e4sen som tillskrivs skadlig eller mots\u00e4gelsefull verkan.\" tabindex=\"0\">demon<\/span>, men med fallen <span class=\"iwg-fachbegriff\" data-tooltip=\"I de abrahamitiska religionerna ett himmelskt s\u00e4ndebud fr\u00e5n Gud.\" tabindex=\"0\">\u00e4ngel<\/span>-status), shayatin (allm\u00e4nna demoner, men mindre m\u00e4ktiga), andra jinn-klasser (qarin, afrit). Utanf\u00f6r islam: den judiska Azazel (<span class=\"iwg-fachbegriff\" data-tooltip=\"Andligt v\u00e4sen som tillskrivs skadlig eller mots\u00e4gelsefull verkan.\" tabindex=\"0\">demon<\/span>furste), kristna demoniska gestalter (Belsebub, Mammon), mesopotamiska Lamashtu (motstr\u00e4vig demonkvinna). Kombinationen av elementarkraft och motst\u00e5ndsfunktion g\u00f6r marid karakt\u00e4ristisk.<\/p>\t\t\t\t\t\t\t\t<\/div>\n\t\t\t\t\t<\/div>\n\t\t\t\t<\/div>\n\t\t\t\t<\/div>\n\t\t\t\t<\/div>\n\t\t\t\t\t<\/div>\n\t\t\t\t<\/div>\n\t\t<div class=\"elementor-element elementor-element-5a584676 e-flex e-con-boxed e-con e-parent\" data-id=\"5a584676\" data-element_type=\"container\" data-e-type=\"container\">\n\t\t\t\t\t<div class=\"e-con-inner\">\n\t\t\t\t<div class=\"elementor-element elementor-element-6d0757bf elementor-widget elementor-widget-heading\" data-id=\"6d0757bf\" data-element_type=\"widget\" data-e-type=\"widget\" data-widget_type=\"heading.default\">\n\t\t\t\t\t<h2 class=\"elementor-heading-title elementor-size-default\">Marid, paralleller i andra kulturer<\/h2>\t\t\t\t<\/div>\n\t\t<div class=\"elementor-element elementor-element-60563f68 e-con-full e-flex e-con e-child\" data-id=\"60563f68\" data-element_type=\"container\" data-e-type=\"container\">\n\t\t\t\t<div class=\"elementor-element elementor-element-5a93fdd6 elementor-widget elementor-widget-text-editor\" data-id=\"5a93fdd6\" data-element_type=\"widget\" data-e-type=\"widget\" data-widget_type=\"text-editor.default\">\n\t\t\t\t\t\t\t\t\t<p>Marider r\u00e4knas till de m\u00e4ktigaste klasserna av jinner och f\u00f6rmedlar funktionellt mellan yakshas i den indiska och daimoner i den senantikt-medelhavska v\u00e4rlden. Till skillnad fr\u00e5n de oftast enbart ondskefulla andarna i andra traditioner \u00e4r marider inom islamisk demonologi ambivalenta: de kan omv\u00e4ndas, ing\u00e5 avtal och i Salomos tradition till och med tj\u00e4nstg\u00f6ra.<\/p>\n<p><p><strong>Judisk tradition:<\/strong> Judisk parallell: Azazel (<span class=\"iwg-fachbegriff\" data-tooltip=\"Andligt v\u00e4sen som tillskrivs skadlig eller mots\u00e4gelsefull verkan.\" tabindex=\"0\">demon<\/span>furste, syndabock) eller Samael (demonisk \u00e4rke\u00e4ngel). Skillnaden: marid har ursprunglig jinn-natur och \u00e4r inte ett fallet v\u00e4sen, medan Samael\/Azazel \u00e4r fallna \u00e4nglav\u00e4sen. Motst\u00e5ndsfunktionen delar de dock.<\/p><p><strong>Grekisk-romerska v\u00e4rlden:<\/strong> Grekisk motsvarighet: Typhon (kaosmakt), giganter eller titaner. Skillnaden: dessa \u00e4r gudarnas motst\u00e5ndare i kosmogonin, medan marid \u00e4r en demonisk vardagsmakt. N\u00e4rmare: harpyer eller furier (onda v\u00e4sen med kontroll \u00f6ver elementen).<\/p><p><strong>Mesopotamien:<\/strong> Mesopotamisk motsvarighet: Tiamat (kaos<span class=\"iwg-fachbegriff\" data-tooltip=\"Andligt v\u00e4sen som tillskrivs skadlig eller mots\u00e4gelsefull verkan.\" tabindex=\"0\">demon<\/span>, Mardukens motst\u00e5ndare), Labartu eller Lamashtu (motstr\u00e4vig demonkvinna). Marid och dessa makter delar den kosmiska motst\u00e5ndsfunktionen och elementarkraften, men marid \u00e4r mer individuell och interaktiv.<\/p><p><strong>Indien\/Asien:<\/strong> Indisk motsvarighet: asuras (demoniska motmakter, hinduism) eller rakshasas (demonklass). Motst\u00e5nds- och f\u00f6rf\u00f6relsefunktionen delar de. Buddhistisk parallell: maras eller demoniska yakshas med \u00f6vernaturlighet och f\u00f6rf\u00f6relsekraft.<\/p>\t\t\t\t\t\t\t\t<\/div>\n\t\t\t\t<\/div>\n\t\t\t\t\t<\/div>\n\t\t\t\t<\/div>\n\t\t<div class=\"elementor-element elementor-element-cp9017bf9 e-flex e-con-boxed e-con e-parent\" data-id=\"cp9017bf9\" data-element_type=\"container\" data-e-type=\"container\">\n\t\t\t\t\t<div class=\"e-con-inner\">\n\t\t\t\t<div class=\"elementor-element elementor-element-cpb1845ef elementor-widget elementor-widget-heading\" data-id=\"cpb1845ef\" data-element_type=\"widget\" data-e-type=\"widget\" data-widget_type=\"heading.default\">\n\t\t\t\t\t<h2 class=\"elementor-heading-title elementor-size-default\">Mariden i klassifikationen av jinnerna<\/h2>\t\t\t\t<\/div>\n\t\t<div class=\"elementor-element elementor-element-cpb5e4d0b e-con-full e-flex e-con e-child\" data-id=\"cpb5e4d0b\" data-element_type=\"container\" data-e-type=\"container\">\n\t\t\t\t<div class=\"elementor-element elementor-element-cpb1e5b2b elementor-widget elementor-widget-text-editor\" data-id=\"cpb1e5b2b\" data-element_type=\"widget\" data-e-type=\"widget\" data-widget_type=\"text-editor.default\">\n\t\t\t\t\t\t\t\t\t<p>Marid tillh\u00f6r den breda klassen av jinner, de v\u00e4sen skapade av r\u00f6kfri eld som i den islamiska v\u00e4rldsbilden st\u00e5r mellan \u00e4nglarna och m\u00e4nniskorna. Inom denna klass f\u00f6rs\u00f6kte den islamiska l\u00e4rdomen uppr\u00e4tta olika ordningar, och i flera av dessa indelningar framtr\u00e4der marid som en s\u00e4rskilt m\u00e4ktig undergrupp.<\/p><p>En vanlig, men inte enhetligt \u00f6verl\u00e4mnad, indelning skiljer mellan flera typer av jinner efter kraft och ondska. Den enkla <em>jinn<\/em> st\u00e5r h\u00e4r f\u00f6r arten i allm\u00e4nhet, <em>\u02bfifrit<\/em> f\u00f6r s\u00e4rskilt starka och farliga f\u00f6retr\u00e4dare, <em>shaytan<\/em> f\u00f6r de som \u00e4r ben\u00e4gna till det onda, och <em>marid<\/em> f\u00f6r de m\u00e4ktigaste, ofta beskrivna som trotsiga och motstr\u00e4viga v\u00e4sendena.<\/p><p>Det arabiska ordet <em>m\u0101rid<\/em> betyder i sig &#8221;upprorisk&#8221;, &#8221;rebellisk&#8221;, &#8221;trotsig&#8221; och h\u00f6r till en rot som betecknar uppror och motst\u00e5nd.<\/p><p>Det \u00e4r viktigt att notera att denna klassifikation inte utg\u00f6r en fast l\u00e4robyggnad i Koranen. <em>Koranen<\/em> talar om jinnerna som en egen skapelse, om deras f\u00f6rm\u00e5ga till tro och otro och om deras ansvar inf\u00f6r Gud, men k\u00e4nner inte till den senare finindelningen i <em>\u02bfifrit<\/em>, <em>marid<\/em> och andra typer i denna form.<\/p><p>Den graderade ordningen utvecklades f\u00f6rst i den efterkoranska litteraturen, i folktraditionen och framf\u00f6r allt i ber\u00e4ttarlitteraturen. Marid \u00e4r d\u00e4rmed mindre ett \u00e4mne f\u00f6r <span class=\"iwg-fachbegriff\" data-tooltip=\"Den vetenskapliga l\u00e4ran om Gud och om en religions tro.\" tabindex=\"0\">teologin<\/span> \u00e4n f\u00f6r den popul\u00e4ra f\u00f6rest\u00e4llningsv\u00e4rlden, d\u00e4r han intar rangen som den starkaste och sv\u00e5raste att tygla jinnen.<\/p>\t\t\t\t\t\t\t\t<\/div>\n\t\t\t\t<\/div>\n\t\t\t\t\t<\/div>\n\t\t\t\t<\/div>\n\t\t<div class=\"elementor-element elementor-element-cpb11cd64 e-flex e-con-boxed e-con e-parent\" data-id=\"cpb11cd64\" data-element_type=\"container\" data-e-type=\"container\">\n\t\t\t\t\t<div class=\"e-con-inner\">\n\t\t\t\t<div class=\"elementor-element elementor-element-cp2e744d9 elementor-widget elementor-widget-heading\" data-id=\"cp2e744d9\" data-element_type=\"widget\" data-e-type=\"widget\" data-widget_type=\"heading.default\">\n\t\t\t\t\t<h2 class=\"elementor-heading-title elementor-size-default\">Mariden i Tusen och en natt<\/h2>\t\t\t\t<\/div>\n\t\t<div class=\"elementor-element elementor-element-cpc514abc e-con-full e-flex e-con e-child\" data-id=\"cpc514abc\" data-element_type=\"container\" data-e-type=\"container\">\n\t\t\t\t<div class=\"elementor-element elementor-element-cp642390a elementor-widget elementor-widget-text-editor\" data-id=\"cp642390a\" data-element_type=\"widget\" data-e-type=\"widget\" data-widget_type=\"text-editor.default\">\n\t\t\t\t\t\t\t\t\t<p>Sitt mest k\u00e4nda litter\u00e4ra hem har Marid i samlingen <em>Tusen och en natt<\/em>, det korpus av arabiska ber\u00e4ttelser som v\u00e4xte fram under flera \u00e5rhundraden.<\/p><p>D\u00e4r upptr\u00e4der jinner av alla slag, och Marid framst\u00e5r som den m\u00e4ktigaste av dem, ofta av v\u00e4ldig storlek, med \u00f6verm\u00e4nskliga krafter och f\u00f6rm\u00e5gan att p\u00e5 kortast m\u00f6jliga tid tillryggal\u00e4gga l\u00e5nga str\u00e4ckor eller uppf\u00f6ra hela byggnadsverk.<\/p><p>Karakteristiskt f\u00f6r ber\u00e4ttelserna \u00e4r f\u00f6rh\u00e5llandet mellan Marid och en m\u00e4nniska. I m\u00e5nga historier \u00e4r den m\u00e4ktiga jinnen bunden till ett f\u00f6rem\u00e5l, en ring, en lampa, en flaska eller ett sigill, och m\u00e5ste tj\u00e4na den som \u00e4ger f\u00f6rem\u00e5let eller som k\u00e4nner till den r\u00e4tta formeln.<\/p><p>Sp\u00e4nningen i dessa ber\u00e4ttelser lever av kontrasten mellan v\u00e4sendets oerh\u00f6rda makt och dess p\u00e5tvingade tj\u00e4nstvillighet. Marid kan uppfylla \u00f6nskningar, men \u00e4r samtidigt farlig, eftersom han kan utf\u00f6ra order efter bokstaven i st\u00e4llet f\u00f6r efter avsikten.<\/p><p>Forskningen om ber\u00e4ttarlitteraturen betonar att <em>Tusen och en natt<\/em> inte \u00e4r en religi\u00f6s l\u00e4robok utan underh\u00e5llningslitteratur som tar upp religi\u00f6sa f\u00f6rest\u00e4llningar och gestaltar dem fritt. Marid i dessa ber\u00e4ttelser kan d\u00e4rf\u00f6r inte utan vidare likst\u00e4llas med Marid i den teologiska eller folkreligi\u00f6sa f\u00f6rest\u00e4llningen.<\/p><p>\u00c4nd\u00e5 \u00e4r det just den litter\u00e4ra gestalten som starkast har pr\u00e4glat den senare uppfattningen. Genom de europeiska \u00f6vers\u00e4ttningarna sedan sjuttonhundratalet blev bilden av den \u00f6nskeuppfyllande anden bunden till en lampa v\u00e4rldsk\u00e4nd och l\u00f6sgjordes fr\u00e5n sitt ursprungliga sammanhang i den <a href=\"https:\/\/iwell-guard.com\/sv\/islam\/\">islamiska f\u00f6rest\u00e4llningsv\u00e4rlden<\/a>.<\/p>\t\t\t\t\t\t\t\t<\/div>\n\t\t\t\t<\/div>\n\t\t\t\t\t<\/div>\n\t\t\t\t<\/div>\n\t\t<div class=\"elementor-element elementor-element-cp65a8e75 e-flex e-con-boxed e-con e-parent\" data-id=\"cp65a8e75\" data-element_type=\"container\" data-e-type=\"container\">\n\t\t\t\t\t<div class=\"e-con-inner\">\n\t\t\t\t<div class=\"elementor-element elementor-element-cpded7bfc elementor-widget elementor-widget-heading\" data-id=\"cpded7bfc\" data-element_type=\"widget\" data-e-type=\"widget\" data-widget_type=\"heading.default\">\n\t\t\t\t\t<h2 class=\"elementor-heading-title elementor-size-default\">Marid i folktro och besv\u00e4rjelsepraktik<\/h2>\t\t\t\t<\/div>\n\t\t<div class=\"elementor-element elementor-element-cp71dfbdb e-con-full e-flex e-con e-child\" data-id=\"cp71dfbdb\" data-element_type=\"container\" data-e-type=\"container\">\n\t\t\t\t<div class=\"elementor-element elementor-element-cp2ad8734 elementor-widget elementor-widget-text-editor\" data-id=\"cp2ad8734\" data-element_type=\"widget\" data-e-type=\"widget\" data-widget_type=\"text-editor.default\">\n\t\t\t\t\t\t\t\t\t<p>Vid sidan av <span class=\"iwg-fachbegriff\" data-tooltip=\"Den vetenskapliga l\u00e4ran om Gud och om en religions tro.\" tabindex=\"0\">teologin<\/span> och ber\u00e4ttarlitteraturen finns ett tredje \u00f6verl\u00e4mningslager d\u00e4r Marid f\u00f6rekommer: den levda folktron och den magiska praktik som h\u00f6r samman med den i olika delar av den islamiska v\u00e4rlden. H\u00e4r \u00e4r Marid en del av en differentierad andev\u00e4rld som m\u00e4nniskor r\u00e4knar med i vardagen, utan att detta n\u00f6dv\u00e4ndigtvis st\u00e4mmer med den l\u00e4rda religionen.<\/p><p>I detta lager anses Marid vara den m\u00e4ktigaste och sv\u00e5raste jinnen att kontrollera. Vissa sjukdomar, framf\u00f6r allt sv\u00e5ra, l\u00e5ngvariga eller till synes of\u00f6rklarliga lidanden, tillskrevs p\u00e5 vissa h\u00e5ll en Marids verkan.<\/p><p>\u00c4ven i ber\u00e4ttelser om s\u00e5 kallad besatthet framst\u00e5r Marid som en s\u00e4rskilt seg inkr\u00e4ktare, sv\u00e5rare att driva ut \u00e4n en vanlig jinn. Botare och personer som ans\u00e5gs ha erfarenhet av att umg\u00e5s med andev\u00e4rlden \u00e4gnade sig \u00e5t metoder f\u00f6r att lugna, binda eller driva bort en s\u00e5dan <span class=\"iwg-fachbegriff\" data-tooltip=\"Ett kroppsl\u00f6st v\u00e4sen som tillskrivs verkan i v\u00e4rlden.\" tabindex=\"0\">ande<\/span>.<\/p><p>Den religionsvetenskapliga forskningen, till exempel arbetena om jinn-f\u00f6rest\u00e4llningen i folkislam, manar h\u00e4r till dubbel f\u00f6rsiktighet. F\u00f6r det f\u00f6rsta skiljer sig de regionala traditionerna avsev\u00e4rt \u00e5t, s\u00e5 att det inte finns n\u00e5gon enhetlig bild av Marid i folktron. F\u00f6r det andra st\u00e5r denna praktik i ett sp\u00e4nningsf\u00f6rh\u00e5llande till den normativa islamiska l\u00e4ran, som i stort avvisar andebesv\u00e4rjelse och magiska metoder.<\/p><p>Marid \u00e4r d\u00e4rmed ett gott exempel p\u00e5 religi\u00f6s verklighets m\u00e5ngskiktade karakt\u00e4r: samma gestalt f\u00f6rekommer knappt i <span class=\"iwg-fachbegriff\" data-tooltip=\"Den vetenskapliga l\u00e4ran om Gud och om en religions tro.\" tabindex=\"0\">teologin<\/span>, framtr\u00e4der i ber\u00e4ttarlitteraturen som en stor \u00f6nskeuppfyllare och i folktron som en fruktad sjukdomsmakt. Vilket av dessa lager man betraktar beror p\u00e5 k\u00e4llan, och de kan inte utan vidare \u00f6vers\u00e4ttas till varandra.<\/p>\t\t\t\t\t\t\t\t<\/div>\n\t\t\t\t<\/div>\n\t\t\t\t\t<\/div>\n\t\t\t\t<\/div>\n\t\t<div class=\"elementor-element elementor-element-36dd7469 e-flex e-con-boxed e-con e-parent\" data-id=\"36dd7469\" data-element_type=\"container\" data-e-type=\"container\">\n\t\t\t\t\t<div class=\"e-con-inner\">\n\t\t\t\t<div class=\"elementor-element elementor-element-13760ab4 elementor-widget elementor-widget-heading\" data-id=\"13760ab4\" data-element_type=\"widget\" data-e-type=\"widget\" data-widget_type=\"heading.default\">\n\t\t\t\t\t<h2 class=\"elementor-heading-title elementor-size-default\">Vidare l\u00e4nkar<\/h2>\t\t\t\t<\/div>\n\t\t<div class=\"elementor-element elementor-element-28c87796 e-con-full e-flex e-con e-child\" data-id=\"28c87796\" data-element_type=\"container\" data-e-type=\"container\">\n\t\t\t\t<div class=\"elementor-element elementor-element-5d6538df elementor-widget elementor-widget-text-editor\" data-id=\"5d6538df\" data-element_type=\"widget\" data-e-type=\"widget\" data-widget_type=\"text-editor.default\">\n\t\t\t\t\t\t\t\t\t<ul><li><a href=\"https:\/\/iwell-guard.com\/sv\/ghul\/\">Ghul, l\u00e4gre jinn-klass<\/a><\/li><li><a href=\"https:\/\/iwell-guard.com\/sv\/ifrit\/\">\u02bfIfrit, besl\u00e4ktad m\u00e4ktig jinn-klass<\/a><\/li><li><a href=\"https:\/\/iwell-guard.com\/sv\/shayatin\/\">Shayatin, sataniska jinn-sl\u00e4ktingar<\/a><\/li><li><a href=\"https:\/\/iwell-guard.com\/sv\/islam\/\">Islamisk tradition, \u00f6vergripande sammanhang<\/a><\/li><\/ul>\t\t\t\t\t\t\t\t<\/div>\n\t\t\t\t<\/div>\n\t\t\t\t\t<\/div>\n\t\t\t\t<\/div>\n\t\t<div class=\"elementor-element elementor-element-grl4kl40 e-flex e-con-boxed e-con e-parent\" data-id=\"grl4kl40\" data-element_type=\"container\" data-e-type=\"container\">\n\t\t\t\t\t<div class=\"e-con-inner\">\n\t\t\t\t<div class=\"elementor-element elementor-element-bzsbfrmh elementor-widget elementor-widget-heading\" data-id=\"bzsbfrmh\" data-element_type=\"widget\" data-e-type=\"widget\" data-widget_type=\"heading.default\">\n\t\t\t\t\t<h2 class=\"elementor-heading-title elementor-size-default\">Litteratur (urval)<\/h2>\t\t\t\t<\/div>\n\t\t<div class=\"elementor-element elementor-element-2c13224a e-con-full e-flex e-con e-child\" data-id=\"2c13224a\" data-element_type=\"container\" data-e-type=\"container\">\n\t\t\t\t<div class=\"elementor-element elementor-element-0eymh9ub elementor-widget elementor-widget-text-editor\" data-id=\"0eymh9ub\" data-element_type=\"widget\" data-e-type=\"widget\" data-widget_type=\"text-editor.default\">\n\t\t\t\t\t\t\t\t\t<footer class=\"iwg-literatur\" data-nosnippet=\"true\"><ul><li><span data-nosnippet>El-Zein, Amira: <em>Islam, Arabs, and the Intelligent World of the Jinn<\/em>. Syracuse UP, Syracuse 2009.<\/span><\/li><li><span data-nosnippet>MacDonald, D. B.: Art. \u201eDjinn&#8221;, i: <em>Encyclopaedia of Islam<\/em>, 2. uppl. Brill, Leiden 1965.<\/span><\/li><li><span data-nosnippet>Henninger, Joseph: <em>Geisterglaube bei den vorislamischen Arabern<\/em>. I: <em>Festschrift Paul Schebesta<\/em>, Wien 1963.<\/span><\/li><li>Doutt\u00e9, Edmond: <em><span class=\"iwg-fachbegriff\" data-tooltip=\"Praktiker som genom s\u00e4rskilda handlingar eller formler f\u00f6rs\u00f6ker ingripa i tingens g\u00e5ng.\" tabindex=\"0\">Magi<\/span> et religion dans l&#8217;Afrique du Nord<\/em>. Alger 1909.<\/li><li><span data-nosnippet>Lebling, Robert: <em>Legends of the Fire Spirits<\/em>. I.B. Tauris, London 2010.<\/span><\/li><li><span data-nosnippet>Burge, Stephen R.: <em>Angels in Islam<\/em>. Routledge, London 2012.<\/span><\/li><\/ul><\/footer>\t\t\t\t\t\t\t\t<\/div>\n\t\t\t\t<\/div>\n\t\t\t\t\t<\/div>\n\t\t\t\t<\/div>\n\t\t<div class=\"elementor-element elementor-element-iwgca-marid-sec e-flex e-con-boxed e-con e-parent\" data-id=\"iwgca-marid-sec\" data-element_type=\"container\" data-e-type=\"container\" id=\"iwg-ca-marid\">\n\t\t\t\t\t<div class=\"e-con-inner\">\n\t\t\t\t<div class=\"elementor-element elementor-element-iwgca-marid-te iwg-ca-textwrap elementor-widget elementor-widget-text-editor\" data-id=\"iwgca-marid-te\" data-element_type=\"widget\" data-e-type=\"widget\" data-widget_type=\"text-editor.default\">\n\t\t\t\t\t\t\t\t\t<div data-nosnippet=\"true\"><p class=\"iwg-ca-bridge\">Den skyddspraktik som beskrivs h\u00e4r \u00e4r en vetenskaplig tolkning av historiska traditioner. iWell Guard ansluter till denna kulturhistoriska linje av b\u00e4rbara skyddsobjekt och utg\u00f6r en samtida form av den. <a href=\"\/ueber-iwell-guard\/?utm_source=iwell-guard.com&#038;utm_medium=text-link&#038;utm_campaign=schadwesen-tradition\">Mer om iWell Guard \u2192<\/a><\/p><\/div>\t\t\t\t\t\t\t\t<\/div>\n\t\t\t\t\t<\/div>\n\t\t\t\t<\/div>\n\t\t\t\t<\/div>\n\t\t","protected":false},"excerpt":{"rendered":"","protected":false},"author":3,"featured_media":1745,"parent":0,"menu_order":0,"comment_status":"closed","ping_status":"closed","template":"elementor_header_footer","meta":{"_yoast_wpseo_focuskw":"Marid","_yoast_wpseo_title":"Marid \u2013 djinn med osedvanlig kraft","_yoast_wpseo_metadesc":"Marid \u00e4r den m\u00e4ktigaste djinn-stammen i den arabiska folkkosmologin. V\u00e4sen av r\u00f6kfri eld med makt \u00f6ver v\u00e4der, hav och stormar.","_yoast_wpseo_meta-robots-noindex":"","_yoast_wpseo_canonical":"","_angie_page":false,"gefaehrdungsstufe":"3","wesen_kultur":"islam","wesen_klasse":"daemonen","footnotes":""},"categories":[],"class_list":["post-136753","page","type-page","status-publish","has-post-thumbnail","hentry"],"yoast_head":"<!-- This site is optimized with the Yoast SEO Premium plugin v27.7 (Yoast SEO v28.3) - https:\/\/yoast.com\/product\/yoast-seo-premium-wordpress\/ -->\n<title>Marid \u2013 djinn med osedvanlig kraft<\/title>\n<meta name=\"description\" content=\"Marid \u00e4r den m\u00e4ktigaste djinn-stammen i den arabiska folkkosmologin. V\u00e4sen av r\u00f6kfri eld med makt \u00f6ver v\u00e4der, hav och stormar.\" \/>\n<meta name=\"robots\" content=\"index, follow, max-snippet:-1, max-image-preview:large, max-video-preview:-1\" \/>\n<link rel=\"canonical\" href=\"https:\/\/iwell-guard.com\/sv\/marid\/\" \/>\n<meta property=\"og:locale\" content=\"sv_SE\" \/>\n<meta property=\"og:type\" content=\"article\" \/>\n<meta property=\"og:title\" content=\"Marid\" \/>\n<meta property=\"og:description\" content=\"Marid \u00e4r den m\u00e4ktigaste djinn-stammen i den arabiska folkkosmologin. V\u00e4sen av r\u00f6kfri eld med makt \u00f6ver v\u00e4der, hav och stormar.\" \/>\n<meta property=\"og:url\" content=\"https:\/\/iwell-guard.com\/sv\/marid\/\" \/>\n<meta property=\"og:site_name\" content=\"iWell Guard\" \/>\n<meta property=\"article:modified_time\" content=\"2026-09-03T01:11:07+00:00\" \/>\n<meta property=\"og:image\" content=\"https:\/\/iwell-guard.com\/wp-content\/uploads\/2026\/04\/goetter_islam_marid.webp\" \/>\n\t<meta property=\"og:image:width\" content=\"1024\" \/>\n\t<meta property=\"og:image:height\" content=\"1536\" \/>\n\t<meta property=\"og:image:type\" content=\"image\/webp\" \/>\n<meta name=\"twitter:card\" content=\"summary_large_image\" \/>\n<script type=\"application\/ld+json\" class=\"yoast-schema-graph\">{\"@context\":\"https:\\\/\\\/schema.org\",\"@graph\":[{\"@type\":\"WebPage\",\"@id\":\"https:\\\/\\\/iwell-guard.com\\\/sv\\\/marid\\\/\",\"url\":\"https:\\\/\\\/iwell-guard.com\\\/sv\\\/marid\\\/\",\"name\":\"Marid \u2013 djinn med osedvanlig kraft\",\"isPartOf\":{\"@id\":\"https:\\\/\\\/iwell-guard.com\\\/sv\\\/#website\"},\"primaryImageOfPage\":{\"@id\":\"https:\\\/\\\/iwell-guard.com\\\/sv\\\/marid\\\/#primaryimage\"},\"image\":{\"@id\":\"https:\\\/\\\/iwell-guard.com\\\/sv\\\/marid\\\/#primaryimage\"},\"thumbnailUrl\":\"https:\\\/\\\/iwell-guard.com\\\/wp-content\\\/uploads\\\/2026\\\/04\\\/goetter_islam_marid.webp\",\"datePublished\":\"2026-09-03T00:09:44+00:00\",\"dateModified\":\"2026-09-03T01:11:07+00:00\",\"description\":\"Marid \u00e4r den m\u00e4ktigaste djinn-stammen i den arabiska folkkosmologin. V\u00e4sen av r\u00f6kfri eld med makt \u00f6ver v\u00e4der, hav och stormar.\",\"breadcrumb\":{\"@id\":\"https:\\\/\\\/iwell-guard.com\\\/sv\\\/marid\\\/#breadcrumb\"},\"inLanguage\":\"sv-SE\",\"potentialAction\":[{\"@type\":\"ReadAction\",\"target\":[\"https:\\\/\\\/iwell-guard.com\\\/sv\\\/marid\\\/\"]}]},{\"@type\":\"ImageObject\",\"inLanguage\":\"sv-SE\",\"@id\":\"https:\\\/\\\/iwell-guard.com\\\/sv\\\/marid\\\/#primaryimage\",\"url\":\"https:\\\/\\\/iwell-guard.com\\\/wp-content\\\/uploads\\\/2026\\\/04\\\/goetter_islam_marid.webp\",\"contentUrl\":\"https:\\\/\\\/iwell-guard.com\\\/wp-content\\\/uploads\\\/2026\\\/04\\\/goetter_islam_marid.webp\",\"width\":1024,\"height\":1536,\"caption\":\"Gudar fr\u00e5n den islamiska traditionen.\"},{\"@type\":\"BreadcrumbList\",\"@id\":\"https:\\\/\\\/iwell-guard.com\\\/sv\\\/marid\\\/#breadcrumb\",\"itemListElement\":[{\"@type\":\"ListItem\",\"position\":1,\"name\":\"Start\",\"item\":\"https:\\\/\\\/iwell-guard.com\\\/sv\\\/?page_id=136483\"},{\"@type\":\"ListItem\",\"position\":2,\"name\":\"Marid\"}]},{\"@type\":\"WebSite\",\"@id\":\"https:\\\/\\\/iwell-guard.com\\\/sv\\\/#website\",\"url\":\"https:\\\/\\\/iwell-guard.com\\\/sv\\\/\",\"name\":\"iWell Guard\",\"description\":\"Schutz vor dunklen Einfl\u00fcssen\",\"publisher\":{\"@id\":\"https:\\\/\\\/iwell-guard.com\\\/sv\\\/#organization\"},\"potentialAction\":[{\"@type\":\"SearchAction\",\"target\":{\"@type\":\"EntryPoint\",\"urlTemplate\":\"https:\\\/\\\/iwell-guard.com\\\/sv\\\/?s={search_term_string}\"},\"query-input\":{\"@type\":\"PropertyValueSpecification\",\"valueRequired\":true,\"valueName\":\"search_term_string\"}}],\"inLanguage\":\"sv-SE\"},{\"@type\":\"Organization\",\"@id\":\"https:\\\/\\\/iwell-guard.com\\\/sv\\\/#organization\",\"name\":\"Ittermann electronic GmbH\",\"url\":\"https:\\\/\\\/iwell-guard.com\\\/sv\\\/\",\"logo\":{\"@type\":\"ImageObject\",\"inLanguage\":\"sv-SE\",\"@id\":\"https:\\\/\\\/iwell-guard.com\\\/sv\\\/#\\\/schema\\\/logo\\\/image\\\/\",\"url\":\"https:\\\/\\\/iwell-guard.com\\\/wp-content\\\/uploads\\\/2026\\\/05\\\/Ittermann-Logo-1182x237-1.png\",\"contentUrl\":\"https:\\\/\\\/iwell-guard.com\\\/wp-content\\\/uploads\\\/2026\\\/05\\\/Ittermann-Logo-1182x237-1.png\",\"width\":1182,\"height\":237,\"caption\":\"Ittermann electronic GmbH\"},\"image\":{\"@id\":\"https:\\\/\\\/iwell-guard.com\\\/sv\\\/#\\\/schema\\\/logo\\\/image\\\/\"},\"sameAs\":[\"https:\\\/\\\/pantip.com\\\/profile\\\/9367242\",\"https:\\\/\\\/micro.blog\\\/iwellguard\",\"https:\\\/\\\/www.diggerslist.com\\\/iwellguard\\\/about\",\"https:\\\/\\\/skitterphoto.com\\\/photographers\\\/2870314\\\/iwell-guard\",\"https:\\\/\\\/iwellguard.wordpress.com\\\/2026\\\/06\\\/06\\\/iwell-guard\\\/\",\"https:\\\/\\\/hub.docker.com\\\/u\\\/iwellguard\",\"https:\\\/\\\/www.pinterest.com\\\/iwellguard\\\/\",\"https:\\\/\\\/bit.ly\\\/m\\\/iwellguard\",\"https:\\\/\\\/entre-vos-mains.alsace.eu\\\/profiles\\\/iwellguard\\\/activity\",\"https:\\\/\\\/gravatar.com\\\/reallybeded8fd34\",\"https:\\\/\\\/naijamatta.com\\\/iwellguard\",\"https:\\\/\\\/www.goodreads.com\\\/iwellguard\",\"https:\\\/\\\/profile.hatena.ne.jp\\\/iwellguard\\\/\",\"https:\\\/\\\/experiment.com\\\/users\\\/iwellguard\",\"https:\\\/\\\/wakelet.com\\\/@iWellGuard82270\",\"https:\\\/\\\/www.chordie.com\\\/forum\\\/profile.php?id=2555664\",\"https:\\\/\\\/www.instapaper.com\\\/p\\\/17757966\",\"https:\\\/\\\/www.mapleprimes.com\\\/users\\\/iwellguard\",\"https:\\\/\\\/businesslistingplus.com\\\/profile\\\/iwell-guard\\\/\",\"https:\\\/\\\/telegra.ph\\\/iWell-Guard-06-06\",\"https:\\\/\\\/pbase.com\\\/iwellguard\\\/iwellguard\",\"https:\\\/\\\/b.hatena.ne.jp\\\/iwellguard\\\/20260607#bookmark-4788405196491818882\",\"https:\\\/\\\/fliphtml5.com\\\/home\\\/iwellguard\",\"https:\\\/\\\/anyflip.com\\\/homepage\\\/cmiwl#About\",\"https:\\\/\\\/transfur.com\\\/Users\\\/iwellguard\",\"http:\\\/\\\/delphi.larsbo.org\\\/user\\\/iwellguard\",\"https:\\\/\\\/jobs.lajobsportal.org\\\/profiles\\\/8380803-iwell-guard\",\"https:\\\/\\\/md.chaosdorf.de\\\/s\\\/jfbe5SBdJD\",\"https:\\\/\\\/www.lingvolive.com\\\/en-us\\\/profile\\\/9ecaeaca-ce11-4e51-9e71-01d55e2bff36\\\/translations\",\"https:\\\/\\\/www.fitday.com\\\/fitness\\\/forums\\\/members\\\/iwellguard.html\",\"https:\\\/\\\/www.mymeetbook.com\\\/iwellguard\",\"https:\\\/\\\/pxhere.com\\\/en\\\/photographer-me\\\/5040798\",\"https:\\\/\\\/disqus.com\\\/by\\\/iwellguard\\\/about\\\/\",\"https:\\\/\\\/pastelink.net\\\/hjwciqwq\",\"https:\\\/\\\/pubhtml5.com\\\/homepage\\\/scjhn\\\/\",\"https:\\\/\\\/www.bitchute.com\\\/channel\\\/2O2eOKzNqujT\",\"https:\\\/\\\/audiomack.com\\\/iwellguard\"]},{\"@type\":\"Article\",\"@id\":\"https:\\\/\\\/iwell-guard.com\\\/sv\\\/marid\\\/#article\",\"isPartOf\":{\"@id\":\"https:\\\/\\\/iwell-guard.com\\\/sv\\\/marid\\\/\"},\"author\":{\"name\":\"Ralf Ittermann\",\"@id\":\"https:\\\/\\\/iwell-guard.com\\\/sv\\\/#\\\/schema\\\/person\\\/ee2a27f1cac3406c7c6fb5820cb7349f\"},\"headline\":\"Marid\",\"datePublished\":\"2026-09-03T00:09:44+00:00\",\"dateModified\":\"2026-09-03T01:11:07+00:00\",\"mainEntityOfPage\":{\"@id\":\"https:\\\/\\\/iwell-guard.com\\\/sv\\\/marid\\\/\"},\"publisher\":{\"@id\":\"https:\\\/\\\/iwell-guard.com\\\/sv\\\/#organization\"},\"image\":{\"@id\":\"https:\\\/\\\/iwell-guard.com\\\/sv\\\/marid\\\/#primaryimage\"},\"thumbnailUrl\":\"https:\\\/\\\/iwell-guard.com\\\/wp-content\\\/uploads\\\/2026\\\/04\\\/goetter_islam_marid.webp\",\"inLanguage\":\"sv-SE\",\"description\":\"Marid \u00e4r den m\u00e4ktigaste djinn-stammen i den arabiska folkkosmologin. V\u00e4sen av r\u00f6kfri eld med makt \u00f6ver v\u00e4der, hav och stormar.\"}]}<\/script>\n<!-- \/ Yoast SEO Premium plugin. -->","yoast_head_json":{"title":"Marid \u2013 djinn med osedvanlig kraft","description":"Marid \u00e4r den m\u00e4ktigaste djinn-stammen i den arabiska folkkosmologin. V\u00e4sen av r\u00f6kfri eld med makt \u00f6ver v\u00e4der, hav och stormar.","robots":{"index":"index","follow":"follow","max-snippet":"max-snippet:-1","max-image-preview":"max-image-preview:large","max-video-preview":"max-video-preview:-1"},"canonical":"https:\/\/iwell-guard.com\/sv\/marid\/","og_locale":"sv_SE","og_type":"article","og_title":"Marid","og_description":"Marid \u00e4r den m\u00e4ktigaste djinn-stammen i den arabiska folkkosmologin. V\u00e4sen av r\u00f6kfri eld med makt \u00f6ver v\u00e4der, hav och stormar.","og_url":"https:\/\/iwell-guard.com\/sv\/marid\/","og_site_name":"iWell Guard","article_modified_time":"2026-09-03T01:11:07+00:00","og_image":[{"width":1024,"height":1536,"url":"https:\/\/iwell-guard.com\/wp-content\/uploads\/2026\/04\/goetter_islam_marid.webp","type":"image\/webp"}],"twitter_card":"summary_large_image","schema":{"@context":"https:\/\/schema.org","@graph":[{"@type":"Article","@id":"https:\/\/iwell-guard.com\/sv\/marid\/#article","isPartOf":{"@id":"https:\/\/iwell-guard.com\/sv\/marid\/"},"author":{"name":"Ralf Ittermann","@id":"https:\/\/iwell-guard.com\/sv\/#\/schema\/person\/ee2a27f1cac3406c7c6fb5820cb7349f"},"headline":"Marid","datePublished":"2026-09-03T00:09:44+00:00","dateModified":"2026-09-03T01:11:07+00:00","mainEntityOfPage":{"@id":"https:\/\/iwell-guard.com\/sv\/marid\/"},"publisher":{"@id":"https:\/\/iwell-guard.com\/sv\/#organization"},"image":{"@id":"https:\/\/iwell-guard.com\/sv\/marid\/#primaryimage"},"thumbnailUrl":"https:\/\/iwell-guard.com\/wp-content\/uploads\/2026\/04\/goetter_islam_marid.webp","inLanguage":"sv-SE","description":"Marid \u00e4r den m\u00e4ktigaste djinn-stammen i den arabiska folkkosmologin. V\u00e4sen av r\u00f6kfri eld med makt \u00f6ver v\u00e4der, hav och stormar."},{"@type":"WebPage","@id":"https:\/\/iwell-guard.com\/sv\/marid\/","url":"https:\/\/iwell-guard.com\/sv\/marid\/","name":"Marid \u2013 djinn med osedvanlig kraft","isPartOf":{"@id":"https:\/\/iwell-guard.com\/sv\/#website"},"primaryImageOfPage":{"@id":"https:\/\/iwell-guard.com\/sv\/marid\/#primaryimage"},"image":{"@id":"https:\/\/iwell-guard.com\/sv\/marid\/#primaryimage"},"thumbnailUrl":"https:\/\/iwell-guard.com\/wp-content\/uploads\/2026\/04\/goetter_islam_marid.webp","datePublished":"2026-09-03T00:09:44+00:00","dateModified":"2026-09-03T01:11:07+00:00","description":"Marid \u00e4r den m\u00e4ktigaste djinn-stammen i den arabiska folkkosmologin. V\u00e4sen av r\u00f6kfri eld med makt \u00f6ver v\u00e4der, hav och stormar.","breadcrumb":{"@id":"https:\/\/iwell-guard.com\/sv\/marid\/#breadcrumb"},"inLanguage":"sv-SE","potentialAction":[{"@type":"ReadAction","target":["https:\/\/iwell-guard.com\/sv\/marid\/"]}]},{"@type":"ImageObject","inLanguage":"sv-SE","@id":"https:\/\/iwell-guard.com\/sv\/marid\/#primaryimage","url":"https:\/\/iwell-guard.com\/wp-content\/uploads\/2026\/04\/goetter_islam_marid.webp","contentUrl":"https:\/\/iwell-guard.com\/wp-content\/uploads\/2026\/04\/goetter_islam_marid.webp","width":1024,"height":1536,"caption":"Gudar fr\u00e5n den islamiska traditionen."},{"@type":"BreadcrumbList","@id":"https:\/\/iwell-guard.com\/sv\/marid\/#breadcrumb","itemListElement":[{"@type":"ListItem","position":1,"name":"Start","item":"https:\/\/iwell-guard.com\/sv\/?page_id=136483"},{"@type":"ListItem","position":2,"name":"Marid"}]},{"@type":"WebSite","@id":"https:\/\/iwell-guard.com\/sv\/#website","url":"https:\/\/iwell-guard.com\/sv\/","name":"iWell Guard","description":"Schutz vor dunklen Einfl\u00fcssen","publisher":{"@id":"https:\/\/iwell-guard.com\/sv\/#organization"},"potentialAction":[{"@type":"SearchAction","target":{"@type":"EntryPoint","urlTemplate":"https:\/\/iwell-guard.com\/sv\/?s={search_term_string}"},"query-input":{"@type":"PropertyValueSpecification","valueRequired":true,"valueName":"search_term_string"}}],"inLanguage":"sv-SE"},{"@type":"Organization","@id":"https:\/\/iwell-guard.com\/sv\/#organization","name":"Ittermann electronic GmbH","url":"https:\/\/iwell-guard.com\/sv\/","logo":{"@type":"ImageObject","inLanguage":"sv-SE","@id":"https:\/\/iwell-guard.com\/sv\/#\/schema\/logo\/image\/","url":"https:\/\/iwell-guard.com\/wp-content\/uploads\/2026\/05\/Ittermann-Logo-1182x237-1.png","contentUrl":"https:\/\/iwell-guard.com\/wp-content\/uploads\/2026\/05\/Ittermann-Logo-1182x237-1.png","width":1182,"height":237,"caption":"Ittermann electronic GmbH"},"image":{"@id":"https:\/\/iwell-guard.com\/sv\/#\/schema\/logo\/image\/"},"sameAs":["https:\/\/pantip.com\/profile\/9367242","https:\/\/micro.blog\/iwellguard","https:\/\/www.diggerslist.com\/iwellguard\/about","https:\/\/skitterphoto.com\/photographers\/2870314\/iwell-guard","https:\/\/iwellguard.wordpress.com\/2026\/06\/06\/iwell-guard\/","https:\/\/hub.docker.com\/u\/iwellguard","https:\/\/www.pinterest.com\/iwellguard\/","https:\/\/bit.ly\/m\/iwellguard","https:\/\/entre-vos-mains.alsace.eu\/profiles\/iwellguard\/activity","https:\/\/gravatar.com\/reallybeded8fd34","https:\/\/naijamatta.com\/iwellguard","https:\/\/www.goodreads.com\/iwellguard","https:\/\/profile.hatena.ne.jp\/iwellguard\/","https:\/\/experiment.com\/users\/iwellguard","https:\/\/wakelet.com\/@iWellGuard82270","https:\/\/www.chordie.com\/forum\/profile.php?id=2555664","https:\/\/www.instapaper.com\/p\/17757966","https:\/\/www.mapleprimes.com\/users\/iwellguard","https:\/\/businesslistingplus.com\/profile\/iwell-guard\/","https:\/\/telegra.ph\/iWell-Guard-06-06","https:\/\/pbase.com\/iwellguard\/iwellguard","https:\/\/b.hatena.ne.jp\/iwellguard\/20260607#bookmark-4788405196491818882","https:\/\/fliphtml5.com\/home\/iwellguard","https:\/\/anyflip.com\/homepage\/cmiwl#About","https:\/\/transfur.com\/Users\/iwellguard","http:\/\/delphi.larsbo.org\/user\/iwellguard","https:\/\/jobs.lajobsportal.org\/profiles\/8380803-iwell-guard","https:\/\/md.chaosdorf.de\/s\/jfbe5SBdJD","https:\/\/www.lingvolive.com\/en-us\/profile\/9ecaeaca-ce11-4e51-9e71-01d55e2bff36\/translations","https:\/\/www.fitday.com\/fitness\/forums\/members\/iwellguard.html","https:\/\/www.mymeetbook.com\/iwellguard","https:\/\/pxhere.com\/en\/photographer-me\/5040798","https:\/\/disqus.com\/by\/iwellguard\/about\/","https:\/\/pastelink.net\/hjwciqwq","https:\/\/pubhtml5.com\/homepage\/scjhn\/","https:\/\/www.bitchute.com\/channel\/2O2eOKzNqujT","https:\/\/audiomack.com\/iwellguard"]},{"@type":"Person","@id":"https:\/\/iwell-guard.com\/sv\/#\/schema\/person\/ee2a27f1cac3406c7c6fb5820cb7349f","name":"Ralf Ittermann","image":{"@type":"ImageObject","inLanguage":"sv-SE","@id":"https:\/\/secure.gravatar.com\/avatar\/073c0153e350a5005b68eb752b445fea71f6b24a26da9449ad7e155e6b446c9d?s=96&d=mm&r=g","url":"https:\/\/secure.gravatar.com\/avatar\/073c0153e350a5005b68eb752b445fea71f6b24a26da9449ad7e155e6b446c9d?s=96&d=mm&r=g","contentUrl":"https:\/\/secure.gravatar.com\/avatar\/073c0153e350a5005b68eb752b445fea71f6b24a26da9449ad7e155e6b446c9d?s=96&d=mm&r=g","caption":"Ralf Ittermann"},"givenName":"Ralf","familyName":"Ittermann","jobTitle":"Gesch\u00e4ftsf\u00fchrer und redaktioneller Verantwortlicher","url":"https:\/\/iwell-guard.com\/sv\/author\/claude\/","description":"Ralf Ittermann ist Gesch\u00e4ftsf\u00fchrer der Ittermann electronic GmbH und redaktioneller Verantwortlicher des iWell-Guard-Lexikons. Er verbindet langj\u00e4hrige Erfahrung in der Pr\u00e4zisionsfertigung mit medialer Praxis und religionsgeschichtlicher Quellenarbeit.","worksFor":{"@type":"Organization","name":"Ittermann electronic GmbH","url":"https:\/\/ittermann.de\/","address":{"@type":"PostalAddress","streetAddress":"K\u00f6hlergasse 16-18","postalCode":"99842","addressLocality":"Ruhla","addressCountry":"DE"}},"knowsAbout":["Religionsgeschichte","Mythologie","Mediale Praxis","Energetische Diagnostik","Schutzpraxis","Volksglauben","Westliche Esoterik"]},{"@type":"Article","@id":"https:\/\/iwell-guard.com\/sv\/marid\/#article","isPartOf":{"@id":"https:\/\/iwell-guard.com\/sv\/marid\/"},"author":{"name":"Ralf Ittermann","@id":"https:\/\/iwell-guard.com\/sv\/#\/schema\/person\/ee2a27f1cac3406c7c6fb5820cb7349f"},"headline":"Marid","datePublished":"2026-09-03T00:09:44+00:00","dateModified":"2026-09-03T01:11:07+00:00","mainEntityOfPage":{"@id":"https:\/\/iwell-guard.com\/sv\/marid\/"},"publisher":{"@id":"https:\/\/iwell-guard.com\/sv\/#organization"},"image":{"@id":"https:\/\/iwell-guard.com\/sv\/marid\/#primaryimage"},"thumbnailUrl":"https:\/\/iwell-guard.com\/wp-content\/uploads\/2026\/04\/goetter_islam_marid.webp","inLanguage":"sv-SE","description":"Marid \u00e4r den m\u00e4ktigaste djinn-stammen i den arabiska folkkosmologin. V\u00e4sen av r\u00f6kfri eld med makt \u00f6ver v\u00e4der, hav och stormar."}]}},"_links":{"self":[{"href":"https:\/\/iwell-guard.com\/sv\/wp-json\/wp\/v2\/pages\/136753","targetHints":{"allow":["GET"]}}],"collection":[{"href":"https:\/\/iwell-guard.com\/sv\/wp-json\/wp\/v2\/pages"}],"about":[{"href":"https:\/\/iwell-guard.com\/sv\/wp-json\/wp\/v2\/types\/page"}],"author":[{"embeddable":true,"href":"https:\/\/iwell-guard.com\/sv\/wp-json\/wp\/v2\/users\/3"}],"replies":[{"embeddable":true,"href":"https:\/\/iwell-guard.com\/sv\/wp-json\/wp\/v2\/comments?post=136753"}],"version-history":[{"count":0,"href":"https:\/\/iwell-guard.com\/sv\/wp-json\/wp\/v2\/pages\/136753\/revisions"}],"wp:featuredmedia":[{"embeddable":true,"href":"https:\/\/iwell-guard.com\/sv\/wp-json\/wp\/v2\/media\/1745"}],"wp:attachment":[{"href":"https:\/\/iwell-guard.com\/sv\/wp-json\/wp\/v2\/media?parent=136753"}],"wp:term":[{"taxonomy":"category","embeddable":true,"href":"https:\/\/iwell-guard.com\/sv\/wp-json\/wp\/v2\/categories?post=136753"}],"curies":[{"name":"wp","href":"https:\/\/api.w.org\/{rel}","templated":true}]}}