{"id":136742,"date":"2026-09-03T00:09:37","date_gmt":"2026-09-03T00:09:37","guid":{"rendered":"https:\/\/iwell-guard.com\/?page_id=136742"},"modified":"2026-09-03T01:10:50","modified_gmt":"2026-09-03T01:10:50","slug":"jibril","status":"publish","type":"page","link":"https:\/\/iwell-guard.com\/sv\/jibril\/","title":{"rendered":"Jibril"},"content":{"rendered":"\t\t<div data-elementor-type=\"wp-page\" data-elementor-id=\"136742\" class=\"elementor elementor-136742 elementor-2141 elementor-bc-flex-widget\" data-elementor-post-type=\"page\">\n\t\t\t\t<div class=\"elementor-element elementor-element-10fdade e-flex e-con-boxed e-con e-parent\" data-id=\"10fdade\" data-element_type=\"container\" data-e-type=\"container\" data-settings=\"{&quot;background_background&quot;:&quot;classic&quot;}\">\n\t\t\t\t\t<div class=\"e-con-inner\">\n\t\t<div class=\"elementor-element elementor-element-herohlft0 e-flex e-con-boxed e-con e-child\" data-id=\"herohlft0\" data-element_type=\"container\" data-e-type=\"container\">\n\t\t\t\t\t<div class=\"e-con-inner\">\n\t\t<div class=\"elementor-element elementor-element-c3ceb64 e-con-full e-flex e-con e-child\" data-id=\"c3ceb64\" data-element_type=\"container\" data-e-type=\"container\">\n\t\t\t\t<div class=\"elementor-element elementor-element-96ae5e1 elementor-widget elementor-widget-heading\" data-id=\"96ae5e1\" data-element_type=\"widget\" data-e-type=\"widget\" data-widget_type=\"heading.default\">\n\t\t\t\t\t<h1 class=\"elementor-heading-title elementor-size-default\">Jibril, gud inom den islamiska traditionen<\/h1>\t\t\t\t<\/div>\n\t\t\t\t<div class=\"elementor-element elementor-element-e45238a elementor-widget elementor-widget-text-editor\" data-id=\"e45238a\" data-element_type=\"widget\" data-e-type=\"widget\" data-widget_type=\"text-editor.default\">\n\t\t\t\t\t\t\t\t\t<p>Jibril \u00e4r \u00e4rke\u00e4ngelsgestalten inom den islamiska traditionen, uppenbarelse-<span class=\"iwg-fachbegriff\" data-tooltip=\"I de abrahamitiska religionerna ett himmelskt s\u00e4ndebud fr\u00e5n Gud.\" tabindex=\"0\">\u00e4ngel<\/span> i Koranen och medlare mellan Allah och profeterna. Dess religionsvetenskapliga betydelse ligger i f\u00f6rkroppslingen av det gudomliga budskapet (Wahy), i den direkta f\u00f6rbindelsen mellan transcendens och historia samt i den koranska <span class=\"iwg-fachbegriff\" data-tooltip=\"Den vetenskapliga l\u00e4ran om Gud och om en religions tro.\" tabindex=\"0\">teologin<\/span> som Allahs mest tillf\u00f6rlitliga himmelska budb\u00e4rare.<\/p>\t\t\t\t\t\t\t\t<\/div>\n\t\t\t\t<\/div>\n\t\t<div class=\"elementor-element elementor-element-klsbdg01 e-con-full e-flex e-con e-parent\" data-id=\"klsbdg01\" data-element_type=\"container\" data-e-type=\"container\">\n\t\t\t\t<div class=\"elementor-element elementor-element-klshtm01 elementor-widget elementor-widget-html\" data-id=\"klshtm01\" data-element_type=\"widget\" data-e-type=\"widget\" data-widget_type=\"html.default\">\n\t\t\t\t\t<div class=\"iwg-pill-row\"><span class=\"iwg-klasse-badge\" tabindex=\"0\" data-tooltip=\"Ljusvarelse: Upplysta, skyddande eller l\u00e4rande v\u00e4sen, \u00e4rke\u00e4nglar, uppstigna m\u00e4stare, ljusa naturv\u00e4sen. Beskrivs i nutida och \u00e4ldre spirituella traditioner som hj\u00e4lpare och l\u00e4rare.\">Ljusvarelse<\/span><a href=\"https:\/\/iwell-guard.com\/sv\/islam\/\" class=\"iwg-kultur-badge\" tabindex=\"0\" data-tooltip=\"Den islamiska trosv\u00e4rlden med \u00e4rke\u00e4nglar, djinner och religi\u00f6sa v\u00e4sen.\">Islam<\/a><span class=\"iwg-tradition-badge\" tabindex=\"0\" data-tooltip=\"\u00c4rke\u00e4ngel, den h\u00f6gsta \u00e4ngelklassen i judisk, kristen och islamisk tradition.\">\u00c4rke\u00e4ngel<\/span><\/div>\t\t\t\t<\/div>\n\t\t\t\t<\/div>\n\t\t<div class=\"elementor-element elementor-element-3f74855 e-con-full e-flex e-con e-child\" data-id=\"3f74855\" data-element_type=\"container\" data-e-type=\"container\">\n\t\t\t\t<div class=\"elementor-element elementor-element-1c30362 elementor-toc--minimized-on-tablet elementor-widget elementor-widget-table-of-contents\" data-id=\"1c30362\" data-element_type=\"widget\" data-e-type=\"widget\" data-settings=\"{&quot;exclude_headings_by_selector&quot;:[],&quot;no_headings_message&quot;:&quot;Inga rubriker hittades p\\u00e5 den h\\u00e4r sidan.&quot;,&quot;headings_by_tags&quot;:[&quot;h2&quot;,&quot;h3&quot;],&quot;marker_view&quot;:&quot;bullets&quot;,&quot;minimize_box&quot;:&quot;yes&quot;,&quot;icon&quot;:{&quot;value&quot;:&quot;fas fa-circle&quot;,&quot;library&quot;:&quot;fa-solid&quot;,&quot;rendered_tag&quot;:&quot;&lt;svg class=\\&quot;e-font-icon-svg e-fas-circle\\&quot; viewBox=\\&quot;0 0 512 512\\&quot; xmlns=\\&quot;http:\\\/\\\/www.w3.org\\\/2000\\\/svg\\&quot;&gt;&lt;path d=\\&quot;M256 8C119 8 8 119 8 256s111 248 248 248 248-111 248-248S393 8 256 8z\\&quot;&gt;&lt;\\\/path&gt;&lt;\\\/svg&gt;&quot;},&quot;minimized_on&quot;:&quot;tablet&quot;,&quot;hierarchical_view&quot;:&quot;yes&quot;,&quot;min_height&quot;:{&quot;unit&quot;:&quot;px&quot;,&quot;size&quot;:&quot;&quot;,&quot;sizes&quot;:[]},&quot;min_height_tablet&quot;:{&quot;unit&quot;:&quot;px&quot;,&quot;size&quot;:&quot;&quot;,&quot;sizes&quot;:[]},&quot;min_height_mobile&quot;:{&quot;unit&quot;:&quot;px&quot;,&quot;size&quot;:&quot;&quot;,&quot;sizes&quot;:[]}}\" data-widget_type=\"table-of-contents.default\">\n\t\t\t\t\t\t\t\t\t<div class=\"elementor-toc__header\">\n\t\t\t\t\t\t<h2 class=\"elementor-toc__header-title\">\n\t\t\t\tInneh\u00e5llsf\u00f6rteckning\t\t\t<\/h2>\n\t\t\t\t\t\t\t\t\t\t<div class=\"elementor-toc__toggle-button elementor-toc__toggle-button--expand\" role=\"button\" tabindex=\"0\" aria-controls=\"elementor-toc__1c30362\" aria-expanded=\"true\" aria-label=\"\u00d6ppna inneh\u00e5llsf\u00f6rteckning\"><svg aria-hidden=\"true\" class=\"e-font-icon-svg e-fas-chevron-down\" viewBox=\"0 0 448 512\" xmlns=\"http:\/\/www.w3.org\/2000\/svg\"><path d=\"M207.029 381.476L12.686 187.132c-9.373-9.373-9.373-24.569 0-33.941l22.667-22.667c9.357-9.357 24.522-9.375 33.901-.04L224 284.505l154.745-154.021c9.379-9.335 24.544-9.317 33.901.04l22.667 22.667c9.373 9.373 9.373 24.569 0 33.941L240.971 381.476c-9.373 9.372-24.569 9.372-33.942 0z\"><\/path><\/svg><\/div>\n\t\t\t\t<div class=\"elementor-toc__toggle-button elementor-toc__toggle-button--collapse\" role=\"button\" tabindex=\"0\" aria-controls=\"elementor-toc__1c30362\" aria-expanded=\"true\" aria-label=\"St\u00e4ng inneh\u00e5llsf\u00f6rteckning\"><svg aria-hidden=\"true\" class=\"e-font-icon-svg e-fas-chevron-up\" viewBox=\"0 0 448 512\" xmlns=\"http:\/\/www.w3.org\/2000\/svg\"><path d=\"M240.971 130.524l194.343 194.343c9.373 9.373 9.373 24.569 0 33.941l-22.667 22.667c-9.357 9.357-24.522 9.375-33.901.04L224 227.495 69.255 381.516c-9.379 9.335-24.544 9.317-33.901-.04l-22.667-22.667c-9.373-9.373-9.373-24.569 0-33.941L207.03 130.525c9.372-9.373 24.568-9.373 33.941-.001z\"><\/path><\/svg><\/div>\n\t\t\t\t\t<\/div>\n\t\t\t\t<div id=\"elementor-toc__1c30362\" class=\"elementor-toc__body\">\n\t\t\t<div class=\"elementor-toc__spinner-container\">\n\t\t\t\t<svg class=\"elementor-toc__spinner eicon-animation-spin e-font-icon-svg e-eicon-loading\" aria-hidden=\"true\" viewBox=\"0 0 1000 1000\" xmlns=\"http:\/\/www.w3.org\/2000\/svg\"><path d=\"M500 975V858C696 858 858 696 858 500S696 142 500 142 142 304 142 500H25C25 237 238 25 500 25S975 237 975 500 763 975 500 975Z\"><\/path><\/svg>\t\t\t<\/div>\n\t\t<\/div>\n\t\t\t\t\t\t<\/div>\n\t\t\t\t<\/div>\n\t\t\t\t\t<\/div>\n\t\t\t\t<\/div>\n\t\t<div class=\"elementor-element elementor-element-herorght0 e-con-full e-flex e-con e-child\" data-id=\"herorght0\" data-element_type=\"container\" data-e-type=\"container\">\n\t\t\t\t<div class=\"elementor-element elementor-element-heroimg00 iwg-hero-image elementor-widget elementor-widget-image\" data-id=\"heroimg00\" data-element_type=\"widget\" data-e-type=\"widget\" data-widget_type=\"image.default\">\n\t\t\t\t\t\t\t\t\t\t\t\t\t\t\t<img fetchpriority=\"high\" decoding=\"async\" width=\"683\" height=\"1024\" src=\"https:\/\/iwell-guard.com\/wp-content\/uploads\/2026\/04\/goetter_islam_jibril-683x1024.webp\" class=\"attachment-large size-large wp-image-136390\" alt=\"Jibril \u2013 gudar fr\u00e5n islamisk tradition, historiskt-illustrativt\" srcset=\"https:\/\/iwell-guard.com\/wp-content\/uploads\/2026\/04\/goetter_islam_jibril-683x1024.webp 683w, https:\/\/iwell-guard.com\/wp-content\/uploads\/2026\/04\/goetter_islam_jibril-200x300.webp 200w, https:\/\/iwell-guard.com\/wp-content\/uploads\/2026\/04\/goetter_islam_jibril-768x1152.webp 768w, https:\/\/iwell-guard.com\/wp-content\/uploads\/2026\/04\/goetter_islam_jibril.webp 1024w\" sizes=\"(max-width: 683px) 100vw, 683px\" \/>\t\t\t\t\t\t\t\t\t\t\t\t\t\t\t<\/div>\n\t\t\t\t<\/div>\n\t\t\t\t\t<\/div>\n\t\t\t\t<\/div>\n\t\t<div class=\"elementor-element elementor-element-32917199 e-flex e-con-boxed e-con e-parent\" data-id=\"32917199\" data-element_type=\"container\" data-e-type=\"container\">\n\t\t\t\t\t<div class=\"e-con-inner\">\n\t\t<div class=\"elementor-element elementor-element-26e916cb e-flex e-con-boxed e-con e-child\" data-id=\"26e916cb\" data-element_type=\"container\" data-e-type=\"container\">\n\t\t\t\t\t<div class=\"e-con-inner\">\n\t\t<div class=\"elementor-element elementor-element-253a40d4 e-flex e-con-boxed e-con e-child\" data-id=\"253a40d4\" data-element_type=\"container\" data-e-type=\"container\">\n\t\t\t\t\t<div class=\"e-con-inner\">\n\t\t\t\t<div class=\"elementor-element elementor-element-1200c304 elementor-widget elementor-widget-heading\" data-id=\"1200c304\" data-element_type=\"widget\" data-e-type=\"widget\" data-widget_type=\"heading.default\">\n\t\t\t\t\t<h2 class=\"elementor-heading-title elementor-size-default\">Jibril<\/h2>\t\t\t\t<\/div>\n\t\t\t\t<div class=\"elementor-element elementor-element-11758e7f elementor-widget elementor-widget-text-editor\" data-id=\"11758e7f\" data-element_type=\"widget\" data-e-type=\"widget\" data-widget_type=\"text-editor.default\">\n\t\t\t\t\t\t\t\t\t<p>Jibril (\u00e4ven Jabrail) fungerar som uppenbarelse-<span class=\"iwg-fachbegriff\" data-tooltip=\"I de abrahamitiska religionerna ett himmelskt s\u00e4ndebud fr\u00e5n Gud.\" tabindex=\"0\">\u00e4ngel<\/span> och profetens f\u00f6ljeslagare. Hans egenskaper omfattar trofasthet, v\u00e4rdighet, omedelbar n\u00e4rhet till Allahs tron och okroppslig renhet.<\/p><p>Centrala myter \u00e4r: Jibrils \u00f6verl\u00e4mnande av Koranen till Muhammed (Sura 26:193, 194), Jibrils framtr\u00e4dande inf\u00f6r profeten (17:85 Ruh = Jibril), Jibrils assistans vid Muhammeds himlaf\u00e4rd (Isra och Mi&#8217;raj, hadith), samt Jibrils tillk\u00e4nnagivande av Jesu f\u00f6delse (Sura 19:16, 21).<\/p>\t\t\t\t\t\t\t\t<\/div>\n\t\t\t\t\t<\/div>\n\t\t\t\t<\/div>\n\t\t<div class=\"elementor-element elementor-element-159dcf9a e-flex e-con-boxed e-con e-child\" data-id=\"159dcf9a\" data-element_type=\"container\" data-e-type=\"container\">\n\t\t\t\t\t<div class=\"e-con-inner\">\n\t\t\t\t<div class=\"elementor-element elementor-element-48cee66f elementor-widget elementor-widget-heading\" data-id=\"48cee66f\" data-element_type=\"widget\" data-e-type=\"widget\" data-widget_type=\"heading.default\">\n\t\t\t\t\t<h2 class=\"elementor-heading-title elementor-size-default\">Snabb\u00f6versikt: Jibril<\/h2>\t\t\t\t<\/div>\n\t\t\t\t<div class=\"elementor-element elementor-element-3f50d82c elementor-widget elementor-widget-text-editor\" data-id=\"3f50d82c\" data-element_type=\"widget\" data-e-type=\"widget\" data-widget_type=\"text-editor.default\">\n\t\t\t\t\t\t\t\t\t<p>Jibril n\u00e4mns flera g\u00e5nger i Koranen (2:97, 98, 16:102, 26:193, 194) och behandlas framtr\u00e4dande i hadithsamlingar (Bukhari, Muslim, arabiska, 700\u2013800-talen). Tillskrivningen sker under den tidiga islamiska perioden (700-talet). Forskningsl\u00e4get (Schimmel, Hughes, Wild, McLeod) dokumenterar Jibril som den centrala \u00e4rke\u00e4ngeln i den koranska uppenbarelsen och den mystiska <span class=\"iwg-fachbegriff\" data-tooltip=\"Den vetenskapliga l\u00e4ran om Gud och om en religions tro.\" tabindex=\"0\">teologin<\/span>.<\/p>\t\t\t\t\t\t\t\t<\/div>\n\t\t\t\t\t<\/div>\n\t\t\t\t<\/div>\n\t\t\t\t\t<\/div>\n\t\t\t\t<\/div>\n\t\t\t\t\t<\/div>\n\t\t\t\t<\/div>\n\t\t<div class=\"elementor-element elementor-element-18613602 e-flex e-con-boxed e-con e-parent\" data-id=\"18613602\" data-element_type=\"container\" data-e-type=\"container\">\n\t\t\t\t\t<div class=\"e-con-inner\">\n\t\t\t\t<div class=\"elementor-element elementor-element-262b8a9f elementor-widget elementor-widget-heading\" data-id=\"262b8a9f\" data-element_type=\"widget\" data-e-type=\"widget\" data-widget_type=\"heading.default\">\n\t\t\t\t\t<h2 class=\"elementor-heading-title elementor-size-default\">Kontext<\/h2>\t\t\t\t<\/div>\n\t\t<div class=\"elementor-element elementor-element-46dcb7d e-con-full e-flex e-con e-child\" data-id=\"46dcb7d\" data-element_type=\"container\" data-e-type=\"container\">\n\t\t<div class=\"elementor-element elementor-element-61d3ab3 e-flex e-con-boxed e-con e-child\" data-id=\"61d3ab3\" data-element_type=\"container\" data-e-type=\"container\">\n\t\t\t\t\t<div class=\"e-con-inner\">\n\t\t\t\t<div class=\"elementor-element elementor-element-117c166 elementor-widget elementor-widget-heading\" data-id=\"117c166\" data-element_type=\"widget\" data-e-type=\"widget\" data-widget_type=\"heading.default\">\n\t\t\t\t\t<div class=\"elementor-heading-title elementor-size-default\">Texternas tidsperiod<\/div>\t\t\t\t<\/div>\n\t\t\t\t<div class=\"elementor-element elementor-element-73997a0 elementor-widget elementor-widget-text-editor\" data-id=\"73997a0\" data-element_type=\"widget\" data-e-type=\"widget\" data-widget_type=\"text-editor.default\">\n\t\t\t\t\t\t\t\t\t<p>Fr\u00e5n de tidigaste koranverserna till idag \u00e4r Jibril omistlig i den islamiska trospraktiken: tron p\u00e5 \u00e4nglarna r\u00e4knas till de sex trosartiklarna, och Jibril n\u00e4mns d\u00e4r vid namn p\u00e5 f\u00f6rsta plats. \u00c4ven i nutiden lever han vidare, till exempel i den s\u00e5 kallade Gabriel-hadithen, som fortfarande anv\u00e4nds som l\u00e4rotext om islam, iman och ihsan i den religi\u00f6sa undervisningen.<\/p>\t\t\t\t\t\t\t\t<\/div>\n\t\t\t\t\t<\/div>\n\t\t\t\t<\/div>\n\t\t<div class=\"elementor-element elementor-element-d47b156 e-flex e-con-boxed e-con e-child\" data-id=\"d47b156\" data-element_type=\"container\" data-e-type=\"container\">\n\t\t\t\t\t<div class=\"e-con-inner\">\n\t\t\t\t<div class=\"elementor-element elementor-element-ff38c2b elementor-widget elementor-widget-heading\" data-id=\"ff38c2b\" data-element_type=\"widget\" data-e-type=\"widget\" data-widget_type=\"heading.default\">\n\t\t\t\t\t<div class=\"elementor-heading-title elementor-size-default\">Utbredningsomr\u00e5de<\/div>\t\t\t\t<\/div>\n\t\t\t\t<div class=\"elementor-element elementor-element-4e49fcc elementor-widget elementor-widget-text-editor\" data-id=\"4e49fcc\" data-element_type=\"widget\" data-e-type=\"widget\" data-widget_type=\"text-editor.default\">\n\t\t\t\t\t\t\t\t\t<p>Jibril var inte begr\u00e4nsad till en viss region eller vissa platser, utan var universellt k\u00e4nd och dyrkad eller respektfullt fruktad inom hela den islamiska v\u00e4rlden. Vare sig i stora urbana centrum eller i perifera lantliga omr\u00e5den, vare sig bland samh\u00e4llets elit eller bland vanligt folk, erk\u00e4ndes denna gestalts andliga och kulturella betydelse konsekvent och universellt.<\/p><p>Att Jibril n\u00e4mns vid namn i Koranen och att f\u00f6rnekandet av honom enligt Sura 2:97\u201398 r\u00e4knas som fiendskap mot Gud visar hans betydelse i den islamiska sj\u00e4lvf\u00f6rst\u00e5elsen. Med islams spridning genom handel, er\u00f6vring och mission fr\u00e5n Andalusien till Sydostasien vandrade \u00e4ven kunskapen om uppenbarelse\u00e4ngeln vidare, och det i en p\u00e5fallande enhetlig form, eftersom Koranen och hadithen som fast textgrund \u00f6verallt f\u00f6rmedlade samma utsagor om honom.<\/p>\t\t\t\t\t\t\t\t<\/div>\n\t\t\t\t\t<\/div>\n\t\t\t\t<\/div>\n\t\t\t\t<\/div>\n\t\t<div class=\"elementor-element elementor-element-db03c39 e-con-full e-flex e-con e-child\" data-id=\"db03c39\" data-element_type=\"container\" data-e-type=\"container\">\n\t\t<div class=\"elementor-element elementor-element-229a87b e-flex e-con-boxed e-con e-child\" data-id=\"229a87b\" data-element_type=\"container\" data-e-type=\"container\">\n\t\t\t\t\t<div class=\"e-con-inner\">\n\t\t\t\t<div class=\"elementor-element elementor-element-1f471fc elementor-widget elementor-widget-heading\" data-id=\"1f471fc\" data-element_type=\"widget\" data-e-type=\"widget\" data-widget_type=\"heading.default\">\n\t\t\t\t\t<div class=\"elementor-heading-title elementor-size-default\">K\u00e4ll\u00e4ge<\/div>\t\t\t\t<\/div>\n\t\t\t\t<div class=\"elementor-element elementor-element-36b1201 elementor-widget elementor-widget-text-editor\" data-id=\"36b1201\" data-element_type=\"widget\" data-e-type=\"widget\" data-widget_type=\"text-editor.default\">\n\t\t\t\t\t\t\t\t\t<p>Prim\u00e4rk\u00e4llor \u00e4r Koranen (2:97 Jibril \u2026 med Allahs till\u00e5telse, 16:102 den Helige <span class=\"iwg-fachbegriff\" data-tooltip=\"En kroppsl\u00f6s varelse som tillskrivs verkan i v\u00e4rlden.\" tabindex=\"0\">Anden<\/span>, 26:193, 194 koranens uppenbarelsevers, arabiska, 700-talet), hadithsamlingar (Sahih al-Bukhari 1:1, Sahih Muslim, arabiska) och tafsirverk (Tabari, Ibn Kathir).<\/p><p><span data-nosnippet>Sekund\u00e4rt analyserade Schimmel (Mystical Dimensions of Islam, 1975), Hughes (Dictionary of Islam), Wild (Islamic Angelology) och McLeod (Judeo-Islamic Angelology) Jibrils centrala roll i den islamiska uppenbarelse- och <span class=\"iwg-fachbegriff\" tabindex=\"0\" data-tooltip=\"Religi\u00f6s riktning med fokus p\u00e5 direkt guderfarenhet; central inom judisk, kristen och islamisk tradition.\">mystik<\/span>&#8211;<span class=\"iwg-fachbegriff\" data-tooltip=\"Den vetenskapliga l\u00e4ran om Gud och om en religions tro.\" tabindex=\"0\">teologin<\/span>.<\/span><\/p>\t\t\t\t\t\t\t\t<\/div>\n\t\t\t\t\t<\/div>\n\t\t\t\t<\/div>\n\t\t\t\t<\/div>\n\t\t\t\t\t<\/div>\n\t\t\t\t<\/div>\n\t\t<div class=\"elementor-element elementor-element-3ae0637c e-flex e-con-boxed e-con e-parent\" data-id=\"3ae0637c\" data-element_type=\"container\" data-e-type=\"container\">\n\t\t\t\t\t<div class=\"e-con-inner\">\n\t\t\t\t<div class=\"elementor-element elementor-element-31d07739 elementor-widget elementor-widget-heading\" data-id=\"31d07739\" data-element_type=\"widget\" data-e-type=\"widget\" data-widget_type=\"heading.default\">\n\t\t\t\t\t<h2 class=\"elementor-heading-title elementor-size-default\">Namn<\/h2>\t\t\t\t<\/div>\n\t\t<div class=\"elementor-element elementor-element-b7642947 e-con-full e-flex e-con e-child\" data-id=\"b7642947\" data-element_type=\"container\" data-e-type=\"container\">\n\t\t\t\t<div class=\"elementor-element elementor-element-a086266 elementor-widget elementor-widget-text-editor\" data-id=\"a086266\" data-element_type=\"widget\" data-e-type=\"widget\" data-widget_type=\"text-editor.default\">\n\t\t\t\t\t\t\t\t\t<p>Jibril framst\u00e4lls i olika k\u00e4llor och konstn\u00e4rliga traditioner med vissa \u00e5terkommande ikonografiska element som f\u00f6rblir relativt konstanta \u00f6ver decennier och olika geografiska omr\u00e5den. Dessa element \u00e4r inte rent dekorativa eller slumpm\u00e4ssigt valda, utan \u00e4r djupt symboliskt kodade och b\u00e4r stor betydelse.<\/p><p>De k\u00e4nnetecken med vilka den islamiska traditionen beskriver Jibril anger hans \u00e4mbete: han betraktas som Ruh al-Qudus, den heliga anden, och som budb\u00e4raren som f\u00f6rmedlar Guds ord of\u00f6rfalskat till profeterna. Ber\u00e4ttelserna om hans sanna gestalt med sexhundra vingar, om hans framtr\u00e4dande i m\u00e4nsklig form inf\u00f6r Muhammed och om hans roll vid den f\u00f6rsta uppenbarelsen i grottan Hira \u00e4r ingen utsmyckning. Den som \u00e4r f\u00f6rtrogen med Koranen och hadithen kan d\u00e4r utl\u00e4sa hans rang: han st\u00e5r mellan Gud och s\u00e4ndebuden, han befaller inte sj\u00e4lv, han f\u00f6rmedlar. Varje detalj i traditionen placerar honom i denna medlarfunktion.<\/p>\t\t\t\t\t\t\t\t<\/div>\n\t\t\t\t<\/div>\n\t\t\t\t\t<\/div>\n\t\t\t\t<\/div>\n\t\t<div class=\"elementor-element elementor-element-709a44a8 e-flex e-con-boxed e-con e-parent\" data-id=\"709a44a8\" data-element_type=\"container\" data-e-type=\"container\">\n\t\t\t\t\t<div class=\"e-con-inner\">\n\t\t\t\t<div class=\"elementor-element elementor-element-2f585873 elementor-widget elementor-widget-heading\" data-id=\"2f585873\" data-element_type=\"widget\" data-e-type=\"widget\" data-widget_type=\"heading.default\">\n\t\t\t\t\t<h2 class=\"elementor-heading-title elementor-size-default\">K\u00e4nnetecken<\/h2>\t\t\t\t<\/div>\n\t\t<div class=\"elementor-element elementor-element-70621c12 e-con-full e-flex e-con e-child\" data-id=\"70621c12\" data-element_type=\"container\" data-e-type=\"container\">\n\t\t\t\t<div class=\"elementor-element elementor-element-4296eb49 elementor-widget elementor-widget-text-editor\" data-id=\"4296eb49\" data-element_type=\"widget\" data-e-type=\"widget\" data-widget_type=\"text-editor.default\">\n\t\t\t\t\t\t\t\t\t<p>Jibril var central i den religi\u00f6sa praktiken, i vardagsritualerna och i den vardagliga f\u00f6rst\u00e5elsen av islam. M\u00e4nniskor v\u00e4nde sig till denna gestalt i kritiska eller s\u00e4rskilda livssituationer eller vid best\u00e4mda rituella tider p\u00e5 \u00e5ret, med strukturerade, ofta omfattande ritualer, b\u00f6ner eller offerg\u00e5vor.<\/p><p>F\u00f6rmedlingen av uppenbarelsen till Muhammed f\u00f6ljde enligt islamisk tradition inget slumpm\u00e4ssigt m\u00f6nster: Jibril framtr\u00e4dde under omkring 23 \u00e5r i ordnad f\u00f6ljd, reciterade verserna exakt och l\u00e4t profeten upprepa dem tills de var s\u00e4krade. Hadithlitteraturen beskriver detta f\u00f6rlopp som en reglerad undervisningsakt, inte som en spontan upplevelse.<\/p><p>Att muslimer sedan 700-talet obrutet \u00e5beropar Jibril som f\u00f6rmedlare av Koranen h\u00f6r till grunden f\u00f6r den islamiska uppenbarelsef\u00f6rst\u00e5elsen. Hans uppgifter i traditionen \u00e4r av olika slag: han skyddar budskapet fr\u00e5n f\u00f6rvanskning p\u00e5 v\u00e4gen fr\u00e5n himlen till profeten, han st\u00e4rker Muhammed i kriser, som efter den f\u00f6rsta uppenbarelsen, och han f\u00f6ljer med vid \u00f6verg\u00e5ngar, till exempel vid himlaf\u00e4rden, d\u00e4r han leder profeten genom himlarna.<\/p>\t\t\t\t\t\t\t\t<\/div>\n\t\t\t\t<\/div>\n\t\t\t\t\t<\/div>\n\t\t\t\t<\/div>\n\t\t<div class=\"elementor-element elementor-element-44e71476 e-flex e-con-boxed e-con e-parent\" data-id=\"44e71476\" data-element_type=\"container\" data-e-type=\"container\">\n\t\t\t\t\t<div class=\"e-con-inner\">\n\t\t\t\t<div class=\"elementor-element elementor-element-3c1fc3f0 elementor-widget elementor-widget-heading\" data-id=\"3c1fc3f0\" data-element_type=\"widget\" data-e-type=\"widget\" data-widget_type=\"heading.default\">\n\t\t\t\t\t<h2 class=\"elementor-heading-title elementor-size-default\">Profil: Jibril<\/h2>\t\t\t\t<\/div>\n\t\t<div class=\"elementor-element elementor-element-84f33b8e e-con-full e-flex e-con e-child\" data-id=\"84f33b8e\" data-element_type=\"container\" data-e-type=\"container\">\n\t\t\t\t<div class=\"elementor-element elementor-element-hqkdc67p elementor-widget elementor-widget-text-editor\" data-id=\"hqkdc67p\" data-element_type=\"widget\" data-e-type=\"widget\" data-widget_type=\"text-editor.default\">\n\t\t\t\t\t\t\t\t\t<p>Profilen beskriver Jibril utifr\u00e5n sex dimensioner: hans ursprung i koranska uppenbarelseber\u00e4ttelser, hans m\u00e5lgrupp bland troende muslimer och mystiker, ikonografiska k\u00e4nnetecken som ljusvarelse, hans funktionella roll som f\u00f6rmedlare av uppenbarelsen, j\u00e4mf\u00f6relser med kristna och judiska Gabriel-gestalter, samt hans mystiska roll i sufisk kontemplation kring Wahy (uppenbarelse).<\/p>\t\t\t\t\t\t\t\t<\/div>\n\t\t\t\t<\/div>\n\t\t<div class=\"elementor-element elementor-element-pemmx7c5 e-con-full e-flex e-con e-child\" data-id=\"pemmx7c5\" data-element_type=\"container\" data-e-type=\"container\">\n\t\t<div class=\"elementor-element elementor-element-pemmx7c1 e-con-full e-flex e-con e-child\" data-id=\"pemmx7c1\" data-element_type=\"container\" data-e-type=\"container\">\n\t\t<div class=\"elementor-element elementor-element-qh9oavvu iwg-steckbrief-card e-flex e-con-boxed e-con e-child\" data-id=\"qh9oavvu\" data-element_type=\"container\" data-e-type=\"container\">\n\t\t\t\t\t<div class=\"e-con-inner\">\n\t\t\t\t<div class=\"elementor-element elementor-element-awzx8k2k elementor-widget elementor-widget-heading\" data-id=\"awzx8k2k\" data-element_type=\"widget\" data-e-type=\"widget\" data-widget_type=\"heading.default\">\n\t\t\t\t\t<div class=\"elementor-heading-title elementor-size-default\">Ursprung<\/div>\t\t\t\t<\/div>\n\t\t\t\t<div class=\"elementor-element elementor-element-x6rowhv0 elementor-widget elementor-widget-text-editor\" data-id=\"x6rowhv0\" data-element_type=\"widget\" data-e-type=\"widget\" data-widget_type=\"text-editor.default\">\n\t\t\t\t\t\t\t\t\t<p>Jibril omn\u00e4mns i koranska texter fr\u00e5n 700-talet, med r\u00f6tter i den judisk-kristna Gabriel-traditionen (etymologiskt identisk: Jibril = Gabriel). Det geografiska ursprunget ligger p\u00e5 den arabiska halv\u00f6n och i Mellan\u00f6stern.<\/p><p>Den f\u00f6rsta omn\u00e4mningen dateras till Koranen 2:97 (Medina-perioden, 623, 632 CE). Den teologiska inramningen som huvudsaklig uppenbarelse-<span class=\"iwg-fachbegriff\" data-tooltip=\"I de abrahamitiska religionerna ett himmelskt s\u00e4ndebud fr\u00e5n Gud.\" tabindex=\"0\">\u00e4ngel<\/span> skedde omedelbart efter Muhammeds profetia (610, 632 CE).<\/p>\t\t\t\t\t\t\t\t<\/div>\n\t\t\t\t\t<\/div>\n\t\t\t\t<\/div>\n\t\t<div class=\"elementor-element elementor-element-8e3o4kxs iwg-steckbrief-card e-flex e-con-boxed e-con e-child\" data-id=\"8e3o4kxs\" data-element_type=\"container\" data-e-type=\"container\">\n\t\t\t\t\t<div class=\"e-con-inner\">\n\t\t\t\t<div class=\"elementor-element elementor-element-08rkdgov elementor-widget elementor-widget-heading\" data-id=\"08rkdgov\" data-element_type=\"widget\" data-e-type=\"widget\" data-widget_type=\"heading.default\">\n\t\t\t\t\t<div class=\"elementor-heading-title elementor-size-default\">Jibrils m\u00e5lgrupp<\/div>\t\t\t\t<\/div>\n\t\t\t\t<div class=\"elementor-element elementor-element-uwjelx8s elementor-widget elementor-widget-text-editor\" data-id=\"uwjelx8s\" data-element_type=\"widget\" data-e-type=\"widget\" data-widget_type=\"text-editor.default\">\n\t\t\t\t\t\t\t\t\t<p>Jibril riktade sig i f\u00f6rsta hand till profeten Muhammed och den troende gemenskapen (umma). M\u00e5lgruppen \u00e4r alla muslimer som mottagare av det koranska budskapet, mystiker med intresse f\u00f6r uppenbarelse-<span class=\"iwg-fachbegriff\" data-tooltip=\"Religi\u00f6s str\u00f6mning med fokus p\u00e5 omedelbar gudsupplevelse.\" tabindex=\"0\">mystik<\/span> (wahy-kunskap) och teologer.<\/p><p>Tillf\u00e4llena \u00e4r l\u00e4sning av Koranen, uppenbarelsemeditationer, mystiska nattb\u00f6ner (tahajjud) och festen f\u00f6r Koranens uppenbarelse (Laylat al-Qadr). <span class=\"iwg-fachbegriff\" data-tooltip=\"Det b\u00f6nfallande eller besv\u00e4rjande tilltalet av en gudom eller makt.\" tabindex=\"0\">\u00c5kallan<\/span> sker i v\u00f6rdnad inf\u00f6r wahy.<\/p>\t\t\t\t\t\t\t\t<\/div>\n\t\t\t\t\t<\/div>\n\t\t\t\t<\/div>\n\t\t<div class=\"elementor-element elementor-element-jm2n74ec iwg-steckbrief-card e-flex e-con-boxed e-con e-child\" data-id=\"jm2n74ec\" data-element_type=\"container\" data-e-type=\"container\">\n\t\t\t\t\t<div class=\"e-con-inner\">\n\t\t\t\t<div class=\"elementor-element elementor-element-8vufse4c elementor-widget elementor-widget-heading\" data-id=\"8vufse4c\" data-element_type=\"widget\" data-e-type=\"widget\" data-widget_type=\"heading.default\">\n\t\t\t\t\t<div class=\"elementor-heading-title elementor-size-default\">Jibrils utseende<\/div>\t\t\t\t<\/div>\n\t\t\t\t<div class=\"elementor-element elementor-element-mwb9u015 elementor-widget elementor-widget-text-editor\" data-id=\"mwb9u015\" data-element_type=\"widget\" data-e-type=\"widget\" data-widget_type=\"text-editor.default\">\n\t\t\t\t\t\t\t\t\t<p>Jibril ikonografiskt: en manlig gestalt med stora, vita eller silverf\u00e4rgade vingar, str\u00e5lande som ljus, med v\u00e4rdig fysionomi. Attributen \u00e4r en skriftrulle eller bok (korantext), en ljusaura (nur), ibland en lilja eller fredsh\u00e4lsning. I islamiska och persiska miniatyrframst\u00e4llningar: gl\u00f6dande, n\u00e4stan bl\u00e4ndande att betrakta. Den ikonografiska kopplingen till den rena ljussubstansen g\u00f6r Jibril s\u00e4rskild inom den sufiska konsten.<\/p>\t\t\t\t\t\t\t\t<\/div>\n\t\t\t\t\t<\/div>\n\t\t\t\t<\/div>\n\t\t\t\t<\/div>\n\t\t<div class=\"elementor-element elementor-element-pemmx7c2 e-con-full e-flex e-con e-child\" data-id=\"pemmx7c2\" data-element_type=\"container\" data-e-type=\"container\">\n\t\t<div class=\"elementor-element elementor-element-37ss2yr6 iwg-steckbrief-card e-flex e-con-boxed e-con e-child\" data-id=\"37ss2yr6\" data-element_type=\"container\" data-e-type=\"container\">\n\t\t\t\t\t<div class=\"e-con-inner\">\n\t\t\t\t<div class=\"elementor-element elementor-element-3v0wp3wx elementor-widget elementor-widget-heading\" data-id=\"3v0wp3wx\" data-element_type=\"widget\" data-e-type=\"widget\" data-widget_type=\"heading.default\">\n\t\t\t\t\t<div class=\"elementor-heading-title elementor-size-default\">Jibrils verkan<\/div>\t\t\t\t<\/div>\n\t\t\t\t<div class=\"elementor-element elementor-element-w3247g2m elementor-widget elementor-widget-text-editor\" data-id=\"w3247g2m\" data-element_type=\"widget\" data-e-type=\"widget\" data-widget_type=\"text-editor.default\">\n\t\t\t\t\t\t\t\t\t<strong>Verkningsomr\u00e5de:<\/strong><p>Jibril (Gabriel, \u01e7ibr\u012bl) \u00e4r inom islam en av de mest betydelsefulla \u00e4rke\u00e4nglarna och den som f\u00f6rmedlade uppenbarelsen till profeten Muhammed.<\/p>\t\t\t\t\t\t\t\t<\/div>\n\t\t\t\t\t<\/div>\n\t\t\t\t<\/div>\n\t\t<div class=\"elementor-element elementor-element-0qpjal9w iwg-steckbrief-card e-flex e-con-boxed e-con e-child\" data-id=\"0qpjal9w\" data-element_type=\"container\" data-e-type=\"container\">\n\t\t\t\t\t<div class=\"e-con-inner\">\n\t\t\t\t<div class=\"elementor-element elementor-element-6ndoih0o elementor-widget elementor-widget-heading\" data-id=\"6ndoih0o\" data-element_type=\"widget\" data-e-type=\"widget\" data-widget_type=\"heading.default\">\n\t\t\t\t\t<div class=\"elementor-heading-title elementor-size-default\">Jibrils avv\u00e4rjning<\/div>\t\t\t\t<\/div>\n\t\t\t\t<div class=\"elementor-element elementor-element-6684tyh9 elementor-widget elementor-widget-text-editor\" data-id=\"6684tyh9\" data-element_type=\"widget\" data-e-type=\"widget\" data-widget_type=\"text-editor.default\">\n\t\t\t\t\t\t\t\t\t<p>Jibril ans\u00e5gs vara p\u00e5litlig, <span class=\"iwg-fachbegriff\" data-tooltip=\"Tillh\u00f6rig det gudomliga och d\u00e4rigenom undandragen den vardagliga anv\u00e4ndningen.\" tabindex=\"0\">helig<\/span> och av h\u00f6gsta integritet. \u00c5kallelsepraktikerna omfattade b\u00f6ner om f\u00f6rst\u00e5else f\u00f6r uppenbarelsen (fahm al-wahy), om n\u00e4rhet till det gudomliga budskapet och om hj\u00e4rtats rening (tazkiyah).<\/p><p>I sufiska traditioner praktiserades meditationer p\u00e5 Jibril (muraqaba ala-Jibril) f\u00f6r att uppn\u00e5 mystisk kunskap (ma&#8217;rifah) om Allahs ord. Respekten f\u00f6r Jibril tog sig uttryck i en v\u00f6rdnadsfull h\u00e4ngivenhet \u00e5t det koranska budskapet.<\/p>\t\t\t\t\t\t\t\t<\/div>\n\t\t\t\t\t<\/div>\n\t\t\t\t<\/div>\n\t\t<div class=\"elementor-element elementor-element-3lfi7x32 iwg-steckbrief-card e-flex e-con-boxed e-con e-child\" data-id=\"3lfi7x32\" data-element_type=\"container\" data-e-type=\"container\">\n\t\t\t\t\t<div class=\"e-con-inner\">\n\t\t\t\t<div class=\"elementor-element elementor-element-0kg99ga1 elementor-widget elementor-widget-heading\" data-id=\"0kg99ga1\" data-element_type=\"widget\" data-e-type=\"widget\" data-widget_type=\"heading.default\">\n\t\t\t\t\t<div class=\"elementor-heading-title elementor-size-default\">J\u00e4mf\u00f6rbart<\/div>\t\t\t\t<\/div>\n\t\t\t\t<div class=\"elementor-element elementor-element-n0fum6kp elementor-widget elementor-widget-text-editor\" data-id=\"n0fum6kp\" data-element_type=\"widget\" data-e-type=\"widget\" data-widget_type=\"text-editor.default\">\n\t\t\t\t\t\t\t\t\t<p>J\u00e4mf\u00f6rbara gestalter inom islam: Mikail (skydds-<span class=\"iwg-fachbegriff\" data-tooltip=\"I de abrahamitiska religionerna ett himmelskt s\u00e4ndebud fr\u00e5n Gud.\" tabindex=\"0\">\u00e4ngel<\/span>, men mindre central), Israfil (uppst\u00e5ndelse-<span class=\"iwg-fachbegriff\" data-tooltip=\"I de abrahamitiska religionerna ett himmelskt s\u00e4ndebud fr\u00e5n Gud.\" tabindex=\"0\">\u00e4ngel<\/span>), Azrael (d\u00f6ds\u00e4ngeln). Utanf\u00f6r islam: den kristna Gabriel (beb\u00e5delsen, identisk med Jibril), den judiska Gabriel (uppenbarare, identisk med Jibril). Identiteten \u00f6ver religionsgr\u00e4nserna g\u00f6r Jibril\/Gabriel unik bland \u00e4rke\u00e4nglarna.<\/p>\t\t\t\t\t\t\t\t<\/div>\n\t\t\t\t\t<\/div>\n\t\t\t\t<\/div>\n\t\t\t\t<\/div>\n\t\t\t\t<\/div>\n\t\t\t\t\t<\/div>\n\t\t\t\t<\/div>\n\t\t<div class=\"elementor-element elementor-element-7533bc7a e-flex e-con-boxed e-con e-parent\" data-id=\"7533bc7a\" data-element_type=\"container\" data-e-type=\"container\">\n\t\t\t\t\t<div class=\"e-con-inner\">\n\t\t\t\t<div class=\"elementor-element elementor-element-2447d18d elementor-widget elementor-widget-heading\" data-id=\"2447d18d\" data-element_type=\"widget\" data-e-type=\"widget\" data-widget_type=\"heading.default\">\n\t\t\t\t\t<h2 class=\"elementor-heading-title elementor-size-default\">Avv\u00e4rjning i vardagen<\/h2>\t\t\t\t<\/div>\n\t\t<div class=\"elementor-element elementor-element-d5d0260c e-con-full e-flex e-con e-child\" data-id=\"d5d0260c\" data-element_type=\"container\" data-e-type=\"container\">\n\t\t\t\t<div class=\"elementor-element elementor-element-341be2ac elementor-widget elementor-widget-text-editor\" data-id=\"341be2ac\" data-element_type=\"widget\" data-e-type=\"widget\" data-widget_type=\"text-editor.default\">\n\t\t\t\t\t\t\t\t\t<p><strong>Invokationer och profetisk kontemplation<\/strong><\/p><p>Jibril \u00e4r inte i n\u00e5gon mening f\u00f6rem\u00e5l f\u00f6r direkt invokation som en <span class=\"iwg-fachbegriff\" data-tooltip=\"Andligt v\u00e4sen som tillskrivs skadlig eller mots\u00e4gelsefull verkan.\" tabindex=\"0\">demon<\/span>.<\/p><p><strong>Text\u00f6verl\u00e4mningar och namn<\/strong><\/p><p>I Koranen n\u00e4mns Jibril vid namn sexton g\u00e5nger.<\/p><p><strong>V\u00f6rdnadsbetygelser och rituellt minne<\/strong><\/p><p>Det finns ingen <span class=\"iwg-fachbegriff\" data-tooltip=\"Ett buret f\u00f6rem\u00e5l som tillskrivs en skyddande, olycksavv\u00e4rjande verkan.\" tabindex=\"0\">amulett<\/span>-praxis f\u00f6r Jibril i betydelsen av ett skyddsobjekt.<\/p>\t\t\t\t\t\t\t\t<\/div>\n\t\t\t\t<\/div>\n\t\t\t\t\t<\/div>\n\t\t\t\t<\/div>\n\t\t<div class=\"elementor-element elementor-element-5a584676 e-flex e-con-boxed e-con e-parent\" data-id=\"5a584676\" data-element_type=\"container\" data-e-type=\"container\">\n\t\t\t\t\t<div class=\"e-con-inner\">\n\t\t\t\t<div class=\"elementor-element elementor-element-6d0757bf elementor-widget elementor-widget-heading\" data-id=\"6d0757bf\" data-element_type=\"widget\" data-e-type=\"widget\" data-widget_type=\"heading.default\">\n\t\t\t\t\t<h2 class=\"elementor-heading-title elementor-size-default\">Jibril, paralleller i andra kulturer<\/h2>\t\t\t\t<\/div>\n\t\t<div class=\"elementor-element elementor-element-60563f68 e-con-full e-flex e-con e-child\" data-id=\"60563f68\" data-element_type=\"container\" data-e-type=\"container\">\n\t\t\t\t<div class=\"elementor-element elementor-element-5a93fdd6 elementor-widget elementor-widget-text-editor\" data-id=\"5a93fdd6\" data-element_type=\"widget\" data-e-type=\"widget\" data-widget_type=\"text-editor.default\">\n\t\t\t\t\t\t\t\t\t<p><p><strong>Judisk tradition:<\/strong> Jibril \u00e4r identisk med den judiska Gabriel (hebreiska, grekiska, arabiska: alla betyder Gud \u00e4r min styrka). Funktionen \u00e4r parallell: uppenbarare av Guds vilja. Skillnad: Gabriel i judendomen \u00e4ven domsf\u00f6rkunnare; Jibril prim\u00e4rt uppenbarelsebud. B\u00e5da \u00e4r centrala \u00e4rke\u00e4nglar inom sina traditioner.<\/p><p><strong>Den grekisk-romerska v\u00e4rlden:<\/strong> Inga direkta paralleller i klassisk <span class=\"iwg-fachbegriff\" data-tooltip=\"Summan av en kulturs \u00f6verl\u00e4mnade gudaber\u00e4ttelser.\" tabindex=\"0\">mytologi<\/span>. Avl\u00e4gset besl\u00e4ktade: Hermes (gudsbud, men inte uppenbarelsef\u00f6rmedlare), Iris (himmelskt budskap). Den specifika funktionen hos den religi\u00f6sa wahy (uppenbarelsen) existerar inte i <span class=\"iwg-fachbegriff\" data-tooltip=\"Epoken f\u00f6r den grekiska och romerska kulturen, ungef\u00e4r 800 f.Kr. till 600 e.Kr.\" tabindex=\"0\">antiken<\/span>.<\/p><p><strong>Mesopotamien:<\/strong> Mesopotamisk motsvarighet: Nabu (skrivare och f\u00f6rkunnare av Marduks vilja). Skillnaden: Nabu skriver ner jordiska \u00f6den; Jibril f\u00f6rmedlar ett kosmiskt, evigt budskap. Funktionen som f\u00f6rmedlande skrivare delar de.<\/p><p><strong>Indien\/Asien:<\/strong> Indisk motsvarighet: Sarasvati (visdomens och ordets gudinna, hinduism). Buddhistisk parallell: Manjushri (visdomens <span class=\"iwg-fachbegriff\" tabindex=\"0\" data-tooltip=\"Inom mahayana-buddhismen en upplyst varelse som skjuter upp sin egen befrielse till f\u00f6rm\u00e5n f\u00f6r l\u00e4ran \u00e5t andra varelser.\">bodhisattva<\/span>, ordets kraft). B\u00e5da delar funktionen som f\u00f6rmedlare av gudomlig visdom och kunskapens ord.<\/p>\t\t\t\t\t\t\t\t<\/div>\n\t\t\t\t<\/div>\n\t\t\t\t\t<\/div>\n\t\t\t\t<\/div>\n\t\t<div class=\"elementor-element elementor-element-cp9292859 e-flex e-con-boxed e-con e-parent\" data-id=\"cp9292859\" data-element_type=\"container\" data-e-type=\"container\">\n\t\t\t\t\t<div class=\"e-con-inner\">\n\t\t\t\t<div class=\"elementor-element elementor-element-cp2eedde7 elementor-widget elementor-widget-heading\" data-id=\"cp2eedde7\" data-element_type=\"widget\" data-e-type=\"widget\" data-widget_type=\"heading.default\">\n\t\t\t\t\t<h2 class=\"elementor-heading-title elementor-size-default\">Jibril och Koranens nedkomst<\/h2>\t\t\t\t<\/div>\n\t\t<div class=\"elementor-element elementor-element-cp5da021c e-con-full e-flex e-con e-child\" data-id=\"cp5da021c\" data-element_type=\"container\" data-e-type=\"container\">\n\t\t\t\t<div class=\"elementor-element elementor-element-cpa2992fb elementor-widget elementor-widget-text-editor\" data-id=\"cpa2992fb\" data-element_type=\"widget\" data-e-type=\"widget\" data-widget_type=\"text-editor.default\">\n\t\t\t\t\t\t\t\t\t<p>Jibrils (<em>Jibr\u012bl<\/em>, i v\u00e4st oftast Gabriel) centrala funktion i islam \u00e4r att f\u00f6rmedla uppenbarelsen. Koranen betecknar honom i sura 2:97 uttryckligen som den som s\u00e4nt ned skriften &#8221;med Guds till\u00e5telse&#8221; i profeten Muhammeds hj\u00e4rta.<\/p><p>Han tolkas ocks\u00e5 som <em>ar-r\u016b\u1e25 al-am\u012bn<\/em>, den &#8221;tillf\u00f6rlitliga <span class=\"iwg-fachbegriff\" data-tooltip=\"Ett kroppsl\u00f6st v\u00e4sen som tillskrivs verkan i v\u00e4rlden.\" tabindex=\"0\">anden<\/span>&#8221; (sura 26:193), och som <em>r\u016b\u1e25 al-qudus<\/em>, den &#8221;heliga <span class=\"iwg-fachbegriff\" data-tooltip=\"Ett kroppsl\u00f6st v\u00e4sen som tillskrivs verkan i v\u00e4rlden.\" tabindex=\"0\">anden<\/span>&#8221;.<\/p><p>Den islamiska <span class=\"iwg-fachbegriff\" data-tooltip=\"\u00d6verf\u00f6ring av kunskap och ber\u00e4ttelser genom generationer.\" tabindex=\"0\">traditionen<\/span> f\u00f6rl\u00e4gger denna f\u00f6rmedlings b\u00f6rjan till grottan Hira n\u00e4ra Mecka, d\u00e4r Jibril ska ha visat sig f\u00f6r profeten f\u00f6rsta g\u00e5ngen, med befallningen <em>iqra\u02be<\/em>, &#8221;l\u00e4s&#8221; eller &#8221;f\u00f6redra&#8221;.<\/p><p>Hadithen skildrar m\u00f6tet som kroppsligt \u00f6verv\u00e4ldigande: Jibril ska ha omslutit Muhammed tre g\u00e5nger, tills denne kunde f\u00f6redra de f\u00f6rsta verserna i den senare sura 96. I den fortsatta profetbiografin framtr\u00e4der Jibril upprepade g\u00e5nger som f\u00f6rmedlare, som bringar enskilda suror, \u00f6verl\u00e4mnar anvisningar och bist\u00e5r i sv\u00e5ra situationer.<\/p><p>Teologiskt \u00e4r denna medlarroll avg\u00f6rande, eftersom den s\u00e4krar uppenbarelsens renhet. <span class=\"iwg-fachbegriff\" data-tooltip=\"I de abrahamitiska religionerna ett himmelskt s\u00e4ndebud fr\u00e5n Gud.\" tabindex=\"0\">\u00c4ngeln<\/span> \u00e4r ingen sj\u00e4lvst\u00e4ndig talare utan f\u00f6rmedlar enbart Guds ord. Den islamiska \u00e4nglal\u00e4ran betonar d\u00e4rf\u00f6r att Jibril inte tillbes, utan betraktas som en tj\u00e4nare.<\/p><p>Samtidigt placerar hans funktion honom i toppen av \u00e4nglahierarkin. En k\u00e4nd <span class=\"iwg-fachbegriff\" data-tooltip=\"\u00d6verf\u00f6ring av kunskap och ber\u00e4ttelser genom generationer.\" tabindex=\"0\">tradition<\/span> l\u00e5ter profeten s\u00e4ga att Jibril bringat honom Koranen i flera &#8221;l\u00e4sarter&#8221;, vilket pr\u00e4glade den senare diskussionen om de kanoniska koranl\u00e4sningarna.<\/p>\t\t\t\t\t\t\t\t<\/div>\n\t\t\t\t<\/div>\n\t\t\t\t\t<\/div>\n\t\t\t\t<\/div>\n\t\t<div class=\"elementor-element elementor-element-cp9c15ba2 e-flex e-con-boxed e-con e-parent\" data-id=\"cp9c15ba2\" data-element_type=\"container\" data-e-type=\"container\">\n\t\t\t\t\t<div class=\"e-con-inner\">\n\t\t\t\t<div class=\"elementor-element elementor-element-cpc8bdd9e elementor-widget elementor-widget-heading\" data-id=\"cpc8bdd9e\" data-element_type=\"widget\" data-e-type=\"widget\" data-widget_type=\"heading.default\">\n\t\t\t\t\t<h2 class=\"elementor-heading-title elementor-size-default\">Gabriels hadith: ett l\u00e4rosamtal om tron<\/h2>\t\t\t\t<\/div>\n\t\t<div class=\"elementor-element elementor-element-cpad3bb99 e-con-full e-flex e-con e-child\" data-id=\"cpad3bb99\" data-element_type=\"container\" data-e-type=\"container\">\n\t\t\t\t<div class=\"elementor-element elementor-element-cp0831769 elementor-widget elementor-widget-text-editor\" data-id=\"cp0831769\" data-element_type=\"widget\" data-e-type=\"widget\" data-widget_type=\"text-editor.default\">\n\t\t\t\t\t\t\t\t\t<p>Ett av de mest betydelsefulla episoderna kring Jibril \u00e4r den s\u00e5 kallade <em>\u1e24ad\u012bth Jibr\u012bl<\/em>, som bland annat \u00f6verl\u00e4mnats i Muslims samling.<\/p><p>D\u00e4r framtr\u00e4der Jibril i skepnad av en man i p\u00e5fallande vita kl\u00e4der och med mycket svart h\u00e5r, utan sp\u00e5r av resa, och som ingen av de n\u00e4rvarande k\u00e4nner. Han s\u00e4tter sig framf\u00f6r profeten, l\u00e5ter sina kn\u00e4n r\u00f6ra dennes kn\u00e4n och st\u00e4ller en rad fr\u00e5gor.<\/p><p>Han fr\u00e5gar om islam, allts\u00e5 de yttre plikterna, om <em>\u012bm\u0101n<\/em>, tron, om <em>i\u1e25s\u0101n<\/em>, den inre fullkomningen, och om den yttersta domens stund.<\/p><p>P\u00e5 varje svar fr\u00e5n profeten svarar den fr\u00e4mmande &#8221;du har talat sanning&#8221;, vilket f\u00f6rv\u00e5nar \u00e5h\u00f6rarna, eftersom en fr\u00e5gande vanligtvis inte besitter kunskapen att bekr\u00e4fta svaret. Sedan mannen g\u00e5tt f\u00f6rklarar profeten f\u00f6r sina f\u00f6ljeslagare att detta var Jibril, kommen f\u00f6r att l\u00e4ra dem deras religion.<\/p><p>Denna hadith blev en grundtext i den islamiska trosl\u00e4ran. Uppdelningen i islam, iman och ihsan strukturerar \u00e4n i dag religionspedagogiska verk och \u00e4r utg\u00e5ngspunkt f\u00f6r \u00e5tskillnaden mellan r\u00e4tt, <span class=\"iwg-fachbegriff\" data-tooltip=\"Den vetenskapliga l\u00e4ran om Gud och om en religions tro.\" tabindex=\"0\">teologi<\/span> och <span class=\"iwg-fachbegriff\" data-tooltip=\"Religi\u00f6s str\u00f6mning med fokus p\u00e5 direkt guderfarenhet.\" tabindex=\"0\">mystik<\/span>. Anm\u00e4rkningsv\u00e4rd \u00e4r ber\u00e4ttelsens didaktiska po\u00e4ng: <span class=\"iwg-fachbegriff\" data-tooltip=\"I de abrahamitiska religionerna ett himmelskt s\u00e4ndebud fr\u00e5n Gud.\" tabindex=\"0\">\u00c4ngeln<\/span> k\u00e4nner svaren men fr\u00e5gar likv\u00e4l, f\u00f6r att f\u00f6rsamlingen ska l\u00e4ra genom samtalet.<\/p><p>Det var formen f\u00f6r undervisningen, inte bara dess inneh\u00e5ll, som f\u00f6rdes vidare.<\/p>\t\t\t\t\t\t\t\t<\/div>\n\t\t\t\t<\/div>\n\t\t\t\t\t<\/div>\n\t\t\t\t<\/div>\n\t\t<div class=\"elementor-element elementor-element-cp017eb77 e-flex e-con-boxed e-con e-parent\" data-id=\"cp017eb77\" data-element_type=\"container\" data-e-type=\"container\">\n\t\t\t\t\t<div class=\"e-con-inner\">\n\t\t\t\t<div class=\"elementor-element elementor-element-cpf5c3843 elementor-widget elementor-widget-heading\" data-id=\"cpf5c3843\" data-element_type=\"widget\" data-e-type=\"widget\" data-widget_type=\"heading.default\">\n\t\t\t\t\t<h2 class=\"elementor-heading-title elementor-size-default\">Gabriel \u00f6ver religionsgr\u00e4nserna: j\u00e4mf\u00f6relse och avgr\u00e4nsning<\/h2>\t\t\t\t<\/div>\n\t\t<div class=\"elementor-element elementor-element-cp07fdaf0 e-con-full e-flex e-con e-child\" data-id=\"cp07fdaf0\" data-element_type=\"container\" data-e-type=\"container\">\n\t\t\t\t<div class=\"elementor-element elementor-element-cp3860a96 elementor-widget elementor-widget-text-editor\" data-id=\"cp3860a96\" data-element_type=\"widget\" data-e-type=\"widget\" data-widget_type=\"text-editor.default\">\n\t\t\t\t\t\t\t\t\t<p>Jibril delar namn och k\u00e4rnfunktion med Gabriel i den judiska och kristna <span class=\"iwg-fachbegriff\" data-tooltip=\"\u00d6verf\u00f6ring av kunskap och ber\u00e4ttelser genom generationer.\" tabindex=\"0\">traditionen<\/span>, och detta faktum \u00e4r belysande f\u00f6r <span class=\"iwg-fachbegriff\" data-tooltip=\"Vetenskapen som utforskar religioner j\u00e4mf\u00f6rande och utan trosbindning.\" tabindex=\"0\">religionsvetenskapen<\/span>.<\/p><p>I Danielsboken i den hebreiska Tanakh tolkar Gabriel visioner, \u00e4r allts\u00e5 redan en <span class=\"iwg-fachbegriff\" data-tooltip=\"I de abrahamitiska religionerna ett himmelskt s\u00e4ndebud fr\u00e5n Gud.\" tabindex=\"0\">\u00e4ngel<\/span> av f\u00f6rklaring och f\u00f6rmedling. I Lukasevangeliet beb\u00e5dar han Johannes D\u00f6parens och Jesu f\u00f6delse. I alla tre traditionerna \u00e4r Gabriel f\u00f6rbunden med det talade gudomliga ordet.<\/p><p>Islam har inte helt enkelt \u00f6vertagit denna gestalt, utan har infogat henne i sin egen uppenbarelsef\u00f6rst\u00e5else. Medan Gabriel i kristendomen framf\u00f6r allt beb\u00e5dar, f\u00f6rmedlar Jibril i islam en fullst\u00e4ndig text. Denna f\u00f6rskjutning motsvarar den olika skriftf\u00f6rst\u00e5elsen: Koranen uppfattar sig sj\u00e4lv som en ordagrann neds\u00e4ndning, och <span class=\"iwg-fachbegriff\" data-tooltip=\"I de abrahamitiska religionerna ett himmelskt s\u00e4ndebud fr\u00e5n Gud.\" tabindex=\"0\">\u00e4ngeln<\/span> \u00e4r kanalen f\u00f6r denna neds\u00e4ndning.<\/p><p>Den muslimska traditionen k\u00e4nner samtidigt till en avgr\u00e4nsande polemik. Sura 2:97 till 98 svarar enligt den klassiska exegetiken p\u00e5 ett judiskt avvisande av Jibril och f\u00f6rklarar att den som \u00e4r fiende till Gud, hans \u00e4nglar och s\u00e4rskilt till Jibril, denne har Gud till fiende. Denna vers visar att\u00e4ngelgestalten inte bara var ett f\u00f6renande arv utan \u00e4ven f\u00f6rem\u00e5l f\u00f6r religi\u00f6s tvist.<\/p><p>F\u00f6r den j\u00e4mf\u00f6rande studien \u00e4r Jibril d\u00e4rmed ett m\u00f6nsterfall: en gestalt som \u00e5terkommer \u00f6ver religionsgr\u00e4nserna och just d\u00e4rigenom synligg\u00f6r traditionernas specifika skillnader. Den som vill f\u00f6rst\u00e5 islams \u00e4nglal\u00e4ra kan inte f\u00f6rbig\u00e5 detta n\u00e4t av \u00f6vertagande och nyorientering.<\/p>\t\t\t\t\t\t\t\t<\/div>\n\t\t\t\t<\/div>\n\t\t\t\t\t<\/div>\n\t\t\t\t<\/div>\n\t\t<div class=\"elementor-element elementor-element-36dd7469 e-flex e-con-boxed e-con e-parent\" data-id=\"36dd7469\" data-element_type=\"container\" data-e-type=\"container\">\n\t\t\t\t\t<div class=\"e-con-inner\">\n\t\t\t\t<div class=\"elementor-element elementor-element-13760ab4 elementor-widget elementor-widget-heading\" data-id=\"13760ab4\" data-element_type=\"widget\" data-e-type=\"widget\" data-widget_type=\"heading.default\">\n\t\t\t\t\t<h2 class=\"elementor-heading-title elementor-size-default\">Vidare l\u00e4nkar<\/h2>\t\t\t\t<\/div>\n\t\t<div class=\"elementor-element elementor-element-28c87796 e-con-full e-flex e-con e-child\" data-id=\"28c87796\" data-element_type=\"container\" data-e-type=\"container\">\n\t\t\t\t<div class=\"elementor-element elementor-element-5d6538df elementor-widget elementor-widget-text-editor\" data-id=\"5d6538df\" data-element_type=\"widget\" data-e-type=\"widget\" data-widget_type=\"text-editor.default\">\n\t\t\t\t\t\t\t\t\t<ul><li><a href=\"https:\/\/iwell-guard.com\/sv\/gabriel\/\">Gabriel<\/a><\/li><li><a href=\"https:\/\/iwell-guard.com\/sv\/mikail\/\">Mikail<\/a><\/li><\/ul>\t\t\t\t\t\t\t\t<\/div>\n\t\t\t\t<\/div>\n\t\t\t\t\t<\/div>\n\t\t\t\t<\/div>\n\t\t<div class=\"elementor-element elementor-element-grl4kl40 e-flex e-con-boxed e-con e-parent\" data-id=\"grl4kl40\" data-element_type=\"container\" data-e-type=\"container\">\n\t\t\t\t\t<div class=\"e-con-inner\">\n\t\t\t\t<div class=\"elementor-element elementor-element-bzsbfrmh elementor-widget elementor-widget-heading\" data-id=\"bzsbfrmh\" data-element_type=\"widget\" data-e-type=\"widget\" data-widget_type=\"heading.default\">\n\t\t\t\t\t<h2 class=\"elementor-heading-title elementor-size-default\">K\u00e4llor och litteratur<\/h2>\t\t\t\t<\/div>\n\t\t<div class=\"elementor-element elementor-element-2c13224a e-con-full e-flex e-con e-child\" data-id=\"2c13224a\" data-element_type=\"container\" data-e-type=\"container\">\n\t\t\t\t<div class=\"elementor-element elementor-element-0eymh9ub elementor-widget elementor-widget-text-editor\" data-id=\"0eymh9ub\" data-element_type=\"widget\" data-e-type=\"widget\" data-widget_type=\"text-editor.default\">\n\t\t\t\t\t\t\t\t\t<footer data-nosnippet class=\"iwg-literatur-footer\"><ul><li><span data-nosnippet>Timothy J. Burge: <em>Angels in Islam: Jalal Abualrub&#8217;s Annotated Translation of Muhammad&#8217;s Description of Divine Beings<\/em>. Lamppost Productions, 2011.<\/span><\/li><\/ul><\/footer>\t\t\t\t\t\t\t\t<\/div>\n\t\t\t\t<\/div>\n\t\t\t\t\t<\/div>\n\t\t\t\t<\/div>\n\t\t\t\t<\/div>\n\t\t","protected":false},"excerpt":{"rendered":"","protected":false},"author":3,"featured_media":1597,"parent":0,"menu_order":0,"comment_status":"closed","ping_status":"closed","template":"elementor_header_footer","meta":{"_yoast_wpseo_focuskw":"Jibril","_yoast_wpseo_title":"Jibril \u2013 uppenbarelse\u00e4ngel i Koranen och medlare","_yoast_wpseo_metadesc":"Jibril, \u00e4rke\u00e4ngel inom den islamiska traditionen och skriftligt belagd sedan \u00e5rhundraden: uppenbarelse\u00e4ngel i Koranen, f\u00f6ljeslagare vid Isra och Mi'raj.","_yoast_wpseo_meta-robots-noindex":"","_yoast_wpseo_canonical":"","_angie_page":false,"gefaehrdungsstufe":"","wesen_kultur":"islam","wesen_klasse":"lichtwesen","footnotes":""},"categories":[],"class_list":["post-136742","page","type-page","status-publish","has-post-thumbnail","hentry"],"yoast_head":"<!-- This site is optimized with the Yoast SEO Premium plugin v27.7 (Yoast SEO v28.3) - https:\/\/yoast.com\/product\/yoast-seo-premium-wordpress\/ -->\n<title>Jibril \u2013 uppenbarelse\u00e4ngel i Koranen och medlare<\/title>\n<meta name=\"description\" content=\"Jibril, \u00e4rke\u00e4ngel inom den islamiska traditionen och skriftligt belagd sedan \u00e5rhundraden: uppenbarelse\u00e4ngel i Koranen, f\u00f6ljeslagare vid Isra och Mi&#039;raj.\" \/>\n<meta name=\"robots\" content=\"index, follow, max-snippet:-1, max-image-preview:large, max-video-preview:-1\" \/>\n<link rel=\"canonical\" href=\"https:\/\/iwell-guard.com\/sv\/jibril\/\" \/>\n<meta property=\"og:locale\" content=\"sv_SE\" \/>\n<meta property=\"og:type\" content=\"article\" \/>\n<meta property=\"og:title\" content=\"Jibril\" \/>\n<meta property=\"og:description\" content=\"Jibril, \u00e4rke\u00e4ngel inom den islamiska traditionen och skriftligt belagd sedan \u00e5rhundraden: uppenbarelse\u00e4ngel i Koranen, f\u00f6ljeslagare vid Isra och Mi&#039;raj.\" \/>\n<meta property=\"og:url\" content=\"https:\/\/iwell-guard.com\/sv\/jibril\/\" \/>\n<meta property=\"og:site_name\" content=\"iWell Guard\" \/>\n<meta property=\"article:modified_time\" content=\"2026-09-03T01:10:50+00:00\" \/>\n<meta property=\"og:image\" content=\"https:\/\/iwell-guard.com\/wp-content\/uploads\/2026\/04\/goetter_islam_jibril.webp\" \/>\n\t<meta property=\"og:image:width\" content=\"1024\" \/>\n\t<meta property=\"og:image:height\" content=\"1536\" \/>\n\t<meta property=\"og:image:type\" content=\"image\/webp\" \/>\n<meta name=\"twitter:card\" content=\"summary_large_image\" \/>\n<script type=\"application\/ld+json\" class=\"yoast-schema-graph\">{\"@context\":\"https:\\\/\\\/schema.org\",\"@graph\":[{\"@type\":\"WebPage\",\"@id\":\"https:\\\/\\\/iwell-guard.com\\\/sv\\\/jibril\\\/\",\"url\":\"https:\\\/\\\/iwell-guard.com\\\/sv\\\/jibril\\\/\",\"name\":\"Jibril \u2013 uppenbarelse\u00e4ngel i Koranen och medlare\",\"isPartOf\":{\"@id\":\"https:\\\/\\\/iwell-guard.com\\\/sv\\\/#website\"},\"primaryImageOfPage\":{\"@id\":\"https:\\\/\\\/iwell-guard.com\\\/sv\\\/jibril\\\/#primaryimage\"},\"image\":{\"@id\":\"https:\\\/\\\/iwell-guard.com\\\/sv\\\/jibril\\\/#primaryimage\"},\"thumbnailUrl\":\"https:\\\/\\\/iwell-guard.com\\\/wp-content\\\/uploads\\\/2026\\\/04\\\/goetter_islam_jibril.webp\",\"datePublished\":\"2026-09-03T00:09:37+00:00\",\"dateModified\":\"2026-09-03T01:10:50+00:00\",\"description\":\"Jibril, \u00e4rke\u00e4ngel inom den islamiska traditionen och skriftligt belagd sedan \u00e5rhundraden: uppenbarelse\u00e4ngel i Koranen, f\u00f6ljeslagare vid Isra och Mi'raj.\",\"breadcrumb\":{\"@id\":\"https:\\\/\\\/iwell-guard.com\\\/sv\\\/jibril\\\/#breadcrumb\"},\"inLanguage\":\"sv-SE\",\"potentialAction\":[{\"@type\":\"ReadAction\",\"target\":[\"https:\\\/\\\/iwell-guard.com\\\/sv\\\/jibril\\\/\"]}]},{\"@type\":\"ImageObject\",\"inLanguage\":\"sv-SE\",\"@id\":\"https:\\\/\\\/iwell-guard.com\\\/sv\\\/jibril\\\/#primaryimage\",\"url\":\"https:\\\/\\\/iwell-guard.com\\\/wp-content\\\/uploads\\\/2026\\\/04\\\/goetter_islam_jibril.webp\",\"contentUrl\":\"https:\\\/\\\/iwell-guard.com\\\/wp-content\\\/uploads\\\/2026\\\/04\\\/goetter_islam_jibril.webp\",\"width\":1024,\"height\":1536,\"caption\":\"Gudar fr\u00e5n den islamiska traditionen.\"},{\"@type\":\"BreadcrumbList\",\"@id\":\"https:\\\/\\\/iwell-guard.com\\\/sv\\\/jibril\\\/#breadcrumb\",\"itemListElement\":[{\"@type\":\"ListItem\",\"position\":1,\"name\":\"Start\",\"item\":\"https:\\\/\\\/iwell-guard.com\\\/sv\\\/?page_id=136483\"},{\"@type\":\"ListItem\",\"position\":2,\"name\":\"Jibril\"}]},{\"@type\":\"WebSite\",\"@id\":\"https:\\\/\\\/iwell-guard.com\\\/sv\\\/#website\",\"url\":\"https:\\\/\\\/iwell-guard.com\\\/sv\\\/\",\"name\":\"iWell Guard\",\"description\":\"Schutz vor dunklen Einfl\u00fcssen\",\"publisher\":{\"@id\":\"https:\\\/\\\/iwell-guard.com\\\/sv\\\/#organization\"},\"potentialAction\":[{\"@type\":\"SearchAction\",\"target\":{\"@type\":\"EntryPoint\",\"urlTemplate\":\"https:\\\/\\\/iwell-guard.com\\\/sv\\\/?s={search_term_string}\"},\"query-input\":{\"@type\":\"PropertyValueSpecification\",\"valueRequired\":true,\"valueName\":\"search_term_string\"}}],\"inLanguage\":\"sv-SE\"},{\"@type\":\"Organization\",\"@id\":\"https:\\\/\\\/iwell-guard.com\\\/sv\\\/#organization\",\"name\":\"Ittermann electronic GmbH\",\"url\":\"https:\\\/\\\/iwell-guard.com\\\/sv\\\/\",\"logo\":{\"@type\":\"ImageObject\",\"inLanguage\":\"sv-SE\",\"@id\":\"https:\\\/\\\/iwell-guard.com\\\/sv\\\/#\\\/schema\\\/logo\\\/image\\\/\",\"url\":\"https:\\\/\\\/iwell-guard.com\\\/wp-content\\\/uploads\\\/2026\\\/05\\\/Ittermann-Logo-1182x237-1.png\",\"contentUrl\":\"https:\\\/\\\/iwell-guard.com\\\/wp-content\\\/uploads\\\/2026\\\/05\\\/Ittermann-Logo-1182x237-1.png\",\"width\":1182,\"height\":237,\"caption\":\"Ittermann electronic GmbH\"},\"image\":{\"@id\":\"https:\\\/\\\/iwell-guard.com\\\/sv\\\/#\\\/schema\\\/logo\\\/image\\\/\"},\"sameAs\":[\"https:\\\/\\\/pantip.com\\\/profile\\\/9367242\",\"https:\\\/\\\/micro.blog\\\/iwellguard\",\"https:\\\/\\\/www.diggerslist.com\\\/iwellguard\\\/about\",\"https:\\\/\\\/skitterphoto.com\\\/photographers\\\/2870314\\\/iwell-guard\",\"https:\\\/\\\/iwellguard.wordpress.com\\\/2026\\\/06\\\/06\\\/iwell-guard\\\/\",\"https:\\\/\\\/hub.docker.com\\\/u\\\/iwellguard\",\"https:\\\/\\\/www.pinterest.com\\\/iwellguard\\\/\",\"https:\\\/\\\/bit.ly\\\/m\\\/iwellguard\",\"https:\\\/\\\/entre-vos-mains.alsace.eu\\\/profiles\\\/iwellguard\\\/activity\",\"https:\\\/\\\/gravatar.com\\\/reallybeded8fd34\",\"https:\\\/\\\/naijamatta.com\\\/iwellguard\",\"https:\\\/\\\/www.goodreads.com\\\/iwellguard\",\"https:\\\/\\\/profile.hatena.ne.jp\\\/iwellguard\\\/\",\"https:\\\/\\\/experiment.com\\\/users\\\/iwellguard\",\"https:\\\/\\\/wakelet.com\\\/@iWellGuard82270\",\"https:\\\/\\\/www.chordie.com\\\/forum\\\/profile.php?id=2555664\",\"https:\\\/\\\/www.instapaper.com\\\/p\\\/17757966\",\"https:\\\/\\\/www.mapleprimes.com\\\/users\\\/iwellguard\",\"https:\\\/\\\/businesslistingplus.com\\\/profile\\\/iwell-guard\\\/\",\"https:\\\/\\\/telegra.ph\\\/iWell-Guard-06-06\",\"https:\\\/\\\/pbase.com\\\/iwellguard\\\/iwellguard\",\"https:\\\/\\\/b.hatena.ne.jp\\\/iwellguard\\\/20260607#bookmark-4788405196491818882\",\"https:\\\/\\\/fliphtml5.com\\\/home\\\/iwellguard\",\"https:\\\/\\\/anyflip.com\\\/homepage\\\/cmiwl#About\",\"https:\\\/\\\/transfur.com\\\/Users\\\/iwellguard\",\"http:\\\/\\\/delphi.larsbo.org\\\/user\\\/iwellguard\",\"https:\\\/\\\/jobs.lajobsportal.org\\\/profiles\\\/8380803-iwell-guard\",\"https:\\\/\\\/md.chaosdorf.de\\\/s\\\/jfbe5SBdJD\",\"https:\\\/\\\/www.lingvolive.com\\\/en-us\\\/profile\\\/9ecaeaca-ce11-4e51-9e71-01d55e2bff36\\\/translations\",\"https:\\\/\\\/www.fitday.com\\\/fitness\\\/forums\\\/members\\\/iwellguard.html\",\"https:\\\/\\\/www.mymeetbook.com\\\/iwellguard\",\"https:\\\/\\\/pxhere.com\\\/en\\\/photographer-me\\\/5040798\",\"https:\\\/\\\/disqus.com\\\/by\\\/iwellguard\\\/about\\\/\",\"https:\\\/\\\/pastelink.net\\\/hjwciqwq\",\"https:\\\/\\\/pubhtml5.com\\\/homepage\\\/scjhn\\\/\",\"https:\\\/\\\/www.bitchute.com\\\/channel\\\/2O2eOKzNqujT\",\"https:\\\/\\\/audiomack.com\\\/iwellguard\"]},{\"@type\":\"Article\",\"@id\":\"https:\\\/\\\/iwell-guard.com\\\/sv\\\/jibril\\\/#article\",\"isPartOf\":{\"@id\":\"https:\\\/\\\/iwell-guard.com\\\/sv\\\/jibril\\\/\"},\"author\":{\"name\":\"Ralf Ittermann\",\"@id\":\"https:\\\/\\\/iwell-guard.com\\\/sv\\\/#\\\/schema\\\/person\\\/ee2a27f1cac3406c7c6fb5820cb7349f\"},\"headline\":\"Jibril\",\"datePublished\":\"2026-09-03T00:09:37+00:00\",\"dateModified\":\"2026-09-03T01:10:50+00:00\",\"mainEntityOfPage\":{\"@id\":\"https:\\\/\\\/iwell-guard.com\\\/sv\\\/jibril\\\/\"},\"publisher\":{\"@id\":\"https:\\\/\\\/iwell-guard.com\\\/sv\\\/#organization\"},\"image\":{\"@id\":\"https:\\\/\\\/iwell-guard.com\\\/sv\\\/jibril\\\/#primaryimage\"},\"thumbnailUrl\":\"https:\\\/\\\/iwell-guard.com\\\/wp-content\\\/uploads\\\/2026\\\/04\\\/goetter_islam_jibril.webp\",\"inLanguage\":\"sv-SE\",\"description\":\"Jibril, \u00e4rke\u00e4ngel inom den islamiska traditionen och skriftligt belagd sedan \u00e5rhundraden: uppenbarelse\u00e4ngel i Koranen, f\u00f6ljeslagare vid Isra och Mi'raj.\"}]}<\/script>\n<!-- \/ Yoast SEO Premium plugin. -->","yoast_head_json":{"title":"Jibril \u2013 uppenbarelse\u00e4ngel i Koranen och medlare","description":"Jibril, \u00e4rke\u00e4ngel inom den islamiska traditionen och skriftligt belagd sedan \u00e5rhundraden: uppenbarelse\u00e4ngel i Koranen, f\u00f6ljeslagare vid Isra och Mi'raj.","robots":{"index":"index","follow":"follow","max-snippet":"max-snippet:-1","max-image-preview":"max-image-preview:large","max-video-preview":"max-video-preview:-1"},"canonical":"https:\/\/iwell-guard.com\/sv\/jibril\/","og_locale":"sv_SE","og_type":"article","og_title":"Jibril","og_description":"Jibril, \u00e4rke\u00e4ngel inom den islamiska traditionen och skriftligt belagd sedan \u00e5rhundraden: uppenbarelse\u00e4ngel i Koranen, f\u00f6ljeslagare vid Isra och Mi'raj.","og_url":"https:\/\/iwell-guard.com\/sv\/jibril\/","og_site_name":"iWell Guard","article_modified_time":"2026-09-03T01:10:50+00:00","og_image":[{"width":1024,"height":1536,"url":"https:\/\/iwell-guard.com\/wp-content\/uploads\/2026\/04\/goetter_islam_jibril.webp","type":"image\/webp"}],"twitter_card":"summary_large_image","schema":{"@context":"https:\/\/schema.org","@graph":[{"@type":"Article","@id":"https:\/\/iwell-guard.com\/sv\/jibril\/#article","isPartOf":{"@id":"https:\/\/iwell-guard.com\/sv\/jibril\/"},"author":{"name":"Ralf Ittermann","@id":"https:\/\/iwell-guard.com\/sv\/#\/schema\/person\/ee2a27f1cac3406c7c6fb5820cb7349f"},"headline":"Jibril","datePublished":"2026-09-03T00:09:37+00:00","dateModified":"2026-09-03T01:10:50+00:00","mainEntityOfPage":{"@id":"https:\/\/iwell-guard.com\/sv\/jibril\/"},"publisher":{"@id":"https:\/\/iwell-guard.com\/sv\/#organization"},"image":{"@id":"https:\/\/iwell-guard.com\/sv\/jibril\/#primaryimage"},"thumbnailUrl":"https:\/\/iwell-guard.com\/wp-content\/uploads\/2026\/04\/goetter_islam_jibril.webp","inLanguage":"sv-SE","description":"Jibril, \u00e4rke\u00e4ngel inom den islamiska traditionen och skriftligt belagd sedan \u00e5rhundraden: uppenbarelse\u00e4ngel i Koranen, f\u00f6ljeslagare vid Isra och Mi'raj."},{"@type":"WebPage","@id":"https:\/\/iwell-guard.com\/sv\/jibril\/","url":"https:\/\/iwell-guard.com\/sv\/jibril\/","name":"Jibril \u2013 uppenbarelse\u00e4ngel i Koranen och medlare","isPartOf":{"@id":"https:\/\/iwell-guard.com\/sv\/#website"},"primaryImageOfPage":{"@id":"https:\/\/iwell-guard.com\/sv\/jibril\/#primaryimage"},"image":{"@id":"https:\/\/iwell-guard.com\/sv\/jibril\/#primaryimage"},"thumbnailUrl":"https:\/\/iwell-guard.com\/wp-content\/uploads\/2026\/04\/goetter_islam_jibril.webp","datePublished":"2026-09-03T00:09:37+00:00","dateModified":"2026-09-03T01:10:50+00:00","description":"Jibril, \u00e4rke\u00e4ngel inom den islamiska traditionen och skriftligt belagd sedan \u00e5rhundraden: uppenbarelse\u00e4ngel i Koranen, f\u00f6ljeslagare vid Isra och Mi'raj.","breadcrumb":{"@id":"https:\/\/iwell-guard.com\/sv\/jibril\/#breadcrumb"},"inLanguage":"sv-SE","potentialAction":[{"@type":"ReadAction","target":["https:\/\/iwell-guard.com\/sv\/jibril\/"]}]},{"@type":"ImageObject","inLanguage":"sv-SE","@id":"https:\/\/iwell-guard.com\/sv\/jibril\/#primaryimage","url":"https:\/\/iwell-guard.com\/wp-content\/uploads\/2026\/04\/goetter_islam_jibril.webp","contentUrl":"https:\/\/iwell-guard.com\/wp-content\/uploads\/2026\/04\/goetter_islam_jibril.webp","width":1024,"height":1536,"caption":"Gudar fr\u00e5n den islamiska traditionen."},{"@type":"BreadcrumbList","@id":"https:\/\/iwell-guard.com\/sv\/jibril\/#breadcrumb","itemListElement":[{"@type":"ListItem","position":1,"name":"Start","item":"https:\/\/iwell-guard.com\/sv\/?page_id=136483"},{"@type":"ListItem","position":2,"name":"Jibril"}]},{"@type":"WebSite","@id":"https:\/\/iwell-guard.com\/sv\/#website","url":"https:\/\/iwell-guard.com\/sv\/","name":"iWell Guard","description":"Schutz vor dunklen Einfl\u00fcssen","publisher":{"@id":"https:\/\/iwell-guard.com\/sv\/#organization"},"potentialAction":[{"@type":"SearchAction","target":{"@type":"EntryPoint","urlTemplate":"https:\/\/iwell-guard.com\/sv\/?s={search_term_string}"},"query-input":{"@type":"PropertyValueSpecification","valueRequired":true,"valueName":"search_term_string"}}],"inLanguage":"sv-SE"},{"@type":"Organization","@id":"https:\/\/iwell-guard.com\/sv\/#organization","name":"Ittermann electronic GmbH","url":"https:\/\/iwell-guard.com\/sv\/","logo":{"@type":"ImageObject","inLanguage":"sv-SE","@id":"https:\/\/iwell-guard.com\/sv\/#\/schema\/logo\/image\/","url":"https:\/\/iwell-guard.com\/wp-content\/uploads\/2026\/05\/Ittermann-Logo-1182x237-1.png","contentUrl":"https:\/\/iwell-guard.com\/wp-content\/uploads\/2026\/05\/Ittermann-Logo-1182x237-1.png","width":1182,"height":237,"caption":"Ittermann electronic GmbH"},"image":{"@id":"https:\/\/iwell-guard.com\/sv\/#\/schema\/logo\/image\/"},"sameAs":["https:\/\/pantip.com\/profile\/9367242","https:\/\/micro.blog\/iwellguard","https:\/\/www.diggerslist.com\/iwellguard\/about","https:\/\/skitterphoto.com\/photographers\/2870314\/iwell-guard","https:\/\/iwellguard.wordpress.com\/2026\/06\/06\/iwell-guard\/","https:\/\/hub.docker.com\/u\/iwellguard","https:\/\/www.pinterest.com\/iwellguard\/","https:\/\/bit.ly\/m\/iwellguard","https:\/\/entre-vos-mains.alsace.eu\/profiles\/iwellguard\/activity","https:\/\/gravatar.com\/reallybeded8fd34","https:\/\/naijamatta.com\/iwellguard","https:\/\/www.goodreads.com\/iwellguard","https:\/\/profile.hatena.ne.jp\/iwellguard\/","https:\/\/experiment.com\/users\/iwellguard","https:\/\/wakelet.com\/@iWellGuard82270","https:\/\/www.chordie.com\/forum\/profile.php?id=2555664","https:\/\/www.instapaper.com\/p\/17757966","https:\/\/www.mapleprimes.com\/users\/iwellguard","https:\/\/businesslistingplus.com\/profile\/iwell-guard\/","https:\/\/telegra.ph\/iWell-Guard-06-06","https:\/\/pbase.com\/iwellguard\/iwellguard","https:\/\/b.hatena.ne.jp\/iwellguard\/20260607#bookmark-4788405196491818882","https:\/\/fliphtml5.com\/home\/iwellguard","https:\/\/anyflip.com\/homepage\/cmiwl#About","https:\/\/transfur.com\/Users\/iwellguard","http:\/\/delphi.larsbo.org\/user\/iwellguard","https:\/\/jobs.lajobsportal.org\/profiles\/8380803-iwell-guard","https:\/\/md.chaosdorf.de\/s\/jfbe5SBdJD","https:\/\/www.lingvolive.com\/en-us\/profile\/9ecaeaca-ce11-4e51-9e71-01d55e2bff36\/translations","https:\/\/www.fitday.com\/fitness\/forums\/members\/iwellguard.html","https:\/\/www.mymeetbook.com\/iwellguard","https:\/\/pxhere.com\/en\/photographer-me\/5040798","https:\/\/disqus.com\/by\/iwellguard\/about\/","https:\/\/pastelink.net\/hjwciqwq","https:\/\/pubhtml5.com\/homepage\/scjhn\/","https:\/\/www.bitchute.com\/channel\/2O2eOKzNqujT","https:\/\/audiomack.com\/iwellguard"]},{"@type":"Person","@id":"https:\/\/iwell-guard.com\/sv\/#\/schema\/person\/ee2a27f1cac3406c7c6fb5820cb7349f","name":"Ralf Ittermann","image":{"@type":"ImageObject","inLanguage":"sv-SE","@id":"https:\/\/secure.gravatar.com\/avatar\/073c0153e350a5005b68eb752b445fea71f6b24a26da9449ad7e155e6b446c9d?s=96&d=mm&r=g","url":"https:\/\/secure.gravatar.com\/avatar\/073c0153e350a5005b68eb752b445fea71f6b24a26da9449ad7e155e6b446c9d?s=96&d=mm&r=g","contentUrl":"https:\/\/secure.gravatar.com\/avatar\/073c0153e350a5005b68eb752b445fea71f6b24a26da9449ad7e155e6b446c9d?s=96&d=mm&r=g","caption":"Ralf Ittermann"},"givenName":"Ralf","familyName":"Ittermann","jobTitle":"Gesch\u00e4ftsf\u00fchrer und redaktioneller Verantwortlicher","url":"https:\/\/iwell-guard.com\/sv\/author\/claude\/","description":"Ralf Ittermann ist Gesch\u00e4ftsf\u00fchrer der Ittermann electronic GmbH und redaktioneller Verantwortlicher des iWell-Guard-Lexikons. Er verbindet langj\u00e4hrige Erfahrung in der Pr\u00e4zisionsfertigung mit medialer Praxis und religionsgeschichtlicher Quellenarbeit.","worksFor":{"@type":"Organization","name":"Ittermann electronic GmbH","url":"https:\/\/ittermann.de\/","address":{"@type":"PostalAddress","streetAddress":"K\u00f6hlergasse 16-18","postalCode":"99842","addressLocality":"Ruhla","addressCountry":"DE"}},"knowsAbout":["Religionsgeschichte","Mythologie","Mediale Praxis","Energetische Diagnostik","Schutzpraxis","Volksglauben","Westliche Esoterik"]},{"@type":"Article","@id":"https:\/\/iwell-guard.com\/sv\/jibril\/#article","isPartOf":{"@id":"https:\/\/iwell-guard.com\/sv\/jibril\/"},"author":{"name":"Ralf Ittermann","@id":"https:\/\/iwell-guard.com\/sv\/#\/schema\/person\/ee2a27f1cac3406c7c6fb5820cb7349f"},"headline":"Jibril","datePublished":"2026-09-03T00:09:37+00:00","dateModified":"2026-09-03T01:10:50+00:00","mainEntityOfPage":{"@id":"https:\/\/iwell-guard.com\/sv\/jibril\/"},"publisher":{"@id":"https:\/\/iwell-guard.com\/sv\/#organization"},"image":{"@id":"https:\/\/iwell-guard.com\/sv\/jibril\/#primaryimage"},"thumbnailUrl":"https:\/\/iwell-guard.com\/wp-content\/uploads\/2026\/04\/goetter_islam_jibril.webp","inLanguage":"sv-SE","description":"Jibril, \u00e4rke\u00e4ngel inom den islamiska traditionen och skriftligt belagd sedan \u00e5rhundraden: uppenbarelse\u00e4ngel i Koranen, f\u00f6ljeslagare vid Isra och Mi'raj."}]}},"_links":{"self":[{"href":"https:\/\/iwell-guard.com\/sv\/wp-json\/wp\/v2\/pages\/136742","targetHints":{"allow":["GET"]}}],"collection":[{"href":"https:\/\/iwell-guard.com\/sv\/wp-json\/wp\/v2\/pages"}],"about":[{"href":"https:\/\/iwell-guard.com\/sv\/wp-json\/wp\/v2\/types\/page"}],"author":[{"embeddable":true,"href":"https:\/\/iwell-guard.com\/sv\/wp-json\/wp\/v2\/users\/3"}],"replies":[{"embeddable":true,"href":"https:\/\/iwell-guard.com\/sv\/wp-json\/wp\/v2\/comments?post=136742"}],"version-history":[{"count":0,"href":"https:\/\/iwell-guard.com\/sv\/wp-json\/wp\/v2\/pages\/136742\/revisions"}],"wp:featuredmedia":[{"embeddable":true,"href":"https:\/\/iwell-guard.com\/sv\/wp-json\/wp\/v2\/media\/1597"}],"wp:attachment":[{"href":"https:\/\/iwell-guard.com\/sv\/wp-json\/wp\/v2\/media?parent=136742"}],"wp:term":[{"taxonomy":"category","embeddable":true,"href":"https:\/\/iwell-guard.com\/sv\/wp-json\/wp\/v2\/categories?post=136742"}],"curies":[{"name":"wp","href":"https:\/\/api.w.org\/{rel}","templated":true}]}}