{"id":136741,"date":"2026-09-03T00:09:37","date_gmt":"2026-09-03T00:09:37","guid":{"rendered":"https:\/\/iwell-guard.com\/?page_id=136741"},"modified":"2026-09-03T01:10:49","modified_gmt":"2026-09-03T01:10:49","slug":"gabriel","status":"publish","type":"page","link":"https:\/\/iwell-guard.com\/sv\/gabriel\/","title":{"rendered":"Gabriel"},"content":{"rendered":"\t\t<div data-elementor-type=\"wp-page\" data-elementor-id=\"136741\" class=\"elementor elementor-136741 elementor-2140 elementor-bc-flex-widget\" data-elementor-post-type=\"page\">\n\t\t\t\t<div class=\"elementor-element elementor-element-10fdade e-flex e-con-boxed e-con e-parent\" data-id=\"10fdade\" data-element_type=\"container\" data-e-type=\"container\" data-settings=\"{&quot;background_background&quot;:&quot;classic&quot;}\">\n\t\t\t\t\t<div class=\"e-con-inner\">\n\t\t<div class=\"elementor-element elementor-element-herohlft0 e-flex e-con-boxed e-con e-child\" data-id=\"herohlft0\" data-element_type=\"container\" data-e-type=\"container\">\n\t\t\t\t\t<div class=\"e-con-inner\">\n\t\t<div class=\"elementor-element elementor-element-c3ceb64 e-con-full e-flex e-con e-child\" data-id=\"c3ceb64\" data-element_type=\"container\" data-e-type=\"container\">\n\t\t\t\t<div class=\"elementor-element elementor-element-96ae5e1 elementor-widget elementor-widget-heading\" data-id=\"96ae5e1\" data-element_type=\"widget\" data-e-type=\"widget\" data-widget_type=\"heading.default\">\n\t\t\t\t\t<h1 class=\"elementor-heading-title elementor-size-default\">Gabriel, gud i den judiska traditionen<\/h1>\t\t\t\t<\/div>\n\t\t\t\t<div class=\"elementor-element elementor-element-e45238a elementor-widget elementor-widget-text-editor\" data-id=\"e45238a\" data-element_type=\"widget\" data-e-type=\"widget\" data-widget_type=\"text-editor.default\">\n\t\t\t\t\t\t\t\t\t<p>Gabriel \u00e4r \u00e4rke\u00e4ngelsgestalten i den judiska traditionen, f\u00f6rkunnare av gudomliga budskap och handlande i eskatologiska scener. Hans religionsvetenskapliga betydelse ligger i f\u00f6rmedlingen mellan himmel och jord, i uppenbarelsen av Guds vilja och i etableringen av den judiska angelologins kanon.<\/p>\t\t\t\t\t\t\t\t<\/div>\n\t\t\t\t<\/div>\n\t\t<div class=\"elementor-element elementor-element-klsbdg01 e-con-full e-flex e-con e-parent\" data-id=\"klsbdg01\" data-element_type=\"container\" data-e-type=\"container\">\n\t\t\t\t<div class=\"elementor-element elementor-element-klshtm01 elementor-widget elementor-widget-html\" data-id=\"klshtm01\" data-element_type=\"widget\" data-e-type=\"widget\" data-widget_type=\"html.default\">\n\t\t\t\t\t<div class=\"iwg-pill-row\"><span class=\"iwg-klasse-badge\" tabindex=\"0\" data-tooltip=\"Ljusvarelse: Upplysta, skyddande eller l\u00e4rande v\u00e4sen, \u00e4rke\u00e4nglar, uppstigna m\u00e4stare, ljusa naturv\u00e4sen. Beskrivs i nutida och \u00e4ldre spirituella traditioner som hj\u00e4lpare och l\u00e4rare.\">Ljusvarelse<\/span><a href=\"https:\/\/iwell-guard.com\/sv\/islam\/\" class=\"iwg-kultur-badge\" tabindex=\"0\" data-tooltip=\"Den islamiska trosv\u00e4rlden med \u00e4rke\u00e4nglar, djinner och religi\u00f6sa v\u00e4sen.\">Islam<\/a><span class=\"iwg-tradition-badge\" tabindex=\"0\" data-tooltip=\"\u00c4rke\u00e4ngel, den h\u00f6gsta \u00e4ngelklassen i judisk, kristen och islamisk tradition.\">\u00c4rke\u00e4ngel<\/span><\/div>\t\t\t\t<\/div>\n\t\t\t\t<\/div>\n\t\t<div class=\"elementor-element elementor-element-3f74855 e-con-full e-flex e-con e-child\" data-id=\"3f74855\" data-element_type=\"container\" data-e-type=\"container\">\n\t\t\t\t<div class=\"elementor-element elementor-element-1c30362 elementor-toc--minimized-on-tablet elementor-widget elementor-widget-table-of-contents\" data-id=\"1c30362\" data-element_type=\"widget\" data-e-type=\"widget\" data-settings=\"{&quot;exclude_headings_by_selector&quot;:[],&quot;no_headings_message&quot;:&quot;Inga rubriker hittades p\\u00e5 den h\\u00e4r sidan.&quot;,&quot;headings_by_tags&quot;:[&quot;h2&quot;,&quot;h3&quot;],&quot;marker_view&quot;:&quot;bullets&quot;,&quot;minimize_box&quot;:&quot;yes&quot;,&quot;icon&quot;:{&quot;value&quot;:&quot;fas fa-circle&quot;,&quot;library&quot;:&quot;fa-solid&quot;,&quot;rendered_tag&quot;:&quot;&lt;svg class=\\&quot;e-font-icon-svg e-fas-circle\\&quot; viewBox=\\&quot;0 0 512 512\\&quot; xmlns=\\&quot;http:\\\/\\\/www.w3.org\\\/2000\\\/svg\\&quot;&gt;&lt;path d=\\&quot;M256 8C119 8 8 119 8 256s111 248 248 248 248-111 248-248S393 8 256 8z\\&quot;&gt;&lt;\\\/path&gt;&lt;\\\/svg&gt;&quot;},&quot;minimized_on&quot;:&quot;tablet&quot;,&quot;hierarchical_view&quot;:&quot;yes&quot;,&quot;min_height&quot;:{&quot;unit&quot;:&quot;px&quot;,&quot;size&quot;:&quot;&quot;,&quot;sizes&quot;:[]},&quot;min_height_tablet&quot;:{&quot;unit&quot;:&quot;px&quot;,&quot;size&quot;:&quot;&quot;,&quot;sizes&quot;:[]},&quot;min_height_mobile&quot;:{&quot;unit&quot;:&quot;px&quot;,&quot;size&quot;:&quot;&quot;,&quot;sizes&quot;:[]}}\" data-widget_type=\"table-of-contents.default\">\n\t\t\t\t\t\t\t\t\t<div class=\"elementor-toc__header\">\n\t\t\t\t\t\t<h2 class=\"elementor-toc__header-title\">\n\t\t\t\tInneh\u00e5llsf\u00f6rteckning\t\t\t<\/h2>\n\t\t\t\t\t\t\t\t\t\t<div class=\"elementor-toc__toggle-button elementor-toc__toggle-button--expand\" role=\"button\" tabindex=\"0\" aria-controls=\"elementor-toc__1c30362\" aria-expanded=\"true\" aria-label=\"\u00d6ppna inneh\u00e5llsf\u00f6rteckning\"><svg aria-hidden=\"true\" class=\"e-font-icon-svg e-fas-chevron-down\" viewBox=\"0 0 448 512\" xmlns=\"http:\/\/www.w3.org\/2000\/svg\"><path d=\"M207.029 381.476L12.686 187.132c-9.373-9.373-9.373-24.569 0-33.941l22.667-22.667c9.357-9.357 24.522-9.375 33.901-.04L224 284.505l154.745-154.021c9.379-9.335 24.544-9.317 33.901.04l22.667 22.667c9.373 9.373 9.373 24.569 0 33.941L240.971 381.476c-9.373 9.372-24.569 9.372-33.942 0z\"><\/path><\/svg><\/div>\n\t\t\t\t<div class=\"elementor-toc__toggle-button elementor-toc__toggle-button--collapse\" role=\"button\" tabindex=\"0\" aria-controls=\"elementor-toc__1c30362\" aria-expanded=\"true\" aria-label=\"St\u00e4ng inneh\u00e5llsf\u00f6rteckning\"><svg aria-hidden=\"true\" class=\"e-font-icon-svg e-fas-chevron-up\" viewBox=\"0 0 448 512\" xmlns=\"http:\/\/www.w3.org\/2000\/svg\"><path d=\"M240.971 130.524l194.343 194.343c9.373 9.373 9.373 24.569 0 33.941l-22.667 22.667c-9.357 9.357-24.522 9.375-33.901.04L224 227.495 69.255 381.516c-9.379 9.335-24.544 9.317-33.901-.04l-22.667-22.667c-9.373-9.373-9.373-24.569 0-33.941L207.03 130.525c9.372-9.373 24.568-9.373 33.941-.001z\"><\/path><\/svg><\/div>\n\t\t\t\t\t<\/div>\n\t\t\t\t<div id=\"elementor-toc__1c30362\" class=\"elementor-toc__body\">\n\t\t\t<div class=\"elementor-toc__spinner-container\">\n\t\t\t\t<svg class=\"elementor-toc__spinner eicon-animation-spin e-font-icon-svg e-eicon-loading\" aria-hidden=\"true\" viewBox=\"0 0 1000 1000\" xmlns=\"http:\/\/www.w3.org\/2000\/svg\"><path d=\"M500 975V858C696 858 858 696 858 500S696 142 500 142 142 304 142 500H25C25 237 238 25 500 25S975 237 975 500 763 975 500 975Z\"><\/path><\/svg>\t\t\t<\/div>\n\t\t<\/div>\n\t\t\t\t\t\t<\/div>\n\t\t\t\t<\/div>\n\t\t\t\t\t<\/div>\n\t\t\t\t<\/div>\n\t\t<div class=\"elementor-element elementor-element-herorght0 e-con-full e-flex e-con e-child\" data-id=\"herorght0\" data-element_type=\"container\" data-e-type=\"container\">\n\t\t\t\t<div class=\"elementor-element elementor-element-heroimg00 iwg-hero-image elementor-widget elementor-widget-image\" data-id=\"heroimg00\" data-element_type=\"widget\" data-e-type=\"widget\" data-widget_type=\"image.default\">\n\t\t\t\t\t\t\t\t\t\t\t\t\t\t\t<img fetchpriority=\"high\" decoding=\"async\" width=\"683\" height=\"1024\" src=\"https:\/\/iwell-guard.com\/wp-content\/uploads\/2026\/04\/goetter_judentum_gabriel-683x1024.webp\" class=\"attachment-large size-large wp-image-136378\" alt=\"Gabriel \u2013 gud fr\u00e5n den judiska traditionen, historiskt-illustrativ\" srcset=\"https:\/\/iwell-guard.com\/wp-content\/uploads\/2026\/04\/goetter_judentum_gabriel-683x1024.webp 683w, https:\/\/iwell-guard.com\/wp-content\/uploads\/2026\/04\/goetter_judentum_gabriel-200x300.webp 200w, https:\/\/iwell-guard.com\/wp-content\/uploads\/2026\/04\/goetter_judentum_gabriel-768x1152.webp 768w, https:\/\/iwell-guard.com\/wp-content\/uploads\/2026\/04\/goetter_judentum_gabriel.webp 1024w\" sizes=\"(max-width: 683px) 100vw, 683px\" \/>\t\t\t\t\t\t\t\t\t\t\t\t\t\t\t<\/div>\n\t\t\t\t<\/div>\n\t\t\t\t\t<\/div>\n\t\t\t\t<\/div>\n\t\t<div class=\"elementor-element elementor-element-32917199 e-flex e-con-boxed e-con e-parent\" data-id=\"32917199\" data-element_type=\"container\" data-e-type=\"container\">\n\t\t\t\t\t<div class=\"e-con-inner\">\n\t\t<div class=\"elementor-element elementor-element-26e916cb e-flex e-con-boxed e-con e-child\" data-id=\"26e916cb\" data-element_type=\"container\" data-e-type=\"container\">\n\t\t\t\t\t<div class=\"e-con-inner\">\n\t\t<div class=\"elementor-element elementor-element-253a40d4 e-flex e-con-boxed e-con e-child\" data-id=\"253a40d4\" data-element_type=\"container\" data-e-type=\"container\">\n\t\t\t\t\t<div class=\"e-con-inner\">\n\t\t\t\t<div class=\"elementor-element elementor-element-1200c304 elementor-widget elementor-widget-heading\" data-id=\"1200c304\" data-element_type=\"widget\" data-e-type=\"widget\" data-widget_type=\"heading.default\">\n\t\t\t\t\t<h2 class=\"elementor-heading-title elementor-size-default\">Gabriel<\/h2>\t\t\t\t<\/div>\n\t\t\t\t<div class=\"elementor-element elementor-element-11758e7f elementor-widget elementor-widget-text-editor\" data-id=\"11758e7f\" data-element_type=\"widget\" data-e-type=\"widget\" data-widget_type=\"text-editor.default\">\n\t\t\t\t\t\t\t\t\t<p>Gabriel fungerar som Guds s\u00e4ndebud och f\u00f6rmedlare av den gudomliga viljan. Hans egenskaper omfattar kraft, sanning och omedelbar n\u00e4rhet till Guds tron. Centrala myter \u00e4r: Daniels visioner (Dan 8, 9), d\u00e4r Gabriel uppenbarar eskatologiska tider; beb\u00e5delsen av Johannes D\u00f6paren (Luk 1:11, 20, endast kristen); samt kabbalistiska och mystiska roller i Henoksk litteratur och Zohar-traditioner.<\/p>\t\t\t\t\t\t\t\t<\/div>\n\t\t\t\t\t<\/div>\n\t\t\t\t<\/div>\n\t\t<div class=\"elementor-element elementor-element-159dcf9a e-flex e-con-boxed e-con e-child\" data-id=\"159dcf9a\" data-element_type=\"container\" data-e-type=\"container\">\n\t\t\t\t\t<div class=\"e-con-inner\">\n\t\t\t\t<div class=\"elementor-element elementor-element-48cee66f elementor-widget elementor-widget-heading\" data-id=\"48cee66f\" data-element_type=\"widget\" data-e-type=\"widget\" data-widget_type=\"heading.default\">\n\t\t\t\t\t<h2 class=\"elementor-heading-title elementor-size-default\">Kortprofil: Gabriel<\/h2>\t\t\t\t<\/div>\n\t\t\t\t<div class=\"elementor-element elementor-element-3f50d82c elementor-widget elementor-widget-text-editor\" data-id=\"3f50d82c\" data-element_type=\"widget\" data-e-type=\"widget\" data-widget_type=\"text-editor.default\">\n\t\t\t\t\t\t\t\t\t<p>Gabriel h\u00e4rstammar fr\u00e5n bibliska prim\u00e4rk\u00e4llor: Danielboken (8:16, 9:21) och apokryfa skrifter (Henok 1-2, Tobit 3:17). Ramtillskrivningen sker under den hellenistiska perioden (2.-1. \u00e5rhundradet f.Kr.).<\/p><p>Den judiska forskningen dokumenterar Gabriel hos Scholem (Judaica, <span class=\"iwg-fachbegriff\" tabindex=\"0\" data-tooltip=\"Religi\u00f6s str\u00f6mning med fokus p\u00e5 direkt guderfarenhet; central i judisk, kristen och islamisk tradition.\">mystik<\/span>), Bietenhard (angelologi), Hughes (Dictionary of Islam, komparativ genomg\u00e5ng) och McLeod (judisk-islamiska paralleller). Forskningsl\u00e4get visar Gabriel som en arketypisk \u00e4rke\u00e4ngel f\u00f6r Mellan\u00f6stern.<\/p>\t\t\t\t\t\t\t\t<\/div>\n\t\t\t\t\t<\/div>\n\t\t\t\t<\/div>\n\t\t\t\t\t<\/div>\n\t\t\t\t<\/div>\n\t\t\t\t\t<\/div>\n\t\t\t\t<\/div>\n\t\t<div class=\"elementor-element elementor-element-18613602 e-flex e-con-boxed e-con e-parent\" data-id=\"18613602\" data-element_type=\"container\" data-e-type=\"container\">\n\t\t\t\t\t<div class=\"e-con-inner\">\n\t\t\t\t<div class=\"elementor-element elementor-element-262b8a9f elementor-widget elementor-widget-heading\" data-id=\"262b8a9f\" data-element_type=\"widget\" data-e-type=\"widget\" data-widget_type=\"heading.default\">\n\t\t\t\t\t<h2 class=\"elementor-heading-title elementor-size-default\">Kontext<\/h2>\t\t\t\t<\/div>\n\t\t<div class=\"elementor-element elementor-element-46dcb7d e-con-full e-flex e-con e-child\" data-id=\"46dcb7d\" data-element_type=\"container\" data-e-type=\"container\">\n\t\t<div class=\"elementor-element elementor-element-61d3ab3 e-flex e-con-boxed e-con e-child\" data-id=\"61d3ab3\" data-element_type=\"container\" data-e-type=\"container\">\n\t\t\t\t\t<div class=\"e-con-inner\">\n\t\t\t\t<div class=\"elementor-element elementor-element-117c166 elementor-widget elementor-widget-heading\" data-id=\"117c166\" data-element_type=\"widget\" data-e-type=\"widget\" data-widget_type=\"heading.default\">\n\t\t\t\t\t<div class=\"elementor-heading-title elementor-size-default\">Texternas tidsperiod<\/div>\t\t\t\t<\/div>\n\t\t\t\t<div class=\"elementor-element elementor-element-73997a0 elementor-widget elementor-widget-text-editor\" data-id=\"73997a0\" data-element_type=\"widget\" data-e-type=\"widget\" data-widget_type=\"text-editor.default\">\n\t\t\t\t\t\t\t\t\t<p>Fr\u00e5n visionerna i Danielboken till nutid kan Gabriels v\u00e4g sp\u00e5ras genom k\u00e4llorna: via Lukasevangeliet, den islamiska \u00f6verl\u00e4mningen och den kristna beb\u00e5delseikonografin. \u00c4n idag hedras han, till exempel vid den katolska kyrkans \u00e4rke\u00e4ngelsfest den 29 september eller i \u00e5kallan som skyddspatron f\u00f6r budb\u00e4rare och nyhetsf\u00f6rmedlare. K\u00e4rnan i hans bild, \u00e4ngeln som \u00f6verbringar Guds ord, har f\u00f6rblivit of\u00f6r\u00e4ndrad.<\/p>\t\t\t\t\t\t\t\t<\/div>\n\t\t\t\t\t<\/div>\n\t\t\t\t<\/div>\n\t\t<div class=\"elementor-element elementor-element-d47b156 e-flex e-con-boxed e-con e-child\" data-id=\"d47b156\" data-element_type=\"container\" data-e-type=\"container\">\n\t\t\t\t\t<div class=\"e-con-inner\">\n\t\t\t\t<div class=\"elementor-element elementor-element-ff38c2b elementor-widget elementor-widget-heading\" data-id=\"ff38c2b\" data-element_type=\"widget\" data-e-type=\"widget\" data-widget_type=\"heading.default\">\n\t\t\t\t\t<div class=\"elementor-heading-title elementor-size-default\">Utbredningsomr\u00e5de<\/div>\t\t\t\t<\/div>\n\t\t\t\t<div class=\"elementor-element elementor-element-4e49fcc elementor-widget elementor-widget-text-editor\" data-id=\"4e49fcc\" data-element_type=\"widget\" data-e-type=\"widget\" data-widget_type=\"text-editor.default\">\n\t\t\t\t\t\t\t\t\t<p>Gabriel var inte begr\u00e4nsad till en best\u00e4md region eller plats, utan var universellt k\u00e4nd och v\u00f6rdad eller respektfullt fruktad i hela den judiska v\u00e4rlden. Vare sig i stora urbana centrum eller i perifera landsbygdsomr\u00e5den, vare sig hos den sociala eliten eller hos vanligt folk, erk\u00e4ndes denna gestalts andliga eller kulturella betydelse konsekvent och universellt.<\/p><p>Gabriel h\u00f6r till de f\u00e5 \u00e4nglar som n\u00e4mns vid namn och v\u00f6rdas i judendom, kristendom och islam. Denna spridning \u00f6ver tre religioner f\u00f6rklaras av den gemensamma h\u00e4nvisningen till den bibliska \u00f6verl\u00e4mningen: Danielboken gav \u00e4ngeln hans namn och \u00e4mbete, Lukasevangeliet och Koranen tog upp b\u00e5da. P\u00e5 s\u00e5 s\u00e4tt uppstod en enhetlig bild av det gudomliga s\u00e4ndebudet, som str\u00e4ckte sig \u00f6ver spr\u00e5k- och kulturgr\u00e4nser.<\/p>\t\t\t\t\t\t\t\t<\/div>\n\t\t\t\t\t<\/div>\n\t\t\t\t<\/div>\n\t\t\t\t<\/div>\n\t\t<div class=\"elementor-element elementor-element-db03c39 e-con-full e-flex e-con e-child\" data-id=\"db03c39\" data-element_type=\"container\" data-e-type=\"container\">\n\t\t<div class=\"elementor-element elementor-element-229a87b e-flex e-con-boxed e-con e-child\" data-id=\"229a87b\" data-element_type=\"container\" data-e-type=\"container\">\n\t\t\t\t\t<div class=\"e-con-inner\">\n\t\t\t\t<div class=\"elementor-element elementor-element-1f471fc elementor-widget elementor-widget-heading\" data-id=\"1f471fc\" data-element_type=\"widget\" data-e-type=\"widget\" data-widget_type=\"heading.default\">\n\t\t\t\t\t<div class=\"elementor-heading-title elementor-size-default\">K\u00e4ll\u00e4ge<\/div>\t\t\t\t<\/div>\n\t\t\t\t<div class=\"elementor-element elementor-element-36b1201 elementor-widget elementor-widget-text-editor\" data-id=\"36b1201\" data-element_type=\"widget\" data-e-type=\"widget\" data-widget_type=\"text-editor.default\">\n\t\t\t\t\t\t\t\t\t<p>Prim\u00e4rk\u00e4llor \u00e4r Danielboken (8:16, 9:21, hebreisk, 164 f.Kr.), 1 Henok 9:3; 10:9, 10; 20:5 (hebreisk, 150 f.Kr.), Tobit 3:17; 5:4 (grekisk, 2. \u00e5rhundradet f.Kr.), samt kabbalistiskt material (Sefer ha-Bahir, 12. \u00e5rhundradet; Zohar, 13. \u00e5rhundradet).<\/p><p><span data-nosnippet>I sekund\u00e4rlitteraturen analyserade Scholem (<span class=\"iwg-fachbegriff\" tabindex=\"0\" data-tooltip=\"Religi\u00f6s str\u00f6mning med fokus p\u00e5 direkt guderfarenhet; central i judisk, kristen och islamisk tradition.\">mystik<\/span> och \u00e4nglal\u00e4ra), Bietenhard (kristen \u00e4ngelsmystik, 1949), Hans Karppe (\u00c9sot\u00e9risme et Cabale, franska) och dialogvolymen McLeod (Judeo-Islamic Angelology, 2002) Gabrielsgestalten som centrum f\u00f6r det judiska \u00e4rke\u00e4ngelssystemet.<\/span><\/p>\t\t\t\t\t\t\t\t<\/div>\n\t\t\t\t\t<\/div>\n\t\t\t\t<\/div>\n\t\t\t\t<\/div>\n\t\t\t\t\t<\/div>\n\t\t\t\t<\/div>\n\t\t<div class=\"elementor-element elementor-element-3ae0637c e-flex e-con-boxed e-con e-parent\" data-id=\"3ae0637c\" data-element_type=\"container\" data-e-type=\"container\">\n\t\t\t\t\t<div class=\"e-con-inner\">\n\t\t\t\t<div class=\"elementor-element elementor-element-31d07739 elementor-widget elementor-widget-heading\" data-id=\"31d07739\" data-element_type=\"widget\" data-e-type=\"widget\" data-widget_type=\"heading.default\">\n\t\t\t\t\t<h2 class=\"elementor-heading-title elementor-size-default\">Namn<\/h2>\t\t\t\t<\/div>\n\t\t<div class=\"elementor-element elementor-element-b7642947 e-con-full e-flex e-con e-child\" data-id=\"b7642947\" data-element_type=\"container\" data-e-type=\"container\">\n\t\t\t\t<div class=\"elementor-element elementor-element-a086266 elementor-widget elementor-widget-text-editor\" data-id=\"a086266\" data-element_type=\"widget\" data-e-type=\"widget\" data-widget_type=\"text-editor.default\">\n\t\t\t\t\t\t\t\t\t<p>Gabriel avbildas i olika k\u00e4llor och konstn\u00e4rliga traditioner med best\u00e4mda \u00e5terkommande ikonografiska element, som f\u00f6rblir relativt konstanta \u00f6ver decennier och \u00f6ver olika geografiska omr\u00e5den. Dessa element \u00e4r inte rent dekorativa eller slumpm\u00e4ssigt valda, utan \u00e4r djupt symboliskt kodade och b\u00e4r stor betydelse.<\/p><p>I den kristna konsten \u00e4r Gabriel igenk\u00e4nnlig genom fasta k\u00e4nnetecken: liljan i handen som tecken p\u00e5 Marias renhet, ofta en budb\u00e4rarstav eller ett skriftband med h\u00e4lsningsorden fr\u00e5n Lukas 1, samt den h\u00e4lsande eller pekande gesten. Detta bildspr\u00e5k kunde l\u00e4sas som en text av betraktaren. Den som k\u00e4nde igen beb\u00e5delsescenen f\u00f6rstod genast: h\u00e4r talar Guds s\u00e4ndebud till Maria. Varje detalj, fr\u00e5n \u00e4ngelns h\u00e5llning till f\u00e4rgen p\u00e5 hans kl\u00e4dnad, f\u00f6ljde ikonografiska f\u00f6reskrifter som m\u00e5lare f\u00f6rde vidare genom \u00e5rhundraden.<\/p>\t\t\t\t\t\t\t\t<\/div>\n\t\t\t\t<\/div>\n\t\t\t\t\t<\/div>\n\t\t\t\t<\/div>\n\t\t<div class=\"elementor-element elementor-element-709a44a8 e-flex e-con-boxed e-con e-parent\" data-id=\"709a44a8\" data-element_type=\"container\" data-e-type=\"container\">\n\t\t\t\t\t<div class=\"e-con-inner\">\n\t\t\t\t<div class=\"elementor-element elementor-element-2f585873 elementor-widget elementor-widget-heading\" data-id=\"2f585873\" data-element_type=\"widget\" data-e-type=\"widget\" data-widget_type=\"heading.default\">\n\t\t\t\t\t<h2 class=\"elementor-heading-title elementor-size-default\">K\u00e4nnetecken<\/h2>\t\t\t\t<\/div>\n\t\t<div class=\"elementor-element elementor-element-70621c12 e-con-full e-flex e-con e-child\" data-id=\"70621c12\" data-element_type=\"container\" data-e-type=\"container\">\n\t\t\t\t<div class=\"elementor-element elementor-element-4296eb49 elementor-widget elementor-widget-text-editor\" data-id=\"4296eb49\" data-element_type=\"widget\" data-e-type=\"widget\" data-widget_type=\"text-editor.default\">\n\t\t\t\t\t\t\t\t\t<p>Gabriel var central i den religi\u00f6sa praktiken, i vardagsritualerna och i den vardagliga f\u00f6rst\u00e5elsen inom judendomen. M\u00e4nniskor v\u00e4nde sig till denna gestalt i kritiska eller best\u00e4mda livssituationer eller under best\u00e4mda rituella tider p\u00e5 \u00e5ret, med strukturerade, ofta omfattande ritualer, b\u00f6ner eller offerg\u00e5vor.<\/p><p>Tolkningen av Gabriel-st\u00e4llena f\u00f6ljde fasta regler: inom judendomen tolkade skriftl\u00e4rda Daniels visioner enligt den rabbinska exegetikens metoder, i kyrkorna tolkade teologer och predikanter beb\u00e5delsescenen fr\u00e5n Lukas 1 utifr\u00e5n den kyrkliga l\u00e4ro\u00f6verl\u00e4mningen. Den som talade om \u00e4ngeln gjorde det inte efter eget godtycke, utan inom ramen f\u00f6r en skolad skrifttolkning.<\/p><p>Att Gabriel framtr\u00e4der som s\u00e4ndebud fr\u00e5n Danielboken via Lukasevangeliet \u00e4nda till islam visar hur fast f\u00f6rankrad hans funktion var i de tre religionerna. Hans uppgifter varierar beroende p\u00e5 sammanhang: i Danielboken tolkar han visioner och tillk\u00e4nnager kommande h\u00e4ndelser, i Lukasevangeliet \u00f6verbringar han Maria budskapet om Jesu f\u00f6delse, inom islam anses han vara f\u00f6rmedlaren av uppenbarelsen till profeten Muhammed.<\/p>\t\t\t\t\t\t\t\t<\/div>\n\t\t\t\t<\/div>\n\t\t\t\t\t<\/div>\n\t\t\t\t<\/div>\n\t\t<div class=\"elementor-element elementor-element-44e71476 e-flex e-con-boxed e-con e-parent\" data-id=\"44e71476\" data-element_type=\"container\" data-e-type=\"container\">\n\t\t\t\t\t<div class=\"e-con-inner\">\n\t\t\t\t<div class=\"elementor-element elementor-element-3c1fc3f0 elementor-widget elementor-widget-heading\" data-id=\"3c1fc3f0\" data-element_type=\"widget\" data-e-type=\"widget\" data-widget_type=\"heading.default\">\n\t\t\t\t\t<h2 class=\"elementor-heading-title elementor-size-default\">Faktablad: Gabriel<\/h2>\t\t\t\t<\/div>\n\t\t<div class=\"elementor-element elementor-element-84f33b8e e-con-full e-flex e-con e-child\" data-id=\"84f33b8e\" data-element_type=\"container\" data-e-type=\"container\">\n\t\t\t\t<div class=\"elementor-element elementor-element-hqkdc67p elementor-widget elementor-widget-text-editor\" data-id=\"hqkdc67p\" data-element_type=\"widget\" data-e-type=\"widget\" data-widget_type=\"text-editor.default\">\n\t\t\t\t\t\t\t\t\t<p>Faktabladet belyser Gabriel utifr\u00e5n sex kortdimensioner: hans geografisk-kulturella ursprung i Jud\u00e9a och den medelhavsantika<span class=\"iwg-fachbegriff\" data-tooltip=\"Epok av grekisk och romersk kultur, ungef\u00e4r 800 f.Kr. till 600 e.Kr.\" tabindex=\"0\">antiken<\/span>, hans m\u00e5lgrupp bland troende och mystiker, ikonografiska k\u00e4nnetecken i \u00e4rke\u00e4ngels-<span class=\"iwg-fachbegriff\" data-tooltip=\"L\u00e4ran om bildinneh\u00e5ll och deras betydelse.\" tabindex=\"0\">ikonografin<\/span>, hans funktionella roll som Guds s\u00e4ndebud, j\u00e4mf\u00f6relser med \u00e4rke\u00e4nglar fr\u00e5n andra kulturer, och hans mystiska status inom judisk <span class=\"iwg-fachbegriff\" data-tooltip=\"Samlingsbegrepp f\u00f6r l\u00e4ror som g\u00f6r anspr\u00e5k p\u00e5 en dold kunskap som endast \u00e4r tillg\u00e4nglig f\u00f6r invigda.\" tabindex=\"0\">esoterik<\/span>.<\/p>\t\t\t\t\t\t\t\t<\/div>\n\t\t\t\t<\/div>\n\t\t<div class=\"elementor-element elementor-element-pemmx7c5 e-con-full e-flex e-con e-child\" data-id=\"pemmx7c5\" data-element_type=\"container\" data-e-type=\"container\">\n\t\t<div class=\"elementor-element elementor-element-pemmx7c1 e-con-full e-flex e-con e-child\" data-id=\"pemmx7c1\" data-element_type=\"container\" data-e-type=\"container\">\n\t\t<div class=\"elementor-element elementor-element-qh9oavvu iwg-steckbrief-card e-flex e-con-boxed e-con e-child\" data-id=\"qh9oavvu\" data-element_type=\"container\" data-e-type=\"container\">\n\t\t\t\t\t<div class=\"e-con-inner\">\n\t\t\t\t<div class=\"elementor-element elementor-element-awzx8k2k elementor-widget elementor-widget-heading\" data-id=\"awzx8k2k\" data-element_type=\"widget\" data-e-type=\"widget\" data-widget_type=\"heading.default\">\n\t\t\t\t\t<div class=\"elementor-heading-title elementor-size-default\">Ursprung<\/div>\t\t\t\t<\/div>\n\t\t\t\t<div class=\"elementor-element elementor-element-x6rowhv0 elementor-widget elementor-widget-text-editor\" data-id=\"x6rowhv0\" data-element_type=\"widget\" data-e-type=\"widget\" data-widget_type=\"text-editor.default\">\n\t\t\t\t\t\t\t\t\t<p>Gabriel f\u00f6rekommer f\u00f6rst i Danielsboken, som tillkom under judeisk senhellenistisk tid (164 f.Kr., den seleukidiska perioden).<\/p><p>Det geografiska ursprunget finns i Jerusalem och Judeen; den teologiska ramutvecklingen skedde under den babyloniska exilperioden (6.\u20135. \u00e5rhundradet f.Kr.) med en ny <span class=\"iwg-fachbegriff\" data-tooltip=\"I de abrahamitiska religionerna ett himmelskt s\u00e4ndebud fr\u00e5n Gud.\" tabindex=\"0\">\u00e4ngel<\/span>-systematik. Daniel skrevs i Babylon, vilket pr\u00e4glar Gabriels framst\u00e4llning som kosmisk f\u00f6rmedlare i den hellenistiska angelologin.<\/p>\t\t\t\t\t\t\t\t<\/div>\n\t\t\t\t\t<\/div>\n\t\t\t\t<\/div>\n\t\t<div class=\"elementor-element elementor-element-8e3o4kxs iwg-steckbrief-card e-flex e-con-boxed e-con e-child\" data-id=\"8e3o4kxs\" data-element_type=\"container\" data-e-type=\"container\">\n\t\t\t\t\t<div class=\"e-con-inner\">\n\t\t\t\t<div class=\"elementor-element elementor-element-08rkdgov elementor-widget elementor-widget-heading\" data-id=\"08rkdgov\" data-element_type=\"widget\" data-e-type=\"widget\" data-widget_type=\"heading.default\">\n\t\t\t\t\t<div class=\"elementor-heading-title elementor-size-default\">Verkningsobjekt<\/div>\t\t\t\t<\/div>\n\t\t\t\t<div class=\"elementor-element elementor-element-uwjelx8s elementor-widget elementor-widget-text-editor\" data-id=\"uwjelx8s\" data-element_type=\"widget\" data-e-type=\"widget\" data-widget_type=\"text-editor.default\">\n\t\t\t\t\t\t\t\t\t<p>Gabriel riktade sig i f\u00f6rsta hand till fromma judar och mystiker som garant f\u00f6r Guds vilja. Den sociala m\u00e5lgruppen utgjordes av pr\u00e4ster, profeter, heliga och senare kabbalister. Tillf\u00e4llena var uppenbarelse\u00f6gonblick, kristider (exil, f\u00f6rtryck), h\u00f6gtider (purim, chanukka, d\u00e4r Gabriels kraft verkar mytologiskt) och personligt andligt s\u00f6kande. <span class=\"iwg-fachbegriff\" data-tooltip=\"Det bedjande eller besv\u00e4rjande tilltalet till en gudom eller makt.\" tabindex=\"0\">\u00c5kallan<\/span> sker genom <span class=\"iwg-fachbegriff\" data-tooltip=\"M\u00e4nniskans spr\u00e5kliga v\u00e4ndning till en gudom.\" tabindex=\"0\">b\u00f6n<\/span> och mystisk kontemplation.<\/p>\t\t\t\t\t\t\t\t<\/div>\n\t\t\t\t\t<\/div>\n\t\t\t\t<\/div>\n\t\t<div class=\"elementor-element elementor-element-jm2n74ec iwg-steckbrief-card e-flex e-con-boxed e-con e-child\" data-id=\"jm2n74ec\" data-element_type=\"container\" data-e-type=\"container\">\n\t\t\t\t\t<div class=\"e-con-inner\">\n\t\t\t\t<div class=\"elementor-element elementor-element-8vufse4c elementor-widget elementor-widget-heading\" data-id=\"8vufse4c\" data-element_type=\"widget\" data-e-type=\"widget\" data-widget_type=\"heading.default\">\n\t\t\t\t\t<div class=\"elementor-heading-title elementor-size-default\">Utseende<\/div>\t\t\t\t<\/div>\n\t\t\t\t<div class=\"elementor-element elementor-element-mwb9u015 elementor-widget elementor-widget-text-editor\" data-id=\"mwb9u015\" data-element_type=\"widget\" data-e-type=\"widget\" data-widget_type=\"text-editor.default\">\n\t\t\t\t\t\t\t\t\t<p>Gabriel ikonografiskt: en manlig gestalt med vingar, sv\u00e4rd eller stav, ljusaura (halo), ibland en lilje<span class=\"iwg-fachbegriff\" data-tooltip=\"Ett tecken som st\u00e5r f\u00f6r en f\u00f6rest\u00e4llning eller betydelse.\" tabindex=\"0\">symbol<\/span> (senare \u00f6vertagen av kristendomen). Attributen \u00e4r lans, skriftrulle (uppenbarelse), v\u00e5g (dom). I judisk-mystisk konst: vit kl\u00e4dnad, sex vingar, n\u00e4rhet till Shekhina (Guds n\u00e4rvaro). Den typiska framst\u00e4llningen f\u00f6ljer sena <span class=\"iwg-fachbegriff\" tabindex=\"0\" data-tooltip=\"Rabbinska judendomens huvudverk, i babylonisk och jerusalemsk version; inneh\u00e5ller Mishna och Gemara.\">Talmud<\/span>-beskrivningar och <span class=\"iwg-fachbegriff\" tabindex=\"0\" data-tooltip=\"Judisk mystik med huvudverken Sefer Yetzira, Sohar och den lurianska skolan; l\u00e4ra om sefirot, tetragrammet och tikkun.\">Kabbala<\/span>&#8211;<span class=\"iwg-fachbegriff\" data-tooltip=\"L\u00e4ran om bildinneh\u00e5ll och deras betydelse.\" tabindex=\"0\">ikonografi<\/span>.<\/p>\t\t\t\t\t\t\t\t<\/div>\n\t\t\t\t\t<\/div>\n\t\t\t\t<\/div>\n\t\t\t\t<\/div>\n\t\t<div class=\"elementor-element elementor-element-pemmx7c2 e-con-full e-flex e-con e-child\" data-id=\"pemmx7c2\" data-element_type=\"container\" data-e-type=\"container\">\n\t\t<div class=\"elementor-element elementor-element-37ss2yr6 iwg-steckbrief-card e-flex e-con-boxed e-con e-child\" data-id=\"37ss2yr6\" data-element_type=\"container\" data-e-type=\"container\">\n\t\t\t\t\t<div class=\"e-con-inner\">\n\t\t\t\t<div class=\"elementor-element elementor-element-3v0wp3wx elementor-widget elementor-widget-heading\" data-id=\"3v0wp3wx\" data-element_type=\"widget\" data-e-type=\"widget\" data-widget_type=\"heading.default\">\n\t\t\t\t\t<div class=\"elementor-heading-title elementor-size-default\">Funktion<\/div>\t\t\t\t<\/div>\n\t\t\t\t<div class=\"elementor-element elementor-element-w3247g2m elementor-widget elementor-widget-text-editor\" data-id=\"w3247g2m\" data-element_type=\"widget\" data-e-type=\"widget\" data-widget_type=\"text-editor.default\">\n\t\t\t\t\t\t\t\t\t<strong>Verksamhetsomr\u00e5de:<\/strong><p>Gabriel \u00e4r i den kristna-judiska och islamiska kontexten en \u00e4rke\u00e4ngel vars prim\u00e4ra funktion \u00e4r att f\u00f6rmedla gudomliga budskap.<\/p>\t\t\t\t\t\t\t\t<\/div>\n\t\t\t\t\t<\/div>\n\t\t\t\t<\/div>\n\t\t<div class=\"elementor-element elementor-element-0qpjal9w iwg-steckbrief-card e-flex e-con-boxed e-con e-child\" data-id=\"0qpjal9w\" data-element_type=\"container\" data-e-type=\"container\">\n\t\t\t\t\t<div class=\"e-con-inner\">\n\t\t\t\t<div class=\"elementor-element elementor-element-6ndoih0o elementor-widget elementor-widget-heading\" data-id=\"6ndoih0o\" data-element_type=\"widget\" data-e-type=\"widget\" data-widget_type=\"heading.default\">\n\t\t\t\t\t<div class=\"elementor-heading-title elementor-size-default\">Skydd<\/div>\t\t\t\t<\/div>\n\t\t\t\t<div class=\"elementor-element elementor-element-6684tyh9 elementor-widget elementor-widget-text-editor\" data-id=\"6684tyh9\" data-element_type=\"widget\" data-e-type=\"widget\" data-widget_type=\"text-editor.default\">\n\t\t\t\t\t\t\t\t\t<p>Gabriel ans\u00e5gs vara en god, h\u00e4lsobringande varelse. \u00c5kallelsepraktikerna omfattade b\u00f6ner om visdom, uppenbarelse och skydd mot demoner. Inom <span class=\"iwg-fachbegriff\" tabindex=\"0\" data-tooltip=\"Judisk mystik med huvudverken Sefer Yetzira, Sohar och den lurianska skolan; l\u00e4ra om sefirot, tetragrammet och tikkun.\">Kabbala<\/span> praktiserades meditationer riktade mot Gabriel (yichudim, mystiska f\u00f6reningar) f\u00f6r att kanalisera himmelsk makt. Respekten f\u00f6r Gabriel yttrade sig i v\u00f6rdnad, renhetsbud, rituell rening och fasta inf\u00f6r mystiska kontaktf\u00f6rs\u00f6k.<\/p>\t\t\t\t\t\t\t\t<\/div>\n\t\t\t\t\t<\/div>\n\t\t\t\t<\/div>\n\t\t<div class=\"elementor-element elementor-element-3lfi7x32 iwg-steckbrief-card e-flex e-con-boxed e-con e-child\" data-id=\"3lfi7x32\" data-element_type=\"container\" data-e-type=\"container\">\n\t\t\t\t\t<div class=\"e-con-inner\">\n\t\t\t\t<div class=\"elementor-element elementor-element-0kg99ga1 elementor-widget elementor-widget-heading\" data-id=\"0kg99ga1\" data-element_type=\"widget\" data-e-type=\"widget\" data-widget_type=\"heading.default\">\n\t\t\t\t\t<div class=\"elementor-heading-title elementor-size-default\">J\u00e4mf\u00f6rbart<\/div>\t\t\t\t<\/div>\n\t\t\t\t<div class=\"elementor-element elementor-element-n0fum6kp elementor-widget elementor-widget-text-editor\" data-id=\"n0fum6kp\" data-element_type=\"widget\" data-e-type=\"widget\" data-widget_type=\"text-editor.default\">\n\t\t\t\t\t\t\t\t\t<p>J\u00e4mf\u00f6rbara gestalter: Raguel (harmonins \u00e4rke\u00e4ngel, <span class=\"iwg-fachbegriff\" tabindex=\"0\" data-tooltip=\"Judisk mystik med huvudverken Sefer Yetzira, Sohar och den lurianska skolan.\">Kabbala<\/span>), Mikael (krigsledare, demonbetvingare), Uriel (eld<span class=\"iwg-fachbegriff\" data-tooltip=\"I de abrahamitiska religionerna ett himmelskt s\u00e4ndebud fr\u00e5n Gud.\" tabindex=\"0\">\u00e4ngel<\/span>, dom), Metatron (tron\u00e4ngel inom <span class=\"iwg-fachbegriff\" tabindex=\"0\" data-tooltip=\"Judisk mystik med huvudverken Sefer Yetzira, Sohar och den lurianska skolan.\">Kabbala<\/span>). Utanf\u00f6r judendomen: den islamiska Jibril (identisk med Gabriel, Koranen, sura 2:97), den kristna Gabriel (Luk 1, beb\u00e5delsen), zoroastriska yazatas (himmelska f\u00f6rmedlare).<\/p>\t\t\t\t\t\t\t\t<\/div>\n\t\t\t\t\t<\/div>\n\t\t\t\t<\/div>\n\t\t\t\t<\/div>\n\t\t\t\t<\/div>\n\t\t\t\t\t<\/div>\n\t\t\t\t<\/div>\n\t\t<div class=\"elementor-element elementor-element-7533bc7a e-flex e-con-boxed e-con e-parent\" data-id=\"7533bc7a\" data-element_type=\"container\" data-e-type=\"container\">\n\t\t\t\t\t<div class=\"e-con-inner\">\n\t\t\t\t<div class=\"elementor-element elementor-element-2447d18d elementor-widget elementor-widget-heading\" data-id=\"2447d18d\" data-element_type=\"widget\" data-e-type=\"widget\" data-widget_type=\"heading.default\">\n\t\t\t\t\t<h2 class=\"elementor-heading-title elementor-size-default\">Avv\u00e4rjning i vardagen<\/h2>\t\t\t\t<\/div>\n\t\t<div class=\"elementor-element elementor-element-d5d0260c e-con-full e-flex e-con e-child\" data-id=\"d5d0260c\" data-element_type=\"container\" data-e-type=\"container\">\n\t\t\t\t<div class=\"elementor-element elementor-element-341be2ac elementor-widget elementor-widget-text-editor\" data-id=\"341be2ac\" data-element_type=\"widget\" data-e-type=\"widget\" data-widget_type=\"text-editor.default\">\n\t\t\t\t\t\t\t\t\t<p><strong>V\u00f6rdnad och liturgiskt minne<\/strong><\/p><p>Gabriel v\u00f6rdas i kristna kyrkor p\u00e5 Mikaelidagen (29 september) eller Gabrielsdagen.<\/p><p><strong>Beb\u00e5delsen till Maria och dess upprepning<\/strong><\/p><p>Liturgiska praxis (s\u00e4rskilt inom den \u00f6stliga kristendomen och den katolska <span class=\"iwg-fachbegriff\" data-tooltip=\"En kort, personlig eller gemensam religi\u00f6s betraktelse.\" tabindex=\"0\">andakten<\/span>) minns dagligen beb\u00e5delsen.<\/p><p><strong>Skyddsamuletter och n\u00e5detecken<\/strong><\/p><p>Liljan (fr\u00e5n ren\u00e4ssansens <span class=\"iwg-fachbegriff\" data-tooltip=\"L\u00e4ran om bildinneh\u00e5ll och deras betydelse.\" tabindex=\"0\">ikonografi<\/span>) \u00e4r Gabriels blomstrande <span class=\"iwg-fachbegriff\" data-tooltip=\"Ett tecken som st\u00e5r f\u00f6r en f\u00f6rest\u00e4llning eller betydelse.\" tabindex=\"0\">symbol<\/span>.<\/p>\t\t\t\t\t\t\t\t<\/div>\n\t\t\t\t<\/div>\n\t\t\t\t\t<\/div>\n\t\t\t\t<\/div>\n\t\t<div class=\"elementor-element elementor-element-5a584676 e-flex e-con-boxed e-con e-parent\" data-id=\"5a584676\" data-element_type=\"container\" data-e-type=\"container\">\n\t\t\t\t\t<div class=\"e-con-inner\">\n\t\t\t\t<div class=\"elementor-element elementor-element-6d0757bf elementor-widget elementor-widget-heading\" data-id=\"6d0757bf\" data-element_type=\"widget\" data-e-type=\"widget\" data-widget_type=\"heading.default\">\n\t\t\t\t\t<h2 class=\"elementor-heading-title elementor-size-default\">Gabriel, paralleller i andra kulturer<\/h2>\t\t\t\t<\/div>\n\t\t<div class=\"elementor-element elementor-element-60563f68 e-con-full e-flex e-con e-child\" data-id=\"60563f68\" data-element_type=\"container\" data-e-type=\"container\">\n\t\t\t\t<div class=\"elementor-element elementor-element-5a93fdd6 elementor-widget elementor-widget-text-editor\" data-id=\"5a93fdd6\" data-element_type=\"widget\" data-e-type=\"widget\" data-widget_type=\"text-editor.default\">\n\t\t\t\t\t\t\t\t\t<p><p><strong>Judisk tradition:<\/strong> Gabriel \u00e4r central. Paralleller \u00e4r Mikael (krigs\u00e4ngel), Uriel (elddomare), Raguel (r\u00e4ttvisa), Tzaphkiel (kontemplation, <span class=\"iwg-fachbegriff\" tabindex=\"0\" data-tooltip=\"Judisk mystik med huvudverken Sefer Yetzira, Sohar och den lurianska skolan.\">Kabbala<\/span>). Alla fyra \u00e4r etablerade som \u00e4rke\u00e4ngel-tetrad i <span class=\"iwg-fachbegriff\" tabindex=\"0\" data-tooltip=\"Rabbinska judendomens huvudverk, i babylonisk och jerusalemsk version; inneh\u00e5ller Mishna och Gemara.\">Talmud<\/span> och <span class=\"iwg-fachbegriff\" tabindex=\"0\" data-tooltip=\"Judisk mystik med huvudverken Sefer Yetzira, Sohar och den lurianska skolan.\">Kabbala<\/span> (Scholem). Gabriels funktion som uppenbarelse\u00e4ngel \u00e4r <span class=\"iwg-fachbegriff\" tabindex=\"0\" data-tooltip=\"Som h\u00f6r till en fastst\u00e4lld helig skriftkorpus inom en religion; icke-kanoniska texter betraktas som apokryfa.\">kanonisk<\/span> i Henok 1:9.<\/p><p><strong>Den grekisk-romerska v\u00e4rlden:<\/strong> Det finns inga direkta judiska <span class=\"iwg-fachbegriff\" data-tooltip=\"I de abrahamitiska religionerna ett himmelskt s\u00e4ndebud fr\u00e5n Gud.\" tabindex=\"0\">\u00e4nglar<\/span> under <span class=\"iwg-fachbegriff\" data-tooltip=\"Epoken f\u00f6r den grekiska och romerska kulturen, cirka 800 f.Kr. till 600 e.Kr.\" tabindex=\"0\">antiken<\/span>. Avl\u00e4gset besl\u00e4ktade \u00e4r grekiska gudabud som Hermes eller Iris (gudarnas s\u00e4ndebud), samt demoniska daimones i Hesiodos-traditionen. Rollen som f\u00f6rmedlande s\u00e4ndebud f\u00f6renar dem.<\/p><p><strong>Mesopotamien:<\/strong> Mesopotamisk motsvarighet: Nabu (Marduks skrivare, uppenbarelse), Shamash (solgud, r\u00e4ttvisa). F\u00f6rmedlarrollen mellan gudar och m\u00e4nniskor delar Gabriel med Nabu. Akkadiska demonlistor (Enuma elish) visar liknande hierarkier.<\/p><p><strong>Indien\/Asien:<\/strong> Inga direkta paralleller. Avl\u00e4gset besl\u00e4ktade \u00e4r Indras budb\u00e4rare (hinduisk <span class=\"iwg-fachbegriff\" data-tooltip=\"Helheten av en kulturs traderade gudaber\u00e4ttelser.\" tabindex=\"0\">mytologi<\/span>), bodhisattvor som uppenbarelsef\u00f6rmedlare (buddhism), eller apsaras som himmelska s\u00e4ndebud (sanskritlitteratur). Funktionaliteten i den kosmiska f\u00f6rmedlingen \u00e4r gemensam.<\/p>\t\t\t\t\t\t\t\t<\/div>\n\t\t\t\t<\/div>\n\t\t\t\t\t<\/div>\n\t\t\t\t<\/div>\n\t\t<div class=\"elementor-element elementor-element-cp071532f e-flex e-con-boxed e-con e-parent\" data-id=\"cp071532f\" data-element_type=\"container\" data-e-type=\"container\">\n\t\t\t\t\t<div class=\"e-con-inner\">\n\t\t\t\t<div class=\"elementor-element elementor-element-cp4d85ae2 elementor-widget elementor-widget-heading\" data-id=\"cp4d85ae2\" data-element_type=\"widget\" data-e-type=\"widget\" data-widget_type=\"heading.default\">\n\t\t\t\t\t<h2 class=\"elementor-heading-title elementor-size-default\">Gabriel hos Daniel: de f\u00f6rsta framtr\u00e4dandena<\/h2>\t\t\t\t<\/div>\n\t\t<div class=\"elementor-element elementor-element-cpe5177d4 e-con-full e-flex e-con e-child\" data-id=\"cpe5177d4\" data-element_type=\"container\" data-e-type=\"container\">\n\t\t\t\t<div class=\"elementor-element elementor-element-cp7fe7aec elementor-widget elementor-widget-text-editor\" data-id=\"cp7fe7aec\" data-element_type=\"widget\" data-e-type=\"widget\" data-widget_type=\"text-editor.default\">\n\t\t\t\t\t\t\t\t\t<p>Gabriel \u00e4r den f\u00f6rsta <span class=\"iwg-fachbegriff\" data-tooltip=\"I de abrahamitiska religionerna ett himmelskt budb\u00e4rarv\u00e4sen s\u00e4nt av Gud.\" tabindex=\"0\">\u00e4ngel<\/span> i den hebreiska bibeln som b\u00e4r ett eget namn. Han upptr\u00e4der i <em>Daniels bok<\/em>, en skrift som i sin nuvarande form tillkom under den hellenistiska tiden, under det andra \u00e5rhundradet f\u00f6re tider\u00e4kningens b\u00f6rjan.<\/p><p>I <em>Daniel<\/em> 8 f\u00e5r Gabriel uppdraget att tyda en syn om en bagge och en get f\u00f6r siaren Daniel. I <em>Daniel<\/em> 9 \u00e5terkommer han f\u00f6r att f\u00f6rklara den ber\u00f6mda <span class=\"iwg-fachbegriff\" data-tooltip=\"F\u00f6ruts\u00e4gelsen av framtida h\u00e4ndelser med religi\u00f6sa eller magiska medel.\" tabindex=\"0\">profetian<\/span> om de sjuttio \u00e5rsveckorna f\u00f6r Daniel.<\/p><p>Redan i dessa tidiga framtr\u00e4danden visar sig Gabriels karakt\u00e4ristiska roll. Han \u00e4r tolkningens och budskapets <span class=\"iwg-fachbegriff\" data-tooltip=\"I de abrahamitiska religionerna ett himmelskt budb\u00e4rarv\u00e4sen s\u00e4nt av Gud.\" tabindex=\"0\">\u00e4ngel<\/span>. Han f\u00f6r inte i f\u00f6rsta hand med sig straff eller krig, som antyds hos Mikael, utan f\u00f6rst\u00e5else.<\/p><p>Han f\u00f6rklarar f\u00f6r m\u00e4nniskan vad denna inte kan f\u00f6rst\u00e5 p\u00e5 egen hand. Anm\u00e4rkningsv\u00e4rt \u00e4r att Daniel vid \u00e5synen av Gabriel drabbas av skr\u00e4ck och faller till marken, vilket understryker \u00e4ngelns \u00f6verm\u00e4nskliga framtoning.<\/p><p>Forskningen ser i Danielboken ett viktigt steg i den judiska \u00e4nglal\u00e4ran. H\u00e4r individualiseras <span class=\"iwg-fachbegriff\" data-tooltip=\"I de abrahamitiska religionerna ett himmelskt budb\u00e4rarv\u00e4sen s\u00e4nt av Gud.\" tabindex=\"0\">\u00e4nglarna<\/span> f\u00f6r f\u00f6rsta g\u00e5ngen, de f\u00e5r namn och avgr\u00e4nsade uppgifter. Gabriel och Mikael utg\u00f6r i Daniel k\u00e4rnan i en framv\u00e4xande f\u00f6rest\u00e4llning om namngivna, h\u00f6gtst\u00e5ende \u00e4nglar.<\/p><p>Denna utveckling forts\u00e4tter i den apokalyptiska litteraturen under de f\u00f6ljande \u00e5rhundradena och l\u00e4gger grunden f\u00f6r den senare judiska, kristna och islamiska \u00e4nglal\u00e4ran.<\/p>\t\t\t\t\t\t\t\t<\/div>\n\t\t\t\t<\/div>\n\t\t\t\t\t<\/div>\n\t\t\t\t<\/div>\n\t\t<div class=\"elementor-element elementor-element-cp8abf03a e-flex e-con-boxed e-con e-parent\" data-id=\"cp8abf03a\" data-element_type=\"container\" data-e-type=\"container\">\n\t\t\t\t\t<div class=\"e-con-inner\">\n\t\t\t\t<div class=\"elementor-element elementor-element-cp0111206 elementor-widget elementor-widget-heading\" data-id=\"cp0111206\" data-element_type=\"widget\" data-e-type=\"widget\" data-widget_type=\"heading.default\">\n\t\t\t\t\t<h2 class=\"elementor-heading-title elementor-size-default\">Beb\u00e5delsen till Maria och Sakarias<\/h2>\t\t\t\t<\/div>\n\t\t<div class=\"elementor-element elementor-element-cp5fcef28 e-con-full e-flex e-con e-child\" data-id=\"cp5fcef28\" data-element_type=\"container\" data-e-type=\"container\">\n\t\t\t\t<div class=\"elementor-element elementor-element-cp3b131d7 elementor-widget elementor-widget-text-editor\" data-id=\"cp3b131d7\" data-element_type=\"widget\" data-e-type=\"widget\" data-widget_type=\"text-editor.default\">\n\t\t\t\t\t\t\t\t\t<p>Inom kristendomen f\u00e5r Gabriel sin st\u00f6rsta betydelse genom <em>Lukasevangeliet<\/em>. I det f\u00f6rsta kapitlet upptr\u00e4der Gabriel tv\u00e5 g\u00e5nger. F\u00f6rst visar han sig f\u00f6r pr\u00e4sten Sakarias i <span class=\"iwg-fachbegriff\" data-tooltip=\"En byggnad avsedd f\u00f6r dyrkan av en eller flera gudomar.\" tabindex=\"0\">templet<\/span> och beb\u00e5dar att Johannes ska f\u00f6das, han som senare blir Johannes d\u00f6paren.<\/p><p>Eftersom Sakarias tvivlar blir han stum fram till barnets f\u00f6delse. Gabriel presenterar sig d\u00e5 uttryckligen med orden att han \u00e4r den som st\u00e5r inf\u00f6r Gud.<\/p><p>Kort d\u00e4refter visar sig Gabriel f\u00f6r den unga Maria i Nasaret och beb\u00e5dar Jesu f\u00f6delse. Denna scen, beb\u00e5delsen till Maria, har blivit en av de mest betydelsefulla \u00e4nglauppenbarelserna i hela den kristna traditionen.<\/p><p>H\u00e4lsningen som Gabriel riktar till Maria har g\u00e5tt in i den kristna <span class=\"iwg-fachbegriff\" data-tooltip=\"Den fastst\u00e4llda ordningen f\u00f6r en religi\u00f6s gemenskaps gudstj\u00e4nst.\" tabindex=\"0\">liturgin<\/span> och i <span class=\"iwg-fachbegriff\" data-tooltip=\"M\u00e4nniskans spr\u00e5kliga v\u00e4ndning till en gudom.\" tabindex=\"0\">b\u00f6nen<\/span> Ave Maria. Inom bildkonsten under medeltiden och ren\u00e4ssansen h\u00f6r beb\u00e5delsen till de mest avbildade motiven \u00f6ver huvud taget.<\/p><p>Anm\u00e4rkningsv\u00e4rd \u00e4r kontinuiteten fr\u00e5n Daniel till Lukasevangeliet. I b\u00e5da fallen \u00e4r Gabriel den <span class=\"iwg-fachbegriff\" data-tooltip=\"I de abrahamitiska religionerna ett himmelskt budb\u00e4rarv\u00e4sen s\u00e4nt av Gud.\" tabindex=\"0\">\u00e4ngel<\/span> som beb\u00e5dar och tyder en betydelsefull framtid. Lukas anknyter medvetet till Danieltraditionen. Gabriel \u00e4r inte en slumpm\u00e4ssigt vald budb\u00e4rare, utan den <span class=\"iwg-fachbegriff\" data-tooltip=\"I de abrahamitiska religionerna ett himmelskt budb\u00e4rarv\u00e4sen s\u00e4nt av Gud.\" tabindex=\"0\">\u00e4ngel<\/span> f\u00f6r fr\u00e4lsningshistoriens beb\u00e5delse som redan var etablerad i den judiska <span class=\"iwg-fachbegriff\" data-tooltip=\"Vidaref\u00f6randet av kunskap och ber\u00e4ttelser genom generationer.\" tabindex=\"0\">\u00f6verl\u00e4mningen<\/span>.<\/p><p>Den kristna <span class=\"iwg-fachbegriff\" data-tooltip=\"L\u00e4ran om bildinneh\u00e5ll och deras betydelse.\" tabindex=\"0\">ikonografin<\/span> har d\u00e4rf\u00f6r f\u00f6rsett honom med fasta attribut f\u00f6r budskapet, med en lilja som tecken p\u00e5 Marias renhet, med ett skriftband eller en stav.<\/p>\t\t\t\t\t\t\t\t<\/div>\n\t\t\t\t<\/div>\n\t\t\t\t\t<\/div>\n\t\t\t\t<\/div>\n\t\t<div class=\"elementor-element elementor-element-cp01e140b e-flex e-con-boxed e-con e-parent\" data-id=\"cp01e140b\" data-element_type=\"container\" data-e-type=\"container\">\n\t\t\t\t\t<div class=\"e-con-inner\">\n\t\t\t\t<div class=\"elementor-element elementor-element-cp787b02a elementor-widget elementor-widget-heading\" data-id=\"cp787b02a\" data-element_type=\"widget\" data-e-type=\"widget\" data-widget_type=\"heading.default\">\n\t\t\t\t\t<h2 class=\"elementor-heading-title elementor-size-default\">Jibril och \u00f6verl\u00e4mnandet av Koranen<\/h2>\t\t\t\t<\/div>\n\t\t<div class=\"elementor-element elementor-element-cp84e0ad9 e-con-full e-flex e-con e-child\" data-id=\"cp84e0ad9\" data-element_type=\"container\" data-e-type=\"container\">\n\t\t\t\t<div class=\"elementor-element elementor-element-cp0e7df94 elementor-widget elementor-widget-text-editor\" data-id=\"cp0e7df94\" data-element_type=\"widget\" data-e-type=\"widget\" data-widget_type=\"text-editor.default\">\n\t\t\t\t\t\t\t\t\t<p>Inom islam \u00e4r Gabriel under namnet <em>Jibril<\/em> den viktigaste <span class=\"iwg-fachbegriff\" data-tooltip=\"I de abrahamitiska religionerna ett himmelskt budb\u00e4rarv\u00e4sen s\u00e4nt av Gud.\" tabindex=\"0\">\u00e4ngeln<\/span> av alla. Han \u00e4r uppenbarelsens <span class=\"iwg-fachbegriff\" data-tooltip=\"I de abrahamitiska religionerna ett himmelskt budb\u00e4rarv\u00e4sen s\u00e4nt av Gud.\" tabindex=\"0\">\u00e4ngel<\/span>, genom vilken Koranen enligt islamisk l\u00e4ra f\u00f6rmedlades till profeten Muhammed.<\/p><p>Den islamiska traditionen f\u00f6rbinder Jibril med uppenbarelsens b\u00f6rjan i grottan Hira, d\u00e4r han f\u00f6rst visade sig f\u00f6r Muhammed och uppmanade honom att recitera.<\/p><p>Jibril n\u00e4mns vid namn i Koranen p\u00e5 n\u00e5gra st\u00e4llen, till exempel i sura 2 och sura 66. Oftare framtr\u00e4der han under omskrivningar som den trov\u00e4rdiga <span class=\"iwg-fachbegriff\" data-tooltip=\"Ett kroppsl\u00f6st v\u00e4sen som tillskrivs verkan i v\u00e4rlden.\" tabindex=\"0\">anden<\/span> eller den heliga <span class=\"iwg-fachbegriff\" data-tooltip=\"Ett kroppsl\u00f6st v\u00e4sen som tillskrivs verkan i v\u00e4rlden.\" tabindex=\"0\">anden<\/span>, varvid den heliga <span class=\"iwg-fachbegriff\" data-tooltip=\"Ett kroppsl\u00f6st v\u00e4sen som tillskrivs verkan i v\u00e4rlden.\" tabindex=\"0\">anden<\/span> i islamisk f\u00f6rst\u00e5else identifieras med Jibril och inte, som inom kristendomen, betecknar en egen gudomlig person.<\/p><p>Den islamiska traditionen tillskriver Jibril fler uppgifter ut\u00f6ver f\u00f6rmedlingen av Koranen, till exempel att han f\u00f6ljde med Muhammed p\u00e5 den nattliga resan och himlaf\u00e4rden.<\/p><p>Vid en j\u00e4mf\u00f6relse mellan de tre religionerna visar sig en anm\u00e4rkningsv\u00e4rd kontinuitet. I den judiska, den kristna och den islamiska <span class=\"iwg-fachbegriff\" data-tooltip=\"Vidaref\u00f6randet av kunskap och ber\u00e4ttelser genom generationer.\" tabindex=\"0\">\u00f6verl\u00e4mningen<\/span> \u00e4r Gabriel i varje fall den <span class=\"iwg-fachbegriff\" data-tooltip=\"I de abrahamitiska religionerna ett himmelskt budb\u00e4rarv\u00e4sen s\u00e4nt av Gud.\" tabindex=\"0\">\u00e4ngel<\/span> som \u00f6verbringar ett centralt gudomligt budskap. I Daniel tyder han synen, hos Lukas beb\u00e5dar han de avg\u00f6rande f\u00f6dslarna, inom islam f\u00f6rmedlar han hela uppenbarelsen.<\/p><p>Denna genomg\u00e5ende funktion som budb\u00e4rare och f\u00f6rmedlare g\u00f6r Gabriel till en av de f\u00e5 gestalter som spelar en framtr\u00e4dande och i grunden besl\u00e4ktad roll inom alla tre abrahamitiska religioner. Inom \u00e4nglahierarkin st\u00e5r han oftast h\u00f6gst upp, ofta n\u00e4mnd tillsammans med Mikael.<\/p>\t\t\t\t\t\t\t\t<\/div>\n\t\t\t\t<\/div>\n\t\t\t\t\t<\/div>\n\t\t\t\t<\/div>\n\t\t<div class=\"elementor-element elementor-element-36dd7469 e-flex e-con-boxed e-con e-parent\" data-id=\"36dd7469\" data-element_type=\"container\" data-e-type=\"container\">\n\t\t\t\t\t<div class=\"e-con-inner\">\n\t\t\t\t<div class=\"elementor-element elementor-element-13760ab4 elementor-widget elementor-widget-heading\" data-id=\"13760ab4\" data-element_type=\"widget\" data-e-type=\"widget\" data-widget_type=\"heading.default\">\n\t\t\t\t\t<h2 class=\"elementor-heading-title elementor-size-default\">Vidare l\u00e4nkar<\/h2>\t\t\t\t<\/div>\n\t\t<div class=\"elementor-element elementor-element-28c87796 e-con-full e-flex e-con e-child\" data-id=\"28c87796\" data-element_type=\"container\" data-e-type=\"container\">\n\t\t\t\t<div class=\"elementor-element elementor-element-5d6538df elementor-widget elementor-widget-text-editor\" data-id=\"5d6538df\" data-element_type=\"widget\" data-e-type=\"widget\" data-widget_type=\"text-editor.default\">\n\t\t\t\t\t\t\t\t\t<ul><li><a href=\"https:\/\/iwell-guard.com\/sv\/uriel\/\">Uriel<\/a><\/li><\/ul>\t\t\t\t\t\t\t\t<\/div>\n\t\t\t\t<\/div>\n\t\t\t\t\t<\/div>\n\t\t\t\t<\/div>\n\t\t<div class=\"elementor-element elementor-element-grl4kl40 e-flex e-con-boxed e-con e-parent\" data-id=\"grl4kl40\" data-element_type=\"container\" data-e-type=\"container\">\n\t\t\t\t\t<div class=\"e-con-inner\">\n\t\t\t\t<div class=\"elementor-element elementor-element-bzsbfrmh elementor-widget elementor-widget-heading\" data-id=\"bzsbfrmh\" data-element_type=\"widget\" data-e-type=\"widget\" data-widget_type=\"heading.default\">\n\t\t\t\t\t<h2 class=\"elementor-heading-title elementor-size-default\">K\u00e4llor och litteratur<\/h2>\t\t\t\t<\/div>\n\t\t<div class=\"elementor-element elementor-element-2c13224a e-con-full e-flex e-con e-child\" data-id=\"2c13224a\" data-element_type=\"container\" data-e-type=\"container\">\n\t\t\t\t<div class=\"elementor-element elementor-element-0eymh9ub elementor-widget elementor-widget-text-editor\" data-id=\"0eymh9ub\" data-element_type=\"widget\" data-e-type=\"widget\" data-widget_type=\"text-editor.default\">\n\t\t\t\t\t\t\t\t\t<ul><li><span data-nosnippet>David Mach: <em>Archangels in the Bible<\/em>. Biblical Archaeology Review, 1997.<\/span><\/li><\/ul>\t\t\t\t\t\t\t\t<\/div>\n\t\t\t\t<\/div>\n\t\t\t\t\t<\/div>\n\t\t\t\t<\/div>\n\t\t\t\t<\/div>\n\t\t","protected":false},"excerpt":{"rendered":"","protected":false},"author":3,"featured_media":1609,"parent":0,"menu_order":0,"comment_status":"closed","ping_status":"closed","template":"elementor_header_footer","meta":{"_yoast_wpseo_focuskw":"Gabriel","_yoast_wpseo_title":"Gabriel - budb\u00e4raren av gudomliga budskap","_yoast_wpseo_metadesc":"Gabriel, \u00e4rke\u00e4ngel i den judiska traditionen enligt sekelgammal skrift\u00f6verl\u00e4mning: Guds s\u00e4ndebud i Daniels visioner, f\u00f6rmedlare mellan himmel och jord.","_yoast_wpseo_meta-robots-noindex":"","_yoast_wpseo_canonical":"","_angie_page":false,"gefaehrdungsstufe":"","wesen_kultur":"christentum","wesen_klasse":"lichtwesen","footnotes":""},"categories":[],"class_list":["post-136741","page","type-page","status-publish","has-post-thumbnail","hentry"],"yoast_head":"<!-- This site is optimized with the Yoast SEO Premium plugin v27.7 (Yoast SEO v28.3) - https:\/\/yoast.com\/product\/yoast-seo-premium-wordpress\/ -->\n<title>Gabriel - budb\u00e4raren av gudomliga budskap<\/title>\n<meta name=\"description\" content=\"Gabriel, \u00e4rke\u00e4ngel i den judiska traditionen enligt sekelgammal skrift\u00f6verl\u00e4mning: Guds s\u00e4ndebud i Daniels visioner, f\u00f6rmedlare mellan himmel och jord.\" \/>\n<meta name=\"robots\" content=\"index, follow, max-snippet:-1, max-image-preview:large, max-video-preview:-1\" \/>\n<link rel=\"canonical\" href=\"https:\/\/iwell-guard.com\/sv\/gabriel\/\" \/>\n<meta property=\"og:locale\" content=\"sv_SE\" \/>\n<meta property=\"og:type\" content=\"article\" \/>\n<meta property=\"og:title\" content=\"Gabriel\" \/>\n<meta property=\"og:description\" content=\"Gabriel, \u00e4rke\u00e4ngel i den judiska traditionen enligt sekelgammal skrift\u00f6verl\u00e4mning: Guds s\u00e4ndebud i Daniels visioner, f\u00f6rmedlare mellan himmel och jord.\" \/>\n<meta property=\"og:url\" content=\"https:\/\/iwell-guard.com\/sv\/gabriel\/\" \/>\n<meta property=\"og:site_name\" content=\"iWell Guard\" \/>\n<meta property=\"article:modified_time\" content=\"2026-09-03T01:10:49+00:00\" \/>\n<meta property=\"og:image\" content=\"https:\/\/iwell-guard.com\/wp-content\/uploads\/2026\/04\/goetter_judentum_gabriel.webp\" \/>\n\t<meta property=\"og:image:width\" content=\"1024\" \/>\n\t<meta property=\"og:image:height\" content=\"1536\" \/>\n\t<meta property=\"og:image:type\" content=\"image\/webp\" \/>\n<meta name=\"twitter:card\" content=\"summary_large_image\" \/>\n<script type=\"application\/ld+json\" class=\"yoast-schema-graph\">{\"@context\":\"https:\\\/\\\/schema.org\",\"@graph\":[{\"@type\":\"WebPage\",\"@id\":\"https:\\\/\\\/iwell-guard.com\\\/sv\\\/gabriel\\\/\",\"url\":\"https:\\\/\\\/iwell-guard.com\\\/sv\\\/gabriel\\\/\",\"name\":\"Gabriel - budb\u00e4raren av gudomliga budskap\",\"isPartOf\":{\"@id\":\"https:\\\/\\\/iwell-guard.com\\\/sv\\\/#website\"},\"primaryImageOfPage\":{\"@id\":\"https:\\\/\\\/iwell-guard.com\\\/sv\\\/gabriel\\\/#primaryimage\"},\"image\":{\"@id\":\"https:\\\/\\\/iwell-guard.com\\\/sv\\\/gabriel\\\/#primaryimage\"},\"thumbnailUrl\":\"https:\\\/\\\/iwell-guard.com\\\/wp-content\\\/uploads\\\/2026\\\/04\\\/goetter_judentum_gabriel.webp\",\"datePublished\":\"2026-09-03T00:09:37+00:00\",\"dateModified\":\"2026-09-03T01:10:49+00:00\",\"description\":\"Gabriel, \u00e4rke\u00e4ngel i den judiska traditionen enligt sekelgammal skrift\u00f6verl\u00e4mning: Guds s\u00e4ndebud i Daniels visioner, f\u00f6rmedlare mellan himmel och jord.\",\"breadcrumb\":{\"@id\":\"https:\\\/\\\/iwell-guard.com\\\/sv\\\/gabriel\\\/#breadcrumb\"},\"inLanguage\":\"sv-SE\",\"potentialAction\":[{\"@type\":\"ReadAction\",\"target\":[\"https:\\\/\\\/iwell-guard.com\\\/sv\\\/gabriel\\\/\"]}]},{\"@type\":\"ImageObject\",\"inLanguage\":\"sv-SE\",\"@id\":\"https:\\\/\\\/iwell-guard.com\\\/sv\\\/gabriel\\\/#primaryimage\",\"url\":\"https:\\\/\\\/iwell-guard.com\\\/wp-content\\\/uploads\\\/2026\\\/04\\\/goetter_judentum_gabriel.webp\",\"contentUrl\":\"https:\\\/\\\/iwell-guard.com\\\/wp-content\\\/uploads\\\/2026\\\/04\\\/goetter_judentum_gabriel.webp\",\"width\":1024,\"height\":1536,\"caption\":\"Gudar fr\u00e5n traditionen judendom.\"},{\"@type\":\"BreadcrumbList\",\"@id\":\"https:\\\/\\\/iwell-guard.com\\\/sv\\\/gabriel\\\/#breadcrumb\",\"itemListElement\":[{\"@type\":\"ListItem\",\"position\":1,\"name\":\"Start\",\"item\":\"https:\\\/\\\/iwell-guard.com\\\/sv\\\/?page_id=136483\"},{\"@type\":\"ListItem\",\"position\":2,\"name\":\"Gabriel\"}]},{\"@type\":\"WebSite\",\"@id\":\"https:\\\/\\\/iwell-guard.com\\\/sv\\\/#website\",\"url\":\"https:\\\/\\\/iwell-guard.com\\\/sv\\\/\",\"name\":\"iWell Guard\",\"description\":\"Schutz vor dunklen Einfl\u00fcssen\",\"publisher\":{\"@id\":\"https:\\\/\\\/iwell-guard.com\\\/sv\\\/#organization\"},\"potentialAction\":[{\"@type\":\"SearchAction\",\"target\":{\"@type\":\"EntryPoint\",\"urlTemplate\":\"https:\\\/\\\/iwell-guard.com\\\/sv\\\/?s={search_term_string}\"},\"query-input\":{\"@type\":\"PropertyValueSpecification\",\"valueRequired\":true,\"valueName\":\"search_term_string\"}}],\"inLanguage\":\"sv-SE\"},{\"@type\":\"Organization\",\"@id\":\"https:\\\/\\\/iwell-guard.com\\\/sv\\\/#organization\",\"name\":\"Ittermann electronic GmbH\",\"url\":\"https:\\\/\\\/iwell-guard.com\\\/sv\\\/\",\"logo\":{\"@type\":\"ImageObject\",\"inLanguage\":\"sv-SE\",\"@id\":\"https:\\\/\\\/iwell-guard.com\\\/sv\\\/#\\\/schema\\\/logo\\\/image\\\/\",\"url\":\"https:\\\/\\\/iwell-guard.com\\\/wp-content\\\/uploads\\\/2026\\\/05\\\/Ittermann-Logo-1182x237-1.png\",\"contentUrl\":\"https:\\\/\\\/iwell-guard.com\\\/wp-content\\\/uploads\\\/2026\\\/05\\\/Ittermann-Logo-1182x237-1.png\",\"width\":1182,\"height\":237,\"caption\":\"Ittermann electronic GmbH\"},\"image\":{\"@id\":\"https:\\\/\\\/iwell-guard.com\\\/sv\\\/#\\\/schema\\\/logo\\\/image\\\/\"},\"sameAs\":[\"https:\\\/\\\/pantip.com\\\/profile\\\/9367242\",\"https:\\\/\\\/micro.blog\\\/iwellguard\",\"https:\\\/\\\/www.diggerslist.com\\\/iwellguard\\\/about\",\"https:\\\/\\\/skitterphoto.com\\\/photographers\\\/2870314\\\/iwell-guard\",\"https:\\\/\\\/iwellguard.wordpress.com\\\/2026\\\/06\\\/06\\\/iwell-guard\\\/\",\"https:\\\/\\\/hub.docker.com\\\/u\\\/iwellguard\",\"https:\\\/\\\/www.pinterest.com\\\/iwellguard\\\/\",\"https:\\\/\\\/bit.ly\\\/m\\\/iwellguard\",\"https:\\\/\\\/entre-vos-mains.alsace.eu\\\/profiles\\\/iwellguard\\\/activity\",\"https:\\\/\\\/gravatar.com\\\/reallybeded8fd34\",\"https:\\\/\\\/naijamatta.com\\\/iwellguard\",\"https:\\\/\\\/www.goodreads.com\\\/iwellguard\",\"https:\\\/\\\/profile.hatena.ne.jp\\\/iwellguard\\\/\",\"https:\\\/\\\/experiment.com\\\/users\\\/iwellguard\",\"https:\\\/\\\/wakelet.com\\\/@iWellGuard82270\",\"https:\\\/\\\/www.chordie.com\\\/forum\\\/profile.php?id=2555664\",\"https:\\\/\\\/www.instapaper.com\\\/p\\\/17757966\",\"https:\\\/\\\/www.mapleprimes.com\\\/users\\\/iwellguard\",\"https:\\\/\\\/businesslistingplus.com\\\/profile\\\/iwell-guard\\\/\",\"https:\\\/\\\/telegra.ph\\\/iWell-Guard-06-06\",\"https:\\\/\\\/pbase.com\\\/iwellguard\\\/iwellguard\",\"https:\\\/\\\/b.hatena.ne.jp\\\/iwellguard\\\/20260607#bookmark-4788405196491818882\",\"https:\\\/\\\/fliphtml5.com\\\/home\\\/iwellguard\",\"https:\\\/\\\/anyflip.com\\\/homepage\\\/cmiwl#About\",\"https:\\\/\\\/transfur.com\\\/Users\\\/iwellguard\",\"http:\\\/\\\/delphi.larsbo.org\\\/user\\\/iwellguard\",\"https:\\\/\\\/jobs.lajobsportal.org\\\/profiles\\\/8380803-iwell-guard\",\"https:\\\/\\\/md.chaosdorf.de\\\/s\\\/jfbe5SBdJD\",\"https:\\\/\\\/www.lingvolive.com\\\/en-us\\\/profile\\\/9ecaeaca-ce11-4e51-9e71-01d55e2bff36\\\/translations\",\"https:\\\/\\\/www.fitday.com\\\/fitness\\\/forums\\\/members\\\/iwellguard.html\",\"https:\\\/\\\/www.mymeetbook.com\\\/iwellguard\",\"https:\\\/\\\/pxhere.com\\\/en\\\/photographer-me\\\/5040798\",\"https:\\\/\\\/disqus.com\\\/by\\\/iwellguard\\\/about\\\/\",\"https:\\\/\\\/pastelink.net\\\/hjwciqwq\",\"https:\\\/\\\/pubhtml5.com\\\/homepage\\\/scjhn\\\/\",\"https:\\\/\\\/www.bitchute.com\\\/channel\\\/2O2eOKzNqujT\",\"https:\\\/\\\/audiomack.com\\\/iwellguard\"]},{\"@type\":\"Article\",\"@id\":\"https:\\\/\\\/iwell-guard.com\\\/sv\\\/gabriel\\\/#article\",\"isPartOf\":{\"@id\":\"https:\\\/\\\/iwell-guard.com\\\/sv\\\/gabriel\\\/\"},\"author\":{\"name\":\"Ralf Ittermann\",\"@id\":\"https:\\\/\\\/iwell-guard.com\\\/sv\\\/#\\\/schema\\\/person\\\/ee2a27f1cac3406c7c6fb5820cb7349f\"},\"headline\":\"Gabriel\",\"datePublished\":\"2026-09-03T00:09:37+00:00\",\"dateModified\":\"2026-09-03T01:10:49+00:00\",\"mainEntityOfPage\":{\"@id\":\"https:\\\/\\\/iwell-guard.com\\\/sv\\\/gabriel\\\/\"},\"publisher\":{\"@id\":\"https:\\\/\\\/iwell-guard.com\\\/sv\\\/#organization\"},\"image\":{\"@id\":\"https:\\\/\\\/iwell-guard.com\\\/sv\\\/gabriel\\\/#primaryimage\"},\"thumbnailUrl\":\"https:\\\/\\\/iwell-guard.com\\\/wp-content\\\/uploads\\\/2026\\\/04\\\/goetter_judentum_gabriel.webp\",\"inLanguage\":\"sv-SE\",\"description\":\"Gabriel, \u00e4rke\u00e4ngel i den judiska traditionen enligt sekelgammal skrift\u00f6verl\u00e4mning: Guds s\u00e4ndebud i Daniels visioner, f\u00f6rmedlare mellan himmel och jord.\"}]}<\/script>\n<!-- \/ Yoast SEO Premium plugin. -->","yoast_head_json":{"title":"Gabriel - budb\u00e4raren av gudomliga budskap","description":"Gabriel, \u00e4rke\u00e4ngel i den judiska traditionen enligt sekelgammal skrift\u00f6verl\u00e4mning: Guds s\u00e4ndebud i Daniels visioner, f\u00f6rmedlare mellan himmel och jord.","robots":{"index":"index","follow":"follow","max-snippet":"max-snippet:-1","max-image-preview":"max-image-preview:large","max-video-preview":"max-video-preview:-1"},"canonical":"https:\/\/iwell-guard.com\/sv\/gabriel\/","og_locale":"sv_SE","og_type":"article","og_title":"Gabriel","og_description":"Gabriel, \u00e4rke\u00e4ngel i den judiska traditionen enligt sekelgammal skrift\u00f6verl\u00e4mning: Guds s\u00e4ndebud i Daniels visioner, f\u00f6rmedlare mellan himmel och jord.","og_url":"https:\/\/iwell-guard.com\/sv\/gabriel\/","og_site_name":"iWell Guard","article_modified_time":"2026-09-03T01:10:49+00:00","og_image":[{"width":1024,"height":1536,"url":"https:\/\/iwell-guard.com\/wp-content\/uploads\/2026\/04\/goetter_judentum_gabriel.webp","type":"image\/webp"}],"twitter_card":"summary_large_image","schema":{"@context":"https:\/\/schema.org","@graph":[{"@type":"Article","@id":"https:\/\/iwell-guard.com\/sv\/gabriel\/#article","isPartOf":{"@id":"https:\/\/iwell-guard.com\/sv\/gabriel\/"},"author":{"name":"Ralf Ittermann","@id":"https:\/\/iwell-guard.com\/sv\/#\/schema\/person\/ee2a27f1cac3406c7c6fb5820cb7349f"},"headline":"Gabriel","datePublished":"2026-09-03T00:09:37+00:00","dateModified":"2026-09-03T01:10:49+00:00","mainEntityOfPage":{"@id":"https:\/\/iwell-guard.com\/sv\/gabriel\/"},"publisher":{"@id":"https:\/\/iwell-guard.com\/sv\/#organization"},"image":{"@id":"https:\/\/iwell-guard.com\/sv\/gabriel\/#primaryimage"},"thumbnailUrl":"https:\/\/iwell-guard.com\/wp-content\/uploads\/2026\/04\/goetter_judentum_gabriel.webp","inLanguage":"sv-SE","description":"Gabriel, \u00e4rke\u00e4ngel i den judiska traditionen enligt sekelgammal skrift\u00f6verl\u00e4mning: Guds s\u00e4ndebud i Daniels visioner, f\u00f6rmedlare mellan himmel och jord."},{"@type":"WebPage","@id":"https:\/\/iwell-guard.com\/sv\/gabriel\/","url":"https:\/\/iwell-guard.com\/sv\/gabriel\/","name":"Gabriel - budb\u00e4raren av gudomliga budskap","isPartOf":{"@id":"https:\/\/iwell-guard.com\/sv\/#website"},"primaryImageOfPage":{"@id":"https:\/\/iwell-guard.com\/sv\/gabriel\/#primaryimage"},"image":{"@id":"https:\/\/iwell-guard.com\/sv\/gabriel\/#primaryimage"},"thumbnailUrl":"https:\/\/iwell-guard.com\/wp-content\/uploads\/2026\/04\/goetter_judentum_gabriel.webp","datePublished":"2026-09-03T00:09:37+00:00","dateModified":"2026-09-03T01:10:49+00:00","description":"Gabriel, \u00e4rke\u00e4ngel i den judiska traditionen enligt sekelgammal skrift\u00f6verl\u00e4mning: Guds s\u00e4ndebud i Daniels visioner, f\u00f6rmedlare mellan himmel och jord.","breadcrumb":{"@id":"https:\/\/iwell-guard.com\/sv\/gabriel\/#breadcrumb"},"inLanguage":"sv-SE","potentialAction":[{"@type":"ReadAction","target":["https:\/\/iwell-guard.com\/sv\/gabriel\/"]}]},{"@type":"ImageObject","inLanguage":"sv-SE","@id":"https:\/\/iwell-guard.com\/sv\/gabriel\/#primaryimage","url":"https:\/\/iwell-guard.com\/wp-content\/uploads\/2026\/04\/goetter_judentum_gabriel.webp","contentUrl":"https:\/\/iwell-guard.com\/wp-content\/uploads\/2026\/04\/goetter_judentum_gabriel.webp","width":1024,"height":1536,"caption":"Gudar fr\u00e5n traditionen judendom."},{"@type":"BreadcrumbList","@id":"https:\/\/iwell-guard.com\/sv\/gabriel\/#breadcrumb","itemListElement":[{"@type":"ListItem","position":1,"name":"Start","item":"https:\/\/iwell-guard.com\/sv\/?page_id=136483"},{"@type":"ListItem","position":2,"name":"Gabriel"}]},{"@type":"WebSite","@id":"https:\/\/iwell-guard.com\/sv\/#website","url":"https:\/\/iwell-guard.com\/sv\/","name":"iWell Guard","description":"Schutz vor dunklen Einfl\u00fcssen","publisher":{"@id":"https:\/\/iwell-guard.com\/sv\/#organization"},"potentialAction":[{"@type":"SearchAction","target":{"@type":"EntryPoint","urlTemplate":"https:\/\/iwell-guard.com\/sv\/?s={search_term_string}"},"query-input":{"@type":"PropertyValueSpecification","valueRequired":true,"valueName":"search_term_string"}}],"inLanguage":"sv-SE"},{"@type":"Organization","@id":"https:\/\/iwell-guard.com\/sv\/#organization","name":"Ittermann electronic GmbH","url":"https:\/\/iwell-guard.com\/sv\/","logo":{"@type":"ImageObject","inLanguage":"sv-SE","@id":"https:\/\/iwell-guard.com\/sv\/#\/schema\/logo\/image\/","url":"https:\/\/iwell-guard.com\/wp-content\/uploads\/2026\/05\/Ittermann-Logo-1182x237-1.png","contentUrl":"https:\/\/iwell-guard.com\/wp-content\/uploads\/2026\/05\/Ittermann-Logo-1182x237-1.png","width":1182,"height":237,"caption":"Ittermann electronic GmbH"},"image":{"@id":"https:\/\/iwell-guard.com\/sv\/#\/schema\/logo\/image\/"},"sameAs":["https:\/\/pantip.com\/profile\/9367242","https:\/\/micro.blog\/iwellguard","https:\/\/www.diggerslist.com\/iwellguard\/about","https:\/\/skitterphoto.com\/photographers\/2870314\/iwell-guard","https:\/\/iwellguard.wordpress.com\/2026\/06\/06\/iwell-guard\/","https:\/\/hub.docker.com\/u\/iwellguard","https:\/\/www.pinterest.com\/iwellguard\/","https:\/\/bit.ly\/m\/iwellguard","https:\/\/entre-vos-mains.alsace.eu\/profiles\/iwellguard\/activity","https:\/\/gravatar.com\/reallybeded8fd34","https:\/\/naijamatta.com\/iwellguard","https:\/\/www.goodreads.com\/iwellguard","https:\/\/profile.hatena.ne.jp\/iwellguard\/","https:\/\/experiment.com\/users\/iwellguard","https:\/\/wakelet.com\/@iWellGuard82270","https:\/\/www.chordie.com\/forum\/profile.php?id=2555664","https:\/\/www.instapaper.com\/p\/17757966","https:\/\/www.mapleprimes.com\/users\/iwellguard","https:\/\/businesslistingplus.com\/profile\/iwell-guard\/","https:\/\/telegra.ph\/iWell-Guard-06-06","https:\/\/pbase.com\/iwellguard\/iwellguard","https:\/\/b.hatena.ne.jp\/iwellguard\/20260607#bookmark-4788405196491818882","https:\/\/fliphtml5.com\/home\/iwellguard","https:\/\/anyflip.com\/homepage\/cmiwl#About","https:\/\/transfur.com\/Users\/iwellguard","http:\/\/delphi.larsbo.org\/user\/iwellguard","https:\/\/jobs.lajobsportal.org\/profiles\/8380803-iwell-guard","https:\/\/md.chaosdorf.de\/s\/jfbe5SBdJD","https:\/\/www.lingvolive.com\/en-us\/profile\/9ecaeaca-ce11-4e51-9e71-01d55e2bff36\/translations","https:\/\/www.fitday.com\/fitness\/forums\/members\/iwellguard.html","https:\/\/www.mymeetbook.com\/iwellguard","https:\/\/pxhere.com\/en\/photographer-me\/5040798","https:\/\/disqus.com\/by\/iwellguard\/about\/","https:\/\/pastelink.net\/hjwciqwq","https:\/\/pubhtml5.com\/homepage\/scjhn\/","https:\/\/www.bitchute.com\/channel\/2O2eOKzNqujT","https:\/\/audiomack.com\/iwellguard"]},{"@type":"Person","@id":"https:\/\/iwell-guard.com\/sv\/#\/schema\/person\/ee2a27f1cac3406c7c6fb5820cb7349f","name":"Ralf Ittermann","image":{"@type":"ImageObject","inLanguage":"sv-SE","@id":"https:\/\/secure.gravatar.com\/avatar\/073c0153e350a5005b68eb752b445fea71f6b24a26da9449ad7e155e6b446c9d?s=96&d=mm&r=g","url":"https:\/\/secure.gravatar.com\/avatar\/073c0153e350a5005b68eb752b445fea71f6b24a26da9449ad7e155e6b446c9d?s=96&d=mm&r=g","contentUrl":"https:\/\/secure.gravatar.com\/avatar\/073c0153e350a5005b68eb752b445fea71f6b24a26da9449ad7e155e6b446c9d?s=96&d=mm&r=g","caption":"Ralf Ittermann"},"givenName":"Ralf","familyName":"Ittermann","jobTitle":"Gesch\u00e4ftsf\u00fchrer und redaktioneller Verantwortlicher","url":"https:\/\/iwell-guard.com\/sv\/author\/claude\/","description":"Ralf Ittermann ist Gesch\u00e4ftsf\u00fchrer der Ittermann electronic GmbH und redaktioneller Verantwortlicher des iWell-Guard-Lexikons. Er verbindet langj\u00e4hrige Erfahrung in der Pr\u00e4zisionsfertigung mit medialer Praxis und religionsgeschichtlicher Quellenarbeit.","worksFor":{"@type":"Organization","name":"Ittermann electronic GmbH","url":"https:\/\/ittermann.de\/","address":{"@type":"PostalAddress","streetAddress":"K\u00f6hlergasse 16-18","postalCode":"99842","addressLocality":"Ruhla","addressCountry":"DE"}},"knowsAbout":["Religionsgeschichte","Mythologie","Mediale Praxis","Energetische Diagnostik","Schutzpraxis","Volksglauben","Westliche Esoterik"]},{"@type":"Article","@id":"https:\/\/iwell-guard.com\/sv\/gabriel\/#article","isPartOf":{"@id":"https:\/\/iwell-guard.com\/sv\/gabriel\/"},"author":{"name":"Ralf Ittermann","@id":"https:\/\/iwell-guard.com\/sv\/#\/schema\/person\/ee2a27f1cac3406c7c6fb5820cb7349f"},"headline":"Gabriel","datePublished":"2026-09-03T00:09:37+00:00","dateModified":"2026-09-03T01:10:49+00:00","mainEntityOfPage":{"@id":"https:\/\/iwell-guard.com\/sv\/gabriel\/"},"publisher":{"@id":"https:\/\/iwell-guard.com\/sv\/#organization"},"image":{"@id":"https:\/\/iwell-guard.com\/sv\/gabriel\/#primaryimage"},"thumbnailUrl":"https:\/\/iwell-guard.com\/wp-content\/uploads\/2026\/04\/goetter_judentum_gabriel.webp","inLanguage":"sv-SE","description":"Gabriel, \u00e4rke\u00e4ngel i den judiska traditionen enligt sekelgammal skrift\u00f6verl\u00e4mning: Guds s\u00e4ndebud i Daniels visioner, f\u00f6rmedlare mellan himmel och jord."}]}},"_links":{"self":[{"href":"https:\/\/iwell-guard.com\/sv\/wp-json\/wp\/v2\/pages\/136741","targetHints":{"allow":["GET"]}}],"collection":[{"href":"https:\/\/iwell-guard.com\/sv\/wp-json\/wp\/v2\/pages"}],"about":[{"href":"https:\/\/iwell-guard.com\/sv\/wp-json\/wp\/v2\/types\/page"}],"author":[{"embeddable":true,"href":"https:\/\/iwell-guard.com\/sv\/wp-json\/wp\/v2\/users\/3"}],"replies":[{"embeddable":true,"href":"https:\/\/iwell-guard.com\/sv\/wp-json\/wp\/v2\/comments?post=136741"}],"version-history":[{"count":0,"href":"https:\/\/iwell-guard.com\/sv\/wp-json\/wp\/v2\/pages\/136741\/revisions"}],"wp:featuredmedia":[{"embeddable":true,"href":"https:\/\/iwell-guard.com\/sv\/wp-json\/wp\/v2\/media\/1609"}],"wp:attachment":[{"href":"https:\/\/iwell-guard.com\/sv\/wp-json\/wp\/v2\/media?parent=136741"}],"wp:term":[{"taxonomy":"category","embeddable":true,"href":"https:\/\/iwell-guard.com\/sv\/wp-json\/wp\/v2\/categories?post=136741"}],"curies":[{"name":"wp","href":"https:\/\/api.w.org\/{rel}","templated":true}]}}