{"id":136721,"date":"2026-09-03T00:09:27","date_gmt":"2026-09-03T00:09:27","guid":{"rendered":"https:\/\/iwell-guard.com\/?page_id=136721"},"modified":"2026-09-03T01:10:18","modified_gmt":"2026-09-03T01:10:18","slug":"frigg","status":"publish","type":"page","link":"https:\/\/iwell-guard.com\/sv\/frigg\/","title":{"rendered":"Frigg"},"content":{"rendered":"\t\t<div data-elementor-type=\"wp-page\" data-elementor-id=\"136721\" class=\"elementor elementor-136721 elementor-2098 elementor-bc-flex-widget\" data-elementor-post-type=\"page\">\n\t\t\t\t<div class=\"elementor-element elementor-element-10fdade e-flex e-con-boxed e-con e-parent\" data-id=\"10fdade\" data-element_type=\"container\" data-e-type=\"container\" data-settings=\"{&quot;background_background&quot;:&quot;classic&quot;}\">\n\t\t\t\t\t<div class=\"e-con-inner\">\n\t\t<div class=\"elementor-element elementor-element-herohlft0 e-flex e-con-boxed e-con e-child\" data-id=\"herohlft0\" data-element_type=\"container\" data-e-type=\"container\">\n\t\t\t\t\t<div class=\"e-con-inner\">\n\t\t<div class=\"elementor-element elementor-element-c3ceb64 e-con-full e-flex e-con e-child\" data-id=\"c3ceb64\" data-element_type=\"container\" data-e-type=\"container\">\n\t\t\t\t<div class=\"elementor-element elementor-element-96ae5e1 elementor-widget elementor-widget-heading\" data-id=\"96ae5e1\" data-element_type=\"widget\" data-e-type=\"widget\" data-widget_type=\"heading.default\">\n\t\t\t\t\t<h1 class=\"elementor-heading-title elementor-size-default\">Frigg, gudinna i den germanska traditionen<\/h1>\t\t\t\t<\/div>\n\t\t\t\t<div class=\"elementor-element elementor-element-e45238a elementor-widget elementor-widget-text-editor\" data-id=\"e45238a\" data-element_type=\"widget\" data-e-type=\"widget\" data-widget_type=\"text-editor.default\">\n\t\t\t\t\t\t\t\t\t<p>H\u00f6gsta gudinnan i den germanska <span class=\"iwg-fachbegriff\" data-tooltip=\"Helheten av en kulturs \u00f6verlevda gudaber\u00e4ttelser.\" tabindex=\"0\">mytologin<\/span>, Odens maka, Balders mor. Frigg anses i de nordiska k\u00e4llorna vara den h\u00f6gsta gudinnan i asafamiljen och h\u00e4rskarinna \u00f6ver Fensalir. Hon st\u00e5r f\u00f6r \u00e4ktenskap, moderskap och ett ordnat hush\u00e5ll och besitter samtidigt f\u00f6rm\u00e5gan att se \u00f6det utan att tala om det.<\/p>\t\t\t\t\t\t\t\t<\/div>\n\t\t\t\t<\/div>\n\t\t<div class=\"elementor-element elementor-element-klsbdg01 e-con-full e-flex e-con e-parent\" data-id=\"klsbdg01\" data-element_type=\"container\" data-e-type=\"container\">\n\t\t\t\t<div class=\"elementor-element elementor-element-klshtm01 elementor-widget elementor-widget-html\" data-id=\"klshtm01\" data-element_type=\"widget\" data-e-type=\"widget\" data-widget_type=\"html.default\">\n\t\t\t\t\t<div class=\"iwg-pill-row\"><span class=\"iwg-klasse-badge\" tabindex=\"0\" data-tooltip=\"Gud \/ gudinna: Personifierad h\u00f6gsta makt i en kulturs panteon, med tydliga ansvarsomr\u00e5den, naturkrafter, \u00f6de, krig, fruktbarhet. Dyrkad genom kulter, offer och tempelinstitutioner.\">Gudinna<\/span><a href=\"https:\/\/iwell-guard.com\/sv\/germanskt\/\" class=\"iwg-kultur-badge\" tabindex=\"0\" data-tooltip=\"F\u00f6rkristen gud- och andev\u00e4rld i Nord- och Mellaneuropa.\">Germansk<\/a><a href=\"https:\/\/iwell-guard.com\/sv\/skyddsgudomar\/\" class=\"iwg-tradition-badge\" tabindex=\"0\" data-tooltip=\"Skyddande gudomar, v\u00e4ktare av hem, stad, f\u00f6dslar, resor eller livsfaser.\">Skyddsgudom<\/a><\/div>\t\t\t\t<\/div>\n\t\t\t\t<\/div>\n\t\t<div class=\"elementor-element elementor-element-3f74855 e-con-full e-flex e-con e-child\" data-id=\"3f74855\" data-element_type=\"container\" data-e-type=\"container\">\n\t\t\t\t<div class=\"elementor-element elementor-element-1c30362 elementor-toc--minimized-on-tablet elementor-widget elementor-widget-table-of-contents\" data-id=\"1c30362\" data-element_type=\"widget\" data-e-type=\"widget\" data-settings=\"{&quot;exclude_headings_by_selector&quot;:[],&quot;no_headings_message&quot;:&quot;Inga rubriker hittades p\\u00e5 den h\\u00e4r sidan.&quot;,&quot;headings_by_tags&quot;:[&quot;h2&quot;,&quot;h3&quot;],&quot;marker_view&quot;:&quot;bullets&quot;,&quot;minimize_box&quot;:&quot;yes&quot;,&quot;icon&quot;:{&quot;value&quot;:&quot;fas fa-circle&quot;,&quot;library&quot;:&quot;fa-solid&quot;,&quot;rendered_tag&quot;:&quot;&lt;svg class=\\&quot;e-font-icon-svg e-fas-circle\\&quot; viewBox=\\&quot;0 0 512 512\\&quot; xmlns=\\&quot;http:\\\/\\\/www.w3.org\\\/2000\\\/svg\\&quot;&gt;&lt;path d=\\&quot;M256 8C119 8 8 119 8 256s111 248 248 248 248-111 248-248S393 8 256 8z\\&quot;&gt;&lt;\\\/path&gt;&lt;\\\/svg&gt;&quot;},&quot;minimized_on&quot;:&quot;tablet&quot;,&quot;hierarchical_view&quot;:&quot;yes&quot;,&quot;min_height&quot;:{&quot;unit&quot;:&quot;px&quot;,&quot;size&quot;:&quot;&quot;,&quot;sizes&quot;:[]},&quot;min_height_tablet&quot;:{&quot;unit&quot;:&quot;px&quot;,&quot;size&quot;:&quot;&quot;,&quot;sizes&quot;:[]},&quot;min_height_mobile&quot;:{&quot;unit&quot;:&quot;px&quot;,&quot;size&quot;:&quot;&quot;,&quot;sizes&quot;:[]}}\" data-widget_type=\"table-of-contents.default\">\n\t\t\t\t\t\t\t\t\t<div class=\"elementor-toc__header\">\n\t\t\t\t\t\t<h2 class=\"elementor-toc__header-title\">\n\t\t\t\tInneh\u00e5llsf\u00f6rteckning\t\t\t<\/h2>\n\t\t\t\t\t\t\t\t\t\t<div class=\"elementor-toc__toggle-button elementor-toc__toggle-button--expand\" role=\"button\" tabindex=\"0\" aria-controls=\"elementor-toc__1c30362\" aria-expanded=\"true\" aria-label=\"\u00d6ppna inneh\u00e5llsf\u00f6rteckning\"><svg aria-hidden=\"true\" class=\"e-font-icon-svg e-fas-chevron-down\" viewBox=\"0 0 448 512\" xmlns=\"http:\/\/www.w3.org\/2000\/svg\"><path d=\"M207.029 381.476L12.686 187.132c-9.373-9.373-9.373-24.569 0-33.941l22.667-22.667c9.357-9.357 24.522-9.375 33.901-.04L224 284.505l154.745-154.021c9.379-9.335 24.544-9.317 33.901.04l22.667 22.667c9.373 9.373 9.373 24.569 0 33.941L240.971 381.476c-9.373 9.372-24.569 9.372-33.942 0z\"><\/path><\/svg><\/div>\n\t\t\t\t<div class=\"elementor-toc__toggle-button elementor-toc__toggle-button--collapse\" role=\"button\" tabindex=\"0\" aria-controls=\"elementor-toc__1c30362\" aria-expanded=\"true\" aria-label=\"St\u00e4ng inneh\u00e5llsf\u00f6rteckning\"><svg aria-hidden=\"true\" class=\"e-font-icon-svg e-fas-chevron-up\" viewBox=\"0 0 448 512\" xmlns=\"http:\/\/www.w3.org\/2000\/svg\"><path d=\"M240.971 130.524l194.343 194.343c9.373 9.373 9.373 24.569 0 33.941l-22.667 22.667c-9.357 9.357-24.522 9.375-33.901.04L224 227.495 69.255 381.516c-9.379 9.335-24.544 9.317-33.901-.04l-22.667-22.667c-9.373-9.373-9.373-24.569 0-33.941L207.03 130.525c9.372-9.373 24.568-9.373 33.941-.001z\"><\/path><\/svg><\/div>\n\t\t\t\t\t<\/div>\n\t\t\t\t<div id=\"elementor-toc__1c30362\" class=\"elementor-toc__body\">\n\t\t\t<div class=\"elementor-toc__spinner-container\">\n\t\t\t\t<svg class=\"elementor-toc__spinner eicon-animation-spin e-font-icon-svg e-eicon-loading\" aria-hidden=\"true\" viewBox=\"0 0 1000 1000\" xmlns=\"http:\/\/www.w3.org\/2000\/svg\"><path d=\"M500 975V858C696 858 858 696 858 500S696 142 500 142 142 304 142 500H25C25 237 238 25 500 25S975 237 975 500 763 975 500 975Z\"><\/path><\/svg>\t\t\t<\/div>\n\t\t<\/div>\n\t\t\t\t\t\t<\/div>\n\t\t\t\t<\/div>\n\t\t\t\t\t<\/div>\n\t\t\t\t<\/div>\n\t\t<div class=\"elementor-element elementor-element-herorght0 e-con-full e-flex e-con e-child\" data-id=\"herorght0\" data-element_type=\"container\" data-e-type=\"container\">\n\t\t\t\t<div class=\"elementor-element elementor-element-heroimg00 iwg-hero-image elementor-widget elementor-widget-image\" data-id=\"heroimg00\" data-element_type=\"widget\" data-e-type=\"widget\" data-widget_type=\"image.default\">\n\t\t\t\t\t\t\t\t\t\t\t\t\t\t\t<img fetchpriority=\"high\" decoding=\"async\" width=\"683\" height=\"1024\" src=\"https:\/\/iwell-guard.com\/wp-content\/uploads\/2026\/04\/goetter_germanisch_frigg-683x1024.webp\" class=\"attachment-large size-large wp-image-136414\" alt=\"Frigg \u2013 gudar fr\u00e5n den germanska traditionen, historiskt-illustrativ\" srcset=\"https:\/\/iwell-guard.com\/wp-content\/uploads\/2026\/04\/goetter_germanisch_frigg-683x1024.webp 683w, https:\/\/iwell-guard.com\/wp-content\/uploads\/2026\/04\/goetter_germanisch_frigg-200x300.webp 200w, https:\/\/iwell-guard.com\/wp-content\/uploads\/2026\/04\/goetter_germanisch_frigg-768x1152.webp 768w, https:\/\/iwell-guard.com\/wp-content\/uploads\/2026\/04\/goetter_germanisch_frigg.webp 1024w\" sizes=\"(max-width: 683px) 100vw, 683px\" \/>\t\t\t\t\t\t\t\t\t\t\t\t\t\t\t<\/div>\n\t\t\t\t<\/div>\n\t\t\t\t\t<\/div>\n\t\t\t\t<\/div>\n\t\t<div class=\"elementor-element elementor-element-32917199 e-flex e-con-boxed e-con e-parent\" data-id=\"32917199\" data-element_type=\"container\" data-e-type=\"container\">\n\t\t\t\t\t<div class=\"e-con-inner\">\n\t\t<div class=\"elementor-element elementor-element-26e916cb e-flex e-con-boxed e-con e-child\" data-id=\"26e916cb\" data-element_type=\"container\" data-e-type=\"container\">\n\t\t\t\t\t<div class=\"e-con-inner\">\n\t\t<div class=\"elementor-element elementor-element-253a40d4 e-flex e-con-boxed e-con e-child\" data-id=\"253a40d4\" data-element_type=\"container\" data-e-type=\"container\">\n\t\t\t\t\t<div class=\"e-con-inner\">\n\t\t\t\t<div class=\"elementor-element elementor-element-1200c304 elementor-widget elementor-widget-heading\" data-id=\"1200c304\" data-element_type=\"widget\" data-e-type=\"widget\" data-widget_type=\"heading.default\">\n\t\t\t\t\t<h2 class=\"elementor-heading-title elementor-size-default\">Frigg<\/h2>\t\t\t\t<\/div>\n\t\t\t\t\t<\/div>\n\t\t\t\t<\/div>\n\t\t<div class=\"elementor-element elementor-element-159dcf9a e-flex e-con-boxed e-con e-child\" data-id=\"159dcf9a\" data-element_type=\"container\" data-e-type=\"container\">\n\t\t\t\t\t<div class=\"e-con-inner\">\n\t\t\t\t<div class=\"elementor-element elementor-element-48cee66f elementor-widget elementor-widget-heading\" data-id=\"48cee66f\" data-element_type=\"widget\" data-e-type=\"widget\" data-widget_type=\"heading.default\">\n\t\t\t\t\t<h3 class=\"elementor-heading-title elementor-size-default\">I korthet: Frigg<\/h3>\t\t\t\t<\/div>\n\t\t\t\t<div class=\"elementor-element elementor-element-3f50d82c elementor-widget elementor-widget-text-editor\" data-id=\"3f50d82c\" data-element_type=\"widget\" data-e-type=\"widget\" data-widget_type=\"text-editor.default\">\n\t\t\t\t\t\t\t\t\t<p><strong>Typ:<\/strong> Germansk huvudgudinna, \u00e4sinna, Odens maka, modergudinna<br><span class=\"iwg-fachbegriff\" data-tooltip=\"Helheten av gudarna i en religion eller kultur.\" tabindex=\"0\">Panteon<\/span>: Germanskt\/nordiskt (asasl\u00e4ktet)<br>Funktion: Moderskap, hemskydd, visdom (tystnadskunskap), framtidssyn (allvetande, utan att tala om det)<br>Huvudattribut: Spinnrock, nyckelknippa (hemskydd), falkfj\u00e4dermantel, hovkl\u00e4dnad<br>Huvudkultplatser: inga egna <span class=\"iwg-fachbegriff\" data-tooltip=\"En byggnad som anv\u00e4nds f\u00f6r dyrkan av en eller flera gudomar.\" tabindex=\"0\">tempel<\/span> dokumenterade, i Sachsen och Niedersachsen <span class=\"iwg-fachbegriff\" data-tooltip=\"Fr\u00e5n tiden f\u00f6re kristendomens utbredning.\" tabindex=\"0\">f\u00f6rkristet<\/span> spridd<br>Romersk identifikation: Venus (i veckodagstraditionen: fredag = Friggs dag, parallellt med Veneris dies)<\/p>\t\t\t\t\t\t\t\t<\/div>\n\t\t\t\t\t<\/div>\n\t\t\t\t<\/div>\n\t\t\t\t\t<\/div>\n\t\t\t\t<\/div>\n\t\t\t\t\t<\/div>\n\t\t\t\t<\/div>\n\t\t<div class=\"elementor-element elementor-element-18613602 e-flex e-con-boxed e-con e-parent\" data-id=\"18613602\" data-element_type=\"container\" data-e-type=\"container\">\n\t\t\t\t\t<div class=\"e-con-inner\">\n\t\t\t\t<div class=\"elementor-element elementor-element-262b8a9f elementor-widget elementor-widget-heading\" data-id=\"262b8a9f\" data-element_type=\"widget\" data-e-type=\"widget\" data-widget_type=\"heading.default\">\n\t\t\t\t\t<h2 class=\"elementor-heading-title elementor-size-default\">Historisk inordning<\/h2>\t\t\t\t<\/div>\n\t\t<div class=\"elementor-element elementor-element-46dcb7d e-con-full e-flex e-con e-child\" data-id=\"46dcb7d\" data-element_type=\"container\" data-e-type=\"container\">\n\t\t<div class=\"elementor-element elementor-element-61d3ab3 e-flex e-con-boxed e-con e-child\" data-id=\"61d3ab3\" data-element_type=\"container\" data-e-type=\"container\">\n\t\t\t\t\t<div class=\"e-con-inner\">\n\t\t\t\t<div class=\"elementor-element elementor-element-117c166 elementor-widget elementor-widget-heading\" data-id=\"117c166\" data-element_type=\"widget\" data-e-type=\"widget\" data-widget_type=\"heading.default\">\n\t\t\t\t\t<h3 class=\"elementor-heading-title elementor-size-default\">Texternas tidsperiod<\/h3>\t\t\t\t<\/div>\n\t\t\t\t<div class=\"elementor-element elementor-element-73997a0 elementor-widget elementor-widget-text-editor\" data-id=\"73997a0\" data-element_type=\"widget\" data-e-type=\"widget\" data-widget_type=\"text-editor.default\">\n\t\t\t\t\t\t\t\t\t<p>Frigg \u00e4r central sedan de tidigaste germanska k\u00e4llorna (romerska Tacitus, 1:a \u00e5rhundradet e.Kr., senare Snorri Sturlusons <em>Edda<\/em>, 1200-talet). Den litter\u00e4ra huvudk\u00e4llan \u00e4r <em>Snorra-Eddan<\/em> (1220) och <em>Den poetiska Eddan<\/em> (samlad 1200-talet, inneh\u00e5ller \u00e4ldre mytologiska dikter).<\/p><p>I det germanska veckodagssystemet \u00e4r <em>fredag<\/em> uppkallad efter Frigg (germanskt <em>Frij\u0101dagaz<\/em>, parallellt med den latinska <em>dies Veneris<\/em>). Kristnandet av Skandinavien (900\u20131100-talet) avbr\u00f6t <span class=\"iwg-fachbegriff\" data-tooltip=\"Helheten av religi\u00f6sa v\u00f6rdnadshandlingar f\u00f6r en gudom eller helig gestalt.\" tabindex=\"0\">kulten<\/span>, men den bevarades i veckodagsnamnet, i folkbruk och i den litter\u00e4ra traditionen. Under 1800-\/1900-talet skedde en germansk-romantisk och neopagan-asatru-\u00e5terupplivning.<\/p>\t\t\t\t\t\t\t\t<\/div>\n\t\t\t\t\t<\/div>\n\t\t\t\t<\/div>\n\t\t<div class=\"elementor-element elementor-element-d47b156 e-flex e-con-boxed e-con e-child\" data-id=\"d47b156\" data-element_type=\"container\" data-e-type=\"container\">\n\t\t\t\t\t<div class=\"e-con-inner\">\n\t\t\t\t<div class=\"elementor-element elementor-element-ff38c2b elementor-widget elementor-widget-heading\" data-id=\"ff38c2b\" data-element_type=\"widget\" data-e-type=\"widget\" data-widget_type=\"heading.default\">\n\t\t\t\t\t<h3 class=\"elementor-heading-title elementor-size-default\">Utbredningsomr\u00e5de<\/h3>\t\t\t\t<\/div>\n\t\t\t\t<div class=\"elementor-element elementor-element-4e49fcc elementor-widget elementor-widget-text-editor\" data-id=\"4e49fcc\" data-element_type=\"widget\" data-e-type=\"widget\" data-widget_type=\"text-editor.default\">\n\t\t\t\t\t\t\t\t\t<p>Direkta Frigg-<span class=\"iwg-fachbegriff\" data-tooltip=\"En byggnad som anv\u00e4nds f\u00f6r dyrkan av en eller flera gudomar.\" tabindex=\"0\">tempel<\/span> \u00e4r inte tydligt dokumenterade. Den forngermanska v\u00f6rdnaden bestod huvudsakligen av hemkult och <span class=\"iwg-fachbegriff\" data-tooltip=\"Religi\u00f6sa f\u00f6rest\u00e4llningar och bruk som \u00e4r spridda i vardagen.\" tabindex=\"0\">folktro<\/span>. Tacitus n\u00e4mner en <span class=\"iwg-fachbegriff\" data-tooltip=\"En helig tr\u00e4dbev\u00e4xt plats som tj\u00e4nade som kultplats.\" tabindex=\"0\">lund<\/span> i Schwarzwald som helig plats.<\/p><p>Under den skandinaviska medeltiden domineras hennes omn\u00e4mnanden av litteraturen (Eddan, skaldediktning). I den moderna <em>asatru<\/em>-traditionen (germansk-hedendom sedan 1970-talet) dyrkas hon \u00e5ter aktivt; idag finns asatru-bl\u00f3tsammankomster i Tyskland, USA och Skandinavien.<\/p>\t\t\t\t\t\t\t\t<\/div>\n\t\t\t\t\t<\/div>\n\t\t\t\t<\/div>\n\t\t\t\t<\/div>\n\t\t<div class=\"elementor-element elementor-element-db03c39 e-con-full e-flex e-con e-child\" data-id=\"db03c39\" data-element_type=\"container\" data-e-type=\"container\">\n\t\t<div class=\"elementor-element elementor-element-229a87b e-flex e-con-boxed e-con e-child\" data-id=\"229a87b\" data-element_type=\"container\" data-e-type=\"container\">\n\t\t\t\t\t<div class=\"e-con-inner\">\n\t\t\t\t<div class=\"elementor-element elementor-element-1f471fc elementor-widget elementor-widget-heading\" data-id=\"1f471fc\" data-element_type=\"widget\" data-e-type=\"widget\" data-widget_type=\"heading.default\">\n\t\t\t\t\t<h3 class=\"elementor-heading-title elementor-size-default\">K\u00e4ll\u00e4ge<\/h3>\t\t\t\t<\/div>\n\t\t\t\t<div class=\"elementor-element elementor-element-36b1201 elementor-widget elementor-widget-text-editor\" data-id=\"36b1201\" data-element_type=\"widget\" data-e-type=\"widget\" data-widget_type=\"text-editor.default\">\n\t\t\t\t\t\t\t\t\t<p>Centrala k\u00e4llor: <span class=\"iwg-fachbegriff\" tabindex=\"0\" data-tooltip=\"Isl\u00e4ndsk l\u00e4rd (1179\u20131241); f\u00f6rfattare till Prosaeddan och Heimskringla.\">Snorri Sturluson<\/span> <em>Snorra-Eddan<\/em> (Gylfaginning, Sk\u00e1ldskaparm\u00e1l); <em>Den poetiska Eddan<\/em> (Vafthrudnismal, Lokasenna med Friggs f\u00f6rsvarstal); Saxo Grammaticus <em>Gesta Danorum<\/em> (1100-talet, evemeriserade germanska myter); Tacitus <em>Germania<\/em> (1:a \u00e5rhundradet).<\/p><p>Sekund\u00e4rlitteratur: Simek, <em>Lexikon der germanischen <span class=\"iwg-fachbegriff\" data-tooltip=\"Helheten av en kulturs \u00f6verlevda gudaber\u00e4ttelser.\" tabindex=\"0\">Mythologie<\/span><\/em>; de Vries, <em>Altgermanische Religionsgeschichte<\/em>; Lindow, <em>Norse Mythology. A Guide to the Gods, Heroes, Rituals, and Beliefs<\/em>; Davidson, <em>Roles of the Northern Goddess<\/em>.<\/p>\t\t\t\t\t\t\t\t<\/div>\n\t\t\t\t\t<\/div>\n\t\t\t\t<\/div>\n\t\t\t\t<\/div>\n\t\t\t\t\t<\/div>\n\t\t\t\t<\/div>\n\t\t<div class=\"elementor-element elementor-element-3ae0637c e-flex e-con-boxed e-con e-parent\" data-id=\"3ae0637c\" data-element_type=\"container\" data-e-type=\"container\">\n\t\t\t\t\t<div class=\"e-con-inner\">\n\t\t\t\t<div class=\"elementor-element elementor-element-31d07739 elementor-widget elementor-widget-heading\" data-id=\"31d07739\" data-element_type=\"widget\" data-e-type=\"widget\" data-widget_type=\"heading.default\">\n\t\t\t\t\t<h2 class=\"elementor-heading-title elementor-size-default\">Namn<\/h2>\t\t\t\t<\/div>\n\t\t<div class=\"elementor-element elementor-element-b7642947 e-con-full e-flex e-con e-child\" data-id=\"b7642947\" data-element_type=\"container\" data-e-type=\"container\">\n\t\t\t\t<div class=\"elementor-element elementor-element-a086266 elementor-widget elementor-widget-text-editor\" data-id=\"a086266\" data-element_type=\"widget\" data-e-type=\"widget\" data-widget_type=\"text-editor.default\">\n\t\t\t\t\t\t\t\t\t<p>Frigg avbildas som en mogen, v\u00e4rdig kvinna, ofta med spinnrock eller nyckelknippa, b\u00e5da symboler f\u00f6r husmoderlig makt i det vikingatida Norden. Hennes falkmantel ger henne, och ibland l\u00e5nande gudar som Loke, f\u00f6rm\u00e5gan att flyga.<\/p><p>De tolv asynjorna, underordnade gudinnor, betraktas som hennes tj\u00e4narinnor. Hennes f\u00e4rger \u00e4r vitt, silver och blekbl\u00e5tt; hennes djur \u00e4r falken.<\/p>\t\t\t\t\t\t\t\t<\/div>\n\t\t\t\t<\/div>\n\t\t\t\t\t<\/div>\n\t\t\t\t<\/div>\n\t\t<div class=\"elementor-element elementor-element-709a44a8 e-flex e-con-boxed e-con e-parent\" data-id=\"709a44a8\" data-element_type=\"container\" data-e-type=\"container\">\n\t\t\t\t\t<div class=\"e-con-inner\">\n\t\t\t\t<div class=\"elementor-element elementor-element-2f585873 elementor-widget elementor-widget-heading\" data-id=\"2f585873\" data-element_type=\"widget\" data-e-type=\"widget\" data-widget_type=\"heading.default\">\n\t\t\t\t\t<h2 class=\"elementor-heading-title elementor-size-default\">Beskrivning<\/h2>\t\t\t\t<\/div>\n\t\t<div class=\"elementor-element elementor-element-70621c12 e-con-full e-flex e-con e-child\" data-id=\"70621c12\" data-element_type=\"container\" data-e-type=\"container\">\n\t\t\t\t<div class=\"elementor-element elementor-element-4296eb49 elementor-widget elementor-widget-text-editor\" data-id=\"4296eb49\" data-element_type=\"widget\" data-e-type=\"widget\" data-widget_type=\"text-editor.default\">\n\t\t\t\t\t\t\t\t\t<p>Frigg garanterar ordningen i hush\u00e5llet och sl\u00e4kten. Hon k\u00e4nner alla varelsers \u00f6de, men f\u00f6rtiger det. Denna g\u00e5va g\u00f6r henne till en tragisk mor: hon vet om sin son Balders d\u00f6d men kan inte f\u00f6rhindra den.<\/p><p>I <span class=\"iwg-fachbegriff\" data-tooltip=\"En \u00f6verlevd ber\u00e4ttelse om gudar, ursprung och v\u00e4rldens ordning.\" tabindex=\"0\">myten<\/span> om Balders d\u00f6d f\u00f6rs\u00f6ker hon f\u00f6rplikta alla ting i kosmos genom en ed att aldrig skada hennes son, och f\u00f6rbiser d\u00e4rvid den unga mistelgrenen som Loke slutligen anv\u00e4nder f\u00f6r att d\u00f6da honom.<\/p>\t\t\t\t\t\t\t\t<\/div>\n\t\t\t\t<\/div>\n\t\t\t\t\t<\/div>\n\t\t\t\t<\/div>\n\t\t<div class=\"elementor-element elementor-element-44e71476 e-flex e-con-boxed e-con e-parent\" data-id=\"44e71476\" data-element_type=\"container\" data-e-type=\"container\">\n\t\t\t\t\t<div class=\"e-con-inner\">\n\t\t\t\t<div class=\"elementor-element elementor-element-3c1fc3f0 elementor-widget elementor-widget-heading\" data-id=\"3c1fc3f0\" data-element_type=\"widget\" data-e-type=\"widget\" data-widget_type=\"heading.default\">\n\t\t\t\t\t<h2 class=\"elementor-heading-title elementor-size-default\">Faktablad: Frigg<\/h2>\t\t\t\t<\/div>\n\t\t<div class=\"elementor-element elementor-element-84f33b8e e-con-full e-flex e-con e-child\" data-id=\"84f33b8e\" data-element_type=\"container\" data-e-type=\"container\">\n\t\t\t\t<div class=\"elementor-element elementor-element-hqkdc67p elementor-widget elementor-widget-text-editor\" data-id=\"hqkdc67p\" data-element_type=\"widget\" data-e-type=\"widget\" data-widget_type=\"text-editor.default\">\n\t\t\t\t\t\t\t\t\t<p>De viktigaste aspekterna av Frigg i korthet. F\u00f6ljande f\u00e4lt sammanfattar ursprung, funktion, framtr\u00e4dande, dyrkan, symboler och kulturella paralleller.<\/p>\t\t\t\t\t\t\t\t<\/div>\n\t\t\t\t<\/div>\n\t\t<div class=\"elementor-element elementor-element-pemmx7c5 e-con-full e-flex e-con e-child\" data-id=\"pemmx7c5\" data-element_type=\"container\" data-e-type=\"container\">\n\t\t<div class=\"elementor-element elementor-element-pemmx7c1 e-con-full e-flex e-con e-child\" data-id=\"pemmx7c1\" data-element_type=\"container\" data-e-type=\"container\">\n\t\t<div class=\"elementor-element elementor-element-qh9oavvu iwg-steckbrief-card e-flex e-con-boxed e-con e-child\" data-id=\"qh9oavvu\" data-element_type=\"container\" data-e-type=\"container\">\n\t\t\t\t\t<div class=\"e-con-inner\">\n\t\t\t\t<div class=\"elementor-element elementor-element-awzx8k2k elementor-widget elementor-widget-heading\" data-id=\"awzx8k2k\" data-element_type=\"widget\" data-e-type=\"widget\" data-widget_type=\"heading.default\">\n\t\t\t\t\t<h3 class=\"elementor-heading-title elementor-size-default\">Tradition<\/h3>\t\t\t\t<\/div>\n\t\t\t\t<div class=\"elementor-element elementor-element-x6rowhv0 elementor-widget elementor-widget-text-editor\" data-id=\"x6rowhv0\" data-element_type=\"widget\" data-e-type=\"widget\" data-widget_type=\"text-editor.default\">\n\t\t\t\t\t\t\t\t\t<p>Frigg \u00e4r Odens (germ. Wodan) maka och mor till den ljusa guden <em>Balder<\/em>. Dotter till Fj\u00f6rgyn (enligt en tradition; genealogin \u00e4r oklar). Ledare f\u00f6r <em>\u00e4sinnorna<\/em> (asynjorna).<\/p><p>Hennes huvudmyt \u00e4r f\u00f6rutseendet och det f\u00f6rg\u00e4ves f\u00f6rs\u00f6ket att r\u00e4dda sin son Balder fr\u00e5n d\u00f6den: hon l\u00e5ter alla ting i v\u00e4rlden sv\u00e4ra att inte skada honom, men f\u00f6rbiser misteln som Loke senare anv\u00e4nder f\u00f6r att d\u00f6da Balder.<\/p>\t\t\t\t\t\t\t\t<\/div>\n\t\t\t\t\t<\/div>\n\t\t\t\t<\/div>\n\t\t<div class=\"elementor-element elementor-element-8e3o4kxs iwg-steckbrief-card e-flex e-con-boxed e-con e-child\" data-id=\"8e3o4kxs\" data-element_type=\"container\" data-e-type=\"container\">\n\t\t\t\t\t<div class=\"e-con-inner\">\n\t\t\t\t<div class=\"elementor-element elementor-element-08rkdgov elementor-widget elementor-widget-heading\" data-id=\"08rkdgov\" data-element_type=\"widget\" data-e-type=\"widget\" data-widget_type=\"heading.default\">\n\t\t\t\t\t<h3 class=\"elementor-heading-title elementor-size-default\">Verkningsobjekt<\/h3>\t\t\t\t<\/div>\n\t\t\t\t<div class=\"elementor-element elementor-element-uwjelx8s elementor-widget elementor-widget-text-editor\" data-id=\"uwjelx8s\" data-element_type=\"widget\" data-e-type=\"widget\" data-widget_type=\"text-editor.default\">\n\t\t\t\t\t\t\t\t\t<p>Modergudinna, \u00e4ktenskapets och hush\u00e5llets beskyddare. V\u00e4ktare av husets nycklar (<span class=\"iwg-fachbegriff\" data-tooltip=\"Ett tecken som representerar en f\u00f6rest\u00e4llning eller betydelse.\" tabindex=\"0\">symbol<\/span> f\u00f6r husherrav\u00e4ldet; enligt forngermansk tradition bar husfrun nyckelknippan i b\u00e4ltet).<\/p><p>Allvetande siare som dock bevarar tystnaden (till skillnad fr\u00e5n Oden, som talar). I den personliga folktron gjordes <span class=\"iwg-fachbegriff\" data-tooltip=\"Det b\u00f6nfallande eller besv\u00e4rjande tilltalet av en gudomlighet eller makt.\" tabindex=\"0\">\u00e5kallan<\/span> till henne vid f\u00f6dslov\u00e5ndor, gifterm\u00e5l och f\u00f6r husskydd. Inom asatror\u00f6relsen \u00e4r hon skyddshelgon f\u00f6r kvinnors <span class=\"iwg-fachbegriff\" data-tooltip=\"Rituell \u00f6verg\u00e5ng genom vilken n\u00e5gon upptas i en ny status eller gemenskap.\" tabindex=\"0\">initiation<\/span> och f\u00f6r familjeblot.<\/p>\t\t\t\t\t\t\t\t<\/div>\n\t\t\t\t\t<\/div>\n\t\t\t\t<\/div>\n\t\t<div class=\"elementor-element elementor-element-jm2n74ec iwg-steckbrief-card e-flex e-con-boxed e-con e-child\" data-id=\"jm2n74ec\" data-element_type=\"container\" data-e-type=\"container\">\n\t\t\t\t\t<div class=\"e-con-inner\">\n\t\t\t\t<div class=\"elementor-element elementor-element-8vufse4c elementor-widget elementor-widget-heading\" data-id=\"8vufse4c\" data-element_type=\"widget\" data-e-type=\"widget\" data-widget_type=\"heading.default\">\n\t\t\t\t\t<h3 class=\"elementor-heading-title elementor-size-default\">Friggs utseende<\/h3>\t\t\t\t<\/div>\n\t\t\t\t<div class=\"elementor-element elementor-element-mwb9u015 elementor-widget elementor-widget-text-editor\" data-id=\"mwb9u015\" data-element_type=\"widget\" data-e-type=\"widget\" data-widget_type=\"text-editor.default\">\n\t\t\t\t\t\t\t\t\t<p>Frigg saknar en fastst\u00e4lld ikonografisk form fr\u00e5n vikingatiden (det finns mycket f\u00e5 bildliga framst\u00e4llningar av germanska gudomligheter). I den litter\u00e4ra traditionen framst\u00e4lls hon som en matronal kvinnogestalt med l\u00e5ngt ljust h\u00e5r, i h\u00f6gtidlig hovkl\u00e4dsel, med nyckelknippa i b\u00e4ltet, ofta sittande vid spinnrocken (hon spinner \u00f6det).<\/p><p>I folktraditionen f\u00f6rknippas hon med stj\u00e4rnbilden Orions b\u00e4lte (i norra Tyskland kallad <em>Friggerock<\/em>, Friggs spinnrock). I den moderna asatrokonsten framst\u00e4lls hon typiskt som en \u00e4del matronal drottning med krona och smycken.<\/p>\t\t\t\t\t\t\t\t<\/div>\n\t\t\t\t\t<\/div>\n\t\t\t\t<\/div>\n\t\t\t\t<\/div>\n\t\t<div class=\"elementor-element elementor-element-pemmx7c2 e-con-full e-flex e-con e-child\" data-id=\"pemmx7c2\" data-element_type=\"container\" data-e-type=\"container\">\n\t\t<div class=\"elementor-element elementor-element-37ss2yr6 iwg-steckbrief-card e-flex e-con-boxed e-con e-child\" data-id=\"37ss2yr6\" data-element_type=\"container\" data-e-type=\"container\">\n\t\t\t\t\t<div class=\"e-con-inner\">\n\t\t\t\t<div class=\"elementor-element elementor-element-3v0wp3wx elementor-widget elementor-widget-heading\" data-id=\"3v0wp3wx\" data-element_type=\"widget\" data-e-type=\"widget\" data-widget_type=\"heading.default\">\n\t\t\t\t\t<h3 class=\"elementor-heading-title elementor-size-default\">Friggs verkan<\/h3>\t\t\t\t<\/div>\n\t\t\t\t<div class=\"elementor-element elementor-element-w3247g2m elementor-widget elementor-widget-text-editor\" data-id=\"w3247g2m\" data-element_type=\"widget\" data-e-type=\"widget\" data-widget_type=\"text-editor.default\">\n\t\t\t\t\t\t\t\t\t<p><strong>Verkningsomr\u00e5de:<\/strong> I den forngermanska hush\u00e5llskulten gjordes <span class=\"iwg-fachbegriff\" data-tooltip=\"Det b\u00f6nfallande eller besv\u00e4rjande tilltalet av en gudomlighet eller makt.\" tabindex=\"0\">\u00e5kallan<\/span> till henne i fr\u00e5gor kring f\u00f6dsel, inf\u00f6r gifterm\u00e5l och f\u00f6r husskydd. <em>Friggas spinnrock<\/em> (stj\u00e4rnbilden) f\u00f6rknippades i den norra tyska folktraditionen med v\u00e4derprofetior och skydd f\u00f6r spinnerskor. Inom kristendomen omtolkades hon som Maria (Maria spinnerskan).<\/p><p>I den moderna asatrotraditionen (aktiv igen sedan 1970-talet i Tyskland, Skandinavien, USA och Storbritannien) \u00e5kallas hon vid kvinnors initiationsblot och familjefester. Ingen central h\u00f6gtidsdag \u00e4r dokumenterad, men <em>fredagen<\/em> (Friggs dag) r\u00e4knas traditionellt som hennes veckodag.<\/p>\t\t\t\t\t\t\t\t<\/div>\n\t\t\t\t\t<\/div>\n\t\t\t\t<\/div>\n\t\t<div class=\"elementor-element elementor-element-0qpjal9w iwg-steckbrief-card e-flex e-con-boxed e-con e-child\" data-id=\"0qpjal9w\" data-element_type=\"container\" data-e-type=\"container\">\n\t\t\t\t\t<div class=\"e-con-inner\">\n\t\t\t\t<div class=\"elementor-element elementor-element-6ndoih0o elementor-widget elementor-widget-heading\" data-id=\"6ndoih0o\" data-element_type=\"widget\" data-e-type=\"widget\" data-widget_type=\"heading.default\">\n\t\t\t\t\t<h3 class=\"elementor-heading-title elementor-size-default\">Skyddsmedel<\/h3>\t\t\t\t<\/div>\n\t\t\t\t<div class=\"elementor-element elementor-element-6684tyh9 elementor-widget elementor-widget-text-editor\" data-id=\"6684tyh9\" data-element_type=\"widget\" data-e-type=\"widget\" data-widget_type=\"text-editor.default\">\n\t\t\t\t\t\t\t\t\t<p>Nyckelknippa (husherrav\u00e4lde), spinnrock, falkfj\u00e4dermantel (som hon l\u00e5nar ut till Loke), h\u00f6gtidlig hovkl\u00e4dsel, krona. Heliga v\u00e4xter: mistel (central i <span class=\"iwg-fachbegriff\" data-tooltip=\"En traderad ber\u00e4ttelse om gudar, ursprung och v\u00e4rldens ordning.\" tabindex=\"0\">myten<\/span> om Balder, paradoxalt nog genom hennes f\u00f6rbiseende), daggk\u00e5pa (folkligt kallad Friggs v\u00e4xt). Heliga djur: falk (genom hennes fj\u00e4dermantel), g\u00f6k (i folktraditionen), stork (som f\u00f6r med sig barnen, f\u00f6delsesymbolik). Helig veckodag: fredag.<\/p>\t\t\t\t\t\t\t\t<\/div>\n\t\t\t\t\t<\/div>\n\t\t\t\t<\/div>\n\t\t<div class=\"elementor-element elementor-element-3lfi7x32 iwg-steckbrief-card e-flex e-con-boxed e-con e-child\" data-id=\"3lfi7x32\" data-element_type=\"container\" data-e-type=\"container\">\n\t\t\t\t\t<div class=\"e-con-inner\">\n\t\t\t\t<div class=\"elementor-element elementor-element-0kg99ga1 elementor-widget elementor-widget-heading\" data-id=\"0kg99ga1\" data-element_type=\"widget\" data-e-type=\"widget\" data-widget_type=\"heading.default\">\n\t\t\t\t\t<h3 class=\"elementor-heading-title elementor-size-default\">Motsvarigheter<\/h3>\t\t\t\t<\/div>\n\t\t\t\t<div class=\"elementor-element elementor-element-n0fum6kp elementor-widget elementor-widget-text-editor\" data-id=\"n0fum6kp\" data-element_type=\"widget\" data-e-type=\"widget\" data-widget_type=\"text-editor.default\">\n\t\t\t\t\t\t\t\t\t<p><em>Freja<\/em> (fornnordiska Freyja; germansk vangudinna av k\u00e4rleken; enligt vissa forskningsteorier identisk med eller n\u00e4ra besl\u00e4ktad med Frigg, men i Eddatraditionen klart \u00e5tskild), <em>Fricka<\/em> (fornh\u00f6gtyska, senare variant), <em>Hera<\/em> (Grekland, Zeus gem\u00e5l, \u00e4ktenskapets beskyddare), <em>Iuno<\/em> (Rom), <em>Inanna\/Ishtar<\/em> (Mesopotamien, men mer erotiskt betonad). Tyska spr\u00e5kfr\u00e4nder: <em>Friede<\/em>, <em>Frigerich<\/em>. Funktionellt j\u00e4mst\u00e4lls hon som \u201dmodergudinna och hush\u00e5llets beskyddare\u201d med Hera\/Iuno.<\/p>\t\t\t\t\t\t\t\t<\/div>\n\t\t\t\t\t<\/div>\n\t\t\t\t<\/div>\n\t\t\t\t<\/div>\n\t\t\t\t<\/div>\n\t\t\t\t\t<\/div>\n\t\t\t\t<\/div>\n\t\t<div class=\"elementor-element elementor-element-5a584676 e-flex e-con-boxed e-con e-parent\" data-id=\"5a584676\" data-element_type=\"container\" data-e-type=\"container\">\n\t\t\t\t\t<div class=\"e-con-inner\">\n\t\t\t\t<div class=\"elementor-element elementor-element-6d0757bf elementor-widget elementor-widget-heading\" data-id=\"6d0757bf\" data-element_type=\"widget\" data-e-type=\"widget\" data-widget_type=\"heading.default\">\n\t\t\t\t\t<h2 class=\"elementor-heading-title elementor-size-default\">Frigg, paralleller i andra kulturer<\/h2>\t\t\t\t<\/div>\n\t\t<div class=\"elementor-element elementor-element-60563f68 e-con-full e-flex e-con e-child\" data-id=\"60563f68\" data-element_type=\"container\" data-e-type=\"container\">\n\t\t\t\t<div class=\"elementor-element elementor-element-5a93fdd6 elementor-widget elementor-widget-text-editor\" data-id=\"5a93fdd6\" data-element_type=\"widget\" data-e-type=\"widget\" data-widget_type=\"text-editor.default\">\n\t\t\t\t\t\t\t\t\t<p>Funktionellt j\u00e4mf\u00f6rbara \u00e4r Iuno (Rom) som \u00e4ktenskapets och stadens gudinna, Hera (Grekland) som h\u00f6gsta gudinna och huvudgudens maka, samt Frigga som sydtysk variant. Etymologiskt \u00e4r hon besl\u00e4ktad med Freja &#8211; b\u00e5da namnen g\u00e5r tillbaka p\u00e5 det indoeuropeiska *priH-jaH (den \u00e4lskade). I den anglosaxiska traditionen framtr\u00e4der hon som Frige.<\/p>\n<p><strong>Indoeuropeiska j\u00e4mf\u00f6relsegudinnor:<\/strong> Inom religionsvetenskaplig forskning uppfattas Frigg som en f\u00f6retr\u00e4dare f\u00f6r ett indoeuropeiskt gudinneskikt som l\u00f6per genom flera kulturer. Den strukturella likheten med Hera i den grekiska religionen (som gem\u00e5l till gudakonungen och beskyddare av \u00e4ktenskap och familj) pekar p\u00e5 ett gemensamt indoeuropeiskt arv.<\/p><p>Likas\u00e5 syns paralleller till den romerska Iuno (latiniserat Juno), som ingick i den kapitolinska triaden tillsammans med Jupiter och Minerva. B\u00e5da gudinnorna delar med Frigg attributen som \u00e4ktenskapsgudinna, fruktbarhetsgudinna och beskyddare av hemmet. Den vediska Saraswati representerar d\u00e4remot snarare aspekterna av vishet och kunskap, men \u00e4ven hos henne finns sp\u00e5r av modergudinnefunktionen.<\/p><p><strong>Slaviska och baltiska paralleller:<\/strong> I de slaviska traditionerna framtr\u00e4der Mokosch som en jord- och modergudinna, f\u00f6rbunden med fruktbarhet, hantverk och kvinnans \u00f6de. Den baltiska Lauma har liknande drag som \u00f6desgudinna och familjens beskyddare.<\/p><p>B\u00e5da visar strukturella sl\u00e4ktskap med Frigg: de verkar som f\u00f6rmedlare mellan gudav\u00e4rlden och m\u00e4nniskov\u00e4rlden, v\u00e4ver de d\u00f6dligas \u00f6de och pr\u00e4glar det husliga och kultiska livet. Friggs aspekt som v\u00e4verska och spinnerska, hon k\u00e4nner alla \u00f6den men avsl\u00f6jar dem inte, resonerar direkt med dessa \u00f6steuropeiska gudinnor.<\/p><p><strong>Keltisk-nordiska synkretismer:<\/strong> Den irl\u00e4ndska Brigit uppvisar likheter med Frigg i sin roll som beskyddare av hantverk (s\u00e4rskilt smideskonst och v\u00e4vning) och som gudinna f\u00f6r heliga platser. Den krigiska Macha delar \u00e5 sin sida med Frigg auktoriteten \u00f6ver krigares och h\u00e4rskares \u00f6de.<\/p><p>I den nordiska <span class=\"iwg-fachbegriff\" tabindex=\"0\" data-tooltip=\"Sammansm\u00e4ltning av element fr\u00e5n olika religioner eller kulter till blandformer, till exempel inom den haitiska voodoo-kulten.\">synkretismens<\/span> process, s\u00e4rskilt d\u00e4r vanerna (fruktbarhets- och hush\u00e5llsgudar som Freja) sammanfl\u00e4tades med asarna (h\u00e4rskande gudar som Oden och Frigg), uppstod hybridformer d\u00e4r Friggas drag (skydd, v\u00e4vning, \u00e4ktenskap) blandades med Frejas drag (k\u00e4rlek, sexualitet, krigsutbildning).<\/p><p>Dessa synkretistiska processer tyder p\u00e5 en gemensam indoeuropeisk k\u00e4rna som differentierades olika i de olika kulturerna.<\/p>\t\t\t\t\t\t\t\t<\/div>\n\t\t\t\t<\/div>\n\t\t\t\t\t<\/div>\n\t\t\t\t<\/div>\n\t\t<div class=\"elementor-element elementor-element-cp0bf895f e-flex e-con-boxed e-con e-parent\" data-id=\"cp0bf895f\" data-element_type=\"container\" data-e-type=\"container\">\n\t\t\t\t\t<div class=\"e-con-inner\">\n\t\t\t\t<div class=\"elementor-element elementor-element-cp56cc4ad elementor-widget elementor-widget-heading\" data-id=\"cp56cc4ad\" data-element_type=\"widget\" data-e-type=\"widget\" data-widget_type=\"heading.default\">\n\t\t\t\t\t<h2 class=\"elementor-heading-title elementor-size-default\">Frigg i den poetiska Eddan och Snorres Edda<\/h2>\t\t\t\t<\/div>\n\t\t<div class=\"elementor-element elementor-element-cp29e9373 e-con-full e-flex e-con e-child\" data-id=\"cp29e9373\" data-element_type=\"container\" data-e-type=\"container\">\n\t\t\t\t<div class=\"elementor-element elementor-element-cp8315ca5 elementor-widget elementor-widget-text-editor\" data-id=\"cp8315ca5\" data-element_type=\"widget\" data-e-type=\"widget\" data-widget_type=\"text-editor.default\">\n\t\t\t\t\t\t\t\t\t<p>De viktigaste k\u00e4llorna om Frigg kommer fr\u00e5n de tv\u00e5 medeltida samlingarna som \u00e4r k\u00e4nda under namnet <em>Edda<\/em>. Den \u00e4ldre, den poetiska Eddan, ger framf\u00f6r allt i dikten <em>Lokasenna<\/em> en tydlig bild: d\u00e4r gr\u00e4lar gudarna, och Loke anklagar Frigg f\u00f6r att ha varit otrogen medan Oden var borta.<\/p><p>Frigg svarar \u00e5terh\u00e5llsamt, och Freja f\u00f6rsvarar henne genom att p\u00e5peka att Frigg k\u00e4nner alla v\u00e4sens \u00f6den, \u00e4ven om hon inte uttalar dem. Detta st\u00e4lle \u00e4r centralt, eftersom det tillskriver Frigg en kunskap om \u00f6det som hon h\u00e5ller f\u00f6r sig sj\u00e4lv.<\/p><p>Mer utf\u00f6rlig \u00e4r Snorres Edda, den l\u00e4robok i skaldekonst som f\u00f6rfattades av Snorri Sturluson p\u00e5 tretton hundratalet. Snorri kallar Frigg den f\u00f6rn\u00e4msta av asynjorna, Odens hustru och Balders mor.<\/p><p>Hos honom finns ocks\u00e5 den mest utf\u00f6rliga <span class=\"iwg-fachbegriff\" data-tooltip=\"En traderad ber\u00e4ttelse om gudar, ursprung och v\u00e4rldens ordning.\" tabindex=\"0\">myten<\/span> om Frigg, f\u00f6rhistorien till Balders d\u00f6d. Frigg l\u00e5ter alla ting i v\u00e4rlden sv\u00e4ra en ed att inte skada Balder, men f\u00f6rbiser den unga mistelkvisten, som hon anser f\u00f6r obetydlig. Just denna lucka utnyttjar Loke.<\/p><p>Snorri \u00e4r en v\u00e4rdefull men inte oproblematisk k\u00e4lla. Han skrev drygt tv\u00e5 \u00e5rhundraden efter Islands kristnande och ordnade det \u00f6verl\u00e4mnade materialet i ett system som delvis pr\u00e4glas av l\u00e4rda och kristna f\u00f6rest\u00e4llningar.<\/p><p>Religionsvetenskaplig forskning l\u00e4ser d\u00e4rf\u00f6r Snorri som bearbetare, inte som direkt vittne till en hednisk religion. \u00c4nd\u00e5 bevarar hans framst\u00e4llning ber\u00e4ttelsek\u00e4rnor som delvis \u00e5terfinns \u00e4ven i den \u00e4ldre diktningen och d\u00e4rf\u00f6r betraktas som relativt gamla.<\/p>\t\t\t\t\t\t\t\t<\/div>\n\t\t\t\t<\/div>\n\t\t\t\t\t<\/div>\n\t\t\t\t<\/div>\n\t\t<div class=\"elementor-element elementor-element-cpc3f2470 e-flex e-con-boxed e-con e-parent\" data-id=\"cpc3f2470\" data-element_type=\"container\" data-e-type=\"container\">\n\t\t\t\t\t<div class=\"e-con-inner\">\n\t\t\t\t<div class=\"elementor-element elementor-element-cpab01758 elementor-widget elementor-widget-heading\" data-id=\"cpab01758\" data-element_type=\"widget\" data-e-type=\"widget\" data-widget_type=\"heading.default\">\n\t\t\t\t\t<h2 class=\"elementor-heading-title elementor-size-default\">Balder-myten och Friggs f\u00f6rg\u00e4ves f\u00f6rsiktighet<\/h2>\t\t\t\t<\/div>\n\t\t<div class=\"elementor-element elementor-element-cpadb449b e-con-full e-flex e-con e-child\" data-id=\"cpadb449b\" data-element_type=\"container\" data-e-type=\"container\">\n\t\t\t\t<div class=\"elementor-element elementor-element-cp1c6dfe0 elementor-widget elementor-widget-text-editor\" data-id=\"cp1c6dfe0\" data-element_type=\"widget\" data-e-type=\"widget\" data-widget_type=\"text-editor.default\">\n\t\t\t\t\t\t\t\t\t<p>Den mest k\u00e4nda <span class=\"iwg-fachbegriff\" data-tooltip=\"En traderad ber\u00e4ttelse om gudar, ursprung och v\u00e4rldens ordning.\" tabindex=\"0\">myten<\/span> d\u00e4r Frigg spelar en avg\u00f6rande roll \u00e4r hennes son Balders d\u00f6d. Ber\u00e4ttelsen f\u00f6renar flera teman som \u00e4r viktiga f\u00f6r den nordiska gudabilden: \u00f6dets ofr\u00e5nkomlighet, gr\u00e4nserna f\u00f6r gudomlig makt och Lokes f\u00f6r\u00f6dande verkan. Frigg st\u00e5r i centrum f\u00f6r f\u00f6rs\u00f6ket att avv\u00e4rja den f\u00f6rutsedda olyckan.<\/p><p>N\u00e4r Balder pl\u00e5gas av onda dr\u00f6mmar reser Frigg genom v\u00e4rlden och avkr\u00e4ver alla ting, elden, vattnet, j\u00e4rnet, stenarna, djuren, sjukdomarna, ett l\u00f6fte att inte skada hennes son.<\/p><p>Endast misteln f\u00f6rbiser hon. Loke f\u00e5r reda p\u00e5 detta, formar en projektil av mistelkvisten och f\u00f6rm\u00e5r den blinde H\u00f6der att kasta den mot Balder. Balder d\u00f6r, och Friggs omsorgsfulla f\u00f6rebyggande \u00e5tg\u00e4rder visar sig otillr\u00e4ckliga.<\/p><p>Inom forskningen tolkas denna <span class=\"iwg-fachbegriff\" data-tooltip=\"En traderad ber\u00e4ttelse om gudar, ursprung och v\u00e4rldens ordning.\" tabindex=\"0\">myt<\/span> p\u00e5 olika s\u00e4tt. N\u00e5gra ser i den en gammal ber\u00e4ttelse om den d\u00f6ende gud som inte \u00e5terv\u00e4nder, andra betonar det litter\u00e4ra <span class=\"iwg-fachbegriff\" data-tooltip=\"Ett \u00e5terkommande inneh\u00e5llsm\u00e4ssigt element i konst eller ber\u00e4ttelse.\" tabindex=\"0\">motivet<\/span> med den enda f\u00f6rbisedda m\u00f6jligheten som g\u00f6r hela planen om intet. Viktig \u00e4r Friggs dubbla roll: hon \u00e4r den som k\u00e4nner \u00f6det, och samtidigt den som inte kan avv\u00e4rja det.<\/p><p>Efter Balders d\u00f6d s\u00e4nder hon ett bud till underjorden, och \u00e5terh\u00e4mtningen lyckas n\u00e4stan, men Loke f\u00f6rhindrar \u00e5terigen framg\u00e5ngen. <span class=\"iwg-fachbegriff\" data-tooltip=\"En traderad ber\u00e4ttelse om gudar, ursprung och v\u00e4rldens ordning.\" tabindex=\"0\">Myten<\/span> visar Frigg som en handlande, framsynt gestalt, vars makt dock finner sin gr\u00e4ns i \u00f6dets ordning. Ytterligare f\u00f6rbindelser leder till andra gestalter i den <a href=\"https:\/\/iwell-guard.com\/sv\/germanskt\/\">germanska pantheonen<\/a>.<\/p>\t\t\t\t\t\t\t\t<\/div>\n\t\t\t\t<\/div>\n\t\t\t\t\t<\/div>\n\t\t\t\t<\/div>\n\t\t<div class=\"elementor-element elementor-element-cp7ba8148 e-flex e-con-boxed e-con e-parent\" data-id=\"cp7ba8148\" data-element_type=\"container\" data-e-type=\"container\">\n\t\t\t\t\t<div class=\"e-con-inner\">\n\t\t\t\t<div class=\"elementor-element elementor-element-cpeaa0648 elementor-widget elementor-widget-heading\" data-id=\"cpeaa0648\" data-element_type=\"widget\" data-e-type=\"widget\" data-widget_type=\"heading.default\">\n\t\t\t\t\t<h2 class=\"elementor-heading-title elementor-size-default\">Frigg, Freja och problemet med den dubbla gudinnan<\/h2>\t\t\t\t<\/div>\n\t\t<div class=\"elementor-element elementor-element-cpdbeb154 e-con-full e-flex e-con e-child\" data-id=\"cpdbeb154\" data-element_type=\"container\" data-e-type=\"container\">\n\t\t\t\t<div class=\"elementor-element elementor-element-cpda43d24 elementor-widget elementor-widget-text-editor\" data-id=\"cpda43d24\" data-element_type=\"widget\" data-e-type=\"widget\" data-widget_type=\"text-editor.default\">\n\t\t\t\t\t\t\t\t\t<p>En av de \u00e4ldsta och mest diskuterade fr\u00e5gorna inom nordisk religionshistoria \u00e4r f\u00f6rh\u00e5llandet mellan Frigg och Freja. B\u00e5da gudinnorna uppvisar p\u00e5fallande likheter. B\u00e5da tillskrivs en fj\u00e4derskrud som g\u00f6r det m\u00f6jligt att flyga.<\/p><p>B\u00e5da f\u00f6rknippas med k\u00e4rlek, \u00e4ktenskap och fruktbarhet. B\u00e5da namnen kan spr\u00e5kligt h\u00e4rledas till liknande r\u00f6tter, d\u00e4r <em>Frigg<\/em> f\u00f6rknippas med ett ord f\u00f6r \u201dk\u00e4rlek\u201d och <em>Freyja<\/em> med \u201dh\u00e4rskarinna\u201d.<\/p><p>En del av den \u00e4ldre forskningen, till exempel kring Jan de Vries, antog d\u00e4rf\u00f6r att Frigg och Freja ursprungligen var en och samma gudinna, som f\u00f6rst under <span class=\"iwg-fachbegriff\" data-tooltip=\"\u00d6verf\u00f6ringen av kunskap och ber\u00e4ttelser mellan generationer.\" tabindex=\"0\">traderingens<\/span> g\u00e5ng delades upp i tv\u00e5 gestalter.<\/p><p>Andra forskare, bland annat nyare arbeten om vikingatiden, h\u00e4vdar d\u00e4remot att de b\u00e5da gudinnorna tydligt s\u00e4rskiljs i k\u00e4llorna: Frigg tillh\u00f6r asarna, Freja vanerna, de har olika makar och olika funktionstyngdpunkter.<\/p><p>Frigg f\u00f6rknippas starkare med \u00e4ktenskap, hush\u00e5ll och moderskap, Freja med \u00e5tr\u00e5, krig och en egen form av trolldomskonst, <em>sei\u00f0r<\/em>.<\/p><p>Diskussionen \u00e4r \u00e4n idag inte avslutad, eftersom k\u00e4llorna inte medger n\u00e5got entydigt avg\u00f6rande. Man kan konstatera att b\u00e5da gudinnorna dyrkades som skilda gestalter inom den traderade religionen under vikingatiden, men att deras likhet kan tyda p\u00e5 en gemensam f\u00f6rhistoria eller p\u00e5 ett \u00f6msesidigt inflytande.<\/p><p>F\u00f6r f\u00f6rst\u00e5elsen av Frigg \u00e4r avgr\u00e4nsningen viktig: hon \u00e4r inte k\u00e4rleksgudinnan i betydelsen \u00e5tr\u00e5, utan husets, \u00e4ktenskapets och den framsynta omsorgens h\u00e4rskarinna. En j\u00e4mf\u00f6relse med <a href=\"https:\/\/iwell-guard.com\/sv\/germanskt\/\">besl\u00e4ktade kvinnliga gestalter<\/a> i <span class=\"iwg-fachbegriff\" data-tooltip=\"\u00d6verf\u00f6ringen av kunskap och ber\u00e4ttelser mellan generationer.\" tabindex=\"0\">traderingen<\/span> sk\u00e4rper denna profil.<\/p>\t\t\t\t\t\t\t\t<\/div>\n\t\t\t\t<\/div>\n\t\t\t\t\t<\/div>\n\t\t\t\t<\/div>\n\t\t<div class=\"elementor-element elementor-element-cp967972e e-flex e-con-boxed e-con e-parent\" data-id=\"cp967972e\" data-element_type=\"container\" data-e-type=\"container\">\n\t\t\t\t\t<div class=\"e-con-inner\">\n\t\t\t\t<div class=\"elementor-element elementor-element-cp4b21c27 elementor-widget elementor-widget-heading\" data-id=\"cp4b21c27\" data-element_type=\"widget\" data-e-type=\"widget\" data-widget_type=\"heading.default\">\n\t\t\t\t\t<h2 class=\"elementor-heading-title elementor-size-default\">Sp\u00e5r p\u00e5 fastlandet, i ortnamn och i veckodagen<\/h2>\t\t\t\t<\/div>\n\t\t<div class=\"elementor-element elementor-element-cp7a1b465 e-con-full e-flex e-con e-child\" data-id=\"cp7a1b465\" data-element_type=\"container\" data-e-type=\"container\">\n\t\t\t\t<div class=\"elementor-element elementor-element-cp193b30a elementor-widget elementor-widget-text-editor\" data-id=\"cp193b30a\" data-element_type=\"widget\" data-e-type=\"widget\" data-widget_type=\"text-editor.default\">\n\t\t\t\t\t\t\t\t\t<p>Frigg \u00e4r inte bara en gestalt i den fornnordiska diktningen, utan l\u00e4mnade sp\u00e5r i hela det germanska spr\u00e5komr\u00e5det. Det tydligaste bel\u00e4gget \u00e4r veckodagen fredag. Den romerska veckodagsben\u00e4mningen tillskrev dagarna planetgudar, och dagen som tillh\u00f6rde Venus tilldelades vid \u00f6verg\u00e5ngen till germanska spr\u00e5k en egen gudinna.<\/p><p>I det engelska <em>Friday<\/em>, det tyska <em>Freitag<\/em> och p\u00e5 liknande s\u00e4tt i de nordiska spr\u00e5ken \u00e5terfinns denna likst\u00e4llning. Vilken gudinna som egentligen avs\u00e5gs, Frigg eller Freja, \u00e4r omtvistat p\u00e5 grund av den redan n\u00e4mnda sl\u00e4ktskapen, men de flesta spr\u00e5khistoriker lutar \u00e5t Frigg respektive hennes kontinentala motsvarighet.<\/p><p>P\u00e5 fastlandet framtr\u00e4der en gudinna besl\u00e4ktad med Frigg i den langobardiska <span class=\"iwg-fachbegriff\" data-tooltip=\"\u00d6verf\u00f6ringen av kunskap och ber\u00e4ttelser mellan generationer.\" tabindex=\"0\">traditionen<\/span> under namnet <em>Frea<\/em>. Paulus Diaconus ber\u00e4ttar i sin <em>Historia Langobardorum<\/em> fr\u00e5n 700-talet en ber\u00e4ttelse d\u00e4r Frea hj\u00e4lper sin man Godan, det vill s\u00e4ga Oden, till seger genom en list.<\/p><p>Detta avsnitt betraktas som ett viktigt bel\u00e4gg f\u00f6r att dyrkan av en Frigg-liknande gestalt inte var begr\u00e4nsad till Skandinavien, utan var k\u00e4nd bland olika germanska folk.<\/p><p>Ortnamn som h\u00e4nvisar till Frigg \u00e4r mer s\u00e4llsynta och os\u00e4krare \u00e4n f\u00f6r vissa andra gudomar, vilket forskningen delvis f\u00f6rklarar med den husliga, mindre offentligt kultiska karakt\u00e4ren hos hennes dyrkan. En gammal ben\u00e4mning p\u00e5 stj\u00e4rnbilden som i dag kallas Orions b\u00e4lte kopplades i Skandinavien delvis samman med Frigg, men denna <span class=\"iwg-fachbegriff\" data-tooltip=\"\u00d6verf\u00f6ringen av kunskap och ber\u00e4ttelser mellan generationer.\" tabindex=\"0\">tradition<\/span> \u00e4r sen och os\u00e4ker.<\/p><p>Sammantaget visar sp\u00e5rs\u00f6kningen att Frigg, ut\u00f6ver de isl\u00e4ndska texterna, var en brett f\u00f6rankrad gestalt vars dyrkan dock \u00e4gde rum mer i det husliga \u00e4n i det monumentala omr\u00e5det och d\u00e4rf\u00f6r l\u00e4mnade mindre synliga arkeologiska sp\u00e5r.<\/p>\t\t\t\t\t\t\t\t<\/div>\n\t\t\t\t<\/div>\n\t\t\t\t\t<\/div>\n\t\t\t\t<\/div>\n\t\t<div class=\"elementor-element elementor-element-36dd7469 e-flex e-con-boxed e-con e-parent\" data-id=\"36dd7469\" data-element_type=\"container\" data-e-type=\"container\">\n\t\t\t\t\t<div class=\"e-con-inner\">\n\t\t\t\t<div class=\"elementor-element elementor-element-13760ab4 elementor-widget elementor-widget-heading\" data-id=\"13760ab4\" data-element_type=\"widget\" data-e-type=\"widget\" data-widget_type=\"heading.default\">\n\t\t\t\t\t<h2 class=\"elementor-heading-title elementor-size-default\">Vidare l\u00e4nkar<\/h2>\t\t\t\t<\/div>\n\t\t<div class=\"elementor-element elementor-element-28c87796 e-con-full e-flex e-con e-child\" data-id=\"28c87796\" data-element_type=\"container\" data-e-type=\"container\">\n\t\t\t\t<div class=\"elementor-element elementor-element-5d6538df elementor-widget elementor-widget-text-editor\" data-id=\"5d6538df\" data-element_type=\"widget\" data-e-type=\"widget\" data-widget_type=\"text-editor.default\">\n\t\t\t\t\t\t\t\t\t<ul><li><a href=\"https:\/\/iwell-guard.com\/sv\/odin\/\">Oden, make<\/a><\/li><li><a href=\"https:\/\/iwell-guard.com\/sv\/freja\/\">Freja, besl&auml;ktad germansk gudinna<\/a><\/li><li><a href=\"https:\/\/iwell-guard.com\/sv\/loki\/\">Loki, antagonist i Balder-myten<\/a><\/li><li><a href=\"https:\/\/iwell-guard.com\/sv\/germanskt\/\">Germanskt, panteon&ouml;versikt<\/a><\/li><li><a href=\"https:\/\/iwell-guard.com\/sv\/hoggudomar\/\">H&ouml;ggudomar, underkategori<\/a><\/li><li><a href=\"https:\/\/iwell-guard.com\/sv\/gudar\/\">Gudar, klass&ouml;versikt<\/a><\/li><\/ul>\t\t\t\t\t\t\t\t<\/div>\n\t\t\t\t<\/div>\n\t\t\t\t\t<\/div>\n\t\t\t\t<\/div>\n\t\t<div class=\"elementor-element elementor-element-grl4kl40 e-flex e-con-boxed e-con e-parent\" data-id=\"grl4kl40\" data-element_type=\"container\" data-e-type=\"container\">\n\t\t\t\t\t<div class=\"e-con-inner\">\n\t\t\t\t<div class=\"elementor-element elementor-element-bzsbfrmh elementor-widget elementor-widget-heading\" data-id=\"bzsbfrmh\" data-element_type=\"widget\" data-e-type=\"widget\" data-widget_type=\"heading.default\">\n\t\t\t\t\t<h2 class=\"elementor-heading-title elementor-size-default\">Litteratur (urval)<\/h2>\t\t\t\t<\/div>\n\t\t<div class=\"elementor-element elementor-element-2c13224a e-con-full e-flex e-con e-child\" data-id=\"2c13224a\" data-element_type=\"container\" data-e-type=\"container\">\n\t\t\t\t<div class=\"elementor-element elementor-element-0eymh9ub elementor-widget elementor-widget-text-editor\" data-id=\"0eymh9ub\" data-element_type=\"widget\" data-e-type=\"widget\" data-widget_type=\"text-editor.default\">\n\t\t\t\t\t\t\t\t\t<footer class=\"iwg-literatur\" data-nosnippet=\"true\"><ul><li><span data-nosnippet>Simek, Rudolf: <em>Lexikon der germanischen <span class=\"iwg-fachbegriff\" data-tooltip=\"Den samlade m\u00e4ngden \u00f6verl\u00e4mnade gudaber\u00e4ttelser i en kultur.\" tabindex=\"0\">Mythologie<\/span><\/em>. Stuttgart 2006.<\/span><\/li><li><span data-nosnippet>de Vries, Jan: <em>Altgermanische Religionsgeschichte<\/em>. 2 band, Berlin 1956\/57.<\/span><\/li><li><span data-nosnippet>Lindow, John: <em>Norse Mythology. A Guide to the Gods, Heroes, Rituals, and Beliefs<\/em>. Oxford 2001.<\/span><\/li><li><span data-nosnippet>Davidson, Hilda Ellis: <em>Roles of the Northern Goddess<\/em>. London 1998.<\/span><\/li><li><span class=\"iwg-fachbegriff\" tabindex=\"0\" data-tooltip=\"Isl\u00e4ndsk l\u00e4rd (1179\u20131241); f\u00f6rfattare till Prosa-Edda och Heimskringla.\">Snorri Sturluson<\/span>: <em>Snorra-Edda<\/em> (flera \u00f6vers\u00e4ttningar).<\/li><li>Walde, Christine (red.): <em>Der Neue Pauly<\/em> (uppslagsordet &rdquo;Frigg&rdquo;).<\/li><\/ul><\/footer>\t\t\t\t\t\t\t\t<\/div>\n\t\t\t\t<\/div>\n\t\t\t\t\t<\/div>\n\t\t\t\t<\/div>\n\t\t<div class=\"elementor-element elementor-element-iwgkw2-add-frigg e-flex e-con-boxed e-con e-parent\" data-id=\"iwgkw2-add-frigg\" data-element_type=\"container\" data-e-type=\"container\">\n\t\t\t\t\t<div class=\"e-con-inner\">\n\t\t\t\t<div class=\"elementor-element elementor-element-iwgkw2-add-frigg-t elementor-widget elementor-widget-text-editor\" data-id=\"iwgkw2-add-frigg-t\" data-element_type=\"widget\" data-e-type=\"widget\" data-widget_type=\"text-editor.default\">\n\t\t\t\t\t\t\t\t\t<p>Frigg betraktas i den nordiska <span class=\"iwg-fachbegriff\" data-tooltip=\"\u00d6verf\u00f6ringen av kunskap och ber\u00e4ttelser mellan generationer.\" tabindex=\"0\">traditionen<\/span> som <em>h\u00f6ggudinna<\/em> bland asarna, gem\u00e5l till Oden och mor till Balder; Eddan skildrar henne som v\u00e4ktare av \u00f6destr\u00e5darna och beskyddare av eder.<\/p>\t\t\t\t\t\t\t\t<\/div>\n\t\t\t\t\t<\/div>\n\t\t\t\t<\/div>\n\t\t\t\t<\/div>\n\t\t","protected":false},"excerpt":{"rendered":"","protected":false},"author":3,"featured_media":1572,"parent":0,"menu_order":0,"comment_status":"closed","ping_status":"closed","template":"elementor_header_footer","meta":{"_yoast_wpseo_focuskw":"frigg","_yoast_wpseo_title":"Frigg - Asagudinnornas h\u00f6gsta gudinna, Balders mor","_yoast_wpseo_metadesc":"Frigg, asagudinnornas h\u00f6gsta gudinna och Balders mor. \u00d6desg\u00e5va, moderskap, hush\u00e5ll. K\u00e4llor i Eddan, Saxo och sp\u00e5ren i germanska kulter.","_yoast_wpseo_meta-robots-noindex":"","_yoast_wpseo_canonical":"","_angie_page":false,"gefaehrdungsstufe":"1","wesen_kultur":"germanisch","wesen_klasse":"goetter","footnotes":""},"categories":[],"class_list":["post-136721","page","type-page","status-publish","has-post-thumbnail","hentry"],"yoast_head":"<!-- This site is optimized with the Yoast SEO Premium plugin v27.7 (Yoast SEO v28.3) - https:\/\/yoast.com\/product\/yoast-seo-premium-wordpress\/ -->\n<title>Frigg - Asagudinnornas h\u00f6gsta gudinna, Balders mor<\/title>\n<meta name=\"description\" content=\"Frigg, asagudinnornas h\u00f6gsta gudinna och Balders mor. \u00d6desg\u00e5va, moderskap, hush\u00e5ll. K\u00e4llor i Eddan, Saxo och sp\u00e5ren i germanska kulter.\" \/>\n<meta name=\"robots\" content=\"index, follow, max-snippet:-1, max-image-preview:large, max-video-preview:-1\" \/>\n<link rel=\"canonical\" href=\"https:\/\/iwell-guard.com\/sv\/frigg\/\" \/>\n<meta property=\"og:locale\" content=\"sv_SE\" \/>\n<meta property=\"og:type\" content=\"article\" \/>\n<meta property=\"og:title\" content=\"Frigg\" \/>\n<meta property=\"og:description\" content=\"Frigg, asagudinnornas h\u00f6gsta gudinna och Balders mor. \u00d6desg\u00e5va, moderskap, hush\u00e5ll. K\u00e4llor i Eddan, Saxo och sp\u00e5ren i germanska kulter.\" \/>\n<meta property=\"og:url\" content=\"https:\/\/iwell-guard.com\/sv\/frigg\/\" \/>\n<meta property=\"og:site_name\" content=\"iWell Guard\" \/>\n<meta property=\"article:modified_time\" content=\"2026-09-03T01:10:18+00:00\" \/>\n<meta property=\"og:image\" content=\"https:\/\/iwell-guard.com\/wp-content\/uploads\/2026\/04\/goetter_germanisch_frigg.webp\" \/>\n\t<meta property=\"og:image:width\" content=\"1024\" \/>\n\t<meta property=\"og:image:height\" content=\"1536\" \/>\n\t<meta property=\"og:image:type\" content=\"image\/webp\" \/>\n<meta name=\"twitter:card\" content=\"summary_large_image\" \/>\n<script type=\"application\/ld+json\" class=\"yoast-schema-graph\">{\"@context\":\"https:\\\/\\\/schema.org\",\"@graph\":[{\"@type\":\"WebPage\",\"@id\":\"https:\\\/\\\/iwell-guard.com\\\/sv\\\/frigg\\\/\",\"url\":\"https:\\\/\\\/iwell-guard.com\\\/sv\\\/frigg\\\/\",\"name\":\"Frigg - Asagudinnornas h\u00f6gsta gudinna, Balders mor\",\"isPartOf\":{\"@id\":\"https:\\\/\\\/iwell-guard.com\\\/sv\\\/#website\"},\"primaryImageOfPage\":{\"@id\":\"https:\\\/\\\/iwell-guard.com\\\/sv\\\/frigg\\\/#primaryimage\"},\"image\":{\"@id\":\"https:\\\/\\\/iwell-guard.com\\\/sv\\\/frigg\\\/#primaryimage\"},\"thumbnailUrl\":\"https:\\\/\\\/iwell-guard.com\\\/wp-content\\\/uploads\\\/2026\\\/04\\\/goetter_germanisch_frigg.webp\",\"datePublished\":\"2026-09-03T00:09:27+00:00\",\"dateModified\":\"2026-09-03T01:10:18+00:00\",\"description\":\"Frigg, asagudinnornas h\u00f6gsta gudinna och Balders mor. \u00d6desg\u00e5va, moderskap, hush\u00e5ll. K\u00e4llor i Eddan, Saxo och sp\u00e5ren i germanska kulter.\",\"breadcrumb\":{\"@id\":\"https:\\\/\\\/iwell-guard.com\\\/sv\\\/frigg\\\/#breadcrumb\"},\"inLanguage\":\"sv-SE\",\"potentialAction\":[{\"@type\":\"ReadAction\",\"target\":[\"https:\\\/\\\/iwell-guard.com\\\/sv\\\/frigg\\\/\"]}]},{\"@type\":\"ImageObject\",\"inLanguage\":\"sv-SE\",\"@id\":\"https:\\\/\\\/iwell-guard.com\\\/sv\\\/frigg\\\/#primaryimage\",\"url\":\"https:\\\/\\\/iwell-guard.com\\\/wp-content\\\/uploads\\\/2026\\\/04\\\/goetter_germanisch_frigg.webp\",\"contentUrl\":\"https:\\\/\\\/iwell-guard.com\\\/wp-content\\\/uploads\\\/2026\\\/04\\\/goetter_germanisch_frigg.webp\",\"width\":1024,\"height\":1536,\"caption\":\"Gudar fr\u00e5n den germanska traditionen.\"},{\"@type\":\"BreadcrumbList\",\"@id\":\"https:\\\/\\\/iwell-guard.com\\\/sv\\\/frigg\\\/#breadcrumb\",\"itemListElement\":[{\"@type\":\"ListItem\",\"position\":1,\"name\":\"Start\",\"item\":\"https:\\\/\\\/iwell-guard.com\\\/sv\\\/?page_id=136483\"},{\"@type\":\"ListItem\",\"position\":2,\"name\":\"Frigg\"}]},{\"@type\":\"WebSite\",\"@id\":\"https:\\\/\\\/iwell-guard.com\\\/sv\\\/#website\",\"url\":\"https:\\\/\\\/iwell-guard.com\\\/sv\\\/\",\"name\":\"iWell Guard\",\"description\":\"Schutz vor dunklen Einfl\u00fcssen\",\"publisher\":{\"@id\":\"https:\\\/\\\/iwell-guard.com\\\/sv\\\/#organization\"},\"potentialAction\":[{\"@type\":\"SearchAction\",\"target\":{\"@type\":\"EntryPoint\",\"urlTemplate\":\"https:\\\/\\\/iwell-guard.com\\\/sv\\\/?s={search_term_string}\"},\"query-input\":{\"@type\":\"PropertyValueSpecification\",\"valueRequired\":true,\"valueName\":\"search_term_string\"}}],\"inLanguage\":\"sv-SE\"},{\"@type\":\"Organization\",\"@id\":\"https:\\\/\\\/iwell-guard.com\\\/sv\\\/#organization\",\"name\":\"Ittermann electronic GmbH\",\"url\":\"https:\\\/\\\/iwell-guard.com\\\/sv\\\/\",\"logo\":{\"@type\":\"ImageObject\",\"inLanguage\":\"sv-SE\",\"@id\":\"https:\\\/\\\/iwell-guard.com\\\/sv\\\/#\\\/schema\\\/logo\\\/image\\\/\",\"url\":\"https:\\\/\\\/iwell-guard.com\\\/wp-content\\\/uploads\\\/2026\\\/05\\\/Ittermann-Logo-1182x237-1.png\",\"contentUrl\":\"https:\\\/\\\/iwell-guard.com\\\/wp-content\\\/uploads\\\/2026\\\/05\\\/Ittermann-Logo-1182x237-1.png\",\"width\":1182,\"height\":237,\"caption\":\"Ittermann electronic GmbH\"},\"image\":{\"@id\":\"https:\\\/\\\/iwell-guard.com\\\/sv\\\/#\\\/schema\\\/logo\\\/image\\\/\"},\"sameAs\":[\"https:\\\/\\\/pantip.com\\\/profile\\\/9367242\",\"https:\\\/\\\/micro.blog\\\/iwellguard\",\"https:\\\/\\\/www.diggerslist.com\\\/iwellguard\\\/about\",\"https:\\\/\\\/skitterphoto.com\\\/photographers\\\/2870314\\\/iwell-guard\",\"https:\\\/\\\/iwellguard.wordpress.com\\\/2026\\\/06\\\/06\\\/iwell-guard\\\/\",\"https:\\\/\\\/hub.docker.com\\\/u\\\/iwellguard\",\"https:\\\/\\\/www.pinterest.com\\\/iwellguard\\\/\",\"https:\\\/\\\/bit.ly\\\/m\\\/iwellguard\",\"https:\\\/\\\/entre-vos-mains.alsace.eu\\\/profiles\\\/iwellguard\\\/activity\",\"https:\\\/\\\/gravatar.com\\\/reallybeded8fd34\",\"https:\\\/\\\/naijamatta.com\\\/iwellguard\",\"https:\\\/\\\/www.goodreads.com\\\/iwellguard\",\"https:\\\/\\\/profile.hatena.ne.jp\\\/iwellguard\\\/\",\"https:\\\/\\\/experiment.com\\\/users\\\/iwellguard\",\"https:\\\/\\\/wakelet.com\\\/@iWellGuard82270\",\"https:\\\/\\\/www.chordie.com\\\/forum\\\/profile.php?id=2555664\",\"https:\\\/\\\/www.instapaper.com\\\/p\\\/17757966\",\"https:\\\/\\\/www.mapleprimes.com\\\/users\\\/iwellguard\",\"https:\\\/\\\/businesslistingplus.com\\\/profile\\\/iwell-guard\\\/\",\"https:\\\/\\\/telegra.ph\\\/iWell-Guard-06-06\",\"https:\\\/\\\/pbase.com\\\/iwellguard\\\/iwellguard\",\"https:\\\/\\\/b.hatena.ne.jp\\\/iwellguard\\\/20260607#bookmark-4788405196491818882\",\"https:\\\/\\\/fliphtml5.com\\\/home\\\/iwellguard\",\"https:\\\/\\\/anyflip.com\\\/homepage\\\/cmiwl#About\",\"https:\\\/\\\/transfur.com\\\/Users\\\/iwellguard\",\"http:\\\/\\\/delphi.larsbo.org\\\/user\\\/iwellguard\",\"https:\\\/\\\/jobs.lajobsportal.org\\\/profiles\\\/8380803-iwell-guard\",\"https:\\\/\\\/md.chaosdorf.de\\\/s\\\/jfbe5SBdJD\",\"https:\\\/\\\/www.lingvolive.com\\\/en-us\\\/profile\\\/9ecaeaca-ce11-4e51-9e71-01d55e2bff36\\\/translations\",\"https:\\\/\\\/www.fitday.com\\\/fitness\\\/forums\\\/members\\\/iwellguard.html\",\"https:\\\/\\\/www.mymeetbook.com\\\/iwellguard\",\"https:\\\/\\\/pxhere.com\\\/en\\\/photographer-me\\\/5040798\",\"https:\\\/\\\/disqus.com\\\/by\\\/iwellguard\\\/about\\\/\",\"https:\\\/\\\/pastelink.net\\\/hjwciqwq\",\"https:\\\/\\\/pubhtml5.com\\\/homepage\\\/scjhn\\\/\",\"https:\\\/\\\/www.bitchute.com\\\/channel\\\/2O2eOKzNqujT\",\"https:\\\/\\\/audiomack.com\\\/iwellguard\"]},{\"@type\":\"Article\",\"@id\":\"https:\\\/\\\/iwell-guard.com\\\/sv\\\/frigg\\\/#article\",\"isPartOf\":{\"@id\":\"https:\\\/\\\/iwell-guard.com\\\/sv\\\/frigg\\\/\"},\"author\":{\"name\":\"Ralf Ittermann\",\"@id\":\"https:\\\/\\\/iwell-guard.com\\\/sv\\\/#\\\/schema\\\/person\\\/ee2a27f1cac3406c7c6fb5820cb7349f\"},\"headline\":\"Frigg\",\"datePublished\":\"2026-09-03T00:09:27+00:00\",\"dateModified\":\"2026-09-03T01:10:18+00:00\",\"mainEntityOfPage\":{\"@id\":\"https:\\\/\\\/iwell-guard.com\\\/sv\\\/frigg\\\/\"},\"publisher\":{\"@id\":\"https:\\\/\\\/iwell-guard.com\\\/sv\\\/#organization\"},\"image\":{\"@id\":\"https:\\\/\\\/iwell-guard.com\\\/sv\\\/frigg\\\/#primaryimage\"},\"thumbnailUrl\":\"https:\\\/\\\/iwell-guard.com\\\/wp-content\\\/uploads\\\/2026\\\/04\\\/goetter_germanisch_frigg.webp\",\"inLanguage\":\"sv-SE\",\"description\":\"Frigg, asagudinnornas h\u00f6gsta gudinna och Balders mor. \u00d6desg\u00e5va, moderskap, hush\u00e5ll. K\u00e4llor i Eddan, Saxo och sp\u00e5ren i germanska kulter.\"}]}<\/script>\n<!-- \/ Yoast SEO Premium plugin. -->","yoast_head_json":{"title":"Frigg - Asagudinnornas h\u00f6gsta gudinna, Balders mor","description":"Frigg, asagudinnornas h\u00f6gsta gudinna och Balders mor. \u00d6desg\u00e5va, moderskap, hush\u00e5ll. K\u00e4llor i Eddan, Saxo och sp\u00e5ren i germanska kulter.","robots":{"index":"index","follow":"follow","max-snippet":"max-snippet:-1","max-image-preview":"max-image-preview:large","max-video-preview":"max-video-preview:-1"},"canonical":"https:\/\/iwell-guard.com\/sv\/frigg\/","og_locale":"sv_SE","og_type":"article","og_title":"Frigg","og_description":"Frigg, asagudinnornas h\u00f6gsta gudinna och Balders mor. \u00d6desg\u00e5va, moderskap, hush\u00e5ll. K\u00e4llor i Eddan, Saxo och sp\u00e5ren i germanska kulter.","og_url":"https:\/\/iwell-guard.com\/sv\/frigg\/","og_site_name":"iWell Guard","article_modified_time":"2026-09-03T01:10:18+00:00","og_image":[{"width":1024,"height":1536,"url":"https:\/\/iwell-guard.com\/wp-content\/uploads\/2026\/04\/goetter_germanisch_frigg.webp","type":"image\/webp"}],"twitter_card":"summary_large_image","schema":{"@context":"https:\/\/schema.org","@graph":[{"@type":"Article","@id":"https:\/\/iwell-guard.com\/sv\/frigg\/#article","isPartOf":{"@id":"https:\/\/iwell-guard.com\/sv\/frigg\/"},"author":{"name":"Ralf Ittermann","@id":"https:\/\/iwell-guard.com\/sv\/#\/schema\/person\/ee2a27f1cac3406c7c6fb5820cb7349f"},"headline":"Frigg","datePublished":"2026-09-03T00:09:27+00:00","dateModified":"2026-09-03T01:10:18+00:00","mainEntityOfPage":{"@id":"https:\/\/iwell-guard.com\/sv\/frigg\/"},"publisher":{"@id":"https:\/\/iwell-guard.com\/sv\/#organization"},"image":{"@id":"https:\/\/iwell-guard.com\/sv\/frigg\/#primaryimage"},"thumbnailUrl":"https:\/\/iwell-guard.com\/wp-content\/uploads\/2026\/04\/goetter_germanisch_frigg.webp","inLanguage":"sv-SE","description":"Frigg, asagudinnornas h\u00f6gsta gudinna och Balders mor. \u00d6desg\u00e5va, moderskap, hush\u00e5ll. K\u00e4llor i Eddan, Saxo och sp\u00e5ren i germanska kulter."},{"@type":"WebPage","@id":"https:\/\/iwell-guard.com\/sv\/frigg\/","url":"https:\/\/iwell-guard.com\/sv\/frigg\/","name":"Frigg - Asagudinnornas h\u00f6gsta gudinna, Balders mor","isPartOf":{"@id":"https:\/\/iwell-guard.com\/sv\/#website"},"primaryImageOfPage":{"@id":"https:\/\/iwell-guard.com\/sv\/frigg\/#primaryimage"},"image":{"@id":"https:\/\/iwell-guard.com\/sv\/frigg\/#primaryimage"},"thumbnailUrl":"https:\/\/iwell-guard.com\/wp-content\/uploads\/2026\/04\/goetter_germanisch_frigg.webp","datePublished":"2026-09-03T00:09:27+00:00","dateModified":"2026-09-03T01:10:18+00:00","description":"Frigg, asagudinnornas h\u00f6gsta gudinna och Balders mor. \u00d6desg\u00e5va, moderskap, hush\u00e5ll. K\u00e4llor i Eddan, Saxo och sp\u00e5ren i germanska kulter.","breadcrumb":{"@id":"https:\/\/iwell-guard.com\/sv\/frigg\/#breadcrumb"},"inLanguage":"sv-SE","potentialAction":[{"@type":"ReadAction","target":["https:\/\/iwell-guard.com\/sv\/frigg\/"]}]},{"@type":"ImageObject","inLanguage":"sv-SE","@id":"https:\/\/iwell-guard.com\/sv\/frigg\/#primaryimage","url":"https:\/\/iwell-guard.com\/wp-content\/uploads\/2026\/04\/goetter_germanisch_frigg.webp","contentUrl":"https:\/\/iwell-guard.com\/wp-content\/uploads\/2026\/04\/goetter_germanisch_frigg.webp","width":1024,"height":1536,"caption":"Gudar fr\u00e5n den germanska traditionen."},{"@type":"BreadcrumbList","@id":"https:\/\/iwell-guard.com\/sv\/frigg\/#breadcrumb","itemListElement":[{"@type":"ListItem","position":1,"name":"Start","item":"https:\/\/iwell-guard.com\/sv\/?page_id=136483"},{"@type":"ListItem","position":2,"name":"Frigg"}]},{"@type":"WebSite","@id":"https:\/\/iwell-guard.com\/sv\/#website","url":"https:\/\/iwell-guard.com\/sv\/","name":"iWell Guard","description":"Schutz vor dunklen Einfl\u00fcssen","publisher":{"@id":"https:\/\/iwell-guard.com\/sv\/#organization"},"potentialAction":[{"@type":"SearchAction","target":{"@type":"EntryPoint","urlTemplate":"https:\/\/iwell-guard.com\/sv\/?s={search_term_string}"},"query-input":{"@type":"PropertyValueSpecification","valueRequired":true,"valueName":"search_term_string"}}],"inLanguage":"sv-SE"},{"@type":"Organization","@id":"https:\/\/iwell-guard.com\/sv\/#organization","name":"Ittermann electronic GmbH","url":"https:\/\/iwell-guard.com\/sv\/","logo":{"@type":"ImageObject","inLanguage":"sv-SE","@id":"https:\/\/iwell-guard.com\/sv\/#\/schema\/logo\/image\/","url":"https:\/\/iwell-guard.com\/wp-content\/uploads\/2026\/05\/Ittermann-Logo-1182x237-1.png","contentUrl":"https:\/\/iwell-guard.com\/wp-content\/uploads\/2026\/05\/Ittermann-Logo-1182x237-1.png","width":1182,"height":237,"caption":"Ittermann electronic GmbH"},"image":{"@id":"https:\/\/iwell-guard.com\/sv\/#\/schema\/logo\/image\/"},"sameAs":["https:\/\/pantip.com\/profile\/9367242","https:\/\/micro.blog\/iwellguard","https:\/\/www.diggerslist.com\/iwellguard\/about","https:\/\/skitterphoto.com\/photographers\/2870314\/iwell-guard","https:\/\/iwellguard.wordpress.com\/2026\/06\/06\/iwell-guard\/","https:\/\/hub.docker.com\/u\/iwellguard","https:\/\/www.pinterest.com\/iwellguard\/","https:\/\/bit.ly\/m\/iwellguard","https:\/\/entre-vos-mains.alsace.eu\/profiles\/iwellguard\/activity","https:\/\/gravatar.com\/reallybeded8fd34","https:\/\/naijamatta.com\/iwellguard","https:\/\/www.goodreads.com\/iwellguard","https:\/\/profile.hatena.ne.jp\/iwellguard\/","https:\/\/experiment.com\/users\/iwellguard","https:\/\/wakelet.com\/@iWellGuard82270","https:\/\/www.chordie.com\/forum\/profile.php?id=2555664","https:\/\/www.instapaper.com\/p\/17757966","https:\/\/www.mapleprimes.com\/users\/iwellguard","https:\/\/businesslistingplus.com\/profile\/iwell-guard\/","https:\/\/telegra.ph\/iWell-Guard-06-06","https:\/\/pbase.com\/iwellguard\/iwellguard","https:\/\/b.hatena.ne.jp\/iwellguard\/20260607#bookmark-4788405196491818882","https:\/\/fliphtml5.com\/home\/iwellguard","https:\/\/anyflip.com\/homepage\/cmiwl#About","https:\/\/transfur.com\/Users\/iwellguard","http:\/\/delphi.larsbo.org\/user\/iwellguard","https:\/\/jobs.lajobsportal.org\/profiles\/8380803-iwell-guard","https:\/\/md.chaosdorf.de\/s\/jfbe5SBdJD","https:\/\/www.lingvolive.com\/en-us\/profile\/9ecaeaca-ce11-4e51-9e71-01d55e2bff36\/translations","https:\/\/www.fitday.com\/fitness\/forums\/members\/iwellguard.html","https:\/\/www.mymeetbook.com\/iwellguard","https:\/\/pxhere.com\/en\/photographer-me\/5040798","https:\/\/disqus.com\/by\/iwellguard\/about\/","https:\/\/pastelink.net\/hjwciqwq","https:\/\/pubhtml5.com\/homepage\/scjhn\/","https:\/\/www.bitchute.com\/channel\/2O2eOKzNqujT","https:\/\/audiomack.com\/iwellguard"]},{"@type":"Person","@id":"https:\/\/iwell-guard.com\/sv\/#\/schema\/person\/ee2a27f1cac3406c7c6fb5820cb7349f","name":"Ralf Ittermann","image":{"@type":"ImageObject","inLanguage":"sv-SE","@id":"https:\/\/secure.gravatar.com\/avatar\/073c0153e350a5005b68eb752b445fea71f6b24a26da9449ad7e155e6b446c9d?s=96&d=mm&r=g","url":"https:\/\/secure.gravatar.com\/avatar\/073c0153e350a5005b68eb752b445fea71f6b24a26da9449ad7e155e6b446c9d?s=96&d=mm&r=g","contentUrl":"https:\/\/secure.gravatar.com\/avatar\/073c0153e350a5005b68eb752b445fea71f6b24a26da9449ad7e155e6b446c9d?s=96&d=mm&r=g","caption":"Ralf Ittermann"},"givenName":"Ralf","familyName":"Ittermann","jobTitle":"Gesch\u00e4ftsf\u00fchrer und redaktioneller Verantwortlicher","url":"https:\/\/iwell-guard.com\/sv\/author\/claude\/","description":"Ralf Ittermann ist Gesch\u00e4ftsf\u00fchrer der Ittermann electronic GmbH und redaktioneller Verantwortlicher des iWell-Guard-Lexikons. Er verbindet langj\u00e4hrige Erfahrung in der Pr\u00e4zisionsfertigung mit medialer Praxis und religionsgeschichtlicher Quellenarbeit.","worksFor":{"@type":"Organization","name":"Ittermann electronic GmbH","url":"https:\/\/ittermann.de\/","address":{"@type":"PostalAddress","streetAddress":"K\u00f6hlergasse 16-18","postalCode":"99842","addressLocality":"Ruhla","addressCountry":"DE"}},"knowsAbout":["Religionsgeschichte","Mythologie","Mediale Praxis","Energetische Diagnostik","Schutzpraxis","Volksglauben","Westliche Esoterik"]},{"@type":"Article","@id":"https:\/\/iwell-guard.com\/sv\/frigg\/#article","isPartOf":{"@id":"https:\/\/iwell-guard.com\/sv\/frigg\/"},"author":{"name":"Ralf Ittermann","@id":"https:\/\/iwell-guard.com\/sv\/#\/schema\/person\/ee2a27f1cac3406c7c6fb5820cb7349f"},"headline":"Frigg","datePublished":"2026-09-03T00:09:27+00:00","dateModified":"2026-09-03T01:10:18+00:00","mainEntityOfPage":{"@id":"https:\/\/iwell-guard.com\/sv\/frigg\/"},"publisher":{"@id":"https:\/\/iwell-guard.com\/sv\/#organization"},"image":{"@id":"https:\/\/iwell-guard.com\/sv\/frigg\/#primaryimage"},"thumbnailUrl":"https:\/\/iwell-guard.com\/wp-content\/uploads\/2026\/04\/goetter_germanisch_frigg.webp","inLanguage":"sv-SE","description":"Frigg, asagudinnornas h\u00f6gsta gudinna och Balders mor. \u00d6desg\u00e5va, moderskap, hush\u00e5ll. K\u00e4llor i Eddan, Saxo och sp\u00e5ren i germanska kulter."}]}},"_links":{"self":[{"href":"https:\/\/iwell-guard.com\/sv\/wp-json\/wp\/v2\/pages\/136721","targetHints":{"allow":["GET"]}}],"collection":[{"href":"https:\/\/iwell-guard.com\/sv\/wp-json\/wp\/v2\/pages"}],"about":[{"href":"https:\/\/iwell-guard.com\/sv\/wp-json\/wp\/v2\/types\/page"}],"author":[{"embeddable":true,"href":"https:\/\/iwell-guard.com\/sv\/wp-json\/wp\/v2\/users\/3"}],"replies":[{"embeddable":true,"href":"https:\/\/iwell-guard.com\/sv\/wp-json\/wp\/v2\/comments?post=136721"}],"version-history":[{"count":0,"href":"https:\/\/iwell-guard.com\/sv\/wp-json\/wp\/v2\/pages\/136721\/revisions"}],"wp:featuredmedia":[{"embeddable":true,"href":"https:\/\/iwell-guard.com\/sv\/wp-json\/wp\/v2\/media\/1572"}],"wp:attachment":[{"href":"https:\/\/iwell-guard.com\/sv\/wp-json\/wp\/v2\/media?parent=136721"}],"wp:term":[{"taxonomy":"category","embeddable":true,"href":"https:\/\/iwell-guard.com\/sv\/wp-json\/wp\/v2\/categories?post=136721"}],"curies":[{"name":"wp","href":"https:\/\/api.w.org\/{rel}","templated":true}]}}