{"id":136718,"date":"2026-09-03T00:09:25","date_gmt":"2026-09-03T00:09:25","guid":{"rendered":"https:\/\/iwell-guard.com\/?page_id=136718"},"modified":"2026-09-03T01:10:10","modified_gmt":"2026-09-03T01:10:10","slug":"thor","status":"publish","type":"page","link":"https:\/\/iwell-guard.com\/sv\/thor\/","title":{"rendered":"Thor"},"content":{"rendered":"\t\t<div data-elementor-type=\"wp-page\" data-elementor-id=\"136718\" class=\"elementor elementor-136718 elementor-2095 elementor-bc-flex-widget\" data-elementor-post-type=\"page\">\n\t\t\t\t<div class=\"elementor-element elementor-element-10fdade e-flex e-con-boxed e-con e-parent\" data-id=\"10fdade\" data-element_type=\"container\" data-e-type=\"container\" data-settings=\"{&quot;background_background&quot;:&quot;classic&quot;}\">\n\t\t\t\t\t<div class=\"e-con-inner\">\n\t\t<div class=\"elementor-element elementor-element-herohlft0 e-flex e-con-boxed e-con e-child\" data-id=\"herohlft0\" data-element_type=\"container\" data-e-type=\"container\">\n\t\t\t\t\t<div class=\"e-con-inner\">\n\t\t<div class=\"elementor-element elementor-element-c3ceb64 e-con-full e-flex e-con e-child\" data-id=\"c3ceb64\" data-element_type=\"container\" data-e-type=\"container\">\n\t\t\t\t<div class=\"elementor-element elementor-element-96ae5e1 elementor-widget elementor-widget-heading\" data-id=\"96ae5e1\" data-element_type=\"widget\" data-e-type=\"widget\" data-widget_type=\"heading.default\">\n\t\t\t\t\t<h1 class=\"elementor-heading-title elementor-size-default\">Thor, gud i den germanska traditionen<\/h1>\t\t\t\t<\/div>\n\t\t\t\t<div class=\"elementor-element elementor-element-e45238a elementor-widget elementor-widget-text-editor\" data-id=\"e45238a\" data-element_type=\"widget\" data-e-type=\"widget\" data-widget_type=\"text-editor.default\">\n\t\t\t\t\t\t\t\t\t<p>Thor \u00e4r \u00e5skans, blixtens och skyddets gud i den germanska traditionen. Som son till Oden och beskyddare av m\u00e4nskligheten och gudarna st\u00e5r han f\u00f6r kraft, mod och ordning mot kaos.<\/p><p>Religionsvetenskapligt \u00e4r Thor ett exempel p\u00e5 \u00e5skgudens centrala st\u00e4llning i indoeuropeiska pantheon och hans politiska omformning till en skyddsgud f\u00f6r b\u00f6nder och krigare.<\/p>\t\t\t\t\t\t\t\t<\/div>\n\t\t\t\t<\/div>\n\t\t<div class=\"elementor-element elementor-element-klsbdg01 e-con-full e-flex e-con e-parent\" data-id=\"klsbdg01\" data-element_type=\"container\" data-e-type=\"container\">\n\t\t\t\t<div class=\"elementor-element elementor-element-klshtm01 elementor-widget elementor-widget-html\" data-id=\"klshtm01\" data-element_type=\"widget\" data-e-type=\"widget\" data-widget_type=\"html.default\">\n\t\t\t\t\t<div class=\"iwg-pill-row\"><span class=\"iwg-klasse-badge\" tabindex=\"0\" data-tooltip=\"Gud \/ Gudinna: Personifierad h\u00f6gsta makt i en kulturs pantheon, med tydliga ansvarsomr\u00e5den, naturkrafter, \u00f6de, krig, fruktbarhet. V\u00f6rdad genom kulter, offer och tempelinstitutioner.\">Gud<\/span><a href=\"https:\/\/iwell-guard.com\/sv\/germanskt\/\" class=\"iwg-kultur-badge\" tabindex=\"0\" data-tooltip=\"F\u00f6rkristen gud- och andev\u00e4rld i Nord- och Mellaneuropa.\">Germansk<\/a><\/div>\t\t\t\t<\/div>\n\t\t\t\t<\/div>\n\t\t<div class=\"elementor-element elementor-element-3f74855 e-con-full e-flex e-con e-child\" data-id=\"3f74855\" data-element_type=\"container\" data-e-type=\"container\">\n\t\t\t\t<div class=\"elementor-element elementor-element-1c30362 elementor-toc--minimized-on-tablet elementor-widget elementor-widget-table-of-contents\" data-id=\"1c30362\" data-element_type=\"widget\" data-e-type=\"widget\" data-settings=\"{&quot;exclude_headings_by_selector&quot;:[],&quot;no_headings_message&quot;:&quot;Inga rubriker hittades p\\u00e5 den h\\u00e4r sidan.&quot;,&quot;headings_by_tags&quot;:[&quot;h2&quot;,&quot;h3&quot;],&quot;marker_view&quot;:&quot;bullets&quot;,&quot;minimize_box&quot;:&quot;yes&quot;,&quot;icon&quot;:{&quot;value&quot;:&quot;fas fa-circle&quot;,&quot;library&quot;:&quot;fa-solid&quot;,&quot;rendered_tag&quot;:&quot;&lt;svg class=\\&quot;e-font-icon-svg e-fas-circle\\&quot; viewBox=\\&quot;0 0 512 512\\&quot; xmlns=\\&quot;http:\\\/\\\/www.w3.org\\\/2000\\\/svg\\&quot;&gt;&lt;path d=\\&quot;M256 8C119 8 8 119 8 256s111 248 248 248 248-111 248-248S393 8 256 8z\\&quot;&gt;&lt;\\\/path&gt;&lt;\\\/svg&gt;&quot;},&quot;minimized_on&quot;:&quot;tablet&quot;,&quot;hierarchical_view&quot;:&quot;yes&quot;,&quot;min_height&quot;:{&quot;unit&quot;:&quot;px&quot;,&quot;size&quot;:&quot;&quot;,&quot;sizes&quot;:[]},&quot;min_height_tablet&quot;:{&quot;unit&quot;:&quot;px&quot;,&quot;size&quot;:&quot;&quot;,&quot;sizes&quot;:[]},&quot;min_height_mobile&quot;:{&quot;unit&quot;:&quot;px&quot;,&quot;size&quot;:&quot;&quot;,&quot;sizes&quot;:[]}}\" data-widget_type=\"table-of-contents.default\">\n\t\t\t\t\t\t\t\t\t<div class=\"elementor-toc__header\">\n\t\t\t\t\t\t<h2 class=\"elementor-toc__header-title\">\n\t\t\t\tInneh\u00e5llsf\u00f6rteckning\t\t\t<\/h2>\n\t\t\t\t\t\t\t\t\t\t<div class=\"elementor-toc__toggle-button elementor-toc__toggle-button--expand\" role=\"button\" tabindex=\"0\" aria-controls=\"elementor-toc__1c30362\" aria-expanded=\"true\" aria-label=\"\u00d6ppna inneh\u00e5llsf\u00f6rteckning\"><svg aria-hidden=\"true\" class=\"e-font-icon-svg e-fas-chevron-down\" viewBox=\"0 0 448 512\" xmlns=\"http:\/\/www.w3.org\/2000\/svg\"><path d=\"M207.029 381.476L12.686 187.132c-9.373-9.373-9.373-24.569 0-33.941l22.667-22.667c9.357-9.357 24.522-9.375 33.901-.04L224 284.505l154.745-154.021c9.379-9.335 24.544-9.317 33.901.04l22.667 22.667c9.373 9.373 9.373 24.569 0 33.941L240.971 381.476c-9.373 9.372-24.569 9.372-33.942 0z\"><\/path><\/svg><\/div>\n\t\t\t\t<div class=\"elementor-toc__toggle-button elementor-toc__toggle-button--collapse\" role=\"button\" tabindex=\"0\" aria-controls=\"elementor-toc__1c30362\" aria-expanded=\"true\" aria-label=\"St\u00e4ng inneh\u00e5llsf\u00f6rteckning\"><svg aria-hidden=\"true\" class=\"e-font-icon-svg e-fas-chevron-up\" viewBox=\"0 0 448 512\" xmlns=\"http:\/\/www.w3.org\/2000\/svg\"><path d=\"M240.971 130.524l194.343 194.343c9.373 9.373 9.373 24.569 0 33.941l-22.667 22.667c-9.357 9.357-24.522 9.375-33.901.04L224 227.495 69.255 381.516c-9.379 9.335-24.544 9.317-33.901-.04l-22.667-22.667c-9.373-9.373-9.373-24.569 0-33.941L207.03 130.525c9.372-9.373 24.568-9.373 33.941-.001z\"><\/path><\/svg><\/div>\n\t\t\t\t\t<\/div>\n\t\t\t\t<div id=\"elementor-toc__1c30362\" class=\"elementor-toc__body\">\n\t\t\t<div class=\"elementor-toc__spinner-container\">\n\t\t\t\t<svg class=\"elementor-toc__spinner eicon-animation-spin e-font-icon-svg e-eicon-loading\" aria-hidden=\"true\" viewBox=\"0 0 1000 1000\" xmlns=\"http:\/\/www.w3.org\/2000\/svg\"><path d=\"M500 975V858C696 858 858 696 858 500S696 142 500 142 142 304 142 500H25C25 237 238 25 500 25S975 237 975 500 763 975 500 975Z\"><\/path><\/svg>\t\t\t<\/div>\n\t\t<\/div>\n\t\t\t\t\t\t<\/div>\n\t\t\t\t<\/div>\n\t\t\t\t\t<\/div>\n\t\t\t\t<\/div>\n\t\t<div class=\"elementor-element elementor-element-herorght0 e-con-full e-flex e-con e-child\" data-id=\"herorght0\" data-element_type=\"container\" data-e-type=\"container\">\n\t\t\t\t<div class=\"elementor-element elementor-element-heroimg00 iwg-hero-image elementor-widget elementor-widget-image\" data-id=\"heroimg00\" data-element_type=\"widget\" data-e-type=\"widget\" data-widget_type=\"image.default\">\n\t\t\t\t\t\t\t\t\t\t\t\t\t\t\t<img fetchpriority=\"high\" decoding=\"async\" width=\"683\" height=\"1024\" src=\"https:\/\/iwell-guard.com\/wp-content\/uploads\/2026\/04\/goetter_germanisch_thor-683x1024.webp\" class=\"attachment-large size-large wp-image-136413\" alt=\"Tor \u2013 gudar fr\u00e5n den germanska traditionen, historiskt-illustrativt\" srcset=\"https:\/\/iwell-guard.com\/wp-content\/uploads\/2026\/04\/goetter_germanisch_thor-683x1024.webp 683w, https:\/\/iwell-guard.com\/wp-content\/uploads\/2026\/04\/goetter_germanisch_thor-200x300.webp 200w, https:\/\/iwell-guard.com\/wp-content\/uploads\/2026\/04\/goetter_germanisch_thor-768x1152.webp 768w, https:\/\/iwell-guard.com\/wp-content\/uploads\/2026\/04\/goetter_germanisch_thor.webp 1024w\" sizes=\"(max-width: 683px) 100vw, 683px\" \/>\t\t\t\t\t\t\t\t\t\t\t\t\t\t\t<\/div>\n\t\t\t\t<\/div>\n\t\t\t\t\t<\/div>\n\t\t\t\t<\/div>\n\t\t<div class=\"elementor-element elementor-element-32917199 e-flex e-con-boxed e-con e-parent\" data-id=\"32917199\" data-element_type=\"container\" data-e-type=\"container\">\n\t\t\t\t\t<div class=\"e-con-inner\">\n\t\t<div class=\"elementor-element elementor-element-26e916cb e-flex e-con-boxed e-con e-child\" data-id=\"26e916cb\" data-element_type=\"container\" data-e-type=\"container\">\n\t\t\t\t\t<div class=\"e-con-inner\">\n\t\t<div class=\"elementor-element elementor-element-253a40d4 e-flex e-con-boxed e-con e-child\" data-id=\"253a40d4\" data-element_type=\"container\" data-e-type=\"container\">\n\t\t\t\t\t<div class=\"e-con-inner\">\n\t\t\t\t<div class=\"elementor-element elementor-element-1200c304 elementor-widget elementor-widget-heading\" data-id=\"1200c304\" data-element_type=\"widget\" data-e-type=\"widget\" data-widget_type=\"heading.default\">\n\t\t\t\t\t<h2 class=\"elementor-heading-title elementor-size-default\">Thor<\/h2>\t\t\t\t<\/div>\n\t\t\t\t<div class=\"elementor-element elementor-element-11758e7f elementor-widget elementor-widget-text-editor\" data-id=\"11758e7f\" data-element_type=\"widget\" data-e-type=\"widget\" data-widget_type=\"text-editor.default\">\n\t\t\t\t\t\t\t\t\t<p>Thor f\u00f6rkroppsligar styrka, vrede, \u00e5ska och skyddet av Midg\u00e5rd. Hans centrala egenskaper \u00e4r kraft, uth\u00e5llighet, trohet och en direkt, \u00e4rlig natur. I <span class=\"iwg-fachbegriff\" data-tooltip=\"En \u00f6verl\u00e4mnad ber\u00e4ttelse om gudar, ursprung och v\u00e4rldens ordning.\" tabindex=\"0\">myten<\/span> strider Thor mot j\u00e4ttar, f\u00e4rdas i sin getvagn \u00f6ver himlen och b\u00e4r hammaren Mj\u00f6lnir.<\/p><p>Hans \u00e4ventyr fyller stora delar av Prosaeddan och Poetiska Eddan. De centrala myterna \u00e4r Thors fiskaf\u00e4nge med Midg\u00e5rdsormen, hammarens bortf\u00f6rande och striden mot j\u00e4ttekungen Thrym.<\/p>\t\t\t\t\t\t\t\t<\/div>\n\t\t\t\t\t<\/div>\n\t\t\t\t<\/div>\n\t\t<div class=\"elementor-element elementor-element-159dcf9a e-flex e-con-boxed e-con e-child\" data-id=\"159dcf9a\" data-element_type=\"container\" data-e-type=\"container\">\n\t\t\t\t\t<div class=\"e-con-inner\">\n\t\t\t\t<div class=\"elementor-element elementor-element-48cee66f elementor-widget elementor-widget-heading\" data-id=\"48cee66f\" data-element_type=\"widget\" data-e-type=\"widget\" data-widget_type=\"heading.default\">\n\t\t\t\t\t<div class=\"elementor-heading-title elementor-size-default\">\u00d6versikt: Thor<\/div>\t\t\t\t<\/div>\n\t\t\t\t<div class=\"elementor-element elementor-element-3f50d82c elementor-widget elementor-widget-text-editor\" data-id=\"3f50d82c\" data-element_type=\"widget\" data-e-type=\"widget\" data-widget_type=\"text-editor.default\">\n\t\t\t\t\t\t\t\t\t<p>K\u00e4llorna \u00e4r <span class=\"iwg-fachbegriff\" tabindex=\"0\" data-tooltip=\"Isl\u00e4ndsk l\u00e4rd man (1179\u20131241); f\u00f6rfattare till Prosaeddan och Heimskringla.\">Snorri Sturluson<\/span>s Prosaeddan, Poetiska Eddan (s\u00e4rskilt Thrymskvida, H\u00e0rbardslj\u00f3d), Tacitus Germania, arkeologiska fynd (Thorshammaramuletter, runstenar) samt nordiska ortnamn. Sekund\u00e4rt: Rudolf Simek (Lexikon der germanischen <span class=\"iwg-fachbegriff\" data-tooltip=\"Den samlade m\u00e4ngden \u00f6verl\u00e4mnade gudaber\u00e4ttelser i en kultur.\" tabindex=\"0\">Mythologie<\/span>), Jan de Vries (Altgermanische Religionsgeschichte), Georges Dum\u00e9zil, Kurt N\u00e4sstr\u00f6m. Thorsdyrkan var spridd i Skandinavien, Nord- och Mellaneuropa och dokumenteras \u00e4n i dag i namnet p\u00e5 veckodagen torsdag.<\/p>\t\t\t\t\t\t\t\t<\/div>\n\t\t\t\t\t<\/div>\n\t\t\t\t<\/div>\n\t\t\t\t\t<\/div>\n\t\t\t\t<\/div>\n\t\t\t\t\t<\/div>\n\t\t\t\t<\/div>\n\t\t<div class=\"elementor-element elementor-element-18613602 e-flex e-con-boxed e-con e-parent\" data-id=\"18613602\" data-element_type=\"container\" data-e-type=\"container\">\n\t\t\t\t\t<div class=\"e-con-inner\">\n\t\t\t\t<div class=\"elementor-element elementor-element-262b8a9f elementor-widget elementor-widget-heading\" data-id=\"262b8a9f\" data-element_type=\"widget\" data-e-type=\"widget\" data-widget_type=\"heading.default\">\n\t\t\t\t\t<h2 class=\"elementor-heading-title elementor-size-default\">Kontext<\/h2>\t\t\t\t<\/div>\n\t\t<div class=\"elementor-element elementor-element-46dcb7d e-con-full e-flex e-con e-child\" data-id=\"46dcb7d\" data-element_type=\"container\" data-e-type=\"container\">\n\t\t<div class=\"elementor-element elementor-element-61d3ab3 e-flex e-con-boxed e-con e-child\" data-id=\"61d3ab3\" data-element_type=\"container\" data-e-type=\"container\">\n\t\t\t\t\t<div class=\"e-con-inner\">\n\t\t\t\t<div class=\"elementor-element elementor-element-117c166 elementor-widget elementor-widget-heading\" data-id=\"117c166\" data-element_type=\"widget\" data-e-type=\"widget\" data-widget_type=\"heading.default\">\n\t\t\t\t\t<div class=\"elementor-heading-title elementor-size-default\">Texternas tidsperiod<\/div>\t\t\t\t<\/div>\n\t\t\t\t<div class=\"elementor-element elementor-element-73997a0 elementor-widget elementor-widget-text-editor\" data-id=\"73997a0\" data-element_type=\"widget\" data-e-type=\"widget\" data-widget_type=\"text-editor.default\">\n\t\t\t\t\t\t\t\t\t<p>Thor kan bel\u00e4ggas fr\u00e5n romartida vittnesm\u00e5l om Donar fram till de isl\u00e4ndska Eddahandskrifterna fr\u00e5n 1200-talet, allts\u00e5 under mer \u00e4n ett \u00e5rtusende. Hans namn lever vidare i veckodagen torsdag, och Thorshammarh\u00e4ngen b\u00e4rs \u00e4n i dag, numera ofta som en bek\u00e4nnelse till nordiskt ursprung eller inom modern hedendom, men kopplingen till den gamla \u00e5skguden g\u00e5r fortfarande att k\u00e4nna igen.<\/p>\t\t\t\t\t\t\t\t<\/div>\n\t\t\t\t\t<\/div>\n\t\t\t\t<\/div>\n\t\t<div class=\"elementor-element elementor-element-d47b156 e-flex e-con-boxed e-con e-child\" data-id=\"d47b156\" data-element_type=\"container\" data-e-type=\"container\">\n\t\t\t\t\t<div class=\"e-con-inner\">\n\t\t\t\t<div class=\"elementor-element elementor-element-ff38c2b elementor-widget elementor-widget-heading\" data-id=\"ff38c2b\" data-element_type=\"widget\" data-e-type=\"widget\" data-widget_type=\"heading.default\">\n\t\t\t\t\t<div class=\"elementor-heading-title elementor-size-default\">Utbredningsomr\u00e5de<\/div>\t\t\t\t<\/div>\n\t\t\t\t<div class=\"elementor-element elementor-element-4e49fcc elementor-widget elementor-widget-text-editor\" data-id=\"4e49fcc\" data-element_type=\"widget\" data-e-type=\"widget\" data-widget_type=\"text-editor.default\">\n\t\t\t\t\t\t\t\t\t<p>Thor var inte begr\u00e4nsad till en best\u00e4md region eller plats, utan var allm\u00e4nt k\u00e4nd och v\u00f6rdad, eller respektfullt fruktad, i hela den germanska v\u00e4rlden. Vare sig i stora urbana centra eller i perifera lantliga trakter, vare sig hos den sociala eliten eller hos vanligt folk, var denna gestalts andliga och kulturella betydelse genomg\u00e5ende erk\u00e4nd och universell.<\/p><p>Ortnamn som Thorshavn, otaliga personnamn med elementet Thor och den stora f\u00f6rekomsten av hammaramuletter visar att \u00e5skguden var djupt f\u00f6rankrad i vardagen hos breda samh\u00e4llsskikt, fr\u00e5n bonden till sj\u00f6fararen. Med vikingarnas f\u00e4rder spred sig hans kult till Island, England, Irland och Rus, d\u00e4r avbildningen och \u00e5kallandet i stort sett f\u00f6rblev enhetliga i dessa bos\u00e4ttningsomr\u00e5den.<\/p>\t\t\t\t\t\t\t\t<\/div>\n\t\t\t\t\t<\/div>\n\t\t\t\t<\/div>\n\t\t\t\t<\/div>\n\t\t<div class=\"elementor-element elementor-element-db03c39 e-con-full e-flex e-con e-child\" data-id=\"db03c39\" data-element_type=\"container\" data-e-type=\"container\">\n\t\t<div class=\"elementor-element elementor-element-229a87b e-flex e-con-boxed e-con e-child\" data-id=\"229a87b\" data-element_type=\"container\" data-e-type=\"container\">\n\t\t\t\t\t<div class=\"e-con-inner\">\n\t\t\t\t<div class=\"elementor-element elementor-element-1f471fc elementor-widget elementor-widget-heading\" data-id=\"1f471fc\" data-element_type=\"widget\" data-e-type=\"widget\" data-widget_type=\"heading.default\">\n\t\t\t\t\t<div class=\"elementor-heading-title elementor-size-default\">K\u00e4ll\u00e4ge<\/div>\t\t\t\t<\/div>\n\t\t\t\t<div class=\"elementor-element elementor-element-36b1201 elementor-widget elementor-widget-text-editor\" data-id=\"36b1201\" data-element_type=\"widget\" data-e-type=\"widget\" data-widget_type=\"text-editor.default\">\n\t\t\t\t\t\t\t\t\t<p>Prim\u00e4rk\u00e4llor: <span class=\"iwg-fachbegriff\" tabindex=\"0\" data-tooltip=\"Isl\u00e4ndsk l\u00e4rd man (1179\u20131241); f\u00f6rfattare till Prosaeddan och Heimskringla.\">Snorri Sturluson<\/span> Prosaeddan (s\u00e4rskilt Gylfaginning och Sk\u00e1ldskaparm\u00e1l), Poetiska Eddan (Thrymskvida, H\u00e0rbardslj\u00f3d, Hymiskvi\u00f0a), Tacitus Germania (kapitel 9: omn\u00e4mnande av Donar-kulten), senromerska inskriptioner fr\u00e5n Germanien (IOM = Iovi Optimo Maximo, ofta Thor-<span class=\"iwg-fachbegriff\" data-tooltip=\"Sammansm\u00e4ltning av f\u00f6rest\u00e4llningar eller gudomar fr\u00e5n olika religi\u00f6sa traditioner.\" tabindex=\"0\">synkretism<\/span>), runinskrifter.<\/p><p>Tidsperiod: 100-talet f.Kr. till 1200-talet e.Kr. Forskare: Rudolf Simek, Jan de Vries, Folke Str\u00f6m, Kurt N\u00e4sstr\u00f6m, Jens Peter Schj\u00f8dt. Arkeologiska fynd: Mj\u00f6lnir-amuletter, offerfynd, <span class=\"iwg-fachbegriff\" data-tooltip=\"En byggnad som anv\u00e4nds f\u00f6r dyrkan av en eller flera gudomar.\" tabindex=\"0\">tempel<\/span> i Uppsala och Lade.<\/p>\t\t\t\t\t\t\t\t<\/div>\n\t\t\t\t\t<\/div>\n\t\t\t\t<\/div>\n\t\t\t\t<\/div>\n\t\t\t\t\t<\/div>\n\t\t\t\t<\/div>\n\t\t<div class=\"elementor-element elementor-element-3ae0637c e-flex e-con-boxed e-con e-parent\" data-id=\"3ae0637c\" data-element_type=\"container\" data-e-type=\"container\">\n\t\t\t\t\t<div class=\"e-con-inner\">\n\t\t\t\t<div class=\"elementor-element elementor-element-31d07739 elementor-widget elementor-widget-heading\" data-id=\"31d07739\" data-element_type=\"widget\" data-e-type=\"widget\" data-widget_type=\"heading.default\">\n\t\t\t\t\t<h2 class=\"elementor-heading-title elementor-size-default\">Beteckning och stavningar<\/h2>\t\t\t\t<\/div>\n\t\t<div class=\"elementor-element elementor-element-b7642947 e-con-full e-flex e-con e-child\" data-id=\"b7642947\" data-element_type=\"container\" data-e-type=\"container\">\n\t\t\t\t<div class=\"elementor-element elementor-element-a086266 elementor-widget elementor-widget-text-editor\" data-id=\"a086266\" data-element_type=\"widget\" data-e-type=\"widget\" data-widget_type=\"text-editor.default\">\n\t\t\t\t\t\t\t\t\t<p>Thor avbildas i olika k\u00e4llor och konsttraditioner med best\u00e4mda \u00e5terkommande ikonografiska element, som f\u00f6rblir relativt konstanta \u00f6ver decennier och \u00f6ver skilda geografiska omr\u00e5den. Dessa element \u00e4r inte rent dekorativa eller slumpm\u00e4ssigt valda, utan \u00e4r djupt symboliskt kodade och b\u00e4r stor betydelse.<\/p><p>Thors attribut bildar ett l\u00e4sbart teckensystem: hammaren Mj\u00f6lnir st\u00e5r f\u00f6r hans makt \u00f6ver blixt och \u00e5ska och f\u00f6r skyddet av gudar och m\u00e4nniskor, kraftb\u00e4ltet Megingj\u00f6r\u00f0 och j\u00e4rnhandskarna h\u00e4nvisar till hans kroppsliga styrka, och vagnen dragen av tv\u00e5 bockar till hans resor genom v\u00e4rldarna. Den som var f\u00f6rtrogen med Eddan och den nordiska bildtraditionen k\u00e4nde genast igen \u00e5skgudens ansvarsomr\u00e5de och rang genom dessa k\u00e4nnetecken: v\u00e4derns kraft, f\u00f6rsvaret mot j\u00e4ttarna och till sist striden mot Midg\u00e5rdsormen. Varje detalj, fr\u00e5n det r\u00f6da sk\u00e4gget till vapnet, var fastst\u00e4lld och \u00f6verf\u00f6rdes p\u00e5 detta s\u00e4tt.<\/p>\t\t\t\t\t\t\t\t<\/div>\n\t\t\t\t<\/div>\n\t\t\t\t\t<\/div>\n\t\t\t\t<\/div>\n\t\t<div class=\"elementor-element elementor-element-709a44a8 e-flex e-con-boxed e-con e-parent\" data-id=\"709a44a8\" data-element_type=\"container\" data-e-type=\"container\">\n\t\t\t\t\t<div class=\"e-con-inner\">\n\t\t\t\t<div class=\"elementor-element elementor-element-2f585873 elementor-widget elementor-widget-heading\" data-id=\"2f585873\" data-element_type=\"widget\" data-e-type=\"widget\" data-widget_type=\"heading.default\">\n\t\t\t\t\t<h2 class=\"elementor-heading-title elementor-size-default\">K\u00e4nnetecken<\/h2>\t\t\t\t<\/div>\n\t\t<div class=\"elementor-element elementor-element-70621c12 e-con-full e-flex e-con e-child\" data-id=\"70621c12\" data-element_type=\"container\" data-e-type=\"container\">\n\t\t\t\t<div class=\"elementor-element elementor-element-4296eb49 elementor-widget elementor-widget-text-editor\" data-id=\"4296eb49\" data-element_type=\"widget\" data-e-type=\"widget\" data-widget_type=\"text-editor.default\">\n\t\t\t\t\t\t\t\t\t<p>Thor stod centralt i den religi\u00f6sa praktiken, i vardagens riter och i den germanska folkets vardagsf\u00f6rst\u00e5else. M\u00e4nniskor v\u00e4nde sig till denna gestalt i kritiska eller s\u00e4rskilda livssituationer eller vid best\u00e4mda rituella \u00e5rstider, med strukturerade, ofta omfattande riter, b\u00f6ner eller offerg\u00e5vor.<\/p><p>V\u00f6rdnaden av Thor f\u00f6ljde fasta former: offerhandlingar, det s\u00e5 kallade bl\u00f3tet, \u00e4gde rum vid best\u00e4mda tillf\u00e4llen och leddes av godar, det vill s\u00e4ga personer som i det nordiska samh\u00e4llet samtidigt bar pr\u00e4st- och r\u00e4ttsliga uppgifter. \u00c4ven v\u00e4lsignelsen med hammartecknet vid br\u00f6llop och invigningar var ingen spontan sed, utan en \u00f6verl\u00e4mnad praxis.<\/p><p>Att Thorshammaramuletter bars under hela vikingatiden och lades i gravar visar hur starkt man f\u00f6rv\u00e4ntade sig konkret bist\u00e5nd av \u00e5skguden. \u00c5kallandet av Thor fyllde olika syften: det skulle h\u00e5lla olycka borta fr\u00e5n g\u00e5rd och sj\u00f6fart, det \u00e5tf\u00f6ljde invigningar och br\u00f6llop som en v\u00e4lsignande handling, och hammartecknet markerade \u00f6verg\u00e5ngar som \u00e4ktenskap eller begravning.<\/p>\t\t\t\t\t\t\t\t<\/div>\n\t\t\t\t<\/div>\n\t\t\t\t\t<\/div>\n\t\t\t\t<\/div>\n\t\t<div class=\"elementor-element elementor-element-44e71476 e-flex e-con-boxed e-con e-parent\" data-id=\"44e71476\" data-element_type=\"container\" data-e-type=\"container\">\n\t\t\t\t\t<div class=\"e-con-inner\">\n\t\t\t\t<div class=\"elementor-element elementor-element-3c1fc3f0 elementor-widget elementor-widget-heading\" data-id=\"3c1fc3f0\" data-element_type=\"widget\" data-e-type=\"widget\" data-widget_type=\"heading.default\">\n\t\t\t\t\t<h2 class=\"elementor-heading-title elementor-size-default\">Kortfakta: Thor<\/h2>\t\t\t\t<\/div>\n\t\t<div class=\"elementor-element elementor-element-84f33b8e e-con-full e-flex e-con e-child\" data-id=\"84f33b8e\" data-element_type=\"container\" data-e-type=\"container\">\n\t\t\t\t<div class=\"elementor-element elementor-element-hqkdc67p elementor-widget elementor-widget-text-editor\" data-id=\"hqkdc67p\" data-element_type=\"widget\" data-e-type=\"widget\" data-widget_type=\"text-editor.default\">\n\t\t\t\t\t\t\t\t\t<p>Faktabladet f\u00f6rklarar Tors natur genom sex dimensioner: hans mytisk-genealogiska ursprung, dyrkanspraxis bland krigare och b\u00f6nder, hans karakt\u00e4ristiska ikonografi som kraftgud med hammare, betydelsen av <span class=\"iwg-fachbegriff\" data-tooltip=\"Att bedjande eller besv\u00e4rjande v\u00e4nda sig till en gudom eller makt.\" tabindex=\"0\">\u00e5kallan<\/span> och gudomligt skydd, j\u00e4mf\u00f6rbara gestalter i andra indoeuropeiska och n\u00e4rliggande kulturer samt en avslutande syntes av hans roll i den kosmiska kampen mot kaos.<\/p>\t\t\t\t\t\t\t\t<\/div>\n\t\t\t\t<\/div>\n\t\t<div class=\"elementor-element elementor-element-pemmx7c5 e-con-full e-flex e-con e-child\" data-id=\"pemmx7c5\" data-element_type=\"container\" data-e-type=\"container\">\n\t\t<div class=\"elementor-element elementor-element-pemmx7c1 e-con-full e-flex e-con e-child\" data-id=\"pemmx7c1\" data-element_type=\"container\" data-e-type=\"container\">\n\t\t<div class=\"elementor-element elementor-element-qh9oavvu iwg-steckbrief-card e-flex e-con-boxed e-con e-child\" data-id=\"qh9oavvu\" data-element_type=\"container\" data-e-type=\"container\">\n\t\t\t\t\t<div class=\"e-con-inner\">\n\t\t\t\t<div class=\"elementor-element elementor-element-awzx8k2k elementor-widget elementor-widget-heading\" data-id=\"awzx8k2k\" data-element_type=\"widget\" data-e-type=\"widget\" data-widget_type=\"heading.default\">\n\t\t\t\t\t<div class=\"elementor-heading-title elementor-size-default\">Tors ursprung<\/div>\t\t\t\t<\/div>\n\t\t\t\t<div class=\"elementor-element elementor-element-x6rowhv0 elementor-widget elementor-widget-text-editor\" data-id=\"x6rowhv0\" data-element_type=\"widget\" data-e-type=\"widget\" data-widget_type=\"text-editor.default\">\n\t\t\t\t\t\t\t\t\t<p>Tor h\u00e4rstammar fr\u00e5n indoeuropeiska \u00e5sk- och v\u00e4dergudar (Indra, Zeus, Iuppiter). I den germanska <span class=\"iwg-fachbegriff\" data-tooltip=\"Helheten av en kulturs \u00f6verl\u00e4mnade gudaber\u00e4ttelser.\" tabindex=\"0\">mytologin<\/span> daterar han sig till den tidiga f\u00f6rkristna <span class=\"iwg-fachbegriff\" data-tooltip=\"F\u00f6rhistorisk epok efter brons\u00e5ldern, pr\u00e4glad av j\u00e4rnbearbetning.\" tabindex=\"0\">j\u00e4rn\u00e5ldern<\/span> (ca 500 f.Kr. till 1000 e.Kr.).<\/p><p>Tacitus n\u00e4mner hans <span class=\"iwg-fachbegriff\" data-tooltip=\"Helheten av de religi\u00f6sa dyrkanshandlingarna f\u00f6r en gudom eller helig gestalt.\" tabindex=\"0\">kult<\/span> under namnet Donar hos kattern och batavern. De skandinaviska k\u00e4llorna (Eddan) nedtecknades ca 1200 e.Kr., men bevarar \u00e4ldre muntliga traditioner. Gudatriaden best\u00e5ende av Wodan, Donar\/Tor och Tiwaz var vitt spridd i Germanien.<\/p>\t\t\t\t\t\t\t\t<\/div>\n\t\t\t\t\t<\/div>\n\t\t\t\t<\/div>\n\t\t<div class=\"elementor-element elementor-element-8e3o4kxs iwg-steckbrief-card e-flex e-con-boxed e-con e-child\" data-id=\"8e3o4kxs\" data-element_type=\"container\" data-e-type=\"container\">\n\t\t\t\t\t<div class=\"e-con-inner\">\n\t\t\t\t<div class=\"elementor-element elementor-element-08rkdgov elementor-widget elementor-widget-heading\" data-id=\"08rkdgov\" data-element_type=\"widget\" data-e-type=\"widget\" data-widget_type=\"heading.default\">\n\t\t\t\t\t<div class=\"elementor-heading-title elementor-size-default\">M\u00e5ltavlor<\/div>\t\t\t\t<\/div>\n\t\t\t\t<div class=\"elementor-element elementor-element-uwjelx8s elementor-widget elementor-widget-text-editor\" data-id=\"uwjelx8s\" data-element_type=\"widget\" data-e-type=\"widget\" data-widget_type=\"text-editor.default\">\n\t\t\t\t\t\t\t\t\t<p>Tor \u00e5kallades av krigare inf\u00f6r slag, av b\u00f6nder vid sk\u00f6rden, av sj\u00f6farare och av hantverkare. S\u00e4rskilt i Skandinavien var Tor-dyrkan demokratisk, b\u00e5de kungar och fria b\u00f6nder offrade till honom.<\/p><p>Torsdagen (Thorsdag) var hans heliga dag. <span class=\"iwg-fachbegriff\" data-tooltip=\"Skrifttecken hos de germanska folken, anv\u00e4ndes \u00e4ven f\u00f6r skydds- och besv\u00e4rjelseformler.\" tabindex=\"0\">Run<\/span>amuletter med Mj\u00f6lner bars av krigare. P\u00e5 Island var eden vid Tors <span class=\"iwg-fachbegriff\" data-tooltip=\"Upph\u00f6jd plats eller bord f\u00f6r offer och religi\u00f6sa handlingar.\" tabindex=\"0\">altare<\/span> mer bindande \u00e4n vid andra gudars. Berserkarna (de kampraseriga krigarna) f\u00f6rde Tor som sin krigareds-gud.<\/p>\t\t\t\t\t\t\t\t<\/div>\n\t\t\t\t\t<\/div>\n\t\t\t\t<\/div>\n\t\t<div class=\"elementor-element elementor-element-jm2n74ec iwg-steckbrief-card e-flex e-con-boxed e-con e-child\" data-id=\"jm2n74ec\" data-element_type=\"container\" data-e-type=\"container\">\n\t\t\t\t\t<div class=\"e-con-inner\">\n\t\t\t\t<div class=\"elementor-element elementor-element-8vufse4c elementor-widget elementor-widget-heading\" data-id=\"8vufse4c\" data-element_type=\"widget\" data-e-type=\"widget\" data-widget_type=\"heading.default\">\n\t\t\t\t\t<div class=\"elementor-heading-title elementor-size-default\">Tors utseende<\/div>\t\t\t\t<\/div>\n\t\t\t\t<div class=\"elementor-element elementor-element-mwb9u015 elementor-widget elementor-widget-text-editor\" data-id=\"mwb9u015\" data-element_type=\"widget\" data-e-type=\"widget\" data-widget_type=\"text-editor.default\">\n\t\t\t\t\t\t\t\t\t<p>Tor framst\u00e4lldes som en stor, sk\u00e4ggig man med r\u00f6tt h\u00e5r och sk\u00e4gg, muskul\u00f6s och kraftfull. Hans centrala attribut \u00e4r hammaren Mj\u00f6lner (<span class=\"iwg-fachbegriff\" data-tooltip=\"Ett tecken som st\u00e5r som representant f\u00f6r en f\u00f6rest\u00e4llning eller betydelse.\" tabindex=\"0\">symbol<\/span> f\u00f6r blixtnedslag och kraft), hans b\u00e4lte Megingjord (kraftb\u00e4ltet) och hans handskar av j\u00e4rn.<\/p><p>I runor framst\u00e4lldes han genom Torshammartecknet. Arkeologiska fynd visar Mj\u00f6lner-amuletter av silver och brons. I ikonografin k\u00f6r han sin getvagn \u00f6ver himlen och alstrar dundret.<\/p>\t\t\t\t\t\t\t\t<\/div>\n\t\t\t\t\t<\/div>\n\t\t\t\t<\/div>\n\t\t\t\t<\/div>\n\t\t<div class=\"elementor-element elementor-element-pemmx7c2 e-con-full e-flex e-con e-child\" data-id=\"pemmx7c2\" data-element_type=\"container\" data-e-type=\"container\">\n\t\t<div class=\"elementor-element elementor-element-37ss2yr6 iwg-steckbrief-card e-flex e-con-boxed e-con e-child\" data-id=\"37ss2yr6\" data-element_type=\"container\" data-e-type=\"container\">\n\t\t\t\t\t<div class=\"e-con-inner\">\n\t\t\t\t<div class=\"elementor-element elementor-element-3v0wp3wx elementor-widget elementor-widget-heading\" data-id=\"3v0wp3wx\" data-element_type=\"widget\" data-e-type=\"widget\" data-widget_type=\"heading.default\">\n\t\t\t\t\t<div class=\"elementor-heading-title elementor-size-default\">Verksamhet<\/div>\t\t\t\t<\/div>\n\t\t\t\t<div class=\"elementor-element elementor-element-w3247g2m elementor-widget elementor-widget-text-editor\" data-id=\"w3247g2m\" data-element_type=\"widget\" data-e-type=\"widget\" data-widget_type=\"text-editor.default\">\n\t\t\t\t\t\t\t\t\t<p>Tor tillskrevs kraften att slunga blixtar, bringa regn och krossa fiender. Hans styrka var utomordentlig, han kunde d\u00f6da j\u00e4ttar och till och med skada Midg\u00e5rdsormen (dock inte d\u00f6da den, d\u00e5 den \u00f6verlever till Ragnar\u00f6k).<\/p><p>Genom sin hammare Mj\u00f6lner kunde Tor skydda sig sj\u00e4lv och driva bort sina fiender. Hans <span class=\"iwg-fachbegriff\" data-tooltip=\"Till\u00f6nskan av lycka och skydd, ofta i fast spr\u00e5klig form.\" tabindex=\"0\">v\u00e4lsignelse<\/span> gjorde sk\u00f6rdar rika och krig segerrika. F\u00f6rbannelser mot Tor ans\u00e5gs s\u00e4rskilt allvarliga och kr\u00e4vde starka mot\u00e5tg\u00e4rder.<\/p>\t\t\t\t\t\t\t\t<\/div>\n\t\t\t\t\t<\/div>\n\t\t\t\t<\/div>\n\t\t<div class=\"elementor-element elementor-element-0qpjal9w iwg-steckbrief-card e-flex e-con-boxed e-con e-child\" data-id=\"0qpjal9w\" data-element_type=\"container\" data-e-type=\"container\">\n\t\t\t\t\t<div class=\"e-con-inner\">\n\t\t\t\t<div class=\"elementor-element elementor-element-6ndoih0o elementor-widget elementor-widget-heading\" data-id=\"6ndoih0o\" data-element_type=\"widget\" data-e-type=\"widget\" data-widget_type=\"heading.default\">\n\t\t\t\t\t<div class=\"elementor-heading-title elementor-size-default\">Skydd<\/div>\t\t\t\t<\/div>\n\t\t\t\t<div class=\"elementor-element elementor-element-6684tyh9 elementor-widget elementor-widget-text-editor\" data-id=\"6684tyh9\" data-element_type=\"widget\" data-e-type=\"widget\" data-widget_type=\"text-editor.default\">\n\t\t\t\t\t\t\t\t\t<p>Tor var f\u00f6rem\u00e5l f\u00f6r <span class=\"iwg-fachbegriff\" data-tooltip=\"Att bedjande eller besv\u00e4rjande v\u00e4nda sig till en gudom eller makt.\" tabindex=\"0\">\u00e5kallan<\/span> och v\u00f6rdnadsfull dyrkan, b\u00e5de som beskyddare och som fruktad kraft. <span class=\"iwg-fachbegriff\" data-tooltip=\"G\u00e5va till en gudom f\u00f6r att uttrycka tack, b\u00f6n eller v\u00f6rdnad.\" tabindex=\"0\">Offer<\/span> bestod av tjurar, f\u00e5r, h\u00e4star och br\u00f6d. Inf\u00f6r slag svor krigare vid Tors <span class=\"iwg-fachbegriff\" data-tooltip=\"Upph\u00f6jd plats eller bord f\u00f6r offer och religi\u00f6sa handlingar.\" tabindex=\"0\">altare<\/span>. I hemmen h\u00e4ngdes Mj\u00f6lner-amuletter upp f\u00f6r att avv\u00e4rja onda krafter.<\/p><p>Vid \u00e5skv\u00e4der bad man till Tor om skydd mot blixtnedslag. Hedningar under Skandinaviens kristnande h\u00f6ll fast vid Tor-dyrkan, eftersom den var mer direkt och gripbar \u00e4n den mer abstrakta Wodan-religionen.<\/p>\t\t\t\t\t\t\t\t<\/div>\n\t\t\t\t\t<\/div>\n\t\t\t\t<\/div>\n\t\t<div class=\"elementor-element elementor-element-3lfi7x32 iwg-steckbrief-card e-flex e-con-boxed e-con e-child\" data-id=\"3lfi7x32\" data-element_type=\"container\" data-e-type=\"container\">\n\t\t\t\t\t<div class=\"e-con-inner\">\n\t\t\t\t<div class=\"elementor-element elementor-element-0kg99ga1 elementor-widget elementor-widget-heading\" data-id=\"0kg99ga1\" data-element_type=\"widget\" data-e-type=\"widget\" data-widget_type=\"heading.default\">\n\t\t\t\t\t<div class=\"elementor-heading-title elementor-size-default\">Besl\u00e4ktade v\u00e4sen<\/div>\t\t\t\t<\/div>\n\t\t\t\t<div class=\"elementor-element elementor-element-n0fum6kp elementor-widget elementor-widget-text-editor\" data-id=\"n0fum6kp\" data-element_type=\"widget\" data-e-type=\"widget\" data-widget_type=\"text-editor.default\">\n\t\t\t\t\t\t\t\t\t<p>Zeus\/Iuppiter \u00e4r de grekisk-romerska parallellerna med liknande attribut (blixt, kraft). Men Zeus \u00e4r i f\u00f6rsta hand kung, Tor i f\u00f6rsta hand k\u00e4mpe och beskyddare. Indra inom hinduismen \u00e4r en n\u00e4ra strukturell parallell, krigargud, blixtslungare, kamp mot demoner. Den keltiske Taranis uppvisar liknande funktioner. I den slaviska <span class=\"iwg-fachbegriff\" data-tooltip=\"Helheten av gudarna i en religion eller kultur.\" tabindex=\"0\">panteon<\/span> motsvarar Perun Tor.<\/p>\t\t\t\t\t\t\t\t<\/div>\n\t\t\t\t\t<\/div>\n\t\t\t\t<\/div>\n\t\t\t\t<\/div>\n\t\t\t\t<\/div>\n\t\t\t\t\t<\/div>\n\t\t\t\t<\/div>\n\t\t<div class=\"elementor-element elementor-element-5a584676 e-flex e-con-boxed e-con e-parent\" data-id=\"5a584676\" data-element_type=\"container\" data-e-type=\"container\">\n\t\t\t\t\t<div class=\"e-con-inner\">\n\t\t\t\t<div class=\"elementor-element elementor-element-6d0757bf elementor-widget elementor-widget-heading\" data-id=\"6d0757bf\" data-element_type=\"widget\" data-e-type=\"widget\" data-widget_type=\"heading.default\">\n\t\t\t\t\t<h2 class=\"elementor-heading-title elementor-size-default\">Tor, paralleller i andra kulturer<\/h2>\t\t\t\t<\/div>\n\t\t<div class=\"elementor-element elementor-element-60563f68 e-con-full e-flex e-con e-child\" data-id=\"60563f68\" data-element_type=\"container\" data-e-type=\"container\">\n\t\t\t\t<div class=\"elementor-element elementor-element-5a93fdd6 elementor-widget elementor-widget-text-editor\" data-id=\"5a93fdd6\" data-element_type=\"widget\" data-e-type=\"widget\" data-widget_type=\"text-editor.default\">\n\t\t\t\t\t\t\t\t\t<p>\u00c5sk-, storm- och krigsgudar med hammaren som insignium \u00e5terkommer i m\u00e5nga indoeuropeiska mytologier; j\u00e4mf\u00f6rbara gestalter \u00e4r exempelvis den hettitiske Tarhunna, den vediske Indra eller den baltiske Perk\u016bnas, var och en kulturellt f\u00e4rgad men funktionellt besl\u00e4ktad.<\/p>\n<p><p><strong>Judisk tradition:<\/strong> I den judiska <span class=\"iwg-fachbegriff\" data-tooltip=\"Den vetenskapliga l\u00e4ran om Gud och en religions tro.\" tabindex=\"0\">teologin<\/span> finns ingen \u00e5sk- eller v\u00e4dergu\u062f som Tor. JHVH visar sig i \u00e5skv\u00e4dret (<span class=\"iwg-fachbegriff\" tabindex=\"0\" data-tooltip=\"Gudauppenbarelse, det att en gudom visar sig f\u00f6r m\u00e4nniskor; klassiskt exempel \u00e4r Sinai-teofanin.\">teofani<\/span> p\u00e5 Sinai), men Tor \u00e4r mer specialiserad p\u00e5 krigf\u00f6ring och skydd. Ingen direkt parallell, men strukturell likhet i kraftmanifestationen.<\/p><p><strong>Den grekisk-romerska v\u00e4rlden:<\/strong> Zeus och hans romerska motsvarighet Iuppiter \u00e4r de n\u00e4rmaste j\u00e4mf\u00f6relserna, blixtslungare, kunglig makt. Men Zeus st\u00e5r h\u00f6gre i hierarkin och \u00e4r i f\u00f6rsta hand kung, medan Tor st\u00e5r under flera gudar och har rollen som beskyddare. Ares delar krigsaspekterna med Tor, men saknar v\u00e4dergudsfunktionen.<\/p><p><strong>Mesopotamien:<\/strong> Adad\/Hadad \u00e4r en v\u00e4dergu\u062f med liknande blixtfunktion, men mindre personlig och dramatisk \u00e4n Tor. Ninurta \u00e4r en krigsgu\u062f med j\u00e4mf\u00f6rbar kampber\u00e4ttelse, men utan \u00e5skaspekt.<\/p><p><strong>Indien\/Asien:<\/strong> Indra \u00e4r den starkaste parallellen, krigarkung, blixtslungare (Vajra), kamp mot demoner (Vritra). Senare undantr\u00e4ngd av Vishnu och Shiva, men strukturellt identisk. Inom buddhismen har Shakra\/Indra mindre betydelse, men f\u00f6rlorar inte sina attribut.<\/p>\t\t\t\t\t\t\t\t<\/div>\n\t\t\t\t<\/div>\n\t\t\t\t\t<\/div>\n\t\t\t\t<\/div>\n\t\t<div class=\"elementor-element elementor-element-cpaa94cb7 e-flex e-con-boxed e-con e-parent\" data-id=\"cpaa94cb7\" data-element_type=\"container\" data-e-type=\"container\">\n\t\t\t\t\t<div class=\"e-con-inner\">\n\t\t\t\t<div class=\"elementor-element elementor-element-cp54feb73 elementor-widget elementor-widget-heading\" data-id=\"cp54feb73\" data-element_type=\"widget\" data-e-type=\"widget\" data-widget_type=\"heading.default\">\n\t\t\t\t\t<h2 class=\"elementor-heading-title elementor-size-default\">Tors fisketur efter Midg\u00e5rdsormen<\/h2>\t\t\t\t<\/div>\n\t\t<div class=\"elementor-element elementor-element-cp581887b e-con-full e-flex e-con e-child\" data-id=\"cp581887b\" data-element_type=\"container\" data-e-type=\"container\">\n\t\t\t\t<div class=\"elementor-element elementor-element-cpb0e0265 elementor-widget elementor-widget-text-editor\" data-id=\"cpb0e0265\" data-element_type=\"widget\" data-e-type=\"widget\" data-widget_type=\"text-editor.default\">\n\t\t\t\t\t\t\t\t\t<p>En av de mest k\u00e4nda enskilda ber\u00e4ttelserna om Tor \u00e4r hans fiskef\u00e4rd, d\u00e5 han drar upp v\u00e4rldsormen J\u00f6rmungandr ur havet. <span class=\"iwg-fachbegriff\" data-tooltip=\"En \u00f6verl\u00e4mnad ber\u00e4ttelse om gudar, ursprung och v\u00e4rldens ordning.\" tabindex=\"0\">Myten<\/span> \u00e4r \u00f6verl\u00e4mnad i flera versioner: i den eddiska diktningen <em>Hymiskvi\u00f0a<\/em>, i <em>Prosaeddan<\/em> av Snorre Sturlasson och i antydningar i flera skaldedikter, till exempel <em>H\u00fasdr\u00e1pa<\/em> av \u00dalfr Uggason.<\/p><p>Tor ger sig av till j\u00e4tten Hymir f\u00f6r att \u00e5ka ut p\u00e5 havet tillsammans med honom. Som bete rycker han huvudet av en av j\u00e4ttens oxar. Ute p\u00e5 havet ror Tor l\u00e5ngt f\u00f6rbi de vanliga fiskeplatserna, tills Hymir blir r\u00e4dd.<\/p><p>Tor kastar ut kroken med oxhuvudet, och midg\u00e5rdsormen nappar. Det blir en v\u00e5ldsam brottningsmatch.<\/p><p>Tor spj\u00e4rnar emot bottenplankorna med s\u00e5dan kraft att f\u00f6tterna g\u00e5r genom skrovet och n\u00e5r havsbottnen. Han drar upp ormen tills dess huvud sticker upp \u00f6ver b\u00e5tkanten, och h\u00f6jer hammaren f\u00f6r att sl\u00e5 till.<\/p><p>H\u00e4r g\u00e5r versionerna is\u00e4r. Enligt Snorre sk\u00e4r den skr\u00e4ckslagna Hymir av fisklinan, s\u00e5 att ormen sjunker tillbaka i havet; Tors slag tr\u00e4ffar f\u00f6rg\u00e4ves eller bara delvis. I andra antydningar verkar Tor faktiskt genomf\u00f6ra slaget.<\/p><p>Forskningen ser i detta avsnitt en bildlig f\u00f6raning om den slutgiltiga sammandrabbningen vid v\u00e4rldens underg\u00e5ng. Flera bildstenar, bland annat fynd fr\u00e5n Sverige, England och Danmark, visar en scen som oftast tolkas som just denna fiskef\u00e4rd, vilket vittnar om ber\u00e4ttelsens stora spridning redan under vikingatiden.<\/p>\t\t\t\t\t\t\t\t<\/div>\n\t\t\t\t<\/div>\n\t\t\t\t\t<\/div>\n\t\t\t\t<\/div>\n\t\t<div class=\"elementor-element elementor-element-cped84c2c e-flex e-con-boxed e-con e-parent\" data-id=\"cped84c2c\" data-element_type=\"container\" data-e-type=\"container\">\n\t\t\t\t\t<div class=\"e-con-inner\">\n\t\t\t\t<div class=\"elementor-element elementor-element-cp12f9869 elementor-widget elementor-widget-heading\" data-id=\"cp12f9869\" data-element_type=\"widget\" data-e-type=\"widget\" data-widget_type=\"heading.default\">\n\t\t\t\t\t<h2 class=\"elementor-heading-title elementor-size-default\">Mj\u00f6lner: smidesmyt, funktion och arkeologiska fynd<\/h2>\t\t\t\t<\/div>\n\t\t<div class=\"elementor-element elementor-element-cp83bbc93 e-con-full e-flex e-con e-child\" data-id=\"cp83bbc93\" data-element_type=\"container\" data-e-type=\"container\">\n\t\t\t\t<div class=\"elementor-element elementor-element-cpca15ba8 elementor-widget elementor-widget-text-editor\" data-id=\"cpca15ba8\" data-element_type=\"widget\" data-e-type=\"widget\" data-widget_type=\"text-editor.default\">\n\t\t\t\t\t\t\t\t\t<p>Tors hammare Mj\u00f6lner \u00e4r hans viktigaste attribut. Snorre ber\u00e4ttar i <em>Prosaeddan<\/em> hur hammaren kom till. Loke l\u00e4t dv\u00e4rgarna, Ivaldis s\u00f6ner och br\u00f6derna Brokk och Sindri (Eitri), smida kostbara ting.<\/p><p>I t\u00e4vlingen om det b\u00e4sta verket smidde Brokk och Sindri hammaren, men eftersom Loke i flugeskepnad st\u00f6rde den som trampade b\u00e4lgen, blev skaftet f\u00f6r kort. Trots denna brist ans\u00e5gs Mj\u00f6lner vara det mest v\u00e4rdefulla verket, eftersom den aldrig missade sitt m\u00e5l och \u00e5terv\u00e4nde till handen efter kastet.<\/p><p>Mj\u00f6lner \u00e4r inte bara ett vapen mot j\u00e4ttarna, utan ocks\u00e5 ett redskap f\u00f6r <span class=\"iwg-fachbegriff\" data-tooltip=\"En rituell handling genom vilken ett f\u00f6rem\u00e5l, en plats eller en person \u00f6verl\u00e4mnas till det religi\u00f6sa omr\u00e5det.\" tabindex=\"0\">invigning<\/span>. I <em>\u00derymskvi\u00f0a<\/em> anv\u00e4nds hammaren f\u00f6r att v\u00e4lsigna en brud, och \u00e4ven annars framtr\u00e4der den som ett heligande redskap, till exempel vid \u00e5terupplivandet av Tors bockar.<\/p><p>Denna dubbla funktion, som f\u00f6rst\u00f6rande och som helgande kraft, \u00e4r central f\u00f6r f\u00f6rst\u00e5elsen av Tor.<\/p><p>Arkeologiskt \u00e4r Mj\u00f6lner belagd genom talrika hammarh\u00e4ngen, sm\u00e5 amuletter av silver, brons eller j\u00e4rn, som har hittats i hela Skandinavien och inom vikingarnas inflytelseomr\u00e5de. Deras spridning \u00f6kade under 900-talet, allts\u00e5 just under den period d\u00e5 kristnandet inleddes.<\/p><p>Forskningen tolkar detta delvis som ett medvetet hedniskt bek\u00e4nnande gentemot det kristna korset. Ett fynd av en gjutform fr\u00e5n Danmark, d\u00e4r b\u00e5de kors- och hammarform kunde gjutas j\u00e4msides, visar s\u00e4rskilt tydligt hur de olika religionerna existerade sida vid sida under denna tid.<\/p>\t\t\t\t\t\t\t\t<\/div>\n\t\t\t\t<\/div>\n\t\t\t\t\t<\/div>\n\t\t\t\t<\/div>\n\t\t<div class=\"elementor-element elementor-element-cp9b6b7d4 e-flex e-con-boxed e-con e-parent\" data-id=\"cp9b6b7d4\" data-element_type=\"container\" data-e-type=\"container\">\n\t\t\t\t\t<div class=\"e-con-inner\">\n\t\t\t\t<div class=\"elementor-element elementor-element-cp42a88ae elementor-widget elementor-widget-heading\" data-id=\"cp42a88ae\" data-element_type=\"widget\" data-e-type=\"widget\" data-widget_type=\"heading.default\">\n\t\t\t\t\t<h2 class=\"elementor-heading-title elementor-size-default\">Tor i vikingatidens religionsut\u00f6vning<\/h2>\t\t\t\t<\/div>\n\t\t<div class=\"elementor-element elementor-element-cp1f657a0 e-con-full e-flex e-con e-child\" data-id=\"cp1f657a0\" data-element_type=\"container\" data-e-type=\"container\">\n\t\t\t\t<div class=\"elementor-element elementor-element-cp07126b7 elementor-widget elementor-widget-text-editor\" data-id=\"cp07126b7\" data-element_type=\"widget\" data-e-type=\"widget\" data-widget_type=\"text-editor.default\">\n\t\t\t\t\t\t\t\t\t<p>Tor var ingen avl\u00e4gsen gud, utan en <span class=\"iwg-fachbegriff\" data-tooltip=\"En varelse som dyrkas som gudomlig inom en religion.\" tabindex=\"0\">gudom<\/span> som dyrkades brett i vardagen, kanske den mest popul\u00e4ra bland b\u00f6nder och enkla fria m\u00e4n. Flera fynd tyder p\u00e5 detta.<\/p><p>F\u00f6r det f\u00f6rsta personnamnen: namn som bildats med elementet Tor, till exempel Thorsteinn, Thorgeirr eller Thorger\u00f0r, h\u00f6r till de vanligaste i den fornnordiska <span class=\"iwg-fachbegriff\" data-tooltip=\"\u00d6verf\u00f6ringen av kunskap och ber\u00e4ttelser genom generationer.\" tabindex=\"0\">traditionen<\/span>. F\u00f6r det andra ortnamnen: i Norge, Sverige, Danmark och i de omr\u00e5den som befolkades av nordbor finns talrika orter vars namn pekar p\u00e5 en Tors<span class=\"iwg-fachbegriff\" data-tooltip=\"Helheten av religi\u00f6sa v\u00f6rdnadshandlingar f\u00f6r en gudom eller helig gestalt.\" tabindex=\"0\">kult<\/span>.<\/p><p>De isl\u00e4ndska sagorna, s\u00e4rskilt <em>Eyrbyggja saga<\/em> och <em>Landn\u00e1mab\u00f3k<\/em>, skildrar bos\u00e4ttare som var s\u00e4rskilt h\u00e4ngivna Tor, vigde honom ett <span class=\"iwg-fachbegriff\" data-tooltip=\"En byggnad som anv\u00e4nds f\u00f6r dyrkan av en eller flera gudomar.\" tabindex=\"0\">tempel<\/span> eller kastade hans tr\u00e4stolpar i havet f\u00f6r att finna den boplats han best\u00e4mt. Dessa ber\u00e4ttelser \u00e4r dock senare, kristet pr\u00e4glade och b\u00f6r l\u00e4sas med f\u00f6rsiktighet.<\/p><p>Adam av Bremen beskriver p\u00e5 1000-talet <span class=\"iwg-fachbegriff\" data-tooltip=\"En byggnad som anv\u00e4nds f\u00f6r dyrkan av en eller flera gudomar.\" tabindex=\"0\">templet<\/span> i Uppsala och placerar d\u00e4r Tor i mitten mellan Oden och Fricco; Tor s\u00e4gs r\u00e5da \u00f6ver \u00e5ska, vind, regn, gott v\u00e4der och gr\u00f6dorna.<\/p><p>\u00c4ven om Adams skildring kommer fr\u00e5n ett kristet utifr\u00e5nperspektiv och inte \u00e4r tillf\u00f6rlitlig i alla detaljer, bekr\u00e4ftar den Tors betydelse f\u00f6r v\u00e4der och sk\u00f6rd, allts\u00e5 f\u00f6r b\u00f6ndernas livsgrund.<\/p><p>Ur religionsvetenskaplig synvinkel framtr\u00e4der bilden av en gud som var mindre f\u00f6rknippad med makt och krig \u00e4n med skydd, ordning och fruktbarhet, en gud f\u00f6r g\u00e5rden och gemenskapen.<\/p>\t\t\t\t\t\t\t\t<\/div>\n\t\t\t\t<\/div>\n\t\t\t\t\t<\/div>\n\t\t\t\t<\/div>\n\t\t<div class=\"elementor-element elementor-element-cp8e4387d e-flex e-con-boxed e-con e-parent\" data-id=\"cp8e4387d\" data-element_type=\"container\" data-e-type=\"container\">\n\t\t\t\t\t<div class=\"e-con-inner\">\n\t\t\t\t<div class=\"elementor-element elementor-element-cp6d78bd4 elementor-widget elementor-widget-heading\" data-id=\"cp6d78bd4\" data-element_type=\"widget\" data-e-type=\"widget\" data-widget_type=\"heading.default\">\n\t\t\t\t\t<h2 class=\"elementor-heading-title elementor-size-default\">\u00c5skguden i indoeuropeisk j\u00e4mf\u00f6relse<\/h2>\t\t\t\t<\/div>\n\t\t<div class=\"elementor-element elementor-element-cpfaac837 e-con-full e-flex e-con e-child\" data-id=\"cpfaac837\" data-element_type=\"container\" data-e-type=\"container\">\n\t\t\t\t<div class=\"elementor-element elementor-element-cpc407166 elementor-widget elementor-widget-text-editor\" data-id=\"cpc407166\" data-element_type=\"widget\" data-e-type=\"widget\" data-widget_type=\"text-editor.default\">\n\t\t\t\t\t\t\t\t\t<p>Tor kan placeras in i en bred grupp \u00e5skgudar inom den indoeuropeiska spr\u00e5kfamiljen, vilket den j\u00e4mf\u00f6rande <span class=\"iwg-fachbegriff\" data-tooltip=\"Vetenskapen som utforskar religioner j\u00e4mf\u00f6rande och utan trosbindning.\" tabindex=\"0\">religionsvetenskapen<\/span> har sysslat med sedan 1800-talet. Besl\u00e4ktade gestalter \u00e4r bland annat den baltiske Perk\u016bnas, den slaviske Perun, den vediske Indra och delvis den grekiske Zeus, i den m\u00e5n han upptr\u00e4der som \u00e5skgud.<\/p><p>Flera forskare, bland dem Georges Dum\u00e9zil inom ramen f\u00f6r sin teori om de tre sociala funktionerna, har placerat Tor i den &#8221;krigiska&#8221; eller &#8221;skyddande&#8221; funktionen. Andra betonar starkare det gemensamma <span class=\"iwg-fachbegriff\" data-tooltip=\"Ett \u00e5terkommande inneh\u00e5llsligt element i konst eller ber\u00e4ttelse.\" tabindex=\"0\">motivet<\/span> med drak- eller ormstriden, som i m\u00e5nga indoeuropeiska traditioner \u00e4r f\u00f6rknippat med \u00e5skguden. Tors fiendskap med midg\u00e5rdsormen passar in i detta m\u00f6nster.<\/p><p>\u00c4ven spr\u00e5kligt finns det bel\u00e4gg. Namnet Tor, fornnordiskt <em>\u00de\u00f3rr<\/em>, fornh\u00f6gtyskt <em>Donar<\/em>, fornengelskt <em>\u00deunor<\/em>, g\u00e5r tillbaka p\u00e5 ett gemensamt germanskt ord f\u00f6r &#8221;\u00e5ska&#8221;.<\/p><p>Den latinska \u00f6vers\u00e4ttningen av veckodagen <em>dies Iovis<\/em>, Jupiters dag, till torsdag, engelska <em>Thursday<\/em>, visar att antikens och medeltidens l\u00e4rde likst\u00e4llde Tor med Jupiter, allts\u00e5 med den h\u00f6gsta romerska guden och \u00e5skans herre.<\/p><p>Trots att dessa j\u00e4mf\u00f6relser \u00e4r plausibla manar den nyare forskningen till f\u00f6rsiktighet. Gemensamma motiv kan g\u00e5 tillbaka p\u00e5 gemensamt ursprung, men \u00e4ven p\u00e5 senare utbyte eller p\u00e5 oberoende parallell utveckling. Rekonstruktionen av en enhetlig &#8221;urindoeuropeisk \u00e5skgud&#8221; f\u00f6rblir d\u00e4rf\u00f6r en hypotes som f\u00f6rklarar enskilda \u00f6verensst\u00e4mmelser, men inte alla Tors s\u00e4rdrag.<\/p>\t\t\t\t\t\t\t\t<\/div>\n\t\t\t\t<\/div>\n\t\t\t\t\t<\/div>\n\t\t\t\t<\/div>\n\t\t<div class=\"elementor-element elementor-element-cpe7dfbd0 e-flex e-con-boxed e-con e-parent\" data-id=\"cpe7dfbd0\" data-element_type=\"container\" data-e-type=\"container\">\n\t\t\t\t\t<div class=\"e-con-inner\">\n\t\t\t\t<div class=\"elementor-element elementor-element-cpdf20168 elementor-widget elementor-widget-heading\" data-id=\"cpdf20168\" data-element_type=\"widget\" data-e-type=\"widget\" data-widget_type=\"heading.default\">\n\t\t\t\t\t<h2 class=\"elementor-heading-title elementor-size-default\">Fr\u00e5n hedengud till popkultur: receptionshistorien<\/h2>\t\t\t\t<\/div>\n\t\t<div class=\"elementor-element elementor-element-cpf86863a e-con-full e-flex e-con e-child\" data-id=\"cpf86863a\" data-element_type=\"container\" data-e-type=\"container\">\n\t\t\t\t<div class=\"elementor-element elementor-element-cp5a46695 elementor-widget elementor-widget-text-editor\" data-id=\"cp5a46695\" data-element_type=\"widget\" data-e-type=\"widget\" data-widget_type=\"text-editor.default\">\n\t\t\t\t\t\t\t\t\t<p>Efter Skandinaviens kristnande f\u00f6rsvann <span class=\"iwg-fachbegriff\" data-tooltip=\"Summan av de religi\u00f6sa v\u00f6rdnadshandlingarna f\u00f6r en gudomlighet eller helig gestalt.\" tabindex=\"0\">kulten<\/span> av Tor, men ber\u00e4ttelserna bevarades genom den isl\u00e4ndska skriftkulturen. Snorri Sturluson skrev sin <em>Prosaeddan<\/em> p\u00e5 1200-talet som en kristen l\u00e4rd som ville bevara den gamla kunskapen f\u00f6r diktkonsten. Utan denna och den handskriftligt \u00f6verl\u00e4mnade <em>Poetiska Eddan<\/em> hade den st\u00f6rsta delen av Tor-myterna g\u00e5tt f\u00f6rlorad.<\/p><p>En bred nyuppt\u00e4ckt inleddes med romantiken under sent 1700-tal och 1800-talet. I Skandinavien och Tyskland tog diktare och l\u00e4rde upp den nordiska <span class=\"iwg-fachbegriff\" data-tooltip=\"Summan av en kulturs traderade gudaber\u00e4ttelser.\" tabindex=\"0\">mytologin<\/span>.<\/p><p>Den danske diktaren Adam Oehlenschl\u00e4ger \u00e4gnade Tor dikter, och i Tyskland behandlade bland andra Jacob Grimm i sin <em>Deutschen <span class=\"iwg-fachbegriff\" data-tooltip=\"Summan av en kulturs traderade gudaber\u00e4ttelser.\" tabindex=\"0\">Mythologie<\/span><\/em> Donar utf\u00f6rligt. Detta mottagande var inte fritt fr\u00e5n nationella och ideologiska laddningar, som under 1900-talet delvis v\u00e4ndes i farlig riktning n\u00e4r v\u00f6lkische och nationalsocialistiska kretsar tog \u00f6ver germanska symboler.<\/p><p>Under 1900- och 2000-talet blev Tor v\u00e4rldsk\u00e4nd framf\u00f6r allt genom det amerikanska f\u00f6rlaget Marvels seriealbumsadaption fr\u00e5n 1962 och genom senare filmatiseringar av denna. Denna popul\u00e4ra version avviker starkt fr\u00e5n de medeltida k\u00e4llorna: den g\u00f6r den r\u00f6dsk\u00e4ggige bondeguden till en blond, ungdomlig hj\u00e4lte och uppfinner talrika h\u00e4ndelsef\u00f6rlopp p\u00e5 nytt.<\/p><p>Vetenskapligt b\u00f6r denna gren behandlas mindre som <span class=\"iwg-fachbegriff\" data-tooltip=\"Traderingen av kunskap och ber\u00e4ttelser genom generationer.\" tabindex=\"0\">tradering<\/span> \u00e4n som ett sj\u00e4lvst\u00e4ndigt modernt mytmaterial. Samtidigt finns det sedan sent 1900-tal nyhedniska r\u00f6relser som \u00e5terigen v\u00f6rdar Tor religi\u00f6st. Den som s\u00f6ker mer om detta <span class=\"iwg-fachbegriff\" data-tooltip=\"Summan av gudarna inom en religion eller kultur.\" tabindex=\"0\">pantheon<\/span> hittar f\u00f6rdjupande artiklar om <a href=\"https:\/\/iwell-guard.com\/sv\/odin\/\">Oden<\/a> och om <a href=\"https:\/\/iwell-guard.com\/sv\/loki\/\">Loke<\/a>.<\/p>\t\t\t\t\t\t\t\t<\/div>\n\t\t\t\t<\/div>\n\t\t\t\t\t<\/div>\n\t\t\t\t<\/div>\n\t\t<div class=\"elementor-element elementor-element-36dd7469 e-flex e-con-boxed e-con e-parent\" data-id=\"36dd7469\" data-element_type=\"container\" data-e-type=\"container\">\n\t\t\t\t\t<div class=\"e-con-inner\">\n\t\t\t\t<div class=\"elementor-element elementor-element-13760ab4 elementor-widget elementor-widget-heading\" data-id=\"13760ab4\" data-element_type=\"widget\" data-e-type=\"widget\" data-widget_type=\"heading.default\">\n\t\t\t\t\t<h2 class=\"elementor-heading-title elementor-size-default\">Vidare l\u00e4nkar<\/h2>\t\t\t\t<\/div>\n\t\t<div class=\"elementor-element elementor-element-28c87796 e-con-full e-flex e-con e-child\" data-id=\"28c87796\" data-element_type=\"container\" data-e-type=\"container\">\n\t\t\t\t<div class=\"elementor-element elementor-element-5d6538df elementor-widget elementor-widget-text-editor\" data-id=\"5d6538df\" data-element_type=\"widget\" data-e-type=\"widget\" data-widget_type=\"text-editor.default\">\n\t\t\t\t\t\t\t\t\t<p>Rekommenderade interna l\u00e4nkar f\u00f6r denna sida:<\/p><ul><li><a href=\"https:\/\/iwell-guard.com\/sv\/germanskt\/\">Germanskt<\/a> (\u00f6verordnad kultursida)<\/li><li><a href=\"https:\/\/iwell-guard.com\/sv\/odin\/\">Oden<\/a> (huvudgud i asa-<span class=\"iwg-fachbegriff\" data-tooltip=\"Summan av gudarna inom en religion eller kultur.\" tabindex=\"0\">pantheon<\/span>)<\/li><li><a href=\"https:\/\/iwell-guard.com\/sv\/freja\/\">Freja<\/a> (vanagudinna och systerfunktion i <span class=\"iwg-fachbegriff\" data-tooltip=\"Summan av gudarna inom en religion eller kultur.\" tabindex=\"0\">pantheon<\/span>)<\/li><li><a href=\"https:\/\/iwell-guard.com\/sv\/hoggudomar\/\">H\u00f6ggudar<\/a> (klass\u00f6versikt)<\/li><\/ul>\t\t\t\t\t\t\t\t<\/div>\n\t\t\t\t<\/div>\n\t\t\t\t\t<\/div>\n\t\t\t\t<\/div>\n\t\t<div class=\"elementor-element elementor-element-grl4kl40 e-flex e-con-boxed e-con e-parent\" data-id=\"grl4kl40\" data-element_type=\"container\" data-e-type=\"container\">\n\t\t\t\t\t<div class=\"e-con-inner\">\n\t\t\t\t<div class=\"elementor-element elementor-element-bzsbfrmh elementor-widget elementor-widget-heading\" data-id=\"bzsbfrmh\" data-element_type=\"widget\" data-e-type=\"widget\" data-widget_type=\"heading.default\">\n\t\t\t\t\t<h2 class=\"elementor-heading-title elementor-size-default\">Forskningslitteratur<\/h2>\t\t\t\t<\/div>\n\t\t<div class=\"elementor-element elementor-element-2c13224a e-con-full e-flex e-con e-child\" data-id=\"2c13224a\" data-element_type=\"container\" data-e-type=\"container\">\n\t\t\t\t<div class=\"elementor-element elementor-element-0eymh9ub elementor-widget elementor-widget-text-editor\" data-id=\"0eymh9ub\" data-element_type=\"widget\" data-e-type=\"widget\" data-widget_type=\"text-editor.default\">\n\t\t\t\t\t\t\t\t\t<footer class=\"iwg-literatur\" data-nosnippet=\"true\"><p>K\u00e4llor om Tor:<\/p><ul><li><span data-nosnippet><span class=\"iwg-fachbegriff\" tabindex=\"0\" data-tooltip=\"Isl\u00e4ndsk l\u00e4rd (1179\u20131241); f\u00f6rfattare till Prosaeddan och Heimskringla.\">Snorri Sturluson<\/span>: <em>Edda. Die Geschichten aus der nordischen <span class=\"iwg-fachbegriff\" data-tooltip=\"Summan av en kulturs traderade gudaber\u00e4ttelser.\" tabindex=\"0\">Mythologie<\/span>.<\/em> \u00d6vers. av Arnulf Krause. Reclam, Stuttgart 1997.<\/span><\/li><li><span data-nosnippet>Simek, Rudolf: <em>Lexikon der germanischen <span class=\"iwg-fachbegriff\" data-tooltip=\"Summan av en kulturs traderade gudaber\u00e4ttelser.\" tabindex=\"0\">Mythologie<\/span>.<\/em> 3. helt omarbetade uppl. Kr\u00f6ner, Stuttgart 2006.<\/span><\/li><\/ul><\/footer>\n<p class=\"iwg-bib-more\"><span data-nosnippet>Fler standardverk i <a href=\"https:\/\/iwell-guard.com\/sv\/litteratur\/\">litteraturf\u00f6rteckningen<\/a>.<\/span><\/p>\t\t\t\t\t\t\t\t<\/div>\n\t\t\t\t<\/div>\n\t\t\t\t\t<\/div>\n\t\t\t\t<\/div>\n\t\t\t\t<\/div>\n\t\t","protected":false},"excerpt":{"rendered":"","protected":false},"author":3,"featured_media":1573,"parent":0,"menu_order":0,"comment_status":"closed","ping_status":"closed","template":"elementor_header_footer","meta":{"_yoast_wpseo_focuskw":"Thor","_yoast_wpseo_title":"Thor - \u00e5skans och skyddets gud","_yoast_wpseo_metadesc":"Thor, \u00e5skguden med hammaren Mj\u00f6lnir: Midg\u00e5rds beskyddare, hans vardagsdyrkan i Norden och hans fortlevnad fram till i dag.","_yoast_wpseo_meta-robots-noindex":"","_yoast_wpseo_canonical":"","_angie_page":false,"gefaehrdungsstufe":"3","wesen_kultur":"germanisch","wesen_klasse":"goetter","footnotes":""},"categories":[],"class_list":["post-136718","page","type-page","status-publish","has-post-thumbnail","hentry"],"yoast_head":"<!-- This site is optimized with the Yoast SEO Premium plugin v27.7 (Yoast SEO v28.3) - https:\/\/yoast.com\/product\/yoast-seo-premium-wordpress\/ -->\n<title>Thor - \u00e5skans och skyddets gud<\/title>\n<meta name=\"description\" content=\"Thor, \u00e5skguden med hammaren Mj\u00f6lnir: Midg\u00e5rds beskyddare, hans vardagsdyrkan i Norden och hans fortlevnad fram till i dag.\" \/>\n<meta name=\"robots\" content=\"index, follow, max-snippet:-1, max-image-preview:large, max-video-preview:-1\" \/>\n<link rel=\"canonical\" href=\"https:\/\/iwell-guard.com\/sv\/thor\/\" \/>\n<meta property=\"og:locale\" content=\"sv_SE\" \/>\n<meta property=\"og:type\" content=\"article\" \/>\n<meta property=\"og:title\" content=\"Thor\" \/>\n<meta property=\"og:description\" content=\"Thor, \u00e5skguden med hammaren Mj\u00f6lnir: Midg\u00e5rds beskyddare, hans vardagsdyrkan i Norden och hans fortlevnad fram till i dag.\" \/>\n<meta property=\"og:url\" content=\"https:\/\/iwell-guard.com\/sv\/thor\/\" \/>\n<meta property=\"og:site_name\" content=\"iWell Guard\" \/>\n<meta property=\"article:modified_time\" content=\"2026-09-03T01:10:10+00:00\" \/>\n<meta property=\"og:image\" content=\"https:\/\/iwell-guard.com\/wp-content\/uploads\/2026\/04\/goetter_germanisch_thor.webp\" \/>\n\t<meta property=\"og:image:width\" content=\"1024\" \/>\n\t<meta property=\"og:image:height\" content=\"1536\" \/>\n\t<meta property=\"og:image:type\" content=\"image\/webp\" \/>\n<meta name=\"twitter:card\" content=\"summary_large_image\" \/>\n<script type=\"application\/ld+json\" class=\"yoast-schema-graph\">{\"@context\":\"https:\\\/\\\/schema.org\",\"@graph\":[{\"@type\":\"WebPage\",\"@id\":\"https:\\\/\\\/iwell-guard.com\\\/sv\\\/thor\\\/\",\"url\":\"https:\\\/\\\/iwell-guard.com\\\/sv\\\/thor\\\/\",\"name\":\"Thor - \u00e5skans och skyddets gud\",\"isPartOf\":{\"@id\":\"https:\\\/\\\/iwell-guard.com\\\/sv\\\/#website\"},\"primaryImageOfPage\":{\"@id\":\"https:\\\/\\\/iwell-guard.com\\\/sv\\\/thor\\\/#primaryimage\"},\"image\":{\"@id\":\"https:\\\/\\\/iwell-guard.com\\\/sv\\\/thor\\\/#primaryimage\"},\"thumbnailUrl\":\"https:\\\/\\\/iwell-guard.com\\\/wp-content\\\/uploads\\\/2026\\\/04\\\/goetter_germanisch_thor.webp\",\"datePublished\":\"2026-09-03T00:09:25+00:00\",\"dateModified\":\"2026-09-03T01:10:10+00:00\",\"description\":\"Thor, \u00e5skguden med hammaren Mj\u00f6lnir: Midg\u00e5rds beskyddare, hans vardagsdyrkan i Norden och hans fortlevnad fram till i dag.\",\"breadcrumb\":{\"@id\":\"https:\\\/\\\/iwell-guard.com\\\/sv\\\/thor\\\/#breadcrumb\"},\"inLanguage\":\"sv-SE\",\"potentialAction\":[{\"@type\":\"ReadAction\",\"target\":[\"https:\\\/\\\/iwell-guard.com\\\/sv\\\/thor\\\/\"]}]},{\"@type\":\"ImageObject\",\"inLanguage\":\"sv-SE\",\"@id\":\"https:\\\/\\\/iwell-guard.com\\\/sv\\\/thor\\\/#primaryimage\",\"url\":\"https:\\\/\\\/iwell-guard.com\\\/wp-content\\\/uploads\\\/2026\\\/04\\\/goetter_germanisch_thor.webp\",\"contentUrl\":\"https:\\\/\\\/iwell-guard.com\\\/wp-content\\\/uploads\\\/2026\\\/04\\\/goetter_germanisch_thor.webp\",\"width\":1024,\"height\":1536,\"caption\":\"Gudar fr\u00e5n den germanska traditionen.\"},{\"@type\":\"BreadcrumbList\",\"@id\":\"https:\\\/\\\/iwell-guard.com\\\/sv\\\/thor\\\/#breadcrumb\",\"itemListElement\":[{\"@type\":\"ListItem\",\"position\":1,\"name\":\"Start\",\"item\":\"https:\\\/\\\/iwell-guard.com\\\/sv\\\/?page_id=136483\"},{\"@type\":\"ListItem\",\"position\":2,\"name\":\"Thor\"}]},{\"@type\":\"WebSite\",\"@id\":\"https:\\\/\\\/iwell-guard.com\\\/sv\\\/#website\",\"url\":\"https:\\\/\\\/iwell-guard.com\\\/sv\\\/\",\"name\":\"iWell Guard\",\"description\":\"Schutz vor dunklen Einfl\u00fcssen\",\"publisher\":{\"@id\":\"https:\\\/\\\/iwell-guard.com\\\/sv\\\/#organization\"},\"potentialAction\":[{\"@type\":\"SearchAction\",\"target\":{\"@type\":\"EntryPoint\",\"urlTemplate\":\"https:\\\/\\\/iwell-guard.com\\\/sv\\\/?s={search_term_string}\"},\"query-input\":{\"@type\":\"PropertyValueSpecification\",\"valueRequired\":true,\"valueName\":\"search_term_string\"}}],\"inLanguage\":\"sv-SE\"},{\"@type\":\"Organization\",\"@id\":\"https:\\\/\\\/iwell-guard.com\\\/sv\\\/#organization\",\"name\":\"Ittermann electronic GmbH\",\"url\":\"https:\\\/\\\/iwell-guard.com\\\/sv\\\/\",\"logo\":{\"@type\":\"ImageObject\",\"inLanguage\":\"sv-SE\",\"@id\":\"https:\\\/\\\/iwell-guard.com\\\/sv\\\/#\\\/schema\\\/logo\\\/image\\\/\",\"url\":\"https:\\\/\\\/iwell-guard.com\\\/wp-content\\\/uploads\\\/2026\\\/05\\\/Ittermann-Logo-1182x237-1.png\",\"contentUrl\":\"https:\\\/\\\/iwell-guard.com\\\/wp-content\\\/uploads\\\/2026\\\/05\\\/Ittermann-Logo-1182x237-1.png\",\"width\":1182,\"height\":237,\"caption\":\"Ittermann electronic GmbH\"},\"image\":{\"@id\":\"https:\\\/\\\/iwell-guard.com\\\/sv\\\/#\\\/schema\\\/logo\\\/image\\\/\"},\"sameAs\":[\"https:\\\/\\\/pantip.com\\\/profile\\\/9367242\",\"https:\\\/\\\/micro.blog\\\/iwellguard\",\"https:\\\/\\\/www.diggerslist.com\\\/iwellguard\\\/about\",\"https:\\\/\\\/skitterphoto.com\\\/photographers\\\/2870314\\\/iwell-guard\",\"https:\\\/\\\/iwellguard.wordpress.com\\\/2026\\\/06\\\/06\\\/iwell-guard\\\/\",\"https:\\\/\\\/hub.docker.com\\\/u\\\/iwellguard\",\"https:\\\/\\\/www.pinterest.com\\\/iwellguard\\\/\",\"https:\\\/\\\/bit.ly\\\/m\\\/iwellguard\",\"https:\\\/\\\/entre-vos-mains.alsace.eu\\\/profiles\\\/iwellguard\\\/activity\",\"https:\\\/\\\/gravatar.com\\\/reallybeded8fd34\",\"https:\\\/\\\/naijamatta.com\\\/iwellguard\",\"https:\\\/\\\/www.goodreads.com\\\/iwellguard\",\"https:\\\/\\\/profile.hatena.ne.jp\\\/iwellguard\\\/\",\"https:\\\/\\\/experiment.com\\\/users\\\/iwellguard\",\"https:\\\/\\\/wakelet.com\\\/@iWellGuard82270\",\"https:\\\/\\\/www.chordie.com\\\/forum\\\/profile.php?id=2555664\",\"https:\\\/\\\/www.instapaper.com\\\/p\\\/17757966\",\"https:\\\/\\\/www.mapleprimes.com\\\/users\\\/iwellguard\",\"https:\\\/\\\/businesslistingplus.com\\\/profile\\\/iwell-guard\\\/\",\"https:\\\/\\\/telegra.ph\\\/iWell-Guard-06-06\",\"https:\\\/\\\/pbase.com\\\/iwellguard\\\/iwellguard\",\"https:\\\/\\\/b.hatena.ne.jp\\\/iwellguard\\\/20260607#bookmark-4788405196491818882\",\"https:\\\/\\\/fliphtml5.com\\\/home\\\/iwellguard\",\"https:\\\/\\\/anyflip.com\\\/homepage\\\/cmiwl#About\",\"https:\\\/\\\/transfur.com\\\/Users\\\/iwellguard\",\"http:\\\/\\\/delphi.larsbo.org\\\/user\\\/iwellguard\",\"https:\\\/\\\/jobs.lajobsportal.org\\\/profiles\\\/8380803-iwell-guard\",\"https:\\\/\\\/md.chaosdorf.de\\\/s\\\/jfbe5SBdJD\",\"https:\\\/\\\/www.lingvolive.com\\\/en-us\\\/profile\\\/9ecaeaca-ce11-4e51-9e71-01d55e2bff36\\\/translations\",\"https:\\\/\\\/www.fitday.com\\\/fitness\\\/forums\\\/members\\\/iwellguard.html\",\"https:\\\/\\\/www.mymeetbook.com\\\/iwellguard\",\"https:\\\/\\\/pxhere.com\\\/en\\\/photographer-me\\\/5040798\",\"https:\\\/\\\/disqus.com\\\/by\\\/iwellguard\\\/about\\\/\",\"https:\\\/\\\/pastelink.net\\\/hjwciqwq\",\"https:\\\/\\\/pubhtml5.com\\\/homepage\\\/scjhn\\\/\",\"https:\\\/\\\/www.bitchute.com\\\/channel\\\/2O2eOKzNqujT\",\"https:\\\/\\\/audiomack.com\\\/iwellguard\"]},{\"@type\":\"Article\",\"@id\":\"https:\\\/\\\/iwell-guard.com\\\/sv\\\/thor\\\/#article\",\"isPartOf\":{\"@id\":\"https:\\\/\\\/iwell-guard.com\\\/sv\\\/thor\\\/\"},\"author\":{\"name\":\"Ralf Ittermann\",\"@id\":\"https:\\\/\\\/iwell-guard.com\\\/sv\\\/#\\\/schema\\\/person\\\/ee2a27f1cac3406c7c6fb5820cb7349f\"},\"headline\":\"Thor\",\"datePublished\":\"2026-09-03T00:09:25+00:00\",\"dateModified\":\"2026-09-03T01:10:10+00:00\",\"mainEntityOfPage\":{\"@id\":\"https:\\\/\\\/iwell-guard.com\\\/sv\\\/thor\\\/\"},\"publisher\":{\"@id\":\"https:\\\/\\\/iwell-guard.com\\\/sv\\\/#organization\"},\"image\":{\"@id\":\"https:\\\/\\\/iwell-guard.com\\\/sv\\\/thor\\\/#primaryimage\"},\"thumbnailUrl\":\"https:\\\/\\\/iwell-guard.com\\\/wp-content\\\/uploads\\\/2026\\\/04\\\/goetter_germanisch_thor.webp\",\"inLanguage\":\"sv-SE\",\"description\":\"Thor, \u00e5skguden med hammaren Mj\u00f6lnir: Midg\u00e5rds beskyddare, hans vardagsdyrkan i Norden och hans fortlevnad fram till i dag.\"}]}<\/script>\n<!-- \/ Yoast SEO Premium plugin. -->","yoast_head_json":{"title":"Thor - \u00e5skans och skyddets gud","description":"Thor, \u00e5skguden med hammaren Mj\u00f6lnir: Midg\u00e5rds beskyddare, hans vardagsdyrkan i Norden och hans fortlevnad fram till i dag.","robots":{"index":"index","follow":"follow","max-snippet":"max-snippet:-1","max-image-preview":"max-image-preview:large","max-video-preview":"max-video-preview:-1"},"canonical":"https:\/\/iwell-guard.com\/sv\/thor\/","og_locale":"sv_SE","og_type":"article","og_title":"Thor","og_description":"Thor, \u00e5skguden med hammaren Mj\u00f6lnir: Midg\u00e5rds beskyddare, hans vardagsdyrkan i Norden och hans fortlevnad fram till i dag.","og_url":"https:\/\/iwell-guard.com\/sv\/thor\/","og_site_name":"iWell Guard","article_modified_time":"2026-09-03T01:10:10+00:00","og_image":[{"width":1024,"height":1536,"url":"https:\/\/iwell-guard.com\/wp-content\/uploads\/2026\/04\/goetter_germanisch_thor.webp","type":"image\/webp"}],"twitter_card":"summary_large_image","schema":{"@context":"https:\/\/schema.org","@graph":[{"@type":"Article","@id":"https:\/\/iwell-guard.com\/sv\/thor\/#article","isPartOf":{"@id":"https:\/\/iwell-guard.com\/sv\/thor\/"},"author":{"name":"Ralf Ittermann","@id":"https:\/\/iwell-guard.com\/sv\/#\/schema\/person\/ee2a27f1cac3406c7c6fb5820cb7349f"},"headline":"Thor","datePublished":"2026-09-03T00:09:25+00:00","dateModified":"2026-09-03T01:10:10+00:00","mainEntityOfPage":{"@id":"https:\/\/iwell-guard.com\/sv\/thor\/"},"publisher":{"@id":"https:\/\/iwell-guard.com\/sv\/#organization"},"image":{"@id":"https:\/\/iwell-guard.com\/sv\/thor\/#primaryimage"},"thumbnailUrl":"https:\/\/iwell-guard.com\/wp-content\/uploads\/2026\/04\/goetter_germanisch_thor.webp","inLanguage":"sv-SE","description":"Thor, \u00e5skguden med hammaren Mj\u00f6lnir: Midg\u00e5rds beskyddare, hans vardagsdyrkan i Norden och hans fortlevnad fram till i dag."},{"@type":"WebPage","@id":"https:\/\/iwell-guard.com\/sv\/thor\/","url":"https:\/\/iwell-guard.com\/sv\/thor\/","name":"Thor - \u00e5skans och skyddets gud","isPartOf":{"@id":"https:\/\/iwell-guard.com\/sv\/#website"},"primaryImageOfPage":{"@id":"https:\/\/iwell-guard.com\/sv\/thor\/#primaryimage"},"image":{"@id":"https:\/\/iwell-guard.com\/sv\/thor\/#primaryimage"},"thumbnailUrl":"https:\/\/iwell-guard.com\/wp-content\/uploads\/2026\/04\/goetter_germanisch_thor.webp","datePublished":"2026-09-03T00:09:25+00:00","dateModified":"2026-09-03T01:10:10+00:00","description":"Thor, \u00e5skguden med hammaren Mj\u00f6lnir: Midg\u00e5rds beskyddare, hans vardagsdyrkan i Norden och hans fortlevnad fram till i dag.","breadcrumb":{"@id":"https:\/\/iwell-guard.com\/sv\/thor\/#breadcrumb"},"inLanguage":"sv-SE","potentialAction":[{"@type":"ReadAction","target":["https:\/\/iwell-guard.com\/sv\/thor\/"]}]},{"@type":"ImageObject","inLanguage":"sv-SE","@id":"https:\/\/iwell-guard.com\/sv\/thor\/#primaryimage","url":"https:\/\/iwell-guard.com\/wp-content\/uploads\/2026\/04\/goetter_germanisch_thor.webp","contentUrl":"https:\/\/iwell-guard.com\/wp-content\/uploads\/2026\/04\/goetter_germanisch_thor.webp","width":1024,"height":1536,"caption":"Gudar fr\u00e5n den germanska traditionen."},{"@type":"BreadcrumbList","@id":"https:\/\/iwell-guard.com\/sv\/thor\/#breadcrumb","itemListElement":[{"@type":"ListItem","position":1,"name":"Start","item":"https:\/\/iwell-guard.com\/sv\/?page_id=136483"},{"@type":"ListItem","position":2,"name":"Thor"}]},{"@type":"WebSite","@id":"https:\/\/iwell-guard.com\/sv\/#website","url":"https:\/\/iwell-guard.com\/sv\/","name":"iWell Guard","description":"Schutz vor dunklen Einfl\u00fcssen","publisher":{"@id":"https:\/\/iwell-guard.com\/sv\/#organization"},"potentialAction":[{"@type":"SearchAction","target":{"@type":"EntryPoint","urlTemplate":"https:\/\/iwell-guard.com\/sv\/?s={search_term_string}"},"query-input":{"@type":"PropertyValueSpecification","valueRequired":true,"valueName":"search_term_string"}}],"inLanguage":"sv-SE"},{"@type":"Organization","@id":"https:\/\/iwell-guard.com\/sv\/#organization","name":"Ittermann electronic GmbH","url":"https:\/\/iwell-guard.com\/sv\/","logo":{"@type":"ImageObject","inLanguage":"sv-SE","@id":"https:\/\/iwell-guard.com\/sv\/#\/schema\/logo\/image\/","url":"https:\/\/iwell-guard.com\/wp-content\/uploads\/2026\/05\/Ittermann-Logo-1182x237-1.png","contentUrl":"https:\/\/iwell-guard.com\/wp-content\/uploads\/2026\/05\/Ittermann-Logo-1182x237-1.png","width":1182,"height":237,"caption":"Ittermann electronic GmbH"},"image":{"@id":"https:\/\/iwell-guard.com\/sv\/#\/schema\/logo\/image\/"},"sameAs":["https:\/\/pantip.com\/profile\/9367242","https:\/\/micro.blog\/iwellguard","https:\/\/www.diggerslist.com\/iwellguard\/about","https:\/\/skitterphoto.com\/photographers\/2870314\/iwell-guard","https:\/\/iwellguard.wordpress.com\/2026\/06\/06\/iwell-guard\/","https:\/\/hub.docker.com\/u\/iwellguard","https:\/\/www.pinterest.com\/iwellguard\/","https:\/\/bit.ly\/m\/iwellguard","https:\/\/entre-vos-mains.alsace.eu\/profiles\/iwellguard\/activity","https:\/\/gravatar.com\/reallybeded8fd34","https:\/\/naijamatta.com\/iwellguard","https:\/\/www.goodreads.com\/iwellguard","https:\/\/profile.hatena.ne.jp\/iwellguard\/","https:\/\/experiment.com\/users\/iwellguard","https:\/\/wakelet.com\/@iWellGuard82270","https:\/\/www.chordie.com\/forum\/profile.php?id=2555664","https:\/\/www.instapaper.com\/p\/17757966","https:\/\/www.mapleprimes.com\/users\/iwellguard","https:\/\/businesslistingplus.com\/profile\/iwell-guard\/","https:\/\/telegra.ph\/iWell-Guard-06-06","https:\/\/pbase.com\/iwellguard\/iwellguard","https:\/\/b.hatena.ne.jp\/iwellguard\/20260607#bookmark-4788405196491818882","https:\/\/fliphtml5.com\/home\/iwellguard","https:\/\/anyflip.com\/homepage\/cmiwl#About","https:\/\/transfur.com\/Users\/iwellguard","http:\/\/delphi.larsbo.org\/user\/iwellguard","https:\/\/jobs.lajobsportal.org\/profiles\/8380803-iwell-guard","https:\/\/md.chaosdorf.de\/s\/jfbe5SBdJD","https:\/\/www.lingvolive.com\/en-us\/profile\/9ecaeaca-ce11-4e51-9e71-01d55e2bff36\/translations","https:\/\/www.fitday.com\/fitness\/forums\/members\/iwellguard.html","https:\/\/www.mymeetbook.com\/iwellguard","https:\/\/pxhere.com\/en\/photographer-me\/5040798","https:\/\/disqus.com\/by\/iwellguard\/about\/","https:\/\/pastelink.net\/hjwciqwq","https:\/\/pubhtml5.com\/homepage\/scjhn\/","https:\/\/www.bitchute.com\/channel\/2O2eOKzNqujT","https:\/\/audiomack.com\/iwellguard"]},{"@type":"Person","@id":"https:\/\/iwell-guard.com\/sv\/#\/schema\/person\/ee2a27f1cac3406c7c6fb5820cb7349f","name":"Ralf Ittermann","image":{"@type":"ImageObject","inLanguage":"sv-SE","@id":"https:\/\/secure.gravatar.com\/avatar\/073c0153e350a5005b68eb752b445fea71f6b24a26da9449ad7e155e6b446c9d?s=96&d=mm&r=g","url":"https:\/\/secure.gravatar.com\/avatar\/073c0153e350a5005b68eb752b445fea71f6b24a26da9449ad7e155e6b446c9d?s=96&d=mm&r=g","contentUrl":"https:\/\/secure.gravatar.com\/avatar\/073c0153e350a5005b68eb752b445fea71f6b24a26da9449ad7e155e6b446c9d?s=96&d=mm&r=g","caption":"Ralf Ittermann"},"givenName":"Ralf","familyName":"Ittermann","jobTitle":"Gesch\u00e4ftsf\u00fchrer und redaktioneller Verantwortlicher","url":"https:\/\/iwell-guard.com\/sv\/author\/claude\/","description":"Ralf Ittermann ist Gesch\u00e4ftsf\u00fchrer der Ittermann electronic GmbH und redaktioneller Verantwortlicher des iWell-Guard-Lexikons. Er verbindet langj\u00e4hrige Erfahrung in der Pr\u00e4zisionsfertigung mit medialer Praxis und religionsgeschichtlicher Quellenarbeit.","worksFor":{"@type":"Organization","name":"Ittermann electronic GmbH","url":"https:\/\/ittermann.de\/","address":{"@type":"PostalAddress","streetAddress":"K\u00f6hlergasse 16-18","postalCode":"99842","addressLocality":"Ruhla","addressCountry":"DE"}},"knowsAbout":["Religionsgeschichte","Mythologie","Mediale Praxis","Energetische Diagnostik","Schutzpraxis","Volksglauben","Westliche Esoterik"]},{"@type":"Article","@id":"https:\/\/iwell-guard.com\/sv\/thor\/#article","isPartOf":{"@id":"https:\/\/iwell-guard.com\/sv\/thor\/"},"author":{"name":"Ralf Ittermann","@id":"https:\/\/iwell-guard.com\/sv\/#\/schema\/person\/ee2a27f1cac3406c7c6fb5820cb7349f"},"headline":"Thor","datePublished":"2026-09-03T00:09:25+00:00","dateModified":"2026-09-03T01:10:10+00:00","mainEntityOfPage":{"@id":"https:\/\/iwell-guard.com\/sv\/thor\/"},"publisher":{"@id":"https:\/\/iwell-guard.com\/sv\/#organization"},"image":{"@id":"https:\/\/iwell-guard.com\/sv\/thor\/#primaryimage"},"thumbnailUrl":"https:\/\/iwell-guard.com\/wp-content\/uploads\/2026\/04\/goetter_germanisch_thor.webp","inLanguage":"sv-SE","description":"Thor, \u00e5skguden med hammaren Mj\u00f6lnir: Midg\u00e5rds beskyddare, hans vardagsdyrkan i Norden och hans fortlevnad fram till i dag."}]}},"_links":{"self":[{"href":"https:\/\/iwell-guard.com\/sv\/wp-json\/wp\/v2\/pages\/136718","targetHints":{"allow":["GET"]}}],"collection":[{"href":"https:\/\/iwell-guard.com\/sv\/wp-json\/wp\/v2\/pages"}],"about":[{"href":"https:\/\/iwell-guard.com\/sv\/wp-json\/wp\/v2\/types\/page"}],"author":[{"embeddable":true,"href":"https:\/\/iwell-guard.com\/sv\/wp-json\/wp\/v2\/users\/3"}],"replies":[{"embeddable":true,"href":"https:\/\/iwell-guard.com\/sv\/wp-json\/wp\/v2\/comments?post=136718"}],"version-history":[{"count":0,"href":"https:\/\/iwell-guard.com\/sv\/wp-json\/wp\/v2\/pages\/136718\/revisions"}],"wp:featuredmedia":[{"embeddable":true,"href":"https:\/\/iwell-guard.com\/sv\/wp-json\/wp\/v2\/media\/1573"}],"wp:attachment":[{"href":"https:\/\/iwell-guard.com\/sv\/wp-json\/wp\/v2\/media?parent=136718"}],"wp:term":[{"taxonomy":"category","embeddable":true,"href":"https:\/\/iwell-guard.com\/sv\/wp-json\/wp\/v2\/categories?post=136718"}],"curies":[{"name":"wp","href":"https:\/\/api.w.org\/{rel}","templated":true}]}}