{"id":136713,"date":"2026-09-03T00:09:23","date_gmt":"2026-09-03T00:09:23","guid":{"rendered":"https:\/\/iwell-guard.com\/?page_id=136713"},"modified":"2026-09-03T01:09:56","modified_gmt":"2026-09-03T01:09:56","slug":"tsukuyomi","status":"publish","type":"page","link":"https:\/\/iwell-guard.com\/sv\/tsukuyomi\/","title":{"rendered":"Tsukuyomi"},"content":{"rendered":"\t\t<div data-elementor-type=\"wp-page\" data-elementor-id=\"136713\" class=\"elementor elementor-136713 elementor-2083 elementor-bc-flex-widget\" data-elementor-post-type=\"page\">\n\t\t\t\t<div class=\"elementor-element elementor-element-10fdade e-flex e-con-boxed e-con e-parent\" data-id=\"10fdade\" data-element_type=\"container\" data-e-type=\"container\" data-settings=\"{&quot;background_background&quot;:&quot;classic&quot;}\">\n\t\t\t\t\t<div class=\"e-con-inner\">\n\t\t<div class=\"elementor-element elementor-element-herohlft0 e-flex e-con-boxed e-con e-child\" data-id=\"herohlft0\" data-element_type=\"container\" data-e-type=\"container\">\n\t\t\t\t\t<div class=\"e-con-inner\">\n\t\t<div class=\"elementor-element elementor-element-c3ceb64 e-con-full e-flex e-con e-child\" data-id=\"c3ceb64\" data-element_type=\"container\" data-e-type=\"container\">\n\t\t\t\t<div class=\"elementor-element elementor-element-96ae5e1 elementor-widget elementor-widget-heading\" data-id=\"96ae5e1\" data-element_type=\"widget\" data-e-type=\"widget\" data-widget_type=\"heading.default\">\n\t\t\t\t\t<h1 class=\"elementor-heading-title elementor-size-default\">Tsukuyomi, gud i den japanska traditionen<\/h1>\t\t\t\t<\/div>\n\t\t\t\t<div class=\"elementor-element elementor-element-e45238a elementor-widget elementor-widget-text-editor\" data-id=\"e45238a\" data-element_type=\"widget\" data-e-type=\"widget\" data-widget_type=\"text-editor.default\">\n\t\t\t\t\t\t\t\t\t<p>Tsukuyomi \u00e4r gud i den japanska traditionen.<\/p><p><strong>M\u00e5nguden, tyst kraft i nattens himmel, evig skilsm\u00e4ssa.<\/strong> Inom japansk Shint\u014d betraktas Tsukuyomi som en tyst m\u00e5ngudom av natten.<\/p>\t\t\t\t\t\t\t\t<\/div>\n\t\t\t\t<\/div>\n\t\t<div class=\"elementor-element elementor-element-klsbdg01 e-con-full e-flex e-con e-parent\" data-id=\"klsbdg01\" data-element_type=\"container\" data-e-type=\"container\">\n\t\t\t\t<div class=\"elementor-element elementor-element-klshtm01 elementor-widget elementor-widget-html\" data-id=\"klshtm01\" data-element_type=\"widget\" data-e-type=\"widget\" data-widget_type=\"html.default\">\n\t\t\t\t\t<div class=\"iwg-pill-row\"><span class=\"iwg-klasse-badge\" tabindex=\"0\" data-tooltip=\"Gud \/ Gudinna: Personifierad h\u00f6gsta makt i en kulturs panteon, med tydliga ansvarsomr\u00e5den, naturkrafter, \u00f6de, krig, fruktbarhet. V\u00f6rdad genom kulter, offer och tempelinstitutioner.\">Gud<\/span><a href=\"https:\/\/iwell-guard.com\/sv\/japan\/\" class=\"iwg-kultur-badge\" tabindex=\"0\" data-tooltip=\"Japanska shinto-kami och buddhistisk-yokai-v\u00e4rldar.\">Japan<\/a><\/div>\t\t\t\t<\/div>\n\t\t\t\t<\/div>\n\t\t<div class=\"elementor-element elementor-element-3f74855 e-con-full e-flex e-con e-child\" data-id=\"3f74855\" data-element_type=\"container\" data-e-type=\"container\">\n\t\t\t\t<div class=\"elementor-element elementor-element-1c30362 elementor-toc--minimized-on-tablet elementor-widget elementor-widget-table-of-contents\" data-id=\"1c30362\" data-element_type=\"widget\" data-e-type=\"widget\" data-settings=\"{&quot;exclude_headings_by_selector&quot;:[],&quot;no_headings_message&quot;:&quot;Inga rubriker hittades p\\u00e5 den h\\u00e4r sidan.&quot;,&quot;headings_by_tags&quot;:[&quot;h2&quot;,&quot;h3&quot;],&quot;marker_view&quot;:&quot;bullets&quot;,&quot;minimize_box&quot;:&quot;yes&quot;,&quot;icon&quot;:{&quot;value&quot;:&quot;fas fa-circle&quot;,&quot;library&quot;:&quot;fa-solid&quot;,&quot;rendered_tag&quot;:&quot;&lt;svg class=\\&quot;e-font-icon-svg e-fas-circle\\&quot; viewBox=\\&quot;0 0 512 512\\&quot; xmlns=\\&quot;http:\\\/\\\/www.w3.org\\\/2000\\\/svg\\&quot;&gt;&lt;path d=\\&quot;M256 8C119 8 8 119 8 256s111 248 248 248 248-111 248-248S393 8 256 8z\\&quot;&gt;&lt;\\\/path&gt;&lt;\\\/svg&gt;&quot;},&quot;minimized_on&quot;:&quot;tablet&quot;,&quot;hierarchical_view&quot;:&quot;yes&quot;,&quot;min_height&quot;:{&quot;unit&quot;:&quot;px&quot;,&quot;size&quot;:&quot;&quot;,&quot;sizes&quot;:[]},&quot;min_height_tablet&quot;:{&quot;unit&quot;:&quot;px&quot;,&quot;size&quot;:&quot;&quot;,&quot;sizes&quot;:[]},&quot;min_height_mobile&quot;:{&quot;unit&quot;:&quot;px&quot;,&quot;size&quot;:&quot;&quot;,&quot;sizes&quot;:[]}}\" data-widget_type=\"table-of-contents.default\">\n\t\t\t\t\t\t\t\t\t<div class=\"elementor-toc__header\">\n\t\t\t\t\t\t<h2 class=\"elementor-toc__header-title\">\n\t\t\t\tInneh\u00e5llsf\u00f6rteckning\t\t\t<\/h2>\n\t\t\t\t\t\t\t\t\t\t<div class=\"elementor-toc__toggle-button elementor-toc__toggle-button--expand\" role=\"button\" tabindex=\"0\" aria-controls=\"elementor-toc__1c30362\" aria-expanded=\"true\" aria-label=\"\u00d6ppna inneh\u00e5llsf\u00f6rteckning\"><svg aria-hidden=\"true\" class=\"e-font-icon-svg e-fas-chevron-down\" viewBox=\"0 0 448 512\" xmlns=\"http:\/\/www.w3.org\/2000\/svg\"><path d=\"M207.029 381.476L12.686 187.132c-9.373-9.373-9.373-24.569 0-33.941l22.667-22.667c9.357-9.357 24.522-9.375 33.901-.04L224 284.505l154.745-154.021c9.379-9.335 24.544-9.317 33.901.04l22.667 22.667c9.373 9.373 9.373 24.569 0 33.941L240.971 381.476c-9.373 9.372-24.569 9.372-33.942 0z\"><\/path><\/svg><\/div>\n\t\t\t\t<div class=\"elementor-toc__toggle-button elementor-toc__toggle-button--collapse\" role=\"button\" tabindex=\"0\" aria-controls=\"elementor-toc__1c30362\" aria-expanded=\"true\" aria-label=\"St\u00e4ng inneh\u00e5llsf\u00f6rteckning\"><svg aria-hidden=\"true\" class=\"e-font-icon-svg e-fas-chevron-up\" viewBox=\"0 0 448 512\" xmlns=\"http:\/\/www.w3.org\/2000\/svg\"><path d=\"M240.971 130.524l194.343 194.343c9.373 9.373 9.373 24.569 0 33.941l-22.667 22.667c-9.357 9.357-24.522 9.375-33.901.04L224 227.495 69.255 381.516c-9.379 9.335-24.544 9.317-33.901-.04l-22.667-22.667c-9.373-9.373-9.373-24.569 0-33.941L207.03 130.525c9.372-9.373 24.568-9.373 33.941-.001z\"><\/path><\/svg><\/div>\n\t\t\t\t\t<\/div>\n\t\t\t\t<div id=\"elementor-toc__1c30362\" class=\"elementor-toc__body\">\n\t\t\t<div class=\"elementor-toc__spinner-container\">\n\t\t\t\t<svg class=\"elementor-toc__spinner eicon-animation-spin e-font-icon-svg e-eicon-loading\" aria-hidden=\"true\" viewBox=\"0 0 1000 1000\" xmlns=\"http:\/\/www.w3.org\/2000\/svg\"><path d=\"M500 975V858C696 858 858 696 858 500S696 142 500 142 142 304 142 500H25C25 237 238 25 500 25S975 237 975 500 763 975 500 975Z\"><\/path><\/svg>\t\t\t<\/div>\n\t\t<\/div>\n\t\t\t\t\t\t<\/div>\n\t\t\t\t<\/div>\n\t\t\t\t\t<\/div>\n\t\t\t\t<\/div>\n\t\t<div class=\"elementor-element elementor-element-herorght0 e-con-full e-flex e-con e-child\" data-id=\"herorght0\" data-element_type=\"container\" data-e-type=\"container\">\n\t\t\t\t<div class=\"elementor-element elementor-element-heroimg00 iwg-hero-image elementor-widget elementor-widget-image\" data-id=\"heroimg00\" data-element_type=\"widget\" data-e-type=\"widget\" data-widget_type=\"image.default\">\n\t\t\t\t\t\t\t\t\t\t\t\t\t\t\t<img fetchpriority=\"high\" decoding=\"async\" width=\"683\" height=\"1024\" src=\"https:\/\/iwell-guard.com\/wp-content\/uploads\/2026\/04\/goetter_japan_tsukuyomi-683x1024.webp\" class=\"attachment-large size-large wp-image-136381\" alt=\"Tsukuyomi \u2013 gudar fr\u00e5n den japanska traditionen, historiskt-illustrativ\" srcset=\"https:\/\/iwell-guard.com\/wp-content\/uploads\/2026\/04\/goetter_japan_tsukuyomi-683x1024.webp 683w, https:\/\/iwell-guard.com\/wp-content\/uploads\/2026\/04\/goetter_japan_tsukuyomi-200x300.webp 200w, https:\/\/iwell-guard.com\/wp-content\/uploads\/2026\/04\/goetter_japan_tsukuyomi-768x1152.webp 768w, https:\/\/iwell-guard.com\/wp-content\/uploads\/2026\/04\/goetter_japan_tsukuyomi.webp 1024w\" sizes=\"(max-width: 683px) 100vw, 683px\" \/>\t\t\t\t\t\t\t\t\t\t\t\t\t\t\t<\/div>\n\t\t\t\t<\/div>\n\t\t\t\t\t<\/div>\n\t\t\t\t<\/div>\n\t\t<div class=\"elementor-element elementor-element-32917199 e-flex e-con-boxed e-con e-parent\" data-id=\"32917199\" data-element_type=\"container\" data-e-type=\"container\">\n\t\t\t\t\t<div class=\"e-con-inner\">\n\t\t<div class=\"elementor-element elementor-element-26e916cb e-flex e-con-boxed e-con e-child\" data-id=\"26e916cb\" data-element_type=\"container\" data-e-type=\"container\">\n\t\t\t\t\t<div class=\"e-con-inner\">\n\t\t<div class=\"elementor-element elementor-element-253a40d4 e-flex e-con-boxed e-con e-child\" data-id=\"253a40d4\" data-element_type=\"container\" data-e-type=\"container\">\n\t\t\t\t\t<div class=\"e-con-inner\">\n\t\t\t\t<div class=\"elementor-element elementor-element-1200c304 elementor-widget elementor-widget-heading\" data-id=\"1200c304\" data-element_type=\"widget\" data-e-type=\"widget\" data-widget_type=\"heading.default\">\n\t\t\t\t\t<h2 class=\"elementor-heading-title elementor-size-default\">Tsukuyomi<\/h2>\t\t\t\t<\/div>\n\t\t\t\t\t<\/div>\n\t\t\t\t<\/div>\n\t\t<div class=\"elementor-element elementor-element-159dcf9a e-flex e-con-boxed e-con e-child\" data-id=\"159dcf9a\" data-element_type=\"container\" data-e-type=\"container\">\n\t\t\t\t\t<div class=\"e-con-inner\">\n\t\t\t\t<div class=\"elementor-element elementor-element-48cee66f elementor-widget elementor-widget-heading\" data-id=\"48cee66f\" data-element_type=\"widget\" data-e-type=\"widget\" data-widget_type=\"heading.default\">\n\t\t\t\t\t<h2 class=\"elementor-heading-title elementor-size-default\">Kortprofil: Tsukuyomi<\/h2>\t\t\t\t<\/div>\n\t\t\t\t<div class=\"elementor-element elementor-element-3f50d82c elementor-widget elementor-widget-text-editor\" data-id=\"3f50d82c\" data-element_type=\"widget\" data-e-type=\"widget\" data-widget_type=\"text-editor.default\">\n\t\t\t\t\t\t\t\t\t<p><strong>Typ:<\/strong> Japansk huvudgudom (<span class=\"iwg-fachbegriff\" data-tooltip=\"Japans inhemska religion, pr\u00e4glad av v\u00f6rdnaden f\u00f6r kami.\" tabindex=\"0\">Shinto<\/span>), m\u00e5nguden<br><span class=\"iwg-fachbegriff\" data-tooltip=\"Samlingen av gudar inom en religion eller kultur.\" tabindex=\"0\">Pantheon<\/span>: <span class=\"iwg-fachbegriff\" data-tooltip=\"Japans inhemska religion, pr\u00e4glad av v\u00f6rdnaden f\u00f6r kami.\" tabindex=\"0\">Shinto<\/span><br>Funktion: M\u00e5nen, nattens himmel, tidens g\u00e5ng<br>Huvudattribut: M\u00e5nskiva, svart hovdr\u00e4kt<br>Huvudkultplatser: Tsukiyomi-no-Miya i Ise (tillh\u00f6rande Naiku), Tsukuyomi-helgedomar i Kyoto och Yamashiro<br>Syskon: Amaterasu (solen, syster), Susano-o (stormen, bror)<\/p>\t\t\t\t\t\t\t\t<\/div>\n\t\t\t\t\t<\/div>\n\t\t\t\t<\/div>\n\t\t\t\t\t<\/div>\n\t\t\t\t<\/div>\n\t\t\t\t\t<\/div>\n\t\t\t\t<\/div>\n\t\t<div class=\"elementor-element elementor-element-18613602 e-flex e-con-boxed e-con e-parent\" data-id=\"18613602\" data-element_type=\"container\" data-e-type=\"container\">\n\t\t\t\t\t<div class=\"e-con-inner\">\n\t\t\t\t<div class=\"elementor-element elementor-element-262b8a9f elementor-widget elementor-widget-heading\" data-id=\"262b8a9f\" data-element_type=\"widget\" data-e-type=\"widget\" data-widget_type=\"heading.default\">\n\t\t\t\t\t<h2 class=\"elementor-heading-title elementor-size-default\">Historisk inordning<\/h2>\t\t\t\t<\/div>\n\t\t<div class=\"elementor-element elementor-element-46dcb7d e-con-full e-flex e-con e-child\" data-id=\"46dcb7d\" data-element_type=\"container\" data-e-type=\"container\">\n\t\t<div class=\"elementor-element elementor-element-61d3ab3 e-flex e-con-boxed e-con e-child\" data-id=\"61d3ab3\" data-element_type=\"container\" data-e-type=\"container\">\n\t\t\t\t\t<div class=\"e-con-inner\">\n\t\t\t\t<div class=\"elementor-element elementor-element-117c166 elementor-widget elementor-widget-heading\" data-id=\"117c166\" data-element_type=\"widget\" data-e-type=\"widget\" data-widget_type=\"heading.default\">\n\t\t\t\t\t<h3 class=\"elementor-heading-title elementor-size-default\">Texternas tidsperiod<\/h3>\t\t\t\t<\/div>\n\t\t\t\t<div class=\"elementor-element elementor-element-73997a0 elementor-widget elementor-widget-text-editor\" data-id=\"73997a0\" data-element_type=\"widget\" data-e-type=\"widget\" data-widget_type=\"text-editor.default\">\n\t\t\t\t\t\t\t\t\t<p>Tsukuyomi (jap. <em>Tsukuyomi-no-Mikoto<\/em>, &bdquo;den upph\u00f6jde m\u00e5ntolkaren&ldquo;) \u00e4r sedan 700-talet e.Kr. litter\u00e4rt belagd i <em>Kojiki<\/em> (712) och <em>Nihon shoki<\/em> (720).<\/p><p>Till skillnad fr\u00e5n sin syster Amaterasu \u00e4r han en relativt marginell <span class=\"iwg-fachbegriff\" data-tooltip=\"En varelse som v\u00f6rdas som gudomlig inom en religion.\" tabindex=\"0\">gudom<\/span>. Efter den centrala konflikt-<span class=\"iwg-fachbegriff\" data-tooltip=\"En traderad ber\u00e4ttelse om gudar, ursprung och v\u00e4rldens ordning.\" tabindex=\"0\">myten<\/span> (han m\u00f6rdar Ukemochi, n\u00e4ringsgudinnan) v\u00e4nder Amaterasu sig ifr\u00e5n honom och ser honom aldrig mer, en mytologisk f\u00f6rklaring till att solen och m\u00e5nen inte st\u00e5r tillsammans p\u00e5 himlen.<\/p><p>Hans kults storhetstid f\u00f6rblir m\u00e5ttlig. I modern <span class=\"iwg-fachbegriff\" data-tooltip=\"Japans inhemska religion, pr\u00e4glad av v\u00f6rdnaden f\u00f6r kami.\" tabindex=\"0\">Shinto<\/span> \u00e4r han en perifer men n\u00e4rvarande <span class=\"iwg-fachbegriff\" data-tooltip=\"Inom japansk Shinto de v\u00f6rdade andev\u00e4sen och gudomliga makter.\" tabindex=\"0\">kami<\/span>.<\/p>\t\t\t\t\t\t\t\t<\/div>\n\t\t\t\t\t<\/div>\n\t\t\t\t<\/div>\n\t\t<div class=\"elementor-element elementor-element-d47b156 e-flex e-con-boxed e-con e-child\" data-id=\"d47b156\" data-element_type=\"container\" data-e-type=\"container\">\n\t\t\t\t\t<div class=\"e-con-inner\">\n\t\t\t\t<div class=\"elementor-element elementor-element-ff38c2b elementor-widget elementor-widget-heading\" data-id=\"ff38c2b\" data-element_type=\"widget\" data-e-type=\"widget\" data-widget_type=\"heading.default\">\n\t\t\t\t\t<h3 class=\"elementor-heading-title elementor-size-default\">Utbredningsomr\u00e5de<\/h3>\t\t\t\t<\/div>\n\t\t\t\t<div class=\"elementor-element elementor-element-4e49fcc elementor-widget elementor-widget-text-editor\" data-id=\"4e49fcc\" data-element_type=\"widget\" data-e-type=\"widget\" data-widget_type=\"text-editor.default\">\n\t\t\t\t\t\t\t\t\t<p>Huvudkultplatser: <strong>Tsukiyomi-no-Miya<\/strong> inom Ise-<span class=\"iwg-fachbegriff\" data-tooltip=\"En liten helig f\u00f6rvaringsplats eller andaktsplats.\" tabindex=\"0\">helgedomens<\/span> komplex (tillh\u00f6rande Naiku, Amaterasus inre <span class=\"iwg-fachbegriff\" data-tooltip=\"En helig plats till\u00e4gnad v\u00f6rdnaden av en gudom.\" tabindex=\"0\">helgedom<\/span>, symboliskt f\u00f6rmedlar syskonen inte direkt med varandra). Dessutom finns Tsukuyomi-helgedomar i Kyoto och i det forna Yamashiro-l\u00e4net. Tsukuyomi-v\u00f6rdnad finns i varje <span class=\"iwg-fachbegriff\" data-tooltip=\"Japans inhemska religion, pr\u00e4glad av v\u00f6rdnaden f\u00f6r kami.\" tabindex=\"0\">Shinto<\/span>&#8211;<span class=\"iwg-fachbegriff\" data-tooltip=\"En liten helig f\u00f6rvaringsplats eller andaktsplats.\" tabindex=\"0\">helgedom<\/span> som specialiserar sig p\u00e5 m\u00e5naspekter (relativt s\u00e4llsynt).<\/p>\t\t\t\t\t\t\t\t<\/div>\n\t\t\t\t\t<\/div>\n\t\t\t\t<\/div>\n\t\t\t\t<\/div>\n\t\t<div class=\"elementor-element elementor-element-db03c39 e-con-full e-flex e-con e-child\" data-id=\"db03c39\" data-element_type=\"container\" data-e-type=\"container\">\n\t\t<div class=\"elementor-element elementor-element-229a87b e-flex e-con-boxed e-con e-child\" data-id=\"229a87b\" data-element_type=\"container\" data-e-type=\"container\">\n\t\t\t\t\t<div class=\"e-con-inner\">\n\t\t\t\t<div class=\"elementor-element elementor-element-1f471fc elementor-widget elementor-widget-heading\" data-id=\"1f471fc\" data-element_type=\"widget\" data-e-type=\"widget\" data-widget_type=\"heading.default\">\n\t\t\t\t\t<h3 class=\"elementor-heading-title elementor-size-default\">K\u00e4ll\u00e4ge<\/h3>\t\t\t\t<\/div>\n\t\t\t\t<div class=\"elementor-element elementor-element-36b1201 elementor-widget elementor-widget-text-editor\" data-id=\"36b1201\" data-element_type=\"widget\" data-e-type=\"widget\" data-widget_type=\"text-editor.default\">\n\t\t\t\t\t\t\t\t\t<p>Centrala k\u00e4llor: <em>Kojiki<\/em> (bok I), <em>Nihon shoki<\/em> (bok I), <em>Engi-shiki<\/em>. Sekund\u00e4rlitteratur: Aston, <em><span class=\"iwg-fachbegriff\" data-tooltip=\"Japans inhemska religion, pr\u00e4glad av v\u00f6rdnaden f\u00f6r kami.\" tabindex=\"0\">Shinto<\/span><\/em>; Kanda, <em><span class=\"iwg-fachbegriff\" data-tooltip=\"Japans inhemska religion, pr\u00e4glad av v\u00f6rdnaden f\u00f6r kami.\" tabindex=\"0\">Shinto<\/span> in History<\/em>; Heldt (\u00f6vers.), <em>The Kojiki<\/em>; Bocking, <em>A Popular Dictionary of <span class=\"iwg-fachbegriff\" data-tooltip=\"Japans inhemska religion, pr\u00e4glad av v\u00f6rdnaden f\u00f6r kami.\" tabindex=\"0\">Shinto<\/span><\/em>.<\/p>\t\t\t\t\t\t\t\t<\/div>\n\t\t\t\t\t<\/div>\n\t\t\t\t<\/div>\n\t\t\t\t<\/div>\n\t\t\t\t\t<\/div>\n\t\t\t\t<\/div>\n\t\t<div class=\"elementor-element elementor-element-3ae0637c e-flex e-con-boxed e-con e-parent\" data-id=\"3ae0637c\" data-element_type=\"container\" data-e-type=\"container\">\n\t\t\t\t\t<div class=\"e-con-inner\">\n\t\t\t\t<div class=\"elementor-element elementor-element-31d07739 elementor-widget elementor-widget-heading\" data-id=\"31d07739\" data-element_type=\"widget\" data-e-type=\"widget\" data-widget_type=\"heading.default\">\n\t\t\t\t\t<h2 class=\"elementor-heading-title elementor-size-default\">Namn och varianter<\/h2>\t\t\t\t<\/div>\n\t\t<div class=\"elementor-element elementor-element-b7642947 e-con-full e-flex e-con e-child\" data-id=\"b7642947\" data-element_type=\"container\" data-e-type=\"container\">\n\t\t\t\t<div class=\"elementor-element elementor-element-a086266 elementor-widget elementor-widget-text-editor\" data-id=\"a086266\" data-element_type=\"widget\" data-e-type=\"widget\" data-widget_type=\"text-editor.default\">\n\t\t\t\t\t\t\t\t\t<p>Tsukuyomi avbildas s\u00e4llan, en av de mest underrepresenterade gudomarna i Japan. N\u00e4r han avbildas \u00e4r det elegant, silverskimrande, men p\u00e5 avst\u00e5nd. M\u00e5nen sj\u00e4lv \u00e4r hans kropp och hans spegel.<\/p><p>I ikonografiska system visas han bredvid Amaterasu, men rumsligt avl\u00e4gsen eller \u00e5tskild av himmel\/jord. Hans f\u00f6rg\u00e4nglighets-<span class=\"iwg-fachbegriff\" data-tooltip=\"Ett tecken som representerar en f\u00f6rest\u00e4llning eller betydelse.\" tabindex=\"0\">symbol<\/span> \u00e4r sj\u00e4lva m\u00e5nfascyklerna, nym\u00e5ne, fullm\u00e5ne, det \u00e5terkommande m\u00f6rkret. Silverkl\u00e4dnad och m\u00e5nljus \u00e4r ikonografiska signaturer d\u00e4r han f\u00f6rekommer.<\/p>\t\t\t\t\t\t\t\t<\/div>\n\t\t\t\t<\/div>\n\t\t\t\t\t<\/div>\n\t\t\t\t<\/div>\n\t\t<div class=\"elementor-element elementor-element-709a44a8 e-flex e-con-boxed e-con e-parent\" data-id=\"709a44a8\" data-element_type=\"container\" data-e-type=\"container\">\n\t\t\t\t\t<div class=\"e-con-inner\">\n\t\t\t\t<div class=\"elementor-element elementor-element-2f585873 elementor-widget elementor-widget-heading\" data-id=\"2f585873\" data-element_type=\"widget\" data-e-type=\"widget\" data-widget_type=\"heading.default\">\n\t\t\t\t\t<h2 class=\"elementor-heading-title elementor-size-default\">K\u00e4nnetecken<\/h2>\t\t\t\t<\/div>\n\t\t<div class=\"elementor-element elementor-element-70621c12 e-con-full e-flex e-con e-child\" data-id=\"70621c12\" data-element_type=\"container\" data-e-type=\"container\">\n\t\t\t\t<div class=\"elementor-element elementor-element-4296eb49 elementor-widget elementor-widget-text-editor\" data-id=\"4296eb49\" data-element_type=\"widget\" data-e-type=\"widget\" data-widget_type=\"text-editor.default\">\n\t\t\t\t\t\t\t\t\t<p>Tsukuyomi \u00e4r m\u00e5nen, nattens f\u00f6rvaltare, tidens regent (lun\u00e4rt-kejserlig). Hans huvudfunktion \u00e4r kosmisk-mekanisk: han styr m\u00e5nen och d\u00e4rmed nattens tid, tidvattnet, och f\u00f6r tidigare kulturer tidr\u00e4kningen sj\u00e4lv. Det finns dock n\u00e4stan inga Tsukuyomi-helgedomar, hans v\u00f6rdnad \u00e4r underordnad allm\u00e4nna Shint\u014d-ritualer eller privata hemaltare.<\/p><p>Det filosofiska inneh\u00e5llet \u00e4r djupare \u00e4n v\u00f6rdnaden: Tsukuyomi \u00e4r Japans mytiska <span class=\"iwg-fachbegriff\" data-tooltip=\"Ett tecken som representerar en f\u00f6rest\u00e4llning eller betydelse.\" tabindex=\"0\">symbol<\/span> f\u00f6r det som existerar parallellt men \u00e5tskilt, natten, som \u00e4r motsatsen till det kejserliga ljuset, utan att vara ond. En s\u00f6rjande distans \u00e4r central f\u00f6r hans identitet.<\/p><h3>Utseende och symbolik<\/h3><p><em>Tsukuyomi<\/em> avbildas som en man med blek eller silverf\u00e4rgad hud, ofta h\u00f6ljd i m\u00e5nljus. Hans bild \u00e4r mindre utarbetad \u00e4n Amaterasus eller Susanoos. Han likst\u00e4lls ibland med m\u00e5nen sj\u00e4lv eller visas tronande p\u00e5 m\u00e5nen. Hans f\u00e4rg \u00e4r silver eller bl\u00e5tt.<\/p>\t\t\t\t\t\t\t\t<\/div>\n\t\t\t\t<\/div>\n\t\t\t\t\t<\/div>\n\t\t\t\t<\/div>\n\t\t<div class=\"elementor-element elementor-element-44e71476 e-flex e-con-boxed e-con e-parent\" data-id=\"44e71476\" data-element_type=\"container\" data-e-type=\"container\">\n\t\t\t\t\t<div class=\"e-con-inner\">\n\t\t\t\t<div class=\"elementor-element elementor-element-3c1fc3f0 elementor-widget elementor-widget-heading\" data-id=\"3c1fc3f0\" data-element_type=\"widget\" data-e-type=\"widget\" data-widget_type=\"heading.default\">\n\t\t\t\t\t<h2 class=\"elementor-heading-title elementor-size-default\">Steckbrief: Tsukuyomi<\/h2>\t\t\t\t<\/div>\n\t\t<div class=\"elementor-element elementor-element-84f33b8e e-con-full e-flex e-con e-child\" data-id=\"84f33b8e\" data-element_type=\"container\" data-e-type=\"container\">\n\t\t\t\t<div class=\"elementor-element elementor-element-hqkdc67p elementor-widget elementor-widget-text-editor\" data-id=\"hqkdc67p\" data-element_type=\"widget\" data-e-type=\"widget\" data-widget_type=\"text-editor.default\">\n\t\t\t\t\t\t\t\t\t<p>De viktigaste aspekterna av Tsukuyomi i sammandrag. F\u00f6ljande f\u00e4lt sammanfattar ursprung, funktion, utseende, v\u00f6rdnad, symboler och kulturella paralleller.<\/p>\t\t\t\t\t\t\t\t<\/div>\n\t\t\t\t<\/div>\n\t\t<div class=\"elementor-element elementor-element-pemmx7c5 e-con-full e-flex e-con e-child\" data-id=\"pemmx7c5\" data-element_type=\"container\" data-e-type=\"container\">\n\t\t<div class=\"elementor-element elementor-element-pemmx7c1 e-con-full e-flex e-con e-child\" data-id=\"pemmx7c1\" data-element_type=\"container\" data-e-type=\"container\">\n\t\t<div class=\"elementor-element elementor-element-qh9oavvu iwg-steckbrief-card e-flex e-con-boxed e-con e-child\" data-id=\"qh9oavvu\" data-element_type=\"container\" data-e-type=\"container\">\n\t\t\t\t\t<div class=\"e-con-inner\">\n\t\t\t\t<div class=\"elementor-element elementor-element-awzx8k2k elementor-widget elementor-widget-heading\" data-id=\"awzx8k2k\" data-element_type=\"widget\" data-e-type=\"widget\" data-widget_type=\"heading.default\">\n\t\t\t\t\t<div class=\"elementor-heading-title elementor-size-default\">Kulturell kontext<\/div>\t\t\t\t<\/div>\n\t\t\t\t<div class=\"elementor-element elementor-element-x6rowhv0 elementor-widget elementor-widget-text-editor\" data-id=\"x6rowhv0\" data-element_type=\"widget\" data-e-type=\"widget\" data-widget_type=\"text-editor.default\">\n\t\t\t\t\t\t\t\t\t<p>Tsukuyomi uppst\u00e5r ur Izanagis h\u00f6gra \u00f6ga n\u00e4r denne renar sig efter \u00e5terkomsten fr\u00e5n Yomi (underjorden), medan Amaterasu uppst\u00e5r ur det v\u00e4nstra \u00f6gat och Susano-o ur n\u00e4san. Bror till Amaterasu (solen) och Susano-o (stormen).<\/p><p>I den centrala <span class=\"iwg-fachbegriff\" data-tooltip=\"En traderad ber\u00e4ttelse om gudar, ursprung och v\u00e4rldens ordning.\" tabindex=\"0\">myten<\/span> m\u00f6rdar han Ukemochi (n\u00e4ringsgudinnan) eftersom hon frambringar maten ur sin kropp, vilket han uppfattar som orent. Amaterasu v\u00e4nder sig d\u00e4refter ifr\u00e5n honom och ser honom aldrig mer.<\/p>\t\t\t\t\t\t\t\t<\/div>\n\t\t\t\t\t<\/div>\n\t\t\t\t<\/div>\n\t\t<div class=\"elementor-element elementor-element-8e3o4kxs iwg-steckbrief-card e-flex e-con-boxed e-con e-child\" data-id=\"8e3o4kxs\" data-element_type=\"container\" data-e-type=\"container\">\n\t\t\t\t\t<div class=\"e-con-inner\">\n\t\t\t\t<div class=\"elementor-element elementor-element-08rkdgov elementor-widget elementor-widget-heading\" data-id=\"08rkdgov\" data-element_type=\"widget\" data-e-type=\"widget\" data-widget_type=\"heading.default\">\n\t\t\t\t\t<div class=\"elementor-heading-title elementor-size-default\">Verkningsobjekt<\/div>\t\t\t\t<\/div>\n\t\t\t\t<div class=\"elementor-element elementor-element-uwjelx8s elementor-widget elementor-widget-text-editor\" data-id=\"uwjelx8s\" data-element_type=\"widget\" data-e-type=\"widget\" data-widget_type=\"text-editor.default\">\n\t\t\t\t\t\t\t\t\t<p>M\u00e5nguden och beskyddare av m\u00e5nens g\u00e5ng. I <span class=\"iwg-fachbegriff\" data-tooltip=\"Japans inhemska religion, pr\u00e4glad av v\u00f6rdnaden f\u00f6r kami.\" tabindex=\"0\">shinto<\/span>-kalendern best\u00e4mmer hans faser de <span class=\"iwg-fachbegriff\" data-tooltip=\"Tillh\u00f6rande ett fastst\u00e4llt religi\u00f6st handlingsf\u00f6rlopp.\" tabindex=\"0\">rituellt<\/span> viktiga m\u00e5ngdagarna. Beskyddare av nattliga aktiviteter och tidr\u00e4kning. I vissa folktraditioner beskyddare av risodling (via m\u00e5nfaserna). I den personliga <span class=\"iwg-fachbegriff\" data-tooltip=\"Summan av de religi\u00f6sa v\u00f6rdnadshandlingar som \u00e4gnas en gudom eller helig gestalt.\" tabindex=\"0\">kulten<\/span> \u00e5kallas han s\u00e4llan direkt, snarare som en bakgrundsn\u00e4rvaro p\u00e5 nattens himmel.<\/p>\t\t\t\t\t\t\t\t<\/div>\n\t\t\t\t\t<\/div>\n\t\t\t\t<\/div>\n\t\t<div class=\"elementor-element elementor-element-jm2n74ec iwg-steckbrief-card e-flex e-con-boxed e-con e-child\" data-id=\"jm2n74ec\" data-element_type=\"container\" data-e-type=\"container\">\n\t\t\t\t\t<div class=\"e-con-inner\">\n\t\t\t\t<div class=\"elementor-element elementor-element-8vufse4c elementor-widget elementor-widget-heading\" data-id=\"8vufse4c\" data-element_type=\"widget\" data-e-type=\"widget\" data-widget_type=\"heading.default\">\n\t\t\t\t\t<div class=\"elementor-heading-title elementor-size-default\">Form<\/div>\t\t\t\t<\/div>\n\t\t\t\t<div class=\"elementor-element elementor-element-mwb9u015 elementor-widget elementor-widget-text-editor\" data-id=\"mwb9u015\" data-element_type=\"widget\" data-e-type=\"widget\" data-widget_type=\"text-editor.default\">\n\t\t\t\t\t\t\t\t\t<p>Tsukuyomi har ingen fastst\u00e4lld ikonografisk framst\u00e4llning, i den ortodoxa <span class=\"iwg-fachbegriff\" data-tooltip=\"Japans inhemska religion, pr\u00e4glad av v\u00f6rdnaden f\u00f6r kami.\" tabindex=\"0\">shinto<\/span>-traditionen undviks avbildning av gudastatyer. I senare bildliga traditioner framst\u00e4lls han som en h\u00f6gtidlig mansgestalt i m\u00f6rk hovdr\u00e4kt med m\u00e5nsk\u00e4ra eller m\u00e5nskiva som attribut. Till skillnad fr\u00e5n Amaterasus varma guldtoner domineras Tsukuyomi av kalla silvertoner.<\/p>\t\t\t\t\t\t\t\t<\/div>\n\t\t\t\t\t<\/div>\n\t\t\t\t<\/div>\n\t\t\t\t<\/div>\n\t\t<div class=\"elementor-element elementor-element-pemmx7c2 e-con-full e-flex e-con e-child\" data-id=\"pemmx7c2\" data-element_type=\"container\" data-e-type=\"container\">\n\t\t<div class=\"elementor-element elementor-element-37ss2yr6 iwg-steckbrief-card e-flex e-con-boxed e-con e-child\" data-id=\"37ss2yr6\" data-element_type=\"container\" data-e-type=\"container\">\n\t\t\t\t\t<div class=\"e-con-inner\">\n\t\t\t\t<div class=\"elementor-element elementor-element-3v0wp3wx elementor-widget elementor-widget-heading\" data-id=\"3v0wp3wx\" data-element_type=\"widget\" data-e-type=\"widget\" data-widget_type=\"heading.default\">\n\t\t\t\t\t<div class=\"elementor-heading-title elementor-size-default\">Verkningsomr\u00e5de<\/div>\t\t\t\t<\/div>\n\t\t\t\t<div class=\"elementor-element elementor-element-w3247g2m elementor-widget elementor-widget-text-editor\" data-id=\"w3247g2m\" data-element_type=\"widget\" data-e-type=\"widget\" data-widget_type=\"text-editor.default\">\n\t\t\t\t\t\t\t\t\t<p><strong>Verksamhetsomr\u00e5de:<\/strong> Tsukuyomi v\u00f6rdas vid Tsukiyomi-no-Miya (Ise) och i de f\u00e5 Tsukuyomi-helgedomarna. I jordbrukstraditionen spelar hans m\u00e5nfaser en roll (riss\u00e5dd, s\u00e5dtider). I den personliga <span class=\"iwg-fachbegriff\" data-tooltip=\"Summan av de religi\u00f6sa v\u00f6rdnadshandlingar som \u00e4gnas en gudom eller helig gestalt.\" tabindex=\"0\">kulten<\/span> \u00e4r han snarare perifer. I modern anime och manga tolkas han ofta som en g\u00e5tfull, kylig karakt\u00e4r.<\/p>\t\t\t\t\t\t\t\t<\/div>\n\t\t\t\t\t<\/div>\n\t\t\t\t<\/div>\n\t\t<div class=\"elementor-element elementor-element-0qpjal9w iwg-steckbrief-card e-flex e-con-boxed e-con e-child\" data-id=\"0qpjal9w\" data-element_type=\"container\" data-e-type=\"container\">\n\t\t\t\t\t<div class=\"e-con-inner\">\n\t\t\t\t<div class=\"elementor-element elementor-element-6ndoih0o elementor-widget elementor-widget-heading\" data-id=\"6ndoih0o\" data-element_type=\"widget\" data-e-type=\"widget\" data-widget_type=\"heading.default\">\n\t\t\t\t\t<div class=\"elementor-heading-title elementor-size-default\">Skydd<\/div>\t\t\t\t<\/div>\n\t\t\t\t<div class=\"elementor-element elementor-element-6684tyh9 elementor-widget elementor-widget-text-editor\" data-id=\"6684tyh9\" data-element_type=\"widget\" data-e-type=\"widget\" data-widget_type=\"text-editor.default\">\n\t\t\t\t\t\t\t\t\t<p>M\u00e5nskiva, m\u00e5nsk\u00e4ra, svart eller m\u00f6rkbl\u00e5 hovdr\u00e4kt. Heliga djur: inga specifika. Heliga v\u00e4xter: m\u00e5nanknutna v\u00e4xter (i modern <span class=\"iwg-fachbegriff\" data-tooltip=\"Samlingsbegrepp f\u00f6r l\u00e4ror som g\u00f6r anspr\u00e5k p\u00e5 en dold kunskap, endast tillg\u00e4nglig f\u00f6r invigda.\" tabindex=\"0\">esoterik<\/span>: lotus, m\u00e5nfr\u00f6).<\/p>\t\t\t\t\t\t\t\t<\/div>\n\t\t\t\t\t<\/div>\n\t\t\t\t<\/div>\n\t\t<div class=\"elementor-element elementor-element-3lfi7x32 iwg-steckbrief-card e-flex e-con-boxed e-con e-child\" data-id=\"3lfi7x32\" data-element_type=\"container\" data-e-type=\"container\">\n\t\t\t\t\t<div class=\"e-con-inner\">\n\t\t\t\t<div class=\"elementor-element elementor-element-0kg99ga1 elementor-widget elementor-widget-heading\" data-id=\"0kg99ga1\" data-element_type=\"widget\" data-e-type=\"widget\" data-widget_type=\"heading.default\">\n\t\t\t\t\t<div class=\"elementor-heading-title elementor-size-default\">Besl\u00e4ktade v\u00e4sen<\/div>\t\t\t\t<\/div>\n\t\t\t\t<div class=\"elementor-element elementor-element-n0fum6kp elementor-widget elementor-widget-text-editor\" data-id=\"n0fum6kp\" data-element_type=\"widget\" data-e-type=\"widget\" data-widget_type=\"text-editor.default\">\n\t\t\t\t\t\t\t\t\t<p><em>Selene<\/em> (Grekland, m\u00e5ngudinna, kvinnlig), <em>Luna<\/em> (Rom, kvinnlig), <em>Sin\/Nanna<\/em> (Mesopotamien, m\u00e5ngud, manlig), <em>Khons<\/em> (Egypten, m\u00e5ngud, manlig), <em>Chandra\/Soma<\/em> (Hinduism, m\u00e5ngud, manlig), <em>M\u00e1ni<\/em> (Germansk, m\u00e5ngud, manlig), <em>Yi<\/em> (Kina, m\u00e5ngens b\u00e5gskytt). Liksom i de flesta \u00f6stasiatiska, indoeuropeiska och semitiska traditioner \u00e4r m\u00e5nen h\u00e4r manlig (till skillnad fr\u00e5n den kvinnliga solen).<\/p>\t\t\t\t\t\t\t\t<\/div>\n\t\t\t\t\t<\/div>\n\t\t\t\t<\/div>\n\t\t\t\t<\/div>\n\t\t\t\t<\/div>\n\t\t\t\t\t<\/div>\n\t\t\t\t<\/div>\n\t\t<div class=\"elementor-element elementor-element-7533bc7a e-flex e-con-boxed e-con e-parent\" data-id=\"7533bc7a\" data-element_type=\"container\" data-e-type=\"container\">\n\t\t\t\t\t<div class=\"e-con-inner\">\n\t\t\t\t<div class=\"elementor-element elementor-element-2447d18d elementor-widget elementor-widget-heading\" data-id=\"2447d18d\" data-element_type=\"widget\" data-e-type=\"widget\" data-widget_type=\"heading.default\">\n\t\t\t\t\t<h2 class=\"elementor-heading-title elementor-size-default\">Skyddspraxis<\/h2>\t\t\t\t<\/div>\n\t\t<div class=\"elementor-element elementor-element-d5d0260c e-con-full e-flex e-con e-child\" data-id=\"d5d0260c\" data-element_type=\"container\" data-e-type=\"container\">\n\t\t\t\t<div class=\"elementor-element elementor-element-341be2ac elementor-widget elementor-widget-text-editor\" data-id=\"341be2ac\" data-element_type=\"widget\" data-e-type=\"widget\" data-widget_type=\"text-editor.default\">\n\t\t\t\t\t\t\t\t\t<h3>V\u00f6rdnadsritualer<\/h3><p>Tsukuyomi-no-Mikoto (jap. \u6708\u8aad\u547d, \u201eM\u00e5nl\u00e4sande h\u00f6ghet&#8221;) \u00e4r m\u00e5nguden, bror till Amaterasu och Susanoo. Han f\u00f6ddes ur Izanagis h\u00f6gra \u00f6ga (Kojiki I, kap. 11). J\u00e4mf\u00f6rt med Amaterasu och Susanoo \u00e4r hans <span class=\"iwg-fachbegriff\" data-tooltip=\"Summan av de religi\u00f6sa v\u00f6rdnadshandlingar som \u00e4gnas en gudom eller helig gestalt.\" tabindex=\"0\">kult<\/span> f\u00f6ga utvecklad. Huvudhelgedomarna \u00e4r Tsukuyomi-no-Miya (i Ises inre <span class=\"iwg-fachbegriff\" data-tooltip=\"En liten helig f\u00f6rvaringsplats eller andaktsplats.\" tabindex=\"0\">helgedom<\/span>) och Tsukuyomi-<span class=\"iwg-fachbegriff\" data-tooltip=\"En liten helig f\u00f6rvaringsplats eller andaktsplats.\" tabindex=\"0\">helgedomen<\/span> i Yamashiro.<\/p><p>Tsukimi (m\u00e5nbetraktningsfesten, den 15:e dagen i den 8:e m\u00e5nm\u00e5naden) \u00e4r <span class=\"iwg-fachbegriff\" data-tooltip=\"Genom en religi\u00f6s handling \u00f6verl\u00e4mnad \u00e5t det heliga och d\u00e4rmed lyft ur det vardagliga.\" tabindex=\"0\">helgad<\/span> \u00e5t honom, med risbolls<span class=\"iwg-fachbegriff\" data-tooltip=\"G\u00e5va till en gudom f\u00f6r att uttrycka tacksamhet, b\u00f6n eller v\u00f6rdnad.\" tabindex=\"0\">offer<\/span> (<em>tsukimi dango<\/em>) och pampasgr\u00e4s (jfr Picken).<\/p><h3>\u00c5kallanden<\/h3><p>Norito-b\u00f6ner i Tsukuyomi-no-Miya i Ise f\u00f6ljer Ise-ceremonielet. I Man&#8217;y\u014dsh\u016b (700-talet) f\u00f6rekommer Tsukuyomi ofta i k\u00e4rleks- och avskedsdikter. Mytens ber\u00e4ttelse om mordet p\u00e5 matgudinnan Ukemochi (Nihon Shoki) f\u00f6rklarar skiljandet av sol och m\u00e5ne.<\/p><h3>Amuletter och skyddssymboler<\/h3><p>Halvm\u00e5ne- och fullm\u00e5neamuletter av silver anv\u00e4nds som Tsukuyomi-skydd. Under Hagi-m\u00e5nfestivalen st\u00e4lls vita risbollar (15 stycken, symboliskt f\u00f6r den 15:e m\u00e5ndagen) och sju h\u00f6stgr\u00e4s (<em>aki no nanakusa<\/em>) ut p\u00e5 en veranda. Stenstatyer av m\u00e5nguden finns i shintoistiska helgedomar. Myten om haren i m\u00e5nen tolkas som en Tsukuyomi-<span class=\"iwg-fachbegriff\" data-tooltip=\"En \u00f6verlevererad ber\u00e4ttelse om gudar, ursprung och v\u00e4rldens ordning.\" tabindex=\"0\">myt<\/span>-tillh\u00f6righet.<\/p>\t\t\t\t\t\t\t\t<\/div>\n\t\t\t\t<\/div>\n\t\t\t\t\t<\/div>\n\t\t\t\t<\/div>\n\t\t<div class=\"elementor-element elementor-element-5a584676 e-flex e-con-boxed e-con e-parent\" data-id=\"5a584676\" data-element_type=\"container\" data-e-type=\"container\">\n\t\t\t\t\t<div class=\"e-con-inner\">\n\t\t\t\t<div class=\"elementor-element elementor-element-6d0757bf elementor-widget elementor-widget-heading\" data-id=\"6d0757bf\" data-element_type=\"widget\" data-e-type=\"widget\" data-widget_type=\"heading.default\">\n\t\t\t\t\t<h2 class=\"elementor-heading-title elementor-size-default\">Tsukuyomi, paralleller i andra kulturer<\/h2>\t\t\t\t<\/div>\n\t\t<div class=\"elementor-element elementor-element-60563f68 e-con-full e-flex e-con e-child\" data-id=\"60563f68\" data-element_type=\"container\" data-e-type=\"container\">\n\t\t\t\t<div class=\"elementor-element elementor-element-5a93fdd6 elementor-widget elementor-widget-text-editor\" data-id=\"5a93fdd6\" data-element_type=\"widget\" data-e-type=\"widget\" data-widget_type=\"text-editor.default\">\n\t\t\t\t\t\t\t\t\t<p>Tsukuyomi liknar den grekiska Selene (m\u00e5ngudinna), den romerska Luna och den kinesiska Chang&#8217;e. Till skillnad fr\u00e5n dessa \u00e4r Tsukuyomi manlig och strukturellt fr\u00e5nvarande, mer ett koncept \u00e4n en person. Med den mexikanske Tezcatlipoca delar han den nattliga vildheten (men Tezcatlipoca \u00e4r ond, Tsukuyomi \u00e4r det inte).<\/p><p>Zen-filosofins princip om tomhet eller stillhet liknar Tsukuyomis natur. Unik \u00e4r den kosmiska tragedin: han och Amaterasu \u00e4r egentligen inte s\u00f6ndersplittrade utan strukturellt \u00e5tskilda, eftersom m\u00e5nen och solen inte kan lysa tillsammans p\u00e5 himlen.<\/p>\t\t\t\t\t\t\t\t<\/div>\n\t\t\t\t<\/div>\n\t\t\t\t\t<\/div>\n\t\t\t\t<\/div>\n\t\t<div class=\"elementor-element elementor-element-cp9af9f7f e-flex e-con-boxed e-con e-parent\" data-id=\"cp9af9f7f\" data-element_type=\"container\" data-e-type=\"container\">\n\t\t\t\t\t<div class=\"e-con-inner\">\n\t\t\t\t<div class=\"elementor-element elementor-element-cpe365976 elementor-widget elementor-widget-heading\" data-id=\"cpe365976\" data-element_type=\"widget\" data-e-type=\"widget\" data-widget_type=\"heading.default\">\n\t\t\t\t\t<h2 class=\"elementor-heading-title elementor-size-default\">Tsukuyomi i de \u00e4ldsta k\u00e4llorna<\/h2>\t\t\t\t<\/div>\n\t\t<div class=\"elementor-element elementor-element-cp223bf60 e-con-full e-flex e-con e-child\" data-id=\"cp223bf60\" data-element_type=\"container\" data-e-type=\"container\">\n\t\t\t\t<div class=\"elementor-element elementor-element-cp3567113 elementor-widget elementor-widget-text-editor\" data-id=\"cp3567113\" data-element_type=\"widget\" data-e-type=\"widget\" data-widget_type=\"text-editor.default\">\n\t\t\t\t\t\t\t\t\t<p>Tsukuyomi, m\u00e5nguden i den japanska <span class=\"iwg-fachbegriff\" data-tooltip=\"En \u00f6verl\u00e4mnad ber\u00e4ttelse om gudar, ursprung och v\u00e4rldens ordning.\" tabindex=\"0\">myten<\/span>, \u00e4r omvittnad i de \u00e4ldsta bevarade japanska skrifterna, i <em>Kojiki<\/em> fr\u00e5n \u00e5r 712 och i <em>Nihonshoki<\/em> fr\u00e5n \u00e5r 720. Dessa tv\u00e5 verk \u00e4r huvudk\u00e4llorna f\u00f6r den inhemska japanska <span class=\"iwg-fachbegriff\" data-tooltip=\"Den samlade m\u00e4ngden \u00f6verl\u00e4mnade gudaber\u00e4ttelser inom en kultur.\" tabindex=\"0\">mytologin<\/span>, och allt som med s\u00e4kerhet kan s\u00e4gas om Tsukuyomi h\u00e4rstammar i grunden fr\u00e5n dem.<\/p><p>Tsukuyomi h\u00f6r till de tre barn som skaparguden Izanagi frambringar n\u00e4r han renar sig efter sin \u00e5terkomst fr\u00e5n underjorden.<\/p><p>N\u00e4r han tv\u00e4ttar sitt ansikte uppst\u00e5r tre betydelsefulla gudomligheter: ur v\u00e4nster \u00f6ga solgudinnan <a href=\"https:\/\/iwell-guard.com\/sv\/amaterasu\/\">Amaterasu<\/a>, ur h\u00f6ger \u00f6ga m\u00e5nguden Tsukuyomi och ur n\u00e4san stormguden <a href=\"https:\/\/iwell-guard.com\/sv\/susanoo\/\">Susanoo<\/a>. Izanagi tilldelar sina barn olika herrad\u00f6men; Tsukuyomi f\u00e5r herrav\u00e4ldet \u00f6ver natten, eller \u00f6ver nattens rike.<\/p><p>Det som sl\u00e5r en \u00e4r hur lite k\u00e4llorna ber\u00e4ttar om Tsukuyomi. Medan Amaterasu och Susanoo st\u00e5r i centrum f\u00f6r talrika utf\u00f6rliga ber\u00e4ttelser f\u00f6rblir m\u00e5nguden en skuggartad gestalt. Denna knapphet p\u00e5 k\u00e4llor \u00e4r ett centralt drag i <span class=\"iwg-fachbegriff\" data-tooltip=\"\u00d6verf\u00f6ringen av kunskap och ber\u00e4ttelser genom generationer.\" tabindex=\"0\">\u00f6verl\u00e4mningen<\/span> om Tsukuyomi och b\u00f6r h\u00e5llas i minnet i varje befattning med honom.<\/p><p>Den japanska mytforskningen har \u00f6verv\u00e4gt olika f\u00f6rklaringar till detta, fr\u00e5n antagandet om en ursprungligen sj\u00e4lvst\u00e4ndig, senare undantr\u00e4ngd m\u00e5nkult till tanken att 700-talets sammanst\u00e4llare helt enkelt inte hade tillg\u00e5ng till n\u00e5gon rikare <span class=\"iwg-fachbegriff\" data-tooltip=\"\u00d6verf\u00f6ringen av kunskap och ber\u00e4ttelser genom generationer.\" tabindex=\"0\">\u00f6verl\u00e4mning<\/span>.<\/p>\t\t\t\t\t\t\t\t<\/div>\n\t\t\t\t<\/div>\n\t\t\t\t\t<\/div>\n\t\t\t\t<\/div>\n\t\t<div class=\"elementor-element elementor-element-cp363f27c e-flex e-con-boxed e-con e-parent\" data-id=\"cp363f27c\" data-element_type=\"container\" data-e-type=\"container\">\n\t\t\t\t\t<div class=\"e-con-inner\">\n\t\t\t\t<div class=\"elementor-element elementor-element-cp24ab968 elementor-widget elementor-widget-heading\" data-id=\"cp24ab968\" data-element_type=\"widget\" data-e-type=\"widget\" data-widget_type=\"heading.default\">\n\t\t\t\t\t<h2 class=\"elementor-heading-title elementor-size-default\">Mordet p\u00e5 n\u00e4ringsgudinnan<\/h2>\t\t\t\t<\/div>\n\t\t<div class=\"elementor-element elementor-element-cp6d63763 e-con-full e-flex e-con e-child\" data-id=\"cp6d63763\" data-element_type=\"container\" data-e-type=\"container\">\n\t\t\t\t<div class=\"elementor-element elementor-element-cp83647ce elementor-widget elementor-widget-text-editor\" data-id=\"cp83647ce\" data-element_type=\"widget\" data-e-type=\"widget\" data-widget_type=\"text-editor.default\">\n\t\t\t\t\t\t\t\t\t<p>Den enda sammanh\u00e4ngande ber\u00e4ttelsen d\u00e4r Tsukuyomi upptr\u00e4der som handlande figur finns i <em>Nihonshoki<\/em> och r\u00f6r hans m\u00f6te med matgudinnan Ukemochi. Amaterasu skickar Tsukuyomi till jorden f\u00f6r att upps\u00f6ka denna gudinna. Ukemochi bjuder honom genom att ur sin mun frambringa ris, fisk och vilt och tillreda en m\u00e5ltid \u00e5t honom av detta.<\/p><p>Tsukuyomi upplever detta s\u00e4tt att skapa f\u00f6da som orent och kr\u00e4nkande. Av uppr\u00f6rdhet d\u00f6dar han matgudinnan. Ur hennes kropp uppst\u00e5r d\u00e4refter de viktigaste odlingsv\u00e4xterna och husdjuren: ur huvudet n\u00f6tkreatur och h\u00e4star, ur pannan hirs, ur \u00f6gonen risplantor, ur buken ris, ur k\u00f6nsdelarna vete och b\u00f6nor.<\/p><p>Detta avsnitt tillh\u00f6r en mytisk ber\u00e4ttartyp d\u00e4r kulturv\u00e4xterna uppst\u00e5r ur ett d\u00f6dat v\u00e4sens kropp, en typ som \u00e4ven \u00e4r k\u00e4nd fr\u00e5n andra kulturer.<\/p><p>F\u00f6ljderna av handlingen f\u00f6r Tsukuyomi sj\u00e4lv \u00e4r betydelsefulla. N\u00e4r Amaterasu f\u00e5r veta om mordet blir hon s\u00e5 f\u00f6rbittrad att hon bryter med sin bror och f\u00f6rklarar att hon inte l\u00e4ngre vill se honom. Sedan dess, f\u00f6rklarar <span class=\"iwg-fachbegriff\" data-tooltip=\"En \u00f6verlevererad ber\u00e4ttelse om gudar, ursprung och v\u00e4rldens ordning.\" tabindex=\"0\">myten<\/span>, \u00e4r sol och m\u00e5ne skilda \u00e5t och visar sig p\u00e5 himlen vid olika tider, utan att n\u00e5gonsin m\u00f6tas.<\/p><p>Denna ber\u00e4ttelse \u00e4r d\u00e4rmed ocks\u00e5 en etiologisk <span class=\"iwg-fachbegriff\" data-tooltip=\"En \u00f6verlevererad ber\u00e4ttelse om gudar, ursprung och v\u00e4rldens ordning.\" tabindex=\"0\">myt<\/span> som f\u00f6rklarar skiljandet av dag och natt. I <em>Kojiki<\/em> tillskrivs f\u00f6r \u00f6vrigt en mycket liknande historia inte Tsukuyomi utan Susanoo, en skillnad mellan de b\u00e5da huvudk\u00e4llorna som har sysselsatt forskningen och som manar till f\u00f6rsiktighet i alla p\u00e5st\u00e5enden om m\u00e5nguden.<\/p>\t\t\t\t\t\t\t\t<\/div>\n\t\t\t\t<\/div>\n\t\t\t\t\t<\/div>\n\t\t\t\t<\/div>\n\t\t<div class=\"elementor-element elementor-element-cpca14aa2 e-flex e-con-boxed e-con e-parent\" data-id=\"cpca14aa2\" data-element_type=\"container\" data-e-type=\"container\">\n\t\t\t\t\t<div class=\"e-con-inner\">\n\t\t\t\t<div class=\"elementor-element elementor-element-cp9c094c9 elementor-widget elementor-widget-heading\" data-id=\"cp9c094c9\" data-element_type=\"widget\" data-e-type=\"widget\" data-widget_type=\"heading.default\">\n\t\t\t\t\t<h2 class=\"elementor-heading-title elementor-size-default\">Kult, helgedomar och problemet med k\u00e4ll\u00e4get<\/h2>\t\t\t\t<\/div>\n\t\t<div class=\"elementor-element elementor-element-cp8dae402 e-con-full e-flex e-con e-child\" data-id=\"cp8dae402\" data-element_type=\"container\" data-e-type=\"container\">\n\t\t\t\t<div class=\"elementor-element elementor-element-cp89ea3f1 elementor-widget elementor-widget-text-editor\" data-id=\"cp89ea3f1\" data-element_type=\"widget\" data-e-type=\"widget\" data-widget_type=\"text-editor.default\">\n\t\t\t\t\t\t\t\t\t<p>J\u00e4mf\u00f6rt med Amaterasu, vars v\u00f6rdnad i den stora helgedomen i Ise st\u00e5r i centrum f\u00f6r den japanska gudakulten, har Tsukuyomi endast en blygsam kultisk n\u00e4rvaro. Det finns dock helgedomar som \u00e4r <span class=\"iwg-fachbegriff\" data-tooltip=\"\u00d6verl\u00e4mnad till det heliga genom en religi\u00f6s handling och d\u00e4rmed lyft ur det vardagliga.\" tabindex=\"0\">invigda<\/span> \u00e5t honom.<\/p><p>Inom Ise-helgedomens omr\u00e5de finns birummen som \u00e4r f\u00f6rbundna med Tsukuyomi, och \u00e4ven p\u00e5 andra platser i Japan finns Tsukuyomi-helgedomar, till exempel i regionen kring Kyoto.<\/p><p>M\u00e5nguden svaga kultiska st\u00e4llning st\u00e5r i ett p\u00e5fallande f\u00f6rh\u00e5llande till den betydelse m\u00e5nen annars har i den japanska kulturen. M\u00e5nbetraktning, <em>tsukimi<\/em>, betraktandet av h\u00f6stens fullm\u00e5ne, \u00e4r en fast f\u00f6rankrad kulturell <span class=\"iwg-fachbegriff\" data-tooltip=\"En \u00f6verl\u00e4mnad, i en gemenskap regelbundet upprepad handling.\" tabindex=\"0\">sedv\u00e4nja<\/span>, och m\u00e5nen \u00e4r ett centralt <span class=\"iwg-fachbegriff\" data-tooltip=\"Ett \u00e5terkommande inneh\u00e5llsligt element i konst eller ber\u00e4ttelse.\" tabindex=\"0\">motiv<\/span> i den klassiska japanska diktkonsten.<\/p><p>Denna kulturellt h\u00f6gt v\u00e4rderade m\u00e5ne \u00e4r dock just inte n\u00e4ra f\u00f6rbunden med gestalten guden Tsukuyomi. Den estetiska och den mytologiska syssels\u00e4ttningen med m\u00e5nen f\u00f6rl\u00f6per i Japan i stort sett \u00e5tskilda.<\/p><p>F\u00f6r <span class=\"iwg-fachbegriff\" data-tooltip=\"Vetenskapen som utforskar religioner j\u00e4mf\u00f6rande och utan trosbindning.\" tabindex=\"0\">religionsvetenskapen<\/span> \u00e4r Tsukuyomi framf\u00f6r allt ett l\u00e4rorikt exempel p\u00e5 gr\u00e4nserna f\u00f6r v\u00e5r kunskap. Till skillnad fr\u00e5n m\u00e5nga gudomar, om vilka det finns rika myter, kulttexter och arkeologiska bel\u00e4gg, \u00e4r k\u00e4ll\u00e4get h\u00e4r magert. Seri\u00f6sa utsagor om Tsukuyomi m\u00e5ste st\u00f6dja sig p\u00e5 de f\u00e5 st\u00e4llena i <em>Kojiki<\/em> och <em>Nihonshoki<\/em>, och allt \u00f6vrigt m\u00e5ste betecknas som antagande.<\/p><p>Vissa skildringar som utrustar Tsukuyomi med rika karakt\u00e4rsdrag eller utarbetade historier bygger inte p\u00e5 de gamla k\u00e4llorna utan p\u00e5 modern popul\u00e4rkultur, d\u00e4r m\u00e5nguden som figur onekligen har blivit omtyckt. Denna \u00e5tskillnad mellan \u00f6verl\u00e4mnat fynd och modern gestaltning \u00e4r h\u00e4r s\u00e4rskilt viktig.<\/p>\t\t\t\t\t\t\t\t<\/div>\n\t\t\t\t<\/div>\n\t\t\t\t\t<\/div>\n\t\t\t\t<\/div>\n\t\t<div class=\"elementor-element elementor-element-36dd7469 e-flex e-con-boxed e-con e-parent\" data-id=\"36dd7469\" data-element_type=\"container\" data-e-type=\"container\">\n\t\t\t\t\t<div class=\"e-con-inner\">\n\t\t\t\t<div class=\"elementor-element elementor-element-13760ab4 elementor-widget elementor-widget-heading\" data-id=\"13760ab4\" data-element_type=\"widget\" data-e-type=\"widget\" data-widget_type=\"heading.default\">\n\t\t\t\t\t<h3 class=\"elementor-heading-title elementor-size-default\">Vidare l\u00e4nkar<\/h3>\t\t\t\t<\/div>\n\t\t<div class=\"elementor-element elementor-element-28c87796 e-con-full e-flex e-con e-child\" data-id=\"28c87796\" data-element_type=\"container\" data-e-type=\"container\">\n\t\t\t\t<div class=\"elementor-element elementor-element-5d6538df elementor-widget elementor-widget-text-editor\" data-id=\"5d6538df\" data-element_type=\"widget\" data-e-type=\"widget\" data-widget_type=\"text-editor.default\">\n\t\t\t\t\t\t\t\t\t<ul><li><a href=\"https:\/\/iwell-guard.com\/sv\/amaterasu\/\">Amaterasu, solgudinnans syster<\/a><\/li><li><a href=\"https:\/\/iwell-guard.com\/sv\/japan\/\">Japan, panteon\u00f6versikt<\/a><\/li><li><a href=\"https:\/\/iwell-guard.com\/sv\/gudar\/\">Gudar, klass\u00f6versikt<\/a><\/li><\/ul>\t\t\t\t\t\t\t\t<\/div>\n\t\t\t\t<\/div>\n\t\t\t\t\t<\/div>\n\t\t\t\t<\/div>\n\t\t<div class=\"elementor-element elementor-element-grl4kl40 e-flex e-con-boxed e-con e-parent\" data-id=\"grl4kl40\" data-element_type=\"container\" data-e-type=\"container\">\n\t\t\t\t\t<div class=\"e-con-inner\">\n\t\t\t\t<div class=\"elementor-element elementor-element-bzsbfrmh elementor-widget elementor-widget-heading\" data-id=\"bzsbfrmh\" data-element_type=\"widget\" data-e-type=\"widget\" data-widget_type=\"heading.default\">\n\t\t\t\t\t<h2 class=\"elementor-heading-title elementor-size-default\">K\u00e4llor och litteratur<\/h2>\t\t\t\t<\/div>\n\t\t<div class=\"elementor-element elementor-element-2c13224a e-con-full e-flex e-con e-child\" data-id=\"2c13224a\" data-element_type=\"container\" data-e-type=\"container\">\n\t\t\t\t<div class=\"elementor-element elementor-element-0eymh9ub elementor-widget elementor-widget-text-editor\" data-id=\"0eymh9ub\" data-element_type=\"widget\" data-e-type=\"widget\" data-widget_type=\"text-editor.default\">\n\t\t\t\t\t\t\t\t\t<footer class=\"iwg-literatur\" data-nosnippet=\"true\"><ul><li><span data-nosnippet>Aston, William G.: <em><span class=\"iwg-fachbegriff\" data-tooltip=\"Japans inhemska religion, pr\u00e4glad av dyrkan av kami.\" tabindex=\"0\">Shinto<\/span>. The Way of the Gods<\/em>. London 1905.<\/span><\/li><li><span data-nosnippet>Heldt, Gustav (\u00f6vers.): <em>The Kojiki. An Account of Ancient Matters<\/em>. New York 2014.<\/span><\/li><li>Walde, Christine (utg.): <em>Der Neue Pauly<\/em> (uppslagsordet &bdquo;Tsukuyomi&ldquo;).<\/li><\/ul><\/footer>\n<p class=\"iwg-bib-more\"><span data-nosnippet>Fler standardverk i <a href=\"https:\/\/iwell-guard.com\/sv\/litteratur\/\">litteraturf\u00f6rteckningen<\/a>.<\/span><\/p>\t\t\t\t\t\t\t\t<\/div>\n\t\t\t\t<\/div>\n\t\t\t\t\t<\/div>\n\t\t\t\t<\/div>\n\t\t\t\t<\/div>\n\t\t","protected":false},"excerpt":{"rendered":"","protected":false},"author":3,"featured_media":1606,"parent":0,"menu_order":0,"comment_status":"closed","ping_status":"closed","template":"elementor_header_footer","meta":{"_yoast_wpseo_focuskw":"Tsukuyomi","_yoast_wpseo_title":"Tsukuyomi \u2013 M\u00e5nguden i japansk Shint\u014d","_yoast_wpseo_metadesc":"Tsukuyomi: Tyst kraft, tidm\u00e4tare och den eviga skilsm\u00e4ssan fr\u00e5n Amaterasu. Kosmisk dualitet i Shint\u014d-pantheonet. Myt och kult.","_yoast_wpseo_meta-robots-noindex":"","_yoast_wpseo_canonical":"","_angie_page":false,"gefaehrdungsstufe":"2","wesen_kultur":"japan","wesen_klasse":"goetter","footnotes":""},"categories":[],"class_list":["post-136713","page","type-page","status-publish","has-post-thumbnail","hentry"],"yoast_head":"<!-- This site is optimized with the Yoast SEO Premium plugin v27.7 (Yoast SEO v28.3) - https:\/\/yoast.com\/product\/yoast-seo-premium-wordpress\/ -->\n<title>Tsukuyomi \u2013 M\u00e5nguden i japansk Shint\u014d<\/title>\n<meta name=\"description\" content=\"Tsukuyomi: Tyst kraft, tidm\u00e4tare och den eviga skilsm\u00e4ssan fr\u00e5n Amaterasu. Kosmisk dualitet i Shint\u014d-pantheonet. Myt och kult.\" \/>\n<meta name=\"robots\" content=\"index, follow, max-snippet:-1, max-image-preview:large, max-video-preview:-1\" \/>\n<link rel=\"canonical\" href=\"https:\/\/iwell-guard.com\/sv\/tsukuyomi\/\" \/>\n<meta property=\"og:locale\" content=\"sv_SE\" \/>\n<meta property=\"og:type\" content=\"article\" \/>\n<meta property=\"og:title\" content=\"Tsukuyomi\" \/>\n<meta property=\"og:description\" content=\"Tsukuyomi: Tyst kraft, tidm\u00e4tare och den eviga skilsm\u00e4ssan fr\u00e5n Amaterasu. Kosmisk dualitet i Shint\u014d-pantheonet. Myt och kult.\" \/>\n<meta property=\"og:url\" content=\"https:\/\/iwell-guard.com\/sv\/tsukuyomi\/\" \/>\n<meta property=\"og:site_name\" content=\"iWell Guard\" \/>\n<meta property=\"article:modified_time\" content=\"2026-09-03T01:09:56+00:00\" \/>\n<meta property=\"og:image\" content=\"https:\/\/iwell-guard.com\/wp-content\/uploads\/2026\/04\/goetter_japan_tsukuyomi.webp\" \/>\n\t<meta property=\"og:image:width\" content=\"1024\" \/>\n\t<meta property=\"og:image:height\" content=\"1536\" \/>\n\t<meta property=\"og:image:type\" content=\"image\/webp\" \/>\n<meta name=\"twitter:card\" content=\"summary_large_image\" \/>\n<script type=\"application\/ld+json\" class=\"yoast-schema-graph\">{\"@context\":\"https:\\\/\\\/schema.org\",\"@graph\":[{\"@type\":\"WebPage\",\"@id\":\"https:\\\/\\\/iwell-guard.com\\\/sv\\\/tsukuyomi\\\/\",\"url\":\"https:\\\/\\\/iwell-guard.com\\\/sv\\\/tsukuyomi\\\/\",\"name\":\"Tsukuyomi \u2013 M\u00e5nguden i japansk Shint\u014d\",\"isPartOf\":{\"@id\":\"https:\\\/\\\/iwell-guard.com\\\/sv\\\/#website\"},\"primaryImageOfPage\":{\"@id\":\"https:\\\/\\\/iwell-guard.com\\\/sv\\\/tsukuyomi\\\/#primaryimage\"},\"image\":{\"@id\":\"https:\\\/\\\/iwell-guard.com\\\/sv\\\/tsukuyomi\\\/#primaryimage\"},\"thumbnailUrl\":\"https:\\\/\\\/iwell-guard.com\\\/wp-content\\\/uploads\\\/2026\\\/04\\\/goetter_japan_tsukuyomi.webp\",\"datePublished\":\"2026-09-03T00:09:23+00:00\",\"dateModified\":\"2026-09-03T01:09:56+00:00\",\"description\":\"Tsukuyomi: Tyst kraft, tidm\u00e4tare och den eviga skilsm\u00e4ssan fr\u00e5n Amaterasu. Kosmisk dualitet i Shint\u014d-pantheonet. Myt och kult.\",\"breadcrumb\":{\"@id\":\"https:\\\/\\\/iwell-guard.com\\\/sv\\\/tsukuyomi\\\/#breadcrumb\"},\"inLanguage\":\"sv-SE\",\"potentialAction\":[{\"@type\":\"ReadAction\",\"target\":[\"https:\\\/\\\/iwell-guard.com\\\/sv\\\/tsukuyomi\\\/\"]}]},{\"@type\":\"ImageObject\",\"inLanguage\":\"sv-SE\",\"@id\":\"https:\\\/\\\/iwell-guard.com\\\/sv\\\/tsukuyomi\\\/#primaryimage\",\"url\":\"https:\\\/\\\/iwell-guard.com\\\/wp-content\\\/uploads\\\/2026\\\/04\\\/goetter_japan_tsukuyomi.webp\",\"contentUrl\":\"https:\\\/\\\/iwell-guard.com\\\/wp-content\\\/uploads\\\/2026\\\/04\\\/goetter_japan_tsukuyomi.webp\",\"width\":1024,\"height\":1536,\"caption\":\"Gudar fr\u00e5n den japanska traditionen.\"},{\"@type\":\"BreadcrumbList\",\"@id\":\"https:\\\/\\\/iwell-guard.com\\\/sv\\\/tsukuyomi\\\/#breadcrumb\",\"itemListElement\":[{\"@type\":\"ListItem\",\"position\":1,\"name\":\"Start\",\"item\":\"https:\\\/\\\/iwell-guard.com\\\/sv\\\/?page_id=136483\"},{\"@type\":\"ListItem\",\"position\":2,\"name\":\"Tsukuyomi\"}]},{\"@type\":\"WebSite\",\"@id\":\"https:\\\/\\\/iwell-guard.com\\\/sv\\\/#website\",\"url\":\"https:\\\/\\\/iwell-guard.com\\\/sv\\\/\",\"name\":\"iWell Guard\",\"description\":\"Schutz vor dunklen Einfl\u00fcssen\",\"publisher\":{\"@id\":\"https:\\\/\\\/iwell-guard.com\\\/sv\\\/#organization\"},\"potentialAction\":[{\"@type\":\"SearchAction\",\"target\":{\"@type\":\"EntryPoint\",\"urlTemplate\":\"https:\\\/\\\/iwell-guard.com\\\/sv\\\/?s={search_term_string}\"},\"query-input\":{\"@type\":\"PropertyValueSpecification\",\"valueRequired\":true,\"valueName\":\"search_term_string\"}}],\"inLanguage\":\"sv-SE\"},{\"@type\":\"Organization\",\"@id\":\"https:\\\/\\\/iwell-guard.com\\\/sv\\\/#organization\",\"name\":\"Ittermann electronic GmbH\",\"url\":\"https:\\\/\\\/iwell-guard.com\\\/sv\\\/\",\"logo\":{\"@type\":\"ImageObject\",\"inLanguage\":\"sv-SE\",\"@id\":\"https:\\\/\\\/iwell-guard.com\\\/sv\\\/#\\\/schema\\\/logo\\\/image\\\/\",\"url\":\"https:\\\/\\\/iwell-guard.com\\\/wp-content\\\/uploads\\\/2026\\\/05\\\/Ittermann-Logo-1182x237-1.png\",\"contentUrl\":\"https:\\\/\\\/iwell-guard.com\\\/wp-content\\\/uploads\\\/2026\\\/05\\\/Ittermann-Logo-1182x237-1.png\",\"width\":1182,\"height\":237,\"caption\":\"Ittermann electronic GmbH\"},\"image\":{\"@id\":\"https:\\\/\\\/iwell-guard.com\\\/sv\\\/#\\\/schema\\\/logo\\\/image\\\/\"},\"sameAs\":[\"https:\\\/\\\/pantip.com\\\/profile\\\/9367242\",\"https:\\\/\\\/micro.blog\\\/iwellguard\",\"https:\\\/\\\/www.diggerslist.com\\\/iwellguard\\\/about\",\"https:\\\/\\\/skitterphoto.com\\\/photographers\\\/2870314\\\/iwell-guard\",\"https:\\\/\\\/iwellguard.wordpress.com\\\/2026\\\/06\\\/06\\\/iwell-guard\\\/\",\"https:\\\/\\\/hub.docker.com\\\/u\\\/iwellguard\",\"https:\\\/\\\/www.pinterest.com\\\/iwellguard\\\/\",\"https:\\\/\\\/bit.ly\\\/m\\\/iwellguard\",\"https:\\\/\\\/entre-vos-mains.alsace.eu\\\/profiles\\\/iwellguard\\\/activity\",\"https:\\\/\\\/gravatar.com\\\/reallybeded8fd34\",\"https:\\\/\\\/naijamatta.com\\\/iwellguard\",\"https:\\\/\\\/www.goodreads.com\\\/iwellguard\",\"https:\\\/\\\/profile.hatena.ne.jp\\\/iwellguard\\\/\",\"https:\\\/\\\/experiment.com\\\/users\\\/iwellguard\",\"https:\\\/\\\/wakelet.com\\\/@iWellGuard82270\",\"https:\\\/\\\/www.chordie.com\\\/forum\\\/profile.php?id=2555664\",\"https:\\\/\\\/www.instapaper.com\\\/p\\\/17757966\",\"https:\\\/\\\/www.mapleprimes.com\\\/users\\\/iwellguard\",\"https:\\\/\\\/businesslistingplus.com\\\/profile\\\/iwell-guard\\\/\",\"https:\\\/\\\/telegra.ph\\\/iWell-Guard-06-06\",\"https:\\\/\\\/pbase.com\\\/iwellguard\\\/iwellguard\",\"https:\\\/\\\/b.hatena.ne.jp\\\/iwellguard\\\/20260607#bookmark-4788405196491818882\",\"https:\\\/\\\/fliphtml5.com\\\/home\\\/iwellguard\",\"https:\\\/\\\/anyflip.com\\\/homepage\\\/cmiwl#About\",\"https:\\\/\\\/transfur.com\\\/Users\\\/iwellguard\",\"http:\\\/\\\/delphi.larsbo.org\\\/user\\\/iwellguard\",\"https:\\\/\\\/jobs.lajobsportal.org\\\/profiles\\\/8380803-iwell-guard\",\"https:\\\/\\\/md.chaosdorf.de\\\/s\\\/jfbe5SBdJD\",\"https:\\\/\\\/www.lingvolive.com\\\/en-us\\\/profile\\\/9ecaeaca-ce11-4e51-9e71-01d55e2bff36\\\/translations\",\"https:\\\/\\\/www.fitday.com\\\/fitness\\\/forums\\\/members\\\/iwellguard.html\",\"https:\\\/\\\/www.mymeetbook.com\\\/iwellguard\",\"https:\\\/\\\/pxhere.com\\\/en\\\/photographer-me\\\/5040798\",\"https:\\\/\\\/disqus.com\\\/by\\\/iwellguard\\\/about\\\/\",\"https:\\\/\\\/pastelink.net\\\/hjwciqwq\",\"https:\\\/\\\/pubhtml5.com\\\/homepage\\\/scjhn\\\/\",\"https:\\\/\\\/www.bitchute.com\\\/channel\\\/2O2eOKzNqujT\",\"https:\\\/\\\/audiomack.com\\\/iwellguard\"]},{\"@type\":\"Article\",\"@id\":\"https:\\\/\\\/iwell-guard.com\\\/sv\\\/tsukuyomi\\\/#article\",\"isPartOf\":{\"@id\":\"https:\\\/\\\/iwell-guard.com\\\/sv\\\/tsukuyomi\\\/\"},\"author\":{\"name\":\"Ralf Ittermann\",\"@id\":\"https:\\\/\\\/iwell-guard.com\\\/sv\\\/#\\\/schema\\\/person\\\/ee2a27f1cac3406c7c6fb5820cb7349f\"},\"headline\":\"Tsukuyomi\",\"datePublished\":\"2026-09-03T00:09:23+00:00\",\"dateModified\":\"2026-09-03T01:09:56+00:00\",\"mainEntityOfPage\":{\"@id\":\"https:\\\/\\\/iwell-guard.com\\\/sv\\\/tsukuyomi\\\/\"},\"publisher\":{\"@id\":\"https:\\\/\\\/iwell-guard.com\\\/sv\\\/#organization\"},\"image\":{\"@id\":\"https:\\\/\\\/iwell-guard.com\\\/sv\\\/tsukuyomi\\\/#primaryimage\"},\"thumbnailUrl\":\"https:\\\/\\\/iwell-guard.com\\\/wp-content\\\/uploads\\\/2026\\\/04\\\/goetter_japan_tsukuyomi.webp\",\"inLanguage\":\"sv-SE\",\"description\":\"Tsukuyomi: Tyst kraft, tidm\u00e4tare och den eviga skilsm\u00e4ssan fr\u00e5n Amaterasu. Kosmisk dualitet i Shint\u014d-pantheonet. Myt och kult.\"}]}<\/script>\n<!-- \/ Yoast SEO Premium plugin. -->","yoast_head_json":{"title":"Tsukuyomi \u2013 M\u00e5nguden i japansk Shint\u014d","description":"Tsukuyomi: Tyst kraft, tidm\u00e4tare och den eviga skilsm\u00e4ssan fr\u00e5n Amaterasu. Kosmisk dualitet i Shint\u014d-pantheonet. Myt och kult.","robots":{"index":"index","follow":"follow","max-snippet":"max-snippet:-1","max-image-preview":"max-image-preview:large","max-video-preview":"max-video-preview:-1"},"canonical":"https:\/\/iwell-guard.com\/sv\/tsukuyomi\/","og_locale":"sv_SE","og_type":"article","og_title":"Tsukuyomi","og_description":"Tsukuyomi: Tyst kraft, tidm\u00e4tare och den eviga skilsm\u00e4ssan fr\u00e5n Amaterasu. Kosmisk dualitet i Shint\u014d-pantheonet. Myt och kult.","og_url":"https:\/\/iwell-guard.com\/sv\/tsukuyomi\/","og_site_name":"iWell Guard","article_modified_time":"2026-09-03T01:09:56+00:00","og_image":[{"width":1024,"height":1536,"url":"https:\/\/iwell-guard.com\/wp-content\/uploads\/2026\/04\/goetter_japan_tsukuyomi.webp","type":"image\/webp"}],"twitter_card":"summary_large_image","schema":{"@context":"https:\/\/schema.org","@graph":[{"@type":"Article","@id":"https:\/\/iwell-guard.com\/sv\/tsukuyomi\/#article","isPartOf":{"@id":"https:\/\/iwell-guard.com\/sv\/tsukuyomi\/"},"author":{"name":"Ralf Ittermann","@id":"https:\/\/iwell-guard.com\/sv\/#\/schema\/person\/ee2a27f1cac3406c7c6fb5820cb7349f"},"headline":"Tsukuyomi","datePublished":"2026-09-03T00:09:23+00:00","dateModified":"2026-09-03T01:09:56+00:00","mainEntityOfPage":{"@id":"https:\/\/iwell-guard.com\/sv\/tsukuyomi\/"},"publisher":{"@id":"https:\/\/iwell-guard.com\/sv\/#organization"},"image":{"@id":"https:\/\/iwell-guard.com\/sv\/tsukuyomi\/#primaryimage"},"thumbnailUrl":"https:\/\/iwell-guard.com\/wp-content\/uploads\/2026\/04\/goetter_japan_tsukuyomi.webp","inLanguage":"sv-SE","description":"Tsukuyomi: Tyst kraft, tidm\u00e4tare och den eviga skilsm\u00e4ssan fr\u00e5n Amaterasu. Kosmisk dualitet i Shint\u014d-pantheonet. Myt och kult."},{"@type":"WebPage","@id":"https:\/\/iwell-guard.com\/sv\/tsukuyomi\/","url":"https:\/\/iwell-guard.com\/sv\/tsukuyomi\/","name":"Tsukuyomi \u2013 M\u00e5nguden i japansk Shint\u014d","isPartOf":{"@id":"https:\/\/iwell-guard.com\/sv\/#website"},"primaryImageOfPage":{"@id":"https:\/\/iwell-guard.com\/sv\/tsukuyomi\/#primaryimage"},"image":{"@id":"https:\/\/iwell-guard.com\/sv\/tsukuyomi\/#primaryimage"},"thumbnailUrl":"https:\/\/iwell-guard.com\/wp-content\/uploads\/2026\/04\/goetter_japan_tsukuyomi.webp","datePublished":"2026-09-03T00:09:23+00:00","dateModified":"2026-09-03T01:09:56+00:00","description":"Tsukuyomi: Tyst kraft, tidm\u00e4tare och den eviga skilsm\u00e4ssan fr\u00e5n Amaterasu. Kosmisk dualitet i Shint\u014d-pantheonet. Myt och kult.","breadcrumb":{"@id":"https:\/\/iwell-guard.com\/sv\/tsukuyomi\/#breadcrumb"},"inLanguage":"sv-SE","potentialAction":[{"@type":"ReadAction","target":["https:\/\/iwell-guard.com\/sv\/tsukuyomi\/"]}]},{"@type":"ImageObject","inLanguage":"sv-SE","@id":"https:\/\/iwell-guard.com\/sv\/tsukuyomi\/#primaryimage","url":"https:\/\/iwell-guard.com\/wp-content\/uploads\/2026\/04\/goetter_japan_tsukuyomi.webp","contentUrl":"https:\/\/iwell-guard.com\/wp-content\/uploads\/2026\/04\/goetter_japan_tsukuyomi.webp","width":1024,"height":1536,"caption":"Gudar fr\u00e5n den japanska traditionen."},{"@type":"BreadcrumbList","@id":"https:\/\/iwell-guard.com\/sv\/tsukuyomi\/#breadcrumb","itemListElement":[{"@type":"ListItem","position":1,"name":"Start","item":"https:\/\/iwell-guard.com\/sv\/?page_id=136483"},{"@type":"ListItem","position":2,"name":"Tsukuyomi"}]},{"@type":"WebSite","@id":"https:\/\/iwell-guard.com\/sv\/#website","url":"https:\/\/iwell-guard.com\/sv\/","name":"iWell Guard","description":"Schutz vor dunklen Einfl\u00fcssen","publisher":{"@id":"https:\/\/iwell-guard.com\/sv\/#organization"},"potentialAction":[{"@type":"SearchAction","target":{"@type":"EntryPoint","urlTemplate":"https:\/\/iwell-guard.com\/sv\/?s={search_term_string}"},"query-input":{"@type":"PropertyValueSpecification","valueRequired":true,"valueName":"search_term_string"}}],"inLanguage":"sv-SE"},{"@type":"Organization","@id":"https:\/\/iwell-guard.com\/sv\/#organization","name":"Ittermann electronic GmbH","url":"https:\/\/iwell-guard.com\/sv\/","logo":{"@type":"ImageObject","inLanguage":"sv-SE","@id":"https:\/\/iwell-guard.com\/sv\/#\/schema\/logo\/image\/","url":"https:\/\/iwell-guard.com\/wp-content\/uploads\/2026\/05\/Ittermann-Logo-1182x237-1.png","contentUrl":"https:\/\/iwell-guard.com\/wp-content\/uploads\/2026\/05\/Ittermann-Logo-1182x237-1.png","width":1182,"height":237,"caption":"Ittermann electronic GmbH"},"image":{"@id":"https:\/\/iwell-guard.com\/sv\/#\/schema\/logo\/image\/"},"sameAs":["https:\/\/pantip.com\/profile\/9367242","https:\/\/micro.blog\/iwellguard","https:\/\/www.diggerslist.com\/iwellguard\/about","https:\/\/skitterphoto.com\/photographers\/2870314\/iwell-guard","https:\/\/iwellguard.wordpress.com\/2026\/06\/06\/iwell-guard\/","https:\/\/hub.docker.com\/u\/iwellguard","https:\/\/www.pinterest.com\/iwellguard\/","https:\/\/bit.ly\/m\/iwellguard","https:\/\/entre-vos-mains.alsace.eu\/profiles\/iwellguard\/activity","https:\/\/gravatar.com\/reallybeded8fd34","https:\/\/naijamatta.com\/iwellguard","https:\/\/www.goodreads.com\/iwellguard","https:\/\/profile.hatena.ne.jp\/iwellguard\/","https:\/\/experiment.com\/users\/iwellguard","https:\/\/wakelet.com\/@iWellGuard82270","https:\/\/www.chordie.com\/forum\/profile.php?id=2555664","https:\/\/www.instapaper.com\/p\/17757966","https:\/\/www.mapleprimes.com\/users\/iwellguard","https:\/\/businesslistingplus.com\/profile\/iwell-guard\/","https:\/\/telegra.ph\/iWell-Guard-06-06","https:\/\/pbase.com\/iwellguard\/iwellguard","https:\/\/b.hatena.ne.jp\/iwellguard\/20260607#bookmark-4788405196491818882","https:\/\/fliphtml5.com\/home\/iwellguard","https:\/\/anyflip.com\/homepage\/cmiwl#About","https:\/\/transfur.com\/Users\/iwellguard","http:\/\/delphi.larsbo.org\/user\/iwellguard","https:\/\/jobs.lajobsportal.org\/profiles\/8380803-iwell-guard","https:\/\/md.chaosdorf.de\/s\/jfbe5SBdJD","https:\/\/www.lingvolive.com\/en-us\/profile\/9ecaeaca-ce11-4e51-9e71-01d55e2bff36\/translations","https:\/\/www.fitday.com\/fitness\/forums\/members\/iwellguard.html","https:\/\/www.mymeetbook.com\/iwellguard","https:\/\/pxhere.com\/en\/photographer-me\/5040798","https:\/\/disqus.com\/by\/iwellguard\/about\/","https:\/\/pastelink.net\/hjwciqwq","https:\/\/pubhtml5.com\/homepage\/scjhn\/","https:\/\/www.bitchute.com\/channel\/2O2eOKzNqujT","https:\/\/audiomack.com\/iwellguard"]},{"@type":"Person","@id":"https:\/\/iwell-guard.com\/sv\/#\/schema\/person\/ee2a27f1cac3406c7c6fb5820cb7349f","name":"Ralf Ittermann","image":{"@type":"ImageObject","inLanguage":"sv-SE","@id":"https:\/\/secure.gravatar.com\/avatar\/073c0153e350a5005b68eb752b445fea71f6b24a26da9449ad7e155e6b446c9d?s=96&d=mm&r=g","url":"https:\/\/secure.gravatar.com\/avatar\/073c0153e350a5005b68eb752b445fea71f6b24a26da9449ad7e155e6b446c9d?s=96&d=mm&r=g","contentUrl":"https:\/\/secure.gravatar.com\/avatar\/073c0153e350a5005b68eb752b445fea71f6b24a26da9449ad7e155e6b446c9d?s=96&d=mm&r=g","caption":"Ralf Ittermann"},"givenName":"Ralf","familyName":"Ittermann","jobTitle":"Gesch\u00e4ftsf\u00fchrer und redaktioneller Verantwortlicher","url":"https:\/\/iwell-guard.com\/sv\/author\/claude\/","description":"Ralf Ittermann ist Gesch\u00e4ftsf\u00fchrer der Ittermann electronic GmbH und redaktioneller Verantwortlicher des iWell-Guard-Lexikons. Er verbindet langj\u00e4hrige Erfahrung in der Pr\u00e4zisionsfertigung mit medialer Praxis und religionsgeschichtlicher Quellenarbeit.","worksFor":{"@type":"Organization","name":"Ittermann electronic GmbH","url":"https:\/\/ittermann.de\/","address":{"@type":"PostalAddress","streetAddress":"K\u00f6hlergasse 16-18","postalCode":"99842","addressLocality":"Ruhla","addressCountry":"DE"}},"knowsAbout":["Religionsgeschichte","Mythologie","Mediale Praxis","Energetische Diagnostik","Schutzpraxis","Volksglauben","Westliche Esoterik"]},{"@type":"Article","@id":"https:\/\/iwell-guard.com\/sv\/tsukuyomi\/#article","isPartOf":{"@id":"https:\/\/iwell-guard.com\/sv\/tsukuyomi\/"},"author":{"name":"Ralf Ittermann","@id":"https:\/\/iwell-guard.com\/sv\/#\/schema\/person\/ee2a27f1cac3406c7c6fb5820cb7349f"},"headline":"Tsukuyomi","datePublished":"2026-09-03T00:09:23+00:00","dateModified":"2026-09-03T01:09:56+00:00","mainEntityOfPage":{"@id":"https:\/\/iwell-guard.com\/sv\/tsukuyomi\/"},"publisher":{"@id":"https:\/\/iwell-guard.com\/sv\/#organization"},"image":{"@id":"https:\/\/iwell-guard.com\/sv\/tsukuyomi\/#primaryimage"},"thumbnailUrl":"https:\/\/iwell-guard.com\/wp-content\/uploads\/2026\/04\/goetter_japan_tsukuyomi.webp","inLanguage":"sv-SE","description":"Tsukuyomi: Tyst kraft, tidm\u00e4tare och den eviga skilsm\u00e4ssan fr\u00e5n Amaterasu. Kosmisk dualitet i Shint\u014d-pantheonet. Myt och kult."}]}},"_links":{"self":[{"href":"https:\/\/iwell-guard.com\/sv\/wp-json\/wp\/v2\/pages\/136713","targetHints":{"allow":["GET"]}}],"collection":[{"href":"https:\/\/iwell-guard.com\/sv\/wp-json\/wp\/v2\/pages"}],"about":[{"href":"https:\/\/iwell-guard.com\/sv\/wp-json\/wp\/v2\/types\/page"}],"author":[{"embeddable":true,"href":"https:\/\/iwell-guard.com\/sv\/wp-json\/wp\/v2\/users\/3"}],"replies":[{"embeddable":true,"href":"https:\/\/iwell-guard.com\/sv\/wp-json\/wp\/v2\/comments?post=136713"}],"version-history":[{"count":0,"href":"https:\/\/iwell-guard.com\/sv\/wp-json\/wp\/v2\/pages\/136713\/revisions"}],"wp:featuredmedia":[{"embeddable":true,"href":"https:\/\/iwell-guard.com\/sv\/wp-json\/wp\/v2\/media\/1606"}],"wp:attachment":[{"href":"https:\/\/iwell-guard.com\/sv\/wp-json\/wp\/v2\/media?parent=136713"}],"wp:term":[{"taxonomy":"category","embeddable":true,"href":"https:\/\/iwell-guard.com\/sv\/wp-json\/wp\/v2\/categories?post=136713"}],"curies":[{"name":"wp","href":"https:\/\/api.w.org\/{rel}","templated":true}]}}