{"id":136693,"date":"2026-09-03T00:09:12","date_gmt":"2026-09-03T00:09:12","guid":{"rendered":"https:\/\/iwell-guard.com\/?page_id=136693"},"modified":"2026-09-03T01:09:24","modified_gmt":"2026-09-03T01:09:24","slug":"ate","status":"publish","type":"page","link":"https:\/\/iwell-guard.com\/sv\/ate\/","title":{"rendered":"Ate"},"content":{"rendered":"\t\t<div data-elementor-type=\"wp-page\" data-elementor-id=\"136693\" class=\"elementor elementor-136693 elementor-2043 elementor-bc-flex-widget\" data-elementor-post-type=\"page\">\n\t\t\t\t<div class=\"elementor-element elementor-element-10fdade e-flex e-con-boxed e-con e-parent\" data-id=\"10fdade\" data-element_type=\"container\" data-e-type=\"container\" data-settings=\"{&quot;background_background&quot;:&quot;classic&quot;}\">\n\t\t\t\t\t<div class=\"e-con-inner\">\n\t\t<div class=\"elementor-element elementor-element-herohlft0 e-flex e-con-boxed e-con e-child\" data-id=\"herohlft0\" data-element_type=\"container\" data-e-type=\"container\">\n\t\t\t\t\t<div class=\"e-con-inner\">\n\t\t<div class=\"elementor-element elementor-element-c3ceb64 e-con-full e-flex e-con e-child\" data-id=\"c3ceb64\" data-element_type=\"container\" data-e-type=\"container\">\n\t\t\t\t<div class=\"elementor-element elementor-element-96ae5e1 elementor-widget elementor-widget-heading\" data-id=\"96ae5e1\" data-element_type=\"widget\" data-e-type=\"widget\" data-widget_type=\"heading.default\">\n\t\t\t\t\t<h1 class=\"elementor-heading-title elementor-size-default\">Ate, gudinna i den grekiska traditionen<\/h1>\t\t\t\t<\/div>\n\t\t\t\t<div class=\"elementor-element elementor-element-e45238a elementor-widget elementor-widget-text-editor\" data-id=\"e45238a\" data-element_type=\"widget\" data-e-type=\"widget\" data-widget_type=\"text-editor.default\">\n\t\t\t\t\t\t\t\t\t<p><strong>Gudinnan f\u00f6r f\u00f6rblindelse, olycka och \u00f6desdigra beslut.<\/strong> Ate \u00e4r en m\u00f6rk kraft i den grekiska <span class=\"iwg-fachbegriff\" data-tooltip=\"Den samlade m\u00e4ngden \u00f6verl\u00e4mnade gudaber\u00e4ttelser i en kultur.\" tabindex=\"0\">mytologin<\/span>, inte ond, men f\u00f6rd\u00e4rvbringande.<\/p><p>Hon s\u00e4nder vansinne och felaktiga omd\u00f6men in i hj\u00e4rtan hos hj\u00e4ltar och kungar. Hennes steg \u00e4r tysta, hennes inflytande l\u00f6mskt. Hon vandrar p\u00e5 jorden och leder m\u00e4nniskor mot katastrofer genom att f\u00f6rdunkla deras omd\u00f6me.<\/p>\t\t\t\t\t\t\t\t<\/div>\n\t\t\t\t<\/div>\n\t\t<div class=\"elementor-element elementor-element-klsbdg01 e-con-full e-flex e-con e-parent\" data-id=\"klsbdg01\" data-element_type=\"container\" data-e-type=\"container\">\n\t\t\t\t<div class=\"elementor-element elementor-element-klshtm01 elementor-widget elementor-widget-html\" data-id=\"klshtm01\" data-element_type=\"widget\" data-e-type=\"widget\" data-widget_type=\"html.default\">\n\t\t\t\t\t<div class=\"iwg-pill-row\"><span class=\"iwg-klasse-badge\" tabindex=\"0\" data-tooltip=\"Gud \/ gudinna: Personifierad h\u00f6gsta makt i en kulturs pantheon, med tydliga ansvarsomr\u00e5den, naturkrafter, \u00f6de, krig, fruktbarhet. Dyrkad genom kulter, offer och tempelinstitutioner.\">Gudinna<\/span><a href=\"https:\/\/iwell-guard.com\/sv\/grekland\/\" class=\"iwg-kultur-badge\" tabindex=\"0\" data-tooltip=\"Religion och mytologi i det antika Grekland fr\u00e5n den mykenska tiden till senantiken.\">Grekland<\/a><\/div>\t\t\t\t<\/div>\n\t\t\t\t<\/div>\n\t\t<div class=\"elementor-element elementor-element-3f74855 e-con-full e-flex e-con e-child\" data-id=\"3f74855\" data-element_type=\"container\" data-e-type=\"container\">\n\t\t\t\t<div class=\"elementor-element elementor-element-1c30362 elementor-toc--minimized-on-tablet elementor-widget elementor-widget-table-of-contents\" data-id=\"1c30362\" data-element_type=\"widget\" data-e-type=\"widget\" data-settings=\"{&quot;exclude_headings_by_selector&quot;:[],&quot;no_headings_message&quot;:&quot;Inga rubriker hittades p\\u00e5 den h\\u00e4r sidan.&quot;,&quot;headings_by_tags&quot;:[&quot;h2&quot;,&quot;h3&quot;],&quot;marker_view&quot;:&quot;bullets&quot;,&quot;minimize_box&quot;:&quot;yes&quot;,&quot;icon&quot;:{&quot;value&quot;:&quot;fas fa-circle&quot;,&quot;library&quot;:&quot;fa-solid&quot;,&quot;rendered_tag&quot;:&quot;&lt;svg class=\\&quot;e-font-icon-svg e-fas-circle\\&quot; viewBox=\\&quot;0 0 512 512\\&quot; xmlns=\\&quot;http:\\\/\\\/www.w3.org\\\/2000\\\/svg\\&quot;&gt;&lt;path d=\\&quot;M256 8C119 8 8 119 8 256s111 248 248 248 248-111 248-248S393 8 256 8z\\&quot;&gt;&lt;\\\/path&gt;&lt;\\\/svg&gt;&quot;},&quot;minimized_on&quot;:&quot;tablet&quot;,&quot;hierarchical_view&quot;:&quot;yes&quot;,&quot;min_height&quot;:{&quot;unit&quot;:&quot;px&quot;,&quot;size&quot;:&quot;&quot;,&quot;sizes&quot;:[]},&quot;min_height_tablet&quot;:{&quot;unit&quot;:&quot;px&quot;,&quot;size&quot;:&quot;&quot;,&quot;sizes&quot;:[]},&quot;min_height_mobile&quot;:{&quot;unit&quot;:&quot;px&quot;,&quot;size&quot;:&quot;&quot;,&quot;sizes&quot;:[]}}\" data-widget_type=\"table-of-contents.default\">\n\t\t\t\t\t\t\t\t\t<div class=\"elementor-toc__header\">\n\t\t\t\t\t\t<h2 class=\"elementor-toc__header-title\">\n\t\t\t\tInneh\u00e5llsf\u00f6rteckning\t\t\t<\/h2>\n\t\t\t\t\t\t\t\t\t\t<div class=\"elementor-toc__toggle-button elementor-toc__toggle-button--expand\" role=\"button\" tabindex=\"0\" aria-controls=\"elementor-toc__1c30362\" aria-expanded=\"true\" aria-label=\"\u00d6ppna inneh\u00e5llsf\u00f6rteckning\"><svg aria-hidden=\"true\" class=\"e-font-icon-svg e-fas-chevron-down\" viewBox=\"0 0 448 512\" xmlns=\"http:\/\/www.w3.org\/2000\/svg\"><path d=\"M207.029 381.476L12.686 187.132c-9.373-9.373-9.373-24.569 0-33.941l22.667-22.667c9.357-9.357 24.522-9.375 33.901-.04L224 284.505l154.745-154.021c9.379-9.335 24.544-9.317 33.901.04l22.667 22.667c9.373 9.373 9.373 24.569 0 33.941L240.971 381.476c-9.373 9.372-24.569 9.372-33.942 0z\"><\/path><\/svg><\/div>\n\t\t\t\t<div class=\"elementor-toc__toggle-button elementor-toc__toggle-button--collapse\" role=\"button\" tabindex=\"0\" aria-controls=\"elementor-toc__1c30362\" aria-expanded=\"true\" aria-label=\"St\u00e4ng inneh\u00e5llsf\u00f6rteckning\"><svg aria-hidden=\"true\" class=\"e-font-icon-svg e-fas-chevron-up\" viewBox=\"0 0 448 512\" xmlns=\"http:\/\/www.w3.org\/2000\/svg\"><path d=\"M240.971 130.524l194.343 194.343c9.373 9.373 9.373 24.569 0 33.941l-22.667 22.667c-9.357 9.357-24.522 9.375-33.901.04L224 227.495 69.255 381.516c-9.379 9.335-24.544 9.317-33.901-.04l-22.667-22.667c-9.373-9.373-9.373-24.569 0-33.941L207.03 130.525c9.372-9.373 24.568-9.373 33.941-.001z\"><\/path><\/svg><\/div>\n\t\t\t\t\t<\/div>\n\t\t\t\t<div id=\"elementor-toc__1c30362\" class=\"elementor-toc__body\">\n\t\t\t<div class=\"elementor-toc__spinner-container\">\n\t\t\t\t<svg class=\"elementor-toc__spinner eicon-animation-spin e-font-icon-svg e-eicon-loading\" aria-hidden=\"true\" viewBox=\"0 0 1000 1000\" xmlns=\"http:\/\/www.w3.org\/2000\/svg\"><path d=\"M500 975V858C696 858 858 696 858 500S696 142 500 142 142 304 142 500H25C25 237 238 25 500 25S975 237 975 500 763 975 500 975Z\"><\/path><\/svg>\t\t\t<\/div>\n\t\t<\/div>\n\t\t\t\t\t\t<\/div>\n\t\t\t\t<\/div>\n\t\t\t\t\t<\/div>\n\t\t\t\t<\/div>\n\t\t<div class=\"elementor-element elementor-element-herorght0 e-con-full e-flex e-con e-child\" data-id=\"herorght0\" data-element_type=\"container\" data-e-type=\"container\">\n\t\t\t\t<div class=\"elementor-element elementor-element-heroimg00 iwg-hero-image elementor-widget elementor-widget-image\" data-id=\"heroimg00\" data-element_type=\"widget\" data-e-type=\"widget\" data-widget_type=\"image.default\">\n\t\t\t\t\t\t\t\t\t\t\t\t\t\t\t<img fetchpriority=\"high\" decoding=\"async\" width=\"683\" height=\"1024\" src=\"https:\/\/iwell-guard.com\/wp-content\/uploads\/2026\/04\/goetter_griechenland_ate-683x1024.webp\" class=\"attachment-large size-large wp-image-136407\" alt=\"Ate \u2013 gudar fr\u00e5n den grekiska traditionen, historiskt-illustrativ\" srcset=\"https:\/\/iwell-guard.com\/wp-content\/uploads\/2026\/04\/goetter_griechenland_ate-683x1024.webp 683w, https:\/\/iwell-guard.com\/wp-content\/uploads\/2026\/04\/goetter_griechenland_ate-200x300.webp 200w, https:\/\/iwell-guard.com\/wp-content\/uploads\/2026\/04\/goetter_griechenland_ate-768x1152.webp 768w, https:\/\/iwell-guard.com\/wp-content\/uploads\/2026\/04\/goetter_griechenland_ate.webp 1024w\" sizes=\"(max-width: 683px) 100vw, 683px\" \/>\t\t\t\t\t\t\t\t\t\t\t\t\t\t\t<\/div>\n\t\t\t\t<\/div>\n\t\t\t\t\t<\/div>\n\t\t\t\t<\/div>\n\t\t<div class=\"elementor-element elementor-element-32917199 e-flex e-con-boxed e-con e-parent\" data-id=\"32917199\" data-element_type=\"container\" data-e-type=\"container\">\n\t\t\t\t\t<div class=\"e-con-inner\">\n\t\t<div class=\"elementor-element elementor-element-26e916cb e-flex e-con-boxed e-con e-child\" data-id=\"26e916cb\" data-element_type=\"container\" data-e-type=\"container\">\n\t\t\t\t\t<div class=\"e-con-inner\">\n\t\t<div class=\"elementor-element elementor-element-253a40d4 e-flex e-con-boxed e-con e-child\" data-id=\"253a40d4\" data-element_type=\"container\" data-e-type=\"container\">\n\t\t\t\t\t<div class=\"e-con-inner\">\n\t\t\t\t<div class=\"elementor-element elementor-element-1200c304 elementor-widget elementor-widget-heading\" data-id=\"1200c304\" data-element_type=\"widget\" data-e-type=\"widget\" data-widget_type=\"heading.default\">\n\t\t\t\t\t<h2 class=\"elementor-heading-title elementor-size-default\">Ate<\/h2>\t\t\t\t<\/div>\n\t\t\t\t<div class=\"elementor-element elementor-element-11758e7f elementor-widget elementor-widget-text-editor\" data-id=\"11758e7f\" data-element_type=\"widget\" data-e-type=\"widget\" data-widget_type=\"text-editor.default\">\n\t\t\t\t\t\t\t\t\t<div><p><strong>Ate i Homeros Iliaden: gudinnan f\u00f6r f\u00f6rblindelse och underg\u00e5ng<\/strong><\/p><p>Homeros <em>Iliaden<\/em> 9.502-512 inneh\u00e5ller den klassiska skildringen: Zeus f\u00f6rklarar att Ate, gudinnan f\u00f6r f\u00f6rblindelse och d\u00e5liga r\u00e5d, till och med lurade honom och d\u00e4rf\u00f6r f\u00f6rvisades fr\u00e5n Olympen. Ate representerar of\u00f6rm\u00e5gan att f\u00f6rutse konsekvenser och frestelsen till felaktiga beslut.<\/p><p>I 19.85-138 beskrivs hon utf\u00f6rligt, en gudinna som l\u00e4tt l\u00f6per \u00f6ver jorden och f\u00f6rg\u00f6r hela folk genom att tr\u00e4nga in i de d\u00f6dligas sinnen och f\u00f6rblinda dem.<\/p><p>Denna gudinna \u00e4r f\u00f6r Homeros en kosmologisk kraft. Han bed\u00f6mer henne inte moraliskt, utan uppfattar henne som en verklighet i m\u00e4nniskans ben\u00e4genhet att g\u00f6ra fel. Hon f\u00f6rkroppsligar det tragiska \u00f6det av misstaget, s\u00e4rskilt i krig, d\u00e4r en felaktig order kostar tusentals liv.<\/p><\/div>\t\t\t\t\t\t\t\t<\/div>\n\t\t\t\t\t<\/div>\n\t\t\t\t<\/div>\n\t\t<div class=\"elementor-element elementor-element-159dcf9a e-flex e-con-boxed e-con e-child\" data-id=\"159dcf9a\" data-element_type=\"container\" data-e-type=\"container\">\n\t\t\t\t\t<div class=\"e-con-inner\">\n\t\t\t\t<div class=\"elementor-element elementor-element-48cee66f elementor-widget elementor-widget-heading\" data-id=\"48cee66f\" data-element_type=\"widget\" data-e-type=\"widget\" data-widget_type=\"heading.default\">\n\t\t\t\t\t<h2 class=\"elementor-heading-title elementor-size-default\">Kortprofil: Ate<\/h2>\t\t\t\t<\/div>\n\t\t\t\t<div class=\"elementor-element elementor-element-3f50d82c elementor-widget elementor-widget-text-editor\" data-id=\"3f50d82c\" data-element_type=\"widget\" data-e-type=\"widget\" data-widget_type=\"text-editor.default\">\n\t\t\t\t\t\t\t\t\t<p><strong>Typ:<\/strong> Personifikation<br><strong>Tradition:<\/strong> Grekisk <span class=\"iwg-fachbegriff\" data-tooltip=\"Den samlade m\u00e4ngden \u00f6verl\u00e4mnade gudaber\u00e4ttelser i en kultur.\" tabindex=\"0\">mytologi<\/span><br><strong>Klass:<\/strong> <span class=\"iwg-fachbegriff\" data-tooltip=\"Andligt v\u00e4sen som tillskrivs skadlig eller mots\u00e4gelsefull verkan.\" tabindex=\"0\">Demon<\/span>\/gudinna<br><strong>Roll:<\/strong> F\u00f6rblindelse, f\u00f6rvirring, vansinne<br><strong>K\u00e4llor:<\/strong> Hesiod Theogonie 230, 232, Homer, Apollodor, Platon<br><strong>Verkningsomr\u00e5de:<\/strong> F\u00f6rst\u00e5nd, omd\u00f6me, moralisk f\u00f6rvirring<br><strong>Huvudkonflikt:<\/strong> Gudomlig vilja vs. m\u00e4nsklig f\u00f6rnuft<\/p>\t\t\t\t\t\t\t\t<\/div>\n\t\t\t\t\t<\/div>\n\t\t\t\t<\/div>\n\t\t\t\t\t<\/div>\n\t\t\t\t<\/div>\n\t\t\t\t\t<\/div>\n\t\t\t\t<\/div>\n\t\t<div class=\"elementor-element elementor-element-18613602 e-flex e-con-boxed e-con e-parent\" data-id=\"18613602\" data-element_type=\"container\" data-e-type=\"container\">\n\t\t\t\t\t<div class=\"e-con-inner\">\n\t\t\t\t<div class=\"elementor-element elementor-element-262b8a9f elementor-widget elementor-widget-heading\" data-id=\"262b8a9f\" data-element_type=\"widget\" data-e-type=\"widget\" data-widget_type=\"heading.default\">\n\t\t\t\t\t<h2 class=\"elementor-heading-title elementor-size-default\">Kontext<\/h2>\t\t\t\t<\/div>\n\t\t<div class=\"elementor-element elementor-element-46dcb7d e-con-full e-flex e-con e-child\" data-id=\"46dcb7d\" data-element_type=\"container\" data-e-type=\"container\">\n\t\t<div class=\"elementor-element elementor-element-61d3ab3 e-flex e-con-boxed e-con e-child\" data-id=\"61d3ab3\" data-element_type=\"container\" data-e-type=\"container\">\n\t\t\t\t\t<div class=\"e-con-inner\">\n\t\t\t\t<div class=\"elementor-element elementor-element-117c166 elementor-widget elementor-widget-heading\" data-id=\"117c166\" data-element_type=\"widget\" data-e-type=\"widget\" data-widget_type=\"heading.default\">\n\t\t\t\t\t<h3 class=\"elementor-heading-title elementor-size-default\">Texternas tidsperiod<\/h3>\t\t\t\t<\/div>\n\t\t\t\t<div class=\"elementor-element elementor-element-73997a0 elementor-widget elementor-widget-text-editor\" data-id=\"73997a0\" data-element_type=\"widget\" data-e-type=\"widget\" data-widget_type=\"text-editor.default\">\n\t\t\t\t\t\t\t\t\t<p>Hesiods Theogoni ~700 f.Kr. \u00e4ldsta k\u00e4llan (Ate som dotter till Zeus). Homeros Iliaden IX, 500, 512 ut\u00f6kar karakt\u00e4riseringen. Grekisk tragedi 5:e \u00e5rhundradet f.Kr. (Sofokles, Aischylos) anv\u00e4nder Ate som dramaturgisk kraft. Senare: Platon, Plutarch, stoikerna (Ate som inre f\u00f6rm\u00f6rkelse).<\/p>\t\t\t\t\t\t\t\t<\/div>\n\t\t\t\t\t<\/div>\n\t\t\t\t<\/div>\n\t\t<div class=\"elementor-element elementor-element-d47b156 e-flex e-con-boxed e-con e-child\" data-id=\"d47b156\" data-element_type=\"container\" data-e-type=\"container\">\n\t\t\t\t\t<div class=\"e-con-inner\">\n\t\t\t\t<div class=\"elementor-element elementor-element-ff38c2b elementor-widget elementor-widget-heading\" data-id=\"ff38c2b\" data-element_type=\"widget\" data-e-type=\"widget\" data-widget_type=\"heading.default\">\n\t\t\t\t\t<h3 class=\"elementor-heading-title elementor-size-default\">Utbredningsomr\u00e5de<\/h3>\t\t\t\t<\/div>\n\t\t\t\t<div class=\"elementor-element elementor-element-4e49fcc elementor-widget elementor-widget-text-editor\" data-id=\"4e49fcc\" data-element_type=\"widget\" data-e-type=\"widget\" data-widget_type=\"text-editor.default\">\n\t\t\t\t\t\t\t\t\t<p>Ate h\u00f6r till den gemensamma grekiska mytologiska traditionen och \u00e4r inte bunden till n\u00e5gon best\u00e4md helgedom eller ett best\u00e4mt landskap. Hon \u00e4r fr\u00e4mst belagd i den episka och tragiska diktningen, fr\u00e5n Homeros \u00f6ver Hesiod till Aischylos, vars texter var spridda i hela det grekisktalande medelhavsomr\u00e5det. N\u00e5gon egen kultplats f\u00f6r Ate \u00e4r inte s\u00e4kerst\u00e4lld, men i Ilion kn\u00f6t den lokala traditionen en kulle till hennes fall fr\u00e5n Olympen.<\/p>\t\t\t\t\t\t\t\t<\/div>\n\t\t\t\t\t<\/div>\n\t\t\t\t<\/div>\n\t\t\t\t<\/div>\n\t\t<div class=\"elementor-element elementor-element-db03c39 e-con-full e-flex e-con e-child\" data-id=\"db03c39\" data-element_type=\"container\" data-e-type=\"container\">\n\t\t<div class=\"elementor-element elementor-element-229a87b e-flex e-con-boxed e-con e-child\" data-id=\"229a87b\" data-element_type=\"container\" data-e-type=\"container\">\n\t\t\t\t\t<div class=\"e-con-inner\">\n\t\t\t\t<div class=\"elementor-element elementor-element-1f471fc elementor-widget elementor-widget-heading\" data-id=\"1f471fc\" data-element_type=\"widget\" data-e-type=\"widget\" data-widget_type=\"heading.default\">\n\t\t\t\t\t<h3 class=\"elementor-heading-title elementor-size-default\">K\u00e4ll\u00e4ge<\/h3>\t\t\t\t<\/div>\n\t\t\t\t<div class=\"elementor-element elementor-element-36b1201 elementor-widget elementor-widget-text-editor\" data-id=\"36b1201\" data-element_type=\"widget\" data-e-type=\"widget\" data-widget_type=\"text-editor.default\">\n\t\t\t\t\t\t\t\t\t<p><span data-nosnippet><strong>Prim\u00e4rk\u00e4llor:<\/strong><br><em>Hesiod, Theogoni<\/em> 230, 232<br><em>Homer, Iliaden<\/em> IX, 500, 512<br><em>Sofokles, Elektra<\/em> 621<br><em>Aischylos, Agamemnon<\/em><br><strong>Sekund\u00e4rk\u00e4llor:<\/strong> Burkert, Griechische Religion 1977; Bremmer, Greek Religion 1994; Pauly, Der kleine Pauly; Graf, Greek Mythology 1993<\/span><\/p>\t\t\t\t\t\t\t\t<\/div>\n\t\t\t\t\t<\/div>\n\t\t\t\t<\/div>\n\t\t\t\t<\/div>\n\t\t\t\t\t<\/div>\n\t\t\t\t<\/div>\n\t\t<div class=\"elementor-element elementor-element-3ae0637c e-flex e-con-boxed e-con e-parent\" data-id=\"3ae0637c\" data-element_type=\"container\" data-e-type=\"container\">\n\t\t\t\t\t<div class=\"e-con-inner\">\n\t\t\t\t<div class=\"elementor-element elementor-element-31d07739 elementor-widget elementor-widget-heading\" data-id=\"31d07739\" data-element_type=\"widget\" data-e-type=\"widget\" data-widget_type=\"heading.default\">\n\t\t\t\t\t<h2 class=\"elementor-heading-title elementor-size-default\">Namn och varianter<\/h2>\t\t\t\t<\/div>\n\t\t<div class=\"elementor-element elementor-element-b7642947 e-con-full e-flex e-con e-child\" data-id=\"b7642947\" data-element_type=\"container\" data-e-type=\"container\">\n\t\t\t\t<div class=\"elementor-element elementor-element-a086266 elementor-widget elementor-widget-text-editor\" data-id=\"a086266\" data-element_type=\"widget\" data-e-type=\"widget\" data-widget_type=\"text-editor.default\">\n\t\t\t\t\t\t\t\t\t<p>Ate avbildas s\u00e4llan bildligt, eftersom hennes kraft \u00e4r osynlig. Hon beskrivs som snabbfotad, ofta med vansinne i blicken, och ibland som en kvinnlig <span class=\"iwg-fachbegriff\" tabindex=\"0\" data-tooltip=\"I antikens grekiska en mellanliggande v\u00e4sen mellan gud och m\u00e4nniska, ofta uppfattat som skyddsande eller inre genius.\">daimon<\/span> med m\u00f6rk glans. Hennes symboler \u00e4r f\u00f6rvirring, det falska ordet, det \u00f6desdigra beslutet.<\/p><p>Ibland avbildas hon som uppdragen till himlen (enligt Homeros), d\u00e4r Litai (b\u00f6ner om f\u00f6rl\u00e5telse) l\u00f6per efter henne f\u00f6r att avhj\u00e4lpa skadan. Hennes n\u00e4rvaro \u00e4r en f\u00f6r\u00e4ndring av atmosf\u00e4ren, en f\u00f6rdunkling av omd\u00f6met.<\/p>\t\t\t\t\t\t\t\t<\/div>\n\t\t\t\t<\/div>\n\t\t\t\t\t<\/div>\n\t\t\t\t<\/div>\n\t\t<div class=\"elementor-element elementor-element-709a44a8 e-flex e-con-boxed e-con e-parent\" data-id=\"709a44a8\" data-element_type=\"container\" data-e-type=\"container\">\n\t\t\t\t\t<div class=\"e-con-inner\">\n\t\t\t\t<div class=\"elementor-element elementor-element-2f585873 elementor-widget elementor-widget-heading\" data-id=\"2f585873\" data-element_type=\"widget\" data-e-type=\"widget\" data-widget_type=\"heading.default\">\n\t\t\t\t\t<h2 class=\"elementor-heading-title elementor-size-default\">K\u00e4nnetecken<\/h2>\t\t\t\t<\/div>\n\t\t<div class=\"elementor-element elementor-element-70621c12 e-con-full e-flex e-con e-child\" data-id=\"70621c12\" data-element_type=\"container\" data-e-type=\"container\">\n\t\t\t\t<div class=\"elementor-element elementor-element-4296eb49 elementor-widget elementor-widget-text-editor\" data-id=\"4296eb49\" data-element_type=\"widget\" data-e-type=\"widget\" data-widget_type=\"text-editor.default\">\n\t\t\t\t\t\t\t\t\t<p>Ate fruktas och bek\u00e4mpas, n\u00e5gon aktiv dyrkan finns inte. Hon \u00e5kallas i b\u00f6ner om skydd mot f\u00f6rblindelse. Hon \u00e4r en kraft som m\u00e5ste k\u00e4nnas igen, Sofokles och andra tragedif\u00f6rfattare \u00e4r m\u00e4stare p\u00e5 att visa Ates inflytande p\u00e5 hj\u00e4ltar.<\/p><p>Hon s\u00e4nder <em>at\u00ea<\/em> (f\u00f6rblindelse, d\u00e5rskap) som leder till underg\u00e5ng. I tragedin \u00e4r hon ofta den dolda kraften bakom en hj\u00e4ltes fall. Hennes dyrkan best\u00e5r snarare av ritualer f\u00f6r avv\u00e4rjning: <span class=\"iwg-fachbegriff\" data-tooltip=\"G\u00e5va till en gudom f\u00f6r att uttrycka tacksamhet, b\u00f6n eller v\u00f6rdnad.\" tabindex=\"0\">offer<\/span> f\u00f6r att blidka Litai, b\u00f6ner om klarhet.<\/p><p><strong>Utseende och symbolik<\/strong><\/p><p>Ate avbildas ofta som en blind eller l\u00e4ttfotad gudinna som snabbt ilade \u00f6ver jorden och Olympen, utan \u00e5terv\u00e4ndo. Homeros beskrev henne med guldh\u00e5r, som bedrar och f\u00f6rleder. Hon bar ibland vingar f\u00f6r att understryka sin flyktighet.<\/p><p>Till skillnad fr\u00e5n personifierad ondska var hon snarare den synliggjorda m\u00e4nskliga f\u00f6rblindelsen sj\u00e4lv. Hennes attribut var f\u00f6rvirring, bedr\u00e4geri och f\u00f6rdunkling av f\u00f6rnuftet. Hon stod i n\u00e4ra relation till Nemesis (vederg\u00e4llning), som ofta f\u00f6ljde henne, den som f\u00f6rleddes av Ate m\u00e5ste utst\u00e5 Nemesis straff.<\/p><div><p><strong>Ate hos Hesiod och den aischyleiska tolkningen<\/strong><\/p><p>Hesiods <em>Theogoni<\/em> n\u00e4mner Ate (ibland kallad Eris) som dotter till Natten eller som syster till Ares. Hon \u00e4r inte lika starkt personifierad som Zeus&#8217; Ate hos Homeros, men hennes verkan \u00e4r n\u00e4rvarande: hon s\u00e5r split och olycka.<\/p><p>Aischylos anv\u00e4nder Ate i sina tragedier som ett drivande koncept; <em>Agamemnon<\/em> genomsyras exempelvis av Ate: kungen f\u00f6rblindas av stolthet (<em>hybris<\/em>), varigenom han sk\u00e4ndar <span class=\"iwg-fachbegriff\" data-tooltip=\"En byggnad som anv\u00e4nds f\u00f6r dyrkan av en eller flera gudomar.\" tabindex=\"0\">templet<\/span> och f\u00f6rbannar sin familj.<\/p><p>Aischylos g\u00f6r Ate till bindeledet mellan skuld och straff, och det som en inre moralisk f\u00f6rm\u00f6rkelse snarare \u00e4n en yttre makt. Detta pr\u00e4glar den grekiska tragedin i sin helhet: Ate \u00e4r inget \u00f6de i betydelsen ren oundviklighet. Hon \u00e4r snarare f\u00f6rblindelse, som f\u00f6rbereder skuld och m\u00f6jligg\u00f6r underg\u00e5ng.<\/p><\/div>\t\t\t\t\t\t\t\t<\/div>\n\t\t\t\t<\/div>\n\t\t\t\t\t<\/div>\n\t\t\t\t<\/div>\n\t\t<div class=\"elementor-element elementor-element-44e71476 e-flex e-con-boxed e-con e-parent\" data-id=\"44e71476\" data-element_type=\"container\" data-e-type=\"container\">\n\t\t\t\t\t<div class=\"e-con-inner\">\n\t\t\t\t<div class=\"elementor-element elementor-element-3c1fc3f0 elementor-widget elementor-widget-heading\" data-id=\"3c1fc3f0\" data-element_type=\"widget\" data-e-type=\"widget\" data-widget_type=\"heading.default\">\n\t\t\t\t\t<h2 class=\"elementor-heading-title elementor-size-default\">Signalement: Ate<\/h2>\t\t\t\t<\/div>\n\t\t<div class=\"elementor-element elementor-element-84f33b8e e-con-full e-flex e-con e-child\" data-id=\"84f33b8e\" data-element_type=\"container\" data-e-type=\"container\">\n\t\t\t\t<div class=\"elementor-element elementor-element-hqkdc67p elementor-widget elementor-widget-text-editor\" data-id=\"hqkdc67p\" data-element_type=\"widget\" data-e-type=\"widget\" data-widget_type=\"text-editor.default\">\n\t\t\t\t\t\t\t\t\t<p>Ate \u00e4r i den grekiska mytologin personifikationen av f\u00f6rblindelse, som f\u00f6rleder b\u00e5de gudar och m\u00e4nniskor till obet\u00e4nksamma handlingar. Homeros kallar henne en dotter till Zeus, hos Hesiod framtr\u00e4der hon som dotter till Eris, tvedr\u00e4kten. Hennes verkningsf\u00e4lt \u00e4r \u00f6gonblicket av beslut, d\u00e4r omd\u00f6me och m\u00e5ttfullhet sviker.<\/p>\t\t\t\t\t\t\t\t<\/div>\n\t\t\t\t<\/div>\n\t\t<div class=\"elementor-element elementor-element-pemmx7c5 e-con-full e-flex e-con e-child\" data-id=\"pemmx7c5\" data-element_type=\"container\" data-e-type=\"container\">\n\t\t<div class=\"elementor-element elementor-element-pemmx7c1 e-con-full e-flex e-con e-child\" data-id=\"pemmx7c1\" data-element_type=\"container\" data-e-type=\"container\">\n\t\t<div class=\"elementor-element elementor-element-qh9oavvu iwg-steckbrief-card e-flex e-con-boxed e-con e-child\" data-id=\"qh9oavvu\" data-element_type=\"container\" data-e-type=\"container\">\n\t\t\t\t\t<div class=\"e-con-inner\">\n\t\t\t\t<div class=\"elementor-element elementor-element-awzx8k2k elementor-widget elementor-widget-heading\" data-id=\"awzx8k2k\" data-element_type=\"widget\" data-e-type=\"widget\" data-widget_type=\"heading.default\">\n\t\t\t\t\t<div class=\"elementor-heading-title elementor-size-default\">Kulturell kontext<\/div>\t\t\t\t<\/div>\n\t\t\t\t<div class=\"elementor-element elementor-element-x6rowhv0 elementor-widget elementor-widget-text-editor\" data-id=\"x6rowhv0\" data-element_type=\"widget\" data-e-type=\"widget\" data-widget_type=\"text-editor.default\">\n\t\t\t\t\t\t\t\t\t<p><strong>Genealogi:<\/strong> Dotter till Zeus och Themis (ordningens gudinna). Antites: ordning f\u00f6der f\u00f6rvirring. Ate existerar som en autonom kosmisk kraft, \u00e4ldre \u00e4n medvetna beslut. Verkar p\u00e5 f\u00f6rnuftet innan insikt intr\u00e4der.<\/p>\t\t\t\t\t\t\t\t<\/div>\n\t\t\t\t\t<\/div>\n\t\t\t\t<\/div>\n\t\t<div class=\"elementor-element elementor-element-8e3o4kxs iwg-steckbrief-card e-flex e-con-boxed e-con e-child\" data-id=\"8e3o4kxs\" data-element_type=\"container\" data-e-type=\"container\">\n\t\t\t\t\t<div class=\"e-con-inner\">\n\t\t\t\t<div class=\"elementor-element elementor-element-08rkdgov elementor-widget elementor-widget-heading\" data-id=\"08rkdgov\" data-element_type=\"widget\" data-e-type=\"widget\" data-widget_type=\"heading.default\">\n\t\t\t\t\t<div class=\"elementor-heading-title elementor-size-default\">Avser<\/div>\t\t\t\t<\/div>\n\t\t\t\t<div class=\"elementor-element elementor-element-uwjelx8s elementor-widget elementor-widget-text-editor\" data-id=\"uwjelx8s\" data-element_type=\"widget\" data-e-type=\"widget\" data-widget_type=\"text-editor.default\">\n\t\t\t\t\t\t\t\t\t<p><strong>Funktion:<\/strong> Ate orsakar f\u00f6rblindelse (\u1f04\u03c4\u03b7), en kognitiv-moralisk f\u00f6rm\u00f6rkelse. En oavsiktlig kosmisk kraft, inte ond i aktiv mening. Drabbar fr\u00e4mst h\u00e4rskare och kungar, vars felbeslut utl\u00f6ser kollektiva katastrofer. I tragedin: en generations\u00f6verskridande <span class=\"iwg-fachbegriff\" data-tooltip=\"Ett spr\u00e5kligt formul\u00e4r genom vilket en person eller sak ska drabbas av olycka.\" tabindex=\"0\">f\u00f6rbannelse<\/span>.<\/p>\t\t\t\t\t\t\t\t<\/div>\n\t\t\t\t\t<\/div>\n\t\t\t\t<\/div>\n\t\t<div class=\"elementor-element elementor-element-jm2n74ec iwg-steckbrief-card e-flex e-con-boxed e-con e-child\" data-id=\"jm2n74ec\" data-element_type=\"container\" data-e-type=\"container\">\n\t\t\t\t\t<div class=\"e-con-inner\">\n\t\t\t\t<div class=\"elementor-element elementor-element-8vufse4c elementor-widget elementor-widget-heading\" data-id=\"8vufse4c\" data-element_type=\"widget\" data-e-type=\"widget\" data-widget_type=\"heading.default\">\n\t\t\t\t\t<div class=\"elementor-heading-title elementor-size-default\">Framst\u00e4llning<\/div>\t\t\t\t<\/div>\n\t\t\t\t<div class=\"elementor-element elementor-element-mwb9u015 elementor-widget elementor-widget-text-editor\" data-id=\"mwb9u015\" data-element_type=\"widget\" data-e-type=\"widget\" data-widget_type=\"text-editor.default\">\n\t\t\t\t\t\t\t\t\t<p>Den grekiska konsten har inte utvecklat n\u00e5gon fast bildlig framst\u00e4llning av Ate; hon f\u00f6rblir i f\u00f6rsta hand en diktens gestalt. Homeros beskriver henne som l\u00e4ttfotad: i st\u00e4llet f\u00f6r att ber\u00f6ra marken g\u00e5r hon fram \u00f6ver m\u00e4nniskornas huvuden och f\u00f6rvirrar deras sinne. Iliaden ber\u00e4ttar ocks\u00e5 att Zeus, efter att ha blivit lurad vid Herakles f\u00f6delse, grep henne i h\u00e5ret och kastade henne fr\u00e5n Olympen ner till jorden. Sedan dess verkar hon bland m\u00e4nniskorna.<\/p>\t\t\t\t\t\t\t\t<\/div>\n\t\t\t\t\t<\/div>\n\t\t\t\t<\/div>\n\t\t\t\t<\/div>\n\t\t<div class=\"elementor-element elementor-element-pemmx7c2 e-con-full e-flex e-con e-child\" data-id=\"pemmx7c2\" data-element_type=\"container\" data-e-type=\"container\">\n\t\t<div class=\"elementor-element elementor-element-37ss2yr6 iwg-steckbrief-card e-flex e-con-boxed e-con e-child\" data-id=\"37ss2yr6\" data-element_type=\"container\" data-e-type=\"container\">\n\t\t\t\t\t<div class=\"e-con-inner\">\n\t\t\t\t<div class=\"elementor-element elementor-element-3v0wp3wx elementor-widget elementor-widget-heading\" data-id=\"3v0wp3wx\" data-element_type=\"widget\" data-e-type=\"widget\" data-widget_type=\"heading.default\">\n\t\t\t\t\t<div class=\"elementor-heading-title elementor-size-default\">Funktion<\/div>\t\t\t\t<\/div>\n\t\t\t\t<div class=\"elementor-element elementor-element-w3247g2m elementor-widget elementor-widget-text-editor\" data-id=\"w3247g2m\" data-element_type=\"widget\" data-e-type=\"widget\" data-widget_type=\"text-editor.default\">\n\t\t\t\t\t\t\t\t\t<p><strong>Mytisk verkan:<\/strong> I Homeros Iliaden f\u00f6rblindar Ate Zeus, som sv\u00e4r en helig ed och d\u00e4rmed utl\u00f6ser det trojanska kriget. I Aischylos Agamemnon \u00e4r Ate hos Klytaimnestra och Agamemnon en familje<span class=\"iwg-fachbegriff\" data-tooltip=\"Ett spr\u00e5kligt formul\u00e4r genom vilket en person eller sak ska drabbas av olycka.\" tabindex=\"0\">f\u00f6rbannelse<\/span> \u00f6ver Atreus hus. Exempel: Fa\u00ebton (solvagnens h\u00e4star), Pentheus (Backanterna), Ajax (vansinne). Verkningsomr\u00e5de: krig, blod, sorg, katastrofer.<\/p>\t\t\t\t\t\t\t\t<\/div>\n\t\t\t\t\t<\/div>\n\t\t\t\t<\/div>\n\t\t<div class=\"elementor-element elementor-element-0qpjal9w iwg-steckbrief-card e-flex e-con-boxed e-con e-child\" data-id=\"0qpjal9w\" data-element_type=\"container\" data-e-type=\"container\">\n\t\t\t\t\t<div class=\"e-con-inner\">\n\t\t\t\t<div class=\"elementor-element elementor-element-6ndoih0o elementor-widget elementor-widget-heading\" data-id=\"6ndoih0o\" data-element_type=\"widget\" data-e-type=\"widget\" data-widget_type=\"heading.default\">\n\t\t\t\t\t<div class=\"elementor-heading-title elementor-size-default\">Skyddsmedel<\/div>\t\t\t\t<\/div>\n\t\t\t\t<div class=\"elementor-element elementor-element-6684tyh9 elementor-widget elementor-widget-text-editor\" data-id=\"6684tyh9\" data-element_type=\"widget\" data-e-type=\"widget\" data-widget_type=\"text-editor.default\">\n\t\t\t\t\t\t\t\t\t<p>Som skyddskrafter mot Ate n\u00e4mner Iliaden Litai, de personifierade b\u00f6nerna, som \u00e4r Zeus d\u00f6ttrar och f\u00f6ljer efter f\u00f6rblindelsen f\u00f6r att mildra dess f\u00f6ljder. Den som \u00e4rar Litai och ber om f\u00f6rl\u00e5telse kan enligt Homeros begr\u00e4nsa den skada Ate orsakat; den som avvisar dem drar p\u00e5 sig nytt olycka. Ett konkret amulett mot Ate finns inte belagt i de antika k\u00e4llorna, skyddet ligger i beteendet: besinning, m\u00e5ttfullhet och r\u00e4ttidig gottg\u00f6relse.<\/p>\t\t\t\t\t\t\t\t<\/div>\n\t\t\t\t\t<\/div>\n\t\t\t\t<\/div>\n\t\t<div class=\"elementor-element elementor-element-3lfi7x32 iwg-steckbrief-card e-flex e-con-boxed e-con e-child\" data-id=\"3lfi7x32\" data-element_type=\"container\" data-e-type=\"container\">\n\t\t\t\t\t<div class=\"e-con-inner\">\n\t\t\t\t<div class=\"elementor-element elementor-element-0kg99ga1 elementor-widget elementor-widget-heading\" data-id=\"0kg99ga1\" data-element_type=\"widget\" data-e-type=\"widget\" data-widget_type=\"heading.default\">\n\t\t\t\t\t<div class=\"elementor-heading-title elementor-size-default\">J\u00e4mf\u00f6rbart<\/div>\t\t\t\t<\/div>\n\t\t\t\t<div class=\"elementor-element elementor-element-n0fum6kp elementor-widget elementor-widget-text-editor\" data-id=\"n0fum6kp\" data-element_type=\"widget\" data-e-type=\"widget\" data-widget_type=\"text-editor.default\">\n\t\t\t\t\t\t\t\t\t<p><strong>Besl\u00e4ktade personifikationer i andra kulturer:<\/strong> Den grekiska <em>Ate<\/em> som f\u00f6rblindelsens f\u00f6rkroppsligande har en egen st\u00e4llning i det hellenska t\u00e4nkandet, men kan funktionellt j\u00e4mf\u00f6ras med liknande begrepp i andra traditioner.<\/p><p>I Mesopotamien framtr\u00e4der den akkadiska <em>Namtar<\/em> som personifierat \u00f6de; i den hebreiska traditionen k\u00e4nner Ordspr\u00e5ksboken (<em>Mishlei<\/em>) till hj\u00e4rtats f\u00f6rh\u00e4rdelse som gudomligt straff (jfr faraos f\u00f6rh\u00e4rdelse, Ex 7-14).<\/p><p>I den romerska adaptionen framtr\u00e4der <em>Discordia<\/em> som ett systerbegrepp till de erinyerliknande personifikationerna; <em>Furor<\/em> hos Vergilius (<em>Aeneiden<\/em> I, 294) gestaltar en j\u00e4mf\u00f6rbar blind drivkraft. I den indiska tankekretsen motsvarar <em>Moha<\/em> (f\u00f6rblindelse, f\u00f6rvirring), en av buddhismens tre rotonda, denna komplex.<\/p><p>Viktigt \u00e4r dock att Ate \u00e4r mycket mer \u00e4n en ren personifikation, hon \u00e4r en handlande makt, och hennes f\u00f6rdrivning genom Zeus (Hom. Il. XIX, 91-133) markerar en mytisk brytning mellan den gudomliga sf\u00e4ren och m\u00e4nsklig f\u00f6rvillelse.<\/p>\t\t\t\t\t\t\t\t<\/div>\n\t\t\t\t\t<\/div>\n\t\t\t\t<\/div>\n\t\t\t\t<\/div>\n\t\t\t\t<\/div>\n\t\t\t\t\t<\/div>\n\t\t\t\t<\/div>\n\t\t<div class=\"elementor-element elementor-element-7533bc7a e-flex e-con-boxed e-con e-parent\" data-id=\"7533bc7a\" data-element_type=\"container\" data-e-type=\"container\">\n\t\t\t\t\t<div class=\"e-con-inner\">\n\t\t\t\t<div class=\"elementor-element elementor-element-2447d18d elementor-widget elementor-widget-heading\" data-id=\"2447d18d\" data-element_type=\"widget\" data-e-type=\"widget\" data-widget_type=\"heading.default\">\n\t\t\t\t\t<h2 class=\"elementor-heading-title elementor-size-default\">Avv\u00e4rjning i vardagen<\/h2>\t\t\t\t<\/div>\n\t\t<div class=\"elementor-element elementor-element-d5d0260c e-con-full e-flex e-con e-child\" data-id=\"d5d0260c\" data-element_type=\"container\" data-e-type=\"container\">\n\t\t\t\t<div class=\"elementor-element elementor-element-341be2ac elementor-widget elementor-widget-text-editor\" data-id=\"341be2ac\" data-element_type=\"widget\" data-e-type=\"widget\" data-widget_type=\"text-editor.default\">\n\t\t\t\t\t\t\t\t\t<p><strong>Riter och skydd<\/strong><\/p><p><span class=\"iwg-fachbegriff\" data-tooltip=\"Epok av grekisk och romersk kultur, cirka 800 f.Kr. till 600 e.Kr.\" tabindex=\"0\">Antiken<\/span>: fr\u00e4mst filosofisk-litter\u00e4r. Stoiker f\u00f6respr\u00e5kade sj\u00e4lvbeh\u00e4rskning och insikt. Helgedomar till\u00e4gnade Metis utf\u00f6rde riter f\u00f6r gudomlig insikt. <span class=\"iwg-fachbegriff\" data-tooltip=\"G\u00e5va till en gudom f\u00f6r att uttrycka tacksamhet, en b\u00f6n eller v\u00f6rdnad.\" tabindex=\"0\">Offer<\/span> till Zeus och Themis ans\u00e5gs skydda mot familjef\u00f6rbannelser.<\/p><p><strong>Besv\u00e4rjelser och \u00e5kallanden<\/strong><\/p><p>F\u00e5 direkta besv\u00e4rjelser, Ate var ingen egen <span class=\"iwg-fachbegriff\" data-tooltip=\"Ett v\u00e4sen som dyrkas som gudomligt inom en religion.\" tabindex=\"0\">gudom<\/span>. I tragedin: b\u00f6ner till Athena eller Metis. Stoiska filosofer l\u00e4rde ut inre <span class=\"iwg-fachbegriff\" data-tooltip=\"Ett spr\u00e5kligt ritual avsett att mana fram eller binda en makt.\" tabindex=\"0\">besv\u00e4rjelse<\/span> genom f\u00f6rnuft och dygd.<\/p><p><strong>Amuletter och skyddssymboler<\/strong><\/p><p>Uggle-<span class=\"iwg-fachbegriff\" data-tooltip=\"Ett buret f\u00f6rem\u00e5l som tillskrivs en skyddande, ont avv\u00e4rjande verkan.\" tabindex=\"0\">amulett<\/span> (Athena-<span class=\"iwg-fachbegriff\" data-tooltip=\"Ett tecken som representerar en f\u00f6rest\u00e4llning eller betydelse.\" tabindex=\"0\">symbol<\/span>) ans\u00e5gs skydda mot f\u00f6rblindelse. Stenen \u03bb\u1fc6\u03b8\u03bf\u03bd skulle hj\u00e4lpa till att kasta av sig tidigare Ate. Romerska hush\u00e5ll: skydd mot felaktiga omd\u00f6men inom familjen (Minerva-amuletter).<\/p>\t\t\t\t\t\t\t\t<\/div>\n\t\t\t\t<\/div>\n\t\t\t\t\t<\/div>\n\t\t\t\t<\/div>\n\t\t<div class=\"elementor-element elementor-element-5a584676 e-flex e-con-boxed e-con e-parent\" data-id=\"5a584676\" data-element_type=\"container\" data-e-type=\"container\">\n\t\t\t\t\t<div class=\"e-con-inner\">\n\t\t\t\t<div class=\"elementor-element elementor-element-6d0757bf elementor-widget elementor-widget-heading\" data-id=\"6d0757bf\" data-element_type=\"widget\" data-e-type=\"widget\" data-widget_type=\"heading.default\">\n\t\t\t\t\t<h2 class=\"elementor-heading-title elementor-size-default\">Ate, paralleller i andra kulturer<\/h2>\t\t\t\t<\/div>\n\t\t<div class=\"elementor-element elementor-element-60563f68 e-con-full e-flex e-con e-child\" data-id=\"60563f68\" data-element_type=\"container\" data-e-type=\"container\">\n\t\t\t\t<div class=\"elementor-element elementor-element-5a93fdd6 elementor-widget elementor-widget-text-editor\" data-id=\"5a93fdd6\" data-element_type=\"widget\" data-e-type=\"widget\" data-widget_type=\"text-editor.default\">\n\t\t\t\t\t\t\t\t\t<p>Gudar och demoner av olycka och f\u00f6rblindelse finns \u00f6verallt: Erinyerna (Grekland, h\u00e4mnd), Hekate (f\u00f6rvirring och v\u00e4gsk\u00e4l), Lilith (hebreisk, frestelse till fel). Ates funktion liknar de sanskritiska begreppen <em>avidya<\/em> (okunnighet) eller <em>maya<\/em> (illusion).<\/p><p>Hon delar med Eris (strid) och Nemesis (vederg\u00e4llning) rollen som v\u00e4ktare av kosmisk balans, vars syfte mindre \u00e4r att straffa \u00e4n att tukta hybris. Ates skillnad fr\u00e5n andra olyckskrafter \u00e4r hennes subtilitet: hon f\u00f6rm\u00f6rkar sinnet, inte sinnet sj\u00e4lv.<\/p><div><p><strong>Ate och kosmisk r\u00e4ttvisa hos Euripides och senare f\u00f6rfattare<\/strong><\/p><p>Euripides anv\u00e4nder Ate som begrepp f\u00f6r att f\u00f6rdjupa ironin i den m\u00e4nskliga tragedin. I <em>Backanterna<\/em> till exempel drivs Pentheus av Ate som blindhet inf\u00f6r Dionysos sanning in i sitt f\u00f6rd\u00e4rv. Detta \u00e4r inget straff fr\u00e5n en yttre gud. Det \u00e4r resultatet av hans egen of\u00f6rm\u00e5ga att se.<\/p><p>Platon och senare filosofer integrerade Ate i den teoretiska etiken: hon \u00e4r avsaknaden av <em>phronesis<\/em> (praktisk vishet), den ofullst\u00e4ndiga f\u00f6rst\u00e5elsen som f\u00f6rgiftar beslut.<\/p><p>I denna tolkning blir Ate ett inre psykologiskt tillst\u00e5nd, inte en gudinna, ett begrepp som den moderna psykologin sedan f\u00f6rde vidare. Mytologiskt f\u00f6rblir hon en makt man m\u00e5ste ta p\u00e5 allvar; teologiskt en beskrivning av m\u00e4nniskans ben\u00e4genhet att fela.<\/p><\/div>\t\t\t\t\t\t\t\t<\/div>\n\t\t\t\t<\/div>\n\t\t\t\t\t<\/div>\n\t\t\t\t<\/div>\n\t\t<div class=\"elementor-element elementor-element-cp328a356 e-flex e-con-boxed e-con e-parent\" data-id=\"cp328a356\" data-element_type=\"container\" data-e-type=\"container\">\n\t\t\t\t\t<div class=\"e-con-inner\">\n\t\t\t\t<div class=\"elementor-element elementor-element-cp21dbe71 elementor-widget elementor-widget-heading\" data-id=\"cp21dbe71\" data-element_type=\"widget\" data-e-type=\"widget\" data-widget_type=\"heading.default\">\n\t\t\t\t\t<h2 class=\"elementor-heading-title elementor-size-default\">Ate hos Homeros och fallet fr\u00e5n Olympen<\/h2>\t\t\t\t<\/div>\n\t\t<div class=\"elementor-element elementor-element-cp7b80bb5 e-con-full e-flex e-con e-child\" data-id=\"cp7b80bb5\" data-element_type=\"container\" data-e-type=\"container\">\n\t\t\t\t<div class=\"elementor-element elementor-element-cpff2e3a2 elementor-widget elementor-widget-text-editor\" data-id=\"cpff2e3a2\" data-element_type=\"widget\" data-e-type=\"widget\" data-widget_type=\"text-editor.default\">\n\t\t\t\t\t\t\t\t\t<p>Den tidigaste utf\u00f6rliga skildringen av Ate finns i <em>Iliaden<\/em>. D\u00e4r upptr\u00e4der hon som en handlande gestalt, bortom det abstrakta begreppet f\u00f6r f\u00f6rblindelse.<\/p><p>I den nittonde s\u00e5ngen ber\u00e4ttar Agamemnon, f\u00f6r att f\u00f6rklara sin tvist med Achilleus, en historia d\u00e4r Ate b\u00e4r ansvaret f\u00f6r hans f\u00f6rblindelse. Skulden skjuter han fr\u00e5n sig: Zeus, \u00f6det och Ate som vandrar i m\u00f6rkret hade f\u00f6rvirrat hans f\u00f6rst\u00e5nd.<\/p><p>Ber\u00f6md \u00e4r i detta sammanhang episoden om Ates eget fall.<\/p><p>Homeros ber\u00e4ttar att Zeus sj\u00e4lv en g\u00e5ng blev bedragen av Ate, i samband med Herakles f\u00f6delse, och att han i vredesmod grep henne i h\u00e5ret och kastade henne ner fr\u00e5n Olympen till m\u00e4nniskorna, med eden att hon aldrig mer skulle f\u00e5 \u00e5terv\u00e4nda till himlen.<\/p><p>Sedan den dagen, s\u00e4ger texten, vandrar Ate \u00f6ver m\u00e4nniskornas huvuden och sprider olycka bland de d\u00f6dliga.<\/p><p>Denna ber\u00e4ttelse \u00e4r religionshistoriskt betydelsefull, eftersom den skildrar f\u00f6rblindelsen som en makt som en g\u00e5ng kunde besegra \u00e4ven Zeus, men som nu \u00e4r permanent f\u00f6rvisad till m\u00e4nniskov\u00e4rlden. Ate \u00e4r inte l\u00e4ngre en makt p\u00e5 Olympen, utan ett jordiskt gissel.<\/p><p>Homeros skildrar Ate som l\u00e4ttfotad, eftersom hon i st\u00e4llet f\u00f6r att r\u00f6ra marken skrider fram \u00f6ver m\u00e4nniskornas huvuden och v\u00e5llar dem skada. I <em>Iliaden<\/em> st\u00e4lls hon mot <em>Litai<\/em>, b\u00f6nerna eller \u00e5nger\u00adb\u00f6nerna, som haltar efter henne, lama och skrynkliga, och f\u00f6rs\u00f6ker gottg\u00f6ra den skada Ate har v\u00e5llat.<\/p><p>Denna bild f\u00f6rbinder f\u00f6rblindelsen med fr\u00e5gan om skuld, \u00e5nger och gottg\u00f6relse och g\u00f6r Ate till en av den homeriska diktningens mest slagkraftiga allegoriska gestalter.<\/p>\t\t\t\t\t\t\t\t<\/div>\n\t\t\t\t<\/div>\n\t\t\t\t\t<\/div>\n\t\t\t\t<\/div>\n\t\t<div class=\"elementor-element elementor-element-cp148fd64 e-flex e-con-boxed e-con e-parent\" data-id=\"cp148fd64\" data-element_type=\"container\" data-e-type=\"container\">\n\t\t\t\t\t<div class=\"e-con-inner\">\n\t\t\t\t<div class=\"elementor-element elementor-element-cpd5ff433 elementor-widget elementor-widget-heading\" data-id=\"cpd5ff433\" data-element_type=\"widget\" data-e-type=\"widget\" data-widget_type=\"heading.default\">\n\t\t\t\t\t<h2 class=\"elementor-heading-title elementor-size-default\">Ate i Hesiodos sl\u00e4kttr\u00e4d \u00f6ver de skadliga makterna<\/h2>\t\t\t\t<\/div>\n\t\t<div class=\"elementor-element elementor-element-cpa1df825 e-con-full e-flex e-con e-child\" data-id=\"cpa1df825\" data-element_type=\"container\" data-e-type=\"container\">\n\t\t\t\t<div class=\"elementor-element elementor-element-cp536bd53 elementor-widget elementor-widget-text-editor\" data-id=\"cp536bd53\" data-element_type=\"widget\" data-e-type=\"widget\" data-widget_type=\"text-editor.default\">\n\t\t\t\t\t\t\t\t\t<p>En annan tolkning av Ate ges i Hesiodos <em>Theogonin<\/em>, det stora verket om gudarnas och v\u00e4rldsordningens uppkomst. Hesiodos placerar Ate i en genealogi som tydligt visar vilken sf\u00e4r han tillskriver henne. D\u00e4r framtr\u00e4der Ate som dotter till Eris, stridens och tvedr\u00e4ktens gudinna.<\/p><p>Denna h\u00e4rstamning \u00e4r programmatisk. Enligt Hesiodos frambringar Eris en hel rad m\u00f6rka makter, d\u00e4ribland m\u00f6da, gl\u00f6mska, hunger, sm\u00e4rtor, strider, mordg\u00e4rningar, tvister, falska tal och slutligen Ate, f\u00f6rblindelsen, samt eden som straffar menedarna.<\/p><p>Ate st\u00e5r d\u00e4rmed i en familj som t\u00e4cker hela f\u00e4ltet av socialt onda ting, fr\u00e5n tvedr\u00e4kten \u00f6ver l\u00f6gnen till v\u00e5ldet.<\/p><p>Genom att g\u00f6ra Ate till Eris dotter ger Hesiodos en tolkning av hennes v\u00e4sen. F\u00f6rblindelsen \u00e4r enligt detta ingen tillf\u00e4llig olycka, utan uppst\u00e5r ur striden. D\u00e4r tvedr\u00e4kt r\u00e5der, d\u00e4r v\u00e4xer f\u00f6rblindelsen, och ur f\u00f6rblindelsen f\u00f6ljer ytterligare ondska. Denna genealogi \u00e4r Hesiodos metod att \u00f6vers\u00e4tta abstrakta samband till sl\u00e4ktskapsf\u00f6rh\u00e5llanden.<\/p><p>Anm\u00e4rkningsv\u00e4rt \u00e4r att Homeros och Hesiodos placerar Ate p\u00e5 olika s\u00e4tt. Homeros binder henne till Zeus och Olympen och ber\u00e4ttar om hennes fall, medan Hesiodos placerar henne i sl\u00e4kttr\u00e4det \u00f6ver de pl\u00e5gor som Eris har frambringat. B\u00e5da skildringarna mots\u00e4ger inte varandra i grunden, de belyser olika aspekter.<\/p><p>F\u00f6rblindelsen \u00e4r en makt som en g\u00e5ng stod gudarna n\u00e4ra, men som till sitt v\u00e4sen h\u00f6r till stridens och den m\u00e4nskliga sj\u00e4lvf\u00f6rst\u00f6relsens omr\u00e5de. Denna dubbelhet pr\u00e4glar den <span class=\"iwg-fachbegriff\" data-tooltip=\"Epok inom den grekiska och romerska kulturen, ungef\u00e4r 800 f.Kr. till 600 e.Kr.\" tabindex=\"0\">antika<\/span> f\u00f6rst\u00e5elsen av Ate \u00e4nda in i senare litteratur.<\/p>\t\t\t\t\t\t\t\t<\/div>\n\t\t\t\t<\/div>\n\t\t\t\t\t<\/div>\n\t\t\t\t<\/div>\n\t\t<div class=\"elementor-element elementor-element-cp8177c43 e-flex e-con-boxed e-con e-parent\" data-id=\"cp8177c43\" data-element_type=\"container\" data-e-type=\"container\">\n\t\t\t\t\t<div class=\"e-con-inner\">\n\t\t\t\t<div class=\"elementor-element elementor-element-cp1fe23eb elementor-widget elementor-widget-heading\" data-id=\"cp1fe23eb\" data-element_type=\"widget\" data-e-type=\"widget\" data-widget_type=\"heading.default\">\n\t\t\t\t\t<h2 class=\"elementor-heading-title elementor-size-default\">F\u00f6rblindelse, skuld och straff i den attiska tragedin<\/h2>\t\t\t\t<\/div>\n\t\t<div class=\"elementor-element elementor-element-cp5a0c8fe e-con-full e-flex e-con e-child\" data-id=\"cp5a0c8fe\" data-element_type=\"container\" data-e-type=\"container\">\n\t\t\t\t<div class=\"elementor-element elementor-element-cp22ec60b elementor-widget elementor-widget-text-editor\" data-id=\"cp22ec60b\" data-element_type=\"widget\" data-e-type=\"widget\" data-widget_type=\"text-editor.default\">\n\t\t\t\t\t\t\t\t\t<p>I den attiska tragedin under det femte \u00e5rhundradet f\u00f6re v\u00e5r tider\u00e4kning blir Ate ett centralt tolkningsbegrepp f\u00f6r m\u00e4nniskors och husens fall. S\u00e4rskilt hos Aischylos genomsyrar tanken om f\u00f6rblindelsen hela verket.<\/p><p>I <em>Orestien<\/em> och i de thebanska pj\u00e4serna framtr\u00e4der Ate som en makt som \u00e4rvs fr\u00e5n generation till generation och drar hela \u00e4tter ner i f\u00f6rd\u00e4rvet.<\/p><p>Karakteristiskt f\u00f6r den tragiska f\u00f6rst\u00e5elsen \u00e4r den n\u00e4ra f\u00f6rbindelsen mellan Ate och tv\u00e5 andra begrepp, <em>hybris<\/em>, det gr\u00e4nsl\u00f6sa \u00f6vermodet, och <em>nemesis<\/em> eller <em>tisis<\/em>, det utj\u00e4mnande straffet.<\/p><p>Tragedin tecknar ofta en kedja, d\u00e4r v\u00e4lst\u00e5ndet st\u00e5r i b\u00f6rjan och leder till m\u00e4ttnad, m\u00e4ttnaden f\u00f6der \u00f6vermodet, \u00f6vermodet drar efter sig f\u00f6rblindelsen, och f\u00f6rblindelsen leder till den \u00f6desdigra handlingen och d\u00e4rmed till f\u00f6rd\u00e4rvet.<\/p><p>Ate \u00e4r i detta schema den l\u00e4nk som oms\u00e4tter m\u00e4nniskans inre tillst\u00e5nd i det yttre \u00f6det.<\/p><p>Viktigt i detta sammanhang \u00e4r fr\u00e5gan om skuld. F\u00f6rblindelsen kommer utifr\u00e5n, den beskrivs ofta som s\u00e4nd av en <span class=\"iwg-fachbegriff\" data-tooltip=\"En varelse som dyrkas som gudomlig inom en religion.\" tabindex=\"0\">gudom<\/span>, och likv\u00e4l handlar den f\u00f6rblindade sj\u00e4lv och b\u00e4r f\u00f6ljderna.<\/p><p>Tragedin h\u00e5ller medvetet ut denna sp\u00e4nning, m\u00e4nniskan \u00e4r b\u00e5de <span class=\"iwg-fachbegriff\" data-tooltip=\"G\u00e5va till en gudom f\u00f6r att uttrycka tacksamhet, b\u00f6n eller v\u00f6rdnad.\" tabindex=\"0\">offer<\/span> och g\u00e4rningsman p\u00e5 samma g\u00e5ng. Ate \u00e4r det begrepp som denna dubbla syn knyts till.<\/p><p>\u00c4ven hos Sofokles och Euripides f\u00f6rblir f\u00f6rblindelsen ett nyckelmotiv, till exempel n\u00e4r en hj\u00e4lte ignorerar varningstecknen och rusar mot sin underg\u00e5ng.<\/p><p>Tragedin har d\u00e4rmed av den homeriska gestalten skapat ett djupt begrepp f\u00f6r den m\u00e4nskliga existensen, som klassiska filologer och religionsvetare, bland annat i arbeten om den grekiska skuldf\u00f6rst\u00e5elsen, alltj\u00e4mt unders\u00f6ker ing\u00e5ende.<\/p>\t\t\t\t\t\t\t\t<\/div>\n\t\t\t\t<\/div>\n\t\t\t\t\t<\/div>\n\t\t\t\t<\/div>\n\t\t<div class=\"elementor-element elementor-element-36dd7469 e-flex e-con-boxed e-con e-parent\" data-id=\"36dd7469\" data-element_type=\"container\" data-e-type=\"container\">\n\t\t\t\t\t<div class=\"e-con-inner\">\n\t\t\t\t<div class=\"elementor-element elementor-element-13760ab4 elementor-widget elementor-widget-heading\" data-id=\"13760ab4\" data-element_type=\"widget\" data-e-type=\"widget\" data-widget_type=\"heading.default\">\n\t\t\t\t\t<h2 class=\"elementor-heading-title elementor-size-default\">Vidare l\u00e4nkar<\/h2>\t\t\t\t<\/div>\n\t\t<div class=\"elementor-element elementor-element-28c87796 e-con-full e-flex e-con e-child\" data-id=\"28c87796\" data-element_type=\"container\" data-e-type=\"container\">\n\t\t\t\t<div class=\"elementor-element elementor-element-5d6538df elementor-widget elementor-widget-text-editor\" data-id=\"5d6538df\" data-element_type=\"widget\" data-e-type=\"widget\" data-widget_type=\"text-editor.default\">\n\t\t\t\t\t\t\t\t\t<ul><li><a href=\"https:\/\/iwell-guard.com\/sv\/hypnos\/\">Hypnos, gl\u00f6mskans bringare<\/a><\/li><li><a href=\"https:\/\/iwell-guard.com\/sv\/erinyerna\/\">Erinyerna, h\u00e4mnare av Ates f\u00f6ljder<\/a><\/li><li><a href=\"https:\/\/iwell-guard.com\/sv\/nyx\/\">Nyx, natt-gudinnan, i vars m\u00f6rker Ate verkar<\/a><\/li><\/ul>\t\t\t\t\t\t\t\t<\/div>\n\t\t\t\t<\/div>\n\t\t\t\t\t<\/div>\n\t\t\t\t<\/div>\n\t\t<div class=\"elementor-element elementor-element-grl4kl40 e-flex e-con-boxed e-con e-parent\" data-id=\"grl4kl40\" data-element_type=\"container\" data-e-type=\"container\">\n\t\t\t\t\t<div class=\"e-con-inner\">\n\t\t\t\t<div class=\"elementor-element elementor-element-bzsbfrmh elementor-widget elementor-widget-heading\" data-id=\"bzsbfrmh\" data-element_type=\"widget\" data-e-type=\"widget\" data-widget_type=\"heading.default\">\n\t\t\t\t\t<h2 class=\"elementor-heading-title elementor-size-default\">Litteratur (urval)<\/h2>\t\t\t\t<\/div>\n\t\t<div class=\"elementor-element elementor-element-2c13224a e-con-full e-flex e-con e-child\" data-id=\"2c13224a\" data-element_type=\"container\" data-e-type=\"container\">\n\t\t\t\t<div class=\"elementor-element elementor-element-0eymh9ub elementor-widget elementor-widget-text-editor\" data-id=\"0eymh9ub\" data-element_type=\"widget\" data-e-type=\"widget\" data-widget_type=\"text-editor.default\">\n\t\t\t\t\t\t\t\t\t<footer class=\"iwg-literatur\" data-nosnippet=\"true\"><ul><li><span data-nosnippet>Burkert, Walter: Griechische Religion. Kohlhammer, 1977<\/span><\/li><li><span data-nosnippet>Bremmer, Jan N.: Greek Religion. Brill, 1994<\/span><\/li><li><span data-nosnippet>Dodds, E.R.: The Greeks and the Irrational. UC Press, 1951<\/span><\/li><li><span data-nosnippet>Graf, Fritz: Greek Mythology. Johns Hopkins, 1993<\/span><\/li><li><span data-nosnippet>Pauly, Wilhelm: Der kleine Pauly. Dtv, 1979<\/span><\/li><\/ul><\/footer>\t\t\t\t\t\t\t\t<\/div>\n\t\t\t\t<\/div>\n\t\t\t\t\t<\/div>\n\t\t\t\t<\/div>\n\t\t\t\t<\/div>\n\t\t","protected":false},"excerpt":{"rendered":"","protected":false},"author":3,"featured_media":1579,"parent":0,"menu_order":0,"comment_status":"closed","ping_status":"closed","template":"elementor_header_footer","meta":{"_yoast_wpseo_focuskw":"Ate","_yoast_wpseo_title":"Ate \u2013 gudinnan f\u00f6r f\u00f6rblindelse och olycka","_yoast_wpseo_metadesc":"Gudinnan f\u00f6r f\u00f6rblindelse och olycka, dotter till Eris. F\u00f6rvirring, \u00f6desdigra beslut och kosmisk r\u00e4ttvisa i Iliaden.","_yoast_wpseo_meta-robots-noindex":"","_yoast_wpseo_canonical":"","_angie_page":false,"gefaehrdungsstufe":"3","wesen_kultur":"griechenland","wesen_klasse":"goetter","footnotes":""},"categories":[],"class_list":["post-136693","page","type-page","status-publish","has-post-thumbnail","hentry"],"yoast_head":"<!-- This site is optimized with the Yoast SEO Premium plugin v27.7 (Yoast SEO v28.3) - https:\/\/yoast.com\/product\/yoast-seo-premium-wordpress\/ -->\n<title>Ate \u2013 gudinnan f\u00f6r f\u00f6rblindelse och olycka<\/title>\n<meta name=\"description\" content=\"Gudinnan f\u00f6r f\u00f6rblindelse och olycka, dotter till Eris. F\u00f6rvirring, \u00f6desdigra beslut och kosmisk r\u00e4ttvisa i Iliaden.\" \/>\n<meta name=\"robots\" content=\"index, follow, max-snippet:-1, max-image-preview:large, max-video-preview:-1\" \/>\n<link rel=\"canonical\" href=\"https:\/\/iwell-guard.com\/sv\/ate\/\" \/>\n<meta property=\"og:locale\" content=\"sv_SE\" \/>\n<meta property=\"og:type\" content=\"article\" \/>\n<meta property=\"og:title\" content=\"Ate\" \/>\n<meta property=\"og:description\" content=\"Gudinnan f\u00f6r f\u00f6rblindelse och olycka, dotter till Eris. F\u00f6rvirring, \u00f6desdigra beslut och kosmisk r\u00e4ttvisa i Iliaden.\" \/>\n<meta property=\"og:url\" content=\"https:\/\/iwell-guard.com\/sv\/ate\/\" \/>\n<meta property=\"og:site_name\" content=\"iWell Guard\" \/>\n<meta property=\"article:modified_time\" content=\"2026-09-03T01:09:24+00:00\" \/>\n<meta property=\"og:image\" content=\"https:\/\/iwell-guard.com\/wp-content\/uploads\/2026\/04\/goetter_griechenland_ate.webp\" \/>\n\t<meta property=\"og:image:width\" content=\"1024\" \/>\n\t<meta property=\"og:image:height\" content=\"1536\" \/>\n\t<meta property=\"og:image:type\" content=\"image\/webp\" \/>\n<meta name=\"twitter:card\" content=\"summary_large_image\" \/>\n<script type=\"application\/ld+json\" class=\"yoast-schema-graph\">{\"@context\":\"https:\\\/\\\/schema.org\",\"@graph\":[{\"@type\":\"WebPage\",\"@id\":\"https:\\\/\\\/iwell-guard.com\\\/sv\\\/ate\\\/\",\"url\":\"https:\\\/\\\/iwell-guard.com\\\/sv\\\/ate\\\/\",\"name\":\"Ate \u2013 gudinnan f\u00f6r f\u00f6rblindelse och olycka\",\"isPartOf\":{\"@id\":\"https:\\\/\\\/iwell-guard.com\\\/sv\\\/#website\"},\"primaryImageOfPage\":{\"@id\":\"https:\\\/\\\/iwell-guard.com\\\/sv\\\/ate\\\/#primaryimage\"},\"image\":{\"@id\":\"https:\\\/\\\/iwell-guard.com\\\/sv\\\/ate\\\/#primaryimage\"},\"thumbnailUrl\":\"https:\\\/\\\/iwell-guard.com\\\/wp-content\\\/uploads\\\/2026\\\/04\\\/goetter_griechenland_ate.webp\",\"datePublished\":\"2026-09-03T00:09:12+00:00\",\"dateModified\":\"2026-09-03T01:09:24+00:00\",\"description\":\"Gudinnan f\u00f6r f\u00f6rblindelse och olycka, dotter till Eris. F\u00f6rvirring, \u00f6desdigra beslut och kosmisk r\u00e4ttvisa i Iliaden.\",\"breadcrumb\":{\"@id\":\"https:\\\/\\\/iwell-guard.com\\\/sv\\\/ate\\\/#breadcrumb\"},\"inLanguage\":\"sv-SE\",\"potentialAction\":[{\"@type\":\"ReadAction\",\"target\":[\"https:\\\/\\\/iwell-guard.com\\\/sv\\\/ate\\\/\"]}]},{\"@type\":\"ImageObject\",\"inLanguage\":\"sv-SE\",\"@id\":\"https:\\\/\\\/iwell-guard.com\\\/sv\\\/ate\\\/#primaryimage\",\"url\":\"https:\\\/\\\/iwell-guard.com\\\/wp-content\\\/uploads\\\/2026\\\/04\\\/goetter_griechenland_ate.webp\",\"contentUrl\":\"https:\\\/\\\/iwell-guard.com\\\/wp-content\\\/uploads\\\/2026\\\/04\\\/goetter_griechenland_ate.webp\",\"width\":1024,\"height\":1536,\"caption\":\"Gudar fr\u00e5n den grekiska traditionen.\"},{\"@type\":\"BreadcrumbList\",\"@id\":\"https:\\\/\\\/iwell-guard.com\\\/sv\\\/ate\\\/#breadcrumb\",\"itemListElement\":[{\"@type\":\"ListItem\",\"position\":1,\"name\":\"Start\",\"item\":\"https:\\\/\\\/iwell-guard.com\\\/sv\\\/?page_id=136483\"},{\"@type\":\"ListItem\",\"position\":2,\"name\":\"Ate\"}]},{\"@type\":\"WebSite\",\"@id\":\"https:\\\/\\\/iwell-guard.com\\\/sv\\\/#website\",\"url\":\"https:\\\/\\\/iwell-guard.com\\\/sv\\\/\",\"name\":\"iWell Guard\",\"description\":\"Schutz vor dunklen Einfl\u00fcssen\",\"publisher\":{\"@id\":\"https:\\\/\\\/iwell-guard.com\\\/sv\\\/#organization\"},\"potentialAction\":[{\"@type\":\"SearchAction\",\"target\":{\"@type\":\"EntryPoint\",\"urlTemplate\":\"https:\\\/\\\/iwell-guard.com\\\/sv\\\/?s={search_term_string}\"},\"query-input\":{\"@type\":\"PropertyValueSpecification\",\"valueRequired\":true,\"valueName\":\"search_term_string\"}}],\"inLanguage\":\"sv-SE\"},{\"@type\":\"Organization\",\"@id\":\"https:\\\/\\\/iwell-guard.com\\\/sv\\\/#organization\",\"name\":\"Ittermann electronic GmbH\",\"url\":\"https:\\\/\\\/iwell-guard.com\\\/sv\\\/\",\"logo\":{\"@type\":\"ImageObject\",\"inLanguage\":\"sv-SE\",\"@id\":\"https:\\\/\\\/iwell-guard.com\\\/sv\\\/#\\\/schema\\\/logo\\\/image\\\/\",\"url\":\"https:\\\/\\\/iwell-guard.com\\\/wp-content\\\/uploads\\\/2026\\\/05\\\/Ittermann-Logo-1182x237-1.png\",\"contentUrl\":\"https:\\\/\\\/iwell-guard.com\\\/wp-content\\\/uploads\\\/2026\\\/05\\\/Ittermann-Logo-1182x237-1.png\",\"width\":1182,\"height\":237,\"caption\":\"Ittermann electronic GmbH\"},\"image\":{\"@id\":\"https:\\\/\\\/iwell-guard.com\\\/sv\\\/#\\\/schema\\\/logo\\\/image\\\/\"},\"sameAs\":[\"https:\\\/\\\/pantip.com\\\/profile\\\/9367242\",\"https:\\\/\\\/micro.blog\\\/iwellguard\",\"https:\\\/\\\/www.diggerslist.com\\\/iwellguard\\\/about\",\"https:\\\/\\\/skitterphoto.com\\\/photographers\\\/2870314\\\/iwell-guard\",\"https:\\\/\\\/iwellguard.wordpress.com\\\/2026\\\/06\\\/06\\\/iwell-guard\\\/\",\"https:\\\/\\\/hub.docker.com\\\/u\\\/iwellguard\",\"https:\\\/\\\/www.pinterest.com\\\/iwellguard\\\/\",\"https:\\\/\\\/bit.ly\\\/m\\\/iwellguard\",\"https:\\\/\\\/entre-vos-mains.alsace.eu\\\/profiles\\\/iwellguard\\\/activity\",\"https:\\\/\\\/gravatar.com\\\/reallybeded8fd34\",\"https:\\\/\\\/naijamatta.com\\\/iwellguard\",\"https:\\\/\\\/www.goodreads.com\\\/iwellguard\",\"https:\\\/\\\/profile.hatena.ne.jp\\\/iwellguard\\\/\",\"https:\\\/\\\/experiment.com\\\/users\\\/iwellguard\",\"https:\\\/\\\/wakelet.com\\\/@iWellGuard82270\",\"https:\\\/\\\/www.chordie.com\\\/forum\\\/profile.php?id=2555664\",\"https:\\\/\\\/www.instapaper.com\\\/p\\\/17757966\",\"https:\\\/\\\/www.mapleprimes.com\\\/users\\\/iwellguard\",\"https:\\\/\\\/businesslistingplus.com\\\/profile\\\/iwell-guard\\\/\",\"https:\\\/\\\/telegra.ph\\\/iWell-Guard-06-06\",\"https:\\\/\\\/pbase.com\\\/iwellguard\\\/iwellguard\",\"https:\\\/\\\/b.hatena.ne.jp\\\/iwellguard\\\/20260607#bookmark-4788405196491818882\",\"https:\\\/\\\/fliphtml5.com\\\/home\\\/iwellguard\",\"https:\\\/\\\/anyflip.com\\\/homepage\\\/cmiwl#About\",\"https:\\\/\\\/transfur.com\\\/Users\\\/iwellguard\",\"http:\\\/\\\/delphi.larsbo.org\\\/user\\\/iwellguard\",\"https:\\\/\\\/jobs.lajobsportal.org\\\/profiles\\\/8380803-iwell-guard\",\"https:\\\/\\\/md.chaosdorf.de\\\/s\\\/jfbe5SBdJD\",\"https:\\\/\\\/www.lingvolive.com\\\/en-us\\\/profile\\\/9ecaeaca-ce11-4e51-9e71-01d55e2bff36\\\/translations\",\"https:\\\/\\\/www.fitday.com\\\/fitness\\\/forums\\\/members\\\/iwellguard.html\",\"https:\\\/\\\/www.mymeetbook.com\\\/iwellguard\",\"https:\\\/\\\/pxhere.com\\\/en\\\/photographer-me\\\/5040798\",\"https:\\\/\\\/disqus.com\\\/by\\\/iwellguard\\\/about\\\/\",\"https:\\\/\\\/pastelink.net\\\/hjwciqwq\",\"https:\\\/\\\/pubhtml5.com\\\/homepage\\\/scjhn\\\/\",\"https:\\\/\\\/www.bitchute.com\\\/channel\\\/2O2eOKzNqujT\",\"https:\\\/\\\/audiomack.com\\\/iwellguard\"]},{\"@type\":\"Article\",\"@id\":\"https:\\\/\\\/iwell-guard.com\\\/sv\\\/ate\\\/#article\",\"isPartOf\":{\"@id\":\"https:\\\/\\\/iwell-guard.com\\\/sv\\\/ate\\\/\"},\"author\":{\"name\":\"Ralf Ittermann\",\"@id\":\"https:\\\/\\\/iwell-guard.com\\\/sv\\\/#\\\/schema\\\/person\\\/ee2a27f1cac3406c7c6fb5820cb7349f\"},\"headline\":\"Ate\",\"datePublished\":\"2026-09-03T00:09:12+00:00\",\"dateModified\":\"2026-09-03T01:09:24+00:00\",\"mainEntityOfPage\":{\"@id\":\"https:\\\/\\\/iwell-guard.com\\\/sv\\\/ate\\\/\"},\"publisher\":{\"@id\":\"https:\\\/\\\/iwell-guard.com\\\/sv\\\/#organization\"},\"image\":{\"@id\":\"https:\\\/\\\/iwell-guard.com\\\/sv\\\/ate\\\/#primaryimage\"},\"thumbnailUrl\":\"https:\\\/\\\/iwell-guard.com\\\/wp-content\\\/uploads\\\/2026\\\/04\\\/goetter_griechenland_ate.webp\",\"inLanguage\":\"sv-SE\",\"description\":\"Gudinnan f\u00f6r f\u00f6rblindelse och olycka, dotter till Eris. F\u00f6rvirring, \u00f6desdigra beslut och kosmisk r\u00e4ttvisa i Iliaden.\"}]}<\/script>\n<!-- \/ Yoast SEO Premium plugin. -->","yoast_head_json":{"title":"Ate \u2013 gudinnan f\u00f6r f\u00f6rblindelse och olycka","description":"Gudinnan f\u00f6r f\u00f6rblindelse och olycka, dotter till Eris. F\u00f6rvirring, \u00f6desdigra beslut och kosmisk r\u00e4ttvisa i Iliaden.","robots":{"index":"index","follow":"follow","max-snippet":"max-snippet:-1","max-image-preview":"max-image-preview:large","max-video-preview":"max-video-preview:-1"},"canonical":"https:\/\/iwell-guard.com\/sv\/ate\/","og_locale":"sv_SE","og_type":"article","og_title":"Ate","og_description":"Gudinnan f\u00f6r f\u00f6rblindelse och olycka, dotter till Eris. F\u00f6rvirring, \u00f6desdigra beslut och kosmisk r\u00e4ttvisa i Iliaden.","og_url":"https:\/\/iwell-guard.com\/sv\/ate\/","og_site_name":"iWell Guard","article_modified_time":"2026-09-03T01:09:24+00:00","og_image":[{"width":1024,"height":1536,"url":"https:\/\/iwell-guard.com\/wp-content\/uploads\/2026\/04\/goetter_griechenland_ate.webp","type":"image\/webp"}],"twitter_card":"summary_large_image","schema":{"@context":"https:\/\/schema.org","@graph":[{"@type":"Article","@id":"https:\/\/iwell-guard.com\/sv\/ate\/#article","isPartOf":{"@id":"https:\/\/iwell-guard.com\/sv\/ate\/"},"author":{"name":"Ralf Ittermann","@id":"https:\/\/iwell-guard.com\/sv\/#\/schema\/person\/ee2a27f1cac3406c7c6fb5820cb7349f"},"headline":"Ate","datePublished":"2026-09-03T00:09:12+00:00","dateModified":"2026-09-03T01:09:24+00:00","mainEntityOfPage":{"@id":"https:\/\/iwell-guard.com\/sv\/ate\/"},"publisher":{"@id":"https:\/\/iwell-guard.com\/sv\/#organization"},"image":{"@id":"https:\/\/iwell-guard.com\/sv\/ate\/#primaryimage"},"thumbnailUrl":"https:\/\/iwell-guard.com\/wp-content\/uploads\/2026\/04\/goetter_griechenland_ate.webp","inLanguage":"sv-SE","description":"Gudinnan f\u00f6r f\u00f6rblindelse och olycka, dotter till Eris. F\u00f6rvirring, \u00f6desdigra beslut och kosmisk r\u00e4ttvisa i Iliaden."},{"@type":"WebPage","@id":"https:\/\/iwell-guard.com\/sv\/ate\/","url":"https:\/\/iwell-guard.com\/sv\/ate\/","name":"Ate \u2013 gudinnan f\u00f6r f\u00f6rblindelse och olycka","isPartOf":{"@id":"https:\/\/iwell-guard.com\/sv\/#website"},"primaryImageOfPage":{"@id":"https:\/\/iwell-guard.com\/sv\/ate\/#primaryimage"},"image":{"@id":"https:\/\/iwell-guard.com\/sv\/ate\/#primaryimage"},"thumbnailUrl":"https:\/\/iwell-guard.com\/wp-content\/uploads\/2026\/04\/goetter_griechenland_ate.webp","datePublished":"2026-09-03T00:09:12+00:00","dateModified":"2026-09-03T01:09:24+00:00","description":"Gudinnan f\u00f6r f\u00f6rblindelse och olycka, dotter till Eris. F\u00f6rvirring, \u00f6desdigra beslut och kosmisk r\u00e4ttvisa i Iliaden.","breadcrumb":{"@id":"https:\/\/iwell-guard.com\/sv\/ate\/#breadcrumb"},"inLanguage":"sv-SE","potentialAction":[{"@type":"ReadAction","target":["https:\/\/iwell-guard.com\/sv\/ate\/"]}]},{"@type":"ImageObject","inLanguage":"sv-SE","@id":"https:\/\/iwell-guard.com\/sv\/ate\/#primaryimage","url":"https:\/\/iwell-guard.com\/wp-content\/uploads\/2026\/04\/goetter_griechenland_ate.webp","contentUrl":"https:\/\/iwell-guard.com\/wp-content\/uploads\/2026\/04\/goetter_griechenland_ate.webp","width":1024,"height":1536,"caption":"Gudar fr\u00e5n den grekiska traditionen."},{"@type":"BreadcrumbList","@id":"https:\/\/iwell-guard.com\/sv\/ate\/#breadcrumb","itemListElement":[{"@type":"ListItem","position":1,"name":"Start","item":"https:\/\/iwell-guard.com\/sv\/?page_id=136483"},{"@type":"ListItem","position":2,"name":"Ate"}]},{"@type":"WebSite","@id":"https:\/\/iwell-guard.com\/sv\/#website","url":"https:\/\/iwell-guard.com\/sv\/","name":"iWell Guard","description":"Schutz vor dunklen Einfl\u00fcssen","publisher":{"@id":"https:\/\/iwell-guard.com\/sv\/#organization"},"potentialAction":[{"@type":"SearchAction","target":{"@type":"EntryPoint","urlTemplate":"https:\/\/iwell-guard.com\/sv\/?s={search_term_string}"},"query-input":{"@type":"PropertyValueSpecification","valueRequired":true,"valueName":"search_term_string"}}],"inLanguage":"sv-SE"},{"@type":"Organization","@id":"https:\/\/iwell-guard.com\/sv\/#organization","name":"Ittermann electronic GmbH","url":"https:\/\/iwell-guard.com\/sv\/","logo":{"@type":"ImageObject","inLanguage":"sv-SE","@id":"https:\/\/iwell-guard.com\/sv\/#\/schema\/logo\/image\/","url":"https:\/\/iwell-guard.com\/wp-content\/uploads\/2026\/05\/Ittermann-Logo-1182x237-1.png","contentUrl":"https:\/\/iwell-guard.com\/wp-content\/uploads\/2026\/05\/Ittermann-Logo-1182x237-1.png","width":1182,"height":237,"caption":"Ittermann electronic GmbH"},"image":{"@id":"https:\/\/iwell-guard.com\/sv\/#\/schema\/logo\/image\/"},"sameAs":["https:\/\/pantip.com\/profile\/9367242","https:\/\/micro.blog\/iwellguard","https:\/\/www.diggerslist.com\/iwellguard\/about","https:\/\/skitterphoto.com\/photographers\/2870314\/iwell-guard","https:\/\/iwellguard.wordpress.com\/2026\/06\/06\/iwell-guard\/","https:\/\/hub.docker.com\/u\/iwellguard","https:\/\/www.pinterest.com\/iwellguard\/","https:\/\/bit.ly\/m\/iwellguard","https:\/\/entre-vos-mains.alsace.eu\/profiles\/iwellguard\/activity","https:\/\/gravatar.com\/reallybeded8fd34","https:\/\/naijamatta.com\/iwellguard","https:\/\/www.goodreads.com\/iwellguard","https:\/\/profile.hatena.ne.jp\/iwellguard\/","https:\/\/experiment.com\/users\/iwellguard","https:\/\/wakelet.com\/@iWellGuard82270","https:\/\/www.chordie.com\/forum\/profile.php?id=2555664","https:\/\/www.instapaper.com\/p\/17757966","https:\/\/www.mapleprimes.com\/users\/iwellguard","https:\/\/businesslistingplus.com\/profile\/iwell-guard\/","https:\/\/telegra.ph\/iWell-Guard-06-06","https:\/\/pbase.com\/iwellguard\/iwellguard","https:\/\/b.hatena.ne.jp\/iwellguard\/20260607#bookmark-4788405196491818882","https:\/\/fliphtml5.com\/home\/iwellguard","https:\/\/anyflip.com\/homepage\/cmiwl#About","https:\/\/transfur.com\/Users\/iwellguard","http:\/\/delphi.larsbo.org\/user\/iwellguard","https:\/\/jobs.lajobsportal.org\/profiles\/8380803-iwell-guard","https:\/\/md.chaosdorf.de\/s\/jfbe5SBdJD","https:\/\/www.lingvolive.com\/en-us\/profile\/9ecaeaca-ce11-4e51-9e71-01d55e2bff36\/translations","https:\/\/www.fitday.com\/fitness\/forums\/members\/iwellguard.html","https:\/\/www.mymeetbook.com\/iwellguard","https:\/\/pxhere.com\/en\/photographer-me\/5040798","https:\/\/disqus.com\/by\/iwellguard\/about\/","https:\/\/pastelink.net\/hjwciqwq","https:\/\/pubhtml5.com\/homepage\/scjhn\/","https:\/\/www.bitchute.com\/channel\/2O2eOKzNqujT","https:\/\/audiomack.com\/iwellguard"]},{"@type":"Person","@id":"https:\/\/iwell-guard.com\/sv\/#\/schema\/person\/ee2a27f1cac3406c7c6fb5820cb7349f","name":"Ralf Ittermann","image":{"@type":"ImageObject","inLanguage":"sv-SE","@id":"https:\/\/secure.gravatar.com\/avatar\/073c0153e350a5005b68eb752b445fea71f6b24a26da9449ad7e155e6b446c9d?s=96&d=mm&r=g","url":"https:\/\/secure.gravatar.com\/avatar\/073c0153e350a5005b68eb752b445fea71f6b24a26da9449ad7e155e6b446c9d?s=96&d=mm&r=g","contentUrl":"https:\/\/secure.gravatar.com\/avatar\/073c0153e350a5005b68eb752b445fea71f6b24a26da9449ad7e155e6b446c9d?s=96&d=mm&r=g","caption":"Ralf Ittermann"},"givenName":"Ralf","familyName":"Ittermann","jobTitle":"Gesch\u00e4ftsf\u00fchrer und redaktioneller Verantwortlicher","url":"https:\/\/iwell-guard.com\/sv\/author\/claude\/","description":"Ralf Ittermann ist Gesch\u00e4ftsf\u00fchrer der Ittermann electronic GmbH und redaktioneller Verantwortlicher des iWell-Guard-Lexikons. Er verbindet langj\u00e4hrige Erfahrung in der Pr\u00e4zisionsfertigung mit medialer Praxis und religionsgeschichtlicher Quellenarbeit.","worksFor":{"@type":"Organization","name":"Ittermann electronic GmbH","url":"https:\/\/ittermann.de\/","address":{"@type":"PostalAddress","streetAddress":"K\u00f6hlergasse 16-18","postalCode":"99842","addressLocality":"Ruhla","addressCountry":"DE"}},"knowsAbout":["Religionsgeschichte","Mythologie","Mediale Praxis","Energetische Diagnostik","Schutzpraxis","Volksglauben","Westliche Esoterik"]},{"@type":"Article","@id":"https:\/\/iwell-guard.com\/sv\/ate\/#article","isPartOf":{"@id":"https:\/\/iwell-guard.com\/sv\/ate\/"},"author":{"name":"Ralf Ittermann","@id":"https:\/\/iwell-guard.com\/sv\/#\/schema\/person\/ee2a27f1cac3406c7c6fb5820cb7349f"},"headline":"Ate","datePublished":"2026-09-03T00:09:12+00:00","dateModified":"2026-09-03T01:09:24+00:00","mainEntityOfPage":{"@id":"https:\/\/iwell-guard.com\/sv\/ate\/"},"publisher":{"@id":"https:\/\/iwell-guard.com\/sv\/#organization"},"image":{"@id":"https:\/\/iwell-guard.com\/sv\/ate\/#primaryimage"},"thumbnailUrl":"https:\/\/iwell-guard.com\/wp-content\/uploads\/2026\/04\/goetter_griechenland_ate.webp","inLanguage":"sv-SE","description":"Gudinnan f\u00f6r f\u00f6rblindelse och olycka, dotter till Eris. F\u00f6rvirring, \u00f6desdigra beslut och kosmisk r\u00e4ttvisa i Iliaden."}]}},"_links":{"self":[{"href":"https:\/\/iwell-guard.com\/sv\/wp-json\/wp\/v2\/pages\/136693","targetHints":{"allow":["GET"]}}],"collection":[{"href":"https:\/\/iwell-guard.com\/sv\/wp-json\/wp\/v2\/pages"}],"about":[{"href":"https:\/\/iwell-guard.com\/sv\/wp-json\/wp\/v2\/types\/page"}],"author":[{"embeddable":true,"href":"https:\/\/iwell-guard.com\/sv\/wp-json\/wp\/v2\/users\/3"}],"replies":[{"embeddable":true,"href":"https:\/\/iwell-guard.com\/sv\/wp-json\/wp\/v2\/comments?post=136693"}],"version-history":[{"count":0,"href":"https:\/\/iwell-guard.com\/sv\/wp-json\/wp\/v2\/pages\/136693\/revisions"}],"wp:featuredmedia":[{"embeddable":true,"href":"https:\/\/iwell-guard.com\/sv\/wp-json\/wp\/v2\/media\/1579"}],"wp:attachment":[{"href":"https:\/\/iwell-guard.com\/sv\/wp-json\/wp\/v2\/media?parent=136693"}],"wp:term":[{"taxonomy":"category","embeddable":true,"href":"https:\/\/iwell-guard.com\/sv\/wp-json\/wp\/v2\/categories?post=136693"}],"curies":[{"name":"wp","href":"https:\/\/api.w.org\/{rel}","templated":true}]}}