{"id":136690,"date":"2026-09-03T00:09:10","date_gmt":"2026-09-03T00:09:10","guid":{"rendered":"https:\/\/iwell-guard.com\/?page_id=136690"},"modified":"2026-09-03T01:09:19","modified_gmt":"2026-09-03T01:09:19","slug":"demeter","status":"publish","type":"page","link":"https:\/\/iwell-guard.com\/sv\/demeter\/","title":{"rendered":"Demeter"},"content":{"rendered":"\t\t<div data-elementor-type=\"wp-page\" data-elementor-id=\"136690\" class=\"elementor elementor-136690 elementor-2037 elementor-bc-flex-widget\" data-elementor-post-type=\"page\">\n\t\t\t\t<div class=\"elementor-element elementor-element-10fdade e-flex e-con-boxed e-con e-parent\" data-id=\"10fdade\" data-element_type=\"container\" data-e-type=\"container\" data-settings=\"{&quot;background_background&quot;:&quot;classic&quot;}\">\n\t\t\t\t\t<div class=\"e-con-inner\">\n\t\t<div class=\"elementor-element elementor-element-herohlft0 e-flex e-con-boxed e-con e-child\" data-id=\"herohlft0\" data-element_type=\"container\" data-e-type=\"container\">\n\t\t\t\t\t<div class=\"e-con-inner\">\n\t\t<div class=\"elementor-element elementor-element-c3ceb64 e-con-full e-flex e-con e-child\" data-id=\"c3ceb64\" data-element_type=\"container\" data-e-type=\"container\">\n\t\t\t\t<div class=\"elementor-element elementor-element-96ae5e1 elementor-widget elementor-widget-heading\" data-id=\"96ae5e1\" data-element_type=\"widget\" data-e-type=\"widget\" data-widget_type=\"heading.default\">\n\t\t\t\t\t<h1 class=\"elementor-heading-title elementor-size-default\">Demeter, gudinna i den grekiska traditionen<\/h1>\t\t\t\t<\/div>\n\t\t\t\t<div class=\"elementor-element elementor-element-e45238a elementor-widget elementor-widget-text-editor\" data-id=\"e45238a\" data-element_type=\"widget\" data-e-type=\"widget\" data-widget_type=\"text-editor.default\">\n\t\t\t\t\t\t\t\t\t<p>Demeter \u00e4r gudinna i den grekiska traditionen.<\/p><p><strong>Gudinna f\u00f6r s\u00e4d, fruktbarhet och civilisation.<\/strong> Demeter \u00e4r Persefones mor och centrum f\u00f6r de eleusinska mysterierna, de heligaste riterna i den antika v\u00e4rlden. Hon representerar s\u00e4den som f\u00f6der m\u00e4nskligheten, och kretsloppet av s\u00e5dd, tillv\u00e4xt och sk\u00f6rd. Hennes sorg \u00f6ver Persefone f\u00f6rklarar vintern; hennes gl\u00e4dje f\u00f6rklarar v\u00e5ren.<\/p>\t\t\t\t\t\t\t\t<\/div>\n\t\t\t\t<\/div>\n\t\t<div class=\"elementor-element elementor-element-klsbdg01 e-con-full e-flex e-con e-parent\" data-id=\"klsbdg01\" data-element_type=\"container\" data-e-type=\"container\">\n\t\t\t\t<div class=\"elementor-element elementor-element-klshtm01 elementor-widget elementor-widget-html\" data-id=\"klshtm01\" data-element_type=\"widget\" data-e-type=\"widget\" data-widget_type=\"html.default\">\n\t\t\t\t\t<div class=\"iwg-pill-row\"><span class=\"iwg-klasse-badge\" tabindex=\"0\" data-tooltip=\"Gud \/ gudinna: Personifierad h\u00f6gsta makt i en kulturs pantheon, med tydliga ansvarsomr\u00e5den, naturkrafter, \u00f6de, krig, fruktbarhet. Dyrkad genom kulter, offer och tempelinstitutioner.\">Gudinna<\/span><a href=\"https:\/\/iwell-guard.com\/sv\/grekland\/\" class=\"iwg-kultur-badge\" tabindex=\"0\" data-tooltip=\"Religion och mytologi i det antika Grekland fr\u00e5n den mykenska tiden till senantiken.\">Grekland<\/a><\/div>\t\t\t\t<\/div>\n\t\t\t\t<\/div>\n\t\t<div class=\"elementor-element elementor-element-3f74855 e-con-full e-flex e-con e-child\" data-id=\"3f74855\" data-element_type=\"container\" data-e-type=\"container\">\n\t\t\t\t<div class=\"elementor-element elementor-element-1c30362 elementor-toc--minimized-on-tablet elementor-widget elementor-widget-table-of-contents\" data-id=\"1c30362\" data-element_type=\"widget\" data-e-type=\"widget\" data-settings=\"{&quot;exclude_headings_by_selector&quot;:[],&quot;no_headings_message&quot;:&quot;Inga rubriker hittades p\\u00e5 den h\\u00e4r sidan.&quot;,&quot;headings_by_tags&quot;:[&quot;h2&quot;,&quot;h3&quot;],&quot;marker_view&quot;:&quot;bullets&quot;,&quot;minimize_box&quot;:&quot;yes&quot;,&quot;icon&quot;:{&quot;value&quot;:&quot;fas fa-circle&quot;,&quot;library&quot;:&quot;fa-solid&quot;,&quot;rendered_tag&quot;:&quot;&lt;svg class=\\&quot;e-font-icon-svg e-fas-circle\\&quot; viewBox=\\&quot;0 0 512 512\\&quot; xmlns=\\&quot;http:\\\/\\\/www.w3.org\\\/2000\\\/svg\\&quot;&gt;&lt;path d=\\&quot;M256 8C119 8 8 119 8 256s111 248 248 248 248-111 248-248S393 8 256 8z\\&quot;&gt;&lt;\\\/path&gt;&lt;\\\/svg&gt;&quot;},&quot;minimized_on&quot;:&quot;tablet&quot;,&quot;hierarchical_view&quot;:&quot;yes&quot;,&quot;min_height&quot;:{&quot;unit&quot;:&quot;px&quot;,&quot;size&quot;:&quot;&quot;,&quot;sizes&quot;:[]},&quot;min_height_tablet&quot;:{&quot;unit&quot;:&quot;px&quot;,&quot;size&quot;:&quot;&quot;,&quot;sizes&quot;:[]},&quot;min_height_mobile&quot;:{&quot;unit&quot;:&quot;px&quot;,&quot;size&quot;:&quot;&quot;,&quot;sizes&quot;:[]}}\" data-widget_type=\"table-of-contents.default\">\n\t\t\t\t\t\t\t\t\t<div class=\"elementor-toc__header\">\n\t\t\t\t\t\t<h2 class=\"elementor-toc__header-title\">\n\t\t\t\tInneh\u00e5llsf\u00f6rteckning\t\t\t<\/h2>\n\t\t\t\t\t\t\t\t\t\t<div class=\"elementor-toc__toggle-button elementor-toc__toggle-button--expand\" role=\"button\" tabindex=\"0\" aria-controls=\"elementor-toc__1c30362\" aria-expanded=\"true\" aria-label=\"\u00d6ppna inneh\u00e5llsf\u00f6rteckning\"><svg aria-hidden=\"true\" class=\"e-font-icon-svg e-fas-chevron-down\" viewBox=\"0 0 448 512\" xmlns=\"http:\/\/www.w3.org\/2000\/svg\"><path d=\"M207.029 381.476L12.686 187.132c-9.373-9.373-9.373-24.569 0-33.941l22.667-22.667c9.357-9.357 24.522-9.375 33.901-.04L224 284.505l154.745-154.021c9.379-9.335 24.544-9.317 33.901.04l22.667 22.667c9.373 9.373 9.373 24.569 0 33.941L240.971 381.476c-9.373 9.372-24.569 9.372-33.942 0z\"><\/path><\/svg><\/div>\n\t\t\t\t<div class=\"elementor-toc__toggle-button elementor-toc__toggle-button--collapse\" role=\"button\" tabindex=\"0\" aria-controls=\"elementor-toc__1c30362\" aria-expanded=\"true\" aria-label=\"St\u00e4ng inneh\u00e5llsf\u00f6rteckning\"><svg aria-hidden=\"true\" class=\"e-font-icon-svg e-fas-chevron-up\" viewBox=\"0 0 448 512\" xmlns=\"http:\/\/www.w3.org\/2000\/svg\"><path d=\"M240.971 130.524l194.343 194.343c9.373 9.373 9.373 24.569 0 33.941l-22.667 22.667c-9.357 9.357-24.522 9.375-33.901.04L224 227.495 69.255 381.516c-9.379 9.335-24.544 9.317-33.901-.04l-22.667-22.667c-9.373-9.373-9.373-24.569 0-33.941L207.03 130.525c9.372-9.373 24.568-9.373 33.941-.001z\"><\/path><\/svg><\/div>\n\t\t\t\t\t<\/div>\n\t\t\t\t<div id=\"elementor-toc__1c30362\" class=\"elementor-toc__body\">\n\t\t\t<div class=\"elementor-toc__spinner-container\">\n\t\t\t\t<svg class=\"elementor-toc__spinner eicon-animation-spin e-font-icon-svg e-eicon-loading\" aria-hidden=\"true\" viewBox=\"0 0 1000 1000\" xmlns=\"http:\/\/www.w3.org\/2000\/svg\"><path d=\"M500 975V858C696 858 858 696 858 500S696 142 500 142 142 304 142 500H25C25 237 238 25 500 25S975 237 975 500 763 975 500 975Z\"><\/path><\/svg>\t\t\t<\/div>\n\t\t<\/div>\n\t\t\t\t\t\t<\/div>\n\t\t\t\t<\/div>\n\t\t\t\t\t<\/div>\n\t\t\t\t<\/div>\n\t\t<div class=\"elementor-element elementor-element-herorght0 e-con-full e-flex e-con e-child\" data-id=\"herorght0\" data-element_type=\"container\" data-e-type=\"container\">\n\t\t\t\t<div class=\"elementor-element elementor-element-heroimg00 iwg-hero-image elementor-widget elementor-widget-image\" data-id=\"heroimg00\" data-element_type=\"widget\" data-e-type=\"widget\" data-widget_type=\"image.default\">\n\t\t\t\t\t\t\t\t\t\t\t\t\t\t\t<img fetchpriority=\"high\" decoding=\"async\" width=\"683\" height=\"1024\" src=\"https:\/\/iwell-guard.com\/wp-content\/uploads\/2026\/04\/goetter_griechenland_demeter-683x1024.webp\" class=\"attachment-large size-large wp-image-136405\" alt=\"Demeter \u2013 gudar fr\u00e5n den grekiska traditionen, historisk-illustrativt\" srcset=\"https:\/\/iwell-guard.com\/wp-content\/uploads\/2026\/04\/goetter_griechenland_demeter-683x1024.webp 683w, https:\/\/iwell-guard.com\/wp-content\/uploads\/2026\/04\/goetter_griechenland_demeter-200x300.webp 200w, https:\/\/iwell-guard.com\/wp-content\/uploads\/2026\/04\/goetter_griechenland_demeter-768x1152.webp 768w, https:\/\/iwell-guard.com\/wp-content\/uploads\/2026\/04\/goetter_griechenland_demeter.webp 1024w\" sizes=\"(max-width: 683px) 100vw, 683px\" \/>\t\t\t\t\t\t\t\t\t\t\t\t\t\t\t<\/div>\n\t\t\t\t<\/div>\n\t\t\t\t\t<\/div>\n\t\t\t\t<\/div>\n\t\t<div class=\"elementor-element elementor-element-32917199 e-flex e-con-boxed e-con e-parent\" data-id=\"32917199\" data-element_type=\"container\" data-e-type=\"container\">\n\t\t\t\t\t<div class=\"e-con-inner\">\n\t\t<div class=\"elementor-element elementor-element-26e916cb e-flex e-con-boxed e-con e-child\" data-id=\"26e916cb\" data-element_type=\"container\" data-e-type=\"container\">\n\t\t\t\t\t<div class=\"e-con-inner\">\n\t\t<div class=\"elementor-element elementor-element-253a40d4 e-flex e-con-boxed e-con e-child\" data-id=\"253a40d4\" data-element_type=\"container\" data-e-type=\"container\">\n\t\t\t\t\t<div class=\"e-con-inner\">\n\t\t\t\t<div class=\"elementor-element elementor-element-1200c304 elementor-widget elementor-widget-heading\" data-id=\"1200c304\" data-element_type=\"widget\" data-e-type=\"widget\" data-widget_type=\"heading.default\">\n\t\t\t\t\t<h2 class=\"elementor-heading-title elementor-size-default\">Demeter<\/h2>\t\t\t\t<\/div>\n\t\t\t\t\t<\/div>\n\t\t\t\t<\/div>\n\t\t<div class=\"elementor-element elementor-element-159dcf9a e-flex e-con-boxed e-con e-child\" data-id=\"159dcf9a\" data-element_type=\"container\" data-e-type=\"container\">\n\t\t\t\t\t<div class=\"e-con-inner\">\n\t\t\t\t<div class=\"elementor-element elementor-element-48cee66f elementor-widget elementor-widget-heading\" data-id=\"48cee66f\" data-element_type=\"widget\" data-e-type=\"widget\" data-widget_type=\"heading.default\">\n\t\t\t\t\t<h2 class=\"elementor-heading-title elementor-size-default\">Snabb\u00f6versikt: Demeter<\/h2>\t\t\t\t<\/div>\n\t\t\t\t<div class=\"elementor-element elementor-element-3f50d82c elementor-widget elementor-widget-text-editor\" data-id=\"3f50d82c\" data-element_type=\"widget\" data-e-type=\"widget\" data-widget_type=\"text-editor.default\">\n\t\t\t\t\t\t\t\t\t<p><strong>Typ:<\/strong> Grekisk huvudgudom, s\u00e4d-, sk\u00f6rde- och mysteriegudinna<br><span class=\"iwg-fachbegriff\" data-tooltip=\"Samtliga gudar inom en religion eller kultur.\" tabindex=\"0\">Pantheon<\/span>: Grekland (en av de tolv olympierna)<br>Funktion: S\u00e4d, sk\u00f6rdefruktbarhet, mysterier, moderssorg<br>Huvudattribut: Axkrans, fackla, offersvin, vallmo<br>Huvudkultplatser: Eleusis (mysterierna), Sicilien (Enna), Lokroi Epizephyrioi<br>Romersk motsvarighet: Ceres<\/p>\t\t\t\t\t\t\t\t<\/div>\n\t\t\t\t\t<\/div>\n\t\t\t\t<\/div>\n\t\t\t\t\t<\/div>\n\t\t\t\t<\/div>\n\t\t\t\t\t<\/div>\n\t\t\t\t<\/div>\n\t\t<div class=\"elementor-element elementor-element-18613602 e-flex e-con-boxed e-con e-parent\" data-id=\"18613602\" data-element_type=\"container\" data-e-type=\"container\">\n\t\t\t\t\t<div class=\"e-con-inner\">\n\t\t\t\t<div class=\"elementor-element elementor-element-262b8a9f elementor-widget elementor-widget-heading\" data-id=\"262b8a9f\" data-element_type=\"widget\" data-e-type=\"widget\" data-widget_type=\"heading.default\">\n\t\t\t\t\t<h2 class=\"elementor-heading-title elementor-size-default\">Kontext<\/h2>\t\t\t\t<\/div>\n\t\t<div class=\"elementor-element elementor-element-46dcb7d e-con-full e-flex e-con e-child\" data-id=\"46dcb7d\" data-element_type=\"container\" data-e-type=\"container\">\n\t\t<div class=\"elementor-element elementor-element-61d3ab3 e-flex e-con-boxed e-con e-child\" data-id=\"61d3ab3\" data-element_type=\"container\" data-e-type=\"container\">\n\t\t\t\t\t<div class=\"e-con-inner\">\n\t\t\t\t<div class=\"elementor-element elementor-element-117c166 elementor-widget elementor-widget-heading\" data-id=\"117c166\" data-element_type=\"widget\" data-e-type=\"widget\" data-widget_type=\"heading.default\">\n\t\t\t\t\t<h3 class=\"elementor-heading-title elementor-size-default\">Texternas tidsperiod<\/h3>\t\t\t\t<\/div>\n\t\t\t\t<div class=\"elementor-element elementor-element-73997a0 elementor-widget elementor-widget-text-editor\" data-id=\"73997a0\" data-element_type=\"widget\" data-e-type=\"widget\" data-widget_type=\"text-editor.default\">\n\t\t\t\t\t\t\t\t\t<p><span data-nosnippet>Demeter \u00e4r litter\u00e4rt belagd sedan Hesiodos (8. \u00e5rh. f.Kr.); den centrala <em>homeriska Demeterhymnen<\/em> (7.\/6. \u00e5rh. f.Kr.) ber\u00e4ttar <span class=\"iwg-fachbegriff\" data-tooltip=\"En \u00f6verl\u00e4mnad ber\u00e4ttelse om gudar, ursprung och v\u00e4rldens ordning.\" tabindex=\"0\">myten<\/span> om Persefones bortf\u00f6rande. H\u00f6jdpunkten f\u00f6r Demeterkulten var de <em>eleusinska mysterierna<\/em>, en av den antika v\u00e4rldens viktigaste mysteriekulter, som p\u00e5gick kontinuerligt i n\u00e4stan 2000 \u00e5r, fr\u00e5n ca 7. \u00e5rh. f.Kr. till 392 e.Kr. (st\u00e4ngning genom Theodosius).<\/span><\/p><p>Under romersk tid spreds den parallellt som Ceres tillsammans med Demeter-mysterie-<span class=\"iwg-fachbegriff\" data-tooltip=\"Samtliga religi\u00f6sa v\u00f6rdnadshandlingar f\u00f6r en gudom eller helig gestalt.\" tabindex=\"0\">kulten<\/span>.<\/p>\t\t\t\t\t\t\t\t<\/div>\n\t\t\t\t\t<\/div>\n\t\t\t\t<\/div>\n\t\t<div class=\"elementor-element elementor-element-d47b156 e-flex e-con-boxed e-con e-child\" data-id=\"d47b156\" data-element_type=\"container\" data-e-type=\"container\">\n\t\t\t\t\t<div class=\"e-con-inner\">\n\t\t\t\t<div class=\"elementor-element elementor-element-ff38c2b elementor-widget elementor-widget-heading\" data-id=\"ff38c2b\" data-element_type=\"widget\" data-e-type=\"widget\" data-widget_type=\"heading.default\">\n\t\t\t\t\t<h3 class=\"elementor-heading-title elementor-size-default\">Utbredningsomr\u00e5de<\/h3>\t\t\t\t<\/div>\n\t\t\t\t<div class=\"elementor-element elementor-element-4e49fcc elementor-widget elementor-widget-text-editor\" data-id=\"4e49fcc\" data-element_type=\"widget\" data-e-type=\"widget\" data-widget_type=\"text-editor.default\">\n\t\t\t\t\t\t\t\t\t<p>Huvudkultplats: <strong>Eleusis<\/strong> n\u00e4ra Aten (de mest ber\u00f6mda mysterierna). Dessutom: Sicilien (Enna som f\u00f6rmodad plats f\u00f6r Persefones bortf\u00f6rande), Lokroi Epizephyrioi (sydital. special-<span class=\"iwg-fachbegriff\" data-tooltip=\"Samtliga religi\u00f6sa v\u00f6rdnadshandlingar f\u00f6r en gudom eller helig gestalt.\" tabindex=\"0\">kult<\/span> med pinakes), Korint, Syrakusa, Hermione (Argolis). I hela det hellenistiska Medelhavsomr\u00e5det, s\u00e4rskilt i den jordbruksdominerade offentligheten. Tempelanl\u00e4ggningen i Eleusis \u00e4r delvis bevarad idag (Telesterion, mysteriernas initiationsrum).<\/p>\t\t\t\t\t\t\t\t<\/div>\n\t\t\t\t\t<\/div>\n\t\t\t\t<\/div>\n\t\t\t\t<\/div>\n\t\t<div class=\"elementor-element elementor-element-db03c39 e-con-full e-flex e-con e-child\" data-id=\"db03c39\" data-element_type=\"container\" data-e-type=\"container\">\n\t\t<div class=\"elementor-element elementor-element-229a87b e-flex e-con-boxed e-con e-child\" data-id=\"229a87b\" data-element_type=\"container\" data-e-type=\"container\">\n\t\t\t\t\t<div class=\"e-con-inner\">\n\t\t\t\t<div class=\"elementor-element elementor-element-1f471fc elementor-widget elementor-widget-heading\" data-id=\"1f471fc\" data-element_type=\"widget\" data-e-type=\"widget\" data-widget_type=\"heading.default\">\n\t\t\t\t\t<h3 class=\"elementor-heading-title elementor-size-default\">K\u00e4ll\u00e4ge<\/h3>\t\t\t\t<\/div>\n\t\t\t\t<div class=\"elementor-element elementor-element-36b1201 elementor-widget elementor-widget-text-editor\" data-id=\"36b1201\" data-element_type=\"widget\" data-e-type=\"widget\" data-widget_type=\"text-editor.default\">\n\t\t\t\t\t\t\t\t\t<p>Centrala k\u00e4llor: <em>Homeriska hymnen till Demeter<\/em> (standardtext), Hesiodos <em>Theogonin<\/em>, Pausanias <em>Beskrivning av Grekland<\/em> (Eleusis-kapitlet), <em>Lokroi-pinakes<\/em> (sydital. lertavlor), inskriptioner fr\u00e5n Eleusis. Sekund\u00e4rlitteratur: Burkert, <em><span class=\"iwg-fachbegriff\" data-tooltip=\"Epok av grekisk och romersk kultur, ungef\u00e4r 800 f.Kr. till 600 e.Kr.\" tabindex=\"0\">Antike<\/span> Mysterien<\/em> och <em>Griechische Religion<\/em>; Foley, <em>The Homeric Hymn to Demeter<\/em>; Clinton, <em>The Eleusinian Mysteries<\/em>.<\/p>\t\t\t\t\t\t\t\t<\/div>\n\t\t\t\t\t<\/div>\n\t\t\t\t<\/div>\n\t\t\t\t<\/div>\n\t\t\t\t\t<\/div>\n\t\t\t\t<\/div>\n\t\t<div class=\"elementor-element elementor-element-3ae0637c e-flex e-con-boxed e-con e-parent\" data-id=\"3ae0637c\" data-element_type=\"container\" data-e-type=\"container\">\n\t\t\t\t\t<div class=\"e-con-inner\">\n\t\t\t\t<div class=\"elementor-element elementor-element-31d07739 elementor-widget elementor-widget-heading\" data-id=\"31d07739\" data-element_type=\"widget\" data-e-type=\"widget\" data-widget_type=\"heading.default\">\n\t\t\t\t\t<h2 class=\"elementor-heading-title elementor-size-default\">Namn och varianter<\/h2>\t\t\t\t<\/div>\n\t\t<div class=\"elementor-element elementor-element-b7642947 e-con-full e-flex e-con e-child\" data-id=\"b7642947\" data-element_type=\"container\" data-e-type=\"container\">\n\t\t\t\t<div class=\"elementor-element elementor-element-a086266 elementor-widget elementor-widget-text-editor\" data-id=\"a086266\" data-element_type=\"widget\" data-e-type=\"widget\" data-widget_type=\"text-editor.default\">\n\t\t\t\t\t\t\t\t\t<p>Demeter avbildas som en v\u00e4rdig, mogen kvinna, ofta med s\u00e4desax i h\u00e5ret eller i h\u00e4nderna.<\/p><p>Hennes symboler \u00e4r vete och korn, facklan (som hon bar under s\u00f6kandet efter Persefone), ymnighetshornet (\u00f6verfl\u00f6d), ibland \u00e4ven vallmofr\u00f6n (ett rusgivande \u00e4mne, <span class=\"iwg-fachbegriff\" data-tooltip=\"Ett tecken som st\u00e5r f\u00f6r en f\u00f6rest\u00e4llning eller betydelse.\" tabindex=\"0\">symbol<\/span> f\u00f6r mysterierna). Hon b\u00e4r fl\u00f6dande dr\u00e4kter, ibland en sl\u00f6ja. Hennes djur \u00e4r ormen (ktonisk, kopplad till underjorden).<\/p>\t\t\t\t\t\t\t\t<\/div>\n\t\t\t\t<\/div>\n\t\t\t\t\t<\/div>\n\t\t\t\t<\/div>\n\t\t<div class=\"elementor-element elementor-element-709a44a8 e-flex e-con-boxed e-con e-parent\" data-id=\"709a44a8\" data-element_type=\"container\" data-e-type=\"container\">\n\t\t\t\t\t<div class=\"e-con-inner\">\n\t\t\t\t<div class=\"elementor-element elementor-element-2f585873 elementor-widget elementor-widget-heading\" data-id=\"2f585873\" data-element_type=\"widget\" data-e-type=\"widget\" data-widget_type=\"heading.default\">\n\t\t\t\t\t<h2 class=\"elementor-heading-title elementor-size-default\">V\u00e4sensdrag<\/h2>\t\t\t\t<\/div>\n\t\t<div class=\"elementor-element elementor-element-70621c12 e-con-full e-flex e-con e-child\" data-id=\"70621c12\" data-element_type=\"container\" data-e-type=\"container\">\n\t\t\t\t<div class=\"elementor-element elementor-element-4296eb49 elementor-widget elementor-widget-text-editor\" data-id=\"4296eb49\" data-element_type=\"widget\" data-e-type=\"widget\" data-widget_type=\"text-editor.default\">\n\t\t\t\t\t\t\t\t\t<p>Demeter dyrkas huvudsakligen inom de eleusinska mysterierna, d\u00e4r hennes <span class=\"iwg-fachbegriff\" data-tooltip=\"En \u00f6verl\u00e4mnad ber\u00e4ttelse om gudar, ursprung och v\u00e4rldens ordning.\" tabindex=\"0\">myt<\/span> \u00e5teruppf\u00f6rs. Hon \u00e5kallas av b\u00f6nder och s\u00e5dare. Hennes offerg\u00e5vor \u00e4r frukt, s\u00e4d-<span class=\"iwg-fachbegriff\" data-tooltip=\"G\u00e5va till en gudom f\u00f6r att uttrycka tack, b\u00f6n eller v\u00f6rdnad.\" tabindex=\"0\">offer<\/span> och vin. I Eleusis utf\u00f6rs hemliga riter, och initierade sv\u00e4r tystnadsplikt.<\/p><p>Mysterierna utlovar de troende ett b\u00e4ttre \u00f6de i livet efter detta. Demeters vrede (frost och sv\u00e4lt n\u00e4r hon saknar Persefone) visar hennes makt: utan hennes n\u00e5d sv\u00e4lter v\u00e4rlden. Hon \u00e4r en av f\u00e5 gudomar med direkt makt \u00f6ver m\u00e4nsklighetens \u00f6verlevnad.<\/p><p><strong>Utseende och symbolik<\/strong><\/p><p>Demeter avbildas som en mogen, v\u00e4rdig kvinna, ofta med s\u00e4desax i h\u00e5ret eller i h\u00e4nderna, ibland med en fackla, <span class=\"iwg-fachbegriff\" data-tooltip=\"Ett tecken som st\u00e5r f\u00f6r en f\u00f6rest\u00e4llning eller betydelse.\" tabindex=\"0\">symbol<\/span> f\u00f6r hennes desperata s\u00f6kande efter Persefone. Facklan framst\u00e4lls som ett tidl\u00f6st attribut hos henne. S\u00e4den, kornet och vetet \u00e4r hennes fr\u00e4msta attribut.<\/p><p>Vallmon var helig f\u00f6r henne (p\u00e5 grund av dess opiumhaltiga egenskaper som ger gl\u00f6mska). Svinet var hennes heliga djur, ett offerdjur f\u00f6r hennes mysterier. Hennes f\u00e4rg var guldgul som moget s\u00e4d. Till skillnad fr\u00e5n andra gudar bar hon v\u00e4rdighet utan h\u00f6gmod; hon var moder till all v\u00e4xtlighet, tillg\u00e4nglig och samtidigt grundl\u00e4ggande f\u00f6r m\u00e4nsklighetens \u00f6verlevnad.<\/p>\t\t\t\t\t\t\t\t<\/div>\n\t\t\t\t<\/div>\n\t\t\t\t\t<\/div>\n\t\t\t\t<\/div>\n\t\t<div class=\"elementor-element elementor-element-44e71476 e-flex e-con-boxed e-con e-parent\" data-id=\"44e71476\" data-element_type=\"container\" data-e-type=\"container\">\n\t\t\t\t\t<div class=\"e-con-inner\">\n\t\t\t\t<div class=\"elementor-element elementor-element-3c1fc3f0 elementor-widget elementor-widget-heading\" data-id=\"3c1fc3f0\" data-element_type=\"widget\" data-e-type=\"widget\" data-widget_type=\"heading.default\">\n\t\t\t\t\t<h2 class=\"elementor-heading-title elementor-size-default\">Profil: Demeter<\/h2>\t\t\t\t<\/div>\n\t\t<div class=\"elementor-element elementor-element-84f33b8e e-con-full e-flex e-con e-child\" data-id=\"84f33b8e\" data-element_type=\"container\" data-e-type=\"container\">\n\t\t\t\t<div class=\"elementor-element elementor-element-hqkdc67p elementor-widget elementor-widget-text-editor\" data-id=\"hqkdc67p\" data-element_type=\"widget\" data-e-type=\"widget\" data-widget_type=\"text-editor.default\">\n\t\t\t\t\t\t\t\t\t<p>De viktigaste aspekterna av Demeter i korthet. F\u00f6ljande f\u00e4lt sammanfattar ursprung, funktion, utseende, v\u00f6rdnad, symboler och paralleller.<\/p>\t\t\t\t\t\t\t\t<\/div>\n\t\t\t\t<\/div>\n\t\t<div class=\"elementor-element elementor-element-pemmx7c5 e-con-full e-flex e-con e-child\" data-id=\"pemmx7c5\" data-element_type=\"container\" data-e-type=\"container\">\n\t\t<div class=\"elementor-element elementor-element-pemmx7c1 e-con-full e-flex e-con e-child\" data-id=\"pemmx7c1\" data-element_type=\"container\" data-e-type=\"container\">\n\t\t<div class=\"elementor-element elementor-element-qh9oavvu iwg-steckbrief-card e-flex e-con-boxed e-con e-child\" data-id=\"qh9oavvu\" data-element_type=\"container\" data-e-type=\"container\">\n\t\t\t\t\t<div class=\"e-con-inner\">\n\t\t\t\t<div class=\"elementor-element elementor-element-awzx8k2k elementor-widget elementor-widget-heading\" data-id=\"awzx8k2k\" data-element_type=\"widget\" data-e-type=\"widget\" data-widget_type=\"heading.default\">\n\t\t\t\t\t<div class=\"elementor-heading-title elementor-size-default\">Demeters ursprung<\/div>\t\t\t\t<\/div>\n\t\t\t\t<div class=\"elementor-element elementor-element-x6rowhv0 elementor-widget elementor-widget-text-editor\" data-id=\"x6rowhv0\" data-element_type=\"widget\" data-e-type=\"widget\" data-widget_type=\"text-editor.default\">\n\t\t\t\t\t\t\t\t\t<p>Demeter \u00e4r dotter till Kronos och Rhea, syster till Zeus, Hera, Hades, Poseidon och Hestia, en av de tv\u00e5 fr\u00e4msta olympiska gudinnorna av titansl\u00e4kten. Mor till Persefone (dotter med Zeus).<\/p><p>Hennes centrala <span class=\"iwg-fachbegriff\" data-tooltip=\"En \u00f6verl\u00e4mnad ber\u00e4ttelse om gudar, ursprung och v\u00e4rldens ordning.\" tabindex=\"0\">myt<\/span>: s\u00f6kandet efter Persefone, som Hades bortf\u00f6rt, under vilket vegetationen f\u00f6rtorkar av hennes sorg; efter Persefones delvisa \u00e5terkomst (tv\u00e5 tredjedelar av \u00e5ret) \u00e5terv\u00e4nder de fruktbara \u00e5rstiderna. <span class=\"iwg-fachbegriff\" data-tooltip=\"Ett tecken som st\u00e5r f\u00f6r en f\u00f6rest\u00e4llning eller betydelse.\" tabindex=\"0\">Symbol<\/span> f\u00f6r den s\u00e4songsbetonade \u00e5terkomsten.<\/p>\t\t\t\t\t\t\t\t<\/div>\n\t\t\t\t\t<\/div>\n\t\t\t\t<\/div>\n\t\t<div class=\"elementor-element elementor-element-8e3o4kxs iwg-steckbrief-card e-flex e-con-boxed e-con e-child\" data-id=\"8e3o4kxs\" data-element_type=\"container\" data-e-type=\"container\">\n\t\t\t\t\t<div class=\"e-con-inner\">\n\t\t\t\t<div class=\"elementor-element elementor-element-08rkdgov elementor-widget elementor-widget-heading\" data-id=\"08rkdgov\" data-element_type=\"widget\" data-e-type=\"widget\" data-widget_type=\"heading.default\">\n\t\t\t\t\t<div class=\"elementor-heading-title elementor-size-default\">Demeters m\u00e5lgrupp<\/div>\t\t\t\t<\/div>\n\t\t\t\t<div class=\"elementor-element elementor-element-uwjelx8s elementor-widget elementor-widget-text-editor\" data-id=\"uwjelx8s\" data-element_type=\"widget\" data-e-type=\"widget\" data-widget_type=\"text-editor.default\">\n\t\t\t\t\t\t\t\t\t<p>Beskyddare av spannm\u00e5lssk\u00f6rden och den jordbrukets fruktbarhet (s\u00e4rskilt vete). I mysterie<span class=\"iwg-fachbegriff\" data-tooltip=\"Den samlade m\u00e4ngden religi\u00f6sa v\u00f6rdnadshandlingar f\u00f6r en gudom eller helig gestalt.\" tabindex=\"0\">kulten<\/span> f\u00f6rmedlar hon de invigda ett lyckligt liv efter detta under sitt och Persefones skydd. <em>Demeter Thesmophoros<\/em> (&bdquo;lagstiftaren&ldquo;) som beskyddare av \u00e4ktenskapet och kvinnornas sammankomster (thesmophoriefesten). I den personliga <span class=\"iwg-fachbegriff\" data-tooltip=\"Den samlade m\u00e4ngden religi\u00f6sa v\u00f6rdnadshandlingar f\u00f6r en gudom eller helig gestalt.\" tabindex=\"0\">kulten<\/span> \u00e4ven <span class=\"iwg-fachbegriff\" data-tooltip=\"Den bedjande eller besv\u00e4rjande tilltalet till en gudom eller makt.\" tabindex=\"0\">\u00e5kallan<\/span> om skydd mot hunger och sjukdom.<\/p>\t\t\t\t\t\t\t\t<\/div>\n\t\t\t\t\t<\/div>\n\t\t\t\t<\/div>\n\t\t<div class=\"elementor-element elementor-element-jm2n74ec iwg-steckbrief-card e-flex e-con-boxed e-con e-child\" data-id=\"jm2n74ec\" data-element_type=\"container\" data-e-type=\"container\">\n\t\t\t\t\t<div class=\"e-con-inner\">\n\t\t\t\t<div class=\"elementor-element elementor-element-8vufse4c elementor-widget elementor-widget-heading\" data-id=\"8vufse4c\" data-element_type=\"widget\" data-e-type=\"widget\" data-widget_type=\"heading.default\">\n\t\t\t\t\t<div class=\"elementor-heading-title elementor-size-default\">Framst\u00e4llning<\/div>\t\t\t\t<\/div>\n\t\t\t\t<div class=\"elementor-element elementor-element-mwb9u015 elementor-widget elementor-widget-text-editor\" data-id=\"mwb9u015\" data-element_type=\"widget\" data-e-type=\"widget\" data-widget_type=\"text-editor.default\">\n\t\t\t\t\t\t\t\t\t<p>Mogen, matronal kvinnogestalt, ofta sittande p\u00e5 en tron. <em>S\u00e4deskrans<\/em> p\u00e5 huvudet, i handen ett <em>s\u00e4desknippe<\/em>, ibland en <em>fackla<\/em> (<span class=\"iwg-fachbegriff\" data-tooltip=\"Ett tecken som representerar en f\u00f6rest\u00e4llning eller betydelse.\" tabindex=\"0\">symbol<\/span> f\u00f6r hennes s\u00f6kande efter Persefone). Lockigt h\u00e5r, ofta t\u00e4ckt av en sl\u00f6ja.<\/p><p>Hudf\u00e4rg guldf\u00e4rgad (kornet). Ofta \u00e5tf\u00f6ljd av <em>Triptolemos<\/em> (ung gud f\u00f6r jordbrukskonsten, hennes elev) och en vagn dragen av ormar. P\u00e5 Lokroi-pinakes ofta i s\u00f6rjande pose. Vid mysterierna avbildad som kr\u00f6nt modergudinna.<\/p>\t\t\t\t\t\t\t\t<\/div>\n\t\t\t\t\t<\/div>\n\t\t\t\t<\/div>\n\t\t\t\t<\/div>\n\t\t<div class=\"elementor-element elementor-element-pemmx7c2 e-con-full e-flex e-con e-child\" data-id=\"pemmx7c2\" data-element_type=\"container\" data-e-type=\"container\">\n\t\t<div class=\"elementor-element elementor-element-37ss2yr6 iwg-steckbrief-card e-flex e-con-boxed e-con e-child\" data-id=\"37ss2yr6\" data-element_type=\"container\" data-e-type=\"container\">\n\t\t\t\t\t<div class=\"e-con-inner\">\n\t\t\t\t<div class=\"elementor-element elementor-element-3v0wp3wx elementor-widget elementor-widget-heading\" data-id=\"3v0wp3wx\" data-element_type=\"widget\" data-e-type=\"widget\" data-widget_type=\"heading.default\">\n\t\t\t\t\t<div class=\"elementor-heading-title elementor-size-default\">Verksamhet<\/div>\t\t\t\t<\/div>\n\t\t\t\t<div class=\"elementor-element elementor-element-w3247g2m elementor-widget elementor-widget-text-editor\" data-id=\"w3247g2m\" data-element_type=\"widget\" data-e-type=\"widget\" data-widget_type=\"text-editor.default\">\n\t\t\t\t\t\t\t\t\t<p><strong>Verkningsomr\u00e5de:<\/strong> Demeter \u00e5kallades av b\u00f6nder f\u00f6re och efter sk\u00f6rden. Hennes viktigaste fester: <em>Thesmophorierna<\/em> (tredagars kvinnofest p\u00e5 h\u00f6sten, vitt spridd), <em>eleusinska mysterierna<\/em> (i Boedromion, ca september; niodagars invigningsfest med lockelse fr\u00e5n hela v\u00e4rlden).<\/p><p>Mysterierna utlovade ett lyckligt liv efter detta under Demeters och Persefones beskydd. Invigda fr\u00e5n hela Medelhavsomr\u00e5det reste till Eleusis. I den personliga <span class=\"iwg-fachbegriff\" data-tooltip=\"Den samlade m\u00e4ngden religi\u00f6sa v\u00f6rdnadshandlingar f\u00f6r en gudom eller helig gestalt.\" tabindex=\"0\">kulten<\/span> \u00e5kallades hon som modergudinna, s\u00e4rskilt av kvinnor.<\/p>\t\t\t\t\t\t\t\t<\/div>\n\t\t\t\t\t<\/div>\n\t\t\t\t<\/div>\n\t\t<div class=\"elementor-element elementor-element-0qpjal9w iwg-steckbrief-card e-flex e-con-boxed e-con e-child\" data-id=\"0qpjal9w\" data-element_type=\"container\" data-e-type=\"container\">\n\t\t\t\t\t<div class=\"e-con-inner\">\n\t\t\t\t<div class=\"elementor-element elementor-element-6ndoih0o elementor-widget elementor-widget-heading\" data-id=\"6ndoih0o\" data-element_type=\"widget\" data-e-type=\"widget\" data-widget_type=\"heading.default\">\n\t\t\t\t\t<div class=\"elementor-heading-title elementor-size-default\">Skydd<\/div>\t\t\t\t<\/div>\n\t\t\t\t<div class=\"elementor-element elementor-element-6684tyh9 elementor-widget elementor-widget-text-editor\" data-id=\"6684tyh9\" data-element_type=\"widget\" data-e-type=\"widget\" data-widget_type=\"text-editor.default\">\n\t\t\t\t\t\t\t\t\t<p>S\u00e4deskrans, s\u00e4desknippe (huvudattribut), fackla, vallmo (<span class=\"iwg-fachbegriff\" data-tooltip=\"Ett tecken som representerar en f\u00f6rest\u00e4llning eller betydelse.\" tabindex=\"0\">symbol<\/span> f\u00f6r vegetationens djup), vagn dragen av ormar, svin (huvudoffertdjur), kalathos (h\u00f6g korg). V\u00e4xter: vete, korn, vallmo, granat\u00e4pple (genom kopplingen till Persefone), asfodill. Heliga djur: svin, orm, trana.<\/p>\t\t\t\t\t\t\t\t<\/div>\n\t\t\t\t\t<\/div>\n\t\t\t\t<\/div>\n\t\t<div class=\"elementor-element elementor-element-3lfi7x32 iwg-steckbrief-card e-flex e-con-boxed e-con e-child\" data-id=\"3lfi7x32\" data-element_type=\"container\" data-e-type=\"container\">\n\t\t\t\t\t<div class=\"e-con-inner\">\n\t\t\t\t<div class=\"elementor-element elementor-element-0kg99ga1 elementor-widget elementor-widget-heading\" data-id=\"0kg99ga1\" data-element_type=\"widget\" data-e-type=\"widget\" data-widget_type=\"heading.default\">\n\t\t\t\t\t<div class=\"elementor-heading-title elementor-size-default\">J\u00e4mf\u00f6rbart<\/div>\t\t\t\t<\/div>\n\t\t\t\t<div class=\"elementor-element elementor-element-n0fum6kp elementor-widget elementor-widget-text-editor\" data-id=\"n0fum6kp\" data-element_type=\"widget\" data-e-type=\"widget\" data-widget_type=\"text-editor.default\">\n\t\t\t\t\t\t\t\t\t<p><em>Ceres<\/em> (Rom, n\u00e4stan identisk \u00f6vertagning), <em>Isis<\/em> (Egypten, i hellenistisk tid synkretistiskt \u00f6verlagrad), <em>Inanna\/Ishtar<\/em> (Mesopotamien, delvis, vegetationsaspekt), <em>Hathor<\/em> (Egypten, matronal gudinna), <em>Annapurna<\/em> (Hinduism, ge maten), <em>Sif<\/em> (Germansk, korngudinna), <em>Inari<\/em> (Japan, risgudinna). Den indoeuropeiska roten till korn-modertraditionen \u00e4r igenk\u00e4nnbar i flera spr\u00e5k.<\/p>\t\t\t\t\t\t\t\t<\/div>\n\t\t\t\t\t<\/div>\n\t\t\t\t<\/div>\n\t\t\t\t<\/div>\n\t\t\t\t<\/div>\n\t\t\t\t\t<\/div>\n\t\t\t\t<\/div>\n\t\t<div class=\"elementor-element elementor-element-7533bc7a e-flex e-con-boxed e-con e-parent\" data-id=\"7533bc7a\" data-element_type=\"container\" data-e-type=\"container\">\n\t\t\t\t\t<div class=\"e-con-inner\">\n\t\t\t\t<div class=\"elementor-element elementor-element-2447d18d elementor-widget elementor-widget-heading\" data-id=\"2447d18d\" data-element_type=\"widget\" data-e-type=\"widget\" data-widget_type=\"heading.default\">\n\t\t\t\t\t<h2 class=\"elementor-heading-title elementor-size-default\">Avv\u00e4rjning i vardagen<\/h2>\t\t\t\t<\/div>\n\t\t<div class=\"elementor-element elementor-element-d5d0260c e-con-full e-flex e-con e-child\" data-id=\"d5d0260c\" data-element_type=\"container\" data-e-type=\"container\">\n\t\t\t\t<div class=\"elementor-element elementor-element-341be2ac elementor-widget elementor-widget-text-editor\" data-id=\"341be2ac\" data-element_type=\"widget\" data-e-type=\"widget\" data-widget_type=\"text-editor.default\">\n\t\t\t\t\t\t\t\t\t<div><p><strong>V\u00f6rdnad i vardagen<\/strong><\/p>\n<div><p><strong>Riter och \u00e5kallanden<\/strong><br>\nDe eleusinska mysterierna utlovade de invigda ett gott \u00f6de i livet efter detta. Vid sidan om detta fanns thesmophorierna som kvinnofest och den h\u00f6gtidliga <span class=\"iwg-fachbegriff\" data-tooltip=\"En h\u00f6gtidlig religi\u00f6s procession.\" tabindex=\"0\">processionen<\/span> fr\u00e5n Aten till Eleusis l\u00e4ngs den heliga v\u00e4gen.<\/p><\/div>\n\n<p><strong>Besv\u00e4rjelser och \u00e5kallanden<\/strong><\/p>\n<div><p><strong>Text\u00f6verlevnad och formler<\/strong><br>\nDen homeriska demeterhymnen ber\u00e4ttar om rovet av Persefone och grundandet av mysterierna i Eleusis. Orfiska hymner och eleusinska ritualtexter kompletterar <span class=\"iwg-fachbegriff\" data-tooltip=\"Vidaref\u00f6rmedlingen av kunskap och ber\u00e4ttelser \u00f6ver generationer.\" tabindex=\"0\">\u00f6verl\u00e4mnandet<\/span>.<\/p><\/div>\n\n<p><strong>Amuletter och skyddssymboler<\/strong><\/p>\n<div><p><strong>Materiella <span class=\"iwg-fachbegriff\" data-tooltip=\"Plural av apotropaikon: f\u00f6rem\u00e5l och tecken som ska avv\u00e4rja olycka.\" tabindex=\"0\">apotropaika<\/span> och arkeologiska bel\u00e4gg<\/strong><br>\nS\u00e4desax tj\u00e4nade som <span class=\"iwg-fachbegriff\" data-tooltip=\"En \u00e5sk\u00e5dlig bild som representerar en abstrakt tanke.\" tabindex=\"0\">sinnebild<\/span> f\u00f6r gudinnan, kykeon-drycken som kultdryck. Fr\u00e5n <span class=\"iwg-fachbegriff\" data-tooltip=\"En helig plats till\u00e4gnad v\u00f6rdnaden av en gudom.\" tabindex=\"0\">helgedomen<\/span> i Eleusis kommer ett stort antal votivg\u00e5vor, bland annat sm\u00e5grisfigurer, eftersom svinet var Demeters offerdjur.<\/p><\/div><\/div>\t\t\t\t\t\t\t\t<\/div>\n\t\t\t\t<\/div>\n\t\t\t\t\t<\/div>\n\t\t\t\t<\/div>\n\t\t<div class=\"elementor-element elementor-element-5a584676 e-flex e-con-boxed e-con e-parent\" data-id=\"5a584676\" data-element_type=\"container\" data-e-type=\"container\">\n\t\t\t\t\t<div class=\"e-con-inner\">\n\t\t\t\t<div class=\"elementor-element elementor-element-6d0757bf elementor-widget elementor-widget-heading\" data-id=\"6d0757bf\" data-element_type=\"widget\" data-e-type=\"widget\" data-widget_type=\"heading.default\">\n\t\t\t\t\t<h2 class=\"elementor-heading-title elementor-size-default\">Demeter, paralleller i andra kulturer<\/h2>\t\t\t\t<\/div>\n\t\t<div class=\"elementor-element elementor-element-60563f68 e-con-full e-flex e-con e-child\" data-id=\"60563f68\" data-element_type=\"container\" data-e-type=\"container\">\n\t\t\t\t<div class=\"elementor-element elementor-element-5a93fdd6 elementor-widget elementor-widget-text-editor\" data-id=\"5a93fdd6\" data-element_type=\"widget\" data-e-type=\"widget\" data-widget_type=\"text-editor.default\">\n\t\t\t\t\t\t\t\t\t<p>S\u00e4desgudinnor och fruktbarhetsgudinnor finns \u00f6verallt: Hathor eller Isis (Egypten), Aditi (Indien), Sif (Skandinavien). Demeters sorgecykel liknar Ishtars\/Innannas nedstigning (Mesopotamien) eller Balders d\u00f6d (Skandinavien). De eleusinska mysterierna \u00e4r unika i sin betydelse och hemligh\u00e5llande. Demeters modersroll och hennes jordbruksdom\u00e4n skiljer henne fr\u00e5n andra fruktbarhetsgudinnor som Afrodite eller Hera.<\/p>\t\t\t\t\t\t\t\t<\/div>\n\t\t\t\t<\/div>\n\t\t\t\t\t<\/div>\n\t\t\t\t<\/div>\n\t\t<div class=\"elementor-element elementor-element-cpd026820 e-flex e-con-boxed e-con e-parent\" data-id=\"cpd026820\" data-element_type=\"container\" data-e-type=\"container\">\n\t\t\t\t\t<div class=\"e-con-inner\">\n\t\t\t\t<div class=\"elementor-element elementor-element-cp6c8c568 elementor-widget elementor-widget-heading\" data-id=\"cp6c8c568\" data-element_type=\"widget\" data-e-type=\"widget\" data-widget_type=\"heading.default\">\n\t\t\t\t\t<h2 class=\"elementor-heading-title elementor-size-default\">Demeter och de eleusinska mysterierna<\/h2>\t\t\t\t<\/div>\n\t\t<div class=\"elementor-element elementor-element-cpba462fb e-con-full e-flex e-con e-child\" data-id=\"cpba462fb\" data-element_type=\"container\" data-e-type=\"container\">\n\t\t\t\t<div class=\"elementor-element elementor-element-cp3cc60b0 elementor-widget elementor-widget-text-editor\" data-id=\"cp3cc60b0\" data-element_type=\"widget\" data-e-type=\"widget\" data-widget_type=\"text-editor.default\">\n\t\t\t\t\t\t\t\t\t<p>Den viktigaste <span class=\"iwg-fachbegriff\" data-tooltip=\"Helheten av religi\u00f6sa v\u00f6rdnadshandlingar f\u00f6r en gudom eller helig gestalt.\" tabindex=\"0\">kulten<\/span> f\u00f6r Demeter var den i Eleusis n\u00e4ra Athen.<\/p><p>Den homeriska hymnen till Demeter ber\u00e4ttar hur gudinnan under sitt s\u00f6kande efter sin dotter <a href=\"https:\/\/iwell-guard.com\/sv\/persefone\/\">Persefone<\/a> kommer till Eleusis, d\u00e4r hon tj\u00e4nar som amma i kung Keleos hus och slutligen, efter att hennes gudomliga gestalt har uppenbarats, kr\u00e4ver att ett tempel byggs och hennes riter uppr\u00e4ttas. Denna ber\u00e4ttelse \u00e4r stiftelsemyten f\u00f6r de eleusinska mysterierna.<\/p><p>Mysterierna var en initiationskult som lovade de invigda en gynnsammare utsikt till livet efter d\u00f6den. De firades \u00e5rligen p\u00e5 h\u00f6sten och omfattade en h\u00f6gtidlig <span class=\"iwg-fachbegriff\" data-tooltip=\"En h\u00f6gtidlig religi\u00f6s procession.\" tabindex=\"0\">procession<\/span> fr\u00e5n Athen till Eleusis, reningsriter, fasta och nattliga h\u00f6gtider i helgedomens stora hall.<\/p><p>Om den hemliga k\u00e4rnan, den centrala sk\u00e5dehandlingen, teg de invigda, och denna tystnad bevarades i \u00e5rhundraden. <span class=\"iwg-fachbegriff\" data-tooltip=\"Vetenskapen som unders\u00f6ker religioner j\u00e4mf\u00f6rande och utan trosbindning.\" tabindex=\"0\">Religionsvetenskapen<\/span> kan d\u00e4rf\u00f6r beskriva de yttre ramarna v\u00e4l, men kan inte med s\u00e4kerhet rekonstruera det innersta skeendet.<\/p><p>Betydelsefull \u00e4r kopplingen mellan jordbruk och hopp om ett liv efter detta, som denna <span class=\"iwg-fachbegriff\" data-tooltip=\"Helheten av religi\u00f6sa v\u00f6rdnadshandlingar f\u00f6r en gudom eller helig gestalt.\" tabindex=\"0\">kult<\/span> bygger p\u00e5. Demeter \u00e4r kornets gudinna, och s\u00e4deskornet som l\u00e4ggs i den m\u00f6rka jorden och gror p\u00e5 nytt gav en levande bild f\u00f6r de invigdas hopp.<\/p><p><span class=\"iwg-fachbegriff\" data-tooltip=\"Epok inom grekisk och romersk kultur, cirka 800 f.Kr. till 600 e.Kr.\" tabindex=\"0\">Antika<\/span> vittnesb\u00f6rd fr\u00e5n Pindaros till Cicero visar att mysterierna ans\u00e5gs s\u00e4rskilt v\u00f6rdnadsv\u00e4rda och att invigningen i dem gav tr\u00f6st inf\u00f6r d\u00f6den. <span class=\"iwg-fachbegriff\" data-tooltip=\"En helig plats till\u00e4gnad v\u00f6rdnaden av en gudom.\" tabindex=\"0\">Helgedomen<\/span> i Eleusis var i bruk fram till den kristna <span class=\"iwg-fachbegriff\" data-tooltip=\"\u00d6verg\u00e5ngsepok mellan antiken och medeltiden, cirka 3:e till 7:e \u00e5rhundradet.\" tabindex=\"0\">senantiken<\/span> och f\u00f6rst\u00f6rdes f\u00f6rst i slutet av 300-talet e.Kr.<\/p>\t\t\t\t\t\t\t\t<\/div>\n\t\t\t\t<\/div>\n\t\t\t\t\t<\/div>\n\t\t\t\t<\/div>\n\t\t<div class=\"elementor-element elementor-element-cp52ff014 e-flex e-con-boxed e-con e-parent\" data-id=\"cp52ff014\" data-element_type=\"container\" data-e-type=\"container\">\n\t\t\t\t\t<div class=\"e-con-inner\">\n\t\t\t\t<div class=\"elementor-element elementor-element-cp0dab458 elementor-widget elementor-widget-heading\" data-id=\"cp0dab458\" data-element_type=\"widget\" data-e-type=\"widget\" data-widget_type=\"heading.default\">\n\t\t\t\t\t<h2 class=\"elementor-heading-title elementor-size-default\">Kornets och lantarbetets gudinna<\/h2>\t\t\t\t<\/div>\n\t\t<div class=\"elementor-element elementor-element-cp4efdd9d e-con-full e-flex e-con e-child\" data-id=\"cp4efdd9d\" data-element_type=\"container\" data-e-type=\"container\">\n\t\t\t\t<div class=\"elementor-element elementor-element-cp6b5d17a elementor-widget elementor-widget-text-editor\" data-id=\"cp6b5d17a\" data-element_type=\"widget\" data-e-type=\"widget\" data-widget_type=\"text-editor.default\">\n\t\t\t\t\t\t\t\t\t<p>Demeter \u00e4r i grunden en <span class=\"iwg-fachbegriff\" data-tooltip=\"En som gudomlig v\u00f6rdad varelse inom en religion.\" tabindex=\"0\">gudom<\/span> f\u00f6r jordbruket, mer specifikt f\u00f6r kornet. Hennes namn har tolkats olika av b\u00e5de antika och moderna etymologer; den andra delen, <em>meter<\/em>, betyder mor, medan den f\u00f6rsta \u00e4r omtvistad, varf\u00f6r forskningen f\u00f6rh\u00e5ller sig f\u00f6rsiktig h\u00e4r.<\/p><p>Ostridigt \u00e4r dock hennes verksamhetsomr\u00e5de. Hon ser till att s\u00e4den gror, kornet mognar och sk\u00f6rden lyckas.<\/p><p>Detta ansvarsomr\u00e5de gjorde henne till en av de livsviktiga gudomarna f\u00f6r ett jordbrukssamh\u00e4lle som det <span class=\"iwg-fachbegriff\" data-tooltip=\"Epok inom grekisk och romersk kultur, cirka 800 f.Kr. till 600 e.Kr.\" tabindex=\"0\">antika<\/span> Grekland. Talrika h\u00f6gtider \u00e5tf\u00f6ljde jordbrukets \u00e5rscykel.<\/p><p><em>Thesmophoria<\/em>, en h\u00f6gtid som endast firades av kvinnor, var en av de mest spridda grekiska h\u00f6gtiderna \u00f6ver huvud taget; den var kopplad till s\u00e5dden och innefattade riter d\u00e4r rester av offrade svin gr\u00e4vdes upp igen och blandades in i s\u00e5dden. <em>Haloa<\/em>, <em>Skira<\/em> och andra h\u00f6gtider markerade andra punkter i jordbruks\u00e5ret.<\/p><p>Demeters attribut speglar detta omr\u00e5de. Hon b\u00e4r s\u00e4desax och vallmokapslar, h\u00e5ller en fackla som p\u00e5minner om s\u00f6kandet efter dottern, och f\u00f6rknippas med svinet som offerdjur. I <span class=\"iwg-fachbegriff\" data-tooltip=\"En traderad ber\u00e4ttelse med ofta historisk k\u00e4rna och underbara drag.\" tabindex=\"0\">s\u00e4gnen<\/span> l\u00e4r hon hj\u00e4lten Triptolemos jordbruket och s\u00e4nder honom ut f\u00f6r att sprida kunskapen om kornet bland m\u00e4nniskorna.<\/p><p>D\u00e4rmed \u00e4r Demeter ocks\u00e5 en kulturbringare: den ordnade odlingen av korn ses i grekiskt t\u00e4nkande som ett steg fr\u00e5n ett r\u00e5tt till ett civiliserat levnadss\u00e4tt, och detta steg har m\u00e4nskligheten enligt den mytiska f\u00f6rest\u00e4llningen att tacka gudinnan f\u00f6r.<\/p>\t\t\t\t\t\t\t\t<\/div>\n\t\t\t\t<\/div>\n\t\t\t\t\t<\/div>\n\t\t\t\t<\/div>\n\t\t<div class=\"elementor-element elementor-element-cp98d1202 e-flex e-con-boxed e-con e-parent\" data-id=\"cp98d1202\" data-element_type=\"container\" data-e-type=\"container\">\n\t\t\t\t\t<div class=\"e-con-inner\">\n\t\t\t\t<div class=\"elementor-element elementor-element-cpd6bb02a elementor-widget elementor-widget-heading\" data-id=\"cpd6bb02a\" data-element_type=\"widget\" data-e-type=\"widget\" data-widget_type=\"heading.default\">\n\t\t\t\t\t<h2 class=\"elementor-heading-title elementor-size-default\">Mytiska episoder bortom rovet av Persefone<\/h2>\t\t\t\t<\/div>\n\t\t<div class=\"elementor-element elementor-element-cpd44728e e-con-full e-flex e-con e-child\" data-id=\"cpd44728e\" data-element_type=\"container\" data-e-type=\"container\">\n\t\t\t\t<div class=\"elementor-element elementor-element-cpa129061 elementor-widget elementor-widget-text-editor\" data-id=\"cpa129061\" data-element_type=\"widget\" data-e-type=\"widget\" data-widget_type=\"text-editor.default\">\n\t\t\t\t\t\t\t\t\t<p>\u00c4ven om rovet av dottern \u00e4r den mest k\u00e4nda ber\u00e4ttelsen om Demeter, k\u00e4nner <span class=\"iwg-fachbegriff\" data-tooltip=\"Vidaref\u00f6randet av kunskap och ber\u00e4ttelser genom generationer.\" tabindex=\"0\">traditionen<\/span> till fler episoder som belyser hennes v\u00e4sen. En av dessa \u00e4r ber\u00e4ttelsen om Erysichthon, en kung som l\u00e5ter hugga ner en helig <span class=\"iwg-fachbegriff\" data-tooltip=\"En helig tr\u00e4dlund som tj\u00e4nade som kultplats.\" tabindex=\"0\">lund<\/span> till\u00e4gnad Demeter f\u00f6r att skaffa virke.<\/p><p>Som straff drabbar gudinnan honom med om\u00e4ttlig hunger. Erysichthon f\u00f6rt\u00e4r hela sin egendom, s\u00e4ljer till sist sin egen dotter och \u00e4ter till slut upp sig sj\u00e4lv. Ovidius har gestaltat denna dystra ber\u00e4ttelse i <em>Metamorfoser<\/em>. Den visar Demeter som en makt som obevekligt straffar helger\u00e5n mot hennes heliga platser.<\/p><p>En annan tradition r\u00f6r f\u00f6rbindelsen med heroen Iasion, med vilken Demeter enligt Hesiodos <em>Theogonin<\/em> avlar rikedomens gud Ploutos p\u00e5 en trefaldigt pl\u00f6jd \u00e5ker. Namnet Ploutos betyder \u00f6verfl\u00f6d, och episoden f\u00f6rbinder \u00e5ter Demeter med jordbrukets avkastning och v\u00e4lst\u00e5nd.<\/p><p>I en arkadisk lokal tradition f\u00f6renar sig i st\u00e4llet guden Poseidon i h\u00e4stgestalt med Demeter, och ur denna f\u00f6rbindelse f\u00f6ds underh\u00e4sten Areion. Denna <span class=\"iwg-fachbegriff\" data-tooltip=\"En \u00f6verl\u00e4mnad ber\u00e4ttelse med ofta en historisk k\u00e4rna och underbara drag.\" tabindex=\"0\">s\u00e4gen<\/span> h\u00e4nger samman med <span class=\"iwg-fachbegriff\" data-tooltip=\"Summan av de religi\u00f6sa v\u00f6rdnadshandlingar som \u00e4gnas en gudom eller helig gestalt.\" tabindex=\"0\">kulten<\/span> av Demeter Erinys, eller Demeter Melaina, den svarta Demeter, i Arkadien.<\/p><p>Dessa spridda ber\u00e4ttelser \u00e4r v\u00e4rdefulla f\u00f6r forskningen eftersom de visar att Demeter inte kan reduceras till den enda stora ber\u00e4ttelsen om mor och dotter.<\/p><p>I de lokala traditioner som Pausanias samlade i sin beskrivning av Grekland framtr\u00e4der hon mer m\u00e5ngskiftande och delvis mer arkaisk, till exempel i vredgade, m\u00f6rka eller djurgestaltade aspekter. <span class=\"iwg-fachbegriff\" data-tooltip=\"Vetenskapen som utforskar religioner j\u00e4mf\u00f6rande och utan trosbundenhet.\" tabindex=\"0\">Religionsvetenskapen<\/span> ser i detta lager av olika \u00e5lder som lagrats p\u00e5 varandra i den \u00f6verl\u00e4mnade bilden av Demeter.<\/p>\t\t\t\t\t\t\t\t<\/div>\n\t\t\t\t<\/div>\n\t\t\t\t\t<\/div>\n\t\t\t\t<\/div>\n\t\t<div class=\"elementor-element elementor-element-cp2ec1178 e-flex e-con-boxed e-con e-parent\" data-id=\"cp2ec1178\" data-element_type=\"container\" data-e-type=\"container\">\n\t\t\t\t\t<div class=\"e-con-inner\">\n\t\t\t\t<div class=\"elementor-element elementor-element-cp77b4075 elementor-widget elementor-widget-heading\" data-id=\"cp77b4075\" data-element_type=\"widget\" data-e-type=\"widget\" data-widget_type=\"heading.default\">\n\t\t\t\t\t<h2 class=\"elementor-heading-title elementor-size-default\">Efterliv: fr\u00e5n den romerska Ceres till modern forskning<\/h2>\t\t\t\t<\/div>\n\t\t<div class=\"elementor-element elementor-element-cp19ba471 e-con-full e-flex e-con e-child\" data-id=\"cp19ba471\" data-element_type=\"container\" data-e-type=\"container\">\n\t\t\t\t<div class=\"elementor-element elementor-element-cp61ead26 elementor-widget elementor-widget-text-editor\" data-id=\"cp61ead26\" data-element_type=\"widget\" data-e-type=\"widget\" data-widget_type=\"text-editor.default\">\n\t\t\t\t\t\t\t\t\t<p>Romarna likst\u00e4llde Demeter med sin egen s\u00e4desgudinna <a href=\"https:\/\/iwell-guard.com\/sv\/ceres-romersk-gudinna-sad-jordbruk\/\">Ceres<\/a>, vars namn lever vidare i ord som cerealier \u00e4n i dag. Cereskulten i Rom hade en egen f\u00f6rhistoria och var tidigt f\u00f6rbunden med plebejerna och med stadens spannm\u00e5lsf\u00f6rs\u00f6rjning, men \u00f6vertog med tiden m\u00e5nga drag fr\u00e5n den grekiska Demeter.<\/p><p>D\u00e4rmed \u00f6vergick <span class=\"iwg-fachbegriff\" data-tooltip=\"En \u00f6verl\u00e4mnad ber\u00e4ttelse om gudar, ursprung och v\u00e4rldens ordning.\" tabindex=\"0\">myten<\/span> om rovet av dottern, gestaltad p\u00e5 latin av Ovidius och andra diktare, till den romerska och senare till den europeiska litteraturen.<\/p><p>I den efterantika konsten och diktningen framtr\u00e4der Demeter, oftast under namnet Ceres, som personifierad fruktbarhet och som sommaren i \u00e5rstidsframst\u00e4llningarna. Den allegoriska tolkningen av Persephonemyten som en bild av vegetationscykeln var redan vanlig under <span class=\"iwg-fachbegriff\" data-tooltip=\"Epoken f\u00f6r den grekiska och romerska kulturen, cirka 800 f.Kr. till 600 e.Kr.\" tabindex=\"0\">antiken<\/span> och f\u00f6rblev s\u00e5 fram till nya tiden.<\/p><p>Den vetenskapliga syssels\u00e4ttningen med Demeter under 1800- och 1900-talet var n\u00e4ra f\u00f6rbunden med debatten om moderskulter och f\u00f6rh\u00e5llandet mellan <span class=\"iwg-fachbegriff\" data-tooltip=\"En \u00f6verl\u00e4mnad ber\u00e4ttelse om gudar, ursprung och v\u00e4rldens ordning.\" tabindex=\"0\">myt<\/span> och <span class=\"iwg-fachbegriff\" data-tooltip=\"En fastst\u00e4lld, \u00e5terkommande religi\u00f6s handling.\" tabindex=\"0\">rit<\/span>. \u00c4ldre teorier s\u00e5g i Demeter en ren vegetationsgudom eller f\u00f6rknippade henne med spekulationer om en f\u00f6rhistorisk moderr\u00e4tt; dessa syns\u00e4tt betraktas i dag som f\u00f6r\u00e5ldrade.<\/p><p>Den nyare forskningen, till exempel Walter Burkert i sin <em>Griechische Religion<\/em> och specialstudier om Eleusis, betonar i st\u00e4llet gudinnans konkreta kultiska och sociala funktion: hennes betydelse f\u00f6r mattryggheten, f\u00f6r kvinnornas rituella v\u00e4rld i Thesmophoria och f\u00f6r de invigdas hopp om ett liv efter detta.<\/p><p>Demeter f\u00f6rblir d\u00e4rmed ett centralt exempel p\u00e5 hur n\u00e4ra grekisk religion var sammanfl\u00e4tad med livets grundvillkor, med f\u00f6da, d\u00f6d och hopp.<\/p>\t\t\t\t\t\t\t\t<\/div>\n\t\t\t\t<\/div>\n\t\t\t\t\t<\/div>\n\t\t\t\t<\/div>\n\t\t<div class=\"elementor-element elementor-element-36dd7469 e-flex e-con-boxed e-con e-parent\" data-id=\"36dd7469\" data-element_type=\"container\" data-e-type=\"container\">\n\t\t\t\t\t<div class=\"e-con-inner\">\n\t\t\t\t<div class=\"elementor-element elementor-element-13760ab4 elementor-widget elementor-widget-heading\" data-id=\"13760ab4\" data-element_type=\"widget\" data-e-type=\"widget\" data-widget_type=\"heading.default\">\n\t\t\t\t\t<h2 class=\"elementor-heading-title elementor-size-default\">Vidare l\u00e4nkar<\/h2>\t\t\t\t<\/div>\n\t\t<div class=\"elementor-element elementor-element-28c87796 e-con-full e-flex e-con e-child\" data-id=\"28c87796\" data-element_type=\"container\" data-e-type=\"container\">\n\t\t\t\t<div class=\"elementor-element elementor-element-5d6538df elementor-widget elementor-widget-text-editor\" data-id=\"5d6538df\" data-element_type=\"widget\" data-e-type=\"widget\" data-widget_type=\"text-editor.default\">\n\t\t\t\t\t\t\t\t\t<ul><li><a href=\"https:\/\/iwell-guard.com\/sv\/persefone\/\">Persephone, dotter<\/a><\/li><li><a href=\"https:\/\/iwell-guard.com\/sv\/hades\/\">Hades, sv&aring;ger och sv&auml;rson<\/a><\/li><li><a href=\"https:\/\/iwell-guard.com\/sv\/hekate\/\">Hekate, f&ouml;ljeslagare i myten<\/a><\/li><li><a href=\"https:\/\/iwell-guard.com\/sv\/afrodite\/\">Aphrodite, &auml;ven &ouml;verl&auml;mnad i Eleusis<\/a><\/li><li><a href=\"https:\/\/iwell-guard.com\/sv\/grekland\/\">Grekland, panteon&ouml;versikt<\/a><\/li><li><a href=\"https:\/\/iwell-guard.com\/sv\/hoggudomar\/\">H&ouml;ggudomar, underkategori<\/a><\/li><li><a href=\"https:\/\/iwell-guard.com\/sv\/gudar\/\">Gudar, klass&ouml;versikt<\/a><\/li><\/ul>\t\t\t\t\t\t\t\t<\/div>\n\t\t\t\t<\/div>\n\t\t\t\t\t<\/div>\n\t\t\t\t<\/div>\n\t\t<div class=\"elementor-element elementor-element-grl4kl40 e-flex e-con-boxed e-con e-parent\" data-id=\"grl4kl40\" data-element_type=\"container\" data-e-type=\"container\">\n\t\t\t\t\t<div class=\"e-con-inner\">\n\t\t\t\t<div class=\"elementor-element elementor-element-bzsbfrmh elementor-widget elementor-widget-heading\" data-id=\"bzsbfrmh\" data-element_type=\"widget\" data-e-type=\"widget\" data-widget_type=\"heading.default\">\n\t\t\t\t\t<h2 class=\"elementor-heading-title elementor-size-default\">Litteratur (urval)<\/h2>\t\t\t\t<\/div>\n\t\t<div class=\"elementor-element elementor-element-2c13224a e-con-full e-flex e-con e-child\" data-id=\"2c13224a\" data-element_type=\"container\" data-e-type=\"container\">\n\t\t\t\t<div class=\"elementor-element elementor-element-0eymh9ub elementor-widget elementor-widget-text-editor\" data-id=\"0eymh9ub\" data-element_type=\"widget\" data-e-type=\"widget\" data-widget_type=\"text-editor.default\">\n\t\t\t\t\t\t\t\t\t<footer class=\"iwg-literatur\" data-nosnippet=\"true\"><ul><li><span data-nosnippet>Burkert, Walter: <em><span class=\"iwg-fachbegriff\" data-tooltip=\"Epoken f\u00f6r den grekiska och romerska kulturen, cirka 800 f.Kr. till 600 e.Kr.\" tabindex=\"0\">Antike<\/span> Mysterien. Funktionen und Gehalt<\/em>. M&uuml;nchen 1990.<\/span><\/li><li><span data-nosnippet>Foley, Helene P.: <em>The Homeric Hymn to Demeter<\/em>. Princeton 1994.<\/span><\/li><li><span data-nosnippet>Clinton, Kevin: <em>Myth and Cult. The Iconography of the Eleusinian Mysteries<\/em>. Stockholm 1992.<\/span><\/li><li>Pausanias: <em>Beschreibung Griechenlands<\/em>, Bok I (Eleusis).<\/li><li>Walde, Christine (red.): <em>Der Neue Pauly<\/em> (uppslagsordet &bdquo;Demeter&ldquo;).<\/li><\/ul><\/footer>\n<p class=\"iwg-bib-more\"><span data-nosnippet>Fler standardverk i <a href=\"https:\/\/iwell-guard.com\/sv\/litteratur\/\">litteraturf&ouml;rteckningen<\/a>.<\/span><\/p>\t\t\t\t\t\t\t\t<\/div>\n\t\t\t\t<\/div>\n\t\t\t\t\t<\/div>\n\t\t\t\t<\/div>\n\t\t<div class=\"elementor-element elementor-element-iwgkw2-add-demeter e-flex e-con-boxed e-con e-parent\" data-id=\"iwgkw2-add-demeter\" data-element_type=\"container\" data-e-type=\"container\">\n\t\t\t\t\t<div class=\"e-con-inner\">\n\t\t\t\t<div class=\"elementor-element elementor-element-iwgkw2-add-demeter-t elementor-widget elementor-widget-text-editor\" data-id=\"iwgkw2-add-demeter-t\" data-element_type=\"widget\" data-e-type=\"widget\" data-widget_type=\"text-editor.default\">\n\t\t\t\t\t\t\t\t\t<p>I den grekiska <em><span class=\"iwg-fachbegriff\" data-tooltip=\"Summan av en kulturs \u00f6verl\u00e4mnade gudaber\u00e4ttelser.\" tabindex=\"0\">mytologin<\/span><\/em> framtr\u00e4der Demeter som gudinnan f\u00f6r \u00e5kerbruket och s\u00e5dden, vars sorg \u00f6ver den bortf\u00f6rda dottern Persephone f\u00f6rklarar \u00e5rstidsv\u00e4xlingen och som liturgiskt \u00e5terupplevdes i <span class=\"iwg-fachbegriff\" data-tooltip=\"Summan av de religi\u00f6sa v\u00f6rdnadshandlingar som \u00e4gnas en gudom eller helig gestalt.\" tabindex=\"0\">kulten<\/span> i Eleusis.<\/p>\t\t\t\t\t\t\t\t<\/div>\n\t\t\t\t\t<\/div>\n\t\t\t\t<\/div>\n\t\t<div class=\"elementor-element elementor-element-68e4f5d e-con-boxed e-flex e-con e-parent\" data-id=\"68e4f5d\" data-element_type=\"container\" data-e-type=\"container\">\n\t\t\t\t\t<div class=\"e-con-inner\">\n\t\t\t\t<div class=\"elementor-element elementor-element-0e12a22 elementor-widget elementor-widget-text-editor\" data-id=\"0e12a22\" data-element_type=\"widget\" data-e-type=\"widget\" data-widget_type=\"text-editor.default\">\n\t\t\t\t\t\t\t\t\t\n<h2>Vanliga fr\u00e5gor om Demeter<\/h2>\n<div class=\"iwg-faq-q\"><h3>Vem \u00e4r Demeter i den grekiska <span class=\"iwg-fachbegriff\" data-tooltip=\"Den samlade m\u00e4ngden \u00f6verl\u00e4mnade gudaber\u00e4ttelser inom en kultur.\" tabindex=\"0\">mytologin<\/span>?<\/h3><p>Demeter (\u00e4ven Damater, ungef\u00e4r jordmodern) \u00e4r den grekiska gudinnan f\u00f6r fruktbarhet, jordbruk och sk\u00f6rd, en av de tolv olympiska gudarna. Hon \u00e4r syster till Zeus och mor till Persefone. Hennes romerska motsvarighet \u00e4r Ceres (varifr\u00e5n ordet cereal h\u00e4rstammar).<\/p><p>Den centrala <span class=\"iwg-fachbegriff\" data-tooltip=\"En \u00f6verl\u00e4mnad ber\u00e4ttelse om gudar, ursprung och v\u00e4rldens ordning.\" tabindex=\"0\">myten<\/span>: Hades r\u00f6var bort Persefone, Demeter s\u00f6rjer s\u00e5 djupt att jorden blir f\u00f6rtorkad; en kompromiss med Hades g\u00f6r Persefones \u00e5rliga \u00e5terkomst m\u00f6jlig. Detta \u00e4r den mytologiska f\u00f6rklaringen till \u00e5rscykeln av fruktbarhet och tr\u00e4da.<\/p><\/div>\n<div class=\"iwg-faq-q\"><h3>Vilken roll har Demeter i de eleusinska mysterierna?<\/h3><p>Demeter \u00e4r huvudgudinnan i de eleusinska mysterierna, den viktigaste mysteriekulten i det antika Grekland. <span class=\"iwg-fachbegriff\" data-tooltip=\"En \u00f6verl\u00e4mnad ber\u00e4ttelse om gudar, ursprung och v\u00e4rldens ordning.\" tabindex=\"0\">Myten<\/span>: Under s\u00f6kandet efter Persefone kom Demeter i trasiga kl\u00e4der till Eleusis och togs d\u00e4r g\u00e4stv\u00e4nligt emot av kungen.<\/p><p><span data-nosnippet>Hon uppenbarade sin sanna identitet f\u00f6r inv\u00e5narna i Eleusis samt kornets mysterium: den som f\u00f6rst\u00e5r hemligheten bakom s\u00e4dens \u00e5terf\u00f6delse kan ocks\u00e5 hoppas p\u00e5 sin egen uppst\u00e5ndelse. <span class=\"iwg-fachbegriff\" data-tooltip=\"Rituell \u00f6verg\u00e5ng genom vilken n\u00e5gon upptas i en ny status eller gemenskap.\" tabindex=\"0\">Invigningen<\/span> vid de stora eleusinierna (i september) utlovade de invigda ett lyckligare liv efter d\u00f6den. Mysteriekulten h\u00f6lls str\u00e4ngt hemlig och ut\u00f6vades under n\u00e4rmare 2000 \u00e5r.<\/span><\/p><\/div>\n<script type=\"application\/ld+json\">{\"@context\":\"https:\/\/schema.org\",\"@type\":\"FAQPage\",\"mainEntity\":[{\"@type\":\"Question\",\"name\":\"Vem \u00e4r Demeter i den grekiska mytologin?\",\"acceptedAnswer\":{\"@type\":\"Answer\",\"text\":\"Demeter (\u00e4ven Damater, ungef\u00e4r jordmodern) \u00e4r den grekiska gudinnan f\u00f6r fruktbarhet, jordbruk och sk\u00f6rd, en av de tolv olympiska gudarna. Hon \u00e4r syster till Zeus och mor till Persefone. Hennes romerska motsvarighet \u00e4r Ceres (varifr\u00e5n ordet cereal h\u00e4rstammar).Den centrala myten: Hades r\u00f6var bort Persefone, Demeter s\u00f6rjer s\u00e5 djupt att jorden blir f\u00f6rtorkad; en kompromiss med Hades g\u00f6r Persefones \u00e5rliga \u00e5terkomst m\u00f6jlig. Detta \u00e4r den mytologiska f\u00f6rklaringen till \u00e5rscykeln av fruktbarhet och tr\u00e4da.\"}},{\"@type\":\"Question\",\"name\":\"Vilken roll har Demeter i de eleusinska mysterierna?\",\"acceptedAnswer\":{\"@type\":\"Answer\",\"text\":\"Demeter \u00e4r huvudgudinnan i de eleusinska mysterierna, den viktigaste mysteriekulten i det antika Grekland. Myten: Under s\u00f6kandet efter Persefone kom Demeter i trasiga kl\u00e4der till Eleusis och togs d\u00e4r g\u00e4stv\u00e4nligt emot av kungen.Hon uppenbarade sin sanna identitet f\u00f6r inv\u00e5narna i Eleusis samt kornets mysterium: den som f\u00f6rst\u00e5r hemligheten bakom s\u00e4dens \u00e5terf\u00f6delse kan ocks\u00e5 hoppas p\u00e5 sin egen uppst\u00e5ndelse. Invigningen vid de stora eleusinierna (i september) utlovade de invigda ett lyckligare liv efter d\u00f6den. Mysteriekulten h\u00f6lls str\u00e4ngt hemlig och ut\u00f6vades under n\u00e4rmare 2000 \u00e5r.\"}}]}<\/script>\t\t\t\t\t\t\t\t<\/div>\n\t\t\t\t\t<\/div>\n\t\t\t\t<\/div>\n\t\t\t\t<\/div>\n\t\t","protected":false},"excerpt":{"rendered":"","protected":false},"author":3,"featured_media":1581,"parent":0,"menu_order":0,"comment_status":"closed","ping_status":"closed","template":"elementor_header_footer","meta":{"_yoast_wpseo_focuskw":"Demeter","_yoast_wpseo_title":"Demeter \u2013 grekisk gudinna f\u00f6r s\u00e4d","_yoast_wpseo_metadesc":"Gudinna f\u00f6r s\u00e4d, fruktbarhet och Persefones mor. De eleusinska mysterierna, sk\u00f6rdecykler och m\u00e4nsklighetens \u00f6verlevnad.","_yoast_wpseo_meta-robots-noindex":"","_yoast_wpseo_canonical":"","_angie_page":false,"gefaehrdungsstufe":"2","wesen_kultur":"griechenland","wesen_klasse":"goetter","footnotes":""},"categories":[],"class_list":["post-136690","page","type-page","status-publish","has-post-thumbnail","hentry"],"yoast_head":"<!-- This site is optimized with the Yoast SEO Premium plugin v27.7 (Yoast SEO v28.3) - https:\/\/yoast.com\/product\/yoast-seo-premium-wordpress\/ -->\n<title>Demeter \u2013 grekisk gudinna f\u00f6r s\u00e4d<\/title>\n<meta name=\"description\" content=\"Gudinna f\u00f6r s\u00e4d, fruktbarhet och Persefones mor. De eleusinska mysterierna, sk\u00f6rdecykler och m\u00e4nsklighetens \u00f6verlevnad.\" \/>\n<meta name=\"robots\" content=\"index, follow, max-snippet:-1, max-image-preview:large, max-video-preview:-1\" \/>\n<link rel=\"canonical\" href=\"https:\/\/iwell-guard.com\/sv\/demeter\/\" \/>\n<meta property=\"og:locale\" content=\"sv_SE\" \/>\n<meta property=\"og:type\" content=\"article\" \/>\n<meta property=\"og:title\" content=\"Demeter\" \/>\n<meta property=\"og:description\" content=\"Gudinna f\u00f6r s\u00e4d, fruktbarhet och Persefones mor. De eleusinska mysterierna, sk\u00f6rdecykler och m\u00e4nsklighetens \u00f6verlevnad.\" \/>\n<meta property=\"og:url\" content=\"https:\/\/iwell-guard.com\/sv\/demeter\/\" \/>\n<meta property=\"og:site_name\" content=\"iWell Guard\" \/>\n<meta property=\"article:modified_time\" content=\"2026-09-03T01:09:19+00:00\" \/>\n<meta property=\"og:image\" content=\"https:\/\/iwell-guard.com\/wp-content\/uploads\/2026\/04\/goetter_griechenland_demeter.webp\" \/>\n\t<meta property=\"og:image:width\" content=\"1024\" \/>\n\t<meta property=\"og:image:height\" content=\"1536\" \/>\n\t<meta property=\"og:image:type\" content=\"image\/webp\" \/>\n<meta name=\"twitter:card\" content=\"summary_large_image\" \/>\n<script type=\"application\/ld+json\" class=\"yoast-schema-graph\">{\"@context\":\"https:\\\/\\\/schema.org\",\"@graph\":[{\"@type\":\"WebPage\",\"@id\":\"https:\\\/\\\/iwell-guard.com\\\/sv\\\/demeter\\\/\",\"url\":\"https:\\\/\\\/iwell-guard.com\\\/sv\\\/demeter\\\/\",\"name\":\"Demeter \u2013 grekisk gudinna f\u00f6r s\u00e4d\",\"isPartOf\":{\"@id\":\"https:\\\/\\\/iwell-guard.com\\\/sv\\\/#website\"},\"primaryImageOfPage\":{\"@id\":\"https:\\\/\\\/iwell-guard.com\\\/sv\\\/demeter\\\/#primaryimage\"},\"image\":{\"@id\":\"https:\\\/\\\/iwell-guard.com\\\/sv\\\/demeter\\\/#primaryimage\"},\"thumbnailUrl\":\"https:\\\/\\\/iwell-guard.com\\\/wp-content\\\/uploads\\\/2026\\\/04\\\/goetter_griechenland_demeter.webp\",\"datePublished\":\"2026-09-03T00:09:10+00:00\",\"dateModified\":\"2026-09-03T01:09:19+00:00\",\"description\":\"Gudinna f\u00f6r s\u00e4d, fruktbarhet och Persefones mor. De eleusinska mysterierna, sk\u00f6rdecykler och m\u00e4nsklighetens \u00f6verlevnad.\",\"breadcrumb\":{\"@id\":\"https:\\\/\\\/iwell-guard.com\\\/sv\\\/demeter\\\/#breadcrumb\"},\"inLanguage\":\"sv-SE\",\"potentialAction\":[{\"@type\":\"ReadAction\",\"target\":[\"https:\\\/\\\/iwell-guard.com\\\/sv\\\/demeter\\\/\"]}]},{\"@type\":\"ImageObject\",\"inLanguage\":\"sv-SE\",\"@id\":\"https:\\\/\\\/iwell-guard.com\\\/sv\\\/demeter\\\/#primaryimage\",\"url\":\"https:\\\/\\\/iwell-guard.com\\\/wp-content\\\/uploads\\\/2026\\\/04\\\/goetter_griechenland_demeter.webp\",\"contentUrl\":\"https:\\\/\\\/iwell-guard.com\\\/wp-content\\\/uploads\\\/2026\\\/04\\\/goetter_griechenland_demeter.webp\",\"width\":1024,\"height\":1536,\"caption\":\"Gudar fr\u00e5n den grekiska traditionen.\"},{\"@type\":\"BreadcrumbList\",\"@id\":\"https:\\\/\\\/iwell-guard.com\\\/sv\\\/demeter\\\/#breadcrumb\",\"itemListElement\":[{\"@type\":\"ListItem\",\"position\":1,\"name\":\"Start\",\"item\":\"https:\\\/\\\/iwell-guard.com\\\/sv\\\/?page_id=136483\"},{\"@type\":\"ListItem\",\"position\":2,\"name\":\"Demeter\"}]},{\"@type\":\"WebSite\",\"@id\":\"https:\\\/\\\/iwell-guard.com\\\/sv\\\/#website\",\"url\":\"https:\\\/\\\/iwell-guard.com\\\/sv\\\/\",\"name\":\"iWell Guard\",\"description\":\"Schutz vor dunklen Einfl\u00fcssen\",\"publisher\":{\"@id\":\"https:\\\/\\\/iwell-guard.com\\\/sv\\\/#organization\"},\"potentialAction\":[{\"@type\":\"SearchAction\",\"target\":{\"@type\":\"EntryPoint\",\"urlTemplate\":\"https:\\\/\\\/iwell-guard.com\\\/sv\\\/?s={search_term_string}\"},\"query-input\":{\"@type\":\"PropertyValueSpecification\",\"valueRequired\":true,\"valueName\":\"search_term_string\"}}],\"inLanguage\":\"sv-SE\"},{\"@type\":\"Organization\",\"@id\":\"https:\\\/\\\/iwell-guard.com\\\/sv\\\/#organization\",\"name\":\"Ittermann electronic GmbH\",\"url\":\"https:\\\/\\\/iwell-guard.com\\\/sv\\\/\",\"logo\":{\"@type\":\"ImageObject\",\"inLanguage\":\"sv-SE\",\"@id\":\"https:\\\/\\\/iwell-guard.com\\\/sv\\\/#\\\/schema\\\/logo\\\/image\\\/\",\"url\":\"https:\\\/\\\/iwell-guard.com\\\/wp-content\\\/uploads\\\/2026\\\/05\\\/Ittermann-Logo-1182x237-1.png\",\"contentUrl\":\"https:\\\/\\\/iwell-guard.com\\\/wp-content\\\/uploads\\\/2026\\\/05\\\/Ittermann-Logo-1182x237-1.png\",\"width\":1182,\"height\":237,\"caption\":\"Ittermann electronic GmbH\"},\"image\":{\"@id\":\"https:\\\/\\\/iwell-guard.com\\\/sv\\\/#\\\/schema\\\/logo\\\/image\\\/\"},\"sameAs\":[\"https:\\\/\\\/pantip.com\\\/profile\\\/9367242\",\"https:\\\/\\\/micro.blog\\\/iwellguard\",\"https:\\\/\\\/www.diggerslist.com\\\/iwellguard\\\/about\",\"https:\\\/\\\/skitterphoto.com\\\/photographers\\\/2870314\\\/iwell-guard\",\"https:\\\/\\\/iwellguard.wordpress.com\\\/2026\\\/06\\\/06\\\/iwell-guard\\\/\",\"https:\\\/\\\/hub.docker.com\\\/u\\\/iwellguard\",\"https:\\\/\\\/www.pinterest.com\\\/iwellguard\\\/\",\"https:\\\/\\\/bit.ly\\\/m\\\/iwellguard\",\"https:\\\/\\\/entre-vos-mains.alsace.eu\\\/profiles\\\/iwellguard\\\/activity\",\"https:\\\/\\\/gravatar.com\\\/reallybeded8fd34\",\"https:\\\/\\\/naijamatta.com\\\/iwellguard\",\"https:\\\/\\\/www.goodreads.com\\\/iwellguard\",\"https:\\\/\\\/profile.hatena.ne.jp\\\/iwellguard\\\/\",\"https:\\\/\\\/experiment.com\\\/users\\\/iwellguard\",\"https:\\\/\\\/wakelet.com\\\/@iWellGuard82270\",\"https:\\\/\\\/www.chordie.com\\\/forum\\\/profile.php?id=2555664\",\"https:\\\/\\\/www.instapaper.com\\\/p\\\/17757966\",\"https:\\\/\\\/www.mapleprimes.com\\\/users\\\/iwellguard\",\"https:\\\/\\\/businesslistingplus.com\\\/profile\\\/iwell-guard\\\/\",\"https:\\\/\\\/telegra.ph\\\/iWell-Guard-06-06\",\"https:\\\/\\\/pbase.com\\\/iwellguard\\\/iwellguard\",\"https:\\\/\\\/b.hatena.ne.jp\\\/iwellguard\\\/20260607#bookmark-4788405196491818882\",\"https:\\\/\\\/fliphtml5.com\\\/home\\\/iwellguard\",\"https:\\\/\\\/anyflip.com\\\/homepage\\\/cmiwl#About\",\"https:\\\/\\\/transfur.com\\\/Users\\\/iwellguard\",\"http:\\\/\\\/delphi.larsbo.org\\\/user\\\/iwellguard\",\"https:\\\/\\\/jobs.lajobsportal.org\\\/profiles\\\/8380803-iwell-guard\",\"https:\\\/\\\/md.chaosdorf.de\\\/s\\\/jfbe5SBdJD\",\"https:\\\/\\\/www.lingvolive.com\\\/en-us\\\/profile\\\/9ecaeaca-ce11-4e51-9e71-01d55e2bff36\\\/translations\",\"https:\\\/\\\/www.fitday.com\\\/fitness\\\/forums\\\/members\\\/iwellguard.html\",\"https:\\\/\\\/www.mymeetbook.com\\\/iwellguard\",\"https:\\\/\\\/pxhere.com\\\/en\\\/photographer-me\\\/5040798\",\"https:\\\/\\\/disqus.com\\\/by\\\/iwellguard\\\/about\\\/\",\"https:\\\/\\\/pastelink.net\\\/hjwciqwq\",\"https:\\\/\\\/pubhtml5.com\\\/homepage\\\/scjhn\\\/\",\"https:\\\/\\\/www.bitchute.com\\\/channel\\\/2O2eOKzNqujT\",\"https:\\\/\\\/audiomack.com\\\/iwellguard\"]},{\"@type\":\"Article\",\"@id\":\"https:\\\/\\\/iwell-guard.com\\\/sv\\\/demeter\\\/#article\",\"isPartOf\":{\"@id\":\"https:\\\/\\\/iwell-guard.com\\\/sv\\\/demeter\\\/\"},\"author\":{\"name\":\"Ralf Ittermann\",\"@id\":\"https:\\\/\\\/iwell-guard.com\\\/sv\\\/#\\\/schema\\\/person\\\/ee2a27f1cac3406c7c6fb5820cb7349f\"},\"headline\":\"Demeter\",\"datePublished\":\"2026-09-03T00:09:10+00:00\",\"dateModified\":\"2026-09-03T01:09:19+00:00\",\"mainEntityOfPage\":{\"@id\":\"https:\\\/\\\/iwell-guard.com\\\/sv\\\/demeter\\\/\"},\"publisher\":{\"@id\":\"https:\\\/\\\/iwell-guard.com\\\/sv\\\/#organization\"},\"image\":{\"@id\":\"https:\\\/\\\/iwell-guard.com\\\/sv\\\/demeter\\\/#primaryimage\"},\"thumbnailUrl\":\"https:\\\/\\\/iwell-guard.com\\\/wp-content\\\/uploads\\\/2026\\\/04\\\/goetter_griechenland_demeter.webp\",\"inLanguage\":\"sv-SE\",\"description\":\"Gudinna f\u00f6r s\u00e4d, fruktbarhet och Persefones mor. De eleusinska mysterierna, sk\u00f6rdecykler och m\u00e4nsklighetens \u00f6verlevnad.\"}]}<\/script>\n<!-- \/ Yoast SEO Premium plugin. -->","yoast_head_json":{"title":"Demeter \u2013 grekisk gudinna f\u00f6r s\u00e4d","description":"Gudinna f\u00f6r s\u00e4d, fruktbarhet och Persefones mor. De eleusinska mysterierna, sk\u00f6rdecykler och m\u00e4nsklighetens \u00f6verlevnad.","robots":{"index":"index","follow":"follow","max-snippet":"max-snippet:-1","max-image-preview":"max-image-preview:large","max-video-preview":"max-video-preview:-1"},"canonical":"https:\/\/iwell-guard.com\/sv\/demeter\/","og_locale":"sv_SE","og_type":"article","og_title":"Demeter","og_description":"Gudinna f\u00f6r s\u00e4d, fruktbarhet och Persefones mor. De eleusinska mysterierna, sk\u00f6rdecykler och m\u00e4nsklighetens \u00f6verlevnad.","og_url":"https:\/\/iwell-guard.com\/sv\/demeter\/","og_site_name":"iWell Guard","article_modified_time":"2026-09-03T01:09:19+00:00","og_image":[{"width":1024,"height":1536,"url":"https:\/\/iwell-guard.com\/wp-content\/uploads\/2026\/04\/goetter_griechenland_demeter.webp","type":"image\/webp"}],"twitter_card":"summary_large_image","schema":{"@context":"https:\/\/schema.org","@graph":[{"@type":"Article","@id":"https:\/\/iwell-guard.com\/sv\/demeter\/#article","isPartOf":{"@id":"https:\/\/iwell-guard.com\/sv\/demeter\/"},"author":{"name":"Ralf Ittermann","@id":"https:\/\/iwell-guard.com\/sv\/#\/schema\/person\/ee2a27f1cac3406c7c6fb5820cb7349f"},"headline":"Demeter","datePublished":"2026-09-03T00:09:10+00:00","dateModified":"2026-09-03T01:09:19+00:00","mainEntityOfPage":{"@id":"https:\/\/iwell-guard.com\/sv\/demeter\/"},"publisher":{"@id":"https:\/\/iwell-guard.com\/sv\/#organization"},"image":{"@id":"https:\/\/iwell-guard.com\/sv\/demeter\/#primaryimage"},"thumbnailUrl":"https:\/\/iwell-guard.com\/wp-content\/uploads\/2026\/04\/goetter_griechenland_demeter.webp","inLanguage":"sv-SE","description":"Gudinna f\u00f6r s\u00e4d, fruktbarhet och Persefones mor. De eleusinska mysterierna, sk\u00f6rdecykler och m\u00e4nsklighetens \u00f6verlevnad."},{"@type":"WebPage","@id":"https:\/\/iwell-guard.com\/sv\/demeter\/","url":"https:\/\/iwell-guard.com\/sv\/demeter\/","name":"Demeter \u2013 grekisk gudinna f\u00f6r s\u00e4d","isPartOf":{"@id":"https:\/\/iwell-guard.com\/sv\/#website"},"primaryImageOfPage":{"@id":"https:\/\/iwell-guard.com\/sv\/demeter\/#primaryimage"},"image":{"@id":"https:\/\/iwell-guard.com\/sv\/demeter\/#primaryimage"},"thumbnailUrl":"https:\/\/iwell-guard.com\/wp-content\/uploads\/2026\/04\/goetter_griechenland_demeter.webp","datePublished":"2026-09-03T00:09:10+00:00","dateModified":"2026-09-03T01:09:19+00:00","description":"Gudinna f\u00f6r s\u00e4d, fruktbarhet och Persefones mor. De eleusinska mysterierna, sk\u00f6rdecykler och m\u00e4nsklighetens \u00f6verlevnad.","breadcrumb":{"@id":"https:\/\/iwell-guard.com\/sv\/demeter\/#breadcrumb"},"inLanguage":"sv-SE","potentialAction":[{"@type":"ReadAction","target":["https:\/\/iwell-guard.com\/sv\/demeter\/"]}]},{"@type":"ImageObject","inLanguage":"sv-SE","@id":"https:\/\/iwell-guard.com\/sv\/demeter\/#primaryimage","url":"https:\/\/iwell-guard.com\/wp-content\/uploads\/2026\/04\/goetter_griechenland_demeter.webp","contentUrl":"https:\/\/iwell-guard.com\/wp-content\/uploads\/2026\/04\/goetter_griechenland_demeter.webp","width":1024,"height":1536,"caption":"Gudar fr\u00e5n den grekiska traditionen."},{"@type":"BreadcrumbList","@id":"https:\/\/iwell-guard.com\/sv\/demeter\/#breadcrumb","itemListElement":[{"@type":"ListItem","position":1,"name":"Start","item":"https:\/\/iwell-guard.com\/sv\/?page_id=136483"},{"@type":"ListItem","position":2,"name":"Demeter"}]},{"@type":"WebSite","@id":"https:\/\/iwell-guard.com\/sv\/#website","url":"https:\/\/iwell-guard.com\/sv\/","name":"iWell Guard","description":"Schutz vor dunklen Einfl\u00fcssen","publisher":{"@id":"https:\/\/iwell-guard.com\/sv\/#organization"},"potentialAction":[{"@type":"SearchAction","target":{"@type":"EntryPoint","urlTemplate":"https:\/\/iwell-guard.com\/sv\/?s={search_term_string}"},"query-input":{"@type":"PropertyValueSpecification","valueRequired":true,"valueName":"search_term_string"}}],"inLanguage":"sv-SE"},{"@type":"Organization","@id":"https:\/\/iwell-guard.com\/sv\/#organization","name":"Ittermann electronic GmbH","url":"https:\/\/iwell-guard.com\/sv\/","logo":{"@type":"ImageObject","inLanguage":"sv-SE","@id":"https:\/\/iwell-guard.com\/sv\/#\/schema\/logo\/image\/","url":"https:\/\/iwell-guard.com\/wp-content\/uploads\/2026\/05\/Ittermann-Logo-1182x237-1.png","contentUrl":"https:\/\/iwell-guard.com\/wp-content\/uploads\/2026\/05\/Ittermann-Logo-1182x237-1.png","width":1182,"height":237,"caption":"Ittermann electronic GmbH"},"image":{"@id":"https:\/\/iwell-guard.com\/sv\/#\/schema\/logo\/image\/"},"sameAs":["https:\/\/pantip.com\/profile\/9367242","https:\/\/micro.blog\/iwellguard","https:\/\/www.diggerslist.com\/iwellguard\/about","https:\/\/skitterphoto.com\/photographers\/2870314\/iwell-guard","https:\/\/iwellguard.wordpress.com\/2026\/06\/06\/iwell-guard\/","https:\/\/hub.docker.com\/u\/iwellguard","https:\/\/www.pinterest.com\/iwellguard\/","https:\/\/bit.ly\/m\/iwellguard","https:\/\/entre-vos-mains.alsace.eu\/profiles\/iwellguard\/activity","https:\/\/gravatar.com\/reallybeded8fd34","https:\/\/naijamatta.com\/iwellguard","https:\/\/www.goodreads.com\/iwellguard","https:\/\/profile.hatena.ne.jp\/iwellguard\/","https:\/\/experiment.com\/users\/iwellguard","https:\/\/wakelet.com\/@iWellGuard82270","https:\/\/www.chordie.com\/forum\/profile.php?id=2555664","https:\/\/www.instapaper.com\/p\/17757966","https:\/\/www.mapleprimes.com\/users\/iwellguard","https:\/\/businesslistingplus.com\/profile\/iwell-guard\/","https:\/\/telegra.ph\/iWell-Guard-06-06","https:\/\/pbase.com\/iwellguard\/iwellguard","https:\/\/b.hatena.ne.jp\/iwellguard\/20260607#bookmark-4788405196491818882","https:\/\/fliphtml5.com\/home\/iwellguard","https:\/\/anyflip.com\/homepage\/cmiwl#About","https:\/\/transfur.com\/Users\/iwellguard","http:\/\/delphi.larsbo.org\/user\/iwellguard","https:\/\/jobs.lajobsportal.org\/profiles\/8380803-iwell-guard","https:\/\/md.chaosdorf.de\/s\/jfbe5SBdJD","https:\/\/www.lingvolive.com\/en-us\/profile\/9ecaeaca-ce11-4e51-9e71-01d55e2bff36\/translations","https:\/\/www.fitday.com\/fitness\/forums\/members\/iwellguard.html","https:\/\/www.mymeetbook.com\/iwellguard","https:\/\/pxhere.com\/en\/photographer-me\/5040798","https:\/\/disqus.com\/by\/iwellguard\/about\/","https:\/\/pastelink.net\/hjwciqwq","https:\/\/pubhtml5.com\/homepage\/scjhn\/","https:\/\/www.bitchute.com\/channel\/2O2eOKzNqujT","https:\/\/audiomack.com\/iwellguard"]},{"@type":"Person","@id":"https:\/\/iwell-guard.com\/sv\/#\/schema\/person\/ee2a27f1cac3406c7c6fb5820cb7349f","name":"Ralf Ittermann","image":{"@type":"ImageObject","inLanguage":"sv-SE","@id":"https:\/\/secure.gravatar.com\/avatar\/073c0153e350a5005b68eb752b445fea71f6b24a26da9449ad7e155e6b446c9d?s=96&d=mm&r=g","url":"https:\/\/secure.gravatar.com\/avatar\/073c0153e350a5005b68eb752b445fea71f6b24a26da9449ad7e155e6b446c9d?s=96&d=mm&r=g","contentUrl":"https:\/\/secure.gravatar.com\/avatar\/073c0153e350a5005b68eb752b445fea71f6b24a26da9449ad7e155e6b446c9d?s=96&d=mm&r=g","caption":"Ralf Ittermann"},"givenName":"Ralf","familyName":"Ittermann","jobTitle":"Gesch\u00e4ftsf\u00fchrer und redaktioneller Verantwortlicher","url":"https:\/\/iwell-guard.com\/sv\/author\/claude\/","description":"Ralf Ittermann ist Gesch\u00e4ftsf\u00fchrer der Ittermann electronic GmbH und redaktioneller Verantwortlicher des iWell-Guard-Lexikons. Er verbindet langj\u00e4hrige Erfahrung in der Pr\u00e4zisionsfertigung mit medialer Praxis und religionsgeschichtlicher Quellenarbeit.","worksFor":{"@type":"Organization","name":"Ittermann electronic GmbH","url":"https:\/\/ittermann.de\/","address":{"@type":"PostalAddress","streetAddress":"K\u00f6hlergasse 16-18","postalCode":"99842","addressLocality":"Ruhla","addressCountry":"DE"}},"knowsAbout":["Religionsgeschichte","Mythologie","Mediale Praxis","Energetische Diagnostik","Schutzpraxis","Volksglauben","Westliche Esoterik"]},{"@type":"Article","@id":"https:\/\/iwell-guard.com\/sv\/demeter\/#article","isPartOf":{"@id":"https:\/\/iwell-guard.com\/sv\/demeter\/"},"author":{"name":"Ralf Ittermann","@id":"https:\/\/iwell-guard.com\/sv\/#\/schema\/person\/ee2a27f1cac3406c7c6fb5820cb7349f"},"headline":"Demeter","datePublished":"2026-09-03T00:09:10+00:00","dateModified":"2026-09-03T01:09:19+00:00","mainEntityOfPage":{"@id":"https:\/\/iwell-guard.com\/sv\/demeter\/"},"publisher":{"@id":"https:\/\/iwell-guard.com\/sv\/#organization"},"image":{"@id":"https:\/\/iwell-guard.com\/sv\/demeter\/#primaryimage"},"thumbnailUrl":"https:\/\/iwell-guard.com\/wp-content\/uploads\/2026\/04\/goetter_griechenland_demeter.webp","inLanguage":"sv-SE","description":"Gudinna f\u00f6r s\u00e4d, fruktbarhet och Persefones mor. De eleusinska mysterierna, sk\u00f6rdecykler och m\u00e4nsklighetens \u00f6verlevnad."}]}},"_links":{"self":[{"href":"https:\/\/iwell-guard.com\/sv\/wp-json\/wp\/v2\/pages\/136690","targetHints":{"allow":["GET"]}}],"collection":[{"href":"https:\/\/iwell-guard.com\/sv\/wp-json\/wp\/v2\/pages"}],"about":[{"href":"https:\/\/iwell-guard.com\/sv\/wp-json\/wp\/v2\/types\/page"}],"author":[{"embeddable":true,"href":"https:\/\/iwell-guard.com\/sv\/wp-json\/wp\/v2\/users\/3"}],"replies":[{"embeddable":true,"href":"https:\/\/iwell-guard.com\/sv\/wp-json\/wp\/v2\/comments?post=136690"}],"version-history":[{"count":0,"href":"https:\/\/iwell-guard.com\/sv\/wp-json\/wp\/v2\/pages\/136690\/revisions"}],"wp:featuredmedia":[{"embeddable":true,"href":"https:\/\/iwell-guard.com\/sv\/wp-json\/wp\/v2\/media\/1581"}],"wp:attachment":[{"href":"https:\/\/iwell-guard.com\/sv\/wp-json\/wp\/v2\/media?parent=136690"}],"wp:term":[{"taxonomy":"category","embeddable":true,"href":"https:\/\/iwell-guard.com\/sv\/wp-json\/wp\/v2\/categories?post=136690"}],"curies":[{"name":"wp","href":"https:\/\/api.w.org\/{rel}","templated":true}]}}