{"id":136665,"date":"2026-09-03T00:08:57","date_gmt":"2026-09-03T00:08:57","guid":{"rendered":"https:\/\/iwell-guard.com\/?page_id=136665"},"modified":"2026-09-03T01:08:42","modified_gmt":"2026-09-03T01:08:42","slug":"loki","status":"publish","type":"page","link":"https:\/\/iwell-guard.com\/sv\/loki\/","title":{"rendered":"Loki"},"content":{"rendered":"\t\t<div data-elementor-type=\"wp-page\" data-elementor-id=\"136665\" class=\"elementor elementor-136665 elementor-1983 elementor-bc-flex-widget\" data-elementor-post-type=\"page\">\n\t\t\t\t<div class=\"elementor-element elementor-element-10fdade e-flex e-con-boxed e-con e-parent\" data-id=\"10fdade\" data-element_type=\"container\" data-e-type=\"container\" data-settings=\"{&quot;background_background&quot;:&quot;classic&quot;}\">\n\t\t\t\t\t<div class=\"e-con-inner\">\n\t\t<div class=\"elementor-element elementor-element-herohlft0 e-flex e-con-boxed e-con e-child\" data-id=\"herohlft0\" data-element_type=\"container\" data-e-type=\"container\">\n\t\t\t\t\t<div class=\"e-con-inner\">\n\t\t<div class=\"elementor-element elementor-element-c3ceb64 e-con-full e-flex e-con e-child\" data-id=\"c3ceb64\" data-element_type=\"container\" data-e-type=\"container\">\n\t\t\t\t<div class=\"elementor-element elementor-element-96ae5e1 elementor-widget elementor-widget-heading\" data-id=\"96ae5e1\" data-element_type=\"widget\" data-e-type=\"widget\" data-widget_type=\"heading.default\">\n\t\t\t\t\t<h1 class=\"elementor-heading-title elementor-size-default\">Loki, gud i den germanska traditionen<\/h1>\t\t\t\t<\/div>\n\t\t\t\t<div class=\"elementor-element elementor-element-e45238a elementor-widget elementor-widget-text-editor\" data-id=\"e45238a\" data-element_type=\"widget\" data-e-type=\"widget\" data-widget_type=\"text-editor.default\">\n\t\t\t\t\t\t\t\t\t<p>Loki \u00e4r gud f\u00f6r eld, svek och kaos i den germanska traditionen. Som son till en j\u00e4tte och f\u00f6ljeslagare till asagudarna f\u00f6rkroppsligar han det ambivalenta, till nytta och fara p\u00e5 samma g\u00e5ng.<\/p><p>Religionsvetenskapligt \u00e4r Loki ett exempel p\u00e5 f\u00f6rekomsten av liminala gudar mellan ordning och kaos i indoeuropeiska pantheon, j\u00e4mf\u00f6rbar med den aztekiske Tezcatlipoca eller den hinduiske Shiva.<\/p>\t\t\t\t\t\t\t\t<\/div>\n\t\t\t\t<\/div>\n\t\t<div class=\"elementor-element elementor-element-klsbdg01 e-con-full e-flex e-con e-parent\" data-id=\"klsbdg01\" data-element_type=\"container\" data-e-type=\"container\">\n\t\t\t\t<div class=\"elementor-element elementor-element-klshtm01 elementor-widget elementor-widget-html\" data-id=\"klshtm01\" data-element_type=\"widget\" data-e-type=\"widget\" data-widget_type=\"html.default\">\n\t\t\t\t\t<div class=\"iwg-pill-row\"><span class=\"iwg-klasse-badge\" tabindex=\"0\" data-tooltip=\"Gud\/gudinna: Personifierad h\u00f6gsta makt i en kulturs pantheon, med tydliga ansvarsomr\u00e5den som naturkrafter, \u00f6de, krig och fruktbarhet. Dyrkad genom kulter, offer och tempelinstitutioner.\">Gud<\/span><a href=\"https:\/\/iwell-guard.com\/sv\/germanskt\/\" class=\"iwg-kultur-badge\" tabindex=\"0\" data-tooltip=\"F\u00f6rkristen gud- och andev\u00e4rld i Nord- och Mellaneuropa.\">Germansk<\/a><a href=\"https:\/\/iwell-guard.com\/sv\/anti-gudar\/\" class=\"iwg-tradition-badge\" tabindex=\"0\" data-tooltip=\"Kaoskrafter och kosmiska motst\u00e5ndare, motpol i den religionshistoriska dualismen.\">Antigud<\/a><\/div>\t\t\t\t<\/div>\n\t\t\t\t<\/div>\n\t\t<div class=\"elementor-element elementor-element-3f74855 e-con-full e-flex e-con e-child\" data-id=\"3f74855\" data-element_type=\"container\" data-e-type=\"container\">\n\t\t\t\t<div class=\"elementor-element elementor-element-1c30362 elementor-toc--minimized-on-tablet elementor-widget elementor-widget-table-of-contents\" data-id=\"1c30362\" data-element_type=\"widget\" data-e-type=\"widget\" data-settings=\"{&quot;exclude_headings_by_selector&quot;:[],&quot;no_headings_message&quot;:&quot;Inga rubriker hittades p\\u00e5 den h\\u00e4r sidan.&quot;,&quot;headings_by_tags&quot;:[&quot;h2&quot;,&quot;h3&quot;],&quot;marker_view&quot;:&quot;bullets&quot;,&quot;minimize_box&quot;:&quot;yes&quot;,&quot;icon&quot;:{&quot;value&quot;:&quot;fas fa-circle&quot;,&quot;library&quot;:&quot;fa-solid&quot;,&quot;rendered_tag&quot;:&quot;&lt;svg class=\\&quot;e-font-icon-svg e-fas-circle\\&quot; viewBox=\\&quot;0 0 512 512\\&quot; xmlns=\\&quot;http:\\\/\\\/www.w3.org\\\/2000\\\/svg\\&quot;&gt;&lt;path d=\\&quot;M256 8C119 8 8 119 8 256s111 248 248 248 248-111 248-248S393 8 256 8z\\&quot;&gt;&lt;\\\/path&gt;&lt;\\\/svg&gt;&quot;},&quot;minimized_on&quot;:&quot;tablet&quot;,&quot;hierarchical_view&quot;:&quot;yes&quot;,&quot;min_height&quot;:{&quot;unit&quot;:&quot;px&quot;,&quot;size&quot;:&quot;&quot;,&quot;sizes&quot;:[]},&quot;min_height_tablet&quot;:{&quot;unit&quot;:&quot;px&quot;,&quot;size&quot;:&quot;&quot;,&quot;sizes&quot;:[]},&quot;min_height_mobile&quot;:{&quot;unit&quot;:&quot;px&quot;,&quot;size&quot;:&quot;&quot;,&quot;sizes&quot;:[]}}\" data-widget_type=\"table-of-contents.default\">\n\t\t\t\t\t\t\t\t\t<div class=\"elementor-toc__header\">\n\t\t\t\t\t\t<h2 class=\"elementor-toc__header-title\">\n\t\t\t\tInneh\u00e5llsf\u00f6rteckning\t\t\t<\/h2>\n\t\t\t\t\t\t\t\t\t\t<div class=\"elementor-toc__toggle-button elementor-toc__toggle-button--expand\" role=\"button\" tabindex=\"0\" aria-controls=\"elementor-toc__1c30362\" aria-expanded=\"true\" aria-label=\"\u00d6ppna inneh\u00e5llsf\u00f6rteckning\"><svg aria-hidden=\"true\" class=\"e-font-icon-svg e-fas-chevron-down\" viewBox=\"0 0 448 512\" xmlns=\"http:\/\/www.w3.org\/2000\/svg\"><path d=\"M207.029 381.476L12.686 187.132c-9.373-9.373-9.373-24.569 0-33.941l22.667-22.667c9.357-9.357 24.522-9.375 33.901-.04L224 284.505l154.745-154.021c9.379-9.335 24.544-9.317 33.901.04l22.667 22.667c9.373 9.373 9.373 24.569 0 33.941L240.971 381.476c-9.373 9.372-24.569 9.372-33.942 0z\"><\/path><\/svg><\/div>\n\t\t\t\t<div class=\"elementor-toc__toggle-button elementor-toc__toggle-button--collapse\" role=\"button\" tabindex=\"0\" aria-controls=\"elementor-toc__1c30362\" aria-expanded=\"true\" aria-label=\"St\u00e4ng inneh\u00e5llsf\u00f6rteckning\"><svg aria-hidden=\"true\" class=\"e-font-icon-svg e-fas-chevron-up\" viewBox=\"0 0 448 512\" xmlns=\"http:\/\/www.w3.org\/2000\/svg\"><path d=\"M240.971 130.524l194.343 194.343c9.373 9.373 9.373 24.569 0 33.941l-22.667 22.667c-9.357 9.357-24.522 9.375-33.901.04L224 227.495 69.255 381.516c-9.379 9.335-24.544 9.317-33.901-.04l-22.667-22.667c-9.373-9.373-9.373-24.569 0-33.941L207.03 130.525c9.372-9.373 24.568-9.373 33.941-.001z\"><\/path><\/svg><\/div>\n\t\t\t\t\t<\/div>\n\t\t\t\t<div id=\"elementor-toc__1c30362\" class=\"elementor-toc__body\">\n\t\t\t<div class=\"elementor-toc__spinner-container\">\n\t\t\t\t<svg class=\"elementor-toc__spinner eicon-animation-spin e-font-icon-svg e-eicon-loading\" aria-hidden=\"true\" viewBox=\"0 0 1000 1000\" xmlns=\"http:\/\/www.w3.org\/2000\/svg\"><path d=\"M500 975V858C696 858 858 696 858 500S696 142 500 142 142 304 142 500H25C25 237 238 25 500 25S975 237 975 500 763 975 500 975Z\"><\/path><\/svg>\t\t\t<\/div>\n\t\t<\/div>\n\t\t\t\t\t\t<\/div>\n\t\t\t\t<\/div>\n\t\t\t\t\t<\/div>\n\t\t\t\t<\/div>\n\t\t<div class=\"elementor-element elementor-element-herorght0 e-con-full e-flex e-con e-child\" data-id=\"herorght0\" data-element_type=\"container\" data-e-type=\"container\">\n\t\t\t\t<div class=\"elementor-element elementor-element-heroimg00 iwg-hero-image elementor-widget elementor-widget-image\" data-id=\"heroimg00\" data-element_type=\"widget\" data-e-type=\"widget\" data-widget_type=\"image.default\">\n\t\t\t\t\t\t\t\t\t\t\t\t\t\t\t<img fetchpriority=\"high\" decoding=\"async\" width=\"683\" height=\"1024\" src=\"https:\/\/iwell-guard.com\/wp-content\/uploads\/2026\/04\/goetter_germanisch_loki-683x1024.webp\" class=\"attachment-large size-large wp-image-136266\" alt=\"Loke - gudar fr\u00e5n den germanska traditionen, historiskt-illustrativt\" srcset=\"https:\/\/iwell-guard.com\/wp-content\/uploads\/2026\/04\/goetter_germanisch_loki-683x1024.webp 683w, https:\/\/iwell-guard.com\/wp-content\/uploads\/2026\/04\/goetter_germanisch_loki-200x300.webp 200w, https:\/\/iwell-guard.com\/wp-content\/uploads\/2026\/04\/goetter_germanisch_loki-768x1152.webp 768w, https:\/\/iwell-guard.com\/wp-content\/uploads\/2026\/04\/goetter_germanisch_loki.webp 1024w\" sizes=\"(max-width: 683px) 100vw, 683px\" \/>\t\t\t\t\t\t\t\t\t\t\t\t\t\t\t<\/div>\n\t\t\t\t<\/div>\n\t\t\t\t\t<\/div>\n\t\t\t\t<\/div>\n\t\t<div class=\"elementor-element elementor-element-32917199 e-flex e-con-boxed e-con e-parent\" data-id=\"32917199\" data-element_type=\"container\" data-e-type=\"container\">\n\t\t\t\t\t<div class=\"e-con-inner\">\n\t\t<div class=\"elementor-element elementor-element-26e916cb e-flex e-con-boxed e-con e-child\" data-id=\"26e916cb\" data-element_type=\"container\" data-e-type=\"container\">\n\t\t\t\t\t<div class=\"e-con-inner\">\n\t\t<div class=\"elementor-element elementor-element-253a40d4 e-flex e-con-boxed e-con e-child\" data-id=\"253a40d4\" data-element_type=\"container\" data-e-type=\"container\">\n\t\t\t\t\t<div class=\"e-con-inner\">\n\t\t\t\t<div class=\"elementor-element elementor-element-1200c304 elementor-widget elementor-widget-heading\" data-id=\"1200c304\" data-element_type=\"widget\" data-e-type=\"widget\" data-widget_type=\"heading.default\">\n\t\t\t\t\t<h2 class=\"elementor-heading-title elementor-size-default\">Loki<\/h2>\t\t\t\t<\/div>\n\t\t\t\t<div class=\"elementor-element elementor-element-11758e7f elementor-widget elementor-widget-text-editor\" data-id=\"11758e7f\" data-element_type=\"widget\" data-e-type=\"widget\" data-widget_type=\"text-editor.default\">\n\t\t\t\t\t\t\t\t\t<p>Loki \u00e4r tricksterfiguren och eldguden, vars natur \u00e4r ytterst ambivalent. Han \u00e4r b\u00e5de bundsf\u00f6rvant och fiende till asarna. Hans centrala drag \u00e4r list, f\u00f6r\u00e4nderlighet, f\u00f6rst\u00f6relse och nyb\u00f6rjan.<\/p><p>I <span class=\"iwg-fachbegriff\" data-tooltip=\"En \u00f6verl\u00e4mnad ber\u00e4ttelse om gudar, ursprung och v\u00e4rldens ordning.\" tabindex=\"0\">myten<\/span> f\u00f6renar han sig med gudarna i nyttiga svek (som att skaffa fram Sifs gyllene h\u00e5r och Tors hammare Mj\u00f6lnir), men leder i slut\u00e4nden till Ragnar\u00f6k (gudaskymningen). Hans barn \u00e4r Fenrir (j\u00e4ttevargen), J\u00f6rmungandr (midg\u00e5rdsormen) och Hel (d\u00f6dsrikets gudinna).<\/p>\t\t\t\t\t\t\t\t<\/div>\n\t\t\t\t\t<\/div>\n\t\t\t\t<\/div>\n\t\t<div class=\"elementor-element elementor-element-159dcf9a e-flex e-con-boxed e-con e-child\" data-id=\"159dcf9a\" data-element_type=\"container\" data-e-type=\"container\">\n\t\t\t\t\t<div class=\"e-con-inner\">\n\t\t\t\t<div class=\"elementor-element elementor-element-48cee66f elementor-widget elementor-widget-heading\" data-id=\"48cee66f\" data-element_type=\"widget\" data-e-type=\"widget\" data-widget_type=\"heading.default\">\n\t\t\t\t\t<div class=\"elementor-heading-title elementor-size-default\">Snabb\u00f6versikt: Loki<\/div>\t\t\t\t<\/div>\n\t\t\t\t<div class=\"elementor-element elementor-element-3f50d82c elementor-widget elementor-widget-text-editor\" data-id=\"3f50d82c\" data-element_type=\"widget\" data-e-type=\"widget\" data-widget_type=\"text-editor.default\">\n\t\t\t\t\t\t\t\t\t<p>K\u00e4llor: Snorri Sturlusons Prosaedda, Poetiska Eddan (s\u00e4rskilt Lokasenna, Thrymskvida), Tacitus (indirekt), arkeologiska fynd \u00e4r s\u00e4llsynta (ingen direkt Loki-dyrkan som vid Tor\/Oden). Sekund\u00e4rlitteratur: Rudolf Simek (Lexikon der germanischen <span class=\"iwg-fachbegriff\" data-tooltip=\"Den samlade m\u00e4ngden \u00f6verl\u00e4mnade gudaber\u00e4ttelser i en kultur.\" tabindex=\"0\">Mythologie<\/span>), Jan de Vries, Folke Str\u00f6m, Georges Dum\u00e9zil, Martin No\u00ebl Olsen. Loki har inga k\u00e4nda <span class=\"iwg-fachbegriff\" data-tooltip=\"En byggnad som anv\u00e4nds f\u00f6r dyrkan av en eller flera gudomligheter.\" tabindex=\"0\">tempel<\/span>, hans funktion \u00e4r kosmisk-narrativ, inte kultiskt dyrkad som andra gudar.<\/p>\t\t\t\t\t\t\t\t<\/div>\n\t\t\t\t\t<\/div>\n\t\t\t\t<\/div>\n\t\t\t\t\t<\/div>\n\t\t\t\t<\/div>\n\t\t\t\t\t<\/div>\n\t\t\t\t<\/div>\n\t\t<div class=\"elementor-element elementor-element-18613602 e-flex e-con-boxed e-con e-parent\" data-id=\"18613602\" data-element_type=\"container\" data-e-type=\"container\">\n\t\t\t\t\t<div class=\"e-con-inner\">\n\t\t\t\t<div class=\"elementor-element elementor-element-262b8a9f elementor-widget elementor-widget-heading\" data-id=\"262b8a9f\" data-element_type=\"widget\" data-e-type=\"widget\" data-widget_type=\"heading.default\">\n\t\t\t\t\t<h2 class=\"elementor-heading-title elementor-size-default\">Inordning<\/h2>\t\t\t\t<\/div>\n\t\t<div class=\"elementor-element elementor-element-46dcb7d e-con-full e-flex e-con e-child\" data-id=\"46dcb7d\" data-element_type=\"container\" data-e-type=\"container\">\n\t\t<div class=\"elementor-element elementor-element-61d3ab3 e-flex e-con-boxed e-con e-child\" data-id=\"61d3ab3\" data-element_type=\"container\" data-e-type=\"container\">\n\t\t\t\t\t<div class=\"e-con-inner\">\n\t\t\t\t<div class=\"elementor-element elementor-element-117c166 elementor-widget elementor-widget-heading\" data-id=\"117c166\" data-element_type=\"widget\" data-e-type=\"widget\" data-widget_type=\"heading.default\">\n\t\t\t\t\t<div class=\"elementor-heading-title elementor-size-default\">Texternas tidsperiod<\/div>\t\t\t\t<\/div>\n\t\t\t\t<div class=\"elementor-element elementor-element-73997a0 elementor-widget elementor-widget-text-editor\" data-id=\"73997a0\" data-element_type=\"widget\" data-e-type=\"widget\" data-widget_type=\"text-editor.default\">\n\t\t\t\t\t\t\t\t\t<p>Lokis historia kan f\u00f6ljas fr\u00e5n vikingatidens bildstenar via medeltidens eddadikter till Snorres Prosaedda omkring 1220, och grunddragen f\u00f6rblir desamma: den listige som st\u00e5r mellan gudar och j\u00e4ttar. \u00c4ven i dag \u00e4r gestalten n\u00e4rvarande, b\u00e5de i forskningen om nordisk mytologi och i popul\u00e4ra bearbetningar som visserligen omformar mycket, men tydligt l\u00e5ter den fj\u00e4ttrade tricksterfiguren, som h\u00e5ller ut \u00e4nda fram till Ragnar\u00f6k, k\u00e4nnas igen.<\/p>\t\t\t\t\t\t\t\t<\/div>\n\t\t\t\t\t<\/div>\n\t\t\t\t<\/div>\n\t\t<div class=\"elementor-element elementor-element-d47b156 e-flex e-con-boxed e-con e-child\" data-id=\"d47b156\" data-element_type=\"container\" data-e-type=\"container\">\n\t\t\t\t\t<div class=\"e-con-inner\">\n\t\t\t\t<div class=\"elementor-element elementor-element-ff38c2b elementor-widget elementor-widget-heading\" data-id=\"ff38c2b\" data-element_type=\"widget\" data-e-type=\"widget\" data-widget_type=\"heading.default\">\n\t\t\t\t\t<div class=\"elementor-heading-title elementor-size-default\">Utbredningsomr\u00e5de<\/div>\t\t\t\t<\/div>\n\t\t\t\t<div class=\"elementor-element elementor-element-4e49fcc elementor-widget elementor-widget-text-editor\" data-id=\"4e49fcc\" data-element_type=\"widget\" data-e-type=\"widget\" data-widget_type=\"text-editor.default\">\n\t\t\t\t\t\t\t\t\t<p>Loki var inte begr\u00e4nsad till en best\u00e4md region eller plats, utan var k\u00e4nd och dyrkad, eller respektfullt fruktad, i hela den germanska v\u00e4rlden. Oavsett om det g\u00e4llde stora urbana centrum eller perifera lantliga trakter, den sociala eliten eller vanligt folk, var denna gestalts andliga och kulturella betydelse genomg\u00e5ende erk\u00e4nd och allm\u00e4n.<\/p><p>Att Loki f\u00f6rekommer i n\u00e4stan varje central myt i eddatexterna, fr\u00e5n hammarst\u00f6lden till Balders d\u00f6d, visar hur fast f\u00f6rankrad han var i de nordiska ber\u00e4ttarnas v\u00e4rldsbild. Via vikingatidens handels- och bos\u00e4ttningsv\u00e4gar spreds ber\u00e4ttelserna fr\u00e5n Skandinavien till Island, d\u00e4r de slutligen skrevs ner, och de isl\u00e4ndska k\u00e4llorna \u00e5terger gestalten med anm\u00e4rkningsv\u00e4rt samst\u00e4mmiga drag.<\/p>\t\t\t\t\t\t\t\t<\/div>\n\t\t\t\t\t<\/div>\n\t\t\t\t<\/div>\n\t\t\t\t<\/div>\n\t\t<div class=\"elementor-element elementor-element-db03c39 e-con-full e-flex e-con e-child\" data-id=\"db03c39\" data-element_type=\"container\" data-e-type=\"container\">\n\t\t<div class=\"elementor-element elementor-element-229a87b e-flex e-con-boxed e-con e-child\" data-id=\"229a87b\" data-element_type=\"container\" data-e-type=\"container\">\n\t\t\t\t\t<div class=\"e-con-inner\">\n\t\t\t\t<div class=\"elementor-element elementor-element-1f471fc elementor-widget elementor-widget-heading\" data-id=\"1f471fc\" data-element_type=\"widget\" data-e-type=\"widget\" data-widget_type=\"heading.default\">\n\t\t\t\t\t<div class=\"elementor-heading-title elementor-size-default\">K\u00e4ll\u00e4ge<\/div>\t\t\t\t<\/div>\n\t\t\t\t<div class=\"elementor-element elementor-element-36b1201 elementor-widget elementor-widget-text-editor\" data-id=\"36b1201\" data-element_type=\"widget\" data-e-type=\"widget\" data-widget_type=\"text-editor.default\">\n\t\t\t\t\t\t\t\t\t<p>Prim\u00e4rk\u00e4llor: Snorri Sturlusons Prosaedda (Gylfaginning: Lokis genealogi och roll; Sk\u00e1ldskaparm\u00e1l: ber\u00e4ttelser om Loki), Poetiska Eddan (Lokasenna: Loki f\u00f6rol\u00e4mpar alla gudar; Thrymskvida: Loki hj\u00e4lper till att stj\u00e4la hammaren; Hyndlulj\u00f3\u00f0: Lokis h\u00e4rkomst), V\u00f6lusp\u00e1: Ragnar\u00f6k med Lokis befrielse.<\/p><p>Tidsperiod: muntliga traditioner \u00e4nda till 100-talet f.Kr., nedskrivna omkring 1200 e.Kr. Forskare: Rudolf Simek, Jan de Vries (utf\u00f6rlig tolkning), Georges Dum\u00e9zil, Folke Str\u00f6m, Wolfgang Meid. S\u00e4rdrag: Loki har inga arkeologiskt belagda kultplatser, hans funktion \u00e4r mytisk, inte kultisk.<\/p>\t\t\t\t\t\t\t\t<\/div>\n\t\t\t\t\t<\/div>\n\t\t\t\t<\/div>\n\t\t\t\t<\/div>\n\t\t\t\t\t<\/div>\n\t\t\t\t<\/div>\n\t\t<div class=\"elementor-element elementor-element-3ae0637c e-flex e-con-boxed e-con e-parent\" data-id=\"3ae0637c\" data-element_type=\"container\" data-e-type=\"container\">\n\t\t\t\t\t<div class=\"e-con-inner\">\n\t\t\t\t<div class=\"elementor-element elementor-element-31d07739 elementor-widget elementor-widget-heading\" data-id=\"31d07739\" data-element_type=\"widget\" data-e-type=\"widget\" data-widget_type=\"heading.default\">\n\t\t\t\t\t<h2 class=\"elementor-heading-title elementor-size-default\">Namn och varianter<\/h2>\t\t\t\t<\/div>\n\t\t<div class=\"elementor-element elementor-element-b7642947 e-con-full e-flex e-con e-child\" data-id=\"b7642947\" data-element_type=\"container\" data-e-type=\"container\">\n\t\t\t\t<div class=\"elementor-element elementor-element-a086266 elementor-widget elementor-widget-text-editor\" data-id=\"a086266\" data-element_type=\"widget\" data-e-type=\"widget\" data-widget_type=\"text-editor.default\">\n\t\t\t\t\t\t\t\t\t<p>Loki avbildas i de olika k\u00e4llorna och konstn\u00e4rliga traditionerna med vissa \u00e5terkommande ikonografiska drag som f\u00f6rblir relativt konstanta \u00f6ver decennier och \u00f6ver skilda geografiska omr\u00e5den. Dessa drag \u00e4r inte enbart dekorativa eller slumpm\u00e4ssigt valda, utan \u00e4r djupt symboliskt kodade och b\u00e4r stor betydelse.<\/p><p>Lokis k\u00e4nnetecken i eddatexterna beskriver hans v\u00e4sen exakt: han \u00e4r en formskiftare som upptr\u00e4der som sto, lax eller fluga, Odens blodsbroder och likv\u00e4l j\u00e4ttesson, gudarnas hj\u00e4lpare och deras f\u00f6rd\u00e4rvare. Hans barn markerar hans plats i kosmos, eftersom Fenrir, midg\u00e5rdsormen och Hel \u00e4r de makter som vid Ragnar\u00f6k st\u00e4ller sig mot gudarna. Den som k\u00e4nner den nordiska \u00f6verl\u00e4mningen l\u00e4ser ur dessa drag tricksterns dubbelnatur: han skaffar gudarna deras skatter, Tors hammare inr\u00e4knad, och orsakar samtidigt Balders d\u00f6d. Ingenting i denna gestalt ber\u00e4ttas i f\u00f6rbig\u00e5ende, varje detalj h\u00f6r till den \u00f6verl\u00e4mnade sp\u00e4nningen mellan nytta och svek.<\/p>\t\t\t\t\t\t\t\t<\/div>\n\t\t\t\t<\/div>\n\t\t\t\t\t<\/div>\n\t\t\t\t<\/div>\n\t\t<div class=\"elementor-element elementor-element-709a44a8 e-flex e-con-boxed e-con e-parent\" data-id=\"709a44a8\" data-element_type=\"container\" data-e-type=\"container\">\n\t\t\t\t\t<div class=\"e-con-inner\">\n\t\t\t\t<div class=\"elementor-element elementor-element-2f585873 elementor-widget elementor-widget-heading\" data-id=\"2f585873\" data-element_type=\"widget\" data-e-type=\"widget\" data-widget_type=\"heading.default\">\n\t\t\t\t\t<h2 class=\"elementor-heading-title elementor-size-default\">Beskrivning<\/h2>\t\t\t\t<\/div>\n\t\t<div class=\"elementor-element elementor-element-70621c12 e-con-full e-flex e-con e-child\" data-id=\"70621c12\" data-element_type=\"container\" data-e-type=\"container\">\n\t\t\t\t<div class=\"elementor-element elementor-element-4296eb49 elementor-widget elementor-widget-text-editor\" data-id=\"4296eb49\" data-element_type=\"widget\" data-e-type=\"widget\" data-widget_type=\"text-editor.default\">\n\t\t\t\t\t\t\t\t\t<p>Loki var central i den religi\u00f6sa praktiken, i vardagens riter och i den germanska allm\u00e4nna f\u00f6rst\u00e5elsen. M\u00e4nniskor v\u00e4nde sig till denna gestalt i kritiska eller s\u00e4rskilda livssituationer eller vid best\u00e4mda rituella \u00e5rstider, med strukturerade, ofta omfattande riter, b\u00f6ner eller offerg\u00e5vor.<\/p><p>Hur Loki behandlas i eddatexterna visar en fast ber\u00e4ttarordning: Lokasenna f\u00f6ljer det reglerade f\u00f6rloppet av en skymft\u00e4vling i \u00c4girs hall, och \u00e4ven hans straff efter Balders d\u00f6d, fj\u00e4ttringen med den egne sonens in\u00e4lvor och ormen ovanf\u00f6r hans huvud, skildras i Snorres Prosaedda som en ordnad r\u00e4ttslig f\u00f6ljd fr\u00e5n gudarnas sida, inte som en godtycklig v\u00e5ldshandling.<\/p><p>Att Loki f\u00f6rekommer genom hela den bevarade nordiska \u00f6verl\u00e4mningen, fr\u00e5n eddadikterna till Snorres Prosaedda, visar hur oumb\u00e4rlig gestalten var f\u00f6r ber\u00e4ttelsestrukturen. Hans funktioner i myterna \u00e4r motstridiga: han avv\u00e4rjer skada n\u00e4r han \u00e5terh\u00e4mtar stulet gods som Iduns \u00e4pplen, han l\u00f6ser konflikter genom list, och han driver p\u00e5 \u00f6verg\u00e5ngar, eftersom det utan hans handlingar varken funnits Sleipnir eller v\u00e4gen mot Ragnar\u00f6k.<\/p>\t\t\t\t\t\t\t\t<\/div>\n\t\t\t\t<\/div>\n\t\t\t\t\t<\/div>\n\t\t\t\t<\/div>\n\t\t<div class=\"elementor-element elementor-element-44e71476 e-flex e-con-boxed e-con e-parent\" data-id=\"44e71476\" data-element_type=\"container\" data-e-type=\"container\">\n\t\t\t\t\t<div class=\"e-con-inner\">\n\t\t\t\t<div class=\"elementor-element elementor-element-3c1fc3f0 elementor-widget elementor-widget-heading\" data-id=\"3c1fc3f0\" data-element_type=\"widget\" data-e-type=\"widget\" data-widget_type=\"heading.default\">\n\t\t\t\t\t<h2 class=\"elementor-heading-title elementor-size-default\">Profil: Loki<\/h2>\t\t\t\t<\/div>\n\t\t<div class=\"elementor-element elementor-element-84f33b8e e-con-full e-flex e-con e-child\" data-id=\"84f33b8e\" data-element_type=\"container\" data-e-type=\"container\">\n\t\t\t\t<div class=\"elementor-element elementor-element-hqkdc67p elementor-widget elementor-widget-text-editor\" data-id=\"hqkdc67p\" data-element_type=\"widget\" data-e-type=\"widget\" data-widget_type=\"text-editor.default\">\n\t\t\t\t\t\t\t\t\t<p>Personbeskrivningen belyser Lokes v\u00e4sen ur sex perspektiv: hans mytologiska ursprung och roll i <span class=\"iwg-fachbegriff\" data-tooltip=\"Samlingen av gudarna inom en religion eller kultur.\" tabindex=\"0\">panteonet<\/span>, hans funktioner i ber\u00e4ttelser och myter (inte kultisk v\u00f6rdnad som andra gudar), hans karakteristiska ikonografi som trickster, ambivalensen i hans krafter och deras verkningar, j\u00e4mf\u00f6rbara gestalter i andra kulturer samt en avslutande tolkning av hans kosmiska betydelse i \u00f6verg\u00e5ngen till ragnar\u00f6k.<\/p>\t\t\t\t\t\t\t\t<\/div>\n\t\t\t\t<\/div>\n\t\t<div class=\"elementor-element elementor-element-pemmx7c5 e-con-full e-flex e-con e-child\" data-id=\"pemmx7c5\" data-element_type=\"container\" data-e-type=\"container\">\n\t\t<div class=\"elementor-element elementor-element-pemmx7c1 e-con-full e-flex e-con e-child\" data-id=\"pemmx7c1\" data-element_type=\"container\" data-e-type=\"container\">\n\t\t<div class=\"elementor-element elementor-element-qh9oavvu iwg-steckbrief-card e-flex e-con-boxed e-con e-child\" data-id=\"qh9oavvu\" data-element_type=\"container\" data-e-type=\"container\">\n\t\t\t\t\t<div class=\"e-con-inner\">\n\t\t\t\t<div class=\"elementor-element elementor-element-awzx8k2k elementor-widget elementor-widget-heading\" data-id=\"awzx8k2k\" data-element_type=\"widget\" data-e-type=\"widget\" data-widget_type=\"heading.default\">\n\t\t\t\t\t<div class=\"elementor-heading-title elementor-size-default\">Kulturell kontext<\/div>\t\t\t\t<\/div>\n\t\t\t\t<div class=\"elementor-element elementor-element-x6rowhv0 elementor-widget elementor-widget-text-editor\" data-id=\"x6rowhv0\" data-element_type=\"widget\" data-e-type=\"widget\" data-widget_type=\"text-editor.default\">\n\t\t\t\t\t\t\t\t\t<p>Loke \u00e4r en genuint germansk skapelse utan direkt indoeuropeisk f\u00f6rlaga. Hans ursprung ligger i den skandinaviska <span class=\"iwg-fachbegriff\" data-tooltip=\"Samlingen av en kulturs traditions\u00f6verf\u00f6rda gudaber\u00e4ttelser.\" tabindex=\"0\">mytologin<\/span> och \u00e4r muntligt \u00f6verl\u00e4mnad fram till nedtecknandet under 1200-talet.<\/p><p>Snorre framst\u00e4ller honom som \u00e4ttling till j\u00e4ttar (son till j\u00e4tten Farbauti), men han upptas som blodsbroder till Oden och Tor i Asgard. Hans <span class=\"iwg-fachbegriff\" data-tooltip=\"Samlingen av religi\u00f6sa v\u00f6rdnadshandlingar f\u00f6r en gudom eller helig gestalt.\" tabindex=\"0\">kult<\/span> var marginell eller obefintlig, till skillnad fr\u00e5n Tor och Oden. Hans ber\u00e4ttande n\u00e4rvaro v\u00e4xer i litteraturen, s\u00e4rskilt i skildringarna av ragnar\u00f6k.<\/p>\t\t\t\t\t\t\t\t<\/div>\n\t\t\t\t\t<\/div>\n\t\t\t\t<\/div>\n\t\t<div class=\"elementor-element elementor-element-8e3o4kxs iwg-steckbrief-card e-flex e-con-boxed e-con e-child\" data-id=\"8e3o4kxs\" data-element_type=\"container\" data-e-type=\"container\">\n\t\t\t\t\t<div class=\"e-con-inner\">\n\t\t\t\t<div class=\"elementor-element elementor-element-08rkdgov elementor-widget elementor-widget-heading\" data-id=\"08rkdgov\" data-element_type=\"widget\" data-e-type=\"widget\" data-widget_type=\"heading.default\">\n\t\t\t\t\t<div class=\"elementor-heading-title elementor-size-default\">M\u00e5ltavlor<\/div>\t\t\t\t<\/div>\n\t\t\t\t<div class=\"elementor-element elementor-element-uwjelx8s elementor-widget elementor-widget-text-editor\" data-id=\"uwjelx8s\" data-element_type=\"widget\" data-e-type=\"widget\" data-widget_type=\"text-editor.default\">\n\t\t\t\t\t\t\t\t\t<p>Loke blev inte kultiskt dyrkad som Tor eller Oden, det fanns inga pr\u00e4ster, inga <span class=\"iwg-fachbegriff\" data-tooltip=\"G\u00e5va till en gudom f\u00f6r att uttrycka tacksamhet, b\u00f6n eller v\u00f6rdnad.\" tabindex=\"0\">offer<\/span>, inga <span class=\"iwg-fachbegriff\" data-tooltip=\"En byggnad som anv\u00e4nds f\u00f6r v\u00f6rdnad av en eller flera gudomar.\" tabindex=\"0\">tempel<\/span>. Hans funktion var mytisk-ber\u00e4ttande och central i skaldernas (diktarnas) tradition.<\/p><p>Eftersom hans namn f\u00f6rknippades med f\u00f6rst\u00f6relse fruktades och undveks han delvis. I senare isl\u00e4ndska sagor och i profetior om ragnar\u00f6k dramatiserades hans roll. M\u00f6jligen \u00e5kallades han i privata omen-besv\u00e4rjelser, men bel\u00e4gg f\u00f6r detta saknas.<\/p>\t\t\t\t\t\t\t\t<\/div>\n\t\t\t\t\t<\/div>\n\t\t\t\t<\/div>\n\t\t<div class=\"elementor-element elementor-element-jm2n74ec iwg-steckbrief-card e-flex e-con-boxed e-con e-child\" data-id=\"jm2n74ec\" data-element_type=\"container\" data-e-type=\"container\">\n\t\t\t\t\t<div class=\"e-con-inner\">\n\t\t\t\t<div class=\"elementor-element elementor-element-8vufse4c elementor-widget elementor-widget-heading\" data-id=\"8vufse4c\" data-element_type=\"widget\" data-e-type=\"widget\" data-widget_type=\"heading.default\">\n\t\t\t\t\t<div class=\"elementor-heading-title elementor-size-default\">Utseende<\/div>\t\t\t\t<\/div>\n\t\t\t\t<div class=\"elementor-element elementor-element-mwb9u015 elementor-widget elementor-widget-text-editor\" data-id=\"mwb9u015\" data-element_type=\"widget\" data-e-type=\"widget\" data-widget_type=\"text-editor.default\">\n\t\t\t\t\t\t\t\t\t<p>Loke har ingen ikonografisk standardisering som andra gudar. Han beskrivs som vacker och ondskefull p\u00e5 samma g\u00e5ng, med f\u00f6rm\u00e5gan till skepnadsv\u00e4xling (hamramr). I myterna antar han olika former: som lax, som gammal kvinna, som eld.<\/p><p>Hans attribut \u00e4r eld och list, inte vapen eller spira som andra gudars. Under kristen tid f\u00f6rknippades han med dj\u00e4vulen, en projektion av monoteistiska kategorier p\u00e5 en polyteistisk gestalt.<\/p>\t\t\t\t\t\t\t\t<\/div>\n\t\t\t\t\t<\/div>\n\t\t\t\t<\/div>\n\t\t\t\t<\/div>\n\t\t<div class=\"elementor-element elementor-element-pemmx7c2 e-con-full e-flex e-con e-child\" data-id=\"pemmx7c2\" data-element_type=\"container\" data-e-type=\"container\">\n\t\t<div class=\"elementor-element elementor-element-37ss2yr6 iwg-steckbrief-card e-flex e-con-boxed e-con e-child\" data-id=\"37ss2yr6\" data-element_type=\"container\" data-e-type=\"container\">\n\t\t\t\t\t<div class=\"e-con-inner\">\n\t\t\t\t<div class=\"elementor-element elementor-element-3v0wp3wx elementor-widget elementor-widget-heading\" data-id=\"3v0wp3wx\" data-element_type=\"widget\" data-e-type=\"widget\" data-widget_type=\"heading.default\">\n\t\t\t\t\t<div class=\"elementor-heading-title elementor-size-default\">Funktion<\/div>\t\t\t\t<\/div>\n\t\t\t\t<div class=\"elementor-element elementor-element-w3247g2m elementor-widget elementor-widget-text-editor\" data-id=\"w3247g2m\" data-element_type=\"widget\" data-e-type=\"widget\" data-widget_type=\"text-editor.default\">\n\t\t\t\t\t\t\t\t\t<p>Loke tillskrevs krafterna av list och bedr\u00e4geri, f\u00f6rvandling och eld. Han kunde byta form, bli osynlig och s\u00e4tta gudarna i f\u00f6rl\u00e4genhet.<\/p><p>Hans ord var vapen, Lokasenna visar honom som en m\u00e4ktig f\u00f6rtalare som sm\u00e4dar alla gudar. Samtidigt besatt han konstruktiva krafter: han hj\u00e4lpte till att skaffa fram de b\u00e4sta skatterna (Sifs h\u00e5r, Tors hammare, Odens spjut). Hans eld var b\u00e5de f\u00f6rst\u00f6rande och uppbyggande.<\/p>\t\t\t\t\t\t\t\t<\/div>\n\t\t\t\t\t<\/div>\n\t\t\t\t<\/div>\n\t\t<div class=\"elementor-element elementor-element-0qpjal9w iwg-steckbrief-card e-flex e-con-boxed e-con e-child\" data-id=\"0qpjal9w\" data-element_type=\"container\" data-e-type=\"container\">\n\t\t\t\t\t<div class=\"e-con-inner\">\n\t\t\t\t<div class=\"elementor-element elementor-element-6ndoih0o elementor-widget elementor-widget-heading\" data-id=\"6ndoih0o\" data-element_type=\"widget\" data-e-type=\"widget\" data-widget_type=\"heading.default\">\n\t\t\t\t\t<div class=\"elementor-heading-title elementor-size-default\">Avv\u00e4rjningsformer<\/div>\t\t\t\t<\/div>\n\t\t\t\t<div class=\"elementor-element elementor-element-6684tyh9 elementor-widget elementor-widget-text-editor\" data-id=\"6684tyh9\" data-element_type=\"widget\" data-e-type=\"widget\" data-widget_type=\"text-editor.default\">\n\t\t\t\t\t\t\t\t\t<p>Loke stod inte under <span class=\"iwg-fachbegriff\" data-tooltip=\"Den bedjande eller besv\u00e4rjande tillv\u00e4ndningen till en gudom eller makt.\" tabindex=\"0\">\u00e5kallelse<\/span> som andra gudar. Man fruktade hans kraft och f\u00f6rs\u00f6kte undvika eller blidka honom. Inga <span class=\"iwg-fachbegriff\" data-tooltip=\"G\u00e5va till en gudom f\u00f6r att uttrycka tacksamhet, b\u00f6n eller v\u00f6rdnad.\" tabindex=\"0\">offer<\/span> \u00e4r belagda. I Lokasenna drivs han till och med ut fr\u00e5n Asgard och binds fast, \u00e4nda till ragnar\u00f6k.<\/p><p>De germanska folken betraktade Loke som en f\u00f6rkroppsling av det kaotiska och av f\u00f6rst\u00f6relsen, mindre som en gud att dyrka, mer som en kosmisk kraft att f\u00f6rst\u00e5 och fruktas. Hans namn anv\u00e4ndes i f\u00f6rbannelser, men inte i vanliga b\u00f6ner.<\/p>\t\t\t\t\t\t\t\t<\/div>\n\t\t\t\t\t<\/div>\n\t\t\t\t<\/div>\n\t\t<div class=\"elementor-element elementor-element-3lfi7x32 iwg-steckbrief-card e-flex e-con-boxed e-con e-child\" data-id=\"3lfi7x32\" data-element_type=\"container\" data-e-type=\"container\">\n\t\t\t\t\t<div class=\"e-con-inner\">\n\t\t\t\t<div class=\"elementor-element elementor-element-0kg99ga1 elementor-widget elementor-widget-heading\" data-id=\"0kg99ga1\" data-element_type=\"widget\" data-e-type=\"widget\" data-widget_type=\"heading.default\">\n\t\t\t\t\t<div class=\"elementor-heading-title elementor-size-default\">J\u00e4mf\u00f6rbart<\/div>\t\t\t\t<\/div>\n\t\t\t\t<div class=\"elementor-element elementor-element-n0fum6kp elementor-widget elementor-widget-text-editor\" data-id=\"n0fum6kp\" data-element_type=\"widget\" data-e-type=\"widget\" data-widget_type=\"text-editor.default\">\n\t\t\t\t\t\t\t\t\t<p>Tezcatlipoca (aztekisk) \u00e4r en strukturell parallell, trickster, f\u00f6rst\u00f6rare, ambivalent. Shiva inom hinduismen delar dualiteten mellan f\u00f6rst\u00f6relse och skapelse. Den keltiske Math mac Mathonwy uppvisar trickster-drag, men saknar Lokes kosmiska f\u00f6rst\u00f6rarroll. Den slaviske Veles \u00e4r en ond gestalt, men mindre differentierad \u00e4n Loke. Till skillnad fr\u00e5n dessa dyrkas Loke uttryckligen inte kultiskt.<\/p>\t\t\t\t\t\t\t\t<\/div>\n\t\t\t\t\t<\/div>\n\t\t\t\t<\/div>\n\t\t\t\t<\/div>\n\t\t\t\t<\/div>\n\t\t\t\t\t<\/div>\n\t\t\t\t<\/div>\n\t\t<div class=\"elementor-element elementor-element-5a584676 e-flex e-con-boxed e-con e-parent\" data-id=\"5a584676\" data-element_type=\"container\" data-e-type=\"container\">\n\t\t\t\t\t<div class=\"e-con-inner\">\n\t\t\t\t<div class=\"elementor-element elementor-element-6d0757bf elementor-widget elementor-widget-heading\" data-id=\"6d0757bf\" data-element_type=\"widget\" data-e-type=\"widget\" data-widget_type=\"heading.default\">\n\t\t\t\t\t<h2 class=\"elementor-heading-title elementor-size-default\">Loke, paralleller i andra kulturer<\/h2>\t\t\t\t<\/div>\n\t\t<div class=\"elementor-element elementor-element-60563f68 e-con-full e-flex e-con e-child\" data-id=\"60563f68\" data-element_type=\"container\" data-e-type=\"container\">\n\t\t\t\t<div class=\"elementor-element elementor-element-5a93fdd6 elementor-widget elementor-widget-text-editor\" data-id=\"5a93fdd6\" data-element_type=\"widget\" data-e-type=\"widget\" data-widget_type=\"text-editor.default\">\n\t\t\t\t\t\t\t\t\t<p>Loke-liknande trickstrar finns i m\u00e5nga mytologier: den grekiske Hermes som gudarnas budb\u00e4rare och tjuv, den v\u00e4stafrikanske Anansi som spindelformad skapartrickster, Coyote hos de nordamerikanska pr\u00e4rieindianerna, den polynesiske Maui. Till skillnad fr\u00e5n dessa \u00e4r Loke djupt inv\u00e4vd i Eddans kosmologiska struktur, han \u00e4r inte bara trickster utan \u00e4ven far till underg\u00e5ngsvarelserna Hel, Fenrir och J\u00f6rmungandr.<\/p>\n<p><p><strong>Judisk tradition:<\/strong> I den judiska <span class=\"iwg-fachbegriff\" data-tooltip=\"Den vetenskapliga l\u00e4ran om Gud och en religions tro.\" tabindex=\"0\">teologin<\/span> finns ingen gud f\u00f6r bedr\u00e4geri eller kaos som Loke. Satan (som utvecklades senare) \u00e4r en motmakt, men ingen gud i <span class=\"iwg-fachbegriff\" data-tooltip=\"Samlingen av gudarna inom en religion eller kultur.\" tabindex=\"0\">panteonet<\/span>. Lokes ambivalens och hans mytiska tyngd saknar motsvarighet i monoteistiska system.<\/p><p><strong>Den grekisk-romerska v\u00e4rlden:<\/strong> Prometheus delar med Loke egenskapen av list och att utg\u00f6ra en fara f\u00f6r gudarnas ordning, men han \u00e4r en titan, inte en asagud. Hermes \u00e4r trickster-lik, men mindre destruktiv. Ares f\u00f6rkroppsligar okontrollerat v\u00e5ld, men inte Lokes list. Ingen direkt parallell finns i Grekland eller Rom.<\/p><p><strong>Mesopotamien:<\/strong> Ingen direkt parallell. Marduk och Tiamat \u00e4r motst\u00e5ndare, men inte inom ett pantheon som Loke och asarna. Pazuzu \u00e4r en demonisk kraft, men kultiskt inte lika framtr\u00e4dande som i Eddan.<\/p><p><strong>Indien\/Asien:<\/strong> Shiva f\u00f6rkroppsligar f\u00f6rst\u00f6relse och f\u00f6rvandling, men delar inte Lokes roll som utst\u00f6tt trickster. Inom buddhismen finns ingen motsvarande gestalt. I tidiga indiska texter \u00e4r rakshasa (demoner) kaotiska krafter, men inte del av en gudomlig hierarki.<\/p>\t\t\t\t\t\t\t\t<\/div>\n\t\t\t\t<\/div>\n\t\t\t\t\t<\/div>\n\t\t\t\t<\/div>\n\t\t<div class=\"elementor-element elementor-element-cp143590f e-flex e-con-boxed e-con e-parent\" data-id=\"cp143590f\" data-element_type=\"container\" data-e-type=\"container\">\n\t\t\t\t\t<div class=\"e-con-inner\">\n\t\t\t\t<div class=\"elementor-element elementor-element-cped974db elementor-widget elementor-widget-heading\" data-id=\"cped974db\" data-element_type=\"widget\" data-e-type=\"widget\" data-widget_type=\"heading.default\">\n\t\t\t\t\t<h2 class=\"elementor-heading-title elementor-size-default\">Lokes roll vid Balders d\u00f6d<\/h2>\t\t\t\t<\/div>\n\t\t<div class=\"elementor-element elementor-element-cpac2481f e-con-full e-flex e-con e-child\" data-id=\"cpac2481f\" data-element_type=\"container\" data-e-type=\"container\">\n\t\t\t\t<div class=\"elementor-element elementor-element-cped26bd6 elementor-widget elementor-widget-text-editor\" data-id=\"cped26bd6\" data-element_type=\"widget\" data-e-type=\"widget\" data-widget_type=\"text-editor.default\">\n\t\t\t\t\t\t\t\t\t<p>Balders d\u00f6d \u00e4r en av de mest v\u00e4ldokumenterade episoderna i den fornnordiska <span class=\"iwg-fachbegriff\" data-tooltip=\"Den samlade m\u00e4ngden av en kulturs \u00f6verl\u00e4mnade gudaber\u00e4ttelser.\" tabindex=\"0\">mytologin<\/span> och placerar Loki i centrum f\u00f6r en kosmisk v\u00e4ndpunkt. Snorri Sturluson ber\u00e4ttar i <em>Gylfaginning<\/em> att Balder pl\u00e5gades av oroande dr\u00f6mmar.<\/p><p>Hans mor Frigg l\u00e4t d\u00e4refter alla ting sv\u00e4ra en ed att inte skada Balder, men f\u00f6rbis\u00e5g misteln, som hon ans\u00e5g vara f\u00f6r ung och obetydlig.<\/p><p>Loki fick reda p\u00e5 denna lucka. Han skaffade misteln, formade den till ett projektil och gav den till den blinde guden H\u00f6der, som stod vid sidan av samlingen medan de andra gudarna roade sig med att kasta vapen mot den os\u00e5rbare Balder.<\/p><p>V\u00e4gledd av Loki tr\u00e4ffade H\u00f6ders kast, och Balder f\u00f6ll d\u00f6d till marken. K\u00e4llorna betonar att detta var den st\u00f6rsta olycka som n\u00e5gonsin drabbat gudar och m\u00e4nniskor.<\/p><p>Den andra delen av episoden f\u00f6rst\u00e4rker Lokis skuld. N\u00e4r Hermod red till underjorden f\u00f6r att be om Balders frigivning, st\u00e4llde Hel villkoret att allt m\u00e5ste gr\u00e5ta f\u00f6r Balder.<\/p><p>N\u00e4stan allt gr\u00e4t, men en j\u00e4ttinna vid namn Tokk v\u00e4grade. Snorri antyder att det var Loki f\u00f6rkl\u00e4dd. D\u00e4rmed f\u00f6rhindrade Loki slutgiltigt Balders \u00e5terkomst.<\/p><p>Forskningen diskuterar om den \u00e4ldre eddadiktningen tillskrev Loki samma centrala roll som Snorri g\u00f6r. <em>V\u00f6lusp\u00e1<\/em> n\u00e4mner H\u00f6der som m\u00f6rdare men f\u00f6rtiger Lokis anstiftan. Vissa forskare, exempelvis Anatoly Liberman, ser Snorris utformning som en litter\u00e4r f\u00f6rt\u00e4tning av olika traditioner.<\/p><p>Klart \u00e4r att episoden utg\u00f6r bryggan till Lokis bindning och slutligen till Ragnar\u00f6k-h\u00e4ndelserna. Den som f\u00f6rdjupar sig i besl\u00e4ktade \u00f6desf\u00f6rest\u00e4llningar finner ber\u00f6ringspunkter hos <a href=\"https:\/\/iwell-guard.com\/sv\/hel\/\">Hel<\/a> och den nordiska underjordsf\u00f6rest\u00e4llningen.<\/p>\t\t\t\t\t\t\t\t<\/div>\n\t\t\t\t<\/div>\n\t\t\t\t\t<\/div>\n\t\t\t\t<\/div>\n\t\t<div class=\"elementor-element elementor-element-cp3218126 e-flex e-con-boxed e-con e-parent\" data-id=\"cp3218126\" data-element_type=\"container\" data-e-type=\"container\">\n\t\t\t\t\t<div class=\"e-con-inner\">\n\t\t\t\t<div class=\"elementor-element elementor-element-cp0fb04c3 elementor-widget elementor-widget-heading\" data-id=\"cp0fb04c3\" data-element_type=\"widget\" data-e-type=\"widget\" data-widget_type=\"heading.default\">\n\t\t\t\t\t<h2 class=\"elementor-heading-title elementor-size-default\">Lokis bindning och hans \u00f6de i Ragnar\u00f6k<\/h2>\t\t\t\t<\/div>\n\t\t<div class=\"elementor-element elementor-element-cp63681b7 e-con-full e-flex e-con e-child\" data-id=\"cp63681b7\" data-element_type=\"container\" data-e-type=\"container\">\n\t\t\t\t<div class=\"elementor-element elementor-element-cp6110166 elementor-widget elementor-widget-text-editor\" data-id=\"cp6110166\" data-element_type=\"widget\" data-e-type=\"widget\" data-widget_type=\"text-editor.default\">\n\t\t\t\t\t\t\t\t\t<p>Efter Balders d\u00f6d och gudarnas f\u00f6rh\u00e5nande i <em>Lokasenna<\/em> griper asarna Loki och underkastar honom ett drastiskt straff.<\/p><p>K\u00e4llorna ber\u00e4ttar att gudarna tillkallade tre av hans anh\u00f6riga: Lokis son Vale f\u00f6rvandlades till en varg och slet s\u00f6nder sin bror Narfi. Med Narfis in\u00e4lvor band gudarna fast Loki vid tre stenh\u00e4llar.<\/p><p>J\u00e4ttinnan Skadi f\u00e4ste en giftdroppande orm ovanf\u00f6r Lokis ansikte. Sedan dess st\u00e5r Lokis hustru Sigyn bredvid honom och samlar upp giftet i en sk\u00e5l.<\/p><p>N\u00e4r hon t\u00f6mmer den fulla sk\u00e5len tr\u00e4ffar giftet Loki, och hans ryckningar f\u00e5r enligt denna mytologiska f\u00f6rklaring jorden att skaka. Denna \u00e4tiologiska funktion, som f\u00f6rklarar jordb\u00e4vningar, \u00e4r ocks\u00e5 k\u00e4nd fr\u00e5n fj\u00e4ttrade v\u00e4sen i andra mytologier.<\/p><p>I den eskatologiska <span class=\"iwg-fachbegriff\" data-tooltip=\"\u00d6verf\u00f6ringen av kunskap och ber\u00e4ttelser genom generationer.\" tabindex=\"0\">traditionen<\/span> f\u00f6rblir Loki bunden fram till Ragnar\u00f6k. D\u00e5 sliter han sig l\u00f6s. <em>V\u00f6lusp\u00e1<\/em> och Snorris <em>Gylfaginning<\/em> beskriver att Loki styr d\u00f6dsskeppet <em>Naglfar<\/em>, som \u00e4r byggt av de d\u00f6das naglar, och f\u00f6r fram gudarnas fiender. P\u00e5 slagf\u00e4ltet m\u00f6ts Loki och Heimdall och d\u00f6dar varandra.<\/p><p>Anm\u00e4rkningsv\u00e4rt \u00e4r att Lokis barn med j\u00e4ttinnan Angrboda, Fenrisulven, Midg\u00e5rdsormen och Hel, \u00e4r centrala motst\u00e5ndare till gudarna i den yttersta striden.<\/p><p>Forskningen har upprepade g\u00e5nger diskuterat om Loki ursprungligen var en ambivalent gestalt mellan asar och j\u00e4ttar, vars st\u00e4llning under <span class=\"iwg-fachbegriff\" data-tooltip=\"\u00d6verf\u00f6ringen av kunskap och ber\u00e4ttelser genom generationer.\" tabindex=\"0\">traditionens<\/span> g\u00e5ng skiftade till det negativa. Georges Dum\u00e9zil och senare Jan de Vries har lagt fram olika tolkningar kring detta, utan att n\u00e5gon konsensus har n\u00e5tts.<\/p>\t\t\t\t\t\t\t\t<\/div>\n\t\t\t\t<\/div>\n\t\t\t\t\t<\/div>\n\t\t\t\t<\/div>\n\t\t<div class=\"elementor-element elementor-element-cp1fe3b87 e-flex e-con-boxed e-con e-parent\" data-id=\"cp1fe3b87\" data-element_type=\"container\" data-e-type=\"container\">\n\t\t\t\t\t<div class=\"e-con-inner\">\n\t\t\t\t<div class=\"elementor-element elementor-element-cp6bc1d44 elementor-widget elementor-widget-heading\" data-id=\"cp6bc1d44\" data-element_type=\"widget\" data-e-type=\"widget\" data-widget_type=\"heading.default\">\n\t\t\t\t\t<h2 class=\"elementor-heading-title elementor-size-default\">Loki i forskningshistorien<\/h2>\t\t\t\t<\/div>\n\t\t<div class=\"elementor-element elementor-element-cp0b70b26 e-con-full e-flex e-con e-child\" data-id=\"cp0b70b26\" data-element_type=\"container\" data-e-type=\"container\">\n\t\t\t\t<div class=\"elementor-element elementor-element-cpd504908 elementor-widget elementor-widget-text-editor\" data-id=\"cpd504908\" data-element_type=\"widget\" data-e-type=\"widget\" data-widget_type=\"text-editor.default\">\n\t\t\t\t\t\t\t\t\t<p>Knappast n\u00e5gon gestalt i den nordiska <span class=\"iwg-fachbegriff\" data-tooltip=\"Den samlade m\u00e4ngden av en kulturs \u00f6verl\u00e4mnade gudaber\u00e4ttelser.\" tabindex=\"0\">mytologin<\/span> har v\u00e4ckt s\u00e5 m\u00e5nga motstridiga tolkningar som Loki. Redan under 19. Jahrhundert f\u00f6rs\u00f6kte den j\u00e4mf\u00f6rande <span class=\"iwg-fachbegriff\" data-tooltip=\"Den samlade m\u00e4ngden av en kulturs \u00f6verl\u00e4mnade gudaber\u00e4ttelser.\" tabindex=\"0\">mytologin<\/span> f\u00e5nga honom som en naturpersonifikation.<\/p><p>Jacob Grimm och andra s\u00e5g i honom en eldgud och st\u00f6dde sig d\u00e4rvid p\u00e5 en f\u00f6rmodad n\u00e4rhet mellan namnet och ordet <em>logi<\/em> (l\u00e5ga). Denna etymologi anses idag spr\u00e5kligt oh\u00e5llbar, eftersom <em>Loki<\/em> och <em>logi<\/em> inte h\u00f6r ihop.<\/p><p>Under 20. Jahrhundert f\u00f6rskj\u00f6ts fokus. Folke Str\u00f6m tolkade 1956 Loki som en hypostas av Oden, allts\u00e5 en avskild aspekt av huvudguden.<\/p><p>Anna Birgitta Rooth unders\u00f6kte 1961 i en bred studie Loki-<span class=\"iwg-fachbegriff\" data-tooltip=\"\u00d6verf\u00f6ringen av kunskap och ber\u00e4ttelser genom generationer.\" tabindex=\"0\">traditionen<\/span> och betonade tricksterkarakt\u00e4ren genom att dra paralleller till sk\u00e4lmfigurer inom <span class=\"iwg-fachbegriff\" data-tooltip=\"Den \u00f6verl\u00e4mnade folkkulturen med seder, ber\u00e4ttelser och s\u00e5nger.\" tabindex=\"0\">folkloren<\/span>. Georges Dum\u00e9zil placerade Loki i sitt trefunktionella schema och j\u00e4mf\u00f6rde honom med den indiska gestalten Syr\u0434on ur den ossetiska Nartsagan.<\/p><p>Den yngre forskningen, exempelvis hos John Lindow och Jens Peter Schj\u00f8dt, \u00e4r mer \u00e5terh\u00e5llsam med stora teorier. Den betonar att k\u00e4llorna \u00e4r tidsm\u00e4ssigt och regionalt spridda och att Snorri redan under 13. Jahrhundert skrev med kristen distans.<\/p><p>Huruvida det fanns en Loki-<span class=\"iwg-fachbegriff\" data-tooltip=\"Den samlade m\u00e4ngden religi\u00f6sa v\u00f6rdnadshandlingar f\u00f6r en gudom eller helig gestalt.\" tabindex=\"0\">kult<\/span> \u00e4r omtvistat. Ortnamn som s\u00e4kert kan kopplas till Loki saknas i stort, till skillnad fr\u00e5n Tor, Oden eller Frej.<\/p><p>Ett \u00f6ppet problem \u00e4r den s\u00e5 kallade Snaptunstenen fr\u00e5n Danmark, en sten fr\u00e5n 10. Jahrhundert med ett ansikte vars l\u00e4ppar tycks vara sammansydda. M\u00e5nga forskare tolkar den som en avbildning av Loki, eftersom en annan ber\u00e4ttelse rapporterar att dv\u00e4rgar sydde ihop hans mun. Identifikationen \u00e4r dock inte s\u00e4ker. Diskussionen visar hur smal den ikonografiska grunden f\u00f6r Loki \u00e4r.<\/p>\t\t\t\t\t\t\t\t<\/div>\n\t\t\t\t<\/div>\n\t\t\t\t\t<\/div>\n\t\t\t\t<\/div>\n\t\t<div class=\"elementor-element elementor-element-cpa5cf5fb e-flex e-con-boxed e-con e-parent\" data-id=\"cpa5cf5fb\" data-element_type=\"container\" data-e-type=\"container\">\n\t\t\t\t\t<div class=\"e-con-inner\">\n\t\t\t\t<div class=\"elementor-element elementor-element-cp4ae047d elementor-widget elementor-widget-heading\" data-id=\"cp4ae047d\" data-element_type=\"widget\" data-e-type=\"widget\" data-widget_type=\"heading.default\">\n\t\t\t\t\t<h2 class=\"elementor-heading-title elementor-size-default\">Namnets etymologi och tolkning<\/h2>\t\t\t\t<\/div>\n\t\t<div class=\"elementor-element elementor-element-cp60db032 e-con-full e-flex e-con e-child\" data-id=\"cp60db032\" data-element_type=\"container\" data-e-type=\"container\">\n\t\t\t\t<div class=\"elementor-element elementor-element-cpec4a720 elementor-widget elementor-widget-text-editor\" data-id=\"cpec4a720\" data-element_type=\"widget\" data-e-type=\"widget\" data-widget_type=\"text-editor.default\">\n\t\t\t\t\t\t\t\t\t<p>Namnet <em>Loki<\/em> har en ovanligt omtvistad historia. \u00c4ldre forskning kopplade det till det fornnordiska <em>logi<\/em>, som betyder flamma, men ljudlagsenligt h\u00e5ller denna likst\u00e4llning inte. Den l\u00e5nga vokalen i <em>logi<\/em> och ordbildningen st\u00e4mmer inte med <em>Loki<\/em>.<\/p><p>En vanlig nyare tolkning utg\u00e5r fr\u00e5n en rot som har att g\u00f6ra med knut, snara eller att st\u00e4nga till. Anatoly Liberman har i flera arbeten argumenterat f\u00f6r att koppla namnet till begrepp f\u00f6r att knyta, vilket skulle st\u00e4mma med f\u00f6rest\u00e4llningen om Loki som n\u00e4tknytare.<\/p><p>Faktiskt ber\u00e4ttar ett avsnitt att Loki uppfann det f\u00f6rsta fiskn\u00e4tet och sj\u00e4lv fastnade i det. Andra forskare f\u00f6rh\u00e5ller sig skeptiska och betonar att ingen av de f\u00f6reslagna etymologierna \u00e4r avg\u00f6rande.<\/p><p>Uppseendev\u00e4ckande \u00e4r de tillnamn under vilka Loki f\u00f6rekommer i k\u00e4llorna. Han heter <em>Loptr<\/em>, vilket \u00e4r besl\u00e4ktat med luft, och ibland <em>Hve\u00f0rungr<\/em>. Beteckningen <em>Loptr<\/em> har f\u00e5tt en del forskare att anta att Loki f\u00f6rknippades med luftens element, j\u00e4mf\u00f6rbart med den senare folkliga bilden.<\/p><p>I yngre skandinavisk <span class=\"iwg-fachbegriff\" data-tooltip=\"Den \u00f6verl\u00e4mnade folkkulturen med seder, ber\u00e4ttelser och s\u00e5nger.\" tabindex=\"0\">folklore<\/span> f\u00f6rekommer en gestalt vid namn <em>Lokke<\/em> eller <em>Lokje<\/em>, som f\u00f6rknippas med h\u00e4gring \u00f6ver f\u00e4lt och med spindeltr\u00e5dar. Huruvida dessa sena bel\u00e4gg verkligen g\u00e5r tillbaka p\u00e5 den mytologiska Loki eller utg\u00f6r en sekund\u00e4r koppling \u00e4r omtvistat inom forskningen.<\/p><p>Os\u00e4kerheten kring namnet speglar den grundl\u00e4ggande sv\u00e5righeten att placera Loki. Till skillnad fr\u00e5n <a href=\"https:\/\/iwell-guard.com\/sv\/odin\/\">Oden<\/a> eller <a href=\"https:\/\/iwell-guard.com\/sv\/thor\/\">Tor<\/a>, vars namn och funktioner \u00e4r klart fastst\u00e4llbara, \u00e4r redan den spr\u00e5kliga grunden \u00f6ppen n\u00e4r det g\u00e4ller Loki.<\/p>\t\t\t\t\t\t\t\t<\/div>\n\t\t\t\t<\/div>\n\t\t\t\t\t<\/div>\n\t\t\t\t<\/div>\n\t\t<div class=\"elementor-element elementor-element-cp3956f50 e-flex e-con-boxed e-con e-parent\" data-id=\"cp3956f50\" data-element_type=\"container\" data-e-type=\"container\">\n\t\t\t\t\t<div class=\"e-con-inner\">\n\t\t\t\t<div class=\"elementor-element elementor-element-cp91b820b elementor-widget elementor-widget-heading\" data-id=\"cp91b820b\" data-element_type=\"widget\" data-e-type=\"widget\" data-widget_type=\"heading.default\">\n\t\t\t\t\t<h2 class=\"elementor-heading-title elementor-size-default\">Loki i den moderna receptionen<\/h2>\t\t\t\t<\/div>\n\t\t<div class=\"elementor-element elementor-element-cp9bf52a7 e-con-full e-flex e-con e-child\" data-id=\"cp9bf52a7\" data-element_type=\"container\" data-e-type=\"container\">\n\t\t\t\t<div class=\"elementor-element elementor-element-cp7393b72 elementor-widget elementor-widget-text-editor\" data-id=\"cp7393b72\" data-element_type=\"widget\" data-e-type=\"widget\" data-widget_type=\"text-editor.default\">\n\t\t\t\t\t\t\t\t\t<p>\u00c5teruppt\u00e4ckten av den nordiska <span class=\"iwg-fachbegriff\" data-tooltip=\"Den samlade m\u00e4ngden \u00f6verl\u00e4mnade gudaber\u00e4ttelser i en kultur.\" tabindex=\"0\">mytologin<\/span> under 1800-talet gjorde Loki till en fast storhet i den europeiska kulturhistorien. Richard Wagner bearbetade honom i sin tetralogi <em>Der Ring des Nibelungen<\/em> som Loge, en halvgudomlig eldsande och slug r\u00e5dgivare \u00e5t Wotan.<\/p><p>Wagner sm\u00e4lte d\u00e4rvid medvetet samman den mytologiska Loki med flamfiguren, \u00e4ven om den filologiska forskningen redan d\u00e5 ifr\u00e5gasatte denna likst\u00e4llning.<\/p><p>Inom bildkonsten under 1800-talet framtr\u00e4der Loki till exempel hos skandinaviska m\u00e5lare och illustrat\u00f6rer, ofta i scenen d\u00e4r han binds fast med Sigyn vid sin sida. Denna framst\u00e4llning, som betonar Sigyns trohet och Lokis lidande, pr\u00e4glade den romantiska bilden av gestalten.<\/p><p>Under 1900- och 2000-talet spreds Loki framf\u00f6r allt vidare genom popul\u00e4rkulturen. Serief\u00f6rlaget Marvel introducerade fr\u00e5n 1962 en Loki-gestalt som var t\u00e4nkt som Tors motst\u00e5ndare och som senare utvecklades till en mer ambivalent figur.<\/p><p>Den senare filmatiseringen och en egen tv-serie f\u00f6rst\u00e4rkte denna verkan avsev\u00e4rt. Det \u00e4r viktigt att sl\u00e5 fast att denna moderna Loki-gestalt bara har en l\u00f6s koppling till den mytologiska Loki. Sl\u00e4ktskapsf\u00f6rh\u00e5llanden, karakt\u00e4r och handlingslinjer har fritt omgestaltats.<\/p><p>Loki \u00e4r \u00e4ven n\u00e4rvarande inom fantasylitteraturen, i tv-spel och inom heavy metal-musiken. Religionsvetenskapligt intressant \u00e4r att moderna hedniska str\u00f6mningar, till exempel inom asatrons krets, har en kluven relation till Loki.<\/p><p>Vissa grupper v\u00f6rdar honom, andra avvisar honom som en destruktiv kraft. Denna inre debatt visar att Lokis ambivalenta st\u00e4llning, som redan pr\u00e4glade de medeltida k\u00e4llorna, verkar vidare \u00e4n i dag.<\/p>\t\t\t\t\t\t\t\t<\/div>\n\t\t\t\t<\/div>\n\t\t\t\t\t<\/div>\n\t\t\t\t<\/div>\n\t\t<div class=\"elementor-element elementor-element-cpacd8cbe e-flex e-con-boxed e-con e-parent\" data-id=\"cpacd8cbe\" data-element_type=\"container\" data-e-type=\"container\">\n\t\t\t\t\t<div class=\"e-con-inner\">\n\t\t\t\t<div class=\"elementor-element elementor-element-cp783be8a elementor-widget elementor-widget-heading\" data-id=\"cp783be8a\" data-element_type=\"widget\" data-e-type=\"widget\" data-widget_type=\"heading.default\">\n\t\t\t\t\t<h2 class=\"elementor-heading-title elementor-size-default\">Lokis skepnadsv\u00e4xling och hans avkomma<\/h2>\t\t\t\t<\/div>\n\t\t<div class=\"elementor-element elementor-element-cp1f53758 e-con-full e-flex e-con e-child\" data-id=\"cp1f53758\" data-element_type=\"container\" data-e-type=\"container\">\n\t\t\t\t<div class=\"elementor-element elementor-element-cpfc8709f elementor-widget elementor-widget-text-editor\" data-id=\"cpfc8709f\" data-element_type=\"widget\" data-e-type=\"widget\" data-widget_type=\"text-editor.default\">\n\t\t\t\t\t\t\t\t\t<p>En central egenskap hos Loki i k\u00e4llorna \u00e4r hans f\u00f6rm\u00e5ga att f\u00f6rvandla sig. Han byter skepnad och till och med k\u00f6n, och avlar eller f\u00f6der i olika episoder ovanliga varelser. Den mest ber\u00f6mda av dessa ber\u00e4ttelser g\u00e4ller h\u00e4sten Sleipnir.<\/p><p>N\u00e4r en j\u00e4tte byggde en mur f\u00f6r gudarna och hans hingst Svadilfari hj\u00e4lpte honom, f\u00f6rvandlade sig Loki till ett sto, lockade bort hingsten och f\u00f6rhindrade d\u00e4rmed att j\u00e4tten h\u00f6ll den avtalade tidsfristen. Ur denna f\u00f6rbindelse f\u00f6dde Loki den \u00e5ttafotade h\u00e4sten Sleipnir, som senare blev Odens riddjur.<\/p><p>Med j\u00e4ttinnan Angrboda avlade Loki, enligt Snorres framst\u00e4llning, tre varelser som \u00e4r avg\u00f6rande f\u00f6r eskatologin: Fenrisulven, midg\u00e5rdsormen J\u00f6rmungandr och Hel, d\u00f6dsrikets h\u00e4rskarinna.<\/p><p>Denna avkomma g\u00f6r Loki till stamfader \u00e5t gudarnas farligaste motst\u00e5ndare. Med sin hustru Sigyn hade han dessutom s\u00f6nerna Narfi och V\u00e1li, som spelar en grym roll vid hans fj\u00e4ttring.<\/p><p>Skepnadsv\u00e4xlingen \u00e4r inte bara ett ber\u00e4ttande <span class=\"iwg-fachbegriff\" data-tooltip=\"Ett \u00e5terkommande inneh\u00e5llsligt element i konst eller ber\u00e4ttelse.\" tabindex=\"0\">motiv<\/span>. Den markerar Lokis s\u00e4rst\u00e4llning mellan de fasta kategorierna i den nordiska <span class=\"iwg-fachbegriff\" data-tooltip=\"F\u00f6rest\u00e4llningen om v\u00e4rldens uppbyggnad och ordning inom en kultur.\" tabindex=\"0\">kosmologin<\/span>. Loki \u00e4r till h\u00e4lften j\u00e4tte av b\u00f6rd men lever bland asarna. Han \u00e4r manlig men kan f\u00f6da barn. Han \u00e4r gudarnas hj\u00e4lpare och samtidigt deras f\u00f6rd\u00e4rv.<\/p><p>Forskningen, till exempel hos Jens Peter Schj\u00f8dt, har lyft fram denna gr\u00e4ns\u00f6verskridning som Lokis egentliga v\u00e4sensk\u00e4nnetecken. Till skillnad fr\u00e5n en klassisk trickster, som framf\u00f6r allt \u00e4r slug, f\u00f6rkroppsligar Loki strukturellt principen om uppl\u00f6sning av ordning. Just d\u00e4ri ligger hans funktion inom den nordiska v\u00e4rldsbilden.<\/p>\t\t\t\t\t\t\t\t<\/div>\n\t\t\t\t<\/div>\n\t\t\t\t\t<\/div>\n\t\t\t\t<\/div>\n\t\t<div class=\"elementor-element elementor-element-36dd7469 e-flex e-con-boxed e-con e-parent\" data-id=\"36dd7469\" data-element_type=\"container\" data-e-type=\"container\">\n\t\t\t\t\t<div class=\"e-con-inner\">\n\t\t\t\t<div class=\"elementor-element elementor-element-13760ab4 elementor-widget elementor-widget-heading\" data-id=\"13760ab4\" data-element_type=\"widget\" data-e-type=\"widget\" data-widget_type=\"heading.default\">\n\t\t\t\t\t<h2 class=\"elementor-heading-title elementor-size-default\">Vidare l\u00e4nkar<\/h2>\t\t\t\t<\/div>\n\t\t<div class=\"elementor-element elementor-element-28c87796 e-con-full e-flex e-con e-child\" data-id=\"28c87796\" data-element_type=\"container\" data-e-type=\"container\">\n\t\t\t\t<div class=\"elementor-element elementor-element-5d6538df elementor-widget elementor-widget-text-editor\" data-id=\"5d6538df\" data-element_type=\"widget\" data-e-type=\"widget\" data-widget_type=\"text-editor.default\">\n\t\t\t\t\t\t\t\t\t<ul><li><a href=\"https:\/\/iwell-guard.com\/sv\/germanskt\/\">Germansk (kulturnav)<\/a>, \u00f6versikt \u00f6ver den germanska <span class=\"iwg-fachbegriff\" data-tooltip=\"Den samlade m\u00e4ngden \u00f6verl\u00e4mnade gudaber\u00e4ttelser i en kultur.\" tabindex=\"0\">mytologin<\/span><\/li><li><a href=\"https:\/\/iwell-guard.com\/sv\/odin\/\">Oden<\/a>, allfadern, med vilken Loki enligt Lokasenna \u00e4r svuren broder<\/li><li><a href=\"https:\/\/iwell-guard.com\/sv\/thor\/\">Tor<\/a>, Lokis vanliga f\u00f6ljeslagare i resemyter som \u00derymskvi\u00f0a<\/li><li><a href=\"https:\/\/iwell-guard.com\/sv\/freja\/\">Freja<\/a>, som Loki stal Br\u00edsingamen-halssmycket fr\u00e5n i \u00derymskvi\u00f0a<\/li><li><a href=\"https:\/\/iwell-guard.com\/sv\/hoggudomar\/\">H\u00f6gre gudomar<\/a>, klass\u00f6versikt<\/li><\/ul>\t\t\t\t\t\t\t\t<\/div>\n\t\t\t\t<\/div>\n\t\t\t\t\t<\/div>\n\t\t\t\t<\/div>\n\t\t<div class=\"elementor-element elementor-element-grl4kl40 e-flex e-con-boxed e-con e-parent\" data-id=\"grl4kl40\" data-element_type=\"container\" data-e-type=\"container\">\n\t\t\t\t\t<div class=\"e-con-inner\">\n\t\t\t\t<div class=\"elementor-element elementor-element-bzsbfrmh elementor-widget elementor-widget-heading\" data-id=\"bzsbfrmh\" data-element_type=\"widget\" data-e-type=\"widget\" data-widget_type=\"heading.default\">\n\t\t\t\t\t<h2 class=\"elementor-heading-title elementor-size-default\">K\u00e4llor och litteratur<\/h2>\t\t\t\t<\/div>\n\t\t<div class=\"elementor-element elementor-element-2c13224a e-con-full e-flex e-con e-child\" data-id=\"2c13224a\" data-element_type=\"container\" data-e-type=\"container\">\n\t\t\t\t<div class=\"elementor-element elementor-element-0eymh9ub elementor-widget elementor-widget-text-editor\" data-id=\"0eymh9ub\" data-element_type=\"widget\" data-e-type=\"widget\" data-widget_type=\"text-editor.default\">\n\t\t\t\t\t\t\t\t\t<footer class=\"iwg-literatur\" data-nosnippet=\"true\"><p>K\u00e4llor om Loki:<\/p><ul><li><span data-nosnippet>Snorri Sturluson: <em>Edda<\/em>. \u00d6vers. Arnulf Krause. Reclam, Stuttgart 1997.<\/span><\/li><li><span data-nosnippet>Felix Genzmer (\u00f6vers.): <em>Die Edda. G\u00f6tterdichtung, Spruchweisheit und Heldenges\u00e4nge der Germanen<\/em>. Diederichs, D\u00fcsseldorf 1981.<\/span><\/li><li><span data-nosnippet>Rudolf Simek: <em>Lexikon der germanischen <span class=\"iwg-fachbegriff\" data-tooltip=\"Helheten av en kulturs traderade gudaber\u00e4ttelser.\" tabindex=\"0\">Mythologie<\/span><\/em>. 3:e, helt omarbetade upplagan. Kr\u00f6ner, Stuttgart 2006.<\/span><\/li><li><span data-nosnippet>Jan de Vries: <em>Altgermanische Religionsgeschichte<\/em>. Vol. II. 2:a uppl. de Gruyter, Berlin 1957.<\/span><\/li><li><span data-nosnippet>John Lindow: <em>Norse Mythology, A Guide to Gods, Heroes, Rituals, and Beliefs<\/em>. Oxford University Press, 2001.<\/span><\/li><li><span data-nosnippet>Anna Birgitta Rooth: <em>Loki in Scandinavian Mythology<\/em>. Gleerup, Lund 1961.<\/span><\/li><\/ul><\/footer>\t\t\t\t\t\t\t\t<\/div>\n\t\t\t\t<\/div>\n\t\t\t\t\t<\/div>\n\t\t\t\t<\/div>\n\t\t<div class=\"elementor-element elementor-element-iwgkw-add-loki e-flex e-con-boxed e-con e-parent\" data-id=\"iwgkw-add-loki\" data-element_type=\"container\" data-e-type=\"container\">\n\t\t\t\t\t<div class=\"e-con-inner\">\n\t\t\t\t<div class=\"elementor-element elementor-element-iwgkw-add-loki-t elementor-widget elementor-widget-text-editor\" data-id=\"iwgkw-add-loki-t\" data-element_type=\"widget\" data-e-type=\"widget\" data-widget_type=\"text-editor.default\">\n\t\t\t\t\t\t\t\t\t<p>Loki betraktas i den fornnordiska <span class=\"iwg-fachbegriff\" data-tooltip=\"\u00d6verf\u00f6ringen av kunskap och ber\u00e4ttelser genom generationer.\" tabindex=\"0\">traditionen<\/span> som en ambivalent <em><span class=\"iwg-fachbegriff\" data-tooltip=\"En varelse som dyrkas som gudomlig inom en religion.\" tabindex=\"0\">gudom<\/span><\/em>, som i Eddadikterna och Prosaeddan framtr\u00e4der som asarnas f\u00f6ljeslagare och samtidigt motst\u00e5ndare. Han h\u00e4rstammar fr\u00e5n en j\u00e4ttesl\u00e4kt men upptas i gudakretsen och \u00e4r far till Fenrisulven, Hel och Midg\u00e5rdsormen. Religionshistoriskt \u00e4r hans ursprungliga funktion fortfarande omtvistad.<\/p>\t\t\t\t\t\t\t\t<\/div>\n\t\t\t\t\t<\/div>\n\t\t\t\t<\/div>\n\t\t<div class=\"elementor-element elementor-element-91f682a e-con-boxed e-flex e-con e-parent\" data-id=\"91f682a\" data-element_type=\"container\" data-e-type=\"container\">\n\t\t\t\t\t<div class=\"e-con-inner\">\n\t\t\t\t<div class=\"elementor-element elementor-element-ad80f2e elementor-widget elementor-widget-text-editor\" data-id=\"ad80f2e\" data-element_type=\"widget\" data-e-type=\"widget\" data-widget_type=\"text-editor.default\">\n\t\t\t\t\t\t\t\t\t\n<h2>Vanliga fr\u00e5gor om Loki<\/h2>\n<div class=\"iwg-faq-q\"><h3>Vem \u00e4r Loki i den nordiska <span class=\"iwg-fachbegriff\" data-tooltip=\"Summan av en kulturs traderade gudaber\u00e4ttelser.\" tabindex=\"0\">mytologin<\/span>?<\/h3><p>Loki \u00e4r den mest ambivalenta gestalten i den nordisk-germanska <span class=\"iwg-fachbegriff\" data-tooltip=\"Summan av en kulturs traderade gudaber\u00e4ttelser.\" tabindex=\"0\">mytologin<\/span>, en gestaltskiftare och trickster, son till j\u00e4ttinnan Laufey och inte klart tillh\u00f6rig n\u00e5gon guda\u00e4tt.<\/p><p>Han r\u00e4knas som Odens blodsbroder men \u00e4r samtidigt far till de tre kosmiska katastrofvarelserna: Fenrisulven, midg\u00e5rdsormen J\u00f6rmungandr och d\u00f6dsgudinnan Hel. Loki f\u00f6rs\u00e4tter st\u00e4ndigt gudarna i sv\u00e5righeter och r\u00e4ddar dem lika ofta. Vid Ragnar\u00f6k, v\u00e4rldens underg\u00e5ng, st\u00e5r han p\u00e5 j\u00e4ttarnas sida mot asarna.<\/p><\/div>\n<div class=\"iwg-faq-q\"><h3>Vilken roll spelar Loki i Balders d\u00f6d?<\/h3><p>Lokis m\u00f6rkaste g\u00e4rning \u00e4r att han orsakar Balders d\u00f6d. Balder, Odens ljusa son, hade av sin mor Frigg gjorts os\u00e5rbar genom en ed avlagd av alla varelser och v\u00e4xter, f\u00f6rutom misteln, som f\u00f6rbis\u00e5gs eftersom den ans\u00e5gs f\u00f6r ung.<\/p><p>Loki uppt\u00e4cker hemligheten och \u00f6vertalar den blinde H\u00f6der att skjuta en mistelpil mot Balder. Balder d\u00f6r och f\u00f6rs ner till Hel i d\u00f6dsriket. Denna g\u00e4rning leder till Lokis straff (fastbindning vid en klippa) och \u00e4r ett f\u00f6rebud om Ragnar\u00f6k.<\/p><\/div>\n<script type=\"application\/ld+json\">{\"@context\":\"https:\/\/schema.org\",\"@type\":\"FAQPage\",\"mainEntity\":[{\"@type\":\"Question\",\"name\":\"Vem \u00e4r Loki i den nordiska mytologin?\",\"acceptedAnswer\":{\"@type\":\"Answer\",\"text\":\"Loki \u00e4r den mest ambivalenta gestalten i den nordisk-germanska mytologin, en gestaltskiftare och trickster, son till j\u00e4ttinnan Laufey och inte klart tillh\u00f6rig n\u00e5gon guda\u00e4tt.Han r\u00e4knas som Odens blodsbroder men \u00e4r samtidigt far till de tre kosmiska katastrofvarelserna: Fenrisulven, midg\u00e5rdsormen J\u00f6rmungandr och d\u00f6dsgudinnan Hel. Loki f\u00f6rs\u00e4tter st\u00e4ndigt gudarna i sv\u00e5righeter och r\u00e4ddar dem lika ofta. Vid Ragnar\u00f6k, v\u00e4rldens underg\u00e5ng, st\u00e5r han p\u00e5 j\u00e4ttarnas sida mot asarna.\"}},{\"@type\":\"Question\",\"name\":\"Vilken roll spelar Loki i Balders d\u00f6d?\",\"acceptedAnswer\":{\"@type\":\"Answer\",\"text\":\"Lokis m\u00f6rkaste g\u00e4rning \u00e4r att han orsakar Balders d\u00f6d. Balder, Odens ljusa son, hade av sin mor Frigg gjorts os\u00e5rbar genom en ed avlagd av alla varelser och v\u00e4xter, f\u00f6rutom misteln, som f\u00f6rbis\u00e5gs eftersom den ans\u00e5gs f\u00f6r ung.Loki uppt\u00e4cker hemligheten och \u00f6vertalar den blinde H\u00f6der att skjuta en mistelpil mot Balder. Balder d\u00f6r och f\u00f6rs ner till Hel i d\u00f6dsriket. Denna g\u00e4rning leder till Lokis straff (fastbindning vid en klippa) och \u00e4r ett f\u00f6rebud om Ragnar\u00f6k.\"}}]}<\/script>\t\t\t\t\t\t\t\t<\/div>\n\t\t\t\t\t<\/div>\n\t\t\t\t<\/div>\n\t\t\t\t<\/div>\n\t\t","protected":false},"excerpt":{"rendered":"","protected":false},"author":3,"featured_media":1722,"parent":0,"menu_order":0,"comment_status":"closed","ping_status":"closed","template":"elementor_header_footer","meta":{"_yoast_wpseo_focuskw":"Loki","_yoast_wpseo_title":"Loki \u2013 guden f\u00f6r eld, svek och kaos","_yoast_wpseo_metadesc":"Loki, tricksterfiguren i den nordiska mytologin: Odens blodsbroder, fader till Ragnar\u00f6k-monstren. Myt, forskning och modern tolkning i \u00f6versikt.","_yoast_wpseo_meta-robots-noindex":"","_yoast_wpseo_canonical":"","_angie_page":false,"gefaehrdungsstufe":"3","wesen_kultur":"germanisch","wesen_klasse":"goetter","footnotes":""},"categories":[],"class_list":["post-136665","page","type-page","status-publish","has-post-thumbnail","hentry"],"yoast_head":"<!-- This site is optimized with the Yoast SEO Premium plugin v27.7 (Yoast SEO v28.3) - https:\/\/yoast.com\/product\/yoast-seo-premium-wordpress\/ -->\n<title>Loki \u2013 guden f\u00f6r eld, svek och kaos<\/title>\n<meta name=\"description\" content=\"Loki, tricksterfiguren i den nordiska mytologin: Odens blodsbroder, fader till Ragnar\u00f6k-monstren. Myt, forskning och modern tolkning i \u00f6versikt.\" \/>\n<meta name=\"robots\" content=\"index, follow, max-snippet:-1, max-image-preview:large, max-video-preview:-1\" \/>\n<link rel=\"canonical\" href=\"https:\/\/iwell-guard.com\/sv\/loki\/\" \/>\n<meta property=\"og:locale\" content=\"sv_SE\" \/>\n<meta property=\"og:type\" content=\"article\" \/>\n<meta property=\"og:title\" content=\"Loki\" \/>\n<meta property=\"og:description\" content=\"Loki, tricksterfiguren i den nordiska mytologin: Odens blodsbroder, fader till Ragnar\u00f6k-monstren. Myt, forskning och modern tolkning i \u00f6versikt.\" \/>\n<meta property=\"og:url\" content=\"https:\/\/iwell-guard.com\/sv\/loki\/\" \/>\n<meta property=\"og:site_name\" content=\"iWell Guard\" \/>\n<meta property=\"article:modified_time\" content=\"2026-09-03T01:08:42+00:00\" \/>\n<meta property=\"og:image\" content=\"https:\/\/iwell-guard.com\/wp-content\/uploads\/2026\/04\/goetter_germanisch_loki.webp\" \/>\n\t<meta property=\"og:image:width\" content=\"1024\" \/>\n\t<meta property=\"og:image:height\" content=\"1536\" \/>\n\t<meta property=\"og:image:type\" content=\"image\/webp\" \/>\n<meta name=\"twitter:card\" content=\"summary_large_image\" \/>\n<script type=\"application\/ld+json\" class=\"yoast-schema-graph\">{\"@context\":\"https:\\\/\\\/schema.org\",\"@graph\":[{\"@type\":\"WebPage\",\"@id\":\"https:\\\/\\\/iwell-guard.com\\\/sv\\\/loki\\\/\",\"url\":\"https:\\\/\\\/iwell-guard.com\\\/sv\\\/loki\\\/\",\"name\":\"Loki \u2013 guden f\u00f6r eld, svek och kaos\",\"isPartOf\":{\"@id\":\"https:\\\/\\\/iwell-guard.com\\\/sv\\\/#website\"},\"primaryImageOfPage\":{\"@id\":\"https:\\\/\\\/iwell-guard.com\\\/sv\\\/loki\\\/#primaryimage\"},\"image\":{\"@id\":\"https:\\\/\\\/iwell-guard.com\\\/sv\\\/loki\\\/#primaryimage\"},\"thumbnailUrl\":\"https:\\\/\\\/iwell-guard.com\\\/wp-content\\\/uploads\\\/2026\\\/04\\\/goetter_germanisch_loki.webp\",\"datePublished\":\"2026-09-03T00:08:57+00:00\",\"dateModified\":\"2026-09-03T01:08:42+00:00\",\"description\":\"Loki, tricksterfiguren i den nordiska mytologin: Odens blodsbroder, fader till Ragnar\u00f6k-monstren. Myt, forskning och modern tolkning i \u00f6versikt.\",\"breadcrumb\":{\"@id\":\"https:\\\/\\\/iwell-guard.com\\\/sv\\\/loki\\\/#breadcrumb\"},\"inLanguage\":\"sv-SE\",\"potentialAction\":[{\"@type\":\"ReadAction\",\"target\":[\"https:\\\/\\\/iwell-guard.com\\\/sv\\\/loki\\\/\"]}]},{\"@type\":\"ImageObject\",\"inLanguage\":\"sv-SE\",\"@id\":\"https:\\\/\\\/iwell-guard.com\\\/sv\\\/loki\\\/#primaryimage\",\"url\":\"https:\\\/\\\/iwell-guard.com\\\/wp-content\\\/uploads\\\/2026\\\/04\\\/goetter_germanisch_loki.webp\",\"contentUrl\":\"https:\\\/\\\/iwell-guard.com\\\/wp-content\\\/uploads\\\/2026\\\/04\\\/goetter_germanisch_loki.webp\",\"width\":1024,\"height\":1536,\"caption\":\"Gudar fr\u00e5n den germanska traditionen.\"},{\"@type\":\"BreadcrumbList\",\"@id\":\"https:\\\/\\\/iwell-guard.com\\\/sv\\\/loki\\\/#breadcrumb\",\"itemListElement\":[{\"@type\":\"ListItem\",\"position\":1,\"name\":\"Start\",\"item\":\"https:\\\/\\\/iwell-guard.com\\\/sv\\\/?page_id=136483\"},{\"@type\":\"ListItem\",\"position\":2,\"name\":\"Loki\"}]},{\"@type\":\"WebSite\",\"@id\":\"https:\\\/\\\/iwell-guard.com\\\/sv\\\/#website\",\"url\":\"https:\\\/\\\/iwell-guard.com\\\/sv\\\/\",\"name\":\"iWell Guard\",\"description\":\"Schutz vor dunklen Einfl\u00fcssen\",\"publisher\":{\"@id\":\"https:\\\/\\\/iwell-guard.com\\\/sv\\\/#organization\"},\"potentialAction\":[{\"@type\":\"SearchAction\",\"target\":{\"@type\":\"EntryPoint\",\"urlTemplate\":\"https:\\\/\\\/iwell-guard.com\\\/sv\\\/?s={search_term_string}\"},\"query-input\":{\"@type\":\"PropertyValueSpecification\",\"valueRequired\":true,\"valueName\":\"search_term_string\"}}],\"inLanguage\":\"sv-SE\"},{\"@type\":\"Organization\",\"@id\":\"https:\\\/\\\/iwell-guard.com\\\/sv\\\/#organization\",\"name\":\"Ittermann electronic GmbH\",\"url\":\"https:\\\/\\\/iwell-guard.com\\\/sv\\\/\",\"logo\":{\"@type\":\"ImageObject\",\"inLanguage\":\"sv-SE\",\"@id\":\"https:\\\/\\\/iwell-guard.com\\\/sv\\\/#\\\/schema\\\/logo\\\/image\\\/\",\"url\":\"https:\\\/\\\/iwell-guard.com\\\/wp-content\\\/uploads\\\/2026\\\/05\\\/Ittermann-Logo-1182x237-1.png\",\"contentUrl\":\"https:\\\/\\\/iwell-guard.com\\\/wp-content\\\/uploads\\\/2026\\\/05\\\/Ittermann-Logo-1182x237-1.png\",\"width\":1182,\"height\":237,\"caption\":\"Ittermann electronic GmbH\"},\"image\":{\"@id\":\"https:\\\/\\\/iwell-guard.com\\\/sv\\\/#\\\/schema\\\/logo\\\/image\\\/\"},\"sameAs\":[\"https:\\\/\\\/pantip.com\\\/profile\\\/9367242\",\"https:\\\/\\\/micro.blog\\\/iwellguard\",\"https:\\\/\\\/www.diggerslist.com\\\/iwellguard\\\/about\",\"https:\\\/\\\/skitterphoto.com\\\/photographers\\\/2870314\\\/iwell-guard\",\"https:\\\/\\\/iwellguard.wordpress.com\\\/2026\\\/06\\\/06\\\/iwell-guard\\\/\",\"https:\\\/\\\/hub.docker.com\\\/u\\\/iwellguard\",\"https:\\\/\\\/www.pinterest.com\\\/iwellguard\\\/\",\"https:\\\/\\\/bit.ly\\\/m\\\/iwellguard\",\"https:\\\/\\\/entre-vos-mains.alsace.eu\\\/profiles\\\/iwellguard\\\/activity\",\"https:\\\/\\\/gravatar.com\\\/reallybeded8fd34\",\"https:\\\/\\\/naijamatta.com\\\/iwellguard\",\"https:\\\/\\\/www.goodreads.com\\\/iwellguard\",\"https:\\\/\\\/profile.hatena.ne.jp\\\/iwellguard\\\/\",\"https:\\\/\\\/experiment.com\\\/users\\\/iwellguard\",\"https:\\\/\\\/wakelet.com\\\/@iWellGuard82270\",\"https:\\\/\\\/www.chordie.com\\\/forum\\\/profile.php?id=2555664\",\"https:\\\/\\\/www.instapaper.com\\\/p\\\/17757966\",\"https:\\\/\\\/www.mapleprimes.com\\\/users\\\/iwellguard\",\"https:\\\/\\\/businesslistingplus.com\\\/profile\\\/iwell-guard\\\/\",\"https:\\\/\\\/telegra.ph\\\/iWell-Guard-06-06\",\"https:\\\/\\\/pbase.com\\\/iwellguard\\\/iwellguard\",\"https:\\\/\\\/b.hatena.ne.jp\\\/iwellguard\\\/20260607#bookmark-4788405196491818882\",\"https:\\\/\\\/fliphtml5.com\\\/home\\\/iwellguard\",\"https:\\\/\\\/anyflip.com\\\/homepage\\\/cmiwl#About\",\"https:\\\/\\\/transfur.com\\\/Users\\\/iwellguard\",\"http:\\\/\\\/delphi.larsbo.org\\\/user\\\/iwellguard\",\"https:\\\/\\\/jobs.lajobsportal.org\\\/profiles\\\/8380803-iwell-guard\",\"https:\\\/\\\/md.chaosdorf.de\\\/s\\\/jfbe5SBdJD\",\"https:\\\/\\\/www.lingvolive.com\\\/en-us\\\/profile\\\/9ecaeaca-ce11-4e51-9e71-01d55e2bff36\\\/translations\",\"https:\\\/\\\/www.fitday.com\\\/fitness\\\/forums\\\/members\\\/iwellguard.html\",\"https:\\\/\\\/www.mymeetbook.com\\\/iwellguard\",\"https:\\\/\\\/pxhere.com\\\/en\\\/photographer-me\\\/5040798\",\"https:\\\/\\\/disqus.com\\\/by\\\/iwellguard\\\/about\\\/\",\"https:\\\/\\\/pastelink.net\\\/hjwciqwq\",\"https:\\\/\\\/pubhtml5.com\\\/homepage\\\/scjhn\\\/\",\"https:\\\/\\\/www.bitchute.com\\\/channel\\\/2O2eOKzNqujT\",\"https:\\\/\\\/audiomack.com\\\/iwellguard\"]},{\"@type\":\"Article\",\"@id\":\"https:\\\/\\\/iwell-guard.com\\\/sv\\\/loki\\\/#article\",\"isPartOf\":{\"@id\":\"https:\\\/\\\/iwell-guard.com\\\/sv\\\/loki\\\/\"},\"author\":{\"name\":\"Ralf Ittermann\",\"@id\":\"https:\\\/\\\/iwell-guard.com\\\/sv\\\/#\\\/schema\\\/person\\\/ee2a27f1cac3406c7c6fb5820cb7349f\"},\"headline\":\"Loki\",\"datePublished\":\"2026-09-03T00:08:57+00:00\",\"dateModified\":\"2026-09-03T01:08:42+00:00\",\"mainEntityOfPage\":{\"@id\":\"https:\\\/\\\/iwell-guard.com\\\/sv\\\/loki\\\/\"},\"publisher\":{\"@id\":\"https:\\\/\\\/iwell-guard.com\\\/sv\\\/#organization\"},\"image\":{\"@id\":\"https:\\\/\\\/iwell-guard.com\\\/sv\\\/loki\\\/#primaryimage\"},\"thumbnailUrl\":\"https:\\\/\\\/iwell-guard.com\\\/wp-content\\\/uploads\\\/2026\\\/04\\\/goetter_germanisch_loki.webp\",\"inLanguage\":\"sv-SE\",\"description\":\"Loki, tricksterfiguren i den nordiska mytologin: Odens blodsbroder, fader till Ragnar\u00f6k-monstren. Myt, forskning och modern tolkning i \u00f6versikt.\"}]}<\/script>\n<!-- \/ Yoast SEO Premium plugin. -->","yoast_head_json":{"title":"Loki \u2013 guden f\u00f6r eld, svek och kaos","description":"Loki, tricksterfiguren i den nordiska mytologin: Odens blodsbroder, fader till Ragnar\u00f6k-monstren. Myt, forskning och modern tolkning i \u00f6versikt.","robots":{"index":"index","follow":"follow","max-snippet":"max-snippet:-1","max-image-preview":"max-image-preview:large","max-video-preview":"max-video-preview:-1"},"canonical":"https:\/\/iwell-guard.com\/sv\/loki\/","og_locale":"sv_SE","og_type":"article","og_title":"Loki","og_description":"Loki, tricksterfiguren i den nordiska mytologin: Odens blodsbroder, fader till Ragnar\u00f6k-monstren. Myt, forskning och modern tolkning i \u00f6versikt.","og_url":"https:\/\/iwell-guard.com\/sv\/loki\/","og_site_name":"iWell Guard","article_modified_time":"2026-09-03T01:08:42+00:00","og_image":[{"width":1024,"height":1536,"url":"https:\/\/iwell-guard.com\/wp-content\/uploads\/2026\/04\/goetter_germanisch_loki.webp","type":"image\/webp"}],"twitter_card":"summary_large_image","schema":{"@context":"https:\/\/schema.org","@graph":[{"@type":"Article","@id":"https:\/\/iwell-guard.com\/sv\/loki\/#article","isPartOf":{"@id":"https:\/\/iwell-guard.com\/sv\/loki\/"},"author":{"name":"Ralf Ittermann","@id":"https:\/\/iwell-guard.com\/sv\/#\/schema\/person\/ee2a27f1cac3406c7c6fb5820cb7349f"},"headline":"Loki","datePublished":"2026-09-03T00:08:57+00:00","dateModified":"2026-09-03T01:08:42+00:00","mainEntityOfPage":{"@id":"https:\/\/iwell-guard.com\/sv\/loki\/"},"publisher":{"@id":"https:\/\/iwell-guard.com\/sv\/#organization"},"image":{"@id":"https:\/\/iwell-guard.com\/sv\/loki\/#primaryimage"},"thumbnailUrl":"https:\/\/iwell-guard.com\/wp-content\/uploads\/2026\/04\/goetter_germanisch_loki.webp","inLanguage":"sv-SE","description":"Loki, tricksterfiguren i den nordiska mytologin: Odens blodsbroder, fader till Ragnar\u00f6k-monstren. Myt, forskning och modern tolkning i \u00f6versikt."},{"@type":"WebPage","@id":"https:\/\/iwell-guard.com\/sv\/loki\/","url":"https:\/\/iwell-guard.com\/sv\/loki\/","name":"Loki \u2013 guden f\u00f6r eld, svek och kaos","isPartOf":{"@id":"https:\/\/iwell-guard.com\/sv\/#website"},"primaryImageOfPage":{"@id":"https:\/\/iwell-guard.com\/sv\/loki\/#primaryimage"},"image":{"@id":"https:\/\/iwell-guard.com\/sv\/loki\/#primaryimage"},"thumbnailUrl":"https:\/\/iwell-guard.com\/wp-content\/uploads\/2026\/04\/goetter_germanisch_loki.webp","datePublished":"2026-09-03T00:08:57+00:00","dateModified":"2026-09-03T01:08:42+00:00","description":"Loki, tricksterfiguren i den nordiska mytologin: Odens blodsbroder, fader till Ragnar\u00f6k-monstren. Myt, forskning och modern tolkning i \u00f6versikt.","breadcrumb":{"@id":"https:\/\/iwell-guard.com\/sv\/loki\/#breadcrumb"},"inLanguage":"sv-SE","potentialAction":[{"@type":"ReadAction","target":["https:\/\/iwell-guard.com\/sv\/loki\/"]}]},{"@type":"ImageObject","inLanguage":"sv-SE","@id":"https:\/\/iwell-guard.com\/sv\/loki\/#primaryimage","url":"https:\/\/iwell-guard.com\/wp-content\/uploads\/2026\/04\/goetter_germanisch_loki.webp","contentUrl":"https:\/\/iwell-guard.com\/wp-content\/uploads\/2026\/04\/goetter_germanisch_loki.webp","width":1024,"height":1536,"caption":"Gudar fr\u00e5n den germanska traditionen."},{"@type":"BreadcrumbList","@id":"https:\/\/iwell-guard.com\/sv\/loki\/#breadcrumb","itemListElement":[{"@type":"ListItem","position":1,"name":"Start","item":"https:\/\/iwell-guard.com\/sv\/?page_id=136483"},{"@type":"ListItem","position":2,"name":"Loki"}]},{"@type":"WebSite","@id":"https:\/\/iwell-guard.com\/sv\/#website","url":"https:\/\/iwell-guard.com\/sv\/","name":"iWell Guard","description":"Schutz vor dunklen Einfl\u00fcssen","publisher":{"@id":"https:\/\/iwell-guard.com\/sv\/#organization"},"potentialAction":[{"@type":"SearchAction","target":{"@type":"EntryPoint","urlTemplate":"https:\/\/iwell-guard.com\/sv\/?s={search_term_string}"},"query-input":{"@type":"PropertyValueSpecification","valueRequired":true,"valueName":"search_term_string"}}],"inLanguage":"sv-SE"},{"@type":"Organization","@id":"https:\/\/iwell-guard.com\/sv\/#organization","name":"Ittermann electronic GmbH","url":"https:\/\/iwell-guard.com\/sv\/","logo":{"@type":"ImageObject","inLanguage":"sv-SE","@id":"https:\/\/iwell-guard.com\/sv\/#\/schema\/logo\/image\/","url":"https:\/\/iwell-guard.com\/wp-content\/uploads\/2026\/05\/Ittermann-Logo-1182x237-1.png","contentUrl":"https:\/\/iwell-guard.com\/wp-content\/uploads\/2026\/05\/Ittermann-Logo-1182x237-1.png","width":1182,"height":237,"caption":"Ittermann electronic GmbH"},"image":{"@id":"https:\/\/iwell-guard.com\/sv\/#\/schema\/logo\/image\/"},"sameAs":["https:\/\/pantip.com\/profile\/9367242","https:\/\/micro.blog\/iwellguard","https:\/\/www.diggerslist.com\/iwellguard\/about","https:\/\/skitterphoto.com\/photographers\/2870314\/iwell-guard","https:\/\/iwellguard.wordpress.com\/2026\/06\/06\/iwell-guard\/","https:\/\/hub.docker.com\/u\/iwellguard","https:\/\/www.pinterest.com\/iwellguard\/","https:\/\/bit.ly\/m\/iwellguard","https:\/\/entre-vos-mains.alsace.eu\/profiles\/iwellguard\/activity","https:\/\/gravatar.com\/reallybeded8fd34","https:\/\/naijamatta.com\/iwellguard","https:\/\/www.goodreads.com\/iwellguard","https:\/\/profile.hatena.ne.jp\/iwellguard\/","https:\/\/experiment.com\/users\/iwellguard","https:\/\/wakelet.com\/@iWellGuard82270","https:\/\/www.chordie.com\/forum\/profile.php?id=2555664","https:\/\/www.instapaper.com\/p\/17757966","https:\/\/www.mapleprimes.com\/users\/iwellguard","https:\/\/businesslistingplus.com\/profile\/iwell-guard\/","https:\/\/telegra.ph\/iWell-Guard-06-06","https:\/\/pbase.com\/iwellguard\/iwellguard","https:\/\/b.hatena.ne.jp\/iwellguard\/20260607#bookmark-4788405196491818882","https:\/\/fliphtml5.com\/home\/iwellguard","https:\/\/anyflip.com\/homepage\/cmiwl#About","https:\/\/transfur.com\/Users\/iwellguard","http:\/\/delphi.larsbo.org\/user\/iwellguard","https:\/\/jobs.lajobsportal.org\/profiles\/8380803-iwell-guard","https:\/\/md.chaosdorf.de\/s\/jfbe5SBdJD","https:\/\/www.lingvolive.com\/en-us\/profile\/9ecaeaca-ce11-4e51-9e71-01d55e2bff36\/translations","https:\/\/www.fitday.com\/fitness\/forums\/members\/iwellguard.html","https:\/\/www.mymeetbook.com\/iwellguard","https:\/\/pxhere.com\/en\/photographer-me\/5040798","https:\/\/disqus.com\/by\/iwellguard\/about\/","https:\/\/pastelink.net\/hjwciqwq","https:\/\/pubhtml5.com\/homepage\/scjhn\/","https:\/\/www.bitchute.com\/channel\/2O2eOKzNqujT","https:\/\/audiomack.com\/iwellguard"]},{"@type":"Person","@id":"https:\/\/iwell-guard.com\/sv\/#\/schema\/person\/ee2a27f1cac3406c7c6fb5820cb7349f","name":"Ralf Ittermann","image":{"@type":"ImageObject","inLanguage":"sv-SE","@id":"https:\/\/secure.gravatar.com\/avatar\/073c0153e350a5005b68eb752b445fea71f6b24a26da9449ad7e155e6b446c9d?s=96&d=mm&r=g","url":"https:\/\/secure.gravatar.com\/avatar\/073c0153e350a5005b68eb752b445fea71f6b24a26da9449ad7e155e6b446c9d?s=96&d=mm&r=g","contentUrl":"https:\/\/secure.gravatar.com\/avatar\/073c0153e350a5005b68eb752b445fea71f6b24a26da9449ad7e155e6b446c9d?s=96&d=mm&r=g","caption":"Ralf Ittermann"},"givenName":"Ralf","familyName":"Ittermann","jobTitle":"Gesch\u00e4ftsf\u00fchrer und redaktioneller Verantwortlicher","url":"https:\/\/iwell-guard.com\/sv\/author\/claude\/","description":"Ralf Ittermann ist Gesch\u00e4ftsf\u00fchrer der Ittermann electronic GmbH und redaktioneller Verantwortlicher des iWell-Guard-Lexikons. Er verbindet langj\u00e4hrige Erfahrung in der Pr\u00e4zisionsfertigung mit medialer Praxis und religionsgeschichtlicher Quellenarbeit.","worksFor":{"@type":"Organization","name":"Ittermann electronic GmbH","url":"https:\/\/ittermann.de\/","address":{"@type":"PostalAddress","streetAddress":"K\u00f6hlergasse 16-18","postalCode":"99842","addressLocality":"Ruhla","addressCountry":"DE"}},"knowsAbout":["Religionsgeschichte","Mythologie","Mediale Praxis","Energetische Diagnostik","Schutzpraxis","Volksglauben","Westliche Esoterik"]},{"@type":"Article","@id":"https:\/\/iwell-guard.com\/sv\/loki\/#article","isPartOf":{"@id":"https:\/\/iwell-guard.com\/sv\/loki\/"},"author":{"name":"Ralf Ittermann","@id":"https:\/\/iwell-guard.com\/sv\/#\/schema\/person\/ee2a27f1cac3406c7c6fb5820cb7349f"},"headline":"Loki","datePublished":"2026-09-03T00:08:57+00:00","dateModified":"2026-09-03T01:08:42+00:00","mainEntityOfPage":{"@id":"https:\/\/iwell-guard.com\/sv\/loki\/"},"publisher":{"@id":"https:\/\/iwell-guard.com\/sv\/#organization"},"image":{"@id":"https:\/\/iwell-guard.com\/sv\/loki\/#primaryimage"},"thumbnailUrl":"https:\/\/iwell-guard.com\/wp-content\/uploads\/2026\/04\/goetter_germanisch_loki.webp","inLanguage":"sv-SE","description":"Loki, tricksterfiguren i den nordiska mytologin: Odens blodsbroder, fader till Ragnar\u00f6k-monstren. Myt, forskning och modern tolkning i \u00f6versikt."}]}},"_links":{"self":[{"href":"https:\/\/iwell-guard.com\/sv\/wp-json\/wp\/v2\/pages\/136665","targetHints":{"allow":["GET"]}}],"collection":[{"href":"https:\/\/iwell-guard.com\/sv\/wp-json\/wp\/v2\/pages"}],"about":[{"href":"https:\/\/iwell-guard.com\/sv\/wp-json\/wp\/v2\/types\/page"}],"author":[{"embeddable":true,"href":"https:\/\/iwell-guard.com\/sv\/wp-json\/wp\/v2\/users\/3"}],"replies":[{"embeddable":true,"href":"https:\/\/iwell-guard.com\/sv\/wp-json\/wp\/v2\/comments?post=136665"}],"version-history":[{"count":0,"href":"https:\/\/iwell-guard.com\/sv\/wp-json\/wp\/v2\/pages\/136665\/revisions"}],"wp:featuredmedia":[{"embeddable":true,"href":"https:\/\/iwell-guard.com\/sv\/wp-json\/wp\/v2\/media\/1722"}],"wp:attachment":[{"href":"https:\/\/iwell-guard.com\/sv\/wp-json\/wp\/v2\/media?parent=136665"}],"wp:term":[{"taxonomy":"category","embeddable":true,"href":"https:\/\/iwell-guard.com\/sv\/wp-json\/wp\/v2\/categories?post=136665"}],"curies":[{"name":"wp","href":"https:\/\/api.w.org\/{rel}","templated":true}]}}