{"id":136664,"date":"2026-09-03T00:08:56","date_gmt":"2026-09-03T00:08:56","guid":{"rendered":"https:\/\/iwell-guard.com\/?page_id=136664"},"modified":"2026-09-03T01:08:38","modified_gmt":"2026-09-03T01:08:38","slug":"morrigan","status":"publish","type":"page","link":"https:\/\/iwell-guard.com\/sv\/morrigan\/","title":{"rendered":"Morrigan"},"content":{"rendered":"\t\t<div data-elementor-type=\"wp-page\" data-elementor-id=\"136664\" class=\"elementor elementor-136664 elementor-1982 elementor-bc-flex-widget\" data-elementor-post-type=\"page\">\n\t\t\t\t<div class=\"elementor-element elementor-element-10fdade e-flex e-con-boxed e-con e-parent\" data-id=\"10fdade\" data-element_type=\"container\" data-e-type=\"container\" data-settings=\"{&quot;background_background&quot;:&quot;classic&quot;}\">\n\t\t\t\t\t<div class=\"e-con-inner\">\n\t\t<div class=\"elementor-element elementor-element-herohlft0 e-flex e-con-boxed e-con e-child\" data-id=\"herohlft0\" data-element_type=\"container\" data-e-type=\"container\">\n\t\t\t\t\t<div class=\"e-con-inner\">\n\t\t<div class=\"elementor-element elementor-element-c3ceb64 e-con-full e-flex e-con e-child\" data-id=\"c3ceb64\" data-element_type=\"container\" data-e-type=\"container\">\n\t\t\t\t<div class=\"elementor-element elementor-element-96ae5e1 elementor-widget elementor-widget-heading\" data-id=\"96ae5e1\" data-element_type=\"widget\" data-e-type=\"widget\" data-widget_type=\"heading.default\">\n\t\t\t\t\t<h1 class=\"elementor-heading-title elementor-size-default\">Morrigan, gudinna i den keltiska traditionen<\/h1>\t\t\t\t<\/div>\n\t\t\t\t<div class=\"elementor-element elementor-element-e45238a elementor-widget elementor-widget-text-editor\" data-id=\"e45238a\" data-element_type=\"widget\" data-e-type=\"widget\" data-widget_type=\"text-editor.default\">\n\t\t\t\t\t\t\t\t\t<p>Morrigan \u00e4r gudinnan i den keltiska traditionen, h\u00e4rskarinna \u00f6ver krig, \u00f6de, sexualitet och d\u00f6d, ofta framst\u00e4lld som krigsande eller skepnadsv\u00e4xlare. Religionshistoriskt representerar hon den indoeuropeiska typen av \u00bb\u00f6desgudinna\u00ab och \u00e4r central f\u00f6r f\u00f6rst\u00e5elsen av keltisk krigarreligion och demonologisk ambivalens.<\/p>\t\t\t\t\t\t\t\t<\/div>\n\t\t\t\t<\/div>\n\t\t<div class=\"elementor-element elementor-element-klsbdg01 e-con-full e-flex e-con e-parent\" data-id=\"klsbdg01\" data-element_type=\"container\" data-e-type=\"container\">\n\t\t\t\t<div class=\"elementor-element elementor-element-klshtm01 elementor-widget elementor-widget-html\" data-id=\"klshtm01\" data-element_type=\"widget\" data-e-type=\"widget\" data-widget_type=\"html.default\">\n\t\t\t\t\t<div class=\"iwg-pill-row\"><span class=\"iwg-klasse-badge\" tabindex=\"0\" data-tooltip=\"Gud\/gudinna: Personifierad h\u00f6gsta makt i en kulturs pantheon, med tydliga ansvarsomr\u00e5den, naturkrafter, \u00f6de, krig, fruktbarhet. V\u00f6rdad genom kulter, offer och tempelinstitutioner.\">Gudinna<\/span><a href=\"https:\/\/iwell-guard.com\/sv\/keltisk\/\" class=\"iwg-kultur-badge\" tabindex=\"0\" data-tooltip=\"Keltisk religion i V\u00e4steuropa och p\u00e5 de brittiska \u00f6arna, mytologiskt \u00f6verl\u00e4mnad genom iriska-walesiska texter.\">Keltisk<\/a><a href=\"https:\/\/iwell-guard.com\/sv\/dodsgudomar\/\" class=\"iwg-tradition-badge\" tabindex=\"0\" data-tooltip=\"Gudar av underjorden och d\u00f6den, h\u00e4rskare \u00f6ver d\u00f6dsriket, d\u00f6dsdomare, sj\u00e4laledsagare.\">D\u00f6dsgudom<\/a><\/div>\t\t\t\t<\/div>\n\t\t\t\t<\/div>\n\t\t<div class=\"elementor-element elementor-element-3f74855 e-con-full e-flex e-con e-child\" data-id=\"3f74855\" data-element_type=\"container\" data-e-type=\"container\">\n\t\t\t\t<div class=\"elementor-element elementor-element-1c30362 elementor-toc--minimized-on-tablet elementor-widget elementor-widget-table-of-contents\" data-id=\"1c30362\" data-element_type=\"widget\" data-e-type=\"widget\" data-settings=\"{&quot;exclude_headings_by_selector&quot;:[],&quot;no_headings_message&quot;:&quot;Inga rubriker hittades p\\u00e5 den h\\u00e4r sidan.&quot;,&quot;headings_by_tags&quot;:[&quot;h2&quot;,&quot;h3&quot;],&quot;marker_view&quot;:&quot;bullets&quot;,&quot;minimize_box&quot;:&quot;yes&quot;,&quot;icon&quot;:{&quot;value&quot;:&quot;fas fa-circle&quot;,&quot;library&quot;:&quot;fa-solid&quot;,&quot;rendered_tag&quot;:&quot;&lt;svg class=\\&quot;e-font-icon-svg e-fas-circle\\&quot; viewBox=\\&quot;0 0 512 512\\&quot; xmlns=\\&quot;http:\\\/\\\/www.w3.org\\\/2000\\\/svg\\&quot;&gt;&lt;path d=\\&quot;M256 8C119 8 8 119 8 256s111 248 248 248 248-111 248-248S393 8 256 8z\\&quot;&gt;&lt;\\\/path&gt;&lt;\\\/svg&gt;&quot;},&quot;minimized_on&quot;:&quot;tablet&quot;,&quot;hierarchical_view&quot;:&quot;yes&quot;,&quot;min_height&quot;:{&quot;unit&quot;:&quot;px&quot;,&quot;size&quot;:&quot;&quot;,&quot;sizes&quot;:[]},&quot;min_height_tablet&quot;:{&quot;unit&quot;:&quot;px&quot;,&quot;size&quot;:&quot;&quot;,&quot;sizes&quot;:[]},&quot;min_height_mobile&quot;:{&quot;unit&quot;:&quot;px&quot;,&quot;size&quot;:&quot;&quot;,&quot;sizes&quot;:[]}}\" data-widget_type=\"table-of-contents.default\">\n\t\t\t\t\t\t\t\t\t<div class=\"elementor-toc__header\">\n\t\t\t\t\t\t<h2 class=\"elementor-toc__header-title\">\n\t\t\t\tInneh\u00e5llsf\u00f6rteckning\t\t\t<\/h2>\n\t\t\t\t\t\t\t\t\t\t<div class=\"elementor-toc__toggle-button elementor-toc__toggle-button--expand\" role=\"button\" tabindex=\"0\" aria-controls=\"elementor-toc__1c30362\" aria-expanded=\"true\" aria-label=\"\u00d6ppna inneh\u00e5llsf\u00f6rteckning\"><svg aria-hidden=\"true\" class=\"e-font-icon-svg e-fas-chevron-down\" viewBox=\"0 0 448 512\" xmlns=\"http:\/\/www.w3.org\/2000\/svg\"><path d=\"M207.029 381.476L12.686 187.132c-9.373-9.373-9.373-24.569 0-33.941l22.667-22.667c9.357-9.357 24.522-9.375 33.901-.04L224 284.505l154.745-154.021c9.379-9.335 24.544-9.317 33.901.04l22.667 22.667c9.373 9.373 9.373 24.569 0 33.941L240.971 381.476c-9.373 9.372-24.569 9.372-33.942 0z\"><\/path><\/svg><\/div>\n\t\t\t\t<div class=\"elementor-toc__toggle-button elementor-toc__toggle-button--collapse\" role=\"button\" tabindex=\"0\" aria-controls=\"elementor-toc__1c30362\" aria-expanded=\"true\" aria-label=\"St\u00e4ng inneh\u00e5llsf\u00f6rteckning\"><svg aria-hidden=\"true\" class=\"e-font-icon-svg e-fas-chevron-up\" viewBox=\"0 0 448 512\" xmlns=\"http:\/\/www.w3.org\/2000\/svg\"><path d=\"M240.971 130.524l194.343 194.343c9.373 9.373 9.373 24.569 0 33.941l-22.667 22.667c-9.357 9.357-24.522 9.375-33.901.04L224 227.495 69.255 381.516c-9.379 9.335-24.544 9.317-33.901-.04l-22.667-22.667c-9.373-9.373-9.373-24.569 0-33.941L207.03 130.525c9.372-9.373 24.568-9.373 33.941-.001z\"><\/path><\/svg><\/div>\n\t\t\t\t\t<\/div>\n\t\t\t\t<div id=\"elementor-toc__1c30362\" class=\"elementor-toc__body\">\n\t\t\t<div class=\"elementor-toc__spinner-container\">\n\t\t\t\t<svg class=\"elementor-toc__spinner eicon-animation-spin e-font-icon-svg e-eicon-loading\" aria-hidden=\"true\" viewBox=\"0 0 1000 1000\" xmlns=\"http:\/\/www.w3.org\/2000\/svg\"><path d=\"M500 975V858C696 858 858 696 858 500S696 142 500 142 142 304 142 500H25C25 237 238 25 500 25S975 237 975 500 763 975 500 975Z\"><\/path><\/svg>\t\t\t<\/div>\n\t\t<\/div>\n\t\t\t\t\t\t<\/div>\n\t\t\t\t<\/div>\n\t\t\t\t\t<\/div>\n\t\t\t\t<\/div>\n\t\t<div class=\"elementor-element elementor-element-herorght0 e-con-full e-flex e-con e-child\" data-id=\"herorght0\" data-element_type=\"container\" data-e-type=\"container\">\n\t\t\t\t<div class=\"elementor-element elementor-element-heroimg00 iwg-hero-image elementor-widget elementor-widget-image\" data-id=\"heroimg00\" data-element_type=\"widget\" data-e-type=\"widget\" data-widget_type=\"image.default\">\n\t\t\t\t\t\t\t\t\t\t\t\t\t\t\t<img fetchpriority=\"high\" decoding=\"async\" width=\"683\" height=\"1024\" src=\"https:\/\/iwell-guard.com\/wp-content\/uploads\/2026\/04\/goetter_keltisch_morrigan-683x1024.webp\" class=\"attachment-large size-large wp-image-136255\" alt=\"Morrigan \u2013 gudinna fr\u00e5n den keltiska traditionen, historiskt-illustrativ\" srcset=\"https:\/\/iwell-guard.com\/wp-content\/uploads\/2026\/04\/goetter_keltisch_morrigan-683x1024.webp 683w, https:\/\/iwell-guard.com\/wp-content\/uploads\/2026\/04\/goetter_keltisch_morrigan-200x300.webp 200w, https:\/\/iwell-guard.com\/wp-content\/uploads\/2026\/04\/goetter_keltisch_morrigan-768x1152.webp 768w, https:\/\/iwell-guard.com\/wp-content\/uploads\/2026\/04\/goetter_keltisch_morrigan.webp 1024w\" sizes=\"(max-width: 683px) 100vw, 683px\" \/>\t\t\t\t\t\t\t\t\t\t\t\t\t\t\t<\/div>\n\t\t\t\t<\/div>\n\t\t\t\t\t<\/div>\n\t\t\t\t<\/div>\n\t\t<div class=\"elementor-element elementor-element-32917199 e-flex e-con-boxed e-con e-parent\" data-id=\"32917199\" data-element_type=\"container\" data-e-type=\"container\">\n\t\t\t\t\t<div class=\"e-con-inner\">\n\t\t<div class=\"elementor-element elementor-element-26e916cb e-flex e-con-boxed e-con e-child\" data-id=\"26e916cb\" data-element_type=\"container\" data-e-type=\"container\">\n\t\t\t\t\t<div class=\"e-con-inner\">\n\t\t<div class=\"elementor-element elementor-element-253a40d4 e-flex e-con-boxed e-con e-child\" data-id=\"253a40d4\" data-element_type=\"container\" data-e-type=\"container\">\n\t\t\t\t\t<div class=\"e-con-inner\">\n\t\t\t\t<div class=\"elementor-element elementor-element-1200c304 elementor-widget elementor-widget-heading\" data-id=\"1200c304\" data-element_type=\"widget\" data-e-type=\"widget\" data-widget_type=\"heading.default\">\n\t\t\t\t\t<div class=\"elementor-heading-title elementor-size-default\">Morrigan<\/div>\t\t\t\t<\/div>\n\t\t\t\t<div class=\"elementor-element elementor-element-11758e7f elementor-widget elementor-widget-text-editor\" data-id=\"11758e7f\" data-element_type=\"widget\" data-e-type=\"widget\" data-widget_type=\"text-editor.default\">\n\t\t\t\t\t\t\t\t\t<p>Morrigan (\u00e4ven Morr\u00edgu, M\u00f3r-R\u00edghan) framst\u00e4lls som gudinna och <span class=\"iwg-fachbegriff\" data-tooltip=\"En kroppsl\u00f6s varelse som tillskrivs verkan i v\u00e4rlden.\" tabindex=\"0\">ande<\/span> f\u00f6r krig, d\u00f6d och \u00f6de. Hon upptr\u00e4der som kr\u00e5ka eller korp, flyger \u00f6ver slagf\u00e4lt och p\u00e5verkar krigsutg\u00e5ngen genom \u00f6vernaturlig makt.<\/p><p>Hon \u00e4r \u00e4lskarinna till flera hj\u00e4ltar (Dagda, Lugh, C\u00fa Chulainn) och sk\u00e4nker dem <span class=\"iwg-fachbegriff\" data-tooltip=\"Till\u00f6nskan av v\u00e4lg\u00e5ng och skydd, ofta i fast spr\u00e5klig form.\" tabindex=\"0\">v\u00e4lsignelse<\/span> eller olycka. I Cath Maige Tuired f\u00f6rkunnar hon slagets utg\u00e5ng. Hon \u00e5terges ibland som en treenighet (M\u00f3r-R\u00edghan, Macha, Badb) eller som en enskild gestalt. Hon \u00e4r inte \u00bbond\u00ab, utan amoralisk och krigsbest\u00e4md.<\/p>\t\t\t\t\t\t\t\t<\/div>\n\t\t\t\t\t<\/div>\n\t\t\t\t<\/div>\n\t\t<div class=\"elementor-element elementor-element-159dcf9a e-flex e-con-boxed e-con e-child\" data-id=\"159dcf9a\" data-element_type=\"container\" data-e-type=\"container\">\n\t\t\t\t\t<div class=\"e-con-inner\">\n\t\t\t\t<div class=\"elementor-element elementor-element-48cee66f elementor-widget elementor-widget-heading\" data-id=\"48cee66f\" data-element_type=\"widget\" data-e-type=\"widget\" data-widget_type=\"heading.default\">\n\t\t\t\t\t<div class=\"elementor-heading-title elementor-size-default\">I korthet: Morrigan<\/div>\t\t\t\t<\/div>\n\t\t\t\t<div class=\"elementor-element elementor-element-3f50d82c elementor-widget elementor-widget-text-editor\" data-id=\"3f50d82c\" data-element_type=\"widget\" data-e-type=\"widget\" data-widget_type=\"text-editor.default\">\n\t\t\t\t\t\t\t\t\t<p>Bel\u00e4gg finns i Cath Maige Tuired, Togail Bruidne D\u00e1 Derga, Oidheadh Chloinne Usnig och andra iriska sagokomplex (nedtecknade under 8.-12. \u00e5rhundradet). Morrigan omn\u00e4mns \u00e4ven i genealogier och ortnamnsetymologier (Rath Maeve = \u00bbdrottningens kulle\u00ab, m\u00f6jligen med koppling till Morrigan).<\/p><p>Modern forskning (Maier, Mac Cana, Green) diskuterar om Morrigan \u00e4r en ursprunglig gudinna eller en <span class=\"iwg-fachbegriff\" data-tooltip=\"Sammansm\u00e4ltning av f\u00f6rest\u00e4llningar eller gudomar fr\u00e5n olika religi\u00f6sa traditioner.\" tabindex=\"0\">synkretism<\/span> av flera gestalter. Folkloristisk <span class=\"iwg-fachbegriff\" data-tooltip=\"\u00d6verf\u00f6ringen av kunskap och ber\u00e4ttelser genom generationer.\" tabindex=\"0\">\u00f6verl\u00e4mning<\/span> i Irland och Skottland bevarade krigsandetraditioner.<\/p>\t\t\t\t\t\t\t\t<\/div>\n\t\t\t\t\t<\/div>\n\t\t\t\t<\/div>\n\t\t\t\t\t<\/div>\n\t\t\t\t<\/div>\n\t\t\t\t\t<\/div>\n\t\t\t\t<\/div>\n\t\t<div class=\"elementor-element elementor-element-18613602 e-flex e-con-boxed e-con e-parent\" data-id=\"18613602\" data-element_type=\"container\" data-e-type=\"container\">\n\t\t\t\t\t<div class=\"e-con-inner\">\n\t\t\t\t<div class=\"elementor-element elementor-element-262b8a9f elementor-widget elementor-widget-heading\" data-id=\"262b8a9f\" data-element_type=\"widget\" data-e-type=\"widget\" data-widget_type=\"heading.default\">\n\t\t\t\t\t<h2 class=\"elementor-heading-title elementor-size-default\">Historisk inordning<\/h2>\t\t\t\t<\/div>\n\t\t<div class=\"elementor-element elementor-element-46dcb7d e-con-full e-flex e-con e-child\" data-id=\"46dcb7d\" data-element_type=\"container\" data-e-type=\"container\">\n\t\t<div class=\"elementor-element elementor-element-61d3ab3 e-flex e-con-boxed e-con e-child\" data-id=\"61d3ab3\" data-element_type=\"container\" data-e-type=\"container\">\n\t\t\t\t\t<div class=\"e-con-inner\">\n\t\t\t\t<div class=\"elementor-element elementor-element-117c166 elementor-widget elementor-widget-heading\" data-id=\"117c166\" data-element_type=\"widget\" data-e-type=\"widget\" data-widget_type=\"heading.default\">\n\t\t\t\t\t<div class=\"elementor-heading-title elementor-size-default\">Texternas tidsperiod<\/div>\t\t\t\t<\/div>\n\t\t\t\t<div class=\"elementor-element elementor-element-73997a0 elementor-widget elementor-widget-text-editor\" data-id=\"73997a0\" data-element_type=\"widget\" data-e-type=\"widget\" data-widget_type=\"text-editor.default\">\n\t\t\t\t\t\t\t\t\t<p>Morr\u00edgans gestalt kan sp\u00e5ras fr\u00e5n de tidigmedeltida iriska handskrifterna fram till i dag. De kristna skrivarna bevarade ber\u00e4ttelserna om krigsgudinnan, trots att de inte l\u00e4ngre delade hennes religion, och nedtecknade d\u00e4rigenom texter som T\u00e1in B\u00f3 C\u00faailnge. I nutid tar nyhedniska str\u00f6mningar upp Morr\u00edgan igen som en v\u00f6rdad gestalt, varvid tolkningen delvis f\u00f6rskjutits betydligt j\u00e4mf\u00f6rt med de medeltida k\u00e4llorna.<\/p>\t\t\t\t\t\t\t\t<\/div>\n\t\t\t\t\t<\/div>\n\t\t\t\t<\/div>\n\t\t<div class=\"elementor-element elementor-element-d47b156 e-flex e-con-boxed e-con e-child\" data-id=\"d47b156\" data-element_type=\"container\" data-e-type=\"container\">\n\t\t\t\t\t<div class=\"e-con-inner\">\n\t\t\t\t<div class=\"elementor-element elementor-element-ff38c2b elementor-widget elementor-widget-heading\" data-id=\"ff38c2b\" data-element_type=\"widget\" data-e-type=\"widget\" data-widget_type=\"heading.default\">\n\t\t\t\t\t<div class=\"elementor-heading-title elementor-size-default\">Utbredningsomr\u00e5de<\/div>\t\t\t\t<\/div>\n\t\t\t\t<div class=\"elementor-element elementor-element-4e49fcc elementor-widget elementor-widget-text-editor\" data-id=\"4e49fcc\" data-element_type=\"widget\" data-e-type=\"widget\" data-widget_type=\"text-editor.default\">\n\t\t\t\t\t\t\t\t\t<p>Morrigan var allm\u00e4nt k\u00e4nd i hela den keltiska v\u00e4rlden och v\u00f6rdades eller respektfullt fruktades, utan begr\u00e4nsning till s\u00e4rskilda regioner eller platser. Vare sig i stora urbana centra eller i perifera landsbygdsomr\u00e5den, vare sig bland samh\u00e4llets elit eller bland vanligt folk, erk\u00e4ndes denna varelses andliga och kulturella betydelse genomg\u00e5ende och universellt.<\/p><p>Morr\u00edgan var ingen lokalt begr\u00e4nsad kult, utan djupt f\u00f6rankrad i de iriska ber\u00e4ttelsecyklerna som f\u00f6redrogs \u00f6ver hela \u00f6n. Ortnamn som D\u00e1 Ch\u00edch na Morrigna, kullarna kallade Morr\u00edgans br\u00f6st i Meath-sl\u00e4tten, visar att gudinnan \u00e4ven var f\u00f6rankrad i landskapet. Hennes delvis trefaldiga gestalt, tillsammans med Badb och Macha, f\u00f6renade henne dessutom med andra regionalt k\u00e4nda stridsgudinnor.<\/p>\t\t\t\t\t\t\t\t<\/div>\n\t\t\t\t\t<\/div>\n\t\t\t\t<\/div>\n\t\t\t\t<\/div>\n\t\t<div class=\"elementor-element elementor-element-db03c39 e-con-full e-flex e-con e-child\" data-id=\"db03c39\" data-element_type=\"container\" data-e-type=\"container\">\n\t\t<div class=\"elementor-element elementor-element-229a87b e-flex e-con-boxed e-con e-child\" data-id=\"229a87b\" data-element_type=\"container\" data-e-type=\"container\">\n\t\t\t\t\t<div class=\"e-con-inner\">\n\t\t\t\t<div class=\"elementor-element elementor-element-1f471fc elementor-widget elementor-widget-heading\" data-id=\"1f471fc\" data-element_type=\"widget\" data-e-type=\"widget\" data-widget_type=\"heading.default\">\n\t\t\t\t\t<div class=\"elementor-heading-title elementor-size-default\">K\u00e4ll\u00e4ge<\/div>\t\t\t\t<\/div>\n\t\t\t\t<div class=\"elementor-element elementor-element-36b1201 elementor-widget elementor-widget-text-editor\" data-id=\"36b1201\" data-element_type=\"widget\" data-e-type=\"widget\" data-widget_type=\"text-editor.default\">\n\t\t\t\t\t\t\t\t\t<p>Prim\u00e4rk\u00e4llor: Cath Maige Tuired (recensionerna A och B, nedtecknade ca 9.-12. \u00e5rhundradet), Togail Bruidne D\u00e1 Derga (f\u00f6rst\u00f6relsesagan), Oidheadh Chloinne Usnig (Usnechs barns \u00f6de), samt Tochmarc E\u00edmhain (\u00bbfriandet av Eimain\u00ab).<\/p><p>Tidsperiod: muntliga traditioner \u00e4ldre (m\u00f6jligen j\u00e4rn\u00e5lder eller tidig medeltid), skriftlig fixering fr\u00e5n 8. \u00e5rhundradet. Forskare: Proinsias Mac Cana (Celtic Mythology, The Mabinogion), Bernhard Maier (Die Religion der Kelten), Miranda Green (The Gods of the Celts), Birkhan (Kelten) behandlar Morrigan som en central gestalt i krigsreligionen.<\/p>\t\t\t\t\t\t\t\t<\/div>\n\t\t\t\t\t<\/div>\n\t\t\t\t<\/div>\n\t\t\t\t<\/div>\n\t\t\t\t\t<\/div>\n\t\t\t\t<\/div>\n\t\t<div class=\"elementor-element elementor-element-3ae0637c e-flex e-con-boxed e-con e-parent\" data-id=\"3ae0637c\" data-element_type=\"container\" data-e-type=\"container\">\n\t\t\t\t\t<div class=\"e-con-inner\">\n\t\t\t\t<div class=\"elementor-element elementor-element-31d07739 elementor-widget elementor-widget-heading\" data-id=\"31d07739\" data-element_type=\"widget\" data-e-type=\"widget\" data-widget_type=\"heading.default\">\n\t\t\t\t\t<h2 class=\"elementor-heading-title elementor-size-default\">Namn och varianter<\/h2>\t\t\t\t<\/div>\n\t\t<div class=\"elementor-element elementor-element-b7642947 e-con-full e-flex e-con e-child\" data-id=\"b7642947\" data-element_type=\"container\" data-e-type=\"container\">\n\t\t\t\t<div class=\"elementor-element elementor-element-a086266 elementor-widget elementor-widget-text-editor\" data-id=\"a086266\" data-element_type=\"widget\" data-e-type=\"widget\" data-widget_type=\"text-editor.default\">\n\t\t\t\t\t\t\t\t\t<p>Morrigan framst\u00e4lls i olika k\u00e4llor och konstn\u00e4rliga traditioner med best\u00e4mda \u00e5terkommande ikonografiska element, som f\u00f6rblir relativt konstanta \u00f6ver \u00e5rtionden och \u00f6ver olika geografiska omr\u00e5den. Dessa element \u00e4r djupt symboliskt kodade och b\u00e4r stor betydelse. Inget av detta \u00e4r rent dekorativt eller slumpm\u00e4ssigt valt.<\/p><p>Morr\u00edgans framtr\u00e4dandeformer b\u00e4r betydelse i de iriska texterna: kr\u00e5kan eller korpen \u00f6ver slagf\u00e4ltet visar hennes koppling till strid och d\u00f6d, gestalten som tv\u00e4tterinna vid floden, som tv\u00e4ttar den blodiga rustningen, f\u00f6reb\u00e5dar en krigares d\u00f6d, och f\u00f6rvandlingarna till \u00e5l, varghona och kviga vid m\u00f6tet med C\u00fa Chulainn visar hennes makt \u00f6ver gestalten. Kunniga \u00e5h\u00f6rare av ber\u00e4ttelserna kunde genast av var och en av dessa former utl\u00e4sa vilken roll gudinnan intog i den aktuella scenen.<\/p>\t\t\t\t\t\t\t\t<\/div>\n\t\t\t\t<\/div>\n\t\t\t\t\t<\/div>\n\t\t\t\t<\/div>\n\t\t<div class=\"elementor-element elementor-element-709a44a8 e-flex e-con-boxed e-con e-parent\" data-id=\"709a44a8\" data-element_type=\"container\" data-e-type=\"container\">\n\t\t\t\t\t<div class=\"e-con-inner\">\n\t\t\t\t<div class=\"elementor-element elementor-element-2f585873 elementor-widget elementor-widget-heading\" data-id=\"2f585873\" data-element_type=\"widget\" data-e-type=\"widget\" data-widget_type=\"heading.default\">\n\t\t\t\t\t<h2 class=\"elementor-heading-title elementor-size-default\">Beskrivning<\/h2>\t\t\t\t<\/div>\n\t\t<div class=\"elementor-element elementor-element-70621c12 e-con-full e-flex e-con e-child\" data-id=\"70621c12\" data-element_type=\"container\" data-e-type=\"container\">\n\t\t\t\t<div class=\"elementor-element elementor-element-4296eb49 elementor-widget elementor-widget-text-editor\" data-id=\"4296eb49\" data-element_type=\"widget\" data-e-type=\"widget\" data-widget_type=\"text-editor.default\">\n\t\t\t\t\t\t\t\t\t<p>Morrigan var central i den religi\u00f6sa praktiken, i vardagens ritualer och i den keltiska befolkningens vardagsf\u00f6rst\u00e5else. M\u00e4nniskor v\u00e4nde sig till denna gestalt i kritiska eller best\u00e4mda livssituationer eller vid fastst\u00e4llda rituella tider p\u00e5 \u00e5ret, med strukturerade, ofta omfattande ritualer, b\u00f6ner eller offerg\u00e5vor.<\/p><p>Kunskapen om Morr\u00edgan bevarades i Irland av de l\u00e4rda skikten: f\u00f6rkristna tidens diktare och l\u00e4rde h\u00f6ll ber\u00e4ttelserna om krigsgudinnan vid liv, och munkarna i medeltidens kloster nedtecknade dem slutligen i handskrifter som Leinsterboken. Det som f\u00f6rmedlats om henne f\u00f6ljer d\u00e4rmed fasta ber\u00e4ttar- och skrivtraditioner, inte spontan uppfinning.<\/p><p>Morr\u00edgan f\u00f6rblev i \u00e5rhundraden f\u00f6rem\u00e5l f\u00f6r den irl\u00e4ndska ber\u00e4ttartraditionen, eftersom hennes funktioner var klart avgr\u00e4nsade: hon f\u00f6rutsp\u00e5dde utg\u00e5ngen av strider, p\u00e5verkade kamper genom att skr\u00e4mma och f\u00f6rvirra motst\u00e5ndarna och f\u00f6rkunnade enskilda hj\u00e4ltars, som C\u00fa Chulainns, d\u00f6d. I T\u00e1in B\u00f3 C\u00faailnge griper hon sj\u00e4lv in i skeendet. Hennes roll \u00e4r d\u00e4rmed mindre skyddande \u00e4n \u00f6desbest\u00e4mmande: hon st\u00e5r f\u00f6r krigslycka, profetia och slutet.<\/p>\t\t\t\t\t\t\t\t<\/div>\n\t\t\t\t<\/div>\n\t\t\t\t\t<\/div>\n\t\t\t\t<\/div>\n\t\t<div class=\"elementor-element elementor-element-44e71476 e-flex e-con-boxed e-con e-parent\" data-id=\"44e71476\" data-element_type=\"container\" data-e-type=\"container\">\n\t\t\t\t\t<div class=\"e-con-inner\">\n\t\t\t\t<div class=\"elementor-element elementor-element-3c1fc3f0 elementor-widget elementor-widget-heading\" data-id=\"3c1fc3f0\" data-element_type=\"widget\" data-e-type=\"widget\" data-widget_type=\"heading.default\">\n\t\t\t\t\t<div class=\"elementor-heading-title elementor-size-default\">Faktablad: Morrigan<\/div>\t\t\t\t<\/div>\n\t\t<div class=\"elementor-element elementor-element-84f33b8e e-con-full e-flex e-con e-child\" data-id=\"84f33b8e\" data-element_type=\"container\" data-e-type=\"container\">\n\t\t\t\t<div class=\"elementor-element elementor-element-hqkdc67p elementor-widget elementor-widget-text-editor\" data-id=\"hqkdc67p\" data-element_type=\"widget\" data-e-type=\"widget\" data-widget_type=\"text-editor.default\">\n\t\t\t\t\t\t\t\t\t<p>Faktabladet beskriver Morrigan utifr\u00e5n sex huvudaspekter: hennes mytologiska ursprung och ambivalenta st\u00e4llning i den keltiska <span class=\"iwg-fachbegriff\" data-tooltip=\"Samtliga gudar inom en religion eller kultur.\" tabindex=\"0\">pantheon<\/span>, hennes funktion som krigsande och \u00f6desbest\u00e4mmare, hennes ikonografi som kr\u00e5ka och gestaltskiftare, hennes demoniskt-m\u00e4ktiga verkningar, andliga f\u00f6rsiktighets\u00e5tg\u00e4rder samt kulturella paralleller i andra religi\u00f6sa traditioner.<\/p><p>De f\u00f6ljande korten sammanfattar de viktigaste h\u00e5llpunkterna i koncentrerad form; mer utf\u00f6rliga beskrivningar finns i de f\u00f6reg\u00e5ende kapitlen om namn, beskrivning och skyddspraxis.<\/p>\t\t\t\t\t\t\t\t<\/div>\n\t\t\t\t<\/div>\n\t\t<div class=\"elementor-element elementor-element-pemmx7c5 e-con-full e-flex e-con e-child\" data-id=\"pemmx7c5\" data-element_type=\"container\" data-e-type=\"container\">\n\t\t<div class=\"elementor-element elementor-element-pemmx7c1 e-con-full e-flex e-con e-child\" data-id=\"pemmx7c1\" data-element_type=\"container\" data-e-type=\"container\">\n\t\t<div class=\"elementor-element elementor-element-qh9oavvu iwg-steckbrief-card e-flex e-con-boxed e-con e-child\" data-id=\"qh9oavvu\" data-element_type=\"container\" data-e-type=\"container\">\n\t\t\t\t\t<div class=\"e-con-inner\">\n\t\t\t\t<div class=\"elementor-element elementor-element-awzx8k2k elementor-widget elementor-widget-heading\" data-id=\"awzx8k2k\" data-element_type=\"widget\" data-e-type=\"widget\" data-widget_type=\"heading.default\">\n\t\t\t\t\t<h3 class=\"elementor-heading-title elementor-size-default\">Ursprung<\/h3>\t\t\t\t<\/div>\n\t\t\t\t<div class=\"elementor-element elementor-element-x6rowhv0 elementor-widget elementor-widget-text-editor\" data-id=\"x6rowhv0\" data-element_type=\"widget\" data-e-type=\"widget\" data-widget_type=\"text-editor.default\">\n\t\t\t\t\t\t\t\t\t<p>Morrigan h\u00f6r till de \u00e4ldsta lagren av de keltiska gudinnetraditionerna, m\u00f6jligen av f\u00f6rkeltiskt ursprung. Hon f\u00f6rekommer i flera varianter, dels som enskild gudinna, dels som triad (M\u00f3r-R\u00edghan, Macha, Badb).<\/p><p>Geografiskt \u00e4r hon centrerad kring Irland, med skotska och walesiska varianter. Hennes f\u00f6rsta litter\u00e4ra bel\u00e4gg \u00e5terfinns i texter fr\u00e5n 800- och 900-talet, men traditionen \u00e4r \u00e4ldre. Etymologin \u00e4r omtvistad (\u00abStora drottningen\u00bb, \u00abHavsgudinnan\u00bb, \u00ab\u00d6desgudinnorna\u00bb).<\/p>\t\t\t\t\t\t\t\t<\/div>\n\t\t\t\t\t<\/div>\n\t\t\t\t<\/div>\n\t\t<div class=\"elementor-element elementor-element-8e3o4kxs iwg-steckbrief-card e-flex e-con-boxed e-con e-child\" data-id=\"8e3o4kxs\" data-element_type=\"container\" data-e-type=\"container\">\n\t\t\t\t\t<div class=\"e-con-inner\">\n\t\t\t\t<div class=\"elementor-element elementor-element-08rkdgov elementor-widget elementor-widget-heading\" data-id=\"08rkdgov\" data-element_type=\"widget\" data-e-type=\"widget\" data-widget_type=\"heading.default\">\n\t\t\t\t\t<h3 class=\"elementor-heading-title elementor-size-default\">M\u00e5ltavlor<\/h3>\t\t\t\t<\/div>\n\t\t\t\t<div class=\"elementor-element elementor-element-uwjelx8s elementor-widget elementor-widget-text-editor\" data-id=\"uwjelx8s\" data-element_type=\"widget\" data-e-type=\"widget\" data-widget_type=\"text-editor.default\">\n\t\t\t\t\t\t\t\t\t<p>Morrigan \u00e5kallades av krigare och kungar f\u00f6r att uppn\u00e5 seger eller v\u00e5lla motst\u00e5ndarens nederlag. Kvinnor v\u00e4nde sig till henne i fr\u00e5gor om f\u00f6dsel och fertilitet. Hon var gudinna \u00f6ver krigets \u00f6de och den vilda kvinnligheten, en \u00aborganiserad kult\u00bb tillh\u00f6rde aldrig henne. I vissa traditioner dyrkades hon genom <span class=\"iwg-fachbegriff\" data-tooltip=\"G\u00e5va till en gudom f\u00f6r att uttrycka tacksamhet, en b\u00f6n eller v\u00f6rdnad.\" tabindex=\"0\">offer<\/span> eller lugnande riter f\u00f6r att s\u00e4kra hennes gunst i strider.<\/p>\t\t\t\t\t\t\t\t<\/div>\n\t\t\t\t\t<\/div>\n\t\t\t\t<\/div>\n\t\t<div class=\"elementor-element elementor-element-jm2n74ec iwg-steckbrief-card e-flex e-con-boxed e-con e-child\" data-id=\"jm2n74ec\" data-element_type=\"container\" data-e-type=\"container\">\n\t\t\t\t\t<div class=\"e-con-inner\">\n\t\t\t\t<div class=\"elementor-element elementor-element-8vufse4c elementor-widget elementor-widget-heading\" data-id=\"8vufse4c\" data-element_type=\"widget\" data-e-type=\"widget\" data-widget_type=\"heading.default\">\n\t\t\t\t\t<h3 class=\"elementor-heading-title elementor-size-default\">Utseende<\/h3>\t\t\t\t<\/div>\n\t\t\t\t<div class=\"elementor-element elementor-element-mwb9u015 elementor-widget elementor-widget-text-editor\" data-id=\"mwb9u015\" data-element_type=\"widget\" data-e-type=\"widget\" data-widget_type=\"text-editor.default\">\n\t\t\t\t\t\t\t\t\t<p>Ikonografiskt avbildas Morrigan ofta som en kr\u00e5ka eller korp, ibland med m\u00e4nskliga drag eller som en gestaltskiftande kvinna. Hon b\u00e4r ibland rustning eller krigiska attribut. I litter\u00e4ra beskrivningar \u00e4r hon vild, sk\u00f6n och farlig p\u00e5 samma g\u00e5ng. Hon st\u00e5r p\u00e5 slagf\u00e4lten eller flyger \u00f6ver dem. F\u00e4rger: svart, r\u00f6tt (blod), ibland silver. Hon utstr\u00e5lar en \u00f6vernaturlig n\u00e4rvaro.<\/p>\t\t\t\t\t\t\t\t<\/div>\n\t\t\t\t\t<\/div>\n\t\t\t\t<\/div>\n\t\t\t\t<\/div>\n\t\t<div class=\"elementor-element elementor-element-pemmx7c2 e-con-full e-flex e-con e-child\" data-id=\"pemmx7c2\" data-element_type=\"container\" data-e-type=\"container\">\n\t\t<div class=\"elementor-element elementor-element-37ss2yr6 iwg-steckbrief-card e-flex e-con-boxed e-con e-child\" data-id=\"37ss2yr6\" data-element_type=\"container\" data-e-type=\"container\">\n\t\t\t\t\t<div class=\"e-con-inner\">\n\t\t\t\t<div class=\"elementor-element elementor-element-3v0wp3wx elementor-widget elementor-widget-heading\" data-id=\"3v0wp3wx\" data-element_type=\"widget\" data-e-type=\"widget\" data-widget_type=\"heading.default\">\n\t\t\t\t\t<h3 class=\"elementor-heading-title elementor-size-default\">Morrigans verkan<\/h3>\t\t\t\t<\/div>\n\t\t\t\t<div class=\"elementor-element elementor-element-w3247g2m elementor-widget elementor-widget-text-editor\" data-id=\"w3247g2m\" data-element_type=\"widget\" data-e-type=\"widget\" data-widget_type=\"text-editor.default\">\n\t\t\t\t\t\t\t\t\t<p>Morrigan tillskrivs makt \u00f6ver krigets utg\u00e5ng, \u00f6desbest\u00e4mning, fruktbarhet och sexualitet samt f\u00f6rm\u00e5gan att skifta gestalt. Hon kan inspirera hj\u00e4ltar eller f\u00f6rlama deras motst\u00e5ndare. Hon f\u00f6rkroppsligar den destruktiva och skapande kvinnligheten. Hennes \u00f6vernaturliga kraft \u00e4r amoralisk, den f\u00f6ljer krigets logik, inte etiken.<\/p><p>Hon kan bringa f\u00f6rd\u00e4rv, men \u00e4ven <span class=\"iwg-fachbegriff\" data-tooltip=\"Till\u00f6nskan av lycka och skydd, ofta i fast spr\u00e5klig form.\" tabindex=\"0\">v\u00e4lsignelse<\/span>. I T\u00e1in B\u00f3 C\u00faailnge framtr\u00e4der denna dubbelnatur s\u00e4rskilt tydligt: f\u00f6rst erbjuder hon C\u00fa Chulainn sin gunst, sedan v\u00e4nder hon sig mot honom. Denna ambivalens g\u00e5r inte att l\u00f6sa upp moraliskt, hon vill f\u00f6rst\u00e5s som en kosmisk \u00f6desmakt.<\/p>\t\t\t\t\t\t\t\t<\/div>\n\t\t\t\t\t<\/div>\n\t\t\t\t<\/div>\n\t\t<div class=\"elementor-element elementor-element-0qpjal9w iwg-steckbrief-card e-flex e-con-boxed e-con e-child\" data-id=\"0qpjal9w\" data-element_type=\"container\" data-e-type=\"container\">\n\t\t\t\t\t<div class=\"e-con-inner\">\n\t\t\t\t<div class=\"elementor-element elementor-element-6ndoih0o elementor-widget elementor-widget-heading\" data-id=\"6ndoih0o\" data-element_type=\"widget\" data-e-type=\"widget\" data-widget_type=\"heading.default\">\n\t\t\t\t\t<h3 class=\"elementor-heading-title elementor-size-default\">Avv\u00e4rjningsformer<\/h3>\t\t\t\t<\/div>\n\t\t\t\t<div class=\"elementor-element elementor-element-6684tyh9 elementor-widget elementor-widget-text-editor\" data-id=\"6684tyh9\" data-element_type=\"widget\" data-e-type=\"widget\" data-widget_type=\"text-editor.default\">\n\t\t\t\t\t\t\t\t\t<p>Morrigan \u00e4r inte ond, men farlig och of\u00f6ruts\u00e4gbar. Hon \u00e4r h\u00e4rskarinna \u00f6ver stridens \u00f6de, inte demon. Skyddspraxis handlar om att respektera och hedra henne, inte att frukta henne.<\/p><p>Krigsmagiska traditioner l\u00e4r ut \u00e5kallanden och <span class=\"iwg-fachbegriff\" data-tooltip=\"G\u00e5va till en gudom f\u00f6r att uttrycka tacksamhet, en b\u00f6n eller v\u00f6rdnad.\" tabindex=\"0\">offer<\/span> f\u00f6r att vinna hennes gunst eller undvika hennes ovilja. Modern esoterisk praxis ser Morrigan som en kraft f\u00f6r f\u00f6rvandling och \u00e4kthet, inte som f\u00f6rst\u00f6rande.<\/p>\t\t\t\t\t\t\t\t<\/div>\n\t\t\t\t\t<\/div>\n\t\t\t\t<\/div>\n\t\t<div class=\"elementor-element elementor-element-3lfi7x32 iwg-steckbrief-card e-flex e-con-boxed e-con e-child\" data-id=\"3lfi7x32\" data-element_type=\"container\" data-e-type=\"container\">\n\t\t\t\t\t<div class=\"e-con-inner\">\n\t\t\t\t<div class=\"elementor-element elementor-element-0kg99ga1 elementor-widget elementor-widget-heading\" data-id=\"0kg99ga1\" data-element_type=\"widget\" data-e-type=\"widget\" data-widget_type=\"heading.default\">\n\t\t\t\t\t<h3 class=\"elementor-heading-title elementor-size-default\">Motsvarigheter<\/h3>\t\t\t\t<\/div>\n\t\t\t\t<div class=\"elementor-element elementor-element-n0fum6kp elementor-widget elementor-widget-text-editor\" data-id=\"n0fum6kp\" data-element_type=\"widget\" data-e-type=\"widget\" data-widget_type=\"text-editor.default\">\n\t\t\t\t\t\t\t\t\t<p>J\u00e4mf\u00f6rbara \u00e4r erinyerna\/furierna (grekiska) som \u00f6des- och h\u00e4mndgudinnor, nornorna (germanska) som \u00f6dets v\u00e4verskor, vilka liksom Morr\u00edgan upptr\u00e4der som en triad, den romerska Bellona som krigsgudinna och den indiska Kali som f\u00f6rst\u00f6relsens och f\u00f6rvandlingens gudinna.<\/p><p>Typen \u00ab\u00f6desgudinna\u00bb \u00e4r vitt spridd inom det indoeuropeiska omr\u00e5det. \u00c4ven den slaviska Mokosch, den fornnordiska Skuld och den frygiska Kybele delar drag av triaden krig, jord och d\u00f6dlighet; i en feministisk religionshistorisk l\u00e4sning j\u00e4mf\u00f6rs Morr\u00edgan dessutom med Anatoliens modergudinnor fr\u00e5n den sena brons\u00e5ldern.<\/p>\t\t\t\t\t\t\t\t<\/div>\n\t\t\t\t\t<\/div>\n\t\t\t\t<\/div>\n\t\t\t\t<\/div>\n\t\t\t\t<\/div>\n\t\t\t\t\t<\/div>\n\t\t\t\t<\/div>\n\t\t<div class=\"elementor-element elementor-element-5a584676 e-flex e-con-boxed e-con e-parent\" data-id=\"5a584676\" data-element_type=\"container\" data-e-type=\"container\">\n\t\t\t\t\t<div class=\"e-con-inner\">\n\t\t\t\t<div class=\"elementor-element elementor-element-6d0757bf elementor-widget elementor-widget-heading\" data-id=\"6d0757bf\" data-element_type=\"widget\" data-e-type=\"widget\" data-widget_type=\"heading.default\">\n\t\t\t\t\t<h2 class=\"elementor-heading-title elementor-size-default\">Morrigan, paralleller i andra kulturer<\/h2>\t\t\t\t<\/div>\n\t\t<div class=\"elementor-element elementor-element-60563f68 e-con-full e-flex e-con e-child\" data-id=\"60563f68\" data-element_type=\"container\" data-e-type=\"container\">\n\t\t\t\t<div class=\"elementor-element elementor-element-5a93fdd6 elementor-widget elementor-widget-text-editor\" data-id=\"5a93fdd6\" data-element_type=\"widget\" data-e-type=\"widget\" data-widget_type=\"text-editor.default\">\n\t\t\t\t\t\t\t\t\t<p>J\u00e4mf\u00f6relsen visar att Morrigan representerar en universell religionstyp: den ambivalenta, kvinnliga kraften av destruktion och transformation, som varken \u00e4r god eller ond, utan amoralisk och n\u00f6dv\u00e4ndig. Denna gestalt f\u00f6rekommer i talrika kulturer som en spegling av djupa psykologiska och kosmologiska sanningar om f\u00f6r\u00e4ndring, v\u00e5ld och kvinnlighet.<\/p>\n<p><p><strong>Judisk tradition:<\/strong> Ingen direkt motsvarighet i gudsgestalt. Avl\u00e4gset besl\u00e4ktade \u00e4r Lilith som en vild, okontrollerbar kvinnlig kraft, eller aspekterna av Shekinah som n\u00e4rvaro och fasa. Inom Kabbalah: Binah som destruktivt-kreativ kraft.<\/p><p><strong>Den grekisk-romerska v\u00e4rlden:<\/strong> Erinyerna\/Furierna som \u00f6vernaturliga f\u00f6rkroppsligare av \u00f6det och h\u00e4mndeandar. Ares\/Mars i sin krigiska aspekt. Hekate som gudinna f\u00f6r tr\u00f6skelplatser och <span class=\"iwg-fachbegriff\" data-tooltip=\"Praktiker som genom s\u00e4rskilda handlingar eller formler f\u00f6rs\u00f6ker p\u00e5verka tingens g\u00e5ng.\" tabindex=\"0\">magi<\/span>. Bellona som romersk krigsgudinna. \u00c4ven Nemesis som gudinna f\u00f6r vederg\u00e4llning och kosmisk balans.<\/p><p><strong>Mesopotamien:<\/strong> Ereshkigal som underjordens h\u00e4rskarinna och d\u00f6dens best\u00e4mmerska. Ishtar\/Inanna i sin destruktiva och krigiska aspekt. \u00c4ven Lilitu (den ursprungliga Lilith) som en vild, okontrollerbar kvinnlig kraft.<\/p><p><strong>Indien\/Asien:<\/strong> Kali som gudinna f\u00f6r f\u00f6rst\u00f6relse, tid, krig och transformation. Hon liknar Morrigan: amoralisk, vild, n\u00f6dv\u00e4ndig. \u00c4ven Durga som krigsgudinna och beskyddare. I Tibet: Mahakali som en dunkel, skyddande kraft. Dessa visar djupa strukturella paralleller till den keltiska krigsandegudinnan.<\/p>\t\t\t\t\t\t\t\t<\/div>\n\t\t\t\t<\/div>\n\t\t\t\t\t<\/div>\n\t\t\t\t<\/div>\n\t\t<div class=\"elementor-element elementor-element-cp689a7e1 e-flex e-con-boxed e-con e-parent\" data-id=\"cp689a7e1\" data-element_type=\"container\" data-e-type=\"container\">\n\t\t\t\t\t<div class=\"e-con-inner\">\n\t\t\t\t<div class=\"elementor-element elementor-element-cp9a05fe9 elementor-widget elementor-widget-heading\" data-id=\"cp9a05fe9\" data-element_type=\"widget\" data-e-type=\"widget\" data-widget_type=\"heading.default\">\n\t\t\t\t\t<h2 class=\"elementor-heading-title elementor-size-default\">Morr\u00edgan i T\u00e1in B\u00f3 C\u00faailnge<\/h2>\t\t\t\t<\/div>\n\t\t<div class=\"elementor-element elementor-element-cpd55a44f e-con-full e-flex e-con e-child\" data-id=\"cpd55a44f\" data-element_type=\"container\" data-e-type=\"container\">\n\t\t\t\t<div class=\"elementor-element elementor-element-cp1febcf0 elementor-widget elementor-widget-text-editor\" data-id=\"cp1febcf0\" data-element_type=\"widget\" data-e-type=\"widget\" data-widget_type=\"text-editor.default\">\n\t\t\t\t\t\t\t\t\t<p>De mest utf\u00f6rliga ber\u00e4ttelserna om Morr\u00edgan finns i sagokretsen kring hj\u00e4lten C\u00fa Chulainn, framf\u00f6r allt i <em>T\u00e1in B\u00f3 C\u00faailnge<\/em>, boskapsrovet fr\u00e5n Cooley, den centrala hj\u00e4lteber\u00e4ttelsen inom den s\u00e5 kallade Ulstercykeln. D\u00e4r m\u00f6ter Morr\u00edgan hj\u00e4lten i flera episoder, och hennes f\u00f6rh\u00e5llande till honom \u00e4r mots\u00e4gelsefullt.<\/p><p>I en scen visar hon sig f\u00f6r honom som en ung kvinna och erbjuder honom sin k\u00e4rlek. C\u00fa Chulainn, mitt i striden och avvisande, f\u00f6rkastar erbjudandet. Morr\u00edgan meddelar d\u00e5 att hon ska hindra honom i striden.<\/p><p>Hon g\u00f6r detta i djurgestalt: hon anfaller honom som en \u00e5l som slingrar sig runt hans ben, som en varghona som driver boskapen mot honom, och som en kviga som leder en hjord.<\/p><p>C\u00fa Chulainn s\u00e5rar henne i var och en av dessa gestalter. Senare m\u00f6ter hon honom som en gammal kvinna som mj\u00f6lkar en ko och ber honom om en klunk att dricka. Han ger henne att dricka och v\u00e4lsignar henne d\u00e4rvid tre g\u00e5nger utan att k\u00e4nna igen henne, och med varje <span class=\"iwg-fachbegriff\" data-tooltip=\"Till\u00f6nskan av lycka och skydd, ofta i fast spr\u00e5klig form.\" tabindex=\"0\">v\u00e4lsignelse<\/span> hel\u00e4s de s\u00e5r han tidigare tillfogat henne.<\/p><p>Denna f\u00f6ljd av episoder visar Morr\u00edgan som en makt som inte enkelt \u00e4r motst\u00e5ndare eller hj\u00e4lpare. Hon kan pressa hj\u00e4lten och \u00e4nd\u00e5 bli helad av honom, hon v\u00e4xlar gestalt och roll.<\/p><p>Forskningen har sett olika lager i detta: rester av \u00e4ldre f\u00f6rest\u00e4llningar om en gudinna av landet och suver\u00e4niteten, men \u00e4ven ber\u00e4ttande utformning av medeltida kristna skrivare, som f\u00f6rmedlade materialet. Ett enkelt fastst\u00e4llande av en enda ursprunglig betydelse \u00e4r d\u00e4rf\u00f6r inte m\u00f6jligt.<\/p>\t\t\t\t\t\t\t\t<\/div>\n\t\t\t\t<\/div>\n\t\t\t\t\t<\/div>\n\t\t\t\t<\/div>\n\t\t<div class=\"elementor-element elementor-element-cpdc0760f e-flex e-con-boxed e-con e-parent\" data-id=\"cpdc0760f\" data-element_type=\"container\" data-e-type=\"container\">\n\t\t\t\t\t<div class=\"e-con-inner\">\n\t\t\t\t<div class=\"elementor-element elementor-element-cp38bafbe elementor-widget elementor-widget-heading\" data-id=\"cp38bafbe\" data-element_type=\"widget\" data-e-type=\"widget\" data-widget_type=\"heading.default\">\n\t\t\t\t\t<h2 class=\"elementor-heading-title elementor-size-default\">Slagf\u00e4ltsgestalten: kr\u00e5ka, profetia och hj\u00e4ltens d\u00f6d<\/h2>\t\t\t\t<\/div>\n\t\t<div class=\"elementor-element elementor-element-cpfcc99df e-con-full e-flex e-con e-child\" data-id=\"cpfcc99df\" data-element_type=\"container\" data-e-type=\"container\">\n\t\t\t\t<div class=\"elementor-element elementor-element-cp047bbc1 elementor-widget elementor-widget-text-editor\" data-id=\"cp047bbc1\" data-element_type=\"widget\" data-e-type=\"widget\" data-widget_type=\"text-editor.default\">\n\t\t\t\t\t\t\t\t\t<p>N\u00e4ra f\u00f6rbunden med Morr\u00edgan \u00e4r bilden av korpen eller kr\u00e5kan, slagf\u00e4ltets kadaverf\u00e5glar. I ber\u00e4ttelserna f\u00f6rkunnar Morr\u00edgan strid och d\u00f6d, hon kan f\u00f6rvirra h\u00e4rar genom fruktan och upptr\u00e4der d\u00e4r blod utgjuts.<\/p><p>Hennes namn tolkas i texterna dels som sp\u00f6ke-drottning, dels som stor drottning, men den exakta etymologin \u00e4r omtvistad inom forskningen.<\/p><p>Vid C\u00fa Chulainns d\u00f6d spelar hon en tydlig roll. F\u00f6re hans sista strid krossar Morr\u00edgan, enligt en <span class=\"iwg-fachbegriff\" data-tooltip=\"Vidaref\u00f6randet av kunskap och ber\u00e4ttelser genom generationer.\" tabindex=\"0\">tradition<\/span>, hans vagn f\u00f6r att h\u00e5lla honom tillbaka, eftersom hans d\u00f6d \u00e4r n\u00e4ra. N\u00e4r han trots detta ger sig ut i striden och blir d\u00f6dligt s\u00e5rad, binder han sig fast vid en sten f\u00f6r att d\u00f6 st\u00e5ende.<\/p><p>F\u00f6rst n\u00e4r en kr\u00e5ka sl\u00e5r sig ner p\u00e5 hans axel v\u00e5gar fienderna n\u00e4rma sig honom. Denna kr\u00e5ka f\u00f6rknippas i traditionen med Morr\u00edgan. Bilden av f\u00e5geln som bekr\u00e4ftar hj\u00e4ltens d\u00f6d h\u00f6r till de mest k\u00e4nda scenerna i den irl\u00e4ndska sagolitteraturen.<\/p><p>Morr\u00edgans slagf\u00e4ltsgestalt st\u00e5r i ett st\u00f6rre sammanhang. I texterna framtr\u00e4der hon ofta tillsammans med andra kvinnliga stridsgestalter, till exempel Badb och Nemain, s\u00e5 att vissa k\u00e4llor talar om en treenighet eller en grupp.<\/p><p>Gr\u00e4nserna mellan dessa gestalter \u00e4r oskarpa, och forskningen diskuterar om det r\u00f6r sig om sj\u00e4lvst\u00e4ndiga gestalter eller om aspekter av en enda makt. Denna osk\u00e4rpa \u00e4r inget fel i <span class=\"iwg-fachbegriff\" data-tooltip=\"Vidaref\u00f6randet av kunskap och ber\u00e4ttelser genom generationer.\" tabindex=\"0\">traditionen<\/span>, utan motsvarar det s\u00e4tt p\u00e5 vilket dessa gestalter t\u00e4nktes i de tidiga irl\u00e4ndska texterna.<\/p>\t\t\t\t\t\t\t\t<\/div>\n\t\t\t\t<\/div>\n\t\t\t\t\t<\/div>\n\t\t\t\t<\/div>\n\t\t<div class=\"elementor-element elementor-element-cp500da98 e-flex e-con-boxed e-con e-parent\" data-id=\"cp500da98\" data-element_type=\"container\" data-e-type=\"container\">\n\t\t\t\t\t<div class=\"e-con-inner\">\n\t\t\t\t<div class=\"elementor-element elementor-element-cp1fbc251 elementor-widget elementor-widget-heading\" data-id=\"cp1fbc251\" data-element_type=\"widget\" data-e-type=\"widget\" data-widget_type=\"heading.default\">\n\t\t\t\t\t<h2 class=\"elementor-heading-title elementor-size-default\">Morr\u00edgan bland T\u00faatha D\u00e9 Danann<\/h2>\t\t\t\t<\/div>\n\t\t<div class=\"elementor-element elementor-element-cpbfdc713 e-con-full e-flex e-con e-child\" data-id=\"cpbfdc713\" data-element_type=\"container\" data-e-type=\"container\">\n\t\t\t\t<div class=\"elementor-element elementor-element-cp792d5c2 elementor-widget elementor-widget-text-editor\" data-id=\"cp792d5c2\" data-element_type=\"widget\" data-e-type=\"widget\" data-widget_type=\"text-editor.default\">\n\t\t\t\t\t\t\t\t\t<p>F\u00f6rutom i Ulstercykeln upptr\u00e4der Morr\u00edgan \u00e4ven i den s\u00e5 kallade mytologiska cykeln, som handlar om T\u00faatha D\u00e9 Danann, gudasl\u00e4ktet i den irl\u00e4ndska <span class=\"iwg-fachbegriff\" data-tooltip=\"Vidaref\u00f6randet av kunskap och ber\u00e4ttelser genom generationer.\" tabindex=\"0\">\u00f6verl\u00e4mningen<\/span>. I <em>Cath Maige Tuired<\/em>, slaget vid Mag Tuired, d\u00e4r T\u00faatha D\u00e9 Danann strider mot Fomorierna, framtr\u00e4der Morr\u00edgan vid flera tillf\u00e4llen.<\/p><p>F\u00f6re slaget m\u00f6ter hon guden Dagda, den m\u00e4ktige fadergudens av T\u00faatha D\u00e9 Danann. De tv\u00e5 m\u00f6ts vid en flod, och Morr\u00edgan lovar Dagda att s\u00e4tta in sina krafter mot Fomorierna.<\/p><p>Under sj\u00e4lva slaget talar hon och driver T\u00faatha D\u00e9 Danann fram\u00e5t. Efter segern framf\u00f6r hon, enligt texten, en slags freds- eller segerf\u00f6rkunnelse, som f\u00f6ljs av en dyster <span class=\"iwg-fachbegriff\" data-tooltip=\"F\u00f6ruts\u00e4gelsen av kommande h\u00e4ndelser med religi\u00f6sa eller magiska medel.\" tabindex=\"0\">profetia<\/span> om kommande olyckor och ordningens f\u00f6rfall.<\/p><p>Denna profetia, h\u00e5llen p\u00e5 ett dunkelt och sv\u00e5r\u00f6versatt spr\u00e5k, h\u00f6r till textens mest sl\u00e5ende och samtidigt mest g\u00e5tfulla passager.<\/p><p>I detta sammanhang framst\u00e5r Morr\u00edgan allts\u00e5 som betydligt mer \u00e4n en slaktfuriel: hon \u00e4r en gestalt som ut\u00f6ver krig och fred \u00e4ven talar om tidens g\u00e5ng och v\u00e4rldens \u00f6de.<\/p><p>Forskningen har sett detta som tecken p\u00e5 en \u00e4ldre funktion som suver\u00e4nitets- eller \u00f6desgudinna, men liksom med m\u00e5nga gestalter inom den irl\u00e4ndska <span class=\"iwg-fachbegriff\" data-tooltip=\"Helheten av en kulturs traderade gudaber\u00e4ttelser.\" tabindex=\"0\">mytologin<\/span> b\u00f6r s\u00e5dana rekonstruktioner behandlas med f\u00f6rsiktighet, eftersom texterna nedtecknades f\u00f6rst flera \u00e5rhundraden efter kristnandet. Besl\u00e4ktade gestalter inom det irl\u00e4ndska sagostoffet \u00e5terfinns till exempel hos <a href=\"https:\/\/iwell-guard.com\/sv\/dagda\/\">Dagda<\/a>.<\/p>\t\t\t\t\t\t\t\t<\/div>\n\t\t\t\t<\/div>\n\t\t\t\t\t<\/div>\n\t\t\t\t<\/div>\n\t\t<div class=\"elementor-element elementor-element-cp3b24084 e-flex e-con-boxed e-con e-parent\" data-id=\"cp3b24084\" data-element_type=\"container\" data-e-type=\"container\">\n\t\t\t\t\t<div class=\"e-con-inner\">\n\t\t\t\t<div class=\"elementor-element elementor-element-cpde49472 elementor-widget elementor-widget-heading\" data-id=\"cpde49472\" data-element_type=\"widget\" data-e-type=\"widget\" data-widget_type=\"heading.default\">\n\t\t\t\t\t<h2 class=\"elementor-heading-title elementor-size-default\">Rezeption: Morr\u00edgan i den moderna kulturen<\/h2>\t\t\t\t<\/div>\n\t\t<div class=\"elementor-element elementor-element-cp0331021 e-con-full e-flex e-con e-child\" data-id=\"cp0331021\" data-element_type=\"container\" data-e-type=\"container\">\n\t\t\t\t<div class=\"elementor-element elementor-element-cp4b40f9b elementor-widget elementor-widget-text-editor\" data-id=\"cp4b40f9b\" data-element_type=\"widget\" data-e-type=\"widget\" data-widget_type=\"text-editor.default\">\n\t\t\t\t\t\t\t\t\t<p>Sedan det sena artonhundratalet, i takt med det v\u00e4xande intresset f\u00f6r den irl\u00e4ndska <span class=\"iwg-fachbegriff\" data-tooltip=\"Vidaref\u00f6randet av kunskap och ber\u00e4ttelser genom generationer.\" tabindex=\"0\">\u00f6verl\u00e4mningen<\/span> under den s\u00e5 kallade keltiska v\u00e4ckelsen, har Morr\u00edgan f\u00e5tt en bred mottagning.<\/p><p>\u00d6vers\u00e4ttningar och bearbetningar av <em>T\u00e1in<\/em> gjorde hennes gestalt tillg\u00e4nglig f\u00f6r en bredare publik. Diktare och f\u00f6rfattare inom den irl\u00e4ndska litter\u00e4ra r\u00f6relsen tog upp motiv fr\u00e5n de gamla sagorna, \u00e4ven om Morr\u00edgan s\u00e4llan stod i centrum.<\/p><p>Under nittonhundra- och tjugohundratalet har Morr\u00edgan framf\u00f6r allt uppm\u00e4rksammats inom tv\u00e5 omr\u00e5den. Inom moderna hedniska och nypaganistiska riktningar dyrkas hon som gudinna, ofta i rollen som krigs-, \u00f6de- eller suver\u00e4nitetsgudinna.<\/p><p>Denna till\u00e4gnelse bygger p\u00e5 de medeltida texterna, men g\u00e5r i sin systematiska <span class=\"iwg-fachbegriff\" data-tooltip=\"Den vetenskapliga l\u00e4ran om gud och om en religions tro.\" tabindex=\"0\">teologi<\/span> tydligt l\u00e4ngre \u00e4n vad k\u00e4llorna ger st\u00f6d f\u00f6r.<\/p><p>Vid sidan av detta har Morr\u00edgan blivit en fast del av den popul\u00e4ra fantasy- och spelkulturen, d\u00e4r hon f\u00f6rekommer som figur i romaner, serier, dataspel och rollspel, ofta som en m\u00f6rk, m\u00e4ktig kvinnogestalt med koppling till kr\u00e5kor, krig och d\u00f6d.<\/p><p>F\u00f6r den vetenskapliga behandlingen \u00e4r det viktigt att skilja detta moderna lager fr\u00e5n de medeltida k\u00e4llorna. Den popul\u00e4ra Morr\u00edgan \u00e4r en egen kulturell storhet, som h\u00e4mtar n\u00e4ring ur <span class=\"iwg-fachbegriff\" data-tooltip=\"Vidaref\u00f6randet av kunskap och ber\u00e4ttelser genom generationer.\" tabindex=\"0\">\u00f6verl\u00e4mningen<\/span> men ocks\u00e5 utvecklar den fritt vidare.<\/p><p>Den som vill f\u00f6lja den historiska gestalten h\u00e4nvisas till de utg\u00e5vor och \u00f6vers\u00e4ttningar av de irl\u00e4ndska sagatexterna som utarbetats inom keltologin sedan det sena artonhundratalet och st\u00e4ndigt kommenterats p\u00e5 nytt.<\/p>\t\t\t\t\t\t\t\t<\/div>\n\t\t\t\t<\/div>\n\t\t\t\t\t<\/div>\n\t\t\t\t<\/div>\n\t\t<div class=\"elementor-element elementor-element-36dd7469 e-flex e-con-boxed e-con e-parent\" data-id=\"36dd7469\" data-element_type=\"container\" data-e-type=\"container\">\n\t\t\t\t\t<div class=\"e-con-inner\">\n\t\t\t\t<div class=\"elementor-element elementor-element-13760ab4 elementor-widget elementor-widget-heading\" data-id=\"13760ab4\" data-element_type=\"widget\" data-e-type=\"widget\" data-widget_type=\"heading.default\">\n\t\t\t\t\t<h2 class=\"elementor-heading-title elementor-size-default\">Vidare l\u00e4nkar<\/h2>\t\t\t\t<\/div>\n\t\t<div class=\"elementor-element elementor-element-28c87796 e-con-full e-flex e-con e-child\" data-id=\"28c87796\" data-element_type=\"container\" data-e-type=\"container\">\n\t\t\t\t<div class=\"elementor-element elementor-element-5d6538df elementor-widget elementor-widget-text-editor\" data-id=\"5d6538df\" data-element_type=\"widget\" data-e-type=\"widget\" data-widget_type=\"text-editor.default\">\n\t\t\t\t\t\t\t\t\t<p><ul><li><a href=\"https:\/\/iwell-guard.com\/sv\/dagda\/\">Dagda<\/a>, fadergud, h\u00e4rskare \u00f6ver Tuatha D\u00e9 Danann, \u00f6verfl\u00f6dets kittel<\/li><li><a href=\"https:\/\/iwell-guard.com\/sv\/lugh\/\">Lugh<\/a>, universalm\u00e4stare, krigare och konstn\u00e4r, festen Lughnasadh<\/li><li><a href=\"https:\/\/iwell-guard.com\/sv\/keltisk\/\">Keltisk kultur<\/a>, samlingssida f\u00f6r alla keltiska gudar och andar<\/li><li><a href=\"https:\/\/iwell-guard.com\/sv\/leanan-sidhe\/\">Leanan Sidhe<\/a>, fe\u00e4lskarinna, ambivalent inspiratrice<\/li><li><a href=\"https:\/\/iwell-guard.com\/sv\/cernunnos\/\">Cernunnos<\/a>, skogsgud, herre \u00f6ver djuren och djurens fruktbarhet<\/li><\/ul><\/p>\t\t\t\t\t\t\t\t<\/div>\n\t\t\t\t<\/div>\n\t\t\t\t\t<\/div>\n\t\t\t\t<\/div>\n\t\t<div class=\"elementor-element elementor-element-grl4kl40 e-flex e-con-boxed e-con e-parent\" data-id=\"grl4kl40\" data-element_type=\"container\" data-e-type=\"container\">\n\t\t\t\t\t<div class=\"e-con-inner\">\n\t\t\t\t<div class=\"elementor-element elementor-element-bzsbfrmh elementor-widget elementor-widget-heading\" data-id=\"bzsbfrmh\" data-element_type=\"widget\" data-e-type=\"widget\" data-widget_type=\"heading.default\">\n\t\t\t\t\t<h2 class=\"elementor-heading-title elementor-size-default\">Forskningslitteratur<\/h2>\t\t\t\t<\/div>\n\t\t<div class=\"elementor-element elementor-element-2c13224a e-con-full e-flex e-con e-child\" data-id=\"2c13224a\" data-element_type=\"container\" data-e-type=\"container\">\n\t\t\t\t<div class=\"elementor-element elementor-element-0eymh9ub elementor-widget elementor-widget-text-editor\" data-id=\"0eymh9ub\" data-element_type=\"widget\" data-e-type=\"widget\" data-widget_type=\"text-editor.default\">\n\t\t\t\t\t\t\t\t\t<footer class=\"iwg-literatur\" data-nosnippet=\"true\"><p><span data-nosnippet><ul><li>Proinsias Mac Cana: Celtic Mythology. Hamlyn, London 1970.<\/li><li>Bernhard Maier: Die Religion der Kelten. Ihre Ausdrucksformen und ihre Entwicklung. Kohlhammer, Stuttgart 2003.<\/li><li>Miranda Green: The Gods of the Celts.<\/span><\/p><p><span data-nosnippet>Sutton Publishing, Stroud 1996.<\/li><li>Helmut Birkhan: Kelten. Versuch einer Gesamtdarstellung ihrer Kultur. Verlag der \u00d6sterreichischen Akademie der Wissenschaften, Wien 1997.<\/li><li>Myles Dillon: The Cycles of the Kings. Oxford University Press, Oxford 1946.<\/li><\/ul><\/span><\/p><\/footer>\t\t\t\t\t\t\t\t<\/div>\n\t\t\t\t<\/div>\n\t\t\t\t\t<\/div>\n\t\t\t\t<\/div>\n\t\t<div class=\"elementor-element elementor-element-iwgkw2-add-morrigan e-flex e-con-boxed e-con e-parent\" data-id=\"iwgkw2-add-morrigan\" data-element_type=\"container\" data-e-type=\"container\">\n\t\t\t\t\t<div class=\"e-con-inner\">\n\t\t\t\t<div class=\"elementor-element elementor-element-iwgkw2-add-morrigan-t elementor-widget elementor-widget-text-editor\" data-id=\"iwgkw2-add-morrigan-t\" data-element_type=\"widget\" data-e-type=\"widget\" data-widget_type=\"text-editor.default\">\n\t\t\t\t\t\t\t\t\t<p>Som <em><span class=\"iwg-fachbegriff\" data-tooltip=\"En varelse som dyrkas som gudomlig inom en religion.\" tabindex=\"0\">gudom<\/span><\/em> inom den iriska-keltiska traditionen framtr\u00e4der Morr\u00edgan i strid, profetia och suver\u00e4nitet, och upptr\u00e4der i texterna fr\u00e5n Ulstercykeln som kr\u00e5ka, varghona eller drottning.<\/p>\t\t\t\t\t\t\t\t<\/div>\n\t\t\t\t\t<\/div>\n\t\t\t\t<\/div>\n\t\t<div class=\"elementor-element elementor-element-878936a e-con-boxed e-flex e-con e-parent\" data-id=\"878936a\" data-element_type=\"container\" data-e-type=\"container\">\n\t\t\t\t\t<div class=\"e-con-inner\">\n\t\t\t\t<div class=\"elementor-element elementor-element-0bf87bf elementor-widget elementor-widget-text-editor\" data-id=\"0bf87bf\" data-element_type=\"widget\" data-e-type=\"widget\" data-widget_type=\"text-editor.default\">\n\t\t\t\t\t\t\t\t\t\n<h2>Vanliga fr\u00e5gor om Morrigan<\/h2>\n<div class=\"iwg-faq-q\"><h3>Vem \u00e4r Morrigan i den irl\u00e4ndska <span class=\"iwg-fachbegriff\" data-tooltip=\"Den samlade upps\u00e4ttningen av en kulturs \u00f6verl\u00e4mnade gudaber\u00e4ttelser.\" tabindex=\"0\">mytologin<\/span>?<\/h3><p>Morrigan (\u00e4ven Morr\u00edgan, fornirl\u00e4ndska Mor-R\u00edoghain, Stora drottningen eller Sp\u00f6ke-drottningen) \u00e4r en central gudinna i den irisk-keltiska <span class=\"iwg-fachbegriff\" data-tooltip=\"Den samlade upps\u00e4ttningen av en kulturs \u00f6verl\u00e4mnade gudaber\u00e4ttelser.\" tabindex=\"0\">mytologin<\/span>, en h\u00e4rskarinna \u00f6ver krig, \u00f6de och de d\u00f6da. Hon visar sig ofta som kr\u00e5ka eller korp och f\u00f6rutsp\u00e5r slagens utg\u00e5ng.<\/p><p>I traditionen framtr\u00e4der hon som en trefaldig gestalt (trinitet): Morrigan, Badb och Macha, ibland \u00e4ven med Nemain som en fj\u00e4rde. Hennes mest ber\u00f6mda framtr\u00e4dande \u00e4r det inf\u00f6r hj\u00e4lten C\u00fa Chulainn strax f\u00f6re hans d\u00f6d.<\/p><\/div>\n<div class=\"iwg-faq-q\"><h3>Vilket \u00e4r sambandet mellan Morrigan och C\u00fa Chulainn?<\/h3><p>C\u00fa Chulainn \u00e4r den irl\u00e4ndska sagans (Ulster-cykelns) st\u00f6rsta hj\u00e4lte. Morrigan \u00e5tr\u00e5dde honom, men han avvisade henne. D\u00e5 svor hon att hindra honom i strid. Hon f\u00f6rs\u00f6kte d\u00f6da honom i djurgestalter (\u00e5l, varghona, kviga) och blev till slut sj\u00e4lv s\u00e5rad av honom.<\/p><p>F\u00f6re sin d\u00f6d m\u00f6tte han Morrigan som en tv\u00e4tterska vid vadst\u00e4llet, sysslande med att tv\u00e4tta hans blodiga rustning, ett klassiskt keltiskt d\u00f6dsomen. D\u00f6ende band C\u00fa Chulainn sig fast vid en sten f\u00f6r att d\u00f6 st\u00e5ende.<\/p><\/div>\n<script type=\"application\/ld+json\">{\"@context\":\"https:\/\/schema.org\",\"@type\":\"FAQPage\",\"mainEntity\":[{\"@type\":\"Question\",\"name\":\"Vem \u00e4r Morrigan i den irl\u00e4ndska mytologin?\",\"acceptedAnswer\":{\"@type\":\"Answer\",\"text\":\"Morrigan (\u00e4ven Morr\u00edgan, fornirl\u00e4ndska Mor-R\u00edoghain, Stora drottningen eller Sp\u00f6ke-drottningen) \u00e4r en central gudinna i den irisk-keltiska mytologin, en h\u00e4rskarinna \u00f6ver krig, \u00f6de och de d\u00f6da. Hon visar sig ofta som kr\u00e5ka eller korp och f\u00f6rutsp\u00e5r slagens utg\u00e5ng.I traditionen framtr\u00e4der hon som en trefaldig gestalt (trinitet): Morrigan, Badb och Macha, ibland \u00e4ven med Nemain som en fj\u00e4rde. Hennes mest ber\u00f6mda framtr\u00e4dande \u00e4r det inf\u00f6r hj\u00e4lten C\u00fa Chulainn strax f\u00f6re hans d\u00f6d.\"}},{\"@type\":\"Question\",\"name\":\"Vilket \u00e4r sambandet mellan Morrigan och C\u00fa Chulainn?\",\"acceptedAnswer\":{\"@type\":\"Answer\",\"text\":\"C\u00fa Chulainn \u00e4r den irl\u00e4ndska sagans (Ulster-cykelns) st\u00f6rsta hj\u00e4lte. Morrigan \u00e5tr\u00e5dde honom, men han avvisade henne. D\u00e5 svor hon att hindra honom i strid. Hon f\u00f6rs\u00f6kte d\u00f6da honom i djurgestalter (\u00e5l, varghona, kviga) och blev till slut sj\u00e4lv s\u00e5rad av honom.F\u00f6re sin d\u00f6d m\u00f6tte han Morrigan som en tv\u00e4tterska vid vadst\u00e4llet, sysslande med att tv\u00e4tta hans blodiga rustning, ett klassiskt keltiskt d\u00f6dsomen. D\u00f6ende band C\u00fa Chulainn sig fast vid en sten f\u00f6r att d\u00f6 st\u00e5ende.\"}}]}<\/script>\t\t\t\t\t\t\t\t<\/div>\n\t\t\t\t\t<\/div>\n\t\t\t\t<\/div>\n\t\t\t\t<\/div>\n\t\t","protected":false},"excerpt":{"rendered":"","protected":false},"author":3,"featured_media":1733,"parent":0,"menu_order":0,"comment_status":"closed","ping_status":"closed","template":"elementor_header_footer","meta":{"_yoast_wpseo_focuskw":"Morrigan","_yoast_wpseo_title":"Morrigan \u2013 H\u00e4rskarinna \u00f6ver krig, \u00f6de, sexualitet och d\u00f6d","_yoast_wpseo_metadesc":"Morrigan, gudinna i den keltiska traditionen, \u00f6verl\u00e4mnad i sekler: kr\u00e5kgestalt \u00f6ver slagf\u00e4lten, r\u00f6st i Cath Maige Tuired.","_yoast_wpseo_meta-robots-noindex":"","_yoast_wpseo_canonical":"","_angie_page":false,"gefaehrdungsstufe":"3","wesen_kultur":"keltisch","wesen_klasse":"goetter","footnotes":""},"categories":[],"class_list":["post-136664","page","type-page","status-publish","has-post-thumbnail","hentry"],"yoast_head":"<!-- This site is optimized with the Yoast SEO Premium plugin v27.7 (Yoast SEO v28.3) - https:\/\/yoast.com\/product\/yoast-seo-premium-wordpress\/ -->\n<title>Morrigan \u2013 H\u00e4rskarinna \u00f6ver krig, \u00f6de, sexualitet och d\u00f6d<\/title>\n<meta name=\"description\" content=\"Morrigan, gudinna i den keltiska traditionen, \u00f6verl\u00e4mnad i sekler: kr\u00e5kgestalt \u00f6ver slagf\u00e4lten, r\u00f6st i Cath Maige Tuired.\" \/>\n<meta name=\"robots\" content=\"index, follow, max-snippet:-1, max-image-preview:large, max-video-preview:-1\" \/>\n<link rel=\"canonical\" href=\"https:\/\/iwell-guard.com\/sv\/morrigan\/\" \/>\n<meta property=\"og:locale\" content=\"sv_SE\" \/>\n<meta property=\"og:type\" content=\"article\" \/>\n<meta property=\"og:title\" content=\"Morrigan\" \/>\n<meta property=\"og:description\" content=\"Morrigan, gudinna i den keltiska traditionen, \u00f6verl\u00e4mnad i sekler: kr\u00e5kgestalt \u00f6ver slagf\u00e4lten, r\u00f6st i Cath Maige Tuired.\" \/>\n<meta property=\"og:url\" content=\"https:\/\/iwell-guard.com\/sv\/morrigan\/\" \/>\n<meta property=\"og:site_name\" content=\"iWell Guard\" \/>\n<meta property=\"article:modified_time\" content=\"2026-09-03T01:08:38+00:00\" \/>\n<meta property=\"og:image\" content=\"https:\/\/iwell-guard.com\/wp-content\/uploads\/2026\/04\/goetter_keltisch_morrigan.webp\" \/>\n\t<meta property=\"og:image:width\" content=\"1024\" \/>\n\t<meta property=\"og:image:height\" content=\"1536\" \/>\n\t<meta property=\"og:image:type\" content=\"image\/webp\" \/>\n<meta name=\"twitter:card\" content=\"summary_large_image\" \/>\n<script type=\"application\/ld+json\" class=\"yoast-schema-graph\">{\"@context\":\"https:\\\/\\\/schema.org\",\"@graph\":[{\"@type\":\"WebPage\",\"@id\":\"https:\\\/\\\/iwell-guard.com\\\/sv\\\/morrigan\\\/\",\"url\":\"https:\\\/\\\/iwell-guard.com\\\/sv\\\/morrigan\\\/\",\"name\":\"Morrigan \u2013 H\u00e4rskarinna \u00f6ver krig, \u00f6de, sexualitet och d\u00f6d\",\"isPartOf\":{\"@id\":\"https:\\\/\\\/iwell-guard.com\\\/sv\\\/#website\"},\"primaryImageOfPage\":{\"@id\":\"https:\\\/\\\/iwell-guard.com\\\/sv\\\/morrigan\\\/#primaryimage\"},\"image\":{\"@id\":\"https:\\\/\\\/iwell-guard.com\\\/sv\\\/morrigan\\\/#primaryimage\"},\"thumbnailUrl\":\"https:\\\/\\\/iwell-guard.com\\\/wp-content\\\/uploads\\\/2026\\\/04\\\/goetter_keltisch_morrigan.webp\",\"datePublished\":\"2026-09-03T00:08:56+00:00\",\"dateModified\":\"2026-09-03T01:08:38+00:00\",\"description\":\"Morrigan, gudinna i den keltiska traditionen, \u00f6verl\u00e4mnad i sekler: kr\u00e5kgestalt \u00f6ver slagf\u00e4lten, r\u00f6st i Cath Maige Tuired.\",\"breadcrumb\":{\"@id\":\"https:\\\/\\\/iwell-guard.com\\\/sv\\\/morrigan\\\/#breadcrumb\"},\"inLanguage\":\"sv-SE\",\"potentialAction\":[{\"@type\":\"ReadAction\",\"target\":[\"https:\\\/\\\/iwell-guard.com\\\/sv\\\/morrigan\\\/\"]}]},{\"@type\":\"ImageObject\",\"inLanguage\":\"sv-SE\",\"@id\":\"https:\\\/\\\/iwell-guard.com\\\/sv\\\/morrigan\\\/#primaryimage\",\"url\":\"https:\\\/\\\/iwell-guard.com\\\/wp-content\\\/uploads\\\/2026\\\/04\\\/goetter_keltisch_morrigan.webp\",\"contentUrl\":\"https:\\\/\\\/iwell-guard.com\\\/wp-content\\\/uploads\\\/2026\\\/04\\\/goetter_keltisch_morrigan.webp\",\"width\":1024,\"height\":1536,\"caption\":\"Gudar fr\u00e5n den keltiska traditionen.\"},{\"@type\":\"BreadcrumbList\",\"@id\":\"https:\\\/\\\/iwell-guard.com\\\/sv\\\/morrigan\\\/#breadcrumb\",\"itemListElement\":[{\"@type\":\"ListItem\",\"position\":1,\"name\":\"Start\",\"item\":\"https:\\\/\\\/iwell-guard.com\\\/sv\\\/?page_id=136483\"},{\"@type\":\"ListItem\",\"position\":2,\"name\":\"Morrigan\"}]},{\"@type\":\"WebSite\",\"@id\":\"https:\\\/\\\/iwell-guard.com\\\/sv\\\/#website\",\"url\":\"https:\\\/\\\/iwell-guard.com\\\/sv\\\/\",\"name\":\"iWell Guard\",\"description\":\"Schutz vor dunklen Einfl\u00fcssen\",\"publisher\":{\"@id\":\"https:\\\/\\\/iwell-guard.com\\\/sv\\\/#organization\"},\"potentialAction\":[{\"@type\":\"SearchAction\",\"target\":{\"@type\":\"EntryPoint\",\"urlTemplate\":\"https:\\\/\\\/iwell-guard.com\\\/sv\\\/?s={search_term_string}\"},\"query-input\":{\"@type\":\"PropertyValueSpecification\",\"valueRequired\":true,\"valueName\":\"search_term_string\"}}],\"inLanguage\":\"sv-SE\"},{\"@type\":\"Organization\",\"@id\":\"https:\\\/\\\/iwell-guard.com\\\/sv\\\/#organization\",\"name\":\"Ittermann electronic GmbH\",\"url\":\"https:\\\/\\\/iwell-guard.com\\\/sv\\\/\",\"logo\":{\"@type\":\"ImageObject\",\"inLanguage\":\"sv-SE\",\"@id\":\"https:\\\/\\\/iwell-guard.com\\\/sv\\\/#\\\/schema\\\/logo\\\/image\\\/\",\"url\":\"https:\\\/\\\/iwell-guard.com\\\/wp-content\\\/uploads\\\/2026\\\/05\\\/Ittermann-Logo-1182x237-1.png\",\"contentUrl\":\"https:\\\/\\\/iwell-guard.com\\\/wp-content\\\/uploads\\\/2026\\\/05\\\/Ittermann-Logo-1182x237-1.png\",\"width\":1182,\"height\":237,\"caption\":\"Ittermann electronic GmbH\"},\"image\":{\"@id\":\"https:\\\/\\\/iwell-guard.com\\\/sv\\\/#\\\/schema\\\/logo\\\/image\\\/\"},\"sameAs\":[\"https:\\\/\\\/pantip.com\\\/profile\\\/9367242\",\"https:\\\/\\\/micro.blog\\\/iwellguard\",\"https:\\\/\\\/www.diggerslist.com\\\/iwellguard\\\/about\",\"https:\\\/\\\/skitterphoto.com\\\/photographers\\\/2870314\\\/iwell-guard\",\"https:\\\/\\\/iwellguard.wordpress.com\\\/2026\\\/06\\\/06\\\/iwell-guard\\\/\",\"https:\\\/\\\/hub.docker.com\\\/u\\\/iwellguard\",\"https:\\\/\\\/www.pinterest.com\\\/iwellguard\\\/\",\"https:\\\/\\\/bit.ly\\\/m\\\/iwellguard\",\"https:\\\/\\\/entre-vos-mains.alsace.eu\\\/profiles\\\/iwellguard\\\/activity\",\"https:\\\/\\\/gravatar.com\\\/reallybeded8fd34\",\"https:\\\/\\\/naijamatta.com\\\/iwellguard\",\"https:\\\/\\\/www.goodreads.com\\\/iwellguard\",\"https:\\\/\\\/profile.hatena.ne.jp\\\/iwellguard\\\/\",\"https:\\\/\\\/experiment.com\\\/users\\\/iwellguard\",\"https:\\\/\\\/wakelet.com\\\/@iWellGuard82270\",\"https:\\\/\\\/www.chordie.com\\\/forum\\\/profile.php?id=2555664\",\"https:\\\/\\\/www.instapaper.com\\\/p\\\/17757966\",\"https:\\\/\\\/www.mapleprimes.com\\\/users\\\/iwellguard\",\"https:\\\/\\\/businesslistingplus.com\\\/profile\\\/iwell-guard\\\/\",\"https:\\\/\\\/telegra.ph\\\/iWell-Guard-06-06\",\"https:\\\/\\\/pbase.com\\\/iwellguard\\\/iwellguard\",\"https:\\\/\\\/b.hatena.ne.jp\\\/iwellguard\\\/20260607#bookmark-4788405196491818882\",\"https:\\\/\\\/fliphtml5.com\\\/home\\\/iwellguard\",\"https:\\\/\\\/anyflip.com\\\/homepage\\\/cmiwl#About\",\"https:\\\/\\\/transfur.com\\\/Users\\\/iwellguard\",\"http:\\\/\\\/delphi.larsbo.org\\\/user\\\/iwellguard\",\"https:\\\/\\\/jobs.lajobsportal.org\\\/profiles\\\/8380803-iwell-guard\",\"https:\\\/\\\/md.chaosdorf.de\\\/s\\\/jfbe5SBdJD\",\"https:\\\/\\\/www.lingvolive.com\\\/en-us\\\/profile\\\/9ecaeaca-ce11-4e51-9e71-01d55e2bff36\\\/translations\",\"https:\\\/\\\/www.fitday.com\\\/fitness\\\/forums\\\/members\\\/iwellguard.html\",\"https:\\\/\\\/www.mymeetbook.com\\\/iwellguard\",\"https:\\\/\\\/pxhere.com\\\/en\\\/photographer-me\\\/5040798\",\"https:\\\/\\\/disqus.com\\\/by\\\/iwellguard\\\/about\\\/\",\"https:\\\/\\\/pastelink.net\\\/hjwciqwq\",\"https:\\\/\\\/pubhtml5.com\\\/homepage\\\/scjhn\\\/\",\"https:\\\/\\\/www.bitchute.com\\\/channel\\\/2O2eOKzNqujT\",\"https:\\\/\\\/audiomack.com\\\/iwellguard\"]},{\"@type\":\"Article\",\"@id\":\"https:\\\/\\\/iwell-guard.com\\\/sv\\\/morrigan\\\/#article\",\"isPartOf\":{\"@id\":\"https:\\\/\\\/iwell-guard.com\\\/sv\\\/morrigan\\\/\"},\"author\":{\"name\":\"Ralf Ittermann\",\"@id\":\"https:\\\/\\\/iwell-guard.com\\\/sv\\\/#\\\/schema\\\/person\\\/ee2a27f1cac3406c7c6fb5820cb7349f\"},\"headline\":\"Morrigan\",\"datePublished\":\"2026-09-03T00:08:56+00:00\",\"dateModified\":\"2026-09-03T01:08:38+00:00\",\"mainEntityOfPage\":{\"@id\":\"https:\\\/\\\/iwell-guard.com\\\/sv\\\/morrigan\\\/\"},\"publisher\":{\"@id\":\"https:\\\/\\\/iwell-guard.com\\\/sv\\\/#organization\"},\"image\":{\"@id\":\"https:\\\/\\\/iwell-guard.com\\\/sv\\\/morrigan\\\/#primaryimage\"},\"thumbnailUrl\":\"https:\\\/\\\/iwell-guard.com\\\/wp-content\\\/uploads\\\/2026\\\/04\\\/goetter_keltisch_morrigan.webp\",\"inLanguage\":\"sv-SE\",\"description\":\"Morrigan, gudinna i den keltiska traditionen, \u00f6verl\u00e4mnad i sekler: kr\u00e5kgestalt \u00f6ver slagf\u00e4lten, r\u00f6st i Cath Maige Tuired.\"}]}<\/script>\n<!-- \/ Yoast SEO Premium plugin. -->","yoast_head_json":{"title":"Morrigan \u2013 H\u00e4rskarinna \u00f6ver krig, \u00f6de, sexualitet och d\u00f6d","description":"Morrigan, gudinna i den keltiska traditionen, \u00f6verl\u00e4mnad i sekler: kr\u00e5kgestalt \u00f6ver slagf\u00e4lten, r\u00f6st i Cath Maige Tuired.","robots":{"index":"index","follow":"follow","max-snippet":"max-snippet:-1","max-image-preview":"max-image-preview:large","max-video-preview":"max-video-preview:-1"},"canonical":"https:\/\/iwell-guard.com\/sv\/morrigan\/","og_locale":"sv_SE","og_type":"article","og_title":"Morrigan","og_description":"Morrigan, gudinna i den keltiska traditionen, \u00f6verl\u00e4mnad i sekler: kr\u00e5kgestalt \u00f6ver slagf\u00e4lten, r\u00f6st i Cath Maige Tuired.","og_url":"https:\/\/iwell-guard.com\/sv\/morrigan\/","og_site_name":"iWell Guard","article_modified_time":"2026-09-03T01:08:38+00:00","og_image":[{"width":1024,"height":1536,"url":"https:\/\/iwell-guard.com\/wp-content\/uploads\/2026\/04\/goetter_keltisch_morrigan.webp","type":"image\/webp"}],"twitter_card":"summary_large_image","schema":{"@context":"https:\/\/schema.org","@graph":[{"@type":"Article","@id":"https:\/\/iwell-guard.com\/sv\/morrigan\/#article","isPartOf":{"@id":"https:\/\/iwell-guard.com\/sv\/morrigan\/"},"author":{"name":"Ralf Ittermann","@id":"https:\/\/iwell-guard.com\/sv\/#\/schema\/person\/ee2a27f1cac3406c7c6fb5820cb7349f"},"headline":"Morrigan","datePublished":"2026-09-03T00:08:56+00:00","dateModified":"2026-09-03T01:08:38+00:00","mainEntityOfPage":{"@id":"https:\/\/iwell-guard.com\/sv\/morrigan\/"},"publisher":{"@id":"https:\/\/iwell-guard.com\/sv\/#organization"},"image":{"@id":"https:\/\/iwell-guard.com\/sv\/morrigan\/#primaryimage"},"thumbnailUrl":"https:\/\/iwell-guard.com\/wp-content\/uploads\/2026\/04\/goetter_keltisch_morrigan.webp","inLanguage":"sv-SE","description":"Morrigan, gudinna i den keltiska traditionen, \u00f6verl\u00e4mnad i sekler: kr\u00e5kgestalt \u00f6ver slagf\u00e4lten, r\u00f6st i Cath Maige Tuired."},{"@type":"WebPage","@id":"https:\/\/iwell-guard.com\/sv\/morrigan\/","url":"https:\/\/iwell-guard.com\/sv\/morrigan\/","name":"Morrigan \u2013 H\u00e4rskarinna \u00f6ver krig, \u00f6de, sexualitet och d\u00f6d","isPartOf":{"@id":"https:\/\/iwell-guard.com\/sv\/#website"},"primaryImageOfPage":{"@id":"https:\/\/iwell-guard.com\/sv\/morrigan\/#primaryimage"},"image":{"@id":"https:\/\/iwell-guard.com\/sv\/morrigan\/#primaryimage"},"thumbnailUrl":"https:\/\/iwell-guard.com\/wp-content\/uploads\/2026\/04\/goetter_keltisch_morrigan.webp","datePublished":"2026-09-03T00:08:56+00:00","dateModified":"2026-09-03T01:08:38+00:00","description":"Morrigan, gudinna i den keltiska traditionen, \u00f6verl\u00e4mnad i sekler: kr\u00e5kgestalt \u00f6ver slagf\u00e4lten, r\u00f6st i Cath Maige Tuired.","breadcrumb":{"@id":"https:\/\/iwell-guard.com\/sv\/morrigan\/#breadcrumb"},"inLanguage":"sv-SE","potentialAction":[{"@type":"ReadAction","target":["https:\/\/iwell-guard.com\/sv\/morrigan\/"]}]},{"@type":"ImageObject","inLanguage":"sv-SE","@id":"https:\/\/iwell-guard.com\/sv\/morrigan\/#primaryimage","url":"https:\/\/iwell-guard.com\/wp-content\/uploads\/2026\/04\/goetter_keltisch_morrigan.webp","contentUrl":"https:\/\/iwell-guard.com\/wp-content\/uploads\/2026\/04\/goetter_keltisch_morrigan.webp","width":1024,"height":1536,"caption":"Gudar fr\u00e5n den keltiska traditionen."},{"@type":"BreadcrumbList","@id":"https:\/\/iwell-guard.com\/sv\/morrigan\/#breadcrumb","itemListElement":[{"@type":"ListItem","position":1,"name":"Start","item":"https:\/\/iwell-guard.com\/sv\/?page_id=136483"},{"@type":"ListItem","position":2,"name":"Morrigan"}]},{"@type":"WebSite","@id":"https:\/\/iwell-guard.com\/sv\/#website","url":"https:\/\/iwell-guard.com\/sv\/","name":"iWell Guard","description":"Schutz vor dunklen Einfl\u00fcssen","publisher":{"@id":"https:\/\/iwell-guard.com\/sv\/#organization"},"potentialAction":[{"@type":"SearchAction","target":{"@type":"EntryPoint","urlTemplate":"https:\/\/iwell-guard.com\/sv\/?s={search_term_string}"},"query-input":{"@type":"PropertyValueSpecification","valueRequired":true,"valueName":"search_term_string"}}],"inLanguage":"sv-SE"},{"@type":"Organization","@id":"https:\/\/iwell-guard.com\/sv\/#organization","name":"Ittermann electronic GmbH","url":"https:\/\/iwell-guard.com\/sv\/","logo":{"@type":"ImageObject","inLanguage":"sv-SE","@id":"https:\/\/iwell-guard.com\/sv\/#\/schema\/logo\/image\/","url":"https:\/\/iwell-guard.com\/wp-content\/uploads\/2026\/05\/Ittermann-Logo-1182x237-1.png","contentUrl":"https:\/\/iwell-guard.com\/wp-content\/uploads\/2026\/05\/Ittermann-Logo-1182x237-1.png","width":1182,"height":237,"caption":"Ittermann electronic GmbH"},"image":{"@id":"https:\/\/iwell-guard.com\/sv\/#\/schema\/logo\/image\/"},"sameAs":["https:\/\/pantip.com\/profile\/9367242","https:\/\/micro.blog\/iwellguard","https:\/\/www.diggerslist.com\/iwellguard\/about","https:\/\/skitterphoto.com\/photographers\/2870314\/iwell-guard","https:\/\/iwellguard.wordpress.com\/2026\/06\/06\/iwell-guard\/","https:\/\/hub.docker.com\/u\/iwellguard","https:\/\/www.pinterest.com\/iwellguard\/","https:\/\/bit.ly\/m\/iwellguard","https:\/\/entre-vos-mains.alsace.eu\/profiles\/iwellguard\/activity","https:\/\/gravatar.com\/reallybeded8fd34","https:\/\/naijamatta.com\/iwellguard","https:\/\/www.goodreads.com\/iwellguard","https:\/\/profile.hatena.ne.jp\/iwellguard\/","https:\/\/experiment.com\/users\/iwellguard","https:\/\/wakelet.com\/@iWellGuard82270","https:\/\/www.chordie.com\/forum\/profile.php?id=2555664","https:\/\/www.instapaper.com\/p\/17757966","https:\/\/www.mapleprimes.com\/users\/iwellguard","https:\/\/businesslistingplus.com\/profile\/iwell-guard\/","https:\/\/telegra.ph\/iWell-Guard-06-06","https:\/\/pbase.com\/iwellguard\/iwellguard","https:\/\/b.hatena.ne.jp\/iwellguard\/20260607#bookmark-4788405196491818882","https:\/\/fliphtml5.com\/home\/iwellguard","https:\/\/anyflip.com\/homepage\/cmiwl#About","https:\/\/transfur.com\/Users\/iwellguard","http:\/\/delphi.larsbo.org\/user\/iwellguard","https:\/\/jobs.lajobsportal.org\/profiles\/8380803-iwell-guard","https:\/\/md.chaosdorf.de\/s\/jfbe5SBdJD","https:\/\/www.lingvolive.com\/en-us\/profile\/9ecaeaca-ce11-4e51-9e71-01d55e2bff36\/translations","https:\/\/www.fitday.com\/fitness\/forums\/members\/iwellguard.html","https:\/\/www.mymeetbook.com\/iwellguard","https:\/\/pxhere.com\/en\/photographer-me\/5040798","https:\/\/disqus.com\/by\/iwellguard\/about\/","https:\/\/pastelink.net\/hjwciqwq","https:\/\/pubhtml5.com\/homepage\/scjhn\/","https:\/\/www.bitchute.com\/channel\/2O2eOKzNqujT","https:\/\/audiomack.com\/iwellguard"]},{"@type":"Person","@id":"https:\/\/iwell-guard.com\/sv\/#\/schema\/person\/ee2a27f1cac3406c7c6fb5820cb7349f","name":"Ralf Ittermann","image":{"@type":"ImageObject","inLanguage":"sv-SE","@id":"https:\/\/secure.gravatar.com\/avatar\/073c0153e350a5005b68eb752b445fea71f6b24a26da9449ad7e155e6b446c9d?s=96&d=mm&r=g","url":"https:\/\/secure.gravatar.com\/avatar\/073c0153e350a5005b68eb752b445fea71f6b24a26da9449ad7e155e6b446c9d?s=96&d=mm&r=g","contentUrl":"https:\/\/secure.gravatar.com\/avatar\/073c0153e350a5005b68eb752b445fea71f6b24a26da9449ad7e155e6b446c9d?s=96&d=mm&r=g","caption":"Ralf Ittermann"},"givenName":"Ralf","familyName":"Ittermann","jobTitle":"Gesch\u00e4ftsf\u00fchrer und redaktioneller Verantwortlicher","url":"https:\/\/iwell-guard.com\/sv\/author\/claude\/","description":"Ralf Ittermann ist Gesch\u00e4ftsf\u00fchrer der Ittermann electronic GmbH und redaktioneller Verantwortlicher des iWell-Guard-Lexikons. Er verbindet langj\u00e4hrige Erfahrung in der Pr\u00e4zisionsfertigung mit medialer Praxis und religionsgeschichtlicher Quellenarbeit.","worksFor":{"@type":"Organization","name":"Ittermann electronic GmbH","url":"https:\/\/ittermann.de\/","address":{"@type":"PostalAddress","streetAddress":"K\u00f6hlergasse 16-18","postalCode":"99842","addressLocality":"Ruhla","addressCountry":"DE"}},"knowsAbout":["Religionsgeschichte","Mythologie","Mediale Praxis","Energetische Diagnostik","Schutzpraxis","Volksglauben","Westliche Esoterik"]},{"@type":"Article","@id":"https:\/\/iwell-guard.com\/sv\/morrigan\/#article","isPartOf":{"@id":"https:\/\/iwell-guard.com\/sv\/morrigan\/"},"author":{"name":"Ralf Ittermann","@id":"https:\/\/iwell-guard.com\/sv\/#\/schema\/person\/ee2a27f1cac3406c7c6fb5820cb7349f"},"headline":"Morrigan","datePublished":"2026-09-03T00:08:56+00:00","dateModified":"2026-09-03T01:08:38+00:00","mainEntityOfPage":{"@id":"https:\/\/iwell-guard.com\/sv\/morrigan\/"},"publisher":{"@id":"https:\/\/iwell-guard.com\/sv\/#organization"},"image":{"@id":"https:\/\/iwell-guard.com\/sv\/morrigan\/#primaryimage"},"thumbnailUrl":"https:\/\/iwell-guard.com\/wp-content\/uploads\/2026\/04\/goetter_keltisch_morrigan.webp","inLanguage":"sv-SE","description":"Morrigan, gudinna i den keltiska traditionen, \u00f6verl\u00e4mnad i sekler: kr\u00e5kgestalt \u00f6ver slagf\u00e4lten, r\u00f6st i Cath Maige Tuired."}]}},"_links":{"self":[{"href":"https:\/\/iwell-guard.com\/sv\/wp-json\/wp\/v2\/pages\/136664","targetHints":{"allow":["GET"]}}],"collection":[{"href":"https:\/\/iwell-guard.com\/sv\/wp-json\/wp\/v2\/pages"}],"about":[{"href":"https:\/\/iwell-guard.com\/sv\/wp-json\/wp\/v2\/types\/page"}],"author":[{"embeddable":true,"href":"https:\/\/iwell-guard.com\/sv\/wp-json\/wp\/v2\/users\/3"}],"replies":[{"embeddable":true,"href":"https:\/\/iwell-guard.com\/sv\/wp-json\/wp\/v2\/comments?post=136664"}],"version-history":[{"count":0,"href":"https:\/\/iwell-guard.com\/sv\/wp-json\/wp\/v2\/pages\/136664\/revisions"}],"wp:featuredmedia":[{"embeddable":true,"href":"https:\/\/iwell-guard.com\/sv\/wp-json\/wp\/v2\/media\/1733"}],"wp:attachment":[{"href":"https:\/\/iwell-guard.com\/sv\/wp-json\/wp\/v2\/media?parent=136664"}],"wp:term":[{"taxonomy":"category","embeddable":true,"href":"https:\/\/iwell-guard.com\/sv\/wp-json\/wp\/v2\/categories?post=136664"}],"curies":[{"name":"wp","href":"https:\/\/api.w.org\/{rel}","templated":true}]}}