{"id":136663,"date":"2026-09-03T00:08:56","date_gmt":"2026-09-03T00:08:56","guid":{"rendered":"https:\/\/iwell-guard.com\/?page_id=136663"},"modified":"2026-09-03T01:08:37","modified_gmt":"2026-09-03T01:08:37","slug":"dagda","status":"publish","type":"page","link":"https:\/\/iwell-guard.com\/sv\/dagda\/","title":{"rendered":"Dagda"},"content":{"rendered":"\t\t<div data-elementor-type=\"wp-page\" data-elementor-id=\"136663\" class=\"elementor elementor-136663 elementor-1981 elementor-bc-flex-widget\" data-elementor-post-type=\"page\">\n\t\t\t\t<div class=\"elementor-element elementor-element-10fdade e-flex e-con-boxed e-con e-parent\" data-id=\"10fdade\" data-element_type=\"container\" data-e-type=\"container\" data-settings=\"{&quot;background_background&quot;:&quot;classic&quot;}\">\n\t\t\t\t\t<div class=\"e-con-inner\">\n\t\t<div class=\"elementor-element elementor-element-herohlft0 e-flex e-con-boxed e-con e-child\" data-id=\"herohlft0\" data-element_type=\"container\" data-e-type=\"container\">\n\t\t\t\t\t<div class=\"e-con-inner\">\n\t\t<div class=\"elementor-element elementor-element-c3ceb64 e-con-full e-flex e-con e-child\" data-id=\"c3ceb64\" data-element_type=\"container\" data-e-type=\"container\">\n\t\t\t\t<div class=\"elementor-element elementor-element-96ae5e1 elementor-widget elementor-widget-heading\" data-id=\"96ae5e1\" data-element_type=\"widget\" data-e-type=\"widget\" data-widget_type=\"heading.default\">\n\t\t\t\t\t<h1 class=\"elementor-heading-title elementor-size-default\">Dagda, gud i den keltiska traditionen<\/h1>\t\t\t\t<\/div>\n\t\t\t\t<div class=\"elementor-element elementor-element-e45238a elementor-widget elementor-widget-text-editor\" data-id=\"e45238a\" data-element_type=\"widget\" data-e-type=\"widget\" data-widget_type=\"text-editor.default\">\n\t\t\t\t\t\t\t\t\t<p>Dagda \u00e4r en keltisk gud i den irl\u00e4ndska traditionen, k\u00e4nd som \u00bbden gode guden\u00ab, fader och herre \u00f6ver allt i den mytologiska <span class=\"iwg-fachbegriff\" data-tooltip=\"Vidaref\u00f6randet av kunskap och ber\u00e4ttelser mellan generationer.\" tabindex=\"0\">\u00f6verl\u00e4mningen<\/span>. Han representerar en centralgud bland Tuatha D\u00e9 Danann och \u00e4r religionshistoriskt ett bel\u00e4gg f\u00f6r den indoeuropeiska typen av \u00bbh\u00e4rskargud\u00ab eller \u00bballvetande\u00ab gud. Som fader- och stamgud st\u00e5r han f\u00f6r sl\u00e4ktens skyddande ordning.<\/p>\t\t\t\t\t\t\t\t<\/div>\n\t\t\t\t<\/div>\n\t\t<div class=\"elementor-element elementor-element-klsbdg01 e-con-full e-flex e-con e-parent\" data-id=\"klsbdg01\" data-element_type=\"container\" data-e-type=\"container\">\n\t\t\t\t<div class=\"elementor-element elementor-element-klshtm01 elementor-widget elementor-widget-html\" data-id=\"klshtm01\" data-element_type=\"widget\" data-e-type=\"widget\" data-widget_type=\"html.default\">\n\t\t\t\t\t<div class=\"iwg-pill-row\"><span class=\"iwg-klasse-badge\" tabindex=\"0\" data-tooltip=\"Gud\/gudinna: Personifierad h\u00f6gsta makt i en kulturs pantheon, med tydliga ansvarsomr\u00e5den som naturkrafter, \u00f6de, krig och fruktbarhet. Dyrkad genom kulter, offer och tempelinstitutioner.\">Gud<\/span><a href=\"https:\/\/iwell-guard.com\/sv\/keltisk\/\" class=\"iwg-kultur-badge\" tabindex=\"0\" data-tooltip=\"Keltisk religion i V\u00e4steuropa och p\u00e5 de brittiska \u00f6arna, mytologiskt \u00f6verl\u00e4mnad genom irl\u00e4ndska och walesiska texter.\">Keltisk<\/a><a href=\"https:\/\/iwell-guard.com\/sv\/hoggudomar\/\" class=\"iwg-tradition-badge\" tabindex=\"0\" data-tooltip=\"De h\u00f6gsta gudarna i ett pantheon, med kosmisk suver\u00e4nitet samt skapar- eller h\u00e4rskaraspekt.\">H\u00f6ggudom<\/a><\/div>\t\t\t\t<\/div>\n\t\t\t\t<\/div>\n\t\t<div class=\"elementor-element elementor-element-3f74855 e-con-full e-flex e-con e-child\" data-id=\"3f74855\" data-element_type=\"container\" data-e-type=\"container\">\n\t\t\t\t<div class=\"elementor-element elementor-element-1c30362 elementor-toc--minimized-on-tablet elementor-widget elementor-widget-table-of-contents\" data-id=\"1c30362\" data-element_type=\"widget\" data-e-type=\"widget\" data-settings=\"{&quot;exclude_headings_by_selector&quot;:[],&quot;no_headings_message&quot;:&quot;Inga rubriker hittades p\\u00e5 den h\\u00e4r sidan.&quot;,&quot;headings_by_tags&quot;:[&quot;h2&quot;,&quot;h3&quot;],&quot;marker_view&quot;:&quot;bullets&quot;,&quot;minimize_box&quot;:&quot;yes&quot;,&quot;icon&quot;:{&quot;value&quot;:&quot;fas fa-circle&quot;,&quot;library&quot;:&quot;fa-solid&quot;,&quot;rendered_tag&quot;:&quot;&lt;svg class=\\&quot;e-font-icon-svg e-fas-circle\\&quot; viewBox=\\&quot;0 0 512 512\\&quot; xmlns=\\&quot;http:\\\/\\\/www.w3.org\\\/2000\\\/svg\\&quot;&gt;&lt;path d=\\&quot;M256 8C119 8 8 119 8 256s111 248 248 248 248-111 248-248S393 8 256 8z\\&quot;&gt;&lt;\\\/path&gt;&lt;\\\/svg&gt;&quot;},&quot;minimized_on&quot;:&quot;tablet&quot;,&quot;hierarchical_view&quot;:&quot;yes&quot;,&quot;min_height&quot;:{&quot;unit&quot;:&quot;px&quot;,&quot;size&quot;:&quot;&quot;,&quot;sizes&quot;:[]},&quot;min_height_tablet&quot;:{&quot;unit&quot;:&quot;px&quot;,&quot;size&quot;:&quot;&quot;,&quot;sizes&quot;:[]},&quot;min_height_mobile&quot;:{&quot;unit&quot;:&quot;px&quot;,&quot;size&quot;:&quot;&quot;,&quot;sizes&quot;:[]}}\" data-widget_type=\"table-of-contents.default\">\n\t\t\t\t\t\t\t\t\t<div class=\"elementor-toc__header\">\n\t\t\t\t\t\t<h2 class=\"elementor-toc__header-title\">\n\t\t\t\tInneh\u00e5llsf\u00f6rteckning\t\t\t<\/h2>\n\t\t\t\t\t\t\t\t\t\t<div class=\"elementor-toc__toggle-button elementor-toc__toggle-button--expand\" role=\"button\" tabindex=\"0\" aria-controls=\"elementor-toc__1c30362\" aria-expanded=\"true\" aria-label=\"\u00d6ppna inneh\u00e5llsf\u00f6rteckning\"><svg aria-hidden=\"true\" class=\"e-font-icon-svg e-fas-chevron-down\" viewBox=\"0 0 448 512\" xmlns=\"http:\/\/www.w3.org\/2000\/svg\"><path d=\"M207.029 381.476L12.686 187.132c-9.373-9.373-9.373-24.569 0-33.941l22.667-22.667c9.357-9.357 24.522-9.375 33.901-.04L224 284.505l154.745-154.021c9.379-9.335 24.544-9.317 33.901.04l22.667 22.667c9.373 9.373 9.373 24.569 0 33.941L240.971 381.476c-9.373 9.372-24.569 9.372-33.942 0z\"><\/path><\/svg><\/div>\n\t\t\t\t<div class=\"elementor-toc__toggle-button elementor-toc__toggle-button--collapse\" role=\"button\" tabindex=\"0\" aria-controls=\"elementor-toc__1c30362\" aria-expanded=\"true\" aria-label=\"St\u00e4ng inneh\u00e5llsf\u00f6rteckning\"><svg aria-hidden=\"true\" class=\"e-font-icon-svg e-fas-chevron-up\" viewBox=\"0 0 448 512\" xmlns=\"http:\/\/www.w3.org\/2000\/svg\"><path d=\"M240.971 130.524l194.343 194.343c9.373 9.373 9.373 24.569 0 33.941l-22.667 22.667c-9.357 9.357-24.522 9.375-33.901.04L224 227.495 69.255 381.516c-9.379 9.335-24.544 9.317-33.901-.04l-22.667-22.667c-9.373-9.373-9.373-24.569 0-33.941L207.03 130.525c9.372-9.373 24.568-9.373 33.941-.001z\"><\/path><\/svg><\/div>\n\t\t\t\t\t<\/div>\n\t\t\t\t<div id=\"elementor-toc__1c30362\" class=\"elementor-toc__body\">\n\t\t\t<div class=\"elementor-toc__spinner-container\">\n\t\t\t\t<svg class=\"elementor-toc__spinner eicon-animation-spin e-font-icon-svg e-eicon-loading\" aria-hidden=\"true\" viewBox=\"0 0 1000 1000\" xmlns=\"http:\/\/www.w3.org\/2000\/svg\"><path d=\"M500 975V858C696 858 858 696 858 500S696 142 500 142 142 304 142 500H25C25 237 238 25 500 25S975 237 975 500 763 975 500 975Z\"><\/path><\/svg>\t\t\t<\/div>\n\t\t<\/div>\n\t\t\t\t\t\t<\/div>\n\t\t\t\t<\/div>\n\t\t\t\t\t<\/div>\n\t\t\t\t<\/div>\n\t\t<div class=\"elementor-element elementor-element-herorght0 e-con-full e-flex e-con e-child\" data-id=\"herorght0\" data-element_type=\"container\" data-e-type=\"container\">\n\t\t\t\t<div class=\"elementor-element elementor-element-heroimg00 iwg-hero-image elementor-widget elementor-widget-image\" data-id=\"heroimg00\" data-element_type=\"widget\" data-e-type=\"widget\" data-widget_type=\"image.default\">\n\t\t\t\t\t\t\t\t\t\t\t\t\t\t\t<img fetchpriority=\"high\" decoding=\"async\" width=\"683\" height=\"1024\" src=\"https:\/\/iwell-guard.com\/wp-content\/uploads\/2026\/04\/goetter_keltisch_dagda-683x1024.webp\" class=\"attachment-large size-large wp-image-136238\" alt=\"Dagda \u2013 gud fr\u00e5n den keltiska traditionen, historiskt-illustrativ\" srcset=\"https:\/\/iwell-guard.com\/wp-content\/uploads\/2026\/04\/goetter_keltisch_dagda-683x1024.webp 683w, https:\/\/iwell-guard.com\/wp-content\/uploads\/2026\/04\/goetter_keltisch_dagda-200x300.webp 200w, https:\/\/iwell-guard.com\/wp-content\/uploads\/2026\/04\/goetter_keltisch_dagda-768x1152.webp 768w, https:\/\/iwell-guard.com\/wp-content\/uploads\/2026\/04\/goetter_keltisch_dagda.webp 1024w\" sizes=\"(max-width: 683px) 100vw, 683px\" \/>\t\t\t\t\t\t\t\t\t\t\t\t\t\t\t<\/div>\n\t\t\t\t<\/div>\n\t\t\t\t\t<\/div>\n\t\t\t\t<\/div>\n\t\t<div class=\"elementor-element elementor-element-32917199 e-flex e-con-boxed e-con e-parent\" data-id=\"32917199\" data-element_type=\"container\" data-e-type=\"container\">\n\t\t\t\t\t<div class=\"e-con-inner\">\n\t\t<div class=\"elementor-element elementor-element-26e916cb e-flex e-con-boxed e-con e-child\" data-id=\"26e916cb\" data-element_type=\"container\" data-e-type=\"container\">\n\t\t\t\t\t<div class=\"e-con-inner\">\n\t\t<div class=\"elementor-element elementor-element-253a40d4 e-flex e-con-boxed e-con e-child\" data-id=\"253a40d4\" data-element_type=\"container\" data-e-type=\"container\">\n\t\t\t\t\t<div class=\"e-con-inner\">\n\t\t\t\t<div class=\"elementor-element elementor-element-1200c304 elementor-widget elementor-widget-heading\" data-id=\"1200c304\" data-element_type=\"widget\" data-e-type=\"widget\" data-widget_type=\"heading.default\">\n\t\t\t\t\t<h2 class=\"elementor-heading-title elementor-size-default\">Dagda<\/h2>\t\t\t\t<\/div>\n\t\t\t\t<div class=\"elementor-element elementor-element-11758e7f elementor-widget elementor-widget-text-editor\" data-id=\"11758e7f\" data-element_type=\"widget\" data-e-type=\"widget\" data-widget_type=\"text-editor.default\">\n\t\t\t\t\t\t\t\t\t<p>Dagda skildras som en mycket stark, rik och kunskapsrik gud som beh\u00e4rskar musik, l\u00e4kekonst, smideskonst och <span class=\"iwg-fachbegriff\" data-tooltip=\"Praktiker som genom s\u00e4rskilda handlingar eller formler avser att p\u00e5verka h\u00e4ndelsef\u00f6rloppet.\" tabindex=\"0\">magi<\/span>. Centralt \u00e4r hans \u00f6verfl\u00f6dets kittel (Coire Ansic), ur vilken alla varelser blir m\u00e4tta, samt hans harpa som styr \u00e5rstiderna.<\/p><p>Han \u00e4r fader till m\u00e5nga av Tuatha D\u00e9 Danann och anf\u00f6rare i strider. I Cath Maige Tuired framtr\u00e4der han i kriget mot Fomor\u00e1nn.<\/p>\t\t\t\t\t\t\t\t<\/div>\n\t\t\t\t\t<\/div>\n\t\t\t\t<\/div>\n\t\t<div class=\"elementor-element elementor-element-159dcf9a e-flex e-con-boxed e-con e-child\" data-id=\"159dcf9a\" data-element_type=\"container\" data-e-type=\"container\">\n\t\t\t\t\t<div class=\"e-con-inner\">\n\t\t\t\t<div class=\"elementor-element elementor-element-48cee66f elementor-widget elementor-widget-heading\" data-id=\"48cee66f\" data-element_type=\"widget\" data-e-type=\"widget\" data-widget_type=\"heading.default\">\n\t\t\t\t\t<div class=\"elementor-heading-title elementor-size-default\">Kortprofil: Dagda<\/div>\t\t\t\t<\/div>\n\t\t\t\t<div class=\"elementor-element elementor-element-3f50d82c elementor-widget elementor-widget-text-editor\" data-id=\"3f50d82c\" data-element_type=\"widget\" data-e-type=\"widget\" data-widget_type=\"text-editor.default\">\n\t\t\t\t\t\t\t\t\t<p>Prim\u00e4rtexterna \u00e4r Lebor Gab\u00e1la \u00c9renn (\u00bbInvasionernas bok\u00ab), Cath Maige Tuired (\u00bbSlaget p\u00e5 Mag Tuireds sl\u00e4tt\u00ab) och Metrical Dindshenchas. Dessa medeltida irl\u00e4ndska texter, nedtecknade under 8.\u201312. \u00e5rhundradet, samlar \u00e4ldre gudomligt material. Bernhard Maier och Proinsias Mac Cana har placerat gestalten som en urfadergud i indoeuropeiska strukturer, j\u00e4mf\u00f6rbar med Dyaus- eller Zeus-typen.<\/p>\t\t\t\t\t\t\t\t<\/div>\n\t\t\t\t\t<\/div>\n\t\t\t\t<\/div>\n\t\t\t\t\t<\/div>\n\t\t\t\t<\/div>\n\t\t\t\t\t<\/div>\n\t\t\t\t<\/div>\n\t\t<div class=\"elementor-element elementor-element-18613602 e-flex e-con-boxed e-con e-parent\" data-id=\"18613602\" data-element_type=\"container\" data-e-type=\"container\">\n\t\t\t\t\t<div class=\"e-con-inner\">\n\t\t\t\t<div class=\"elementor-element elementor-element-262b8a9f elementor-widget elementor-widget-heading\" data-id=\"262b8a9f\" data-element_type=\"widget\" data-e-type=\"widget\" data-widget_type=\"heading.default\">\n\t\t\t\t\t<h2 class=\"elementor-heading-title elementor-size-default\">Kontext<\/h2>\t\t\t\t<\/div>\n\t\t<div class=\"elementor-element elementor-element-46dcb7d e-con-full e-flex e-con e-child\" data-id=\"46dcb7d\" data-element_type=\"container\" data-e-type=\"container\">\n\t\t<div class=\"elementor-element elementor-element-61d3ab3 e-flex e-con-boxed e-con e-child\" data-id=\"61d3ab3\" data-element_type=\"container\" data-e-type=\"container\">\n\t\t\t\t\t<div class=\"e-con-inner\">\n\t\t\t\t<div class=\"elementor-element elementor-element-117c166 elementor-widget elementor-widget-heading\" data-id=\"117c166\" data-element_type=\"widget\" data-e-type=\"widget\" data-widget_type=\"heading.default\">\n\t\t\t\t\t<div class=\"elementor-heading-title elementor-size-default\">Texternas tidsperiod<\/div>\t\t\t\t<\/div>\n\t\t\t\t<div class=\"elementor-element elementor-element-73997a0 elementor-widget elementor-widget-text-editor\" data-id=\"73997a0\" data-element_type=\"widget\" data-e-type=\"widget\" data-widget_type=\"text-editor.default\">\n\t\t\t\t\t\t\t\t\t<p>Ber\u00e4ttelserna om Dagda avskrevs fr\u00e5n den tidiga irl\u00e4ndska medeltiden och genom flera \u00e5rhundraden; Cath Maige Tuired f\u00f6religger i ett manuskript fr\u00e5n 1500-talet, vars inneh\u00e5ll spr\u00e5kligt \u00e4r betydligt \u00e4ldre.<\/p><p>Efter kristnandet omtolkade skrivarna Tuatha D\u00e9 Danann till ett forntida folk, men klubban, kitteln och harpan f\u00f6rblev kvar som Dagdas k\u00e4nnetecken. I den irl\u00e4ndska folktraditionen levde han vidare som en gestalt knuten till s\u00edd-h\u00f6garna, till vilka han enligt texterna var knuten som herre \u00f6ver Br\u00fa na B\u00f3inne.<\/p>\t\t\t\t\t\t\t\t<\/div>\n\t\t\t\t\t<\/div>\n\t\t\t\t<\/div>\n\t\t<div class=\"elementor-element elementor-element-d47b156 e-flex e-con-boxed e-con e-child\" data-id=\"d47b156\" data-element_type=\"container\" data-e-type=\"container\">\n\t\t\t\t\t<div class=\"e-con-inner\">\n\t\t\t\t<div class=\"elementor-element elementor-element-ff38c2b elementor-widget elementor-widget-heading\" data-id=\"ff38c2b\" data-element_type=\"widget\" data-e-type=\"widget\" data-widget_type=\"heading.default\">\n\t\t\t\t\t<div class=\"elementor-heading-title elementor-size-default\">Utbredningsomr\u00e5de<\/div>\t\t\t\t<\/div>\n\t\t\t\t<div class=\"elementor-element elementor-element-4e49fcc elementor-widget elementor-widget-text-editor\" data-id=\"4e49fcc\" data-element_type=\"widget\" data-e-type=\"widget\" data-widget_type=\"text-editor.default\">\n\t\t\t\t\t\t\t\t\t<p>Dagda var inte begr\u00e4nsad till en s\u00e4rskild region eller plats, utan var k\u00e4nd och dyrkad, eller respektfullt fruktad, i hela den keltiska v\u00e4rlden. Vare sig i stora urbana centra eller i perifera lantliga trakter, bland samh\u00e4llets elit eller bland vanligt folk, var denna gestalts andliga och kulturella betydelse genomg\u00e5ende erk\u00e4nd och universell.<\/p><p>Binamnen Eochaid Ollathair, allfadern, och Ruad Rofhessa, herren \u00f6ver stor kunskap, tillskriver Dagda en faderst\u00e4llning \u00f6ver Tuatha D\u00e9 Danann och d\u00e4rmed \u00f6ver Irlands mytiska f\u00f6rf\u00e4der. Lebor Gab\u00e1la knyter honom till den anf\u00e4derslinje som irl\u00e4ndska kungsl\u00e4kter \u00e5beropade sig p\u00e5.<\/p><p>Hans f\u00f6rankring var dock begr\u00e4nsad till Irland; spridningen av materialet skedde genom klostrens avskrifter och filidernas f\u00f6redragskonst, som gjorde honom k\u00e4nd i hela landet, utan handelns medverkan.<\/p>\t\t\t\t\t\t\t\t<\/div>\n\t\t\t\t\t<\/div>\n\t\t\t\t<\/div>\n\t\t\t\t<\/div>\n\t\t<div class=\"elementor-element elementor-element-db03c39 e-con-full e-flex e-con e-child\" data-id=\"db03c39\" data-element_type=\"container\" data-e-type=\"container\">\n\t\t<div class=\"elementor-element elementor-element-229a87b e-flex e-con-boxed e-con e-child\" data-id=\"229a87b\" data-element_type=\"container\" data-e-type=\"container\">\n\t\t\t\t\t<div class=\"e-con-inner\">\n\t\t\t\t<div class=\"elementor-element elementor-element-1f471fc elementor-widget elementor-widget-heading\" data-id=\"1f471fc\" data-element_type=\"widget\" data-e-type=\"widget\" data-widget_type=\"heading.default\">\n\t\t\t\t\t<div class=\"elementor-heading-title elementor-size-default\">K\u00e4ll\u00e4ge<\/div>\t\t\t\t<\/div>\n\t\t\t\t<div class=\"elementor-element elementor-element-36b1201 elementor-widget elementor-widget-text-editor\" data-id=\"36b1201\" data-element_type=\"widget\" data-e-type=\"widget\" data-widget_type=\"text-editor.default\">\n\t\t\t\t\t\t\t\t\t<p>Prim\u00e4rk\u00e4llor: Lebor Gab\u00e1la \u00c9renn (nedtecknad 9.\u201310. \u00e5rhundradet, \u00e5terger \u00e4ldre material), Cath Maige Tuired (medeltida, men \u00e4ldre versioner g\u00e5r att rekonstruera), Metrical Dindshenchas.<\/p><p>Tidsperiod: myterna \u00e5terspeglar j\u00e4rn\u00e5lderns eller den tidiga medeltidens f\u00f6rh\u00e5llanden (ca 500 f.Kr.\u2013800 e.Kr.), medan nedteckningarna tillkom under 8.\u201312. \u00e5rhundradet. Forskare: Mac Cana (Celtic Mythology), Bernhard Maier (Die Religion der Kelten), Sjoestedt (Gods and Heroes of the Celts) behandlar Dagda systematiskt.<\/p>\t\t\t\t\t\t\t\t<\/div>\n\t\t\t\t\t<\/div>\n\t\t\t\t<\/div>\n\t\t\t\t<\/div>\n\t\t\t\t\t<\/div>\n\t\t\t\t<\/div>\n\t\t<div class=\"elementor-element elementor-element-3ae0637c e-flex e-con-boxed e-con e-parent\" data-id=\"3ae0637c\" data-element_type=\"container\" data-e-type=\"container\">\n\t\t\t\t\t<div class=\"e-con-inner\">\n\t\t\t\t<div class=\"elementor-element elementor-element-31d07739 elementor-widget elementor-widget-heading\" data-id=\"31d07739\" data-element_type=\"widget\" data-e-type=\"widget\" data-widget_type=\"heading.default\">\n\t\t\t\t\t<h2 class=\"elementor-heading-title elementor-size-default\">Beteckning och stavningar<\/h2>\t\t\t\t<\/div>\n\t\t<div class=\"elementor-element elementor-element-b7642947 e-con-full e-flex e-con e-child\" data-id=\"b7642947\" data-element_type=\"container\" data-e-type=\"container\">\n\t\t\t\t<div class=\"elementor-element elementor-element-a086266 elementor-widget elementor-widget-text-editor\" data-id=\"a086266\" data-element_type=\"widget\" data-e-type=\"widget\" data-widget_type=\"text-editor.default\">\n\t\t\t\t\t\t\t\t\t<p>Dagda framst\u00e4lls i olika k\u00e4llor och konstn\u00e4rliga traditioner med vissa \u00e5terkommande ikonografiska element, som f\u00f6rblir relativt konstanta genom decennier och \u00f6ver olika geografiska omr\u00e5den. Dessa element \u00e4r djupt symboliskt kodade och b\u00e4r stor betydelse; ren dekoration eller slump ligger inte bakom dem.<\/p><p>Dagdas tre attribut utg\u00f6r ett slutet uttryckssystem: klubban, som d\u00f6dar med ena \u00e4nden och \u00e5terger liv med den andra, visar hans makt \u00f6ver liv och d\u00f6d. Kitteln, om vilken Cath Maige Tuired ber\u00e4ttar att ingen gick ifr\u00e5n den om\u00e4ttad, st\u00e5r f\u00f6r \u00f6verfl\u00f6d och g\u00e4stfrihet.<\/p><p>Harpan, med vilken han ordnar \u00e5rstiderna och frammanar skratt, klagan och s\u00f6mn, tillskriver honom herrav\u00e4ldet \u00f6ver tid och sinnesst\u00e4mning. Hans binamn Eochaid Ollathair, allfadern, och titeln den gode guden fogar sig in i denna bild: den som k\u00e4nde den irl\u00e4ndska ber\u00e4ttartraditionen kunde av dessa attribut utl\u00e4sa gudens rang och ansvarsomr\u00e5de.<\/p>\t\t\t\t\t\t\t\t<\/div>\n\t\t\t\t<\/div>\n\t\t\t\t\t<\/div>\n\t\t\t\t<\/div>\n\t\t<div class=\"elementor-element elementor-element-709a44a8 e-flex e-con-boxed e-con e-parent\" data-id=\"709a44a8\" data-element_type=\"container\" data-e-type=\"container\">\n\t\t\t\t\t<div class=\"e-con-inner\">\n\t\t\t\t<div class=\"elementor-element elementor-element-2f585873 elementor-widget elementor-widget-heading\" data-id=\"2f585873\" data-element_type=\"widget\" data-e-type=\"widget\" data-widget_type=\"heading.default\">\n\t\t\t\t\t<h2 class=\"elementor-heading-title elementor-size-default\">Beskrivning<\/h2>\t\t\t\t<\/div>\n\t\t<div class=\"elementor-element elementor-element-70621c12 e-con-full e-flex e-con e-child\" data-id=\"70621c12\" data-element_type=\"container\" data-e-type=\"container\">\n\t\t\t\t<div class=\"elementor-element elementor-element-4296eb49 elementor-widget elementor-widget-text-editor\" data-id=\"4296eb49\" data-element_type=\"widget\" data-e-type=\"widget\" data-widget_type=\"text-editor.default\">\n\t\t\t\t\t\t\t\t\t<p>Dagda var central i den keltiska religi\u00f6sa praktiken, i vardagens ritualer och i den allm\u00e4nna f\u00f6rst\u00e5elsen av tillvaron. M\u00e4nniskor v\u00e4nde sig till denna gestalt i kritiska eller best\u00e4mda livssituationer eller vid s\u00e4rskilda rituella \u00e5rstider, med strukturerade och ofta omfattande ritualer, b\u00f6ner eller offerg\u00e5vor.<\/p><p>Det som \u00e4r k\u00e4nt om umg\u00e4nget med Dagda kommer fr\u00e5n texter som irl\u00e4ndska l\u00e4rde och medeltida kleriker nedtecknade enligt fasta regler.<\/p><p>Lebor Gab\u00e1la och Cath Maige Tuired kopierades i klosterskriptorier av utbildade skrivare, som byggde p\u00e5 kunskapen hos filiderna, den l\u00e4rda diktarkasten. \u00d6verl\u00e4mningen av materialet l\u00e5g d\u00e4rmed hos fackm\u00e4n som arbetade enligt sin skoltraditions konventioner.<\/p><p>Att materialet om Dagda st\u00e4ndigt avskrevs fr\u00e5n den tidiga medeltiden fram till 1500-talets handskrifter visar vilken vikt de irl\u00e4ndska l\u00e4rda tillm\u00e4tte honom.<\/p><p>De funktioner som texterna tillskriver honom \u00e4r m\u00e5ngskiftande: med klubban kunde han d\u00f6da och \u00e5teruppv\u00e4cka, hans kittel m\u00e4ttade varje samling, och i Cath Maige Tuired styr han genom f\u00f6rhandling och list \u00f6verg\u00e5ngen fr\u00e5n Fomoires herrav\u00e4lde till Tuatha D\u00e9 Danann-ordningen.<\/p>\t\t\t\t\t\t\t\t<\/div>\n\t\t\t\t<\/div>\n\t\t\t\t\t<\/div>\n\t\t\t\t<\/div>\n\t\t<div class=\"elementor-element elementor-element-44e71476 e-flex e-con-boxed e-con e-parent\" data-id=\"44e71476\" data-element_type=\"container\" data-e-type=\"container\">\n\t\t\t\t\t<div class=\"e-con-inner\">\n\t\t\t\t<div class=\"elementor-element elementor-element-3c1fc3f0 elementor-widget elementor-widget-heading\" data-id=\"3c1fc3f0\" data-element_type=\"widget\" data-e-type=\"widget\" data-widget_type=\"heading.default\">\n\t\t\t\t\t<h2 class=\"elementor-heading-title elementor-size-default\">Profil: Dagda<\/h2>\t\t\t\t<\/div>\n\t\t<div class=\"elementor-element elementor-element-84f33b8e e-con-full e-flex e-con e-child\" data-id=\"84f33b8e\" data-element_type=\"container\" data-e-type=\"container\">\n\t\t\t\t<div class=\"elementor-element elementor-element-hqkdc67p elementor-widget elementor-widget-text-editor\" data-id=\"hqkdc67p\" data-element_type=\"widget\" data-e-type=\"widget\" data-widget_type=\"text-editor.default\">\n\t\t\t\t\t\t\t\t\t<p>Profilen belyser Dagda i sex dimensioner: hans mytologiska ursprung och position inom Tuatha D\u00e9 Danann, hans dyrkningskretsar och samh\u00e4lleliga sammanhang, hans ikonografiska k\u00e4nnetecken och magiska attribut, hans kosmiska och krigiska krafter samt former av <span class=\"iwg-fachbegriff\" data-tooltip=\"Den bedjande eller besv\u00e4rjande tilltalet till en gudom eller makt.\" tabindex=\"0\">\u00e5kallan<\/span> och kulturella paralleller. Detta ger en helhetsbild av denna m\u00e5ngskiftande urgud.<\/p>\t\t\t\t\t\t\t\t<\/div>\n\t\t\t\t<\/div>\n\t\t<div class=\"elementor-element elementor-element-pemmx7c5 e-con-full e-flex e-con e-child\" data-id=\"pemmx7c5\" data-element_type=\"container\" data-e-type=\"container\">\n\t\t<div class=\"elementor-element elementor-element-pemmx7c1 e-con-full e-flex e-con e-child\" data-id=\"pemmx7c1\" data-element_type=\"container\" data-e-type=\"container\">\n\t\t<div class=\"elementor-element elementor-element-qh9oavvu iwg-steckbrief-card e-flex e-con-boxed e-con e-child\" data-id=\"qh9oavvu\" data-element_type=\"container\" data-e-type=\"container\">\n\t\t\t\t\t<div class=\"e-con-inner\">\n\t\t\t\t<div class=\"elementor-element elementor-element-awzx8k2k elementor-widget elementor-widget-heading\" data-id=\"awzx8k2k\" data-element_type=\"widget\" data-e-type=\"widget\" data-widget_type=\"heading.default\">\n\t\t\t\t\t<div class=\"elementor-heading-title elementor-size-default\">Ursprung<\/div>\t\t\t\t<\/div>\n\t\t\t\t<div class=\"elementor-element elementor-element-x6rowhv0 elementor-widget elementor-widget-text-editor\" data-id=\"x6rowhv0\" data-element_type=\"widget\" data-e-type=\"widget\" data-widget_type=\"text-editor.default\">\n\t\t\t\t\t\t\t\t\t<p>Dagda tillh\u00f6r Tuatha D\u00e9 Danann, den mytologiska gudarras som befolkar Irland i Cath Maige Tuired. Han \u00e4r son till allfadern eller anses vara autoktonisk; genealogin \u00e4r fragmentarisk.<\/p><p>Hans ursprung \u00e4r f\u00f6rkeltiskt eller tidigt indoeuropeiskt. Geografiskt \u00e4r Irland hans k\u00e4rnland, s\u00e4rskilt sl\u00e4tterna vid Mag Tuired. De f\u00f6rsta litter\u00e4ra vittnesm\u00e5len finns i texter fr\u00e5n 8:e och 9:e \u00e5rhundradet.<\/p>\t\t\t\t\t\t\t\t<\/div>\n\t\t\t\t\t<\/div>\n\t\t\t\t<\/div>\n\t\t<div class=\"elementor-element elementor-element-8e3o4kxs iwg-steckbrief-card e-flex e-con-boxed e-con e-child\" data-id=\"8e3o4kxs\" data-element_type=\"container\" data-e-type=\"container\">\n\t\t\t\t\t<div class=\"e-con-inner\">\n\t\t\t\t<div class=\"elementor-element elementor-element-08rkdgov elementor-widget elementor-widget-heading\" data-id=\"08rkdgov\" data-element_type=\"widget\" data-e-type=\"widget\" data-widget_type=\"heading.default\">\n\t\t\t\t\t<div class=\"elementor-heading-title elementor-size-default\">Avser<\/div>\t\t\t\t<\/div>\n\t\t\t\t<div class=\"elementor-element elementor-element-uwjelx8s elementor-widget elementor-widget-text-editor\" data-id=\"uwjelx8s\" data-element_type=\"widget\" data-e-type=\"widget\" data-widget_type=\"text-editor.default\">\n\t\t\t\t\t\t\t\t\t<p>Dagda dyrkades av krigare, druider, hantverkare och kungafamiljer. Som fader och bevarare av kunskapen var han skyddshelgon f\u00f6r l\u00e4rdomen. I sammanhang av strider \u00e5kallade krigare honom. Kvinnor v\u00e4nde sig till honom i fruktbarhetsfr\u00e5gor. Hans kittel gjorde honom till beskyddare av v\u00e4lf\u00e4rd och \u00f6verfl\u00f6dsf\u00f6rdelning i samh\u00e4lle och klan.<\/p>\t\t\t\t\t\t\t\t<\/div>\n\t\t\t\t\t<\/div>\n\t\t\t\t<\/div>\n\t\t<div class=\"elementor-element elementor-element-jm2n74ec iwg-steckbrief-card e-flex e-con-boxed e-con e-child\" data-id=\"jm2n74ec\" data-element_type=\"container\" data-e-type=\"container\">\n\t\t\t\t\t<div class=\"e-con-inner\">\n\t\t\t\t<div class=\"elementor-element elementor-element-8vufse4c elementor-widget elementor-widget-heading\" data-id=\"8vufse4c\" data-element_type=\"widget\" data-e-type=\"widget\" data-widget_type=\"heading.default\">\n\t\t\t\t\t<div class=\"elementor-heading-title elementor-size-default\">Utseende<\/div>\t\t\t\t<\/div>\n\t\t\t\t<div class=\"elementor-element elementor-element-mwb9u015 elementor-widget elementor-widget-text-editor\" data-id=\"mwb9u015\" data-element_type=\"widget\" data-e-type=\"widget\" data-widget_type=\"text-editor.default\">\n\t\t\t\t\t\t\t\t\t<p>Dagda avbildas som en kraftig, stark man, ofta med sin karakt\u00e4ristiska kittel (Coire Ansic) och sin magiska harpa. I vissa beskrivningar b\u00e4r han en kl\u00e4dnad av hjortskinn eller enkla kl\u00e4der.<\/p><p>Hans framtoning \u00e4r v\u00e4rdig och \u00e5lderdomlig, mindre praktfull \u00e4n hans s\u00f6ners. Ibland avbildas han med en klubba eller ett vapen som verkar b\u00e5de d\u00f6dande och helande.<\/p>\t\t\t\t\t\t\t\t<\/div>\n\t\t\t\t\t<\/div>\n\t\t\t\t<\/div>\n\t\t\t\t<\/div>\n\t\t<div class=\"elementor-element elementor-element-pemmx7c2 e-con-full e-flex e-con e-child\" data-id=\"pemmx7c2\" data-element_type=\"container\" data-e-type=\"container\">\n\t\t<div class=\"elementor-element elementor-element-37ss2yr6 iwg-steckbrief-card e-flex e-con-boxed e-con e-child\" data-id=\"37ss2yr6\" data-element_type=\"container\" data-e-type=\"container\">\n\t\t\t\t\t<div class=\"e-con-inner\">\n\t\t\t\t<div class=\"elementor-element elementor-element-3v0wp3wx elementor-widget elementor-widget-heading\" data-id=\"3v0wp3wx\" data-element_type=\"widget\" data-e-type=\"widget\" data-widget_type=\"heading.default\">\n\t\t\t\t\t<div class=\"elementor-heading-title elementor-size-default\">Funktion<\/div>\t\t\t\t<\/div>\n\t\t\t\t<div class=\"elementor-element elementor-element-w3247g2m elementor-widget elementor-widget-text-editor\" data-id=\"w3247g2m\" data-element_type=\"widget\" data-e-type=\"widget\" data-widget_type=\"text-editor.default\">\n\t\t\t\t\t\t\t\t\t<strong>Verkningsomr\u00e5de:<\/strong> Dagda (\u201dden gode guden\u201d) \u00e4r inom den irl\u00e4ndska <span class=\"iwg-fachbegriff\" data-tooltip=\"Den samlade m\u00e4ngden av en kulturs traderade gudaber\u00e4ttelser.\" tabindex=\"0\">mytologin<\/span> den h\u00f6gste guden bland Tuatha D\u00e9 Danann, fadersgud, krigshj\u00e4lte och allvetare. Hans makt str\u00e4cker sig \u00f6ver fruktbarhet, jordbruk, <span class=\"iwg-fachbegriff\" data-tooltip=\"Praktiker som genom s\u00e4rskilda handlingar eller formler f\u00f6rs\u00f6ker p\u00e5verka h\u00e4ndelsef\u00f6rloppet.\" tabindex=\"0\">magi<\/span> och vishet. Han f\u00f6rkroppsligar den f\u00e4derligt-skapande kraften och \u00e4r v\u00e4ktare av <span class=\"iwg-fachbegriff\" data-tooltip=\"Praktiker som genom s\u00e4rskilda handlingar eller formler f\u00f6rs\u00f6ker p\u00e5verka h\u00e4ndelsef\u00f6rloppet.\" tabindex=\"0\">magiska<\/span> f\u00f6rem\u00e5l: den obegr\u00e4nsade kitteln (\u00f6verfl\u00f6d), krigsklubban (o\u00f6vervinnlig) och den magiska harpan (beh\u00e4rskning av tid och k\u00e4nsla). Hans verkan visar sig i v\u00e4lst\u00e5nd, krigisk seger och djup hemlig kunskap. I Cath Maige Tuired dyrkas han som landets beskyddare och garant f\u00f6r den kosmiska v\u00e4lf\u00e4rden.\n\t\t\t\t\t\t\t\t<\/div>\n\t\t\t\t\t<\/div>\n\t\t\t\t<\/div>\n\t\t<div class=\"elementor-element elementor-element-0qpjal9w iwg-steckbrief-card e-flex e-con-boxed e-con e-child\" data-id=\"0qpjal9w\" data-element_type=\"container\" data-e-type=\"container\">\n\t\t\t\t\t<div class=\"e-con-inner\">\n\t\t\t\t<div class=\"elementor-element elementor-element-6ndoih0o elementor-widget elementor-widget-heading\" data-id=\"6ndoih0o\" data-element_type=\"widget\" data-e-type=\"widget\" data-widget_type=\"heading.default\">\n\t\t\t\t\t<div class=\"elementor-heading-title elementor-size-default\">Avv\u00e4rjningsformer<\/div>\t\t\t\t<\/div>\n\t\t\t\t<div class=\"elementor-element elementor-element-6684tyh9 elementor-widget elementor-widget-text-editor\" data-id=\"6684tyh9\" data-element_type=\"widget\" data-e-type=\"widget\" data-widget_type=\"text-editor.default\">\n\t\t\t\t\t\t\t\t\t<p>Dagda anses vara f\u00e4derlig och givmild. Druider och kungar \u00e5kallade honom om vishet och <span class=\"iwg-fachbegriff\" data-tooltip=\"Till\u00f6nskan av v\u00e4l och skydd, ofta i fast spr\u00e5klig form.\" tabindex=\"0\">v\u00e4lsignelse<\/span>. I kristider \u00e5kallades hans kittel som <span class=\"iwg-fachbegriff\" data-tooltip=\"Ett tecken som representerar en f\u00f6rest\u00e4llning eller betydelse.\" tabindex=\"0\">symbol<\/span> f\u00f6r \u00f6verfl\u00f6dets \u00e5terkomst. Traditionen k\u00e4nner Dagda som en skydds- och v\u00e4lsignelsegud, inget skadligt handlande tillskrivs honom. Modern <span class=\"iwg-fachbegriff\" data-tooltip=\"Den bedjande eller besv\u00e4rjande tilltalet till en gudom eller makt.\" tabindex=\"0\">\u00e5kallan<\/span> sker f\u00f6r rikedom, klokhet och familjeskydd. Avv\u00e4rjningspraktiker saknas, eftersom han \u00e4r v\u00e4lvillig.<\/p>\t\t\t\t\t\t\t\t<\/div>\n\t\t\t\t\t<\/div>\n\t\t\t\t<\/div>\n\t\t<div class=\"elementor-element elementor-element-3lfi7x32 iwg-steckbrief-card e-flex e-con-boxed e-con e-child\" data-id=\"3lfi7x32\" data-element_type=\"container\" data-e-type=\"container\">\n\t\t\t\t\t<div class=\"e-con-inner\">\n\t\t\t\t<div class=\"elementor-element elementor-element-0kg99ga1 elementor-widget elementor-widget-heading\" data-id=\"0kg99ga1\" data-element_type=\"widget\" data-e-type=\"widget\" data-widget_type=\"heading.default\">\n\t\t\t\t\t<div class=\"elementor-heading-title elementor-size-default\">Dagdas paralleller<\/div>\t\t\t\t<\/div>\n\t\t\t\t<div class=\"elementor-element elementor-element-n0fum6kp elementor-widget elementor-widget-text-editor\" data-id=\"n0fum6kp\" data-element_type=\"widget\" data-e-type=\"widget\" data-widget_type=\"text-editor.default\">\n\t\t\t\t\t\t\t\t\t<p>J\u00e4mf\u00f6rbara \u00e4r Jupiter (romersk) som fader och h\u00e4rskare \u00f6ver gudarna, Zeus (grekisk) som allfader och ordningens bevarare, den indiska Dyaus Pitar som himmelsfadergud, samt den germanska Oden som vishetens och maktens gud. Aspekten \u201dden gode guden\u201d motsvarar den romerska titeln Jupiter Optimus Maximus (\u201dden b\u00e4ste och st\u00f6rste\u201d).<\/p>\t\t\t\t\t\t\t\t<\/div>\n\t\t\t\t\t<\/div>\n\t\t\t\t<\/div>\n\t\t\t\t<\/div>\n\t\t\t\t<\/div>\n\t\t\t\t\t<\/div>\n\t\t\t\t<\/div>\n\t\t<div class=\"elementor-element elementor-element-7533bc7a e-flex e-con-boxed e-con e-parent\" data-id=\"7533bc7a\" data-element_type=\"container\" data-e-type=\"container\">\n\t\t\t\t\t<div class=\"e-con-inner\">\n\t\t\t\t<div class=\"elementor-element elementor-element-2447d18d elementor-widget elementor-widget-heading\" data-id=\"2447d18d\" data-element_type=\"widget\" data-e-type=\"widget\" data-widget_type=\"heading.default\">\n\t\t\t\t\t<h2 class=\"elementor-heading-title elementor-size-default\">Avv\u00e4rjning i vardagen<\/h2>\t\t\t\t<\/div>\n\t\t<div class=\"elementor-element elementor-element-d5d0260c e-con-full e-flex e-con e-child\" data-id=\"d5d0260c\" data-element_type=\"container\" data-e-type=\"container\">\n\t\t\t\t<div class=\"elementor-element elementor-element-341be2ac elementor-widget elementor-widget-text-editor\" data-id=\"341be2ac\" data-element_type=\"widget\" data-e-type=\"widget\" data-widget_type=\"text-editor.default\">\n\t\t\t\t\t\t\t\t\t<p><strong>Riter och dyrkan<\/strong><\/p><p>Dagda dyrkades vid de fyra keltiska h\u00f6gtidsdagarna, s\u00e4rskilt Samhain (1 november), d\u00e5 gr\u00e4nsen mellan liv och d\u00f6d \u00e4r genomtr\u00e4nglig. Offerg\u00e5vor bestod av spannm\u00e5l, k\u00f6tt och mj\u00f6d. Druider utf\u00f6rde l\u00e5nga nattliga riter f\u00f6r att b\u00f6nfalla om Dagdas <span class=\"iwg-fachbegriff\" data-tooltip=\"Till\u00f6nskan av v\u00e4l och skydd, ofta i fast spr\u00e5klig form.\" tabindex=\"0\">v\u00e4lsignelse<\/span> f\u00f6r rika sk\u00f6rdar och milit\u00e4ra segrar. Hans altare stod ofta vid heliga k\u00e4llor.<\/p><p><strong>Besv\u00e4rjelser och \u00e5kallanden<\/strong><\/p><p>\u00c5kallanden betonade hans m\u00e5ngsidighet: \u201dDagda, allas fader, ge oss \u00f6verfl\u00f6d och seger.\u201d Krigare besvor honom med klubban som krigssymbol, b\u00f6nder med harpan som harmonins garant. En traderad formel fr\u00e5n \u00d3 N\u00e9ill-genealogierna lydde: \u201dM\u00e5 den gode guden avg\u00f6ra denna strid f\u00f6r oss.\u201d<\/p><p><strong>Amuletter och skyddssymboler<\/strong><\/p><p>Dagda-klubban (som tr\u00e4amulett eller graverad) symboliserade o\u00f6vervinnlig kraft. Harpan efterbildades i rituella instrument. Kittel-<span class=\"iwg-fachbegriff\" data-tooltip=\"Ett tecken som representerar en f\u00f6rest\u00e4llning eller betydelse.\" tabindex=\"0\">symbolen<\/span> (fyra femh\u00f6rningar i en cirkel) var ett \u00f6verfl\u00f6ds-<span class=\"iwg-fachbegriff\" data-tooltip=\"Ett buret f\u00f6rem\u00e5l som tillskrivs en skyddande, olycksavv\u00e4rjande verkan.\" tabindex=\"0\">amulett<\/span>. Guldkittelrepliker f\u00f6rvarades i keltiska bos\u00e4ttningar som helgedomar.<\/p>\n\t\t\t\t\t\t\t\t<\/div>\n\t\t\t\t<\/div>\n\t\t\t\t\t<\/div>\n\t\t\t\t<\/div>\n\t\t<div class=\"elementor-element elementor-element-5a584676 e-flex e-con-boxed e-con e-parent\" data-id=\"5a584676\" data-element_type=\"container\" data-e-type=\"container\">\n\t\t\t\t\t<div class=\"e-con-inner\">\n\t\t\t\t<div class=\"elementor-element elementor-element-6d0757bf elementor-widget elementor-widget-heading\" data-id=\"6d0757bf\" data-element_type=\"widget\" data-e-type=\"widget\" data-widget_type=\"heading.default\">\n\t\t\t\t\t<h2 class=\"elementor-heading-title elementor-size-default\">Dagda, paralleller i andra kulturer<\/h2>\t\t\t\t<\/div>\n\t\t<div class=\"elementor-element elementor-element-60563f68 e-con-full e-flex e-con e-child\" data-id=\"60563f68\" data-element_type=\"container\" data-e-type=\"container\">\n\t\t\t\t<div class=\"elementor-element elementor-element-5a93fdd6 elementor-widget elementor-widget-text-editor\" data-id=\"5a93fdd6\" data-element_type=\"widget\" data-e-type=\"widget\" data-widget_type=\"text-editor.default\">\n\t\t\t\t\t\t\t\t\t<p><p><strong>Judisk tradition:<\/strong> Avl\u00e4gset besl\u00e4ktade \u00e4r metaforer om Gud som en f\u00e4derligt omh\u00e4ndertagande kraft (Ps. 23) eller Sion-guden som v\u00e4lf\u00e4rdens garant. Ingen direkt motsvarighet i personifierad gudsgestalt.<\/p><p><strong>Grekisk-romerska v\u00e4rlden:<\/strong> Zeus som himmelsfader, h\u00e4rskare och visdomsgud, Jupiter som romersk motsvarighet med aspekt av \u00f6verfl\u00f6d och v\u00e4lsignelsef\u00f6rmedling. Kronos (gudarnas fader) och Hades (rikedomsgud, Plutus) uppvisar aspekter av \u00f6verfl\u00f6d och underjordsherrav\u00e4lde.<\/p><p><strong>Mesopotamien:<\/strong> Enlil som h\u00f6gste gud och ordningens bevarare, Enki som visdomens och \u00f6verfl\u00f6dets givare. B\u00e5da delar Dagdas roll som allsm\u00e4ktiga och visdomsfulla fadersgestalter.<\/p><p><strong>Indien\/Asien:<\/strong> Dyaus Pitar (Fader Himmel) som indoeuropeisk allfaders-urtyp. Brahman och Varuna som kosmiskt ordningsvaktande gudomar. Indra som krigarkung och <span class=\"iwg-fachbegriff\" data-tooltip=\"Till\u00f6nskan av v\u00e4l och skydd, ofta i fast spr\u00e5klig form.\" tabindex=\"0\">v\u00e4lsignelse<\/span>givare uppvisar paralleller till Dagdas krigs- och rikedomsaspekter.<\/p>\t\t\t\t\t\t\t\t<\/div>\n\t\t\t\t<\/div>\n\t\t\t\t\t<\/div>\n\t\t\t\t<\/div>\n\t\t<div class=\"elementor-element elementor-element-cp9d5e7ef e-flex e-con-boxed e-con e-parent\" data-id=\"cp9d5e7ef\" data-element_type=\"container\" data-e-type=\"container\">\n\t\t\t\t\t<div class=\"e-con-inner\">\n\t\t\t\t<div class=\"elementor-element elementor-element-cpf22caa0 elementor-widget elementor-widget-heading\" data-id=\"cpf22caa0\" data-element_type=\"widget\" data-e-type=\"widget\" data-widget_type=\"heading.default\">\n\t\t\t\t\t<h2 class=\"elementor-heading-title elementor-size-default\">Dagda i de irl\u00e4ndska k\u00e4llorna<\/h2>\t\t\t\t<\/div>\n\t\t<div class=\"elementor-element elementor-element-cp433da38 e-con-full e-flex e-con e-child\" data-id=\"cp433da38\" data-element_type=\"container\" data-e-type=\"container\">\n\t\t\t\t<div class=\"elementor-element elementor-element-cpd192663 elementor-widget elementor-widget-text-editor\" data-id=\"cpd192663\" data-element_type=\"widget\" data-e-type=\"widget\" data-widget_type=\"text-editor.default\">\n\t\t\t\t\t\t\t\t\t<p>Dagda \u00e4r en av de centrala gestalterna i den irl\u00e4ndska <span class=\"iwg-fachbegriff\" data-tooltip=\"Den samlade m\u00e4ngden \u00f6verl\u00e4mnade gudaber\u00e4ttelser inom en kultur.\" tabindex=\"0\">mytologin<\/span> och h\u00f6r till T\u00faatha D\u00e9 Danann, guda\u00e4tten i den irl\u00e4ndska <span class=\"iwg-fachbegriff\" data-tooltip=\"\u00d6verf\u00f6ringen av kunskap och ber\u00e4ttelser genom generationer.\" tabindex=\"0\">traditionen<\/span>. Till skillnad fr\u00e5n de flesta mytologier stammar v\u00e5r kunskap om Dagda fr\u00e5n medeltida kristna handskrifter, d\u00e4r munkar tecknade ner \u00e4ldre ber\u00e4ttartraditioner och samtidigt omformade dem.<\/p><p>De viktigaste k\u00e4llorna \u00e4r <em>Lebor Gab\u00e1la \u00c9renn<\/em>, Boken om er\u00f6vringarna, en pseudohistorisk skildring av Irlands bos\u00e4ttning, och framf\u00f6r allt ber\u00e4ttelsen <em>Cath Maige Tuired<\/em>, Slaget vid Mag Tuired, som skildrar T\u00faatha D\u00e9 Dananns kamp mot de kusliga Fomoiri. I denna ber\u00e4ttelse framtr\u00e4der Dagda s\u00e4rskilt tydligt.<\/p><p>Dagda framst\u00e5r d\u00e4r som en m\u00e4ktig, men samtidigt grovhuggen och delvis komiskt tecknad gestalt. F\u00f6re det avg\u00f6rande slaget g\u00e5r han till Fomoiris l\u00e4ger, d\u00e4r man i h\u00e5n st\u00e4ller fram en enorm gr\u00f6t av mj\u00f6lk, mj\u00f6l, fett och hela svin och tvingar honom att \u00e4ta upp allt. Dagda \u00e4ter faktiskt allt, tills han knappt kan g\u00e5.<\/p><p>Forskningen ser i denna episod inte en f\u00f6rnedring, utan en antydan om Dagdas v\u00e4sen som fyllnadens och \u00f6verfl\u00f6dets gud.<\/p><p>Hans binamn, som kan tolkas som den goda guden, syftar enligt k\u00e4llorna sj\u00e4lva p\u00e5 duglighet snarare \u00e4n p\u00e5 moralisk godhet, p\u00e5 att han \u00e4r god i allt och kunnig i m\u00e5nga ting. Besl\u00e4ktade gestalter inom den keltiska gudakretsen finns hos <a href=\"https:\/\/iwell-guard.com\/sv\/lugh\/\">Lugh<\/a> och <a href=\"https:\/\/iwell-guard.com\/sv\/morrigan\/\">Morr\u00edgan<\/a>.<\/p>\t\t\t\t\t\t\t\t<\/div>\n\t\t\t\t<\/div>\n\t\t\t\t\t<\/div>\n\t\t\t\t<\/div>\n\t\t<div class=\"elementor-element elementor-element-cp922580f e-flex e-con-boxed e-con e-parent\" data-id=\"cp922580f\" data-element_type=\"container\" data-e-type=\"container\">\n\t\t\t\t\t<div class=\"e-con-inner\">\n\t\t\t\t<div class=\"elementor-element elementor-element-cpad7d99f elementor-widget elementor-widget-heading\" data-id=\"cpad7d99f\" data-element_type=\"widget\" data-e-type=\"widget\" data-widget_type=\"heading.default\">\n\t\t\t\t\t<h2 class=\"elementor-heading-title elementor-size-default\">Dagdas attribut: klubba, kittel och harpa<\/h2>\t\t\t\t<\/div>\n\t\t<div class=\"elementor-element elementor-element-cpc9509d1 e-con-full e-flex e-con e-child\" data-id=\"cpc9509d1\" data-element_type=\"container\" data-e-type=\"container\">\n\t\t\t\t<div class=\"elementor-element elementor-element-cp0ccd784 elementor-widget elementor-widget-text-editor\" data-id=\"cp0ccd784\" data-element_type=\"widget\" data-e-type=\"widget\" data-widget_type=\"text-editor.default\">\n\t\t\t\t\t\t\t\t\t<p>Dagda k\u00e4nnetecknas i de irl\u00e4ndska k\u00e4llorna av tre karakt\u00e4ristiska \u00e4godelar som g\u00f6r hans funktioner \u00e5sk\u00e5dliga. Dessa attribut \u00e4r s\u00e5 framtr\u00e4dande att de spelar en roll i varje skildring av Dagda.<\/p><p>Det f\u00f6rsta \u00e4r en v\u00e4ldig klubba, s\u00e5 stor att den m\u00e5ste transporteras p\u00e5 hjul. Den ena \u00e4nden av klubban d\u00f6dar n\u00e4r den tr\u00e4ffar en m\u00e4nniska, den andra \u00e4nden kan v\u00e4cka d\u00f6da till liv igen.<\/p><p>I denna dubbla funktion f\u00f6rkroppsligar klubban makten \u00f6ver liv och d\u00f6d. Sp\u00e5ret den drar i marken liknar enligt k\u00e4llorna en gr\u00e4nsf\u00e5ra mellan territorier.<\/p><p>Det andra attributet \u00e4r en kittel, som r\u00e4knas som en av de fyra skatter som T\u00faatha D\u00e9 Danann f\u00f6rde med sig till Irland. Ur denna kittel g\u00e5r ingen ifr\u00e5n om\u00e4tt. Den st\u00e5r f\u00f6r outsinlig n\u00e4ring och d\u00e4rmed f\u00f6r det \u00f6verfl\u00f6d som Dagda garanterar.<\/p><p>Det tredje attributet \u00e4r en harpa, som i en episod ur <em>Cath Maige Tuired<\/em> r\u00f6vas bort av Fomoiri. Dagda h\u00e4mtar tillbaka den och kallar den till sig med dess namn, varp\u00e5 den flyger genom fiendens led.<\/p><p>Med denna harpa kan Dagda spela musikens tre s\u00e4tt, som f\u00e5r till gr\u00e5t, till skratt och till s\u00f6mn, och d\u00e4rigenom ordnar \u00e5rstidernas g\u00e5ng.<\/p><p>Forskningen tolkar dessa tre attribut som uttryck f\u00f6r Dagdas m\u00e5ngsidiga ansvarsomr\u00e5den: f\u00f6r strid och d\u00f6d, f\u00f6r n\u00e4ring och fruktbarhet, f\u00f6r den ordnade tiden. D\u00e4rmed \u00e4r Dagda ingen specialiserad gud, utan en allomfattande makt.<\/p>\t\t\t\t\t\t\t\t<\/div>\n\t\t\t\t<\/div>\n\t\t\t\t\t<\/div>\n\t\t\t\t<\/div>\n\t\t<div class=\"elementor-element elementor-element-cp0db3559 e-flex e-con-boxed e-con e-parent\" data-id=\"cp0db3559\" data-element_type=\"container\" data-e-type=\"container\">\n\t\t\t\t\t<div class=\"e-con-inner\">\n\t\t\t\t<div class=\"elementor-element elementor-element-cpa0ac868 elementor-widget elementor-widget-heading\" data-id=\"cpa0ac868\" data-element_type=\"widget\" data-e-type=\"widget\" data-widget_type=\"heading.default\">\n\t\t\t\t\t<h2 class=\"elementor-heading-title elementor-size-default\">Dagda och \u00e5rsfesten Samhain<\/h2>\t\t\t\t<\/div>\n\t\t<div class=\"elementor-element elementor-element-cp5ade039 e-con-full e-flex e-con e-child\" data-id=\"cp5ade039\" data-element_type=\"container\" data-e-type=\"container\">\n\t\t\t\t<div class=\"elementor-element elementor-element-cp1220b60 elementor-widget elementor-widget-text-editor\" data-id=\"cp1220b60\" data-element_type=\"widget\" data-e-type=\"widget\" data-widget_type=\"text-editor.default\">\n\t\t\t\t\t\t\t\t\t<p>En av de mest k\u00e4nda episoderna om Dagda f\u00f6rbinder honom med festen Samhain, den keltiska \u00e5rsv\u00e4ndnings- och d\u00f6dsfesten, som infaller vid \u00f6verg\u00e5ngen fr\u00e5n h\u00f6st till vinter. <em>Cath Maige Tuired<\/em> ber\u00e4ttar att Dagda vid tiden f\u00f6r Samhain f\u00f6renar sig med en kvinna som st\u00e5r \u00f6ver en flod, Unius.<\/p><p>Denna kvinna identifieras som Morr\u00edgan, en gestalt som f\u00f6rbinds med krig, \u00f6de och delvis med landets suver\u00e4nitet.<\/p><p>Efter f\u00f6reningen lovar Morr\u00edgan Dagda sin hj\u00e4lp mot Fomoiri och \u00e5tar sig att suga blodet ur en fiendeledare. M\u00f6tet \u00e4r allts\u00e5 mycket mer \u00e4n en erotisk episod: det \u00e4r en allians som medbest\u00e4mmer slagets utg\u00e5ng.<\/p><p>Forskningen ser i s\u00e5dana ber\u00e4ttelser ett \u00e5terkommande m\u00f6nster inom den irl\u00e4ndska <span class=\"iwg-fachbegriff\" data-tooltip=\"Den samlade m\u00e4ngden \u00f6verl\u00e4mnade gudaber\u00e4ttelser inom en kultur.\" tabindex=\"0\">mytologin<\/span>, d\u00e4r f\u00f6rbindelsen mellan en manlig <span class=\"iwg-fachbegriff\" data-tooltip=\"Ett v\u00e4sen som dyrkas som gudomligt inom en religion.\" tabindex=\"0\">gudom<\/span> och en kvinna som f\u00f6rkroppsligar landet eller suver\u00e4niteten \u00e4r av central betydelse.<\/p><p>Tidpunkten Samhain understryker detta, eftersom denna fest ans\u00e5gs vara en tr\u00f6skeltid, d\u00e5 gr\u00e4nsen mellan m\u00e4nniskornas v\u00e4rld och Andra sidan blev genomtr\u00e4nglig.<\/p><p>Dagda \u00e4r ocks\u00e5 f\u00f6rbunden med en konkret plats i det irl\u00e4ndska sagolandskapet, gravh\u00f6gen Br\u00fa na B\u00f3inne, dagens Newgrange.<\/p><p>Enligt en <span class=\"iwg-fachbegriff\" data-tooltip=\"\u00d6verf\u00f6ringen av kunskap och ber\u00e4ttelser genom generationer.\" tabindex=\"0\">tradition<\/span> var denna plats Dagdas boning, som han senare f\u00f6rlorade till sin son \u00d3engus genom ett knep. Att en av Irlands mest imponerande f\u00f6rhistoriska anl\u00e4ggningar mytologiskt tillskrevs Dagda visar hans framst\u00e5ende st\u00e4llning inom den irl\u00e4ndska gudakretsen.<\/p>\t\t\t\t\t\t\t\t<\/div>\n\t\t\t\t<\/div>\n\t\t\t\t\t<\/div>\n\t\t\t\t<\/div>\n\t\t<div class=\"elementor-element elementor-element-36dd7469 e-flex e-con-boxed e-con e-parent\" data-id=\"36dd7469\" data-element_type=\"container\" data-e-type=\"container\">\n\t\t\t\t\t<div class=\"e-con-inner\">\n\t\t\t\t<div class=\"elementor-element elementor-element-13760ab4 elementor-widget elementor-widget-heading\" data-id=\"13760ab4\" data-element_type=\"widget\" data-e-type=\"widget\" data-widget_type=\"heading.default\">\n\t\t\t\t\t<h2 class=\"elementor-heading-title elementor-size-default\">Vidare l\u00e4nkar<\/h2>\t\t\t\t<\/div>\n\t\t<div class=\"elementor-element elementor-element-28c87796 e-con-full e-flex e-con e-child\" data-id=\"28c87796\" data-element_type=\"container\" data-e-type=\"container\">\n\t\t\t\t<div class=\"elementor-element elementor-element-5d6538df elementor-widget elementor-widget-text-editor\" data-id=\"5d6538df\" data-element_type=\"widget\" data-e-type=\"widget\" data-widget_type=\"text-editor.default\">\n\t\t\t\t\t\t\t\t\t<ul><li><a href=\"https:\/\/iwell-guard.com\/sv\/manannan-mac-lir\/\">Manannan mac Lir, havsgud<\/a><\/li><li><a href=\"https:\/\/iwell-guard.com\/sv\/lugh\/\">Lugh, ljusgud<\/a><\/li><\/ul>\n\t\t\t\t\t\t\t\t<\/div>\n\t\t\t\t<\/div>\n\t\t\t\t\t<\/div>\n\t\t\t\t<\/div>\n\t\t<div class=\"elementor-element elementor-element-grl4kl40 e-flex e-con-boxed e-con e-parent\" data-id=\"grl4kl40\" data-element_type=\"container\" data-e-type=\"container\">\n\t\t\t\t\t<div class=\"e-con-inner\">\n\t\t\t\t<div class=\"elementor-element elementor-element-bzsbfrmh elementor-widget elementor-widget-heading\" data-id=\"bzsbfrmh\" data-element_type=\"widget\" data-e-type=\"widget\" data-widget_type=\"heading.default\">\n\t\t\t\t\t<h2 class=\"elementor-heading-title elementor-size-default\">K\u00e4llor och litteratur<\/h2>\t\t\t\t<\/div>\n\t\t<div class=\"elementor-element elementor-element-2c13224a e-con-full e-flex e-con e-child\" data-id=\"2c13224a\" data-element_type=\"container\" data-e-type=\"container\">\n\t\t\t\t<div class=\"elementor-element elementor-element-0eymh9ub elementor-widget elementor-widget-text-editor\" data-id=\"0eymh9ub\" data-element_type=\"widget\" data-e-type=\"widget\" data-widget_type=\"text-editor.default\">\n\t\t\t\t\t\t\t\t\t<footer class=\"iwg-literatur\" data-nosnippet=\"true\"><ul><li><span data-nosnippet>Mac Cana, P.: <em>Celtic Mythology<\/em>. Hamlyn Publishing, 1983.<\/span><\/li><li><span data-nosnippet>MacKillop, J.: <em>Dictionary of Celtic Mythology<\/em>. Oxford University Press, 2004.<\/span><\/li><\/ul>\n<\/footer>\n<p class=\"iwg-bib-more\"><span data-nosnippet>Fler standardverk i <a href=\"https:\/\/iwell-guard.com\/sv\/litteratur\/\">litteraturf\u00f6rteckningen<\/a>.<\/span><\/p>\t\t\t\t\t\t\t\t<\/div>\n\t\t\t\t<\/div>\n\t\t\t\t\t<\/div>\n\t\t\t\t<\/div>\n\t\t<div class=\"elementor-element elementor-element-95bfd36 e-con-boxed e-flex e-con e-parent\" data-id=\"95bfd36\" data-element_type=\"container\" data-e-type=\"container\">\n\t\t\t\t\t<div class=\"e-con-inner\">\n\t\t\t\t<div class=\"elementor-element elementor-element-33e4122 elementor-widget elementor-widget-text-editor\" data-id=\"33e4122\" data-element_type=\"widget\" data-e-type=\"widget\" data-widget_type=\"text-editor.default\">\n\t\t\t\t\t\t\t\t\t\n<h2>Vanliga fr\u00e5gor om Dagda<\/h2>\n<div class=\"iwg-faq-q\"><h3>Vem \u00e4r Dagda i den irl\u00e4ndska <span class=\"iwg-fachbegriff\" data-tooltip=\"Helheten av \u00f6verl\u00e4mnade gudaber\u00e4ttelser inom en kultur.\" tabindex=\"0\">mytologin<\/span>?<\/h3><p>Dagda (fornirl\u00e4ndska An Dagda, den gode guden) \u00e4r en av de viktigaste gudagestalterna i den irisk-keltiska <span class=\"iwg-fachbegriff\" data-tooltip=\"Helheten av \u00f6verl\u00e4mnade gudaber\u00e4ttelser inom en kultur.\" tabindex=\"0\">mytologin<\/span>, fadergud f\u00f6r Tuatha D\u00e9 Danann, den mytiska halvgudasl\u00e4kt som befolkade Irland innan irl\u00e4ndarna. Hans binamn Eochaid Ollathair (H\u00e4st-allfader) och Ruad Ro-fhessa (R\u00f6d Allvetande) visar hans st\u00e4llning som kosmisk allmaktsgud.<\/p><p>Han \u00e4ger tre magiska f\u00f6rem\u00e5l: en kittel (Coire) som ingen beh\u00f6ver l\u00e4mna hungrig, en enorm klubba som d\u00f6dar med en \u00e4nde och \u00e5teruppv\u00e4cker med den andra, samt en harpa som styr \u00e5rets g\u00e5ng.<\/p><\/div>\n<div class=\"iwg-faq-q\"><h3>Vilka \u00e4r Dagdas tre skatter?<\/h3><p>Dagdas tre magiska \u00e4godelar symboliserar hans kosmiska funktion. Dagdas kittel (Coire ansic, den outsinliga) \u00e4r en symbol f\u00f6r den outt\u00f6mliga rikedomen och antas vara en f\u00f6reg\u00e5ngare till grals-motivet i den senare keltisk-kristna traditionen. Klubban Lorg M\u00f3r \u00e4r ett verktyg f\u00f6r liv och d\u00f6d som f\u00f6rkroppsligar fadergudens kosmiska dubbelnatur. Harpan Uaithne styr slutligen \u00e5rets g\u00e5ng: n\u00e4r Dagda spelar en viss melodi kommer sommar, vinter, s\u00f6mn eller t\u00e5rar \u00f6ver v\u00e4rlden.<\/p><\/div>\n<script type=\"application\/ld+json\">{\"@context\":\"https:\/\/schema.org\",\"@type\":\"FAQPage\",\"mainEntity\":[{\"@type\":\"Question\",\"name\":\"Vem \u00e4r Dagda i den irl\u00e4ndska mytologin?\",\"acceptedAnswer\":{\"@type\":\"Answer\",\"text\":\"Dagda (fornirl\u00e4ndska An Dagda, den gode guden) \u00e4r en av de viktigaste gudagestalterna i den irisk-keltiska mytologin, fadergud f\u00f6r Tuatha D\u00e9 Danann, den mytiska halvgudasl\u00e4kt som befolkade Irland innan irl\u00e4ndarna. Hans binamn Eochaid Ollathair (H\u00e4st-allfader) och Ruad Ro-fhessa (R\u00f6d Allvetande) visar hans st\u00e4llning som kosmisk allmaktsgud. Han \u00e4ger tre magiska f\u00f6rem\u00e5l: en kittel (Coire) som ingen beh\u00f6ver l\u00e4mna hungrig, en enorm klubba som d\u00f6dar med en \u00e4nde och \u00e5teruppv\u00e4cker med den andra, samt en harpa som styr \u00e5rets g\u00e5ng.\"}},{\"@type\":\"Question\",\"name\":\"Vilka \u00e4r Dagdas tre skatter?\",\"acceptedAnswer\":{\"@type\":\"Answer\",\"text\":\"Dagdas tre magiska \u00e4godelar symboliserar hans kosmiska funktion. Dagdas kittel (Coire ansic, den outsinliga) \u00e4r en symbol f\u00f6r den outt\u00f6mliga rikedomen och antas vara en f\u00f6reg\u00e5ngare till grals-motivet i den senare keltisk-kristna traditionen. Klubban Lorg M\u00f3r \u00e4r ett verktyg f\u00f6r liv och d\u00f6d som f\u00f6rkroppsligar fadergudens kosmiska dubbelnatur. Harpan Uaithne styr slutligen \u00e5rets g\u00e5ng: n\u00e4r Dagda spelar en viss melodi kommer sommar, vinter, s\u00f6mn eller t\u00e5rar \u00f6ver v\u00e4rlden.\"}}]}<\/script>\t\t\t\t\t\t\t\t<\/div>\n\t\t\t\t\t<\/div>\n\t\t\t\t<\/div>\n\t\t\t\t<\/div>\n\t\t","protected":false},"excerpt":{"rendered":"","protected":false},"author":3,"featured_media":1750,"parent":0,"menu_order":0,"comment_status":"closed","ping_status":"closed","template":"elementor_header_footer","meta":{"_yoast_wpseo_focuskw":"Dagda","_yoast_wpseo_title":"Dagda: keltisk fader- och stamgud","_yoast_wpseo_metadesc":"Dagda, den gode guden i den irl\u00e4ndska traditionen: fader till Tuatha D\u00e9 Danann, herre \u00f6ver kitteln Coire Ansic och en harpa som styr \u00e5rstiderna.","_yoast_wpseo_meta-robots-noindex":"","_yoast_wpseo_canonical":"","_angie_page":false,"gefaehrdungsstufe":"2","wesen_kultur":"keltisch","wesen_klasse":"goetter","footnotes":""},"categories":[],"class_list":["post-136663","page","type-page","status-publish","has-post-thumbnail","hentry"],"yoast_head":"<!-- This site is optimized with the Yoast SEO Premium plugin v27.7 (Yoast SEO v28.3) - https:\/\/yoast.com\/product\/yoast-seo-premium-wordpress\/ -->\n<title>Dagda: keltisk fader- och stamgud<\/title>\n<meta name=\"description\" content=\"Dagda, den gode guden i den irl\u00e4ndska traditionen: fader till Tuatha D\u00e9 Danann, herre \u00f6ver kitteln Coire Ansic och en harpa som styr \u00e5rstiderna.\" \/>\n<meta name=\"robots\" content=\"index, follow, max-snippet:-1, max-image-preview:large, max-video-preview:-1\" \/>\n<link rel=\"canonical\" href=\"https:\/\/iwell-guard.com\/sv\/dagda\/\" \/>\n<meta property=\"og:locale\" content=\"sv_SE\" \/>\n<meta property=\"og:type\" content=\"article\" \/>\n<meta property=\"og:title\" content=\"Dagda\" \/>\n<meta property=\"og:description\" content=\"Dagda, den gode guden i den irl\u00e4ndska traditionen: fader till Tuatha D\u00e9 Danann, herre \u00f6ver kitteln Coire Ansic och en harpa som styr \u00e5rstiderna.\" \/>\n<meta property=\"og:url\" content=\"https:\/\/iwell-guard.com\/sv\/dagda\/\" \/>\n<meta property=\"og:site_name\" content=\"iWell Guard\" \/>\n<meta property=\"article:modified_time\" content=\"2026-09-03T01:08:37+00:00\" \/>\n<meta property=\"og:image\" content=\"https:\/\/iwell-guard.com\/wp-content\/uploads\/2026\/04\/goetter_keltisch_dagda.webp\" \/>\n\t<meta property=\"og:image:width\" content=\"1024\" \/>\n\t<meta property=\"og:image:height\" content=\"1536\" \/>\n\t<meta property=\"og:image:type\" content=\"image\/webp\" \/>\n<meta name=\"twitter:card\" content=\"summary_large_image\" \/>\n<script type=\"application\/ld+json\" class=\"yoast-schema-graph\">{\"@context\":\"https:\\\/\\\/schema.org\",\"@graph\":[{\"@type\":\"WebPage\",\"@id\":\"https:\\\/\\\/iwell-guard.com\\\/sv\\\/dagda\\\/\",\"url\":\"https:\\\/\\\/iwell-guard.com\\\/sv\\\/dagda\\\/\",\"name\":\"Dagda: keltisk fader- och stamgud\",\"isPartOf\":{\"@id\":\"https:\\\/\\\/iwell-guard.com\\\/sv\\\/#website\"},\"primaryImageOfPage\":{\"@id\":\"https:\\\/\\\/iwell-guard.com\\\/sv\\\/dagda\\\/#primaryimage\"},\"image\":{\"@id\":\"https:\\\/\\\/iwell-guard.com\\\/sv\\\/dagda\\\/#primaryimage\"},\"thumbnailUrl\":\"https:\\\/\\\/iwell-guard.com\\\/wp-content\\\/uploads\\\/2026\\\/04\\\/goetter_keltisch_dagda.webp\",\"datePublished\":\"2026-09-03T00:08:56+00:00\",\"dateModified\":\"2026-09-03T01:08:37+00:00\",\"description\":\"Dagda, den gode guden i den irl\u00e4ndska traditionen: fader till Tuatha D\u00e9 Danann, herre \u00f6ver kitteln Coire Ansic och en harpa som styr \u00e5rstiderna.\",\"breadcrumb\":{\"@id\":\"https:\\\/\\\/iwell-guard.com\\\/sv\\\/dagda\\\/#breadcrumb\"},\"inLanguage\":\"sv-SE\",\"potentialAction\":[{\"@type\":\"ReadAction\",\"target\":[\"https:\\\/\\\/iwell-guard.com\\\/sv\\\/dagda\\\/\"]}]},{\"@type\":\"ImageObject\",\"inLanguage\":\"sv-SE\",\"@id\":\"https:\\\/\\\/iwell-guard.com\\\/sv\\\/dagda\\\/#primaryimage\",\"url\":\"https:\\\/\\\/iwell-guard.com\\\/wp-content\\\/uploads\\\/2026\\\/04\\\/goetter_keltisch_dagda.webp\",\"contentUrl\":\"https:\\\/\\\/iwell-guard.com\\\/wp-content\\\/uploads\\\/2026\\\/04\\\/goetter_keltisch_dagda.webp\",\"width\":1024,\"height\":1536,\"caption\":\"Gudar fr\u00e5n den keltiska traditionen.\"},{\"@type\":\"BreadcrumbList\",\"@id\":\"https:\\\/\\\/iwell-guard.com\\\/sv\\\/dagda\\\/#breadcrumb\",\"itemListElement\":[{\"@type\":\"ListItem\",\"position\":1,\"name\":\"Start\",\"item\":\"https:\\\/\\\/iwell-guard.com\\\/sv\\\/?page_id=136483\"},{\"@type\":\"ListItem\",\"position\":2,\"name\":\"Dagda\"}]},{\"@type\":\"WebSite\",\"@id\":\"https:\\\/\\\/iwell-guard.com\\\/sv\\\/#website\",\"url\":\"https:\\\/\\\/iwell-guard.com\\\/sv\\\/\",\"name\":\"iWell Guard\",\"description\":\"Schutz vor dunklen Einfl\u00fcssen\",\"publisher\":{\"@id\":\"https:\\\/\\\/iwell-guard.com\\\/sv\\\/#organization\"},\"potentialAction\":[{\"@type\":\"SearchAction\",\"target\":{\"@type\":\"EntryPoint\",\"urlTemplate\":\"https:\\\/\\\/iwell-guard.com\\\/sv\\\/?s={search_term_string}\"},\"query-input\":{\"@type\":\"PropertyValueSpecification\",\"valueRequired\":true,\"valueName\":\"search_term_string\"}}],\"inLanguage\":\"sv-SE\"},{\"@type\":\"Organization\",\"@id\":\"https:\\\/\\\/iwell-guard.com\\\/sv\\\/#organization\",\"name\":\"Ittermann electronic GmbH\",\"url\":\"https:\\\/\\\/iwell-guard.com\\\/sv\\\/\",\"logo\":{\"@type\":\"ImageObject\",\"inLanguage\":\"sv-SE\",\"@id\":\"https:\\\/\\\/iwell-guard.com\\\/sv\\\/#\\\/schema\\\/logo\\\/image\\\/\",\"url\":\"https:\\\/\\\/iwell-guard.com\\\/wp-content\\\/uploads\\\/2026\\\/05\\\/Ittermann-Logo-1182x237-1.png\",\"contentUrl\":\"https:\\\/\\\/iwell-guard.com\\\/wp-content\\\/uploads\\\/2026\\\/05\\\/Ittermann-Logo-1182x237-1.png\",\"width\":1182,\"height\":237,\"caption\":\"Ittermann electronic GmbH\"},\"image\":{\"@id\":\"https:\\\/\\\/iwell-guard.com\\\/sv\\\/#\\\/schema\\\/logo\\\/image\\\/\"},\"sameAs\":[\"https:\\\/\\\/pantip.com\\\/profile\\\/9367242\",\"https:\\\/\\\/micro.blog\\\/iwellguard\",\"https:\\\/\\\/www.diggerslist.com\\\/iwellguard\\\/about\",\"https:\\\/\\\/skitterphoto.com\\\/photographers\\\/2870314\\\/iwell-guard\",\"https:\\\/\\\/iwellguard.wordpress.com\\\/2026\\\/06\\\/06\\\/iwell-guard\\\/\",\"https:\\\/\\\/hub.docker.com\\\/u\\\/iwellguard\",\"https:\\\/\\\/www.pinterest.com\\\/iwellguard\\\/\",\"https:\\\/\\\/bit.ly\\\/m\\\/iwellguard\",\"https:\\\/\\\/entre-vos-mains.alsace.eu\\\/profiles\\\/iwellguard\\\/activity\",\"https:\\\/\\\/gravatar.com\\\/reallybeded8fd34\",\"https:\\\/\\\/naijamatta.com\\\/iwellguard\",\"https:\\\/\\\/www.goodreads.com\\\/iwellguard\",\"https:\\\/\\\/profile.hatena.ne.jp\\\/iwellguard\\\/\",\"https:\\\/\\\/experiment.com\\\/users\\\/iwellguard\",\"https:\\\/\\\/wakelet.com\\\/@iWellGuard82270\",\"https:\\\/\\\/www.chordie.com\\\/forum\\\/profile.php?id=2555664\",\"https:\\\/\\\/www.instapaper.com\\\/p\\\/17757966\",\"https:\\\/\\\/www.mapleprimes.com\\\/users\\\/iwellguard\",\"https:\\\/\\\/businesslistingplus.com\\\/profile\\\/iwell-guard\\\/\",\"https:\\\/\\\/telegra.ph\\\/iWell-Guard-06-06\",\"https:\\\/\\\/pbase.com\\\/iwellguard\\\/iwellguard\",\"https:\\\/\\\/b.hatena.ne.jp\\\/iwellguard\\\/20260607#bookmark-4788405196491818882\",\"https:\\\/\\\/fliphtml5.com\\\/home\\\/iwellguard\",\"https:\\\/\\\/anyflip.com\\\/homepage\\\/cmiwl#About\",\"https:\\\/\\\/transfur.com\\\/Users\\\/iwellguard\",\"http:\\\/\\\/delphi.larsbo.org\\\/user\\\/iwellguard\",\"https:\\\/\\\/jobs.lajobsportal.org\\\/profiles\\\/8380803-iwell-guard\",\"https:\\\/\\\/md.chaosdorf.de\\\/s\\\/jfbe5SBdJD\",\"https:\\\/\\\/www.lingvolive.com\\\/en-us\\\/profile\\\/9ecaeaca-ce11-4e51-9e71-01d55e2bff36\\\/translations\",\"https:\\\/\\\/www.fitday.com\\\/fitness\\\/forums\\\/members\\\/iwellguard.html\",\"https:\\\/\\\/www.mymeetbook.com\\\/iwellguard\",\"https:\\\/\\\/pxhere.com\\\/en\\\/photographer-me\\\/5040798\",\"https:\\\/\\\/disqus.com\\\/by\\\/iwellguard\\\/about\\\/\",\"https:\\\/\\\/pastelink.net\\\/hjwciqwq\",\"https:\\\/\\\/pubhtml5.com\\\/homepage\\\/scjhn\\\/\",\"https:\\\/\\\/www.bitchute.com\\\/channel\\\/2O2eOKzNqujT\",\"https:\\\/\\\/audiomack.com\\\/iwellguard\"]},{\"@type\":\"Article\",\"@id\":\"https:\\\/\\\/iwell-guard.com\\\/sv\\\/dagda\\\/#article\",\"isPartOf\":{\"@id\":\"https:\\\/\\\/iwell-guard.com\\\/sv\\\/dagda\\\/\"},\"author\":{\"name\":\"Ralf Ittermann\",\"@id\":\"https:\\\/\\\/iwell-guard.com\\\/sv\\\/#\\\/schema\\\/person\\\/ee2a27f1cac3406c7c6fb5820cb7349f\"},\"headline\":\"Dagda\",\"datePublished\":\"2026-09-03T00:08:56+00:00\",\"dateModified\":\"2026-09-03T01:08:37+00:00\",\"mainEntityOfPage\":{\"@id\":\"https:\\\/\\\/iwell-guard.com\\\/sv\\\/dagda\\\/\"},\"publisher\":{\"@id\":\"https:\\\/\\\/iwell-guard.com\\\/sv\\\/#organization\"},\"image\":{\"@id\":\"https:\\\/\\\/iwell-guard.com\\\/sv\\\/dagda\\\/#primaryimage\"},\"thumbnailUrl\":\"https:\\\/\\\/iwell-guard.com\\\/wp-content\\\/uploads\\\/2026\\\/04\\\/goetter_keltisch_dagda.webp\",\"inLanguage\":\"sv-SE\",\"description\":\"Dagda, den gode guden i den irl\u00e4ndska traditionen: fader till Tuatha D\u00e9 Danann, herre \u00f6ver kitteln Coire Ansic och en harpa som styr \u00e5rstiderna.\"}]}<\/script>\n<!-- \/ Yoast SEO Premium plugin. -->","yoast_head_json":{"title":"Dagda: keltisk fader- och stamgud","description":"Dagda, den gode guden i den irl\u00e4ndska traditionen: fader till Tuatha D\u00e9 Danann, herre \u00f6ver kitteln Coire Ansic och en harpa som styr \u00e5rstiderna.","robots":{"index":"index","follow":"follow","max-snippet":"max-snippet:-1","max-image-preview":"max-image-preview:large","max-video-preview":"max-video-preview:-1"},"canonical":"https:\/\/iwell-guard.com\/sv\/dagda\/","og_locale":"sv_SE","og_type":"article","og_title":"Dagda","og_description":"Dagda, den gode guden i den irl\u00e4ndska traditionen: fader till Tuatha D\u00e9 Danann, herre \u00f6ver kitteln Coire Ansic och en harpa som styr \u00e5rstiderna.","og_url":"https:\/\/iwell-guard.com\/sv\/dagda\/","og_site_name":"iWell Guard","article_modified_time":"2026-09-03T01:08:37+00:00","og_image":[{"width":1024,"height":1536,"url":"https:\/\/iwell-guard.com\/wp-content\/uploads\/2026\/04\/goetter_keltisch_dagda.webp","type":"image\/webp"}],"twitter_card":"summary_large_image","schema":{"@context":"https:\/\/schema.org","@graph":[{"@type":"Article","@id":"https:\/\/iwell-guard.com\/sv\/dagda\/#article","isPartOf":{"@id":"https:\/\/iwell-guard.com\/sv\/dagda\/"},"author":{"name":"Ralf Ittermann","@id":"https:\/\/iwell-guard.com\/sv\/#\/schema\/person\/ee2a27f1cac3406c7c6fb5820cb7349f"},"headline":"Dagda","datePublished":"2026-09-03T00:08:56+00:00","dateModified":"2026-09-03T01:08:37+00:00","mainEntityOfPage":{"@id":"https:\/\/iwell-guard.com\/sv\/dagda\/"},"publisher":{"@id":"https:\/\/iwell-guard.com\/sv\/#organization"},"image":{"@id":"https:\/\/iwell-guard.com\/sv\/dagda\/#primaryimage"},"thumbnailUrl":"https:\/\/iwell-guard.com\/wp-content\/uploads\/2026\/04\/goetter_keltisch_dagda.webp","inLanguage":"sv-SE","description":"Dagda, den gode guden i den irl\u00e4ndska traditionen: fader till Tuatha D\u00e9 Danann, herre \u00f6ver kitteln Coire Ansic och en harpa som styr \u00e5rstiderna."},{"@type":"WebPage","@id":"https:\/\/iwell-guard.com\/sv\/dagda\/","url":"https:\/\/iwell-guard.com\/sv\/dagda\/","name":"Dagda: keltisk fader- och stamgud","isPartOf":{"@id":"https:\/\/iwell-guard.com\/sv\/#website"},"primaryImageOfPage":{"@id":"https:\/\/iwell-guard.com\/sv\/dagda\/#primaryimage"},"image":{"@id":"https:\/\/iwell-guard.com\/sv\/dagda\/#primaryimage"},"thumbnailUrl":"https:\/\/iwell-guard.com\/wp-content\/uploads\/2026\/04\/goetter_keltisch_dagda.webp","datePublished":"2026-09-03T00:08:56+00:00","dateModified":"2026-09-03T01:08:37+00:00","description":"Dagda, den gode guden i den irl\u00e4ndska traditionen: fader till Tuatha D\u00e9 Danann, herre \u00f6ver kitteln Coire Ansic och en harpa som styr \u00e5rstiderna.","breadcrumb":{"@id":"https:\/\/iwell-guard.com\/sv\/dagda\/#breadcrumb"},"inLanguage":"sv-SE","potentialAction":[{"@type":"ReadAction","target":["https:\/\/iwell-guard.com\/sv\/dagda\/"]}]},{"@type":"ImageObject","inLanguage":"sv-SE","@id":"https:\/\/iwell-guard.com\/sv\/dagda\/#primaryimage","url":"https:\/\/iwell-guard.com\/wp-content\/uploads\/2026\/04\/goetter_keltisch_dagda.webp","contentUrl":"https:\/\/iwell-guard.com\/wp-content\/uploads\/2026\/04\/goetter_keltisch_dagda.webp","width":1024,"height":1536,"caption":"Gudar fr\u00e5n den keltiska traditionen."},{"@type":"BreadcrumbList","@id":"https:\/\/iwell-guard.com\/sv\/dagda\/#breadcrumb","itemListElement":[{"@type":"ListItem","position":1,"name":"Start","item":"https:\/\/iwell-guard.com\/sv\/?page_id=136483"},{"@type":"ListItem","position":2,"name":"Dagda"}]},{"@type":"WebSite","@id":"https:\/\/iwell-guard.com\/sv\/#website","url":"https:\/\/iwell-guard.com\/sv\/","name":"iWell Guard","description":"Schutz vor dunklen Einfl\u00fcssen","publisher":{"@id":"https:\/\/iwell-guard.com\/sv\/#organization"},"potentialAction":[{"@type":"SearchAction","target":{"@type":"EntryPoint","urlTemplate":"https:\/\/iwell-guard.com\/sv\/?s={search_term_string}"},"query-input":{"@type":"PropertyValueSpecification","valueRequired":true,"valueName":"search_term_string"}}],"inLanguage":"sv-SE"},{"@type":"Organization","@id":"https:\/\/iwell-guard.com\/sv\/#organization","name":"Ittermann electronic GmbH","url":"https:\/\/iwell-guard.com\/sv\/","logo":{"@type":"ImageObject","inLanguage":"sv-SE","@id":"https:\/\/iwell-guard.com\/sv\/#\/schema\/logo\/image\/","url":"https:\/\/iwell-guard.com\/wp-content\/uploads\/2026\/05\/Ittermann-Logo-1182x237-1.png","contentUrl":"https:\/\/iwell-guard.com\/wp-content\/uploads\/2026\/05\/Ittermann-Logo-1182x237-1.png","width":1182,"height":237,"caption":"Ittermann electronic GmbH"},"image":{"@id":"https:\/\/iwell-guard.com\/sv\/#\/schema\/logo\/image\/"},"sameAs":["https:\/\/pantip.com\/profile\/9367242","https:\/\/micro.blog\/iwellguard","https:\/\/www.diggerslist.com\/iwellguard\/about","https:\/\/skitterphoto.com\/photographers\/2870314\/iwell-guard","https:\/\/iwellguard.wordpress.com\/2026\/06\/06\/iwell-guard\/","https:\/\/hub.docker.com\/u\/iwellguard","https:\/\/www.pinterest.com\/iwellguard\/","https:\/\/bit.ly\/m\/iwellguard","https:\/\/entre-vos-mains.alsace.eu\/profiles\/iwellguard\/activity","https:\/\/gravatar.com\/reallybeded8fd34","https:\/\/naijamatta.com\/iwellguard","https:\/\/www.goodreads.com\/iwellguard","https:\/\/profile.hatena.ne.jp\/iwellguard\/","https:\/\/experiment.com\/users\/iwellguard","https:\/\/wakelet.com\/@iWellGuard82270","https:\/\/www.chordie.com\/forum\/profile.php?id=2555664","https:\/\/www.instapaper.com\/p\/17757966","https:\/\/www.mapleprimes.com\/users\/iwellguard","https:\/\/businesslistingplus.com\/profile\/iwell-guard\/","https:\/\/telegra.ph\/iWell-Guard-06-06","https:\/\/pbase.com\/iwellguard\/iwellguard","https:\/\/b.hatena.ne.jp\/iwellguard\/20260607#bookmark-4788405196491818882","https:\/\/fliphtml5.com\/home\/iwellguard","https:\/\/anyflip.com\/homepage\/cmiwl#About","https:\/\/transfur.com\/Users\/iwellguard","http:\/\/delphi.larsbo.org\/user\/iwellguard","https:\/\/jobs.lajobsportal.org\/profiles\/8380803-iwell-guard","https:\/\/md.chaosdorf.de\/s\/jfbe5SBdJD","https:\/\/www.lingvolive.com\/en-us\/profile\/9ecaeaca-ce11-4e51-9e71-01d55e2bff36\/translations","https:\/\/www.fitday.com\/fitness\/forums\/members\/iwellguard.html","https:\/\/www.mymeetbook.com\/iwellguard","https:\/\/pxhere.com\/en\/photographer-me\/5040798","https:\/\/disqus.com\/by\/iwellguard\/about\/","https:\/\/pastelink.net\/hjwciqwq","https:\/\/pubhtml5.com\/homepage\/scjhn\/","https:\/\/www.bitchute.com\/channel\/2O2eOKzNqujT","https:\/\/audiomack.com\/iwellguard"]},{"@type":"Person","@id":"https:\/\/iwell-guard.com\/sv\/#\/schema\/person\/ee2a27f1cac3406c7c6fb5820cb7349f","name":"Ralf Ittermann","image":{"@type":"ImageObject","inLanguage":"sv-SE","@id":"https:\/\/secure.gravatar.com\/avatar\/073c0153e350a5005b68eb752b445fea71f6b24a26da9449ad7e155e6b446c9d?s=96&d=mm&r=g","url":"https:\/\/secure.gravatar.com\/avatar\/073c0153e350a5005b68eb752b445fea71f6b24a26da9449ad7e155e6b446c9d?s=96&d=mm&r=g","contentUrl":"https:\/\/secure.gravatar.com\/avatar\/073c0153e350a5005b68eb752b445fea71f6b24a26da9449ad7e155e6b446c9d?s=96&d=mm&r=g","caption":"Ralf Ittermann"},"givenName":"Ralf","familyName":"Ittermann","jobTitle":"Gesch\u00e4ftsf\u00fchrer und redaktioneller Verantwortlicher","url":"https:\/\/iwell-guard.com\/sv\/author\/claude\/","description":"Ralf Ittermann ist Gesch\u00e4ftsf\u00fchrer der Ittermann electronic GmbH und redaktioneller Verantwortlicher des iWell-Guard-Lexikons. Er verbindet langj\u00e4hrige Erfahrung in der Pr\u00e4zisionsfertigung mit medialer Praxis und religionsgeschichtlicher Quellenarbeit.","worksFor":{"@type":"Organization","name":"Ittermann electronic GmbH","url":"https:\/\/ittermann.de\/","address":{"@type":"PostalAddress","streetAddress":"K\u00f6hlergasse 16-18","postalCode":"99842","addressLocality":"Ruhla","addressCountry":"DE"}},"knowsAbout":["Religionsgeschichte","Mythologie","Mediale Praxis","Energetische Diagnostik","Schutzpraxis","Volksglauben","Westliche Esoterik"]},{"@type":"Article","@id":"https:\/\/iwell-guard.com\/sv\/dagda\/#article","isPartOf":{"@id":"https:\/\/iwell-guard.com\/sv\/dagda\/"},"author":{"name":"Ralf Ittermann","@id":"https:\/\/iwell-guard.com\/sv\/#\/schema\/person\/ee2a27f1cac3406c7c6fb5820cb7349f"},"headline":"Dagda","datePublished":"2026-09-03T00:08:56+00:00","dateModified":"2026-09-03T01:08:37+00:00","mainEntityOfPage":{"@id":"https:\/\/iwell-guard.com\/sv\/dagda\/"},"publisher":{"@id":"https:\/\/iwell-guard.com\/sv\/#organization"},"image":{"@id":"https:\/\/iwell-guard.com\/sv\/dagda\/#primaryimage"},"thumbnailUrl":"https:\/\/iwell-guard.com\/wp-content\/uploads\/2026\/04\/goetter_keltisch_dagda.webp","inLanguage":"sv-SE","description":"Dagda, den gode guden i den irl\u00e4ndska traditionen: fader till Tuatha D\u00e9 Danann, herre \u00f6ver kitteln Coire Ansic och en harpa som styr \u00e5rstiderna."}]}},"_links":{"self":[{"href":"https:\/\/iwell-guard.com\/sv\/wp-json\/wp\/v2\/pages\/136663","targetHints":{"allow":["GET"]}}],"collection":[{"href":"https:\/\/iwell-guard.com\/sv\/wp-json\/wp\/v2\/pages"}],"about":[{"href":"https:\/\/iwell-guard.com\/sv\/wp-json\/wp\/v2\/types\/page"}],"author":[{"embeddable":true,"href":"https:\/\/iwell-guard.com\/sv\/wp-json\/wp\/v2\/users\/3"}],"replies":[{"embeddable":true,"href":"https:\/\/iwell-guard.com\/sv\/wp-json\/wp\/v2\/comments?post=136663"}],"version-history":[{"count":0,"href":"https:\/\/iwell-guard.com\/sv\/wp-json\/wp\/v2\/pages\/136663\/revisions"}],"wp:featuredmedia":[{"embeddable":true,"href":"https:\/\/iwell-guard.com\/sv\/wp-json\/wp\/v2\/media\/1750"}],"wp:attachment":[{"href":"https:\/\/iwell-guard.com\/sv\/wp-json\/wp\/v2\/media?parent=136663"}],"wp:term":[{"taxonomy":"category","embeddable":true,"href":"https:\/\/iwell-guard.com\/sv\/wp-json\/wp\/v2\/categories?post=136663"}],"curies":[{"name":"wp","href":"https:\/\/api.w.org\/{rel}","templated":true}]}}