{"id":136662,"date":"2026-09-03T00:08:55","date_gmt":"2026-09-03T00:08:55","guid":{"rendered":"https:\/\/iwell-guard.com\/?page_id=136662"},"modified":"2026-09-03T01:08:37","modified_gmt":"2026-09-03T01:08:37","slug":"mikail","status":"publish","type":"page","link":"https:\/\/iwell-guard.com\/sv\/mikail\/","title":{"rendered":"Mikail"},"content":{"rendered":"\t\t<div data-elementor-type=\"wp-page\" data-elementor-id=\"136662\" class=\"elementor elementor-136662 elementor-1980 elementor-bc-flex-widget\" data-elementor-post-type=\"page\">\n\t\t\t\t<div class=\"elementor-element elementor-element-10fdade e-flex e-con-boxed e-con e-parent\" data-id=\"10fdade\" data-element_type=\"container\" data-e-type=\"container\" data-settings=\"{&quot;background_background&quot;:&quot;classic&quot;}\">\n\t\t\t\t\t<div class=\"e-con-inner\">\n\t\t<div class=\"elementor-element elementor-element-herohlft0 e-flex e-con-boxed e-con e-child\" data-id=\"herohlft0\" data-element_type=\"container\" data-e-type=\"container\">\n\t\t\t\t\t<div class=\"e-con-inner\">\n\t\t<div class=\"elementor-element elementor-element-c3ceb64 e-con-full e-flex e-con e-child\" data-id=\"c3ceb64\" data-element_type=\"container\" data-e-type=\"container\">\n\t\t\t\t<div class=\"elementor-element elementor-element-96ae5e1 elementor-widget elementor-widget-heading\" data-id=\"96ae5e1\" data-element_type=\"widget\" data-e-type=\"widget\" data-widget_type=\"heading.default\">\n\t\t\t\t\t<h1 class=\"elementor-heading-title elementor-size-default\">Mikail, gud i den islamiska traditionen<\/h1>\t\t\t\t<\/div>\n\t\t\t\t<div class=\"elementor-element elementor-element-e45238a elementor-widget elementor-widget-text-editor\" data-id=\"e45238a\" data-element_type=\"widget\" data-e-type=\"widget\" data-widget_type=\"text-editor.default\">\n\t\t\t\t\t\t\t\t\t<p>Mikail \u00e4r \u00e4rke\u00e4ngelsgestalten i den islamiska traditionen, Guds s\u00e4ndebud och f\u00f6rs\u00f6rjare med f\u00f6da och <span class=\"iwg-fachbegriff\" data-tooltip=\"Till\u00f6nskan av v\u00e4lg\u00e5ng och skydd, ofta i fast spr\u00e5klig form.\" tabindex=\"0\">v\u00e4lsignelse<\/span>. Hans religionsvetenskapliga betydelse ligger i f\u00f6rkroppsligandet av gudomlig omsorg, i st\u00f6det till de troende mot demoniska motst\u00e5ndare och i den koranska uppenbarelsen som ett av Allahs m\u00e4ktigaste himmelska v\u00e4sen.<\/p>\t\t\t\t\t\t\t\t<\/div>\n\t\t\t\t<\/div>\n\t\t<div class=\"elementor-element elementor-element-klsbdg01 e-con-full e-flex e-con e-parent\" data-id=\"klsbdg01\" data-element_type=\"container\" data-e-type=\"container\">\n\t\t\t\t<div class=\"elementor-element elementor-element-klshtm01 elementor-widget elementor-widget-html\" data-id=\"klshtm01\" data-element_type=\"widget\" data-e-type=\"widget\" data-widget_type=\"html.default\">\n\t\t\t\t\t<div class=\"iwg-pill-row\"><span class=\"iwg-klasse-badge\" tabindex=\"0\" data-tooltip=\"Ljusvarelse: Upplysta, skyddande eller l\u00e4rande v\u00e4sen, \u00e4rke\u00e4nglar, uppstigna m\u00e4stare, ljusa naturv\u00e4sen. Beskrivs i nutida och \u00e4ldre spirituella traditioner som hj\u00e4lpare och l\u00e4rare.\">Ljusvarelse<\/span><a href=\"https:\/\/iwell-guard.com\/sv\/islam\/\" class=\"iwg-kultur-badge\" tabindex=\"0\" data-tooltip=\"Den islamiska trosv\u00e4rlden med \u00e4rke\u00e4nglar, djinner och religi\u00f6sa v\u00e4sen.\">Islam<\/a><span class=\"iwg-tradition-badge\" tabindex=\"0\" data-tooltip=\"\u00c4rke\u00e4ngel, den h\u00f6gsta \u00e4ngelklassen i judisk, kristen och islamisk tradition.\">\u00c4rke\u00e4ngel<\/span><\/div>\t\t\t\t<\/div>\n\t\t\t\t<\/div>\n\t\t<div class=\"elementor-element elementor-element-3f74855 e-con-full e-flex e-con e-child\" data-id=\"3f74855\" data-element_type=\"container\" data-e-type=\"container\">\n\t\t\t\t<div class=\"elementor-element elementor-element-1c30362 elementor-toc--minimized-on-tablet elementor-widget elementor-widget-table-of-contents\" data-id=\"1c30362\" data-element_type=\"widget\" data-e-type=\"widget\" data-settings=\"{&quot;exclude_headings_by_selector&quot;:[],&quot;no_headings_message&quot;:&quot;Inga rubriker hittades p\\u00e5 den h\\u00e4r sidan.&quot;,&quot;headings_by_tags&quot;:[&quot;h2&quot;,&quot;h3&quot;],&quot;marker_view&quot;:&quot;bullets&quot;,&quot;minimize_box&quot;:&quot;yes&quot;,&quot;icon&quot;:{&quot;value&quot;:&quot;fas fa-circle&quot;,&quot;library&quot;:&quot;fa-solid&quot;,&quot;rendered_tag&quot;:&quot;&lt;svg class=\\&quot;e-font-icon-svg e-fas-circle\\&quot; viewBox=\\&quot;0 0 512 512\\&quot; xmlns=\\&quot;http:\\\/\\\/www.w3.org\\\/2000\\\/svg\\&quot;&gt;&lt;path d=\\&quot;M256 8C119 8 8 119 8 256s111 248 248 248 248-111 248-248S393 8 256 8z\\&quot;&gt;&lt;\\\/path&gt;&lt;\\\/svg&gt;&quot;},&quot;minimized_on&quot;:&quot;tablet&quot;,&quot;hierarchical_view&quot;:&quot;yes&quot;,&quot;min_height&quot;:{&quot;unit&quot;:&quot;px&quot;,&quot;size&quot;:&quot;&quot;,&quot;sizes&quot;:[]},&quot;min_height_tablet&quot;:{&quot;unit&quot;:&quot;px&quot;,&quot;size&quot;:&quot;&quot;,&quot;sizes&quot;:[]},&quot;min_height_mobile&quot;:{&quot;unit&quot;:&quot;px&quot;,&quot;size&quot;:&quot;&quot;,&quot;sizes&quot;:[]}}\" data-widget_type=\"table-of-contents.default\">\n\t\t\t\t\t\t\t\t\t<div class=\"elementor-toc__header\">\n\t\t\t\t\t\t<h2 class=\"elementor-toc__header-title\">\n\t\t\t\tInneh\u00e5llsf\u00f6rteckning\t\t\t<\/h2>\n\t\t\t\t\t\t\t\t\t\t<div class=\"elementor-toc__toggle-button elementor-toc__toggle-button--expand\" role=\"button\" tabindex=\"0\" aria-controls=\"elementor-toc__1c30362\" aria-expanded=\"true\" aria-label=\"\u00d6ppna inneh\u00e5llsf\u00f6rteckning\"><svg aria-hidden=\"true\" class=\"e-font-icon-svg e-fas-chevron-down\" viewBox=\"0 0 448 512\" xmlns=\"http:\/\/www.w3.org\/2000\/svg\"><path d=\"M207.029 381.476L12.686 187.132c-9.373-9.373-9.373-24.569 0-33.941l22.667-22.667c9.357-9.357 24.522-9.375 33.901-.04L224 284.505l154.745-154.021c9.379-9.335 24.544-9.317 33.901.04l22.667 22.667c9.373 9.373 9.373 24.569 0 33.941L240.971 381.476c-9.373 9.372-24.569 9.372-33.942 0z\"><\/path><\/svg><\/div>\n\t\t\t\t<div class=\"elementor-toc__toggle-button elementor-toc__toggle-button--collapse\" role=\"button\" tabindex=\"0\" aria-controls=\"elementor-toc__1c30362\" aria-expanded=\"true\" aria-label=\"St\u00e4ng inneh\u00e5llsf\u00f6rteckning\"><svg aria-hidden=\"true\" class=\"e-font-icon-svg e-fas-chevron-up\" viewBox=\"0 0 448 512\" xmlns=\"http:\/\/www.w3.org\/2000\/svg\"><path d=\"M240.971 130.524l194.343 194.343c9.373 9.373 9.373 24.569 0 33.941l-22.667 22.667c-9.357 9.357-24.522 9.375-33.901.04L224 227.495 69.255 381.516c-9.379 9.335-24.544 9.317-33.901-.04l-22.667-22.667c-9.373-9.373-9.373-24.569 0-33.941L207.03 130.525c9.372-9.373 24.568-9.373 33.941-.001z\"><\/path><\/svg><\/div>\n\t\t\t\t\t<\/div>\n\t\t\t\t<div id=\"elementor-toc__1c30362\" class=\"elementor-toc__body\">\n\t\t\t<div class=\"elementor-toc__spinner-container\">\n\t\t\t\t<svg class=\"elementor-toc__spinner eicon-animation-spin e-font-icon-svg e-eicon-loading\" aria-hidden=\"true\" viewBox=\"0 0 1000 1000\" xmlns=\"http:\/\/www.w3.org\/2000\/svg\"><path d=\"M500 975V858C696 858 858 696 858 500S696 142 500 142 142 304 142 500H25C25 237 238 25 500 25S975 237 975 500 763 975 500 975Z\"><\/path><\/svg>\t\t\t<\/div>\n\t\t<\/div>\n\t\t\t\t\t\t<\/div>\n\t\t\t\t<\/div>\n\t\t\t\t\t<\/div>\n\t\t\t\t<\/div>\n\t\t<div class=\"elementor-element elementor-element-herorght0 e-con-full e-flex e-con e-child\" data-id=\"herorght0\" data-element_type=\"container\" data-e-type=\"container\">\n\t\t\t\t<div class=\"elementor-element elementor-element-heroimg00 iwg-hero-image elementor-widget elementor-widget-image\" data-id=\"heroimg00\" data-element_type=\"widget\" data-e-type=\"widget\" data-widget_type=\"image.default\">\n\t\t\t\t\t\t\t\t\t\t\t\t\t\t\t<img fetchpriority=\"high\" decoding=\"async\" width=\"683\" height=\"1024\" src=\"https:\/\/iwell-guard.com\/wp-content\/uploads\/2026\/04\/goetter_islam_mikail-683x1024.webp\" class=\"attachment-large size-large wp-image-136242\" alt=\"Mikail \u2013 gudar fr\u00e5n den islamiska traditionen, historiskt-illustrativt\" srcset=\"https:\/\/iwell-guard.com\/wp-content\/uploads\/2026\/04\/goetter_islam_mikail-683x1024.webp 683w, https:\/\/iwell-guard.com\/wp-content\/uploads\/2026\/04\/goetter_islam_mikail-200x300.webp 200w, https:\/\/iwell-guard.com\/wp-content\/uploads\/2026\/04\/goetter_islam_mikail-768x1152.webp 768w, https:\/\/iwell-guard.com\/wp-content\/uploads\/2026\/04\/goetter_islam_mikail.webp 1024w\" sizes=\"(max-width: 683px) 100vw, 683px\" \/>\t\t\t\t\t\t\t\t\t\t\t\t\t\t\t<\/div>\n\t\t\t\t<\/div>\n\t\t\t\t\t<\/div>\n\t\t\t\t<\/div>\n\t\t<div class=\"elementor-element elementor-element-32917199 e-flex e-con-boxed e-con e-parent\" data-id=\"32917199\" data-element_type=\"container\" data-e-type=\"container\">\n\t\t\t\t\t<div class=\"e-con-inner\">\n\t\t<div class=\"elementor-element elementor-element-26e916cb e-flex e-con-boxed e-con e-child\" data-id=\"26e916cb\" data-element_type=\"container\" data-e-type=\"container\">\n\t\t\t\t\t<div class=\"e-con-inner\">\n\t\t<div class=\"elementor-element elementor-element-253a40d4 e-flex e-con-boxed e-con e-child\" data-id=\"253a40d4\" data-element_type=\"container\" data-e-type=\"container\">\n\t\t\t\t\t<div class=\"e-con-inner\">\n\t\t\t\t<div class=\"elementor-element elementor-element-1200c304 elementor-widget elementor-widget-heading\" data-id=\"1200c304\" data-element_type=\"widget\" data-e-type=\"widget\" data-widget_type=\"heading.default\">\n\t\t\t\t\t<h2 class=\"elementor-heading-title elementor-size-default\">Mikail<\/h2>\t\t\t\t<\/div>\n\t\t\t\t<div class=\"elementor-element elementor-element-11758e7f elementor-widget elementor-widget-text-editor\" data-id=\"11758e7f\" data-element_type=\"widget\" data-e-type=\"widget\" data-widget_type=\"text-editor.default\">\n\t\t\t\t\t\t\t\t\t<p>Mikail (\u00e4ven Mikha&#8217;il) fungerar som providens-<span class=\"iwg-fachbegriff\" data-tooltip=\"I de abrahamitiska religionerna ett himmelskt s\u00e4ndebud fr\u00e5n Gud.\" tabindex=\"0\">\u00e4ngel<\/span> och krigare mot shaytanerna. Hans egenskaper omfattar medk\u00e4nsla, kraft och omedelbar n\u00e4rhet till Allahs tron. Centrala myter \u00e4r: f\u00f6rs\u00f6rjningen av Israel med manna (hadith-traditioner), Mika\u00efls kamp mot Iblis (koransk exeges), deltagandet i sj\u00e4larnas v\u00e4gning (Yawm ad-Din) och mystiska traditioner inom sufi-litteraturen.<\/p>\t\t\t\t\t\t\t\t<\/div>\n\t\t\t\t\t<\/div>\n\t\t\t\t<\/div>\n\t\t<div class=\"elementor-element elementor-element-159dcf9a e-flex e-con-boxed e-con e-child\" data-id=\"159dcf9a\" data-element_type=\"container\" data-e-type=\"container\">\n\t\t\t\t\t<div class=\"e-con-inner\">\n\t\t\t\t<div class=\"elementor-element elementor-element-48cee66f elementor-widget elementor-widget-heading\" data-id=\"48cee66f\" data-element_type=\"widget\" data-e-type=\"widget\" data-widget_type=\"heading.default\">\n\t\t\t\t\t<div class=\"elementor-heading-title elementor-size-default\">Kortprofil: Mikail<\/div>\t\t\t\t<\/div>\n\t\t\t\t<div class=\"elementor-element elementor-element-3f50d82c elementor-widget elementor-widget-text-editor\" data-id=\"3f50d82c\" data-element_type=\"widget\" data-e-type=\"widget\" data-widget_type=\"text-editor.default\">\n\t\t\t\t\t\t\t\t\t<p>Mikail f\u00f6rekommer i koranverser (Koranen 2:98, 3:39) och behandlas utf\u00f6rligt i hadith-samlingar (Bukhari, Muslim, Tirmidhi). Tilldelningen till denna tidsram sker under den tidiga islamiska perioden (600-talet). Den j\u00e4mf\u00f6rande forskningen (Annemarie Schimmel, Patrick Hughes, Stefan Wild, Schmoldt) dokumenterar Mika\u00efls roll som central inom islamisk angelologi och sufism.<\/p>\t\t\t\t\t\t\t\t<\/div>\n\t\t\t\t\t<\/div>\n\t\t\t\t<\/div>\n\t\t\t\t\t<\/div>\n\t\t\t\t<\/div>\n\t\t\t\t\t<\/div>\n\t\t\t\t<\/div>\n\t\t<div class=\"elementor-element elementor-element-18613602 e-flex e-con-boxed e-con e-parent\" data-id=\"18613602\" data-element_type=\"container\" data-e-type=\"container\">\n\t\t\t\t\t<div class=\"e-con-inner\">\n\t\t\t\t<div class=\"elementor-element elementor-element-262b8a9f elementor-widget elementor-widget-heading\" data-id=\"262b8a9f\" data-element_type=\"widget\" data-e-type=\"widget\" data-widget_type=\"heading.default\">\n\t\t\t\t\t<h2 class=\"elementor-heading-title elementor-size-default\">Historisk inordning<\/h2>\t\t\t\t<\/div>\n\t\t<div class=\"elementor-element elementor-element-46dcb7d e-con-full e-flex e-con e-child\" data-id=\"46dcb7d\" data-element_type=\"container\" data-e-type=\"container\">\n\t\t<div class=\"elementor-element elementor-element-61d3ab3 e-flex e-con-boxed e-con e-child\" data-id=\"61d3ab3\" data-element_type=\"container\" data-e-type=\"container\">\n\t\t\t\t\t<div class=\"e-con-inner\">\n\t\t\t\t<div class=\"elementor-element elementor-element-117c166 elementor-widget elementor-widget-heading\" data-id=\"117c166\" data-element_type=\"widget\" data-e-type=\"widget\" data-widget_type=\"heading.default\">\n\t\t\t\t\t<div class=\"elementor-heading-title elementor-size-default\">Texternas tidsperiod<\/div>\t\t\t\t<\/div>\n\t\t\t\t<div class=\"elementor-element elementor-element-73997a0 elementor-widget elementor-widget-text-editor\" data-id=\"73997a0\" data-element_type=\"widget\" data-e-type=\"widget\" data-widget_type=\"text-editor.default\">\n\t\t\t\t\t\t\t\t\t<p>L\u00e4ran om Mikail har h\u00e5llit sig i stort sett of\u00f6r\u00e4ndrad sedan Koranens uppenbarelsetid p\u00e5 600-talet, eftersom n\u00e4mnandet av honom i sura 2:98 satte gr\u00e4nser f\u00f6r alla senare omtolkningar. \u00c4nnu i dag h\u00f6r tron p\u00e5 \u00e4nglarna, och d\u00e4rmed \u00e4ven p\u00e5 Mikail, till islams trosgrunder; hans koppling till regn och f\u00f6rs\u00f6rjning f\u00f6rmedlas of\u00f6r\u00e4ndrat i koranexegetik och predikan.<\/p>\t\t\t\t\t\t\t\t<\/div>\n\t\t\t\t\t<\/div>\n\t\t\t\t<\/div>\n\t\t<div class=\"elementor-element elementor-element-d47b156 e-flex e-con-boxed e-con e-child\" data-id=\"d47b156\" data-element_type=\"container\" data-e-type=\"container\">\n\t\t\t\t\t<div class=\"e-con-inner\">\n\t\t\t\t<div class=\"elementor-element elementor-element-ff38c2b elementor-widget elementor-widget-heading\" data-id=\"ff38c2b\" data-element_type=\"widget\" data-e-type=\"widget\" data-widget_type=\"heading.default\">\n\t\t\t\t\t<div class=\"elementor-heading-title elementor-size-default\">Utbredningsomr\u00e5de<\/div>\t\t\t\t<\/div>\n\t\t\t\t<div class=\"elementor-element elementor-element-4e49fcc elementor-widget elementor-widget-text-editor\" data-id=\"4e49fcc\" data-element_type=\"widget\" data-e-type=\"widget\" data-widget_type=\"text-editor.default\">\n\t\t\t\t\t\t\t\t\t<p>Mikail var inte begr\u00e4nsad till n\u00e5gon best\u00e4md region eller plats, utan var k\u00e4nd och v\u00f6rdad, eller respektfullt fruktad, i hela den islamiska v\u00e4rlden. Oavsett om det handlade om stora urbana centra eller perifera lantliga omr\u00e5den, om samh\u00e4llets elit eller vanligt folk, var denna varelses andliga och kulturella betydelse genomg\u00e5ende erk\u00e4nd och universell.<\/p><p>Kunskapen om Mikail spreds tillsammans med islam sj\u00e4lvt, fr\u00e5n Arabien till V\u00e4stafrika, Syd\u00f6steuropa och Sydostasien. Eftersom n\u00e4mnandet av honom i sura 2:98 \u00e4r en del av korantexten, som l\u00e4ses i samma ordalydelse \u00f6verallt, f\u00f6rblev l\u00e4ran om honom enhetlig i alla regioner; regionala s\u00e4rformer, som annars \u00e4r vanliga f\u00f6r folkliga gestalter, kunde knappast utvecklas kring denna \u00e4ngel.<\/p>\t\t\t\t\t\t\t\t<\/div>\n\t\t\t\t\t<\/div>\n\t\t\t\t<\/div>\n\t\t\t\t<\/div>\n\t\t<div class=\"elementor-element elementor-element-db03c39 e-con-full e-flex e-con e-child\" data-id=\"db03c39\" data-element_type=\"container\" data-e-type=\"container\">\n\t\t<div class=\"elementor-element elementor-element-229a87b e-flex e-con-boxed e-con e-child\" data-id=\"229a87b\" data-element_type=\"container\" data-e-type=\"container\">\n\t\t\t\t\t<div class=\"e-con-inner\">\n\t\t\t\t<div class=\"elementor-element elementor-element-1f471fc elementor-widget elementor-widget-heading\" data-id=\"1f471fc\" data-element_type=\"widget\" data-e-type=\"widget\" data-widget_type=\"heading.default\">\n\t\t\t\t\t<div class=\"elementor-heading-title elementor-size-default\">K\u00e4ll\u00e4ge<\/div>\t\t\t\t<\/div>\n\t\t\t\t<div class=\"elementor-element elementor-element-36b1201 elementor-widget elementor-widget-text-editor\" data-id=\"36b1201\" data-element_type=\"widget\" data-e-type=\"widget\" data-widget_type=\"text-editor.default\">\n\t\t\t\t\t\t\t\t\t<p>Prim\u00e4rk\u00e4llor \u00e4r Koranen (2:98 Den som \u00e4r fiende till <span class=\"iwg-fachbegriff\" data-tooltip=\"I de abrahamitiska religionerna ett himmelskt s\u00e4ndebud fr\u00e5n Gud.\" tabindex=\"0\">\u00e4ngeln<\/span> Gabriel och Mikail, 3:39, sura 2:97, 98, arabiska, 600-talet), hadith-samlingar (Sahih al-Bukhari 3:229, Sahih Muslim, Jami&#8217;at-Tirmidhi, arabiska), och tafsir-litteratur (Tabari, Ibn Kathir, 800-talet\/1300-talet).<\/p><p><span data-nosnippet>I andra hand analyserade Schimmel (The Mystical Dimensions of Islam, 1975), Hughes (Dictionary of Islam, 1885), Wild (Islamic Angelology, 2002) och McLeod (Judeo-Islamic Angelology) Mika\u00efls utveckling som islams centrala \u00e4rke\u00e4ngel.<\/span><\/p>\t\t\t\t\t\t\t\t<\/div>\n\t\t\t\t\t<\/div>\n\t\t\t\t<\/div>\n\t\t\t\t<\/div>\n\t\t\t\t\t<\/div>\n\t\t\t\t<\/div>\n\t\t<div class=\"elementor-element elementor-element-3ae0637c e-flex e-con-boxed e-con e-parent\" data-id=\"3ae0637c\" data-element_type=\"container\" data-e-type=\"container\">\n\t\t\t\t\t<div class=\"e-con-inner\">\n\t\t\t\t<div class=\"elementor-element elementor-element-31d07739 elementor-widget elementor-widget-heading\" data-id=\"31d07739\" data-element_type=\"widget\" data-e-type=\"widget\" data-widget_type=\"heading.default\">\n\t\t\t\t\t<h2 class=\"elementor-heading-title elementor-size-default\">Namn och varianter<\/h2>\t\t\t\t<\/div>\n\t\t<div class=\"elementor-element elementor-element-b7642947 e-con-full e-flex e-con e-child\" data-id=\"b7642947\" data-element_type=\"container\" data-e-type=\"container\">\n\t\t\t\t<div class=\"elementor-element elementor-element-a086266 elementor-widget elementor-widget-text-editor\" data-id=\"a086266\" data-element_type=\"widget\" data-e-type=\"widget\" data-widget_type=\"text-editor.default\">\n\t\t\t\t\t\t\t\t\t<p>Mikail avbildas i olika k\u00e4llor och konstn\u00e4rliga traditioner med vissa \u00e5terkommande ikonografiska element, som f\u00f6rblir relativt konstanta \u00f6ver decennier och olika geografiska omr\u00e5den. Dessa element \u00e4r inte rent dekorativa eller slumpm\u00e4ssigt valda, utan \u00e4r djupt symboliskt kodade och b\u00e4r stor betydelse.<\/p><p>Till skillnad fr\u00e5n \u00e4nglar i bildrika traditioner beskrivs Mikail inom islam inte genom f\u00e4rger, vapen eller attribut, eftersom den islamiska l\u00e4ran avst\u00e5r fr\u00e5n bildlig framst\u00e4llning. Hans k\u00e4nnetecken \u00e4r ist\u00e4llet hans uppgifter: traditionen tillskriver honom f\u00f6rdelningen av regn, v\u00e4xternas tillv\u00e4xt och f\u00f6rs\u00f6rjningen av varelserna. Den som k\u00e4nner k\u00e4llorna k\u00e4nner igen honom just genom detta ansvarsomr\u00e5de; det namngivna omn\u00e4mnandet i sura 2:98 s\u00e4krar hans rang bland de stora \u00e4nglarna, vid sidan av Djibril.<\/p>\t\t\t\t\t\t\t\t<\/div>\n\t\t\t\t<\/div>\n\t\t\t\t\t<\/div>\n\t\t\t\t<\/div>\n\t\t<div class=\"elementor-element elementor-element-709a44a8 e-flex e-con-boxed e-con e-parent\" data-id=\"709a44a8\" data-element_type=\"container\" data-e-type=\"container\">\n\t\t\t\t\t<div class=\"e-con-inner\">\n\t\t\t\t<div class=\"elementor-element elementor-element-2f585873 elementor-widget elementor-widget-heading\" data-id=\"2f585873\" data-element_type=\"widget\" data-e-type=\"widget\" data-widget_type=\"heading.default\">\n\t\t\t\t\t<h2 class=\"elementor-heading-title elementor-size-default\">K\u00e4nnetecken<\/h2>\t\t\t\t<\/div>\n\t\t<div class=\"elementor-element elementor-element-70621c12 e-con-full e-flex e-con e-child\" data-id=\"70621c12\" data-element_type=\"container\" data-e-type=\"container\">\n\t\t\t\t<div class=\"elementor-element elementor-element-4296eb49 elementor-widget elementor-widget-text-editor\" data-id=\"4296eb49\" data-element_type=\"widget\" data-e-type=\"widget\" data-widget_type=\"text-editor.default\">\n\t\t\t\t\t\t\t\t\t<p>Mikail var central i den religi\u00f6sa praktiken, i vardagens ritualer och i den allm\u00e4nna f\u00f6rst\u00e5elsen inom islam. M\u00e4nniskor v\u00e4nde sig till denna varelse i kritiska eller s\u00e4rskilda livssituationer eller vid vissa rituella \u00e5rstider, med strukturerade, ofta omfattande ritualer, b\u00f6ner eller offerg\u00e5vor.<\/p><p>Umg\u00e4nget med Mikail regleras inom islam av uppenbarelsetexterna sj\u00e4lva: \u00e4rke\u00e4ngeln n\u00e4mns vid namn i sura 2:98, och ytterligare uppgifter om hans uppgifter finns i hadith-litteraturen. L\u00e4rda inom koranexegetik och traditionsvetenskap pr\u00f6vade och ordnade dessa ber\u00e4ttelser enligt fasta metoder; en fri, egenm\u00e4ktig \u00e4ngelsl\u00e4ra var d\u00e4rmed uteslutet.<\/p><p>Intresset f\u00f6r Mikail levde vidare genom islams historia, eftersom hans ansvarsomr\u00e5de direkt p\u00e5verkade vardagen: regn, sk\u00f6rd och uppeh\u00e4lle. Traditionen beskriver honom som \u00e4ngeln som p\u00e5 Guds uppdrag f\u00f6rdelar f\u00f6rs\u00f6rjningen; tron p\u00e5 honom h\u00f6r dessutom till islams trosartiklar, eftersom Koranen uttryckligen inkluderar \u00e4nglarna i trosbek\u00e4nnelsen. Hans funktion \u00e4r d\u00e4rmed mindre avv\u00e4rjande \u00e4n f\u00f6rs\u00f6rjande och bevarande.<\/p>\t\t\t\t\t\t\t\t<\/div>\n\t\t\t\t<\/div>\n\t\t\t\t\t<\/div>\n\t\t\t\t<\/div>\n\t\t<div class=\"elementor-element elementor-element-44e71476 e-flex e-con-boxed e-con e-parent\" data-id=\"44e71476\" data-element_type=\"container\" data-e-type=\"container\">\n\t\t\t\t\t<div class=\"e-con-inner\">\n\t\t\t\t<div class=\"elementor-element elementor-element-3c1fc3f0 elementor-widget elementor-widget-heading\" data-id=\"3c1fc3f0\" data-element_type=\"widget\" data-e-type=\"widget\" data-widget_type=\"heading.default\">\n\t\t\t\t\t<h2 class=\"elementor-heading-title elementor-size-default\">Profil: Mikail<\/h2>\t\t\t\t<\/div>\n\t\t<div class=\"elementor-element elementor-element-84f33b8e e-con-full e-flex e-con e-child\" data-id=\"84f33b8e\" data-element_type=\"container\" data-e-type=\"container\">\n\t\t\t\t<div class=\"elementor-element elementor-element-hqkdc67p elementor-widget elementor-widget-text-editor\" data-id=\"hqkdc67p\" data-element_type=\"widget\" data-e-type=\"widget\" data-widget_type=\"text-editor.default\">\n\t\t\t\t\t\t\t\t\t<p>Profilen beskriver Mikail utifr\u00e5n sex dimensioner: hans ursprung i koranska och hadith-baserade traditioner, hans m\u00e5lgrupp bland troende muslimer och sufier, ikonografiska vatten- och ljusdrag, hans funktionella roll som f\u00f6rs\u00f6rjare och beskyddare, j\u00e4mf\u00f6relser med kristna och judiska \u00e4rke\u00e4nglar, samt hans mystiska roll i sufisk kontemplation.<\/p>\t\t\t\t\t\t\t\t<\/div>\n\t\t\t\t<\/div>\n\t\t<div class=\"elementor-element elementor-element-pemmx7c5 e-con-full e-flex e-con e-child\" data-id=\"pemmx7c5\" data-element_type=\"container\" data-e-type=\"container\">\n\t\t<div class=\"elementor-element elementor-element-pemmx7c1 e-con-full e-flex e-con e-child\" data-id=\"pemmx7c1\" data-element_type=\"container\" data-e-type=\"container\">\n\t\t<div class=\"elementor-element elementor-element-qh9oavvu iwg-steckbrief-card e-flex e-con-boxed e-con e-child\" data-id=\"qh9oavvu\" data-element_type=\"container\" data-e-type=\"container\">\n\t\t\t\t\t<div class=\"e-con-inner\">\n\t\t\t\t<div class=\"elementor-element elementor-element-awzx8k2k elementor-widget elementor-widget-heading\" data-id=\"awzx8k2k\" data-element_type=\"widget\" data-e-type=\"widget\" data-widget_type=\"heading.default\">\n\t\t\t\t\t<div class=\"elementor-heading-title elementor-size-default\">Ursprung<\/div>\t\t\t\t<\/div>\n\t\t\t\t<div class=\"elementor-element elementor-element-x6rowhv0 elementor-widget elementor-widget-text-editor\" data-id=\"x6rowhv0\" data-element_type=\"widget\" data-e-type=\"widget\" data-widget_type=\"text-editor.default\">\n\t\t\t\t\t\t\t\t\t<p>Mikail n\u00e4mns i den koraniska uppenbarelsen fr\u00e5n 700-talet i Arabien, med r\u00f6tter i judisk-kristna \u00e4rke\u00e4ngla-traditioner. Det geografiska ursprunget ligger p\u00e5 den arabiska halv\u00f6n och i Mellan\u00f6stern. Dateringen av det f\u00f6rsta omn\u00e4mnandet \u00e4r sura 2:98 (Medina-perioden, 623\u2013632 CE). Den teologiska inramningen som huvud-\u00e4rke\u00e4ngel vid sidan av Gabriel och Mikael skedde i tidiga hadith-kommentarer.<\/p>\t\t\t\t\t\t\t\t<\/div>\n\t\t\t\t\t<\/div>\n\t\t\t\t<\/div>\n\t\t<div class=\"elementor-element elementor-element-8e3o4kxs iwg-steckbrief-card e-flex e-con-boxed e-con e-child\" data-id=\"8e3o4kxs\" data-element_type=\"container\" data-e-type=\"container\">\n\t\t\t\t\t<div class=\"e-con-inner\">\n\t\t\t\t<div class=\"elementor-element elementor-element-08rkdgov elementor-widget elementor-widget-heading\" data-id=\"08rkdgov\" data-element_type=\"widget\" data-e-type=\"widget\" data-widget_type=\"heading.default\">\n\t\t\t\t\t<div class=\"elementor-heading-title elementor-size-default\">M\u00e5ltavlor<\/div>\t\t\t\t<\/div>\n\t\t\t\t<div class=\"elementor-element elementor-element-uwjelx8s elementor-widget elementor-widget-text-editor\" data-id=\"uwjelx8s\" data-element_type=\"widget\" data-e-type=\"widget\" data-widget_type=\"text-editor.default\">\n\t\t\t\t\t\t\t\t\t<p>Mikail v\u00e4nde sig i f\u00f6rsta hand till troende muslimer ur alla samh\u00e4llsskikt. M\u00e5lgruppen \u00e4r fromma, mystiker (sufier), sjuka (hopp om l\u00e4kning), resande (skydd) och de som s\u00f6ker beskydd (mot ondska). Anledningarna \u00e4r dagliga b\u00f6ner (salah), krissituationer, fastem\u00e5naden ramadan och mystiska nattb\u00f6ner (tahajjud). <span class=\"iwg-fachbegriff\" data-tooltip=\"Ett b\u00f6nfallande eller besv\u00e4rjande tilltal till en gudom eller makt.\" tabindex=\"0\">\u00c5kallandet<\/span> sker i <span class=\"iwg-fachbegriff\" data-tooltip=\"En kort, personlig eller gemensam religi\u00f6s andaktsstund.\" tabindex=\"0\">andakt<\/span> och b\u00f6nerop (dua) med Guds <span class=\"iwg-fachbegriff\" data-tooltip=\"Tilltal om helighet och skydd, ofta i fast spr\u00e5klig form.\" tabindex=\"0\">v\u00e4lsignelse<\/span> (barakah).<\/p>\t\t\t\t\t\t\t\t<\/div>\n\t\t\t\t\t<\/div>\n\t\t\t\t<\/div>\n\t\t<div class=\"elementor-element elementor-element-jm2n74ec iwg-steckbrief-card e-flex e-con-boxed e-con e-child\" data-id=\"jm2n74ec\" data-element_type=\"container\" data-e-type=\"container\">\n\t\t\t\t\t<div class=\"e-con-inner\">\n\t\t\t\t<div class=\"elementor-element elementor-element-8vufse4c elementor-widget elementor-widget-heading\" data-id=\"8vufse4c\" data-element_type=\"widget\" data-e-type=\"widget\" data-widget_type=\"heading.default\">\n\t\t\t\t\t<div class=\"elementor-heading-title elementor-size-default\">Utseende<\/div>\t\t\t\t<\/div>\n\t\t\t\t<div class=\"elementor-element elementor-element-mwb9u015 elementor-widget elementor-widget-text-editor\" data-id=\"mwb9u015\" data-element_type=\"widget\" data-e-type=\"widget\" data-widget_type=\"text-editor.default\">\n\t\t\t\t\t\t\t\t\t<p>Mikail ikonografiskt: en manlig gestalt med stora vingar i gr\u00f6nt och guld, lysande som vatten (arabiska: Bi-Suwar al-Nur). Attributen \u00e4r sv\u00e4rd (kamp mot shayatin), vattensk\u00e5l (<span class=\"iwg-fachbegriff\" data-tooltip=\"Tilltal om helighet och skydd, ofta i fast spr\u00e5klig form.\" tabindex=\"0\">v\u00e4lsignelse<\/span>, fruktbarhet), ibland en v\u00e5g (sj\u00e4lars v\u00e4gning, Yawm ad-Din). I sufisk miniatyrm\u00e5leri: gr\u00f6n mantel (fruktbarhet), gloria. Den ikonografiska kopplingen till vatten skiljer Mikail fr\u00e5n kristna \u00e4rke\u00e4nglar.<\/p>\t\t\t\t\t\t\t\t<\/div>\n\t\t\t\t\t<\/div>\n\t\t\t\t<\/div>\n\t\t\t\t<\/div>\n\t\t<div class=\"elementor-element elementor-element-pemmx7c2 e-con-full e-flex e-con e-child\" data-id=\"pemmx7c2\" data-element_type=\"container\" data-e-type=\"container\">\n\t\t<div class=\"elementor-element elementor-element-37ss2yr6 iwg-steckbrief-card e-flex e-con-boxed e-con e-child\" data-id=\"37ss2yr6\" data-element_type=\"container\" data-e-type=\"container\">\n\t\t\t\t\t<div class=\"e-con-inner\">\n\t\t\t\t<div class=\"elementor-element elementor-element-3v0wp3wx elementor-widget elementor-widget-heading\" data-id=\"3v0wp3wx\" data-element_type=\"widget\" data-e-type=\"widget\" data-widget_type=\"heading.default\">\n\t\t\t\t\t<div class=\"elementor-heading-title elementor-size-default\">Verkningsomr\u00e5de<\/div>\t\t\t\t<\/div>\n\t\t\t\t<div class=\"elementor-element elementor-element-w3247g2m elementor-widget elementor-widget-text-editor\" data-id=\"w3247g2m\" data-element_type=\"widget\" data-e-type=\"widget\" data-widget_type=\"text-editor.default\">\n\t\t\t\t\t\t\t\t\t<strong>Verkningsomr\u00e5de:<\/strong> M\u012bk\u0101\u02be\u012bl (Mikael) \u00e4r inom islam n\u00e5dens och v\u00e4lsignelsens \u00e4rke\u00e4ngel, v\u00e4ktare \u00f6ver regn, vind och naturkrafter samt f\u00f6rvaltare av jordisk f\u00f6rs\u00f6rjning (rizq). Han n\u00e4mns i Koranen tillsammans med Gabriel och framst\u00e4lls i den islamiska <span class=\"iwg-fachbegriff\" data-tooltip=\"F\u00f6rest\u00e4llning om v\u00e4rldens uppbyggnad och ordning inom en kultur.\" tabindex=\"0\">kosmologin<\/span> som en av de fyra m\u00e4ktigaste <span class=\"iwg-fachbegriff\" data-tooltip=\"I de abrahamitiska religionerna ett himmelskt s\u00e4ndebud fr\u00e5n Gud.\" tabindex=\"0\">\u00e4nglarna<\/span> (Malak-al-Uzzal). Hans makt str\u00e4cker sig \u00f6ver m\u00e4nsklighetens materiella f\u00f6rs\u00f6rjning, \u00f6ver l\u00e4kning och skydd mot onda inflytanden. Hans verkan visar sig i \u00f6verfl\u00f6d, tillfrisknande och andligt skydd. I den sufiska f\u00f6rst\u00e5elsen \u00e4r han f\u00f6rmedlaren mellan gudomlig n\u00e5d och jordiskt behov.\n\t\t\t\t\t\t\t\t<\/div>\n\t\t\t\t\t<\/div>\n\t\t\t\t<\/div>\n\t\t<div class=\"elementor-element elementor-element-0qpjal9w iwg-steckbrief-card e-flex e-con-boxed e-con e-child\" data-id=\"0qpjal9w\" data-element_type=\"container\" data-e-type=\"container\">\n\t\t\t\t\t<div class=\"e-con-inner\">\n\t\t\t\t<div class=\"elementor-element elementor-element-6ndoih0o elementor-widget elementor-widget-heading\" data-id=\"6ndoih0o\" data-element_type=\"widget\" data-e-type=\"widget\" data-widget_type=\"heading.default\">\n\t\t\t\t\t<div class=\"elementor-heading-title elementor-size-default\">Avv\u00e4rjningsformer<\/div>\t\t\t\t<\/div>\n\t\t\t\t<div class=\"elementor-element elementor-element-6684tyh9 elementor-widget elementor-widget-text-editor\" data-id=\"6684tyh9\" data-element_type=\"widget\" data-e-type=\"widget\" data-widget_type=\"text-editor.default\">\n\t\t\t\t\t\t\t\t\t<p>Mikail betraktades som en god, skyddande varelse med aktiv omsorg. \u00c5kallandets praktiker omfattade b\u00f6ner om <span class=\"iwg-fachbegriff\" data-tooltip=\"Tilltal om helighet och skydd, ofta i fast spr\u00e5klig form.\" tabindex=\"0\">v\u00e4lsignelse<\/span> (barakah), skydd mot det onda (shayatin) och f\u00f6rs\u00f6rjning.<\/p><p>I sufitraditioner ut\u00f6vades meditationer riktade till Mikail (muraqaba) f\u00f6r att uppn\u00e5 andlig rening och n\u00e4rhet till Allah. V\u00f6rdnaden f\u00f6r Mikail visade sig i respekt, renhetsplikt (wudhu) inf\u00f6r <span class=\"iwg-fachbegriff\" data-tooltip=\"Ett b\u00f6nfallande eller besv\u00e4rjande tilltal till en gudom eller makt.\" tabindex=\"0\">\u00e5kallandet<\/span> och rituella pliktb\u00f6ner (salah) under hans himmelska beskydd.<\/p>\t\t\t\t\t\t\t\t<\/div>\n\t\t\t\t\t<\/div>\n\t\t\t\t<\/div>\n\t\t<div class=\"elementor-element elementor-element-3lfi7x32 iwg-steckbrief-card e-flex e-con-boxed e-con e-child\" data-id=\"3lfi7x32\" data-element_type=\"container\" data-e-type=\"container\">\n\t\t\t\t\t<div class=\"e-con-inner\">\n\t\t\t\t<div class=\"elementor-element elementor-element-0kg99ga1 elementor-widget elementor-widget-heading\" data-id=\"0kg99ga1\" data-element_type=\"widget\" data-e-type=\"widget\" data-widget_type=\"heading.default\">\n\t\t\t\t\t<div class=\"elementor-heading-title elementor-size-default\">Besl\u00e4ktade v\u00e4sen<\/div>\t\t\t\t<\/div>\n\t\t\t\t<div class=\"elementor-element elementor-element-n0fum6kp elementor-widget elementor-widget-text-editor\" data-id=\"n0fum6kp\" data-element_type=\"widget\" data-e-type=\"widget\" data-widget_type=\"text-editor.default\">\n\t\t\t\t\t\t\t\t\t<p>J\u00e4mf\u00f6rbara gestalter inom islam: Jibril (Gabriel, uppenbarelsens <span class=\"iwg-fachbegriff\" data-tooltip=\"I de abrahamitiska religionerna ett himmelskt s\u00e4ndebud fr\u00e5n Gud.\" tabindex=\"0\">\u00e4ngel<\/span>), Israfil (basunens <span class=\"iwg-fachbegriff\" data-tooltip=\"I de abrahamitiska religionerna ett himmelskt s\u00e4ndebud fr\u00e5n Gud.\" tabindex=\"0\">\u00e4ngel<\/span>, uppst\u00e5ndelsen), Azrael (d\u00f6dens \u00e4ngel). Utanf\u00f6r islam: den judiske Mikael (krigare, men mindre omh\u00e4ndertagande), den kristne Mikael (militant), den zoroastriska Spenta Mainyu (god <span class=\"iwg-fachbegriff\" data-tooltip=\"Ett kroppsl\u00f6st v\u00e4sen som tillskrivs verkan i v\u00e4rlden.\" tabindex=\"0\">ande<\/span>, omsorg). Kombinationen av krigskonst och omsorg g\u00f6r Mikail unik.<\/p>\t\t\t\t\t\t\t\t<\/div>\n\t\t\t\t\t<\/div>\n\t\t\t\t<\/div>\n\t\t\t\t<\/div>\n\t\t\t\t<\/div>\n\t\t\t\t\t<\/div>\n\t\t\t\t<\/div>\n\t\t<div class=\"elementor-element elementor-element-7533bc7a e-flex e-con-boxed e-con e-parent\" data-id=\"7533bc7a\" data-element_type=\"container\" data-e-type=\"container\">\n\t\t\t\t\t<div class=\"e-con-inner\">\n\t\t\t\t<div class=\"elementor-element elementor-element-2447d18d elementor-widget elementor-widget-heading\" data-id=\"2447d18d\" data-element_type=\"widget\" data-e-type=\"widget\" data-widget_type=\"heading.default\">\n\t\t\t\t\t<h2 class=\"elementor-heading-title elementor-size-default\">Avv\u00e4rjning i vardagen<\/h2>\t\t\t\t<\/div>\n\t\t<div class=\"elementor-element elementor-element-d5d0260c e-con-full e-flex e-con e-child\" data-id=\"d5d0260c\" data-element_type=\"container\" data-e-type=\"container\">\n\t\t\t\t<div class=\"elementor-element elementor-element-341be2ac elementor-widget elementor-widget-text-editor\" data-id=\"341be2ac\" data-element_type=\"widget\" data-e-type=\"widget\" data-widget_type=\"text-editor.default\">\n\t\t\t\t\t\t\t\t\t<p><strong>Ritualer och v\u00f6rdnad<\/strong><\/p><p>M\u012bk\u0101\u02be\u012bl \u00e5kallas i religi\u00f6sa b\u00f6ner (dua), s\u00e4rskilt i b\u00f6nerop om l\u00e4kning och f\u00f6rs\u00f6rjning. I sufi-mystiska ordnar (tariqah) finns s\u00e4rskilda \u00e5kallelseb\u00f6ner (wird) f\u00f6r hans <span class=\"iwg-fachbegriff\" data-tooltip=\"Tilltal om helighet och skydd, ofta i fast spr\u00e5klig form.\" tabindex=\"0\">v\u00e4lsignelse<\/span>. Mikaelsdagen firas i \u00f6stliga kulturer med b\u00f6ner och allmosor. Mosk\u00e9er visar ofta kalligrafiska framst\u00e4llningar av hans namn.<\/p><p><strong>Besv\u00e4rjelser och \u00e5kallanden<\/strong><\/p><p>Klassiska \u00e5kallanden i koranisk stil: \u201eYa Mikail, f\u00f6rs\u00f6rjningens <span class=\"iwg-fachbegriff\" data-tooltip=\"I de abrahamitiska religionerna ett himmelskt s\u00e4ndebud fr\u00e5n Gud.\" tabindex=\"0\">\u00e4ngel<\/span>, s\u00e4nd <span class=\"iwg-fachbegriff\" data-tooltip=\"Tilltal om helighet och skydd, ofta i fast spr\u00e5klig form.\" tabindex=\"0\">v\u00e4lsignelse<\/span> \u00f6ver oss.&#8221; Sufier reciterar hans 99 namn i meditation. En traderad formel lydde: \u201eM\u012bk\u0101\u02be\u012bl, m\u00e4ktigaste f\u00f6rvaltare, beskydda oss och v\u00e5r familj.&#8221; Besv\u00e4rjelser i n\u00f6dtider (sjukdom, brist) \u00e4r vanliga inom folkislam.<\/p><p><strong>Amuletter och skyddssymboler<\/strong><\/p><p>Namnet M\u012bk\u0101\u02be\u012bl i arabisk kalligrafi b\u00e4rs som <span class=\"iwg-fachbegriff\" data-tooltip=\"Ett buret f\u00f6rem\u00e5l som tillskrivs skyddande, ont avv\u00e4rjande verkan.\" tabindex=\"0\">amulett<\/span>. Gr\u00f6n och guldf\u00e4rgade nyanser symboliserar hans dom\u00e4n. \u201e<span class=\"iwg-fachbegriff\" data-tooltip=\"I de abrahamitiska religionerna ett himmelskt s\u00e4ndebud fr\u00e5n Gud.\" tabindex=\"0\">\u00c4ngla<\/span>-sigillringen&#8221; (med M\u012bk\u0101\u02be\u012bl-sigill) \u00e4r ett traditionellt skyddsobjekt. Muslimer b\u00e4r verser fr\u00e5n sura 2:98 som skrivna talismaner.<\/p>\n\t\t\t\t\t\t\t\t<\/div>\n\t\t\t\t<\/div>\n\t\t\t\t\t<\/div>\n\t\t\t\t<\/div>\n\t\t<div class=\"elementor-element elementor-element-5a584676 e-flex e-con-boxed e-con e-parent\" data-id=\"5a584676\" data-element_type=\"container\" data-e-type=\"container\">\n\t\t\t\t\t<div class=\"e-con-inner\">\n\t\t\t\t<div class=\"elementor-element elementor-element-6d0757bf elementor-widget elementor-widget-heading\" data-id=\"6d0757bf\" data-element_type=\"widget\" data-e-type=\"widget\" data-widget_type=\"heading.default\">\n\t\t\t\t\t<h2 class=\"elementor-heading-title elementor-size-default\">Mikail, paralleller i andra kulturer<\/h2>\t\t\t\t<\/div>\n\t\t<div class=\"elementor-element elementor-element-60563f68 e-con-full e-flex e-con e-child\" data-id=\"60563f68\" data-element_type=\"container\" data-e-type=\"container\">\n\t\t\t\t<div class=\"elementor-element elementor-element-5a93fdd6 elementor-widget elementor-widget-text-editor\" data-id=\"5a93fdd6\" data-element_type=\"widget\" data-e-type=\"widget\" data-widget_type=\"text-editor.default\">\n\t\t\t\t\t\t\t\t\t<p><p><strong>Judisk tradition:<\/strong> Den judiska Mikael \u00e4r den n\u00e4rmaste motsvarigheten (hebreiska: Vem \u00e4r som Gud, samma namnetymologi). Mikael \u00e4r dock i f\u00f6rsta hand en krigs-<span class=\"iwg-fachbegriff\" data-tooltip=\"I de abrahamitiska religionerna ett himmelskt budb\u00e4rarv\u00e4sen som tj\u00e4nar Gud.\" tabindex=\"0\">\u00e4ngel<\/span> och <span class=\"iwg-fachbegriff\" data-tooltip=\"Andligt v\u00e4sen som tillskrivs skadlig eller mots\u00e4gelsefull verkan.\" tabindex=\"0\">demon<\/span>betvingare, inte en f\u00f6rs\u00f6rjare. Gabriels roll som uppenbarelsens budb\u00e4rare skiljer sig fr\u00e5n Mikails omsorgsfunktion. Uriel (dom) har ingen motsvarighet i Mikails milda skydd.<\/p><p><strong>Den grekisk-romerska v\u00e4rlden:<\/strong> Inga direkta motsvarigheter. Avl\u00e4gset besl\u00e4ktade \u00e4r Hermes som gudarnas budb\u00e4rare och beskyddare av resande, eller Iris (himmelsk f\u00f6rmedlare, men utan krigskraft). Mikails personliga skyddsaspekt liknar Hermes funktion.<\/p><p><strong>Mesopotamien:<\/strong> Mesopotamisk motsvarighet: Marduk (gudarnas ledare, seger \u00f6ver kaos, ingen direkt <span class=\"iwg-fachbegriff\" data-tooltip=\"I de abrahamitiska religionerna ett himmelskt budb\u00e4rarv\u00e4sen som tj\u00e4nar Gud.\" tabindex=\"0\">\u00e4ngel<\/span>). N\u00e4rmare besl\u00e4ktad \u00e4r Nabu (skrivare, uppenbarelse). Mikail och Marduk delar kombinationen av h\u00e4rskarkraft och omsorgsfunktion.<\/p><p><strong>Indien\/Asien:<\/strong> Indisk motsvarighet: Indra (krigargud, gudarnas ledare, hinduism). Buddhistisk parallell: bodhisattvor med skyddsfunktion (Avalokiteshvara, medk\u00e4nsla). Mikail och Indra delar kombinationen av makt och skydd.<\/p>\t\t\t\t\t\t\t\t<\/div>\n\t\t\t\t<\/div>\n\t\t\t\t\t<\/div>\n\t\t\t\t<\/div>\n\t\t<div class=\"elementor-element elementor-element-cp7453048 e-flex e-con-boxed e-con e-parent\" data-id=\"cp7453048\" data-element_type=\"container\" data-e-type=\"container\">\n\t\t\t\t\t<div class=\"e-con-inner\">\n\t\t\t\t<div class=\"elementor-element elementor-element-cp00b4d36 elementor-widget elementor-widget-heading\" data-id=\"cp00b4d36\" data-element_type=\"widget\" data-e-type=\"widget\" data-widget_type=\"heading.default\">\n\t\t\t\t\t<h2 class=\"elementor-heading-title elementor-size-default\">Mikail i Koranen och i hadith-traditionen<\/h2>\t\t\t\t<\/div>\n\t\t<div class=\"elementor-element elementor-element-cp726fb30 e-con-full e-flex e-con e-child\" data-id=\"cp726fb30\" data-element_type=\"container\" data-e-type=\"container\">\n\t\t\t\t<div class=\"elementor-element elementor-element-cpa329f9f elementor-widget elementor-widget-text-editor\" data-id=\"cpa329f9f\" data-element_type=\"widget\" data-e-type=\"widget\" data-widget_type=\"text-editor.default\">\n\t\t\t\t\t\t\t\t\t<p>Mikail, som p\u00e5 svenska oftast \u00e5terges som Mikael, n\u00e4mns vid namn i <em>Koranen<\/em> bara en enda g\u00e5ng. I sura 2, vers 98, n\u00e4mns Gud, hans <span class=\"iwg-fachbegriff\" data-tooltip=\"I de abrahamitiska religionerna ett himmelskt budb\u00e4rarv\u00e4sen som tj\u00e4nar Gud.\" tabindex=\"0\">\u00e4nglar<\/span>, Gabriel (<em>Djibril<\/em>) och Mikael (<em>Mikal<\/em>) tillsammans.<\/p><p>Versen st\u00e5r i samband med en diskussion om vem som \u00e4r Guds fiende, och betonar att fiendskap mot Guds <span class=\"iwg-fachbegriff\" data-tooltip=\"I de abrahamitiska religionerna ett himmelskt budb\u00e4rarv\u00e4sen som tj\u00e4nar Gud.\" tabindex=\"0\">\u00e4nglar<\/span> \u00e4r detsamma som fiendskap mot Gud sj\u00e4lv. Denna korta omn\u00e4mning \u00e4r den enda direkta koraniska grunden f\u00f6r Mikail.<\/p><p>Betydligt mer utf\u00f6rlig \u00e4r <em>hadith<\/em>litteraturen och den exegetiska traditionen. D\u00e4r tillskrivs Mikail en s\u00e4rskild uppgift: han \u00e4r <span class=\"iwg-fachbegriff\" data-tooltip=\"I de abrahamitiska religionerna ett himmelskt budb\u00e4rarv\u00e4sen som tj\u00e4nar Gud.\" tabindex=\"0\">\u00e4ngeln<\/span> som ansvarar f\u00f6r varelsernas uppeh\u00e4lle, f\u00f6r regn, v\u00e4xtlighet och f\u00f6rs\u00f6rjning.<\/p><p>Medan Djibril betraktas som uppenbarelsens budb\u00e4rare, st\u00e5r Mikail f\u00f6r bevarandet av den materiella v\u00e4rlden. Vissa traditioner tillskriver honom skaror av underordnade <span class=\"iwg-fachbegriff\" data-tooltip=\"I de abrahamitiska religionerna ett himmelskt budb\u00e4rarv\u00e4sen som tj\u00e4nar Gud.\" tabindex=\"0\">\u00e4nglar<\/span> som f\u00f6rvaltar varje regndroppe och varje blad.<\/p><p>Den islamiska l\u00e4rdomen f\u00f6rband dessutom Mikail med traditionen att han tillsammans med Djibril stod vid profeten Muhammeds sida vid viktiga tillf\u00e4llen i hans verksamhet.<\/p><p>I kommentarerna till suran diskuteras \u00e4ven en judisk f\u00f6rhistoria till versen: enligt flera traditioner uppenbarades versen som svar p\u00e5 ett p\u00e5st\u00e5ende om att Mikail var de troende v\u00e4lvilligt sinnad, medan Djibril var en olyckans <span class=\"iwg-fachbegriff\" data-tooltip=\"I de abrahamitiska religionerna ett himmelskt budb\u00e4rarv\u00e4sen som tj\u00e4nar Gud.\" tabindex=\"0\">\u00e4ngel<\/span>. Koranen avvisar denna \u00e5tskillnad och st\u00e4ller b\u00e5da <span class=\"iwg-fachbegriff\" data-tooltip=\"I de abrahamitiska religionerna ett himmelskt budb\u00e4rarv\u00e4sen som tj\u00e4nar Gud.\" tabindex=\"0\">\u00e4nglarna<\/span> p\u00e5 samma niv\u00e5 under lydnaden mot Gud.<\/p>\t\t\t\t\t\t\t\t<\/div>\n\t\t\t\t<\/div>\n\t\t\t\t\t<\/div>\n\t\t\t\t<\/div>\n\t\t<div class=\"elementor-element elementor-element-cp54c4455 e-flex e-con-boxed e-con e-parent\" data-id=\"cp54c4455\" data-element_type=\"container\" data-e-type=\"container\">\n\t\t\t\t\t<div class=\"e-con-inner\">\n\t\t\t\t<div class=\"elementor-element elementor-element-cpa72c371 elementor-widget elementor-widget-heading\" data-id=\"cpa72c371\" data-element_type=\"widget\" data-e-type=\"widget\" data-widget_type=\"heading.default\">\n\t\t\t\t\t<h2 class=\"elementor-heading-title elementor-size-default\">Mikails st\u00e4llning i den islamiska \u00e4nglal\u00e4ran<\/h2>\t\t\t\t<\/div>\n\t\t<div class=\"elementor-element elementor-element-cpd924459 e-con-full e-flex e-con e-child\" data-id=\"cpd924459\" data-element_type=\"container\" data-e-type=\"container\">\n\t\t\t\t<div class=\"elementor-element elementor-element-cpd1c5bd3 elementor-widget elementor-widget-text-editor\" data-id=\"cpd1c5bd3\" data-element_type=\"widget\" data-e-type=\"widget\" data-widget_type=\"text-editor.default\">\n\t\t\t\t\t\t\t\t\t<p>I islams systematiska \u00e4nglal\u00e4ra (<em>\u02bfilm al-mal\u0101\u02beika<\/em>) h\u00f6r Mikail till de fyra eller fem h\u00f6gsta \u00e4nglarna, ofta tillsammans med Djibril, Israfil och Israil, d\u00f6ds\u00e4ngeln.<\/p><p>Denna hierarki utvecklas inte i Koranen sj\u00e4lv, utan har sammanst\u00e4llts av teologer utifr\u00e5n hadither och exegetisk tradition. L\u00e4rde som al-Ghazali och senare verk inom popul\u00e4r eskatologi tilldelade var och en av topp\u00e4nglarna en kosmisk funktion.<\/p><p>Mikail st\u00e5r i detta system f\u00f6r f\u00f6rs\u00f6rjningen och f\u00f6r naturens ordnade verksamhet. Vissa texter f\u00f6rbinder honom med f\u00f6rvaltningen av de himmelska f\u00f6rr\u00e5dskamrarna, varifr\u00e5n regn och f\u00f6da kommer.<\/p><p>Israfil \u00e4r f\u00f6rbunden med basunst\u00f6ten vid tidens slut, Djibril med uppenbarelsen, Israil med d\u00f6den. Mikail utg\u00f6r motstycket till detta: han st\u00e5r f\u00f6r uppr\u00e4tth\u00e5llandet av livet s\u00e5 l\u00e4nge v\u00e4rlden best\u00e5r.<\/p><p>Denna uppgiftsf\u00f6rdelning \u00e4r ett exempel p\u00e5 hur den islamiska <span class=\"iwg-fachbegriff\" data-tooltip=\"Den vetenskapliga l\u00e4ran om Gud och om en religions tro.\" tabindex=\"0\">teologin<\/span> inte betraktar <span class=\"iwg-fachbegriff\" data-tooltip=\"I de abrahamitiska religionerna ett himmelskt budb\u00e4rarv\u00e4sen som tj\u00e4nar Gud.\" tabindex=\"0\">\u00e4nglarna<\/span> enbart som budb\u00e4rare, utan som funktionsb\u00e4rare i en ordnad skapelse.<\/p><p>Viktigt f\u00f6r f\u00f6rst\u00e5elsen \u00e4r att den islamiska l\u00e4ran i grunden betraktar <span class=\"iwg-fachbegriff\" data-tooltip=\"I de abrahamitiska religionerna ett himmelskt budb\u00e4rarv\u00e4sen som tj\u00e4nar Gud.\" tabindex=\"0\">\u00e4nglar<\/span> som varelser skapade av ljus, utan egen vilja emot Gud. Mikail kan d\u00e4rf\u00f6r inte falla eller g\u00f6ra uppror. Han handlar uteslutande p\u00e5 Guds uppdrag. Till skillnad fr\u00e5n vissa folkliga f\u00f6rest\u00e4llningar \u00e4r han inte en sj\u00e4lvst\u00e4ndigt agerande beskyddare, utan en verkst\u00e4llare.<\/p><p>Den teologiska litteraturen skiljer tydligt denna f\u00f6rest\u00e4llning fr\u00e5n dyrkan: <span class=\"iwg-fachbegriff\" data-tooltip=\"I de abrahamitiska religionerna ett himmelskt budb\u00e4rarv\u00e4sen som tj\u00e4nar Gud.\" tabindex=\"0\">\u00e4nglar<\/span> tillbes inte, de erk\u00e4nns som en del av tron p\u00e5 den osynliga v\u00e4rlden, vilken h\u00f6r till islams trosartiklar. Besl\u00e4ktade gestalter av samma klass \u00e5terfinns i anslutning till <a href=\"https:\/\/iwell-guard.com\/sv\/islam\/\">den islamiska \u00e4nglatron<\/a>.<\/p>\t\t\t\t\t\t\t\t<\/div>\n\t\t\t\t<\/div>\n\t\t\t\t\t<\/div>\n\t\t\t\t<\/div>\n\t\t<div class=\"elementor-element elementor-element-cp4d91998 e-flex e-con-boxed e-con e-parent\" data-id=\"cp4d91998\" data-element_type=\"container\" data-e-type=\"container\">\n\t\t\t\t\t<div class=\"e-con-inner\">\n\t\t\t\t<div class=\"elementor-element elementor-element-cp10e2424 elementor-widget elementor-widget-heading\" data-id=\"cp10e2424\" data-element_type=\"widget\" data-e-type=\"widget\" data-widget_type=\"heading.default\">\n\t\t\t\t\t<h2 class=\"elementor-heading-title elementor-size-default\">Mikael, Mikail och den gemensamma abrahamitiska traditionen<\/h2>\t\t\t\t<\/div>\n\t\t<div class=\"elementor-element elementor-element-cpe03560b e-con-full e-flex e-con e-child\" data-id=\"cpe03560b\" data-element_type=\"container\" data-e-type=\"container\">\n\t\t\t\t<div class=\"elementor-element elementor-element-cpcc8af72 elementor-widget elementor-widget-text-editor\" data-id=\"cpcc8af72\" data-element_type=\"widget\" data-e-type=\"widget\" data-widget_type=\"text-editor.default\">\n\t\t\t\t\t\t\t\t\t<p>Mikail \u00e4r en av de gestalter som s\u00e4rskilt tydligt visar den n\u00e4ra sammanfl\u00e4tningen mellan de tre monoteistiska religionerna. Namnet g\u00e5r tillbaka till det hebreiska <em>Mikha\u02beel<\/em>, som tolkas som den retoriska fr\u00e5gan \u201dVem \u00e4r som Gud?\u201d.<\/p><p>I den judiska litteraturen, framf\u00f6r allt i Danielsboken, framtr\u00e4der Mikael som den store fursten som tr\u00e4der in f\u00f6r Israels folk. I kristendomen blev han \u00e4rke\u00e4ngeln och ledaren f\u00f6r himlens h\u00e4rskaror, som i Johannes uppenbarelse besegrar draken.<\/p><p>Islam tog \u00f6ver namnet och grundtanken om en h\u00f6g \u00e4ngel, men gav honom en egen profil. Den krigiska roll som pr\u00e4glar Mikael i den kristna bilden tr\u00e4der tillbaka hos Mikail.<\/p><p>I dess st\u00e4lle tr\u00e4der ansvaret f\u00f6r f\u00f6rs\u00f6rjning och naturens ordning. Denna f\u00f6rskjutning \u00e4r religionshistoriskt belysande: den visar att de abrahamitiska traditionerna b\u00e4r samma namn men utformar det olika beroende p\u00e5 teologiska behov.<\/p><p><span data-nosnippet>Forskningen om islamisk angelologi, till exempel Stephen Burges arbeten i <em>Angels in Islam<\/em> (2012), har visat hur islamiska l\u00e4rda tog upp \u00e4ldre judiska och kristna traditioner och infogade dem i sitt eget system. Burge visar att hadithsamlingarna om \u00e4nglarna delvis inneh\u00e5ller material som g\u00e5r tillbaka till gemensamma <span class=\"iwg-fachbegriff\" data-tooltip=\"\u00d6verg\u00e5ngsperiod mellan antiken och medeltiden, ungef\u00e4r 300\u2013700-talet.\" tabindex=\"0\">senantika<\/span> k\u00e4llor.<\/span><\/p><p>Mikail \u00e4r d\u00e4rmed inget isolerat islamiskt fenomen, utan en knutpunkt i en l\u00e5ng, delad traditionshistoria. F\u00f6r en j\u00e4mf\u00f6relse l\u00e4mpar sig en blick p\u00e5 den <a href=\"https:\/\/iwell-guard.com\/sv\/kristendomen\/\">kristna \u00e4rke\u00e4ngeltraditionen<\/a>, d\u00e4r samma gestalt fick en tydligt annorlunda betoning.<\/p>\t\t\t\t\t\t\t\t<\/div>\n\t\t\t\t<\/div>\n\t\t\t\t\t<\/div>\n\t\t\t\t<\/div>\n\t\t<div class=\"elementor-element elementor-element-cpffb4dcb e-flex e-con-boxed e-con e-parent\" data-id=\"cpffb4dcb\" data-element_type=\"container\" data-e-type=\"container\">\n\t\t\t\t\t<div class=\"e-con-inner\">\n\t\t\t\t<div class=\"elementor-element elementor-element-cp457764a elementor-widget elementor-widget-heading\" data-id=\"cp457764a\" data-element_type=\"widget\" data-e-type=\"widget\" data-widget_type=\"heading.default\">\n\t\t\t\t\t<h2 class=\"elementor-heading-title elementor-size-default\">Mikail i fromhet, kalender och folktro<\/h2>\t\t\t\t<\/div>\n\t\t<div class=\"elementor-element elementor-element-cp2f0cc40 e-con-full e-flex e-con e-child\" data-id=\"cp2f0cc40\" data-element_type=\"container\" data-e-type=\"container\">\n\t\t\t\t<div class=\"elementor-element elementor-element-cp6a42fa7 elementor-widget elementor-widget-text-editor\" data-id=\"cp6a42fa7\" data-element_type=\"widget\" data-e-type=\"widget\" data-widget_type=\"text-editor.default\">\n\t\t\t\t\t\t\t\t\t<p>\u00c4ven om den islamiska <span class=\"iwg-fachbegriff\" data-tooltip=\"Den vetenskapliga l\u00e4ran om Gud och om en religions tro.\" tabindex=\"0\">teologin<\/span> utesluter dyrkan av \u00e4nglar, har Mikail l\u00e4mnat sp\u00e5r i den levda <span class=\"iwg-fachbegriff\" data-tooltip=\"En m\u00e4nniskas levda religi\u00f6sa h\u00e5llning och praktik.\" tabindex=\"0\">fromheten<\/span> i olika islamiska regioner.<\/p><p>I b\u00f6netraditionen n\u00e4mns han ibland n\u00e4r man ber om regn eller f\u00f6rs\u00f6rjning, eftersom dessa omr\u00e5den tillskrivs honom. S\u00e5dana b\u00f6ner riktas enligt den ortodoxa uppfattningen enbart till Gud, men n\u00e4mner Mikails funktion f\u00f6r att placera in \u00e4rendet.<\/p><p>I vissa traditioner inom den religi\u00f6sa tider\u00e4kningen f\u00f6rknippas Mikail med s\u00e4rskilda n\u00e4tter d\u00e5 <span class=\"iwg-fachbegriff\" data-tooltip=\"I de abrahamitiska religionerna ett himmelskt budb\u00e4rarv\u00e4sen fr\u00e5n Gud.\" tabindex=\"0\">\u00e4nglarna<\/span> anses vara s\u00e4rskilt n\u00e4ra, till exempel i ber\u00e4ttelserna om <em>Lailat al-Qadr<\/em>, best\u00e4mmelsens natt i m\u00e5naden Ramadan.<\/p><p>H\u00e4r framtr\u00e4der <span class=\"iwg-fachbegriff\" data-tooltip=\"I de abrahamitiska religionerna ett himmelskt budb\u00e4rarv\u00e4sen fr\u00e5n Gud.\" tabindex=\"0\">\u00e4nglarna<\/span> i stort antal, och enskilda traditioner tillskriver dem ledare. \u00c4ven i den popul\u00e4ra eskatologiska litteraturen, som m\u00e5lar upp h\u00e4ndelserna p\u00e5 den yttersta dagen, har Mikail sin plats bland de andra h\u00f6gsta \u00e4nglarna.<\/p><p>I folktron i enskilda regioner, framf\u00f6r allt d\u00e4r islamiska och \u00e4ldre lokala f\u00f6rest\u00e4llningar m\u00f6ttes, uppfattades Mikail ibland tydligare som en sj\u00e4lvst\u00e4ndig skyddspatron \u00e4n vad <span class=\"iwg-fachbegriff\" data-tooltip=\"Den vetenskapliga l\u00e4ran om Gud och om en religions tro.\" tabindex=\"0\">teologin<\/span> f\u00f6reskriver. Den vetenskapliga observationen av s\u00e5dana fenomen visar en \u00e5terkommande sp\u00e4nning mellan l\u00e4rd norm och levd praktik.<\/p><p>F\u00f6r Mikail kvarst\u00e5r dock att han i alla skikt av <span class=\"iwg-fachbegriff\" data-tooltip=\"Vidaref\u00f6randet av kunskap och ber\u00e4ttelser genom generationer.\" tabindex=\"0\">traditionen<\/span> f\u00f6rst\u00e5s som en ren tj\u00e4nare \u00e5t Gud, vars rang f\u00f6ljer av hans uppgift och inte av egen makt. Denna sakliga h\u00e5llning skiljer den islamiska bilden tydligt fr\u00e5n den rikare legendbildning som andra traditioner har utvecklat kring samma gestalt.<\/p>\t\t\t\t\t\t\t\t<\/div>\n\t\t\t\t<\/div>\n\t\t\t\t\t<\/div>\n\t\t\t\t<\/div>\n\t\t<div class=\"elementor-element elementor-element-36dd7469 e-flex e-con-boxed e-con e-parent\" data-id=\"36dd7469\" data-element_type=\"container\" data-e-type=\"container\">\n\t\t\t\t\t<div class=\"e-con-inner\">\n\t\t\t\t<div class=\"elementor-element elementor-element-13760ab4 elementor-widget elementor-widget-heading\" data-id=\"13760ab4\" data-element_type=\"widget\" data-e-type=\"widget\" data-widget_type=\"heading.default\">\n\t\t\t\t\t<h2 class=\"elementor-heading-title elementor-size-default\">Vidare l\u00e4nkar<\/h2>\t\t\t\t<\/div>\n\t\t<div class=\"elementor-element elementor-element-28c87796 e-con-full e-flex e-con e-child\" data-id=\"28c87796\" data-element_type=\"container\" data-e-type=\"container\">\n\t\t\t\t<div class=\"elementor-element elementor-element-5d6538df elementor-widget elementor-widget-text-editor\" data-id=\"5d6538df\" data-element_type=\"widget\" data-e-type=\"widget\" data-widget_type=\"text-editor.default\">\n\t\t\t\t\t\t\t\t\t<ul><li><a href=\"https:\/\/iwell-guard.com\/sv\/israfil\/\">Israfil, uppst\u00e5ndelsens \u00e4ngel<\/a><\/li><\/ul>\n\t\t\t\t\t\t\t\t<\/div>\n\t\t\t\t<\/div>\n\t\t\t\t\t<\/div>\n\t\t\t\t<\/div>\n\t\t<div class=\"elementor-element elementor-element-grl4kl40 e-flex e-con-boxed e-con e-parent\" data-id=\"grl4kl40\" data-element_type=\"container\" data-e-type=\"container\">\n\t\t\t\t\t<div class=\"e-con-inner\">\n\t\t\t\t<div class=\"elementor-element elementor-element-bzsbfrmh elementor-widget elementor-widget-heading\" data-id=\"bzsbfrmh\" data-element_type=\"widget\" data-e-type=\"widget\" data-widget_type=\"heading.default\">\n\t\t\t\t\t<h2 class=\"elementor-heading-title elementor-size-default\">Forskningslitteratur<\/h2>\t\t\t\t<\/div>\n\t\t<div class=\"elementor-element elementor-element-2c13224a e-con-full e-flex e-con e-child\" data-id=\"2c13224a\" data-element_type=\"container\" data-e-type=\"container\">\n\t\t\t\t<div class=\"elementor-element elementor-element-0eymh9ub elementor-widget elementor-widget-text-editor\" data-id=\"0eymh9ub\" data-element_type=\"widget\" data-e-type=\"widget\" data-widget_type=\"text-editor.default\">\n\t\t\t\t\t\t\t\t\t<footer class=\"iwg-literatur\" data-nosnippet=\"true\"><ul><li><span data-nosnippet>Burge, S. M.: <em>Angels in Islam: Jalal Abualrub<\/em>. University Press of America, 1991.<\/span><\/li><li><span data-nosnippet>Seyyed, Hossein Nasr: <em>Islamic Art and Spirituality<\/em>. SUNY Press, 1987.<\/span><\/li><li><span data-nosnippet>Lawson, T. T.: <em>The Crucifixion in the Qur&#8217;an and the Classical Muslim Exegesis<\/em>. Oxford University Press, 2009.<\/span><\/li><\/ul>\n<\/footer>\t\t\t\t\t\t\t\t<\/div>\n\t\t\t\t<\/div>\n\t\t\t\t\t<\/div>\n\t\t\t\t<\/div>\n\t\t\t\t<\/div>\n\t\t","protected":false},"excerpt":{"rendered":"","protected":false},"author":3,"featured_media":1746,"parent":0,"menu_order":0,"comment_status":"closed","ping_status":"closed","template":"elementor_header_footer","meta":{"_yoast_wpseo_focuskw":"Mikail","_yoast_wpseo_title":"Mikail \u2013 f\u00f6rs\u00f6rjaren med f\u00f6da och v\u00e4lsignelse","_yoast_wpseo_metadesc":"Mikail, \u00e4rke\u00e4ngel i den islamiska traditionen, skriftligt belagd sedan \u00e5rhundraden: f\u00f6rs\u00f6rjare med f\u00f6da och v\u00e4lsignelse, st\u00f6d mot shaytanerna.","_yoast_wpseo_meta-robots-noindex":"","_yoast_wpseo_canonical":"","_angie_page":false,"gefaehrdungsstufe":"","wesen_kultur":"islam","wesen_klasse":"lichtwesen","footnotes":""},"categories":[],"class_list":["post-136662","page","type-page","status-publish","has-post-thumbnail","hentry"],"yoast_head":"<!-- This site is optimized with the Yoast SEO Premium plugin v27.7 (Yoast SEO v28.3) - https:\/\/yoast.com\/product\/yoast-seo-premium-wordpress\/ -->\n<title>Mikail \u2013 f\u00f6rs\u00f6rjaren med f\u00f6da och v\u00e4lsignelse<\/title>\n<meta name=\"description\" content=\"Mikail, \u00e4rke\u00e4ngel i den islamiska traditionen, skriftligt belagd sedan \u00e5rhundraden: f\u00f6rs\u00f6rjare med f\u00f6da och v\u00e4lsignelse, st\u00f6d mot shaytanerna.\" \/>\n<meta name=\"robots\" content=\"index, follow, max-snippet:-1, max-image-preview:large, max-video-preview:-1\" \/>\n<link rel=\"canonical\" href=\"https:\/\/iwell-guard.com\/sv\/mikail\/\" \/>\n<meta property=\"og:locale\" content=\"sv_SE\" \/>\n<meta property=\"og:type\" content=\"article\" \/>\n<meta property=\"og:title\" content=\"Mikail\" \/>\n<meta property=\"og:description\" content=\"Mikail, \u00e4rke\u00e4ngel i den islamiska traditionen, skriftligt belagd sedan \u00e5rhundraden: f\u00f6rs\u00f6rjare med f\u00f6da och v\u00e4lsignelse, st\u00f6d mot shaytanerna.\" \/>\n<meta property=\"og:url\" content=\"https:\/\/iwell-guard.com\/sv\/mikail\/\" \/>\n<meta property=\"og:site_name\" content=\"iWell Guard\" \/>\n<meta property=\"article:modified_time\" content=\"2026-09-03T01:08:37+00:00\" \/>\n<meta property=\"og:image\" content=\"https:\/\/iwell-guard.com\/wp-content\/uploads\/2026\/04\/goetter_islam_mikail.webp\" \/>\n\t<meta property=\"og:image:width\" content=\"1024\" \/>\n\t<meta property=\"og:image:height\" content=\"1536\" \/>\n\t<meta property=\"og:image:type\" content=\"image\/webp\" \/>\n<meta name=\"twitter:card\" content=\"summary_large_image\" \/>\n<script type=\"application\/ld+json\" class=\"yoast-schema-graph\">{\"@context\":\"https:\\\/\\\/schema.org\",\"@graph\":[{\"@type\":\"WebPage\",\"@id\":\"https:\\\/\\\/iwell-guard.com\\\/sv\\\/mikail\\\/\",\"url\":\"https:\\\/\\\/iwell-guard.com\\\/sv\\\/mikail\\\/\",\"name\":\"Mikail \u2013 f\u00f6rs\u00f6rjaren med f\u00f6da och v\u00e4lsignelse\",\"isPartOf\":{\"@id\":\"https:\\\/\\\/iwell-guard.com\\\/sv\\\/#website\"},\"primaryImageOfPage\":{\"@id\":\"https:\\\/\\\/iwell-guard.com\\\/sv\\\/mikail\\\/#primaryimage\"},\"image\":{\"@id\":\"https:\\\/\\\/iwell-guard.com\\\/sv\\\/mikail\\\/#primaryimage\"},\"thumbnailUrl\":\"https:\\\/\\\/iwell-guard.com\\\/wp-content\\\/uploads\\\/2026\\\/04\\\/goetter_islam_mikail.webp\",\"datePublished\":\"2026-09-03T00:08:55+00:00\",\"dateModified\":\"2026-09-03T01:08:37+00:00\",\"description\":\"Mikail, \u00e4rke\u00e4ngel i den islamiska traditionen, skriftligt belagd sedan \u00e5rhundraden: f\u00f6rs\u00f6rjare med f\u00f6da och v\u00e4lsignelse, st\u00f6d mot shaytanerna.\",\"breadcrumb\":{\"@id\":\"https:\\\/\\\/iwell-guard.com\\\/sv\\\/mikail\\\/#breadcrumb\"},\"inLanguage\":\"sv-SE\",\"potentialAction\":[{\"@type\":\"ReadAction\",\"target\":[\"https:\\\/\\\/iwell-guard.com\\\/sv\\\/mikail\\\/\"]}]},{\"@type\":\"ImageObject\",\"inLanguage\":\"sv-SE\",\"@id\":\"https:\\\/\\\/iwell-guard.com\\\/sv\\\/mikail\\\/#primaryimage\",\"url\":\"https:\\\/\\\/iwell-guard.com\\\/wp-content\\\/uploads\\\/2026\\\/04\\\/goetter_islam_mikail.webp\",\"contentUrl\":\"https:\\\/\\\/iwell-guard.com\\\/wp-content\\\/uploads\\\/2026\\\/04\\\/goetter_islam_mikail.webp\",\"width\":1024,\"height\":1536,\"caption\":\"Gudar fr\u00e5n den islamiska traditionen.\"},{\"@type\":\"BreadcrumbList\",\"@id\":\"https:\\\/\\\/iwell-guard.com\\\/sv\\\/mikail\\\/#breadcrumb\",\"itemListElement\":[{\"@type\":\"ListItem\",\"position\":1,\"name\":\"Start\",\"item\":\"https:\\\/\\\/iwell-guard.com\\\/sv\\\/?page_id=136483\"},{\"@type\":\"ListItem\",\"position\":2,\"name\":\"Mikail\"}]},{\"@type\":\"WebSite\",\"@id\":\"https:\\\/\\\/iwell-guard.com\\\/sv\\\/#website\",\"url\":\"https:\\\/\\\/iwell-guard.com\\\/sv\\\/\",\"name\":\"iWell Guard\",\"description\":\"Schutz vor dunklen Einfl\u00fcssen\",\"publisher\":{\"@id\":\"https:\\\/\\\/iwell-guard.com\\\/sv\\\/#organization\"},\"potentialAction\":[{\"@type\":\"SearchAction\",\"target\":{\"@type\":\"EntryPoint\",\"urlTemplate\":\"https:\\\/\\\/iwell-guard.com\\\/sv\\\/?s={search_term_string}\"},\"query-input\":{\"@type\":\"PropertyValueSpecification\",\"valueRequired\":true,\"valueName\":\"search_term_string\"}}],\"inLanguage\":\"sv-SE\"},{\"@type\":\"Organization\",\"@id\":\"https:\\\/\\\/iwell-guard.com\\\/sv\\\/#organization\",\"name\":\"Ittermann electronic GmbH\",\"url\":\"https:\\\/\\\/iwell-guard.com\\\/sv\\\/\",\"logo\":{\"@type\":\"ImageObject\",\"inLanguage\":\"sv-SE\",\"@id\":\"https:\\\/\\\/iwell-guard.com\\\/sv\\\/#\\\/schema\\\/logo\\\/image\\\/\",\"url\":\"https:\\\/\\\/iwell-guard.com\\\/wp-content\\\/uploads\\\/2026\\\/05\\\/Ittermann-Logo-1182x237-1.png\",\"contentUrl\":\"https:\\\/\\\/iwell-guard.com\\\/wp-content\\\/uploads\\\/2026\\\/05\\\/Ittermann-Logo-1182x237-1.png\",\"width\":1182,\"height\":237,\"caption\":\"Ittermann electronic GmbH\"},\"image\":{\"@id\":\"https:\\\/\\\/iwell-guard.com\\\/sv\\\/#\\\/schema\\\/logo\\\/image\\\/\"},\"sameAs\":[\"https:\\\/\\\/pantip.com\\\/profile\\\/9367242\",\"https:\\\/\\\/micro.blog\\\/iwellguard\",\"https:\\\/\\\/www.diggerslist.com\\\/iwellguard\\\/about\",\"https:\\\/\\\/skitterphoto.com\\\/photographers\\\/2870314\\\/iwell-guard\",\"https:\\\/\\\/iwellguard.wordpress.com\\\/2026\\\/06\\\/06\\\/iwell-guard\\\/\",\"https:\\\/\\\/hub.docker.com\\\/u\\\/iwellguard\",\"https:\\\/\\\/www.pinterest.com\\\/iwellguard\\\/\",\"https:\\\/\\\/bit.ly\\\/m\\\/iwellguard\",\"https:\\\/\\\/entre-vos-mains.alsace.eu\\\/profiles\\\/iwellguard\\\/activity\",\"https:\\\/\\\/gravatar.com\\\/reallybeded8fd34\",\"https:\\\/\\\/naijamatta.com\\\/iwellguard\",\"https:\\\/\\\/www.goodreads.com\\\/iwellguard\",\"https:\\\/\\\/profile.hatena.ne.jp\\\/iwellguard\\\/\",\"https:\\\/\\\/experiment.com\\\/users\\\/iwellguard\",\"https:\\\/\\\/wakelet.com\\\/@iWellGuard82270\",\"https:\\\/\\\/www.chordie.com\\\/forum\\\/profile.php?id=2555664\",\"https:\\\/\\\/www.instapaper.com\\\/p\\\/17757966\",\"https:\\\/\\\/www.mapleprimes.com\\\/users\\\/iwellguard\",\"https:\\\/\\\/businesslistingplus.com\\\/profile\\\/iwell-guard\\\/\",\"https:\\\/\\\/telegra.ph\\\/iWell-Guard-06-06\",\"https:\\\/\\\/pbase.com\\\/iwellguard\\\/iwellguard\",\"https:\\\/\\\/b.hatena.ne.jp\\\/iwellguard\\\/20260607#bookmark-4788405196491818882\",\"https:\\\/\\\/fliphtml5.com\\\/home\\\/iwellguard\",\"https:\\\/\\\/anyflip.com\\\/homepage\\\/cmiwl#About\",\"https:\\\/\\\/transfur.com\\\/Users\\\/iwellguard\",\"http:\\\/\\\/delphi.larsbo.org\\\/user\\\/iwellguard\",\"https:\\\/\\\/jobs.lajobsportal.org\\\/profiles\\\/8380803-iwell-guard\",\"https:\\\/\\\/md.chaosdorf.de\\\/s\\\/jfbe5SBdJD\",\"https:\\\/\\\/www.lingvolive.com\\\/en-us\\\/profile\\\/9ecaeaca-ce11-4e51-9e71-01d55e2bff36\\\/translations\",\"https:\\\/\\\/www.fitday.com\\\/fitness\\\/forums\\\/members\\\/iwellguard.html\",\"https:\\\/\\\/www.mymeetbook.com\\\/iwellguard\",\"https:\\\/\\\/pxhere.com\\\/en\\\/photographer-me\\\/5040798\",\"https:\\\/\\\/disqus.com\\\/by\\\/iwellguard\\\/about\\\/\",\"https:\\\/\\\/pastelink.net\\\/hjwciqwq\",\"https:\\\/\\\/pubhtml5.com\\\/homepage\\\/scjhn\\\/\",\"https:\\\/\\\/www.bitchute.com\\\/channel\\\/2O2eOKzNqujT\",\"https:\\\/\\\/audiomack.com\\\/iwellguard\"]},{\"@type\":\"Article\",\"@id\":\"https:\\\/\\\/iwell-guard.com\\\/sv\\\/mikail\\\/#article\",\"isPartOf\":{\"@id\":\"https:\\\/\\\/iwell-guard.com\\\/sv\\\/mikail\\\/\"},\"author\":{\"name\":\"Ralf Ittermann\",\"@id\":\"https:\\\/\\\/iwell-guard.com\\\/sv\\\/#\\\/schema\\\/person\\\/ee2a27f1cac3406c7c6fb5820cb7349f\"},\"headline\":\"Mikail\",\"datePublished\":\"2026-09-03T00:08:55+00:00\",\"dateModified\":\"2026-09-03T01:08:37+00:00\",\"mainEntityOfPage\":{\"@id\":\"https:\\\/\\\/iwell-guard.com\\\/sv\\\/mikail\\\/\"},\"publisher\":{\"@id\":\"https:\\\/\\\/iwell-guard.com\\\/sv\\\/#organization\"},\"image\":{\"@id\":\"https:\\\/\\\/iwell-guard.com\\\/sv\\\/mikail\\\/#primaryimage\"},\"thumbnailUrl\":\"https:\\\/\\\/iwell-guard.com\\\/wp-content\\\/uploads\\\/2026\\\/04\\\/goetter_islam_mikail.webp\",\"inLanguage\":\"sv-SE\",\"description\":\"Mikail, \u00e4rke\u00e4ngel i den islamiska traditionen, skriftligt belagd sedan \u00e5rhundraden: f\u00f6rs\u00f6rjare med f\u00f6da och v\u00e4lsignelse, st\u00f6d mot shaytanerna.\"}]}<\/script>\n<!-- \/ Yoast SEO Premium plugin. -->","yoast_head_json":{"title":"Mikail \u2013 f\u00f6rs\u00f6rjaren med f\u00f6da och v\u00e4lsignelse","description":"Mikail, \u00e4rke\u00e4ngel i den islamiska traditionen, skriftligt belagd sedan \u00e5rhundraden: f\u00f6rs\u00f6rjare med f\u00f6da och v\u00e4lsignelse, st\u00f6d mot shaytanerna.","robots":{"index":"index","follow":"follow","max-snippet":"max-snippet:-1","max-image-preview":"max-image-preview:large","max-video-preview":"max-video-preview:-1"},"canonical":"https:\/\/iwell-guard.com\/sv\/mikail\/","og_locale":"sv_SE","og_type":"article","og_title":"Mikail","og_description":"Mikail, \u00e4rke\u00e4ngel i den islamiska traditionen, skriftligt belagd sedan \u00e5rhundraden: f\u00f6rs\u00f6rjare med f\u00f6da och v\u00e4lsignelse, st\u00f6d mot shaytanerna.","og_url":"https:\/\/iwell-guard.com\/sv\/mikail\/","og_site_name":"iWell Guard","article_modified_time":"2026-09-03T01:08:37+00:00","og_image":[{"width":1024,"height":1536,"url":"https:\/\/iwell-guard.com\/wp-content\/uploads\/2026\/04\/goetter_islam_mikail.webp","type":"image\/webp"}],"twitter_card":"summary_large_image","schema":{"@context":"https:\/\/schema.org","@graph":[{"@type":"Article","@id":"https:\/\/iwell-guard.com\/sv\/mikail\/#article","isPartOf":{"@id":"https:\/\/iwell-guard.com\/sv\/mikail\/"},"author":{"name":"Ralf Ittermann","@id":"https:\/\/iwell-guard.com\/sv\/#\/schema\/person\/ee2a27f1cac3406c7c6fb5820cb7349f"},"headline":"Mikail","datePublished":"2026-09-03T00:08:55+00:00","dateModified":"2026-09-03T01:08:37+00:00","mainEntityOfPage":{"@id":"https:\/\/iwell-guard.com\/sv\/mikail\/"},"publisher":{"@id":"https:\/\/iwell-guard.com\/sv\/#organization"},"image":{"@id":"https:\/\/iwell-guard.com\/sv\/mikail\/#primaryimage"},"thumbnailUrl":"https:\/\/iwell-guard.com\/wp-content\/uploads\/2026\/04\/goetter_islam_mikail.webp","inLanguage":"sv-SE","description":"Mikail, \u00e4rke\u00e4ngel i den islamiska traditionen, skriftligt belagd sedan \u00e5rhundraden: f\u00f6rs\u00f6rjare med f\u00f6da och v\u00e4lsignelse, st\u00f6d mot shaytanerna."},{"@type":"WebPage","@id":"https:\/\/iwell-guard.com\/sv\/mikail\/","url":"https:\/\/iwell-guard.com\/sv\/mikail\/","name":"Mikail \u2013 f\u00f6rs\u00f6rjaren med f\u00f6da och v\u00e4lsignelse","isPartOf":{"@id":"https:\/\/iwell-guard.com\/sv\/#website"},"primaryImageOfPage":{"@id":"https:\/\/iwell-guard.com\/sv\/mikail\/#primaryimage"},"image":{"@id":"https:\/\/iwell-guard.com\/sv\/mikail\/#primaryimage"},"thumbnailUrl":"https:\/\/iwell-guard.com\/wp-content\/uploads\/2026\/04\/goetter_islam_mikail.webp","datePublished":"2026-09-03T00:08:55+00:00","dateModified":"2026-09-03T01:08:37+00:00","description":"Mikail, \u00e4rke\u00e4ngel i den islamiska traditionen, skriftligt belagd sedan \u00e5rhundraden: f\u00f6rs\u00f6rjare med f\u00f6da och v\u00e4lsignelse, st\u00f6d mot shaytanerna.","breadcrumb":{"@id":"https:\/\/iwell-guard.com\/sv\/mikail\/#breadcrumb"},"inLanguage":"sv-SE","potentialAction":[{"@type":"ReadAction","target":["https:\/\/iwell-guard.com\/sv\/mikail\/"]}]},{"@type":"ImageObject","inLanguage":"sv-SE","@id":"https:\/\/iwell-guard.com\/sv\/mikail\/#primaryimage","url":"https:\/\/iwell-guard.com\/wp-content\/uploads\/2026\/04\/goetter_islam_mikail.webp","contentUrl":"https:\/\/iwell-guard.com\/wp-content\/uploads\/2026\/04\/goetter_islam_mikail.webp","width":1024,"height":1536,"caption":"Gudar fr\u00e5n den islamiska traditionen."},{"@type":"BreadcrumbList","@id":"https:\/\/iwell-guard.com\/sv\/mikail\/#breadcrumb","itemListElement":[{"@type":"ListItem","position":1,"name":"Start","item":"https:\/\/iwell-guard.com\/sv\/?page_id=136483"},{"@type":"ListItem","position":2,"name":"Mikail"}]},{"@type":"WebSite","@id":"https:\/\/iwell-guard.com\/sv\/#website","url":"https:\/\/iwell-guard.com\/sv\/","name":"iWell Guard","description":"Schutz vor dunklen Einfl\u00fcssen","publisher":{"@id":"https:\/\/iwell-guard.com\/sv\/#organization"},"potentialAction":[{"@type":"SearchAction","target":{"@type":"EntryPoint","urlTemplate":"https:\/\/iwell-guard.com\/sv\/?s={search_term_string}"},"query-input":{"@type":"PropertyValueSpecification","valueRequired":true,"valueName":"search_term_string"}}],"inLanguage":"sv-SE"},{"@type":"Organization","@id":"https:\/\/iwell-guard.com\/sv\/#organization","name":"Ittermann electronic GmbH","url":"https:\/\/iwell-guard.com\/sv\/","logo":{"@type":"ImageObject","inLanguage":"sv-SE","@id":"https:\/\/iwell-guard.com\/sv\/#\/schema\/logo\/image\/","url":"https:\/\/iwell-guard.com\/wp-content\/uploads\/2026\/05\/Ittermann-Logo-1182x237-1.png","contentUrl":"https:\/\/iwell-guard.com\/wp-content\/uploads\/2026\/05\/Ittermann-Logo-1182x237-1.png","width":1182,"height":237,"caption":"Ittermann electronic GmbH"},"image":{"@id":"https:\/\/iwell-guard.com\/sv\/#\/schema\/logo\/image\/"},"sameAs":["https:\/\/pantip.com\/profile\/9367242","https:\/\/micro.blog\/iwellguard","https:\/\/www.diggerslist.com\/iwellguard\/about","https:\/\/skitterphoto.com\/photographers\/2870314\/iwell-guard","https:\/\/iwellguard.wordpress.com\/2026\/06\/06\/iwell-guard\/","https:\/\/hub.docker.com\/u\/iwellguard","https:\/\/www.pinterest.com\/iwellguard\/","https:\/\/bit.ly\/m\/iwellguard","https:\/\/entre-vos-mains.alsace.eu\/profiles\/iwellguard\/activity","https:\/\/gravatar.com\/reallybeded8fd34","https:\/\/naijamatta.com\/iwellguard","https:\/\/www.goodreads.com\/iwellguard","https:\/\/profile.hatena.ne.jp\/iwellguard\/","https:\/\/experiment.com\/users\/iwellguard","https:\/\/wakelet.com\/@iWellGuard82270","https:\/\/www.chordie.com\/forum\/profile.php?id=2555664","https:\/\/www.instapaper.com\/p\/17757966","https:\/\/www.mapleprimes.com\/users\/iwellguard","https:\/\/businesslistingplus.com\/profile\/iwell-guard\/","https:\/\/telegra.ph\/iWell-Guard-06-06","https:\/\/pbase.com\/iwellguard\/iwellguard","https:\/\/b.hatena.ne.jp\/iwellguard\/20260607#bookmark-4788405196491818882","https:\/\/fliphtml5.com\/home\/iwellguard","https:\/\/anyflip.com\/homepage\/cmiwl#About","https:\/\/transfur.com\/Users\/iwellguard","http:\/\/delphi.larsbo.org\/user\/iwellguard","https:\/\/jobs.lajobsportal.org\/profiles\/8380803-iwell-guard","https:\/\/md.chaosdorf.de\/s\/jfbe5SBdJD","https:\/\/www.lingvolive.com\/en-us\/profile\/9ecaeaca-ce11-4e51-9e71-01d55e2bff36\/translations","https:\/\/www.fitday.com\/fitness\/forums\/members\/iwellguard.html","https:\/\/www.mymeetbook.com\/iwellguard","https:\/\/pxhere.com\/en\/photographer-me\/5040798","https:\/\/disqus.com\/by\/iwellguard\/about\/","https:\/\/pastelink.net\/hjwciqwq","https:\/\/pubhtml5.com\/homepage\/scjhn\/","https:\/\/www.bitchute.com\/channel\/2O2eOKzNqujT","https:\/\/audiomack.com\/iwellguard"]},{"@type":"Person","@id":"https:\/\/iwell-guard.com\/sv\/#\/schema\/person\/ee2a27f1cac3406c7c6fb5820cb7349f","name":"Ralf Ittermann","image":{"@type":"ImageObject","inLanguage":"sv-SE","@id":"https:\/\/secure.gravatar.com\/avatar\/073c0153e350a5005b68eb752b445fea71f6b24a26da9449ad7e155e6b446c9d?s=96&d=mm&r=g","url":"https:\/\/secure.gravatar.com\/avatar\/073c0153e350a5005b68eb752b445fea71f6b24a26da9449ad7e155e6b446c9d?s=96&d=mm&r=g","contentUrl":"https:\/\/secure.gravatar.com\/avatar\/073c0153e350a5005b68eb752b445fea71f6b24a26da9449ad7e155e6b446c9d?s=96&d=mm&r=g","caption":"Ralf Ittermann"},"givenName":"Ralf","familyName":"Ittermann","jobTitle":"Gesch\u00e4ftsf\u00fchrer und redaktioneller Verantwortlicher","url":"https:\/\/iwell-guard.com\/sv\/author\/claude\/","description":"Ralf Ittermann ist Gesch\u00e4ftsf\u00fchrer der Ittermann electronic GmbH und redaktioneller Verantwortlicher des iWell-Guard-Lexikons. Er verbindet langj\u00e4hrige Erfahrung in der Pr\u00e4zisionsfertigung mit medialer Praxis und religionsgeschichtlicher Quellenarbeit.","worksFor":{"@type":"Organization","name":"Ittermann electronic GmbH","url":"https:\/\/ittermann.de\/","address":{"@type":"PostalAddress","streetAddress":"K\u00f6hlergasse 16-18","postalCode":"99842","addressLocality":"Ruhla","addressCountry":"DE"}},"knowsAbout":["Religionsgeschichte","Mythologie","Mediale Praxis","Energetische Diagnostik","Schutzpraxis","Volksglauben","Westliche Esoterik"]},{"@type":"Article","@id":"https:\/\/iwell-guard.com\/sv\/mikail\/#article","isPartOf":{"@id":"https:\/\/iwell-guard.com\/sv\/mikail\/"},"author":{"name":"Ralf Ittermann","@id":"https:\/\/iwell-guard.com\/sv\/#\/schema\/person\/ee2a27f1cac3406c7c6fb5820cb7349f"},"headline":"Mikail","datePublished":"2026-09-03T00:08:55+00:00","dateModified":"2026-09-03T01:08:37+00:00","mainEntityOfPage":{"@id":"https:\/\/iwell-guard.com\/sv\/mikail\/"},"publisher":{"@id":"https:\/\/iwell-guard.com\/sv\/#organization"},"image":{"@id":"https:\/\/iwell-guard.com\/sv\/mikail\/#primaryimage"},"thumbnailUrl":"https:\/\/iwell-guard.com\/wp-content\/uploads\/2026\/04\/goetter_islam_mikail.webp","inLanguage":"sv-SE","description":"Mikail, \u00e4rke\u00e4ngel i den islamiska traditionen, skriftligt belagd sedan \u00e5rhundraden: f\u00f6rs\u00f6rjare med f\u00f6da och v\u00e4lsignelse, st\u00f6d mot shaytanerna."}]}},"_links":{"self":[{"href":"https:\/\/iwell-guard.com\/sv\/wp-json\/wp\/v2\/pages\/136662","targetHints":{"allow":["GET"]}}],"collection":[{"href":"https:\/\/iwell-guard.com\/sv\/wp-json\/wp\/v2\/pages"}],"about":[{"href":"https:\/\/iwell-guard.com\/sv\/wp-json\/wp\/v2\/types\/page"}],"author":[{"embeddable":true,"href":"https:\/\/iwell-guard.com\/sv\/wp-json\/wp\/v2\/users\/3"}],"replies":[{"embeddable":true,"href":"https:\/\/iwell-guard.com\/sv\/wp-json\/wp\/v2\/comments?post=136662"}],"version-history":[{"count":0,"href":"https:\/\/iwell-guard.com\/sv\/wp-json\/wp\/v2\/pages\/136662\/revisions"}],"wp:featuredmedia":[{"embeddable":true,"href":"https:\/\/iwell-guard.com\/sv\/wp-json\/wp\/v2\/media\/1746"}],"wp:attachment":[{"href":"https:\/\/iwell-guard.com\/sv\/wp-json\/wp\/v2\/media?parent=136662"}],"wp:term":[{"taxonomy":"category","embeddable":true,"href":"https:\/\/iwell-guard.com\/sv\/wp-json\/wp\/v2\/categories?post=136662"}],"curies":[{"name":"wp","href":"https:\/\/api.w.org\/{rel}","templated":true}]}}