{"id":136661,"date":"2026-09-03T00:08:54","date_gmt":"2026-09-03T00:08:54","guid":{"rendered":"https:\/\/iwell-guard.com\/?page_id=136661"},"modified":"2026-09-03T01:08:34","modified_gmt":"2026-09-03T01:08:34","slug":"proserpina","status":"publish","type":"page","link":"https:\/\/iwell-guard.com\/sv\/proserpina\/","title":{"rendered":"Proserpina"},"content":{"rendered":"\t\t<div data-elementor-type=\"wp-page\" data-elementor-id=\"136661\" class=\"elementor elementor-136661 elementor-1979 elementor-bc-flex-widget\" data-elementor-post-type=\"page\">\n\t\t\t\t<div class=\"elementor-element elementor-element-10fdade e-flex e-con-boxed e-con e-parent\" data-id=\"10fdade\" data-element_type=\"container\" data-e-type=\"container\" data-settings=\"{&quot;background_background&quot;:&quot;classic&quot;}\">\n\t\t\t\t\t<div class=\"e-con-inner\">\n\t\t<div class=\"elementor-element elementor-element-herohlft0 e-flex e-con-boxed e-con e-child\" data-id=\"herohlft0\" data-element_type=\"container\" data-e-type=\"container\">\n\t\t\t\t\t<div class=\"e-con-inner\">\n\t\t<div class=\"elementor-element elementor-element-c3ceb64 e-con-full e-flex e-con e-child\" data-id=\"c3ceb64\" data-element_type=\"container\" data-e-type=\"container\">\n\t\t\t\t<div class=\"elementor-element elementor-element-96ae5e1 elementor-widget elementor-widget-heading\" data-id=\"96ae5e1\" data-element_type=\"widget\" data-e-type=\"widget\" data-widget_type=\"heading.default\">\n\t\t\t\t\t<h1 class=\"elementor-heading-title elementor-size-default\">Proserpina, gudinna inom den romerska traditionen<\/h1>\t\t\t\t<\/div>\n\t\t\t\t<div class=\"elementor-element elementor-element-e45238a elementor-widget elementor-widget-text-editor\" data-id=\"e45238a\" data-element_type=\"widget\" data-e-type=\"widget\" data-widget_type=\"text-editor.default\">\n\t\t\t\t\t\t\t\t\t<p>Proserpina \u00e4r underjordens och \u00e5terf\u00f6delsens gudinna inom den romerska traditionen. Hon \u00e4r Plutos hustru och h\u00e4rskarinna \u00f6ver d\u00f6dsriket, men genom sin \u00e5rliga \u00e5terkomst till ovanjorden \u00e4r hon bunden till naturens cykler. Religionsvetenskapligt sett \u00e4r Proserpina en f\u00f6rkroppsling av \u00f6verg\u00e5ngen mellan liv och d\u00f6d, mellan det \u00f6vre och det undre.<\/p>\t\t\t\t\t\t\t\t<\/div>\n\t\t\t\t<\/div>\n\t\t<div class=\"elementor-element elementor-element-klsbdg01 e-con-full e-flex e-con e-parent\" data-id=\"klsbdg01\" data-element_type=\"container\" data-e-type=\"container\">\n\t\t\t\t<div class=\"elementor-element elementor-element-klshtm01 elementor-widget elementor-widget-html\" data-id=\"klshtm01\" data-element_type=\"widget\" data-e-type=\"widget\" data-widget_type=\"html.default\">\n\t\t\t\t\t<div class=\"iwg-pill-row\"><span class=\"iwg-klasse-badge\" tabindex=\"0\" data-tooltip=\"Gud\/gudinna: Personifierad h\u00f6gsta makt i en kulturs pantheon, med tydliga ansvarsomr\u00e5den, naturkrafter, \u00f6de, krig, fruktbarhet. V\u00f6rdad genom kulter, offer och tempelinstitutioner.\">Gudinna<\/span><a href=\"https:\/\/iwell-guard.com\/sv\/rom\/\" class=\"iwg-kultur-badge\" tabindex=\"0\" data-tooltip=\"Romersk religion fr\u00e5n kungatiden till senantiken, synkretistisk med grekiska och etruskiska lager.\">Rom<\/a><a href=\"https:\/\/iwell-guard.com\/sv\/dodsgudomar\/\" class=\"iwg-tradition-badge\" tabindex=\"0\" data-tooltip=\"Gudar av underjorden och d\u00f6den, h\u00e4rskare \u00f6ver d\u00f6dsriket, d\u00f6dsdomare, sj\u00e4laledsagare.\">D\u00f6dsgudom<\/a><\/div>\t\t\t\t<\/div>\n\t\t\t\t<\/div>\n\t\t<div class=\"elementor-element elementor-element-3f74855 e-con-full e-flex e-con e-child\" data-id=\"3f74855\" data-element_type=\"container\" data-e-type=\"container\">\n\t\t\t\t<div class=\"elementor-element elementor-element-1c30362 elementor-toc--minimized-on-tablet elementor-widget elementor-widget-table-of-contents\" data-id=\"1c30362\" data-element_type=\"widget\" data-e-type=\"widget\" data-settings=\"{&quot;exclude_headings_by_selector&quot;:[],&quot;no_headings_message&quot;:&quot;Inga rubriker hittades p\\u00e5 den h\\u00e4r sidan.&quot;,&quot;headings_by_tags&quot;:[&quot;h2&quot;,&quot;h3&quot;],&quot;marker_view&quot;:&quot;bullets&quot;,&quot;minimize_box&quot;:&quot;yes&quot;,&quot;icon&quot;:{&quot;value&quot;:&quot;fas fa-circle&quot;,&quot;library&quot;:&quot;fa-solid&quot;,&quot;rendered_tag&quot;:&quot;&lt;svg class=\\&quot;e-font-icon-svg e-fas-circle\\&quot; viewBox=\\&quot;0 0 512 512\\&quot; xmlns=\\&quot;http:\\\/\\\/www.w3.org\\\/2000\\\/svg\\&quot;&gt;&lt;path d=\\&quot;M256 8C119 8 8 119 8 256s111 248 248 248 248-111 248-248S393 8 256 8z\\&quot;&gt;&lt;\\\/path&gt;&lt;\\\/svg&gt;&quot;},&quot;minimized_on&quot;:&quot;tablet&quot;,&quot;hierarchical_view&quot;:&quot;yes&quot;,&quot;min_height&quot;:{&quot;unit&quot;:&quot;px&quot;,&quot;size&quot;:&quot;&quot;,&quot;sizes&quot;:[]},&quot;min_height_tablet&quot;:{&quot;unit&quot;:&quot;px&quot;,&quot;size&quot;:&quot;&quot;,&quot;sizes&quot;:[]},&quot;min_height_mobile&quot;:{&quot;unit&quot;:&quot;px&quot;,&quot;size&quot;:&quot;&quot;,&quot;sizes&quot;:[]}}\" data-widget_type=\"table-of-contents.default\">\n\t\t\t\t\t\t\t\t\t<div class=\"elementor-toc__header\">\n\t\t\t\t\t\t<h2 class=\"elementor-toc__header-title\">\n\t\t\t\tInneh\u00e5llsf\u00f6rteckning\t\t\t<\/h2>\n\t\t\t\t\t\t\t\t\t\t<div class=\"elementor-toc__toggle-button elementor-toc__toggle-button--expand\" role=\"button\" tabindex=\"0\" aria-controls=\"elementor-toc__1c30362\" aria-expanded=\"true\" aria-label=\"\u00d6ppna inneh\u00e5llsf\u00f6rteckning\"><svg aria-hidden=\"true\" class=\"e-font-icon-svg e-fas-chevron-down\" viewBox=\"0 0 448 512\" xmlns=\"http:\/\/www.w3.org\/2000\/svg\"><path d=\"M207.029 381.476L12.686 187.132c-9.373-9.373-9.373-24.569 0-33.941l22.667-22.667c9.357-9.357 24.522-9.375 33.901-.04L224 284.505l154.745-154.021c9.379-9.335 24.544-9.317 33.901.04l22.667 22.667c9.373 9.373 9.373 24.569 0 33.941L240.971 381.476c-9.373 9.372-24.569 9.372-33.942 0z\"><\/path><\/svg><\/div>\n\t\t\t\t<div class=\"elementor-toc__toggle-button elementor-toc__toggle-button--collapse\" role=\"button\" tabindex=\"0\" aria-controls=\"elementor-toc__1c30362\" aria-expanded=\"true\" aria-label=\"St\u00e4ng inneh\u00e5llsf\u00f6rteckning\"><svg aria-hidden=\"true\" class=\"e-font-icon-svg e-fas-chevron-up\" viewBox=\"0 0 448 512\" xmlns=\"http:\/\/www.w3.org\/2000\/svg\"><path d=\"M240.971 130.524l194.343 194.343c9.373 9.373 9.373 24.569 0 33.941l-22.667 22.667c-9.357 9.357-24.522 9.375-33.901.04L224 227.495 69.255 381.516c-9.379 9.335-24.544 9.317-33.901-.04l-22.667-22.667c-9.373-9.373-9.373-24.569 0-33.941L207.03 130.525c9.372-9.373 24.568-9.373 33.941-.001z\"><\/path><\/svg><\/div>\n\t\t\t\t\t<\/div>\n\t\t\t\t<div id=\"elementor-toc__1c30362\" class=\"elementor-toc__body\">\n\t\t\t<div class=\"elementor-toc__spinner-container\">\n\t\t\t\t<svg class=\"elementor-toc__spinner eicon-animation-spin e-font-icon-svg e-eicon-loading\" aria-hidden=\"true\" viewBox=\"0 0 1000 1000\" xmlns=\"http:\/\/www.w3.org\/2000\/svg\"><path d=\"M500 975V858C696 858 858 696 858 500S696 142 500 142 142 304 142 500H25C25 237 238 25 500 25S975 237 975 500 763 975 500 975Z\"><\/path><\/svg>\t\t\t<\/div>\n\t\t<\/div>\n\t\t\t\t\t\t<\/div>\n\t\t\t\t<\/div>\n\t\t\t\t\t<\/div>\n\t\t\t\t<\/div>\n\t\t<div class=\"elementor-element elementor-element-herorght0 e-con-full e-flex e-con e-child\" data-id=\"herorght0\" data-element_type=\"container\" data-e-type=\"container\">\n\t\t\t\t<div class=\"elementor-element elementor-element-heroimg00 iwg-hero-image elementor-widget elementor-widget-image\" data-id=\"heroimg00\" data-element_type=\"widget\" data-e-type=\"widget\" data-widget_type=\"image.default\">\n\t\t\t\t\t\t\t\t\t\t\t\t\t\t\t<img fetchpriority=\"high\" decoding=\"async\" width=\"683\" height=\"1024\" src=\"https:\/\/iwell-guard.com\/wp-content\/uploads\/2026\/04\/goetter_rom_proserpina-683x1024.webp\" class=\"attachment-large size-large wp-image-136250\" alt=\"Proserpina - Gud fr\u00e5n den romerska traditionen, historiskt-illustrativ\" srcset=\"https:\/\/iwell-guard.com\/wp-content\/uploads\/2026\/04\/goetter_rom_proserpina-683x1024.webp 683w, https:\/\/iwell-guard.com\/wp-content\/uploads\/2026\/04\/goetter_rom_proserpina-200x300.webp 200w, https:\/\/iwell-guard.com\/wp-content\/uploads\/2026\/04\/goetter_rom_proserpina-768x1152.webp 768w, https:\/\/iwell-guard.com\/wp-content\/uploads\/2026\/04\/goetter_rom_proserpina.webp 1024w\" sizes=\"(max-width: 683px) 100vw, 683px\" \/>\t\t\t\t\t\t\t\t\t\t\t\t\t\t\t<\/div>\n\t\t\t\t<\/div>\n\t\t\t\t\t<\/div>\n\t\t\t\t<\/div>\n\t\t<div class=\"elementor-element elementor-element-32917199 e-flex e-con-boxed e-con e-parent\" data-id=\"32917199\" data-element_type=\"container\" data-e-type=\"container\">\n\t\t\t\t\t<div class=\"e-con-inner\">\n\t\t<div class=\"elementor-element elementor-element-26e916cb e-flex e-con-boxed e-con e-child\" data-id=\"26e916cb\" data-element_type=\"container\" data-e-type=\"container\">\n\t\t\t\t\t<div class=\"e-con-inner\">\n\t\t<div class=\"elementor-element elementor-element-253a40d4 e-flex e-con-boxed e-con e-child\" data-id=\"253a40d4\" data-element_type=\"container\" data-e-type=\"container\">\n\t\t\t\t\t<div class=\"e-con-inner\">\n\t\t\t\t<div class=\"elementor-element elementor-element-1200c304 elementor-widget elementor-widget-heading\" data-id=\"1200c304\" data-element_type=\"widget\" data-e-type=\"widget\" data-widget_type=\"heading.default\">\n\t\t\t\t\t<h2 class=\"elementor-heading-title elementor-size-default\">Proserpina<\/h2>\t\t\t\t<\/div>\n\t\t\t\t<div class=\"elementor-element elementor-element-11758e7f elementor-widget elementor-widget-text-editor\" data-id=\"11758e7f\" data-element_type=\"widget\" data-e-type=\"widget\" data-widget_type=\"text-editor.default\">\n\t\t\t\t\t\t\t\t\t<p>Proserpina f\u00f6rkroppsligar dualiteten mellan jungfrulighet och \u00e4ktenskap, mellan oskuld och kunglig auktoritet. Hon \u00e4r dotter till Ceres (s\u00e4den), Plutos maka och h\u00e4rskarinna \u00f6ver de d\u00f6da.<\/p><p><span class=\"iwg-fachbegriff\" data-tooltip=\"En \u00f6verl\u00e4mnad ber\u00e4ttelse om gudar, ursprung och v\u00e4rldens ordning.\" tabindex=\"0\">Myten<\/span> om hennes bortf\u00f6rande genom Pluto f\u00f6rklarar de s\u00e4songsbetingade v\u00e4xtv\u00e4xlingarna och \u00e5rets struktur. Hennes centrala aspekter \u00e4r fruktbarhet, mognad, \u00f6verg\u00e5ng och sanktionen av nytt liv fr\u00e5n d\u00f6dsriket. De eleusinska mysterierna firade hennes roll i den kosmiska f\u00f6rnyelsen.<\/p>\t\t\t\t\t\t\t\t<\/div>\n\t\t\t\t\t<\/div>\n\t\t\t\t<\/div>\n\t\t<div class=\"elementor-element elementor-element-159dcf9a e-flex e-con-boxed e-con e-child\" data-id=\"159dcf9a\" data-element_type=\"container\" data-e-type=\"container\">\n\t\t\t\t\t<div class=\"e-con-inner\">\n\t\t\t\t<div class=\"elementor-element elementor-element-48cee66f elementor-widget elementor-widget-heading\" data-id=\"48cee66f\" data-element_type=\"widget\" data-e-type=\"widget\" data-widget_type=\"heading.default\">\n\t\t\t\t\t<h2 class=\"elementor-heading-title elementor-size-default\">Kortprofil: Proserpina<\/h2>\t\t\t\t<\/div>\n\t\t\t\t<div class=\"elementor-element elementor-element-3f50d82c elementor-widget elementor-widget-text-editor\" data-id=\"3f50d82c\" data-element_type=\"widget\" data-e-type=\"widget\" data-widget_type=\"text-editor.default\">\n\t\t\t\t\t\t\t\t\t<p>K\u00e4llor: Ovidius Metamorphosen 5, Vergilius Georgica, Cicero De Natura Deorum, Apuleius Metamorphosen, hymner till Proserpina, latinska inskriptioner och gravstensepitafier. Sekund\u00e4rlitteratur: Georg Wissowa, Karl Latte, Walter Burkert (om sammansm\u00e4ltningen med Persephone), Hubert Cancik. Dyrkan av Proserpina var stark inom de eleusinska kulterna, men f\u00f6rekom \u00e4ven i privata hem i Italien, Gallien och Africa.<\/p>\t\t\t\t\t\t\t\t<\/div>\n\t\t\t\t\t<\/div>\n\t\t\t\t<\/div>\n\t\t\t\t\t<\/div>\n\t\t\t\t<\/div>\n\t\t\t\t\t<\/div>\n\t\t\t\t<\/div>\n\t\t<div class=\"elementor-element elementor-element-18613602 e-flex e-con-boxed e-con e-parent\" data-id=\"18613602\" data-element_type=\"container\" data-e-type=\"container\">\n\t\t\t\t\t<div class=\"e-con-inner\">\n\t\t\t\t<div class=\"elementor-element elementor-element-262b8a9f elementor-widget elementor-widget-heading\" data-id=\"262b8a9f\" data-element_type=\"widget\" data-e-type=\"widget\" data-widget_type=\"heading.default\">\n\t\t\t\t\t<h2 class=\"elementor-heading-title elementor-size-default\">Kontext<\/h2>\t\t\t\t<\/div>\n\t\t<div class=\"elementor-element elementor-element-46dcb7d e-con-full e-flex e-con e-child\" data-id=\"46dcb7d\" data-element_type=\"container\" data-e-type=\"container\">\n\t\t<div class=\"elementor-element elementor-element-61d3ab3 e-flex e-con-boxed e-con e-child\" data-id=\"61d3ab3\" data-element_type=\"container\" data-e-type=\"container\">\n\t\t\t\t\t<div class=\"e-con-inner\">\n\t\t\t\t<div class=\"elementor-element elementor-element-117c166 elementor-widget elementor-widget-heading\" data-id=\"117c166\" data-element_type=\"widget\" data-e-type=\"widget\" data-widget_type=\"heading.default\">\n\t\t\t\t\t<h3 class=\"elementor-heading-title elementor-size-default\">Texternas tidsperiod<\/h3>\t\t\t\t<\/div>\n\t\t\t\t<div class=\"elementor-element elementor-element-73997a0 elementor-widget elementor-widget-text-editor\" data-id=\"73997a0\" data-element_type=\"widget\" data-e-type=\"widget\" data-widget_type=\"text-editor.default\">\n\t\t\t\t\t\t\t\t\t<p>Proserpina f\u00f6rblev levande i kulturen \u00e4ven efter det att den antika kulten upph\u00f6rde. Ovidius skildring av bortf\u00f6randet i Metamorphosen och Claudianus senantika epos De raptu Proserpinae h\u00f6ll \u00e4mnet vid liv, och m\u00e5lare och skulpt\u00f6rer fr\u00e5n ren\u00e4ssansen till Bernini och Rossetti tog upp motivet. Goethe skrev ett monodrama om henne. Mytens k\u00e4rna, \u00e5ret som delas mellan ovanjorden och underjorden, \u00e4r fortfarande den mest k\u00e4nda antika tolkningen av \u00e5rstiderna.<\/p><h3>Mytologisk inordning<\/h3><p>Proserpina \u00e4r den romerska gudinnan f\u00f6r v\u00e5ren och underjorden, dotter till Ceres. Hennes <span class=\"iwg-fachbegriff\" data-tooltip=\"En \u00f6verl\u00e4mnad ber\u00e4ttelse om gudar, ursprung och v\u00e4rldens ordning.\" tabindex=\"0\">myt<\/span>, bortf\u00f6randet av Pluto och \u00e5terkomsten, \u00e4r central f\u00f6r f\u00f6rst\u00e5elsen av \u00e5rstiderna. Hon \u00e4r inte maktl\u00f6s, utan h\u00e4rskarinna \u00f6ver underjorden vid sidan av Pluto. Hon \u00e4r en ambivalent gestalt av f\u00f6rvandling.<\/p>\t\t\t\t\t\t\t\t<\/div>\n\t\t\t\t\t<\/div>\n\t\t\t\t<\/div>\n\t\t<div class=\"elementor-element elementor-element-d47b156 e-flex e-con-boxed e-con e-child\" data-id=\"d47b156\" data-element_type=\"container\" data-e-type=\"container\">\n\t\t\t\t\t<div class=\"e-con-inner\">\n\t\t\t\t<div class=\"elementor-element elementor-element-ff38c2b elementor-widget elementor-widget-heading\" data-id=\"ff38c2b\" data-element_type=\"widget\" data-e-type=\"widget\" data-widget_type=\"heading.default\">\n\t\t\t\t\t<h3 class=\"elementor-heading-title elementor-size-default\">Utbredningsomr\u00e5de<\/h3>\t\t\t\t<\/div>\n\t\t\t\t<div class=\"elementor-element elementor-element-4e49fcc elementor-widget elementor-widget-text-editor\" data-id=\"4e49fcc\" data-element_type=\"widget\" data-e-type=\"widget\" data-widget_type=\"text-editor.default\">\n\t\t\t\t\t\t\t\t\t<p>Proserpina var allm\u00e4nt k\u00e4nd i hela den romerska v\u00e4rlden och dyrkades eller respektfullt fruktades, utan begr\u00e4nsning till s\u00e4rskilda regioner eller platser. Vare sig i stora urbana centra eller i perifera lantliga omr\u00e5den, bland samh\u00e4llets elit eller bland vanligt folk, var denna gestalts andliga och kulturella betydelse genomg\u00e5ende erk\u00e4nd och universell.<\/p><p>Upptagandet av Proserpina i Rom var ett statligt beslut. P\u00e5 uppmaning av de sibyllinska b\u00f6ckerna inr\u00e4ttades hennes kult 249 f.Kr. tillsammans med Dis Paters, f\u00f6r att avv\u00e4rja olycka fr\u00e5n samh\u00e4llet. Hennes grekiska f\u00f6rebild Persephone kom till Rom via kolonierna i Syditalien och Sicilien. Helgedomen i Locri och de sicilianska kultplatserna visar hur handel och kolonisation spred och f\u00f6renade dyrkan i Medelhavsomr\u00e5det.<\/p>\t\t\t\t\t\t\t\t<\/div>\n\t\t\t\t\t<\/div>\n\t\t\t\t<\/div>\n\t\t\t\t<\/div>\n\t\t<div class=\"elementor-element elementor-element-db03c39 e-con-full e-flex e-con e-child\" data-id=\"db03c39\" data-element_type=\"container\" data-e-type=\"container\">\n\t\t<div class=\"elementor-element elementor-element-229a87b e-flex e-con-boxed e-con e-child\" data-id=\"229a87b\" data-element_type=\"container\" data-e-type=\"container\">\n\t\t\t\t\t<div class=\"e-con-inner\">\n\t\t\t\t<div class=\"elementor-element elementor-element-1f471fc elementor-widget elementor-widget-heading\" data-id=\"1f471fc\" data-element_type=\"widget\" data-e-type=\"widget\" data-widget_type=\"heading.default\">\n\t\t\t\t\t<h3 class=\"elementor-heading-title elementor-size-default\">K\u00e4ll\u00e4ge<\/h3>\t\t\t\t<\/div>\n\t\t\t\t<div class=\"elementor-element elementor-element-36b1201 elementor-widget elementor-widget-text-editor\" data-id=\"36b1201\" data-element_type=\"widget\" data-e-type=\"widget\" data-widget_type=\"text-editor.default\">\n\t\t\t\t\t\t\t\t\t<p>Prim\u00e4rk\u00e4llor: Ovidius Metamorphosen 5 (Bortf\u00f6randet av Proserpina), Vergilius Georgica och Aeneis, Homeros hymn till Demeter (grekisk motsvarighet), Cicero De Natura Deorum, Senecas tragedier.<\/p><p>Tidsperiod: 400-talet f.Kr. till 500-talet e.Kr. Forskare: Georg Wissowa, Karl Latte (romersk religionshistoria), Walter Burkert (grekisk religion), Manfred Clauss (kulter). Arkeologiska bel\u00e4gg: eleusinska helgedomar, gravmonument fr\u00e5n romersk tid, defixioner med Proserpinas namn.<\/p>\t\t\t\t\t\t\t\t<\/div>\n\t\t\t\t\t<\/div>\n\t\t\t\t<\/div>\n\t\t\t\t<\/div>\n\t\t\t\t\t<\/div>\n\t\t\t\t<\/div>\n\t\t<div class=\"elementor-element elementor-element-3ae0637c e-flex e-con-boxed e-con e-parent\" data-id=\"3ae0637c\" data-element_type=\"container\" data-e-type=\"container\">\n\t\t\t\t\t<div class=\"e-con-inner\">\n\t\t\t\t<div class=\"elementor-element elementor-element-31d07739 elementor-widget elementor-widget-heading\" data-id=\"31d07739\" data-element_type=\"widget\" data-e-type=\"widget\" data-widget_type=\"heading.default\">\n\t\t\t\t\t<h2 class=\"elementor-heading-title elementor-size-default\">Beteckning och stavningar<\/h2>\t\t\t\t<\/div>\n\t\t<div class=\"elementor-element elementor-element-b7642947 e-con-full e-flex e-con e-child\" data-id=\"b7642947\" data-element_type=\"container\" data-e-type=\"container\">\n\t\t\t\t<div class=\"elementor-element elementor-element-a086266 elementor-widget elementor-widget-text-editor\" data-id=\"a086266\" data-element_type=\"widget\" data-e-type=\"widget\" data-widget_type=\"text-editor.default\">\n\t\t\t\t\t\t\t\t\t<p>Proserpina avbildas i olika k\u00e4llor och konstn\u00e4rliga traditioner med vissa \u00e5terkommande ikonografiska element som f\u00f6rblir relativt konstanta \u00f6ver decennier och olika geografiska omr\u00e5den. Dessa element \u00e4r djupt symboliskt kodade och b\u00e4r stor betydelse. De kan inte f\u00f6rklaras som ren dekoration eller slumpm\u00e4ssiga val.<\/p><p>I bilderna av Proserpina g\u00e5r hennes dubbelnatur att utl\u00e4sa. S\u00e4desax, blommor och granat\u00e4pplet syftar p\u00e5 fruktbarhet och v\u00e4xtlighet, men samtidigt p\u00e5 den frukt vars f\u00f6rt\u00e4rande band henne till underjorden. Facklan h\u00f6r samman med hennes mor Ceres s\u00f6kande, och tronen vid Plutos sida visar henne som d\u00f6dsrikets drottning. Den som var f\u00f6rtrogen med myten k\u00e4nde igen en station i hennes historia i vart och ett av dessa tecken: bortf\u00f6randet, s\u00f6kandet, granat\u00e4pplet, det delade \u00e5ret. Attributen ber\u00e4ttar \u00e5rstidsmyten i f\u00f6rt\u00e4tad form.<\/p>\t\t\t\t\t\t\t\t<\/div>\n\t\t\t\t<\/div>\n\t\t\t\t\t<\/div>\n\t\t\t\t<\/div>\n\t\t<div class=\"elementor-element elementor-element-709a44a8 e-flex e-con-boxed e-con e-parent\" data-id=\"709a44a8\" data-element_type=\"container\" data-e-type=\"container\">\n\t\t\t\t\t<div class=\"e-con-inner\">\n\t\t\t\t<div class=\"elementor-element elementor-element-2f585873 elementor-widget elementor-widget-heading\" data-id=\"2f585873\" data-element_type=\"widget\" data-e-type=\"widget\" data-widget_type=\"heading.default\">\n\t\t\t\t\t<h2 class=\"elementor-heading-title elementor-size-default\">Beskrivning<\/h2>\t\t\t\t<\/div>\n\t\t<div class=\"elementor-element elementor-element-70621c12 e-con-full e-flex e-con e-child\" data-id=\"70621c12\" data-element_type=\"container\" data-e-type=\"container\">\n\t\t\t\t<div class=\"elementor-element elementor-element-4296eb49 elementor-widget elementor-widget-text-editor\" data-id=\"4296eb49\" data-element_type=\"widget\" data-e-type=\"widget\" data-widget_type=\"text-editor.default\">\n\t\t\t\t\t\t\t\t\t<p>Proserpina var central i den religi\u00f6sa praktiken, i vardagsritualerna och i den vardagliga f\u00f6rest\u00e4llningsv\u00e4rlden i Rom. M\u00e4nniskor v\u00e4nde sig till denna gudomlighet i kritiska eller s\u00e4rskilda livssituationer eller vid best\u00e4mda rituella \u00e5rstider, med strukturerade, ofta omfattande ritualer, b\u00f6ner eller offerg\u00e5vor.<\/p><p>Kulten kring Proserpina var noggrant reglerad i Rom. \u00c5r 249 f.Kr. inf\u00f6rdes hennes v\u00f6rdnad officiellt tillsammans med Dis Pater, och offren vid det underjordiska altaret p\u00e5 Tarentum p\u00e5 Marsf\u00e4ltet f\u00f6ljde exakta rituella f\u00f6reskrifter. I de grekiskt pr\u00e4glade mysterierna som g\u00e4llde hennes f\u00f6rebild Persephone ledde s\u00e4rskilt utsedda kult\u00e4mbetsm\u00e4n invigningarna, och deltagande och f\u00f6rlopp underkastades strikta regler.<\/p><p>Riterna f\u00f6r Proserpina fyllde konkreta funktioner under \u00e5rhundraden. Som vegetationsgudinna \u00e5kallades hon tillsammans med Ceres f\u00f6r s\u00e4dens tillv\u00e4xt, allts\u00e5 f\u00f6r samh\u00e4llets n\u00e4ringsgrund. Som underjordens drottning tog hon emot g\u00e5vor som skulle s\u00e4kra en n\u00e5dig mottagning f\u00f6r de d\u00f6da. Hennes myt om den \u00e5rliga upp- och nedf\u00e4rden gav ocks\u00e5 en gripbar gestalt \u00e5t \u00e5rstidsv\u00e4xlingen och \u00e5t \u00f6verg\u00e5ngen mellan liv och d\u00f6d.<\/p><h3>Utseende och symbolik<\/h3><p>Proserpina framst\u00e4lls i \u00f6verg\u00e5ngsfaser, ibland ung och v\u00e5rlik, ibland m\u00f6rk. Hon b\u00e4r krona och h\u00e5ller ofta nycklar. Granat\u00e4pplet \u00e4r hennes attribut (fr\u00f6et av \u00e5terkomst). Kornax och blommor tillh\u00f6r ocks\u00e5 henne. Hennes ambivalens \u00e4r hennes styrka.<\/p>\t\t\t\t\t\t\t\t<\/div>\n\t\t\t\t<\/div>\n\t\t\t\t\t<\/div>\n\t\t\t\t<\/div>\n\t\t<div class=\"elementor-element elementor-element-44e71476 e-flex e-con-boxed e-con e-parent\" data-id=\"44e71476\" data-element_type=\"container\" data-e-type=\"container\">\n\t\t\t\t\t<div class=\"e-con-inner\">\n\t\t\t\t<div class=\"elementor-element elementor-element-3c1fc3f0 elementor-widget elementor-widget-heading\" data-id=\"3c1fc3f0\" data-element_type=\"widget\" data-e-type=\"widget\" data-widget_type=\"heading.default\">\n\t\t\t\t\t<h2 class=\"elementor-heading-title elementor-size-default\">Presentation: Proserpina<\/h2>\t\t\t\t<\/div>\n\t\t<div class=\"elementor-element elementor-element-84f33b8e e-con-full e-flex e-con e-child\" data-id=\"84f33b8e\" data-element_type=\"container\" data-e-type=\"container\">\n\t\t\t\t<div class=\"elementor-element elementor-element-hqkdc67p elementor-widget elementor-widget-text-editor\" data-id=\"hqkdc67p\" data-element_type=\"widget\" data-e-type=\"widget\" data-widget_type=\"text-editor.default\">\n\t\t\t\t\t\t\t\t\t<p>Presentationen f\u00f6rklarar Proserpinas natur genom sex dimensioner: hennes mytiska ursprung och spridning, formerna f\u00f6r hennes v\u00f6rdnad inom religion och <span class=\"iwg-fachbegriff\" data-tooltip=\"Praktiker som genom s\u00e4rskilda handlingar eller formler f\u00f6rs\u00f6ker p\u00e5verka tingens g\u00e5ng.\" tabindex=\"0\">magi<\/span>, hennes karakteristiska framst\u00e4llning i konst och symboler, betydelsen av <span class=\"iwg-fachbegriff\" data-tooltip=\"Det bedjande eller besv\u00e4rjande tilltalet till en gudomlighet eller makt.\" tabindex=\"0\">\u00e5kallan<\/span> och respekt, besl\u00e4ktade gestalter i grannkulturer samt en avslutande \u00f6versikt \u00f6ver hennes kosmiska funktion som \u00f6verg\u00e5ngens gudinna.<\/p>\t\t\t\t\t\t\t\t<\/div>\n\t\t\t\t<\/div>\n\t\t<div class=\"elementor-element elementor-element-pemmx7c5 e-con-full e-flex e-con e-child\" data-id=\"pemmx7c5\" data-element_type=\"container\" data-e-type=\"container\">\n\t\t<div class=\"elementor-element elementor-element-pemmx7c1 e-con-full e-flex e-con e-child\" data-id=\"pemmx7c1\" data-element_type=\"container\" data-e-type=\"container\">\n\t\t<div class=\"elementor-element elementor-element-qh9oavvu iwg-steckbrief-card e-flex e-con-boxed e-con e-child\" data-id=\"qh9oavvu\" data-element_type=\"container\" data-e-type=\"container\">\n\t\t\t\t\t<div class=\"e-con-inner\">\n\t\t\t\t<div class=\"elementor-element elementor-element-awzx8k2k elementor-widget elementor-widget-heading\" data-id=\"awzx8k2k\" data-element_type=\"widget\" data-e-type=\"widget\" data-widget_type=\"heading.default\">\n\t\t\t\t\t<div class=\"elementor-heading-title elementor-size-default\">Proserpinas ursprung<\/div>\t\t\t\t<\/div>\n\t\t\t\t<div class=\"elementor-element elementor-element-x6rowhv0 elementor-widget elementor-widget-text-editor\" data-id=\"x6rowhv0\" data-element_type=\"widget\" data-e-type=\"widget\" data-widget_type=\"text-editor.default\">\n\t\t\t\t\t\t\t\t\t<p>Proserpina \u00e4r den romerska formen av den grekiska Persephone och h\u00e4rstammar fr\u00e5n indoeuropeiska fruktbarhetsgudinnemyter. Rov-<span class=\"iwg-fachbegriff\" data-tooltip=\"En \u00f6verl\u00e4mnad ber\u00e4ttelse om gudar, ursprung och v\u00e4rldens ordning.\" tabindex=\"0\">myten<\/span> (latin: raptus) var ursprungligen en f\u00f6rklaring till s\u00e4songsm\u00e4ssiga vegetationscykler. I Rom v\u00f6rdades Proserpina som Plutos gem\u00e5l, sj\u00e4lvst\u00e4ndig och m\u00e4ktig.<\/p><p>De tidigaste bel\u00e4ggen g\u00e5r tillbaka till 400-talet f.Kr., men f\u00f6rst\u00e4rktes under grekiskt inflytande (200\u2013100-talet f.Kr.). Eleusinska mysteriekulter spred henne \u00f6ver den <span class=\"iwg-fachbegriff\" data-tooltip=\"Epok inom grekisk och romersk kultur, ungef\u00e4r 800 f.Kr. till 600 e.Kr.\" tabindex=\"0\">antika<\/span> v\u00e4rlden.<\/p>\t\t\t\t\t\t\t\t<\/div>\n\t\t\t\t\t<\/div>\n\t\t\t\t<\/div>\n\t\t<div class=\"elementor-element elementor-element-8e3o4kxs iwg-steckbrief-card e-flex e-con-boxed e-con e-child\" data-id=\"8e3o4kxs\" data-element_type=\"container\" data-e-type=\"container\">\n\t\t\t\t\t<div class=\"e-con-inner\">\n\t\t\t\t<div class=\"elementor-element elementor-element-08rkdgov elementor-widget elementor-widget-heading\" data-id=\"08rkdgov\" data-element_type=\"widget\" data-e-type=\"widget\" data-widget_type=\"heading.default\">\n\t\t\t\t\t<div class=\"elementor-heading-title elementor-size-default\">Proserpinas m\u00e5lgrupp<\/div>\t\t\t\t<\/div>\n\t\t\t\t<div class=\"elementor-element elementor-element-uwjelx8s elementor-widget elementor-widget-text-editor\" data-id=\"uwjelx8s\" data-element_type=\"widget\" data-e-type=\"widget\" data-widget_type=\"text-editor.default\">\n\t\t\t\t\t\t\t\t\t<p>Proserpina \u00e5kallades av b\u00f6nder vid s\u00e5dd och sk\u00f6rd, av gravida kvinnor (som garant f\u00f6r nytt liv) och av s\u00f6rjande (f\u00f6r att blidka de d\u00f6da).<\/p><p>De eleusinska mysterierna var strikt hemliga, men deltagarna ber\u00e4ttade om Proserpinas roll som hoppets budb\u00e4rare efter d\u00f6den. I privata hem bad man till henne f\u00f6r fruktbarhet och skydd f\u00f6r barn. Anthesteria (blomsterfesten) var en \u00e5rlig fest till hennes \u00e4ra.<\/p>\t\t\t\t\t\t\t\t<\/div>\n\t\t\t\t\t<\/div>\n\t\t\t\t<\/div>\n\t\t<div class=\"elementor-element elementor-element-jm2n74ec iwg-steckbrief-card e-flex e-con-boxed e-con e-child\" data-id=\"jm2n74ec\" data-element_type=\"container\" data-e-type=\"container\">\n\t\t\t\t\t<div class=\"e-con-inner\">\n\t\t\t\t<div class=\"elementor-element elementor-element-8vufse4c elementor-widget elementor-widget-heading\" data-id=\"8vufse4c\" data-element_type=\"widget\" data-e-type=\"widget\" data-widget_type=\"heading.default\">\n\t\t\t\t\t<div class=\"elementor-heading-title elementor-size-default\">Framst\u00e4llning<\/div>\t\t\t\t<\/div>\n\t\t\t\t<div class=\"elementor-element elementor-element-mwb9u015 elementor-widget elementor-widget-text-editor\" data-id=\"mwb9u015\" data-element_type=\"widget\" data-e-type=\"widget\" data-widget_type=\"text-editor.default\">\n\t\t\t\t\t\t\t\t\t<p>Proserpina framst\u00e4lldes som en ung kvinna eller mogen drottning, beroende p\u00e5 fasen i <span class=\"iwg-fachbegriff\" data-tooltip=\"En \u00f6verl\u00e4mnad ber\u00e4ttelse om gudar, ursprung och v\u00e4rldens ordning.\" tabindex=\"0\">myten<\/span>, ung vid bortf\u00f6randet, mogen och kr\u00f6nt som underjordens h\u00e4rskarinna.<\/p><p>Hennes attribut \u00e4r vallmohuvudet (<span class=\"iwg-fachbegriff\" data-tooltip=\"Ett tecken som st\u00e5r f\u00f6r en f\u00f6rest\u00e4llning eller betydelse.\" tabindex=\"0\">symbol<\/span> f\u00f6r s\u00f6mn och d\u00f6d), ymnighetshornet (\u00f6verfl\u00f6d), spiran och facklan (hon lyser i underjordens m\u00f6rker). P\u00e5 mynt sitter hon bredvid Pluto eller b\u00e4r en krona. P\u00e5 gravstenar symboliserar hon \u00f6verg\u00e5ng och hopp om ett fortsatt liv.<\/p>\t\t\t\t\t\t\t\t<\/div>\n\t\t\t\t\t<\/div>\n\t\t\t\t<\/div>\n\t\t\t\t<\/div>\n\t\t<div class=\"elementor-element elementor-element-pemmx7c2 e-con-full e-flex e-con e-child\" data-id=\"pemmx7c2\" data-element_type=\"container\" data-e-type=\"container\">\n\t\t<div class=\"elementor-element elementor-element-37ss2yr6 iwg-steckbrief-card e-flex e-con-boxed e-con e-child\" data-id=\"37ss2yr6\" data-element_type=\"container\" data-e-type=\"container\">\n\t\t\t\t\t<div class=\"e-con-inner\">\n\t\t\t\t<div class=\"elementor-element elementor-element-3v0wp3wx elementor-widget elementor-widget-heading\" data-id=\"3v0wp3wx\" data-element_type=\"widget\" data-e-type=\"widget\" data-widget_type=\"heading.default\">\n\t\t\t\t\t<div class=\"elementor-heading-title elementor-size-default\">Verksamhet<\/div>\t\t\t\t<\/div>\n\t\t\t\t<div class=\"elementor-element elementor-element-w3247g2m elementor-widget elementor-widget-text-editor\" data-id=\"w3247g2m\" data-element_type=\"widget\" data-e-type=\"widget\" data-widget_type=\"text-editor.default\">\n\t\t\t\t\t\t\t\t\t<p><strong>Verkningsomr\u00e5de:<\/strong> Proserpina (\u00e4ven Persephone p\u00e5 grekiska) \u00e4r Roms underjordsgudinna, dotter till Ceres (Demeter) och gem\u00e5l till Pluto (Hades).<\/p><p>Hon symboliserar \u00f6verg\u00e5ngen mellan \u00e5rstiderna, mellan liv och d\u00f6d. Hennes bortf\u00f6rande till underjorden och hennes \u00e5rliga \u00e5terkomst till modern f\u00f6rklarar v\u00e4xlingen mellan sommar och vinter. Hon \u00e4r inte maktl\u00f6s eller passiv, i m\u00e5nga texter \u00e4r hon underjordens h\u00e4rskarinna, en maka med eget rike.<\/p>\t\t\t\t\t\t\t\t<\/div>\n\t\t\t\t\t<\/div>\n\t\t\t\t<\/div>\n\t\t<div class=\"elementor-element elementor-element-0qpjal9w iwg-steckbrief-card e-flex e-con-boxed e-con e-child\" data-id=\"0qpjal9w\" data-element_type=\"container\" data-e-type=\"container\">\n\t\t\t\t\t<div class=\"e-con-inner\">\n\t\t\t\t<div class=\"elementor-element elementor-element-6ndoih0o elementor-widget elementor-widget-heading\" data-id=\"6ndoih0o\" data-element_type=\"widget\" data-e-type=\"widget\" data-widget_type=\"heading.default\">\n\t\t\t\t\t<div class=\"elementor-heading-title elementor-size-default\">Skyddsmedel<\/div>\t\t\t\t<\/div>\n\t\t\t\t<div class=\"elementor-element elementor-element-6684tyh9 elementor-widget elementor-widget-text-editor\" data-id=\"6684tyh9\" data-element_type=\"widget\" data-e-type=\"widget\" data-widget_type=\"text-editor.default\">\n\t\t\t\t\t\t\t\t\t<p>Proserpina stod under <span class=\"iwg-fachbegriff\" data-tooltip=\"Det bedjande eller besv\u00e4rjande tilltalet till en gudomlighet eller makt.\" tabindex=\"0\">\u00e5kallan<\/span> och skyddande v\u00f6rdnad, som f\u00f6rmedlare mellan liv och d\u00f6d, inte som en skadegudinna. <span class=\"iwg-fachbegriff\" data-tooltip=\"G\u00e5va till en gudomlighet f\u00f6r att uttrycka tack, b\u00f6n eller v\u00f6rdnad.\" tabindex=\"0\">Offer<\/span> var vallmo, honung, frukter och svarta djur.<\/p><p>Vid d\u00f6dsfall bad man till henne f\u00f6r att f\u00f6ra de avlidna under hennes herrav\u00e4lde och ge dem frid. Gravida kvinnor bar amuletter med hennes bild. <span class=\"iwg-fachbegriff\" data-tooltip=\"Praktiker som genom s\u00e4rskilda handlingar eller formler f\u00f6rs\u00f6ker p\u00e5verka tingens g\u00e5ng.\" tabindex=\"0\">Magi<\/span> involverade ofta hennes namn f\u00f6r <span class=\"iwg-fachbegriff\" data-tooltip=\"Ett spr\u00e5kligt ritual som ska frammana eller binda en makt.\" tabindex=\"0\">besv\u00e4rjelse<\/span> eller skydd mot onda andar.<\/p>\t\t\t\t\t\t\t\t<\/div>\n\t\t\t\t\t<\/div>\n\t\t\t\t<\/div>\n\t\t<div class=\"elementor-element elementor-element-3lfi7x32 iwg-steckbrief-card e-flex e-con-boxed e-con e-child\" data-id=\"3lfi7x32\" data-element_type=\"container\" data-e-type=\"container\">\n\t\t\t\t\t<div class=\"e-con-inner\">\n\t\t\t\t<div class=\"elementor-element elementor-element-0kg99ga1 elementor-widget elementor-widget-heading\" data-id=\"0kg99ga1\" data-element_type=\"widget\" data-e-type=\"widget\" data-widget_type=\"heading.default\">\n\t\t\t\t\t<div class=\"elementor-heading-title elementor-size-default\">J\u00e4mf\u00f6rbart<\/div>\t\t\t\t<\/div>\n\t\t\t\t<div class=\"elementor-element elementor-element-n0fum6kp elementor-widget elementor-widget-text-editor\" data-id=\"n0fum6kp\" data-element_type=\"widget\" data-e-type=\"widget\" data-widget_type=\"text-editor.default\">\n\t\t\t\t\t\t\t\t\t<p>Persephone (grekisk) \u00e4r den direkta f\u00f6rebilden och f\u00f6rblir strukturellt identisk. Inanna\/Ishtar i det mesopotamiska liknar henne i resan till underjorden, men inte i den \u00e5rstidsbundna kopplingen. I det egyptiska omr\u00e5det visar Osiris (manlig) liknande funktioner som d\u00f6dsdomare och hoppets gestalt. Hel i det germanska \u00e4r en mindre ambivalent underjordsherskarinna.<\/p>\t\t\t\t\t\t\t\t<\/div>\n\t\t\t\t\t<\/div>\n\t\t\t\t<\/div>\n\t\t\t\t<\/div>\n\t\t\t\t<\/div>\n\t\t\t\t\t<\/div>\n\t\t\t\t<\/div>\n\t\t<div class=\"elementor-element elementor-element-5a584676 e-flex e-con-boxed e-con e-parent\" data-id=\"5a584676\" data-element_type=\"container\" data-e-type=\"container\">\n\t\t\t\t\t<div class=\"e-con-inner\">\n\t\t\t\t<div class=\"elementor-element elementor-element-6d0757bf elementor-widget elementor-widget-heading\" data-id=\"6d0757bf\" data-element_type=\"widget\" data-e-type=\"widget\" data-widget_type=\"heading.default\">\n\t\t\t\t\t<h2 class=\"elementor-heading-title elementor-size-default\">Proserpina, paralleller i andra kulturer<\/h2>\t\t\t\t<\/div>\n\t\t<div class=\"elementor-element elementor-element-60563f68 e-con-full e-flex e-con e-child\" data-id=\"60563f68\" data-element_type=\"container\" data-e-type=\"container\">\n\t\t\t\t<div class=\"elementor-element elementor-element-5a93fdd6 elementor-widget elementor-widget-text-editor\" data-id=\"5a93fdd6\" data-element_type=\"widget\" data-e-type=\"widget\" data-widget_type=\"text-editor.default\">\n\t\t\t\t\t\t\t\t\t<p>Proserpina \u00e4r den romerska motsvarigheten till den grekiska Persephone; hennes <span class=\"iwg-fachbegriff\" data-tooltip=\"En \u00f6verl\u00e4mnad ber\u00e4ttelse om gudar, ursprung och v\u00e4rldens ordning.\" tabindex=\"0\">myt<\/span> kn\u00f6ts till den romerska s\u00e5dkalendern och eleusinska mysterierna. Medan Persephone i den grekiska myten om de fyra \u00e5rstiderna f\u00f6rblir en central sorgegestalt, tar Proserpina i den romerska kultpraktiken \u00e4ven p\u00e5 sig skyddsuppgifter f\u00f6r \u00e4ktenskap och hush\u00e5ll.<\/p>\n<p><p><strong>Judisk tradition:<\/strong> I den judiska <span class=\"iwg-fachbegriff\" data-tooltip=\"Den samlade m\u00e4ngden \u00f6verl\u00e4mnade gudaber\u00e4ttelser i en kultur.\" tabindex=\"0\">mytologin<\/span> finns ingen underjordens gudinna. Sheol \u00e4r ett passivt d\u00f6dsrike utan personifierad h\u00e4rskarinna. F\u00f6rst i <span class=\"iwg-fachbegriff\" data-tooltip=\"Riktning inom judisk mystik med huvudverk som Sefer Jetzira och Sohar.\" tabindex=\"0\">kabbalan<\/span> och apokalyptiken n\u00e4mns \u00e4nglaliknande v\u00e4sen, men inga motsvarigheter till Proserpina.<\/p><p><strong>Den grekisk-romerska v\u00e4rlden:<\/strong> Persephone \u00e4r Proserpinas grekiska f\u00f6rlaga. I gemensamma kulter (s\u00e4rskilt efter 300-talet f.Kr.) sm\u00e4lte namnen och funktionerna samman, men f\u00f6rblev strukturellt desamma. Andra underjordsgudomar (Hekate) tillkom utan att tr\u00e4nga undan Persephone.<\/p><p><strong>Mesopotamien:<\/strong> Inanna\/Ishtar f\u00f6retar en resa till underjorden och tillf\u00e5ngatas d\u00e4r kortvarigt, men \u00e5terv\u00e4nder, strukturellt likt Proserpinas \u00e5rstidscykel, men mer dramatisk och mindre regenerativ.<\/p><p><strong>Indien\/Asien:<\/strong> Inom hinduismen f\u00f6rkroppsligar Kali f\u00f6rst\u00f6relse och f\u00f6rnyelse, men delar inte Proserpinas konkreta roll som d\u00f6dsgudens maka. I tidig buddhism saknas en motsvarande gestalt; underjorden \u00e4r mindre personifierad.<\/p>\t\t\t\t\t\t\t\t<\/div>\n\t\t\t\t<\/div>\n\t\t\t\t\t<\/div>\n\t\t\t\t<\/div>\n\t\t<div class=\"elementor-element elementor-element-cp96567ce e-flex e-con-boxed e-con e-parent\" data-id=\"cp96567ce\" data-element_type=\"container\" data-e-type=\"container\">\n\t\t\t\t\t<div class=\"e-con-inner\">\n\t\t\t\t<div class=\"elementor-element elementor-element-cp39824e6 elementor-widget elementor-widget-heading\" data-id=\"cp39824e6\" data-element_type=\"widget\" data-e-type=\"widget\" data-widget_type=\"heading.default\">\n\t\t\t\t\t<h2 class=\"elementor-heading-title elementor-size-default\">Rovet av Proserpina i detalj<\/h2>\t\t\t\t<\/div>\n\t\t<div class=\"elementor-element elementor-element-cp625c136 e-con-full e-flex e-con e-child\" data-id=\"cp625c136\" data-element_type=\"container\" data-e-type=\"container\">\n\t\t\t\t<div class=\"elementor-element elementor-element-cp57771b6 elementor-widget elementor-widget-text-editor\" data-id=\"cp57771b6\" data-element_type=\"widget\" data-e-type=\"widget\" data-widget_type=\"text-editor.default\">\n\t\t\t\t\t\t\t\t\t<p>Den centrala ber\u00e4ttelsen om Proserpina \u00e4r hennes bortr\u00f6vande av Pluto, underjordens h\u00e4rskare. Ovidius skildrar det utf\u00f6rligt i femte boken av <em>Metamorphoses<\/em>, en andra, avvikande version ger han i <em>Fasti<\/em>. Enligt Ovidius plockar Proserpina blommor tillsammans med sina f\u00f6ljeslagare i en <span class=\"iwg-fachbegriff\" data-tooltip=\"En helig lund som tj\u00e4nade som kultplats.\" tabindex=\"0\">lund<\/span> n\u00e4ra den sicilianska sj\u00f6n Pergus vid Henna.<\/p><p>Pluto, tr\u00e4ffad av en pil fr\u00e5n Amor, ser henne, griper henne och f\u00f6r henne i en vagn ner i djupet. Marken \u00f6ppnar sig vid sj\u00f6n Cyane, vars nymf g\u00f6r motst\u00e5nd, men f\u00f6rg\u00e4ves.<\/p><p>Ceres, modern, s\u00f6ker efter sin dotter \u00f6ver hela jorden. I sin vrede g\u00f6r hon enligt Ovidius Sicilien ofruktbart. F\u00f6rst nymfen Arethusa ber\u00e4ttar f\u00f6r henne att hon sett Proserpina som drottning av underjorden. Ceres v\u00e4nder sig till Jupiter.<\/p><p>\u00c5terl\u00e4mnandet omintetg\u00f6rs dock av ett villkor fr\u00e5n nornorna (Parcae): den som \u00e4tit mat i underjorden f\u00e5r inte \u00e5terv\u00e4nda. Proserpina har \u00e4tit sju k\u00e4rnor av ett granat\u00e4pple, iakttagen av Ascalaphus, som hon till straff f\u00f6rvandlar till en uggla.<\/p><p>Jupiter f\u00f6rmedlar en kompromiss. Proserpina tillbringar en del av \u00e5ret i ovanjordsv\u00e4rlden hos modern och en del i underjorden hos Pluto. Ovidius n\u00e4mner i <em>Fasti<\/em> en delning i tv\u00e5 lika delar, i <em>Metamorphoses<\/em> ett f\u00f6rh\u00e5llande av tv\u00e5 till en till f\u00f6rm\u00e5n f\u00f6r ovanjordsv\u00e4rlden.<\/p><p>Denna variation redan i de antika k\u00e4llorna visar att ber\u00e4ttelsen inte hade n\u00e5gon fastst\u00e4lld kanonisk form. <span class=\"iwg-fachbegriff\" data-tooltip=\"En \u00f6verl\u00e4mnad ber\u00e4ttelse om gudar, ursprung och v\u00e4rldens ordning.\" tabindex=\"0\">Myten<\/span> \u00e4r n\u00e4ra f\u00f6rbunden med det grekiska stoffet om Demeter och Persefone, vars mest utf\u00f6rliga version ges av den homeriska <em>Demeterhymnen<\/em>. Den romerska litteraturen \u00f6vertog stoffet i stort sett, men f\u00f6rlade sk\u00e5deplatsen f\u00f6retr\u00e4desvis till Sicilien, som ans\u00e5gs vara Ceres kultcentrum.<\/p>\t\t\t\t\t\t\t\t<\/div>\n\t\t\t\t<\/div>\n\t\t\t\t\t<\/div>\n\t\t\t\t<\/div>\n\t\t<div class=\"elementor-element elementor-element-cp5c9ee0b e-flex e-con-boxed e-con e-parent\" data-id=\"cp5c9ee0b\" data-element_type=\"container\" data-e-type=\"container\">\n\t\t\t\t\t<div class=\"e-con-inner\">\n\t\t\t\t<div class=\"elementor-element elementor-element-cp4f63d12 elementor-widget elementor-widget-heading\" data-id=\"cp4f63d12\" data-element_type=\"widget\" data-e-type=\"widget\" data-widget_type=\"heading.default\">\n\t\t\t\t\t<h2 class=\"elementor-heading-title elementor-size-default\">Proserpina och \u00e5rstidsmyten<\/h2>\t\t\t\t<\/div>\n\t\t<div class=\"elementor-element elementor-element-cp39c0a19 e-con-full e-flex e-con e-child\" data-id=\"cp39c0a19\" data-element_type=\"container\" data-e-type=\"container\">\n\t\t\t\t<div class=\"elementor-element elementor-element-cp45c5234 elementor-widget elementor-widget-text-editor\" data-id=\"cp45c5234\" data-element_type=\"widget\" data-e-type=\"widget\" data-widget_type=\"text-editor.default\">\n\t\t\t\t\t\t\t\t\t<p>Ber\u00e4ttelsen om Proserpinas delade vistelse tolkades redan under <span class=\"iwg-fachbegriff\" data-tooltip=\"Epoken f\u00f6r den grekiska och romerska kulturen, ungef\u00e4r 800 f.Kr. till 600 e.Kr.\" tabindex=\"0\">antiken<\/span> som en f\u00f6rklaring av \u00e5rstidsv\u00e4xlingen. Vistelsen i underjorden motsvarar den vegetationsfattiga tiden, \u00e5terkomsten till modern tillv\u00e4xten.<\/p><p>Denna tolkning ligger redan i de antika texterna, till exempel n\u00e4r Ovidius kopplar samman Ceres sorg med jordens ofruktbarhet. Religionsvetenskaplig forskning under 1800-talet och det tidiga 1900-talet, s\u00e4rskilt kring James Frazer och de s\u00e5 kallade Cambridge Ritualists, byggde upp en omfattande teori om d\u00f6ende och \u00e5terkommande vegetationsgudomar utifr\u00e5n detta.<\/p><p>Den nyare forskningen \u00e4r mer \u00e5terh\u00e5llsam gentemot denna tolkning. Den p\u00e5pekar att Proserpina r\u00f6vas bort och h\u00e4rskar, i st\u00e4llet f\u00f6r att d\u00f6, och att den medelhavsklimatiska cykeln med sin torra sommar och fuktiga vinter inte utan vidare passar in i m\u00f6nstret.<\/p><p>Vissa forskare l\u00e4ser <span class=\"iwg-fachbegriff\" data-tooltip=\"En \u00f6verl\u00e4mnad ber\u00e4ttelse om gudar, ursprung och v\u00e4rldens ordning.\" tabindex=\"0\">myten<\/span> snarare som en initiations- och gifterm\u00e5lsber\u00e4ttelse: Proserpina genomg\u00e5r \u00f6verg\u00e5ngen fr\u00e5n flicka till kvinna, fr\u00e5n moderns hus till makens. Granat\u00e4pplet, som ofta f\u00f6rknippas med fruktbarhet och \u00e4ktenskap, st\u00f6der denna l\u00e4sning.<\/p><p>B\u00e5da tolkningarna utesluter inte varandra. <span class=\"iwg-fachbegriff\" data-tooltip=\"Epoken f\u00f6r den grekiska och romerska kulturen, ungef\u00e4r 800 f.Kr. till 600 e.Kr.\" tabindex=\"0\">Antikens<\/span> kulter kunde f\u00f6rst\u00e5 samma <span class=\"iwg-fachbegriff\" data-tooltip=\"En \u00f6verl\u00e4mnad ber\u00e4ttelse om gudar, ursprung och v\u00e4rldens ordning.\" tabindex=\"0\">myt<\/span> p\u00e5 flera niv\u00e5er. F\u00f6r Ceres- och Proserpina-v\u00f6rdnaden i Rom var det jordbruksrelaterade i alla fall centralt, vilket festen <em>Cerialia<\/em> i april visar.<\/p><p>Vid sidan av detta fanns en mer personlig, bortomv\u00e4rldsinriktad <span class=\"iwg-fachbegriff\" data-tooltip=\"En m\u00e4nniskas levda religi\u00f6sa h\u00e5llning och praxis.\" tabindex=\"0\">fromhet<\/span>, som hade sin plats i mysteriekulterna och syftade p\u00e5 det individuella hoppet bortom d\u00f6den. Hur n\u00e4ra f\u00f6rbundna dessa linjer var i den romerska <span class=\"iwg-fachbegriff\" data-tooltip=\"Helheten av religi\u00f6sa v\u00f6rdnadshandlingar f\u00f6r en gudom eller helig gestalt.\" tabindex=\"0\">kulten<\/span> kan bara delvis rekonstrueras utifr\u00e5n de bristf\u00e4lliga k\u00e4llorna.<\/p>\t\t\t\t\t\t\t\t<\/div>\n\t\t\t\t<\/div>\n\t\t\t\t\t<\/div>\n\t\t\t\t<\/div>\n\t\t<div class=\"elementor-element elementor-element-cpa45d7ca e-flex e-con-boxed e-con e-parent\" data-id=\"cpa45d7ca\" data-element_type=\"container\" data-e-type=\"container\">\n\t\t\t\t\t<div class=\"e-con-inner\">\n\t\t\t\t<div class=\"elementor-element elementor-element-cp26d5ef9 elementor-widget elementor-widget-heading\" data-id=\"cp26d5ef9\" data-element_type=\"widget\" data-e-type=\"widget\" data-widget_type=\"heading.default\">\n\t\t\t\t\t<h2 class=\"elementor-heading-title elementor-size-default\">Kult och mysterier kring Ceres och Proserpina i Rom<\/h2>\t\t\t\t<\/div>\n\t\t<div class=\"elementor-element elementor-element-cp09178ee e-con-full e-flex e-con e-child\" data-id=\"cp09178ee\" data-element_type=\"container\" data-e-type=\"container\">\n\t\t\t\t<div class=\"elementor-element elementor-element-cp875fb57 elementor-widget elementor-widget-text-editor\" data-id=\"cp875fb57\" data-element_type=\"widget\" data-e-type=\"widget\" data-widget_type=\"text-editor.default\">\n\t\t\t\t\t\t\t\t\t<p>I Rom var Proserpina s\u00e4llan ensam f\u00f6rem\u00e5l f\u00f6r kulten. Hon f\u00f6rekommer oftast tillsammans med Ceres. Det viktigaste <span class=\"iwg-fachbegriff\" data-tooltip=\"En byggnad som \u00e4gnas \u00e5t v\u00f6rdnaden av en eller flera gudomligheter.\" tabindex=\"0\">templet<\/span> f\u00f6r de b\u00e5da gudinnorna l\u00e5g p\u00e5 Aventinen, enligt <span class=\"iwg-fachbegriff\" data-tooltip=\"Vidaref\u00f6randet av kunskap och ber\u00e4ttelser genom generationer.\" tabindex=\"0\">traditionen<\/span> <span class=\"iwg-fachbegriff\" data-tooltip=\"Genom en religi\u00f6s handling \u00f6verl\u00e4mnad till det heliga och d\u00e4rmed lyft ur det vardagliga.\" tabindex=\"0\">invigt<\/span> i b\u00f6rjan av femhundratalet f\u00f6re v\u00e5r tider\u00e4kning, tillsammans med Liber.<\/p><p>Denna aventinska <span class=\"iwg-fachbegriff\" data-tooltip=\"Helheten av religi\u00f6sa v\u00f6rdnadshandlingar f\u00f6r en gudomlighet eller helig gestalt.\" tabindex=\"0\">kult<\/span> ans\u00e5gs som en plebejisk motsvarighet till den patriciska triaden p\u00e5 Capitolium och hade d\u00e4rmed \u00e4ven en social och politisk dimension.<\/p><p>En egen form utgjorde <em>sacra Cereris<\/em>, en grekiskt pr\u00e4glad <span class=\"iwg-fachbegriff\" data-tooltip=\"Helheten av religi\u00f6sa v\u00f6rdnadshandlingar f\u00f6r en gudomlighet eller helig gestalt.\" tabindex=\"0\">kult<\/span> som enligt Cicero sk\u00f6ttes av grekiska pr\u00e4stinnor fr\u00e5n Syditalien och som endast var \u00f6ppen f\u00f6r kvinnor. Detta <span class=\"iwg-fachbegriff\" data-tooltip=\"En reglerad f\u00f6ljd av symboliska handlingar med religi\u00f6s eller kulturell betydelse.\" tabindex=\"0\">rituale<\/span> stod i samband med de eleusinska f\u00f6rest\u00e4llningarna men \u00f6verf\u00f6rde dem till romansk mark.<\/p><p>Vid sidan av detta firades i det republikanska Rom under kristider ett sorgeritual f\u00f6r Ceres och Proserpina, som enligt Livius kunde st\u00e4llas in vid sv\u00e5ra allm\u00e4nna n\u00f6dsituationer, eftersom sorg i s\u00e5dana stunder ans\u00e5gs ol\u00e4mplig.<\/p><p>Fr\u00e5n kejsartiden finns dessutom en nattlig fest belagd, den med oregelbundna mellanrum firade <em>saecularfesten<\/em>, d\u00e4r bland annat <span class=\"iwg-fachbegriff\" data-tooltip=\"G\u00e5va till en gudomlighet f\u00f6r att uttrycka tack, b\u00f6n eller v\u00f6rdnad.\" tabindex=\"0\">offer<\/span> till Proserpina som underjordens gudinna spelade en roll. K\u00e4ll\u00e4get kring detaljerna i dessa riter \u00e4r begr\u00e4nsat, eftersom mysteriekulter medvetet inte nedtecknade sitt inneh\u00e5ll.<\/p><p>Det vi vet kommer huvudsakligen fr\u00e5n antydningar hos Cicero, fr\u00e5n kristen polemik samt fr\u00e5n inskrifter och arkeologiska vittnesb\u00f6rd. Den exakta <span class=\"iwg-fachbegriff\" data-tooltip=\"Den fastst\u00e4llda ordningen f\u00f6r en religi\u00f6s samfunds gudstj\u00e4nst.\" tabindex=\"0\">liturgin<\/span> f\u00f6rblir till stor del ok\u00e4nd. J\u00e4mf\u00f6rbara strukturer \u00e5terfinns hos den grekiska <a href=\"https:\/\/iwell-guard.com\/sv\/persefone\/\">Persefone<\/a>, vars eleusinska <span class=\"iwg-fachbegriff\" data-tooltip=\"Helheten av religi\u00f6sa v\u00f6rdnadshandlingar f\u00f6r en gudomlighet eller helig gestalt.\" tabindex=\"0\">kult<\/span> \u00e4r n\u00e5got b\u00e4ttre dokumenterad.<\/p>\t\t\t\t\t\t\t\t<\/div>\n\t\t\t\t<\/div>\n\t\t\t\t\t<\/div>\n\t\t\t\t<\/div>\n\t\t<div class=\"elementor-element elementor-element-cp3f2b3a9 e-flex e-con-boxed e-con e-parent\" data-id=\"cp3f2b3a9\" data-element_type=\"container\" data-e-type=\"container\">\n\t\t\t\t\t<div class=\"e-con-inner\">\n\t\t\t\t<div class=\"elementor-element elementor-element-cp2b5008f elementor-widget elementor-widget-heading\" data-id=\"cp2b5008f\" data-element_type=\"widget\" data-e-type=\"widget\" data-widget_type=\"heading.default\">\n\t\t\t\t\t<h2 class=\"elementor-heading-title elementor-size-default\">Proserpina i bildkonsten och p\u00e5 sarkofager<\/h2>\t\t\t\t<\/div>\n\t\t<div class=\"elementor-element elementor-element-cp9688396 e-con-full e-flex e-con e-child\" data-id=\"cp9688396\" data-element_type=\"container\" data-e-type=\"container\">\n\t\t\t\t<div class=\"elementor-element elementor-element-cp1c2e52e elementor-widget elementor-widget-text-editor\" data-id=\"cp1c2e52e\" data-element_type=\"widget\" data-e-type=\"widget\" data-widget_type=\"text-editor.default\">\n\t\t\t\t\t\t\t\t\t<p>Rovet av Proserpina h\u00f6r till de mest avbildade myterna i romersk konst. S\u00e4rskilt vanligt \u00e4r <span class=\"iwg-fachbegriff\" data-tooltip=\"Ett \u00e5terkommande inneh\u00e5llsm\u00e4ssigt element i konst eller ber\u00e4ttelse.\" tabindex=\"0\">motivet<\/span> p\u00e5 sarkofager fr\u00e5n den mellersta och sena kejsartiden. Scenen visar typiskt Pluto som river med sig Proserpina p\u00e5 sin av h\u00e4star dragna vagn, \u00e5tf\u00f6ljd av Minerva, Diana och den motstr\u00e4viga Cyane.<\/p><p>Valet av just detta motiv f\u00f6r gravsammanhanget \u00e4r belysande: <span class=\"iwg-fachbegriff\" data-tooltip=\"En traderad ber\u00e4ttelse om gudar, ursprung och v\u00e4rldens ordning.\" tabindex=\"0\">myten<\/span> om den ofrivilliga \u00f6verg\u00e5ngen till underjorden och den delvisa \u00e5terkomsten gav en bildspr\u00e5k f\u00f6r d\u00f6den som f\u00f6rutom f\u00f6rlust ocks\u00e5 uttryckte hopp.<\/p><p>Dessutom finns v\u00e4ggm\u00e5lningar, bland annat fr\u00e5n Pompeji, och mosaiker som visar rovet eller den tronande Proserpina som underjordens h\u00e4rskarinna. Som drottning \u00f6ver underjorden b\u00e4r hon ofta diadem eller polos, ibland kornax eller granat\u00e4pplet som attribut.<\/p><p>I sin funktion som h\u00e4rskarinna sitter hon bredvid Pluto p\u00e5 tronen, ofta med den treh\u00f6vdade hunden Cerberus vid sina f\u00f6tter.<\/p><p>Reception av motivet forts\u00e4tter l\u00e5ngt bortom <span class=\"iwg-fachbegriff\" data-tooltip=\"Epok av grekisk och romersk kultur, cirka 800 f.Kr. till 600 e.Kr.\" tabindex=\"0\">antiken<\/span>. Den mest ber\u00f6mda nutida bearbetningen \u00e4r marmorgruppen <em>Ratto di Proserpina<\/em> av Gianlorenzo Bernini fr\u00e5n \u00e5ren omkring 1621 till 1622, som f\u00e5ngar \u00f6gonblicket av grepp med stor r\u00f6rlighet.<\/p><p>Inom m\u00e5leriet tog bland andra Rembrandt och senare prerafaeliterna, till exempel Dante Gabriel Rossetti med sin <em>Proserpine<\/em>, upp \u00e4mnet. \u00c4ven inom musiken anv\u00e4ndes stoffet, bland annat i barockoperor. De arkeologiska och konsthistoriska vittnesb\u00f6rden g\u00f6r tillsammans Proserpina till en av de mest bildm\u00e4ssigt dokumenterade gestalterna i den romerska <span class=\"iwg-fachbegriff\" data-tooltip=\"En traderad ber\u00e4ttelse om gudar, ursprung och v\u00e4rldens ordning.\" tabindex=\"0\">myten<\/span>.<\/p>\t\t\t\t\t\t\t\t<\/div>\n\t\t\t\t<\/div>\n\t\t\t\t\t<\/div>\n\t\t\t\t<\/div>\n\t\t<div class=\"elementor-element elementor-element-cp1d56957 e-flex e-con-boxed e-con e-parent\" data-id=\"cp1d56957\" data-element_type=\"container\" data-e-type=\"container\">\n\t\t\t\t\t<div class=\"e-con-inner\">\n\t\t\t\t<div class=\"elementor-element elementor-element-cp521bb21 elementor-widget elementor-widget-heading\" data-id=\"cp521bb21\" data-element_type=\"widget\" data-e-type=\"widget\" data-widget_type=\"heading.default\">\n\t\t\t\t\t<h2 class=\"elementor-heading-title elementor-size-default\">Etymologi och f\u00f6rh\u00e5llandet till Persefone<\/h2>\t\t\t\t<\/div>\n\t\t<div class=\"elementor-element elementor-element-cp47a25ab e-con-full e-flex e-con e-child\" data-id=\"cp47a25ab\" data-element_type=\"container\" data-e-type=\"container\">\n\t\t\t\t<div class=\"elementor-element elementor-element-cp88c9301 elementor-widget elementor-widget-text-editor\" data-id=\"cp88c9301\" data-element_type=\"widget\" data-e-type=\"widget\" data-widget_type=\"text-editor.default\">\n\t\t\t\t\t\t\t\t\t<p>Namnet Proserpina \u00e4r spr\u00e5khistoriskt inte helt klarlagt. Den <span class=\"iwg-fachbegriff\" data-tooltip=\"Epoken f\u00f6r den grekiska och romerska kulturen, ungef\u00e4r 800 f.Kr. till 600 e.Kr.\" tabindex=\"0\">antika<\/span> folketymologin kn\u00f6t namnet till det latinska verbet <em>proserpere<\/em>, krypa fram, och tolkade det som en syftning p\u00e5 s\u00e4dens uppspirande. Denna f\u00f6rklaring \u00e5terfinns hos Cicero och hos Varro. Den moderna spr\u00e5kvetenskapen betraktar den som en sekund\u00e4r tolkning.<\/p><p>Troligare \u00e4r att <em>Proserpina<\/em> utg\u00f6r en ljudm\u00e4ssig omformning av det grekiska namnet <em>Persephone<\/em>, m\u00f6jligen f\u00f6rmedlad via ett etruskiskt mellansteg. P\u00e5 etruskiska speglar framtr\u00e4der gestalten under namnet <em>Phersipnai<\/em> eller liknande former, vilket g\u00f6r en f\u00f6rmedling via etruskiskan trolig.<\/p><p>Det grekiska namnet <em>Persephone<\/em> sj\u00e4lvt anses ocks\u00e5 vara oklart och h\u00e4rstammar troligen fr\u00e5n f\u00f6rgrekisk tid. Redan grekerna k\u00e4nde till m\u00e5nga sidoformer som <em>Persephatta<\/em> eller <em>Pherrephatta<\/em>, vilket pekar p\u00e5 ett gammalt, sv\u00e5rtolkat namn. De m\u00e5nga varianterna visar att gestalten i <span class=\"iwg-fachbegriff\" data-tooltip=\"\u00d6verf\u00f6ringen av kunskap och ber\u00e4ttelser genom generationer.\" tabindex=\"0\">traditionen<\/span> aldrig blev spr\u00e5kligt helt fastlagd.<\/p><p>I den romerska religionen sammansm\u00e4lte Proserpina tidigt med den inhemska underjordsf\u00f6rest\u00e4llningen, men likst\u00e4lldes ocks\u00e5 med den italiska gudinnan Libera, den kvinnliga motsvarigheten till Liber. Denna identifikation \u00e4r inte genomg\u00e5ende och visar hur olika traditionslinjer fl\u00f6t samman i gestalten.<\/p><p>F\u00f6r den vetenskapliga betraktelsen \u00e4r Proserpina d\u00e4rf\u00f6r ett gott exempel p\u00e5 hur en grekisk <span class=\"iwg-fachbegriff\" data-tooltip=\"En \u00f6verl\u00e4mnad ber\u00e4ttelse om gudar, ursprung och v\u00e4rldens ordning.\" tabindex=\"0\">myt<\/span> f\u00f6rdes in i det romerska systemet via f\u00f6rmedlande kulturer och d\u00e4rvid f\u00f6renades med befintliga inhemska element. En fullst\u00e4ndig \u00e5tskillnad mellan den romerska och den grekiska gestalten \u00e4r knappast m\u00f6jlig utifr\u00e5n de bevarade k\u00e4llorna.<\/p>\t\t\t\t\t\t\t\t<\/div>\n\t\t\t\t<\/div>\n\t\t\t\t\t<\/div>\n\t\t\t\t<\/div>\n\t\t<div class=\"elementor-element elementor-element-cpa0b2c61 e-flex e-con-boxed e-con e-parent\" data-id=\"cpa0b2c61\" data-element_type=\"container\" data-e-type=\"container\">\n\t\t\t\t\t<div class=\"e-con-inner\">\n\t\t\t\t<div class=\"elementor-element elementor-element-cp1225fc8 elementor-widget elementor-widget-heading\" data-id=\"cp1225fc8\" data-element_type=\"widget\" data-e-type=\"widget\" data-widget_type=\"heading.default\">\n\t\t\t\t\t<h2 class=\"elementor-heading-title elementor-size-default\">Proserpina som underjordens h\u00e4rskarinna och i f\u00f6rbannelsepraxis<\/h2>\t\t\t\t<\/div>\n\t\t<div class=\"elementor-element elementor-element-cp3d58d11 e-con-full e-flex e-con e-child\" data-id=\"cp3d58d11\" data-element_type=\"container\" data-e-type=\"container\">\n\t\t\t\t<div class=\"elementor-element elementor-element-cp9a4fb59 elementor-widget elementor-widget-text-editor\" data-id=\"cp9a4fb59\" data-element_type=\"widget\" data-e-type=\"widget\" data-widget_type=\"text-editor.default\">\n\t\t\t\t\t\t\t\t\t<p>Ut\u00f6ver sin roll i \u00e5rstidsmyten hade Proserpina en egen funktion som h\u00e4rskarinna \u00f6ver d\u00f6dsriket.<\/p><p>I denna roll framtr\u00e4der hon i en k\u00e4llgrupp som \u00e4r s\u00e4rskilt upplysande f\u00f6r det romerska vardagslivet: f\u00f6rbannelsetavlorna, p\u00e5 latin <em>defixiones<\/em>. Dessa texter, oftast inristade p\u00e5 blytavlor, lades ned i gravar, brunnar eller k\u00e4llor och \u00e5kallade underjordens makter f\u00f6r att skada en motst\u00e5ndare, p\u00e5verka en r\u00e4tteg\u00e5ng eller \u00e5terf\u00e5 stulet gods.<\/p><p>P\u00e5 m\u00e5nga bevarade tavlor \u00e5kallas Proserpina tillsammans med Pluto eller Dis Pater. Hon framtr\u00e4der d\u00e4r under olika tillnamn, ibland ocks\u00e5 sammansm\u00e4lt med andra underjordsgestalter.<\/p><p>Spr\u00e5ket i dessa texter \u00e4r formelartat och f\u00f6ljer igenk\u00e4nnliga m\u00f6nster, vilket tyder p\u00e5 att det fanns f\u00f6rlagor eller specialiserade f\u00f6rfattare. F\u00f6r forskningen \u00e4r <em>defixiones<\/em> v\u00e4rdefulla eftersom de dokumenterar en <span class=\"iwg-fachbegriff\" data-tooltip=\"Den levda religi\u00f6sa h\u00e5llningen och praxisen hos en m\u00e4nniska.\" tabindex=\"0\">fromhet<\/span> vid sidan av de officiella statskulterna och visar hur m\u00e4nniskor konkret v\u00e4nde sig till gudarna.<\/p><p>Proserpina var dessutom f\u00f6rbunden med bel\u00f6ning och bestraffning i livet efter detta. I mysterief\u00f6rest\u00e4llningarna, som bland annat framtr\u00e4der i de s\u00e5 kallade orfisk-bacchiska guldtavlorna, spelar en underjordsdrottning en roll som den instans inf\u00f6r vilken den avlidna sj\u00e4len best\u00e5r eller misslyckas.<\/p><p>Om dessa tavlor avser Proserpina i strikt romersk mening eller en mer allm\u00e4n, grekiskt pr\u00e4glad underjordsgudinna \u00e4r i enskilda fall sv\u00e5rt att avg\u00f6ra. Sammantaget visar denna k\u00e4llgrupp att Proserpina, ut\u00f6ver den litter\u00e4ra mytfiguren, var mottagare av verklig rituell praxis som str\u00e4ckte sig fr\u00e5n k\u00e4rleksmagi till hopp om ett liv efter detta.<\/p>\t\t\t\t\t\t\t\t<\/div>\n\t\t\t\t<\/div>\n\t\t\t\t\t<\/div>\n\t\t\t\t<\/div>\n\t\t<div class=\"elementor-element elementor-element-36dd7469 e-flex e-con-boxed e-con e-parent\" data-id=\"36dd7469\" data-element_type=\"container\" data-e-type=\"container\">\n\t\t\t\t\t<div class=\"e-con-inner\">\n\t\t\t\t<div class=\"elementor-element elementor-element-13760ab4 elementor-widget elementor-widget-heading\" data-id=\"13760ab4\" data-element_type=\"widget\" data-e-type=\"widget\" data-widget_type=\"heading.default\">\n\t\t\t\t\t<h2 class=\"elementor-heading-title elementor-size-default\">Vidare l\u00e4nkar<\/h2>\t\t\t\t<\/div>\n\t\t<div class=\"elementor-element elementor-element-28c87796 e-con-full e-flex e-con e-child\" data-id=\"28c87796\" data-element_type=\"container\" data-e-type=\"container\">\n\t\t\t\t<div class=\"elementor-element elementor-element-5d6538df elementor-widget elementor-widget-text-editor\" data-id=\"5d6538df\" data-element_type=\"widget\" data-e-type=\"widget\" data-widget_type=\"text-editor.default\">\n\t\t\t\t\t\t\t\t\t<ul><li><a href=\"https:\/\/iwell-guard.com\/sv\/rom\/\">Rom, kultur<\/a><\/li><li><a href=\"https:\/\/iwell-guard.com\/sv\/pluto\/\">Pluto, make och underjordens kung<\/a><\/li><li><a href=\"https:\/\/iwell-guard.com\/sv\/persefone\/\">Persephone, grekisk ursprungsform<\/a><\/li><\/ul>\t\t\t\t\t\t\t\t<\/div>\n\t\t\t\t<\/div>\n\t\t\t\t\t<\/div>\n\t\t\t\t<\/div>\n\t\t<div class=\"elementor-element elementor-element-grl4kl40 e-flex e-con-boxed e-con e-parent\" data-id=\"grl4kl40\" data-element_type=\"container\" data-e-type=\"container\">\n\t\t\t\t\t<div class=\"e-con-inner\">\n\t\t\t\t<div class=\"elementor-element elementor-element-bzsbfrmh elementor-widget elementor-widget-heading\" data-id=\"bzsbfrmh\" data-element_type=\"widget\" data-e-type=\"widget\" data-widget_type=\"heading.default\">\n\t\t\t\t\t<h2 class=\"elementor-heading-title elementor-size-default\">Forskningslitteratur<\/h2>\t\t\t\t<\/div>\n\t\t<div class=\"elementor-element elementor-element-2c13224a e-con-full e-flex e-con e-child\" data-id=\"2c13224a\" data-element_type=\"container\" data-e-type=\"container\">\n\t\t\t\t<div class=\"elementor-element elementor-element-0eymh9ub elementor-widget elementor-widget-text-editor\" data-id=\"0eymh9ub\" data-element_type=\"widget\" data-e-type=\"widget\" data-widget_type=\"text-editor.default\">\n\t\t\t\t\t\t\t\t\t<footer class=\"iwg-literatur\" data-nosnippet=\"true\"><ul><li><span data-nosnippet>Beard, Mary \/ North, John \/ Price, Simon: <em>Religions of Rome<\/em>. Cambridge University Press, 1998.<\/span><\/li><li><span data-nosnippet>Foley, Helene P. (Hrsg.): <em>The Homeric Hymn to Demeter: Translation and Commentary<\/em>. Princeton University Press, 1994.<\/span><\/li><li><span data-nosnippet>Caldwell, Richard S.: <em>The Psychology of Religion. A Jungian Perspective<\/em>. Routledge, 1991.<\/span><\/li><\/ul><\/footer>\t\t\t\t\t\t\t\t<\/div>\n\t\t\t\t<\/div>\n\t\t\t\t\t<\/div>\n\t\t\t\t<\/div>\n\t\t<div class=\"elementor-element elementor-element-iwgkw2-add-proserpina e-flex e-con-boxed e-con e-parent\" data-id=\"iwgkw2-add-proserpina\" data-element_type=\"container\" data-e-type=\"container\">\n\t\t\t\t\t<div class=\"e-con-inner\">\n\t\t\t\t<div class=\"elementor-element elementor-element-iwgkw2-add-proserpina-t elementor-widget elementor-widget-text-editor\" data-id=\"iwgkw2-add-proserpina-t\" data-element_type=\"widget\" data-e-type=\"widget\" data-widget_type=\"text-editor.default\">\n\t\t\t\t\t\t\t\t\t<p>Som <em><span class=\"iwg-fachbegriff\" data-tooltip=\"En som gudomlig v\u00f6rdad varelse inom en religion.\" tabindex=\"0\">gudom<\/span><\/em> i den romerska traditionen motsvarar Proserpina den grekiska Persephone och delar sitt \u00e5r mellan ovanjorden och underjorden; hennes <span class=\"iwg-fachbegriff\" data-tooltip=\"Summan av de religi\u00f6sa v\u00f6rdnadshandlingarna f\u00f6r en gudom eller helig gestalt.\" tabindex=\"0\">kult<\/span> pr\u00e4glade s\u00e5dfesterna och <em>libri Sibyllini<\/em>.<\/p>\t\t\t\t\t\t\t\t<\/div>\n\t\t\t\t\t<\/div>\n\t\t\t\t<\/div>\n\t\t\t\t<\/div>\n\t\t","protected":false},"excerpt":{"rendered":"","protected":false},"author":3,"featured_media":1738,"parent":0,"menu_order":0,"comment_status":"closed","ping_status":"closed","template":"elementor_header_footer","meta":{"_yoast_wpseo_focuskw":"Proserpina","_yoast_wpseo_title":"Proserpina \u2013 romersk underjordsgudinna","_yoast_wpseo_metadesc":"Proserpina, romersk underjordsgudinna: bortf\u00f6randet av Pluto, granat\u00e4pplet och \u00e5rstidsmyten, kultens historia fr\u00e5n Rom till f\u00f6rbannelsetavlorna.","_yoast_wpseo_meta-robots-noindex":"","_yoast_wpseo_canonical":"","_angie_page":false,"gefaehrdungsstufe":"2","wesen_kultur":"rom","wesen_klasse":"goetter","footnotes":""},"categories":[],"class_list":["post-136661","page","type-page","status-publish","has-post-thumbnail","hentry"],"yoast_head":"<!-- This site is optimized with the Yoast SEO Premium plugin v27.7 (Yoast SEO v28.3) - https:\/\/yoast.com\/product\/yoast-seo-premium-wordpress\/ -->\n<title>Proserpina \u2013 romersk underjordsgudinna<\/title>\n<meta name=\"description\" content=\"Proserpina, romersk underjordsgudinna: bortf\u00f6randet av Pluto, granat\u00e4pplet och \u00e5rstidsmyten, kultens historia fr\u00e5n Rom till f\u00f6rbannelsetavlorna.\" \/>\n<meta name=\"robots\" content=\"index, follow, max-snippet:-1, max-image-preview:large, max-video-preview:-1\" \/>\n<link rel=\"canonical\" href=\"https:\/\/iwell-guard.com\/sv\/proserpina\/\" \/>\n<meta property=\"og:locale\" content=\"sv_SE\" \/>\n<meta property=\"og:type\" content=\"article\" \/>\n<meta property=\"og:title\" content=\"Proserpina\" \/>\n<meta property=\"og:description\" content=\"Proserpina, romersk underjordsgudinna: bortf\u00f6randet av Pluto, granat\u00e4pplet och \u00e5rstidsmyten, kultens historia fr\u00e5n Rom till f\u00f6rbannelsetavlorna.\" \/>\n<meta property=\"og:url\" content=\"https:\/\/iwell-guard.com\/sv\/proserpina\/\" \/>\n<meta property=\"og:site_name\" content=\"iWell Guard\" \/>\n<meta property=\"article:modified_time\" content=\"2026-09-03T01:08:34+00:00\" \/>\n<meta property=\"og:image\" content=\"https:\/\/iwell-guard.com\/wp-content\/uploads\/2026\/04\/goetter_rom_proserpina.webp\" \/>\n\t<meta property=\"og:image:width\" content=\"1024\" \/>\n\t<meta property=\"og:image:height\" content=\"1536\" \/>\n\t<meta property=\"og:image:type\" content=\"image\/webp\" \/>\n<meta name=\"twitter:card\" content=\"summary_large_image\" \/>\n<script type=\"application\/ld+json\" class=\"yoast-schema-graph\">{\"@context\":\"https:\\\/\\\/schema.org\",\"@graph\":[{\"@type\":\"WebPage\",\"@id\":\"https:\\\/\\\/iwell-guard.com\\\/sv\\\/proserpina\\\/\",\"url\":\"https:\\\/\\\/iwell-guard.com\\\/sv\\\/proserpina\\\/\",\"name\":\"Proserpina \u2013 romersk underjordsgudinna\",\"isPartOf\":{\"@id\":\"https:\\\/\\\/iwell-guard.com\\\/sv\\\/#website\"},\"primaryImageOfPage\":{\"@id\":\"https:\\\/\\\/iwell-guard.com\\\/sv\\\/proserpina\\\/#primaryimage\"},\"image\":{\"@id\":\"https:\\\/\\\/iwell-guard.com\\\/sv\\\/proserpina\\\/#primaryimage\"},\"thumbnailUrl\":\"https:\\\/\\\/iwell-guard.com\\\/wp-content\\\/uploads\\\/2026\\\/04\\\/goetter_rom_proserpina.webp\",\"datePublished\":\"2026-09-03T00:08:54+00:00\",\"dateModified\":\"2026-09-03T01:08:34+00:00\",\"description\":\"Proserpina, romersk underjordsgudinna: bortf\u00f6randet av Pluto, granat\u00e4pplet och \u00e5rstidsmyten, kultens historia fr\u00e5n Rom till f\u00f6rbannelsetavlorna.\",\"breadcrumb\":{\"@id\":\"https:\\\/\\\/iwell-guard.com\\\/sv\\\/proserpina\\\/#breadcrumb\"},\"inLanguage\":\"sv-SE\",\"potentialAction\":[{\"@type\":\"ReadAction\",\"target\":[\"https:\\\/\\\/iwell-guard.com\\\/sv\\\/proserpina\\\/\"]}]},{\"@type\":\"ImageObject\",\"inLanguage\":\"sv-SE\",\"@id\":\"https:\\\/\\\/iwell-guard.com\\\/sv\\\/proserpina\\\/#primaryimage\",\"url\":\"https:\\\/\\\/iwell-guard.com\\\/wp-content\\\/uploads\\\/2026\\\/04\\\/goetter_rom_proserpina.webp\",\"contentUrl\":\"https:\\\/\\\/iwell-guard.com\\\/wp-content\\\/uploads\\\/2026\\\/04\\\/goetter_rom_proserpina.webp\",\"width\":1024,\"height\":1536,\"caption\":\"Gudar fr\u00e5n den romerska traditionen.\"},{\"@type\":\"BreadcrumbList\",\"@id\":\"https:\\\/\\\/iwell-guard.com\\\/sv\\\/proserpina\\\/#breadcrumb\",\"itemListElement\":[{\"@type\":\"ListItem\",\"position\":1,\"name\":\"Start\",\"item\":\"https:\\\/\\\/iwell-guard.com\\\/sv\\\/?page_id=136483\"},{\"@type\":\"ListItem\",\"position\":2,\"name\":\"Proserpina\"}]},{\"@type\":\"WebSite\",\"@id\":\"https:\\\/\\\/iwell-guard.com\\\/sv\\\/#website\",\"url\":\"https:\\\/\\\/iwell-guard.com\\\/sv\\\/\",\"name\":\"iWell Guard\",\"description\":\"Schutz vor dunklen Einfl\u00fcssen\",\"publisher\":{\"@id\":\"https:\\\/\\\/iwell-guard.com\\\/sv\\\/#organization\"},\"potentialAction\":[{\"@type\":\"SearchAction\",\"target\":{\"@type\":\"EntryPoint\",\"urlTemplate\":\"https:\\\/\\\/iwell-guard.com\\\/sv\\\/?s={search_term_string}\"},\"query-input\":{\"@type\":\"PropertyValueSpecification\",\"valueRequired\":true,\"valueName\":\"search_term_string\"}}],\"inLanguage\":\"sv-SE\"},{\"@type\":\"Organization\",\"@id\":\"https:\\\/\\\/iwell-guard.com\\\/sv\\\/#organization\",\"name\":\"Ittermann electronic GmbH\",\"url\":\"https:\\\/\\\/iwell-guard.com\\\/sv\\\/\",\"logo\":{\"@type\":\"ImageObject\",\"inLanguage\":\"sv-SE\",\"@id\":\"https:\\\/\\\/iwell-guard.com\\\/sv\\\/#\\\/schema\\\/logo\\\/image\\\/\",\"url\":\"https:\\\/\\\/iwell-guard.com\\\/wp-content\\\/uploads\\\/2026\\\/05\\\/Ittermann-Logo-1182x237-1.png\",\"contentUrl\":\"https:\\\/\\\/iwell-guard.com\\\/wp-content\\\/uploads\\\/2026\\\/05\\\/Ittermann-Logo-1182x237-1.png\",\"width\":1182,\"height\":237,\"caption\":\"Ittermann electronic GmbH\"},\"image\":{\"@id\":\"https:\\\/\\\/iwell-guard.com\\\/sv\\\/#\\\/schema\\\/logo\\\/image\\\/\"},\"sameAs\":[\"https:\\\/\\\/pantip.com\\\/profile\\\/9367242\",\"https:\\\/\\\/micro.blog\\\/iwellguard\",\"https:\\\/\\\/www.diggerslist.com\\\/iwellguard\\\/about\",\"https:\\\/\\\/skitterphoto.com\\\/photographers\\\/2870314\\\/iwell-guard\",\"https:\\\/\\\/iwellguard.wordpress.com\\\/2026\\\/06\\\/06\\\/iwell-guard\\\/\",\"https:\\\/\\\/hub.docker.com\\\/u\\\/iwellguard\",\"https:\\\/\\\/www.pinterest.com\\\/iwellguard\\\/\",\"https:\\\/\\\/bit.ly\\\/m\\\/iwellguard\",\"https:\\\/\\\/entre-vos-mains.alsace.eu\\\/profiles\\\/iwellguard\\\/activity\",\"https:\\\/\\\/gravatar.com\\\/reallybeded8fd34\",\"https:\\\/\\\/naijamatta.com\\\/iwellguard\",\"https:\\\/\\\/www.goodreads.com\\\/iwellguard\",\"https:\\\/\\\/profile.hatena.ne.jp\\\/iwellguard\\\/\",\"https:\\\/\\\/experiment.com\\\/users\\\/iwellguard\",\"https:\\\/\\\/wakelet.com\\\/@iWellGuard82270\",\"https:\\\/\\\/www.chordie.com\\\/forum\\\/profile.php?id=2555664\",\"https:\\\/\\\/www.instapaper.com\\\/p\\\/17757966\",\"https:\\\/\\\/www.mapleprimes.com\\\/users\\\/iwellguard\",\"https:\\\/\\\/businesslistingplus.com\\\/profile\\\/iwell-guard\\\/\",\"https:\\\/\\\/telegra.ph\\\/iWell-Guard-06-06\",\"https:\\\/\\\/pbase.com\\\/iwellguard\\\/iwellguard\",\"https:\\\/\\\/b.hatena.ne.jp\\\/iwellguard\\\/20260607#bookmark-4788405196491818882\",\"https:\\\/\\\/fliphtml5.com\\\/home\\\/iwellguard\",\"https:\\\/\\\/anyflip.com\\\/homepage\\\/cmiwl#About\",\"https:\\\/\\\/transfur.com\\\/Users\\\/iwellguard\",\"http:\\\/\\\/delphi.larsbo.org\\\/user\\\/iwellguard\",\"https:\\\/\\\/jobs.lajobsportal.org\\\/profiles\\\/8380803-iwell-guard\",\"https:\\\/\\\/md.chaosdorf.de\\\/s\\\/jfbe5SBdJD\",\"https:\\\/\\\/www.lingvolive.com\\\/en-us\\\/profile\\\/9ecaeaca-ce11-4e51-9e71-01d55e2bff36\\\/translations\",\"https:\\\/\\\/www.fitday.com\\\/fitness\\\/forums\\\/members\\\/iwellguard.html\",\"https:\\\/\\\/www.mymeetbook.com\\\/iwellguard\",\"https:\\\/\\\/pxhere.com\\\/en\\\/photographer-me\\\/5040798\",\"https:\\\/\\\/disqus.com\\\/by\\\/iwellguard\\\/about\\\/\",\"https:\\\/\\\/pastelink.net\\\/hjwciqwq\",\"https:\\\/\\\/pubhtml5.com\\\/homepage\\\/scjhn\\\/\",\"https:\\\/\\\/www.bitchute.com\\\/channel\\\/2O2eOKzNqujT\",\"https:\\\/\\\/audiomack.com\\\/iwellguard\"]},{\"@type\":\"Article\",\"@id\":\"https:\\\/\\\/iwell-guard.com\\\/sv\\\/proserpina\\\/#article\",\"isPartOf\":{\"@id\":\"https:\\\/\\\/iwell-guard.com\\\/sv\\\/proserpina\\\/\"},\"author\":{\"name\":\"Ralf Ittermann\",\"@id\":\"https:\\\/\\\/iwell-guard.com\\\/sv\\\/#\\\/schema\\\/person\\\/ee2a27f1cac3406c7c6fb5820cb7349f\"},\"headline\":\"Proserpina\",\"datePublished\":\"2026-09-03T00:08:54+00:00\",\"dateModified\":\"2026-09-03T01:08:34+00:00\",\"mainEntityOfPage\":{\"@id\":\"https:\\\/\\\/iwell-guard.com\\\/sv\\\/proserpina\\\/\"},\"publisher\":{\"@id\":\"https:\\\/\\\/iwell-guard.com\\\/sv\\\/#organization\"},\"image\":{\"@id\":\"https:\\\/\\\/iwell-guard.com\\\/sv\\\/proserpina\\\/#primaryimage\"},\"thumbnailUrl\":\"https:\\\/\\\/iwell-guard.com\\\/wp-content\\\/uploads\\\/2026\\\/04\\\/goetter_rom_proserpina.webp\",\"inLanguage\":\"sv-SE\",\"description\":\"Proserpina, romersk underjordsgudinna: bortf\u00f6randet av Pluto, granat\u00e4pplet och \u00e5rstidsmyten, kultens historia fr\u00e5n Rom till f\u00f6rbannelsetavlorna.\"}]}<\/script>\n<!-- \/ Yoast SEO Premium plugin. -->","yoast_head_json":{"title":"Proserpina \u2013 romersk underjordsgudinna","description":"Proserpina, romersk underjordsgudinna: bortf\u00f6randet av Pluto, granat\u00e4pplet och \u00e5rstidsmyten, kultens historia fr\u00e5n Rom till f\u00f6rbannelsetavlorna.","robots":{"index":"index","follow":"follow","max-snippet":"max-snippet:-1","max-image-preview":"max-image-preview:large","max-video-preview":"max-video-preview:-1"},"canonical":"https:\/\/iwell-guard.com\/sv\/proserpina\/","og_locale":"sv_SE","og_type":"article","og_title":"Proserpina","og_description":"Proserpina, romersk underjordsgudinna: bortf\u00f6randet av Pluto, granat\u00e4pplet och \u00e5rstidsmyten, kultens historia fr\u00e5n Rom till f\u00f6rbannelsetavlorna.","og_url":"https:\/\/iwell-guard.com\/sv\/proserpina\/","og_site_name":"iWell Guard","article_modified_time":"2026-09-03T01:08:34+00:00","og_image":[{"width":1024,"height":1536,"url":"https:\/\/iwell-guard.com\/wp-content\/uploads\/2026\/04\/goetter_rom_proserpina.webp","type":"image\/webp"}],"twitter_card":"summary_large_image","schema":{"@context":"https:\/\/schema.org","@graph":[{"@type":"Article","@id":"https:\/\/iwell-guard.com\/sv\/proserpina\/#article","isPartOf":{"@id":"https:\/\/iwell-guard.com\/sv\/proserpina\/"},"author":{"name":"Ralf Ittermann","@id":"https:\/\/iwell-guard.com\/sv\/#\/schema\/person\/ee2a27f1cac3406c7c6fb5820cb7349f"},"headline":"Proserpina","datePublished":"2026-09-03T00:08:54+00:00","dateModified":"2026-09-03T01:08:34+00:00","mainEntityOfPage":{"@id":"https:\/\/iwell-guard.com\/sv\/proserpina\/"},"publisher":{"@id":"https:\/\/iwell-guard.com\/sv\/#organization"},"image":{"@id":"https:\/\/iwell-guard.com\/sv\/proserpina\/#primaryimage"},"thumbnailUrl":"https:\/\/iwell-guard.com\/wp-content\/uploads\/2026\/04\/goetter_rom_proserpina.webp","inLanguage":"sv-SE","description":"Proserpina, romersk underjordsgudinna: bortf\u00f6randet av Pluto, granat\u00e4pplet och \u00e5rstidsmyten, kultens historia fr\u00e5n Rom till f\u00f6rbannelsetavlorna."},{"@type":"WebPage","@id":"https:\/\/iwell-guard.com\/sv\/proserpina\/","url":"https:\/\/iwell-guard.com\/sv\/proserpina\/","name":"Proserpina \u2013 romersk underjordsgudinna","isPartOf":{"@id":"https:\/\/iwell-guard.com\/sv\/#website"},"primaryImageOfPage":{"@id":"https:\/\/iwell-guard.com\/sv\/proserpina\/#primaryimage"},"image":{"@id":"https:\/\/iwell-guard.com\/sv\/proserpina\/#primaryimage"},"thumbnailUrl":"https:\/\/iwell-guard.com\/wp-content\/uploads\/2026\/04\/goetter_rom_proserpina.webp","datePublished":"2026-09-03T00:08:54+00:00","dateModified":"2026-09-03T01:08:34+00:00","description":"Proserpina, romersk underjordsgudinna: bortf\u00f6randet av Pluto, granat\u00e4pplet och \u00e5rstidsmyten, kultens historia fr\u00e5n Rom till f\u00f6rbannelsetavlorna.","breadcrumb":{"@id":"https:\/\/iwell-guard.com\/sv\/proserpina\/#breadcrumb"},"inLanguage":"sv-SE","potentialAction":[{"@type":"ReadAction","target":["https:\/\/iwell-guard.com\/sv\/proserpina\/"]}]},{"@type":"ImageObject","inLanguage":"sv-SE","@id":"https:\/\/iwell-guard.com\/sv\/proserpina\/#primaryimage","url":"https:\/\/iwell-guard.com\/wp-content\/uploads\/2026\/04\/goetter_rom_proserpina.webp","contentUrl":"https:\/\/iwell-guard.com\/wp-content\/uploads\/2026\/04\/goetter_rom_proserpina.webp","width":1024,"height":1536,"caption":"Gudar fr\u00e5n den romerska traditionen."},{"@type":"BreadcrumbList","@id":"https:\/\/iwell-guard.com\/sv\/proserpina\/#breadcrumb","itemListElement":[{"@type":"ListItem","position":1,"name":"Start","item":"https:\/\/iwell-guard.com\/sv\/?page_id=136483"},{"@type":"ListItem","position":2,"name":"Proserpina"}]},{"@type":"WebSite","@id":"https:\/\/iwell-guard.com\/sv\/#website","url":"https:\/\/iwell-guard.com\/sv\/","name":"iWell Guard","description":"Schutz vor dunklen Einfl\u00fcssen","publisher":{"@id":"https:\/\/iwell-guard.com\/sv\/#organization"},"potentialAction":[{"@type":"SearchAction","target":{"@type":"EntryPoint","urlTemplate":"https:\/\/iwell-guard.com\/sv\/?s={search_term_string}"},"query-input":{"@type":"PropertyValueSpecification","valueRequired":true,"valueName":"search_term_string"}}],"inLanguage":"sv-SE"},{"@type":"Organization","@id":"https:\/\/iwell-guard.com\/sv\/#organization","name":"Ittermann electronic GmbH","url":"https:\/\/iwell-guard.com\/sv\/","logo":{"@type":"ImageObject","inLanguage":"sv-SE","@id":"https:\/\/iwell-guard.com\/sv\/#\/schema\/logo\/image\/","url":"https:\/\/iwell-guard.com\/wp-content\/uploads\/2026\/05\/Ittermann-Logo-1182x237-1.png","contentUrl":"https:\/\/iwell-guard.com\/wp-content\/uploads\/2026\/05\/Ittermann-Logo-1182x237-1.png","width":1182,"height":237,"caption":"Ittermann electronic GmbH"},"image":{"@id":"https:\/\/iwell-guard.com\/sv\/#\/schema\/logo\/image\/"},"sameAs":["https:\/\/pantip.com\/profile\/9367242","https:\/\/micro.blog\/iwellguard","https:\/\/www.diggerslist.com\/iwellguard\/about","https:\/\/skitterphoto.com\/photographers\/2870314\/iwell-guard","https:\/\/iwellguard.wordpress.com\/2026\/06\/06\/iwell-guard\/","https:\/\/hub.docker.com\/u\/iwellguard","https:\/\/www.pinterest.com\/iwellguard\/","https:\/\/bit.ly\/m\/iwellguard","https:\/\/entre-vos-mains.alsace.eu\/profiles\/iwellguard\/activity","https:\/\/gravatar.com\/reallybeded8fd34","https:\/\/naijamatta.com\/iwellguard","https:\/\/www.goodreads.com\/iwellguard","https:\/\/profile.hatena.ne.jp\/iwellguard\/","https:\/\/experiment.com\/users\/iwellguard","https:\/\/wakelet.com\/@iWellGuard82270","https:\/\/www.chordie.com\/forum\/profile.php?id=2555664","https:\/\/www.instapaper.com\/p\/17757966","https:\/\/www.mapleprimes.com\/users\/iwellguard","https:\/\/businesslistingplus.com\/profile\/iwell-guard\/","https:\/\/telegra.ph\/iWell-Guard-06-06","https:\/\/pbase.com\/iwellguard\/iwellguard","https:\/\/b.hatena.ne.jp\/iwellguard\/20260607#bookmark-4788405196491818882","https:\/\/fliphtml5.com\/home\/iwellguard","https:\/\/anyflip.com\/homepage\/cmiwl#About","https:\/\/transfur.com\/Users\/iwellguard","http:\/\/delphi.larsbo.org\/user\/iwellguard","https:\/\/jobs.lajobsportal.org\/profiles\/8380803-iwell-guard","https:\/\/md.chaosdorf.de\/s\/jfbe5SBdJD","https:\/\/www.lingvolive.com\/en-us\/profile\/9ecaeaca-ce11-4e51-9e71-01d55e2bff36\/translations","https:\/\/www.fitday.com\/fitness\/forums\/members\/iwellguard.html","https:\/\/www.mymeetbook.com\/iwellguard","https:\/\/pxhere.com\/en\/photographer-me\/5040798","https:\/\/disqus.com\/by\/iwellguard\/about\/","https:\/\/pastelink.net\/hjwciqwq","https:\/\/pubhtml5.com\/homepage\/scjhn\/","https:\/\/www.bitchute.com\/channel\/2O2eOKzNqujT","https:\/\/audiomack.com\/iwellguard"]},{"@type":"Person","@id":"https:\/\/iwell-guard.com\/sv\/#\/schema\/person\/ee2a27f1cac3406c7c6fb5820cb7349f","name":"Ralf Ittermann","image":{"@type":"ImageObject","inLanguage":"sv-SE","@id":"https:\/\/secure.gravatar.com\/avatar\/073c0153e350a5005b68eb752b445fea71f6b24a26da9449ad7e155e6b446c9d?s=96&d=mm&r=g","url":"https:\/\/secure.gravatar.com\/avatar\/073c0153e350a5005b68eb752b445fea71f6b24a26da9449ad7e155e6b446c9d?s=96&d=mm&r=g","contentUrl":"https:\/\/secure.gravatar.com\/avatar\/073c0153e350a5005b68eb752b445fea71f6b24a26da9449ad7e155e6b446c9d?s=96&d=mm&r=g","caption":"Ralf Ittermann"},"givenName":"Ralf","familyName":"Ittermann","jobTitle":"Gesch\u00e4ftsf\u00fchrer und redaktioneller Verantwortlicher","url":"https:\/\/iwell-guard.com\/sv\/author\/claude\/","description":"Ralf Ittermann ist Gesch\u00e4ftsf\u00fchrer der Ittermann electronic GmbH und redaktioneller Verantwortlicher des iWell-Guard-Lexikons. Er verbindet langj\u00e4hrige Erfahrung in der Pr\u00e4zisionsfertigung mit medialer Praxis und religionsgeschichtlicher Quellenarbeit.","worksFor":{"@type":"Organization","name":"Ittermann electronic GmbH","url":"https:\/\/ittermann.de\/","address":{"@type":"PostalAddress","streetAddress":"K\u00f6hlergasse 16-18","postalCode":"99842","addressLocality":"Ruhla","addressCountry":"DE"}},"knowsAbout":["Religionsgeschichte","Mythologie","Mediale Praxis","Energetische Diagnostik","Schutzpraxis","Volksglauben","Westliche Esoterik"]},{"@type":"Article","@id":"https:\/\/iwell-guard.com\/sv\/proserpina\/#article","isPartOf":{"@id":"https:\/\/iwell-guard.com\/sv\/proserpina\/"},"author":{"name":"Ralf Ittermann","@id":"https:\/\/iwell-guard.com\/sv\/#\/schema\/person\/ee2a27f1cac3406c7c6fb5820cb7349f"},"headline":"Proserpina","datePublished":"2026-09-03T00:08:54+00:00","dateModified":"2026-09-03T01:08:34+00:00","mainEntityOfPage":{"@id":"https:\/\/iwell-guard.com\/sv\/proserpina\/"},"publisher":{"@id":"https:\/\/iwell-guard.com\/sv\/#organization"},"image":{"@id":"https:\/\/iwell-guard.com\/sv\/proserpina\/#primaryimage"},"thumbnailUrl":"https:\/\/iwell-guard.com\/wp-content\/uploads\/2026\/04\/goetter_rom_proserpina.webp","inLanguage":"sv-SE","description":"Proserpina, romersk underjordsgudinna: bortf\u00f6randet av Pluto, granat\u00e4pplet och \u00e5rstidsmyten, kultens historia fr\u00e5n Rom till f\u00f6rbannelsetavlorna."}]}},"_links":{"self":[{"href":"https:\/\/iwell-guard.com\/sv\/wp-json\/wp\/v2\/pages\/136661","targetHints":{"allow":["GET"]}}],"collection":[{"href":"https:\/\/iwell-guard.com\/sv\/wp-json\/wp\/v2\/pages"}],"about":[{"href":"https:\/\/iwell-guard.com\/sv\/wp-json\/wp\/v2\/types\/page"}],"author":[{"embeddable":true,"href":"https:\/\/iwell-guard.com\/sv\/wp-json\/wp\/v2\/users\/3"}],"replies":[{"embeddable":true,"href":"https:\/\/iwell-guard.com\/sv\/wp-json\/wp\/v2\/comments?post=136661"}],"version-history":[{"count":0,"href":"https:\/\/iwell-guard.com\/sv\/wp-json\/wp\/v2\/pages\/136661\/revisions"}],"wp:featuredmedia":[{"embeddable":true,"href":"https:\/\/iwell-guard.com\/sv\/wp-json\/wp\/v2\/media\/1738"}],"wp:attachment":[{"href":"https:\/\/iwell-guard.com\/sv\/wp-json\/wp\/v2\/media?parent=136661"}],"wp:term":[{"taxonomy":"category","embeddable":true,"href":"https:\/\/iwell-guard.com\/sv\/wp-json\/wp\/v2\/categories?post=136661"}],"curies":[{"name":"wp","href":"https:\/\/api.w.org\/{rel}","templated":true}]}}