{"id":136653,"date":"2026-09-03T00:08:51","date_gmt":"2026-09-03T00:08:51","guid":{"rendered":"https:\/\/iwell-guard.com\/?page_id=136653"},"modified":"2026-09-03T01:08:23","modified_gmt":"2026-09-03T01:08:23","slug":"persefone","status":"publish","type":"page","link":"https:\/\/iwell-guard.com\/sv\/persefone\/","title":{"rendered":"Persefone"},"content":{"rendered":"\t\t<div data-elementor-type=\"wp-page\" data-elementor-id=\"136653\" class=\"elementor elementor-136653 elementor-1963 elementor-bc-flex-widget\" data-elementor-post-type=\"page\">\n\t\t\t\t<div class=\"elementor-element elementor-element-10fdade e-flex e-con-boxed e-con e-parent\" data-id=\"10fdade\" data-element_type=\"container\" data-e-type=\"container\" data-settings=\"{&quot;background_background&quot;:&quot;classic&quot;}\">\n\t\t\t\t\t<div class=\"e-con-inner\">\n\t\t<div class=\"elementor-element elementor-element-herohlft0 e-flex e-con-boxed e-con e-child\" data-id=\"herohlft0\" data-element_type=\"container\" data-e-type=\"container\">\n\t\t\t\t\t<div class=\"e-con-inner\">\n\t\t<div class=\"elementor-element elementor-element-c3ceb64 e-con-full e-flex e-con e-child\" data-id=\"c3ceb64\" data-element_type=\"container\" data-e-type=\"container\">\n\t\t\t\t<div class=\"elementor-element elementor-element-96ae5e1 elementor-widget elementor-widget-heading\" data-id=\"96ae5e1\" data-element_type=\"widget\" data-e-type=\"widget\" data-widget_type=\"heading.default\">\n\t\t\t\t\t<h1 class=\"elementor-heading-title elementor-size-default\">Persefone, gudinna i den grekiska traditionen<\/h1>\t\t\t\t<\/div>\n\t\t\t\t<div class=\"elementor-element elementor-element-e45238a elementor-widget elementor-widget-text-editor\" data-id=\"e45238a\" data-element_type=\"widget\" data-e-type=\"widget\" data-widget_type=\"text-editor.default\">\n\t\t\t\t\t\t\t\t\t<p>Fruktbarhetens dotter, underjordens drottning, f\u00f6rkroppsligandet av f\u00f6rvandling. Persefone (\u00e4ven kallad Kore) \u00e4r Demeters dotter och l\u00e4nken mellan jorden och underjorden.<\/p><p>Hennes bortr\u00f6vande genom Hades pr\u00e4glar den grekiska kulturens f\u00f6rst\u00e5else av d\u00f6d, \u00e5terf\u00f6delse och \u00e5rscykel. Hon regerar som en v\u00e4rdig gem\u00e5l vid Hades sida, en gudinna som f\u00f6renar str\u00e4nghet och medk\u00e4nsla.<\/p><p>Persefone \u00e4r gudinna i den grekiska traditionen, Demeters dotter och underjordens drottning.<\/p>\t\t\t\t\t\t\t\t<\/div>\n\t\t\t\t<\/div>\n\t\t<div class=\"elementor-element elementor-element-klsbdg01 e-con-full e-flex e-con e-parent\" data-id=\"klsbdg01\" data-element_type=\"container\" data-e-type=\"container\">\n\t\t\t\t<div class=\"elementor-element elementor-element-klshtm01 elementor-widget elementor-widget-html\" data-id=\"klshtm01\" data-element_type=\"widget\" data-e-type=\"widget\" data-widget_type=\"html.default\">\n\t\t\t\t\t<div class=\"iwg-pill-row\"><span class=\"iwg-klasse-badge\" tabindex=\"0\" data-tooltip=\"Gud\/Gudinna: Personifierad h\u00f6gsta makt i en kulturs panteon, med tydliga ansvarsomr\u00e5den, naturkrafter, \u00f6de, krig, fruktbarhet. Dyrkad genom kulter, offer och tempelinstitutioner.\">Gudinna<\/span><a href=\"https:\/\/iwell-guard.com\/sv\/grekland\/\" class=\"iwg-kultur-badge\" tabindex=\"0\" data-tooltip=\"Religion och mytologi i det antika Grekland fr\u00e5n den mykenska tiden till senantiken.\">Grekland<\/a><a href=\"https:\/\/iwell-guard.com\/sv\/dodsgudomar\/\" class=\"iwg-tradition-badge\" tabindex=\"0\" data-tooltip=\"Underjordens och d\u00f6dens gudar, h\u00e4rskare \u00f6ver d\u00f6dsriket, d\u00f6dsdomare, sj\u00e4laledsagare.\">D\u00f6dsgudom<\/a><\/div>\t\t\t\t<\/div>\n\t\t\t\t<\/div>\n\t\t<div class=\"elementor-element elementor-element-3f74855 e-con-full e-flex e-con e-child\" data-id=\"3f74855\" data-element_type=\"container\" data-e-type=\"container\">\n\t\t\t\t<div class=\"elementor-element elementor-element-1c30362 elementor-toc--minimized-on-tablet elementor-widget elementor-widget-table-of-contents\" data-id=\"1c30362\" data-element_type=\"widget\" data-e-type=\"widget\" data-settings=\"{&quot;exclude_headings_by_selector&quot;:[],&quot;no_headings_message&quot;:&quot;Inga rubriker hittades p\\u00e5 den h\\u00e4r sidan.&quot;,&quot;headings_by_tags&quot;:[&quot;h2&quot;,&quot;h3&quot;],&quot;marker_view&quot;:&quot;bullets&quot;,&quot;minimize_box&quot;:&quot;yes&quot;,&quot;icon&quot;:{&quot;value&quot;:&quot;fas fa-circle&quot;,&quot;library&quot;:&quot;fa-solid&quot;,&quot;rendered_tag&quot;:&quot;&lt;svg class=\\&quot;e-font-icon-svg e-fas-circle\\&quot; viewBox=\\&quot;0 0 512 512\\&quot; xmlns=\\&quot;http:\\\/\\\/www.w3.org\\\/2000\\\/svg\\&quot;&gt;&lt;path d=\\&quot;M256 8C119 8 8 119 8 256s111 248 248 248 248-111 248-248S393 8 256 8z\\&quot;&gt;&lt;\\\/path&gt;&lt;\\\/svg&gt;&quot;},&quot;minimized_on&quot;:&quot;tablet&quot;,&quot;hierarchical_view&quot;:&quot;yes&quot;,&quot;min_height&quot;:{&quot;unit&quot;:&quot;px&quot;,&quot;size&quot;:&quot;&quot;,&quot;sizes&quot;:[]},&quot;min_height_tablet&quot;:{&quot;unit&quot;:&quot;px&quot;,&quot;size&quot;:&quot;&quot;,&quot;sizes&quot;:[]},&quot;min_height_mobile&quot;:{&quot;unit&quot;:&quot;px&quot;,&quot;size&quot;:&quot;&quot;,&quot;sizes&quot;:[]}}\" data-widget_type=\"table-of-contents.default\">\n\t\t\t\t\t\t\t\t\t<div class=\"elementor-toc__header\">\n\t\t\t\t\t\t<h2 class=\"elementor-toc__header-title\">\n\t\t\t\tInneh\u00e5llsf\u00f6rteckning\t\t\t<\/h2>\n\t\t\t\t\t\t\t\t\t\t<div class=\"elementor-toc__toggle-button elementor-toc__toggle-button--expand\" role=\"button\" tabindex=\"0\" aria-controls=\"elementor-toc__1c30362\" aria-expanded=\"true\" aria-label=\"\u00d6ppna inneh\u00e5llsf\u00f6rteckning\"><svg aria-hidden=\"true\" class=\"e-font-icon-svg e-fas-chevron-down\" viewBox=\"0 0 448 512\" xmlns=\"http:\/\/www.w3.org\/2000\/svg\"><path d=\"M207.029 381.476L12.686 187.132c-9.373-9.373-9.373-24.569 0-33.941l22.667-22.667c9.357-9.357 24.522-9.375 33.901-.04L224 284.505l154.745-154.021c9.379-9.335 24.544-9.317 33.901.04l22.667 22.667c9.373 9.373 9.373 24.569 0 33.941L240.971 381.476c-9.373 9.372-24.569 9.372-33.942 0z\"><\/path><\/svg><\/div>\n\t\t\t\t<div class=\"elementor-toc__toggle-button elementor-toc__toggle-button--collapse\" role=\"button\" tabindex=\"0\" aria-controls=\"elementor-toc__1c30362\" aria-expanded=\"true\" aria-label=\"St\u00e4ng inneh\u00e5llsf\u00f6rteckning\"><svg aria-hidden=\"true\" class=\"e-font-icon-svg e-fas-chevron-up\" viewBox=\"0 0 448 512\" xmlns=\"http:\/\/www.w3.org\/2000\/svg\"><path d=\"M240.971 130.524l194.343 194.343c9.373 9.373 9.373 24.569 0 33.941l-22.667 22.667c-9.357 9.357-24.522 9.375-33.901.04L224 227.495 69.255 381.516c-9.379 9.335-24.544 9.317-33.901-.04l-22.667-22.667c-9.373-9.373-9.373-24.569 0-33.941L207.03 130.525c9.372-9.373 24.568-9.373 33.941-.001z\"><\/path><\/svg><\/div>\n\t\t\t\t\t<\/div>\n\t\t\t\t<div id=\"elementor-toc__1c30362\" class=\"elementor-toc__body\">\n\t\t\t<div class=\"elementor-toc__spinner-container\">\n\t\t\t\t<svg class=\"elementor-toc__spinner eicon-animation-spin e-font-icon-svg e-eicon-loading\" aria-hidden=\"true\" viewBox=\"0 0 1000 1000\" xmlns=\"http:\/\/www.w3.org\/2000\/svg\"><path d=\"M500 975V858C696 858 858 696 858 500S696 142 500 142 142 304 142 500H25C25 237 238 25 500 25S975 237 975 500 763 975 500 975Z\"><\/path><\/svg>\t\t\t<\/div>\n\t\t<\/div>\n\t\t\t\t\t\t<\/div>\n\t\t\t\t<\/div>\n\t\t\t\t\t<\/div>\n\t\t\t\t<\/div>\n\t\t<div class=\"elementor-element elementor-element-herorght0 e-con-full e-flex e-con e-child\" data-id=\"herorght0\" data-element_type=\"container\" data-e-type=\"container\">\n\t\t\t\t<div class=\"elementor-element elementor-element-heroimg00 iwg-hero-image elementor-widget elementor-widget-image\" data-id=\"heroimg00\" data-element_type=\"widget\" data-e-type=\"widget\" data-widget_type=\"image.default\">\n\t\t\t\t\t\t\t\t\t\t\t\t\t\t\t<img fetchpriority=\"high\" decoding=\"async\" width=\"683\" height=\"1024\" src=\"https:\/\/iwell-guard.com\/wp-content\/uploads\/2026\/04\/goetter_griechenland_persephone-683x1024.webp\" class=\"attachment-large size-large wp-image-136263\" alt=\"Persefone \u2013 gudar fr\u00e5n den grekiska traditionen, historiskt-illustrativ\" srcset=\"https:\/\/iwell-guard.com\/wp-content\/uploads\/2026\/04\/goetter_griechenland_persephone-683x1024.webp 683w, https:\/\/iwell-guard.com\/wp-content\/uploads\/2026\/04\/goetter_griechenland_persephone-200x300.webp 200w, https:\/\/iwell-guard.com\/wp-content\/uploads\/2026\/04\/goetter_griechenland_persephone-768x1152.webp 768w, https:\/\/iwell-guard.com\/wp-content\/uploads\/2026\/04\/goetter_griechenland_persephone.webp 1024w\" sizes=\"(max-width: 683px) 100vw, 683px\" \/>\t\t\t\t\t\t\t\t\t\t\t\t\t\t\t<\/div>\n\t\t\t\t<\/div>\n\t\t\t\t\t<\/div>\n\t\t\t\t<\/div>\n\t\t<div class=\"elementor-element elementor-element-32917199 e-flex e-con-boxed e-con e-parent\" data-id=\"32917199\" data-element_type=\"container\" data-e-type=\"container\">\n\t\t\t\t\t<div class=\"e-con-inner\">\n\t\t<div class=\"elementor-element elementor-element-26e916cb e-flex e-con-boxed e-con e-child\" data-id=\"26e916cb\" data-element_type=\"container\" data-e-type=\"container\">\n\t\t\t\t\t<div class=\"e-con-inner\">\n\t\t<div class=\"elementor-element elementor-element-253a40d4 e-flex e-con-boxed e-con e-child\" data-id=\"253a40d4\" data-element_type=\"container\" data-e-type=\"container\">\n\t\t\t\t\t<div class=\"e-con-inner\">\n\t\t\t\t<div class=\"elementor-element elementor-element-1200c304 elementor-widget elementor-widget-heading\" data-id=\"1200c304\" data-element_type=\"widget\" data-e-type=\"widget\" data-widget_type=\"heading.default\">\n\t\t\t\t\t<h2 class=\"elementor-heading-title elementor-size-default\">Persefone<\/h2>\t\t\t\t<\/div>\n\t\t\t\t\t<\/div>\n\t\t\t\t<\/div>\n\t\t<div class=\"elementor-element elementor-element-159dcf9a e-flex e-con-boxed e-con e-child\" data-id=\"159dcf9a\" data-element_type=\"container\" data-e-type=\"container\">\n\t\t\t\t\t<div class=\"e-con-inner\">\n\t\t\t\t<div class=\"elementor-element elementor-element-48cee66f elementor-widget elementor-widget-heading\" data-id=\"48cee66f\" data-element_type=\"widget\" data-e-type=\"widget\" data-widget_type=\"heading.default\">\n\t\t\t\t\t<h2 class=\"elementor-heading-title elementor-size-default\">Snabb\u00f6versikt: Persefone<\/h2>\t\t\t\t<\/div>\n\t\t\t\t<div class=\"elementor-element elementor-element-3f50d82c elementor-widget elementor-widget-text-editor\" data-id=\"3f50d82c\" data-element_type=\"widget\" data-e-type=\"widget\" data-widget_type=\"text-editor.default\">\n\t\t\t\t\t\t\t\t\t<p><strong>Typ:<\/strong> Grekisk huvudgudom, underjordens och vegetationens gudinna<br><span class=\"iwg-fachbegriff\" data-tooltip=\"Samtliga gudar inom en religion eller kultur.\" tabindex=\"0\">Panteon<\/span>: Grekland (Olympen och underjorden)<br>Funktion: Underjordens drottning, v\u00e4xtlighetens v\u00e4xande och vissnande, mysterier<br>Huvudattribut: Granat\u00e4pple, fackla, axkrans<br>Huvudkultplatser: Eleusis, Lokroi Epizephyrioi, Sicilien (Enna)<br>Romersk motsvarighet: Proserpina<\/p>\t\t\t\t\t\t\t\t<\/div>\n\t\t\t\t\t<\/div>\n\t\t\t\t<\/div>\n\t\t\t\t\t<\/div>\n\t\t\t\t<\/div>\n\t\t\t\t\t<\/div>\n\t\t\t\t<\/div>\n\t\t<div class=\"elementor-element elementor-element-18613602 e-flex e-con-boxed e-con e-parent\" data-id=\"18613602\" data-element_type=\"container\" data-e-type=\"container\">\n\t\t\t\t\t<div class=\"e-con-inner\">\n\t\t\t\t<div class=\"elementor-element elementor-element-262b8a9f elementor-widget elementor-widget-heading\" data-id=\"262b8a9f\" data-element_type=\"widget\" data-e-type=\"widget\" data-widget_type=\"heading.default\">\n\t\t\t\t\t<h2 class=\"elementor-heading-title elementor-size-default\">Kontext<\/h2>\t\t\t\t<\/div>\n\t\t<div class=\"elementor-element elementor-element-46dcb7d e-con-full e-flex e-con e-child\" data-id=\"46dcb7d\" data-element_type=\"container\" data-e-type=\"container\">\n\t\t<div class=\"elementor-element elementor-element-61d3ab3 e-flex e-con-boxed e-con e-child\" data-id=\"61d3ab3\" data-element_type=\"container\" data-e-type=\"container\">\n\t\t\t\t\t<div class=\"e-con-inner\">\n\t\t\t\t<div class=\"elementor-element elementor-element-117c166 elementor-widget elementor-widget-heading\" data-id=\"117c166\" data-element_type=\"widget\" data-e-type=\"widget\" data-widget_type=\"heading.default\">\n\t\t\t\t\t<h3 class=\"elementor-heading-title elementor-size-default\">Texternas tidsperiod<\/h3>\t\t\t\t<\/div>\n\t\t\t\t<div class=\"elementor-element elementor-element-73997a0 elementor-widget elementor-widget-text-editor\" data-id=\"73997a0\" data-element_type=\"widget\" data-e-type=\"widget\" data-widget_type=\"text-editor.default\">\n\t\t\t\t\t\t\t\t\t<p><span data-nosnippet>Persefone-myterna \u00e4r litter\u00e4rt belagda sedan Homeros (700-talet f.Kr.); huvudmyten (bortr\u00f6vandet genom Hades) ber\u00e4ttas utf\u00f6rligt i den <em>homeriska Demeter-hymnen<\/em>. De eleusinska mysterierna, en av antikens viktigaste mysteriekulter, kretsar kring ber\u00e4ttelsen om mor och dotter, Demeter och Persefone, och p\u00e5gick kontinuerligt i n\u00e4stan 2000 \u00e5r, tills Theodosius avslutade dem 392 e.Kr.<\/span><\/p>\t\t\t\t\t\t\t\t<\/div>\n\t\t\t\t\t<\/div>\n\t\t\t\t<\/div>\n\t\t<div class=\"elementor-element elementor-element-d47b156 e-flex e-con-boxed e-con e-child\" data-id=\"d47b156\" data-element_type=\"container\" data-e-type=\"container\">\n\t\t\t\t\t<div class=\"e-con-inner\">\n\t\t\t\t<div class=\"elementor-element elementor-element-ff38c2b elementor-widget elementor-widget-heading\" data-id=\"ff38c2b\" data-element_type=\"widget\" data-e-type=\"widget\" data-widget_type=\"heading.default\">\n\t\t\t\t\t<h3 class=\"elementor-heading-title elementor-size-default\">Utbredningsomr\u00e5de<\/h3>\t\t\t\t<\/div>\n\t\t\t\t<div class=\"elementor-element elementor-element-4e49fcc elementor-widget elementor-widget-text-editor\" data-id=\"4e49fcc\" data-element_type=\"widget\" data-e-type=\"widget\" data-widget_type=\"text-editor.default\">\n\t\t\t\t\t\t\t\t\t<p>Viktigaste kultplatsen: <strong>Eleusis<\/strong> n\u00e4ra Aten (de mest ber\u00f6mda mysterierna). Dessutom: Sicilien (Enna som sk\u00e5deplats f\u00f6r bortr\u00f6vandet), Lokroi Epizephyrioi (sydital. special-<span class=\"iwg-fachbegriff\" data-tooltip=\"Samtliga religi\u00f6sa v\u00f6rdnadshandlingar f\u00f6r en gudom eller helig gestalt.\" tabindex=\"0\">kult<\/span> med pinakes), Korint, Thebe. Under den hellenistisk-romerska tiden spreds identifieringen av Persefone med Proserpina i hela Medelhavsomr\u00e5det.<\/p>\t\t\t\t\t\t\t\t<\/div>\n\t\t\t\t\t<\/div>\n\t\t\t\t<\/div>\n\t\t\t\t<\/div>\n\t\t<div class=\"elementor-element elementor-element-db03c39 e-con-full e-flex e-con e-child\" data-id=\"db03c39\" data-element_type=\"container\" data-e-type=\"container\">\n\t\t<div class=\"elementor-element elementor-element-229a87b e-flex e-con-boxed e-con e-child\" data-id=\"229a87b\" data-element_type=\"container\" data-e-type=\"container\">\n\t\t\t\t\t<div class=\"e-con-inner\">\n\t\t\t\t<div class=\"elementor-element elementor-element-1f471fc elementor-widget elementor-widget-heading\" data-id=\"1f471fc\" data-element_type=\"widget\" data-e-type=\"widget\" data-widget_type=\"heading.default\">\n\t\t\t\t\t<h3 class=\"elementor-heading-title elementor-size-default\">K\u00e4ll\u00e4ge<\/h3>\t\t\t\t<\/div>\n\t\t\t\t<div class=\"elementor-element elementor-element-36b1201 elementor-widget elementor-widget-text-editor\" data-id=\"36b1201\" data-element_type=\"widget\" data-e-type=\"widget\" data-widget_type=\"text-editor.default\">\n\t\t\t\t\t\t\t\t\t<p>Centrala k\u00e4llor: <em>Homeriska hymnen till Demeter<\/em> (den l\u00e4ngsta <span class=\"iwg-fachbegriff\" data-tooltip=\"Epok inom den grekiska och romerska kulturen, cirka 800 f.Kr. till 600 e.Kr.\" tabindex=\"0\">antika<\/span> ber\u00e4ttelsen om <span class=\"iwg-fachbegriff\" data-tooltip=\"En traderad ber\u00e4ttelse om gudar, ursprung och v\u00e4rldens ordning.\" tabindex=\"0\">myten<\/span>), Hesiodos <em>Theogonin<\/em>, Hesychios glosser till de eleusinska riterna, Lokroi-pinakes (lertavlor), Pausanias <em>Beskrivning av Grekland<\/em> (Eleusis-kapitlet). Sekund\u00e4rlitteratur: Burkert, <em><span class=\"iwg-fachbegriff\" data-tooltip=\"Epok inom den grekiska och romerska kulturen, cirka 800 f.Kr. till 600 e.Kr.\" tabindex=\"0\">antika<\/span> mysterier<\/em>; Foley, <em>The Homeric Hymn to Demeter<\/em>; Clinton, <em>The Eleusinian Mysteries<\/em>.<\/p>\t\t\t\t\t\t\t\t<\/div>\n\t\t\t\t\t<\/div>\n\t\t\t\t<\/div>\n\t\t\t\t<\/div>\n\t\t\t\t\t<\/div>\n\t\t\t\t<\/div>\n\t\t<div class=\"elementor-element elementor-element-3ae0637c e-flex e-con-boxed e-con e-parent\" data-id=\"3ae0637c\" data-element_type=\"container\" data-e-type=\"container\">\n\t\t\t\t\t<div class=\"e-con-inner\">\n\t\t\t\t<div class=\"elementor-element elementor-element-31d07739 elementor-widget elementor-widget-heading\" data-id=\"31d07739\" data-element_type=\"widget\" data-e-type=\"widget\" data-widget_type=\"heading.default\">\n\t\t\t\t\t<h2 class=\"elementor-heading-title elementor-size-default\">Namn<\/h2>\t\t\t\t<\/div>\n\t\t<div class=\"elementor-element elementor-element-b7642947 e-con-full e-flex e-con e-child\" data-id=\"b7642947\" data-element_type=\"container\" data-e-type=\"container\">\n\t\t\t\t<div class=\"elementor-element elementor-element-a086266 elementor-widget elementor-widget-text-editor\" data-id=\"a086266\" data-element_type=\"widget\" data-e-type=\"widget\" data-widget_type=\"text-editor.default\">\n\t\t\t\t\t\t\t\t\t<p>Persefone framst\u00e4lls som en v\u00e4rdig kvinna, ofta med en krona eller ett diadem, och sitter ofta p\u00e5 tron bredvid Hades. Hennes attribut \u00e4r granat\u00e4pplet (<span class=\"iwg-fachbegriff\" data-tooltip=\"Ett tecken som representerar en f\u00f6rest\u00e4llning eller betydelse.\" tabindex=\"0\">symbol<\/span> f\u00f6r hennes bindning till underjorden), fackeln (Demeter s\u00f6kte henne med en fackla), vallmo och s\u00e4d.<\/p><p>I underjorden b\u00e4r hon kungliga dr\u00e4kter, under sin tid p\u00e5 jorden framst\u00e4lls hon som yngre och blomstrande.<\/p>\t\t\t\t\t\t\t\t<\/div>\n\t\t\t\t<\/div>\n\t\t\t\t\t<\/div>\n\t\t\t\t<\/div>\n\t\t<div class=\"elementor-element elementor-element-709a44a8 e-flex e-con-boxed e-con e-parent\" data-id=\"709a44a8\" data-element_type=\"container\" data-e-type=\"container\">\n\t\t\t\t\t<div class=\"e-con-inner\">\n\t\t\t\t<div class=\"elementor-element elementor-element-2f585873 elementor-widget elementor-widget-heading\" data-id=\"2f585873\" data-element_type=\"widget\" data-e-type=\"widget\" data-widget_type=\"heading.default\">\n\t\t\t\t\t<h2 class=\"elementor-heading-title elementor-size-default\">V\u00e4sensdrag<\/h2>\t\t\t\t<\/div>\n\t\t<div class=\"elementor-element elementor-element-70621c12 e-con-full e-flex e-con e-child\" data-id=\"70621c12\" data-element_type=\"container\" data-e-type=\"container\">\n\t\t\t\t<div class=\"elementor-element elementor-element-4296eb49 elementor-widget elementor-widget-text-editor\" data-id=\"4296eb49\" data-element_type=\"widget\" data-e-type=\"widget\" data-widget_type=\"text-editor.default\">\n\t\t\t\t\t\t\t\t\t<p>Persefone h\u00e4rskar tillsammans med Hades \u00f6ver underjorden. Hon \u00e4r inte grym utan r\u00e4ttvis, hon lyssnar p\u00e5 de d\u00f6das b\u00f6ner och f\u00f6rmanar sin make till mildhet. I Eleusis firades mysterieriter som \u00e5tergav Persefones nedstigning och \u00e5terkomst och som gav de troende hopp om fr\u00e4lsning i livet efter detta.<\/p><p>Persefones \u00e5terkomst fr\u00e5n Hades till jorden beb\u00e5dar v\u00e5ren, hennes avf\u00e4rd till djupet beb\u00e5dar h\u00f6sten. Hennes historia framst\u00e4ller lidande som n\u00f6dv\u00e4ndigt och f\u00f6rvandlar det genom v\u00e4rdighet.<\/p><p><strong>Utseende och symbolik<\/strong><\/p><p>Persefone framst\u00e4lls som en sk\u00f6n, elegant kvinna, ibland ung och blomsterprydd (som Kore), ibland mognare och kr\u00f6nt med tiara (som underjordens drottning). Granat\u00e4pplet \u00e4r hennes fr\u00e4msta attribut, frukten vars k\u00e4rnor hon \u00e5t och som beseglade hennes bindning till Hades. Fackeln (liksom hos Demeter) symboliserar hennes resor fram och tillbaka mellan v\u00e4rldarna.<\/p><p>S\u00e4den och vallmon \u00e4r helgade \u00e5t henne, likas\u00e5 narcissen (blomman hon plockade n\u00e4r Hades r\u00f6vade bort henne). Hennes f\u00e4rg varierar: vit eller kr\u00e4mf\u00e4rgad som jungfru, m\u00f6rkr\u00f6d eller svart som underjordens drottning. Hon f\u00f6rkroppsligar sj\u00e4lva f\u00f6rvandlingen: att genomleva f\u00f6rlust och \u00e5teruppr\u00e4ttelse, snarare \u00e4n bara ett av de tv\u00e5 tillst\u00e5nden.<\/p>\t\t\t\t\t\t\t\t<\/div>\n\t\t\t\t<\/div>\n\t\t\t\t\t<\/div>\n\t\t\t\t<\/div>\n\t\t<div class=\"elementor-element elementor-element-44e71476 e-flex e-con-boxed e-con e-parent\" data-id=\"44e71476\" data-element_type=\"container\" data-e-type=\"container\">\n\t\t\t\t\t<div class=\"e-con-inner\">\n\t\t\t\t<div class=\"elementor-element elementor-element-3c1fc3f0 elementor-widget elementor-widget-heading\" data-id=\"3c1fc3f0\" data-element_type=\"widget\" data-e-type=\"widget\" data-widget_type=\"heading.default\">\n\t\t\t\t\t<h2 class=\"elementor-heading-title elementor-size-default\">Profil: Persefone<\/h2>\t\t\t\t<\/div>\n\t\t<div class=\"elementor-element elementor-element-84f33b8e e-con-full e-flex e-con e-child\" data-id=\"84f33b8e\" data-element_type=\"container\" data-e-type=\"container\">\n\t\t\t\t<div class=\"elementor-element elementor-element-hqkdc67p elementor-widget elementor-widget-text-editor\" data-id=\"hqkdc67p\" data-element_type=\"widget\" data-e-type=\"widget\" data-widget_type=\"text-editor.default\">\n\t\t\t\t\t\t\t\t\t<p>De viktigaste aspekterna av Persefone i sammandrag. F\u00f6ljande f\u00e4lt sammanfattar ursprung, funktion, utseende, dyrkan, symboler och paralleller.<\/p>\t\t\t\t\t\t\t\t<\/div>\n\t\t\t\t<\/div>\n\t\t<div class=\"elementor-element elementor-element-pemmx7c5 e-con-full e-flex e-con e-child\" data-id=\"pemmx7c5\" data-element_type=\"container\" data-e-type=\"container\">\n\t\t<div class=\"elementor-element elementor-element-pemmx7c1 e-con-full e-flex e-con e-child\" data-id=\"pemmx7c1\" data-element_type=\"container\" data-e-type=\"container\">\n\t\t<div class=\"elementor-element elementor-element-qh9oavvu iwg-steckbrief-card e-flex e-con-boxed e-con e-child\" data-id=\"qh9oavvu\" data-element_type=\"container\" data-e-type=\"container\">\n\t\t\t\t\t<div class=\"e-con-inner\">\n\t\t\t\t<div class=\"elementor-element elementor-element-awzx8k2k elementor-widget elementor-widget-heading\" data-id=\"awzx8k2k\" data-element_type=\"widget\" data-e-type=\"widget\" data-widget_type=\"heading.default\">\n\t\t\t\t\t<div class=\"elementor-heading-title elementor-size-default\">Persefones ursprung<\/div>\t\t\t\t<\/div>\n\t\t\t\t<div class=\"elementor-element elementor-element-x6rowhv0 elementor-widget elementor-widget-text-editor\" data-id=\"x6rowhv0\" data-element_type=\"widget\" data-e-type=\"widget\" data-widget_type=\"text-editor.default\">\n\t\t\t\t\t\t\t\t\t<p>Persefone \u00e4r dotter till Zeus och Demeter. I den centrala <span class=\"iwg-fachbegriff\" data-tooltip=\"En traderad ber\u00e4ttelse om gudar, ursprung och v\u00e4rldens ordning.\" tabindex=\"0\">myten<\/span> r\u00f6vas hon bort med v\u00e5ld av <em>Hades<\/em>, h\u00e4rskaren \u00f6ver underjorden. Hennes mor Demeter s\u00f6ker desperat efter henne och l\u00e5ter vegetationen f\u00f6rtorka.<\/p><p>Slutligen f\u00f6rmedlas en kompromiss: Persefone tillbringar en tredjedel av \u00e5ret hos Hades (vintern) och tv\u00e5 tredjedelar hos Demeter (sommaren). Granat\u00e4pplet som hon \u00e4ter av i underjorden binder henne till Hades.<\/p>\t\t\t\t\t\t\t\t<\/div>\n\t\t\t\t\t<\/div>\n\t\t\t\t<\/div>\n\t\t<div class=\"elementor-element elementor-element-8e3o4kxs iwg-steckbrief-card e-flex e-con-boxed e-con e-child\" data-id=\"8e3o4kxs\" data-element_type=\"container\" data-e-type=\"container\">\n\t\t\t\t\t<div class=\"e-con-inner\">\n\t\t\t\t<div class=\"elementor-element elementor-element-08rkdgov elementor-widget elementor-widget-heading\" data-id=\"08rkdgov\" data-element_type=\"widget\" data-e-type=\"widget\" data-widget_type=\"heading.default\">\n\t\t\t\t\t<div class=\"elementor-heading-title elementor-size-default\">Avser<\/div>\t\t\t\t<\/div>\n\t\t\t\t<div class=\"elementor-element elementor-element-uwjelx8s elementor-widget elementor-widget-text-editor\" data-id=\"uwjelx8s\" data-element_type=\"widget\" data-e-type=\"widget\" data-widget_type=\"text-editor.default\">\n\t\t\t\t\t\t\t\t\t<p>Underjordens drottning (Kore-aspekten kontra Persefone-aspekten, jungfru och h\u00e4rskarinna). I den eleusinska traditionen f\u00f6rmedlare mellan liv och d\u00f6d, mysterierna utlovade de invigda ett lyckligt liv efter detta under hennes beskydd. F\u00f6rbindelse med fruktbarhetscykeln: v\u00e4xtv\u00e4rldens v\u00e4xande och vissnande genom hennes n\u00e4r- och fr\u00e5nvaro p\u00e5 jorden. P\u00e5 Sicilien jungfrurnas skyddsgudinna.<\/p>\t\t\t\t\t\t\t\t<\/div>\n\t\t\t\t\t<\/div>\n\t\t\t\t<\/div>\n\t\t<div class=\"elementor-element elementor-element-jm2n74ec iwg-steckbrief-card e-flex e-con-boxed e-con e-child\" data-id=\"jm2n74ec\" data-element_type=\"container\" data-e-type=\"container\">\n\t\t\t\t\t<div class=\"e-con-inner\">\n\t\t\t\t<div class=\"elementor-element elementor-element-8vufse4c elementor-widget elementor-widget-heading\" data-id=\"8vufse4c\" data-element_type=\"widget\" data-e-type=\"widget\" data-widget_type=\"heading.default\">\n\t\t\t\t\t<div class=\"elementor-heading-title elementor-size-default\">Framst\u00e4llning<\/div>\t\t\t\t<\/div>\n\t\t\t\t<div class=\"elementor-element elementor-element-mwb9u015 elementor-widget elementor-widget-text-editor\" data-id=\"mwb9u015\" data-element_type=\"widget\" data-e-type=\"widget\" data-widget_type=\"text-editor.default\">\n\t\t\t\t\t\t\t\t\t<p>Ung kvinna, ofta med ett granat\u00e4pple i handen, en axkrans eller en fackla. I sin underjordsgestalt sitter hon tronande bredvid Hades, oftast med allvarlig min. P\u00e5 de lokriska pinakerna avbildas hon ofta i scenen med br\u00f6llopet med Hades. Som Kore (jungfru) med polkrona (h\u00f6g cylinderformad hatt). \u00c5tf\u00f6ljs ofta av Hekate (med fackla) och Hermes (som ledsagare tillbaka till \u00f6versv\u00e4rlden).<\/p>\t\t\t\t\t\t\t\t<\/div>\n\t\t\t\t\t<\/div>\n\t\t\t\t<\/div>\n\t\t\t\t<\/div>\n\t\t<div class=\"elementor-element elementor-element-pemmx7c2 e-con-full e-flex e-con e-child\" data-id=\"pemmx7c2\" data-element_type=\"container\" data-e-type=\"container\">\n\t\t<div class=\"elementor-element elementor-element-37ss2yr6 iwg-steckbrief-card e-flex e-con-boxed e-con e-child\" data-id=\"37ss2yr6\" data-element_type=\"container\" data-e-type=\"container\">\n\t\t\t\t\t<div class=\"e-con-inner\">\n\t\t\t\t<div class=\"elementor-element elementor-element-3v0wp3wx elementor-widget elementor-widget-heading\" data-id=\"3v0wp3wx\" data-element_type=\"widget\" data-e-type=\"widget\" data-widget_type=\"heading.default\">\n\t\t\t\t\t<div class=\"elementor-heading-title elementor-size-default\">Funktion<\/div>\t\t\t\t<\/div>\n\t\t\t\t<div class=\"elementor-element elementor-element-w3247g2m elementor-widget elementor-widget-text-editor\" data-id=\"w3247g2m\" data-element_type=\"widget\" data-e-type=\"widget\" data-widget_type=\"text-editor.default\">\n\t\t\t\t\t\t\t\t\t<p><strong>Verkningsomr\u00e5de:<\/strong> Persefone var central i de eleusinska mysterierna. Invigda fr\u00e5n hela Medelhavsomr\u00e5det reste till Eleusis f\u00f6r att uppleva den nio dagar l\u00e5nga hemliga riten.<\/p><p>I den personliga <span class=\"iwg-fachbegriff\" data-tooltip=\"Summan av de religi\u00f6sa v\u00f6rdnadshandlingar som \u00e4gnas en gudom eller helig gestalt.\" tabindex=\"0\">kulten<\/span> \u00e5kallades hon av kvinnor inf\u00f6r br\u00f6llopet (aspekten av jungfrun som \u00f6verg\u00e5r till en ny livsfas). I d\u00f6dskulten var hon de d\u00f6das skyddsgudinna, och gravg\u00e5vor med granat\u00e4pplesymbolik \u00e4r vanliga i grekiska gravar.<\/p>\t\t\t\t\t\t\t\t<\/div>\n\t\t\t\t\t<\/div>\n\t\t\t\t<\/div>\n\t\t<div class=\"elementor-element elementor-element-0qpjal9w iwg-steckbrief-card e-flex e-con-boxed e-con e-child\" data-id=\"0qpjal9w\" data-element_type=\"container\" data-e-type=\"container\">\n\t\t\t\t\t<div class=\"e-con-inner\">\n\t\t\t\t<div class=\"elementor-element elementor-element-6ndoih0o elementor-widget elementor-widget-heading\" data-id=\"6ndoih0o\" data-element_type=\"widget\" data-e-type=\"widget\" data-widget_type=\"heading.default\">\n\t\t\t\t\t<div class=\"elementor-heading-title elementor-size-default\">Skydd<\/div>\t\t\t\t<\/div>\n\t\t\t\t<div class=\"elementor-element elementor-element-6684tyh9 elementor-widget elementor-widget-text-editor\" data-id=\"6684tyh9\" data-element_type=\"widget\" data-e-type=\"widget\" data-widget_type=\"text-editor.default\">\n\t\t\t\t\t\t\t\t\t<p>Granat\u00e4pple (bindnings<span class=\"iwg-fachbegriff\" data-tooltip=\"Ett tecken som representerar en f\u00f6rest\u00e4llning eller betydelse.\" tabindex=\"0\">symbolen<\/span> till underjorden), fackla (Demeters s\u00f6kande), axkrans (vegetationsaspekten), polkrona, asfodel (underjordens blomma), sv\u00e4rd (Lokroi-traditionen). V\u00e4xter: granat\u00e4pple, ax, asfodel, vallmo. Heliga djur: orm.<\/p>\t\t\t\t\t\t\t\t<\/div>\n\t\t\t\t\t<\/div>\n\t\t\t\t<\/div>\n\t\t<div class=\"elementor-element elementor-element-3lfi7x32 iwg-steckbrief-card e-flex e-con-boxed e-con e-child\" data-id=\"3lfi7x32\" data-element_type=\"container\" data-e-type=\"container\">\n\t\t\t\t\t<div class=\"e-con-inner\">\n\t\t\t\t<div class=\"elementor-element elementor-element-0kg99ga1 elementor-widget elementor-widget-heading\" data-id=\"0kg99ga1\" data-element_type=\"widget\" data-e-type=\"widget\" data-widget_type=\"heading.default\">\n\t\t\t\t\t<div class=\"elementor-heading-title elementor-size-default\">Besl\u00e4ktade v\u00e4sen<\/div>\t\t\t\t<\/div>\n\t\t\t\t<div class=\"elementor-element elementor-element-n0fum6kp elementor-widget elementor-widget-text-editor\" data-id=\"n0fum6kp\" data-element_type=\"widget\" data-e-type=\"widget\" data-widget_type=\"text-editor.default\">\n\t\t\t\t\t\t\t\t\t<p><em>Proserpina<\/em> (Rom, n\u00e4stan identisk \u00f6vertagning), <em>Inanna\/Ishtar<\/em> (Mesopotamien, nedstigningen till underjorden), <em>Ereshkigal<\/em> (Mesopotamien, underjordens drottning), <em>Hel<\/em> (germansk, underjordens h\u00e4rskarinna), <em>Sita<\/em> (hinduism, f\u00f6rbindelse med jorden, f\u00f6rsvinnande i jorden), <em>Izanami<\/em> (Japan, skapelsegudinna f\u00e5ngad i Yomi).<\/p>\t\t\t\t\t\t\t\t<\/div>\n\t\t\t\t\t<\/div>\n\t\t\t\t<\/div>\n\t\t\t\t<\/div>\n\t\t\t\t<\/div>\n\t\t\t\t\t<\/div>\n\t\t\t\t<\/div>\n\t\t<div class=\"elementor-element elementor-element-7533bc7a e-flex e-con-boxed e-con e-parent\" data-id=\"7533bc7a\" data-element_type=\"container\" data-e-type=\"container\">\n\t\t\t\t\t<div class=\"e-con-inner\">\n\t\t\t\t<div class=\"elementor-element elementor-element-2447d18d elementor-widget elementor-widget-heading\" data-id=\"2447d18d\" data-element_type=\"widget\" data-e-type=\"widget\" data-widget_type=\"heading.default\">\n\t\t\t\t\t<h2 class=\"elementor-heading-title elementor-size-default\">Praktiskt skydd<\/h2>\t\t\t\t<\/div>\n\t\t<div class=\"elementor-element elementor-element-d5d0260c e-con-full e-flex e-con e-child\" data-id=\"d5d0260c\" data-element_type=\"container\" data-e-type=\"container\">\n\t\t\t\t<div class=\"elementor-element elementor-element-341be2ac elementor-widget elementor-widget-text-editor\" data-id=\"341be2ac\" data-element_type=\"widget\" data-e-type=\"widget\" data-widget_type=\"text-editor.default\">\n\t\t\t\t\t\t\t\t\t<p><strong>Avv\u00e4rjande riter<\/strong><\/p><p>Persefone, underjordens h\u00e4rskarinna, var mindre f\u00f6rem\u00e5l f\u00f6r avv\u00e4rjande \u00e4n f\u00f6r f\u00f6rsonande riter. Eftersom man i vardagen undvek att uttala hennes namn av f\u00f6rsiktighet, kallade man henne ofta h\u00f6ljande Kore, &#8221;flickan&#8221;, ett spr\u00e5kligt uttryck f\u00f6r v\u00f6rdnad inf\u00f6r de underjordiska makterna.<\/p><p>I de eleusinska mysterierna stod hoppet om ett gott \u00f6de i livet efter detta i centrum, mindre avv\u00e4rjandet.<\/p><p>En tydligt apotropeisk tradition utg\u00f6rs av de orfisk-bakkiska guldbladen: tunna, inskrivna guldlameller som lades med den avlidne i graven och inneh\u00f6ll anvisningar f\u00f6r v\u00e4gen genom underjorden samt tilltal till Persefone. De skulle s\u00e4kra den d\u00f6des \u00f6verg\u00e5ng, ett skyddsobjekt i ordets bokstavliga mening.<\/p><p><strong>Besv\u00e4rjelser<\/strong><\/p><p>De eleusinska mysterierna erbj\u00f6d den viktigaste kultiska v\u00e4gen att st\u00e4lla sig v\u00e4l med Persefone och Demeter: de invigda hoppades p\u00e5 ett b\u00e4ttre \u00f6de efter d\u00f6den. Dessutom k\u00e4nner man till orfiska guldblad med besv\u00e4rjelser som lade r\u00e4tt tilltal till drottningen i den avlidnes mun, s\u00e5 att sj\u00e4len skulle tas emot n\u00e5digt i underjorden. Myten om granat\u00e4pplet, vars k\u00e4rnor band Persefone till underjorden, manade ocks\u00e5 till f\u00f6rsiktighet med mat fr\u00e5n de d\u00f6das rike.<\/p><p><strong>Amuletter och skyddssymboler<\/strong><\/p><p>Persefone behandlades i den grekiska kulten som underjordens h\u00e4rskarinna med v\u00f6rdnad, det var inte tal om avv\u00e4rjande: man kallade henne ofta bara Kore, flickan, eller omskrev henne med v\u00e4lmenande binamn f\u00f6r att undvika hennes egentliga namn. Skydd i umg\u00e4nget med hennes sf\u00e4r s\u00f6kte grekerna genom korrekta begravnings- och d\u00f6dsriter, som s\u00e4krade den avlidnes \u00f6verg\u00e5ng. F\u00f6rbannelsetavlor (defixiones) visar tv\u00e4rtom att man ocks\u00e5 kunde \u00e5kalla henne riktat, varf\u00f6r ett respektfullt bruk av hennes namn ans\u00e5gs vara ett bud.<\/p><p><strong><span class=\"iwg-fachbegriff\" data-tooltip=\"Summan av de religi\u00f6sa v\u00f6rdnadshandlingar som \u00e4gnas en gudom eller helig gestalt.\" tabindex=\"0\">Kult<\/span> och v\u00f6rdnad<\/strong><\/p><p>Persefone var central i de eleusinska mysterierna, kanske \u00e4nnu mer \u00e4n sin mor Demeter. Hennes bortf\u00f6rande och \u00e5terkomst spelades dramatiskt upp, och de invigda upplevde denna resa i rituell form. Anthesteria, en fest f\u00f6r Persefone och underjordens gudar, var en tid d\u00e5 gr\u00e4nsen mellan liv och d\u00f6d blev tunn.<\/p><p>Kvinnor bad till Persefone under puberteten och gifterm\u00e5let, som skyddsherre f\u00f6r \u00f6verg\u00e5ngen till kvinnoskap. Kore-gestalten v\u00f6rdades som skyddsherre f\u00f6r oskuld; Hades-drottningen som skyddsherre f\u00f6r \u00e4ktenskap och moderskap. Pr\u00e4stinnor f\u00f6rmedlade hennes dualitet som en integration snarare \u00e4n en mots\u00e4ttning.<\/p>\t\t\t\t\t\t\t\t<\/div>\n\t\t\t\t<\/div>\n\t\t\t\t\t<\/div>\n\t\t\t\t<\/div>\n\t\t<div class=\"elementor-element elementor-element-5a584676 e-flex e-con-boxed e-con e-parent\" data-id=\"5a584676\" data-element_type=\"container\" data-e-type=\"container\">\n\t\t\t\t\t<div class=\"e-con-inner\">\n\t\t\t\t<div class=\"elementor-element elementor-element-6d0757bf elementor-widget elementor-widget-heading\" data-id=\"6d0757bf\" data-element_type=\"widget\" data-e-type=\"widget\" data-widget_type=\"heading.default\">\n\t\t\t\t\t<h2 class=\"elementor-heading-title elementor-size-default\">Persefone, paralleller i andra kulturer<\/h2>\t\t\t\t<\/div>\n\t\t<div class=\"elementor-element elementor-element-60563f68 e-con-full e-flex e-con e-child\" data-id=\"60563f68\" data-element_type=\"container\" data-e-type=\"container\">\n\t\t\t\t<div class=\"elementor-element elementor-element-5a93fdd6 elementor-widget elementor-widget-text-editor\" data-id=\"5a93fdd6\" data-element_type=\"widget\" data-e-type=\"widget\" data-widget_type=\"text-editor.default\">\n\t\t\t\t\t\t\t\t\t<p>Liknande underjordsgudinnor finns i andra kulturer: Inanna\/Ishtar (Mesopotamien) genomkorsar ocks\u00e5 underjorden; Izanami (Japan) h\u00e4rskar \u00f6ver d\u00f6dsriket. Persefones granat\u00e4pple-episod p\u00e5minner om keltiska underjordsf\u00f6rtrollningar och indiska bortf\u00f6randemyter. \u00c5rscykelaspekten f\u00f6rbinder henne med vegetationsgudomar som Osiris eller Dionysos.<\/p>\t\t\t\t\t\t\t\t<\/div>\n\t\t\t\t<\/div>\n\t\t\t\t\t<\/div>\n\t\t\t\t<\/div>\n\t\t<div class=\"elementor-element elementor-element-cp8742374 e-flex e-con-boxed e-con e-parent\" data-id=\"cp8742374\" data-element_type=\"container\" data-e-type=\"container\">\n\t\t\t\t\t<div class=\"e-con-inner\">\n\t\t\t\t<div class=\"elementor-element elementor-element-cp23b39fb elementor-widget elementor-widget-heading\" data-id=\"cp23b39fb\" data-element_type=\"widget\" data-e-type=\"widget\" data-widget_type=\"heading.default\">\n\t\t\t\t\t<h2 class=\"elementor-heading-title elementor-size-default\">Rovet av Persefone i den homeriska Demeterhymnen<\/h2>\t\t\t\t<\/div>\n\t\t<div class=\"elementor-element elementor-element-cp4da9781 e-con-full e-flex e-con e-child\" data-id=\"cp4da9781\" data-element_type=\"container\" data-e-type=\"container\">\n\t\t\t\t<div class=\"elementor-element elementor-element-cp9c8ea7c elementor-widget elementor-widget-text-editor\" data-id=\"cp9c8ea7c\" data-element_type=\"widget\" data-e-type=\"widget\" data-widget_type=\"text-editor.default\">\n\t\t\t\t\t\t\t\t\t<p>Den mest utf\u00f6rliga <span class=\"iwg-fachbegriff\" data-tooltip=\"Epok av grekisk och romersk kultur, ungef\u00e4r 800 f.Kr. till 600 e.Kr.\" tabindex=\"0\">antika<\/span> ber\u00e4ttelsen om Persefone (Persephone) \u00e5terfinns i den s\u00e5 kallade homeriska hymnen till <a href=\"https:\/\/iwell-guard.com\/sv\/demeter\/\">Demeter<\/a>, en text som troligen tillkom under 700- eller 600-talet f.Kr.<\/p><p>Den skildrar hur flickan, i hymnen mestadels kallad <em>Kore<\/em>, det vill s\u00e4ga helt enkelt flickan, plockar blommor p\u00e5 en \u00e4ng. N\u00e4r hon str\u00e4cker sig efter en s\u00e4rskilt vacker narciss \u00f6ppnar sig jorden, och <a href=\"https:\/\/iwell-guard.com\/sv\/hades\/\">Hades<\/a> f\u00f6r henne bort till underjorden i sin vagn.<\/p><p>Demeter s\u00f6ker efter dottern i nio dagar \u00f6ver hela jorden och f\u00e5r till slut veta av Helios, den allseende solguden, vad som har h\u00e4nt.<\/p><p>Av vrede och sorg drar hon sig undan de andra gudarna, l\u00e5ter f\u00e4lten bli ofruktbara och hotar att l\u00e5ta m\u00e4nniskosl\u00e4ktet sv\u00e4lta. F\u00f6rst d\u00e5 tvingas Zeus att ge sig och s\u00e4nda Hermes till underjorden f\u00f6r att h\u00e4mta tillbaka Persefone.<\/p><p>Avg\u00f6rande \u00e4r episoden med granat\u00e4pplek\u00e4rnan. Innan Persefone l\u00e4mnar underjorden ger Hades henne en granat\u00e4pplek\u00e4rna att \u00e4ta. Den som har smakat de d\u00f6das f\u00f6da \u00e4r bunden till underjorden. S\u00e5 uppst\u00e5r kompromissen att Persefone m\u00e5ste tillbringa en del av \u00e5ret hos Hades och en del hos sin mor.<\/p><p>Hymnen knyter d\u00e4rmed <span class=\"iwg-fachbegriff\" data-tooltip=\"En traderad ber\u00e4ttelse om gudar, ursprung och v\u00e4rldens ordning.\" tabindex=\"0\">myten<\/span> direkt till \u00e5rstidsv\u00e4xlingen och till vegetationens tillblivelse och f\u00f6rg\u00e4ngelse. Samtidigt utg\u00f6r den grundl\u00e4ggningsmyten f\u00f6r de eleusinska mysterierna, vars instiftande texten sj\u00e4lv tillskriver Demeter.<\/p>\t\t\t\t\t\t\t\t<\/div>\n\t\t\t\t<\/div>\n\t\t\t\t\t<\/div>\n\t\t\t\t<\/div>\n\t\t<div class=\"elementor-element elementor-element-cpfe3dad8 e-flex e-con-boxed e-con e-parent\" data-id=\"cpfe3dad8\" data-element_type=\"container\" data-e-type=\"container\">\n\t\t\t\t\t<div class=\"e-con-inner\">\n\t\t\t\t<div class=\"elementor-element elementor-element-cp24a098d elementor-widget elementor-widget-heading\" data-id=\"cp24a098d\" data-element_type=\"widget\" data-e-type=\"widget\" data-widget_type=\"heading.default\">\n\t\t\t\t\t<h2 class=\"elementor-heading-title elementor-size-default\">Underjordens drottning<\/h2>\t\t\t\t<\/div>\n\t\t<div class=\"elementor-element elementor-element-cp198d44d e-con-full e-flex e-con e-child\" data-id=\"cp198d44d\" data-element_type=\"container\" data-e-type=\"container\">\n\t\t\t\t<div class=\"elementor-element elementor-element-cpe43e879 elementor-widget elementor-widget-text-editor\" data-id=\"cpe43e879\" data-element_type=\"widget\" data-e-type=\"widget\" data-widget_type=\"text-editor.default\">\n\t\t\t\t\t\t\t\t\t<p>S\u00e5 mycket som r\u00f6varmyten pr\u00e4glar bilden av Persefone \u00e4r hon i den levda grekiska religionen framf\u00f6r allt h\u00e4rskarinna \u00f6ver d\u00f6dsriket. Vid Hades sida h\u00e4rskar hon \u00f6ver de avlidna, och i denna roll framtr\u00e4der hon oftare och med st\u00f6rre v\u00f6rdnad \u00e4n i gestalten som den bortr\u00f6vade flickan.<\/p><p>Grekerna undvek ibland att uttala hennes namn och kallade henne i st\u00e4llet med omskrivningar, till exempel <em>Hagne<\/em>, den rena, eller helt enkelt gudinnan.<\/p><p>I denna funktion m\u00f6ter vi Persefone i flera litter\u00e4ra scener. I <em>Odyss\u00e9en<\/em> \u00e4r det Persefone som skickar upp skarorna av d\u00f6da till Odysseus och sedan jagar bort dem igen.<\/p><p>I Orfeus-myten \u00e4r det hon som r\u00f6rs av s\u00e5ngarens s\u00e5ng och beviljar att Eurydike f\u00e5r \u00e5terv\u00e4nda. \u00c4ven p\u00e5 f\u00f6rbannelsetavlor, de s\u00e5 kallade <em>defixiones<\/em>, som lades i graven hos de d\u00f6da, \u00e5kallas hon som en makt som r\u00e5der \u00f6ver skuggorna.<\/p><p>Denna dubbla roll, dotter till vegetationsgudinnan och samtidigt de d\u00f6das h\u00e4rskarinna, har l\u00e4nge sysselsatt forskningen. Walter Burkert har i sin <em>Griechische Religion<\/em> betonat att b\u00e5da aspekterna h\u00f6r samman: kornet m\u00e5ste ner i jorden, ner i m\u00f6rkret, f\u00f6r att nytt liv ska kunna uppst\u00e5.<\/p><p>Persefone f\u00f6rkroppsligar d\u00e4rmed sambandet mellan d\u00f6d och fruktbarhet, ett samband som var direkt erfarbart i jordbruket, och det g\u00e5r inte att tala om tv\u00e5 \u00e5tskilda funktioner. Den v\u00e4rdighet med vilken grekerna bem\u00f6tte henne i hennes roll i underjorden visar att hon uppfattades mindre som <span class=\"iwg-fachbegriff\" data-tooltip=\"G\u00e5va till en gudom f\u00f6r att uttrycka tack, b\u00f6n eller v\u00f6rdnad.\" tabindex=\"0\">offer<\/span> f\u00f6r ett brott \u00e4n som en makt att r\u00e4kna med i den kosmiska ordningen.<\/p>\t\t\t\t\t\t\t\t<\/div>\n\t\t\t\t<\/div>\n\t\t\t\t\t<\/div>\n\t\t\t\t<\/div>\n\t\t<div class=\"elementor-element elementor-element-cp9b8f38d e-flex e-con-boxed e-con e-parent\" data-id=\"cp9b8f38d\" data-element_type=\"container\" data-e-type=\"container\">\n\t\t\t\t\t<div class=\"e-con-inner\">\n\t\t\t\t<div class=\"elementor-element elementor-element-cp2bff7ff elementor-widget elementor-widget-heading\" data-id=\"cp2bff7ff\" data-element_type=\"widget\" data-e-type=\"widget\" data-widget_type=\"heading.default\">\n\t\t\t\t\t<h2 class=\"elementor-heading-title elementor-size-default\">Persefone i de eleusinska mysterierna<\/h2>\t\t\t\t<\/div>\n\t\t<div class=\"elementor-element elementor-element-cp7292d98 e-con-full e-flex e-con e-child\" data-id=\"cp7292d98\" data-element_type=\"container\" data-e-type=\"container\">\n\t\t\t\t<div class=\"elementor-element elementor-element-cp6de0ebe elementor-widget elementor-widget-text-editor\" data-id=\"cp6de0ebe\" data-element_type=\"widget\" data-e-type=\"widget\" data-widget_type=\"text-editor.default\">\n\t\t\t\t\t\t\t\t\t<p><span class=\"iwg-fachbegriff\" data-tooltip=\"En helig plats vigd \u00e5t dyrkan av en gudom.\" tabindex=\"0\">Helgedomen<\/span> i Eleusis n\u00e4ra Athen var den viktigaste platsen f\u00f6r dyrkan av Persefone och Demeter i den grekiska v\u00e4rlden.<\/p><p>D\u00e4r firades under mer \u00e4n tusen \u00e5r de eleusinska mysterierna, en initiationskult som lovade de invigda, <em>mystai<\/em>, b\u00e4ttre utsikter inf\u00f6r \u00f6det efter d\u00f6den. Hymnen till Demeter h\u00e4rleder instiftandet av denna kult till Demeters s\u00f6kande efter sin dotter.<\/p><p>Om det exakta f\u00f6rloppet i de hemliga riterna vet man litet, eftersom de invigda var f\u00f6rpliktade till tystnad och h\u00f6ll sig till detta anm\u00e4rkningsv\u00e4rt konsekvent.<\/p><p>S\u00e4kert \u00e4r den yttre ramen: en <span class=\"iwg-fachbegriff\" data-tooltip=\"Ett h\u00f6gtidligt religi\u00f6st t\u00e5g.\" tabindex=\"0\">procession<\/span> fr\u00e5n Athen till Eleusis l\u00e4ngs den heliga v\u00e4gen, fastetider, en s\u00e4rskild dryck, <em>kykeon<\/em>, och nattliga firanden i telesterion, den stora initiationshallen. I centrum stod uppenbarligen ett framf\u00f6rande eller en gestaltning av de tv\u00e5 gudinnornas \u00f6de, fr\u00e5n skilsm\u00e4ssan till \u00e5terf\u00f6reningen.<\/p><p>Forskningen har l\u00e4nge diskuterat vad de invigda egentligen utlovades d\u00e4r och vad erfarenheten bestod i. <span class=\"iwg-fachbegriff\" data-tooltip=\"Epok av grekisk och romersk kultur, ungef\u00e4r 800 f.Kr. till 600 e.Kr.\" tabindex=\"0\">Antika<\/span> vittnesm\u00e5l, fr\u00e5n Pindaros till kristna f\u00f6rfattare, antyder att mysterierna gav tr\u00f6st inf\u00f6r d\u00f6den.<\/p><p>Persefones \u00e5terkomst fr\u00e5n underjorden tj\u00e4nade d\u00e4rvid som bild f\u00f6r hoppet att inte heller m\u00e4nniskans d\u00f6d beh\u00f6ver vara det sista ordet.<\/p><p>Viktigt \u00e4r det sakliga konstaterandet att vi inte k\u00e4nner till den centrala sk\u00e5dehandlingen. Alla moderna tolkningar, fr\u00e5n rationalistiska till s\u00e5dana som misst\u00e4nker ett v\u00e4xtbaserat rusmedel i <em>kykeon<\/em>, f\u00f6rblir hypoteser som brottas med ett medvetet bristf\u00e4lligt k\u00e4ll\u00e4ge.<\/p>\t\t\t\t\t\t\t\t<\/div>\n\t\t\t\t<\/div>\n\t\t\t\t\t<\/div>\n\t\t\t\t<\/div>\n\t\t<div class=\"elementor-element elementor-element-cp60fe985 e-flex e-con-boxed e-con e-parent\" data-id=\"cp60fe985\" data-element_type=\"container\" data-e-type=\"container\">\n\t\t\t\t\t<div class=\"e-con-inner\">\n\t\t\t\t<div class=\"elementor-element elementor-element-cp75c4864 elementor-widget elementor-widget-heading\" data-id=\"cp75c4864\" data-element_type=\"widget\" data-e-type=\"widget\" data-widget_type=\"heading.default\">\n\t\t\t\t\t<h2 class=\"elementor-heading-title elementor-size-default\">Ikonografi och kult p\u00e5 Sicilien och i Syditalien<\/h2>\t\t\t\t<\/div>\n\t\t<div class=\"elementor-element elementor-element-cp2b58f9b e-con-full e-flex e-con e-child\" data-id=\"cp2b58f9b\" data-element_type=\"container\" data-e-type=\"container\">\n\t\t\t\t<div class=\"elementor-element elementor-element-cpbe4c059 elementor-widget elementor-widget-text-editor\" data-id=\"cpbe4c059\" data-element_type=\"widget\" data-e-type=\"widget\" data-widget_type=\"text-editor.default\">\n\t\t\t\t\t\t\t\t\t<p>Inom bildkonsten framtr\u00e4der Persefone i tv\u00e5 grundtyper. Som Kore \u00e4r hon en ung kvinnlig gestalt, ofta med s\u00e4desax, fackla eller blommor, knappt att skilja fr\u00e5n andra unga gudinnor.<\/p><p>Som drottning av underjorden tronar hon vid sidan av Hades, ofta med spira, ibland med granat\u00e4pplet som attribut. Vasm\u00e5lningar fr\u00e5n 500- och 400-talet f.Kr. \u00e5terger g\u00e5ng p\u00e5 g\u00e5ng rovet genom Hades, vagnen, den \u00f6ppnade jorden och den s\u00f6kande Demeter.<\/p><p>S\u00e4rskilt intensiv var v\u00f6rdnaden p\u00e5 Sicilien och i de grekiska st\u00e4derna i S\u00f6ditalien. Sicilien ans\u00e5gs vara den f\u00f6redragna platsen f\u00f6r rovet, och trakten kring sj\u00f6n Pergusa n\u00e4ra Enna identifierades med blomster\u00e4ngen.<\/p><p>I Lokroi Epizephyrioi i Kalabrien har man funnit ett stort antal terrakottaplattor, s\u00e5 kallade pinakes, som visar scener ur Persefonemyten och hennes <span class=\"iwg-fachbegriff\" data-tooltip=\"Summan av de religi\u00f6sa v\u00f6rdnadshandlingar som \u00e4gnas en gudom eller helig gestalt.\" tabindex=\"0\">kult<\/span>. De ger en s\u00e4llsynt inblick i en lokal menighets f\u00f6rest\u00e4llningsv\u00e4rld och f\u00f6rbinder Persefone d\u00e4r \u00e4ven med br\u00f6llop och \u00e4ktenskapligt liv.<\/p><p>Persefones betydelse i denna region h\u00e4nger samman med den ekonomiska strukturen. Sicilien var en av antikens stora s\u00e4desmagasin, och en gudinna som ansvarade f\u00f6r s\u00e4den och f\u00f6r riket under jorden hade h\u00e4r en fast plats.<\/p><p>Cicero ber\u00e4ttar utf\u00f6rligt i sina tal mot Verres om gudinnans ber\u00f6mda <span class=\"iwg-fachbegriff\" data-tooltip=\"En helig plats vigd \u00e5t v\u00f6rdnaden av en gudom.\" tabindex=\"0\">helgedom<\/span> vid Enna och om den romerske st\u00e5th\u00e5llarens helger\u00e5n d\u00e4r. S\u00e5dana vittnesb\u00f6rd visar att Persefone var l\u00e5ngt mer \u00e4n en diktens gestalt: en makt vars helgedomar \u00e4ven under romersk tid hade anseende och rikedom.<\/p>\t\t\t\t\t\t\t\t<\/div>\n\t\t\t\t<\/div>\n\t\t\t\t\t<\/div>\n\t\t\t\t<\/div>\n\t\t<div class=\"elementor-element elementor-element-36dd7469 e-flex e-con-boxed e-con e-parent\" data-id=\"36dd7469\" data-element_type=\"container\" data-e-type=\"container\">\n\t\t\t\t\t<div class=\"e-con-inner\">\n\t\t\t\t<div class=\"elementor-element elementor-element-13760ab4 elementor-widget elementor-widget-heading\" data-id=\"13760ab4\" data-element_type=\"widget\" data-e-type=\"widget\" data-widget_type=\"heading.default\">\n\t\t\t\t\t<h2 class=\"elementor-heading-title elementor-size-default\">Vidare l\u00e4nkar<\/h2>\t\t\t\t<\/div>\n\t\t<div class=\"elementor-element elementor-element-28c87796 e-con-full e-flex e-con e-child\" data-id=\"28c87796\" data-element_type=\"container\" data-e-type=\"container\">\n\t\t\t\t<div class=\"elementor-element elementor-element-5d6538df elementor-widget elementor-widget-text-editor\" data-id=\"5d6538df\" data-element_type=\"widget\" data-e-type=\"widget\" data-widget_type=\"text-editor.default\">\n\t\t\t\t\t\t\t\t\t<ul><li><a href=\"https:\/\/iwell-guard.com\/sv\/demeter\/\">Demeter, moder<\/a><\/li><li><a href=\"https:\/\/iwell-guard.com\/sv\/hades\/\">Hades, make i underjorden<\/a><\/li><li><a href=\"https:\/\/iwell-guard.com\/sv\/hekate\/\">Hekate, f\u00f6ljeslagare i myten<\/a><\/li><li><a href=\"https:\/\/iwell-guard.com\/sv\/proserpina\/\">Proserpina, romersk motsvarighet<\/a><\/li><li><a href=\"https:\/\/iwell-guard.com\/sv\/grekland\/\">Grekland, panteon\u00f6versikt<\/a><\/li><li><a href=\"https:\/\/iwell-guard.com\/sv\/gudar\/\">Gudar, klass\u00f6versikt<\/a><\/li><\/ul>\t\t\t\t\t\t\t\t<\/div>\n\t\t\t\t<\/div>\n\t\t\t\t\t<\/div>\n\t\t\t\t<\/div>\n\t\t<div class=\"elementor-element elementor-element-grl4kl40 e-flex e-con-boxed e-con e-parent\" data-id=\"grl4kl40\" data-element_type=\"container\" data-e-type=\"container\">\n\t\t\t\t\t<div class=\"e-con-inner\">\n\t\t\t\t<div class=\"elementor-element elementor-element-bzsbfrmh elementor-widget elementor-widget-heading\" data-id=\"bzsbfrmh\" data-element_type=\"widget\" data-e-type=\"widget\" data-widget_type=\"heading.default\">\n\t\t\t\t\t<h2 class=\"elementor-heading-title elementor-size-default\">K\u00e4llor och litteratur<\/h2>\t\t\t\t<\/div>\n\t\t<div class=\"elementor-element elementor-element-2c13224a e-con-full e-flex e-con e-child\" data-id=\"2c13224a\" data-element_type=\"container\" data-e-type=\"container\">\n\t\t\t\t<div class=\"elementor-element elementor-element-0eymh9ub elementor-widget elementor-widget-text-editor\" data-id=\"0eymh9ub\" data-element_type=\"widget\" data-e-type=\"widget\" data-widget_type=\"text-editor.default\">\n\t\t\t\t\t\t\t\t\t<footer class=\"iwg-literatur\" data-nosnippet=\"true\"><ul><li><span data-nosnippet>Burkert, Walter: <em><span class=\"iwg-fachbegriff\" data-tooltip=\"Epok av grekisk och romersk kultur, ungef\u00e4r 800 f.Kr. till 600 e.Kr.\" tabindex=\"0\">antikens<\/span> mysterier. Funktioner och inneh\u00e5ll<\/em>. M\u00fcnchen 1990.<\/span><\/li><li><span data-nosnippet>Foley, Helene P.: <em>The Homeric Hymn to Demeter<\/em>. Princeton 1994.<\/span><\/li><li><span data-nosnippet>Clinton, Kevin: <em>Myth and Cult. The Iconography of the Eleusinian Mysteries<\/em>. Stockholm 1992.<\/span><\/li><li>Walde, Christine (Hg.): <em>Der Neue Pauly<\/em> (uppslagsord &bdquo;Persephone&ldquo;).<\/li><li>Pausanias: <em>Beskrivning av Grekland<\/em>, bok I (Eleusis).<\/li><\/ul><\/footer>\n<p class=\"iwg-bib-more\"><span data-nosnippet>Fler standardverk i <a href=\"https:\/\/iwell-guard.com\/sv\/litteratur\/\">litteraturf\u00f6rteckningen<\/a>.<\/span><\/p>\t\t\t\t\t\t\t\t<\/div>\n\t\t\t\t<\/div>\n\t\t\t\t\t<\/div>\n\t\t\t\t<\/div>\n\t\t<div class=\"elementor-element elementor-element-iwgkw2-add-persephone e-flex e-con-boxed e-con e-parent\" data-id=\"iwgkw2-add-persephone\" data-element_type=\"container\" data-e-type=\"container\">\n\t\t\t\t\t<div class=\"e-con-inner\">\n\t\t\t\t<div class=\"elementor-element elementor-element-iwgkw2-add-persephone-t elementor-widget elementor-widget-text-editor\" data-id=\"iwgkw2-add-persephone-t\" data-element_type=\"widget\" data-e-type=\"widget\" data-widget_type=\"text-editor.default\">\n\t\t\t\t\t\t\t\t\t<p>I den grekiska <em><span class=\"iwg-fachbegriff\" data-tooltip=\"Summan av en kulturs \u00f6verl\u00e4mnade gudaber\u00e4ttelser.\" tabindex=\"0\">mytologin<\/span><\/em> f\u00f6rkroppsligar Persefone \u00e5rstidernas v\u00e4xling: som dotter till Demeter och maka till Hades delar hon sitt \u00e5r mellan ovanjorden och underjorden och v\u00f6rdas i de eleusinska mysterierna som Kore.<\/p>\t\t\t\t\t\t\t\t<\/div>\n\t\t\t\t\t<\/div>\n\t\t\t\t<\/div>\n\t\t<div class=\"elementor-element elementor-element-c678c54 e-con-boxed e-flex e-con e-parent\" data-id=\"c678c54\" data-element_type=\"container\" data-e-type=\"container\">\n\t\t\t\t\t<div class=\"e-con-inner\">\n\t\t\t\t<div class=\"elementor-element elementor-element-c343e0f elementor-widget elementor-widget-text-editor\" data-id=\"c343e0f\" data-element_type=\"widget\" data-e-type=\"widget\" data-widget_type=\"text-editor.default\">\n\t\t\t\t\t\t\t\t\t\n<h2>Vanliga fr\u00e5gor om Persefone<\/h2>\n<div class=\"iwg-faq-q\"><h3>Vem \u00e4r Persefone i den grekiska <span class=\"iwg-fachbegriff\" data-tooltip=\"Summan av en kulturs \u00f6verl\u00e4mnade gudaber\u00e4ttelser.\" tabindex=\"0\">mytologin<\/span>?<\/h3><p>Persefone (romersk Proserpina) \u00e4r dotter till Demeter (sk\u00f6rdegudinnan) och Zeus. Den centrala <span class=\"iwg-fachbegriff\" data-tooltip=\"En \u00f6verl\u00e4mnad ber\u00e4ttelse om gudar, ursprung och v\u00e4rldens ordning.\" tabindex=\"0\">myten<\/span>: Persefone r\u00f6vas bort av Hades, underjordens h\u00e4rskare. Demeter s\u00f6rjer s\u00e5 djupt att jorden torkar ut.<\/p><p>Zeus medlar, och Persefone f\u00e5r tillbringa tv\u00e5 tredjedelar av \u00e5ret hos sin mor (v\u00e5r, sommar, h\u00f6st), en tredjedel som drottning av underjorden (vinter). Denna <span class=\"iwg-fachbegriff\" data-tooltip=\"En \u00f6verl\u00e4mnad ber\u00e4ttelse om gudar, ursprung och v\u00e4rldens ordning.\" tabindex=\"0\">myten<\/span> \u00e4r den religi\u00f6sa f\u00f6rklaringen till \u00e5rscykeln och grunden f\u00f6r de eleusinska mysterierna.<\/p><\/div>\n<div class=\"iwg-faq-q\"><h3>Vad var de eleusinska mysterierna?<\/h3><p>De eleusinska mysterierna var den viktigaste mysteriekulten i det antika Grekland och praktiserades under n\u00e4stan tv\u00e5tusen \u00e5r (ungef\u00e4r 1500 f.Kr. till 392 e.Kr.).<\/p><p>I <span class=\"iwg-fachbegriff\" data-tooltip=\"En helig plats vigd \u00e5t v\u00f6rdnaden av en gudom.\" tabindex=\"0\">helgedomen<\/span> i Eleusis n\u00e4ra Aten upplevde de invigda dramat om Demeter och Persefone som en <span class=\"iwg-fachbegriff\" data-tooltip=\"Rituell \u00f6verg\u00e5ng genom vilken n\u00e5gon tas upp i en ny status eller gemenskap.\" tabindex=\"0\">initiation<\/span>, som ett l\u00f6fte om att inte heller d\u00f6den betyder slutet. De exakta riterna var str\u00e4ngt hemliga (den eleusinska tystnadsplikten). Ber\u00f6mda invigda var bland andra Sofokles, Platon, Cicero, Augustus och Marcus Aurelius.<\/p><\/div>\n<script type=\"application\/ld+json\">{\"@context\":\"https:\/\/schema.org\",\"@type\":\"FAQPage\",\"mainEntity\":[{\"@type\":\"Question\",\"name\":\"Vem \u00e4r Persefone i den grekiska mytologin?\",\"acceptedAnswer\":{\"@type\":\"Answer\",\"text\":\"Persefone (romersk Proserpina) \u00e4r dotter till Demeter (sk\u00f6rdegudinnan) och Zeus. Den centrala myten: Persefone r\u00f6vas bort av Hades, underjordens h\u00e4rskare. Demeter s\u00f6rjer s\u00e5 djupt att jorden torkar ut. Zeus medlar, och Persefone f\u00e5r tillbringa tv\u00e5 tredjedelar av \u00e5ret hos sin mor (v\u00e5r, sommar, h\u00f6st), en tredjedel som drottning av underjorden (vinter). Denna myt \u00e4r den religi\u00f6sa f\u00f6rklaringen till \u00e5rscykeln och grunden f\u00f6r de eleusinska mysterierna.\"}},{\"@type\":\"Question\",\"name\":\"Vad var de eleusinska mysterierna?\",\"acceptedAnswer\":{\"@type\":\"Answer\",\"text\":\"De eleusinska mysterierna var den viktigaste mysteriekulten i det antika Grekland och praktiserades under n\u00e4stan tv\u00e5tusen \u00e5r (ungef\u00e4r 1500 f.Kr. till 392 e.Kr.). I helgedomen i Eleusis n\u00e4ra Aten upplevde de invigda dramat om Demeter och Persefone som en initiation, som ett l\u00f6fte om att inte heller d\u00f6den betyder slutet. De exakta riterna var str\u00e4ngt hemliga (den eleusinska tystnadsplikten). Ber\u00f6mda invigda var bland andra Sofokles, Platon, Cicero, Augustus och Marcus Aurelius.\"}}]}<\/script>\t\t\t\t\t\t\t\t<\/div>\n\t\t\t\t\t<\/div>\n\t\t\t\t<\/div>\n\t\t\t\t<\/div>\n\t\t","protected":false},"excerpt":{"rendered":"","protected":false},"author":3,"featured_media":1725,"parent":0,"menu_order":0,"comment_status":"closed","ping_status":"closed","template":"elementor_header_footer","meta":{"_yoast_wpseo_focuskw":"Persefone","_yoast_wpseo_title":"Persefone \u2013 grekisk gudinna f\u00f6r underjorden","_yoast_wpseo_metadesc":"Demeters dotter, underjordens drottning, granat\u00e4pple och de eleusinska mysterierna. Symbol f\u00f6r d\u00f6d, \u00e5terf\u00f6delse och \u00e5rscykeln.","_yoast_wpseo_meta-robots-noindex":"","_yoast_wpseo_canonical":"","_angie_page":false,"gefaehrdungsstufe":"2","wesen_kultur":"griechenland","wesen_klasse":"goetter","footnotes":""},"categories":[],"class_list":["post-136653","page","type-page","status-publish","has-post-thumbnail","hentry"],"yoast_head":"<!-- This site is optimized with the Yoast SEO Premium plugin v27.7 (Yoast SEO v28.3) - https:\/\/yoast.com\/product\/yoast-seo-premium-wordpress\/ -->\n<title>Persefone \u2013 grekisk gudinna f\u00f6r underjorden<\/title>\n<meta name=\"description\" content=\"Demeters dotter, underjordens drottning, granat\u00e4pple och de eleusinska mysterierna. Symbol f\u00f6r d\u00f6d, \u00e5terf\u00f6delse och \u00e5rscykeln.\" \/>\n<meta name=\"robots\" content=\"index, follow, max-snippet:-1, max-image-preview:large, max-video-preview:-1\" \/>\n<link rel=\"canonical\" href=\"https:\/\/iwell-guard.com\/sv\/persefone\/\" \/>\n<meta property=\"og:locale\" content=\"sv_SE\" \/>\n<meta property=\"og:type\" content=\"article\" \/>\n<meta property=\"og:title\" content=\"Persefone\" \/>\n<meta property=\"og:description\" content=\"Demeters dotter, underjordens drottning, granat\u00e4pple och de eleusinska mysterierna. Symbol f\u00f6r d\u00f6d, \u00e5terf\u00f6delse och \u00e5rscykeln.\" \/>\n<meta property=\"og:url\" content=\"https:\/\/iwell-guard.com\/sv\/persefone\/\" \/>\n<meta property=\"og:site_name\" content=\"iWell Guard\" \/>\n<meta property=\"article:modified_time\" content=\"2026-09-03T01:08:23+00:00\" \/>\n<meta property=\"og:image\" content=\"https:\/\/iwell-guard.com\/wp-content\/uploads\/2026\/04\/goetter_griechenland_persephone.webp\" \/>\n\t<meta property=\"og:image:width\" content=\"1024\" \/>\n\t<meta property=\"og:image:height\" content=\"1536\" \/>\n\t<meta property=\"og:image:type\" content=\"image\/webp\" \/>\n<meta name=\"twitter:card\" content=\"summary_large_image\" \/>\n<script type=\"application\/ld+json\" class=\"yoast-schema-graph\">{\"@context\":\"https:\\\/\\\/schema.org\",\"@graph\":[{\"@type\":\"WebPage\",\"@id\":\"https:\\\/\\\/iwell-guard.com\\\/sv\\\/persefone\\\/\",\"url\":\"https:\\\/\\\/iwell-guard.com\\\/sv\\\/persefone\\\/\",\"name\":\"Persefone \u2013 grekisk gudinna f\u00f6r underjorden\",\"isPartOf\":{\"@id\":\"https:\\\/\\\/iwell-guard.com\\\/sv\\\/#website\"},\"primaryImageOfPage\":{\"@id\":\"https:\\\/\\\/iwell-guard.com\\\/sv\\\/persefone\\\/#primaryimage\"},\"image\":{\"@id\":\"https:\\\/\\\/iwell-guard.com\\\/sv\\\/persefone\\\/#primaryimage\"},\"thumbnailUrl\":\"https:\\\/\\\/iwell-guard.com\\\/wp-content\\\/uploads\\\/2026\\\/04\\\/goetter_griechenland_persephone.webp\",\"datePublished\":\"2026-09-03T00:08:51+00:00\",\"dateModified\":\"2026-09-03T01:08:23+00:00\",\"description\":\"Demeters dotter, underjordens drottning, granat\u00e4pple och de eleusinska mysterierna. Symbol f\u00f6r d\u00f6d, \u00e5terf\u00f6delse och \u00e5rscykeln.\",\"breadcrumb\":{\"@id\":\"https:\\\/\\\/iwell-guard.com\\\/sv\\\/persefone\\\/#breadcrumb\"},\"inLanguage\":\"sv-SE\",\"potentialAction\":[{\"@type\":\"ReadAction\",\"target\":[\"https:\\\/\\\/iwell-guard.com\\\/sv\\\/persefone\\\/\"]}]},{\"@type\":\"ImageObject\",\"inLanguage\":\"sv-SE\",\"@id\":\"https:\\\/\\\/iwell-guard.com\\\/sv\\\/persefone\\\/#primaryimage\",\"url\":\"https:\\\/\\\/iwell-guard.com\\\/wp-content\\\/uploads\\\/2026\\\/04\\\/goetter_griechenland_persephone.webp\",\"contentUrl\":\"https:\\\/\\\/iwell-guard.com\\\/wp-content\\\/uploads\\\/2026\\\/04\\\/goetter_griechenland_persephone.webp\",\"width\":1024,\"height\":1536,\"caption\":\"Gudar fr\u00e5n den grekiska traditionen.\"},{\"@type\":\"BreadcrumbList\",\"@id\":\"https:\\\/\\\/iwell-guard.com\\\/sv\\\/persefone\\\/#breadcrumb\",\"itemListElement\":[{\"@type\":\"ListItem\",\"position\":1,\"name\":\"Start\",\"item\":\"https:\\\/\\\/iwell-guard.com\\\/sv\\\/?page_id=136483\"},{\"@type\":\"ListItem\",\"position\":2,\"name\":\"Persefone\"}]},{\"@type\":\"WebSite\",\"@id\":\"https:\\\/\\\/iwell-guard.com\\\/sv\\\/#website\",\"url\":\"https:\\\/\\\/iwell-guard.com\\\/sv\\\/\",\"name\":\"iWell Guard\",\"description\":\"Schutz vor dunklen Einfl\u00fcssen\",\"publisher\":{\"@id\":\"https:\\\/\\\/iwell-guard.com\\\/sv\\\/#organization\"},\"potentialAction\":[{\"@type\":\"SearchAction\",\"target\":{\"@type\":\"EntryPoint\",\"urlTemplate\":\"https:\\\/\\\/iwell-guard.com\\\/sv\\\/?s={search_term_string}\"},\"query-input\":{\"@type\":\"PropertyValueSpecification\",\"valueRequired\":true,\"valueName\":\"search_term_string\"}}],\"inLanguage\":\"sv-SE\"},{\"@type\":\"Organization\",\"@id\":\"https:\\\/\\\/iwell-guard.com\\\/sv\\\/#organization\",\"name\":\"Ittermann electronic GmbH\",\"url\":\"https:\\\/\\\/iwell-guard.com\\\/sv\\\/\",\"logo\":{\"@type\":\"ImageObject\",\"inLanguage\":\"sv-SE\",\"@id\":\"https:\\\/\\\/iwell-guard.com\\\/sv\\\/#\\\/schema\\\/logo\\\/image\\\/\",\"url\":\"https:\\\/\\\/iwell-guard.com\\\/wp-content\\\/uploads\\\/2026\\\/05\\\/Ittermann-Logo-1182x237-1.png\",\"contentUrl\":\"https:\\\/\\\/iwell-guard.com\\\/wp-content\\\/uploads\\\/2026\\\/05\\\/Ittermann-Logo-1182x237-1.png\",\"width\":1182,\"height\":237,\"caption\":\"Ittermann electronic GmbH\"},\"image\":{\"@id\":\"https:\\\/\\\/iwell-guard.com\\\/sv\\\/#\\\/schema\\\/logo\\\/image\\\/\"},\"sameAs\":[\"https:\\\/\\\/pantip.com\\\/profile\\\/9367242\",\"https:\\\/\\\/micro.blog\\\/iwellguard\",\"https:\\\/\\\/www.diggerslist.com\\\/iwellguard\\\/about\",\"https:\\\/\\\/skitterphoto.com\\\/photographers\\\/2870314\\\/iwell-guard\",\"https:\\\/\\\/iwellguard.wordpress.com\\\/2026\\\/06\\\/06\\\/iwell-guard\\\/\",\"https:\\\/\\\/hub.docker.com\\\/u\\\/iwellguard\",\"https:\\\/\\\/www.pinterest.com\\\/iwellguard\\\/\",\"https:\\\/\\\/bit.ly\\\/m\\\/iwellguard\",\"https:\\\/\\\/entre-vos-mains.alsace.eu\\\/profiles\\\/iwellguard\\\/activity\",\"https:\\\/\\\/gravatar.com\\\/reallybeded8fd34\",\"https:\\\/\\\/naijamatta.com\\\/iwellguard\",\"https:\\\/\\\/www.goodreads.com\\\/iwellguard\",\"https:\\\/\\\/profile.hatena.ne.jp\\\/iwellguard\\\/\",\"https:\\\/\\\/experiment.com\\\/users\\\/iwellguard\",\"https:\\\/\\\/wakelet.com\\\/@iWellGuard82270\",\"https:\\\/\\\/www.chordie.com\\\/forum\\\/profile.php?id=2555664\",\"https:\\\/\\\/www.instapaper.com\\\/p\\\/17757966\",\"https:\\\/\\\/www.mapleprimes.com\\\/users\\\/iwellguard\",\"https:\\\/\\\/businesslistingplus.com\\\/profile\\\/iwell-guard\\\/\",\"https:\\\/\\\/telegra.ph\\\/iWell-Guard-06-06\",\"https:\\\/\\\/pbase.com\\\/iwellguard\\\/iwellguard\",\"https:\\\/\\\/b.hatena.ne.jp\\\/iwellguard\\\/20260607#bookmark-4788405196491818882\",\"https:\\\/\\\/fliphtml5.com\\\/home\\\/iwellguard\",\"https:\\\/\\\/anyflip.com\\\/homepage\\\/cmiwl#About\",\"https:\\\/\\\/transfur.com\\\/Users\\\/iwellguard\",\"http:\\\/\\\/delphi.larsbo.org\\\/user\\\/iwellguard\",\"https:\\\/\\\/jobs.lajobsportal.org\\\/profiles\\\/8380803-iwell-guard\",\"https:\\\/\\\/md.chaosdorf.de\\\/s\\\/jfbe5SBdJD\",\"https:\\\/\\\/www.lingvolive.com\\\/en-us\\\/profile\\\/9ecaeaca-ce11-4e51-9e71-01d55e2bff36\\\/translations\",\"https:\\\/\\\/www.fitday.com\\\/fitness\\\/forums\\\/members\\\/iwellguard.html\",\"https:\\\/\\\/www.mymeetbook.com\\\/iwellguard\",\"https:\\\/\\\/pxhere.com\\\/en\\\/photographer-me\\\/5040798\",\"https:\\\/\\\/disqus.com\\\/by\\\/iwellguard\\\/about\\\/\",\"https:\\\/\\\/pastelink.net\\\/hjwciqwq\",\"https:\\\/\\\/pubhtml5.com\\\/homepage\\\/scjhn\\\/\",\"https:\\\/\\\/www.bitchute.com\\\/channel\\\/2O2eOKzNqujT\",\"https:\\\/\\\/audiomack.com\\\/iwellguard\"]},{\"@type\":\"Article\",\"@id\":\"https:\\\/\\\/iwell-guard.com\\\/sv\\\/persefone\\\/#article\",\"isPartOf\":{\"@id\":\"https:\\\/\\\/iwell-guard.com\\\/sv\\\/persefone\\\/\"},\"author\":{\"name\":\"Ralf Ittermann\",\"@id\":\"https:\\\/\\\/iwell-guard.com\\\/sv\\\/#\\\/schema\\\/person\\\/ee2a27f1cac3406c7c6fb5820cb7349f\"},\"headline\":\"Persefone\",\"datePublished\":\"2026-09-03T00:08:51+00:00\",\"dateModified\":\"2026-09-03T01:08:23+00:00\",\"mainEntityOfPage\":{\"@id\":\"https:\\\/\\\/iwell-guard.com\\\/sv\\\/persefone\\\/\"},\"publisher\":{\"@id\":\"https:\\\/\\\/iwell-guard.com\\\/sv\\\/#organization\"},\"image\":{\"@id\":\"https:\\\/\\\/iwell-guard.com\\\/sv\\\/persefone\\\/#primaryimage\"},\"thumbnailUrl\":\"https:\\\/\\\/iwell-guard.com\\\/wp-content\\\/uploads\\\/2026\\\/04\\\/goetter_griechenland_persephone.webp\",\"inLanguage\":\"sv-SE\",\"description\":\"Demeters dotter, underjordens drottning, granat\u00e4pple och de eleusinska mysterierna. Symbol f\u00f6r d\u00f6d, \u00e5terf\u00f6delse och \u00e5rscykeln.\"}]}<\/script>\n<!-- \/ Yoast SEO Premium plugin. -->","yoast_head_json":{"title":"Persefone \u2013 grekisk gudinna f\u00f6r underjorden","description":"Demeters dotter, underjordens drottning, granat\u00e4pple och de eleusinska mysterierna. Symbol f\u00f6r d\u00f6d, \u00e5terf\u00f6delse och \u00e5rscykeln.","robots":{"index":"index","follow":"follow","max-snippet":"max-snippet:-1","max-image-preview":"max-image-preview:large","max-video-preview":"max-video-preview:-1"},"canonical":"https:\/\/iwell-guard.com\/sv\/persefone\/","og_locale":"sv_SE","og_type":"article","og_title":"Persefone","og_description":"Demeters dotter, underjordens drottning, granat\u00e4pple och de eleusinska mysterierna. Symbol f\u00f6r d\u00f6d, \u00e5terf\u00f6delse och \u00e5rscykeln.","og_url":"https:\/\/iwell-guard.com\/sv\/persefone\/","og_site_name":"iWell Guard","article_modified_time":"2026-09-03T01:08:23+00:00","og_image":[{"width":1024,"height":1536,"url":"https:\/\/iwell-guard.com\/wp-content\/uploads\/2026\/04\/goetter_griechenland_persephone.webp","type":"image\/webp"}],"twitter_card":"summary_large_image","schema":{"@context":"https:\/\/schema.org","@graph":[{"@type":"Article","@id":"https:\/\/iwell-guard.com\/sv\/persefone\/#article","isPartOf":{"@id":"https:\/\/iwell-guard.com\/sv\/persefone\/"},"author":{"name":"Ralf Ittermann","@id":"https:\/\/iwell-guard.com\/sv\/#\/schema\/person\/ee2a27f1cac3406c7c6fb5820cb7349f"},"headline":"Persefone","datePublished":"2026-09-03T00:08:51+00:00","dateModified":"2026-09-03T01:08:23+00:00","mainEntityOfPage":{"@id":"https:\/\/iwell-guard.com\/sv\/persefone\/"},"publisher":{"@id":"https:\/\/iwell-guard.com\/sv\/#organization"},"image":{"@id":"https:\/\/iwell-guard.com\/sv\/persefone\/#primaryimage"},"thumbnailUrl":"https:\/\/iwell-guard.com\/wp-content\/uploads\/2026\/04\/goetter_griechenland_persephone.webp","inLanguage":"sv-SE","description":"Demeters dotter, underjordens drottning, granat\u00e4pple och de eleusinska mysterierna. Symbol f\u00f6r d\u00f6d, \u00e5terf\u00f6delse och \u00e5rscykeln."},{"@type":"WebPage","@id":"https:\/\/iwell-guard.com\/sv\/persefone\/","url":"https:\/\/iwell-guard.com\/sv\/persefone\/","name":"Persefone \u2013 grekisk gudinna f\u00f6r underjorden","isPartOf":{"@id":"https:\/\/iwell-guard.com\/sv\/#website"},"primaryImageOfPage":{"@id":"https:\/\/iwell-guard.com\/sv\/persefone\/#primaryimage"},"image":{"@id":"https:\/\/iwell-guard.com\/sv\/persefone\/#primaryimage"},"thumbnailUrl":"https:\/\/iwell-guard.com\/wp-content\/uploads\/2026\/04\/goetter_griechenland_persephone.webp","datePublished":"2026-09-03T00:08:51+00:00","dateModified":"2026-09-03T01:08:23+00:00","description":"Demeters dotter, underjordens drottning, granat\u00e4pple och de eleusinska mysterierna. Symbol f\u00f6r d\u00f6d, \u00e5terf\u00f6delse och \u00e5rscykeln.","breadcrumb":{"@id":"https:\/\/iwell-guard.com\/sv\/persefone\/#breadcrumb"},"inLanguage":"sv-SE","potentialAction":[{"@type":"ReadAction","target":["https:\/\/iwell-guard.com\/sv\/persefone\/"]}]},{"@type":"ImageObject","inLanguage":"sv-SE","@id":"https:\/\/iwell-guard.com\/sv\/persefone\/#primaryimage","url":"https:\/\/iwell-guard.com\/wp-content\/uploads\/2026\/04\/goetter_griechenland_persephone.webp","contentUrl":"https:\/\/iwell-guard.com\/wp-content\/uploads\/2026\/04\/goetter_griechenland_persephone.webp","width":1024,"height":1536,"caption":"Gudar fr\u00e5n den grekiska traditionen."},{"@type":"BreadcrumbList","@id":"https:\/\/iwell-guard.com\/sv\/persefone\/#breadcrumb","itemListElement":[{"@type":"ListItem","position":1,"name":"Start","item":"https:\/\/iwell-guard.com\/sv\/?page_id=136483"},{"@type":"ListItem","position":2,"name":"Persefone"}]},{"@type":"WebSite","@id":"https:\/\/iwell-guard.com\/sv\/#website","url":"https:\/\/iwell-guard.com\/sv\/","name":"iWell Guard","description":"Schutz vor dunklen Einfl\u00fcssen","publisher":{"@id":"https:\/\/iwell-guard.com\/sv\/#organization"},"potentialAction":[{"@type":"SearchAction","target":{"@type":"EntryPoint","urlTemplate":"https:\/\/iwell-guard.com\/sv\/?s={search_term_string}"},"query-input":{"@type":"PropertyValueSpecification","valueRequired":true,"valueName":"search_term_string"}}],"inLanguage":"sv-SE"},{"@type":"Organization","@id":"https:\/\/iwell-guard.com\/sv\/#organization","name":"Ittermann electronic GmbH","url":"https:\/\/iwell-guard.com\/sv\/","logo":{"@type":"ImageObject","inLanguage":"sv-SE","@id":"https:\/\/iwell-guard.com\/sv\/#\/schema\/logo\/image\/","url":"https:\/\/iwell-guard.com\/wp-content\/uploads\/2026\/05\/Ittermann-Logo-1182x237-1.png","contentUrl":"https:\/\/iwell-guard.com\/wp-content\/uploads\/2026\/05\/Ittermann-Logo-1182x237-1.png","width":1182,"height":237,"caption":"Ittermann electronic GmbH"},"image":{"@id":"https:\/\/iwell-guard.com\/sv\/#\/schema\/logo\/image\/"},"sameAs":["https:\/\/pantip.com\/profile\/9367242","https:\/\/micro.blog\/iwellguard","https:\/\/www.diggerslist.com\/iwellguard\/about","https:\/\/skitterphoto.com\/photographers\/2870314\/iwell-guard","https:\/\/iwellguard.wordpress.com\/2026\/06\/06\/iwell-guard\/","https:\/\/hub.docker.com\/u\/iwellguard","https:\/\/www.pinterest.com\/iwellguard\/","https:\/\/bit.ly\/m\/iwellguard","https:\/\/entre-vos-mains.alsace.eu\/profiles\/iwellguard\/activity","https:\/\/gravatar.com\/reallybeded8fd34","https:\/\/naijamatta.com\/iwellguard","https:\/\/www.goodreads.com\/iwellguard","https:\/\/profile.hatena.ne.jp\/iwellguard\/","https:\/\/experiment.com\/users\/iwellguard","https:\/\/wakelet.com\/@iWellGuard82270","https:\/\/www.chordie.com\/forum\/profile.php?id=2555664","https:\/\/www.instapaper.com\/p\/17757966","https:\/\/www.mapleprimes.com\/users\/iwellguard","https:\/\/businesslistingplus.com\/profile\/iwell-guard\/","https:\/\/telegra.ph\/iWell-Guard-06-06","https:\/\/pbase.com\/iwellguard\/iwellguard","https:\/\/b.hatena.ne.jp\/iwellguard\/20260607#bookmark-4788405196491818882","https:\/\/fliphtml5.com\/home\/iwellguard","https:\/\/anyflip.com\/homepage\/cmiwl#About","https:\/\/transfur.com\/Users\/iwellguard","http:\/\/delphi.larsbo.org\/user\/iwellguard","https:\/\/jobs.lajobsportal.org\/profiles\/8380803-iwell-guard","https:\/\/md.chaosdorf.de\/s\/jfbe5SBdJD","https:\/\/www.lingvolive.com\/en-us\/profile\/9ecaeaca-ce11-4e51-9e71-01d55e2bff36\/translations","https:\/\/www.fitday.com\/fitness\/forums\/members\/iwellguard.html","https:\/\/www.mymeetbook.com\/iwellguard","https:\/\/pxhere.com\/en\/photographer-me\/5040798","https:\/\/disqus.com\/by\/iwellguard\/about\/","https:\/\/pastelink.net\/hjwciqwq","https:\/\/pubhtml5.com\/homepage\/scjhn\/","https:\/\/www.bitchute.com\/channel\/2O2eOKzNqujT","https:\/\/audiomack.com\/iwellguard"]},{"@type":"Person","@id":"https:\/\/iwell-guard.com\/sv\/#\/schema\/person\/ee2a27f1cac3406c7c6fb5820cb7349f","name":"Ralf Ittermann","image":{"@type":"ImageObject","inLanguage":"sv-SE","@id":"https:\/\/secure.gravatar.com\/avatar\/073c0153e350a5005b68eb752b445fea71f6b24a26da9449ad7e155e6b446c9d?s=96&d=mm&r=g","url":"https:\/\/secure.gravatar.com\/avatar\/073c0153e350a5005b68eb752b445fea71f6b24a26da9449ad7e155e6b446c9d?s=96&d=mm&r=g","contentUrl":"https:\/\/secure.gravatar.com\/avatar\/073c0153e350a5005b68eb752b445fea71f6b24a26da9449ad7e155e6b446c9d?s=96&d=mm&r=g","caption":"Ralf Ittermann"},"givenName":"Ralf","familyName":"Ittermann","jobTitle":"Gesch\u00e4ftsf\u00fchrer und redaktioneller Verantwortlicher","url":"https:\/\/iwell-guard.com\/sv\/author\/claude\/","description":"Ralf Ittermann ist Gesch\u00e4ftsf\u00fchrer der Ittermann electronic GmbH und redaktioneller Verantwortlicher des iWell-Guard-Lexikons. Er verbindet langj\u00e4hrige Erfahrung in der Pr\u00e4zisionsfertigung mit medialer Praxis und religionsgeschichtlicher Quellenarbeit.","worksFor":{"@type":"Organization","name":"Ittermann electronic GmbH","url":"https:\/\/ittermann.de\/","address":{"@type":"PostalAddress","streetAddress":"K\u00f6hlergasse 16-18","postalCode":"99842","addressLocality":"Ruhla","addressCountry":"DE"}},"knowsAbout":["Religionsgeschichte","Mythologie","Mediale Praxis","Energetische Diagnostik","Schutzpraxis","Volksglauben","Westliche Esoterik"]},{"@type":"Article","@id":"https:\/\/iwell-guard.com\/sv\/persefone\/#article","isPartOf":{"@id":"https:\/\/iwell-guard.com\/sv\/persefone\/"},"author":{"name":"Ralf Ittermann","@id":"https:\/\/iwell-guard.com\/sv\/#\/schema\/person\/ee2a27f1cac3406c7c6fb5820cb7349f"},"headline":"Persefone","datePublished":"2026-09-03T00:08:51+00:00","dateModified":"2026-09-03T01:08:23+00:00","mainEntityOfPage":{"@id":"https:\/\/iwell-guard.com\/sv\/persefone\/"},"publisher":{"@id":"https:\/\/iwell-guard.com\/sv\/#organization"},"image":{"@id":"https:\/\/iwell-guard.com\/sv\/persefone\/#primaryimage"},"thumbnailUrl":"https:\/\/iwell-guard.com\/wp-content\/uploads\/2026\/04\/goetter_griechenland_persephone.webp","inLanguage":"sv-SE","description":"Demeters dotter, underjordens drottning, granat\u00e4pple och de eleusinska mysterierna. Symbol f\u00f6r d\u00f6d, \u00e5terf\u00f6delse och \u00e5rscykeln."}]}},"_links":{"self":[{"href":"https:\/\/iwell-guard.com\/sv\/wp-json\/wp\/v2\/pages\/136653","targetHints":{"allow":["GET"]}}],"collection":[{"href":"https:\/\/iwell-guard.com\/sv\/wp-json\/wp\/v2\/pages"}],"about":[{"href":"https:\/\/iwell-guard.com\/sv\/wp-json\/wp\/v2\/types\/page"}],"author":[{"embeddable":true,"href":"https:\/\/iwell-guard.com\/sv\/wp-json\/wp\/v2\/users\/3"}],"replies":[{"embeddable":true,"href":"https:\/\/iwell-guard.com\/sv\/wp-json\/wp\/v2\/comments?post=136653"}],"version-history":[{"count":0,"href":"https:\/\/iwell-guard.com\/sv\/wp-json\/wp\/v2\/pages\/136653\/revisions"}],"wp:featuredmedia":[{"embeddable":true,"href":"https:\/\/iwell-guard.com\/sv\/wp-json\/wp\/v2\/media\/1725"}],"wp:attachment":[{"href":"https:\/\/iwell-guard.com\/sv\/wp-json\/wp\/v2\/media?parent=136653"}],"wp:term":[{"taxonomy":"category","embeddable":true,"href":"https:\/\/iwell-guard.com\/sv\/wp-json\/wp\/v2\/categories?post=136653"}],"curies":[{"name":"wp","href":"https:\/\/api.w.org\/{rel}","templated":true}]}}