{"id":136626,"date":"2026-09-03T00:08:38","date_gmt":"2026-09-03T00:08:38","guid":{"rendered":"https:\/\/iwell-guard.com\/?page_id=136626"},"modified":"2026-09-03T01:07:43","modified_gmt":"2026-09-03T01:07:43","slug":"integritetspolicy","status":"publish","type":"page","link":"https:\/\/iwell-guard.com\/sv\/integritetspolicy\/","title":{"rendered":"Integritetspolicy"},"content":{"rendered":"\t\t<div data-elementor-type=\"wp-page\" data-elementor-id=\"136626\" class=\"elementor elementor-136626 elementor-1908 elementor-bc-flex-widget\" data-elementor-post-type=\"page\">\n\t\t\t\t<div class=\"elementor-element elementor-element-x-h1-1908 e-con-boxed e-flex e-con e-parent\" data-id=\"x-h1-1908\" data-element_type=\"container\" data-e-type=\"container\">\n\t\t\t\t\t<div class=\"e-con-inner\">\n\t\t\t\t<div class=\"elementor-element elementor-element-x-h1w-1908 elementor-widget elementor-widget-heading\" data-id=\"x-h1w-1908\" data-element_type=\"widget\" data-e-type=\"widget\" data-widget_type=\"heading.default\">\n\t\t\t\t\t<h1 class=\"elementor-heading-title elementor-size-default\">Integritetspolicy, obligatorisk information enligt GDPR<\/h1>\t\t\t\t<\/div>\n\t\t\t\t\t<\/div>\n\t\t\t\t<\/div>\n\t\t\t\t<section class=\"elementor-section elementor-top-section elementor-element elementor-element-sec-iwgcomp2-datenschutz elementor-section-boxed elementor-section-height-default elementor-section-height-default\" data-id=\"sec-iwgcomp2-datenschutz\" data-element_type=\"section\" data-e-type=\"section\">\n\t\t\t\t\t\t<div class=\"elementor-container elementor-column-gap-default\">\n\t\t\t\t\t<div class=\"elementor-column elementor-col-100 elementor-top-column elementor-element elementor-element-col-iwgcomp2-datenschutz\" data-id=\"col-iwgcomp2-datenschutz\" data-element_type=\"column\" data-e-type=\"column\">\n\t\t\t<div class=\"elementor-widget-wrap elementor-element-populated\">\n\t\t\t\t\t\t<div class=\"elementor-element elementor-element-iwgcomp2-datenschutz elementor-widget elementor-widget-text-editor\" data-id=\"iwgcomp2-datenschutz\" data-element_type=\"widget\" data-e-type=\"widget\" data-widget_type=\"text-editor.default\">\n\t\t\t\t\t\t\t\t\t<p><strong>Integritetspolicy<\/strong>-best\u00e4mmelser enligt GDPR fr\u00e5n Ittermann electronic GmbH.<\/p>\t\t\t\t\t\t\t\t<\/div>\n\t\t\t\t\t<\/div>\n\t\t<\/div>\n\t\t\t\t\t<\/div>\n\t\t<\/section>\n\t\t<div class=\"elementor-element elementor-element-restoreh-datenschutz e-con-boxed e-flex e-con e-parent\" data-id=\"restoreh-datenschutz\" data-element_type=\"container\" data-e-type=\"container\">\n\t\t\t\t\t<div class=\"e-con-inner\">\n\t\t\t\t<div class=\"elementor-element elementor-element-restorei-datenschutz elementor-widget elementor-widget-image\" data-id=\"restorei-datenschutz\" data-element_type=\"widget\" data-e-type=\"widget\" data-widget_type=\"image.default\">\n\t\t\t\t\t\t\t\t\t\t\t\t\t\t\t<img fetchpriority=\"high\" decoding=\"async\" width=\"800\" height=\"441\" src=\"https:\/\/iwell-guard.com\/wp-content\/uploads\/2026\/05\/Praktiken-1200x661-Hintergrund-sym-1024x564.webp\" class=\"attachment-large size-large wp-image-136194\" alt=\"Bakgrundskakel f\u00f6r Praktiker-sidor, 1200x661 som kakel\" srcset=\"https:\/\/iwell-guard.com\/wp-content\/uploads\/2026\/05\/Praktiken-1200x661-Hintergrund-sym-1024x564.webp 1024w, https:\/\/iwell-guard.com\/wp-content\/uploads\/2026\/05\/Praktiken-1200x661-Hintergrund-sym-300x165.webp 300w, https:\/\/iwell-guard.com\/wp-content\/uploads\/2026\/05\/Praktiken-1200x661-Hintergrund-sym-768x423.webp 768w, https:\/\/iwell-guard.com\/wp-content\/uploads\/2026\/05\/Praktiken-1200x661-Hintergrund-sym.webp 1200w\" sizes=\"(max-width: 800px) 100vw, 800px\" \/>\t\t\t\t\t\t\t\t\t\t\t\t\t\t\t<\/div>\n\t\t\t\t\t<\/div>\n\t\t\t\t<\/div>\n\t\t<div class=\"elementor-element elementor-element-ds-s0 e-con-boxed e-flex e-con e-parent\" data-id=\"ds-s0\" data-element_type=\"container\" data-e-type=\"container\">\n\t\t\t\t\t<div class=\"e-con-inner\">\n\t\t\t\t<div class=\"elementor-element elementor-element-ds-h0 elementor-widget elementor-widget-heading\" data-id=\"ds-h0\" data-element_type=\"widget\" data-e-type=\"widget\" data-widget_type=\"heading.default\">\n\t\t\t\t\t<h2 class=\"elementor-heading-title elementor-size-default\">Allm\u00e4n information och obligatoriska uppgifter<\/h2>\t\t\t\t<\/div>\n\t\t<div class=\"elementor-element elementor-element-ds-s0-bw e-flex e-con-boxed e-con e-parent\" data-id=\"ds-s0-bw\" data-element_type=\"container\" data-e-type=\"container\" data-settings=\"{&quot;background_background&quot;:&quot;classic&quot;}\">\n\t\t\t\t\t<div class=\"e-con-inner\">\n\t\t\t\t<div class=\"elementor-element elementor-element-ds-t0 elementor-widget elementor-widget-text-editor\" data-id=\"ds-t0\" data-element_type=\"widget\" data-e-type=\"widget\" data-widget_type=\"text-editor.default\">\n\t\t\t\t\t\t\t\t\t<p><strong>Ansvarig f\u00f6r behandlingen<\/strong><\/p><p>Ansvarig f\u00f6r databehandlingen p\u00e5 denna webbplats \u00e4r:<\/p><p>Ittermann electronic GmbH<br>Ralf Ittermann<br>K\u00f6hlergasse 16, 18<br>99842 Ruhla<\/p><p>Den ansvariga instansen beslutar ensam eller tillsammans med andra om syftet och medlen f\u00f6r behandlingen av personuppgifter (t.ex. namn, kontaktuppgifter eller liknande).<\/p><p><strong>\u00c5terkallelse av ditt samtycke till databehandling<\/strong><\/p><p>Vissa databehandlings\u00e5tg\u00e4rder \u00e4r endast m\u00f6jliga med ditt uttryckliga samtycke. Ett redan l\u00e4mnat samtycke kan \u00e5terkallas n\u00e4r som helst. Ett informellt meddelande via e-post r\u00e4cker f\u00f6r \u00e5terkallelsen. Lagligheten av den databehandling som skett fram till \u00e5terkallelsen p\u00e5verkas inte av \u00e5terkallelsen.<\/p><p><strong>R\u00e4tt att klaga hos ansvarig tillsynsmyndighet<\/strong><\/p><p>Som ber\u00f6rd part har du r\u00e4tt att l\u00e4mna klagom\u00e5l till ansvarig tillsynsmyndighet om det sker en \u00f6vertr\u00e4delse av dataskyddslagstiftningen. Ansvarig tillsynsmyndighet f\u00f6r dataskyddsfr\u00e5gor \u00e4r delstatens dataskyddsombud i den delstat d\u00e4r v\u00e5rt f\u00f6retag har sitt s\u00e4te. F\u00f6ljande l\u00e4nk inneh\u00e5ller kontaktuppgifter: <a href=\"https:\/\/www.bfdi.bund.de\" rel=\"noopener\" target=\"_blank\">https:\/\/www.bfdi.bund.de<\/a>.<\/p><p><strong>R\u00e4tt till dataportabilitet<\/strong><\/p><p>Du har r\u00e4tt att f\u00e5 ut uppgifter som vi behandlar automatiskt p\u00e5 grundval av ditt samtycke eller f\u00f6r att fullg\u00f6ra ett avtal, till dig sj\u00e4lv eller till tredje part. Uppgifterna tillhandah\u00e5lls i ett maskinl\u00e4sbart format. Om du beg\u00e4r direkt \u00f6verf\u00f6ring av uppgifterna till en annan ansvarig sker detta endast om det \u00e4r tekniskt genomf\u00f6rbart.<\/p><p><strong>R\u00e4tt till information, r\u00e4ttelse, sp\u00e4rrning, radering<\/strong><\/p><p>Du har enligt g\u00e4llande lagstiftning alltid r\u00e4tt till kostnadsfri information om dina lagrade personuppgifter, uppgifternas ursprung, mottagare och syftet med databehandlingen samt eventuellt r\u00e4tt till r\u00e4ttelse, sp\u00e4rrning eller radering av dessa uppgifter.<\/p><p>F\u00f6r detta och f\u00f6r ytterligare fr\u00e5gor om personuppgifter kan du alltid kontakta oss via de kontaktuppgifter som anges i webbplatsens \u00e4garuppgifter.<\/p>\t\t\t\t\t\t\t\t<\/div>\n\t\t\t\t\t<\/div>\n\t\t\t\t<\/div>\n\t\t\t\t\t<\/div>\n\t\t\t\t<\/div>\n\t\t<div class=\"elementor-element elementor-element-ds-s1 e-con-boxed e-flex e-con e-parent\" data-id=\"ds-s1\" data-element_type=\"container\" data-e-type=\"container\">\n\t\t\t\t\t<div class=\"e-con-inner\">\n\t\t\t\t<div class=\"elementor-element elementor-element-ds-h1 elementor-widget elementor-widget-heading\" data-id=\"ds-h1\" data-element_type=\"widget\" data-e-type=\"widget\" data-widget_type=\"heading.default\">\n\t\t\t\t\t<h2 class=\"elementor-heading-title elementor-size-default\">SSL- respektive TLS-kryptering<\/h2>\t\t\t\t<\/div>\n\t\t<div class=\"elementor-element elementor-element-ds-s1-bw e-flex e-con-boxed e-con e-parent\" data-id=\"ds-s1-bw\" data-element_type=\"container\" data-e-type=\"container\" data-settings=\"{&quot;background_background&quot;:&quot;classic&quot;}\">\n\t\t\t\t\t<div class=\"e-con-inner\">\n\t\t\t\t<div class=\"elementor-element elementor-element-ds-t1 elementor-widget elementor-widget-text-editor\" data-id=\"ds-t1\" data-element_type=\"widget\" data-e-type=\"widget\" data-widget_type=\"text-editor.default\">\n\t\t\t\t\t\t\t\t\t<p>Av s\u00e4kerhetssk\u00e4l och f\u00f6r att skydda \u00f6verf\u00f6ringen av konfidentiellt inneh\u00e5ll som du skickar till oss som webbplatsansvarig, anv\u00e4nder v\u00e5r webbplats SSL- respektive TLS-kryptering. Detta inneb\u00e4r att data som du skickar via denna webbplats inte kan l\u00e4sas av tredje part. Du k\u00e4nner igen en krypterad anslutning genom \\&bdquo;https:\/\/\\&ldquo;-adressraden i din webbl\u00e4sare samt l\u00e5ssymbolen i webbl\u00e4sarens adressf\u00e4lt.<\/p>\t\t\t\t\t\t\t\t<\/div>\n\t\t\t\t\t<\/div>\n\t\t\t\t<\/div>\n\t\t\t\t\t<\/div>\n\t\t\t\t<\/div>\n\t\t<div class=\"elementor-element elementor-element-ds-s2 e-con-boxed e-flex e-con e-parent\" data-id=\"ds-s2\" data-element_type=\"container\" data-e-type=\"container\">\n\t\t\t\t\t<div class=\"e-con-inner\">\n\t\t\t\t<div class=\"elementor-element elementor-element-ds-h2 elementor-widget elementor-widget-heading\" data-id=\"ds-h2\" data-element_type=\"widget\" data-e-type=\"widget\" data-widget_type=\"heading.default\">\n\t\t\t\t\t<h2 class=\"elementor-heading-title elementor-size-default\">Serverloggfiler<\/h2>\t\t\t\t<\/div>\n\t\t<div class=\"elementor-element elementor-element-ds-s2-bw e-flex e-con-boxed e-con e-parent\" data-id=\"ds-s2-bw\" data-element_type=\"container\" data-e-type=\"container\" data-settings=\"{&quot;background_background&quot;:&quot;classic&quot;}\">\n\t\t\t\t\t<div class=\"e-con-inner\">\n\t\t\t\t<div class=\"elementor-element elementor-element-ds-t2 elementor-widget elementor-widget-text-editor\" data-id=\"ds-t2\" data-element_type=\"widget\" data-e-type=\"widget\" data-widget_type=\"text-editor.default\">\n\t\t\t\t\t\t\t\t\t<p>I serverloggfiler samlar in och lagrar webbplatsens leverant\u00f6r automatiskt information som din webbl\u00e4sare automatiskt skickar till oss. Det \u00e4r:<\/p><ul><li>Bes\u00f6kt sida p\u00e5 v\u00e5r dom\u00e4n<\/li><li>Datum och tid f\u00f6r serverf\u00f6rfr\u00e5gan<\/li><li>Webbl\u00e4sartyp och version<\/li><li>Anv\u00e4nt operativsystem<\/li><li>Referrer-URL<\/li><li>V\u00e4rdnamn f\u00f6r den \u00e5tkommande datorn<\/li><li>IP-adress<\/li><\/ul><p>Dessa uppgifter sammanf\u00f6rs inte med andra datak\u00e4llor. Behandlingen av uppgifterna sker p\u00e5 grundval av Art. 6 st. 1 lit. b GDPR, som till\u00e5ter behandling av uppgifter f\u00f6r att fullg\u00f6ra ett avtal eller \u00e5tg\u00e4rder innan avtal ing\u00e5s.<\/p>\t\t\t\t\t\t\t\t<\/div>\n\t\t\t\t\t<\/div>\n\t\t\t\t<\/div>\n\t\t\t\t\t<\/div>\n\t\t\t\t<\/div>\n\t\t<div class=\"elementor-element elementor-element-ds-s3 e-con-boxed e-flex e-con e-parent\" data-id=\"ds-s3\" data-element_type=\"container\" data-e-type=\"container\">\n\t\t\t\t\t<div class=\"e-con-inner\">\n\t\t\t\t<div class=\"elementor-element elementor-element-ds-h3 elementor-widget elementor-widget-heading\" data-id=\"ds-h3\" data-element_type=\"widget\" data-e-type=\"widget\" data-widget_type=\"heading.default\">\n\t\t\t\t\t<h2 class=\"elementor-heading-title elementor-size-default\">Kontaktformul\u00e4r<\/h2>\t\t\t\t<\/div>\n\t\t<div class=\"elementor-element elementor-element-ds-s3-bw e-flex e-con-boxed e-con e-parent\" data-id=\"ds-s3-bw\" data-element_type=\"container\" data-e-type=\"container\" data-settings=\"{&quot;background_background&quot;:&quot;classic&quot;}\">\n\t\t\t\t\t<div class=\"e-con-inner\">\n\t\t\t\t<div class=\"elementor-element elementor-element-ds-t3 elementor-widget elementor-widget-text-editor\" data-id=\"ds-t3\" data-element_type=\"widget\" data-e-type=\"widget\" data-widget_type=\"text-editor.default\">\n\t\t\t\t\t\t\t\t\t<p>Uppgifter som skickas via kontaktformul\u00e4ret lagras, inklusive dina kontaktuppgifter, f\u00f6r att kunna behandla din f\u00f6rfr\u00e5gan eller f\u00f6r att kunna svara p\u00e5 f\u00f6ljdfr\u00e5gor. Dessa uppgifter delas inte utan ditt samtycke.<\/p><p>Behandlingen av de uppgifter som anges i kontaktformul\u00e4ret sker uteslutande p\u00e5 grundval av ditt samtycke (Art. 6 st. 1 lit. a GDPR). Ett redan l\u00e4mnat samtycke kan \u00e5terkallas n\u00e4r som helst. Ett informellt meddelande via e-post r\u00e4cker f\u00f6r \u00e5terkallelsen. Lagligheten av den databehandling som skett fram till \u00e5terkallelsen p\u00e5verkas inte av \u00e5terkallelsen.<\/p><p>Uppgifter som skickats via kontaktformul\u00e4ret f\u00f6rblir hos oss tills du beg\u00e4r att de raderas, \u00e5terkallar ditt samtycke till lagringen eller det inte l\u00e4ngre finns behov av att lagra uppgifterna. Tvingande lagbest\u00e4mmelser, s\u00e4rskilt lagringstider, p\u00e5verkas inte av detta.<\/p>\t\t\t\t\t\t\t\t<\/div>\n\t\t\t\t\t<\/div>\n\t\t\t\t<\/div>\n\t\t\t\t\t<\/div>\n\t\t\t\t<\/div>\n\t\t<div class=\"elementor-element elementor-element-ds-s4 e-con-boxed e-flex e-con e-parent\" data-id=\"ds-s4\" data-element_type=\"container\" data-e-type=\"container\">\n\t\t\t\t\t<div class=\"e-con-inner\">\n\t\t\t\t<div class=\"elementor-element elementor-element-ds-h4 elementor-widget elementor-widget-heading\" data-id=\"ds-h4\" data-element_type=\"widget\" data-e-type=\"widget\" data-widget_type=\"heading.default\">\n\t\t\t\t\t<h2 class=\"elementor-heading-title elementor-size-default\">Prenumeration p\u00e5 kommentarer<\/h2>\t\t\t\t<\/div>\n\t\t<div class=\"elementor-element elementor-element-ds-s4-bw e-flex e-con-boxed e-con e-parent\" data-id=\"ds-s4-bw\" data-element_type=\"container\" data-e-type=\"container\" data-settings=\"{&quot;background_background&quot;:&quot;classic&quot;}\">\n\t\t\t\t\t<div class=\"e-con-inner\">\n\t\t\t\t<div class=\"elementor-element elementor-element-ds-t4 elementor-widget elementor-widget-text-editor\" data-id=\"ds-t4\" data-element_type=\"widget\" data-e-type=\"widget\" data-widget_type=\"text-editor.default\">\n\t\t\t\t\t\t\t\t\t<p>Som anv\u00e4ndare av v\u00e5r webbplats kan du efter inloggning prenumerera p\u00e5 kommentarer. Med ett bekr\u00e4ftelsemejl kontrollerar vi om du \u00e4r innehavare av den angivna e-postadressen. Du kan avsluta prenumerationsfunktionen f\u00f6r kommentarer n\u00e4r som helst via en l\u00e4nk som finns i ett prenumerationsmejl.<\/p><p>Uppgifter som angivits f\u00f6r att skapa prenumerationen raderas om du avslutar prenumerationen. Om dessa uppgifter har l\u00e4mnats till oss f\u00f6r andra syften och p\u00e5 annat s\u00e4tt, f\u00f6rblir de kvar hos oss.<\/p>\t\t\t\t\t\t\t\t<\/div>\n\t\t\t\t\t<\/div>\n\t\t\t\t<\/div>\n\t\t\t\t\t<\/div>\n\t\t\t\t<\/div>\n\t\t<div class=\"elementor-element elementor-element-ds-s5 e-con-boxed e-flex e-con e-parent\" data-id=\"ds-s5\" data-element_type=\"container\" data-e-type=\"container\">\n\t\t\t\t\t<div class=\"e-con-inner\">\n\t\t\t\t<div class=\"elementor-element elementor-element-ds-h5 elementor-widget elementor-widget-heading\" data-id=\"ds-h5\" data-element_type=\"widget\" data-e-type=\"widget\" data-widget_type=\"heading.default\">\n\t\t\t\t\t<h2 class=\"elementor-heading-title elementor-size-default\">Nyhetsbrevsdata<\/h2>\t\t\t\t<\/div>\n\t\t<div class=\"elementor-element elementor-element-ds-s5-bw e-flex e-con-boxed e-con e-parent\" data-id=\"ds-s5-bw\" data-element_type=\"container\" data-e-type=\"container\" data-settings=\"{&quot;background_background&quot;:&quot;classic&quot;}\">\n\t\t\t\t\t<div class=\"e-con-inner\">\n\t\t\t\t<div class=\"elementor-element elementor-element-ds-t5 elementor-widget elementor-widget-text-editor\" data-id=\"ds-t5\" data-element_type=\"widget\" data-e-type=\"widget\" data-widget_type=\"text-editor.default\">\n\t\t\t\t\t\t\t\t\t<p>F\u00f6r att skicka v\u00e5rt nyhetsbrev beh\u00f6ver vi en e-postadress fr\u00e5n dig. En verifiering av den angivna e-postadressen \u00e4r n\u00f6dv\u00e4ndig, och samtycke till mottagandet av nyhetsbrevet kr\u00e4vs. Ytterligare uppgifter samlas inte in eller l\u00e4mnas frivilligt. Uppgifterna anv\u00e4nds uteslutande f\u00f6r att skicka nyhetsbrevet.<\/p><p>De uppgifter som l\u00e4mnas vid anm\u00e4lan till nyhetsbrevet behandlas uteslutande p\u00e5 grundval av ditt samtycke (Art. 6 st. 1 lit. a GDPR). Ett redan l\u00e4mnat samtycke kan \u00e5terkallas n\u00e4r som helst.<\/p><p>Ett informellt meddelande via e-post r\u00e4cker f\u00f6r \u00e5terkallelsen, eller du kan avanm\u00e4la dig via \\&bdquo;Avsluta prenumeration\\&ldquo;-l\u00e4nken i nyhetsbrevet. Lagligheten av den databehandling som redan skett p\u00e5verkas inte av \u00e5terkallelsen.<\/p><p>Uppgifter som angivits f\u00f6r att skapa prenumerationen raderas om du avslutar prenumerationen. Om dessa uppgifter har l\u00e4mnats till oss f\u00f6r andra syften och p\u00e5 annat s\u00e4tt, f\u00f6rblir de kvar hos oss.<\/p>\t\t\t\t\t\t\t\t<\/div>\n\t\t\t\t\t<\/div>\n\t\t\t\t<\/div>\n\t\t\t\t\t<\/div>\n\t\t\t\t<\/div>\n\t\t<div class=\"elementor-element elementor-element-ds-s6 e-con-boxed e-flex e-con e-parent\" data-id=\"ds-s6\" data-element_type=\"container\" data-e-type=\"container\">\n\t\t\t\t\t<div class=\"e-con-inner\">\n\t\t\t\t<div class=\"elementor-element elementor-element-ds-h6 elementor-widget elementor-widget-heading\" data-id=\"ds-h6\" data-element_type=\"widget\" data-e-type=\"widget\" data-widget_type=\"heading.default\">\n\t\t\t\t\t<h2 class=\"elementor-heading-title elementor-size-default\">YouTube<\/h2>\t\t\t\t<\/div>\n\t\t<div class=\"elementor-element elementor-element-ds-s6-bw e-flex e-con-boxed e-con e-parent\" data-id=\"ds-s6-bw\" data-element_type=\"container\" data-e-type=\"container\" data-settings=\"{&quot;background_background&quot;:&quot;classic&quot;}\">\n\t\t\t\t\t<div class=\"e-con-inner\">\n\t\t\t\t<div class=\"elementor-element elementor-element-ds-t6 elementor-widget elementor-widget-text-editor\" data-id=\"ds-t6\" data-element_type=\"widget\" data-e-type=\"widget\" data-widget_type=\"text-editor.default\">\n\t\t\t\t\t\t\t\t\t<p>F\u00f6r integration och visning av videoinneh\u00e5ll anv\u00e4nder v\u00e5r webbplats plugins fr\u00e5n YouTube. Leverant\u00f6r av videoportalen \u00e4r YouTube, LLC, 901 Cherry Ave. San Bruno, CA 94066, USA.<\/p><p>N\u00e4r en sida med integrerad YouTube-plugin \u00f6ppnas uppr\u00e4ttas en anslutning till YouTubes servrar. YouTube f\u00e5r d\u00e4rigenom information om vilka av v\u00e5ra sidor du har bes\u00f6kt.<\/p><p>YouTube kan koppla ditt surfbeteende direkt till din personliga profil om du \u00e4r inloggad p\u00e5 ditt YouTube-konto. Genom att logga ut i f\u00f6rv\u00e4g kan du f\u00f6rhindra detta.<\/p><p>Anv\u00e4ndningen av YouTube sker i syfte att presentera v\u00e5rt onlineerbjudande p\u00e5 ett tilltalande s\u00e4tt. Detta utg\u00f6r ett ber\u00e4ttigat intresse enligt artikel 6.1 f GDPR.<\/p><p>Detaljer om hanteringen av anv\u00e4ndardata finns i YouTubes dataskyddspolicy p\u00e5: <a href=\"https:\/\/www.google.de\/intl\/de\/policies\/privacy\" rel=\"noopener\" target=\"_blank\">https:\/\/www.google.de\/intl\/de\/policies\/privacy<\/a>.<\/p>\t\t\t\t\t\t\t\t<\/div>\n\t\t\t\t\t<\/div>\n\t\t\t\t<\/div>\n\t\t\t\t\t<\/div>\n\t\t\t\t<\/div>\n\t\t<div class=\"elementor-element elementor-element-ds-s7 e-con-boxed e-flex e-con e-parent\" data-id=\"ds-s7\" data-element_type=\"container\" data-e-type=\"container\">\n\t\t\t\t\t<div class=\"e-con-inner\">\n\t\t\t\t<div class=\"elementor-element elementor-element-ds-h7 elementor-widget elementor-widget-heading\" data-id=\"ds-h7\" data-element_type=\"widget\" data-e-type=\"widget\" data-widget_type=\"heading.default\">\n\t\t\t\t\t<h2 class=\"elementor-heading-title elementor-size-default\">Vimeo<\/h2>\t\t\t\t<\/div>\n\t\t<div class=\"elementor-element elementor-element-ds-s7-bw e-flex e-con-boxed e-con e-parent\" data-id=\"ds-s7-bw\" data-element_type=\"container\" data-e-type=\"container\" data-settings=\"{&quot;background_background&quot;:&quot;classic&quot;}\">\n\t\t\t\t\t<div class=\"e-con-inner\">\n\t\t\t\t<div class=\"elementor-element elementor-element-ds-t7 elementor-widget elementor-widget-text-editor\" data-id=\"ds-t7\" data-element_type=\"widget\" data-e-type=\"widget\" data-widget_type=\"text-editor.default\">\n\t\t\t\t\t\t\t\t\t<p>F\u00f6r integration och visning av videoinneh\u00e5ll anv\u00e4nder v\u00e5r webbplats plugins fr\u00e5n Vimeo. Leverant\u00f6r av videoportalen \u00e4r Vimeo Inc. 555 West 18th Street, New York, New York 10011, USA.<\/p><p>N\u00e4r en sida med integrerad Vimeo-plugin \u00f6ppnas uppr\u00e4ttas en anslutning till Vimeos servrar. Vimeo f\u00e5r d\u00e4rigenom information om vilka av v\u00e5ra sidor du har bes\u00f6kt.<\/p><p>Vimeo f\u00e5r din IP-adress \u00e4ven om du inte \u00e4r inloggad p\u00e5 videoportalen eller inte har n\u00e5got konto d\u00e4r. De uppgifter som Vimeo samlar in \u00f6verf\u00f6rs till videoportalens servrar i USA.<\/p><p>Vimeo kan koppla ditt surfbeteende direkt till din personliga profil. Genom att logga ut i f\u00f6rv\u00e4g kan du f\u00f6rhindra detta.<\/p><p>Detaljer om hanteringen av anv\u00e4ndardata finns i Vimeos dataskyddspolicy p\u00e5: <a href=\"https:\/\/vimeo.com\/privacy\" rel=\"noopener\" target=\"_blank\">https:\/\/vimeo.com\/privacy<\/a>.<\/p>\t\t\t\t\t\t\t\t<\/div>\n\t\t\t\t\t<\/div>\n\t\t\t\t<\/div>\n\t\t\t\t\t<\/div>\n\t\t\t\t<\/div>\n\t\t<div class=\"elementor-element elementor-element-ds-s8 e-con-boxed e-flex e-con e-parent\" data-id=\"ds-s8\" data-element_type=\"container\" data-e-type=\"container\">\n\t\t\t\t\t<div class=\"e-con-inner\">\n\t\t\t\t<div class=\"elementor-element elementor-element-ds-h8 elementor-widget elementor-widget-heading\" data-id=\"ds-h8\" data-element_type=\"widget\" data-e-type=\"widget\" data-widget_type=\"heading.default\">\n\t\t\t\t\t<h2 class=\"elementor-heading-title elementor-size-default\">Cookies<\/h2>\t\t\t\t<\/div>\n\t\t<div class=\"elementor-element elementor-element-ds-s8-bw e-flex e-con-boxed e-con e-parent\" data-id=\"ds-s8-bw\" data-element_type=\"container\" data-e-type=\"container\" data-settings=\"{&quot;background_background&quot;:&quot;classic&quot;}\">\n\t\t\t\t\t<div class=\"e-con-inner\">\n\t\t\t\t<div class=\"elementor-element elementor-element-ds-t8 elementor-widget elementor-widget-text-editor\" data-id=\"ds-t8\" data-element_type=\"widget\" data-e-type=\"widget\" data-widget_type=\"text-editor.default\">\n\t\t\t\t\t\t\t\t\t<p>V\u00e5r webbplats anv\u00e4nder cookies. Det \u00e4r sm\u00e5 textfiler som din webbl\u00e4sare sparar p\u00e5 din enhet. Cookies hj\u00e4lper oss att g\u00f6ra v\u00e5rt erbjudande mer anv\u00e4ndarv\u00e4nligt, effektivt och s\u00e4kert.<\/p><p>Vissa cookies \u00e4r \\&bdquo;sessionscookies.\\&ldquo; S\u00e5dana cookies raderas automatiskt n\u00e4r din webbl\u00e4sarsession avslutas. Andra cookies f\u00f6rblir d\u00e4remot lagrade p\u00e5 din enhet tills du sj\u00e4lv raderar dem. S\u00e5dana cookies hj\u00e4lper oss att k\u00e4nna igen dig n\u00e4r du \u00e5terv\u00e4nder till v\u00e5r webbplats.<\/p><p>Med en modern webbl\u00e4sare kan du \u00f6vervaka, begr\u00e4nsa eller f\u00f6rhindra att cookies s\u00e4tts. M\u00e5nga webbl\u00e4sare \u00e4r konfigurerade s\u00e5 att cookies raderas automatiskt n\u00e4r programmet st\u00e4ngs. Om cookies inaktiveras kan detta medf\u00f6ra begr\u00e4nsad funktionalitet p\u00e5 v\u00e5r webbplats.<\/p><p>S\u00e4ttning av cookies som \u00e4r n\u00f6dv\u00e4ndiga f\u00f6r att genomf\u00f6ra elektroniska kommunikationsprocesser eller f\u00f6r att tillhandah\u00e5lla vissa funktioner som du \u00f6nskar (t.&nbsp;ex. varukorg) sker p\u00e5 grundval av artikel 6.1 f GDPR. Som operat\u00f6r av denna webbplats har vi ett ber\u00e4ttigat intresse av att lagra cookies f\u00f6r att kunna tillhandah\u00e5lla v\u00e5ra tj\u00e4nster tekniskt felfritt och smidigt.<\/p><p>Om andra cookies s\u00e4tts (t.&nbsp;ex. f\u00f6r analysfunktioner) behandlas dessa separat i denna dataskyddspolicy.<\/p>\t\t\t\t\t\t\t\t<\/div>\n\t\t\t\t\t<\/div>\n\t\t\t\t<\/div>\n\t\t\t\t\t<\/div>\n\t\t\t\t<\/div>\n\t\t<div class=\"elementor-element elementor-element-ds-s9 e-con-boxed e-flex e-con e-parent\" data-id=\"ds-s9\" data-element_type=\"container\" data-e-type=\"container\">\n\t\t\t\t\t<div class=\"e-con-inner\">\n\t\t\t\t<div class=\"elementor-element elementor-element-ds-h9 elementor-widget elementor-widget-heading\" data-id=\"ds-h9\" data-element_type=\"widget\" data-e-type=\"widget\" data-widget_type=\"heading.default\">\n\t\t\t\t\t<h2 class=\"elementor-heading-title elementor-size-default\">Google Analytics<\/h2>\t\t\t\t<\/div>\n\t\t<div class=\"elementor-element elementor-element-ds-s9-bw e-flex e-con-boxed e-con e-parent\" data-id=\"ds-s9-bw\" data-element_type=\"container\" data-e-type=\"container\" data-settings=\"{&quot;background_background&quot;:&quot;classic&quot;}\">\n\t\t\t\t\t<div class=\"e-con-inner\">\n\t\t\t\t<div class=\"elementor-element elementor-element-ds-t9 elementor-widget elementor-widget-text-editor\" data-id=\"ds-t9\" data-element_type=\"widget\" data-e-type=\"widget\" data-widget_type=\"text-editor.default\">\n\t\t\t\t\t\t\t\t\t<p>V\u00e5r webbplats anv\u00e4nder funktioner fr\u00e5n webbanalystj\u00e4nsten Google Analytics. Leverant\u00f6r av webbanalystj\u00e4nsten \u00e4r Google Inc. 1600 Amphitheatre Parkway, Mountain View, CA 94043, USA.<\/p><p>Google Analytics anv\u00e4nder \\&bdquo;cookies.\\&ldquo; Det \u00e4r sm\u00e5 textfiler som din webbl\u00e4sare sparar p\u00e5 din enhet och som m\u00f6jligg\u00f6r en analys av anv\u00e4ndningen av webbplatsen. Information som skapas via cookies om din anv\u00e4ndning av v\u00e5r webbplats \u00f6verf\u00f6rs till en server hos Google och lagras d\u00e4r. Serverns plats \u00e4r i regel USA.<\/p><p>Google Analytics-cookies s\u00e4tts p\u00e5 grundval av Art. 6 avs. 1 lit. f GDPR. Som ansvarig f\u00f6r denna webbplats har vi ett ber\u00e4ttigat intresse av att analysera anv\u00e4ndarbeteendet f\u00f6r att optimera v\u00e5rt webberbjudande och eventuellt \u00e4ven v\u00e5r reklam.<\/p><p><strong>IP-anonymisering<\/strong><\/p><p>Vi anv\u00e4nder Google Analytics i kombination med funktionen IP-anonymisering. Den s\u00e4kerst\u00e4ller att Google f\u00f6rkortar din IP-adress inom medlemsstater i Europeiska unionen eller i andra avtalsstater till avtalet om Europeiska ekonomiska samarbetsomr\u00e5det innan den \u00f6verf\u00f6rs till USA.<\/p><p>Det kan finnas undantagsfall d\u00e4r Google \u00f6verf\u00f6r den fullst\u00e4ndiga IP-adressen till en server i USA och f\u00f6rkortar den d\u00e4r.<\/p><p>P\u00e5 v\u00e5rt uppdrag kommer Google att anv\u00e4nda denna information f\u00f6r att utv\u00e4rdera din anv\u00e4ndning av webbplatsen, f\u00f6r att skapa rapporter om webbplatsaktiviteter och f\u00f6r att tillhandah\u00e5lla oss andra tj\u00e4nster relaterade till anv\u00e4ndningen av webbplatsen och internet. Ingen sammanslagning av den IP-adress som \u00f6verf\u00f6rs av Google Analytics med andra uppgifter fr\u00e5n Google sker.<\/p><p><strong>Webbl\u00e4sartill\u00e4gg<\/strong><\/p><p>Det g\u00e5r att f\u00f6rhindra att din webbl\u00e4sare s\u00e4tter cookies. Vissa funktioner p\u00e5 v\u00e5r webbplats kan dock begr\u00e4nsas till f\u00f6ljd av detta. Du kan \u00e4ven f\u00f6rhindra insamlingen av uppgifter om din anv\u00e4ndning av webbplatsen, inklusive din IP-adress, samt den efterf\u00f6ljande bearbetningen av dessa uppgifter av Google. Detta \u00e4r m\u00f6jligt genom att ladda ner och installera webbl\u00e4sartill\u00e4gget som finns tillg\u00e4ngligt via f\u00f6ljande l\u00e4nk: <a href=\"https:\/\/tools.google.com\/dlpage\/gaoptout?hl=de\" rel=\"noopener\" target=\"_blank\">https:\/\/tools.google.com\/dlpage\/gaoptout?hl=de<\/a>.<\/p><p><strong>Inv\u00e4ndning mot datainsamling<\/strong><\/p><p>Du kan f\u00f6rhindra insamlingen av dina uppgifter av Google Analytics genom att klicka p\u00e5 f\u00f6ljande l\u00e4nk. En opt-out-cookie s\u00e4tts, vilken f\u00f6rhindrar insamlingen av dina uppgifter vid framtida bes\u00f6k p\u00e5 v\u00e5r webbplats: Inaktivera Google Analytics.<\/p><p>Mer information om hur Google Analytics hanterar anv\u00e4ndardata finns i Googles dataskyddsdeklaration: <a href=\"https:\/\/support.google.com\/analytics\/answer\/6004245?hl=de\" rel=\"noopener\" target=\"_blank\">https:\/\/support.google.com\/analytics\/answer\/6004245?hl=de<\/a>.<\/p><p><strong>Personuppgiftsbitr\u00e4desavtal<\/strong><\/p><p>F\u00f6r att fullst\u00e4ndigt uppfylla de lagstadgade dataskyddskraven har vi ing\u00e5tt ett avtal om personuppgiftsbitr\u00e4de med Google.<\/p><p><strong>Demografiska egenskaper i Google Analytics<\/strong><\/p><p>V\u00e5r webbplats anv\u00e4nder funktionen \\&bdquo;demografiska egenskaper\\&ldquo; fr\u00e5n Google Analytics. Med den kan rapporter skapas som inneh\u00e5ller uppgifter om \u00e5lder, k\u00f6n och intressen hos webbplatsens bes\u00f6kare. Dessa uppgifter kommer fr\u00e5n Googles intressebaserade annonsering samt fr\u00e5n bes\u00f6ksdata fr\u00e5n tredjepartsleverant\u00f6rer.<\/p><p>En koppling av uppgifterna till en best\u00e4md person \u00e4r inte m\u00f6jlig. Du kan n\u00e4r som helst inaktivera denna funktion. Detta kan g\u00f6ras via annonsinst\u00e4llningarna i ditt Google-konto eller genom att generellt f\u00f6rbjuda insamlingen av dina uppgifter av Google Analytics, som beskrivet under punkten \\&bdquo;Inv\u00e4ndning mot datainsamling\\&ldquo;.<\/p>\t\t\t\t\t\t\t\t<\/div>\n\t\t\t\t\t<\/div>\n\t\t\t\t<\/div>\n\t\t\t\t\t<\/div>\n\t\t\t\t<\/div>\n\t\t<div class=\"elementor-element elementor-element-ds-s10 e-con-boxed e-flex e-con e-parent\" data-id=\"ds-s10\" data-element_type=\"container\" data-e-type=\"container\">\n\t\t\t\t\t<div class=\"e-con-inner\">\n\t\t\t\t<div class=\"elementor-element elementor-element-ds-h10 elementor-widget elementor-widget-heading\" data-id=\"ds-h10\" data-element_type=\"widget\" data-e-type=\"widget\" data-widget_type=\"heading.default\">\n\t\t\t\t\t<h2 class=\"elementor-heading-title elementor-size-default\">Google AdWords och Google Conversion-Tracking<\/h2>\t\t\t\t<\/div>\n\t\t<div class=\"elementor-element elementor-element-ds-s10-bw e-flex e-con-boxed e-con e-parent\" data-id=\"ds-s10-bw\" data-element_type=\"container\" data-e-type=\"container\" data-settings=\"{&quot;background_background&quot;:&quot;classic&quot;}\">\n\t\t\t\t\t<div class=\"e-con-inner\">\n\t\t\t\t<div class=\"elementor-element elementor-element-ds-t10 elementor-widget elementor-widget-text-editor\" data-id=\"ds-t10\" data-element_type=\"widget\" data-e-type=\"widget\" data-widget_type=\"text-editor.default\">\n\t\t\t\t\t\t\t\t\t<p>V\u00e5r webbplats anv\u00e4nder Google AdWords. Leverant\u00f6r \u00e4r Google Inc. 1600 Amphitheatre Parkway, Mountain View, CA 94043, United States.<\/p><p>AdWords \u00e4r ett program f\u00f6r onlinereklam. Inom ramen f\u00f6r detta program arbetar vi med conversion-tracking. Efter ett klick p\u00e5 en annons som visas av Google s\u00e4tts en cookie f\u00f6r conversion-tracking. Cookies \u00e4r sm\u00e5 textfiler som din webbl\u00e4sare sparar p\u00e5 din enhet.<\/p><p>Google AdWords-cookies f\u00f6rlorar sin giltighet efter 30 dagar och anv\u00e4nds inte f\u00f6r att personligen identifiera anv\u00e4ndarna. Med hj\u00e4lp av cookien kan Google och vi se att du har klickat p\u00e5 en annons och skickats vidare till v\u00e5r webbplats.<\/p><p>Varje Google AdWords-kund f\u00e5r en annan cookie. Cookies kan inte sp\u00e5ras \u00f6ver AdWords-kunders webbplatser. Med conversion-cookies skapas conversion-statistik f\u00f6r AdWords-kunder som anv\u00e4nder conversion-tracking. AdWords-kunder f\u00e5r veta hur m\u00e5nga anv\u00e4ndare som klickat p\u00e5 deras annons och skickats vidare till sidor med conversion-tracking-tagg.<\/p><p>AdWords-kunder f\u00e5r dock inte n\u00e5gon information som g\u00f6r det m\u00f6jligt att personligen identifiera anv\u00e4ndarna. Om du inte vill delta i tracking kan du inv\u00e4nda mot anv\u00e4ndningen. I s\u00e5 fall ska conversion-cookien inaktiveras i webbl\u00e4sarens anv\u00e4ndarinst\u00e4llningar. D\u00e5 sker heller ingen registrering i conversion-tracking-statistiken.<\/p><p>Lagring av \\&bdquo;conversion-cookies\\&ldquo; sker p\u00e5 grundval av Art. 6 avs. 1 lit. f GDPR. Vi som ansvariga f\u00f6r webbplatsen har ett ber\u00e4ttigat intresse av att analysera anv\u00e4ndarbeteendet f\u00f6r att optimera v\u00e5rt webberbjudande och v\u00e5r reklam.<\/p><p>Mer information om Google AdWords och Google Conversion-Tracking finns i Googles dataskyddsbest\u00e4mmelser: <a href=\"https:\/\/www.google.de\/policies\/privacy\/\" rel=\"noopener\" target=\"_blank\">https:\/\/www.google.de\/policies\/privacy\/<\/a>.<\/p><p>Med en modern webbl\u00e4sare kan du \u00f6vervaka, begr\u00e4nsa eller f\u00f6rhindra att cookies s\u00e4tts. Om cookies inaktiveras kan det leda till begr\u00e4nsad funktionalitet p\u00e5 v\u00e5r webbplats.<\/p>\t\t\t\t\t\t\t\t<\/div>\n\t\t\t\t\t<\/div>\n\t\t\t\t<\/div>\n\t\t\t\t\t<\/div>\n\t\t\t\t<\/div>\n\t\t<div class=\"elementor-element elementor-element-ds-s11 e-con-boxed e-flex e-con e-parent\" data-id=\"ds-s11\" data-element_type=\"container\" data-e-type=\"container\">\n\t\t\t\t\t<div class=\"e-con-inner\">\n\t\t\t\t<div class=\"elementor-element elementor-element-ds-h11 elementor-widget elementor-widget-heading\" data-id=\"ds-h11\" data-element_type=\"widget\" data-e-type=\"widget\" data-widget_type=\"heading.default\">\n\t\t\t\t\t<h2 class=\"elementor-heading-title elementor-size-default\">Google Web Fonts<\/h2>\t\t\t\t<\/div>\n\t\t<div class=\"elementor-element elementor-element-ds-s11-bw e-flex e-con-boxed e-con e-parent\" data-id=\"ds-s11-bw\" data-element_type=\"container\" data-e-type=\"container\" data-settings=\"{&quot;background_background&quot;:&quot;classic&quot;}\">\n\t\t\t\t\t<div class=\"e-con-inner\">\n\t\t\t\t<div class=\"elementor-element elementor-element-ds-t11 elementor-widget elementor-widget-text-editor\" data-id=\"ds-t11\" data-element_type=\"widget\" data-e-type=\"widget\" data-widget_type=\"text-editor.default\">\n\t\t\t\t\t\t\t\t\t<p>V\u00e5r webbplats anv\u00e4nder webbteckensnitt (Web Fonts) fr\u00e5n Google. Leverant\u00f6r \u00e4r Google Inc. 1600 Amphitheatre Parkway, Mountain View, CA 94043, USA.<\/p><p>Genom anv\u00e4ndningen av dessa Web Fonts blir det m\u00f6jligt att presentera v\u00e5r webbplats med den \u00f6nskade utformningen f\u00f6r dig, oberoende av vilka teckensnitt som lokalt finns tillg\u00e4ngliga f\u00f6r dig. Detta sker genom att Googles Web Fonts h\u00e4mtas fr\u00e5n en server hos Google i USA, vilket inneb\u00e4r att dina uppgifter \u00f6verf\u00f6rs till Google.<\/p><p>Det r\u00f6r sig om din IP-adress och vilken sida du har bes\u00f6kt hos oss. Anv\u00e4ndningen av Google Web Fonts sker p\u00e5 grundval av artikel 6.1 f i dataskyddsf\u00f6rordningen (GDPR). Som ansvarig f\u00f6r denna webbplats har vi ett ber\u00e4ttigat intresse av en optimal presentation och \u00f6verf\u00f6ring av v\u00e5r webbn\u00e4rvaro.<\/p><p>F\u00f6retaget Google \u00e4r certifierat enligt det amerikansk-europeiska dataskyddsavtalet \\&bdquo;Privacy Shield\\&ldquo;. Detta dataskyddsavtal ska s\u00e4kerst\u00e4lla att den dataskyddsniv\u00e5 som g\u00e4ller inom EU uppr\u00e4tth\u00e5lls.<\/p><p>Mer information om Google Web Fonts finns p\u00e5: <a href=\"https:\/\/www.google.com\/fonts#AboutPlace:about\" rel=\"noopener\" target=\"_blank\">https:\/\/www.google.com\/fonts#AboutPlace:about<\/a> och ytterligare information i Googles dataskyddsbest\u00e4mmelser: <a href=\"https:\/\/policies.google.com\/privacy\/partners?hl=de\" rel=\"noopener\" target=\"_blank\">https:\/\/policies.google.com\/privacy\/partners?hl=de<\/a>.<\/p>\t\t\t\t\t\t\t\t<\/div>\n\t\t\t\t\t<\/div>\n\t\t\t\t<\/div>\n\t\t\t\t\t<\/div>\n\t\t\t\t<\/div>\n\t\t<div class=\"elementor-element elementor-element-ds-s12 e-con-boxed e-flex e-con e-parent\" data-id=\"ds-s12\" data-element_type=\"container\" data-e-type=\"container\">\n\t\t\t\t\t<div class=\"e-con-inner\">\n\t\t\t\t<div class=\"elementor-element elementor-element-ds-h12 elementor-widget elementor-widget-heading\" data-id=\"ds-h12\" data-element_type=\"widget\" data-e-type=\"widget\" data-widget_type=\"heading.default\">\n\t\t\t\t\t<h2 class=\"elementor-heading-title elementor-size-default\">K\u00e4lla<\/h2>\t\t\t\t<\/div>\n\t\t<div class=\"elementor-element elementor-element-ds-s12-bw e-flex e-con-boxed e-con e-parent\" data-id=\"ds-s12-bw\" data-element_type=\"container\" data-e-type=\"container\" data-settings=\"{&quot;background_background&quot;:&quot;classic&quot;}\">\n\t\t\t\t\t<div class=\"e-con-inner\">\n\t\t\t\t<div class=\"elementor-element elementor-element-ds-t12 elementor-widget elementor-widget-text-editor\" data-id=\"ds-t12\" data-element_type=\"widget\" data-e-type=\"widget\" data-widget_type=\"text-editor.default\">\n\t\t\t\t\t\t\t\t\t<p>K\u00e4lla fram till denna punkt: Dataskyddskonfigurator fr\u00e5n mein-datenschutzbeauftragter.de.<\/p>\t\t\t\t\t\t\t\t<\/div>\n\t\t\t\t\t<\/div>\n\t\t\t\t<\/div>\n\t\t\t\t\t<\/div>\n\t\t\t\t<\/div>\n\t\t<div class=\"elementor-element elementor-element-ds-s13 e-con-boxed e-flex e-con e-parent\" data-id=\"ds-s13\" data-element_type=\"container\" data-e-type=\"container\">\n\t\t\t\t\t<div class=\"e-con-inner\">\n\t\t\t\t<div class=\"elementor-element elementor-element-ds-h13 elementor-widget elementor-widget-heading\" data-id=\"ds-h13\" data-element_type=\"widget\" data-e-type=\"widget\" data-widget_type=\"heading.default\">\n\t\t\t\t\t<h2 class=\"elementor-heading-title elementor-size-default\">Facebook<\/h2>\t\t\t\t<\/div>\n\t\t<div class=\"elementor-element elementor-element-ds-s13-bw e-flex e-con-boxed e-con e-parent\" data-id=\"ds-s13-bw\" data-element_type=\"container\" data-e-type=\"container\" data-settings=\"{&quot;background_background&quot;:&quot;classic&quot;}\">\n\t\t\t\t\t<div class=\"e-con-inner\">\n\t\t\t\t<div class=\"elementor-element elementor-element-ds-t13 elementor-widget elementor-widget-text-editor\" data-id=\"ds-t13\" data-element_type=\"widget\" data-e-type=\"widget\" data-widget_type=\"text-editor.default\">\n\t\t\t\t\t\t\t\t\t<p>Vi hade under en tid tagit bort Facebook helt, eftersom censuren blev outh\u00e4rdlig. Numera verkar f\u00f6retaget \u00e5terigen st\u00e4lla sig mer p\u00e5 anv\u00e4ndarnas sida, d\u00e4rf\u00f6r provar vi igen:<\/p><p>Vi anv\u00e4nder p\u00e5 v\u00e5r webbplats den s\u00e5 kallade \\&bdquo;Facebook-pixeln\\&ldquo; fr\u00e5n Meta Platforms Ireland Ltd. (Facebook Ireland Ltd.), 4 Grand Canal Square, Grand Canal Harbour, Dublin 2, Irland.<\/p><p>Denna anv\u00e4nds f\u00f6r att sp\u00e5ra anv\u00e4ndarnas beteende n\u00e4r de har omdirigerats till v\u00e5r webbplats genom att klicka p\u00e5 en Facebook-annons. P\u00e5 s\u00e5 s\u00e4tt kan vi m\u00e4ta effektiviteten av Facebook-annonser f\u00f6r statistik- och marknadsunders\u00f6knings\u00e4ndam\u00e5l och optimera framtida reklam\u00e5tg\u00e4rder.<\/p><p>De uppgifter som samlas in i detta sammanhang \u00e4r f\u00f6r oss anonyma och till\u00e5ter inga slutsatser om enskilda personers identitet. Uppgifterna lagras och bearbetas dock av Facebook, vilket g\u00f6r det m\u00f6jligt att koppla dem till respektive anv\u00e4ndarprofil, och Facebook kan anv\u00e4nda uppgifterna i enlighet med sina riktlinjer f\u00f6r dataanv\u00e4ndning f\u00f6r egna reklam\u00e4ndam\u00e5l.<\/p><p>R\u00e4ttslig grund f\u00f6r anv\u00e4ndningen \u00e4r i regel ditt samtycke enligt artikel 6.1 a i dataskyddsf\u00f6rordningen (GDPR) eller v\u00e5rt ber\u00e4ttigade intresse enligt artikel 6.1 f i dataskyddsf\u00f6rordningen.<\/p>\t\t\t\t\t\t\t\t<\/div>\n\t\t\t\t\t<\/div>\n\t\t\t\t<\/div>\n\t\t\t\t\t<\/div>\n\t\t\t\t<\/div>\n\t\t<div class=\"elementor-element elementor-element-iwgkw-add-datenschutz e-flex e-con-boxed e-con e-parent\" data-id=\"iwgkw-add-datenschutz\" data-element_type=\"container\" data-e-type=\"container\">\n\t\t\t\t\t<div class=\"e-con-inner\">\n\t\t\t\t<div class=\"elementor-element elementor-element-iwgkw-add-datenschutz-t elementor-widget elementor-widget-text-editor\" data-id=\"iwgkw-add-datenschutz-t\" data-element_type=\"widget\" data-e-type=\"widget\" data-widget_type=\"text-editor.default\">\n\t\t\t\t\t\t\t\t\t<p>F\u00f6ljande uppgifter utg\u00f6r obligatorisk information enligt artikel 13 och 14 i dataskyddsf\u00f6rordningen (GDPR). De informerar om behandlingen av personuppgifter vid bes\u00f6k p\u00e5 denna webbplats, om ansvariga parter, \u00e4ndam\u00e5l, r\u00e4ttsliga grunder samt om de registrerades r\u00e4ttigheter. Redovisningen begr\u00e4nsar sig till den obligatoriska informationen och ers\u00e4tter inte juridisk r\u00e5dgivning i det enskilda fallet.<\/p>\t\t\t\t\t\t\t\t<\/div>\n\t\t\t\t\t<\/div>\n\t\t\t\t<\/div>\n\t\t\t\t<\/div>\n\t\t","protected":false},"excerpt":{"rendered":"","protected":false},"author":3,"featured_media":2259,"parent":0,"menu_order":0,"comment_status":"closed","ping_status":"closed","template":"elementor_header_footer","meta":{"_yoast_wpseo_focuskw":"","_yoast_wpseo_title":"Integritetspolicy \u2013 iWell Guard","_yoast_wpseo_metadesc":"Integritetspolicy f\u00f6r Ittermann electronic GmbH g\u00e4llande iWell Guard: obligatorisk information, cookies, analys, inb\u00e4ddade tj\u00e4nster.","_yoast_wpseo_meta-robots-noindex":"1","_yoast_wpseo_canonical":"","_angie_page":false,"gefaehrdungsstufe":"","wesen_kultur":"","wesen_klasse":"","footnotes":""},"categories":[],"class_list":["post-136626","page","type-page","status-publish","has-post-thumbnail","hentry"],"yoast_head":"<!-- This site is optimized with the Yoast SEO Premium plugin v27.7 (Yoast SEO v28.3) - https:\/\/yoast.com\/product\/yoast-seo-premium-wordpress\/ -->\n<title>Integritetspolicy \u2013 iWell Guard<\/title>\n<meta name=\"description\" content=\"Integritetspolicy f\u00f6r Ittermann electronic GmbH g\u00e4llande iWell Guard: obligatorisk information, cookies, analys, inb\u00e4ddade tj\u00e4nster.\" \/>\n<meta name=\"robots\" content=\"noindex, follow\" \/>\n<meta property=\"og:locale\" content=\"sv_SE\" \/>\n<meta property=\"og:type\" content=\"article\" \/>\n<meta property=\"og:title\" content=\"Integritetspolicy\" \/>\n<meta property=\"og:description\" content=\"Integritetspolicy f\u00f6r Ittermann electronic GmbH g\u00e4llande iWell Guard: obligatorisk information, cookies, analys, inb\u00e4ddade tj\u00e4nster.\" \/>\n<meta property=\"og:url\" content=\"https:\/\/iwell-guard.com\/sv\/integritetspolicy\/\" \/>\n<meta property=\"og:site_name\" content=\"iWell Guard\" \/>\n<meta property=\"article:modified_time\" content=\"2026-09-03T01:07:43+00:00\" \/>\n<meta property=\"og:image\" content=\"https:\/\/iwell-guard.com\/wp-content\/uploads\/2026\/05\/Lava-1200x661-Hintergrund-sym.webp\" \/>\n\t<meta property=\"og:image:width\" content=\"1200\" \/>\n\t<meta property=\"og:image:height\" content=\"661\" \/>\n\t<meta property=\"og:image:type\" content=\"image\/webp\" \/>\n<meta name=\"twitter:card\" content=\"summary_large_image\" \/>\n<script type=\"application\/ld+json\" class=\"yoast-schema-graph\">{\"@context\":\"https:\\\/\\\/schema.org\",\"@graph\":[{\"@type\":\"WebPage\",\"@id\":\"https:\\\/\\\/iwell-guard.com\\\/sv\\\/integritetspolicy\\\/\",\"url\":\"https:\\\/\\\/iwell-guard.com\\\/sv\\\/integritetspolicy\\\/\",\"name\":\"Integritetspolicy \u2013 iWell Guard\",\"isPartOf\":{\"@id\":\"https:\\\/\\\/iwell-guard.com\\\/sv\\\/#website\"},\"primaryImageOfPage\":{\"@id\":\"https:\\\/\\\/iwell-guard.com\\\/sv\\\/integritetspolicy\\\/#primaryimage\"},\"image\":{\"@id\":\"https:\\\/\\\/iwell-guard.com\\\/sv\\\/integritetspolicy\\\/#primaryimage\"},\"thumbnailUrl\":\"https:\\\/\\\/iwell-guard.com\\\/wp-content\\\/uploads\\\/2026\\\/05\\\/Lava-1200x661-Hintergrund-sym.webp\",\"datePublished\":\"2026-09-03T00:08:38+00:00\",\"dateModified\":\"2026-09-03T01:07:43+00:00\",\"description\":\"Integritetspolicy f\u00f6r Ittermann electronic GmbH g\u00e4llande iWell Guard: obligatorisk information, cookies, analys, inb\u00e4ddade tj\u00e4nster.\",\"breadcrumb\":{\"@id\":\"https:\\\/\\\/iwell-guard.com\\\/sv\\\/integritetspolicy\\\/#breadcrumb\"},\"inLanguage\":\"sv-SE\",\"potentialAction\":[{\"@type\":\"ReadAction\",\"target\":[\"https:\\\/\\\/iwell-guard.com\\\/sv\\\/integritetspolicy\\\/\"]}]},{\"@type\":\"ImageObject\",\"inLanguage\":\"sv-SE\",\"@id\":\"https:\\\/\\\/iwell-guard.com\\\/sv\\\/integritetspolicy\\\/#primaryimage\",\"url\":\"https:\\\/\\\/iwell-guard.com\\\/wp-content\\\/uploads\\\/2026\\\/05\\\/Lava-1200x661-Hintergrund-sym.webp\",\"contentUrl\":\"https:\\\/\\\/iwell-guard.com\\\/wp-content\\\/uploads\\\/2026\\\/05\\\/Lava-1200x661-Hintergrund-sym.webp\",\"width\":1200,\"height\":661,\"caption\":\"iWell Guard skyddsh\u00e4nge, svart karbonfiberchip med guldf\u00e4rgade accenter\"},{\"@type\":\"BreadcrumbList\",\"@id\":\"https:\\\/\\\/iwell-guard.com\\\/sv\\\/integritetspolicy\\\/#breadcrumb\",\"itemListElement\":[{\"@type\":\"ListItem\",\"position\":1,\"name\":\"Start\",\"item\":\"https:\\\/\\\/iwell-guard.com\\\/sv\\\/?page_id=136483\"},{\"@type\":\"ListItem\",\"position\":2,\"name\":\"Integritetspolicy\"}]},{\"@type\":\"WebSite\",\"@id\":\"https:\\\/\\\/iwell-guard.com\\\/sv\\\/#website\",\"url\":\"https:\\\/\\\/iwell-guard.com\\\/sv\\\/\",\"name\":\"iWell Guard\",\"description\":\"Schutz vor dunklen Einfl\u00fcssen\",\"publisher\":{\"@id\":\"https:\\\/\\\/iwell-guard.com\\\/sv\\\/#organization\"},\"potentialAction\":[{\"@type\":\"SearchAction\",\"target\":{\"@type\":\"EntryPoint\",\"urlTemplate\":\"https:\\\/\\\/iwell-guard.com\\\/sv\\\/?s={search_term_string}\"},\"query-input\":{\"@type\":\"PropertyValueSpecification\",\"valueRequired\":true,\"valueName\":\"search_term_string\"}}],\"inLanguage\":\"sv-SE\"},{\"@type\":\"Organization\",\"@id\":\"https:\\\/\\\/iwell-guard.com\\\/sv\\\/#organization\",\"name\":\"Ittermann electronic GmbH\",\"url\":\"https:\\\/\\\/iwell-guard.com\\\/sv\\\/\",\"logo\":{\"@type\":\"ImageObject\",\"inLanguage\":\"sv-SE\",\"@id\":\"https:\\\/\\\/iwell-guard.com\\\/sv\\\/#\\\/schema\\\/logo\\\/image\\\/\",\"url\":\"https:\\\/\\\/iwell-guard.com\\\/wp-content\\\/uploads\\\/2026\\\/05\\\/Ittermann-Logo-1182x237-1.png\",\"contentUrl\":\"https:\\\/\\\/iwell-guard.com\\\/wp-content\\\/uploads\\\/2026\\\/05\\\/Ittermann-Logo-1182x237-1.png\",\"width\":1182,\"height\":237,\"caption\":\"Ittermann electronic GmbH\"},\"image\":{\"@id\":\"https:\\\/\\\/iwell-guard.com\\\/sv\\\/#\\\/schema\\\/logo\\\/image\\\/\"},\"sameAs\":[\"https:\\\/\\\/pantip.com\\\/profile\\\/9367242\",\"https:\\\/\\\/micro.blog\\\/iwellguard\",\"https:\\\/\\\/www.diggerslist.com\\\/iwellguard\\\/about\",\"https:\\\/\\\/skitterphoto.com\\\/photographers\\\/2870314\\\/iwell-guard\",\"https:\\\/\\\/iwellguard.wordpress.com\\\/2026\\\/06\\\/06\\\/iwell-guard\\\/\",\"https:\\\/\\\/hub.docker.com\\\/u\\\/iwellguard\",\"https:\\\/\\\/www.pinterest.com\\\/iwellguard\\\/\",\"https:\\\/\\\/bit.ly\\\/m\\\/iwellguard\",\"https:\\\/\\\/entre-vos-mains.alsace.eu\\\/profiles\\\/iwellguard\\\/activity\",\"https:\\\/\\\/gravatar.com\\\/reallybeded8fd34\",\"https:\\\/\\\/naijamatta.com\\\/iwellguard\",\"https:\\\/\\\/www.goodreads.com\\\/iwellguard\",\"https:\\\/\\\/profile.hatena.ne.jp\\\/iwellguard\\\/\",\"https:\\\/\\\/experiment.com\\\/users\\\/iwellguard\",\"https:\\\/\\\/wakelet.com\\\/@iWellGuard82270\",\"https:\\\/\\\/www.chordie.com\\\/forum\\\/profile.php?id=2555664\",\"https:\\\/\\\/www.instapaper.com\\\/p\\\/17757966\",\"https:\\\/\\\/www.mapleprimes.com\\\/users\\\/iwellguard\",\"https:\\\/\\\/businesslistingplus.com\\\/profile\\\/iwell-guard\\\/\",\"https:\\\/\\\/telegra.ph\\\/iWell-Guard-06-06\",\"https:\\\/\\\/pbase.com\\\/iwellguard\\\/iwellguard\",\"https:\\\/\\\/b.hatena.ne.jp\\\/iwellguard\\\/20260607#bookmark-4788405196491818882\",\"https:\\\/\\\/fliphtml5.com\\\/home\\\/iwellguard\",\"https:\\\/\\\/anyflip.com\\\/homepage\\\/cmiwl#About\",\"https:\\\/\\\/transfur.com\\\/Users\\\/iwellguard\",\"http:\\\/\\\/delphi.larsbo.org\\\/user\\\/iwellguard\",\"https:\\\/\\\/jobs.lajobsportal.org\\\/profiles\\\/8380803-iwell-guard\",\"https:\\\/\\\/md.chaosdorf.de\\\/s\\\/jfbe5SBdJD\",\"https:\\\/\\\/www.lingvolive.com\\\/en-us\\\/profile\\\/9ecaeaca-ce11-4e51-9e71-01d55e2bff36\\\/translations\",\"https:\\\/\\\/www.fitday.com\\\/fitness\\\/forums\\\/members\\\/iwellguard.html\",\"https:\\\/\\\/www.mymeetbook.com\\\/iwellguard\",\"https:\\\/\\\/pxhere.com\\\/en\\\/photographer-me\\\/5040798\",\"https:\\\/\\\/disqus.com\\\/by\\\/iwellguard\\\/about\\\/\",\"https:\\\/\\\/pastelink.net\\\/hjwciqwq\",\"https:\\\/\\\/pubhtml5.com\\\/homepage\\\/scjhn\\\/\",\"https:\\\/\\\/www.bitchute.com\\\/channel\\\/2O2eOKzNqujT\",\"https:\\\/\\\/audiomack.com\\\/iwellguard\"]}]}<\/script>\n<!-- \/ Yoast SEO Premium plugin. -->","yoast_head_json":{"title":"Integritetspolicy \u2013 iWell Guard","description":"Integritetspolicy f\u00f6r Ittermann electronic GmbH g\u00e4llande iWell Guard: obligatorisk information, cookies, analys, inb\u00e4ddade tj\u00e4nster.","robots":{"index":"noindex","follow":"follow"},"og_locale":"sv_SE","og_type":"article","og_title":"Integritetspolicy","og_description":"Integritetspolicy f\u00f6r Ittermann electronic GmbH g\u00e4llande iWell Guard: obligatorisk information, cookies, analys, inb\u00e4ddade tj\u00e4nster.","og_url":"https:\/\/iwell-guard.com\/sv\/integritetspolicy\/","og_site_name":"iWell Guard","article_modified_time":"2026-09-03T01:07:43+00:00","og_image":[{"width":1200,"height":661,"url":"https:\/\/iwell-guard.com\/wp-content\/uploads\/2026\/05\/Lava-1200x661-Hintergrund-sym.webp","type":"image\/webp"}],"twitter_card":"summary_large_image","schema":{"@context":"https:\/\/schema.org","@graph":[{"@type":"WebPage","@id":"https:\/\/iwell-guard.com\/sv\/integritetspolicy\/","url":"https:\/\/iwell-guard.com\/sv\/integritetspolicy\/","name":"Integritetspolicy \u2013 iWell Guard","isPartOf":{"@id":"https:\/\/iwell-guard.com\/sv\/#website"},"primaryImageOfPage":{"@id":"https:\/\/iwell-guard.com\/sv\/integritetspolicy\/#primaryimage"},"image":{"@id":"https:\/\/iwell-guard.com\/sv\/integritetspolicy\/#primaryimage"},"thumbnailUrl":"https:\/\/iwell-guard.com\/wp-content\/uploads\/2026\/05\/Lava-1200x661-Hintergrund-sym.webp","datePublished":"2026-09-03T00:08:38+00:00","dateModified":"2026-09-03T01:07:43+00:00","description":"Integritetspolicy f\u00f6r Ittermann electronic GmbH g\u00e4llande iWell Guard: obligatorisk information, cookies, analys, inb\u00e4ddade tj\u00e4nster.","breadcrumb":{"@id":"https:\/\/iwell-guard.com\/sv\/integritetspolicy\/#breadcrumb"},"inLanguage":"sv-SE","potentialAction":[{"@type":"ReadAction","target":["https:\/\/iwell-guard.com\/sv\/integritetspolicy\/"]}]},{"@type":"ImageObject","inLanguage":"sv-SE","@id":"https:\/\/iwell-guard.com\/sv\/integritetspolicy\/#primaryimage","url":"https:\/\/iwell-guard.com\/wp-content\/uploads\/2026\/05\/Lava-1200x661-Hintergrund-sym.webp","contentUrl":"https:\/\/iwell-guard.com\/wp-content\/uploads\/2026\/05\/Lava-1200x661-Hintergrund-sym.webp","width":1200,"height":661,"caption":"iWell Guard skyddsh\u00e4nge, svart karbonfiberchip med guldf\u00e4rgade accenter"},{"@type":"BreadcrumbList","@id":"https:\/\/iwell-guard.com\/sv\/integritetspolicy\/#breadcrumb","itemListElement":[{"@type":"ListItem","position":1,"name":"Start","item":"https:\/\/iwell-guard.com\/sv\/?page_id=136483"},{"@type":"ListItem","position":2,"name":"Integritetspolicy"}]},{"@type":"WebSite","@id":"https:\/\/iwell-guard.com\/sv\/#website","url":"https:\/\/iwell-guard.com\/sv\/","name":"iWell Guard","description":"Schutz vor dunklen Einfl\u00fcssen","publisher":{"@id":"https:\/\/iwell-guard.com\/sv\/#organization"},"potentialAction":[{"@type":"SearchAction","target":{"@type":"EntryPoint","urlTemplate":"https:\/\/iwell-guard.com\/sv\/?s={search_term_string}"},"query-input":{"@type":"PropertyValueSpecification","valueRequired":true,"valueName":"search_term_string"}}],"inLanguage":"sv-SE"},{"@type":"Organization","@id":"https:\/\/iwell-guard.com\/sv\/#organization","name":"Ittermann electronic GmbH","url":"https:\/\/iwell-guard.com\/sv\/","logo":{"@type":"ImageObject","inLanguage":"sv-SE","@id":"https:\/\/iwell-guard.com\/sv\/#\/schema\/logo\/image\/","url":"https:\/\/iwell-guard.com\/wp-content\/uploads\/2026\/05\/Ittermann-Logo-1182x237-1.png","contentUrl":"https:\/\/iwell-guard.com\/wp-content\/uploads\/2026\/05\/Ittermann-Logo-1182x237-1.png","width":1182,"height":237,"caption":"Ittermann electronic GmbH"},"image":{"@id":"https:\/\/iwell-guard.com\/sv\/#\/schema\/logo\/image\/"},"sameAs":["https:\/\/pantip.com\/profile\/9367242","https:\/\/micro.blog\/iwellguard","https:\/\/www.diggerslist.com\/iwellguard\/about","https:\/\/skitterphoto.com\/photographers\/2870314\/iwell-guard","https:\/\/iwellguard.wordpress.com\/2026\/06\/06\/iwell-guard\/","https:\/\/hub.docker.com\/u\/iwellguard","https:\/\/www.pinterest.com\/iwellguard\/","https:\/\/bit.ly\/m\/iwellguard","https:\/\/entre-vos-mains.alsace.eu\/profiles\/iwellguard\/activity","https:\/\/gravatar.com\/reallybeded8fd34","https:\/\/naijamatta.com\/iwellguard","https:\/\/www.goodreads.com\/iwellguard","https:\/\/profile.hatena.ne.jp\/iwellguard\/","https:\/\/experiment.com\/users\/iwellguard","https:\/\/wakelet.com\/@iWellGuard82270","https:\/\/www.chordie.com\/forum\/profile.php?id=2555664","https:\/\/www.instapaper.com\/p\/17757966","https:\/\/www.mapleprimes.com\/users\/iwellguard","https:\/\/businesslistingplus.com\/profile\/iwell-guard\/","https:\/\/telegra.ph\/iWell-Guard-06-06","https:\/\/pbase.com\/iwellguard\/iwellguard","https:\/\/b.hatena.ne.jp\/iwellguard\/20260607#bookmark-4788405196491818882","https:\/\/fliphtml5.com\/home\/iwellguard","https:\/\/anyflip.com\/homepage\/cmiwl#About","https:\/\/transfur.com\/Users\/iwellguard","http:\/\/delphi.larsbo.org\/user\/iwellguard","https:\/\/jobs.lajobsportal.org\/profiles\/8380803-iwell-guard","https:\/\/md.chaosdorf.de\/s\/jfbe5SBdJD","https:\/\/www.lingvolive.com\/en-us\/profile\/9ecaeaca-ce11-4e51-9e71-01d55e2bff36\/translations","https:\/\/www.fitday.com\/fitness\/forums\/members\/iwellguard.html","https:\/\/www.mymeetbook.com\/iwellguard","https:\/\/pxhere.com\/en\/photographer-me\/5040798","https:\/\/disqus.com\/by\/iwellguard\/about\/","https:\/\/pastelink.net\/hjwciqwq","https:\/\/pubhtml5.com\/homepage\/scjhn\/","https:\/\/www.bitchute.com\/channel\/2O2eOKzNqujT","https:\/\/audiomack.com\/iwellguard"]}]}},"_links":{"self":[{"href":"https:\/\/iwell-guard.com\/sv\/wp-json\/wp\/v2\/pages\/136626","targetHints":{"allow":["GET"]}}],"collection":[{"href":"https:\/\/iwell-guard.com\/sv\/wp-json\/wp\/v2\/pages"}],"about":[{"href":"https:\/\/iwell-guard.com\/sv\/wp-json\/wp\/v2\/types\/page"}],"author":[{"embeddable":true,"href":"https:\/\/iwell-guard.com\/sv\/wp-json\/wp\/v2\/users\/3"}],"replies":[{"embeddable":true,"href":"https:\/\/iwell-guard.com\/sv\/wp-json\/wp\/v2\/comments?post=136626"}],"version-history":[{"count":0,"href":"https:\/\/iwell-guard.com\/sv\/wp-json\/wp\/v2\/pages\/136626\/revisions"}],"wp:featuredmedia":[{"embeddable":true,"href":"https:\/\/iwell-guard.com\/sv\/wp-json\/wp\/v2\/media\/2259"}],"wp:attachment":[{"href":"https:\/\/iwell-guard.com\/sv\/wp-json\/wp\/v2\/media?parent=136626"}],"wp:term":[{"taxonomy":"category","embeddable":true,"href":"https:\/\/iwell-guard.com\/sv\/wp-json\/wp\/v2\/categories?post=136626"}],"curies":[{"name":"wp","href":"https:\/\/api.w.org\/{rel}","templated":true}]}}