{"id":136623,"date":"2026-09-03T00:08:36","date_gmt":"2026-09-03T00:08:36","guid":{"rendered":"https:\/\/iwell-guard.com\/?page_id=136623"},"modified":"2026-09-03T01:07:38","modified_gmt":"2026-09-03T01:07:38","slug":"hel","status":"publish","type":"page","link":"https:\/\/iwell-guard.com\/sv\/hel\/","title":{"rendered":"Hel"},"content":{"rendered":"\t\t<div data-elementor-type=\"wp-page\" data-elementor-id=\"136623\" class=\"elementor elementor-136623 elementor-1890 elementor-bc-flex-widget\" data-elementor-post-type=\"page\">\n\t\t\t\t<div class=\"elementor-element elementor-element-10fdade e-flex e-con-boxed e-con e-parent\" data-id=\"10fdade\" data-element_type=\"container\" data-e-type=\"container\" data-settings=\"{&quot;background_background&quot;:&quot;classic&quot;}\">\n\t\t\t\t\t<div class=\"e-con-inner\">\n\t\t<div class=\"elementor-element elementor-element-herohlft0 e-flex e-con-boxed e-con e-child\" data-id=\"herohlft0\" data-element_type=\"container\" data-e-type=\"container\">\n\t\t\t\t\t<div class=\"e-con-inner\">\n\t\t<div class=\"elementor-element elementor-element-c3ceb64 e-con-full e-flex e-con e-child\" data-id=\"c3ceb64\" data-element_type=\"container\" data-e-type=\"container\">\n\t\t\t\t<div class=\"elementor-element elementor-element-96ae5e1 elementor-widget elementor-widget-heading\" data-id=\"96ae5e1\" data-element_type=\"widget\" data-e-type=\"widget\" data-widget_type=\"heading.default\">\n\t\t\t\t\t<h1 class=\"elementor-heading-title elementor-size-default\">Hel, gudinna i den germanska traditionen<\/h1>\t\t\t\t<\/div>\n\t\t\t\t<div class=\"elementor-element elementor-element-e45238a elementor-widget elementor-widget-text-editor\" data-id=\"e45238a\" data-element_type=\"widget\" data-e-type=\"widget\" data-widget_type=\"text-editor.default\">\n\t\t\t\t\t\t\t\t\t<p>Hel \u00e4r gudinna i den germanska traditionen.<\/p><p>H\u00e4rskarinna \u00f6ver d\u00f6dsriket, dotter till Loke och j\u00e4ttinnan Angerboda, syster till Fenrisulven och Midg\u00e5rdsormen J\u00f6rmungandr. Hel tar emot sj\u00e4larna hos alla avlidna som inte har fallit i strid, det vill s\u00e4ga de som inte kommer till Valhall eller Folkvang.<\/p><p>Hennes rike <em>Helheim<\/em> \u00e4r ingen plats f\u00f6r lidande, utan ett neutralt d\u00f6dsland f\u00f6r dem som d\u00f6tt av sjukdom, \u00e5lderdom eller andra vanliga d\u00f6dsorsaker. Hon framst\u00e4lls som halvt levande och halvt f\u00f6rmultnad, en <span class=\"iwg-fachbegriff\" data-tooltip=\"Ett tecken som representerar en id\u00e9 eller betydelse.\" tabindex=\"0\">symbol<\/span> f\u00f6r gr\u00e4nsen mellan liv och d\u00f6d.<\/p><p>Hel \u00e4r den germanska d\u00f6dsgudinnan och dotter till Loke.<\/p>\t\t\t\t\t\t\t\t<\/div>\n\t\t\t\t<\/div>\n\t\t<div class=\"elementor-element elementor-element-klsbdg01 e-con-full e-flex e-con e-parent\" data-id=\"klsbdg01\" data-element_type=\"container\" data-e-type=\"container\">\n\t\t\t\t<div class=\"elementor-element elementor-element-klshtm01 elementor-widget elementor-widget-html\" data-id=\"klshtm01\" data-element_type=\"widget\" data-e-type=\"widget\" data-widget_type=\"html.default\">\n\t\t\t\t\t<div class=\"iwg-pill-row\"><span class=\"iwg-klasse-badge\" tabindex=\"0\" data-tooltip=\"Gud\/gudinna: Personifierad h\u00f6gsta makt i en kulturs panteon, med klara ansvarsomr\u00e5den s\u00e5som naturkrafter, \u00f6de, krig och fruktbarhet. Dyrkad genom kulter, offer och tempelinstitutioner.\">Gudinna<\/span><a href=\"https:\/\/iwell-guard.com\/sv\/germanskt\/\" class=\"iwg-kultur-badge\" tabindex=\"0\" data-tooltip=\"F\u00f6rkristen gud- och andev\u00e4rld i Nord- och Mellaneuropa.\">Germansk<\/a><a href=\"https:\/\/iwell-guard.com\/sv\/dodsgudomar\/\" class=\"iwg-tradition-badge\" tabindex=\"0\" data-tooltip=\"Gudar av underjorden och d\u00f6den, h\u00e4rskare \u00f6ver det bortomv\u00e4rldsliga, d\u00f6dsdomare, sj\u00e4laledsagare.\">D\u00f6dsgudom<\/a><\/div>\t\t\t\t<\/div>\n\t\t\t\t<\/div>\n\t\t<div class=\"elementor-element elementor-element-3f74855 e-con-full e-flex e-con e-child\" data-id=\"3f74855\" data-element_type=\"container\" data-e-type=\"container\">\n\t\t\t\t<div class=\"elementor-element elementor-element-1c30362 elementor-toc--minimized-on-tablet elementor-widget elementor-widget-table-of-contents\" data-id=\"1c30362\" data-element_type=\"widget\" data-e-type=\"widget\" data-settings=\"{&quot;exclude_headings_by_selector&quot;:[],&quot;no_headings_message&quot;:&quot;Inga rubriker hittades p\\u00e5 den h\\u00e4r sidan.&quot;,&quot;headings_by_tags&quot;:[&quot;h2&quot;,&quot;h3&quot;],&quot;marker_view&quot;:&quot;bullets&quot;,&quot;minimize_box&quot;:&quot;yes&quot;,&quot;icon&quot;:{&quot;value&quot;:&quot;fas fa-circle&quot;,&quot;library&quot;:&quot;fa-solid&quot;,&quot;rendered_tag&quot;:&quot;&lt;svg class=\\&quot;e-font-icon-svg e-fas-circle\\&quot; viewBox=\\&quot;0 0 512 512\\&quot; xmlns=\\&quot;http:\\\/\\\/www.w3.org\\\/2000\\\/svg\\&quot;&gt;&lt;path d=\\&quot;M256 8C119 8 8 119 8 256s111 248 248 248 248-111 248-248S393 8 256 8z\\&quot;&gt;&lt;\\\/path&gt;&lt;\\\/svg&gt;&quot;},&quot;minimized_on&quot;:&quot;tablet&quot;,&quot;hierarchical_view&quot;:&quot;yes&quot;,&quot;min_height&quot;:{&quot;unit&quot;:&quot;px&quot;,&quot;size&quot;:&quot;&quot;,&quot;sizes&quot;:[]},&quot;min_height_tablet&quot;:{&quot;unit&quot;:&quot;px&quot;,&quot;size&quot;:&quot;&quot;,&quot;sizes&quot;:[]},&quot;min_height_mobile&quot;:{&quot;unit&quot;:&quot;px&quot;,&quot;size&quot;:&quot;&quot;,&quot;sizes&quot;:[]}}\" data-widget_type=\"table-of-contents.default\">\n\t\t\t\t\t\t\t\t\t<div class=\"elementor-toc__header\">\n\t\t\t\t\t\t<h2 class=\"elementor-toc__header-title\">\n\t\t\t\tInneh\u00e5llsf\u00f6rteckning\t\t\t<\/h2>\n\t\t\t\t\t\t\t\t\t\t<div class=\"elementor-toc__toggle-button elementor-toc__toggle-button--expand\" role=\"button\" tabindex=\"0\" aria-controls=\"elementor-toc__1c30362\" aria-expanded=\"true\" aria-label=\"\u00d6ppna inneh\u00e5llsf\u00f6rteckning\"><svg aria-hidden=\"true\" class=\"e-font-icon-svg e-fas-chevron-down\" viewBox=\"0 0 448 512\" xmlns=\"http:\/\/www.w3.org\/2000\/svg\"><path d=\"M207.029 381.476L12.686 187.132c-9.373-9.373-9.373-24.569 0-33.941l22.667-22.667c9.357-9.357 24.522-9.375 33.901-.04L224 284.505l154.745-154.021c9.379-9.335 24.544-9.317 33.901.04l22.667 22.667c9.373 9.373 9.373 24.569 0 33.941L240.971 381.476c-9.373 9.372-24.569 9.372-33.942 0z\"><\/path><\/svg><\/div>\n\t\t\t\t<div class=\"elementor-toc__toggle-button elementor-toc__toggle-button--collapse\" role=\"button\" tabindex=\"0\" aria-controls=\"elementor-toc__1c30362\" aria-expanded=\"true\" aria-label=\"St\u00e4ng inneh\u00e5llsf\u00f6rteckning\"><svg aria-hidden=\"true\" class=\"e-font-icon-svg e-fas-chevron-up\" viewBox=\"0 0 448 512\" xmlns=\"http:\/\/www.w3.org\/2000\/svg\"><path d=\"M240.971 130.524l194.343 194.343c9.373 9.373 9.373 24.569 0 33.941l-22.667 22.667c-9.357 9.357-24.522 9.375-33.901.04L224 227.495 69.255 381.516c-9.379 9.335-24.544 9.317-33.901-.04l-22.667-22.667c-9.373-9.373-9.373-24.569 0-33.941L207.03 130.525c9.372-9.373 24.568-9.373 33.941-.001z\"><\/path><\/svg><\/div>\n\t\t\t\t\t<\/div>\n\t\t\t\t<div id=\"elementor-toc__1c30362\" class=\"elementor-toc__body\">\n\t\t\t<div class=\"elementor-toc__spinner-container\">\n\t\t\t\t<svg class=\"elementor-toc__spinner eicon-animation-spin e-font-icon-svg e-eicon-loading\" aria-hidden=\"true\" viewBox=\"0 0 1000 1000\" xmlns=\"http:\/\/www.w3.org\/2000\/svg\"><path d=\"M500 975V858C696 858 858 696 858 500S696 142 500 142 142 304 142 500H25C25 237 238 25 500 25S975 237 975 500 763 975 500 975Z\"><\/path><\/svg>\t\t\t<\/div>\n\t\t<\/div>\n\t\t\t\t\t\t<\/div>\n\t\t\t\t<\/div>\n\t\t\t\t\t<\/div>\n\t\t\t\t<\/div>\n\t\t<div class=\"elementor-element elementor-element-herorght0 e-con-full e-flex e-con e-child\" data-id=\"herorght0\" data-element_type=\"container\" data-e-type=\"container\">\n\t\t\t\t<div class=\"elementor-element elementor-element-heroimg00 iwg-hero-image elementor-widget elementor-widget-image\" data-id=\"heroimg00\" data-element_type=\"widget\" data-e-type=\"widget\" data-widget_type=\"image.default\">\n\t\t\t\t\t\t\t\t\t\t\t\t\t\t\t<img fetchpriority=\"high\" decoding=\"async\" width=\"683\" height=\"1024\" src=\"https:\/\/iwell-guard.com\/wp-content\/uploads\/2026\/04\/goetter_germanisch_hel-683x1024.webp\" class=\"attachment-large size-large wp-image-136267\" alt=\"Hel \u2013 gudar fr\u00e5n den germanska traditionen, historiskt-illustrativ\" srcset=\"https:\/\/iwell-guard.com\/wp-content\/uploads\/2026\/04\/goetter_germanisch_hel-683x1024.webp 683w, https:\/\/iwell-guard.com\/wp-content\/uploads\/2026\/04\/goetter_germanisch_hel-200x300.webp 200w, https:\/\/iwell-guard.com\/wp-content\/uploads\/2026\/04\/goetter_germanisch_hel-768x1152.webp 768w, https:\/\/iwell-guard.com\/wp-content\/uploads\/2026\/04\/goetter_germanisch_hel.webp 1024w\" sizes=\"(max-width: 683px) 100vw, 683px\" \/>\t\t\t\t\t\t\t\t\t\t\t\t\t\t\t<\/div>\n\t\t\t\t<\/div>\n\t\t\t\t\t<\/div>\n\t\t\t\t<\/div>\n\t\t<div class=\"elementor-element elementor-element-32917199 e-flex e-con-boxed e-con e-parent\" data-id=\"32917199\" data-element_type=\"container\" data-e-type=\"container\">\n\t\t\t\t\t<div class=\"e-con-inner\">\n\t\t<div class=\"elementor-element elementor-element-26e916cb e-flex e-con-boxed e-con e-child\" data-id=\"26e916cb\" data-element_type=\"container\" data-e-type=\"container\">\n\t\t\t\t\t<div class=\"e-con-inner\">\n\t\t<div class=\"elementor-element elementor-element-253a40d4 e-flex e-con-boxed e-con e-child\" data-id=\"253a40d4\" data-element_type=\"container\" data-e-type=\"container\">\n\t\t\t\t\t<div class=\"e-con-inner\">\n\t\t\t\t<div class=\"elementor-element elementor-element-1200c304 elementor-widget elementor-widget-heading\" data-id=\"1200c304\" data-element_type=\"widget\" data-e-type=\"widget\" data-widget_type=\"heading.default\">\n\t\t\t\t\t<h2 class=\"elementor-heading-title elementor-size-default\">Hel<\/h2>\t\t\t\t<\/div>\n\t\t\t\t\t<\/div>\n\t\t\t\t<\/div>\n\t\t<div class=\"elementor-element elementor-element-159dcf9a e-flex e-con-boxed e-con e-child\" data-id=\"159dcf9a\" data-element_type=\"container\" data-e-type=\"container\">\n\t\t\t\t\t<div class=\"e-con-inner\">\n\t\t\t\t<div class=\"elementor-element elementor-element-48cee66f elementor-widget elementor-widget-heading\" data-id=\"48cee66f\" data-element_type=\"widget\" data-e-type=\"widget\" data-widget_type=\"heading.default\">\n\t\t\t\t\t<h2 class=\"elementor-heading-title elementor-size-default\">Snabb\u00f6versikt: Hel<\/h2>\t\t\t\t<\/div>\n\t\t\t\t<div class=\"elementor-element elementor-element-3f50d82c elementor-widget elementor-widget-text-editor\" data-id=\"3f50d82c\" data-element_type=\"widget\" data-e-type=\"widget\" data-widget_type=\"text-editor.default\">\n\t\t\t\t\t\t\t\t\t<p><strong>Typ:<\/strong> D\u00f6dsgudom, h\u00e4rskarinna \u00f6ver underjorden<br><span class=\"iwg-fachbegriff\" data-tooltip=\"Samlingen av gudar i en religion eller kultur.\" tabindex=\"0\">Panteon<\/span>: Germansk (nordisk)<br>Funktion: H\u00e4rskarinna \u00f6ver d\u00f6dsriket Helheim, mottagare av de d\u00f6da, v\u00e4ktare av gr\u00e4nsen mellan liv och d\u00f6d<br>Huvudattribut: Delat ansikte (levande och f\u00f6rmultnat), svart kl\u00e4dnad, hunden Garm, bro Gjallarbro<br>Hemvist: Helheim (d\u00f6dsriket), hallen Eljudnir, floden Gj\u00f6ll<br>Germansk parallell: (ingen, unik inom den nordiska <span class=\"iwg-fachbegriff\" data-tooltip=\"Samlingen av en kulturs traditionella ber\u00e4ttelser om gudar.\" tabindex=\"0\">mytologin<\/span>)<\/p>\t\t\t\t\t\t\t\t<\/div>\n\t\t\t\t\t<\/div>\n\t\t\t\t<\/div>\n\t\t\t\t\t<\/div>\n\t\t\t\t<\/div>\n\t\t\t\t\t<\/div>\n\t\t\t\t<\/div>\n\t\t<div class=\"elementor-element elementor-element-18613602 e-flex e-con-boxed e-con e-parent\" data-id=\"18613602\" data-element_type=\"container\" data-e-type=\"container\">\n\t\t\t\t\t<div class=\"e-con-inner\">\n\t\t\t\t<div class=\"elementor-element elementor-element-262b8a9f elementor-widget elementor-widget-heading\" data-id=\"262b8a9f\" data-element_type=\"widget\" data-e-type=\"widget\" data-widget_type=\"heading.default\">\n\t\t\t\t\t<h2 class=\"elementor-heading-title elementor-size-default\">Historisk inordning<\/h2>\t\t\t\t<\/div>\n\t\t<div class=\"elementor-element elementor-element-46dcb7d e-con-full e-flex e-con e-child\" data-id=\"46dcb7d\" data-element_type=\"container\" data-e-type=\"container\">\n\t\t<div class=\"elementor-element elementor-element-61d3ab3 e-flex e-con-boxed e-con e-child\" data-id=\"61d3ab3\" data-element_type=\"container\" data-e-type=\"container\">\n\t\t\t\t\t<div class=\"e-con-inner\">\n\t\t\t\t<div class=\"elementor-element elementor-element-117c166 elementor-widget elementor-widget-heading\" data-id=\"117c166\" data-element_type=\"widget\" data-e-type=\"widget\" data-widget_type=\"heading.default\">\n\t\t\t\t\t<h3 class=\"elementor-heading-title elementor-size-default\">Texternas tidsperiod<\/h3>\t\t\t\t<\/div>\n\t\t\t\t<div class=\"elementor-element elementor-element-73997a0 elementor-widget elementor-widget-text-editor\" data-id=\"73997a0\" data-element_type=\"widget\" data-e-type=\"widget\" data-widget_type=\"text-editor.default\">\n\t\t\t\t\t\t\t\t\t<p>Den <span class=\"iwg-fachbegriff\" data-tooltip=\"Kunskap och ber\u00e4ttelser som f\u00f6rs vidare genom generationer.\" tabindex=\"0\">\u00f6verl\u00e4mnade traditionen<\/span> om Hel h\u00e4rstammar fr\u00e5n h\u00f6gmedeltidens litter\u00e4ra k\u00e4llor, men g\u00e5r tillbaka p\u00e5 \u00e4ldre muntlig tradition fr\u00e5n vikingatiden och folkvandringstiden. Snorre-Eddan (\u00e4ldsta handskrifter fr\u00e5n 1200-talet) och den poetiska Eddan (nedskriven omkring 1270, men baserad p\u00e5 dikter fr\u00e5n 800- till 1000-talet) \u00e4r huvudk\u00e4llorna.<\/p><p>Saxo Grammaticus <em>Gesta Danorum<\/em> (omkring 1200) ger kristet f\u00e4rgade parallellskildringar. <span class=\"iwg-fachbegriff\" data-tooltip=\"En liten helig f\u00f6rvaringsplats eller andaktsplats.\" tabindex=\"0\">Helgedoms<\/span>&#8211; och gravfynd fr\u00e5n 500- till 900-talet tyder p\u00e5 att Hel inte spelade n\u00e5gon central roll i kulten, men var djupt f\u00f6rankrad i det eskatologiska medvetandet.<\/p>\t\t\t\t\t\t\t\t<\/div>\n\t\t\t\t\t<\/div>\n\t\t\t\t<\/div>\n\t\t<div class=\"elementor-element elementor-element-d47b156 e-flex e-con-boxed e-con e-child\" data-id=\"d47b156\" data-element_type=\"container\" data-e-type=\"container\">\n\t\t\t\t\t<div class=\"e-con-inner\">\n\t\t\t\t<div class=\"elementor-element elementor-element-ff38c2b elementor-widget elementor-widget-heading\" data-id=\"ff38c2b\" data-element_type=\"widget\" data-e-type=\"widget\" data-widget_type=\"heading.default\">\n\t\t\t\t\t<h3 class=\"elementor-heading-title elementor-size-default\">Utbredningsomr\u00e5de<\/h3>\t\t\t\t<\/div>\n\t\t\t\t<div class=\"elementor-element elementor-element-4e49fcc elementor-widget elementor-widget-text-editor\" data-id=\"4e49fcc\" data-element_type=\"widget\" data-e-type=\"widget\" data-widget_type=\"text-editor.default\">\n\t\t\t\t\t\t\t\t\t<p>Hel var ett begrepp inom den skandinaviska och germanska <span class=\"iwg-fachbegriff\" data-tooltip=\"Samlingen av en kulturs traditionella ber\u00e4ttelser om gudar.\" tabindex=\"0\">mytologin<\/span>, spridd i Skandinavien (Danmark, Norge, Sverige), Island och i danskt-norskt kontrollerade omr\u00e5den. Edda-<span class=\"iwg-fachbegriff\" data-tooltip=\"Kunskap och ber\u00e4ttelser som f\u00f6rs vidare genom generationer.\" tabindex=\"0\">traditionen<\/span> \u00e4r isl\u00e4ndsk och skandinavisk.<\/p><p>Spr\u00e5kliga avledningar av namnet (engelska &#8221;Hell&#8221; f\u00f6r det kristna helvetet) visar att namnet levde vidare \u00e4ven i anglosaxiska bos\u00e4ttningsomr\u00e5den. Med kristnandet (fr\u00e5n \u00e5r 1000 e.Kr.) omtolkades Hel och Helheim till f\u00f6rebild f\u00f6r den kristna f\u00f6rest\u00e4llningen om helvetet.<\/p>\t\t\t\t\t\t\t\t<\/div>\n\t\t\t\t\t<\/div>\n\t\t\t\t<\/div>\n\t\t\t\t<\/div>\n\t\t<div class=\"elementor-element elementor-element-db03c39 e-con-full e-flex e-con e-child\" data-id=\"db03c39\" data-element_type=\"container\" data-e-type=\"container\">\n\t\t<div class=\"elementor-element elementor-element-229a87b e-flex e-con-boxed e-con e-child\" data-id=\"229a87b\" data-element_type=\"container\" data-e-type=\"container\">\n\t\t\t\t\t<div class=\"e-con-inner\">\n\t\t\t\t<div class=\"elementor-element elementor-element-1f471fc elementor-widget elementor-widget-heading\" data-id=\"1f471fc\" data-element_type=\"widget\" data-e-type=\"widget\" data-widget_type=\"heading.default\">\n\t\t\t\t\t<h3 class=\"elementor-heading-title elementor-size-default\">K\u00e4ll\u00e4ge<\/h3>\t\t\t\t<\/div>\n\t\t\t\t<div class=\"elementor-element elementor-element-36b1201 elementor-widget elementor-widget-text-editor\" data-id=\"36b1201\" data-element_type=\"widget\" data-e-type=\"widget\" data-widget_type=\"text-editor.default\">\n\t\t\t\t\t\t\t\t\t<p>De centrala k\u00e4llorna \u00e4r Snorre-Eddan, s\u00e4rskilt Gylfaginning (kap. 34 och 49), den poetiska Eddan (s\u00e4rskilt <em>V\u00f6lusp\u00e1<\/em> och <em>Vaf\u00fer\u00fa\u00f0nism\u00e1l<\/em>) samt Saxo Grammaticus <em>Gesta Danorum<\/em>. Prosaf\u00f6rordet till den poetiska Eddan och de inledande proseavsnitten ger genealogiska sammanhang.<\/p><p>Den mytiska omn\u00e4mningen &#8221;Baldrs draumar&#8221; (Balders dr\u00f6m) beskriver Hels skuld i Balders d\u00f6d. Arkeologiska fynd fr\u00e5n gravar, runstenar och skaldediktning kompletterar bilden, men \u00e4r sparsamma vad g\u00e4ller Hels specifika person.<\/p>\t\t\t\t\t\t\t\t<\/div>\n\t\t\t\t\t<\/div>\n\t\t\t\t<\/div>\n\t\t\t\t<\/div>\n\t\t\t\t\t<\/div>\n\t\t\t\t<\/div>\n\t\t<div class=\"elementor-element elementor-element-3ae0637c e-flex e-con-boxed e-con e-parent\" data-id=\"3ae0637c\" data-element_type=\"container\" data-e-type=\"container\">\n\t\t\t\t\t<div class=\"e-con-inner\">\n\t\t\t\t<div class=\"elementor-element elementor-element-31d07739 elementor-widget elementor-widget-heading\" data-id=\"31d07739\" data-element_type=\"widget\" data-e-type=\"widget\" data-widget_type=\"heading.default\">\n\t\t\t\t\t<h2 class=\"elementor-heading-title elementor-size-default\">Namn<\/h2>\t\t\t\t<\/div>\n\t\t<div class=\"elementor-element elementor-element-b7642947 e-con-full e-flex e-con e-child\" data-id=\"b7642947\" data-element_type=\"container\" data-e-type=\"container\">\n\t\t\t\t<div class=\"elementor-element elementor-element-a086266 elementor-widget elementor-widget-text-editor\" data-id=\"a086266\" data-element_type=\"widget\" data-e-type=\"widget\" data-widget_type=\"text-editor.default\">\n\t\t\t\t\t\t\t\t\t<p><strong>Fornnordiska:<\/strong> Hel (nominativ: Hel, genitiv: Heljar), kvinnligt v\u00e4sen, betyder &#8221;den dolda&#8221; eller &#8221;den f\u00f6rd\u00f6ljande&#8221; (besl\u00e4ktat med <em>h\u00f6lja<\/em> &#8221;d\u00f6lja&#8221;, &#8221;h\u00f6lja&#8221;). Binamn: Inga sj\u00e4lvst\u00e4ndiga binamn \u00e4r \u00f6verl\u00e4mnade, men den fornnordiska litteraturen ben\u00e4mner henne som &#8221;h\u00e4rskarinna \u00f6ver d\u00f6dsriket&#8221; (<em>Drottning hins dau\u00f0a rikes<\/em>).<\/p><p>Kristen mottagning: Under medeltiden blev namnet Hel den direkta f\u00f6rebilden f\u00f6r den kristna f\u00f6rest\u00e4llningen om &#8221;helvetet&#8221; (engelska &#8221;Hell&#8221;, medelh\u00f6gtyska &#8221;H\u00f6lle&#8221;), s\u00e4rskilt genom isl\u00e4ndska och skandinaviska kristna som allegoriserat den hedniska underjorden.<\/p><p>Germanska sl\u00e4ktingar: Skandinavisk-germansk, inga direkta namnsl\u00e4ktingar i andra kulturer. Familj: Dotter till guden Loke och j\u00e4ttinnan Angerboda. Syster till Fenrisulven (<em>Fenrir<\/em>) och Midg\u00e5rdsormen (<em>J\u00f6rmungandr<\/em>). Som h\u00e4rskarinna \u00f6ver Helheim tj\u00e4nas hon av Ganglati och Ganglot.<\/p>\t\t\t\t\t\t\t\t<\/div>\n\t\t\t\t<\/div>\n\t\t\t\t\t<\/div>\n\t\t\t\t<\/div>\n\t\t<div class=\"elementor-element elementor-element-709a44a8 e-flex e-con-boxed e-con e-parent\" data-id=\"709a44a8\" data-element_type=\"container\" data-e-type=\"container\">\n\t\t\t\t\t<div class=\"e-con-inner\">\n\t\t\t\t<div class=\"elementor-element elementor-element-2f585873 elementor-widget elementor-widget-heading\" data-id=\"2f585873\" data-element_type=\"widget\" data-e-type=\"widget\" data-widget_type=\"heading.default\">\n\t\t\t\t\t<h2 class=\"elementor-heading-title elementor-size-default\">Beskrivning<\/h2>\t\t\t\t<\/div>\n\t\t<div class=\"elementor-element elementor-element-70621c12 e-con-full e-flex e-con e-child\" data-id=\"70621c12\" data-element_type=\"container\" data-e-type=\"container\">\n\t\t\t\t<div class=\"elementor-element elementor-element-4296eb49 elementor-widget elementor-widget-text-editor\" data-id=\"4296eb49\" data-element_type=\"widget\" data-e-type=\"widget\" data-widget_type=\"text-editor.default\">\n\t\t\t\t\t\t\t\t\t<p><strong>Utseende<\/strong><\/p><p>Hel framst\u00e4lls i fornnordiska k\u00e4llor som delad: en kroppssida \u00e4r ljus, levande och blomstrande, den andra sidan m\u00f6rkbl\u00e5 till svart som ett lik. Denna ikoniska framst\u00e4llning symboliserar hennes position vid gr\u00e4nsen mellan liv och d\u00f6d. Hon b\u00e4r svarta eller m\u00f6rkgr\u00f6na kl\u00e4dnader.<\/p><p>Hennes ansikte, halvt vackert och halvt f\u00f6rmultnat, visar varken ondska eller barmh\u00e4rtighet, endast d\u00f6dlighetens oundvikliga natur. Hon sitter p\u00e5 en tron i sin hall <em>Eljudnir<\/em> (dimregn eller fuktg\u00e5rd, en plats av eljabenhet).<\/p><p><strong>V\u00e4sen och verkan<\/strong><\/p><p>Hel \u00e4r inte ond i kristen mening, utan neutral, en kosmisk kraft. Hon f\u00f6rvaltar d\u00f6dsriket utan passion. Den som kommer till henne stannar, om inte gudarna eller hj\u00e4ltarna lyckas f\u00e5 till en \u00e5terkomst (vilket sker extremt s\u00e4llan, det f\u00f6rs\u00f6ks endast f\u00f6r Balder).<\/p><p>Hon tar emot alla avlidna som inte d\u00f6tt i strid: kvinnor, barn, \u00e4ldre, sjuka. D\u00e4rmed skiljer sig hennes rike fundamentalt fr\u00e5n Valhall (f\u00f6r fallna krigare) och Folkvang (f\u00f6r gudinnan Freja). Till skillnad fr\u00e5n Hades framst\u00e4lls Hel inte som en domare som avg\u00f6r f\u00f6rtj\u00e4nster, utan som f\u00f6rvaltare av ett oundvikligt faktum.<\/p>\t\t\t\t\t\t\t\t<\/div>\n\t\t\t\t<\/div>\n\t\t\t\t\t<\/div>\n\t\t\t\t<\/div>\n\t\t<div class=\"elementor-element elementor-element-44e71476 e-flex e-con-boxed e-con e-parent\" data-id=\"44e71476\" data-element_type=\"container\" data-e-type=\"container\">\n\t\t\t\t\t<div class=\"e-con-inner\">\n\t\t\t\t<div class=\"elementor-element elementor-element-3c1fc3f0 elementor-widget elementor-widget-heading\" data-id=\"3c1fc3f0\" data-element_type=\"widget\" data-e-type=\"widget\" data-widget_type=\"heading.default\">\n\t\t\t\t\t<h2 class=\"elementor-heading-title elementor-size-default\">Profil: Hel<\/h2>\t\t\t\t<\/div>\n\t\t<div class=\"elementor-element elementor-element-84f33b8e e-con-full e-flex e-con e-child\" data-id=\"84f33b8e\" data-element_type=\"container\" data-e-type=\"container\">\n\t\t\t\t<div class=\"elementor-element elementor-element-hqkdc67p elementor-widget elementor-widget-text-editor\" data-id=\"hqkdc67p\" data-element_type=\"widget\" data-e-type=\"widget\" data-widget_type=\"text-editor.default\">\n\t\t\t\t\t\t\t\t\t<p>De viktigaste aspekterna av Hel i sammandrag. Tabellen sammanfattar ursprung, funktion, utseende, v\u00f6rdnad, symboler och paralleller.<\/p>\t\t\t\t\t\t\t\t<\/div>\n\t\t\t\t<\/div>\n\t\t<div class=\"elementor-element elementor-element-pemmx7c5 e-con-full e-flex e-con e-child\" data-id=\"pemmx7c5\" data-element_type=\"container\" data-e-type=\"container\">\n\t\t<div class=\"elementor-element elementor-element-pemmx7c1 e-con-full e-flex e-con e-child\" data-id=\"pemmx7c1\" data-element_type=\"container\" data-e-type=\"container\">\n\t\t<div class=\"elementor-element elementor-element-qh9oavvu iwg-steckbrief-card e-flex e-con-boxed e-con e-child\" data-id=\"qh9oavvu\" data-element_type=\"container\" data-e-type=\"container\">\n\t\t\t\t\t<div class=\"e-con-inner\">\n\t\t\t\t<div class=\"elementor-element elementor-element-awzx8k2k elementor-widget elementor-widget-heading\" data-id=\"awzx8k2k\" data-element_type=\"widget\" data-e-type=\"widget\" data-widget_type=\"heading.default\">\n\t\t\t\t\t<div class=\"elementor-heading-title elementor-size-default\">Kulturell kontext<\/div>\t\t\t\t<\/div>\n\t\t\t\t<div class=\"elementor-element elementor-element-x6rowhv0 elementor-widget elementor-widget-text-editor\" data-id=\"x6rowhv0\" data-element_type=\"widget\" data-e-type=\"widget\" data-widget_type=\"text-editor.default\">\n\t\t\t\t\t\t\t\t\t<p>Dotter till guden Loki och j\u00e4ttinnan Angrboda, p\u00e5 fornnordiska Angrbo\u00f0a. Loki \u00e4r sj\u00e4lv ingen gud i egentlig mening, utan en j\u00e4tte som r\u00f6r sig i asarnas gemenskap.<\/p><p>Angrboda \u00e4r en bergj\u00e4tte, moder till Loki (i vissa versioner Fafnirs, drakens, hustru); sl\u00e4kttavlorna s\u00e4ger att Loki skulle vara m\u00f6rkrets domare. Hels syskon \u00e4r Fenrisulven och Midg\u00e5rdsormen.<\/p>\t\t\t\t\t\t\t\t<\/div>\n\t\t\t\t\t<\/div>\n\t\t\t\t<\/div>\n\t\t<div class=\"elementor-element elementor-element-8e3o4kxs iwg-steckbrief-card e-flex e-con-boxed e-con e-child\" data-id=\"8e3o4kxs\" data-element_type=\"container\" data-e-type=\"container\">\n\t\t\t\t\t<div class=\"e-con-inner\">\n\t\t\t\t<div class=\"elementor-element elementor-element-08rkdgov elementor-widget elementor-widget-heading\" data-id=\"08rkdgov\" data-element_type=\"widget\" data-e-type=\"widget\" data-widget_type=\"heading.default\">\n\t\t\t\t\t<div class=\"elementor-heading-title elementor-size-default\">Hels funktion<\/div>\t\t\t\t<\/div>\n\t\t\t\t<div class=\"elementor-element elementor-element-uwjelx8s elementor-widget elementor-widget-text-editor\" data-id=\"uwjelx8s\" data-element_type=\"widget\" data-e-type=\"widget\" data-widget_type=\"text-editor.default\">\n\t\t\t\t\t\t\t\t\t<p>H\u00e4rskarinna \u00f6ver d\u00f6dsriket Helheim. Hon tar emot och f\u00f6rvaltar sj\u00e4larna hos dem som inte d\u00f6tt i strid. Hon \u00e4r inte en domare utan en f\u00f6rvaltare av den kosmiska ordningen. Hon vaktar Helheims gr\u00e4nser och till\u00e5ter ingen \u00e5terv\u00e4ndo, om inte gudarna eller andra makter uttryckligen medger det.<\/p>\t\t\t\t\t\t\t\t<\/div>\n\t\t\t\t\t<\/div>\n\t\t\t\t<\/div>\n\t\t<div class=\"elementor-element elementor-element-jm2n74ec iwg-steckbrief-card e-flex e-con-boxed e-con e-child\" data-id=\"jm2n74ec\" data-element_type=\"container\" data-e-type=\"container\">\n\t\t\t\t\t<div class=\"e-con-inner\">\n\t\t\t\t<div class=\"elementor-element elementor-element-8vufse4c elementor-widget elementor-widget-heading\" data-id=\"8vufse4c\" data-element_type=\"widget\" data-e-type=\"widget\" data-widget_type=\"heading.default\">\n\t\t\t\t\t<div class=\"elementor-heading-title elementor-size-default\">Utseende<\/div>\t\t\t\t<\/div>\n\t\t\t\t<div class=\"elementor-element elementor-element-mwb9u015 elementor-widget elementor-widget-text-editor\" data-id=\"mwb9u015\" data-element_type=\"widget\" data-e-type=\"widget\" data-widget_type=\"text-editor.default\">\n\t\t\t\t\t\t\t\t\t<p>Halvt levande, halvt f\u00f6rmultnad. Den ena kroppshalvan \u00e4r blomstrande och rosig, den andra \u00e4r bl\u00e5svullen och svart som k\u00f6tt l\u00e4nge efter d\u00f6den. Svarta eller m\u00f6rkgr\u00f6na dr\u00e4kter. \u00d6gon utan v\u00e4rme, men \u00e4ven utan ondska, outt\u00f6mligt neutrala. Hon b\u00e4r ofta en krona eller ett diadem av ben.<\/p>\t\t\t\t\t\t\t\t<\/div>\n\t\t\t\t\t<\/div>\n\t\t\t\t<\/div>\n\t\t\t\t<\/div>\n\t\t<div class=\"elementor-element elementor-element-pemmx7c2 e-con-full e-flex e-con e-child\" data-id=\"pemmx7c2\" data-element_type=\"container\" data-e-type=\"container\">\n\t\t<div class=\"elementor-element elementor-element-37ss2yr6 iwg-steckbrief-card e-flex e-con-boxed e-con e-child\" data-id=\"37ss2yr6\" data-element_type=\"container\" data-e-type=\"container\">\n\t\t\t\t\t<div class=\"e-con-inner\">\n\t\t\t\t<div class=\"elementor-element elementor-element-3v0wp3wx elementor-widget elementor-widget-heading\" data-id=\"3v0wp3wx\" data-element_type=\"widget\" data-e-type=\"widget\" data-widget_type=\"heading.default\">\n\t\t\t\t\t<h2 class=\"elementor-heading-title elementor-size-default\">Hels v\u00f6rdnad<\/h2>\t\t\t\t<\/div>\n\t\t\t\t<div class=\"elementor-element elementor-element-w3247g2m elementor-widget elementor-widget-text-editor\" data-id=\"w3247g2m\" data-element_type=\"widget\" data-e-type=\"widget\" data-widget_type=\"text-editor.default\">\n\t\t\t\t\t\t\t\t\t<p>Hel var ingen popul\u00e4r <span class=\"iwg-fachbegriff\" data-tooltip=\"Summan av de religi\u00f6sa v\u00f6rdnadshandlingar som \u00e4gnas en gudom eller helig gestalt.\" tabindex=\"0\">kult<\/span>&#8211;<span class=\"iwg-fachbegriff\" data-tooltip=\"Ett v\u00e4sen som v\u00f6rdas som gudomligt inom en religion.\" tabindex=\"0\">gudom<\/span> i betydelsen tempel eller regelbundna h\u00f6gtider. Hon \u00e5kallades dock vid begravningsritualer och n\u00e4mndes i sagor och eder.<\/p><p>Vid d\u00f6dsaningar eller sorg kunde kvinnor och pr\u00e4stinnor rikta b\u00f6ner till Hel f\u00f6r att be om ett fridfullt intr\u00e4de i d\u00f6dsriket. I skaldediktningen anv\u00e4ndes Hel metaforiskt f\u00f6r d\u00f6dsfruktan och det f\u00f6rflutna. Inga s\u00e4rskilda offerg\u00e5vor \u00e4r belagda.<\/p>\t\t\t\t\t\t\t\t<\/div>\n\t\t\t\t\t<\/div>\n\t\t\t\t<\/div>\n\t\t<div class=\"elementor-element elementor-element-0qpjal9w iwg-steckbrief-card e-flex e-con-boxed e-con e-child\" data-id=\"0qpjal9w\" data-element_type=\"container\" data-e-type=\"container\">\n\t\t\t\t\t<div class=\"e-con-inner\">\n\t\t\t\t<div class=\"elementor-element elementor-element-6ndoih0o elementor-widget elementor-widget-heading\" data-id=\"6ndoih0o\" data-element_type=\"widget\" data-e-type=\"widget\" data-widget_type=\"heading.default\">\n\t\t\t\t\t<h2 class=\"elementor-heading-title elementor-size-default\">Hels symboler<\/h2>\t\t\t\t<\/div>\n\t\t\t\t<div class=\"elementor-element elementor-element-6684tyh9 elementor-widget elementor-widget-text-editor\" data-id=\"6684tyh9\" data-element_type=\"widget\" data-e-type=\"widget\" data-widget_type=\"text-editor.default\">\n\t\t\t\t\t\t\t\t\t<p>Ett ansikte delat i tv\u00e5 halvor, svarta dr\u00e4kter, hunden Garm (v\u00e4ktare vid Helheim), bron <em>Gjallarbru<\/em> (klangbron \u00f6ver floden <em>Gjoll<\/em>), hallen <em>Eljudnir<\/em>, bordet <em>Hungerh\u00f6rde<\/em> (hungersn\u00f6d), skeden <em>Slaegr<\/em> (tr\u00f6ghet).<\/p>\t\t\t\t\t\t\t\t<\/div>\n\t\t\t\t\t<\/div>\n\t\t\t\t<\/div>\n\t\t<div class=\"elementor-element elementor-element-3lfi7x32 iwg-steckbrief-card e-flex e-con-boxed e-con e-child\" data-id=\"3lfi7x32\" data-element_type=\"container\" data-e-type=\"container\">\n\t\t\t\t\t<div class=\"e-con-inner\">\n\t\t\t\t<div class=\"elementor-element elementor-element-0kg99ga1 elementor-widget elementor-widget-heading\" data-id=\"0kg99ga1\" data-element_type=\"widget\" data-e-type=\"widget\" data-widget_type=\"heading.default\">\n\t\t\t\t\t<div class=\"elementor-heading-title elementor-size-default\">Motsvarigheter<\/div>\t\t\t\t<\/div>\n\t\t\t\t<div class=\"elementor-element elementor-element-n0fum6kp elementor-widget elementor-widget-text-editor\" data-id=\"n0fum6kp\" data-element_type=\"widget\" data-e-type=\"widget\" data-widget_type=\"text-editor.default\">\n\t\t\t\t\t\t\t\t\t<p>Hades (Grekland, funktionellt liknande men manlig), Ereshkigal (Mesopotamien, \u00e4ven en kvinnlig underjordsh\u00e4rskarinna), Yamaraja (hinduismen, neutral f\u00f6rvaltare av d\u00f6dsriket), Persefone (Grekland, ambivalent aspekt av liv och d\u00f6d), Hekate (Grekland, tr\u00f6skelfunktion), Mictecacihuatl (aztekisk, h\u00e4rskarinna \u00f6ver d\u00f6dsriket, kvinnlig).<\/p>\t\t\t\t\t\t\t\t<\/div>\n\t\t\t\t\t<\/div>\n\t\t\t\t<\/div>\n\t\t\t\t<\/div>\n\t\t\t\t<\/div>\n\t\t\t\t\t<\/div>\n\t\t\t\t<\/div>\n\t\t<div class=\"elementor-element elementor-element-7533bc7a e-flex e-con-boxed e-con e-parent\" data-id=\"7533bc7a\" data-element_type=\"container\" data-e-type=\"container\">\n\t\t\t\t\t<div class=\"e-con-inner\">\n\t\t\t\t<div class=\"elementor-element elementor-element-2447d18d elementor-widget elementor-widget-heading\" data-id=\"2447d18d\" data-element_type=\"widget\" data-e-type=\"widget\" data-widget_type=\"heading.default\">\n\t\t\t\t\t<h2 class=\"elementor-heading-title elementor-size-default\">Mytiska roller och ber\u00e4ttelser<\/h2>\t\t\t\t<\/div>\n\t\t<div class=\"elementor-element elementor-element-d5d0260c e-con-full e-flex e-con e-child\" data-id=\"d5d0260c\" data-element_type=\"container\" data-e-type=\"container\">\n\t\t\t\t<div class=\"elementor-element elementor-element-341be2ac elementor-widget elementor-widget-text-editor\" data-id=\"341be2ac\" data-element_type=\"widget\" data-e-type=\"widget\" data-widget_type=\"text-editor.default\">\n\t\t\t\t\t\t\t\t\t<p><strong>Bortf\u00f6randet av Balder och Hels l\u00f6fte<\/strong><\/p><p>Den mest k\u00e4nda ber\u00e4ttelsen d\u00e4r Hel spelar en central roll \u00e4r Balders d\u00f6d, den sk\u00f6naste av alla gudar. Loki lurar den blinde guden H\u00f6der att kasta en misteltenskvist p\u00e5 Balder, det enda \u00e4mne som kunde skada honom, eftersom alla andra varelser och ting hade lovat att inte skada honom.<\/p><p>Balder d\u00f6r och faller ner i Hels rike. Gudarna s\u00e4nder Hermod, Odens budb\u00e4rare, ner p\u00e5 Sleipnir (Odens \u00e5ttafotade h\u00e4st) f\u00f6r att be Hel om Balders \u00e5terkomst.<\/p><p>Hel lovar: Balder f\u00e5r \u00e5terv\u00e4nda om alla levande varelser gr\u00e5ter \u00f6ver honom. N\u00e4stan allt gr\u00e5ter, gudar, m\u00e4nniskor, djur, stenar. Bara den gamla j\u00e4ttekvinnan <em>Thokk<\/em> (eller Loki i f\u00f6rkl\u00e4dnad) v\u00e4grar gr\u00e5ta.<\/p><p>D\u00e4rf\u00f6r beh\u00e5ller Hel Balder hos sig. Denna <span class=\"iwg-fachbegriff\" data-tooltip=\"En traderad ber\u00e4ttelse om gudar, ursprung och v\u00e4rldens ordning.\" tabindex=\"0\">myt<\/span> visar Hel som omutlig och obeveklig: hennes makt \u00f6ver d\u00f6den \u00e4r st\u00f6rre \u00e4n gudarnas egen makt.<\/p><p><strong>Hel i V\u00f6lusp\u00e1 (Underg\u00e5ngen)<\/strong><\/p><p>I den apokalyptiska visionen <em>V\u00f6lusp\u00e1<\/em> tr\u00e4der Hel fram under de sista dagarna, n\u00e4r ordningen bryter samman. Hallen Eljudnir l\u00f6ses upp, de d\u00f6da viskar inf\u00f6r Ragnar\u00f6k. Hon sj\u00e4lv beskrivs inte som en krigare, utan som en kraft som fl\u00f6dar samman med kaosmakterna.<\/p>\t\t\t\t\t\t\t\t<\/div>\n\t\t\t\t<\/div>\n\t\t\t\t\t<\/div>\n\t\t\t\t<\/div>\n\t\t<div class=\"elementor-element elementor-element-5a584676 e-flex e-con-boxed e-con e-parent\" data-id=\"5a584676\" data-element_type=\"container\" data-e-type=\"container\">\n\t\t\t\t\t<div class=\"e-con-inner\">\n\t\t\t\t<div class=\"elementor-element elementor-element-6d0757bf elementor-widget elementor-widget-heading\" data-id=\"6d0757bf\" data-element_type=\"widget\" data-e-type=\"widget\" data-widget_type=\"heading.default\">\n\t\t\t\t\t<h2 class=\"elementor-heading-title elementor-size-default\">Hel, paralleller i andra kulturer<\/h2>\t\t\t\t<\/div>\n\t\t<div class=\"elementor-element elementor-element-60563f68 e-con-full e-flex e-con e-child\" data-id=\"60563f68\" data-element_type=\"container\" data-e-type=\"container\">\n\t\t\t\t<div class=\"elementor-element elementor-element-5a93fdd6 elementor-widget elementor-widget-text-editor\" data-id=\"5a93fdd6\" data-element_type=\"widget\" data-e-type=\"widget\" data-widget_type=\"text-editor.default\">\n\t\t\t\t\t\t\t\t\t<p><strong>Grekisk tradition:<\/strong> Hades (den manlige h\u00e4rskaren \u00f6ver underjorden) delar med Hel funktionen som f\u00f6rvaltare och neutral kraft. Till skillnad fr\u00e5n Hel finns hos Hades \u00e4ven moraliska domar och hierarkier (Furierna, Elysion kontra Tartaros). Helheim har ingen s\u00e5dan \u00e5tskillnad, det \u00e4r till f\u00f6r alla d\u00f6da utan sj\u00e4ladom.<\/p><p><strong>Mesopotamisk tradition:<\/strong> Ereshkigal (h\u00e4rskarinna \u00f6ver underjorden Irkalla, kvinnlig som Hel) uppvisar en liknande neutralitet. Ber\u00e4ttelsen om Inannas nedstigning till Ereshkigal har strukturella paralleller till Balder-ber\u00e4ttelsen: en m\u00e4ktig gestalt f\u00f6rs ner till en kvinnlig underjordsh\u00e4rskarinna och \u00e5terv\u00e4nder (delvis), men villkoren \u00e4r obevekliga.<\/p><p><strong>Egyptisk tradition:<\/strong> Osiris \u00e4r snarare en r\u00e4ttvis domare \u00e4n en ren f\u00f6rvaltare; Anubis \u00e4r snarare en ledsagare. Hel f\u00f6renar b\u00e5da funktionerna, utan det moraliskt-juridiska skiktet.<\/p><p><strong>Hinduistisk tradition:<\/strong> Yamaraja (h\u00e4rskare \u00f6ver d\u00f6dsriket Yamaloka) delar med Hel neutraliteten och oundvikligheten. Till skillnad fr\u00e5n Hel \u00e4r Yamaraja dock inte platsbunden, utan bes\u00f6ker regelbundet v\u00e4rlden.<\/p><p><strong>Keltisk tradition:<\/strong> Banshee och andra bortomv\u00e4rldsliga gestalter \u00e4r snarare bundsf\u00f6rvanter \u00e4n h\u00e4rskarinnor. Gwydion och den keltiska underjorden Annwn \u00e4r mindre personifierade \u00e4n Hels helt konkreta gestalt.<\/p>\t\t\t\t\t\t\t\t<\/div>\n\t\t\t\t<\/div>\n\t\t\t\t\t<\/div>\n\t\t\t\t<\/div>\n\t\t<div class=\"elementor-element elementor-element-x7christ e-flex e-con-boxed e-con e-parent\" data-id=\"x7christ\" data-element_type=\"container\" data-e-type=\"container\">\n\t\t\t\t\t<div class=\"e-con-inner\">\n\t\t\t\t<div class=\"elementor-element elementor-element-xh7chris elementor-widget elementor-widget-heading\" data-id=\"xh7chris\" data-element_type=\"widget\" data-e-type=\"widget\" data-widget_type=\"heading.default\">\n\t\t\t\t\t<h2 class=\"elementor-heading-title elementor-size-default\">Kristen reception och etymologi<\/h2>\t\t\t\t<\/div>\n\t\t<div class=\"elementor-element elementor-element-xc7chris e-flex e-con-boxed e-con e-parent\" data-id=\"xc7chris\" data-element_type=\"container\" data-e-type=\"container\">\n\t\t\t\t\t<div class=\"e-con-inner\">\n\t\t<div class=\"elementor-element elementor-element-bw-xt7chris-3ec7bf9 e-flex e-con-boxed e-con e-parent\" data-id=\"bw-xt7chris-3ec7bf9\" data-element_type=\"container\" data-e-type=\"container\" data-settings=\"{&quot;background_background&quot;:&quot;classic&quot;}\">\n\t\t\t\t\t<div class=\"e-con-inner\">\n\t\t\t\t<div class=\"elementor-element elementor-element-xt7chris elementor-widget elementor-widget-text-editor\" data-id=\"xt7chris\" data-element_type=\"widget\" data-e-type=\"widget\" data-widget_type=\"text-editor.default\">\n\t\t\t\t\t\t\t\t\t<p>Med kristnandet av Skandinavien och Tyskland (fr\u00e5n cirka 1000 e.Kr.) blev den hedniska Hel och hennes rike Helheim en metafor f\u00f6r det kristna helvetet. Isl\u00e4ndska predikotexter och predikningar fr\u00e5n 1100- till 1300-talet talar om &#8221;Helheim&#8221; som helvete, om Hels s\u00e4ndebud eller demoner som helvetets krigare.<\/p><p>Det fornnordiska namnet Hel (den dolda, den h\u00f6ljande) omtolkades till engelskans &#8221;Hell&#8221; och medelh\u00f6gtyskans &#8221;H\u00f6lle&#8221;. De etymologiska sambanden \u00e4r omtvistade, men den semantiska likst\u00e4llningen \u00e4r belagd i k\u00e4llorna. Namnet Hel genomgick d\u00e4rmed en f\u00f6rvandling fr\u00e5n en kosmisk kraft till en symbol f\u00f6r f\u00f6rd\u00f6melse.<\/p>\t\t\t\t\t\t\t\t<\/div>\n\t\t\t\t\t<\/div>\n\t\t\t\t<\/div>\n\t\t\t\t\t<\/div>\n\t\t\t\t<\/div>\n\t\t\t\t\t<\/div>\n\t\t\t\t<\/div>\n\t\t<div class=\"elementor-element elementor-element-cp0b073d2 e-flex e-con-boxed e-con e-parent\" data-id=\"cp0b073d2\" data-element_type=\"container\" data-e-type=\"container\">\n\t\t\t\t\t<div class=\"e-con-inner\">\n\t\t\t\t<div class=\"elementor-element elementor-element-cpf67e00b elementor-widget elementor-widget-heading\" data-id=\"cpf67e00b\" data-element_type=\"widget\" data-e-type=\"widget\" data-widget_type=\"heading.default\">\n\t\t\t\t\t<h2 class=\"elementor-heading-title elementor-size-default\">K\u00e4ll\u00e4get: Snorri Sturluson och problemet med systematisering<\/h2>\t\t\t\t<\/div>\n\t\t<div class=\"elementor-element elementor-element-cp0693fe8 e-con-full e-flex e-con e-child\" data-id=\"cp0693fe8\" data-element_type=\"container\" data-e-type=\"container\">\n\t\t\t\t<div class=\"elementor-element elementor-element-cp416dfe3 elementor-widget elementor-widget-text-editor\" data-id=\"cp416dfe3\" data-element_type=\"widget\" data-e-type=\"widget\" data-widget_type=\"text-editor.default\">\n\t\t\t\t\t\t\t\t\t<p>N\u00e4stan allt som g\u00e4ller som en sammanh\u00e4ngande bild av d\u00f6dsgudinnan Hel h\u00e4rstammar fr\u00e5n en enda k\u00e4lla: <em>Prosa-Eddan<\/em>, f\u00f6rfattad av den isl\u00e4ndske l\u00e4rde och politikern Snorri Sturluson i b\u00f6rjan av trettonhundratalet.<\/p><p>I <em>Gylfaginning<\/em> beskriver Snorri Hel som dotter till Loke och j\u00e4ttinnan Angrboda, som syster till Fenrisulven och Midg\u00e5rdsormen, halvt m\u00f6rk och halvt av vanlig hudf\u00e4rg, och han ber\u00e4ttar hur Oden kastade henne ner i underjorden och gav henne makt \u00f6ver alla som d\u00f6r av sjukdom och \u00e5lderdom.<\/p><p>Denna sammanh\u00e4ngande framst\u00e4llning b\u00f6r l\u00e4sas med f\u00f6rsiktighet. Snorri skrev mer \u00e4n tv\u00e5 \u00e5rhundraden efter Islands kristnande. Han var en kristet bildad f\u00f6rfattare som ville ordna, f\u00f6rklara och ge litter\u00e4r form \u00e5t det hedniska materialet.<\/p><p>Forskningen har l\u00e4nge diskuterat hur mycket av Snorris Hel som g\u00e5r tillbaka p\u00e5 gammal <span class=\"iwg-fachbegriff\" data-tooltip=\"Vidaref\u00f6randet av kunskap och ber\u00e4ttelser genom generationer.\" tabindex=\"0\">tradition<\/span> och hur mycket som \u00e4r hans egen systematisering, m\u00f6jligen p\u00e5verkad av den kristna helvetesf\u00f6rest\u00e4llning som redan fanns inbyggd i det fornnordiska ordet <em>hel<\/em>.<\/p><p>De \u00e4ldre k\u00e4llorna, s\u00e5ngerna i <em>Den poetiska Eddan<\/em> och skaldediktningen, k\u00e4nner visserligen till <em>hel<\/em>, men oftast snarare som ett platsnamn f\u00f6r d\u00f6dsriket \u00e4n som en utarbetad gudinnegestalt. Uttrycket att &#8221;fara till Hel&#8221; betyder till en b\u00f6rjan helt enkelt &#8221;att d\u00f6&#8221;.<\/p><p>Huruvida det bakom platsen redan fr\u00e5n b\u00f6rjan fanns en personifierad h\u00e4rskarinna, eller om personifikationen byggdes ut i efterhand, g\u00e5r inte att avg\u00f6ra med s\u00e4kerhet. Den som talar om Hel b\u00f6r alltid n\u00e4mna denna os\u00e4kerhet i k\u00e4ll\u00e4get.<\/p>\t\t\t\t\t\t\t\t<\/div>\n\t\t\t\t<\/div>\n\t\t\t\t\t<\/div>\n\t\t\t\t<\/div>\n\t\t<div class=\"elementor-element elementor-element-cpf6b53aa e-flex e-con-boxed e-con e-parent\" data-id=\"cpf6b53aa\" data-element_type=\"container\" data-e-type=\"container\">\n\t\t\t\t\t<div class=\"e-con-inner\">\n\t\t\t\t<div class=\"elementor-element elementor-element-cpc38a2ff elementor-widget elementor-widget-heading\" data-id=\"cpc38a2ff\" data-element_type=\"widget\" data-e-type=\"widget\" data-widget_type=\"heading.default\">\n\t\t\t\t\t<h2 class=\"elementor-heading-title elementor-size-default\">Baldrs d\u00f6d och Hels villkor<\/h2>\t\t\t\t<\/div>\n\t\t<div class=\"elementor-element elementor-element-cpe54e75f e-con-full e-flex e-con e-child\" data-id=\"cpe54e75f\" data-element_type=\"container\" data-e-type=\"container\">\n\t\t\t\t<div class=\"elementor-element elementor-element-cp9254066 elementor-widget elementor-widget-text-editor\" data-id=\"cp9254066\" data-element_type=\"widget\" data-e-type=\"widget\" data-widget_type=\"text-editor.default\">\n\t\t\t\t\t\t\t\t\t<p>Den viktigaste sammanh\u00e4ngande ber\u00e4ttelsen d\u00e4r Hel upptr\u00e4der som handlande figur \u00e4r <span class=\"iwg-fachbegriff\" data-tooltip=\"En \u00f6verl\u00e4mnad ber\u00e4ttelse om gudar, ursprung och v\u00e4rldens ordning.\" tabindex=\"0\">myten<\/span> om guden Baldrs d\u00f6d, \u00f6verl\u00e4mnad i Snorris <em>Gylfaginning<\/em>.<\/p><p>Baldr, Odens vackra och \u00e4lskade son, d\u00f6das genom en list av Loki: Den blinde guden H\u00f6d (H\u00f6\u00f0r), ledd av Loki, slungar en mistelkvist mot honom, det enda som inte hade svurit att skona Baldr.<\/p><p>Baldr d\u00f6r och far ner till Hels rike.<\/p><p>Gudarna vill h\u00e4mta honom tillbaka. Budb\u00e4raren Hermod (Herm\u00f3\u00f0r) rider p\u00e5 Odens h\u00e4st Sleipnir i nio n\u00e4tter genom m\u00f6rka dalar fram till porten till Hels v\u00e4rld. D\u00e4r finner han Baldr sittande p\u00e5 en hedersplats och ber Hel att frige honom.<\/p><p>Hel st\u00e4ller ett villkor: Om verkligen allt i v\u00e4rlden, levande och d\u00f6tt, gr\u00e5ter \u00f6ver Baldr, ska han f\u00e5 \u00e5terv\u00e4nda; gr\u00e5ter inte ens en enda sak, f\u00f6rblir han hos henne.<\/p><p>Gudarna s\u00e4nder budb\u00e4rare till hela v\u00e4rlden, och allt gr\u00e5ter, m\u00e4nniskor, djur, stenar och tr\u00e4d. Bara en j\u00e4ttekvinna vid namn Th\u00f6kk (\u00de\u00f6kk), som ber\u00e4ttelsen antyder \u00e4r Loki, v\u00e4grar. D\u00e4rmed f\u00f6rblir Baldr i Hels rike till v\u00e4rldens underg\u00e5ng.<\/p><p>I detta avsnitt blir Hels karakt\u00e4r synlig. Hon \u00e4r inte grym och inte listig; hon f\u00f6rhandlar, hon h\u00e5ller sig till villkor, hon behandlar Baldr med heder. Men hon ger ingenting utan motprestation, och hennes villkor \u00e4r utformat s\u00e5 att ett enda motst\u00e5nd r\u00e4cker f\u00f6r att f\u00e5 det att misslyckas.<\/p><p>Hel f\u00f6rkroppsligar d\u00f6dens of\u00f6rhandlingsbarhet i formen av en f\u00f6rhandling som n\u00e4stan lyckas. Ber\u00e4ttelsen ing\u00e5r samtidigt i den stora b\u00e5gen av nordisk <span class=\"iwg-fachbegriff\" data-tooltip=\"Summan av en kulturs \u00f6verl\u00e4mnade gudaber\u00e4ttelser.\" tabindex=\"0\">mytologi<\/span>, eftersom Baldrs d\u00f6d anses vara det f\u00f6rsta tecknet p\u00e5 det annalkande <a href=\"https:\/\/iwell-guard.com\/sv\/ragnarok-varldens-undergang-nordisk-mytologi\/\">Ragnar\u00f6k<\/a>.<\/p>\t\t\t\t\t\t\t\t<\/div>\n\t\t\t\t<\/div>\n\t\t\t\t\t<\/div>\n\t\t\t\t<\/div>\n\t\t<div class=\"elementor-element elementor-element-cp3ad9077 e-flex e-con-boxed e-con e-parent\" data-id=\"cp3ad9077\" data-element_type=\"container\" data-e-type=\"container\">\n\t\t\t\t\t<div class=\"e-con-inner\">\n\t\t\t\t<div class=\"elementor-element elementor-element-cp023632b elementor-widget elementor-widget-heading\" data-id=\"cp023632b\" data-element_type=\"widget\" data-e-type=\"widget\" data-widget_type=\"heading.default\">\n\t\t\t\t\t<h2 class=\"elementor-heading-title elementor-size-default\">Etymologi och betydelsen av att d\u00f6lja<\/h2>\t\t\t\t<\/div>\n\t\t<div class=\"elementor-element elementor-element-cp80f1a99 e-con-full e-flex e-con e-child\" data-id=\"cp80f1a99\" data-element_type=\"container\" data-e-type=\"container\">\n\t\t\t\t<div class=\"elementor-element elementor-element-cpfa52f44 elementor-widget elementor-widget-text-editor\" data-id=\"cpfa52f44\" data-element_type=\"widget\" data-e-type=\"widget\" data-widget_type=\"text-editor.default\">\n\t\t\t\t\t\t\t\t\t<p>Namnet <em>Hel<\/em> h\u00e4rstammar fr\u00e5n en germansk rot som betyder &#8221;d\u00f6lja&#8221;, &#8221;h\u00f6lja&#8221; eller &#8221;t\u00e4cka&#8221;. Samma rot \u00e5terfinns i ord f\u00f6r det dolda och det h\u00f6ljande; p\u00e5 tyska \u00e4r &#8221;hehlen&#8221; och &#8221;verhehlen&#8221; besl\u00e4ktade, liksom &#8221;H\u00f6hle&#8221; (grotta).<\/p><p>Hel \u00e4r allts\u00e5 ursprungligen &#8221;den dolda&#8221; eller &#8221;det dolda&#8221;, och d\u00f6dsriket som b\u00e4r hennes namn \u00e4r den dolda, t\u00e4ckta plats dit de d\u00f6da g\u00e5r.<\/p><p>Denna etymologi \u00e4r religionshistoriskt upplysande, eftersom den visar att namnet i f\u00f6rsta hand betecknar en plats och ett tillst\u00e5nd, inte en person. K\u00e4rnan \u00e4r att d\u00f6lja, att vara under jorden, att vara undandragen blicken. Personifieringen som gudinnan Hel skulle d\u00e5 vara ett andra steg: den dolda platsen f\u00e5r en h\u00e4rskarinna som b\u00e4r dess namn.<\/p><p>Via det fornnordiska <em>hel<\/em> har ordet vandrat in i den kristna begreppsv\u00e4rlden. N\u00e4r de germanska spr\u00e5ken kristnades l\u00e5g det n\u00e4ra till hands att \u00f6verf\u00f6ra det befintliga ordet f\u00f6r d\u00f6dsriket till den kristna strafforten. S\u00e5 blev det germanska <em>hel<\/em> till det tyska &#8221;H\u00f6lle&#8221; och det engelska <em>hell<\/em>. Denna \u00f6verf\u00f6ring har dock f\u00f6rvr\u00e4ngt den ursprungliga f\u00f6rest\u00e4llningen.<\/p><p>Det fornnordiska Hel \u00e4r inte en plats f\u00f6r straff och pl\u00e5ga. Det \u00e4r vistelseorten f\u00f6r dem som d\u00f6r av sjukdom och \u00e5lderdom, till skillnad fr\u00e5n de som stupat i strid och kommer till Valhall.<\/p><p>Den moraliska uppdelningen i en god plats och en straffplats, som det kristna ordet f\u00f6r med sig, var fr\u00e4mmande f\u00f6r det ursprungliga Hel-begreppet. H\u00e4r finns en av de mest seglivade feltolkningarna av nordisk <span class=\"iwg-fachbegriff\" data-tooltip=\"Summan av en kulturs \u00f6verl\u00e4mnade gudaber\u00e4ttelser.\" tabindex=\"0\">mytologi<\/span>.<\/p>\t\t\t\t\t\t\t\t<\/div>\n\t\t\t\t<\/div>\n\t\t\t\t\t<\/div>\n\t\t\t\t<\/div>\n\t\t<div class=\"elementor-element elementor-element-cpfa40877 e-flex e-con-boxed e-con e-parent\" data-id=\"cpfa40877\" data-element_type=\"container\" data-e-type=\"container\">\n\t\t\t\t\t<div class=\"e-con-inner\">\n\t\t\t\t<div class=\"elementor-element elementor-element-cp10ba399 elementor-widget elementor-widget-heading\" data-id=\"cp10ba399\" data-element_type=\"widget\" data-e-type=\"widget\" data-widget_type=\"heading.default\">\n\t\t\t\t\t<h2 class=\"elementor-heading-title elementor-size-default\">Hels rike i den andra v\u00e4rldens topografi<\/h2>\t\t\t\t<\/div>\n\t\t<div class=\"elementor-element elementor-element-cp13c57a0 e-con-full e-flex e-con e-child\" data-id=\"cp13c57a0\" data-element_type=\"container\" data-e-type=\"container\">\n\t\t\t\t<div class=\"elementor-element elementor-element-cp2eea4bc elementor-widget elementor-widget-text-editor\" data-id=\"cp2eea4bc\" data-element_type=\"widget\" data-e-type=\"widget\" data-widget_type=\"text-editor.default\">\n\t\t\t\t\t\t\t\t\t<p>Hels rike \u00e4r en del av en komplex geografi \u00f6ver d\u00f6dsriket, som de fornnordiska k\u00e4llorna, framf\u00f6r allt Snorri, tecknar. Det ligger i norr och ned\u00e5t, n\u00e5bart via den l\u00e5nga, m\u00f6rka v\u00e4gen som Herm\u00f3\u00f0r f\u00e4rdas p\u00e5 i Baldr-<span class=\"iwg-fachbegriff\" data-tooltip=\"En \u00f6verlevererad ber\u00e4ttelse om gudar, ursprung och v\u00e4rldens ordning.\" tabindex=\"0\">myten<\/span>.<\/p><p>En bro \u00f6ver floden Gj\u00f6ll, vaktad av en v\u00e4ktare vid namn M\u00f3\u00f0gu\u00f0r, leder \u00f6ver; en port st\u00e4nger av riket. Snorri ger Hels boning och redskap dystra, talande namn som betecknar hunger, sjukdom och f\u00f6rfall.<\/p><p>Detta rikes plats i det \u00f6vergripande systemet \u00e4r inte helt fri fr\u00e5n mots\u00e4gelser i \u00f6verl\u00e4mningen. Vid sidan av Hel k\u00e4nner k\u00e4llorna till Valhall, hallen f\u00f6r de stupade i strid, och gudinnan Freyjas rike, som ocks\u00e5 tar emot en del av de d\u00f6da.<\/p><p>Hur dessa omr\u00e5den f\u00f6rh\u00e5ller sig till varandra och enligt vilka kriterier en d\u00f6d hamnar var, \u00e4r inte systematiskt klarlagt i k\u00e4llorna. F\u00f6rest\u00e4llningen att d\u00f6dss\u00e4ttet avg\u00f6r \u00f6det i d\u00f6dsriket \u00e4r den vanligaste, men den t\u00e4cker inte alla bel\u00e4gg.<\/p><p>Dessutom finns platsen N\u00e1str\u00f6nd, &#8221;likstranden&#8221;, som <em>V\u00f6lusp\u00e1<\/em> beskriver, en hall byggd av fl\u00e4tade ormar, d\u00e4r edbrytare och m\u00f6rdare lider. Om denna straffplats h\u00f6r till Hels rike eller \u00e4r ett eget omr\u00e5de diskuteras inom forskningen; n\u00e5gra ser h\u00e4r redan kristet inflytande.<\/p><p>Den fornnordiska f\u00f6rest\u00e4llningen om d\u00f6dsriket \u00e4r allts\u00e5 inget slutet system, utan snarare en samling bilder fr\u00e5n olika tider och trakter sida vid sida, som de medeltida samlarna bara ofullst\u00e4ndigt harmoniserade. Hels rike \u00e4r d\u00e4ri det st\u00f6rsta och mest allm\u00e4nna omr\u00e5det, platsen f\u00f6r den vanliga, oskyldiga d\u00f6den.<\/p>\t\t\t\t\t\t\t\t<\/div>\n\t\t\t\t<\/div>\n\t\t\t\t\t<\/div>\n\t\t\t\t<\/div>\n\t\t<div class=\"elementor-element elementor-element-36dd7469 e-flex e-con-boxed e-con e-parent\" data-id=\"36dd7469\" data-element_type=\"container\" data-e-type=\"container\">\n\t\t\t\t\t<div class=\"e-con-inner\">\n\t\t\t\t<div class=\"elementor-element elementor-element-13760ab4 elementor-widget elementor-widget-heading\" data-id=\"13760ab4\" data-element_type=\"widget\" data-e-type=\"widget\" data-widget_type=\"heading.default\">\n\t\t\t\t\t<h2 class=\"elementor-heading-title elementor-size-default\">Vidare l\u00e4nkar<\/h2>\t\t\t\t<\/div>\n\t\t<div class=\"elementor-element elementor-element-28c87796 e-con-full e-flex e-con e-child\" data-id=\"28c87796\" data-element_type=\"container\" data-e-type=\"container\">\n\t\t\t\t<\/div>\n\t\t\t\t\t<\/div>\n\t\t\t\t<\/div>\n\t\t<div class=\"elementor-element elementor-element-grl4kl40 e-flex e-con-boxed e-con e-parent\" data-id=\"grl4kl40\" data-element_type=\"container\" data-e-type=\"container\">\n\t\t\t\t\t<div class=\"e-con-inner\">\n\t\t\t\t<div class=\"elementor-element elementor-element-bzsbfrmh elementor-widget elementor-widget-heading\" data-id=\"bzsbfrmh\" data-element_type=\"widget\" data-e-type=\"widget\" data-widget_type=\"heading.default\">\n\t\t\t\t\t<h2 class=\"elementor-heading-title elementor-size-default\">Litteratur (urval)<\/h2>\t\t\t\t<\/div>\n\t\t<div class=\"elementor-element elementor-element-2c13224a e-con-full e-flex e-con e-child\" data-id=\"2c13224a\" data-element_type=\"container\" data-e-type=\"container\">\n\t\t\t\t<div class=\"elementor-element elementor-element-0eymh9ub elementor-widget elementor-widget-text-editor\" data-id=\"0eymh9ub\" data-element_type=\"widget\" data-e-type=\"widget\" data-widget_type=\"text-editor.default\">\n\t\t\t\t\t\t\t\t\t<footer class=\"iwg-literatur\" data-nosnippet=\"true\"><ul><li><span data-nosnippet>Sturluson, Snorri: <em>Die Snorra-Edda<\/em> (Gylfaginning, Kap. 34 und 49). \u00dcbers. v. Felix Niedner. Diederichs, 1912 (viele Neuauflagen).<\/span><\/li><li><span data-nosnippet><em>Die Lieder-Edda<\/em> (Voluspa, Vafthrudnismal, Baldrs draumar). \u00dcbers. v. Felix Niedner. Diederichs, 1912.<\/span><\/li><li><span data-nosnippet>Saxo Grammaticus: <em>Gesta Danorum<\/em> (Books 1-9). Transl. Peter Fisher. Brewer, 1979.<\/span><\/li><li><span data-nosnippet>Turville-Petre, E.O.G.: <em>Myth and Religion of the North: The Religion of Ancient Scandinavia<\/em>. Greenwood Press, 1975.<\/span><\/li><li><span data-nosnippet>Simek, Rudolf: <em>W\u00f6rterbuch der Klassischen Altnordischen <span class=\"iwg-fachbegriff\" data-tooltip=\"Den samlade m\u00e4ngden \u00f6verl\u00e4mnade gudaber\u00e4ttelser inom en kultur.\" tabindex=\"0\">Mythologie<\/span><\/em>. Kr\u00f6ner, 1984 (Lemma &#8221;Hel&#8221;).<\/span><\/li><li><span data-nosnippet>MacLeod, Mindy and Mees, Bernard: <em>Runic Amulets and Magic Objects<\/em>. Boydell Press, 2006.<\/span><\/li><li>Schrader, Lutz und Geuenich, Dieter (Hg.): <em>Reallexikon der Germanischen Altertumskunde<\/em>, Bd. 14 (Lemma &#8221;Unterwelt&#8221;).<\/li><\/ul><\/footer>\t\t\t\t\t\t\t\t<\/div>\n\t\t\t\t<\/div>\n\t\t\t\t\t<\/div>\n\t\t\t\t<\/div>\n\t\t\t\t<\/div>\n\t\t","protected":false},"excerpt":{"rendered":"","protected":false},"author":3,"featured_media":1721,"parent":0,"menu_order":0,"comment_status":"closed","ping_status":"closed","template":"elementor_header_footer","meta":{"_yoast_wpseo_focuskw":"Hel","_yoast_wpseo_title":"Hel \u2013 H\u00e4rskarinna \u00f6ver underjorden, germansk d\u00f6dsgudinna","_yoast_wpseo_metadesc":"Hel: Halvt levande, halvt f\u00f6rmultnad. Balders lidande, mytologi, kristnandet och germansk eskatologi i ny belysning.","_yoast_wpseo_meta-robots-noindex":"","_yoast_wpseo_canonical":"","_angie_page":false,"gefaehrdungsstufe":"3","wesen_kultur":"germanisch","wesen_klasse":"goetter","footnotes":""},"categories":[],"class_list":["post-136623","page","type-page","status-publish","has-post-thumbnail","hentry"],"yoast_head":"<!-- This site is optimized with the Yoast SEO Premium plugin v27.7 (Yoast SEO v28.3) - https:\/\/yoast.com\/product\/yoast-seo-premium-wordpress\/ -->\n<title>Hel \u2013 H\u00e4rskarinna \u00f6ver underjorden, germansk d\u00f6dsgudinna<\/title>\n<meta name=\"description\" content=\"Hel: Halvt levande, halvt f\u00f6rmultnad. Balders lidande, mytologi, kristnandet och germansk eskatologi i ny belysning.\" \/>\n<meta name=\"robots\" content=\"index, follow, max-snippet:-1, max-image-preview:large, max-video-preview:-1\" \/>\n<link rel=\"canonical\" href=\"https:\/\/iwell-guard.com\/sv\/hel\/\" \/>\n<meta property=\"og:locale\" content=\"sv_SE\" \/>\n<meta property=\"og:type\" content=\"article\" \/>\n<meta property=\"og:title\" content=\"Hel\" \/>\n<meta property=\"og:description\" content=\"Hel: Halvt levande, halvt f\u00f6rmultnad. Balders lidande, mytologi, kristnandet och germansk eskatologi i ny belysning.\" \/>\n<meta property=\"og:url\" content=\"https:\/\/iwell-guard.com\/sv\/hel\/\" \/>\n<meta property=\"og:site_name\" content=\"iWell Guard\" \/>\n<meta property=\"article:modified_time\" content=\"2026-09-03T01:07:38+00:00\" \/>\n<meta property=\"og:image\" content=\"https:\/\/iwell-guard.com\/wp-content\/uploads\/2026\/04\/goetter_germanisch_hel.webp\" \/>\n\t<meta property=\"og:image:width\" content=\"1024\" \/>\n\t<meta property=\"og:image:height\" content=\"1536\" \/>\n\t<meta property=\"og:image:type\" content=\"image\/webp\" \/>\n<meta name=\"twitter:card\" content=\"summary_large_image\" \/>\n<script type=\"application\/ld+json\" class=\"yoast-schema-graph\">{\"@context\":\"https:\\\/\\\/schema.org\",\"@graph\":[{\"@type\":\"WebPage\",\"@id\":\"https:\\\/\\\/iwell-guard.com\\\/sv\\\/hel\\\/\",\"url\":\"https:\\\/\\\/iwell-guard.com\\\/sv\\\/hel\\\/\",\"name\":\"Hel \u2013 H\u00e4rskarinna \u00f6ver underjorden, germansk d\u00f6dsgudinna\",\"isPartOf\":{\"@id\":\"https:\\\/\\\/iwell-guard.com\\\/sv\\\/#website\"},\"primaryImageOfPage\":{\"@id\":\"https:\\\/\\\/iwell-guard.com\\\/sv\\\/hel\\\/#primaryimage\"},\"image\":{\"@id\":\"https:\\\/\\\/iwell-guard.com\\\/sv\\\/hel\\\/#primaryimage\"},\"thumbnailUrl\":\"https:\\\/\\\/iwell-guard.com\\\/wp-content\\\/uploads\\\/2026\\\/04\\\/goetter_germanisch_hel.webp\",\"datePublished\":\"2026-09-03T00:08:36+00:00\",\"dateModified\":\"2026-09-03T01:07:38+00:00\",\"description\":\"Hel: Halvt levande, halvt f\u00f6rmultnad. Balders lidande, mytologi, kristnandet och germansk eskatologi i ny belysning.\",\"breadcrumb\":{\"@id\":\"https:\\\/\\\/iwell-guard.com\\\/sv\\\/hel\\\/#breadcrumb\"},\"inLanguage\":\"sv-SE\",\"potentialAction\":[{\"@type\":\"ReadAction\",\"target\":[\"https:\\\/\\\/iwell-guard.com\\\/sv\\\/hel\\\/\"]}]},{\"@type\":\"ImageObject\",\"inLanguage\":\"sv-SE\",\"@id\":\"https:\\\/\\\/iwell-guard.com\\\/sv\\\/hel\\\/#primaryimage\",\"url\":\"https:\\\/\\\/iwell-guard.com\\\/wp-content\\\/uploads\\\/2026\\\/04\\\/goetter_germanisch_hel.webp\",\"contentUrl\":\"https:\\\/\\\/iwell-guard.com\\\/wp-content\\\/uploads\\\/2026\\\/04\\\/goetter_germanisch_hel.webp\",\"width\":1024,\"height\":1536,\"caption\":\"Gudar fr\u00e5n den germanska traditionen.\"},{\"@type\":\"BreadcrumbList\",\"@id\":\"https:\\\/\\\/iwell-guard.com\\\/sv\\\/hel\\\/#breadcrumb\",\"itemListElement\":[{\"@type\":\"ListItem\",\"position\":1,\"name\":\"Start\",\"item\":\"https:\\\/\\\/iwell-guard.com\\\/sv\\\/?page_id=136483\"},{\"@type\":\"ListItem\",\"position\":2,\"name\":\"Hel\"}]},{\"@type\":\"WebSite\",\"@id\":\"https:\\\/\\\/iwell-guard.com\\\/sv\\\/#website\",\"url\":\"https:\\\/\\\/iwell-guard.com\\\/sv\\\/\",\"name\":\"iWell Guard\",\"description\":\"Schutz vor dunklen Einfl\u00fcssen\",\"publisher\":{\"@id\":\"https:\\\/\\\/iwell-guard.com\\\/sv\\\/#organization\"},\"potentialAction\":[{\"@type\":\"SearchAction\",\"target\":{\"@type\":\"EntryPoint\",\"urlTemplate\":\"https:\\\/\\\/iwell-guard.com\\\/sv\\\/?s={search_term_string}\"},\"query-input\":{\"@type\":\"PropertyValueSpecification\",\"valueRequired\":true,\"valueName\":\"search_term_string\"}}],\"inLanguage\":\"sv-SE\"},{\"@type\":\"Organization\",\"@id\":\"https:\\\/\\\/iwell-guard.com\\\/sv\\\/#organization\",\"name\":\"Ittermann electronic GmbH\",\"url\":\"https:\\\/\\\/iwell-guard.com\\\/sv\\\/\",\"logo\":{\"@type\":\"ImageObject\",\"inLanguage\":\"sv-SE\",\"@id\":\"https:\\\/\\\/iwell-guard.com\\\/sv\\\/#\\\/schema\\\/logo\\\/image\\\/\",\"url\":\"https:\\\/\\\/iwell-guard.com\\\/wp-content\\\/uploads\\\/2026\\\/05\\\/Ittermann-Logo-1182x237-1.png\",\"contentUrl\":\"https:\\\/\\\/iwell-guard.com\\\/wp-content\\\/uploads\\\/2026\\\/05\\\/Ittermann-Logo-1182x237-1.png\",\"width\":1182,\"height\":237,\"caption\":\"Ittermann electronic GmbH\"},\"image\":{\"@id\":\"https:\\\/\\\/iwell-guard.com\\\/sv\\\/#\\\/schema\\\/logo\\\/image\\\/\"},\"sameAs\":[\"https:\\\/\\\/pantip.com\\\/profile\\\/9367242\",\"https:\\\/\\\/micro.blog\\\/iwellguard\",\"https:\\\/\\\/www.diggerslist.com\\\/iwellguard\\\/about\",\"https:\\\/\\\/skitterphoto.com\\\/photographers\\\/2870314\\\/iwell-guard\",\"https:\\\/\\\/iwellguard.wordpress.com\\\/2026\\\/06\\\/06\\\/iwell-guard\\\/\",\"https:\\\/\\\/hub.docker.com\\\/u\\\/iwellguard\",\"https:\\\/\\\/www.pinterest.com\\\/iwellguard\\\/\",\"https:\\\/\\\/bit.ly\\\/m\\\/iwellguard\",\"https:\\\/\\\/entre-vos-mains.alsace.eu\\\/profiles\\\/iwellguard\\\/activity\",\"https:\\\/\\\/gravatar.com\\\/reallybeded8fd34\",\"https:\\\/\\\/naijamatta.com\\\/iwellguard\",\"https:\\\/\\\/www.goodreads.com\\\/iwellguard\",\"https:\\\/\\\/profile.hatena.ne.jp\\\/iwellguard\\\/\",\"https:\\\/\\\/experiment.com\\\/users\\\/iwellguard\",\"https:\\\/\\\/wakelet.com\\\/@iWellGuard82270\",\"https:\\\/\\\/www.chordie.com\\\/forum\\\/profile.php?id=2555664\",\"https:\\\/\\\/www.instapaper.com\\\/p\\\/17757966\",\"https:\\\/\\\/www.mapleprimes.com\\\/users\\\/iwellguard\",\"https:\\\/\\\/businesslistingplus.com\\\/profile\\\/iwell-guard\\\/\",\"https:\\\/\\\/telegra.ph\\\/iWell-Guard-06-06\",\"https:\\\/\\\/pbase.com\\\/iwellguard\\\/iwellguard\",\"https:\\\/\\\/b.hatena.ne.jp\\\/iwellguard\\\/20260607#bookmark-4788405196491818882\",\"https:\\\/\\\/fliphtml5.com\\\/home\\\/iwellguard\",\"https:\\\/\\\/anyflip.com\\\/homepage\\\/cmiwl#About\",\"https:\\\/\\\/transfur.com\\\/Users\\\/iwellguard\",\"http:\\\/\\\/delphi.larsbo.org\\\/user\\\/iwellguard\",\"https:\\\/\\\/jobs.lajobsportal.org\\\/profiles\\\/8380803-iwell-guard\",\"https:\\\/\\\/md.chaosdorf.de\\\/s\\\/jfbe5SBdJD\",\"https:\\\/\\\/www.lingvolive.com\\\/en-us\\\/profile\\\/9ecaeaca-ce11-4e51-9e71-01d55e2bff36\\\/translations\",\"https:\\\/\\\/www.fitday.com\\\/fitness\\\/forums\\\/members\\\/iwellguard.html\",\"https:\\\/\\\/www.mymeetbook.com\\\/iwellguard\",\"https:\\\/\\\/pxhere.com\\\/en\\\/photographer-me\\\/5040798\",\"https:\\\/\\\/disqus.com\\\/by\\\/iwellguard\\\/about\\\/\",\"https:\\\/\\\/pastelink.net\\\/hjwciqwq\",\"https:\\\/\\\/pubhtml5.com\\\/homepage\\\/scjhn\\\/\",\"https:\\\/\\\/www.bitchute.com\\\/channel\\\/2O2eOKzNqujT\",\"https:\\\/\\\/audiomack.com\\\/iwellguard\"]},{\"@type\":\"Article\",\"@id\":\"https:\\\/\\\/iwell-guard.com\\\/sv\\\/hel\\\/#article\",\"isPartOf\":{\"@id\":\"https:\\\/\\\/iwell-guard.com\\\/sv\\\/hel\\\/\"},\"author\":{\"name\":\"Ralf Ittermann\",\"@id\":\"https:\\\/\\\/iwell-guard.com\\\/sv\\\/#\\\/schema\\\/person\\\/ee2a27f1cac3406c7c6fb5820cb7349f\"},\"headline\":\"Hel\",\"datePublished\":\"2026-09-03T00:08:36+00:00\",\"dateModified\":\"2026-09-03T01:07:38+00:00\",\"mainEntityOfPage\":{\"@id\":\"https:\\\/\\\/iwell-guard.com\\\/sv\\\/hel\\\/\"},\"publisher\":{\"@id\":\"https:\\\/\\\/iwell-guard.com\\\/sv\\\/#organization\"},\"image\":{\"@id\":\"https:\\\/\\\/iwell-guard.com\\\/sv\\\/hel\\\/#primaryimage\"},\"thumbnailUrl\":\"https:\\\/\\\/iwell-guard.com\\\/wp-content\\\/uploads\\\/2026\\\/04\\\/goetter_germanisch_hel.webp\",\"inLanguage\":\"sv-SE\",\"description\":\"Hel: Halvt levande, halvt f\u00f6rmultnad. Balders lidande, mytologi, kristnandet och germansk eskatologi i ny belysning.\"}]}<\/script>\n<!-- \/ Yoast SEO Premium plugin. -->","yoast_head_json":{"title":"Hel \u2013 H\u00e4rskarinna \u00f6ver underjorden, germansk d\u00f6dsgudinna","description":"Hel: Halvt levande, halvt f\u00f6rmultnad. Balders lidande, mytologi, kristnandet och germansk eskatologi i ny belysning.","robots":{"index":"index","follow":"follow","max-snippet":"max-snippet:-1","max-image-preview":"max-image-preview:large","max-video-preview":"max-video-preview:-1"},"canonical":"https:\/\/iwell-guard.com\/sv\/hel\/","og_locale":"sv_SE","og_type":"article","og_title":"Hel","og_description":"Hel: Halvt levande, halvt f\u00f6rmultnad. Balders lidande, mytologi, kristnandet och germansk eskatologi i ny belysning.","og_url":"https:\/\/iwell-guard.com\/sv\/hel\/","og_site_name":"iWell Guard","article_modified_time":"2026-09-03T01:07:38+00:00","og_image":[{"width":1024,"height":1536,"url":"https:\/\/iwell-guard.com\/wp-content\/uploads\/2026\/04\/goetter_germanisch_hel.webp","type":"image\/webp"}],"twitter_card":"summary_large_image","schema":{"@context":"https:\/\/schema.org","@graph":[{"@type":"Article","@id":"https:\/\/iwell-guard.com\/sv\/hel\/#article","isPartOf":{"@id":"https:\/\/iwell-guard.com\/sv\/hel\/"},"author":{"name":"Ralf Ittermann","@id":"https:\/\/iwell-guard.com\/sv\/#\/schema\/person\/ee2a27f1cac3406c7c6fb5820cb7349f"},"headline":"Hel","datePublished":"2026-09-03T00:08:36+00:00","dateModified":"2026-09-03T01:07:38+00:00","mainEntityOfPage":{"@id":"https:\/\/iwell-guard.com\/sv\/hel\/"},"publisher":{"@id":"https:\/\/iwell-guard.com\/sv\/#organization"},"image":{"@id":"https:\/\/iwell-guard.com\/sv\/hel\/#primaryimage"},"thumbnailUrl":"https:\/\/iwell-guard.com\/wp-content\/uploads\/2026\/04\/goetter_germanisch_hel.webp","inLanguage":"sv-SE","description":"Hel: Halvt levande, halvt f\u00f6rmultnad. Balders lidande, mytologi, kristnandet och germansk eskatologi i ny belysning."},{"@type":"WebPage","@id":"https:\/\/iwell-guard.com\/sv\/hel\/","url":"https:\/\/iwell-guard.com\/sv\/hel\/","name":"Hel \u2013 H\u00e4rskarinna \u00f6ver underjorden, germansk d\u00f6dsgudinna","isPartOf":{"@id":"https:\/\/iwell-guard.com\/sv\/#website"},"primaryImageOfPage":{"@id":"https:\/\/iwell-guard.com\/sv\/hel\/#primaryimage"},"image":{"@id":"https:\/\/iwell-guard.com\/sv\/hel\/#primaryimage"},"thumbnailUrl":"https:\/\/iwell-guard.com\/wp-content\/uploads\/2026\/04\/goetter_germanisch_hel.webp","datePublished":"2026-09-03T00:08:36+00:00","dateModified":"2026-09-03T01:07:38+00:00","description":"Hel: Halvt levande, halvt f\u00f6rmultnad. Balders lidande, mytologi, kristnandet och germansk eskatologi i ny belysning.","breadcrumb":{"@id":"https:\/\/iwell-guard.com\/sv\/hel\/#breadcrumb"},"inLanguage":"sv-SE","potentialAction":[{"@type":"ReadAction","target":["https:\/\/iwell-guard.com\/sv\/hel\/"]}]},{"@type":"ImageObject","inLanguage":"sv-SE","@id":"https:\/\/iwell-guard.com\/sv\/hel\/#primaryimage","url":"https:\/\/iwell-guard.com\/wp-content\/uploads\/2026\/04\/goetter_germanisch_hel.webp","contentUrl":"https:\/\/iwell-guard.com\/wp-content\/uploads\/2026\/04\/goetter_germanisch_hel.webp","width":1024,"height":1536,"caption":"Gudar fr\u00e5n den germanska traditionen."},{"@type":"BreadcrumbList","@id":"https:\/\/iwell-guard.com\/sv\/hel\/#breadcrumb","itemListElement":[{"@type":"ListItem","position":1,"name":"Start","item":"https:\/\/iwell-guard.com\/sv\/?page_id=136483"},{"@type":"ListItem","position":2,"name":"Hel"}]},{"@type":"WebSite","@id":"https:\/\/iwell-guard.com\/sv\/#website","url":"https:\/\/iwell-guard.com\/sv\/","name":"iWell Guard","description":"Schutz vor dunklen Einfl\u00fcssen","publisher":{"@id":"https:\/\/iwell-guard.com\/sv\/#organization"},"potentialAction":[{"@type":"SearchAction","target":{"@type":"EntryPoint","urlTemplate":"https:\/\/iwell-guard.com\/sv\/?s={search_term_string}"},"query-input":{"@type":"PropertyValueSpecification","valueRequired":true,"valueName":"search_term_string"}}],"inLanguage":"sv-SE"},{"@type":"Organization","@id":"https:\/\/iwell-guard.com\/sv\/#organization","name":"Ittermann electronic GmbH","url":"https:\/\/iwell-guard.com\/sv\/","logo":{"@type":"ImageObject","inLanguage":"sv-SE","@id":"https:\/\/iwell-guard.com\/sv\/#\/schema\/logo\/image\/","url":"https:\/\/iwell-guard.com\/wp-content\/uploads\/2026\/05\/Ittermann-Logo-1182x237-1.png","contentUrl":"https:\/\/iwell-guard.com\/wp-content\/uploads\/2026\/05\/Ittermann-Logo-1182x237-1.png","width":1182,"height":237,"caption":"Ittermann electronic GmbH"},"image":{"@id":"https:\/\/iwell-guard.com\/sv\/#\/schema\/logo\/image\/"},"sameAs":["https:\/\/pantip.com\/profile\/9367242","https:\/\/micro.blog\/iwellguard","https:\/\/www.diggerslist.com\/iwellguard\/about","https:\/\/skitterphoto.com\/photographers\/2870314\/iwell-guard","https:\/\/iwellguard.wordpress.com\/2026\/06\/06\/iwell-guard\/","https:\/\/hub.docker.com\/u\/iwellguard","https:\/\/www.pinterest.com\/iwellguard\/","https:\/\/bit.ly\/m\/iwellguard","https:\/\/entre-vos-mains.alsace.eu\/profiles\/iwellguard\/activity","https:\/\/gravatar.com\/reallybeded8fd34","https:\/\/naijamatta.com\/iwellguard","https:\/\/www.goodreads.com\/iwellguard","https:\/\/profile.hatena.ne.jp\/iwellguard\/","https:\/\/experiment.com\/users\/iwellguard","https:\/\/wakelet.com\/@iWellGuard82270","https:\/\/www.chordie.com\/forum\/profile.php?id=2555664","https:\/\/www.instapaper.com\/p\/17757966","https:\/\/www.mapleprimes.com\/users\/iwellguard","https:\/\/businesslistingplus.com\/profile\/iwell-guard\/","https:\/\/telegra.ph\/iWell-Guard-06-06","https:\/\/pbase.com\/iwellguard\/iwellguard","https:\/\/b.hatena.ne.jp\/iwellguard\/20260607#bookmark-4788405196491818882","https:\/\/fliphtml5.com\/home\/iwellguard","https:\/\/anyflip.com\/homepage\/cmiwl#About","https:\/\/transfur.com\/Users\/iwellguard","http:\/\/delphi.larsbo.org\/user\/iwellguard","https:\/\/jobs.lajobsportal.org\/profiles\/8380803-iwell-guard","https:\/\/md.chaosdorf.de\/s\/jfbe5SBdJD","https:\/\/www.lingvolive.com\/en-us\/profile\/9ecaeaca-ce11-4e51-9e71-01d55e2bff36\/translations","https:\/\/www.fitday.com\/fitness\/forums\/members\/iwellguard.html","https:\/\/www.mymeetbook.com\/iwellguard","https:\/\/pxhere.com\/en\/photographer-me\/5040798","https:\/\/disqus.com\/by\/iwellguard\/about\/","https:\/\/pastelink.net\/hjwciqwq","https:\/\/pubhtml5.com\/homepage\/scjhn\/","https:\/\/www.bitchute.com\/channel\/2O2eOKzNqujT","https:\/\/audiomack.com\/iwellguard"]},{"@type":"Person","@id":"https:\/\/iwell-guard.com\/sv\/#\/schema\/person\/ee2a27f1cac3406c7c6fb5820cb7349f","name":"Ralf Ittermann","image":{"@type":"ImageObject","inLanguage":"sv-SE","@id":"https:\/\/secure.gravatar.com\/avatar\/073c0153e350a5005b68eb752b445fea71f6b24a26da9449ad7e155e6b446c9d?s=96&d=mm&r=g","url":"https:\/\/secure.gravatar.com\/avatar\/073c0153e350a5005b68eb752b445fea71f6b24a26da9449ad7e155e6b446c9d?s=96&d=mm&r=g","contentUrl":"https:\/\/secure.gravatar.com\/avatar\/073c0153e350a5005b68eb752b445fea71f6b24a26da9449ad7e155e6b446c9d?s=96&d=mm&r=g","caption":"Ralf Ittermann"},"givenName":"Ralf","familyName":"Ittermann","jobTitle":"Gesch\u00e4ftsf\u00fchrer und redaktioneller Verantwortlicher","url":"https:\/\/iwell-guard.com\/sv\/author\/claude\/","description":"Ralf Ittermann ist Gesch\u00e4ftsf\u00fchrer der Ittermann electronic GmbH und redaktioneller Verantwortlicher des iWell-Guard-Lexikons. Er verbindet langj\u00e4hrige Erfahrung in der Pr\u00e4zisionsfertigung mit medialer Praxis und religionsgeschichtlicher Quellenarbeit.","worksFor":{"@type":"Organization","name":"Ittermann electronic GmbH","url":"https:\/\/ittermann.de\/","address":{"@type":"PostalAddress","streetAddress":"K\u00f6hlergasse 16-18","postalCode":"99842","addressLocality":"Ruhla","addressCountry":"DE"}},"knowsAbout":["Religionsgeschichte","Mythologie","Mediale Praxis","Energetische Diagnostik","Schutzpraxis","Volksglauben","Westliche Esoterik"]},{"@type":"Article","@id":"https:\/\/iwell-guard.com\/sv\/hel\/#article","isPartOf":{"@id":"https:\/\/iwell-guard.com\/sv\/hel\/"},"author":{"name":"Ralf Ittermann","@id":"https:\/\/iwell-guard.com\/sv\/#\/schema\/person\/ee2a27f1cac3406c7c6fb5820cb7349f"},"headline":"Hel","datePublished":"2026-09-03T00:08:36+00:00","dateModified":"2026-09-03T01:07:38+00:00","mainEntityOfPage":{"@id":"https:\/\/iwell-guard.com\/sv\/hel\/"},"publisher":{"@id":"https:\/\/iwell-guard.com\/sv\/#organization"},"image":{"@id":"https:\/\/iwell-guard.com\/sv\/hel\/#primaryimage"},"thumbnailUrl":"https:\/\/iwell-guard.com\/wp-content\/uploads\/2026\/04\/goetter_germanisch_hel.webp","inLanguage":"sv-SE","description":"Hel: Halvt levande, halvt f\u00f6rmultnad. Balders lidande, mytologi, kristnandet och germansk eskatologi i ny belysning."}]}},"_links":{"self":[{"href":"https:\/\/iwell-guard.com\/sv\/wp-json\/wp\/v2\/pages\/136623","targetHints":{"allow":["GET"]}}],"collection":[{"href":"https:\/\/iwell-guard.com\/sv\/wp-json\/wp\/v2\/pages"}],"about":[{"href":"https:\/\/iwell-guard.com\/sv\/wp-json\/wp\/v2\/types\/page"}],"author":[{"embeddable":true,"href":"https:\/\/iwell-guard.com\/sv\/wp-json\/wp\/v2\/users\/3"}],"replies":[{"embeddable":true,"href":"https:\/\/iwell-guard.com\/sv\/wp-json\/wp\/v2\/comments?post=136623"}],"version-history":[{"count":0,"href":"https:\/\/iwell-guard.com\/sv\/wp-json\/wp\/v2\/pages\/136623\/revisions"}],"wp:featuredmedia":[{"embeddable":true,"href":"https:\/\/iwell-guard.com\/sv\/wp-json\/wp\/v2\/media\/1721"}],"wp:attachment":[{"href":"https:\/\/iwell-guard.com\/sv\/wp-json\/wp\/v2\/media?parent=136623"}],"wp:term":[{"taxonomy":"category","embeddable":true,"href":"https:\/\/iwell-guard.com\/sv\/wp-json\/wp\/v2\/categories?post=136623"}],"curies":[{"name":"wp","href":"https:\/\/api.w.org\/{rel}","templated":true}]}}