{"id":136616,"date":"2026-09-03T00:08:32","date_gmt":"2026-09-03T00:08:32","guid":{"rendered":"https:\/\/iwell-guard.com\/?page_id=136616"},"modified":"2026-09-03T01:07:24","modified_gmt":"2026-09-03T01:07:24","slug":"odin","status":"publish","type":"page","link":"https:\/\/iwell-guard.com\/sv\/odin\/","title":{"rendered":"Odin"},"content":{"rendered":"\t\t<div data-elementor-type=\"wp-page\" data-elementor-id=\"136616\" class=\"elementor elementor-136616 elementor-1876 elementor-bc-flex-widget\" data-elementor-post-type=\"page\">\n\t\t\t\t<div class=\"elementor-element elementor-element-10fdade e-flex e-con-boxed e-con e-parent\" data-id=\"10fdade\" data-element_type=\"container\" data-e-type=\"container\" data-settings=\"{&quot;background_background&quot;:&quot;classic&quot;}\">\n\t\t\t\t\t<div class=\"e-con-inner\">\n\t\t<div class=\"elementor-element elementor-element-herohlft0 e-flex e-con-boxed e-con e-child\" data-id=\"herohlft0\" data-element_type=\"container\" data-e-type=\"container\">\n\t\t\t\t\t<div class=\"e-con-inner\">\n\t\t<div class=\"elementor-element elementor-element-c3ceb64 e-con-full e-flex e-con e-child\" data-id=\"c3ceb64\" data-element_type=\"container\" data-e-type=\"container\">\n\t\t\t\t<div class=\"elementor-element elementor-element-96ae5e1 elementor-widget elementor-widget-heading\" data-id=\"96ae5e1\" data-element_type=\"widget\" data-e-type=\"widget\" data-widget_type=\"heading.default\">\n\t\t\t\t\t<h1 class=\"elementor-heading-title elementor-size-default\">Odin, gud i den germanska traditionen<\/h1>\t\t\t\t<\/div>\n\t\t\t\t<div class=\"elementor-element elementor-element-e45238a elementor-widget elementor-widget-text-editor\" data-id=\"e45238a\" data-element_type=\"widget\" data-e-type=\"widget\" data-widget_type=\"text-editor.default\">\n\t\t\t\t\t\t\t\t\t<p>H\u00f6gsta gud i den germanska panteonen, allfader, h\u00e4rskare \u00f6ver extas, diktning och vishet. Odin st\u00e5r i centrum f\u00f6r den nordgermanska <span class=\"iwg-fachbegriff\" data-tooltip=\"Den samlade m\u00e4ngden \u00f6verl\u00e4mnade myter om gudar i en kultur.\" tabindex=\"0\">mytologin<\/span> som gudarnas och m\u00e4nniskornas h\u00f6gsta styresman.<\/p><p>Till skillnad fr\u00e5n de flesta indoeuropeiska h\u00f6ggudar \u00e4r Odin inte i f\u00f6rsta hand v\u00e4dergud eller krigsbef\u00e4lhavare, utan <span class=\"iwg-fachbegriff\" data-tooltip=\"Religi\u00f6s specialist som tillskrivs f\u00f6rm\u00e5gan att f\u00f6rmedla mellan m\u00e4nniskor och andev\u00e4rlden.\" tabindex=\"0\">shaman<\/span>, magiker och skald, som har f\u00f6rv\u00e4rvat sin kunskap till varje pris och som inte ordnar v\u00e4rlden utan genomsyrar den.<\/p>\t\t\t\t\t\t\t\t<\/div>\n\t\t\t\t<\/div>\n\t\t<div class=\"elementor-element elementor-element-klsbdg01 e-con-full e-flex e-con e-parent\" data-id=\"klsbdg01\" data-element_type=\"container\" data-e-type=\"container\">\n\t\t\t\t<div class=\"elementor-element elementor-element-klshtm01 elementor-widget elementor-widget-html\" data-id=\"klshtm01\" data-element_type=\"widget\" data-e-type=\"widget\" data-widget_type=\"html.default\">\n\t\t\t\t\t<div class=\"iwg-pill-row\"><span class=\"iwg-klasse-badge\" tabindex=\"0\" data-tooltip=\"Gud \/ Gudinna: Personifierad h\u00f6gsta makt i en kulturs panteon, med tydliga ansvarsomr\u00e5den, naturkrafter, \u00f6de, krig, fruktbarhet. Dyrkas genom kulter, offer och tempelinstitutioner.\">Gud<\/span><a href=\"https:\/\/iwell-guard.com\/sv\/germanskt\/\" class=\"iwg-kultur-badge\" tabindex=\"0\" data-tooltip=\"F\u00f6rkristen gud- och andev\u00e4rld i Nord- och Mellaneuropa.\">Germanskt<\/a><a href=\"https:\/\/iwell-guard.com\/sv\/hoggudomar\/\" class=\"iwg-tradition-badge\" tabindex=\"0\" data-tooltip=\"De h\u00f6gsta gudarna i ett panteon, kosmisk suver\u00e4nitet, skapar- eller h\u00e4rskaraspekt.\">H\u00f6ggudom<\/a><\/div>\t\t\t\t<\/div>\n\t\t\t\t<\/div>\n\t\t<div class=\"elementor-element elementor-element-3f74855 e-con-full e-flex e-con e-child\" data-id=\"3f74855\" data-element_type=\"container\" data-e-type=\"container\">\n\t\t\t\t<div class=\"elementor-element elementor-element-1c30362 elementor-toc--minimized-on-tablet elementor-widget elementor-widget-table-of-contents\" data-id=\"1c30362\" data-element_type=\"widget\" data-e-type=\"widget\" data-settings=\"{&quot;exclude_headings_by_selector&quot;:[],&quot;no_headings_message&quot;:&quot;Inga rubriker hittades p\\u00e5 den h\\u00e4r sidan.&quot;,&quot;headings_by_tags&quot;:[&quot;h2&quot;,&quot;h3&quot;],&quot;marker_view&quot;:&quot;bullets&quot;,&quot;minimize_box&quot;:&quot;yes&quot;,&quot;icon&quot;:{&quot;value&quot;:&quot;fas fa-circle&quot;,&quot;library&quot;:&quot;fa-solid&quot;,&quot;rendered_tag&quot;:&quot;&lt;svg class=\\&quot;e-font-icon-svg e-fas-circle\\&quot; viewBox=\\&quot;0 0 512 512\\&quot; xmlns=\\&quot;http:\\\/\\\/www.w3.org\\\/2000\\\/svg\\&quot;&gt;&lt;path d=\\&quot;M256 8C119 8 8 119 8 256s111 248 248 248 248-111 248-248S393 8 256 8z\\&quot;&gt;&lt;\\\/path&gt;&lt;\\\/svg&gt;&quot;},&quot;minimized_on&quot;:&quot;tablet&quot;,&quot;hierarchical_view&quot;:&quot;yes&quot;,&quot;min_height&quot;:{&quot;unit&quot;:&quot;px&quot;,&quot;size&quot;:&quot;&quot;,&quot;sizes&quot;:[]},&quot;min_height_tablet&quot;:{&quot;unit&quot;:&quot;px&quot;,&quot;size&quot;:&quot;&quot;,&quot;sizes&quot;:[]},&quot;min_height_mobile&quot;:{&quot;unit&quot;:&quot;px&quot;,&quot;size&quot;:&quot;&quot;,&quot;sizes&quot;:[]}}\" data-widget_type=\"table-of-contents.default\">\n\t\t\t\t\t\t\t\t\t<div class=\"elementor-toc__header\">\n\t\t\t\t\t\t<h2 class=\"elementor-toc__header-title\">\n\t\t\t\tInneh\u00e5llsf\u00f6rteckning\t\t\t<\/h2>\n\t\t\t\t\t\t\t\t\t\t<div class=\"elementor-toc__toggle-button elementor-toc__toggle-button--expand\" role=\"button\" tabindex=\"0\" aria-controls=\"elementor-toc__1c30362\" aria-expanded=\"true\" aria-label=\"\u00d6ppna inneh\u00e5llsf\u00f6rteckning\"><svg aria-hidden=\"true\" class=\"e-font-icon-svg e-fas-chevron-down\" viewBox=\"0 0 448 512\" xmlns=\"http:\/\/www.w3.org\/2000\/svg\"><path d=\"M207.029 381.476L12.686 187.132c-9.373-9.373-9.373-24.569 0-33.941l22.667-22.667c9.357-9.357 24.522-9.375 33.901-.04L224 284.505l154.745-154.021c9.379-9.335 24.544-9.317 33.901.04l22.667 22.667c9.373 9.373 9.373 24.569 0 33.941L240.971 381.476c-9.373 9.372-24.569 9.372-33.942 0z\"><\/path><\/svg><\/div>\n\t\t\t\t<div class=\"elementor-toc__toggle-button elementor-toc__toggle-button--collapse\" role=\"button\" tabindex=\"0\" aria-controls=\"elementor-toc__1c30362\" aria-expanded=\"true\" aria-label=\"St\u00e4ng inneh\u00e5llsf\u00f6rteckning\"><svg aria-hidden=\"true\" class=\"e-font-icon-svg e-fas-chevron-up\" viewBox=\"0 0 448 512\" xmlns=\"http:\/\/www.w3.org\/2000\/svg\"><path d=\"M240.971 130.524l194.343 194.343c9.373 9.373 9.373 24.569 0 33.941l-22.667 22.667c-9.357 9.357-24.522 9.375-33.901.04L224 227.495 69.255 381.516c-9.379 9.335-24.544 9.317-33.901-.04l-22.667-22.667c-9.373-9.373-9.373-24.569 0-33.941L207.03 130.525c9.372-9.373 24.568-9.373 33.941-.001z\"><\/path><\/svg><\/div>\n\t\t\t\t\t<\/div>\n\t\t\t\t<div id=\"elementor-toc__1c30362\" class=\"elementor-toc__body\">\n\t\t\t<div class=\"elementor-toc__spinner-container\">\n\t\t\t\t<svg class=\"elementor-toc__spinner eicon-animation-spin e-font-icon-svg e-eicon-loading\" aria-hidden=\"true\" viewBox=\"0 0 1000 1000\" xmlns=\"http:\/\/www.w3.org\/2000\/svg\"><path d=\"M500 975V858C696 858 858 696 858 500S696 142 500 142 142 304 142 500H25C25 237 238 25 500 25S975 237 975 500 763 975 500 975Z\"><\/path><\/svg>\t\t\t<\/div>\n\t\t<\/div>\n\t\t\t\t\t\t<\/div>\n\t\t\t\t<\/div>\n\t\t\t\t\t<\/div>\n\t\t\t\t<\/div>\n\t\t<div class=\"elementor-element elementor-element-herorght0 e-con-full e-flex e-con e-child\" data-id=\"herorght0\" data-element_type=\"container\" data-e-type=\"container\">\n\t\t\t\t<div class=\"elementor-element elementor-element-heroimg00 iwg-hero-image elementor-widget elementor-widget-image\" data-id=\"heroimg00\" data-element_type=\"widget\" data-e-type=\"widget\" data-widget_type=\"image.default\">\n\t\t\t\t\t\t\t\t\t\t\t\t\t\t\t<img fetchpriority=\"high\" decoding=\"async\" width=\"683\" height=\"1024\" src=\"https:\/\/iwell-guard.com\/wp-content\/uploads\/2026\/04\/goetter_germanisch_odin-683x1024.webp\" class=\"attachment-large size-large wp-image-136265\" alt=\"Oden (Odin) - Gudar fr\u00e5n den germanska traditionen, historiskt-illustrativt\" srcset=\"https:\/\/iwell-guard.com\/wp-content\/uploads\/2026\/04\/goetter_germanisch_odin-683x1024.webp 683w, https:\/\/iwell-guard.com\/wp-content\/uploads\/2026\/04\/goetter_germanisch_odin-200x300.webp 200w, https:\/\/iwell-guard.com\/wp-content\/uploads\/2026\/04\/goetter_germanisch_odin-768x1152.webp 768w, https:\/\/iwell-guard.com\/wp-content\/uploads\/2026\/04\/goetter_germanisch_odin.webp 1024w\" sizes=\"(max-width: 683px) 100vw, 683px\" \/>\t\t\t\t\t\t\t\t\t\t\t\t\t\t\t<\/div>\n\t\t\t\t<\/div>\n\t\t\t\t\t<\/div>\n\t\t\t\t<\/div>\n\t\t<div class=\"elementor-element elementor-element-32917199 e-flex e-con-boxed e-con e-parent\" data-id=\"32917199\" data-element_type=\"container\" data-e-type=\"container\">\n\t\t\t\t\t<div class=\"e-con-inner\">\n\t\t<div class=\"elementor-element elementor-element-26e916cb e-flex e-con-boxed e-con e-child\" data-id=\"26e916cb\" data-element_type=\"container\" data-e-type=\"container\">\n\t\t\t\t\t<div class=\"e-con-inner\">\n\t\t<div class=\"elementor-element elementor-element-253a40d4 e-flex e-con-boxed e-con e-child\" data-id=\"253a40d4\" data-element_type=\"container\" data-e-type=\"container\">\n\t\t\t\t\t<div class=\"e-con-inner\">\n\t\t\t\t<div class=\"elementor-element elementor-element-1200c304 elementor-widget elementor-widget-heading\" data-id=\"1200c304\" data-element_type=\"widget\" data-e-type=\"widget\" data-widget_type=\"heading.default\">\n\t\t\t\t\t<h2 class=\"elementor-heading-title elementor-size-default\">Odin<\/h2>\t\t\t\t<\/div>\n\t\t\t\t\t<\/div>\n\t\t\t\t<\/div>\n\t\t<div class=\"elementor-element elementor-element-159dcf9a e-flex e-con-boxed e-con e-child\" data-id=\"159dcf9a\" data-element_type=\"container\" data-e-type=\"container\">\n\t\t\t\t\t<div class=\"e-con-inner\">\n\t\t\t\t<div class=\"elementor-element elementor-element-48cee66f elementor-widget elementor-widget-heading\" data-id=\"48cee66f\" data-element_type=\"widget\" data-e-type=\"widget\" data-widget_type=\"heading.default\">\n\t\t\t\t\t<h2 class=\"elementor-heading-title elementor-size-default\">I \u00f6versikt: Odin<\/h2>\t\t\t\t<\/div>\n\t\t\t\t<div class=\"elementor-element elementor-element-3f50d82c elementor-widget elementor-widget-text-editor\" data-id=\"3f50d82c\" data-element_type=\"widget\" data-e-type=\"widget\" data-widget_type=\"text-editor.default\">\n\t\t\t\t\t\t\t\t\t<p><strong>Typ:<\/strong> H\u00f6ggudom, gud f\u00f6r extas, vishet och diktning<br><span class=\"iwg-fachbegriff\" data-tooltip=\"Den samlade m\u00e4ngden gudar i en religion eller kultur.\" tabindex=\"0\">Panteon<\/span>: Germanskt (Asg\u00e5rd)<br>Funktion: V\u00e4ktare av extas och <span class=\"iwg-fachbegriff\" data-tooltip=\"Praktiker som genom s\u00e4rskilda handlingar eller formler f\u00f6rs\u00f6ker ingripa i tingens g\u00e5ng.\" tabindex=\"0\">magi<\/span>, fader till stridsf\u00f6rm\u00e5ga och skaldekonst, psykopompos (d\u00f6dsgudsaspekt)<br>Huvudattribut: Spjutet Gungnir, korparna Hugin och Munin, vargarna Geri och Freki, h\u00e4sten Sleipnir<br>Huvudkultplatser: Uppsala (Sverige), Lejre (Danmark)<br>Romersk motsvarighet: Mercurius (interpretatio romana, Tacitus)<\/p>\t\t\t\t\t\t\t\t<\/div>\n\t\t\t\t\t<\/div>\n\t\t\t\t<\/div>\n\t\t\t\t\t<\/div>\n\t\t\t\t<\/div>\n\t\t\t\t\t<\/div>\n\t\t\t\t<\/div>\n\t\t<div class=\"elementor-element elementor-element-18613602 e-flex e-con-boxed e-con e-parent\" data-id=\"18613602\" data-element_type=\"container\" data-e-type=\"container\">\n\t\t\t\t\t<div class=\"e-con-inner\">\n\t\t\t\t<div class=\"elementor-element elementor-element-262b8a9f elementor-widget elementor-widget-heading\" data-id=\"262b8a9f\" data-element_type=\"widget\" data-e-type=\"widget\" data-widget_type=\"heading.default\">\n\t\t\t\t\t<h2 class=\"elementor-heading-title elementor-size-default\">Historisk inordning<\/h2>\t\t\t\t<\/div>\n\t\t<div class=\"elementor-element elementor-element-46dcb7d e-con-full e-flex e-con e-child\" data-id=\"46dcb7d\" data-element_type=\"container\" data-e-type=\"container\">\n\t\t<div class=\"elementor-element elementor-element-61d3ab3 e-flex e-con-boxed e-con e-child\" data-id=\"61d3ab3\" data-element_type=\"container\" data-e-type=\"container\">\n\t\t\t\t\t<div class=\"e-con-inner\">\n\t\t\t\t<div class=\"elementor-element elementor-element-117c166 elementor-widget elementor-widget-heading\" data-id=\"117c166\" data-element_type=\"widget\" data-e-type=\"widget\" data-widget_type=\"heading.default\">\n\t\t\t\t\t<div class=\"elementor-heading-title elementor-size-default\">Texternas tidsperiod<\/div>\t\t\t\t<\/div>\n\t\t\t\t<div class=\"elementor-element elementor-element-73997a0 elementor-widget elementor-widget-text-editor\" data-id=\"73997a0\" data-element_type=\"widget\" data-e-type=\"widget\" data-widget_type=\"text-editor.default\">\n\t\t\t\t\t\t\t\t\t<p><span class=\"iwg-fachbegriff\" data-tooltip=\"Ned\u00e4rvningen av kunskap och ber\u00e4ttelser genom generationer.\" tabindex=\"0\">Traditionen<\/span> kring Oden str\u00e4cker sig fr\u00e5n den till stor del f\u00f6rlorade f\u00f6rkristna muntliga \u00f6verl\u00e4mningen, via Edda-samlingarna fr\u00e5n 1200-talet, <span class=\"iwg-fachbegriff\" tabindex=\"0\" data-tooltip=\"Isl\u00e4ndsk l\u00e4rd (1179\u20131241); f\u00f6rfattare till Snorre-Eddan och Heimskringla.\">Snorri Sturlusons<\/span> Snorre-Edda och Den poetiska Eddan (700\u20131200-talet), till iakttagelser gjorda av romerska och senare medeltida f\u00f6rfattare.<\/p><p>Edda-texterna \u00e4r nedteckningar gjorda av skrivare, baserade p\u00e5 \u00e4ldre, muntligt \u00f6verl\u00e4mnad skaldediktning. N\u00e5gon sammanh\u00e4ngande skriftlig <span class=\"iwg-fachbegriff\" data-tooltip=\"Ned\u00e4rvningen av kunskap och ber\u00e4ttelser genom generationer.\" tabindex=\"0\">tradition<\/span> som i Zeus fall finns inte; i st\u00e4llet har vi fragmentariska k\u00e4llor: Tacitus Germania (ca 98 e.Kr.), skaldefragment, Saxo Grammaticus (1100-talet) och Edda-samlingarna.<\/p>\t\t\t\t\t\t\t\t<\/div>\n\t\t\t\t\t<\/div>\n\t\t\t\t<\/div>\n\t\t<div class=\"elementor-element elementor-element-d47b156 e-flex e-con-boxed e-con e-child\" data-id=\"d47b156\" data-element_type=\"container\" data-e-type=\"container\">\n\t\t\t\t\t<div class=\"e-con-inner\">\n\t\t\t\t<div class=\"elementor-element elementor-element-ff38c2b elementor-widget elementor-widget-heading\" data-id=\"ff38c2b\" data-element_type=\"widget\" data-e-type=\"widget\" data-widget_type=\"heading.default\">\n\t\t\t\t\t<div class=\"elementor-heading-title elementor-size-default\">Utbredningsomr\u00e5de<\/div>\t\t\t\t<\/div>\n\t\t\t\t<div class=\"elementor-element elementor-element-4e49fcc elementor-widget elementor-widget-text-editor\" data-id=\"4e49fcc\" data-element_type=\"widget\" data-e-type=\"widget\" data-widget_type=\"text-editor.default\">\n\t\t\t\t\t\t\t\t\t<p>Dyrkad i hela det germansk-nordiska omr\u00e5det: Skandinavien (Norge, Sverige, Danmark), danska och norska \u00f6ar, anglosaxiska England (d\u00e4r Woden\/Wodan \u00e4r namngivare till Wednesday) och sydgermanska omr\u00e5den (fornh\u00f6gtyska Wodan\/Wuodan). Utbredningsomr\u00e5dets vidd visas i m\u00e4ngden stamnamn med Woden-etymologi och i vecko- och m\u00e5nadsnamnen (Wodanstag\/Mittwoch, fornnordiska Odinnstag).<\/p>\t\t\t\t\t\t\t\t<\/div>\n\t\t\t\t\t<\/div>\n\t\t\t\t<\/div>\n\t\t\t\t<\/div>\n\t\t<div class=\"elementor-element elementor-element-db03c39 e-con-full e-flex e-con e-child\" data-id=\"db03c39\" data-element_type=\"container\" data-e-type=\"container\">\n\t\t<div class=\"elementor-element elementor-element-229a87b e-flex e-con-boxed e-con e-child\" data-id=\"229a87b\" data-element_type=\"container\" data-e-type=\"container\">\n\t\t\t\t\t<div class=\"e-con-inner\">\n\t\t\t\t<div class=\"elementor-element elementor-element-1f471fc elementor-widget elementor-widget-heading\" data-id=\"1f471fc\" data-element_type=\"widget\" data-e-type=\"widget\" data-widget_type=\"heading.default\">\n\t\t\t\t\t<div class=\"elementor-heading-title elementor-size-default\">K\u00e4ll\u00e4ge<\/div>\t\t\t\t<\/div>\n\t\t\t\t<div class=\"elementor-element elementor-element-36b1201 elementor-widget elementor-widget-text-editor\" data-id=\"36b1201\" data-element_type=\"widget\" data-e-type=\"widget\" data-widget_type=\"text-editor.default\">\n\t\t\t\t\t\t\t\t\t<p>K\u00e4rnan utg\u00f6rs av Edda-samlingarna: Den poetiska Eddan (Voluspa, Havamal, Vafthrudnismal) och Snorri Sturlusons Prosaedda (Gylfaginning, Skalddskaparmal). Dessutom finns skaldefragment hos senare f\u00f6rfattare, Tacitus&#8217; korta omn\u00e4mnande av Mercurius med Woden-likst\u00e4llning, Saxo Grammaticus&#8217; Gesta Danorum, Sieversae samt arkeologiska fynd (offermossar, inskriptioner, votivg\u00e5vor).<\/p><p>Kronologin \u00e4r problematisk: Edda-nedteckningarna \u00e4r fr\u00e5n 1200-talet men beskriver traditioner fr\u00e5n den f\u00f6rkristna <span class=\"iwg-fachbegriff\" data-tooltip=\"F\u00f6rhistorisk epok efter brons\u00e5ldern, pr\u00e4glad av j\u00e4rnbearbetning.\" tabindex=\"0\">j\u00e4rn\u00e5ldern<\/span>.<\/p>\t\t\t\t\t\t\t\t<\/div>\n\t\t\t\t\t<\/div>\n\t\t\t\t<\/div>\n\t\t\t\t<\/div>\n\t\t\t\t\t<\/div>\n\t\t\t\t<\/div>\n\t\t<div class=\"elementor-element elementor-element-3ae0637c e-flex e-con-boxed e-con e-parent\" data-id=\"3ae0637c\" data-element_type=\"container\" data-e-type=\"container\">\n\t\t\t\t\t<div class=\"e-con-inner\">\n\t\t\t\t<div class=\"elementor-element elementor-element-31d07739 elementor-widget elementor-widget-heading\" data-id=\"31d07739\" data-element_type=\"widget\" data-e-type=\"widget\" data-widget_type=\"heading.default\">\n\t\t\t\t\t<h2 class=\"elementor-heading-title elementor-size-default\">Namn<\/h2>\t\t\t\t<\/div>\n\t\t<div class=\"elementor-element elementor-element-b7642947 e-con-full e-flex e-con e-child\" data-id=\"b7642947\" data-element_type=\"container\" data-e-type=\"container\">\n\t\t\t\t<div class=\"elementor-element elementor-element-a086266 elementor-widget elementor-widget-text-editor\" data-id=\"a086266\" data-element_type=\"widget\" data-e-type=\"widget\" data-widget_type=\"text-editor.default\">\n\t\t\t\t\t\t\t\t\t<p><strong>Fornnordiska:<\/strong> \u00d3\u00f0inn (nominativ), genitiv \u00d3\u00f0ins, etymologi omtvistad, m\u00f6jliga r\u00f6tter: urgermanska *Wo\u00f0anaz (\u201dden yra\u201d, av *wod- \u201dextas, vansinne, s\u00e5ng\u201d) eller koppling till fornnordiska <em>\u00f3\u00f0r<\/em> (<span class=\"iwg-fachbegriff\" data-tooltip=\"En kroppsl\u00f6s varelse som tillskrivs verkan i v\u00e4rlden.\" tabindex=\"0\">ande<\/span>, diktning, extas). Fornh\u00f6gtyska: Wodan, Wuodan, Wuotan, Wuothan. Fornsaxiska: Wuodan. Fornengelska: Woden, Wodan, namngivare till onsdagen (Wednesday = \u201dWodens dag\u201d, analogt med Mardi\/Mercredi i de romanska spr\u00e5ken fr\u00e5n den romerska Mercurius).<\/p><p>L\u00e5gtyska\/Plattyska: Wodan, Odin. Romersk motsvarighet: Mercurius (interpretatio romana hos Tacitus, trots den kulturfr\u00e4mmande tillskrivningen). Veckodagsnamnet onsdag syftar p\u00e5 den romerska likst\u00e4llningen (Wodan = Mercurius), inte direkt p\u00e5 Mercurius funktioner. Tillnamn och titlar: Allfader, herre \u00f6ver skalderna, Spjut-Odin, H\u00e4nge-guden (H\u00e4ngir, p\u00e5 grund av sj\u00e4lvoffret vid Yggdrasil), den \u00f6gonl\u00f6se, Korp-guden (Hrafn-Odin), Vandraren.<\/p>\t\t\t\t\t\t\t\t<\/div>\n\t\t\t\t<\/div>\n\t\t\t\t\t<\/div>\n\t\t\t\t<\/div>\n\t\t<div class=\"elementor-element elementor-element-709a44a8 e-flex e-con-boxed e-con e-parent\" data-id=\"709a44a8\" data-element_type=\"container\" data-e-type=\"container\">\n\t\t\t\t\t<div class=\"e-con-inner\">\n\t\t\t\t<div class=\"elementor-element elementor-element-2f585873 elementor-widget elementor-widget-heading\" data-id=\"2f585873\" data-element_type=\"widget\" data-e-type=\"widget\" data-widget_type=\"heading.default\">\n\t\t\t\t\t<h2 class=\"elementor-heading-title elementor-size-default\">Beskrivning<\/h2>\t\t\t\t<\/div>\n\t\t<div class=\"elementor-element elementor-element-70621c12 e-con-full e-flex e-con e-child\" data-id=\"70621c12\" data-element_type=\"container\" data-e-type=\"container\">\n\t\t\t\t<div class=\"elementor-element elementor-element-4296eb49 elementor-widget elementor-widget-text-editor\" data-id=\"4296eb49\" data-element_type=\"widget\" data-e-type=\"widget\" data-widget_type=\"text-editor.default\">\n\t\t\t\t\t\t\t\t\t<p><strong>Utseende<\/strong><\/p><p>Oden framst\u00e4lls i litteraturen och den bildliga <span class=\"iwg-fachbegriff\" data-tooltip=\"Vidaref\u00f6randet av kunskap och ber\u00e4ttelser genom generationer.\" tabindex=\"0\">traditionen<\/span> som en en\u00f6gd \u00e5ldring med l\u00e5ng sk\u00e4gg. Han b\u00e4r en vitt fladdrande bl\u00e5 eller gr\u00e5 mantel och en bredbr\u00e4ttad hatt (Huengljaef eller Huengljaefr), som delvis d\u00f6ljer hans saknade \u00f6ga och ansikte.<\/p><p>Han ridit p\u00e5 den \u00e5ttafotade h\u00e4sten Sleipnir (fornnordiska <em>sleipnir<\/em> &#8221;den glidande&#8221;), som \u00e4r snabbare \u00e4n alla andra djur och \u00e4ven galopperar mellan v\u00e4rldarna.<\/p><p>Vid sin sida bar han spjutet Gungnir (fornnordiska <em>gungnir<\/em> &#8221;den vibrerande&#8221;), som aldrig missar sitt m\u00e5l. Tv\u00e5 korpar, Hugin och Munin (fornnordiska <em>huginn<\/em> &#8221;tanke&#8221; och <em>muninn<\/em> &#8221;minne&#8221;), sitter p\u00e5 hans axlar och flyger dagliga utflykter \u00f6ver de Nio V\u00e4rldarnas rymd f\u00f6r att ber\u00e4tta allt f\u00f6r honom.<\/p><p>Tv\u00e5 vargar, Geri och Freki (fornnordiska <em>geri<\/em> &#8221;den glupske&#8221; och <em>freki<\/em> &#8221;den fr\u00e4cke&#8221;), f\u00f6ljer honom. Oden sj\u00e4lv \u00e4ter s\u00e4llan, utan lever enbart av vin (asisk natur).<\/p><p><strong>V\u00e4sen och verkan<\/strong><\/p><p>Oden \u00e4r den som genomsyrar och f\u00f6r\u00e4ndrar v\u00e4rlden, ingen skapare. Han \u00e4r gud f\u00f6r ekstas, den krigiska ursinnigheten (<em>berserkergang<\/em>), den schamanska <span class=\"iwg-fachbegriff\" tabindex=\"0\" data-tooltip=\"F\u00f6r\u00e4ndrat medvetandetillst\u00e5nd med begr\u00e4nsad uppm\u00e4rksamhet; framkallat medvetet i schamansk och medial praktik.\">transen<\/span> och skaldediktningen.<\/p><p>Hans k\u00e4nnem\u00e4rke \u00e4r sj\u00e4lvoffret: han h\u00e4ngde sig sj\u00e4lv i nio n\u00e4tter i v\u00e4rldstr\u00e4det Yggdrasil, genomborrad av ett spjut, f\u00f6r att vinna runorna, det urgamla skrift- och magisystemet.<\/p><p>Han offrade sitt h\u00f6gra \u00f6ga vid Mimirs k\u00e4lla f\u00f6r att f\u00e5 dricka en klunk av dess visdom.<\/p><p>Hans maktsf\u00e4r omfattar diktning, krig (som ekstatisk stridsrus i st\u00e4llet f\u00f6r ordnande herrav\u00e4lde som hos Zeus), d\u00f6d och <span class=\"iwg-fachbegriff\" data-tooltip=\"Praktiker som genom s\u00e4rskilda handlingar eller formler f\u00f6rs\u00f6ker ingripa i tingens g\u00e5ng.\" tabindex=\"0\">magi<\/span>. Till skillnad fr\u00e5n Tor (\u00e5skgud, ordningsgud f\u00f6r b\u00f6nderna) eller Tyr (r\u00e4ttsgud f\u00f6r edsavl\u00e4ggelse) representerar Oden gr\u00e4ns\u00f6verskridandet: det \u00f6vernaturliga, <span class=\"iwg-fachbegriff\" data-tooltip=\"Religi\u00f6s specialist som tillskrivs f\u00f6rmedlingen mellan m\u00e4nniskor och andev\u00e4rlden.\" tabindex=\"0\">schamanen<\/span>, <span class=\"iwg-fachbegriff\" data-tooltip=\"Praktiker som genom s\u00e4rskilda handlingar eller formler f\u00f6rs\u00f6ker ingripa i tingens g\u00e5ng.\" tabindex=\"0\">magin<\/span>.<\/p>\t\t\t\t\t\t\t\t<\/div>\n\t\t\t\t<\/div>\n\t\t\t\t\t<\/div>\n\t\t\t\t<\/div>\n\t\t<div class=\"elementor-element elementor-element-44e71476 e-flex e-con-boxed e-con e-parent\" data-id=\"44e71476\" data-element_type=\"container\" data-e-type=\"container\">\n\t\t\t\t\t<div class=\"e-con-inner\">\n\t\t\t\t<div class=\"elementor-element elementor-element-3c1fc3f0 elementor-widget elementor-widget-heading\" data-id=\"3c1fc3f0\" data-element_type=\"widget\" data-e-type=\"widget\" data-widget_type=\"heading.default\">\n\t\t\t\t\t<h2 class=\"elementor-heading-title elementor-size-default\">Personakt: Oden<\/h2>\t\t\t\t<\/div>\n\t\t<div class=\"elementor-element elementor-element-84f33b8e e-con-full e-flex e-con e-child\" data-id=\"84f33b8e\" data-element_type=\"container\" data-e-type=\"container\">\n\t\t\t\t<div class=\"elementor-element elementor-element-hqkdc67p elementor-widget elementor-widget-text-editor\" data-id=\"hqkdc67p\" data-element_type=\"widget\" data-e-type=\"widget\" data-widget_type=\"text-editor.default\">\n\t\t\t\t\t\t\t\t\t<p>De viktigaste aspekterna av Oden i sammandrag. Tabellen sammanfattar ursprung, funktion, utseende, dyrkan, symboler och paralleller.<\/p>\t\t\t\t\t\t\t\t<\/div>\n\t\t\t\t<\/div>\n\t\t<div class=\"elementor-element elementor-element-pemmx7c5 e-con-full e-flex e-con e-child\" data-id=\"pemmx7c5\" data-element_type=\"container\" data-e-type=\"container\">\n\t\t<div class=\"elementor-element elementor-element-pemmx7c1 e-con-full e-flex e-con e-child\" data-id=\"pemmx7c1\" data-element_type=\"container\" data-e-type=\"container\">\n\t\t<div class=\"elementor-element elementor-element-qh9oavvu iwg-steckbrief-card e-flex e-con-boxed e-con e-child\" data-id=\"qh9oavvu\" data-element_type=\"container\" data-e-type=\"container\">\n\t\t\t\t\t<div class=\"e-con-inner\">\n\t\t\t\t<div class=\"elementor-element elementor-element-awzx8k2k elementor-widget elementor-widget-heading\" data-id=\"awzx8k2k\" data-element_type=\"widget\" data-e-type=\"widget\" data-widget_type=\"heading.default\">\n\t\t\t\t\t<div class=\"elementor-heading-title elementor-size-default\">Ursprung<\/div>\t\t\t\t<\/div>\n\t\t\t\t<div class=\"elementor-element elementor-element-x6rowhv0 elementor-widget elementor-widget-text-editor\" data-id=\"x6rowhv0\" data-element_type=\"widget\" data-e-type=\"widget\" data-widget_type=\"text-editor.default\">\n\t\t\t\t\t\t\t\t\t<p>Son till j\u00e4tten Bor och j\u00e4ttinnan Bestla. Bror till Vili och Ve. Efter skapelsen av v\u00e4rlden ur urj\u00e4tten Ymirs kropp grundade han tillsammans med sina br\u00f6der riket Asg\u00e5rd, etablerade ordningen i de Nio V\u00e4rldarna och best\u00e4mde \u00f6det och tingens g\u00e5ng.<\/p><p>Hans h\u00e4rstamning \u00e4r hybrid: gud och j\u00e4tte p\u00e5 samma g\u00e5ng, vilket understryker hans natur som en gr\u00e4ns\u00f6verskridande gestalt.<\/p>\t\t\t\t\t\t\t\t<\/div>\n\t\t\t\t\t<\/div>\n\t\t\t\t<\/div>\n\t\t<div class=\"elementor-element elementor-element-8e3o4kxs iwg-steckbrief-card e-flex e-con-boxed e-con e-child\" data-id=\"8e3o4kxs\" data-element_type=\"container\" data-e-type=\"container\">\n\t\t\t\t\t<div class=\"e-con-inner\">\n\t\t\t\t<div class=\"elementor-element elementor-element-08rkdgov elementor-widget elementor-widget-heading\" data-id=\"08rkdgov\" data-element_type=\"widget\" data-e-type=\"widget\" data-widget_type=\"heading.default\">\n\t\t\t\t\t<div class=\"elementor-heading-title elementor-size-default\">Odens funktion<\/div>\t\t\t\t<\/div>\n\t\t\t\t<div class=\"elementor-element elementor-element-uwjelx8s elementor-widget elementor-widget-text-editor\" data-id=\"uwjelx8s\" data-element_type=\"widget\" data-e-type=\"widget\" data-widget_type=\"text-editor.default\">\n\t\t\t\t\t\t\t\t\t<p>Herre \u00f6ver ekstas, diktning och <span class=\"iwg-fachbegriff\" data-tooltip=\"Praktiker som genom s\u00e4rskilda handlingar eller formler f\u00f6rs\u00f6ker ingripa i tingens g\u00e5ng.\" tabindex=\"0\">magi<\/span>. Krigsgud i sin ekstatiska, icke-ordnande form. Psykopompos och h\u00e4rskare \u00f6ver striden och de fallna, som han h\u00e4mtar till Valhall. Urfader till skalderna och runm\u00e4stare. Till skillnad fr\u00e5n andra h\u00f6ggudar \u00e4r han prim\u00e4rt en f\u00f6r\u00e4ndrare och gr\u00e4ns\u00f6verskridare snarare \u00e4n en ordnare.<\/p>\t\t\t\t\t\t\t\t<\/div>\n\t\t\t\t\t<\/div>\n\t\t\t\t<\/div>\n\t\t<div class=\"elementor-element elementor-element-jm2n74ec iwg-steckbrief-card e-flex e-con-boxed e-con e-child\" data-id=\"jm2n74ec\" data-element_type=\"container\" data-e-type=\"container\">\n\t\t\t\t\t<div class=\"e-con-inner\">\n\t\t\t\t<div class=\"elementor-element elementor-element-8vufse4c elementor-widget elementor-widget-heading\" data-id=\"8vufse4c\" data-element_type=\"widget\" data-e-type=\"widget\" data-widget_type=\"heading.default\">\n\t\t\t\t\t<div class=\"elementor-heading-title elementor-size-default\">Form<\/div>\t\t\t\t<\/div>\n\t\t\t\t<div class=\"elementor-element elementor-element-mwb9u015 elementor-widget elementor-widget-text-editor\" data-id=\"mwb9u015\" data-element_type=\"widget\" data-e-type=\"widget\" data-widget_type=\"text-editor.default\">\n\t\t\t\t\t\t\t\t\t<p>En\u00f6gd \u00e5ldring med l\u00e5ng sk\u00e4gg, bred bl\u00e5 eller gr\u00e5 mantel, bredbr\u00e4ttad hatt. Rider p\u00e5 Sleipnir (\u00e5ttafotad h\u00e4st). B\u00e4r Gungnir (magiskt spjut). Hugin och Munin (tankens och minnets korpar) p\u00e5 axlarna. Tv\u00e5 vargar, Geri och Freki, som f\u00f6ljeslagare.<\/p>\t\t\t\t\t\t\t\t<\/div>\n\t\t\t\t\t<\/div>\n\t\t\t\t<\/div>\n\t\t\t\t<\/div>\n\t\t<div class=\"elementor-element elementor-element-pemmx7c2 e-con-full e-flex e-con e-child\" data-id=\"pemmx7c2\" data-element_type=\"container\" data-e-type=\"container\">\n\t\t<div class=\"elementor-element elementor-element-37ss2yr6 iwg-steckbrief-card e-flex e-con-boxed e-con e-child\" data-id=\"37ss2yr6\" data-element_type=\"container\" data-e-type=\"container\">\n\t\t\t\t\t<div class=\"e-con-inner\">\n\t\t\t\t<div class=\"elementor-element elementor-element-3v0wp3wx elementor-widget elementor-widget-heading\" data-id=\"3v0wp3wx\" data-element_type=\"widget\" data-e-type=\"widget\" data-widget_type=\"heading.default\">\n\t\t\t\t\t<h2 class=\"elementor-heading-title elementor-size-default\">Odens dyrkan<\/h2>\t\t\t\t<\/div>\n\t\t\t\t<div class=\"elementor-element elementor-element-w3247g2m elementor-widget elementor-widget-text-editor\" data-id=\"w3247g2m\" data-element_type=\"widget\" data-e-type=\"widget\" data-widget_type=\"text-editor.default\">\n\t\t\t\t\t\t\t\t\t<p>Huvudsakliga kultplatser: Uppsala (Sverige, under Frej och Freja), Lejre (Danmark, s\u00e4te f\u00f6r de danska kungasl\u00e4kterna). Oden dyrkades fr\u00e4mst av krigare, skalder och konstn\u00e4rer, mindre av b\u00f6nder och hantverkare (som snarare dyrkade Tor).<\/p><p>Edsavl\u00e4ggelser, s\u00e4rskilt krigseder och skaldeeder, avlades i Odens namn. M\u00e4nniskooffer (h\u00e4ngning) var f\u00f6rbundna med Oden-<span class=\"iwg-fachbegriff\" data-tooltip=\"Helheten av religi\u00f6sa dyrkanshandlingar f\u00f6r en gudom eller helig gestalt.\" tabindex=\"0\">kulten<\/span>, f\u00e5ngar offrades genom h\u00e4ngning f\u00f6r att uppn\u00e5 Odens <span class=\"iwg-fachbegriff\" data-tooltip=\"Tills\u00e4gelse av lycka och skydd, ofta i fast spr\u00e5klig form.\" tabindex=\"0\">v\u00e4lsignelse<\/span>. De s\u00e5 kallade offermossarna (t.ex. i Danmark och Norra Tyskland) inneh\u00e5ller sp\u00e5r av s\u00e5dana praktiker.<\/p>\t\t\t\t\t\t\t\t<\/div>\n\t\t\t\t\t<\/div>\n\t\t\t\t<\/div>\n\t\t<div class=\"elementor-element elementor-element-0qpjal9w iwg-steckbrief-card e-flex e-con-boxed e-con e-child\" data-id=\"0qpjal9w\" data-element_type=\"container\" data-e-type=\"container\">\n\t\t\t\t\t<div class=\"e-con-inner\">\n\t\t\t\t<div class=\"elementor-element elementor-element-6ndoih0o elementor-widget elementor-widget-heading\" data-id=\"6ndoih0o\" data-element_type=\"widget\" data-e-type=\"widget\" data-widget_type=\"heading.default\">\n\t\t\t\t\t<h2 class=\"elementor-heading-title elementor-size-default\">Odens symboler<\/h2>\t\t\t\t<\/div>\n\t\t\t\t<div class=\"elementor-element elementor-element-6684tyh9 elementor-widget elementor-widget-text-editor\" data-id=\"6684tyh9\" data-element_type=\"widget\" data-e-type=\"widget\" data-widget_type=\"text-editor.default\">\n\t\t\t\t\t\t\t\t\t<p>Spjutet Gungnir (som aldrig missar sitt m\u00e5l), korparna Hugin och Munin (tanke och minne), vargarna Geri och Freki, den \u00e5ttafotade h\u00e4sten Sleipnir, runor (s\u00e4rskilt Wunjo, Ansuz, Dagaz), galgen (p\u00e5 grund av sj\u00e4lvoffret), \u00f6gat (p\u00e5 grund av offret vid Mimirs k\u00e4lla).<\/p>\t\t\t\t\t\t\t\t<\/div>\n\t\t\t\t\t<\/div>\n\t\t\t\t<\/div>\n\t\t<div class=\"elementor-element elementor-element-3lfi7x32 iwg-steckbrief-card e-flex e-con-boxed e-con e-child\" data-id=\"3lfi7x32\" data-element_type=\"container\" data-e-type=\"container\">\n\t\t\t\t\t<div class=\"e-con-inner\">\n\t\t\t\t<div class=\"elementor-element elementor-element-0kg99ga1 elementor-widget elementor-widget-heading\" data-id=\"0kg99ga1\" data-element_type=\"widget\" data-e-type=\"widget\" data-widget_type=\"heading.default\">\n\t\t\t\t\t<div class=\"elementor-heading-title elementor-size-default\">J\u00e4mf\u00f6rbart<\/div>\t\t\t\t<\/div>\n\t\t\t\t<div class=\"elementor-element elementor-element-n0fum6kp elementor-widget elementor-widget-text-editor\" data-id=\"n0fum6kp\" data-element_type=\"widget\" data-e-type=\"widget\" data-widget_type=\"text-editor.default\">\n\t\t\t\t\t\t\t\t\t<p>Mercurius (Rom, Interpretatio Romana), Veles (Slaviskt, magiker och psykopompos), Hermes (Grekland, psykopompos och magiker, funktionellt), Tyr (Germanskt, ursprungligen h\u00f6ggud, senare undantr\u00e4ngd av Oden), Loke (Germanskt, gr\u00e4ns\u00f6verskridande, magiker, men antagonistisk), schamanska h\u00f6ggudar i finsk-ugriska och sibiriska kulturer.<\/p><p>Kopplingen till romerska och slaviska gestalter understryker att Oden \u00e4r en i huvudsak universell nordisk utformning av en indoeuropeisk gr\u00e4ns\u00f6verskridande gestalt, inte av ordnarmodellen (Zeus, Iuppiter, Dyaus Pita, Perun).<\/p>\t\t\t\t\t\t\t\t<\/div>\n\t\t\t\t\t<\/div>\n\t\t\t\t<\/div>\n\t\t\t\t<\/div>\n\t\t\t\t<\/div>\n\t\t\t\t\t<\/div>\n\t\t\t\t<\/div>\n\t\t<div class=\"elementor-element elementor-element-7533bc7a e-flex e-con-boxed e-con e-parent\" data-id=\"7533bc7a\" data-element_type=\"container\" data-e-type=\"container\">\n\t\t\t\t\t<div class=\"e-con-inner\">\n\t\t\t\t<div class=\"elementor-element elementor-element-2447d18d elementor-widget elementor-widget-heading\" data-id=\"2447d18d\" data-element_type=\"widget\" data-e-type=\"widget\" data-widget_type=\"heading.default\">\n\t\t\t\t\t<h2 class=\"elementor-heading-title elementor-size-default\">V\u00f6rdnad i vardagen<\/h2>\t\t\t\t<\/div>\n\t\t<div class=\"elementor-element elementor-element-d5d0260c e-con-full e-flex e-con e-child\" data-id=\"d5d0260c\" data-element_type=\"container\" data-e-type=\"container\">\n\t\t\t\t<div class=\"elementor-element elementor-element-341be2ac elementor-widget elementor-widget-text-editor\" data-id=\"341be2ac\" data-element_type=\"widget\" data-e-type=\"widget\" data-widget_type=\"text-editor.default\">\n\t\t\t\t\t\t\t\t\t<p>Oden var inte de breda folklagrens gud eller den husliga fridens gud, han var krigarnas, skaldernas och magikernas gud. I vardagen tog dyrkan av honom sig mindre uttryck i familje-<span class=\"iwg-fachbegriff\" data-tooltip=\"G\u00e5va till en gudom f\u00f6r att uttrycka tack, b\u00f6n eller v\u00f6rdnad.\" tabindex=\"0\">offer<\/span> \u00e4n i edsformler vid krigs- och hedersg\u00e4rder, i skaldeanropanden inf\u00f6r diktning och i praktiker f\u00f6r ruskeframkallande (vare det krigiskt eller rituellt).<\/p><p>F\u00f6r krigare, s\u00e4rskilt ledare och elitkrigare (b\u00e4rs\u00e4rkar), g\u00e4llde Oden som beskyddare. Han spred <em>berserkergang<\/em>, ett ekstatiskt krigiskt rus d\u00e4r krigaren \u00f6vervinner all sm\u00e4rt- och d\u00f6ds\u00e5ngest.<\/p><p>Hans dyrkan var allts\u00e5 praktisk och farlig: transgressiv och maktgivande, i motsats till den tr\u00f6stande arten av hemkulten kring Hestia\/Vesta. Vid viktiga beslut, s\u00e4rskilt inf\u00f6r krig, sj\u00f6f\u00e4rder eller magiska f\u00f6retag, var offerg\u00e5vor till Oden vanliga, ofta i f\u00f6rening med Tor (skydd) eller Tyr (edsvakt).<\/p><p>\u00c4ven konstn\u00e4rer och skalder, det vill s\u00e4ga h\u00f6gt ansedda diktare och musiker, dyrkade Oden som sin skyddsherre. Skaldeeden var en form av Odendyrkan: skalden svor att anv\u00e4nda diktningens mj\u00f6d (som Oden sj\u00e4lv hade r\u00f6vat ur j\u00e4ttens v\u00e5rd) och d\u00e4rigenom uppenbara sanningen genom konstf\u00e4rdighet.<\/p>\t\t\t\t\t\t\t\t<\/div>\n\t\t\t\t<\/div>\n\t\t\t\t\t<\/div>\n\t\t\t\t<\/div>\n\t\t<div class=\"elementor-element elementor-element-5a584676 e-flex e-con-boxed e-con e-parent\" data-id=\"5a584676\" data-element_type=\"container\" data-e-type=\"container\">\n\t\t\t\t\t<div class=\"e-con-inner\">\n\t\t\t\t<div class=\"elementor-element elementor-element-6d0757bf elementor-widget elementor-widget-heading\" data-id=\"6d0757bf\" data-element_type=\"widget\" data-e-type=\"widget\" data-widget_type=\"heading.default\">\n\t\t\t\t\t<h2 class=\"elementor-heading-title elementor-size-default\">Oden, paralleller i andra kulturer<\/h2>\t\t\t\t<\/div>\n\t\t<div class=\"elementor-element elementor-element-60563f68 e-con-full e-flex e-con e-child\" data-id=\"60563f68\" data-element_type=\"container\" data-e-type=\"container\">\n\t\t\t\t<div class=\"elementor-element elementor-element-5a93fdd6 elementor-widget elementor-widget-text-editor\" data-id=\"5a93fdd6\" data-element_type=\"widget\" data-e-type=\"widget\" data-widget_type=\"text-editor.default\">\n\t\t\t\t\t\t\t\t\t<p><strong>Romersk tradition<\/strong><\/p><p>Mercurius, mindre p\u00e5 grund av funktionell likhet (Hermes\/Mercurius \u00e4r fr\u00e4mst budb\u00e4rargudar) \u00e4n p\u00e5 grund av den romerska vanan med <em>interpretatio romana<\/em>, likst\u00e4ller Tacitus Wodan med Mercurius, troligen p\u00e5 grund av den gemensamma rollen som resegud och p\u00e5 grund av spr\u00e5khandlandet (Mercurius = handels- och talegud, Oden = skalde- och runegud).<\/p><p>Denna likst\u00e4llning \u00e4r kulturellt ytlig och visar mindre \u00e4kta funktionssl\u00e4ktskap \u00e4n det romerska synkretismens schackspel.<\/p><p><strong>Vedisk och hinduisk tradition:<\/strong> Ingen direkt parallell i den vediska <span class=\"iwg-fachbegriff\" data-tooltip=\"Samlingen av gudar inom en religion eller kultur.\" tabindex=\"0\">panteonen<\/span>. Tanken om en h\u00f6gsta gudom som genom sj\u00e4lvoffer f\u00f6rv\u00e4rvar vishet p\u00e5minner dock om schamanska motiv i indoeuropeiska religioner. M\u00f6jliga funktionella paralleller till Rudra\/Shiva (transgressiv gud, magiker, ekstatisk) \u00e4r spekulativa.<\/p><p><strong>Slavisk tradition<\/strong><\/p><p>Veles (Volos), gud f\u00f6r <span class=\"iwg-fachbegriff\" data-tooltip=\"Praktiker som genom s\u00e4rskilda handlingar eller formler f\u00f6rs\u00f6ker ingripa i tingens g\u00e5ng.\" tabindex=\"0\">magi<\/span>, underjorden, hjordarna och v\u00e4lst\u00e5ndet, delar med Oden den transgressiva naturen och psykopomp-funktionen. B\u00e5da \u00e4r magikergudar, inte ordningsgudar. Veles \u00e4r dock fr\u00e4mst f\u00f6rbunden med underjorden och de d\u00f6da, Oden med ekstasen och diktningen.<\/p><p><strong>Germanska paralleller:<\/strong> Tyr (Tiu, Ziu), ursprungligen en indogermansk h\u00f6gsta gud (besl\u00e4ktad med Zeus, Iuppiter, Dyaus Pita genom roten *dyeus).<\/p><p>Tyr blev under den tidiga germanska historiens g\u00e5ng \u201davl\u00f6st\u201d eller \u201dersatt\u201d av Oden som h\u00f6gsta gud, men beh\u00f6ll funktionerna som edsgud och r\u00e4ttsv\u00e5rdare. Denna avl\u00f6sning \u00e4r kulturhistoriskt betydelsefull och visar hur en samh\u00e4llets v\u00e4rderingsf\u00f6rskjutning uttrycks i dess <span class=\"iwg-fachbegriff\" data-tooltip=\"Ett v\u00e4sen som dyrkas som gudomligt inom en religion.\" tabindex=\"0\">gudom<\/span>.<\/p>\t\t\t\t\t\t\t\t<\/div>\n\t\t\t\t<\/div>\n\t\t\t\t\t<\/div>\n\t\t\t\t<\/div>\n\t\t<div class=\"elementor-element elementor-element-x7-das-m e-flex e-con-boxed e-con e-parent\" data-id=\"x7-das-m\" data-element_type=\"container\" data-e-type=\"container\">\n\t\t\t\t\t<div class=\"e-con-inner\">\n\t\t\t\t<div class=\"elementor-element elementor-element-xh7-das- elementor-widget elementor-widget-heading\" data-id=\"xh7-das-\" data-element_type=\"widget\" data-e-type=\"widget\" data-widget_type=\"heading.default\">\n\t\t\t\t\t<h2 class=\"elementor-heading-title elementor-size-default\">Motivet med sj\u00e4lvoffret<\/h2>\t\t\t\t<\/div>\n\t\t<div class=\"elementor-element elementor-element-xc7-das- e-flex e-con-boxed e-con e-parent\" data-id=\"xc7-das-\" data-element_type=\"container\" data-e-type=\"container\">\n\t\t\t\t\t<div class=\"e-con-inner\">\n\t\t<div class=\"elementor-element elementor-element-bw-xt7-das--ef9d65c e-flex e-con-boxed e-con e-parent\" data-id=\"bw-xt7-das--ef9d65c\" data-element_type=\"container\" data-e-type=\"container\" data-settings=\"{&quot;background_background&quot;:&quot;classic&quot;}\">\n\t\t\t\t\t<div class=\"e-con-inner\">\n\t\t\t\t<div class=\"elementor-element elementor-element-xt7-das- elementor-widget elementor-widget-text-editor\" data-id=\"xt7-das-\" data-element_type=\"widget\" data-e-type=\"widget\" data-widget_type=\"text-editor.default\">\n\t\t\t\t\t\t\t\t\t<p>Ett k\u00e4nnetecknande drag hos Oden \u00e4r hans beredskap att offra sig sj\u00e4lv f\u00f6r att uppn\u00e5 vishet och makt. Enligt Eddan h\u00e4ngde han nio n\u00e4tter i v\u00e4rldstr\u00e4det Yggdrasil, genomborrad av sitt eget spjut, utan mat och dryck, tills runorna uppenbarades f\u00f6r honom.<\/p><p>Han offrade \u00e4ven sitt h\u00f6gra \u00f6ga till j\u00e4tten Mimirs brunn f\u00f6r att f\u00e5 dricka en klunk av brunnens vatten, som sk\u00e4nker vishet. Detta <span class=\"iwg-fachbegriff\" data-tooltip=\"Ett \u00e5terkommande inneh\u00e5llselement i konst eller ber\u00e4ttelse.\" tabindex=\"0\">motiv<\/span> skiljer Oden grundligt fr\u00e5n andra indogermanska h\u00f6gsta gudar: medan Zeus, Iuppiter eller Perun f\u00f6rv\u00e4rvar makt genom seger eller ordning, f\u00f6rv\u00e4rvar Oden den genom avst\u00e5ende och transgression.<\/p>\t\t\t\t\t\t\t\t<\/div>\n\t\t\t\t\t<\/div>\n\t\t\t\t<\/div>\n\t\t\t\t\t<\/div>\n\t\t\t\t<\/div>\n\t\t\t\t\t<\/div>\n\t\t\t\t<\/div>\n\t\t<div class=\"elementor-element elementor-element-cp66d3771 e-flex e-con-boxed e-con e-parent\" data-id=\"cp66d3771\" data-element_type=\"container\" data-e-type=\"container\">\n\t\t\t\t\t<div class=\"e-con-inner\">\n\t\t\t\t<div class=\"elementor-element elementor-element-cp1c1b0e7 elementor-widget elementor-widget-heading\" data-id=\"cp1c1b0e7\" data-element_type=\"widget\" data-e-type=\"widget\" data-widget_type=\"heading.default\">\n\t\t\t\t\t<h2 class=\"elementor-heading-title elementor-size-default\">F\u00f6rv\u00e4rvet av runorna: Odens sj\u00e4lvoffer vid v\u00e4rldstr\u00e4det<\/h2>\t\t\t\t<\/div>\n\t\t<div class=\"elementor-element elementor-element-cp86df3fd e-con-full e-flex e-con e-child\" data-id=\"cp86df3fd\" data-element_type=\"container\" data-e-type=\"container\">\n\t\t\t\t<div class=\"elementor-element elementor-element-cp74cd0ec elementor-widget elementor-widget-text-editor\" data-id=\"cp74cd0ec\" data-element_type=\"widget\" data-e-type=\"widget\" data-widget_type=\"text-editor.default\">\n\t\t\t\t\t\t\t\t\t<p>En av de mest k\u00e4nda episoderna i Oden-<span class=\"iwg-fachbegriff\" data-tooltip=\"En \u00f6verl\u00e4mnad ber\u00e4ttelse om gudar, ursprung och v\u00e4rldens ordning.\" tabindex=\"0\">myten<\/span> \u00e4r hans sj\u00e4lvoffer f\u00f6r att f\u00f6rv\u00e4rva runorna, \u00f6verl\u00e4mnad i strof 138 till 145 av den eddiska dikten <em>H\u00e1vam\u00e1l<\/em> (Den h\u00f6ges tal). Oden sj\u00e4lv ber\u00e4ttar d\u00e4r att han h\u00e4ngde nio n\u00e4tter i det vindpinade tr\u00e4det, s\u00e5rad av spjutet, sig sj\u00e4lv <span class=\"iwg-fachbegriff\" data-tooltip=\"Genom en religi\u00f6s handling \u00f6verl\u00e4mnad till det heliga och d\u00e4rmed lyft ur det vardagliga.\" tabindex=\"0\">viad<\/span>, sig sj\u00e4lv given.<\/p><p>Tr\u00e4det \u00e4r med stor sannolikhet v\u00e4rldsasken <em>Yggdrasil<\/em>, vars namn kan tolkas som Odens h\u00e4st, varvid galgen poetiskt g\u00e4ller som den h\u00e4ngdes h\u00e4st.<\/p><p>Utan br\u00f6d och utan mj\u00f6d r\u00e4ckt, blickade Oden ned\u00e5t, grep skrikande runorna och f\u00f6ll tillbaka. I samma sammanhang ber\u00e4ttar han hur han av sin morbror B\u00f6lthorn fick nio m\u00e4ktiga trolls\u00e5nger och en klunk av det dyrbara mj\u00f6det.<\/p><p>Den <span class=\"iwg-fachbegriff\" data-tooltip=\"Vetenskapen som utforskar religioner j\u00e4mf\u00f6rande och utan trosbindning.\" tabindex=\"0\">religionsvetenskapen<\/span> har diskuterat detta stycke intensivt. Vissa forskare ser i det en gammal initiationsrit, j\u00e4mf\u00f6rbar med schamanska praktiker, d\u00e4r den s\u00f6kande genomlider en symbolisk d\u00f6d f\u00f6r att f\u00f6rv\u00e4rva dold kunskap.<\/p><p>Andra betonar textens litter\u00e4ra karakt\u00e4r och varnar f\u00f6r f\u00f6rhastade schamanska tolkningar. Obestridligt \u00e4r att episoden tecknar Oden som guden f\u00f6r kunskap vunnen genom lidande, beredd att offra sig sj\u00e4lv f\u00f6r att vinna makt \u00f6ver spr\u00e5k, magi och dolda samband.<\/p>\t\t\t\t\t\t\t\t<\/div>\n\t\t\t\t<\/div>\n\t\t\t\t\t<\/div>\n\t\t\t\t<\/div>\n\t\t<div class=\"elementor-element elementor-element-cp703b002 e-flex e-con-boxed e-con e-parent\" data-id=\"cp703b002\" data-element_type=\"container\" data-e-type=\"container\">\n\t\t\t\t\t<div class=\"e-con-inner\">\n\t\t\t\t<div class=\"elementor-element elementor-element-cpa7efda7 elementor-widget elementor-widget-heading\" data-id=\"cpa7efda7\" data-element_type=\"widget\" data-e-type=\"widget\" data-widget_type=\"heading.default\">\n\t\t\t\t\t<h2 class=\"elementor-heading-title elementor-size-default\">Diktningens mj\u00f6d: Oden som inspirationens r\u00f6vare<\/h2>\t\t\t\t<\/div>\n\t\t<div class=\"elementor-element elementor-element-cp211561c e-con-full e-flex e-con e-child\" data-id=\"cp211561c\" data-element_type=\"container\" data-e-type=\"container\">\n\t\t\t\t<div class=\"elementor-element elementor-element-cpcdafa62 elementor-widget elementor-widget-text-editor\" data-id=\"cpcdafa62\" data-element_type=\"widget\" data-e-type=\"widget\" data-widget_type=\"text-editor.default\">\n\t\t\t\t\t\t\t\t\t<p>Den mest utf\u00f6rliga ber\u00e4ttelsen om diktkonstens ursprung \u00e5terges av Snorri Sturluson i <em>Sk\u00e1ldskaparm\u00e1l<\/em>, den andra delen av hans <em>Edda<\/em>. Den b\u00f6rjar med v\u00e4sendet Kvasir, som uppstod ur de f\u00f6rlikta asarnas och vanernas saliv och kunde besvara alla fr\u00e5gor.<\/p><p>Tv\u00e5 dv\u00e4rgar dr\u00e4pte Kvasir och blandade hans blod med honung till en mj\u00f6d som sk\u00e4nkte diktkonst och vishet till alla som drack av den.<\/p><p>Efter flera stationer hamnade denna mj\u00f6d i j\u00e4tten Suttungs \u00e4go, som l\u00e4t sin dotter Gunnl\u00f6d vakta den i berget Hnitbj\u00f6rg. Oden gav sig av under t\u00e4cknamnet B\u00f6lverk f\u00f6r att komma \u00f6ver mj\u00f6den.<\/p><p>Med hj\u00e4lp av borren Rati borrade han sig genom berget, f\u00f6rvandlade sig till en orm, kr\u00f6p igenom och tillbringade tre n\u00e4tter hos Gunnl\u00f6d, som i utbyte l\u00e4t honom ta tre klunkar. Med tre drag drack Oden ur alla tre k\u00e4rlen, f\u00f6rvandlade sig till en \u00f6rn och flydde till Asg\u00e5rd, d\u00e4r han spydde upp mj\u00f6den i k\u00e4rl.<\/p><p>Denna ber\u00e4ttelse f\u00f6rklarar ocks\u00e5 varf\u00f6r diktning p\u00e5 fornnordiska kan omskrivas som Odens byte eller Kvasirs blod. Forskare har pekat p\u00e5 strukturella likheter med den indiska soma-<span class=\"iwg-fachbegriff\" data-tooltip=\"En \u00f6verlevd ber\u00e4ttelse om gudar, ursprung och v\u00e4rldens ordning.\" tabindex=\"0\">myten<\/span>, d\u00e4r en gudomlig rusdryck likaledes r\u00f6vas bort och en \u00f6rn blir dess b\u00e4rare.<\/p><p>Om det r\u00f6r sig om ett gemensamt indoeuropeiskt arv \u00e4r fortfarande omtvistat, men parallellen \u00e4r p\u00e5fallande nog f\u00f6r att st\u00e4ndigt tas upp i den j\u00e4mf\u00f6rande <span class=\"iwg-fachbegriff\" data-tooltip=\"Den samlade m\u00e4ngden \u00f6verlevda gudaber\u00e4ttelser i en kultur.\" tabindex=\"0\">mytologin<\/span>.<\/p>\t\t\t\t\t\t\t\t<\/div>\n\t\t\t\t<\/div>\n\t\t\t\t\t<\/div>\n\t\t\t\t<\/div>\n\t\t<div class=\"elementor-element elementor-element-cpc1b803d e-flex e-con-boxed e-con e-parent\" data-id=\"cpc1b803d\" data-element_type=\"container\" data-e-type=\"container\">\n\t\t\t\t\t<div class=\"e-con-inner\">\n\t\t\t\t<div class=\"elementor-element elementor-element-cp8ba8373 elementor-widget elementor-widget-heading\" data-id=\"cp8ba8373\" data-element_type=\"widget\" data-e-type=\"widget\" data-widget_type=\"heading.default\">\n\t\t\t\t\t<h2 class=\"elementor-heading-title elementor-size-default\">Wodan i de fastl\u00e4ndska k\u00e4llorna och det l\u00e5nga sk\u00e4gget<\/h2>\t\t\t\t<\/div>\n\t\t<div class=\"elementor-element elementor-element-cp4bf60af e-con-full e-flex e-con e-child\" data-id=\"cp4bf60af\" data-element_type=\"container\" data-e-type=\"container\">\n\t\t\t\t<div class=\"elementor-element elementor-element-cp2f05d1a elementor-widget elementor-widget-text-editor\" data-id=\"cp2f05d1a\" data-element_type=\"widget\" data-e-type=\"widget\" data-widget_type=\"text-editor.default\">\n\t\t\t\t\t\t\t\t\t<p>Oden \u00e4r k\u00e4nd fr\u00e5n de isl\u00e4ndska k\u00e4llorna fr\u00e5n h\u00f6gmedeltiden och dessutom under det fastlandsgermanska namnet Wodan eller Woden fr\u00e5n betydligt \u00e4ldre vittnesb\u00f6rd.<\/p><p>Den romerske historieskrivaren Tacitus n\u00e4mner i <em>Germania<\/em> omkring 98 e.Kr. en gud som germanerna dyrkade h\u00f6gst och som han likst\u00e4ller med Mercurius, vilket forskningen till \u00f6verv\u00e4gande del h\u00e4nf\u00f6r till Wodan.<\/p><p>Fr\u00e5n 700-talet h\u00e4rstammar <em>Andra Merseburgformeln<\/em>, en av de f\u00e5 bevarade hedniska texterna p\u00e5 fornh\u00f6gtyska, d\u00e4r Wodan botar en f\u00f6rvriden h\u00e4stfot genom besv\u00e4rjelse.<\/p><p>Den langobardiske historieskrivaren Paulus Diaconus \u00e5terger ber\u00e4ttelsen om hur Wodan gav langobarderna deras namn, genom att hans hustru Frea st\u00e4llde stammens kvinnor med h\u00e5ret kammat \u00f6ver ansiktet p\u00e5 den plats d\u00e4r Wodan skulle titta ut vid uppvaknandet, s\u00e5 att han tilltalade dem som l\u00e5ngsk\u00e4ggiga.<\/p><p>Namnet sj\u00e4lvt, urgermanskt ungef\u00e4r <em>W\u014ddanaz<\/em>, h\u00e4nger samman med ett ordf\u00e4lt som betecknar vrede, raseri och extas, gotiskt <em>wods<\/em> f\u00f6r besatt. Adam av Bremen formulerade p\u00e5 1000-talet den ber\u00f6mda glossen <em>Wodan, id est furor<\/em>, Wodan, det vill s\u00e4ga raseri.<\/p><p>Denna spr\u00e5kliga f\u00f6rankring visar att det ekstatiska, rasande draget hos Oden inte \u00e4r en sen litter\u00e4r konstruktion, utan djupt f\u00f6rankrat i f\u00f6rest\u00e4llningen om guden. Den engelska veckodagen Wednesday och det tyska Wuotanstag bevarar namnet \u00e4n i dag.<\/p>\t\t\t\t\t\t\t\t<\/div>\n\t\t\t\t<\/div>\n\t\t\t\t\t<\/div>\n\t\t\t\t<\/div>\n\t\t<div class=\"elementor-element elementor-element-cp29ccd98 e-flex e-con-boxed e-con e-parent\" data-id=\"cp29ccd98\" data-element_type=\"container\" data-e-type=\"container\">\n\t\t\t\t\t<div class=\"e-con-inner\">\n\t\t\t\t<div class=\"elementor-element elementor-element-cpd5e457e elementor-widget elementor-widget-heading\" data-id=\"cpd5e457e\" data-element_type=\"widget\" data-e-type=\"widget\" data-widget_type=\"heading.default\">\n\t\t\t\t\t<h2 class=\"elementor-heading-title elementor-size-default\">Oden och Vilda jakten: efterliv i folktron<\/h2>\t\t\t\t<\/div>\n\t\t<div class=\"elementor-element elementor-element-cp764bf7c e-con-full e-flex e-con e-child\" data-id=\"cp764bf7c\" data-element_type=\"container\" data-e-type=\"container\">\n\t\t\t\t<div class=\"elementor-element elementor-element-cp400c3a4 elementor-widget elementor-widget-text-editor\" data-id=\"cp400c3a4\" data-element_type=\"widget\" data-e-type=\"widget\" data-widget_type=\"text-editor.default\">\n\t\t\t\t\t\t\t\t\t<p>Efter kristnandet levde Oden vidare i folkliga f\u00f6rest\u00e4llningar i st\u00e4llet f\u00f6r att helt f\u00f6rsvinna, s\u00e4rskilt i <span class=\"iwg-fachbegriff\" data-tooltip=\"Ett \u00e5terkommande inneh\u00e5llselement i konst eller ber\u00e4ttelse.\" tabindex=\"0\">motivet<\/span> om Vilda jakten. I stora delar av det germanskspr\u00e5kiga omr\u00e5det k\u00e4nde folktron till ett nattligt sp\u00f6kt\u00e5g som s\u00e4rskilt under den m\u00f6rka \u00e5rstiden rusade fram \u00f6ver himlen, anf\u00f6rt av en demonisk gestalt.<\/p><p>I Skandinavien och delar av Norra Tyskland identifierades denna ledare p\u00e5 flera h\u00e5ll med Oden eller ett namn som h\u00e4rleddes fr\u00e5n honom. Jacob Grimm samlade p\u00e5 1800-talet i sin <em>Deutsche <span class=\"iwg-fachbegriff\" data-tooltip=\"Den samlade m\u00e4ngden \u00f6verlevda gudaber\u00e4ttelser i en kultur.\" tabindex=\"0\">Mythologie<\/span><\/em> talrika s\u00e5dana bel\u00e4gg och s\u00e5g d\u00e4ri ett fortlevande av den hedniska stormguden.<\/p><p>Den nyare forskningen \u00e4r mer f\u00f6rsiktig: Vilda jakten \u00e4r ett komplext knippe folkliga f\u00f6rest\u00e4llningar d\u00e4r olika gestalter ingick, och inte varje regional variant kan direkt h\u00e4rledas till Oden.<\/p><p>\u00c4nd\u00e5 passar <span class=\"iwg-fachbegriff\" data-tooltip=\"Ett \u00e5terkommande inneh\u00e5llselement i konst eller ber\u00e4ttelse.\" tabindex=\"0\">motivet<\/span> v\u00e4l in i Odens v\u00e4sen. Han \u00e4r de fallna krigarnas gud, ledaren f\u00f6r en skara d\u00f6da som rider genom luften p\u00e5 sin \u00e5ttafotade h\u00e4st Sleipnir. Det ekstatiska, stormlika draget som redan ligger i namnet f\u00e5r i den rasande sp\u00f6kh\u00e4ren en efterkristen form.<\/p><p>I romantiken och senare i Richard Wagners <em>Ring des Nibelungen<\/em> blev Oden som Wotan en central kulturfigur, vilket pr\u00e4glade hans mottagande \u00e4nda in i modern fantasylitteratur och popul\u00e4rkultur och samtidigt ofta l\u00f6sgjorde honom fr\u00e5n den historiska <span class=\"iwg-fachbegriff\" data-tooltip=\"\u00d6verf\u00f6ringen av kunskap och ber\u00e4ttelser genom generationerna.\" tabindex=\"0\">traditionen<\/span>.<\/p>\t\t\t\t\t\t\t\t<\/div>\n\t\t\t\t<\/div>\n\t\t\t\t\t<\/div>\n\t\t\t\t<\/div>\n\t\t<div class=\"elementor-element elementor-element-cp428d162 e-flex e-con-boxed e-con e-parent\" data-id=\"cp428d162\" data-element_type=\"container\" data-e-type=\"container\">\n\t\t\t\t\t<div class=\"e-con-inner\">\n\t\t\t\t<div class=\"elementor-element elementor-element-cp668f4dd elementor-widget elementor-widget-heading\" data-id=\"cp668f4dd\" data-element_type=\"widget\" data-e-type=\"widget\" data-widget_type=\"heading.default\">\n\t\t\t\t\t<h2 class=\"elementor-heading-title elementor-size-default\">Odens m\u00e5nga namn och deras betydelse<\/h2>\t\t\t\t<\/div>\n\t\t<div class=\"elementor-element elementor-element-cpfd32b6c e-con-full e-flex e-con e-child\" data-id=\"cpfd32b6c\" data-element_type=\"container\" data-e-type=\"container\">\n\t\t\t\t<div class=\"elementor-element elementor-element-cp1dd3ee1 elementor-widget elementor-widget-text-editor\" data-id=\"cp1dd3ee1\" data-element_type=\"widget\" data-e-type=\"widget\" data-widget_type=\"text-editor.default\">\n\t\t\t\t\t\t\t\t\t<p>F\u00e5 gudomligheter i v\u00e4rldsreligionshistorien b\u00e4r s\u00e5 m\u00e5nga binamn som Oden. Den eddiska dikten <em>Gr\u00edmnism\u00e1l<\/em> och Snorris <em>Gylfaginning<\/em> f\u00f6rmedlar \u00f6ver 150 olika beteckningar, och den skaldiska diktkonsten k\u00e4nner \u00e4nnu fler.<\/p><p>Denna namnrikedom \u00e4r mycket mer \u00e4n poetisk utsmyckning. Den \u00e4r uttryck f\u00f6r en teologisk f\u00f6rest\u00e4llning: Oden antar olika gestalter och roller, och varje namn ben\u00e4mner en aspekt av hans v\u00e4sen.<\/p><p>M\u00e5nga binamn syftar p\u00e5 hans yttre och hans f\u00f6rkl\u00e4dnader. <em>H\u00e1rbar\u00f0r<\/em> (Gr\u00e5sk\u00e4gg), <em>S\u00ed\u00f0h\u00f6ttr<\/em> (Bredhatt), <em>Gr\u00edmnir<\/em> (den maskerade) betecknar honom som en vandrande, h\u00f6ljd gud, som upptr\u00e4der en\u00f6gd eftersom han gav sitt \u00f6ga f\u00f6r en klunk ur M\u00edmirs brunn. Andra namn r\u00f6r hans funktioner: <em>Valf\u00f6\u00f0r<\/em> (de fallnas fader), <em>Sigf\u00f6\u00f0r<\/em> (segerns fader), <em>Galdrsf\u00f6\u00f0r<\/em> (galders\u00e5ngernas fader).<\/p><p>Ytterligare andra anknyter till konkreta myter. <em>B\u00f6lverkr<\/em> (illg\u00e4rningsmannen) \u00e4r t\u00e4cknamnet vid rovet av skaldemj\u00f6det, <em>B\u00e1leygr<\/em> (flamm\u00f6ga) syftar p\u00e5 hans blick. Forskningen tolkar denna namnm\u00e5ngfald som en spegling av Odens karakt\u00e4r som f\u00f6rvandlingens, listens och den f\u00f6rdolda kunskapens gud.<\/p><p>Till skillnad fr\u00e5n en gud med ett klart avgr\u00e4nsat ansvarsomr\u00e5de \u00e4r Oden sv\u00e5rf\u00e5ngad, och namnen \u00e4r det spr\u00e5kliga medel med vilket den fornnordiska <span class=\"iwg-fachbegriff\" data-tooltip=\"Kunskapens och ber\u00e4ttelsernas vidaref\u00f6rande genom generationer.\" tabindex=\"0\">traditionen<\/span> uttryckte denna m\u00e5ngfacetterade karakt\u00e4r. F\u00f6r den skaldiska diktkonsten utgjorde de samtidigt en outt\u00f6mlig reservoar av omskrivningar.<\/p>\t\t\t\t\t\t\t\t<\/div>\n\t\t\t\t<\/div>\n\t\t\t\t\t<\/div>\n\t\t\t\t<\/div>\n\t\t<div class=\"elementor-element elementor-element-cp3ee0c81 e-flex e-con-boxed e-con e-parent\" data-id=\"cp3ee0c81\" data-element_type=\"container\" data-e-type=\"container\">\n\t\t\t\t\t<div class=\"e-con-inner\">\n\t\t\t\t<div class=\"elementor-element elementor-element-cp70bd54a elementor-widget elementor-widget-heading\" data-id=\"cp70bd54a\" data-element_type=\"widget\" data-e-type=\"widget\" data-widget_type=\"heading.default\">\n\t\t\t\t\t<h2 class=\"elementor-heading-title elementor-size-default\">Oden i kulten: m\u00e4nniskooffer och fr\u00e5gan om arkeologiska sp\u00e5r<\/h2>\t\t\t\t<\/div>\n\t\t<div class=\"elementor-element elementor-element-cpf07278d e-con-full e-flex e-con e-child\" data-id=\"cpf07278d\" data-element_type=\"container\" data-e-type=\"container\">\n\t\t\t\t<div class=\"elementor-element elementor-element-cp644e616 elementor-widget elementor-widget-text-editor\" data-id=\"cp644e616\" data-element_type=\"widget\" data-e-type=\"widget\" data-widget_type=\"text-editor.default\">\n\t\t\t\t\t\t\t\t\t<p>De litter\u00e4ra k\u00e4llorna f\u00f6rbinder Oden vid upprepade tillf\u00e4llen med m\u00e4nniskooffer, s\u00e4rskilt med d\u00f6dande genom h\u00e4ngning och spjutstick. Denna form speglar hans eget sj\u00e4lvoffer i tr\u00e4det, den offrade d\u00f6r p\u00e5 s\u00e4tt och vis gudens egen d\u00f6d.<\/p><p>Adam av Bremen beskriver p\u00e5 1000-talet den stora offerfesten vid <span class=\"iwg-fachbegriff\" data-tooltip=\"En byggnad som \u00e4gnas \u00e5t dyrkan av en eller flera gudomar.\" tabindex=\"0\">templet<\/span> i Uppsala, d\u00e4r m\u00e4nniskor och djur ska ha h\u00e4ngts upp i en helig <span class=\"iwg-fachbegriff\" data-tooltip=\"En helig tr\u00e4dlund som tj\u00e4nade som kultplats.\" tabindex=\"0\">lund<\/span>.<\/p><p>Den litter\u00e4ra <span class=\"iwg-fachbegriff\" data-tooltip=\"Ned\u00e4rvningen av kunskap och ber\u00e4ttelser genom generationer.\" tabindex=\"0\">traditionen<\/span> k\u00e4nner till flera ber\u00e4ttelser d\u00e4r kungar <span class=\"iwg-fachbegriff\" data-tooltip=\"Genom en religi\u00f6s handling \u00f6verl\u00e4mnad \u00e5t det heliga och d\u00e4rmed lyft ur det vardagliga.\" tabindex=\"0\">helgas<\/span> \u00e5t Oden och offras genom h\u00e4ngning eller spjut, till exempel i <em>Ynglingasagan<\/em> och i sagorna. Hur tillf\u00f6rlitligt dessa ber\u00e4ttelser \u00e5terger den faktiska <span class=\"iwg-fachbegriff\" data-tooltip=\"Summan av de religi\u00f6sa v\u00f6rdnadshandlingar som \u00e4gnas en gudom eller helig gestalt.\" tabindex=\"0\">kulten<\/span> \u00e4r omtvistat, eftersom de h\u00e4rstammar fr\u00e5n kristen tid och delvis har polemiska syften.<\/p><p><span class=\"iwg-fachbegriff\" data-tooltip=\"Vetenskapen som utforskar svunna kulturer med hj\u00e4lp av materiella fynd.\" tabindex=\"0\">Arkeologin<\/span> ger en mer nyanserad bild. Mosslik fr\u00e5n <span class=\"iwg-fachbegriff\" data-tooltip=\"F\u00f6rhistorisk epok efter brons\u00e5ldern, pr\u00e4glad av j\u00e4rnbearbetning.\" tabindex=\"0\">j\u00e4rn\u00e5ldern<\/span>, till exempel fr\u00e5n norra Tyskland och Danmark, uppvisar sp\u00e5r av h\u00e4ngning eller strypning och tolkas ibland som <span class=\"iwg-fachbegriff\" data-tooltip=\"G\u00e5va till en gudom f\u00f6r att uttrycka tack, b\u00f6n eller v\u00f6rdnad.\" tabindex=\"0\">offer<\/span>, men en s\u00e4ker koppling till en best\u00e4md gud \u00e4r metodiskt inte m\u00f6jlig.<\/p><p>Fynd av vapen och spjut i mossar och p\u00e5 offerplatser st\u00e4mmer v\u00e4l \u00f6verens med Odens koppling till spjutet Gungnir och med <span class=\"iwg-fachbegriff\" data-tooltip=\"En \u00f6verl\u00e4mnad, i en gemenskap regelbundet upprepad handling.\" tabindex=\"0\">seden<\/span> att <span class=\"iwg-fachbegriff\" data-tooltip=\"\u00d6verl\u00e4mna ett f\u00f6rem\u00e5l, en plats eller m\u00e4nniskor \u00e5t det heliga genom en religi\u00f6s handling.\" tabindex=\"0\">helga<\/span> den fientliga h\u00e4ren \u00e5t guden genom ett spjutkast.<\/p><p>Sammantaget bekr\u00e4ftar de arkeologiska fynden att det f\u00f6rekom m\u00e4nnisko- och vapenoffer i det germanska omr\u00e5det, utan att Odens andel i detta kan fastst\u00e4llas exakt.<\/p><p>Forskningen arbetar h\u00e4r med sannolikheter, inte med visshet.<\/p>\t\t\t\t\t\t\t\t<\/div>\n\t\t\t\t<\/div>\n\t\t\t\t\t<\/div>\n\t\t\t\t<\/div>\n\t\t<div class=\"elementor-element elementor-element-36dd7469 e-flex e-con-boxed e-con e-parent\" data-id=\"36dd7469\" data-element_type=\"container\" data-e-type=\"container\">\n\t\t\t\t\t<div class=\"e-con-inner\">\n\t\t\t\t<div class=\"elementor-element elementor-element-13760ab4 elementor-widget elementor-widget-heading\" data-id=\"13760ab4\" data-element_type=\"widget\" data-e-type=\"widget\" data-widget_type=\"heading.default\">\n\t\t\t\t\t<h2 class=\"elementor-heading-title elementor-size-default\">Vidare l\u00e4nkar<\/h2>\t\t\t\t<\/div>\n\t\t<div class=\"elementor-element elementor-element-28c87796 e-con-full e-flex e-con e-child\" data-id=\"28c87796\" data-element_type=\"container\" data-e-type=\"container\">\n\t\t\t\t<div class=\"elementor-element elementor-element-5d6538df elementor-widget elementor-widget-text-editor\" data-id=\"5d6538df\" data-element_type=\"widget\" data-e-type=\"widget\" data-widget_type=\"text-editor.default\">\n\t\t\t\t\t\t\t\t\t<ul><li><a href=\"https:\/\/iwell-guard.com\/sv\/tyr\/\">Tyr, Germanskt<\/a><\/li><li><a href=\"https:\/\/iwell-guard.com\/sv\/thor\/\">Tor, Germanskt<\/a><\/li><li><a href=\"https:\/\/iwell-guard.com\/sv\/freja\/\">Freja, Germanskt<\/a><\/li><li><a href=\"https:\/\/iwell-guard.com\/sv\/mercurius-romersk-gud-handel-budbarare\/\">Mercurius, Rom<\/a><\/li><li><a href=\"https:\/\/iwell-guard.com\/sv\/veles\/\">Veles, Slaviskt<\/a><\/li><li><a href=\"https:\/\/iwell-guard.com\/sv\/hoggudomar\/\">H\u00f6ggudomar, Underkategori<\/a><\/li><li><a href=\"https:\/\/iwell-guard.com\/sv\/gudar\/\">Gudar, Klass\u00f6versikt<\/a><\/li><\/ul>\t\t\t\t\t\t\t\t<\/div>\n\t\t\t\t<\/div>\n\t\t\t\t\t<\/div>\n\t\t\t\t<\/div>\n\t\t<div class=\"elementor-element elementor-element-grl4kl40 e-flex e-con-boxed e-con e-parent\" data-id=\"grl4kl40\" data-element_type=\"container\" data-e-type=\"container\">\n\t\t\t\t\t<div class=\"e-con-inner\">\n\t\t\t\t<div class=\"elementor-element elementor-element-bzsbfrmh elementor-widget elementor-widget-heading\" data-id=\"bzsbfrmh\" data-element_type=\"widget\" data-e-type=\"widget\" data-widget_type=\"heading.default\">\n\t\t\t\t\t<h2 class=\"elementor-heading-title elementor-size-default\">Forskningslitteratur<\/h2>\t\t\t\t<\/div>\n\t\t<div class=\"elementor-element elementor-element-2c13224a e-con-full e-flex e-con e-child\" data-id=\"2c13224a\" data-element_type=\"container\" data-e-type=\"container\">\n\t\t\t\t<div class=\"elementor-element elementor-element-0eymh9ub elementor-widget elementor-widget-text-editor\" data-id=\"0eymh9ub\" data-element_type=\"widget\" data-e-type=\"widget\" data-widget_type=\"text-editor.default\">\n\t\t\t\t\t\t\t\t\t<footer class=\"iwg-literatur\" data-nosnippet=\"true\"><ul><li><span data-nosnippet>Sturluson, Snorri: <em>Die Prosa-Edda. Gylfaginning, Skaeldskaparmal, Haettatal<\/em>. \u00d6vers. o. utg. av Felix Niedner. 1923 (nytryck, tysk).<\/span><\/li><li><em>Die Lieder-Edda<\/em>. Altnordische Heldengedichte. \u00d6vers. o. utg. av Felix Niedner. 1923 (nytryck, tysk).<\/li><li>Dum\u00e9zil, Georges: <em>Mythe et \u00e9pop\u00e9e<\/em>. Bd. 1, 3. Paris 1968, 1973 (klassiker inom den indoeuropeiska j\u00e4mf\u00f6relsen).<\/li><li><span data-nosnippet>Simek, Rudolf: <em>Lexikon der germanischen <span class=\"iwg-fachbegriff\" data-tooltip=\"Helheten av en kulturs \u00f6verl\u00e4mnade gudaber\u00e4ttelser.\" tabindex=\"0\">Mythologie<\/span><\/em>. Stuttgart 1984 (standardverk).<\/span><\/li><li>Tacitus: <em>Germania<\/em>. Kap. 9 (romerska iakttagelser).<\/li><li>Saxo Grammaticus: <em>Gesta Danorum<\/em>. Bok I, IV (medeltida synkronisering).<\/li><li><span data-nosnippet>Ellis Davidson, Hilda R.: <em>The Road to Hel. A Study of the Conception of the Dead in Old Norse Literature<\/em>. Cambridge 1943 (nytryck 2002).<\/span><\/li><li><span data-nosnippet>N\u00e4sstr\u00f6m, Britt-Mari: <em>Bl\u00f3tin. Kultpraktiker i det f\u00f6rkristna Norden<\/em>. Stockholm 2001.<\/span><\/li><\/ul><\/footer>\t\t\t\t\t\t\t\t<\/div>\n\t\t\t\t<\/div>\n\t\t\t\t\t<\/div>\n\t\t\t\t<\/div>\n\t\t\t\t<\/div>\n\t\t","protected":false},"excerpt":{"rendered":"","protected":false},"author":3,"featured_media":1723,"parent":0,"menu_order":0,"comment_status":"closed","ping_status":"closed","template":"elementor_header_footer","meta":{"_yoast_wpseo_focuskw":"Odin","_yoast_wpseo_title":"Odin \u2013 Allfader, gud f\u00f6r extas och vishet","_yoast_wpseo_metadesc":"Odin: Allfader, extas, diktning, runor, Gungnir, Sleipnir samt hans paralleller till Mercurius, Veles och Tyr. Myt och kult.","_yoast_wpseo_meta-robots-noindex":"","_yoast_wpseo_canonical":"","_angie_page":false,"gefaehrdungsstufe":"3","wesen_kultur":"germanisch","wesen_klasse":"goetter","footnotes":""},"categories":[],"class_list":["post-136616","page","type-page","status-publish","has-post-thumbnail","hentry"],"yoast_head":"<!-- This site is optimized with the Yoast SEO Premium plugin v27.7 (Yoast SEO v28.3) - https:\/\/yoast.com\/product\/yoast-seo-premium-wordpress\/ -->\n<title>Odin \u2013 Allfader, gud f\u00f6r extas och vishet<\/title>\n<meta name=\"description\" content=\"Odin: Allfader, extas, diktning, runor, Gungnir, Sleipnir samt hans paralleller till Mercurius, Veles och Tyr. Myt och kult.\" \/>\n<meta name=\"robots\" content=\"index, follow, max-snippet:-1, max-image-preview:large, max-video-preview:-1\" \/>\n<link rel=\"canonical\" href=\"https:\/\/iwell-guard.com\/sv\/odin\/\" \/>\n<meta property=\"og:locale\" content=\"sv_SE\" \/>\n<meta property=\"og:type\" content=\"article\" \/>\n<meta property=\"og:title\" content=\"Odin\" \/>\n<meta property=\"og:description\" content=\"Odin: Allfader, extas, diktning, runor, Gungnir, Sleipnir samt hans paralleller till Mercurius, Veles och Tyr. Myt och kult.\" \/>\n<meta property=\"og:url\" content=\"https:\/\/iwell-guard.com\/sv\/odin\/\" \/>\n<meta property=\"og:site_name\" content=\"iWell Guard\" \/>\n<meta property=\"article:modified_time\" content=\"2026-09-03T01:07:24+00:00\" \/>\n<meta property=\"og:image\" content=\"https:\/\/iwell-guard.com\/wp-content\/uploads\/2026\/04\/goetter_germanisch_odin.webp\" \/>\n\t<meta property=\"og:image:width\" content=\"1024\" \/>\n\t<meta property=\"og:image:height\" content=\"1536\" \/>\n\t<meta property=\"og:image:type\" content=\"image\/webp\" \/>\n<meta name=\"twitter:card\" content=\"summary_large_image\" \/>\n<script type=\"application\/ld+json\" class=\"yoast-schema-graph\">{\"@context\":\"https:\\\/\\\/schema.org\",\"@graph\":[{\"@type\":\"WebPage\",\"@id\":\"https:\\\/\\\/iwell-guard.com\\\/sv\\\/odin\\\/\",\"url\":\"https:\\\/\\\/iwell-guard.com\\\/sv\\\/odin\\\/\",\"name\":\"Odin \u2013 Allfader, gud f\u00f6r extas och vishet\",\"isPartOf\":{\"@id\":\"https:\\\/\\\/iwell-guard.com\\\/sv\\\/#website\"},\"primaryImageOfPage\":{\"@id\":\"https:\\\/\\\/iwell-guard.com\\\/sv\\\/odin\\\/#primaryimage\"},\"image\":{\"@id\":\"https:\\\/\\\/iwell-guard.com\\\/sv\\\/odin\\\/#primaryimage\"},\"thumbnailUrl\":\"https:\\\/\\\/iwell-guard.com\\\/wp-content\\\/uploads\\\/2026\\\/04\\\/goetter_germanisch_odin.webp\",\"datePublished\":\"2026-09-03T00:08:32+00:00\",\"dateModified\":\"2026-09-03T01:07:24+00:00\",\"description\":\"Odin: Allfader, extas, diktning, runor, Gungnir, Sleipnir samt hans paralleller till Mercurius, Veles och Tyr. Myt och kult.\",\"breadcrumb\":{\"@id\":\"https:\\\/\\\/iwell-guard.com\\\/sv\\\/odin\\\/#breadcrumb\"},\"inLanguage\":\"sv-SE\",\"potentialAction\":[{\"@type\":\"ReadAction\",\"target\":[\"https:\\\/\\\/iwell-guard.com\\\/sv\\\/odin\\\/\"]}]},{\"@type\":\"ImageObject\",\"inLanguage\":\"sv-SE\",\"@id\":\"https:\\\/\\\/iwell-guard.com\\\/sv\\\/odin\\\/#primaryimage\",\"url\":\"https:\\\/\\\/iwell-guard.com\\\/wp-content\\\/uploads\\\/2026\\\/04\\\/goetter_germanisch_odin.webp\",\"contentUrl\":\"https:\\\/\\\/iwell-guard.com\\\/wp-content\\\/uploads\\\/2026\\\/04\\\/goetter_germanisch_odin.webp\",\"width\":1024,\"height\":1536,\"caption\":\"Gudar fr\u00e5n den germanska traditionen.\"},{\"@type\":\"BreadcrumbList\",\"@id\":\"https:\\\/\\\/iwell-guard.com\\\/sv\\\/odin\\\/#breadcrumb\",\"itemListElement\":[{\"@type\":\"ListItem\",\"position\":1,\"name\":\"Start\",\"item\":\"https:\\\/\\\/iwell-guard.com\\\/sv\\\/?page_id=136483\"},{\"@type\":\"ListItem\",\"position\":2,\"name\":\"Odin\"}]},{\"@type\":\"WebSite\",\"@id\":\"https:\\\/\\\/iwell-guard.com\\\/sv\\\/#website\",\"url\":\"https:\\\/\\\/iwell-guard.com\\\/sv\\\/\",\"name\":\"iWell Guard\",\"description\":\"Schutz vor dunklen Einfl\u00fcssen\",\"publisher\":{\"@id\":\"https:\\\/\\\/iwell-guard.com\\\/sv\\\/#organization\"},\"potentialAction\":[{\"@type\":\"SearchAction\",\"target\":{\"@type\":\"EntryPoint\",\"urlTemplate\":\"https:\\\/\\\/iwell-guard.com\\\/sv\\\/?s={search_term_string}\"},\"query-input\":{\"@type\":\"PropertyValueSpecification\",\"valueRequired\":true,\"valueName\":\"search_term_string\"}}],\"inLanguage\":\"sv-SE\"},{\"@type\":\"Organization\",\"@id\":\"https:\\\/\\\/iwell-guard.com\\\/sv\\\/#organization\",\"name\":\"Ittermann electronic GmbH\",\"url\":\"https:\\\/\\\/iwell-guard.com\\\/sv\\\/\",\"logo\":{\"@type\":\"ImageObject\",\"inLanguage\":\"sv-SE\",\"@id\":\"https:\\\/\\\/iwell-guard.com\\\/sv\\\/#\\\/schema\\\/logo\\\/image\\\/\",\"url\":\"https:\\\/\\\/iwell-guard.com\\\/wp-content\\\/uploads\\\/2026\\\/05\\\/Ittermann-Logo-1182x237-1.png\",\"contentUrl\":\"https:\\\/\\\/iwell-guard.com\\\/wp-content\\\/uploads\\\/2026\\\/05\\\/Ittermann-Logo-1182x237-1.png\",\"width\":1182,\"height\":237,\"caption\":\"Ittermann electronic GmbH\"},\"image\":{\"@id\":\"https:\\\/\\\/iwell-guard.com\\\/sv\\\/#\\\/schema\\\/logo\\\/image\\\/\"},\"sameAs\":[\"https:\\\/\\\/pantip.com\\\/profile\\\/9367242\",\"https:\\\/\\\/micro.blog\\\/iwellguard\",\"https:\\\/\\\/www.diggerslist.com\\\/iwellguard\\\/about\",\"https:\\\/\\\/skitterphoto.com\\\/photographers\\\/2870314\\\/iwell-guard\",\"https:\\\/\\\/iwellguard.wordpress.com\\\/2026\\\/06\\\/06\\\/iwell-guard\\\/\",\"https:\\\/\\\/hub.docker.com\\\/u\\\/iwellguard\",\"https:\\\/\\\/www.pinterest.com\\\/iwellguard\\\/\",\"https:\\\/\\\/bit.ly\\\/m\\\/iwellguard\",\"https:\\\/\\\/entre-vos-mains.alsace.eu\\\/profiles\\\/iwellguard\\\/activity\",\"https:\\\/\\\/gravatar.com\\\/reallybeded8fd34\",\"https:\\\/\\\/naijamatta.com\\\/iwellguard\",\"https:\\\/\\\/www.goodreads.com\\\/iwellguard\",\"https:\\\/\\\/profile.hatena.ne.jp\\\/iwellguard\\\/\",\"https:\\\/\\\/experiment.com\\\/users\\\/iwellguard\",\"https:\\\/\\\/wakelet.com\\\/@iWellGuard82270\",\"https:\\\/\\\/www.chordie.com\\\/forum\\\/profile.php?id=2555664\",\"https:\\\/\\\/www.instapaper.com\\\/p\\\/17757966\",\"https:\\\/\\\/www.mapleprimes.com\\\/users\\\/iwellguard\",\"https:\\\/\\\/businesslistingplus.com\\\/profile\\\/iwell-guard\\\/\",\"https:\\\/\\\/telegra.ph\\\/iWell-Guard-06-06\",\"https:\\\/\\\/pbase.com\\\/iwellguard\\\/iwellguard\",\"https:\\\/\\\/b.hatena.ne.jp\\\/iwellguard\\\/20260607#bookmark-4788405196491818882\",\"https:\\\/\\\/fliphtml5.com\\\/home\\\/iwellguard\",\"https:\\\/\\\/anyflip.com\\\/homepage\\\/cmiwl#About\",\"https:\\\/\\\/transfur.com\\\/Users\\\/iwellguard\",\"http:\\\/\\\/delphi.larsbo.org\\\/user\\\/iwellguard\",\"https:\\\/\\\/jobs.lajobsportal.org\\\/profiles\\\/8380803-iwell-guard\",\"https:\\\/\\\/md.chaosdorf.de\\\/s\\\/jfbe5SBdJD\",\"https:\\\/\\\/www.lingvolive.com\\\/en-us\\\/profile\\\/9ecaeaca-ce11-4e51-9e71-01d55e2bff36\\\/translations\",\"https:\\\/\\\/www.fitday.com\\\/fitness\\\/forums\\\/members\\\/iwellguard.html\",\"https:\\\/\\\/www.mymeetbook.com\\\/iwellguard\",\"https:\\\/\\\/pxhere.com\\\/en\\\/photographer-me\\\/5040798\",\"https:\\\/\\\/disqus.com\\\/by\\\/iwellguard\\\/about\\\/\",\"https:\\\/\\\/pastelink.net\\\/hjwciqwq\",\"https:\\\/\\\/pubhtml5.com\\\/homepage\\\/scjhn\\\/\",\"https:\\\/\\\/www.bitchute.com\\\/channel\\\/2O2eOKzNqujT\",\"https:\\\/\\\/audiomack.com\\\/iwellguard\"]},{\"@type\":\"Article\",\"@id\":\"https:\\\/\\\/iwell-guard.com\\\/sv\\\/odin\\\/#article\",\"isPartOf\":{\"@id\":\"https:\\\/\\\/iwell-guard.com\\\/sv\\\/odin\\\/\"},\"author\":{\"name\":\"Ralf Ittermann\",\"@id\":\"https:\\\/\\\/iwell-guard.com\\\/sv\\\/#\\\/schema\\\/person\\\/ee2a27f1cac3406c7c6fb5820cb7349f\"},\"headline\":\"Odin\",\"datePublished\":\"2026-09-03T00:08:32+00:00\",\"dateModified\":\"2026-09-03T01:07:24+00:00\",\"mainEntityOfPage\":{\"@id\":\"https:\\\/\\\/iwell-guard.com\\\/sv\\\/odin\\\/\"},\"publisher\":{\"@id\":\"https:\\\/\\\/iwell-guard.com\\\/sv\\\/#organization\"},\"image\":{\"@id\":\"https:\\\/\\\/iwell-guard.com\\\/sv\\\/odin\\\/#primaryimage\"},\"thumbnailUrl\":\"https:\\\/\\\/iwell-guard.com\\\/wp-content\\\/uploads\\\/2026\\\/04\\\/goetter_germanisch_odin.webp\",\"inLanguage\":\"sv-SE\",\"description\":\"Odin: Allfader, extas, diktning, runor, Gungnir, Sleipnir samt hans paralleller till Mercurius, Veles och Tyr. Myt och kult.\"}]}<\/script>\n<!-- \/ Yoast SEO Premium plugin. -->","yoast_head_json":{"title":"Odin \u2013 Allfader, gud f\u00f6r extas och vishet","description":"Odin: Allfader, extas, diktning, runor, Gungnir, Sleipnir samt hans paralleller till Mercurius, Veles och Tyr. Myt och kult.","robots":{"index":"index","follow":"follow","max-snippet":"max-snippet:-1","max-image-preview":"max-image-preview:large","max-video-preview":"max-video-preview:-1"},"canonical":"https:\/\/iwell-guard.com\/sv\/odin\/","og_locale":"sv_SE","og_type":"article","og_title":"Odin","og_description":"Odin: Allfader, extas, diktning, runor, Gungnir, Sleipnir samt hans paralleller till Mercurius, Veles och Tyr. Myt och kult.","og_url":"https:\/\/iwell-guard.com\/sv\/odin\/","og_site_name":"iWell Guard","article_modified_time":"2026-09-03T01:07:24+00:00","og_image":[{"width":1024,"height":1536,"url":"https:\/\/iwell-guard.com\/wp-content\/uploads\/2026\/04\/goetter_germanisch_odin.webp","type":"image\/webp"}],"twitter_card":"summary_large_image","schema":{"@context":"https:\/\/schema.org","@graph":[{"@type":"Article","@id":"https:\/\/iwell-guard.com\/sv\/odin\/#article","isPartOf":{"@id":"https:\/\/iwell-guard.com\/sv\/odin\/"},"author":{"name":"Ralf Ittermann","@id":"https:\/\/iwell-guard.com\/sv\/#\/schema\/person\/ee2a27f1cac3406c7c6fb5820cb7349f"},"headline":"Odin","datePublished":"2026-09-03T00:08:32+00:00","dateModified":"2026-09-03T01:07:24+00:00","mainEntityOfPage":{"@id":"https:\/\/iwell-guard.com\/sv\/odin\/"},"publisher":{"@id":"https:\/\/iwell-guard.com\/sv\/#organization"},"image":{"@id":"https:\/\/iwell-guard.com\/sv\/odin\/#primaryimage"},"thumbnailUrl":"https:\/\/iwell-guard.com\/wp-content\/uploads\/2026\/04\/goetter_germanisch_odin.webp","inLanguage":"sv-SE","description":"Odin: Allfader, extas, diktning, runor, Gungnir, Sleipnir samt hans paralleller till Mercurius, Veles och Tyr. Myt och kult."},{"@type":"WebPage","@id":"https:\/\/iwell-guard.com\/sv\/odin\/","url":"https:\/\/iwell-guard.com\/sv\/odin\/","name":"Odin \u2013 Allfader, gud f\u00f6r extas och vishet","isPartOf":{"@id":"https:\/\/iwell-guard.com\/sv\/#website"},"primaryImageOfPage":{"@id":"https:\/\/iwell-guard.com\/sv\/odin\/#primaryimage"},"image":{"@id":"https:\/\/iwell-guard.com\/sv\/odin\/#primaryimage"},"thumbnailUrl":"https:\/\/iwell-guard.com\/wp-content\/uploads\/2026\/04\/goetter_germanisch_odin.webp","datePublished":"2026-09-03T00:08:32+00:00","dateModified":"2026-09-03T01:07:24+00:00","description":"Odin: Allfader, extas, diktning, runor, Gungnir, Sleipnir samt hans paralleller till Mercurius, Veles och Tyr. Myt och kult.","breadcrumb":{"@id":"https:\/\/iwell-guard.com\/sv\/odin\/#breadcrumb"},"inLanguage":"sv-SE","potentialAction":[{"@type":"ReadAction","target":["https:\/\/iwell-guard.com\/sv\/odin\/"]}]},{"@type":"ImageObject","inLanguage":"sv-SE","@id":"https:\/\/iwell-guard.com\/sv\/odin\/#primaryimage","url":"https:\/\/iwell-guard.com\/wp-content\/uploads\/2026\/04\/goetter_germanisch_odin.webp","contentUrl":"https:\/\/iwell-guard.com\/wp-content\/uploads\/2026\/04\/goetter_germanisch_odin.webp","width":1024,"height":1536,"caption":"Gudar fr\u00e5n den germanska traditionen."},{"@type":"BreadcrumbList","@id":"https:\/\/iwell-guard.com\/sv\/odin\/#breadcrumb","itemListElement":[{"@type":"ListItem","position":1,"name":"Start","item":"https:\/\/iwell-guard.com\/sv\/?page_id=136483"},{"@type":"ListItem","position":2,"name":"Odin"}]},{"@type":"WebSite","@id":"https:\/\/iwell-guard.com\/sv\/#website","url":"https:\/\/iwell-guard.com\/sv\/","name":"iWell Guard","description":"Schutz vor dunklen Einfl\u00fcssen","publisher":{"@id":"https:\/\/iwell-guard.com\/sv\/#organization"},"potentialAction":[{"@type":"SearchAction","target":{"@type":"EntryPoint","urlTemplate":"https:\/\/iwell-guard.com\/sv\/?s={search_term_string}"},"query-input":{"@type":"PropertyValueSpecification","valueRequired":true,"valueName":"search_term_string"}}],"inLanguage":"sv-SE"},{"@type":"Organization","@id":"https:\/\/iwell-guard.com\/sv\/#organization","name":"Ittermann electronic GmbH","url":"https:\/\/iwell-guard.com\/sv\/","logo":{"@type":"ImageObject","inLanguage":"sv-SE","@id":"https:\/\/iwell-guard.com\/sv\/#\/schema\/logo\/image\/","url":"https:\/\/iwell-guard.com\/wp-content\/uploads\/2026\/05\/Ittermann-Logo-1182x237-1.png","contentUrl":"https:\/\/iwell-guard.com\/wp-content\/uploads\/2026\/05\/Ittermann-Logo-1182x237-1.png","width":1182,"height":237,"caption":"Ittermann electronic GmbH"},"image":{"@id":"https:\/\/iwell-guard.com\/sv\/#\/schema\/logo\/image\/"},"sameAs":["https:\/\/pantip.com\/profile\/9367242","https:\/\/micro.blog\/iwellguard","https:\/\/www.diggerslist.com\/iwellguard\/about","https:\/\/skitterphoto.com\/photographers\/2870314\/iwell-guard","https:\/\/iwellguard.wordpress.com\/2026\/06\/06\/iwell-guard\/","https:\/\/hub.docker.com\/u\/iwellguard","https:\/\/www.pinterest.com\/iwellguard\/","https:\/\/bit.ly\/m\/iwellguard","https:\/\/entre-vos-mains.alsace.eu\/profiles\/iwellguard\/activity","https:\/\/gravatar.com\/reallybeded8fd34","https:\/\/naijamatta.com\/iwellguard","https:\/\/www.goodreads.com\/iwellguard","https:\/\/profile.hatena.ne.jp\/iwellguard\/","https:\/\/experiment.com\/users\/iwellguard","https:\/\/wakelet.com\/@iWellGuard82270","https:\/\/www.chordie.com\/forum\/profile.php?id=2555664","https:\/\/www.instapaper.com\/p\/17757966","https:\/\/www.mapleprimes.com\/users\/iwellguard","https:\/\/businesslistingplus.com\/profile\/iwell-guard\/","https:\/\/telegra.ph\/iWell-Guard-06-06","https:\/\/pbase.com\/iwellguard\/iwellguard","https:\/\/b.hatena.ne.jp\/iwellguard\/20260607#bookmark-4788405196491818882","https:\/\/fliphtml5.com\/home\/iwellguard","https:\/\/anyflip.com\/homepage\/cmiwl#About","https:\/\/transfur.com\/Users\/iwellguard","http:\/\/delphi.larsbo.org\/user\/iwellguard","https:\/\/jobs.lajobsportal.org\/profiles\/8380803-iwell-guard","https:\/\/md.chaosdorf.de\/s\/jfbe5SBdJD","https:\/\/www.lingvolive.com\/en-us\/profile\/9ecaeaca-ce11-4e51-9e71-01d55e2bff36\/translations","https:\/\/www.fitday.com\/fitness\/forums\/members\/iwellguard.html","https:\/\/www.mymeetbook.com\/iwellguard","https:\/\/pxhere.com\/en\/photographer-me\/5040798","https:\/\/disqus.com\/by\/iwellguard\/about\/","https:\/\/pastelink.net\/hjwciqwq","https:\/\/pubhtml5.com\/homepage\/scjhn\/","https:\/\/www.bitchute.com\/channel\/2O2eOKzNqujT","https:\/\/audiomack.com\/iwellguard"]},{"@type":"Person","@id":"https:\/\/iwell-guard.com\/sv\/#\/schema\/person\/ee2a27f1cac3406c7c6fb5820cb7349f","name":"Ralf Ittermann","image":{"@type":"ImageObject","inLanguage":"sv-SE","@id":"https:\/\/secure.gravatar.com\/avatar\/073c0153e350a5005b68eb752b445fea71f6b24a26da9449ad7e155e6b446c9d?s=96&d=mm&r=g","url":"https:\/\/secure.gravatar.com\/avatar\/073c0153e350a5005b68eb752b445fea71f6b24a26da9449ad7e155e6b446c9d?s=96&d=mm&r=g","contentUrl":"https:\/\/secure.gravatar.com\/avatar\/073c0153e350a5005b68eb752b445fea71f6b24a26da9449ad7e155e6b446c9d?s=96&d=mm&r=g","caption":"Ralf Ittermann"},"givenName":"Ralf","familyName":"Ittermann","jobTitle":"Gesch\u00e4ftsf\u00fchrer und redaktioneller Verantwortlicher","url":"https:\/\/iwell-guard.com\/sv\/author\/claude\/","description":"Ralf Ittermann ist Gesch\u00e4ftsf\u00fchrer der Ittermann electronic GmbH und redaktioneller Verantwortlicher des iWell-Guard-Lexikons. Er verbindet langj\u00e4hrige Erfahrung in der Pr\u00e4zisionsfertigung mit medialer Praxis und religionsgeschichtlicher Quellenarbeit.","worksFor":{"@type":"Organization","name":"Ittermann electronic GmbH","url":"https:\/\/ittermann.de\/","address":{"@type":"PostalAddress","streetAddress":"K\u00f6hlergasse 16-18","postalCode":"99842","addressLocality":"Ruhla","addressCountry":"DE"}},"knowsAbout":["Religionsgeschichte","Mythologie","Mediale Praxis","Energetische Diagnostik","Schutzpraxis","Volksglauben","Westliche Esoterik"]},{"@type":"Article","@id":"https:\/\/iwell-guard.com\/sv\/odin\/#article","isPartOf":{"@id":"https:\/\/iwell-guard.com\/sv\/odin\/"},"author":{"name":"Ralf Ittermann","@id":"https:\/\/iwell-guard.com\/sv\/#\/schema\/person\/ee2a27f1cac3406c7c6fb5820cb7349f"},"headline":"Odin","datePublished":"2026-09-03T00:08:32+00:00","dateModified":"2026-09-03T01:07:24+00:00","mainEntityOfPage":{"@id":"https:\/\/iwell-guard.com\/sv\/odin\/"},"publisher":{"@id":"https:\/\/iwell-guard.com\/sv\/#organization"},"image":{"@id":"https:\/\/iwell-guard.com\/sv\/odin\/#primaryimage"},"thumbnailUrl":"https:\/\/iwell-guard.com\/wp-content\/uploads\/2026\/04\/goetter_germanisch_odin.webp","inLanguage":"sv-SE","description":"Odin: Allfader, extas, diktning, runor, Gungnir, Sleipnir samt hans paralleller till Mercurius, Veles och Tyr. Myt och kult."}]}},"_links":{"self":[{"href":"https:\/\/iwell-guard.com\/sv\/wp-json\/wp\/v2\/pages\/136616","targetHints":{"allow":["GET"]}}],"collection":[{"href":"https:\/\/iwell-guard.com\/sv\/wp-json\/wp\/v2\/pages"}],"about":[{"href":"https:\/\/iwell-guard.com\/sv\/wp-json\/wp\/v2\/types\/page"}],"author":[{"embeddable":true,"href":"https:\/\/iwell-guard.com\/sv\/wp-json\/wp\/v2\/users\/3"}],"replies":[{"embeddable":true,"href":"https:\/\/iwell-guard.com\/sv\/wp-json\/wp\/v2\/comments?post=136616"}],"version-history":[{"count":0,"href":"https:\/\/iwell-guard.com\/sv\/wp-json\/wp\/v2\/pages\/136616\/revisions"}],"wp:featuredmedia":[{"embeddable":true,"href":"https:\/\/iwell-guard.com\/sv\/wp-json\/wp\/v2\/media\/1723"}],"wp:attachment":[{"href":"https:\/\/iwell-guard.com\/sv\/wp-json\/wp\/v2\/media?parent=136616"}],"wp:term":[{"taxonomy":"category","embeddable":true,"href":"https:\/\/iwell-guard.com\/sv\/wp-json\/wp\/v2\/categories?post=136616"}],"curies":[{"name":"wp","href":"https:\/\/api.w.org\/{rel}","templated":true}]}}