{"id":136593,"date":"2026-09-03T00:08:21","date_gmt":"2026-09-03T00:08:21","guid":{"rendered":"https:\/\/iwell-guard.com\/?page_id=136593"},"modified":"2026-09-03T01:06:51","modified_gmt":"2026-09-03T01:06:51","slug":"arkeangeln-uriel","status":"publish","type":"page","link":"https:\/\/iwell-guard.com\/sv\/arkeangeln-uriel\/","title":{"rendered":"\u00c4rke\u00e4ngeln Uriel"},"content":{"rendered":"\t\t<div data-elementor-type=\"wp-page\" data-elementor-id=\"136593\" class=\"elementor elementor-136593 elementor-1803 elementor-bc-flex-widget\" data-elementor-post-type=\"page\">\n\t\t\t\t<div class=\"elementor-element elementor-element-10fdade e-flex e-con-boxed e-con e-parent\" data-id=\"10fdade\" data-element_type=\"container\" data-e-type=\"container\" data-settings=\"{&quot;background_background&quot;:&quot;classic&quot;}\">\n\t\t\t\t\t<div class=\"e-con-inner\">\n\t\t<div class=\"elementor-element elementor-element-herohlft0 e-flex e-con-boxed e-con e-child\" data-id=\"herohlft0\" data-element_type=\"container\" data-e-type=\"container\">\n\t\t\t\t\t<div class=\"e-con-inner\">\n\t\t<div class=\"elementor-element elementor-element-c3ceb64 e-con-full e-flex e-con e-child\" data-id=\"c3ceb64\" data-element_type=\"container\" data-e-type=\"container\">\n\t\t\t\t<div class=\"elementor-element elementor-element-96ae5e1 elementor-widget elementor-widget-heading\" data-id=\"96ae5e1\" data-element_type=\"widget\" data-e-type=\"widget\" data-widget_type=\"heading.default\">\n\t\t\t\t\t<h1 class=\"elementor-heading-title elementor-size-default\">\u00c4rke\u00e4ngeln Uriel, ljusvarelse<\/h1>\t\t\t\t<\/div>\n\t\t\t\t<div class=\"elementor-element elementor-element-e45238a elementor-widget elementor-widget-text-editor\" data-id=\"e45238a\" data-element_type=\"widget\" data-e-type=\"widget\" data-widget_type=\"text-editor.default\">\n\t\t\t\t\t\t\t\t\t<p><span class=\"iwg-fachbegriff\" data-tooltip=\"I de abrahamitiska religionerna en himmelsk s\u00e4ndebudsvarelse fr\u00e5n Gud.\" tabindex=\"0\">\u00c4ngel<\/span> f\u00f6r visdom och det gudomliga ljuset i judisk-mystisk och apokryfisk tradition.<\/p>\t\t\t\t\t\t\t\t<\/div>\n\t\t\t\t<\/div>\n\t\t<div class=\"elementor-element elementor-element-klsbdg01 e-con-full e-flex e-con e-parent\" data-id=\"klsbdg01\" data-element_type=\"container\" data-e-type=\"container\">\n\t\t\t\t<div class=\"elementor-element elementor-element-klshtm01 elementor-widget elementor-widget-html\" data-id=\"klshtm01\" data-element_type=\"widget\" data-e-type=\"widget\" data-widget_type=\"html.default\">\n\t\t\t\t\t<div class=\"iwg-pill-row\"><span class=\"iwg-klasse-badge\" tabindex=\"0\" data-tooltip=\"Ljusvarelse: Upplysta, skyddande eller undervisande varelser, \u00e4rke\u00e4nglar, uppstigna m\u00e4stare, ljusa naturvarelser. Beskrivs i moderna och \u00e4ldre spirituella traditioner som hj\u00e4lpare och l\u00e4rare.\">Ljusvarelse<\/span><a href=\"https:\/\/iwell-guard.com\/sv\/judendom\/\" class=\"iwg-kultur-badge\" tabindex=\"0\" data-tooltip=\"Judisk trostradition fr\u00e5n Tanach till kabbala och modern mystik.\">Judendom<\/a><span class=\"iwg-tradition-badge\" tabindex=\"0\" data-tooltip=\"\u00c4rke\u00e4ngel, den h\u00f6gsta \u00e4ngelklassen i judisk, kristen och islamisk tradition.\">\u00c4rke\u00e4ngel<\/span><\/div>\t\t\t\t<\/div>\n\t\t\t\t<\/div>\n\t\t<div class=\"elementor-element elementor-element-3f74855 e-con-full e-flex e-con e-child\" data-id=\"3f74855\" data-element_type=\"container\" data-e-type=\"container\">\n\t\t\t\t<div class=\"elementor-element elementor-element-1c30362 elementor-toc--minimized-on-tablet elementor-widget elementor-widget-table-of-contents\" data-id=\"1c30362\" data-element_type=\"widget\" data-e-type=\"widget\" data-settings=\"{&quot;exclude_headings_by_selector&quot;:[],&quot;no_headings_message&quot;:&quot;Inga rubriker hittades p\\u00e5 den h\\u00e4r sidan.&quot;,&quot;headings_by_tags&quot;:[&quot;h2&quot;,&quot;h3&quot;],&quot;marker_view&quot;:&quot;bullets&quot;,&quot;minimize_box&quot;:&quot;yes&quot;,&quot;icon&quot;:{&quot;value&quot;:&quot;fas fa-circle&quot;,&quot;library&quot;:&quot;fa-solid&quot;,&quot;rendered_tag&quot;:&quot;&lt;svg class=\\&quot;e-font-icon-svg e-fas-circle\\&quot; viewBox=\\&quot;0 0 512 512\\&quot; xmlns=\\&quot;http:\\\/\\\/www.w3.org\\\/2000\\\/svg\\&quot;&gt;&lt;path d=\\&quot;M256 8C119 8 8 119 8 256s111 248 248 248 248-111 248-248S393 8 256 8z\\&quot;&gt;&lt;\\\/path&gt;&lt;\\\/svg&gt;&quot;},&quot;minimized_on&quot;:&quot;tablet&quot;,&quot;hierarchical_view&quot;:&quot;yes&quot;,&quot;min_height&quot;:{&quot;unit&quot;:&quot;px&quot;,&quot;size&quot;:&quot;&quot;,&quot;sizes&quot;:[]},&quot;min_height_tablet&quot;:{&quot;unit&quot;:&quot;px&quot;,&quot;size&quot;:&quot;&quot;,&quot;sizes&quot;:[]},&quot;min_height_mobile&quot;:{&quot;unit&quot;:&quot;px&quot;,&quot;size&quot;:&quot;&quot;,&quot;sizes&quot;:[]}}\" data-widget_type=\"table-of-contents.default\">\n\t\t\t\t\t\t\t\t\t<div class=\"elementor-toc__header\">\n\t\t\t\t\t\t<h2 class=\"elementor-toc__header-title\">\n\t\t\t\tInneh\u00e5llsf\u00f6rteckning\t\t\t<\/h2>\n\t\t\t\t\t\t\t\t\t\t<div class=\"elementor-toc__toggle-button elementor-toc__toggle-button--expand\" role=\"button\" tabindex=\"0\" aria-controls=\"elementor-toc__1c30362\" aria-expanded=\"true\" aria-label=\"\u00d6ppna inneh\u00e5llsf\u00f6rteckning\"><svg aria-hidden=\"true\" class=\"e-font-icon-svg e-fas-chevron-down\" viewBox=\"0 0 448 512\" xmlns=\"http:\/\/www.w3.org\/2000\/svg\"><path d=\"M207.029 381.476L12.686 187.132c-9.373-9.373-9.373-24.569 0-33.941l22.667-22.667c9.357-9.357 24.522-9.375 33.901-.04L224 284.505l154.745-154.021c9.379-9.335 24.544-9.317 33.901.04l22.667 22.667c9.373 9.373 9.373 24.569 0 33.941L240.971 381.476c-9.373 9.372-24.569 9.372-33.942 0z\"><\/path><\/svg><\/div>\n\t\t\t\t<div class=\"elementor-toc__toggle-button elementor-toc__toggle-button--collapse\" role=\"button\" tabindex=\"0\" aria-controls=\"elementor-toc__1c30362\" aria-expanded=\"true\" aria-label=\"St\u00e4ng inneh\u00e5llsf\u00f6rteckning\"><svg aria-hidden=\"true\" class=\"e-font-icon-svg e-fas-chevron-up\" viewBox=\"0 0 448 512\" xmlns=\"http:\/\/www.w3.org\/2000\/svg\"><path d=\"M240.971 130.524l194.343 194.343c9.373 9.373 9.373 24.569 0 33.941l-22.667 22.667c-9.357 9.357-24.522 9.375-33.901.04L224 227.495 69.255 381.516c-9.379 9.335-24.544 9.317-33.901-.04l-22.667-22.667c-9.373-9.373-9.373-24.569 0-33.941L207.03 130.525c9.372-9.373 24.568-9.373 33.941-.001z\"><\/path><\/svg><\/div>\n\t\t\t\t\t<\/div>\n\t\t\t\t<div id=\"elementor-toc__1c30362\" class=\"elementor-toc__body\">\n\t\t\t<div class=\"elementor-toc__spinner-container\">\n\t\t\t\t<svg class=\"elementor-toc__spinner eicon-animation-spin e-font-icon-svg e-eicon-loading\" aria-hidden=\"true\" viewBox=\"0 0 1000 1000\" xmlns=\"http:\/\/www.w3.org\/2000\/svg\"><path d=\"M500 975V858C696 858 858 696 858 500S696 142 500 142 142 304 142 500H25C25 237 238 25 500 25S975 237 975 500 763 975 500 975Z\"><\/path><\/svg>\t\t\t<\/div>\n\t\t<\/div>\n\t\t\t\t\t\t<\/div>\n\t\t\t\t<\/div>\n\t\t\t\t\t<\/div>\n\t\t\t\t<\/div>\n\t\t<div class=\"elementor-element elementor-element-herorght0 e-con-full e-flex e-con e-child\" data-id=\"herorght0\" data-element_type=\"container\" data-e-type=\"container\">\n\t\t\t\t<div class=\"elementor-element elementor-element-heroimg00 iwg-hero-image elementor-widget elementor-widget-image\" data-id=\"heroimg00\" data-element_type=\"widget\" data-e-type=\"widget\" data-widget_type=\"image.default\">\n\t\t\t\t\t\t\t\t\t\t\t\t\t\t\t<img fetchpriority=\"high\" decoding=\"async\" width=\"683\" height=\"1024\" src=\"https:\/\/iwell-guard.com\/wp-content\/uploads\/2026\/04\/lichtwesen_erzengel-uriel-683x1024.webp\" class=\"attachment-large size-large wp-image-136363\" alt=\"\u00c4rke\u00e4ngeln Uriel \u2013 ljusgenomfl\u00f6dad illustration av ljusv\u00e4sendet\" srcset=\"https:\/\/iwell-guard.com\/wp-content\/uploads\/2026\/04\/lichtwesen_erzengel-uriel-683x1024.webp 683w, https:\/\/iwell-guard.com\/wp-content\/uploads\/2026\/04\/lichtwesen_erzengel-uriel-200x300.webp 200w, https:\/\/iwell-guard.com\/wp-content\/uploads\/2026\/04\/lichtwesen_erzengel-uriel-768x1152.webp 768w, https:\/\/iwell-guard.com\/wp-content\/uploads\/2026\/04\/lichtwesen_erzengel-uriel.webp 1024w\" sizes=\"(max-width: 683px) 100vw, 683px\" \/>\t\t\t\t\t\t\t\t\t\t\t\t\t\t\t<\/div>\n\t\t\t\t<\/div>\n\t\t\t\t\t<\/div>\n\t\t\t\t<\/div>\n\t\t<div class=\"elementor-element elementor-element-wmd-s1 e-con-boxed e-flex e-con e-parent\" data-id=\"wmd-s1\" data-element_type=\"container\" data-e-type=\"container\">\n\t\t\t\t\t<div class=\"e-con-inner\">\n\t\t\t\t<div class=\"elementor-element elementor-element-wmd-h1 elementor-widget elementor-widget-heading\" data-id=\"wmd-h1\" data-element_type=\"widget\" data-e-type=\"widget\" data-widget_type=\"heading.default\">\n\t\t\t\t\t<h2 class=\"elementor-heading-title elementor-size-default\">Snabb\u00f6versikt: \u00c4rke\u00e4ngeln Uriel<\/h2>\t\t\t\t<\/div>\n\t\t<div class=\"elementor-element elementor-element-wmd-s1-bw e-flex e-con-boxed e-con e-parent\" data-id=\"wmd-s1-bw\" data-element_type=\"container\" data-e-type=\"container\" data-settings=\"{&quot;background_background&quot;:&quot;classic&quot;}\">\n\t\t\t\t\t<div class=\"e-con-inner\">\n\t\t\t\t<div class=\"elementor-element elementor-element-wmd-t1 elementor-widget elementor-widget-text-editor\" data-id=\"wmd-t1\" data-element_type=\"widget\" data-e-type=\"widget\" data-widget_type=\"text-editor.default\">\n\t\t\t\t\t\t\t\t\t<p><strong>Typ:<\/strong> \u00c4rke\u00e4ngel, eldens v\u00e4ktare, vis man och siare Tradition: Judendomen (Enoks apokalyps, Sefer Hechalot), Kristendomen (4 Esra), v\u00e4sterl\u00e4ndsk angelologi Funktion: Visdom, upplysning, genomlysning av villfarelse, transformerande eld Huvudattribut\/symboler: Guldf\u00e4rgad eller r\u00f6d eld, flammande sv\u00e4rd, visdomens b\u00e4gare Spridning: S\u00e4rskilt i apokryfiska texter, judisk <span class=\"iwg-fachbegriff\" data-tooltip=\"Religi\u00f6s str\u00f6mning med fokus p\u00e5 direkt gudsupplevelse.\" tabindex=\"0\">mystik<\/span>, v\u00e4sterl\u00e4ndska esoteriska skolor<\/p>\t\t\t\t\t\t\t\t<\/div>\n\t\t\t\t\t<\/div>\n\t\t\t\t<\/div>\n\t\t\t\t\t<\/div>\n\t\t\t\t<\/div>\n\t\t<div class=\"elementor-element elementor-element-wmd-s2 e-con-boxed e-flex e-con e-parent\" data-id=\"wmd-s2\" data-element_type=\"container\" data-e-type=\"container\">\n\t\t\t\t\t<div class=\"e-con-inner\">\n\t\t\t\t<div class=\"elementor-element elementor-element-wmd-h2 elementor-widget elementor-widget-heading\" data-id=\"wmd-h2\" data-element_type=\"widget\" data-e-type=\"widget\" data-widget_type=\"heading.default\">\n\t\t\t\t\t<h2 class=\"elementor-heading-title elementor-size-default\">Inordning<\/h2>\t\t\t\t<\/div>\n\t\t<div class=\"elementor-element elementor-element-wmd-s2-bw e-flex e-con-boxed e-con e-parent\" data-id=\"wmd-s2-bw\" data-element_type=\"container\" data-e-type=\"container\" data-settings=\"{&quot;background_background&quot;:&quot;classic&quot;}\">\n\t\t\t\t\t<div class=\"e-con-inner\">\n\t\t\t\t<div class=\"elementor-element elementor-element-wmd-t2 elementor-widget elementor-widget-text-editor\" data-id=\"wmd-t2\" data-element_type=\"widget\" data-e-type=\"widget\" data-widget_type=\"text-editor.default\">\n\t\t\t\t\t\t\t\t\t<h3>Tradition<\/h3><p>Uriel (<em>Uriyel<\/em>, &#8221;Gud \u00e4r min eld&#8221; eller &#8221;Gud \u00e4r mitt ljus&#8221;) f\u00f6rekommer i apokryfiska skrifter och apokryf-texter som Enoks apokalyps och 4 Esra. I Enoks apokalyps \u00e4r Uriel den <span class=\"iwg-fachbegriff\" data-tooltip=\"I de abrahamitiska religionerna en himmelsk s\u00e4ndebudsvarelse fr\u00e5n Gud.\" tabindex=\"0\">\u00e4ngel<\/span> som h\u00e4rskar \u00f6ver helvetet och visar m\u00e4nniskorna Guds r\u00e4ttvisev\u00e5gar.<\/p><p>I kabbalistiska system tillskrivs Uriel ofta sefiran Chokmah (visdom) eller Gevurah (kraft\/str\u00e4nghet). Den v\u00e4sterl\u00e4ndska angelologin lyfte Uriel till niv\u00e5n f\u00f6r de fyra h\u00f6gsta \u00e4rke\u00e4nglarna (tillsammans med Mikael, Gabriel och Rafael). Teosofiska och esoteriska skolor betonar Uriels roll som \u00f6ppnare av det tredje \u00f6gat och bringare av upplysning.<\/p><h3>K\u00e4ll\u00e4ge<\/h3><p>Apokryfiska k\u00e4llor: Enoks bok (1 Enok), 4 Esra, Pseudo-Dionysios Areopagita (kristen angelologi). <span class=\"iwg-fachbegriff\" data-tooltip=\"Huvudverket inom rabbinsk judendom med tolkning av den religi\u00f6sa traditionen.\" tabindex=\"0\">Talmud<\/span> och Sefer Hechalot n\u00e4mner Uriel bland \u00e4rke\u00e4nglarna i Merkabah-<span class=\"iwg-fachbegriff\" data-tooltip=\"Religi\u00f6s str\u00f6mning med fokus p\u00e5 direkt gudsupplevelse.\" tabindex=\"0\">mystiken<\/span>. Den kristna konsttraditionen avbildade Uriel mindre ofta \u00e4n Mikael eller Gabriel, men han \u00e4r igenk\u00e4nnlig genom eld eller b\u00e4gare.<\/p><p>Modern esoterisk litteratur, s\u00e4rskilt inom v\u00e4sterl\u00e4ndsk spiritualitet, har \u00e5teruppt\u00e4ckt Uriel som visdomens och den inre upplysningens \u00e4rke\u00e4ngel.<\/p><div><h3>K\u00e4ll\u00e4ge utanf\u00f6r den bibliska kanon<\/h3><p>Uriel (hebreiska <em>Uri&#8217;el<\/em>, &#8221;Gud \u00e4r mitt ljus&#8221;) f\u00f6rekommer inte i den protestantiska eller judiska bibelkanonen, men v\u00e4l i den mellantestamentliga apokalyptiken. I 4 Esra-boken (apokryferna) \u00e4r han den <span class=\"iwg-fachbegriff\" data-tooltip=\"I de abrahamitiska religionerna en himmelsk s\u00e4ndebudsvarelse fr\u00e5n Gud.\" tabindex=\"0\">\u00e4ngel<\/span> som uppenbarar de kommande h\u00e4ndelserna f\u00f6r Esra; i F\u00f6rsta Enoksboken \u00e4r han en av de fyra eller sju \u00e4rke\u00e4nglarna och v\u00e4ktare \u00f6ver himlavalvet och stj\u00e4rnorna.<\/p><p>Den \u00f6sterortodoxa och den koptiska traditionen r\u00e4knar honom bland de fyra eller sju \u00e4rke\u00e4nglarna; den katolska traditionen utesl\u00f6t honom 745 vid en romersk synod som okanonisk, men har aldrig helt \u00f6vergett honom inom <span class=\"iwg-fachbegriff\" data-tooltip=\"Den religiositet som levs i vardagen, ofta vid sidan av den officiella l\u00e4ran.\" tabindex=\"0\">folktron<\/span>.<\/p><\/div>\t\t\t\t\t\t\t\t<\/div>\n\t\t\t\t\t<\/div>\n\t\t\t\t<\/div>\n\t\t\t\t\t<\/div>\n\t\t\t\t<\/div>\n\t\t<div class=\"elementor-element elementor-element-wmd-s3 e-con-boxed e-flex e-con e-parent\" data-id=\"wmd-s3\" data-element_type=\"container\" data-e-type=\"container\">\n\t\t\t\t\t<div class=\"e-con-inner\">\n\t\t\t\t<div class=\"elementor-element elementor-element-wmd-h3 elementor-widget elementor-widget-heading\" data-id=\"wmd-h3\" data-element_type=\"widget\" data-e-type=\"widget\" data-widget_type=\"heading.default\">\n\t\t\t\t\t<h2 class=\"elementor-heading-title elementor-size-default\">Utseende och symboler<\/h2>\t\t\t\t<\/div>\n\t\t<div class=\"elementor-element elementor-element-wmd-s3-bw e-flex e-con-boxed e-con e-parent\" data-id=\"wmd-s3-bw\" data-element_type=\"container\" data-e-type=\"container\" data-settings=\"{&quot;background_background&quot;:&quot;classic&quot;}\">\n\t\t\t\t\t<div class=\"e-con-inner\">\n\t\t\t\t<div class=\"elementor-element elementor-element-wmd-t3 elementor-widget elementor-widget-text-editor\" data-id=\"wmd-t3\" data-element_type=\"widget\" data-e-type=\"widget\" data-widget_type=\"text-editor.default\">\n\t\t\t\t\t\t\t\t\t<p>Uriel framst\u00e4lls som en str\u00e5lande, intensiv ljusvarelse i guldf\u00e4rgade eller r\u00f6d-guldf\u00e4rgade dr\u00e4kter eller flammande ljus. Hans f\u00e4rg \u00e4r lysande guld eller gl\u00f6dande r\u00f6d-guld, ibland genomv\u00e4vd av vitt, klart ljus. Han b\u00e4r en b\u00e4gare (visdomens) eller ett flammande sv\u00e4rd.<\/p><p>Ibland avbildas han med en bok eller skrifttavlor, visdomens bok. Vingar av guldf\u00e4rgad flamma omger honom. Energim\u00e4ssigt verkar Uriel intensiv, genomtr\u00e4ngande och klarg\u00f6rande, som direkt solljus genom dimma eller alkemisk eld. Hans n\u00e4rvaro br\u00e4nner bort det som inte \u00e4r sant och avsl\u00f6jar det v\u00e4sentliga.<\/p>\t\t\t\t\t\t\t\t<\/div>\n\t\t\t\t\t<\/div>\n\t\t\t\t<\/div>\n\t\t\t\t\t<\/div>\n\t\t\t\t<\/div>\n\t\t<div class=\"elementor-element elementor-element-wmd-s4 e-con-boxed e-flex e-con e-parent\" data-id=\"wmd-s4\" data-element_type=\"container\" data-e-type=\"container\">\n\t\t\t\t\t<div class=\"e-con-inner\">\n\t\t\t\t<div class=\"elementor-element elementor-element-wmd-h4 elementor-widget elementor-widget-heading\" data-id=\"wmd-h4\" data-element_type=\"widget\" data-e-type=\"widget\" data-widget_type=\"heading.default\">\n\t\t\t\t\t<h2 class=\"elementor-heading-title elementor-size-default\">Funktion och betydelse<\/h2>\t\t\t\t<\/div>\n\t\t<div class=\"elementor-element elementor-element-wmd-s4-bw e-flex e-con-boxed e-con e-parent\" data-id=\"wmd-s4-bw\" data-element_type=\"container\" data-e-type=\"container\" data-settings=\"{&quot;background_background&quot;:&quot;classic&quot;}\">\n\t\t\t\t\t<div class=\"e-con-inner\">\n\t\t\t\t<div class=\"elementor-element elementor-element-wmd-t4 elementor-widget elementor-widget-text-editor\" data-id=\"wmd-t4\" data-element_type=\"widget\" data-e-type=\"widget\" data-widget_type=\"text-editor.default\">\n\t\t\t\t\t\t\t\t\t<p>Uriel \u00e4r visdomens och sanningens <span class=\"iwg-fachbegriff\" data-tooltip=\"I de abrahamitiska religionerna en himmelsk s\u00e4ndebudsvarelse fr\u00e5n Gud.\" tabindex=\"0\">\u00e4ngel<\/span>. D\u00e4r Mikael strider med sv\u00e4rdet, Rafael helar och Gabriel f\u00f6rkunnar, visar Uriel sanningen sj\u00e4lv. Han genomlyser villfarelse, sj\u00e4lvbedr\u00e4geri och omedvetna m\u00f6nster.<\/p><p>Uriel symboliserar erk\u00e4nnandets inre eld, inte kall intellekt utan den levande, transformerande visdomen som brinner. I psykologiska termer f\u00f6rkroppsligar Uriel det h\u00f6gsta medvetandet och f\u00f6rm\u00e5gan att se verkligheten som den \u00e4r. Hans guldf\u00e4rgade energi t\u00e4nder den inre ljuskroppen och aktiverar det tredje \u00f6gat.<\/p><div><h3>Funktion och symbolik<\/h3><p>I den judiska \u00e4ngelmagin \u00e4r Uriel <span class=\"iwg-fachbegriff\" data-tooltip=\"I de abrahamitiska religionerna en himmelsk s\u00e4ndebudsvarelse fr\u00e5n Gud.\" tabindex=\"0\">\u00e4ngeln<\/span> f\u00f6r s\u00f6derns himlariktning (i vissa skolor, i andra omv\u00e4nt till Mikael), f\u00f6r jorden och sf\u00e4ren Malkuth eller Geburah. I den moderna ljusarbetartraditionen f\u00f6rknippas han ofta med visdom, andlig klarhet och elementet jord.<\/p><p>I den v\u00e4sterl\u00e4ndska ritualmagin inom Den gyllene gryningen \u00e4r han \u00e4rke\u00e4ngeln f\u00f6r norr och jorden. Den ikonografiska traditionen visar honom ofta med skriftrulle eller bok, som b\u00e4rare av gudomlig visdom och upplysning genom f\u00f6rnuftet.<\/p><\/div>\t\t\t\t\t\t\t\t<\/div>\n\t\t\t\t\t<\/div>\n\t\t\t\t<\/div>\n\t\t\t\t\t<\/div>\n\t\t\t\t<\/div>\n\t\t<div class=\"elementor-element elementor-element-wmd-s5 e-con-boxed e-flex e-con e-parent\" data-id=\"wmd-s5\" data-element_type=\"container\" data-e-type=\"container\">\n\t\t\t\t\t<div class=\"e-con-inner\">\n\t\t\t\t<div class=\"elementor-element elementor-element-wmd-h5 elementor-widget elementor-widget-heading\" data-id=\"wmd-h5\" data-element_type=\"widget\" data-e-type=\"widget\" data-widget_type=\"heading.default\">\n\t\t\t\t\t<h2 class=\"elementor-heading-title elementor-size-default\">Praktik \/ \u00e5kallan \/ betydelse i iWell Guard-sammanhang<\/h2>\t\t\t\t<\/div>\n\t\t<div class=\"elementor-element elementor-element-wmd-s5-bw e-flex e-con-boxed e-con e-parent\" data-id=\"wmd-s5-bw\" data-element_type=\"container\" data-e-type=\"container\" data-settings=\"{&quot;background_background&quot;:&quot;classic&quot;}\">\n\t\t\t\t\t<div class=\"e-con-inner\">\n\t\t\t\t<div class=\"elementor-element elementor-element-wmd-t5 elementor-widget elementor-widget-text-editor\" data-id=\"wmd-t5\" data-element_type=\"widget\" data-e-type=\"widget\" data-widget_type=\"text-editor.default\">\n\t\t\t\t\t\t\t\t\t<p>Inom iWell Guard \u00e5kallas Uriel f\u00f6r att ta emot djup visdom och avsl\u00f6ja blinda fl\u00e4ckar. En praktik \u00e4r att t\u00e4nda ett guld- eller r\u00f6tt ljus och be Uriel \u00f6ppna hj\u00e4rtats \u00f6gon.<\/p><p>Uriels eld visualiseras f\u00f6r att br\u00e4nna bort gamla, blockerande m\u00f6nster och skapa utrymme f\u00f6r ny insikt. Uriel hj\u00e4lper s\u00e4rskilt n\u00e4r man k\u00e4nner sig \u201efast\u201d eller f\u00f6rlamad av f\u00f6rvirring. Hans flamma ger klarhet utan sm\u00e4rta, en f\u00f6rvandlande eld som bygger upp, inte f\u00f6rst\u00f6r. Uriel \u00e4r v\u00e4ktaren av den djupare sanningen i sj\u00e4lva iWell-Guard-f\u00e4ltet.<\/p><div><h3>iWell-Guard-position<\/h3><p>Liksom Rafael n\u00e4mns Uriel inte explicit i iWell-Guard-<span class=\"iwg-fachbegriff\" data-tooltip=\"En helig stavelse eller formel som upprepas inom hinduismen och buddhismen.\" tabindex=\"0\">mantrat<\/span>, men han r\u00e4knas implicit som en av de fyra v\u00e4sterl\u00e4ndska \u00e4rke\u00e4nglarna i ljuskors-traditionen. I den ut\u00f6kade skyddsvisualiseringen kan han \u00e5kallas som v\u00e4sterl\u00e4ndsk skyddskraft (i Gyllene gryningens tillskrivning) eller som skyddsinstans f\u00f6r jordskiktet. Konstellationen av de fyra \u00e4rke\u00e4nglarna Mikael-Gabriel-Rafael-Uriel utg\u00f6r den ritualmagiska standardformen f\u00f6r <span class=\"iwg-fachbegriff\" data-tooltip=\"Inom de abrahamitiska religionerna ett himmelskt s\u00e4ndebud fr\u00e5n Gud.\" tabindex=\"0\">\u00c4ngel<\/span>&#8211;<span class=\"iwg-fachbegriff\" data-tooltip=\"Det bedjande eller besv\u00e4rjande tilltalet av en gudom eller makt.\" tabindex=\"0\">\u00e5kallan<\/span> inom den v\u00e4sterl\u00e4ndska <span class=\"iwg-fachbegriff\" data-tooltip=\"Samlingsbegrepp f\u00f6r l\u00e4ror som g\u00f6r anspr\u00e5k p\u00e5 en dold kunskap som endast \u00e4r tillg\u00e4nglig f\u00f6r invigda.\" tabindex=\"0\">esoterikens<\/span> korpus.<\/p><\/div>\t\t\t\t\t\t\t\t<\/div>\n\t\t\t\t\t<\/div>\n\t\t\t\t<\/div>\n\t\t\t\t\t<\/div>\n\t\t\t\t<\/div>\n\t\t<div class=\"elementor-element elementor-element-wmd-s6 e-con-boxed e-flex e-con e-parent\" data-id=\"wmd-s6\" data-element_type=\"container\" data-e-type=\"container\">\n\t\t\t\t\t<div class=\"e-con-inner\">\n\t\t\t\t<div class=\"elementor-element elementor-element-wmd-h6 elementor-widget elementor-widget-heading\" data-id=\"wmd-h6\" data-element_type=\"widget\" data-e-type=\"widget\" data-widget_type=\"heading.default\">\n\t\t\t\t\t<h2 class=\"elementor-heading-title elementor-size-default\">Paralleller<\/h2>\t\t\t\t<\/div>\n\t\t<div class=\"elementor-element elementor-element-wmd-s6-bw e-flex e-con-boxed e-con e-parent\" data-id=\"wmd-s6-bw\" data-element_type=\"container\" data-e-type=\"container\" data-settings=\"{&quot;background_background&quot;:&quot;classic&quot;}\">\n\t\t\t\t\t<div class=\"e-con-inner\">\n\t\t\t\t<div class=\"elementor-element elementor-element-wmd-t6 elementor-widget elementor-widget-text-editor\" data-id=\"wmd-t6\" data-element_type=\"widget\" data-e-type=\"widget\" data-widget_type=\"text-editor.default\">\n\t\t\t\t\t\t\t\t\t<footer class=\"iwg-literatur\" data-nosnippet=\"true\"><p>Uriel \u00e5terfinns som visdoms- och eldv\u00e4ktare i: <em>Agni<\/em> inom hinduismen (gud f\u00f6r elden och insikten), <em>Prometheus<\/em> i den grekiska mytologin (eldens bringare), <em>Oden<\/em> i den nordiska traditionen (siare och offrare f\u00f6r visdom), <em>Hefaistos<\/em> som sanningens smed, samt <em>Bel<\/em> i babylonisk tradition (den som ordnar kaos genom ljus). Alla f\u00f6rkroppsligar eldens f\u00f6rvandlande kraft och upplysningen.<\/p><\/footer>\t\t\t\t\t\t\t\t<\/div>\n\t\t\t\t\t<\/div>\n\t\t\t\t<\/div>\n\t\t\t\t\t<\/div>\n\t\t\t\t<\/div>\n\t\t<div class=\"elementor-element elementor-element-cpe1ffd00 e-flex e-con-boxed e-con e-parent\" data-id=\"cpe1ffd00\" data-element_type=\"container\" data-e-type=\"container\">\n\t\t\t\t\t<div class=\"e-con-inner\">\n\t\t\t\t<div class=\"elementor-element elementor-element-cp49814f5 elementor-widget elementor-widget-heading\" data-id=\"cp49814f5\" data-element_type=\"widget\" data-e-type=\"widget\" data-widget_type=\"heading.default\">\n\t\t\t\t\t<h2 class=\"elementor-heading-title elementor-size-default\">Uriel i den apokryfa och pseudepigrafiska traditionen<\/h2>\t\t\t\t<\/div>\n\t\t<div class=\"elementor-element elementor-element-cpce17619 e-con-full e-flex e-con e-child\" data-id=\"cpce17619\" data-element_type=\"container\" data-e-type=\"container\">\n\t\t\t\t<div class=\"elementor-element elementor-element-cp2a91b55 elementor-widget elementor-widget-text-editor\" data-id=\"cp2a91b55\" data-element_type=\"widget\" data-e-type=\"widget\" data-widget_type=\"text-editor.default\">\n\t\t\t\t\t\t\t\t\t<p>Till skillnad fr\u00e5n Mikael och Gabriel n\u00e4mns Uriel inte vid namn i <span class=\"iwg-fachbegriff\" data-tooltip=\"Den samling av en religions heliga skrifter som erk\u00e4nns som bindande.\" tabindex=\"0\">kanon<\/span> f\u00f6r den hebreiska bibeln och Nya testamentet. Hans betydelse beror n\u00e4stan helt p\u00e5 den apokryfa och pseudepigrafiska litteraturen fr\u00e5n det antika judendomen. Den viktigaste k\u00e4llan \u00e4r den etiopiska Enoksboken, som tillkom i flera skikt mellan det tredje f\u00f6rkristna och det f\u00f6rsta efterkristna \u00e5rhundradet.<\/p><p>I f\u00f6rsta Enoksboken h\u00f6r Uriel till de fyra eller sju \u00e4rke\u00e4nglar som st\u00e5r inf\u00f6r Guds tron. D\u00e4r framtr\u00e4der han som <span class=\"iwg-fachbegriff\" data-tooltip=\"Inom de abrahamitiska religionerna ett himmelskt s\u00e4ndebud fr\u00e5n Gud.\" tabindex=\"0\">\u00e4ngeln<\/span> som leder Enok genom de kosmiska regionerna och f\u00f6rklarar f\u00f6r honom stj\u00e4rnornas lagar, solens och m\u00e5nens g\u00e5ng samt \u00e5rstidernas ordning.<\/p><p>I Enoksbokens astronomiska kapitel \u00e4r Uriel kalenderns l\u00e4rom\u00e4stare. Denna koppling till ljus, himlamekanik och kunskapsf\u00f6rmedling pr\u00e4glar hans profil varaktigt.<\/p><p>Fj\u00e4rde Esraboken, en judisk apokalyps fr\u00e5n slutet av det f\u00f6rsta \u00e5rhundradet, ger Uriel en annan karakteristisk roll. D\u00e4r \u00e4r han <span class=\"iwg-fachbegriff\" data-tooltip=\"Inom de abrahamitiska religionerna ett himmelskt s\u00e4ndebud fr\u00e5n Gud.\" tabindex=\"0\">\u00e4ngeln<\/span> som svarar siaren Esra och undervisar honom om gr\u00e4nserna f\u00f6r m\u00e4nsklig kunskap.<\/p><p>Uriel st\u00e4ller ol\u00f6sliga g\u00e5tor till Esra f\u00f6r att visa honom att m\u00e4nniskan inte kan utforska Guds v\u00e4gar.<\/p><p>Forskningen betonar att Uriels namn, som kan tolkas som Guds ljus eller Guds eld, passar v\u00e4l till dessa funktioner.<\/p><p>I de olika \u00e4nglalistorna i den pseudepigrafiska litteraturen varierar dock ordningen och till och med sammans\u00e4ttningen av \u00e4rke\u00e4ngelgruppen. Uriel finns inte med i alla listor, vilket visar att det antika judendomens \u00e4nglahierarki inte var ett fast system.<\/p>\t\t\t\t\t\t\t\t<\/div>\n\t\t\t\t<\/div>\n\t\t\t\t\t<\/div>\n\t\t\t\t<\/div>\n\t\t<div class=\"elementor-element elementor-element-cpfb3ca31 e-flex e-con-boxed e-con e-parent\" data-id=\"cpfb3ca31\" data-element_type=\"container\" data-e-type=\"container\">\n\t\t\t\t\t<div class=\"e-con-inner\">\n\t\t\t\t<div class=\"elementor-element elementor-element-cp96f5c82 elementor-widget elementor-widget-heading\" data-id=\"cp96f5c82\" data-element_type=\"widget\" data-e-type=\"widget\" data-widget_type=\"heading.default\">\n\t\t\t\t\t<h2 class=\"elementor-heading-title elementor-size-default\">Uriels omstridda st\u00e4llning i den kristna kyrkan<\/h2>\t\t\t\t<\/div>\n\t\t<div class=\"elementor-element elementor-element-cp2e4fa33 e-con-full e-flex e-con e-child\" data-id=\"cp2e4fa33\" data-element_type=\"container\" data-e-type=\"container\">\n\t\t\t\t<div class=\"elementor-element elementor-element-cp1352892 elementor-widget elementor-widget-text-editor\" data-id=\"cp1352892\" data-element_type=\"widget\" data-e-type=\"widget\" data-widget_type=\"text-editor.default\">\n\t\t\t\t\t\t\t\t\t<p>Dyrkan av Uriel i den kristna traditionen har varit oenhetlig. Medan Mikael, Gabriel och Rafael kunde st\u00f6dja sig p\u00e5 bibliska bel\u00e4gg, saknade Uriel denna kanoniska grund. Det ledde till kyrkliga tvister om vilka \u00e4nglanamn som \u00f6verhuvudtaget fick n\u00e4mnas i gudstj\u00e4nsten.<\/p><p>En romersk synod under p\u00e5ve Zacharias \u00e5r 745 tog upp dyrkan av \u00e4nglar som inte n\u00e4mns i Skriften. Enligt \u00f6verlevande k\u00e4llor bekr\u00e4ftades endast de tre bibliskt belagda \u00e4rke\u00e4nglarna som till\u00e5tna.<\/p><p>Uriel och andra \u00e4nglanamn som f\u00f6rekom i apokryfa skrifter avvisades, eftersom synoden ans\u00e5g att bakom vissa av dessa namn kanske inte fanns verkliga <span class=\"iwg-fachbegriff\" data-tooltip=\"I de abrahamitiska religionerna ett himmelskt s\u00e4ndebud fr\u00e5n Gud.\" tabindex=\"0\">\u00e4nglar<\/span>, utan m\u00f6jligen demoner. Denna f\u00f6rsiktighet pr\u00e4glade den v\u00e4stliga kyrkan l\u00e4nge.<\/p><p>Trots detta \u00f6verlevde dyrkan av Uriel i olika str\u00f6mningar. I den etiopisk-ortodoxa kyrkan, vars <span class=\"iwg-fachbegriff\" data-tooltip=\"Den samling av heliga skrifter i en religion som erk\u00e4nns som bindande.\" tabindex=\"0\">kanon<\/span> inkluderar Enoksboken, har Uriel en fast plats. Han n\u00e4mns \u00e4ven i den koptiska traditionen och i delar av den \u00f6sterl\u00e4ndska kyrkliga traditionen.<\/p><p>I den v\u00e4stliga <span class=\"iwg-fachbegriff\" data-tooltip=\"Den vardagligt levda religiositeten, ofta vid sidan av den officiella l\u00e4ran.\" tabindex=\"0\">folktron<\/span> levde Uriel ocks\u00e5 kvar, till exempel i b\u00f6ner och i <span class=\"iwg-fachbegriff\" data-tooltip=\"L\u00e4ran om bildinneh\u00e5ll och deras betydelse.\" tabindex=\"0\">ikonografin<\/span>, utan att f\u00e5 officiell liturgisk status.<\/p><p>Inom den anglikanska sf\u00e4ren och i den tidigmoderna esoteriska traditionen fick Uriel ytterligare betydelse. John Dee, l\u00e4rd man och r\u00e5dgivare vid Elisabet I:s hov, n\u00e4mnde Uriel som en av de <span class=\"iwg-fachbegriff\" data-tooltip=\"I de abrahamitiska religionerna ett himmelskt s\u00e4ndebud fr\u00e5n Gud.\" tabindex=\"0\">\u00e4nglar<\/span> han s\u00e5g i sina visioner.<\/p><p>D\u00e4rmed vandrade Uriel delvis fr\u00e5n <span class=\"iwg-fachbegriff\" data-tooltip=\"Den vetenskapliga l\u00e4ran om Gud och om en religions tro.\" tabindex=\"0\">teologin<\/span> in i <span class=\"iwg-fachbegriff\" data-tooltip=\"Praktiker som genom s\u00e4rskilda handlingar eller formler f\u00f6rs\u00f6ker p\u00e5verka tingens g\u00e5ng.\" tabindex=\"0\">magin<\/span> och den hermetiska litteraturen. Religionsvetenskaplig forskning ser i denna vandring ett exempel p\u00e5 hur en gestalt som inte fullt erk\u00e4nns av kyrkan just i utkanterna av <span class=\"iwg-fachbegriff\" data-tooltip=\"Den levda religi\u00f6sa h\u00e5llningen och praktiken hos en m\u00e4nniska.\" tabindex=\"0\">frommheten<\/span> lever vidare.<\/p>\t\t\t\t\t\t\t\t<\/div>\n\t\t\t\t<\/div>\n\t\t\t\t\t<\/div>\n\t\t\t\t<\/div>\n\t\t<div class=\"elementor-element elementor-element-cp2808d57 e-flex e-con-boxed e-con e-parent\" data-id=\"cp2808d57\" data-element_type=\"container\" data-e-type=\"container\">\n\t\t\t\t\t<div class=\"e-con-inner\">\n\t\t\t\t<div class=\"elementor-element elementor-element-cp8f37d17 elementor-widget elementor-widget-heading\" data-id=\"cp8f37d17\" data-element_type=\"widget\" data-e-type=\"widget\" data-widget_type=\"heading.default\">\n\t\t\t\t\t<h2 class=\"elementor-heading-title elementor-size-default\">Uriel i konst, litteratur och modern esoterik<\/h2>\t\t\t\t<\/div>\n\t\t<div class=\"elementor-element elementor-element-cp67cac81 e-con-full e-flex e-con e-child\" data-id=\"cp67cac81\" data-element_type=\"container\" data-e-type=\"container\">\n\t\t\t\t<div class=\"elementor-element elementor-element-cp93ac241 elementor-widget elementor-widget-text-editor\" data-id=\"cp93ac241\" data-element_type=\"widget\" data-e-type=\"widget\" data-widget_type=\"text-editor.default\">\n\t\t\t\t\t\t\t\t\t<p>Inom den bildande konsten \u00e4r Uriel sv\u00e5r att entydigt identifiera, eftersom han inte tilldelas n\u00e5gra fasta attribut. D\u00e4r han f\u00f6rekommer namngiven b\u00e4r han ofta en flamma, en bok eller en skriftrulle, vilket pekar p\u00e5 hans funktioner som ljus- och vetande\u00e4ngel.<\/p><p>Ibland tilldelas han ett sv\u00e4rd, eftersom en tradition identifierar honom med keruben som enligt F\u00f6rsta Moseboken bevakar ing\u00e5ngen till Edens lustg\u00e5rd. Denna likst\u00e4llning \u00e4r dock en senare tolkning och saknar grund i den bibliska texten sj\u00e4lv.<\/p><p>I litteraturen fick Uriel sin nog mest inflytelserika gestalt genom John Miltons versepos <em>Paradise Lost<\/em> fr\u00e5n 1667. Milton g\u00f6r Uriel till solens regent och till himlens skarpaste \u00f6ga, som \u00e4nd\u00e5 blir lurat av Satan n\u00e4r denne f\u00f6rkl\u00e4r sig som en oskyldig <span class=\"iwg-fachbegriff\" data-tooltip=\"I de abrahamitiska religionerna ett himmelskt s\u00e4ndebud fr\u00e5n Gud.\" tabindex=\"0\">\u00e4ngel<\/span> och beger sig ner till jorden.<\/p><p>Miltons Uriel f\u00f6renade den \u00e4ldre astronomiska traditionen fr\u00e5n Enoksboken med en litter\u00e4r karakt\u00e4risering som starkt p\u00e5verkade den senare bilden.<\/p><p>Inom den moderna <span class=\"iwg-fachbegriff\" data-tooltip=\"Samlingsbegrepp f\u00f6r l\u00e4ror som g\u00f6r anspr\u00e5k p\u00e5 en dold kunskap tillg\u00e4nglig endast f\u00f6r invigda.\" tabindex=\"0\">esoteriken<\/span>, s\u00e4rskilt inom traditionen fr\u00e5n Hermetic Order of the Golden Dawn i slutet av 1800-talet, tillskrevs Uriel en av de fyra v\u00e4derstrecken och ett av de fyra elementen, oftast norr och jord.<\/p><p>Denna systematisering \u00e4r en nutida konstruktion och saknar grund i de antika k\u00e4llorna, d\u00e4r Uriel just inte f\u00f6rknippas med jorden utan med ljus och himmel.<\/p><p>Den samtida \u00e4nglalitteraturen och olika str\u00f6mningar inom religi\u00f6s sj\u00e4lvtolkning framh\u00e5ller ofta Uriel som visdomens eller den inre upplysningens <span class=\"iwg-fachbegriff\" data-tooltip=\"I de abrahamitiska religionerna ett himmelskt s\u00e4ndebud fr\u00e5n Gud.\" tabindex=\"0\">\u00e4ngel<\/span>.<\/p><p>Religionsvetenskapligt b\u00f6r man notera att dessa tillskrivningar vuxit fram ur moderna behov och avl\u00e4gsnar sig betydligt fr\u00e5n de historiska k\u00e4llorna. Den som vill j\u00e4mf\u00f6ra f\u00f6rest\u00e4llningarna om \u00e4nglar finner hos <a href=\"https:\/\/iwell-guard.com\/sv\/arkeangeln-mikael\/\">Mikael<\/a> och <a href=\"https:\/\/iwell-guard.com\/sv\/arkeangel-gabriel\/\">\u00c4rke\u00e4ngeln Gabriel<\/a> de <span class=\"iwg-fachbegriff\" data-tooltip=\"Tillh\u00f6rande den bindande erk\u00e4nda skriftsamlingen i en religion.\" tabindex=\"0\">kanoniskt<\/span> b\u00e4ttre belagda motsvarigheterna.<\/p>\t\t\t\t\t\t\t\t<\/div>\n\t\t\t\t<\/div>\n\t\t\t\t\t<\/div>\n\t\t\t\t<\/div>\n\t\t<div class=\"elementor-element elementor-element-cp4236cb0 e-flex e-con-boxed e-con e-parent\" data-id=\"cp4236cb0\" data-element_type=\"container\" data-e-type=\"container\">\n\t\t\t\t\t<div class=\"e-con-inner\">\n\t\t\t\t<div class=\"elementor-element elementor-element-cp921ef68 elementor-widget elementor-widget-heading\" data-id=\"cp921ef68\" data-element_type=\"widget\" data-e-type=\"widget\" data-widget_type=\"heading.default\">\n\t\t\t\t\t<h2 class=\"elementor-heading-title elementor-size-default\">Etymologi och namnets betydelse<\/h2>\t\t\t\t<\/div>\n\t\t<div class=\"elementor-element elementor-element-cp9ab3b06 e-con-full e-flex e-con e-child\" data-id=\"cp9ab3b06\" data-element_type=\"container\" data-e-type=\"container\">\n\t\t\t\t<div class=\"elementor-element elementor-element-cp008b2e9 elementor-widget elementor-widget-text-editor\" data-id=\"cp008b2e9\" data-element_type=\"widget\" data-e-type=\"widget\" data-widget_type=\"text-editor.default\">\n\t\t\t\t\t\t\t\t\t<p>Namnet Uriel \u00e4r en teofor bildning, allts\u00e5 ett namn som inneh\u00e5ller ett gudselement. Det best\u00e5r av den hebreiska best\u00e5ndsdelen f\u00f6r ljus eller eld och den vanliga \u00e4ndelsen som betecknar Gud och som \u00e4ven f\u00f6rekommer i namn som Michael, Gabriel och Raphael. Den vanliga \u00f6vers\u00e4ttningen lyder Guds ljus eller Guds eld.<\/p><p>Denna dubbeltydighet mellan ljus och eld \u00e4r ingen slump, utan motsvarar bredden hos det underliggande hebreiska ordet, som kan b\u00e4ra b\u00e5da betydelserna. Forskningen ser h\u00e4ri en anledning till att Uriel i k\u00e4llorna framtr\u00e4der b\u00e5de som ljusbringare och l\u00e4rare i himlens ordning, men ibland ocks\u00e5 som en straffande, eldig <span class=\"iwg-fachbegriff\" data-tooltip=\"I de abrahamitiska religionerna ett himmelskt budb\u00e4rarv\u00e4sen fr\u00e5n Gud.\" tabindex=\"0\">\u00e4ngel<\/span>.<\/p><p>I de olika handskrifterna och \u00f6vers\u00e4ttningarna varierar stavningen av namnet avsev\u00e4rt. I den grekiska och latinska traditionen f\u00f6rekommer former som <em>Ouriel<\/em>, i slaviska Henok-\u00f6verl\u00e4mningar ytterligare varianter.<\/p><p>I vissa \u00e4nglalistor f\u00f6rv\u00e4xlas Uriel med andra \u00e4nglanamn eller likst\u00e4lls med dem, exempelvis med Fanuel eller Sariel. Denna os\u00e4kerhet visar att namnen p\u00e5 de icke-kanoniska <span class=\"iwg-fachbegriff\" data-tooltip=\"I de abrahamitiska religionerna ett himmelskt budb\u00e4rarv\u00e4sen fr\u00e5n Gud.\" tabindex=\"0\">\u00e4nglarna<\/span> inte var strikt fastst\u00e4llda, utan f\u00f6r\u00e4ndrades under <span class=\"iwg-fachbegriff\" data-tooltip=\"\u00d6verf\u00f6ringen av kunskap och ber\u00e4ttelser genom generationer.\" tabindex=\"0\">\u00f6verl\u00e4mningens<\/span> g\u00e5ng.<\/p><p>Anm\u00e4rkningsv\u00e4rt \u00e4r att den kabbalistiska traditionen inom medeltidens judendom delvis f\u00f6rde Uriel vidare och gav honom en plats i sina komplexa \u00e4nglasystem, \u00e4ven d\u00e4r med skiftande st\u00e4llning. Den vetenskapliga bed\u00f6mningen \u00e4r att namnet Uriel mindre betecknar en klart avgr\u00e4nsad person \u00e4n ett funktionsknippe, som samlas kring f\u00f6rest\u00e4llningen om gudomligt ljus och himmelsk kunskap.<\/p>\t\t\t\t\t\t\t\t<\/div>\n\t\t\t\t<\/div>\n\t\t\t\t\t<\/div>\n\t\t\t\t<\/div>\n\t\t<div class=\"elementor-element elementor-element-b30cf3d e-con-boxed e-flex e-con e-parent\" data-id=\"b30cf3d\" data-element_type=\"container\" data-e-type=\"container\">\n\t\t\t\t\t<div class=\"e-con-inner\">\n\t\t\t\t<div class=\"elementor-element elementor-element-3992885 elementor-widget elementor-widget-text-editor\" data-id=\"3992885\" data-element_type=\"widget\" data-e-type=\"widget\" data-widget_type=\"text-editor.default\">\n\t\t\t\t\t\t\t\t\t\n<h2>Vanliga fr\u00e5gor om \u00e4rke\u00e4ngeln Uriel<\/h2>\n<div class=\"iwg-faq-q\"><h3>Vem \u00e4r \u00e4rke\u00e4ngeln Uriel?<\/h3><p>Uriel (hebreiska Ori-el, Guds ljus eller Gud \u00e4r ljus) \u00e4r en av de fyra (ibland sju) \u00e4rke\u00e4nglarna i den judisk-kristna traditionen, vid sidan av Michael, Gabriel och Raphael.<\/p><p>Till skillnad fr\u00e5n de tre andra n\u00e4mns Uriel inte vid namn i den hebreiska bibelkanonen; han f\u00f6rekommer f\u00f6rst i den apokryfa 4 Esra och i den etiopiska Henoksboken. I den ortodoxa traditionen \u00e4r han en av de sju \u00e4rke\u00e4nglarna, beskyddare av ljuset, visheten, upplysningen och den profetiska visionen.<\/p><\/div>\n<div class=\"iwg-faq-q\"><h3>Vilka symboler och aspekter f\u00f6rknippas med Uriel?<\/h3><p>I den v\u00e4sterl\u00e4ndska <span class=\"iwg-fachbegriff\" data-tooltip=\"I de abrahamitiska religionerna ett himmelskt budb\u00e4rarv\u00e4sen fr\u00e5n Gud.\" tabindex=\"0\">\u00e4ngla<\/span>&#8211;<span class=\"iwg-fachbegriff\" data-tooltip=\"Samlingsbegrepp f\u00f6r l\u00e4ror som g\u00f6r anspr\u00e5k p\u00e5 en dold kunskap, endast tillg\u00e4nglig f\u00f6r invigda.\" tabindex=\"0\">esoteriken<\/span> \u00e4r Uriel \u00e4rke\u00e4ngeln f\u00f6r upplysning och vishet, oftast avbildad med en flamma eller en uppslagen bok. Han f\u00f6rknippas med elementet jord (i andra traditioner eld), f\u00e4rgen guld eller rubinr\u00f6tt och norr som v\u00e4derstreck.<\/p><p>Uriel anses vara beskyddare av profetisk ingivelse, naturvetenskap och praktisk vishet. I den judiska <span class=\"iwg-fachbegriff\" data-tooltip=\"Religi\u00f6s str\u00f6mning med fokus p\u00e5 omedelbar guderfarenhet.\" tabindex=\"0\">mystiken<\/span> \u00e4r Uriel en av de fyra <span class=\"iwg-fachbegriff\" data-tooltip=\"I de abrahamitiska religionerna ett himmelskt budb\u00e4rarv\u00e4sen fr\u00e5n Gud.\" tabindex=\"0\">\u00e4nglar<\/span> som vaktar Shekhinah (den gudomliga n\u00e4rvaron) och det eviga ljuset.<\/p><\/div>\n<script type=\"application\/ld+json\">{\"@context\":\"https:\/\/schema.org\",\"@type\":\"FAQPage\",\"mainEntity\":[{\"@type\":\"Question\",\"name\":\"Vem \u00e4r \u00e4rke\u00e4ngeln Uriel?\",\"acceptedAnswer\":{\"@type\":\"Answer\",\"text\":\"Uriel (hebreiska Ori-el, Guds ljus eller Gud \u00e4r ljus) \u00e4r en av de fyra (ibland sju) \u00e4rke\u00e4nglarna i den judisk-kristna traditionen, vid sidan av Michael, Gabriel och Raphael.Till skillnad fr\u00e5n de tre andra n\u00e4mns Uriel inte vid namn i den hebreiska bibelkanonen; han f\u00f6rekommer f\u00f6rst i den apokryfa 4 Esra och i den etiopiska Henoksboken. I den ortodoxa traditionen \u00e4r han en av de sju \u00e4rke\u00e4nglarna, beskyddare av ljuset, visheten, upplysningen och den profetiska visionen.\"}},{\"@type\":\"Question\",\"name\":\"Vilka symboler och aspekter f\u00f6rknippas med Uriel?\",\"acceptedAnswer\":{\"@type\":\"Answer\",\"text\":\"I den v\u00e4sterl\u00e4ndska \u00e4ngla-esoteriken \u00e4r Uriel \u00e4rke\u00e4ngeln f\u00f6r upplysning och vishet, oftast avbildad med en flamma eller en uppslagen bok. Han f\u00f6rknippas med elementet jord (i andra traditioner eld), f\u00e4rgen guld eller rubinr\u00f6tt och norr som v\u00e4derstreck.Uriel anses vara beskyddare av profetisk ingivelse, naturvetenskap och praktisk vishet. I den judiska mystiken \u00e4r Uriel en av de fyra \u00e4nglar som vaktar Shekhinah (den gudomliga n\u00e4rvaron) och det eviga ljuset.\"}}]}<\/script>\t\t\t\t\t\t\t\t<\/div>\n\t\t\t\t\t<\/div>\n\t\t\t\t<\/div>\n\t\t\t\t<\/div>\n\t\t","protected":false},"excerpt":{"rendered":"","protected":false},"author":3,"featured_media":1624,"parent":0,"menu_order":0,"comment_status":"closed","ping_status":"closed","template":"elementor_header_footer","meta":{"_yoast_wpseo_focuskw":"\u00c4rke\u00e4ngeln Uriel","_yoast_wpseo_title":"Visdomens och upplysningens eld","_yoast_wpseo_metadesc":"\u00c4rke\u00e4ngeln Uriel uppenbarar djup sanning och t\u00e4nder inre upplysning. Uppt\u00e4ck hans kraft i den esoteriska traditionen","_yoast_wpseo_meta-robots-noindex":"","_yoast_wpseo_canonical":"","_angie_page":false,"gefaehrdungsstufe":"","wesen_kultur":"","wesen_klasse":"","footnotes":""},"categories":[],"class_list":["post-136593","page","type-page","status-publish","has-post-thumbnail","hentry"],"yoast_head":"<!-- This site is optimized with the Yoast SEO Premium plugin v27.7 (Yoast SEO v28.3) - https:\/\/yoast.com\/product\/yoast-seo-premium-wordpress\/ -->\n<title>Visdomens och upplysningens eld<\/title>\n<meta name=\"description\" content=\"\u00c4rke\u00e4ngeln Uriel uppenbarar djup sanning och t\u00e4nder inre upplysning. Uppt\u00e4ck hans kraft i den esoteriska traditionen\" \/>\n<meta name=\"robots\" content=\"index, follow, max-snippet:-1, max-image-preview:large, max-video-preview:-1\" \/>\n<link rel=\"canonical\" href=\"https:\/\/iwell-guard.com\/sv\/arkeangeln-uriel\/\" \/>\n<meta property=\"og:locale\" content=\"sv_SE\" \/>\n<meta property=\"og:type\" content=\"article\" \/>\n<meta property=\"og:title\" content=\"\u00c4rke\u00e4ngeln Uriel\" \/>\n<meta property=\"og:description\" content=\"\u00c4rke\u00e4ngeln Uriel uppenbarar djup sanning och t\u00e4nder inre upplysning. Uppt\u00e4ck hans kraft i den esoteriska traditionen\" \/>\n<meta property=\"og:url\" content=\"https:\/\/iwell-guard.com\/sv\/arkeangeln-uriel\/\" \/>\n<meta property=\"og:site_name\" content=\"iWell Guard\" \/>\n<meta property=\"article:modified_time\" content=\"2026-09-03T01:06:51+00:00\" \/>\n<meta property=\"og:image\" content=\"https:\/\/iwell-guard.com\/wp-content\/uploads\/2026\/04\/lichtwesen_erzengel-uriel.webp\" \/>\n\t<meta property=\"og:image:width\" content=\"1024\" \/>\n\t<meta property=\"og:image:height\" content=\"1536\" \/>\n\t<meta property=\"og:image:type\" content=\"image\/webp\" \/>\n<meta name=\"twitter:card\" content=\"summary_large_image\" \/>\n<script type=\"application\/ld+json\" class=\"yoast-schema-graph\">{\"@context\":\"https:\\\/\\\/schema.org\",\"@graph\":[{\"@type\":\"WebPage\",\"@id\":\"https:\\\/\\\/iwell-guard.com\\\/sv\\\/arkeangeln-uriel\\\/\",\"url\":\"https:\\\/\\\/iwell-guard.com\\\/sv\\\/arkeangeln-uriel\\\/\",\"name\":\"Visdomens och upplysningens eld\",\"isPartOf\":{\"@id\":\"https:\\\/\\\/iwell-guard.com\\\/sv\\\/#website\"},\"primaryImageOfPage\":{\"@id\":\"https:\\\/\\\/iwell-guard.com\\\/sv\\\/arkeangeln-uriel\\\/#primaryimage\"},\"image\":{\"@id\":\"https:\\\/\\\/iwell-guard.com\\\/sv\\\/arkeangeln-uriel\\\/#primaryimage\"},\"thumbnailUrl\":\"https:\\\/\\\/iwell-guard.com\\\/wp-content\\\/uploads\\\/2026\\\/04\\\/lichtwesen_erzengel-uriel.webp\",\"datePublished\":\"2026-09-03T00:08:21+00:00\",\"dateModified\":\"2026-09-03T01:06:51+00:00\",\"description\":\"\u00c4rke\u00e4ngeln Uriel uppenbarar djup sanning och t\u00e4nder inre upplysning. Uppt\u00e4ck hans kraft i den esoteriska traditionen\",\"breadcrumb\":{\"@id\":\"https:\\\/\\\/iwell-guard.com\\\/sv\\\/arkeangeln-uriel\\\/#breadcrumb\"},\"inLanguage\":\"sv-SE\",\"potentialAction\":[{\"@type\":\"ReadAction\",\"target\":[\"https:\\\/\\\/iwell-guard.com\\\/sv\\\/arkeangeln-uriel\\\/\"]}]},{\"@type\":\"ImageObject\",\"inLanguage\":\"sv-SE\",\"@id\":\"https:\\\/\\\/iwell-guard.com\\\/sv\\\/arkeangeln-uriel\\\/#primaryimage\",\"url\":\"https:\\\/\\\/iwell-guard.com\\\/wp-content\\\/uploads\\\/2026\\\/04\\\/lichtwesen_erzengel-uriel.webp\",\"contentUrl\":\"https:\\\/\\\/iwell-guard.com\\\/wp-content\\\/uploads\\\/2026\\\/04\\\/lichtwesen_erzengel-uriel.webp\",\"width\":1024,\"height\":1536,\"caption\":\"Ljusv\u00e4sen. Ljusgenomfl\u00f6dad illustration.\"},{\"@type\":\"BreadcrumbList\",\"@id\":\"https:\\\/\\\/iwell-guard.com\\\/sv\\\/arkeangeln-uriel\\\/#breadcrumb\",\"itemListElement\":[{\"@type\":\"ListItem\",\"position\":1,\"name\":\"Start\",\"item\":\"https:\\\/\\\/iwell-guard.com\\\/sv\\\/?page_id=136483\"},{\"@type\":\"ListItem\",\"position\":2,\"name\":\"\u00c4rke\u00e4ngeln Uriel\"}]},{\"@type\":\"WebSite\",\"@id\":\"https:\\\/\\\/iwell-guard.com\\\/sv\\\/#website\",\"url\":\"https:\\\/\\\/iwell-guard.com\\\/sv\\\/\",\"name\":\"iWell Guard\",\"description\":\"Schutz vor dunklen Einfl\u00fcssen\",\"publisher\":{\"@id\":\"https:\\\/\\\/iwell-guard.com\\\/sv\\\/#organization\"},\"potentialAction\":[{\"@type\":\"SearchAction\",\"target\":{\"@type\":\"EntryPoint\",\"urlTemplate\":\"https:\\\/\\\/iwell-guard.com\\\/sv\\\/?s={search_term_string}\"},\"query-input\":{\"@type\":\"PropertyValueSpecification\",\"valueRequired\":true,\"valueName\":\"search_term_string\"}}],\"inLanguage\":\"sv-SE\"},{\"@type\":\"Organization\",\"@id\":\"https:\\\/\\\/iwell-guard.com\\\/sv\\\/#organization\",\"name\":\"Ittermann electronic GmbH\",\"url\":\"https:\\\/\\\/iwell-guard.com\\\/sv\\\/\",\"logo\":{\"@type\":\"ImageObject\",\"inLanguage\":\"sv-SE\",\"@id\":\"https:\\\/\\\/iwell-guard.com\\\/sv\\\/#\\\/schema\\\/logo\\\/image\\\/\",\"url\":\"https:\\\/\\\/iwell-guard.com\\\/wp-content\\\/uploads\\\/2026\\\/05\\\/Ittermann-Logo-1182x237-1.png\",\"contentUrl\":\"https:\\\/\\\/iwell-guard.com\\\/wp-content\\\/uploads\\\/2026\\\/05\\\/Ittermann-Logo-1182x237-1.png\",\"width\":1182,\"height\":237,\"caption\":\"Ittermann electronic GmbH\"},\"image\":{\"@id\":\"https:\\\/\\\/iwell-guard.com\\\/sv\\\/#\\\/schema\\\/logo\\\/image\\\/\"},\"sameAs\":[\"https:\\\/\\\/pantip.com\\\/profile\\\/9367242\",\"https:\\\/\\\/micro.blog\\\/iwellguard\",\"https:\\\/\\\/www.diggerslist.com\\\/iwellguard\\\/about\",\"https:\\\/\\\/skitterphoto.com\\\/photographers\\\/2870314\\\/iwell-guard\",\"https:\\\/\\\/iwellguard.wordpress.com\\\/2026\\\/06\\\/06\\\/iwell-guard\\\/\",\"https:\\\/\\\/hub.docker.com\\\/u\\\/iwellguard\",\"https:\\\/\\\/www.pinterest.com\\\/iwellguard\\\/\",\"https:\\\/\\\/bit.ly\\\/m\\\/iwellguard\",\"https:\\\/\\\/entre-vos-mains.alsace.eu\\\/profiles\\\/iwellguard\\\/activity\",\"https:\\\/\\\/gravatar.com\\\/reallybeded8fd34\",\"https:\\\/\\\/naijamatta.com\\\/iwellguard\",\"https:\\\/\\\/www.goodreads.com\\\/iwellguard\",\"https:\\\/\\\/profile.hatena.ne.jp\\\/iwellguard\\\/\",\"https:\\\/\\\/experiment.com\\\/users\\\/iwellguard\",\"https:\\\/\\\/wakelet.com\\\/@iWellGuard82270\",\"https:\\\/\\\/www.chordie.com\\\/forum\\\/profile.php?id=2555664\",\"https:\\\/\\\/www.instapaper.com\\\/p\\\/17757966\",\"https:\\\/\\\/www.mapleprimes.com\\\/users\\\/iwellguard\",\"https:\\\/\\\/businesslistingplus.com\\\/profile\\\/iwell-guard\\\/\",\"https:\\\/\\\/telegra.ph\\\/iWell-Guard-06-06\",\"https:\\\/\\\/pbase.com\\\/iwellguard\\\/iwellguard\",\"https:\\\/\\\/b.hatena.ne.jp\\\/iwellguard\\\/20260607#bookmark-4788405196491818882\",\"https:\\\/\\\/fliphtml5.com\\\/home\\\/iwellguard\",\"https:\\\/\\\/anyflip.com\\\/homepage\\\/cmiwl#About\",\"https:\\\/\\\/transfur.com\\\/Users\\\/iwellguard\",\"http:\\\/\\\/delphi.larsbo.org\\\/user\\\/iwellguard\",\"https:\\\/\\\/jobs.lajobsportal.org\\\/profiles\\\/8380803-iwell-guard\",\"https:\\\/\\\/md.chaosdorf.de\\\/s\\\/jfbe5SBdJD\",\"https:\\\/\\\/www.lingvolive.com\\\/en-us\\\/profile\\\/9ecaeaca-ce11-4e51-9e71-01d55e2bff36\\\/translations\",\"https:\\\/\\\/www.fitday.com\\\/fitness\\\/forums\\\/members\\\/iwellguard.html\",\"https:\\\/\\\/www.mymeetbook.com\\\/iwellguard\",\"https:\\\/\\\/pxhere.com\\\/en\\\/photographer-me\\\/5040798\",\"https:\\\/\\\/disqus.com\\\/by\\\/iwellguard\\\/about\\\/\",\"https:\\\/\\\/pastelink.net\\\/hjwciqwq\",\"https:\\\/\\\/pubhtml5.com\\\/homepage\\\/scjhn\\\/\",\"https:\\\/\\\/www.bitchute.com\\\/channel\\\/2O2eOKzNqujT\",\"https:\\\/\\\/audiomack.com\\\/iwellguard\"]}]}<\/script>\n<!-- \/ Yoast SEO Premium plugin. -->","yoast_head_json":{"title":"Visdomens och upplysningens eld","description":"\u00c4rke\u00e4ngeln Uriel uppenbarar djup sanning och t\u00e4nder inre upplysning. Uppt\u00e4ck hans kraft i den esoteriska traditionen","robots":{"index":"index","follow":"follow","max-snippet":"max-snippet:-1","max-image-preview":"max-image-preview:large","max-video-preview":"max-video-preview:-1"},"canonical":"https:\/\/iwell-guard.com\/sv\/arkeangeln-uriel\/","og_locale":"sv_SE","og_type":"article","og_title":"\u00c4rke\u00e4ngeln Uriel","og_description":"\u00c4rke\u00e4ngeln Uriel uppenbarar djup sanning och t\u00e4nder inre upplysning. Uppt\u00e4ck hans kraft i den esoteriska traditionen","og_url":"https:\/\/iwell-guard.com\/sv\/arkeangeln-uriel\/","og_site_name":"iWell Guard","article_modified_time":"2026-09-03T01:06:51+00:00","og_image":[{"width":1024,"height":1536,"url":"https:\/\/iwell-guard.com\/wp-content\/uploads\/2026\/04\/lichtwesen_erzengel-uriel.webp","type":"image\/webp"}],"twitter_card":"summary_large_image","schema":{"@context":"https:\/\/schema.org","@graph":[{"@type":"WebPage","@id":"https:\/\/iwell-guard.com\/sv\/arkeangeln-uriel\/","url":"https:\/\/iwell-guard.com\/sv\/arkeangeln-uriel\/","name":"Visdomens och upplysningens eld","isPartOf":{"@id":"https:\/\/iwell-guard.com\/sv\/#website"},"primaryImageOfPage":{"@id":"https:\/\/iwell-guard.com\/sv\/arkeangeln-uriel\/#primaryimage"},"image":{"@id":"https:\/\/iwell-guard.com\/sv\/arkeangeln-uriel\/#primaryimage"},"thumbnailUrl":"https:\/\/iwell-guard.com\/wp-content\/uploads\/2026\/04\/lichtwesen_erzengel-uriel.webp","datePublished":"2026-09-03T00:08:21+00:00","dateModified":"2026-09-03T01:06:51+00:00","description":"\u00c4rke\u00e4ngeln Uriel uppenbarar djup sanning och t\u00e4nder inre upplysning. Uppt\u00e4ck hans kraft i den esoteriska traditionen","breadcrumb":{"@id":"https:\/\/iwell-guard.com\/sv\/arkeangeln-uriel\/#breadcrumb"},"inLanguage":"sv-SE","potentialAction":[{"@type":"ReadAction","target":["https:\/\/iwell-guard.com\/sv\/arkeangeln-uriel\/"]}]},{"@type":"ImageObject","inLanguage":"sv-SE","@id":"https:\/\/iwell-guard.com\/sv\/arkeangeln-uriel\/#primaryimage","url":"https:\/\/iwell-guard.com\/wp-content\/uploads\/2026\/04\/lichtwesen_erzengel-uriel.webp","contentUrl":"https:\/\/iwell-guard.com\/wp-content\/uploads\/2026\/04\/lichtwesen_erzengel-uriel.webp","width":1024,"height":1536,"caption":"Ljusv\u00e4sen. Ljusgenomfl\u00f6dad illustration."},{"@type":"BreadcrumbList","@id":"https:\/\/iwell-guard.com\/sv\/arkeangeln-uriel\/#breadcrumb","itemListElement":[{"@type":"ListItem","position":1,"name":"Start","item":"https:\/\/iwell-guard.com\/sv\/?page_id=136483"},{"@type":"ListItem","position":2,"name":"\u00c4rke\u00e4ngeln Uriel"}]},{"@type":"WebSite","@id":"https:\/\/iwell-guard.com\/sv\/#website","url":"https:\/\/iwell-guard.com\/sv\/","name":"iWell Guard","description":"Schutz vor dunklen Einfl\u00fcssen","publisher":{"@id":"https:\/\/iwell-guard.com\/sv\/#organization"},"potentialAction":[{"@type":"SearchAction","target":{"@type":"EntryPoint","urlTemplate":"https:\/\/iwell-guard.com\/sv\/?s={search_term_string}"},"query-input":{"@type":"PropertyValueSpecification","valueRequired":true,"valueName":"search_term_string"}}],"inLanguage":"sv-SE"},{"@type":"Organization","@id":"https:\/\/iwell-guard.com\/sv\/#organization","name":"Ittermann electronic GmbH","url":"https:\/\/iwell-guard.com\/sv\/","logo":{"@type":"ImageObject","inLanguage":"sv-SE","@id":"https:\/\/iwell-guard.com\/sv\/#\/schema\/logo\/image\/","url":"https:\/\/iwell-guard.com\/wp-content\/uploads\/2026\/05\/Ittermann-Logo-1182x237-1.png","contentUrl":"https:\/\/iwell-guard.com\/wp-content\/uploads\/2026\/05\/Ittermann-Logo-1182x237-1.png","width":1182,"height":237,"caption":"Ittermann electronic GmbH"},"image":{"@id":"https:\/\/iwell-guard.com\/sv\/#\/schema\/logo\/image\/"},"sameAs":["https:\/\/pantip.com\/profile\/9367242","https:\/\/micro.blog\/iwellguard","https:\/\/www.diggerslist.com\/iwellguard\/about","https:\/\/skitterphoto.com\/photographers\/2870314\/iwell-guard","https:\/\/iwellguard.wordpress.com\/2026\/06\/06\/iwell-guard\/","https:\/\/hub.docker.com\/u\/iwellguard","https:\/\/www.pinterest.com\/iwellguard\/","https:\/\/bit.ly\/m\/iwellguard","https:\/\/entre-vos-mains.alsace.eu\/profiles\/iwellguard\/activity","https:\/\/gravatar.com\/reallybeded8fd34","https:\/\/naijamatta.com\/iwellguard","https:\/\/www.goodreads.com\/iwellguard","https:\/\/profile.hatena.ne.jp\/iwellguard\/","https:\/\/experiment.com\/users\/iwellguard","https:\/\/wakelet.com\/@iWellGuard82270","https:\/\/www.chordie.com\/forum\/profile.php?id=2555664","https:\/\/www.instapaper.com\/p\/17757966","https:\/\/www.mapleprimes.com\/users\/iwellguard","https:\/\/businesslistingplus.com\/profile\/iwell-guard\/","https:\/\/telegra.ph\/iWell-Guard-06-06","https:\/\/pbase.com\/iwellguard\/iwellguard","https:\/\/b.hatena.ne.jp\/iwellguard\/20260607#bookmark-4788405196491818882","https:\/\/fliphtml5.com\/home\/iwellguard","https:\/\/anyflip.com\/homepage\/cmiwl#About","https:\/\/transfur.com\/Users\/iwellguard","http:\/\/delphi.larsbo.org\/user\/iwellguard","https:\/\/jobs.lajobsportal.org\/profiles\/8380803-iwell-guard","https:\/\/md.chaosdorf.de\/s\/jfbe5SBdJD","https:\/\/www.lingvolive.com\/en-us\/profile\/9ecaeaca-ce11-4e51-9e71-01d55e2bff36\/translations","https:\/\/www.fitday.com\/fitness\/forums\/members\/iwellguard.html","https:\/\/www.mymeetbook.com\/iwellguard","https:\/\/pxhere.com\/en\/photographer-me\/5040798","https:\/\/disqus.com\/by\/iwellguard\/about\/","https:\/\/pastelink.net\/hjwciqwq","https:\/\/pubhtml5.com\/homepage\/scjhn\/","https:\/\/www.bitchute.com\/channel\/2O2eOKzNqujT","https:\/\/audiomack.com\/iwellguard"]}]}},"_links":{"self":[{"href":"https:\/\/iwell-guard.com\/sv\/wp-json\/wp\/v2\/pages\/136593","targetHints":{"allow":["GET"]}}],"collection":[{"href":"https:\/\/iwell-guard.com\/sv\/wp-json\/wp\/v2\/pages"}],"about":[{"href":"https:\/\/iwell-guard.com\/sv\/wp-json\/wp\/v2\/types\/page"}],"author":[{"embeddable":true,"href":"https:\/\/iwell-guard.com\/sv\/wp-json\/wp\/v2\/users\/3"}],"replies":[{"embeddable":true,"href":"https:\/\/iwell-guard.com\/sv\/wp-json\/wp\/v2\/comments?post=136593"}],"version-history":[{"count":0,"href":"https:\/\/iwell-guard.com\/sv\/wp-json\/wp\/v2\/pages\/136593\/revisions"}],"wp:featuredmedia":[{"embeddable":true,"href":"https:\/\/iwell-guard.com\/sv\/wp-json\/wp\/v2\/media\/1624"}],"wp:attachment":[{"href":"https:\/\/iwell-guard.com\/sv\/wp-json\/wp\/v2\/media?parent=136593"}],"wp:term":[{"taxonomy":"category","embeddable":true,"href":"https:\/\/iwell-guard.com\/sv\/wp-json\/wp\/v2\/categories?post=136593"}],"curies":[{"name":"wp","href":"https:\/\/api.w.org\/{rel}","templated":true}]}}