{"id":136590,"date":"2026-09-03T00:08:19","date_gmt":"2026-09-03T00:08:19","guid":{"rendered":"https:\/\/iwell-guard.com\/?page_id=136590"},"modified":"2026-09-03T01:06:47","modified_gmt":"2026-09-03T01:06:47","slug":"arkeangeln-mikael","status":"publish","type":"page","link":"https:\/\/iwell-guard.com\/sv\/arkeangeln-mikael\/","title":{"rendered":"\u00c4rke\u00e4ngeln Mikael"},"content":{"rendered":"\t\t<div data-elementor-type=\"wp-page\" data-elementor-id=\"136590\" class=\"elementor elementor-136590 elementor-1800 elementor-bc-flex-widget\" data-elementor-post-type=\"page\">\n\t\t\t\t<div class=\"elementor-element elementor-element-10fdade e-flex e-con-boxed e-con e-parent\" data-id=\"10fdade\" data-element_type=\"container\" data-e-type=\"container\" data-settings=\"{&quot;background_background&quot;:&quot;classic&quot;}\">\n\t\t\t\t\t<div class=\"e-con-inner\">\n\t\t<div class=\"elementor-element elementor-element-herohlft0 e-flex e-con-boxed e-con e-child\" data-id=\"herohlft0\" data-element_type=\"container\" data-e-type=\"container\">\n\t\t\t\t\t<div class=\"e-con-inner\">\n\t\t<div class=\"elementor-element elementor-element-c3ceb64 e-con-full e-flex e-con e-child\" data-id=\"c3ceb64\" data-element_type=\"container\" data-e-type=\"container\">\n\t\t\t\t<div class=\"elementor-element elementor-element-96ae5e1 elementor-widget elementor-widget-heading\" data-id=\"96ae5e1\" data-element_type=\"widget\" data-e-type=\"widget\" data-widget_type=\"heading.default\">\n\t\t\t\t\t<h1 class=\"elementor-heading-title elementor-size-default\">\u00c4rke\u00e4ngeln Mikael, ljusvarelse<\/h1>\t\t\t\t<\/div>\n\t\t\t\t<div class=\"elementor-element elementor-element-e45238a elementor-widget elementor-widget-text-editor\" data-id=\"e45238a\" data-element_type=\"widget\" data-e-type=\"widget\" data-widget_type=\"text-editor.default\">\n\t\t\t\t\t\t\t\t\t<p>Ledare f\u00f6r de himmelska h\u00e4rskarorna i judisk-kristen-islamisk tradition. Skyddspatron, drakbek\u00e4mpare, f\u00f6ljeslagare f\u00f6r de d\u00f6ende.<\/p><p>Den h\u00e4r sidan placerar \u00e4rke\u00e4ngeln Mikael som ett ljusvarelse-koncept.<\/p>\t\t\t\t\t\t\t\t<\/div>\n\t\t\t\t<\/div>\n\t\t<div class=\"elementor-element elementor-element-klsbdg01 e-con-full e-flex e-con e-parent\" data-id=\"klsbdg01\" data-element_type=\"container\" data-e-type=\"container\">\n\t\t\t\t<div class=\"elementor-element elementor-element-klshtm01 elementor-widget elementor-widget-html\" data-id=\"klshtm01\" data-element_type=\"widget\" data-e-type=\"widget\" data-widget_type=\"html.default\">\n\t\t\t\t\t<div class=\"iwg-pill-row\"><span class=\"iwg-klasse-badge\" tabindex=\"0\" data-tooltip=\"Ljusvarelse: Upplysta, skyddande eller undervisande varelser, \u00e4rke\u00e4nglar, uppstigna m\u00e4stare, ljusa naturvarelser. Beskrivs i moderna och \u00e4ldre spirituella traditioner som hj\u00e4lpare och l\u00e4rare.\">Ljusvarelse<\/span><a href=\"https:\/\/iwell-guard.com\/sv\/judendom\/\" class=\"iwg-kultur-badge\" tabindex=\"0\" data-tooltip=\"Judisk trostradition fr\u00e5n Tanach till kabbala och modern mystik.\">Judendom<\/a><span class=\"iwg-tradition-badge\" tabindex=\"0\" data-tooltip=\"\u00c4rke\u00e4ngel, den h\u00f6gsta \u00e4ngelklassen i judisk, kristen och islamisk tradition.\">\u00c4rke\u00e4ngel<\/span><\/div>\t\t\t\t<\/div>\n\t\t\t\t<\/div>\n\t\t<div class=\"elementor-element elementor-element-3f74855 e-con-full e-flex e-con e-child\" data-id=\"3f74855\" data-element_type=\"container\" data-e-type=\"container\">\n\t\t\t\t<div class=\"elementor-element elementor-element-1c30362 elementor-toc--minimized-on-tablet elementor-widget elementor-widget-table-of-contents\" data-id=\"1c30362\" data-element_type=\"widget\" data-e-type=\"widget\" data-settings=\"{&quot;exclude_headings_by_selector&quot;:[],&quot;no_headings_message&quot;:&quot;Inga rubriker hittades p\\u00e5 den h\\u00e4r sidan.&quot;,&quot;headings_by_tags&quot;:[&quot;h2&quot;,&quot;h3&quot;],&quot;marker_view&quot;:&quot;bullets&quot;,&quot;minimize_box&quot;:&quot;yes&quot;,&quot;icon&quot;:{&quot;value&quot;:&quot;fas fa-circle&quot;,&quot;library&quot;:&quot;fa-solid&quot;,&quot;rendered_tag&quot;:&quot;&lt;svg class=\\&quot;e-font-icon-svg e-fas-circle\\&quot; viewBox=\\&quot;0 0 512 512\\&quot; xmlns=\\&quot;http:\\\/\\\/www.w3.org\\\/2000\\\/svg\\&quot;&gt;&lt;path d=\\&quot;M256 8C119 8 8 119 8 256s111 248 248 248 248-111 248-248S393 8 256 8z\\&quot;&gt;&lt;\\\/path&gt;&lt;\\\/svg&gt;&quot;},&quot;minimized_on&quot;:&quot;tablet&quot;,&quot;hierarchical_view&quot;:&quot;yes&quot;,&quot;min_height&quot;:{&quot;unit&quot;:&quot;px&quot;,&quot;size&quot;:&quot;&quot;,&quot;sizes&quot;:[]},&quot;min_height_tablet&quot;:{&quot;unit&quot;:&quot;px&quot;,&quot;size&quot;:&quot;&quot;,&quot;sizes&quot;:[]},&quot;min_height_mobile&quot;:{&quot;unit&quot;:&quot;px&quot;,&quot;size&quot;:&quot;&quot;,&quot;sizes&quot;:[]}}\" data-widget_type=\"table-of-contents.default\">\n\t\t\t\t\t\t\t\t\t<div class=\"elementor-toc__header\">\n\t\t\t\t\t\t<h2 class=\"elementor-toc__header-title\">\n\t\t\t\tInneh\u00e5llsf\u00f6rteckning\t\t\t<\/h2>\n\t\t\t\t\t\t\t\t\t\t<div class=\"elementor-toc__toggle-button elementor-toc__toggle-button--expand\" role=\"button\" tabindex=\"0\" aria-controls=\"elementor-toc__1c30362\" aria-expanded=\"true\" aria-label=\"\u00d6ppna inneh\u00e5llsf\u00f6rteckning\"><svg aria-hidden=\"true\" class=\"e-font-icon-svg e-fas-chevron-down\" viewBox=\"0 0 448 512\" xmlns=\"http:\/\/www.w3.org\/2000\/svg\"><path d=\"M207.029 381.476L12.686 187.132c-9.373-9.373-9.373-24.569 0-33.941l22.667-22.667c9.357-9.357 24.522-9.375 33.901-.04L224 284.505l154.745-154.021c9.379-9.335 24.544-9.317 33.901.04l22.667 22.667c9.373 9.373 9.373 24.569 0 33.941L240.971 381.476c-9.373 9.372-24.569 9.372-33.942 0z\"><\/path><\/svg><\/div>\n\t\t\t\t<div class=\"elementor-toc__toggle-button elementor-toc__toggle-button--collapse\" role=\"button\" tabindex=\"0\" aria-controls=\"elementor-toc__1c30362\" aria-expanded=\"true\" aria-label=\"St\u00e4ng inneh\u00e5llsf\u00f6rteckning\"><svg aria-hidden=\"true\" class=\"e-font-icon-svg e-fas-chevron-up\" viewBox=\"0 0 448 512\" xmlns=\"http:\/\/www.w3.org\/2000\/svg\"><path d=\"M240.971 130.524l194.343 194.343c9.373 9.373 9.373 24.569 0 33.941l-22.667 22.667c-9.357 9.357-24.522 9.375-33.901.04L224 227.495 69.255 381.516c-9.379 9.335-24.544 9.317-33.901-.04l-22.667-22.667c-9.373-9.373-9.373-24.569 0-33.941L207.03 130.525c9.372-9.373 24.568-9.373 33.941-.001z\"><\/path><\/svg><\/div>\n\t\t\t\t\t<\/div>\n\t\t\t\t<div id=\"elementor-toc__1c30362\" class=\"elementor-toc__body\">\n\t\t\t<div class=\"elementor-toc__spinner-container\">\n\t\t\t\t<svg class=\"elementor-toc__spinner eicon-animation-spin e-font-icon-svg e-eicon-loading\" aria-hidden=\"true\" viewBox=\"0 0 1000 1000\" xmlns=\"http:\/\/www.w3.org\/2000\/svg\"><path d=\"M500 975V858C696 858 858 696 858 500S696 142 500 142 142 304 142 500H25C25 237 238 25 500 25S975 237 975 500 763 975 500 975Z\"><\/path><\/svg>\t\t\t<\/div>\n\t\t<\/div>\n\t\t\t\t\t\t<\/div>\n\t\t\t\t<\/div>\n\t\t\t\t\t<\/div>\n\t\t\t\t<\/div>\n\t\t<div class=\"elementor-element elementor-element-herorght0 e-con-full e-flex e-con e-child\" data-id=\"herorght0\" data-element_type=\"container\" data-e-type=\"container\">\n\t\t\t\t<div class=\"elementor-element elementor-element-heroimg00 iwg-hero-image elementor-widget elementor-widget-image\" data-id=\"heroimg00\" data-element_type=\"widget\" data-e-type=\"widget\" data-widget_type=\"image.default\">\n\t\t\t\t\t\t\t\t\t\t\t\t\t\t\t<img fetchpriority=\"high\" decoding=\"async\" width=\"683\" height=\"1024\" src=\"https:\/\/iwell-guard.com\/wp-content\/uploads\/2026\/04\/lichtwesen_erzengel-michael-683x1024.webp\" class=\"attachment-large size-large wp-image-136365\" alt=\"\u00c4rke\u00e4ngeln Mikael - ljusgenomfl\u00f6dad illustration av ljusv\u00e4sendet\" srcset=\"https:\/\/iwell-guard.com\/wp-content\/uploads\/2026\/04\/lichtwesen_erzengel-michael-683x1024.webp 683w, https:\/\/iwell-guard.com\/wp-content\/uploads\/2026\/04\/lichtwesen_erzengel-michael-200x300.webp 200w, https:\/\/iwell-guard.com\/wp-content\/uploads\/2026\/04\/lichtwesen_erzengel-michael-768x1152.webp 768w, https:\/\/iwell-guard.com\/wp-content\/uploads\/2026\/04\/lichtwesen_erzengel-michael.webp 1024w\" sizes=\"(max-width: 683px) 100vw, 683px\" \/>\t\t\t\t\t\t\t\t\t\t\t\t\t\t\t<\/div>\n\t\t\t\t<\/div>\n\t\t\t\t\t<\/div>\n\t\t\t\t<\/div>\n\t\t<div class=\"elementor-element elementor-element-wmd-s1 e-con-boxed e-flex e-con e-parent\" data-id=\"wmd-s1\" data-element_type=\"container\" data-e-type=\"container\">\n\t\t\t\t\t<div class=\"e-con-inner\">\n\t\t\t\t<div class=\"elementor-element elementor-element-wmd-h1 elementor-widget elementor-widget-heading\" data-id=\"wmd-h1\" data-element_type=\"widget\" data-e-type=\"widget\" data-widget_type=\"heading.default\">\n\t\t\t\t\t<h2 class=\"elementor-heading-title elementor-size-default\">Snabb\u00f6versikt: \u00c4rke\u00e4ngeln Mikael<\/h2>\t\t\t\t<\/div>\n\t\t<div class=\"elementor-element elementor-element-wmd-s1-bw e-flex e-con-boxed e-con e-parent\" data-id=\"wmd-s1-bw\" data-element_type=\"container\" data-e-type=\"container\" data-settings=\"{&quot;background_background&quot;:&quot;classic&quot;}\">\n\t\t\t\t\t<div class=\"e-con-inner\">\n\t\t\t\t<div class=\"elementor-element elementor-element-wmd-t1 elementor-widget elementor-widget-text-editor\" data-id=\"wmd-t1\" data-element_type=\"widget\" data-e-type=\"widget\" data-widget_type=\"text-editor.default\">\n\t\t\t\t\t\t\t\t\t<p><strong>Typ:<\/strong> \u00c4rke\u00e4ngel, h\u00e4rf\u00f6rare, sv\u00e4rdb\u00e4rare Tradition: Judaism (<span class=\"iwg-fachbegriff\" data-tooltip=\"Huvudverk inom rabbinsk judendom med tolkning av den religi\u00f6sa traditionen.\" tabindex=\"0\">Talmud<\/span>, <span class=\"iwg-fachbegriff\" data-tooltip=\"Riktning inom judisk mystik med huvudverk som Sefer Jezira och Zohar.\" tabindex=\"0\">Kabbala<\/span>), Kristendom (Nya testamentet, angelologi), Islam (Koranen) Funktion: Skydd, avv\u00e4rjande av det negativa, uppr\u00e4tth\u00e5llande av gudomlig r\u00e4ttvisa Huvudattribut\/symboler: Bl\u00e5 flamma, flammande sv\u00e4rd, rustning, segervingar Utbredning: \u00d6ver hela v\u00e4rlden i religi\u00f6sa och esoteriska traditioner, skyddspatron f\u00f6r m\u00e5nga l\u00e4nder<\/p>\t\t\t\t\t\t\t\t<\/div>\n\t\t\t\t\t<\/div>\n\t\t\t\t<\/div>\n\t\t\t\t\t<\/div>\n\t\t\t\t<\/div>\n\t\t<div class=\"elementor-element elementor-element-wmd-s2 e-con-boxed e-flex e-con e-parent\" data-id=\"wmd-s2\" data-element_type=\"container\" data-e-type=\"container\">\n\t\t\t\t\t<div class=\"e-con-inner\">\n\t\t\t\t<div class=\"elementor-element elementor-element-wmd-h2 elementor-widget elementor-widget-heading\" data-id=\"wmd-h2\" data-element_type=\"widget\" data-e-type=\"widget\" data-widget_type=\"heading.default\">\n\t\t\t\t\t<h2 class=\"elementor-heading-title elementor-size-default\">Inordning<\/h2>\t\t\t\t<\/div>\n\t\t<div class=\"elementor-element elementor-element-wmd-s2-bw e-flex e-con-boxed e-con e-parent\" data-id=\"wmd-s2-bw\" data-element_type=\"container\" data-e-type=\"container\" data-settings=\"{&quot;background_background&quot;:&quot;classic&quot;}\">\n\t\t\t\t\t<div class=\"e-con-inner\">\n\t\t\t\t<div class=\"elementor-element elementor-element-wmd-t2 elementor-widget elementor-widget-text-editor\" data-id=\"wmd-t2\" data-element_type=\"widget\" data-e-type=\"widget\" data-widget_type=\"text-editor.default\">\n\t\t\t\t\t\t\t\t\t<h3>Tradition<\/h3><p>\u00c4rke\u00e4ngeln Mikael f\u00f6rekommer i Daniel 10 och 12 i Gamla testamentet som f\u00f6respr\u00e5kare f\u00f6r Israels folk. I Henoksboken n\u00e4mns han som en av de fyra h\u00f6gsta \u00e4rke\u00e4nglarna. Kristendomen v\u00f6rdade honom som ledare mot Satan (Uppenbarelseboken 12,7-9).<\/p><p>I <span class=\"iwg-fachbegriff\" data-tooltip=\"Riktning inom judisk mystik med huvudverk som Sefer Jezira och Zohar.\" tabindex=\"0\">Kabbala<\/span> \u00e4r Mikael en av \u00e4rke\u00e4nglarna f\u00f6r sefiran Chokmah (vishet) eller Gevurah (styrka), beroende p\u00e5 system. Den islamiska traditionen k\u00e4nner honom som Mikail, skyddsherre och fr\u00e4lsningsbringare. Den v\u00e4sterl\u00e4ndska angelologin integrerade Mikael som beskyddare mot det negativa och onda makter, som f\u00f6rkroppsligandet av den gudomliga viljan till ordning.<\/p><h3>K\u00e4ll\u00e4ge<\/h3><p>Bibeltexter \u00e4r de \u00e4ldsta k\u00e4llorna (Gamla testamentets b\u00f6cker Daniel, Henok-apokryferna, Nya testamentet). Talmudiska och kabbalistiska skrifter f\u00f6rdjupar hans roll (Zohar, Sefer Hechalot, merkava-<span class=\"iwg-fachbegriff\" data-tooltip=\"Religi\u00f6s riktning med fokus p\u00e5 omedelbar guderfarenhet.\" tabindex=\"0\">mystik<\/span>). Kristna kyrkor invigde talrika helgedomar \u00e5t Mikael (Mont Saint-Michel, Mikaelskyrkor \u00f6ver hela Europa). Modern esoterisk litteratur, teosofi och nyandliga r\u00f6relser har sekulariserat och psykologiserat v\u00f6rdnaden f\u00f6r Mikael, men betonar konsekvent hans skyddsfunktion och kraft.<\/p><div><h3>Bibliska och apokryfiska k\u00e4llor<\/h3><p>\u00c4rke\u00e4ngeln Mikael \u00e4r den enda \u00e4ngelgestalten som n\u00e4mns med eget namn i den hebreiska Tanach. Han f\u00f6rekommer i Daniels bok p\u00e5 tre st\u00e4llen (Daniel 10,13.21 och 12,1) som <em>en av de fr\u00e4msta furstarna<\/em>, som bist\u00e5r Israels folk mot de persiska och grekiska <span class=\"iwg-fachbegriff\" data-tooltip=\"En himmelsk budb\u00e4rarvarelse i de abrahamitiska religionerna.\" tabindex=\"0\">\u00e4ngel<\/span>-furstarna.<\/p><p>I den mellantestamentliga apokryfiska litteraturen (F\u00f6rsta Henoksboken, De tolv patriarkernas testament, Andra Henoksboken) utvecklas Mikael till ledare f\u00f6r de fyra eller sju \u00e4rke\u00e4nglarna.<\/p><p>I Nya testamentet framtr\u00e4der han i Judas brev 9 som k\u00e4mpe mot Satan om Moses lik och i Uppenbarelseboken 12,7 som ledare f\u00f6r de himmelska h\u00e4rskarorna i drakstriden, den centrala ikonografiska motivkretsen i den senare traditionen.<\/p><h3>Liturgisk och ikonografisk tradition<\/h3><p>Mikaelidagen den 29 september g\u00e5r tillbaka till <span class=\"iwg-fachbegriff\" data-tooltip=\"En rituell handling genom vilken ett f\u00f6rem\u00e5l, en plats eller en person \u00f6verl\u00e4mnas till det religi\u00f6sa omr\u00e5det.\" tabindex=\"0\">invigningen<\/span> av en basilika som \u00e4gnades honom vid Via Salaria i Rom under 400-talet och har sedan dess varit en fast del av helgonkalendern i den katolska, ortodoxa och delvis anglikanska kyrkan.<\/p><p>Den h\u00f6gmedeltida helgedomen p\u00e5 Mont-Saint-Michel i Normandie och den syditalienska grottan till\u00e4gnad den helige Mikael p\u00e5 Monte Sant&#8217;Angelo i Apulien \u00e4r de \u00e4ldsta v\u00e4sterl\u00e4ndska pilgrimsm\u00e5len. Mikaelshelgedomarna ligger p\u00e5 en linje mellan Skellig Michael i Irland, Mont-Saint-Michel, Sacra di San Michele i Piemonte och Monte Sant&#8217;Angelo, \u00e4nda till berget Karmel och Stella Maris. De utg\u00f6r en k\u00e4nd ley-line inom den europeiska marial- och \u00e4ngelvallf\u00e4rdstraditionen.<\/p><\/div>\t\t\t\t\t\t\t\t<\/div>\n\t\t\t\t\t<\/div>\n\t\t\t\t<\/div>\n\t\t\t\t\t<\/div>\n\t\t\t\t<\/div>\n\t\t<div class=\"elementor-element elementor-element-wmd-s3 e-con-boxed e-flex e-con e-parent\" data-id=\"wmd-s3\" data-element_type=\"container\" data-e-type=\"container\">\n\t\t\t\t\t<div class=\"e-con-inner\">\n\t\t\t\t<div class=\"elementor-element elementor-element-wmd-h3 elementor-widget elementor-widget-heading\" data-id=\"wmd-h3\" data-element_type=\"widget\" data-e-type=\"widget\" data-widget_type=\"heading.default\">\n\t\t\t\t\t<h2 class=\"elementor-heading-title elementor-size-default\">Utseende och symboler<\/h2>\t\t\t\t<\/div>\n\t\t<div class=\"elementor-element elementor-element-wmd-s3-bw e-flex e-con-boxed e-con e-parent\" data-id=\"wmd-s3-bw\" data-element_type=\"container\" data-e-type=\"container\" data-settings=\"{&quot;background_background&quot;:&quot;classic&quot;}\">\n\t\t\t\t\t<div class=\"e-con-inner\">\n\t\t\t\t<div class=\"elementor-element elementor-element-wmd-t3 elementor-widget elementor-widget-text-editor\" data-id=\"wmd-t3\" data-element_type=\"widget\" data-e-type=\"widget\" data-widget_type=\"text-editor.default\">\n\t\t\t\t\t\t\t\t\t<p>Mikael avbildas konsekvent som en stark, androgyn ljusvarelse i rustning eller fl\u00f6dande dr\u00e4kt av ljusstoff. Hans f\u00e4rg \u00e4r elektriskt bl\u00e5 eller djup safirbl\u00e5, ibland genomv\u00e4vd med vitt. Han b\u00e4r ett flammande sv\u00e4rd eller ljussv\u00e4rd, ibland med en sk\u00f6ld med Guds namn (<em>JHWH<\/em> eller moderna sigill).<\/p><p>Vingar av ljusenergi v\u00e4xer fram fr\u00e5n hans axlar. Ibland avbildas han st\u00e5ende med en fot p\u00e5 Satan eller en demonisk varelse, en bild av det ondas underkastelse under den kosmiska ordningen. Energim\u00e4ssigt upplevs Mikael som en intensiv, genomtr\u00e4ngande bl\u00e5 flamma som renar och g\u00f6r genomskinlig.<\/p>\t\t\t\t\t\t\t\t<\/div>\n\t\t\t\t\t<\/div>\n\t\t\t\t<\/div>\n\t\t\t\t\t<\/div>\n\t\t\t\t<\/div>\n\t\t<div class=\"elementor-element elementor-element-wmd-s4 e-con-boxed e-flex e-con e-parent\" data-id=\"wmd-s4\" data-element_type=\"container\" data-e-type=\"container\">\n\t\t\t\t\t<div class=\"e-con-inner\">\n\t\t\t\t<div class=\"elementor-element elementor-element-wmd-h4 elementor-widget elementor-widget-heading\" data-id=\"wmd-h4\" data-element_type=\"widget\" data-e-type=\"widget\" data-widget_type=\"heading.default\">\n\t\t\t\t\t<h2 class=\"elementor-heading-title elementor-size-default\">Funktion och betydelse<\/h2>\t\t\t\t<\/div>\n\t\t<div class=\"elementor-element elementor-element-wmd-s4-bw e-flex e-con-boxed e-con e-parent\" data-id=\"wmd-s4-bw\" data-element_type=\"container\" data-e-type=\"container\" data-settings=\"{&quot;background_background&quot;:&quot;classic&quot;}\">\n\t\t\t\t\t<div class=\"e-con-inner\">\n\t\t\t\t<div class=\"elementor-element elementor-element-wmd-t4 elementor-widget elementor-widget-text-editor\" data-id=\"wmd-t4\" data-element_type=\"widget\" data-e-type=\"widget\" data-widget_type=\"text-editor.default\">\n\t\t\t\t\t\t\t\t\t<p>Mikael \u00e4r beskyddaren mot allt som strider mot den gudomliga ordningen. Han \u00e4r inte passiv utan aktivt f\u00f6rsvarande: han utk\u00e4mpar strider f\u00f6r att bevara m\u00e4nskligheten. I psykologiska tolkningar symboliserar han viljestyrka, mod och f\u00f6rm\u00e5gan att s\u00e4tta gr\u00e4nser.<\/p><p>Han f\u00f6rkroppsligar principen att negativitet inte helt enkelt ska accepteras, utan aktivt f\u00e5r och m\u00e5ste omvandlas. Hans bl\u00e5 energi anv\u00e4nds f\u00f6r att identifiera och t\u00e4ta svaga punkter i skyddsf\u00e4ltet. Mikael visar att ljus \u00e4r milt och samtidigt kraft och struktur.<\/p><div><h3>J\u00e4mf\u00f6rande religionshistoria<\/h3><p>Mikael st\u00e5r funktionellt i en bredare linje av k\u00e4mpande skydds<span class=\"iwg-fachbegriff\" data-tooltip=\"I de abrahamitiska religionerna en himmelsk budb\u00e4rare fr\u00e5n Gud.\" tabindex=\"0\">\u00e4nglar<\/span> och drakbetvingare. Strukturellt besl\u00e4ktade \u00e4r den egyptiska Horus med lansen, den grekiske Apollon i kampen mot Python, den persiske Mithra i tjurstriden, den nordiska Tor-traditionen mot Midg\u00e5rdsormen och Vishvakarman i den vediska traditionen.<\/p><p>Den religionshistoriska forskningen (Hans Schwarzenbach, Frederic Manns) l\u00e4ser drakstridsskiktet i Mikael-traditionen som en \u00f6vertagning fr\u00e5n den forniranska\/f\u00f6rorientaliska strids<span class=\"iwg-fachbegriff\" data-tooltip=\"En traderad ber\u00e4ttelse om gudar, ursprung och v\u00e4rldens ordning.\" tabindex=\"0\">myten<\/span> (Marduk mot Tiamat, Baal mot Yam), som via den judiska apokalyptiken vandrat in i den kristna \u00e4nglal\u00e4ran.<\/p><p>I skydds<span class=\"iwg-fachbegriff\" data-tooltip=\"En helig stavelse eller formel som upprepas inom hinduismen och buddhismen.\" tabindex=\"0\">mantrat<\/span> \u00e4r Mikael implicit n\u00e4rvarande i iWell-Guard-traditionen, eftersom ljuskorset och \u00e4rke\u00e4ngla-tetraktysen strukturerar skyddsf\u00e4ltet; explicit \u00e5kallas han i de klassiska baniseringsritualerna i Golden Dawn-traditionen som v\u00e4ktare av den s\u00f6dra himlariktningen.<\/p><\/div>\t\t\t\t\t\t\t\t<\/div>\n\t\t\t\t\t<\/div>\n\t\t\t\t<\/div>\n\t\t\t\t\t<\/div>\n\t\t\t\t<\/div>\n\t\t<div class=\"elementor-element elementor-element-wmd-s5 e-con-boxed e-flex e-con e-parent\" data-id=\"wmd-s5\" data-element_type=\"container\" data-e-type=\"container\">\n\t\t\t\t\t<div class=\"e-con-inner\">\n\t\t\t\t<div class=\"elementor-element elementor-element-wmd-h5 elementor-widget elementor-widget-heading\" data-id=\"wmd-h5\" data-element_type=\"widget\" data-e-type=\"widget\" data-widget_type=\"heading.default\">\n\t\t\t\t\t<h2 class=\"elementor-heading-title elementor-size-default\">Praktik \/ \u00e5kallan \/ betydelse i iWell Guard-sammanhang<\/h2>\t\t\t\t<\/div>\n\t\t<div class=\"elementor-element elementor-element-wmd-s5-bw e-flex e-con-boxed e-con e-parent\" data-id=\"wmd-s5-bw\" data-element_type=\"container\" data-e-type=\"container\" data-settings=\"{&quot;background_background&quot;:&quot;classic&quot;}\">\n\t\t\t\t\t<div class=\"e-con-inner\">\n\t\t\t\t<div class=\"elementor-element elementor-element-wmd-t5 elementor-widget elementor-widget-text-editor\" data-id=\"wmd-t5\" data-element_type=\"widget\" data-e-type=\"widget\" data-widget_type=\"text-editor.default\">\n\t\t\t\t\t\t\t\t\t<p>I iWell Guard \u00e5kallas Mikael som skyddsf\u00e4ltets aktiva beskyddare. Hans bl\u00e5 l\u00e5ga visualiseras f\u00f6r att avv\u00e4rja negativa influenser, rensa psykiska anh\u00e4ftningar och st\u00e4rka viljan. En vanlig praktik \u00e4r att t\u00e4nda ett bl\u00e5tt ljus och mentalt bjuda in Mikaels kraft.<\/p><p>Hans sv\u00e4rd f\u00f6rst\u00e5s som ett verktyg f\u00f6r att energetiskt avl\u00e4gsna &#8221;smuts&#8221;. Mikael \u00e4r beskyddaren som s\u00e4ger: &#8221;Hit och inte l\u00e4ngre.&#8221; Hans kraft \u00e4r oumb\u00e4rlig f\u00f6r iWell Guard som den handlingskraftiga, defensiva principen vid sidan av de andra ljusv\u00e4sendena och f\u00f6rmedlingen mellan himlen och den m\u00e4nskliga viljan.<\/p><div><h3><span class=\"iwg-fachbegriff\" data-tooltip=\"Den bedjande eller besv\u00e4rjande tilltalet till en gudom eller makt.\" tabindex=\"0\">\u00c5kallan<\/span> och skyddspraxis<\/h3><p>Den katolska traditionen k\u00e4nner till <em><span class=\"iwg-fachbegriff\" data-tooltip=\"M\u00e4nniskans spr\u00e5kliga v\u00e4ndning till en gudom.\" tabindex=\"0\">b\u00f6nen<\/span> till den helige \u00e4rke\u00e4ngeln Mikael<\/em>, inf\u00f6rd av Leo XIII p\u00e5 1800-talet, som skyddsb\u00f6n mot <em>dj\u00e4vulens ondska och angrepp<\/em>; den var fr\u00e5n 1886 till 1965 en fast del av de leoninska b\u00f6nerna efter varje tyst m\u00e4ssa och \u00e4r sedan Johannes Paulus II \u00e5ter till\u00e5ten.<\/p><p>I den rituella magiska traditionen \u00e4r Mikael \u00e4rke\u00e4ngeln f\u00f6r s\u00f6der och sf\u00e4ren Tiphereth (solen) i livets tr\u00e4d inom <span class=\"iwg-fachbegriff\" data-tooltip=\"Riktning inom judisk mystik med huvudverk som Sefer Jezira och Zohar.\" tabindex=\"0\">kabbalan<\/span>. I iWell Guard-sammanhanget \u00e4r han en av de fyra \u00e4rke\u00e4nglarna vars skyddsverkan i <span class=\"iwg-fachbegriff\" data-tooltip=\"En helig stavelse eller formel som upprepas inom hinduism och buddhism.\" tabindex=\"0\">mantrat<\/span> aktiveras indirekt via \u00e4rke\u00e4ngeln Gabriels klausul (se <a href=\"https:\/\/iwell-guard.com\/sv\/skyddsfunktioner-och-affirmationer\/\">funktions\u00f6versikten<\/a>) och via ljuskors-geometrin.<\/p><\/div>\t\t\t\t\t\t\t\t<\/div>\n\t\t\t\t\t<\/div>\n\t\t\t\t<\/div>\n\t\t\t\t\t<\/div>\n\t\t\t\t<\/div>\n\t\t<div class=\"elementor-element elementor-element-wmd-s6 e-con-boxed e-flex e-con e-parent\" data-id=\"wmd-s6\" data-element_type=\"container\" data-e-type=\"container\">\n\t\t\t\t\t<div class=\"e-con-inner\">\n\t\t\t\t<div class=\"elementor-element elementor-element-wmd-h6 elementor-widget elementor-widget-heading\" data-id=\"wmd-h6\" data-element_type=\"widget\" data-e-type=\"widget\" data-widget_type=\"heading.default\">\n\t\t\t\t\t<h2 class=\"elementor-heading-title elementor-size-default\">Paralleller<\/h2>\t\t\t\t<\/div>\n\t\t<div class=\"elementor-element elementor-element-wmd-s6-bw e-flex e-con-boxed e-con e-parent\" data-id=\"wmd-s6-bw\" data-element_type=\"container\" data-e-type=\"container\" data-settings=\"{&quot;background_background&quot;:&quot;classic&quot;}\">\n\t\t\t\t\t<div class=\"e-con-inner\">\n\t\t\t\t<div class=\"elementor-element elementor-element-wmd-t6 elementor-widget elementor-widget-text-editor\" data-id=\"wmd-t6\" data-element_type=\"widget\" data-e-type=\"widget\" data-widget_type=\"text-editor.default\">\n\t\t\t\t\t\t\t\t\t<footer class=\"iwg-literatur\" data-nosnippet=\"true\"><p>Mikael finner Ni i andra kulturer som den stridande himmelshj\u00e4lten: <em>Indra<\/em> inom hinduismen (\u00e5skans och krigarnas gud), <em>Sankt G\u00f6ran<\/em> som drakd\u00f6dare, <em>Mithras<\/em> som m\u00f6rkrets \u00f6vervinnare, Apollons stridsaspekter och Mars som krigsgud. Alla f\u00f6rkroppsligar principen om aktivt avv\u00e4rjande och genomdrivande mot det kaotiska och destruktiva.<\/p><\/footer>\t\t\t\t\t\t\t\t<\/div>\n\t\t\t\t\t<\/div>\n\t\t\t\t<\/div>\n\t\t\t\t\t<\/div>\n\t\t\t\t<\/div>\n\t\t<div class=\"elementor-element elementor-element-cpfa8ad9a e-flex e-con-boxed e-con e-parent\" data-id=\"cpfa8ad9a\" data-element_type=\"container\" data-e-type=\"container\">\n\t\t\t\t\t<div class=\"e-con-inner\">\n\t\t\t\t<div class=\"elementor-element elementor-element-cp02cc327 elementor-widget elementor-widget-heading\" data-id=\"cp02cc327\" data-element_type=\"widget\" data-e-type=\"widget\" data-widget_type=\"heading.default\">\n\t\t\t\t\t<h2 class=\"elementor-heading-title elementor-size-default\">Mikael i den bibliska och apokryfa traditionen<\/h2>\t\t\t\t<\/div>\n\t\t<div class=\"elementor-element elementor-element-cpe9d414f e-con-full e-flex e-con e-child\" data-id=\"cpe9d414f\" data-element_type=\"container\" data-e-type=\"container\">\n\t\t\t\t<div class=\"elementor-element elementor-element-cp3d116f4 elementor-widget elementor-widget-text-editor\" data-id=\"cp3d116f4\" data-element_type=\"widget\" data-e-type=\"widget\" data-widget_type=\"text-editor.default\">\n\t\t\t\t\t\t\t\t\t<p>\u00c4rke\u00e4ngeln Mikael n\u00e4mns i den hebreiska bibeln endast p\u00e5 ett f\u00e5tal st\u00e4llen, alla i Danielsboken. D\u00e4r framtr\u00e4der han som den stora \u00e4ngelfursten som tr\u00e4der in f\u00f6r Israels folk, och som himmelsk k\u00e4mpe i den yttersta tidens strid. Hans namn \u00e4r en fr\u00e5ga i form av en bek\u00e4nnelse, hebreiska <em>mi-ka-el<\/em>, Vem \u00e4r som Gud.<\/p><p>I Nya testamentet framtr\u00e4der Mikael p\u00e5 tv\u00e5 st\u00e4llen. Judasbrevet n\u00e4mner en tvist mellan Mikael och dj\u00e4vulen om Moses kropp, vilket bygger p\u00e5 en apokryf Mose<span class=\"iwg-fachbegriff\" data-tooltip=\"Traderingen av kunskap och ber\u00e4ttelser genom generationerna.\" tabindex=\"0\">tradition<\/span>.<\/p><p>Johannes uppenbarelse skildrar i det tolfte kapitlet striden mellan Mikael med sina <span class=\"iwg-fachbegriff\" data-tooltip=\"I de abrahamitiska religionerna en himmelsk budb\u00e4rare fr\u00e5n Gud.\" tabindex=\"0\">\u00e4nglar<\/span> och draken, som besegras och kastas ut ur himlen. Denna scen blev avg\u00f6rande f\u00f6r den kristna f\u00f6rest\u00e4llningen om Mikael som Satans \u00f6vervinnare.<\/p><p>Mikael-gestalten fick en rik utformning i den antika judendomens apokryfa och pseudepigrafiska litteratur, till exempel i den etiopiska Henoksboken, d\u00e4r Mikael r\u00e4knas till de fyra eller sju h\u00f6gsta \u00e4rke\u00e4nglarna.<\/p><p>Forskningen har visat att f\u00f6rest\u00e4llningen om namngivna \u00e4rke\u00e4nglar med tydligt avgr\u00e4nsade funktioner utvecklades f\u00f6rst under den efterexiliska tiden, m\u00f6jligen under inflytande av persiska f\u00f6rest\u00e4llningar om \u00e4nglar. Mikael \u00e4r i denna utveckling fr\u00e5n b\u00f6rjan den ledande gestalten, gudsfolkets himmelska skyddspatron.<\/p>\t\t\t\t\t\t\t\t<\/div>\n\t\t\t\t<\/div>\n\t\t\t\t\t<\/div>\n\t\t\t\t<\/div>\n\t\t<div class=\"elementor-element elementor-element-cp71a7cc0 e-flex e-con-boxed e-con e-parent\" data-id=\"cp71a7cc0\" data-element_type=\"container\" data-e-type=\"container\">\n\t\t\t\t\t<div class=\"e-con-inner\">\n\t\t\t\t<div class=\"elementor-element elementor-element-cpc283682 elementor-widget elementor-widget-heading\" data-id=\"cpc283682\" data-element_type=\"widget\" data-e-type=\"widget\" data-widget_type=\"heading.default\">\n\t\t\t\t\t<h2 class=\"elementor-heading-title elementor-size-default\">Mikaelskulten: helgedomar fr\u00e5n Chonai till Monte Gargano<\/h2>\t\t\t\t<\/div>\n\t\t<div class=\"elementor-element elementor-element-cp3df1219 e-con-full e-flex e-con e-child\" data-id=\"cp3df1219\" data-element_type=\"container\" data-e-type=\"container\">\n\t\t\t\t<div class=\"elementor-element elementor-element-cp9cdec31 elementor-widget elementor-widget-text-editor\" data-id=\"cp9cdec31\" data-element_type=\"widget\" data-e-type=\"widget\" data-widget_type=\"text-editor.default\">\n\t\t\t\t\t\t\t\t\t<p><span class=\"iwg-fachbegriff\" data-tooltip=\"Summan av alla religi\u00f6sa v\u00f6rdnadshandlingar f\u00f6r en gudom eller helig gestalt.\" tabindex=\"0\">Kulten<\/span> av \u00e4rke\u00e4ngeln Mikael spred sig snabbt fr\u00e5n och med <span class=\"iwg-fachbegriff\" data-tooltip=\"\u00d6verg\u00e5ngsepok mellan antiken och medeltiden, ungef\u00e4r 300\u2013700-talet.\" tabindex=\"0\">senantiken<\/span> och var n\u00e4ra knuten till best\u00e4mda helgedomar, ofta grottor och bergstoppar. Ett tidigt centrum l\u00e5g i den lillasiatiska staden Chonai, det antika Kolossai, d\u00e4r en uppenbarelse av Mikael vid en k\u00e4lla dyrkades.<\/p><p>I v\u00e4st blev <em>Monte Gargano<\/em> i Apulien den viktigaste Mikaelshelgedomen. En <span class=\"iwg-fachbegriff\" data-tooltip=\"En uppbygglig ber\u00e4ttelse, oftast om helgons liv.\" tabindex=\"0\">legend<\/span> fr\u00e5n 400- eller 500-talet ber\u00e4ttar om uppenbarelser av \u00e4rke\u00e4ngeln i en berggrotta, som d\u00e4refter blev en kultplats.<\/p><p>Fr\u00e5n Gargano spred sig grottkulten \u00f6ver Europa. Det mest ber\u00f6mda exemplet p\u00e5 denna tradition \u00e4r <em>Mont-Saint-Michel<\/em> i Normandie, vars grundande p\u00e5 700-talet uttryckligen s\u00e4gs ha skett efter f\u00f6rebild av Gargano.<\/p><p>Anm\u00e4rkningsv\u00e4rd \u00e4r Mikaels koppling till h\u00f6jder. M\u00e5nga kapell och kyrkor som \u00e4r helgade \u00e5t honom ligger p\u00e5 berg, kullar eller andra upph\u00f6jda platser, ofta i exponerade l\u00e4gen. <span class=\"iwg-fachbegriff\" data-tooltip=\"Vetenskapen som studerar religioner j\u00e4mf\u00f6rande och utan trosbindning.\" tabindex=\"0\">Religionsvetenskapen<\/span> f\u00f6rklarar detta delvis utifr\u00e5n Mikaels funktion som himmelsk stridsman och sj\u00e4laledsagare, delvis som en \u00f6vertagning av \u00e4ldre h\u00f6jdkulter.<\/p><p>I den kristna <span class=\"iwg-fachbegriff\" data-tooltip=\"Den religiositet som levs i vardagen, ofta vid sidan av den officiella l\u00e4ran.\" tabindex=\"0\">folkfrommheten<\/span> ans\u00e5gs Mikael dessutom vara sj\u00e4larnas ledsagare vid \u00f6verg\u00e5ngen till livet efter detta, och den som v\u00e4ger sj\u00e4larna. Denna funktion som sj\u00e4lav\u00e4gare, som ikonografiskt l\u00e4gger en v\u00e5g i Mikaels hand, har paralleller i \u00e4ldre f\u00f6rest\u00e4llningar om livet efter detta, bland annat i den egyptiska d\u00f6dsdomen.<\/p>\t\t\t\t\t\t\t\t<\/div>\n\t\t\t\t<\/div>\n\t\t\t\t\t<\/div>\n\t\t\t\t<\/div>\n\t\t<div class=\"elementor-element elementor-element-cpdbc74e1 e-flex e-con-boxed e-con e-parent\" data-id=\"cpdbc74e1\" data-element_type=\"container\" data-e-type=\"container\">\n\t\t\t\t\t<div class=\"e-con-inner\">\n\t\t\t\t<div class=\"elementor-element elementor-element-cpbd7d255 elementor-widget elementor-widget-heading\" data-id=\"cpbd7d255\" data-element_type=\"widget\" data-e-type=\"widget\" data-widget_type=\"heading.default\">\n\t\t\t\t\t<h2 class=\"elementor-heading-title elementor-size-default\">Mikael i konsten: sj\u00e4lav\u00e4garen och drakbek\u00e4mparen<\/h2>\t\t\t\t<\/div>\n\t\t<div class=\"elementor-element elementor-element-cpc905231 e-con-full e-flex e-con e-child\" data-id=\"cpc905231\" data-element_type=\"container\" data-e-type=\"container\">\n\t\t\t\t<div class=\"elementor-element elementor-element-cpf261812 elementor-widget elementor-widget-text-editor\" data-id=\"cpf261812\" data-element_type=\"widget\" data-e-type=\"widget\" data-widget_type=\"text-editor.default\">\n\t\t\t\t\t\t\t\t\t<p>I den kristna bildkonsten \u00e4r Mikael en av de mest avbildade \u00e4nglarna, och hans <span class=\"iwg-fachbegriff\" data-tooltip=\"L\u00e4ran om bildinneh\u00e5ll och deras betydelse.\" tabindex=\"0\">ikonografi<\/span> \u00e4r relativt fast best\u00e4md. Tv\u00e5 bildtyper dominerar.<\/p><p>Den f\u00f6rsta visar Mikael som drakbek\u00e4mpare eller dj\u00e4vulsbetvingare, rustad, med lans eller sv\u00e4rd, st\u00e5ende \u00f6ver en underkuvad drake eller en satanisk gestalt. Denna typ g\u00e5r tillbaka p\u00e5 scenen ur Johannes uppenbarelse och framst\u00e4ller Mikael som en himmelsk krigare.<\/p><p>Den andra bildtypen visar Mikael som sj\u00e4lav\u00e4gare, <em>psykostasi<\/em>. Han h\u00e5ller en v\u00e5g, i vars sk\u00e5lar sj\u00e4larna eller deras g\u00e4rningar v\u00e4gs, medan ofta en <span class=\"iwg-fachbegriff\" data-tooltip=\"Andlig varelse som tillskrivs skadlig eller tvetydig verkan.\" tabindex=\"0\">demon<\/span> f\u00f6rs\u00f6ker v\u00e4ga ner v\u00e5gen till f\u00f6rdel f\u00f6r f\u00f6rd\u00f6melsen. Denna bildtyp var s\u00e4rskilt spridd under medeltiden, till exempel i skildringarna av den yttersta domen p\u00e5 kyrkoportaler.<\/p><p>Som \u00e4rke\u00e4ngel framst\u00e4lls Mikael ofta med vingar, gloria och en blandning av milit\u00e4r och liturgisk kl\u00e4dsel. Den bysantinska konsten visade honom ofta som en hovlig v\u00e4rdighetsb\u00e4rare, medan den v\u00e4sterl\u00e4ndska konsten alltmer avbildade honom som en rustad riddare. Ber\u00f6mda verk fr\u00e5n ren\u00e4ssansen, bland annat av Raffael och Guido Reni, pr\u00e4glade bilden av den ungt sk\u00f6na, triumferande \u00e4ngeln.<\/p><p>Genom heraldiken, skyddshelgonskapet i m\u00e5nga l\u00e4nder, st\u00e4der och yrkesgrupper samt otaliga ortnamn \u00e4r Mikael kulturellt n\u00e4rvarande \u00e4n i dag. Forskningen ser i denna <span class=\"iwg-fachbegriff\" data-tooltip=\"L\u00e4ran om bildinneh\u00e5ll och deras betydelse.\" tabindex=\"0\">ikonografins<\/span> best\u00e4ndighet ett vittnesb\u00f6rd om hur en ursprungligen textm\u00e4ssigt sparsamt beskriven biblisk gestalt genom <span class=\"iwg-fachbegriff\" data-tooltip=\"Summan av alla religi\u00f6sa v\u00f6rdnadshandlingar f\u00f6r en gudom eller helig gestalt.\" tabindex=\"0\">kult<\/span>, <span class=\"iwg-fachbegriff\" data-tooltip=\"En uppbygglig ber\u00e4ttelse, oftast om helgons liv.\" tabindex=\"0\">legend<\/span> och konst blev en av kristendomens mest k\u00e4nda figurer.<\/p>\t\t\t\t\t\t\t\t<\/div>\n\t\t\t\t<\/div>\n\t\t\t\t\t<\/div>\n\t\t\t\t<\/div>\n\t\t<div class=\"elementor-element elementor-element-0cb873e e-con-boxed e-flex e-con e-parent\" data-id=\"0cb873e\" data-element_type=\"container\" data-e-type=\"container\">\n\t\t\t\t\t<div class=\"e-con-inner\">\n\t\t\t\t<div class=\"elementor-element elementor-element-f6ec007 elementor-widget elementor-widget-text-editor\" data-id=\"f6ec007\" data-element_type=\"widget\" data-e-type=\"widget\" data-widget_type=\"text-editor.default\">\n\t\t\t\t\t\t\t\t\t\n<h2>Vanliga fr\u00e5gor om \u00e4rke\u00e4ngeln Mikael<\/h2>\n<div class=\"iwg-faq-q\"><h3>Vem \u00e4r \u00e4rke\u00e4ngeln Mikael?<\/h3><p>Mikael (hebreiska Mi-cha-el, Vem \u00e4r som Gud?) \u00e4r den viktigaste \u00e4rke\u00e4ngeln inom judisk, kristen och islamisk tradition. I Johannes uppenbarelse (Uppenbarelseboken 12) leder han den himmelska h\u00e4rskaran mot draken Satan.<\/p><p>Mikael anses vara Israels beskyddare (Danielsboken), ledare f\u00f6r de himmelska h\u00e4rskarorna och skyddspatron f\u00f6r krigare, poliser och bankanst\u00e4llda. Hans festdag \u00e4r den 29 september (Mikaelidagen).<\/p><\/div>\n<div class=\"iwg-faq-q\"><h3>Hur ber man till \u00e4rke\u00e4ngeln Mikael?<\/h3><p>Klassiska \u00e5kallanden \u00e4r Sankt Mikaels skydds\u00e4ngelb\u00f6n (av p\u00e5ve Leo XIII, 1886) och kortare b\u00f6ner inf\u00f6r sv\u00e5ra uppgifter eller konfrontationer. I den moderna <span class=\"iwg-fachbegriff\" data-tooltip=\"Inom de abrahamitiska religionerna en himmelsk budb\u00e4rare fr\u00e5n Gud.\" tabindex=\"0\">\u00e4ngla<\/span>&#8211;<span class=\"iwg-fachbegriff\" data-tooltip=\"Samlingsbegrepp f\u00f6r l\u00e4ror som g\u00f6r anspr\u00e5k p\u00e5 dold kunskap som endast \u00e4r tillg\u00e4nglig f\u00f6r invigda.\" tabindex=\"0\">esoteriken<\/span> visualiseras Mikael ofta med ljusets sv\u00e4rd, som sk\u00e4r av negativa energier. Klassiska symboler: sv\u00e4rdet, v\u00e5gen (f\u00f6r sj\u00e4lav\u00e4gningen vid den yttersta domen) och den besegrade draken vid hans f\u00f6tter.<\/p><\/div>\n<script type=\"application\/ld+json\">{\"@context\":\"https:\/\/schema.org\",\"@type\":\"FAQPage\",\"mainEntity\":[{\"@type\":\"Question\",\"name\":\"Vem \u00e4r \u00e4rke\u00e4ngeln Mikael?\",\"acceptedAnswer\":{\"@type\":\"Answer\",\"text\":\"Mikael (hebreiska Mi-cha-el, Vem \u00e4r som Gud?) \u00e4r den viktigaste \u00e4rke\u00e4ngeln inom judisk, kristen och islamisk tradition. I Johannes uppenbarelse (Uppenbarelseboken 12) leder han den himmelska h\u00e4rskaran mot draken Satan.Mikael anses vara Israels beskyddare (Danielsboken), ledare f\u00f6r de himmelska h\u00e4rskarorna och skyddspatron f\u00f6r krigare, poliser och bankanst\u00e4llda. Hans festdag \u00e4r den 29 september (Mikaelidagen).\"}},{\"@type\":\"Question\",\"name\":\"Hur ber man till \u00e4rke\u00e4ngeln Mikael?\",\"acceptedAnswer\":{\"@type\":\"Answer\",\"text\":\"Klassiska \u00e5kallanden \u00e4r Sankt Mikaels skydds\u00e4ngelb\u00f6n (av p\u00e5ve Leo XIII, 1886) och kortare b\u00f6ner inf\u00f6r sv\u00e5ra uppgifter eller konfrontationer. I den moderna \u00e4ngla-esoteriken visualiseras Mikael ofta med ljusets sv\u00e4rd, som sk\u00e4r av negativa energier. Klassiska symboler: sv\u00e4rdet, v\u00e5gen (f\u00f6r sj\u00e4lav\u00e4gningen vid den yttersta domen) och den besegrade draken vid hans f\u00f6tter.\"}}]}<\/script>\t\t\t\t\t\t\t\t<\/div>\n\t\t\t\t\t<\/div>\n\t\t\t\t<\/div>\n\t\t\t\t<\/div>\n\t\t","protected":false},"excerpt":{"rendered":"","protected":false},"author":3,"featured_media":1622,"parent":0,"menu_order":0,"comment_status":"closed","ping_status":"closed","template":"elementor_header_footer","meta":{"_yoast_wpseo_focuskw":"\u00c4rke\u00e4ngeln Mikael","_yoast_wpseo_title":"\u00c4rke\u00e4ngeln Mikael - ledare f\u00f6r de himmelska h\u00e4rskarorna","_yoast_wpseo_metadesc":"\u00c4rke\u00e4ngeln Mikael \u00e4r den m\u00e4ktigaste skydds\u00e4ngeln i den judisk-kristna traditionen. L\u00e4s mer om hans kraft i iWell Guard-praktiken.","_yoast_wpseo_meta-robots-noindex":"","_yoast_wpseo_canonical":"","_angie_page":false,"gefaehrdungsstufe":"","wesen_kultur":"","wesen_klasse":"","footnotes":""},"categories":[],"class_list":["post-136590","page","type-page","status-publish","has-post-thumbnail","hentry"],"yoast_head":"<!-- This site is optimized with the Yoast SEO Premium plugin v27.7 (Yoast SEO v28.3) - https:\/\/yoast.com\/product\/yoast-seo-premium-wordpress\/ -->\n<title>\u00c4rke\u00e4ngeln Mikael - ledare f\u00f6r de himmelska h\u00e4rskarorna<\/title>\n<meta name=\"description\" content=\"\u00c4rke\u00e4ngeln Mikael \u00e4r den m\u00e4ktigaste skydds\u00e4ngeln i den judisk-kristna traditionen. L\u00e4s mer om hans kraft i iWell Guard-praktiken.\" \/>\n<meta name=\"robots\" content=\"index, follow, max-snippet:-1, max-image-preview:large, max-video-preview:-1\" \/>\n<link rel=\"canonical\" href=\"https:\/\/iwell-guard.com\/sv\/arkeangeln-mikael\/\" \/>\n<meta property=\"og:locale\" content=\"sv_SE\" \/>\n<meta property=\"og:type\" content=\"article\" \/>\n<meta property=\"og:title\" content=\"\u00c4rke\u00e4ngeln Mikael\" \/>\n<meta property=\"og:description\" content=\"\u00c4rke\u00e4ngeln Mikael \u00e4r den m\u00e4ktigaste skydds\u00e4ngeln i den judisk-kristna traditionen. L\u00e4s mer om hans kraft i iWell Guard-praktiken.\" \/>\n<meta property=\"og:url\" content=\"https:\/\/iwell-guard.com\/sv\/arkeangeln-mikael\/\" \/>\n<meta property=\"og:site_name\" content=\"iWell Guard\" \/>\n<meta property=\"article:modified_time\" content=\"2026-09-03T01:06:47+00:00\" \/>\n<meta property=\"og:image\" content=\"https:\/\/iwell-guard.com\/wp-content\/uploads\/2026\/04\/lichtwesen_erzengel-michael.webp\" \/>\n\t<meta property=\"og:image:width\" content=\"1024\" \/>\n\t<meta property=\"og:image:height\" content=\"1536\" \/>\n\t<meta property=\"og:image:type\" content=\"image\/webp\" \/>\n<meta name=\"twitter:card\" content=\"summary_large_image\" \/>\n<script type=\"application\/ld+json\" class=\"yoast-schema-graph\">{\"@context\":\"https:\\\/\\\/schema.org\",\"@graph\":[{\"@type\":\"WebPage\",\"@id\":\"https:\\\/\\\/iwell-guard.com\\\/sv\\\/arkeangeln-mikael\\\/\",\"url\":\"https:\\\/\\\/iwell-guard.com\\\/sv\\\/arkeangeln-mikael\\\/\",\"name\":\"\u00c4rke\u00e4ngeln Mikael - ledare f\u00f6r de himmelska h\u00e4rskarorna\",\"isPartOf\":{\"@id\":\"https:\\\/\\\/iwell-guard.com\\\/sv\\\/#website\"},\"primaryImageOfPage\":{\"@id\":\"https:\\\/\\\/iwell-guard.com\\\/sv\\\/arkeangeln-mikael\\\/#primaryimage\"},\"image\":{\"@id\":\"https:\\\/\\\/iwell-guard.com\\\/sv\\\/arkeangeln-mikael\\\/#primaryimage\"},\"thumbnailUrl\":\"https:\\\/\\\/iwell-guard.com\\\/wp-content\\\/uploads\\\/2026\\\/04\\\/lichtwesen_erzengel-michael.webp\",\"datePublished\":\"2026-09-03T00:08:19+00:00\",\"dateModified\":\"2026-09-03T01:06:47+00:00\",\"description\":\"\u00c4rke\u00e4ngeln Mikael \u00e4r den m\u00e4ktigaste skydds\u00e4ngeln i den judisk-kristna traditionen. L\u00e4s mer om hans kraft i iWell Guard-praktiken.\",\"breadcrumb\":{\"@id\":\"https:\\\/\\\/iwell-guard.com\\\/sv\\\/arkeangeln-mikael\\\/#breadcrumb\"},\"inLanguage\":\"sv-SE\",\"potentialAction\":[{\"@type\":\"ReadAction\",\"target\":[\"https:\\\/\\\/iwell-guard.com\\\/sv\\\/arkeangeln-mikael\\\/\"]}]},{\"@type\":\"ImageObject\",\"inLanguage\":\"sv-SE\",\"@id\":\"https:\\\/\\\/iwell-guard.com\\\/sv\\\/arkeangeln-mikael\\\/#primaryimage\",\"url\":\"https:\\\/\\\/iwell-guard.com\\\/wp-content\\\/uploads\\\/2026\\\/04\\\/lichtwesen_erzengel-michael.webp\",\"contentUrl\":\"https:\\\/\\\/iwell-guard.com\\\/wp-content\\\/uploads\\\/2026\\\/04\\\/lichtwesen_erzengel-michael.webp\",\"width\":1024,\"height\":1536,\"caption\":\"Ljusv\u00e4sen. Ljusgenomfl\u00f6dad illustration.\"},{\"@type\":\"BreadcrumbList\",\"@id\":\"https:\\\/\\\/iwell-guard.com\\\/sv\\\/arkeangeln-mikael\\\/#breadcrumb\",\"itemListElement\":[{\"@type\":\"ListItem\",\"position\":1,\"name\":\"Start\",\"item\":\"https:\\\/\\\/iwell-guard.com\\\/sv\\\/?page_id=136483\"},{\"@type\":\"ListItem\",\"position\":2,\"name\":\"\u00c4rke\u00e4ngeln Mikael\"}]},{\"@type\":\"WebSite\",\"@id\":\"https:\\\/\\\/iwell-guard.com\\\/sv\\\/#website\",\"url\":\"https:\\\/\\\/iwell-guard.com\\\/sv\\\/\",\"name\":\"iWell Guard\",\"description\":\"Schutz vor dunklen Einfl\u00fcssen\",\"publisher\":{\"@id\":\"https:\\\/\\\/iwell-guard.com\\\/sv\\\/#organization\"},\"potentialAction\":[{\"@type\":\"SearchAction\",\"target\":{\"@type\":\"EntryPoint\",\"urlTemplate\":\"https:\\\/\\\/iwell-guard.com\\\/sv\\\/?s={search_term_string}\"},\"query-input\":{\"@type\":\"PropertyValueSpecification\",\"valueRequired\":true,\"valueName\":\"search_term_string\"}}],\"inLanguage\":\"sv-SE\"},{\"@type\":\"Organization\",\"@id\":\"https:\\\/\\\/iwell-guard.com\\\/sv\\\/#organization\",\"name\":\"Ittermann electronic GmbH\",\"url\":\"https:\\\/\\\/iwell-guard.com\\\/sv\\\/\",\"logo\":{\"@type\":\"ImageObject\",\"inLanguage\":\"sv-SE\",\"@id\":\"https:\\\/\\\/iwell-guard.com\\\/sv\\\/#\\\/schema\\\/logo\\\/image\\\/\",\"url\":\"https:\\\/\\\/iwell-guard.com\\\/wp-content\\\/uploads\\\/2026\\\/05\\\/Ittermann-Logo-1182x237-1.png\",\"contentUrl\":\"https:\\\/\\\/iwell-guard.com\\\/wp-content\\\/uploads\\\/2026\\\/05\\\/Ittermann-Logo-1182x237-1.png\",\"width\":1182,\"height\":237,\"caption\":\"Ittermann electronic GmbH\"},\"image\":{\"@id\":\"https:\\\/\\\/iwell-guard.com\\\/sv\\\/#\\\/schema\\\/logo\\\/image\\\/\"},\"sameAs\":[\"https:\\\/\\\/pantip.com\\\/profile\\\/9367242\",\"https:\\\/\\\/micro.blog\\\/iwellguard\",\"https:\\\/\\\/www.diggerslist.com\\\/iwellguard\\\/about\",\"https:\\\/\\\/skitterphoto.com\\\/photographers\\\/2870314\\\/iwell-guard\",\"https:\\\/\\\/iwellguard.wordpress.com\\\/2026\\\/06\\\/06\\\/iwell-guard\\\/\",\"https:\\\/\\\/hub.docker.com\\\/u\\\/iwellguard\",\"https:\\\/\\\/www.pinterest.com\\\/iwellguard\\\/\",\"https:\\\/\\\/bit.ly\\\/m\\\/iwellguard\",\"https:\\\/\\\/entre-vos-mains.alsace.eu\\\/profiles\\\/iwellguard\\\/activity\",\"https:\\\/\\\/gravatar.com\\\/reallybeded8fd34\",\"https:\\\/\\\/naijamatta.com\\\/iwellguard\",\"https:\\\/\\\/www.goodreads.com\\\/iwellguard\",\"https:\\\/\\\/profile.hatena.ne.jp\\\/iwellguard\\\/\",\"https:\\\/\\\/experiment.com\\\/users\\\/iwellguard\",\"https:\\\/\\\/wakelet.com\\\/@iWellGuard82270\",\"https:\\\/\\\/www.chordie.com\\\/forum\\\/profile.php?id=2555664\",\"https:\\\/\\\/www.instapaper.com\\\/p\\\/17757966\",\"https:\\\/\\\/www.mapleprimes.com\\\/users\\\/iwellguard\",\"https:\\\/\\\/businesslistingplus.com\\\/profile\\\/iwell-guard\\\/\",\"https:\\\/\\\/telegra.ph\\\/iWell-Guard-06-06\",\"https:\\\/\\\/pbase.com\\\/iwellguard\\\/iwellguard\",\"https:\\\/\\\/b.hatena.ne.jp\\\/iwellguard\\\/20260607#bookmark-4788405196491818882\",\"https:\\\/\\\/fliphtml5.com\\\/home\\\/iwellguard\",\"https:\\\/\\\/anyflip.com\\\/homepage\\\/cmiwl#About\",\"https:\\\/\\\/transfur.com\\\/Users\\\/iwellguard\",\"http:\\\/\\\/delphi.larsbo.org\\\/user\\\/iwellguard\",\"https:\\\/\\\/jobs.lajobsportal.org\\\/profiles\\\/8380803-iwell-guard\",\"https:\\\/\\\/md.chaosdorf.de\\\/s\\\/jfbe5SBdJD\",\"https:\\\/\\\/www.lingvolive.com\\\/en-us\\\/profile\\\/9ecaeaca-ce11-4e51-9e71-01d55e2bff36\\\/translations\",\"https:\\\/\\\/www.fitday.com\\\/fitness\\\/forums\\\/members\\\/iwellguard.html\",\"https:\\\/\\\/www.mymeetbook.com\\\/iwellguard\",\"https:\\\/\\\/pxhere.com\\\/en\\\/photographer-me\\\/5040798\",\"https:\\\/\\\/disqus.com\\\/by\\\/iwellguard\\\/about\\\/\",\"https:\\\/\\\/pastelink.net\\\/hjwciqwq\",\"https:\\\/\\\/pubhtml5.com\\\/homepage\\\/scjhn\\\/\",\"https:\\\/\\\/www.bitchute.com\\\/channel\\\/2O2eOKzNqujT\",\"https:\\\/\\\/audiomack.com\\\/iwellguard\"]}]}<\/script>\n<!-- \/ Yoast SEO Premium plugin. -->","yoast_head_json":{"title":"\u00c4rke\u00e4ngeln Mikael - ledare f\u00f6r de himmelska h\u00e4rskarorna","description":"\u00c4rke\u00e4ngeln Mikael \u00e4r den m\u00e4ktigaste skydds\u00e4ngeln i den judisk-kristna traditionen. L\u00e4s mer om hans kraft i iWell Guard-praktiken.","robots":{"index":"index","follow":"follow","max-snippet":"max-snippet:-1","max-image-preview":"max-image-preview:large","max-video-preview":"max-video-preview:-1"},"canonical":"https:\/\/iwell-guard.com\/sv\/arkeangeln-mikael\/","og_locale":"sv_SE","og_type":"article","og_title":"\u00c4rke\u00e4ngeln Mikael","og_description":"\u00c4rke\u00e4ngeln Mikael \u00e4r den m\u00e4ktigaste skydds\u00e4ngeln i den judisk-kristna traditionen. L\u00e4s mer om hans kraft i iWell Guard-praktiken.","og_url":"https:\/\/iwell-guard.com\/sv\/arkeangeln-mikael\/","og_site_name":"iWell Guard","article_modified_time":"2026-09-03T01:06:47+00:00","og_image":[{"width":1024,"height":1536,"url":"https:\/\/iwell-guard.com\/wp-content\/uploads\/2026\/04\/lichtwesen_erzengel-michael.webp","type":"image\/webp"}],"twitter_card":"summary_large_image","schema":{"@context":"https:\/\/schema.org","@graph":[{"@type":"WebPage","@id":"https:\/\/iwell-guard.com\/sv\/arkeangeln-mikael\/","url":"https:\/\/iwell-guard.com\/sv\/arkeangeln-mikael\/","name":"\u00c4rke\u00e4ngeln Mikael - ledare f\u00f6r de himmelska h\u00e4rskarorna","isPartOf":{"@id":"https:\/\/iwell-guard.com\/sv\/#website"},"primaryImageOfPage":{"@id":"https:\/\/iwell-guard.com\/sv\/arkeangeln-mikael\/#primaryimage"},"image":{"@id":"https:\/\/iwell-guard.com\/sv\/arkeangeln-mikael\/#primaryimage"},"thumbnailUrl":"https:\/\/iwell-guard.com\/wp-content\/uploads\/2026\/04\/lichtwesen_erzengel-michael.webp","datePublished":"2026-09-03T00:08:19+00:00","dateModified":"2026-09-03T01:06:47+00:00","description":"\u00c4rke\u00e4ngeln Mikael \u00e4r den m\u00e4ktigaste skydds\u00e4ngeln i den judisk-kristna traditionen. L\u00e4s mer om hans kraft i iWell Guard-praktiken.","breadcrumb":{"@id":"https:\/\/iwell-guard.com\/sv\/arkeangeln-mikael\/#breadcrumb"},"inLanguage":"sv-SE","potentialAction":[{"@type":"ReadAction","target":["https:\/\/iwell-guard.com\/sv\/arkeangeln-mikael\/"]}]},{"@type":"ImageObject","inLanguage":"sv-SE","@id":"https:\/\/iwell-guard.com\/sv\/arkeangeln-mikael\/#primaryimage","url":"https:\/\/iwell-guard.com\/wp-content\/uploads\/2026\/04\/lichtwesen_erzengel-michael.webp","contentUrl":"https:\/\/iwell-guard.com\/wp-content\/uploads\/2026\/04\/lichtwesen_erzengel-michael.webp","width":1024,"height":1536,"caption":"Ljusv\u00e4sen. Ljusgenomfl\u00f6dad illustration."},{"@type":"BreadcrumbList","@id":"https:\/\/iwell-guard.com\/sv\/arkeangeln-mikael\/#breadcrumb","itemListElement":[{"@type":"ListItem","position":1,"name":"Start","item":"https:\/\/iwell-guard.com\/sv\/?page_id=136483"},{"@type":"ListItem","position":2,"name":"\u00c4rke\u00e4ngeln Mikael"}]},{"@type":"WebSite","@id":"https:\/\/iwell-guard.com\/sv\/#website","url":"https:\/\/iwell-guard.com\/sv\/","name":"iWell Guard","description":"Schutz vor dunklen Einfl\u00fcssen","publisher":{"@id":"https:\/\/iwell-guard.com\/sv\/#organization"},"potentialAction":[{"@type":"SearchAction","target":{"@type":"EntryPoint","urlTemplate":"https:\/\/iwell-guard.com\/sv\/?s={search_term_string}"},"query-input":{"@type":"PropertyValueSpecification","valueRequired":true,"valueName":"search_term_string"}}],"inLanguage":"sv-SE"},{"@type":"Organization","@id":"https:\/\/iwell-guard.com\/sv\/#organization","name":"Ittermann electronic GmbH","url":"https:\/\/iwell-guard.com\/sv\/","logo":{"@type":"ImageObject","inLanguage":"sv-SE","@id":"https:\/\/iwell-guard.com\/sv\/#\/schema\/logo\/image\/","url":"https:\/\/iwell-guard.com\/wp-content\/uploads\/2026\/05\/Ittermann-Logo-1182x237-1.png","contentUrl":"https:\/\/iwell-guard.com\/wp-content\/uploads\/2026\/05\/Ittermann-Logo-1182x237-1.png","width":1182,"height":237,"caption":"Ittermann electronic GmbH"},"image":{"@id":"https:\/\/iwell-guard.com\/sv\/#\/schema\/logo\/image\/"},"sameAs":["https:\/\/pantip.com\/profile\/9367242","https:\/\/micro.blog\/iwellguard","https:\/\/www.diggerslist.com\/iwellguard\/about","https:\/\/skitterphoto.com\/photographers\/2870314\/iwell-guard","https:\/\/iwellguard.wordpress.com\/2026\/06\/06\/iwell-guard\/","https:\/\/hub.docker.com\/u\/iwellguard","https:\/\/www.pinterest.com\/iwellguard\/","https:\/\/bit.ly\/m\/iwellguard","https:\/\/entre-vos-mains.alsace.eu\/profiles\/iwellguard\/activity","https:\/\/gravatar.com\/reallybeded8fd34","https:\/\/naijamatta.com\/iwellguard","https:\/\/www.goodreads.com\/iwellguard","https:\/\/profile.hatena.ne.jp\/iwellguard\/","https:\/\/experiment.com\/users\/iwellguard","https:\/\/wakelet.com\/@iWellGuard82270","https:\/\/www.chordie.com\/forum\/profile.php?id=2555664","https:\/\/www.instapaper.com\/p\/17757966","https:\/\/www.mapleprimes.com\/users\/iwellguard","https:\/\/businesslistingplus.com\/profile\/iwell-guard\/","https:\/\/telegra.ph\/iWell-Guard-06-06","https:\/\/pbase.com\/iwellguard\/iwellguard","https:\/\/b.hatena.ne.jp\/iwellguard\/20260607#bookmark-4788405196491818882","https:\/\/fliphtml5.com\/home\/iwellguard","https:\/\/anyflip.com\/homepage\/cmiwl#About","https:\/\/transfur.com\/Users\/iwellguard","http:\/\/delphi.larsbo.org\/user\/iwellguard","https:\/\/jobs.lajobsportal.org\/profiles\/8380803-iwell-guard","https:\/\/md.chaosdorf.de\/s\/jfbe5SBdJD","https:\/\/www.lingvolive.com\/en-us\/profile\/9ecaeaca-ce11-4e51-9e71-01d55e2bff36\/translations","https:\/\/www.fitday.com\/fitness\/forums\/members\/iwellguard.html","https:\/\/www.mymeetbook.com\/iwellguard","https:\/\/pxhere.com\/en\/photographer-me\/5040798","https:\/\/disqus.com\/by\/iwellguard\/about\/","https:\/\/pastelink.net\/hjwciqwq","https:\/\/pubhtml5.com\/homepage\/scjhn\/","https:\/\/www.bitchute.com\/channel\/2O2eOKzNqujT","https:\/\/audiomack.com\/iwellguard"]}]}},"_links":{"self":[{"href":"https:\/\/iwell-guard.com\/sv\/wp-json\/wp\/v2\/pages\/136590","targetHints":{"allow":["GET"]}}],"collection":[{"href":"https:\/\/iwell-guard.com\/sv\/wp-json\/wp\/v2\/pages"}],"about":[{"href":"https:\/\/iwell-guard.com\/sv\/wp-json\/wp\/v2\/types\/page"}],"author":[{"embeddable":true,"href":"https:\/\/iwell-guard.com\/sv\/wp-json\/wp\/v2\/users\/3"}],"replies":[{"embeddable":true,"href":"https:\/\/iwell-guard.com\/sv\/wp-json\/wp\/v2\/comments?post=136590"}],"version-history":[{"count":0,"href":"https:\/\/iwell-guard.com\/sv\/wp-json\/wp\/v2\/pages\/136590\/revisions"}],"wp:featuredmedia":[{"embeddable":true,"href":"https:\/\/iwell-guard.com\/sv\/wp-json\/wp\/v2\/media\/1622"}],"wp:attachment":[{"href":"https:\/\/iwell-guard.com\/sv\/wp-json\/wp\/v2\/media?parent=136590"}],"wp:term":[{"taxonomy":"category","embeddable":true,"href":"https:\/\/iwell-guard.com\/sv\/wp-json\/wp\/v2\/categories?post=136590"}],"curies":[{"name":"wp","href":"https:\/\/api.w.org\/{rel}","templated":true}]}}