{"id":136585,"date":"2026-09-03T00:08:17","date_gmt":"2026-09-03T00:08:17","guid":{"rendered":"https:\/\/iwell-guard.com\/?page_id=136585"},"modified":"2026-09-03T01:06:38","modified_gmt":"2026-09-03T01:06:38","slug":"roster-och-erfarenheter","status":"publish","type":"page","link":"https:\/\/iwell-guard.com\/sv\/roster-och-erfarenheter\/","title":{"rendered":"R\u00f6ster och erfarenheter"},"content":{"rendered":"\t\t<div data-elementor-type=\"wp-page\" data-elementor-id=\"136585\" class=\"elementor elementor-136585 elementor-1795 elementor-bc-flex-widget\" data-elementor-post-type=\"page\">\n\t\t\t\t<div class=\"elementor-element elementor-element-am-erfhub-hero e-flex e-con-boxed e-con e-parent\" data-id=\"am-erfhub-hero\" data-element_type=\"container\" data-e-type=\"container\" data-settings=\"{&quot;background_background&quot;:&quot;classic&quot;}\">\n\t\t\t\t\t<div class=\"e-con-inner\">\n\t\t<div class=\"elementor-element elementor-element-am-erfhub-herohl e-flex e-con-boxed e-con e-child\" data-id=\"am-erfhub-herohl\" data-element_type=\"container\" data-e-type=\"container\">\n\t\t\t\t\t<div class=\"e-con-inner\">\n\t\t<div class=\"elementor-element elementor-element-am-erfhub-h1lead e-con-full e-flex e-con e-child\" data-id=\"am-erfhub-h1lead\" data-element_type=\"container\" data-e-type=\"container\">\n\t\t\t\t<div class=\"elementor-element elementor-element-am-erfhub-h1w elementor-widget elementor-widget-heading\" data-id=\"am-erfhub-h1w\" data-element_type=\"widget\" data-e-type=\"widget\" data-widget_type=\"heading.default\">\n\t\t\t\t\t<h1 class=\"elementor-heading-title elementor-size-default\">R\u00f6ster och erfarenheter<\/h1>\t\t\t\t<\/div>\n\t\t\t\t<div class=\"elementor-element elementor-element-am-erfhub-lead elementor-widget elementor-widget-text-editor\" data-id=\"am-erfhub-lead\" data-element_type=\"widget\" data-e-type=\"widget\" data-widget_type=\"text-editor.default\">\n\t\t\t\t\t\t\t\t\t<p>Erfarenhetsber\u00e4ttelser om iWell Guard fr\u00e5n b\u00e4rare med olika typer av varseblivning. Denna \u00f6versikt presenterar den metodiska klassificeringen av ber\u00e4ttelserna, de dataskyddsr\u00e4ttsliga ramarna och m\u00f6jligheten att skicka in egna bidrag.<\/p>\t\t\t\t\t\t\t\t<\/div>\n\t\t\t\t<\/div>\n\t\t<div class=\"elementor-element elementor-element-am-erfhub-klsbdg e-con-full e-flex e-con e-parent\" data-id=\"am-erfhub-klsbdg\" data-element_type=\"container\" data-e-type=\"container\">\n\t\t\t\t<div class=\"elementor-element elementor-element-am-erfhub-klshtm elementor-widget elementor-widget-html\" data-id=\"am-erfhub-klshtm\" data-element_type=\"widget\" data-e-type=\"widget\" data-widget_type=\"html.default\">\n\t\t\t\t\t<div class=\"iwg-pill-row\"><span class=\"iwg-klasse-badge\" tabindex=\"0\" data-tooltip=\"R\u00f6stsamling: erfarenhetsber\u00e4ttelser fr\u00e5n enskilda b\u00e4rare om upplevelsen av iWell Guard, metodiskt indelade efter typ av f\u00f6rfattare.\">R\u00f6ster<\/span><span class=\"iwg-kultur-badge\" tabindex=\"0\" data-tooltip=\"En egen k\u00e4llkategori vid sidan av religionshistoriska k\u00e4llor, medial information och den inre l\u00e4ran i iWell-Guard-traditionen.\">Egna ber\u00e4ttelser<\/span><\/div>\t\t\t\t<\/div>\n\t\t\t\t<\/div>\n\t\t<div class=\"elementor-element elementor-element-am-erfhub-tocbox e-con-full e-flex e-con e-child\" data-id=\"am-erfhub-tocbox\" data-element_type=\"container\" data-e-type=\"container\">\n\t\t\t\t<div class=\"elementor-element elementor-element-am-erfhub-toc elementor-toc--minimized-on-tablet elementor-widget elementor-widget-table-of-contents\" data-id=\"am-erfhub-toc\" data-element_type=\"widget\" data-e-type=\"widget\" data-settings=\"{&quot;exclude_headings_by_selector&quot;:[],&quot;no_headings_message&quot;:&quot;Inga rubriker hittades p\\u00e5 den h\\u00e4r sidan.&quot;,&quot;headings_by_tags&quot;:[&quot;h2&quot;,&quot;h3&quot;],&quot;marker_view&quot;:&quot;bullets&quot;,&quot;minimize_box&quot;:&quot;yes&quot;,&quot;icon&quot;:{&quot;value&quot;:&quot;fas fa-circle&quot;,&quot;library&quot;:&quot;fa-solid&quot;,&quot;rendered_tag&quot;:&quot;&lt;svg class=\\&quot;e-font-icon-svg e-fas-circle\\&quot; viewBox=\\&quot;0 0 512 512\\&quot; xmlns=\\&quot;http:\\\/\\\/www.w3.org\\\/2000\\\/svg\\&quot;&gt;&lt;path d=\\&quot;M256 8C119 8 8 119 8 256s111 248 248 248 248-111 248-248S393 8 256 8z\\&quot;&gt;&lt;\\\/path&gt;&lt;\\\/svg&gt;&quot;},&quot;minimized_on&quot;:&quot;tablet&quot;,&quot;hierarchical_view&quot;:&quot;yes&quot;,&quot;min_height&quot;:{&quot;unit&quot;:&quot;px&quot;,&quot;size&quot;:&quot;&quot;,&quot;sizes&quot;:[]},&quot;min_height_tablet&quot;:{&quot;unit&quot;:&quot;px&quot;,&quot;size&quot;:&quot;&quot;,&quot;sizes&quot;:[]},&quot;min_height_mobile&quot;:{&quot;unit&quot;:&quot;px&quot;,&quot;size&quot;:&quot;&quot;,&quot;sizes&quot;:[]}}\" data-widget_type=\"table-of-contents.default\">\n\t\t\t\t\t\t\t\t\t<div class=\"elementor-toc__header\">\n\t\t\t\t\t\t<h2 class=\"elementor-toc__header-title\">\n\t\t\t\tInneh\u00e5llsf\u00f6rteckning\t\t\t<\/h2>\n\t\t\t\t\t\t\t\t\t\t<div class=\"elementor-toc__toggle-button elementor-toc__toggle-button--expand\" role=\"button\" tabindex=\"0\" aria-controls=\"elementor-toc__am-erfhub-toc\" aria-expanded=\"true\" aria-label=\"\u00d6ppna inneh\u00e5llsf\u00f6rteckning\"><svg aria-hidden=\"true\" class=\"e-font-icon-svg e-fas-chevron-down\" viewBox=\"0 0 448 512\" xmlns=\"http:\/\/www.w3.org\/2000\/svg\"><path d=\"M207.029 381.476L12.686 187.132c-9.373-9.373-9.373-24.569 0-33.941l22.667-22.667c9.357-9.357 24.522-9.375 33.901-.04L224 284.505l154.745-154.021c9.379-9.335 24.544-9.317 33.901.04l22.667 22.667c9.373 9.373 9.373 24.569 0 33.941L240.971 381.476c-9.373 9.372-24.569 9.372-33.942 0z\"><\/path><\/svg><\/div>\n\t\t\t\t<div class=\"elementor-toc__toggle-button elementor-toc__toggle-button--collapse\" role=\"button\" tabindex=\"0\" aria-controls=\"elementor-toc__am-erfhub-toc\" aria-expanded=\"true\" aria-label=\"St\u00e4ng inneh\u00e5llsf\u00f6rteckning\"><svg aria-hidden=\"true\" class=\"e-font-icon-svg e-fas-chevron-up\" viewBox=\"0 0 448 512\" xmlns=\"http:\/\/www.w3.org\/2000\/svg\"><path d=\"M240.971 130.524l194.343 194.343c9.373 9.373 9.373 24.569 0 33.941l-22.667 22.667c-9.357 9.357-24.522 9.375-33.901.04L224 227.495 69.255 381.516c-9.379 9.335-24.544 9.317-33.901-.04l-22.667-22.667c-9.373-9.373-9.373-24.569 0-33.941L207.03 130.525c9.372-9.373 24.568-9.373 33.941-.001z\"><\/path><\/svg><\/div>\n\t\t\t\t\t<\/div>\n\t\t\t\t<div id=\"elementor-toc__am-erfhub-toc\" class=\"elementor-toc__body\">\n\t\t\t<div class=\"elementor-toc__spinner-container\">\n\t\t\t\t<svg class=\"elementor-toc__spinner eicon-animation-spin e-font-icon-svg e-eicon-loading\" aria-hidden=\"true\" viewBox=\"0 0 1000 1000\" xmlns=\"http:\/\/www.w3.org\/2000\/svg\"><path d=\"M500 975V858C696 858 858 696 858 500S696 142 500 142 142 304 142 500H25C25 237 238 25 500 25S975 237 975 500 763 975 500 975Z\"><\/path><\/svg>\t\t\t<\/div>\n\t\t<\/div>\n\t\t\t\t\t\t<\/div>\n\t\t\t\t<\/div>\n\t\t\t\t\t<\/div>\n\t\t\t\t<\/div>\n\t\t<div class=\"elementor-element elementor-element-am-erfhub-herorg e-flex e-con-boxed e-con e-child\" data-id=\"am-erfhub-herorg\" data-element_type=\"container\" data-e-type=\"container\">\n\t\t\t\t\t<div class=\"e-con-inner\">\n\t\t\t\t<div class=\"elementor-element elementor-element-am-erfhub-heroim iwg-hero-image elementor-widget elementor-widget-image\" data-id=\"am-erfhub-heroim\" data-element_type=\"widget\" data-e-type=\"widget\" data-widget_type=\"image.default\">\n\t\t\t\t\t\t\t\t\t\t\t\t\t\t\t<img fetchpriority=\"high\" decoding=\"async\" width=\"800\" height=\"441\" src=\"https:\/\/iwell-guard.com\/wp-content\/uploads\/2026\/05\/Lava-1200x661-Hintergrund-sym-1024x564.webp\" class=\"attachment-large size-large wp-image-136198\" alt=\"iWell Guard skyddsh\u00e4nge, svart karbonfiberchip med guldf\u00e4rgade accenter\" srcset=\"https:\/\/iwell-guard.com\/wp-content\/uploads\/2026\/05\/Lava-1200x661-Hintergrund-sym-1024x564.webp 1024w, https:\/\/iwell-guard.com\/wp-content\/uploads\/2026\/05\/Lava-1200x661-Hintergrund-sym-300x165.webp 300w, https:\/\/iwell-guard.com\/wp-content\/uploads\/2026\/05\/Lava-1200x661-Hintergrund-sym-768x423.webp 768w, https:\/\/iwell-guard.com\/wp-content\/uploads\/2026\/05\/Lava-1200x661-Hintergrund-sym.webp 1200w\" sizes=\"(max-width: 800px) 100vw, 800px\" \/>\t\t\t\t\t\t\t\t\t\t\t\t\t\t\t<\/div>\n\t\t\t\t\t<\/div>\n\t\t\t\t<\/div>\n\t\t\t\t\t<\/div>\n\t\t\t\t<\/div>\n\t\t<div class=\"elementor-element elementor-element-klaerung1777529180 e-con-boxed e-flex e-con e-parent\" data-id=\"klaerung1777529180\" data-element_type=\"container\" data-e-type=\"container\">\n\t\t\t\t\t<div class=\"e-con-inner\">\n\t\t\t\t<div class=\"elementor-element elementor-element-klar1777529180 elementor-widget elementor-widget-text-editor\" data-id=\"klar1777529180\" data-element_type=\"widget\" data-e-type=\"widget\" data-widget_type=\"text-editor.default\">\n\t\t\t\t\t\t\t\t\t\n<p data-nosnippet=\"true\"><em>P\u00e5 den h\u00e4r sidan samlar vi <strong>erfarenhetsber\u00e4ttelser<\/strong> fr\u00e5n b\u00e4rare av skyddsh\u00e4nget, fr\u00e5n utbildade medier, energipraktiker och k\u00e4nsliga privatpersoner. Varje <strong>r\u00f6st<\/strong> \u00e4r namngiven, metodiskt klassificerad och formulerad utan l\u00f6ften om l\u00e4kning.<\/em><\/p><p>I centrum f\u00f6r dessa erfarenhetsber\u00e4ttelser st\u00e5r iWell-Guard-<strong>skyddsh\u00e4nget<\/strong> som praktiskt verktyg, med vilket de h\u00e4r dokumenterade effekterna har upplevts.<\/p>\t\t\t\t\t\t\t\t<\/div>\n\t\t\t\t\t<\/div>\n\t\t\t\t<\/div>\n\t\t<div class=\"elementor-element elementor-element-clstrsec1777543109 e-con-boxed e-flex e-con e-parent\" data-id=\"clstrsec1777543109\" data-element_type=\"container\" data-e-type=\"container\">\n\t\t\t\t\t<div class=\"e-con-inner\">\n\t\t\t\t<div class=\"elementor-element elementor-element-h21777543109 elementor-widget elementor-widget-heading\" data-id=\"h21777543109\" data-element_type=\"widget\" data-e-type=\"widget\" data-widget_type=\"heading.default\">\n\t\t\t\t\t<h2 class=\"elementor-heading-title elementor-size-default\">Erfarenhetsber\u00e4ttelser: r\u00f6ster fr\u00e5n utbildade medier<\/h2>\t\t\t\t<\/div>\n\t\t\t\t<div class=\"elementor-element elementor-element-txt1777543109 elementor-widget elementor-widget-text-editor\" data-id=\"txt1777543109\" data-element_type=\"widget\" data-e-type=\"widget\" data-widget_type=\"text-editor.default\">\n\t\t\t\t\t\t\t\t\t\n<p>P\u00e5 den h\u00e4r sidan st\u00e5r erfarenhetsber\u00e4ttelser i centrum, uttalanden fr\u00e5n utbildade medier, energipraktiker och k\u00e4nsliga b\u00e4rare som anv\u00e4nder h\u00e4nget i vardagen. Varje r\u00f6st \u00e4r namngiven.<\/p><p data-nosnippet=\"true\">Vi publicerar erfarenhetsber\u00e4ttelser endast med uttryckligt samtycke och med tydlig upplysning om att de \u00e4r personliga upplevelser, inga l\u00f6ften om l\u00e4kning och inga vetenskapliga bel\u00e4gg.<\/p><p>Den metodiska klassificeringen av varje enskild r\u00f6st hittar du under <a href=\"https:\/\/iwell-guard.com\/sv\/metodik\/\">Metodik<\/a>; verktyget f\u00f6r energetisk diagnostik under <a href=\"https:\/\/iwell-guard.com\/sv\/provning\/\">Pr\u00f6vning i det kosmiska informationsf\u00e4ltet<\/a>.<\/p>\t\t\t\t\t\t\t\t<\/div>\n\t\t\t\t\t<\/div>\n\t\t\t\t<\/div>\n\t\t<div class=\"elementor-element elementor-element-x404-s0 e-con-boxed e-flex e-con e-parent\" data-id=\"x404-s0\" data-element_type=\"container\" data-e-type=\"container\">\n\t\t\t\t\t<div class=\"e-con-inner\">\n\t\t\t\t<div class=\"elementor-element elementor-element-x404-h0 elementor-widget elementor-widget-heading\" data-id=\"x404-h0\" data-element_type=\"widget\" data-e-type=\"widget\" data-widget_type=\"heading.default\">\n\t\t\t\t\t<h2 class=\"elementor-heading-title elementor-size-default\">Inledning<\/h2>\t\t\t\t<\/div>\n\t\t<div class=\"elementor-element elementor-element-x404-s0-bw e-flex e-con-boxed e-con e-parent\" data-id=\"x404-s0-bw\" data-element_type=\"container\" data-e-type=\"container\" data-settings=\"{&quot;background_background&quot;:&quot;classic&quot;}\">\n\t\t\t\t\t<div class=\"e-con-inner\">\n\t\t\t\t<div class=\"elementor-element elementor-element-x404-t0 elementor-widget elementor-widget-text-editor\" data-id=\"x404-t0\" data-element_type=\"widget\" data-e-type=\"widget\" data-widget_type=\"text-editor.default\">\n\t\t\t\t\t\t\t\t\t<p>H\u00e4r samlar vi erfarenhetsber\u00e4ttelser fr\u00e5n personer som anv\u00e4nder h\u00e4nget. De huvudsakliga m\u00e5lgrupperna, fr\u00e5n vilka vi f\u00e5r s\u00e4rskilt m\u00e5nga \u00e5terkopplingar, \u00e4r utbildade medier och k\u00e4nsliga personer, allts\u00e5 personer som p\u00e5 grund av sin varseblivningsf\u00f6rm\u00e5ga eller energetiska k\u00e4nslighet kan urskilja s\u00e4rskilt differentierat vad de k\u00e4nner.<\/p><p>Alla ber\u00e4ttelser publiceras h\u00e4r med f\u00f6rfattarens uttryckliga samtycke. Den som \u00e5terkallar sitt samtycke f\u00e5r sin ber\u00e4ttelse omg\u00e5ende borttagen. Anonymiserade ber\u00e4ttelser har en rollbeteckning (&#8221;medium&#8221;, &#8221;k\u00e4nslig person&#8221;, &#8221;alternativterapeut&#8221;), s\u00e5 att l\u00e4saren kan bed\u00f6ma perspektivet. Vi \u00e4ndrar aldrig inneh\u00e5llet, j\u00e4mnar inte till formuleringar och f\u00f6rkortar endast med f\u00f6rfattarens samtycke.<\/p><div><h3>Erfarenhetsber\u00e4ttelsernas st\u00e4llning i iWell-Guard-metodiken<\/h3><p>Erfarenhetsber\u00e4ttelser \u00e4r p\u00e5 iWell Guard en egen, metodiskt tydligt markerad k\u00e4llkategori. De st\u00e5r vid sidan av de tre andra k\u00e4llkategorier vi anv\u00e4nder p\u00e5 sajten: religionshistoriskt-akademiska k\u00e4llor (citerade med f\u00f6rfattare, verk, \u00e5r), medial information fr\u00e5n det kosmiska informationsf\u00e4ltet (se <a href=\"https:\/\/iwell-guard.com\/sv\/metodik\/\">Metodik<\/a>) och den inre l\u00e4ran i iWell-Guard-traditionen.<\/p><p>Erfarenhetsber\u00e4ttelser \u00e4r inga vetenskapliga bel\u00e4gg, utan subjektiva uttalanden fr\u00e5n enskilda b\u00e4rare om deras upplevelse av h\u00e4nget.<\/p><p>Vi viktar ber\u00e4ttelserna efter f\u00f6rfattarens varseblivningsposition: utbildade medier och personer med utpr\u00e4glad energetisk k\u00e4nslighet ger i regel mer differentierade observationer, eftersom de kan skilja mellan energetiska lager som f\u00f6rblir osynliga f\u00f6r andra.<\/p><p>Ber\u00e4ttelser fr\u00e5n privatpersoner \u00e4r inte mindre v\u00e4rdefulla, men beskriver snarare vardagens verkningsniv\u00e5 \u00e4n den energetiska djupstrukturen. B\u00e5da perspektiven h\u00f6r hemma i ett nav som dokumenterar h\u00e4nget i hela dess bredd.<\/p><\/div>\t\t\t\t\t\t\t\t<\/div>\n\t\t\t\t\t<\/div>\n\t\t\t\t<\/div>\n\t\t\t\t\t<\/div>\n\t\t\t\t<\/div>\n\t\t<div class=\"elementor-element elementor-element-x404-s1 e-con-boxed e-flex e-con e-parent\" data-id=\"x404-s1\" data-element_type=\"container\" data-e-type=\"container\">\n\t\t\t\t\t<div class=\"e-con-inner\">\n\t\t\t\t<div class=\"elementor-element elementor-element-x404-h1 elementor-widget elementor-widget-heading\" data-id=\"x404-h1\" data-element_type=\"widget\" data-e-type=\"widget\" data-widget_type=\"heading.default\">\n\t\t\t\t\t<h2 class=\"elementor-heading-title elementor-size-default\">Samtycke och transparens<\/h2>\t\t\t\t<\/div>\n\t\t<div class=\"elementor-element elementor-element-x404-s1-bw e-flex e-con-boxed e-con e-parent\" data-id=\"x404-s1-bw\" data-element_type=\"container\" data-e-type=\"container\" data-settings=\"{&quot;background_background&quot;:&quot;classic&quot;}\">\n\t\t\t\t\t<div class=\"e-con-inner\">\n\t\t\t\t<div class=\"elementor-element elementor-element-x404-t1 elementor-widget elementor-widget-text-editor\" data-id=\"x404-t1\" data-element_type=\"widget\" data-e-type=\"widget\" data-widget_type=\"text-editor.default\">\n\t\t\t\t\t\t\t\t\t<p>Vi publicerar h\u00e4r endast det vi kan styrka: varje samtycke \u00e4r skriftligt dokumenterat (e-post, brev eller webbformul\u00e4r med samtyckesruta). F\u00f6rfattarnas klartextuppgifter f\u00f6rblir interna, p\u00e5 webbplatsen visas endast visningsnamnet enligt den \u00f6verenskomna anonymiseringsniv\u00e5n.<\/p><p>Om en f\u00f6rfattare \u00e5terkallar sitt samtycke tar vi omedelbart bort inl\u00e4gget (GDPR artikel 7.3, r\u00e4tten att \u00e5terkalla). Vi svarar transparent p\u00e5 \u00e5terkopplingar om enskilda ber\u00e4ttelser.<\/p><div><h3>Dataskyddsr\u00e4ttslig ram<\/h3><p>Vi publicerar erfarenhetsber\u00e4ttelser uteslutande efter skriftligt samtycke fr\u00e5n f\u00f6rfattarna enligt artikel 7 i dataskyddsf\u00f6rordningen (GDPR). F\u00f6rfattarnas klartextuppgifter f\u00f6rblir interna och l\u00e4mnas inte ut till tredje part.<\/p><p>P\u00e5 webbplatsen visas endast visningsnamnet enligt den anonymiseringsniv\u00e5 som avtalats med f\u00f6rfattaren (fullst\u00e4ndigt namn, f\u00f6rnamn och initial, rollbeteckning som &#8221;medium&#8221; eller &#8221;k\u00e4nslig person&#8221;, eller helt anonymt). Den valda niv\u00e5n syns i ber\u00e4ttelsen sj\u00e4lv.<\/p><p>Varje samtycke kan \u00e5terkallas n\u00e4r som helst (artikel 7.3 GDPR). Vid \u00e5terkallelse tar vi bort inl\u00e4gget inom tio arbetsdagar. En utf\u00f6rlig dataskyddsr\u00e4ttslig redog\u00f6relse finns i v\u00e5r <a href=\"https:\/\/iwell-guard.com\/sv\/integritetspolicy\/\">Integritetspolicy<\/a>; fr\u00e5gor om insyn i de uppgifter som lagrats om dig skickar du till den e-postadress som anges i <a href=\"https:\/\/iwell-guard.com\/sv\/impressum\/\">Impressum<\/a>.<\/p><\/div><div><h3>Vad erfarenhetsber\u00e4ttelser inte \u00e4r<\/h3><p data-nosnippet=\"true\">Erfarenhetsber\u00e4ttelser p\u00e5 iWell Guard \u00e4r inga vetenskapliga effektstudier, inga medicinska l\u00f6ften om l\u00e4kning och inga garantier f\u00f6r individuella upplevelser. De \u00e4r subjektiva uppfattningar hos enskilda personer som har godk\u00e4nt att deras observationer publiceras. Andra b\u00e4rare kan g\u00f6ra andra iakttagelser; det \u00e4r metodiskt f\u00f6rv\u00e4ntat och inte mots\u00e4gelsefullt.<\/p><p data-nosnippet=\"true\">Av r\u00e4ttsliga sk\u00e4l p\u00e5pekar vi dessutom: erfarenhetsber\u00e4ttelser ers\u00e4tter varken medicinsk, psykologisk eller juridisk r\u00e5dgivning. Den som har h\u00e4lsosymtom eller befinner sig i en akut kris b\u00f6r v\u00e4nda sig till kvalificerad fackpersonal. iWell Guard \u00e4r ett skyddsf\u00e4lth\u00e4nge, inte en medicinteknisk produkt i den mening som avses i lagstiftningen om medicintekniska produkter. En fullst\u00e4ndig r\u00e4ttslig redog\u00f6relse finns p\u00e5 sidan <a href=\"https:\/\/iwell-guard.com\/sv\/juridisk-information\/\">Juridisk information<\/a>.<\/p><\/div>\t\t\t\t\t\t\t\t<\/div>\n\t\t\t\t\t<\/div>\n\t\t\t\t<\/div>\n\t\t\t\t\t<\/div>\n\t\t\t\t<\/div>\n\t\t<div class=\"elementor-element elementor-element-x404-s2 e-con-boxed e-flex e-con e-parent\" data-id=\"x404-s2\" data-element_type=\"container\" data-e-type=\"container\">\n\t\t\t\t\t<div class=\"e-con-inner\">\n\t\t\t\t<div class=\"elementor-element elementor-element-x404-h2 elementor-widget elementor-widget-heading\" data-id=\"x404-h2\" data-element_type=\"widget\" data-e-type=\"widget\" data-widget_type=\"heading.default\">\n\t\t\t\t\t<h2 class=\"elementor-heading-title elementor-size-default\">R\u00f6ster fr\u00e5n medier<\/h2>\t\t\t\t<\/div>\n\t\t<div class=\"elementor-element elementor-element-x404-s2-bw e-flex e-con-boxed e-con e-parent\" data-id=\"x404-s2-bw\" data-element_type=\"container\" data-e-type=\"container\" data-settings=\"{&quot;background_background&quot;:&quot;classic&quot;}\">\n\t\t\t\t\t<div class=\"e-con-inner\">\n\t\t\t\t<div class=\"elementor-element elementor-element-x404-t2 elementor-widget elementor-widget-text-editor\" data-id=\"x404-t2\" data-element_type=\"widget\" data-e-type=\"widget\" data-widget_type=\"text-editor.default\">\n\t\t\t\t\t\t\t\t\t<p>Utbildade medier som arbetar med det kosmiska informationsf\u00e4ltet, samt terapeuter, ber\u00e4ttar h\u00e4r om sina upplevelser och sin praktik med skyddsh\u00e4ngsmycket. Dessa dokumenterade r\u00f6ster \u00e4r samtida vittnesm\u00e5l fr\u00e5n enskilda personer, vars ber\u00e4ttelser \u00e4r subjektiva och inte utg\u00f6r n\u00e5gon vetenskaplig verifiering, men som kan f\u00e5ngas inom ramen f\u00f6r kvalitativa forskningsmetoder.<\/p>\t\t\t\t\t\t\t\t<\/div>\n\t\t\t\t\t<\/div>\n\t\t\t\t<\/div>\n\t\t\t\t\t<\/div>\n\t\t\t\t<\/div>\n\t\t<div class=\"elementor-element elementor-element-x404-s3 e-con-boxed e-flex e-con e-parent\" data-id=\"x404-s3\" data-element_type=\"container\" data-e-type=\"container\">\n\t\t\t\t\t<div class=\"e-con-inner\">\n\t\t\t\t<div class=\"elementor-element elementor-element-x404-h3 elementor-widget elementor-widget-heading\" data-id=\"x404-h3\" data-element_type=\"widget\" data-e-type=\"widget\" data-widget_type=\"heading.default\">\n\t\t\t\t\t<h2 class=\"elementor-heading-title elementor-size-default\">R\u00f6ster fr\u00e5n k\u00e4nsliga m\u00e4nniskor<\/h2>\t\t\t\t<\/div>\n\t\t<div class=\"elementor-element elementor-element-x404-s3-bw e-flex e-con-boxed e-con e-parent\" data-id=\"x404-s3-bw\" data-element_type=\"container\" data-e-type=\"container\" data-settings=\"{&quot;background_background&quot;:&quot;classic&quot;}\">\n\t\t\t\t\t<div class=\"e-con-inner\">\n\t\t\t\t<div class=\"elementor-element elementor-element-x404-t3 elementor-widget elementor-widget-text-editor\" data-id=\"x404-t3\" data-element_type=\"widget\" data-e-type=\"widget\" data-widget_type=\"text-editor.default\">\n\t\t\t\t\t\t\t\t\t<p>M\u00e4nniskor som \u00e4r energetiskt h\u00f6gk\u00e4nsliga eller reagerar s\u00e4rskilt starkt p\u00e5 sin omgivning ber\u00e4ttar h\u00e4r.<\/p><h3>Anonym, k\u00e4nslig person \u00b7 Anv\u00e4ndningstid: 3 veckor<\/h3><p>&#8221;Sedan jag b\u00f6rjade b\u00e4ra h\u00e4ngsmycket \u00e4r trycket i huvudet vid l\u00e5nga sk\u00e4rmtider betydligt mindre. Ingen reklam, bara min erfarenhet.&#8221;<\/p>\n\n<div class=\"iwg-experiences-grid\">\n <article class=\"iwg-experience-card\">\n <blockquote>Jag k\u00e4nner en helt omslutande skyddssk\u00f6ld, som en kokong. Den enda f\u00f6rbindelsen som n\u00e5r igenom \u00e4r fr\u00e5n kronan till den centrala solen (Urk\u00e4llan) och fr\u00e5n rotchakrat till jordens medelpunkt (Gaia) som jordning. Fr\u00e4mmande energier \u00e4r helt avsk\u00e4rmade. Ingen <span class=\"iwg-fachbegriff\" data-tooltip=\"En vanlig f\u00f6rest\u00e4llning om att en avundsjuk blick fr\u00e5n en annan person kan orsaka skada.\" tabindex=\"0\">ond blick<\/span> eller annan svart <span class=\"iwg-fachbegriff\" data-tooltip=\"Praktiker som genom s\u00e4rskilda handlingar eller formler f\u00f6rs\u00f6ker p\u00e5verka h\u00e4ndelsef\u00f6rloppet.\" tabindex=\"0\">magi<\/span> tr\u00e4nger igenom. Jag k\u00e4nner en intensiv energitorus. Den verkar \u00e4nda upp till den 7:e astralniv\u00e5n. Andar och demoner kommer bara till den 6:e niv\u00e5n.<\/blockquote>\n <cite>Holger G. Seehausen Altmark<\/cite>\n <\/article>\n <article class=\"iwg-experience-card\">\n <blockquote>Jag k\u00e4nde hur n\u00e5got virvlade ut ur hj\u00e4rtchakrat. Jag k\u00e4nde det i huvudet och i t\u00e4nderna, som ett sug likt en pyramid. Det drog upp\u00e5t i huvudet, som blev befriat, och gick sedan ned\u00e5t \u00e4nda ner till f\u00f6tterna. Jag k\u00e4nde en f\u00f6rbindelse ned\u00e5t och upp\u00e5t.<\/blockquote>\n <cite>Sabine v. L. fr\u00e5n L.<\/cite>\n <\/article>\n <article class=\"iwg-experience-card\">\n <blockquote>Tidigare &#8221;attacker&#8221; n\u00e4ra hj\u00e4rtat, genom skulderbladet och in i br\u00f6stet. Tr\u00e5nghet i br\u00f6stet. Efter att h\u00e4ngsmycket satts p\u00e5 upph\u00f6rde attackerna. Under den f\u00f6rsta natten orolig s\u00f6mn och sv\u00e5rt att somna p\u00e5 grund av den pl\u00f6tsligt h\u00f6gre energin. P\u00e5 morgonen inga attacker under natten, mer energi, friare <span class=\"iwg-fachbegriff\" data-tooltip=\"En kroppsl\u00f6s varelse som tillskrivs verkan i v\u00e4rlden.\" tabindex=\"0\">ande<\/span>.<\/blockquote>\n <cite>Silvia R. fr\u00e5n N.<\/cite>\n <\/article>\n <article class=\"iwg-experience-card\">\n <blockquote>Under den f\u00f6rsta veckan upplevdes allt som tidigare h\u00e4nt i form av attacker som om det upprepades, men utan de negativa effekterna. Sedan var det borta igen. Den k\u00e4nda k\u00e4nslan av att bli genomborrad, trycket \u00f6ver hj\u00e4rtat, men utan r\u00e4dsla och direkt sm\u00e4rta. Efter det var allt borta och allt k\u00e4nns l\u00e4ttare. Huvudet \u00e4r friare. Sedan h\u00e4ngsmycket sattes p\u00e5 har det inte f\u00f6rekommit n\u00e5gra svartmagiska attacker.<\/blockquote>\n <cite>Rosemarie I. fr\u00e5n G.<\/cite>\n <\/article>\n <article class=\"iwg-experience-card\">\n <blockquote>Jag k\u00e4nner en skyddande kokong omkring mig. Hj\u00e4rtat och pannan reagerade f\u00f6rst. Allt k\u00e4nns inte l\u00e4ngre s\u00e5 dramatiskt som tidigare. Jag \u00e4r klart definierad. Jag har inga mardr\u00f6mmar l\u00e4ngre. Min katt har alltid sovit bredvid mitt huvud i s\u00e4ngen. Sedan jag fick h\u00e4ngsmycket sover hon i sin korg. Hon beh\u00f6ver inte l\u00e4ngre skydda mig.<\/blockquote>\n <cite>Anja fr\u00e5n F.<\/cite>\n <\/article>\n<\/div>\n<aside class=\"iwg-experiences-disclaimer\">\n <strong>Personliga upplevelser.<\/strong> De ber\u00e4ttelser som \u00e5terges h\u00e4r \u00e4r individuella erfarenheter fr\u00e5n enskilda b\u00e4rare. De utg\u00f6r inget l\u00f6fte om l\u00e4kning, inget vetenskapligt bel\u00e4gg f\u00f6r verkan och ingen garanti f\u00f6r j\u00e4mf\u00f6rbara upplevelser hos andra personer. iWell Guard \u00e4r ingen medicinteknisk produkt och ers\u00e4tter ingen l\u00e4karv\u00e5rd eller psykoterapeutisk behandling.\n<\/aside>\n\t\t\t\t\t\t\t\t<\/div>\n\t\t\t\t\t<\/div>\n\t\t\t\t<\/div>\n\t\t\t\t\t<\/div>\n\t\t\t\t<\/div>\n\t\t<div class=\"elementor-element elementor-element-x404-s4 e-con-boxed e-flex e-con e-parent\" data-id=\"x404-s4\" data-element_type=\"container\" data-e-type=\"container\">\n\t\t\t\t\t<div class=\"e-con-inner\">\n\t\t\t\t<div class=\"elementor-element elementor-element-x404-h4 elementor-widget elementor-widget-heading\" data-id=\"x404-h4\" data-element_type=\"widget\" data-e-type=\"widget\" data-widget_type=\"heading.default\">\n\t\t\t\t\t<h2 class=\"elementor-heading-title elementor-size-default\">R\u00f6ster fr\u00e5n experter<\/h2>\t\t\t\t<\/div>\n\t\t<div class=\"elementor-element elementor-element-x404-s4-bw e-flex e-con-boxed e-con e-parent\" data-id=\"x404-s4-bw\" data-element_type=\"container\" data-e-type=\"container\" data-settings=\"{&quot;background_background&quot;:&quot;classic&quot;}\">\n\t\t\t\t\t<div class=\"e-con-inner\">\n\t\t\t\t<div class=\"elementor-element elementor-element-x404-t4 elementor-widget elementor-widget-text-editor\" data-id=\"x404-t4\" data-element_type=\"widget\" data-e-type=\"widget\" data-widget_type=\"text-editor.default\">\n\t\t\t\t\t\t\t\t\t<h3>Skicka in erfarenhetsber\u00e4ttelser<\/h3><p>Har du sj\u00e4lv upplevt en m\u00f6te med en varelse som beskrivs p\u00e5 denna portal, en andesyn, en of\u00f6rklarlig dr\u00f6m, en h\u00e4ndelse som du tolkar som synkronicitet, en shamansk vision eller en mediumt mottagen bild? iwell-guard.com har sedan 2024 systematiskt samlat s\u00e5dana ber\u00e4ttelser f\u00f6r att, vid sidan av de religionsvetenskapligt-akademiska avsnitten, dokumentera en kompletterande erfarenhetsdimension.<\/p><p>Erfarenhetsber\u00e4ttelser kan skickas in p\u00e5 tyska, med minst 200 och h\u00f6gst 3000 ord.<\/p><p>Viktigt \u00e4r: s\u00e5 exakt tids- och platsangivelse som m\u00f6jligt, beskrivning av det egna f\u00f6reg\u00e5ende tillst\u00e5ndet (vaket tillst\u00e5nd, <span class=\"iwg-fachbegriff\" tabindex=\"0\" data-tooltip=\"F\u00f6r\u00e4ndrat medvetandetillst\u00e5nd med begr\u00e4nsad uppm\u00e4rksamhet; framkallas medvetet inom shamansk och mediumistisk praktik.\">trans<\/span>, halvs\u00f6mn, etc.), nyanserad beskrivning av perceptionen (se, h\u00f6ra, k\u00e4nna, lukta) och, om m\u00f6jligt, en retrospektiv tolkning. Personuppgifter anonymiseras p\u00e5 beg\u00e4ran; verifierbara ber\u00e4ttelser (t.ex. med oberoende vittnen eller dokument\u00e4ra sp\u00e5r) tas g\u00e4rna emot i f\u00f6rsta hand. Inskickning sker via kontaktformul\u00e4ret i sidfoten.<\/p>\t\t\t\t\t\t\t\t<\/div>\n\t\t\t\t\t<\/div>\n\t\t\t\t<\/div>\n\t\t\t\t\t<\/div>\n\t\t\t\t<\/div>\n\t\t<div class=\"elementor-element elementor-element-x404-s5 e-con-boxed e-flex e-con e-parent\" data-id=\"x404-s5\" data-element_type=\"container\" data-e-type=\"container\">\n\t\t\t\t\t<div class=\"e-con-inner\">\n\t\t\t\t<div class=\"elementor-element elementor-element-x404-h5 elementor-widget elementor-widget-heading\" data-id=\"x404-h5\" data-element_type=\"widget\" data-e-type=\"widget\" data-widget_type=\"heading.default\">\n\t\t\t\t\t<h2 class=\"elementor-heading-title elementor-size-default\">R\u00f6ster fr\u00e5n privatpersoner<\/h2>\t\t\t\t<\/div>\n\t\t<div class=\"elementor-element elementor-element-x404-s5-bw e-flex e-con-boxed e-con e-parent\" data-id=\"x404-s5-bw\" data-element_type=\"container\" data-e-type=\"container\" data-settings=\"{&quot;background_background&quot;:&quot;classic&quot;}\">\n\t\t\t\t\t<div class=\"e-con-inner\">\n\t\t\t\t<div class=\"elementor-element elementor-element-x404-t5 elementor-widget elementor-widget-text-editor\" data-id=\"x404-t5\" data-element_type=\"widget\" data-e-type=\"widget\" data-widget_type=\"text-editor.default\">\n\t\t\t\t\t\t\t\t\t<h3>Redaktionell granskning och kategorisering<\/h3><p>Inskickade ber\u00e4ttelser genomg\u00e5r en tresteg redaktionell process. <strong>F\u00f6rsta steget:<\/strong> Formell granskning, fullst\u00e4ndighet av uppgifterna, minsta l\u00e4ngd, koherent struktur.<\/p><p><strong>Andra steget:<\/strong> Inneh\u00e5llsm\u00e4ssig bed\u00f6mning, vilken varelseklass (<span class=\"iwg-fachbegriff\" data-tooltip=\"En kroppsl\u00f6s varelse som tillskrivs verkan i v\u00e4rlden.\" tabindex=\"0\">ande<\/span>, <span class=\"iwg-fachbegriff\" data-tooltip=\"En varelse som dyrkas som gudomlig inom en religion.\" tabindex=\"0\">gudom<\/span>, <span class=\"iwg-fachbegriff\" data-tooltip=\"Andlig varelse som tillskrivs skadlig eller mots\u00e4gelsefull verkan.\" tabindex=\"0\">demon<\/span>, ljusvarelse, naturande) och vilken kulturtradition motsvarar det beskrivna fenomenet b\u00e4st? H\u00e4r pr\u00f6vas ocks\u00e5 om psykologiska, neurologiska eller sociala f\u00f6rklaringsm\u00f6nster (hypnopompi, <span class=\"iwg-fachbegriff\" tabindex=\"0\" data-tooltip=\"Tendens att uppfatta ansikten eller figurer i slumpm\u00e4ssiga stimuli (moln, skuggor).\">pareidoli<\/span>, kollektiv konditionering) \u00e4r mer troliga \u00e4n en varelsebaserad tolkningsram.<\/p><p><strong>Tredje steget:<\/strong> Korsj\u00e4mf\u00f6relse, st\u00e4mmer ber\u00e4ttelsen med strukturellt liknande ber\u00e4ttelser fr\u00e5n andra kulturkretsar eller historiska epoker? Vi f\u00f6ljer principen: fenomenologi f\u00f6re ontologi.<\/p><p>Det inneb\u00e4r att vi dokumenterar hur n\u00e5got upplevdes, utan att n\u00f6dv\u00e4ndigtvis ta st\u00e4llning till vad det &#8221;egentligen&#8221; var. Erfarenhetsber\u00e4ttelserna publiceras anonymiserade i en egen rubrik och kopplas som korsreferens till respektive varelses detaljsida.<\/p>\t\t\t\t\t\t\t\t<\/div>\n\t\t\t\t\t<\/div>\n\t\t\t\t<\/div>\n\t\t\t\t\t<\/div>\n\t\t\t\t<\/div>\n\t\t<div class=\"elementor-element elementor-element-x404-s6 e-con-boxed e-flex e-con e-parent\" data-id=\"x404-s6\" data-element_type=\"container\" data-e-type=\"container\">\n\t\t\t\t\t<div class=\"e-con-inner\">\n\t\t\t\t<div class=\"elementor-element elementor-element-x404-h6 elementor-widget elementor-widget-heading\" data-id=\"x404-h6\" data-element_type=\"widget\" data-e-type=\"widget\" data-widget_type=\"heading.default\">\n\t\t\t\t\t<h2 class=\"elementor-heading-title elementor-size-default\">Skicka in en egen ber\u00e4ttelse<\/h2>\t\t\t\t<\/div>\n\t\t<div class=\"elementor-element elementor-element-x404-s6-bw e-flex e-con-boxed e-con e-parent\" data-id=\"x404-s6-bw\" data-element_type=\"container\" data-e-type=\"container\" data-settings=\"{&quot;background_background&quot;:&quot;classic&quot;}\">\n\t\t\t\t\t<div class=\"e-con-inner\">\n\t\t\t\t<div class=\"elementor-element elementor-element-x404-t6 elementor-widget elementor-widget-text-editor\" data-id=\"x404-t6\" data-element_type=\"widget\" data-e-type=\"widget\" data-widget_type=\"text-editor.default\">\n\t\t\t\t\t\t\t\t\t<p>Om du anv\u00e4nder h\u00e4ngsmycket och vill dela din ber\u00e4ttelse h\u00e4r, anv\u00e4nd g\u00e4rna v\u00e5rt <a href=\"https:\/\/iwell-guard.com\/sv\/kontakt\/\">kontaktformul\u00e4r<\/a>. Vi vill vara transparenta: du bekr\u00e4ftar samtycket till publicering uttryckligen, best\u00e4mmer sj\u00e4lv graden av anonymisering och kan \u00e5terkalla samtycket n\u00e4r du vill.<\/p><p>Det vi \u00f6nskar oss:<\/p><ul><li>Konkret sammanhang (hur l\u00e4nge, i vilka situationer)<\/li><li>Egen upplevelse utan l\u00f6ften om l\u00e4kning till andra<\/li><li>Underskrift eller bekr\u00e4ftelse av fullst\u00e4ndigt namn via e-post (vi publicerar endast visningsnamnet)<\/li><li>Uppgift om din typ av f\u00f6rfattare (medium, k\u00e4nslig person, expert, privatperson)<\/li><\/ul>\t\t\t\t\t\t\t\t<\/div>\n\t\t\t\t\t<\/div>\n\t\t\t\t<\/div>\n\t\t\t\t\t<\/div>\n\t\t\t\t<\/div>\n\t\t<div class=\"elementor-element elementor-element-x404-s7 e-con-boxed e-flex e-con e-parent\" data-id=\"x404-s7\" data-element_type=\"container\" data-e-type=\"container\">\n\t\t\t\t\t<div class=\"e-con-inner\">\n\t\t\t\t<div class=\"elementor-element elementor-element-x404-h7 elementor-widget elementor-widget-heading\" data-id=\"x404-h7\" data-element_type=\"widget\" data-e-type=\"widget\" data-widget_type=\"heading.default\">\n\t\t\t\t\t<h2 class=\"elementor-heading-title elementor-size-default\">Ansvarsfriskrivning<\/h2>\t\t\t\t<\/div>\n\t\t<div class=\"elementor-element elementor-element-x404-s7-bw e-flex e-con-boxed e-con e-parent\" data-id=\"x404-s7-bw\" data-element_type=\"container\" data-e-type=\"container\" data-settings=\"{&quot;background_background&quot;:&quot;classic&quot;}\">\n\t\t\t\t\t<div class=\"e-con-inner\">\n\t\t\t\t<div class=\"elementor-element elementor-element-x404-t7 elementor-widget elementor-widget-text-editor\" data-id=\"x404-t7\" data-element_type=\"widget\" data-e-type=\"widget\" data-widget_type=\"text-editor.default\">\n\t\t\t\t\t\t\t\t\t<footer class=\"iwg-literatur\"><p data-nosnippet=\"true\"><em>Erfarenhetsber\u00e4ttelser \u00e4r personliga, subjektiva uttalanden fr\u00e5n enskilda anv\u00e4ndare. De \u00e4r inga vetenskapliga bel\u00e4gg, inga l\u00f6ften om l\u00e4kning och ingen garanti f\u00f6r individuella upplevelser. Alla ber\u00e4ttelser som visas h\u00e4r har publicerats med f\u00f6rfattarnas samtycke.<\/em><\/p><p><em>Mer om metodiken bakom v\u00e5rt arbete med erfarenhetsber\u00e4ttelser: <a href=\"https:\/\/iwell-guard.com\/sv\/metodik\/#benutzerkommentare\">\/methodik\/#benutzerkommentare<\/a><\/em><\/p><h3>Metodisk klassificering av ber\u00e4ttelserna<\/h3><p>Vi delar in erfarenhetsber\u00e4ttelserna enligt en enkel klassificering: Utbildade medier \u00e4r personer med dokumenterad praktik och utbildning i mediala metoder. Deras ber\u00e4ttelser \u00e4r i regel metodiskt reflekterade och inneh\u00e5ller ansatser till pr\u00f6vning.<\/p><p>K\u00e4nsliga personer \u00e4r energetiskt hypersensitiva utan formell utbildning. Deras ber\u00e4ttelser \u00e5terger subjektiva upplevelser utan metodiska anspr\u00e5k. Experter \u00e4r alternativterapeuter, terapeuter och energiarbetare som arbetar med h\u00e4ngsmycket i ett professionellt sammanhang. Privatpersoner slutligen \u00e4r b\u00e4rare utan mediala eller professionella bakgrunder.<\/p><h3>Vad vi inte h\u00e4vdar<\/h3><p>Vi g\u00f6r inga verkningsp\u00e5st\u00e5enden i naturvetenskaplig mening med erfarenhetsber\u00e4ttelserna. Ber\u00e4ttelserna \u00e4r enskilda personers subjektiva upplevelser; de \u00e4r inte representativa, inte reproducerbara och inte kliniskt validerade.<\/p><p>Om de rapporterade upplevelserna beror p\u00e5 en verklig energetisk verkan, p\u00e5 en placeboeffekt, p\u00e5 konfirmerande perceptionsselektion eller p\u00e5 en kombination av dessa mekanismer \u00e4r f\u00f6rem\u00e5l f\u00f6r vetenskaplig och psykologisk forskning, vilket vi inte tar st\u00e4llning till h\u00e4r.<\/p><h3>Varf\u00f6r vi trots allt publicerar ber\u00e4ttelserna<\/h3><p>Ber\u00e4ttelserna har ett dokument\u00e4rt v\u00e4rde. De visar m\u00e5ngfalden av anv\u00e4ndningssammanhang, ger andra b\u00e4rare j\u00e4mf\u00f6relsematerial och \u00e4r del av utvecklingen av en reflekterad praxistradition.<\/p><p>En webbsida om ett skyddsh\u00e4ngsmycke som endast inneh\u00f6ll teoretiska f\u00f6rklaringar utan anv\u00e4ndarber\u00e4ttelser skulle vara ofullst\u00e4ndig. Vi vill ge anv\u00e4ndarupplevelserna det utrymme de f\u00f6rtj\u00e4nar, utan att tolka dem bortom vad de faktiskt \u00e4r.<\/p><h3>Dataskydd och samtycke<\/h3><p>Alla publicerade ber\u00e4ttelser inneh\u00e5ller endast uppgifter f\u00f6r vilka vi har ett uttryckligt samtycke fr\u00e5n den person som ber\u00e4ttar. Personnamn n\u00e4mns i sin fullst\u00e4ndiga form endast vid uttrycklig till\u00e5telse; annars anv\u00e4nder vi f\u00f6rnamnsinitialer eller anonymiserade beteckningar.<\/p><p>Yrkesbakgrund och regionala uppgifter n\u00e4mns endast om de \u00e4r relevanta f\u00f6r bed\u00f6mningen av ber\u00e4ttelsen och godk\u00e4nts av personen. Ber\u00e4ttelser kan tas bort n\u00e4r som helst p\u00e5 beg\u00e4ran; det finns ingen skyldighet att beh\u00e5lla en ber\u00e4ttelse som en g\u00e5ng har l\u00e4mnats.<\/p><div data-nosnippet=\"true\" class=\"iwg-litliste\"><p><strong>Standardlitteratur (J\u00e4mf\u00f6rande <span class=\"iwg-fachbegriff\" data-tooltip=\"Vetenskapen som utforskar religioner j\u00e4mf\u00f6rande och utan trosbindning.\" tabindex=\"0\">religionsvetenskap<\/span>):<\/strong><\/p><ul><li><span data-nosnippet><strong>Hanegraaff, Wouter J. (Ed.)<\/strong>: <em>Dictionary of <span class=\"iwg-fachbegriff\" data-tooltip=\"Senantik religi\u00f6s r\u00f6relse som l\u00e4rde att fr\u00e4lsning n\u00e5s genom en s\u00e4rskild fr\u00e4lsande kunskap.\" tabindex=\"0\">Gnosis<\/span> and Western Esotericism. Brill, Leiden 2005.<\/em><\/span><\/li><li><span data-nosnippet><strong>Smith, Jonathan Z.<\/strong>: <em>Map Is Not Territory. Studies in the History of Religions. Brill, Leiden 1978.<\/em><\/span><\/li><\/ul><\/div><\/footer>\n<p class=\"iwg-bib-more\"><span data-nosnippet>Fler standardverk i <a href=\"https:\/\/iwell-guard.com\/sv\/litteratur\/\">litteraturf\u00f6rteckningen<\/a>.<\/span><\/p>\t\t\t\t\t\t\t\t<\/div>\n\t\t\t\t\t<\/div>\n\t\t\t\t<\/div>\n\t\t\t\t\t<\/div>\n\t\t\t\t<\/div>\n\t\t\t\t<\/div>\n\t\t","protected":false},"excerpt":{"rendered":"","protected":false},"author":3,"featured_media":3412,"parent":0,"menu_order":0,"comment_status":"closed","ping_status":"closed","template":"elementor_header_footer","meta":{"_yoast_wpseo_focuskw":"Erfarenhetsber\u00e4ttelser om skyddsh\u00e4nget","_yoast_wpseo_title":"Erfarenhetsber\u00e4ttelser och r\u00f6ster fr\u00e5n praktiken","_yoast_wpseo_metadesc":"Erfarenhetsber\u00e4ttelser fr\u00e5n utbildade medier och k\u00e4nsliga personer om iWell Guard. Metodiskt tydligt och sakligt presenterat.","_yoast_wpseo_meta-robots-noindex":"","_yoast_wpseo_canonical":"","_angie_page":false,"gefaehrdungsstufe":"","wesen_kultur":"","wesen_klasse":"","footnotes":""},"categories":[],"class_list":["post-136585","page","type-page","status-publish","has-post-thumbnail","hentry"],"yoast_head":"<!-- This site is optimized with the Yoast SEO Premium plugin v27.7 (Yoast SEO v28.3) - https:\/\/yoast.com\/product\/yoast-seo-premium-wordpress\/ -->\n<title>Erfarenhetsber\u00e4ttelser och r\u00f6ster fr\u00e5n praktiken<\/title>\n<meta name=\"description\" content=\"Erfarenhetsber\u00e4ttelser fr\u00e5n utbildade medier och k\u00e4nsliga personer om iWell Guard. Metodiskt tydligt och sakligt presenterat.\" \/>\n<meta name=\"robots\" content=\"index, follow, max-snippet:-1, max-image-preview:large, max-video-preview:-1\" \/>\n<link rel=\"canonical\" href=\"https:\/\/iwell-guard.com\/sv\/roster-och-erfarenheter\/\" \/>\n<meta property=\"og:locale\" content=\"sv_SE\" \/>\n<meta property=\"og:type\" content=\"article\" \/>\n<meta property=\"og:title\" content=\"R\u00f6ster och erfarenheter\" \/>\n<meta property=\"og:description\" content=\"Erfarenhetsber\u00e4ttelser fr\u00e5n utbildade medier och k\u00e4nsliga personer om iWell Guard. Metodiskt tydligt och sakligt presenterat.\" \/>\n<meta property=\"og:url\" content=\"https:\/\/iwell-guard.com\/sv\/roster-och-erfarenheter\/\" \/>\n<meta property=\"og:site_name\" content=\"iWell Guard\" \/>\n<meta property=\"article:modified_time\" content=\"2026-09-03T01:06:38+00:00\" \/>\n<meta property=\"og:image\" content=\"https:\/\/iwell-guard.com\/wp-content\/uploads\/2026\/05\/service_erfahrungen.webp\" \/>\n\t<meta property=\"og:image:width\" content=\"1024\" \/>\n\t<meta property=\"og:image:height\" content=\"1536\" \/>\n\t<meta property=\"og:image:type\" content=\"image\/webp\" \/>\n<meta name=\"twitter:card\" content=\"summary_large_image\" \/>\n<script type=\"application\/ld+json\" class=\"yoast-schema-graph\">{\"@context\":\"https:\\\/\\\/schema.org\",\"@graph\":[{\"@type\":\"WebPage\",\"@id\":\"https:\\\/\\\/iwell-guard.com\\\/sv\\\/roster-och-erfarenheter\\\/\",\"url\":\"https:\\\/\\\/iwell-guard.com\\\/sv\\\/roster-och-erfarenheter\\\/\",\"name\":\"Erfarenhetsber\u00e4ttelser och r\u00f6ster fr\u00e5n praktiken\",\"isPartOf\":{\"@id\":\"https:\\\/\\\/iwell-guard.com\\\/sv\\\/#website\"},\"primaryImageOfPage\":{\"@id\":\"https:\\\/\\\/iwell-guard.com\\\/sv\\\/roster-och-erfarenheter\\\/#primaryimage\"},\"image\":{\"@id\":\"https:\\\/\\\/iwell-guard.com\\\/sv\\\/roster-och-erfarenheter\\\/#primaryimage\"},\"thumbnailUrl\":\"https:\\\/\\\/iwell-guard.com\\\/wp-content\\\/uploads\\\/2026\\\/05\\\/service_erfahrungen.webp\",\"datePublished\":\"2026-09-03T00:08:17+00:00\",\"dateModified\":\"2026-09-03T01:06:38+00:00\",\"description\":\"Erfarenhetsber\u00e4ttelser fr\u00e5n utbildade medier och k\u00e4nsliga personer om iWell Guard. Metodiskt tydligt och sakligt presenterat.\",\"breadcrumb\":{\"@id\":\"https:\\\/\\\/iwell-guard.com\\\/sv\\\/roster-och-erfarenheter\\\/#breadcrumb\"},\"inLanguage\":\"sv-SE\",\"potentialAction\":[{\"@type\":\"ReadAction\",\"target\":[\"https:\\\/\\\/iwell-guard.com\\\/sv\\\/roster-och-erfarenheter\\\/\"]}]},{\"@type\":\"ImageObject\",\"inLanguage\":\"sv-SE\",\"@id\":\"https:\\\/\\\/iwell-guard.com\\\/sv\\\/roster-och-erfarenheter\\\/#primaryimage\",\"url\":\"https:\\\/\\\/iwell-guard.com\\\/wp-content\\\/uploads\\\/2026\\\/05\\\/service_erfahrungen.webp\",\"contentUrl\":\"https:\\\/\\\/iwell-guard.com\\\/wp-content\\\/uploads\\\/2026\\\/05\\\/service_erfahrungen.webp\",\"width\":1024,\"height\":1536,\"caption\":\"Illustrativ bild.\"},{\"@type\":\"BreadcrumbList\",\"@id\":\"https:\\\/\\\/iwell-guard.com\\\/sv\\\/roster-och-erfarenheter\\\/#breadcrumb\",\"itemListElement\":[{\"@type\":\"ListItem\",\"position\":1,\"name\":\"Start\",\"item\":\"https:\\\/\\\/iwell-guard.com\\\/sv\\\/?page_id=136483\"},{\"@type\":\"ListItem\",\"position\":2,\"name\":\"R\u00f6ster och erfarenheter\"}]},{\"@type\":\"WebSite\",\"@id\":\"https:\\\/\\\/iwell-guard.com\\\/sv\\\/#website\",\"url\":\"https:\\\/\\\/iwell-guard.com\\\/sv\\\/\",\"name\":\"iWell Guard\",\"description\":\"Schutz vor dunklen Einfl\u00fcssen\",\"publisher\":{\"@id\":\"https:\\\/\\\/iwell-guard.com\\\/sv\\\/#organization\"},\"potentialAction\":[{\"@type\":\"SearchAction\",\"target\":{\"@type\":\"EntryPoint\",\"urlTemplate\":\"https:\\\/\\\/iwell-guard.com\\\/sv\\\/?s={search_term_string}\"},\"query-input\":{\"@type\":\"PropertyValueSpecification\",\"valueRequired\":true,\"valueName\":\"search_term_string\"}}],\"inLanguage\":\"sv-SE\"},{\"@type\":\"Organization\",\"@id\":\"https:\\\/\\\/iwell-guard.com\\\/sv\\\/#organization\",\"name\":\"Ittermann electronic GmbH\",\"url\":\"https:\\\/\\\/iwell-guard.com\\\/sv\\\/\",\"logo\":{\"@type\":\"ImageObject\",\"inLanguage\":\"sv-SE\",\"@id\":\"https:\\\/\\\/iwell-guard.com\\\/sv\\\/#\\\/schema\\\/logo\\\/image\\\/\",\"url\":\"https:\\\/\\\/iwell-guard.com\\\/wp-content\\\/uploads\\\/2026\\\/05\\\/Ittermann-Logo-1182x237-1.png\",\"contentUrl\":\"https:\\\/\\\/iwell-guard.com\\\/wp-content\\\/uploads\\\/2026\\\/05\\\/Ittermann-Logo-1182x237-1.png\",\"width\":1182,\"height\":237,\"caption\":\"Ittermann electronic GmbH\"},\"image\":{\"@id\":\"https:\\\/\\\/iwell-guard.com\\\/sv\\\/#\\\/schema\\\/logo\\\/image\\\/\"},\"sameAs\":[\"https:\\\/\\\/pantip.com\\\/profile\\\/9367242\",\"https:\\\/\\\/micro.blog\\\/iwellguard\",\"https:\\\/\\\/www.diggerslist.com\\\/iwellguard\\\/about\",\"https:\\\/\\\/skitterphoto.com\\\/photographers\\\/2870314\\\/iwell-guard\",\"https:\\\/\\\/iwellguard.wordpress.com\\\/2026\\\/06\\\/06\\\/iwell-guard\\\/\",\"https:\\\/\\\/hub.docker.com\\\/u\\\/iwellguard\",\"https:\\\/\\\/www.pinterest.com\\\/iwellguard\\\/\",\"https:\\\/\\\/bit.ly\\\/m\\\/iwellguard\",\"https:\\\/\\\/entre-vos-mains.alsace.eu\\\/profiles\\\/iwellguard\\\/activity\",\"https:\\\/\\\/gravatar.com\\\/reallybeded8fd34\",\"https:\\\/\\\/naijamatta.com\\\/iwellguard\",\"https:\\\/\\\/www.goodreads.com\\\/iwellguard\",\"https:\\\/\\\/profile.hatena.ne.jp\\\/iwellguard\\\/\",\"https:\\\/\\\/experiment.com\\\/users\\\/iwellguard\",\"https:\\\/\\\/wakelet.com\\\/@iWellGuard82270\",\"https:\\\/\\\/www.chordie.com\\\/forum\\\/profile.php?id=2555664\",\"https:\\\/\\\/www.instapaper.com\\\/p\\\/17757966\",\"https:\\\/\\\/www.mapleprimes.com\\\/users\\\/iwellguard\",\"https:\\\/\\\/businesslistingplus.com\\\/profile\\\/iwell-guard\\\/\",\"https:\\\/\\\/telegra.ph\\\/iWell-Guard-06-06\",\"https:\\\/\\\/pbase.com\\\/iwellguard\\\/iwellguard\",\"https:\\\/\\\/b.hatena.ne.jp\\\/iwellguard\\\/20260607#bookmark-4788405196491818882\",\"https:\\\/\\\/fliphtml5.com\\\/home\\\/iwellguard\",\"https:\\\/\\\/anyflip.com\\\/homepage\\\/cmiwl#About\",\"https:\\\/\\\/transfur.com\\\/Users\\\/iwellguard\",\"http:\\\/\\\/delphi.larsbo.org\\\/user\\\/iwellguard\",\"https:\\\/\\\/jobs.lajobsportal.org\\\/profiles\\\/8380803-iwell-guard\",\"https:\\\/\\\/md.chaosdorf.de\\\/s\\\/jfbe5SBdJD\",\"https:\\\/\\\/www.lingvolive.com\\\/en-us\\\/profile\\\/9ecaeaca-ce11-4e51-9e71-01d55e2bff36\\\/translations\",\"https:\\\/\\\/www.fitday.com\\\/fitness\\\/forums\\\/members\\\/iwellguard.html\",\"https:\\\/\\\/www.mymeetbook.com\\\/iwellguard\",\"https:\\\/\\\/pxhere.com\\\/en\\\/photographer-me\\\/5040798\",\"https:\\\/\\\/disqus.com\\\/by\\\/iwellguard\\\/about\\\/\",\"https:\\\/\\\/pastelink.net\\\/hjwciqwq\",\"https:\\\/\\\/pubhtml5.com\\\/homepage\\\/scjhn\\\/\",\"https:\\\/\\\/www.bitchute.com\\\/channel\\\/2O2eOKzNqujT\",\"https:\\\/\\\/audiomack.com\\\/iwellguard\"]}]}<\/script>\n<!-- \/ Yoast SEO Premium plugin. -->","yoast_head_json":{"title":"Erfarenhetsber\u00e4ttelser och r\u00f6ster fr\u00e5n praktiken","description":"Erfarenhetsber\u00e4ttelser fr\u00e5n utbildade medier och k\u00e4nsliga personer om iWell Guard. Metodiskt tydligt och sakligt presenterat.","robots":{"index":"index","follow":"follow","max-snippet":"max-snippet:-1","max-image-preview":"max-image-preview:large","max-video-preview":"max-video-preview:-1"},"canonical":"https:\/\/iwell-guard.com\/sv\/roster-och-erfarenheter\/","og_locale":"sv_SE","og_type":"article","og_title":"R\u00f6ster och erfarenheter","og_description":"Erfarenhetsber\u00e4ttelser fr\u00e5n utbildade medier och k\u00e4nsliga personer om iWell Guard. Metodiskt tydligt och sakligt presenterat.","og_url":"https:\/\/iwell-guard.com\/sv\/roster-och-erfarenheter\/","og_site_name":"iWell Guard","article_modified_time":"2026-09-03T01:06:38+00:00","og_image":[{"width":1024,"height":1536,"url":"https:\/\/iwell-guard.com\/wp-content\/uploads\/2026\/05\/service_erfahrungen.webp","type":"image\/webp"}],"twitter_card":"summary_large_image","schema":{"@context":"https:\/\/schema.org","@graph":[{"@type":"WebPage","@id":"https:\/\/iwell-guard.com\/sv\/roster-och-erfarenheter\/","url":"https:\/\/iwell-guard.com\/sv\/roster-och-erfarenheter\/","name":"Erfarenhetsber\u00e4ttelser och r\u00f6ster fr\u00e5n praktiken","isPartOf":{"@id":"https:\/\/iwell-guard.com\/sv\/#website"},"primaryImageOfPage":{"@id":"https:\/\/iwell-guard.com\/sv\/roster-och-erfarenheter\/#primaryimage"},"image":{"@id":"https:\/\/iwell-guard.com\/sv\/roster-och-erfarenheter\/#primaryimage"},"thumbnailUrl":"https:\/\/iwell-guard.com\/wp-content\/uploads\/2026\/05\/service_erfahrungen.webp","datePublished":"2026-09-03T00:08:17+00:00","dateModified":"2026-09-03T01:06:38+00:00","description":"Erfarenhetsber\u00e4ttelser fr\u00e5n utbildade medier och k\u00e4nsliga personer om iWell Guard. Metodiskt tydligt och sakligt presenterat.","breadcrumb":{"@id":"https:\/\/iwell-guard.com\/sv\/roster-och-erfarenheter\/#breadcrumb"},"inLanguage":"sv-SE","potentialAction":[{"@type":"ReadAction","target":["https:\/\/iwell-guard.com\/sv\/roster-och-erfarenheter\/"]}]},{"@type":"ImageObject","inLanguage":"sv-SE","@id":"https:\/\/iwell-guard.com\/sv\/roster-och-erfarenheter\/#primaryimage","url":"https:\/\/iwell-guard.com\/wp-content\/uploads\/2026\/05\/service_erfahrungen.webp","contentUrl":"https:\/\/iwell-guard.com\/wp-content\/uploads\/2026\/05\/service_erfahrungen.webp","width":1024,"height":1536,"caption":"Illustrativ bild."},{"@type":"BreadcrumbList","@id":"https:\/\/iwell-guard.com\/sv\/roster-och-erfarenheter\/#breadcrumb","itemListElement":[{"@type":"ListItem","position":1,"name":"Start","item":"https:\/\/iwell-guard.com\/sv\/?page_id=136483"},{"@type":"ListItem","position":2,"name":"R\u00f6ster och erfarenheter"}]},{"@type":"WebSite","@id":"https:\/\/iwell-guard.com\/sv\/#website","url":"https:\/\/iwell-guard.com\/sv\/","name":"iWell Guard","description":"Schutz vor dunklen Einfl\u00fcssen","publisher":{"@id":"https:\/\/iwell-guard.com\/sv\/#organization"},"potentialAction":[{"@type":"SearchAction","target":{"@type":"EntryPoint","urlTemplate":"https:\/\/iwell-guard.com\/sv\/?s={search_term_string}"},"query-input":{"@type":"PropertyValueSpecification","valueRequired":true,"valueName":"search_term_string"}}],"inLanguage":"sv-SE"},{"@type":"Organization","@id":"https:\/\/iwell-guard.com\/sv\/#organization","name":"Ittermann electronic GmbH","url":"https:\/\/iwell-guard.com\/sv\/","logo":{"@type":"ImageObject","inLanguage":"sv-SE","@id":"https:\/\/iwell-guard.com\/sv\/#\/schema\/logo\/image\/","url":"https:\/\/iwell-guard.com\/wp-content\/uploads\/2026\/05\/Ittermann-Logo-1182x237-1.png","contentUrl":"https:\/\/iwell-guard.com\/wp-content\/uploads\/2026\/05\/Ittermann-Logo-1182x237-1.png","width":1182,"height":237,"caption":"Ittermann electronic GmbH"},"image":{"@id":"https:\/\/iwell-guard.com\/sv\/#\/schema\/logo\/image\/"},"sameAs":["https:\/\/pantip.com\/profile\/9367242","https:\/\/micro.blog\/iwellguard","https:\/\/www.diggerslist.com\/iwellguard\/about","https:\/\/skitterphoto.com\/photographers\/2870314\/iwell-guard","https:\/\/iwellguard.wordpress.com\/2026\/06\/06\/iwell-guard\/","https:\/\/hub.docker.com\/u\/iwellguard","https:\/\/www.pinterest.com\/iwellguard\/","https:\/\/bit.ly\/m\/iwellguard","https:\/\/entre-vos-mains.alsace.eu\/profiles\/iwellguard\/activity","https:\/\/gravatar.com\/reallybeded8fd34","https:\/\/naijamatta.com\/iwellguard","https:\/\/www.goodreads.com\/iwellguard","https:\/\/profile.hatena.ne.jp\/iwellguard\/","https:\/\/experiment.com\/users\/iwellguard","https:\/\/wakelet.com\/@iWellGuard82270","https:\/\/www.chordie.com\/forum\/profile.php?id=2555664","https:\/\/www.instapaper.com\/p\/17757966","https:\/\/www.mapleprimes.com\/users\/iwellguard","https:\/\/businesslistingplus.com\/profile\/iwell-guard\/","https:\/\/telegra.ph\/iWell-Guard-06-06","https:\/\/pbase.com\/iwellguard\/iwellguard","https:\/\/b.hatena.ne.jp\/iwellguard\/20260607#bookmark-4788405196491818882","https:\/\/fliphtml5.com\/home\/iwellguard","https:\/\/anyflip.com\/homepage\/cmiwl#About","https:\/\/transfur.com\/Users\/iwellguard","http:\/\/delphi.larsbo.org\/user\/iwellguard","https:\/\/jobs.lajobsportal.org\/profiles\/8380803-iwell-guard","https:\/\/md.chaosdorf.de\/s\/jfbe5SBdJD","https:\/\/www.lingvolive.com\/en-us\/profile\/9ecaeaca-ce11-4e51-9e71-01d55e2bff36\/translations","https:\/\/www.fitday.com\/fitness\/forums\/members\/iwellguard.html","https:\/\/www.mymeetbook.com\/iwellguard","https:\/\/pxhere.com\/en\/photographer-me\/5040798","https:\/\/disqus.com\/by\/iwellguard\/about\/","https:\/\/pastelink.net\/hjwciqwq","https:\/\/pubhtml5.com\/homepage\/scjhn\/","https:\/\/www.bitchute.com\/channel\/2O2eOKzNqujT","https:\/\/audiomack.com\/iwellguard"]}]}},"_links":{"self":[{"href":"https:\/\/iwell-guard.com\/sv\/wp-json\/wp\/v2\/pages\/136585","targetHints":{"allow":["GET"]}}],"collection":[{"href":"https:\/\/iwell-guard.com\/sv\/wp-json\/wp\/v2\/pages"}],"about":[{"href":"https:\/\/iwell-guard.com\/sv\/wp-json\/wp\/v2\/types\/page"}],"author":[{"embeddable":true,"href":"https:\/\/iwell-guard.com\/sv\/wp-json\/wp\/v2\/users\/3"}],"replies":[{"embeddable":true,"href":"https:\/\/iwell-guard.com\/sv\/wp-json\/wp\/v2\/comments?post=136585"}],"version-history":[{"count":0,"href":"https:\/\/iwell-guard.com\/sv\/wp-json\/wp\/v2\/pages\/136585\/revisions"}],"wp:featuredmedia":[{"embeddable":true,"href":"https:\/\/iwell-guard.com\/sv\/wp-json\/wp\/v2\/media\/3412"}],"wp:attachment":[{"href":"https:\/\/iwell-guard.com\/sv\/wp-json\/wp\/v2\/media?parent=136585"}],"wp:term":[{"taxonomy":"category","embeddable":true,"href":"https:\/\/iwell-guard.com\/sv\/wp-json\/wp\/v2\/categories?post=136585"}],"curies":[{"name":"wp","href":"https:\/\/api.w.org\/{rel}","templated":true}]}}