{"id":136583,"date":"2026-09-03T00:08:16","date_gmt":"2026-09-03T00:08:16","guid":{"rendered":"https:\/\/iwell-guard.com\/?page_id=136583"},"modified":"2026-09-03T01:06:33","modified_gmt":"2026-09-03T01:06:33","slug":"metodik","status":"publish","type":"page","link":"https:\/\/iwell-guard.com\/sv\/metodik\/","title":{"rendered":"Metodik"},"content":{"rendered":"\t\t<div data-elementor-type=\"wp-page\" data-elementor-id=\"136583\" class=\"elementor elementor-136583 elementor-1793 elementor-bc-flex-widget\" data-elementor-post-type=\"page\">\n\t\t\t\t<div class=\"elementor-element elementor-element-k-hero-rebuilt-method iwg-kultur-hero e-flex e-con-boxed e-con e-parent\" data-id=\"k-hero-rebuilt-method\" data-element_type=\"container\" data-e-type=\"container\">\n\t\t\t\t\t<div class=\"e-con-inner\">\n\t\t<div class=\"elementor-element elementor-element-khleft-method iwg-kultur-hero-left e-flex e-con-boxed e-con e-parent\" data-id=\"khleft-method\" data-element_type=\"container\" data-e-type=\"container\">\n\t\t\t\t\t<div class=\"e-con-inner\">\n\t\t\t\t<div class=\"elementor-element elementor-element-k-h1-method elementor-widget elementor-widget-heading\" data-id=\"k-h1-method\" data-element_type=\"widget\" data-e-type=\"widget\" data-widget_type=\"heading.default\">\n\t\t\t\t\t<h1 class=\"elementor-heading-title elementor-size-default\">Metodik f&ouml;r den mediala praktiken &#8211; k&auml;llor och pr&ouml;vning<\/h1>\t\t\t\t<\/div>\n\t\t<div class=\"elementor-element elementor-element-aj11-hero-lead-method e-con-full e-flex e-con e-parent\" data-id=\"aj11-hero-lead-method\" data-element_type=\"container\" data-e-type=\"container\">\n\t\t\t\t<div class=\"elementor-element elementor-element-k-lead-method elementor-widget elementor-widget-text-editor\" data-id=\"k-lead-method\" data-element_type=\"widget\" data-e-type=\"widget\" data-widget_type=\"text-editor.default\">\n\t\t\t\t\t\t\t\t\t<p><em>Den <strong>metodik<\/strong> som iWell Guard anv\u00e4nder f\u00f6renar vetenskapliga k\u00e4llor med <strong>medial information<\/strong>. Vi m\u00e4rker varje uttalande transparent, k\u00e4llarbete, medial pr\u00f6vning i det kosmiska informationsf\u00e4ltet och erfarenhetsber\u00e4ttelser h\u00e5lls tydligt \u00e5tskilda.<\/em><\/p><p>Den <strong>mediala diagnostiken<\/strong> utg\u00f6r den metodiska grunden f\u00f6r iWell Guards arbete, den ger tillg\u00e5ng till information bortom den sinnligt erfarbara v\u00e4rlden och kompletterar de naturvetenskapliga r\u00f6nen med en egen, strukturellt tillf\u00f6rlitlig dataniv\u00e5.<\/p>\t\t\t\t\t\t\t\t<\/div>\n\t\t\t\t<\/div>\n\t\t<div class=\"elementor-element elementor-element-aj11-hero-toc-method e-con-full e-flex e-con e-parent\" data-id=\"aj11-hero-toc-method\" data-element_type=\"container\" data-e-type=\"container\">\n\t\t\t\t<div class=\"elementor-element elementor-element-k-toc-method elementor-widget elementor-widget-text-editor\" data-id=\"k-toc-method\" data-element_type=\"widget\" data-e-type=\"widget\" data-widget_type=\"text-editor.default\">\n\t\t\t\t\t\t\t\t\t<p><strong>Inneh\u00e5ll p\u00e5 denna sida:<\/strong><\/p><ul><li><a href=\"#h21777543115\">Medial information och k\u00e4llm\u00e4rkning<\/a><\/li><li><a href=\"#x404-h0\">1. Inledning<\/a><\/li><li><a href=\"#x404-h1\">2. Vad vi menar med &#8221;Kosmiskt informationsf\u00e4lt&#8221;<\/a><\/li><li><a href=\"#x404-h2\">3. Pr\u00f6vning i det kosmiska informationsf\u00e4ltet<\/a><\/li><li><a href=\"#x404-h3\">4. Medial information fr\u00e5n den andliga v\u00e4rlden<\/a><\/li><li><a href=\"#x404-h4\">5. De tv\u00e5 friskrivningsformlerna<\/a><\/li><li><a href=\"#x404-h5\">6. Varf\u00f6r vi g\u00f6r detta<\/a><\/li><li><a href=\"#x404-h6\">7. \u00c5terkoppling<\/a><\/li><\/ul>\t\t\t\t\t\t\t\t<\/div>\n\t\t\t\t<\/div>\n\t\t\t\t\t<\/div>\n\t\t\t\t<\/div>\n\t\t<div class=\"elementor-element elementor-element-khrght-method iwg-kultur-hero-right e-flex e-con-boxed e-con e-parent\" data-id=\"khrght-method\" data-element_type=\"container\" data-e-type=\"container\">\n\t\t\t\t\t<div class=\"e-con-inner\">\n\t\t\t\t<div class=\"elementor-element elementor-element-k-img-method elementor-widget elementor-widget-image\" data-id=\"k-img-method\" data-element_type=\"widget\" data-e-type=\"widget\" data-widget_type=\"image.default\">\n\t\t\t\t\t\t\t\t\t\t\t\t\t\t\t<img fetchpriority=\"high\" decoding=\"async\" width=\"683\" height=\"1024\" src=\"https:\/\/iwell-guard.com\/wp-content\/uploads\/2026\/05\/themen_methodik-683x1024.webp\" class=\"attachment-large size-large wp-image-136187\" alt=\"Skrivbordsstilleben med b\u00f6cker, f\u00f6rstoringsglas, skrivpenna och k\u00e4llkarta\" srcset=\"https:\/\/iwell-guard.com\/wp-content\/uploads\/2026\/05\/themen_methodik-683x1024.webp 683w, https:\/\/iwell-guard.com\/wp-content\/uploads\/2026\/05\/themen_methodik-200x300.webp 200w, https:\/\/iwell-guard.com\/wp-content\/uploads\/2026\/05\/themen_methodik-768x1152.webp 768w, https:\/\/iwell-guard.com\/wp-content\/uploads\/2026\/05\/themen_methodik.webp 1024w\" sizes=\"(max-width: 683px) 100vw, 683px\" \/>\t\t\t\t\t\t\t\t\t\t\t\t\t\t\t<\/div>\n\t\t\t\t\t<\/div>\n\t\t\t\t<\/div>\n\t\t\t\t\t<\/div>\n\t\t\t\t<\/div>\n\t\t<div class=\"elementor-element elementor-element-clstrsec1777543115 e-con-boxed e-flex e-con e-parent\" data-id=\"clstrsec1777543115\" data-element_type=\"container\" data-e-type=\"container\">\n\t\t\t\t\t<div class=\"e-con-inner\">\n\t\t\t\t<div class=\"elementor-element elementor-element-h21777543115 elementor-widget elementor-widget-heading\" data-id=\"h21777543115\" data-element_type=\"widget\" data-e-type=\"widget\" data-widget_type=\"heading.default\">\n\t\t\t\t\t<h2 class=\"elementor-heading-title elementor-size-default\">Medial information och k\u00e4llm\u00e4rkning<\/h2>\t\t\t\t<\/div>\n\t\t<div class=\"elementor-element elementor-element-aj11-inner-b674b0 e-con-full e-flex e-con e-parent\" data-id=\"aj11-inner-b674b0\" data-element_type=\"container\" data-e-type=\"container\">\n\t\t\t\t<div class=\"elementor-element elementor-element-txt1777543115 elementor-widget elementor-widget-text-editor\" data-id=\"txt1777543115\" data-element_type=\"widget\" data-e-type=\"widget\" data-widget_type=\"text-editor.default\">\n\t\t\t\t\t\t\t\t\t\n<p>Denna metodik f\u00f6renar tre typer av k\u00e4llor: vetenskapliga texter, <strong>medial information<\/strong> fr\u00e5n det kosmiska informationsf\u00e4ltet och personliga erfarenhetsber\u00e4ttelser. Varje k\u00e4lla markeras tydligt p\u00e5 detaljsidorna, vi blandar inte dessa.<\/p><p>Medial information avser uttalanden som vi f\u00e5r genom energetisk pr\u00f6vning i det kosmiska informationsf\u00e4ltet. De \u00e4r inte vetenskapligt verifierade, utan del av en egen kunskapsv\u00e4g.<\/p><p><strong>K\u00e4llm\u00e4rkningen<\/strong> p\u00e5 varje detaljsida visar var ett uttalande kommer fr\u00e5n: vetenskapligt (Burkert, Toynbee, etc.), medialt (pr\u00f6vning i det kosmiska informationsf\u00e4ltet) eller erfarenhetsbaserat.<\/p>\t\t\t\t\t\t\t\t<\/div>\n\t\t\t\t<\/div>\n\t\t\t\t\t<\/div>\n\t\t\t\t<\/div>\n\t\t<div class=\"elementor-element elementor-element-x404-s0 e-con-boxed e-flex e-con e-parent\" data-id=\"x404-s0\" data-element_type=\"container\" data-e-type=\"container\">\n\t\t\t\t\t<div class=\"e-con-inner\">\n\t\t\t\t<div class=\"elementor-element elementor-element-x404-h0 elementor-widget elementor-widget-heading\" data-id=\"x404-h0\" data-element_type=\"widget\" data-e-type=\"widget\" data-widget_type=\"heading.default\">\n\t\t\t\t\t<h2 class=\"elementor-heading-title elementor-size-default\">Inledning<\/h2>\t\t\t\t<\/div>\n\t\t<div class=\"elementor-element elementor-element-aj11-inner-d1ca6c e-con-full e-flex e-con e-parent\" data-id=\"aj11-inner-d1ca6c\" data-element_type=\"container\" data-e-type=\"container\">\n\t\t\t\t<div class=\"elementor-element elementor-element-x404-t0 elementor-widget elementor-widget-text-editor\" data-id=\"x404-t0\" data-element_type=\"widget\" data-e-type=\"widget\" data-widget_type=\"text-editor.default\">\n\t\t\t\t\t\t\t\t\t<p>Den h\u00e4r sidan f\u00f6rklarar hur vi p\u00e5 iwell-guard.com hanterar tv\u00e5 s\u00e4rskilda informationsk\u00e4llor: <strong>pr\u00f6vningen i det kosmiska informationsf\u00e4ltet<\/strong> och den mediala informationen fr\u00e5n den andliga v\u00e4rlden.<\/p><p>B\u00e5da \u00e4r viktiga f\u00f6r v\u00e5rt arbete, b\u00e5da \u00e4r uttryckligen inte vetenskapligt bevisbara, och b\u00e5da markeras d\u00e4rf\u00f6r tydligt p\u00e5 v\u00e5ra sidor och h\u00e5lls \u00e5tskilda fr\u00e5n de historiska och religionsvetenskapliga k\u00e4llorna.<\/p><p>Anledningen till denna \u00e5tskillnad \u00e4r enkel: vi vill inte vilseleda v\u00e5ra l\u00e4sare. Den som s\u00f6ker information h\u00e4r ska med en blick kunna se p\u00e5 vilken kunskapsgrund ett uttalande vilar.<\/p>\t\t\t\t\t\t\t\t<\/div>\n\t\t\t\t<\/div>\n\t\t\t\t\t<\/div>\n\t\t\t\t<\/div>\n\t\t<div class=\"elementor-element elementor-element-x404-s1 e-con-boxed e-flex e-con e-parent\" data-id=\"x404-s1\" data-element_type=\"container\" data-e-type=\"container\">\n\t\t\t\t\t<div class=\"e-con-inner\">\n\t\t\t\t<div class=\"elementor-element elementor-element-x404-h1 elementor-widget elementor-widget-heading\" data-id=\"x404-h1\" data-element_type=\"widget\" data-e-type=\"widget\" data-widget_type=\"heading.default\">\n\t\t\t\t\t<h2 class=\"elementor-heading-title elementor-size-default\">Vad vi menar med \"Det kosmiska informationsf\u00e4ltet\"<\/h2>\t\t\t\t<\/div>\n\t\t<div class=\"elementor-element elementor-element-aj11-inner-957345 e-con-full e-flex e-con e-parent\" data-id=\"aj11-inner-957345\" data-element_type=\"container\" data-e-type=\"container\">\n\t\t\t\t<div class=\"elementor-element elementor-element-x404-t1 elementor-widget elementor-widget-text-editor\" data-id=\"x404-t1\" data-element_type=\"widget\" data-e-type=\"widget\" data-widget_type=\"text-editor.default\">\n\t\t\t\t\t\t\t\t\t<p>Enligt den andliga tradition som denna webbplats st\u00e5r i \u00e4r det kosmiska informationsf\u00e4ltet den egentliga verkligheten. V\u00e5rt materiella universum betraktas i denna syn som en avbildning av ett djupare datalager i medvetanderummet. V\u00e4sen, energier och processer som \u00e4r &#8221;n\u00e4rvarande och verksamma&#8221; d\u00e4r kan p\u00e5verka det materiella livet, \u00e4ven om de inte \u00e4r fysikaliskt m\u00e4tbara.<\/p><p>Detta \u00e4r inget fysikaliskt p\u00e5st\u00e5ende och inget vetenskapligt anspr\u00e5k. Det \u00e4r innerperspektivet fr\u00e5n en tradition som utarbetats inom <span class=\"iwg-fachbegriff\" tabindex=\"0\" data-tooltip=\"Esoterisk l\u00e4ra, grundad 1875 av Helena Petrovna Blavatsky; syntes av \u00f6sterl\u00e4ndsk visdom, spiritism och ockultism.\">teosofi<\/span>, <span class=\"iwg-fachbegriff\" tabindex=\"0\" data-tooltip=\"Av Rudolf Steiner fr\u00e5n 1912 utvecklad utbrytning fr\u00e5n teosofin med tyngdpunkt p\u00e5 pedagogik, medicin och kristologi.\">antroposofi<\/span>, New Age och ljusarbete. Om detta perspektiv beskriver verkligheten korrekt kan var och en avg\u00f6ra sj\u00e4lv. Vi \u00e5terger det of\u00f6rvanskat, utan att bevisa eller ifr\u00e5gas\u00e4tta det.<\/p><div><h3>Religionshistorisk tradition av medial praktik<\/h3><p>Mediala metoder, det vill s\u00e4ga arbete med perceptionskanaler bortom de fem sinnena, \u00e4r religionshistoriskt inte en uppfinning fr\u00e5n 1800-talet utan har f\u00f6reg\u00e5ngare i den judiska merkava-<span class=\"iwg-fachbegriff\" data-tooltip=\"Religi\u00f6s riktning med tyngdpunkt p\u00e5 omedelbar guderfarenhet.\" tabindex=\"0\">mystiken<\/span> (hekhalot-litteraturen, 3.\u20137. \u00e5rhundradet), i den kristna visionslitteraturen (Hildegard von Bingen, 1100-talet; Mechthild von Magdeburg, 1200-talet; Teresa av \u00c1vila, 1500-talet), i den islamiska sufi-<span class=\"iwg-fachbegriff\" data-tooltip=\"Religi\u00f6s riktning med tyngdpunkt p\u00e5 omedelbar guderfarenhet.\" tabindex=\"0\">mystiken<\/span> (al-Ghazali, Ibn Arabi) och i de shamanska traditionerna hos praktiskt taget alla ursprungsreligioner.<\/p><p>Den moderna <a class=\"iwg-fachbegriff\" href=\"https:\/\/iwell-guard.com\/sv\/spiritism\/\" tabindex=\"0\" data-tooltip=\"L\u00e4ra och praktik f\u00f6r kommunikation med avlidna via medier; uppkom 1848 i Hydesville\/USA, kodifierad av Allan Kardec.\" style=\"color:inherit;text-decoration:none\">spiritismen<\/a> sedan Allan Kardec (<em>Le Livre des Esprits<\/em>, 1857) har systematiserat dessa metoder och satt dem i en antropologisk ram; <span class=\"iwg-fachbegriff\" tabindex=\"0\" data-tooltip=\"Esoterisk l\u00e4ra, grundad 1875 av Helena Petrovna Blavatsky; syntes av \u00f6sterl\u00e4ndsk visdom, spiritism och ockultism.\">teosofin<\/span> (Helena Petrovna Blavatsky, fr\u00e5n 1875) och <span class=\"iwg-fachbegriff\" tabindex=\"0\" data-tooltip=\"Av Rudolf Steiner fr\u00e5n 1912 utvecklad utbrytning fr\u00e5n teosofin med tyngdpunkt p\u00e5 pedagogik och kristologi.\">antroposofin<\/span> (<span class=\"iwg-fachbegriff\" tabindex=\"0\" data-tooltip=\"\u00d6sterrikisk esoteriker (1861\u20131925); grundare av antroposofin och waldorfpedagogiken.\">Rudolf Steiner<\/span>, fr\u00e5n 1900) har integrerat dem i den europeiska bildningsdiskursen.<\/p><p>Den akademiska <span class=\"iwg-fachbegriff\" data-tooltip=\"Vetenskapen som utforskar religioner j\u00e4mf\u00f6rande och utan trosbindning.\" tabindex=\"0\">religionsvetenskapen<\/span> har medvetet l\u00e4mnat fr\u00e5gan \u00f6ppen om mediala metoder ger tillg\u00e5ng till verkligheten eller om de utg\u00f6r projektioner, och har koncentrerat sig p\u00e5 den fenomenologiska och socialhistoriska beskrivningen (<span class=\"iwg-fachbegriff\" tabindex=\"0\" data-tooltip=\"Rum\u00e4nsk religionsvetare (1907\u20131986); pr\u00e4glade den religionsfenomenologiska metoden.\">Mircea Eliade<\/span>, <em><span class=\"iwg-fachbegriff\" data-tooltip=\"Religi\u00f6st system d\u00e4r specialister umg\u00e5s med andev\u00e4rlden.\" tabindex=\"0\">Shamanism<\/span><\/em>, 1951; Ioan Couliano, <em>Out of this World<\/em>, 1991; Jeffrey Kripal, <em>Authors of the Impossible<\/em>, 2010).<\/p><p>Denna position \u00e4r \u00e4ven v\u00e5r: Vi \u00e5terger medial information transparent, utan att g\u00f6ra anspr\u00e5k p\u00e5 sanning eller osanning.<\/p><\/div>\t\t\t\t\t\t\t\t<\/div>\n\t\t\t\t<\/div>\n\t\t\t\t\t<\/div>\n\t\t\t\t<\/div>\n\t\t<div class=\"elementor-element elementor-element-x404-s2 e-con-boxed e-flex e-con e-parent\" data-id=\"x404-s2\" data-element_type=\"container\" data-e-type=\"container\">\n\t\t\t\t\t<div class=\"e-con-inner\">\n\t\t\t\t<div class=\"elementor-element elementor-element-x404-h2 elementor-widget elementor-widget-heading\" data-id=\"x404-h2\" data-element_type=\"widget\" data-e-type=\"widget\" data-widget_type=\"heading.default\">\n\t\t\t\t\t<h2 class=\"elementor-heading-title elementor-size-default\">Unders\u00f6kning i det kosmiska informationsf\u00e4ltet<\/h2>\t\t\t\t<\/div>\n\t\t<div class=\"elementor-element elementor-element-aj11-inner-0c9bd0 e-con-full e-flex e-con e-parent\" data-id=\"aj11-inner-0c9bd0\" data-element_type=\"container\" data-e-type=\"container\">\n\t\t\t\t<div class=\"elementor-element elementor-element-x404-t2 elementor-widget elementor-widget-text-editor\" data-id=\"x404-t2\" data-element_type=\"widget\" data-e-type=\"widget\" data-widget_type=\"text-editor.default\">\n\t\t\t\t\t\t\t\t\t<h3>3.1 Vad \u00e4r det?<\/h3><p>Pr\u00f6vningen i det kosmiska informationsf\u00e4ltet \u00e4r en bin\u00e4r resonanspr\u00f6vning: vi fr\u00e5gar om en viss varelse, en praktik eller en energi \u00e4r <strong>n\u00e4rvarande och verksam i det kosmiska informationsf\u00e4ltet<\/strong>. Resultatet \u00e4r en indelning i en av fem niv\u00e5er (se 3.2). Denna pr\u00f6vning \u00e4r metodiskt klart avgr\u00e4nsad: den besvarar en ja\/nej-\/tendensfr\u00e5ga, inte en inneh\u00e5llsfr\u00e5ga.<\/p><h3>3.2 Till\u00e5tna resultatniv\u00e5er<\/h3><p>Ett pr\u00f6vningsresultat har exakt ett av dessa sex v\u00e4rden:<\/p><ul><li>\u00e4nnu inte pr\u00f6vad \u2013 utg\u00e5ngsl\u00e4ge f\u00f6r alla nyskapade sidor<\/li><li>n\u00e4rvarande och verksam \u2013 varelsen\/praktiken har tydligt p\u00e5tr\u00e4ffats i det kosmiska informationsf\u00e4ltet<\/li><li>tendentiellt n\u00e4rvarande \u2013 pr\u00f6vningen tyder p\u00e5 n\u00e4rvaro, utan tydlig resonans<\/li><li>tendentiellt inte n\u00e4rvarande \u2013 pr\u00f6vningen tyder p\u00e5 fr\u00e5nvaro, utan slutgiltig klarhet<\/li><li>inte n\u00e4rvarande \u2013 tydligt inte p\u00e5tr\u00e4ffad i det kosmiska informationsf\u00e4ltet<\/li><li>inte pr\u00f6vningsbar \u2013 fr\u00e5gest\u00e4llningen kunde inte klarl\u00e4ggas med den till\u00e4mpade metoden (t.ex. f\u00f6r ospecifik, f\u00f6r oskarp, yttre st\u00f6rning)<\/li><\/ul><h3>3.3 Tillv\u00e4gag\u00e5ngss\u00e4tt<\/h3><p>En pr\u00f6vning genomf\u00f6rs av ett medium som \u00e4r \u00f6vat i arbetet med det kosmiska informationsf\u00e4ltet. De vanliga metoderna \u00e4r medial resonanspr\u00f6vning, tensor- eller pendelfr\u00e5gning och kortl\u00e4ggning.<\/p><p>Den anv\u00e4nda metoden, mediet (med namn eller anonymiserat), datumet och den ungef\u00e4rliga varaktigheten dokumenteras \u2013 synligt p\u00e5 respektive detaljsida och dessutom i en central historik.<\/p><p>Flera pr\u00f6vningar av samma varelse genom olika medier registreras var f\u00f6r sig. Avvikelser f\u00f6rblir synliga \u2013 vi j\u00e4mnar inte ut f\u00f6r att d\u00f6lja mots\u00e4gelser.<\/p><h3>3.4 Vad pr\u00f6vningen inte \u00e4r<\/h3><ul><li>Inget vetenskapligt bevis f\u00f6r den pr\u00f6vade varelsens existens.<\/li><li>Ingen ers\u00e4ttning f\u00f6r medicinsk, psykologisk eller juridisk r\u00e5dgivning.<\/li><li>Ingen prognos om individuella upplevelser eller verkningar.<\/li><li>Inget uttalande om varelsens moraliska eller andliga kvalitet.<\/li><\/ul><div><h3>Metodiska verktyg i detalj<\/h3><p>Resonanspr\u00f6vningen i det kosmiska informationsf\u00e4ltet arbetar med tre etablerade verktyg som \u00e4r dokumenterade i den mediala praktiken sedan 1800-talet. <em>Pendelfr\u00e5gning<\/em> (radiestesi) utvecklades systematiskt av Abb\u00e9 Alexis Bouly, Jules Regnault och Abb\u00e9 Alexis Mermet under 1920- och 1930-talen; Christopher Bird (<em>Divining Hand<\/em>, 1979) har bearbetat forskningshistorien.<\/p><p><em>Tensorn<\/em> (eller Bovis-tensorn efter Andr\u00e9 Bovis) \u00e4r en variant av pendeln med en annan h\u00e4vmekanik. <em>Den kinesiologiska sj\u00e4lvtestningen<\/em> arbetar med den egna muskelsp\u00e4nningens reaktion p\u00e5 st\u00e4llda fr\u00e5gor och inf\u00f6rdes av George Goodheart (1964).<\/p><p>Alla tre metoderna fungerar via den ideomotoriska effekten: mediets hand reagerar p\u00e5 undermedvetna resonanssignaler med minimala muskelr\u00f6relser, som verktyget f\u00f6rst\u00e4rker.<\/p><p>Fr\u00e5gan om denna resonans bara avspeglar en projektion av det undermedvetna eller en kontakt med ett verkligt informationslager kan inte avg\u00f6ras slutgiltigt p\u00e5 metodisk v\u00e4g. Vi f\u00f6rst\u00e5r resultatet som en indikation, inte som ett bevis, och behandlar det d\u00e4refter.<\/p><\/div>\t\t\t\t\t\t\t\t<\/div>\n\t\t\t\t<\/div>\n\t\t\t\t\t<\/div>\n\t\t\t\t<\/div>\n\t\t<div class=\"elementor-element elementor-element-x404-s3 e-con-boxed e-flex e-con e-parent\" data-id=\"x404-s3\" data-element_type=\"container\" data-e-type=\"container\">\n\t\t\t\t\t<div class=\"e-con-inner\">\n\t\t\t\t<div class=\"elementor-element elementor-element-x404-h3 elementor-widget elementor-widget-heading\" data-id=\"x404-h3\" data-element_type=\"widget\" data-e-type=\"widget\" data-widget_type=\"heading.default\">\n\t\t\t\t\t<h2 class=\"elementor-heading-title elementor-size-default\">Medial information fr\u00e5n den andliga v\u00e4rlden<\/h2>\t\t\t\t<\/div>\n\t\t<div class=\"elementor-element elementor-element-aj11-inner-140876 e-con-full e-flex e-con e-parent\" data-id=\"aj11-inner-140876\" data-element_type=\"container\" data-e-type=\"container\">\n\t\t\t\t<div class=\"elementor-element elementor-element-x404-t3 elementor-widget elementor-widget-text-editor\" data-id=\"x404-t3\" data-element_type=\"widget\" data-e-type=\"widget\" data-widget_type=\"text-editor.default\">\n\t\t\t\t\t\t\t\t\t<h3>4.1 Vad \u00e4r det?<\/h3><p>Medan pr\u00f6vningen i det kosmiska informationsf\u00e4ltet endast besvarar en bin\u00e4r resonansfr\u00e5ga, inneh\u00e5ller medial information inneh\u00e5llsm\u00e4ssiga uttalanden om en varelse, en energi eller ett f\u00f6rlopp. Dessa uttalanden kommer fr\u00e5n channelingar, <span class=\"iwg-fachbegriff\" tabindex=\"0\" data-tooltip=\"F\u00f6r\u00e4ndrat medvetandetillst\u00e5nd med inskr\u00e4nkt uppm\u00e4rksamhet; medvetet framkallat i schamansk och mediumistisk praktik.\">Trans<\/span>sessioner, vision\u00e4ra upplevelser eller andra mediala arbetsformer. De kan komplettera detaljaspekter, konkretisera egenskaper eller belysa sammanhang som inte f\u00f6rekommer i de historiska k\u00e4llorna.<\/p><h3>4.2 Hur k\u00e4nner du igen medial information p\u00e5 v\u00e5ra sidor?<\/h3><p>Medial information finns p\u00e5 varje detaljsida i ett eget, tydligt avgr\u00e4nsat avsnitt (bakgrund: ljuslila) med markeringen &#8221;Medial information&#8221;. Under den anges medium (eller anonymiserat), datum och metod. I slutet av varje s\u00e5dant avsnitt hittar du disclaimer-meningen och en l\u00e4nk till denna metodiksida.<\/p><h3>4.3 Vad medial information inte \u00e4r<\/h3><ul><li>Inga vetenskapligt kontrollerbara fakta.<\/li><li>Inga religi\u00f6sa dogmer.<\/li><li>Inga anvisningar f\u00f6r konkret agerande i h\u00e4lso-, ekonomi- eller r\u00e4ttsfr\u00e5gor.<\/li><li>Inga uppenbarelser med anspr\u00e5k p\u00e5 universell giltighet.<\/li><\/ul><p>De \u00e4r ett <strong>till\u00e4ggsperspektiv<\/strong>, som vi tillhandah\u00e5ller eftersom det \u00e4r relevant f\u00f6r arbetet inom ljusvarelse- och iWell Guard-traditionen.<\/p><div><h3>Medial information och akademisk sekund\u00e4rlitteratur<\/h3><p>Den akademiska diskussionen om medial information \u00e4r bredare \u00e4n den vanliga polemiken l\u00e5ter ana. <span class=\"iwg-fachbegriff\" tabindex=\"0\" data-tooltip=\"Nederl\u00e4ndsk esoterikforskare (f. 1961); huvudverk New Age Religion and Western Culture (1996).\">Wouter Hanegraaff<\/span> har i <em>New Age Religion and Western Culture<\/em> (1996) och <em>Esotericism and the Academy<\/em> (2012) lagt fram den vetenskapliga inramningen av den mediala traditionen.<\/p><p><span class=\"iwg-fachbegriff\" tabindex=\"0\" data-tooltip=\"Norsk esoterikforskare (f. 1981); huvudverk The Problem of Disenchantment (2014).\">Egil Asprem<\/span> (<em>Arguing with Angels<\/em>, 2012) har unders\u00f6kt John Dees enokianska tradition med den moderna religionsforskningens metoder.<\/p><p>Jeffrey Kripal (<em>Mutants and Mystics<\/em>, 2011) f\u00f6rbinder medial erfarenhet med religionshistorien f\u00f6r den amerikanska popul\u00e4rkulturen.<\/p><p>Vi orienterar oss efter denna tradition: medial information \u00e4r en egen k\u00e4llkategori som vi markerar tydligt, som vi listar vid sidan av de historiska, vetenskapliga och naturvetenskapliga k\u00e4llorna och som vi inte upph\u00f6jer till en absolut sanningsk\u00e4lla.<\/p><p>Den som arbetar med medial information b\u00f6r k\u00e4nna till <span class=\"iwg-fachbegriff\" data-tooltip=\"Vetenskapen som utforskar religioner j\u00e4mf\u00f6rande och utan trosbundenhet.\" tabindex=\"0\">religionsvetenskapens<\/span> metodiska standarder och kunna kontextualisera sina egna upplevelser inom dem. En f\u00f6rdjupning av detta \u00e4mne erbjuds i f\u00f6rdjupningsavsnittet p\u00e5 <a href=\"https:\/\/iwell-guard.com\/sv\/kosmiskt-informationsfalt\/\">\/kosmisches-informationsfeld\/<\/a>.<\/p><\/div>\t\t\t\t\t\t\t\t<\/div>\n\t\t\t\t<\/div>\n\t\t\t\t\t<\/div>\n\t\t\t\t<\/div>\n\t\t<div class=\"elementor-element elementor-element-x404-s4 e-con-boxed e-flex e-con e-parent\" data-id=\"x404-s4\" data-element_type=\"container\" data-e-type=\"container\">\n\t\t\t\t\t<div class=\"e-con-inner\">\n\t\t\t\t<div class=\"elementor-element elementor-element-x404-h4 elementor-widget elementor-widget-heading\" data-id=\"x404-h4\" data-element_type=\"widget\" data-e-type=\"widget\" data-widget_type=\"heading.default\">\n\t\t\t\t\t<h2 class=\"elementor-heading-title elementor-size-default\">De tv\u00e5 disclaimer-formuleringarna (ordalydelse)<\/h2>\t\t\t\t<\/div>\n\t\t<div class=\"elementor-element elementor-element-aj11-inner-819113 e-con-full e-flex e-con e-parent\" data-id=\"aj11-inner-819113\" data-element_type=\"container\" data-e-type=\"container\">\n\t\t\t\t<div class=\"elementor-element elementor-element-x404-t4 elementor-widget elementor-widget-text-editor\" data-id=\"x404-t4\" data-element_type=\"widget\" data-e-type=\"widget\" data-widget_type=\"text-editor.default\">\n\t\t\t\t\t\t\t\t\t<h3>5.1 Ansvarsfriskrivning f\u00f6r pr\u00f6vning i det kosmiska informationsf\u00e4ltet<\/h3><p>> Denna uppgift kommer fr\u00e5n en mediumistisk pr\u00f6vning i det kosmiska informationsf\u00e4ltet. Den \u00e4r ingen vetenskaplig verifikation och inget empiriskt bel\u00e4gg. Vi dokumenterar den eftersom den \u00e4r relevant f\u00f6r arbetet inom ljusvarelsetraditionen. Bilda er egen uppfattning. > > Mer om metodiken: \/methodik\/<\/p><p>Denna text st\u00e5r direkt under provningsrutan p\u00e5 varje granskad detaljsida i exakt identisk form.<\/p><h3>5.2 Ansvarsfriskrivning f\u00f6r mediumistisk information<\/h3><p>> Dessa uppgifter kommer fr\u00e5n information som mottagits via mediumistiska kanaler fr\u00e5n den andliga v\u00e4rlden. De \u00e4r ingen vetenskaplig k\u00e4lla och inte objektivt verifierbara. Vi redovisar dem tydligt separerade fr\u00e5n de historiska och religionsvetenskapliga k\u00e4llorna, eftersom de utg\u00f6r en annan typ av kunskap. > > Mer om metodiken: \/methodik\/<\/p><p>Denna text st\u00e5r i slutet av varje mediumistiskt informationsavsnitt, likas\u00e5 i exakt identisk form.<\/p>\t\t\t\t\t\t\t\t<\/div>\n\t\t\t\t<\/div>\n\t\t\t\t\t<\/div>\n\t\t\t\t<\/div>\n\t\t<div class=\"elementor-element elementor-element-x404-s5 e-con-boxed e-flex e-con e-parent\" data-id=\"x404-s5\" data-element_type=\"container\" data-e-type=\"container\">\n\t\t\t\t\t<div class=\"e-con-inner\">\n\t\t\t\t<div class=\"elementor-element elementor-element-x404-h5 elementor-widget elementor-widget-heading\" data-id=\"x404-h5\" data-element_type=\"widget\" data-e-type=\"widget\" data-widget_type=\"heading.default\">\n\t\t\t\t\t<h2 class=\"elementor-heading-title elementor-size-default\">Varf\u00f6r vi g\u00f6r detta<\/h2>\t\t\t\t<\/div>\n\t\t<div class=\"elementor-element elementor-element-aj11-inner-e83c87 e-con-full e-flex e-con e-parent\" data-id=\"aj11-inner-e83c87\" data-element_type=\"container\" data-e-type=\"container\">\n\t\t\t\t<div class=\"elementor-element elementor-element-x404-t5 elementor-widget elementor-widget-text-editor\" data-id=\"x404-t5\" data-element_type=\"widget\" data-e-type=\"widget\" data-widget_type=\"text-editor.default\">\n\t\t\t\t\t\t\t\t\t<p>V\u00e5r webbplats v\u00e4nder sig till en m\u00e5lgrupp som anser att paranormala fenomen \u00e4r m\u00f6jliga. Ni \u00e4r inte beroende av oss f\u00f6r att l\u00e4ra er att mediumistiska uttalanden \u00e4r av ett annat slag \u00e4n Wikipedia-artiklar. Det vet ni redan.<\/p><p>Vad vi vill \u00e5stadkomma \u00e4r renlighet i framst\u00e4llningen: den som l\u00e4ser v\u00e5ra sidor ska alltid veta p\u00e5 vilken grund han eller hon st\u00e5r. Historiska k\u00e4llor \u00e4r historiska k\u00e4llor. Vetenskapliga tolkningar \u00e4r markerade som s\u00e5dana. Esoteriskt inifr\u00e5nperspektiv \u00e4r inifr\u00e5nperspektiv. Och mediumistiska pr\u00f6vningar och mediumistisk information \u00e4r just det.<\/p><p>Denna transparens \u00e4r v\u00e5rt skydd mot anklagelsen att vi skulle vilseleda kunder. Och den \u00e4r ert verktyg f\u00f6r att bevara ett klart huvud.<\/p>\t\t\t\t\t\t\t\t<\/div>\n\t\t\t\t<\/div>\n\t\t\t\t\t<\/div>\n\t\t\t\t<\/div>\n\t\t<div class=\"elementor-element elementor-element-bbMethGrund e-flex e-con-boxed e-con e-parent\" data-id=\"bbMethGrund\" data-element_type=\"container\" data-e-type=\"container\">\n\t\t\t\t\t<div class=\"e-con-inner\">\n\t\t\t\t<div class=\"elementor-element elementor-element-bbMGH elementor-widget elementor-widget-heading\" data-id=\"bbMGH\" data-element_type=\"widget\" data-e-type=\"widget\" data-widget_type=\"heading.default\">\n\t\t\t\t\t<h2 class=\"elementor-heading-title elementor-size-default\">Fyra grundantaganden i iWell-tekniken<\/h2>\t\t\t\t<\/div>\n\t\t<div class=\"elementor-element elementor-element-bbMGB e-con-full e-flex e-con e-parent\" data-id=\"bbMGB\" data-element_type=\"container\" data-e-type=\"container\">\n\t\t\t\t<div class=\"elementor-element elementor-element-bbMGT elementor-widget elementor-widget-html\" data-id=\"bbMGT\" data-element_type=\"widget\" data-e-type=\"widget\" data-widget_type=\"html.default\">\n\t\t\t\t\t<p>F\u00f6ruts\u00e4ttningen f\u00f6r att f\u00f6rst\u00e5 iWell-tekniken \u00e4r en tankem\u00e4ssig f\u00f6rest\u00e4llning om universum som g\u00e5r bortom det rent fysiska. Fyra grundantaganden b\u00e4r upp metodiken:<\/p><ol class=\"iwg-grundannahmen\" style=\"counter-reset:item;list-style:none;padding-left:0;margin:16px 0;\"><li style=\"display:flex;gap:18px;align-items:flex-start;padding:18px 22px;margin-bottom:14px;border:1px solid var(--e-global-color-f443515,#e6c45a);border-radius:8px;background:rgba(0,0,0,0.22);\"><span style=\"flex-shrink:0;width:42px;height:42px;border-radius:50%;background:var(--e-global-color-accent,#e6c45a);color:#1a1a1a;font-weight:700;font-size:20px;display:inline-flex;align-items:center;justify-content:center;\">1<\/span><div><strong style=\"color:var(--e-global-color-accent,#e6c45a);\">Det finns en styrning i universum.<\/strong><br><span style=\"font-size:14px;line-height:1.55;color:#e8e8e8;\">Allt underkastas en ordning. Utan den skulle kaos r\u00e5da. Denna ordnings existens \u00e4r den f\u00f6rsta f\u00f6ruts\u00e4ttningen f\u00f6r alla vidare \u00f6verv\u00e4ganden.<\/span><\/div><\/li><li style=\"display:flex;gap:18px;align-items:flex-start;padding:18px 22px;margin-bottom:14px;border:1px solid var(--e-global-color-f443515,#e6c45a);border-radius:8px;background:rgba(0,0,0,0.22);\"><span style=\"flex-shrink:0;width:42px;height:42px;border-radius:50%;background:var(--e-global-color-accent,#e6c45a);color:#1a1a1a;font-weight:700;font-size:20px;display:inline-flex;align-items:center;justify-content:center;\">2<\/span><div><strong style=\"color:var(--e-global-color-accent,#e6c45a);\">Styrningen arbetar efter prioriteringar.<\/strong><br><span style=\"font-size:14px;line-height:1.55;color:#e8e8e8;\">Processer sker efter sin vikt, inte parallellt och inte slumpm\u00e4ssigt. Den som efterstr\u00e4var verkan m\u00e5ste h\u00f6ja prioriteten f\u00f6r sitt \u00e4rende.<\/span><\/div><\/li><li style=\"display:flex;gap:18px;align-items:flex-start;padding:18px 22px;margin-bottom:14px;border:1px solid var(--e-global-color-f443515,#e6c45a);border-radius:8px;background:rgba(0,0,0,0.22);\"><span style=\"flex-shrink:0;width:42px;height:42px;border-radius:50%;background:var(--e-global-color-accent,#e6c45a);color:#1a1a1a;font-weight:700;font-size:20px;display:inline-flex;align-items:center;justify-content:center;\">3<\/span><div><strong style=\"color:var(--e-global-color-accent,#e6c45a);\">Styrningen kan inte uppfattas direkt med sinnesorganen.<\/strong><br><span style=\"font-size:14px;line-height:1.55;color:#e8e8e8;\">Den ligger inte inom det rent fysiska omr\u00e5det. Vi kallar det omr\u00e5de d\u00e4r den verkar medvetandeutrymmet eller det immateriella informationsf\u00e4ltet.<\/span><\/div><\/li><li style=\"display:flex;gap:18px;align-items:flex-start;padding:18px 22px;margin-bottom:0;border:1px solid var(--e-global-color-f443515,#e6c45a);border-radius:8px;background:rgba(0,0,0,0.22);\"><span style=\"flex-shrink:0;width:42px;height:42px;border-radius:50%;background:var(--e-global-color-accent,#e6c45a);color:#1a1a1a;font-weight:700;font-size:20px;display:inline-flex;align-items:center;justify-content:center;\">4<\/span><div><strong style=\"color:var(--e-global-color-accent,#e6c45a);\">Det finns v\u00e4gar att kommunicera med medvetandeutrymmet.<\/strong><br><span style=\"font-size:14px;line-height:1.55;color:#e8e8e8;\">Mentalt exempelvis genom meditation, tekniskt exempelvis genom apparater som <a href=\"https:\/\/iwell-guard.com\/sv\/kozyrev-spegel\/\" style=\"color:var(--e-global-color-accent,#e6c45a);\">Kozyrev-spegeln<\/a>. iWell-tekniken anv\u00e4nder den tekniska v\u00e4gen, kontinuerligt och utan avbrott.<\/span><\/div><\/li><\/ol><p>Ur dessa fyra antaganden utvecklade vi iWell-tekniken. Den \u00e4r den material- och informationsarkitektur som exklusivt \u00e4r inbyggd i iWell Guard.<\/p>\t\t\t\t<\/div>\n\t\t\t\t<\/div>\n\t\t\t\t\t<\/div>\n\t\t\t\t<\/div>\n\t\t<div class=\"elementor-element elementor-element-x404-s6 e-con-boxed e-flex e-con e-parent\" data-id=\"x404-s6\" data-element_type=\"container\" data-e-type=\"container\">\n\t\t\t\t\t<div class=\"e-con-inner\">\n\t\t\t\t<div class=\"elementor-element elementor-element-x404-h6 elementor-widget elementor-widget-heading\" data-id=\"x404-h6\" data-element_type=\"widget\" data-e-type=\"widget\" data-widget_type=\"heading.default\">\n\t\t\t\t\t<h2 class=\"elementor-heading-title elementor-size-default\">\u00c5terkoppling<\/h2>\t\t\t\t<\/div>\n\t\t<div class=\"elementor-element elementor-element-aj11-inner-2d0a81 e-con-full e-flex e-con e-parent\" data-id=\"aj11-inner-2d0a81\" data-element_type=\"container\" data-e-type=\"container\">\n\t\t\t\t<div class=\"elementor-element elementor-element-x404-t6 elementor-widget elementor-widget-text-editor\" data-id=\"x404-t6\" data-element_type=\"widget\" data-e-type=\"widget\" data-widget_type=\"text-editor.default\">\n\t\t\t\t\t\t\t\t\t<footer class=\"iwg-literatur\" data-nosnippet=\"true\"><p>Om ni har fr\u00e5gor om en konkret pr\u00f6vning eller mediumistisk information som dokumenterats p\u00e5 v\u00e5ra sidor, kan ni kontakta oss via kontaktformul\u00e4ret. Vi hanterar metodiska fr\u00e5gor lika transparent som vi sj\u00e4lva ordnar informationen.<\/p><\/footer>\t\t\t\t\t\t\t\t<\/div>\n\t\t\t\t<\/div>\n\t\t\t\t\t<\/div>\n\t\t\t\t<\/div>\n\t\t\t\t<\/div>\n\t\t","protected":false},"excerpt":{"rendered":"","protected":false},"author":3,"featured_media":2285,"parent":0,"menu_order":0,"comment_status":"closed","ping_status":"closed","template":"elementor_header_footer","meta":{"_yoast_wpseo_focuskw":"energetisk diagnostik","_yoast_wpseo_title":"Metodik f\u00f6r den mediala praktiken \u2013 k\u00e4llor och pr\u00f6vning","_yoast_wpseo_metadesc":"K\u00e4llor, medial information, pr\u00f6vningar i det kosmiska informationsf\u00e4ltet, erfarenhetsber\u00e4ttelser: s\u00e5 h\u00e4r researchar och m\u00e4rker vi p\u00e5 iWell Guard.","_yoast_wpseo_meta-robots-noindex":"","_yoast_wpseo_canonical":"","_angie_page":false,"gefaehrdungsstufe":"","wesen_kultur":"","wesen_klasse":"","footnotes":""},"categories":[],"class_list":["post-136583","page","type-page","status-publish","has-post-thumbnail","hentry"],"yoast_head":"<!-- This site is optimized with the Yoast SEO Premium plugin v27.7 (Yoast SEO v28.3) - https:\/\/yoast.com\/product\/yoast-seo-premium-wordpress\/ -->\n<title>Metodik f\u00f6r den mediala praktiken \u2013 k\u00e4llor och pr\u00f6vning<\/title>\n<meta name=\"description\" content=\"K\u00e4llor, medial information, pr\u00f6vningar i det kosmiska informationsf\u00e4ltet, erfarenhetsber\u00e4ttelser: s\u00e5 h\u00e4r researchar och m\u00e4rker vi p\u00e5 iWell Guard.\" \/>\n<meta name=\"robots\" content=\"index, follow, max-snippet:-1, max-image-preview:large, max-video-preview:-1\" \/>\n<link rel=\"canonical\" href=\"https:\/\/iwell-guard.com\/sv\/metodik\/\" \/>\n<meta property=\"og:locale\" content=\"sv_SE\" \/>\n<meta property=\"og:type\" content=\"article\" \/>\n<meta property=\"og:title\" content=\"Metodik\" \/>\n<meta property=\"og:description\" content=\"K\u00e4llor, medial information, pr\u00f6vningar i det kosmiska informationsf\u00e4ltet, erfarenhetsber\u00e4ttelser: s\u00e5 h\u00e4r researchar och m\u00e4rker vi p\u00e5 iWell Guard.\" \/>\n<meta property=\"og:url\" content=\"https:\/\/iwell-guard.com\/sv\/metodik\/\" \/>\n<meta property=\"og:site_name\" content=\"iWell Guard\" \/>\n<meta property=\"article:modified_time\" content=\"2026-09-03T01:06:33+00:00\" \/>\n<meta property=\"og:image\" content=\"https:\/\/iwell-guard.com\/wp-content\/uploads\/2026\/05\/themen_methodik.webp\" \/>\n\t<meta property=\"og:image:width\" content=\"1024\" \/>\n\t<meta property=\"og:image:height\" content=\"1536\" \/>\n\t<meta property=\"og:image:type\" content=\"image\/webp\" \/>\n<meta name=\"twitter:card\" content=\"summary_large_image\" \/>\n<script type=\"application\/ld+json\" class=\"yoast-schema-graph\">{\"@context\":\"https:\\\/\\\/schema.org\",\"@graph\":[{\"@type\":\"WebPage\",\"@id\":\"https:\\\/\\\/iwell-guard.com\\\/sv\\\/metodik\\\/\",\"url\":\"https:\\\/\\\/iwell-guard.com\\\/sv\\\/metodik\\\/\",\"name\":\"Metodik f\u00f6r den mediala praktiken \u2013 k\u00e4llor och pr\u00f6vning\",\"isPartOf\":{\"@id\":\"https:\\\/\\\/iwell-guard.com\\\/sv\\\/#website\"},\"primaryImageOfPage\":{\"@id\":\"https:\\\/\\\/iwell-guard.com\\\/sv\\\/metodik\\\/#primaryimage\"},\"image\":{\"@id\":\"https:\\\/\\\/iwell-guard.com\\\/sv\\\/metodik\\\/#primaryimage\"},\"thumbnailUrl\":\"https:\\\/\\\/iwell-guard.com\\\/wp-content\\\/uploads\\\/2026\\\/05\\\/themen_methodik.webp\",\"datePublished\":\"2026-09-03T00:08:16+00:00\",\"dateModified\":\"2026-09-03T01:06:33+00:00\",\"description\":\"K\u00e4llor, medial information, pr\u00f6vningar i det kosmiska informationsf\u00e4ltet, erfarenhetsber\u00e4ttelser: s\u00e5 h\u00e4r researchar och m\u00e4rker vi p\u00e5 iWell Guard.\",\"breadcrumb\":{\"@id\":\"https:\\\/\\\/iwell-guard.com\\\/sv\\\/metodik\\\/#breadcrumb\"},\"inLanguage\":\"sv-SE\",\"potentialAction\":[{\"@type\":\"ReadAction\",\"target\":[\"https:\\\/\\\/iwell-guard.com\\\/sv\\\/metodik\\\/\"]}]},{\"@type\":\"ImageObject\",\"inLanguage\":\"sv-SE\",\"@id\":\"https:\\\/\\\/iwell-guard.com\\\/sv\\\/metodik\\\/#primaryimage\",\"url\":\"https:\\\/\\\/iwell-guard.com\\\/wp-content\\\/uploads\\\/2026\\\/05\\\/themen_methodik.webp\",\"contentUrl\":\"https:\\\/\\\/iwell-guard.com\\\/wp-content\\\/uploads\\\/2026\\\/05\\\/themen_methodik.webp\",\"width\":1024,\"height\":1536,\"caption\":\"Skrivbordsstilleben med b\u00f6cker, f\u00f6rstoringsglas, skrivpenna och k\u00e4llkarta\"},{\"@type\":\"BreadcrumbList\",\"@id\":\"https:\\\/\\\/iwell-guard.com\\\/sv\\\/metodik\\\/#breadcrumb\",\"itemListElement\":[{\"@type\":\"ListItem\",\"position\":1,\"name\":\"Start\",\"item\":\"https:\\\/\\\/iwell-guard.com\\\/sv\\\/?page_id=136483\"},{\"@type\":\"ListItem\",\"position\":2,\"name\":\"Metodik\"}]},{\"@type\":\"WebSite\",\"@id\":\"https:\\\/\\\/iwell-guard.com\\\/sv\\\/#website\",\"url\":\"https:\\\/\\\/iwell-guard.com\\\/sv\\\/\",\"name\":\"iWell Guard\",\"description\":\"Schutz vor dunklen Einfl\u00fcssen\",\"publisher\":{\"@id\":\"https:\\\/\\\/iwell-guard.com\\\/sv\\\/#organization\"},\"potentialAction\":[{\"@type\":\"SearchAction\",\"target\":{\"@type\":\"EntryPoint\",\"urlTemplate\":\"https:\\\/\\\/iwell-guard.com\\\/sv\\\/?s={search_term_string}\"},\"query-input\":{\"@type\":\"PropertyValueSpecification\",\"valueRequired\":true,\"valueName\":\"search_term_string\"}}],\"inLanguage\":\"sv-SE\"},{\"@type\":\"Organization\",\"@id\":\"https:\\\/\\\/iwell-guard.com\\\/sv\\\/#organization\",\"name\":\"Ittermann electronic GmbH\",\"url\":\"https:\\\/\\\/iwell-guard.com\\\/sv\\\/\",\"logo\":{\"@type\":\"ImageObject\",\"inLanguage\":\"sv-SE\",\"@id\":\"https:\\\/\\\/iwell-guard.com\\\/sv\\\/#\\\/schema\\\/logo\\\/image\\\/\",\"url\":\"https:\\\/\\\/iwell-guard.com\\\/wp-content\\\/uploads\\\/2026\\\/05\\\/Ittermann-Logo-1182x237-1.png\",\"contentUrl\":\"https:\\\/\\\/iwell-guard.com\\\/wp-content\\\/uploads\\\/2026\\\/05\\\/Ittermann-Logo-1182x237-1.png\",\"width\":1182,\"height\":237,\"caption\":\"Ittermann electronic GmbH\"},\"image\":{\"@id\":\"https:\\\/\\\/iwell-guard.com\\\/sv\\\/#\\\/schema\\\/logo\\\/image\\\/\"},\"sameAs\":[\"https:\\\/\\\/pantip.com\\\/profile\\\/9367242\",\"https:\\\/\\\/micro.blog\\\/iwellguard\",\"https:\\\/\\\/www.diggerslist.com\\\/iwellguard\\\/about\",\"https:\\\/\\\/skitterphoto.com\\\/photographers\\\/2870314\\\/iwell-guard\",\"https:\\\/\\\/iwellguard.wordpress.com\\\/2026\\\/06\\\/06\\\/iwell-guard\\\/\",\"https:\\\/\\\/hub.docker.com\\\/u\\\/iwellguard\",\"https:\\\/\\\/www.pinterest.com\\\/iwellguard\\\/\",\"https:\\\/\\\/bit.ly\\\/m\\\/iwellguard\",\"https:\\\/\\\/entre-vos-mains.alsace.eu\\\/profiles\\\/iwellguard\\\/activity\",\"https:\\\/\\\/gravatar.com\\\/reallybeded8fd34\",\"https:\\\/\\\/naijamatta.com\\\/iwellguard\",\"https:\\\/\\\/www.goodreads.com\\\/iwellguard\",\"https:\\\/\\\/profile.hatena.ne.jp\\\/iwellguard\\\/\",\"https:\\\/\\\/experiment.com\\\/users\\\/iwellguard\",\"https:\\\/\\\/wakelet.com\\\/@iWellGuard82270\",\"https:\\\/\\\/www.chordie.com\\\/forum\\\/profile.php?id=2555664\",\"https:\\\/\\\/www.instapaper.com\\\/p\\\/17757966\",\"https:\\\/\\\/www.mapleprimes.com\\\/users\\\/iwellguard\",\"https:\\\/\\\/businesslistingplus.com\\\/profile\\\/iwell-guard\\\/\",\"https:\\\/\\\/telegra.ph\\\/iWell-Guard-06-06\",\"https:\\\/\\\/pbase.com\\\/iwellguard\\\/iwellguard\",\"https:\\\/\\\/b.hatena.ne.jp\\\/iwellguard\\\/20260607#bookmark-4788405196491818882\",\"https:\\\/\\\/fliphtml5.com\\\/home\\\/iwellguard\",\"https:\\\/\\\/anyflip.com\\\/homepage\\\/cmiwl#About\",\"https:\\\/\\\/transfur.com\\\/Users\\\/iwellguard\",\"http:\\\/\\\/delphi.larsbo.org\\\/user\\\/iwellguard\",\"https:\\\/\\\/jobs.lajobsportal.org\\\/profiles\\\/8380803-iwell-guard\",\"https:\\\/\\\/md.chaosdorf.de\\\/s\\\/jfbe5SBdJD\",\"https:\\\/\\\/www.lingvolive.com\\\/en-us\\\/profile\\\/9ecaeaca-ce11-4e51-9e71-01d55e2bff36\\\/translations\",\"https:\\\/\\\/www.fitday.com\\\/fitness\\\/forums\\\/members\\\/iwellguard.html\",\"https:\\\/\\\/www.mymeetbook.com\\\/iwellguard\",\"https:\\\/\\\/pxhere.com\\\/en\\\/photographer-me\\\/5040798\",\"https:\\\/\\\/disqus.com\\\/by\\\/iwellguard\\\/about\\\/\",\"https:\\\/\\\/pastelink.net\\\/hjwciqwq\",\"https:\\\/\\\/pubhtml5.com\\\/homepage\\\/scjhn\\\/\",\"https:\\\/\\\/www.bitchute.com\\\/channel\\\/2O2eOKzNqujT\",\"https:\\\/\\\/audiomack.com\\\/iwellguard\"]}]}<\/script>\n<!-- \/ Yoast SEO Premium plugin. -->","yoast_head_json":{"title":"Metodik f\u00f6r den mediala praktiken \u2013 k\u00e4llor och pr\u00f6vning","description":"K\u00e4llor, medial information, pr\u00f6vningar i det kosmiska informationsf\u00e4ltet, erfarenhetsber\u00e4ttelser: s\u00e5 h\u00e4r researchar och m\u00e4rker vi p\u00e5 iWell Guard.","robots":{"index":"index","follow":"follow","max-snippet":"max-snippet:-1","max-image-preview":"max-image-preview:large","max-video-preview":"max-video-preview:-1"},"canonical":"https:\/\/iwell-guard.com\/sv\/metodik\/","og_locale":"sv_SE","og_type":"article","og_title":"Metodik","og_description":"K\u00e4llor, medial information, pr\u00f6vningar i det kosmiska informationsf\u00e4ltet, erfarenhetsber\u00e4ttelser: s\u00e5 h\u00e4r researchar och m\u00e4rker vi p\u00e5 iWell Guard.","og_url":"https:\/\/iwell-guard.com\/sv\/metodik\/","og_site_name":"iWell Guard","article_modified_time":"2026-09-03T01:06:33+00:00","og_image":[{"width":1024,"height":1536,"url":"https:\/\/iwell-guard.com\/wp-content\/uploads\/2026\/05\/themen_methodik.webp","type":"image\/webp"}],"twitter_card":"summary_large_image","schema":{"@context":"https:\/\/schema.org","@graph":[{"@type":"WebPage","@id":"https:\/\/iwell-guard.com\/sv\/metodik\/","url":"https:\/\/iwell-guard.com\/sv\/metodik\/","name":"Metodik f\u00f6r den mediala praktiken \u2013 k\u00e4llor och pr\u00f6vning","isPartOf":{"@id":"https:\/\/iwell-guard.com\/sv\/#website"},"primaryImageOfPage":{"@id":"https:\/\/iwell-guard.com\/sv\/metodik\/#primaryimage"},"image":{"@id":"https:\/\/iwell-guard.com\/sv\/metodik\/#primaryimage"},"thumbnailUrl":"https:\/\/iwell-guard.com\/wp-content\/uploads\/2026\/05\/themen_methodik.webp","datePublished":"2026-09-03T00:08:16+00:00","dateModified":"2026-09-03T01:06:33+00:00","description":"K\u00e4llor, medial information, pr\u00f6vningar i det kosmiska informationsf\u00e4ltet, erfarenhetsber\u00e4ttelser: s\u00e5 h\u00e4r researchar och m\u00e4rker vi p\u00e5 iWell Guard.","breadcrumb":{"@id":"https:\/\/iwell-guard.com\/sv\/metodik\/#breadcrumb"},"inLanguage":"sv-SE","potentialAction":[{"@type":"ReadAction","target":["https:\/\/iwell-guard.com\/sv\/metodik\/"]}]},{"@type":"ImageObject","inLanguage":"sv-SE","@id":"https:\/\/iwell-guard.com\/sv\/metodik\/#primaryimage","url":"https:\/\/iwell-guard.com\/wp-content\/uploads\/2026\/05\/themen_methodik.webp","contentUrl":"https:\/\/iwell-guard.com\/wp-content\/uploads\/2026\/05\/themen_methodik.webp","width":1024,"height":1536,"caption":"Skrivbordsstilleben med b\u00f6cker, f\u00f6rstoringsglas, skrivpenna och k\u00e4llkarta"},{"@type":"BreadcrumbList","@id":"https:\/\/iwell-guard.com\/sv\/metodik\/#breadcrumb","itemListElement":[{"@type":"ListItem","position":1,"name":"Start","item":"https:\/\/iwell-guard.com\/sv\/?page_id=136483"},{"@type":"ListItem","position":2,"name":"Metodik"}]},{"@type":"WebSite","@id":"https:\/\/iwell-guard.com\/sv\/#website","url":"https:\/\/iwell-guard.com\/sv\/","name":"iWell Guard","description":"Schutz vor dunklen Einfl\u00fcssen","publisher":{"@id":"https:\/\/iwell-guard.com\/sv\/#organization"},"potentialAction":[{"@type":"SearchAction","target":{"@type":"EntryPoint","urlTemplate":"https:\/\/iwell-guard.com\/sv\/?s={search_term_string}"},"query-input":{"@type":"PropertyValueSpecification","valueRequired":true,"valueName":"search_term_string"}}],"inLanguage":"sv-SE"},{"@type":"Organization","@id":"https:\/\/iwell-guard.com\/sv\/#organization","name":"Ittermann electronic GmbH","url":"https:\/\/iwell-guard.com\/sv\/","logo":{"@type":"ImageObject","inLanguage":"sv-SE","@id":"https:\/\/iwell-guard.com\/sv\/#\/schema\/logo\/image\/","url":"https:\/\/iwell-guard.com\/wp-content\/uploads\/2026\/05\/Ittermann-Logo-1182x237-1.png","contentUrl":"https:\/\/iwell-guard.com\/wp-content\/uploads\/2026\/05\/Ittermann-Logo-1182x237-1.png","width":1182,"height":237,"caption":"Ittermann electronic GmbH"},"image":{"@id":"https:\/\/iwell-guard.com\/sv\/#\/schema\/logo\/image\/"},"sameAs":["https:\/\/pantip.com\/profile\/9367242","https:\/\/micro.blog\/iwellguard","https:\/\/www.diggerslist.com\/iwellguard\/about","https:\/\/skitterphoto.com\/photographers\/2870314\/iwell-guard","https:\/\/iwellguard.wordpress.com\/2026\/06\/06\/iwell-guard\/","https:\/\/hub.docker.com\/u\/iwellguard","https:\/\/www.pinterest.com\/iwellguard\/","https:\/\/bit.ly\/m\/iwellguard","https:\/\/entre-vos-mains.alsace.eu\/profiles\/iwellguard\/activity","https:\/\/gravatar.com\/reallybeded8fd34","https:\/\/naijamatta.com\/iwellguard","https:\/\/www.goodreads.com\/iwellguard","https:\/\/profile.hatena.ne.jp\/iwellguard\/","https:\/\/experiment.com\/users\/iwellguard","https:\/\/wakelet.com\/@iWellGuard82270","https:\/\/www.chordie.com\/forum\/profile.php?id=2555664","https:\/\/www.instapaper.com\/p\/17757966","https:\/\/www.mapleprimes.com\/users\/iwellguard","https:\/\/businesslistingplus.com\/profile\/iwell-guard\/","https:\/\/telegra.ph\/iWell-Guard-06-06","https:\/\/pbase.com\/iwellguard\/iwellguard","https:\/\/b.hatena.ne.jp\/iwellguard\/20260607#bookmark-4788405196491818882","https:\/\/fliphtml5.com\/home\/iwellguard","https:\/\/anyflip.com\/homepage\/cmiwl#About","https:\/\/transfur.com\/Users\/iwellguard","http:\/\/delphi.larsbo.org\/user\/iwellguard","https:\/\/jobs.lajobsportal.org\/profiles\/8380803-iwell-guard","https:\/\/md.chaosdorf.de\/s\/jfbe5SBdJD","https:\/\/www.lingvolive.com\/en-us\/profile\/9ecaeaca-ce11-4e51-9e71-01d55e2bff36\/translations","https:\/\/www.fitday.com\/fitness\/forums\/members\/iwellguard.html","https:\/\/www.mymeetbook.com\/iwellguard","https:\/\/pxhere.com\/en\/photographer-me\/5040798","https:\/\/disqus.com\/by\/iwellguard\/about\/","https:\/\/pastelink.net\/hjwciqwq","https:\/\/pubhtml5.com\/homepage\/scjhn\/","https:\/\/www.bitchute.com\/channel\/2O2eOKzNqujT","https:\/\/audiomack.com\/iwellguard"]}]}},"_links":{"self":[{"href":"https:\/\/iwell-guard.com\/sv\/wp-json\/wp\/v2\/pages\/136583","targetHints":{"allow":["GET"]}}],"collection":[{"href":"https:\/\/iwell-guard.com\/sv\/wp-json\/wp\/v2\/pages"}],"about":[{"href":"https:\/\/iwell-guard.com\/sv\/wp-json\/wp\/v2\/types\/page"}],"author":[{"embeddable":true,"href":"https:\/\/iwell-guard.com\/sv\/wp-json\/wp\/v2\/users\/3"}],"replies":[{"embeddable":true,"href":"https:\/\/iwell-guard.com\/sv\/wp-json\/wp\/v2\/comments?post=136583"}],"version-history":[{"count":0,"href":"https:\/\/iwell-guard.com\/sv\/wp-json\/wp\/v2\/pages\/136583\/revisions"}],"wp:featuredmedia":[{"embeddable":true,"href":"https:\/\/iwell-guard.com\/sv\/wp-json\/wp\/v2\/media\/2285"}],"wp:attachment":[{"href":"https:\/\/iwell-guard.com\/sv\/wp-json\/wp\/v2\/media?parent=136583"}],"wp:term":[{"taxonomy":"category","embeddable":true,"href":"https:\/\/iwell-guard.com\/sv\/wp-json\/wp\/v2\/categories?post=136583"}],"curies":[{"name":"wp","href":"https:\/\/api.w.org\/{rel}","templated":true}]}}