{"id":136574,"date":"2026-09-03T00:08:11","date_gmt":"2026-09-03T00:08:11","guid":{"rendered":"https:\/\/iwell-guard.com\/?page_id=136574"},"modified":"2026-09-03T01:06:20","modified_gmt":"2026-09-03T01:06:20","slug":"jeoseung-saja","status":"publish","type":"page","link":"https:\/\/iwell-guard.com\/sv\/jeoseung-saja\/","title":{"rendered":"Jeoseung Saja"},"content":{"rendered":"\t\t<div data-elementor-type=\"wp-page\" data-elementor-id=\"136574\" class=\"elementor elementor-136574 elementor-1334\" data-elementor-post-type=\"page\">\n\t\t\t\t<div class=\"elementor-element elementor-element-10fdade e-flex e-con-boxed e-con e-parent\" data-id=\"10fdade\" data-element_type=\"container\" data-e-type=\"container\" data-settings=\"{&quot;background_background&quot;:&quot;classic&quot;}\">\n\t\t\t\t\t<div class=\"e-con-inner\">\n\t\t<div class=\"elementor-element elementor-element-herohlft0 e-flex e-con-boxed e-con e-child\" data-id=\"herohlft0\" data-element_type=\"container\" data-e-type=\"container\">\n\t\t\t\t\t<div class=\"e-con-inner\">\n\t\t<div class=\"elementor-element elementor-element-c3ceb64 e-con-full e-flex e-con e-child\" data-id=\"c3ceb64\" data-element_type=\"container\" data-e-type=\"container\">\n\t\t\t\t<div class=\"elementor-element elementor-element-96ae5e1 elementor-widget elementor-widget-heading\" data-id=\"96ae5e1\" data-element_type=\"widget\" data-e-type=\"widget\" data-widget_type=\"heading.default\">\n\t\t\t\t\t<h1 class=\"elementor-heading-title elementor-size-default\">Jeoseung Saja, ande i den koreanska traditionen<\/h1>\t\t\t\t<\/div>\n\t\t\t\t<div class=\"elementor-element elementor-element-e45238a elementor-widget elementor-widget-text-editor\" data-id=\"e45238a\" data-element_type=\"widget\" data-e-type=\"widget\" data-widget_type=\"text-editor.default\">\n\t\t\t\t\t\t\t\t\t<p>Jeoseung Saja \u00e4r en <span class=\"iwg-fachbegriff\" data-tooltip=\"En kroppsl\u00f6s varelse som tillskrivs verkan i v\u00e4rlden.\" tabindex=\"0\">ande<\/span> i den koreanska traditionen.<\/p><p>D\u00f6dsbudb\u00e4rare i den koreanska traditionen, svart hatt, obeveklig sj\u00e4lav\u00e4gledning.<\/p>\t\t\t\t\t\t\t\t<\/div>\n\t\t\t\t<\/div>\n\t\t<div class=\"elementor-element elementor-element-klsbdg01 e-con-full e-flex e-con e-parent\" data-id=\"klsbdg01\" data-element_type=\"container\" data-e-type=\"container\">\n\t\t\t\t<div class=\"elementor-element elementor-element-klshtm01 elementor-widget elementor-widget-html\" data-id=\"klshtm01\" data-element_type=\"widget\" data-e-type=\"widget\" data-widget_type=\"html.default\">\n\t\t\t\t\t<div class=\"iwg-pill-row\"><span class=\"iwg-klasse-badge\" tabindex=\"0\" data-tooltip=\"Ande: Okroppslig eller halvkroppslig varelse, avlidna, naturv\u00e4sen, husandar eller tr\u00f6skelv\u00e4ktare. Verkar i vardagen, ofta bunden till platser eller familjer.\">Ande<\/span><a href=\"https:\/\/iwell-guard.com\/sv\/korea\/\" class=\"iwg-kultur-badge\" tabindex=\"0\" data-tooltip=\"Koreansk gud-, shaman- och folkandev\u00e4rld.\">Korea<\/a><a href=\"https:\/\/iwell-guard.com\/sv\/dodsbud\/\" class=\"iwg-tradition-badge\" tabindex=\"0\" data-tooltip=\"Andar som f\u00f6reb\u00e5dar d\u00f6den eller ledsagar d\u00f6ende, banshees, dubbelg\u00e5ngare, skuggor.\">D\u00f6dsbudb\u00e4rare<\/a><\/div>\t\t\t\t<\/div>\n\t\t\t\t<\/div>\n\t\t<div class=\"elementor-element elementor-element-3f74855 e-con-full e-flex e-con e-child\" data-id=\"3f74855\" data-element_type=\"container\" data-e-type=\"container\">\n\t\t\t\t<div class=\"elementor-element elementor-element-1c30362 elementor-toc--minimized-on-tablet elementor-widget elementor-widget-table-of-contents\" data-id=\"1c30362\" data-element_type=\"widget\" data-e-type=\"widget\" data-settings=\"{&quot;exclude_headings_by_selector&quot;:[],&quot;no_headings_message&quot;:&quot;Inga rubriker hittades p\\u00e5 den h\\u00e4r sidan.&quot;,&quot;headings_by_tags&quot;:[&quot;h2&quot;,&quot;h3&quot;],&quot;marker_view&quot;:&quot;bullets&quot;,&quot;icon&quot;:{&quot;value&quot;:&quot;fas fa-circle&quot;,&quot;library&quot;:&quot;fa-solid&quot;,&quot;rendered_tag&quot;:&quot;&lt;svg class=\\&quot;e-font-icon-svg e-fas-circle\\&quot; viewBox=\\&quot;0 0 512 512\\&quot; xmlns=\\&quot;http:\\\/\\\/www.w3.org\\\/2000\\\/svg\\&quot;&gt;&lt;path d=\\&quot;M256 8C119 8 8 119 8 256s111 248 248 248 248-111 248-248S393 8 256 8z\\&quot;&gt;&lt;\\\/path&gt;&lt;\\\/svg&gt;&quot;},&quot;minimize_box&quot;:&quot;yes&quot;,&quot;minimized_on&quot;:&quot;tablet&quot;,&quot;hierarchical_view&quot;:&quot;yes&quot;,&quot;min_height&quot;:{&quot;unit&quot;:&quot;px&quot;,&quot;size&quot;:&quot;&quot;,&quot;sizes&quot;:[]},&quot;min_height_tablet&quot;:{&quot;unit&quot;:&quot;px&quot;,&quot;size&quot;:&quot;&quot;,&quot;sizes&quot;:[]},&quot;min_height_mobile&quot;:{&quot;unit&quot;:&quot;px&quot;,&quot;size&quot;:&quot;&quot;,&quot;sizes&quot;:[]}}\" data-widget_type=\"table-of-contents.default\">\n\t\t\t\t\t\t\t\t\t<div class=\"elementor-toc__header\">\n\t\t\t\t\t\t<h2 class=\"elementor-toc__header-title\">\n\t\t\t\tInneh\u00e5llsf\u00f6rteckning\t\t\t<\/h2>\n\t\t\t\t\t\t\t\t\t\t<div class=\"elementor-toc__toggle-button elementor-toc__toggle-button--expand\" role=\"button\" tabindex=\"0\" aria-controls=\"elementor-toc__1c30362\" aria-expanded=\"true\" aria-label=\"\u00d6ppna inneh\u00e5llsf\u00f6rteckning\"><svg aria-hidden=\"true\" class=\"e-font-icon-svg e-fas-chevron-down\" viewBox=\"0 0 448 512\" xmlns=\"http:\/\/www.w3.org\/2000\/svg\"><path d=\"M207.029 381.476L12.686 187.132c-9.373-9.373-9.373-24.569 0-33.941l22.667-22.667c9.357-9.357 24.522-9.375 33.901-.04L224 284.505l154.745-154.021c9.379-9.335 24.544-9.317 33.901.04l22.667 22.667c9.373 9.373 9.373 24.569 0 33.941L240.971 381.476c-9.373 9.372-24.569 9.372-33.942 0z\"><\/path><\/svg><\/div>\n\t\t\t\t<div class=\"elementor-toc__toggle-button elementor-toc__toggle-button--collapse\" role=\"button\" tabindex=\"0\" aria-controls=\"elementor-toc__1c30362\" aria-expanded=\"true\" aria-label=\"St\u00e4ng inneh\u00e5llsf\u00f6rteckning\"><svg aria-hidden=\"true\" class=\"e-font-icon-svg e-fas-chevron-up\" viewBox=\"0 0 448 512\" xmlns=\"http:\/\/www.w3.org\/2000\/svg\"><path d=\"M240.971 130.524l194.343 194.343c9.373 9.373 9.373 24.569 0 33.941l-22.667 22.667c-9.357 9.357-24.522 9.375-33.901.04L224 227.495 69.255 381.516c-9.379 9.335-24.544 9.317-33.901-.04l-22.667-22.667c-9.373-9.373-9.373-24.569 0-33.941L207.03 130.525c9.372-9.373 24.568-9.373 33.941-.001z\"><\/path><\/svg><\/div>\n\t\t\t\t\t<\/div>\n\t\t\t\t<div id=\"elementor-toc__1c30362\" class=\"elementor-toc__body\">\n\t\t\t<div class=\"elementor-toc__spinner-container\">\n\t\t\t\t<svg class=\"elementor-toc__spinner eicon-animation-spin e-font-icon-svg e-eicon-loading\" aria-hidden=\"true\" viewBox=\"0 0 1000 1000\" xmlns=\"http:\/\/www.w3.org\/2000\/svg\"><path d=\"M500 975V858C696 858 858 696 858 500S696 142 500 142 142 304 142 500H25C25 237 238 25 500 25S975 237 975 500 763 975 500 975Z\"><\/path><\/svg>\t\t\t<\/div>\n\t\t<\/div>\n\t\t\t\t\t\t<\/div>\n\t\t\t\t<\/div>\n\t\t\t\t\t<\/div>\n\t\t\t\t<\/div>\n\t\t<div class=\"elementor-element elementor-element-herorght0 e-con-full e-flex e-con e-child\" data-id=\"herorght0\" data-element_type=\"container\" data-e-type=\"container\">\n\t\t\t\t<div class=\"elementor-element elementor-element-heroimg00 iwg-hero-image elementor-widget elementor-widget-image\" data-id=\"heroimg00\" data-element_type=\"widget\" data-e-type=\"widget\" data-widget_type=\"image.default\">\n\t\t\t\t\t\t\t\t\t\t\t\t\t\t\t<img fetchpriority=\"high\" decoding=\"async\" width=\"683\" height=\"1024\" src=\"https:\/\/iwell-guard.com\/wp-content\/uploads\/2026\/04\/geister_korea_jeoseung-saja-683x1024.webp\" class=\"attachment-large size-large wp-image-136282\" alt=\"Jeoseung Saja \u2013 andar fr\u00e5n den koreanska traditionen, historiskt-illustrativt\" srcset=\"https:\/\/iwell-guard.com\/wp-content\/uploads\/2026\/04\/geister_korea_jeoseung-saja-683x1024.webp 683w, https:\/\/iwell-guard.com\/wp-content\/uploads\/2026\/04\/geister_korea_jeoseung-saja-200x300.webp 200w, https:\/\/iwell-guard.com\/wp-content\/uploads\/2026\/04\/geister_korea_jeoseung-saja-768x1152.webp 768w, https:\/\/iwell-guard.com\/wp-content\/uploads\/2026\/04\/geister_korea_jeoseung-saja.webp 1024w\" sizes=\"(max-width: 683px) 100vw, 683px\" \/>\t\t\t\t\t\t\t\t\t\t\t\t\t\t\t<\/div>\n\t\t\t\t<\/div>\n\t\t\t\t\t<\/div>\n\t\t\t\t<\/div>\n\t\t<div class=\"elementor-element elementor-element-32917199 e-flex e-con-boxed e-con e-parent\" data-id=\"32917199\" data-element_type=\"container\" data-e-type=\"container\">\n\t\t\t\t\t<div class=\"e-con-inner\">\n\t\t<div class=\"elementor-element elementor-element-26e916cb e-flex e-con-boxed e-con e-child\" data-id=\"26e916cb\" data-element_type=\"container\" data-e-type=\"container\">\n\t\t\t\t\t<div class=\"e-con-inner\">\n\t\t<div class=\"elementor-element elementor-element-253a40d4 e-flex e-con-boxed e-con e-child\" data-id=\"253a40d4\" data-element_type=\"container\" data-e-type=\"container\">\n\t\t\t\t\t<div class=\"e-con-inner\">\n\t\t\t\t<div class=\"elementor-element elementor-element-1200c304 elementor-widget elementor-widget-heading\" data-id=\"1200c304\" data-element_type=\"widget\" data-e-type=\"widget\" data-widget_type=\"heading.default\">\n\t\t\t\t\t<div class=\"elementor-heading-title elementor-size-default\">Jeoseung Saja<\/div>\t\t\t\t<\/div>\n\t\t\t\t<div class=\"elementor-element elementor-element-11758e7f elementor-widget elementor-widget-text-editor\" data-id=\"11758e7f\" data-element_type=\"widget\" data-e-type=\"widget\" data-widget_type=\"text-editor.default\">\n\t\t\t\t\t\t\t\t\t<p>Jeoseung Saja (\uc800\uc2b9\uc0ac\uc790, \u201dbudb\u00e4rare fr\u00e5n livet efter detta\u201d) \u00e4r i den koreanska f\u00f6rest\u00e4llningsv\u00e4rlden d\u00f6dsbudb\u00e4raren som h\u00e4mtar de avlidnas sj\u00e4lar fr\u00e5n de levandes v\u00e4rld och f\u00f6r dem inf\u00f6r d\u00f6dsdomaren.<\/p><p>Han \u00e4r inte en <span class=\"iwg-fachbegriff\" data-tooltip=\"Andlig varelse som tillskrivs skadlig eller mots\u00e4gelsefull verkan.\" tabindex=\"0\">demon<\/span> i egentlig mening, utan en tj\u00e4nsteman i d\u00f6dsrikets f\u00f6rvaltning. \u00c4nd\u00e5 uppfattas han i folktron som en av de skr\u00e4ckinjagande gestalterna och h\u00f6r till den fasta repertoaren i gwishin-litteraturen.<\/p><p>Den klassiska framst\u00e4llningen: en h\u00f6gv\u00e4xt man i l\u00e5ng svart kl\u00e4dnad (<em>durumagi<\/em>), med bred svart hatt (<em>gat<\/em>), blekt ansikte, str\u00e4ng h\u00e5llning. I handen b\u00e4r han f\u00f6rteckningen \u00f6ver de d\u00f6da (<em>cheonsu-bok<\/em>) och har med sig d\u00f6dsbeviset.<\/p>\t\t\t\t\t\t\t\t<\/div>\n\t\t\t\t\t<\/div>\n\t\t\t\t<\/div>\n\t\t<div class=\"elementor-element elementor-element-159dcf9a e-flex e-con-boxed e-con e-child\" data-id=\"159dcf9a\" data-element_type=\"container\" data-e-type=\"container\">\n\t\t\t\t\t<div class=\"e-con-inner\">\n\t\t\t\t<div class=\"elementor-element elementor-element-48cee66f elementor-widget elementor-widget-heading\" data-id=\"48cee66f\" data-element_type=\"widget\" data-e-type=\"widget\" data-widget_type=\"heading.default\">\n\t\t\t\t\t<h3 class=\"elementor-heading-title elementor-size-default\">Snabb\u00f6versikt: Jeoseung Saja<\/h3>\t\t\t\t<\/div>\n\t\t\t\t<div class=\"elementor-element elementor-element-3f50d82c elementor-widget elementor-widget-text-editor\" data-id=\"3f50d82c\" data-element_type=\"widget\" data-e-type=\"widget\" data-widget_type=\"text-editor.default\">\n\t\t\t\t\t\t\t\t\t<p><strong>Typ:<\/strong> D\u00f6dsbudb\u00e4rare, tj\u00e4nsteman i d\u00f6dsriket<br>Ursprung: Shamanistisk f\u00f6rest\u00e4llning om livet efter detta, med buddhistisk-kinesiska influenser<br>Texter: Barideggi-<span class=\"iwg-fachbegriff\" data-tooltip=\"En \u00f6verl\u00e4mnad ber\u00e4ttelse om gudar, ursprung och v\u00e4rldens ordning.\" tabindex=\"0\">myt<\/span>, shamans\u00e5nger, yadam-samlingar fr\u00e5n Joseon-tiden<br>Funktion: H\u00e4mtar sj\u00e4lar, f\u00f6r dem till d\u00f6dsdomaren (<em>Yeomra<\/em>)<br>Attribut: Svart hatt, svart kl\u00e4dnad, d\u00f6dsbevis<\/p>\t\t\t\t\t\t\t\t<\/div>\n\t\t\t\t\t<\/div>\n\t\t\t\t<\/div>\n\t\t\t\t\t<\/div>\n\t\t\t\t<\/div>\n\t\t\t\t\t<\/div>\n\t\t\t\t<\/div>\n\t\t<div class=\"elementor-element elementor-element-18613602 e-flex e-con-boxed e-con e-parent\" data-id=\"18613602\" data-element_type=\"container\" data-e-type=\"container\">\n\t\t\t\t\t<div class=\"e-con-inner\">\n\t\t\t\t<div class=\"elementor-element elementor-element-262b8a9f elementor-widget elementor-widget-heading\" data-id=\"262b8a9f\" data-element_type=\"widget\" data-e-type=\"widget\" data-widget_type=\"heading.default\">\n\t\t\t\t\t<h2 class=\"elementor-heading-title elementor-size-default\">Kontext<\/h2>\t\t\t\t<\/div>\n\t\t<div class=\"elementor-element elementor-element-46dcb7d e-con-full e-flex e-con e-child\" data-id=\"46dcb7d\" data-element_type=\"container\" data-e-type=\"container\">\n\t\t<div class=\"elementor-element elementor-element-61d3ab3 e-flex e-con-boxed e-con e-child\" data-id=\"61d3ab3\" data-element_type=\"container\" data-e-type=\"container\">\n\t\t\t\t\t<div class=\"e-con-inner\">\n\t\t\t\t<div class=\"elementor-element elementor-element-117c166 elementor-widget elementor-widget-heading\" data-id=\"117c166\" data-element_type=\"widget\" data-e-type=\"widget\" data-widget_type=\"heading.default\">\n\t\t\t\t\t<div class=\"elementor-heading-title elementor-size-default\">Texternas tidsperiod<\/div>\t\t\t\t<\/div>\n\t\t\t\t<div class=\"elementor-element elementor-element-73997a0 elementor-widget elementor-widget-text-editor\" data-id=\"73997a0\" data-element_type=\"widget\" data-e-type=\"widget\" data-widget_type=\"text-editor.default\">\n\t\t\t\t\t\t\t\t\t<p>D\u00f6dsbudb\u00e4raren \u00e4r v\u00e4l belagd i koreanska shamanistiska rituals\u00e5nger (<em>muga<\/em>). En central text \u00e4r Barideggi-<span class=\"iwg-fachbegriff\" data-tooltip=\"En \u00f6verl\u00e4mnad ber\u00e4ttelse om gudar, ursprung och v\u00e4rldens ordning.\" tabindex=\"0\">myten<\/span>, ber\u00e4ttelsen om den bortst\u00f6tta prinsessan Bari som ger sig av till d\u00f6dsriket f\u00f6r att h\u00e4mta helande vatten \u00e5t sina f\u00f6r\u00e4ldrar. I detta sammanhang upptr\u00e4der d\u00f6dsbudb\u00e4rare som gestalter som verkar i gr\u00e4nslandet mellan v\u00e4rldarna.<\/p><p><span data-nosnippet>Gestalten f\u00f6renar influenser fr\u00e5n tre skikt: den ursprungliga shamanistiska f\u00f6rest\u00e4llningen om livet efter detta, den buddhistiska helveteskosmologin (med Yama som d\u00f6dsdomare, kor. Yeomra) och den kinesiska underjordsbyr\u00e5kratin. Gestalten blev nyligen popul\u00e4r genom filmen \u201dAlong with the Gods\u201d (2017\/2018).<\/span><\/p>\t\t\t\t\t\t\t\t<\/div>\n\t\t\t\t\t<\/div>\n\t\t\t\t<\/div>\n\t\t<div class=\"elementor-element elementor-element-d47b156 e-flex e-con-boxed e-con e-child\" data-id=\"d47b156\" data-element_type=\"container\" data-e-type=\"container\">\n\t\t\t\t\t<div class=\"e-con-inner\">\n\t\t\t\t<div class=\"elementor-element elementor-element-ff38c2b elementor-widget elementor-widget-heading\" data-id=\"ff38c2b\" data-element_type=\"widget\" data-e-type=\"widget\" data-widget_type=\"heading.default\">\n\t\t\t\t\t<div class=\"elementor-heading-title elementor-size-default\">Utbredningsomr\u00e5de<\/div>\t\t\t\t<\/div>\n\t\t\t\t<div class=\"elementor-element elementor-element-4e49fcc elementor-widget elementor-widget-text-editor\" data-id=\"4e49fcc\" data-element_type=\"widget\" data-e-type=\"widget\" data-widget_type=\"text-editor.default\">\n\t\t\t\t\t\t\t\t\t<p>Gestalten Jeoseung Saja \u00e4r k\u00e4nd i hela landet genom koreanska rituals\u00e5nger och folkber\u00e4ttelser. Regionala s\u00e4rdrag finns s\u00e4rskilt i den shamanistiska traditionen p\u00e5 \u00f6n Jeju, d\u00e4r d\u00f6dsbudb\u00e4raren upptr\u00e4der i s\u00e4rskilda ritualcykler.<\/p><p>Typiska m\u00f6tesplatser \u00e4r den d\u00f6ende vid d\u00f6dsb\u00e4dden, tr\u00f6skeln mellan boningsrum och ytterv\u00e4rld, samt n\u00e4rheten till kyrkog\u00e5rdar. I moderna ber\u00e4ttelser upptr\u00e4der han vid olycksplatser, sjukhusens d\u00f6dsrum och i dr\u00f6mmar strax f\u00f6re d\u00f6den.<\/p>\t\t\t\t\t\t\t\t<\/div>\n\t\t\t\t\t<\/div>\n\t\t\t\t<\/div>\n\t\t\t\t<\/div>\n\t\t<div class=\"elementor-element elementor-element-db03c39 e-con-full e-flex e-con e-child\" data-id=\"db03c39\" data-element_type=\"container\" data-e-type=\"container\">\n\t\t<div class=\"elementor-element elementor-element-229a87b e-flex e-con-boxed e-con e-child\" data-id=\"229a87b\" data-element_type=\"container\" data-e-type=\"container\">\n\t\t\t\t\t<div class=\"e-con-inner\">\n\t\t\t\t<div class=\"elementor-element elementor-element-1f471fc elementor-widget elementor-widget-heading\" data-id=\"1f471fc\" data-element_type=\"widget\" data-e-type=\"widget\" data-widget_type=\"heading.default\">\n\t\t\t\t\t<div class=\"elementor-heading-title elementor-size-default\">K\u00e4ll\u00e4ge<\/div>\t\t\t\t<\/div>\n\t\t\t\t<div class=\"elementor-element elementor-element-36b1201 elementor-widget elementor-widget-text-editor\" data-id=\"36b1201\" data-element_type=\"widget\" data-e-type=\"widget\" data-widget_type=\"text-editor.default\">\n\t\t\t\t\t\t\t\t\t<p>Huvudk\u00e4llor: shamans\u00e5nger (<em>muga<\/em>) fr\u00e5n olika regioner, s\u00e4rskilt Barideggi- och Chesuk-cykeln; yadam-samlingar fr\u00e5n Joseon-tiden; modern f\u00e4ltforskning.<\/p><p><span data-nosnippet>Centrala moderna arbeten: Walraven, Songs of the Shaman (1994); Kim Tae-gon (1981); Seo, Dae-seok \u201dHan&#8217;guk sinhwa-ui y\u014fn&#8217;gu\u201d (1988). F\u00f6r popul\u00e4rkultur: publikationer om filmen \u201dAlong with the Gods\u201d och dess mytologiska referenser.<\/span><\/p>\t\t\t\t\t\t\t\t<\/div>\n\t\t\t\t\t<\/div>\n\t\t\t\t<\/div>\n\t\t\t\t<\/div>\n\t\t\t\t\t<\/div>\n\t\t\t\t<\/div>\n\t\t<div class=\"elementor-element elementor-element-3ae0637c e-flex e-con-boxed e-con e-parent\" data-id=\"3ae0637c\" data-element_type=\"container\" data-e-type=\"container\">\n\t\t\t\t\t<div class=\"e-con-inner\">\n\t\t\t\t<div class=\"elementor-element elementor-element-31d07739 elementor-widget elementor-widget-heading\" data-id=\"31d07739\" data-element_type=\"widget\" data-e-type=\"widget\" data-widget_type=\"heading.default\">\n\t\t\t\t\t<h2 class=\"elementor-heading-title elementor-size-default\">Beteckning och stavningar<\/h2>\t\t\t\t<\/div>\n\t\t<div class=\"elementor-element elementor-element-b7642947 e-con-full e-flex e-con e-child\" data-id=\"b7642947\" data-element_type=\"container\" data-e-type=\"container\">\n\t\t\t\t<div class=\"elementor-element elementor-element-a086266 elementor-widget elementor-widget-text-editor\" data-id=\"a086266\" data-element_type=\"widget\" data-e-type=\"widget\" data-widget_type=\"text-editor.default\">\n\t\t\t\t\t\t\t\t\t<p>Ordagrant \u201dbudb\u00e4rare fr\u00e5n livet efter detta\u201d, av \uc800\uc2b9 (\u201dlivet efter detta\u201d) och \uc0ac\uc790 (\u201dbudb\u00e4rare, s\u00e4ndebud\u201d).<\/p><ul><li><strong>Jeoseung chasa<\/strong> (\uc800\uc2b9\ucc28\uc0ac), synonymt uttryck, vanligt i shamanistiskt sammanhang.<\/li><li>Cheosaeng saja, alternativt uttal.<\/li><li>Ilchik \/ Weoljik \/ Haejik chasa, de tre d\u00f6dsbudb\u00e4rarna i den shamanistiska traditionen (f\u00f6r dagar, m\u00e5nader, \u00e5r).<\/li><li>Yeomra \/ Yeomra-daewang, det koreanska namnet p\u00e5 d\u00f6dsdomaren Yama.<\/li><\/ul>\t\t\t\t\t\t\t\t<\/div>\n\t\t\t\t<\/div>\n\t\t\t\t\t<\/div>\n\t\t\t\t<\/div>\n\t\t<div class=\"elementor-element elementor-element-709a44a8 e-flex e-con-boxed e-con e-parent\" data-id=\"709a44a8\" data-element_type=\"container\" data-e-type=\"container\">\n\t\t\t\t\t<div class=\"e-con-inner\">\n\t\t\t\t<div class=\"elementor-element elementor-element-2f585873 elementor-widget elementor-widget-heading\" data-id=\"2f585873\" data-element_type=\"widget\" data-e-type=\"widget\" data-widget_type=\"heading.default\">\n\t\t\t\t\t<h2 class=\"elementor-heading-title elementor-size-default\">V\u00e4sensdrag<\/h2>\t\t\t\t<\/div>\n\t\t<div class=\"elementor-element elementor-element-70621c12 e-con-full e-flex e-con e-child\" data-id=\"70621c12\" data-element_type=\"container\" data-e-type=\"container\">\n\t\t\t\t<div class=\"elementor-element elementor-element-4296eb49 elementor-widget elementor-widget-text-editor\" data-id=\"4296eb49\" data-element_type=\"widget\" data-e-type=\"widget\" data-widget_type=\"text-editor.default\">\n\t\t\t\t\t\t\t\t\t<p><strong>Utseende.<\/strong> H\u00f6gv\u00e4xt man i l\u00e5ng svart kl\u00e4dnad och bred svart hatt, blekt ansikte, allvarlig blick. Ofta tre i rad, ibland som en trio av dags-, m\u00e5nads- och \u00e5rschasa. De \u00e4r obevekliga, inte ondsinta; de utf\u00f6r det som d\u00f6dsrikets ordning f\u00f6reskriver.<\/p><p>Beteende. Kommer vid den f\u00f6reskrivna d\u00f6dstidpunkten, ropar den avlidnes namn tre g\u00e5nger, visar d\u00f6dsbeviset och ledsagar sj\u00e4len bort. I folkber\u00e4ttelser kan de blidkas genom god g\u00e4stfrihet, ris, soppa och risvin vid d\u00f6dsb\u00e4dden kan medf\u00f6ra en frist.<\/p><p>Gr\u00e4nser. I ber\u00e4ttelser lyckas kloka eller r\u00e4ttskaffens m\u00e4nniskor ibland lura chasan, genom sk\u00e5lar, g\u00e5tor eller rituell g\u00e4stfrihet.<\/p>\t\t\t\t\t\t\t\t<\/div>\n\t\t\t\t<\/div>\n\t\t\t\t\t<\/div>\n\t\t\t\t<\/div>\n\t\t<div class=\"elementor-element elementor-element-44e71476 e-flex e-con-boxed e-con e-parent\" data-id=\"44e71476\" data-element_type=\"container\" data-e-type=\"container\">\n\t\t\t\t\t<div class=\"e-con-inner\">\n\t\t\t\t<div class=\"elementor-element elementor-element-3c1fc3f0 elementor-widget elementor-widget-heading\" data-id=\"3c1fc3f0\" data-element_type=\"widget\" data-e-type=\"widget\" data-widget_type=\"heading.default\">\n\t\t\t\t\t<div class=\"elementor-heading-title elementor-size-default\">Profil: Jeoseung Saja<\/div>\t\t\t\t<\/div>\n\t\t<div class=\"elementor-element elementor-element-84f33b8e e-con-full e-flex e-con e-child\" data-id=\"84f33b8e\" data-element_type=\"container\" data-e-type=\"container\">\n\t\t\t\t<div class=\"elementor-element elementor-element-hqkdc67p elementor-widget elementor-widget-text-editor\" data-id=\"hqkdc67p\" data-element_type=\"widget\" data-e-type=\"widget\" data-widget_type=\"text-editor.default\">\n\t\t\t\t\t\t\t\t\t<p>De viktigaste aspekterna av Jeoseung Saja i korthet.<\/p>\t\t\t\t\t\t\t\t<\/div>\n\t\t\t\t<\/div>\n\t\t<div class=\"elementor-element elementor-element-pemmx7c5 e-con-full e-flex e-con e-child\" data-id=\"pemmx7c5\" data-element_type=\"container\" data-e-type=\"container\">\n\t\t<div class=\"elementor-element elementor-element-pemmx7c1 e-con-full e-flex e-con e-child\" data-id=\"pemmx7c1\" data-element_type=\"container\" data-e-type=\"container\">\n\t\t<div class=\"elementor-element elementor-element-qh9oavvu iwg-steckbrief-card e-flex e-con-boxed e-con e-child\" data-id=\"qh9oavvu\" data-element_type=\"container\" data-e-type=\"container\">\n\t\t\t\t\t<div class=\"e-con-inner\">\n\t\t\t\t<div class=\"elementor-element elementor-element-awzx8k2k elementor-widget elementor-widget-heading\" data-id=\"awzx8k2k\" data-element_type=\"widget\" data-e-type=\"widget\" data-widget_type=\"heading.default\">\n\t\t\t\t\t<h3 class=\"elementor-heading-title elementor-size-default\">Kulturell kontext<\/h3>\t\t\t\t<\/div>\n\t\t\t\t<div class=\"elementor-element elementor-element-x6rowhv0 elementor-widget elementor-widget-text-editor\" data-id=\"x6rowhv0\" data-element_type=\"widget\" data-e-type=\"widget\" data-widget_type=\"text-editor.default\">\n\t\t\t\t\t\t\t\t\t<p>Shamanistisk f\u00f6rest\u00e4llning om livet efter detta med buddhistisk-kinesiska influenser; tj\u00e4nsteman i d\u00f6dsrikets f\u00f6rvaltning, ingen enskild m\u00e4nniska.<\/p>\t\t\t\t\t\t\t\t<\/div>\n\t\t\t\t\t<\/div>\n\t\t\t\t<\/div>\n\t\t<div class=\"elementor-element elementor-element-8e3o4kxs iwg-steckbrief-card e-flex e-con-boxed e-con e-child\" data-id=\"8e3o4kxs\" data-element_type=\"container\" data-e-type=\"container\">\n\t\t\t\t\t<div class=\"e-con-inner\">\n\t\t\t\t<div class=\"elementor-element elementor-element-08rkdgov elementor-widget elementor-widget-heading\" data-id=\"08rkdgov\" data-element_type=\"widget\" data-e-type=\"widget\" data-widget_type=\"heading.default\">\n\t\t\t\t\t<h3 class=\"elementor-heading-title elementor-size-default\">Verkningsobjekt<\/h3>\t\t\t\t<\/div>\n\t\t\t\t<div class=\"elementor-element elementor-element-uwjelx8s elementor-widget elementor-widget-text-editor\" data-id=\"uwjelx8s\" data-element_type=\"widget\" data-e-type=\"widget\" data-widget_type=\"text-editor.default\">\n\t\t\t\t\t\t\t\t\t<p>Alla m\u00e4nniskor vid tidpunkten f\u00f6r sin d\u00f6d; i ber\u00e4ttelser s\u00e4rskilt de \u00f6verl\u00e4gset r\u00e4ttskaffens vars tid \u00e4r kommen.<\/p>\t\t\t\t\t\t\t\t<\/div>\n\t\t\t\t\t<\/div>\n\t\t\t\t<\/div>\n\t\t<div class=\"elementor-element elementor-element-jm2n74ec iwg-steckbrief-card e-flex e-con-boxed e-con e-child\" data-id=\"jm2n74ec\" data-element_type=\"container\" data-e-type=\"container\">\n\t\t\t\t\t<div class=\"e-con-inner\">\n\t\t\t\t<div class=\"elementor-element elementor-element-8vufse4c elementor-widget elementor-widget-heading\" data-id=\"8vufse4c\" data-element_type=\"widget\" data-e-type=\"widget\" data-widget_type=\"heading.default\">\n\t\t\t\t\t<h3 class=\"elementor-heading-title elementor-size-default\">Jeoseung Sajas utseende<\/h3>\t\t\t\t<\/div>\n\t\t\t\t<div class=\"elementor-element elementor-element-mwb9u015 elementor-widget elementor-widget-text-editor\" data-id=\"mwb9u015\" data-element_type=\"widget\" data-e-type=\"widget\" data-widget_type=\"text-editor.default\">\n\t\t\t\t\t\t\t\t\t<p>H\u00f6gv\u00e4xt man i svart kl\u00e4dnad, med bred svart hatt, blekt ansikte, obeveklig blick; ofta tre tillsammans.<\/p>\t\t\t\t\t\t\t\t<\/div>\n\t\t\t\t\t<\/div>\n\t\t\t\t<\/div>\n\t\t\t\t<\/div>\n\t\t<div class=\"elementor-element elementor-element-pemmx7c2 e-con-full e-flex e-con e-child\" data-id=\"pemmx7c2\" data-element_type=\"container\" data-e-type=\"container\">\n\t\t<div class=\"elementor-element elementor-element-37ss2yr6 iwg-steckbrief-card e-flex e-con-boxed e-con e-child\" data-id=\"37ss2yr6\" data-element_type=\"container\" data-e-type=\"container\">\n\t\t\t\t\t<div class=\"e-con-inner\">\n\t\t\t\t<div class=\"elementor-element elementor-element-3v0wp3wx elementor-widget elementor-widget-heading\" data-id=\"3v0wp3wx\" data-element_type=\"widget\" data-e-type=\"widget\" data-widget_type=\"heading.default\">\n\t\t\t\t\t<h3 class=\"elementor-heading-title elementor-size-default\">Verkningsomr\u00e5de<\/h3>\t\t\t\t<\/div>\n\t\t\t\t<div class=\"elementor-element elementor-element-w3247g2m elementor-widget elementor-widget-text-editor\" data-id=\"w3247g2m\" data-element_type=\"widget\" data-e-type=\"widget\" data-widget_type=\"text-editor.default\">\n\t\t\t\t\t\t\t\t\t<p>Sj\u00e4lens avsked fr\u00e5n kroppen; skr\u00e4ck hos de efterlevande; f\u00f6rf\u00f6ljelse vid sj\u00e4lsf\u00f6rv\u00e4xling eller misstag.<\/p>\t\t\t\t\t\t\t\t<\/div>\n\t\t\t\t\t<\/div>\n\t\t\t\t<\/div>\n\t\t<div class=\"elementor-element elementor-element-0qpjal9w iwg-steckbrief-card e-flex e-con-boxed e-con e-child\" data-id=\"0qpjal9w\" data-element_type=\"container\" data-e-type=\"container\">\n\t\t\t\t\t<div class=\"e-con-inner\">\n\t\t\t\t<div class=\"elementor-element elementor-element-6ndoih0o elementor-widget elementor-widget-heading\" data-id=\"6ndoih0o\" data-element_type=\"widget\" data-e-type=\"widget\" data-widget_type=\"heading.default\">\n\t\t\t\t\t<h3 class=\"elementor-heading-title elementor-size-default\">Avv\u00e4rjningsformer<\/h3>\t\t\t\t<\/div>\n\t\t\t\t<div class=\"elementor-element elementor-element-6684tyh9 elementor-widget elementor-widget-text-editor\" data-id=\"6684tyh9\" data-element_type=\"widget\" data-e-type=\"widget\" data-widget_type=\"text-editor.default\">\n\t\t\t\t\t\t\t\t\t<p>Ritualer f\u00f6r bespisning (<em>sajabap<\/em>) med ris, skor och mynt vid d\u00f6dsb\u00e4dden; buddhistiska sutror; i folkber\u00e4ttelser knepet genom g\u00e4stfrihet.<\/p>\t\t\t\t\t\t\t\t<\/div>\n\t\t\t\t\t<\/div>\n\t\t\t\t<\/div>\n\t\t<div class=\"elementor-element elementor-element-3lfi7x32 iwg-steckbrief-card e-flex e-con-boxed e-con e-child\" data-id=\"3lfi7x32\" data-element_type=\"container\" data-e-type=\"container\">\n\t\t\t\t\t<div class=\"e-con-inner\">\n\t\t\t\t<div class=\"elementor-element elementor-element-0kg99ga1 elementor-widget elementor-widget-heading\" data-id=\"0kg99ga1\" data-element_type=\"widget\" data-e-type=\"widget\" data-widget_type=\"heading.default\">\n\t\t\t\t\t<h3 class=\"elementor-heading-title elementor-size-default\">Motsvarigheter<\/h3>\t\t\t\t<\/div>\n\t\t\t\t<div class=\"elementor-element elementor-element-n0fum6kp elementor-widget elementor-widget-text-editor\" data-id=\"n0fum6kp\" data-element_type=\"widget\" data-e-type=\"widget\" data-widget_type=\"text-editor.default\">\n\t\t\t\t\t\t\t\t\t<p>Buddhistiska <strong>Yamad\u016bta<\/strong>; kinesiska <em>Heibai Wuchang<\/em> (\u201dSvart-vit f\u00f6rg\u00e4nglighet\u201d); europeisk Liemannen.<\/p>\t\t\t\t\t\t\t\t<\/div>\n\t\t\t\t\t<\/div>\n\t\t\t\t<\/div>\n\t\t\t\t<\/div>\n\t\t\t\t<\/div>\n\t\t\t\t\t<\/div>\n\t\t\t\t<\/div>\n\t\t<div class=\"elementor-element elementor-element-7533bc7a e-flex e-con-boxed e-con e-parent\" data-id=\"7533bc7a\" data-element_type=\"container\" data-e-type=\"container\">\n\t\t\t\t\t<div class=\"e-con-inner\">\n\t\t\t\t<div class=\"elementor-element elementor-element-2447d18d elementor-widget elementor-widget-heading\" data-id=\"2447d18d\" data-element_type=\"widget\" data-e-type=\"widget\" data-widget_type=\"heading.default\">\n\t\t\t\t\t<h2 class=\"elementor-heading-title elementor-size-default\">Praktiskt skydd<\/h2>\t\t\t\t<\/div>\n\t\t<div class=\"elementor-element elementor-element-d5d0260c e-con-full e-flex e-con e-child\" data-id=\"d5d0260c\" data-element_type=\"container\" data-e-type=\"container\">\n\t\t\t\t<div class=\"elementor-element elementor-element-341be2ac elementor-widget elementor-widget-text-editor\" data-id=\"341be2ac\" data-element_type=\"widget\" data-e-type=\"widget\" data-widget_type=\"text-editor.default\">\n\t\t\t\t\t\t\t\t\t<p><strong>Sajabap.<\/strong> Vid d\u00f6dsb\u00e4dden st\u00e4lls en <span class=\"iwg-fachbegriff\" data-tooltip=\"Det konkreta f\u00f6rem\u00e5l eller den mat som offras till en gudom.\" tabindex=\"0\">offerg\u00e5va<\/span> fram \u00e5t d\u00f6dsbudb\u00e4rarna: tre sk\u00e5lar ris, tre par skor, mynt. Detta ska blidka Chasa och l\u00e5ta sj\u00e4len ledsagas milt.<\/p><p>Buddhistiska d\u00f6dsritualer. Den 49 dagar l\u00e5nga Sasiban-<span class=\"iwg-fachbegriff\" data-tooltip=\"En reglerad f\u00f6ljd av symboliska handlingar med religi\u00f6s eller kulturell betydelse.\" tabindex=\"0\">ritualen<\/span> f\u00f6ljer sj\u00e4len p\u00e5 v\u00e4gen inf\u00f6r d\u00f6dsdomaren; recitation av sutror ska p\u00e5verka domen till det b\u00e4ttre.<\/p><p>Schamanistisk gut. <em>Ssitgim-gut<\/em> i Jeolla och Jindo ser till att sj\u00e4len inte blir kvar som Gwishin, utan g\u00e5r den f\u00f6reskrivna v\u00e4gen.<\/p><p>Ber\u00e4ttelser om andebudb\u00e4rare. Folksagor ber\u00e4ttar om kloka m\u00e4nniskor som med g\u00e4stfrihet och g\u00e5tor lurar Chasa, oftast med en kort respit, inte med en slutgiltig v\u00e4ndning.<\/p>\t\t\t\t\t\t\t\t<\/div>\n\t\t\t\t<\/div>\n\t\t\t\t\t<\/div>\n\t\t\t\t<\/div>\n\t\t<div class=\"elementor-element elementor-element-5a584676 e-flex e-con-boxed e-con e-parent\" data-id=\"5a584676\" data-element_type=\"container\" data-e-type=\"container\">\n\t\t\t\t\t<div class=\"e-con-inner\">\n\t\t\t\t<div class=\"elementor-element elementor-element-6d0757bf elementor-widget elementor-widget-heading\" data-id=\"6d0757bf\" data-element_type=\"widget\" data-e-type=\"widget\" data-widget_type=\"heading.default\">\n\t\t\t\t\t<h2 class=\"elementor-heading-title elementor-size-default\">Jeoseung Saja, paralleller i andra kulturer<\/h2>\t\t\t\t<\/div>\n\t\t<div class=\"elementor-element elementor-element-60563f68 e-con-full e-flex e-con e-child\" data-id=\"60563f68\" data-element_type=\"container\" data-e-type=\"container\">\n\t\t\t\t<div class=\"elementor-element elementor-element-5a93fdd6 elementor-widget elementor-widget-text-editor\" data-id=\"5a93fdd6\" data-element_type=\"widget\" data-e-type=\"widget\" data-widget_type=\"text-editor.default\">\n\t\t\t\t\t\t\t\t\t<p><strong>Buddhism.<\/strong> Yamad\u016bta, budb\u00e4rare \u00e5t d\u00f6dsdomaren Yama, \u00e4r den n\u00e4rmaste parallellen; den koreanska Jeoseung Saja \u00f6vertar delvis deras funktion och ikonografiska utformning.<\/p><p>Kina. <em>Heibai Wuchang<\/em> (\u201dSvartvit f\u00f6rg\u00e4nglighet\u201d) \u00e4r ett fast par av d\u00f6dsbudb\u00e4rare i den kinesiska underjordens byr\u00e5krati; de pr\u00e4glar den koreanska gestalten direkt.<\/p><p>Japan. Motsvarigheten \u00e4r helvetesvaktarna under Enma-\u014d; den japanska traditionen betonar mer straffet i helvetet \u00e4n transporten.<\/p><p>Europa. Liemannen och liknande gestalter delar grundmetaforen om budb\u00e4raren som kommer vid den fastst\u00e4llda tiden.<\/p>\t\t\t\t\t\t\t\t<\/div>\n\t\t\t\t<\/div>\n\t\t\t\t\t<\/div>\n\t\t\t\t<\/div>\n\t\t<div class=\"elementor-element elementor-element-cpba6d618 e-flex e-con-boxed e-con e-parent\" data-id=\"cpba6d618\" data-element_type=\"container\" data-e-type=\"container\">\n\t\t\t\t\t<div class=\"e-con-inner\">\n\t\t\t\t<div class=\"elementor-element elementor-element-cpa416b5a elementor-widget elementor-widget-heading\" data-id=\"cpa416b5a\" data-element_type=\"widget\" data-e-type=\"widget\" data-widget_type=\"heading.default\">\n\t\t\t\t\t<h2 class=\"elementor-heading-title elementor-size-default\">Jeoseung-Saja i den koreanska f\u00f6rest\u00e4llningen om livet efter d\u00f6den<\/h2>\t\t\t\t<\/div>\n\t\t<div class=\"elementor-element elementor-element-cp7003026 e-con-full e-flex e-con e-child\" data-id=\"cp7003026\" data-element_type=\"container\" data-e-type=\"container\">\n\t\t\t\t<div class=\"elementor-element elementor-element-cp494894b elementor-widget elementor-widget-text-editor\" data-id=\"cp494894b\" data-element_type=\"widget\" data-e-type=\"widget\" data-widget_type=\"text-editor.default\">\n\t\t\t\t\t\t\t\t\t<p><em>Jeoseung-Saja<\/em>, ordagrant \u201dbudb\u00e4raren fr\u00e5n livet efter detta\u201d, kan bara f\u00f6rst\u00e5s i sammanhanget av den traditionella koreanska f\u00f6rest\u00e4llningen om efterlivet, som best\u00e5r av flera lager.<\/p><p>Grundl\u00e4ggande \u00e4r f\u00f6rest\u00e4llningen om sj\u00e4lens resa fr\u00e5n denna v\u00e4rld (<em>iseung<\/em>) till n\u00e4sta (<em>jeoseung<\/em>). Denna resa \u00e4r ingen omedelbar \u00f6verg\u00e5ng, utan en v\u00e4g d\u00e4r de avlidna ledsagas, pr\u00f6vas och slutligen f\u00f6rs inf\u00f6r en domstol.<\/p><p>I denna bild flyter schamanistiska, buddhistiska och konfucianska element samman. Fr\u00e5n buddhismen kommer f\u00f6rest\u00e4llningen om underjordens tio kungar, inf\u00f6r vilka sj\u00e4len m\u00e5ste framtr\u00e4da i en rad r\u00e4tteg\u00e5ngar; i spetsen f\u00f6r dem st\u00e5r en gestalt som motsvarar den kinesiska Yama, i Korea ofta kallad <em>Yeomra<\/em>.<\/p><p>Jeoseung-Saja \u00e4r tj\u00e4nstemannen som h\u00e4mtar sj\u00e4len fr\u00e5n den avlidnes hus och f\u00f6r den till denna domstolsapparat. Hans funktion \u00e4r den av ett verkst\u00e4llande organ, j\u00e4mf\u00f6rbar med en st\u00e4mningsman eller utm\u00e4tningsman i den jordiska f\u00f6rvaltningen.<\/p><p>Denna analogi till \u00e4mbetsv\u00e4rlden \u00e4r ingen tillf\u00e4llighet. Det koreanska efterlivet \u00e4r i folkf\u00f6rest\u00e4llningen till stor del konstruerat efter f\u00f6rebild av den jordiska byr\u00e5kratin, med register, kallelser, tidsfrister och instanser. Jeoseung-Saja framtr\u00e4der d\u00e4rf\u00f6r inte som ett vilt monster, utan som en funktion\u00e4r: strikt, omutlig, bunden av f\u00f6reskrifter.<\/p><p>Hans upptr\u00e4dande markerar \u00f6gonblicket d\u00e5 en m\u00e4nniska f\u00f6rs \u00f6ver fr\u00e5n den h\u00e4r v\u00e4rldens ansvarsomr\u00e5de till efterlivets. Besl\u00e4ktade f\u00f6rest\u00e4llningar finns hos den kinesiska <a href=\"https:\/\/iwell-guard.com\/sv\/hei-bai-wuchang-dodsbud\/\">Heibai Wuchang<\/a> och den japanska d\u00f6dsdomstolen.<\/p>\t\t\t\t\t\t\t\t<\/div>\n\t\t\t\t<\/div>\n\t\t\t\t\t<\/div>\n\t\t\t\t<\/div>\n\t\t<div class=\"elementor-element elementor-element-cpa63d489 e-flex e-con-boxed e-con e-parent\" data-id=\"cpa63d489\" data-element_type=\"container\" data-e-type=\"container\">\n\t\t\t\t\t<div class=\"e-con-inner\">\n\t\t\t\t<div class=\"elementor-element elementor-element-cp7ae28d1 elementor-widget elementor-widget-heading\" data-id=\"cp7ae28d1\" data-element_type=\"widget\" data-e-type=\"widget\" data-widget_type=\"heading.default\">\n\t\t\t\t\t<h2 class=\"elementor-heading-title elementor-size-default\">Ikonografi: budb\u00e4rarens svarta hatt och dr\u00e4kt<\/h2>\t\t\t\t<\/div>\n\t\t<div class=\"elementor-element elementor-element-cp182bb7a e-con-full e-flex e-con e-child\" data-id=\"cp182bb7a\" data-element_type=\"container\" data-e-type=\"container\">\n\t\t\t\t<div class=\"elementor-element elementor-element-cp452ec34 elementor-widget elementor-widget-text-editor\" data-id=\"cp452ec34\" data-element_type=\"widget\" data-e-type=\"widget\" data-widget_type=\"text-editor.default\">\n\t\t\t\t\t\t\t\t\t<p>Jeoseung-Sajas utseende \u00e4r i den koreanska f\u00f6rest\u00e4llningen f\u00f6rv\u00e5nansv\u00e4rt fast pr\u00e4glat, framf\u00f6r allt genom den moderna mediala traditionen, men med r\u00f6tter i den \u00e4ldre folkkulturen.<\/p><p>Han framst\u00e4lls typiskt som en h\u00f6gv\u00e4xt man i m\u00f6rk traditionell dr\u00e4kt, med ett i\u00f6gonfallande blekt ansikte och en bredbr\u00e4ttad svart hatt, <em>gat<\/em>, som under Joseon-tiden var en del av den bildade mannens och tj\u00e4nstemannens dr\u00e4kt.<\/p><p>Denna kl\u00e4dsel b\u00e4r betydelse. Genom att Jeoseung-Saja \u00e4r kl\u00e4dd som en tj\u00e4nsteman fr\u00e5n Joseon-tiden understryks visuellt hans roll som \u00e4mbetsperson. Han \u00e4r ingen <span class=\"iwg-fachbegriff\" data-tooltip=\"En kroppsl\u00f6s varelse som tillskrivs verkan i v\u00e4rlden.\" tabindex=\"0\">ande<\/span> utanf\u00f6r ordningen, utan en del av en ordnad administrativ apparat i efterlivet.<\/p><p>Den m\u00f6rka f\u00e4rgen p\u00e5 hatt och dr\u00e4kt f\u00f6rbinder honom samtidigt med d\u00f6dens och sorgens sf\u00e4r. Ansiktets blekhet signalerar att han sj\u00e4lv inte l\u00e4ngre h\u00f6r till de levandes v\u00e4rld.<\/p><p>I den \u00e4ldre folkkonsten och p\u00e5 schamanistiska bildtavlor (<em>musindo<\/em>), som anv\u00e4ndes vid ritualer, f\u00f6rekommer d\u00f6dsbudb\u00e4rare \u00e4ven i andra utf\u00f6randen, till exempel flera tillsammans eller med attribut som skriftrulle och skrivdon, med vilka de antecknar namnen p\u00e5 dem som ska h\u00e4mtas.<\/p><p>Den idag dominerande, mycket enhetliga gestalten med svart gat g\u00e5r till stor del tillbaka p\u00e5 film och television fr\u00e5n 1900- och 2000-talet, som har populariserat och standardiserat bilden.<\/p><p>Forskningen skiljer d\u00e4rf\u00f6r mellan den m\u00e5ngskiftande \u00e4ldre <span class=\"iwg-fachbegriff\" data-tooltip=\"\u00d6verf\u00f6ringen av kunskap och ber\u00e4ttelser mellan generationer.\" tabindex=\"0\">traditionen<\/span> och den enhetliga moderna mediebilden. B\u00e5da h\u00f6r till gestaltens verkningshistoria, men f\u00e5r inte likst\u00e4llas.<\/p>\t\t\t\t\t\t\t\t<\/div>\n\t\t\t\t<\/div>\n\t\t\t\t\t<\/div>\n\t\t\t\t<\/div>\n\t\t<div class=\"elementor-element elementor-element-cp5c06673 e-flex e-con-boxed e-con e-parent\" data-id=\"cp5c06673\" data-element_type=\"container\" data-e-type=\"container\">\n\t\t\t\t\t<div class=\"e-con-inner\">\n\t\t\t\t<div class=\"elementor-element elementor-element-cp9afe216 elementor-widget elementor-widget-heading\" data-id=\"cp9afe216\" data-element_type=\"widget\" data-e-type=\"widget\" data-widget_type=\"heading.default\">\n\t\t\t\t\t<h2 class=\"elementor-heading-title elementor-size-default\">Budb\u00e4raren i myt och folkber\u00e4ttelse<\/h2>\t\t\t\t<\/div>\n\t\t<div class=\"elementor-element elementor-element-cp1679495 e-con-full e-flex e-con e-child\" data-id=\"cp1679495\" data-element_type=\"container\" data-e-type=\"container\">\n\t\t\t\t<div class=\"elementor-element elementor-element-cpe90f531 elementor-widget elementor-widget-text-editor\" data-id=\"cpe90f531\" data-element_type=\"widget\" data-e-type=\"widget\" data-widget_type=\"text-editor.default\">\n\t\t\t\t\t\t\t\t\t<p>Jeoseung-saja \u00e4r inte bara en teologisk funktionsfigur, utan \u00e4ven en popul\u00e4r huvudperson i koreanska folkber\u00e4ttelser, d\u00e4r han ofta f\u00f6rses med ett \u00f6verraskande drag: han \u00e4r mottaglig f\u00f6r mutor, felben\u00e4gen eller medk\u00e4nnande.<\/p><p>En vanligt f\u00f6rekommande ber\u00e4ttelsetyp handlar om att budb\u00e4raren h\u00e4mtar fel person, eftersom tv\u00e5 personer b\u00e4r samma namn eller eftersom skriftrullen visar ett fel. Den felaktigt h\u00e4mtade skickas sedan tillbaka till livet efter att missf\u00f6rst\u00e5ndet klarats upp.<\/p><p>En annan vanlig ber\u00e4ttelsetyp handlar om att en familj bjuder Jeoseung-saja p\u00e5 mat. Om budb\u00e4rarna tas emot med mat, ris och pengar n\u00e4r de h\u00e4mtar en d\u00f6ende, k\u00e4nner de sig f\u00f6rpliktade och f\u00f6rs\u00f6ker skaffa den ber\u00f6rda personen uppskov, till exempel genom att tala v\u00e4l om denne inf\u00f6r underjordens domstol eller genom att manipulera en post i livsregistret.<\/p><p>Dessa ber\u00e4ttelser f\u00f6rklarar, enligt folkreligionens logik, varf\u00f6r man vid ett d\u00f6dsfall st\u00e4llde fram offerg\u00e5vor till d\u00f6dsbudb\u00e4rarna: ett litet bord med ris, skor f\u00f6r resan och lite pengar, det s\u00e5 kallade <em>saja-bap<\/em>, &#8221;m\u00e5ltiden f\u00f6r budb\u00e4rarna&#8221;.<\/p><p>I dessa ber\u00e4ttelser framtr\u00e4der ett viktigt drag hos den koreanska f\u00f6rest\u00e4llningen om livet efter d\u00f6den. D\u00f6den \u00e4r inte helt o\u00e5terkallelig. Eftersom det bortomv\u00e4rldsliga t\u00e4nks som en byr\u00e5krati, har det ocks\u00e5 en byr\u00e5kratis svagheter: fel, mottaglighet f\u00f6r mutor och utrymme f\u00f6r godtycke.<\/p><p>Jeoseung-saja st\u00e5r d\u00e4rmed mellan ob\u00f6nh\u00f6rlig pliktuppfyllelse och m\u00e4nsklig p\u00e5verkbarhet. F\u00f6r de efterlevande \u00f6ppnade denna f\u00f6rest\u00e4llning ett handlingsutrymme: genom korrekt rituellt beteende kunde man hoppas underl\u00e4tta den avlidnes \u00f6verg\u00e5ng. Ber\u00e4ttelserna \u00e4r allts\u00e5 inte bara underh\u00e5llning, utan ligger till grund f\u00f6r konkret sorge- och begravningspraxis.<\/p>\t\t\t\t\t\t\t\t<\/div>\n\t\t\t\t<\/div>\n\t\t\t\t\t<\/div>\n\t\t\t\t<\/div>\n\t\t<div class=\"elementor-element elementor-element-cpc7200bd e-flex e-con-boxed e-con e-parent\" data-id=\"cpc7200bd\" data-element_type=\"container\" data-e-type=\"container\">\n\t\t\t\t\t<div class=\"e-con-inner\">\n\t\t\t\t<div class=\"elementor-element elementor-element-cpdfd4849 elementor-widget elementor-widget-heading\" data-id=\"cpdfd4849\" data-element_type=\"widget\" data-e-type=\"widget\" data-widget_type=\"heading.default\">\n\t\t\t\t\t<h2 class=\"elementor-heading-title elementor-size-default\">Schamanistiska d\u00f6dsritualer och den moderna receptionen<\/h2>\t\t\t\t<\/div>\n\t\t<div class=\"elementor-element elementor-element-cp6ec74f2 e-con-full e-flex e-con e-child\" data-id=\"cp6ec74f2\" data-element_type=\"container\" data-e-type=\"container\">\n\t\t\t\t<div class=\"elementor-element elementor-element-cp12eb69f elementor-widget elementor-widget-text-editor\" data-id=\"cp12eb69f\" data-element_type=\"widget\" data-e-type=\"widget\" data-widget_type=\"text-editor.default\">\n\t\t\t\t\t\t\t\t\t<p>I den koreanska <span class=\"iwg-fachbegriff\" data-tooltip=\"Religi\u00f6st system d\u00e4r specialister har kontakt med andev\u00e4rlden.\" tabindex=\"0\">shamanismen<\/span>, <em>Musok<\/em>, spelar sj\u00e4lens \u00f6verg\u00e5ng en central roll, och Jeoseung-saja h\u00f6r till de gestalter som medverkar i de tillh\u00f6rande ritualerna. Den viktigaste \u00e4r <em>Ssitgim-gut<\/em> i den sydv\u00e4stra regionen samt besl\u00e4ktade d\u00f6dsriter i andra delar av landet.<\/p><p>Vid dessa ceremonier handlar det om att rena den avlidnes sj\u00e4l, uppl\u00f6sa dess vrede och f\u00f6ra den s\u00e4kert till livet efter detta. Shamankvinnan (<em>mudang<\/em>) gestaltar d\u00e4rvid sj\u00e4lens v\u00e4g och \u00e5kallar de ansvariga makterna i det bortomv\u00e4rldsliga.<\/p><p>S\u00e5dana ritualer har s\u00e4rskild betydelse f\u00f6r m\u00e4nniskor som d\u00f6tt en &#8221;d\u00e5lig d\u00f6d&#8221;, till exempel genom olycka, v\u00e5ld eller ung och ogift. S\u00e5dana sj\u00e4lar anses vara i riskzonen f\u00f6r att bli kvar i det jordiska livet och f\u00f6rvandlas till oroliga andar.<\/p><p><span class=\"iwg-fachbegriff\" data-tooltip=\"En reglerad sekvens av symboliska handlingar med religi\u00f6s eller kulturell betydelse.\" tabindex=\"0\">Ritualet<\/span> ska s\u00e4kerst\u00e4lla att Jeoseung-saja tar \u00f6ver dem p\u00e5 ett korrekt s\u00e4tt och att sj\u00e4len g\u00e5r sin f\u00f6reskrivna v\u00e4g. H\u00e4r blir budb\u00e4rarens roll praktiskt verksam: hans ingripande \u00e4r f\u00f6ruts\u00e4ttningen f\u00f6r att den d\u00f6de inte fastnar mellan v\u00e4rldarna.<\/p><p>I nutiden har Jeoseung-saja gjort en andra karri\u00e4r i medierna. Koreanska filmer, tv-serier och webtoons tar regelbundet upp gestalten, mest k\u00e4nd \u00e4r filmen <em>Along with the Gods<\/em> samt olika serier d\u00e4r d\u00f6dsbudb\u00e4rare upptr\u00e4der som huvudpersoner. Dessa skildringar psykologiserar ofta budb\u00e4raren och ger honom en f\u00f6rhistoria, ett samvete och en egen tragisk biografi.<\/p><p>D\u00e4rmed avl\u00e4gsnar de sig fr\u00e5n den traditionella gestaltens sakliga funktionskarakt\u00e4r, men h\u00e5ller grundf\u00f6rest\u00e4llningen levande. Ur ett religionsvetenskapligt perspektiv \u00e4r Jeoseung-saja d\u00e4rf\u00f6r ett gott exempel p\u00e5 hur en traditionell gestalt fr\u00e5n livet efter d\u00f6den fortlever i ett modernt samh\u00e4lle genom att f\u00f6rflytta sig fr\u00e5n det rituella till det ber\u00e4ttande omr\u00e5det.<\/p>\t\t\t\t\t\t\t\t<\/div>\n\t\t\t\t<\/div>\n\t\t\t\t\t<\/div>\n\t\t\t\t<\/div>\n\t\t<div class=\"elementor-element elementor-element-36dd7469 e-flex e-con-boxed e-con e-parent\" data-id=\"36dd7469\" data-element_type=\"container\" data-e-type=\"container\">\n\t\t\t\t\t<div class=\"e-con-inner\">\n\t\t\t\t<div class=\"elementor-element elementor-element-13760ab4 elementor-widget elementor-widget-heading\" data-id=\"13760ab4\" data-element_type=\"widget\" data-e-type=\"widget\" data-widget_type=\"heading.default\">\n\t\t\t\t\t<h2 class=\"elementor-heading-title elementor-size-default\">Vidare l\u00e4nkar<\/h2>\t\t\t\t<\/div>\n\t\t<div class=\"elementor-element elementor-element-28c87796 e-con-full e-flex e-con e-child\" data-id=\"28c87796\" data-element_type=\"container\" data-e-type=\"container\">\n\t\t\t\t<div class=\"elementor-element elementor-element-5d6538df elementor-widget elementor-widget-text-editor\" data-id=\"5d6538df\" data-element_type=\"widget\" data-e-type=\"widget\" data-widget_type=\"text-editor.default\">\n\t\t\t\t\t\t\t\t\t<p>Rekommenderade interna l\u00e4nkar:<\/p><ul><li>Kultursidan <strong>Korea<\/strong>.<\/li><li>Fler enskilda profiler fr\u00e5n Korea: <a href=\"https:\/\/iwell-guard.com\/sv\/dokkaebi\/\">Dokkaebi<\/a>, <a href=\"https:\/\/iwell-guard.com\/sv\/gwishin\/\">Gwishin<\/a>, <a href=\"https:\/\/iwell-guard.com\/sv\/gumiho\/\">Gumiho<\/a>, <a href=\"https:\/\/iwell-guard.com\/sv\/cheonyeo-gwishin\/\">Cheonyeo-gwishin<\/a>.<\/li><li>Paralleller: Yamad\u016bta (buddhism), <a href=\"https:\/\/iwell-guard.com\/sv\/gui\/\">Gui<\/a> (Kina).<\/li><\/ul>\t\t\t\t\t\t\t\t<\/div>\n\t\t\t\t<\/div>\n\t\t\t\t\t<\/div>\n\t\t\t\t<\/div>\n\t\t<div class=\"elementor-element elementor-element-grl4kl40 e-flex e-con-boxed e-con e-parent\" data-id=\"grl4kl40\" data-element_type=\"container\" data-e-type=\"container\">\n\t\t\t\t\t<div class=\"e-con-inner\">\n\t\t\t\t<div class=\"elementor-element elementor-element-bzsbfrmh elementor-widget elementor-widget-heading\" data-id=\"bzsbfrmh\" data-element_type=\"widget\" data-e-type=\"widget\" data-widget_type=\"heading.default\">\n\t\t\t\t\t<h2 class=\"elementor-heading-title elementor-size-default\">K\u00e4llor och litteratur<\/h2>\t\t\t\t<\/div>\n\t\t<div class=\"elementor-element elementor-element-2c13224a e-con-full e-flex e-con e-child\" data-id=\"2c13224a\" data-element_type=\"container\" data-e-type=\"container\">\n\t\t\t\t<div class=\"elementor-element elementor-element-0eymh9ub elementor-widget elementor-widget-text-editor\" data-id=\"0eymh9ub\" data-element_type=\"widget\" data-e-type=\"widget\" data-widget_type=\"text-editor.default\">\n\t\t\t\t\t\t\t\t\t<footer class=\"iwg-literatur\" data-nosnippet=\"true\"><p>Ett kompakt urval av centrala arbeten om Jeoseung Saja och koreanska f\u00f6rest\u00e4llningar om d\u00f6den:<\/p><ul><li><span data-nosnippet>Walraven, Boudewijn: <em><a href=\"https:\/\/archive.org\/details\/songsofshamanrit0000walr\" target=\"_blank\" rel=\"noopener noreferrer\">Songs of the Shaman: The Ritual Chants of the Korean Mudang.<\/a><\/em> Kegan Paul International, London 1994.<\/span><\/li><li><span data-nosnippet>Seo, Dae-seok: <em>Han&#8217;guk sinhwa-ui y\u014fn&#8217;gu.<\/em> Jimmundang, Seoul 1988.<\/span><\/li><li><span data-nosnippet>Kendall, Laurel: <em>Shamans, Housewives, and Other Restless Spirits.<\/em> University of Hawai\u02bbi Press, Honolulu 1985.<\/span><\/li><li><span data-nosnippet>Yi, Pyong-do: <em><a href=\"https:\/\/en.wikipedia.org\/wiki\/Korean_shamanism\" target=\"_blank\" rel=\"noopener noreferrer\">A New Interpretation of Korean Shamanism.<\/a><\/em> Korea Journal 13\/10 (1973), s. 4, 16.<\/span><\/li><\/ul><\/footer>\n<p class=\"iwg-bib-more\"><span data-nosnippet>Fler standardverk i <a href=\"https:\/\/iwell-guard.com\/sv\/litteratur\/\">litteraturf\u00f6rteckningen<\/a>.<\/span><\/p>\t\t\t\t\t\t\t\t<\/div>\n\t\t\t\t<\/div>\n\t\t\t\t\t<\/div>\n\t\t\t\t<\/div>\n\t\t<div class=\"elementor-element elementor-element-iwgkw-add-jeoseungsaja e-flex e-con-boxed e-con e-parent\" data-id=\"iwgkw-add-jeoseungsaja\" data-element_type=\"container\" data-e-type=\"container\">\n\t\t\t\t\t<div class=\"e-con-inner\">\n\t\t\t\t<div class=\"elementor-element elementor-element-iwgkw-add-jeoseungsaja-t elementor-widget elementor-widget-text-editor\" data-id=\"iwgkw-add-jeoseungsaja-t\" data-element_type=\"widget\" data-e-type=\"widget\" data-widget_type=\"text-editor.default\">\n\t\t\t\t\t\t\t\t\t<p>Jeoseung Saja h\u00f6r till de <em>v\u00e4sen<\/em> som i den koreanska traditionen beskrivs som ledsagare av de avlidna. I shamanistiska ber\u00e4ttelser och buddhistiskt pr\u00e4glad folktro upptr\u00e4der han som underjordens budb\u00e4rare, som h\u00e4mtar sj\u00e4len fr\u00e5n det jordiska livet. Hans gestalt f\u00f6renar konfuciansk \u00e4mbetsmannaikonografi med \u00e4ldre f\u00f6rest\u00e4llningar om livet efter d\u00f6den p\u00e5 halv\u00f6n.<\/p>\t\t\t\t\t\t\t\t<\/div>\n\t\t\t\t\t<\/div>\n\t\t\t\t<\/div>\n\t\t<div class=\"elementor-element elementor-element-iwgkw2-add-jeoseungsaja e-flex e-con-boxed e-con e-parent\" data-id=\"iwgkw2-add-jeoseungsaja\" data-element_type=\"container\" data-e-type=\"container\">\n\t\t\t\t\t<div class=\"e-con-inner\">\n\t\t\t\t<div class=\"elementor-element elementor-element-iwgkw2-add-jeoseungsaja-t elementor-widget elementor-widget-text-editor\" data-id=\"iwgkw2-add-jeoseungsaja-t\" data-element_type=\"widget\" data-e-type=\"widget\" data-widget_type=\"text-editor.default\">\n\t\t\t\t\t\t\t\t\t<p>I den koreanska <strong><span class=\"iwg-fachbegriff\" data-tooltip=\"Helheten av en kulturs \u00f6verl\u00e4mnade gudaber\u00e4ttelser.\" tabindex=\"0\">mytologin<\/span><\/strong> framtr\u00e4der Jeoseung Saja som en omutlig budb\u00e4rare fr\u00e5n livet efter d\u00f6den, som leder avlidna fr\u00e5n de levandes v\u00e4rld till d\u00f6dsdomaren Yeomras rike.<\/p>\t\t\t\t\t\t\t\t<\/div>\n\t\t\t\t\t<\/div>\n\t\t\t\t<\/div>\n\t\t\t\t<\/div>\n\t\t","protected":false},"excerpt":{"rendered":"","protected":false},"author":3,"featured_media":1706,"parent":0,"menu_order":0,"comment_status":"closed","ping_status":"closed","template":"elementor_header_footer","meta":{"_yoast_wpseo_focuskw":"Jeoseung Saja","_yoast_wpseo_title":"Jeoseung Saja - svart hatt och sj\u00e4lav\u00e4gledning","_yoast_wpseo_metadesc":"Jeoseung Saja, d\u00f6dsbudb\u00e4rare i den koreanska traditionen. Svart hatt, obeveklig sj\u00e4lav\u00e4gledning: folklore, drama och j\u00e4mf\u00f6relse med Yamas tj\u00e4nare.","_yoast_wpseo_meta-robots-noindex":"","_yoast_wpseo_canonical":"","_angie_page":false,"gefaehrdungsstufe":"3","wesen_kultur":"korea","wesen_klasse":"geister","footnotes":""},"categories":[],"class_list":["post-136574","page","type-page","status-publish","has-post-thumbnail","hentry"],"yoast_head":"<!-- This site is optimized with the Yoast SEO Premium plugin v27.7 (Yoast SEO v28.3) - https:\/\/yoast.com\/product\/yoast-seo-premium-wordpress\/ -->\n<title>Jeoseung Saja - svart hatt och sj\u00e4lav\u00e4gledning<\/title>\n<meta name=\"description\" content=\"Jeoseung Saja, d\u00f6dsbudb\u00e4rare i den koreanska traditionen. Svart hatt, obeveklig sj\u00e4lav\u00e4gledning: folklore, drama och j\u00e4mf\u00f6relse med Yamas tj\u00e4nare.\" \/>\n<meta name=\"robots\" content=\"index, follow, max-snippet:-1, max-image-preview:large, max-video-preview:-1\" \/>\n<link rel=\"canonical\" href=\"https:\/\/iwell-guard.com\/sv\/jeoseung-saja\/\" \/>\n<meta property=\"og:locale\" content=\"sv_SE\" \/>\n<meta property=\"og:type\" content=\"article\" \/>\n<meta property=\"og:title\" content=\"Jeoseung Saja\" \/>\n<meta property=\"og:description\" content=\"Jeoseung Saja, d\u00f6dsbudb\u00e4rare i den koreanska traditionen. Svart hatt, obeveklig sj\u00e4lav\u00e4gledning: folklore, drama och j\u00e4mf\u00f6relse med Yamas tj\u00e4nare.\" \/>\n<meta property=\"og:url\" content=\"https:\/\/iwell-guard.com\/sv\/jeoseung-saja\/\" \/>\n<meta property=\"og:site_name\" content=\"iWell Guard\" \/>\n<meta property=\"article:modified_time\" content=\"2026-09-03T01:06:20+00:00\" \/>\n<meta property=\"og:image\" content=\"https:\/\/iwell-guard.com\/wp-content\/uploads\/2026\/04\/geister_korea_jeoseung-saja.webp\" \/>\n\t<meta property=\"og:image:width\" content=\"1024\" \/>\n\t<meta property=\"og:image:height\" content=\"1536\" \/>\n\t<meta property=\"og:image:type\" content=\"image\/webp\" \/>\n<meta name=\"twitter:card\" content=\"summary_large_image\" \/>\n<script type=\"application\/ld+json\" class=\"yoast-schema-graph\">{\"@context\":\"https:\\\/\\\/schema.org\",\"@graph\":[{\"@type\":\"WebPage\",\"@id\":\"https:\\\/\\\/iwell-guard.com\\\/sv\\\/jeoseung-saja\\\/\",\"url\":\"https:\\\/\\\/iwell-guard.com\\\/sv\\\/jeoseung-saja\\\/\",\"name\":\"Jeoseung Saja - svart hatt och sj\u00e4lav\u00e4gledning\",\"isPartOf\":{\"@id\":\"https:\\\/\\\/iwell-guard.com\\\/sv\\\/#website\"},\"primaryImageOfPage\":{\"@id\":\"https:\\\/\\\/iwell-guard.com\\\/sv\\\/jeoseung-saja\\\/#primaryimage\"},\"image\":{\"@id\":\"https:\\\/\\\/iwell-guard.com\\\/sv\\\/jeoseung-saja\\\/#primaryimage\"},\"thumbnailUrl\":\"https:\\\/\\\/iwell-guard.com\\\/wp-content\\\/uploads\\\/2026\\\/04\\\/geister_korea_jeoseung-saja.webp\",\"datePublished\":\"2026-09-03T00:08:11+00:00\",\"dateModified\":\"2026-09-03T01:06:20+00:00\",\"description\":\"Jeoseung Saja, d\u00f6dsbudb\u00e4rare i den koreanska traditionen. Svart hatt, obeveklig sj\u00e4lav\u00e4gledning: folklore, drama och j\u00e4mf\u00f6relse med Yamas tj\u00e4nare.\",\"breadcrumb\":{\"@id\":\"https:\\\/\\\/iwell-guard.com\\\/sv\\\/jeoseung-saja\\\/#breadcrumb\"},\"inLanguage\":\"sv-SE\",\"potentialAction\":[{\"@type\":\"ReadAction\",\"target\":[\"https:\\\/\\\/iwell-guard.com\\\/sv\\\/jeoseung-saja\\\/\"]}]},{\"@type\":\"ImageObject\",\"inLanguage\":\"sv-SE\",\"@id\":\"https:\\\/\\\/iwell-guard.com\\\/sv\\\/jeoseung-saja\\\/#primaryimage\",\"url\":\"https:\\\/\\\/iwell-guard.com\\\/wp-content\\\/uploads\\\/2026\\\/04\\\/geister_korea_jeoseung-saja.webp\",\"contentUrl\":\"https:\\\/\\\/iwell-guard.com\\\/wp-content\\\/uploads\\\/2026\\\/04\\\/geister_korea_jeoseung-saja.webp\",\"width\":1024,\"height\":1536,\"caption\":\"Andar fr\u00e5n den koreanska traditionen.\"},{\"@type\":\"BreadcrumbList\",\"@id\":\"https:\\\/\\\/iwell-guard.com\\\/sv\\\/jeoseung-saja\\\/#breadcrumb\",\"itemListElement\":[{\"@type\":\"ListItem\",\"position\":1,\"name\":\"Start\",\"item\":\"https:\\\/\\\/iwell-guard.com\\\/sv\\\/?page_id=136483\"},{\"@type\":\"ListItem\",\"position\":2,\"name\":\"Jeoseung Saja\"}]},{\"@type\":\"WebSite\",\"@id\":\"https:\\\/\\\/iwell-guard.com\\\/sv\\\/#website\",\"url\":\"https:\\\/\\\/iwell-guard.com\\\/sv\\\/\",\"name\":\"iWell Guard\",\"description\":\"Schutz vor dunklen Einfl\u00fcssen\",\"publisher\":{\"@id\":\"https:\\\/\\\/iwell-guard.com\\\/sv\\\/#organization\"},\"potentialAction\":[{\"@type\":\"SearchAction\",\"target\":{\"@type\":\"EntryPoint\",\"urlTemplate\":\"https:\\\/\\\/iwell-guard.com\\\/sv\\\/?s={search_term_string}\"},\"query-input\":{\"@type\":\"PropertyValueSpecification\",\"valueRequired\":true,\"valueName\":\"search_term_string\"}}],\"inLanguage\":\"sv-SE\"},{\"@type\":\"Organization\",\"@id\":\"https:\\\/\\\/iwell-guard.com\\\/sv\\\/#organization\",\"name\":\"Ittermann electronic GmbH\",\"url\":\"https:\\\/\\\/iwell-guard.com\\\/sv\\\/\",\"logo\":{\"@type\":\"ImageObject\",\"inLanguage\":\"sv-SE\",\"@id\":\"https:\\\/\\\/iwell-guard.com\\\/sv\\\/#\\\/schema\\\/logo\\\/image\\\/\",\"url\":\"https:\\\/\\\/iwell-guard.com\\\/wp-content\\\/uploads\\\/2026\\\/05\\\/Ittermann-Logo-1182x237-1.png\",\"contentUrl\":\"https:\\\/\\\/iwell-guard.com\\\/wp-content\\\/uploads\\\/2026\\\/05\\\/Ittermann-Logo-1182x237-1.png\",\"width\":1182,\"height\":237,\"caption\":\"Ittermann electronic GmbH\"},\"image\":{\"@id\":\"https:\\\/\\\/iwell-guard.com\\\/sv\\\/#\\\/schema\\\/logo\\\/image\\\/\"},\"sameAs\":[\"https:\\\/\\\/pantip.com\\\/profile\\\/9367242\",\"https:\\\/\\\/micro.blog\\\/iwellguard\",\"https:\\\/\\\/www.diggerslist.com\\\/iwellguard\\\/about\",\"https:\\\/\\\/skitterphoto.com\\\/photographers\\\/2870314\\\/iwell-guard\",\"https:\\\/\\\/iwellguard.wordpress.com\\\/2026\\\/06\\\/06\\\/iwell-guard\\\/\",\"https:\\\/\\\/hub.docker.com\\\/u\\\/iwellguard\",\"https:\\\/\\\/www.pinterest.com\\\/iwellguard\\\/\",\"https:\\\/\\\/bit.ly\\\/m\\\/iwellguard\",\"https:\\\/\\\/entre-vos-mains.alsace.eu\\\/profiles\\\/iwellguard\\\/activity\",\"https:\\\/\\\/gravatar.com\\\/reallybeded8fd34\",\"https:\\\/\\\/naijamatta.com\\\/iwellguard\",\"https:\\\/\\\/www.goodreads.com\\\/iwellguard\",\"https:\\\/\\\/profile.hatena.ne.jp\\\/iwellguard\\\/\",\"https:\\\/\\\/experiment.com\\\/users\\\/iwellguard\",\"https:\\\/\\\/wakelet.com\\\/@iWellGuard82270\",\"https:\\\/\\\/www.chordie.com\\\/forum\\\/profile.php?id=2555664\",\"https:\\\/\\\/www.instapaper.com\\\/p\\\/17757966\",\"https:\\\/\\\/www.mapleprimes.com\\\/users\\\/iwellguard\",\"https:\\\/\\\/businesslistingplus.com\\\/profile\\\/iwell-guard\\\/\",\"https:\\\/\\\/telegra.ph\\\/iWell-Guard-06-06\",\"https:\\\/\\\/pbase.com\\\/iwellguard\\\/iwellguard\",\"https:\\\/\\\/b.hatena.ne.jp\\\/iwellguard\\\/20260607#bookmark-4788405196491818882\",\"https:\\\/\\\/fliphtml5.com\\\/home\\\/iwellguard\",\"https:\\\/\\\/anyflip.com\\\/homepage\\\/cmiwl#About\",\"https:\\\/\\\/transfur.com\\\/Users\\\/iwellguard\",\"http:\\\/\\\/delphi.larsbo.org\\\/user\\\/iwellguard\",\"https:\\\/\\\/jobs.lajobsportal.org\\\/profiles\\\/8380803-iwell-guard\",\"https:\\\/\\\/md.chaosdorf.de\\\/s\\\/jfbe5SBdJD\",\"https:\\\/\\\/www.lingvolive.com\\\/en-us\\\/profile\\\/9ecaeaca-ce11-4e51-9e71-01d55e2bff36\\\/translations\",\"https:\\\/\\\/www.fitday.com\\\/fitness\\\/forums\\\/members\\\/iwellguard.html\",\"https:\\\/\\\/www.mymeetbook.com\\\/iwellguard\",\"https:\\\/\\\/pxhere.com\\\/en\\\/photographer-me\\\/5040798\",\"https:\\\/\\\/disqus.com\\\/by\\\/iwellguard\\\/about\\\/\",\"https:\\\/\\\/pastelink.net\\\/hjwciqwq\",\"https:\\\/\\\/pubhtml5.com\\\/homepage\\\/scjhn\\\/\",\"https:\\\/\\\/www.bitchute.com\\\/channel\\\/2O2eOKzNqujT\",\"https:\\\/\\\/audiomack.com\\\/iwellguard\"]},{\"@type\":\"Article\",\"@id\":\"https:\\\/\\\/iwell-guard.com\\\/sv\\\/jeoseung-saja\\\/#article\",\"isPartOf\":{\"@id\":\"https:\\\/\\\/iwell-guard.com\\\/sv\\\/jeoseung-saja\\\/\"},\"author\":{\"name\":\"Ralf Ittermann\",\"@id\":\"https:\\\/\\\/iwell-guard.com\\\/sv\\\/#\\\/schema\\\/person\\\/ee2a27f1cac3406c7c6fb5820cb7349f\"},\"headline\":\"Jeoseung Saja\",\"datePublished\":\"2026-09-03T00:08:11+00:00\",\"dateModified\":\"2026-09-03T01:06:20+00:00\",\"mainEntityOfPage\":{\"@id\":\"https:\\\/\\\/iwell-guard.com\\\/sv\\\/jeoseung-saja\\\/\"},\"publisher\":{\"@id\":\"https:\\\/\\\/iwell-guard.com\\\/sv\\\/#organization\"},\"image\":{\"@id\":\"https:\\\/\\\/iwell-guard.com\\\/sv\\\/jeoseung-saja\\\/#primaryimage\"},\"thumbnailUrl\":\"https:\\\/\\\/iwell-guard.com\\\/wp-content\\\/uploads\\\/2026\\\/04\\\/geister_korea_jeoseung-saja.webp\",\"inLanguage\":\"sv-SE\",\"description\":\"Jeoseung Saja, d\u00f6dsbudb\u00e4rare i den koreanska traditionen. Svart hatt, obeveklig sj\u00e4lav\u00e4gledning: folklore, drama och j\u00e4mf\u00f6relse med Yamas tj\u00e4nare.\"}]}<\/script>\n<!-- \/ Yoast SEO Premium plugin. -->","yoast_head_json":{"title":"Jeoseung Saja - svart hatt och sj\u00e4lav\u00e4gledning","description":"Jeoseung Saja, d\u00f6dsbudb\u00e4rare i den koreanska traditionen. Svart hatt, obeveklig sj\u00e4lav\u00e4gledning: folklore, drama och j\u00e4mf\u00f6relse med Yamas tj\u00e4nare.","robots":{"index":"index","follow":"follow","max-snippet":"max-snippet:-1","max-image-preview":"max-image-preview:large","max-video-preview":"max-video-preview:-1"},"canonical":"https:\/\/iwell-guard.com\/sv\/jeoseung-saja\/","og_locale":"sv_SE","og_type":"article","og_title":"Jeoseung Saja","og_description":"Jeoseung Saja, d\u00f6dsbudb\u00e4rare i den koreanska traditionen. Svart hatt, obeveklig sj\u00e4lav\u00e4gledning: folklore, drama och j\u00e4mf\u00f6relse med Yamas tj\u00e4nare.","og_url":"https:\/\/iwell-guard.com\/sv\/jeoseung-saja\/","og_site_name":"iWell Guard","article_modified_time":"2026-09-03T01:06:20+00:00","og_image":[{"width":1024,"height":1536,"url":"https:\/\/iwell-guard.com\/wp-content\/uploads\/2026\/04\/geister_korea_jeoseung-saja.webp","type":"image\/webp"}],"twitter_card":"summary_large_image","schema":{"@context":"https:\/\/schema.org","@graph":[{"@type":"Article","@id":"https:\/\/iwell-guard.com\/sv\/jeoseung-saja\/#article","isPartOf":{"@id":"https:\/\/iwell-guard.com\/sv\/jeoseung-saja\/"},"author":{"name":"Ralf Ittermann","@id":"https:\/\/iwell-guard.com\/sv\/#\/schema\/person\/ee2a27f1cac3406c7c6fb5820cb7349f"},"headline":"Jeoseung Saja","datePublished":"2026-09-03T00:08:11+00:00","dateModified":"2026-09-03T01:06:20+00:00","mainEntityOfPage":{"@id":"https:\/\/iwell-guard.com\/sv\/jeoseung-saja\/"},"publisher":{"@id":"https:\/\/iwell-guard.com\/sv\/#organization"},"image":{"@id":"https:\/\/iwell-guard.com\/sv\/jeoseung-saja\/#primaryimage"},"thumbnailUrl":"https:\/\/iwell-guard.com\/wp-content\/uploads\/2026\/04\/geister_korea_jeoseung-saja.webp","inLanguage":"sv-SE","description":"Jeoseung Saja, d\u00f6dsbudb\u00e4rare i den koreanska traditionen. Svart hatt, obeveklig sj\u00e4lav\u00e4gledning: folklore, drama och j\u00e4mf\u00f6relse med Yamas tj\u00e4nare."},{"@type":"WebPage","@id":"https:\/\/iwell-guard.com\/sv\/jeoseung-saja\/","url":"https:\/\/iwell-guard.com\/sv\/jeoseung-saja\/","name":"Jeoseung Saja - svart hatt och sj\u00e4lav\u00e4gledning","isPartOf":{"@id":"https:\/\/iwell-guard.com\/sv\/#website"},"primaryImageOfPage":{"@id":"https:\/\/iwell-guard.com\/sv\/jeoseung-saja\/#primaryimage"},"image":{"@id":"https:\/\/iwell-guard.com\/sv\/jeoseung-saja\/#primaryimage"},"thumbnailUrl":"https:\/\/iwell-guard.com\/wp-content\/uploads\/2026\/04\/geister_korea_jeoseung-saja.webp","datePublished":"2026-09-03T00:08:11+00:00","dateModified":"2026-09-03T01:06:20+00:00","description":"Jeoseung Saja, d\u00f6dsbudb\u00e4rare i den koreanska traditionen. Svart hatt, obeveklig sj\u00e4lav\u00e4gledning: folklore, drama och j\u00e4mf\u00f6relse med Yamas tj\u00e4nare.","breadcrumb":{"@id":"https:\/\/iwell-guard.com\/sv\/jeoseung-saja\/#breadcrumb"},"inLanguage":"sv-SE","potentialAction":[{"@type":"ReadAction","target":["https:\/\/iwell-guard.com\/sv\/jeoseung-saja\/"]}]},{"@type":"ImageObject","inLanguage":"sv-SE","@id":"https:\/\/iwell-guard.com\/sv\/jeoseung-saja\/#primaryimage","url":"https:\/\/iwell-guard.com\/wp-content\/uploads\/2026\/04\/geister_korea_jeoseung-saja.webp","contentUrl":"https:\/\/iwell-guard.com\/wp-content\/uploads\/2026\/04\/geister_korea_jeoseung-saja.webp","width":1024,"height":1536,"caption":"Andar fr\u00e5n den koreanska traditionen."},{"@type":"BreadcrumbList","@id":"https:\/\/iwell-guard.com\/sv\/jeoseung-saja\/#breadcrumb","itemListElement":[{"@type":"ListItem","position":1,"name":"Start","item":"https:\/\/iwell-guard.com\/sv\/?page_id=136483"},{"@type":"ListItem","position":2,"name":"Jeoseung Saja"}]},{"@type":"WebSite","@id":"https:\/\/iwell-guard.com\/sv\/#website","url":"https:\/\/iwell-guard.com\/sv\/","name":"iWell Guard","description":"Schutz vor dunklen Einfl\u00fcssen","publisher":{"@id":"https:\/\/iwell-guard.com\/sv\/#organization"},"potentialAction":[{"@type":"SearchAction","target":{"@type":"EntryPoint","urlTemplate":"https:\/\/iwell-guard.com\/sv\/?s={search_term_string}"},"query-input":{"@type":"PropertyValueSpecification","valueRequired":true,"valueName":"search_term_string"}}],"inLanguage":"sv-SE"},{"@type":"Organization","@id":"https:\/\/iwell-guard.com\/sv\/#organization","name":"Ittermann electronic GmbH","url":"https:\/\/iwell-guard.com\/sv\/","logo":{"@type":"ImageObject","inLanguage":"sv-SE","@id":"https:\/\/iwell-guard.com\/sv\/#\/schema\/logo\/image\/","url":"https:\/\/iwell-guard.com\/wp-content\/uploads\/2026\/05\/Ittermann-Logo-1182x237-1.png","contentUrl":"https:\/\/iwell-guard.com\/wp-content\/uploads\/2026\/05\/Ittermann-Logo-1182x237-1.png","width":1182,"height":237,"caption":"Ittermann electronic GmbH"},"image":{"@id":"https:\/\/iwell-guard.com\/sv\/#\/schema\/logo\/image\/"},"sameAs":["https:\/\/pantip.com\/profile\/9367242","https:\/\/micro.blog\/iwellguard","https:\/\/www.diggerslist.com\/iwellguard\/about","https:\/\/skitterphoto.com\/photographers\/2870314\/iwell-guard","https:\/\/iwellguard.wordpress.com\/2026\/06\/06\/iwell-guard\/","https:\/\/hub.docker.com\/u\/iwellguard","https:\/\/www.pinterest.com\/iwellguard\/","https:\/\/bit.ly\/m\/iwellguard","https:\/\/entre-vos-mains.alsace.eu\/profiles\/iwellguard\/activity","https:\/\/gravatar.com\/reallybeded8fd34","https:\/\/naijamatta.com\/iwellguard","https:\/\/www.goodreads.com\/iwellguard","https:\/\/profile.hatena.ne.jp\/iwellguard\/","https:\/\/experiment.com\/users\/iwellguard","https:\/\/wakelet.com\/@iWellGuard82270","https:\/\/www.chordie.com\/forum\/profile.php?id=2555664","https:\/\/www.instapaper.com\/p\/17757966","https:\/\/www.mapleprimes.com\/users\/iwellguard","https:\/\/businesslistingplus.com\/profile\/iwell-guard\/","https:\/\/telegra.ph\/iWell-Guard-06-06","https:\/\/pbase.com\/iwellguard\/iwellguard","https:\/\/b.hatena.ne.jp\/iwellguard\/20260607#bookmark-4788405196491818882","https:\/\/fliphtml5.com\/home\/iwellguard","https:\/\/anyflip.com\/homepage\/cmiwl#About","https:\/\/transfur.com\/Users\/iwellguard","http:\/\/delphi.larsbo.org\/user\/iwellguard","https:\/\/jobs.lajobsportal.org\/profiles\/8380803-iwell-guard","https:\/\/md.chaosdorf.de\/s\/jfbe5SBdJD","https:\/\/www.lingvolive.com\/en-us\/profile\/9ecaeaca-ce11-4e51-9e71-01d55e2bff36\/translations","https:\/\/www.fitday.com\/fitness\/forums\/members\/iwellguard.html","https:\/\/www.mymeetbook.com\/iwellguard","https:\/\/pxhere.com\/en\/photographer-me\/5040798","https:\/\/disqus.com\/by\/iwellguard\/about\/","https:\/\/pastelink.net\/hjwciqwq","https:\/\/pubhtml5.com\/homepage\/scjhn\/","https:\/\/www.bitchute.com\/channel\/2O2eOKzNqujT","https:\/\/audiomack.com\/iwellguard"]},{"@type":"Person","@id":"https:\/\/iwell-guard.com\/sv\/#\/schema\/person\/ee2a27f1cac3406c7c6fb5820cb7349f","name":"Ralf Ittermann","image":{"@type":"ImageObject","inLanguage":"sv-SE","@id":"https:\/\/secure.gravatar.com\/avatar\/073c0153e350a5005b68eb752b445fea71f6b24a26da9449ad7e155e6b446c9d?s=96&d=mm&r=g","url":"https:\/\/secure.gravatar.com\/avatar\/073c0153e350a5005b68eb752b445fea71f6b24a26da9449ad7e155e6b446c9d?s=96&d=mm&r=g","contentUrl":"https:\/\/secure.gravatar.com\/avatar\/073c0153e350a5005b68eb752b445fea71f6b24a26da9449ad7e155e6b446c9d?s=96&d=mm&r=g","caption":"Ralf Ittermann"},"givenName":"Ralf","familyName":"Ittermann","jobTitle":"Gesch\u00e4ftsf\u00fchrer und redaktioneller Verantwortlicher","url":"https:\/\/iwell-guard.com\/sv\/author\/claude\/","description":"Ralf Ittermann ist Gesch\u00e4ftsf\u00fchrer der Ittermann electronic GmbH und redaktioneller Verantwortlicher des iWell-Guard-Lexikons. Er verbindet langj\u00e4hrige Erfahrung in der Pr\u00e4zisionsfertigung mit medialer Praxis und religionsgeschichtlicher Quellenarbeit.","worksFor":{"@type":"Organization","name":"Ittermann electronic GmbH","url":"https:\/\/ittermann.de\/","address":{"@type":"PostalAddress","streetAddress":"K\u00f6hlergasse 16-18","postalCode":"99842","addressLocality":"Ruhla","addressCountry":"DE"}},"knowsAbout":["Religionsgeschichte","Mythologie","Mediale Praxis","Energetische Diagnostik","Schutzpraxis","Volksglauben","Westliche Esoterik"]},{"@type":"Article","@id":"https:\/\/iwell-guard.com\/sv\/jeoseung-saja\/#article","isPartOf":{"@id":"https:\/\/iwell-guard.com\/sv\/jeoseung-saja\/"},"author":{"name":"Ralf Ittermann","@id":"https:\/\/iwell-guard.com\/sv\/#\/schema\/person\/ee2a27f1cac3406c7c6fb5820cb7349f"},"headline":"Jeoseung Saja","datePublished":"2026-09-03T00:08:11+00:00","dateModified":"2026-09-03T01:06:20+00:00","mainEntityOfPage":{"@id":"https:\/\/iwell-guard.com\/sv\/jeoseung-saja\/"},"publisher":{"@id":"https:\/\/iwell-guard.com\/sv\/#organization"},"image":{"@id":"https:\/\/iwell-guard.com\/sv\/jeoseung-saja\/#primaryimage"},"thumbnailUrl":"https:\/\/iwell-guard.com\/wp-content\/uploads\/2026\/04\/geister_korea_jeoseung-saja.webp","inLanguage":"sv-SE","description":"Jeoseung Saja, d\u00f6dsbudb\u00e4rare i den koreanska traditionen. Svart hatt, obeveklig sj\u00e4lav\u00e4gledning: folklore, drama och j\u00e4mf\u00f6relse med Yamas tj\u00e4nare."}]}},"_links":{"self":[{"href":"https:\/\/iwell-guard.com\/sv\/wp-json\/wp\/v2\/pages\/136574","targetHints":{"allow":["GET"]}}],"collection":[{"href":"https:\/\/iwell-guard.com\/sv\/wp-json\/wp\/v2\/pages"}],"about":[{"href":"https:\/\/iwell-guard.com\/sv\/wp-json\/wp\/v2\/types\/page"}],"author":[{"embeddable":true,"href":"https:\/\/iwell-guard.com\/sv\/wp-json\/wp\/v2\/users\/3"}],"replies":[{"embeddable":true,"href":"https:\/\/iwell-guard.com\/sv\/wp-json\/wp\/v2\/comments?post=136574"}],"version-history":[{"count":0,"href":"https:\/\/iwell-guard.com\/sv\/wp-json\/wp\/v2\/pages\/136574\/revisions"}],"wp:featuredmedia":[{"embeddable":true,"href":"https:\/\/iwell-guard.com\/sv\/wp-json\/wp\/v2\/media\/1706"}],"wp:attachment":[{"href":"https:\/\/iwell-guard.com\/sv\/wp-json\/wp\/v2\/media?parent=136574"}],"wp:term":[{"taxonomy":"category","embeddable":true,"href":"https:\/\/iwell-guard.com\/sv\/wp-json\/wp\/v2\/categories?post=136574"}],"curies":[{"name":"wp","href":"https:\/\/api.w.org\/{rel}","templated":true}]}}