{"id":136543,"date":"2026-09-03T00:07:56","date_gmt":"2026-09-03T00:07:56","guid":{"rendered":"https:\/\/iwell-guard.com\/?page_id=136543"},"modified":"2026-09-03T01:05:32","modified_gmt":"2026-09-03T01:05:32","slug":"upyr","status":"publish","type":"page","link":"https:\/\/iwell-guard.com\/sv\/upyr\/","title":{"rendered":"Upyr"},"content":{"rendered":"\t\t<div data-elementor-type=\"wp-page\" data-elementor-id=\"136543\" class=\"elementor elementor-136543 elementor-1042\" data-elementor-post-type=\"page\">\n\t\t\t\t<div class=\"elementor-element elementor-element-10fdade e-flex e-con-boxed e-con e-parent\" data-id=\"10fdade\" data-element_type=\"container\" data-e-type=\"container\" data-settings=\"{&quot;background_background&quot;:&quot;classic&quot;}\">\n\t\t\t\t\t<div class=\"e-con-inner\">\n\t\t<div class=\"elementor-element elementor-element-herohlft0 e-flex e-con-boxed e-con e-child\" data-id=\"herohlft0\" data-element_type=\"container\" data-e-type=\"container\">\n\t\t\t\t\t<div class=\"e-con-inner\">\n\t\t<div class=\"elementor-element elementor-element-c3ceb64 e-con-full e-flex e-con e-child\" data-id=\"c3ceb64\" data-element_type=\"container\" data-e-type=\"container\">\n\t\t\t\t<div class=\"elementor-element elementor-element-96ae5e1 elementor-widget elementor-widget-heading\" data-id=\"96ae5e1\" data-element_type=\"widget\" data-e-type=\"widget\" data-widget_type=\"heading.default\">\n\t\t\t\t\t<h1 class=\"elementor-heading-title elementor-size-default\">Upyr, demon i den slaviska traditionen<\/h1>\t\t\t\t<\/div>\n\t\t\t\t<div class=\"elementor-element elementor-element-e45238a elementor-widget elementor-widget-text-editor\" data-id=\"e45238a\" data-element_type=\"widget\" data-e-type=\"widget\" data-widget_type=\"text-editor.default\">\n\t\t\t\t\t\t\t\t\t<p>Upyr \u00e4r en <span class=\"iwg-fachbegriff\" data-tooltip=\"Andligt v\u00e4sen som tillskrivs skadlig eller mots\u00e4gelsefull verkan.\" tabindex=\"0\">demon<\/span> i den slaviska traditionen.<\/p><p><strong>Den slaviska geng\u00e5ngaren, urfader till den moderna vampyrgestalten.<\/strong><\/p>\t\t\t\t\t\t\t\t<\/div>\n\t\t\t\t<\/div>\n\t\t<div class=\"elementor-element elementor-element-klsbdg01 e-con-full e-flex e-con e-parent\" data-id=\"klsbdg01\" data-element_type=\"container\" data-e-type=\"container\">\n\t\t\t\t<div class=\"elementor-element elementor-element-klshtm01 elementor-widget elementor-widget-html\" data-id=\"klshtm01\" data-element_type=\"widget\" data-e-type=\"widget\" data-widget_type=\"html.default\">\n\t\t\t\t\t<div class=\"iwg-pill-row\"><span class=\"iwg-klasse-badge\" tabindex=\"0\" data-tooltip=\"Demon: \u00d6vernaturligt v\u00e4sen med oftast skadlig eller ambivalent verkan. St\u00e5r mellan gudar och m\u00e4nniskor, orsakar sjukdom, frestelse eller olycka och avv\u00e4rjs genom besv\u00e4rjelser, apotropaiska medel och ritualer.\">Demon<\/span><a href=\"https:\/\/iwell-guard.com\/sv\/slavisk\/\" class=\"iwg-kultur-badge\" tabindex=\"0\" data-tooltip=\"Slavisk mytologi och folktro, kristet \u00f6verlagrad fr\u00e5n 900-talet.\">Slaviska<\/a><\/div>\t\t\t\t<\/div>\n\t\t\t\t<\/div>\n\t\t<div class=\"elementor-element elementor-element-3f74855 e-con-full e-flex e-con e-child\" data-id=\"3f74855\" data-element_type=\"container\" data-e-type=\"container\">\n\t\t\t\t<div class=\"elementor-element elementor-element-1c30362 elementor-toc--minimized-on-tablet elementor-widget elementor-widget-table-of-contents\" data-id=\"1c30362\" data-element_type=\"widget\" data-e-type=\"widget\" data-settings=\"{&quot;exclude_headings_by_selector&quot;:[],&quot;no_headings_message&quot;:&quot;Inga rubriker hittades p\\u00e5 den h\\u00e4r sidan.&quot;,&quot;headings_by_tags&quot;:[&quot;h2&quot;,&quot;h3&quot;],&quot;marker_view&quot;:&quot;bullets&quot;,&quot;icon&quot;:{&quot;value&quot;:&quot;fas fa-circle&quot;,&quot;library&quot;:&quot;fa-solid&quot;,&quot;rendered_tag&quot;:&quot;&lt;svg class=\\&quot;e-font-icon-svg e-fas-circle\\&quot; viewBox=\\&quot;0 0 512 512\\&quot; xmlns=\\&quot;http:\\\/\\\/www.w3.org\\\/2000\\\/svg\\&quot;&gt;&lt;path d=\\&quot;M256 8C119 8 8 119 8 256s111 248 248 248 248-111 248-248S393 8 256 8z\\&quot;&gt;&lt;\\\/path&gt;&lt;\\\/svg&gt;&quot;},&quot;minimize_box&quot;:&quot;yes&quot;,&quot;minimized_on&quot;:&quot;tablet&quot;,&quot;hierarchical_view&quot;:&quot;yes&quot;,&quot;min_height&quot;:{&quot;unit&quot;:&quot;px&quot;,&quot;size&quot;:&quot;&quot;,&quot;sizes&quot;:[]},&quot;min_height_tablet&quot;:{&quot;unit&quot;:&quot;px&quot;,&quot;size&quot;:&quot;&quot;,&quot;sizes&quot;:[]},&quot;min_height_mobile&quot;:{&quot;unit&quot;:&quot;px&quot;,&quot;size&quot;:&quot;&quot;,&quot;sizes&quot;:[]}}\" data-widget_type=\"table-of-contents.default\">\n\t\t\t\t\t\t\t\t\t<div class=\"elementor-toc__header\">\n\t\t\t\t\t\t<h2 class=\"elementor-toc__header-title\">\n\t\t\t\tInneh\u00e5llsf\u00f6rteckning\t\t\t<\/h2>\n\t\t\t\t\t\t\t\t\t\t<div class=\"elementor-toc__toggle-button elementor-toc__toggle-button--expand\" role=\"button\" tabindex=\"0\" aria-controls=\"elementor-toc__1c30362\" aria-expanded=\"true\" aria-label=\"\u00d6ppna inneh\u00e5llsf\u00f6rteckning\"><svg aria-hidden=\"true\" class=\"e-font-icon-svg e-fas-chevron-down\" viewBox=\"0 0 448 512\" xmlns=\"http:\/\/www.w3.org\/2000\/svg\"><path d=\"M207.029 381.476L12.686 187.132c-9.373-9.373-9.373-24.569 0-33.941l22.667-22.667c9.357-9.357 24.522-9.375 33.901-.04L224 284.505l154.745-154.021c9.379-9.335 24.544-9.317 33.901.04l22.667 22.667c9.373 9.373 9.373 24.569 0 33.941L240.971 381.476c-9.373 9.372-24.569 9.372-33.942 0z\"><\/path><\/svg><\/div>\n\t\t\t\t<div class=\"elementor-toc__toggle-button elementor-toc__toggle-button--collapse\" role=\"button\" tabindex=\"0\" aria-controls=\"elementor-toc__1c30362\" aria-expanded=\"true\" aria-label=\"St\u00e4ng inneh\u00e5llsf\u00f6rteckning\"><svg aria-hidden=\"true\" class=\"e-font-icon-svg e-fas-chevron-up\" viewBox=\"0 0 448 512\" xmlns=\"http:\/\/www.w3.org\/2000\/svg\"><path d=\"M240.971 130.524l194.343 194.343c9.373 9.373 9.373 24.569 0 33.941l-22.667 22.667c-9.357 9.357-24.522 9.375-33.901.04L224 227.495 69.255 381.516c-9.379 9.335-24.544 9.317-33.901-.04l-22.667-22.667c-9.373-9.373-9.373-24.569 0-33.941L207.03 130.525c9.372-9.373 24.568-9.373 33.941-.001z\"><\/path><\/svg><\/div>\n\t\t\t\t\t<\/div>\n\t\t\t\t<div id=\"elementor-toc__1c30362\" class=\"elementor-toc__body\">\n\t\t\t<div class=\"elementor-toc__spinner-container\">\n\t\t\t\t<svg class=\"elementor-toc__spinner eicon-animation-spin e-font-icon-svg e-eicon-loading\" aria-hidden=\"true\" viewBox=\"0 0 1000 1000\" xmlns=\"http:\/\/www.w3.org\/2000\/svg\"><path d=\"M500 975V858C696 858 858 696 858 500S696 142 500 142 142 304 142 500H25C25 237 238 25 500 25S975 237 975 500 763 975 500 975Z\"><\/path><\/svg>\t\t\t<\/div>\n\t\t<\/div>\n\t\t\t\t\t\t<\/div>\n\t\t\t\t<\/div>\n\t\t\t\t\t<\/div>\n\t\t\t\t<\/div>\n\t\t<div class=\"elementor-element elementor-element-herorght0 e-con-full e-flex e-con e-child\" data-id=\"herorght0\" data-element_type=\"container\" data-e-type=\"container\">\n\t\t\t\t<div class=\"elementor-element elementor-element-heroimg00 iwg-hero-image elementor-widget elementor-widget-image\" data-id=\"heroimg00\" data-element_type=\"widget\" data-e-type=\"widget\" data-widget_type=\"image.default\">\n\t\t\t\t\t\t\t\t\t\t\t\t\t\t\t<img fetchpriority=\"high\" decoding=\"async\" width=\"683\" height=\"1024\" src=\"https:\/\/iwell-guard.com\/wp-content\/uploads\/2026\/04\/daemonen_slawisch_upyr-683x1024.webp\" class=\"attachment-large size-large wp-image-136274\" alt=\"Upyr - demoner ur den slaviska traditionen, historiskt illustrativt\" srcset=\"https:\/\/iwell-guard.com\/wp-content\/uploads\/2026\/04\/daemonen_slawisch_upyr-683x1024.webp 683w, https:\/\/iwell-guard.com\/wp-content\/uploads\/2026\/04\/daemonen_slawisch_upyr-200x300.webp 200w, https:\/\/iwell-guard.com\/wp-content\/uploads\/2026\/04\/daemonen_slawisch_upyr-768x1152.webp 768w, https:\/\/iwell-guard.com\/wp-content\/uploads\/2026\/04\/daemonen_slawisch_upyr.webp 1024w\" sizes=\"(max-width: 683px) 100vw, 683px\" \/>\t\t\t\t\t\t\t\t\t\t\t\t\t\t\t<\/div>\n\t\t\t\t<\/div>\n\t\t\t\t\t<\/div>\n\t\t\t\t<\/div>\n\t\t<div class=\"elementor-element elementor-element-32917199 e-flex e-con-boxed e-con e-parent\" data-id=\"32917199\" data-element_type=\"container\" data-e-type=\"container\">\n\t\t\t\t\t<div class=\"e-con-inner\">\n\t\t<div class=\"elementor-element elementor-element-26e916cb e-flex e-con-boxed e-con e-child\" data-id=\"26e916cb\" data-element_type=\"container\" data-e-type=\"container\">\n\t\t\t\t\t<div class=\"e-con-inner\">\n\t\t<div class=\"elementor-element elementor-element-253a40d4 e-flex e-con-boxed e-con e-child\" data-id=\"253a40d4\" data-element_type=\"container\" data-e-type=\"container\">\n\t\t\t\t\t<div class=\"e-con-inner\">\n\t\t\t\t<div class=\"elementor-element elementor-element-1200c304 elementor-widget elementor-widget-heading\" data-id=\"1200c304\" data-element_type=\"widget\" data-e-type=\"widget\" data-widget_type=\"heading.default\">\n\t\t\t\t\t<h2 class=\"elementor-heading-title elementor-size-default\">Upyr<\/h2>\t\t\t\t<\/div>\n\t\t\t\t<div class=\"elementor-element elementor-element-11758e7f elementor-widget elementor-widget-text-editor\" data-id=\"11758e7f\" data-element_type=\"widget\" data-e-type=\"widget\" data-widget_type=\"text-editor.default\">\n\t\t\t\t\t\t\t\t\t<p>Upyr \u00e4r den centrala geng\u00e5ngarfiguren i slavisk <span class=\"iwg-fachbegriff\" data-tooltip=\"Den ned\u00e4rvda folkkulturen med seder, ber\u00e4ttelser och s\u00e5nger.\" tabindex=\"0\">folklore<\/span>, och den direkta historiska f\u00f6reg\u00e5ngaren till den moderna vampyrgestalten. En avliden person som stiger upp ur sin grav, suger blod av de levande, f\u00f6rst decimerar sin egen familj och sedan byn, och som bara kan begravas slutgiltigt genom s\u00e4rskilda riter.<\/p><p>Till skillnad fr\u00e5n den nordiska draugen \u00e4r upyren mer r\u00f6rlig, anfaller nattetid och kan r\u00f6ra sig fritt utanf\u00f6r kyrkog\u00e5rden.<\/p><p>Den slaviska upyr-traditionen \u00e4r central f\u00f6r den europeiska vampyrhistorien. Genom reseber\u00e4ttelser fr\u00e5n Balkan p\u00e5 1700-talet (Johann Fl\u00fcckinger 1732, det \u00f6sterrikiska Arnod Paole-fallet) blir fenomenet k\u00e4nt i V\u00e4steuropa.<\/p><p>Ur detta utvecklas via Polidori, Le Fanu och Bram Stoker den moderna vampyrlitteraturen. Regionala varianter: \u00f6stslaviskt <em>Upyr<\/em>, polskt <em>Upi\u00f3r<\/em>, rum\u00e4nskt <em>Strigoi<\/em>, sydslaviskt <em>Vukodlak<\/em>, <em>Vlkodlak<\/em>.<\/p>\t\t\t\t\t\t\t\t<\/div>\n\t\t\t\t\t<\/div>\n\t\t\t\t<\/div>\n\t\t<div class=\"elementor-element elementor-element-159dcf9a e-flex e-con-boxed e-con e-child\" data-id=\"159dcf9a\" data-element_type=\"container\" data-e-type=\"container\">\n\t\t\t\t\t<div class=\"e-con-inner\">\n\t\t\t\t<div class=\"elementor-element elementor-element-48cee66f elementor-widget elementor-widget-heading\" data-id=\"48cee66f\" data-element_type=\"widget\" data-e-type=\"widget\" data-widget_type=\"heading.default\">\n\t\t\t\t\t<h2 class=\"elementor-heading-title elementor-size-default\">Snabb\u00f6versikt: Upyr<\/h2>\t\t\t\t<\/div>\n\t\t\t\t<div class=\"elementor-element elementor-element-3f50d82c elementor-widget elementor-widget-text-editor\" data-id=\"3f50d82c\" data-element_type=\"widget\" data-e-type=\"widget\" data-widget_type=\"text-editor.default\">\n\t\t\t\t\t\t\t\t\t<p><strong>Typ:<\/strong> Slavisk geng\u00e5ngare, vampyrf\u00f6reg\u00e5ngare<br>Ursprung: Od\u00f6pta, sj\u00e4lvmordsd\u00f6da, f\u00f6rbannade, exkommunicerade d\u00f6da<br>Texter: slaviska kyrkohandlingar (fr\u00e5n 1000-talet), Balkanrapporter 1700-talet, Karad\u017ei\u0107<br>Tidsperiod: medeltid till nutid<br>Avv\u00e4rjning: aspp\u00e5le, halshuggning, kremering<\/p>\t\t\t\t\t\t\t\t<\/div>\n\t\t\t\t\t<\/div>\n\t\t\t\t<\/div>\n\t\t\t\t\t<\/div>\n\t\t\t\t<\/div>\n\t\t\t\t\t<\/div>\n\t\t\t\t<\/div>\n\t\t<div class=\"elementor-element elementor-element-18613602 e-flex e-con-boxed e-con e-parent\" data-id=\"18613602\" data-element_type=\"container\" data-e-type=\"container\">\n\t\t\t\t\t<div class=\"e-con-inner\">\n\t\t\t\t<div class=\"elementor-element elementor-element-262b8a9f elementor-widget elementor-widget-heading\" data-id=\"262b8a9f\" data-element_type=\"widget\" data-e-type=\"widget\" data-widget_type=\"heading.default\">\n\t\t\t\t\t<h2 class=\"elementor-heading-title elementor-size-default\">Kontext<\/h2>\t\t\t\t<\/div>\n\t\t<div class=\"elementor-element elementor-element-46dcb7d e-con-full e-flex e-con e-child\" data-id=\"46dcb7d\" data-element_type=\"container\" data-e-type=\"container\">\n\t\t<div class=\"elementor-element elementor-element-61d3ab3 e-flex e-con-boxed e-con e-child\" data-id=\"61d3ab3\" data-element_type=\"container\" data-e-type=\"container\">\n\t\t\t\t\t<div class=\"e-con-inner\">\n\t\t\t\t<div class=\"elementor-element elementor-element-117c166 elementor-widget elementor-widget-heading\" data-id=\"117c166\" data-element_type=\"widget\" data-e-type=\"widget\" data-widget_type=\"heading.default\">\n\t\t\t\t\t<div class=\"elementor-heading-title elementor-size-default\">Texternas tidsperiod<\/div>\t\t\t\t<\/div>\n\t\t\t\t<div class=\"elementor-element elementor-element-73997a0 elementor-widget elementor-widget-text-editor\" data-id=\"73997a0\" data-element_type=\"widget\" data-e-type=\"widget\" data-widget_type=\"text-editor.default\">\n\t\t\t\t\t\t\t\t\t<p><span data-nosnippet>De f\u00f6rsta skriftliga bel\u00e4gen finns i slaviska kyrkodokument fr\u00e5n 1000-talet. Rika rapporter fr\u00e5n 1700-talet (Fl\u00fcckinger 1732 om Arnod Paole; ytterligare habsburgiska unders\u00f6kningar). Litter\u00e4r bearbetning: Polidori 1819, Le Fanu 1872, Stoker 1897. Modern forskning: Paul Barber, Agnes Murgoci.<\/span><\/p>\t\t\t\t\t\t\t\t<\/div>\n\t\t\t\t\t<\/div>\n\t\t\t\t<\/div>\n\t\t<div class=\"elementor-element elementor-element-d47b156 e-flex e-con-boxed e-con e-child\" data-id=\"d47b156\" data-element_type=\"container\" data-e-type=\"container\">\n\t\t\t\t\t<div class=\"e-con-inner\">\n\t\t\t\t<div class=\"elementor-element elementor-element-ff38c2b elementor-widget elementor-widget-heading\" data-id=\"ff38c2b\" data-element_type=\"widget\" data-e-type=\"widget\" data-widget_type=\"heading.default\">\n\t\t\t\t\t<div class=\"elementor-heading-title elementor-size-default\">Utbredningsomr\u00e5de<\/div>\t\t\t\t<\/div>\n\t\t\t\t<div class=\"elementor-element elementor-element-4e49fcc elementor-widget elementor-widget-text-editor\" data-id=\"4e49fcc\" data-element_type=\"widget\" data-e-type=\"widget\" data-widget_type=\"text-editor.default\">\n\t\t\t\t\t\t\t\t\t<p>Slaviskt kulturomr\u00e5de fr\u00e5n Ryssland till Balkan, med s\u00e4rskilt rik <span class=\"iwg-fachbegriff\" data-tooltip=\"\u00d6verf\u00f6ringen av kunskap och ber\u00e4ttelser genom generationer.\" tabindex=\"0\">tradition<\/span> i Serbien, Bulgarien, Rum\u00e4nien (Strigoi) och Polen. Genom habsburgsk kolonisation och litter\u00e4r bearbetning spreds den till V\u00e4steuropa och globalt.<\/p>\t\t\t\t\t\t\t\t<\/div>\n\t\t\t\t\t<\/div>\n\t\t\t\t<\/div>\n\t\t\t\t<\/div>\n\t\t<div class=\"elementor-element elementor-element-db03c39 e-con-full e-flex e-con e-child\" data-id=\"db03c39\" data-element_type=\"container\" data-e-type=\"container\">\n\t\t<div class=\"elementor-element elementor-element-229a87b e-flex e-con-boxed e-con e-child\" data-id=\"229a87b\" data-element_type=\"container\" data-e-type=\"container\">\n\t\t\t\t\t<div class=\"e-con-inner\">\n\t\t\t\t<div class=\"elementor-element elementor-element-1f471fc elementor-widget elementor-widget-heading\" data-id=\"1f471fc\" data-element_type=\"widget\" data-e-type=\"widget\" data-widget_type=\"heading.default\">\n\t\t\t\t\t<div class=\"elementor-heading-title elementor-size-default\">K\u00e4ll\u00e4ge<\/div>\t\t\t\t<\/div>\n\t\t\t\t<div class=\"elementor-element elementor-element-36b1201 elementor-widget elementor-widget-text-editor\" data-id=\"36b1201\" data-element_type=\"widget\" data-e-type=\"widget\" data-widget_type=\"text-editor.default\">\n\t\t\t\t\t\t\t\t\t<p><span data-nosnippet>Slaviska kyrkohandlingar, habsburgiska exhumeringsprotokoll (1700-talet), Vuk Karad\u017ei\u0107 <em>Srpski rje\u010dnik<\/em> (1818), Agnes Murgocis \u201eThe Vampire in Roumania&#8221; (1926), Paul Barber <em>Vampires, Burial, and Death<\/em> (1988), modern balkansk och slavisk folkloristik.<\/span><\/p>\t\t\t\t\t\t\t\t<\/div>\n\t\t\t\t\t<\/div>\n\t\t\t\t<\/div>\n\t\t\t\t<\/div>\n\t\t\t\t\t<\/div>\n\t\t\t\t<\/div>\n\t\t<div class=\"elementor-element elementor-element-3ae0637c e-flex e-con-boxed e-con e-parent\" data-id=\"3ae0637c\" data-element_type=\"container\" data-e-type=\"container\">\n\t\t\t\t\t<div class=\"e-con-inner\">\n\t\t\t\t<div class=\"elementor-element elementor-element-31d07739 elementor-widget elementor-widget-heading\" data-id=\"31d07739\" data-element_type=\"widget\" data-e-type=\"widget\" data-widget_type=\"heading.default\">\n\t\t\t\t\t<h2 class=\"elementor-heading-title elementor-size-default\">Namn och varianter<\/h2>\t\t\t\t<\/div>\n\t\t<div class=\"elementor-element elementor-element-b7642947 e-con-full e-flex e-con e-child\" data-id=\"b7642947\" data-element_type=\"container\" data-e-type=\"container\">\n\t\t\t\t<div class=\"elementor-element elementor-element-a086266 elementor-widget elementor-widget-text-editor\" data-id=\"a086266\" data-element_type=\"widget\" data-e-type=\"widget\" data-widget_type=\"text-editor.default\">\n\t\t\t\t\t\t\t\t\t<p><strong>Ryska:<\/strong> <em>Upyr<\/em> (\u0423\u043f\u044b\u0440\u044c).<br>Polska: <em>Upi\u00f3r<\/em>, <em>W\u0105pierz<\/em>.<br>Tjeckiska\/slovakiska: <em>Up\u00edr<\/em>.<br>Rum\u00e4nska: <em>Strigoi<\/em> (fr\u00e5n lat. <em>strix<\/em>, inte slaviskt, men inom samma betydelsef\u00e4lt).<br>Sydslaviska: <em>Vukodlak<\/em>, <em>Vlkodlak<\/em>; serbiska \u00e4ven <em>Vampir<\/em>, ordk\u00e4lla till det internationellt k\u00e4nda begreppet.<br>Ukrainska: <em>Upyr<\/em>.<\/p><p>Den serbiska formen <em>Vampir<\/em> f\u00f6rekommer i de habsburgiska protokollen fr\u00e5n 1700-talet och sprids d\u00e4rifr\u00e5n via den \u00f6sterrikiska och tyska pressen \u00f6ver hela v\u00e4rlden. Artikeln \u201eVampyr&#8221; i det franska Tr\u00e9voux-lexikonet (1721) \u00e4r ett tidigt bel\u00e4gg f\u00f6r det internationellt etablerade ordet.<\/p>\t\t\t\t\t\t\t\t<\/div>\n\t\t\t\t<\/div>\n\t\t\t\t\t<\/div>\n\t\t\t\t<\/div>\n\t\t<div class=\"elementor-element elementor-element-709a44a8 e-flex e-con-boxed e-con e-parent\" data-id=\"709a44a8\" data-element_type=\"container\" data-e-type=\"container\">\n\t\t\t\t\t<div class=\"e-con-inner\">\n\t\t\t\t<div class=\"elementor-element elementor-element-2f585873 elementor-widget elementor-widget-heading\" data-id=\"2f585873\" data-element_type=\"widget\" data-e-type=\"widget\" data-widget_type=\"heading.default\">\n\t\t\t\t\t<h2 class=\"elementor-heading-title elementor-size-default\">Beskrivning<\/h2>\t\t\t\t<\/div>\n\t\t<div class=\"elementor-element elementor-element-70621c12 e-con-full e-flex e-con e-child\" data-id=\"70621c12\" data-element_type=\"container\" data-e-type=\"container\">\n\t\t\t\t<div class=\"elementor-element elementor-element-4296eb49 elementor-widget elementor-widget-text-editor\" data-id=\"4296eb49\" data-element_type=\"widget\" data-e-type=\"widget\" data-widget_type=\"text-editor.default\">\n\t\t\t\t\t\t\t\t\t<p><strong>Utseende<\/strong><\/p><p>Efter exhumering p\u00e5fallande fr\u00e4sch: r\u00f6tt ansikte, okoagulerat blod i hj\u00e4rtat, v\u00e4xta naglar och h\u00e5r, blodfl\u00e4ckad mun. Folkloristiskt v\u00e4l f\u00f6rklarbart genom naturliga f\u00f6rruttnelseprocesser; f\u00f6r samtida ett bevis p\u00e5 vampyraktivitet. Under nattlig aktivitet: en m\u00f6rk gestalt, ibland som djur (varg, hund), ibland som dimma.<\/p><p><strong>Beteende<\/strong><\/p><p>L\u00e4mnar sin grav nattetid, anfaller f\u00f6rst familjemedlemmar (d\u00e4rav \u201ef\u00f6rst den egna familjen&#8221;), sedan byn. Suger blod och orsakar utmattning, sjukdom och d\u00f6d. Den som d\u00f6r av ett upyr-bett blir sj\u00e4lv en upyr. Byar drabbade av upyr-angrepp drabbas av regelr\u00e4tta d\u00f6dsserier.<\/p><p><strong>Verkningsomr\u00e5de<\/strong><\/p><p>Egen by och omgivande platser. Kan ibland f\u00f6rflytta sig l\u00e4ngre bort om omr\u00e5det t\u00f6ms. S\u00e4rskilt aktiv p\u00e5 gr\u00e4nsdagar (Jurjevden, jul, trettondagen).<\/p><p><strong>Mytologisk placering<\/strong><\/p><p>Enligt folkreligi\u00f6s tradition blir en m\u00e4nniska till en upyr om hon d\u00f6r od\u00f6pt, genom sj\u00e4lvmord, exkommunicerad, f\u00f6rbannad eller som h\u00e4xa. \u00c4ven personer f\u00f6dda med \u201etv\u00e5 hj\u00e4rtan&#8221; eller \u201etv\u00e5 sj\u00e4lar&#8221; anses vara i riskzonen. Utvecklingen fr\u00e5n den slaviska geng\u00e5ngaren till den moderna vampyren sker under flera \u00e5rhundraden.<\/p>\t\t\t\t\t\t\t\t<\/div>\n\t\t\t\t<\/div>\n\t\t\t\t\t<\/div>\n\t\t\t\t<\/div>\n\t\t<div class=\"elementor-element elementor-element-44e71476 e-flex e-con-boxed e-con e-parent\" data-id=\"44e71476\" data-element_type=\"container\" data-e-type=\"container\">\n\t\t\t\t\t<div class=\"e-con-inner\">\n\t\t\t\t<div class=\"elementor-element elementor-element-3c1fc3f0 elementor-widget elementor-widget-heading\" data-id=\"3c1fc3f0\" data-element_type=\"widget\" data-e-type=\"widget\" data-widget_type=\"heading.default\">\n\t\t\t\t\t<h2 class=\"elementor-heading-title elementor-size-default\">Profil: Upyr<\/h2>\t\t\t\t<\/div>\n\t\t<div class=\"elementor-element elementor-element-84f33b8e e-con-full e-flex e-con e-child\" data-id=\"84f33b8e\" data-element_type=\"container\" data-e-type=\"container\">\n\t\t\t\t<div class=\"elementor-element elementor-element-hqkdc67p elementor-widget elementor-widget-text-editor\" data-id=\"hqkdc67p\" data-element_type=\"widget\" data-e-type=\"widget\" data-widget_type=\"text-editor.default\">\n\t\t\t\t\t\t\t\t\t<p>De viktigaste aspekterna av upyren i en \u00f6versikt.<\/p>\t\t\t\t\t\t\t\t<\/div>\n\t\t\t\t<\/div>\n\t\t<div class=\"elementor-element elementor-element-pemmx7c5 e-con-full e-flex e-con e-child\" data-id=\"pemmx7c5\" data-element_type=\"container\" data-e-type=\"container\">\n\t\t<div class=\"elementor-element elementor-element-pemmx7c1 e-con-full e-flex e-con e-child\" data-id=\"pemmx7c1\" data-element_type=\"container\" data-e-type=\"container\">\n\t\t<div class=\"elementor-element elementor-element-qh9oavvu iwg-steckbrief-card e-flex e-con-boxed e-con e-child\" data-id=\"qh9oavvu\" data-element_type=\"container\" data-e-type=\"container\">\n\t\t\t\t\t<div class=\"e-con-inner\">\n\t\t\t\t<div class=\"elementor-element elementor-element-awzx8k2k elementor-widget elementor-widget-heading\" data-id=\"awzx8k2k\" data-element_type=\"widget\" data-e-type=\"widget\" data-widget_type=\"heading.default\">\n\t\t\t\t\t<div class=\"elementor-heading-title elementor-size-default\">Kulturell kontext<\/div>\t\t\t\t<\/div>\n\t\t\t\t<div class=\"elementor-element elementor-element-x6rowhv0 elementor-widget elementor-widget-text-editor\" data-id=\"x6rowhv0\" data-element_type=\"widget\" data-e-type=\"widget\" data-widget_type=\"text-editor.default\">\n\t\t\t\t\t\t\t\t\t<p>Od\u00f6pta, sj\u00e4lvmordsd\u00f6da, f\u00f6rbannade, exkommunicerade eller som h\u00e4xor avlidna m\u00e4nniskor. Uppst\u00e5r vid felaktig begravning eller moraliskt misslyckande i livet.<\/p>\t\t\t\t\t\t\t\t<\/div>\n\t\t\t\t\t<\/div>\n\t\t\t\t<\/div>\n\t\t<div class=\"elementor-element elementor-element-8e3o4kxs iwg-steckbrief-card e-flex e-con-boxed e-con e-child\" data-id=\"8e3o4kxs\" data-element_type=\"container\" data-e-type=\"container\">\n\t\t\t\t\t<div class=\"e-con-inner\">\n\t\t\t\t<div class=\"elementor-element elementor-element-08rkdgov elementor-widget elementor-widget-heading\" data-id=\"08rkdgov\" data-element_type=\"widget\" data-e-type=\"widget\" data-widget_type=\"heading.default\">\n\t\t\t\t\t<div class=\"elementor-heading-title elementor-size-default\">Avser<\/div>\t\t\t\t<\/div>\n\t\t\t\t<div class=\"elementor-element elementor-element-uwjelx8s elementor-widget elementor-widget-text-editor\" data-id=\"uwjelx8s\" data-element_type=\"widget\" data-e-type=\"widget\" data-widget_type=\"text-editor.default\">\n\t\t\t\t\t\t\t\t\t<p>F\u00f6rst den egna familjen, sedan byn. Var och en som d\u00f6r av ett upyr-bett blir sj\u00e4lv en upyr, en epidemiliknande spridning.<\/p>\t\t\t\t\t\t\t\t<\/div>\n\t\t\t\t\t<\/div>\n\t\t\t\t<\/div>\n\t\t<div class=\"elementor-element elementor-element-jm2n74ec iwg-steckbrief-card e-flex e-con-boxed e-con e-child\" data-id=\"jm2n74ec\" data-element_type=\"container\" data-e-type=\"container\">\n\t\t\t\t\t<div class=\"e-con-inner\">\n\t\t\t\t<div class=\"elementor-element elementor-element-8vufse4c elementor-widget elementor-widget-heading\" data-id=\"8vufse4c\" data-element_type=\"widget\" data-e-type=\"widget\" data-widget_type=\"heading.default\">\n\t\t\t\t\t<div class=\"elementor-heading-title elementor-size-default\">Form<\/div>\t\t\t\t<\/div>\n\t\t\t\t<div class=\"elementor-element elementor-element-mwb9u015 elementor-widget elementor-widget-text-editor\" data-id=\"mwb9u015\" data-element_type=\"widget\" data-e-type=\"widget\" data-widget_type=\"text-editor.default\">\n\t\t\t\t\t\t\t\t\t<p>Efter exhumering: r\u00f6d, uppsv\u00e4lld, med okoagulerat blod och v\u00e4xta naglar. Nattetid: m\u00f6rk gestalt, som djur (varg, hund) eller dimma.<\/p>\t\t\t\t\t\t\t\t<\/div>\n\t\t\t\t\t<\/div>\n\t\t\t\t<\/div>\n\t\t\t\t<\/div>\n\t\t<div class=\"elementor-element elementor-element-pemmx7c2 e-con-full e-flex e-con e-child\" data-id=\"pemmx7c2\" data-element_type=\"container\" data-e-type=\"container\">\n\t\t<div class=\"elementor-element elementor-element-37ss2yr6 iwg-steckbrief-card e-flex e-con-boxed e-con e-child\" data-id=\"37ss2yr6\" data-element_type=\"container\" data-e-type=\"container\">\n\t\t\t\t\t<div class=\"e-con-inner\">\n\t\t\t\t<div class=\"elementor-element elementor-element-3v0wp3wx elementor-widget elementor-widget-heading\" data-id=\"3v0wp3wx\" data-element_type=\"widget\" data-e-type=\"widget\" data-widget_type=\"heading.default\">\n\t\t\t\t\t<div class=\"elementor-heading-title elementor-size-default\">Funktion<\/div>\t\t\t\t<\/div>\n\t\t\t\t<div class=\"elementor-element elementor-element-w3247g2m elementor-widget elementor-widget-text-editor\" data-id=\"w3247g2m\" data-element_type=\"widget\" data-e-type=\"widget\" data-widget_type=\"text-editor.default\">\n\t\t\t\t\t\t\t\t\t<p>Suger blod fr\u00e5n de levande och orsakar utmattning, sjukdom och d\u00f6d. D\u00f6dsserier drabbar hela byar. Spridning genom bett\u00f6verf\u00f6ring.<\/p>\t\t\t\t\t\t\t\t<\/div>\n\t\t\t\t\t<\/div>\n\t\t\t\t<\/div>\n\t\t<div class=\"elementor-element elementor-element-0qpjal9w iwg-steckbrief-card e-flex e-con-boxed e-con e-child\" data-id=\"0qpjal9w\" data-element_type=\"container\" data-e-type=\"container\">\n\t\t\t\t\t<div class=\"e-con-inner\">\n\t\t\t\t<div class=\"elementor-element elementor-element-6ndoih0o elementor-widget elementor-widget-heading\" data-id=\"6ndoih0o\" data-element_type=\"widget\" data-e-type=\"widget\" data-widget_type=\"heading.default\">\n\t\t\t\t\t<div class=\"elementor-heading-title elementor-size-default\">Avv\u00e4rjning av upyren<\/div>\t\t\t\t<\/div>\n\t\t\t\t<div class=\"elementor-element elementor-element-6684tyh9 elementor-widget elementor-widget-text-editor\" data-id=\"6684tyh9\" data-element_type=\"widget\" data-e-type=\"widget\" data-widget_type=\"text-editor.default\">\n\t\t\t\t\t\t\t\t\t<p>Exhumering och genomborrning med aspp\u00e5le, avhuggning av huvudet, kremering, \u00e5terbegravning med ansiktet ned\u00e5t. Vitl\u00f6k, r\u00f6kelse, kors; skyddande begravningss\u00e4tt.<\/p>\t\t\t\t\t\t\t\t<\/div>\n\t\t\t\t\t<\/div>\n\t\t\t\t<\/div>\n\t\t<div class=\"elementor-element elementor-element-3lfi7x32 iwg-steckbrief-card e-flex e-con-boxed e-con e-child\" data-id=\"3lfi7x32\" data-element_type=\"container\" data-e-type=\"container\">\n\t\t\t\t\t<div class=\"e-con-inner\">\n\t\t\t\t<div class=\"elementor-element elementor-element-0kg99ga1 elementor-widget elementor-widget-heading\" data-id=\"0kg99ga1\" data-element_type=\"widget\" data-e-type=\"widget\" data-widget_type=\"heading.default\">\n\t\t\t\t\t<div class=\"elementor-heading-title elementor-size-default\">Besl\u00e4ktade v\u00e4sen<\/div>\t\t\t\t<\/div>\n\t\t\t\t<div class=\"elementor-element elementor-element-n0fum6kp elementor-widget elementor-widget-text-editor\" data-id=\"n0fum6kp\" data-element_type=\"widget\" data-e-type=\"widget\" data-widget_type=\"text-editor.default\">\n\t\t\t\t\t\t\t\t\t<p><a href=\"https:\/\/iwell-guard.com\/sv\/edimmu\/\">Edimmu<\/a>, <a href=\"https:\/\/iwell-guard.com\/sv\/striga\/\">Striga<\/a>, draugen (germansk), den moderna vampyrfiguren (Stoker), rum\u00e4nska Strigoi, grekiska Vrykolakas.<\/p>\t\t\t\t\t\t\t\t<\/div>\n\t\t\t\t\t<\/div>\n\t\t\t\t<\/div>\n\t\t\t\t<\/div>\n\t\t\t\t<\/div>\n\t\t\t\t\t<\/div>\n\t\t\t\t<\/div>\n\t\t<div class=\"elementor-element elementor-element-7533bc7a e-flex e-con-boxed e-con e-parent\" data-id=\"7533bc7a\" data-element_type=\"container\" data-e-type=\"container\">\n\t\t\t\t\t<div class=\"e-con-inner\">\n\t\t\t\t<div class=\"elementor-element elementor-element-2447d18d elementor-widget elementor-widget-heading\" data-id=\"2447d18d\" data-element_type=\"widget\" data-e-type=\"widget\" data-widget_type=\"heading.default\">\n\t\t\t\t\t<h2 class=\"elementor-heading-title elementor-size-default\">Avv\u00e4rjning och vampyrbek\u00e4mpning<\/h2>\t\t\t\t<\/div>\n\t\t<div class=\"elementor-element elementor-element-d5d0260c e-con-full e-flex e-con e-child\" data-id=\"d5d0260c\" data-element_type=\"container\" data-e-type=\"container\">\n\t\t\t\t<div class=\"elementor-element elementor-element-341be2ac elementor-widget elementor-widget-text-editor\" data-id=\"341be2ac\" data-element_type=\"widget\" data-e-type=\"widget\" data-widget_type=\"text-editor.default\">\n\t\t\t\t\t\t\t\t\t<p><strong>F\u00f6rebyggande begravning<\/strong><\/p><p>Den som ans\u00e5gs vara i riskzonen f\u00f6r att bli upyr (sj\u00e4lvmord, od\u00f6pthet, uteslutning ur kyrkan) begravdes med s\u00e4rskild omsorg: ansiktet ned\u00e5t, stort\u00e5rna bundna, munnen fylld med sten, graven t\u00e4ckt med en lie (den \u00e5teruppst\u00e5ndne skulle halshugga sig sj\u00e4lv om han f\u00f6rs\u00f6kte resa sig).<\/p><p><strong>Vid misstanke<\/strong><\/p><p>D\u00f6dsfall i byn utl\u00f6ste vampyrjakt. Bysamh\u00e4llet gr\u00e4vde upp misst\u00e4nkta gravar. Tecken p\u00e5 vampyrverksamhet: f\u00e4rsk kropp, r\u00f6d mun, oskrynklat blod, v\u00e4xta naglar. D\u00e4refter: genomborrning med en p\u00e5le av asptr\u00e4, halshuggning, f\u00f6rbr\u00e4nning i \u00f6ppen l\u00e5ga, askan spreds i floden. P\u00e5 vissa h\u00e5ll br\u00e4ndes hj\u00e4rtat separat.<\/p><p><strong>Amuletter och husskydd<\/strong><\/p><p>Vitl\u00f6k vid f\u00f6nster och d\u00f6rr. R\u00f6kelse i husets innersta. Silverkors vid s\u00e4ngen. Barn skyddades med r\u00f6da tr\u00e5dar runt handlederna. Under s\u00e4rskilt farliga tider (efter d\u00f6dsfall i byn) sov familjemedlemmarna tillsammans, med skyddsamuletter.<\/p>\t\t\t\t\t\t\t\t<\/div>\n\t\t\t\t<\/div>\n\t\t\t\t\t<\/div>\n\t\t\t\t<\/div>\n\t\t<div class=\"elementor-element elementor-element-5a584676 e-flex e-con-boxed e-con e-parent\" data-id=\"5a584676\" data-element_type=\"container\" data-e-type=\"container\">\n\t\t\t\t\t<div class=\"e-con-inner\">\n\t\t\t\t<div class=\"elementor-element elementor-element-6d0757bf elementor-widget elementor-widget-heading\" data-id=\"6d0757bf\" data-element_type=\"widget\" data-e-type=\"widget\" data-widget_type=\"heading.default\">\n\t\t\t\t\t<h2 class=\"elementor-heading-title elementor-size-default\">Fr\u00e5n upyr till vampyr<\/h2>\t\t\t\t<\/div>\n\t\t<div class=\"elementor-element elementor-element-60563f68 e-con-full e-flex e-con e-child\" data-id=\"60563f68\" data-element_type=\"container\" data-e-type=\"container\">\n\t\t\t\t<div class=\"elementor-element elementor-element-5a93fdd6 elementor-widget elementor-widget-text-editor\" data-id=\"5a93fdd6\" data-element_type=\"widget\" data-e-type=\"widget\" data-widget_type=\"text-editor.default\">\n\t\t\t\t\t\t\t\t\t<p><strong>Habsburgska rapporter p\u00e5 1700-talet<\/strong><\/p><p>1732 unders\u00f6ker Johann Fl\u00fcckinger, p\u00e5 uppdrag av den \u00f6sterrikiska arm\u00e9n, fallet Arnod Paole i Serbien och skriver rapporten <em>Visum et Repertum<\/em>. Dokumentet g\u00f6r vampyrfenomenet k\u00e4nt i Wien, Paris och London. En vampyrdebatt skakar den upplysta l\u00e4rda v\u00e4rlden.<\/p><p><strong>Litter\u00e4r f\u00f6delse<\/strong><\/p><p>John Polidoris <em>The Vampyre<\/em> (1819) f\u00f6r in gestalten i salonglitteraturen. Sheridan Le Fanus <em>Carmilla<\/em> (1872) etablerar den kvinnliga vampyren. Bram Stokers <em>Dracula<\/em> (1897) blir den centrala gestalten i den moderna vampyrlitteraturen, uttryckligen f\u00f6rlagd till den rum\u00e4nsk-slaviska randen.<\/p><p><strong>Modern forts\u00e4ttning<\/strong><\/p><p>Upyr-<span class=\"iwg-fachbegriff\" data-tooltip=\"Ett \u00e5terkommande inneh\u00e5llsligt element i konst eller ber\u00e4ttande.\" tabindex=\"0\">motivet<\/span> lever vidare i rum\u00e4nsk, polsk och slavisk litteratur (Olga Tokarczuk, <em>Jakobsb\u00f6ckerna<\/em>). Twilight, True Blood, What We Do in the Shadows och otaliga andra bearbetningar bygger direkt eller indirekt p\u00e5 den slaviska ursprungsgestalten, ofta utan att erk\u00e4nna detta ursprung.<\/p>\t\t\t\t\t\t\t\t<\/div>\n\t\t\t\t<\/div>\n\t\t\t\t\t<\/div>\n\t\t\t\t<\/div>\n\t\t<div class=\"elementor-element elementor-element-cp094dae0 e-flex e-con-boxed e-con e-parent\" data-id=\"cp094dae0\" data-element_type=\"container\" data-e-type=\"container\">\n\t\t\t\t\t<div class=\"e-con-inner\">\n\t\t\t\t<div class=\"elementor-element elementor-element-cp78d8347 elementor-widget elementor-widget-heading\" data-id=\"cp78d8347\" data-element_type=\"widget\" data-e-type=\"widget\" data-widget_type=\"heading.default\">\n\t\t\t\t\t<h2 class=\"elementor-heading-title elementor-size-default\">Upyr i de \u00e4ldsta skriftliga k\u00e4llorna<\/h2>\t\t\t\t<\/div>\n\t\t<div class=\"elementor-element elementor-element-cp475e843 e-con-full e-flex e-con e-child\" data-id=\"cp475e843\" data-element_type=\"container\" data-e-type=\"container\">\n\t\t\t\t<div class=\"elementor-element elementor-element-cp3b0d5be elementor-widget elementor-widget-text-editor\" data-id=\"cp3b0d5be\" data-element_type=\"widget\" data-e-type=\"widget\" data-widget_type=\"text-editor.default\">\n\t\t\t\t\t\t\t\t\t<p>Ordet <em>upyr<\/em> h\u00f6r till de tidigast belagda orden inom den slaviska vampyrtron. Ett ofta citerat bel\u00e4gg \u00e5terfinns i ett fornryskt manuskript, d\u00e4r en skrivare b\u00e4r tillnamnet eller smeknamnet <em>Upir Lichyj<\/em>, vilket ungef\u00e4r betyder &#8221;den onde upyren&#8221;.<\/p><p>Dateringen av detta bel\u00e4gg till 1100-talet diskuteras i forskningen, men det anses vara ett av de \u00e4ldsta tecknen p\u00e5 att ordet redan tidigt var i bruk i det \u00f6stslaviska omr\u00e5det.<\/p><p>Ett annat viktigt bel\u00e4gg \u00e4r en fornkyrkoslavisk predikan mot hedniska seder, som f\u00f6rd\u00f6mer offrandet till <em>upyri<\/em> och <em>beregini<\/em>. Denna text placerar upyren i en rad tillsammans med andra andev\u00e4sen som allmogen bar fram <span class=\"iwg-fachbegriff\" data-tooltip=\"G\u00e5va till en gudom f\u00f6r att uttrycka tacksamhet, \u00f6nskan eller v\u00f6rdnad.\" tabindex=\"0\">offer<\/span> till.<\/p><p>Av detta kan man dra slutsatsen att upyren ursprungligen inte enbart var den blodsugande \u00e5teruppst\u00e5ndne fr\u00e5n senare <span class=\"iwg-fachbegriff\" data-tooltip=\"Vidaref\u00f6randet av kunskap och ber\u00e4ttelser genom generationer.\" tabindex=\"0\">tradition<\/span>, utan en del av ett bredare spektrum av andev\u00e4sen som man \u00e4gnade kultisk v\u00f6rdnad.<\/p><p>Dessa tidiga bel\u00e4gg \u00e4r spr\u00e5kligt upplysande men inneh\u00e5llsligt knapph\u00e4ndiga. De n\u00e4mner ordet men beskriver knappt v\u00e4sendet. Den utf\u00f6rliga bilden av upyren som en \u00e5teruppst\u00e5nden som l\u00e4mnar sin grav om natten h\u00e4rstammar fr\u00e5n betydligt yngre k\u00e4llor, framf\u00f6r allt fr\u00e5n tidigmodern tid och fr\u00e5n 1800-talets folkloristiska uppteckningar.<\/p><p>Forskningen manar d\u00e4rf\u00f6r till f\u00f6rsiktighet: man f\u00e5r inte opr\u00f6vat projicera den senare, fullt utvecklade vampyrbilden bak\u00e5t p\u00e5 de medeltida bel\u00e4ggen. S\u00e4kert \u00e4r endast att ordet \u00e4r gammalt och att det fr\u00e5n b\u00f6rjan betecknade ett fruktat v\u00e4sen f\u00f6rbundet med d\u00f6dskult.<\/p>\t\t\t\t\t\t\t\t<\/div>\n\t\t\t\t<\/div>\n\t\t\t\t\t<\/div>\n\t\t\t\t<\/div>\n\t\t<div class=\"elementor-element elementor-element-cpd98e378 e-flex e-con-boxed e-con e-parent\" data-id=\"cpd98e378\" data-element_type=\"container\" data-e-type=\"container\">\n\t\t\t\t\t<div class=\"e-con-inner\">\n\t\t\t\t<div class=\"elementor-element elementor-element-cp9a79b75 elementor-widget elementor-widget-heading\" data-id=\"cp9a79b75\" data-element_type=\"widget\" data-e-type=\"widget\" data-widget_type=\"heading.default\">\n\t\t\t\t\t<h2 class=\"elementor-heading-title elementor-size-default\">Etymologin f\u00f6r ett omstritt ord<\/h2>\t\t\t\t<\/div>\n\t\t<div class=\"elementor-element elementor-element-cpb04776b e-con-full e-flex e-con e-child\" data-id=\"cpb04776b\" data-element_type=\"container\" data-e-type=\"container\">\n\t\t\t\t<div class=\"elementor-element elementor-element-cp465a732 elementor-widget elementor-widget-text-editor\" data-id=\"cp465a732\" data-element_type=\"widget\" data-e-type=\"widget\" data-widget_type=\"text-editor.default\">\n\t\t\t\t\t\t\t\t\t<p>Ursprunget till ordet <em>upyr<\/em> h\u00f6r till de ol\u00f6sta fr\u00e5gorna inom slavisk spr\u00e5kvetenskap. Flera tolkningar existerar sida vid sida, utan att n\u00e5gon slutgiltigt har vunnit geh\u00f6r.<\/p><p>Ett vanligt f\u00f6rslag delar upp ordet i ett nekande eller f\u00f6rst\u00e4rkande prefix och en stam som har samband med att flyga eller med fj\u00e4drar, vilket skulle tolka upyren som ett flygande eller fladdrande v\u00e4sen.<\/p><p>Ett annat f\u00f6rslag kopplar stammen till ett ord f\u00f6r uppsv\u00e4lldhet eller uppbl\u00e5sthet, vilket skulle st\u00e4mma v\u00e4l med den folkloristiskt v\u00e4l belagda bilden av det sp\u00e4nda, of\u00f6rruttnade vampyrliket.<\/p><p>Klarl\u00e4ggandet f\u00f6rsv\u00e5ras av att ordet f\u00f6rekommer i n\u00e4stan alla slaviska spr\u00e5k, i respektive ljudm\u00e4ssigt f\u00f6r\u00e4ndrad form.<\/p><p>Den sydslaviska formen <em>vampir<\/em> \u00e4r den som via tyskan och franskan under 1700-talet spreds till de v\u00e4steuropeiska spr\u00e5ken och d\u00e4r blev det internationella ordet f\u00f6r hela v\u00e4sensklassen. Polskans <em>upi\u00f3r<\/em>, ukrainskans <em>upyr<\/em>, ryskans <em>upyr<\/em> och andra former h\u00f6r till samma ordstam.<\/p><p>Den spr\u00e5kvetenskapliga forskningen ser i denna breda spridning ett argument f\u00f6r att ordet och det begrepp det betecknar redan fanns under urslavisk tid. Vilken av de f\u00f6reslagna etymologierna som \u00e4r korrekt f\u00f6rblir \u00f6ppet, och vissa forskare anser till och med att ordet \u00e4r ett l\u00e5n fr\u00e5n ett icke-slaviskt spr\u00e5k, vilket komplicerar bilden ytterligare.<\/p><p>Viktigt f\u00f6r den religionsvetenskapliga betraktelsen \u00e4r insikten att redan namnet i sig \u00e4r ett gammalt, sv\u00e5rgenomtr\u00e4ngligt arv och inte enbart en skapelse av den nutida <span class=\"iwg-fachbegriff\" data-tooltip=\"Den ned\u00e4rvda folkkulturen med seder, ber\u00e4ttelser och s\u00e5nger.\" tabindex=\"0\">folkloren<\/span>.<\/p>\t\t\t\t\t\t\t\t<\/div>\n\t\t\t\t<\/div>\n\t\t\t\t\t<\/div>\n\t\t\t\t<\/div>\n\t\t<div class=\"elementor-element elementor-element-cp9f5edd9 e-flex e-con-boxed e-con e-parent\" data-id=\"cp9f5edd9\" data-element_type=\"container\" data-e-type=\"container\">\n\t\t\t\t\t<div class=\"e-con-inner\">\n\t\t\t\t<div class=\"elementor-element elementor-element-cpec88e96 elementor-widget elementor-widget-heading\" data-id=\"cpec88e96\" data-element_type=\"widget\" data-e-type=\"widget\" data-widget_type=\"heading.default\">\n\t\t\t\t\t<h2 class=\"elementor-heading-title elementor-size-default\">Upyr och den europeiska vampyrdebatten p\u00e5 1700-talet<\/h2>\t\t\t\t<\/div>\n\t\t<div class=\"elementor-element elementor-element-cp489167d e-con-full e-flex e-con e-child\" data-id=\"cp489167d\" data-element_type=\"container\" data-e-type=\"container\">\n\t\t\t\t<div class=\"elementor-element elementor-element-cpa361136 elementor-widget elementor-widget-text-editor\" data-id=\"cpa361136\" data-element_type=\"widget\" data-e-type=\"widget\" data-widget_type=\"text-editor.default\">\n\t\t\t\t\t\t\t\t\t<p>Den slaviska vampirtron kom i blickf\u00e5nget f\u00f6r den v\u00e4steuropeiska l\u00e4rdomen under 1700-talet, och upyren och dennes sydslaviska motsvarigheter stod d\u00e5 i centrum. Utl\u00f6sande faktor var flera uppm\u00e4rksammade fall fr\u00e5n de habsburgska gr\u00e4nsomr\u00e5dena p\u00e5 Balkan.<\/p><p>S\u00e4rskilt k\u00e4nt blev fallet med Arnold Paole och fallet med Petar Blagojevi\u0107 p\u00e5 1720- och 1730-talen, d\u00e4r \u00f6sterrikiska myndigheter och milit\u00e4rl\u00e4kare skrev officiella unders\u00f6kningsrapporter om p\u00e5st\u00e5dda vampirer.<\/p><p>Dessa rapporter trycktes i Europa och utl\u00f6ste en bred l\u00e4rd debatt. L\u00e4kare, teologer och filosofer diskuterade om vampirer existerade, hur de rapporterade fenomenen skulle f\u00f6rklaras och vilken h\u00e5llning kyrka och stat borde inta.<\/p><p><span data-nosnippet>Benediktinermunken Augustin Calmet publicerade 1746 en vitt l\u00e4st avhandling d\u00e4r han samlade och kritiskt diskuterade materialet utan att komma till n\u00e5gon tydlig slutsats. Upplysningsfilosofin reagerade skarpare och anv\u00e4nde vampirtron som exempel p\u00e5 vidskepelse och kyrklig l\u00e4ttrogenhet.<\/span><\/p><p>F\u00f6r den religionsvetenskapliga betraktelsen \u00e4r detta avsnitt betydelsefullt p\u00e5 tv\u00e5 s\u00e4tt. F\u00f6r det f\u00f6rsta gav det n\u00e5gra av de mest utf\u00f6rliga och \u00e4ldsta detaljerade beskrivningarna av den slaviska vampirf\u00f6rest\u00e4llningen, inklusive praktiker som grav\u00f6ppning och p\u00e5lning.<\/p><p>F\u00f6r det andra visar det \u00f6gonblicket d\u00e5 en regional <span class=\"iwg-fachbegriff\" data-tooltip=\"Religi\u00f6sa f\u00f6rest\u00e4llningar och seder som \u00e4r spridda i vardagen.\" tabindex=\"0\">folktro<\/span> blev ett alleuropeiskt diskussions\u00e4mne och d\u00e4rmed inledde sin v\u00e4g in i litteraturen och slutligen in i den moderna popul\u00e4rkulturen. Den litter\u00e4ra vampiren fr\u00e5n 1800-talet, fr\u00e5n John Polidoris ber\u00e4ttelse till Bram Stokers <em>Dracula<\/em>, hade inte varit t\u00e4nkbar utan denna debatt under 1700-talet.<\/p>\t\t\t\t\t\t\t\t<\/div>\n\t\t\t\t<\/div>\n\t\t\t\t\t<\/div>\n\t\t\t\t<\/div>\n\t\t<div class=\"elementor-element elementor-element-36dd7469 e-flex e-con-boxed e-con e-parent\" data-id=\"36dd7469\" data-element_type=\"container\" data-e-type=\"container\">\n\t\t\t\t\t<div class=\"e-con-inner\">\n\t\t\t\t<div class=\"elementor-element elementor-element-13760ab4 elementor-widget elementor-widget-heading\" data-id=\"13760ab4\" data-element_type=\"widget\" data-e-type=\"widget\" data-widget_type=\"heading.default\">\n\t\t\t\t\t<h2 class=\"elementor-heading-title elementor-size-default\">Vidare l\u00e4nkar<\/h2>\t\t\t\t<\/div>\n\t\t<div class=\"elementor-element elementor-element-28c87796 e-con-full e-flex e-con e-child\" data-id=\"28c87796\" data-element_type=\"container\" data-e-type=\"container\">\n\t\t\t\t<div class=\"elementor-element elementor-element-5d6538df elementor-widget elementor-widget-text-editor\" data-id=\"5d6538df\" data-element_type=\"widget\" data-e-type=\"widget\" data-widget_type=\"text-editor.default\">\n\t\t\t\t\t\t\t\t\t<p>Rekommenderade interna l\u00e4nkar:<\/p><ul><li><a href=\"https:\/\/iwell-guard.com\/sv\/slavisk\/\">Slaviskt<\/a><\/li><li><a href=\"https:\/\/iwell-guard.com\/sv\/baba-jaga\/\">Baba Jaga<\/a>, <a href=\"https:\/\/iwell-guard.com\/sv\/rusalka\/\">Rusalka<\/a>, <a href=\"https:\/\/iwell-guard.com\/sv\/leshy\/\">Leshy<\/a>, <a href=\"https:\/\/iwell-guard.com\/sv\/kikimora\/\">Kikimora<\/a><\/li><li><a href=\"https:\/\/iwell-guard.com\/sv\/edimmu\/\">Edimmu<\/a>, <a href=\"https:\/\/iwell-guard.com\/sv\/striga\/\">Striga<\/a> (f\u00f6reg\u00e5ngare)<\/li><li><a href=\"https:\/\/iwell-guard.com\/sv\/draugr\/\">Draugr<\/a> (germansk geng\u00e5ngare)<\/li><li>Modernt: Bram Stoker, vampirlitteratur<\/li><\/ul>\t\t\t\t\t\t\t\t<\/div>\n\t\t\t\t<\/div>\n\t\t\t\t\t<\/div>\n\t\t\t\t<\/div>\n\t\t<div class=\"elementor-element elementor-element-grl4kl40 e-flex e-con-boxed e-con e-parent\" data-id=\"grl4kl40\" data-element_type=\"container\" data-e-type=\"container\">\n\t\t\t\t\t<div class=\"e-con-inner\">\n\t\t\t\t<div class=\"elementor-element elementor-element-bzsbfrmh elementor-widget elementor-widget-heading\" data-id=\"bzsbfrmh\" data-element_type=\"widget\" data-e-type=\"widget\" data-widget_type=\"heading.default\">\n\t\t\t\t\t<h2 class=\"elementor-heading-title elementor-size-default\">Forskningslitteratur<\/h2>\t\t\t\t<\/div>\n\t\t<div class=\"elementor-element elementor-element-2c13224a e-con-full e-flex e-con e-child\" data-id=\"2c13224a\" data-element_type=\"container\" data-e-type=\"container\">\n\t\t\t\t<div class=\"elementor-element elementor-element-0eymh9ub elementor-widget elementor-widget-text-editor\" data-id=\"0eymh9ub\" data-element_type=\"widget\" data-e-type=\"widget\" data-widget_type=\"text-editor.default\">\n\t\t\t\t\t\t\t\t\t<footer class=\"iwg-literatur\"><p>Ett urval centrala verk om upyr\/vampyr:<\/p><ul><li><span data-nosnippet>Barber, Paul: <em>Vampires, Burial, and Death. <span class=\"iwg-fachbegriff\" data-tooltip=\"Den ned\u00e4rvda folkkulturen med seder, ber\u00e4ttelser och s\u00e5nger.\" tabindex=\"0\">Folklore<\/span> and Reality<\/em>. New Haven 1988.<\/span><\/li><li><span data-nosnippet>Murgoci, Agnes: \u201eThe Vampire in Roumania.&#8221; I: <em><span class=\"iwg-fachbegriff\" data-tooltip=\"Den ned\u00e4rvda folkkulturen med seder, ber\u00e4ttelser och s\u00e5nger.\" tabindex=\"0\">Folklore<\/span><\/em> 37 (1926).<\/span><\/li><li><span data-nosnippet>Hamberger, Klaus: <em>Mortuus non mordet. Kommentierte Dokumentation zum Vampirismus 1689, 1791<\/em>. Wien 1992.<\/span><\/li><li><span data-nosnippet>Perkowski, Jan: <em>Vampires of the Slavs<\/em>. Cambridge, MA 1976.<\/span><\/li><li><span data-nosnippet>Karad\u017ei\u0107, Vuk Stefanovi\u0107: <em>Srpski rje\u010dnik<\/em>. Wien 1818.<\/span><\/li><\/ul><div data-nosnippet=\"true\" class=\"iwg-litliste\"><\/div><\/footer>\n<p class=\"iwg-bib-more\"><span data-nosnippet>Fler standardverk i <a href=\"https:\/\/iwell-guard.com\/sv\/litteratur\/\">litteraturf\u00f6rteckningen<\/a>.<\/span><\/p>\t\t\t\t\t\t\t\t<\/div>\n\t\t\t\t<\/div>\n\t\t\t\t\t<\/div>\n\t\t\t\t<\/div>\n\t\t<div class=\"elementor-element elementor-element-iwgca-upyr-sec e-flex e-con-boxed e-con e-parent\" data-id=\"iwgca-upyr-sec\" data-element_type=\"container\" data-e-type=\"container\" id=\"iwg-ca-upyr\">\n\t\t\t\t\t<div class=\"e-con-inner\">\n\t\t\t\t<div class=\"elementor-element elementor-element-iwgca-upyr-te iwg-ca-textwrap elementor-widget elementor-widget-text-editor\" data-id=\"iwgca-upyr-te\" data-element_type=\"widget\" data-e-type=\"widget\" data-widget_type=\"text-editor.default\">\n\t\t\t\t\t\t\t\t\t<div data-nosnippet=\"true\"><p class=\"iwg-ca-bridge\">Den skyddspraktik som beskrivs h\u00e4r \u00e4r en vetenskaplig tolkning av historiska traditioner. iWell Guard ansluter till denna kulturhistoriska linje av b\u00e4rbara skyddsobjekt och utg\u00f6r en samtida form av den. <a href=\"\/ueber-iwell-guard\/?utm_source=iwell-guard.com&#038;utm_medium=text-link&#038;utm_campaign=schadwesen-tradition\">Mer om iWell Guard \u2192<\/a><\/p><\/div>\t\t\t\t\t\t\t\t<\/div>\n\t\t\t\t\t<\/div>\n\t\t\t\t<\/div>\n\t\t\t\t<\/div>\n\t\t","protected":false},"excerpt":{"rendered":"","protected":false},"author":3,"featured_media":1714,"parent":0,"menu_order":0,"comment_status":"closed","ping_status":"closed","template":"elementor_header_footer","meta":{"_yoast_wpseo_focuskw":"Upyr","_yoast_wpseo_title":"Upyr - Den slaviska geng\u00e5ngaren","_yoast_wpseo_metadesc":"Upyr, slavisk geng\u00e5ngare och urfader till den moderna vampyrgestalten: begravningsritualer, skydds\u00e5tg\u00e4rder och historien om vampyrid\u00e9n.","_yoast_wpseo_meta-robots-noindex":"","_yoast_wpseo_canonical":"","_angie_page":false,"gefaehrdungsstufe":"4","wesen_kultur":"slawisch","wesen_klasse":"daemonen","footnotes":""},"categories":[],"class_list":["post-136543","page","type-page","status-publish","has-post-thumbnail","hentry"],"yoast_head":"<!-- This site is optimized with the Yoast SEO Premium plugin v27.7 (Yoast SEO v28.3) - https:\/\/yoast.com\/product\/yoast-seo-premium-wordpress\/ -->\n<title>Upyr - Den slaviska geng\u00e5ngaren<\/title>\n<meta name=\"description\" content=\"Upyr, slavisk geng\u00e5ngare och urfader till den moderna vampyrgestalten: begravningsritualer, skydds\u00e5tg\u00e4rder och historien om vampyrid\u00e9n.\" \/>\n<meta name=\"robots\" content=\"index, follow, max-snippet:-1, max-image-preview:large, max-video-preview:-1\" \/>\n<link rel=\"canonical\" href=\"https:\/\/iwell-guard.com\/sv\/upyr\/\" \/>\n<meta property=\"og:locale\" content=\"sv_SE\" \/>\n<meta property=\"og:type\" content=\"article\" \/>\n<meta property=\"og:title\" content=\"Upyr\" \/>\n<meta property=\"og:description\" content=\"Upyr, slavisk geng\u00e5ngare och urfader till den moderna vampyrgestalten: begravningsritualer, skydds\u00e5tg\u00e4rder och historien om vampyrid\u00e9n.\" \/>\n<meta property=\"og:url\" content=\"https:\/\/iwell-guard.com\/sv\/upyr\/\" \/>\n<meta property=\"og:site_name\" content=\"iWell Guard\" \/>\n<meta property=\"article:modified_time\" content=\"2026-09-03T01:05:32+00:00\" \/>\n<meta property=\"og:image\" content=\"https:\/\/iwell-guard.com\/wp-content\/uploads\/2026\/04\/daemonen_slawisch_upyr.webp\" \/>\n\t<meta property=\"og:image:width\" content=\"1024\" \/>\n\t<meta property=\"og:image:height\" content=\"1536\" \/>\n\t<meta property=\"og:image:type\" content=\"image\/webp\" \/>\n<meta name=\"twitter:card\" content=\"summary_large_image\" \/>\n<script type=\"application\/ld+json\" class=\"yoast-schema-graph\">{\"@context\":\"https:\\\/\\\/schema.org\",\"@graph\":[{\"@type\":\"WebPage\",\"@id\":\"https:\\\/\\\/iwell-guard.com\\\/sv\\\/upyr\\\/\",\"url\":\"https:\\\/\\\/iwell-guard.com\\\/sv\\\/upyr\\\/\",\"name\":\"Upyr - Den slaviska geng\u00e5ngaren\",\"isPartOf\":{\"@id\":\"https:\\\/\\\/iwell-guard.com\\\/sv\\\/#website\"},\"primaryImageOfPage\":{\"@id\":\"https:\\\/\\\/iwell-guard.com\\\/sv\\\/upyr\\\/#primaryimage\"},\"image\":{\"@id\":\"https:\\\/\\\/iwell-guard.com\\\/sv\\\/upyr\\\/#primaryimage\"},\"thumbnailUrl\":\"https:\\\/\\\/iwell-guard.com\\\/wp-content\\\/uploads\\\/2026\\\/04\\\/daemonen_slawisch_upyr.webp\",\"datePublished\":\"2026-09-03T00:07:56+00:00\",\"dateModified\":\"2026-09-03T01:05:32+00:00\",\"description\":\"Upyr, slavisk geng\u00e5ngare och urfader till den moderna vampyrgestalten: begravningsritualer, skydds\u00e5tg\u00e4rder och historien om vampyrid\u00e9n.\",\"breadcrumb\":{\"@id\":\"https:\\\/\\\/iwell-guard.com\\\/sv\\\/upyr\\\/#breadcrumb\"},\"inLanguage\":\"sv-SE\",\"potentialAction\":[{\"@type\":\"ReadAction\",\"target\":[\"https:\\\/\\\/iwell-guard.com\\\/sv\\\/upyr\\\/\"]}]},{\"@type\":\"ImageObject\",\"inLanguage\":\"sv-SE\",\"@id\":\"https:\\\/\\\/iwell-guard.com\\\/sv\\\/upyr\\\/#primaryimage\",\"url\":\"https:\\\/\\\/iwell-guard.com\\\/wp-content\\\/uploads\\\/2026\\\/04\\\/daemonen_slawisch_upyr.webp\",\"contentUrl\":\"https:\\\/\\\/iwell-guard.com\\\/wp-content\\\/uploads\\\/2026\\\/04\\\/daemonen_slawisch_upyr.webp\",\"width\":1024,\"height\":1536,\"caption\":\"Demoner ur den slaviska traditionen.\"},{\"@type\":\"BreadcrumbList\",\"@id\":\"https:\\\/\\\/iwell-guard.com\\\/sv\\\/upyr\\\/#breadcrumb\",\"itemListElement\":[{\"@type\":\"ListItem\",\"position\":1,\"name\":\"Start\",\"item\":\"https:\\\/\\\/iwell-guard.com\\\/sv\\\/?page_id=136483\"},{\"@type\":\"ListItem\",\"position\":2,\"name\":\"Upyr\"}]},{\"@type\":\"WebSite\",\"@id\":\"https:\\\/\\\/iwell-guard.com\\\/sv\\\/#website\",\"url\":\"https:\\\/\\\/iwell-guard.com\\\/sv\\\/\",\"name\":\"iWell Guard\",\"description\":\"Schutz vor dunklen Einfl\u00fcssen\",\"publisher\":{\"@id\":\"https:\\\/\\\/iwell-guard.com\\\/sv\\\/#organization\"},\"potentialAction\":[{\"@type\":\"SearchAction\",\"target\":{\"@type\":\"EntryPoint\",\"urlTemplate\":\"https:\\\/\\\/iwell-guard.com\\\/sv\\\/?s={search_term_string}\"},\"query-input\":{\"@type\":\"PropertyValueSpecification\",\"valueRequired\":true,\"valueName\":\"search_term_string\"}}],\"inLanguage\":\"sv-SE\"},{\"@type\":\"Organization\",\"@id\":\"https:\\\/\\\/iwell-guard.com\\\/sv\\\/#organization\",\"name\":\"Ittermann electronic GmbH\",\"url\":\"https:\\\/\\\/iwell-guard.com\\\/sv\\\/\",\"logo\":{\"@type\":\"ImageObject\",\"inLanguage\":\"sv-SE\",\"@id\":\"https:\\\/\\\/iwell-guard.com\\\/sv\\\/#\\\/schema\\\/logo\\\/image\\\/\",\"url\":\"https:\\\/\\\/iwell-guard.com\\\/wp-content\\\/uploads\\\/2026\\\/05\\\/Ittermann-Logo-1182x237-1.png\",\"contentUrl\":\"https:\\\/\\\/iwell-guard.com\\\/wp-content\\\/uploads\\\/2026\\\/05\\\/Ittermann-Logo-1182x237-1.png\",\"width\":1182,\"height\":237,\"caption\":\"Ittermann electronic GmbH\"},\"image\":{\"@id\":\"https:\\\/\\\/iwell-guard.com\\\/sv\\\/#\\\/schema\\\/logo\\\/image\\\/\"},\"sameAs\":[\"https:\\\/\\\/pantip.com\\\/profile\\\/9367242\",\"https:\\\/\\\/micro.blog\\\/iwellguard\",\"https:\\\/\\\/www.diggerslist.com\\\/iwellguard\\\/about\",\"https:\\\/\\\/skitterphoto.com\\\/photographers\\\/2870314\\\/iwell-guard\",\"https:\\\/\\\/iwellguard.wordpress.com\\\/2026\\\/06\\\/06\\\/iwell-guard\\\/\",\"https:\\\/\\\/hub.docker.com\\\/u\\\/iwellguard\",\"https:\\\/\\\/www.pinterest.com\\\/iwellguard\\\/\",\"https:\\\/\\\/bit.ly\\\/m\\\/iwellguard\",\"https:\\\/\\\/entre-vos-mains.alsace.eu\\\/profiles\\\/iwellguard\\\/activity\",\"https:\\\/\\\/gravatar.com\\\/reallybeded8fd34\",\"https:\\\/\\\/naijamatta.com\\\/iwellguard\",\"https:\\\/\\\/www.goodreads.com\\\/iwellguard\",\"https:\\\/\\\/profile.hatena.ne.jp\\\/iwellguard\\\/\",\"https:\\\/\\\/experiment.com\\\/users\\\/iwellguard\",\"https:\\\/\\\/wakelet.com\\\/@iWellGuard82270\",\"https:\\\/\\\/www.chordie.com\\\/forum\\\/profile.php?id=2555664\",\"https:\\\/\\\/www.instapaper.com\\\/p\\\/17757966\",\"https:\\\/\\\/www.mapleprimes.com\\\/users\\\/iwellguard\",\"https:\\\/\\\/businesslistingplus.com\\\/profile\\\/iwell-guard\\\/\",\"https:\\\/\\\/telegra.ph\\\/iWell-Guard-06-06\",\"https:\\\/\\\/pbase.com\\\/iwellguard\\\/iwellguard\",\"https:\\\/\\\/b.hatena.ne.jp\\\/iwellguard\\\/20260607#bookmark-4788405196491818882\",\"https:\\\/\\\/fliphtml5.com\\\/home\\\/iwellguard\",\"https:\\\/\\\/anyflip.com\\\/homepage\\\/cmiwl#About\",\"https:\\\/\\\/transfur.com\\\/Users\\\/iwellguard\",\"http:\\\/\\\/delphi.larsbo.org\\\/user\\\/iwellguard\",\"https:\\\/\\\/jobs.lajobsportal.org\\\/profiles\\\/8380803-iwell-guard\",\"https:\\\/\\\/md.chaosdorf.de\\\/s\\\/jfbe5SBdJD\",\"https:\\\/\\\/www.lingvolive.com\\\/en-us\\\/profile\\\/9ecaeaca-ce11-4e51-9e71-01d55e2bff36\\\/translations\",\"https:\\\/\\\/www.fitday.com\\\/fitness\\\/forums\\\/members\\\/iwellguard.html\",\"https:\\\/\\\/www.mymeetbook.com\\\/iwellguard\",\"https:\\\/\\\/pxhere.com\\\/en\\\/photographer-me\\\/5040798\",\"https:\\\/\\\/disqus.com\\\/by\\\/iwellguard\\\/about\\\/\",\"https:\\\/\\\/pastelink.net\\\/hjwciqwq\",\"https:\\\/\\\/pubhtml5.com\\\/homepage\\\/scjhn\\\/\",\"https:\\\/\\\/www.bitchute.com\\\/channel\\\/2O2eOKzNqujT\",\"https:\\\/\\\/audiomack.com\\\/iwellguard\"]},{\"@type\":\"Article\",\"@id\":\"https:\\\/\\\/iwell-guard.com\\\/sv\\\/upyr\\\/#article\",\"isPartOf\":{\"@id\":\"https:\\\/\\\/iwell-guard.com\\\/sv\\\/upyr\\\/\"},\"author\":{\"name\":\"Ralf Ittermann\",\"@id\":\"https:\\\/\\\/iwell-guard.com\\\/sv\\\/#\\\/schema\\\/person\\\/ee2a27f1cac3406c7c6fb5820cb7349f\"},\"headline\":\"Upyr\",\"datePublished\":\"2026-09-03T00:07:56+00:00\",\"dateModified\":\"2026-09-03T01:05:32+00:00\",\"mainEntityOfPage\":{\"@id\":\"https:\\\/\\\/iwell-guard.com\\\/sv\\\/upyr\\\/\"},\"publisher\":{\"@id\":\"https:\\\/\\\/iwell-guard.com\\\/sv\\\/#organization\"},\"image\":{\"@id\":\"https:\\\/\\\/iwell-guard.com\\\/sv\\\/upyr\\\/#primaryimage\"},\"thumbnailUrl\":\"https:\\\/\\\/iwell-guard.com\\\/wp-content\\\/uploads\\\/2026\\\/04\\\/daemonen_slawisch_upyr.webp\",\"inLanguage\":\"sv-SE\",\"description\":\"Upyr, slavisk geng\u00e5ngare och urfader till den moderna vampyrgestalten: begravningsritualer, skydds\u00e5tg\u00e4rder och historien om vampyrid\u00e9n.\"}]}<\/script>\n<!-- \/ Yoast SEO Premium plugin. -->","yoast_head_json":{"title":"Upyr - Den slaviska geng\u00e5ngaren","description":"Upyr, slavisk geng\u00e5ngare och urfader till den moderna vampyrgestalten: begravningsritualer, skydds\u00e5tg\u00e4rder och historien om vampyrid\u00e9n.","robots":{"index":"index","follow":"follow","max-snippet":"max-snippet:-1","max-image-preview":"max-image-preview:large","max-video-preview":"max-video-preview:-1"},"canonical":"https:\/\/iwell-guard.com\/sv\/upyr\/","og_locale":"sv_SE","og_type":"article","og_title":"Upyr","og_description":"Upyr, slavisk geng\u00e5ngare och urfader till den moderna vampyrgestalten: begravningsritualer, skydds\u00e5tg\u00e4rder och historien om vampyrid\u00e9n.","og_url":"https:\/\/iwell-guard.com\/sv\/upyr\/","og_site_name":"iWell Guard","article_modified_time":"2026-09-03T01:05:32+00:00","og_image":[{"width":1024,"height":1536,"url":"https:\/\/iwell-guard.com\/wp-content\/uploads\/2026\/04\/daemonen_slawisch_upyr.webp","type":"image\/webp"}],"twitter_card":"summary_large_image","schema":{"@context":"https:\/\/schema.org","@graph":[{"@type":"Article","@id":"https:\/\/iwell-guard.com\/sv\/upyr\/#article","isPartOf":{"@id":"https:\/\/iwell-guard.com\/sv\/upyr\/"},"author":{"name":"Ralf Ittermann","@id":"https:\/\/iwell-guard.com\/sv\/#\/schema\/person\/ee2a27f1cac3406c7c6fb5820cb7349f"},"headline":"Upyr","datePublished":"2026-09-03T00:07:56+00:00","dateModified":"2026-09-03T01:05:32+00:00","mainEntityOfPage":{"@id":"https:\/\/iwell-guard.com\/sv\/upyr\/"},"publisher":{"@id":"https:\/\/iwell-guard.com\/sv\/#organization"},"image":{"@id":"https:\/\/iwell-guard.com\/sv\/upyr\/#primaryimage"},"thumbnailUrl":"https:\/\/iwell-guard.com\/wp-content\/uploads\/2026\/04\/daemonen_slawisch_upyr.webp","inLanguage":"sv-SE","description":"Upyr, slavisk geng\u00e5ngare och urfader till den moderna vampyrgestalten: begravningsritualer, skydds\u00e5tg\u00e4rder och historien om vampyrid\u00e9n."},{"@type":"WebPage","@id":"https:\/\/iwell-guard.com\/sv\/upyr\/","url":"https:\/\/iwell-guard.com\/sv\/upyr\/","name":"Upyr - Den slaviska geng\u00e5ngaren","isPartOf":{"@id":"https:\/\/iwell-guard.com\/sv\/#website"},"primaryImageOfPage":{"@id":"https:\/\/iwell-guard.com\/sv\/upyr\/#primaryimage"},"image":{"@id":"https:\/\/iwell-guard.com\/sv\/upyr\/#primaryimage"},"thumbnailUrl":"https:\/\/iwell-guard.com\/wp-content\/uploads\/2026\/04\/daemonen_slawisch_upyr.webp","datePublished":"2026-09-03T00:07:56+00:00","dateModified":"2026-09-03T01:05:32+00:00","description":"Upyr, slavisk geng\u00e5ngare och urfader till den moderna vampyrgestalten: begravningsritualer, skydds\u00e5tg\u00e4rder och historien om vampyrid\u00e9n.","breadcrumb":{"@id":"https:\/\/iwell-guard.com\/sv\/upyr\/#breadcrumb"},"inLanguage":"sv-SE","potentialAction":[{"@type":"ReadAction","target":["https:\/\/iwell-guard.com\/sv\/upyr\/"]}]},{"@type":"ImageObject","inLanguage":"sv-SE","@id":"https:\/\/iwell-guard.com\/sv\/upyr\/#primaryimage","url":"https:\/\/iwell-guard.com\/wp-content\/uploads\/2026\/04\/daemonen_slawisch_upyr.webp","contentUrl":"https:\/\/iwell-guard.com\/wp-content\/uploads\/2026\/04\/daemonen_slawisch_upyr.webp","width":1024,"height":1536,"caption":"Demoner ur den slaviska traditionen."},{"@type":"BreadcrumbList","@id":"https:\/\/iwell-guard.com\/sv\/upyr\/#breadcrumb","itemListElement":[{"@type":"ListItem","position":1,"name":"Start","item":"https:\/\/iwell-guard.com\/sv\/?page_id=136483"},{"@type":"ListItem","position":2,"name":"Upyr"}]},{"@type":"WebSite","@id":"https:\/\/iwell-guard.com\/sv\/#website","url":"https:\/\/iwell-guard.com\/sv\/","name":"iWell Guard","description":"Schutz vor dunklen Einfl\u00fcssen","publisher":{"@id":"https:\/\/iwell-guard.com\/sv\/#organization"},"potentialAction":[{"@type":"SearchAction","target":{"@type":"EntryPoint","urlTemplate":"https:\/\/iwell-guard.com\/sv\/?s={search_term_string}"},"query-input":{"@type":"PropertyValueSpecification","valueRequired":true,"valueName":"search_term_string"}}],"inLanguage":"sv-SE"},{"@type":"Organization","@id":"https:\/\/iwell-guard.com\/sv\/#organization","name":"Ittermann electronic GmbH","url":"https:\/\/iwell-guard.com\/sv\/","logo":{"@type":"ImageObject","inLanguage":"sv-SE","@id":"https:\/\/iwell-guard.com\/sv\/#\/schema\/logo\/image\/","url":"https:\/\/iwell-guard.com\/wp-content\/uploads\/2026\/05\/Ittermann-Logo-1182x237-1.png","contentUrl":"https:\/\/iwell-guard.com\/wp-content\/uploads\/2026\/05\/Ittermann-Logo-1182x237-1.png","width":1182,"height":237,"caption":"Ittermann electronic GmbH"},"image":{"@id":"https:\/\/iwell-guard.com\/sv\/#\/schema\/logo\/image\/"},"sameAs":["https:\/\/pantip.com\/profile\/9367242","https:\/\/micro.blog\/iwellguard","https:\/\/www.diggerslist.com\/iwellguard\/about","https:\/\/skitterphoto.com\/photographers\/2870314\/iwell-guard","https:\/\/iwellguard.wordpress.com\/2026\/06\/06\/iwell-guard\/","https:\/\/hub.docker.com\/u\/iwellguard","https:\/\/www.pinterest.com\/iwellguard\/","https:\/\/bit.ly\/m\/iwellguard","https:\/\/entre-vos-mains.alsace.eu\/profiles\/iwellguard\/activity","https:\/\/gravatar.com\/reallybeded8fd34","https:\/\/naijamatta.com\/iwellguard","https:\/\/www.goodreads.com\/iwellguard","https:\/\/profile.hatena.ne.jp\/iwellguard\/","https:\/\/experiment.com\/users\/iwellguard","https:\/\/wakelet.com\/@iWellGuard82270","https:\/\/www.chordie.com\/forum\/profile.php?id=2555664","https:\/\/www.instapaper.com\/p\/17757966","https:\/\/www.mapleprimes.com\/users\/iwellguard","https:\/\/businesslistingplus.com\/profile\/iwell-guard\/","https:\/\/telegra.ph\/iWell-Guard-06-06","https:\/\/pbase.com\/iwellguard\/iwellguard","https:\/\/b.hatena.ne.jp\/iwellguard\/20260607#bookmark-4788405196491818882","https:\/\/fliphtml5.com\/home\/iwellguard","https:\/\/anyflip.com\/homepage\/cmiwl#About","https:\/\/transfur.com\/Users\/iwellguard","http:\/\/delphi.larsbo.org\/user\/iwellguard","https:\/\/jobs.lajobsportal.org\/profiles\/8380803-iwell-guard","https:\/\/md.chaosdorf.de\/s\/jfbe5SBdJD","https:\/\/www.lingvolive.com\/en-us\/profile\/9ecaeaca-ce11-4e51-9e71-01d55e2bff36\/translations","https:\/\/www.fitday.com\/fitness\/forums\/members\/iwellguard.html","https:\/\/www.mymeetbook.com\/iwellguard","https:\/\/pxhere.com\/en\/photographer-me\/5040798","https:\/\/disqus.com\/by\/iwellguard\/about\/","https:\/\/pastelink.net\/hjwciqwq","https:\/\/pubhtml5.com\/homepage\/scjhn\/","https:\/\/www.bitchute.com\/channel\/2O2eOKzNqujT","https:\/\/audiomack.com\/iwellguard"]},{"@type":"Person","@id":"https:\/\/iwell-guard.com\/sv\/#\/schema\/person\/ee2a27f1cac3406c7c6fb5820cb7349f","name":"Ralf Ittermann","image":{"@type":"ImageObject","inLanguage":"sv-SE","@id":"https:\/\/secure.gravatar.com\/avatar\/073c0153e350a5005b68eb752b445fea71f6b24a26da9449ad7e155e6b446c9d?s=96&d=mm&r=g","url":"https:\/\/secure.gravatar.com\/avatar\/073c0153e350a5005b68eb752b445fea71f6b24a26da9449ad7e155e6b446c9d?s=96&d=mm&r=g","contentUrl":"https:\/\/secure.gravatar.com\/avatar\/073c0153e350a5005b68eb752b445fea71f6b24a26da9449ad7e155e6b446c9d?s=96&d=mm&r=g","caption":"Ralf Ittermann"},"givenName":"Ralf","familyName":"Ittermann","jobTitle":"Gesch\u00e4ftsf\u00fchrer und redaktioneller Verantwortlicher","url":"https:\/\/iwell-guard.com\/sv\/author\/claude\/","description":"Ralf Ittermann ist Gesch\u00e4ftsf\u00fchrer der Ittermann electronic GmbH und redaktioneller Verantwortlicher des iWell-Guard-Lexikons. Er verbindet langj\u00e4hrige Erfahrung in der Pr\u00e4zisionsfertigung mit medialer Praxis und religionsgeschichtlicher Quellenarbeit.","worksFor":{"@type":"Organization","name":"Ittermann electronic GmbH","url":"https:\/\/ittermann.de\/","address":{"@type":"PostalAddress","streetAddress":"K\u00f6hlergasse 16-18","postalCode":"99842","addressLocality":"Ruhla","addressCountry":"DE"}},"knowsAbout":["Religionsgeschichte","Mythologie","Mediale Praxis","Energetische Diagnostik","Schutzpraxis","Volksglauben","Westliche Esoterik"]},{"@type":"Article","@id":"https:\/\/iwell-guard.com\/sv\/upyr\/#article","isPartOf":{"@id":"https:\/\/iwell-guard.com\/sv\/upyr\/"},"author":{"name":"Ralf Ittermann","@id":"https:\/\/iwell-guard.com\/sv\/#\/schema\/person\/ee2a27f1cac3406c7c6fb5820cb7349f"},"headline":"Upyr","datePublished":"2026-09-03T00:07:56+00:00","dateModified":"2026-09-03T01:05:32+00:00","mainEntityOfPage":{"@id":"https:\/\/iwell-guard.com\/sv\/upyr\/"},"publisher":{"@id":"https:\/\/iwell-guard.com\/sv\/#organization"},"image":{"@id":"https:\/\/iwell-guard.com\/sv\/upyr\/#primaryimage"},"thumbnailUrl":"https:\/\/iwell-guard.com\/wp-content\/uploads\/2026\/04\/daemonen_slawisch_upyr.webp","inLanguage":"sv-SE","description":"Upyr, slavisk geng\u00e5ngare och urfader till den moderna vampyrgestalten: begravningsritualer, skydds\u00e5tg\u00e4rder och historien om vampyrid\u00e9n."}]}},"_links":{"self":[{"href":"https:\/\/iwell-guard.com\/sv\/wp-json\/wp\/v2\/pages\/136543","targetHints":{"allow":["GET"]}}],"collection":[{"href":"https:\/\/iwell-guard.com\/sv\/wp-json\/wp\/v2\/pages"}],"about":[{"href":"https:\/\/iwell-guard.com\/sv\/wp-json\/wp\/v2\/types\/page"}],"author":[{"embeddable":true,"href":"https:\/\/iwell-guard.com\/sv\/wp-json\/wp\/v2\/users\/3"}],"replies":[{"embeddable":true,"href":"https:\/\/iwell-guard.com\/sv\/wp-json\/wp\/v2\/comments?post=136543"}],"version-history":[{"count":0,"href":"https:\/\/iwell-guard.com\/sv\/wp-json\/wp\/v2\/pages\/136543\/revisions"}],"wp:featuredmedia":[{"embeddable":true,"href":"https:\/\/iwell-guard.com\/sv\/wp-json\/wp\/v2\/media\/1714"}],"wp:attachment":[{"href":"https:\/\/iwell-guard.com\/sv\/wp-json\/wp\/v2\/media?parent=136543"}],"wp:term":[{"taxonomy":"category","embeddable":true,"href":"https:\/\/iwell-guard.com\/sv\/wp-json\/wp\/v2\/categories?post=136543"}],"curies":[{"name":"wp","href":"https:\/\/api.w.org\/{rel}","templated":true}]}}