{"id":136537,"date":"2026-09-03T00:07:53","date_gmt":"2026-09-03T00:07:53","guid":{"rendered":"https:\/\/iwell-guard.com\/?page_id=136537"},"modified":"2026-09-03T01:05:23","modified_gmt":"2026-09-03T01:05:23","slug":"cailleach","status":"publish","type":"page","link":"https:\/\/iwell-guard.com\/sv\/cailleach\/","title":{"rendered":"Cailleach"},"content":{"rendered":"\t\t<div data-elementor-type=\"wp-page\" data-elementor-id=\"136537\" class=\"elementor elementor-136537 elementor-1035\" data-elementor-post-type=\"page\">\n\t\t\t\t<div class=\"elementor-element elementor-element-10fdade e-flex e-con-boxed e-con e-parent\" data-id=\"10fdade\" data-element_type=\"container\" data-e-type=\"container\" data-settings=\"{&quot;background_background&quot;:&quot;classic&quot;}\">\n\t\t\t\t\t<div class=\"e-con-inner\">\n\t\t<div class=\"elementor-element elementor-element-herohlft0 e-flex e-con-boxed e-con e-child\" data-id=\"herohlft0\" data-element_type=\"container\" data-e-type=\"container\">\n\t\t\t\t\t<div class=\"e-con-inner\">\n\t\t<div class=\"elementor-element elementor-element-c3ceb64 e-con-full e-flex e-con e-child\" data-id=\"c3ceb64\" data-element_type=\"container\" data-e-type=\"container\">\n\t\t\t\t<div class=\"elementor-element elementor-element-96ae5e1 elementor-widget elementor-widget-heading\" data-id=\"96ae5e1\" data-element_type=\"widget\" data-e-type=\"widget\" data-widget_type=\"heading.default\">\n\t\t\t\t\t<h1 class=\"elementor-heading-title elementor-size-default\">Cailleach, gudinna i den keltiska traditionen<\/h1>\t\t\t\t<\/div>\n\t\t\t\t<div class=\"elementor-element elementor-element-e45238a elementor-widget elementor-widget-text-editor\" data-id=\"e45238a\" data-element_type=\"widget\" data-e-type=\"widget\" data-widget_type=\"text-editor.default\">\n\t\t\t\t\t\t\t\t\t<p>Cailleach \u00e4r gudinna i den keltiska traditionen.<\/p><p><strong>Den gamla, vintergudinnan och klippformaren i den keltiska v\u00e4rlden.<\/strong><\/p>\t\t\t\t\t\t\t\t<\/div>\n\t\t\t\t<\/div>\n\t\t<div class=\"elementor-element elementor-element-klsbdg01 e-con-full e-flex e-con e-parent\" data-id=\"klsbdg01\" data-element_type=\"container\" data-e-type=\"container\">\n\t\t\t\t<div class=\"elementor-element elementor-element-klshtm01 elementor-widget elementor-widget-html\" data-id=\"klshtm01\" data-element_type=\"widget\" data-e-type=\"widget\" data-widget_type=\"html.default\">\n\t\t\t\t\t<div class=\"iwg-pill-row\"><span class=\"iwg-klasse-badge\" tabindex=\"0\" data-tooltip=\"Gud\/gudinna: Personifierad h\u00f6gsta makt i en kulturs panteon, med tydliga ansvarsomr\u00e5den s\u00e5som naturkrafter, \u00f6de, krig, fruktbarhet. Dyrkad genom kulter, offer och tempelinstitutioner.\">Gudinna<\/span><a href=\"https:\/\/iwell-guard.com\/sv\/keltisk\/\" class=\"iwg-kultur-badge\" tabindex=\"0\" data-tooltip=\"Keltisk religion i V\u00e4steuropa och p\u00e5 de brittiska \u00f6arna, f\u00f6rmedlad mytologiskt genom irisk-walesiska texter.\">Keltisk<\/a><a href=\"https:\/\/iwell-guard.com\/sv\/skyddsgudomar\/\" class=\"iwg-tradition-badge\" tabindex=\"0\" data-tooltip=\"Skyddande gudomligheter, v\u00e4ktare av hem, stad, f\u00f6dslar, resor eller livsfaser.\">Skyddsgudom<\/a><\/div>\t\t\t\t<\/div>\n\t\t\t\t<\/div>\n\t\t<div class=\"elementor-element elementor-element-3f74855 e-con-full e-flex e-con e-child\" data-id=\"3f74855\" data-element_type=\"container\" data-e-type=\"container\">\n\t\t\t\t<div class=\"elementor-element elementor-element-1c30362 elementor-toc--minimized-on-tablet elementor-widget elementor-widget-table-of-contents\" data-id=\"1c30362\" data-element_type=\"widget\" data-e-type=\"widget\" data-settings=\"{&quot;exclude_headings_by_selector&quot;:[],&quot;no_headings_message&quot;:&quot;Inga rubriker hittades p\\u00e5 den h\\u00e4r sidan.&quot;,&quot;headings_by_tags&quot;:[&quot;h2&quot;,&quot;h3&quot;],&quot;marker_view&quot;:&quot;bullets&quot;,&quot;icon&quot;:{&quot;value&quot;:&quot;fas fa-circle&quot;,&quot;library&quot;:&quot;fa-solid&quot;,&quot;rendered_tag&quot;:&quot;&lt;svg class=\\&quot;e-font-icon-svg e-fas-circle\\&quot; viewBox=\\&quot;0 0 512 512\\&quot; xmlns=\\&quot;http:\\\/\\\/www.w3.org\\\/2000\\\/svg\\&quot;&gt;&lt;path d=\\&quot;M256 8C119 8 8 119 8 256s111 248 248 248 248-111 248-248S393 8 256 8z\\&quot;&gt;&lt;\\\/path&gt;&lt;\\\/svg&gt;&quot;},&quot;minimize_box&quot;:&quot;yes&quot;,&quot;minimized_on&quot;:&quot;tablet&quot;,&quot;hierarchical_view&quot;:&quot;yes&quot;,&quot;min_height&quot;:{&quot;unit&quot;:&quot;px&quot;,&quot;size&quot;:&quot;&quot;,&quot;sizes&quot;:[]},&quot;min_height_tablet&quot;:{&quot;unit&quot;:&quot;px&quot;,&quot;size&quot;:&quot;&quot;,&quot;sizes&quot;:[]},&quot;min_height_mobile&quot;:{&quot;unit&quot;:&quot;px&quot;,&quot;size&quot;:&quot;&quot;,&quot;sizes&quot;:[]}}\" data-widget_type=\"table-of-contents.default\">\n\t\t\t\t\t\t\t\t\t<div class=\"elementor-toc__header\">\n\t\t\t\t\t\t<h2 class=\"elementor-toc__header-title\">\n\t\t\t\tInneh\u00e5llsf\u00f6rteckning\t\t\t<\/h2>\n\t\t\t\t\t\t\t\t\t\t<div class=\"elementor-toc__toggle-button elementor-toc__toggle-button--expand\" role=\"button\" tabindex=\"0\" aria-controls=\"elementor-toc__1c30362\" aria-expanded=\"true\" aria-label=\"\u00d6ppna inneh\u00e5llsf\u00f6rteckning\"><svg aria-hidden=\"true\" class=\"e-font-icon-svg e-fas-chevron-down\" viewBox=\"0 0 448 512\" xmlns=\"http:\/\/www.w3.org\/2000\/svg\"><path d=\"M207.029 381.476L12.686 187.132c-9.373-9.373-9.373-24.569 0-33.941l22.667-22.667c9.357-9.357 24.522-9.375 33.901-.04L224 284.505l154.745-154.021c9.379-9.335 24.544-9.317 33.901.04l22.667 22.667c9.373 9.373 9.373 24.569 0 33.941L240.971 381.476c-9.373 9.372-24.569 9.372-33.942 0z\"><\/path><\/svg><\/div>\n\t\t\t\t<div class=\"elementor-toc__toggle-button elementor-toc__toggle-button--collapse\" role=\"button\" tabindex=\"0\" aria-controls=\"elementor-toc__1c30362\" aria-expanded=\"true\" aria-label=\"St\u00e4ng inneh\u00e5llsf\u00f6rteckning\"><svg aria-hidden=\"true\" class=\"e-font-icon-svg e-fas-chevron-up\" viewBox=\"0 0 448 512\" xmlns=\"http:\/\/www.w3.org\/2000\/svg\"><path d=\"M240.971 130.524l194.343 194.343c9.373 9.373 9.373 24.569 0 33.941l-22.667 22.667c-9.357 9.357-24.522 9.375-33.901.04L224 227.495 69.255 381.516c-9.379 9.335-24.544 9.317-33.901-.04l-22.667-22.667c-9.373-9.373-9.373-24.569 0-33.941L207.03 130.525c9.372-9.373 24.568-9.373 33.941-.001z\"><\/path><\/svg><\/div>\n\t\t\t\t\t<\/div>\n\t\t\t\t<div id=\"elementor-toc__1c30362\" class=\"elementor-toc__body\">\n\t\t\t<div class=\"elementor-toc__spinner-container\">\n\t\t\t\t<svg class=\"elementor-toc__spinner eicon-animation-spin e-font-icon-svg e-eicon-loading\" aria-hidden=\"true\" viewBox=\"0 0 1000 1000\" xmlns=\"http:\/\/www.w3.org\/2000\/svg\"><path d=\"M500 975V858C696 858 858 696 858 500S696 142 500 142 142 304 142 500H25C25 237 238 25 500 25S975 237 975 500 763 975 500 975Z\"><\/path><\/svg>\t\t\t<\/div>\n\t\t<\/div>\n\t\t\t\t\t\t<\/div>\n\t\t\t\t<\/div>\n\t\t\t\t\t<\/div>\n\t\t\t\t<\/div>\n\t\t<div class=\"elementor-element elementor-element-herorght0 e-con-full e-flex e-con e-child\" data-id=\"herorght0\" data-element_type=\"container\" data-e-type=\"container\">\n\t\t\t\t<div class=\"elementor-element elementor-element-heroimg00 iwg-hero-image elementor-widget elementor-widget-image\" data-id=\"heroimg00\" data-element_type=\"widget\" data-e-type=\"widget\" data-widget_type=\"image.default\">\n\t\t\t\t\t\t\t\t\t\t\t\t\t\t\t<img fetchpriority=\"high\" decoding=\"async\" width=\"683\" height=\"1024\" src=\"https:\/\/iwell-guard.com\/wp-content\/uploads\/2026\/04\/goetter_keltisch_cailleach-683x1024.webp\" class=\"attachment-large size-large wp-image-136373\" alt=\"Cailleach \u2013 gudar fr\u00e5n den keltiska traditionen, historisk-illustrativ\" srcset=\"https:\/\/iwell-guard.com\/wp-content\/uploads\/2026\/04\/goetter_keltisch_cailleach-683x1024.webp 683w, https:\/\/iwell-guard.com\/wp-content\/uploads\/2026\/04\/goetter_keltisch_cailleach-200x300.webp 200w, https:\/\/iwell-guard.com\/wp-content\/uploads\/2026\/04\/goetter_keltisch_cailleach-768x1152.webp 768w, https:\/\/iwell-guard.com\/wp-content\/uploads\/2026\/04\/goetter_keltisch_cailleach.webp 1024w\" sizes=\"(max-width: 683px) 100vw, 683px\" \/>\t\t\t\t\t\t\t\t\t\t\t\t\t\t\t<\/div>\n\t\t\t\t<\/div>\n\t\t\t\t\t<\/div>\n\t\t\t\t<\/div>\n\t\t<div class=\"elementor-element elementor-element-32917199 e-flex e-con-boxed e-con e-parent\" data-id=\"32917199\" data-element_type=\"container\" data-e-type=\"container\">\n\t\t\t\t\t<div class=\"e-con-inner\">\n\t\t<div class=\"elementor-element elementor-element-26e916cb e-flex e-con-boxed e-con e-child\" data-id=\"26e916cb\" data-element_type=\"container\" data-e-type=\"container\">\n\t\t\t\t\t<div class=\"e-con-inner\">\n\t\t<div class=\"elementor-element elementor-element-253a40d4 e-flex e-con-boxed e-con e-child\" data-id=\"253a40d4\" data-element_type=\"container\" data-e-type=\"container\">\n\t\t\t\t\t<div class=\"e-con-inner\">\n\t\t\t\t<div class=\"elementor-element elementor-element-1200c304 elementor-widget elementor-widget-heading\" data-id=\"1200c304\" data-element_type=\"widget\" data-e-type=\"widget\" data-widget_type=\"heading.default\">\n\t\t\t\t\t<h2 class=\"elementor-heading-title elementor-size-default\">Cailleach<\/h2>\t\t\t\t<\/div>\n\t\t\t\t<div class=\"elementor-element elementor-element-11758e7f elementor-widget elementor-widget-text-editor\" data-id=\"11758e7f\" data-element_type=\"widget\" data-e-type=\"widget\" data-widget_type=\"text-editor.default\">\n\t\t\t\t\t\t\t\t\t<p>Cailleach \u00e4r en av de \u00e4ldsta gestalterna i den keltiska <span class=\"iwg-fachbegriff\" data-tooltip=\"F\u00f6rmedlingen av kunskap och ber\u00e4ttelser genom generationer.\" tabindex=\"0\">traditionen<\/span>. Hennes namn (&#8221;den sl\u00f6jb\u00e4rande&#8221;, &#8221;den h\u00f6ljda gamla&#8221;) betecknar en ambivalent kvinnlig urkraft, vintergudinna, berg- och klippformare, landskapets urmoder, och i senare tradition \u00e4ven en hotfull h\u00e4xgestalt. Hon st\u00e5r p\u00e5 gr\u00e4nsen mellan gudinna och demon, mellan kosmisk skaparinna och m\u00f6rk vinterkraft.<\/p><p>I irisk och skotsk-gaelisk tradition \u00e4r Cailleach knuten till best\u00e4mda berg, \u00f6ar och \u00e5rstids\u00f6verg\u00e5ngar. Hon r\u00e5der fr\u00e5n Samhain till Beltane; p\u00e5 v\u00e5ren f\u00f6rvandlas hon till sten eller blir ung. Hennes rika geografi, hundratals ortnamn, klippformationer och toppar, g\u00f6r henne till f\u00f6rmodligen den starkast landskapsf\u00f6rankrade gestalten i keltisk <span class=\"iwg-fachbegriff\" data-tooltip=\"Den samlade m\u00e4ngden av en kulturs \u00f6verl\u00e4mnade gudsber\u00e4ttelser.\" tabindex=\"0\">mytologi<\/span>.<\/p>\t\t\t\t\t\t\t\t<\/div>\n\t\t\t\t\t<\/div>\n\t\t\t\t<\/div>\n\t\t<div class=\"elementor-element elementor-element-159dcf9a e-flex e-con-boxed e-con e-child\" data-id=\"159dcf9a\" data-element_type=\"container\" data-e-type=\"container\">\n\t\t\t\t\t<div class=\"e-con-inner\">\n\t\t\t\t<div class=\"elementor-element elementor-element-48cee66f elementor-widget elementor-widget-heading\" data-id=\"48cee66f\" data-element_type=\"widget\" data-e-type=\"widget\" data-widget_type=\"heading.default\">\n\t\t\t\t\t<h2 class=\"elementor-heading-title elementor-size-default\">Snabb\u00f6versikt: Cailleach<\/h2>\t\t\t\t<\/div>\n\t\t\t\t<div class=\"elementor-element elementor-element-3f50d82c elementor-widget elementor-widget-text-editor\" data-id=\"3f50d82c\" data-element_type=\"widget\" data-e-type=\"widget\" data-widget_type=\"text-editor.default\">\n\t\t\t\t\t\t\t\t\t<p><strong>Typ:<\/strong> Ambivalent urmoder, vintergudinna, landskapsformare<br>Ursprung: F\u00f6rkristen keltisk tradition<br>Texter: Dindsenchas, ortnamnslegender, muntlig tradition<br>Tidsperiod: arkaisk tid till nutid<br>Utbredning: Irland, Skottland, Isle of Man<\/p>\t\t\t\t\t\t\t\t<\/div>\n\t\t\t\t\t<\/div>\n\t\t\t\t<\/div>\n\t\t\t\t\t<\/div>\n\t\t\t\t<\/div>\n\t\t\t\t\t<\/div>\n\t\t\t\t<\/div>\n\t\t<div class=\"elementor-element elementor-element-18613602 e-flex e-con-boxed e-con e-parent\" data-id=\"18613602\" data-element_type=\"container\" data-e-type=\"container\">\n\t\t\t\t\t<div class=\"e-con-inner\">\n\t\t\t\t<div class=\"elementor-element elementor-element-262b8a9f elementor-widget elementor-widget-heading\" data-id=\"262b8a9f\" data-element_type=\"widget\" data-e-type=\"widget\" data-widget_type=\"heading.default\">\n\t\t\t\t\t<h2 class=\"elementor-heading-title elementor-size-default\">Kontext<\/h2>\t\t\t\t<\/div>\n\t\t<div class=\"elementor-element elementor-element-46dcb7d e-con-full e-flex e-con e-child\" data-id=\"46dcb7d\" data-element_type=\"container\" data-e-type=\"container\">\n\t\t<div class=\"elementor-element elementor-element-61d3ab3 e-flex e-con-boxed e-con e-child\" data-id=\"61d3ab3\" data-element_type=\"container\" data-e-type=\"container\">\n\t\t\t\t\t<div class=\"e-con-inner\">\n\t\t\t\t<div class=\"elementor-element elementor-element-117c166 elementor-widget elementor-widget-heading\" data-id=\"117c166\" data-element_type=\"widget\" data-e-type=\"widget\" data-widget_type=\"heading.default\">\n\t\t\t\t\t<div class=\"elementor-heading-title elementor-size-default\">Texternas tidsperiod<\/div>\t\t\t\t<\/div>\n\t\t\t\t<div class=\"elementor-element elementor-element-73997a0 elementor-widget elementor-widget-text-editor\" data-id=\"73997a0\" data-element_type=\"widget\" data-e-type=\"widget\" data-widget_type=\"text-editor.default\">\n\t\t\t\t\t\t\t\t\t<p>Arkeologiskt placerad i f\u00f6rkristen keltisk tradition. Tidiga litter\u00e4ra bel\u00e4gg finns i de irl\u00e4ndska Dindsenchas (ortnamnsf\u00f6rklaringar, 10.\u201311. \u00e5rhundradet). Rik <span class=\"iwg-fachbegriff\" data-tooltip=\"F\u00f6rmedlingen av kunskap och ber\u00e4ttelser genom generationer.\" tabindex=\"0\">tradition<\/span> inom skotsk-gaelisk <span class=\"iwg-fachbegriff\" data-tooltip=\"Vetenskapen som unders\u00f6ker vardagskultur, sedv\u00e4njor och \u00f6verl\u00e4mnade f\u00f6rest\u00e4llningar.\" tabindex=\"0\">folklivsforskning<\/span> under 1800- och 1900-talet (Campbell, Carmichael, McNeill). Modern \u00e5terupplivning inom nypaganism.<\/p>\t\t\t\t\t\t\t\t<\/div>\n\t\t\t\t\t<\/div>\n\t\t\t\t<\/div>\n\t\t<div class=\"elementor-element elementor-element-d47b156 e-flex e-con-boxed e-con e-child\" data-id=\"d47b156\" data-element_type=\"container\" data-e-type=\"container\">\n\t\t\t\t\t<div class=\"e-con-inner\">\n\t\t\t\t<div class=\"elementor-element elementor-element-ff38c2b elementor-widget elementor-widget-heading\" data-id=\"ff38c2b\" data-element_type=\"widget\" data-e-type=\"widget\" data-widget_type=\"heading.default\">\n\t\t\t\t\t<div class=\"elementor-heading-title elementor-size-default\">Utbredningsomr\u00e5de<\/div>\t\t\t\t<\/div>\n\t\t\t\t<div class=\"elementor-element elementor-element-4e49fcc elementor-widget elementor-widget-text-editor\" data-id=\"4e49fcc\" data-element_type=\"widget\" data-e-type=\"widget\" data-widget_type=\"text-editor.default\">\n\t\t\t\t\t\t\t\t\t<p>Irland (Cailleach Bh\u00e9ara, Cailleach Beara), Skottland (Cailleach Bheur, Cailleach nan Cruachan), Isle of Man (Caillagh ny Groamagh). Hundratals platser b\u00e4r hennes namn, toppar, klippor, \u00f6ar. S\u00e4rskilt t\u00e4tt f\u00f6rekommande l\u00e4ngs Atlantkusten i v\u00e4stra Skottland och v\u00e4stra Irland.<\/p>\t\t\t\t\t\t\t\t<\/div>\n\t\t\t\t\t<\/div>\n\t\t\t\t<\/div>\n\t\t\t\t<\/div>\n\t\t<div class=\"elementor-element elementor-element-db03c39 e-con-full e-flex e-con e-child\" data-id=\"db03c39\" data-element_type=\"container\" data-e-type=\"container\">\n\t\t<div class=\"elementor-element elementor-element-229a87b e-flex e-con-boxed e-con e-child\" data-id=\"229a87b\" data-element_type=\"container\" data-e-type=\"container\">\n\t\t\t\t\t<div class=\"e-con-inner\">\n\t\t\t\t<div class=\"elementor-element elementor-element-1f471fc elementor-widget elementor-widget-heading\" data-id=\"1f471fc\" data-element_type=\"widget\" data-e-type=\"widget\" data-widget_type=\"heading.default\">\n\t\t\t\t\t<div class=\"elementor-heading-title elementor-size-default\">K\u00e4ll\u00e4ge<\/div>\t\t\t\t<\/div>\n\t\t\t\t<div class=\"elementor-element elementor-element-36b1201 elementor-widget elementor-widget-text-editor\" data-id=\"36b1201\" data-element_type=\"widget\" data-e-type=\"widget\" data-widget_type=\"text-editor.default\">\n\t\t\t\t\t\t\t\t\t<p><span data-nosnippet>Dindsenchas, ortnamnsboken, Campbells West-Highland-samlingar, F. Marian McNeills <em>The Silver Bough<\/em> (1957, 68), modern <span class=\"iwg-fachbegriff\" data-tooltip=\"Vetenskapen som j\u00e4mf\u00f6rande unders\u00f6ker kulturer och samh\u00e4llen.\" tabindex=\"0\">etnologi<\/span> i de gaeliska kustregionerna.<\/span><\/p>\t\t\t\t\t\t\t\t<\/div>\n\t\t\t\t\t<\/div>\n\t\t\t\t<\/div>\n\t\t\t\t<\/div>\n\t\t\t\t\t<\/div>\n\t\t\t\t<\/div>\n\t\t<div class=\"elementor-element elementor-element-3ae0637c e-flex e-con-boxed e-con e-parent\" data-id=\"3ae0637c\" data-element_type=\"container\" data-e-type=\"container\">\n\t\t\t\t\t<div class=\"e-con-inner\">\n\t\t\t\t<div class=\"elementor-element elementor-element-31d07739 elementor-widget elementor-widget-heading\" data-id=\"31d07739\" data-element_type=\"widget\" data-e-type=\"widget\" data-widget_type=\"heading.default\">\n\t\t\t\t\t<h2 class=\"elementor-heading-title elementor-size-default\">Namn och varianter<\/h2>\t\t\t\t<\/div>\n\t\t<div class=\"elementor-element elementor-element-b7642947 e-con-full e-flex e-con e-child\" data-id=\"b7642947\" data-element_type=\"container\" data-e-type=\"container\">\n\t\t\t\t<div class=\"elementor-element elementor-element-a086266 elementor-widget elementor-widget-text-editor\" data-id=\"a086266\" data-element_type=\"widget\" data-e-type=\"widget\" data-widget_type=\"text-editor.default\">\n\t\t\t\t\t\t\t\t\t<p><strong>Iriska:<\/strong> <em>cailleach<\/em>, ordagrant &#8221;den sl\u00f6jb\u00e4rande&#8221; (av lat. <em>pallium<\/em>, sl\u00f6ja), ut\u00f6kat till &#8221;gammal kvinna, nunna, h\u00e4xa&#8221;.<br>Skotsk-gaeliska: <em>cailleach<\/em>; specifikt <em>Cailleach Bheur<\/em>, &#8221;den skarpa gamla&#8221;.<br>Tillnamn: Cailleach Bh\u00e9ara (Kerry-regionen), Cailleach nan Cruachan (de skotska h\u00f6gl\u00e4nderna), Caillagh ny Groamagh (Isle of Man).<br>Besl\u00e4ktade gudinnor: Morr\u00edgan (krigsgudinna), Danu (Tuatha D\u00e9 Dananns urmoder).<\/p><p>Namnet har tre betydelseskikt: fysiskt en gammal kvinna, religi\u00f6st en besl\u00f6jad nunna (under kristet inflytande), mytiskt en urmoder\/vinterh\u00e4rskarinna. Alla tre skikten \u00e4r samtidigt levande i folktraditionen.<\/p>\t\t\t\t\t\t\t\t<\/div>\n\t\t\t\t<\/div>\n\t\t\t\t\t<\/div>\n\t\t\t\t<\/div>\n\t\t<div class=\"elementor-element elementor-element-709a44a8 e-flex e-con-boxed e-con e-parent\" data-id=\"709a44a8\" data-element_type=\"container\" data-e-type=\"container\">\n\t\t\t\t\t<div class=\"e-con-inner\">\n\t\t\t\t<div class=\"elementor-element elementor-element-2f585873 elementor-widget elementor-widget-heading\" data-id=\"2f585873\" data-element_type=\"widget\" data-e-type=\"widget\" data-widget_type=\"heading.default\">\n\t\t\t\t\t<h2 class=\"elementor-heading-title elementor-size-default\">Beskrivning<\/h2>\t\t\t\t<\/div>\n\t\t<div class=\"elementor-element elementor-element-70621c12 e-con-full e-flex e-con e-child\" data-id=\"70621c12\" data-element_type=\"container\" data-e-type=\"container\">\n\t\t\t\t<div class=\"elementor-element elementor-element-4296eb49 elementor-widget elementor-widget-text-editor\" data-id=\"4296eb49\" data-element_type=\"widget\" data-e-type=\"widget\" data-widget_type=\"text-editor.default\">\n\t\t\t\t\t\t\t\t\t<p><strong>Utseende<\/strong><\/p><p>Gammal kvinna, stor, ibland med bl\u00e5 hud, bruna t\u00e4nder, bara ett \u00f6ga. B\u00f6jd, med stav. Vid f\u00f6rvandling: ung kvinna, vacker drottning, eller klippa. I vintertraditionen: \u00e5tf\u00f6ljd av en vit hjort eller en ko.<\/p><p><strong>Beteende<\/strong><\/p><p>Formar landskapet, kastar stenar som blir berg, b\u00e4r jord i sitt f\u00f6rkl\u00e4de som blir \u00f6ar. H\u00e4rskar \u00f6ver vintern: sl\u00e5r med sin stav mot marken och fryser jorden. Vid Beltane (1 maj) f\u00f6rvandlas hon till sten eller blir ung.<\/p><p><strong>Verkningsomr\u00e5de<\/strong><\/p><p>Den vilda naturen, berg, klippor, \u00f6ar, havet. V\u00e4dret, s\u00e4rskilt vinter och stormar. \u00d6verg\u00e5ngar mellan livs\u00e5ldrar. I vissa traditioner \u00e4ven v\u00e4ktare av vilda djur (hjortar, vargar).<\/p><p><strong>Mytologisk placering<\/strong><\/p><p>Ingen klassisk gudinna i romersk mening, utan en f\u00f6rkristen urkraft. Efter kristnandet omtolkad som h\u00e4xa eller helgon (kopplingar till Sheela-na-Gig), utan att f\u00f6rlora sin mytiska dimension. Nydyrkad inom modern nypaganism.<\/p><p><strong>Utseende och symbolik<\/strong><\/p><p>Cailleach avbildas som en enorm, urgammal kvinna med f\u00e5rat ansikte. Ibland har hon bara ett \u00f6ga. Hon b\u00e4r bl\u00e5 eller gr\u00f6n dr\u00e4kt och en stav. Hennes steg formade berg och dalar. Stenen och vintern \u00e4r hennes symboler.<\/p>\t\t\t\t\t\t\t\t<\/div>\n\t\t\t\t<\/div>\n\t\t\t\t\t<\/div>\n\t\t\t\t<\/div>\n\t\t<div class=\"elementor-element elementor-element-44e71476 e-flex e-con-boxed e-con e-parent\" data-id=\"44e71476\" data-element_type=\"container\" data-e-type=\"container\">\n\t\t\t\t\t<div class=\"e-con-inner\">\n\t\t\t\t<div class=\"elementor-element elementor-element-3c1fc3f0 elementor-widget elementor-widget-heading\" data-id=\"3c1fc3f0\" data-element_type=\"widget\" data-e-type=\"widget\" data-widget_type=\"heading.default\">\n\t\t\t\t\t<h2 class=\"elementor-heading-title elementor-size-default\">Faktablad: Cailleach<\/h2>\t\t\t\t<\/div>\n\t\t<div class=\"elementor-element elementor-element-84f33b8e e-con-full e-flex e-con e-child\" data-id=\"84f33b8e\" data-element_type=\"container\" data-e-type=\"container\">\n\t\t\t\t<div class=\"elementor-element elementor-element-hqkdc67p elementor-widget elementor-widget-text-editor\" data-id=\"hqkdc67p\" data-element_type=\"widget\" data-e-type=\"widget\" data-widget_type=\"text-editor.default\">\n\t\t\t\t\t\t\t\t\t<p>De viktigaste aspekterna av Cailleach i sammandrag.<\/p>\t\t\t\t\t\t\t\t<\/div>\n\t\t\t\t<\/div>\n\t\t<div class=\"elementor-element elementor-element-pemmx7c5 e-con-full e-flex e-con e-child\" data-id=\"pemmx7c5\" data-element_type=\"container\" data-e-type=\"container\">\n\t\t<div class=\"elementor-element elementor-element-pemmx7c1 e-con-full e-flex e-con e-child\" data-id=\"pemmx7c1\" data-element_type=\"container\" data-e-type=\"container\">\n\t\t<div class=\"elementor-element elementor-element-qh9oavvu iwg-steckbrief-card e-flex e-con-boxed e-con e-child\" data-id=\"qh9oavvu\" data-element_type=\"container\" data-e-type=\"container\">\n\t\t\t\t\t<div class=\"e-con-inner\">\n\t\t\t\t<div class=\"elementor-element elementor-element-awzx8k2k elementor-widget elementor-widget-heading\" data-id=\"awzx8k2k\" data-element_type=\"widget\" data-e-type=\"widget\" data-widget_type=\"heading.default\">\n\t\t\t\t\t<div class=\"elementor-heading-title elementor-size-default\">Ursprung<\/div>\t\t\t\t<\/div>\n\t\t\t\t<div class=\"elementor-element elementor-element-x6rowhv0 elementor-widget elementor-widget-text-editor\" data-id=\"x6rowhv0\" data-element_type=\"widget\" data-e-type=\"widget\" data-widget_type=\"text-editor.default\">\n\t\t\t\t\t\t\t\t\t<p>F\u00f6rkristen urkraft; m\u00f6jlig anmoder till de keltiska gudinnorna. Landskapsformare, vintergudinna, v\u00e4ktare av vild natur.<\/p>\t\t\t\t\t\t\t\t<\/div>\n\t\t\t\t\t<\/div>\n\t\t\t\t<\/div>\n\t\t<div class=\"elementor-element elementor-element-8e3o4kxs iwg-steckbrief-card e-flex e-con-boxed e-con e-child\" data-id=\"8e3o4kxs\" data-element_type=\"container\" data-e-type=\"container\">\n\t\t\t\t\t<div class=\"e-con-inner\">\n\t\t\t\t<div class=\"elementor-element elementor-element-08rkdgov elementor-widget elementor-widget-heading\" data-id=\"08rkdgov\" data-element_type=\"widget\" data-e-type=\"widget\" data-widget_type=\"heading.default\">\n\t\t\t\t\t<div class=\"elementor-heading-title elementor-size-default\">Avser<\/div>\t\t\t\t<\/div>\n\t\t\t\t<div class=\"elementor-element elementor-element-uwjelx8s elementor-widget elementor-widget-text-editor\" data-id=\"uwjelx8s\" data-element_type=\"widget\" data-e-type=\"widget\" data-widget_type=\"text-editor.default\">\n\t\t\t\t\t\t\t\t\t<p>Hela gemenskapen under \u00e5rets g\u00e5ng, s\u00e4rskilt herdar och lantbor som \u00e4r beroende av v\u00e4der och vinter.<\/p>\t\t\t\t\t\t\t\t<\/div>\n\t\t\t\t\t<\/div>\n\t\t\t\t<\/div>\n\t\t<div class=\"elementor-element elementor-element-jm2n74ec iwg-steckbrief-card e-flex e-con-boxed e-con e-child\" data-id=\"jm2n74ec\" data-element_type=\"container\" data-e-type=\"container\">\n\t\t\t\t\t<div class=\"e-con-inner\">\n\t\t\t\t<div class=\"elementor-element elementor-element-8vufse4c elementor-widget elementor-widget-heading\" data-id=\"8vufse4c\" data-element_type=\"widget\" data-e-type=\"widget\" data-widget_type=\"heading.default\">\n\t\t\t\t\t<div class=\"elementor-heading-title elementor-size-default\">Utseende<\/div>\t\t\t\t<\/div>\n\t\t\t\t<div class=\"elementor-element elementor-element-mwb9u015 elementor-widget elementor-widget-text-editor\" data-id=\"mwb9u015\" data-element_type=\"widget\" data-e-type=\"widget\" data-widget_type=\"text-editor.default\">\n\t\t\t\t\t\t\t\t\t<p>Gammal kvinna med stav, ibland bl\u00e5hyad, bruntandad, en\u00f6gd. F\u00f6rvandlingsbar: ung drottning, sk\u00f6nhet, klippa. Med hjort eller ko som f\u00f6ljeslagare.<\/p>\t\t\t\t\t\t\t\t<\/div>\n\t\t\t\t\t<\/div>\n\t\t\t\t<\/div>\n\t\t\t\t<\/div>\n\t\t<div class=\"elementor-element elementor-element-pemmx7c2 e-con-full e-flex e-con e-child\" data-id=\"pemmx7c2\" data-element_type=\"container\" data-e-type=\"container\">\n\t\t<div class=\"elementor-element elementor-element-37ss2yr6 iwg-steckbrief-card e-flex e-con-boxed e-con e-child\" data-id=\"37ss2yr6\" data-element_type=\"container\" data-e-type=\"container\">\n\t\t\t\t\t<div class=\"e-con-inner\">\n\t\t\t\t<div class=\"elementor-element elementor-element-3v0wp3wx elementor-widget elementor-widget-heading\" data-id=\"3v0wp3wx\" data-element_type=\"widget\" data-e-type=\"widget\" data-widget_type=\"heading.default\">\n\t\t\t\t\t<div class=\"elementor-heading-title elementor-size-default\">Funktion<\/div>\t\t\t\t<\/div>\n\t\t\t\t<div class=\"elementor-element elementor-element-w3247g2m elementor-widget elementor-widget-text-editor\" data-id=\"w3247g2m\" data-element_type=\"widget\" data-e-type=\"widget\" data-widget_type=\"text-editor.default\">\n\t\t\t\t\t\t\t\t\t<p>Formar landskapet, f\u00f6r med sig vintern, fryser jorden. Ambivalent: destruktiv och v\u00e4rldsbevarande p\u00e5 samma g\u00e5ng. Vid v\u00e5rens ankomst f\u00f6rvandlas hon till sten eller blir ung.<\/p>\t\t\t\t\t\t\t\t<\/div>\n\t\t\t\t\t<\/div>\n\t\t\t\t<\/div>\n\t\t<div class=\"elementor-element elementor-element-0qpjal9w iwg-steckbrief-card e-flex e-con-boxed e-con e-child\" data-id=\"0qpjal9w\" data-element_type=\"container\" data-e-type=\"container\">\n\t\t\t\t\t<div class=\"e-con-inner\">\n\t\t\t\t<div class=\"elementor-element elementor-element-6ndoih0o elementor-widget elementor-widget-heading\" data-id=\"6ndoih0o\" data-element_type=\"widget\" data-e-type=\"widget\" data-widget_type=\"heading.default\">\n\t\t\t\t\t<div class=\"elementor-heading-title elementor-size-default\">Skydd mot Cailleach<\/div>\t\t\t\t<\/div>\n\t\t\t\t<div class=\"elementor-element elementor-element-6684tyh9 elementor-widget elementor-widget-text-editor\" data-id=\"6684tyh9\" data-element_type=\"widget\" data-e-type=\"widget\" data-widget_type=\"text-editor.default\">\n\t\t\t\t\t\t\t\t\t<p>Inget skydd i egentlig mening, utan respekt och rituellt erk\u00e4nnande. Vissa v\u00e4xter (r\u00f6nn, gullt\u00f6rne) och platser (Cailleach-stenar) hedras med offerg\u00e5vor.<\/p>\t\t\t\t\t\t\t\t<\/div>\n\t\t\t\t\t<\/div>\n\t\t\t\t<\/div>\n\t\t<div class=\"elementor-element elementor-element-3lfi7x32 iwg-steckbrief-card e-flex e-con-boxed e-con e-child\" data-id=\"3lfi7x32\" data-element_type=\"container\" data-e-type=\"container\">\n\t\t\t\t\t<div class=\"e-con-inner\">\n\t\t\t\t<div class=\"elementor-element elementor-element-0kg99ga1 elementor-widget elementor-widget-heading\" data-id=\"0kg99ga1\" data-element_type=\"widget\" data-e-type=\"widget\" data-widget_type=\"heading.default\">\n\t\t\t\t\t<div class=\"elementor-heading-title elementor-size-default\">Motsvarigheter<\/div>\t\t\t\t<\/div>\n\t\t\t\t<div class=\"elementor-element elementor-element-n0fum6kp elementor-widget elementor-widget-text-editor\" data-id=\"n0fum6kp\" data-element_type=\"widget\" data-e-type=\"widget\" data-widget_type=\"text-editor.default\">\n\t\t\t\t\t\t\t\t\t<p>Funktionellt besl\u00e4ktad med den irl\u00e4ndska M\u00f3rr\u00edgan och B\u00e9find som \u00e5ldrande gestaltare av \u00f6det; med <a href=\"https:\/\/iwell-guard.com\/sv\/baba-jaga\/\">Baba Jaga<\/a> (slaviskt) som skogs- och initiationsh\u00e4xa; med den germanska Fru Holle\/Holda; med den nordamerikanska Farmor-Spindeln (hopi\/cherokee). I det keltisk-skotska omr\u00e5det sm\u00e4lter Cailleach samman med lokala bergsandar; Hekate som motsvarighet i den grekiska traditionen delar profilen av nattlig, tr\u00f6skelbunden makt.<\/p>\t\t\t\t\t\t\t\t<\/div>\n\t\t\t\t\t<\/div>\n\t\t\t\t<\/div>\n\t\t\t\t<\/div>\n\t\t\t\t<\/div>\n\t\t\t\t\t<\/div>\n\t\t\t\t<\/div>\n\t\t<div class=\"elementor-element elementor-element-7533bc7a e-flex e-con-boxed e-con e-parent\" data-id=\"7533bc7a\" data-element_type=\"container\" data-e-type=\"container\">\n\t\t\t\t\t<div class=\"e-con-inner\">\n\t\t\t\t<div class=\"elementor-element elementor-element-2447d18d elementor-widget elementor-widget-heading\" data-id=\"2447d18d\" data-element_type=\"widget\" data-e-type=\"widget\" data-widget_type=\"heading.default\">\n\t\t\t\t\t<h2 class=\"elementor-heading-title elementor-size-default\">Kult och folksed<\/h2>\t\t\t\t<\/div>\n\t\t<div class=\"elementor-element elementor-element-d5d0260c e-con-full e-flex e-con e-child\" data-id=\"d5d0260c\" data-element_type=\"container\" data-e-type=\"container\">\n\t\t\t\t<div class=\"elementor-element elementor-element-341be2ac elementor-widget elementor-widget-text-editor\" data-id=\"341be2ac\" data-element_type=\"widget\" data-e-type=\"widget\" data-widget_type=\"text-editor.default\">\n\t\t\t\t\t\t\t\t\t<p><strong>\u00c5rstidsbundna riter<\/strong><\/p><p>Samhain (31\/10\u20131\/11) markerar b\u00f6rjan p\u00e5 hennes herrav\u00e4lde, Beltane (1\/5) slutet. P\u00e5 vissa h\u00e5ll iscensattes hennes m\u00f6te med den unga Brigid vid Imbolc (1\/2, Brigids dag): den gamla samlar ved f\u00f6r en l\u00e5ng eller kort vinter, beroende p\u00e5 v\u00e4dret.<\/p><p><strong>Platsbundna kulter<\/strong><\/p><p>Hundratals Cailleach-platser finns i Irland och Skottland. Cailleach-stenar, Cailleach-toppar och Cailleach-grottor respekteras \u00e4n idag. Vissa b\u00f6nder l\u00e4mnar en remsa s\u00e4d st\u00e5ende p\u00e5 \u00e5kern som \u201dCailleachs andel\u201d.<\/p><p><strong>V\u00e4dertydning<\/strong><\/p><p>Den skotska februarim\u00e5naden b\u00e4r hennes sista stormar; \u201dCailleach-stormen\u201d har s\u00e4rskilda v\u00e4derdrag. V\u00e4dret under de tolv dagarna efter jul, \u201dCailleach-dagarna\u201d, tolkas som en f\u00f6ruts\u00e4gelse f\u00f6r de tolv kommande m\u00e5naderna.<\/p>\t\t\t\t\t\t\t\t<\/div>\n\t\t\t\t<\/div>\n\t\t\t\t\t<\/div>\n\t\t\t\t<\/div>\n\t\t<div class=\"elementor-element elementor-element-5a584676 e-flex e-con-boxed e-con e-parent\" data-id=\"5a584676\" data-element_type=\"container\" data-e-type=\"container\">\n\t\t\t\t\t<div class=\"e-con-inner\">\n\t\t\t\t<div class=\"elementor-element elementor-element-6d0757bf elementor-widget elementor-widget-heading\" data-id=\"6d0757bf\" data-element_type=\"widget\" data-e-type=\"widget\" data-widget_type=\"heading.default\">\n\t\t\t\t\t<h2 class=\"elementor-heading-title elementor-size-default\">Paralleller och nutid<\/h2>\t\t\t\t<\/div>\n\t\t<div class=\"elementor-element elementor-element-60563f68 e-con-full e-flex e-con e-child\" data-id=\"60563f68\" data-element_type=\"container\" data-e-type=\"container\">\n\t\t\t\t<div class=\"elementor-element elementor-element-5a93fdd6 elementor-widget elementor-widget-text-editor\" data-id=\"5a93fdd6\" data-element_type=\"widget\" data-e-type=\"widget\" data-widget_type=\"text-editor.default\">\n\t\t\t\t\t\t\t\t\t<p><strong>Europeiska paralleller:<\/strong> Perchta och Hulda i germansk tradition st\u00e5r funktionellt n\u00e4ra henne: gamla kvinnor med vinteranknytning, ambivalenta och farliga. Baba Jaga i det slaviska omr\u00e5det delar drag, gammal kvinna, egen v\u00e4rld, mellanposition mellan skyddande och hotande.<\/p><p><strong>Nypaganistisk mottagning:<\/strong> I modern wicca och keltisk nypaganism v\u00f6rdas Cailleach som crone-aspekten av de \u201dTredelade gudinnorna\u201d (jungfru\u2013moder\u2013crone). Denna tolkning \u00e4r modern-synkretistisk, inte historiskt-keltisk, men har sin egen ber\u00e4ttigande.<\/p><p><strong>Litteratur och kultur:<\/strong> Samtida irl\u00e4ndsk litteratur (Nuala N\u00ed Dhomhnaill) tar upp Cailleach som <span class=\"iwg-fachbegriff\" data-tooltip=\"Ett tecken som st\u00e5r f\u00f6r en id\u00e9 eller betydelse.\" tabindex=\"0\">symbol<\/span> f\u00f6r kvinnlig ambivalens. Den skotska kulturr\u00f6relsen \u00e5beropar henne som identitetsskapande figur.<\/p>\t\t\t\t\t\t\t\t<\/div>\n\t\t\t\t<\/div>\n\t\t\t\t\t<\/div>\n\t\t\t\t<\/div>\n\t\t<div class=\"elementor-element elementor-element-cp39ff509 e-flex e-con-boxed e-con e-parent\" data-id=\"cp39ff509\" data-element_type=\"container\" data-e-type=\"container\">\n\t\t\t\t\t<div class=\"e-con-inner\">\n\t\t\t\t<div class=\"elementor-element elementor-element-cp9063709 elementor-widget elementor-widget-heading\" data-id=\"cp9063709\" data-element_type=\"widget\" data-e-type=\"widget\" data-widget_type=\"heading.default\">\n\t\t\t\t\t<h2 class=\"elementor-heading-title elementor-size-default\">Cailleach som landskapets gestaltare<\/h2>\t\t\t\t<\/div>\n\t\t<div class=\"elementor-element elementor-element-cpa62624f e-con-full e-flex e-con e-child\" data-id=\"cpa62624f\" data-element_type=\"container\" data-e-type=\"container\">\n\t\t\t\t<div class=\"elementor-element elementor-element-cpc3026f6 elementor-widget elementor-widget-text-editor\" data-id=\"cpc3026f6\" data-element_type=\"widget\" data-e-type=\"widget\" data-widget_type=\"text-editor.default\">\n\t\t\t\t\t\t\t\t\t<p>I den gaeliska <span class=\"iwg-fachbegriff\" data-tooltip=\"\u00d6verf\u00f6ringen av kunskap och ber\u00e4ttelser genom generationer.\" tabindex=\"0\">traditionen<\/span> i Skottland och Irland \u00e4r Cailleach inte bara en figur i ber\u00e4ttelser, utan en f\u00f6rklarande makt f\u00f6r landskapet sj\u00e4lvt. M\u00e5nga berg, kullar, klippformationer och \u00f6ar tolkas i lokala s\u00e4gner som hennes verk.<\/p><p>Hon ska ha tappat stenar ur sitt f\u00f6rkl\u00e4de och d\u00e4rigenom bildat bergskedjor, eller format dalar med en hammare. S\u00e5dana f\u00f6rklarande ber\u00e4ttelser finns spridda \u00f6ver de skotska h\u00f6gl\u00e4nderna, Hebriderna och delar av Irland.<\/p><p>Ett s\u00e4rskilt v\u00e4l dokumenterat exempel \u00e4r str\u00f6mvirveln vid Corryvreckan mellan \u00f6arna Jura och Scarba.<\/p><p>En vanlig <span class=\"iwg-fachbegriff\" data-tooltip=\"En \u00f6verl\u00e4mnad ber\u00e4ttelse, ofta med en historisk k\u00e4rna och underbara drag.\" tabindex=\"0\">s\u00e4gen<\/span> f\u00f6rklarar det brusande vattnet med att Cailleach d\u00e4r tv\u00e4ttar sin plaid p\u00e5 h\u00f6sten, och n\u00e4r den \u00e4r tv\u00e4ttad blir den vit, och den f\u00f6rsta sn\u00f6n t\u00e4cker landet. Denna ber\u00e4ttelse f\u00f6rbinder Cailleach med den \u00e5rstidsbundna \u00f6verg\u00e5ngen till vintern.<\/p><p>Folkloristiken, till exempel i Donald Mackenzies arbeten fr\u00e5n b\u00f6rjan av 1900-talet och mer kritiskt i senare studier, har d\u00e4rf\u00f6r l\u00e4st Cailleach som en personifikation av den vilda, f\u00f6rm\u00e4nskliga naturen. Hon \u00e4r \u00e4ldre \u00e4n m\u00e4nniskorna, delvis \u00e4ldre \u00e4n de namngivna gudarna, och hon f\u00f6rkroppsligar bergen, stormen och den kalla \u00e5rstiden.<\/p><p>Viktigt \u00e4r metodisk f\u00f6rsiktighet: mycket av det som idag framst\u00e5r som en sammanh\u00e4ngande Cailleach-<span class=\"iwg-fachbegriff\" data-tooltip=\"Helheten av en kulturs \u00f6verl\u00e4mnade gudaber\u00e4ttelser.\" tabindex=\"0\">mytologi<\/span> har f\u00f6rst genom insamlarna p\u00e5 1800- och 1900-talet fogats samman till ett system.<\/p>\t\t\t\t\t\t\t\t<\/div>\n\t\t\t\t<\/div>\n\t\t\t\t\t<\/div>\n\t\t\t\t<\/div>\n\t\t<div class=\"elementor-element elementor-element-cp4708569 e-flex e-con-boxed e-con e-parent\" data-id=\"cp4708569\" data-element_type=\"container\" data-e-type=\"container\">\n\t\t\t\t\t<div class=\"e-con-inner\">\n\t\t\t\t<div class=\"elementor-element elementor-element-cp2629f04 elementor-widget elementor-widget-heading\" data-id=\"cp2629f04\" data-element_type=\"widget\" data-e-type=\"widget\" data-widget_type=\"heading.default\">\n\t\t\t\t\t<h2 class=\"elementor-heading-title elementor-size-default\">Cailleach och Brigid: striden om \u00e5ret<\/h2>\t\t\t\t<\/div>\n\t\t<div class=\"elementor-element elementor-element-cp2e76df6 e-con-full e-flex e-con e-child\" data-id=\"cp2e76df6\" data-element_type=\"container\" data-e-type=\"container\">\n\t\t\t\t<div class=\"elementor-element elementor-element-cpcdcc72e elementor-widget elementor-widget-text-editor\" data-id=\"cpcdcc72e\" data-element_type=\"widget\" data-e-type=\"widget\" data-widget_type=\"text-editor.default\">\n\t\t\t\t\t\t\t\t\t<p>En f\u00f6rest\u00e4llning som \u00e4r spridd i Skottland och Irland st\u00e4ller Cailleach som motpol till v\u00e5rgestalten, ofta kallad Brigid.<\/p><p>Enligt denna ber\u00e4ttartradition h\u00e4rskar Cailleach \u00f6ver vinterm\u00e5naderna, fr\u00e5n <em>Samhain<\/em> i b\u00f6rjan av november till <em>Bealtaine<\/em> i b\u00f6rjan av maj. Med v\u00e5rens ankomst tar hennes makt slut, och i vissa versioner f\u00f6rvandlas Cailleach till en sten eller ger sig av till en ungdomsk\u00e4lla, ur vilken hon stiger fram f\u00f6ryngrad.<\/p><p>En ofta citerad detalj g\u00e4ller festen <em>L\u00e0 Fh\u00e8ill Br\u00ecghde<\/em>, Brigids dag i b\u00f6rjan av februari. \u00c4r dagen solig och ljus, s\u00e4gs det, \u00e4r Cailleach ute och samlar ved f\u00f6r en l\u00e5ng och h\u00e5rd forts\u00e4ttning p\u00e5 vintern, varf\u00f6r gott v\u00e4der denna dag anses vara ett d\u00e5ligt omen.<\/p><p>\u00c4r dagen d\u00e4remot mulen, har Cailleach sovit \u00f6ver sig, hennes vedf\u00f6rr\u00e5d blir litet och vintern tar snart slut. Denna v\u00e4derregel \u00e4r strukturellt besl\u00e4ktad med den mellaneuropeiska murmeldjurs- och kyndelsm\u00e4ssotraditionen.<\/p><p>Den religionsvetenskapliga tolkningen \u00e4r h\u00e4r mer \u00e5terh\u00e5llsam \u00e4n popul\u00e4ra skildringar. Huruvida Cailleach och Brigid i f\u00f6rkristen tid faktiskt uppfattades som tv\u00e5 aspekter av en och samma gudinna eller som rivaliserande gestalter g\u00e5r inte att avg\u00f6ra med s\u00e4kerhet utifr\u00e5n k\u00e4llorna.<\/p><p>Motst\u00e4llningen \u00e4r till st\u00f6rsta delen rekonstruerad ur senare <span class=\"iwg-fachbegriff\" data-tooltip=\"Den \u00f6verl\u00e4mnade folkkulturen med seder, ber\u00e4ttelser och s\u00e5nger.\" tabindex=\"0\">folklore<\/span>. S\u00e4kert \u00e4r endast att Cailleach i den levande ber\u00e4ttartraditionen var fast f\u00f6rknippad med vinterhalv\u00e5ret.<\/p>\t\t\t\t\t\t\t\t<\/div>\n\t\t\t\t<\/div>\n\t\t\t\t\t<\/div>\n\t\t\t\t<\/div>\n\t\t<div class=\"elementor-element elementor-element-cpdb538b3 e-flex e-con-boxed e-con e-parent\" data-id=\"cpdb538b3\" data-element_type=\"container\" data-e-type=\"container\">\n\t\t\t\t\t<div class=\"e-con-inner\">\n\t\t\t\t<div class=\"elementor-element elementor-element-cpca8ff2a elementor-widget elementor-widget-heading\" data-id=\"cpca8ff2a\" data-element_type=\"widget\" data-e-type=\"widget\" data-widget_type=\"heading.default\">\n\t\t\t\t\t<h2 class=\"elementor-heading-title elementor-size-default\">Den sista k\u00e4rvknippet och sk\u00f6rdeseden<\/h2>\t\t\t\t<\/div>\n\t\t<div class=\"elementor-element elementor-element-cp62132ee e-con-full e-flex e-con e-child\" data-id=\"cp62132ee\" data-element_type=\"container\" data-e-type=\"container\">\n\t\t\t\t<div class=\"elementor-element elementor-element-cpd835c69 elementor-widget elementor-widget-text-editor\" data-id=\"cpd835c69\" data-element_type=\"widget\" data-e-type=\"widget\" data-widget_type=\"text-editor.default\">\n\t\t\t\t\t\t\t\t\t<p>Ut\u00f6ver landskapsmyterna var Cailleach i de skotska h\u00f6gl\u00e4nderna och p\u00e5 Hebriderna, \u00e4nda in p\u00e5 1800-talet och delvis 1900-talet, knuten till en konkret sk\u00f6rdesed. Den sista k\u00e4rven som sk\u00f6rdades p\u00e5 ett f\u00e4lt kallades p\u00e5 m\u00e5nga h\u00e5ll ocks\u00e5 <em>Cailleach<\/em>, den gamla.<\/p><p>Den som blev sist klar med sk\u00f6rden fick Cailleach p\u00e5 sin lott, och detta betraktades p\u00e5 m\u00e5nga h\u00e5ll som en skam, eftersom man d\u00e5 skulle beh\u00f6va hysa den improduktiva \u00e4taren \u00f6ver vintern.<\/p><p>Olika strategier anv\u00e4ndes f\u00f6r att undvika Cailleach. Sk\u00f6rdem\u00e4n kastade sina liar i den sista str\u00e5nippan eller band den snabbt f\u00f6r att skjuta \u00f6ver den till en l\u00e5ngsammare granne.<\/p><p>Den sista k\u00e4rven fl\u00e4tades ibland konstfullt till en figur, f\u00f6rvarades i huset och gavs f\u00f6ljande v\u00e5r till den f\u00f6rsta s\u00e5dden eller till boskapen. P\u00e5 s\u00e5 s\u00e4tt bevarades den kraft som ans\u00e5gs finnas i s\u00e4den \u00f6ver vintern och f\u00f6rdes vidare in i den nya cykeln.<\/p><p>James George Frazer anf\u00f6rde denna <span class=\"iwg-fachbegriff\" data-tooltip=\"En traditionell handling som regelbundet upprepas inom en gemenskap.\" tabindex=\"0\">sed<\/span> i <em>The Golden Bough<\/em> som ett exempel p\u00e5 korndemonen, en kraft som ans\u00e5gs bo i s\u00e4den och som f\u00e5ngades med den sista k\u00e4rven.<\/p><p>Den nyare forskningen \u00e4r skeptisk till Frazers stora schema, men betonar att Cailleach-sk\u00f6rdeseden \u00e4nd\u00e5 \u00e4r v\u00e4l belagd oberoende av detta. Den visar Cailleach i en helt annan roll \u00e4n den m\u00e4ktiga bergformerinnan: som en vardaglig, halvt fruktad, halvt h\u00e5nad gestalt i b\u00f6ndernas arbetsv\u00e4rld.<\/p>\t\t\t\t\t\t\t\t<\/div>\n\t\t\t\t<\/div>\n\t\t\t\t\t<\/div>\n\t\t\t\t<\/div>\n\t\t<div class=\"elementor-element elementor-element-cp7788a48 e-flex e-con-boxed e-con e-parent\" data-id=\"cp7788a48\" data-element_type=\"container\" data-e-type=\"container\">\n\t\t\t\t\t<div class=\"e-con-inner\">\n\t\t\t\t<div class=\"elementor-element elementor-element-cpbf6b671 elementor-widget elementor-widget-heading\" data-id=\"cpbf6b671\" data-element_type=\"widget\" data-e-type=\"widget\" data-widget_type=\"heading.default\">\n\t\t\t\t\t<h2 class=\"elementor-heading-title elementor-size-default\">Etymologi och k\u00e4llproblemet<\/h2>\t\t\t\t<\/div>\n\t\t<div class=\"elementor-element elementor-element-cp36c0b44 e-con-full e-flex e-con e-child\" data-id=\"cp36c0b44\" data-element_type=\"container\" data-e-type=\"container\">\n\t\t\t\t<div class=\"elementor-element elementor-element-cpe9589af elementor-widget elementor-widget-text-editor\" data-id=\"cpe9589af\" data-element_type=\"widget\" data-e-type=\"widget\" data-widget_type=\"text-editor.default\">\n\t\t\t\t\t\t\t\t\t<p>Namnet <em>Cailleach<\/em> betyder p\u00e5 skotsk gaeliska och iriska ordagrant den besl\u00f6jade eller den gamla, gamla kvinnan. Ordet \u00e4r en avledning av <em>caille<\/em>, sl\u00f6ja, som i sin tur \u00e4r l\u00e5nat fr\u00e5n latinets <em>pallium<\/em>.<\/p><p>Spr\u00e5khistoriskt \u00e4r begreppet allts\u00e5 relativt ungt och bar ursprungligen betydelsen den besl\u00f6jade nunnan eller den gamla kvinnan i allm\u00e4nhet. Detta f\u00e5r en viktig metodologisk konsekvens: namnet i sig bevisar inte n\u00e5gon f\u00f6rkristen gudinna, utan \u00e4r ett generiskt ord som har till\u00e4mpats p\u00e5 olika gestalter.<\/p><p>Den medeltida irl\u00e4ndska dikten om <em>Cailleach Bh\u00e9arra<\/em>, den gamla fr\u00e5n Beara, \u00e4r ett av de \u00e4ldsta litter\u00e4ra sp\u00e5ren. Det \u00e4r en klagos\u00e5ng fr\u00e5n en gammal kvinna om f\u00f6rlorad ungdom och sk\u00f6nhet, daterad till det \u00e5ttonde eller nionde \u00e5rhundradet.<\/p><p>Huruvida gestalten som talar d\u00e4r \u00e4r en mytologisk figur eller en litter\u00e4r personifikation av \u00e5lderdomen diskuteras livligt inom keltologin. Vissa forskare ser i detta resten av en suver\u00e4nitetsgudinna, andra l\u00e4ser dikten fr\u00e4mst som en kristen reflektion \u00f6ver f\u00f6rg\u00e4nglighet.<\/p><p>Detta k\u00e4ll\u00e4ge f\u00f6rklarar varf\u00f6r den moderna Cailleach \u00e4r s\u00e5 m\u00e5ngskiftande. Det finns ingen enskild kanonisk <span class=\"iwg-fachbegriff\" data-tooltip=\"En traditionell ber\u00e4ttelse om gudar, ursprung och v\u00e4rldens ordning.\" tabindex=\"0\">myt<\/span>. Ist\u00e4llet anv\u00e4ndes ordet under \u00e5rhundraden f\u00f6r lokala bergsandar, v\u00e4dermakter samt sk\u00f6rde- och naturpersonifikationer, och det var f\u00f6rst folklivsforskarna p\u00e5 1800- och 1900-talet som f\u00f6rde samman dessa tr\u00e5dar till en gestalt.<\/p><p>Den som studerar Cailleach vetenskapligt m\u00e5ste d\u00e4rf\u00f6r skilja mellan de medeltida texterna, den regionala s\u00e4gentraditionen och den moderna syntesen.<\/p>\t\t\t\t\t\t\t\t<\/div>\n\t\t\t\t<\/div>\n\t\t\t\t\t<\/div>\n\t\t\t\t<\/div>\n\t\t<div class=\"elementor-element elementor-element-36dd7469 e-flex e-con-boxed e-con e-parent\" data-id=\"36dd7469\" data-element_type=\"container\" data-e-type=\"container\">\n\t\t\t\t\t<div class=\"e-con-inner\">\n\t\t\t\t<div class=\"elementor-element elementor-element-13760ab4 elementor-widget elementor-widget-heading\" data-id=\"13760ab4\" data-element_type=\"widget\" data-e-type=\"widget\" data-widget_type=\"heading.default\">\n\t\t\t\t\t<h2 class=\"elementor-heading-title elementor-size-default\">Vidare l\u00e4nkar<\/h2>\t\t\t\t<\/div>\n\t\t<div class=\"elementor-element elementor-element-28c87796 e-con-full e-flex e-con e-child\" data-id=\"28c87796\" data-element_type=\"container\" data-e-type=\"container\">\n\t\t\t\t<div class=\"elementor-element elementor-element-5d6538df elementor-widget elementor-widget-text-editor\" data-id=\"5d6538df\" data-element_type=\"widget\" data-e-type=\"widget\" data-widget_type=\"text-editor.default\">\n\t\t\t\t\t\t\t\t\t<p>Rekommenderade interna l\u00e4nkar:<\/p><ul><li><a href=\"https:\/\/iwell-guard.com\/sv\/keltisk\/\">Keltisk<\/a><\/li><li><a href=\"https:\/\/iwell-guard.com\/sv\/banshee\/\">Banshee<\/a>, <a href=\"https:\/\/iwell-guard.com\/sv\/sluagh\/\">Sluagh<\/a>, P\u00faca, <a href=\"https:\/\/iwell-guard.com\/sv\/dullahan\/\">Dullahan<\/a><\/li><li>Morr\u00edgan, <a href=\"https:\/\/iwell-guard.com\/sv\/brigid\/\">Brigid<\/a> (keltiska gudinnor)<\/li><li><a href=\"https:\/\/iwell-guard.com\/sv\/baba-jaga\/\">Baba Jaga<\/a> (slavisk parallell, detaljsida kommer)<\/li><li>Perchta\/Hulda (germanska paralleller)<\/li><\/ul>\t\t\t\t\t\t\t\t<\/div>\n\t\t\t\t<\/div>\n\t\t\t\t\t<\/div>\n\t\t\t\t<\/div>\n\t\t<div class=\"elementor-element elementor-element-grl4kl40 e-flex e-con-boxed e-con e-parent\" data-id=\"grl4kl40\" data-element_type=\"container\" data-e-type=\"container\">\n\t\t\t\t\t<div class=\"e-con-inner\">\n\t\t\t\t<div class=\"elementor-element elementor-element-bzsbfrmh elementor-widget elementor-widget-heading\" data-id=\"bzsbfrmh\" data-element_type=\"widget\" data-e-type=\"widget\" data-widget_type=\"heading.default\">\n\t\t\t\t\t<h2 class=\"elementor-heading-title elementor-size-default\">Litteratur (urval)<\/h2>\t\t\t\t<\/div>\n\t\t<div class=\"elementor-element elementor-element-2c13224a e-con-full e-flex e-con e-child\" data-id=\"2c13224a\" data-element_type=\"container\" data-e-type=\"container\">\n\t\t\t\t<div class=\"elementor-element elementor-element-0eymh9ub elementor-widget elementor-widget-text-editor\" data-id=\"0eymh9ub\" data-element_type=\"widget\" data-e-type=\"widget\" data-widget_type=\"text-editor.default\">\n\t\t\t\t\t\t\t\t\t<footer class=\"iwg-literatur\" data-nosnippet=\"true\"><p>Ett urval av centrala arbeten om Cailleach:<\/p><ul><li><span data-nosnippet>McNeill, F. Marian: <em>The Silver Bough<\/em>. 4 vol. Glasgow 1957, 68.<\/span><\/li><li><span data-nosnippet>\u00d3 h\u00d3g\u00e1in, D\u00e1ith\u00ed: <em>Myth, Legend and Romance<\/em>. New York 1991.<\/span><\/li><li><span data-nosnippet>Hull, Eleanor: \u201eLegends and Traditions of the Cailleach Bheara.&#8221; I: <em><span class=\"iwg-fachbegriff\" data-tooltip=\"Den \u00f6verl\u00e4mnade folkkulturen med seder, ber\u00e4ttelser och s\u00e5nger.\" tabindex=\"0\">Folklore<\/span><\/em> 38 (1927).<\/span><\/li><li><span data-nosnippet>Monaghan, Patricia: <em>The Encyclopedia of Celtic Mythology and <span class=\"iwg-fachbegriff\" data-tooltip=\"Den \u00f6verl\u00e4mnade folkkulturen med seder, ber\u00e4ttelser och s\u00e5nger.\" tabindex=\"0\">Folklore<\/span><\/em>. New York 2004.<\/span><\/li><\/ul><\/footer>\n<p class=\"iwg-bib-more\"><span data-nosnippet>Ytterligare standardverk i <a href=\"https:\/\/iwell-guard.com\/sv\/litteratur\/\">litteraturf\u00f6rteckningen<\/a>.<\/span><\/p>\t\t\t\t\t\t\t\t<\/div>\n\t\t\t\t<\/div>\n\t\t\t\t\t<\/div>\n\t\t\t\t<\/div>\n\t\t<div class=\"elementor-element elementor-element-iwgkw-add-cailleach e-flex e-con-boxed e-con e-parent\" data-id=\"iwgkw-add-cailleach\" data-element_type=\"container\" data-e-type=\"container\">\n\t\t\t\t\t<div class=\"e-con-inner\">\n\t\t\t\t<div class=\"elementor-element elementor-element-iwgkw-add-cailleach-t elementor-widget elementor-widget-text-editor\" data-id=\"iwgkw-add-cailleach-t\" data-element_type=\"widget\" data-e-type=\"widget\" data-widget_type=\"text-editor.default\">\n\t\t\t\t\t\t\t\t\t<p>I j\u00e4mf\u00f6relse med de manliga gudsgestalterna inom den keltiska pantheon framtr\u00e4der Cailleach som en sj\u00e4lvst\u00e4ndig h\u00f6gre gudinna som f\u00f6rkroppsligar vinter, storm och berg.<\/p><p>D\u00e4r en typisk keltisk gud representerar stam, krig eller hantverk, f\u00f6rkroppsligar hon ett \u00e4ldre, landskapsbundet lager: berg, klippformationer och \u00e5rstidsv\u00e4xlingar f\u00f6rknippas i Skottland, Irland och p\u00e5 Isle of Man med hennes gestalt.<\/p>\t\t\t\t\t\t\t\t<\/div>\n\t\t\t\t\t<\/div>\n\t\t\t\t<\/div>\n\t\t\t\t<\/div>\n\t\t","protected":false},"excerpt":{"rendered":"","protected":false},"author":3,"featured_media":1614,"parent":0,"menu_order":0,"comment_status":"closed","ping_status":"closed","template":"elementor_header_footer","meta":{"_yoast_wpseo_focuskw":"Cailleach","_yoast_wpseo_title":"Cailleach - Den gamla, vintergudinnan och klippformaren","_yoast_wpseo_metadesc":"Cailleach, den gamla, \u00e4r vintergudinna och klippformare i den keltiska v\u00e4rlden. Skottland, Irland, Isle of Man: landskapets mytologi och Imbolc-datumet.","_yoast_wpseo_meta-robots-noindex":"","_yoast_wpseo_canonical":"","_angie_page":false,"gefaehrdungsstufe":"3","wesen_kultur":"keltisch","wesen_klasse":"goetter","footnotes":""},"categories":[],"class_list":["post-136537","page","type-page","status-publish","has-post-thumbnail","hentry"],"yoast_head":"<!-- This site is optimized with the Yoast SEO Premium plugin v27.7 (Yoast SEO v28.3) - https:\/\/yoast.com\/product\/yoast-seo-premium-wordpress\/ -->\n<title>Cailleach - Den gamla, vintergudinnan och klippformaren<\/title>\n<meta name=\"description\" content=\"Cailleach, den gamla, \u00e4r vintergudinna och klippformare i den keltiska v\u00e4rlden. Skottland, Irland, Isle of Man: landskapets mytologi och Imbolc-datumet.\" \/>\n<meta name=\"robots\" content=\"index, follow, max-snippet:-1, max-image-preview:large, max-video-preview:-1\" \/>\n<link rel=\"canonical\" href=\"https:\/\/iwell-guard.com\/sv\/cailleach\/\" \/>\n<meta property=\"og:locale\" content=\"sv_SE\" \/>\n<meta property=\"og:type\" content=\"article\" \/>\n<meta property=\"og:title\" content=\"Cailleach\" \/>\n<meta property=\"og:description\" content=\"Cailleach, den gamla, \u00e4r vintergudinna och klippformare i den keltiska v\u00e4rlden. Skottland, Irland, Isle of Man: landskapets mytologi och Imbolc-datumet.\" \/>\n<meta property=\"og:url\" content=\"https:\/\/iwell-guard.com\/sv\/cailleach\/\" \/>\n<meta property=\"og:site_name\" content=\"iWell Guard\" \/>\n<meta property=\"article:modified_time\" content=\"2026-09-03T01:05:23+00:00\" \/>\n<meta property=\"og:image\" content=\"https:\/\/iwell-guard.com\/wp-content\/uploads\/2026\/04\/goetter_keltisch_cailleach.webp\" \/>\n\t<meta property=\"og:image:width\" content=\"1024\" \/>\n\t<meta property=\"og:image:height\" content=\"1536\" \/>\n\t<meta property=\"og:image:type\" content=\"image\/webp\" \/>\n<meta name=\"twitter:card\" content=\"summary_large_image\" \/>\n<script type=\"application\/ld+json\" class=\"yoast-schema-graph\">{\"@context\":\"https:\\\/\\\/schema.org\",\"@graph\":[{\"@type\":\"WebPage\",\"@id\":\"https:\\\/\\\/iwell-guard.com\\\/sv\\\/cailleach\\\/\",\"url\":\"https:\\\/\\\/iwell-guard.com\\\/sv\\\/cailleach\\\/\",\"name\":\"Cailleach - Den gamla, vintergudinnan och klippformaren\",\"isPartOf\":{\"@id\":\"https:\\\/\\\/iwell-guard.com\\\/sv\\\/#website\"},\"primaryImageOfPage\":{\"@id\":\"https:\\\/\\\/iwell-guard.com\\\/sv\\\/cailleach\\\/#primaryimage\"},\"image\":{\"@id\":\"https:\\\/\\\/iwell-guard.com\\\/sv\\\/cailleach\\\/#primaryimage\"},\"thumbnailUrl\":\"https:\\\/\\\/iwell-guard.com\\\/wp-content\\\/uploads\\\/2026\\\/04\\\/goetter_keltisch_cailleach.webp\",\"datePublished\":\"2026-09-03T00:07:53+00:00\",\"dateModified\":\"2026-09-03T01:05:23+00:00\",\"description\":\"Cailleach, den gamla, \u00e4r vintergudinna och klippformare i den keltiska v\u00e4rlden. Skottland, Irland, Isle of Man: landskapets mytologi och Imbolc-datumet.\",\"breadcrumb\":{\"@id\":\"https:\\\/\\\/iwell-guard.com\\\/sv\\\/cailleach\\\/#breadcrumb\"},\"inLanguage\":\"sv-SE\",\"potentialAction\":[{\"@type\":\"ReadAction\",\"target\":[\"https:\\\/\\\/iwell-guard.com\\\/sv\\\/cailleach\\\/\"]}]},{\"@type\":\"ImageObject\",\"inLanguage\":\"sv-SE\",\"@id\":\"https:\\\/\\\/iwell-guard.com\\\/sv\\\/cailleach\\\/#primaryimage\",\"url\":\"https:\\\/\\\/iwell-guard.com\\\/wp-content\\\/uploads\\\/2026\\\/04\\\/goetter_keltisch_cailleach.webp\",\"contentUrl\":\"https:\\\/\\\/iwell-guard.com\\\/wp-content\\\/uploads\\\/2026\\\/04\\\/goetter_keltisch_cailleach.webp\",\"width\":1024,\"height\":1536,\"caption\":\"Gudar fr\u00e5n den keltiska traditionen.\"},{\"@type\":\"BreadcrumbList\",\"@id\":\"https:\\\/\\\/iwell-guard.com\\\/sv\\\/cailleach\\\/#breadcrumb\",\"itemListElement\":[{\"@type\":\"ListItem\",\"position\":1,\"name\":\"Start\",\"item\":\"https:\\\/\\\/iwell-guard.com\\\/sv\\\/?page_id=136483\"},{\"@type\":\"ListItem\",\"position\":2,\"name\":\"Cailleach\"}]},{\"@type\":\"WebSite\",\"@id\":\"https:\\\/\\\/iwell-guard.com\\\/sv\\\/#website\",\"url\":\"https:\\\/\\\/iwell-guard.com\\\/sv\\\/\",\"name\":\"iWell Guard\",\"description\":\"Schutz vor dunklen Einfl\u00fcssen\",\"publisher\":{\"@id\":\"https:\\\/\\\/iwell-guard.com\\\/sv\\\/#organization\"},\"potentialAction\":[{\"@type\":\"SearchAction\",\"target\":{\"@type\":\"EntryPoint\",\"urlTemplate\":\"https:\\\/\\\/iwell-guard.com\\\/sv\\\/?s={search_term_string}\"},\"query-input\":{\"@type\":\"PropertyValueSpecification\",\"valueRequired\":true,\"valueName\":\"search_term_string\"}}],\"inLanguage\":\"sv-SE\"},{\"@type\":\"Organization\",\"@id\":\"https:\\\/\\\/iwell-guard.com\\\/sv\\\/#organization\",\"name\":\"Ittermann electronic GmbH\",\"url\":\"https:\\\/\\\/iwell-guard.com\\\/sv\\\/\",\"logo\":{\"@type\":\"ImageObject\",\"inLanguage\":\"sv-SE\",\"@id\":\"https:\\\/\\\/iwell-guard.com\\\/sv\\\/#\\\/schema\\\/logo\\\/image\\\/\",\"url\":\"https:\\\/\\\/iwell-guard.com\\\/wp-content\\\/uploads\\\/2026\\\/05\\\/Ittermann-Logo-1182x237-1.png\",\"contentUrl\":\"https:\\\/\\\/iwell-guard.com\\\/wp-content\\\/uploads\\\/2026\\\/05\\\/Ittermann-Logo-1182x237-1.png\",\"width\":1182,\"height\":237,\"caption\":\"Ittermann electronic GmbH\"},\"image\":{\"@id\":\"https:\\\/\\\/iwell-guard.com\\\/sv\\\/#\\\/schema\\\/logo\\\/image\\\/\"},\"sameAs\":[\"https:\\\/\\\/pantip.com\\\/profile\\\/9367242\",\"https:\\\/\\\/micro.blog\\\/iwellguard\",\"https:\\\/\\\/www.diggerslist.com\\\/iwellguard\\\/about\",\"https:\\\/\\\/skitterphoto.com\\\/photographers\\\/2870314\\\/iwell-guard\",\"https:\\\/\\\/iwellguard.wordpress.com\\\/2026\\\/06\\\/06\\\/iwell-guard\\\/\",\"https:\\\/\\\/hub.docker.com\\\/u\\\/iwellguard\",\"https:\\\/\\\/www.pinterest.com\\\/iwellguard\\\/\",\"https:\\\/\\\/bit.ly\\\/m\\\/iwellguard\",\"https:\\\/\\\/entre-vos-mains.alsace.eu\\\/profiles\\\/iwellguard\\\/activity\",\"https:\\\/\\\/gravatar.com\\\/reallybeded8fd34\",\"https:\\\/\\\/naijamatta.com\\\/iwellguard\",\"https:\\\/\\\/www.goodreads.com\\\/iwellguard\",\"https:\\\/\\\/profile.hatena.ne.jp\\\/iwellguard\\\/\",\"https:\\\/\\\/experiment.com\\\/users\\\/iwellguard\",\"https:\\\/\\\/wakelet.com\\\/@iWellGuard82270\",\"https:\\\/\\\/www.chordie.com\\\/forum\\\/profile.php?id=2555664\",\"https:\\\/\\\/www.instapaper.com\\\/p\\\/17757966\",\"https:\\\/\\\/www.mapleprimes.com\\\/users\\\/iwellguard\",\"https:\\\/\\\/businesslistingplus.com\\\/profile\\\/iwell-guard\\\/\",\"https:\\\/\\\/telegra.ph\\\/iWell-Guard-06-06\",\"https:\\\/\\\/pbase.com\\\/iwellguard\\\/iwellguard\",\"https:\\\/\\\/b.hatena.ne.jp\\\/iwellguard\\\/20260607#bookmark-4788405196491818882\",\"https:\\\/\\\/fliphtml5.com\\\/home\\\/iwellguard\",\"https:\\\/\\\/anyflip.com\\\/homepage\\\/cmiwl#About\",\"https:\\\/\\\/transfur.com\\\/Users\\\/iwellguard\",\"http:\\\/\\\/delphi.larsbo.org\\\/user\\\/iwellguard\",\"https:\\\/\\\/jobs.lajobsportal.org\\\/profiles\\\/8380803-iwell-guard\",\"https:\\\/\\\/md.chaosdorf.de\\\/s\\\/jfbe5SBdJD\",\"https:\\\/\\\/www.lingvolive.com\\\/en-us\\\/profile\\\/9ecaeaca-ce11-4e51-9e71-01d55e2bff36\\\/translations\",\"https:\\\/\\\/www.fitday.com\\\/fitness\\\/forums\\\/members\\\/iwellguard.html\",\"https:\\\/\\\/www.mymeetbook.com\\\/iwellguard\",\"https:\\\/\\\/pxhere.com\\\/en\\\/photographer-me\\\/5040798\",\"https:\\\/\\\/disqus.com\\\/by\\\/iwellguard\\\/about\\\/\",\"https:\\\/\\\/pastelink.net\\\/hjwciqwq\",\"https:\\\/\\\/pubhtml5.com\\\/homepage\\\/scjhn\\\/\",\"https:\\\/\\\/www.bitchute.com\\\/channel\\\/2O2eOKzNqujT\",\"https:\\\/\\\/audiomack.com\\\/iwellguard\"]},{\"@type\":\"Article\",\"@id\":\"https:\\\/\\\/iwell-guard.com\\\/sv\\\/cailleach\\\/#article\",\"isPartOf\":{\"@id\":\"https:\\\/\\\/iwell-guard.com\\\/sv\\\/cailleach\\\/\"},\"author\":{\"name\":\"Ralf Ittermann\",\"@id\":\"https:\\\/\\\/iwell-guard.com\\\/sv\\\/#\\\/schema\\\/person\\\/ee2a27f1cac3406c7c6fb5820cb7349f\"},\"headline\":\"Cailleach\",\"datePublished\":\"2026-09-03T00:07:53+00:00\",\"dateModified\":\"2026-09-03T01:05:23+00:00\",\"mainEntityOfPage\":{\"@id\":\"https:\\\/\\\/iwell-guard.com\\\/sv\\\/cailleach\\\/\"},\"publisher\":{\"@id\":\"https:\\\/\\\/iwell-guard.com\\\/sv\\\/#organization\"},\"image\":{\"@id\":\"https:\\\/\\\/iwell-guard.com\\\/sv\\\/cailleach\\\/#primaryimage\"},\"thumbnailUrl\":\"https:\\\/\\\/iwell-guard.com\\\/wp-content\\\/uploads\\\/2026\\\/04\\\/goetter_keltisch_cailleach.webp\",\"inLanguage\":\"sv-SE\",\"description\":\"Cailleach, den gamla, \u00e4r vintergudinna och klippformare i den keltiska v\u00e4rlden. Skottland, Irland, Isle of Man: landskapets mytologi och Imbolc-datumet.\"}]}<\/script>\n<!-- \/ Yoast SEO Premium plugin. -->","yoast_head_json":{"title":"Cailleach - Den gamla, vintergudinnan och klippformaren","description":"Cailleach, den gamla, \u00e4r vintergudinna och klippformare i den keltiska v\u00e4rlden. Skottland, Irland, Isle of Man: landskapets mytologi och Imbolc-datumet.","robots":{"index":"index","follow":"follow","max-snippet":"max-snippet:-1","max-image-preview":"max-image-preview:large","max-video-preview":"max-video-preview:-1"},"canonical":"https:\/\/iwell-guard.com\/sv\/cailleach\/","og_locale":"sv_SE","og_type":"article","og_title":"Cailleach","og_description":"Cailleach, den gamla, \u00e4r vintergudinna och klippformare i den keltiska v\u00e4rlden. Skottland, Irland, Isle of Man: landskapets mytologi och Imbolc-datumet.","og_url":"https:\/\/iwell-guard.com\/sv\/cailleach\/","og_site_name":"iWell Guard","article_modified_time":"2026-09-03T01:05:23+00:00","og_image":[{"width":1024,"height":1536,"url":"https:\/\/iwell-guard.com\/wp-content\/uploads\/2026\/04\/goetter_keltisch_cailleach.webp","type":"image\/webp"}],"twitter_card":"summary_large_image","schema":{"@context":"https:\/\/schema.org","@graph":[{"@type":"Article","@id":"https:\/\/iwell-guard.com\/sv\/cailleach\/#article","isPartOf":{"@id":"https:\/\/iwell-guard.com\/sv\/cailleach\/"},"author":{"name":"Ralf Ittermann","@id":"https:\/\/iwell-guard.com\/sv\/#\/schema\/person\/ee2a27f1cac3406c7c6fb5820cb7349f"},"headline":"Cailleach","datePublished":"2026-09-03T00:07:53+00:00","dateModified":"2026-09-03T01:05:23+00:00","mainEntityOfPage":{"@id":"https:\/\/iwell-guard.com\/sv\/cailleach\/"},"publisher":{"@id":"https:\/\/iwell-guard.com\/sv\/#organization"},"image":{"@id":"https:\/\/iwell-guard.com\/sv\/cailleach\/#primaryimage"},"thumbnailUrl":"https:\/\/iwell-guard.com\/wp-content\/uploads\/2026\/04\/goetter_keltisch_cailleach.webp","inLanguage":"sv-SE","description":"Cailleach, den gamla, \u00e4r vintergudinna och klippformare i den keltiska v\u00e4rlden. Skottland, Irland, Isle of Man: landskapets mytologi och Imbolc-datumet."},{"@type":"WebPage","@id":"https:\/\/iwell-guard.com\/sv\/cailleach\/","url":"https:\/\/iwell-guard.com\/sv\/cailleach\/","name":"Cailleach - Den gamla, vintergudinnan och klippformaren","isPartOf":{"@id":"https:\/\/iwell-guard.com\/sv\/#website"},"primaryImageOfPage":{"@id":"https:\/\/iwell-guard.com\/sv\/cailleach\/#primaryimage"},"image":{"@id":"https:\/\/iwell-guard.com\/sv\/cailleach\/#primaryimage"},"thumbnailUrl":"https:\/\/iwell-guard.com\/wp-content\/uploads\/2026\/04\/goetter_keltisch_cailleach.webp","datePublished":"2026-09-03T00:07:53+00:00","dateModified":"2026-09-03T01:05:23+00:00","description":"Cailleach, den gamla, \u00e4r vintergudinna och klippformare i den keltiska v\u00e4rlden. Skottland, Irland, Isle of Man: landskapets mytologi och Imbolc-datumet.","breadcrumb":{"@id":"https:\/\/iwell-guard.com\/sv\/cailleach\/#breadcrumb"},"inLanguage":"sv-SE","potentialAction":[{"@type":"ReadAction","target":["https:\/\/iwell-guard.com\/sv\/cailleach\/"]}]},{"@type":"ImageObject","inLanguage":"sv-SE","@id":"https:\/\/iwell-guard.com\/sv\/cailleach\/#primaryimage","url":"https:\/\/iwell-guard.com\/wp-content\/uploads\/2026\/04\/goetter_keltisch_cailleach.webp","contentUrl":"https:\/\/iwell-guard.com\/wp-content\/uploads\/2026\/04\/goetter_keltisch_cailleach.webp","width":1024,"height":1536,"caption":"Gudar fr\u00e5n den keltiska traditionen."},{"@type":"BreadcrumbList","@id":"https:\/\/iwell-guard.com\/sv\/cailleach\/#breadcrumb","itemListElement":[{"@type":"ListItem","position":1,"name":"Start","item":"https:\/\/iwell-guard.com\/sv\/?page_id=136483"},{"@type":"ListItem","position":2,"name":"Cailleach"}]},{"@type":"WebSite","@id":"https:\/\/iwell-guard.com\/sv\/#website","url":"https:\/\/iwell-guard.com\/sv\/","name":"iWell Guard","description":"Schutz vor dunklen Einfl\u00fcssen","publisher":{"@id":"https:\/\/iwell-guard.com\/sv\/#organization"},"potentialAction":[{"@type":"SearchAction","target":{"@type":"EntryPoint","urlTemplate":"https:\/\/iwell-guard.com\/sv\/?s={search_term_string}"},"query-input":{"@type":"PropertyValueSpecification","valueRequired":true,"valueName":"search_term_string"}}],"inLanguage":"sv-SE"},{"@type":"Organization","@id":"https:\/\/iwell-guard.com\/sv\/#organization","name":"Ittermann electronic GmbH","url":"https:\/\/iwell-guard.com\/sv\/","logo":{"@type":"ImageObject","inLanguage":"sv-SE","@id":"https:\/\/iwell-guard.com\/sv\/#\/schema\/logo\/image\/","url":"https:\/\/iwell-guard.com\/wp-content\/uploads\/2026\/05\/Ittermann-Logo-1182x237-1.png","contentUrl":"https:\/\/iwell-guard.com\/wp-content\/uploads\/2026\/05\/Ittermann-Logo-1182x237-1.png","width":1182,"height":237,"caption":"Ittermann electronic GmbH"},"image":{"@id":"https:\/\/iwell-guard.com\/sv\/#\/schema\/logo\/image\/"},"sameAs":["https:\/\/pantip.com\/profile\/9367242","https:\/\/micro.blog\/iwellguard","https:\/\/www.diggerslist.com\/iwellguard\/about","https:\/\/skitterphoto.com\/photographers\/2870314\/iwell-guard","https:\/\/iwellguard.wordpress.com\/2026\/06\/06\/iwell-guard\/","https:\/\/hub.docker.com\/u\/iwellguard","https:\/\/www.pinterest.com\/iwellguard\/","https:\/\/bit.ly\/m\/iwellguard","https:\/\/entre-vos-mains.alsace.eu\/profiles\/iwellguard\/activity","https:\/\/gravatar.com\/reallybeded8fd34","https:\/\/naijamatta.com\/iwellguard","https:\/\/www.goodreads.com\/iwellguard","https:\/\/profile.hatena.ne.jp\/iwellguard\/","https:\/\/experiment.com\/users\/iwellguard","https:\/\/wakelet.com\/@iWellGuard82270","https:\/\/www.chordie.com\/forum\/profile.php?id=2555664","https:\/\/www.instapaper.com\/p\/17757966","https:\/\/www.mapleprimes.com\/users\/iwellguard","https:\/\/businesslistingplus.com\/profile\/iwell-guard\/","https:\/\/telegra.ph\/iWell-Guard-06-06","https:\/\/pbase.com\/iwellguard\/iwellguard","https:\/\/b.hatena.ne.jp\/iwellguard\/20260607#bookmark-4788405196491818882","https:\/\/fliphtml5.com\/home\/iwellguard","https:\/\/anyflip.com\/homepage\/cmiwl#About","https:\/\/transfur.com\/Users\/iwellguard","http:\/\/delphi.larsbo.org\/user\/iwellguard","https:\/\/jobs.lajobsportal.org\/profiles\/8380803-iwell-guard","https:\/\/md.chaosdorf.de\/s\/jfbe5SBdJD","https:\/\/www.lingvolive.com\/en-us\/profile\/9ecaeaca-ce11-4e51-9e71-01d55e2bff36\/translations","https:\/\/www.fitday.com\/fitness\/forums\/members\/iwellguard.html","https:\/\/www.mymeetbook.com\/iwellguard","https:\/\/pxhere.com\/en\/photographer-me\/5040798","https:\/\/disqus.com\/by\/iwellguard\/about\/","https:\/\/pastelink.net\/hjwciqwq","https:\/\/pubhtml5.com\/homepage\/scjhn\/","https:\/\/www.bitchute.com\/channel\/2O2eOKzNqujT","https:\/\/audiomack.com\/iwellguard"]},{"@type":"Person","@id":"https:\/\/iwell-guard.com\/sv\/#\/schema\/person\/ee2a27f1cac3406c7c6fb5820cb7349f","name":"Ralf Ittermann","image":{"@type":"ImageObject","inLanguage":"sv-SE","@id":"https:\/\/secure.gravatar.com\/avatar\/073c0153e350a5005b68eb752b445fea71f6b24a26da9449ad7e155e6b446c9d?s=96&d=mm&r=g","url":"https:\/\/secure.gravatar.com\/avatar\/073c0153e350a5005b68eb752b445fea71f6b24a26da9449ad7e155e6b446c9d?s=96&d=mm&r=g","contentUrl":"https:\/\/secure.gravatar.com\/avatar\/073c0153e350a5005b68eb752b445fea71f6b24a26da9449ad7e155e6b446c9d?s=96&d=mm&r=g","caption":"Ralf Ittermann"},"givenName":"Ralf","familyName":"Ittermann","jobTitle":"Gesch\u00e4ftsf\u00fchrer und redaktioneller Verantwortlicher","url":"https:\/\/iwell-guard.com\/sv\/author\/claude\/","description":"Ralf Ittermann ist Gesch\u00e4ftsf\u00fchrer der Ittermann electronic GmbH und redaktioneller Verantwortlicher des iWell-Guard-Lexikons. Er verbindet langj\u00e4hrige Erfahrung in der Pr\u00e4zisionsfertigung mit medialer Praxis und religionsgeschichtlicher Quellenarbeit.","worksFor":{"@type":"Organization","name":"Ittermann electronic GmbH","url":"https:\/\/ittermann.de\/","address":{"@type":"PostalAddress","streetAddress":"K\u00f6hlergasse 16-18","postalCode":"99842","addressLocality":"Ruhla","addressCountry":"DE"}},"knowsAbout":["Religionsgeschichte","Mythologie","Mediale Praxis","Energetische Diagnostik","Schutzpraxis","Volksglauben","Westliche Esoterik"]},{"@type":"Article","@id":"https:\/\/iwell-guard.com\/sv\/cailleach\/#article","isPartOf":{"@id":"https:\/\/iwell-guard.com\/sv\/cailleach\/"},"author":{"name":"Ralf Ittermann","@id":"https:\/\/iwell-guard.com\/sv\/#\/schema\/person\/ee2a27f1cac3406c7c6fb5820cb7349f"},"headline":"Cailleach","datePublished":"2026-09-03T00:07:53+00:00","dateModified":"2026-09-03T01:05:23+00:00","mainEntityOfPage":{"@id":"https:\/\/iwell-guard.com\/sv\/cailleach\/"},"publisher":{"@id":"https:\/\/iwell-guard.com\/sv\/#organization"},"image":{"@id":"https:\/\/iwell-guard.com\/sv\/cailleach\/#primaryimage"},"thumbnailUrl":"https:\/\/iwell-guard.com\/wp-content\/uploads\/2026\/04\/goetter_keltisch_cailleach.webp","inLanguage":"sv-SE","description":"Cailleach, den gamla, \u00e4r vintergudinna och klippformare i den keltiska v\u00e4rlden. Skottland, Irland, Isle of Man: landskapets mytologi och Imbolc-datumet."}]}},"_links":{"self":[{"href":"https:\/\/iwell-guard.com\/sv\/wp-json\/wp\/v2\/pages\/136537","targetHints":{"allow":["GET"]}}],"collection":[{"href":"https:\/\/iwell-guard.com\/sv\/wp-json\/wp\/v2\/pages"}],"about":[{"href":"https:\/\/iwell-guard.com\/sv\/wp-json\/wp\/v2\/types\/page"}],"author":[{"embeddable":true,"href":"https:\/\/iwell-guard.com\/sv\/wp-json\/wp\/v2\/users\/3"}],"replies":[{"embeddable":true,"href":"https:\/\/iwell-guard.com\/sv\/wp-json\/wp\/v2\/comments?post=136537"}],"version-history":[{"count":0,"href":"https:\/\/iwell-guard.com\/sv\/wp-json\/wp\/v2\/pages\/136537\/revisions"}],"wp:featuredmedia":[{"embeddable":true,"href":"https:\/\/iwell-guard.com\/sv\/wp-json\/wp\/v2\/media\/1614"}],"wp:attachment":[{"href":"https:\/\/iwell-guard.com\/sv\/wp-json\/wp\/v2\/media?parent=136537"}],"wp:term":[{"taxonomy":"category","embeddable":true,"href":"https:\/\/iwell-guard.com\/sv\/wp-json\/wp\/v2\/categories?post=136537"}],"curies":[{"name":"wp","href":"https:\/\/api.w.org\/{rel}","templated":true}]}}