{"id":136536,"date":"2026-09-03T00:07:53","date_gmt":"2026-09-03T00:07:53","guid":{"rendered":"https:\/\/iwell-guard.com\/?page_id=136536"},"modified":"2026-09-03T01:05:23","modified_gmt":"2026-09-03T01:05:23","slug":"sluagh","status":"publish","type":"page","link":"https:\/\/iwell-guard.com\/sv\/sluagh\/","title":{"rendered":"Sluagh"},"content":{"rendered":"\t\t<div data-elementor-type=\"wp-page\" data-elementor-id=\"136536\" class=\"elementor elementor-136536 elementor-1034\" data-elementor-post-type=\"page\">\n\t\t\t\t<div class=\"elementor-element elementor-element-10fdade e-flex e-con-boxed e-con e-parent\" data-id=\"10fdade\" data-element_type=\"container\" data-e-type=\"container\" data-settings=\"{&quot;background_background&quot;:&quot;classic&quot;}\">\n\t\t\t\t\t<div class=\"e-con-inner\">\n\t\t<div class=\"elementor-element elementor-element-herohlft0 e-flex e-con-boxed e-con e-child\" data-id=\"herohlft0\" data-element_type=\"container\" data-e-type=\"container\">\n\t\t\t\t\t<div class=\"e-con-inner\">\n\t\t<div class=\"elementor-element elementor-element-c3ceb64 e-con-full e-flex e-con e-child\" data-id=\"c3ceb64\" data-element_type=\"container\" data-e-type=\"container\">\n\t\t\t\t<div class=\"elementor-element elementor-element-96ae5e1 elementor-widget elementor-widget-heading\" data-id=\"96ae5e1\" data-element_type=\"widget\" data-e-type=\"widget\" data-widget_type=\"heading.default\">\n\t\t\t\t\t<h1 class=\"elementor-heading-title elementor-size-default\">Sluagh, ande i den keltiska traditionen<\/h1>\t\t\t\t<\/div>\n\t\t\t\t<div class=\"elementor-element elementor-element-e45238a elementor-widget elementor-widget-text-editor\" data-id=\"e45238a\" data-element_type=\"widget\" data-e-type=\"widget\" data-widget_type=\"text-editor.default\">\n\t\t\t\t\t\t\t\t\t<p><strong>Det oheliga d\u00f6dsh\u00e4ret, flygande sj\u00e4lar utan hemvist.<\/strong><\/p>\t\t\t\t\t\t\t\t<\/div>\n\t\t\t\t<\/div>\n\t\t<div class=\"elementor-element elementor-element-klsbdg01 e-con-full e-flex e-con e-parent\" data-id=\"klsbdg01\" data-element_type=\"container\" data-e-type=\"container\">\n\t\t\t\t<div class=\"elementor-element elementor-element-klshtm01 elementor-widget elementor-widget-html\" data-id=\"klshtm01\" data-element_type=\"widget\" data-e-type=\"widget\" data-widget_type=\"html.default\">\n\t\t\t\t\t<div class=\"iwg-pill-row\"><span class=\"iwg-klasse-badge\" tabindex=\"0\" data-tooltip=\"Ande: Okroppslig eller halvkroppslig v\u00e4sen, avlidna, naturv\u00e4sen, husandar eller tr\u00f6skelv\u00e4ktare. Verkar i vardagslivet, ofta bunden till platser eller familjer.\">Ande<\/span><a href=\"https:\/\/iwell-guard.com\/sv\/keltisk\/\" class=\"iwg-kultur-badge\" tabindex=\"0\" data-tooltip=\"Keltisk religion i V\u00e4steuropa och p\u00e5 de brittiska \u00f6arna, mytologiskt f\u00f6rmedlad genom irisk-walesiska texter.\">Keltisk<\/a><\/div>\t\t\t\t<\/div>\n\t\t\t\t<\/div>\n\t\t<div class=\"elementor-element elementor-element-3f74855 e-con-full e-flex e-con e-child\" data-id=\"3f74855\" data-element_type=\"container\" data-e-type=\"container\">\n\t\t\t\t<div class=\"elementor-element elementor-element-1c30362 elementor-toc--minimized-on-tablet elementor-widget elementor-widget-table-of-contents\" data-id=\"1c30362\" data-element_type=\"widget\" data-e-type=\"widget\" data-settings=\"{&quot;exclude_headings_by_selector&quot;:[],&quot;no_headings_message&quot;:&quot;Inga rubriker hittades p\\u00e5 den h\\u00e4r sidan.&quot;,&quot;headings_by_tags&quot;:[&quot;h2&quot;,&quot;h3&quot;],&quot;marker_view&quot;:&quot;bullets&quot;,&quot;icon&quot;:{&quot;value&quot;:&quot;fas fa-circle&quot;,&quot;library&quot;:&quot;fa-solid&quot;,&quot;rendered_tag&quot;:&quot;&lt;svg class=\\&quot;e-font-icon-svg e-fas-circle\\&quot; viewBox=\\&quot;0 0 512 512\\&quot; xmlns=\\&quot;http:\\\/\\\/www.w3.org\\\/2000\\\/svg\\&quot;&gt;&lt;path d=\\&quot;M256 8C119 8 8 119 8 256s111 248 248 248 248-111 248-248S393 8 256 8z\\&quot;&gt;&lt;\\\/path&gt;&lt;\\\/svg&gt;&quot;},&quot;minimize_box&quot;:&quot;yes&quot;,&quot;minimized_on&quot;:&quot;tablet&quot;,&quot;hierarchical_view&quot;:&quot;yes&quot;,&quot;min_height&quot;:{&quot;unit&quot;:&quot;px&quot;,&quot;size&quot;:&quot;&quot;,&quot;sizes&quot;:[]},&quot;min_height_tablet&quot;:{&quot;unit&quot;:&quot;px&quot;,&quot;size&quot;:&quot;&quot;,&quot;sizes&quot;:[]},&quot;min_height_mobile&quot;:{&quot;unit&quot;:&quot;px&quot;,&quot;size&quot;:&quot;&quot;,&quot;sizes&quot;:[]}}\" data-widget_type=\"table-of-contents.default\">\n\t\t\t\t\t\t\t\t\t<div class=\"elementor-toc__header\">\n\t\t\t\t\t\t<h2 class=\"elementor-toc__header-title\">\n\t\t\t\tInneh\u00e5llsf\u00f6rteckning\t\t\t<\/h2>\n\t\t\t\t\t\t\t\t\t\t<div class=\"elementor-toc__toggle-button elementor-toc__toggle-button--expand\" role=\"button\" tabindex=\"0\" aria-controls=\"elementor-toc__1c30362\" aria-expanded=\"true\" aria-label=\"\u00d6ppna inneh\u00e5llsf\u00f6rteckning\"><svg aria-hidden=\"true\" class=\"e-font-icon-svg e-fas-chevron-down\" viewBox=\"0 0 448 512\" xmlns=\"http:\/\/www.w3.org\/2000\/svg\"><path d=\"M207.029 381.476L12.686 187.132c-9.373-9.373-9.373-24.569 0-33.941l22.667-22.667c9.357-9.357 24.522-9.375 33.901-.04L224 284.505l154.745-154.021c9.379-9.335 24.544-9.317 33.901.04l22.667 22.667c9.373 9.373 9.373 24.569 0 33.941L240.971 381.476c-9.373 9.372-24.569 9.372-33.942 0z\"><\/path><\/svg><\/div>\n\t\t\t\t<div class=\"elementor-toc__toggle-button elementor-toc__toggle-button--collapse\" role=\"button\" tabindex=\"0\" aria-controls=\"elementor-toc__1c30362\" aria-expanded=\"true\" aria-label=\"St\u00e4ng inneh\u00e5llsf\u00f6rteckning\"><svg aria-hidden=\"true\" class=\"e-font-icon-svg e-fas-chevron-up\" viewBox=\"0 0 448 512\" xmlns=\"http:\/\/www.w3.org\/2000\/svg\"><path d=\"M240.971 130.524l194.343 194.343c9.373 9.373 9.373 24.569 0 33.941l-22.667 22.667c-9.357 9.357-24.522 9.375-33.901.04L224 227.495 69.255 381.516c-9.379 9.335-24.544 9.317-33.901-.04l-22.667-22.667c-9.373-9.373-9.373-24.569 0-33.941L207.03 130.525c9.372-9.373 24.568-9.373 33.941-.001z\"><\/path><\/svg><\/div>\n\t\t\t\t\t<\/div>\n\t\t\t\t<div id=\"elementor-toc__1c30362\" class=\"elementor-toc__body\">\n\t\t\t<div class=\"elementor-toc__spinner-container\">\n\t\t\t\t<svg class=\"elementor-toc__spinner eicon-animation-spin e-font-icon-svg e-eicon-loading\" aria-hidden=\"true\" viewBox=\"0 0 1000 1000\" xmlns=\"http:\/\/www.w3.org\/2000\/svg\"><path d=\"M500 975V858C696 858 858 696 858 500S696 142 500 142 142 304 142 500H25C25 237 238 25 500 25S975 237 975 500 763 975 500 975Z\"><\/path><\/svg>\t\t\t<\/div>\n\t\t<\/div>\n\t\t\t\t\t\t<\/div>\n\t\t\t\t<\/div>\n\t\t\t\t\t<\/div>\n\t\t\t\t<\/div>\n\t\t<div class=\"elementor-element elementor-element-herorght0 e-con-full e-flex e-con e-child\" data-id=\"herorght0\" data-element_type=\"container\" data-e-type=\"container\">\n\t\t\t\t<div class=\"elementor-element elementor-element-heroimg00 iwg-hero-image elementor-widget elementor-widget-image\" data-id=\"heroimg00\" data-element_type=\"widget\" data-e-type=\"widget\" data-widget_type=\"image.default\">\n\t\t\t\t\t\t\t\t\t\t\t\t\t\t\t<img fetchpriority=\"high\" decoding=\"async\" width=\"683\" height=\"1024\" src=\"https:\/\/iwell-guard.com\/wp-content\/uploads\/2026\/04\/geister_keltisch_sluagh-683x1024.webp\" class=\"attachment-large size-large wp-image-136285\" alt=\"Sluagh - andar fr\u00e5n den keltiska traditionen, historiskt-illustrativ\" srcset=\"https:\/\/iwell-guard.com\/wp-content\/uploads\/2026\/04\/geister_keltisch_sluagh-683x1024.webp 683w, https:\/\/iwell-guard.com\/wp-content\/uploads\/2026\/04\/geister_keltisch_sluagh-200x300.webp 200w, https:\/\/iwell-guard.com\/wp-content\/uploads\/2026\/04\/geister_keltisch_sluagh-768x1152.webp 768w, https:\/\/iwell-guard.com\/wp-content\/uploads\/2026\/04\/geister_keltisch_sluagh.webp 1024w\" sizes=\"(max-width: 683px) 100vw, 683px\" \/>\t\t\t\t\t\t\t\t\t\t\t\t\t\t\t<\/div>\n\t\t\t\t<\/div>\n\t\t\t\t\t<\/div>\n\t\t\t\t<\/div>\n\t\t<div class=\"elementor-element elementor-element-32917199 e-flex e-con-boxed e-con e-parent\" data-id=\"32917199\" data-element_type=\"container\" data-e-type=\"container\">\n\t\t\t\t\t<div class=\"e-con-inner\">\n\t\t<div class=\"elementor-element elementor-element-26e916cb e-flex e-con-boxed e-con e-child\" data-id=\"26e916cb\" data-element_type=\"container\" data-e-type=\"container\">\n\t\t\t\t\t<div class=\"e-con-inner\">\n\t\t<div class=\"elementor-element elementor-element-253a40d4 e-flex e-con-boxed e-con e-child\" data-id=\"253a40d4\" data-element_type=\"container\" data-e-type=\"container\">\n\t\t\t\t\t<div class=\"e-con-inner\">\n\t\t\t\t<div class=\"elementor-element elementor-element-1200c304 elementor-widget elementor-widget-heading\" data-id=\"1200c304\" data-element_type=\"widget\" data-e-type=\"widget\" data-widget_type=\"heading.default\">\n\t\t\t\t\t<div class=\"elementor-heading-title elementor-size-default\">Sluagh<\/div>\t\t\t\t<\/div>\n\t\t\t\t<div class=\"elementor-element elementor-element-11758e7f elementor-widget elementor-widget-text-editor\" data-id=\"11758e7f\" data-element_type=\"widget\" data-e-type=\"widget\" data-widget_type=\"text-editor.default\">\n\t\t\t\t\t\t\t\t\t<p>Sluagh \u00e4r <span class=\"iwg-fachbegriff\" data-tooltip=\"Ett kroppsl\u00f6st v\u00e4sen som tillskrivs verkan i v\u00e4rlden.\" tabindex=\"0\">ande<\/span> i den keltiska traditionen.<\/p><p>Sluagh, p\u00e5 gaeliska \u201dh\u00e4r\u201d, \u00e4r ett kollektiv av rastl\u00f6sa sj\u00e4lar inom keltisk (framf\u00f6r allt skotsk-gaelisk och irl\u00e4ndsk) <span class=\"iwg-fachbegriff\" data-tooltip=\"Den \u00f6verlevda folkkulturen med seder, ber\u00e4ttelser och s\u00e5nger.\" tabindex=\"0\">folklore<\/span>. De bildar en flygande sv\u00e4rm p\u00e5 nattens himmel, drar f\u00f6rbi med stort ov\u00e4sen och kan h\u00e4mta d\u00f6ende ur deras s\u00e4ngar.<\/p><p>S\u00e4rskilt genom v\u00e4stf\u00f6nstret s\u00e4gs de tr\u00e4nga in; i m\u00e5nga kustregioner i v\u00e4stra Skottland f\u00f6rblev d\u00e4rf\u00f6r v\u00e4stsidan av d\u00f6dshuset st\u00e4ngd och f\u00f6rh\u00e4ngd \u00e4nda in p\u00e5 1900-talet.<\/p><p>Som samlingsfigur f\u00f6r of\u00f6rl\u00f6sta d\u00f6da st\u00e5r Sluagh vid sidan av <a href=\"https:\/\/iwell-guard.com\/sv\/banshee\/\">Banshee<\/a> och <a href=\"https:\/\/iwell-guard.com\/sv\/dullahan\/\">Dullahan<\/a> f\u00f6r den keltiska relationen till d\u00f6den: inte en enskild motst\u00e5ndare, utan en gemenskap av of\u00f6rl\u00f6sta. Gestalten har paralleller till den germanska \u201dVilda jakten\u201d, till de grekiska <a href=\"https:\/\/iwell-guard.com\/sv\/keres\/\">Keres<\/a> och till de mesopotamiska <a href=\"https:\/\/iwell-guard.com\/sv\/gallu\/\">Gallu<\/a>. I den moderna fantasyreceptionen lever den vidare.<\/p><div><p><strong>Skotsk-irl\u00e4ndsk tradition av d\u00f6dsh\u00e4rar<\/strong><\/p><p><em>Sluagh<\/em> (iriska \u201dm\u00e4ngd\u201d eller \u201dh\u00e4r\u201d) f\u00f6rekommer i skotska och irl\u00e4ndska traditioner som en m\u00e4ngd d\u00f6da som drar \u00f6ver landskapet nattetid. P\u00e5 skotsk gaeliska kallas v\u00e4sendet ofta <em>sluagh s\u00eddhe<\/em> (feh\u00f6garnas h\u00e4r) eller <em>sluagh gaoithe<\/em> (vindens h\u00e4r).<\/p><p>Detta pekar p\u00e5 en ambivalens: Sluagh skulle kunna best\u00e5 antingen av fallna f\u00e9er eller av oroliga m\u00e4nniskosj\u00e4lar; k\u00e4llorna klarg\u00f6r detta inte entydigt.<\/p><p>John Gregorson Campbell, en skotsk folklorist fr\u00e5n 1800-talet, dokumenterade i sina samlingar Sluagh som ett nattligt fenomen, d\u00e4r man m\u00e5ste h\u00e5lla f\u00f6nstren st\u00e4ngda f\u00f6r att h\u00e4ret inte skulle tr\u00e4nga in i huset. Dessa f\u00f6rsiktighets\u00e5tg\u00e4rder standardiserades regionalt, vilket tyder p\u00e5 att tron inte bara var ett individuellt fantasifoster, utan kollektivt f\u00f6rankrad.<\/p><\/div>\t\t\t\t\t\t\t\t<\/div>\n\t\t\t\t\t<\/div>\n\t\t\t\t<\/div>\n\t\t<div class=\"elementor-element elementor-element-159dcf9a e-flex e-con-boxed e-con e-child\" data-id=\"159dcf9a\" data-element_type=\"container\" data-e-type=\"container\">\n\t\t\t\t\t<div class=\"e-con-inner\">\n\t\t\t\t<div class=\"elementor-element elementor-element-48cee66f elementor-widget elementor-widget-heading\" data-id=\"48cee66f\" data-element_type=\"widget\" data-e-type=\"widget\" data-widget_type=\"heading.default\">\n\t\t\t\t\t<h2 class=\"elementor-heading-title elementor-size-default\">Snabb\u00f6versikt: Sluagh<\/h2>\t\t\t\t<\/div>\n\t\t\t\t<div class=\"elementor-element elementor-element-3f50d82c elementor-widget elementor-widget-text-editor\" data-id=\"3f50d82c\" data-element_type=\"widget\" data-e-type=\"widget\" data-widget_type=\"text-editor.default\">\n\t\t\t\t\t\t\t\t\t<p><strong>Typ:<\/strong> Kollektiv av rastl\u00f6sa sj\u00e4lar, flygande d\u00f6dsh\u00e4r<br>Ursprung: Of\u00f6rl\u00f6sta, syndiga, f\u00f6rsummade d\u00f6da<br>Texter: skotsk och irl\u00e4ndsk folktradition, Evans-Wentz<br>Tidsperiod: medeltid till nutid<br>Skydd: st\u00e4ngt v\u00e4stf\u00f6nster, kors, salt, j\u00e4rn<\/p>\t\t\t\t\t\t\t\t<\/div>\n\t\t\t\t\t<\/div>\n\t\t\t\t<\/div>\n\t\t\t\t\t<\/div>\n\t\t\t\t<\/div>\n\t\t\t\t\t<\/div>\n\t\t\t\t<\/div>\n\t\t<div class=\"elementor-element elementor-element-18613602 e-flex e-con-boxed e-con e-parent\" data-id=\"18613602\" data-element_type=\"container\" data-e-type=\"container\">\n\t\t\t\t\t<div class=\"e-con-inner\">\n\t\t\t\t<div class=\"elementor-element elementor-element-262b8a9f elementor-widget elementor-widget-heading\" data-id=\"262b8a9f\" data-element_type=\"widget\" data-e-type=\"widget\" data-widget_type=\"heading.default\">\n\t\t\t\t\t<h2 class=\"elementor-heading-title elementor-size-default\">Historisk inordning<\/h2>\t\t\t\t<\/div>\n\t\t<div class=\"elementor-element elementor-element-46dcb7d e-con-full e-flex e-con e-child\" data-id=\"46dcb7d\" data-element_type=\"container\" data-e-type=\"container\">\n\t\t<div class=\"elementor-element elementor-element-61d3ab3 e-flex e-con-boxed e-con e-child\" data-id=\"61d3ab3\" data-element_type=\"container\" data-e-type=\"container\">\n\t\t\t\t\t<div class=\"e-con-inner\">\n\t\t\t\t<div class=\"elementor-element elementor-element-117c166 elementor-widget elementor-widget-heading\" data-id=\"117c166\" data-element_type=\"widget\" data-e-type=\"widget\" data-widget_type=\"heading.default\">\n\t\t\t\t\t<div class=\"elementor-heading-title elementor-size-default\">Texternas tidsperiod<\/div>\t\t\t\t<\/div>\n\t\t\t\t<div class=\"elementor-element elementor-element-73997a0 elementor-widget elementor-widget-text-editor\" data-id=\"73997a0\" data-element_type=\"widget\" data-e-type=\"widget\" data-widget_type=\"text-editor.default\">\n\t\t\t\t\t\t\t\t\t<p><span data-nosnippet>Medeltida gaeliska k\u00e4llor, t\u00e4t n\u00e4rvaro i skotsk och irl\u00e4ndsk folklitteratur, rikt dokumenterat i Evans-Wentz <em>Fairy-Faith in Celtic Countries<\/em> (1911) samt i samlingarna av Lady Gregory och J. F. Campbell.<\/span><\/p>\t\t\t\t\t\t\t\t<\/div>\n\t\t\t\t\t<\/div>\n\t\t\t\t<\/div>\n\t\t<div class=\"elementor-element elementor-element-d47b156 e-flex e-con-boxed e-con e-child\" data-id=\"d47b156\" data-element_type=\"container\" data-e-type=\"container\">\n\t\t\t\t\t<div class=\"e-con-inner\">\n\t\t\t\t<div class=\"elementor-element elementor-element-ff38c2b elementor-widget elementor-widget-heading\" data-id=\"ff38c2b\" data-element_type=\"widget\" data-e-type=\"widget\" data-widget_type=\"heading.default\">\n\t\t\t\t\t<div class=\"elementor-heading-title elementor-size-default\">Utbredningsomr\u00e5de<\/div>\t\t\t\t<\/div>\n\t\t\t\t<div class=\"elementor-element elementor-element-4e49fcc elementor-widget elementor-widget-text-editor\" data-id=\"4e49fcc\" data-element_type=\"widget\" data-e-type=\"widget\" data-widget_type=\"text-editor.default\">\n\t\t\t\t\t\t\t\t\t<p>Huvudsakligen gaeliska Skottland (Hebriderna, Highlands) och Irland. Liknande motiv i bretonsk tradition (<em>anaon<\/em>, de d\u00f6da). Den germanska \u201dVilda jakten\u201d \u00e4r strukturellt besl\u00e4ktad.<\/p>\t\t\t\t\t\t\t\t<\/div>\n\t\t\t\t\t<\/div>\n\t\t\t\t<\/div>\n\t\t\t\t<\/div>\n\t\t<div class=\"elementor-element elementor-element-db03c39 e-con-full e-flex e-con e-child\" data-id=\"db03c39\" data-element_type=\"container\" data-e-type=\"container\">\n\t\t<div class=\"elementor-element elementor-element-229a87b e-flex e-con-boxed e-con e-child\" data-id=\"229a87b\" data-element_type=\"container\" data-e-type=\"container\">\n\t\t\t\t\t<div class=\"e-con-inner\">\n\t\t\t\t<div class=\"elementor-element elementor-element-1f471fc elementor-widget elementor-widget-heading\" data-id=\"1f471fc\" data-element_type=\"widget\" data-e-type=\"widget\" data-widget_type=\"heading.default\">\n\t\t\t\t\t<div class=\"elementor-heading-title elementor-size-default\">K\u00e4ll\u00e4ge<\/div>\t\t\t\t<\/div>\n\t\t\t\t<div class=\"elementor-element elementor-element-36b1201 elementor-widget elementor-widget-text-editor\" data-id=\"36b1201\" data-element_type=\"widget\" data-e-type=\"widget\" data-widget_type=\"text-editor.default\">\n\t\t\t\t\t\t\t\t\t<p><span data-nosnippet>J. F. Campbells <em>Popular Tales of the West Highlands<\/em> (1860, 62), Evans-Wentz, Alexander Carmichaels <em>Carmina Gadelica<\/em> (1900), <span class=\"iwg-fachbegriff\" data-tooltip=\"Vetenskapen som utforskar vardagskultur, seder och \u00f6verlevda f\u00f6rest\u00e4llningar.\" tabindex=\"0\">folklivsforskning<\/span>-arkiv fr\u00e5n Hebriderna, moderna etnografiska arbeten om det skotska v\u00e4stlandet.<\/span><\/p>\t\t\t\t\t\t\t\t<\/div>\n\t\t\t\t\t<\/div>\n\t\t\t\t<\/div>\n\t\t\t\t<\/div>\n\t\t\t\t\t<\/div>\n\t\t\t\t<\/div>\n\t\t<div class=\"elementor-element elementor-element-3ae0637c e-flex e-con-boxed e-con e-parent\" data-id=\"3ae0637c\" data-element_type=\"container\" data-e-type=\"container\">\n\t\t\t\t\t<div class=\"e-con-inner\">\n\t\t\t\t<div class=\"elementor-element elementor-element-31d07739 elementor-widget elementor-widget-heading\" data-id=\"31d07739\" data-element_type=\"widget\" data-e-type=\"widget\" data-widget_type=\"heading.default\">\n\t\t\t\t\t<h2 class=\"elementor-heading-title elementor-size-default\">Beteckning och stavningar<\/h2>\t\t\t\t<\/div>\n\t\t<div class=\"elementor-element elementor-element-b7642947 e-con-full e-flex e-con e-child\" data-id=\"b7642947\" data-element_type=\"container\" data-e-type=\"container\">\n\t\t\t\t<div class=\"elementor-element elementor-element-a086266 elementor-widget elementor-widget-text-editor\" data-id=\"a086266\" data-element_type=\"widget\" data-e-type=\"widget\" data-widget_type=\"text-editor.default\">\n\t\t\t\t\t\t\t\t\t<p><strong>Skotsk-gaeliska:<\/strong> <em>sluagh<\/em>; <em>sluagh na marbh<\/em>, \u201dde d\u00f6das h\u00e4r\u201d; <em>sluagh s\u00ecth<\/em>, \u201dh\u00f6jdernas h\u00e4r\u201d.<br>Irl\u00e4ndska: <em>slua<\/em>, <em>sluagh<\/em>, litet anv\u00e4nt som enskilt begrepp; snarare som samlingsbeteckning f\u00f6r oroliga d\u00f6da.<br>Besl\u00e4ktat: bretonska <em>anaon<\/em>; germansk Vilda jakten; nordfransk <em>Mesnie Hellequin<\/em>.<\/p><p>Det gaeliska ordet <em>sluagh<\/em> betyder ursprungligen helt enkelt \u201dh\u00e4r\u201d, vilken folkmassa som helst. I folktraditionen begr\u00e4nsas det till d\u00f6dsh\u00e4ret.<\/p>\t\t\t\t\t\t\t\t<\/div>\n\t\t\t\t<\/div>\n\t\t\t\t\t<\/div>\n\t\t\t\t<\/div>\n\t\t<div class=\"elementor-element elementor-element-709a44a8 e-flex e-con-boxed e-con e-parent\" data-id=\"709a44a8\" data-element_type=\"container\" data-e-type=\"container\">\n\t\t\t\t\t<div class=\"e-con-inner\">\n\t\t\t\t<div class=\"elementor-element elementor-element-2f585873 elementor-widget elementor-widget-heading\" data-id=\"2f585873\" data-element_type=\"widget\" data-e-type=\"widget\" data-widget_type=\"heading.default\">\n\t\t\t\t\t<h2 class=\"elementor-heading-title elementor-size-default\">Beskrivning<\/h2>\t\t\t\t<\/div>\n\t\t<div class=\"elementor-element elementor-element-70621c12 e-con-full e-flex e-con e-child\" data-id=\"70621c12\" data-element_type=\"container\" data-e-type=\"container\">\n\t\t\t\t<div class=\"elementor-element elementor-element-4296eb49 elementor-widget elementor-widget-text-editor\" data-id=\"4296eb49\" data-element_type=\"widget\" data-e-type=\"widget\" data-widget_type=\"text-editor.default\">\n\t\t\t\t\t\t\t\t\t<p><strong>Utseende<\/strong><\/p><p>En sv\u00e4rm av m\u00f6rka f\u00e5glar p\u00e5 kv\u00e4llshimlen, med ovanligt h\u00f6gljutt vingslag. Eller en sv\u00e4rm av svarta skuggor som drar fram som moln. Enskilda sluagh \u00e4r ibland individualiserade (med ansikten, klagande r\u00f6ster), men upplevs oftast som ett kollektiv.<\/p><p><strong>Beteende<\/strong><\/p><p>De drar genom natten, s\u00e4rskilt mot v\u00e4ster. De kan rycka d\u00f6ende ur sina s\u00e4ngar och ta dem med i sitt t\u00e5g, sj\u00e4len blir d\u00e5 en del av h\u00e4ren. Ibland sl\u00e5r de ner p\u00e5 hus; ett klagande ljud genom skorstenen g\u00e4ller som ett tecken p\u00e5 att n\u00e5gon i huset kommer att f\u00f6lja dem.<\/p><p><strong>Verkningsomr\u00e5de<\/strong><\/p><p>Luften ovanf\u00f6r husen, s\u00e4rskilt p\u00e5 kv\u00e4llen och natten. D\u00f6dsb\u00e4ddens rum, s\u00e4rskilt om v\u00e4stf\u00f6nstret st\u00e5r \u00f6ppet. Kyrkog\u00e5rdar och deras omgivning under vissa gr\u00e4nsn\u00e4tter.<\/p><p><strong>Mytologisk placering<\/strong><\/p><p>En del av Aes S\u00eddhe-v\u00e4rlden, men i dess m\u00f6rka utkant, sluagh \u00e4r inte de som bor i h\u00f6garna utan de som inte fann n\u00e5gon h\u00f6g. I en kristnad tolkning \u00e4r de sj\u00e4lar som varken kan n\u00e5 himlen eller helvetet.<\/p><div><p><strong>James Macpherson och Ossian-mottagandet<\/strong><\/p><p><span data-nosnippet>James <span class=\"iwg-fachbegriff\" tabindex=\"0\" data-tooltip=\"James Macpherson (1736\u20131796); skotsk skald; f\u00f6rfattare till Ossian-fragmenten (fr\u00e5n 1760).\">Macpherson<\/span> publicerade 1760 <em>Fragments of Ancient Poetry<\/em>, som p\u00e5stods h\u00e4rr\u00f6ra fr\u00e5n den gaeliska skalden Ossian. Macpherson presenterade dessa verk som autentiska medeltida texter, vilket senare visade sig vara en f\u00f6rfalskning.<\/span><\/p><p>Trots det fick dessa texter en enorm kulturell p\u00e5verkan. I Ossian-dikterna dyker sluagh-konceptet upp, f\u00f6rst\u00e4rkt av Macphersons romantiska tolkning som en tragisk h\u00e4rskara av de d\u00f6da, en l\u00e4sning som tidigare inte var lika central.<\/p><p>Macphersons Ossian-fiktion p\u00e5verkade den kulturella uppfattningen av skotska och irl\u00e4ndska traditioner varaktigt. Sluagh romantiserades genom denna litter\u00e4ra f\u00f6rmedling och f\u00f6rdes ut till en bredare europeisk publik. Historiker diskuterar fortfarande hur mycket av den moderna sluagh-f\u00f6rest\u00e4llningen som g\u00e5r tillbaka till \u00e4kta tradition och hur mycket som beror p\u00e5 Macphersons fiktion.<\/p><\/div>\t\t\t\t\t\t\t\t<\/div>\n\t\t\t\t<\/div>\n\t\t\t\t\t<\/div>\n\t\t\t\t<\/div>\n\t\t<div class=\"elementor-element elementor-element-44e71476 e-flex e-con-boxed e-con e-parent\" data-id=\"44e71476\" data-element_type=\"container\" data-e-type=\"container\">\n\t\t\t\t\t<div class=\"e-con-inner\">\n\t\t\t\t<div class=\"elementor-element elementor-element-3c1fc3f0 elementor-widget elementor-widget-heading\" data-id=\"3c1fc3f0\" data-element_type=\"widget\" data-e-type=\"widget\" data-widget_type=\"heading.default\">\n\t\t\t\t\t<h2 class=\"elementor-heading-title elementor-size-default\">Profil: Sluagh<\/h2>\t\t\t\t<\/div>\n\t\t<div class=\"elementor-element elementor-element-84f33b8e e-con-full e-flex e-con e-child\" data-id=\"84f33b8e\" data-element_type=\"container\" data-e-type=\"container\">\n\t\t\t\t<div class=\"elementor-element elementor-element-hqkdc67p elementor-widget elementor-widget-text-editor\" data-id=\"hqkdc67p\" data-element_type=\"widget\" data-e-type=\"widget\" data-widget_type=\"text-editor.default\">\n\t\t\t\t\t\t\t\t\t<p>De viktigaste aspekterna av sluagh i korthet.<\/p>\t\t\t\t\t\t\t\t<\/div>\n\t\t\t\t<\/div>\n\t\t<div class=\"elementor-element elementor-element-pemmx7c5 e-con-full e-flex e-con e-child\" data-id=\"pemmx7c5\" data-element_type=\"container\" data-e-type=\"container\">\n\t\t<div class=\"elementor-element elementor-element-pemmx7c1 e-con-full e-flex e-con e-child\" data-id=\"pemmx7c1\" data-element_type=\"container\" data-e-type=\"container\">\n\t\t<div class=\"elementor-element elementor-element-qh9oavvu iwg-steckbrief-card e-flex e-con-boxed e-con e-child\" data-id=\"qh9oavvu\" data-element_type=\"container\" data-e-type=\"container\">\n\t\t\t\t\t<div class=\"e-con-inner\">\n\t\t\t\t<div class=\"elementor-element elementor-element-awzx8k2k elementor-widget elementor-widget-heading\" data-id=\"awzx8k2k\" data-element_type=\"widget\" data-e-type=\"widget\" data-widget_type=\"heading.default\">\n\t\t\t\t\t<div class=\"elementor-heading-title elementor-size-default\">Tradition<\/div>\t\t\t\t<\/div>\n\t\t\t\t<div class=\"elementor-element elementor-element-x6rowhv0 elementor-widget elementor-widget-text-editor\" data-id=\"x6rowhv0\" data-element_type=\"widget\" data-e-type=\"widget\" data-widget_type=\"text-editor.default\">\n\t\t\t\t\t\t\t\t\t<p>Ett kollektiv av of\u00f6rl\u00f6sta sj\u00e4lar, syndiga, gl\u00f6mda, f\u00f6rsummade d\u00f6da. Inga individuella gestalter, utan en sv\u00e4rm.<\/p>\t\t\t\t\t\t\t\t<\/div>\n\t\t\t\t\t<\/div>\n\t\t\t\t<\/div>\n\t\t<div class=\"elementor-element elementor-element-8e3o4kxs iwg-steckbrief-card e-flex e-con-boxed e-con e-child\" data-id=\"8e3o4kxs\" data-element_type=\"container\" data-e-type=\"container\">\n\t\t\t\t\t<div class=\"e-con-inner\">\n\t\t\t\t<div class=\"elementor-element elementor-element-08rkdgov elementor-widget elementor-widget-heading\" data-id=\"08rkdgov\" data-element_type=\"widget\" data-e-type=\"widget\" data-widget_type=\"heading.default\">\n\t\t\t\t\t<div class=\"elementor-heading-title elementor-size-default\">Sluaghs m\u00e5l<\/div>\t\t\t\t<\/div>\n\t\t\t\t<div class=\"elementor-element elementor-element-uwjelx8s elementor-widget elementor-widget-text-editor\" data-id=\"uwjelx8s\" data-element_type=\"widget\" data-e-type=\"widget\" data-widget_type=\"text-editor.default\">\n\t\t\t\t\t\t\t\t\t<p>D\u00f6ende i sina s\u00e4ngar, s\u00e4rskilt om v\u00e4stf\u00f6nstret st\u00e5r \u00f6ppet. I en vidare tolkning: m\u00e4nniskor i gr\u00e4nssituationer mellan liv och d\u00f6d.<\/p>\t\t\t\t\t\t\t\t<\/div>\n\t\t\t\t\t<\/div>\n\t\t\t\t<\/div>\n\t\t<div class=\"elementor-element elementor-element-jm2n74ec iwg-steckbrief-card e-flex e-con-boxed e-con e-child\" data-id=\"jm2n74ec\" data-element_type=\"container\" data-e-type=\"container\">\n\t\t\t\t\t<div class=\"e-con-inner\">\n\t\t\t\t<div class=\"elementor-element elementor-element-8vufse4c elementor-widget elementor-widget-heading\" data-id=\"8vufse4c\" data-element_type=\"widget\" data-e-type=\"widget\" data-widget_type=\"heading.default\">\n\t\t\t\t\t<div class=\"elementor-heading-title elementor-size-default\">Form<\/div>\t\t\t\t<\/div>\n\t\t\t\t<div class=\"elementor-element elementor-element-mwb9u015 elementor-widget elementor-widget-text-editor\" data-id=\"mwb9u015\" data-element_type=\"widget\" data-e-type=\"widget\" data-widget_type=\"text-editor.default\">\n\t\t\t\t\t\t\t\t\t<p>En sv\u00e4rm av m\u00f6rka f\u00e5glar eller skuggor, h\u00f6gljutt vingslag. Enskilda ansikten syns ibland, men oftast som ett kollektiv.<\/p>\t\t\t\t\t\t\t\t<\/div>\n\t\t\t\t\t<\/div>\n\t\t\t\t<\/div>\n\t\t\t\t<\/div>\n\t\t<div class=\"elementor-element elementor-element-pemmx7c2 e-con-full e-flex e-con e-child\" data-id=\"pemmx7c2\" data-element_type=\"container\" data-e-type=\"container\">\n\t\t<div class=\"elementor-element elementor-element-37ss2yr6 iwg-steckbrief-card e-flex e-con-boxed e-con e-child\" data-id=\"37ss2yr6\" data-element_type=\"container\" data-e-type=\"container\">\n\t\t\t\t\t<div class=\"e-con-inner\">\n\t\t\t\t<div class=\"elementor-element elementor-element-3v0wp3wx elementor-widget elementor-widget-heading\" data-id=\"3v0wp3wx\" data-element_type=\"widget\" data-e-type=\"widget\" data-widget_type=\"heading.default\">\n\t\t\t\t\t<div class=\"elementor-heading-title elementor-size-default\">Verkningsomr\u00e5de<\/div>\t\t\t\t<\/div>\n\t\t\t\t<div class=\"elementor-element elementor-element-w3247g2m elementor-widget elementor-widget-text-editor\" data-id=\"w3247g2m\" data-element_type=\"widget\" data-e-type=\"widget\" data-widget_type=\"text-editor.default\">\n\t\t\t\t\t\t\t\t\t<p>Rycker bort d\u00f6ende och f\u00f6r sj\u00e4lar med sig till underjorden. Sj\u00e4lva t\u00e5get bringar olycka \u00f6ver de hus det drar f\u00f6rbi.<\/p>\t\t\t\t\t\t\t\t<\/div>\n\t\t\t\t\t<\/div>\n\t\t\t\t<\/div>\n\t\t<div class=\"elementor-element elementor-element-0qpjal9w iwg-steckbrief-card e-flex e-con-boxed e-con e-child\" data-id=\"0qpjal9w\" data-element_type=\"container\" data-e-type=\"container\">\n\t\t\t\t\t<div class=\"e-con-inner\">\n\t\t\t\t<div class=\"elementor-element elementor-element-6ndoih0o elementor-widget elementor-widget-heading\" data-id=\"6ndoih0o\" data-element_type=\"widget\" data-e-type=\"widget\" data-widget_type=\"heading.default\">\n\t\t\t\t\t<div class=\"elementor-heading-title elementor-size-default\">Skydd<\/div>\t\t\t\t<\/div>\n\t\t\t\t<div class=\"elementor-element elementor-element-6684tyh9 elementor-widget elementor-widget-text-editor\" data-id=\"6684tyh9\" data-element_type=\"widget\" data-e-type=\"widget\" data-widget_type=\"text-editor.default\">\n\t\t\t\t\t\t\t\t\t<p>V\u00e4stf\u00f6nstret st\u00e4ngs och f\u00f6rh\u00e4ngs vid d\u00f6dsfall; kors och helgonbilder i d\u00f6dsrummet; salt p\u00e5 tr\u00f6sklar; j\u00e4rn i f\u00f6nsterkarmen. Vid sluaghs t\u00e5g: fly in i hus, g\u00e5 inte ut p\u00e5 f\u00e4lten.<\/p>\t\t\t\t\t\t\t\t<\/div>\n\t\t\t\t\t<\/div>\n\t\t\t\t<\/div>\n\t\t<div class=\"elementor-element elementor-element-3lfi7x32 iwg-steckbrief-card e-flex e-con-boxed e-con e-child\" data-id=\"3lfi7x32\" data-element_type=\"container\" data-e-type=\"container\">\n\t\t\t\t\t<div class=\"e-con-inner\">\n\t\t\t\t<div class=\"elementor-element elementor-element-0kg99ga1 elementor-widget elementor-widget-heading\" data-id=\"0kg99ga1\" data-element_type=\"widget\" data-e-type=\"widget\" data-widget_type=\"heading.default\">\n\t\t\t\t\t<div class=\"elementor-heading-title elementor-size-default\">Sluaghs paralleller<\/div>\t\t\t\t<\/div>\n\t\t\t\t<div class=\"elementor-element elementor-element-n0fum6kp elementor-widget elementor-widget-text-editor\" data-id=\"n0fum6kp\" data-element_type=\"widget\" data-e-type=\"widget\" data-widget_type=\"text-editor.default\">\n\t\t\t\t\t\t\t\t\t<p>Vilda jakten (germansk), <a href=\"https:\/\/iwell-guard.com\/sv\/keres\/\">Keres<\/a>, Mesnie Hellequin (fransk), <a href=\"https:\/\/iwell-guard.com\/sv\/gallu\/\">Gallu<\/a>, bretonska anaon.<\/p>\t\t\t\t\t\t\t\t<\/div>\n\t\t\t\t\t<\/div>\n\t\t\t\t<\/div>\n\t\t\t\t<\/div>\n\t\t\t\t<\/div>\n\t\t\t\t\t<\/div>\n\t\t\t\t<\/div>\n\t\t<div class=\"elementor-element elementor-element-7533bc7a e-flex e-con-boxed e-con e-parent\" data-id=\"7533bc7a\" data-element_type=\"container\" data-e-type=\"container\">\n\t\t\t\t\t<div class=\"e-con-inner\">\n\t\t\t\t<div class=\"elementor-element elementor-element-2447d18d elementor-widget elementor-widget-heading\" data-id=\"2447d18d\" data-element_type=\"widget\" data-e-type=\"widget\" data-widget_type=\"heading.default\">\n\t\t\t\t\t<h2 class=\"elementor-heading-title elementor-size-default\">Skyddspraxis<\/h2>\t\t\t\t<\/div>\n\t\t<div class=\"elementor-element elementor-element-d5d0260c e-con-full e-flex e-con e-child\" data-id=\"d5d0260c\" data-element_type=\"container\" data-e-type=\"container\">\n\t\t\t\t<div class=\"elementor-element elementor-element-341be2ac elementor-widget elementor-widget-text-editor\" data-id=\"341be2ac\" data-element_type=\"widget\" data-e-type=\"widget\" data-widget_type=\"text-editor.default\">\n\t\t\t\t\t\t\t\t\t<p><strong>D\u00f6dsb\u00e4ddspraxis<\/strong><\/p><p>I v\u00e4stskotsk folktro l\u00e5ste man v\u00e4stf\u00f6nstret hos d\u00f6ende och h\u00e4ngde en duk framf\u00f6r det. Vissa familjer l\u00e4t ett f\u00f6nster p\u00e5 norrsidan st\u00e5 \u00f6ppet, s\u00e5 att sj\u00e4len kunde l\u00e4mna huset genom nordf\u00f6nstret, men aldrig mot v\u00e4ster, d\u00e4r sluagh v\u00e4ntade.<\/p><p><strong>Skydd av bostadshuset<\/strong><\/p><p>Saltsp\u00e5r framf\u00f6r v\u00e4stf\u00f6nster och vid husens ing\u00e5ngar. J\u00e4rnspikar i f\u00f6nsterkarmen. Brinnande ljus som inte fick slockna. B\u00f6nerna i Carmina Gadelica (Alexander Carmichaels samling) inneh\u00e5ller egna texter f\u00f6r att avv\u00e4rja sluagh.<\/p><p><strong>Beteende vid upptr\u00e4dande<\/strong><\/p><p>N\u00e4r sluagh drar fram flyr m\u00e4nniskor in i husen. Man g\u00e5r aldrig ut p\u00e5 f\u00e4lten och tittar inte upp mot himlen. I vissa traditioner faller m\u00e4nniskor till marken och t\u00e4cker ansikte och \u00f6ron tills t\u00e5get har passerat.<\/p>\t\t\t\t\t\t\t\t<\/div>\n\t\t\t\t<\/div>\n\t\t\t\t\t<\/div>\n\t\t\t\t<\/div>\n\t\t<div class=\"elementor-element elementor-element-5a584676 e-flex e-con-boxed e-con e-parent\" data-id=\"5a584676\" data-element_type=\"container\" data-e-type=\"container\">\n\t\t\t\t\t<div class=\"e-con-inner\">\n\t\t\t\t<div class=\"elementor-element elementor-element-6d0757bf elementor-widget elementor-widget-heading\" data-id=\"6d0757bf\" data-element_type=\"widget\" data-e-type=\"widget\" data-widget_type=\"heading.default\">\n\t\t\t\t\t<h2 class=\"elementor-heading-title elementor-size-default\">Paralleller och betydelse<\/h2>\t\t\t\t<\/div>\n\t\t<div class=\"elementor-element elementor-element-60563f68 e-con-full e-flex e-con e-child\" data-id=\"60563f68\" data-element_type=\"container\" data-e-type=\"container\">\n\t\t\t\t<div class=\"elementor-element elementor-element-5a93fdd6 elementor-widget elementor-widget-text-editor\" data-id=\"5a93fdd6\" data-element_type=\"widget\" data-e-type=\"widget\" data-widget_type=\"text-editor.default\">\n\t\t\t\t\t\t\t\t\t<p><strong>Europeiska paralleller:<\/strong> Den germanska \u201dVilda jakten\u201d, Oden eller en mytisk j\u00e4gare med ett f\u00f6lje av de d\u00f6da, \u00e4r strukturellt den n\u00e4rmaste parallellen. Mesnie Hellequin i Frankrike, det vreda t\u00e5get i delar av Tyskland, de bretonska anaon, alla delar <span class=\"iwg-fachbegriff\" data-tooltip=\"Ett \u00e5terkommande inneh\u00e5llselement i konst eller ber\u00e4ttande.\" tabindex=\"0\">motivet<\/span> med det flygande d\u00f6dskollektivet.<\/p><p><strong><span class=\"iwg-fachbegriff\" data-tooltip=\"Epok av den grekiska och romerska kulturen, ungef\u00e4r 800 f.Kr. till 600 e.Kr.\" tabindex=\"0\">Antikens<\/span> paralleller<\/strong><\/p><p><a href=\"https:\/\/iwell-guard.com\/sv\/keres\/\">Keres<\/a> \u00f6ver slagf\u00e4ltet och <a href=\"https:\/\/iwell-guard.com\/sv\/gallu\/\">Gallu<\/a> som underjordens verkst\u00e4llare visar strukturellt liknande kollektiva d\u00f6dsbilder.<\/p><p><strong>Kulturell kontext:<\/strong> F\u00f6rest\u00e4llningen om sluagh \u00e5terspeglar den keltiska sp\u00e4nningen mellan d\u00f6d och den andra v\u00e4rlden: inte allt tas emot, en del f\u00f6rblir kusligt mitt emellan. <span class=\"iwg-fachbegriff\" data-tooltip=\"Ett \u00e5terkommande inneh\u00e5llselement i konst eller ber\u00e4ttande.\" tabindex=\"0\">Motivet<\/span> har under koloniala f\u00f6rh\u00e5llanden och den stora hungersn\u00f6den f\u00e5tt ett extra aktualiseringsskikt, som en bild av historiska trauman.<\/p><div><p><strong>Kosmologisk funktion och gr\u00e4nsen mellan liv och d\u00f6d<\/strong><\/p><p>Sluagh markerar i keltiska f\u00f6rest\u00e4llningar en gr\u00e4ns mellan de levandes v\u00e4rld och den andra v\u00e4rlden. De \u00e4r inte f\u00f6rd\u00f6mda i kristen mening, utan \u00f6verg\u00e5ngsvarelser, v\u00e4sen som vandrar mellan v\u00e4rldar.<\/p><p>Denna kosmologiska positionering skiljer sluagh fr\u00e5n demoniska v\u00e4sen som existerar f\u00f6r sin egen skull. Sluagh \u00e4r snarare en manifestation av en kollektiv oro, en \u00f6verg\u00e5ng som inte \u00e4r avslutad.<\/p><p>Modern religionsvetenskaplig litteratur behandlar sluagh som en kulturell externalisering av sorg och f\u00f6rlust, en form genom vilken samh\u00e4llen bearbetar sina d\u00f6da och ger dem ett narrativt utrymme. Denna psykologiska eller sociala tolkning ers\u00e4tter inte den \u00f6vernaturliga tolkningen, utan kompletterar den.<\/p><\/div>\t\t\t\t\t\t\t\t<\/div>\n\t\t\t\t<\/div>\n\t\t\t\t\t<\/div>\n\t\t\t\t<\/div>\n\t\t<div class=\"elementor-element elementor-element-cp11d2237 e-flex e-con-boxed e-con e-parent\" data-id=\"cp11d2237\" data-element_type=\"container\" data-e-type=\"container\">\n\t\t\t\t\t<div class=\"e-con-inner\">\n\t\t\t\t<div class=\"elementor-element elementor-element-cpe310340 elementor-widget elementor-widget-heading\" data-id=\"cpe310340\" data-element_type=\"widget\" data-e-type=\"widget\" data-widget_type=\"heading.default\">\n\t\t\t\t\t<h2 class=\"elementor-heading-title elementor-size-default\">D\u00f6dsh\u00e4ren i den gaeliska traditionen<\/h2>\t\t\t\t<\/div>\n\t\t<div class=\"elementor-element elementor-element-cp3533826 e-con-full e-flex e-con e-child\" data-id=\"cp3533826\" data-element_type=\"container\" data-e-type=\"container\">\n\t\t\t\t<div class=\"elementor-element elementor-element-cpffc10cc elementor-widget elementor-widget-text-editor\" data-id=\"cpffc10cc\" data-element_type=\"widget\" data-e-type=\"widget\" data-widget_type=\"text-editor.default\">\n\t\t\t\t\t\t\t\t\t<p>Begreppet <em>sluagh<\/em> (gaeliska f\u00f6r h\u00e4r, skara, m\u00e4ngd), i <span class=\"iwg-fachbegriff\" data-tooltip=\"Den ned\u00e4rvda folkkulturen med seder, ber\u00e4ttelser och s\u00e5nger.\" tabindex=\"0\">folkloren<\/span> ofta kallad <em>sluagh sidhe<\/em>, den andra v\u00e4rldens h\u00e4r, h\u00f6r till de mest kusliga gestalterna i den skotsk- och irisk-gaeliska <span class=\"iwg-fachbegriff\" data-tooltip=\"\u00d6verf\u00f6ringen av kunskap och ber\u00e4ttelser genom generationer.\" tabindex=\"0\">traditionen<\/span>. Till skillnad fr\u00e5n en enskild <span class=\"iwg-fachbegriff\" data-tooltip=\"En kroppsl\u00f6s varelse som tillskrivs verkan i v\u00e4rlden.\" tabindex=\"0\">ande<\/span> \u00e4r <em>sluagh<\/em> en kollektiv varelse: en flygande skara av andar som drar fram genom nattluften.<\/p><p>Enligt en utbredd f\u00f6rest\u00e4llning r\u00f6r det sig om de oroliga d\u00f6das andar, ofta s\u00e4rskilt syndarnas sj\u00e4lar, od\u00f6ptas sj\u00e4lar eller sj\u00e4lar hos m\u00e4nniskor f\u00f6r vilka varken himmel, jord eller en ordnad andra v\u00e4rld st\u00e5r \u00f6ppen.<\/p><p>Viktiga bel\u00e4gg f\u00f6r <em>sluagh<\/em> kommer fr\u00e5n de stora samlingarna av skotsk <span class=\"iwg-fachbegriff\" data-tooltip=\"Den ned\u00e4rvda folkkulturen med seder, ber\u00e4ttelser och s\u00e5nger.\" tabindex=\"0\">folklore<\/span>, framf\u00f6r allt fr\u00e5n <em>Carmina Gadelica<\/em> av Alexander Carmichael, som i slutet av 1800-talet p\u00e5 de skotska \u00f6arna och i h\u00f6gl\u00e4nderna nedtecknade b\u00f6ner, v\u00e4lsignelser och folkreligi\u00f6sa traditioner.<\/p><p>D\u00e4r framtr\u00e4der <em>sluagh<\/em> som en skara som strider i luften, vars sp\u00e5r man p\u00e5 morgonen s\u00e4gs kunna se som blodfl\u00e4ckar p\u00e5 klippor, och som kommer fr\u00e5n v\u00e4ster.<\/p><p>Den religionsvetenskapliga tolkningen betonar blandningen av skikt. I <em>sluagh<\/em> f\u00f6renas f\u00f6rkristna f\u00f6rest\u00e4llningar om en vandrande andeh\u00e4r med den kristna oron f\u00f6r sj\u00e4lens \u00f6de efter d\u00f6den, s\u00e4rskilt de sj\u00e4lar som inte n\u00e5r frid.<\/p><p>De d\u00f6das h\u00e4r \u00e4r d\u00e4rmed mindre en tydligt avgr\u00e4nsad mytologisk gestalt \u00e4n en knutpunkt d\u00e4r <span class=\"iwg-fachbegriff\" data-tooltip=\"Religi\u00f6sa f\u00f6rest\u00e4llningar och seder som \u00e4r utbredda i vardagen.\" tabindex=\"0\">folktro<\/span>, kristen f\u00f6rest\u00e4llning om det andra livet och upplevelsen av storm och nattliga ljud f\u00f6rt\u00e4tas.<\/p>\t\t\t\t\t\t\t\t<\/div>\n\t\t\t\t<\/div>\n\t\t\t\t\t<\/div>\n\t\t\t\t<\/div>\n\t\t<div class=\"elementor-element elementor-element-cp02db394 e-flex e-con-boxed e-con e-parent\" data-id=\"cp02db394\" data-element_type=\"container\" data-e-type=\"container\">\n\t\t\t\t\t<div class=\"e-con-inner\">\n\t\t\t\t<div class=\"elementor-element elementor-element-cpfddb6fa elementor-widget elementor-widget-heading\" data-id=\"cpfddb6fa\" data-element_type=\"widget\" data-e-type=\"widget\" data-widget_type=\"heading.default\">\n\t\t\t\t\t<h2 class=\"elementor-heading-title elementor-size-default\">Riktning, f\u00f6nster och skyddet mot sluagh<\/h2>\t\t\t\t<\/div>\n\t\t<div class=\"elementor-element elementor-element-cp060deeb e-con-full e-flex e-con e-child\" data-id=\"cp060deeb\" data-element_type=\"container\" data-e-type=\"container\">\n\t\t\t\t<div class=\"elementor-element elementor-element-cp8b7ac6d elementor-widget elementor-widget-text-editor\" data-id=\"cp8b7ac6d\" data-element_type=\"widget\" data-e-type=\"widget\" data-widget_type=\"text-editor.default\">\n\t\t\t\t\t\t\t\t\t<p>I den levda folktron var <em>sluagh<\/em> f\u00f6rknippat med konkreta f\u00f6rsiktighetsregler. En vitt spridd f\u00f6rest\u00e4llning g\u00e4llde v\u00e4derstrecket: v\u00e4ster ans\u00e5gs vara den farliga sidan, varifr\u00e5n de d\u00f6das h\u00e4r kom, v\u00e4ster var samtidigt solnedg\u00e5ngens riktning och i den g\u00e4liska traditionen f\u00f6rknippad med de d\u00f6das land.<\/p><p>D\u00e4rav f\u00f6ljde bruket att h\u00e5lla de v\u00e4stv\u00e4nda f\u00f6nstren st\u00e4ngda n\u00e4ra d\u00f6ende eller nattetid, s\u00e5 att <em>sluagh<\/em> inte skulle kunna tr\u00e4nga in och gripa tag i en d\u00f6endes sj\u00e4l.<\/p><p>Ty <em>sluagh<\/em> sades kunna dra med sig m\u00e4nniskor. Den som vistades utomhus nattetid, s\u00e4rskilt f\u00f6rsvagade, d\u00f6ende eller of\u00f6rsiktiga m\u00e4nniskor, riskerade att gripas av skaran och f\u00f6ras bort.<\/p><p>I vissa ber\u00e4ttelser tvingar <em>sluagh<\/em> till och med den gripne att delta i dess illd\u00e5d, till exempel att skjuta en pil mot boskap eller andra m\u00e4nniskor. H\u00e4ren \u00e4r allts\u00e5 inte bara ett hot utifr\u00e5n, utan kan dra in m\u00e4nniskan i sitt eget destruktiva g\u00f6rande.<\/p><p>Skyddet mot <em>sluagh<\/em> l\u00e5g d\u00e4rf\u00f6r framf\u00f6r allt i undvikande och avsk\u00e4rmning: att stanna inomhus p\u00e5 natten, s\u00e4kra f\u00f6nster och d\u00f6rrar \u00e5t det farliga h\u00e5llet, att inte l\u00e4mna d\u00f6ende ensamma och oskyddade. Carmichael har ocks\u00e5 bevarat v\u00e4lsignelser och skyddsb\u00f6ner som h\u00f6r till detta sammanhang.<\/p><p>Vetenskapligt tolkad fungerar <em>sluagh<\/em> som en f\u00f6rklaring till pl\u00f6tsliga d\u00f6dsfall, till nattliga r\u00e4dslor och till m\u00e4nniskors f\u00f6rsvinnande, och samtidigt som en varning f\u00f6r att inte l\u00e4ttvindigt \u00f6verskrida tr\u00f6skeln mellan dag och natt, inne och ute, liv och d\u00f6d.<\/p>\t\t\t\t\t\t\t\t<\/div>\n\t\t\t\t<\/div>\n\t\t\t\t\t<\/div>\n\t\t\t\t<\/div>\n\t\t<div class=\"elementor-element elementor-element-36dd7469 e-flex e-con-boxed e-con e-parent\" data-id=\"36dd7469\" data-element_type=\"container\" data-e-type=\"container\">\n\t\t\t\t\t<div class=\"e-con-inner\">\n\t\t\t\t<div class=\"elementor-element elementor-element-13760ab4 elementor-widget elementor-widget-heading\" data-id=\"13760ab4\" data-element_type=\"widget\" data-e-type=\"widget\" data-widget_type=\"heading.default\">\n\t\t\t\t\t<div class=\"elementor-heading-title elementor-size-default\">Vidare l\u00e4nkar<\/div>\t\t\t\t<\/div>\n\t\t<div class=\"elementor-element elementor-element-28c87796 e-con-full e-flex e-con e-child\" data-id=\"28c87796\" data-element_type=\"container\" data-e-type=\"container\">\n\t\t\t\t<div class=\"elementor-element elementor-element-5d6538df elementor-widget elementor-widget-text-editor\" data-id=\"5d6538df\" data-element_type=\"widget\" data-e-type=\"widget\" data-widget_type=\"text-editor.default\">\n\t\t\t\t\t\t\t\t\t<p>Rekommenderade interna l\u00e4nkar:<\/p><ul><li><a href=\"https:\/\/iwell-guard.com\/sv\/keltisk\/\">Keltisk<\/a><\/li><li><a href=\"https:\/\/iwell-guard.com\/sv\/banshee\/\">Banshee<\/a>, <a href=\"https:\/\/iwell-guard.com\/sv\/cailleach\/\">Cailleach<\/a>, P\u00faca, <a href=\"https:\/\/iwell-guard.com\/sv\/dullahan\/\">Dullahan<\/a><\/li><li><a href=\"https:\/\/iwell-guard.com\/sv\/keres\/\">Keres<\/a>, <a href=\"https:\/\/iwell-guard.com\/sv\/gallu\/\">Gallu<\/a> (paralleler)<\/li><li>Vilda jakten (germanskt)<\/li><li>Carmina Gadelica<\/li><\/ul>\t\t\t\t\t\t\t\t<\/div>\n\t\t\t\t<\/div>\n\t\t\t\t\t<\/div>\n\t\t\t\t<\/div>\n\t\t<div class=\"elementor-element elementor-element-grl4kl40 e-flex e-con-boxed e-con e-parent\" data-id=\"grl4kl40\" data-element_type=\"container\" data-e-type=\"container\">\n\t\t\t\t\t<div class=\"e-con-inner\">\n\t\t\t\t<div class=\"elementor-element elementor-element-bzsbfrmh elementor-widget elementor-widget-heading\" data-id=\"bzsbfrmh\" data-element_type=\"widget\" data-e-type=\"widget\" data-widget_type=\"heading.default\">\n\t\t\t\t\t<h2 class=\"elementor-heading-title elementor-size-default\">Litteratur (urval)<\/h2>\t\t\t\t<\/div>\n\t\t<div class=\"elementor-element elementor-element-2c13224a e-con-full e-flex e-con e-child\" data-id=\"2c13224a\" data-element_type=\"container\" data-e-type=\"container\">\n\t\t\t\t<div class=\"elementor-element elementor-element-0eymh9ub elementor-widget elementor-widget-text-editor\" data-id=\"0eymh9ub\" data-element_type=\"widget\" data-e-type=\"widget\" data-widget_type=\"text-editor.default\">\n\t\t\t\t\t\t\t\t\t<footer class=\"iwg-literatur\"><p>Ett urval centrala arbeten om sluagh:<\/p><ul><li><span data-nosnippet>Carmichael, Alexander: <em>Carmina Gadelica<\/em>. 6 band. Edinburgh 1900, 71.<\/span><\/li><li><span data-nosnippet>Evans-Wentz, W. Y.: <em>The Fairy-Faith in Celtic Countries<\/em>. Oxford 1911.<\/span><\/li><li><span data-nosnippet>Campbell, J. F.: <em>Popular Tales of the West Highlands<\/em>. Edinburgh 1860, 62.<\/span><\/li><li><span data-nosnippet>MacInnes, John: <em>D\u00f9thchas nan G\u00e0idheal<\/em>. Edinburgh 2006.<\/span><\/li><li><span data-nosnippet>Black, Ronald: <em>The Gaelic Otherworld<\/em>. Edinburgh 2005.<\/span><\/li><\/ul><div data-nosnippet=\"true\" class=\"iwg-litliste\"><\/div><\/footer>\n<p class=\"iwg-bib-more\"><span data-nosnippet>Fler standardverk i <a href=\"https:\/\/iwell-guard.com\/sv\/litteratur\/\">litteraturf\u00f6rteckningen<\/a>.<\/span><\/p>\t\t\t\t\t\t\t\t<\/div>\n\t\t\t\t<\/div>\n\t\t\t\t\t<\/div>\n\t\t\t\t<\/div>\n\t\t<div class=\"elementor-element elementor-element-iwgca-sluagh-sec e-flex e-con-boxed e-con e-parent\" data-id=\"iwgca-sluagh-sec\" data-element_type=\"container\" data-e-type=\"container\" id=\"iwg-ca-sluagh\">\n\t\t\t\t\t<div class=\"e-con-inner\">\n\t\t\t\t<div class=\"elementor-element elementor-element-iwgca-sluagh-te iwg-ca-textwrap elementor-widget elementor-widget-text-editor\" data-id=\"iwgca-sluagh-te\" data-element_type=\"widget\" data-e-type=\"widget\" data-widget_type=\"text-editor.default\">\n\t\t\t\t\t\t\t\t\t<div data-nosnippet=\"true\"><p class=\"iwg-ca-bridge\">Den skyddspraktik som beskrivs h\u00e4r \u00e4r en vetenskaplig tolkning av historiska traditioner. iWell Guard ansluter till denna kulturhistoriska linje av b\u00e4rbara skyddsobjekt och utg\u00f6r en samtida form av den. <a href=\"\/ueber-iwell-guard\/?utm_source=iwell-guard.com&#038;utm_medium=text-link&#038;utm_campaign=schadwesen-tradition\">Mer om iWell Guard \u2192<\/a><\/p><\/div>\t\t\t\t\t\t\t\t<\/div>\n\t\t\t\t\t<\/div>\n\t\t\t\t<\/div>\n\t\t\t\t<\/div>\n\t\t","protected":false},"excerpt":{"rendered":"","protected":false},"author":3,"featured_media":1703,"parent":0,"menu_order":0,"comment_status":"closed","ping_status":"closed","template":"elementor_header_footer","meta":{"_yoast_wpseo_focuskw":"Sluagh","_yoast_wpseo_title":"Sluagh - Det oheliga d\u00f6dsh\u00e4ret, flygande sj\u00e4lar utan hemvist","_yoast_wpseo_metadesc":"Sluagh, p\u00e5 gaeliska \u201dh\u00e4r\u201d, \u00e4r ett kollektiv av rastl\u00f6sa sj\u00e4lar inom keltisk (framf\u00f6r allt skotsk-gaelisk och irl\u00e4ndsk) folklore.","_yoast_wpseo_meta-robots-noindex":"","_yoast_wpseo_canonical":"","_angie_page":false,"gefaehrdungsstufe":"4","wesen_kultur":"keltisch","wesen_klasse":"geister","footnotes":""},"categories":[],"class_list":["post-136536","page","type-page","status-publish","has-post-thumbnail","hentry"],"yoast_head":"<!-- This site is optimized with the Yoast SEO Premium plugin v27.7 (Yoast SEO v28.3) - https:\/\/yoast.com\/product\/yoast-seo-premium-wordpress\/ -->\n<title>Sluagh - Det oheliga d\u00f6dsh\u00e4ret, flygande sj\u00e4lar utan hemvist<\/title>\n<meta name=\"description\" content=\"Sluagh, p\u00e5 gaeliska \u201dh\u00e4r\u201d, \u00e4r ett kollektiv av rastl\u00f6sa sj\u00e4lar inom keltisk (framf\u00f6r allt skotsk-gaelisk och irl\u00e4ndsk) folklore.\" \/>\n<meta name=\"robots\" content=\"index, follow, max-snippet:-1, max-image-preview:large, max-video-preview:-1\" \/>\n<link rel=\"canonical\" href=\"https:\/\/iwell-guard.com\/sv\/sluagh\/\" \/>\n<meta property=\"og:locale\" content=\"sv_SE\" \/>\n<meta property=\"og:type\" content=\"article\" \/>\n<meta property=\"og:title\" content=\"Sluagh\" \/>\n<meta property=\"og:description\" content=\"Sluagh, p\u00e5 gaeliska \u201dh\u00e4r\u201d, \u00e4r ett kollektiv av rastl\u00f6sa sj\u00e4lar inom keltisk (framf\u00f6r allt skotsk-gaelisk och irl\u00e4ndsk) folklore.\" \/>\n<meta property=\"og:url\" content=\"https:\/\/iwell-guard.com\/sv\/sluagh\/\" \/>\n<meta property=\"og:site_name\" content=\"iWell Guard\" \/>\n<meta property=\"article:modified_time\" content=\"2026-09-03T01:05:23+00:00\" \/>\n<meta property=\"og:image\" content=\"https:\/\/iwell-guard.com\/wp-content\/uploads\/2026\/04\/geister_keltisch_sluagh.webp\" \/>\n\t<meta property=\"og:image:width\" content=\"1024\" \/>\n\t<meta property=\"og:image:height\" content=\"1536\" \/>\n\t<meta property=\"og:image:type\" content=\"image\/webp\" \/>\n<meta name=\"twitter:card\" content=\"summary_large_image\" \/>\n<script type=\"application\/ld+json\" class=\"yoast-schema-graph\">{\"@context\":\"https:\\\/\\\/schema.org\",\"@graph\":[{\"@type\":\"WebPage\",\"@id\":\"https:\\\/\\\/iwell-guard.com\\\/sv\\\/sluagh\\\/\",\"url\":\"https:\\\/\\\/iwell-guard.com\\\/sv\\\/sluagh\\\/\",\"name\":\"Sluagh - Det oheliga d\u00f6dsh\u00e4ret, flygande sj\u00e4lar utan hemvist\",\"isPartOf\":{\"@id\":\"https:\\\/\\\/iwell-guard.com\\\/sv\\\/#website\"},\"primaryImageOfPage\":{\"@id\":\"https:\\\/\\\/iwell-guard.com\\\/sv\\\/sluagh\\\/#primaryimage\"},\"image\":{\"@id\":\"https:\\\/\\\/iwell-guard.com\\\/sv\\\/sluagh\\\/#primaryimage\"},\"thumbnailUrl\":\"https:\\\/\\\/iwell-guard.com\\\/wp-content\\\/uploads\\\/2026\\\/04\\\/geister_keltisch_sluagh.webp\",\"datePublished\":\"2026-09-03T00:07:53+00:00\",\"dateModified\":\"2026-09-03T01:05:23+00:00\",\"description\":\"Sluagh, p\u00e5 gaeliska \u201dh\u00e4r\u201d, \u00e4r ett kollektiv av rastl\u00f6sa sj\u00e4lar inom keltisk (framf\u00f6r allt skotsk-gaelisk och irl\u00e4ndsk) folklore.\",\"breadcrumb\":{\"@id\":\"https:\\\/\\\/iwell-guard.com\\\/sv\\\/sluagh\\\/#breadcrumb\"},\"inLanguage\":\"sv-SE\",\"potentialAction\":[{\"@type\":\"ReadAction\",\"target\":[\"https:\\\/\\\/iwell-guard.com\\\/sv\\\/sluagh\\\/\"]}]},{\"@type\":\"ImageObject\",\"inLanguage\":\"sv-SE\",\"@id\":\"https:\\\/\\\/iwell-guard.com\\\/sv\\\/sluagh\\\/#primaryimage\",\"url\":\"https:\\\/\\\/iwell-guard.com\\\/wp-content\\\/uploads\\\/2026\\\/04\\\/geister_keltisch_sluagh.webp\",\"contentUrl\":\"https:\\\/\\\/iwell-guard.com\\\/wp-content\\\/uploads\\\/2026\\\/04\\\/geister_keltisch_sluagh.webp\",\"width\":1024,\"height\":1536,\"caption\":\"Andar fr\u00e5n den keltiska traditionen.\"},{\"@type\":\"BreadcrumbList\",\"@id\":\"https:\\\/\\\/iwell-guard.com\\\/sv\\\/sluagh\\\/#breadcrumb\",\"itemListElement\":[{\"@type\":\"ListItem\",\"position\":1,\"name\":\"Start\",\"item\":\"https:\\\/\\\/iwell-guard.com\\\/sv\\\/?page_id=136483\"},{\"@type\":\"ListItem\",\"position\":2,\"name\":\"Sluagh\"}]},{\"@type\":\"WebSite\",\"@id\":\"https:\\\/\\\/iwell-guard.com\\\/sv\\\/#website\",\"url\":\"https:\\\/\\\/iwell-guard.com\\\/sv\\\/\",\"name\":\"iWell Guard\",\"description\":\"Schutz vor dunklen Einfl\u00fcssen\",\"publisher\":{\"@id\":\"https:\\\/\\\/iwell-guard.com\\\/sv\\\/#organization\"},\"potentialAction\":[{\"@type\":\"SearchAction\",\"target\":{\"@type\":\"EntryPoint\",\"urlTemplate\":\"https:\\\/\\\/iwell-guard.com\\\/sv\\\/?s={search_term_string}\"},\"query-input\":{\"@type\":\"PropertyValueSpecification\",\"valueRequired\":true,\"valueName\":\"search_term_string\"}}],\"inLanguage\":\"sv-SE\"},{\"@type\":\"Organization\",\"@id\":\"https:\\\/\\\/iwell-guard.com\\\/sv\\\/#organization\",\"name\":\"Ittermann electronic GmbH\",\"url\":\"https:\\\/\\\/iwell-guard.com\\\/sv\\\/\",\"logo\":{\"@type\":\"ImageObject\",\"inLanguage\":\"sv-SE\",\"@id\":\"https:\\\/\\\/iwell-guard.com\\\/sv\\\/#\\\/schema\\\/logo\\\/image\\\/\",\"url\":\"https:\\\/\\\/iwell-guard.com\\\/wp-content\\\/uploads\\\/2026\\\/05\\\/Ittermann-Logo-1182x237-1.png\",\"contentUrl\":\"https:\\\/\\\/iwell-guard.com\\\/wp-content\\\/uploads\\\/2026\\\/05\\\/Ittermann-Logo-1182x237-1.png\",\"width\":1182,\"height\":237,\"caption\":\"Ittermann electronic GmbH\"},\"image\":{\"@id\":\"https:\\\/\\\/iwell-guard.com\\\/sv\\\/#\\\/schema\\\/logo\\\/image\\\/\"},\"sameAs\":[\"https:\\\/\\\/pantip.com\\\/profile\\\/9367242\",\"https:\\\/\\\/micro.blog\\\/iwellguard\",\"https:\\\/\\\/www.diggerslist.com\\\/iwellguard\\\/about\",\"https:\\\/\\\/skitterphoto.com\\\/photographers\\\/2870314\\\/iwell-guard\",\"https:\\\/\\\/iwellguard.wordpress.com\\\/2026\\\/06\\\/06\\\/iwell-guard\\\/\",\"https:\\\/\\\/hub.docker.com\\\/u\\\/iwellguard\",\"https:\\\/\\\/www.pinterest.com\\\/iwellguard\\\/\",\"https:\\\/\\\/bit.ly\\\/m\\\/iwellguard\",\"https:\\\/\\\/entre-vos-mains.alsace.eu\\\/profiles\\\/iwellguard\\\/activity\",\"https:\\\/\\\/gravatar.com\\\/reallybeded8fd34\",\"https:\\\/\\\/naijamatta.com\\\/iwellguard\",\"https:\\\/\\\/www.goodreads.com\\\/iwellguard\",\"https:\\\/\\\/profile.hatena.ne.jp\\\/iwellguard\\\/\",\"https:\\\/\\\/experiment.com\\\/users\\\/iwellguard\",\"https:\\\/\\\/wakelet.com\\\/@iWellGuard82270\",\"https:\\\/\\\/www.chordie.com\\\/forum\\\/profile.php?id=2555664\",\"https:\\\/\\\/www.instapaper.com\\\/p\\\/17757966\",\"https:\\\/\\\/www.mapleprimes.com\\\/users\\\/iwellguard\",\"https:\\\/\\\/businesslistingplus.com\\\/profile\\\/iwell-guard\\\/\",\"https:\\\/\\\/telegra.ph\\\/iWell-Guard-06-06\",\"https:\\\/\\\/pbase.com\\\/iwellguard\\\/iwellguard\",\"https:\\\/\\\/b.hatena.ne.jp\\\/iwellguard\\\/20260607#bookmark-4788405196491818882\",\"https:\\\/\\\/fliphtml5.com\\\/home\\\/iwellguard\",\"https:\\\/\\\/anyflip.com\\\/homepage\\\/cmiwl#About\",\"https:\\\/\\\/transfur.com\\\/Users\\\/iwellguard\",\"http:\\\/\\\/delphi.larsbo.org\\\/user\\\/iwellguard\",\"https:\\\/\\\/jobs.lajobsportal.org\\\/profiles\\\/8380803-iwell-guard\",\"https:\\\/\\\/md.chaosdorf.de\\\/s\\\/jfbe5SBdJD\",\"https:\\\/\\\/www.lingvolive.com\\\/en-us\\\/profile\\\/9ecaeaca-ce11-4e51-9e71-01d55e2bff36\\\/translations\",\"https:\\\/\\\/www.fitday.com\\\/fitness\\\/forums\\\/members\\\/iwellguard.html\",\"https:\\\/\\\/www.mymeetbook.com\\\/iwellguard\",\"https:\\\/\\\/pxhere.com\\\/en\\\/photographer-me\\\/5040798\",\"https:\\\/\\\/disqus.com\\\/by\\\/iwellguard\\\/about\\\/\",\"https:\\\/\\\/pastelink.net\\\/hjwciqwq\",\"https:\\\/\\\/pubhtml5.com\\\/homepage\\\/scjhn\\\/\",\"https:\\\/\\\/www.bitchute.com\\\/channel\\\/2O2eOKzNqujT\",\"https:\\\/\\\/audiomack.com\\\/iwellguard\"]},{\"@type\":\"Article\",\"@id\":\"https:\\\/\\\/iwell-guard.com\\\/sv\\\/sluagh\\\/#article\",\"isPartOf\":{\"@id\":\"https:\\\/\\\/iwell-guard.com\\\/sv\\\/sluagh\\\/\"},\"author\":{\"name\":\"Ralf Ittermann\",\"@id\":\"https:\\\/\\\/iwell-guard.com\\\/sv\\\/#\\\/schema\\\/person\\\/ee2a27f1cac3406c7c6fb5820cb7349f\"},\"headline\":\"Sluagh\",\"datePublished\":\"2026-09-03T00:07:53+00:00\",\"dateModified\":\"2026-09-03T01:05:23+00:00\",\"mainEntityOfPage\":{\"@id\":\"https:\\\/\\\/iwell-guard.com\\\/sv\\\/sluagh\\\/\"},\"publisher\":{\"@id\":\"https:\\\/\\\/iwell-guard.com\\\/sv\\\/#organization\"},\"image\":{\"@id\":\"https:\\\/\\\/iwell-guard.com\\\/sv\\\/sluagh\\\/#primaryimage\"},\"thumbnailUrl\":\"https:\\\/\\\/iwell-guard.com\\\/wp-content\\\/uploads\\\/2026\\\/04\\\/geister_keltisch_sluagh.webp\",\"inLanguage\":\"sv-SE\",\"description\":\"Sluagh, p\u00e5 gaeliska \u201dh\u00e4r\u201d, \u00e4r ett kollektiv av rastl\u00f6sa sj\u00e4lar inom keltisk (framf\u00f6r allt skotsk-gaelisk och irl\u00e4ndsk) folklore.\"}]}<\/script>\n<!-- \/ Yoast SEO Premium plugin. -->","yoast_head_json":{"title":"Sluagh - Det oheliga d\u00f6dsh\u00e4ret, flygande sj\u00e4lar utan hemvist","description":"Sluagh, p\u00e5 gaeliska \u201dh\u00e4r\u201d, \u00e4r ett kollektiv av rastl\u00f6sa sj\u00e4lar inom keltisk (framf\u00f6r allt skotsk-gaelisk och irl\u00e4ndsk) folklore.","robots":{"index":"index","follow":"follow","max-snippet":"max-snippet:-1","max-image-preview":"max-image-preview:large","max-video-preview":"max-video-preview:-1"},"canonical":"https:\/\/iwell-guard.com\/sv\/sluagh\/","og_locale":"sv_SE","og_type":"article","og_title":"Sluagh","og_description":"Sluagh, p\u00e5 gaeliska \u201dh\u00e4r\u201d, \u00e4r ett kollektiv av rastl\u00f6sa sj\u00e4lar inom keltisk (framf\u00f6r allt skotsk-gaelisk och irl\u00e4ndsk) folklore.","og_url":"https:\/\/iwell-guard.com\/sv\/sluagh\/","og_site_name":"iWell Guard","article_modified_time":"2026-09-03T01:05:23+00:00","og_image":[{"width":1024,"height":1536,"url":"https:\/\/iwell-guard.com\/wp-content\/uploads\/2026\/04\/geister_keltisch_sluagh.webp","type":"image\/webp"}],"twitter_card":"summary_large_image","schema":{"@context":"https:\/\/schema.org","@graph":[{"@type":"Article","@id":"https:\/\/iwell-guard.com\/sv\/sluagh\/#article","isPartOf":{"@id":"https:\/\/iwell-guard.com\/sv\/sluagh\/"},"author":{"name":"Ralf Ittermann","@id":"https:\/\/iwell-guard.com\/sv\/#\/schema\/person\/ee2a27f1cac3406c7c6fb5820cb7349f"},"headline":"Sluagh","datePublished":"2026-09-03T00:07:53+00:00","dateModified":"2026-09-03T01:05:23+00:00","mainEntityOfPage":{"@id":"https:\/\/iwell-guard.com\/sv\/sluagh\/"},"publisher":{"@id":"https:\/\/iwell-guard.com\/sv\/#organization"},"image":{"@id":"https:\/\/iwell-guard.com\/sv\/sluagh\/#primaryimage"},"thumbnailUrl":"https:\/\/iwell-guard.com\/wp-content\/uploads\/2026\/04\/geister_keltisch_sluagh.webp","inLanguage":"sv-SE","description":"Sluagh, p\u00e5 gaeliska \u201dh\u00e4r\u201d, \u00e4r ett kollektiv av rastl\u00f6sa sj\u00e4lar inom keltisk (framf\u00f6r allt skotsk-gaelisk och irl\u00e4ndsk) folklore."},{"@type":"WebPage","@id":"https:\/\/iwell-guard.com\/sv\/sluagh\/","url":"https:\/\/iwell-guard.com\/sv\/sluagh\/","name":"Sluagh - Det oheliga d\u00f6dsh\u00e4ret, flygande sj\u00e4lar utan hemvist","isPartOf":{"@id":"https:\/\/iwell-guard.com\/sv\/#website"},"primaryImageOfPage":{"@id":"https:\/\/iwell-guard.com\/sv\/sluagh\/#primaryimage"},"image":{"@id":"https:\/\/iwell-guard.com\/sv\/sluagh\/#primaryimage"},"thumbnailUrl":"https:\/\/iwell-guard.com\/wp-content\/uploads\/2026\/04\/geister_keltisch_sluagh.webp","datePublished":"2026-09-03T00:07:53+00:00","dateModified":"2026-09-03T01:05:23+00:00","description":"Sluagh, p\u00e5 gaeliska \u201dh\u00e4r\u201d, \u00e4r ett kollektiv av rastl\u00f6sa sj\u00e4lar inom keltisk (framf\u00f6r allt skotsk-gaelisk och irl\u00e4ndsk) folklore.","breadcrumb":{"@id":"https:\/\/iwell-guard.com\/sv\/sluagh\/#breadcrumb"},"inLanguage":"sv-SE","potentialAction":[{"@type":"ReadAction","target":["https:\/\/iwell-guard.com\/sv\/sluagh\/"]}]},{"@type":"ImageObject","inLanguage":"sv-SE","@id":"https:\/\/iwell-guard.com\/sv\/sluagh\/#primaryimage","url":"https:\/\/iwell-guard.com\/wp-content\/uploads\/2026\/04\/geister_keltisch_sluagh.webp","contentUrl":"https:\/\/iwell-guard.com\/wp-content\/uploads\/2026\/04\/geister_keltisch_sluagh.webp","width":1024,"height":1536,"caption":"Andar fr\u00e5n den keltiska traditionen."},{"@type":"BreadcrumbList","@id":"https:\/\/iwell-guard.com\/sv\/sluagh\/#breadcrumb","itemListElement":[{"@type":"ListItem","position":1,"name":"Start","item":"https:\/\/iwell-guard.com\/sv\/?page_id=136483"},{"@type":"ListItem","position":2,"name":"Sluagh"}]},{"@type":"WebSite","@id":"https:\/\/iwell-guard.com\/sv\/#website","url":"https:\/\/iwell-guard.com\/sv\/","name":"iWell Guard","description":"Schutz vor dunklen Einfl\u00fcssen","publisher":{"@id":"https:\/\/iwell-guard.com\/sv\/#organization"},"potentialAction":[{"@type":"SearchAction","target":{"@type":"EntryPoint","urlTemplate":"https:\/\/iwell-guard.com\/sv\/?s={search_term_string}"},"query-input":{"@type":"PropertyValueSpecification","valueRequired":true,"valueName":"search_term_string"}}],"inLanguage":"sv-SE"},{"@type":"Organization","@id":"https:\/\/iwell-guard.com\/sv\/#organization","name":"Ittermann electronic GmbH","url":"https:\/\/iwell-guard.com\/sv\/","logo":{"@type":"ImageObject","inLanguage":"sv-SE","@id":"https:\/\/iwell-guard.com\/sv\/#\/schema\/logo\/image\/","url":"https:\/\/iwell-guard.com\/wp-content\/uploads\/2026\/05\/Ittermann-Logo-1182x237-1.png","contentUrl":"https:\/\/iwell-guard.com\/wp-content\/uploads\/2026\/05\/Ittermann-Logo-1182x237-1.png","width":1182,"height":237,"caption":"Ittermann electronic GmbH"},"image":{"@id":"https:\/\/iwell-guard.com\/sv\/#\/schema\/logo\/image\/"},"sameAs":["https:\/\/pantip.com\/profile\/9367242","https:\/\/micro.blog\/iwellguard","https:\/\/www.diggerslist.com\/iwellguard\/about","https:\/\/skitterphoto.com\/photographers\/2870314\/iwell-guard","https:\/\/iwellguard.wordpress.com\/2026\/06\/06\/iwell-guard\/","https:\/\/hub.docker.com\/u\/iwellguard","https:\/\/www.pinterest.com\/iwellguard\/","https:\/\/bit.ly\/m\/iwellguard","https:\/\/entre-vos-mains.alsace.eu\/profiles\/iwellguard\/activity","https:\/\/gravatar.com\/reallybeded8fd34","https:\/\/naijamatta.com\/iwellguard","https:\/\/www.goodreads.com\/iwellguard","https:\/\/profile.hatena.ne.jp\/iwellguard\/","https:\/\/experiment.com\/users\/iwellguard","https:\/\/wakelet.com\/@iWellGuard82270","https:\/\/www.chordie.com\/forum\/profile.php?id=2555664","https:\/\/www.instapaper.com\/p\/17757966","https:\/\/www.mapleprimes.com\/users\/iwellguard","https:\/\/businesslistingplus.com\/profile\/iwell-guard\/","https:\/\/telegra.ph\/iWell-Guard-06-06","https:\/\/pbase.com\/iwellguard\/iwellguard","https:\/\/b.hatena.ne.jp\/iwellguard\/20260607#bookmark-4788405196491818882","https:\/\/fliphtml5.com\/home\/iwellguard","https:\/\/anyflip.com\/homepage\/cmiwl#About","https:\/\/transfur.com\/Users\/iwellguard","http:\/\/delphi.larsbo.org\/user\/iwellguard","https:\/\/jobs.lajobsportal.org\/profiles\/8380803-iwell-guard","https:\/\/md.chaosdorf.de\/s\/jfbe5SBdJD","https:\/\/www.lingvolive.com\/en-us\/profile\/9ecaeaca-ce11-4e51-9e71-01d55e2bff36\/translations","https:\/\/www.fitday.com\/fitness\/forums\/members\/iwellguard.html","https:\/\/www.mymeetbook.com\/iwellguard","https:\/\/pxhere.com\/en\/photographer-me\/5040798","https:\/\/disqus.com\/by\/iwellguard\/about\/","https:\/\/pastelink.net\/hjwciqwq","https:\/\/pubhtml5.com\/homepage\/scjhn\/","https:\/\/www.bitchute.com\/channel\/2O2eOKzNqujT","https:\/\/audiomack.com\/iwellguard"]},{"@type":"Person","@id":"https:\/\/iwell-guard.com\/sv\/#\/schema\/person\/ee2a27f1cac3406c7c6fb5820cb7349f","name":"Ralf Ittermann","image":{"@type":"ImageObject","inLanguage":"sv-SE","@id":"https:\/\/secure.gravatar.com\/avatar\/073c0153e350a5005b68eb752b445fea71f6b24a26da9449ad7e155e6b446c9d?s=96&d=mm&r=g","url":"https:\/\/secure.gravatar.com\/avatar\/073c0153e350a5005b68eb752b445fea71f6b24a26da9449ad7e155e6b446c9d?s=96&d=mm&r=g","contentUrl":"https:\/\/secure.gravatar.com\/avatar\/073c0153e350a5005b68eb752b445fea71f6b24a26da9449ad7e155e6b446c9d?s=96&d=mm&r=g","caption":"Ralf Ittermann"},"givenName":"Ralf","familyName":"Ittermann","jobTitle":"Gesch\u00e4ftsf\u00fchrer und redaktioneller Verantwortlicher","url":"https:\/\/iwell-guard.com\/sv\/author\/claude\/","description":"Ralf Ittermann ist Gesch\u00e4ftsf\u00fchrer der Ittermann electronic GmbH und redaktioneller Verantwortlicher des iWell-Guard-Lexikons. Er verbindet langj\u00e4hrige Erfahrung in der Pr\u00e4zisionsfertigung mit medialer Praxis und religionsgeschichtlicher Quellenarbeit.","worksFor":{"@type":"Organization","name":"Ittermann electronic GmbH","url":"https:\/\/ittermann.de\/","address":{"@type":"PostalAddress","streetAddress":"K\u00f6hlergasse 16-18","postalCode":"99842","addressLocality":"Ruhla","addressCountry":"DE"}},"knowsAbout":["Religionsgeschichte","Mythologie","Mediale Praxis","Energetische Diagnostik","Schutzpraxis","Volksglauben","Westliche Esoterik"]},{"@type":"Article","@id":"https:\/\/iwell-guard.com\/sv\/sluagh\/#article","isPartOf":{"@id":"https:\/\/iwell-guard.com\/sv\/sluagh\/"},"author":{"name":"Ralf Ittermann","@id":"https:\/\/iwell-guard.com\/sv\/#\/schema\/person\/ee2a27f1cac3406c7c6fb5820cb7349f"},"headline":"Sluagh","datePublished":"2026-09-03T00:07:53+00:00","dateModified":"2026-09-03T01:05:23+00:00","mainEntityOfPage":{"@id":"https:\/\/iwell-guard.com\/sv\/sluagh\/"},"publisher":{"@id":"https:\/\/iwell-guard.com\/sv\/#organization"},"image":{"@id":"https:\/\/iwell-guard.com\/sv\/sluagh\/#primaryimage"},"thumbnailUrl":"https:\/\/iwell-guard.com\/wp-content\/uploads\/2026\/04\/geister_keltisch_sluagh.webp","inLanguage":"sv-SE","description":"Sluagh, p\u00e5 gaeliska \u201dh\u00e4r\u201d, \u00e4r ett kollektiv av rastl\u00f6sa sj\u00e4lar inom keltisk (framf\u00f6r allt skotsk-gaelisk och irl\u00e4ndsk) folklore."}]}},"_links":{"self":[{"href":"https:\/\/iwell-guard.com\/sv\/wp-json\/wp\/v2\/pages\/136536","targetHints":{"allow":["GET"]}}],"collection":[{"href":"https:\/\/iwell-guard.com\/sv\/wp-json\/wp\/v2\/pages"}],"about":[{"href":"https:\/\/iwell-guard.com\/sv\/wp-json\/wp\/v2\/types\/page"}],"author":[{"embeddable":true,"href":"https:\/\/iwell-guard.com\/sv\/wp-json\/wp\/v2\/users\/3"}],"replies":[{"embeddable":true,"href":"https:\/\/iwell-guard.com\/sv\/wp-json\/wp\/v2\/comments?post=136536"}],"version-history":[{"count":0,"href":"https:\/\/iwell-guard.com\/sv\/wp-json\/wp\/v2\/pages\/136536\/revisions"}],"wp:featuredmedia":[{"embeddable":true,"href":"https:\/\/iwell-guard.com\/sv\/wp-json\/wp\/v2\/media\/1703"}],"wp:attachment":[{"href":"https:\/\/iwell-guard.com\/sv\/wp-json\/wp\/v2\/media?parent=136536"}],"wp:term":[{"taxonomy":"category","embeddable":true,"href":"https:\/\/iwell-guard.com\/sv\/wp-json\/wp\/v2\/categories?post=136536"}],"curies":[{"name":"wp","href":"https:\/\/api.w.org\/{rel}","templated":true}]}}