{"id":136527,"date":"2026-09-03T00:07:48","date_gmt":"2026-09-03T00:07:48","guid":{"rendered":"https:\/\/iwell-guard.com\/?page_id=136527"},"modified":"2026-09-03T01:05:09","modified_gmt":"2026-09-03T01:05:09","slug":"shayatin","status":"publish","type":"page","link":"https:\/\/iwell-guard.com\/sv\/shayatin\/","title":{"rendered":"Shayatin"},"content":{"rendered":"\t\t<div data-elementor-type=\"wp-page\" data-elementor-id=\"136527\" class=\"elementor elementor-136527 elementor-1025\" data-elementor-post-type=\"page\">\n\t\t\t\t<div class=\"elementor-element elementor-element-10fdade e-flex e-con-boxed e-con e-parent\" data-id=\"10fdade\" data-element_type=\"container\" data-e-type=\"container\" data-settings=\"{&quot;background_background&quot;:&quot;classic&quot;}\">\n\t\t\t\t\t<div class=\"e-con-inner\">\n\t\t<div class=\"elementor-element elementor-element-herohlft0 e-flex e-con-boxed e-con e-child\" data-id=\"herohlft0\" data-element_type=\"container\" data-e-type=\"container\">\n\t\t\t\t\t<div class=\"e-con-inner\">\n\t\t<div class=\"elementor-element elementor-element-c3ceb64 e-con-full e-flex e-con e-child\" data-id=\"c3ceb64\" data-element_type=\"container\" data-e-type=\"container\">\n\t\t\t\t<div class=\"elementor-element elementor-element-96ae5e1 elementor-widget elementor-widget-heading\" data-id=\"96ae5e1\" data-element_type=\"widget\" data-e-type=\"widget\" data-widget_type=\"heading.default\">\n\t\t\t\t\t<h1 class=\"elementor-heading-title elementor-size-default\">Shayatin, demon i den islamiska traditionen<\/h1>\t\t\t\t<\/div>\n\t\t\t\t<div class=\"elementor-element elementor-element-e45238a elementor-widget elementor-widget-text-editor\" data-id=\"e45238a\" data-element_type=\"widget\" data-e-type=\"widget\" data-widget_type=\"text-editor.default\">\n\t\t\t\t\t\t\t\t\t<p><strong>De onda <span class=\"iwg-fachbegriff\" tabindex=\"0\" data-tooltip=\"V\u00e4sen i Koranen gjorda av r\u00f6kfri eld med fri vilja, varken \u00e4nglar eller demoner, utan en egen skapelse med egen moral.\">jinn<\/span>, viskare och f\u00f6rf\u00f6rare.<\/strong><\/p>\t\t\t\t\t\t\t\t<\/div>\n\t\t\t\t<\/div>\n\t\t<div class=\"elementor-element elementor-element-klsbdg01 e-con-full e-flex e-con e-parent\" data-id=\"klsbdg01\" data-element_type=\"container\" data-e-type=\"container\">\n\t\t\t\t<div class=\"elementor-element elementor-element-klshtm01 elementor-widget elementor-widget-html\" data-id=\"klshtm01\" data-element_type=\"widget\" data-e-type=\"widget\" data-widget_type=\"html.default\">\n\t\t\t\t\t<div class=\"iwg-pill-row\"><span class=\"iwg-klasse-badge\" tabindex=\"0\" data-tooltip=\"Demon: \u00d6vernaturligt v\u00e4sen med oftast skadlig eller ambivalent verkan. St\u00e5r mellan gudar och m\u00e4nniskor, orsakar sjukdom, frestelse eller olycka och avv\u00e4rjs genom besv\u00e4rjelser, apotropeiska medel och ritualer.\">Demon<\/span><a href=\"https:\/\/iwell-guard.com\/sv\/islam\/\" class=\"iwg-kultur-badge\" tabindex=\"0\" data-tooltip=\"Islamisk trosv\u00e4rld med \u00e4rke\u00e4nglar, jinner och religi\u00f6sa v\u00e4sen.\">Islam<\/a><\/div>\t\t\t\t<\/div>\n\t\t\t\t<\/div>\n\t\t<div class=\"elementor-element elementor-element-3f74855 e-con-full e-flex e-con e-child\" data-id=\"3f74855\" data-element_type=\"container\" data-e-type=\"container\">\n\t\t\t\t<div class=\"elementor-element elementor-element-1c30362 elementor-toc--minimized-on-tablet elementor-widget elementor-widget-table-of-contents\" data-id=\"1c30362\" data-element_type=\"widget\" data-e-type=\"widget\" data-settings=\"{&quot;exclude_headings_by_selector&quot;:[],&quot;no_headings_message&quot;:&quot;Inga rubriker hittades p\\u00e5 den h\\u00e4r sidan.&quot;,&quot;headings_by_tags&quot;:[&quot;h2&quot;,&quot;h3&quot;],&quot;marker_view&quot;:&quot;bullets&quot;,&quot;icon&quot;:{&quot;value&quot;:&quot;fas fa-circle&quot;,&quot;library&quot;:&quot;fa-solid&quot;,&quot;rendered_tag&quot;:&quot;&lt;svg class=\\&quot;e-font-icon-svg e-fas-circle\\&quot; viewBox=\\&quot;0 0 512 512\\&quot; xmlns=\\&quot;http:\\\/\\\/www.w3.org\\\/2000\\\/svg\\&quot;&gt;&lt;path d=\\&quot;M256 8C119 8 8 119 8 256s111 248 248 248 248-111 248-248S393 8 256 8z\\&quot;&gt;&lt;\\\/path&gt;&lt;\\\/svg&gt;&quot;},&quot;minimize_box&quot;:&quot;yes&quot;,&quot;minimized_on&quot;:&quot;tablet&quot;,&quot;hierarchical_view&quot;:&quot;yes&quot;,&quot;min_height&quot;:{&quot;unit&quot;:&quot;px&quot;,&quot;size&quot;:&quot;&quot;,&quot;sizes&quot;:[]},&quot;min_height_tablet&quot;:{&quot;unit&quot;:&quot;px&quot;,&quot;size&quot;:&quot;&quot;,&quot;sizes&quot;:[]},&quot;min_height_mobile&quot;:{&quot;unit&quot;:&quot;px&quot;,&quot;size&quot;:&quot;&quot;,&quot;sizes&quot;:[]}}\" data-widget_type=\"table-of-contents.default\">\n\t\t\t\t\t\t\t\t\t<div class=\"elementor-toc__header\">\n\t\t\t\t\t\t<h2 class=\"elementor-toc__header-title\">\n\t\t\t\tInneh\u00e5llsf\u00f6rteckning\t\t\t<\/h2>\n\t\t\t\t\t\t\t\t\t\t<div class=\"elementor-toc__toggle-button elementor-toc__toggle-button--expand\" role=\"button\" tabindex=\"0\" aria-controls=\"elementor-toc__1c30362\" aria-expanded=\"true\" aria-label=\"\u00d6ppna inneh\u00e5llsf\u00f6rteckning\"><svg aria-hidden=\"true\" class=\"e-font-icon-svg e-fas-chevron-down\" viewBox=\"0 0 448 512\" xmlns=\"http:\/\/www.w3.org\/2000\/svg\"><path d=\"M207.029 381.476L12.686 187.132c-9.373-9.373-9.373-24.569 0-33.941l22.667-22.667c9.357-9.357 24.522-9.375 33.901-.04L224 284.505l154.745-154.021c9.379-9.335 24.544-9.317 33.901.04l22.667 22.667c9.373 9.373 9.373 24.569 0 33.941L240.971 381.476c-9.373 9.372-24.569 9.372-33.942 0z\"><\/path><\/svg><\/div>\n\t\t\t\t<div class=\"elementor-toc__toggle-button elementor-toc__toggle-button--collapse\" role=\"button\" tabindex=\"0\" aria-controls=\"elementor-toc__1c30362\" aria-expanded=\"true\" aria-label=\"St\u00e4ng inneh\u00e5llsf\u00f6rteckning\"><svg aria-hidden=\"true\" class=\"e-font-icon-svg e-fas-chevron-up\" viewBox=\"0 0 448 512\" xmlns=\"http:\/\/www.w3.org\/2000\/svg\"><path d=\"M240.971 130.524l194.343 194.343c9.373 9.373 9.373 24.569 0 33.941l-22.667 22.667c-9.357 9.357-24.522 9.375-33.901.04L224 227.495 69.255 381.516c-9.379 9.335-24.544 9.317-33.901-.04l-22.667-22.667c-9.373-9.373-9.373-24.569 0-33.941L207.03 130.525c9.372-9.373 24.568-9.373 33.941-.001z\"><\/path><\/svg><\/div>\n\t\t\t\t\t<\/div>\n\t\t\t\t<div id=\"elementor-toc__1c30362\" class=\"elementor-toc__body\">\n\t\t\t<div class=\"elementor-toc__spinner-container\">\n\t\t\t\t<svg class=\"elementor-toc__spinner eicon-animation-spin e-font-icon-svg e-eicon-loading\" aria-hidden=\"true\" viewBox=\"0 0 1000 1000\" xmlns=\"http:\/\/www.w3.org\/2000\/svg\"><path d=\"M500 975V858C696 858 858 696 858 500S696 142 500 142 142 304 142 500H25C25 237 238 25 500 25S975 237 975 500 763 975 500 975Z\"><\/path><\/svg>\t\t\t<\/div>\n\t\t<\/div>\n\t\t\t\t\t\t<\/div>\n\t\t\t\t<\/div>\n\t\t\t\t\t<\/div>\n\t\t\t\t<\/div>\n\t\t<div class=\"elementor-element elementor-element-herorght0 e-con-full e-flex e-con e-child\" data-id=\"herorght0\" data-element_type=\"container\" data-e-type=\"container\">\n\t\t\t\t<div class=\"elementor-element elementor-element-heroimg00 iwg-hero-image elementor-widget elementor-widget-image\" data-id=\"heroimg00\" data-element_type=\"widget\" data-e-type=\"widget\" data-widget_type=\"image.default\">\n\t\t\t\t\t\t\t\t\t\t\t\t\t\t\t<img fetchpriority=\"high\" decoding=\"async\" width=\"683\" height=\"1024\" src=\"https:\/\/iwell-guard.com\/wp-content\/uploads\/2026\/04\/daemonen_islam_shayatin-683x1024.webp\" class=\"attachment-large size-large wp-image-136302\" alt=\"Shayatin - demoner fr\u00e5n den islamiska traditionen, historiskt-illustrativt\" srcset=\"https:\/\/iwell-guard.com\/wp-content\/uploads\/2026\/04\/daemonen_islam_shayatin-683x1024.webp 683w, https:\/\/iwell-guard.com\/wp-content\/uploads\/2026\/04\/daemonen_islam_shayatin-200x300.webp 200w, https:\/\/iwell-guard.com\/wp-content\/uploads\/2026\/04\/daemonen_islam_shayatin-768x1152.webp 768w, https:\/\/iwell-guard.com\/wp-content\/uploads\/2026\/04\/daemonen_islam_shayatin.webp 1024w\" sizes=\"(max-width: 683px) 100vw, 683px\" \/>\t\t\t\t\t\t\t\t\t\t\t\t\t\t\t<\/div>\n\t\t\t\t<\/div>\n\t\t\t\t\t<\/div>\n\t\t\t\t<\/div>\n\t\t<div class=\"elementor-element elementor-element-32917199 e-flex e-con-boxed e-con e-parent\" data-id=\"32917199\" data-element_type=\"container\" data-e-type=\"container\">\n\t\t\t\t\t<div class=\"e-con-inner\">\n\t\t<div class=\"elementor-element elementor-element-26e916cb e-flex e-con-boxed e-con e-child\" data-id=\"26e916cb\" data-element_type=\"container\" data-e-type=\"container\">\n\t\t\t\t\t<div class=\"e-con-inner\">\n\t\t<div class=\"elementor-element elementor-element-253a40d4 e-flex e-con-boxed e-con e-child\" data-id=\"253a40d4\" data-element_type=\"container\" data-e-type=\"container\">\n\t\t\t\t\t<div class=\"e-con-inner\">\n\t\t\t\t<div class=\"elementor-element elementor-element-1200c304 elementor-widget elementor-widget-heading\" data-id=\"1200c304\" data-element_type=\"widget\" data-e-type=\"widget\" data-widget_type=\"heading.default\">\n\t\t\t\t\t<h2 class=\"elementor-heading-title elementor-size-default\">Shayatin<\/h2>\t\t\t\t<\/div>\n\t\t\t\t<div class=\"elementor-element elementor-element-11758e7f elementor-widget elementor-widget-text-editor\" data-id=\"11758e7f\" data-element_type=\"widget\" data-e-type=\"widget\" data-widget_type=\"text-editor.default\">\n\t\t\t\t\t\t\t\t\t<p>Shayatin \u00e4r en <span class=\"iwg-fachbegriff\" data-tooltip=\"Andligt v\u00e4sen som tillskrivs skadlig eller mots\u00e4gelsefull verkan.\" tabindex=\"0\">demon<\/span> i den islamiska traditionen.<\/p><p>Shayatin \u00e4r i islamisk tradition den ondsinta undergruppen av jinnerna, de som f\u00f6ljde Iblis. Koranen n\u00e4mner dem p\u00e5 m\u00e5nga st\u00e4llen som f\u00f6rf\u00f6rare, viskare (<em>muwaswis\u016bn<\/em>), st\u00f6rare av tron.<\/p><p>De verkar inte genom fysiskt v\u00e5ld utan genom <em>waswasa<\/em>: den tysta viskningen i m\u00e4nniskans hj\u00e4rta som v\u00e4cker tvivel, vrede, lust, h\u00f6gmod eller apati.<\/p><p>Till skillnad fr\u00e5n jinner i allm\u00e4nhet \u00e4r shayatin inte l\u00e4ngre moraliskt ambivalenta. De \u00e4r entydigt onda. Samtidigt \u00e4r deras makt begr\u00e4nsad: de kan bara angripa m\u00e4nniskor som f\u00f6rsummar Gud. Vid \u00e5kallan av Gud drar de sig tillbaka. Singularformen <em>Shaytan<\/em> kan ocks\u00e5 beteckna gruppens ledare, Iblis; pluralformen syftar p\u00e5 samtliga hans anh\u00e4ngare.<\/p>\t\t\t\t\t\t\t\t<\/div>\n\t\t\t\t\t<\/div>\n\t\t\t\t<\/div>\n\t\t<div class=\"elementor-element elementor-element-159dcf9a e-flex e-con-boxed e-con e-child\" data-id=\"159dcf9a\" data-element_type=\"container\" data-e-type=\"container\">\n\t\t\t\t\t<div class=\"e-con-inner\">\n\t\t\t\t<div class=\"elementor-element elementor-element-48cee66f elementor-widget elementor-widget-heading\" data-id=\"48cee66f\" data-element_type=\"widget\" data-e-type=\"widget\" data-widget_type=\"heading.default\">\n\t\t\t\t\t<h2 class=\"elementor-heading-title elementor-size-default\">Snabb\u00f6versikt: Shayatin<\/h2>\t\t\t\t<\/div>\n\t\t\t\t<div class=\"elementor-element elementor-element-3f50d82c elementor-widget elementor-widget-text-editor\" data-id=\"3f50d82c\" data-element_type=\"widget\" data-e-type=\"widget\" data-widget_type=\"text-editor.default\">\n\t\t\t\t\t\t\t\t\t<p><strong>Typ:<\/strong> Ond undergrupp av jinnerna, viskare<br>Ursprung: Lydiga mot Iblis, ledaren<br>Texter: Koranen (m\u00e5nga st\u00e4llen), hadither<br>Tidsperiod: 600-talet till idag<br>Huvudverkan: waswasa, viskning<\/p>\t\t\t\t\t\t\t\t<\/div>\n\t\t\t\t\t<\/div>\n\t\t\t\t<\/div>\n\t\t\t\t\t<\/div>\n\t\t\t\t<\/div>\n\t\t\t\t\t<\/div>\n\t\t\t\t<\/div>\n\t\t<div class=\"elementor-element elementor-element-18613602 e-flex e-con-boxed e-con e-parent\" data-id=\"18613602\" data-element_type=\"container\" data-e-type=\"container\">\n\t\t\t\t\t<div class=\"e-con-inner\">\n\t\t\t\t<div class=\"elementor-element elementor-element-262b8a9f elementor-widget elementor-widget-heading\" data-id=\"262b8a9f\" data-element_type=\"widget\" data-e-type=\"widget\" data-widget_type=\"heading.default\">\n\t\t\t\t\t<h2 class=\"elementor-heading-title elementor-size-default\">Historisk inordning<\/h2>\t\t\t\t<\/div>\n\t\t<div class=\"elementor-element elementor-element-46dcb7d e-con-full e-flex e-con e-child\" data-id=\"46dcb7d\" data-element_type=\"container\" data-e-type=\"container\">\n\t\t<div class=\"elementor-element elementor-element-61d3ab3 e-flex e-con-boxed e-con e-child\" data-id=\"61d3ab3\" data-element_type=\"container\" data-e-type=\"container\">\n\t\t\t\t\t<div class=\"e-con-inner\">\n\t\t\t\t<div class=\"elementor-element elementor-element-117c166 elementor-widget elementor-widget-heading\" data-id=\"117c166\" data-element_type=\"widget\" data-e-type=\"widget\" data-widget_type=\"heading.default\">\n\t\t\t\t\t<div class=\"elementor-heading-title elementor-size-default\">Texternas tidsperiod<\/div>\t\t\t\t<\/div>\n\t\t\t\t<div class=\"elementor-element elementor-element-73997a0 elementor-widget elementor-widget-text-editor\" data-id=\"73997a0\" data-element_type=\"widget\" data-e-type=\"widget\" data-widget_type=\"text-editor.default\">\n\t\t\t\t\t\t\t\t\t<p>Koranisk grund, systematisk bearbetning inom klassisk <span class=\"iwg-fachbegriff\" tabindex=\"0\" data-tooltip=\"Vetenskaplig tolkning av religi\u00f6sa texter med filologiska, historiska och teologiska metoder.\">exegetik<\/span>, t\u00e4t n\u00e4rvaro i hadithlitteraturen. Modern <span class=\"iwg-fachbegriff\" data-tooltip=\"Den vetenskapliga l\u00e4ran om Gud och om en religions tro.\" tabindex=\"0\">teologi<\/span> och folktro f\u00f6r kategorin vidare.<\/p>\t\t\t\t\t\t\t\t<\/div>\n\t\t\t\t\t<\/div>\n\t\t\t\t<\/div>\n\t\t<div class=\"elementor-element elementor-element-d47b156 e-flex e-con-boxed e-con e-child\" data-id=\"d47b156\" data-element_type=\"container\" data-e-type=\"container\">\n\t\t\t\t\t<div class=\"e-con-inner\">\n\t\t\t\t<div class=\"elementor-element elementor-element-ff38c2b elementor-widget elementor-widget-heading\" data-id=\"ff38c2b\" data-element_type=\"widget\" data-e-type=\"widget\" data-widget_type=\"heading.default\">\n\t\t\t\t\t<div class=\"elementor-heading-title elementor-size-default\">Utbredningsomr\u00e5de<\/div>\t\t\t\t<\/div>\n\t\t\t\t<div class=\"elementor-element elementor-element-4e49fcc elementor-widget elementor-widget-text-editor\" data-id=\"4e49fcc\" data-element_type=\"widget\" data-e-type=\"widget\" data-widget_type=\"text-editor.default\">\n\t\t\t\t\t\t\t\t\t<p>Den islamiska v\u00e4rlden i sin helhet. F\u00f6rest\u00e4llningen om shayatin h\u00f6r till de universella kategorierna inom islamisk demonologi och \u00e4r mindre regionalt pr\u00e4glad \u00e4n andra enskilda v\u00e4sen.<\/p>\t\t\t\t\t\t\t\t<\/div>\n\t\t\t\t\t<\/div>\n\t\t\t\t<\/div>\n\t\t\t\t<\/div>\n\t\t<div class=\"elementor-element elementor-element-db03c39 e-con-full e-flex e-con e-child\" data-id=\"db03c39\" data-element_type=\"container\" data-e-type=\"container\">\n\t\t<div class=\"elementor-element elementor-element-229a87b e-flex e-con-boxed e-con e-child\" data-id=\"229a87b\" data-element_type=\"container\" data-e-type=\"container\">\n\t\t\t\t\t<div class=\"e-con-inner\">\n\t\t\t\t<div class=\"elementor-element elementor-element-1f471fc elementor-widget elementor-widget-heading\" data-id=\"1f471fc\" data-element_type=\"widget\" data-e-type=\"widget\" data-widget_type=\"heading.default\">\n\t\t\t\t\t<div class=\"elementor-heading-title elementor-size-default\">K\u00e4ll\u00e4ge<\/div>\t\t\t\t<\/div>\n\t\t\t\t<div class=\"elementor-element elementor-element-36b1201 elementor-widget elementor-widget-text-editor\" data-id=\"36b1201\" data-element_type=\"widget\" data-e-type=\"widget\" data-widget_type=\"text-editor.default\">\n\t\t\t\t\t\t\t\t\t<p>Koranen (otaliga st\u00e4llen), hadithsamlingar, klassisk tafsirlitteratur, etnografiska arbeten om modern vardagsreligion.<\/p>\t\t\t\t\t\t\t\t<\/div>\n\t\t\t\t\t<\/div>\n\t\t\t\t<\/div>\n\t\t\t\t<\/div>\n\t\t\t\t\t<\/div>\n\t\t\t\t<\/div>\n\t\t<div class=\"elementor-element elementor-element-3ae0637c e-flex e-con-boxed e-con e-parent\" data-id=\"3ae0637c\" data-element_type=\"container\" data-e-type=\"container\">\n\t\t\t\t\t<div class=\"e-con-inner\">\n\t\t\t\t<div class=\"elementor-element elementor-element-31d07739 elementor-widget elementor-widget-heading\" data-id=\"31d07739\" data-element_type=\"widget\" data-e-type=\"widget\" data-widget_type=\"heading.default\">\n\t\t\t\t\t<h2 class=\"elementor-heading-title elementor-size-default\">Namn<\/h2>\t\t\t\t<\/div>\n\t\t<div class=\"elementor-element elementor-element-b7642947 e-con-full e-flex e-con e-child\" data-id=\"b7642947\" data-element_type=\"container\" data-e-type=\"container\">\n\t\t\t\t<div class=\"elementor-element elementor-element-a086266 elementor-widget elementor-widget-text-editor\" data-id=\"a086266\" data-element_type=\"widget\" data-e-type=\"widget\" data-widget_type=\"text-editor.default\">\n\t\t\t\t\t\t\t\t\t<p><strong>Arabiska:<\/strong> <em>Shaytan<\/em> (singular), <em>Shayatin<\/em> (plural). Etymologiskt besl\u00e4ktat med hebreiska <em>satan<\/em>.<br>F\u00f6rh\u00e5llande till Iblis: Iblis \u00e4r shayatins ledare. I singular kan <em>Shaytan<\/em> syfta p\u00e5 Iblis sj\u00e4lv.<br>F\u00f6rh\u00e5llande till jinnerna: Shayatin \u00e4r en ondsint delm\u00e4ngd av jinnerna, inte alla jinner \u00e4r shayatin.<\/p><p>Terminologin \u00f6verlappar: P\u00e5 m\u00e5nga st\u00e4llen i Koranen anv\u00e4nds <em>Shaytan<\/em> och <em>Iblis<\/em> utbytbart. Det \u00e4r f\u00f6rst den senare <span class=\"iwg-fachbegriff\" data-tooltip=\"Den vetenskapliga l\u00e4ran om Gud och om en religions tro.\" tabindex=\"0\">teologin<\/span> som systematiskt g\u00f6r \u00e5tskillnaden, Iblis som egennamn, Shaytan som funktionsbegrepp.<\/p>\t\t\t\t\t\t\t\t<\/div>\n\t\t\t\t<\/div>\n\t\t\t\t\t<\/div>\n\t\t\t\t<\/div>\n\t\t<div class=\"elementor-element elementor-element-709a44a8 e-flex e-con-boxed e-con e-parent\" data-id=\"709a44a8\" data-element_type=\"container\" data-e-type=\"container\">\n\t\t\t\t\t<div class=\"e-con-inner\">\n\t\t\t\t<div class=\"elementor-element elementor-element-2f585873 elementor-widget elementor-widget-heading\" data-id=\"2f585873\" data-element_type=\"widget\" data-e-type=\"widget\" data-widget_type=\"heading.default\">\n\t\t\t\t\t<h2 class=\"elementor-heading-title elementor-size-default\">K\u00e4nnetecken<\/h2>\t\t\t\t<\/div>\n\t\t<div class=\"elementor-element elementor-element-70621c12 e-con-full e-flex e-con e-child\" data-id=\"70621c12\" data-element_type=\"container\" data-e-type=\"container\">\n\t\t\t\t<div class=\"elementor-element elementor-element-4296eb49 elementor-widget elementor-widget-text-editor\" data-id=\"4296eb49\" data-element_type=\"widget\" data-e-type=\"widget\" data-widget_type=\"text-editor.default\">\n\t\t\t\t\t\t\t\t\t<p><strong>Utseende<\/strong><\/p><p>Oftast osynliga som alla jinner. Folktraditionen beskriver dem som fula, eldiga, svarta. Teologiskt viktigt: deras verkan syns inte, utan finns i m\u00e4nniskans tankar och b\u00f6jelser.<\/p><p><strong>Beteende<\/strong><\/p><p>De viskar tankar till m\u00e4nniskan som leder bort fr\u00e5n den r\u00e4tta v\u00e4gen. Typiska m\u00f6nster: tvivel p\u00e5 tron, uppskjutande av b\u00f6nen, sexuell frestelse, vrede, avund, h\u00f6gmod, f\u00f6rtvivlan. De verkar s\u00e4rskilt i tillst\u00e5nd av ouppm\u00e4rksamhet och m\u00f6rker.<\/p><p><strong>Verkningsomr\u00e5de<\/strong><\/p><p>Alla m\u00e4nniskor, men mer riktat mot troende som \u00e4r starka i sin b\u00f6nepraktik. Nattetid, i ensamma tankar, vid livets v\u00e4ndpunkter.<\/p><p><strong>Mytologisk placering<\/strong><\/p><p>Ingen egen genealogi, de \u00e4r jinnerna som f\u00f6ljde Iblis. Deras gemenskap \u00e4r hierarkisk, med Iblis i toppen och d\u00e4refter specialiserade demoner f\u00f6r specifika uppgifter (den klassiska traditionen n\u00e4mner bland annat demoniska namn f\u00f6r orsakare av vissa synder).<\/p>\t\t\t\t\t\t\t\t<\/div>\n\t\t\t\t<\/div>\n\t\t\t\t\t<\/div>\n\t\t\t\t<\/div>\n\t\t<div class=\"elementor-element elementor-element-44e71476 e-flex e-con-boxed e-con e-parent\" data-id=\"44e71476\" data-element_type=\"container\" data-e-type=\"container\">\n\t\t\t\t\t<div class=\"e-con-inner\">\n\t\t\t\t<div class=\"elementor-element elementor-element-3c1fc3f0 elementor-widget elementor-widget-heading\" data-id=\"3c1fc3f0\" data-element_type=\"widget\" data-e-type=\"widget\" data-widget_type=\"heading.default\">\n\t\t\t\t\t<h2 class=\"elementor-heading-title elementor-size-default\">Profil: Shayatin<\/h2>\t\t\t\t<\/div>\n\t\t<div class=\"elementor-element elementor-element-84f33b8e e-con-full e-flex e-con e-child\" data-id=\"84f33b8e\" data-element_type=\"container\" data-e-type=\"container\">\n\t\t\t\t<div class=\"elementor-element elementor-element-hqkdc67p elementor-widget elementor-widget-text-editor\" data-id=\"hqkdc67p\" data-element_type=\"widget\" data-e-type=\"widget\" data-widget_type=\"text-editor.default\">\n\t\t\t\t\t\t\t\t\t<p>De viktigaste aspekterna av shayatin p\u00e5 en blick.<\/p>\t\t\t\t\t\t\t\t<\/div>\n\t\t\t\t<\/div>\n\t\t<div class=\"elementor-element elementor-element-pemmx7c5 e-con-full e-flex e-con e-child\" data-id=\"pemmx7c5\" data-element_type=\"container\" data-e-type=\"container\">\n\t\t<div class=\"elementor-element elementor-element-pemmx7c1 e-con-full e-flex e-con e-child\" data-id=\"pemmx7c1\" data-element_type=\"container\" data-e-type=\"container\">\n\t\t<div class=\"elementor-element elementor-element-qh9oavvu iwg-steckbrief-card e-flex e-con-boxed e-con e-child\" data-id=\"qh9oavvu\" data-element_type=\"container\" data-e-type=\"container\">\n\t\t\t\t\t<div class=\"e-con-inner\">\n\t\t\t\t<div class=\"elementor-element elementor-element-awzx8k2k elementor-widget elementor-widget-heading\" data-id=\"awzx8k2k\" data-element_type=\"widget\" data-e-type=\"widget\" data-widget_type=\"heading.default\">\n\t\t\t\t\t<div class=\"elementor-heading-title elementor-size-default\">Ursprung<\/div>\t\t\t\t<\/div>\n\t\t\t\t<div class=\"elementor-element elementor-element-x6rowhv0 elementor-widget elementor-widget-text-editor\" data-id=\"x6rowhv0\" data-element_type=\"widget\" data-e-type=\"widget\" data-widget_type=\"text-editor.default\">\n\t\t\t\t\t\t\t\t\t<p>Jinner som f\u00f6ljde Iblis. Ingen egen skapelselinje, de \u00e4r den ondsinta undergruppen av den allm\u00e4nna jinnskapelsen.<\/p>\t\t\t\t\t\t\t\t<\/div>\n\t\t\t\t\t<\/div>\n\t\t\t\t<\/div>\n\t\t<div class=\"elementor-element elementor-element-8e3o4kxs iwg-steckbrief-card e-flex e-con-boxed e-con e-child\" data-id=\"8e3o4kxs\" data-element_type=\"container\" data-e-type=\"container\">\n\t\t\t\t\t<div class=\"e-con-inner\">\n\t\t\t\t<div class=\"elementor-element elementor-element-08rkdgov elementor-widget elementor-widget-heading\" data-id=\"08rkdgov\" data-element_type=\"widget\" data-e-type=\"widget\" data-widget_type=\"heading.default\">\n\t\t\t\t\t<div class=\"elementor-heading-title elementor-size-default\">Verkningsobjekt<\/div>\t\t\t\t<\/div>\n\t\t\t\t<div class=\"elementor-element elementor-element-uwjelx8s elementor-widget elementor-widget-text-editor\" data-id=\"uwjelx8s\" data-element_type=\"widget\" data-e-type=\"widget\" data-widget_type=\"text-editor.default\">\n\t\t\t\t\t\t\t\t\t<p>Alla m\u00e4nniskor, s\u00e4rskilt i \u00f6gonblick av ouppm\u00e4rksamhet. Riktade angrepp mot troende muslimer f\u00f6r att hindra dem fr\u00e5n <span class=\"iwg-fachbegriff\" data-tooltip=\"M\u00e4nniskans spr\u00e5kliga v\u00e4ndning till en gudom.\" tabindex=\"0\">b\u00f6nen<\/span>.<\/p>\t\t\t\t\t\t\t\t<\/div>\n\t\t\t\t\t<\/div>\n\t\t\t\t<\/div>\n\t\t<div class=\"elementor-element elementor-element-jm2n74ec iwg-steckbrief-card e-flex e-con-boxed e-con e-child\" data-id=\"jm2n74ec\" data-element_type=\"container\" data-e-type=\"container\">\n\t\t\t\t\t<div class=\"e-con-inner\">\n\t\t\t\t<div class=\"elementor-element elementor-element-8vufse4c elementor-widget elementor-widget-heading\" data-id=\"8vufse4c\" data-element_type=\"widget\" data-e-type=\"widget\" data-widget_type=\"heading.default\">\n\t\t\t\t\t<div class=\"elementor-heading-title elementor-size-default\">Shayatins utseende<\/div>\t\t\t\t<\/div>\n\t\t\t\t<div class=\"elementor-element elementor-element-mwb9u015 elementor-widget elementor-widget-text-editor\" data-id=\"mwb9u015\" data-element_type=\"widget\" data-e-type=\"widget\" data-widget_type=\"text-editor.default\">\n\t\t\t\t\t\t\t\t\t<p>Osynliga. I folktraditioner beskrivs de som fula, eldiga, svarta. Deras verkan ligger i det inre, i tankar och b\u00f6jelser.<\/p>\t\t\t\t\t\t\t\t<\/div>\n\t\t\t\t\t<\/div>\n\t\t\t\t<\/div>\n\t\t\t\t<\/div>\n\t\t<div class=\"elementor-element elementor-element-pemmx7c2 e-con-full e-flex e-con e-child\" data-id=\"pemmx7c2\" data-element_type=\"container\" data-e-type=\"container\">\n\t\t<div class=\"elementor-element elementor-element-37ss2yr6 iwg-steckbrief-card e-flex e-con-boxed e-con e-child\" data-id=\"37ss2yr6\" data-element_type=\"container\" data-e-type=\"container\">\n\t\t\t\t\t<div class=\"e-con-inner\">\n\t\t\t\t<div class=\"elementor-element elementor-element-3v0wp3wx elementor-widget elementor-widget-heading\" data-id=\"3v0wp3wx\" data-element_type=\"widget\" data-e-type=\"widget\" data-widget_type=\"heading.default\">\n\t\t\t\t\t<div class=\"elementor-heading-title elementor-size-default\">Verkningsomr\u00e5de<\/div>\t\t\t\t<\/div>\n\t\t\t\t<div class=\"elementor-element elementor-element-w3247g2m elementor-widget elementor-widget-text-editor\" data-id=\"w3247g2m\" data-element_type=\"widget\" data-e-type=\"widget\" data-widget_type=\"text-editor.default\">\n\t\t\t\t\t\t\t\t\t<p>Waswasa, tyst viskning som v\u00e4cker tvivel, vrede, lust, apati. Inget v\u00e5ld, endast suggestion.<\/p>\t\t\t\t\t\t\t\t<\/div>\n\t\t\t\t\t<\/div>\n\t\t\t\t<\/div>\n\t\t<div class=\"elementor-element elementor-element-0qpjal9w iwg-steckbrief-card e-flex e-con-boxed e-con e-child\" data-id=\"0qpjal9w\" data-element_type=\"container\" data-e-type=\"container\">\n\t\t\t\t\t<div class=\"e-con-inner\">\n\t\t\t\t<div class=\"elementor-element elementor-element-6ndoih0o elementor-widget elementor-widget-heading\" data-id=\"6ndoih0o\" data-element_type=\"widget\" data-e-type=\"widget\" data-widget_type=\"heading.default\">\n\t\t\t\t\t<div class=\"elementor-heading-title elementor-size-default\">Skydd mot shayatin<\/div>\t\t\t\t<\/div>\n\t\t\t\t<div class=\"elementor-element elementor-element-6684tyh9 elementor-widget elementor-widget-text-editor\" data-id=\"6684tyh9\" data-element_type=\"widget\" data-e-type=\"widget\" data-widget_type=\"text-editor.default\">\n\t\t\t\t\t\t\t\t\t<p>Ta&#8217;awudh f\u00f6re varje handling, basmala, recitation av skyddssurorna, dhikr (\u00e5minnelse av Gud). N\u00e4r st\u00f6rande tankar dyker upp: uttala tyst f\u00f6r sig sj\u00e4lv \u201eA&#8217;udhu billahi minash-shaitanir-rajim&#8221;.<\/p>\t\t\t\t\t\t\t\t<\/div>\n\t\t\t\t\t<\/div>\n\t\t\t\t<\/div>\n\t\t<div class=\"elementor-element elementor-element-3lfi7x32 iwg-steckbrief-card e-flex e-con-boxed e-con e-child\" data-id=\"3lfi7x32\" data-element_type=\"container\" data-e-type=\"container\">\n\t\t\t\t\t<div class=\"e-con-inner\">\n\t\t\t\t<div class=\"elementor-element elementor-element-0kg99ga1 elementor-widget elementor-widget-heading\" data-id=\"0kg99ga1\" data-element_type=\"widget\" data-e-type=\"widget\" data-widget_type=\"heading.default\">\n\t\t\t\t\t<div class=\"elementor-heading-title elementor-size-default\">J\u00e4mf\u00f6rbart<\/div>\t\t\t\t<\/div>\n\t\t\t\t<div class=\"elementor-element elementor-element-n0fum6kp elementor-widget elementor-widget-text-editor\" data-id=\"n0fum6kp\" data-element_type=\"widget\" data-e-type=\"widget\" data-widget_type=\"text-editor.default\">\n\t\t\t\t\t\t\t\t\t<p>Kristna frestardemoner, <a href=\"https:\/\/iwell-guard.com\/sv\/shedim\/\">shedim<\/a> som allm\u00e4nna onda andar, buddhistiska Mara som f\u00f6rf\u00f6rare.<\/p>\t\t\t\t\t\t\t\t<\/div>\n\t\t\t\t\t<\/div>\n\t\t\t\t<\/div>\n\t\t\t\t<\/div>\n\t\t\t\t<\/div>\n\t\t\t\t\t<\/div>\n\t\t\t\t<\/div>\n\t\t<div class=\"elementor-element elementor-element-7533bc7a e-flex e-con-boxed e-con e-parent\" data-id=\"7533bc7a\" data-element_type=\"container\" data-e-type=\"container\">\n\t\t\t\t\t<div class=\"e-con-inner\">\n\t\t\t\t<div class=\"elementor-element elementor-element-2447d18d elementor-widget elementor-widget-heading\" data-id=\"2447d18d\" data-element_type=\"widget\" data-e-type=\"widget\" data-widget_type=\"heading.default\">\n\t\t\t\t\t<h2 class=\"elementor-heading-title elementor-size-default\">Avv\u00e4rjning i vardagen<\/h2>\t\t\t\t<\/div>\n\t\t<div class=\"elementor-element elementor-element-d5d0260c e-con-full e-flex e-con e-child\" data-id=\"d5d0260c\" data-element_type=\"container\" data-e-type=\"container\">\n\t\t\t\t<div class=\"elementor-element elementor-element-341be2ac elementor-widget elementor-widget-text-editor\" data-id=\"341be2ac\" data-element_type=\"widget\" data-e-type=\"widget\" data-widget_type=\"text-editor.default\">\n\t\t\t\t\t\t\t\t\t<p><strong>Ritualer till skydd<\/strong><\/p><p>Att s\u00f6ka skydd hos Allah \u00e4r grundpraktiken. Det sker formelm\u00e4ssigt genom Ta&#8217;awudh. B\u00f6nedisciplin (fem g\u00e5nger dagligen) och koranl\u00e4sning betraktas som de starkaste motmedlen. Vid ih\u00e5llande angrepp: ruqya, gemensam <span class=\"iwg-fachbegriff\" data-tooltip=\"M\u00e4nniskans spr\u00e5kliga v\u00e4ndning till en gudom.\" tabindex=\"0\">b\u00f6n<\/span> i mosk\u00e9n, religi\u00f6s r\u00e5dgivning.<\/p><p><strong>Besv\u00e4rjelser<\/strong><\/p><p>\u201eTronversen&#8221; (Ayat al-Kursi, sura 2:255) anses s\u00e4rskilt verksam mot shayatin. Enligt en k\u00e4nd hadith f\u00f6rdriver reciteringen f\u00f6re s\u00f6mnen shayatin till morgonen.<\/p><p><strong>Vardagsregler<\/strong><\/p><p>Basmala vid m\u00e5ltider, vid hemkomst, vid l\u00e4ggdags. Att inte g\u00e4spa med \u00f6ppen mun, inte vissla inomhus, inte sova i ruiner nattetid, traditionella vardagsregler som ska f\u00f6rhindra shayatins inflytande.<\/p>\t\t\t\t\t\t\t\t<\/div>\n\t\t\t\t<\/div>\n\t\t\t\t\t<\/div>\n\t\t\t\t<\/div>\n\t\t<div class=\"elementor-element elementor-element-5a584676 e-flex e-con-boxed e-con e-parent\" data-id=\"5a584676\" data-element_type=\"container\" data-e-type=\"container\">\n\t\t\t\t\t<div class=\"e-con-inner\">\n\t\t\t\t<div class=\"elementor-element elementor-element-6d0757bf elementor-widget elementor-widget-heading\" data-id=\"6d0757bf\" data-element_type=\"widget\" data-e-type=\"widget\" data-widget_type=\"heading.default\">\n\t\t\t\t\t<h2 class=\"elementor-heading-title elementor-size-default\">Paralleller<\/h2>\t\t\t\t<\/div>\n\t\t<div class=\"elementor-element elementor-element-60563f68 e-con-full e-flex e-con e-child\" data-id=\"60563f68\" data-element_type=\"container\" data-e-type=\"container\">\n\t\t\t\t<div class=\"elementor-element elementor-element-5a93fdd6 elementor-widget elementor-widget-text-editor\" data-id=\"5a93fdd6\" data-element_type=\"widget\" data-e-type=\"widget\" data-widget_type=\"text-editor.default\">\n\t\t\t\t\t\t\t\t\t<p><strong>Judisk-kristen bakgrund<\/strong><\/p><p>Begreppet \u00e4r etymologiskt besl\u00e4ktat med det hebreiska ordet <em>satan<\/em>. I kristen tradition motsvaras det av Nya testamentets &#8221;demoner&#8221;, med liknande funktion som frestare och inspirat\u00f6r till ont.<\/p><p><strong>Buddhism:<\/strong> Mara som personifierad frestare och hans h\u00e4rskaror uppvisar funktionella paralleller. I b\u00e5da traditionerna \u00e4r vapnet suggestionen, inte v\u00e5ldet, och motvapnet \u00e4r den koncentrerade b\u00f6nepraktiken respektive meditationspraktiken.<\/p><p><strong>Zoroastrisk<\/strong><\/p><p>Zoroastrismens <em>d\u0113w<\/em> \u00e4r likas\u00e5 onda v\u00e4sen som f\u00f6rleder m\u00e4nniskor till det onda. Strukturellt besl\u00e4ktade, men teologiskt f\u00f6rankrade i en dualistisk ram.<\/p>\t\t\t\t\t\t\t\t<\/div>\n\t\t\t\t<\/div>\n\t\t\t\t\t<\/div>\n\t\t\t\t<\/div>\n\t\t<div class=\"elementor-element elementor-element-cp2cd1893 e-flex e-con-boxed e-con e-parent\" data-id=\"cp2cd1893\" data-element_type=\"container\" data-e-type=\"container\">\n\t\t\t\t\t<div class=\"e-con-inner\">\n\t\t\t\t<div class=\"elementor-element elementor-element-cpb5d6e6c elementor-widget elementor-widget-heading\" data-id=\"cpb5d6e6c\" data-element_type=\"widget\" data-e-type=\"widget\" data-widget_type=\"heading.default\">\n\t\t\t\t\t<h2 class=\"elementor-heading-title elementor-size-default\">Schayatin i Koranen<\/h2>\t\t\t\t<\/div>\n\t\t<div class=\"elementor-element elementor-element-cp357a5e7 e-con-full e-flex e-con e-child\" data-id=\"cp357a5e7\" data-element_type=\"container\" data-e-type=\"container\">\n\t\t\t\t<div class=\"elementor-element elementor-element-cp79d1941 elementor-widget elementor-widget-text-editor\" data-id=\"cp79d1941\" data-element_type=\"widget\" data-e-type=\"widget\" data-widget_type=\"text-editor.default\">\n\t\t\t\t\t\t\t\t\t<p>Begreppet <em>schayatin<\/em> \u00e4r pluralformen av det arabiska ordet <em>schaitan<\/em> och betecknar inom islamiskt t\u00e4nkande satanerna eller de sataniska v\u00e4sendena. I Koranen f\u00f6rekommer ordet p\u00e5 m\u00e5nga st\u00e4llen, och dess anv\u00e4ndning \u00e4r mer m\u00e5ngfacetterad \u00e4n en enkel \u00f6vers\u00e4ttning till &#8221;dj\u00e4vlar&#8221; antyder.<\/p><p>I singular avser <em>asch-schaitan<\/em> oftast Iblis, det v\u00e4sen som enligt den koraniska ber\u00e4ttelsen v\u00e4grade att falla ner inf\u00f6r den nyskapade Adam och som d\u00e4refter f\u00f6rbannades. I plural betecknar dock <em>schayatin<\/em> en hel klass av v\u00e4sen som f\u00f6rleder, vilseleder och sprider split.<\/p><p>Koranen talar om <em>schayatin<\/em> bland <a href=\"https:\/\/iwell-guard.com\/sv\/jinn\/\">jinnerna<\/a> och till och med om <em>schayatin<\/em> bland m\u00e4nniskorna, vilket visar att begreppet mindre betecknar en biologisk art \u00e4n en funktion eller ett f\u00f6rh\u00e5llningss\u00e4tt: det f\u00f6rledande, det som avviker fr\u00e5n den r\u00e4tta ordningen.<\/p><p>En k\u00e4nd koranisk f\u00f6rest\u00e4llning kopplar <em>schayatin<\/em> till f\u00f6rs\u00f6ket att avlyssna himlens dolda kunskap. De stiger upp f\u00f6r att avlyssna de h\u00f6gre sf\u00e4rernas beslut, men jagas bort av stj\u00e4rnfall, som tolkas som utslungade projektiler.<\/p><p>Denna ber\u00e4ttelse tj\u00e4nade bland annat som f\u00f6rklaring till varf\u00f6r sp\u00e5m\u00e4n endast kan uppn\u00e5 fragmentarisk och op\u00e5litlig kunskap. Religionsvetenskapligt b\u00f6r noteras att Koranen inte utvecklar n\u00e5got systematiskt l\u00e4roverk om <em>schayatin<\/em>, utan introducerar dem i olika sammanhang som en motmakt till den r\u00e4tta v\u00e4gledningen.<\/p>\t\t\t\t\t\t\t\t<\/div>\n\t\t\t\t<\/div>\n\t\t\t\t\t<\/div>\n\t\t\t\t<\/div>\n\t\t<div class=\"elementor-element elementor-element-cpfcfcfd3 e-flex e-con-boxed e-con e-parent\" data-id=\"cpfcfcfd3\" data-element_type=\"container\" data-e-type=\"container\">\n\t\t\t\t\t<div class=\"e-con-inner\">\n\t\t\t\t<div class=\"elementor-element elementor-element-cp9adc5d1 elementor-widget elementor-widget-heading\" data-id=\"cp9adc5d1\" data-element_type=\"widget\" data-e-type=\"widget\" data-widget_type=\"heading.default\">\n\t\t\t\t\t<h2 class=\"elementor-heading-title elementor-size-default\">Schayatin och jinner: f\u00f6rh\u00e5llandet mellan andeklasserna<\/h2>\t\t\t\t<\/div>\n\t\t<div class=\"elementor-element elementor-element-cpfb6638e e-con-full e-flex e-con e-child\" data-id=\"cpfb6638e\" data-element_type=\"container\" data-e-type=\"container\">\n\t\t\t\t<div class=\"elementor-element elementor-element-cp4adfd44 elementor-widget elementor-widget-text-editor\" data-id=\"cp4adfd44\" data-element_type=\"widget\" data-e-type=\"widget\" data-widget_type=\"text-editor.default\">\n\t\t\t\t\t\t\t\t\t<p>En fr\u00e5ga som diskuterats flitigt inom den islamiska l\u00e4rdomen r\u00f6r f\u00f6rh\u00e5llandet mellan <em>schayatin<\/em> och jinnerna. B\u00e5da h\u00f6r till de osynliga v\u00e4sen som skapats av eld, men deras exakta f\u00f6rh\u00e5llande best\u00e4ms olika.<\/p><p>En vanlig uppfattning ser <em>schayatin<\/em> som de otrogna, illvilliga bland jinnerna. Medan jinnerna som art omfattar s\u00e5v\u00e4l troende som otrogna, s\u00e5v\u00e4l ofarliga som farliga f\u00f6retr\u00e4dare, \u00e4r <em>schayatin<\/em> enligt detta syns\u00e4tt de som v\u00e4nt sig till det onda.<\/p><p>Iblis sj\u00e4lv r\u00e4knas uttryckligen till jinnerna p\u00e5 ett koraniskt st\u00e4lle, vilket st\u00f6djer denna tolkning. Enligt denna uppfattning \u00e4r <em>schayatin<\/em> en moraliskt definierad undergrupp inom jinnerna.<\/p><p>En annan uppfattning, som ocks\u00e5 finns i traditionen, ser <em>schayatin<\/em> som Iblis avkomma, allts\u00e5 som en egen linje med egen h\u00e4rkomst. Ytterligare andra l\u00e4rde betonar den funktionella sidan och f\u00f6rst\u00e5r <em>schaitan<\/em> som var och en, jinn eller m\u00e4nniska, som ut\u00f6var f\u00f6rledarens roll.<\/p><p>Denna m\u00e5ngtydighet \u00e4r inte en brist i <span class=\"iwg-fachbegriff\" data-tooltip=\"Vidaref\u00f6randet av kunskap och ber\u00e4ttelser genom generationer.\" tabindex=\"0\">\u00f6verl\u00e4mningen<\/span>, utan ett uttryck f\u00f6r att Koranen och de tidiga k\u00e4llorna inte anv\u00e4nde begreppen strikt systematiskt.<\/p><p>Den senare l\u00e4rdomen, till exempel i koranexegetiken och i egna avhandlingar om andarnas v\u00e4rld, har sedan gjort olika f\u00f6rs\u00f6k till ordning. Forskningen om islamisk demonologi, bland annat arbetena om jinn-f\u00f6rest\u00e4llningen, har visat att dessa klassifikationer varierar beroende p\u00e5 region och skoltradition.<\/p>\t\t\t\t\t\t\t\t<\/div>\n\t\t\t\t<\/div>\n\t\t\t\t\t<\/div>\n\t\t\t\t<\/div>\n\t\t<div class=\"elementor-element elementor-element-cp2bd6742 e-flex e-con-boxed e-con e-parent\" data-id=\"cp2bd6742\" data-element_type=\"container\" data-e-type=\"container\">\n\t\t\t\t\t<div class=\"e-con-inner\">\n\t\t\t\t<div class=\"elementor-element elementor-element-cpeb097ec elementor-widget elementor-widget-heading\" data-id=\"cpeb097ec\" data-element_type=\"widget\" data-e-type=\"widget\" data-widget_type=\"heading.default\">\n\t\t\t\t\t<h2 class=\"elementor-heading-title elementor-size-default\">Avv\u00e4rjning av schayatin i det religi\u00f6sa vardagslivet<\/h2>\t\t\t\t<\/div>\n\t\t<div class=\"elementor-element elementor-element-cp246c37c e-con-full e-flex e-con e-child\" data-id=\"cp246c37c\" data-element_type=\"container\" data-e-type=\"container\">\n\t\t\t\t<div class=\"elementor-element elementor-element-cp730fb16 elementor-widget elementor-widget-text-editor\" data-id=\"cp730fb16\" data-element_type=\"widget\" data-e-type=\"widget\" data-widget_type=\"text-editor.default\">\n\t\t\t\t\t\t\t\t\t<p>Det islamiska vardagslivet k\u00e4nner till en rad v\u00e4letablerade medel f\u00f6r att skydda sig mot <em>schayatins<\/em> inflytande. Dessa \u00e4r inte av magisk natur utan f\u00f6rankrade i den religi\u00f6sa praktiken och betraktas av majoriteten av de l\u00e4rde som legitima.<\/p><p>Det centrala medlet \u00e4r <em>isti&#8217;adha<\/em>, skyddsformeln med vilken man s\u00f6ker Guds tillflykt fr\u00e5n den f\u00f6rbannade <em>schaitan<\/em>. Den uttalas bland annat f\u00f6re koranl\u00e4sning. Likas\u00e5 anses vissa suror och verser vara s\u00e4rskilt skyddande, framf\u00f6r allt de tv\u00e5 sista surorna i Koranen, k\u00e4nda som de skyddss\u00f6kande, samt den s\u00e5 kallade tronversen.<\/p><p>Den regelbundna <span class=\"iwg-fachbegriff\" data-tooltip=\"M\u00e4nniskans spr\u00e5kliga v\u00e4ndning till en gudom.\" tabindex=\"0\">b\u00f6nen<\/span>, ih\u00e5gkommandet av Gud och uttalandet av Hans namn f\u00f6re vardagliga handlingar anses vara ett verksamt skydd, eftersom <em>schayatin<\/em> enligt en spridd f\u00f6rest\u00e4llning inte har makt d\u00e4r Gud \u00e5minns.<\/p><p><span class=\"iwg-fachbegriff\" data-tooltip=\"Vidaref\u00f6randet av kunskap och ber\u00e4ttelser genom generationer.\" tabindex=\"0\">\u00d6verl\u00e4mningen<\/span> av profetens ord n\u00e4mner ett stort antal konkreta tillf\u00e4llen d\u00e5 <em>schayatin<\/em> ans\u00e5gs s\u00e4rskilt verksamma och d\u00e4r motsvarande skyddshandlingar rekommenderades, exempelvis n\u00e4r man betr\u00e4der vissa platser, g\u00e5r till s\u00e4ngs eller uppfostrar barn. Religionsvetenskapligt \u00e4r det anm\u00e4rkningsv\u00e4rt att denna avv\u00e4rjning genomg\u00e5ende siktar p\u00e5 v\u00e4ndningen till Gud, inte p\u00e5 en direkt kamp med andarna.<\/p><p><em>Schayatin<\/em> \u00e5kallas eller bek\u00e4mpas inte, utan man undandrar sig deras inflytande genom <span class=\"iwg-fachbegriff\" data-tooltip=\"Den levda religi\u00f6sa h\u00e5llningen och praktiken hos en m\u00e4nniska.\" tabindex=\"0\">gudsfruktan<\/span>. Detta skiljer den islamiska praktiken fr\u00e5n vissa folkliga avv\u00e4rjningstraditioner i andra kulturer, d\u00e4r den direkta hanteringen av det skadliga v\u00e4sendet st\u00e5r i f\u00f6rgrunden.<\/p><p>I den levda <span class=\"iwg-fachbegriff\" data-tooltip=\"Den i vardagen levda religiositeten, ofta vid sidan av den officiella l\u00e4ran.\" tabindex=\"0\">folkfromheten<\/span> i olika regioner har det dock \u00e4ven utvecklats <span class=\"iwg-fachbegriff\" data-tooltip=\"Ett f\u00f6rem\u00e5l som b\u00e4rs och tillskrivs en skyddande, olycksavv\u00e4rjande verkan.\" tabindex=\"0\">amulett<\/span>&#8211; och besv\u00e4rjelsepraktiker, vars f\u00f6rh\u00e5llande till den normativa l\u00e4ran \u00e4r omtvistat.<\/p>\t\t\t\t\t\t\t\t<\/div>\n\t\t\t\t<\/div>\n\t\t\t\t\t<\/div>\n\t\t\t\t<\/div>\n\t\t<div class=\"elementor-element elementor-element-36dd7469 e-flex e-con-boxed e-con e-parent\" data-id=\"36dd7469\" data-element_type=\"container\" data-e-type=\"container\">\n\t\t\t\t\t<div class=\"e-con-inner\">\n\t\t\t\t<div class=\"elementor-element elementor-element-13760ab4 elementor-widget elementor-widget-heading\" data-id=\"13760ab4\" data-element_type=\"widget\" data-e-type=\"widget\" data-widget_type=\"heading.default\">\n\t\t\t\t\t<h2 class=\"elementor-heading-title elementor-size-default\">Vidare l\u00e4nkar<\/h2>\t\t\t\t<\/div>\n\t\t<div class=\"elementor-element elementor-element-28c87796 e-con-full e-flex e-con e-child\" data-id=\"28c87796\" data-element_type=\"container\" data-e-type=\"container\">\n\t\t\t\t<div class=\"elementor-element elementor-element-5d6538df elementor-widget elementor-widget-text-editor\" data-id=\"5d6538df\" data-element_type=\"widget\" data-e-type=\"widget\" data-widget_type=\"text-editor.default\">\n\t\t\t\t\t\t\t\t\t<p>Rekommenderade interna l\u00e4nkar:<\/p><ul><li><a href=\"https:\/\/iwell-guard.com\/sv\/islam\/\">Islam<\/a><\/li><li><a href=\"https:\/\/iwell-guard.com\/sv\/iblis\/\">Iblis<\/a> (deras ledare), <a href=\"https:\/\/iwell-guard.com\/sv\/jinn\/\">Jinn<\/a>, <a href=\"https:\/\/iwell-guard.com\/sv\/ifrit\/\">Ifrit<\/a>, <a href=\"https:\/\/iwell-guard.com\/sv\/ghul\/\">Ghul<\/a><\/li><li><a href=\"https:\/\/iwell-guard.com\/sv\/shedim\/\">Shedim<\/a> (judisk parallell)<\/li><li>Waswasa och b\u00f6nepraxis<\/li><li>Ayat al-Kursi<\/li><\/ul>\t\t\t\t\t\t\t\t<\/div>\n\t\t\t\t<\/div>\n\t\t\t\t\t<\/div>\n\t\t\t\t<\/div>\n\t\t<div class=\"elementor-element elementor-element-grl4kl40 e-flex e-con-boxed e-con e-parent\" data-id=\"grl4kl40\" data-element_type=\"container\" data-e-type=\"container\">\n\t\t\t\t\t<div class=\"e-con-inner\">\n\t\t\t\t<div class=\"elementor-element elementor-element-bzsbfrmh elementor-widget elementor-widget-heading\" data-id=\"bzsbfrmh\" data-element_type=\"widget\" data-e-type=\"widget\" data-widget_type=\"heading.default\">\n\t\t\t\t\t<h2 class=\"elementor-heading-title elementor-size-default\">Forskningslitteratur<\/h2>\t\t\t\t<\/div>\n\t\t<div class=\"elementor-element elementor-element-2c13224a e-con-full e-flex e-con e-child\" data-id=\"2c13224a\" data-element_type=\"container\" data-e-type=\"container\">\n\t\t\t\t<div class=\"elementor-element elementor-element-0eymh9ub elementor-widget elementor-widget-text-editor\" data-id=\"0eymh9ub\" data-element_type=\"widget\" data-e-type=\"widget\" data-widget_type=\"text-editor.default\">\n\t\t\t\t\t\t\t\t\t<footer class=\"iwg-literatur\"><p>Ett urval centrala arbeten om Shayatin och islamisk demonologi:<\/p><ul><li><span data-nosnippet>Awn, Peter J.: <em>Satan&#8217;s Tragedy and Redemption<\/em>. Leiden 1983.<\/span><\/li><li><span data-nosnippet>N\u00fcnlist, Tobias: <em>D\u00e4monenglaube im Islam<\/em>. Berlin 2015.<\/span><\/li><li><span data-nosnippet>Padwick, Constance: <em>Muslim Devotions<\/em>. London 1961 (skyddsformler).<\/span><\/li><\/ul><div data-nosnippet=\"true\" class=\"iwg-litliste\"><\/div><\/footer>\n<p class=\"iwg-bib-more\"><span data-nosnippet>Fler standardverk i <a href=\"https:\/\/iwell-guard.com\/sv\/litteratur\/\">litteraturf\u00f6rteckningen<\/a>.<\/span><\/p>\t\t\t\t\t\t\t\t<\/div>\n\t\t\t\t<\/div>\n\t\t\t\t\t<\/div>\n\t\t\t\t<\/div>\n\t\t<div class=\"elementor-element elementor-element-iwgca-shayatin-sec e-flex e-con-boxed e-con e-parent\" data-id=\"iwgca-shayatin-sec\" data-element_type=\"container\" data-e-type=\"container\" id=\"iwg-ca-shayatin\">\n\t\t\t\t\t<div class=\"e-con-inner\">\n\t\t\t\t<div class=\"elementor-element elementor-element-iwgca-shayatin-te iwg-ca-textwrap elementor-widget elementor-widget-text-editor\" data-id=\"iwgca-shayatin-te\" data-element_type=\"widget\" data-e-type=\"widget\" data-widget_type=\"text-editor.default\">\n\t\t\t\t\t\t\t\t\t<div data-nosnippet=\"true\"><p class=\"iwg-ca-bridge\">Den skyddspraktik som beskrivs h\u00e4r \u00e4r en vetenskaplig tolkning av historiska traditioner. iWell Guard ansluter till denna kulturhistoriska linje av b\u00e4rbara skyddsobjekt och utg\u00f6r en samtida form av den. <a href=\"\/ueber-iwell-guard\/?utm_source=iwell-guard.com&#038;utm_medium=text-link&#038;utm_campaign=schadwesen-tradition\">Mer om iWell Guard \u2192<\/a><\/p><\/div>\t\t\t\t\t\t\t\t<\/div>\n\t\t\t\t\t<\/div>\n\t\t\t\t<\/div>\n\t\t\t\t<\/div>\n\t\t","protected":false},"excerpt":{"rendered":"","protected":false},"author":3,"featured_media":1686,"parent":0,"menu_order":0,"comment_status":"closed","ping_status":"closed","template":"elementor_header_footer","meta":{"_yoast_wpseo_focuskw":"Shayatin","_yoast_wpseo_title":"Shayatin - De onda jinnerna, viskarna och f\u00f6rf\u00f6rarna","_yoast_wpseo_metadesc":"Shayatin, en ondsint undergrupp av jinnerna enligt koranisk l\u00e4ra. Anh\u00e4ngare till Iblis, som flera g\u00e5nger i sura 26 n\u00e4mns som f\u00f6rf\u00f6rare av m\u00e4nniskor.","_yoast_wpseo_meta-robots-noindex":"","_yoast_wpseo_canonical":"","_angie_page":false,"gefaehrdungsstufe":"4","wesen_kultur":"islam","wesen_klasse":"daemonen","footnotes":""},"categories":[],"class_list":["post-136527","page","type-page","status-publish","has-post-thumbnail","hentry"],"yoast_head":"<!-- This site is optimized with the Yoast SEO Premium plugin v27.7 (Yoast SEO v28.3) - https:\/\/yoast.com\/product\/yoast-seo-premium-wordpress\/ -->\n<title>Shayatin - De onda jinnerna, viskarna och f\u00f6rf\u00f6rarna<\/title>\n<meta name=\"description\" content=\"Shayatin, en ondsint undergrupp av jinnerna enligt koranisk l\u00e4ra. Anh\u00e4ngare till Iblis, som flera g\u00e5nger i sura 26 n\u00e4mns som f\u00f6rf\u00f6rare av m\u00e4nniskor.\" \/>\n<meta name=\"robots\" content=\"index, follow, max-snippet:-1, max-image-preview:large, max-video-preview:-1\" \/>\n<link rel=\"canonical\" href=\"https:\/\/iwell-guard.com\/sv\/shayatin\/\" \/>\n<meta property=\"og:locale\" content=\"sv_SE\" \/>\n<meta property=\"og:type\" content=\"article\" \/>\n<meta property=\"og:title\" content=\"Shayatin\" \/>\n<meta property=\"og:description\" content=\"Shayatin, en ondsint undergrupp av jinnerna enligt koranisk l\u00e4ra. Anh\u00e4ngare till Iblis, som flera g\u00e5nger i sura 26 n\u00e4mns som f\u00f6rf\u00f6rare av m\u00e4nniskor.\" \/>\n<meta property=\"og:url\" content=\"https:\/\/iwell-guard.com\/sv\/shayatin\/\" \/>\n<meta property=\"og:site_name\" content=\"iWell Guard\" \/>\n<meta property=\"article:modified_time\" content=\"2026-09-03T01:05:09+00:00\" \/>\n<meta property=\"og:image\" content=\"https:\/\/iwell-guard.com\/wp-content\/uploads\/2026\/04\/daemonen_islam_shayatin.webp\" \/>\n\t<meta property=\"og:image:width\" content=\"1024\" \/>\n\t<meta property=\"og:image:height\" content=\"1536\" \/>\n\t<meta property=\"og:image:type\" content=\"image\/webp\" \/>\n<meta name=\"twitter:card\" content=\"summary_large_image\" \/>\n<script type=\"application\/ld+json\" class=\"yoast-schema-graph\">{\"@context\":\"https:\\\/\\\/schema.org\",\"@graph\":[{\"@type\":\"WebPage\",\"@id\":\"https:\\\/\\\/iwell-guard.com\\\/sv\\\/shayatin\\\/\",\"url\":\"https:\\\/\\\/iwell-guard.com\\\/sv\\\/shayatin\\\/\",\"name\":\"Shayatin - De onda jinnerna, viskarna och f\u00f6rf\u00f6rarna\",\"isPartOf\":{\"@id\":\"https:\\\/\\\/iwell-guard.com\\\/sv\\\/#website\"},\"primaryImageOfPage\":{\"@id\":\"https:\\\/\\\/iwell-guard.com\\\/sv\\\/shayatin\\\/#primaryimage\"},\"image\":{\"@id\":\"https:\\\/\\\/iwell-guard.com\\\/sv\\\/shayatin\\\/#primaryimage\"},\"thumbnailUrl\":\"https:\\\/\\\/iwell-guard.com\\\/wp-content\\\/uploads\\\/2026\\\/04\\\/daemonen_islam_shayatin.webp\",\"datePublished\":\"2026-09-03T00:07:48+00:00\",\"dateModified\":\"2026-09-03T01:05:09+00:00\",\"description\":\"Shayatin, en ondsint undergrupp av jinnerna enligt koranisk l\u00e4ra. Anh\u00e4ngare till Iblis, som flera g\u00e5nger i sura 26 n\u00e4mns som f\u00f6rf\u00f6rare av m\u00e4nniskor.\",\"breadcrumb\":{\"@id\":\"https:\\\/\\\/iwell-guard.com\\\/sv\\\/shayatin\\\/#breadcrumb\"},\"inLanguage\":\"sv-SE\",\"potentialAction\":[{\"@type\":\"ReadAction\",\"target\":[\"https:\\\/\\\/iwell-guard.com\\\/sv\\\/shayatin\\\/\"]}]},{\"@type\":\"ImageObject\",\"inLanguage\":\"sv-SE\",\"@id\":\"https:\\\/\\\/iwell-guard.com\\\/sv\\\/shayatin\\\/#primaryimage\",\"url\":\"https:\\\/\\\/iwell-guard.com\\\/wp-content\\\/uploads\\\/2026\\\/04\\\/daemonen_islam_shayatin.webp\",\"contentUrl\":\"https:\\\/\\\/iwell-guard.com\\\/wp-content\\\/uploads\\\/2026\\\/04\\\/daemonen_islam_shayatin.webp\",\"width\":1024,\"height\":1536,\"caption\":\"Demoner fr\u00e5n den islamiska traditionen.\"},{\"@type\":\"BreadcrumbList\",\"@id\":\"https:\\\/\\\/iwell-guard.com\\\/sv\\\/shayatin\\\/#breadcrumb\",\"itemListElement\":[{\"@type\":\"ListItem\",\"position\":1,\"name\":\"Start\",\"item\":\"https:\\\/\\\/iwell-guard.com\\\/sv\\\/?page_id=136483\"},{\"@type\":\"ListItem\",\"position\":2,\"name\":\"Shayatin\"}]},{\"@type\":\"WebSite\",\"@id\":\"https:\\\/\\\/iwell-guard.com\\\/sv\\\/#website\",\"url\":\"https:\\\/\\\/iwell-guard.com\\\/sv\\\/\",\"name\":\"iWell Guard\",\"description\":\"Schutz vor dunklen Einfl\u00fcssen\",\"publisher\":{\"@id\":\"https:\\\/\\\/iwell-guard.com\\\/sv\\\/#organization\"},\"potentialAction\":[{\"@type\":\"SearchAction\",\"target\":{\"@type\":\"EntryPoint\",\"urlTemplate\":\"https:\\\/\\\/iwell-guard.com\\\/sv\\\/?s={search_term_string}\"},\"query-input\":{\"@type\":\"PropertyValueSpecification\",\"valueRequired\":true,\"valueName\":\"search_term_string\"}}],\"inLanguage\":\"sv-SE\"},{\"@type\":\"Organization\",\"@id\":\"https:\\\/\\\/iwell-guard.com\\\/sv\\\/#organization\",\"name\":\"Ittermann electronic GmbH\",\"url\":\"https:\\\/\\\/iwell-guard.com\\\/sv\\\/\",\"logo\":{\"@type\":\"ImageObject\",\"inLanguage\":\"sv-SE\",\"@id\":\"https:\\\/\\\/iwell-guard.com\\\/sv\\\/#\\\/schema\\\/logo\\\/image\\\/\",\"url\":\"https:\\\/\\\/iwell-guard.com\\\/wp-content\\\/uploads\\\/2026\\\/05\\\/Ittermann-Logo-1182x237-1.png\",\"contentUrl\":\"https:\\\/\\\/iwell-guard.com\\\/wp-content\\\/uploads\\\/2026\\\/05\\\/Ittermann-Logo-1182x237-1.png\",\"width\":1182,\"height\":237,\"caption\":\"Ittermann electronic GmbH\"},\"image\":{\"@id\":\"https:\\\/\\\/iwell-guard.com\\\/sv\\\/#\\\/schema\\\/logo\\\/image\\\/\"},\"sameAs\":[\"https:\\\/\\\/pantip.com\\\/profile\\\/9367242\",\"https:\\\/\\\/micro.blog\\\/iwellguard\",\"https:\\\/\\\/www.diggerslist.com\\\/iwellguard\\\/about\",\"https:\\\/\\\/skitterphoto.com\\\/photographers\\\/2870314\\\/iwell-guard\",\"https:\\\/\\\/iwellguard.wordpress.com\\\/2026\\\/06\\\/06\\\/iwell-guard\\\/\",\"https:\\\/\\\/hub.docker.com\\\/u\\\/iwellguard\",\"https:\\\/\\\/www.pinterest.com\\\/iwellguard\\\/\",\"https:\\\/\\\/bit.ly\\\/m\\\/iwellguard\",\"https:\\\/\\\/entre-vos-mains.alsace.eu\\\/profiles\\\/iwellguard\\\/activity\",\"https:\\\/\\\/gravatar.com\\\/reallybeded8fd34\",\"https:\\\/\\\/naijamatta.com\\\/iwellguard\",\"https:\\\/\\\/www.goodreads.com\\\/iwellguard\",\"https:\\\/\\\/profile.hatena.ne.jp\\\/iwellguard\\\/\",\"https:\\\/\\\/experiment.com\\\/users\\\/iwellguard\",\"https:\\\/\\\/wakelet.com\\\/@iWellGuard82270\",\"https:\\\/\\\/www.chordie.com\\\/forum\\\/profile.php?id=2555664\",\"https:\\\/\\\/www.instapaper.com\\\/p\\\/17757966\",\"https:\\\/\\\/www.mapleprimes.com\\\/users\\\/iwellguard\",\"https:\\\/\\\/businesslistingplus.com\\\/profile\\\/iwell-guard\\\/\",\"https:\\\/\\\/telegra.ph\\\/iWell-Guard-06-06\",\"https:\\\/\\\/pbase.com\\\/iwellguard\\\/iwellguard\",\"https:\\\/\\\/b.hatena.ne.jp\\\/iwellguard\\\/20260607#bookmark-4788405196491818882\",\"https:\\\/\\\/fliphtml5.com\\\/home\\\/iwellguard\",\"https:\\\/\\\/anyflip.com\\\/homepage\\\/cmiwl#About\",\"https:\\\/\\\/transfur.com\\\/Users\\\/iwellguard\",\"http:\\\/\\\/delphi.larsbo.org\\\/user\\\/iwellguard\",\"https:\\\/\\\/jobs.lajobsportal.org\\\/profiles\\\/8380803-iwell-guard\",\"https:\\\/\\\/md.chaosdorf.de\\\/s\\\/jfbe5SBdJD\",\"https:\\\/\\\/www.lingvolive.com\\\/en-us\\\/profile\\\/9ecaeaca-ce11-4e51-9e71-01d55e2bff36\\\/translations\",\"https:\\\/\\\/www.fitday.com\\\/fitness\\\/forums\\\/members\\\/iwellguard.html\",\"https:\\\/\\\/www.mymeetbook.com\\\/iwellguard\",\"https:\\\/\\\/pxhere.com\\\/en\\\/photographer-me\\\/5040798\",\"https:\\\/\\\/disqus.com\\\/by\\\/iwellguard\\\/about\\\/\",\"https:\\\/\\\/pastelink.net\\\/hjwciqwq\",\"https:\\\/\\\/pubhtml5.com\\\/homepage\\\/scjhn\\\/\",\"https:\\\/\\\/www.bitchute.com\\\/channel\\\/2O2eOKzNqujT\",\"https:\\\/\\\/audiomack.com\\\/iwellguard\"]},{\"@type\":\"Article\",\"@id\":\"https:\\\/\\\/iwell-guard.com\\\/sv\\\/shayatin\\\/#article\",\"isPartOf\":{\"@id\":\"https:\\\/\\\/iwell-guard.com\\\/sv\\\/shayatin\\\/\"},\"author\":{\"name\":\"Ralf Ittermann\",\"@id\":\"https:\\\/\\\/iwell-guard.com\\\/sv\\\/#\\\/schema\\\/person\\\/ee2a27f1cac3406c7c6fb5820cb7349f\"},\"headline\":\"Shayatin\",\"datePublished\":\"2026-09-03T00:07:48+00:00\",\"dateModified\":\"2026-09-03T01:05:09+00:00\",\"mainEntityOfPage\":{\"@id\":\"https:\\\/\\\/iwell-guard.com\\\/sv\\\/shayatin\\\/\"},\"publisher\":{\"@id\":\"https:\\\/\\\/iwell-guard.com\\\/sv\\\/#organization\"},\"image\":{\"@id\":\"https:\\\/\\\/iwell-guard.com\\\/sv\\\/shayatin\\\/#primaryimage\"},\"thumbnailUrl\":\"https:\\\/\\\/iwell-guard.com\\\/wp-content\\\/uploads\\\/2026\\\/04\\\/daemonen_islam_shayatin.webp\",\"inLanguage\":\"sv-SE\",\"description\":\"Shayatin, en ondsint undergrupp av jinnerna enligt koranisk l\u00e4ra. Anh\u00e4ngare till Iblis, som flera g\u00e5nger i sura 26 n\u00e4mns som f\u00f6rf\u00f6rare av m\u00e4nniskor.\"}]}<\/script>\n<!-- \/ Yoast SEO Premium plugin. -->","yoast_head_json":{"title":"Shayatin - De onda jinnerna, viskarna och f\u00f6rf\u00f6rarna","description":"Shayatin, en ondsint undergrupp av jinnerna enligt koranisk l\u00e4ra. Anh\u00e4ngare till Iblis, som flera g\u00e5nger i sura 26 n\u00e4mns som f\u00f6rf\u00f6rare av m\u00e4nniskor.","robots":{"index":"index","follow":"follow","max-snippet":"max-snippet:-1","max-image-preview":"max-image-preview:large","max-video-preview":"max-video-preview:-1"},"canonical":"https:\/\/iwell-guard.com\/sv\/shayatin\/","og_locale":"sv_SE","og_type":"article","og_title":"Shayatin","og_description":"Shayatin, en ondsint undergrupp av jinnerna enligt koranisk l\u00e4ra. Anh\u00e4ngare till Iblis, som flera g\u00e5nger i sura 26 n\u00e4mns som f\u00f6rf\u00f6rare av m\u00e4nniskor.","og_url":"https:\/\/iwell-guard.com\/sv\/shayatin\/","og_site_name":"iWell Guard","article_modified_time":"2026-09-03T01:05:09+00:00","og_image":[{"width":1024,"height":1536,"url":"https:\/\/iwell-guard.com\/wp-content\/uploads\/2026\/04\/daemonen_islam_shayatin.webp","type":"image\/webp"}],"twitter_card":"summary_large_image","schema":{"@context":"https:\/\/schema.org","@graph":[{"@type":"Article","@id":"https:\/\/iwell-guard.com\/sv\/shayatin\/#article","isPartOf":{"@id":"https:\/\/iwell-guard.com\/sv\/shayatin\/"},"author":{"name":"Ralf Ittermann","@id":"https:\/\/iwell-guard.com\/sv\/#\/schema\/person\/ee2a27f1cac3406c7c6fb5820cb7349f"},"headline":"Shayatin","datePublished":"2026-09-03T00:07:48+00:00","dateModified":"2026-09-03T01:05:09+00:00","mainEntityOfPage":{"@id":"https:\/\/iwell-guard.com\/sv\/shayatin\/"},"publisher":{"@id":"https:\/\/iwell-guard.com\/sv\/#organization"},"image":{"@id":"https:\/\/iwell-guard.com\/sv\/shayatin\/#primaryimage"},"thumbnailUrl":"https:\/\/iwell-guard.com\/wp-content\/uploads\/2026\/04\/daemonen_islam_shayatin.webp","inLanguage":"sv-SE","description":"Shayatin, en ondsint undergrupp av jinnerna enligt koranisk l\u00e4ra. Anh\u00e4ngare till Iblis, som flera g\u00e5nger i sura 26 n\u00e4mns som f\u00f6rf\u00f6rare av m\u00e4nniskor."},{"@type":"WebPage","@id":"https:\/\/iwell-guard.com\/sv\/shayatin\/","url":"https:\/\/iwell-guard.com\/sv\/shayatin\/","name":"Shayatin - De onda jinnerna, viskarna och f\u00f6rf\u00f6rarna","isPartOf":{"@id":"https:\/\/iwell-guard.com\/sv\/#website"},"primaryImageOfPage":{"@id":"https:\/\/iwell-guard.com\/sv\/shayatin\/#primaryimage"},"image":{"@id":"https:\/\/iwell-guard.com\/sv\/shayatin\/#primaryimage"},"thumbnailUrl":"https:\/\/iwell-guard.com\/wp-content\/uploads\/2026\/04\/daemonen_islam_shayatin.webp","datePublished":"2026-09-03T00:07:48+00:00","dateModified":"2026-09-03T01:05:09+00:00","description":"Shayatin, en ondsint undergrupp av jinnerna enligt koranisk l\u00e4ra. Anh\u00e4ngare till Iblis, som flera g\u00e5nger i sura 26 n\u00e4mns som f\u00f6rf\u00f6rare av m\u00e4nniskor.","breadcrumb":{"@id":"https:\/\/iwell-guard.com\/sv\/shayatin\/#breadcrumb"},"inLanguage":"sv-SE","potentialAction":[{"@type":"ReadAction","target":["https:\/\/iwell-guard.com\/sv\/shayatin\/"]}]},{"@type":"ImageObject","inLanguage":"sv-SE","@id":"https:\/\/iwell-guard.com\/sv\/shayatin\/#primaryimage","url":"https:\/\/iwell-guard.com\/wp-content\/uploads\/2026\/04\/daemonen_islam_shayatin.webp","contentUrl":"https:\/\/iwell-guard.com\/wp-content\/uploads\/2026\/04\/daemonen_islam_shayatin.webp","width":1024,"height":1536,"caption":"Demoner fr\u00e5n den islamiska traditionen."},{"@type":"BreadcrumbList","@id":"https:\/\/iwell-guard.com\/sv\/shayatin\/#breadcrumb","itemListElement":[{"@type":"ListItem","position":1,"name":"Start","item":"https:\/\/iwell-guard.com\/sv\/?page_id=136483"},{"@type":"ListItem","position":2,"name":"Shayatin"}]},{"@type":"WebSite","@id":"https:\/\/iwell-guard.com\/sv\/#website","url":"https:\/\/iwell-guard.com\/sv\/","name":"iWell Guard","description":"Schutz vor dunklen Einfl\u00fcssen","publisher":{"@id":"https:\/\/iwell-guard.com\/sv\/#organization"},"potentialAction":[{"@type":"SearchAction","target":{"@type":"EntryPoint","urlTemplate":"https:\/\/iwell-guard.com\/sv\/?s={search_term_string}"},"query-input":{"@type":"PropertyValueSpecification","valueRequired":true,"valueName":"search_term_string"}}],"inLanguage":"sv-SE"},{"@type":"Organization","@id":"https:\/\/iwell-guard.com\/sv\/#organization","name":"Ittermann electronic GmbH","url":"https:\/\/iwell-guard.com\/sv\/","logo":{"@type":"ImageObject","inLanguage":"sv-SE","@id":"https:\/\/iwell-guard.com\/sv\/#\/schema\/logo\/image\/","url":"https:\/\/iwell-guard.com\/wp-content\/uploads\/2026\/05\/Ittermann-Logo-1182x237-1.png","contentUrl":"https:\/\/iwell-guard.com\/wp-content\/uploads\/2026\/05\/Ittermann-Logo-1182x237-1.png","width":1182,"height":237,"caption":"Ittermann electronic GmbH"},"image":{"@id":"https:\/\/iwell-guard.com\/sv\/#\/schema\/logo\/image\/"},"sameAs":["https:\/\/pantip.com\/profile\/9367242","https:\/\/micro.blog\/iwellguard","https:\/\/www.diggerslist.com\/iwellguard\/about","https:\/\/skitterphoto.com\/photographers\/2870314\/iwell-guard","https:\/\/iwellguard.wordpress.com\/2026\/06\/06\/iwell-guard\/","https:\/\/hub.docker.com\/u\/iwellguard","https:\/\/www.pinterest.com\/iwellguard\/","https:\/\/bit.ly\/m\/iwellguard","https:\/\/entre-vos-mains.alsace.eu\/profiles\/iwellguard\/activity","https:\/\/gravatar.com\/reallybeded8fd34","https:\/\/naijamatta.com\/iwellguard","https:\/\/www.goodreads.com\/iwellguard","https:\/\/profile.hatena.ne.jp\/iwellguard\/","https:\/\/experiment.com\/users\/iwellguard","https:\/\/wakelet.com\/@iWellGuard82270","https:\/\/www.chordie.com\/forum\/profile.php?id=2555664","https:\/\/www.instapaper.com\/p\/17757966","https:\/\/www.mapleprimes.com\/users\/iwellguard","https:\/\/businesslistingplus.com\/profile\/iwell-guard\/","https:\/\/telegra.ph\/iWell-Guard-06-06","https:\/\/pbase.com\/iwellguard\/iwellguard","https:\/\/b.hatena.ne.jp\/iwellguard\/20260607#bookmark-4788405196491818882","https:\/\/fliphtml5.com\/home\/iwellguard","https:\/\/anyflip.com\/homepage\/cmiwl#About","https:\/\/transfur.com\/Users\/iwellguard","http:\/\/delphi.larsbo.org\/user\/iwellguard","https:\/\/jobs.lajobsportal.org\/profiles\/8380803-iwell-guard","https:\/\/md.chaosdorf.de\/s\/jfbe5SBdJD","https:\/\/www.lingvolive.com\/en-us\/profile\/9ecaeaca-ce11-4e51-9e71-01d55e2bff36\/translations","https:\/\/www.fitday.com\/fitness\/forums\/members\/iwellguard.html","https:\/\/www.mymeetbook.com\/iwellguard","https:\/\/pxhere.com\/en\/photographer-me\/5040798","https:\/\/disqus.com\/by\/iwellguard\/about\/","https:\/\/pastelink.net\/hjwciqwq","https:\/\/pubhtml5.com\/homepage\/scjhn\/","https:\/\/www.bitchute.com\/channel\/2O2eOKzNqujT","https:\/\/audiomack.com\/iwellguard"]},{"@type":"Person","@id":"https:\/\/iwell-guard.com\/sv\/#\/schema\/person\/ee2a27f1cac3406c7c6fb5820cb7349f","name":"Ralf Ittermann","image":{"@type":"ImageObject","inLanguage":"sv-SE","@id":"https:\/\/secure.gravatar.com\/avatar\/073c0153e350a5005b68eb752b445fea71f6b24a26da9449ad7e155e6b446c9d?s=96&d=mm&r=g","url":"https:\/\/secure.gravatar.com\/avatar\/073c0153e350a5005b68eb752b445fea71f6b24a26da9449ad7e155e6b446c9d?s=96&d=mm&r=g","contentUrl":"https:\/\/secure.gravatar.com\/avatar\/073c0153e350a5005b68eb752b445fea71f6b24a26da9449ad7e155e6b446c9d?s=96&d=mm&r=g","caption":"Ralf Ittermann"},"givenName":"Ralf","familyName":"Ittermann","jobTitle":"Gesch\u00e4ftsf\u00fchrer und redaktioneller Verantwortlicher","url":"https:\/\/iwell-guard.com\/sv\/author\/claude\/","description":"Ralf Ittermann ist Gesch\u00e4ftsf\u00fchrer der Ittermann electronic GmbH und redaktioneller Verantwortlicher des iWell-Guard-Lexikons. Er verbindet langj\u00e4hrige Erfahrung in der Pr\u00e4zisionsfertigung mit medialer Praxis und religionsgeschichtlicher Quellenarbeit.","worksFor":{"@type":"Organization","name":"Ittermann electronic GmbH","url":"https:\/\/ittermann.de\/","address":{"@type":"PostalAddress","streetAddress":"K\u00f6hlergasse 16-18","postalCode":"99842","addressLocality":"Ruhla","addressCountry":"DE"}},"knowsAbout":["Religionsgeschichte","Mythologie","Mediale Praxis","Energetische Diagnostik","Schutzpraxis","Volksglauben","Westliche Esoterik"]},{"@type":"Article","@id":"https:\/\/iwell-guard.com\/sv\/shayatin\/#article","isPartOf":{"@id":"https:\/\/iwell-guard.com\/sv\/shayatin\/"},"author":{"name":"Ralf Ittermann","@id":"https:\/\/iwell-guard.com\/sv\/#\/schema\/person\/ee2a27f1cac3406c7c6fb5820cb7349f"},"headline":"Shayatin","datePublished":"2026-09-03T00:07:48+00:00","dateModified":"2026-09-03T01:05:09+00:00","mainEntityOfPage":{"@id":"https:\/\/iwell-guard.com\/sv\/shayatin\/"},"publisher":{"@id":"https:\/\/iwell-guard.com\/sv\/#organization"},"image":{"@id":"https:\/\/iwell-guard.com\/sv\/shayatin\/#primaryimage"},"thumbnailUrl":"https:\/\/iwell-guard.com\/wp-content\/uploads\/2026\/04\/daemonen_islam_shayatin.webp","inLanguage":"sv-SE","description":"Shayatin, en ondsint undergrupp av jinnerna enligt koranisk l\u00e4ra. Anh\u00e4ngare till Iblis, som flera g\u00e5nger i sura 26 n\u00e4mns som f\u00f6rf\u00f6rare av m\u00e4nniskor."}]}},"_links":{"self":[{"href":"https:\/\/iwell-guard.com\/sv\/wp-json\/wp\/v2\/pages\/136527","targetHints":{"allow":["GET"]}}],"collection":[{"href":"https:\/\/iwell-guard.com\/sv\/wp-json\/wp\/v2\/pages"}],"about":[{"href":"https:\/\/iwell-guard.com\/sv\/wp-json\/wp\/v2\/types\/page"}],"author":[{"embeddable":true,"href":"https:\/\/iwell-guard.com\/sv\/wp-json\/wp\/v2\/users\/3"}],"replies":[{"embeddable":true,"href":"https:\/\/iwell-guard.com\/sv\/wp-json\/wp\/v2\/comments?post=136527"}],"version-history":[{"count":0,"href":"https:\/\/iwell-guard.com\/sv\/wp-json\/wp\/v2\/pages\/136527\/revisions"}],"wp:featuredmedia":[{"embeddable":true,"href":"https:\/\/iwell-guard.com\/sv\/wp-json\/wp\/v2\/media\/1686"}],"wp:attachment":[{"href":"https:\/\/iwell-guard.com\/sv\/wp-json\/wp\/v2\/media?parent=136527"}],"wp:term":[{"taxonomy":"category","embeddable":true,"href":"https:\/\/iwell-guard.com\/sv\/wp-json\/wp\/v2\/categories?post=136527"}],"curies":[{"name":"wp","href":"https:\/\/api.w.org\/{rel}","templated":true}]}}