{"id":136525,"date":"2026-09-03T00:07:47","date_gmt":"2026-09-03T00:07:47","guid":{"rendered":"https:\/\/iwell-guard.com\/?page_id=136525"},"modified":"2026-09-03T01:05:05","modified_gmt":"2026-09-03T01:05:05","slug":"iblis","status":"publish","type":"page","link":"https:\/\/iwell-guard.com\/sv\/iblis\/","title":{"rendered":"Iblis"},"content":{"rendered":"\t\t<div data-elementor-type=\"wp-page\" data-elementor-id=\"136525\" class=\"elementor elementor-136525 elementor-1023\" data-elementor-post-type=\"page\">\n\t\t\t\t<div class=\"elementor-element elementor-element-10fdade e-flex e-con-boxed e-con e-parent\" data-id=\"10fdade\" data-element_type=\"container\" data-e-type=\"container\" data-settings=\"{&quot;background_background&quot;:&quot;classic&quot;}\">\n\t\t\t\t\t<div class=\"e-con-inner\">\n\t\t<div class=\"elementor-element elementor-element-herohlft0 e-flex e-con-boxed e-con e-child\" data-id=\"herohlft0\" data-element_type=\"container\" data-e-type=\"container\">\n\t\t\t\t\t<div class=\"e-con-inner\">\n\t\t<div class=\"elementor-element elementor-element-c3ceb64 e-con-full e-flex e-con e-child\" data-id=\"c3ceb64\" data-element_type=\"container\" data-e-type=\"container\">\n\t\t\t\t<div class=\"elementor-element elementor-element-96ae5e1 elementor-widget elementor-widget-heading\" data-id=\"96ae5e1\" data-element_type=\"widget\" data-e-type=\"widget\" data-widget_type=\"heading.default\">\n\t\t\t\t\t<h1 class=\"elementor-heading-title elementor-size-default\">Iblis, gud i den islamiska traditionen<\/h1>\t\t\t\t<\/div>\n\t\t\t\t<div class=\"elementor-element elementor-element-e45238a elementor-widget elementor-widget-text-editor\" data-id=\"e45238a\" data-element_type=\"widget\" data-e-type=\"widget\" data-widget_type=\"text-editor.default\">\n\t\t\t\t\t\t\t\t\t<p><strong>Den avvisande, islams motst\u00e5ndare.<\/strong><\/p>\n<h2 id=\"dif-iblis\">Iblis i ber\u00e4ttelsen om \u00e4nglafallet<\/h2>\n<p>Iblis \u00e4r i f\u00f6rsta hand <strong>\u00e4nglafallsgestalten<\/strong> i den islamiska traditionen. Sju suror (Q 2:34; 7:11-18; 15:28-43; 17:61-65; 18:50; 20:116-123; 38:71-85) ber\u00e4ttar samst\u00e4mmigt: Allah skapar <strong>Adam av lera<\/strong> och befaller alla \u00e4nglar samt Iblis att buga sig; Iblis v\u00e4grar med motiveringen att han \u00e4r skapad av <strong>eld<\/strong>, \u00e4dlare \u00e4n lera. Denna h\u00f6gmodssynd (<em>kibr<\/em>) leder till f\u00f6rbannelsen.<\/p><p>Iblis ber om uppskov till Domedagen och f\u00e5r det, som <strong>m\u00e4nsklighetens frestare<\/strong>. I denna funktion kallas han ocks\u00e5 <em>al-Schaitan<\/em> (&#8221;motst\u00e5ndaren&#8221;) eller <em>al-raj\u012bm<\/em> (&#8221;den stenade&#8221;).<\/p><p>Den <strong>sufiska tolkningen<\/strong> (Hallaj, \u02bfAttar) tolkar hans v\u00e4gran paradoxalt: av k\u00e4rlek till Allah ville han buga sig endast f\u00f6r Gud, denna tolkning \u00e4r k\u00e4ttersk i mainstream, men teologiskt utarbetad.<\/p>\n\t\t\t\t\t\t\t\t<\/div>\n\t\t\t\t<\/div>\n\t\t<div class=\"elementor-element elementor-element-klsbdg01 e-con-full e-flex e-con e-parent\" data-id=\"klsbdg01\" data-element_type=\"container\" data-e-type=\"container\">\n\t\t\t\t<div class=\"elementor-element elementor-element-klshtm01 elementor-widget elementor-widget-html\" data-id=\"klshtm01\" data-element_type=\"widget\" data-e-type=\"widget\" data-widget_type=\"html.default\">\n\t\t\t\t\t<div class=\"iwg-pill-row\"><span class=\"iwg-klasse-badge\" tabindex=\"0\" data-tooltip=\"Gud \/ Gudinna: Personifierad h\u00f6gsta makt i en kulturs pantheon, med tydliga ansvarsomr\u00e5den, naturkrafter, \u00f6de, krig, fruktbarhet. Dyrkas genom kulter, offer och tempelinstitutioner.\">Gud<\/span><a href=\"https:\/\/iwell-guard.com\/sv\/islam\/\" class=\"iwg-kultur-badge\" tabindex=\"0\" data-tooltip=\"Islamisk trosv\u00e4rld med \u00e4rke\u00e4nglar, jinner och religi\u00f6sa v\u00e4sen.\">Islam<\/a><a href=\"https:\/\/iwell-guard.com\/sv\/anti-gudar\/\" class=\"iwg-tradition-badge\" tabindex=\"0\" data-tooltip=\"Kaosmakter och kosmiska motst\u00e5ndare, motparter i religionshistorisk dualism.\">Anti-gud<\/a><\/div>\t\t\t\t<\/div>\n\t\t\t\t<\/div>\n\t\t<div class=\"elementor-element elementor-element-3f74855 e-con-full e-flex e-con e-child\" data-id=\"3f74855\" data-element_type=\"container\" data-e-type=\"container\">\n\t\t\t\t<div class=\"elementor-element elementor-element-1c30362 elementor-toc--minimized-on-tablet elementor-widget elementor-widget-table-of-contents\" data-id=\"1c30362\" data-element_type=\"widget\" data-e-type=\"widget\" data-settings=\"{&quot;exclude_headings_by_selector&quot;:[],&quot;no_headings_message&quot;:&quot;Inga rubriker hittades p\\u00e5 den h\\u00e4r sidan.&quot;,&quot;headings_by_tags&quot;:[&quot;h2&quot;,&quot;h3&quot;],&quot;marker_view&quot;:&quot;bullets&quot;,&quot;icon&quot;:{&quot;value&quot;:&quot;fas fa-circle&quot;,&quot;library&quot;:&quot;fa-solid&quot;,&quot;rendered_tag&quot;:&quot;&lt;svg class=\\&quot;e-font-icon-svg e-fas-circle\\&quot; viewBox=\\&quot;0 0 512 512\\&quot; xmlns=\\&quot;http:\\\/\\\/www.w3.org\\\/2000\\\/svg\\&quot;&gt;&lt;path d=\\&quot;M256 8C119 8 8 119 8 256s111 248 248 248 248-111 248-248S393 8 256 8z\\&quot;&gt;&lt;\\\/path&gt;&lt;\\\/svg&gt;&quot;},&quot;minimize_box&quot;:&quot;yes&quot;,&quot;minimized_on&quot;:&quot;tablet&quot;,&quot;hierarchical_view&quot;:&quot;yes&quot;,&quot;min_height&quot;:{&quot;unit&quot;:&quot;px&quot;,&quot;size&quot;:&quot;&quot;,&quot;sizes&quot;:[]},&quot;min_height_tablet&quot;:{&quot;unit&quot;:&quot;px&quot;,&quot;size&quot;:&quot;&quot;,&quot;sizes&quot;:[]},&quot;min_height_mobile&quot;:{&quot;unit&quot;:&quot;px&quot;,&quot;size&quot;:&quot;&quot;,&quot;sizes&quot;:[]}}\" data-widget_type=\"table-of-contents.default\">\n\t\t\t\t\t\t\t\t\t<div class=\"elementor-toc__header\">\n\t\t\t\t\t\t<h2 class=\"elementor-toc__header-title\">\n\t\t\t\tInneh\u00e5llsf\u00f6rteckning\t\t\t<\/h2>\n\t\t\t\t\t\t\t\t\t\t<div class=\"elementor-toc__toggle-button elementor-toc__toggle-button--expand\" role=\"button\" tabindex=\"0\" aria-controls=\"elementor-toc__1c30362\" aria-expanded=\"true\" aria-label=\"\u00d6ppna inneh\u00e5llsf\u00f6rteckning\"><svg aria-hidden=\"true\" class=\"e-font-icon-svg e-fas-chevron-down\" viewBox=\"0 0 448 512\" xmlns=\"http:\/\/www.w3.org\/2000\/svg\"><path d=\"M207.029 381.476L12.686 187.132c-9.373-9.373-9.373-24.569 0-33.941l22.667-22.667c9.357-9.357 24.522-9.375 33.901-.04L224 284.505l154.745-154.021c9.379-9.335 24.544-9.317 33.901.04l22.667 22.667c9.373 9.373 9.373 24.569 0 33.941L240.971 381.476c-9.373 9.372-24.569 9.372-33.942 0z\"><\/path><\/svg><\/div>\n\t\t\t\t<div class=\"elementor-toc__toggle-button elementor-toc__toggle-button--collapse\" role=\"button\" tabindex=\"0\" aria-controls=\"elementor-toc__1c30362\" aria-expanded=\"true\" aria-label=\"St\u00e4ng inneh\u00e5llsf\u00f6rteckning\"><svg aria-hidden=\"true\" class=\"e-font-icon-svg e-fas-chevron-up\" viewBox=\"0 0 448 512\" xmlns=\"http:\/\/www.w3.org\/2000\/svg\"><path d=\"M240.971 130.524l194.343 194.343c9.373 9.373 9.373 24.569 0 33.941l-22.667 22.667c-9.357 9.357-24.522 9.375-33.901.04L224 227.495 69.255 381.516c-9.379 9.335-24.544 9.317-33.901-.04l-22.667-22.667c-9.373-9.373-9.373-24.569 0-33.941L207.03 130.525c9.372-9.373 24.568-9.373 33.941-.001z\"><\/path><\/svg><\/div>\n\t\t\t\t\t<\/div>\n\t\t\t\t<div id=\"elementor-toc__1c30362\" class=\"elementor-toc__body\">\n\t\t\t<div class=\"elementor-toc__spinner-container\">\n\t\t\t\t<svg class=\"elementor-toc__spinner eicon-animation-spin e-font-icon-svg e-eicon-loading\" aria-hidden=\"true\" viewBox=\"0 0 1000 1000\" xmlns=\"http:\/\/www.w3.org\/2000\/svg\"><path d=\"M500 975V858C696 858 858 696 858 500S696 142 500 142 142 304 142 500H25C25 237 238 25 500 25S975 237 975 500 763 975 500 975Z\"><\/path><\/svg>\t\t\t<\/div>\n\t\t<\/div>\n\t\t\t\t\t\t<\/div>\n\t\t\t\t<\/div>\n\t\t\t\t\t<\/div>\n\t\t\t\t<\/div>\n\t\t<div class=\"elementor-element elementor-element-herorght0 e-con-full e-flex e-con e-child\" data-id=\"herorght0\" data-element_type=\"container\" data-e-type=\"container\">\n\t\t\t\t<div class=\"elementor-element elementor-element-heroimg00 iwg-hero-image elementor-widget elementor-widget-image\" data-id=\"heroimg00\" data-element_type=\"widget\" data-e-type=\"widget\" data-widget_type=\"image.default\">\n\t\t\t\t\t\t\t\t\t\t\t\t\t\t\t<img fetchpriority=\"high\" decoding=\"async\" width=\"683\" height=\"1024\" src=\"https:\/\/iwell-guard.com\/wp-content\/uploads\/2026\/04\/goetter_islam_iblis-683x1024.webp\" class=\"attachment-large size-large wp-image-136392\" alt=\"Iblis \u2013 gudar fr\u00e5n den islamiska traditionen, historiskt-illustrativ\" srcset=\"https:\/\/iwell-guard.com\/wp-content\/uploads\/2026\/04\/goetter_islam_iblis-683x1024.webp 683w, https:\/\/iwell-guard.com\/wp-content\/uploads\/2026\/04\/goetter_islam_iblis-200x300.webp 200w, https:\/\/iwell-guard.com\/wp-content\/uploads\/2026\/04\/goetter_islam_iblis-768x1152.webp 768w, https:\/\/iwell-guard.com\/wp-content\/uploads\/2026\/04\/goetter_islam_iblis.webp 1024w\" sizes=\"(max-width: 683px) 100vw, 683px\" \/>\t\t\t\t\t\t\t\t\t\t\t\t\t\t\t<\/div>\n\t\t\t\t<\/div>\n\t\t\t\t\t<\/div>\n\t\t\t\t<\/div>\n\t\t<div class=\"elementor-element elementor-element-32917199 e-flex e-con-boxed e-con e-parent\" data-id=\"32917199\" data-element_type=\"container\" data-e-type=\"container\">\n\t\t\t\t\t<div class=\"e-con-inner\">\n\t\t<div class=\"elementor-element elementor-element-26e916cb e-flex e-con-boxed e-con e-child\" data-id=\"26e916cb\" data-element_type=\"container\" data-e-type=\"container\">\n\t\t\t\t\t<div class=\"e-con-inner\">\n\t\t<div class=\"elementor-element elementor-element-253a40d4 e-flex e-con-boxed e-con e-child\" data-id=\"253a40d4\" data-element_type=\"container\" data-e-type=\"container\">\n\t\t\t\t\t<div class=\"e-con-inner\">\n\t\t\t\t<div class=\"elementor-element elementor-element-1200c304 elementor-widget elementor-widget-heading\" data-id=\"1200c304\" data-element_type=\"widget\" data-e-type=\"widget\" data-widget_type=\"heading.default\">\n\t\t\t\t\t<div class=\"elementor-heading-title elementor-size-default\">Iblis<\/div>\t\t\t\t<\/div>\n\t\t\t\t<div class=\"elementor-element elementor-element-11758e7f elementor-widget elementor-widget-text-editor\" data-id=\"11758e7f\" data-element_type=\"widget\" data-e-type=\"widget\" data-widget_type=\"text-editor.default\">\n\t\t\t\t\t\t\t\t\t<p>Iblis \u00e4r huvudmotst\u00e5ndaren i den islamiska traditionen. Hans nyckelscen, som ber\u00e4ttas p\u00e5 flera st\u00e4llen i Koranen (bland annat sura 2:34; 7:11, 18; 15:28, 35; 38:71, 85), \u00e4r v\u00e4gran att buga sig f\u00f6r Adam.<\/p><p>N\u00e4r Gud skapar m\u00e4nniskan av lera och befaller <span class=\"iwg-fachbegriff\" data-tooltip=\"I de abrahamitiska religionerna ett himmelskt s\u00e4ndebud fr\u00e5n Gud.\" tabindex=\"0\">\u00e4nglarna<\/span> att hylla honom, s\u00e4tter Iblis sig emot: han \u00e4r gjord av eld, Adam bara av lera. Denna enda v\u00e4gran g\u00f6r honom till ledare f\u00f6r Shayatin.<\/p><p>Strukturellt skiljer han sig fr\u00e5n Satan: enligt sura 18:50 \u00e4r Iblis inte en <span class=\"iwg-fachbegriff\" data-tooltip=\"I de abrahamitiska religionerna ett himmelskt s\u00e4ndebud fr\u00e5n Gud.\" tabindex=\"0\">\u00e4ngel<\/span>, utan en <span class=\"iwg-fachbegriff\" tabindex=\"0\" data-tooltip=\"I Koranen ett v\u00e4sen av r\u00f6kfri eld med fri vilja, varken \u00e4ngel eller demon, utan en egen skapelse med egen moral.\">jinn<\/span>, \u00e4nd\u00e5 stod han bland \u00e4nglarna, s\u00e5 stor var hans rang. Hans fall \u00e4r inte en maktkamp, utan olydnad. Hans verksamhet fram till Domedagen \u00e4r till\u00e5ten av Gud: han f\u00e5r fresta m\u00e4nniskan, men inte tvinga henne.<\/p><div><p><strong>Centrala koranska texter<\/strong><\/p><p>Iblis f\u00f6rekommer i Koranen i flera suror. Den centrala ber\u00e4ttelsen \u00e4r v\u00e4gran att buga sig f\u00f6r Adam: <em>Och n\u00e4r vi sade till \u00e4nglarna, &#8217;buga er f\u00f6r Adam&#8217;, bugade de sig, f\u00f6rutom Iblis<\/em> (sura 2:34; liknande 7:11, 12; 15:28, 32; 17:61; 18:50; 20:116; 38:71, 74).<\/p><p>Denna v\u00e4gran \u00e4r Koranens ursynd och etablerar Iblis som huvudmotst\u00e5ndare till m\u00e4nsklighetens fr\u00e4lsning.<\/p><p>I de \u00e5tf\u00f6ljande verserna utvecklar Iblis sin motivering: han \u00e4r skapad av r\u00f6kfri eld (<em>marij min nar<\/em>), Adam av lera; att buga sig f\u00f6r ett l\u00e4gre skapat v\u00e4sen \u00e4r f\u00f6r honom orimligt. Denna konstruktion i sura 38:76 g\u00f6r h\u00f6gmodet till den strukturella orsaken till fallet, parallellt med den kristet-luciferiska <em>superbia<\/em>-traditionen.<\/p><\/div>\t\t\t\t\t\t\t\t<\/div>\n\t\t\t\t\t<\/div>\n\t\t\t\t<\/div>\n\t\t<div class=\"elementor-element elementor-element-159dcf9a e-flex e-con-boxed e-con e-child\" data-id=\"159dcf9a\" data-element_type=\"container\" data-e-type=\"container\">\n\t\t\t\t\t<div class=\"e-con-inner\">\n\t\t\t\t<div class=\"elementor-element elementor-element-48cee66f elementor-widget elementor-widget-heading\" data-id=\"48cee66f\" data-element_type=\"widget\" data-e-type=\"widget\" data-widget_type=\"heading.default\">\n\t\t\t\t\t<h2 class=\"elementor-heading-title elementor-size-default\">Snabb\u00f6verblick: Iblis<\/h2>\t\t\t\t<\/div>\n\t\t\t\t<div class=\"elementor-element elementor-element-3f50d82c elementor-widget elementor-widget-text-editor\" data-id=\"3f50d82c\" data-element_type=\"widget\" data-e-type=\"widget\" data-widget_type=\"text-editor.default\">\n\t\t\t\t\t\t\t\t\t<p><strong>Typ:<\/strong> Motst\u00e5ndare, ledare f\u00f6r Shayatin<br>Ursprung: Jinn av r\u00f6kfri eld (sura 18:50)<br>Namn: Iblis, Azazil (f\u00f6rislamiskt), ash-Shaytan al-Rajim<br>Texter: Koranen (m\u00e5nga st\u00e4llen), hadith, qisas al-anbiya<br>Funktion: Frestare, l\u00e4rare i osanning, motst\u00e5ndare vid tidens slut<\/p>\t\t\t\t\t\t\t\t<\/div>\n\t\t\t\t\t<\/div>\n\t\t\t\t<\/div>\n\t\t\t\t\t<\/div>\n\t\t\t\t<\/div>\n\t\t\t\t\t<\/div>\n\t\t\t\t<\/div>\n\t\t<div class=\"elementor-element elementor-element-18613602 e-flex e-con-boxed e-con e-parent\" data-id=\"18613602\" data-element_type=\"container\" data-e-type=\"container\">\n\t\t\t\t\t<div class=\"e-con-inner\">\n\t\t\t\t<div class=\"elementor-element elementor-element-262b8a9f elementor-widget elementor-widget-heading\" data-id=\"262b8a9f\" data-element_type=\"widget\" data-e-type=\"widget\" data-widget_type=\"heading.default\">\n\t\t\t\t\t<h2 class=\"elementor-heading-title elementor-size-default\">Inordning<\/h2>\t\t\t\t<\/div>\n\t\t<div class=\"elementor-element elementor-element-46dcb7d e-con-full e-flex e-con e-child\" data-id=\"46dcb7d\" data-element_type=\"container\" data-e-type=\"container\">\n\t\t<div class=\"elementor-element elementor-element-61d3ab3 e-flex e-con-boxed e-con e-child\" data-id=\"61d3ab3\" data-element_type=\"container\" data-e-type=\"container\">\n\t\t\t\t\t<div class=\"e-con-inner\">\n\t\t\t\t<div class=\"elementor-element elementor-element-117c166 elementor-widget elementor-widget-heading\" data-id=\"117c166\" data-element_type=\"widget\" data-e-type=\"widget\" data-widget_type=\"heading.default\">\n\t\t\t\t\t<div class=\"elementor-heading-title elementor-size-default\">Texternas tidsperiod<\/div>\t\t\t\t<\/div>\n\t\t\t\t<div class=\"elementor-element elementor-element-73997a0 elementor-widget elementor-widget-text-editor\" data-id=\"73997a0\" data-element_type=\"widget\" data-e-type=\"widget\" data-widget_type=\"text-editor.default\">\n\t\t\t\t\t\t\t\t\t<p>Koransk grundl\u00e4ggning p\u00e5 600-talet e.Kr. Utvecklad mottagning i klassisk koranexegetik (tafsir), qisas al-anbiya (&#8221;profetber\u00e4ttelser&#8221;), sufisk litteratur (s\u00e4rskilt al-Hallaj, Ibn Arabi med egensinniga tolkningar). Modern mottagning inom islamisk <span class=\"iwg-fachbegriff\" data-tooltip=\"L\u00e4ran om Gud och om en religions tro.\" tabindex=\"0\">teologi<\/span> och <span class=\"iwg-fachbegriff\" data-tooltip=\"Den religiositet som levs i vardagen, ofta vid sidan av den officiella l\u00e4ran.\" tabindex=\"0\">folktro<\/span>.<\/p>\t\t\t\t\t\t\t\t<\/div>\n\t\t\t\t\t<\/div>\n\t\t\t\t<\/div>\n\t\t<div class=\"elementor-element elementor-element-d47b156 e-flex e-con-boxed e-con e-child\" data-id=\"d47b156\" data-element_type=\"container\" data-e-type=\"container\">\n\t\t\t\t\t<div class=\"e-con-inner\">\n\t\t\t\t<div class=\"elementor-element elementor-element-ff38c2b elementor-widget elementor-widget-heading\" data-id=\"ff38c2b\" data-element_type=\"widget\" data-e-type=\"widget\" data-widget_type=\"heading.default\">\n\t\t\t\t\t<div class=\"elementor-heading-title elementor-size-default\">Utbredningsomr\u00e5de<\/div>\t\t\t\t<\/div>\n\t\t\t\t<div class=\"elementor-element elementor-element-4e49fcc elementor-widget elementor-widget-text-editor\" data-id=\"4e49fcc\" data-element_type=\"widget\" data-e-type=\"widget\" data-widget_type=\"text-editor.default\">\n\t\t\t\t\t\t\t\t\t<p>Den islamiska v\u00e4rlden som helhet. Lokal <span class=\"iwg-fachbegriff\" data-tooltip=\"Den religiositet som levs i vardagen, ofta vid sidan av den officiella l\u00e4ran.\" tabindex=\"0\">folktro<\/span> f\u00f6rbinder Iblis-ber\u00e4ttelser med regionala demonmotiv, nordafrikanska, turkisk-centralasiatiska, sydostasiatiska.<\/p>\t\t\t\t\t\t\t\t<\/div>\n\t\t\t\t\t<\/div>\n\t\t\t\t<\/div>\n\t\t\t\t<\/div>\n\t\t<div class=\"elementor-element elementor-element-db03c39 e-con-full e-flex e-con e-child\" data-id=\"db03c39\" data-element_type=\"container\" data-e-type=\"container\">\n\t\t<div class=\"elementor-element elementor-element-229a87b e-flex e-con-boxed e-con e-child\" data-id=\"229a87b\" data-element_type=\"container\" data-e-type=\"container\">\n\t\t\t\t\t<div class=\"e-con-inner\">\n\t\t\t\t<div class=\"elementor-element elementor-element-1f471fc elementor-widget elementor-widget-heading\" data-id=\"1f471fc\" data-element_type=\"widget\" data-e-type=\"widget\" data-widget_type=\"heading.default\">\n\t\t\t\t\t<div class=\"elementor-heading-title elementor-size-default\">K\u00e4ll\u00e4ge<\/div>\t\t\t\t<\/div>\n\t\t\t\t<div class=\"elementor-element elementor-element-36b1201 elementor-widget elementor-widget-text-editor\" data-id=\"36b1201\" data-element_type=\"widget\" data-e-type=\"widget\" data-widget_type=\"text-editor.default\">\n\t\t\t\t\t\t\t\t\t<p>Koranen (sura 2, 7, 15, 17, 18, 20, 38 och fler), hadithsamlingar (Bukhari, Muslim), qisas al-anbiya (al-Kisa&#8217;i, al-Tha&#8217;labi), sufisk litteratur (al-Hallaj, Ibn Arabi, Rumi), moderna teologiska framst\u00e4llningar.<\/p>\t\t\t\t\t\t\t\t<\/div>\n\t\t\t\t\t<\/div>\n\t\t\t\t<\/div>\n\t\t\t\t<\/div>\n\t\t\t\t\t<\/div>\n\t\t\t\t<\/div>\n\t\t<div class=\"elementor-element elementor-element-3ae0637c e-flex e-con-boxed e-con e-parent\" data-id=\"3ae0637c\" data-element_type=\"container\" data-e-type=\"container\">\n\t\t\t\t\t<div class=\"e-con-inner\">\n\t\t\t\t<div class=\"elementor-element elementor-element-31d07739 elementor-widget elementor-widget-heading\" data-id=\"31d07739\" data-element_type=\"widget\" data-e-type=\"widget\" data-widget_type=\"heading.default\">\n\t\t\t\t\t<h2 class=\"elementor-heading-title elementor-size-default\">Beteckning och stavningar<\/h2>\t\t\t\t<\/div>\n\t\t<div class=\"elementor-element elementor-element-b7642947 e-con-full e-flex e-con e-child\" data-id=\"b7642947\" data-element_type=\"container\" data-e-type=\"container\">\n\t\t\t\t<div class=\"elementor-element elementor-element-a086266 elementor-widget elementor-widget-text-editor\" data-id=\"a086266\" data-element_type=\"widget\" data-e-type=\"widget\" data-widget_type=\"text-editor.default\">\n\t\t\t\t\t\t\t\t\t<p><strong>Arabiska:<\/strong> <em>Iblis<\/em>, troligen h\u00e4rlett fr\u00e5n grekiska <em>diabolos<\/em>.<br>F\u00f6rislamiskt\/apokalyptiskt: <em>Azazil<\/em> (i vissa traditioner Iblis&#8217; namn f\u00f6re fallet).<br>Tillnamn: <em>ash-Shaytan al-Rajim<\/em>, &#8221;den stenade dj\u00e4vulen&#8221;; <em>al-Khannas<\/em>, &#8221;den som drar sig tillbaka&#8221;; <em>&#8217;Aduw&#8217; Allah<\/em>, &#8221;Guds fiende&#8221;.<\/p><p>Etymologin fr\u00e5n <em>diabolos<\/em> markerar kontakten med den kristet-judiska traditionen f\u00f6re islam. Tillnamnen f\u00f6rdelar olika aspekter: hans uteslutning ur Guds n\u00e4rhet, hans flykt vid \u00e5kallan av Allah, hans fiendskap.<\/p>\t\t\t\t\t\t\t\t<\/div>\n\t\t\t\t<\/div>\n\t\t\t\t\t<\/div>\n\t\t\t\t<\/div>\n\t\t<div class=\"elementor-element elementor-element-709a44a8 e-flex e-con-boxed e-con e-parent\" data-id=\"709a44a8\" data-element_type=\"container\" data-e-type=\"container\">\n\t\t\t\t\t<div class=\"e-con-inner\">\n\t\t\t\t<div class=\"elementor-element elementor-element-2f585873 elementor-widget elementor-widget-heading\" data-id=\"2f585873\" data-element_type=\"widget\" data-e-type=\"widget\" data-widget_type=\"heading.default\">\n\t\t\t\t\t<h2 class=\"elementor-heading-title elementor-size-default\">V\u00e4sensdrag<\/h2>\t\t\t\t<\/div>\n\t\t<div class=\"elementor-element elementor-element-70621c12 e-con-full e-flex e-con e-child\" data-id=\"70621c12\" data-element_type=\"container\" data-e-type=\"container\">\n\t\t\t\t<div class=\"elementor-element elementor-element-4296eb49 elementor-widget elementor-widget-text-editor\" data-id=\"4296eb49\" data-element_type=\"widget\" data-e-type=\"widget\" data-widget_type=\"text-editor.default\">\n\t\t\t\t\t\t\t\t\t<p><strong>Utseende<\/strong><\/p><p>Koranen ger ingen bildbeskrivning. Sufi-litteraturen betonar hans eldiga v\u00e4sen. Folktraditionen visar honom skr\u00e4ckinjagande, hornad, eldig. Ingen <span class=\"iwg-fachbegriff\" tabindex=\"0\" data-tooltip=\"Tillh\u00f6rande en fastst\u00e4lld helig skriftkorpus inom en religion; icke-kanoniska texter r\u00e4knas som apokryfa.\">kanonisk<\/span>-bildlig islamisk tradition i egentlig mening.<\/p><p><strong>Beteende<\/strong><\/p><p>V\u00e4grar underkasta sig Adam. Ber Allah om uppskov till Domedagen f\u00f6r att f\u00f6rleda m\u00e4nskligheten. Allah beviljar det, och Iblis blir en pr\u00f6vosten, inte en kosmisk motmakt.<\/p><p><strong>Verkningsomr\u00e5de<\/strong><\/p><p>Hela m\u00e4nskligheten. Hans f\u00f6redragna redskap \u00e4r <em>waswasa<\/em> (ingivelse). Han verkar inte genom v\u00e5ld, utan genom att viska tvivel och falska tankar.<\/p><p><strong>Mytologisk placering<\/strong><\/p><p>Enligt sura 18:50 \u00e4r han en jinn, skapad av r\u00f6kfri eld. D\u00e4rigenom skiljer han sig v\u00e4sentligt fr\u00e5n den kristet-judiska &#8221;fallna <span class=\"iwg-fachbegriff\" data-tooltip=\"Inom de abrahamitiska religionerna ett himmelskt s\u00e4ndebud fr\u00e5n Gud.\" tabindex=\"0\">\u00e4ngeln<\/span>&#8221;. Sufiska tolkningar (s\u00e4rskilt al-Hallaj) l\u00e4ser Iblis&#8217; v\u00e4gran \u00e4ven som ett uttryck f\u00f6r den renaste tawhid-<span class=\"iwg-fachbegriff\" data-tooltip=\"Tron p\u00e5 en enda Gud.\" tabindex=\"0\">monoteismen<\/span>: han ville b\u00f6ja sig endast inf\u00f6r Gud, inte inf\u00f6r en skapad varelse.<\/p><div><p><strong>Sufi-traditionen och ambivalenta tolkningar<\/strong><\/p><p>Ett eget och religionshistoriskt fascinerande lager utg\u00f6r sufi-traditionen kring Iblis. Mansur al-Hallaj (d. 922) utvecklade i sin <em>Kitab al-Tawasin<\/em> en paradoxal tolkning: Iblis \u00e4r den sanna monoteisten, som genom sin v\u00e4gran bek\u00e4nner sig absolut till Gud, eftersom han inte b\u00f6jer sig f\u00f6r n\u00e5gon annan varelse.<\/p><p>Denna tolkning f\u00f6rkastades av den ortodoxa islamiska traditionen som <span class=\"iwg-fachbegriff\" tabindex=\"0\" data-tooltip=\"Inom kristen tradition en l\u00e4ra som avviker fr\u00e5n den ortodoxa positionen; belagd med sanktioner under antiken och medeltiden.\">heresi<\/span> och ledde till al-Hallajs avr\u00e4ttning, men den levde vidare inom sufi-traditionen. Farid ud-Din Attar (d. 1221) vidareutvecklade den i sin <em>Mantiq at-Tair<\/em>; Ibn Arabi (d. 1240) integrerade den i sin spekulativa <span class=\"iwg-fachbegriff\" tabindex=\"0\" data-tooltip=\"Esoterisk l\u00e4ra, grundad 1875 av Helena Petrovna Blavatsky; syntes av \u00f6sterl\u00e4ndsk visdom, spiritism och v\u00e4sterl\u00e4ndsk ockultism.\">teosofi<\/span>.<\/p><p><span data-nosnippet>Den samtida akademiska bearbetningen av denna tradition \u00e5terfinns i Peter J. Awn, <em>Satan&#8217;s Tragedy and Redemption. Iblis in Sufi Psychology<\/em> (Brill, Leiden 1983), och i <span class=\"iwg-fachbegriff\" tabindex=\"0\" data-tooltip=\"Tysk islamolog (1922\u20132003); huvudverk Mystische Dimensionen des Islam (1985).\">Annemarie Schimmel<\/span>, <em>Mystische Dimensionen des Islam<\/em> (Diederichs, K\u00f6ln 1985).<\/span><\/p><\/div>\t\t\t\t\t\t\t\t<\/div>\n\t\t\t\t<\/div>\n\t\t\t\t\t<\/div>\n\t\t\t\t<\/div>\n\t\t<div class=\"elementor-element elementor-element-44e71476 e-flex e-con-boxed e-con e-parent\" data-id=\"44e71476\" data-element_type=\"container\" data-e-type=\"container\">\n\t\t\t\t\t<div class=\"e-con-inner\">\n\t\t\t\t<div class=\"elementor-element elementor-element-3c1fc3f0 elementor-widget elementor-widget-heading\" data-id=\"3c1fc3f0\" data-element_type=\"widget\" data-e-type=\"widget\" data-widget_type=\"heading.default\">\n\t\t\t\t\t<h2 class=\"elementor-heading-title elementor-size-default\">Profil: Iblis<\/h2>\t\t\t\t<\/div>\n\t\t<div class=\"elementor-element elementor-element-84f33b8e e-con-full e-flex e-con e-child\" data-id=\"84f33b8e\" data-element_type=\"container\" data-e-type=\"container\">\n\t\t\t\t<div class=\"elementor-element elementor-element-hqkdc67p elementor-widget elementor-widget-text-editor\" data-id=\"hqkdc67p\" data-element_type=\"widget\" data-e-type=\"widget\" data-widget_type=\"text-editor.default\">\n\t\t\t\t\t\t\t\t\t<p>De viktigaste aspekterna av Iblis p\u00e5 ett \u00f6gonblick.<\/p>\t\t\t\t\t\t\t\t<\/div>\n\t\t\t\t<\/div>\n\t\t<div class=\"elementor-element elementor-element-pemmx7c5 e-con-full e-flex e-con e-child\" data-id=\"pemmx7c5\" data-element_type=\"container\" data-e-type=\"container\">\n\t\t<div class=\"elementor-element elementor-element-pemmx7c1 e-con-full e-flex e-con e-child\" data-id=\"pemmx7c1\" data-element_type=\"container\" data-e-type=\"container\">\n\t\t<div class=\"elementor-element elementor-element-qh9oavvu iwg-steckbrief-card e-flex e-con-boxed e-con e-child\" data-id=\"qh9oavvu\" data-element_type=\"container\" data-e-type=\"container\">\n\t\t\t\t\t<div class=\"e-con-inner\">\n\t\t\t\t<div class=\"elementor-element elementor-element-awzx8k2k elementor-widget elementor-widget-heading\" data-id=\"awzx8k2k\" data-element_type=\"widget\" data-e-type=\"widget\" data-widget_type=\"heading.default\">\n\t\t\t\t\t<div class=\"elementor-heading-title elementor-size-default\">Iblis ursprung<\/div>\t\t\t\t<\/div>\n\t\t\t\t<div class=\"elementor-element elementor-element-x6rowhv0 elementor-widget elementor-widget-text-editor\" data-id=\"x6rowhv0\" data-element_type=\"widget\" data-e-type=\"widget\" data-widget_type=\"text-editor.default\">\n\t\t\t\t\t\t\t\t\t<p>En jinn av r\u00f6kfri eld, med h\u00f6g position bland \u00e4nglarna. V\u00e4grade b\u00f6ja sig inf\u00f6r Adam och blev d\u00e4refter m\u00e4nsklighetens f\u00f6rledare.<\/p>\t\t\t\t\t\t\t\t<\/div>\n\t\t\t\t\t<\/div>\n\t\t\t\t<\/div>\n\t\t<div class=\"elementor-element elementor-element-8e3o4kxs iwg-steckbrief-card e-flex e-con-boxed e-con e-child\" data-id=\"8e3o4kxs\" data-element_type=\"container\" data-e-type=\"container\">\n\t\t\t\t\t<div class=\"e-con-inner\">\n\t\t\t\t<div class=\"elementor-element elementor-element-08rkdgov elementor-widget elementor-widget-heading\" data-id=\"08rkdgov\" data-element_type=\"widget\" data-e-type=\"widget\" data-widget_type=\"heading.default\">\n\t\t\t\t\t<div class=\"elementor-heading-title elementor-size-default\">Iblis m\u00e5lgrupp<\/div>\t\t\t\t<\/div>\n\t\t\t\t<div class=\"elementor-element elementor-element-uwjelx8s elementor-widget elementor-widget-text-editor\" data-id=\"uwjelx8s\" data-element_type=\"widget\" data-e-type=\"widget\" data-widget_type=\"text-editor.default\">\n\t\t\t\t\t\t\t\t\t<p>Hela m\u00e4nskligheten, s\u00e4rskilt de troende. Hans viskning (waswasa) syftar till tvivel, olydnad och h\u00f6gmod.<\/p>\t\t\t\t\t\t\t\t<\/div>\n\t\t\t\t\t<\/div>\n\t\t\t\t<\/div>\n\t\t<div class=\"elementor-element elementor-element-jm2n74ec iwg-steckbrief-card e-flex e-con-boxed e-con e-child\" data-id=\"jm2n74ec\" data-element_type=\"container\" data-e-type=\"container\">\n\t\t\t\t\t<div class=\"e-con-inner\">\n\t\t\t\t<div class=\"elementor-element elementor-element-8vufse4c elementor-widget elementor-widget-heading\" data-id=\"8vufse4c\" data-element_type=\"widget\" data-e-type=\"widget\" data-widget_type=\"heading.default\">\n\t\t\t\t\t<div class=\"elementor-heading-title elementor-size-default\">Iblis utseende<\/div>\t\t\t\t<\/div>\n\t\t\t\t<div class=\"elementor-element elementor-element-mwb9u015 elementor-widget elementor-widget-text-editor\" data-id=\"mwb9u015\" data-element_type=\"widget\" data-e-type=\"widget\" data-widget_type=\"text-editor.default\">\n\t\t\t\t\t\t\t\t\t<p>Ingen kanonisk <span class=\"iwg-fachbegriff\" data-tooltip=\"L\u00e4ran om bildinneh\u00e5ll och deras betydelse.\" tabindex=\"0\">ikonografi<\/span>. Sufi-traditionen betonar hans eldiga v\u00e4sen. Folkliga bildframst\u00e4llningar visar honom hornad och skr\u00e4ckinjagande.<\/p>\t\t\t\t\t\t\t\t<\/div>\n\t\t\t\t\t<\/div>\n\t\t\t\t<\/div>\n\t\t\t\t<\/div>\n\t\t<div class=\"elementor-element elementor-element-pemmx7c2 e-con-full e-flex e-con e-child\" data-id=\"pemmx7c2\" data-element_type=\"container\" data-e-type=\"container\">\n\t\t<div class=\"elementor-element elementor-element-37ss2yr6 iwg-steckbrief-card e-flex e-con-boxed e-con e-child\" data-id=\"37ss2yr6\" data-element_type=\"container\" data-e-type=\"container\">\n\t\t\t\t\t<div class=\"e-con-inner\">\n\t\t\t\t<div class=\"elementor-element elementor-element-3v0wp3wx elementor-widget elementor-widget-heading\" data-id=\"3v0wp3wx\" data-element_type=\"widget\" data-e-type=\"widget\" data-widget_type=\"heading.default\">\n\t\t\t\t\t<div class=\"elementor-heading-title elementor-size-default\">Iblis verkan<\/div>\t\t\t\t<\/div>\n\t\t\t\t<div class=\"elementor-element elementor-element-w3247g2m elementor-widget elementor-widget-text-editor\" data-id=\"w3247g2m\" data-element_type=\"widget\" data-e-type=\"widget\" data-widget_type=\"text-editor.default\">\n\t\t\t\t\t\t\t\t\t<p>F\u00f6rledning genom ingivelse, inte genom tv\u00e5ng. Hans verksamhet \u00e4r till\u00e5ten av Gud som en pr\u00f6vning, m\u00e4nniskan har valet.<\/p>\t\t\t\t\t\t\t\t<\/div>\n\t\t\t\t\t<\/div>\n\t\t\t\t<\/div>\n\t\t<div class=\"elementor-element elementor-element-0qpjal9w iwg-steckbrief-card e-flex e-con-boxed e-con e-child\" data-id=\"0qpjal9w\" data-element_type=\"container\" data-e-type=\"container\">\n\t\t\t\t\t<div class=\"e-con-inner\">\n\t\t\t\t<div class=\"elementor-element elementor-element-6ndoih0o elementor-widget elementor-widget-heading\" data-id=\"6ndoih0o\" data-element_type=\"widget\" data-e-type=\"widget\" data-widget_type=\"heading.default\">\n\t\t\t\t\t<div class=\"elementor-heading-title elementor-size-default\">Iblis avv\u00e4rjning<\/div>\t\t\t\t<\/div>\n\t\t\t\t<div class=\"elementor-element elementor-element-6684tyh9 elementor-widget elementor-widget-text-editor\" data-id=\"6684tyh9\" data-element_type=\"widget\" data-e-type=\"widget\" data-widget_type=\"text-editor.default\">\n\t\t\t\t\t\t\t\t\t<p>Ta&#8217;awudh-formeln (&#8221;Jag s\u00f6ker skydd hos Allah mot den stenade Satan&#8221;), Basmala, recitation av de tre skyddssurorna (Ikhlas, Falaq, Nas), Ruqya.<\/p>\t\t\t\t\t\t\t\t<\/div>\n\t\t\t\t\t<\/div>\n\t\t\t\t<\/div>\n\t\t<div class=\"elementor-element elementor-element-3lfi7x32 iwg-steckbrief-card e-flex e-con-boxed e-con e-child\" data-id=\"3lfi7x32\" data-element_type=\"container\" data-e-type=\"container\">\n\t\t\t\t\t<div class=\"e-con-inner\">\n\t\t\t\t<div class=\"elementor-element elementor-element-0kg99ga1 elementor-widget elementor-widget-heading\" data-id=\"0kg99ga1\" data-element_type=\"widget\" data-e-type=\"widget\" data-widget_type=\"heading.default\">\n\t\t\t\t\t<div class=\"elementor-heading-title elementor-size-default\">Iblis motsvarigheter<\/div>\t\t\t\t<\/div>\n\t\t\t\t<div class=\"elementor-element elementor-element-n0fum6kp elementor-widget elementor-widget-text-editor\" data-id=\"n0fum6kp\" data-element_type=\"widget\" data-e-type=\"widget\" data-widget_type=\"text-editor.default\">\n\t\t\t\t\t\t\t\t\t<p>Satan, Lucifer (kristen), <a href=\"https:\/\/iwell-guard.com\/sv\/azazel\/\">Azazel<\/a> (judisk), Ahriman (zoroastrisk), Mara (buddhistisk).<\/p>\t\t\t\t\t\t\t\t<\/div>\n\t\t\t\t\t<\/div>\n\t\t\t\t<\/div>\n\t\t\t\t<\/div>\n\t\t\t\t<\/div>\n\t\t\t\t\t<\/div>\n\t\t\t\t<\/div>\n\t\t<div class=\"elementor-element elementor-element-7533bc7a e-flex e-con-boxed e-con e-parent\" data-id=\"7533bc7a\" data-element_type=\"container\" data-e-type=\"container\">\n\t\t\t\t\t<div class=\"e-con-inner\">\n\t\t\t\t<div class=\"elementor-element elementor-element-2447d18d elementor-widget elementor-widget-heading\" data-id=\"2447d18d\" data-element_type=\"widget\" data-e-type=\"widget\" data-widget_type=\"heading.default\">\n\t\t\t\t\t<h2 class=\"elementor-heading-title elementor-size-default\">Avv\u00e4rjning och hantering<\/h2>\t\t\t\t<\/div>\n\t\t<div class=\"elementor-element elementor-element-d5d0260c e-con-full e-flex e-con e-child\" data-id=\"d5d0260c\" data-element_type=\"container\" data-e-type=\"container\">\n\t\t\t\t<div class=\"elementor-element elementor-element-341be2ac elementor-widget elementor-widget-text-editor\" data-id=\"341be2ac\" data-element_type=\"widget\" data-e-type=\"widget\" data-widget_type=\"text-editor.default\">\n\t\t\t\t\t\t\t\t\t<p><strong>Ritualer f\u00f6r avv\u00e4rjning<\/strong><\/p><p>Ta&#8217;awudh f\u00f6re <span class=\"iwg-fachbegriff\" data-tooltip=\"M\u00e4nniskans spr\u00e5kliga v\u00e4ndning till en gudom.\" tabindex=\"0\">b\u00f6n<\/span> och koranrecitation. Basmala f\u00f6re varje handling. Daglig recitation av de tre skyddssurorna och tronversen (Ayat al-Kursi). Ruqya vid misst\u00e4nkt p\u00e5verkan.<\/p><p><strong>Teologisk h\u00e5llning<\/strong><\/p><p>Iblis ska inte fruktas som en kosmisk motgud, han \u00e4r en skapad varelse, begr\u00e4nsad av Gud. Det viktigaste skyddet \u00e4r det medvetna guds\u00e5minnelsen (<em>dhikr<\/em>). Waswasa verkar endast vid oaktsamhet.<\/p><p><strong>Amuletter<\/strong><\/p><p>Koranverser i h\u00e4ngen (Hirz, Ta&#8217;widh), s\u00e4rskilt Ayat al-Kursi och de tre skyddssurorna. Hamsa-handen och den bl\u00e5 \u00f6gon-<span class=\"iwg-fachbegriff\" data-tooltip=\"Ett f\u00f6rem\u00e5l som tillskrivs en tur- eller framg\u00e5ngsbringande verkan.\" tabindex=\"0\">talismanen<\/span> (nazar) som folkreligi\u00f6st komplement, teologiskt omtvistat.<\/p>\t\t\t\t\t\t\t\t<\/div>\n\t\t\t\t<\/div>\n\t\t\t\t\t<\/div>\n\t\t\t\t<\/div>\n\t\t<div class=\"elementor-element elementor-element-5a584676 e-flex e-con-boxed e-con e-parent\" data-id=\"5a584676\" data-element_type=\"container\" data-e-type=\"container\">\n\t\t\t\t\t<div class=\"e-con-inner\">\n\t\t\t\t<div class=\"elementor-element elementor-element-6d0757bf elementor-widget elementor-widget-heading\" data-id=\"6d0757bf\" data-element_type=\"widget\" data-e-type=\"widget\" data-widget_type=\"heading.default\">\n\t\t\t\t\t<h2 class=\"elementor-heading-title elementor-size-default\">Motsvarigheter och sufisk tolkning<\/h2>\t\t\t\t<\/div>\n\t\t<div class=\"elementor-element elementor-element-60563f68 e-con-full e-flex e-con e-child\" data-id=\"60563f68\" data-element_type=\"container\" data-e-type=\"container\">\n\t\t\t\t<div class=\"elementor-element elementor-element-5a93fdd6 elementor-widget elementor-widget-text-editor\" data-id=\"5a93fdd6\" data-element_type=\"widget\" data-e-type=\"widget\" data-widget_type=\"text-editor.default\">\n\t\t\t\t\t\t\t\t\t<p><strong>Kristna-judiska paralleller:<\/strong> Satan och Azazel \u00e4r de n\u00e4rmaste paralleller. Skillnaden \u00e4r att Iblis \u00e4r en jinn, inte en fallen <span class=\"iwg-fachbegriff\" data-tooltip=\"I de abrahamitiska religionerna ett himmelskt s\u00e4ndebud fr\u00e5n Gud.\" tabindex=\"0\">\u00e4ngel<\/span>. Hans v\u00e4gran \u00e4r olydnad, inte maktanspr\u00e5k.<\/p><p><strong>Zoroastriskt:<\/strong> Ahriman som urmotst\u00e5ndare \u00e4r strukturellt annorlunda: en dualistisk motgud, inte en skapad varelse. \u00c4nd\u00e5 finns en motivm\u00e4ssig n\u00e4rhet genom den eldiga karakt\u00e4ren.<\/p><p><strong>Sufisk <span class=\"iwg-fachbegriff\" data-tooltip=\"Religi\u00f6s str\u00f6mning med fokus p\u00e5 omedelbar guderfarenhet.\" tabindex=\"0\">mystik<\/span>:<\/strong> al-Hallaj (900-talet) och Ibn Arabi tolkar Iblis v\u00e4gran paradoxalt: han ska ha v\u00e4grat falla ner inf\u00f6r Adam just av fullkomlig <span class=\"iwg-fachbegriff\" data-tooltip=\"Tron p\u00e5 en enda Gud.\" tabindex=\"0\">monoteism<\/span>. Den ortodoxa <span class=\"iwg-fachbegriff\" data-tooltip=\"Den vetenskapliga l\u00e4ran om Gud och en religions tro.\" tabindex=\"0\">teologin<\/span> avvisar denna tolkning, medan den mystiska litteraturen bevarar den.<\/p><div><p><strong>J\u00e4mf\u00f6rande position till Satan och Lucifer<\/strong><\/p><p>Iblis st\u00e5r i strukturell parallell till Satan och Lucifer i den judisk-kristna traditionen, men \u00e4r inte identisk med dem.<\/p><p>Tre skillnader \u00e4r religionshistoriskt avg\u00f6rande: F\u00f6r det f\u00f6rsta \u00e4r Iblis i Koranen inte entydigt en <span class=\"iwg-fachbegriff\" data-tooltip=\"I de abrahamitiska religionerna ett himmelskt s\u00e4ndebud fr\u00e5n Gud.\" tabindex=\"0\">\u00e4ngel<\/span> i strikt mening, utan en jinn som befunnit sig bland \u00e4nglarna (sura 18:50). F\u00f6r det andra \u00e4r Iblis inte en fallen f\u00f6rstf\u00f6dd som Lucifer, utan en varelse med egen klasstillh\u00f6righet (<em>jinn<\/em>).<\/p><p>F\u00f6r det tredje karakteriseras f\u00f6rf\u00f6relsen genom Iblis i Koranen uttryckligen som <em>waswasa<\/em> (ingivelse), det vill s\u00e4ga en icke-tvingande inflytelse som m\u00e4nniskan kan motst\u00e5.<\/p><p>Denna teologiska konstruktion avlastar det m\u00e4nskliga ansvaret mindre \u00e4n den paulinsk-augustinska synda-<span class=\"iwg-fachbegriff\" data-tooltip=\"Den vetenskapliga l\u00e4ran om Gud och en religions tro.\" tabindex=\"0\">teologin<\/span> och bevarar en starkare betoning p\u00e5 det fria valet (<em>ikhtiyar<\/em>). En utf\u00f6rlig behandling av den islamiska demonologin ges i avsnittet <a href=\"https:\/\/iwell-guard.com\/sv\/jinn\/\">\/jinn\/<\/a>.<\/p><\/div>\t\t\t\t\t\t\t\t<\/div>\n\t\t\t\t<\/div>\n\t\t\t\t\t<\/div>\n\t\t\t\t<\/div>\n\t\t<div class=\"elementor-element elementor-element-cpc3fab93 e-flex e-con-boxed e-con e-parent\" data-id=\"cpc3fab93\" data-element_type=\"container\" data-e-type=\"container\">\n\t\t\t\t\t<div class=\"e-con-inner\">\n\t\t\t\t<div class=\"elementor-element elementor-element-cp8e25925 elementor-widget elementor-widget-heading\" data-id=\"cp8e25925\" data-element_type=\"widget\" data-e-type=\"widget\" data-widget_type=\"heading.default\">\n\t\t\t\t\t<h2 class=\"elementor-heading-title elementor-size-default\">Ber\u00e4ttelsen om den v\u00e4grade nedfallningen i Koranen<\/h2>\t\t\t\t<\/div>\n\t\t<div class=\"elementor-element elementor-element-cp5fb623a e-con-full e-flex e-con e-child\" data-id=\"cp5fb623a\" data-element_type=\"container\" data-e-type=\"container\">\n\t\t\t\t<div class=\"elementor-element elementor-element-cpe68d8e4 elementor-widget elementor-widget-text-editor\" data-id=\"cpe68d8e4\" data-element_type=\"widget\" data-e-type=\"widget\" data-widget_type=\"text-editor.default\">\n\t\t\t\t\t\t\t\t\t<p>Den centrala koraniska utg\u00e5ngspunkten f\u00f6r Iblis \u00e4r ber\u00e4ttelsen om skapelsen av Adam och uppmaningen till <span class=\"iwg-fachbegriff\" data-tooltip=\"I de abrahamitiska religionerna en himmelsk budb\u00e4rarvarelse fr\u00e5n Gud.\" tabindex=\"0\">\u00e4nglarna<\/span> att falla ner inf\u00f6r honom.<\/p><p>Denna scen ber\u00e4ttas p\u00e5 flera st\u00e4llen i Koranen, bland annat i suror 2, 7, 15, 17, 18, 20 och 38. Gud skapar Adam och befaller \u00e4nglarna att falla ner inf\u00f6r honom. Alla lyder, endast Iblis v\u00e4grar.<\/p><p>Den motivering som Koranen l\u00e4gger i Iblis mun \u00e4r belysande. I sura 7 och sura 38 s\u00e4ger han att han \u00e4r b\u00e4ttre \u00e4n Adam, eftersom han \u00e4r skapad av eld medan Adam \u00e4r skapad av lera.<\/p><p>Iblis st\u00e4ller d\u00e4rmed en egen rangordning mot Guds befallning. Den islamiska <span class=\"iwg-fachbegriff\" data-tooltip=\"Den vetenskapliga l\u00e4ran om Gud och om en religions tro.\" tabindex=\"0\">teologin<\/span> har genom \u00e5rhundradena tolkat denna h\u00e5llning som h\u00f6gmodets ursynd, <em>kibr<\/em> eller <em>istikbar<\/em>. Iblis lyder inte, eftersom han s\u00e4tter sitt eget omd\u00f6me \u00f6ver Guds uttryckliga befallning.<\/p><p>Som f\u00f6ljd f\u00f6rdrivs Iblis fr\u00e5n Guds n\u00e4rhet och f\u00f6rbannas. Han ber dock om uppskov till uppst\u00e5ndelsens dag, och Gud beviljar det. Iblis meddelar d\u00e4refter att han ska f\u00f6rleda m\u00e4nniskorna fr\u00e5n den r\u00e4tta v\u00e4gen, med undantag f\u00f6r Guds uppriktiga tj\u00e4nare.<\/p><p>D\u00e4rmed fastst\u00e4lls i Koranen den roll som Iblis spelar fram till tidens slut: frestarens roll, han som bedrar m\u00e4nniskan men inte kan tvinga henne. Viktig \u00e4r den teologiska po\u00e4ngen att Iblis inte \u00e4r en motgud. Han handlar inom de gr\u00e4nser Gud till\u00e5tit, och hans uppskov \u00e4r i sig en gudomlig beviljning.<\/p>\t\t\t\t\t\t\t\t<\/div>\n\t\t\t\t<\/div>\n\t\t\t\t\t<\/div>\n\t\t\t\t<\/div>\n\t\t<div class=\"elementor-element elementor-element-cp6630484 e-flex e-con-boxed e-con e-parent\" data-id=\"cp6630484\" data-element_type=\"container\" data-e-type=\"container\">\n\t\t\t\t\t<div class=\"e-con-inner\">\n\t\t\t\t<div class=\"elementor-element elementor-element-cp9386f49 elementor-widget elementor-widget-heading\" data-id=\"cp9386f49\" data-element_type=\"widget\" data-e-type=\"widget\" data-widget_type=\"heading.default\">\n\t\t\t\t\t<h2 class=\"elementor-heading-title elementor-size-default\">\u00c4ngel eller djinn? En gammal teologisk debatt<\/h2>\t\t\t\t<\/div>\n\t\t<div class=\"elementor-element elementor-element-cp00bddc3 e-con-full e-flex e-con e-child\" data-id=\"cp00bddc3\" data-element_type=\"container\" data-e-type=\"container\">\n\t\t\t\t<div class=\"elementor-element elementor-element-cpa58846b elementor-widget elementor-widget-text-editor\" data-id=\"cpa58846b\" data-element_type=\"widget\" data-e-type=\"widget\" data-widget_type=\"text-editor.default\">\n\t\t\t\t\t\t\t\t\t<p>En av de \u00e4ldsta och mest intensivt f\u00f6rda debatterna inom islamisk <span class=\"iwg-fachbegriff\" data-tooltip=\"Den vetenskapliga l\u00e4ran om Gud och om en religions tro.\" tabindex=\"0\">teologi<\/span> r\u00f6r Iblis natur. Koranen kallar honom p\u00e5 ett st\u00e4lle, i sura 18 vers 50, uttryckligen en av jinnerna.<\/p><p>Andra st\u00e4llen ber\u00e4ttar dock om hans v\u00e4gran i samband med uppmaningen till <span class=\"iwg-fachbegriff\" data-tooltip=\"I de abrahamitiska religionerna ett himmelskt budb\u00e4rarv\u00e4sen fr\u00e5n Gud.\" tabindex=\"0\">\u00e4nglarna<\/span>, vilket v\u00e4cker fr\u00e5gan om han r\u00e4knades till \u00e4nglarna.<\/p><p>Ur denna skenbara mots\u00e4gelse utvecklade de l\u00e4rde olika l\u00f6sningar. En riktning argumenterade att Iblis hade varit en <span class=\"iwg-fachbegriff\" data-tooltip=\"I de abrahamitiska religionerna ett himmelskt budb\u00e4rarv\u00e4sen fr\u00e5n Gud.\" tabindex=\"0\">\u00e4ngel<\/span>, eftersom befallningen endast gavs till <span class=\"iwg-fachbegriff\" data-tooltip=\"I de abrahamitiska religionerna ett himmelskt budb\u00e4rarv\u00e4sen fr\u00e5n Gud.\" tabindex=\"0\">\u00e4nglarna<\/span>, och endast en mottagare av befallningen kunde bryta mot den. Iblis skulle d\u00e4rmed genom sin olydnad ha f\u00f6r\u00e4ndrat sin natur.<\/p><p>En annan, senare dominerande riktning ans\u00e5g honom vara en jinn som befann sig bland \u00e4nglarna eller hade uppn\u00e5tt deras rang, varf\u00f6r befallningen \u00e4ven omfattade honom.<\/p><p>Denna l\u00f6sning har f\u00f6rdelen att den bevarar det uttryckliga p\u00e5st\u00e5endet i sura 18 och samtidigt f\u00f6rklarar att Iblis, till skillnad fr\u00e5n de syndfria <span class=\"iwg-fachbegriff\" data-tooltip=\"I de abrahamitiska religionerna ett himmelskt budb\u00e4rarv\u00e4sen fr\u00e5n Gud.\" tabindex=\"0\">\u00e4nglarna<\/span>, kunde vara olydig och ha efterkommande, eftersom Koranen n\u00e4mner hans avkomma.<\/p><p>Bakom debatten st\u00e5r st\u00f6rre teologiska fr\u00e5gor. Om <span class=\"iwg-fachbegriff\" data-tooltip=\"I de abrahamitiska religionerna ett himmelskt budb\u00e4rarv\u00e4sen fr\u00e5n Gud.\" tabindex=\"0\">\u00e4nglar<\/span> i grunden inte kan vara olydiga, m\u00e5ste Iblis antingen vara ett undantag eller inte vara en <span class=\"iwg-fachbegriff\" data-tooltip=\"I de abrahamitiska religionerna ett himmelskt budb\u00e4rarv\u00e4sen fr\u00e5n Gud.\" tabindex=\"0\">\u00e4ngel<\/span>. Klarl\u00e4ggandet ber\u00f6r d\u00e4rmed l\u00e4ran om \u00e4nglarnas syndfrihet och fr\u00e5gan om viljans frihet.<\/p><p>Kommentarlitteraturen, till exempel hos at-Tabari, az-Zamachschari och ar-Razi, dokumenterar denna diskussion utf\u00f6rligt och anf\u00f6r olika \u00f6verl\u00e4mnade uppfattningar. N\u00e5gon helt enhetlig l\u00f6sning har inte etablerats, men klassificeringen som jinn dominerar i den senare traditionen. Se \u00e4ven <a href=\"https:\/\/iwell-guard.com\/sv\/jinn\/\">Dschinn<\/a> f\u00f6r mer om dessa v\u00e4sens natur.<\/p>\t\t\t\t\t\t\t\t<\/div>\n\t\t\t\t<\/div>\n\t\t\t\t\t<\/div>\n\t\t\t\t<\/div>\n\t\t<div class=\"elementor-element elementor-element-cpa44f227 e-flex e-con-boxed e-con e-parent\" data-id=\"cpa44f227\" data-element_type=\"container\" data-e-type=\"container\">\n\t\t\t\t\t<div class=\"e-con-inner\">\n\t\t\t\t<div class=\"elementor-element elementor-element-cp55be4bd elementor-widget elementor-widget-heading\" data-id=\"cp55be4bd\" data-element_type=\"widget\" data-e-type=\"widget\" data-widget_type=\"heading.default\">\n\t\t\t\t\t<h2 class=\"elementor-heading-title elementor-size-default\">Iblis och Schaitan: namn och begrepp<\/h2>\t\t\t\t<\/div>\n\t\t<div class=\"elementor-element elementor-element-cp9393169 e-con-full e-flex e-con e-child\" data-id=\"cp9393169\" data-element_type=\"container\" data-e-type=\"container\">\n\t\t\t\t<div class=\"elementor-element elementor-element-cpca292ef elementor-widget elementor-widget-text-editor\" data-id=\"cpca292ef\" data-element_type=\"widget\" data-e-type=\"widget\" data-widget_type=\"text-editor.default\">\n\t\t\t\t\t\t\t\t\t<p>P\u00e5 arabiska anv\u00e4nds tv\u00e5 begrepp som p\u00e5 tyska ofta b\u00e5da \u00e5terges med dj\u00e4vul eller Satan, men som har olika ursprung och bruk. <em>Iblis<\/em> \u00e4r i Koranen ett egennamn och betecknar den best\u00e4mda gestalt som inte f\u00f6ll ned inf\u00f6r Adam.<\/p><p><em>Schaitan<\/em> \u00e4r d\u00e4remot snarare ett funktionsbegrepp. Det kan beteckna Iblis, men anv\u00e4nds i Koranen \u00e4ven i pluralform <em>schayatin<\/em> och kan mer allm\u00e4nt syfta p\u00e5 en gudsfientlig, frestande makt, m\u00e4nsklig eller djinnisk.<\/p><p>Ursprunget till namnet Iblis \u00e4r spr\u00e5kligt sett omtvistat. En vanlig f\u00f6rklaring, som redan f\u00f6rts fram av muslimska l\u00e4rda, h\u00e4rleder det fr\u00e5n den arabiska roten <em>b-l-s<\/em>, som har att g\u00f6ra med f\u00f6rtvivlan och hoppl\u00f6shet.<\/p><p>Iblis skulle allts\u00e5 vara den som f\u00f6rtvivlar, eller m\u00e5ste f\u00f6rtvivla, \u00f6ver Guds barmh\u00e4rtighet. Dagens forskning anser d\u00e4remot en h\u00e4rledning fr\u00e5n det grekiska <em>diabolos<\/em>, f\u00f6rtalaren, mer sannolik, m\u00f6jligen f\u00f6rmedlad via det syriska spr\u00e5ket eller andra kristna traditionsv\u00e4gar i det f\u00f6rislamiska Arabien.<\/p><p><em>Schaitan<\/em> \u00e4r d\u00e4remot ett gammalt semitiskt ord, besl\u00e4ktat med det hebreiska <em>satan<\/em>, motst\u00e5ndare. De tv\u00e5 begreppen pekar allts\u00e5 p\u00e5 tv\u00e5 olika traditionslinjer som f\u00f6renas i Koranen.<\/p><p>Den exakta klarl\u00e4ggningen av dessa etymologier \u00e4r viktig f\u00f6r religionshistorien, eftersom den visar hur den islamiska f\u00f6rest\u00e4llningen om dj\u00e4vulen s\u00e4tts samman av \u00e4ldre judiska, kristna och arabiska element, utan att helt enkelt vara identisk med n\u00e5gon av dem. Iblis \u00e4r en egen koransk gestalt som tar upp \u00e4ldre motiv och ordnar dem p\u00e5 nytt.<\/p>\t\t\t\t\t\t\t\t<\/div>\n\t\t\t\t<\/div>\n\t\t\t\t\t<\/div>\n\t\t\t\t<\/div>\n\t\t<div class=\"elementor-element elementor-element-cpe37b786 e-flex e-con-boxed e-con e-parent\" data-id=\"cpe37b786\" data-element_type=\"container\" data-e-type=\"container\">\n\t\t\t\t\t<div class=\"e-con-inner\">\n\t\t\t\t<div class=\"elementor-element elementor-element-cpd8b5b57 elementor-widget elementor-widget-heading\" data-id=\"cpd8b5b57\" data-element_type=\"widget\" data-e-type=\"widget\" data-widget_type=\"heading.default\">\n\t\t\t\t\t<h2 class=\"elementor-heading-title elementor-size-default\">Iblis inom den islamiska mystiken<\/h2>\t\t\t\t<\/div>\n\t\t<div class=\"elementor-element elementor-element-cp5c3c139 e-con-full e-flex e-con e-child\" data-id=\"cp5c3c139\" data-element_type=\"container\" data-e-type=\"container\">\n\t\t\t\t<div class=\"elementor-element elementor-element-cp5c89634 elementor-widget elementor-widget-text-editor\" data-id=\"cp5c89634\" data-element_type=\"widget\" data-e-type=\"widget\" data-widget_type=\"text-editor.default\">\n\t\t\t\t\t\t\t\t\t<p>En s\u00e4rskild och f\u00f6r utomst\u00e5ende ofta \u00f6verraskande tolkning fick Iblis inom delar av den islamiska <span class=\"iwg-fachbegriff\" data-tooltip=\"Religi\u00f6s str\u00f6mning med tyngdpunkt p\u00e5 omedelbar guderfarenhet.\" tabindex=\"0\">mystiken<\/span>, sufismen. Medan majoriteten av traditionen entydigt f\u00f6rd\u00f6mer Iblis som en h\u00f6gmodig olydig, utvecklade enskilda mystiska t\u00e4nkare en mer nyanserad, i vissa versioner rentav paradoxal syn.<\/p><p>Den mest k\u00e4nde f\u00f6retr\u00e4daren \u00e4r al-Hallaj, som avr\u00e4ttades i b\u00f6rjan av 900-talet. I sitt verk <em>Kitab at-Tawasin<\/em> framst\u00e4ller han Iblis som en som just av k\u00e4rlek och ren <span class=\"iwg-fachbegriff\" data-tooltip=\"Tron p\u00e5 en enda Gud.\" tabindex=\"0\">monoteism<\/span> v\u00e4grade att falla ned inf\u00f6r n\u00e5gon annan \u00e4n Gud.<\/p><p>Enligt denna tolkning stod Iblis inf\u00f6r en ol\u00f6slig konflikt: Gud befallde honom att falla ned inf\u00f6r Adam, men Iblis ville falla ned endast inf\u00f6r Gud. Hans olydnad skulle allts\u00e5 vara ett uttryck f\u00f6r en extrem, om \u00e4n missriktad, trohet till Guds enhet.<\/p><p>\u00c4ven den senare persiske diktaren och mystikern Ahmad al-Ghazali, en bror till den mer k\u00e4nde teologen, f\u00f6rde fram liknande tankar och s\u00e5g i Iblis en l\u00e4rare i absolut h\u00e4ngivenhet.<\/p><p>Denna tolkning f\u00f6rblev en minoritetsposition och avvisades skarpt av den ortodoxa <span class=\"iwg-fachbegriff\" data-tooltip=\"Den vetenskapliga l\u00e4ran om Gud och om en religions tro.\" tabindex=\"0\">teologin<\/span>. Den \u00e4r likv\u00e4l religionshistoriskt betydelsefull, eftersom den visar att Iblis-ber\u00e4ttelsen inom den islamiska traditionen inte hade en enda, fastst\u00e4lld betydelse.<\/p><p>Majoritetsuppfattningen f\u00f6rblev alltid att Iblis satte sitt eget omd\u00f6me \u00f6ver den uttryckliga gudomliga befallningen och d\u00e4rmed f\u00f6rkroppsligar h\u00f6gmodets k\u00e4rna.<\/p><p>Den mystiska mottolkningen gjorde dock Iblis till en gestalt kring vilken grundl\u00e4ggande fr\u00e5gor om lydnad, k\u00e4rlek och f\u00f6rh\u00e5llandet mellan gudomlig vilja och gudomlig befallning f\u00f6rhandlades. Den unders\u00f6ktes senare noggrant av v\u00e4sterl\u00e4ndska orientalister, framf\u00f6r allt av Louis Massignon i hans Hallaj-forskning.<\/p>\t\t\t\t\t\t\t\t<\/div>\n\t\t\t\t<\/div>\n\t\t\t\t\t<\/div>\n\t\t\t\t<\/div>\n\t\t<div class=\"elementor-element elementor-element-cpf9199fe e-flex e-con-boxed e-con e-parent\" data-id=\"cpf9199fe\" data-element_type=\"container\" data-e-type=\"container\">\n\t\t\t\t\t<div class=\"e-con-inner\">\n\t\t\t\t<div class=\"elementor-element elementor-element-cp37696b3 elementor-widget elementor-widget-heading\" data-id=\"cp37696b3\" data-element_type=\"widget\" data-e-type=\"widget\" data-widget_type=\"heading.default\">\n\t\t\t\t\t<h2 class=\"elementor-heading-title elementor-size-default\">Iblis verkan och fr\u00e5gan om den fria viljan<\/h2>\t\t\t\t<\/div>\n\t\t<div class=\"elementor-element elementor-element-cp34c6267 e-con-full e-flex e-con e-child\" data-id=\"cp34c6267\" data-element_type=\"container\" data-e-type=\"container\">\n\t\t\t\t<div class=\"elementor-element elementor-element-cp9559d8a elementor-widget elementor-widget-text-editor\" data-id=\"cp9559d8a\" data-element_type=\"widget\" data-e-type=\"widget\" data-widget_type=\"text-editor.default\">\n\t\t\t\t\t\t\t\t\t<p>En teologiskt central fr\u00e5ga r\u00f6r vad Iblis egentligen kan g\u00f6ra. Koranen \u00e4r tydlig p\u00e5 denna punkt: Iblis viskar in, smyckar det onda som sk\u00f6nt, v\u00e4cker falska hopp och leder vilse, men han har ingen tvingande makt \u00f6ver m\u00e4nniskorna.<\/p><p>I sura 14 vers 22 l\u00e5ter Koranen honom sj\u00e4lv s\u00e4ga, p\u00e5 domens dag, att han bara kallade p\u00e5 m\u00e4nniskorna och att de f\u00f6ljde honom, och att de d\u00e4rf\u00f6r inte b\u00f6r klandra honom utan sig sj\u00e4lva. Ansvaret f\u00f6r synden ligger allts\u00e5 kvar hos m\u00e4nniskan.<\/p><p>Utifr\u00e5n detta uttalande drog teologerna slutsatsen att Iblis verksamhet inte upph\u00e4ver m\u00e4nniskans fria vilja. Iblis skapar en frestelse, men han tvingar ingenting. Denna l\u00e4ra var viktig f\u00f6r att bevara Guds r\u00e4ttvisa: om m\u00e4nniskan var hj\u00e4lpl\u00f6st utl\u00e4mnad \u00e5t Iblis skulle hon inte kunna h\u00e5llas ansvarig f\u00f6r sina handlingar.<\/p><p>De olika teologiska skolorna, till exempel mutaziliterna och asharyterna, v\u00e4gde f\u00f6rh\u00e5llandet mellan Guds allmakt och m\u00e4nniskans ansvar olika, men de h\u00f6ll alla fast vid att Iblis makt i grunden \u00e4r begr\u00e4nsad.<\/p><p>Praktiskt h\u00e4nger detta samman med l\u00e4ran om <em>waswasa<\/em>, ingivelserna. Fromhetstraditionen k\u00e4nner till m\u00e5nga anvisningar f\u00f6r hur den troende skyddar sig mot dessa ingivelser, till exempel genom att uttala skyddsformeln som ber Gud om bist\u00e5nd mot den f\u00f6rbannade Iblis, genom <span class=\"iwg-fachbegriff\" data-tooltip=\"M\u00e4nniskans spr\u00e5kliga v\u00e4ndning till en gudom.\" tabindex=\"0\">b\u00f6n<\/span> och genom att minnas Gud.<\/p><p>Koranens tv\u00e5 sista suror, de s\u00e5 kallade skyddssurorna, reciteras s\u00e4rskilt i detta sammanhang. Ur detta perspektiv f\u00f6rblir Iblis en verklig men begr\u00e4nsad motst\u00e5ndare, vars makt bara str\u00e4cker sig s\u00e5 l\u00e5ngt som m\u00e4nniskan ger den utrymme. Enligt Koranen l\u00f6per hans beviljade uppskov ut vid tidens slut.<\/p>\t\t\t\t\t\t\t\t<\/div>\n\t\t\t\t<\/div>\n\t\t\t\t\t<\/div>\n\t\t\t\t<\/div>\n\t\t<div class=\"elementor-element elementor-element-36dd7469 e-flex e-con-boxed e-con e-parent\" data-id=\"36dd7469\" data-element_type=\"container\" data-e-type=\"container\">\n\t\t\t\t\t<div class=\"e-con-inner\">\n\t\t\t\t<div class=\"elementor-element elementor-element-13760ab4 elementor-widget elementor-widget-heading\" data-id=\"13760ab4\" data-element_type=\"widget\" data-e-type=\"widget\" data-widget_type=\"heading.default\">\n\t\t\t\t\t<div class=\"elementor-heading-title elementor-size-default\">Vidare l\u00e4nkar<\/div>\t\t\t\t<\/div>\n\t\t<div class=\"elementor-element elementor-element-28c87796 e-con-full e-flex e-con e-child\" data-id=\"28c87796\" data-element_type=\"container\" data-e-type=\"container\">\n\t\t\t\t<div class=\"elementor-element elementor-element-5d6538df elementor-widget elementor-widget-text-editor\" data-id=\"5d6538df\" data-element_type=\"widget\" data-e-type=\"widget\" data-widget_type=\"text-editor.default\">\n\t\t\t\t\t\t\t\t\t<p>Rekommenderade interna l\u00e4nkar:<\/p><ul><li><a href=\"https:\/\/iwell-guard.com\/sv\/islam\/\">Islam<\/a><\/li><li><a href=\"https:\/\/iwell-guard.com\/sv\/jinn\/\">Jinn<\/a>, <a href=\"https:\/\/iwell-guard.com\/sv\/shayatin\/\">Shayatin<\/a>, <a href=\"https:\/\/iwell-guard.com\/sv\/ifrit\/\">Ifrit<\/a>, <a href=\"https:\/\/iwell-guard.com\/sv\/ghul\/\">Ghul<\/a><\/li><li><a href=\"https:\/\/iwell-guard.com\/sv\/azazel\/\">Azazel<\/a> (f\u00f6rhistoria)<\/li><li><a href=\"https:\/\/iwell-guard.com\/sv\/satan\/\">Satan<\/a> (kristen parallell)<\/li><li>Sufiska tolkningar av Iblis<\/li><\/ul>\t\t\t\t\t\t\t\t<\/div>\n\t\t\t\t<\/div>\n\t\t\t\t\t<\/div>\n\t\t\t\t<\/div>\n\t\t<div class=\"elementor-element elementor-element-grl4kl40 e-flex e-con-boxed e-con e-parent\" data-id=\"grl4kl40\" data-element_type=\"container\" data-e-type=\"container\">\n\t\t\t\t\t<div class=\"e-con-inner\">\n\t\t\t\t<div class=\"elementor-element elementor-element-bzsbfrmh elementor-widget elementor-widget-heading\" data-id=\"bzsbfrmh\" data-element_type=\"widget\" data-e-type=\"widget\" data-widget_type=\"heading.default\">\n\t\t\t\t\t<h2 class=\"elementor-heading-title elementor-size-default\">Litteratur (urval)<\/h2>\t\t\t\t<\/div>\n\t\t<div class=\"elementor-element elementor-element-2c13224a e-con-full e-flex e-con e-child\" data-id=\"2c13224a\" data-element_type=\"container\" data-e-type=\"container\">\n\t\t\t\t<div class=\"elementor-element elementor-element-0eymh9ub elementor-widget elementor-widget-text-editor\" data-id=\"0eymh9ub\" data-element_type=\"widget\" data-e-type=\"widget\" data-widget_type=\"text-editor.default\">\n\t\t\t\t\t\t\t\t\t<footer class=\"iwg-literatur\"><p>Ett urval centrala arbeten om Iblis:<\/p><ul><li><span data-nosnippet>Awn, Peter J.: <em>Satan&#8217;s Tragedy and Redemption. Ibl\u012bs in Sufi Psychology<\/em>. Leiden 1983.<\/span><\/li><li><span data-nosnippet>Bodman, Whitney: <em>The Poetics of Iblis<\/em>. Cambridge 2011.<\/span><\/li><li><span data-nosnippet>Awad, Najib George: <em>Orthodoxy in Arabic Terms<\/em>. Berlin 2018.<\/span><\/li><li><span data-nosnippet>Khalidi, Tarif: <em>Images of Muhammad<\/em>. New York 2009 (i kontexten av qisas).<\/span><\/li><li><span data-nosnippet>Smith, Jane I. \/ Haddad, Yvonne Yazbeck: <em>The Islamic Understanding of Death and Resurrection<\/em>. Oxford 2002.<\/span><\/li><\/ul><div data-nosnippet=\"true\" class=\"iwg-litliste\"><\/div><\/footer>\n<p class=\"iwg-bib-more\"><span data-nosnippet>Fler standardverk i <a href=\"https:\/\/iwell-guard.com\/sv\/litteratur\/\">litteraturf\u00f6rteckningen<\/a>.<\/span><\/p>\t\t\t\t\t\t\t\t<\/div>\n\t\t\t\t<\/div>\n\t\t\t\t\t<\/div>\n\t\t\t\t<\/div>\n\t\t<div class=\"elementor-element elementor-element-ec1ed6e e-con-boxed e-flex e-con e-parent\" data-id=\"ec1ed6e\" data-element_type=\"container\" data-e-type=\"container\">\n\t\t\t\t\t<div class=\"e-con-inner\">\n\t\t\t\t<div class=\"elementor-element elementor-element-b6065a8 elementor-widget elementor-widget-text-editor\" data-id=\"b6065a8\" data-element_type=\"widget\" data-e-type=\"widget\" data-widget_type=\"text-editor.default\">\n\t\t\t\t\t\t\t\t\t\n<h2>Vanliga fr\u00e5gor om Iblis<\/h2>\n<div class=\"iwg-faq-q\"><h3>Vem \u00e4r Iblis inom islam?<\/h3><p>Iblis \u00e4r inom islam den gestalt som motsvarar den kristna Satansfiguren. Enligt Koranen (sura 7:11 ff.) v\u00e4grade Iblis att buga sig inf\u00f6r den nyskapade Adam, av h\u00f6gmod, eftersom han sj\u00e4lv var skapad av r\u00f6kfri eld medan Adam bara var skapad av lera.<\/p><p>D\u00e4refter blev han f\u00f6rbannad. Iblis \u00e4r enligt den islamiska uppfattningen ingen fallen <span class=\"iwg-fachbegriff\" data-tooltip=\"I de abrahamitiska religionerna ett himmelskt budb\u00e4rarv\u00e4sen som tj\u00e4nar Gud.\" tabindex=\"0\">\u00e4ngel<\/span>, utan en djinn, ett v\u00e4sen av r\u00f6kfri eld.<\/p><\/div>\n<div class=\"iwg-faq-q\"><h3>Vad \u00e4r skillnaden mellan Iblis och Shaitan?<\/h3><p>Iblis \u00e4r egennamnet p\u00e5 den konkreta gestalt som satte sig upp mot Allah. Shaitan (arabiska f\u00f6r Satan) \u00e4r ett samlingsbegrepp f\u00f6r alla onda andar som frestar m\u00e4nniskor, och Iblis \u00e4r den fr\u00e4mste bland dem.<\/p><p>I vissa tolkningar \u00e4r Iblis ledaren f\u00f6r shaitan-skaran, i andra \u00e4r Iblis och Shaitan praktiskt taget identiska. Koranen anv\u00e4nder b\u00e5da begreppen i olika sammanhang.<\/p><\/div>\n<script type=\"application\/ld+json\">{\"@context\":\"https:\/\/schema.org\",\"@type\":\"FAQPage\",\"mainEntity\":[{\"@type\":\"Question\",\"name\":\"Vem \u00e4r Iblis inom islam?\",\"acceptedAnswer\":{\"@type\":\"Answer\",\"text\":\"Iblis \u00e4r inom islam den gestalt som motsvarar den kristna Satansfiguren. Enligt Koranen (sura 7:11 ff.) v\u00e4grade Iblis att buga sig inf\u00f6r den nyskapade Adam, av h\u00f6gmod, eftersom han sj\u00e4lv var skapad av r\u00f6kfri eld medan Adam bara var skapad av lera.D\u00e4refter blev han f\u00f6rbannad. Iblis \u00e4r enligt den islamiska uppfattningen ingen fallen \u00e4ngel, utan en djinn, ett v\u00e4sen av r\u00f6kfri eld.\"}},{\"@type\":\"Question\",\"name\":\"Vad \u00e4r skillnaden mellan Iblis och Shaitan?\",\"acceptedAnswer\":{\"@type\":\"Answer\",\"text\":\"Iblis \u00e4r egennamnet p\u00e5 den konkreta gestalt som satte sig upp mot Allah. Shaitan (arabiska f\u00f6r Satan) \u00e4r ett samlingsbegrepp f\u00f6r alla onda andar som frestar m\u00e4nniskor, och Iblis \u00e4r den fr\u00e4mste bland dem.I vissa tolkningar \u00e4r Iblis ledaren f\u00f6r shaitan-skaran, i andra \u00e4r Iblis och Shaitan praktiskt taget identiska. Koranen anv\u00e4nder b\u00e5da begreppen i olika sammanhang.\"}}]}<\/script>\t\t\t\t\t\t\t\t<\/div>\n\t\t\t\t\t<\/div>\n\t\t\t\t<\/div>\n\t\t\t\t<\/div>\n\t\t","protected":false},"excerpt":{"rendered":"","protected":false},"author":3,"featured_media":1595,"parent":0,"menu_order":0,"comment_status":"closed","ping_status":"closed","template":"elementor_header_footer","meta":{"_yoast_wpseo_focuskw":"Iblis Schaitan \u00e4nglafallet","_yoast_wpseo_title":"Iblis - Den avvisande, islams motst\u00e5ndare","_yoast_wpseo_metadesc":"Iblis \u00e4r huvudmotst\u00e5ndaren i den islamiska traditionen. Hans nyckelscen ber\u00e4ttas p\u00e5 flera st\u00e4llen i Koranen, bland annat i sura 2:34.","_yoast_wpseo_meta-robots-noindex":"","_yoast_wpseo_canonical":"","_angie_page":false,"gefaehrdungsstufe":"5","wesen_kultur":"islam","wesen_klasse":"goetter","footnotes":""},"categories":[],"class_list":["post-136525","page","type-page","status-publish","has-post-thumbnail","hentry"],"yoast_head":"<!-- This site is optimized with the Yoast SEO Premium plugin v27.7 (Yoast SEO v28.3) - https:\/\/yoast.com\/product\/yoast-seo-premium-wordpress\/ -->\n<title>Iblis - Den avvisande, islams motst\u00e5ndare<\/title>\n<meta name=\"description\" content=\"Iblis \u00e4r huvudmotst\u00e5ndaren i den islamiska traditionen. Hans nyckelscen ber\u00e4ttas p\u00e5 flera st\u00e4llen i Koranen, bland annat i sura 2:34.\" \/>\n<meta name=\"robots\" content=\"index, follow, max-snippet:-1, max-image-preview:large, max-video-preview:-1\" \/>\n<link rel=\"canonical\" href=\"https:\/\/iwell-guard.com\/sv\/iblis\/\" \/>\n<meta property=\"og:locale\" content=\"sv_SE\" \/>\n<meta property=\"og:type\" content=\"article\" \/>\n<meta property=\"og:title\" content=\"Iblis\" \/>\n<meta property=\"og:description\" content=\"Iblis \u00e4r huvudmotst\u00e5ndaren i den islamiska traditionen. Hans nyckelscen ber\u00e4ttas p\u00e5 flera st\u00e4llen i Koranen, bland annat i sura 2:34.\" \/>\n<meta property=\"og:url\" content=\"https:\/\/iwell-guard.com\/sv\/iblis\/\" \/>\n<meta property=\"og:site_name\" content=\"iWell Guard\" \/>\n<meta property=\"article:modified_time\" content=\"2026-09-03T01:05:05+00:00\" \/>\n<meta property=\"og:image\" content=\"https:\/\/iwell-guard.com\/wp-content\/uploads\/2026\/04\/goetter_islam_iblis.webp\" \/>\n\t<meta property=\"og:image:width\" content=\"1024\" \/>\n\t<meta property=\"og:image:height\" content=\"1536\" \/>\n\t<meta property=\"og:image:type\" content=\"image\/webp\" \/>\n<meta name=\"twitter:card\" content=\"summary_large_image\" \/>\n<script type=\"application\/ld+json\" class=\"yoast-schema-graph\">{\"@context\":\"https:\\\/\\\/schema.org\",\"@graph\":[{\"@type\":\"WebPage\",\"@id\":\"https:\\\/\\\/iwell-guard.com\\\/sv\\\/iblis\\\/\",\"url\":\"https:\\\/\\\/iwell-guard.com\\\/sv\\\/iblis\\\/\",\"name\":\"Iblis - Den avvisande, islams motst\u00e5ndare\",\"isPartOf\":{\"@id\":\"https:\\\/\\\/iwell-guard.com\\\/sv\\\/#website\"},\"primaryImageOfPage\":{\"@id\":\"https:\\\/\\\/iwell-guard.com\\\/sv\\\/iblis\\\/#primaryimage\"},\"image\":{\"@id\":\"https:\\\/\\\/iwell-guard.com\\\/sv\\\/iblis\\\/#primaryimage\"},\"thumbnailUrl\":\"https:\\\/\\\/iwell-guard.com\\\/wp-content\\\/uploads\\\/2026\\\/04\\\/goetter_islam_iblis.webp\",\"datePublished\":\"2026-09-03T00:07:47+00:00\",\"dateModified\":\"2026-09-03T01:05:05+00:00\",\"description\":\"Iblis \u00e4r huvudmotst\u00e5ndaren i den islamiska traditionen. Hans nyckelscen ber\u00e4ttas p\u00e5 flera st\u00e4llen i Koranen, bland annat i sura 2:34.\",\"breadcrumb\":{\"@id\":\"https:\\\/\\\/iwell-guard.com\\\/sv\\\/iblis\\\/#breadcrumb\"},\"inLanguage\":\"sv-SE\",\"potentialAction\":[{\"@type\":\"ReadAction\",\"target\":[\"https:\\\/\\\/iwell-guard.com\\\/sv\\\/iblis\\\/\"]}]},{\"@type\":\"ImageObject\",\"inLanguage\":\"sv-SE\",\"@id\":\"https:\\\/\\\/iwell-guard.com\\\/sv\\\/iblis\\\/#primaryimage\",\"url\":\"https:\\\/\\\/iwell-guard.com\\\/wp-content\\\/uploads\\\/2026\\\/04\\\/goetter_islam_iblis.webp\",\"contentUrl\":\"https:\\\/\\\/iwell-guard.com\\\/wp-content\\\/uploads\\\/2026\\\/04\\\/goetter_islam_iblis.webp\",\"width\":1024,\"height\":1536,\"caption\":\"Gudar fr\u00e5n den islamiska traditionen.\"},{\"@type\":\"BreadcrumbList\",\"@id\":\"https:\\\/\\\/iwell-guard.com\\\/sv\\\/iblis\\\/#breadcrumb\",\"itemListElement\":[{\"@type\":\"ListItem\",\"position\":1,\"name\":\"Start\",\"item\":\"https:\\\/\\\/iwell-guard.com\\\/sv\\\/?page_id=136483\"},{\"@type\":\"ListItem\",\"position\":2,\"name\":\"Iblis\"}]},{\"@type\":\"WebSite\",\"@id\":\"https:\\\/\\\/iwell-guard.com\\\/sv\\\/#website\",\"url\":\"https:\\\/\\\/iwell-guard.com\\\/sv\\\/\",\"name\":\"iWell Guard\",\"description\":\"Schutz vor dunklen Einfl\u00fcssen\",\"publisher\":{\"@id\":\"https:\\\/\\\/iwell-guard.com\\\/sv\\\/#organization\"},\"potentialAction\":[{\"@type\":\"SearchAction\",\"target\":{\"@type\":\"EntryPoint\",\"urlTemplate\":\"https:\\\/\\\/iwell-guard.com\\\/sv\\\/?s={search_term_string}\"},\"query-input\":{\"@type\":\"PropertyValueSpecification\",\"valueRequired\":true,\"valueName\":\"search_term_string\"}}],\"inLanguage\":\"sv-SE\"},{\"@type\":\"Organization\",\"@id\":\"https:\\\/\\\/iwell-guard.com\\\/sv\\\/#organization\",\"name\":\"Ittermann electronic GmbH\",\"url\":\"https:\\\/\\\/iwell-guard.com\\\/sv\\\/\",\"logo\":{\"@type\":\"ImageObject\",\"inLanguage\":\"sv-SE\",\"@id\":\"https:\\\/\\\/iwell-guard.com\\\/sv\\\/#\\\/schema\\\/logo\\\/image\\\/\",\"url\":\"https:\\\/\\\/iwell-guard.com\\\/wp-content\\\/uploads\\\/2026\\\/05\\\/Ittermann-Logo-1182x237-1.png\",\"contentUrl\":\"https:\\\/\\\/iwell-guard.com\\\/wp-content\\\/uploads\\\/2026\\\/05\\\/Ittermann-Logo-1182x237-1.png\",\"width\":1182,\"height\":237,\"caption\":\"Ittermann electronic GmbH\"},\"image\":{\"@id\":\"https:\\\/\\\/iwell-guard.com\\\/sv\\\/#\\\/schema\\\/logo\\\/image\\\/\"},\"sameAs\":[\"https:\\\/\\\/pantip.com\\\/profile\\\/9367242\",\"https:\\\/\\\/micro.blog\\\/iwellguard\",\"https:\\\/\\\/www.diggerslist.com\\\/iwellguard\\\/about\",\"https:\\\/\\\/skitterphoto.com\\\/photographers\\\/2870314\\\/iwell-guard\",\"https:\\\/\\\/iwellguard.wordpress.com\\\/2026\\\/06\\\/06\\\/iwell-guard\\\/\",\"https:\\\/\\\/hub.docker.com\\\/u\\\/iwellguard\",\"https:\\\/\\\/www.pinterest.com\\\/iwellguard\\\/\",\"https:\\\/\\\/bit.ly\\\/m\\\/iwellguard\",\"https:\\\/\\\/entre-vos-mains.alsace.eu\\\/profiles\\\/iwellguard\\\/activity\",\"https:\\\/\\\/gravatar.com\\\/reallybeded8fd34\",\"https:\\\/\\\/naijamatta.com\\\/iwellguard\",\"https:\\\/\\\/www.goodreads.com\\\/iwellguard\",\"https:\\\/\\\/profile.hatena.ne.jp\\\/iwellguard\\\/\",\"https:\\\/\\\/experiment.com\\\/users\\\/iwellguard\",\"https:\\\/\\\/wakelet.com\\\/@iWellGuard82270\",\"https:\\\/\\\/www.chordie.com\\\/forum\\\/profile.php?id=2555664\",\"https:\\\/\\\/www.instapaper.com\\\/p\\\/17757966\",\"https:\\\/\\\/www.mapleprimes.com\\\/users\\\/iwellguard\",\"https:\\\/\\\/businesslistingplus.com\\\/profile\\\/iwell-guard\\\/\",\"https:\\\/\\\/telegra.ph\\\/iWell-Guard-06-06\",\"https:\\\/\\\/pbase.com\\\/iwellguard\\\/iwellguard\",\"https:\\\/\\\/b.hatena.ne.jp\\\/iwellguard\\\/20260607#bookmark-4788405196491818882\",\"https:\\\/\\\/fliphtml5.com\\\/home\\\/iwellguard\",\"https:\\\/\\\/anyflip.com\\\/homepage\\\/cmiwl#About\",\"https:\\\/\\\/transfur.com\\\/Users\\\/iwellguard\",\"http:\\\/\\\/delphi.larsbo.org\\\/user\\\/iwellguard\",\"https:\\\/\\\/jobs.lajobsportal.org\\\/profiles\\\/8380803-iwell-guard\",\"https:\\\/\\\/md.chaosdorf.de\\\/s\\\/jfbe5SBdJD\",\"https:\\\/\\\/www.lingvolive.com\\\/en-us\\\/profile\\\/9ecaeaca-ce11-4e51-9e71-01d55e2bff36\\\/translations\",\"https:\\\/\\\/www.fitday.com\\\/fitness\\\/forums\\\/members\\\/iwellguard.html\",\"https:\\\/\\\/www.mymeetbook.com\\\/iwellguard\",\"https:\\\/\\\/pxhere.com\\\/en\\\/photographer-me\\\/5040798\",\"https:\\\/\\\/disqus.com\\\/by\\\/iwellguard\\\/about\\\/\",\"https:\\\/\\\/pastelink.net\\\/hjwciqwq\",\"https:\\\/\\\/pubhtml5.com\\\/homepage\\\/scjhn\\\/\",\"https:\\\/\\\/www.bitchute.com\\\/channel\\\/2O2eOKzNqujT\",\"https:\\\/\\\/audiomack.com\\\/iwellguard\"]},{\"@type\":\"Article\",\"@id\":\"https:\\\/\\\/iwell-guard.com\\\/sv\\\/iblis\\\/#article\",\"isPartOf\":{\"@id\":\"https:\\\/\\\/iwell-guard.com\\\/sv\\\/iblis\\\/\"},\"author\":{\"name\":\"Ralf Ittermann\",\"@id\":\"https:\\\/\\\/iwell-guard.com\\\/sv\\\/#\\\/schema\\\/person\\\/ee2a27f1cac3406c7c6fb5820cb7349f\"},\"headline\":\"Iblis\",\"datePublished\":\"2026-09-03T00:07:47+00:00\",\"dateModified\":\"2026-09-03T01:05:05+00:00\",\"mainEntityOfPage\":{\"@id\":\"https:\\\/\\\/iwell-guard.com\\\/sv\\\/iblis\\\/\"},\"publisher\":{\"@id\":\"https:\\\/\\\/iwell-guard.com\\\/sv\\\/#organization\"},\"image\":{\"@id\":\"https:\\\/\\\/iwell-guard.com\\\/sv\\\/iblis\\\/#primaryimage\"},\"thumbnailUrl\":\"https:\\\/\\\/iwell-guard.com\\\/wp-content\\\/uploads\\\/2026\\\/04\\\/goetter_islam_iblis.webp\",\"inLanguage\":\"sv-SE\",\"description\":\"Iblis \u00e4r huvudmotst\u00e5ndaren i den islamiska traditionen. Hans nyckelscen ber\u00e4ttas p\u00e5 flera st\u00e4llen i Koranen, bland annat i sura 2:34.\"}]}<\/script>\n<!-- \/ Yoast SEO Premium plugin. -->","yoast_head_json":{"title":"Iblis - Den avvisande, islams motst\u00e5ndare","description":"Iblis \u00e4r huvudmotst\u00e5ndaren i den islamiska traditionen. Hans nyckelscen ber\u00e4ttas p\u00e5 flera st\u00e4llen i Koranen, bland annat i sura 2:34.","robots":{"index":"index","follow":"follow","max-snippet":"max-snippet:-1","max-image-preview":"max-image-preview:large","max-video-preview":"max-video-preview:-1"},"canonical":"https:\/\/iwell-guard.com\/sv\/iblis\/","og_locale":"sv_SE","og_type":"article","og_title":"Iblis","og_description":"Iblis \u00e4r huvudmotst\u00e5ndaren i den islamiska traditionen. Hans nyckelscen ber\u00e4ttas p\u00e5 flera st\u00e4llen i Koranen, bland annat i sura 2:34.","og_url":"https:\/\/iwell-guard.com\/sv\/iblis\/","og_site_name":"iWell Guard","article_modified_time":"2026-09-03T01:05:05+00:00","og_image":[{"width":1024,"height":1536,"url":"https:\/\/iwell-guard.com\/wp-content\/uploads\/2026\/04\/goetter_islam_iblis.webp","type":"image\/webp"}],"twitter_card":"summary_large_image","schema":{"@context":"https:\/\/schema.org","@graph":[{"@type":"Article","@id":"https:\/\/iwell-guard.com\/sv\/iblis\/#article","isPartOf":{"@id":"https:\/\/iwell-guard.com\/sv\/iblis\/"},"author":{"name":"Ralf Ittermann","@id":"https:\/\/iwell-guard.com\/sv\/#\/schema\/person\/ee2a27f1cac3406c7c6fb5820cb7349f"},"headline":"Iblis","datePublished":"2026-09-03T00:07:47+00:00","dateModified":"2026-09-03T01:05:05+00:00","mainEntityOfPage":{"@id":"https:\/\/iwell-guard.com\/sv\/iblis\/"},"publisher":{"@id":"https:\/\/iwell-guard.com\/sv\/#organization"},"image":{"@id":"https:\/\/iwell-guard.com\/sv\/iblis\/#primaryimage"},"thumbnailUrl":"https:\/\/iwell-guard.com\/wp-content\/uploads\/2026\/04\/goetter_islam_iblis.webp","inLanguage":"sv-SE","description":"Iblis \u00e4r huvudmotst\u00e5ndaren i den islamiska traditionen. Hans nyckelscen ber\u00e4ttas p\u00e5 flera st\u00e4llen i Koranen, bland annat i sura 2:34."},{"@type":"WebPage","@id":"https:\/\/iwell-guard.com\/sv\/iblis\/","url":"https:\/\/iwell-guard.com\/sv\/iblis\/","name":"Iblis - Den avvisande, islams motst\u00e5ndare","isPartOf":{"@id":"https:\/\/iwell-guard.com\/sv\/#website"},"primaryImageOfPage":{"@id":"https:\/\/iwell-guard.com\/sv\/iblis\/#primaryimage"},"image":{"@id":"https:\/\/iwell-guard.com\/sv\/iblis\/#primaryimage"},"thumbnailUrl":"https:\/\/iwell-guard.com\/wp-content\/uploads\/2026\/04\/goetter_islam_iblis.webp","datePublished":"2026-09-03T00:07:47+00:00","dateModified":"2026-09-03T01:05:05+00:00","description":"Iblis \u00e4r huvudmotst\u00e5ndaren i den islamiska traditionen. Hans nyckelscen ber\u00e4ttas p\u00e5 flera st\u00e4llen i Koranen, bland annat i sura 2:34.","breadcrumb":{"@id":"https:\/\/iwell-guard.com\/sv\/iblis\/#breadcrumb"},"inLanguage":"sv-SE","potentialAction":[{"@type":"ReadAction","target":["https:\/\/iwell-guard.com\/sv\/iblis\/"]}]},{"@type":"ImageObject","inLanguage":"sv-SE","@id":"https:\/\/iwell-guard.com\/sv\/iblis\/#primaryimage","url":"https:\/\/iwell-guard.com\/wp-content\/uploads\/2026\/04\/goetter_islam_iblis.webp","contentUrl":"https:\/\/iwell-guard.com\/wp-content\/uploads\/2026\/04\/goetter_islam_iblis.webp","width":1024,"height":1536,"caption":"Gudar fr\u00e5n den islamiska traditionen."},{"@type":"BreadcrumbList","@id":"https:\/\/iwell-guard.com\/sv\/iblis\/#breadcrumb","itemListElement":[{"@type":"ListItem","position":1,"name":"Start","item":"https:\/\/iwell-guard.com\/sv\/?page_id=136483"},{"@type":"ListItem","position":2,"name":"Iblis"}]},{"@type":"WebSite","@id":"https:\/\/iwell-guard.com\/sv\/#website","url":"https:\/\/iwell-guard.com\/sv\/","name":"iWell Guard","description":"Schutz vor dunklen Einfl\u00fcssen","publisher":{"@id":"https:\/\/iwell-guard.com\/sv\/#organization"},"potentialAction":[{"@type":"SearchAction","target":{"@type":"EntryPoint","urlTemplate":"https:\/\/iwell-guard.com\/sv\/?s={search_term_string}"},"query-input":{"@type":"PropertyValueSpecification","valueRequired":true,"valueName":"search_term_string"}}],"inLanguage":"sv-SE"},{"@type":"Organization","@id":"https:\/\/iwell-guard.com\/sv\/#organization","name":"Ittermann electronic GmbH","url":"https:\/\/iwell-guard.com\/sv\/","logo":{"@type":"ImageObject","inLanguage":"sv-SE","@id":"https:\/\/iwell-guard.com\/sv\/#\/schema\/logo\/image\/","url":"https:\/\/iwell-guard.com\/wp-content\/uploads\/2026\/05\/Ittermann-Logo-1182x237-1.png","contentUrl":"https:\/\/iwell-guard.com\/wp-content\/uploads\/2026\/05\/Ittermann-Logo-1182x237-1.png","width":1182,"height":237,"caption":"Ittermann electronic GmbH"},"image":{"@id":"https:\/\/iwell-guard.com\/sv\/#\/schema\/logo\/image\/"},"sameAs":["https:\/\/pantip.com\/profile\/9367242","https:\/\/micro.blog\/iwellguard","https:\/\/www.diggerslist.com\/iwellguard\/about","https:\/\/skitterphoto.com\/photographers\/2870314\/iwell-guard","https:\/\/iwellguard.wordpress.com\/2026\/06\/06\/iwell-guard\/","https:\/\/hub.docker.com\/u\/iwellguard","https:\/\/www.pinterest.com\/iwellguard\/","https:\/\/bit.ly\/m\/iwellguard","https:\/\/entre-vos-mains.alsace.eu\/profiles\/iwellguard\/activity","https:\/\/gravatar.com\/reallybeded8fd34","https:\/\/naijamatta.com\/iwellguard","https:\/\/www.goodreads.com\/iwellguard","https:\/\/profile.hatena.ne.jp\/iwellguard\/","https:\/\/experiment.com\/users\/iwellguard","https:\/\/wakelet.com\/@iWellGuard82270","https:\/\/www.chordie.com\/forum\/profile.php?id=2555664","https:\/\/www.instapaper.com\/p\/17757966","https:\/\/www.mapleprimes.com\/users\/iwellguard","https:\/\/businesslistingplus.com\/profile\/iwell-guard\/","https:\/\/telegra.ph\/iWell-Guard-06-06","https:\/\/pbase.com\/iwellguard\/iwellguard","https:\/\/b.hatena.ne.jp\/iwellguard\/20260607#bookmark-4788405196491818882","https:\/\/fliphtml5.com\/home\/iwellguard","https:\/\/anyflip.com\/homepage\/cmiwl#About","https:\/\/transfur.com\/Users\/iwellguard","http:\/\/delphi.larsbo.org\/user\/iwellguard","https:\/\/jobs.lajobsportal.org\/profiles\/8380803-iwell-guard","https:\/\/md.chaosdorf.de\/s\/jfbe5SBdJD","https:\/\/www.lingvolive.com\/en-us\/profile\/9ecaeaca-ce11-4e51-9e71-01d55e2bff36\/translations","https:\/\/www.fitday.com\/fitness\/forums\/members\/iwellguard.html","https:\/\/www.mymeetbook.com\/iwellguard","https:\/\/pxhere.com\/en\/photographer-me\/5040798","https:\/\/disqus.com\/by\/iwellguard\/about\/","https:\/\/pastelink.net\/hjwciqwq","https:\/\/pubhtml5.com\/homepage\/scjhn\/","https:\/\/www.bitchute.com\/channel\/2O2eOKzNqujT","https:\/\/audiomack.com\/iwellguard"]},{"@type":"Person","@id":"https:\/\/iwell-guard.com\/sv\/#\/schema\/person\/ee2a27f1cac3406c7c6fb5820cb7349f","name":"Ralf Ittermann","image":{"@type":"ImageObject","inLanguage":"sv-SE","@id":"https:\/\/secure.gravatar.com\/avatar\/073c0153e350a5005b68eb752b445fea71f6b24a26da9449ad7e155e6b446c9d?s=96&d=mm&r=g","url":"https:\/\/secure.gravatar.com\/avatar\/073c0153e350a5005b68eb752b445fea71f6b24a26da9449ad7e155e6b446c9d?s=96&d=mm&r=g","contentUrl":"https:\/\/secure.gravatar.com\/avatar\/073c0153e350a5005b68eb752b445fea71f6b24a26da9449ad7e155e6b446c9d?s=96&d=mm&r=g","caption":"Ralf Ittermann"},"givenName":"Ralf","familyName":"Ittermann","jobTitle":"Gesch\u00e4ftsf\u00fchrer und redaktioneller Verantwortlicher","url":"https:\/\/iwell-guard.com\/sv\/author\/claude\/","description":"Ralf Ittermann ist Gesch\u00e4ftsf\u00fchrer der Ittermann electronic GmbH und redaktioneller Verantwortlicher des iWell-Guard-Lexikons. Er verbindet langj\u00e4hrige Erfahrung in der Pr\u00e4zisionsfertigung mit medialer Praxis und religionsgeschichtlicher Quellenarbeit.","worksFor":{"@type":"Organization","name":"Ittermann electronic GmbH","url":"https:\/\/ittermann.de\/","address":{"@type":"PostalAddress","streetAddress":"K\u00f6hlergasse 16-18","postalCode":"99842","addressLocality":"Ruhla","addressCountry":"DE"}},"knowsAbout":["Religionsgeschichte","Mythologie","Mediale Praxis","Energetische Diagnostik","Schutzpraxis","Volksglauben","Westliche Esoterik"]},{"@type":"Article","@id":"https:\/\/iwell-guard.com\/sv\/iblis\/#article","isPartOf":{"@id":"https:\/\/iwell-guard.com\/sv\/iblis\/"},"author":{"name":"Ralf Ittermann","@id":"https:\/\/iwell-guard.com\/sv\/#\/schema\/person\/ee2a27f1cac3406c7c6fb5820cb7349f"},"headline":"Iblis","datePublished":"2026-09-03T00:07:47+00:00","dateModified":"2026-09-03T01:05:05+00:00","mainEntityOfPage":{"@id":"https:\/\/iwell-guard.com\/sv\/iblis\/"},"publisher":{"@id":"https:\/\/iwell-guard.com\/sv\/#organization"},"image":{"@id":"https:\/\/iwell-guard.com\/sv\/iblis\/#primaryimage"},"thumbnailUrl":"https:\/\/iwell-guard.com\/wp-content\/uploads\/2026\/04\/goetter_islam_iblis.webp","inLanguage":"sv-SE","description":"Iblis \u00e4r huvudmotst\u00e5ndaren i den islamiska traditionen. Hans nyckelscen ber\u00e4ttas p\u00e5 flera st\u00e4llen i Koranen, bland annat i sura 2:34."}]}},"_links":{"self":[{"href":"https:\/\/iwell-guard.com\/sv\/wp-json\/wp\/v2\/pages\/136525","targetHints":{"allow":["GET"]}}],"collection":[{"href":"https:\/\/iwell-guard.com\/sv\/wp-json\/wp\/v2\/pages"}],"about":[{"href":"https:\/\/iwell-guard.com\/sv\/wp-json\/wp\/v2\/types\/page"}],"author":[{"embeddable":true,"href":"https:\/\/iwell-guard.com\/sv\/wp-json\/wp\/v2\/users\/3"}],"replies":[{"embeddable":true,"href":"https:\/\/iwell-guard.com\/sv\/wp-json\/wp\/v2\/comments?post=136525"}],"version-history":[{"count":0,"href":"https:\/\/iwell-guard.com\/sv\/wp-json\/wp\/v2\/pages\/136525\/revisions"}],"wp:featuredmedia":[{"embeddable":true,"href":"https:\/\/iwell-guard.com\/sv\/wp-json\/wp\/v2\/media\/1595"}],"wp:attachment":[{"href":"https:\/\/iwell-guard.com\/sv\/wp-json\/wp\/v2\/media?parent=136525"}],"wp:term":[{"taxonomy":"category","embeddable":true,"href":"https:\/\/iwell-guard.com\/sv\/wp-json\/wp\/v2\/categories?post=136525"}],"curies":[{"name":"wp","href":"https:\/\/api.w.org\/{rel}","templated":true}]}}