{"id":136522,"date":"2026-09-03T00:07:46","date_gmt":"2026-09-03T00:07:46","guid":{"rendered":"https:\/\/iwell-guard.com\/?page_id=136522"},"modified":"2026-09-03T01:04:58","modified_gmt":"2026-09-03T01:04:58","slug":"beelzebub","status":"publish","type":"page","link":"https:\/\/iwell-guard.com\/sv\/beelzebub\/","title":{"rendered":"Beelzebub"},"content":{"rendered":"\t\t<div data-elementor-type=\"wp-page\" data-elementor-id=\"136522\" class=\"elementor elementor-136522 elementor-1020\" data-elementor-post-type=\"page\">\n\t\t\t\t<div class=\"elementor-element elementor-element-10fdade e-flex e-con-boxed e-con e-parent\" data-id=\"10fdade\" data-element_type=\"container\" data-e-type=\"container\" data-settings=\"{&quot;background_background&quot;:&quot;classic&quot;}\">\n\t\t\t\t\t<div class=\"e-con-inner\">\n\t\t<div class=\"elementor-element elementor-element-herohlft0 e-flex e-con-boxed e-con e-child\" data-id=\"herohlft0\" data-element_type=\"container\" data-e-type=\"container\">\n\t\t\t\t\t<div class=\"e-con-inner\">\n\t\t<div class=\"elementor-element elementor-element-c3ceb64 e-con-full e-flex e-con e-child\" data-id=\"c3ceb64\" data-element_type=\"container\" data-e-type=\"container\">\n\t\t\t\t<div class=\"elementor-element elementor-element-96ae5e1 elementor-widget elementor-widget-heading\" data-id=\"96ae5e1\" data-element_type=\"widget\" data-e-type=\"widget\" data-widget_type=\"heading.default\">\n\t\t\t\t\t<h1 class=\"elementor-heading-title elementor-size-default\">Beelzebub, gud inom den kristna traditionen<\/h1>\t\t\t\t<\/div>\n\t\t\t\t<div class=\"elementor-element elementor-element-e45238a elementor-widget elementor-widget-text-editor\" data-id=\"e45238a\" data-element_type=\"widget\" data-e-type=\"widget\" data-widget_type=\"text-editor.default\">\n\t\t\t\t\t\t\t\t\t<p>Beelzebub \u00e4r en gud inom den kristna traditionen.<\/p><p><strong>&#8221;Flugornas herre&#8221;, demoniserad fr\u00e4mmande gud hos filist\u00e9erna.<\/strong><\/p>\t\t\t\t\t\t\t\t<\/div>\n\t\t\t\t<\/div>\n\t\t<div class=\"elementor-element elementor-element-klsbdg01 e-con-full e-flex e-con e-parent\" data-id=\"klsbdg01\" data-element_type=\"container\" data-e-type=\"container\">\n\t\t\t\t<div class=\"elementor-element elementor-element-klshtm01 elementor-widget elementor-widget-html\" data-id=\"klshtm01\" data-element_type=\"widget\" data-e-type=\"widget\" data-widget_type=\"html.default\">\n\t\t\t\t\t<div class=\"iwg-pill-row\"><span class=\"iwg-klasse-badge\" tabindex=\"0\" data-tooltip=\"Demon: \u00d6vernaturligt v\u00e4sen med oftast skadlig eller ambivalent verkan. St\u00e5r mellan gudar och m\u00e4nniskor, orsakar sjukdom, frestelse eller olycka och avv\u00e4rjs genom besv\u00e4rjelser, apotropaia och ritualer.\">Demon<\/span><a href=\"https:\/\/iwell-guard.com\/sv\/kristendomen\/\" class=\"iwg-kultur-badge\" tabindex=\"0\" data-tooltip=\"Kristen tradition med sina \u00e4nglar, demoner och mystiska v\u00e4sen.\">Kristendom<\/a><a href=\"https:\/\/iwell-guard.com\/sv\/goetia\/\" class=\"iwg-tradition-badge\" tabindex=\"0\" data-tooltip=\"Senmedeltida-tidigmodern demonologi inom Lemegeton-traditionen.\">Goetia<\/a><\/div>\t\t\t\t<\/div>\n\t\t\t\t<\/div>\n\t\t<div class=\"elementor-element elementor-element-3f74855 e-con-full e-flex e-con e-child\" data-id=\"3f74855\" data-element_type=\"container\" data-e-type=\"container\">\n\t\t\t\t<div class=\"elementor-element elementor-element-1c30362 elementor-toc--minimized-on-tablet elementor-widget elementor-widget-table-of-contents\" data-id=\"1c30362\" data-element_type=\"widget\" data-e-type=\"widget\" data-settings=\"{&quot;exclude_headings_by_selector&quot;:[],&quot;no_headings_message&quot;:&quot;Inga rubriker hittades p\\u00e5 den h\\u00e4r sidan.&quot;,&quot;headings_by_tags&quot;:[&quot;h2&quot;,&quot;h3&quot;],&quot;marker_view&quot;:&quot;bullets&quot;,&quot;icon&quot;:{&quot;value&quot;:&quot;fas fa-circle&quot;,&quot;library&quot;:&quot;fa-solid&quot;,&quot;rendered_tag&quot;:&quot;&lt;svg class=\\&quot;e-font-icon-svg e-fas-circle\\&quot; viewBox=\\&quot;0 0 512 512\\&quot; xmlns=\\&quot;http:\\\/\\\/www.w3.org\\\/2000\\\/svg\\&quot;&gt;&lt;path d=\\&quot;M256 8C119 8 8 119 8 256s111 248 248 248 248-111 248-248S393 8 256 8z\\&quot;&gt;&lt;\\\/path&gt;&lt;\\\/svg&gt;&quot;},&quot;minimize_box&quot;:&quot;yes&quot;,&quot;minimized_on&quot;:&quot;tablet&quot;,&quot;hierarchical_view&quot;:&quot;yes&quot;,&quot;min_height&quot;:{&quot;unit&quot;:&quot;px&quot;,&quot;size&quot;:&quot;&quot;,&quot;sizes&quot;:[]},&quot;min_height_tablet&quot;:{&quot;unit&quot;:&quot;px&quot;,&quot;size&quot;:&quot;&quot;,&quot;sizes&quot;:[]},&quot;min_height_mobile&quot;:{&quot;unit&quot;:&quot;px&quot;,&quot;size&quot;:&quot;&quot;,&quot;sizes&quot;:[]}}\" data-widget_type=\"table-of-contents.default\">\n\t\t\t\t\t\t\t\t\t<div class=\"elementor-toc__header\">\n\t\t\t\t\t\t<h2 class=\"elementor-toc__header-title\">\n\t\t\t\tInneh\u00e5llsf\u00f6rteckning\t\t\t<\/h2>\n\t\t\t\t\t\t\t\t\t\t<div class=\"elementor-toc__toggle-button elementor-toc__toggle-button--expand\" role=\"button\" tabindex=\"0\" aria-controls=\"elementor-toc__1c30362\" aria-expanded=\"true\" aria-label=\"\u00d6ppna inneh\u00e5llsf\u00f6rteckning\"><svg aria-hidden=\"true\" class=\"e-font-icon-svg e-fas-chevron-down\" viewBox=\"0 0 448 512\" xmlns=\"http:\/\/www.w3.org\/2000\/svg\"><path d=\"M207.029 381.476L12.686 187.132c-9.373-9.373-9.373-24.569 0-33.941l22.667-22.667c9.357-9.357 24.522-9.375 33.901-.04L224 284.505l154.745-154.021c9.379-9.335 24.544-9.317 33.901.04l22.667 22.667c9.373 9.373 9.373 24.569 0 33.941L240.971 381.476c-9.373 9.372-24.569 9.372-33.942 0z\"><\/path><\/svg><\/div>\n\t\t\t\t<div class=\"elementor-toc__toggle-button elementor-toc__toggle-button--collapse\" role=\"button\" tabindex=\"0\" aria-controls=\"elementor-toc__1c30362\" aria-expanded=\"true\" aria-label=\"St\u00e4ng inneh\u00e5llsf\u00f6rteckning\"><svg aria-hidden=\"true\" class=\"e-font-icon-svg e-fas-chevron-up\" viewBox=\"0 0 448 512\" xmlns=\"http:\/\/www.w3.org\/2000\/svg\"><path d=\"M240.971 130.524l194.343 194.343c9.373 9.373 9.373 24.569 0 33.941l-22.667 22.667c-9.357 9.357-24.522 9.375-33.901.04L224 227.495 69.255 381.516c-9.379 9.335-24.544 9.317-33.901-.04l-22.667-22.667c-9.373-9.373-9.373-24.569 0-33.941L207.03 130.525c9.372-9.373 24.568-9.373 33.941-.001z\"><\/path><\/svg><\/div>\n\t\t\t\t\t<\/div>\n\t\t\t\t<div id=\"elementor-toc__1c30362\" class=\"elementor-toc__body\">\n\t\t\t<div class=\"elementor-toc__spinner-container\">\n\t\t\t\t<svg class=\"elementor-toc__spinner eicon-animation-spin e-font-icon-svg e-eicon-loading\" aria-hidden=\"true\" viewBox=\"0 0 1000 1000\" xmlns=\"http:\/\/www.w3.org\/2000\/svg\"><path d=\"M500 975V858C696 858 858 696 858 500S696 142 500 142 142 304 142 500H25C25 237 238 25 500 25S975 237 975 500 763 975 500 975Z\"><\/path><\/svg>\t\t\t<\/div>\n\t\t<\/div>\n\t\t\t\t\t\t<\/div>\n\t\t\t\t<\/div>\n\t\t\t\t\t<\/div>\n\t\t\t\t<\/div>\n\t\t<div class=\"elementor-element elementor-element-herorght0 e-con-full e-flex e-con e-child\" data-id=\"herorght0\" data-element_type=\"container\" data-e-type=\"container\">\n\t\t\t\t<div class=\"elementor-element elementor-element-heroimg00 iwg-hero-image elementor-widget elementor-widget-image\" data-id=\"heroimg00\" data-element_type=\"widget\" data-e-type=\"widget\" data-widget_type=\"image.default\">\n\t\t\t\t\t\t\t\t\t\t\t\t\t\t\t<img fetchpriority=\"high\" decoding=\"async\" width=\"683\" height=\"1024\" src=\"https:\/\/iwell-guard.com\/wp-content\/uploads\/2026\/04\/goetter_christentum_beelzebub-683x1024.webp\" class=\"attachment-large size-large wp-image-136423\" alt=\"Beelzebub \u2013 gudar fr\u00e5n den kristna traditionen, historiskt illustrativt\" srcset=\"https:\/\/iwell-guard.com\/wp-content\/uploads\/2026\/04\/goetter_christentum_beelzebub-683x1024.webp 683w, https:\/\/iwell-guard.com\/wp-content\/uploads\/2026\/04\/goetter_christentum_beelzebub-200x300.webp 200w, https:\/\/iwell-guard.com\/wp-content\/uploads\/2026\/04\/goetter_christentum_beelzebub-768x1152.webp 768w, https:\/\/iwell-guard.com\/wp-content\/uploads\/2026\/04\/goetter_christentum_beelzebub.webp 1024w\" sizes=\"(max-width: 683px) 100vw, 683px\" \/>\t\t\t\t\t\t\t\t\t\t\t\t\t\t\t<\/div>\n\t\t\t\t<\/div>\n\t\t\t\t\t<\/div>\n\t\t\t\t<\/div>\n\t\t<div class=\"elementor-element elementor-element-32917199 e-flex e-con-boxed e-con e-parent\" data-id=\"32917199\" data-element_type=\"container\" data-e-type=\"container\">\n\t\t\t\t\t<div class=\"e-con-inner\">\n\t\t<div class=\"elementor-element elementor-element-26e916cb e-flex e-con-boxed e-con e-child\" data-id=\"26e916cb\" data-element_type=\"container\" data-e-type=\"container\">\n\t\t\t\t\t<div class=\"e-con-inner\">\n\t\t<div class=\"elementor-element elementor-element-253a40d4 e-flex e-con-boxed e-con e-child\" data-id=\"253a40d4\" data-element_type=\"container\" data-e-type=\"container\">\n\t\t\t\t\t<div class=\"e-con-inner\">\n\t\t\t\t<div class=\"elementor-element elementor-element-1200c304 elementor-widget elementor-widget-heading\" data-id=\"1200c304\" data-element_type=\"widget\" data-e-type=\"widget\" data-widget_type=\"heading.default\">\n\t\t\t\t\t<div class=\"elementor-heading-title elementor-size-default\">Beelzebub<\/div>\t\t\t\t<\/div>\n\t\t\t\t<div class=\"elementor-element elementor-element-11758e7f elementor-widget elementor-widget-text-editor\" data-id=\"11758e7f\" data-element_type=\"widget\" data-e-type=\"widget\" data-widget_type=\"text-editor.default\">\n\t\t\t\t\t\t\t\t\t<p>Beelsebub \u00e4r ett av de mest sl\u00e5ende exemplen p\u00e5 en gestalts omvandling i religionshistorien: ursprungligen lokal gud i den filisteiska staden Ekron (Baal-Zebub, \u201eH\u00e4rlighetens herre\u201d, senare f\u00f6rl\u00f6jligad som \u201eFlugornas herre\u201d), blir han i biblisk och kristen tradition till en huvuddemon. Evangelierna identifierar honom med demonernas furste; medeltida grimoirer placerar honom i rangordning bredvid Satan.<\/p><p><span data-nosnippet>Hans reception visar exemplariskt hur den monoteistiska polemiken g\u00f6r fr\u00e4mmande gudomar till demoner. Namnet \u201eFlugornas herre\u201d \u00e4r sannolikt en medveten f\u00f6rvr\u00e4ngning av <em>Baal-Zebul<\/em> (\u201eBaal, fursten\u201d), vilket anspelar p\u00e5 f\u00f6rruttnelse, flugor och f\u00f6rfall. Som kulturellt verksam gestalt f\u00f6rs han vidare genom folktro, litteratur (William Goldings \u201eLord of the Flies\u201d, 1954) och popul\u00e4rkultur \u00e4nda in i v\u00e5r tid.<\/span><\/p><div><p><strong>Religionshistoriska stationer<\/strong><\/p><p>Beelsebub \u00e4r religionshistoriskt ett av de b\u00e4st dokumenterade exemplen p\u00e5 en gudspejorering: en ursprungligen legitimt dyrkad gud fr\u00e5n en fr\u00e4mmande tradition, som genom judisk och senare kristen polemik omvandlades till en demonisk gestalt.<\/p><p>Den \u00e4ldsta bel\u00e4gget \u00e4r stadsguden i Ekron, en av de fem filisteiska st\u00e4derna, omn\u00e4mnd i Kungaboken (2 Kungaboken 1:2, 6) som <em>Ba\u02bfal-Zebub<\/em> (\u201eFlugornas herre\u201d).<\/p><p><span data-nosnippet>Kung Ahasja av Israel s\u00f6ker i denna text helandebesked hos Ba\u02bfal-Zebub, vilket kommenteras polemiskt och f\u00f6raktfullt av profeten Elia. Den ursprungliga formen kan ha varit <em>Ba\u02bfal-Zebul<\/em> (\u201eDet upph\u00f6jda husets herre\u201d, tempelherre), som den judiska polemiken f\u00f6rvr\u00e4ngde till <em>Ba\u02bfal-Zebub<\/em>; detta har varit forskningsstandard sedan William F. Albright (<em>Yahweh and the Gods of Canaan<\/em>, 1968).<\/span><\/p><\/div>\t\t\t\t\t\t\t\t<\/div>\n\t\t\t\t\t<\/div>\n\t\t\t\t<\/div>\n\t\t<div class=\"elementor-element elementor-element-159dcf9a e-flex e-con-boxed e-con e-child\" data-id=\"159dcf9a\" data-element_type=\"container\" data-e-type=\"container\">\n\t\t\t\t\t<div class=\"e-con-inner\">\n\t\t\t\t<div class=\"elementor-element elementor-element-48cee66f elementor-widget elementor-widget-heading\" data-id=\"48cee66f\" data-element_type=\"widget\" data-e-type=\"widget\" data-widget_type=\"heading.default\">\n\t\t\t\t\t<h2 class=\"elementor-heading-title elementor-size-default\">I \u00f6versikt: Beelzebub<\/h2>\t\t\t\t<\/div>\n\t\t\t\t<div class=\"elementor-element elementor-element-3f50d82c elementor-widget elementor-widget-text-editor\" data-id=\"3f50d82c\" data-element_type=\"widget\" data-e-type=\"widget\" data-widget_type=\"text-editor.default\">\n\t\t\t\t\t\t\t\t\t<p><strong>Typ:<\/strong> Demoniserad fr\u00e4mmande gud, \u00f6verdemon<br>Ursprung: filisteiska staden Ekron<br>Texter: 2 Kung 1, evangelierna, Salomos testament, grimoarer<br>Tidsperiod: brons\u00e5ldern till nutid<br>Funktion: \u00f6verdemon, flugornas furste, f\u00f6rledare<\/p>\t\t\t\t\t\t\t\t<\/div>\n\t\t\t\t\t<\/div>\n\t\t\t\t<\/div>\n\t\t\t\t\t<\/div>\n\t\t\t\t<\/div>\n\t\t\t\t\t<\/div>\n\t\t\t\t<\/div>\n\t\t<div class=\"elementor-element elementor-element-18613602 e-flex e-con-boxed e-con e-parent\" data-id=\"18613602\" data-element_type=\"container\" data-e-type=\"container\">\n\t\t\t\t\t<div class=\"e-con-inner\">\n\t\t\t\t<div class=\"elementor-element elementor-element-262b8a9f elementor-widget elementor-widget-heading\" data-id=\"262b8a9f\" data-element_type=\"widget\" data-e-type=\"widget\" data-widget_type=\"heading.default\">\n\t\t\t\t\t<h2 class=\"elementor-heading-title elementor-size-default\">Inordning<\/h2>\t\t\t\t<\/div>\n\t\t<div class=\"elementor-element elementor-element-46dcb7d e-con-full e-flex e-con e-child\" data-id=\"46dcb7d\" data-element_type=\"container\" data-e-type=\"container\">\n\t\t<div class=\"elementor-element elementor-element-61d3ab3 e-flex e-con-boxed e-con e-child\" data-id=\"61d3ab3\" data-element_type=\"container\" data-e-type=\"container\">\n\t\t\t\t\t<div class=\"e-con-inner\">\n\t\t\t\t<div class=\"elementor-element elementor-element-117c166 elementor-widget elementor-widget-heading\" data-id=\"117c166\" data-element_type=\"widget\" data-e-type=\"widget\" data-widget_type=\"heading.default\">\n\t\t\t\t\t<div class=\"elementor-heading-title elementor-size-default\">Texternas tidsperiod<\/div>\t\t\t\t<\/div>\n\t\t\t\t<div class=\"elementor-element elementor-element-73997a0 elementor-widget elementor-widget-text-editor\" data-id=\"73997a0\" data-element_type=\"widget\" data-e-type=\"widget\" data-widget_type=\"text-editor.default\">\n\t\t\t\t\t\t\t\t\t<p>Tidigaste bel\u00e4gg f\u00f6r den filisteiska Baal-Zebub-<span class=\"iwg-fachbegriff\" data-tooltip=\"Ett v\u00e4sen som dyrkas som gudomligt inom en religion.\" tabindex=\"0\">gudomen<\/span> finns i 2 Kung 1 (900-talet f.Kr.). Demonisering under andra tempeltiden. Framtr\u00e4dande position i Nya testamentet. Utarbetad gestalt i grimoarer fr\u00e5n den tidigmoderna eran (<span class=\"iwg-fachbegriff\" tabindex=\"0\" data-tooltip=\"Samlingshandskrift inom tidigmodern ritualmagi, fem b\u00f6cker (Goetia, Theurgia-Goetia, Ars Paulina, Ars Almadel, Ars Notoria); 1600-talet.\">Lemegeton<\/span>, Pseudomonarchia Daemonum).<\/p>\t\t\t\t\t\t\t\t<\/div>\n\t\t\t\t\t<\/div>\n\t\t\t\t<\/div>\n\t\t<div class=\"elementor-element elementor-element-d47b156 e-flex e-con-boxed e-con e-child\" data-id=\"d47b156\" data-element_type=\"container\" data-e-type=\"container\">\n\t\t\t\t\t<div class=\"e-con-inner\">\n\t\t\t\t<div class=\"elementor-element elementor-element-ff38c2b elementor-widget elementor-widget-heading\" data-id=\"ff38c2b\" data-element_type=\"widget\" data-e-type=\"widget\" data-widget_type=\"heading.default\">\n\t\t\t\t\t<div class=\"elementor-heading-title elementor-size-default\">Utbredningsomr\u00e5de<\/div>\t\t\t\t<\/div>\n\t\t\t\t<div class=\"elementor-element elementor-element-4e49fcc elementor-widget elementor-widget-text-editor\" data-id=\"4e49fcc\" data-element_type=\"widget\" data-e-type=\"widget\" data-widget_type=\"text-editor.default\">\n\t\t\t\t\t\t\t\t\t<p>Ursprungligen Levanten (Ekron), sedan hela den judisk-kristna v\u00e4rlden. Modern mottagande v\u00e4rldsomfattande via litteratur och popul\u00e4rkultur.<\/p>\t\t\t\t\t\t\t\t<\/div>\n\t\t\t\t\t<\/div>\n\t\t\t\t<\/div>\n\t\t\t\t<\/div>\n\t\t<div class=\"elementor-element elementor-element-db03c39 e-con-full e-flex e-con e-child\" data-id=\"db03c39\" data-element_type=\"container\" data-e-type=\"container\">\n\t\t<div class=\"elementor-element elementor-element-229a87b e-flex e-con-boxed e-con e-child\" data-id=\"229a87b\" data-element_type=\"container\" data-e-type=\"container\">\n\t\t\t\t\t<div class=\"e-con-inner\">\n\t\t\t\t<div class=\"elementor-element elementor-element-1f471fc elementor-widget elementor-widget-heading\" data-id=\"1f471fc\" data-element_type=\"widget\" data-e-type=\"widget\" data-widget_type=\"heading.default\">\n\t\t\t\t\t<div class=\"elementor-heading-title elementor-size-default\">K\u00e4ll\u00e4ge<\/div>\t\t\t\t<\/div>\n\t\t\t\t<div class=\"elementor-element elementor-element-36b1201 elementor-widget elementor-widget-text-editor\" data-id=\"36b1201\" data-element_type=\"widget\" data-e-type=\"widget\" data-widget_type=\"text-editor.default\">\n\t\t\t\t\t\t\t\t\t<p>2 Kung 1; evangelierna (Matt 10:25; Matt 12:24; Mark 3:22; Luk 11:15); Salomos testament; grimoarer fr\u00e5n den tidigmoderna eran; Miltons Paradise Lost; modern litteratur.<\/p>\t\t\t\t\t\t\t\t<\/div>\n\t\t\t\t\t<\/div>\n\t\t\t\t<\/div>\n\t\t\t\t<\/div>\n\t\t\t\t\t<\/div>\n\t\t\t\t<\/div>\n\t\t<div class=\"elementor-element elementor-element-3ae0637c e-flex e-con-boxed e-con e-parent\" data-id=\"3ae0637c\" data-element_type=\"container\" data-e-type=\"container\">\n\t\t\t\t\t<div class=\"e-con-inner\">\n\t\t\t\t<div class=\"elementor-element elementor-element-31d07739 elementor-widget elementor-widget-heading\" data-id=\"31d07739\" data-element_type=\"widget\" data-e-type=\"widget\" data-widget_type=\"heading.default\">\n\t\t\t\t\t<h2 class=\"elementor-heading-title elementor-size-default\">Beteckning och stavningar<\/h2>\t\t\t\t<\/div>\n\t\t<div class=\"elementor-element elementor-element-b7642947 e-con-full e-flex e-con e-child\" data-id=\"b7642947\" data-element_type=\"container\" data-e-type=\"container\">\n\t\t\t\t<div class=\"elementor-element elementor-element-a086266 elementor-widget elementor-widget-text-editor\" data-id=\"a086266\" data-element_type=\"widget\" data-e-type=\"widget\" data-widget_type=\"text-editor.default\">\n\t\t\t\t\t\t\t\t\t<p><strong>Bibliskt-hebreiskt:<\/strong> <em>Ba\u02bfal-Zebub<\/em> (&#8221;flugornas herre&#8221;), 2 Kung 1,2.<br>Nytestamentligt-grekiskt: <em>Beelzeboul<\/em> \/ <em>Beelzebul<\/em>.<br>Ursprungligen filisteiskt: troligen <em>Ba\u02bfal-Zebul<\/em> (&#8221;Baal, fursten&#8221;).<br>Medeltida latin: <em>Beelzebub<\/em>.<\/p><p>F\u00f6rskjutningen fr\u00e5n <em>Zebul<\/em> (&#8221;furste&#8221;) till <em>Zebub<\/em> (&#8221;fluga&#8221;) \u00e4r troligen en h\u00e5nfull f\u00f6rvr\u00e4ngning av de bibliska f\u00f6rfattarna. <span class=\"iwg-fachbegriff\" data-tooltip=\"Ett \u00e5terkommande inneh\u00e5llsm\u00e4ssigt element i konst eller ber\u00e4ttelse.\" tabindex=\"0\">Motivet<\/span> med flugan passar den demonologiska semantiken av f\u00f6rruttnelse, f\u00f6rfall och pl\u00e5ga, och f\u00f6rblir ikonografiskt betydelsefullt.<\/p>\t\t\t\t\t\t\t\t<\/div>\n\t\t\t\t<\/div>\n\t\t\t\t\t<\/div>\n\t\t\t\t<\/div>\n\t\t<div class=\"elementor-element elementor-element-709a44a8 e-flex e-con-boxed e-con e-parent\" data-id=\"709a44a8\" data-element_type=\"container\" data-e-type=\"container\">\n\t\t\t\t\t<div class=\"e-con-inner\">\n\t\t\t\t<div class=\"elementor-element elementor-element-2f585873 elementor-widget elementor-widget-heading\" data-id=\"2f585873\" data-element_type=\"widget\" data-e-type=\"widget\" data-widget_type=\"heading.default\">\n\t\t\t\t\t<h2 class=\"elementor-heading-title elementor-size-default\">Beskrivning<\/h2>\t\t\t\t<\/div>\n\t\t<div class=\"elementor-element elementor-element-70621c12 e-con-full e-flex e-con e-child\" data-id=\"70621c12\" data-element_type=\"container\" data-e-type=\"container\">\n\t\t\t\t<div class=\"elementor-element elementor-element-4296eb49 elementor-widget elementor-widget-text-editor\" data-id=\"4296eb49\" data-element_type=\"widget\" data-e-type=\"widget\" data-widget_type=\"text-editor.default\">\n\t\t\t\t\t\t\t\t\t<p><strong>Utseende<\/strong><\/p><p>Bibeln ger ingen bildbeskrivning. Under medeltiden: en j\u00e4ttelik fluga eller en hornad gestalt med flygvingar. I Salomos testamente: den enda manliga <span class=\"iwg-fachbegriff\" data-tooltip=\"Andligt v\u00e4sen som tillskrivs skadlig eller mots\u00e4gelsefull verkan.\" tabindex=\"0\">demonen<\/span>, med brons\u00adf\u00e4rgad hud, h\u00e4rskare \u00f6ver flugorna. I grimoarer: kalvformad eller med tre huvuden.<\/p><p><strong>Beteende<\/strong><\/p><p>Som \u00f6verdemon leder han andra demoner. Traditionen tillskriver honom d\u00f6dssynden frosseri. I h\u00e4xprocesser anges han ofta som personlig <span class=\"iwg-fachbegriff\" tabindex=\"0\" data-tooltip=\"I kristen-medeltida tradition ett formellt avtal mellan m\u00e4nniska och demon, ofta undertecknat med blod.\">pakt<\/span>-partner.<\/p><p><strong>Verkningsomr\u00e5de<\/strong><\/p><p>Kosmiskt \u00e4r han helvetets andra huvudfigur (vid sidan av Satan\/Lucifer). Tematiskt: frosseri, girighet, pest, pl\u00e5ga. I Ekron ursprungligen en helande gud, som efter demoniseringen blev sjukdomsbringare.<\/p><p><strong>Mytologiskt ursprung<\/strong><\/p><p>Filisteisk lokalgud, troligen med helande funktioner (2 Kung 1: kung Ahasja r\u00e5dfr\u00e5gar honom om tillfrisknande). Biblisk polemik demoniserar honom; senare tradition bygger vidare p\u00e5 den demoniska gestalten.<\/p><div><p><strong>De synoptiska evangelierna och den patristiska traditionen<\/strong><\/p><p>I Nya testamentet f\u00f6rekommer Beelsebub fem g\u00e5nger (Matteus 10:25; 12:24, 27; Markus 3:22; Lukas 11:15, 18, 19). Hos synoptikerna \u00e4r han den h\u00f6gsta <span class=\"iwg-fachbegriff\" data-tooltip=\"Andligt v\u00e4sen som tillskrivs skadlig eller mots\u00e4gelsefull verkan.\" tabindex=\"0\">demonen<\/span>, vars makt Jesus enligt anklagelsen missbrukar f\u00f6r att driva ut andra demoner.<\/p><p>Faris\u00e9erna anklagar Jesus f\u00f6r att verka med Beelsebubs hj\u00e4lp; Jesu svar (det ber\u00f6mda \u201eOm Satans rike \u00e4r splittrat mot sig sj\u00e4lv&#8230;&#8221;) likst\u00e4ller i praktiken Beelsebub med Satan.<\/p><p><span data-nosnippet>Denna identifikation blir standard i den senare patristiska traditionen (Tertullianus, Origenes, <span class=\"iwg-fachbegriff\" tabindex=\"0\" data-tooltip=\"Augustinus av Hippo (354\u2013430); kristen kyrkofader, huvudverk Confessiones och De civitate Dei.\">Augustinus<\/span>). I den medeltida demonologin har <em>Compendium maleficarum<\/em> (Francesco Maria Guazzo, 1608) en egen hierarki, d\u00e4r Beelsebub \u00e4r vice-<span class=\"iwg-fachbegriff\" data-tooltip=\"Andligt v\u00e4sen som tillskrivs skadlig eller mots\u00e4gelsefull verkan.\" tabindex=\"0\">demon<\/span> efter Lucifer; i vissa linjer av goetia-traditionen \u00e4r han den andra eller tredje bland goetia-kungarna.<\/span><\/p><\/div>\t\t\t\t\t\t\t\t<\/div>\n\t\t\t\t<\/div>\n\t\t\t\t\t<\/div>\n\t\t\t\t<\/div>\n\t\t<div class=\"elementor-element elementor-element-44e71476 e-flex e-con-boxed e-con e-parent\" data-id=\"44e71476\" data-element_type=\"container\" data-e-type=\"container\">\n\t\t\t\t\t<div class=\"e-con-inner\">\n\t\t\t\t<div class=\"elementor-element elementor-element-3c1fc3f0 elementor-widget elementor-widget-heading\" data-id=\"3c1fc3f0\" data-element_type=\"widget\" data-e-type=\"widget\" data-widget_type=\"heading.default\">\n\t\t\t\t\t<h2 class=\"elementor-heading-title elementor-size-default\">Profil: Beelsebub<\/h2>\t\t\t\t<\/div>\n\t\t<div class=\"elementor-element elementor-element-84f33b8e e-con-full e-flex e-con e-child\" data-id=\"84f33b8e\" data-element_type=\"container\" data-e-type=\"container\">\n\t\t\t\t<div class=\"elementor-element elementor-element-hqkdc67p elementor-widget elementor-widget-text-editor\" data-id=\"hqkdc67p\" data-element_type=\"widget\" data-e-type=\"widget\" data-widget_type=\"text-editor.default\">\n\t\t\t\t\t\t\t\t\t<p>De viktigaste aspekterna av Beelsebub i korthet. Utf\u00f6rliga avsnitt om namn, beskrivning, avv\u00e4rjning och paralleller finner du nedan.<\/p>\t\t\t\t\t\t\t\t<\/div>\n\t\t\t\t<\/div>\n\t\t<div class=\"elementor-element elementor-element-pemmx7c5 e-con-full e-flex e-con e-child\" data-id=\"pemmx7c5\" data-element_type=\"container\" data-e-type=\"container\">\n\t\t<div class=\"elementor-element elementor-element-pemmx7c1 e-con-full e-flex e-con e-child\" data-id=\"pemmx7c1\" data-element_type=\"container\" data-e-type=\"container\">\n\t\t<div class=\"elementor-element elementor-element-qh9oavvu iwg-steckbrief-card e-flex e-con-boxed e-con e-child\" data-id=\"qh9oavvu\" data-element_type=\"container\" data-e-type=\"container\">\n\t\t\t\t\t<div class=\"e-con-inner\">\n\t\t\t\t<div class=\"elementor-element elementor-element-awzx8k2k elementor-widget elementor-widget-heading\" data-id=\"awzx8k2k\" data-element_type=\"widget\" data-e-type=\"widget\" data-widget_type=\"heading.default\">\n\t\t\t\t\t<div class=\"elementor-heading-title elementor-size-default\">Tradition<\/div>\t\t\t\t<\/div>\n\t\t\t\t<div class=\"elementor-element elementor-element-x6rowhv0 elementor-widget elementor-widget-text-editor\" data-id=\"x6rowhv0\" data-element_type=\"widget\" data-e-type=\"widget\" data-widget_type=\"text-editor.default\">\n\t\t\t\t\t\t\t\t\t<p>Ursprungligen gud i Ekron (Baal-Zebul). Genom biblisk polemik omvandlad till \u00f6verdemon. Namnf\u00f6rskjutningen till \u201eflugornas herre&#8221; \u00e4r en medveten f\u00f6rvr\u00e4ngning.<\/p>\t\t\t\t\t\t\t\t<\/div>\n\t\t\t\t\t<\/div>\n\t\t\t\t<\/div>\n\t\t<div class=\"elementor-element elementor-element-8e3o4kxs iwg-steckbrief-card e-flex e-con-boxed e-con e-child\" data-id=\"8e3o4kxs\" data-element_type=\"container\" data-e-type=\"container\">\n\t\t\t\t\t<div class=\"e-con-inner\">\n\t\t\t\t<div class=\"elementor-element elementor-element-08rkdgov elementor-widget elementor-widget-heading\" data-id=\"08rkdgov\" data-element_type=\"widget\" data-e-type=\"widget\" data-widget_type=\"heading.default\">\n\t\t\t\t\t<div class=\"elementor-heading-title elementor-size-default\">Verkningsobjekt<\/div>\t\t\t\t<\/div>\n\t\t\t\t<div class=\"elementor-element elementor-element-uwjelx8s elementor-widget elementor-widget-text-editor\" data-id=\"uwjelx8s\" data-element_type=\"widget\" data-e-type=\"widget\" data-widget_type=\"text-editor.default\">\n\t\t\t\t\t\t\t\t\t<p>Trosbyte och apostater (i NT); i medeltida tradition: frosseri, h\u00e4xpaktspartner, pest-<span class=\"iwg-fachbegriff\" data-tooltip=\"G\u00e5va till en gudom f\u00f6r att uttrycka tack, b\u00f6n eller v\u00f6rdnad.\" tabindex=\"0\">offer<\/span>.<\/p>\t\t\t\t\t\t\t\t<\/div>\n\t\t\t\t\t<\/div>\n\t\t\t\t<\/div>\n\t\t<div class=\"elementor-element elementor-element-jm2n74ec iwg-steckbrief-card e-flex e-con-boxed e-con e-child\" data-id=\"jm2n74ec\" data-element_type=\"container\" data-e-type=\"container\">\n\t\t\t\t\t<div class=\"e-con-inner\">\n\t\t\t\t<div class=\"elementor-element elementor-element-8vufse4c elementor-widget elementor-widget-heading\" data-id=\"8vufse4c\" data-element_type=\"widget\" data-e-type=\"widget\" data-widget_type=\"heading.default\">\n\t\t\t\t\t<div class=\"elementor-heading-title elementor-size-default\">Utseende<\/div>\t\t\t\t<\/div>\n\t\t\t\t<div class=\"elementor-element elementor-element-mwb9u015 elementor-widget elementor-widget-text-editor\" data-id=\"mwb9u015\" data-element_type=\"widget\" data-e-type=\"widget\" data-widget_type=\"text-editor.default\">\n\t\t\t\t\t\t\t\t\t<p>J\u00e4ttelik fluga eller hornad gestalt med flygvingar. I grimoarer kalvformad eller treh\u00f6vdad. Bronsf\u00e4rgad hud i Salomos testament.<\/p>\t\t\t\t\t\t\t\t<\/div>\n\t\t\t\t\t<\/div>\n\t\t\t\t<\/div>\n\t\t\t\t<\/div>\n\t\t<div class=\"elementor-element elementor-element-pemmx7c2 e-con-full e-flex e-con e-child\" data-id=\"pemmx7c2\" data-element_type=\"container\" data-e-type=\"container\">\n\t\t<div class=\"elementor-element elementor-element-37ss2yr6 iwg-steckbrief-card e-flex e-con-boxed e-con e-child\" data-id=\"37ss2yr6\" data-element_type=\"container\" data-e-type=\"container\">\n\t\t\t\t\t<div class=\"e-con-inner\">\n\t\t\t\t<div class=\"elementor-element elementor-element-3v0wp3wx elementor-widget elementor-widget-heading\" data-id=\"3v0wp3wx\" data-element_type=\"widget\" data-e-type=\"widget\" data-widget_type=\"heading.default\">\n\t\t\t\t\t<div class=\"elementor-heading-title elementor-size-default\">Funktion<\/div>\t\t\t\t<\/div>\n\t\t\t\t<div class=\"elementor-element elementor-element-w3247g2m elementor-widget elementor-widget-text-editor\" data-id=\"w3247g2m\" data-element_type=\"widget\" data-e-type=\"widget\" data-widget_type=\"text-editor.default\">\n\t\t\t\t\t\t\t\t\t<p>Leder andra demoner, orsakar pest och frosseri, f\u00f6rekommer i paktber\u00e4ttelser. Som filisteernas <span class=\"iwg-fachbegriff\" data-tooltip=\"En plats eller institution d\u00e4r ett gudomligt svar inh\u00e4mtas.\" tabindex=\"0\">orakel<\/span>-gud: helande eller profetia, senare v\u00e4nt till sin motsats.<\/p>\t\t\t\t\t\t\t\t<\/div>\n\t\t\t\t\t<\/div>\n\t\t\t\t<\/div>\n\t\t<div class=\"elementor-element elementor-element-0qpjal9w iwg-steckbrief-card e-flex e-con-boxed e-con e-child\" data-id=\"0qpjal9w\" data-element_type=\"container\" data-e-type=\"container\">\n\t\t\t\t\t<div class=\"e-con-inner\">\n\t\t\t\t<div class=\"elementor-element elementor-element-6ndoih0o elementor-widget elementor-widget-heading\" data-id=\"6ndoih0o\" data-element_type=\"widget\" data-e-type=\"widget\" data-widget_type=\"heading.default\">\n\t\t\t\t\t<div class=\"elementor-heading-title elementor-size-default\">Avv\u00e4rjning av Beelsebub<\/div>\t\t\t\t<\/div>\n\t\t\t\t<div class=\"elementor-element elementor-element-6684tyh9 elementor-widget elementor-widget-text-editor\" data-id=\"6684tyh9\" data-element_type=\"widget\" data-e-type=\"widget\" data-widget_type=\"text-editor.default\">\n\t\t\t\t\t\t\t\t\t<p><span class=\"iwg-fachbegriff\" data-tooltip=\"Rituell utdrivning av en ande eller demon som uppfattas som skadlig.\" tabindex=\"0\">Exorcism<\/span>, undvikande av namnet, sakrament. S\u00e4rskilt under 1600-talet n\u00e4mns han i r\u00e4tteg\u00e5ngshandlingar som paktpartner, med bikt och avl\u00f6sning genom pr\u00e4st.<\/p>\t\t\t\t\t\t\t\t<\/div>\n\t\t\t\t\t<\/div>\n\t\t\t\t<\/div>\n\t\t<div class=\"elementor-element elementor-element-3lfi7x32 iwg-steckbrief-card e-flex e-con-boxed e-con e-child\" data-id=\"3lfi7x32\" data-element_type=\"container\" data-e-type=\"container\">\n\t\t\t\t\t<div class=\"e-con-inner\">\n\t\t\t\t<div class=\"elementor-element elementor-element-0kg99ga1 elementor-widget elementor-widget-heading\" data-id=\"0kg99ga1\" data-element_type=\"widget\" data-e-type=\"widget\" data-widget_type=\"heading.default\">\n\t\t\t\t\t<div class=\"elementor-heading-title elementor-size-default\">Motsvarigheter<\/div>\t\t\t\t<\/div>\n\t\t\t\t<div class=\"elementor-element elementor-element-n0fum6kp elementor-widget elementor-widget-text-editor\" data-id=\"n0fum6kp\" data-element_type=\"widget\" data-e-type=\"widget\" data-widget_type=\"text-editor.default\">\n\t\t\t\t\t\t\t\t\t<p>Baal-gestalter (kanaaneiska, som ursprunglig skikt), Mammon (kristen girighets-<span class=\"iwg-fachbegriff\" data-tooltip=\"Andligt v\u00e4sen som tillskrivs skadlig eller mots\u00e4gelsefull verkan.\" tabindex=\"0\">demon<\/span>), Asmodai (judisk tradition), allm\u00e4nt: <span class=\"iwg-fachbegriff\" data-tooltip=\"Ett \u00e5terkommande inneh\u00e5llsligt element i konst eller ber\u00e4ttelse.\" tabindex=\"0\">motiv<\/span> med demoniserade fr\u00e4mmande gudar.<\/p>\t\t\t\t\t\t\t\t<\/div>\n\t\t\t\t\t<\/div>\n\t\t\t\t<\/div>\n\t\t\t\t<\/div>\n\t\t\t\t<\/div>\n\t\t\t\t\t<\/div>\n\t\t\t\t<\/div>\n\t\t<div class=\"elementor-element elementor-element-7533bc7a e-flex e-con-boxed e-con e-parent\" data-id=\"7533bc7a\" data-element_type=\"container\" data-e-type=\"container\">\n\t\t\t\t\t<div class=\"e-con-inner\">\n\t\t\t\t<div class=\"elementor-element elementor-element-2447d18d elementor-widget elementor-widget-heading\" data-id=\"2447d18d\" data-element_type=\"widget\" data-e-type=\"widget\" data-widget_type=\"heading.default\">\n\t\t\t\t\t<h2 class=\"elementor-heading-title elementor-size-default\">Avv\u00e4rjning i vardagen<\/h2>\t\t\t\t<\/div>\n\t\t<div class=\"elementor-element elementor-element-d5d0260c e-con-full e-flex e-con e-child\" data-id=\"d5d0260c\" data-element_type=\"container\" data-e-type=\"container\">\n\t\t\t\t<div class=\"elementor-element elementor-element-341be2ac elementor-widget elementor-widget-text-editor\" data-id=\"341be2ac\" data-element_type=\"widget\" data-e-type=\"widget\" data-widget_type=\"text-editor.default\">\n\t\t\t\t\t\t\t\t\t<p><strong>Ritualer till avv\u00e4rjning<\/strong><\/p><p><span class=\"iwg-fachbegriff\" data-tooltip=\"Rituell utdrivning av en ande eller demon som uppfattas som skadlig.\" tabindex=\"0\">Exorcism<\/span> i kyrklig tradition. Benedictusmedaljen, som adresserar alla \u00f6verdemoner p\u00e5 en g\u00e5ng. \u00c4ldre folklig praxis: kors och vigvatten p\u00e5 platser under pesttider.<\/p><p><strong>Besv\u00e4rjelser<\/strong><\/p><p>Grimoarer (Lemegeton, Pseudomonarchia Daemonum) listar Beelsebub med sigill, rang och tj\u00e4narskara. Den skolastiska <span class=\"iwg-fachbegriff\" data-tooltip=\"Den vetenskapliga l\u00e4ran om Gud och en religions tro.\" tabindex=\"0\">teologin<\/span> f\u00f6rd\u00f6mer s\u00e5dana bindningsformler, men litteraturen forts\u00e4tter att v\u00e4xa.<\/p><p><strong>Amuletter och skyddssymboler<\/strong><\/p><p>Som med Satan: kors, krucifix, Benedictusmedalj. Specifikt under pesttider: pesthelgonmedaljer (Sebastian, Rochus), som symboliskt f\u00f6r tillbaka flugpl\u00e5gan p\u00e5 Beelsebub.<\/p>\t\t\t\t\t\t\t\t<\/div>\n\t\t\t\t<\/div>\n\t\t\t\t\t<\/div>\n\t\t\t\t<\/div>\n\t\t<div class=\"elementor-element elementor-element-5a584676 e-flex e-con-boxed e-con e-parent\" data-id=\"5a584676\" data-element_type=\"container\" data-e-type=\"container\">\n\t\t\t\t\t<div class=\"e-con-inner\">\n\t\t\t\t<div class=\"elementor-element elementor-element-6d0757bf elementor-widget elementor-widget-heading\" data-id=\"6d0757bf\" data-element_type=\"widget\" data-e-type=\"widget\" data-widget_type=\"heading.default\">\n\t\t\t\t\t<h2 class=\"elementor-heading-title elementor-size-default\">Reception<\/h2>\t\t\t\t<\/div>\n\t\t<div class=\"elementor-element elementor-element-60563f68 e-con-full e-flex e-con e-child\" data-id=\"60563f68\" data-element_type=\"container\" data-e-type=\"container\">\n\t\t\t\t<div class=\"elementor-element elementor-element-5a93fdd6 elementor-widget elementor-widget-text-editor\" data-id=\"5a93fdd6\" data-element_type=\"widget\" data-e-type=\"widget\" data-widget_type=\"text-editor.default\">\n\t\t\t\t\t\t\t\t\t<p><strong>Medeltiden och <span class=\"iwg-fachbegriff\" data-tooltip=\"Epok ungef\u00e4r fr\u00e5n 1400-talet till 1700-talet.\" tabindex=\"0\">tidigmodern tid<\/span>:<\/strong> I grimoirer andra rang efter Satan\/Lucifer. I h\u00e4xprocesser ofta som pakt-partner. I exempelsamlingar pestbringare.<\/p><p><strong>Milton:<\/strong> Miltons Paradise Lost (1667) g\u00f6r Beelzebub till Satans n\u00e4rmaste f\u00f6rtrogne och till en retoriskt skicklig r\u00e5dgivare i Pandemonium.<\/p><p><strong>Modern tid<\/strong><\/p><p><span data-nosnippet>William Goldings <em>Lord of the Flies<\/em> (1954) anv\u00e4nder Beelzebub som <span class=\"iwg-fachbegriff\" data-tooltip=\"Ett tecken som representerar en f\u00f6rest\u00e4llning eller betydelse.\" tabindex=\"0\">symbol<\/span> f\u00f6r inre f\u00f6rvildning. Heavy metal, fantasy och film tar upp gestalten, oftast som sinnebild f\u00f6r demonisk nedbrytning.<\/span><\/p><div><p><strong>Huvudkorpus av k\u00e4llor<\/strong><\/p><p><span data-nosnippet>Verk om Beelzebub-forskningen: Joachim Tubach, <em>Im Schatten des Sonnengottes<\/em> (Otto Harrassowitz, Wiesbaden 1986), f\u00f6r den ugaritisk-kanaaneiska f\u00f6rhistorien. William F. Albright, <em>Yahweh and the Gods of Canaan<\/em> (Doubleday, Garden City NY 1968), grundl\u00e4ggande f\u00f6r den judiska polemiken mot Baal-traditionen. Marvin H. Pope, <em>Job<\/em> (Anchor Bible, 1973), f\u00f6r den gammaltestamentliga diskussionen.<\/span><\/p><p><span data-nosnippet><span class=\"iwg-fachbegriff\" tabindex=\"0\" data-tooltip=\"Amerikansk religionshistoriker (f. 1934); fyrdelad studie om dj\u00e4vulens historia (1977\u20131986).\">Jeffrey Burton Russell<\/span>, <em>The Devil. Perceptions of Evil from Antiquity to Primitive Christianity<\/em> (Cornell University Press, Ithaca 1977) och <em>Satan. The Early Christian Tradition<\/em> (1981) f\u00f6r den patristiska bearbetningen. Joseph Peterson (red.), <em>The Lesser Key of Solomon<\/em> (Weiser, Boston 2001), f\u00f6r goetia-traditionen.<\/span><\/p><\/div>\t\t\t\t\t\t\t\t<\/div>\n\t\t\t\t<\/div>\n\t\t\t\t\t<\/div>\n\t\t\t\t<\/div>\n\t\t<div class=\"elementor-element elementor-element-cp23669fd e-flex e-con-boxed e-con e-parent\" data-id=\"cp23669fd\" data-element_type=\"container\" data-e-type=\"container\">\n\t\t\t\t\t<div class=\"e-con-inner\">\n\t\t\t\t<div class=\"elementor-element elementor-element-cp6e4ef2a elementor-widget elementor-widget-heading\" data-id=\"cp6e4ef2a\" data-element_type=\"widget\" data-e-type=\"widget\" data-widget_type=\"heading.default\">\n\t\t\t\t\t<h2 class=\"elementor-heading-title elementor-size-default\">Baal-Zebub av Ekron: den bibliska utg\u00e5ngspunkten<\/h2>\t\t\t\t<\/div>\n\t\t<div class=\"elementor-element elementor-element-cp36a1bf3 e-con-full e-flex e-con e-child\" data-id=\"cp36a1bf3\" data-element_type=\"container\" data-e-type=\"container\">\n\t\t\t\t<div class=\"elementor-element elementor-element-cp9e719be elementor-widget elementor-widget-text-editor\" data-id=\"cp9e719be\" data-element_type=\"widget\" data-e-type=\"widget\" data-widget_type=\"text-editor.default\">\n\t\t\t\t\t\t\t\t\t<p>Namnet Beelzebub g\u00e5r tillbaka p\u00e5 ett konkret st\u00e4lle i Gamla testamentet. I Andra Kungaboken, kapitel 1, s\u00e4nder den sjuke kung Ahasja av Israel ut budb\u00e4rare f\u00f6r att r\u00e5dfr\u00e5ga <em>Baal-Zebub<\/em>, guden av Ekron.<\/p><p>Ekron var en av filist\u00e9ernas fem huvudst\u00e4der. Profeten Elia f\u00e5ngar upp budb\u00e4rarna och f\u00f6rkunnar kungens d\u00f6d, eftersom han r\u00e5dfr\u00e5gat en fr\u00e4mmande gud ist\u00e4llet f\u00f6r Israels Gud.<\/p><p>Namnet <em>Baal-Zebub<\/em> betyder ordagrant &#8222;flugornas herre&#8220;. I forskningen anses detta i huvudsak vara en f\u00f6rvr\u00e4ngande f\u00f6rl\u00f6jligande av en ursprunglig titel.<\/p><p>Man antar ett ursprungligt <em>Baal-Zebul<\/em>, &#8222;upph\u00f6jd herre&#8220; eller &#8222;furst Baal&#8220;, d\u00e4r <em>zebul<\/em> h\u00e4nger samman med begreppet f\u00f6r en f\u00f6rh\u00f6jd boning eller ett furstes\u00e4te. De bibliska f\u00f6rfattarna ska avsiktligt ha f\u00f6rvr\u00e4ngt den hedrande titeln till &#8222;flugornas herre&#8220; f\u00f6r att f\u00f6rl\u00f6jliga den fr\u00e4mmande <span class=\"iwg-fachbegriff\" data-tooltip=\"Helheten av religi\u00f6sa v\u00f6rdnadshandlingar f\u00f6r en gudom eller helig gestalt.\" tabindex=\"0\">kulten<\/span>.<\/p><p>Denna tolkning st\u00f6ds \u00e4ven av de ugaritiska texterna, d\u00e4r Baal f\u00f6rekommer med tillnamnet <em>zbl<\/em>. Den \u00e4r inte s\u00e4kerst\u00e4lld, men den \u00e4r den mest spridda f\u00f6rklaringen. Kvar st\u00e5r att det inledningsvis inte handlar om en demongestalt utan om en v\u00e4stsemitisk v\u00e4dergudom, som fr\u00e5n Israels sida uppfattades som en fientlig fr\u00e4mmande gud.<\/p><p>Att en regional Baal-<span class=\"iwg-fachbegriff\" data-tooltip=\"Helheten av religi\u00f6sa v\u00f6rdnadshandlingar f\u00f6r en gudom eller helig gestalt.\" tabindex=\"0\">kult<\/span> i filisterstaden Ekron blev en central gestalt i den senare demonologin \u00e4r ett skolexempel p\u00e5 hur en religion omtolkar sina grannars gudar. Den en g\u00e5ng v\u00f6rdade herren blir en f\u00f6raktad avgud och slutligen en <span class=\"iwg-fachbegriff\" data-tooltip=\"Andligt v\u00e4sen som tillskrivs skadlig eller ambivalent verkan.\" tabindex=\"0\">demon<\/span>.<\/p>\t\t\t\t\t\t\t\t<\/div>\n\t\t\t\t<\/div>\n\t\t\t\t\t<\/div>\n\t\t\t\t<\/div>\n\t\t<div class=\"elementor-element elementor-element-cp4d57078 e-flex e-con-boxed e-con e-parent\" data-id=\"cp4d57078\" data-element_type=\"container\" data-e-type=\"container\">\n\t\t\t\t\t<div class=\"e-con-inner\">\n\t\t\t\t<div class=\"elementor-element elementor-element-cp02351eb elementor-widget elementor-widget-heading\" data-id=\"cp02351eb\" data-element_type=\"widget\" data-e-type=\"widget\" data-widget_type=\"heading.default\">\n\t\t\t\t\t<h2 class=\"elementor-heading-title elementor-size-default\">Fr\u00e5n avgud till demonfurste: utvecklingen i Nya testamentet och d\u00e4refter<\/h2>\t\t\t\t<\/div>\n\t\t<div class=\"elementor-element elementor-element-cp66af76f e-con-full e-flex e-con e-child\" data-id=\"cp66af76f\" data-element_type=\"container\" data-e-type=\"container\">\n\t\t\t\t<div class=\"elementor-element elementor-element-cp116f42b elementor-widget elementor-widget-text-editor\" data-id=\"cp116f42b\" data-element_type=\"widget\" data-e-type=\"widget\" data-widget_type=\"text-editor.default\">\n\t\t\t\t\t\t\t\t\t<p>I Nya testamentet f\u00f6rekommer namnet i en n\u00e5got f\u00f6r\u00e4ndrad form som <em>Beelzebul<\/em>. I de synoptiska evangelierna anklagar Jesu motst\u00e5ndare honom f\u00f6r att driva ut demoner med hj\u00e4lp av <em>Beelzebul<\/em>, som d\u00e4r kallas &#8222;demonernas \u00f6verhuvud&#8220;.<\/p><p>Jesus avvisar anklagelsen med det k\u00e4nda argumentet att ett rike splittrat i sig sj\u00e4lvt inte kan best\u00e5.<\/p><p>Vid denna punkt har utvecklingen redan g\u00e5tt l\u00e5ngt: den forna filisterguden \u00e4r nu en anf\u00f6rare f\u00f6r demonerna, i praktiken likst\u00e4lld med eller n\u00e4ra knuten till Satan. Evangelierna sj\u00e4lva etablerar identifikationen genom att i argumentationens f\u00f6rlopp \u00f6verg\u00e5 fr\u00e5n Beelzebul till Satan.<\/p><p>I den efterbibliska kristna traditionen utvecklades Beelzebub till en egen gestalt inom helvetets hierarki. Medeltida och tidigmoderna demonologier tilldelade honom en h\u00f6g rang, ofta som en av de m\u00e4ktigaste fallna <span class=\"iwg-fachbegriff\" data-tooltip=\"I de abrahamitiska religionerna ett himmelskt budb\u00e4rarv\u00e4sen fr\u00e5n Gud.\" tabindex=\"0\">\u00e4nglarna<\/span> direkt efter <a href=\"https:\/\/iwell-guard.com\/sv\/lucifer\/\">Lucifer<\/a> eller <a href=\"https:\/\/iwell-guard.com\/sv\/satan\/\">Satan<\/a>. I n\u00e5gra av dessa system f\u00f6rdes han till och med fram som helvetets egentliga \u00f6verherre.<\/p><p>Dessa hierarkier utg\u00f6r ingen enhetlig l\u00e4ra, utan produkter av en spekulativ litteratur som varierar fr\u00e5n f\u00f6rfattare till f\u00f6rfattare. Kvar st\u00e5r den religionshistoriska linjen: en v\u00e4stsemitisk Baal, f\u00f6rl\u00f6jligad av den hebreiska Bibeln som fr\u00e4mmande gud, f\u00f6rklarad till demonfurste i Nya testamentet, utformad till en fast storhet i helvetestopografin under den kristna medeltiden.<\/p>\t\t\t\t\t\t\t\t<\/div>\n\t\t\t\t<\/div>\n\t\t\t\t\t<\/div>\n\t\t\t\t<\/div>\n\t\t<div class=\"elementor-element elementor-element-cpae21100 e-flex e-con-boxed e-con e-parent\" data-id=\"cpae21100\" data-element_type=\"container\" data-e-type=\"container\">\n\t\t\t\t\t<div class=\"e-con-inner\">\n\t\t\t\t<div class=\"elementor-element elementor-element-cp2c6c91c elementor-widget elementor-widget-heading\" data-id=\"cp2c6c91c\" data-element_type=\"widget\" data-e-type=\"widget\" data-widget_type=\"heading.default\">\n\t\t\t\t\t<h2 class=\"elementor-heading-title elementor-size-default\">Beelzebub i exorcismhandb\u00f6cker och h\u00e4xprocesser<\/h2>\t\t\t\t<\/div>\n\t\t<div class=\"elementor-element elementor-element-cp64b7856 e-con-full e-flex e-con e-child\" data-id=\"cp64b7856\" data-element_type=\"container\" data-e-type=\"container\">\n\t\t\t\t<div class=\"elementor-element elementor-element-cp7055b54 elementor-widget elementor-widget-text-editor\" data-id=\"cp7055b54\" data-element_type=\"widget\" data-e-type=\"widget\" data-widget_type=\"text-editor.default\">\n\t\t\t\t\t\t\t\t\t<p>Under den tidigmoderna eran fick Beelzebub praktisk betydelse i tv\u00e5 sammanhang: inom <span class=\"iwg-fachbegriff\" data-tooltip=\"Rituell utdrivning av en ande eller demon som anses skadlig.\" tabindex=\"0\">exorcism<\/span> och i h\u00e4xprocesserna. Exorcismhandb\u00f6cker, som anv\u00e4ndes f\u00f6r att f\u00f6rh\u00f6ra p\u00e5st\u00e5tt besatta personer, listade demonnamn. Beelzebub var ett av de namn som exorcisten skulle fr\u00e5ga efter, eftersom man trodde att kunskapen om namnet gav makt \u00f6ver <span class=\"iwg-fachbegriff\" data-tooltip=\"Andligt v\u00e4sen som tillskrivs skadlig eller mots\u00e4gelsefull verkan.\" tabindex=\"0\">demonen<\/span>.<\/p><p>Det mest k\u00e4nda fallet \u00e4r Loudun i Frankrike, d\u00e4r nunnor i ett kloster ans\u00e5gs besatta under 1630-talet. I protokollen fr\u00e5n detta och liknande fall f\u00f6rekommer Beelzebub bland de n\u00e4mnda demonerna.<\/p><p>Den historiska forskningen, till exempel Michel de Certeaus inflytelserika studie om Loudun, har visat hur starkt s\u00e5dana fall pr\u00e4glades av sociala konflikter, teologisk konkurrens och exorcisternas f\u00f6rv\u00e4ntningar.<\/p><p>I h\u00e4xprocesserna framst\u00e4lldes Beelzebub ibland som den <span class=\"iwg-fachbegriff\" data-tooltip=\"Andligt v\u00e4sen som tillskrivs skadlig eller mots\u00e4gelsefull verkan.\" tabindex=\"0\">demon<\/span> som de anklagade p\u00e5stods ha ing\u00e5tt pakt med. \u00c4ven h\u00e4r kr\u00e4vs f\u00f6rsiktighet: utsagorna avgavs under tortyr eller hot om tortyr och f\u00f6ljde f\u00f6rh\u00f6rsledarnas f\u00f6rutfattade m\u00f6nster.<\/p><p>En egen linje utg\u00f6r den s\u00e5 kallade grimoire-litteraturen, magiska handb\u00f6cker med p\u00e5st\u00e5dda anvisningar f\u00f6r <span class=\"iwg-fachbegriff\" data-tooltip=\"Ett spr\u00e5kligt ritual avsett att \u00e5kalla eller binda en makt.\" tabindex=\"0\">\u00e5kallan<\/span> av andar. Verk som <em>Gro\u00dfe Grimoire<\/em> eller skrifterna kring <em>H\u00f6llenzwang<\/em> n\u00e4mner Beelzebub bland de furstar i helvetet som kan \u00e5kallas. Dessa texter \u00e4r sena, ofta tidigmoderna eller \u00e4nnu yngre sammanst\u00e4llningar utan <span class=\"iwg-fachbegriff\" data-tooltip=\"Epok inom den grekiska och romerska kulturen, cirka 800 f.Kr. till 600 e.Kr.\" tabindex=\"0\">antik<\/span> grund; de speglar folkliga f\u00f6rest\u00e4llningar om magi, inte en gammal tradition.<\/p>\t\t\t\t\t\t\t\t<\/div>\n\t\t\t\t<\/div>\n\t\t\t\t\t<\/div>\n\t\t\t\t<\/div>\n\t\t<div class=\"elementor-element elementor-element-cpfd1dce0 e-flex e-con-boxed e-con e-parent\" data-id=\"cpfd1dce0\" data-element_type=\"container\" data-e-type=\"container\">\n\t\t\t\t\t<div class=\"e-con-inner\">\n\t\t\t\t<div class=\"elementor-element elementor-element-cp4b0e833 elementor-widget elementor-widget-heading\" data-id=\"cp4b0e833\" data-element_type=\"widget\" data-e-type=\"widget\" data-widget_type=\"heading.default\">\n\t\t\t\t\t<h2 class=\"elementor-heading-title elementor-size-default\">Flugan som bild: ikonografi och litter\u00e4r reception<\/h2>\t\t\t\t<\/div>\n\t\t<div class=\"elementor-element elementor-element-cpc448622 e-con-full e-flex e-con e-child\" data-id=\"cpc448622\" data-element_type=\"container\" data-e-type=\"container\">\n\t\t\t\t<div class=\"elementor-element elementor-element-cp963cee2 elementor-widget elementor-widget-text-editor\" data-id=\"cp963cee2\" data-element_type=\"widget\" data-e-type=\"widget\" data-widget_type=\"text-editor.default\">\n\t\t\t\t\t\t\t\t\t<p>Den ordagranna betydelsen &#8222;flugornas herre&#8220; har starkt pr\u00e4glat bildv\u00e4rlden kring Beelzebub, \u00e4ven om den ursprungligen var ett h\u00e5nord. I kristen konst och litteratur blev flugan ett attribut. Flugor ans\u00e5gs vara f\u00f6rbundna med f\u00f6rruttnelse, kadaver och sjukdom, vilket passade v\u00e4l in i f\u00f6rest\u00e4llningen om en demon f\u00f6rknippad med f\u00f6rfall och orenhet.<\/p><p>I vissa medeltida och tidigmoderna framst\u00e4llningar visas Beelzebub som en enorm fluglik eller insektsliknande varelse, i andra som en bevingad <span class=\"iwg-fachbegriff\" data-tooltip=\"Andligt v\u00e4sen som tillskrivs skadlig eller mots\u00e4gelsefull verkan.\" tabindex=\"0\">demon<\/span> av mer traditionellt slag. Det finns ingen enhetlig <span class=\"iwg-fachbegriff\" data-tooltip=\"L\u00e4ran om bildinneh\u00e5ll och deras betydelse.\" tabindex=\"0\">ikonografi<\/span>; konstn\u00e4rerna f\u00f6ljde olika demonologier och sin egen fantasi.<\/p><p>Den litter\u00e4ra receptionen \u00e4r omfattande. John Miltons <em>Paradise Lost<\/em> fr\u00e5n 1600-talet introducerar Beelzebub som den n\u00e4st Satan h\u00f6gst rankade fallna <span class=\"iwg-fachbegriff\" data-tooltip=\"I de abrahamitiska religionerna ett himmelskt s\u00e4ndebud fr\u00e5n Gud.\" tabindex=\"0\">\u00e4ngeln<\/span>, som hans kloke och v\u00e4rdige r\u00e5dgivare. Milton ger honom d\u00e4rmed en litter\u00e4rt utarbetad personlighet som g\u00e5r l\u00e5ngt bortom de sparsamma bibliska antydningarna.<\/p><p><span data-nosnippet>Under 1900-talet gjorde William Goldings roman <em>Lord of the Flies<\/em> (1954) namnet k\u00e4nt f\u00f6r en bred l\u00e4sekrets, utan att l\u00e5ta <span class=\"iwg-fachbegriff\" data-tooltip=\"Andligt v\u00e4sen som tillskrivs skadlig eller mots\u00e4gelsefull verkan.\" tabindex=\"0\">demonen<\/span> sj\u00e4lv upptr\u00e4da: titeln syftar p\u00e5 det p\u00e5 en p\u00e5le uppsatta, av flugor omsv\u00e4rmade svinhuvudet och p\u00e5 det onda som enligt Golding finns inom m\u00e4nniskan sj\u00e4lv.<\/span><\/p><p>Beelzebub \u00e4r d\u00e4rmed i den moderna kulturen mindre en konkret gestalt \u00e4n en <span class=\"iwg-fachbegriff\" data-tooltip=\"En bildlig framst\u00e4llning som representerar en abstrakt tanke.\" tabindex=\"0\">symbol<\/span> f\u00f6r f\u00f6rfall och f\u00f6r det onda som kommer inifr\u00e5n.<\/p>\t\t\t\t\t\t\t\t<\/div>\n\t\t\t\t<\/div>\n\t\t\t\t\t<\/div>\n\t\t\t\t<\/div>\n\t\t<div class=\"elementor-element elementor-element-36dd7469 e-flex e-con-boxed e-con e-parent\" data-id=\"36dd7469\" data-element_type=\"container\" data-e-type=\"container\">\n\t\t\t\t\t<div class=\"e-con-inner\">\n\t\t\t\t<div class=\"elementor-element elementor-element-13760ab4 elementor-widget elementor-widget-heading\" data-id=\"13760ab4\" data-element_type=\"widget\" data-e-type=\"widget\" data-widget_type=\"heading.default\">\n\t\t\t\t\t<div class=\"elementor-heading-title elementor-size-default\">Vidare l\u00e4nkar<\/div>\t\t\t\t<\/div>\n\t\t<div class=\"elementor-element elementor-element-28c87796 e-con-full e-flex e-con e-child\" data-id=\"28c87796\" data-element_type=\"container\" data-e-type=\"container\">\n\t\t\t\t<div class=\"elementor-element elementor-element-5d6538df elementor-widget elementor-widget-text-editor\" data-id=\"5d6538df\" data-element_type=\"widget\" data-e-type=\"widget\" data-widget_type=\"text-editor.default\">\n\t\t\t\t\t\t\t\t\t<p>Rekommenderade interna l\u00e4nkar:<\/p><ul><li><a href=\"https:\/\/iwell-guard.com\/sv\/kristendomen\/\">Kristendom<\/a><\/li><li><a href=\"https:\/\/iwell-guard.com\/sv\/satan\/\">Satan<\/a>, <a href=\"https:\/\/iwell-guard.com\/sv\/lucifer\/\">Lucifer<\/a>, <a href=\"https:\/\/iwell-guard.com\/sv\/leviathan\/\">Leviatan<\/a>, <a href=\"https:\/\/iwell-guard.com\/sv\/legion-besatthet-och-kollektiva-demoner\/\">Legion<\/a><\/li><li>Demonisering av fr\u00e4mmande gudar i biblisk polemik<\/li><li>Grimoire-litteratur<\/li><li>Pesthelgon-<span class=\"iwg-fachbegriff\" data-tooltip=\"L\u00e4ran om bildinneh\u00e5ll och deras betydelse.\" tabindex=\"0\">ikonografi<\/span><\/li><\/ul>\t\t\t\t\t\t\t\t<\/div>\n\t\t\t\t<\/div>\n\t\t\t\t\t<\/div>\n\t\t\t\t<\/div>\n\t\t<div class=\"elementor-element elementor-element-grl4kl40 e-flex e-con-boxed e-con e-parent\" data-id=\"grl4kl40\" data-element_type=\"container\" data-e-type=\"container\">\n\t\t\t\t\t<div class=\"e-con-inner\">\n\t\t\t\t<div class=\"elementor-element elementor-element-bzsbfrmh elementor-widget elementor-widget-heading\" data-id=\"bzsbfrmh\" data-element_type=\"widget\" data-e-type=\"widget\" data-widget_type=\"heading.default\">\n\t\t\t\t\t<h2 class=\"elementor-heading-title elementor-size-default\">Litteratur (urval)<\/h2>\t\t\t\t<\/div>\n\t\t<div class=\"elementor-element elementor-element-2c13224a e-con-full e-flex e-con e-child\" data-id=\"2c13224a\" data-element_type=\"container\" data-e-type=\"container\">\n\t\t\t\t<div class=\"elementor-element elementor-element-0eymh9ub elementor-widget elementor-widget-text-editor\" data-id=\"0eymh9ub\" data-element_type=\"widget\" data-e-type=\"widget\" data-widget_type=\"text-editor.default\">\n\t\t\t\t\t\t\t\t\t<footer class=\"iwg-literatur\" data-nosnippet=\"true\"><p>Ett urval centrala arbeten om Beelzebub:<\/p><ul><li><span data-nosnippet>Tate, Marvin \/ Haas, Peter (red.): <em>Baal Worship in the Old Testament<\/em>. Studies 1991.<\/span><\/li><li><span data-nosnippet>Duling, Dennis C.: \u201eTestament of Solomon.&#8221; I: James Charlesworth (red.): <em>Old Testament Pseudepigrapha<\/em>, vol. 1. New York 1983.<\/span><\/li><li><span data-nosnippet>Russell, Jeffrey Burton: <em>Satan<\/em>, vol. 2. Ithaca 1981.<\/span><\/li><li><span data-nosnippet>Forsyth, Neil: <em>The Old Enemy<\/em>. Princeton 1987.<\/span><\/li><li><span data-nosnippet>Gaster, Theodor H.: \u201eBeelzebul.&#8221; I: <em>Dictionary of Deities and Demons in the Bible<\/em>. 2:a uppl. Leiden 1999.<\/span><\/li><\/ul><\/footer>\t\t\t\t\t\t\t\t<\/div>\n\t\t\t\t<\/div>\n\t\t\t\t\t<\/div>\n\t\t\t\t<\/div>\n\t\t<div class=\"elementor-element elementor-element-8736371 e-con-boxed e-flex e-con e-parent\" data-id=\"8736371\" data-element_type=\"container\" data-e-type=\"container\">\n\t\t\t\t\t<div class=\"e-con-inner\">\n\t\t\t\t<div class=\"elementor-element elementor-element-889d9ff elementor-widget elementor-widget-text-editor\" data-id=\"889d9ff\" data-element_type=\"widget\" data-e-type=\"widget\" data-widget_type=\"text-editor.default\">\n\t\t\t\t\t\t\t\t\t\n<h2>Vanliga fr\u00e5gor om Beelsebub<\/h2>\n<div class=\"iwg-faq-q\"><h3>Vem \u00e4r Beelsebub?<\/h3><p>Beelsebub (hebreiska Baal-Zebub, Flugornas herre) var ursprungligen stadsguden i det filisteiska Ekron, h\u00e5nad i 2 Kungaboken (1:2-6). I Nya testamentet \u00e4r Beelsebub ett av Satans binamn (Markus 3:22). I det medeltida grimoiresystemet (Lemegeton, H\u00e4xhammaren) framtr\u00e4der Beelsebub som en av de h\u00f6gsta helvetesfurstarna, ofta som nummer tv\u00e5 efter Satan eller Lucifer.<\/p><\/div>\n<div class=\"iwg-faq-q\"><h3>Vilken roll spelar Beelsebub i den demonologiska litteraturen?<\/h3><p><span data-nosnippet>I H\u00e4xhammaren (Malleus Maleficarum, 1487) och i Lemegeton (Salomos bok) \u00e4r Beelsebub en av de m\u00e4ktigaste av de 72 helvetesfurstarna. Johann Weyer tilldelar honom i sin Pseudomonarchia Daemonum (1577) \u00f6verbef\u00e4let \u00f6ver den \u00f6stra helvetesarm\u00e9n. I den kristet-folkliga f\u00f6rest\u00e4llningen \u00e4r han flugornas herre, vilket mytiskt syftar p\u00e5 lukten av f\u00f6rruttnelse och sjukdom.<\/span><\/p><\/div>\n<script type=\"application\/ld+json\">{\"@context\":\"https:\/\/schema.org\",\"@type\":\"FAQPage\",\"mainEntity\":[{\"@type\":\"Question\",\"name\":\"Vem \u00e4r Beelsebub?\",\"acceptedAnswer\":{\"@type\":\"Answer\",\"text\":\"Beelsebub (hebreiska Baal-Zebub, Flugornas herre) var ursprungligen stadsguden i det filisteiska Ekron \\u2014 h\u00e5nad i 2 Kungaboken (1:2-6). I Nya testamentet \u00e4r Beelsebub ett av Satans binamn (Markus 3:22). I det medeltida grimoiresystemet (Lemegeton, H\u00e4xhammaren) framtr\u00e4der Beelsebub som en av de h\u00f6gsta helvetesfurstarna \\u2014 ofta som nummer tv\u00e5 efter Satan eller Lucifer.\"}},{\"@type\":\"Question\",\"name\":\"Vilken roll spelar Beelsebub i den demonologiska litteraturen?\",\"acceptedAnswer\":{\"@type\":\"Answer\",\"text\":\"I H\u00e4xhammaren (Malleus Maleficarum, 1487) och i Lemegeton (Salomos bok) \u00e4r Beelsebub en av de m\u00e4ktigaste av de 72 helvetesfurstarna. Johann Weyer tilldelar honom i sin Pseudomonarchia Daemonum (1577) \u00f6verbef\u00e4let \u00f6ver den \u00f6stra helvetesarm\u00e9n. I den kristet-folkliga f\u00f6rest\u00e4llningen \u00e4r han flugornas herre \\u2014 vilket mytiskt syftar p\u00e5 lukten av f\u00f6rruttnelse och sjukdom.\"}}]}<\/script>\t\t\t\t\t\t\t\t<\/div>\n\t\t\t\t\t<\/div>\n\t\t\t\t<\/div>\n\t\t\t\t<\/div>\n\t\t","protected":false},"excerpt":{"rendered":"","protected":false},"author":3,"featured_media":1563,"parent":0,"menu_order":0,"comment_status":"closed","ping_status":"closed","template":"elementor_header_footer","meta":{"_yoast_wpseo_focuskw":"Beelzebub","_yoast_wpseo_title":"Beelzebub \u2013 \"flugornas herre\", demoniserad fr\u00e4mmande gud","_yoast_wpseo_metadesc":"Beelzebub \u00e4r ett av de mest sl\u00e5ende exemplen p\u00e5 en figurtransformation i religionshistorien: ursprungligen en lokal gud","_yoast_wpseo_meta-robots-noindex":"","_yoast_wpseo_canonical":"","_angie_page":false,"gefaehrdungsstufe":"5","wesen_kultur":"christentum","wesen_klasse":"daemonen","footnotes":""},"categories":[],"class_list":["post-136522","page","type-page","status-publish","has-post-thumbnail","hentry"],"yoast_head":"<!-- This site is optimized with the Yoast SEO Premium plugin v27.7 (Yoast SEO v28.3) - https:\/\/yoast.com\/product\/yoast-seo-premium-wordpress\/ -->\n<title>Beelzebub \u2013 &quot;flugornas herre&quot;, demoniserad fr\u00e4mmande gud<\/title>\n<meta name=\"description\" content=\"Beelzebub \u00e4r ett av de mest sl\u00e5ende exemplen p\u00e5 en figurtransformation i religionshistorien: ursprungligen en lokal gud\" \/>\n<meta name=\"robots\" content=\"index, follow, max-snippet:-1, max-image-preview:large, max-video-preview:-1\" \/>\n<link rel=\"canonical\" href=\"https:\/\/iwell-guard.com\/sv\/beelzebub\/\" \/>\n<meta property=\"og:locale\" content=\"sv_SE\" \/>\n<meta property=\"og:type\" content=\"article\" \/>\n<meta property=\"og:title\" content=\"Beelzebub\" \/>\n<meta property=\"og:description\" content=\"Beelzebub \u00e4r ett av de mest sl\u00e5ende exemplen p\u00e5 en figurtransformation i religionshistorien: ursprungligen en lokal gud\" \/>\n<meta property=\"og:url\" content=\"https:\/\/iwell-guard.com\/sv\/beelzebub\/\" \/>\n<meta property=\"og:site_name\" content=\"iWell Guard\" \/>\n<meta property=\"article:modified_time\" content=\"2026-09-03T01:04:58+00:00\" \/>\n<meta property=\"og:image\" content=\"https:\/\/iwell-guard.com\/wp-content\/uploads\/2026\/04\/goetter_christentum_beelzebub.webp\" \/>\n\t<meta property=\"og:image:width\" content=\"1024\" \/>\n\t<meta property=\"og:image:height\" content=\"1536\" \/>\n\t<meta property=\"og:image:type\" content=\"image\/webp\" \/>\n<meta name=\"twitter:card\" content=\"summary_large_image\" \/>\n<script type=\"application\/ld+json\" class=\"yoast-schema-graph\">{\"@context\":\"https:\\\/\\\/schema.org\",\"@graph\":[{\"@type\":\"WebPage\",\"@id\":\"https:\\\/\\\/iwell-guard.com\\\/sv\\\/beelzebub\\\/\",\"url\":\"https:\\\/\\\/iwell-guard.com\\\/sv\\\/beelzebub\\\/\",\"name\":\"Beelzebub \u2013 \\\"flugornas herre\\\", demoniserad fr\u00e4mmande gud\",\"isPartOf\":{\"@id\":\"https:\\\/\\\/iwell-guard.com\\\/sv\\\/#website\"},\"primaryImageOfPage\":{\"@id\":\"https:\\\/\\\/iwell-guard.com\\\/sv\\\/beelzebub\\\/#primaryimage\"},\"image\":{\"@id\":\"https:\\\/\\\/iwell-guard.com\\\/sv\\\/beelzebub\\\/#primaryimage\"},\"thumbnailUrl\":\"https:\\\/\\\/iwell-guard.com\\\/wp-content\\\/uploads\\\/2026\\\/04\\\/goetter_christentum_beelzebub.webp\",\"datePublished\":\"2026-09-03T00:07:46+00:00\",\"dateModified\":\"2026-09-03T01:04:58+00:00\",\"description\":\"Beelzebub \u00e4r ett av de mest sl\u00e5ende exemplen p\u00e5 en figurtransformation i religionshistorien: ursprungligen en lokal gud\",\"breadcrumb\":{\"@id\":\"https:\\\/\\\/iwell-guard.com\\\/sv\\\/beelzebub\\\/#breadcrumb\"},\"inLanguage\":\"sv-SE\",\"potentialAction\":[{\"@type\":\"ReadAction\",\"target\":[\"https:\\\/\\\/iwell-guard.com\\\/sv\\\/beelzebub\\\/\"]}]},{\"@type\":\"ImageObject\",\"inLanguage\":\"sv-SE\",\"@id\":\"https:\\\/\\\/iwell-guard.com\\\/sv\\\/beelzebub\\\/#primaryimage\",\"url\":\"https:\\\/\\\/iwell-guard.com\\\/wp-content\\\/uploads\\\/2026\\\/04\\\/goetter_christentum_beelzebub.webp\",\"contentUrl\":\"https:\\\/\\\/iwell-guard.com\\\/wp-content\\\/uploads\\\/2026\\\/04\\\/goetter_christentum_beelzebub.webp\",\"width\":1024,\"height\":1536,\"caption\":\"Gudar fr\u00e5n kristendomens tradition.\"},{\"@type\":\"BreadcrumbList\",\"@id\":\"https:\\\/\\\/iwell-guard.com\\\/sv\\\/beelzebub\\\/#breadcrumb\",\"itemListElement\":[{\"@type\":\"ListItem\",\"position\":1,\"name\":\"Start\",\"item\":\"https:\\\/\\\/iwell-guard.com\\\/sv\\\/?page_id=136483\"},{\"@type\":\"ListItem\",\"position\":2,\"name\":\"Beelzebub\"}]},{\"@type\":\"WebSite\",\"@id\":\"https:\\\/\\\/iwell-guard.com\\\/sv\\\/#website\",\"url\":\"https:\\\/\\\/iwell-guard.com\\\/sv\\\/\",\"name\":\"iWell Guard\",\"description\":\"Schutz vor dunklen Einfl\u00fcssen\",\"publisher\":{\"@id\":\"https:\\\/\\\/iwell-guard.com\\\/sv\\\/#organization\"},\"potentialAction\":[{\"@type\":\"SearchAction\",\"target\":{\"@type\":\"EntryPoint\",\"urlTemplate\":\"https:\\\/\\\/iwell-guard.com\\\/sv\\\/?s={search_term_string}\"},\"query-input\":{\"@type\":\"PropertyValueSpecification\",\"valueRequired\":true,\"valueName\":\"search_term_string\"}}],\"inLanguage\":\"sv-SE\"},{\"@type\":\"Organization\",\"@id\":\"https:\\\/\\\/iwell-guard.com\\\/sv\\\/#organization\",\"name\":\"Ittermann electronic GmbH\",\"url\":\"https:\\\/\\\/iwell-guard.com\\\/sv\\\/\",\"logo\":{\"@type\":\"ImageObject\",\"inLanguage\":\"sv-SE\",\"@id\":\"https:\\\/\\\/iwell-guard.com\\\/sv\\\/#\\\/schema\\\/logo\\\/image\\\/\",\"url\":\"https:\\\/\\\/iwell-guard.com\\\/wp-content\\\/uploads\\\/2026\\\/05\\\/Ittermann-Logo-1182x237-1.png\",\"contentUrl\":\"https:\\\/\\\/iwell-guard.com\\\/wp-content\\\/uploads\\\/2026\\\/05\\\/Ittermann-Logo-1182x237-1.png\",\"width\":1182,\"height\":237,\"caption\":\"Ittermann electronic GmbH\"},\"image\":{\"@id\":\"https:\\\/\\\/iwell-guard.com\\\/sv\\\/#\\\/schema\\\/logo\\\/image\\\/\"},\"sameAs\":[\"https:\\\/\\\/pantip.com\\\/profile\\\/9367242\",\"https:\\\/\\\/micro.blog\\\/iwellguard\",\"https:\\\/\\\/www.diggerslist.com\\\/iwellguard\\\/about\",\"https:\\\/\\\/skitterphoto.com\\\/photographers\\\/2870314\\\/iwell-guard\",\"https:\\\/\\\/iwellguard.wordpress.com\\\/2026\\\/06\\\/06\\\/iwell-guard\\\/\",\"https:\\\/\\\/hub.docker.com\\\/u\\\/iwellguard\",\"https:\\\/\\\/www.pinterest.com\\\/iwellguard\\\/\",\"https:\\\/\\\/bit.ly\\\/m\\\/iwellguard\",\"https:\\\/\\\/entre-vos-mains.alsace.eu\\\/profiles\\\/iwellguard\\\/activity\",\"https:\\\/\\\/gravatar.com\\\/reallybeded8fd34\",\"https:\\\/\\\/naijamatta.com\\\/iwellguard\",\"https:\\\/\\\/www.goodreads.com\\\/iwellguard\",\"https:\\\/\\\/profile.hatena.ne.jp\\\/iwellguard\\\/\",\"https:\\\/\\\/experiment.com\\\/users\\\/iwellguard\",\"https:\\\/\\\/wakelet.com\\\/@iWellGuard82270\",\"https:\\\/\\\/www.chordie.com\\\/forum\\\/profile.php?id=2555664\",\"https:\\\/\\\/www.instapaper.com\\\/p\\\/17757966\",\"https:\\\/\\\/www.mapleprimes.com\\\/users\\\/iwellguard\",\"https:\\\/\\\/businesslistingplus.com\\\/profile\\\/iwell-guard\\\/\",\"https:\\\/\\\/telegra.ph\\\/iWell-Guard-06-06\",\"https:\\\/\\\/pbase.com\\\/iwellguard\\\/iwellguard\",\"https:\\\/\\\/b.hatena.ne.jp\\\/iwellguard\\\/20260607#bookmark-4788405196491818882\",\"https:\\\/\\\/fliphtml5.com\\\/home\\\/iwellguard\",\"https:\\\/\\\/anyflip.com\\\/homepage\\\/cmiwl#About\",\"https:\\\/\\\/transfur.com\\\/Users\\\/iwellguard\",\"http:\\\/\\\/delphi.larsbo.org\\\/user\\\/iwellguard\",\"https:\\\/\\\/jobs.lajobsportal.org\\\/profiles\\\/8380803-iwell-guard\",\"https:\\\/\\\/md.chaosdorf.de\\\/s\\\/jfbe5SBdJD\",\"https:\\\/\\\/www.lingvolive.com\\\/en-us\\\/profile\\\/9ecaeaca-ce11-4e51-9e71-01d55e2bff36\\\/translations\",\"https:\\\/\\\/www.fitday.com\\\/fitness\\\/forums\\\/members\\\/iwellguard.html\",\"https:\\\/\\\/www.mymeetbook.com\\\/iwellguard\",\"https:\\\/\\\/pxhere.com\\\/en\\\/photographer-me\\\/5040798\",\"https:\\\/\\\/disqus.com\\\/by\\\/iwellguard\\\/about\\\/\",\"https:\\\/\\\/pastelink.net\\\/hjwciqwq\",\"https:\\\/\\\/pubhtml5.com\\\/homepage\\\/scjhn\\\/\",\"https:\\\/\\\/www.bitchute.com\\\/channel\\\/2O2eOKzNqujT\",\"https:\\\/\\\/audiomack.com\\\/iwellguard\"]},{\"@type\":\"Article\",\"@id\":\"https:\\\/\\\/iwell-guard.com\\\/sv\\\/beelzebub\\\/#article\",\"isPartOf\":{\"@id\":\"https:\\\/\\\/iwell-guard.com\\\/sv\\\/beelzebub\\\/\"},\"author\":{\"name\":\"Ralf Ittermann\",\"@id\":\"https:\\\/\\\/iwell-guard.com\\\/sv\\\/#\\\/schema\\\/person\\\/ee2a27f1cac3406c7c6fb5820cb7349f\"},\"headline\":\"Beelzebub\",\"datePublished\":\"2026-09-03T00:07:46+00:00\",\"dateModified\":\"2026-09-03T01:04:58+00:00\",\"mainEntityOfPage\":{\"@id\":\"https:\\\/\\\/iwell-guard.com\\\/sv\\\/beelzebub\\\/\"},\"publisher\":{\"@id\":\"https:\\\/\\\/iwell-guard.com\\\/sv\\\/#organization\"},\"image\":{\"@id\":\"https:\\\/\\\/iwell-guard.com\\\/sv\\\/beelzebub\\\/#primaryimage\"},\"thumbnailUrl\":\"https:\\\/\\\/iwell-guard.com\\\/wp-content\\\/uploads\\\/2026\\\/04\\\/goetter_christentum_beelzebub.webp\",\"inLanguage\":\"sv-SE\",\"description\":\"Beelzebub \u00e4r ett av de mest sl\u00e5ende exemplen p\u00e5 en figurtransformation i religionshistorien: ursprungligen en lokal gud\"}]}<\/script>\n<!-- \/ Yoast SEO Premium plugin. -->","yoast_head_json":{"title":"Beelzebub \u2013 \"flugornas herre\", demoniserad fr\u00e4mmande gud","description":"Beelzebub \u00e4r ett av de mest sl\u00e5ende exemplen p\u00e5 en figurtransformation i religionshistorien: ursprungligen en lokal gud","robots":{"index":"index","follow":"follow","max-snippet":"max-snippet:-1","max-image-preview":"max-image-preview:large","max-video-preview":"max-video-preview:-1"},"canonical":"https:\/\/iwell-guard.com\/sv\/beelzebub\/","og_locale":"sv_SE","og_type":"article","og_title":"Beelzebub","og_description":"Beelzebub \u00e4r ett av de mest sl\u00e5ende exemplen p\u00e5 en figurtransformation i religionshistorien: ursprungligen en lokal gud","og_url":"https:\/\/iwell-guard.com\/sv\/beelzebub\/","og_site_name":"iWell Guard","article_modified_time":"2026-09-03T01:04:58+00:00","og_image":[{"width":1024,"height":1536,"url":"https:\/\/iwell-guard.com\/wp-content\/uploads\/2026\/04\/goetter_christentum_beelzebub.webp","type":"image\/webp"}],"twitter_card":"summary_large_image","schema":{"@context":"https:\/\/schema.org","@graph":[{"@type":"Article","@id":"https:\/\/iwell-guard.com\/sv\/beelzebub\/#article","isPartOf":{"@id":"https:\/\/iwell-guard.com\/sv\/beelzebub\/"},"author":{"name":"Ralf Ittermann","@id":"https:\/\/iwell-guard.com\/sv\/#\/schema\/person\/ee2a27f1cac3406c7c6fb5820cb7349f"},"headline":"Beelzebub","datePublished":"2026-09-03T00:07:46+00:00","dateModified":"2026-09-03T01:04:58+00:00","mainEntityOfPage":{"@id":"https:\/\/iwell-guard.com\/sv\/beelzebub\/"},"publisher":{"@id":"https:\/\/iwell-guard.com\/sv\/#organization"},"image":{"@id":"https:\/\/iwell-guard.com\/sv\/beelzebub\/#primaryimage"},"thumbnailUrl":"https:\/\/iwell-guard.com\/wp-content\/uploads\/2026\/04\/goetter_christentum_beelzebub.webp","inLanguage":"sv-SE","description":"Beelzebub \u00e4r ett av de mest sl\u00e5ende exemplen p\u00e5 en figurtransformation i religionshistorien: ursprungligen en lokal gud"},{"@type":"WebPage","@id":"https:\/\/iwell-guard.com\/sv\/beelzebub\/","url":"https:\/\/iwell-guard.com\/sv\/beelzebub\/","name":"Beelzebub \u2013 \"flugornas herre\", demoniserad fr\u00e4mmande gud","isPartOf":{"@id":"https:\/\/iwell-guard.com\/sv\/#website"},"primaryImageOfPage":{"@id":"https:\/\/iwell-guard.com\/sv\/beelzebub\/#primaryimage"},"image":{"@id":"https:\/\/iwell-guard.com\/sv\/beelzebub\/#primaryimage"},"thumbnailUrl":"https:\/\/iwell-guard.com\/wp-content\/uploads\/2026\/04\/goetter_christentum_beelzebub.webp","datePublished":"2026-09-03T00:07:46+00:00","dateModified":"2026-09-03T01:04:58+00:00","description":"Beelzebub \u00e4r ett av de mest sl\u00e5ende exemplen p\u00e5 en figurtransformation i religionshistorien: ursprungligen en lokal gud","breadcrumb":{"@id":"https:\/\/iwell-guard.com\/sv\/beelzebub\/#breadcrumb"},"inLanguage":"sv-SE","potentialAction":[{"@type":"ReadAction","target":["https:\/\/iwell-guard.com\/sv\/beelzebub\/"]}]},{"@type":"ImageObject","inLanguage":"sv-SE","@id":"https:\/\/iwell-guard.com\/sv\/beelzebub\/#primaryimage","url":"https:\/\/iwell-guard.com\/wp-content\/uploads\/2026\/04\/goetter_christentum_beelzebub.webp","contentUrl":"https:\/\/iwell-guard.com\/wp-content\/uploads\/2026\/04\/goetter_christentum_beelzebub.webp","width":1024,"height":1536,"caption":"Gudar fr\u00e5n kristendomens tradition."},{"@type":"BreadcrumbList","@id":"https:\/\/iwell-guard.com\/sv\/beelzebub\/#breadcrumb","itemListElement":[{"@type":"ListItem","position":1,"name":"Start","item":"https:\/\/iwell-guard.com\/sv\/?page_id=136483"},{"@type":"ListItem","position":2,"name":"Beelzebub"}]},{"@type":"WebSite","@id":"https:\/\/iwell-guard.com\/sv\/#website","url":"https:\/\/iwell-guard.com\/sv\/","name":"iWell Guard","description":"Schutz vor dunklen Einfl\u00fcssen","publisher":{"@id":"https:\/\/iwell-guard.com\/sv\/#organization"},"potentialAction":[{"@type":"SearchAction","target":{"@type":"EntryPoint","urlTemplate":"https:\/\/iwell-guard.com\/sv\/?s={search_term_string}"},"query-input":{"@type":"PropertyValueSpecification","valueRequired":true,"valueName":"search_term_string"}}],"inLanguage":"sv-SE"},{"@type":"Organization","@id":"https:\/\/iwell-guard.com\/sv\/#organization","name":"Ittermann electronic GmbH","url":"https:\/\/iwell-guard.com\/sv\/","logo":{"@type":"ImageObject","inLanguage":"sv-SE","@id":"https:\/\/iwell-guard.com\/sv\/#\/schema\/logo\/image\/","url":"https:\/\/iwell-guard.com\/wp-content\/uploads\/2026\/05\/Ittermann-Logo-1182x237-1.png","contentUrl":"https:\/\/iwell-guard.com\/wp-content\/uploads\/2026\/05\/Ittermann-Logo-1182x237-1.png","width":1182,"height":237,"caption":"Ittermann electronic GmbH"},"image":{"@id":"https:\/\/iwell-guard.com\/sv\/#\/schema\/logo\/image\/"},"sameAs":["https:\/\/pantip.com\/profile\/9367242","https:\/\/micro.blog\/iwellguard","https:\/\/www.diggerslist.com\/iwellguard\/about","https:\/\/skitterphoto.com\/photographers\/2870314\/iwell-guard","https:\/\/iwellguard.wordpress.com\/2026\/06\/06\/iwell-guard\/","https:\/\/hub.docker.com\/u\/iwellguard","https:\/\/www.pinterest.com\/iwellguard\/","https:\/\/bit.ly\/m\/iwellguard","https:\/\/entre-vos-mains.alsace.eu\/profiles\/iwellguard\/activity","https:\/\/gravatar.com\/reallybeded8fd34","https:\/\/naijamatta.com\/iwellguard","https:\/\/www.goodreads.com\/iwellguard","https:\/\/profile.hatena.ne.jp\/iwellguard\/","https:\/\/experiment.com\/users\/iwellguard","https:\/\/wakelet.com\/@iWellGuard82270","https:\/\/www.chordie.com\/forum\/profile.php?id=2555664","https:\/\/www.instapaper.com\/p\/17757966","https:\/\/www.mapleprimes.com\/users\/iwellguard","https:\/\/businesslistingplus.com\/profile\/iwell-guard\/","https:\/\/telegra.ph\/iWell-Guard-06-06","https:\/\/pbase.com\/iwellguard\/iwellguard","https:\/\/b.hatena.ne.jp\/iwellguard\/20260607#bookmark-4788405196491818882","https:\/\/fliphtml5.com\/home\/iwellguard","https:\/\/anyflip.com\/homepage\/cmiwl#About","https:\/\/transfur.com\/Users\/iwellguard","http:\/\/delphi.larsbo.org\/user\/iwellguard","https:\/\/jobs.lajobsportal.org\/profiles\/8380803-iwell-guard","https:\/\/md.chaosdorf.de\/s\/jfbe5SBdJD","https:\/\/www.lingvolive.com\/en-us\/profile\/9ecaeaca-ce11-4e51-9e71-01d55e2bff36\/translations","https:\/\/www.fitday.com\/fitness\/forums\/members\/iwellguard.html","https:\/\/www.mymeetbook.com\/iwellguard","https:\/\/pxhere.com\/en\/photographer-me\/5040798","https:\/\/disqus.com\/by\/iwellguard\/about\/","https:\/\/pastelink.net\/hjwciqwq","https:\/\/pubhtml5.com\/homepage\/scjhn\/","https:\/\/www.bitchute.com\/channel\/2O2eOKzNqujT","https:\/\/audiomack.com\/iwellguard"]},{"@type":"Person","@id":"https:\/\/iwell-guard.com\/sv\/#\/schema\/person\/ee2a27f1cac3406c7c6fb5820cb7349f","name":"Ralf Ittermann","image":{"@type":"ImageObject","inLanguage":"sv-SE","@id":"https:\/\/secure.gravatar.com\/avatar\/073c0153e350a5005b68eb752b445fea71f6b24a26da9449ad7e155e6b446c9d?s=96&d=mm&r=g","url":"https:\/\/secure.gravatar.com\/avatar\/073c0153e350a5005b68eb752b445fea71f6b24a26da9449ad7e155e6b446c9d?s=96&d=mm&r=g","contentUrl":"https:\/\/secure.gravatar.com\/avatar\/073c0153e350a5005b68eb752b445fea71f6b24a26da9449ad7e155e6b446c9d?s=96&d=mm&r=g","caption":"Ralf Ittermann"},"givenName":"Ralf","familyName":"Ittermann","jobTitle":"Gesch\u00e4ftsf\u00fchrer und redaktioneller Verantwortlicher","url":"https:\/\/iwell-guard.com\/sv\/author\/claude\/","description":"Ralf Ittermann ist Gesch\u00e4ftsf\u00fchrer der Ittermann electronic GmbH und redaktioneller Verantwortlicher des iWell-Guard-Lexikons. Er verbindet langj\u00e4hrige Erfahrung in der Pr\u00e4zisionsfertigung mit medialer Praxis und religionsgeschichtlicher Quellenarbeit.","worksFor":{"@type":"Organization","name":"Ittermann electronic GmbH","url":"https:\/\/ittermann.de\/","address":{"@type":"PostalAddress","streetAddress":"K\u00f6hlergasse 16-18","postalCode":"99842","addressLocality":"Ruhla","addressCountry":"DE"}},"knowsAbout":["Religionsgeschichte","Mythologie","Mediale Praxis","Energetische Diagnostik","Schutzpraxis","Volksglauben","Westliche Esoterik"]},{"@type":"Article","@id":"https:\/\/iwell-guard.com\/sv\/beelzebub\/#article","isPartOf":{"@id":"https:\/\/iwell-guard.com\/sv\/beelzebub\/"},"author":{"name":"Ralf Ittermann","@id":"https:\/\/iwell-guard.com\/sv\/#\/schema\/person\/ee2a27f1cac3406c7c6fb5820cb7349f"},"headline":"Beelzebub","datePublished":"2026-09-03T00:07:46+00:00","dateModified":"2026-09-03T01:04:58+00:00","mainEntityOfPage":{"@id":"https:\/\/iwell-guard.com\/sv\/beelzebub\/"},"publisher":{"@id":"https:\/\/iwell-guard.com\/sv\/#organization"},"image":{"@id":"https:\/\/iwell-guard.com\/sv\/beelzebub\/#primaryimage"},"thumbnailUrl":"https:\/\/iwell-guard.com\/wp-content\/uploads\/2026\/04\/goetter_christentum_beelzebub.webp","inLanguage":"sv-SE","description":"Beelzebub \u00e4r ett av de mest sl\u00e5ende exemplen p\u00e5 en figurtransformation i religionshistorien: ursprungligen en lokal gud"}]}},"_links":{"self":[{"href":"https:\/\/iwell-guard.com\/sv\/wp-json\/wp\/v2\/pages\/136522","targetHints":{"allow":["GET"]}}],"collection":[{"href":"https:\/\/iwell-guard.com\/sv\/wp-json\/wp\/v2\/pages"}],"about":[{"href":"https:\/\/iwell-guard.com\/sv\/wp-json\/wp\/v2\/types\/page"}],"author":[{"embeddable":true,"href":"https:\/\/iwell-guard.com\/sv\/wp-json\/wp\/v2\/users\/3"}],"replies":[{"embeddable":true,"href":"https:\/\/iwell-guard.com\/sv\/wp-json\/wp\/v2\/comments?post=136522"}],"version-history":[{"count":0,"href":"https:\/\/iwell-guard.com\/sv\/wp-json\/wp\/v2\/pages\/136522\/revisions"}],"wp:featuredmedia":[{"embeddable":true,"href":"https:\/\/iwell-guard.com\/sv\/wp-json\/wp\/v2\/media\/1563"}],"wp:attachment":[{"href":"https:\/\/iwell-guard.com\/sv\/wp-json\/wp\/v2\/media?parent=136522"}],"wp:term":[{"taxonomy":"category","embeddable":true,"href":"https:\/\/iwell-guard.com\/sv\/wp-json\/wp\/v2\/categories?post=136522"}],"curies":[{"name":"wp","href":"https:\/\/api.w.org\/{rel}","templated":true}]}}